{"id":106873,"date":"2022-11-16T07:43:42","date_gmt":"2022-11-16T07:43:42","guid":{"rendered":"https:\/\/www.leeb-balkone.com\/de\/?post_type=tribe_events&#038;p=106873"},"modified":"2025-09-01T13:08:34","modified_gmt":"2025-09-01T13:08:34","slug":"haushof-fuerstenfeldbruck","status":"publish","type":"tribe_events","link":"https:\/\/www.leeb-balkone.com\/de\/messe\/haushof-fuerstenfeldbruck\/","title":{"rendered":"Haus+Hof F\u00fcrstenfeldbruck"},"content":{"rendered":"<p>Die Haus+Hof in F\u00fcrstenfeldbruck (vorher Bau- &amp; Energietage) ist eine Messe zum Thema Bauen, Energie und Handwerk. Zahlreiche ausgew\u00e4hlte Aussteller aus den Bereichen Wohnungsbau, Sanierung, F\u00f6rderm\u00f6glichkeiten, Energie und Nachhaltigkeit pr\u00e4sentieren sich auf der Haus+Hof Messe F\u00fcrstenfeldbruck und geben Einblicke in ihre Produkte, Dienstleistungen und innovative Ideen aus den Bereichen Bauen und Handwerk, sowie Innovation und alles was Sie zum Wohnen und Einrichten Ihres Hauses und Ihres Gartens ben\u00f6tigen. Das interessante Rahmenprogramm der Haus+Hof in F\u00fcrstenfeldbruck bietet nicht nur wertvolle Beitr\u00e4ge mit Informationen zu den Themen Innovation, Wohnen und Leben, sondern macht dar\u00fcber hinaus aktuelle Ideen und Innovation erLEEBbar.<\/p>\n","protected":false},"excerpt":{"rendered":"","protected":false},"author":3,"featured_media":106875,"template":"","meta":{"_acf_changed":false,"_tribe_events_status":"","_tribe_events_status_reason":"","_tribe_events_is_hybrid":"","_tribe_events_is_virtual":"","_tribe_events_virtual_video_source":"","_tribe_events_virtual_embed_video":"","_tribe_events_virtual_linked_button_text":"","_tribe_events_virtual_linked_button":"","_tribe_events_virtual_show_embed_at":"","_tribe_events_virtual_show_embed_to":[],"_tribe_events_virtual_show_on_event":"","_tribe_events_virtual_show_on_views":"","_tribe_events_virtual_url":"","footnotes":""},"tags":[],"tribe_events_cat":[],"class_list":["post-106873","tribe_events","type-tribe_events","status-publish","has-post-thumbnail","hentry"],"acf":[],"yoast_head":"<!-- This site is optimized with the Yoast SEO plugin v27.2 - https:\/\/yoast.com\/product\/yoast-seo-wordpress\/ -->\n<title>Haus+Hof F\u00fcrstenfeldbruck - Leeb Balkone Deutschland<\/title>\n<meta name=\"description\" content=\"Die Haus+Hof in F\u00fcrstenfeldbruck (vorher Bau- &amp; Energietage) ist eine Messe zum Thema Bauen, Energie und Handwerk. Zahlreiche ausgew\u00e4hlte Aussteller\" \/>\n<meta name=\"robots\" content=\"index, follow, max-snippet:-1, max-image-preview:large, max-video-preview:-1\" \/>\n<meta property=\"og:locale\" content=\"de_DE\" \/>\n<meta property=\"og:type\" content=\"article\" \/>\n<meta property=\"og:title\" content=\"Haus+Hof F\u00fcrstenfeldbruck - Leeb Balkone\" \/>\n<meta property=\"og:description\" content=\"Die Haus+Hof in F\u00fcrstenfeldbruck (vorher Bau- &amp; Energietage) ist eine Messe zum Thema Bauen, Energie und Handwerk. Zahlreiche ausgew\u00e4hlte Aussteller\" \/>\n<meta property=\"og:url\" content=\"https:\/\/www.leeb-balkone.com\/de\/messe\/haushof-fuerstenfeldbruck\/\" \/>\n<meta property=\"og:site_name\" content=\"Leeb Balkone\" \/>\n<meta property=\"article:publisher\" content=\"https:\/\/www.facebook.com\/balkone\/\" \/>\n<meta property=\"article:modified_time\" content=\"2025-09-01T13:08:34+00:00\" \/>\n<meta property=\"og:image\" content=\"https:\/\/www.leeb-balkone.com\/app\/uploads\/2022\/11\/Haushof-Fuerstenfeldbruck.jpeg\" \/>\n\t<meta property=\"og:image:width\" content=\"750\" \/>\n\t<meta property=\"og:image:height\" content=\"208\" \/>\n\t<meta property=\"og:image:type\" content=\"image\/jpeg\" \/>\n<meta name=\"twitter:card\" content=\"summary_large_image\" \/>\n<script type=\"application\/ld+json\" class=\"yoast-schema-graph\">{\"@context\":\"https:\/\/schema.org\",\"@graph\":[{\"@type\":\"WebPage\",\"@id\":\"https:\/\/www.leeb-balkone.com\/de\/messe\/haushof-fuerstenfeldbruck\/\",\"url\":\"https:\/\/www.leeb-balkone.com\/de\/messe\/haushof-fuerstenfeldbruck\/\",\"name\":\"Haus+Hof F\u00fcrstenfeldbruck - Leeb Balkone\",\"isPartOf\":{\"@id\":\"https:\/\/www.leeb-balkone.com\/de\/#website\"},\"primaryImageOfPage\":{\"@id\":\"https:\/\/www.leeb-balkone.com\/de\/messe\/haushof-fuerstenfeldbruck\/#primaryimage\"},\"image\":{\"@id\":\"https:\/\/www.leeb-balkone.com\/de\/messe\/haushof-fuerstenfeldbruck\/#primaryimage\"},\"thumbnailUrl\":\"https:\/\/www.leeb-balkone.com\/app\/uploads\/2022\/11\/Haushof-Fuerstenfeldbruck.jpeg\",\"datePublished\":\"2022-11-16T07:43:42+00:00\",\"dateModified\":\"2025-09-01T13:08:34+00:00\",\"description\":\"Die Haus+Hof in F\u00fcrstenfeldbruck (vorher Bau- &amp; Energietage) ist eine Messe zum Thema Bauen, Energie und Handwerk. Zahlreiche ausgew\u00e4hlte Aussteller\",\"breadcrumb\":{\"@id\":\"https:\/\/www.leeb-balkone.com\/de\/messe\/haushof-fuerstenfeldbruck\/#breadcrumb\"},\"inLanguage\":\"de\",\"potentialAction\":[{\"@type\":\"ReadAction\",\"target\":[\"https:\/\/www.leeb-balkone.com\/de\/messe\/haushof-fuerstenfeldbruck\/\"]}]},{\"@type\":\"ImageObject\",\"inLanguage\":\"de\",\"@id\":\"https:\/\/www.leeb-balkone.com\/de\/messe\/haushof-fuerstenfeldbruck\/#primaryimage\",\"url\":\"https:\/\/www.leeb-balkone.com\/app\/uploads\/2022\/11\/Haushof-Fuerstenfeldbruck.jpeg\",\"contentUrl\":\"https:\/\/www.leeb-balkone.com\/app\/uploads\/2022\/11\/Haushof-Fuerstenfeldbruck.jpeg\",\"width\":750,\"height\":208},{\"@type\":\"BreadcrumbList\",\"@id\":\"https:\/\/www.leeb-balkone.com\/de\/messe\/haushof-fuerstenfeldbruck\/#breadcrumb\",\"itemListElement\":[{\"@type\":\"ListItem\",\"position\":1,\"name\":\"Home\",\"item\":\"https:\/\/www.leeb-balkone.com\/de\/\"},{\"@type\":\"ListItem\",\"position\":2,\"name\":\"Veranstaltungen\",\"item\":\"https:\/\/www.leeb-balkone.com\/de\/messe\/\"},{\"@type\":\"ListItem\",\"position\":3,\"name\":\"Haus+Hof F\u00fcrstenfeldbruck\"}]},{\"@type\":\"WebSite\",\"@id\":\"https:\/\/www.leeb-balkone.com\/de\/#website\",\"url\":\"https:\/\/www.leeb-balkone.com\/de\/\",\"name\":\"Leeb Balkone\",\"description\":\"Balkone und Z\u00e4une\",\"publisher\":{\"@id\":\"https:\/\/www.leeb-balkone.com\/de\/#organization\"},\"potentialAction\":[{\"@type\":\"SearchAction\",\"target\":{\"@type\":\"EntryPoint\",\"urlTemplate\":\"https:\/\/www.leeb-balkone.com\/de\/?s={search_term_string}\"},\"query-input\":{\"@type\":\"PropertyValueSpecification\",\"valueRequired\":true,\"valueName\":\"search_term_string\"}}],\"inLanguage\":\"de\"},{\"@type\":\"Organization\",\"@id\":\"https:\/\/www.leeb-balkone.com\/de\/#organization\",\"name\":\"Leeb Balkone Gmbh\",\"url\":\"https:\/\/www.leeb-balkone.com\/de\/\",\"logo\":{\"@type\":\"ImageObject\",\"inLanguage\":\"de\",\"@id\":\"https:\/\/www.leeb-balkone.com\/de\/#\/schema\/logo\/image\/\",\"url\":\"https:\/\/www.leeb-balkone.com\/app\/uploads\/2020\/11\/leeb-logo.svg\",\"contentUrl\":\"https:\/\/www.leeb-balkone.com\/app\/uploads\/2020\/11\/leeb-logo.svg\",\"width\":741,\"height\":204,\"caption\":\"Leeb Balkone Gmbh\"},\"image\":{\"@id\":\"https:\/\/www.leeb-balkone.com\/de\/#\/schema\/logo\/image\/\"},\"sameAs\":[\"https:\/\/www.facebook.com\/balkone\/\",\"https:\/\/www.trustedshops.at\/bewertung\/info_X4587CCF5833E31AFE0B11F47D86999F2.html\",\"https:\/\/www.trustedshops.de\/bewertung\/info_X7BA536A7A0BDC86D36C4718E4DCAEEEF.html\",\"https:\/\/www.google.com\/maps\/place\/?q=place_id:ChIJ5-zH19-IcEcR9HonWRTllHI\"]}]}<\/script>\n<!-- \/ Yoast SEO plugin. -->","yoast_head_json":{"title":"Haus+Hof F\u00fcrstenfeldbruck - Leeb Balkone Deutschland","description":"Die Haus+Hof in F\u00fcrstenfeldbruck (vorher Bau- &amp; Energietage) ist eine Messe zum Thema Bauen, Energie und Handwerk. Zahlreiche ausgew\u00e4hlte Aussteller","robots":{"index":"index","follow":"follow","max-snippet":"max-snippet:-1","max-image-preview":"max-image-preview:large","max-video-preview":"max-video-preview:-1"},"og_locale":"de_DE","og_type":"article","og_title":"Haus+Hof F\u00fcrstenfeldbruck - Leeb Balkone","og_description":"Die Haus+Hof in F\u00fcrstenfeldbruck (vorher Bau- &amp; Energietage) ist eine Messe zum Thema Bauen, Energie und Handwerk. Zahlreiche ausgew\u00e4hlte Aussteller","og_url":"https:\/\/www.leeb-balkone.com\/de\/messe\/haushof-fuerstenfeldbruck\/","og_site_name":"Leeb Balkone","article_publisher":"https:\/\/www.facebook.com\/balkone\/","article_modified_time":"2025-09-01T13:08:34+00:00","og_image":[{"width":750,"height":208,"url":"https:\/\/www.leeb-balkone.com\/app\/uploads\/2022\/11\/Haushof-Fuerstenfeldbruck.jpeg","type":"image\/jpeg"}],"twitter_card":"summary_large_image","schema":{"@context":"https:\/\/schema.org","@graph":[{"@type":"WebPage","@id":"https:\/\/www.leeb-balkone.com\/de\/messe\/haushof-fuerstenfeldbruck\/","url":"https:\/\/www.leeb-balkone.com\/de\/messe\/haushof-fuerstenfeldbruck\/","name":"Haus+Hof F\u00fcrstenfeldbruck - Leeb Balkone","isPartOf":{"@id":"https:\/\/www.leeb-balkone.com\/de\/#website"},"primaryImageOfPage":{"@id":"https:\/\/www.leeb-balkone.com\/de\/messe\/haushof-fuerstenfeldbruck\/#primaryimage"},"image":{"@id":"https:\/\/www.leeb-balkone.com\/de\/messe\/haushof-fuerstenfeldbruck\/#primaryimage"},"thumbnailUrl":"https:\/\/www.leeb-balkone.com\/app\/uploads\/2022\/11\/Haushof-Fuerstenfeldbruck.jpeg","datePublished":"2022-11-16T07:43:42+00:00","dateModified":"2025-09-01T13:08:34+00:00","description":"Die Haus+Hof in F\u00fcrstenfeldbruck (vorher Bau- &amp; Energietage) ist eine Messe zum Thema Bauen, Energie und Handwerk. Zahlreiche ausgew\u00e4hlte Aussteller","breadcrumb":{"@id":"https:\/\/www.leeb-balkone.com\/de\/messe\/haushof-fuerstenfeldbruck\/#breadcrumb"},"inLanguage":"de","potentialAction":[{"@type":"ReadAction","target":["https:\/\/www.leeb-balkone.com\/de\/messe\/haushof-fuerstenfeldbruck\/"]}]},{"@type":"ImageObject","inLanguage":"de","@id":"https:\/\/www.leeb-balkone.com\/de\/messe\/haushof-fuerstenfeldbruck\/#primaryimage","url":"https:\/\/www.leeb-balkone.com\/app\/uploads\/2022\/11\/Haushof-Fuerstenfeldbruck.jpeg","contentUrl":"https:\/\/www.leeb-balkone.com\/app\/uploads\/2022\/11\/Haushof-Fuerstenfeldbruck.jpeg","width":750,"height":208},{"@type":"BreadcrumbList","@id":"https:\/\/www.leeb-balkone.com\/de\/messe\/haushof-fuerstenfeldbruck\/#breadcrumb","itemListElement":[{"@type":"ListItem","position":1,"name":"Home","item":"https:\/\/www.leeb-balkone.com\/de\/"},{"@type":"ListItem","position":2,"name":"Veranstaltungen","item":"https:\/\/www.leeb-balkone.com\/de\/messe\/"},{"@type":"ListItem","position":3,"name":"Haus+Hof F\u00fcrstenfeldbruck"}]},{"@type":"WebSite","@id":"https:\/\/www.leeb-balkone.com\/de\/#website","url":"https:\/\/www.leeb-balkone.com\/de\/","name":"Leeb Balkone","description":"Balkone und Z\u00e4une","publisher":{"@id":"https:\/\/www.leeb-balkone.com\/de\/#organization"},"potentialAction":[{"@type":"SearchAction","target":{"@type":"EntryPoint","urlTemplate":"https:\/\/www.leeb-balkone.com\/de\/?s={search_term_string}"},"query-input":{"@type":"PropertyValueSpecification","valueRequired":true,"valueName":"search_term_string"}}],"inLanguage":"de"},{"@type":"Organization","@id":"https:\/\/www.leeb-balkone.com\/de\/#organization","name":"Leeb Balkone Gmbh","url":"https:\/\/www.leeb-balkone.com\/de\/","logo":{"@type":"ImageObject","inLanguage":"de","@id":"https:\/\/www.leeb-balkone.com\/de\/#\/schema\/logo\/image\/","url":"https:\/\/www.leeb-balkone.com\/app\/uploads\/2020\/11\/leeb-logo.svg","contentUrl":"https:\/\/www.leeb-balkone.com\/app\/uploads\/2020\/11\/leeb-logo.svg","width":741,"height":204,"caption":"Leeb Balkone Gmbh"},"image":{"@id":"https:\/\/www.leeb-balkone.com\/de\/#\/schema\/logo\/image\/"},"sameAs":["https:\/\/www.facebook.com\/balkone\/","https:\/\/www.trustedshops.at\/bewertung\/info_X4587CCF5833E31AFE0B11F47D86999F2.html","https:\/\/www.trustedshops.de\/bewertung\/info_X7BA536A7A0BDC86D36C4718E4DCAEEEF.html","https:\/\/www.google.com\/maps\/place\/?q=place_id:ChIJ5-zH19-IcEcR9HonWRTllHI"]}]}},"_links":{"self":[{"href":"https:\/\/www.leeb-balkone.com\/de\/wp-json\/wp\/v2\/tribe_events\/106873","targetHints":{"allow":["GET"]}}],"collection":[{"href":"https:\/\/www.leeb-balkone.com\/de\/wp-json\/wp\/v2\/tribe_events"}],"about":[{"href":"https:\/\/www.leeb-balkone.com\/de\/wp-json\/wp\/v2\/types\/tribe_events"}],"author":[{"embeddable":true,"href":"https:\/\/www.leeb-balkone.com\/de\/wp-json\/wp\/v2\/users\/3"}],"version-history":[{"count":1,"href":"https:\/\/www.leeb-balkone.com\/de\/wp-json\/wp\/v2\/tribe_events\/106873\/revisions"}],"predecessor-version":[{"id":142933,"href":"https:\/\/www.leeb-balkone.com\/de\/wp-json\/wp\/v2\/tribe_events\/106873\/revisions\/142933"}],"wp:featuredmedia":[{"embeddable":true,"href":"https:\/\/www.leeb-balkone.com\/de\/wp-json\/wp\/v2\/media\/106875"}],"wp:attachment":[{"href":"https:\/\/www.leeb-balkone.com\/de\/wp-json\/wp\/v2\/media?parent=106873"}],"wp:term":[{"taxonomy":"post_tag","embeddable":true,"href":"https:\/\/www.leeb-balkone.com\/de\/wp-json\/wp\/v2\/tags?post=106873"},{"taxonomy":"tribe_events_cat","embeddable":true,"href":"https:\/\/www.leeb-balkone.com\/de\/wp-json\/wp\/v2\/tribe_events_cat?post=106873"}],"curies":[{"name":"wp","href":"https:\/\/api.w.org\/{rel}","templated":true}]}}