{"id":83710,"date":"2022-05-03T11:32:53","date_gmt":"2022-05-03T11:32:53","guid":{"rendered":"https:\/\/www.leeb-balkone.com\/de\/?page_id=83710"},"modified":"2026-04-16T12:38:34","modified_gmt":"2026-04-16T12:38:34","slug":"nachhaltigkeit-bei-leeb","status":"publish","type":"page","link":"https:\/\/www.leeb-balkone.com\/de\/ueber-leeb\/nachhaltigkeit-bei-leeb\/","title":{"rendered":"Nachhaltigkeit bei Leeb"},"content":{"rendered":"<header data-block_acf-block-69e0d847a3831 class=\"c-fh  l-mh-small c-fh--hero c-grad-l2r c-fh--div none\">\n      <img loading=\"lazy\" decoding=\"async\" width=\"2048\" height=\"1364\" src=\"https:\/\/www.leeb-balkone.com\/app\/uploads\/2022\/07\/Zentrale-Vogelperspektive-mit-Bach-scaled.jpg\" class=\"no-lazy\" alt=\"Zentrale Vogelperspektive mit Bach\" srcset=\"https:\/\/www.leeb-balkone.com\/app\/uploads\/2022\/07\/Zentrale-Vogelperspektive-mit-Bach-scaled.jpg 2048w, https:\/\/www.leeb-balkone.com\/app\/uploads\/2022\/07\/Zentrale-Vogelperspektive-mit-Bach-300x200.jpg 300w, https:\/\/www.leeb-balkone.com\/app\/uploads\/2022\/07\/Zentrale-Vogelperspektive-mit-Bach-1024x682.jpg 1024w, https:\/\/www.leeb-balkone.com\/app\/uploads\/2022\/07\/Zentrale-Vogelperspektive-mit-Bach-768x512.jpg 768w, https:\/\/www.leeb-balkone.com\/app\/uploads\/2022\/07\/Zentrale-Vogelperspektive-mit-Bach-1536x1023.jpg 1536w\" sizes=\"auto, (min-width: 1536px) 2048px, (min-width: 992px) 1536px, (min-width: 768px) 1024px, (min-width: 576px) 768px, 100vw\" \/>\n\n\n<div class=\"grid-container\">\n  <div class=\"grid-x\">\n    <div class=\"cell small-12 medium-6 medium-offset-1\">\n      <div class=\"c-fh__wrapper\">\n                              <p>Umweltfreundliches Familienunternehmen<\/p>\n                        <\/div>\n    <\/div>\n  <\/div>\n<\/div>\n  \n    \n    <\/header>\n\n\n  \n  <section class=\"wp-block-group alignfull t3-header u-max-wide t3-header-text has-white-background-color has-background has-global-padding is-layout-constrained wp-block-group-is-layout-constrained\">\n    <div class=\"wp-block-group o-grid u-md-1 u-sm-1 is-layout-flow wp-block-group-is-layout-flow\">\n  <div class=\"wp-block-group u-g-10 u-g-s-2\">\n      <div class=\"yoast-breadcrumbs\"><span><span><a href=\"https:\/\/www.leeb-balkone.com\/de\/\">Home<\/a><\/span><\/span><\/div>\n      \n    <h1>Nachhaltigkeit bei Leeb<\/h1>\n  <\/div>\n<\/div>\n  <\/section>\n\n\n\n\n\n\n<section class=\"wp-block-cgb-t3-section-block alignfull b-pt-small  is-style-bg-white\" style=\"display:inherit;min-height:inherit\">\n<div class=\"wp-block-cgb-t3-container-block none\" style=\"background-color:#fff\"><div class=\"grid-container\"><div class=\"grid-x\"><div class=\"cell small-12 medium-9 large-0 medium-offset-1 b-has-lsmb\">\n<p><span class=\"teaser\">Leeb Produkte verk\u00f6rpern als Synonym f\u00fcr Best\u00e4ndigkeit, Innovation und Design den Einklang mit der Natur. Die neuen Solar-Balkone, -Z\u00e4une und -\u00dcberdachungen sind nicht das Einzige, was uns zu einem umweltbewussten Unternehmen macht. <\/span><\/p>\n\n\n\n<p>Das Thema Nachhaltigkeit wird bei Leeb schon in der Rohstofferzeugung sowie dem Transport gro\u00dfgeschrieben, zieht sich \u00fcber die gesamte Produktion und Instandhaltung bis hin zur Unternehmenskultur.<\/p>\n\n\n\n<h2 class=\"wp-block-heading\">Nachhaltige Unternehmensphilosophie<\/h2>\n\n\n\n<p>Alles beginnt mit der grundlegenden Einstellung eines Unternehmens, seiner Gesch\u00e4ftsf\u00fchrung und dem gesamten Team. Als Familienunternehmen ist f\u00fcr uns nachhaltiges Wirtschaften eine Selbstverst\u00e4ndlichkeit. Unser Handeln ist vom Denken in Generationen gepr\u00e4gt. Von jeher waren wir bestrebt, hochwertige und langlebige Produkte zu erzeugen, um damit wertvolle Ressourcen zu schonen und einen m\u00f6glichst langen Produktlebenszyklus zu erm\u00f6glichen. Diese Grundphilosophie zeigt sich nicht nur im Gro\u00dfen, sondern auch in kleinen Dingen.<\/p>\n<\/div><\/div><\/div><\/div>\n\n\n\n<div class=\"wp-block-cgb-t3-container-block none\" style=\"background-color:none\"><div class=\"grid-container\"><div class=\"grid-x\"><div class=\"cell small-12 medium-0 large-0 b-has-pt\"><div class=\"b-sps l-mbxl\" id=\"\">\n    <div class=\"grid-container\">\n      <div class=\"grid-x\">\n              <div class=\"cell b-sps__bgimg lazyload bgx-center bgy-center small-12 medium-6 small-order-1 medium-order-1\">\n          \n            <img loading=\"lazy\" decoding=\"async\" width=\"1024\" height=\"682\" src=\"https:\/\/www.leeb-balkone.com\/app\/uploads\/2022\/07\/Zentrale-Seitenansicht-Wald-und-Photovoltaik-1024x682.jpg\" class=\"attachment-large size-large\" alt=\"Zentrale Seitenansicht Wald und Photovoltaik\" srcset=\"https:\/\/www.leeb-balkone.com\/app\/uploads\/2022\/07\/Zentrale-Seitenansicht-Wald-und-Photovoltaik-1024x682.jpg 1024w, https:\/\/www.leeb-balkone.com\/app\/uploads\/2022\/07\/Zentrale-Seitenansicht-Wald-und-Photovoltaik-300x200.jpg 300w, https:\/\/www.leeb-balkone.com\/app\/uploads\/2022\/07\/Zentrale-Seitenansicht-Wald-und-Photovoltaik-768x512.jpg 768w, https:\/\/www.leeb-balkone.com\/app\/uploads\/2022\/07\/Zentrale-Seitenansicht-Wald-und-Photovoltaik-1536x1023.jpg 1536w, https:\/\/www.leeb-balkone.com\/app\/uploads\/2022\/07\/Zentrale-Seitenansicht-Wald-und-Photovoltaik-scaled.jpg 2048w\" sizes=\"auto, (min-width: 1200px) 1024px, (min-width: 1024px) 768px, (min-width: 640px) 768px, 768px\" \/>        <\/div>\n            <div class=\"cell b-sps__cont  small-12 medium-6 small-order-2 medium-order-2 bg--lightgray\">\n        <div class=\"b-sps__inner-cont  pdd\">\n          <h3 style=\"text-align: left;\"><strong>Gut bedacht mit Photovoltaikanlagen<\/strong><\/h3>\n<p>Rund drei Viertel unseres j\u00e4hrlichen Strombedarfs decken wir durch unsere rund 5000 m\u00b2 gro\u00dfe Photovoltaikanlage auf den D\u00e4chern unserer Produktionshallen. Dort wird durch die Umwandlung von Sonnenenergie elektrischer Strom erzeugt, der zum Selbstverbrauch dient und auch ins \u00f6ffentliche Netz eingespeist wird. Damit tun wir der Umwelt etwas Gutes und ersparen ihr j\u00e4hrlich rund 525.000 kg CO\u00b2. Frei nach unserem Firmenslogan \u201e<em>Der sch\u00f6nste Platz an der Sonne<\/em>\u201c.<\/p>\n\n        <\/div>\n      <\/div>\n    <\/div>\n    <\/div>\n  <\/div>\n\n\n<div class=\"b-sps l-mbxl\" id=\"\">\n    <div class=\"grid-container\">\n      <div class=\"grid-x\">\n              <div class=\"cell b-sps__bgimg lazyload bgx-center bgy-center small-12 medium-6 small-order-1 medium-order-2\">\n          \n            <img loading=\"lazy\" decoding=\"async\" width=\"1024\" height=\"683\" src=\"https:\/\/www.leeb-balkone.com\/app\/uploads\/2025\/05\/Freilandflaeche-Solar-und-Schafe-1024x683.jpg\" class=\"attachment-large size-large\" alt=\"Freilandflaeche Solar und Schafe\" srcset=\"https:\/\/www.leeb-balkone.com\/app\/uploads\/2025\/05\/Freilandflaeche-Solar-und-Schafe-1024x683.jpg 1024w, https:\/\/www.leeb-balkone.com\/app\/uploads\/2025\/05\/Freilandflaeche-Solar-und-Schafe-300x200.jpg 300w, https:\/\/www.leeb-balkone.com\/app\/uploads\/2025\/05\/Freilandflaeche-Solar-und-Schafe-768x512.jpg 768w, https:\/\/www.leeb-balkone.com\/app\/uploads\/2025\/05\/Freilandflaeche-Solar-und-Schafe-1536x1024.jpg 1536w, https:\/\/www.leeb-balkone.com\/app\/uploads\/2025\/05\/Freilandflaeche-Solar-und-Schafe-2048x1366.jpg 2048w\" sizes=\"auto, (min-width: 1200px) 1024px, (min-width: 1024px) 768px, (min-width: 640px) 768px, 768px\" \/>        <\/div>\n            <div class=\"cell b-sps__cont  small-12 medium-6 small-order-2 medium-order-1 bg--lightgray\">\n        <div class=\"b-sps__inner-cont  pdd\">\n          <h3 style=\"text-align: left;\"><strong>Smarte Sonnenkraft mit tierischer Hilfe<\/strong><\/h3>\n<p>Neben unserer gro\u00dffl\u00e4chigen Photovoltaikanlage auf den Produktionshallen setzen wir nun auch auf eine Freiland-Solaranlage auf unserer angrenzenden Wiese. Mit dieser Erweiterung produzieren wir noch mehr umweltfreundliche Energie und steigern unsere Eigenversorgung.<br \/>\nEin besonderes Highlight: Auf der Solarwiese grasen unsere Schafe friedlich zwischen den Modulen. Sie finden nicht nur eine gro\u00dfz\u00fcgige Weidefl\u00e4che, sondern zugleich einen praktischen Unterstand bei Sonne und Regen. Gleichzeitig \u00fcbernehmen sie eine wichtige Aufgabe \u2013 die nachhaltige Pflege der Gr\u00fcnfl\u00e4chen. Eine echte Win-Win-Situation f\u00fcr Tier, Technik und Umwelt.<\/p>\n\n        <\/div>\n      <\/div>\n    <\/div>\n    <\/div>\n  <\/div>\n\n\n<div class=\"b-sps l-mbm\" id=\"\">\n    <div class=\"grid-container\">\n      <div class=\"grid-x\">\n              <div class=\"cell b-sps__bgimg lazyload bgx-center bgy-center small-12 medium-6 small-order-1 medium-order-1\">\n          \n            <img loading=\"lazy\" decoding=\"async\" width=\"1024\" height=\"682\" src=\"https:\/\/www.leeb-balkone.com\/app\/uploads\/2024\/08\/Biomasseheizwerk-1-1024x682.jpg\" class=\"attachment-large size-large\" alt=\"Biomasseheizwerk 1\" srcset=\"https:\/\/www.leeb-balkone.com\/app\/uploads\/2024\/08\/Biomasseheizwerk-1-1024x682.jpg 1024w, https:\/\/www.leeb-balkone.com\/app\/uploads\/2024\/08\/Biomasseheizwerk-1-300x200.jpg 300w, https:\/\/www.leeb-balkone.com\/app\/uploads\/2024\/08\/Biomasseheizwerk-1-768x511.jpg 768w, https:\/\/www.leeb-balkone.com\/app\/uploads\/2024\/08\/Biomasseheizwerk-1-1536x1023.jpg 1536w, https:\/\/www.leeb-balkone.com\/app\/uploads\/2024\/08\/Biomasseheizwerk-1-2048x1364.jpg 2048w\" sizes=\"auto, (min-width: 1200px) 1024px, (min-width: 1024px) 768px, (min-width: 640px) 768px, 768px\" \/>        <\/div>\n            <div class=\"cell b-sps__cont  small-12 medium-6 small-order-2 medium-order-2 bg--lightgray\">\n        <div class=\"b-sps__inner-cont  pdd\">\n          <h3><strong>Biow\u00e4rme<\/strong><\/h3>\n<p>Die Beheizung der Leeb B\u00fcros und Produktionshallen sowie die Erzeugung der notwendigen Prozessw\u00e4rme f\u00fcr unsere Pulverbeschichtung erfolgt \u00fcber das firmeninterne Biomasseheizwerk, das \u00fcber stolze 1 Megawatt (1 Mio. Watt!) Leistung verf\u00fcgt. Das f\u00fchrt zur deutlichen Reduzierung des Verbrauchs und der Abh\u00e4ngigkeit von fossilen Energietr\u00e4gern. Verheizt werden eigene Holzabf\u00e4lle aus der laufenden Produktion sowie regionale Biomasse, die von Landwirten aus der Umgebung geliefert wird. Gef\u00f6rdert aus Mitteln der Umweltf\u00f6rderung des BMK wurde das neue Biomasseheizwerk mit Ende Dezember 2022 in Betrieb genommen.<\/p>\n\n        <\/div>\n      <\/div>\n    <\/div>\n    <\/div>\n  <\/div>\n<\/div><\/div><\/div><\/div>\n<\/section>\n\n\n\n<section class=\"wp-block-cgb-t3-section-block alignfull b-pt-small b-pb-large is-style-bg-white\" style=\"display:inherit;min-height:inherit\">\n<div class=\"wp-block-cgb-t3-container-block\" style=\"background-color:none\"><div class=\"grid-container\"><div class=\"grid-x\"><div class=\"cell small-12 medium-9 large-0 medium-offset-1 b-has-lsmb\">\n<h2 class=\"wp-block-heading\">Nachhaltigkeit in Produktion und Materialien<\/h2>\n\n\n\n<p>Die nachhaltigkeitsgepr\u00e4gte Unternehmensphilosophie spiegelt sich auch in der Rohstoffgewinnung sowie in der eigenen Produktion wider. Das Sicherstellen eines umweltfreundlichen Produktionszyklus hat f\u00fcr Leeb h\u00f6chste Priorit\u00e4t.<\/p>\n<\/div><\/div><\/div><\/div>\n\n\n\n<div class=\"wp-block-cgb-t3-container-block none\" style=\"background-color:none\"><div class=\"grid-container\"><div class=\"grid-x\"><div class=\"cell small-12 medium-0 large-0 b-has-pt\"><div class=\"b-sps l-mbxl\" id=\"\">\n    <div class=\"grid-container\">\n      <div class=\"grid-x\">\n              <div class=\"cell b-sps__bgimg lazyload bgx-center bgy-center small-12 medium-6 small-order-1 medium-order-1\">\n          \n            <img loading=\"lazy\" decoding=\"async\" width=\"1024\" height=\"682\" src=\"https:\/\/www.leeb-balkone.com\/app\/uploads\/2022\/05\/Leeb-nachhaltigkeit-pulverbeschichtung-farbe-1024x682.jpg\" class=\"attachment-large size-large\" alt=\"Leeb Nachhaltigkeit Abwasserfreie Pulverbeschichtung Farbtonverleihung\" srcset=\"https:\/\/www.leeb-balkone.com\/app\/uploads\/2022\/05\/Leeb-nachhaltigkeit-pulverbeschichtung-farbe-1024x682.jpg 1024w, https:\/\/www.leeb-balkone.com\/app\/uploads\/2022\/05\/Leeb-nachhaltigkeit-pulverbeschichtung-farbe-300x200.jpg 300w, https:\/\/www.leeb-balkone.com\/app\/uploads\/2022\/05\/Leeb-nachhaltigkeit-pulverbeschichtung-farbe-768x511.jpg 768w, https:\/\/www.leeb-balkone.com\/app\/uploads\/2022\/05\/Leeb-nachhaltigkeit-pulverbeschichtung-farbe-1536x1022.jpg 1536w, https:\/\/www.leeb-balkone.com\/app\/uploads\/2022\/05\/Leeb-nachhaltigkeit-pulverbeschichtung-farbe-scaled.jpg 2048w\" sizes=\"auto, (min-width: 1200px) 1024px, (min-width: 1024px) 768px, (min-width: 640px) 768px, 768px\" \/>        <\/div>\n            <div class=\"cell b-sps__cont  small-12 medium-6 small-order-2 medium-order-2 bg--white\">\n        <div class=\"b-sps__inner-cont  pdd\">\n          <h3>Abwasserfreie Pulverbeschichtung<\/h3>\n<p>Die Leeb-Pulverbeschichtung erfolgt umweltfreundlich mittels chromfreiem No-Rinse Verfahren und verleiht unseren Produkten den Farbton. Zuerst findet die chemische Reinigung der Oberfl\u00e4chen von \u00d6l- und Schmutzresten statt. Im n\u00e4chsten Schritt werden die Metallelemente mit reinem Wasser gesp\u00fclt und mit einer t\u00e4glich gepr\u00fcften Badl\u00f6sung benetzt, die die Haftung der Farbe erh\u00f6ht und die Best\u00e4ndigkeit des Metalls garantiert. Unsere Pulverbeschichtungsanlage funktioniert komplett Abwasserfrei. Das f\u00fchrt zu einem stetig wiederkehrenden Kreislauf, der den Verlust von s\u00e4mtlichen Prozessw\u00e4ssern verhindert.<\/p>\n\n        <\/div>\n      <\/div>\n    <\/div>\n    <\/div>\n  <\/div>\n\n\n<div class=\"b-sps l-mbxl\" id=\"\">\n    <div class=\"grid-container\">\n      <div class=\"grid-x\">\n              <div class=\"cell b-sps__bgimg lazyload bgx-center bgy-center small-12 medium-6 small-order-1 medium-order-2\">\n          \n            <img loading=\"lazy\" decoding=\"async\" width=\"1024\" height=\"683\" src=\"https:\/\/www.leeb-balkone.com\/app\/uploads\/2022\/05\/Leeb-nachhaltigkeit-pulverbeschichtung-abwasserfrei-1024x683.jpg\" class=\"attachment-large size-large\" alt=\"Leeb Nachhaltigkeit Pulverbeschichtung Prozessw\u00e4rme\" srcset=\"https:\/\/www.leeb-balkone.com\/app\/uploads\/2022\/05\/Leeb-nachhaltigkeit-pulverbeschichtung-abwasserfrei-1024x683.jpg 1024w, https:\/\/www.leeb-balkone.com\/app\/uploads\/2022\/05\/Leeb-nachhaltigkeit-pulverbeschichtung-abwasserfrei-300x200.jpg 300w, https:\/\/www.leeb-balkone.com\/app\/uploads\/2022\/05\/Leeb-nachhaltigkeit-pulverbeschichtung-abwasserfrei-768x512.jpg 768w, https:\/\/www.leeb-balkone.com\/app\/uploads\/2022\/05\/Leeb-nachhaltigkeit-pulverbeschichtung-abwasserfrei-1536x1025.jpg 1536w, https:\/\/www.leeb-balkone.com\/app\/uploads\/2022\/05\/Leeb-nachhaltigkeit-pulverbeschichtung-abwasserfrei-scaled.jpg 2048w\" sizes=\"auto, (min-width: 1200px) 1024px, (min-width: 1024px) 768px, (min-width: 640px) 768px, 768px\" \/>        <\/div>\n            <div class=\"cell b-sps__cont  small-12 medium-6 small-order-2 medium-order-1 bg--white\">\n        <div class=\"b-sps__inner-cont  pdd\">\n          <h3>Prozessw\u00e4rmenutzung<\/h3>\n<p>Eine Pulverbeschichtungsanlage ist durch die notwendigen hohen Temperaturen f\u00fcr die Lackierung energieintensiv und verursacht viel Abw\u00e4rme. In herk\u00f6mmlichen Pulverbeschichtungsanlagen geht diese verloren, bei Leeb wird die Abw\u00e4rme aus der Pulverbeschichtung weiterverwendet. Ein Teil wird r\u00fcckgewonnen und wieder im Prozess eingesetzt &#8211; somit wird der Energiebedarf erheblich gesenkt. Die restliche Abw\u00e4rme wird zum Heizen der Produktionshallen genutzt und macht uns gerade in der \u00dcbergangszeit unabh\u00e4ngig von zus\u00e4tzlicher Heizenergie.<\/p>\n\n        <\/div>\n      <\/div>\n    <\/div>\n    <\/div>\n  <\/div>\n\n\n<div class=\"b-sps l-mbxl\" id=\"\">\n    <div class=\"grid-container\">\n      <div class=\"grid-x\">\n              <div class=\"cell b-sps__bgimg lazyload bgx-center bgy-center small-12 medium-6 small-order-1 medium-order-1\">\n          \n            <img loading=\"lazy\" decoding=\"async\" width=\"1024\" height=\"721\" src=\"https:\/\/www.leeb-balkone.com\/app\/uploads\/2022\/05\/Leeb-nachhatig-holz-wa\u0308lder-1024x721.jpg\" class=\"attachment-large size-large\" alt=\"Leeb nachhatig holz wa\u0308lder\" srcset=\"https:\/\/www.leeb-balkone.com\/app\/uploads\/2022\/05\/Leeb-nachhatig-holz-wa\u0308lder-1024x721.jpg 1024w, https:\/\/www.leeb-balkone.com\/app\/uploads\/2022\/05\/Leeb-nachhatig-holz-wa\u0308lder-300x211.jpg 300w, https:\/\/www.leeb-balkone.com\/app\/uploads\/2022\/05\/Leeb-nachhatig-holz-wa\u0308lder-768x541.jpg 768w, https:\/\/www.leeb-balkone.com\/app\/uploads\/2022\/05\/Leeb-nachhatig-holz-wa\u0308lder-1536x1081.jpg 1536w, https:\/\/www.leeb-balkone.com\/app\/uploads\/2022\/05\/Leeb-nachhatig-holz-wa\u0308lder-scaled.jpg 2048w\" sizes=\"auto, (min-width: 1200px) 1024px, (min-width: 1024px) 768px, (min-width: 640px) 768px, 768px\" \/>        <\/div>\n            <div class=\"cell b-sps__cont  small-12 medium-6 small-order-2 medium-order-2 bg--white\">\n        <div class=\"b-sps__inner-cont  pdd\">\n          <h3>Holz aus regionaler Herkunft<\/h3>\n<p>Leeb Holzbalkone und s\u00e4mtliche Holzerzeugnisse werden ausschlie\u00dflich aus heimischen Nadelh\u00f6lzern der Sorten Fichte und L\u00e4rche, die aus den W\u00e4ldern der K\u00e4rntner Nockberge stammen, produziert. Das mit einem G\u00fctesiegel pr\u00e4mierte NOCKHOLZ steht f\u00fcr 100% Regionalit\u00e4t, h\u00f6chste Qualit\u00e4t und Nachhaltigkeit. Diese Marke garantiert eine ressourcenschonende Waldbewirtschaftung, umweltschonende Verarbeitung ohne Verschlei\u00df, kurz gehaltene Transportwege sowie regionale Wertsch\u00f6pfungsketten.<\/p>\n\n        <\/div>\n      <\/div>\n    <\/div>\n    <\/div>\n  <\/div>\n\n\n<div class=\"b-sps l-mbxl\" id=\"\">\n    <div class=\"grid-container\">\n      <div class=\"grid-x\">\n              <div class=\"cell b-sps__bgimg lazyload bgx-center bgy-center small-12 medium-6 small-order-1 medium-order-2\">\n          \n            <img loading=\"lazy\" decoding=\"async\" width=\"1024\" height=\"683\" src=\"https:\/\/www.leeb-balkone.com\/app\/uploads\/2021\/01\/alu-protection-system-1024x683.jpg\" class=\"attachment-large size-large\" alt=\"\u00d6sterreichische Produktion von Alubalkonen\" srcset=\"https:\/\/www.leeb-balkone.com\/app\/uploads\/2021\/01\/alu-protection-system-1024x683.jpg 1024w, https:\/\/www.leeb-balkone.com\/app\/uploads\/2021\/01\/alu-protection-system-300x200.jpg 300w, https:\/\/www.leeb-balkone.com\/app\/uploads\/2021\/01\/alu-protection-system-768x512.jpg 768w, https:\/\/www.leeb-balkone.com\/app\/uploads\/2021\/01\/alu-protection-system-1536x1024.jpg 1536w, https:\/\/www.leeb-balkone.com\/app\/uploads\/2021\/01\/alu-protection-system-2048x1366.jpg 2048w\" sizes=\"auto, (min-width: 1200px) 1024px, (min-width: 1024px) 768px, (min-width: 640px) 768px, 768px\" \/>        <\/div>\n            <div class=\"cell b-sps__cont  small-12 medium-6 small-order-2 medium-order-1 bg--white\">\n        <div class=\"b-sps__inner-cont  pdd\">\n          <h3>Nachhaltiges Aluminium<\/h3>\n<p>Aufgrund der langen Haltbarkeit und der M\u00f6glichkeit des beinahe unbeschr\u00e4nkt wiederholbaren Recyclings ist Aluminium die umweltfreundliche Kunststoff-Alternative. 75% des jemals produzierten Aluminiums sind noch heute im Umlauf und werden aktiv genutzt. Abgesehen von der Option der Wiederverwertung, werden bei dem Recycling-Vorgang des Aluminiums nur 5% der Energie, die bei der Ersterzeugung ben\u00f6tigt wird, beansprucht und so der Aussto\u00df von hohen C0<sub>2<\/sub> Emissionen verhindert. Aufgrund dessen werden in der Metallindustrie bereits rund 98% des verwendeten Aluminiums recycelt.<\/p>\n\n        <\/div>\n      <\/div>\n    <\/div>\n    <\/div>\n  <\/div>\n<\/div><\/div><\/div><\/div>\n<\/section>\n\n\n\n<section class=\"wp-block-cgb-t3-section-block alignfull b-pt-none b-pb-small is-style-default l-sec--brdr-b\" style=\"display:inherit;background-color:#F5F5F5;min-height:inherit\">\n<div class=\"wp-block-cgb-t3-container-block alignfull b-has-offset-h\" style=\"background-color:none\"><div class=\"grid-container\"><div class=\"grid-x\"><div class=\"cell small-12 medium-6 large-0 medium-offset-1\">\n<h2 class=\"wp-block-heading\" id=\"das-zeichnet-uns-aus\">DAS ZEICHNET UNS AUS<\/h2>\n<\/div><\/div><\/div><\/div>\n\n\n\n<div class=\"wp-block-cgb-t3-container-block none\" style=\"background-color:none\"><div class=\"grid-container\"><div class=\"grid-x\"><div class=\"cell small-12 medium-0 large-0\"><div class=\"l-wrapper\">\n  <ul data-block_acf-block-69e0d847a3947 class=\"c-list b-iconlist grid-x align-justify iconlist alignwide\">\n                      <li class=\"b-iconlist__item  small-6 medium-4 large-4\">\n          <a href=\"https:\/\/www.leeb-balkone.com\/de\/technik\/holzschutz\/\" class=\"b-iconlist__link\" target=\"\">\n      <div class=\"b-iconlist__icon icon-wood\"><\/div>\n      <div class=\"b-iconlist__body\">\n          <h3>Heimisches Qualit\u00e4tsholz<\/h3>\n              <p>Hochwertiges Holz aus den heimischen W\u00e4ldern der Nockberge<\/p>\n      <\/div>\n  <\/a>\n\n        <\/li>\n              <li class=\"b-iconlist__item  small-6 medium-4 large-4\">\n          <a href=\"https:\/\/www.leeb-balkone.com\/de\/technik\/aluminium\/\" class=\"b-iconlist__link\" target=\"\">\n      <div class=\"b-iconlist__icon icon-weather\"><\/div>\n      <div class=\"b-iconlist__body\">\n          <h3>LANGLEBIGES ALUMINIUM<\/h3>\n              <p>Rostfrei und pflegeleicht \u2013 ein sch\u00f6ner Anblick ein &#8220;Leeben&#8221; lang<\/p>\n      <\/div>\n  <\/a>\n\n        <\/li>\n              <li class=\"b-iconlist__item  small-6 medium-4 large-4\">\n          <a href=\"https:\/\/www.leeb-balkone.com\/de\/technik\/alu-comfort-plus\/\" class=\"b-iconlist__link\" target=\"\">\n      <div class=\"b-iconlist__icon icon-environment\"><\/div>\n      <div class=\"b-iconlist__body\">\n          <h3>UMWELTBEWUSST PRODUZIERT<\/h3>\n              <p>Unsere Pulverbeschichtung ist ein umweltfreundliches Verfahren<\/p>\n      <\/div>\n  <\/a>\n\n        <\/li>\n            <\/ul>\n<\/div>\n<\/div><\/div><\/div><\/div>\n<\/section>\n\n\n","protected":false},"excerpt":{"rendered":"","protected":false},"author":3,"featured_media":0,"parent":6886,"menu_order":2,"comment_status":"closed","ping_status":"closed","template":"template-onepager.blade.php","meta":{"_acf_changed":false,"footnotes":"","_sage_theme_css":true,"_wp_block_core_css":false},"folder":[],"class_list":["post-83710","page","type-page","status-publish","hentry"],"acf":[],"yoast_head":"<!-- This site is optimized with the Yoast SEO plugin v27.2 - https:\/\/yoast.com\/product\/yoast-seo-wordpress\/ -->\n<title>Nachhaltigkeit als Unternehmensphilosophie - Leeb Balkone Deutschland<\/title>\n<meta name=\"description\" content=\"Leeb Produkte verk\u00f6rpern als Synonym f\u00fcr Best\u00e4ndigkeit, Innovation und Design den Einklang mit der Natur. Die neuen Solar-Balkone, -Z\u00e4une und\" \/>\n<meta name=\"robots\" content=\"index, follow, max-snippet:-1, max-image-preview:large, max-video-preview:-1\" \/>\n<meta property=\"og:locale\" content=\"de_DE\" \/>\n<meta property=\"og:type\" content=\"article\" \/>\n<meta property=\"og:title\" content=\"Nachhaltigkeit als Unternehmensphilosophie - Leeb Balkone\" \/>\n<meta property=\"og:description\" content=\"Leeb Produkte verk\u00f6rpern als Synonym f\u00fcr Best\u00e4ndigkeit, Innovation und Design den Einklang mit der Natur. Die neuen Solar-Balkone, -Z\u00e4une und\" \/>\n<meta property=\"og:url\" content=\"https:\/\/www.leeb-balkone.com\/de\/ueber-leeb\/nachhaltigkeit-bei-leeb\/\" \/>\n<meta property=\"og:site_name\" content=\"Leeb Balkone\" \/>\n<meta property=\"article:publisher\" content=\"https:\/\/www.facebook.com\/balkone\/\" \/>\n<meta property=\"article:modified_time\" content=\"2026-04-16T12:38:34+00:00\" \/>\n<meta property=\"og:image\" content=\"https:\/\/www.leeb-balkone.com\/app\/uploads\/2020\/09\/alu-balkongelaender-zufriedene-kunden-1.jpg\" \/>\n\t<meta property=\"og:image:width\" content=\"2560\" \/>\n\t<meta property=\"og:image:height\" content=\"1762\" \/>\n\t<meta property=\"og:image:type\" content=\"image\/jpeg\" \/>\n<meta name=\"twitter:card\" content=\"summary_large_image\" \/>\n<script type=\"application\/ld+json\" class=\"yoast-schema-graph\">{\"@context\":\"https:\/\/schema.org\",\"@graph\":[{\"@type\":\"WebPage\",\"@id\":\"https:\/\/www.leeb-balkone.com\/de\/ueber-leeb\/nachhaltigkeit-bei-leeb\/\",\"url\":\"https:\/\/www.leeb-balkone.com\/de\/ueber-leeb\/nachhaltigkeit-bei-leeb\/\",\"name\":\"Nachhaltigkeit als Unternehmensphilosophie - Leeb Balkone\",\"isPartOf\":{\"@id\":\"https:\/\/www.leeb-balkone.com\/de\/#website\"},\"datePublished\":\"2022-05-03T11:32:53+00:00\",\"dateModified\":\"2026-04-16T12:38:34+00:00\",\"description\":\"Leeb Produkte verk\u00f6rpern als Synonym f\u00fcr Best\u00e4ndigkeit, Innovation und Design den Einklang mit der Natur. Die neuen Solar-Balkone, -Z\u00e4une und\",\"breadcrumb\":{\"@id\":\"https:\/\/www.leeb-balkone.com\/de\/ueber-leeb\/nachhaltigkeit-bei-leeb\/#breadcrumb\"},\"inLanguage\":\"de\",\"potentialAction\":[{\"@type\":\"ReadAction\",\"target\":[\"https:\/\/www.leeb-balkone.com\/de\/ueber-leeb\/nachhaltigkeit-bei-leeb\/\"]}]},{\"@type\":\"BreadcrumbList\",\"@id\":\"https:\/\/www.leeb-balkone.com\/de\/ueber-leeb\/nachhaltigkeit-bei-leeb\/#breadcrumb\",\"itemListElement\":[{\"@type\":\"ListItem\",\"position\":1,\"name\":\"Home\",\"item\":\"https:\/\/www.leeb-balkone.com\/de\/\"},{\"@type\":\"ListItem\",\"position\":2,\"name\":\"\u00dcber Leeb\",\"item\":\"https:\/\/www.leeb-balkone.com\/de\/ueber-leeb\/\"},{\"@type\":\"ListItem\",\"position\":3,\"name\":\"Nachhaltigkeit bei Leeb\"}]},{\"@type\":\"WebSite\",\"@id\":\"https:\/\/www.leeb-balkone.com\/de\/#website\",\"url\":\"https:\/\/www.leeb-balkone.com\/de\/\",\"name\":\"Leeb Balkone\",\"description\":\"Balkone und Z\u00e4une\",\"publisher\":{\"@id\":\"https:\/\/www.leeb-balkone.com\/de\/#organization\"},\"potentialAction\":[{\"@type\":\"SearchAction\",\"target\":{\"@type\":\"EntryPoint\",\"urlTemplate\":\"https:\/\/www.leeb-balkone.com\/de\/?s={search_term_string}\"},\"query-input\":{\"@type\":\"PropertyValueSpecification\",\"valueRequired\":true,\"valueName\":\"search_term_string\"}}],\"inLanguage\":\"de\"},{\"@type\":\"Organization\",\"@id\":\"https:\/\/www.leeb-balkone.com\/de\/#organization\",\"name\":\"Leeb Balkone Gmbh\",\"url\":\"https:\/\/www.leeb-balkone.com\/de\/\",\"logo\":{\"@type\":\"ImageObject\",\"inLanguage\":\"de\",\"@id\":\"https:\/\/www.leeb-balkone.com\/de\/#\/schema\/logo\/image\/\",\"url\":\"https:\/\/www.leeb-balkone.com\/app\/uploads\/2020\/11\/leeb-logo.svg\",\"contentUrl\":\"https:\/\/www.leeb-balkone.com\/app\/uploads\/2020\/11\/leeb-logo.svg\",\"width\":741,\"height\":204,\"caption\":\"Leeb Balkone Gmbh\"},\"image\":{\"@id\":\"https:\/\/www.leeb-balkone.com\/de\/#\/schema\/logo\/image\/\"},\"sameAs\":[\"https:\/\/www.facebook.com\/balkone\/\",\"https:\/\/www.trustedshops.at\/bewertung\/info_X4587CCF5833E31AFE0B11F47D86999F2.html\",\"https:\/\/www.trustedshops.de\/bewertung\/info_X7BA536A7A0BDC86D36C4718E4DCAEEEF.html\",\"https:\/\/www.google.com\/maps\/place\/?q=place_id:ChIJ5-zH19-IcEcR9HonWRTllHI\"]}]}<\/script>\n<!-- \/ Yoast SEO plugin. -->","yoast_head_json":{"title":"Nachhaltigkeit als Unternehmensphilosophie - Leeb Balkone Deutschland","description":"Leeb Produkte verk\u00f6rpern als Synonym f\u00fcr Best\u00e4ndigkeit, Innovation und Design den Einklang mit der Natur. Die neuen Solar-Balkone, -Z\u00e4une und","robots":{"index":"index","follow":"follow","max-snippet":"max-snippet:-1","max-image-preview":"max-image-preview:large","max-video-preview":"max-video-preview:-1"},"og_locale":"de_DE","og_type":"article","og_title":"Nachhaltigkeit als Unternehmensphilosophie - Leeb Balkone","og_description":"Leeb Produkte verk\u00f6rpern als Synonym f\u00fcr Best\u00e4ndigkeit, Innovation und Design den Einklang mit der Natur. Die neuen Solar-Balkone, -Z\u00e4une und","og_url":"https:\/\/www.leeb-balkone.com\/de\/ueber-leeb\/nachhaltigkeit-bei-leeb\/","og_site_name":"Leeb Balkone","article_publisher":"https:\/\/www.facebook.com\/balkone\/","article_modified_time":"2026-04-16T12:38:34+00:00","og_image":[{"width":2560,"height":1762,"url":"https:\/\/www.leeb-balkone.com\/app\/uploads\/2020\/09\/alu-balkongelaender-zufriedene-kunden-1.jpg","type":"image\/jpeg"}],"twitter_card":"summary_large_image","schema":{"@context":"https:\/\/schema.org","@graph":[{"@type":"WebPage","@id":"https:\/\/www.leeb-balkone.com\/de\/ueber-leeb\/nachhaltigkeit-bei-leeb\/","url":"https:\/\/www.leeb-balkone.com\/de\/ueber-leeb\/nachhaltigkeit-bei-leeb\/","name":"Nachhaltigkeit als Unternehmensphilosophie - Leeb Balkone","isPartOf":{"@id":"https:\/\/www.leeb-balkone.com\/de\/#website"},"datePublished":"2022-05-03T11:32:53+00:00","dateModified":"2026-04-16T12:38:34+00:00","description":"Leeb Produkte verk\u00f6rpern als Synonym f\u00fcr Best\u00e4ndigkeit, Innovation und Design den Einklang mit der Natur. Die neuen Solar-Balkone, -Z\u00e4une und","breadcrumb":{"@id":"https:\/\/www.leeb-balkone.com\/de\/ueber-leeb\/nachhaltigkeit-bei-leeb\/#breadcrumb"},"inLanguage":"de","potentialAction":[{"@type":"ReadAction","target":["https:\/\/www.leeb-balkone.com\/de\/ueber-leeb\/nachhaltigkeit-bei-leeb\/"]}]},{"@type":"BreadcrumbList","@id":"https:\/\/www.leeb-balkone.com\/de\/ueber-leeb\/nachhaltigkeit-bei-leeb\/#breadcrumb","itemListElement":[{"@type":"ListItem","position":1,"name":"Home","item":"https:\/\/www.leeb-balkone.com\/de\/"},{"@type":"ListItem","position":2,"name":"\u00dcber Leeb","item":"https:\/\/www.leeb-balkone.com\/de\/ueber-leeb\/"},{"@type":"ListItem","position":3,"name":"Nachhaltigkeit bei Leeb"}]},{"@type":"WebSite","@id":"https:\/\/www.leeb-balkone.com\/de\/#website","url":"https:\/\/www.leeb-balkone.com\/de\/","name":"Leeb Balkone","description":"Balkone und Z\u00e4une","publisher":{"@id":"https:\/\/www.leeb-balkone.com\/de\/#organization"},"potentialAction":[{"@type":"SearchAction","target":{"@type":"EntryPoint","urlTemplate":"https:\/\/www.leeb-balkone.com\/de\/?s={search_term_string}"},"query-input":{"@type":"PropertyValueSpecification","valueRequired":true,"valueName":"search_term_string"}}],"inLanguage":"de"},{"@type":"Organization","@id":"https:\/\/www.leeb-balkone.com\/de\/#organization","name":"Leeb Balkone Gmbh","url":"https:\/\/www.leeb-balkone.com\/de\/","logo":{"@type":"ImageObject","inLanguage":"de","@id":"https:\/\/www.leeb-balkone.com\/de\/#\/schema\/logo\/image\/","url":"https:\/\/www.leeb-balkone.com\/app\/uploads\/2020\/11\/leeb-logo.svg","contentUrl":"https:\/\/www.leeb-balkone.com\/app\/uploads\/2020\/11\/leeb-logo.svg","width":741,"height":204,"caption":"Leeb Balkone Gmbh"},"image":{"@id":"https:\/\/www.leeb-balkone.com\/de\/#\/schema\/logo\/image\/"},"sameAs":["https:\/\/www.facebook.com\/balkone\/","https:\/\/www.trustedshops.at\/bewertung\/info_X4587CCF5833E31AFE0B11F47D86999F2.html","https:\/\/www.trustedshops.de\/bewertung\/info_X7BA536A7A0BDC86D36C4718E4DCAEEEF.html","https:\/\/www.google.com\/maps\/place\/?q=place_id:ChIJ5-zH19-IcEcR9HonWRTllHI"]}]}},"_links":{"self":[{"href":"https:\/\/www.leeb-balkone.com\/de\/wp-json\/wp\/v2\/pages\/83710","targetHints":{"allow":["GET"]}}],"collection":[{"href":"https:\/\/www.leeb-balkone.com\/de\/wp-json\/wp\/v2\/pages"}],"about":[{"href":"https:\/\/www.leeb-balkone.com\/de\/wp-json\/wp\/v2\/types\/page"}],"author":[{"embeddable":true,"href":"https:\/\/www.leeb-balkone.com\/de\/wp-json\/wp\/v2\/users\/3"}],"replies":[{"embeddable":true,"href":"https:\/\/www.leeb-balkone.com\/de\/wp-json\/wp\/v2\/comments?post=83710"}],"version-history":[{"count":10,"href":"https:\/\/www.leeb-balkone.com\/de\/wp-json\/wp\/v2\/pages\/83710\/revisions"}],"predecessor-version":[{"id":167892,"href":"https:\/\/www.leeb-balkone.com\/de\/wp-json\/wp\/v2\/pages\/83710\/revisions\/167892"}],"up":[{"embeddable":true,"href":"https:\/\/www.leeb-balkone.com\/de\/wp-json\/wp\/v2\/pages\/6886"}],"wp:attachment":[{"href":"https:\/\/www.leeb-balkone.com\/de\/wp-json\/wp\/v2\/media?parent=83710"}],"wp:term":[{"taxonomy":"folder","embeddable":true,"href":"https:\/\/www.leeb-balkone.com\/de\/wp-json\/wp\/v2\/folder?post=83710"}],"curies":[{"name":"wp","href":"https:\/\/api.w.org\/{rel}","templated":true}]}}