{"id":8220,"date":"2020-10-01T12:04:08","date_gmt":"2020-10-01T12:04:08","guid":{"rendered":"https:\/\/www.leeb-balkone.com\/de\/?page_id=8220"},"modified":"2026-04-22T12:14:30","modified_gmt":"2026-04-22T12:14:30","slug":"leeb-in-den-medien","status":"publish","type":"page","link":"https:\/\/www.leeb-balkone.com\/de\/ueber-leeb\/leeb-in-den-medien\/","title":{"rendered":"Leeb in den Medien"},"content":{"rendered":"<header data-block_acf-block-69e8bba155f2b class=\"c-fh  l-mh-small c-fh--hero c-grad-l2r c-fh--div none\">\n      <img loading=\"lazy\" decoding=\"async\" width=\"1920\" height=\"600\" src=\"https:\/\/www.leeb-balkone.com\/app\/uploads\/2020\/10\/presse-header.jpg\" class=\"no-lazy\" alt=\"presse header\" srcset=\"https:\/\/www.leeb-balkone.com\/app\/uploads\/2020\/10\/presse-header-300x94.jpg 300w, https:\/\/www.leeb-balkone.com\/app\/uploads\/2020\/10\/presse-header-1024x320.jpg 1024w, https:\/\/www.leeb-balkone.com\/app\/uploads\/2020\/10\/presse-header-768x240.jpg 768w, https:\/\/www.leeb-balkone.com\/app\/uploads\/2020\/10\/presse-header-1536x480.jpg 1536w\" sizes=\"auto, (min-width: 1536px) 2048px, (min-width: 992px) 1536px, (min-width: 768px) 1024px, (min-width: 576px) 768px, 100vw\" \/>\n\n\n<div class=\"grid-container\">\n  <div class=\"grid-x\">\n    <div class=\"cell small-12 medium-6 medium-offset-1\">\n      <div class=\"c-fh__wrapper\">\n                              <p>Aktuelle Berichterstattungen, Zeitungsartikel und Videos<\/p>\n                        <\/div>\n    <\/div>\n  <\/div>\n<\/div>\n  \n    \n    <\/header>\n\n\n  \n  <section class=\"wp-block-group alignfull t3-header u-max-wide t3-header-text has-white-background-color has-background has-global-padding is-layout-constrained wp-block-group-is-layout-constrained\">\n    <div class=\"wp-block-group o-grid u-md-1 u-sm-1 is-layout-flow wp-block-group-is-layout-flow\">\n  <div class=\"wp-block-group u-g-10 u-g-s-2\">\n      <div class=\"yoast-breadcrumbs\"><span><span><a href=\"https:\/\/www.leeb-balkone.com\/de\/\">Home<\/a><\/span><\/span><\/div>\n      \n    <h1>Leeb in den Medien<\/h1>\n  <\/div>\n<\/div>\n  <\/section>\n\n\n\n\n\n\n<section class=\"wp-block-cgb-t3-section-block alignfull b-pt-small  is-style-bg-white\" style=\"display:inherit;min-height:inherit\">\n<div class=\"wp-block-cgb-t3-container-block none\" style=\"background-color:none\"><div class=\"grid-container\"><div class=\"grid-x\"><div class=\"cell small-12 medium-9 large-0 medium-offset-1 b-has-lsmb\">\n<p><span class=\"teaser\">Leeb hat viel zu bieten! Verschiedene Auszeichnungen, stetige Innovationen und Erneuerungen, sowie erfolgreiche Bilanzen. Auf dieser Seite finden Sie eine Sammlung einiger Zeitungsartikel und Berichterstattungen in den \u00f6sterreichischen Medien.<\/span><\/p>\n<\/div><\/div><\/div><\/div>\n\n\n\n<div class=\"wp-block-cgb-t3-container-block none\" style=\"background-color:none\"><div class=\"grid-container\"><div class=\"grid-x\"><div class=\"cell small-12 medium-9 large-0 medium-offset-1 b-has-pt b-has-lsmb\">\n<figure class=\"wp-block-embed is-type-video is-provider-youtube wp-block-embed-youtube wp-embed-aspect-16-9 wp-has-aspect-ratio\"><div class=\"wp-block-embed__wrapper\">\n<iframe loading=\"lazy\" title=\"Primus-Preistr\u00e4ger 2017 in der Kategorie Export: Leeb Balkone\" width=\"500\" height=\"281\" src=\"https:\/\/www.youtube.com\/embed\/grqMj3zeGIU?feature=oembed&#038;enablejsapi=1&#038;origin=https:\/\/www.leeb-balkone.com\" frameborder=\"0\" allow=\"accelerometer; autoplay; clipboard-write; encrypted-media; gyroscope; picture-in-picture; web-share\" referrerpolicy=\"strict-origin-when-cross-origin\" allowfullscreen><\/iframe>\n<\/div><\/figure>\n<\/div><\/div><\/div><\/div>\n<\/section>\n\n\n\n<section class=\"wp-block-cgb-t3-section-block alignfull b-pt-none  l-sec--brdr-b\" style=\"display:inherit;background-color:#F5F5F5;min-height:inherit\">\n<div class=\"wp-block-cgb-t3-container-block b-has-offset-h\" style=\"background-color:none\"><div class=\"grid-container\"><div class=\"grid-x\"><div class=\"cell small-12 medium-6 large-0 medium-offset-1\">\n<h2 class=\"wp-block-heading\">PRESSESPIEGEL<\/h2>\n<\/div><\/div><\/div><\/div>\n\n\n\n<div class=\"wp-block-cgb-t3-container-block none\" style=\"background-color:none\"><div class=\"grid-container\"><div class=\"grid-x\"><div class=\"cell small-12 medium-0 large-0 b-has-pt\">\n<div class=\"wp-block-t3-layout-2-column grid-x grid-margin-x grid-margin-y\">\n<div class=\"wp-block-t3-column-6 cell small-12 medium-6\">\n<ul class=\"wp-block-list\">\n<li><strong><span class=\"uppercase\">120 Jahre Leeb<\/span><\/strong><br><a href=\"https:\/\/gailtal-journal.at\/allgemein\/120-jahre-leeb-vom-saegewerk-zum-fuehrenden-balkonbauer-europas\/\" type=\"link\" id=\"https:\/\/gailtal-journal.at\/allgemein\/120-jahre-leeb-vom-saegewerk-zum-fuehrenden-balkonbauer-europas\/\">Gailtal Journal \/ 13. April 2026<\/a><\/li>\n\n\n\n<li><strong>VOM S\u00c4GEWERK ZUM BALKONBAUER<\/strong><br><a href=\"https:\/\/www.leeb-balkone.com\/app\/uploads\/2026\/04\/Tips-Jubilaeum.pdf\" type=\"link\" id=\"https:\/\/www.leeb-balkone.com\/app\/uploads\/2026\/04\/Tips-Jubilaeum.pdf\">Tips \/ 12. April 2026<\/a><\/li>\n\n\n\n<li><strong><span class=\"uppercase\">120 Jahre Erfolg<\/span><\/strong><br><a href=\"https:\/\/www.bezirksjournal.info\/leeb-balkone-120-jahr-jubilaeum\/\" type=\"link\" id=\"https:\/\/www.bezirksjournal.info\/leeb-balkone-120-jahr-jubilaeum\/\">Bezirksjournal \/ April 2026<\/a><\/li>\n\n\n\n<li><strong><span class=\"uppercase\">Konstant innovativ: LEeb feiert 120. Geburtstag<\/span><\/strong><br><a href=\"https:\/\/www.leeb-balkone.com\/app\/uploads\/2026\/04\/KronenZeitung120-Jahre-Leeb.jpg\" type=\"link\" id=\"https:\/\/www.leeb-balkone.com\/app\/uploads\/2026\/04\/KronenZeitung120-Jahre-Leeb.jpg\">Kronen Zeitung \/ 22. April 2026<\/a><\/li>\n\n\n\n<li><strong>VOM S\u00c4GEWERK ZUM F\u00dcHRENDEN BALKONBAUER<\/strong><br><a href=\"https:\/\/www.leeb-balkone.com\/app\/uploads\/2026\/04\/LEEB-120-Jahre.pdf\">Feldkirchner Woche \/ 11. April 2026<\/a><\/li>\n\n\n\n<li><strong>VOM HOLZ ZUM METALL<\/strong><br><a href=\"https:\/\/www.leeb-balkone.com\/app\/uploads\/2026\/04\/KleineZeitung120JahreLeebJubilaeum-scaled.png\" type=\"link\" id=\"https:\/\/www.leeb-balkone.com\/app\/uploads\/2026\/04\/KleineZeitung120JahreLeebJubilaeum-scaled.png\">Kleine Zeitung \/ 11. April 2026<\/a><\/li>\n\n\n\n<li><strong>&#8220;DIE GESUNDHEIT ALS WICHTIGER TEIL DES ARBEITSALLTAGS<\/strong><br><a href=\"https:\/\/www.leeb-balkone.com\/app\/uploads\/2026\/02\/Bericht-Kronen-Zeitung.jpg\">Kronen Zeitung \/ 07. Februar 2026<\/a><\/li>\n\n\n\n<li><strong>&#8220;VON ANFANG AN MITTEN DRIN&#8221; ERLEEB&#8217; DEINE LEHRE<\/strong><br><a href=\"https:\/\/www.leeb-balkone.com\/app\/uploads\/2025\/10\/ErleebdeineLehrebeiLeeb.pdf\">MeinBezirk \/ 08. Oktober 2025<\/a><\/li>\n\n\n\n<li><strong><span class=\"uppercase\">LEEB feiert Premiere: Erster Familientag \u00f6ffnet T\u00fcren f\u00fcr die Familien der Belegschaft<\/span><\/strong><br><a href=\"https:\/\/gailtal-journal.at\/wirtschaft\/leeb-feiert-premiere-erster-familientag-oeffnet-tueren-fuer-die-familien-der-belegschaft\/\" target=\"_blank\" rel=\"noreferrer noopener\">Gailtaler Journal \/ 22. Juli 2025<\/a><\/li>\n\n\n\n<li><strong>ERFOLGREICHER FAMILIENTAG BEI &#8220;LEEB&#8221; IN GNESAU<\/strong><br><a href=\"https:\/\/www.meinbezirk.at\/feldkirchen\/c-lokales\/erfolgreicher-familientag-bei-leeb-in-gnesau_a7466248\">MeinBezirk \/ 21.Juli 2025<\/a><\/li>\n\n\n\n<li><strong>DIE BELIEBTESTEN ARBEITGEBER IN IHRER REGION<\/strong><br><a href=\"https:\/\/www.leeb-balkone.com\/app\/uploads\/2025\/05\/Top-Arbeitgeber-der-Region-Kronenzeitung-2025.pdf\">Kronen Zeitung \/ 25. Mai 2025<\/a><\/li>\n\n\n\n<li><strong><span class=\"uppercase\">Sie legen den fokus auf die mitarbeiter<\/span><\/strong><br><a href=\"https:\/\/www.leeb-balkone.com\/app\/uploads\/2025\/05\/Kleine-Zeitung-April-2025.pdf\">Kleine Zeitung \/ 30. April 2025<\/a><\/li>\n\n\n\n<li><strong><span class=\"uppercase\">ERFOLGREICHER TAUSENDF\u00dc\u00dfLER AUS GNESAU<\/span><\/strong><br><a href=\"https:\/\/www.mut-magazin.at\/erfolgreicher-tausendfuessler-aus-gnesau\/\">Mut Magazin \/ 14. Februar 2025<\/a><\/li>\n\n\n\n<li><strong><span class=\"uppercase\">Starke Zukunftsvisionen und stabile Basis als Erfolgsrezept<\/span><\/strong><br><a href=\"https:\/\/www.meinbezirk.at\/feldkirchen\/c-wirtschaft\/starke-zukunftsvisionen-und-stabile-basis-als-erfolgsrezept_a7256587\">MeinBezirk \/ 16. April 2025<\/a><\/li>\n\n\n\n<li><strong><span class=\"uppercase\">Leeb investierte Millionen in Rohrlaser<\/span><\/strong><br><a href=\"https:\/\/kaernten.orf.at\/stories\/3300802\/\">ORF K\u00e4rnten \/ 10. April 2025<\/a><\/li>\n\n\n\n<li><span class=\"uppercase\"><strong>K\u00e4rntner Balkonprofi: \u201eHaben die Adria bis zur Nordsee im Blick\u201c<\/strong><\/span><br><a href=\"https:\/\/www.kleinezeitung.at\/wirtschaft\/19571475\/mittelkaerntner-balkonprofi-wollen-von-der-adria-bis-zur-nordsee\">Kleine Zeitung \/ 11. April 2025<\/a><\/li>\n\n\n\n<li><strong><span class=\"uppercase\">ERfolg nur \u00fcber innovation<\/span><\/strong><br><a href=\"https:\/\/www.leeb-balkone.com\/app\/uploads\/2025\/04\/Krone-Pressetext-04-2025-1.pdf\">Kronen Zeitung \/ 12. April 2025<\/a><\/li>\n\n\n\n<li><strong><span class=\"uppercase\">LEEB BALKONE VERST\u00c4RKT GESCH\u00c4FTSF\u00dcHRUNG<\/span><\/strong><br><a href=\"https:\/\/monat.at\/lifestyle\/leeb-balkone-verstaerkt-geschaeftsfuehrung\/\" target=\"_blank\" rel=\"noreferrer noopener\">K\u00e4rntner Monat \/ 18. M\u00e4rz 2025<\/a><\/li>\n\n\n\n<li><strong><span class=\"uppercase\">LEEB BALKONE VERST\u00c4RKT GESCH\u00c4FTSF\u00dcHRUNG<\/span><\/strong><br><a href=\"https:\/\/www.leeb-balkone.com\/app\/uploads\/2025\/03\/Leeb-Balkone-04-25.pdf\" target=\"_blank\" rel=\"noreferrer noopener\">Aktiv Zeitung \/ 11. M\u00e4rz 2025<\/a><\/li>\n\n\n\n<li><strong><span class=\"uppercase\">Wachstum trotz Flaute: &#8220;Die Neubaukrise kommt uns zu Gute&#8221;<\/span><\/strong><br><a href=\"https:\/\/www.kleinezeitung.at\/wirtschaft\/19439063\/die-neubaukrise-kommt-uns-zu-gute\" target=\"_blank\" rel=\"noreferrer noopener\">Kleine Zeitung \/ 06. M\u00e4rz 2025<\/a><\/li>\n\n\n\n<li><strong><span class=\"uppercase\">Familienbetrieb aus gnesau: LEEB BALKONE VERST\u00c4RKT GESCH\u00c4FTSF\u00dcHRUNG<\/span><\/strong><br><a href=\"https:\/\/www.meinbezirk.at\/c-wirtschaft\/leeb-balkone-verstaerkt-geschaeftsfuehrung_a7183682\" target=\"_blank\" rel=\"noreferrer noopener\">MeinBezirk \/ 05. M\u00e4rz 2025<\/a><\/li>\n\n\n\n<li><strong><span class=\"uppercase\">leeb balkone verst\u00e4rkt gesch\u00e4ftsf\u00fchrung <\/span><\/strong><br><a href=\"https:\/\/gailtal-journal.at\/wirtschaft\/leeb-balkone-verstaerkt-geschaeftsfuehrung\/\" target=\"_blank\" rel=\"noreferrer noopener\">Gailtaler Journal \/ 05. M\u00e4rz 2025<\/a><\/li>\n\n\n\n<li><span class=\"uppercase\"><strong>ALC 2024<\/strong> <strong>&#8211; Beweis f\u00fcr Engagement und Innovationskraft<\/strong><\/span><br><a href=\"\/app\/uploads\/2024\/11\/Presse-Kurier.pdf\">Kurier \/ 07. November 2024<\/a><\/li>\n\n\n\n<li><strong><span class=\"uppercase\">Platz 2 bei den Austria Leading Companies 2024<\/span><\/strong><br><a href=\"https:\/\/www.diepresse.com\/unternehmen\/alc\/alckaernten\">Die Presse \/ 01. Oktober 2024<\/a><\/li>\n\n\n\n<li><strong>SOLARZAUN VON LEEB<\/strong><br><a href=\"https:\/\/www.sonnenseite.com\/de\/energie\/ist-der-solarzaun-vorbote-einer-revolution\/\">Sonnenseite \/ 17. September 2024<\/a><\/li>\n\n\n\n<li><strong>BALKONE, Z\u00c4UNE UND \u00dcBERDACHUNGEN VON LEEB<\/strong><br><a href=\"https:\/\/www.austriaguetezeichen.at\/news\/balkone-zaeune-und-ueberdachungen-von-leeb\/\">\u00d6sterreichische Arbeitsgemeinschaft zur F\u00f6rderung der Qualit\u00e4t (\u00d6QA) \/ 24. April 2024<\/a><\/li>\n\n\n\n<li><strong>KARRIERE BEI LEEB<\/strong><br><a href=\"https:\/\/www.bezirksjournal.info\/leeb-karriere-april2024\/\">Bezirksjournal\/ 21.April 2024<\/a><\/li>\n\n\n\n<li><strong>IMMER EINEN SCHRITT VORAUS<\/strong><br><a href=\"https:\/\/www.bezirksjournal.info\/leeb-aktuelle-produkte\/\">Bezirksjournal\/ 21.April 2024<\/a><\/li>\n\n\n\n<li><strong>INNOVATIV UND NACHHALTIG<\/strong><br><a href=\"\/app\/uploads\/2024\/04\/Pressefruehstueck2024-Woche.pdf\">MeinBezirk\/ 12. April 2024<strong> <\/strong><\/a><\/li>\n\n\n\n<li><strong>INNOVATION UND NACHHALTIGKEIT<\/strong><br><a href=\"https:\/\/www.meinbezirk.at\/kaernten\/c-wirtschaft\/innovation-und-nachhaltigkeit_a6633117\" target=\"_blank\" rel=\"noreferrer noopener\">Feldkirchner Woche\/ 12. April 2024<\/a><a href=\"\/app\/uploads\/2023\/06\/Page_19.pdf\"><strong> <\/strong><\/a><\/li>\n\n\n\n<li><strong>RENOVIERUNGEN BRINGEN LEEB BALKONE MEHR AUFTR\u00c4GE EIN <\/strong><br><a href=\"https:\/\/www.kleinezeitung.at\/wirtschaft\/18360724\/renovierungen-bringen-leeb-balkone-mehr-auftraege-ein\" target=\"_blank\" rel=\"noreferrer noopener\">Kleine Zeitung\/ 12. April 2024<\/a><a href=\"\/app\/uploads\/2023\/06\/Page_19.pdf\"><strong> <\/strong><\/a><\/li>\n\n\n\n<li><strong>LEEB BALKONE SETZT AUF FRAUENPOWER, INNOVATION &amp; NACHHALTIGKEIT<\/strong><br><a href=\"\/app\/uploads\/2023\/06\/Bezirksjournal-Ausgabe-2023.pdf\">Bezirksjournal\/ Ausgabe Mai.2023<\/a><a href=\"\/app\/uploads\/2023\/06\/Page_19.pdf\"><strong> <\/strong><\/a><\/li>\n\n\n\n<li><strong>&#8220;LEEB BALKONE&#8221; ZIEHT ERFREULICHE BILANZ<\/strong><br><a href=\"https:\/\/www.meinbezirk.at\/klagenfurt-land\/c-wirtschaft\/leeb-balkone-zieht-erfreuliche-bilanz_a6027990\">K\u00e4rntner Woche \/ Klagenfurt Land \/ 04.05.2023<\/a><\/li>\n\n\n\n<li><strong>LEEB W\u00c4CHST DANK SOLARBALKONEN, DIE &#8220;SICH SELBST VERDIENEN&#8221;<\/strong><br><a href=\"https:\/\/www.kleinezeitung.at\/wirtschaft\/6283904\/Vorbau-als-Energieproduzent_Leeb-waechst-dank-Solarbalkonen-die\">Kleine Zeitung \/ 05.05.2023<\/a><\/li>\n\n\n\n<li><strong>AUS DEN CHEFETAGEN &#8211; HOFFEN AUF EINE SANFTE LANDUNG<\/strong><br><a href=\"https:\/\/www.leeb-balkone.com\/app\/uploads\/2022\/06\/20220613_Artikel_KLZ.jpg\">Kleine Zeitung \/ 11.06.2022<\/a><\/li>\n\n\n\n<li><strong>LEEB IM FOKUS DER VORZEIGEBETRIEBE<\/strong><br><a href=\"https:\/\/www.leeb-balkone.com\/app\/uploads\/2022\/06\/20220524-Kleine-Zeitung.pdf\">Kleine Zeitung \/ 24.05.2022<\/a><\/li>\n\n\n\n<li><strong>FAMILIENFREUNDLICHKEIT AUSGEZEICHNET<\/strong><br><a href=\"https:\/\/www.leeb-balkone.com\/app\/uploads\/2022\/06\/Juni2022_Bezirksjournal.pdf\">Bezirksjournal\/ Ausgabe Juni 2022<strong> <\/strong><\/a><\/li>\n\n\n\n<li><strong>MARKTF\u00dcHRER LEEB MIT VIELEN ANREIZEN F\u00dcR MITARBEITER<\/strong><br><a href=\"https:\/\/www.leeb-balkone.com\/app\/uploads\/2022\/05\/20220514_Kleine-Zeitung.jpg\">Kleine Zeitung\/14.05.2022<strong> <\/strong><\/a><\/li>\n\n\n\n<li><strong>DAS SIND \u00d6STERREICHS BESTE FAMILIENUNTERNEHMEN<\/strong><br><a href=\"https:\/\/www.leeb-balkone.com\/app\/uploads\/2022\/05\/20220511_Leadersnet-Oesterreichs-beste-Familienunternehmen-scaled.jpg\">Leadersnet\/11.05.2022<strong> <\/strong><\/a><\/li>\n\n\n\n<li><strong>BALKON-SPEZIALISTEN AUS DEN K\u00c4RNTNER BERGEN<\/strong><br><a href=\"https:\/\/www.leeb-balkone.com\/app\/uploads\/2022\/05\/20220510_Presse-Balkonspezialisten-scaled.jpg\">Die Presse\/10.05.2022<strong> <\/strong><\/a><\/li>\n<\/ul>\n<\/div>\n\n\n\n<div class=\"wp-block-t3-column-6 cell small-12 medium-6\">\n<ul class=\"wp-block-list\">\n<li><strong><span class=\"uppercase\">Mama-schicht bei leeb<\/span><\/strong><br><a href=\"\/app\/uploads\/2021\/10\/202108_Wohnnet.pdf\"><\/a><a href=\"\/app\/uploads\/2021\/11\/20211117_KLZ_Mamaschicht.pdf\">Kleine Zeitung \/ 17.11.2021<\/a><\/li>\n\n\n\n<li><strong><span class=\"uppercase\">Job und arbeit unter einem hut<\/span><\/strong><br><a href=\"\/app\/uploads\/2021\/10\/202108_Wohnnet.pdf\"><\/a><a href=\"\/app\/uploads\/2021\/12\/202111_Bezirksjournal-Job-und-Familie.pdf\">Bezirksjournal \/ Ausgabe November 2021<\/a><\/li>\n\n\n\n<li><strong><span class=\"uppercase\">m\u00e4dchen in technischen berufen<\/span><\/strong><br><a href=\"\/app\/uploads\/2021\/10\/202108_Wohnnet.pdf\"><\/a><a href=\"\/app\/uploads\/2021\/10\/20211016_Krone_maedchen-in-technischen-berufen.jpg\">Kronen Zeitung \/ 16.10.2021<\/a><\/li>\n\n\n\n<li><strong><span class=\"uppercase\">ERLEEB&#8217; DEINE LEHRE<\/span><\/strong><br><a href=\"\/app\/uploads\/2021\/10\/202108_Wohnnet.pdf\"><\/a><a href=\"\/app\/uploads\/2021\/10\/20211003_Lehrlingsjournal-Krone.pdf\">Kronen Zeitung \/ 03.10.2021<\/a><\/li>\n\n\n\n<li><strong><span class=\"uppercase\">DIE LEHRE ALS KARRIERESTART<\/span><\/strong><br><a href=\"\/app\/uploads\/2021\/10\/20210610_Ka\u0308rntner-Woche.pdf\"><\/a><a href=\"https:\/\/www.leeb-balkone.com\/app\/uploads\/2021\/10\/202110_Woche-Lehrlinge.pdf\">Feldkirchner Woche \/ 29.09.2021<\/a><\/li>\n\n\n\n<li><strong><span class=\"uppercase\">Balkon nachtr\u00e4glich anbauen<\/span><\/strong><br><a href=\"\/app\/uploads\/2021\/10\/202108_Wohnnet.pdf\">wohnnet \/ August 2021<\/a><\/li>\n\n\n\n<li><strong><span class=\"uppercase\">vielf\u00e4ltige leebensart<\/span><\/strong><br><a href=\"\/app\/uploads\/2021\/10\/20210610_Ka\u0308rntner-Woche.pdf\">Feldkirchner Woche \/ 10.06.2021<\/a><\/li>\n\n\n\n<li><strong><span class=\"uppercase\">Leeb Balkone w\u00e4chst und sucht<\/span><\/strong><br><a href=\"\/app\/uploads\/2021\/06\/20200602_feldkirchner-woche.pdf\">Feldkirchner Woche \/ 02.06.2021<\/a><\/li>\n\n\n\n<li><strong><span class=\"uppercase\">Der Balkon aus der Region<\/span><\/strong><br><a href=\"\/app\/uploads\/2021\/06\/20210602_kleine-zeitung-balkon-aus-region.pdf\">Kleine Zeitung \/ 02.06.2021<\/a><\/li>\n\n\n\n<li><strong><span class=\"uppercase\">K\u00e4rntner Vorzeigebetriebe<\/span><\/strong><br><a href=\"\/app\/uploads\/2021\/05\/20210526_kleine-zeitung-vorzeigebetriebe.pdf\">Kleine Zeitung \/ 26.05.2021<\/a><\/li>\n\n\n\n<li><strong><span class=\"uppercase\">Umsatzzuwachs bei Leeb<\/span><\/strong><br><a href=\"\/app\/uploads\/2021\/05\/20200521_kaerntner-wirtschaft.pdf\">K\u00e4rntner Wirtschaft \/ 21.05.2021<\/a><\/li>\n\n\n\n<li><strong>LEEB BALKONE FLORIERT<\/strong><br><a data-type=\"URL\" data-id=\"\/app\/uploads\/2020\/10\/Erleeb-deine-Karriere.pdf\" href=\"\/app\/uploads\/2020\/10\/Erleeb-deine-Karriere.pdf\"><\/a><a href=\"\/app\/uploads\/2021\/05\/20210513-leeb-balkone-floriert-und-sucht-mitarbeiter-klz.pdf\">Kleine Zeitung \/ 13.05.2021<\/a><\/li>\n\n\n\n<li><strong><span class=\"uppercase\">Leeb unter den K\u00e4rntner Vorzeigebetrieben<\/span><\/strong><br><a href=\"\/app\/uploads\/2021\/05\/20201124_kaerntner-vorzeigebetriebe-kleine-zeitung.pdf\">Kleine Zeitung \/ 24.11.2020<\/a><\/li>\n\n\n\n<li><strong>ERLEEB\u2019 DEINE KARRIERE<\/strong><br><a href=\"https:\/\/www.leeb-balkone.com\/app\/uploads\/2021\/05\/20200718-erleeb-deine-Karriere-klz.pdf\">Kleine Zeitung \/ 18.07.2020<\/a><\/li>\n\n\n\n<li><strong>AM PULS DER ZEIT<\/strong><br><a href=\"\/app\/uploads\/2020\/10\/Ka\u0308rntner-Regionalmedien-Puls-der-Zeit-Juni-2020.jpeg\" target=\"_blank\" rel=\"noreferrer noopener\"><\/a><a href=\"\/app\/uploads\/2021\/05\/20200601-am-puls-der-zeit-krm.jpeg\">K\u00e4rntner Regionalmedien \/ Juni 2020<\/a><\/li>\n\n\n\n<li><strong>CORONAZEIT BRINGT LEEB EIN ABSATZPLUS<\/strong><br><a href=\"\/app\/uploads\/2020\/10\/Kleine-Zeitung-Juni-2020-Corona-bringt-Leeb-Absatzplus-1.pdf\" target=\"_blank\" rel=\"noreferrer noopener\"><\/a><a href=\"\/app\/uploads\/2021\/05\/20200616-corona-bringt-leeb-absatzplus-klz.pdf\">Kleine Zeitung \/ 16.06.2020<\/a><\/li>\n\n\n\n<li><strong>\u00c4USSERST POSITIVE BILANZ<\/strong><br><a href=\"\/app\/uploads\/2020\/10\/Kronen-Zeitung-Juni-2020-1.jpg\">Kronen Zeitung \/ Juni 2020<\/a><\/li>\n\n\n\n<li><strong>Mein sch\u00f6nster Platz<\/strong><br><a href=\"https:\/\/www.leeb-balkone.com\/app\/uploads\/2020\/10\/KRM-Feber-2020.pdf\">K\u00e4rntner Regionalmedian \/ Feber 2020<\/a><\/li>\n\n\n\n<li><strong>LEEB BALKONE BACKSTAGE!<\/strong><br><a href=\"\/app\/uploads\/2020\/10\/Krone_Tag-der-offenen-Tu\u0308r-e1602245812124.jpg\">K\u00e4rntner Woche \/ Feldkirchen \/ 30.10.2019<\/a><\/li>\n\n\n\n<li><strong>DIE LEEB-MITARBEITER SURFEN IN EIGENER APP<\/strong><br><a href=\"\/app\/uploads\/2020\/10\/WocheFeldkirchen_August2019.jpg\">K\u00e4rntner Woche \/ Feldkirchen \/ 07.08.2019<\/a><\/li>\n\n\n\n<li><strong>MIT EIGENER APP DURCH DAS UNTERNEHMEN SURFEN<\/strong><br><a href=\"\/app\/uploads\/2020\/10\/Kronenzeitung_August2019-e1602245773568.jpg\">Kronen Zeitung \/ 07.08.2019<\/a><\/li>\n\n\n\n<li><strong>LEEB ALS ARBEITGEBER<\/strong><br><a href=\"\/app\/uploads\/2020\/10\/Bezirksjournal_LeebArbeitgeber.pdf\">Bezirksjournal \/ Juli-August 2019<\/a><\/li>\n\n\n\n<li><strong>BALKONE UND Z\u00c4UNE BEI LEEB VIRTUELL ERLEBEN<\/strong><br><a href=\"https:\/\/www.leeb-balkone.com\/app\/uploads\/2020\/10\/leeb-virtuell-erleben-WKK_10KW20-21_KTN_infineon_leeb.pdf\">K\u00e4rntner Wirtschaft \/ 24.05.2019<\/a><\/li>\n\n\n\n<li><strong>LEEB SETZT WACHSTUMSKURS FORT<\/strong><br><a href=\"https:\/\/www.leeb-balkone.com\/app\/uploads\/2020\/10\/KRM_16_05.png\">K\u00e4rntner Regionalmedien \/ 16.05.2019<\/a><\/li>\n\n\n\n<li><strong>LEEB SETZT AUF NEUE TRENDS<\/strong><br><a href=\"https:\/\/www.leeb-balkone.com\/app\/uploads\/2020\/10\/Bericht-30.04-e1602245844412.jpg\">Kronen Zeitung \/ 30.04.2019<\/a><\/li>\n\n\n\n<li><strong>GL\u00c4SERNER BLICK AUFS GARTENBEET<\/strong><br><a href=\"https:\/\/www.leeb-balkone.com\/app\/uploads\/2020\/10\/Ka%CC%88rntner-Woche_Feldkirchen_1.5..jpg\">K\u00e4rntner Woche \/ Feldkirchen \/ Mai 2019<\/a><\/li>\n\n\n\n<li><strong>MIT VIRTUELLER BRILLE ZUM BALKON<\/strong><br><a href=\"https:\/\/www.leeb-balkone.com\/app\/uploads\/2020\/10\/201904-mit-virtueller-brille-zum-holzbalkon-klz.pdf\">Kleine Zeitung \/ 27.04.2019<\/a><\/li>\n\n\n\n<li><strong>&#8220;ICH W\u00dcRDE NIE EINE ANDERE LEHRE MACHEN&#8221;<\/strong><br><a href=\"https:\/\/www.leeb-balkone.com\/app\/uploads\/2020\/10\/woche-feldkirchen-nr40-oktober-3.pdf\">K\u00e4rntner Woche \/ Feldkirchen \/ Oktober 2018<\/a><\/li>\n\n\n\n<li><strong>WENN MITARBEITER UND WIRTSCHAFT PROFITIEREN<\/strong><br><a href=\"https:\/\/www.leeb-balkone.com\/app\/uploads\/2020\/10\/wenn-mitarbeiter-und-wirtschaft-profitieren.jpg\">K\u00e4rntner Woche \/ Feldkirchen \/ Oktober 2018<\/a><\/li>\n\n\n\n<li><strong>MITARBEITER KOMMEN MIT DEM BUS ZUR ARBEIT<\/strong><br><a href=\"\/app\/uploads\/2020\/10\/leeb-mitarbeiter-bus-scaled.jpg\" target=\"_blank\" rel=\"noreferrer noopener\"><\/a><a href=\"\/app\/uploads\/2021\/05\/leeb-mitarbeiter-bus-scaled.jpg\">K\u00e4rntner Woche \/ Feldkirchen 28 \/ 2018<\/a><\/li>\n\n\n\n<li><strong>FELDKIRCHNER IN FELDKIRCHEN<\/strong><br><a href=\"https:\/\/www.leeb-balkone.com\/de\/wp\/wp-admin\/post.php?post=8220&amp;action=edit&amp;lang=de#\" target=\"_blank\" rel=\"noreferrer noopener\"><\/a><a href=\"\/app\/uploads\/2021\/05\/20180718-feldkirchner-in-feldkirchen-scaled.jpg\">K\u00e4rntner Woche \/ Feldkirchen 2<\/a><a href=\"\/app\/uploads\/2020\/10\/20200718-feldkirchner-in-feldkirchen-scaled.jpg\" target=\"_blank\" rel=\"noreferrer noopener\">8<\/a><a href=\"https:\/\/www.leeb-balkone.com\/de\/wp\/wp-admin\/post.php?post=8220&amp;action=edit&amp;lang=de#\" target=\"_blank\" rel=\"noreferrer noopener\"><\/a> \/ 2018<\/li>\n\n\n\n<li><strong>K\u00c4RNTNERIN DES TAGES<\/strong><br><a href=\"\/app\/uploads\/2020\/10\/20180504-kaertner-des-tages-andrea-doerfler-.pdf\" target=\"_blank\" rel=\"noreferrer noopener\"><\/a><a href=\"\/app\/uploads\/2021\/05\/20180504-kaerntnerin-des-tages-andrea-doerfler-.pdf\">Kleine Zeitung \/ 04.05.2018<\/a><\/li>\n\n\n\n<li><strong>LEEB BALKONE SIND AUF ERFOLGSKURS<\/strong><br><a href=\"\/app\/uploads\/2020\/10\/20180502-leeb-auf-erfolgskurs-kaerntner-woche.pdf\"><\/a><a href=\"\/app\/uploads\/2021\/05\/20180502-leeb-auf-erfolgskurs-kaerntner-woche.pdf\">K\u00e4rntner Woche 18 \/ 2018<\/a><\/li>\n\n\n\n<li><strong>VOM KLEINEN S\u00c4GEWERK ZUR NR. 1 IN EUROPA<\/strong><br><a href=\"\/app\/uploads\/2020\/10\/20180427-vom-kleinen-saegewerk-zur-nr-1-kaerntner-wirtschaft-wko.pdf\">K\u00e4rntner Wirtschaft \/ 27.04.2018<\/a><\/li>\n\n\n\n<li><strong>LEEB RICHTET SICH MIT 200 MITARBEITERN EIN<\/strong><br><a href=\"\/app\/uploads\/2020\/10\/20180421-leeb-richtet-sich-mit-200-mitarbeitern-ein-kleine-zeitung.pdf\">Kleine Zeitung \/ 21.04.2018<\/a><\/li>\n\n\n\n<li><strong>ANTWORTEN AUF &#8220;BOHRENDE&#8221; FRAGEN<\/strong><br><a href=\"\/app\/uploads\/2020\/10\/20171004-antworten-auf-bohrende-fragen-kleine-zeitung.pdf\">Kleine Zeitung \/ 04.10.2017<\/a><\/li>\n\n\n\n<li><strong>LEEB BALKONE HOLT PRIMUS 2017<\/strong><br><a href=\"\/app\/uploads\/2020\/10\/2017-leeb-holt-primus-woche-feldkirchen.pdf\">K\u00e4rntner Woche \/ Feldkirchen 18\/2017<\/a><\/li>\n\n\n\n<li><strong>NEUER STANDORT AM W\u00d6RTHERSEE<\/strong><br><a href=\"\/app\/uploads\/2020\/10\/20161116-neuer-standort-am-woerthersee-krm.pdf\">K\u00e4rntner Regionalmedien \/ 16.11.2016<\/a><\/li>\n\n\n\n<li><strong>INNOVATIONEN AM BALKON<\/strong><br><a href=\"\/app\/uploads\/2020\/10\/201611-innovation-am-balkon.pdf\">iv-Positionen K\u00e4rnten \/ November 2016<\/a><\/li>\n\n\n\n<li><strong>LEEB BALKONE SICHERT SICH EXPORTPREIS 2016<\/strong><br><a href=\"\/app\/uploads\/2020\/10\/20160629-leeb-sichert-exportpreis-woche.pdf\">K\u00e4rntner Woche \/ 29.06.2016<\/a><\/li>\n\n\n\n<li><strong>INTERVIEW MIT GESCH\u00c4FTSF\u00dcHRER MARKUS LEEB<\/strong><br><a href=\"\/app\/uploads\/2020\/10\/20160601-interview-mit-markus-leeb-wirtschaftsblatt.pdf\">Wirtschaftsblatt \/ 01.06.2016<\/a><\/li>\n<\/ul>\n<\/div>\n<\/div>\n<\/div><\/div><\/div><\/div>\n<\/section>\n\n\n\n<section class=\"wp-block-cgb-t3-section-block alignfull b-pt-none  is-style-default\" style=\"display:inherit;min-height:inherit\">\n<div class=\"wp-block-cgb-t3-container-block b-has-offset-h\" style=\"background-color:none\"><div class=\"grid-container\"><div class=\"grid-x\"><div class=\"cell small-12 medium-6 large-0 medium-offset-1\">\n<h2 class=\"wp-block-heading\">PRESSEKONTAKT<\/h2>\n<\/div><\/div><\/div><\/div>\n\n\n\n<div class=\"wp-block-cgb-t3-container-block none\" style=\"background-color:none\"><div class=\"grid-container\"><div class=\"grid-x\"><div class=\"cell small-12 medium-8 large-0 medium-offset-2 b-has-pt\"><div class=\"c-person grid-x grid-margin-x\">\n  <div class=\"c-person__img cell small-12 medium-6\">\n      <div class=\"c-person__img-wrapper\">\n        \n          <img loading=\"lazy\" decoding=\"async\" src=\"https:\/\/www.leeb-balkone.com\/app\/uploads\/2020\/08\/leeb-balkone-mitarbeiter-10-scaled-e1717514181652.jpg\" class=\"h-rounded-img\" alt=\"leeb balkone mitarbeiter 10 e1717514181652\" width=\"640\" height=\"432\" \/>\n        \n      <\/div>\n  <\/div>\n  <div class=\"c-person__txt cell small-12 medium-6\">\n    <div class=\"c-person__txt-wrapper h-lc-no-mb\">\n              <h3>\n                     Pressekontakt\n        <\/h3>\n                  <small><\/small>\n                      \n      \n              \n                  <a href=\"#\" class=\"esend button primary\" data-esend=\"presse\" data-etld=\"com\" data-edname=\"leeb-balkone\">Email senden<\/a>\n                        <\/div>\n  <\/div>\n<\/div>\n<\/div><\/div><\/div><\/div>\n<\/section>\n\n\n","protected":false},"excerpt":{"rendered":"","protected":false},"author":1,"featured_media":0,"parent":6886,"menu_order":6,"comment_status":"closed","ping_status":"closed","template":"template-onepager.blade.php","meta":{"_acf_changed":false,"footnotes":"","_sage_theme_css":true,"_wp_block_core_css":false},"folder":[],"class_list":["post-8220","page","type-page","status-publish","hentry"],"acf":[],"yoast_head":"<!-- This site is optimized with the Yoast SEO plugin v27.2 - https:\/\/yoast.com\/product\/yoast-seo-wordpress\/ -->\n<title>Leeb in den Medien - Leeb Balkone Deutschland<\/title>\n<meta name=\"description\" content=\"Leeb hat viel zu bieten! Verschiedene Auszeichnungen, stetige Innovationen und Erneuerungen, sowie erfolgreiche Bilanzen. Auf dieser Seite finden Sie eine\" \/>\n<meta name=\"robots\" content=\"index, follow, max-snippet:-1, max-image-preview:large, max-video-preview:-1\" \/>\n<meta property=\"og:locale\" content=\"de_DE\" \/>\n<meta property=\"og:type\" content=\"article\" \/>\n<meta property=\"og:title\" content=\"Leeb in den Medien - Leeb Balkone\" \/>\n<meta property=\"og:description\" content=\"Leeb hat viel zu bieten! Verschiedene Auszeichnungen, stetige Innovationen und Erneuerungen, sowie erfolgreiche Bilanzen. Auf dieser Seite finden Sie eine\" \/>\n<meta property=\"og:url\" content=\"https:\/\/www.leeb-balkone.com\/de\/ueber-leeb\/leeb-in-den-medien\/\" \/>\n<meta property=\"og:site_name\" content=\"Leeb Balkone\" \/>\n<meta property=\"article:publisher\" content=\"https:\/\/www.facebook.com\/balkone\/\" \/>\n<meta property=\"article:modified_time\" content=\"2026-04-22T12:14:30+00:00\" \/>\n<meta property=\"og:image\" content=\"https:\/\/www.leeb-balkone.com\/app\/uploads\/2020\/09\/alu-balkongelaender-zufriedene-kunden-1.jpg\" \/>\n\t<meta property=\"og:image:width\" content=\"2560\" \/>\n\t<meta property=\"og:image:height\" content=\"1762\" \/>\n\t<meta property=\"og:image:type\" content=\"image\/jpeg\" \/>\n<meta name=\"twitter:card\" content=\"summary_large_image\" \/>\n<script type=\"application\/ld+json\" class=\"yoast-schema-graph\">{\"@context\":\"https:\/\/schema.org\",\"@graph\":[{\"@type\":\"WebPage\",\"@id\":\"https:\/\/www.leeb-balkone.com\/de\/ueber-leeb\/leeb-in-den-medien\/\",\"url\":\"https:\/\/www.leeb-balkone.com\/de\/ueber-leeb\/leeb-in-den-medien\/\",\"name\":\"Leeb in den Medien - Leeb Balkone\",\"isPartOf\":{\"@id\":\"https:\/\/www.leeb-balkone.com\/de\/#website\"},\"datePublished\":\"2020-10-01T12:04:08+00:00\",\"dateModified\":\"2026-04-22T12:14:30+00:00\",\"description\":\"Leeb hat viel zu bieten! Verschiedene Auszeichnungen, stetige Innovationen und Erneuerungen, sowie erfolgreiche Bilanzen. Auf dieser Seite finden Sie eine\",\"breadcrumb\":{\"@id\":\"https:\/\/www.leeb-balkone.com\/de\/ueber-leeb\/leeb-in-den-medien\/#breadcrumb\"},\"inLanguage\":\"de\",\"potentialAction\":[{\"@type\":\"ReadAction\",\"target\":[\"https:\/\/www.leeb-balkone.com\/de\/ueber-leeb\/leeb-in-den-medien\/\"]}]},{\"@type\":\"BreadcrumbList\",\"@id\":\"https:\/\/www.leeb-balkone.com\/de\/ueber-leeb\/leeb-in-den-medien\/#breadcrumb\",\"itemListElement\":[{\"@type\":\"ListItem\",\"position\":1,\"name\":\"Home\",\"item\":\"https:\/\/www.leeb-balkone.com\/de\/\"},{\"@type\":\"ListItem\",\"position\":2,\"name\":\"\u00dcber Leeb\",\"item\":\"https:\/\/www.leeb-balkone.com\/de\/ueber-leeb\/\"},{\"@type\":\"ListItem\",\"position\":3,\"name\":\"Leeb in den Medien\"}]},{\"@type\":\"WebSite\",\"@id\":\"https:\/\/www.leeb-balkone.com\/de\/#website\",\"url\":\"https:\/\/www.leeb-balkone.com\/de\/\",\"name\":\"Leeb Balkone\",\"description\":\"Balkone und Z\u00e4une\",\"publisher\":{\"@id\":\"https:\/\/www.leeb-balkone.com\/de\/#organization\"},\"potentialAction\":[{\"@type\":\"SearchAction\",\"target\":{\"@type\":\"EntryPoint\",\"urlTemplate\":\"https:\/\/www.leeb-balkone.com\/de\/?s={search_term_string}\"},\"query-input\":{\"@type\":\"PropertyValueSpecification\",\"valueRequired\":true,\"valueName\":\"search_term_string\"}}],\"inLanguage\":\"de\"},{\"@type\":\"Organization\",\"@id\":\"https:\/\/www.leeb-balkone.com\/de\/#organization\",\"name\":\"Leeb Balkone Gmbh\",\"url\":\"https:\/\/www.leeb-balkone.com\/de\/\",\"logo\":{\"@type\":\"ImageObject\",\"inLanguage\":\"de\",\"@id\":\"https:\/\/www.leeb-balkone.com\/de\/#\/schema\/logo\/image\/\",\"url\":\"https:\/\/www.leeb-balkone.com\/app\/uploads\/2020\/11\/leeb-logo.svg\",\"contentUrl\":\"https:\/\/www.leeb-balkone.com\/app\/uploads\/2020\/11\/leeb-logo.svg\",\"width\":741,\"height\":204,\"caption\":\"Leeb Balkone Gmbh\"},\"image\":{\"@id\":\"https:\/\/www.leeb-balkone.com\/de\/#\/schema\/logo\/image\/\"},\"sameAs\":[\"https:\/\/www.facebook.com\/balkone\/\",\"https:\/\/www.trustedshops.at\/bewertung\/info_X4587CCF5833E31AFE0B11F47D86999F2.html\",\"https:\/\/www.trustedshops.de\/bewertung\/info_X7BA536A7A0BDC86D36C4718E4DCAEEEF.html\",\"https:\/\/www.google.com\/maps\/place\/?q=place_id:ChIJ5-zH19-IcEcR9HonWRTllHI\"]}]}<\/script>\n<!-- \/ Yoast SEO plugin. -->","yoast_head_json":{"title":"Leeb in den Medien - Leeb Balkone Deutschland","description":"Leeb hat viel zu bieten! Verschiedene Auszeichnungen, stetige Innovationen und Erneuerungen, sowie erfolgreiche Bilanzen. Auf dieser Seite finden Sie eine","robots":{"index":"index","follow":"follow","max-snippet":"max-snippet:-1","max-image-preview":"max-image-preview:large","max-video-preview":"max-video-preview:-1"},"og_locale":"de_DE","og_type":"article","og_title":"Leeb in den Medien - Leeb Balkone","og_description":"Leeb hat viel zu bieten! Verschiedene Auszeichnungen, stetige Innovationen und Erneuerungen, sowie erfolgreiche Bilanzen. Auf dieser Seite finden Sie eine","og_url":"https:\/\/www.leeb-balkone.com\/de\/ueber-leeb\/leeb-in-den-medien\/","og_site_name":"Leeb Balkone","article_publisher":"https:\/\/www.facebook.com\/balkone\/","article_modified_time":"2026-04-22T12:14:30+00:00","og_image":[{"width":2560,"height":1762,"url":"https:\/\/www.leeb-balkone.com\/app\/uploads\/2020\/09\/alu-balkongelaender-zufriedene-kunden-1.jpg","type":"image\/jpeg"}],"twitter_card":"summary_large_image","schema":{"@context":"https:\/\/schema.org","@graph":[{"@type":"WebPage","@id":"https:\/\/www.leeb-balkone.com\/de\/ueber-leeb\/leeb-in-den-medien\/","url":"https:\/\/www.leeb-balkone.com\/de\/ueber-leeb\/leeb-in-den-medien\/","name":"Leeb in den Medien - Leeb Balkone","isPartOf":{"@id":"https:\/\/www.leeb-balkone.com\/de\/#website"},"datePublished":"2020-10-01T12:04:08+00:00","dateModified":"2026-04-22T12:14:30+00:00","description":"Leeb hat viel zu bieten! Verschiedene Auszeichnungen, stetige Innovationen und Erneuerungen, sowie erfolgreiche Bilanzen. Auf dieser Seite finden Sie eine","breadcrumb":{"@id":"https:\/\/www.leeb-balkone.com\/de\/ueber-leeb\/leeb-in-den-medien\/#breadcrumb"},"inLanguage":"de","potentialAction":[{"@type":"ReadAction","target":["https:\/\/www.leeb-balkone.com\/de\/ueber-leeb\/leeb-in-den-medien\/"]}]},{"@type":"BreadcrumbList","@id":"https:\/\/www.leeb-balkone.com\/de\/ueber-leeb\/leeb-in-den-medien\/#breadcrumb","itemListElement":[{"@type":"ListItem","position":1,"name":"Home","item":"https:\/\/www.leeb-balkone.com\/de\/"},{"@type":"ListItem","position":2,"name":"\u00dcber Leeb","item":"https:\/\/www.leeb-balkone.com\/de\/ueber-leeb\/"},{"@type":"ListItem","position":3,"name":"Leeb in den Medien"}]},{"@type":"WebSite","@id":"https:\/\/www.leeb-balkone.com\/de\/#website","url":"https:\/\/www.leeb-balkone.com\/de\/","name":"Leeb Balkone","description":"Balkone und Z\u00e4une","publisher":{"@id":"https:\/\/www.leeb-balkone.com\/de\/#organization"},"potentialAction":[{"@type":"SearchAction","target":{"@type":"EntryPoint","urlTemplate":"https:\/\/www.leeb-balkone.com\/de\/?s={search_term_string}"},"query-input":{"@type":"PropertyValueSpecification","valueRequired":true,"valueName":"search_term_string"}}],"inLanguage":"de"},{"@type":"Organization","@id":"https:\/\/www.leeb-balkone.com\/de\/#organization","name":"Leeb Balkone Gmbh","url":"https:\/\/www.leeb-balkone.com\/de\/","logo":{"@type":"ImageObject","inLanguage":"de","@id":"https:\/\/www.leeb-balkone.com\/de\/#\/schema\/logo\/image\/","url":"https:\/\/www.leeb-balkone.com\/app\/uploads\/2020\/11\/leeb-logo.svg","contentUrl":"https:\/\/www.leeb-balkone.com\/app\/uploads\/2020\/11\/leeb-logo.svg","width":741,"height":204,"caption":"Leeb Balkone Gmbh"},"image":{"@id":"https:\/\/www.leeb-balkone.com\/de\/#\/schema\/logo\/image\/"},"sameAs":["https:\/\/www.facebook.com\/balkone\/","https:\/\/www.trustedshops.at\/bewertung\/info_X4587CCF5833E31AFE0B11F47D86999F2.html","https:\/\/www.trustedshops.de\/bewertung\/info_X7BA536A7A0BDC86D36C4718E4DCAEEEF.html","https:\/\/www.google.com\/maps\/place\/?q=place_id:ChIJ5-zH19-IcEcR9HonWRTllHI"]}]}},"_links":{"self":[{"href":"https:\/\/www.leeb-balkone.com\/de\/wp-json\/wp\/v2\/pages\/8220","targetHints":{"allow":["GET"]}}],"collection":[{"href":"https:\/\/www.leeb-balkone.com\/de\/wp-json\/wp\/v2\/pages"}],"about":[{"href":"https:\/\/www.leeb-balkone.com\/de\/wp-json\/wp\/v2\/types\/page"}],"author":[{"embeddable":true,"href":"https:\/\/www.leeb-balkone.com\/de\/wp-json\/wp\/v2\/users\/1"}],"replies":[{"embeddable":true,"href":"https:\/\/www.leeb-balkone.com\/de\/wp-json\/wp\/v2\/comments?post=8220"}],"version-history":[{"count":27,"href":"https:\/\/www.leeb-balkone.com\/de\/wp-json\/wp\/v2\/pages\/8220\/revisions"}],"predecessor-version":[{"id":168199,"href":"https:\/\/www.leeb-balkone.com\/de\/wp-json\/wp\/v2\/pages\/8220\/revisions\/168199"}],"up":[{"embeddable":true,"href":"https:\/\/www.leeb-balkone.com\/de\/wp-json\/wp\/v2\/pages\/6886"}],"wp:attachment":[{"href":"https:\/\/www.leeb-balkone.com\/de\/wp-json\/wp\/v2\/media?parent=8220"}],"wp:term":[{"taxonomy":"folder","embeddable":true,"href":"https:\/\/www.leeb-balkone.com\/de\/wp-json\/wp\/v2\/folder?post=8220"}],"curies":[{"name":"wp","href":"https:\/\/api.w.org\/{rel}","templated":true}]}}