{"id":7514,"date":"2020-09-21T17:58:15","date_gmt":"2020-09-21T17:58:15","guid":{"rendered":"https:\/\/www.leeb-balkone.com\/de\/?page_id=7514"},"modified":"2025-12-26T17:45:07","modified_gmt":"2025-12-26T17:45:07","slug":"zertifizierte-qualitaet","status":"publish","type":"page","link":"https:\/\/www.leeb-balkone.com\/de\/ueber-leeb\/zertifizierte-qualitaet\/","title":{"rendered":"Zertifizierte Qualit\u00e4t"},"content":{"rendered":"<header data-block_acf-block-68f860336e917 class=\"c-fh  l-mh-small c-fh--hero c-grad-l2r c-fh--div none\">\n      <img loading=\"lazy\" decoding=\"async\" width=\"1920\" height=\"600\" src=\"https:\/\/www.leeb-balkone.com\/app\/uploads\/2020\/09\/balkon-alu-header.jpg\" class=\"no-lazy\" alt=\"Alu-Balkongel\u00e4nder mit Glaselementen auf Steinmauer\" srcset=\"https:\/\/www.leeb-balkone.com\/app\/uploads\/2020\/09\/balkon-alu-header-300x94.jpg 300w, https:\/\/www.leeb-balkone.com\/app\/uploads\/2020\/09\/balkon-alu-header-1024x320.jpg 1024w, https:\/\/www.leeb-balkone.com\/app\/uploads\/2020\/09\/balkon-alu-header-768x240.jpg 768w, https:\/\/www.leeb-balkone.com\/app\/uploads\/2020\/09\/balkon-alu-header-1536x480.jpg 1536w\" sizes=\"auto, (min-width: 1536px) 2048px, (min-width: 992px) 1536px, (min-width: 768px) 1024px, (min-width: 576px) 768px, 100vw\" \/>\n\n\n<div class=\"grid-container\">\n  <div class=\"grid-x\">\n    <div class=\"cell small-12 medium-6 medium-offset-1\">\n      <div class=\"c-fh__wrapper\">\n                              <p>LEEB Balkone beweist hohe Standards<\/p>\n                        <\/div>\n    <\/div>\n  <\/div>\n<\/div>\n  \n    \n    <\/header>\n\n\n  \n  <section class=\"wp-block-group alignfull t3-header u-max-wide t3-header-text has-white-background-color has-background has-global-padding is-layout-constrained wp-block-group-is-layout-constrained\">\n    <div class=\"wp-block-group o-grid u-md-1 u-sm-1 is-layout-flow wp-block-group-is-layout-flow\">\n  <div class=\"wp-block-group u-g-10 u-g-s-2\">\n      <div class=\"yoast-breadcrumbs\"><span><span><a href=\"https:\/\/www.leeb-balkone.com\/de\/\">Home<\/a><\/span><\/span><\/div>\n      \n    <h1>Zertifizierte Qualit\u00e4t<\/h1>\n  <\/div>\n<\/div>\n  <\/section>\n\n\n\n\n\n\n<section class=\"wp-block-cgb-t3-section-block alignfull b-pt-small  is-style-bg-white\" style=\"display:inherit;min-height:inherit\">\n<div class=\"wp-block-cgb-t3-container-block none\" style=\"background-color:none\"><div class=\"grid-container\"><div class=\"grid-x\"><div class=\"cell small-12 medium-9 large-0 medium-offset-1 b-has-lsmb\">\n<p><span class=\"teaser\">Mit uns sind Sie auf der sicheren Seite! Leeb ist der einzige Balkonhersteller in Europa, der nach der Qualit\u00e4tsnorm ISO 9001 zertifiziert ist. Zus\u00e4tzlich sind unsere Produkte nach EN 1090 auch CE-zertifiziert. Permanente Qualit\u00e4tskontrollen durch unabh\u00e4ngige Pr\u00fcfstellen erlauben uns, das Austria G\u00fctezeichen f\u00fcr Holzbalkone zu f\u00fchren. Seit 2010 d\u00fcrfen wir f\u00fcr unseren konsequenten Kurs das Zeichen \u201eAustrias Leading Company\u201c tragen. Diese ausgezeichnete Arbeit k\u00f6nnen Sie nat\u00fcrlich gerne auch jeden Tag in Ihrer N\u00e4he bewundern: Wir schneiden Ihren pers\u00f6nlichen Leeb Balkon und Zaun gerne individuell auf Ihre Bed\u00fcrfnisse und W\u00fcnsche zu.<\/span><\/p>\n<\/div><\/div><\/div><\/div>\n\n\n\n<div class=\"wp-block-cgb-t3-container-block none\" style=\"background-color:none\"><div class=\"grid-container\"><div class=\"grid-x\"><div class=\"cell small-12 medium-9 large-0 medium-offset-1 b-has-pt\">\n<figure class=\"wp-block-embed is-type-video is-provider-youtube wp-block-embed-youtube wp-embed-aspect-16-9 wp-has-aspect-ratio\"><div class=\"wp-block-embed__wrapper\">\n<iframe loading=\"lazy\" title=\"Leeb Balkone und Z\u00e4une Pendelschlagtest\" width=\"500\" height=\"281\" src=\"https:\/\/www.youtube.com\/embed\/-Ek6yIMB2Es?feature=oembed&#038;enablejsapi=1&#038;origin=https:\/\/www.leeb-balkone.com\/de\" frameborder=\"0\" allow=\"accelerometer; autoplay; clipboard-write; encrypted-media; gyroscope; picture-in-picture; web-share\" referrerpolicy=\"strict-origin-when-cross-origin\" allowfullscreen><\/iframe>\n<\/div><\/figure>\n<\/div><\/div><\/div><\/div>\n<\/section>\n\n\n\n<section class=\"wp-block-cgb-t3-section-block alignfull b-pt-none  is-style-bg-transparent\" style=\"display:inherit;min-height:inherit\">\n<div class=\"wp-block-cgb-t3-container-block b-has-offset-b\" style=\"background-color:#EE7203\"><div class=\"has-padding none grid-container-wrapper\"><div class=\"grid-container\"><div class=\"grid-x\"><div class=\"cell small-12 medium-9 large-0 medium-offset-1 b-has-lsmb\">\n<h2 class=\"wp-block-heading has-white-color has-text-color\"><span class=\"h2ash1\">Das zeichnet uns aus<\/span><\/h2>\n<\/div><\/div><\/div><\/div><\/div>\n\n\n\n<div class=\"wp-block-cgb-t3-container-block none\" style=\"background-color:none\"><div class=\"grid-container\"><div class=\"grid-x\"><div class=\"cell small-12 medium-12 large-0\"><div data-block_acf-block-68f860336e956 class=\"wp-block-group is-style-transparent-cards u-grid-temp has-4-cols u-md-2 u-sm-1 cards alignwide std \" style=\"margin-bottom:var(--wp--preset--spacing--xl)\">\n\n\n            <div class=\"wp-block-group m-card is-layout-flow wp-block-group-is-layout-flow\">\n      <figure data-imgid=\"17819\" class=\"wp-block-image size-large\">\n      <a href=\"#iso\"  data-smooth-scroll data-ofset=\"120\" class=\"no-default-link\">\n        <img decoding=\"async\" width=\"300\" height=\"225\" src=\"https:\/\/www.leeb-balkone.com\/app\/uploads\/2020\/11\/qualitaetsnorm-iso-9001-leeb-balkone-1-2-300x225.jpg\" class=\"attachment-medium size-medium\" alt=\"qualitaetsnorm iso 9001 leeb balkone 1 2\" title=\"\" loading=\"lazy\" srcset=\"https:\/\/www.leeb-balkone.com\/app\/uploads\/2020\/11\/qualitaetsnorm-iso-9001-leeb-balkone-1-2-300x225.jpg 300w, https:\/\/www.leeb-balkone.com\/app\/uploads\/2020\/11\/qualitaetsnorm-iso-9001-leeb-balkone-1-2-768x576.jpg 768w, https:\/\/www.leeb-balkone.com\/app\/uploads\/2020\/11\/qualitaetsnorm-iso-9001-leeb-balkone-1-2-1024x767.jpg 1024w, https:\/\/www.leeb-balkone.com\/app\/uploads\/2020\/11\/qualitaetsnorm-iso-9001-leeb-balkone-1-2-1536x1151.jpg 1536w, https:\/\/www.leeb-balkone.com\/app\/uploads\/2020\/11\/qualitaetsnorm-iso-9001-leeb-balkone-1-2.jpg 2000w\" sizes=\"auto, (min-width: 1200px) 260px, (min-width: 1024px) 220px, (min-width: 640px) 465px, 768px\" \/>      <\/a>\n    <\/figure>\n  \n  <div class=\"wp-block-group m-card-content is-vertical is-layout-flex wp-block-group-is-layout-flex\">\n            <h3 class=\"wp-block-heading\">\n          <a href=\"#iso\" class=\"no-default-link\"  data-smooth-scroll data-ofset=\"120\">Qualit\u00e4tsnorm ISO 9001<\/a>\n        <\/h3>\n        <p>Die Qualit\u00e4tsnorm ISO 9001 z\u00e4hlt zu den erfolgreichsten Management-Standards und ist weltweit g\u00fcltig.<\/p>\n          <a href=\"#iso\" class=\"more\"><\/a>\n      <\/div>\n<\/div>\n\n\n          <div class=\"wp-block-group m-card is-layout-flow wp-block-group-is-layout-flow\">\n      <figure data-imgid=\"9693\" class=\"wp-block-image size-large\">\n      <a href=\"#cezertifiziert\"  data-smooth-scroll data-ofset=\"120\" class=\"no-default-link\">\n        <img decoding=\"async\" width=\"300\" height=\"225\" src=\"https:\/\/www.leeb-balkone.com\/app\/uploads\/2020\/10\/leeb-balkone-mitarbeiter-15-300x225.jpg\" class=\"attachment-medium size-medium\" alt=\"Frauenpower in der Produktion bei Leeb Balkone\" title=\"\" loading=\"lazy\" srcset=\"https:\/\/www.leeb-balkone.com\/app\/uploads\/2020\/10\/leeb-balkone-mitarbeiter-15-300x225.jpg 300w, https:\/\/www.leeb-balkone.com\/app\/uploads\/2020\/10\/leeb-balkone-mitarbeiter-15-1024x767.jpg 1024w, https:\/\/www.leeb-balkone.com\/app\/uploads\/2020\/10\/leeb-balkone-mitarbeiter-15-768x575.jpg 768w, https:\/\/www.leeb-balkone.com\/app\/uploads\/2020\/10\/leeb-balkone-mitarbeiter-15-1536x1151.jpg 1536w, https:\/\/www.leeb-balkone.com\/app\/uploads\/2020\/10\/leeb-balkone-mitarbeiter-15-2048x1535.jpg 2048w\" sizes=\"auto, (min-width: 1200px) 260px, (min-width: 1024px) 220px, (min-width: 640px) 465px, 768px\" \/>      <\/a>\n    <\/figure>\n  \n  <div class=\"wp-block-group m-card-content is-vertical is-layout-flex wp-block-group-is-layout-flex\">\n            <h3 class=\"wp-block-heading\">\n          <a href=\"#cezertifiziert\" class=\"no-default-link\"  data-smooth-scroll data-ofset=\"120\">CE Zertifizierung nach EN 1090<\/a>\n        <\/h3>\n        <p>Die EU-konforme Zertifizierung gem\u00e4\u00df EN 1090 ist gesetzlich vorgeschrieben.<\/p>\n          <a href=\"#cezertifiziert\" class=\"more\"><\/a>\n      <\/div>\n<\/div>\n\n\n          <div class=\"wp-block-group m-card is-layout-flow wp-block-group-is-layout-flow\">\n      <figure data-imgid=\"17829\" class=\"wp-block-image size-large\">\n      <a href=\"#leading\"  data-smooth-scroll data-ofset=\"120\" class=\"no-default-link\">\n        <img decoding=\"async\" width=\"300\" height=\"225\" src=\"https:\/\/www.leeb-balkone.com\/app\/uploads\/2020\/11\/austrias-leading-companies-leeb-balkone-1-300x225.jpg\" class=\"attachment-medium size-medium\" alt=\"austrias leading companies leeb balkone 1\" title=\"\" loading=\"lazy\" srcset=\"https:\/\/www.leeb-balkone.com\/app\/uploads\/2020\/11\/austrias-leading-companies-leeb-balkone-1-300x225.jpg 300w, https:\/\/www.leeb-balkone.com\/app\/uploads\/2020\/11\/austrias-leading-companies-leeb-balkone-1-1024x767.jpg 1024w, https:\/\/www.leeb-balkone.com\/app\/uploads\/2020\/11\/austrias-leading-companies-leeb-balkone-1-768x576.jpg 768w, https:\/\/www.leeb-balkone.com\/app\/uploads\/2020\/11\/austrias-leading-companies-leeb-balkone-1-1536x1151.jpg 1536w, https:\/\/www.leeb-balkone.com\/app\/uploads\/2020\/11\/austrias-leading-companies-leeb-balkone-1.jpg 2000w\" sizes=\"auto, (min-width: 1200px) 260px, (min-width: 1024px) 220px, (min-width: 640px) 465px, 768px\" \/>      <\/a>\n    <\/figure>\n  \n  <div class=\"wp-block-group m-card-content is-vertical is-layout-flex wp-block-group-is-layout-flex\">\n            <h3 class=\"wp-block-heading\">\n          <a href=\"#leading\" class=\"no-default-link\"  data-smooth-scroll data-ofset=\"120\">Austria&#8217;s Leading Company<\/a>\n        <\/h3>\n        <p>Leeb darf sich seit 2010 als Austria\u2019s Leading Company\u201c in der Kategorie \u201eGoldener Mittelbau\u201c bezeichnen.<\/p>\n          <a href=\"#leading\" class=\"more\"><\/a>\n      <\/div>\n<\/div>\n\n\n          <div class=\"wp-block-group m-card is-layout-flow wp-block-group-is-layout-flow\">\n      <figure data-imgid=\"17824\" class=\"wp-block-image size-large\">\n      <a href=\"#guetesiegel\"  data-smooth-scroll data-ofset=\"120\" class=\"no-default-link\">\n        <img decoding=\"async\" width=\"300\" height=\"225\" src=\"https:\/\/www.leeb-balkone.com\/app\/uploads\/2020\/11\/Austria-Guetezeichen-1-300x225.jpg\" class=\"attachment-medium size-medium\" alt=\"Austria Guetezeichen 1\" title=\"\" loading=\"lazy\" srcset=\"https:\/\/www.leeb-balkone.com\/app\/uploads\/2020\/11\/Austria-Guetezeichen-1-300x225.jpg 300w, https:\/\/www.leeb-balkone.com\/app\/uploads\/2020\/11\/Austria-Guetezeichen-1-768x576.jpg 768w, https:\/\/www.leeb-balkone.com\/app\/uploads\/2020\/11\/Austria-Guetezeichen-1-1024x767.jpg 1024w, https:\/\/www.leeb-balkone.com\/app\/uploads\/2020\/11\/Austria-Guetezeichen-1-1536x1151.jpg 1536w, https:\/\/www.leeb-balkone.com\/app\/uploads\/2020\/11\/Austria-Guetezeichen-1.jpg 2000w\" sizes=\"auto, (min-width: 1200px) 260px, (min-width: 1024px) 220px, (min-width: 640px) 465px, 768px\" \/>      <\/a>\n    <\/figure>\n  \n  <div class=\"wp-block-group m-card-content is-vertical is-layout-flex wp-block-group-is-layout-flex\">\n            <h3 class=\"wp-block-heading\">\n          <a href=\"#guetesiegel\" class=\"no-default-link\"  data-smooth-scroll data-ofset=\"120\">Austria G\u00fctezeichen<\/a>\n        <\/h3>\n        <p>Dank laufender \u00dcberwachungen und Kontrollen f\u00fchrt die Firma Leeb das Austria G\u00fctezeichen f\u00fcr Holzbalkone. <\/p>\n          <a href=\"#guetesiegel\" class=\"more\"><\/a>\n      <\/div>\n<\/div>\n\n\n      <\/div>\n\n\n<\/div><\/div><\/div><\/div>\n<\/section>\n\n\n\n<section id=\"iso\" class=\"wp-block-cgb-t3-section-block alignfull\" style=\"display:inherit;min-height:inherit\"><div class=\"grid-container\"><div>\n<div class=\"wp-block-cgb-t3-container-block none\" style=\"background-color:none\"><div class=\"grid-container\"><div class=\"grid-x\"><div class=\"cell small-12 medium-9 large-0 medium-offset-1\">\n<h2 class=\"wp-block-heading\">Qualit\u00e4tsnorm ISO 9001<\/h2>\n\n\n\n<p>Die Qualit\u00e4tsnorm ISO 9001 z\u00e4hlt zu den erfolgreichsten Management-Standards und ist weltweit g\u00fcltig. Durch das Qualit\u00e4tsmanagementsystem werden Produkte und Dienstleistungen laufend verbessert, um den Kundenanspr\u00fcchen zu entsprechen.<\/p>\n\n\n\n<p>Um den Anforderungen des Marktes gerecht zu werden sind Kundenzufriedenheit, Kundenorientierung und Prozesseffizienz wichtige Schlagworte. Auch die F\u00e4higkeit schnell und flexibel am Markt zu reagieren ist ein wichtiger Erfolgsfaktor, um im globalen Wettbewerb zu \u00fcberleben. Organisationsabl\u00e4ufe und -prozesse m\u00fcssen entsprechend der Unternehmensziele optimiert werden. Dazu ist ein zuverl\u00e4ssiges Qualit\u00e4tsmanagementsystem nach ISO 9001 unerl\u00e4sslich.<\/p>\n\n\n\n<p>Seit 1996 wurden wir als erstes Balkonbauunternehmen in Europa nach der Qualit\u00e4tsnorm ISO 9001 gepr\u00fcft und zertifiziert. Ein weltweit anerkannter Beleg f\u00fcr Kompetenz und Leistungsf\u00e4higkeit. F\u00fcr Mitarbeiter wird so eine wertvolle Dokumentation zur Qualit\u00e4tssicherung gew\u00e4hrleistet und zugleich werden Arbeitsabl\u00e4ufe im Unternehmen kontinuierlich verbessert.<\/p>\n<\/div><\/div><\/div><\/div>\n<\/div><\/div><\/section>\n\n\n\n<section id=\"cezertifiziert\" class=\"wp-block-cgb-t3-section-block alignfull is-style-bg-white\" style=\"display:inherit;min-height:inherit\"><div class=\"grid-container\"><div>\n<div class=\"wp-block-cgb-t3-container-block none\" style=\"background-color:none\"><div class=\"grid-container\"><div class=\"grid-x\"><div class=\"cell small-12 medium-9 large-0 medium-offset-1\">\n<h2 class=\"wp-block-heading\">CE Zertifizierung nach EN 1090<\/h2>\n\n\n\n<p>Die EU-konforme Zertifizierung gem\u00e4\u00df EN 1090 ist gesetzlich vorgeschrieben. Alle bauaufsichtlichen Produkte wie Handl\u00e4ufe und Gel\u00e4nder m\u00fcssen mit dem CE-Kennzeichen versehen werden.<\/p>\n\n\n\n<p>Seit 01. Juli 2014 ben\u00f6tigen alle Betriebe, die bauaufsichtliche Produkte herstellen und verkaufen eine EU-konforme Zertifizierung gem\u00e4\u00df EN 1090. Unsere Leeb Handl\u00e4ufe und Gel\u00e4nder erf\u00fcllen auch diese Auflagen. Das Fehlen des CE-Zeichens weist auf ein nicht normgerecht gefertigtes \/ verkauftes \/ verbautes bauaufsichtliches Produkt hin.<\/p>\n\n\n\n<h3 class=\"wp-block-heading\">Als Bauherr tragen Sie folgende Risiken:<\/h3>\n\n\n\n<ul class=\"wp-block-list\">\n<li>kein vollst\u00e4ndiger Versicherungsschutz<\/li>\n\n\n\n<li>m\u00f6gliche Verwaltungsstrafen<\/li>\n\n\n\n<li>Gefahr von Sach- und Personensch\u00e4den durch unsachgem\u00e4\u00dfe Produkte&nbsp; und Montage<\/li>\n<\/ul>\n<\/div><\/div><\/div><\/div>\n<\/div><\/div><\/section>\n\n\n\n<section id=\"leading\" class=\"wp-block-cgb-t3-section-block alignfull\" style=\"display:inherit;min-height:inherit\"><div class=\"grid-container\"><div>\n<div class=\"wp-block-cgb-t3-container-block none\" style=\"background-color:none\"><div class=\"grid-container\"><div class=\"grid-x\"><div class=\"cell small-12 medium-9 large-0 medium-offset-1\">\n<h2 class=\"wp-block-heading\">Austria\u2019s Leading Company<\/h2>\n\n\n\n<p>\u201eAustrias Leading Companies\u201c, oder kurz ALC, ist ein \u00f6sterreichweiter Wirtschaftsbewerb, der vom Wirtschaftsblatt, PricewaterhouseCoopers und dem Kreditschutzverband von 1870 ins Leben gerufen wurde. Beim Bewerb, der bereits seit 1997 allj\u00e4hrlich durchgef\u00fchrt wird, werden jeweils nur Landessieger gek\u00fcrt. Teilnahmeberechtigt sind alle \u00f6sterreichischen Wirtschaftsunternehmen, sowie auch Tochterunternehmen ausl\u00e4ndischer Konzerne die in \u00d6sterreich ans\u00e4ssig sind.<\/p>\n\n\n\n<p>Je nach dem erzielten Umsatz werden die Unternehmen in drei Klassen eingeteilt:<\/p>\n\n\n\n<ul class=\"wp-block-list\">\n<li>Big Player&nbsp; \u2013 mehr als 50 Millionen Euro Jahresumsatz<\/li>\n\n\n\n<li>Goldener Mittelbau \u2013 Unternehmen mittlerer Gr\u00f6\u00dfe zwischen 10 bis 50 Millionen Euro Jahresumsatz<\/li>\n\n\n\n<li>Solider Kleinbetrieb \u2013 Jahresumsatz liegt unter 10 Millionen Euro<\/li>\n<\/ul>\n\n\n\n<p>Bei der Beurteilung werden wirtschaftliche Kennzahlen, wie Umsatzwachstum, Eigenkapitalentwicklung und Liquidit\u00e4t \u00fcber einen Zeitraum von 3 Jahren hindurch herangezogen.<\/p>\n\n\n\n<p>Die Firma LEEB Balkone darf sich seit 2010 als Austria\u2019s Leading Company\u201c in der Kategorie \u201eGoldener Mittelbau\u201c bezeichnen.<\/p>\n<\/div><\/div><\/div><\/div>\n<\/div><\/div><\/section>\n\n\n\n<section id=\"guetesiegel\" class=\"wp-block-cgb-t3-section-block alignfull is-style-bg-white\" style=\"display:inherit;min-height:inherit\"><div class=\"grid-container\"><div>\n<div class=\"wp-block-cgb-t3-container-block none\" style=\"background-color:none\"><div class=\"grid-container\"><div class=\"grid-x\"><div class=\"cell small-12 medium-9 large-0 medium-offset-1\">\n<h2 class=\"wp-block-heading\">Austria G\u00fctezeichen<\/h2>\n\n\n\n<p>Dank laufender \u00dcberwachungen und Kontrollen darf die Firma Leeb das Austria G\u00fctezeichen f\u00fcr Holzbalkone f\u00fchren. Das G\u00fctezeichen gilt als Erkennungszeichen und als Garant f\u00fcr heimische Qualit\u00e4t. Folgende Kriterien m\u00fcssen erf\u00fcllt werden:<\/p>\n\n\n\n<ul class=\"wp-block-list\">\n<li>Der Wertanteil des fertigen Produktes muss zu mindestens 50% \u00f6sterreichisch sein (Rohmaterial, Zubeh\u00f6rteile und Wissen)<\/li>\n\n\n\n<li>Produktion und Bearbeitung muss in \u00d6sterreich erfolgen<\/li>\n<\/ul>\n\n\n\n<p>Wer das Austria G\u00fctezeichen f\u00fchrt, verpflichtet sich zur Einhaltung aller Nutzungsbedingungen. Das G\u00fctezeichen wird f\u00fcr einen festgelegten Zeitraum verliehen und die einzuhaltenden Richtlinien werden laufend von staatlich autorisierten Pr\u00fcfstellen kontrolliert. Durch die Qualit\u00e4tskriterien werden alle wichtigen Eigenschaften des Produktes n\u00e4her angeschaut und das Leistungsniveau der Betriebsst\u00e4tten durchleuchtet. Grundlage f\u00fcr die Pr\u00fcfung sind die Allgemeinen Gesch\u00e4ftsbedingungen der \u00d6QA (\u00d6sterreichische Arbeitsgemeinschaft zur F\u00f6rderung der Qualit\u00e4t).<\/p>\n\n\n\n<p>Es gibt spezifische G\u00fcterichtlinien f\u00fcr unterschiedliche Produkte. F\u00fcr die Qualit\u00e4tsauszeichnung m\u00fcssen unterschiedliche Richtlinien, wie G\u00fcterichtlinien, Normen, Warendeklarationen, etc. eingehalten werden.<\/p>\n\n\n\n<h2 class=\"wp-block-heading\">Bonit\u00e4tszertifikat<\/h2>\n\n\n\n<h3 class=\"wp-block-heading\">Finanzielle Sicherheit durch Zertifikat<\/h3>\n\n\n\n<p>Unser Unternehmen wurde von der Creditreform \u00d6sterreich mit \u201e<strong>Ausgezeichneter Bonit\u00e4t<\/strong>\u201c beurteilt und bietet Ihnen dadurch auch finanzielle Sicherheit.<br><br><a href=\"https:\/\/zertifikat.creditreform.at\/anzeige_2021.php?code=zWHqsSCVBsdeH3nU9ngCvDJX15061lRt&amp;height=0\" target=\"_blank\" rel=\"noopener\">\n<img decoding=\"async\" src=\"https:\/\/zertifikat.creditreform.at\/anzeige_2021.php?code=zWHqsSCVBsdeH3nU9ngCvDJX15061lRt&amp;height=1000\" height=\"500px\"><\/a> <\/p>\n\n\n\n<p>Die aktuellen Zertifikate stehen hier zum Download bereit:<\/p>\n\n\n\n<ul class=\"wp-block-list\">\n<li><strong>QUALIT\u00c4TSNORM ISO 9001<\/strong><br><a href=\"\/app\/uploads\/2020\/12\/121973-Leeb-9001-pp-de.pdf\">Zertifikat ISO 9001 T\u00dcV Nord<\/a><\/li>\n\n\n\n<li><strong>CE ZERTIFIZIERUNG NACH EN 1090<\/strong><br><a href=\"\/app\/uploads\/2023\/11\/EN1090-Zertifikat-2023_11.pdf\">Zertifikat EN 1090 T\u00dcV S\u00fcd<\/a><\/li>\n\n\n\n<li><strong>AUSTRIA G\u00dcTEZEICHEN<\/strong><br><a href=\"https:\/\/www.leeb-balkone.com\/app\/uploads\/2025\/10\/Austria-Guetezeichen-2025.pdf\">Zertifikat Austria G\u00fctezeichen<\/a><br><\/li>\n<\/ul>\n<\/div><\/div><\/div><\/div>\n<\/div><\/div><\/section>\n\n\n\n<section class=\"wp-block-cgb-t3-section-block alignfull b-pt-none\" style=\"display:inherit;background-color:#F5F5F5;min-height:inherit\">\n<div class=\"wp-block-cgb-t3-container-block b-has-offset-h\" style=\"background-color:none\"><div class=\"grid-container\"><div class=\"grid-x\"><div class=\"cell small-12 medium-6 large-0 medium-offset-1\">\n<h2 class=\"wp-block-heading\">Mit uns auf der sicheren Seite<\/h2>\n<\/div><\/div><\/div><\/div>\n\n\n\n<div class=\"wp-block-cgb-t3-container-block none\" style=\"background-color:none\"><div class=\"grid-container\"><div class=\"grid-x\"><div class=\"cell small-12 medium-9 large-0 medium-offset-1 b-has-pt\">\n<p><span class=\"teaser\">Leeb steht f\u00fcr gepr\u00fcfte Qualit\u00e4t. St\u00e4ndige Kontrollen durch unabh\u00e4ngige Pr\u00fcfstellen machen unsere&nbsp;<a href=\"https:\/\/www.leeb-balkone.com\/de\/balkongelaender\/balkongelaender-alu\/\">Balkone<\/a>&nbsp;und&nbsp;<a href=\"https:\/\/www.leeb-balkone.com\/de\/zaeune\/aluzaun\/\">Z\u00e4une<\/a>&nbsp;zu einem Spitzenprodukt. Das Austria G\u00fctezeichen, die Qualit\u00e4tsnorm ISO 9001 und die CE Zertifizierung nach EN 1090 d\u00fcrfen wir mit Stolz f\u00fchren.<\/span><\/p>\n<\/div><\/div><\/div><\/div>\n\n\n\n<div class=\"wp-block-cgb-t3-container-block none\" style=\"background-color:none\"><div class=\"grid-container\"><div class=\"grid-x\"><div class=\"cell small-12 medium-8 large-0 medium-offset-2\"><div class=\"l-wrapper\">\n  <ul data-block_acf-block-68f860336e990 class=\"c-list b-iconlist grid-x align-justify iconlist alignwide\">\n                      <li class=\"b-iconlist__item  small-6 medium-4 large-4\">\n          <div class=\"b-iconlist__icon img\">\n      <img loading=\"lazy\" decoding=\"async\" width=\"626\" height=\"628\" src=\"https:\/\/www.leeb-balkone.com\/app\/uploads\/2020\/09\/logo_tuev-01.png\" class=\"b-iconlist__img\" alt=\"logo_tuev 01\" srcset=\"https:\/\/www.leeb-balkone.com\/app\/uploads\/2020\/09\/logo_tuev-01.png 626w, https:\/\/www.leeb-balkone.com\/app\/uploads\/2020\/09\/logo_tuev-01-150x150.png 150w, https:\/\/www.leeb-balkone.com\/app\/uploads\/2020\/09\/logo_tuev-01-300x300.png 300w\" sizes=\"auto, (min-width: 1200px) 260px, (min-width: 1024px) 220px, (min-width: 640px) 465px, 768px\" \/>      \n    <\/div>\n      <div class=\"b-iconlist__body\">\n              <p>T\u00dcV zertifiziert<\/p>\n      <\/div>\n  \n        <\/li>\n              <li class=\"b-iconlist__item  small-6 medium-4 large-4\">\n          <div class=\"b-iconlist__icon img\">\n      <img loading=\"lazy\" decoding=\"async\" width=\"626\" height=\"626\" src=\"https:\/\/www.leeb-balkone.com\/app\/uploads\/2020\/09\/Austria-Guetezeichen-2024.jpg\" class=\"b-iconlist__img\" alt=\"Austria Guetezeichen 2024\" srcset=\"https:\/\/www.leeb-balkone.com\/app\/uploads\/2020\/09\/Austria-Guetezeichen-2024.jpg 626w, https:\/\/www.leeb-balkone.com\/app\/uploads\/2020\/09\/Austria-Guetezeichen-2024-300x300.jpg 300w, https:\/\/www.leeb-balkone.com\/app\/uploads\/2020\/09\/Austria-Guetezeichen-2024-150x150.jpg 150w\" sizes=\"auto, (min-width: 1200px) 260px, (min-width: 1024px) 220px, (min-width: 640px) 465px, 768px\" \/>      \n    <\/div>\n      <div class=\"b-iconlist__body\">\n              <p>Gepr\u00fcfte Qualit\u00e4t\r\n(nur f\u00fcr Holzprodukte)<\/p>\n      <\/div>\n  \n        <\/li>\n              <li class=\"b-iconlist__item  small-6 medium-4 large-4\">\n          <div class=\"b-iconlist__icon img\">\n      <img loading=\"lazy\" decoding=\"async\" width=\"626\" height=\"628\" src=\"https:\/\/www.leeb-balkone.com\/app\/uploads\/2020\/09\/logo_staatlich-01.png\" class=\"b-iconlist__img\" alt=\"logo_staatlich 01\" srcset=\"https:\/\/www.leeb-balkone.com\/app\/uploads\/2020\/09\/logo_staatlich-01.png 626w, https:\/\/www.leeb-balkone.com\/app\/uploads\/2020\/09\/logo_staatlich-01-150x150.png 150w, https:\/\/www.leeb-balkone.com\/app\/uploads\/2020\/09\/logo_staatlich-01-300x300.png 300w\" sizes=\"auto, (min-width: 1200px) 260px, (min-width: 1024px) 220px, (min-width: 640px) 465px, 768px\" \/>      \n    <\/div>\n      <div class=\"b-iconlist__body\">\n              <p>Staatlich ausgezeichnet<\/p>\n      <\/div>\n  \n        <\/li>\n            <\/ul>\n<\/div>\n\n\n\n<p><\/p>\n<\/div><\/div><\/div><\/div>\n\n\n\n<p><\/p>\n<\/section>\n\n\n\n<section class=\"wp-block-cgb-t3-section-block alignfull b-pt-none  is-style-bg-transparent\" style=\"display:inherit;min-height:inherit\">\n<div class=\"wp-block-cgb-t3-container-block b-has-offset-b\" style=\"background-color:#EE7203\"><div class=\"has-padding none grid-container-wrapper\"><div class=\"grid-container\"><div class=\"grid-x\"><div class=\"cell small-12 medium-10 large-0 medium-offset-1 b-has-lsmb\">\n<h2 class=\"wp-block-heading has-white-color has-text-color\"><span class=\"h2ash1\">Innovation mit Leeb Balkone <\/span><\/h2>\n\n\n\n<p class=\"has-white-color has-text-color\"><span class=\"teaser\">Alle unsere Balkone aus Holz oder Alu sind durch unsere patentierten Verfahren dauerhaft gesch\u00fctzt. Jede Innovation aus dem Hause Leeb tr\u00e4gt dazu bei, dass die Sch\u00f6nheit Ihres Balkons mit einem deutlich geringeren Pflegeaufwand f\u00fcr viele Jahre erhalten bleibt.<\/span> <\/p>\n<\/div><\/div><\/div><\/div><\/div>\n\n\n\n<div class=\"wp-block-cgb-t3-container-block none\" style=\"background-color:none\"><div class=\"grid-container\"><div class=\"grid-x\"><div class=\"cell small-12 medium-12 large-0\"><div class=\"u-grid-temp has-2-cols u-md-2 u-sm-1 is-style-transparent-cards offset wp-block-group is-layout-grid wp-block-group-is-layout-grid\">\n\n\n  \n\n            <div class=\"wp-block-group m-card is-layout-flow wp-block-group-is-layout-flow\">\n      <figure data-imgid=\"1224\" class=\"wp-block-image size-large\">\n      <a href=\"https:\/\/www.leeb-balkone.com\/de\/technik\/alu-comfort-plus\/\" class=\"no-default-link\">\n        <img decoding=\"async\" width=\"768\" height=\"499\" src=\"https:\/\/www.leeb-balkone.com\/app\/uploads\/2020\/04\/shutterstock_4878571_red-768x499.jpg\" class=\"attachment-medium_large size-medium_large\" alt=\"Alu Comfort Plus - Patentierte Pulverbeschichtung mit Lotus Effekt von Leeb Balkone\" title=\"Alu Comfort Plus\u00ae\" loading=\"lazy\" srcset=\"https:\/\/www.leeb-balkone.com\/app\/uploads\/2020\/04\/shutterstock_4878571_red-768x499.jpg 768w, https:\/\/www.leeb-balkone.com\/app\/uploads\/2020\/04\/shutterstock_4878571_red-300x195.jpg 300w, https:\/\/www.leeb-balkone.com\/app\/uploads\/2020\/04\/shutterstock_4878571_red-1024x665.jpg 1024w, https:\/\/www.leeb-balkone.com\/app\/uploads\/2020\/04\/shutterstock_4878571_red-1536x997.jpg 1536w, https:\/\/www.leeb-balkone.com\/app\/uploads\/2020\/04\/shutterstock_4878571_red-2048x1330.jpg 2048w\" sizes=\"auto, (min-width: 1200px) 360px, (min-width: 1024px) 300px, (min-width: 640px) 768px, 768px\" \/>      <\/a>\n    <\/figure>\n  \n  <div class=\"wp-block-group m-card-content is-vertical is-layout-flex wp-block-group-is-layout-flex\">\n            <h3 class=\"wp-block-heading\">\n          <a href=\"https:\/\/www.leeb-balkone.com\/de\/technik\/alu-comfort-plus\/\" class=\"no-default-link\">Alu Comfort Plus\u00ae<\/a>\n        <\/h3>\n        <p>Die einzigartige und patentierte ALU COMFORT PLUS\u00ae-Oberfl\u00e4che mit hocheffektivem Lotuseffekt ist die Essenz st\u00e4ndiger Innovationen.<\/p>\n          <a href=\"https:\/\/www.leeb-balkone.com\/de\/technik\/alu-comfort-plus\/\" class=\"more\">mehr erfahren<\/a>\n      <\/div>\n<\/div>\n\n          <div class=\"wp-block-group m-card is-layout-flow wp-block-group-is-layout-flow\">\n      <figure data-imgid=\"44735\" class=\"wp-block-image size-large\">\n      <a href=\"https:\/\/www.leeb-balkone.com\/de\/vertriebspartner\/\" class=\"no-default-link\">\n        <img decoding=\"async\" width=\"768\" height=\"453\" src=\"https:\/\/www.leeb-balkone.com\/app\/uploads\/2020\/12\/firma-leeb-balkone-zentrale-gnesau-scaled-e1624345570124-768x453.jpg\" class=\"attachment-medium_large size-medium_large\" alt=\"Firmenzentrale Leeb Balkone GmbH in Gnesau\" title=\"Leeb-Standorte\" loading=\"lazy\" srcset=\"https:\/\/www.leeb-balkone.com\/app\/uploads\/2020\/12\/firma-leeb-balkone-zentrale-gnesau-scaled-e1624345570124-768x453.jpg 768w, https:\/\/www.leeb-balkone.com\/app\/uploads\/2020\/12\/firma-leeb-balkone-zentrale-gnesau-scaled-e1624345570124-300x177.jpg 300w, https:\/\/www.leeb-balkone.com\/app\/uploads\/2020\/12\/firma-leeb-balkone-zentrale-gnesau-scaled-e1624345570124-1024x604.jpg 1024w, https:\/\/www.leeb-balkone.com\/app\/uploads\/2020\/12\/firma-leeb-balkone-zentrale-gnesau-scaled-e1624345570124-1536x906.jpg 1536w, https:\/\/www.leeb-balkone.com\/app\/uploads\/2020\/12\/firma-leeb-balkone-zentrale-gnesau-scaled-e1624345570124-2048x1208.jpg 2048w\" sizes=\"auto, (min-width: 1200px) 360px, (min-width: 1024px) 300px, (min-width: 640px) 768px, 768px\" \/>      <\/a>\n    <\/figure>\n  \n  <div class=\"wp-block-group m-card-content is-vertical is-layout-flex wp-block-group-is-layout-flex\">\n            <h3 class=\"wp-block-heading\">\n          <a href=\"https:\/\/www.leeb-balkone.com\/de\/vertriebspartner\/\" class=\"no-default-link\">Leeb-Standorte<\/a>\n        <\/h3>\n        <p>Unser Vertriebsnetz umfasst rund 100 Leeb-Partner in \u00d6sterreich, Deutschland, Italien, der Schweiz, der Slowakei und Slowenien. Ein Leeb-Partner ist immer in Ihrer N\u00e4he!<\/p>\n          <a href=\"https:\/\/www.leeb-balkone.com\/de\/vertriebspartner\/\" class=\"more\">Vertriebspartner finden<\/a>\n      <\/div>\n<\/div>\n\n          <div class=\"wp-block-group m-card is-layout-flow wp-block-group-is-layout-flow\">\n      <figure data-imgid=\"22532\" class=\"wp-block-image size-large\">\n      <a href=\"https:\/\/www.leeb-balkone.com\/de\/service\/planungsservice\/\" class=\"no-default-link\">\n        <img decoding=\"async\" width=\"768\" height=\"510\" src=\"https:\/\/www.leeb-balkone.com\/app\/uploads\/2021\/01\/perfekter-planungsservice-leeb-balkone-768x510.jpg\" class=\"attachment-medium_large size-medium_large\" alt=\"Balkon, Zaun, Terrassen\u00fcberdachung planen - Beratungsgespr\u00e4ch mit dem Balkonprofi von Leeb Balkone (Planungsservice)\" title=\"Planungsservice\" loading=\"lazy\" srcset=\"https:\/\/www.leeb-balkone.com\/app\/uploads\/2021\/01\/perfekter-planungsservice-leeb-balkone-768x510.jpg 768w, https:\/\/www.leeb-balkone.com\/app\/uploads\/2021\/01\/perfekter-planungsservice-leeb-balkone-300x199.jpg 300w, https:\/\/www.leeb-balkone.com\/app\/uploads\/2021\/01\/perfekter-planungsservice-leeb-balkone-1024x680.jpg 1024w, https:\/\/www.leeb-balkone.com\/app\/uploads\/2021\/01\/perfekter-planungsservice-leeb-balkone-1536x1020.jpg 1536w, https:\/\/www.leeb-balkone.com\/app\/uploads\/2021\/01\/perfekter-planungsservice-leeb-balkone-2048x1360.jpg 2048w\" sizes=\"auto, (min-width: 1200px) 360px, (min-width: 1024px) 300px, (min-width: 640px) 768px, 768px\" \/>      <\/a>\n    <\/figure>\n  \n  <div class=\"wp-block-group m-card-content is-vertical is-layout-flex wp-block-group-is-layout-flex\">\n            <h3 class=\"wp-block-heading\">\n          <a href=\"https:\/\/www.leeb-balkone.com\/de\/service\/planungsservice\/\" class=\"no-default-link\">Planungsservice<\/a>\n        <\/h3>\n        <p>Ihr pers\u00f6nlicher Leeb-Berater in Ihrer N\u00e4he unterst\u00fctzt Sie dabei, den richtigen Balkon, Zaun oder die richtige \u00dcberdachung auszuw\u00e4hlen \u2013 passgenau von der Planung bis zur Montage.<\/p>\n          <a href=\"https:\/\/www.leeb-balkone.com\/de\/service\/planungsservice\/\" class=\"more\">mehr erfahren<\/a>\n      <\/div>\n<\/div>\n\n          <div class=\"wp-block-group m-card is-layout-flow wp-block-group-is-layout-flow\">\n      <figure data-imgid=\"6115\" class=\"wp-block-image size-large\">\n      <a href=\"https:\/\/www.leeb-balkone.com\/de\/service\/lieferung-und-montage\/\" class=\"no-default-link\">\n        <img decoding=\"async\" width=\"768\" height=\"575\" src=\"https:\/\/www.leeb-balkone.com\/app\/uploads\/2020\/08\/mitarbeiter-montage-bei-leeb-balkone-768x575.jpeg\" class=\"attachment-medium_large size-medium_large\" alt=\"Montieren eines Leeb Alu-Balkongel\u00e4nders nach Ma\u00df\" title=\"Mit uns sind Sie auf der sicheren Seite\" loading=\"lazy\" srcset=\"https:\/\/www.leeb-balkone.com\/app\/uploads\/2020\/08\/mitarbeiter-montage-bei-leeb-balkone-768x575.jpeg 768w, https:\/\/www.leeb-balkone.com\/app\/uploads\/2020\/08\/mitarbeiter-montage-bei-leeb-balkone-300x225.jpeg 300w, https:\/\/www.leeb-balkone.com\/app\/uploads\/2020\/08\/mitarbeiter-montage-bei-leeb-balkone-1024x767.jpeg 1024w, https:\/\/www.leeb-balkone.com\/app\/uploads\/2020\/08\/mitarbeiter-montage-bei-leeb-balkone-1536x1151.jpeg 1536w, https:\/\/www.leeb-balkone.com\/app\/uploads\/2020\/08\/mitarbeiter-montage-bei-leeb-balkone-2048x1534.jpeg 2048w\" sizes=\"auto, (min-width: 1200px) 360px, (min-width: 1024px) 300px, (min-width: 640px) 768px, 768px\" \/>      <\/a>\n    <\/figure>\n  \n  <div class=\"wp-block-group m-card-content is-vertical is-layout-flex wp-block-group-is-layout-flex\">\n            <h3 class=\"wp-block-heading\">\n          <a href=\"https:\/\/www.leeb-balkone.com\/de\/service\/lieferung-und-montage\/\" class=\"no-default-link\">Mit uns sind Sie auf der sicheren Seite<\/a>\n        <\/h3>\n        <p>Was genau beginnt, wird genau beendet. Frisch aus dem Werk werden unsere Balkone und Z\u00e4une mit Spezial-LKWs fachgerecht geliefert und vom Profi montiert. Rasch, unkompliziert und ganz ohne L\u00e4rm.<\/p>\n          <a href=\"https:\/\/www.leeb-balkone.com\/de\/service\/lieferung-und-montage\/\" class=\"more\">mehr erfahren<\/a>\n      <\/div>\n<\/div>\n\n      \n<\/div>\n<\/div><\/div><\/div><\/div>\n<\/section>\n\n\n\n<p><\/p>\n","protected":false},"excerpt":{"rendered":"","protected":false},"author":1,"featured_media":0,"parent":6886,"menu_order":7,"comment_status":"closed","ping_status":"closed","template":"template-onepager.blade.php","meta":{"_acf_changed":false,"footnotes":"","_sage_theme_css":true,"_wp_block_core_css":false},"folder":[],"class_list":["post-7514","page","type-page","status-publish","hentry"],"acf":[],"yoast_head":"<!-- This site is optimized with the Yoast SEO plugin v27.2 - https:\/\/yoast.com\/product\/yoast-seo-wordpress\/ -->\n<title>Zertifizierte Qualit\u00e4t im Balkonbau - Leeb Balkone Deutschland<\/title>\n<meta name=\"description\" content=\"Gepr\u00fcfte Sicherheit nach ISO 9001 &amp; EN 1090 \u2713 Zertifizierte Markenqualit\u00e4t *** LEEB Balkone ist Europas Nr. 1 \u2013 Jetzt Qualit\u00e4t w\u00e4hlen!\" \/>\n<meta name=\"robots\" content=\"index, follow, max-snippet:-1, max-image-preview:large, max-video-preview:-1\" \/>\n<meta property=\"og:locale\" content=\"de_DE\" \/>\n<meta property=\"og:type\" content=\"article\" \/>\n<meta property=\"og:title\" content=\"Zertifizierte Qualit\u00e4t im Balkonbau - Leeb Balkone\" \/>\n<meta property=\"og:description\" content=\"Gepr\u00fcfte Sicherheit nach ISO 9001 &amp; EN 1090 \u2713 Zertifizierte Markenqualit\u00e4t *** LEEB Balkone ist Europas Nr. 1 \u2013 Jetzt Qualit\u00e4t w\u00e4hlen!\" \/>\n<meta property=\"og:url\" content=\"https:\/\/www.leeb-balkone.com\/de\/ueber-leeb\/zertifizierte-qualitaet\/\" \/>\n<meta property=\"og:site_name\" content=\"Leeb Balkone\" \/>\n<meta property=\"article:publisher\" content=\"https:\/\/www.facebook.com\/balkone\/\" \/>\n<meta property=\"article:modified_time\" content=\"2025-12-26T17:45:07+00:00\" \/>\n<meta property=\"og:image\" content=\"https:\/\/zertifikat.creditreform.at\/anzeige_2021.php?code=zWHqsSCVBsdeH3nU9ngCvDJX15061lRt&amp;height=1000\" \/>\n<meta name=\"twitter:card\" content=\"summary_large_image\" \/>\n<script type=\"application\/ld+json\" class=\"yoast-schema-graph\">{\"@context\":\"https:\/\/schema.org\",\"@graph\":[{\"@type\":\"WebPage\",\"@id\":\"https:\/\/www.leeb-balkone.com\/de\/ueber-leeb\/zertifizierte-qualitaet\/\",\"url\":\"https:\/\/www.leeb-balkone.com\/de\/ueber-leeb\/zertifizierte-qualitaet\/\",\"name\":\"Zertifizierte Qualit\u00e4t im Balkonbau - Leeb Balkone\",\"isPartOf\":{\"@id\":\"https:\/\/www.leeb-balkone.com\/de\/#website\"},\"primaryImageOfPage\":{\"@id\":\"https:\/\/www.leeb-balkone.com\/de\/ueber-leeb\/zertifizierte-qualitaet\/#primaryimage\"},\"image\":{\"@id\":\"https:\/\/www.leeb-balkone.com\/de\/ueber-leeb\/zertifizierte-qualitaet\/#primaryimage\"},\"thumbnailUrl\":\"https:\/\/zertifikat.creditreform.at\/anzeige_2021.php?code=zWHqsSCVBsdeH3nU9ngCvDJX15061lRt&amp;height=1000\",\"datePublished\":\"2020-09-21T17:58:15+00:00\",\"dateModified\":\"2025-12-26T17:45:07+00:00\",\"description\":\"Gepr\u00fcfte Sicherheit nach ISO 9001 & EN 1090 \u2713 Zertifizierte Markenqualit\u00e4t *** LEEB Balkone ist Europas Nr. 1 \u2013 Jetzt Qualit\u00e4t w\u00e4hlen!\",\"breadcrumb\":{\"@id\":\"https:\/\/www.leeb-balkone.com\/de\/ueber-leeb\/zertifizierte-qualitaet\/#breadcrumb\"},\"inLanguage\":\"de\",\"potentialAction\":[{\"@type\":\"ReadAction\",\"target\":[\"https:\/\/www.leeb-balkone.com\/de\/ueber-leeb\/zertifizierte-qualitaet\/\"]}]},{\"@type\":\"ImageObject\",\"inLanguage\":\"de\",\"@id\":\"https:\/\/www.leeb-balkone.com\/de\/ueber-leeb\/zertifizierte-qualitaet\/#primaryimage\",\"url\":\"https:\/\/zertifikat.creditreform.at\/anzeige_2021.php?code=zWHqsSCVBsdeH3nU9ngCvDJX15061lRt&amp;height=1000\",\"contentUrl\":\"https:\/\/zertifikat.creditreform.at\/anzeige_2021.php?code=zWHqsSCVBsdeH3nU9ngCvDJX15061lRt&amp;height=1000\"},{\"@type\":\"BreadcrumbList\",\"@id\":\"https:\/\/www.leeb-balkone.com\/de\/ueber-leeb\/zertifizierte-qualitaet\/#breadcrumb\",\"itemListElement\":[{\"@type\":\"ListItem\",\"position\":1,\"name\":\"Home\",\"item\":\"https:\/\/www.leeb-balkone.com\/de\/\"},{\"@type\":\"ListItem\",\"position\":2,\"name\":\"\u00dcber Leeb\",\"item\":\"https:\/\/www.leeb-balkone.com\/de\/ueber-leeb\/\"},{\"@type\":\"ListItem\",\"position\":3,\"name\":\"Zertifizierte Qualit\u00e4t\"}]},{\"@type\":\"WebSite\",\"@id\":\"https:\/\/www.leeb-balkone.com\/de\/#website\",\"url\":\"https:\/\/www.leeb-balkone.com\/de\/\",\"name\":\"Leeb Balkone\",\"description\":\"Balkone und Z\u00e4une\",\"publisher\":{\"@id\":\"https:\/\/www.leeb-balkone.com\/de\/#organization\"},\"potentialAction\":[{\"@type\":\"SearchAction\",\"target\":{\"@type\":\"EntryPoint\",\"urlTemplate\":\"https:\/\/www.leeb-balkone.com\/de\/?s={search_term_string}\"},\"query-input\":{\"@type\":\"PropertyValueSpecification\",\"valueRequired\":true,\"valueName\":\"search_term_string\"}}],\"inLanguage\":\"de\"},{\"@type\":\"Organization\",\"@id\":\"https:\/\/www.leeb-balkone.com\/de\/#organization\",\"name\":\"Leeb Balkone Gmbh\",\"url\":\"https:\/\/www.leeb-balkone.com\/de\/\",\"logo\":{\"@type\":\"ImageObject\",\"inLanguage\":\"de\",\"@id\":\"https:\/\/www.leeb-balkone.com\/de\/#\/schema\/logo\/image\/\",\"url\":\"https:\/\/www.leeb-balkone.com\/app\/uploads\/2020\/11\/leeb-logo.svg\",\"contentUrl\":\"https:\/\/www.leeb-balkone.com\/app\/uploads\/2020\/11\/leeb-logo.svg\",\"width\":741,\"height\":204,\"caption\":\"Leeb Balkone Gmbh\"},\"image\":{\"@id\":\"https:\/\/www.leeb-balkone.com\/de\/#\/schema\/logo\/image\/\"},\"sameAs\":[\"https:\/\/www.facebook.com\/balkone\/\",\"https:\/\/www.trustedshops.at\/bewertung\/info_X4587CCF5833E31AFE0B11F47D86999F2.html\",\"https:\/\/www.trustedshops.de\/bewertung\/info_X7BA536A7A0BDC86D36C4718E4DCAEEEF.html\",\"https:\/\/www.google.com\/maps\/place\/?q=place_id:ChIJ5-zH19-IcEcR9HonWRTllHI\"]}]}<\/script>\n<!-- \/ Yoast SEO plugin. -->","yoast_head_json":{"title":"Zertifizierte Qualit\u00e4t im Balkonbau - Leeb Balkone Deutschland","description":"Gepr\u00fcfte Sicherheit nach ISO 9001 & EN 1090 \u2713 Zertifizierte Markenqualit\u00e4t *** LEEB Balkone ist Europas Nr. 1 \u2013 Jetzt Qualit\u00e4t w\u00e4hlen!","robots":{"index":"index","follow":"follow","max-snippet":"max-snippet:-1","max-image-preview":"max-image-preview:large","max-video-preview":"max-video-preview:-1"},"og_locale":"de_DE","og_type":"article","og_title":"Zertifizierte Qualit\u00e4t im Balkonbau - Leeb Balkone","og_description":"Gepr\u00fcfte Sicherheit nach ISO 9001 & EN 1090 \u2713 Zertifizierte Markenqualit\u00e4t *** LEEB Balkone ist Europas Nr. 1 \u2013 Jetzt Qualit\u00e4t w\u00e4hlen!","og_url":"https:\/\/www.leeb-balkone.com\/de\/ueber-leeb\/zertifizierte-qualitaet\/","og_site_name":"Leeb Balkone","article_publisher":"https:\/\/www.facebook.com\/balkone\/","article_modified_time":"2025-12-26T17:45:07+00:00","og_image":[{"url":"https:\/\/zertifikat.creditreform.at\/anzeige_2021.php?code=zWHqsSCVBsdeH3nU9ngCvDJX15061lRt&amp;height=1000","type":"","width":"","height":""}],"twitter_card":"summary_large_image","schema":{"@context":"https:\/\/schema.org","@graph":[{"@type":"WebPage","@id":"https:\/\/www.leeb-balkone.com\/de\/ueber-leeb\/zertifizierte-qualitaet\/","url":"https:\/\/www.leeb-balkone.com\/de\/ueber-leeb\/zertifizierte-qualitaet\/","name":"Zertifizierte Qualit\u00e4t im Balkonbau - Leeb Balkone","isPartOf":{"@id":"https:\/\/www.leeb-balkone.com\/de\/#website"},"primaryImageOfPage":{"@id":"https:\/\/www.leeb-balkone.com\/de\/ueber-leeb\/zertifizierte-qualitaet\/#primaryimage"},"image":{"@id":"https:\/\/www.leeb-balkone.com\/de\/ueber-leeb\/zertifizierte-qualitaet\/#primaryimage"},"thumbnailUrl":"https:\/\/zertifikat.creditreform.at\/anzeige_2021.php?code=zWHqsSCVBsdeH3nU9ngCvDJX15061lRt&amp;height=1000","datePublished":"2020-09-21T17:58:15+00:00","dateModified":"2025-12-26T17:45:07+00:00","description":"Gepr\u00fcfte Sicherheit nach ISO 9001 & EN 1090 \u2713 Zertifizierte Markenqualit\u00e4t *** LEEB Balkone ist Europas Nr. 1 \u2013 Jetzt Qualit\u00e4t w\u00e4hlen!","breadcrumb":{"@id":"https:\/\/www.leeb-balkone.com\/de\/ueber-leeb\/zertifizierte-qualitaet\/#breadcrumb"},"inLanguage":"de","potentialAction":[{"@type":"ReadAction","target":["https:\/\/www.leeb-balkone.com\/de\/ueber-leeb\/zertifizierte-qualitaet\/"]}]},{"@type":"ImageObject","inLanguage":"de","@id":"https:\/\/www.leeb-balkone.com\/de\/ueber-leeb\/zertifizierte-qualitaet\/#primaryimage","url":"https:\/\/zertifikat.creditreform.at\/anzeige_2021.php?code=zWHqsSCVBsdeH3nU9ngCvDJX15061lRt&amp;height=1000","contentUrl":"https:\/\/zertifikat.creditreform.at\/anzeige_2021.php?code=zWHqsSCVBsdeH3nU9ngCvDJX15061lRt&amp;height=1000"},{"@type":"BreadcrumbList","@id":"https:\/\/www.leeb-balkone.com\/de\/ueber-leeb\/zertifizierte-qualitaet\/#breadcrumb","itemListElement":[{"@type":"ListItem","position":1,"name":"Home","item":"https:\/\/www.leeb-balkone.com\/de\/"},{"@type":"ListItem","position":2,"name":"\u00dcber Leeb","item":"https:\/\/www.leeb-balkone.com\/de\/ueber-leeb\/"},{"@type":"ListItem","position":3,"name":"Zertifizierte Qualit\u00e4t"}]},{"@type":"WebSite","@id":"https:\/\/www.leeb-balkone.com\/de\/#website","url":"https:\/\/www.leeb-balkone.com\/de\/","name":"Leeb Balkone","description":"Balkone und Z\u00e4une","publisher":{"@id":"https:\/\/www.leeb-balkone.com\/de\/#organization"},"potentialAction":[{"@type":"SearchAction","target":{"@type":"EntryPoint","urlTemplate":"https:\/\/www.leeb-balkone.com\/de\/?s={search_term_string}"},"query-input":{"@type":"PropertyValueSpecification","valueRequired":true,"valueName":"search_term_string"}}],"inLanguage":"de"},{"@type":"Organization","@id":"https:\/\/www.leeb-balkone.com\/de\/#organization","name":"Leeb Balkone Gmbh","url":"https:\/\/www.leeb-balkone.com\/de\/","logo":{"@type":"ImageObject","inLanguage":"de","@id":"https:\/\/www.leeb-balkone.com\/de\/#\/schema\/logo\/image\/","url":"https:\/\/www.leeb-balkone.com\/app\/uploads\/2020\/11\/leeb-logo.svg","contentUrl":"https:\/\/www.leeb-balkone.com\/app\/uploads\/2020\/11\/leeb-logo.svg","width":741,"height":204,"caption":"Leeb Balkone Gmbh"},"image":{"@id":"https:\/\/www.leeb-balkone.com\/de\/#\/schema\/logo\/image\/"},"sameAs":["https:\/\/www.facebook.com\/balkone\/","https:\/\/www.trustedshops.at\/bewertung\/info_X4587CCF5833E31AFE0B11F47D86999F2.html","https:\/\/www.trustedshops.de\/bewertung\/info_X7BA536A7A0BDC86D36C4718E4DCAEEEF.html","https:\/\/www.google.com\/maps\/place\/?q=place_id:ChIJ5-zH19-IcEcR9HonWRTllHI"]}]}},"_links":{"self":[{"href":"https:\/\/www.leeb-balkone.com\/de\/wp-json\/wp\/v2\/pages\/7514","targetHints":{"allow":["GET"]}}],"collection":[{"href":"https:\/\/www.leeb-balkone.com\/de\/wp-json\/wp\/v2\/pages"}],"about":[{"href":"https:\/\/www.leeb-balkone.com\/de\/wp-json\/wp\/v2\/types\/page"}],"author":[{"embeddable":true,"href":"https:\/\/www.leeb-balkone.com\/de\/wp-json\/wp\/v2\/users\/1"}],"replies":[{"embeddable":true,"href":"https:\/\/www.leeb-balkone.com\/de\/wp-json\/wp\/v2\/comments?post=7514"}],"version-history":[{"count":12,"href":"https:\/\/www.leeb-balkone.com\/de\/wp-json\/wp\/v2\/pages\/7514\/revisions"}],"predecessor-version":[{"id":162549,"href":"https:\/\/www.leeb-balkone.com\/de\/wp-json\/wp\/v2\/pages\/7514\/revisions\/162549"}],"up":[{"embeddable":true,"href":"https:\/\/www.leeb-balkone.com\/de\/wp-json\/wp\/v2\/pages\/6886"}],"wp:attachment":[{"href":"https:\/\/www.leeb-balkone.com\/de\/wp-json\/wp\/v2\/media?parent=7514"}],"wp:term":[{"taxonomy":"folder","embeddable":true,"href":"https:\/\/www.leeb-balkone.com\/de\/wp-json\/wp\/v2\/folder?post=7514"}],"curies":[{"name":"wp","href":"https:\/\/api.w.org\/{rel}","templated":true}]}}