{"id":6886,"date":"2020-09-08T11:06:44","date_gmt":"2020-09-08T11:06:44","guid":{"rendered":"https:\/\/www.leeb-balkone.com\/de\/?page_id=6886"},"modified":"2026-04-29T14:56:25","modified_gmt":"2026-04-29T14:56:25","slug":"ueber-leeb","status":"publish","type":"page","link":"https:\/\/www.leeb-balkone.com\/de\/ueber-leeb\/","title":{"rendered":"\u00dcber Leeb"},"content":{"rendered":"<header data-block_acf-block-69f20f7159b2e class=\"c-fh  l-mh c-fh--hero c-grad-l2r c-fh--div none\">\n      <img loading=\"lazy\" decoding=\"async\" width=\"1920\" height=\"600\" src=\"https:\/\/www.leeb-balkone.com\/app\/uploads\/2021\/02\/ueber-leeb-balkone-zentrale-kaernten.jpg\" class=\"no-lazy\" alt=\"ueber leeb balkone zentrale kaernten\" srcset=\"https:\/\/www.leeb-balkone.com\/app\/uploads\/2021\/02\/ueber-leeb-balkone-zentrale-kaernten-300x94.jpg 300w, https:\/\/www.leeb-balkone.com\/app\/uploads\/2021\/02\/ueber-leeb-balkone-zentrale-kaernten-1024x320.jpg 1024w, https:\/\/www.leeb-balkone.com\/app\/uploads\/2021\/02\/ueber-leeb-balkone-zentrale-kaernten-768x240.jpg 768w, https:\/\/www.leeb-balkone.com\/app\/uploads\/2021\/02\/ueber-leeb-balkone-zentrale-kaernten-1536x480.jpg 1536w\" sizes=\"auto, (min-width: 1536px) 2048px, (min-width: 992px) 1536px, (min-width: 768px) 1024px, (min-width: 576px) 768px, 100vw\" \/>\n\n\n<div class=\"grid-container\">\n  <div class=\"grid-x\">\n    <div class=\"cell small-12 medium-6 medium-offset-1\">\n      <div class=\"c-fh__wrapper\">\n                              <p>Eine Erfolgsgeschichte aus K\u00e4rnten<\/p>\n                        <\/div>\n    <\/div>\n  <\/div>\n<\/div>\n  \n    \n    <\/header>\n\n\n  \n  <section class=\"wp-block-group alignfull t3-header u-max-wide t3-header-text has-white-background-color has-background has-global-padding is-layout-constrained wp-block-group-is-layout-constrained\">\n    <div class=\"wp-block-group o-grid u-md-1 u-sm-1 is-layout-flow wp-block-group-is-layout-flow\">\n  <div class=\"wp-block-group u-g-10 u-g-s-2\">\n      <div class=\"yoast-breadcrumbs\"><span><span><a href=\"https:\/\/www.leeb-balkone.com\/de\/\">Home<\/a><\/span><\/span><\/div>\n      \n    <h1>Leeb Balkone und Z\u00e4une<\/h1>\n  <\/div>\n<\/div>\n  <\/section>\n\n\n\n\n\n\n<section id=\"first-section\" class=\"wp-block-cgb-t3-section-block alignfull b-pt-small  is-style-bg-transparent\" style=\"display:inherit;min-height:inherit\">\n<div class=\"wp-block-cgb-t3-container-block none\" style=\"background-color:none\"><div class=\"grid-container\"><div class=\"grid-x\"><div class=\"cell small-12 medium-9 large-0 medium-offset-1 b-has-lsmb\">\n<p><span class=\"teaser\">Der einst kleine Familienbetrieb aus Gnesau hat sich in den letzten 115 Jahren zu Europas f\u00fchrendem Hersteller von Balkonen und Z\u00e4unen entwickelt. Verantwortlich f\u00fcr den Erfolg des K\u00e4rntner Unternehmens sind die \u00fcber 250 MitarbeiterInnen. Sie treiben mit ihrem fundierten Fachwissen und Leidenschaft die Innovation in der Produktion und Verarbeitung stetig voran. So entstehen aus heimischem Holz und Aluminium ma\u00dfgeschneiderte Balkongel\u00e4nder und Z\u00e4une f\u00fcr bereits mehr als 150.000 zufriedene Kunden.<\/span><\/p>\n<\/div><\/div><\/div><\/div>\n\n\n\n<div class=\"wp-block-cgb-t3-container-block none\" style=\"background-color:none\"><div class=\"grid-container\"><div class=\"grid-x\"><div class=\"cell small-12 medium-0 large-0 b-has-pt b-has-lsmb\"><div class=\"b-sps l-mbxl\" id=\"\">\n      <div class=\"grid-x\">\n              <div class=\"cell b-sps__bgimg lazyload bgx-center bgy-center small-12 medium-6 small-order-1 medium-order-1\">\n          \n            <img loading=\"lazy\" decoding=\"async\" width=\"1024\" height=\"640\" src=\"https:\/\/www.leeb-balkone.com\/app\/uploads\/2020\/08\/leeb-balkone-firmengelaende-3-1024x640.jpg\" class=\"attachment-large size-large\" alt=\"Firma Leeb Balkone im sch\u00f6nen oberen Gurktal\" srcset=\"https:\/\/www.leeb-balkone.com\/app\/uploads\/2020\/08\/leeb-balkone-firmengelaende-3-1024x640.jpg 1024w, https:\/\/www.leeb-balkone.com\/app\/uploads\/2020\/08\/leeb-balkone-firmengelaende-3-300x188.jpg 300w, https:\/\/www.leeb-balkone.com\/app\/uploads\/2020\/08\/leeb-balkone-firmengelaende-3-768x480.jpg 768w, https:\/\/www.leeb-balkone.com\/app\/uploads\/2020\/08\/leeb-balkone-firmengelaende-3-1536x960.jpg 1536w, https:\/\/www.leeb-balkone.com\/app\/uploads\/2020\/08\/leeb-balkone-firmengelaende-3-2048x1280.jpg 2048w\" sizes=\"auto, (min-width: 1200px) 1024px, (min-width: 1024px) 768px, (min-width: 640px) 768px, 768px\" \/>        <\/div>\n            <div class=\"cell b-sps__cont  small-12 medium-6 small-order-2 medium-order-2 offset\">\n        <div class=\"b-sps__inner-cont  bg--lightgray pdd\">\n          <h3>Ausgezeichnete Qualit\u00e4t von Leeb<\/h3>\n<p>Leeb-Balkone ist eines der wenigen europ\u00e4ischen Balkonbauunternehmen, das die strenge Qualit\u00e4tsnorm ISO 9001 erf\u00fcllt. Seit 1996 werden bei Leeb j\u00e4hrlich Balkone und Z\u00e4une mit dem T\u00dcV-Zertifikat ausgezeichnet, seit 2010 tr\u00e4gt die Firma dar\u00fcber hinaus das Siegel \u201eAustrias Leading Company\u201c, ein Beweis f\u00fcr den hohen Anspruch und die nachhaltige Entwicklung des Unternehmens. Leeb ist fest in seiner K\u00e4rntner Heimat verwurzelt und hat sich der nachhaltigen, umweltbewussten Produktion von Balkongel\u00e4ndern und Z\u00e4unen verschrieben.<\/p>\n\n        <\/div>\n      <\/div>\n    <\/div>\n  <\/div>\n\n\n<div class=\"b-sps l-mbxl\" id=\"\">\n      <div class=\"grid-x\">\n              <div class=\"cell b-sps__bgimg lazyload bgx-center bgy-center small-12 medium-6 small-order-1 medium-order-2\">\n          \n            <img loading=\"lazy\" decoding=\"async\" width=\"1024\" height=\"767\" src=\"https:\/\/www.leeb-balkone.com\/app\/uploads\/2020\/10\/leeb-balkone-mitarbeiter-21-1024x767.jpg\" class=\"attachment-large size-large\" alt=\"Leeb Mitarbeiter stark-verl\u00e4sslich-sch\u00f6n\" srcset=\"https:\/\/www.leeb-balkone.com\/app\/uploads\/2020\/10\/leeb-balkone-mitarbeiter-21-1024x767.jpg 1024w, https:\/\/www.leeb-balkone.com\/app\/uploads\/2020\/10\/leeb-balkone-mitarbeiter-21-300x225.jpg 300w, https:\/\/www.leeb-balkone.com\/app\/uploads\/2020\/10\/leeb-balkone-mitarbeiter-21-768x575.jpg 768w, https:\/\/www.leeb-balkone.com\/app\/uploads\/2020\/10\/leeb-balkone-mitarbeiter-21-1536x1151.jpg 1536w, https:\/\/www.leeb-balkone.com\/app\/uploads\/2020\/10\/leeb-balkone-mitarbeiter-21-2048x1535.jpg 2048w\" sizes=\"auto, (min-width: 1200px) 1024px, (min-width: 1024px) 768px, (min-width: 640px) 768px, 768px\" \/>        <\/div>\n            <div class=\"cell b-sps__cont  small-12 medium-6 small-order-2 medium-order-1 offset\">\n        <div class=\"b-sps__inner-cont  bg--lightgray pdd\">\n          <h3>Die h\u00f6chste Auszeichnung ist Ihre Zufriedenheit<\/h3>\n<p>Heute stehen bei Leeb \u00fcber 200 Balkon- und Zaunmodelle aus Aluminium und Holz zur Wahl. Jedes Produkt ist individuelle Ma\u00dfarbeit und speziell f\u00fcr Sie gefertigt. Unseren Mitarbeitern ist es gelungen, ein einzigartiges Balkon- und Zaunprogramm zu erschaffen, das keine W\u00fcnsche offen l\u00e4sst. Zus\u00e4tzlich zeichnet sich jeder unserer Leeb-Partner durch sein hohes Fachwissen aus. Bei Neubau oder Renovierung findet sich dank professioneller Beratung der Balkon oder Zaun, der am besten zu Ihnen passt. Ihr Leeb-Produkt ist gleichzeitig ein Aush\u00e4ngeschild Ihres Anwesens und eine Visitenkarte f\u00fcr unser Unternehmen.<\/p>\n\n        <\/div>\n      <\/div>\n    <\/div>\n  <\/div>\n\n\n<div class=\"b-sps l-mbxl\" id=\"\">\n      <div class=\"grid-x\">\n              <div class=\"cell b-sps__bgimg lazyload bgx-center bgy-center small-12 medium-6 small-order-1 medium-order-1\">\n          \n            <img loading=\"lazy\" decoding=\"async\" width=\"1024\" height=\"767\" src=\"https:\/\/www.leeb-balkone.com\/app\/uploads\/2020\/08\/leeb-balkone-mitarbeiter-4-1024x767.jpeg\" class=\"attachment-large size-large\" alt=\"Montieren eines Leeb Alu-Balkongel\u00e4nders nach Ma\u00df\" srcset=\"https:\/\/www.leeb-balkone.com\/app\/uploads\/2020\/08\/leeb-balkone-mitarbeiter-4-1024x767.jpeg 1024w, https:\/\/www.leeb-balkone.com\/app\/uploads\/2020\/08\/leeb-balkone-mitarbeiter-4-2048x1535.jpeg 2048w, https:\/\/www.leeb-balkone.com\/app\/uploads\/2020\/08\/leeb-balkone-mitarbeiter-4-300x225.jpeg 300w, https:\/\/www.leeb-balkone.com\/app\/uploads\/2020\/08\/leeb-balkone-mitarbeiter-4-768x575.jpeg 768w, https:\/\/www.leeb-balkone.com\/app\/uploads\/2020\/08\/leeb-balkone-mitarbeiter-4-1536x1151.jpeg 1536w\" sizes=\"auto, (min-width: 1200px) 1024px, (min-width: 1024px) 768px, (min-width: 640px) 768px, 768px\" \/>        <\/div>\n            <div class=\"cell b-sps__cont  small-12 medium-6 small-order-2 medium-order-2 offset\">\n        <div class=\"b-sps__inner-cont  bg--lightgray pdd\">\n          <h3>Europas f\u00fchrender Balkon-Hersteller<\/h3>\n<p>Wir stellen die h\u00f6chsten Anspr\u00fcche an uns selbst: Gr\u00f6\u00dfte Perfektion \u2013 von der Planung bis zur Fertigung jedes einzelnen Balkons oder Zauns. Die konsequente Umsetzung dieses Anspruches hat uns in Europa an die Spitze der Balkonbauer gef\u00fchrt. Bis heute haben Kunden in \u00d6sterreich, Deutschland, Frankreich, Italien, Schweiz und Slowenien unserer Erfahrung vertraut und sich f\u00fcr Leeb entschieden. So haben wir bis heute \u00fcber 2.000 Kilometer Balkone und Z\u00e4une produziert. Eine Fahrtstrecke, die von unserem K\u00e4rntner Standort Gnesau bis nach Madrid reicht. Und t\u00e4glich werden es mehr.<\/p>\n\n        <\/div>\n      <\/div>\n    <\/div>\n  <\/div>\n\n\n<div class=\"b-sps l-mbxl\" id=\"\">\n      <div class=\"grid-x\">\n              <div class=\"cell b-sps__bgimg lazyload bgx-center bgy-center small-12 medium-6 small-order-1 medium-order-2\">\n          \n            <img loading=\"lazy\" decoding=\"async\" width=\"1024\" height=\"705\" src=\"https:\/\/www.leeb-balkone.com\/app\/uploads\/2020\/09\/alu-balkongelaender-zufriedene-kunden-1024x705.jpg\" class=\"attachment-large size-large\" alt=\"Begeisterte Kunden mit ihrem neuen Glasbalkon Vision\" srcset=\"https:\/\/www.leeb-balkone.com\/app\/uploads\/2020\/09\/alu-balkongelaender-zufriedene-kunden-1024x705.jpg 1024w, https:\/\/www.leeb-balkone.com\/app\/uploads\/2020\/09\/alu-balkongelaender-zufriedene-kunden-300x206.jpg 300w, https:\/\/www.leeb-balkone.com\/app\/uploads\/2020\/09\/alu-balkongelaender-zufriedene-kunden-768x529.jpg 768w, https:\/\/www.leeb-balkone.com\/app\/uploads\/2020\/09\/alu-balkongelaender-zufriedene-kunden-1536x1057.jpg 1536w, https:\/\/www.leeb-balkone.com\/app\/uploads\/2020\/09\/alu-balkongelaender-zufriedene-kunden-2048x1409.jpg 2048w\" sizes=\"auto, (min-width: 1200px) 1024px, (min-width: 1024px) 768px, (min-width: 640px) 768px, 768px\" \/>        <\/div>\n            <div class=\"cell b-sps__cont  small-12 medium-6 small-order-2 medium-order-1 offset\">\n        <div class=\"b-sps__inner-cont  bg--lightgray pdd\">\n          <h3>Langzeitschutz und Sch\u00f6nheit f\u00fcr Leeb-Produkte<\/h3>\n<p>Besonders bei der Haltbarkeit und Langlebigkeit hebt sich ein Leeb-Balkon deutlich von Mitbewerbern ab. Unsere eigens entwickelten und patentierten Verfahren zur Druckimpr\u00e4gnierung und Oberfl\u00e4chenbehandlung halten Leeb-Produkte f\u00fcr lange Zeit sch\u00f6n. Unsere Balkongel\u00e4nder und Z\u00e4une aus Aluminium erkennen Sie an den Softline-Kanten f\u00fcr eine langanhaltende Beschichtung, den verdeckten Verschraubungen sowie der stabilen Eckrahmenkonstruktion. Die einzigartige ALU COMFORT PLUS\u00ae Beschichtung macht Leeb-Produkte aus Aluminium kratzfester und l\u00e4sst den Schmutz einfach abperlen. Die Tiefenimpr\u00e4gnierung VACU-PROTECT\u00ae sorgt f\u00fcr nahezu dauerhaften Schutz, Formstabilit\u00e4t und hohe Lebensdauer unserer Holzbalkone.<\/p>\n\n        <\/div>\n      <\/div>\n    <\/div>\n  <\/div>\n\n\n<div class=\"b-sps l-mbxl\" id=\"\">\n      <div class=\"grid-x\">\n              <div class=\"cell b-sps__bgimg lazyload bgx-center bgy-center small-12 medium-6 small-order-1 medium-order-1\">\n          \n            <img loading=\"lazy\" decoding=\"async\" width=\"1024\" height=\"533\" src=\"https:\/\/www.leeb-balkone.com\/app\/uploads\/2026\/03\/map-de-1024x533.jpg\" class=\"attachment-large size-large\" alt=\"Deutsche Map: Vertriebspartner (orange Pins) und Schaur\u00e4ume \/ Standorte (gr\u00fcne Pins) der Leeb Balkone GmbH in Deutschland\" srcset=\"https:\/\/www.leeb-balkone.com\/app\/uploads\/2026\/03\/map-de-1024x533.jpg 1024w, https:\/\/www.leeb-balkone.com\/app\/uploads\/2026\/03\/map-de-300x156.jpg 300w, https:\/\/www.leeb-balkone.com\/app\/uploads\/2026\/03\/map-de-768x400.jpg 768w, https:\/\/www.leeb-balkone.com\/app\/uploads\/2026\/03\/map-de-1536x799.jpg 1536w, https:\/\/www.leeb-balkone.com\/app\/uploads\/2026\/03\/map-de.jpg 2000w\" sizes=\"auto, (min-width: 1200px) 1024px, (min-width: 1024px) 768px, (min-width: 640px) 768px, 768px\" \/>        <\/div>\n            <div class=\"cell b-sps__cont  small-12 medium-6 small-order-2 medium-order-2 offset\">\n        <div class=\"b-sps__inner-cont  bg--lightgray pdd\">\n          <h3>Leeb Balkone in Deutschland<\/h3>\n<p>Alle Produkte werden ma\u00dfgenau in der Firmenzentrale im k\u00e4rntnerischen Gnesau mit einem hohen werkseitigen Vorfertigungsgrad produziert. Dies garantiert h\u00f6chste Pr\u00e4zision und eine besonders saubere, schnelle Montage vor Ort. Ein dichtes Netzwerk aus zertifizierten Partnern in ganz Deutschland sorgt dabei f\u00fcr eine l\u00fcckenlose Betreuung von der ersten Beratung bis zur fertigen Montage. Leeb-Produkte live erleben in den <a href=\"https:\/\/www.leeb-balkone.com\/de\/schauraum\/\">Schaur\u00e4umen<\/a> an zahlreichen Standorten in Bayern, Baden-W\u00fcrttemberg, Th\u00fcringen und Hessen.<\/p>\n\n        <\/div>\n      <\/div>\n    <\/div>\n  <\/div>\n<\/div><\/div><\/div><\/div>\n\n\n\n<div class=\"wp-block-cgb-t3-container-block none\" style=\"background-color:none\"><div class=\"grid-container\"><div class=\"grid-x\"><div class=\"cell small-12 medium-10 large-0 medium-offset-1 b-has-pt b-has-lsmb\">\n<!-- LEEB Balkone GmbH Video: LEEB Image Film -->\n<div class=\"video-container\" style=\"position:relative; padding-bottom:56.25%; height:0; overflow:hidden;\">\n  <iframe \n    src=\"https:\/\/www.youtube.com\/embed\/FTrZ_8Jkl9Q?rel=0\" \n    width=\"560\" \n    height=\"315\"\n    title=\"LEEB Image Film\"\n    frameborder=\"0\"\n    allow=\"accelerometer; autoplay; clipboard-write; encrypted-media; gyroscope; picture-in-picture; web-share\"\n    allowfullscreen\n    loading=\"lazy\"\n    tabindex=\"0\">\n  <\/iframe>\n<\/div>\n<!-- Structured Data -->\n<script type=\"application\/ld+json\">\n{\n  \"@context\": \"https:\/\/schema.org\",\n  \"@type\": \"VideoObject\",\n  \"name\": \"LEEB Image Film\",\n  \"description\": \"Die Firma LEEB Balkone und Z\u00e4une ist Europas f\u00fchrender Hersteller von Balkonen und Z\u00e4unen aus Aluminium und Holz. Der Film gibt einen \u00dcberblick \u00fcber das Unternehmen, die Philosophie und die gelebten Werte.\",\n  \"thumbnailUrl\": \"https:\/\/i.ytimg.com\/vi\/FTrZ_8Jkl9Q\/hqdefault.jpg\",\n  \"uploadDate\": \"2018-12-17\",\n  \"duration\": \"PT2M1S\",\n  \"publisher\": {\n    \"@type\": \"Organization\",\n    \"name\": \"LEEB Balkone GmbH\"\n  },\n  \"contentUrl\": \"https:\/\/www.youtube.com\/watch?v=FTrZ_8Jkl9Q\"\n}\n<\/script>\n<\/div><\/div><\/div><\/div>\n\n\n\n<div class=\"wp-block-cgb-t3-container-block none\" style=\"background-color:none\"><div class=\"grid-container\"><div class=\"grid-x\"><div class=\"cell small-12 medium-9 large-0 medium-offset-1 b-has-pt\">\n<h2 class=\"wp-block-heading\" id=\"ein-qualitatsprodukt-aus-osterreich\">EIN QUALIT\u00c4TSPRODUKT AUS \u00d6STERREICH<\/h2>\n\n\n\n<p>Als eines der wenigen europ\u00e4isches Balkonunternehmen erf\u00fcllt die Firma Leeb Balkone die strenge Qualit\u00e4tsnorm ISO 9001 und seit 2010 f\u00fchrt sie auch das Siegel \u201eAustrias Leading Company\u201c. Unsere Balkone und Z\u00e4une werden au\u00dferdem j\u00e4hrlich mit dem T\u00dcV-Zertifikat ausgezeichnet. Rund 200 MitarbeiterInnen am K\u00e4rntner Standort Gnesau sind f\u00fcr den Erfolg verantwortlich. Professionalit\u00e4t und Innovation stehen bei der Herstellung der Qualit\u00e4tsprodukte im Vordergrund.<\/p>\n<\/div><\/div><\/div><\/div>\n<\/section>\n\n\n\n<section class=\"wp-block-cgb-t3-section-block alignfull b-pt-none\" style=\"display:inherit;background-color:#F5F5F5;min-height:inherit\">\n<div class=\"wp-block-cgb-t3-container-block b-has-offset-h\" style=\"background-color:none\"><div class=\"grid-container\"><div class=\"grid-x\"><div class=\"cell small-12 medium-6 large-0 medium-offset-1\">\n<h2 class=\"wp-block-heading\" id=\"europas-nummer-1\"><strong>Europas Nummer 1<\/strong><\/h2>\n<\/div><\/div><\/div><\/div>\n\n\n\n<div class=\"wp-block-cgb-t3-container-block none\" style=\"background-color:none\"><div class=\"grid-container\"><div class=\"grid-x\"><div class=\"cell small-12 medium-9 large-0 medium-offset-1 b-has-pt\">\n<p>Als Europas Marktf\u00fchrer ist es uns besonders wichtig, gr\u00f6\u00dfte Perfektion von der Planung bis zur Fertigung jedes einzelnen Balkons einzusetzen. Mehr als 150.000 zufriedene Kunden in \u00d6sterreich, Deutschland, Frankreich, Italien, Schweiz und Slowenien vertrauen auf Leeb-Qualit\u00e4t. Kreative L\u00f6sungen, Innovationen und fundiertes Fachwissen tragen t\u00e4glich dazu bei, dass wir weiterhin erfolgreich sind.<\/p>\n<\/div><\/div><\/div><\/div>\n\n\n<\/section>\n\n\n\n<section class=\"wp-block-cgb-t3-section-block alignfull b-pt-none  is-style-bg-transparent\" style=\"display:inherit;min-height:inherit\">\n<div class=\"wp-block-cgb-t3-container-block b-has-offset-b\" style=\"background-color:#EE7203\"><div class=\"has-padding none grid-container-wrapper\"><div class=\"grid-container\"><div class=\"grid-x\"><div class=\"cell small-12 medium-9 large-0 medium-offset-1 b-has-lsmb\">\n<h2 class=\"wp-block-heading has-white-color has-text-color\" id=\"innovation-mit-leeb-balkone\"><span class=\"h2ash1\">Innovation mit Leeb Balkone <\/span><\/h2>\n\n\n\n<p class=\"has-white-color has-text-color\"><span class=\"teaser\">Alle unsere Balkone aus Holz oder Alu sind durch unsere patentierten Verfahren dauerhaft gesch\u00fctzt. Jede Innovation aus dem Hause Leeb tr\u00e4gt dazu bei, dass die Sch\u00f6nheit Ihres Balkons mit einem deutlich geringeren Pflegeaufwand f\u00fcr viele Jahre erhalten bleibt.<\/span> <\/p>\n<\/div><\/div><\/div><\/div><\/div>\n\n\n\n<div class=\"wp-block-cgb-t3-container-block none\" style=\"background-color:none\"><div class=\"grid-container\"><div class=\"grid-x\"><div class=\"cell small-12 medium-12 large-0\"><div class=\"u-grid-temp has-2-cols u-md-2 u-sm-1 is-style-transparent-cards offset wp-block-group is-layout-grid wp-block-group-is-layout-grid\">\n\n\n  \n\n            <div class=\"wp-block-group m-card is-layout-flow wp-block-group-is-layout-flow\">\n      <figure data-imgid=\"134740\" class=\"wp-block-image size-large\">\n      <a href=\"https:\/\/www.leeb-balkone.com\/de\/ueber-leeb\/zertifizierte-qualitaet\/\" class=\"no-default-link\">\n        <img decoding=\"async\" width=\"768\" height=\"576\" src=\"https:\/\/www.leeb-balkone.com\/app\/uploads\/2024\/01\/Austria-Guetezeichen-768x576.jpg\" class=\"attachment-medium_large size-medium_large\" alt=\"Austria Guetezeichen\" title=\"Zertifizierte Qualit\u00e4t\" loading=\"lazy\" srcset=\"https:\/\/www.leeb-balkone.com\/app\/uploads\/2024\/01\/Austria-Guetezeichen-768x576.jpg 768w, https:\/\/www.leeb-balkone.com\/app\/uploads\/2024\/01\/Austria-Guetezeichen-300x225.jpg 300w, https:\/\/www.leeb-balkone.com\/app\/uploads\/2024\/01\/Austria-Guetezeichen-1024x767.jpg 1024w, https:\/\/www.leeb-balkone.com\/app\/uploads\/2024\/01\/Austria-Guetezeichen-1536x1151.jpg 1536w, https:\/\/www.leeb-balkone.com\/app\/uploads\/2024\/01\/Austria-Guetezeichen.jpg 2000w\" sizes=\"auto, (min-width: 1200px) 360px, (min-width: 1024px) 300px, (min-width: 640px) 768px, 768px\" \/>      <\/a>\n    <\/figure>\n  \n  <div class=\"wp-block-group m-card-content is-vertical is-layout-flex wp-block-group-is-layout-flex\">\n            <h3 class=\"wp-block-heading\">\n          <a href=\"https:\/\/www.leeb-balkone.com\/de\/ueber-leeb\/zertifizierte-qualitaet\/\" class=\"no-default-link\">Zertifizierte Qualit\u00e4t<\/a>\n        <\/h3>\n        <p>Stetige Weiterentwicklung unserer Arbeitsprozesse und Produkte zeichnen die Qualit\u00e4t von Leeb aus. \u00dcberzeugen Sie sich selbst \u2013 mit uns investieren Sie in eine sichere Zukunft!<\/p>\n          <a href=\"https:\/\/www.leeb-balkone.com\/de\/ueber-leeb\/zertifizierte-qualitaet\/\" class=\"more\">mehr erfahren<\/a>\n      <\/div>\n<\/div>\n\n          <div class=\"wp-block-group m-card is-layout-flow wp-block-group-is-layout-flow\">\n      <figure data-imgid=\"1224\" class=\"wp-block-image size-large\">\n      <a href=\"https:\/\/www.leeb-balkone.com\/de\/technik\/alu-comfort-plus\/\" class=\"no-default-link\">\n        <img decoding=\"async\" width=\"768\" height=\"499\" src=\"https:\/\/www.leeb-balkone.com\/app\/uploads\/2020\/04\/shutterstock_4878571_red-768x499.jpg\" class=\"attachment-medium_large size-medium_large\" alt=\"Alu Comfort Plus - Patentierte Pulverbeschichtung mit Lotus Effekt von Leeb Balkone\" title=\"Alu Comfort Plus\u00ae\" loading=\"lazy\" srcset=\"https:\/\/www.leeb-balkone.com\/app\/uploads\/2020\/04\/shutterstock_4878571_red-768x499.jpg 768w, https:\/\/www.leeb-balkone.com\/app\/uploads\/2020\/04\/shutterstock_4878571_red-300x195.jpg 300w, https:\/\/www.leeb-balkone.com\/app\/uploads\/2020\/04\/shutterstock_4878571_red-1024x665.jpg 1024w, https:\/\/www.leeb-balkone.com\/app\/uploads\/2020\/04\/shutterstock_4878571_red-1536x997.jpg 1536w, https:\/\/www.leeb-balkone.com\/app\/uploads\/2020\/04\/shutterstock_4878571_red-2048x1330.jpg 2048w\" sizes=\"auto, (min-width: 1200px) 360px, (min-width: 1024px) 300px, (min-width: 640px) 768px, 768px\" \/>      <\/a>\n    <\/figure>\n  \n  <div class=\"wp-block-group m-card-content is-vertical is-layout-flex wp-block-group-is-layout-flex\">\n            <h3 class=\"wp-block-heading\">\n          <a href=\"https:\/\/www.leeb-balkone.com\/de\/technik\/alu-comfort-plus\/\" class=\"no-default-link\">Alu Comfort Plus\u00ae<\/a>\n        <\/h3>\n        <p>Die einzigartige und patentierte ALU COMFORT PLUS\u00ae-Oberfl\u00e4che mit hocheffektivem Lotuseffekt ist die Essenz st\u00e4ndiger Innovationen.<\/p>\n          <a href=\"https:\/\/www.leeb-balkone.com\/de\/technik\/alu-comfort-plus\/\" class=\"more\">mehr erfahren<\/a>\n      <\/div>\n<\/div>\n\n          <div class=\"wp-block-group m-card is-layout-flow wp-block-group-is-layout-flow\">\n      <figure data-imgid=\"44735\" class=\"wp-block-image size-large\">\n      <a href=\"https:\/\/www.leeb-balkone.com\/de\/vertriebspartner\/\" class=\"no-default-link\">\n        <img decoding=\"async\" width=\"768\" height=\"453\" src=\"https:\/\/www.leeb-balkone.com\/app\/uploads\/2020\/12\/firma-leeb-balkone-zentrale-gnesau-scaled-e1624345570124-768x453.jpg\" class=\"attachment-medium_large size-medium_large\" alt=\"Firmenzentrale Leeb Balkone GmbH in Gnesau\" title=\"Leeb-Standorte\" loading=\"lazy\" srcset=\"https:\/\/www.leeb-balkone.com\/app\/uploads\/2020\/12\/firma-leeb-balkone-zentrale-gnesau-scaled-e1624345570124-768x453.jpg 768w, https:\/\/www.leeb-balkone.com\/app\/uploads\/2020\/12\/firma-leeb-balkone-zentrale-gnesau-scaled-e1624345570124-300x177.jpg 300w, https:\/\/www.leeb-balkone.com\/app\/uploads\/2020\/12\/firma-leeb-balkone-zentrale-gnesau-scaled-e1624345570124-1024x604.jpg 1024w, https:\/\/www.leeb-balkone.com\/app\/uploads\/2020\/12\/firma-leeb-balkone-zentrale-gnesau-scaled-e1624345570124-1536x906.jpg 1536w, https:\/\/www.leeb-balkone.com\/app\/uploads\/2020\/12\/firma-leeb-balkone-zentrale-gnesau-scaled-e1624345570124-2048x1208.jpg 2048w\" sizes=\"auto, (min-width: 1200px) 360px, (min-width: 1024px) 300px, (min-width: 640px) 768px, 768px\" \/>      <\/a>\n    <\/figure>\n  \n  <div class=\"wp-block-group m-card-content is-vertical is-layout-flex wp-block-group-is-layout-flex\">\n            <h3 class=\"wp-block-heading\">\n          <a href=\"https:\/\/www.leeb-balkone.com\/de\/vertriebspartner\/\" class=\"no-default-link\">Leeb-Standorte<\/a>\n        <\/h3>\n        <p>Unser Vertriebsnetz umfasst rund 100 Leeb-Partner in \u00d6sterreich, Deutschland, Italien, der Schweiz, der Slowakei und Slowenien. Ein Leeb-Partner ist immer in Ihrer N\u00e4he!<\/p>\n          <a href=\"https:\/\/www.leeb-balkone.com\/de\/vertriebspartner\/\" class=\"more\">Vertriebspartner finden<\/a>\n      <\/div>\n<\/div>\n\n          <div class=\"wp-block-group m-card is-layout-flow wp-block-group-is-layout-flow\">\n      <figure data-imgid=\"44230\" class=\"wp-block-image size-large\">\n      <a href=\"https:\/\/www.leeb-balkone.com\/de\/ueber-leeb\/kundenreferenzen\/\" class=\"no-default-link\">\n        <img decoding=\"async\" width=\"768\" height=\"511\" src=\"https:\/\/www.leeb-balkone.com\/app\/uploads\/2020\/07\/balkongelaender-alu-design-genf-20-1-768x511.jpg\" class=\"attachment-medium_large size-medium_large\" alt=\"Modernes Balkongel\u00e4nder aus Aluminium in zeitloser Optik - Alubalkon Alu Design Genf\" title=\"Kundenreferenzen\" loading=\"lazy\" srcset=\"https:\/\/www.leeb-balkone.com\/app\/uploads\/2020\/07\/balkongelaender-alu-design-genf-20-1-768x511.jpg 768w, https:\/\/www.leeb-balkone.com\/app\/uploads\/2020\/07\/balkongelaender-alu-design-genf-20-1-300x200.jpg 300w, https:\/\/www.leeb-balkone.com\/app\/uploads\/2020\/07\/balkongelaender-alu-design-genf-20-1-1024x681.jpg 1024w, https:\/\/www.leeb-balkone.com\/app\/uploads\/2020\/07\/balkongelaender-alu-design-genf-20-1-1536x1022.jpg 1536w, https:\/\/www.leeb-balkone.com\/app\/uploads\/2020\/07\/balkongelaender-alu-design-genf-20-1-2048x1363.jpg 2048w\" sizes=\"auto, (min-width: 1200px) 360px, (min-width: 1024px) 300px, (min-width: 640px) 768px, 768px\" \/>      <\/a>\n    <\/figure>\n  \n  <div class=\"wp-block-group m-card-content is-vertical is-layout-flex wp-block-group-is-layout-flex\">\n            <h3 class=\"wp-block-heading\">\n          <a href=\"https:\/\/www.leeb-balkone.com\/de\/ueber-leeb\/kundenreferenzen\/\" class=\"no-default-link\">Kundenreferenzen<\/a>\n        <\/h3>\n        <p>\u00dcber 60 Jahre Erfahrung und mehr als 100.000 Kunden in \u00d6sterreich, Deutschland, Italien, Frankreich und der Schweiz haben uns zum f\u00fchrenden Spezialisten f\u00fcr Balkone und Z\u00e4une gemacht. <\/p>\n          <a href=\"https:\/\/www.leeb-balkone.com\/de\/ueber-leeb\/kundenreferenzen\/\" class=\"more\">mehr erfahren<\/a>\n      <\/div>\n<\/div>\n\n      \n<\/div>\n\n\n\n<p><\/p>\n<\/div><\/div><\/div><\/div>\n<\/section>\n\n\n","protected":false},"excerpt":{"rendered":"","protected":false},"author":1,"featured_media":0,"parent":0,"menu_order":173,"comment_status":"closed","ping_status":"closed","template":"template-onepager.blade.php","meta":{"_acf_changed":false,"footnotes":"","_sage_theme_css":true,"_wp_block_core_css":false},"folder":[],"class_list":["post-6886","page","type-page","status-publish","hentry"],"acf":[],"yoast_head":"<!-- This site is optimized with the Yoast SEO plugin v27.2 - https:\/\/yoast.com\/product\/yoast-seo-wordpress\/ -->\n<title>\u00dcber Leeb - Leeb Balkone Deutschland<\/title>\n<meta name=\"description\" content=\"120 Jahre Leeb Balkone \u2713 Tradition trifft Innovation *** Erfahren Sie mehr \u00fcber den europ\u00e4ischen Marktf\u00fchrer \u2013 Jetzt entdecken!\" \/>\n<meta name=\"robots\" content=\"index, follow, max-snippet:-1, max-image-preview:large, max-video-preview:-1\" \/>\n<meta property=\"og:locale\" content=\"de_DE\" \/>\n<meta property=\"og:type\" content=\"article\" \/>\n<meta property=\"og:title\" content=\"\u00dcber Leeb - Leeb Balkone\" \/>\n<meta property=\"og:description\" content=\"120 Jahre Leeb Balkone \u2713 Tradition trifft Innovation *** Erfahren Sie mehr \u00fcber den europ\u00e4ischen Marktf\u00fchrer \u2013 Jetzt entdecken!\" \/>\n<meta property=\"og:url\" content=\"https:\/\/www.leeb-balkone.com\/de\/ueber-leeb\/\" \/>\n<meta property=\"og:site_name\" content=\"Leeb Balkone\" \/>\n<meta property=\"article:publisher\" content=\"https:\/\/www.facebook.com\/balkone\/\" \/>\n<meta property=\"article:modified_time\" content=\"2026-04-29T14:56:25+00:00\" \/>\n<meta property=\"og:image\" content=\"https:\/\/www.leeb-balkone.com\/app\/uploads\/2020\/09\/alu-balkongelaender-zufriedene-kunden-1.jpg\" \/>\n\t<meta property=\"og:image:width\" content=\"2560\" \/>\n\t<meta property=\"og:image:height\" content=\"1762\" \/>\n\t<meta property=\"og:image:type\" content=\"image\/jpeg\" \/>\n<meta name=\"twitter:card\" content=\"summary_large_image\" \/>\n<script type=\"application\/ld+json\" class=\"yoast-schema-graph\">{\"@context\":\"https:\/\/schema.org\",\"@graph\":[{\"@type\":\"WebPage\",\"@id\":\"https:\/\/www.leeb-balkone.com\/de\/ueber-leeb\/\",\"url\":\"https:\/\/www.leeb-balkone.com\/de\/ueber-leeb\/\",\"name\":\"\u00dcber Leeb - Leeb Balkone\",\"isPartOf\":{\"@id\":\"https:\/\/www.leeb-balkone.com\/de\/#website\"},\"datePublished\":\"2020-09-08T11:06:44+00:00\",\"dateModified\":\"2026-04-29T14:56:25+00:00\",\"description\":\"120 Jahre Leeb Balkone \u2713 Tradition trifft Innovation *** Erfahren Sie mehr \u00fcber den europ\u00e4ischen Marktf\u00fchrer \u2013 Jetzt entdecken!\",\"breadcrumb\":{\"@id\":\"https:\/\/www.leeb-balkone.com\/de\/ueber-leeb\/#breadcrumb\"},\"inLanguage\":\"de\",\"potentialAction\":[{\"@type\":\"ReadAction\",\"target\":[\"https:\/\/www.leeb-balkone.com\/de\/ueber-leeb\/\"]}]},{\"@type\":\"BreadcrumbList\",\"@id\":\"https:\/\/www.leeb-balkone.com\/de\/ueber-leeb\/#breadcrumb\",\"itemListElement\":[{\"@type\":\"ListItem\",\"position\":1,\"name\":\"Home\",\"item\":\"https:\/\/www.leeb-balkone.com\/de\/\"},{\"@type\":\"ListItem\",\"position\":2,\"name\":\"\u00dcber Leeb\"}]},{\"@type\":\"WebSite\",\"@id\":\"https:\/\/www.leeb-balkone.com\/de\/#website\",\"url\":\"https:\/\/www.leeb-balkone.com\/de\/\",\"name\":\"Leeb Balkone\",\"description\":\"Balkone und Z\u00e4une\",\"publisher\":{\"@id\":\"https:\/\/www.leeb-balkone.com\/de\/#organization\"},\"potentialAction\":[{\"@type\":\"SearchAction\",\"target\":{\"@type\":\"EntryPoint\",\"urlTemplate\":\"https:\/\/www.leeb-balkone.com\/de\/?s={search_term_string}\"},\"query-input\":{\"@type\":\"PropertyValueSpecification\",\"valueRequired\":true,\"valueName\":\"search_term_string\"}}],\"inLanguage\":\"de\"},{\"@type\":\"Organization\",\"@id\":\"https:\/\/www.leeb-balkone.com\/de\/#organization\",\"name\":\"Leeb Balkone Gmbh\",\"url\":\"https:\/\/www.leeb-balkone.com\/de\/\",\"logo\":{\"@type\":\"ImageObject\",\"inLanguage\":\"de\",\"@id\":\"https:\/\/www.leeb-balkone.com\/de\/#\/schema\/logo\/image\/\",\"url\":\"https:\/\/www.leeb-balkone.com\/app\/uploads\/2020\/11\/leeb-logo.svg\",\"contentUrl\":\"https:\/\/www.leeb-balkone.com\/app\/uploads\/2020\/11\/leeb-logo.svg\",\"width\":741,\"height\":204,\"caption\":\"Leeb Balkone Gmbh\"},\"image\":{\"@id\":\"https:\/\/www.leeb-balkone.com\/de\/#\/schema\/logo\/image\/\"},\"sameAs\":[\"https:\/\/www.facebook.com\/balkone\/\",\"https:\/\/www.trustedshops.at\/bewertung\/info_X4587CCF5833E31AFE0B11F47D86999F2.html\",\"https:\/\/www.trustedshops.de\/bewertung\/info_X7BA536A7A0BDC86D36C4718E4DCAEEEF.html\",\"https:\/\/www.google.com\/maps\/place\/?q=place_id:ChIJ5-zH19-IcEcR9HonWRTllHI\"]}]}<\/script>\n<!-- \/ Yoast SEO plugin. -->","yoast_head_json":{"title":"\u00dcber Leeb - Leeb Balkone Deutschland","description":"120 Jahre Leeb Balkone \u2713 Tradition trifft Innovation *** Erfahren Sie mehr \u00fcber den europ\u00e4ischen Marktf\u00fchrer \u2013 Jetzt entdecken!","robots":{"index":"index","follow":"follow","max-snippet":"max-snippet:-1","max-image-preview":"max-image-preview:large","max-video-preview":"max-video-preview:-1"},"og_locale":"de_DE","og_type":"article","og_title":"\u00dcber Leeb - Leeb Balkone","og_description":"120 Jahre Leeb Balkone \u2713 Tradition trifft Innovation *** Erfahren Sie mehr \u00fcber den europ\u00e4ischen Marktf\u00fchrer \u2013 Jetzt entdecken!","og_url":"https:\/\/www.leeb-balkone.com\/de\/ueber-leeb\/","og_site_name":"Leeb Balkone","article_publisher":"https:\/\/www.facebook.com\/balkone\/","article_modified_time":"2026-04-29T14:56:25+00:00","og_image":[{"width":2560,"height":1762,"url":"https:\/\/www.leeb-balkone.com\/app\/uploads\/2020\/09\/alu-balkongelaender-zufriedene-kunden-1.jpg","type":"image\/jpeg"}],"twitter_card":"summary_large_image","schema":{"@context":"https:\/\/schema.org","@graph":[{"@type":"WebPage","@id":"https:\/\/www.leeb-balkone.com\/de\/ueber-leeb\/","url":"https:\/\/www.leeb-balkone.com\/de\/ueber-leeb\/","name":"\u00dcber Leeb - Leeb Balkone","isPartOf":{"@id":"https:\/\/www.leeb-balkone.com\/de\/#website"},"datePublished":"2020-09-08T11:06:44+00:00","dateModified":"2026-04-29T14:56:25+00:00","description":"120 Jahre Leeb Balkone \u2713 Tradition trifft Innovation *** Erfahren Sie mehr \u00fcber den europ\u00e4ischen Marktf\u00fchrer \u2013 Jetzt entdecken!","breadcrumb":{"@id":"https:\/\/www.leeb-balkone.com\/de\/ueber-leeb\/#breadcrumb"},"inLanguage":"de","potentialAction":[{"@type":"ReadAction","target":["https:\/\/www.leeb-balkone.com\/de\/ueber-leeb\/"]}]},{"@type":"BreadcrumbList","@id":"https:\/\/www.leeb-balkone.com\/de\/ueber-leeb\/#breadcrumb","itemListElement":[{"@type":"ListItem","position":1,"name":"Home","item":"https:\/\/www.leeb-balkone.com\/de\/"},{"@type":"ListItem","position":2,"name":"\u00dcber Leeb"}]},{"@type":"WebSite","@id":"https:\/\/www.leeb-balkone.com\/de\/#website","url":"https:\/\/www.leeb-balkone.com\/de\/","name":"Leeb Balkone","description":"Balkone und Z\u00e4une","publisher":{"@id":"https:\/\/www.leeb-balkone.com\/de\/#organization"},"potentialAction":[{"@type":"SearchAction","target":{"@type":"EntryPoint","urlTemplate":"https:\/\/www.leeb-balkone.com\/de\/?s={search_term_string}"},"query-input":{"@type":"PropertyValueSpecification","valueRequired":true,"valueName":"search_term_string"}}],"inLanguage":"de"},{"@type":"Organization","@id":"https:\/\/www.leeb-balkone.com\/de\/#organization","name":"Leeb Balkone Gmbh","url":"https:\/\/www.leeb-balkone.com\/de\/","logo":{"@type":"ImageObject","inLanguage":"de","@id":"https:\/\/www.leeb-balkone.com\/de\/#\/schema\/logo\/image\/","url":"https:\/\/www.leeb-balkone.com\/app\/uploads\/2020\/11\/leeb-logo.svg","contentUrl":"https:\/\/www.leeb-balkone.com\/app\/uploads\/2020\/11\/leeb-logo.svg","width":741,"height":204,"caption":"Leeb Balkone Gmbh"},"image":{"@id":"https:\/\/www.leeb-balkone.com\/de\/#\/schema\/logo\/image\/"},"sameAs":["https:\/\/www.facebook.com\/balkone\/","https:\/\/www.trustedshops.at\/bewertung\/info_X4587CCF5833E31AFE0B11F47D86999F2.html","https:\/\/www.trustedshops.de\/bewertung\/info_X7BA536A7A0BDC86D36C4718E4DCAEEEF.html","https:\/\/www.google.com\/maps\/place\/?q=place_id:ChIJ5-zH19-IcEcR9HonWRTllHI"]}]}},"_links":{"self":[{"href":"https:\/\/www.leeb-balkone.com\/de\/wp-json\/wp\/v2\/pages\/6886","targetHints":{"allow":["GET"]}}],"collection":[{"href":"https:\/\/www.leeb-balkone.com\/de\/wp-json\/wp\/v2\/pages"}],"about":[{"href":"https:\/\/www.leeb-balkone.com\/de\/wp-json\/wp\/v2\/types\/page"}],"author":[{"embeddable":true,"href":"https:\/\/www.leeb-balkone.com\/de\/wp-json\/wp\/v2\/users\/1"}],"replies":[{"embeddable":true,"href":"https:\/\/www.leeb-balkone.com\/de\/wp-json\/wp\/v2\/comments?post=6886"}],"version-history":[{"count":6,"href":"https:\/\/www.leeb-balkone.com\/de\/wp-json\/wp\/v2\/pages\/6886\/revisions"}],"predecessor-version":[{"id":168424,"href":"https:\/\/www.leeb-balkone.com\/de\/wp-json\/wp\/v2\/pages\/6886\/revisions\/168424"}],"wp:attachment":[{"href":"https:\/\/www.leeb-balkone.com\/de\/wp-json\/wp\/v2\/media?parent=6886"}],"wp:term":[{"taxonomy":"folder","embeddable":true,"href":"https:\/\/www.leeb-balkone.com\/de\/wp-json\/wp\/v2\/folder?post=6886"}],"curies":[{"name":"wp","href":"https:\/\/api.w.org\/{rel}","templated":true}]}}