{"id":5354,"date":"2020-08-13T22:12:35","date_gmt":"2020-08-13T22:12:35","guid":{"rendered":"https:\/\/www.leeb-balkone.com\/de\/?page_id=5354"},"modified":"2026-04-28T15:09:48","modified_gmt":"2026-04-28T15:09:48","slug":"kundenreferenzen","status":"publish","type":"page","link":"https:\/\/www.leeb-balkone.com\/de\/ueber-leeb\/kundenreferenzen\/","title":{"rendered":"Kundenreferenzen"},"content":{"rendered":"\n\n\n\n\n\n\n<header class=\"wp-block-group alignfull t3-header-text has-white-background-color has-background has-global-padding is-layout-constrained wp-container-core-group-is-layout-edbfe087 wp-block-group-is-layout-constrained\" style=\"padding-bottom:var(--wp--preset--spacing--xl-2-xl)\">\n<div class=\"wp-block-group o-grid u-md-1 is-layout-flow wp-block-group-is-layout-flow\">\n<div class=\"wp-block-group u-g-s-2 u-g-9 has-global-padding is-layout-constrained wp-block-group-is-layout-constrained\"><div class=\"yoast-breadcrumbs\"><span><span><a href=\"https:\/\/www.leeb-balkone.com\/de\/\">Home<\/a><\/span> \/ <span><a href=\"https:\/\/www.leeb-balkone.com\/de\/ueber-leeb\/\">\u00dcber Leeb<\/a><\/span> \/ <span class=\"breadcrumb_last\" aria-current=\"page\">Kundenreferenzen<\/span><\/span><\/div>\n\n\n<h1 class=\"wp-block-heading\" style=\"margin-bottom:var(--wp--preset--spacing--l)\">Kundenreferenzen<\/h1>\n\n\n\n<p class=\"is-style-default\">\u00dcber 60 Jahre Erfahrung und mehr als 150.000 Kunden in \u00d6sterreich, Deutschland, Italien, Frankreich und der Schweiz haben uns zum f\u00fchrenden Spezialisten f\u00fcr Balkone und Z\u00e4une gemacht. Hier zeigen wir Ihnen eine kleine Auswahl an Leeb-Referenzen. Weitere Referenzen nennt Ihnen gerne\u00a0Ihr\u00a0<a href=\"https:\/\/www.leeb-balkone.com\/de\/vertriebspartner\/\">Leeb Partner in Ihrer N\u00e4he<\/a>!<\/p>\n\n\n\n<p><strong><strong>Besuchen Sie auch unsere\u00a0<a href=\"https:\/\/www.facebook.com\/balkone\/\">Facebook-Fanpage<\/a>, hier finden Sie viele weitere Referenzen und Infos \u00fcber Leeb.<\/strong><\/strong><\/p>\n<\/div>\n<\/div>\n<\/header>\n\n\n\n<section class=\"wp-block-group alignfull t3-loop-filter-bg large has-white-background-color has-background has-global-padding is-layout-constrained wp-container-core-group-is-layout-52f96efc wp-block-group-is-layout-constrained\">\n<div class=\"wp-block-group o-grid u-md-1 is-layout-flow wp-block-group-is-layout-flow\">\n<div class=\"wp-block-group u-g-10 u-g-s-2 is-layout-flow wp-block-group-is-layout-flow\" style=\"margin-bottom:var(--wp--preset--spacing--s)\">\n<h2 class=\"wp-block-heading has-step-2-font-size\">Referenzen sortieren<\/h2>\n\n\n<nav style=\"--t3-loop-filter-gap: var(--wp--preset--spacing--s);\" class=\"t3-loop-filter t3-loop-filter--target-references t3-loop-filter--dropdown t3-loop-filter--align-left alignfull wp-block-t3-loop-filter\" aria-label=\"Filter\" data-target=\"references\"><select class=\"t3-loop-filter__select\" aria-label=\"Filter\"><option value=\"all\">Alle anzeigen<\/option><option value=\"balkongelaender-alu\">Balkongel\u00e4nder Alu<\/option><option value=\"alu-zaeune\">Aluz\u00e4une<\/option><option value=\"anbaubalkone\">Anbaubalkone<\/option><option value=\"ueberdachungen\">\u00dcberdachungen<\/option><\/select><\/nav><\/div>\n<\/div>\n\n\n<div class=\"t3-refs-block is-style-offset is-mode-cards b-cards b-cards--offset\"><div id=\"refs-block-69f55ad943edd\" class=\"t3-refs-block__wrapper has-2-cols\" data-block-id=\"refs-block-69f55ad943edd\" data-per-page=\"24\" data-load-more-enabled=\"true\" data-loop-filter-enabled=\"true\" data-selection-mode=\"loop\" data-display-mode=\"cards\" data-ba-initial=\"50\" data-restrict-categories=\"balkongelaender-alu,alu-zaeune,anbaubalkone,ueberdachungen\" data-loaded=\"24\" data-total=\"53\" data-current-filter=\"all\" data-sort=\"publication\" data-order=\"desc\" data-title-size=\"step-0\"><div id=\"refs-block-item-143095\"\n     class=\"t3-refs-item b-cards__item term-vertikales-design-alu\"\n     data-post-id=\"143095\">\n    <figure class=\"t3-refs-item__figure b-cards__header\">\n                    <img loading=\"lazy\" decoding=\"async\" width=\"1024\" height=\"768\" src=\"https:\/\/www.leeb-balkone.com\/app\/uploads\/2025\/01\/Wedemann-Balkon-Nachher-1024x768.jpg\" class=\"t3-refs-item__img\" alt=\"Wedemann-Balkon-Nachher\" sizes=\"auto, (min-width: 1200px) 1024px, (min-width: 1024px) 768px, (min-width: 640px) 768px, 768px\" srcset=\"https:\/\/www.leeb-balkone.com\/app\/uploads\/2025\/01\/Wedemann-Balkon-Nachher-1024x768.jpg 1024w, https:\/\/www.leeb-balkone.com\/app\/uploads\/2025\/01\/Wedemann-Balkon-Nachher-300x225.jpg 300w, https:\/\/www.leeb-balkone.com\/app\/uploads\/2025\/01\/Wedemann-Balkon-Nachher-768x576.jpg 768w, https:\/\/www.leeb-balkone.com\/app\/uploads\/2025\/01\/Wedemann-Balkon-Nachher-1536x1152.jpg 1536w, https:\/\/www.leeb-balkone.com\/app\/uploads\/2025\/01\/Wedemann-Balkon-Nachher-2048x1536.jpg 2048w\" \/>                            <div class=\"t3-refs-item__overlay\">\n                <p>Vielen Dank f\u00fcr dieses sch\u00f6ne Balkongel\u00e4nder. <\/p>\n            <\/div>\n            <\/figure>\n            <div class=\"t3-refs-item__body b-cards__body\">\n            <div class=\"t3-refs-item__title b-cards__title\">\n                <h3 style=\"font-size: var(--wp--preset--font-size--step-0);\">Familie Wedemann, Gr\u00fcnberg<\/h3>\n            <\/div>\n        <\/div>\n    <\/div>\n<div id=\"refs-block-item-143082\"\n     class=\"t3-refs-item b-cards__item term-vertikales-design-alu\"\n     data-post-id=\"143082\">\n    <figure class=\"t3-refs-item__figure b-cards__header\">\n                    <img loading=\"lazy\" decoding=\"async\" width=\"1024\" height=\"768\" src=\"https:\/\/www.leeb-balkone.com\/app\/uploads\/2025\/01\/Nachher-Familie-Streit-1024x768.jpeg\" class=\"t3-refs-item__img\" alt=\"Nachher Familie Streit\" sizes=\"auto, (min-width: 1200px) 1024px, (min-width: 1024px) 768px, (min-width: 640px) 768px, 768px\" srcset=\"https:\/\/www.leeb-balkone.com\/app\/uploads\/2025\/01\/Nachher-Familie-Streit-1024x768.jpeg 1024w, https:\/\/www.leeb-balkone.com\/app\/uploads\/2025\/01\/Nachher-Familie-Streit-300x225.jpeg 300w, https:\/\/www.leeb-balkone.com\/app\/uploads\/2025\/01\/Nachher-Familie-Streit-768x576.jpeg 768w, https:\/\/www.leeb-balkone.com\/app\/uploads\/2025\/01\/Nachher-Familie-Streit-1536x1152.jpeg 1536w, https:\/\/www.leeb-balkone.com\/app\/uploads\/2025\/01\/Nachher-Familie-Streit-2048x1536.jpeg 2048w\" \/>                            <div class=\"t3-refs-item__overlay\">\n                <p>Liebes Leeb Team, anbei ein paar Bilder von unserem neuen Leeb Balkongel\u00e4nder, mit dem wir sehr zufrieden sind. Das Gel\u00e4nder hat das originale Holzgel\u00e4nder ersetzt. Wir finden, es passt sehr gut zum norwegischen Holzhaus.<\/p>\n            <\/div>\n            <\/figure>\n            <div class=\"t3-refs-item__body b-cards__body\">\n            <div class=\"t3-refs-item__title b-cards__title\">\n                <h3 style=\"font-size: var(--wp--preset--font-size--step-0);\">Familie Streit, Bad M\u00fcnstereifel<\/h3>\n            <\/div>\n        <\/div>\n    <\/div>\n<div id=\"refs-block-item-143068\"\n     class=\"t3-refs-item b-cards__item term-vertikales-design-alu\"\n     data-post-id=\"143068\">\n    <figure class=\"t3-refs-item__figure b-cards__header\">\n                    <img loading=\"lazy\" decoding=\"async\" width=\"1024\" height=\"768\" src=\"https:\/\/www.leeb-balkone.com\/app\/uploads\/2025\/01\/1_Vorher-Nachher-40801E2B-1-1024x768.jpg\" class=\"t3-refs-item__img\" alt=\"1_Vorher-Nachher-40801E2B-1\" sizes=\"auto, (min-width: 1200px) 1024px, (min-width: 1024px) 768px, (min-width: 640px) 768px, 768px\" srcset=\"https:\/\/www.leeb-balkone.com\/app\/uploads\/2025\/01\/1_Vorher-Nachher-40801E2B-1-1024x768.jpg 1024w, https:\/\/www.leeb-balkone.com\/app\/uploads\/2025\/01\/1_Vorher-Nachher-40801E2B-1-300x225.jpg 300w, https:\/\/www.leeb-balkone.com\/app\/uploads\/2025\/01\/1_Vorher-Nachher-40801E2B-1-768x576.jpg 768w, https:\/\/www.leeb-balkone.com\/app\/uploads\/2025\/01\/1_Vorher-Nachher-40801E2B-1-1536x1152.jpg 1536w, https:\/\/www.leeb-balkone.com\/app\/uploads\/2025\/01\/1_Vorher-Nachher-40801E2B-1-2048x1536.jpg 2048w\" \/>                            <div class=\"t3-refs-item__overlay\">\n                <p>Danke f\u00fcr die tolle Erneuerung unseres Balkons. Wir sind total zufrieden und gl\u00fccklich!<\/p>\n            <\/div>\n            <\/figure>\n            <div class=\"t3-refs-item__body b-cards__body\">\n            <div class=\"t3-refs-item__title b-cards__title\">\n                <h3 style=\"font-size: var(--wp--preset--font-size--step-0);\">Alubalkon Z\u00fcrich<\/h3>\n            <\/div>\n        <\/div>\n    <\/div>\n<div id=\"refs-block-item-141568\"\n     class=\"t3-refs-item b-cards__item term-anbaubalkone\"\n     data-post-id=\"141568\">\n    <figure class=\"t3-refs-item__figure b-cards__header\">\n                    <img loading=\"lazy\" decoding=\"async\" width=\"1024\" height=\"768\" src=\"https:\/\/www.leeb-balkone.com\/app\/uploads\/2024\/10\/Kundenreferenz-Anbaubalkon-mit-Stuetzen-und-Glasbalkon-1024x768.jpg\" class=\"t3-refs-item__img\" alt=\"Kundenreferenz-Anbaubalkon-mit-St\u00fctzen-und-Glasbalkon\" sizes=\"auto, (min-width: 1200px) 1024px, (min-width: 1024px) 768px, (min-width: 640px) 768px, 768px\" srcset=\"https:\/\/www.leeb-balkone.com\/app\/uploads\/2024\/10\/Kundenreferenz-Anbaubalkon-mit-Stuetzen-und-Glasbalkon-1024x768.jpg 1024w, https:\/\/www.leeb-balkone.com\/app\/uploads\/2024\/10\/Kundenreferenz-Anbaubalkon-mit-Stuetzen-und-Glasbalkon-300x225.jpg 300w, https:\/\/www.leeb-balkone.com\/app\/uploads\/2024\/10\/Kundenreferenz-Anbaubalkon-mit-Stuetzen-und-Glasbalkon-768x576.jpg 768w, https:\/\/www.leeb-balkone.com\/app\/uploads\/2024\/10\/Kundenreferenz-Anbaubalkon-mit-Stuetzen-und-Glasbalkon-1536x1152.jpg 1536w, https:\/\/www.leeb-balkone.com\/app\/uploads\/2024\/10\/Kundenreferenz-Anbaubalkon-mit-Stuetzen-und-Glasbalkon-2048x1536.jpg 2048w\" \/>                            <div class=\"t3-refs-item__overlay\">\n                <p>Wir sind sehr angetan, zumal die Optik perfekt zum Stil des Hauses passt. Prima fanden wir auch, dass wir die hinteren St\u00fctzen in wei\u00df nehmen konnten, also in der Farbe der Hauswand. So passt sich der Balkon zus\u00e4tzlich gut an das Haus an. \r\nBeim Besuch im Beratungsb\u00fcro haben wir die Steinfliesen entdeckt, sie machen einen qualitativ guten Eindruck passen sehr gut.<\/p>\n            <\/div>\n            <\/figure>\n            <div class=\"t3-refs-item__body b-cards__body\">\n            <div class=\"t3-refs-item__title b-cards__title\">\n                <h3 style=\"font-size: var(--wp--preset--font-size--step-0);\">Familie D\u00f6brich, Bad Krozingen<\/h3>\n            <\/div>\n        <\/div>\n    <\/div>\n<div id=\"refs-block-item-139758\"\n     class=\"t3-refs-item b-cards__item term-anbaubalkone\"\n     data-post-id=\"139758\">\n    <figure class=\"t3-refs-item__figure b-cards__header\">\n                    <img loading=\"lazy\" decoding=\"async\" width=\"818\" height=\"613\" src=\"https:\/\/www.leeb-balkone.com\/app\/uploads\/2024\/07\/MF_40830C1B-M08_20240703-134242.jpg\" class=\"t3-refs-item__img\" alt=\"MF_40830C1B-M08_20240703-134242\" sizes=\"auto, (min-width: 1200px) 1024px, (min-width: 1024px) 768px, (min-width: 640px) 768px, 768px\" srcset=\"https:\/\/www.leeb-balkone.com\/app\/uploads\/2024\/07\/MF_40830C1B-M08_20240703-134242.jpg 818w, https:\/\/www.leeb-balkone.com\/app\/uploads\/2024\/07\/MF_40830C1B-M08_20240703-134242-300x225.jpg 300w, https:\/\/www.leeb-balkone.com\/app\/uploads\/2024\/07\/MF_40830C1B-M08_20240703-134242-768x576.jpg 768w\" \/>                            <div class=\"t3-refs-item__overlay\">\n                <p>Liebes Leeb-Team,\r\ndie beiden Herren haben intensiv gearbeitet und eine Super &#8211; Leistung erbracht. Zu unseren neuen Au\u00dfenanlage war das jetzt das &#8220;i-T\u00fcpfelchen&#8221;.\r\n\r\nVielen Dank f\u00fcr Ihre Vorarbeiten und dass alles so geklappt hat. Mit dem Ablauf sind wir sehr zufrieden, da auch auf den ersten Blick alles in Ordnung ist. <\/p>\n            <\/div>\n            <\/figure>\n            <div class=\"t3-refs-item__body b-cards__body\">\n            <div class=\"t3-refs-item__title b-cards__title\">\n                <h3 style=\"font-size: var(--wp--preset--font-size--step-0);\">Familie Borawski, Wetter<\/h3>\n            <\/div>\n        <\/div>\n    <\/div>\n<div id=\"refs-block-item-74427\"\n     class=\"t3-refs-item b-cards__item term-anbaubalkone term-balkongelaender-alu term-glasbalkone-alu\"\n     data-post-id=\"74427\">\n    <figure class=\"t3-refs-item__figure b-cards__header\">\n                    <img loading=\"lazy\" decoding=\"async\" width=\"1024\" height=\"768\" src=\"https:\/\/www.leeb-balkone.com\/app\/uploads\/2022\/03\/kundenreferenz-alu-balkon-bodora-1024x768.jpeg\" class=\"t3-refs-item__img\" alt=\"kundenreferenz-alu-balkon-bodora\" sizes=\"auto, (min-width: 1200px) 1024px, (min-width: 1024px) 768px, (min-width: 640px) 768px, 768px\" srcset=\"https:\/\/www.leeb-balkone.com\/app\/uploads\/2022\/03\/kundenreferenz-alu-balkon-bodora-1024x768.jpeg 1024w, https:\/\/www.leeb-balkone.com\/app\/uploads\/2022\/03\/kundenreferenz-alu-balkon-bodora-300x225.jpeg 300w, https:\/\/www.leeb-balkone.com\/app\/uploads\/2022\/03\/kundenreferenz-alu-balkon-bodora-768x576.jpeg 768w, https:\/\/www.leeb-balkone.com\/app\/uploads\/2022\/03\/kundenreferenz-alu-balkon-bodora-1536x1152.jpeg 1536w, https:\/\/www.leeb-balkone.com\/app\/uploads\/2022\/03\/kundenreferenz-alu-balkon-bodora-scaled.jpeg 2048w\" \/>                            <div class=\"t3-refs-item__overlay\">\n                <p>\u201eHervorheben m\u00f6chte ich die gro\u00dfartige Beratung und Unterst\u00fctzung w\u00e4hrend der gesamten Zeit durch Frau Hurtenbach. \r\nZusagen wurden von ihr jederzeit und unverz\u00fcglich umgesetzt. \r\nAu\u00dferdem ein gro\u00dfes Lob an die Monteure, die freundlich und fachlich versiert die Arbeiten durchgef\u00fchrt haben.&#8221;<\/p>\n            <\/div>\n            <\/figure>\n            <div class=\"t3-refs-item__body b-cards__body\">\n            <div class=\"t3-refs-item__title b-cards__title\">\n                <h3 style=\"font-size: var(--wp--preset--font-size--step-0);\">Familie Bodora, Betzdorf<\/h3>\n            <\/div>\n        <\/div>\n    <\/div>\n<div id=\"refs-block-item-55483\"\n     class=\"t3-refs-item b-cards__item term-anbaubalkone term-glasbalkone-alu\"\n     data-post-id=\"55483\">\n    <figure class=\"t3-refs-item__figure b-cards__header\">\n                    <img loading=\"lazy\" decoding=\"async\" width=\"1024\" height=\"684\" src=\"https:\/\/www.leeb-balkone.com\/app\/uploads\/2021\/09\/kundenreferenz-lachen-braun-alu-glasbalkon-1024x684.jpg\" class=\"t3-refs-item__img\" alt=\"Von der Geb\u00e4udestatik unabh\u00e4ngiger Vorstellbalkon (ein- oder mehrgeschossig)\" sizes=\"auto, (min-width: 1200px) 1024px, (min-width: 1024px) 768px, (min-width: 640px) 768px, 768px\" srcset=\"https:\/\/www.leeb-balkone.com\/app\/uploads\/2021\/09\/kundenreferenz-lachen-braun-alu-glasbalkon-1024x684.jpg 1024w, https:\/\/www.leeb-balkone.com\/app\/uploads\/2021\/09\/kundenreferenz-lachen-braun-alu-glasbalkon-300x200.jpg 300w, https:\/\/www.leeb-balkone.com\/app\/uploads\/2021\/09\/kundenreferenz-lachen-braun-alu-glasbalkon-768x513.jpg 768w, https:\/\/www.leeb-balkone.com\/app\/uploads\/2021\/09\/kundenreferenz-lachen-braun-alu-glasbalkon-1536x1025.jpg 1536w, https:\/\/www.leeb-balkone.com\/app\/uploads\/2021\/09\/kundenreferenz-lachen-braun-alu-glasbalkon-scaled.jpg 2048w\" \/>                            <div class=\"t3-refs-item__overlay\">\n                <p>\u201eIch bedanke mich recht herzlich f\u00fcr die Beratung, Planung und Koordination des Projekts! Es hat alles erstklassig geklappt.&#8221;\r\n<\/p>\n            <\/div>\n            <\/figure>\n            <div class=\"t3-refs-item__body b-cards__body\">\n            <div class=\"t3-refs-item__title b-cards__title\">\n                <h3 style=\"font-size: var(--wp--preset--font-size--step-0);\">Familie Braun, Lachen<\/h3>\n            <\/div>\n        <\/div>\n    <\/div>\n<div id=\"refs-block-item-43807\"\n     class=\"t3-refs-item b-cards__item term-ueberdachungen\"\n     data-post-id=\"43807\">\n    <figure class=\"t3-refs-item__figure b-cards__header\">\n                    <img loading=\"lazy\" decoding=\"async\" width=\"1024\" height=\"818\" src=\"https:\/\/www.leeb-balkone.com\/app\/uploads\/2021\/06\/alu-u\u0308berdachung-saaletalstuben-3-1024x818.jpg\" class=\"t3-refs-item__img\" alt=\"alu-u\u0308berdachung-saaletalstuben-3\" sizes=\"auto, (min-width: 1200px) 1024px, (min-width: 1024px) 768px, (min-width: 640px) 768px, 768px\" srcset=\"https:\/\/www.leeb-balkone.com\/app\/uploads\/2021\/06\/alu-u\u0308berdachung-saaletalstuben-3-1024x818.jpg 1024w, https:\/\/www.leeb-balkone.com\/app\/uploads\/2021\/06\/alu-u\u0308berdachung-saaletalstuben-3-300x240.jpg 300w, https:\/\/www.leeb-balkone.com\/app\/uploads\/2021\/06\/alu-u\u0308berdachung-saaletalstuben-3-768x614.jpg 768w, https:\/\/www.leeb-balkone.com\/app\/uploads\/2021\/06\/alu-u\u0308berdachung-saaletalstuben-3-1536x1227.jpg 1536w, https:\/\/www.leeb-balkone.com\/app\/uploads\/2021\/06\/alu-u\u0308berdachung-saaletalstuben-3-2048x1636.jpg 2048w\" \/>                            <div class=\"t3-refs-item__overlay\">\n                <p>\u201eWir bedanken uns recht herzlich f\u00fcr den Bau unseres Sommergartens. Wir sind mehr als zufrieden mit dem Endergebnis \u2013 wie beschrieben unser sch\u00f6nster Platz in der Sonne!<\/p>\n            <\/div>\n            <\/figure>\n            <div class=\"t3-refs-item__body b-cards__body\">\n            <div class=\"t3-refs-item__title b-cards__title\">\n                <h3 style=\"font-size: var(--wp--preset--font-size--step-0);\">Herr Schmittroth, Gesch\u00e4ftsf\u00fchrer Saaletalstuben UG<\/h3>\n            <\/div>\n        <\/div>\n    <\/div>\n<div id=\"refs-block-item-20406\"\n     class=\"t3-refs-item b-cards__item term-balkongelaender-alu\"\n     data-post-id=\"20406\">\n    <figure class=\"t3-refs-item__figure b-cards__header\">\n                    <img loading=\"lazy\" decoding=\"async\" width=\"1024\" height=\"1024\" src=\"https:\/\/www.leeb-balkone.com\/app\/uploads\/2021\/01\/41450CDA-reiter-johann-genf-1024x1024.jpg\" class=\"t3-refs-item__img\" alt=\"Zufriedene Leeb-Kunden mit neuem Alu-Balkongel\u00e4nder Genf\" sizes=\"auto, (min-width: 1200px) 1024px, (min-width: 1024px) 768px, (min-width: 640px) 768px, 768px\" srcset=\"https:\/\/www.leeb-balkone.com\/app\/uploads\/2021\/01\/41450CDA-reiter-johann-genf-1024x1024.jpg 1024w, https:\/\/www.leeb-balkone.com\/app\/uploads\/2021\/01\/41450CDA-reiter-johann-genf-300x300.jpg 300w, https:\/\/www.leeb-balkone.com\/app\/uploads\/2021\/01\/41450CDA-reiter-johann-genf-150x150.jpg 150w, https:\/\/www.leeb-balkone.com\/app\/uploads\/2021\/01\/41450CDA-reiter-johann-genf-768x768.jpg 768w, https:\/\/www.leeb-balkone.com\/app\/uploads\/2021\/01\/41450CDA-reiter-johann-genf-1536x1536.jpg 1536w, https:\/\/www.leeb-balkone.com\/app\/uploads\/2021\/01\/41450CDA-reiter-johann-genf-2048x2048.jpg 2048w, https:\/\/www.leeb-balkone.com\/app\/uploads\/2021\/01\/41450CDA-reiter-johann-genf-240x240.jpg 240w\" \/>                            <div class=\"t3-refs-item__overlay\">\n                <p>Wir sind sehr zufrieden mit der Qualit\u00e4t. Jederzeit wieder!<\/p>\n            <\/div>\n            <\/figure>\n            <div class=\"t3-refs-item__body b-cards__body\">\n            <div class=\"t3-refs-item__title b-cards__title\">\n                <h3 style=\"font-size: var(--wp--preset--font-size--step-0);\">Familie Reiter, Jochberg<\/h3>\n            <\/div>\n        <\/div>\n    <\/div>\n<div id=\"refs-block-item-58220\"\n     class=\"t3-refs-item b-cards__item term-balkongelaender-alu term-select-balkone-alu\"\n     data-post-id=\"58220\">\n    <figure class=\"t3-refs-item__figure b-cards__header\">\n                    <img loading=\"lazy\" decoding=\"async\" width=\"1024\" height=\"768\" src=\"https:\/\/www.leeb-balkone.com\/app\/uploads\/2021\/10\/referenz-alubalkon-bieniussa-1024x768.jpg\" class=\"t3-refs-item__img\" alt=\"referenz-alubalkon-bieniussa\" sizes=\"auto, (min-width: 1200px) 1024px, (min-width: 1024px) 768px, (min-width: 640px) 768px, 768px\" srcset=\"https:\/\/www.leeb-balkone.com\/app\/uploads\/2021\/10\/referenz-alubalkon-bieniussa-1024x768.jpg 1024w, https:\/\/www.leeb-balkone.com\/app\/uploads\/2021\/10\/referenz-alubalkon-bieniussa-300x225.jpg 300w, https:\/\/www.leeb-balkone.com\/app\/uploads\/2021\/10\/referenz-alubalkon-bieniussa-768x576.jpg 768w, https:\/\/www.leeb-balkone.com\/app\/uploads\/2021\/10\/referenz-alubalkon-bieniussa-1536x1152.jpg 1536w, https:\/\/www.leeb-balkone.com\/app\/uploads\/2021\/10\/referenz-alubalkon-bieniussa-scaled.jpg 2048w\" \/>                            <div class=\"t3-refs-item__overlay\">\n                <p>\u201eDas Ergebnis \u00fcbertraf unsere Erwartungen: Auf unserer weitl\u00e4ufigen Terrasse stellt der Leeb-Balkon nun das Schmuckst\u00fcck dar und schafft ein neues, luxuri\u00f6ses Ambiente. Er l\u00e4dt dazu ein, gerne zu verweilen und die Abende zu genie\u00dfen.&#8221;<\/p>\n            <\/div>\n            <\/figure>\n            <div class=\"t3-refs-item__body b-cards__body\">\n            <div class=\"t3-refs-item__title b-cards__title\">\n                <h3 style=\"font-size: var(--wp--preset--font-size--step-0);\">Herr Dr. Bieniussa, Bad Kissingen<\/h3>\n            <\/div>\n        <\/div>\n    <\/div>\n<div id=\"refs-block-item-58196\"\n     class=\"t3-refs-item b-cards__item term-anbaubalkone term-balkongelaender-alu term-glasbalkone-alu\"\n     data-post-id=\"58196\">\n    <figure class=\"t3-refs-item__figure b-cards__header\">\n                    <img loading=\"lazy\" decoding=\"async\" width=\"768\" height=\"1024\" src=\"https:\/\/www.leeb-balkone.com\/app\/uploads\/2021\/10\/referenz-alu-balkon-baingo-768x1024.jpg\" class=\"t3-refs-item__img\" alt=\"referenz-alu-balkon-baingo\" sizes=\"auto, (min-width: 1200px) 1024px, (min-width: 1024px) 768px, (min-width: 640px) 768px, 768px\" srcset=\"https:\/\/www.leeb-balkone.com\/app\/uploads\/2021\/10\/referenz-alu-balkon-baingo-768x1024.jpg 768w, https:\/\/www.leeb-balkone.com\/app\/uploads\/2021\/10\/referenz-alu-balkon-baingo-225x300.jpg 225w, https:\/\/www.leeb-balkone.com\/app\/uploads\/2021\/10\/referenz-alu-balkon-baingo-1152x1536.jpg 1152w, https:\/\/www.leeb-balkone.com\/app\/uploads\/2021\/10\/referenz-alu-balkon-baingo-scaled.jpg 1536w, https:\/\/www.leeb-balkone.com\/app\/uploads\/2021\/10\/referenz-alu-balkon-baingo-1024x1365.jpg 1024w\" \/>                            <div class=\"t3-refs-item__overlay\">\n                <p>\u201eLiebes Leeb Team! Vielen Dank f\u00fcr diese sch\u00f6ne Oase. Wir sind sehr gl\u00fccklich  und zufrieden mit der Auswahl.&#8221;<\/p>\n            <\/div>\n            <\/figure>\n            <div class=\"t3-refs-item__body b-cards__body\">\n            <div class=\"t3-refs-item__title b-cards__title\">\n                <h3 style=\"font-size: var(--wp--preset--font-size--step-0);\">Frau Baingo, Berlin<\/h3>\n            <\/div>\n        <\/div>\n    <\/div>\n<div id=\"refs-block-item-57790\"\n     class=\"t3-refs-item b-cards__item term-alu-zaeune term-sichtschutz\"\n     data-post-id=\"57790\">\n    <figure class=\"t3-refs-item__figure b-cards__header\">\n                    <img loading=\"lazy\" decoding=\"async\" width=\"1024\" height=\"768\" src=\"https:\/\/www.leeb-balkone.com\/app\/uploads\/2021\/10\/ambito-bali-7016-steinacher-40991B52-1024x768.jpg\" class=\"t3-refs-item__img\" alt=\"ambito-bali-7016-steinacher-40991B52\" sizes=\"auto, (min-width: 1200px) 1024px, (min-width: 1024px) 768px, (min-width: 640px) 768px, 768px\" srcset=\"https:\/\/www.leeb-balkone.com\/app\/uploads\/2021\/10\/ambito-bali-7016-steinacher-40991B52-1024x768.jpg 1024w, https:\/\/www.leeb-balkone.com\/app\/uploads\/2021\/10\/ambito-bali-7016-steinacher-40991B52-300x225.jpg 300w, https:\/\/www.leeb-balkone.com\/app\/uploads\/2021\/10\/ambito-bali-7016-steinacher-40991B52-768x576.jpg 768w, https:\/\/www.leeb-balkone.com\/app\/uploads\/2021\/10\/ambito-bali-7016-steinacher-40991B52-1536x1152.jpg 1536w, https:\/\/www.leeb-balkone.com\/app\/uploads\/2021\/10\/ambito-bali-7016-steinacher-40991B52.jpg 2048w\" \/>                            <div class=\"t3-refs-item__overlay\">\n                <p>\u201eWir haben eine riesen Freude damit!!!! Liebe Gr\u00fc\u00dfe nach Gnesau!&#8221;<\/p>\n            <\/div>\n            <\/figure>\n            <div class=\"t3-refs-item__body b-cards__body\">\n            <div class=\"t3-refs-item__title b-cards__title\">\n                <h3 style=\"font-size: var(--wp--preset--font-size--step-0);\">Frau Steinacher, Seeboden am Millst\u00e4tter See<\/h3>\n            <\/div>\n        <\/div>\n    <\/div>\n<div id=\"refs-block-item-50637\"\n     class=\"t3-refs-item b-cards__item term-glasbalkone-alu\"\n     data-post-id=\"50637\">\n    <figure class=\"t3-refs-item__figure b-cards__header\">\n                    <img loading=\"lazy\" decoding=\"async\" width=\"1024\" height=\"1024\" src=\"https:\/\/www.leeb-balkone.com\/app\/uploads\/2021\/08\/kundenfeedback-alu-anbaubalkon--1024x1024.jpg\" class=\"t3-refs-item__img\" alt=\"kundenfeedback-alu-anbaubalkon-\" sizes=\"auto, (min-width: 1200px) 1024px, (min-width: 1024px) 768px, (min-width: 640px) 768px, 768px\" srcset=\"https:\/\/www.leeb-balkone.com\/app\/uploads\/2021\/08\/kundenfeedback-alu-anbaubalkon--1024x1024.jpg 1024w, https:\/\/www.leeb-balkone.com\/app\/uploads\/2021\/08\/kundenfeedback-alu-anbaubalkon--300x300.jpg 300w, https:\/\/www.leeb-balkone.com\/app\/uploads\/2021\/08\/kundenfeedback-alu-anbaubalkon--150x150.jpg 150w, https:\/\/www.leeb-balkone.com\/app\/uploads\/2021\/08\/kundenfeedback-alu-anbaubalkon--768x768.jpg 768w, https:\/\/www.leeb-balkone.com\/app\/uploads\/2021\/08\/kundenfeedback-alu-anbaubalkon--1536x1536.jpg 1536w, https:\/\/www.leeb-balkone.com\/app\/uploads\/2021\/08\/kundenfeedback-alu-anbaubalkon--scaled.jpg 2048w, https:\/\/www.leeb-balkone.com\/app\/uploads\/2021\/08\/kundenfeedback-alu-anbaubalkon--240x240.jpg 240w\" \/>                            <div class=\"t3-refs-item__overlay\">\n                <p>\u201eEin kleiner Traum ging f\u00fcr mich in Erf\u00fcllung, den mir die Firma Leeb erf\u00fcllte. Eine tolle Firma, die man nur empfehlen kann und jeden Cent wert ist.&#8221;\r\n<\/p>\n            <\/div>\n            <\/figure>\n            <div class=\"t3-refs-item__body b-cards__body\">\n            <div class=\"t3-refs-item__title b-cards__title\">\n                <h3 style=\"font-size: var(--wp--preset--font-size--step-0);\">Familie Eichhorn, Neustadt b. Coburg<\/h3>\n            <\/div>\n        <\/div>\n    <\/div>\n<div id=\"refs-block-item-46326\"\n     class=\"t3-refs-item b-cards__item term-alu-zaeune\"\n     data-post-id=\"46326\">\n    <figure class=\"t3-refs-item__figure b-cards__header\">\n                    <img loading=\"lazy\" decoding=\"async\" width=\"1024\" height=\"768\" src=\"https:\/\/www.leeb-balkone.com\/app\/uploads\/2021\/07\/belvedere-paris-berger-franz-josef4176089F-1024x768.jpg\" class=\"t3-refs-item__img\" alt=\"belvedere-paris-berger-franz-josef4176089F\" sizes=\"auto, (min-width: 1200px) 1024px, (min-width: 1024px) 768px, (min-width: 640px) 768px, 768px\" srcset=\"https:\/\/www.leeb-balkone.com\/app\/uploads\/2021\/07\/belvedere-paris-berger-franz-josef4176089F-1024x768.jpg 1024w, https:\/\/www.leeb-balkone.com\/app\/uploads\/2021\/07\/belvedere-paris-berger-franz-josef4176089F-300x225.jpg 300w, https:\/\/www.leeb-balkone.com\/app\/uploads\/2021\/07\/belvedere-paris-berger-franz-josef4176089F-768x576.jpg 768w, https:\/\/www.leeb-balkone.com\/app\/uploads\/2021\/07\/belvedere-paris-berger-franz-josef4176089F-1536x1152.jpg 1536w, https:\/\/www.leeb-balkone.com\/app\/uploads\/2021\/07\/belvedere-paris-berger-franz-josef4176089F-2048x1536.jpg 2048w\" \/>                            <div class=\"t3-refs-item__overlay\">\n                <p>\u201eFreundliche und kompetente Mitarbeiter, vom Verk\u00e4ufer \u00fcber Techniker, Monteure und B\u00fcropersonal. Danke f\u00fcr Versch\u00f6nerung unseres Hauses.&#8221;<\/p>\n            <\/div>\n            <\/figure>\n            <div class=\"t3-refs-item__body b-cards__body\">\n            <div class=\"t3-refs-item__title b-cards__title\">\n                <h3 style=\"font-size: var(--wp--preset--font-size--step-0);\">Astrid und Franz Josef Berger, St.Valentin<\/h3>\n            <\/div>\n        <\/div>\n    <\/div>\n<div id=\"refs-block-item-50291\"\n     class=\"t3-refs-item b-cards__item term-balkongelaender-alu term-select-balkone-alu\"\n     data-post-id=\"50291\">\n    <figure class=\"t3-refs-item__figure b-cards__header\">\n                    <img loading=\"lazy\" decoding=\"async\" width=\"1024\" height=\"682\" src=\"https:\/\/www.leeb-balkone.com\/app\/uploads\/2021\/07\/kundenreferenz-alu-anbaubalkon-gelaender-poda-1024x682.jpg\" class=\"t3-refs-item__img\" alt=\"kundenreferenz-alu-anbaubalkon-gelaender-poda\" sizes=\"auto, (min-width: 1200px) 1024px, (min-width: 1024px) 768px, (min-width: 640px) 768px, 768px\" srcset=\"https:\/\/www.leeb-balkone.com\/app\/uploads\/2021\/07\/kundenreferenz-alu-anbaubalkon-gelaender-poda-1024x682.jpg 1024w, https:\/\/www.leeb-balkone.com\/app\/uploads\/2021\/07\/kundenreferenz-alu-anbaubalkon-gelaender-poda-300x200.jpg 300w, https:\/\/www.leeb-balkone.com\/app\/uploads\/2021\/07\/kundenreferenz-alu-anbaubalkon-gelaender-poda-768x511.jpg 768w, https:\/\/www.leeb-balkone.com\/app\/uploads\/2021\/07\/kundenreferenz-alu-anbaubalkon-gelaender-poda-1536x1023.jpg 1536w, https:\/\/www.leeb-balkone.com\/app\/uploads\/2021\/07\/kundenreferenz-alu-anbaubalkon-gelaender-poda.jpg 1700w\" \/>                            <div class=\"t3-refs-item__overlay\">\n                <p>Familie Poda, Ziegelbr\u00fccke<\/p>\n            <\/div>\n            <\/figure>\n            <div class=\"t3-refs-item__body b-cards__body\">\n            <div class=\"t3-refs-item__title b-cards__title\">\n                <h3 style=\"font-size: var(--wp--preset--font-size--step-0);\">Familie Poda, Ziegelbr\u00fccke<\/h3>\n            <\/div>\n        <\/div>\n    <\/div>\n<div id=\"refs-block-item-46313\"\n     class=\"t3-refs-item b-cards__item term-alu-zaeune\"\n     data-post-id=\"46313\">\n    <figure class=\"t3-refs-item__figure b-cards__header\">\n                    <img loading=\"lazy\" decoding=\"async\" width=\"1024\" height=\"497\" src=\"https:\/\/www.leeb-balkone.com\/app\/uploads\/2021\/07\/grado_9006_knaller_-41580BA4-1024x497.jpg\" class=\"t3-refs-item__img\" alt=\"grado_9006_knaller_-41580BA4\" sizes=\"auto, (min-width: 1200px) 1024px, (min-width: 1024px) 768px, (min-width: 640px) 768px, 768px\" srcset=\"https:\/\/www.leeb-balkone.com\/app\/uploads\/2021\/07\/grado_9006_knaller_-41580BA4-1024x497.jpg 1024w, https:\/\/www.leeb-balkone.com\/app\/uploads\/2021\/07\/grado_9006_knaller_-41580BA4-300x146.jpg 300w, https:\/\/www.leeb-balkone.com\/app\/uploads\/2021\/07\/grado_9006_knaller_-41580BA4-768x373.jpg 768w, https:\/\/www.leeb-balkone.com\/app\/uploads\/2021\/07\/grado_9006_knaller_-41580BA4-1536x746.jpg 1536w, https:\/\/www.leeb-balkone.com\/app\/uploads\/2021\/07\/grado_9006_knaller_-41580BA4-2048x995.jpg 2048w\" \/>                            <div class=\"t3-refs-item__overlay\">\n                <p>\u201eWir sind begeistert und es ist ein Blickfang geworden! Nochmals ein herzliches Danke unserem Leeb-Team.&#8221;<\/p>\n            <\/div>\n            <\/figure>\n            <div class=\"t3-refs-item__body b-cards__body\">\n            <div class=\"t3-refs-item__title b-cards__title\">\n                <h3 style=\"font-size: var(--wp--preset--font-size--step-0);\">Familie Knaller, Feldkirchen i.K.<\/h3>\n            <\/div>\n        <\/div>\n    <\/div>\n<div id=\"refs-block-item-43907\"\n     class=\"t3-refs-item b-cards__item term-alu-zaeune term-sichtschutz\"\n     data-post-id=\"43907\">\n    <figure class=\"t3-refs-item__figure b-cards__header\">\n                    <img loading=\"lazy\" decoding=\"async\" width=\"1024\" height=\"576\" src=\"https:\/\/www.leeb-balkone.com\/app\/uploads\/2021\/06\/ambito-Kreinberger-2-1024x576.jpg\" class=\"t3-refs-item__img\" alt=\"ambito-Kreinberger-2\" sizes=\"auto, (min-width: 1200px) 1024px, (min-width: 1024px) 768px, (min-width: 640px) 768px, 768px\" srcset=\"https:\/\/www.leeb-balkone.com\/app\/uploads\/2021\/06\/ambito-Kreinberger-2-1024x576.jpg 1024w, https:\/\/www.leeb-balkone.com\/app\/uploads\/2021\/06\/ambito-Kreinberger-2-300x169.jpg 300w, https:\/\/www.leeb-balkone.com\/app\/uploads\/2021\/06\/ambito-Kreinberger-2-768x432.jpg 768w, https:\/\/www.leeb-balkone.com\/app\/uploads\/2021\/06\/ambito-Kreinberger-2-1536x864.jpg 1536w\" \/>                            <div class=\"t3-refs-item__overlay\">\n                <p>\u201eEin dickes Lob an ALLE \u2013 von der Beratung bis zur Montage alles top!&#8221;<\/p>\n            <\/div>\n            <\/figure>\n            <div class=\"t3-refs-item__body b-cards__body\">\n            <div class=\"t3-refs-item__title b-cards__title\">\n                <h3 style=\"font-size: var(--wp--preset--font-size--step-0);\">Enrico Kreinberger, Goldlauter<\/h3>\n            <\/div>\n        <\/div>\n    <\/div>\n<div id=\"refs-block-item-43903\"\n     class=\"t3-refs-item b-cards__item term-anbaubalkone term-balkongelaender-alu term-glasbalkone-alu\"\n     data-post-id=\"43903\">\n    <figure class=\"t3-refs-item__figure b-cards__header\">\n                    <img loading=\"lazy\" decoding=\"async\" width=\"1024\" height=\"805\" src=\"https:\/\/www.leeb-balkone.com\/app\/uploads\/2021\/06\/anbau-balkon-nachher-vital-1024x805.jpg\" class=\"t3-refs-item__img\" alt=\"anbau-balkon-nachher-vital\" sizes=\"auto, (min-width: 1200px) 1024px, (min-width: 1024px) 768px, (min-width: 640px) 768px, 768px\" srcset=\"https:\/\/www.leeb-balkone.com\/app\/uploads\/2021\/06\/anbau-balkon-nachher-vital-1024x805.jpg 1024w, https:\/\/www.leeb-balkone.com\/app\/uploads\/2021\/06\/anbau-balkon-nachher-vital-300x236.jpg 300w, https:\/\/www.leeb-balkone.com\/app\/uploads\/2021\/06\/anbau-balkon-nachher-vital-768x604.jpg 768w, https:\/\/www.leeb-balkone.com\/app\/uploads\/2021\/06\/anbau-balkon-nachher-vital-1536x1208.jpg 1536w, https:\/\/www.leeb-balkone.com\/app\/uploads\/2021\/06\/anbau-balkon-nachher-vital-2048x1611.jpg 2048w\" \/>                            <div class=\"t3-refs-item__overlay\">\n                <p>\u201eEin herzliches Dankesch\u00f6n f\u00fcr die tolle Arbeit und den sch\u00f6nen Blickfang von Balkon. Alles zu meiner vollsten Zufriedenheit!&#8221;<\/p>\n            <\/div>\n            <\/figure>\n            <div class=\"t3-refs-item__body b-cards__body\">\n            <div class=\"t3-refs-item__title b-cards__title\">\n                <h3 style=\"font-size: var(--wp--preset--font-size--step-0);\">Karl Wegl\u00f6hner, Hilpoltstein<\/h3>\n            <\/div>\n        <\/div>\n    <\/div>\n<div id=\"refs-block-item-37271\"\n     class=\"t3-refs-item b-cards__item term-balkongelaender-alu\"\n     data-post-id=\"37271\">\n    <figure class=\"t3-refs-item__figure b-cards__header\">\n                    <img loading=\"lazy\" decoding=\"async\" width=\"1024\" height=\"768\" src=\"https:\/\/www.leeb-balkone.com\/app\/uploads\/2021\/04\/madrid-burgstaller-402407FE-e-IMG_3215-1024x768.jpg\" class=\"t3-refs-item__img\" alt=\"zufriedene-kunden-alubalkon-villach\" sizes=\"auto, (min-width: 1200px) 1024px, (min-width: 1024px) 768px, (min-width: 640px) 768px, 768px\" srcset=\"https:\/\/www.leeb-balkone.com\/app\/uploads\/2021\/04\/madrid-burgstaller-402407FE-e-IMG_3215-1024x768.jpg 1024w, https:\/\/www.leeb-balkone.com\/app\/uploads\/2021\/04\/madrid-burgstaller-402407FE-e-IMG_3215-300x225.jpg 300w, https:\/\/www.leeb-balkone.com\/app\/uploads\/2021\/04\/madrid-burgstaller-402407FE-e-IMG_3215-768x576.jpg 768w, https:\/\/www.leeb-balkone.com\/app\/uploads\/2021\/04\/madrid-burgstaller-402407FE-e-IMG_3215-1536x1152.jpg 1536w, https:\/\/www.leeb-balkone.com\/app\/uploads\/2021\/04\/madrid-burgstaller-402407FE-e-IMG_3215-2048x1536.jpg 2048w, https:\/\/www.leeb-balkone.com\/app\/uploads\/2021\/04\/madrid-burgstaller-402407FE-e-IMG_3215-1500x1125.jpg 1500w\" \/>                            <div class=\"t3-refs-item__overlay\">\n                <p>Wir sind sehr zufrieden und es sieht genauso aus wie gew\u00fcnscht.\r\nReibungslose Abwicklung und Montage sogar vor dem angedachten Termin.<\/p>\n            <\/div>\n            <\/figure>\n            <div class=\"t3-refs-item__body b-cards__body\">\n            <div class=\"t3-refs-item__title b-cards__title\">\n                <h3 style=\"font-size: var(--wp--preset--font-size--step-0);\">Familie Burgstaller, Vilshofen a.d. Donau<\/h3>\n            <\/div>\n        <\/div>\n    <\/div>\n<div id=\"refs-block-item-37255\"\n     class=\"t3-refs-item b-cards__item term-balkongelaender-alu term-ueberdachungen\"\n     data-post-id=\"37255\">\n    <figure class=\"t3-refs-item__figure b-cards__header\">\n                    <img loading=\"lazy\" decoding=\"async\" width=\"1024\" height=\"768\" src=\"https:\/\/www.leeb-balkone.com\/app\/uploads\/2021\/04\/sommergarten-hoheneder-4080158D-2-1024x768.jpg\" class=\"t3-refs-item__img\" alt=\"zufriedene-kunden-alubalkon-sommergarten\" sizes=\"auto, (min-width: 1200px) 1024px, (min-width: 1024px) 768px, (min-width: 640px) 768px, 768px\" srcset=\"https:\/\/www.leeb-balkone.com\/app\/uploads\/2021\/04\/sommergarten-hoheneder-4080158D-2-1024x768.jpg 1024w, https:\/\/www.leeb-balkone.com\/app\/uploads\/2021\/04\/sommergarten-hoheneder-4080158D-2-300x225.jpg 300w, https:\/\/www.leeb-balkone.com\/app\/uploads\/2021\/04\/sommergarten-hoheneder-4080158D-2-768x576.jpg 768w, https:\/\/www.leeb-balkone.com\/app\/uploads\/2021\/04\/sommergarten-hoheneder-4080158D-2-1536x1153.jpg 1536w, https:\/\/www.leeb-balkone.com\/app\/uploads\/2021\/04\/sommergarten-hoheneder-4080158D-2-1500x1126.jpg 1500w, https:\/\/www.leeb-balkone.com\/app\/uploads\/2021\/04\/sommergarten-hoheneder-4080158D-2.jpg 1599w\" \/>                            <div class=\"t3-refs-item__overlay\">\n                <p>Wir m\u00f6chten uns noch auf diesem Weg f\u00fcr die ausgezeichnete Arbeit Ihrer Firma bedanken. Es lief alles wie am Schn\u00fcrchen \u2013 von der Planung bis zur Fertigstellung. Nochmals vielen Dank!<\/p>\n            <\/div>\n            <\/figure>\n            <div class=\"t3-refs-item__body b-cards__body\">\n            <div class=\"t3-refs-item__title b-cards__title\">\n                <h3 style=\"font-size: var(--wp--preset--font-size--step-0);\">Familie Hoheneder, Grieskirchen<\/h3>\n            <\/div>\n        <\/div>\n    <\/div>\n<div id=\"refs-block-item-33114\"\n     class=\"t3-refs-item b-cards__item term-balkongelaender-alu\"\n     data-post-id=\"33114\">\n    <figure class=\"t3-refs-item__figure b-cards__header\">\n                    <img loading=\"lazy\" decoding=\"async\" width=\"1024\" height=\"577\" src=\"https:\/\/www.leeb-balkone.com\/app\/uploads\/2021\/04\/vilshofen-luxus-familie-steiner-1024x577.jpg\" class=\"t3-refs-item__img\" alt=\"vilshofen-luxus-familie-steiner\" sizes=\"auto, (min-width: 1200px) 1024px, (min-width: 1024px) 768px, (min-width: 640px) 768px, 768px\" srcset=\"https:\/\/www.leeb-balkone.com\/app\/uploads\/2021\/04\/vilshofen-luxus-familie-steiner-1024x577.jpg 1024w, https:\/\/www.leeb-balkone.com\/app\/uploads\/2021\/04\/vilshofen-luxus-familie-steiner-300x169.jpg 300w, https:\/\/www.leeb-balkone.com\/app\/uploads\/2021\/04\/vilshofen-luxus-familie-steiner-768x433.jpg 768w, https:\/\/www.leeb-balkone.com\/app\/uploads\/2021\/04\/vilshofen-luxus-familie-steiner-1536x865.jpg 1536w, https:\/\/www.leeb-balkone.com\/app\/uploads\/2021\/04\/vilshofen-luxus-familie-steiner-2048x1153.jpg 2048w\" \/>                            <div class=\"t3-refs-item__overlay\">\n                <p>M\u00f6chte mich nochmals beim gesamten TEAM LEEB ganz, ganz herzlich f\u00fcr den super tollen Balkon bedanken! Er sieht wirklich klasse aus.<\/p>\n            <\/div>\n            <\/figure>\n            <div class=\"t3-refs-item__body b-cards__body\">\n            <div class=\"t3-refs-item__title b-cards__title\">\n                <h3 style=\"font-size: var(--wp--preset--font-size--step-0);\">Familie Steiner, Emskirchen<\/h3>\n            <\/div>\n        <\/div>\n    <\/div>\n<div id=\"refs-block-item-58266\"\n     class=\"t3-refs-item b-cards__item term-balkongelaender-alu term-glasbalkone-alu\"\n     data-post-id=\"58266\">\n    <figure class=\"t3-refs-item__figure b-cards__header\">\n                    <img loading=\"lazy\" decoding=\"async\" width=\"1024\" height=\"768\" src=\"https:\/\/www.leeb-balkone.com\/app\/uploads\/2021\/10\/vitro-7016-haslinger-1024x768.jpg\" class=\"t3-refs-item__img\" alt=\"vitro-7016-haslinger\" sizes=\"auto, (min-width: 1200px) 1024px, (min-width: 1024px) 768px, (min-width: 640px) 768px, 768px\" srcset=\"https:\/\/www.leeb-balkone.com\/app\/uploads\/2021\/10\/vitro-7016-haslinger-1024x768.jpg 1024w, https:\/\/www.leeb-balkone.com\/app\/uploads\/2021\/10\/vitro-7016-haslinger-300x225.jpg 300w, https:\/\/www.leeb-balkone.com\/app\/uploads\/2021\/10\/vitro-7016-haslinger-768x576.jpg 768w, https:\/\/www.leeb-balkone.com\/app\/uploads\/2021\/10\/vitro-7016-haslinger-1536x1152.jpg 1536w\" \/>                            <div class=\"t3-refs-item__overlay\">\n                <p>\u201eDer Balkon sieht sehr gut aus und hat unsere Vorstellungen voll getroffen. Wir m\u00f6chten uns auf diesem Wege nochmals recht herzlich bedanken, f\u00fcr dir hervorragende Beratung und bei Ihren Monteuren f\u00fcr die hervorragende Arbeit. Von der Planung bis einschlie\u00dflich der Montage war alles perfekt. Au\u00dferdem habe ich noch nie eine Firma erlebt, die so sauber arbeitet. Wir haben jedenfalls eine sehr gro\u00dfe Freude mit dem neuen Balkon und werden die Firma Leeb all unseren Freunden und Bekannten bestens weiterempfehlen!&#8221;\r\n<\/p>\n            <\/div>\n            <\/figure>\n            <div class=\"t3-refs-item__body b-cards__body\">\n            <div class=\"t3-refs-item__title b-cards__title\">\n                <h3 style=\"font-size: var(--wp--preset--font-size--step-0);\">Familie Haslinger, M\u00fchlviertel<\/h3>\n            <\/div>\n        <\/div>\n    <\/div>\n<div id=\"refs-block-item-21967\"\n     class=\"t3-refs-item b-cards__item term-glasbalkone-alu\"\n     data-post-id=\"21967\">\n    <figure class=\"t3-refs-item__figure b-cards__header\">\n                    <img loading=\"lazy\" decoding=\"async\" width=\"1024\" height=\"768\" src=\"https:\/\/www.leeb-balkone.com\/app\/uploads\/2021\/01\/alu-balkongelaender-pure-nachher-schramm-2-1024x768.jpeg\" class=\"t3-refs-item__img\" alt=\"alu-balkongelaender-pure-nachher-schramm-2\" sizes=\"auto, (min-width: 1200px) 1024px, (min-width: 1024px) 768px, (min-width: 640px) 768px, 768px\" srcset=\"https:\/\/www.leeb-balkone.com\/app\/uploads\/2021\/01\/alu-balkongelaender-pure-nachher-schramm-2-1024x768.jpeg 1024w, https:\/\/www.leeb-balkone.com\/app\/uploads\/2021\/01\/alu-balkongelaender-pure-nachher-schramm-2-300x225.jpeg 300w, https:\/\/www.leeb-balkone.com\/app\/uploads\/2021\/01\/alu-balkongelaender-pure-nachher-schramm-2-768x576.jpeg 768w, https:\/\/www.leeb-balkone.com\/app\/uploads\/2021\/01\/alu-balkongelaender-pure-nachher-schramm-2-1536x1152.jpeg 1536w, https:\/\/www.leeb-balkone.com\/app\/uploads\/2021\/01\/alu-balkongelaender-pure-nachher-schramm-2-2048x1536.jpeg 2048w\" \/>                            <div class=\"t3-refs-item__overlay\">\n                <p>Er gef\u00e4llt uns sehr gut und wir freuen uns jeden Tag dar\u00fcber <\/p>\n            <\/div>\n            <\/figure>\n            <div class=\"t3-refs-item__body b-cards__body\">\n            <div class=\"t3-refs-item__title b-cards__title\">\n                <h3 style=\"font-size: var(--wp--preset--font-size--step-0);\">Familie Schramm, Landshut<\/h3>\n            <\/div>\n        <\/div>\n    <\/div>\n<div id=\"refs-block-item-58226\"\n     class=\"t3-refs-item b-cards__item term-alu-zaeune term-balkongelaender-alu\"\n     data-post-id=\"58226\">\n    <figure class=\"t3-refs-item__figure b-cards__header\">\n                    <img loading=\"lazy\" decoding=\"async\" width=\"985\" height=\"1024\" src=\"https:\/\/www.leeb-balkone.com\/app\/uploads\/2021\/10\/referenz-wolf-aluzaun-madrid-985x1024.jpg\" class=\"t3-refs-item__img\" alt=\"referenz-wolf-aluzaun-madrid\" sizes=\"auto, (min-width: 1200px) 1024px, (min-width: 1024px) 768px, (min-width: 640px) 768px, 768px\" srcset=\"https:\/\/www.leeb-balkone.com\/app\/uploads\/2021\/10\/referenz-wolf-aluzaun-madrid-985x1024.jpg 985w, https:\/\/www.leeb-balkone.com\/app\/uploads\/2021\/10\/referenz-wolf-aluzaun-madrid-288x300.jpg 288w, https:\/\/www.leeb-balkone.com\/app\/uploads\/2021\/10\/referenz-wolf-aluzaun-madrid-768x799.jpg 768w, https:\/\/www.leeb-balkone.com\/app\/uploads\/2021\/10\/referenz-wolf-aluzaun-madrid-1477x1536.jpg 1477w, https:\/\/www.leeb-balkone.com\/app\/uploads\/2021\/10\/referenz-wolf-aluzaun-madrid-scaled.jpg 1969w, https:\/\/www.leeb-balkone.com\/app\/uploads\/2021\/10\/referenz-wolf-aluzaun-madrid-1024x1065.jpg 1024w\" \/>                            <div class=\"t3-refs-item__overlay\">\n                <p>\u201eWir haben uns nach dem Kauf eines Alubalkons nun auch f\u00fcr einen Aluzaun der Firma Leeb entschieden. Ausschlaggebend daf\u00fcr war die professionelle Beratung und die schnelle Auftragsabwicklung. Zudem hat uns die pr\u00e4zise Verarbeitung und hochwertige Qualit\u00e4t der Produkte \u00fcberzeugt. Wir sind wirklich sehr zufrieden mit dem Endergebnis und k\u00f6nnen die Firma Leeb nur weiterempfehlen.&#8221;<\/p>\n            <\/div>\n            <\/figure>\n            <div class=\"t3-refs-item__body b-cards__body\">\n            <div class=\"t3-refs-item__title b-cards__title\">\n                <h3 style=\"font-size: var(--wp--preset--font-size--step-0);\">Herr Wolf, Grinzens<\/h3>\n            <\/div>\n        <\/div>\n    <\/div>\n<\/div><\/div><div class=\"t3-refs-load-more-wrapper\" data-block-id=\"refs-block-69f55ad943edd\">  <div class=\"t3-refs-load-more wp-block-button is-style-filled-secondary\">    <a href=\"#\" class=\"wp-block-button__link wp-element-button\" role=\"button\" tabindex=\"0\" aria-controls=\"refs-block-69f55ad943edd\">Mehr laden<\/a>  <\/div><\/div><\/section>\n","protected":false},"excerpt":{"rendered":"","protected":false},"author":1,"featured_media":0,"parent":6886,"menu_order":5,"comment_status":"closed","ping_status":"closed","template":"template-onepager.blade.php","meta":{"_acf_changed":false,"footnotes":"","_sage_theme_css":true,"_wp_block_core_css":false},"folder":[],"class_list":["post-5354","page","type-page","status-publish","hentry"],"acf":[],"yoast_head":"<!-- This site is optimized with the Yoast SEO plugin v27.2 - https:\/\/yoast.com\/product\/yoast-seo-wordpress\/ -->\n<title>Kundenreferenzen - Leeb Balkone Deutschland<\/title>\n<meta name=\"description\" content=\"\u00dcber 60 Jahre Erfahrung und mehr als 150.000 Kunden in \u00d6sterreich, Deutschland, Italien, Frankreich und der Schweiz haben uns zum f\u00fchrenden Spezialisten\" \/>\n<meta name=\"robots\" content=\"index, follow, max-snippet:-1, max-image-preview:large, max-video-preview:-1\" \/>\n<meta property=\"og:locale\" content=\"de_DE\" \/>\n<meta property=\"og:type\" content=\"article\" \/>\n<meta property=\"og:title\" content=\"Kundenreferenzen - Leeb Balkone\" \/>\n<meta property=\"og:description\" content=\"\u00dcber 60 Jahre Erfahrung und mehr als 150.000 Kunden in \u00d6sterreich, Deutschland, Italien, Frankreich und der Schweiz haben uns zum f\u00fchrenden Spezialisten\" \/>\n<meta property=\"og:url\" content=\"https:\/\/www.leeb-balkone.com\/de\/ueber-leeb\/kundenreferenzen\/\" \/>\n<meta property=\"og:site_name\" content=\"Leeb Balkone\" \/>\n<meta property=\"article:publisher\" content=\"https:\/\/www.facebook.com\/balkone\/\" \/>\n<meta property=\"article:modified_time\" content=\"2026-04-28T15:09:48+00:00\" \/>\n<meta property=\"og:image\" content=\"https:\/\/www.leeb-balkone.com\/app\/uploads\/2020\/09\/alu-balkongelaender-zufriedene-kunden-1.jpg\" \/>\n\t<meta property=\"og:image:width\" content=\"2560\" \/>\n\t<meta property=\"og:image:height\" content=\"1762\" \/>\n\t<meta property=\"og:image:type\" content=\"image\/jpeg\" \/>\n<meta name=\"twitter:card\" content=\"summary_large_image\" \/>\n<script type=\"application\/ld+json\" class=\"yoast-schema-graph\">{\"@context\":\"https:\/\/schema.org\",\"@graph\":[{\"@type\":\"WebPage\",\"@id\":\"https:\/\/www.leeb-balkone.com\/de\/ueber-leeb\/kundenreferenzen\/\",\"url\":\"https:\/\/www.leeb-balkone.com\/de\/ueber-leeb\/kundenreferenzen\/\",\"name\":\"Kundenreferenzen - Leeb Balkone\",\"isPartOf\":{\"@id\":\"https:\/\/www.leeb-balkone.com\/de\/#website\"},\"datePublished\":\"2020-08-13T22:12:35+00:00\",\"dateModified\":\"2026-04-28T15:09:48+00:00\",\"description\":\"\u00dcber 60 Jahre Erfahrung und mehr als 150.000 Kunden in \u00d6sterreich, Deutschland, Italien, Frankreich und der Schweiz haben uns zum f\u00fchrenden Spezialisten\",\"breadcrumb\":{\"@id\":\"https:\/\/www.leeb-balkone.com\/de\/ueber-leeb\/kundenreferenzen\/#breadcrumb\"},\"inLanguage\":\"de\",\"potentialAction\":[{\"@type\":\"ReadAction\",\"target\":[\"https:\/\/www.leeb-balkone.com\/de\/ueber-leeb\/kundenreferenzen\/\"]}]},{\"@type\":\"BreadcrumbList\",\"@id\":\"https:\/\/www.leeb-balkone.com\/de\/ueber-leeb\/kundenreferenzen\/#breadcrumb\",\"itemListElement\":[{\"@type\":\"ListItem\",\"position\":1,\"name\":\"Home\",\"item\":\"https:\/\/www.leeb-balkone.com\/de\/\"},{\"@type\":\"ListItem\",\"position\":2,\"name\":\"\u00dcber Leeb\",\"item\":\"https:\/\/www.leeb-balkone.com\/de\/ueber-leeb\/\"},{\"@type\":\"ListItem\",\"position\":3,\"name\":\"Kundenreferenzen\"}]},{\"@type\":\"WebSite\",\"@id\":\"https:\/\/www.leeb-balkone.com\/de\/#website\",\"url\":\"https:\/\/www.leeb-balkone.com\/de\/\",\"name\":\"Leeb Balkone\",\"description\":\"Balkone und Z\u00e4une\",\"publisher\":{\"@id\":\"https:\/\/www.leeb-balkone.com\/de\/#organization\"},\"potentialAction\":[{\"@type\":\"SearchAction\",\"target\":{\"@type\":\"EntryPoint\",\"urlTemplate\":\"https:\/\/www.leeb-balkone.com\/de\/?s={search_term_string}\"},\"query-input\":{\"@type\":\"PropertyValueSpecification\",\"valueRequired\":true,\"valueName\":\"search_term_string\"}}],\"inLanguage\":\"de\"},{\"@type\":\"Organization\",\"@id\":\"https:\/\/www.leeb-balkone.com\/de\/#organization\",\"name\":\"Leeb Balkone Gmbh\",\"url\":\"https:\/\/www.leeb-balkone.com\/de\/\",\"logo\":{\"@type\":\"ImageObject\",\"inLanguage\":\"de\",\"@id\":\"https:\/\/www.leeb-balkone.com\/de\/#\/schema\/logo\/image\/\",\"url\":\"https:\/\/www.leeb-balkone.com\/app\/uploads\/2020\/11\/leeb-logo.svg\",\"contentUrl\":\"https:\/\/www.leeb-balkone.com\/app\/uploads\/2020\/11\/leeb-logo.svg\",\"width\":741,\"height\":204,\"caption\":\"Leeb Balkone Gmbh\"},\"image\":{\"@id\":\"https:\/\/www.leeb-balkone.com\/de\/#\/schema\/logo\/image\/\"},\"sameAs\":[\"https:\/\/www.facebook.com\/balkone\/\",\"https:\/\/www.trustedshops.at\/bewertung\/info_X4587CCF5833E31AFE0B11F47D86999F2.html\",\"https:\/\/www.trustedshops.de\/bewertung\/info_X7BA536A7A0BDC86D36C4718E4DCAEEEF.html\",\"https:\/\/www.google.com\/maps\/place\/?q=place_id:ChIJ5-zH19-IcEcR9HonWRTllHI\"]}]}<\/script>\n<!-- \/ Yoast SEO plugin. -->","yoast_head_json":{"title":"Kundenreferenzen - Leeb Balkone Deutschland","description":"\u00dcber 60 Jahre Erfahrung und mehr als 150.000 Kunden in \u00d6sterreich, Deutschland, Italien, Frankreich und der Schweiz haben uns zum f\u00fchrenden Spezialisten","robots":{"index":"index","follow":"follow","max-snippet":"max-snippet:-1","max-image-preview":"max-image-preview:large","max-video-preview":"max-video-preview:-1"},"og_locale":"de_DE","og_type":"article","og_title":"Kundenreferenzen - Leeb Balkone","og_description":"\u00dcber 60 Jahre Erfahrung und mehr als 150.000 Kunden in \u00d6sterreich, Deutschland, Italien, Frankreich und der Schweiz haben uns zum f\u00fchrenden Spezialisten","og_url":"https:\/\/www.leeb-balkone.com\/de\/ueber-leeb\/kundenreferenzen\/","og_site_name":"Leeb Balkone","article_publisher":"https:\/\/www.facebook.com\/balkone\/","article_modified_time":"2026-04-28T15:09:48+00:00","og_image":[{"width":2560,"height":1762,"url":"https:\/\/www.leeb-balkone.com\/app\/uploads\/2020\/09\/alu-balkongelaender-zufriedene-kunden-1.jpg","type":"image\/jpeg"}],"twitter_card":"summary_large_image","schema":{"@context":"https:\/\/schema.org","@graph":[{"@type":"WebPage","@id":"https:\/\/www.leeb-balkone.com\/de\/ueber-leeb\/kundenreferenzen\/","url":"https:\/\/www.leeb-balkone.com\/de\/ueber-leeb\/kundenreferenzen\/","name":"Kundenreferenzen - Leeb Balkone","isPartOf":{"@id":"https:\/\/www.leeb-balkone.com\/de\/#website"},"datePublished":"2020-08-13T22:12:35+00:00","dateModified":"2026-04-28T15:09:48+00:00","description":"\u00dcber 60 Jahre Erfahrung und mehr als 150.000 Kunden in \u00d6sterreich, Deutschland, Italien, Frankreich und der Schweiz haben uns zum f\u00fchrenden Spezialisten","breadcrumb":{"@id":"https:\/\/www.leeb-balkone.com\/de\/ueber-leeb\/kundenreferenzen\/#breadcrumb"},"inLanguage":"de","potentialAction":[{"@type":"ReadAction","target":["https:\/\/www.leeb-balkone.com\/de\/ueber-leeb\/kundenreferenzen\/"]}]},{"@type":"BreadcrumbList","@id":"https:\/\/www.leeb-balkone.com\/de\/ueber-leeb\/kundenreferenzen\/#breadcrumb","itemListElement":[{"@type":"ListItem","position":1,"name":"Home","item":"https:\/\/www.leeb-balkone.com\/de\/"},{"@type":"ListItem","position":2,"name":"\u00dcber Leeb","item":"https:\/\/www.leeb-balkone.com\/de\/ueber-leeb\/"},{"@type":"ListItem","position":3,"name":"Kundenreferenzen"}]},{"@type":"WebSite","@id":"https:\/\/www.leeb-balkone.com\/de\/#website","url":"https:\/\/www.leeb-balkone.com\/de\/","name":"Leeb Balkone","description":"Balkone und Z\u00e4une","publisher":{"@id":"https:\/\/www.leeb-balkone.com\/de\/#organization"},"potentialAction":[{"@type":"SearchAction","target":{"@type":"EntryPoint","urlTemplate":"https:\/\/www.leeb-balkone.com\/de\/?s={search_term_string}"},"query-input":{"@type":"PropertyValueSpecification","valueRequired":true,"valueName":"search_term_string"}}],"inLanguage":"de"},{"@type":"Organization","@id":"https:\/\/www.leeb-balkone.com\/de\/#organization","name":"Leeb Balkone Gmbh","url":"https:\/\/www.leeb-balkone.com\/de\/","logo":{"@type":"ImageObject","inLanguage":"de","@id":"https:\/\/www.leeb-balkone.com\/de\/#\/schema\/logo\/image\/","url":"https:\/\/www.leeb-balkone.com\/app\/uploads\/2020\/11\/leeb-logo.svg","contentUrl":"https:\/\/www.leeb-balkone.com\/app\/uploads\/2020\/11\/leeb-logo.svg","width":741,"height":204,"caption":"Leeb Balkone Gmbh"},"image":{"@id":"https:\/\/www.leeb-balkone.com\/de\/#\/schema\/logo\/image\/"},"sameAs":["https:\/\/www.facebook.com\/balkone\/","https:\/\/www.trustedshops.at\/bewertung\/info_X4587CCF5833E31AFE0B11F47D86999F2.html","https:\/\/www.trustedshops.de\/bewertung\/info_X7BA536A7A0BDC86D36C4718E4DCAEEEF.html","https:\/\/www.google.com\/maps\/place\/?q=place_id:ChIJ5-zH19-IcEcR9HonWRTllHI"]}]}},"_links":{"self":[{"href":"https:\/\/www.leeb-balkone.com\/de\/wp-json\/wp\/v2\/pages\/5354","targetHints":{"allow":["GET"]}}],"collection":[{"href":"https:\/\/www.leeb-balkone.com\/de\/wp-json\/wp\/v2\/pages"}],"about":[{"href":"https:\/\/www.leeb-balkone.com\/de\/wp-json\/wp\/v2\/types\/page"}],"author":[{"embeddable":true,"href":"https:\/\/www.leeb-balkone.com\/de\/wp-json\/wp\/v2\/users\/1"}],"replies":[{"embeddable":true,"href":"https:\/\/www.leeb-balkone.com\/de\/wp-json\/wp\/v2\/comments?post=5354"}],"version-history":[{"count":3,"href":"https:\/\/www.leeb-balkone.com\/de\/wp-json\/wp\/v2\/pages\/5354\/revisions"}],"predecessor-version":[{"id":168322,"href":"https:\/\/www.leeb-balkone.com\/de\/wp-json\/wp\/v2\/pages\/5354\/revisions\/168322"}],"up":[{"embeddable":true,"href":"https:\/\/www.leeb-balkone.com\/de\/wp-json\/wp\/v2\/pages\/6886"}],"wp:attachment":[{"href":"https:\/\/www.leeb-balkone.com\/de\/wp-json\/wp\/v2\/media?parent=5354"}],"wp:term":[{"taxonomy":"folder","embeddable":true,"href":"https:\/\/www.leeb-balkone.com\/de\/wp-json\/wp\/v2\/folder?post=5354"}],"curies":[{"name":"wp","href":"https:\/\/api.w.org\/{rel}","templated":true}]}}