{"id":45616,"date":"2021-06-28T07:46:58","date_gmt":"2021-06-28T07:46:58","guid":{"rendered":"https:\/\/www.leeb-balkone.com\/de\/?page_id=45616"},"modified":"2026-03-23T10:10:58","modified_gmt":"2026-03-23T10:10:58","slug":"speed-produktion","status":"publish","type":"page","link":"https:\/\/www.leeb-balkone.com\/de\/speed-produktion\/","title":{"rendered":"MIT TURBO ZUM NEUEN JOB BEI EUROPAS NR. 1!"},"content":{"rendered":"<header data-block_acf-block-69c111afb7cc0 class=\"c-fh  l-mh-small c-fh--hero c-grad-l2r c-fh--div none\">\n      <img loading=\"lazy\" decoding=\"async\" width=\"1920\" height=\"601\" src=\"https:\/\/www.leeb-balkone.com\/app\/uploads\/2020\/10\/leeb-balkone-karriere-header.jpg\" class=\"no-lazy\" alt=\"leeb balkone karriere header\" srcset=\"https:\/\/www.leeb-balkone.com\/app\/uploads\/2020\/10\/leeb-balkone-karriere-header-300x94.jpg 300w, https:\/\/www.leeb-balkone.com\/app\/uploads\/2020\/10\/leeb-balkone-karriere-header-1024x321.jpg 1024w, https:\/\/www.leeb-balkone.com\/app\/uploads\/2020\/10\/leeb-balkone-karriere-header-768x240.jpg 768w, https:\/\/www.leeb-balkone.com\/app\/uploads\/2020\/10\/leeb-balkone-karriere-header-1536x481.jpg 1536w\" sizes=\"auto, (min-width: 1536px) 2048px, (min-width: 992px) 1536px, (min-width: 768px) 1024px, (min-width: 576px) 768px, 100vw\" \/>\n\n\n<div class=\"grid-container\">\n  <div class=\"grid-x\">\n    <div class=\"cell small-12 medium-6 medium-offset-1\">\n      <div class=\"c-fh__wrapper\">\n                              <p>MIT TURBO ZUM NEUEN JOB BEI EUROPAS NR. 1!<\/p>\n                        <\/div>\n    <\/div>\n  <\/div>\n<\/div>\n  \n    \n    <\/header>\n\n\n  \n  <section class=\"wp-block-group alignfull t3-header u-max-wide t3-header-text has-white-background-color has-background has-global-padding is-layout-constrained wp-block-group-is-layout-constrained\">\n    <div class=\"wp-block-group o-grid u-md-1 u-sm-1 is-layout-flow wp-block-group-is-layout-flow\">\n  <div class=\"wp-block-group u-g-10 u-g-s-2\">\n      <div class=\"yoast-breadcrumbs\"><span><span><a href=\"https:\/\/www.leeb-balkone.com\/de\/\">Home<\/a><\/span><\/span><\/div>\n      \n    <h1>ERLEEB&#8217; DEINE KARRIERE<\/h1>\n  <\/div>\n<\/div>\n  <\/section>\n\n\n\n\n\n\n<section class=\"wp-block-cgb-t3-section-block alignfull b-pt-small  is-style-bg-white\" style=\"display:inherit;min-height:inherit\">\n<section class=\"wp-block-cgb-t3-section-block alignfull b-pt-small  is-style-bg-white\" style=\"display:inherit;min-height:inherit\">\n<div class=\"wp-block-cgb-t3-container-block none\" style=\"background-color:none\"><div class=\"grid-container\"><div class=\"grid-x\"><div class=\"cell small-12 medium-9 large-0 medium-offset-1 b-has-lsmb\">\n<p>Du strebst nach mehr? Du legst Wert auf ein perfektes Arbeitsklima? Du kannst es kaum erwarten, dein K\u00f6nnen in einem rasant wachsenden Familienunternehmen mit stabilen Wurzeln unter Beweis zu stellen? DANN ERLEEB\u2018 AB SOFORT DEINE ZUKUNFT MIT UNS!<\/p>\n<\/div><\/div><\/div><\/div>\n\n\n\n<p><\/p>\n\n\n<div class=\"b-sps l-mbl\" id=\"\">\n    <div class=\"grid-container\">\n      <div class=\"grid-x\">\n              <div class=\"cell b-sps__bgimg lazyload bgx-center bgy-center small-12 medium-6 small-order-1 medium-order-1\">\n          \n            <img loading=\"lazy\" decoding=\"async\" width=\"1024\" height=\"767\" src=\"https:\/\/www.leeb-balkone.com\/app\/uploads\/2020\/10\/leeb-balkone-mitarbeiter-21-1024x767.jpg\" class=\"attachment-large size-large\" alt=\"Leeb Mitarbeiter stark-verl\u00e4sslich-sch\u00f6n\" srcset=\"https:\/\/www.leeb-balkone.com\/app\/uploads\/2020\/10\/leeb-balkone-mitarbeiter-21-1024x767.jpg 1024w, https:\/\/www.leeb-balkone.com\/app\/uploads\/2020\/10\/leeb-balkone-mitarbeiter-21-300x225.jpg 300w, https:\/\/www.leeb-balkone.com\/app\/uploads\/2020\/10\/leeb-balkone-mitarbeiter-21-768x575.jpg 768w, https:\/\/www.leeb-balkone.com\/app\/uploads\/2020\/10\/leeb-balkone-mitarbeiter-21-1536x1151.jpg 1536w, https:\/\/www.leeb-balkone.com\/app\/uploads\/2020\/10\/leeb-balkone-mitarbeiter-21-2048x1535.jpg 2048w\" sizes=\"auto, (min-width: 1200px) 1024px, (min-width: 1024px) 768px, (min-width: 640px) 768px, 768px\" \/>        <\/div>\n            <div class=\"cell b-sps__cont  small-12 medium-6 small-order-2 medium-order-2 bg--lightgray\">\n        <div class=\"b-sps__inner-cont  pdd\">\n          <p><span class=\"uppercase\" data-rich-text-format-boundary=\"true\">BEWIRB DICH JETZT ALS<\/span><br data-rich-text-line-break=\"true\" \/><strong><span class=\"uppercase\">Mitarbeiter in der produktion (M\/W)<\/span><\/strong><\/p>\n<p><a class=\"button\" href=\"https:\/\/www.leeb-balkone.com\/de\/karriere-bei-leeb\/in-30-sekunden-bewerben\/\" data-rich-text-format-boundary=\"true\">Zur 30-Sekunden-Bewerbung<\/a><\/p>\n\n        <\/div>\n      <\/div>\n    <\/div>\n    <\/div>\n  <\/div>\n<\/section>\n\n\n\n<section class=\"wp-block-cgb-t3-section-block alignfull b-pt-none  is-style-default\" style=\"display:inherit;background-color:#F5F5F5;min-height:inherit\">\n<div class=\"wp-block-cgb-t3-container-block b-has-offset-h\" style=\"background-color:none\"><div class=\"grid-container\"><div class=\"grid-x\"><div class=\"cell small-12 medium-6 large-0 medium-offset-1\">\n<h2 class=\"wp-block-heading\"><strong><span class=\"uppercase\">Das wird ein Erleebnis<\/span><\/strong><\/h2>\n<\/div><\/div><\/div><\/div>\n\n\n\n<p><\/p>\n\n\n\n<div class=\"wp-block-cgb-t3-container-block none\" style=\"background-color:none\"><div class=\"grid-container\"><div class=\"grid-x\"><div class=\"cell small-12 medium-9 large-0 medium-offset-1 b-has-lsmb\">\n<ul class=\"wp-block-list is-style-bullet-arrows\">\n<li><strong><strong>Von Anfang an<\/strong><\/strong><br>Wir erm\u00f6glichen dir einen perfekten und einfachen Start \u2013 immer mit einem offenen Ohr f\u00fcr deine Anliegen.<\/li>\n\n\n\n<li><strong><strong>Arbeitsplatz mit Sicherheit und Garantie<\/strong><\/strong><br>Wir bieten dir viel Freiraum f\u00fcr eigene Ideen und freuen uns auf deine Inputs.<\/li>\n\n\n\n<li><strong>Grandioses Team<\/strong><br>Erleebe den einzigartigen Teamspirit mit deinen Kolleginnen und Kollegen.<\/li>\n<\/ul>\n<\/div><\/div><\/div><\/div>\n<\/section>\n\n\n\n<section class=\"wp-block-cgb-t3-section-block alignfull  is-style-bg-white\" style=\"display:inherit;min-height:inherit\">\n<div class=\"wp-block-cgb-t3-container-block none\" style=\"background-color:none\"><div class=\"grid-container\"><div class=\"grid-x\"><div class=\"cell small-12 medium-9 large-0 medium-offset-1 b-has-lsmb\">\n<h2 class=\"wp-block-heading\"><strong>WILLKOMMEN IN DER LEEB-COMMUNITY<\/strong><\/h2>\n<\/div><\/div><\/div><\/div>\n\n\n\n<p><\/p>\n\n\n\n<div class=\"wp-block-cgb-t3-container-block none\" style=\"background-color:none\"><div class=\"grid-container\"><div class=\"grid-x\"><div class=\"cell small-12 medium-9 large-0 medium-offset-1 b-has-lsmb\"><div class=\"b-sps l-mbxl\" id=\"\">\n      <div class=\"grid-x\">\n              <div class=\"cell b-sps__bgimg lazyload bgx-center bgy-center small-12 medium-6 small-order-1 medium-order-1\">\n          \n            <img loading=\"lazy\" decoding=\"async\" width=\"1024\" height=\"767\" src=\"https:\/\/www.leeb-balkone.com\/app\/uploads\/2020\/10\/leeb-balkone-mitarbeiter-13-1024x767.jpg\" class=\"attachment-large size-large\" alt=\"Leeb Mitarbeiter\" srcset=\"https:\/\/www.leeb-balkone.com\/app\/uploads\/2020\/10\/leeb-balkone-mitarbeiter-13-1024x767.jpg 1024w, https:\/\/www.leeb-balkone.com\/app\/uploads\/2020\/10\/leeb-balkone-mitarbeiter-13-300x225.jpg 300w, https:\/\/www.leeb-balkone.com\/app\/uploads\/2020\/10\/leeb-balkone-mitarbeiter-13-768x575.jpg 768w, https:\/\/www.leeb-balkone.com\/app\/uploads\/2020\/10\/leeb-balkone-mitarbeiter-13-1536x1151.jpg 1536w, https:\/\/www.leeb-balkone.com\/app\/uploads\/2020\/10\/leeb-balkone-mitarbeiter-13-2048x1535.jpg 2048w\" sizes=\"auto, (min-width: 1200px) 1024px, (min-width: 1024px) 768px, (min-width: 640px) 768px, 768px\" \/>        <\/div>\n            <div class=\"cell b-sps__cont  small-12 medium-6 small-order-2 medium-order-2 offset\">\n        <div class=\"b-sps__inner-cont  bg--lightgray pdd\">\n          <p><strong>Wir stellen die h\u00f6chsten Anspr\u00fcche an uns selbst:<\/strong> Gr\u00f6\u00dfte Perfektion \u2013 von der Planung bis zur Fertigung jedes einzelnen Balkons, Zauns und jeder \u00dcberdachung. Die konsequente Umsetzung dieses Anspruches hat uns in Europa an die Spitze der Balkonbauer gef\u00fchrt. Bis heute haben Kunden in \u00d6sterreich, Deutschland, Frankreich, Italien, Schweiz und Slowenien unserer Erfahrung vertraut und sich f\u00fcr Leeb entschieden. So haben wir bis heute \u00fcber 2.500 Kilometer Balkone und Z\u00e4une produziert. Eine Fahrtstrecke, die von unserem K\u00e4rntner Standort Gnesau bis nach Madrid reicht. Und t\u00e4glich wird die Strecke l\u00e4nger.<\/p>\n\n        <\/div>\n      <\/div>\n    <\/div>\n  <\/div>\n\n\n<div class=\"b-sps l-mbxl\" id=\"\">\n      <div class=\"grid-x\">\n              <div class=\"cell b-sps__bgimg lazyload bgx-center bgy-center small-12 medium-6 small-order-1 medium-order-2\">\n          \n            <img loading=\"lazy\" decoding=\"async\" width=\"1024\" height=\"746\" src=\"https:\/\/www.leeb-balkone.com\/app\/uploads\/2021\/06\/karriere-bei-leeb-balkone-produktion-3-1024x746.jpg\" class=\"attachment-large size-large\" alt=\"karriere bei leeb balkone produktion 3\" srcset=\"https:\/\/www.leeb-balkone.com\/app\/uploads\/2021\/06\/karriere-bei-leeb-balkone-produktion-3-1024x746.jpg 1024w, https:\/\/www.leeb-balkone.com\/app\/uploads\/2021\/06\/karriere-bei-leeb-balkone-produktion-3-300x219.jpg 300w, https:\/\/www.leeb-balkone.com\/app\/uploads\/2021\/06\/karriere-bei-leeb-balkone-produktion-3-768x560.jpg 768w, https:\/\/www.leeb-balkone.com\/app\/uploads\/2021\/06\/karriere-bei-leeb-balkone-produktion-3-1536x1119.jpg 1536w, https:\/\/www.leeb-balkone.com\/app\/uploads\/2021\/06\/karriere-bei-leeb-balkone-produktion-3-2048x1492.jpg 2048w\" sizes=\"auto, (min-width: 1200px) 1024px, (min-width: 1024px) 768px, (min-width: 640px) 768px, 768px\" \/>        <\/div>\n            <div class=\"cell b-sps__cont  small-12 medium-6 small-order-2 medium-order-1 offset\">\n        <div class=\"b-sps__inner-cont  bg--lightgray pdd\">\n          <p>Als einst kleiner Familienbetrieb in Gnesau haben wir uns in den letzten 110 Jahren zu <strong>Europas f\u00fchrendem Hersteller von Balkonen und Z\u00e4unen<\/strong> entwickelt. Verantwortlich f\u00fcr den Erfolg sind unsere mehr als 230 Mitarbeiterinnen und Mitarbeiter. Sie treiben mit ihrem fundierten Fachwissen und Leidenschaft die Innovation in der Produktion und Verarbeitung stetig voran. So entstehen hochwertigsten Rohstoffen ma\u00dfgeschneiderte Balkongel\u00e4nder und Z\u00e4une f\u00fcr bereits weit mehr als 100.000 zufriedene Kunden.<\/p>\n\n        <\/div>\n      <\/div>\n    <\/div>\n  <\/div>\n<\/div><\/div><\/div><\/div>\n<\/section>\n\n\n\n<section class=\"wp-block-cgb-t3-section-block alignfull b-pt-none  is-style-default\" style=\"display:inherit;background-color:#F5F5F5;min-height:inherit\">\n<div class=\"wp-block-cgb-t3-container-block b-has-offset-h\" style=\"background-color:none\"><div class=\"grid-container\"><div class=\"grid-x\"><div class=\"cell small-12 medium-6 large-0 medium-offset-1\">\n<h2 class=\"wp-block-heading\"><strong><span class=\"uppercase\"><strong>KOMM IN UNSER TEAM<\/strong><\/span><\/strong><\/h2>\n<\/div><\/div><\/div><\/div>\n\n\n\n<div class=\"wp-block-cgb-t3-container-block none\" style=\"background-color:none\"><div class=\"grid-container\"><div class=\"grid-x\"><div class=\"cell small-12 medium-9 large-0 medium-offset-1 b-has-pt b-has-lsmb\"><div class=\"c-person grid-x grid-margin-x\">\n  <div class=\"c-person__img cell small-12 medium-4\">\n      <div class=\"c-person__img-wrapper\">\n        \n          <img loading=\"lazy\" decoding=\"async\" src=\"https:\/\/www.leeb-balkone.com\/app\/uploads\/2021\/06\/karriere-bei-leeb-balkone-produktion-640x640.jpg\" class=\"h-rounded-img\" alt=\"karriere bei leeb balkone produktion\" width=\"640\" height=\"432\" \/>\n        \n      <\/div>\n  <\/div>\n  <div class=\"c-person__txt cell small-12 medium-8\">\n    <div class=\"c-person__txt-wrapper h-lc-no-mb\">\n              <h3>\n                    Alexander Wolf\n        <\/h3>\n                  <small>Zusammenbau<\/small>\n                                      <p class=\"blockquote\">Die Arbeit im Werk macht mir viel Spa\u00df. Man leistet einen gro\u00dfen Beitrag am fertigen Balkonmodell. Komm&#8217; in unser Team \u2013 wir freuen uns auf Unterst\u00fctzung!<\/p>\n                        \n      \n                <\/div>\n  <\/div>\n<\/div>\n\n\n\n<p><\/p>\n\n\n\n<div class=\"wp-block-cgb-t3-container-block none\" style=\"background-color:none\"><div class=\"grid-container\"><div class=\"grid-x\"><div class=\"cell small-12 medium-10 large-0 medium-offset-1 b-has-pt b-has-lsmb\">\n<figure class=\"wp-block-embed aligncenter is-type-video is-provider-youtube wp-block-embed-youtube wp-embed-aspect-16-9 wp-has-aspect-ratio\"><div class=\"wp-block-embed__wrapper\">\n<iframe loading=\"lazy\" title=\"LEEB Image Film\" width=\"500\" height=\"281\" src=\"https:\/\/www.youtube.com\/embed\/FTrZ_8Jkl9Q?start=29&#038;feature=oembed\" frameborder=\"0\" allow=\"accelerometer; autoplay; clipboard-write; encrypted-media; gyroscope; picture-in-picture; web-share\" referrerpolicy=\"strict-origin-when-cross-origin\" allowfullscreen><\/iframe>\n<\/div><\/figure>\n<\/div><\/div><\/div><\/div>\n<\/div><\/div><\/div><\/div>\n<\/section>\n\n\n\n<p><\/p>\n\n\n\n<div class=\"wp-block-cgb-t3-container-block none\" style=\"background-color:none\"><div class=\"grid-container\"><div class=\"grid-x\"><div class=\"cell small-12 medium-9 large-0 medium-offset-1 b-has-lsmb\">\n<h2 class=\"wp-block-heading\"><strong><strong>DAS ERLEEBST DU MIT UNS<\/strong><\/strong><\/h2>\n<\/div><\/div><\/div><\/div>\n\n\n\n<div class=\"wp-block-cgb-t3-container-block none\" style=\"background-color:none\"><div class=\"grid-container\"><div class=\"grid-x\"><div class=\"cell small-12 medium-9 large-0 medium-offset-1 b-has-lsmb\">\n<ul class=\"wp-block-list is-style-bullet-arrows\">\n<li><strong>Familienbetrieb mit flachen Hierarchien und Chefs auf Augenh\u00f6he<\/strong><\/li>\n\n\n\n<li><strong>Hohe Arbeitsplatzsicherheit<\/strong><\/li>\n\n\n\n<li><strong>Mit der <span class=\"uppercase\"><a href=\"https:\/\/www.leeb-balkone.com\/de\/karriere-bei-leeb\/leebcard\/\">Leeb-Card<\/a> <\/span>regional g\u00fcnstiger <strong>einkaufen<\/strong><\/strong><\/li>\n\n\n\n<li><strong><strong>Kostenloser Shuttle-Service aus Radenthein und Feldkirchen nach Gnesau<\/strong><\/strong><\/li>\n\n\n\n<li><strong>G\u00fcnstige Firmenwohnungen<\/strong><\/li>\n\n\n\n<li><strong>J\u00e4hrliche Firmenevents, bei denen auch deine Familienmitglieder eingeladen sind<\/strong><\/li>\n\n\n\n<li><strong>Eigenst\u00e4ndiges Arbeiten im Team und der M\u00f6glichkeit mitzugestalten<\/strong><\/li>\n\n\n\n<li><strong>Langfristige Perspektiven und Weiterentwicklung<\/strong><\/li>\n\n\n\n<li><strong>Individuelle Unterst\u00fctzung in der Aus- und Weiterbildung<\/strong><\/li>\n<\/ul>\n<\/div><\/div><\/div><\/div>\n<\/section>\n\n\n\n<section class=\"wp-block-cgb-t3-section-block alignfull b-pt-none  is-style-bg-transparent\" style=\"display:inherit;min-height:inherit\">\n<div class=\"wp-block-cgb-t3-container-block b-has-offset-b\" style=\"background-color:#EE7203\"><div class=\"has-padding none grid-container-wrapper\"><div class=\"grid-container\"><div class=\"grid-x\"><div class=\"cell small-12 medium-10 large-0 medium-offset-1 b-has-lsmb\">\n<h2 class=\"wp-block-heading has-white-color has-text-color\"><span class=\"h2ash1\">ERLEEB&#8217; DEINE Karriere <\/span><\/h2>\n\n\n\n<p class=\"has-white-color has-text-color\"><span class=\"teaser\">Seit \u00fcber 60 Jahren f\u00f6rdert Leeb Balkone Karriere. Heute machen rund 200 Mitarbeiter am K\u00e4rntner Standort Leeb zu Europas f\u00fchrendem Balkonhersteller.<\/span><\/p>\n<\/div><\/div><\/div><\/div><\/div>\n\n\n\n<div class=\"wp-block-cgb-t3-container-block none\" style=\"background-color:none\"><div class=\"grid-container\"><div class=\"grid-x\"><div class=\"cell small-12 medium-12 large-0\"><div class=\"u-grid-temp has-2-cols u-md-2 u-sm-1 is-style-transparent-cards offset wp-block-group is-layout-grid wp-block-group-is-layout-grid\">\n\n\n  \n\n            <div class=\"wp-block-group m-card is-layout-flow wp-block-group-is-layout-flow\">\n      <figure data-imgid=\"9156\" class=\"wp-block-image size-large\">\n      <a href=\"https:\/\/www.leeb-balkone.com\/de\/karriere-bei-leeb\/leeb-inside\/\" class=\"no-default-link\">\n        <img decoding=\"async\" width=\"768\" height=\"480\" src=\"https:\/\/www.leeb-balkone.com\/app\/uploads\/2020\/10\/firmengelaende-der-leeb-balkone-gmbh-2020-768x480.jpg\" class=\"attachment-medium_large size-medium_large\" alt=\"Leeb Balkone Firmengel\u00e4nde im oberen Gurktal\" title=\"Leeb Inside\" loading=\"lazy\" srcset=\"https:\/\/www.leeb-balkone.com\/app\/uploads\/2020\/10\/firmengelaende-der-leeb-balkone-gmbh-2020-768x480.jpg 768w, https:\/\/www.leeb-balkone.com\/app\/uploads\/2020\/10\/firmengelaende-der-leeb-balkone-gmbh-2020-300x188.jpg 300w, https:\/\/www.leeb-balkone.com\/app\/uploads\/2020\/10\/firmengelaende-der-leeb-balkone-gmbh-2020-1024x640.jpg 1024w, https:\/\/www.leeb-balkone.com\/app\/uploads\/2020\/10\/firmengelaende-der-leeb-balkone-gmbh-2020-1536x960.jpg 1536w, https:\/\/www.leeb-balkone.com\/app\/uploads\/2020\/10\/firmengelaende-der-leeb-balkone-gmbh-2020-2048x1280.jpg 2048w\" sizes=\"auto, (min-width: 1200px) 360px, (min-width: 1024px) 300px, (min-width: 640px) 768px, 768px\" \/>      <\/a>\n    <\/figure>\n  \n  <div class=\"wp-block-group m-card-content is-vertical is-layout-flex wp-block-group-is-layout-flex\">\n            <h3 class=\"wp-block-heading\">\n          <a href=\"https:\/\/www.leeb-balkone.com\/de\/karriere-bei-leeb\/leeb-inside\/\" class=\"no-default-link\">Leeb Inside<\/a>\n        <\/h3>\n        <p>Wir besch\u00e4ftigen an den Standorten Gnesau und Krumpendorf \u00fcber 200 Mitarbeiter. Dabei wird gro\u00dfer Wert auf ein gutes Betriebsklima und einen wertsch\u00e4tzenden Umgang gelegt.<\/p>\n          <a href=\"https:\/\/www.leeb-balkone.com\/de\/karriere-bei-leeb\/leeb-inside\/\" class=\"more\">mehr erfahren<\/a>\n      <\/div>\n<\/div>\n\n          <div class=\"wp-block-group m-card is-layout-flow wp-block-group-is-layout-flow\">\n      <figure data-imgid=\"6173\" class=\"wp-block-image size-large\">\n      <a href=\"https:\/\/www.leeb-balkone.com\/de\/karriere-bei-leeb\/leebcard\/\" class=\"no-default-link\">\n        <img decoding=\"async\" width=\"768\" height=\"490\" src=\"https:\/\/www.leeb-balkone.com\/app\/uploads\/2020\/08\/alu-leeb-balkone-leeb-card-768x490.jpg\" class=\"attachment-medium_large size-medium_large\" alt=\"Leeb Card f\u00fcr alle Leeb Mitarbeiter\" title=\"Leeb Card\" loading=\"lazy\" srcset=\"https:\/\/www.leeb-balkone.com\/app\/uploads\/2020\/08\/alu-leeb-balkone-leeb-card-768x490.jpg 768w, https:\/\/www.leeb-balkone.com\/app\/uploads\/2020\/08\/alu-leeb-balkone-leeb-card-300x191.jpg 300w, https:\/\/www.leeb-balkone.com\/app\/uploads\/2020\/08\/alu-leeb-balkone-leeb-card-1024x654.jpg 1024w, https:\/\/www.leeb-balkone.com\/app\/uploads\/2020\/08\/alu-leeb-balkone-leeb-card-1536x980.jpg 1536w, https:\/\/www.leeb-balkone.com\/app\/uploads\/2020\/08\/alu-leeb-balkone-leeb-card.jpg 1880w\" sizes=\"auto, (min-width: 1200px) 360px, (min-width: 1024px) 300px, (min-width: 640px) 768px, 768px\" \/>      <\/a>\n    <\/figure>\n  \n  <div class=\"wp-block-group m-card-content is-vertical is-layout-flex wp-block-group-is-layout-flex\">\n            <h3 class=\"wp-block-heading\">\n          <a href=\"https:\/\/www.leeb-balkone.com\/de\/karriere-bei-leeb\/leebcard\/\" class=\"no-default-link\">Leeb Card<\/a>\n        <\/h3>\n        <p>Als Leeb-Mitarbeiter kaufen Sie mit der Leeb Card verg\u00fcnstigt in vielen, regionalen Gesch\u00e4ften ein. Hier geht&#8217;s zu den Leeb-Partnerbetrieben.<\/p>\n          <a href=\"https:\/\/www.leeb-balkone.com\/de\/karriere-bei-leeb\/leebcard\/\" class=\"more\">mehr erfahren<\/a>\n      <\/div>\n<\/div>\n\n          <div class=\"wp-block-group m-card is-layout-flow wp-block-group-is-layout-flow\">\n      <figure data-imgid=\"6147\" class=\"wp-block-image size-large\">\n      <a href=\"https:\/\/www.leeb-balkone.com\/de\/ueber-leeb\/\" class=\"no-default-link\">\n        <img decoding=\"async\" width=\"768\" height=\"512\" src=\"https:\/\/www.leeb-balkone.com\/app\/uploads\/2020\/08\/alu-balkongelaender-slider-15-768x512.jpg\" class=\"attachment-medium_large size-medium_large\" alt=\"alu balkongelaender slider 15\" title=\"\u00dcber Leeb\" loading=\"lazy\" srcset=\"https:\/\/www.leeb-balkone.com\/app\/uploads\/2020\/08\/alu-balkongelaender-slider-15-768x512.jpg 768w, https:\/\/www.leeb-balkone.com\/app\/uploads\/2020\/08\/alu-balkongelaender-slider-15-300x200.jpg 300w, https:\/\/www.leeb-balkone.com\/app\/uploads\/2020\/08\/alu-balkongelaender-slider-15-1024x683.jpg 1024w, https:\/\/www.leeb-balkone.com\/app\/uploads\/2020\/08\/alu-balkongelaender-slider-15-1536x1024.jpg 1536w, https:\/\/www.leeb-balkone.com\/app\/uploads\/2020\/08\/alu-balkongelaender-slider-15-2048x1366.jpg 2048w\" sizes=\"auto, (min-width: 1200px) 360px, (min-width: 1024px) 300px, (min-width: 640px) 768px, 768px\" \/>      <\/a>\n    <\/figure>\n  \n  <div class=\"wp-block-group m-card-content is-vertical is-layout-flex wp-block-group-is-layout-flex\">\n            <h3 class=\"wp-block-heading\">\n          <a href=\"https:\/\/www.leeb-balkone.com\/de\/ueber-leeb\/\" class=\"no-default-link\">\u00dcber Leeb<\/a>\n        <\/h3>\n        <p>Mit \u00fcber 40-j\u00e4hriger Erfahrung in der Branche und mehr als 100.000 zufriedenen Kunden z\u00e4hlt die Firma Leeb Balkone zu Europas f\u00fchrenden Herstellern von Balkonen und Z\u00e4unen aus Aluminium.<\/p>\n          <a href=\"https:\/\/www.leeb-balkone.com\/de\/ueber-leeb\/\" class=\"more\">mehr erfahren<\/a>\n      <\/div>\n<\/div>\n\n          <div class=\"wp-block-group m-card is-layout-flow wp-block-group-is-layout-flow\">\n      <figure data-imgid=\"9689\" class=\"wp-block-image size-large\">\n      <a href=\"https:\/\/www.leeb-balkone.com\/de\/jobs\/\" class=\"no-default-link\">\n        <img decoding=\"async\" width=\"768\" height=\"575\" src=\"https:\/\/www.leeb-balkone.com\/app\/uploads\/2020\/10\/leeb-balkone-mitarbeiter-13-768x575.jpg\" class=\"attachment-medium_large size-medium_large\" alt=\"Leeb Mitarbeiter\" title=\"Offene Stellen\" loading=\"lazy\" srcset=\"https:\/\/www.leeb-balkone.com\/app\/uploads\/2020\/10\/leeb-balkone-mitarbeiter-13-768x575.jpg 768w, https:\/\/www.leeb-balkone.com\/app\/uploads\/2020\/10\/leeb-balkone-mitarbeiter-13-300x225.jpg 300w, https:\/\/www.leeb-balkone.com\/app\/uploads\/2020\/10\/leeb-balkone-mitarbeiter-13-1024x767.jpg 1024w, https:\/\/www.leeb-balkone.com\/app\/uploads\/2020\/10\/leeb-balkone-mitarbeiter-13-1536x1151.jpg 1536w, https:\/\/www.leeb-balkone.com\/app\/uploads\/2020\/10\/leeb-balkone-mitarbeiter-13-2048x1535.jpg 2048w\" sizes=\"auto, (min-width: 1200px) 360px, (min-width: 1024px) 300px, (min-width: 640px) 768px, 768px\" \/>      <\/a>\n    <\/figure>\n  \n  <div class=\"wp-block-group m-card-content is-vertical is-layout-flex wp-block-group-is-layout-flex\">\n            <h3 class=\"wp-block-heading\">\n          <a href=\"https:\/\/www.leeb-balkone.com\/de\/jobs\/\" class=\"no-default-link\">Offene Stellen<\/a>\n        <\/h3>\n        <p>Alle Jobs erledigen wir in hochqualifizierten Teams, das in allen Unternehmensbereichen langj\u00e4hrige Erfahrung und junge, kreative K\u00f6pfe vereint.<\/p>\n          <a href=\"https:\/\/www.leeb-balkone.com\/de\/jobs\/\" class=\"more\">Zu den offenen Stellen<\/a>\n      <\/div>\n<\/div>\n\n      \n<\/div>\n<\/div><\/div><\/div><\/div>\n<\/section>\n\n\n\n<section class=\"wp-block-cgb-t3-section-block alignfull b-pt-none\" style=\"display:inherit;background-color:#F5F5F5;min-height:inherit\">\n<div class=\"wp-block-cgb-t3-container-block b-has-offset-h\" style=\"background-color:none\"><div class=\"grid-container\"><div class=\"grid-x\"><div class=\"cell small-12 medium-6 large-0 medium-offset-1\">\n<h2 class=\"wp-block-heading\">Kontakt<\/h2>\n<\/div><\/div><\/div><\/div>\n\n\n\n<div class=\"wp-block-cgb-t3-container-block none\" style=\"background-color:none\"><div class=\"grid-container\"><div class=\"grid-x\"><div class=\"cell small-12 medium-8 large-0 medium-offset-2 b-has-pt\"><div class=\"c-person grid-x grid-margin-x\">\n  <div class=\"c-person__img cell small-12 medium-6\">\n      <div class=\"c-person__img-wrapper\">\n        \n          <img loading=\"lazy\" decoding=\"async\" src=\"https:\/\/www.leeb-balkone.com\/app\/uploads\/2020\/09\/Cornelia-Ortner-2.jpg\" class=\"h-rounded-img\" alt=\"Cornelia Ortner 2\" width=\"640\" height=\"432\" \/>\n        \n      <\/div>\n  <\/div>\n  <div class=\"c-person__txt cell small-12 medium-6\">\n    <div class=\"c-person__txt-wrapper h-lc-no-mb\">\n              <h3>\n                    Cornelia Ortner\n        <\/h3>\n                  <small>Personalmanagement &#8211; Personalverrechnung<\/small>\n                      \n      \n              \n                  <a href=\"#\" class=\"esend button primary\" data-esend=\"bewerbung\" data-etld=\"at\" data-edname=\"leeb\">Email senden<\/a>\n                        <\/div>\n  <\/div>\n<\/div>\n<\/div><\/div><\/div><\/div>\n<\/section>\n","protected":false},"excerpt":{"rendered":"","protected":false},"author":3,"featured_media":0,"parent":0,"menu_order":138,"comment_status":"closed","ping_status":"closed","template":"template-onepager.blade.php","meta":{"_acf_changed":false,"footnotes":"","_sage_theme_css":true,"_wp_block_core_css":false},"folder":[],"class_list":["post-45616","page","type-page","status-publish","hentry"],"acf":[],"yoast_head":"<!-- This site is optimized with the Yoast SEO plugin v27.2 - https:\/\/yoast.com\/product\/yoast-seo-wordpress\/ -->\n<title>MIT TURBO ZUM NEUEN JOB BEI EUROPAS NR. 1! - Leeb Balkone Deutschland<\/title>\n<meta name=\"description\" content=\"Wer meint, bei uns in Gnesau sei nichts los, der irrt. J\u00e4hrlich produzieren 250 Leeb-MitarbeiterInnen 60.000 Laufmeter Balkone und Z\u00e4une f\u00fcr rund 6.000 begeisterte Kunden.\" \/>\n<meta name=\"robots\" content=\"index, follow, max-snippet:-1, max-image-preview:large, max-video-preview:-1\" \/>\n<meta property=\"og:locale\" content=\"de_DE\" \/>\n<meta property=\"og:type\" content=\"article\" \/>\n<meta property=\"og:title\" content=\"ERLEEB&#039; DEINE LEHRE\" \/>\n<meta property=\"og:description\" content=\"Bestm\u00f6gliche Fachausbildung bei Leeb Balkone\" \/>\n<meta property=\"og:url\" content=\"https:\/\/www.leeb-balkone.com\/de\/speed-produktion\/\" \/>\n<meta property=\"og:site_name\" content=\"Leeb Balkone\" \/>\n<meta property=\"article:publisher\" content=\"https:\/\/www.facebook.com\/balkone\/\" \/>\n<meta property=\"article:modified_time\" content=\"2026-03-23T10:10:58+00:00\" \/>\n<meta property=\"og:image\" content=\"https:\/\/www.leeb-balkone.com\/app\/uploads\/2020\/10\/leeb-balkone-mitarbeiter-16-scaled.jpg\" \/>\n\t<meta property=\"og:image:width\" content=\"2560\" \/>\n\t<meta property=\"og:image:height\" content=\"1918\" \/>\n\t<meta property=\"og:image:type\" content=\"image\/jpeg\" \/>\n<meta name=\"twitter:card\" content=\"summary_large_image\" \/>\n<script type=\"application\/ld+json\" class=\"yoast-schema-graph\">{\"@context\":\"https:\/\/schema.org\",\"@graph\":[{\"@type\":\"WebPage\",\"@id\":\"https:\/\/www.leeb-balkone.com\/de\/speed-produktion\/\",\"url\":\"https:\/\/www.leeb-balkone.com\/de\/speed-produktion\/\",\"name\":\"MIT TURBO ZUM NEUEN JOB BEI EUROPAS NR. 1! - Leeb Balkone\",\"isPartOf\":{\"@id\":\"https:\/\/www.leeb-balkone.com\/de\/#website\"},\"datePublished\":\"2021-06-28T07:46:58+00:00\",\"dateModified\":\"2026-03-23T10:10:58+00:00\",\"description\":\"Wer meint, bei uns in Gnesau sei nichts los, der irrt. J\u00e4hrlich produzieren 250 Leeb-MitarbeiterInnen 60.000 Laufmeter Balkone und Z\u00e4une f\u00fcr rund 6.000 begeisterte Kunden.\",\"breadcrumb\":{\"@id\":\"https:\/\/www.leeb-balkone.com\/de\/speed-produktion\/#breadcrumb\"},\"inLanguage\":\"de\",\"potentialAction\":[{\"@type\":\"ReadAction\",\"target\":[\"https:\/\/www.leeb-balkone.com\/de\/speed-produktion\/\"]}]},{\"@type\":\"BreadcrumbList\",\"@id\":\"https:\/\/www.leeb-balkone.com\/de\/speed-produktion\/#breadcrumb\",\"itemListElement\":[{\"@type\":\"ListItem\",\"position\":1,\"name\":\"Home\",\"item\":\"https:\/\/www.leeb-balkone.com\/de\/\"},{\"@type\":\"ListItem\",\"position\":2,\"name\":\"MIT TURBO ZUM NEUEN JOB BEI EUROPAS NR. 1!\"}]},{\"@type\":\"WebSite\",\"@id\":\"https:\/\/www.leeb-balkone.com\/de\/#website\",\"url\":\"https:\/\/www.leeb-balkone.com\/de\/\",\"name\":\"Leeb Balkone\",\"description\":\"Balkone und Z\u00e4une\",\"publisher\":{\"@id\":\"https:\/\/www.leeb-balkone.com\/de\/#organization\"},\"potentialAction\":[{\"@type\":\"SearchAction\",\"target\":{\"@type\":\"EntryPoint\",\"urlTemplate\":\"https:\/\/www.leeb-balkone.com\/de\/?s={search_term_string}\"},\"query-input\":{\"@type\":\"PropertyValueSpecification\",\"valueRequired\":true,\"valueName\":\"search_term_string\"}}],\"inLanguage\":\"de\"},{\"@type\":\"Organization\",\"@id\":\"https:\/\/www.leeb-balkone.com\/de\/#organization\",\"name\":\"Leeb Balkone Gmbh\",\"url\":\"https:\/\/www.leeb-balkone.com\/de\/\",\"logo\":{\"@type\":\"ImageObject\",\"inLanguage\":\"de\",\"@id\":\"https:\/\/www.leeb-balkone.com\/de\/#\/schema\/logo\/image\/\",\"url\":\"https:\/\/www.leeb-balkone.com\/app\/uploads\/2020\/11\/leeb-logo.svg\",\"contentUrl\":\"https:\/\/www.leeb-balkone.com\/app\/uploads\/2020\/11\/leeb-logo.svg\",\"width\":741,\"height\":204,\"caption\":\"Leeb Balkone Gmbh\"},\"image\":{\"@id\":\"https:\/\/www.leeb-balkone.com\/de\/#\/schema\/logo\/image\/\"},\"sameAs\":[\"https:\/\/www.facebook.com\/balkone\/\",\"https:\/\/www.trustedshops.at\/bewertung\/info_X4587CCF5833E31AFE0B11F47D86999F2.html\",\"https:\/\/www.trustedshops.de\/bewertung\/info_X7BA536A7A0BDC86D36C4718E4DCAEEEF.html\",\"https:\/\/www.google.com\/maps\/place\/?q=place_id:ChIJ5-zH19-IcEcR9HonWRTllHI\"]}]}<\/script>\n<!-- \/ Yoast SEO plugin. -->","yoast_head_json":{"title":"MIT TURBO ZUM NEUEN JOB BEI EUROPAS NR. 1! - Leeb Balkone Deutschland","description":"Wer meint, bei uns in Gnesau sei nichts los, der irrt. J\u00e4hrlich produzieren 250 Leeb-MitarbeiterInnen 60.000 Laufmeter Balkone und Z\u00e4une f\u00fcr rund 6.000 begeisterte Kunden.","robots":{"index":"index","follow":"follow","max-snippet":"max-snippet:-1","max-image-preview":"max-image-preview:large","max-video-preview":"max-video-preview:-1"},"og_locale":"de_DE","og_type":"article","og_title":"ERLEEB' DEINE LEHRE","og_description":"Bestm\u00f6gliche Fachausbildung bei Leeb Balkone","og_url":"https:\/\/www.leeb-balkone.com\/de\/speed-produktion\/","og_site_name":"Leeb Balkone","article_publisher":"https:\/\/www.facebook.com\/balkone\/","article_modified_time":"2026-03-23T10:10:58+00:00","og_image":[{"width":2560,"height":1918,"url":"https:\/\/www.leeb-balkone.com\/app\/uploads\/2020\/10\/leeb-balkone-mitarbeiter-16-scaled.jpg","type":"image\/jpeg"}],"twitter_card":"summary_large_image","schema":{"@context":"https:\/\/schema.org","@graph":[{"@type":"WebPage","@id":"https:\/\/www.leeb-balkone.com\/de\/speed-produktion\/","url":"https:\/\/www.leeb-balkone.com\/de\/speed-produktion\/","name":"MIT TURBO ZUM NEUEN JOB BEI EUROPAS NR. 1! - Leeb Balkone","isPartOf":{"@id":"https:\/\/www.leeb-balkone.com\/de\/#website"},"datePublished":"2021-06-28T07:46:58+00:00","dateModified":"2026-03-23T10:10:58+00:00","description":"Wer meint, bei uns in Gnesau sei nichts los, der irrt. J\u00e4hrlich produzieren 250 Leeb-MitarbeiterInnen 60.000 Laufmeter Balkone und Z\u00e4une f\u00fcr rund 6.000 begeisterte Kunden.","breadcrumb":{"@id":"https:\/\/www.leeb-balkone.com\/de\/speed-produktion\/#breadcrumb"},"inLanguage":"de","potentialAction":[{"@type":"ReadAction","target":["https:\/\/www.leeb-balkone.com\/de\/speed-produktion\/"]}]},{"@type":"BreadcrumbList","@id":"https:\/\/www.leeb-balkone.com\/de\/speed-produktion\/#breadcrumb","itemListElement":[{"@type":"ListItem","position":1,"name":"Home","item":"https:\/\/www.leeb-balkone.com\/de\/"},{"@type":"ListItem","position":2,"name":"MIT TURBO ZUM NEUEN JOB BEI EUROPAS NR. 1!"}]},{"@type":"WebSite","@id":"https:\/\/www.leeb-balkone.com\/de\/#website","url":"https:\/\/www.leeb-balkone.com\/de\/","name":"Leeb Balkone","description":"Balkone und Z\u00e4une","publisher":{"@id":"https:\/\/www.leeb-balkone.com\/de\/#organization"},"potentialAction":[{"@type":"SearchAction","target":{"@type":"EntryPoint","urlTemplate":"https:\/\/www.leeb-balkone.com\/de\/?s={search_term_string}"},"query-input":{"@type":"PropertyValueSpecification","valueRequired":true,"valueName":"search_term_string"}}],"inLanguage":"de"},{"@type":"Organization","@id":"https:\/\/www.leeb-balkone.com\/de\/#organization","name":"Leeb Balkone Gmbh","url":"https:\/\/www.leeb-balkone.com\/de\/","logo":{"@type":"ImageObject","inLanguage":"de","@id":"https:\/\/www.leeb-balkone.com\/de\/#\/schema\/logo\/image\/","url":"https:\/\/www.leeb-balkone.com\/app\/uploads\/2020\/11\/leeb-logo.svg","contentUrl":"https:\/\/www.leeb-balkone.com\/app\/uploads\/2020\/11\/leeb-logo.svg","width":741,"height":204,"caption":"Leeb Balkone Gmbh"},"image":{"@id":"https:\/\/www.leeb-balkone.com\/de\/#\/schema\/logo\/image\/"},"sameAs":["https:\/\/www.facebook.com\/balkone\/","https:\/\/www.trustedshops.at\/bewertung\/info_X4587CCF5833E31AFE0B11F47D86999F2.html","https:\/\/www.trustedshops.de\/bewertung\/info_X7BA536A7A0BDC86D36C4718E4DCAEEEF.html","https:\/\/www.google.com\/maps\/place\/?q=place_id:ChIJ5-zH19-IcEcR9HonWRTllHI"]}]}},"_links":{"self":[{"href":"https:\/\/www.leeb-balkone.com\/de\/wp-json\/wp\/v2\/pages\/45616","targetHints":{"allow":["GET"]}}],"collection":[{"href":"https:\/\/www.leeb-balkone.com\/de\/wp-json\/wp\/v2\/pages"}],"about":[{"href":"https:\/\/www.leeb-balkone.com\/de\/wp-json\/wp\/v2\/types\/page"}],"author":[{"embeddable":true,"href":"https:\/\/www.leeb-balkone.com\/de\/wp-json\/wp\/v2\/users\/3"}],"replies":[{"embeddable":true,"href":"https:\/\/www.leeb-balkone.com\/de\/wp-json\/wp\/v2\/comments?post=45616"}],"version-history":[{"count":1,"href":"https:\/\/www.leeb-balkone.com\/de\/wp-json\/wp\/v2\/pages\/45616\/revisions"}],"predecessor-version":[{"id":166367,"href":"https:\/\/www.leeb-balkone.com\/de\/wp-json\/wp\/v2\/pages\/45616\/revisions\/166367"}],"wp:attachment":[{"href":"https:\/\/www.leeb-balkone.com\/de\/wp-json\/wp\/v2\/media?parent=45616"}],"wp:term":[{"taxonomy":"folder","embeddable":true,"href":"https:\/\/www.leeb-balkone.com\/de\/wp-json\/wp\/v2\/folder?post=45616"}],"curies":[{"name":"wp","href":"https:\/\/api.w.org\/{rel}","templated":true}]}}