{"id":4438,"date":"2020-07-22T15:38:11","date_gmt":"2020-07-22T15:38:11","guid":{"rendered":"https:\/\/www.leeb-balkone.com\/de\/?page_id=4438"},"modified":"2026-04-10T15:53:48","modified_gmt":"2026-04-10T15:53:48","slug":"aluzaun","status":"publish","type":"page","link":"https:\/\/www.leeb-balkone.com\/de\/zaeune\/aluzaun\/","title":{"rendered":"Aluzaun"},"content":{"rendered":"\n<section class=\"wp-block-group alignfull t3-header t3-header-splitscreen t3-splitscreen-shadow h-zi-20 has-light-gray-background-color has-background has-global-padding is-layout-constrained wp-container-core-group-is-layout-f1ad4950 wp-block-group-is-layout-constrained\" style=\"padding-top:0;padding-bottom:0\">\n<div class=\"wp-block-columns h-flx-a-s m-split is-style-default is-layout-flex wp-container-core-columns-is-layout-28f84493 wp-block-columns-is-layout-flex\">\n<div class=\"wp-block-column is-vertically-aligned-top h-flx-a-s m-split-col-content is-layout-flow wp-block-column-is-layout-flow\"><div class=\"yoast-breadcrumbs\"><span><span><a href=\"https:\/\/www.leeb-balkone.com\/de\/\">Home<\/a><\/span> \/ <span><a href=\"https:\/\/www.leeb-balkone.com\/de\/zaeune\/\">Z\u00e4une<\/a><\/span> \/ <span class=\"breadcrumb_last\" aria-current=\"page\">Aluzaun<\/span><\/span><\/div>\n\n<h1 class=\"wp-block-post-title\">Aluzaun<\/h1>\n\n\n<p class=\"has-step-0-font-size\" style=\"margin-bottom:0\">Z\u00e4une aus Aluminium von Leeb sind dank der patentierten Alu Comfort Plus\u00ae-Beschichtung absolut pflegeleicht, nahezu wartungsfrei und nach vielen Jahren sch\u00f6n wie am ersten Tag. F\u00fcr Sie, f\u00fcr Ihre Familie, f\u00fcr Ihren sch\u00f6nsten Platz an der Sonne.<\/p>\n\n\n\n<div class=\"wp-block-buttons is-layout-flex wp-block-buttons-is-layout-flex\" style=\"margin-top:var(--wp--preset--spacing--l)\">\n<div class=\"wp-block-button is-style-cta icon-book icon-left\"><a class=\"wp-block-button__link wp-element-button\" href=\"https:\/\/www.leeb-balkone.com\/de\/kontakt\/katalog-anfordern\/\">Katalog anfordern<\/a><\/div>\n\n\n\n<div class=\"wp-block-button is-style-cta icon-vp icon-left\"><a class=\"wp-block-button__link wp-element-button\" href=\"https:\/\/www.leeb-balkone.com\/de\/vertriebspartner\/\">Ansprechpartner finden<span class=\"sr-only\"> Deutschland<\/span><\/a><\/div>\n<\/div>\n<\/div>\n\n\n\n<div class=\"wp-block-column is-vertically-aligned-stretch h-hide-md-down is-style-image-cover is-layout-flow wp-block-column-is-layout-flow\">\n<figure class=\"wp-block-image size-large\"><img loading=\"lazy\" decoding=\"async\" width=\"1024\" height=\"682\" src=\"https:\/\/www.leeb-balkone.com\/app\/uploads\/2020\/07\/zaun-alu-ambito-39-1-1024x682.jpg\" alt=\"Blickdichter Aluminiumzaun bestehend aus waagrechten Elementen mit optionalem Glaseinsatz\" class=\"wp-image-139891\" srcset=\"https:\/\/www.leeb-balkone.com\/app\/uploads\/2020\/07\/zaun-alu-ambito-39-1-1024x682.jpg 1024w, https:\/\/www.leeb-balkone.com\/app\/uploads\/2020\/07\/zaun-alu-ambito-39-1-300x200.jpg 300w, https:\/\/www.leeb-balkone.com\/app\/uploads\/2020\/07\/zaun-alu-ambito-39-1-768x512.jpg 768w, https:\/\/www.leeb-balkone.com\/app\/uploads\/2020\/07\/zaun-alu-ambito-39-1-1536x1024.jpg 1536w, https:\/\/www.leeb-balkone.com\/app\/uploads\/2020\/07\/zaun-alu-ambito-39-1-2048x1365.jpg 2048w\" sizes=\"auto, (max-width: 1024px) 100vw, 1024px\" \/><\/figure>\n<\/div>\n<\/div>\n<\/section>\n\n\n\n<section class=\"wp-block-group alignfull has-white-background-color has-background has-global-padding is-layout-constrained wp-container-core-group-is-layout-52f96efc wp-block-group-is-layout-constrained\" id=\"modelle\">\n<div class=\"wp-block-group m-teaser o-grid u-md-1 is-layout-flow wp-block-group-is-layout-flow\">\n<div class=\"wp-block-group u-g-10 u-g-s-2 is-layout-flow wp-block-group-is-layout-flow\" style=\"margin-bottom:var(--wp--preset--spacing--s)\">\n<h2 class=\"wp-block-heading has-text-align-center has-step-2-font-size\">Zaun Modelle \/ Designs<\/h2>\n\n\n\n<p class=\"has-text-align-center\">Unsere Z\u00e4une aus Aluminium und Glas werden mit gro\u00dfer Leidenschaft und einem ausgepr\u00e4gten Sinn f\u00fcr Details gefertigt, um Sch\u00f6nes noch sch\u00f6ner zu machen. W\u00e4hlen Sie aus zahlreichen Modellen und Designs.<\/p>\n<\/div>\n<\/div>\n\n\n<nav class=\"loop-filter-list\" aria-label=\"Filter\"><ul role=\"tablist\"><li role=\"presentation\"><button type=\"button\" role=\"tab\" aria-selected=\"true\" class=\"loop-filter-link is-active\" data-filter=\"all\">Alle anzeigen<\/button><\/li><li role=\"presentation\"><button type=\"button\" role=\"tab\" aria-selected=\"false\" class=\"loop-filter-link\" data-filter=\"horizontal-diagonal\">Horizontal\/Diagonal<\/button><\/li><li role=\"presentation\"><button type=\"button\" role=\"tab\" aria-selected=\"false\" class=\"loop-filter-link\" data-filter=\"vertikal\">Vertikal<\/button><\/li><li role=\"presentation\"><button type=\"button\" role=\"tab\" aria-selected=\"false\" class=\"loop-filter-link\" data-filter=\"glas\">Glas<\/button><\/li><li role=\"presentation\"><button type=\"button\" role=\"tab\" aria-selected=\"false\" class=\"loop-filter-link\" data-filter=\"perforee-2\">Perfor\u00e9e<\/button><\/li><\/ul><\/nav><div id=\"loop-block-69f42f401d940\" class=\"wp-block-group wp-block-t3-loop-block__wrapper t3-block-cards u-grid-temp has-3-cols is-style-transparent-cards gap-sm\" data-block-id=\"loop-block-69f42f401d940\" data-load-more=\"true\" data-load-more-enabled=\"true\" data-loaded=\"15\" data-total=\"29\" data-current-filter=\"all\" data-attributes=\"{&quot;postTypes&quot;:[&quot;product&quot;],&quot;postsPerPage&quot;:-1,&quot;categorySlugs&quot;:[&quot;alu-zaeune&quot;],&quot;sortOption&quot;:&quot;sticky&quot;,&quot;orderOption&quot;:&quot;asc&quot;,&quot;orderingField&quot;:&quot;product_order&quot;,&quot;acfExcerptField&quot;:&quot;product_teaser&quot;,&quot;showFilter&quot;:true,&quot;filterChildren&quot;:true,&quot;limitVisible&quot;:true,&quot;visibleCount&quot;:15,&quot;enableSchema&quot;:true,&quot;className&quot;:&quot;is-style-transparent-cards gap-sm&quot;,&quot;columns&quot;:3,&quot;linkTitle&quot;:&quot;&quot;,&quot;showLinkStyle&quot;:false,&quot;enableAcfFields&quot;:false,&quot;acfImageField&quot;:&quot;&quot;,&quot;acfTextFields&quot;:&quot;&quot;,&quot;acfFieldsUseTemplate&quot;:false}\">\n<div id=\"post-4157\" class=\"loop-block-item wp-block-group m-card is-layout-flow wp-block-group-is-layout-flow alu-zaeune glas horizontal-diagonal\">\n    <a href=\"https:\/\/www.leeb-balkone.com\/de\/zaeune\/aluzaun\/ambito\/\" class=\"no-default-link\" title=\"Ambito\">\n        <figure data-imgid=\"5184\" class=\"wp-block-image size-large\">\n            <img loading=\"lazy\" decoding=\"async\" width=\"300\" height=\"200\" src=\"https:\/\/www.leeb-balkone.com\/app\/uploads\/2020\/07\/zaun-alu-ambito-19-1-300x200.jpeg\" class=\"attachment-medium size-medium\" alt=\"Mit hellem Schotter versch\u00f6nerte Hauszufahrt und Aluzaun Ambito\" title=\"zaun-alu-ambito-19 (1)\" srcset=\"https:\/\/www.leeb-balkone.com\/app\/uploads\/2020\/07\/zaun-alu-ambito-19-1-300x200.jpeg 300w, https:\/\/www.leeb-balkone.com\/app\/uploads\/2020\/07\/zaun-alu-ambito-19-1-1024x684.jpeg 1024w, https:\/\/www.leeb-balkone.com\/app\/uploads\/2020\/07\/zaun-alu-ambito-19-1-768x513.jpeg 768w, https:\/\/www.leeb-balkone.com\/app\/uploads\/2020\/07\/zaun-alu-ambito-19-1-1536x1025.jpeg 1536w, https:\/\/www.leeb-balkone.com\/app\/uploads\/2020\/07\/zaun-alu-ambito-19-1-2048x1367.jpeg 2048w\" sizes=\"auto, (min-width: 1200px) 260px, (min-width: 1024px) 220px, (min-width: 640px) 465px, 768px\" \/>                    <\/figure>\n        <div class=\"wp-block-group m-card-content is-vertical is-layout-flex wp-block-group-is-layout-flex\">\n            <h3 class=\"wp-block-heading\">\n                Ambito            <\/h3>\n                        <p>Zeitlos attraktiver Sichtschutz mit optionalem Glas-Einsatz<\/p>        <\/div>\n            <\/a>\n<\/div>\n<div id=\"post-88851\" class=\"loop-block-item wp-block-group m-card is-layout-flow wp-block-group-is-layout-flow glas\">\n    <a href=\"https:\/\/www.leeb-balkone.com\/de\/zaeune\/aluzaun\/solar-zaun\/\" class=\"no-default-link\" title=\"Solar-Zaun\">\n        <figure data-imgid=\"139441\" class=\"wp-block-image size-large\">\n            <img loading=\"lazy\" decoding=\"async\" width=\"300\" height=\"196\" src=\"https:\/\/www.leeb-balkone.com\/app\/uploads\/2022\/06\/Zaun-Solar-05-Optimus-300x196.jpg\" class=\"attachment-medium size-medium\" alt=\"Effizienter Zaun mit integrierten Solarpaneelen\" title=\"Zaun-Solar-05-Optimus\" srcset=\"https:\/\/www.leeb-balkone.com\/app\/uploads\/2022\/06\/Zaun-Solar-05-Optimus-300x196.jpg 300w, https:\/\/www.leeb-balkone.com\/app\/uploads\/2022\/06\/Zaun-Solar-05-Optimus-1024x670.jpg 1024w, https:\/\/www.leeb-balkone.com\/app\/uploads\/2022\/06\/Zaun-Solar-05-Optimus-768x502.jpg 768w, https:\/\/www.leeb-balkone.com\/app\/uploads\/2022\/06\/Zaun-Solar-05-Optimus-1536x1004.jpg 1536w, https:\/\/www.leeb-balkone.com\/app\/uploads\/2022\/06\/Zaun-Solar-05-Optimus-2048x1339.jpg 2048w\" sizes=\"auto, (min-width: 1200px) 260px, (min-width: 1024px) 220px, (min-width: 640px) 465px, 768px\" \/>                    <\/figure>\n        <div class=\"wp-block-group m-card-content is-vertical is-layout-flex wp-block-group-is-layout-flex\">\n            <h3 class=\"wp-block-heading\">\n                Solar-Zaun            <\/h3>\n                        <p>Aluzaun mit PV-Modulen: Rundherum spannend<\/p>        <\/div>\n            <\/a>\n<\/div>\n<div id=\"post-4408\" class=\"loop-block-item wp-block-group m-card is-layout-flow wp-block-group-is-layout-flow alu-zaeune vertikal\">\n    <a href=\"https:\/\/www.leeb-balkone.com\/de\/zaeune\/aluzaun\/schoenbrunn\/\" class=\"no-default-link\" title=\"Sch\u00f6nbrunn\">\n        <figure data-imgid=\"36907\" class=\"wp-block-image size-large\">\n            <img loading=\"lazy\" decoding=\"async\" width=\"300\" height=\"200\" src=\"https:\/\/www.leeb-balkone.com\/app\/uploads\/2020\/07\/zaun-alu-schoenbrunn-11-300x200.jpg\" class=\"attachment-medium size-medium\" alt=\"zaun alu schoenbrunn\" title=\"zaun-alu-schoenbrunn-11\" srcset=\"https:\/\/www.leeb-balkone.com\/app\/uploads\/2020\/07\/zaun-alu-schoenbrunn-11-300x200.jpg 300w, https:\/\/www.leeb-balkone.com\/app\/uploads\/2020\/07\/zaun-alu-schoenbrunn-11-1024x681.jpg 1024w, https:\/\/www.leeb-balkone.com\/app\/uploads\/2020\/07\/zaun-alu-schoenbrunn-11-768x511.jpg 768w, https:\/\/www.leeb-balkone.com\/app\/uploads\/2020\/07\/zaun-alu-schoenbrunn-11-1536x1022.jpg 1536w, https:\/\/www.leeb-balkone.com\/app\/uploads\/2020\/07\/zaun-alu-schoenbrunn-11-2048x1363.jpg 2048w\" sizes=\"auto, (min-width: 1200px) 260px, (min-width: 1024px) 220px, (min-width: 640px) 465px, 768px\" \/>                    <\/figure>\n        <div class=\"wp-block-group m-card-content is-vertical is-layout-flex wp-block-group-is-layout-flex\">\n            <h3 class=\"wp-block-heading\">\n                Sch\u00f6nbrunn            <\/h3>\n                        <p>Vielseitiger Zaun aus Alu f\u00fcr Haus und Garten<\/p>        <\/div>\n            <\/a>\n<\/div>\n<div id=\"post-4307\" class=\"loop-block-item wp-block-group m-card is-layout-flow wp-block-group-is-layout-flow alu-zaeune horizontal-diagonal\">\n    <a href=\"https:\/\/www.leeb-balkone.com\/de\/zaeune\/aluzaun\/landeck\/\" class=\"no-default-link\" title=\"Landeck\">\n        <figure data-imgid=\"3822\" class=\"wp-block-image size-large\">\n            <img loading=\"lazy\" decoding=\"async\" width=\"300\" height=\"200\" src=\"https:\/\/www.leeb-balkone.com\/app\/uploads\/2020\/07\/zaun-alu-landeck-14-300x200.jpg\" class=\"attachment-medium size-medium\" alt=\"Imposanter Wohnw\u00fcrfel mit Alu Zaun Landeck\" title=\"zaun-alu-landeck-14\" srcset=\"https:\/\/www.leeb-balkone.com\/app\/uploads\/2020\/07\/zaun-alu-landeck-14-300x200.jpg 300w, https:\/\/www.leeb-balkone.com\/app\/uploads\/2020\/07\/zaun-alu-landeck-14-1024x683.jpg 1024w, https:\/\/www.leeb-balkone.com\/app\/uploads\/2020\/07\/zaun-alu-landeck-14-768x512.jpg 768w, https:\/\/www.leeb-balkone.com\/app\/uploads\/2020\/07\/zaun-alu-landeck-14-1536x1024.jpg 1536w, https:\/\/www.leeb-balkone.com\/app\/uploads\/2020\/07\/zaun-alu-landeck-14-2048x1366.jpg 2048w\" sizes=\"auto, (min-width: 1200px) 260px, (min-width: 1024px) 220px, (min-width: 640px) 465px, 768px\" \/>                    <\/figure>\n        <div class=\"wp-block-group m-card-content is-vertical is-layout-flex wp-block-group-is-layout-flex\">\n            <h3 class=\"wp-block-heading\">\n                Landeck            <\/h3>\n                        <p>Robuster Sichtschutzzaun aus Aluminium<\/p>        <\/div>\n            <\/a>\n<\/div>\n<div id=\"post-4217\" class=\"loop-block-item wp-block-group m-card is-layout-flow wp-block-group-is-layout-flow alu-zaeune horizontal-diagonal\">\n    <a href=\"https:\/\/www.leeb-balkone.com\/de\/zaeune\/aluzaun\/grado\/\" class=\"no-default-link\" title=\"Grado\">\n        <figure data-imgid=\"22476\" class=\"wp-block-image size-large\">\n            <img loading=\"lazy\" decoding=\"async\" width=\"300\" height=\"200\" src=\"https:\/\/www.leeb-balkone.com\/app\/uploads\/2020\/07\/zaun-alu-grado-14-300x200.jpg\" class=\"attachment-medium size-medium\" alt=\"zaun alu grado\" title=\"zaun-alu-grado-14\" srcset=\"https:\/\/www.leeb-balkone.com\/app\/uploads\/2020\/07\/zaun-alu-grado-14-300x200.jpg 300w, https:\/\/www.leeb-balkone.com\/app\/uploads\/2020\/07\/zaun-alu-grado-14-1024x684.jpg 1024w, https:\/\/www.leeb-balkone.com\/app\/uploads\/2020\/07\/zaun-alu-grado-14-768x513.jpg 768w, https:\/\/www.leeb-balkone.com\/app\/uploads\/2020\/07\/zaun-alu-grado-14-1536x1025.jpg 1536w, https:\/\/www.leeb-balkone.com\/app\/uploads\/2020\/07\/zaun-alu-grado-14-2048x1367.jpg 2048w\" sizes=\"auto, (min-width: 1200px) 260px, (min-width: 1024px) 220px, (min-width: 640px) 465px, 768px\" \/>                    <\/figure>\n        <div class=\"wp-block-group m-card-content is-vertical is-layout-flex wp-block-group-is-layout-flex\">\n            <h3 class=\"wp-block-heading\">\n                Grado            <\/h3>\n                        <p>Blickdichter Alu Sichtschutzzaun in strukturierter Optik<\/p>        <\/div>\n            <\/a>\n<\/div>\n<div id=\"post-4394\" class=\"loop-block-item wp-block-group m-card is-layout-flow wp-block-group-is-layout-flow alu-zaeune vertikal\">\n    <a href=\"https:\/\/www.leeb-balkone.com\/de\/zaeune\/aluzaun\/miramare\/\" class=\"no-default-link\" title=\"Miramare\">\n        <figure data-imgid=\"4783\" class=\"wp-block-image size-large\">\n            <img loading=\"lazy\" decoding=\"async\" width=\"300\" height=\"200\" src=\"https:\/\/www.leeb-balkone.com\/app\/uploads\/2020\/07\/zaun-alu-miramare-11-300x200.jpg\" class=\"attachment-medium size-medium\" alt=\"zaun alu miramare\" title=\"zaun-alu-miramare-11\" srcset=\"https:\/\/www.leeb-balkone.com\/app\/uploads\/2020\/07\/zaun-alu-miramare-11-300x200.jpg 300w, https:\/\/www.leeb-balkone.com\/app\/uploads\/2020\/07\/zaun-alu-miramare-11-1024x684.jpg 1024w, https:\/\/www.leeb-balkone.com\/app\/uploads\/2020\/07\/zaun-alu-miramare-11-768x513.jpg 768w, https:\/\/www.leeb-balkone.com\/app\/uploads\/2020\/07\/zaun-alu-miramare-11-1536x1025.jpg 1536w, https:\/\/www.leeb-balkone.com\/app\/uploads\/2020\/07\/zaun-alu-miramare-11-2048x1367.jpg 2048w\" sizes=\"auto, (min-width: 1200px) 260px, (min-width: 1024px) 220px, (min-width: 640px) 465px, 768px\" \/>                    <\/figure>\n        <div class=\"wp-block-group m-card-content is-vertical is-layout-flex wp-block-group-is-layout-flex\">\n            <h3 class=\"wp-block-heading\">\n                Miramare            <\/h3>\n                        <p>Zaun aus Aluminium mit Dekor in frischer Optik<\/p>        <\/div>\n            <\/a>\n<\/div>\n<div id=\"post-4403\" class=\"loop-block-item wp-block-group m-card is-layout-flow wp-block-group-is-layout-flow alu-zaeune horizontal-diagonal\">\n    <a href=\"https:\/\/www.leeb-balkone.com\/de\/zaeune\/aluzaun\/parallelo\/\" class=\"no-default-link\" title=\"Parallelo\">\n        <figure data-imgid=\"57979\" class=\"wp-block-image size-large\">\n            <img loading=\"lazy\" decoding=\"async\" width=\"300\" height=\"200\" src=\"https:\/\/www.leeb-balkone.com\/app\/uploads\/2020\/07\/zaun-alu-parallelo-20-300x200.jpg\" class=\"attachment-medium size-medium\" alt=\"zaun alu parallelo\" title=\"zaun-alu-parallelo-20\" srcset=\"https:\/\/www.leeb-balkone.com\/app\/uploads\/2020\/07\/zaun-alu-parallelo-20-300x200.jpg 300w, https:\/\/www.leeb-balkone.com\/app\/uploads\/2020\/07\/zaun-alu-parallelo-20-1024x684.jpg 1024w, https:\/\/www.leeb-balkone.com\/app\/uploads\/2020\/07\/zaun-alu-parallelo-20-768x513.jpg 768w, https:\/\/www.leeb-balkone.com\/app\/uploads\/2020\/07\/zaun-alu-parallelo-20-1536x1025.jpg 1536w, https:\/\/www.leeb-balkone.com\/app\/uploads\/2020\/07\/zaun-alu-parallelo-20-scaled.jpg 2048w\" sizes=\"auto, (min-width: 1200px) 260px, (min-width: 1024px) 220px, (min-width: 640px) 465px, 768px\" \/>                    <\/figure>\n        <div class=\"wp-block-group m-card-content is-vertical is-layout-flex wp-block-group-is-layout-flex\">\n            <h3 class=\"wp-block-heading\">\n                Parallelo            <\/h3>\n                        <p>Vielseitiger Aluzaun in halbtransparenter Optik<\/p>        <\/div>\n            <\/a>\n<\/div>\n<div id=\"post-5453\" class=\"loop-block-item wp-block-group m-card is-layout-flow wp-block-group-is-layout-flow alu-zaeune horizontal-diagonal\">\n    <a href=\"https:\/\/www.leeb-balkone.com\/de\/zaeune\/aluzaun\/castillo\/\" class=\"no-default-link\" title=\"Castillo\">\n        <figure data-imgid=\"133739\" class=\"wp-block-image size-large\">\n            <img loading=\"lazy\" decoding=\"async\" width=\"300\" height=\"224\" src=\"https:\/\/www.leeb-balkone.com\/app\/uploads\/2020\/08\/zaun-alu-castillo-17-300x224.jpg\" class=\"attachment-medium size-medium\" alt=\"zaun alu castillo\" title=\"zaun-alu-castillo-17\" srcset=\"https:\/\/www.leeb-balkone.com\/app\/uploads\/2020\/08\/zaun-alu-castillo-17-300x224.jpg 300w, https:\/\/www.leeb-balkone.com\/app\/uploads\/2020\/08\/zaun-alu-castillo-17-1024x764.jpg 1024w, https:\/\/www.leeb-balkone.com\/app\/uploads\/2020\/08\/zaun-alu-castillo-17-768x573.jpg 768w, https:\/\/www.leeb-balkone.com\/app\/uploads\/2020\/08\/zaun-alu-castillo-17-1536x1147.jpg 1536w, https:\/\/www.leeb-balkone.com\/app\/uploads\/2020\/08\/zaun-alu-castillo-17-2048x1529.jpg 2048w\" sizes=\"auto, (min-width: 1200px) 260px, (min-width: 1024px) 220px, (min-width: 640px) 465px, 768px\" \/>                    <\/figure>\n        <div class=\"wp-block-group m-card-content is-vertical is-layout-flex wp-block-group-is-layout-flex\">\n            <h3 class=\"wp-block-heading\">\n                Castillo            <\/h3>\n                        <p>Schlichter, teil-blickdichter Alu-Zaun<\/p>        <\/div>\n            <\/a>\n<\/div>\n<div id=\"post-59491\" class=\"loop-block-item wp-block-group m-card is-layout-flow wp-block-group-is-layout-flow alu-zaeune perforee-2\">\n    <a href=\"https:\/\/www.leeb-balkone.com\/de\/zaeune\/aluzaun\/ruven\/\" class=\"no-default-link\" title=\"Ruven\">\n        <figure data-imgid=\"59492\" class=\"wp-block-image size-large\">\n            <img loading=\"lazy\" decoding=\"async\" width=\"300\" height=\"200\" src=\"https:\/\/www.leeb-balkone.com\/app\/uploads\/2021\/10\/zaun-alu-ruven-1a-300x200.jpg\" class=\"attachment-medium size-medium\" alt=\"zaun alu ruven 1a\" title=\"zaun-alu-ruven-1a\" srcset=\"https:\/\/www.leeb-balkone.com\/app\/uploads\/2021\/10\/zaun-alu-ruven-1a-300x200.jpg 300w, https:\/\/www.leeb-balkone.com\/app\/uploads\/2021\/10\/zaun-alu-ruven-1a-1024x683.jpg 1024w, https:\/\/www.leeb-balkone.com\/app\/uploads\/2021\/10\/zaun-alu-ruven-1a-768x512.jpg 768w, https:\/\/www.leeb-balkone.com\/app\/uploads\/2021\/10\/zaun-alu-ruven-1a-1536x1024.jpg 1536w, https:\/\/www.leeb-balkone.com\/app\/uploads\/2021\/10\/zaun-alu-ruven-1a-scaled.jpg 2048w\" sizes=\"auto, (min-width: 1200px) 260px, (min-width: 1024px) 220px, (min-width: 640px) 465px, 768px\" \/>                    <\/figure>\n        <div class=\"wp-block-group m-card-content is-vertical is-layout-flex wp-block-group-is-layout-flex\">\n            <h3 class=\"wp-block-heading\">\n                Ruven            <\/h3>\n                        <p>Moderner Aluzaun mit zeitlosem Design<\/p>        <\/div>\n            <\/a>\n<\/div>\n<div id=\"post-102372\" class=\"loop-block-item wp-block-group m-card is-layout-flow wp-block-group-is-layout-flow alu-zaeune horizontal-diagonal perforee-2\">\n    <a href=\"https:\/\/www.leeb-balkone.com\/de\/zaeune\/aluzaun\/modena\/\" class=\"no-default-link\" title=\"Modena\">\n        <figure data-imgid=\"102384\" class=\"wp-block-image size-large\">\n            <img loading=\"lazy\" decoding=\"async\" width=\"300\" height=\"225\" src=\"https:\/\/www.leeb-balkone.com\/app\/uploads\/2022\/10\/zaun-alu-modena-3-300x225.jpg\" class=\"attachment-medium size-medium\" alt=\"zaun alu modena\" title=\"zaun-alu-modena-3\" srcset=\"https:\/\/www.leeb-balkone.com\/app\/uploads\/2022\/10\/zaun-alu-modena-3-300x225.jpg 300w, https:\/\/www.leeb-balkone.com\/app\/uploads\/2022\/10\/zaun-alu-modena-3-1024x768.jpg 1024w, https:\/\/www.leeb-balkone.com\/app\/uploads\/2022\/10\/zaun-alu-modena-3-768x576.jpg 768w, https:\/\/www.leeb-balkone.com\/app\/uploads\/2022\/10\/zaun-alu-modena-3-1536x1152.jpg 1536w, https:\/\/www.leeb-balkone.com\/app\/uploads\/2022\/10\/zaun-alu-modena-3-scaled.jpg 2048w\" sizes=\"auto, (min-width: 1200px) 260px, (min-width: 1024px) 220px, (min-width: 640px) 465px, 768px\" \/>                    <\/figure>\n        <div class=\"wp-block-group m-card-content is-vertical is-layout-flex wp-block-group-is-layout-flex\">\n            <h3 class=\"wp-block-heading\">\n                Modena            <\/h3>\n                        <p>Sichtschutz mit integrierten Designelementen<\/p>        <\/div>\n            <\/a>\n<\/div>\n<div id=\"post-4215\" class=\"loop-block-item wp-block-group m-card is-layout-flow wp-block-group-is-layout-flow alu-zaeune horizontal-diagonal\">\n    <a href=\"https:\/\/www.leeb-balkone.com\/de\/zaeune\/aluzaun\/diritto\/\" class=\"no-default-link\" title=\"Diritto\">\n        <figure data-imgid=\"41464\" class=\"wp-block-image size-large\">\n            <img loading=\"lazy\" decoding=\"async\" width=\"300\" height=\"225\" src=\"https:\/\/www.leeb-balkone.com\/app\/uploads\/2020\/07\/zaun-alu-diritto-6-300x225.jpg\" class=\"attachment-medium size-medium\" alt=\"zaun alu diritto\" title=\"zaun-alu-diritto-6\" srcset=\"https:\/\/www.leeb-balkone.com\/app\/uploads\/2020\/07\/zaun-alu-diritto-6-300x225.jpg 300w, https:\/\/www.leeb-balkone.com\/app\/uploads\/2020\/07\/zaun-alu-diritto-6-1024x768.jpg 1024w, https:\/\/www.leeb-balkone.com\/app\/uploads\/2020\/07\/zaun-alu-diritto-6-768x576.jpg 768w, https:\/\/www.leeb-balkone.com\/app\/uploads\/2020\/07\/zaun-alu-diritto-6-1536x1152.jpg 1536w, https:\/\/www.leeb-balkone.com\/app\/uploads\/2020\/07\/zaun-alu-diritto-6-2048x1536.jpg 2048w\" sizes=\"auto, (min-width: 1200px) 260px, (min-width: 1024px) 220px, (min-width: 640px) 465px, 768px\" \/>                    <\/figure>\n        <div class=\"wp-block-group m-card-content is-vertical is-layout-flex wp-block-group-is-layout-flex\">\n            <h3 class=\"wp-block-heading\">\n                Diritto            <\/h3>\n                        <p>Moderner Zaun aus Aluminium in klarer Optik<\/p>        <\/div>\n            <\/a>\n<\/div>\n<div id=\"post-94187\" class=\"loop-block-item wp-block-group m-card is-layout-flow wp-block-group-is-layout-flow alu-zaeune glas\">\n    <a href=\"https:\/\/www.leeb-balkone.com\/de\/zaeune\/aluzaun\/monaco\/\" class=\"no-default-link\" title=\"Monaco\">\n        <figure data-imgid=\"94182\" class=\"wp-block-image size-large\">\n            <img loading=\"lazy\" decoding=\"async\" width=\"300\" height=\"223\" src=\"https:\/\/www.leeb-balkone.com\/app\/uploads\/2022\/07\/Rendering_Monaco-300x223.jpg\" class=\"attachment-medium size-medium\" alt=\"Rendering_Monaco\" title=\"Rendering_Monaco\" srcset=\"https:\/\/www.leeb-balkone.com\/app\/uploads\/2022\/07\/Rendering_Monaco-300x223.jpg 300w, https:\/\/www.leeb-balkone.com\/app\/uploads\/2022\/07\/Rendering_Monaco-1024x761.jpg 1024w, https:\/\/www.leeb-balkone.com\/app\/uploads\/2022\/07\/Rendering_Monaco-768x571.jpg 768w, https:\/\/www.leeb-balkone.com\/app\/uploads\/2022\/07\/Rendering_Monaco-1536x1142.jpg 1536w, https:\/\/www.leeb-balkone.com\/app\/uploads\/2022\/07\/Rendering_Monaco-scaled.jpg 2048w\" sizes=\"auto, (min-width: 1200px) 260px, (min-width: 1024px) 220px, (min-width: 640px) 465px, 768px\" \/>                    <\/figure>\n        <div class=\"wp-block-group m-card-content is-vertical is-layout-flex wp-block-group-is-layout-flex\">\n            <h3 class=\"wp-block-heading\">\n                Monaco            <\/h3>\n                        <p>Zaundesign mit hohem Lichteinfall durch Kombination aus Alu und Glas<\/p>        <\/div>\n            <\/a>\n<\/div>\n<div id=\"post-4414\" class=\"loop-block-item wp-block-group m-card is-layout-flow wp-block-group-is-layout-flow alu-zaeune vertikal\">\n    <a href=\"https:\/\/www.leeb-balkone.com\/de\/zaeune\/aluzaun\/versailles\/\" class=\"no-default-link\" title=\"Versailles\">\n        <figure data-imgid=\"3947\" class=\"wp-block-image size-large\">\n            <img loading=\"lazy\" decoding=\"async\" width=\"300\" height=\"200\" src=\"https:\/\/www.leeb-balkone.com\/app\/uploads\/2020\/07\/zaun-alu-versailles-7-300x200.jpg\" class=\"attachment-medium size-medium\" alt=\"Gelungenes Gesamtbild mit Aluzaun Versailles\" title=\"zaun-alu-versailles-7\" srcset=\"https:\/\/www.leeb-balkone.com\/app\/uploads\/2020\/07\/zaun-alu-versailles-7-300x200.jpg 300w, https:\/\/www.leeb-balkone.com\/app\/uploads\/2020\/07\/zaun-alu-versailles-7-1024x683.jpg 1024w, https:\/\/www.leeb-balkone.com\/app\/uploads\/2020\/07\/zaun-alu-versailles-7-768x512.jpg 768w, https:\/\/www.leeb-balkone.com\/app\/uploads\/2020\/07\/zaun-alu-versailles-7-1536x1025.jpg 1536w, https:\/\/www.leeb-balkone.com\/app\/uploads\/2020\/07\/zaun-alu-versailles-7-2048x1366.jpg 2048w\" sizes=\"auto, (min-width: 1200px) 260px, (min-width: 1024px) 220px, (min-width: 640px) 465px, 768px\" \/>                    <\/figure>\n        <div class=\"wp-block-group m-card-content is-vertical is-layout-flex wp-block-group-is-layout-flex\">\n            <h3 class=\"wp-block-heading\">\n                Versailles            <\/h3>\n                        <p>Eleganter Gartenzaun aus Alu mit Zaunkappen<\/p>        <\/div>\n            <\/a>\n<\/div>\n<div id=\"post-4219\" class=\"loop-block-item wp-block-group m-card is-layout-flow wp-block-group-is-layout-flow alu-zaeune vertikal\">\n    <a href=\"https:\/\/www.leeb-balkone.com\/de\/zaeune\/aluzaun\/hallegg\/\" class=\"no-default-link\" title=\"Hallegg\">\n        <figure data-imgid=\"4775\" class=\"wp-block-image size-large\">\n            <img loading=\"lazy\" decoding=\"async\" width=\"300\" height=\"203\" src=\"https:\/\/www.leeb-balkone.com\/app\/uploads\/2020\/07\/zaun-alu-hallegg-2-1-300x203.jpg\" class=\"attachment-medium size-medium\" alt=\"zaun alu hallegg 2\" title=\"zaun-alu-hallegg-2 (1)\" srcset=\"https:\/\/www.leeb-balkone.com\/app\/uploads\/2020\/07\/zaun-alu-hallegg-2-1-300x203.jpg 300w, https:\/\/www.leeb-balkone.com\/app\/uploads\/2020\/07\/zaun-alu-hallegg-2-1-1024x692.jpg 1024w, https:\/\/www.leeb-balkone.com\/app\/uploads\/2020\/07\/zaun-alu-hallegg-2-1-768x519.jpg 768w, https:\/\/www.leeb-balkone.com\/app\/uploads\/2020\/07\/zaun-alu-hallegg-2-1-1536x1038.jpg 1536w, https:\/\/www.leeb-balkone.com\/app\/uploads\/2020\/07\/zaun-alu-hallegg-2-1-2048x1384.jpg 2048w, https:\/\/www.leeb-balkone.com\/app\/uploads\/2020\/07\/zaun-alu-hallegg-2-1-400x270.jpg 400w\" sizes=\"auto, (min-width: 1200px) 260px, (min-width: 1024px) 220px, (min-width: 640px) 465px, 768px\" \/>                    <\/figure>\n        <div class=\"wp-block-group m-card-content is-vertical is-layout-flex wp-block-group-is-layout-flex\">\n            <h3 class=\"wp-block-heading\">\n                Hallegg            <\/h3>\n                        <p>Klassischer Zaun in luftiger Optik<\/p>        <\/div>\n            <\/a>\n<\/div>\n<div id=\"post-84327\" class=\"loop-block-item wp-block-group m-card is-layout-flow wp-block-group-is-layout-flow alu-zaeune vertikal\">\n    <a href=\"https:\/\/www.leeb-balkone.com\/de\/zaeune\/aluzaun\/toledo\/\" class=\"no-default-link\" title=\"Toledo\">\n        <figure data-imgid=\"84333\" class=\"wp-block-image size-large\">\n            <img loading=\"lazy\" decoding=\"async\" width=\"300\" height=\"224\" src=\"https:\/\/www.leeb-balkone.com\/app\/uploads\/2022\/05\/zaun-alu-toledo-2-300x224.jpg\" class=\"attachment-medium size-medium\" alt=\"zaun alu toledo\" title=\"zaun-alu-toledo-2\" srcset=\"https:\/\/www.leeb-balkone.com\/app\/uploads\/2022\/05\/zaun-alu-toledo-2-300x224.jpg 300w, https:\/\/www.leeb-balkone.com\/app\/uploads\/2022\/05\/zaun-alu-toledo-2-1024x765.jpg 1024w, https:\/\/www.leeb-balkone.com\/app\/uploads\/2022\/05\/zaun-alu-toledo-2-768x574.jpg 768w, https:\/\/www.leeb-balkone.com\/app\/uploads\/2022\/05\/zaun-alu-toledo-2-1536x1147.jpg 1536w, https:\/\/www.leeb-balkone.com\/app\/uploads\/2022\/05\/zaun-alu-toledo-2-scaled.jpg 2048w\" sizes=\"auto, (min-width: 1200px) 260px, (min-width: 1024px) 220px, (min-width: 640px) 465px, 768px\" \/>                    <\/figure>\n        <div class=\"wp-block-group m-card-content is-vertical is-layout-flex wp-block-group-is-layout-flex\">\n            <h3 class=\"wp-block-heading\">\n                Toledo            <\/h3>\n                        <p>Hochmoderner Aluzaun mit geradlinigem Design<\/p>        <\/div>\n            <\/a>\n<\/div><\/div><div class=\"loop-load-more-wrapper\">  <div class=\"loop-load-more wp-block-button is-style-filled-secondary\">    <a href=\"#\" class=\"wp-block-button__link wp-element-button\" role=\"button\" tabindex=\"0\" aria-expanded=\"false\" aria-controls=\"loop-block-69f42f401d940\">Mehr laden<\/a>  <\/div><\/div><script type=\"application\/ld+json\">{\n    \"@context\": \"https:\/\/schema.org\",\n    \"@graph\": [\n        {\n            \"@type\": \"CollectionPage\",\n            \"@id\": \"https:\/\/www.leeb-balkone.com\/de\/zaeune\/aluzaun\/\",\n            \"mainEntity\": {\n                \"@id\": \"https:\/\/www.leeb-balkone.com\/de\/zaeune\/aluzaun\/#itemlist\"\n            }\n        },\n        {\n            \"@type\": \"ItemList\",\n            \"@id\": \"https:\/\/www.leeb-balkone.com\/de\/zaeune\/aluzaun\/#itemlist\",\n            \"name\": \"Aluz\u00e4une von Leeb \u2013 Wartungsfreie Gartenz\u00e4une in h\u00f6chster Designvielfalt\",\n            \"description\": \"Ein Aluzaun von Leeb verbindet zeitloses Design mit innovativer Technik. Rostfrei, pflegeleicht und nie wieder streichen dank patentierter ALU COMFORT PLUS\u00ae Beschichtung. Jetzt planen! Unsere Aluminiumz\u00e4une \u00fcberzeugen durch das innovative Alu Protection System (APS), das f\u00fcr 20% mehr Festigkeit und optimalen Schutz vor Hagel sorgt. W\u00e4hlen Sie aus \u00fcber 200 Modellen \u2013 von modern-geradlinig bis hin zu t\u00e4uschend echter Holzoptik. Profitieren Sie von ma\u00dfgefertigter Qualit\u00e4t, verdeckten Verschraubungen und dem Rundum-Service vom europ\u00e4ischen Marktf\u00fchrer.\",\n            \"itemListOrder\": \"https:\/\/schema.org\/ItemListUnordered\",\n            \"numberOfItems\": 29,\n            \"itemListElement\": [\n                {\n                    \"@type\": \"ListItem\",\n                    \"position\": 1,\n                    \"item\": {\n                        \"@type\": \"ProductModel\",\n                        \"name\": \"Ambito\",\n                        \"url\": \"https:\/\/www.leeb-balkone.com\/de\/zaeune\/aluzaun\/ambito\/\",\n                        \"description\": \"\",\n                        \"image\": \"https:\/\/www.leeb-balkone.com\/app\/uploads\/2020\/07\/zaun-alu-ambito-19-1-scaled.jpeg\"\n                    }\n                },\n                {\n                    \"@type\": \"ListItem\",\n                    \"position\": 2,\n                    \"item\": {\n                        \"@type\": \"ProductModel\",\n                        \"name\": \"Solar-Zaun\",\n                        \"url\": \"https:\/\/www.leeb-balkone.com\/de\/zaeune\/aluzaun\/solar-zaun\/\",\n                        \"description\": \"\",\n                        \"image\": \"https:\/\/www.leeb-balkone.com\/app\/uploads\/2022\/06\/Zaun-Solar-05-Optimus-scaled.jpg\"\n                    }\n                },\n                {\n                    \"@type\": \"ListItem\",\n                    \"position\": 3,\n                    \"item\": {\n                        \"@type\": \"ProductModel\",\n                        \"name\": \"Sch\u00f6nbrunn\",\n                        \"url\": \"https:\/\/www.leeb-balkone.com\/de\/zaeune\/aluzaun\/schoenbrunn\/\",\n                        \"description\": \"\",\n                        \"image\": \"https:\/\/www.leeb-balkone.com\/app\/uploads\/2020\/07\/zaun-alu-schoenbrunn-11-scaled.jpg\"\n                    }\n                },\n                {\n                    \"@type\": \"ListItem\",\n                    \"position\": 4,\n                    \"item\": {\n                        \"@type\": \"ProductModel\",\n                        \"name\": \"Landeck\",\n                        \"url\": \"https:\/\/www.leeb-balkone.com\/de\/zaeune\/aluzaun\/landeck\/\",\n                        \"description\": \"\",\n                        \"image\": \"https:\/\/www.leeb-balkone.com\/app\/uploads\/2020\/07\/zaun-alu-landeck-14-scaled.jpg\"\n                    }\n                },\n                {\n                    \"@type\": \"ListItem\",\n                    \"position\": 5,\n                    \"item\": {\n                        \"@type\": \"ProductModel\",\n                        \"name\": \"Grado\",\n                        \"url\": \"https:\/\/www.leeb-balkone.com\/de\/zaeune\/aluzaun\/grado\/\",\n                        \"description\": \"\",\n                        \"image\": \"https:\/\/www.leeb-balkone.com\/app\/uploads\/2020\/07\/zaun-alu-grado-14-scaled.jpg\"\n                    }\n                },\n                {\n                    \"@type\": \"ListItem\",\n                    \"position\": 6,\n                    \"item\": {\n                        \"@type\": \"ProductModel\",\n                        \"name\": \"Miramare\",\n                        \"url\": \"https:\/\/www.leeb-balkone.com\/de\/zaeune\/aluzaun\/miramare\/\",\n                        \"description\": \"\",\n                        \"image\": \"https:\/\/www.leeb-balkone.com\/app\/uploads\/2020\/07\/zaun-alu-miramare-11-scaled.jpg\"\n                    }\n                },\n                {\n                    \"@type\": \"ListItem\",\n                    \"position\": 7,\n                    \"item\": {\n                        \"@type\": \"ProductModel\",\n                        \"name\": \"Parallelo\",\n                        \"url\": \"https:\/\/www.leeb-balkone.com\/de\/zaeune\/aluzaun\/parallelo\/\",\n                        \"description\": \"\",\n                        \"image\": \"https:\/\/www.leeb-balkone.com\/app\/uploads\/2020\/07\/zaun-alu-parallelo-20-scaled.jpg\"\n                    }\n                },\n                {\n                    \"@type\": \"ListItem\",\n                    \"position\": 8,\n                    \"item\": {\n                        \"@type\": \"ProductModel\",\n                        \"name\": \"Castillo\",\n                        \"url\": \"https:\/\/www.leeb-balkone.com\/de\/zaeune\/aluzaun\/castillo\/\",\n                        \"description\": \"\",\n                        \"image\": \"https:\/\/www.leeb-balkone.com\/app\/uploads\/2020\/08\/zaun-alu-castillo-17-scaled.jpg\"\n                    }\n                },\n                {\n                    \"@type\": \"ListItem\",\n                    \"position\": 9,\n                    \"item\": {\n                        \"@type\": \"ProductModel\",\n                        \"name\": \"Ruven\",\n                        \"url\": \"https:\/\/www.leeb-balkone.com\/de\/zaeune\/aluzaun\/ruven\/\",\n                        \"description\": \"\",\n                        \"image\": \"https:\/\/www.leeb-balkone.com\/app\/uploads\/2021\/10\/zaun-alu-ruven-1a-scaled.jpg\"\n                    }\n                },\n                {\n                    \"@type\": \"ListItem\",\n                    \"position\": 10,\n                    \"item\": {\n                        \"@type\": \"ProductModel\",\n                        \"name\": \"Modena\",\n                        \"url\": \"https:\/\/www.leeb-balkone.com\/de\/zaeune\/aluzaun\/modena\/\",\n                        \"description\": \"\",\n                        \"image\": \"https:\/\/www.leeb-balkone.com\/app\/uploads\/2022\/10\/zaun-alu-modena-3-scaled.jpg\"\n                    }\n                },\n                {\n                    \"@type\": \"ListItem\",\n                    \"position\": 11,\n                    \"item\": {\n                        \"@type\": \"ProductModel\",\n                        \"name\": \"Diritto\",\n                        \"url\": \"https:\/\/www.leeb-balkone.com\/de\/zaeune\/aluzaun\/diritto\/\",\n                        \"description\": \"\",\n                        \"image\": \"https:\/\/www.leeb-balkone.com\/app\/uploads\/2020\/07\/zaun-alu-diritto-6-scaled.jpg\"\n                    }\n                },\n                {\n                    \"@type\": \"ListItem\",\n                    \"position\": 12,\n                    \"item\": {\n                        \"@type\": \"ProductModel\",\n                        \"name\": \"Monaco\",\n                        \"url\": \"https:\/\/www.leeb-balkone.com\/de\/zaeune\/aluzaun\/monaco\/\",\n                        \"description\": \"\",\n                        \"image\": \"https:\/\/www.leeb-balkone.com\/app\/uploads\/2022\/07\/Rendering_Monaco-scaled.jpg\"\n                    }\n                },\n                {\n                    \"@type\": \"ListItem\",\n                    \"position\": 13,\n                    \"item\": {\n                        \"@type\": \"ProductModel\",\n                        \"name\": \"Versailles\",\n                        \"url\": \"https:\/\/www.leeb-balkone.com\/de\/zaeune\/aluzaun\/versailles\/\",\n                        \"description\": \"\",\n                        \"image\": \"https:\/\/www.leeb-balkone.com\/app\/uploads\/2020\/07\/zaun-alu-versailles-7-scaled.jpg\"\n                    }\n                },\n                {\n                    \"@type\": \"ListItem\",\n                    \"position\": 14,\n                    \"item\": {\n                        \"@type\": \"ProductModel\",\n                        \"name\": \"Hallegg\",\n                        \"url\": \"https:\/\/www.leeb-balkone.com\/de\/zaeune\/aluzaun\/hallegg\/\",\n                        \"description\": \"\",\n                        \"image\": \"https:\/\/www.leeb-balkone.com\/app\/uploads\/2020\/07\/zaun-alu-hallegg-2-1-scaled.jpg\"\n                    }\n                },\n                {\n                    \"@type\": \"ListItem\",\n                    \"position\": 15,\n                    \"item\": {\n                        \"@type\": \"ProductModel\",\n                        \"name\": \"Toledo\",\n                        \"url\": \"https:\/\/www.leeb-balkone.com\/de\/zaeune\/aluzaun\/toledo\/\",\n                        \"description\": \"\",\n                        \"image\": \"https:\/\/www.leeb-balkone.com\/app\/uploads\/2022\/05\/zaun-alu-toledo-2-scaled.jpg\"\n                    }\n                },\n                {\n                    \"@type\": \"ListItem\",\n                    \"position\": 16,\n                    \"item\": {\n                        \"@type\": \"ProductModel\",\n                        \"name\": \"Belvedere\",\n                        \"url\": \"https:\/\/www.leeb-balkone.com\/de\/zaeune\/aluzaun\/belvedere\/\",\n                        \"description\": \"\",\n                        \"image\": \"https:\/\/www.leeb-balkone.com\/app\/uploads\/2020\/07\/zaun-alu-belvedere-3-scaled.jpg\"\n                    }\n                },\n                {\n                    \"@type\": \"ListItem\",\n                    \"position\": 17,\n                    \"item\": {\n                        \"@type\": \"ProductModel\",\n                        \"name\": \"Palma\",\n                        \"url\": \"https:\/\/www.leeb-balkone.com\/de\/zaeune\/aluzaun\/palma-2\/\",\n                        \"description\": \"\",\n                        \"image\": \"https:\/\/www.leeb-balkone.com\/app\/uploads\/2020\/07\/zaun-alu-palma-4-1-scaled.jpg\"\n                    }\n                },\n                {\n                    \"@type\": \"ListItem\",\n                    \"position\": 18,\n                    \"item\": {\n                        \"@type\": \"ProductModel\",\n                        \"name\": \"Madrid\",\n                        \"url\": \"https:\/\/www.leeb-balkone.com\/de\/zaeune\/aluzaun\/madrid-2\/\",\n                        \"description\": \"\",\n                        \"image\": \"https:\/\/www.leeb-balkone.com\/app\/uploads\/2020\/07\/edelstahl-zaun-alu-madrid-8-scaled.jpg\"\n                    }\n                },\n                {\n                    \"@type\": \"ListItem\",\n                    \"position\": 19,\n                    \"item\": {\n                        \"@type\": \"ProductModel\",\n                        \"name\": \"Valetta\",\n                        \"url\": \"https:\/\/www.leeb-balkone.com\/de\/zaeune\/aluzaun\/valetta\/\",\n                        \"description\": \"\",\n                        \"image\": \"https:\/\/www.leeb-balkone.com\/app\/uploads\/2020\/07\/zaun-alu-valetta-8-scaled.jpg\"\n                    }\n                },\n                {\n                    \"@type\": \"ListItem\",\n                    \"position\": 20,\n                    \"item\": {\n                        \"@type\": \"ProductModel\",\n                        \"name\": \"Mirabell\",\n                        \"url\": \"https:\/\/www.leeb-balkone.com\/de\/zaeune\/aluzaun\/mirabell\/\",\n                        \"description\": \"\",\n                        \"image\": \"https:\/\/www.leeb-balkone.com\/app\/uploads\/2020\/07\/zaun-alu-mirabell-3-scaled.jpg\"\n                    }\n                },\n                {\n                    \"@type\": \"ListItem\",\n                    \"position\": 21,\n                    \"item\": {\n                        \"@type\": \"ProductModel\",\n                        \"name\": \"Cavallino\",\n                        \"url\": \"https:\/\/www.leeb-balkone.com\/de\/zaeune\/aluzaun\/cavallino\/\",\n                        \"description\": \"\",\n                        \"image\": \"https:\/\/www.leeb-balkone.com\/app\/uploads\/2020\/07\/zaun-alu-cavallino-1-scaled.jpg\"\n                    }\n                },\n                {\n                    \"@type\": \"ListItem\",\n                    \"position\": 22,\n                    \"item\": {\n                        \"@type\": \"ProductModel\",\n                        \"name\": \"Tollino\",\n                        \"url\": \"https:\/\/www.leeb-balkone.com\/de\/zaeune\/aluzaun\/tollino\/\",\n                        \"description\": \"\",\n                        \"image\": \"https:\/\/www.leeb-balkone.com\/app\/uploads\/2024\/07\/zaun-alu-tollino-01-scaled.jpg\"\n                    }\n                },\n                {\n                    \"@type\": \"ListItem\",\n                    \"position\": 23,\n                    \"item\": {\n                        \"@type\": \"ProductModel\",\n                        \"name\": \"Barcelona\",\n                        \"url\": \"https:\/\/www.leeb-balkone.com\/de\/zaeune\/aluzaun\/barcelona-2\/\",\n                        \"description\": \"\",\n                        \"image\": \"https:\/\/www.leeb-balkone.com\/app\/uploads\/2020\/07\/aluzaun-von-leeb-balkone.jpg\"\n                    }\n                },\n                {\n                    \"@type\": \"ListItem\",\n                    \"position\": 24,\n                    \"item\": {\n                        \"@type\": \"ProductModel\",\n                        \"name\": \"Casa Mia\",\n                        \"url\": \"https:\/\/www.leeb-balkone.com\/de\/zaeune\/aluzaun\/casa-mia\/\",\n                        \"description\": \"\",\n                        \"image\": \"https:\/\/www.leeb-balkone.com\/app\/uploads\/2020\/07\/zaun-alu-casa-mia-6-scaled.jpg\"\n                    }\n                },\n                {\n                    \"@type\": \"ListItem\",\n                    \"position\": 25,\n                    \"item\": {\n                        \"@type\": \"ProductModel\",\n                        \"name\": \"Heiko\",\n                        \"url\": \"https:\/\/www.leeb-balkone.com\/de\/zaeune\/aluzaun\/heiko\/\",\n                        \"description\": \"\",\n                        \"image\": \"https:\/\/www.leeb-balkone.com\/app\/uploads\/2023\/03\/zaun-alu-heiko-01-1-scaled.jpg\"\n                    }\n                },\n                {\n                    \"@type\": \"ListItem\",\n                    \"position\": 26,\n                    \"item\": {\n                        \"@type\": \"ProductModel\",\n                        \"name\": \"Ibiza\",\n                        \"url\": \"https:\/\/www.leeb-balkone.com\/de\/zaeune\/aluzaun\/ibiza\/\",\n                        \"description\": \"\",\n                        \"image\": \"https:\/\/www.leeb-balkone.com\/app\/uploads\/2022\/10\/zaun-alu-ibiza-2-scaled.jpg\"\n                    }\n                },\n                {\n                    \"@type\": \"ListItem\",\n                    \"position\": 27,\n                    \"item\": {\n                        \"@type\": \"ProductModel\",\n                        \"name\": \"Lille\",\n                        \"url\": \"https:\/\/www.leeb-balkone.com\/de\/zaeune\/aluzaun\/lille\/\",\n                        \"description\": \"\",\n                        \"image\": \"https:\/\/www.leeb-balkone.com\/app\/uploads\/2022\/10\/zaun-alu-lille-2-scaled.jpg\"\n                    }\n                },\n                {\n                    \"@type\": \"ListItem\",\n                    \"position\": 28,\n                    \"item\": {\n                        \"@type\": \"ProductModel\",\n                        \"name\": \"Linaro\",\n                        \"url\": \"https:\/\/www.leeb-balkone.com\/de\/zaeune\/aluzaun\/linaro\/\",\n                        \"description\": \"\",\n                        \"image\": \"https:\/\/www.leeb-balkone.com\/app\/uploads\/2025\/07\/zaun-linaro-aus-aluminium-in-anthrazitgrau-scaled.jpg\"\n                    }\n                },\n                {\n                    \"@type\": \"ListItem\",\n                    \"position\": 29,\n                    \"item\": {\n                        \"@type\": \"ProductModel\",\n                        \"name\": \"Toronto\",\n                        \"url\": \"https:\/\/www.leeb-balkone.com\/de\/zaeune\/aluzaun\/toronto\/\",\n                        \"description\": \"\",\n                        \"image\": \"https:\/\/www.leeb-balkone.com\/app\/uploads\/2026\/03\/aluzaun-toronto-mit-vertikalen-sprossen-in-holzdesign-scaled.jpg\"\n                    }\n                }\n            ]\n        }\n    ]\n}<\/script><\/section>\n\n\n\n<section class=\"wp-block-cover alignfull is-light katalog-cta\" style=\"margin-top:0;margin-bottom:0;padding-top:0;padding-right:0;padding-bottom:0;padding-left:0;min-height:100px;aspect-ratio:unset;\" id=\"preisanfrage\"><img loading=\"lazy\" decoding=\"async\" width=\"2560\" height=\"1707\" class=\"wp-block-cover__image-background wp-image-152954 size-full\" alt=\"Schauraum Leeb Tettnang Florian Keller\" src=\"https:\/\/www.leeb-balkone.com\/app\/uploads\/2025\/04\/Schauraum-Leeb-Tettnang-Florian-Keller-17-scaled.jpg\" style=\"object-position:54% 45%\" data-object-fit=\"cover\" data-object-position=\"54% 45%\" srcset=\"https:\/\/www.leeb-balkone.com\/app\/uploads\/2025\/04\/Schauraum-Leeb-Tettnang-Florian-Keller-17-scaled.jpg 2560w, https:\/\/www.leeb-balkone.com\/app\/uploads\/2025\/04\/Schauraum-Leeb-Tettnang-Florian-Keller-17-300x200.jpg 300w, https:\/\/www.leeb-balkone.com\/app\/uploads\/2025\/04\/Schauraum-Leeb-Tettnang-Florian-Keller-17-1024x683.jpg 1024w, https:\/\/www.leeb-balkone.com\/app\/uploads\/2025\/04\/Schauraum-Leeb-Tettnang-Florian-Keller-17-768x512.jpg 768w, https:\/\/www.leeb-balkone.com\/app\/uploads\/2025\/04\/Schauraum-Leeb-Tettnang-Florian-Keller-17-1536x1024.jpg 1536w, https:\/\/www.leeb-balkone.com\/app\/uploads\/2025\/04\/Schauraum-Leeb-Tettnang-Florian-Keller-17-2048x1366.jpg 2048w\" sizes=\"auto, (max-width: 2560px) 100vw, 2560px\" \/><span aria-hidden=\"true\" class=\"wp-block-cover__background has-primary-45-background-color has-background-dim-80 has-background-dim\"><\/span><div class=\"wp-block-cover__inner-container has-global-padding is-layout-constrained wp-container-core-cover-is-layout-f028c7bd wp-block-cover-is-layout-constrained\">\n<div class=\"wp-block-group is-layout-flow wp-block-group-is-layout-flow\" style=\"min-height:0px;margin-top:0;margin-bottom:0;padding-top:var(--wp--preset--spacing--2-xl);padding-bottom:var(--wp--preset--spacing--2-xl);padding-left:0\">\n<div class=\"wp-block-columns are-vertically-aligned-center is-layout-flex wp-container-core-columns-is-layout-0a4bbf16 wp-block-columns-is-layout-flex\" style=\"margin-top:0;margin-bottom:0\">\n<div class=\"wp-block-column is-vertically-aligned-center is-layout-flow wp-block-column-is-layout-flow\" style=\"flex-basis:66.66%\">\n<h2 class=\"wp-block-heading\">Preisanfrage senden<\/h2>\n\n\n\n<p class=\"is-style-teaser\">Um Ihnen ein ma\u00dfgeschneidertes Angebot f\u00fcr Ihre Zaunvariante unterbreiten zu k\u00f6nnen, ben\u00f6tigen wir noch einige erg\u00e4nzende Informationen zu Ihrem Vorhaben. Im Anschluss wird sich Ihr pers\u00f6nlicher Ansprechpartner mit Ihnen in Verbindung setzen.<\/p>\n<\/div>\n\n\n\n<div class=\"wp-block-column is-vertically-aligned-center is-layout-flow wp-block-column-is-layout-flow\" style=\"flex-basis:33.33%\">\n<div class=\"wp-block-group is-content-justification-right is-nowrap is-layout-flex wp-container-core-group-is-layout-17124a9a wp-block-group-is-layout-flex\"><div class=\"t3-preis-modal-button-block wp-block-button is-style-filled-white large\"><a href=\"#t3-preis-modal-b01014417b\" class=\"t3-preis-modal-open-btn wp-block-button__link\" data-modal-id=\"t3-preis-modal-b01014417b\" role=\"button\" aria-controls=\"t3-preis-modal-b01014417b\" aria-expanded=\"false\">Preisanfrage <span class=\"sr-only\">Preisanfrage Leeb Balkone Deutschland<\/span><\/a><\/div><\/div>\n<\/div>\n<\/div>\n<\/div>\n<\/div><\/section>\n\n\n\n<section class=\"wp-block-group alignfull has-light-gray-background-color has-background has-global-padding is-layout-constrained wp-container-core-group-is-layout-52f96efc wp-block-group-is-layout-constrained\" id=\"service-qualitaet\">\n<div class=\"wp-block-group o-grid u-md-1 is-layout-flow wp-block-group-is-layout-flow\">\n<div class=\"wp-block-group u-g-9 u-g-s-2 is-layout-flow wp-block-group-is-layout-flow\" style=\"margin-bottom:var(--wp--preset--spacing--s)\">\n<h2 class=\"wp-block-heading\">Aluz\u00e4une von Leeb<\/h2>\n\n\n\n<p><span class=\"teaser\">Leeb ist Europas Nr. 1 f\u00fcr Z\u00e4une aus Aluminium. Das Sortiment umfasst zahlreiche Zaunmodelle mit abgestimmten Zauntoren, die individuell nach Ma\u00df gefertigt werden und h\u00f6chste Anspr\u00fcche an Qualit\u00e4t, Langlebigkeit und Design erf\u00fcllen. Die Verwendung von Qualit\u00e4ts-Aluprofilen und hochwertigen Pulverlacken macht das Streichen \u00fcberfl\u00fcssig.<\/span><\/p>\n<\/div>\n<\/div>\n\n\n\n<div class=\"wp-block-group small is-style-white-cards sm-2-cols is-layout-grid wp-container-core-group-is-layout-7785d981 wp-block-group-is-layout-grid\">\n<div class=\"wp-block-group m-card has-modal is-layout-flow wp-container-core-group-is-layout-8a368f38 wp-block-group-is-layout-flow\" data-modal-id=\"150759\">\n<figure class=\"wp-block-image size-large is-style-default\"><img loading=\"lazy\" decoding=\"async\" width=\"1024\" height=\"614\" src=\"https:\/\/www.leeb-balkone.com\/app\/uploads\/2022\/05\/Glashalle-Leeb-1024x614.jpg\" alt=\"Glashalle Leeb\" class=\"wp-image-83632\" srcset=\"https:\/\/www.leeb-balkone.com\/app\/uploads\/2022\/05\/Glashalle-Leeb-1024x614.jpg 1024w, https:\/\/www.leeb-balkone.com\/app\/uploads\/2022\/05\/Glashalle-Leeb-300x180.jpg 300w, https:\/\/www.leeb-balkone.com\/app\/uploads\/2022\/05\/Glashalle-Leeb-768x461.jpg 768w, https:\/\/www.leeb-balkone.com\/app\/uploads\/2022\/05\/Glashalle-Leeb-1536x922.jpg 1536w, https:\/\/www.leeb-balkone.com\/app\/uploads\/2022\/05\/Glashalle-Leeb-scaled.jpg 2048w\" sizes=\"auto, (max-width: 1024px) 100vw, 1024px\" \/><\/figure>\n\n\n\n<div class=\"wp-block-group m-card-content has-white-background-color has-background is-vertical is-layout-flex wp-container-core-group-is-layout-5580f018 wp-block-group-is-layout-flex\">\n<h3 class=\"wp-block-heading\">Balkon und Zaun von Europas Nr. 1<\/h3>\n\n\n\n<p>Mehr als 150.000 zufriedene Kunden vertrauen auf Europas f\u00fchrenden Hersteller.<\/p>\n<\/div>\n<a href=\"#overlay-150759\" class=\"open-modal-link\" aria-label=\"Open modal\"><span class=\"sr-only\">\u00d6ffne Modal<\/span><\/a><\/div>\n\n\n\n<div class=\"wp-block-group m-card has-modal is-layout-flow wp-container-core-group-is-layout-8a368f38 wp-block-group-is-layout-flow\" data-modal-id=\"150749\">\n<figure class=\"wp-block-image size-large is-style-default\"><img loading=\"lazy\" decoding=\"async\" width=\"1024\" height=\"767\" src=\"https:\/\/www.leeb-balkone.com\/app\/uploads\/2020\/08\/leeb-balkone-mitarbeiter-4-1024x767.jpeg\" alt=\"Montieren eines Leeb Alu-Balkongel\u00e4nders nach Ma\u00df\" class=\"wp-image-6083\" srcset=\"https:\/\/www.leeb-balkone.com\/app\/uploads\/2020\/08\/leeb-balkone-mitarbeiter-4-1024x767.jpeg 1024w, https:\/\/www.leeb-balkone.com\/app\/uploads\/2020\/08\/leeb-balkone-mitarbeiter-4-2048x1535.jpeg 2048w, https:\/\/www.leeb-balkone.com\/app\/uploads\/2020\/08\/leeb-balkone-mitarbeiter-4-300x225.jpeg 300w, https:\/\/www.leeb-balkone.com\/app\/uploads\/2020\/08\/leeb-balkone-mitarbeiter-4-768x575.jpeg 768w, https:\/\/www.leeb-balkone.com\/app\/uploads\/2020\/08\/leeb-balkone-mitarbeiter-4-1536x1151.jpeg 1536w\" sizes=\"auto, (max-width: 1024px) 100vw, 1024px\" \/><\/figure>\n\n\n\n<div class=\"wp-block-group m-card-content has-white-background-color has-background is-vertical is-layout-flex wp-container-core-group-is-layout-5580f018 wp-block-group-is-layout-flex\">\n<h3 class=\"wp-block-heading\">Rundum Service f\u00fcr sorglose Umsetzung<\/h3>\n\n\n\n<p>Beratungsservice vor Ort, 3D-Konfigurator, Werksfertigung, Lieferung und Montage.<\/p>\n<\/div>\n<a href=\"#overlay-150749\" class=\"open-modal-link\" aria-label=\"Open modal\"><span class=\"sr-only\">\u00d6ffne Modal<\/span><\/a><\/div>\n\n\n\n<div class=\"wp-block-group m-card has-modal is-layout-flow wp-container-core-group-is-layout-8a368f38 wp-block-group-is-layout-flow\" data-modal-id=\"150746\">\n<figure class=\"wp-block-image size-full\"><img loading=\"lazy\" decoding=\"async\" width=\"2048\" height=\"1366\" src=\"https:\/\/www.leeb-balkone.com\/app\/uploads\/2022\/05\/glas-bearbeitung-zuschnitt--scaled.jpg\" alt=\"glas bearbeitung zuschnitt \" class=\"wp-image-83644\" srcset=\"https:\/\/www.leeb-balkone.com\/app\/uploads\/2022\/05\/glas-bearbeitung-zuschnitt--scaled.jpg 2048w, https:\/\/www.leeb-balkone.com\/app\/uploads\/2022\/05\/glas-bearbeitung-zuschnitt--300x200.jpg 300w, https:\/\/www.leeb-balkone.com\/app\/uploads\/2022\/05\/glas-bearbeitung-zuschnitt--1024x683.jpg 1024w, https:\/\/www.leeb-balkone.com\/app\/uploads\/2022\/05\/glas-bearbeitung-zuschnitt--768x512.jpg 768w, https:\/\/www.leeb-balkone.com\/app\/uploads\/2022\/05\/glas-bearbeitung-zuschnitt--1536x1024.jpg 1536w\" sizes=\"auto, (max-width: 2048px) 100vw, 2048px\" \/><\/figure>\n\n\n\n<div class=\"wp-block-group m-card-content has-white-background-color has-background is-vertical is-layout-flex wp-container-core-group-is-layout-5580f018 wp-block-group-is-layout-flex\">\n<h3 class=\"wp-block-heading\"><strong>Verbundsicherheitsglas in Premium Qualit\u00e4t<\/strong><\/h3>\n\n\n\n<p>Gepr\u00fcfte Sicherheit, innovative Designs und langlebige Qualit\u00e4t nach Ma\u00df mit Leeb Glas.<\/p>\n<\/div>\n<a href=\"#overlay-150746\" class=\"open-modal-link\" aria-label=\"Open modal\"><span class=\"sr-only\">\u00d6ffne Modal<\/span><\/a><\/div>\n\n\n\n<div class=\"wp-block-group m-card has-modal is-layout-flow wp-container-core-group-is-layout-8a368f38 wp-block-group-is-layout-flow\" data-modal-id=\"150753\">\n<figure class=\"wp-block-image size-large\"><img loading=\"lazy\" decoding=\"async\" width=\"1024\" height=\"665\" src=\"https:\/\/www.leeb-balkone.com\/app\/uploads\/2020\/08\/alu-comfort-plus-1024x665.jpg\" alt=\"alu comfort plus\" class=\"wp-image-5082\" srcset=\"https:\/\/www.leeb-balkone.com\/app\/uploads\/2020\/08\/alu-comfort-plus-1024x665.jpg 1024w, https:\/\/www.leeb-balkone.com\/app\/uploads\/2020\/08\/alu-comfort-plus-300x195.jpg 300w, https:\/\/www.leeb-balkone.com\/app\/uploads\/2020\/08\/alu-comfort-plus-768x499.jpg 768w, https:\/\/www.leeb-balkone.com\/app\/uploads\/2020\/08\/alu-comfort-plus-1536x997.jpg 1536w, https:\/\/www.leeb-balkone.com\/app\/uploads\/2020\/08\/alu-comfort-plus-2048x1330.jpg 2048w\" sizes=\"auto, (max-width: 1024px) 100vw, 1024px\" \/><\/figure>\n\n\n\n<div class=\"wp-block-group m-card-content has-white-background-color has-background is-vertical is-layout-flex wp-container-core-group-is-layout-5580f018 wp-block-group-is-layout-flex\">\n<h3 class=\"wp-block-heading\">Langzeitschutz durch ALU Comfort Plus\u00ae<\/h3>\n\n\n\n<p>Patentierte Beschichtung und Verarbeitung von Aluminium auf h\u00f6chstem Niveau.<\/p>\n<\/div>\n<a href=\"#overlay-150753\" class=\"open-modal-link\" aria-label=\"Open modal\"><span class=\"sr-only\">\u00d6ffne Modal<\/span><\/a><\/div>\n<\/div>\n\n\n\n<div class=\"wp-block-group o-grid u-md-1 is-layout-flow wp-block-group-is-layout-flow\" style=\"padding-top:var(--wp--preset--spacing--l)\">\n<div class=\"wp-block-group u-g-9 u-g-s-2 is-layout-flow wp-block-group-is-layout-flow\" style=\"margin-bottom:var(--wp--preset--spacing--s)\">\n<h2 class=\"wp-block-heading\">Vorteile im \u00dcberblick<\/h2>\n\n\n\n<p>Ein Leeb Aluzaun \u00fcberzeugt durch langlebige Qualit\u00e4t, individuelle Gestaltungsm\u00f6glichkeiten und nahezu wartungsfreien Komfort:<\/p>\n\n\n\n<ul class=\"wp-block-list is-style-checkmark-2\">\n<li><strong>Langlebig und witterungsbest\u00e4ndig<\/strong>\u00a0dank hochwertiger Aluminiumprofile und patentierter <a href=\"https:\/\/www.leeb-balkone.com\/de\/technik\/alu-comfort-plus\/\" type=\"page\" id=\"6688\">ALU COMFORT PLUS\u00ae Pulverbeschichtung<\/a>.<\/li>\n\n\n\n<li><strong>Nahezu wartungsfrei:<\/strong> Kein Streichen n\u00f6tig. Schmutz haftet kaum an und wird vom Regen abgewaschen \u2013 der Selbstreinigungseffekt bleibt dauerhaft erhalten. <\/li>\n\n\n\n<li><strong>Vielf\u00e4ltige Gestaltung:<\/strong> Zahlreiche Modelle, s\u00e4mtliche RAL-Farben, Sonderfarben, t\u00e4uschend echte <a href=\"https:\/\/www.leeb-balkone.com\/de\/technik\/alu-holzoptik\/\" type=\"page\" id=\"88587\">Holzdekore<\/a> sowie Perl- und Metallic-Optiken.<\/li>\n\n\n\n<li><strong>Umweltfreundliche Fertigung:<\/strong> L\u00f6sungsmittelfreie Beschichtung und nahezu abfallfreie Produktion. <\/li>\n\n\n\n<li><strong>Zertifizierte Qualit\u00e4t:<\/strong> Leeb erf\u00fcllt die <a href=\"https:\/\/www.leeb-balkone.com\/de\/ueber-leeb\/zertifizierte-qualitaet\/\" type=\"page\" id=\"7514\">Qualit\u00e4tsnormen ISO 9001<\/a> und fertigt alle Aluz\u00e4une im eigenen Werk.<\/li>\n\n\n\n<li><strong>Komplettservice von Planung bis Montage:<\/strong> Rundum-Service inklusive passender <a href=\"https:\/\/www.leeb-balkone.com\/de\/zaeune\/zauntor\/\" type=\"page\" id=\"5334\">Zauntore<\/a> und <a href=\"https:\/\/www.leeb-balkone.com\/de\/zaeune\/sichtschutz\/\" type=\"page\" id=\"150259\">Sichtschutzl\u00f6sungen<\/a>.<\/li>\n<\/ul>\n<\/div>\n<\/div>\n<\/section>\n\n\n\n\n\n<section class=\"wp-block-cover alignfull is-light katalog-cta\" style=\"margin-top:0;margin-bottom:0;padding-top:0;padding-right:0;padding-bottom:0;padding-left:0;min-height:100px;aspect-ratio:unset;\"><img loading=\"lazy\" decoding=\"async\" width=\"1920\" height=\"599\" class=\"wp-block-cover__image-background wp-image-7912 size-full\" alt=\"leeb balkone katalog anfordern\" src=\"https:\/\/www.leeb-balkone.com\/app\/uploads\/2020\/09\/leeb-balkone-katalog-anfordern-1.jpeg\" data-object-fit=\"cover\" srcset=\"https:\/\/www.leeb-balkone.com\/app\/uploads\/2020\/09\/leeb-balkone-katalog-anfordern-1-300x94.jpeg 300w, https:\/\/www.leeb-balkone.com\/app\/uploads\/2020\/09\/leeb-balkone-katalog-anfordern-1-1024x319.jpeg 1024w, https:\/\/www.leeb-balkone.com\/app\/uploads\/2020\/09\/leeb-balkone-katalog-anfordern-1-768x240.jpeg 768w, https:\/\/www.leeb-balkone.com\/app\/uploads\/2020\/09\/leeb-balkone-katalog-anfordern-1-1536x479.jpeg 1536w\" sizes=\"auto, (max-width: 1920px) 100vw, 1920px\" \/><span aria-hidden=\"true\" class=\"wp-block-cover__background has-primary-45-background-color has-background-dim-80 has-background-dim\"><\/span><div class=\"wp-block-cover__inner-container has-global-padding is-layout-constrained wp-container-core-cover-is-layout-fc5783d2 wp-block-cover-is-layout-constrained\">\n<div class=\"wp-block-group is-layout-flow wp-block-group-is-layout-flow\" style=\"min-height:0px;margin-top:0;margin-bottom:0;padding-top:var(--wp--preset--spacing--2-xl);padding-bottom:var(--wp--preset--spacing--2-xl);padding-left:0\">\n<div class=\"wp-block-columns are-vertically-aligned-center is-layout-flex wp-container-core-columns-is-layout-0a4bbf16 wp-block-columns-is-layout-flex\" style=\"margin-top:0;margin-bottom:0\">\n<div class=\"wp-block-column is-vertically-aligned-center is-layout-flow wp-block-column-is-layout-flow\" style=\"flex-basis:66.66%\">\n<h2 class=\"wp-block-heading\">Unsere Aluz\u00e4une im Katalog<\/h2>\n\n\n\n<p class=\"is-style-teaser\"><span class=\"teaser\">Ihr pers\u00f6nlicher Katalog wartet auf Sie! Jetzt kostenlos bestellen und unser gesamtes <span class=\"teaser\">Zaun und Sichtschutz <\/span>Sortiment entdecken. Finden Sie die L\u00f6sung, die perfekt zu Ihnen passt.<\/span><\/p>\n<\/div>\n\n\n\n<div class=\"wp-block-column is-vertically-aligned-center is-layout-flow wp-block-column-is-layout-flow\" style=\"flex-basis:33.33%\">\n<div class=\"wp-block-buttons u-m-jc-left is-content-justification-right is-layout-flex wp-container-core-buttons-is-layout-c060c6c7 wp-block-buttons-is-layout-flex\">\n<div class=\"wp-block-button is-style-filled-white large\"><a class=\"wp-block-button__link wp-element-button\" href=\"https:\/\/www.leeb-balkone.com\/de\/kontakt\/katalog-anfordern\/\" style=\"box-shadow:var(--wp--preset--shadow--button-shadow)\">Katalog anfordern<\/a><\/div>\n<\/div>\n<\/div>\n<\/div>\n<\/div>\n<\/div><\/section>\n\n\n\n<section class=\"wp-block-group alignfull has-white-background-color has-background has-global-padding is-layout-constrained wp-container-core-group-is-layout-52f96efc wp-block-group-is-layout-constrained\">\n<div class=\"wp-block-group o-grid u-md-1 is-layout-flow wp-block-group-is-layout-flow\" style=\"padding-top:0\">\n<div class=\"wp-block-group u-g-9 u-g-s-2 is-layout-flow wp-block-group-is-layout-flow\" style=\"margin-bottom:var(--wp--preset--spacing--s)\">\n<h2 class=\"wp-block-heading\">Referenzen<\/h2>\n<\/div>\n<\/div>\n\n\n\n<div class=\"wp-block-t3-carousel-wrapper\" id=\"t3-carousel-a232a47a-2471-4379-91bd-57ff8b21deab\"><div class=\"wp-block-t3-carousel t3-carousel-block swiper\" data-swiper-options=\"{&quot;loop&quot;:false,&quot;preloadImages&quot;:false,&quot;lazy&quot;:{&quot;loadPrevNext&quot;:true},&quot;autoplay&quot;:{&quot;delay&quot;:3000,&quot;disableOnInteraction&quot;:false},&quot;navigation&quot;:{&quot;nextEl&quot;:&quot;#t3-carousel-a232a47a-2471-4379-91bd-57ff8b21deab .t3-carousel-a232a47a-2471-4379-91bd-57ff8b21deab-next&quot;,&quot;prevEl&quot;:&quot;#t3-carousel-a232a47a-2471-4379-91bd-57ff8b21deab .t3-carousel-a232a47a-2471-4379-91bd-57ff8b21deab-prev&quot;},&quot;pagination&quot;:{&quot;el&quot;:&quot;#t3-carousel-a232a47a-2471-4379-91bd-57ff8b21deab .t3-carousel-a232a47a-2471-4379-91bd-57ff8b21deab-pagination&quot;,&quot;clickable&quot;:true},&quot;scrollbar&quot;:false,&quot;breakpoints&quot;:{&quot;0&quot;:{&quot;slidesPerView&quot;:1.15,&quot;spaceBetween&quot;:24},&quot;769&quot;:{&quot;slidesPerView&quot;:1,&quot;spaceBetween&quot;:30}}}\"><div class=\"swiper-wrapper\">\n<div class=\"wp-block-t3-carousel-slide t3-carousel-slide swiper-slide\">\n<div class=\"wp-block-columns testimonial m-split is-layout-flex wp-container-core-columns-is-layout-3331f5f7 wp-block-columns-is-layout-flex\" style=\"padding-bottom:0\">\n<div class=\"wp-block-column is-layout-flow wp-block-column-is-layout-flow\">\n<div class=\"wp-block-group is-layout-flow wp-block-group-is-layout-flow has-background\" style=\"min-height:100%;background-image:url(&#039;https:\/\/www.leeb-balkone.com\/app\/uploads\/2021\/07\/kundenreferenz-sichtschutz-aluzaun-3-scaled.jpg&#039;);background-position:95% 4%;background-size:cover;\"><\/div>\n<\/div>\n\n\n\n<div class=\"wp-block-column is-vertically-aligned-top testimonial-text is-layout-flow wp-block-column-is-layout-flow\">\n<div class=\"wp-block-group has-light-gray-background-color has-background is-vertical is-layout-flex wp-container-core-group-is-layout-044273ab wp-block-group-is-layout-flex\" style=\"padding-top:var(--wp--preset--spacing--xl);padding-right:var(--wp--preset--spacing--xl);padding-bottom:var(--wp--preset--spacing--xl);padding-left:var(--wp--preset--spacing--l)\">\n<p class=\"has-step-1-font-size\"><em>&#8220;Wir sind begeistert und es ist ein Blickfang geworden! Nochmals ein herzliches Danke unserem Leeb-Team.&#8221;<\/em><\/p>\n\n\n\n<p class=\"has-step-s-font-size\"><strong>Familie Knaller<br><\/strong>9560 Feldkirchen in K\u00e4rnten<\/p>\n<\/div>\n<\/div>\n<\/div>\n<\/div>\n\n\n\n<div class=\"wp-block-t3-carousel-slide t3-carousel-slide swiper-slide\">\n<div class=\"wp-block-columns testimonial m-split is-layout-flex wp-container-core-columns-is-layout-3331f5f7 wp-block-columns-is-layout-flex\" style=\"padding-bottom:0\">\n<div class=\"wp-block-column is-layout-flow wp-block-column-is-layout-flow\">\n<div class=\"wp-block-group is-layout-flow wp-block-group-is-layout-flow has-background\" style=\"min-height:100%;background-image:url(&#039;https:\/\/www.leeb-balkone.com\/app\/uploads\/2021\/07\/kundenreferenz-zaun-sichtschutz.jpg&#039;);background-size:cover;\"><\/div>\n<\/div>\n\n\n\n<div class=\"wp-block-column is-vertically-aligned-top testimonial-text is-layout-flow wp-block-column-is-layout-flow\">\n<div class=\"wp-block-group has-light-gray-background-color has-background is-vertical is-layout-flex wp-container-core-group-is-layout-044273ab wp-block-group-is-layout-flex\" style=\"padding-top:var(--wp--preset--spacing--xl);padding-right:var(--wp--preset--spacing--xl);padding-bottom:var(--wp--preset--spacing--xl);padding-left:var(--wp--preset--spacing--l)\">\n<p class=\"has-step-1-font-size\"><em>&#8220;Wir sind sehr gl\u00fccklich mit unserem Leeb-Sichtschutz &#8220;Ambito!&#8221;<\/em><\/p>\n\n\n\n<p class=\"has-step-s-font-size\"><strong>Familie Kienzl<br><\/strong>6161 Natters<\/p>\n<\/div>\n<\/div>\n<\/div>\n<\/div>\n<\/div><div class=\"swiper-pagination t3-carousel-a232a47a-2471-4379-91bd-57ff8b21deab-pagination\"><\/div><\/div><div class=\"swiper-button-prev t3-carousel-a232a47a-2471-4379-91bd-57ff8b21deab-prev\"><\/div><div class=\"swiper-button-next t3-carousel-a232a47a-2471-4379-91bd-57ff8b21deab-next\"><\/div><\/div>\n<\/section>\n\n\n\n<section class=\"wp-block-group alignfull has-white-background-color has-background has-global-padding is-layout-constrained wp-container-core-group-is-layout-9fa1424c wp-block-group-is-layout-constrained\" style=\"padding-top:0\">\n<div class=\"wp-block-group o-grid u-md-1 is-layout-flow wp-block-group-is-layout-flow\" style=\"padding-top:0\">\n<div class=\"wp-block-group u-g-9 u-g-s-2 is-layout-flow wp-block-group-is-layout-flow\" style=\"margin-bottom:var(--wp--preset--spacing--s)\">\n<h2 class=\"wp-block-heading\">Warum ein Zaun aus Alu von Leeb?<\/h2>\n\n\n\n<p><span class=\"teaser\">Jeder Leeb Aluzaun verbindet innovative Technik, erstklassige Materialqualit\u00e4t und individuelles Design mit langlebiger Sch\u00f6nheit und nahezu wartungsfreiem Komfort<\/span>.<\/p>\n<\/div>\n<\/div>\n\n\n\n<div class=\"wp-block-group is-layout-flow wp-container-core-group-is-layout-d5075d26 wp-block-group-is-layout-flow\">\n<div class=\"wp-block-columns m-split is-style-shadow is-layout-flex wp-container-core-columns-is-layout-28f84493 wp-block-columns-is-layout-flex\">\n<div class=\"wp-block-column is-style-default is-layout-flow wp-block-column-is-layout-flow\">\n<figure class=\"wp-block-image size-large\"><img loading=\"lazy\" decoding=\"async\" width=\"1024\" height=\"684\" src=\"https:\/\/www.leeb-balkone.com\/app\/uploads\/2022\/01\/alu-zaun-modern-mit-horizontalen-latten-diritto-1024x684.jpg\" alt=\"alu zaun modern mit horizontalen latten diritto\" class=\"wp-image-66011\" srcset=\"https:\/\/www.leeb-balkone.com\/app\/uploads\/2022\/01\/alu-zaun-modern-mit-horizontalen-latten-diritto-1024x684.jpg 1024w, https:\/\/www.leeb-balkone.com\/app\/uploads\/2022\/01\/alu-zaun-modern-mit-horizontalen-latten-diritto-300x200.jpg 300w, https:\/\/www.leeb-balkone.com\/app\/uploads\/2022\/01\/alu-zaun-modern-mit-horizontalen-latten-diritto-768x513.jpg 768w, https:\/\/www.leeb-balkone.com\/app\/uploads\/2022\/01\/alu-zaun-modern-mit-horizontalen-latten-diritto-1536x1025.jpg 1536w, https:\/\/www.leeb-balkone.com\/app\/uploads\/2022\/01\/alu-zaun-modern-mit-horizontalen-latten-diritto-scaled.jpg 2048w\" sizes=\"auto, (max-width: 1024px) 100vw, 1024px\" \/><\/figure>\n<\/div>\n\n\n\n<div class=\"wp-block-column is-vertically-aligned-center is-style-overlay-content is-layout-flow wp-block-column-is-layout-flow\">\n<div class=\"wp-block-group is-vertical is-layout-flex wp-container-core-group-is-layout-6aed0e10 wp-block-group-is-layout-flex\">\n<h3 class=\"wp-block-heading\">Kein Streichen mehr<\/h3>\n\n\n\n<p>Ein Leeb Aluzaun ist die ideale L\u00f6sung f\u00fcr alle, die Wert auf Pflegeleichtigkeit und Wartungsarmut legen: Aluz\u00e4une von Leeb besonders witterungsbest\u00e4ndig, kratzfest und nahezu wartungsfrei \u2013 l\u00e4stiges Streichen geh\u00f6rt der Vergangenheit an. Schmutz haftet kaum an und wird einfach vom Regen abgewaschen, sodass Ihr Zaun dauerhaft sch\u00f6n bleibt und Sie sich um aufwendige Instandhaltung keine Gedanken mehr machen m\u00fcssen.<\/p>\n\n\n\n<div class=\"wp-block-buttons is-layout-flex wp-block-buttons-is-layout-flex\" style=\"margin-top:var(--wp--preset--spacing--2-xs)\">\n<div class=\"wp-block-button is-style-outline-secondary\"><a class=\"wp-block-button__link has-transparent-background-color has-background wp-element-button\" href=\"https:\/\/www.leeb-balkone.com\/de\/technik\/\">Mehr erfahren<\/a><\/div>\n<\/div>\n<\/div>\n<\/div>\n<\/div>\n\n\n\n<div class=\"wp-block-columns is-style-shadow m-split m-split-reverse is-layout-flex wp-container-core-columns-is-layout-28f84493 wp-block-columns-is-layout-flex\">\n<div class=\"wp-block-column is-style-default is-layout-flow wp-block-column-is-layout-flow\">\n<figure class=\"wp-block-image size-large\"><img loading=\"lazy\" decoding=\"async\" width=\"1024\" height=\"778\" src=\"https:\/\/www.leeb-balkone.com\/app\/uploads\/2022\/10\/zaun-alu-toledo-06-1024x778.jpg\" alt=\"zaun alu toledo\" class=\"wp-image-137845\" srcset=\"https:\/\/www.leeb-balkone.com\/app\/uploads\/2022\/10\/zaun-alu-toledo-06-1024x778.jpg 1024w, https:\/\/www.leeb-balkone.com\/app\/uploads\/2022\/10\/zaun-alu-toledo-06-300x228.jpg 300w, https:\/\/www.leeb-balkone.com\/app\/uploads\/2022\/10\/zaun-alu-toledo-06-768x583.jpg 768w, https:\/\/www.leeb-balkone.com\/app\/uploads\/2022\/10\/zaun-alu-toledo-06-1536x1167.jpg 1536w, https:\/\/www.leeb-balkone.com\/app\/uploads\/2022\/10\/zaun-alu-toledo-06-2048x1556.jpg 2048w\" sizes=\"auto, (max-width: 1024px) 100vw, 1024px\" \/><\/figure>\n<\/div>\n\n\n\n<div class=\"wp-block-column is-vertically-aligned-center is-style-overlay-content is-layout-flow wp-block-column-is-layout-flow\">\n<div class=\"wp-block-group is-vertical is-layout-flex wp-container-core-group-is-layout-6aed0e10 wp-block-group-is-layout-flex\">\n<h3 class=\"wp-block-heading\">Effektiv und nachhaltig<\/h3>\n\n\n\n<p>Ein Aluzaun durch seine Langlebigkeit, Wartungsarmut, Energieeffizienz in der Herstellung und vollst\u00e4ndige Recyclingf\u00e4higkeit ma\u00dfgeblich zu einer nachhaltigen und umweltfreundlichen Grundst\u00fccksgestaltung bei. Bei Leeb stammt der Gro\u00dfteil des Stroms aus eigenen Photovoltaikanlagen, die Beheizung der Produktionsst\u00e4tten erfolgt \u00fcber ein Biomasseheizwerk, und die Pulverbeschichtung der Z\u00e4une wird abwasserfrei und ohne L\u00f6sungsmittel durchgef\u00fchrt. So verbindet ein Leeb Zaun aus Aluminium maximale Lebensdauer und Pflegeleichtigkeit mit einer verantwortungsvollen Produktionsweise.<\/p>\n<\/div>\n<\/div>\n<\/div>\n\n\n\n<div class=\"wp-block-columns is-style-shadow m-split is-layout-flex wp-container-core-columns-is-layout-28f84493 wp-block-columns-is-layout-flex\">\n<div class=\"wp-block-column is-style-default is-layout-flow wp-block-column-is-layout-flow\">\n<figure class=\"wp-block-image size-large\"><img loading=\"lazy\" decoding=\"async\" width=\"1024\" height=\"658\" src=\"https:\/\/www.leeb-balkone.com\/app\/uploads\/2022\/06\/Zaun-Solar-03-Optimus-1024x658.jpg\" alt=\"Zaun Solar 03 Optimus\" class=\"wp-image-139431\" srcset=\"https:\/\/www.leeb-balkone.com\/app\/uploads\/2022\/06\/Zaun-Solar-03-Optimus-1024x658.jpg 1024w, https:\/\/www.leeb-balkone.com\/app\/uploads\/2022\/06\/Zaun-Solar-03-Optimus-300x193.jpg 300w, https:\/\/www.leeb-balkone.com\/app\/uploads\/2022\/06\/Zaun-Solar-03-Optimus-768x494.jpg 768w, https:\/\/www.leeb-balkone.com\/app\/uploads\/2022\/06\/Zaun-Solar-03-Optimus-1536x987.jpg 1536w, https:\/\/www.leeb-balkone.com\/app\/uploads\/2022\/06\/Zaun-Solar-03-Optimus-2048x1317.jpg 2048w\" sizes=\"auto, (max-width: 1024px) 100vw, 1024px\" \/><\/figure>\n<\/div>\n\n\n\n<div class=\"wp-block-column is-vertically-aligned-center is-style-overlay-content is-layout-flow wp-block-column-is-layout-flow\">\n<div class=\"wp-block-group is-vertical is-layout-flex wp-container-core-group-is-layout-6aed0e10 wp-block-group-is-layout-flex\">\n<h3 class=\"wp-block-heading\">Aluzaun mit PV-Modulen<\/h3>\n\n\n\n<p>Der Leeb Solarzaun ist ein multifunktionales System, das einen hochwertigen Aluminiumzaun mit vollintegrierten Photovoltaik-Modulen kombiniert. Er dient nicht nur als Grundst\u00fccksgrenze, Sicht- und Windschutz, sondern erzeugt gleichzeitig umweltfreundlichen Strom. Durch die bifaciale Technologie kann der Zaun Sonnenlicht von beiden Seiten aufnehmen und erzeugt so auch bei diffusem Licht sowie in den Morgen- und Abendstunden zuverl\u00e4ssig Strom.<\/p>\n\n\n\n<div class=\"wp-block-buttons is-layout-flex wp-block-buttons-is-layout-flex\" style=\"margin-top:var(--wp--preset--spacing--2-xs)\">\n<div class=\"wp-block-button is-style-outline-secondary\"><a class=\"wp-block-button__link has-transparent-background-color has-background wp-element-button\" href=\"https:\/\/www.leeb-balkone.com\/de\/solar\/solar-zaun\/\">Solar-Zaun<\/a><\/div>\n<\/div>\n<\/div>\n<\/div>\n<\/div>\n<\/div>\n<\/section>\n\n\n\n<section class=\"wp-block-group alignfull has-light-gray-background-color has-background has-global-padding is-layout-constrained wp-container-core-group-is-layout-52f96efc wp-block-group-is-layout-constrained\">\n<div class=\"wp-block-group o-grid u-md-1 is-layout-flow wp-block-group-is-layout-flow\" style=\"padding-top:0\">\n<div class=\"wp-block-group u-g-9 u-g-s-2 is-layout-flow wp-block-group-is-layout-flow\" style=\"margin-bottom:var(--wp--preset--spacing--s)\">\n<h2 class=\"wp-block-heading\">H\u00e4ufig gestellte Fragen<\/h2>\n\n\n\n<p style=\"padding-bottom:var(--wp--preset--spacing--m)\"><span class=\"teaser\">Sie haben allgemeine Fragen rund um unsere Balkongel\u00e4nder aus Aluminium? In unseren FAQ finden Sie kompakte Antworten zu h\u00e4ufigen Themen rund um Alubalkone.<\/span><\/p>\n\n\n\n<div class=\"wp-block-t3-acc-accordion is-style-default\"><button id=\"accordion-3f4e9412-1b17-456a-94f8-d8fb8773c89a-button\" class=\"accordion__button\" aria-expanded=\"false\" aria-controls=\"accordion-3f4e9412-1b17-456a-94f8-d8fb8773c89a-panel\"><h3 data-accordion-title=\"true\" style=\"font-size:var(--step-1)\"><strong><strong><strong>Einfache Montage bei Leeb Aluzaun \u2013 Faktencheck<\/strong><\/strong><\/strong>:<\/h3><\/button><div id=\"accordion-3f4e9412-1b17-456a-94f8-d8fb8773c89a-panel\" class=\"accordion__panel\" role=\"region\" aria-labelledby=\"accordion-3f4e9412-1b17-456a-94f8-d8fb8773c89a-button\">\n<p>Leeb Aluz\u00e4une sind bekannt f\u00fcr ihre montagefreundliche Konstruktion. Das Montagekonzept fu\u00dft haupts\u00e4chlich auf:<\/p>\n\n\n\n<p><strong>Vorfertigung der Zaunelemente<\/strong>: Die einzelnen Zaunfelder und Pfosten werden im Werk ma\u00dfgenau gefertigt, sodass am Einbauort keine oder nur minimale Anpassungen notwendig sind.<\/p>\n\n\n\n<p><strong>Innovative Verbindungstechnik<\/strong>: Die Installation erfolgt meist \u00fcber ausgekl\u00fcgelte Steck- und Schraubsysteme, die verdeckte Verschraubungen und passgenaues Zusammenf\u00fcgen erm\u00f6glichen. Dies sorgt daf\u00fcr, dass keine komplizierten Spezialwerkzeuge n\u00f6tig sind und die Teile einfach ineinandergef\u00fcgt werden k\u00f6nnen.<\/p>\n\n\n\n<p><strong>Kurze Montagezeiten<\/strong>: Dank der hohen Passgenauigkeit und des Systemaufbaus kann das Montageteam (oder erfahrene Heimwerker) die Zaunelemente rasch und effizient aufbauen. Viele Projekte sind innerhalb weniger Stunden abgeschlossen.<\/p>\n\n\n\n<p><strong>Mindestma\u00df an Werkzeug und Vorwissen<\/strong>: Die Systeme sind so ausgelegt, dass sie im Prinzip auch von geschickten Laien montierbar sind, wobei der Hersteller jedoch f\u00fcr perfekte Ergebnisse die Montage durch zertifizierte Partner oder das eigene Profiteam empfiehlt.<\/p>\n<\/div><\/div>\n\n\n\n<div class=\"wp-block-t3-acc-accordion is-style-default\"><button id=\"accordion-843b5378-cd79-4c14-889b-c761d2293043-button\" class=\"accordion__button\" aria-expanded=\"false\" aria-controls=\"accordion-843b5378-cd79-4c14-889b-c761d2293043-panel\"><h3 data-accordion-title=\"true\" style=\"font-size:var(--step-1)\">Welche Vorteile haben Z\u00e4une aus Aluminium?<\/h3><\/button><div id=\"accordion-843b5378-cd79-4c14-889b-c761d2293043-panel\" class=\"accordion__panel\" role=\"region\" aria-labelledby=\"accordion-843b5378-cd79-4c14-889b-c761d2293043-button\">\n<p>Aluz\u00e4une sind rostfrei, wartungsfrei und langlebiger als Holz- oder Stahlz\u00e4une. Leeb verwendet eine patentierte ALU COMFORT PLUS\u00ae-Beschichtung, die den Zaun kratzfest und schmutzabweisend h\u00e4lt \u2013 ohne Nachstreichen, \u00fcber die gesamte Lebensdauer.<\/p>\n<\/div><\/div>\n\n\n\n<div class=\"wp-block-t3-acc-accordion is-style-default\"><button id=\"accordion-03af917c-4788-4c1a-a6ee-eaea571516e2-button\" class=\"accordion__button\" aria-expanded=\"false\" aria-controls=\"accordion-03af917c-4788-4c1a-a6ee-eaea571516e2-panel\"><h3 data-accordion-title=\"true\" style=\"font-size:var(--step-1)\"><strong>Wie sicher sind Aluz\u00e4une?<\/strong><\/h3><\/button><div id=\"accordion-03af917c-4788-4c1a-a6ee-eaea571516e2-panel\" class=\"accordion__panel\" role=\"region\" aria-labelledby=\"accordion-03af917c-4788-4c1a-a6ee-eaea571516e2-button\">\n<p>Aluminium ist weicher als Stahl \u2013 deshalb hat Leeb das Alu Protection System (APS) entwickelt: Eine h\u00e4rtere Legierung mit 20% mehr Festigkeit, die den Zaun widerstandsf\u00e4higer gegen Hagel, St\u00f6\u00dfe und mechanische Einfl\u00fcsse macht. Passende Zauntore erg\u00e4nzen das Sicherheitskonzept.<\/p>\n<\/div><\/div>\n\n\n\n<div class=\"wp-block-t3-acc-accordion is-style-default\"><button id=\"accordion-76d4e603-f947-4810-abff-6ba17515ce20-button\" class=\"accordion__button\" aria-expanded=\"false\" aria-controls=\"accordion-76d4e603-f947-4810-abff-6ba17515ce20-panel\"><h3 data-accordion-title=\"true\" style=\"font-size:var(--step-1)\"><strong>Ben\u00f6tigen Aluz\u00e4une regelm\u00e4\u00dfige Pflege?<\/strong><\/h3><\/button><div id=\"accordion-76d4e603-f947-4810-abff-6ba17515ce20-panel\" class=\"accordion__panel\" role=\"region\" aria-labelledby=\"accordion-76d4e603-f947-4810-abff-6ba17515ce20-button\">\n<p>Nein. Die ALU COMFORT PLUS\u00ae-Beschichtung wirkt schmutz- und wasserabweisend \u2013 Verschmutzungen werden vom Regen abgewaschen. Gelegentliches Reinigen mit Wasser gen\u00fcgt.<\/p>\n<\/div><\/div>\n\n\n\n<div class=\"wp-block-t3-acc-accordion is-style-default\"><button id=\"accordion-d584b213-87c0-4987-9cba-9317de36c41f-button\" class=\"accordion__button\" aria-expanded=\"false\" aria-controls=\"accordion-d584b213-87c0-4987-9cba-9317de36c41f-panel\"><h3 data-accordion-title=\"true\" style=\"font-size:var(--step-1)\"><strong><strong>Welche Design-Optionen gibt es bei Z\u00e4unen aus Aluminium?<\/strong><\/strong><\/h3><\/button><div id=\"accordion-d584b213-87c0-4987-9cba-9317de36c41f-panel\" class=\"accordion__panel\" role=\"region\" aria-labelledby=\"accordion-d584b213-87c0-4987-9cba-9317de36c41f-button\">\n<p>Zahlreiche Modelle \u2013 klassisch oder modern, mit oder ohne Dekorelemente, in s\u00e4mtlichen RAL-Farben, 13 Holzoptiken oder mit Perl- und Metallic-Effekten. Auch Kombinationen mit Glas und individuelle Lochblech-Perforierungen sind m\u00f6glich.<\/p>\n<\/div><\/div>\n\n\n\n<div class=\"wp-block-t3-acc-accordion is-style-default\"><button id=\"accordion-82c41bac-8116-4bab-81b5-945639323331-button\" class=\"accordion__button\" aria-expanded=\"false\" aria-controls=\"accordion-82c41bac-8116-4bab-81b5-945639323331-panel\"><h3 data-accordion-title=\"true\" style=\"font-size:var(--step-1)\"><strong><strong>Wie unterscheiden sich Aluz\u00e4une preislich von anderen Materialien?<\/strong><\/strong><\/h3><\/button><div id=\"accordion-82c41bac-8116-4bab-81b5-945639323331-panel\" class=\"accordion__panel\" role=\"region\" aria-labelledby=\"accordion-82c41bac-8116-4bab-81b5-945639323331-button\">\n<p>Die Anschaffung liegt im mittleren bis gehobenen Segment. Durch fehlende Wartungskosten und sehr lange Lebensdauer ist ein Leeb Aluzaun langfristig die wirtschaftlichste L\u00f6sung.<\/p>\n<\/div><\/div>\n\n\n\n<div class=\"wp-block-t3-acc-accordion is-style-default\"><button id=\"accordion-7b58f860-9c88-4442-8c5a-e2cbb6cc378b-button\" class=\"accordion__button\" aria-expanded=\"false\" aria-controls=\"accordion-7b58f860-9c88-4442-8c5a-e2cbb6cc378b-panel\"><h3 data-accordion-title=\"true\" style=\"font-size:var(--step-1)\">Welche regionalen Bauvorschriften gelten f\u00fcr Alubalkone?<\/h3><\/button><div id=\"accordion-7b58f860-9c88-4442-8c5a-e2cbb6cc378b-panel\" class=\"accordion__panel\" role=\"region\" aria-labelledby=\"accordion-7b58f860-9c88-4442-8c5a-e2cbb6cc378b-button\">\n<p>Je nach Region gelten unterschiedliche Vorschriften \u2013 in Deutschland die Landesbauordnungen, in \u00d6sterreich die OIB-Richtlinien. Ihr regionaler Leeb-Berater kennt die lokalen Anforderungen und sorgt f\u00fcr eine rechtssichere Planung.<\/p>\n<\/div><\/div>\n<\/div>\n<\/div>\n<\/section>\n\n\n\n<section class=\"wp-block-group alignfull has-white-background-color has-background has-global-padding is-layout-constrained wp-container-core-group-is-layout-52f96efc wp-block-group-is-layout-constrained\">\n<div class=\"wp-block-group o-grid u-md-1 is-layout-flow wp-block-group-is-layout-flow\" style=\"padding-top:0\">\n<div class=\"wp-block-group u-g-9 u-g-s-2 is-layout-flow wp-block-group-is-layout-flow\">\n<h2 class=\"wp-block-heading\">Zaun Impressionen<\/h2>\n\n\n\n<p style=\"padding-bottom:var(--wp--preset--spacing--m)\"><span class=\"teaser\">Lassen Sie sich von den Gestaltungsm\u00f6glichkeiten unserer Aluz\u00e4une inspirieren.<\/span><\/p>\n<\/div>\n<\/div>\n\n\n    <div id=\"t3-lg-block-1\" class=\"wp-block-t3-lightgallery\" data-initial-count=\"6\">\n      <div class=\"lg-container u-grid-temp has-3-cols\">\n                  <div class=\"lg-item\" data-src=\"https:\/\/www.leeb-balkone.com\/app\/uploads\/2020\/07\/aluzaun-casa-mia-lochblech-alu-zaun-gartenzaun-mauer-terrasse-scaled.jpg\"\n              data-sub-html=\"&lt;p&gt;Aluzaun Casa Mia in Anthrazit mit Lochblech F\u00fcllung&lt;\/p&gt;\">\n            <div class=\"img-wrapper\">\n                <figure>\n                    <img loading=\"lazy\" decoding=\"async\" width=\"300\" height=\"200\" src=\"https:\/\/www.leeb-balkone.com\/app\/uploads\/2020\/07\/aluzaun-casa-mia-lochblech-alu-zaun-gartenzaun-mauer-terrasse-300x200.jpg\" class=\"attachment-medium size-medium\" alt=\"Aluzaun Casa Mia in Anthrazit mit Lochblech F\u00fcllung\" srcset=\"https:\/\/www.leeb-balkone.com\/app\/uploads\/2020\/07\/aluzaun-casa-mia-lochblech-alu-zaun-gartenzaun-mauer-terrasse-300x200.jpg 300w, https:\/\/www.leeb-balkone.com\/app\/uploads\/2020\/07\/aluzaun-casa-mia-lochblech-alu-zaun-gartenzaun-mauer-terrasse-1024x683.jpg 1024w, https:\/\/www.leeb-balkone.com\/app\/uploads\/2020\/07\/aluzaun-casa-mia-lochblech-alu-zaun-gartenzaun-mauer-terrasse-768x512.jpg 768w, https:\/\/www.leeb-balkone.com\/app\/uploads\/2020\/07\/aluzaun-casa-mia-lochblech-alu-zaun-gartenzaun-mauer-terrasse-1536x1024.jpg 1536w, https:\/\/www.leeb-balkone.com\/app\/uploads\/2020\/07\/aluzaun-casa-mia-lochblech-alu-zaun-gartenzaun-mauer-terrasse-2048x1366.jpg 2048w\" sizes=\"auto, (min-width: 1200px) 260px, (min-width: 1024px) 220px, (min-width: 640px) 465px, 768px\" \/>    \n                <\/figure>\n                        <\/div>\n            <p>Aluzaun Casa Mia in Anthrazit mit Lochblech F\u00fcllung<\/p>        <\/div>\n                  <div class=\"lg-item\" data-src=\"https:\/\/www.leeb-balkone.com\/app\/uploads\/2022\/10\/zaun-alu-modena-5-scaled.jpg\"\n              data-sub-html=\"&lt;p&gt;Aluzaun Modena im Perfor\u00e9e-Design&lt;\/p&gt;\">\n            <div class=\"img-wrapper\">\n                <figure>\n                    <img loading=\"lazy\" decoding=\"async\" width=\"300\" height=\"224\" src=\"https:\/\/www.leeb-balkone.com\/app\/uploads\/2022\/10\/zaun-alu-modena-5-300x224.jpg\" class=\"attachment-medium size-medium\" alt=\"Aluzaun in Perfor\u00e9e-Design\" srcset=\"https:\/\/www.leeb-balkone.com\/app\/uploads\/2022\/10\/zaun-alu-modena-5-300x224.jpg 300w, https:\/\/www.leeb-balkone.com\/app\/uploads\/2022\/10\/zaun-alu-modena-5-1024x765.jpg 1024w, https:\/\/www.leeb-balkone.com\/app\/uploads\/2022\/10\/zaun-alu-modena-5-768x573.jpg 768w, https:\/\/www.leeb-balkone.com\/app\/uploads\/2022\/10\/zaun-alu-modena-5-1536x1147.jpg 1536w, https:\/\/www.leeb-balkone.com\/app\/uploads\/2022\/10\/zaun-alu-modena-5-scaled.jpg 2048w\" sizes=\"auto, (min-width: 1200px) 260px, (min-width: 1024px) 220px, (min-width: 640px) 465px, 768px\" \/>    \n                <\/figure>\n                        <\/div>\n            <p>Aluzaun Modena im Perfor\u00e9e-Design<\/p>        <\/div>\n                  <div class=\"lg-item\" data-src=\"https:\/\/www.leeb-balkone.com\/app\/uploads\/2020\/07\/aluzaun-landeck-in-holzstruktur-detailansicht-lamellen-scaled.jpg\"\n              data-sub-html=\"&lt;p&gt;Zaunmodell Landeck mit Alu in Holzoptik&lt;\/p&gt;\">\n            <div class=\"img-wrapper\">\n                <figure>\n                    <img loading=\"lazy\" decoding=\"async\" width=\"300\" height=\"200\" src=\"https:\/\/www.leeb-balkone.com\/app\/uploads\/2020\/07\/aluzaun-landeck-in-holzstruktur-detailansicht-lamellen-300x200.jpg\" class=\"attachment-medium size-medium\" alt=\"aluzaun landeck in holzstruktur detailansicht lamellen\" srcset=\"https:\/\/www.leeb-balkone.com\/app\/uploads\/2020\/07\/aluzaun-landeck-in-holzstruktur-detailansicht-lamellen-300x200.jpg 300w, https:\/\/www.leeb-balkone.com\/app\/uploads\/2020\/07\/aluzaun-landeck-in-holzstruktur-detailansicht-lamellen-1024x683.jpg 1024w, https:\/\/www.leeb-balkone.com\/app\/uploads\/2020\/07\/aluzaun-landeck-in-holzstruktur-detailansicht-lamellen-768x512.jpg 768w, https:\/\/www.leeb-balkone.com\/app\/uploads\/2020\/07\/aluzaun-landeck-in-holzstruktur-detailansicht-lamellen-1536x1025.jpg 1536w, https:\/\/www.leeb-balkone.com\/app\/uploads\/2020\/07\/aluzaun-landeck-in-holzstruktur-detailansicht-lamellen-2048x1366.jpg 2048w\" sizes=\"auto, (min-width: 1200px) 260px, (min-width: 1024px) 220px, (min-width: 640px) 465px, 768px\" \/>    \n                <\/figure>\n                        <\/div>\n            <p>Zaunmodell Landeck mit Alu in Holzoptik<\/p>        <\/div>\n                  <div class=\"lg-item\" data-src=\"https:\/\/www.leeb-balkone.com\/app\/uploads\/2020\/07\/Zaun-Barcelona-mit-Edelstahlstreben-im-schoen-angelegten-Garten-scaled.jpg\"\n              data-sub-html=\"&lt;p&gt;Aluzaun Barcelona mit Edelstahlstreben&lt;\/p&gt;\">\n            <div class=\"img-wrapper\">\n                <figure>\n                    <img loading=\"lazy\" decoding=\"async\" width=\"300\" height=\"200\" src=\"https:\/\/www.leeb-balkone.com\/app\/uploads\/2020\/07\/Zaun-Barcelona-mit-Edelstahlstreben-im-schoen-angelegten-Garten-300x200.jpg\" class=\"attachment-medium size-medium\" alt=\"Zaun Barcelona mit Edelstahlstreben im schoen angelegten Garten\" srcset=\"https:\/\/www.leeb-balkone.com\/app\/uploads\/2020\/07\/Zaun-Barcelona-mit-Edelstahlstreben-im-schoen-angelegten-Garten-300x200.jpg 300w, https:\/\/www.leeb-balkone.com\/app\/uploads\/2020\/07\/Zaun-Barcelona-mit-Edelstahlstreben-im-schoen-angelegten-Garten-1024x683.jpg 1024w, https:\/\/www.leeb-balkone.com\/app\/uploads\/2020\/07\/Zaun-Barcelona-mit-Edelstahlstreben-im-schoen-angelegten-Garten-768x512.jpg 768w, https:\/\/www.leeb-balkone.com\/app\/uploads\/2020\/07\/Zaun-Barcelona-mit-Edelstahlstreben-im-schoen-angelegten-Garten-1536x1024.jpg 1536w, https:\/\/www.leeb-balkone.com\/app\/uploads\/2020\/07\/Zaun-Barcelona-mit-Edelstahlstreben-im-schoen-angelegten-Garten-2048x1366.jpg 2048w\" sizes=\"auto, (min-width: 1200px) 260px, (min-width: 1024px) 220px, (min-width: 640px) 465px, 768px\" \/>    \n                <\/figure>\n                        <\/div>\n            <p>Aluzaun Barcelona mit Edelstahlstreben<\/p>        <\/div>\n                  <div class=\"lg-item\" data-src=\"https:\/\/www.leeb-balkone.com\/app\/uploads\/2020\/07\/aluzaun-sichtschutz-landeck-in-weiss-mit-lamellen-scaled.jpg\"\n              data-sub-html=\"&lt;p&gt;Blickdichter Alu Gartenzaun Landeck &lt;\/p&gt;\">\n            <div class=\"img-wrapper\">\n                <figure>\n                    <img loading=\"lazy\" decoding=\"async\" width=\"300\" height=\"200\" src=\"https:\/\/www.leeb-balkone.com\/app\/uploads\/2020\/07\/aluzaun-sichtschutz-landeck-in-weiss-mit-lamellen-300x200.jpg\" class=\"attachment-medium size-medium\" alt=\"Sichtschutzzaun im Garten Modell Landeck aus Aluminium\" srcset=\"https:\/\/www.leeb-balkone.com\/app\/uploads\/2020\/07\/aluzaun-sichtschutz-landeck-in-weiss-mit-lamellen-300x200.jpg 300w, https:\/\/www.leeb-balkone.com\/app\/uploads\/2020\/07\/aluzaun-sichtschutz-landeck-in-weiss-mit-lamellen-1024x683.jpg 1024w, https:\/\/www.leeb-balkone.com\/app\/uploads\/2020\/07\/aluzaun-sichtschutz-landeck-in-weiss-mit-lamellen-768x512.jpg 768w, https:\/\/www.leeb-balkone.com\/app\/uploads\/2020\/07\/aluzaun-sichtschutz-landeck-in-weiss-mit-lamellen-1536x1024.jpg 1536w, https:\/\/www.leeb-balkone.com\/app\/uploads\/2020\/07\/aluzaun-sichtschutz-landeck-in-weiss-mit-lamellen-2048x1366.jpg 2048w\" sizes=\"auto, (min-width: 1200px) 260px, (min-width: 1024px) 220px, (min-width: 640px) 465px, 768px\" \/>    \n                <\/figure>\n                        <\/div>\n            <p>Blickdichter Alu Gartenzaun Landeck <\/p>        <\/div>\n                  <div class=\"lg-item\" data-src=\"https:\/\/www.leeb-balkone.com\/app\/uploads\/2020\/07\/zaun-alu-diritto-17-scaled.jpg\"\n              data-sub-html=\"&lt;p&gt;Halbtransparenter Aluzaun mit horizontalen Profilen &lt;\/p&gt;\">\n            <div class=\"img-wrapper\">\n                <figure>\n                    <img loading=\"lazy\" decoding=\"async\" width=\"300\" height=\"224\" src=\"https:\/\/www.leeb-balkone.com\/app\/uploads\/2020\/07\/zaun-alu-diritto-17-300x224.jpg\" class=\"attachment-medium size-medium\" alt=\"Zaun mit horizontalen Profilen - Balance zwischen Blickschutz und Lichtdurchl\u00e4ssigkeit\" srcset=\"https:\/\/www.leeb-balkone.com\/app\/uploads\/2020\/07\/zaun-alu-diritto-17-300x224.jpg 300w, https:\/\/www.leeb-balkone.com\/app\/uploads\/2020\/07\/zaun-alu-diritto-17-1024x765.jpg 1024w, https:\/\/www.leeb-balkone.com\/app\/uploads\/2020\/07\/zaun-alu-diritto-17-768x574.jpg 768w, https:\/\/www.leeb-balkone.com\/app\/uploads\/2020\/07\/zaun-alu-diritto-17-1536x1147.jpg 1536w, https:\/\/www.leeb-balkone.com\/app\/uploads\/2020\/07\/zaun-alu-diritto-17-2048x1529.jpg 2048w\" sizes=\"auto, (min-width: 1200px) 260px, (min-width: 1024px) 220px, (min-width: 640px) 465px, 768px\" \/>    \n                <\/figure>\n                        <\/div>\n            <p>Halbtransparenter Aluzaun mit horizontalen Profilen <\/p>        <\/div>\n                  <div class=\"lg-item\" data-src=\"https:\/\/www.leeb-balkone.com\/app\/uploads\/2021\/10\/zaun-alu-ruven-1b-scaled.jpg\"\n              data-sub-html=\"&lt;p&gt;Moderner Gartenzaun Alu Ruven&lt;\/p&gt;\">\n            <div class=\"img-wrapper\">\n                <figure>\n                    <img loading=\"lazy\" decoding=\"async\" width=\"300\" height=\"200\" src=\"https:\/\/www.leeb-balkone.com\/app\/uploads\/2021\/10\/zaun-alu-ruven-1b-300x200.jpg\" class=\"attachment-medium size-medium\" alt=\"zaun alu ruven 1b\" srcset=\"https:\/\/www.leeb-balkone.com\/app\/uploads\/2021\/10\/zaun-alu-ruven-1b-300x200.jpg 300w, https:\/\/www.leeb-balkone.com\/app\/uploads\/2021\/10\/zaun-alu-ruven-1b-1024x681.jpg 1024w, https:\/\/www.leeb-balkone.com\/app\/uploads\/2021\/10\/zaun-alu-ruven-1b-768x511.jpg 768w, https:\/\/www.leeb-balkone.com\/app\/uploads\/2021\/10\/zaun-alu-ruven-1b-1536x1022.jpg 1536w, https:\/\/www.leeb-balkone.com\/app\/uploads\/2021\/10\/zaun-alu-ruven-1b-scaled.jpg 2048w\" sizes=\"auto, (min-width: 1200px) 260px, (min-width: 1024px) 220px, (min-width: 640px) 465px, 768px\" \/>    \n                <\/figure>\n                        <\/div>\n            <p>Moderner Gartenzaun Alu Ruven<\/p>        <\/div>\n                  <div class=\"lg-item\" data-src=\"https:\/\/www.leeb-balkone.com\/app\/uploads\/2020\/07\/zaun-alu-grado-9-scaled.jpg\"\n              data-sub-html=\"&lt;p&gt;Sichtschutzzaun Alu Grado&lt;\/p&gt;\">\n            <div class=\"img-wrapper\">\n                <figure>\n                    <img loading=\"lazy\" decoding=\"async\" width=\"300\" height=\"212\" src=\"https:\/\/www.leeb-balkone.com\/app\/uploads\/2020\/07\/zaun-alu-grado-9-300x212.jpg\" class=\"attachment-medium size-medium\" alt=\"Sichtschutzzaun Alu Grado\" srcset=\"https:\/\/www.leeb-balkone.com\/app\/uploads\/2020\/07\/zaun-alu-grado-9-300x212.jpg 300w, https:\/\/www.leeb-balkone.com\/app\/uploads\/2020\/07\/zaun-alu-grado-9-1024x725.jpg 1024w, https:\/\/www.leeb-balkone.com\/app\/uploads\/2020\/07\/zaun-alu-grado-9-768x544.jpg 768w, https:\/\/www.leeb-balkone.com\/app\/uploads\/2020\/07\/zaun-alu-grado-9-1536x1088.jpg 1536w, https:\/\/www.leeb-balkone.com\/app\/uploads\/2020\/07\/zaun-alu-grado-9-2048x1450.jpg 2048w\" sizes=\"auto, (min-width: 1200px) 260px, (min-width: 1024px) 220px, (min-width: 640px) 465px, 768px\" \/>    \n                <\/figure>\n                        <\/div>\n            <p>Sichtschutzzaun Alu Grado<\/p>        <\/div>\n                  <div class=\"lg-item\" data-src=\"https:\/\/www.leeb-balkone.com\/app\/uploads\/2020\/07\/zaun-alu-grado-6-scaled.jpg\"\n              data-sub-html=\"&lt;p&gt;Alusichtschutz Grado&lt;\/p&gt;\">\n            <div class=\"img-wrapper\">\n                <figure>\n                    <img loading=\"lazy\" decoding=\"async\" width=\"300\" height=\"216\" src=\"https:\/\/www.leeb-balkone.com\/app\/uploads\/2020\/07\/zaun-alu-grado-6-300x216.jpg\" class=\"attachment-medium size-medium\" alt=\"Sch\u00f6n angelegter Garten mit Alusichtschutz Grado\" srcset=\"https:\/\/www.leeb-balkone.com\/app\/uploads\/2020\/07\/zaun-alu-grado-6-300x216.jpg 300w, https:\/\/www.leeb-balkone.com\/app\/uploads\/2020\/07\/zaun-alu-grado-6-1024x736.jpg 1024w, https:\/\/www.leeb-balkone.com\/app\/uploads\/2020\/07\/zaun-alu-grado-6-768x552.jpg 768w, https:\/\/www.leeb-balkone.com\/app\/uploads\/2020\/07\/zaun-alu-grado-6-1536x1104.jpg 1536w, https:\/\/www.leeb-balkone.com\/app\/uploads\/2020\/07\/zaun-alu-grado-6-2048x1472.jpg 2048w\" sizes=\"auto, (min-width: 1200px) 260px, (min-width: 1024px) 220px, (min-width: 640px) 465px, 768px\" \/>    \n                <\/figure>\n                        <\/div>\n            <p>Alusichtschutz Grado<\/p>        <\/div>\n                  <div class=\"lg-item\" data-src=\"https:\/\/www.leeb-balkone.com\/app\/uploads\/2020\/08\/zaun-alu-castillo-14-scaled.jpg\"\n              data-sub-html=\"&lt;p&gt;Zaunmodell Castillo mit Postkasten&lt;\/p&gt;\">\n            <div class=\"img-wrapper\">\n                <figure>\n                    <img loading=\"lazy\" decoding=\"async\" width=\"300\" height=\"200\" src=\"https:\/\/www.leeb-balkone.com\/app\/uploads\/2020\/08\/zaun-alu-castillo-14-300x200.jpg\" class=\"attachment-medium size-medium\" alt=\"Zaunmodell Castillo mit Postkasten\" srcset=\"https:\/\/www.leeb-balkone.com\/app\/uploads\/2020\/08\/zaun-alu-castillo-14-300x200.jpg 300w, https:\/\/www.leeb-balkone.com\/app\/uploads\/2020\/08\/zaun-alu-castillo-14-1024x683.jpg 1024w, https:\/\/www.leeb-balkone.com\/app\/uploads\/2020\/08\/zaun-alu-castillo-14-768x512.jpg 768w, https:\/\/www.leeb-balkone.com\/app\/uploads\/2020\/08\/zaun-alu-castillo-14-1536x1024.jpg 1536w, https:\/\/www.leeb-balkone.com\/app\/uploads\/2020\/08\/zaun-alu-castillo-14-2048x1366.jpg 2048w\" sizes=\"auto, (min-width: 1200px) 260px, (min-width: 1024px) 220px, (min-width: 640px) 465px, 768px\" \/>    \n                <\/figure>\n                        <\/div>\n            <p>Zaunmodell Castillo mit Postkasten<\/p>        <\/div>\n                  <div class=\"lg-item\" data-src=\"https:\/\/www.leeb-balkone.com\/app\/uploads\/2020\/07\/zaun-alu-grado-16-scaled.jpg\"\n              data-sub-html=\"&lt;p&gt;Zaunmodell Grado aus Aluminium und Glas&lt;\/p&gt;\">\n            <div class=\"img-wrapper\">\n                <figure>\n                    <img loading=\"lazy\" decoding=\"async\" width=\"300\" height=\"200\" src=\"https:\/\/www.leeb-balkone.com\/app\/uploads\/2020\/07\/zaun-alu-grado-16-300x200.jpg\" class=\"attachment-medium size-medium\" alt=\"Zaun aus Aluminium und Glas\" srcset=\"https:\/\/www.leeb-balkone.com\/app\/uploads\/2020\/07\/zaun-alu-grado-16-300x200.jpg 300w, https:\/\/www.leeb-balkone.com\/app\/uploads\/2020\/07\/zaun-alu-grado-16-1024x683.jpg 1024w, https:\/\/www.leeb-balkone.com\/app\/uploads\/2020\/07\/zaun-alu-grado-16-768x512.jpg 768w, https:\/\/www.leeb-balkone.com\/app\/uploads\/2020\/07\/zaun-alu-grado-16-1536x1024.jpg 1536w, https:\/\/www.leeb-balkone.com\/app\/uploads\/2020\/07\/zaun-alu-grado-16-2048x1366.jpg 2048w\" sizes=\"auto, (min-width: 1200px) 260px, (min-width: 1024px) 220px, (min-width: 640px) 465px, 768px\" \/>    \n                <\/figure>\n                        <\/div>\n            <p>Zaunmodell Grado aus Aluminium und Glas<\/p>        <\/div>\n                  <div class=\"lg-item\" data-src=\"https:\/\/www.leeb-balkone.com\/app\/uploads\/2020\/07\/zaun-alu-landeck-1-scaled.jpg\"\n              data-sub-html=\"&lt;p&gt;Alu Zaun Modell Landeck&lt;\/p&gt;\">\n            <div class=\"img-wrapper\">\n                <figure>\n                    <img loading=\"lazy\" decoding=\"async\" width=\"300\" height=\"200\" src=\"https:\/\/www.leeb-balkone.com\/app\/uploads\/2020\/07\/zaun-alu-landeck-1-300x200.jpg\" class=\"attachment-medium size-medium\" alt=\"Modernes Einfamilienhaus mit Alu Zaun Landeck\" srcset=\"https:\/\/www.leeb-balkone.com\/app\/uploads\/2020\/07\/zaun-alu-landeck-1-300x200.jpg 300w, https:\/\/www.leeb-balkone.com\/app\/uploads\/2020\/07\/zaun-alu-landeck-1-1024x683.jpg 1024w, https:\/\/www.leeb-balkone.com\/app\/uploads\/2020\/07\/zaun-alu-landeck-1-768x512.jpg 768w, https:\/\/www.leeb-balkone.com\/app\/uploads\/2020\/07\/zaun-alu-landeck-1-1536x1024.jpg 1536w, https:\/\/www.leeb-balkone.com\/app\/uploads\/2020\/07\/zaun-alu-landeck-1-2048x1366.jpg 2048w\" sizes=\"auto, (min-width: 1200px) 260px, (min-width: 1024px) 220px, (min-width: 640px) 465px, 768px\" \/>    \n                <\/figure>\n                        <\/div>\n            <p>Alu Zaun Modell Landeck<\/p>        <\/div>\n                  <div class=\"lg-item\" data-src=\"https:\/\/www.leeb-balkone.com\/app\/uploads\/2022\/10\/alubalkon-vision-mit-grauem-glas-und-aluzaun-lille-in-anthrazit-scaled.jpg\"\n              data-sub-html=\"&lt;p&gt;Alubalkon Vision in Anthrazit mit Schiebetor&lt;\/p&gt;\">\n            <div class=\"img-wrapper\">\n                <figure>\n                    <img loading=\"lazy\" decoding=\"async\" width=\"300\" height=\"200\" src=\"https:\/\/www.leeb-balkone.com\/app\/uploads\/2022\/10\/alubalkon-vision-mit-grauem-glas-und-aluzaun-lille-in-anthrazit-300x200.jpg\" class=\"attachment-medium size-medium\" alt=\"alubalkon vision mit grauem glas und aluzaun lille in anthrazit\" srcset=\"https:\/\/www.leeb-balkone.com\/app\/uploads\/2022\/10\/alubalkon-vision-mit-grauem-glas-und-aluzaun-lille-in-anthrazit-300x200.jpg 300w, https:\/\/www.leeb-balkone.com\/app\/uploads\/2022\/10\/alubalkon-vision-mit-grauem-glas-und-aluzaun-lille-in-anthrazit-1024x683.jpg 1024w, https:\/\/www.leeb-balkone.com\/app\/uploads\/2022\/10\/alubalkon-vision-mit-grauem-glas-und-aluzaun-lille-in-anthrazit-768x512.jpg 768w, https:\/\/www.leeb-balkone.com\/app\/uploads\/2022\/10\/alubalkon-vision-mit-grauem-glas-und-aluzaun-lille-in-anthrazit-1536x1025.jpg 1536w, https:\/\/www.leeb-balkone.com\/app\/uploads\/2022\/10\/alubalkon-vision-mit-grauem-glas-und-aluzaun-lille-in-anthrazit-2048x1366.jpg 2048w\" sizes=\"auto, (min-width: 1200px) 260px, (min-width: 1024px) 220px, (min-width: 640px) 465px, 768px\" \/>    \n                <\/figure>\n                        <\/div>\n            <p>Alubalkon Vision in Anthrazit mit Schiebetor<\/p>        <\/div>\n                <\/div>\n\n              <div class=\"lg-load-more-wrapper\">\n            <div class=\"lg-load-more wp-block-button is-style-filled-secondary\">\n                <a href=\"#\" class=\"wp-block-button__link wp-element-button\" role=\"button\">\n                    Mehr laden                <\/a>\n            <\/div>\n        <\/div>\n          <\/div>\n    <\/section>\n\n\n\n<section class=\"wp-block-group alignfull has-white-background-color has-background has-global-padding is-layout-constrained wp-container-core-group-is-layout-9fa1424c wp-block-group-is-layout-constrained\" style=\"padding-top:0\">\n<div class=\"wp-block-columns is-style-offset m-split is-layout-flex wp-container-core-columns-is-layout-28f84493 wp-block-columns-is-layout-flex\">\n<div class=\"wp-block-column is-layout-flow wp-block-column-is-layout-flow\"><div class=\"vp-map-wrapper vp-map-ratio-19-1\"><img decoding=\"async\" width=\"2000\" height=\"1041\" src=\"https:\/\/www.leeb-balkone.com\/app\/uploads\/2026\/03\/map-de.jpg\" class=\"attachment-full size-full\" alt=\"Deutsche Map: Vertriebspartner (orange Pins) und Schaur\u00e4ume \/ Standorte (gr\u00fcne Pins) der Leeb Balkone GmbH in Deutschland\" style=\"width:100%;height:100%;object-fit:cover;display:block;\" loading=\"lazy\" srcset=\"https:\/\/www.leeb-balkone.com\/app\/uploads\/2026\/03\/map-de.jpg 2000w, https:\/\/www.leeb-balkone.com\/app\/uploads\/2026\/03\/map-de-300x156.jpg 300w, https:\/\/www.leeb-balkone.com\/app\/uploads\/2026\/03\/map-de-1024x533.jpg 1024w, https:\/\/www.leeb-balkone.com\/app\/uploads\/2026\/03\/map-de-768x400.jpg 768w, https:\/\/www.leeb-balkone.com\/app\/uploads\/2026\/03\/map-de-1536x799.jpg 1536w\" sizes=\"auto, (min-width: 1536px) 2048px, (min-width: 992px) 1536px, (min-width: 768px) 1024px, (min-width: 576px) 768px, 100vw\" \/><\/div>\n<\/div>\n\n\n\n<div class=\"wp-block-column is-vertically-aligned-center is-style-overlay-content is-layout-flow wp-block-column-is-layout-flow\">\n<div class=\"wp-block-group is-vertical is-layout-flex wp-container-core-group-is-layout-bd7877ba wp-block-group-is-layout-flex\">\n<h2 class=\"wp-block-heading has-step-2-font-size\">Vertriebspartner Deutschland<\/h2>\n\n\n\n<p>Kompetente LEEB Partner in Ihrer Region. Pers\u00f6nliche Beratung, pr\u00e4zise Planung und fachgerechte Montage \u2013 bundesweit.<\/p>\n\n\n\n<div class=\"wp-block-buttons is-layout-flex wp-block-buttons-is-layout-flex\" style=\"margin-top:var(--wp--preset--spacing--2-xs)\">\n<div class=\"wp-block-button is-style-cta\"><a class=\"wp-block-button__link has-transparent-background-color has-background wp-element-button\" href=\"https:\/\/www.leeb-balkone.com\/de\/vertriebspartner\/\">Vertriebspartner finden<span class=\"sr-only\"> Vertriebspartner Leeb Balkone Deutschland<\/span><\/a><\/div>\n<\/div>\n<\/div>\n<\/div>\n<\/div>\n<\/section>\n\n\n\n<section class=\"wp-block-group alignfull has-light-gray-background-color has-background has-global-padding is-layout-constrained wp-container-core-group-is-layout-52f96efc wp-block-group-is-layout-constrained\" id=\"beratungstermin\">\n<div class=\"wp-block-group m-teaser o-grid u-md-1 is-layout-flow wp-block-group-is-layout-flow\">\n<div class=\"wp-block-group u-g-7 u-g-s-2 is-layout-flow wp-block-group-is-layout-flow\" style=\"margin-bottom:var(--wp--preset--spacing--s)\">\n<h2 class=\"wp-block-heading\">Kontaktieren Sie uns<\/h2>\n\n\n\n<p><strong><strong>Sie planen ein Projekt oder haben Fragen zu uns und unseren L\u00f6sungen? Schreiben Sie uns einfach &#8211; wir nehmen uns gerne Zeit f\u00fcr Ihr Anliegen!<\/strong><\/strong><\/p>\n<\/div>\n<\/div>\n\n\n\n<div class=\"wp-block-group m-teaser o-grid u-md-1 is-layout-flow wp-block-group-is-layout-flow\">\n<div class=\"wp-block-group u-g-7 u-g-s-2 is-layout-flow wp-block-group-is-layout-flow\" style=\"margin-bottom:var(--wp--preset--spacing--s)\"><form action=\"https:\/\/www.leeb-balkone.com\/de\/wp-json\/ws-form\/v1\/submit\" class=\"wsf-form wsf-form-canvas\" id=\"ws-form-1\" data-id=\"4\" data-instance-id=\"1\" method=\"POST\"><\/form>\n<\/div>\n\n\n\n<div class=\"wp-block-group u-g-3 u-g-s-9 is-layout-flow wp-block-group-is-layout-flow\"><div class=\"t3-sidebar-buttons wp-block-buttons is-layout-flex wp-block-buttons-is-layout-flex\"><div class=\"wp-block-button is-style-fill icon-book icon-left\">\n                        <a class=\"wp-block-button__link has-secondary-color has-white-background-color has-text-color has-background has-link-color wp-element-button\" href=\"https:\/\/www.leeb-balkone.com\/de\/kontakt\/katalog-anfordern\/\" style=\"box-shadow:var(--wp--preset--shadow--box-shadow)\">Katalog anfordern<\/a>\n                    <\/div><div class=\"wp-block-button is-style-fill icon-phone-new icon-left\">\n                        <a class=\"wp-block-button__link has-secondary-color has-white-background-color has-text-color has-background has-link-color wp-element-button\" href=\"tel:08001801003\">Hotline Deutschland <span class=\"sr-only\">Hotline: 0800 1801003 (Deutschlandweit kostenlos)<\/span><\/a>\n                    <\/div><\/div>\n<\/div>\n<\/div>\n<\/section>\n","protected":false},"excerpt":{"rendered":"","protected":false},"author":1,"featured_media":139927,"parent":19964,"menu_order":2,"comment_status":"closed","ping_status":"closed","template":"template-onepager.blade.php","meta":{"_acf_changed":false,"footnotes":"","_sage_theme_css":true,"_wp_block_core_css":true},"folder":[246],"class_list":["post-4438","page","type-page","status-publish","has-post-thumbnail","hentry"],"acf":[],"yoast_head":"<!-- This site is optimized with the Yoast SEO plugin v27.2 - https:\/\/yoast.com\/product\/yoast-seo-wordpress\/ -->\n<title>Zaun aus Aluminium \u00bb Aluzaun - Leeb Balkone Deutschland<\/title>\n<meta name=\"description\" content=\"ALU COMFORT PLUS\u00ae Pulverbeschichtung \u2713 Zaun mit patentiertem Verfahren f\u00fcr wartungsfreie, lange Haltbarkeit *** Zaun-Profi LEEB Balkone und Z\u00e4une\" \/>\n<meta name=\"robots\" content=\"index, follow, max-snippet:-1, max-image-preview:large, max-video-preview:-1\" \/>\n<meta property=\"og:locale\" content=\"de_DE\" \/>\n<meta property=\"og:type\" content=\"article\" \/>\n<meta property=\"og:title\" content=\"Zaun aus Aluminium \u00bb Aluzaun - Leeb Balkone\" \/>\n<meta property=\"og:description\" content=\"ALU COMFORT PLUS\u00ae Pulverbeschichtung \u2713 Zaun mit patentiertem Verfahren f\u00fcr wartungsfreie, lange Haltbarkeit *** Zaun-Profi LEEB Balkone und Z\u00e4une\" \/>\n<meta property=\"og:url\" content=\"https:\/\/www.leeb-balkone.com\/de\/zaeune\/aluzaun\/\" \/>\n<meta property=\"og:site_name\" content=\"Leeb Balkone\" \/>\n<meta property=\"article:publisher\" content=\"https:\/\/www.facebook.com\/balkone\/\" \/>\n<meta property=\"article:modified_time\" content=\"2026-04-10T15:53:48+00:00\" \/>\n<meta property=\"og:image\" content=\"https:\/\/www.leeb-balkone.com\/app\/uploads\/2024\/07\/aluzaun-von-leeb-balkone.jpg\" \/>\n\t<meta property=\"og:image:width\" content=\"2560\" \/>\n\t<meta property=\"og:image:height\" content=\"1709\" \/>\n\t<meta property=\"og:image:type\" content=\"image\/jpeg\" \/>\n<meta name=\"twitter:card\" content=\"summary_large_image\" \/>\n<script type=\"application\/ld+json\" class=\"yoast-schema-graph\">{\"@context\":\"https:\/\/schema.org\",\"@graph\":[{\"@type\":\"WebPage\",\"@id\":\"https:\/\/www.leeb-balkone.com\/de\/zaeune\/aluzaun\/\",\"url\":\"https:\/\/www.leeb-balkone.com\/de\/zaeune\/aluzaun\/\",\"name\":\"Zaun aus Aluminium \u00bb Aluzaun - Leeb Balkone\",\"isPartOf\":{\"@id\":\"https:\/\/www.leeb-balkone.com\/de\/#website\"},\"primaryImageOfPage\":{\"@id\":\"https:\/\/www.leeb-balkone.com\/de\/zaeune\/aluzaun\/#primaryimage\"},\"image\":{\"@id\":\"https:\/\/www.leeb-balkone.com\/de\/zaeune\/aluzaun\/#primaryimage\"},\"thumbnailUrl\":\"https:\/\/www.leeb-balkone.com\/app\/uploads\/2024\/07\/aluzaun-von-leeb-balkone.jpg\",\"datePublished\":\"2020-07-22T15:38:11+00:00\",\"dateModified\":\"2026-04-10T15:53:48+00:00\",\"description\":\"ALU COMFORT PLUS\u00ae Pulverbeschichtung \u2713 Zaun mit patentiertem Verfahren f\u00fcr wartungsfreie, lange Haltbarkeit *** Zaun-Profi LEEB Balkone und Z\u00e4une\",\"breadcrumb\":{\"@id\":\"https:\/\/www.leeb-balkone.com\/de\/zaeune\/aluzaun\/#breadcrumb\"},\"inLanguage\":\"de\",\"potentialAction\":[{\"@type\":\"ReadAction\",\"target\":[\"https:\/\/www.leeb-balkone.com\/de\/zaeune\/aluzaun\/\"]}]},{\"@type\":\"ImageObject\",\"inLanguage\":\"de\",\"@id\":\"https:\/\/www.leeb-balkone.com\/de\/zaeune\/aluzaun\/#primaryimage\",\"url\":\"https:\/\/www.leeb-balkone.com\/app\/uploads\/2024\/07\/aluzaun-von-leeb-balkone.jpg\",\"contentUrl\":\"https:\/\/www.leeb-balkone.com\/app\/uploads\/2024\/07\/aluzaun-von-leeb-balkone.jpg\",\"width\":2560,\"height\":1709},{\"@type\":\"BreadcrumbList\",\"@id\":\"https:\/\/www.leeb-balkone.com\/de\/zaeune\/aluzaun\/#breadcrumb\",\"itemListElement\":[{\"@type\":\"ListItem\",\"position\":1,\"name\":\"Home\",\"item\":\"https:\/\/www.leeb-balkone.com\/de\/\"},{\"@type\":\"ListItem\",\"position\":2,\"name\":\"Z\u00e4une\",\"item\":\"https:\/\/www.leeb-balkone.com\/de\/zaeune\/\"},{\"@type\":\"ListItem\",\"position\":3,\"name\":\"Aluzaun\"}]},{\"@type\":\"WebSite\",\"@id\":\"https:\/\/www.leeb-balkone.com\/de\/#website\",\"url\":\"https:\/\/www.leeb-balkone.com\/de\/\",\"name\":\"Leeb Balkone\",\"description\":\"Balkone und Z\u00e4une\",\"publisher\":{\"@id\":\"https:\/\/www.leeb-balkone.com\/de\/#organization\"},\"potentialAction\":[{\"@type\":\"SearchAction\",\"target\":{\"@type\":\"EntryPoint\",\"urlTemplate\":\"https:\/\/www.leeb-balkone.com\/de\/?s={search_term_string}\"},\"query-input\":{\"@type\":\"PropertyValueSpecification\",\"valueRequired\":true,\"valueName\":\"search_term_string\"}}],\"inLanguage\":\"de\"},{\"@type\":\"Organization\",\"@id\":\"https:\/\/www.leeb-balkone.com\/de\/#organization\",\"name\":\"Leeb Balkone Gmbh\",\"url\":\"https:\/\/www.leeb-balkone.com\/de\/\",\"logo\":{\"@type\":\"ImageObject\",\"inLanguage\":\"de\",\"@id\":\"https:\/\/www.leeb-balkone.com\/de\/#\/schema\/logo\/image\/\",\"url\":\"https:\/\/www.leeb-balkone.com\/app\/uploads\/2020\/11\/leeb-logo.svg\",\"contentUrl\":\"https:\/\/www.leeb-balkone.com\/app\/uploads\/2020\/11\/leeb-logo.svg\",\"width\":741,\"height\":204,\"caption\":\"Leeb Balkone Gmbh\"},\"image\":{\"@id\":\"https:\/\/www.leeb-balkone.com\/de\/#\/schema\/logo\/image\/\"},\"sameAs\":[\"https:\/\/www.facebook.com\/balkone\/\",\"https:\/\/www.trustedshops.at\/bewertung\/info_X4587CCF5833E31AFE0B11F47D86999F2.html\",\"https:\/\/www.trustedshops.de\/bewertung\/info_X7BA536A7A0BDC86D36C4718E4DCAEEEF.html\",\"https:\/\/www.google.com\/maps\/place\/?q=place_id:ChIJ5-zH19-IcEcR9HonWRTllHI\"]}]}<\/script>\n<!-- \/ Yoast SEO plugin. -->","yoast_head_json":{"title":"Zaun aus Aluminium \u00bb Aluzaun - Leeb Balkone Deutschland","description":"ALU COMFORT PLUS\u00ae Pulverbeschichtung \u2713 Zaun mit patentiertem Verfahren f\u00fcr wartungsfreie, lange Haltbarkeit *** Zaun-Profi LEEB Balkone und Z\u00e4une","robots":{"index":"index","follow":"follow","max-snippet":"max-snippet:-1","max-image-preview":"max-image-preview:large","max-video-preview":"max-video-preview:-1"},"og_locale":"de_DE","og_type":"article","og_title":"Zaun aus Aluminium \u00bb Aluzaun - Leeb Balkone","og_description":"ALU COMFORT PLUS\u00ae Pulverbeschichtung \u2713 Zaun mit patentiertem Verfahren f\u00fcr wartungsfreie, lange Haltbarkeit *** Zaun-Profi LEEB Balkone und Z\u00e4une","og_url":"https:\/\/www.leeb-balkone.com\/de\/zaeune\/aluzaun\/","og_site_name":"Leeb Balkone","article_publisher":"https:\/\/www.facebook.com\/balkone\/","article_modified_time":"2026-04-10T15:53:48+00:00","og_image":[{"width":2560,"height":1709,"url":"https:\/\/www.leeb-balkone.com\/app\/uploads\/2024\/07\/aluzaun-von-leeb-balkone.jpg","type":"image\/jpeg"}],"twitter_card":"summary_large_image","schema":{"@context":"https:\/\/schema.org","@graph":[{"@type":"WebPage","@id":"https:\/\/www.leeb-balkone.com\/de\/zaeune\/aluzaun\/","url":"https:\/\/www.leeb-balkone.com\/de\/zaeune\/aluzaun\/","name":"Zaun aus Aluminium \u00bb Aluzaun - Leeb Balkone","isPartOf":{"@id":"https:\/\/www.leeb-balkone.com\/de\/#website"},"primaryImageOfPage":{"@id":"https:\/\/www.leeb-balkone.com\/de\/zaeune\/aluzaun\/#primaryimage"},"image":{"@id":"https:\/\/www.leeb-balkone.com\/de\/zaeune\/aluzaun\/#primaryimage"},"thumbnailUrl":"https:\/\/www.leeb-balkone.com\/app\/uploads\/2024\/07\/aluzaun-von-leeb-balkone.jpg","datePublished":"2020-07-22T15:38:11+00:00","dateModified":"2026-04-10T15:53:48+00:00","description":"ALU COMFORT PLUS\u00ae Pulverbeschichtung \u2713 Zaun mit patentiertem Verfahren f\u00fcr wartungsfreie, lange Haltbarkeit *** Zaun-Profi LEEB Balkone und Z\u00e4une","breadcrumb":{"@id":"https:\/\/www.leeb-balkone.com\/de\/zaeune\/aluzaun\/#breadcrumb"},"inLanguage":"de","potentialAction":[{"@type":"ReadAction","target":["https:\/\/www.leeb-balkone.com\/de\/zaeune\/aluzaun\/"]}]},{"@type":"ImageObject","inLanguage":"de","@id":"https:\/\/www.leeb-balkone.com\/de\/zaeune\/aluzaun\/#primaryimage","url":"https:\/\/www.leeb-balkone.com\/app\/uploads\/2024\/07\/aluzaun-von-leeb-balkone.jpg","contentUrl":"https:\/\/www.leeb-balkone.com\/app\/uploads\/2024\/07\/aluzaun-von-leeb-balkone.jpg","width":2560,"height":1709},{"@type":"BreadcrumbList","@id":"https:\/\/www.leeb-balkone.com\/de\/zaeune\/aluzaun\/#breadcrumb","itemListElement":[{"@type":"ListItem","position":1,"name":"Home","item":"https:\/\/www.leeb-balkone.com\/de\/"},{"@type":"ListItem","position":2,"name":"Z\u00e4une","item":"https:\/\/www.leeb-balkone.com\/de\/zaeune\/"},{"@type":"ListItem","position":3,"name":"Aluzaun"}]},{"@type":"WebSite","@id":"https:\/\/www.leeb-balkone.com\/de\/#website","url":"https:\/\/www.leeb-balkone.com\/de\/","name":"Leeb Balkone","description":"Balkone und Z\u00e4une","publisher":{"@id":"https:\/\/www.leeb-balkone.com\/de\/#organization"},"potentialAction":[{"@type":"SearchAction","target":{"@type":"EntryPoint","urlTemplate":"https:\/\/www.leeb-balkone.com\/de\/?s={search_term_string}"},"query-input":{"@type":"PropertyValueSpecification","valueRequired":true,"valueName":"search_term_string"}}],"inLanguage":"de"},{"@type":"Organization","@id":"https:\/\/www.leeb-balkone.com\/de\/#organization","name":"Leeb Balkone Gmbh","url":"https:\/\/www.leeb-balkone.com\/de\/","logo":{"@type":"ImageObject","inLanguage":"de","@id":"https:\/\/www.leeb-balkone.com\/de\/#\/schema\/logo\/image\/","url":"https:\/\/www.leeb-balkone.com\/app\/uploads\/2020\/11\/leeb-logo.svg","contentUrl":"https:\/\/www.leeb-balkone.com\/app\/uploads\/2020\/11\/leeb-logo.svg","width":741,"height":204,"caption":"Leeb Balkone Gmbh"},"image":{"@id":"https:\/\/www.leeb-balkone.com\/de\/#\/schema\/logo\/image\/"},"sameAs":["https:\/\/www.facebook.com\/balkone\/","https:\/\/www.trustedshops.at\/bewertung\/info_X4587CCF5833E31AFE0B11F47D86999F2.html","https:\/\/www.trustedshops.de\/bewertung\/info_X7BA536A7A0BDC86D36C4718E4DCAEEEF.html","https:\/\/www.google.com\/maps\/place\/?q=place_id:ChIJ5-zH19-IcEcR9HonWRTllHI"]}]}},"_links":{"self":[{"href":"https:\/\/www.leeb-balkone.com\/de\/wp-json\/wp\/v2\/pages\/4438","targetHints":{"allow":["GET"]}}],"collection":[{"href":"https:\/\/www.leeb-balkone.com\/de\/wp-json\/wp\/v2\/pages"}],"about":[{"href":"https:\/\/www.leeb-balkone.com\/de\/wp-json\/wp\/v2\/types\/page"}],"author":[{"embeddable":true,"href":"https:\/\/www.leeb-balkone.com\/de\/wp-json\/wp\/v2\/users\/1"}],"replies":[{"embeddable":true,"href":"https:\/\/www.leeb-balkone.com\/de\/wp-json\/wp\/v2\/comments?post=4438"}],"version-history":[{"count":55,"href":"https:\/\/www.leeb-balkone.com\/de\/wp-json\/wp\/v2\/pages\/4438\/revisions"}],"predecessor-version":[{"id":167637,"href":"https:\/\/www.leeb-balkone.com\/de\/wp-json\/wp\/v2\/pages\/4438\/revisions\/167637"}],"up":[{"embeddable":true,"href":"https:\/\/www.leeb-balkone.com\/de\/wp-json\/wp\/v2\/pages\/19964"}],"wp:featuredmedia":[{"embeddable":true,"href":"https:\/\/www.leeb-balkone.com\/de\/wp-json\/wp\/v2\/media\/139927"}],"wp:attachment":[{"href":"https:\/\/www.leeb-balkone.com\/de\/wp-json\/wp\/v2\/media?parent=4438"}],"wp:term":[{"taxonomy":"folder","embeddable":true,"href":"https:\/\/www.leeb-balkone.com\/de\/wp-json\/wp\/v2\/folder?post=4438"}],"curies":[{"name":"wp","href":"https:\/\/api.w.org\/{rel}","templated":true}]}}