{"id":420,"date":"2020-04-13T21:46:42","date_gmt":"2020-04-13T21:46:42","guid":{"rendered":"https:\/\/dev2020.tordrei.net\/?page_id=420"},"modified":"2026-01-23T20:33:28","modified_gmt":"2026-01-23T20:33:28","slug":"produkte","status":"publish","type":"page","link":"https:\/\/www.leeb-balkone.com\/de\/produkte\/","title":{"rendered":"Produkte"},"content":{"rendered":"<header class=\"wp-block-group alignfull t3-header u-max-wide t3-header-text has-white-background-color has-background has-global-padding is-layout-constrained wp-block-group-is-layout-constrained\">\n    <div class=\"wp-block-group o-grid u-md-1 u-sm-1 is-layout-flow wp-block-group-is-layout-flow\">\n  <div class=\"wp-block-group u-g-10 u-g-s-2\">\n      <div class=\"yoast-breadcrumbs\"><span><span><a href=\"https:\/\/www.leeb-balkone.com\/de\/\">Home<\/a><\/span><\/span><\/div>\n      \n    <h1>Produkte<\/h1><h2 class=\"wp-block-heading is-style-subtitle\">Balkongel\u00e4nder, Z\u00e4une, \u00dcberdachungen, Anbaubalkone<\/h2>\n  <\/div>\n<\/div>\n  <\/header>\n\n\n\n\n\n\n\n<section class=\"wp-block-cgb-t3-section-block alignfull b-pt-none  is-style-bg-white\" style=\"display:inherit;min-height:inherit\">\n<div class=\"wp-block-cgb-t3-container-block none\" style=\"background-color:none\"><div class=\"grid-container\"><div class=\"grid-x\"><div class=\"cell small-12 medium-9 large-0 medium-offset-1 b-has-lsmb\">\n<p><span class=\"teaser\">Europas f\u00fchrender Hersteller von Balkonen steht f\u00fcr eine innovative Verarbeitung von hochwertigem Aluminium und ma\u00dfgeschneiderte Arbeit mit heimischem Qualit\u00e4tsholz. Die Premiumgl\u00e4ser werden ebenfalls in der betriebseigenen Glaserei in Gnesau gefertigt. Neben weit mehr als 150.000 zufriedenen Privatkunden setzen auch der Tourismussektor und die Wohnungswirtschaft auf die Qualit\u00e4t und das Know-how von Leeb Balkone.<\/span><\/p>\n<\/div><\/div><\/div><\/div>\n\n\n\n<div class=\"wp-block-cgb-t3-container-block none\" style=\"background-color:none\"><div class=\"grid-container\"><div class=\"grid-x\"><div class=\"cell small-12 medium-0 large-0 b-has-pt\"><div data-block_acf-block-6973db15ac08e class=\"wp-block-group is-style-transparent-cards u-grid-temp has-2-cols u-md-2 u-sm-1 cards alignwide offset \" style=\"margin-bottom:var(--wp--preset--spacing--xl)\">\n\n\n            <div class=\"wp-block-group m-card is-layout-flow wp-block-group-is-layout-flow\">\n      <figure data-imgid=\"58662\" class=\"wp-block-image size-large\">\n      <a href=\"https:\/\/www.leeb-balkone.com\/de\/balkongelaender\/\"  class=\"no-default-link\">\n        <img decoding=\"async\" width=\"1024\" height=\"681\" src=\"https:\/\/www.leeb-balkone.com\/app\/uploads\/2021\/10\/balkongelaender-alu-design-barcelona-18aaa-1024x681.jpg\" class=\"attachment-large size-large\" alt=\"Balkongel\u00e4nder Alu - Gel\u00e4nder aus Aluminium von Leeb Balkone\" title=\"\" loading=\"lazy\" srcset=\"https:\/\/www.leeb-balkone.com\/app\/uploads\/2021\/10\/balkongelaender-alu-design-barcelona-18aaa-1024x681.jpg 1024w, https:\/\/www.leeb-balkone.com\/app\/uploads\/2021\/10\/balkongelaender-alu-design-barcelona-18aaa-300x199.jpg 300w, https:\/\/www.leeb-balkone.com\/app\/uploads\/2021\/10\/balkongelaender-alu-design-barcelona-18aaa-768x510.jpg 768w, https:\/\/www.leeb-balkone.com\/app\/uploads\/2021\/10\/balkongelaender-alu-design-barcelona-18aaa-1536x1021.jpg 1536w, https:\/\/www.leeb-balkone.com\/app\/uploads\/2021\/10\/balkongelaender-alu-design-barcelona-18aaa-2048x1361.jpg 2048w\" sizes=\"auto, (min-width: 1200px) 1024px, (min-width: 1024px) 768px, (min-width: 640px) 768px, 768px\" \/>      <\/a>\n    <\/figure>\n  \n  <div class=\"wp-block-group m-card-content is-vertical is-layout-flex wp-block-group-is-layout-flex\">\n            <h3 class=\"wp-block-heading\">\n          <a href=\"https:\/\/www.leeb-balkone.com\/de\/balkongelaender\/\" class=\"no-default-link\" >Balkongel\u00e4nder<\/a>\n        <\/h3>\n        <p>Balkongel\u00e4nder aus Alu, Glas und Holz<\/p>\n          <a href=\"https:\/\/www.leeb-balkone.com\/de\/balkongelaender\/\" class=\"more\">mehr erfahren<\/a>\n      <\/div>\n<\/div>\n\n\n          <div class=\"wp-block-group m-card is-layout-flow wp-block-group-is-layout-flow\">\n      <figure data-imgid=\"69756\" class=\"wp-block-image size-large\">\n      <a href=\"https:\/\/www.leeb-balkone.com\/de\/zaeune\/\"  class=\"no-default-link\">\n        <img decoding=\"async\" width=\"1024\" height=\"684\" src=\"https:\/\/www.leeb-balkone.com\/app\/uploads\/2022\/02\/zaun-grado-familie-borer-solothurn13-2-1-1024x684.jpg\" class=\"attachment-large size-large\" alt=\"zaun grado familie borer solothurn13 2 1\" title=\"\" loading=\"lazy\" srcset=\"https:\/\/www.leeb-balkone.com\/app\/uploads\/2022\/02\/zaun-grado-familie-borer-solothurn13-2-1-1024x684.jpg 1024w, https:\/\/www.leeb-balkone.com\/app\/uploads\/2022\/02\/zaun-grado-familie-borer-solothurn13-2-1-300x200.jpg 300w, https:\/\/www.leeb-balkone.com\/app\/uploads\/2022\/02\/zaun-grado-familie-borer-solothurn13-2-1-768x513.jpg 768w, https:\/\/www.leeb-balkone.com\/app\/uploads\/2022\/02\/zaun-grado-familie-borer-solothurn13-2-1-1536x1025.jpg 1536w, https:\/\/www.leeb-balkone.com\/app\/uploads\/2022\/02\/zaun-grado-familie-borer-solothurn13-2-1-scaled.jpg 2048w\" sizes=\"auto, (min-width: 1200px) 1024px, (min-width: 1024px) 768px, (min-width: 640px) 768px, 768px\" \/>      <\/a>\n    <\/figure>\n  \n  <div class=\"wp-block-group m-card-content is-vertical is-layout-flex wp-block-group-is-layout-flex\">\n            <h3 class=\"wp-block-heading\">\n          <a href=\"https:\/\/www.leeb-balkone.com\/de\/zaeune\/\" class=\"no-default-link\" >Z\u00e4une<\/a>\n        <\/h3>\n        <p>Z\u00e4une, Zauntore und Sichtschutz individuell angefertigt<\/p>\n          <a href=\"https:\/\/www.leeb-balkone.com\/de\/zaeune\/\" class=\"more\">mehr erfahren<\/a>\n      <\/div>\n<\/div>\n\n\n          <div class=\"wp-block-group m-card is-layout-flow wp-block-group-is-layout-flow\">\n      <figure data-imgid=\"69769\" class=\"wp-block-image size-large\">\n      <a href=\"https:\/\/www.leeb-balkone.com\/de\/anbaubalkone\/\"  class=\"no-default-link\">\n        <img decoding=\"async\" width=\"1024\" height=\"684\" src=\"https:\/\/www.leeb-balkone.com\/app\/uploads\/2022\/02\/anbaubalkon-mit-stuetzen-1000-Kopie-1024x684.jpg\" class=\"attachment-large size-large\" alt=\"Anbaubalkon mit St\u00fctzen\" title=\"\" loading=\"lazy\" srcset=\"https:\/\/www.leeb-balkone.com\/app\/uploads\/2022\/02\/anbaubalkon-mit-stuetzen-1000-Kopie-1024x684.jpg 1024w, https:\/\/www.leeb-balkone.com\/app\/uploads\/2022\/02\/anbaubalkon-mit-stuetzen-1000-Kopie-300x200.jpg 300w, https:\/\/www.leeb-balkone.com\/app\/uploads\/2022\/02\/anbaubalkon-mit-stuetzen-1000-Kopie-768x513.jpg 768w, https:\/\/www.leeb-balkone.com\/app\/uploads\/2022\/02\/anbaubalkon-mit-stuetzen-1000-Kopie-1536x1025.jpg 1536w, https:\/\/www.leeb-balkone.com\/app\/uploads\/2022\/02\/anbaubalkon-mit-stuetzen-1000-Kopie-scaled.jpg 2048w\" sizes=\"auto, (min-width: 1200px) 1024px, (min-width: 1024px) 768px, (min-width: 640px) 768px, 768px\" \/>      <\/a>\n    <\/figure>\n  \n  <div class=\"wp-block-group m-card-content is-vertical is-layout-flex wp-block-group-is-layout-flex\">\n            <h3 class=\"wp-block-heading\">\n          <a href=\"https:\/\/www.leeb-balkone.com\/de\/anbaubalkone\/\" class=\"no-default-link\" >Anbaubalkone<\/a>\n        <\/h3>\n        <p>Balkonanbau in drei Systemen f\u00fcr jedes Zuhause<\/p>\n          <a href=\"https:\/\/www.leeb-balkone.com\/de\/anbaubalkone\/\" class=\"more\">mehr erfahren<\/a>\n      <\/div>\n<\/div>\n\n\n          <div class=\"wp-block-group m-card is-layout-flow wp-block-group-is-layout-flow\">\n      <figure data-imgid=\"60172\" class=\"wp-block-image size-large\">\n      <a href=\"https:\/\/www.leeb-balkone.com\/de\/ueberdachungen\/\"  class=\"no-default-link\">\n        <img decoding=\"async\" width=\"1024\" height=\"684\" src=\"https:\/\/www.leeb-balkone.com\/app\/uploads\/2021\/11\/terrassenueberdachung-sonnenschutz-1024x684.jpeg\" class=\"attachment-large size-large\" alt=\"Terrassen\u00fcberdachung Sonnenschutz\" title=\"\" loading=\"lazy\" srcset=\"https:\/\/www.leeb-balkone.com\/app\/uploads\/2021\/11\/terrassenueberdachung-sonnenschutz-1024x684.jpeg 1024w, https:\/\/www.leeb-balkone.com\/app\/uploads\/2021\/11\/terrassenueberdachung-sonnenschutz-300x200.jpeg 300w, https:\/\/www.leeb-balkone.com\/app\/uploads\/2021\/11\/terrassenueberdachung-sonnenschutz-768x513.jpeg 768w, https:\/\/www.leeb-balkone.com\/app\/uploads\/2021\/11\/terrassenueberdachung-sonnenschutz-1536x1025.jpeg 1536w, https:\/\/www.leeb-balkone.com\/app\/uploads\/2021\/11\/terrassenueberdachung-sonnenschutz-scaled.jpeg 2048w\" sizes=\"auto, (min-width: 1200px) 1024px, (min-width: 1024px) 768px, (min-width: 640px) 768px, 768px\" \/>      <\/a>\n    <\/figure>\n  \n  <div class=\"wp-block-group m-card-content is-vertical is-layout-flex wp-block-group-is-layout-flex\">\n            <h3 class=\"wp-block-heading\">\n          <a href=\"https:\/\/www.leeb-balkone.com\/de\/ueberdachungen\/\" class=\"no-default-link\" >\u00dcberdachungen und Sommerg\u00e4rten<\/a>\n        <\/h3>\n        <p>Terrassen\u00fcberdachungen mit All-inclusive-Dachkonstruktion<\/p>\n          <a href=\"https:\/\/www.leeb-balkone.com\/de\/ueberdachungen\/\" class=\"more\">mehr erfahren<\/a>\n      <\/div>\n<\/div>\n\n\n          <div class=\"wp-block-group m-card is-layout-flow wp-block-group-is-layout-flow\">\n      <figure data-imgid=\"120905\" class=\"wp-block-image size-large\">\n      <a href=\"https:\/\/www.leeb-balkone.com\/de\/solar\/\"  class=\"no-default-link\">\n        <img decoding=\"async\" width=\"1024\" height=\"892\" src=\"https:\/\/www.leeb-balkone.com\/app\/uploads\/2020\/07\/alu-balkongelaender-solar-8-1024x892.jpg\" class=\"attachment-large size-large\" alt=\"alu balkongelaender solar 8\" title=\"\" loading=\"lazy\" srcset=\"https:\/\/www.leeb-balkone.com\/app\/uploads\/2020\/07\/alu-balkongelaender-solar-8-1024x892.jpg 1024w, https:\/\/www.leeb-balkone.com\/app\/uploads\/2020\/07\/alu-balkongelaender-solar-8-300x261.jpg 300w, https:\/\/www.leeb-balkone.com\/app\/uploads\/2020\/07\/alu-balkongelaender-solar-8-768x669.jpg 768w, https:\/\/www.leeb-balkone.com\/app\/uploads\/2020\/07\/alu-balkongelaender-solar-8-1536x1338.jpg 1536w, https:\/\/www.leeb-balkone.com\/app\/uploads\/2020\/07\/alu-balkongelaender-solar-8-2048x1784.jpg 2048w\" sizes=\"auto, (min-width: 1200px) 1024px, (min-width: 1024px) 768px, (min-width: 640px) 768px, 768px\" \/>      <\/a>\n    <\/figure>\n  \n  <div class=\"wp-block-group m-card-content is-vertical is-layout-flex wp-block-group-is-layout-flex\">\n            <h3 class=\"wp-block-heading\">\n          <a href=\"https:\/\/www.leeb-balkone.com\/de\/solar\/\" class=\"no-default-link\" >Solarprodukte<\/a>\n        <\/h3>\n        <p>Hocheffiziente Solarprodukte mit integrierten PV-Modulen<\/p>\n          <a href=\"https:\/\/www.leeb-balkone.com\/de\/solar\/\" class=\"more\">mehr erfahren<\/a>\n      <\/div>\n<\/div>\n\n\n          <div class=\"wp-block-group m-card is-layout-flow wp-block-group-is-layout-flow\">\n      <figure data-imgid=\"134665\" class=\"wp-block-image size-large\">\n      <a href=\"https:\/\/www.leeb-balkone.com\/de\/technik\/soleeb\/\"  class=\"no-default-link\">\n        <img decoding=\"async\" width=\"1024\" height=\"837\" src=\"https:\/\/www.leeb-balkone.com\/app\/uploads\/2024\/01\/photovoltaik-plug-and-play-solaranlage-SOLEEB-1024x837.jpeg\" class=\"attachment-large size-large\" alt=\"Photovoltaik Plug and Play Solaranlage SOLEEB\" title=\"\" loading=\"lazy\" srcset=\"https:\/\/www.leeb-balkone.com\/app\/uploads\/2024\/01\/photovoltaik-plug-and-play-solaranlage-SOLEEB-1024x837.jpeg 1024w, https:\/\/www.leeb-balkone.com\/app\/uploads\/2024\/01\/photovoltaik-plug-and-play-solaranlage-SOLEEB-300x245.jpeg 300w, https:\/\/www.leeb-balkone.com\/app\/uploads\/2024\/01\/photovoltaik-plug-and-play-solaranlage-SOLEEB-768x628.jpeg 768w, https:\/\/www.leeb-balkone.com\/app\/uploads\/2024\/01\/photovoltaik-plug-and-play-solaranlage-SOLEEB-1536x1255.jpeg 1536w, https:\/\/www.leeb-balkone.com\/app\/uploads\/2024\/01\/photovoltaik-plug-and-play-solaranlage-SOLEEB-2048x1674.jpeg 2048w\" sizes=\"auto, (min-width: 1200px) 1024px, (min-width: 1024px) 768px, (min-width: 640px) 768px, 768px\" \/>      <\/a>\n    <\/figure>\n  \n  <div class=\"wp-block-group m-card-content is-vertical is-layout-flex wp-block-group-is-layout-flex\">\n            <h3 class=\"wp-block-heading\">\n          <a href=\"https:\/\/www.leeb-balkone.com\/de\/technik\/soleeb\/\" class=\"no-default-link\" >SOLEEB<\/a>\n        <\/h3>\n        <p>Die All-in-One-Solaranlage mit Plug-and-play-L\u00f6sung<\/p>\n          <a href=\"https:\/\/www.leeb-balkone.com\/de\/technik\/soleeb\/\" class=\"more\">mehr erfahren<\/a>\n      <\/div>\n<\/div>\n\n\n          <div class=\"wp-block-group m-card is-layout-flow wp-block-group-is-layout-flow\">\n      <figure data-imgid=\"7175\" class=\"wp-block-image size-large\">\n      <a href=\"https:\/\/www.leeb-balkone.com\/de\/anbaubalkone\/balkonboden-terrassenboden\/\"  class=\"no-default-link\">\n        <img decoding=\"async\" width=\"1024\" height=\"767\" src=\"https:\/\/www.leeb-balkone.com\/app\/uploads\/2020\/07\/alu-balkongelaender-beitragsbild-1024x767.jpg\" class=\"attachment-large size-large\" alt=\"Renovierte Terrasse mit Aluboden in Holzoptik\" title=\"\" loading=\"lazy\" srcset=\"https:\/\/www.leeb-balkone.com\/app\/uploads\/2020\/07\/alu-balkongelaender-beitragsbild-1024x767.jpg 1024w, https:\/\/www.leeb-balkone.com\/app\/uploads\/2020\/07\/alu-balkongelaender-beitragsbild-300x225.jpg 300w, https:\/\/www.leeb-balkone.com\/app\/uploads\/2020\/07\/alu-balkongelaender-beitragsbild-768x575.jpg 768w, https:\/\/www.leeb-balkone.com\/app\/uploads\/2020\/07\/alu-balkongelaender-beitragsbild-1536x1151.jpg 1536w, https:\/\/www.leeb-balkone.com\/app\/uploads\/2020\/07\/alu-balkongelaender-beitragsbild-2048x1535.jpg 2048w\" sizes=\"auto, (min-width: 1200px) 1024px, (min-width: 1024px) 768px, (min-width: 640px) 768px, 768px\" \/>      <\/a>\n    <\/figure>\n  \n  <div class=\"wp-block-group m-card-content is-vertical is-layout-flex wp-block-group-is-layout-flex\">\n            <h3 class=\"wp-block-heading\">\n          <a href=\"https:\/\/www.leeb-balkone.com\/de\/anbaubalkone\/balkonboden-terrassenboden\/\" class=\"no-default-link\" >B\u00f6den<\/a>\n        <\/h3>\n        <p>Terrassen- und Balkonb\u00f6den aus Aluminium und Stein<\/p>\n          <a href=\"https:\/\/www.leeb-balkone.com\/de\/anbaubalkone\/balkonboden-terrassenboden\/\" class=\"more\">mehr erfahren<\/a>\n      <\/div>\n<\/div>\n\n\n          <div class=\"wp-block-group m-card is-layout-flow wp-block-group-is-layout-flow\">\n      <figure data-imgid=\"8909\" class=\"wp-block-image size-large\">\n      <a href=\"https:\/\/www.leeb-balkone.com\/de\/kontakt\/katalog-anfordern\/\"  class=\"no-default-link\">\n        <img decoding=\"async\" width=\"480\" height=\"320\" src=\"https:\/\/www.leeb-balkone.com\/app\/uploads\/2020\/10\/leeb-katalog-gesamt-de.jpg\" class=\"attachment-large size-large\" alt=\"leeb katalog gesamt de\" title=\"\" loading=\"lazy\" srcset=\"https:\/\/www.leeb-balkone.com\/app\/uploads\/2020\/10\/leeb-katalog-gesamt-de.jpg 480w, https:\/\/www.leeb-balkone.com\/app\/uploads\/2020\/10\/leeb-katalog-gesamt-de-300x200.jpg 300w\" sizes=\"auto, (min-width: 1200px) 1024px, (min-width: 1024px) 768px, (min-width: 640px) 768px, 768px\" \/>      <\/a>\n    <\/figure>\n  \n  <div class=\"wp-block-group m-card-content is-vertical is-layout-flex wp-block-group-is-layout-flex\">\n            <h3 class=\"wp-block-heading\">\n          <a href=\"https:\/\/www.leeb-balkone.com\/de\/kontakt\/katalog-anfordern\/\" class=\"no-default-link\" >Gratis-Kataloge<\/a>\n        <\/h3>\n        <p>Alles und noch mehr in unseren kostenlosen Katalogen<\/p>\n          <a href=\"https:\/\/www.leeb-balkone.com\/de\/kontakt\/katalog-anfordern\/\" class=\"more\">mehr erfahren<\/a>\n      <\/div>\n<\/div>\n\n\n          <div class=\"wp-block-group m-card is-layout-flow wp-block-group-is-layout-flow\">\n      <figure data-imgid=\"6422\" class=\"wp-block-image size-large\">\n      <a href=\"https:\/\/www.leeb-balkone.com\/de\/wohnungswirtschaft\/\"  class=\"no-default-link\">\n        <img decoding=\"async\" width=\"1024\" height=\"767\" src=\"https:\/\/www.leeb-balkone.com\/app\/uploads\/2020\/09\/alu-balkon-wohnungswirtschaft-1024x767.jpg\" class=\"attachment-large size-large\" alt=\"Wohnungswirtschaft - Alubalkone als Wertsteigerung der Immobilie\" title=\"\" loading=\"lazy\" srcset=\"https:\/\/www.leeb-balkone.com\/app\/uploads\/2020\/09\/alu-balkon-wohnungswirtschaft-1024x767.jpg 1024w, https:\/\/www.leeb-balkone.com\/app\/uploads\/2020\/09\/alu-balkon-wohnungswirtschaft-300x225.jpg 300w, https:\/\/www.leeb-balkone.com\/app\/uploads\/2020\/09\/alu-balkon-wohnungswirtschaft-768x575.jpg 768w, https:\/\/www.leeb-balkone.com\/app\/uploads\/2020\/09\/alu-balkon-wohnungswirtschaft-1536x1151.jpg 1536w, https:\/\/www.leeb-balkone.com\/app\/uploads\/2020\/09\/alu-balkon-wohnungswirtschaft-2048x1534.jpg 2048w\" sizes=\"auto, (min-width: 1200px) 1024px, (min-width: 1024px) 768px, (min-width: 640px) 768px, 768px\" \/>      <\/a>\n    <\/figure>\n  \n  <div class=\"wp-block-group m-card-content is-vertical is-layout-flex wp-block-group-is-layout-flex\">\n            <h3 class=\"wp-block-heading\">\n          <a href=\"https:\/\/www.leeb-balkone.com\/de\/wohnungswirtschaft\/\" class=\"no-default-link\" >Wohnungswirtschaft<\/a>\n        <\/h3>\n        <p>Lukrative Wertsteigerung: Leeb ist Ihr starker Partner<\/p>\n          <a href=\"https:\/\/www.leeb-balkone.com\/de\/wohnungswirtschaft\/\" class=\"more\">mehr erfahren<\/a>\n      <\/div>\n<\/div>\n\n\n          <div class=\"wp-block-group m-card is-layout-flow wp-block-group-is-layout-flow\">\n      <figure data-imgid=\"5035\" class=\"wp-block-image size-large\">\n      <a href=\"https:\/\/www.leeb-balkone.com\/de\/hotellerie\/\"  class=\"no-default-link\">\n        <img decoding=\"async\" width=\"1024\" height=\"721\" src=\"https:\/\/www.leeb-balkone.com\/app\/uploads\/2020\/07\/balkongelaender-wohnungswirtschaft-5-1024x721.jpg\" class=\"attachment-large size-large\" alt=\"Hotel mit Holzkacheln in den Tiroler Bergen mit Alubalkongel\u00e4nder\" title=\"\" loading=\"lazy\" srcset=\"https:\/\/www.leeb-balkone.com\/app\/uploads\/2020\/07\/balkongelaender-wohnungswirtschaft-5-1024x721.jpg 1024w, https:\/\/www.leeb-balkone.com\/app\/uploads\/2020\/07\/balkongelaender-wohnungswirtschaft-5-300x211.jpg 300w, https:\/\/www.leeb-balkone.com\/app\/uploads\/2020\/07\/balkongelaender-wohnungswirtschaft-5-768x540.jpg 768w, https:\/\/www.leeb-balkone.com\/app\/uploads\/2020\/07\/balkongelaender-wohnungswirtschaft-5-1536x1081.jpg 1536w, https:\/\/www.leeb-balkone.com\/app\/uploads\/2020\/07\/balkongelaender-wohnungswirtschaft-5-2048x1441.jpg 2048w\" sizes=\"auto, (min-width: 1200px) 1024px, (min-width: 1024px) 768px, (min-width: 640px) 768px, 768px\" \/>      <\/a>\n    <\/figure>\n  \n  <div class=\"wp-block-group m-card-content is-vertical is-layout-flex wp-block-group-is-layout-flex\">\n            <h3 class=\"wp-block-heading\">\n          <a href=\"https:\/\/www.leeb-balkone.com\/de\/hotellerie\/\" class=\"no-default-link\" >Hotellerie<\/a>\n        <\/h3>\n        <p>Leeb-Balkone machen Ihre Hotelg\u00e4ste zu treuen Stammkunden<\/p>\n          <a href=\"https:\/\/www.leeb-balkone.com\/de\/hotellerie\/\" class=\"more\">mehr erfahren<\/a>\n      <\/div>\n<\/div>\n\n\n      <\/div>\n\n\n<\/div><\/div><\/div><\/div>\n\n\n<\/section>\n\n\n\n<section class=\"wp-block-cgb-t3-section-block alignfull b-pt-none  is-style-bg-white\" style=\"display:inherit;min-height:inherit\">\n<div class=\"wp-block-cgb-t3-container-block none\" style=\"background-color:none\"><div class=\"grid-container\"><div class=\"grid-x\"><div class=\"cell small-12 medium-9 large-0 medium-offset-1 b-has-lsmb\">\n<h2 class=\"wp-block-heading\" id=\"vorteile\">Vorteile<\/h2>\n<\/div><\/div><\/div><\/div>\n\n\n\n<div class=\"wp-block-cgb-t3-container-block none b-cont-columns\" style=\"background-color:none\"><div class=\"grid-container\"><div class=\"grid-x\"><div class=\"cell small-12 medium-10 large-0 medium-offset-1 b-has-pt b-has-lsmb\">\n<ul class=\"wp-block-list\">\n<li><strong>BALKON, ZAUN UND \u00dcBERDACHUNG VON EUROPAS NUMMER 1<\/strong><br>Weit mehr als 150.000 zufriedene Kunden vertrauen auf Europas f\u00fchrenden Hersteller<\/li>\n\n\n\n<li><strong>UMWELTSCHONENDE VERFAHREN<\/strong><br>Patentiertes ALU COMFORT PLUS\u00ae-Pulverbeschichtungsverfahren mit Lotuseffekt<\/li>\n\n\n\n<li><strong>Z<strong>ERTIFIZIERTE QUALIT\u00c4T<\/strong><br><\/strong>\u00d6sterreichisches Qualit\u00e4tssiegel (Holzbalkone), Qualit\u00e4tsnorm ISO 9001 und CE-Zertifizierung nach EN 1090<\/li>\n\n\n\n<li><strong>RUNDUM-SERVICE<\/strong><br>All-Inclusive-Service: kompetente Beratung, individuelle Planung, pr\u00e4zise und flotte Montage \u2013 mit Leeb sind Sie auf der sicheren Seite<\/li>\n<\/ul>\n<\/div><\/div><\/div><\/div>\n<\/section>\n\n\n\n<section class=\"wp-block-group alignfull has-white-background-color has-background has-global-padding is-layout-constrained wp-container-core-group-is-layout-9fa1424c wp-block-group-is-layout-constrained\" style=\"padding-top:0\">\n<div class=\"wp-block-columns is-style-offset m-split is-layout-flex wp-container-core-columns-is-layout-28f84493 wp-block-columns-is-layout-flex\">\n<div class=\"wp-block-column is-layout-flow wp-block-column-is-layout-flow\"><div class=\"vp-map-wrapper vp-map-ratio-19-1\"><img decoding=\"async\" width=\"2000\" height=\"1041\" src=\"https:\/\/www.leeb-balkone.com\/app\/uploads\/2026\/03\/map-de.jpg\" class=\"attachment-full size-full\" alt=\"Deutsche Map: Vertriebspartner (orange Pins) und Schaur\u00e4ume \/ Standorte (gr\u00fcne Pins) der Leeb Balkone GmbH in Deutschland\" style=\"width:100%;height:100%;object-fit:cover;display:block;\" loading=\"lazy\" srcset=\"https:\/\/www.leeb-balkone.com\/app\/uploads\/2026\/03\/map-de.jpg 2000w, https:\/\/www.leeb-balkone.com\/app\/uploads\/2026\/03\/map-de-300x156.jpg 300w, https:\/\/www.leeb-balkone.com\/app\/uploads\/2026\/03\/map-de-1024x533.jpg 1024w, https:\/\/www.leeb-balkone.com\/app\/uploads\/2026\/03\/map-de-768x400.jpg 768w, https:\/\/www.leeb-balkone.com\/app\/uploads\/2026\/03\/map-de-1536x799.jpg 1536w\" sizes=\"auto, (min-width: 1536px) 2048px, (min-width: 992px) 1536px, (min-width: 768px) 1024px, (min-width: 576px) 768px, 100vw\" \/><\/div>\n<\/div>\n\n\n\n<div class=\"wp-block-column is-vertically-aligned-center is-style-overlay-content is-layout-flow wp-block-column-is-layout-flow\">\n<div class=\"wp-block-group is-vertical is-layout-flex wp-container-core-group-is-layout-bd7877ba wp-block-group-is-layout-flex\">\n<h2 class=\"wp-block-heading has-step-2-font-size\">Vertriebspartner Deutschland<\/h2>\n\n\n\n<p>Kompetente LEEB Partner in Ihrer Region. Pers\u00f6nliche Beratung, pr\u00e4zise Planung und fachgerechte Montage \u2013 bundesweit.<\/p>\n\n\n\n<div class=\"wp-block-buttons is-layout-flex wp-block-buttons-is-layout-flex\" style=\"margin-top:var(--wp--preset--spacing--2-xs)\">\n<div class=\"wp-block-button is-style-cta\"><a class=\"wp-block-button__link has-transparent-background-color has-background wp-element-button\" href=\"https:\/\/www.leeb-balkone.com\/de\/vertriebspartner\/\">Vertriebspartner finden<span class=\"sr-only\"> Vertriebspartner Leeb Balkone Deutschland<\/span><\/a><\/div>\n<\/div>\n<\/div>\n<\/div>\n<\/div>\n<\/section>\n\n\n\n<section class=\"wp-block-group alignfull has-light-gray-background-color has-background has-global-padding is-layout-constrained wp-container-core-group-is-layout-52f96efc wp-block-group-is-layout-constrained\" id=\"beratungstermin\">\n<div class=\"wp-block-group m-teaser o-grid u-md-1 is-layout-flow wp-block-group-is-layout-flow\">\n<div class=\"wp-block-group u-g-7 u-g-s-2 is-layout-flow wp-block-group-is-layout-flow\" style=\"margin-bottom:var(--wp--preset--spacing--s)\">\n<h2 class=\"wp-block-heading\">Kontaktieren Sie uns<\/h2>\n\n\n\n<p><strong><strong>Sie planen ein Projekt oder haben Fragen zu uns und unseren L\u00f6sungen? Schreiben Sie uns einfach &#8211; wir nehmen uns gerne Zeit f\u00fcr Ihr Anliegen!<\/strong><\/strong><\/p>\n<\/div>\n<\/div>\n\n\n\n<div class=\"wp-block-group m-teaser o-grid u-md-1 is-layout-flow wp-block-group-is-layout-flow\">\n<div class=\"wp-block-group u-g-7 u-g-s-2 is-layout-flow wp-block-group-is-layout-flow\" style=\"margin-bottom:var(--wp--preset--spacing--s)\"><form action=\"https:\/\/www.leeb-balkone.com\/de\/wp-json\/ws-form\/v1\/submit\" class=\"wsf-form wsf-form-canvas\" id=\"ws-form-1\" data-id=\"4\" data-instance-id=\"1\" method=\"POST\"><\/form>\n<\/div>\n\n\n\n<div class=\"wp-block-group u-g-3 u-g-s-9 is-layout-flow wp-block-group-is-layout-flow\"><div class=\"t3-sidebar-buttons wp-block-buttons is-layout-flex wp-block-buttons-is-layout-flex\"><div class=\"wp-block-button is-style-fill icon-book icon-left\">\n                        <a class=\"wp-block-button__link has-secondary-color has-white-background-color has-text-color has-background has-link-color wp-element-button\" href=\"https:\/\/www.leeb-balkone.com\/de\/kontakt\/katalog-anfordern\/\" style=\"box-shadow:var(--wp--preset--shadow--box-shadow)\">Katalog anfordern<\/a>\n                    <\/div><div class=\"wp-block-button is-style-fill icon-phone-new icon-left\">\n                        <a class=\"wp-block-button__link has-secondary-color has-white-background-color has-text-color has-background has-link-color wp-element-button\" href=\"tel:08001801003\">Hotline Deutschland <span class=\"sr-only\">Hotline: 0800 1801003 (Deutschlandweit kostenlos)<\/span><\/a>\n                    <\/div><\/div>\n<\/div>\n<\/div>\n<\/section>\n","protected":false},"excerpt":{"rendered":"","protected":false},"author":1,"featured_media":0,"parent":0,"menu_order":117,"comment_status":"closed","ping_status":"closed","template":"template-onepager.blade.php","meta":{"_acf_changed":false,"footnotes":"","_sage_theme_css":true,"_wp_block_core_css":false},"folder":[],"class_list":["post-420","page","type-page","status-publish","hentry"],"acf":[],"yoast_head":"<!-- This site is optimized with the Yoast SEO plugin v27.2 - https:\/\/yoast.com\/product\/yoast-seo-wordpress\/ -->\n<title>Produkte - Leeb Balkone Deutschland<\/title>\n<meta name=\"description\" content=\"Europas f\u00fchrender Hersteller von Balkonen steht f\u00fcr eine innovative Verarbeitung von hochwertigem Aluminium und ma\u00dfgeschneiderte Arbeit mit heimischem\" \/>\n<meta name=\"robots\" content=\"index, follow, max-snippet:-1, max-image-preview:large, max-video-preview:-1\" \/>\n<meta property=\"og:locale\" content=\"de_DE\" \/>\n<meta property=\"og:type\" content=\"article\" \/>\n<meta property=\"og:title\" content=\"Produkte - Leeb Balkone\" \/>\n<meta property=\"og:description\" content=\"Europas f\u00fchrender Hersteller von Balkonen steht f\u00fcr eine innovative Verarbeitung von hochwertigem Aluminium und ma\u00dfgeschneiderte Arbeit mit heimischem\" \/>\n<meta property=\"og:url\" content=\"https:\/\/www.leeb-balkone.com\/de\/produkte\/\" \/>\n<meta property=\"og:site_name\" content=\"Leeb Balkone\" \/>\n<meta property=\"article:publisher\" content=\"https:\/\/www.facebook.com\/balkone\/\" \/>\n<meta property=\"article:modified_time\" content=\"2026-01-23T20:33:28+00:00\" \/>\n<meta property=\"og:image\" content=\"https:\/\/www.leeb-balkone.com\/app\/uploads\/2020\/09\/alu-balkongelaender-zufriedene-kunden-1.jpg\" \/>\n\t<meta property=\"og:image:width\" content=\"2560\" \/>\n\t<meta property=\"og:image:height\" content=\"1762\" \/>\n\t<meta property=\"og:image:type\" content=\"image\/jpeg\" \/>\n<meta name=\"twitter:card\" content=\"summary_large_image\" \/>\n<script type=\"application\/ld+json\" class=\"yoast-schema-graph\">{\"@context\":\"https:\/\/schema.org\",\"@graph\":[{\"@type\":\"WebPage\",\"@id\":\"https:\/\/www.leeb-balkone.com\/de\/produkte\/\",\"url\":\"https:\/\/www.leeb-balkone.com\/de\/produkte\/\",\"name\":\"Produkte - Leeb Balkone\",\"isPartOf\":{\"@id\":\"https:\/\/www.leeb-balkone.com\/de\/#website\"},\"datePublished\":\"2020-04-13T21:46:42+00:00\",\"dateModified\":\"2026-01-23T20:33:28+00:00\",\"description\":\"Europas f\u00fchrender Hersteller von Balkonen steht f\u00fcr eine innovative Verarbeitung von hochwertigem Aluminium und ma\u00dfgeschneiderte Arbeit mit heimischem\",\"breadcrumb\":{\"@id\":\"https:\/\/www.leeb-balkone.com\/de\/produkte\/#breadcrumb\"},\"inLanguage\":\"de\",\"potentialAction\":[{\"@type\":\"ReadAction\",\"target\":[\"https:\/\/www.leeb-balkone.com\/de\/produkte\/\"]}]},{\"@type\":\"BreadcrumbList\",\"@id\":\"https:\/\/www.leeb-balkone.com\/de\/produkte\/#breadcrumb\",\"itemListElement\":[{\"@type\":\"ListItem\",\"position\":1,\"name\":\"Home\",\"item\":\"https:\/\/www.leeb-balkone.com\/de\/\"},{\"@type\":\"ListItem\",\"position\":2,\"name\":\"Produkte\"}]},{\"@type\":\"WebSite\",\"@id\":\"https:\/\/www.leeb-balkone.com\/de\/#website\",\"url\":\"https:\/\/www.leeb-balkone.com\/de\/\",\"name\":\"Leeb Balkone\",\"description\":\"Balkone und Z\u00e4une\",\"publisher\":{\"@id\":\"https:\/\/www.leeb-balkone.com\/de\/#organization\"},\"potentialAction\":[{\"@type\":\"SearchAction\",\"target\":{\"@type\":\"EntryPoint\",\"urlTemplate\":\"https:\/\/www.leeb-balkone.com\/de\/?s={search_term_string}\"},\"query-input\":{\"@type\":\"PropertyValueSpecification\",\"valueRequired\":true,\"valueName\":\"search_term_string\"}}],\"inLanguage\":\"de\"},{\"@type\":\"Organization\",\"@id\":\"https:\/\/www.leeb-balkone.com\/de\/#organization\",\"name\":\"Leeb Balkone Gmbh\",\"url\":\"https:\/\/www.leeb-balkone.com\/de\/\",\"logo\":{\"@type\":\"ImageObject\",\"inLanguage\":\"de\",\"@id\":\"https:\/\/www.leeb-balkone.com\/de\/#\/schema\/logo\/image\/\",\"url\":\"https:\/\/www.leeb-balkone.com\/app\/uploads\/2020\/11\/leeb-logo.svg\",\"contentUrl\":\"https:\/\/www.leeb-balkone.com\/app\/uploads\/2020\/11\/leeb-logo.svg\",\"width\":741,\"height\":204,\"caption\":\"Leeb Balkone Gmbh\"},\"image\":{\"@id\":\"https:\/\/www.leeb-balkone.com\/de\/#\/schema\/logo\/image\/\"},\"sameAs\":[\"https:\/\/www.facebook.com\/balkone\/\",\"https:\/\/www.trustedshops.at\/bewertung\/info_X4587CCF5833E31AFE0B11F47D86999F2.html\",\"https:\/\/www.trustedshops.de\/bewertung\/info_X7BA536A7A0BDC86D36C4718E4DCAEEEF.html\",\"https:\/\/www.google.com\/maps\/place\/?q=place_id:ChIJ5-zH19-IcEcR9HonWRTllHI\"]}]}<\/script>\n<!-- \/ Yoast SEO plugin. -->","yoast_head_json":{"title":"Produkte - Leeb Balkone Deutschland","description":"Europas f\u00fchrender Hersteller von Balkonen steht f\u00fcr eine innovative Verarbeitung von hochwertigem Aluminium und ma\u00dfgeschneiderte Arbeit mit heimischem","robots":{"index":"index","follow":"follow","max-snippet":"max-snippet:-1","max-image-preview":"max-image-preview:large","max-video-preview":"max-video-preview:-1"},"og_locale":"de_DE","og_type":"article","og_title":"Produkte - Leeb Balkone","og_description":"Europas f\u00fchrender Hersteller von Balkonen steht f\u00fcr eine innovative Verarbeitung von hochwertigem Aluminium und ma\u00dfgeschneiderte Arbeit mit heimischem","og_url":"https:\/\/www.leeb-balkone.com\/de\/produkte\/","og_site_name":"Leeb Balkone","article_publisher":"https:\/\/www.facebook.com\/balkone\/","article_modified_time":"2026-01-23T20:33:28+00:00","og_image":[{"width":2560,"height":1762,"url":"https:\/\/www.leeb-balkone.com\/app\/uploads\/2020\/09\/alu-balkongelaender-zufriedene-kunden-1.jpg","type":"image\/jpeg"}],"twitter_card":"summary_large_image","schema":{"@context":"https:\/\/schema.org","@graph":[{"@type":"WebPage","@id":"https:\/\/www.leeb-balkone.com\/de\/produkte\/","url":"https:\/\/www.leeb-balkone.com\/de\/produkte\/","name":"Produkte - Leeb Balkone","isPartOf":{"@id":"https:\/\/www.leeb-balkone.com\/de\/#website"},"datePublished":"2020-04-13T21:46:42+00:00","dateModified":"2026-01-23T20:33:28+00:00","description":"Europas f\u00fchrender Hersteller von Balkonen steht f\u00fcr eine innovative Verarbeitung von hochwertigem Aluminium und ma\u00dfgeschneiderte Arbeit mit heimischem","breadcrumb":{"@id":"https:\/\/www.leeb-balkone.com\/de\/produkte\/#breadcrumb"},"inLanguage":"de","potentialAction":[{"@type":"ReadAction","target":["https:\/\/www.leeb-balkone.com\/de\/produkte\/"]}]},{"@type":"BreadcrumbList","@id":"https:\/\/www.leeb-balkone.com\/de\/produkte\/#breadcrumb","itemListElement":[{"@type":"ListItem","position":1,"name":"Home","item":"https:\/\/www.leeb-balkone.com\/de\/"},{"@type":"ListItem","position":2,"name":"Produkte"}]},{"@type":"WebSite","@id":"https:\/\/www.leeb-balkone.com\/de\/#website","url":"https:\/\/www.leeb-balkone.com\/de\/","name":"Leeb Balkone","description":"Balkone und Z\u00e4une","publisher":{"@id":"https:\/\/www.leeb-balkone.com\/de\/#organization"},"potentialAction":[{"@type":"SearchAction","target":{"@type":"EntryPoint","urlTemplate":"https:\/\/www.leeb-balkone.com\/de\/?s={search_term_string}"},"query-input":{"@type":"PropertyValueSpecification","valueRequired":true,"valueName":"search_term_string"}}],"inLanguage":"de"},{"@type":"Organization","@id":"https:\/\/www.leeb-balkone.com\/de\/#organization","name":"Leeb Balkone Gmbh","url":"https:\/\/www.leeb-balkone.com\/de\/","logo":{"@type":"ImageObject","inLanguage":"de","@id":"https:\/\/www.leeb-balkone.com\/de\/#\/schema\/logo\/image\/","url":"https:\/\/www.leeb-balkone.com\/app\/uploads\/2020\/11\/leeb-logo.svg","contentUrl":"https:\/\/www.leeb-balkone.com\/app\/uploads\/2020\/11\/leeb-logo.svg","width":741,"height":204,"caption":"Leeb Balkone Gmbh"},"image":{"@id":"https:\/\/www.leeb-balkone.com\/de\/#\/schema\/logo\/image\/"},"sameAs":["https:\/\/www.facebook.com\/balkone\/","https:\/\/www.trustedshops.at\/bewertung\/info_X4587CCF5833E31AFE0B11F47D86999F2.html","https:\/\/www.trustedshops.de\/bewertung\/info_X7BA536A7A0BDC86D36C4718E4DCAEEEF.html","https:\/\/www.google.com\/maps\/place\/?q=place_id:ChIJ5-zH19-IcEcR9HonWRTllHI"]}]}},"_links":{"self":[{"href":"https:\/\/www.leeb-balkone.com\/de\/wp-json\/wp\/v2\/pages\/420","targetHints":{"allow":["GET"]}}],"collection":[{"href":"https:\/\/www.leeb-balkone.com\/de\/wp-json\/wp\/v2\/pages"}],"about":[{"href":"https:\/\/www.leeb-balkone.com\/de\/wp-json\/wp\/v2\/types\/page"}],"author":[{"embeddable":true,"href":"https:\/\/www.leeb-balkone.com\/de\/wp-json\/wp\/v2\/users\/1"}],"replies":[{"embeddable":true,"href":"https:\/\/www.leeb-balkone.com\/de\/wp-json\/wp\/v2\/comments?post=420"}],"version-history":[{"count":7,"href":"https:\/\/www.leeb-balkone.com\/de\/wp-json\/wp\/v2\/pages\/420\/revisions"}],"predecessor-version":[{"id":163250,"href":"https:\/\/www.leeb-balkone.com\/de\/wp-json\/wp\/v2\/pages\/420\/revisions\/163250"}],"wp:attachment":[{"href":"https:\/\/www.leeb-balkone.com\/de\/wp-json\/wp\/v2\/media?parent=420"}],"wp:term":[{"taxonomy":"folder","embeddable":true,"href":"https:\/\/www.leeb-balkone.com\/de\/wp-json\/wp\/v2\/folder?post=420"}],"curies":[{"name":"wp","href":"https:\/\/api.w.org\/{rel}","templated":true}]}}