{"id":411,"date":"2020-04-13T17:44:22","date_gmt":"2020-04-13T17:44:22","guid":{"rendered":"https:\/\/dev2020.tordrei.net\/?page_id=411"},"modified":"2026-05-01T16:11:27","modified_gmt":"2026-05-01T16:11:27","slug":"balkongelaender-alu","status":"publish","type":"page","link":"https:\/\/www.leeb-balkone.com\/de\/balkongelaender\/balkongelaender-alu\/","title":{"rendered":"Balkongel\u00e4nder Alu"},"content":{"rendered":"\n<section class=\"wp-block-group alignfull t3-header t3-header-splitscreen t3-splitscreen-shadow h-zi-20 has-light-gray-background-color has-background has-global-padding is-layout-constrained wp-container-core-group-is-layout-f1ad4950 wp-block-group-is-layout-constrained\" style=\"padding-top:0;padding-bottom:0\">\n<div class=\"wp-block-columns h-flx-a-s m-split is-layout-flex wp-container-core-columns-is-layout-28f84493 wp-block-columns-is-layout-flex\">\n<div class=\"wp-block-column is-vertically-aligned-top h-flx-a-s m-split-col-content is-layout-flow wp-block-column-is-layout-flow\"><div class=\"yoast-breadcrumbs\"><span><span><a href=\"https:\/\/www.leeb-balkone.com\/de\/\">Home<\/a><\/span> \/ <span><a href=\"https:\/\/www.leeb-balkone.com\/de\/balkongelaender\/\">Balkongel\u00e4nder<\/a><\/span> \/ <span class=\"breadcrumb_last\" aria-current=\"page\">Balkongel\u00e4nder Alu<\/span><\/span><\/div>\n\n<h1 class=\"wp-block-post-title\">Balkongel\u00e4nder Alu<\/h1>\n\n\n<p class=\"is-style-default has-step-0-font-size\" style=\"margin-bottom:0\">Pflegeleichte Alu-Balkongel\u00e4nder von Leeb \u00fcberzeugen durch patentierte ALU COMFORT PLUS\u00ae-Pulverbeschichtung, h\u00f6chste Witterungsbest\u00e4ndigkeit und individuelle Designvielfalt. Profitieren Sie von innovativer Technik, pers\u00f6nlichem Rundum-Service und zertifizierter Qualit\u00e4t vom europ\u00e4ischen Marktf\u00fchrer. <\/p>\n\n\n\n<div class=\"wp-block-buttons is-layout-flex wp-block-buttons-is-layout-flex\" style=\"margin-top:var(--wp--preset--spacing--l)\">\n<div class=\"wp-block-button is-style-cta icon-book icon-left\"><a class=\"wp-block-button__link wp-element-button\" href=\"https:\/\/www.leeb-balkone.com\/de\/kontakt\/katalog-anfordern\/\">Katalog anfordern<\/a><\/div>\n\n\n\n<div class=\"wp-block-button is-style-cta icon-vp icon-left\"><a class=\"wp-block-button__link wp-element-button\" href=\"https:\/\/www.leeb-balkone.com\/de\/vertriebspartner\/\">Ansprechpartner finden<span class=\"sr-only\"> Deutschland<\/span><\/a><\/div>\n<\/div>\n<\/div>\n\n\n\n<div class=\"wp-block-column is-vertically-aligned-stretch h-hide-md-down is-style-image-cover is-layout-flow wp-block-column-is-layout-flow\">\n<figure class=\"wp-block-image size-large\"><img loading=\"lazy\" decoding=\"async\" width=\"1024\" height=\"683\" src=\"https:\/\/www.leeb-balkone.com\/app\/uploads\/2020\/06\/balkongelaender-alu-design-barcelona-34-1024x683.jpg\" alt=\"balkongelaender alu design barcelona\" class=\"wp-image-132137\" srcset=\"https:\/\/www.leeb-balkone.com\/app\/uploads\/2020\/06\/balkongelaender-alu-design-barcelona-34-1024x683.jpg 1024w, https:\/\/www.leeb-balkone.com\/app\/uploads\/2020\/06\/balkongelaender-alu-design-barcelona-34-300x200.jpg 300w, https:\/\/www.leeb-balkone.com\/app\/uploads\/2020\/06\/balkongelaender-alu-design-barcelona-34-768x512.jpg 768w, https:\/\/www.leeb-balkone.com\/app\/uploads\/2020\/06\/balkongelaender-alu-design-barcelona-34-1536x1025.jpg 1536w, https:\/\/www.leeb-balkone.com\/app\/uploads\/2020\/06\/balkongelaender-alu-design-barcelona-34-2048x1367.jpg 2048w\" sizes=\"auto, (max-width: 1024px) 100vw, 1024px\" \/><\/figure>\n<\/div>\n<\/div>\n<\/section>\n\n\n\n<section class=\"wp-block-group alignfull has-white-background-color has-background has-global-padding is-layout-constrained wp-container-core-group-is-layout-52f96efc wp-block-group-is-layout-constrained\" id=\"modelle\">\n<div class=\"wp-block-group m-teaser o-grid u-md-1 is-layout-flow wp-block-group-is-layout-flow\">\n<div class=\"wp-block-group u-g-10 u-g-s-2 is-layout-flow wp-block-group-is-layout-flow\" style=\"margin-bottom:var(--wp--preset--spacing--s)\">\n<h2 class=\"wp-block-heading has-text-align-center has-step-2-font-size\">Alubalkon Modelle \/ Designs<\/h2>\n\n\n\n<p class=\"has-text-align-center is-style-default\"><em>Select Balkone<\/em> sind individuell konfigurierbare Aluminium-Balkone, die nach dem Baukastenprinzip funktionieren. <em>Glas<\/em> aus eigener Fertigung verwenden wir f\u00fcr Alu-Glas- und Ganzglasgel\u00e4nder. Die <em>Perfor\u00e9e Serie<\/em> stellt moderne Alu Balkongel\u00e4nder mit charakteristischer, teils kunstvoller Lochblech-Perforierung vor. <\/p>\n<\/div>\n<\/div>\n\n\n<nav class=\"loop-filter-list\" aria-label=\"Filter\"><ul role=\"tablist\"><li role=\"presentation\"><button type=\"button\" role=\"tab\" aria-selected=\"true\" class=\"loop-filter-link is-active\" data-filter=\"all\">Alle anzeigen<\/button><\/li><li role=\"presentation\"><button type=\"button\" role=\"tab\" aria-selected=\"false\" class=\"loop-filter-link\" data-filter=\"horizontales-diagonales-design-alu\">Horizontal\/Diagonal<\/button><\/li><li role=\"presentation\"><button type=\"button\" role=\"tab\" aria-selected=\"false\" class=\"loop-filter-link\" data-filter=\"vertikales-design-alu\">Vertikal<\/button><\/li><li role=\"presentation\"><button type=\"button\" role=\"tab\" aria-selected=\"false\" class=\"loop-filter-link\" data-filter=\"glasbalkone-alu\">Glas<\/button><\/li><li role=\"presentation\"><button type=\"button\" role=\"tab\" aria-selected=\"false\" class=\"loop-filter-link\" data-filter=\"select-balkone-alu\">Select<\/button><\/li><li role=\"presentation\"><button type=\"button\" role=\"tab\" aria-selected=\"false\" class=\"loop-filter-link\" data-filter=\"perforee\">Perfor\u00e9e<\/button><\/li><\/ul><\/nav><div id=\"loop-block-69f505a0b5348\" class=\"wp-block-group wp-block-t3-loop-block__wrapper t3-block-cards u-grid-temp has-3-cols is-style-transparent-cards gap-sm\" data-block-id=\"loop-block-69f505a0b5348\" data-load-more=\"true\" data-load-more-enabled=\"true\" data-loaded=\"15\" data-total=\"66\" data-current-filter=\"all\" data-attributes=\"{&quot;postTypes&quot;:[&quot;product&quot;],&quot;postsPerPage&quot;:-1,&quot;categorySlugs&quot;:[&quot;balkongelaender-alu&quot;],&quot;sortOption&quot;:&quot;sticky&quot;,&quot;orderOption&quot;:&quot;asc&quot;,&quot;orderingField&quot;:&quot;product_order&quot;,&quot;acfExcerptField&quot;:&quot;product_teaser&quot;,&quot;showFilter&quot;:true,&quot;filterChildren&quot;:true,&quot;limitVisible&quot;:true,&quot;visibleCount&quot;:15,&quot;enableSchema&quot;:true,&quot;className&quot;:&quot;is-style-transparent-cards gap-sm&quot;,&quot;columns&quot;:3,&quot;linkTitle&quot;:&quot;&quot;,&quot;showLinkStyle&quot;:false,&quot;enableAcfFields&quot;:false,&quot;acfImageField&quot;:&quot;&quot;,&quot;acfTextFields&quot;:&quot;&quot;,&quot;acfFieldsUseTemplate&quot;:false}\">\n<div id=\"post-3219\" class=\"loop-block-item wp-block-group m-card is-layout-flow wp-block-group-is-layout-flow balkongelaender-alu vertikales-design-alu\">\n    <a href=\"https:\/\/www.leeb-balkone.com\/de\/balkongelaender\/balkongelaender-alu\/vilshofen\/\" class=\"no-default-link\" title=\"Vilshofen\">\n        <figure data-imgid=\"21427\" class=\"wp-block-image size-large\">\n            <img loading=\"lazy\" decoding=\"async\" width=\"300\" height=\"225\" src=\"https:\/\/www.leeb-balkone.com\/app\/uploads\/2020\/07\/balkongelaender-alu-classic-vilshofen-24-300x225.jpg\" class=\"attachment-medium size-medium\" alt=\"Zeitloses Balkongel\u00e4nder aus Aluminium mit Edelstahl-Handlauf - Alubalkon Alu Classic Vilshofen\" title=\"balkongelaender-alu-classic-vilshofen-24\" srcset=\"https:\/\/www.leeb-balkone.com\/app\/uploads\/2020\/07\/balkongelaender-alu-classic-vilshofen-24-300x225.jpg 300w, https:\/\/www.leeb-balkone.com\/app\/uploads\/2020\/07\/balkongelaender-alu-classic-vilshofen-24-1024x768.jpg 1024w, https:\/\/www.leeb-balkone.com\/app\/uploads\/2020\/07\/balkongelaender-alu-classic-vilshofen-24-768x576.jpg 768w, https:\/\/www.leeb-balkone.com\/app\/uploads\/2020\/07\/balkongelaender-alu-classic-vilshofen-24-1536x1152.jpg 1536w, https:\/\/www.leeb-balkone.com\/app\/uploads\/2020\/07\/balkongelaender-alu-classic-vilshofen-24-2048x1536.jpg 2048w\" sizes=\"auto, (min-width: 1200px) 260px, (min-width: 1024px) 220px, (min-width: 640px) 465px, 768px\" \/>                    <\/figure>\n        <div class=\"wp-block-group m-card-content is-vertical is-layout-flex wp-block-group-is-layout-flex\">\n            <h3 class=\"wp-block-heading\">\n                Vilshofen            <\/h3>\n                        <p>Zeitlos kompaktes Balkongel\u00e4nder aus Aluminium mit vielen Optionen<\/p>        <\/div>\n            <\/a>\n<\/div>\n<div id=\"post-144515\" class=\"loop-block-item wp-block-group m-card is-layout-flow wp-block-group-is-layout-flow balkongelaender-alu perforee\">\n    <a href=\"https:\/\/www.leeb-balkone.com\/de\/balkongelaender\/balkongelaender-alu\/yaku\/\" class=\"no-default-link\" title=\"Yaku\">\n        <figure data-imgid=\"159477\" class=\"wp-block-image size-large\">\n            <img loading=\"lazy\" decoding=\"async\" width=\"300\" height=\"225\" src=\"https:\/\/www.leeb-balkone.com\/app\/uploads\/2025\/02\/Yaku-Alu-Lochblech-Balkongelaender-mit-Langloch-Perforierung-Vertical-Gradient-1-300x225.png\" class=\"attachment-medium size-medium\" alt=\"Yaku Alu Lochblech Balkongelaender mit Langloch Perforierung Vertical Gradient\" title=\"Yaku Alu Lochblech Balkongela\u0308nder mit Langloch Perforierung Vertical Gradient\" srcset=\"https:\/\/www.leeb-balkone.com\/app\/uploads\/2025\/02\/Yaku-Alu-Lochblech-Balkongelaender-mit-Langloch-Perforierung-Vertical-Gradient-1-300x225.png 300w, https:\/\/www.leeb-balkone.com\/app\/uploads\/2025\/02\/Yaku-Alu-Lochblech-Balkongelaender-mit-Langloch-Perforierung-Vertical-Gradient-1-1024x768.png 1024w, https:\/\/www.leeb-balkone.com\/app\/uploads\/2025\/02\/Yaku-Alu-Lochblech-Balkongelaender-mit-Langloch-Perforierung-Vertical-Gradient-1-768x576.png 768w, https:\/\/www.leeb-balkone.com\/app\/uploads\/2025\/02\/Yaku-Alu-Lochblech-Balkongelaender-mit-Langloch-Perforierung-Vertical-Gradient-1-1536x1152.png 1536w, https:\/\/www.leeb-balkone.com\/app\/uploads\/2025\/02\/Yaku-Alu-Lochblech-Balkongelaender-mit-Langloch-Perforierung-Vertical-Gradient-1-2048x1536.png 2048w\" sizes=\"auto, (min-width: 1200px) 260px, (min-width: 1024px) 220px, (min-width: 640px) 465px, 768px\" \/>                    <\/figure>\n        <div class=\"wp-block-group m-card-content is-vertical is-layout-flex wp-block-group-is-layout-flex\">\n            <h3 class=\"wp-block-heading\">\n                Yaku            <\/h3>\n                        <p>Balkongel\u00e4nder mit raffinierter Langloch Perforierung Vertical Gradient<\/p>        <\/div>\n            <\/a>\n<\/div>\n<div id=\"post-2574\" class=\"loop-block-item wp-block-group m-card is-layout-flow wp-block-group-is-layout-flow balkongelaender-alu glasbalkone-alu balkongelaender-glas\">\n    <a href=\"https:\/\/www.leeb-balkone.com\/de\/balkongelaender\/balkongelaender-alu\/vision\/\" class=\"no-default-link\" title=\"Vision\">\n        <figure data-imgid=\"6416\" class=\"wp-block-image size-large\">\n            <img loading=\"lazy\" decoding=\"async\" width=\"300\" height=\"225\" src=\"https:\/\/www.leeb-balkone.com\/app\/uploads\/2020\/09\/glas-balkongelaender-alu-design-vision-31-300x225.jpg\" class=\"attachment-medium size-medium\" alt=\"Glas trifft Holz mit Alu Design Vision Balkongel\u00e4nder\" title=\"glas-balkongelaender-alu-design-vision-31\" srcset=\"https:\/\/www.leeb-balkone.com\/app\/uploads\/2020\/09\/glas-balkongelaender-alu-design-vision-31-300x225.jpg 300w, https:\/\/www.leeb-balkone.com\/app\/uploads\/2020\/09\/glas-balkongelaender-alu-design-vision-31-1024x767.jpg 1024w, https:\/\/www.leeb-balkone.com\/app\/uploads\/2020\/09\/glas-balkongelaender-alu-design-vision-31-768x575.jpg 768w, https:\/\/www.leeb-balkone.com\/app\/uploads\/2020\/09\/glas-balkongelaender-alu-design-vision-31-1536x1151.jpg 1536w, https:\/\/www.leeb-balkone.com\/app\/uploads\/2020\/09\/glas-balkongelaender-alu-design-vision-31-2048x1535.jpg 2048w\" sizes=\"auto, (min-width: 1200px) 260px, (min-width: 1024px) 220px, (min-width: 640px) 465px, 768px\" \/>                    <\/figure>\n        <div class=\"wp-block-group m-card-content is-vertical is-layout-flex wp-block-group-is-layout-flex\">\n            <h3 class=\"wp-block-heading\">\n                Vision            <\/h3>\n                        <p>Modernes Balkongel\u00e4nder mit Alu-Handlauf und rahmenloser Glasf\u00fcllung<\/p>        <\/div>\n            <\/a>\n<\/div>\n<div id=\"post-2877\" class=\"loop-block-item wp-block-group m-card is-layout-flow wp-block-group-is-layout-flow balkongelaender-alu glasbalkone-alu balkongelaender-glas\">\n    <a href=\"https:\/\/www.leeb-balkone.com\/de\/balkongelaender\/balkongelaender-alu\/vitro\/\" class=\"no-default-link\" title=\"Vitro\">\n        <figure data-imgid=\"7584\" class=\"wp-block-image size-large\">\n            <img loading=\"lazy\" decoding=\"async\" width=\"300\" height=\"200\" src=\"https:\/\/www.leeb-balkone.com\/app\/uploads\/2020\/07\/glas-balkongelaender-alu-design-vitro-ret-1-300x200.jpg\" class=\"attachment-medium size-medium\" alt=\"Balkongel\u00e4nder mit Glas-F\u00fcllung im soliden Alu-Rahmen - Alubalkon Alu Design Vitro\" title=\"glas-balkongelaender-alu-design-vitro-ret-1\" srcset=\"https:\/\/www.leeb-balkone.com\/app\/uploads\/2020\/07\/glas-balkongelaender-alu-design-vitro-ret-1-300x200.jpg 300w, https:\/\/www.leeb-balkone.com\/app\/uploads\/2020\/07\/glas-balkongelaender-alu-design-vitro-ret-1-1024x684.jpg 1024w, https:\/\/www.leeb-balkone.com\/app\/uploads\/2020\/07\/glas-balkongelaender-alu-design-vitro-ret-1-768x513.jpg 768w, https:\/\/www.leeb-balkone.com\/app\/uploads\/2020\/07\/glas-balkongelaender-alu-design-vitro-ret-1-1536x1025.jpg 1536w, https:\/\/www.leeb-balkone.com\/app\/uploads\/2020\/07\/glas-balkongelaender-alu-design-vitro-ret-1-2048x1367.jpg 2048w\" sizes=\"auto, (min-width: 1200px) 260px, (min-width: 1024px) 220px, (min-width: 640px) 465px, 768px\" \/>                    <\/figure>\n        <div class=\"wp-block-group m-card-content is-vertical is-layout-flex wp-block-group-is-layout-flex\">\n            <h3 class=\"wp-block-heading\">\n                Vitro            <\/h3>\n                        <p>Balkongel\u00e4nder mit hochwertiger Glas-F\u00fcllung im soliden Alu-Rahmen<\/p>        <\/div>\n            <\/a>\n<\/div>\n<div id=\"post-2772\" class=\"loop-block-item wp-block-group m-card is-layout-flow wp-block-group-is-layout-flow balkongelaender-alu horizontales-diagonales-design-alu\">\n    <a href=\"https:\/\/www.leeb-balkone.com\/de\/balkongelaender\/balkongelaender-alu\/madrid\/\" class=\"no-default-link\" title=\"Madrid\">\n        <figure data-imgid=\"7718\" class=\"wp-block-image size-large\">\n            <img loading=\"lazy\" decoding=\"async\" width=\"300\" height=\"200\" src=\"https:\/\/www.leeb-balkone.com\/app\/uploads\/2020\/07\/edelstahl-zaun-alu-madrid-11-1-300x200.jpg\" class=\"attachment-medium size-medium\" alt=\"Modernes Balkongel\u00e4nder mit Edelstahl-Streben - Alubalkon Alu Design Madrid\" title=\"edelstahl-zaun-alu-madrid-11 (1)\" srcset=\"https:\/\/www.leeb-balkone.com\/app\/uploads\/2020\/07\/edelstahl-zaun-alu-madrid-11-1-300x200.jpg 300w, https:\/\/www.leeb-balkone.com\/app\/uploads\/2020\/07\/edelstahl-zaun-alu-madrid-11-1-1024x683.jpg 1024w, https:\/\/www.leeb-balkone.com\/app\/uploads\/2020\/07\/edelstahl-zaun-alu-madrid-11-1-768x512.jpg 768w, https:\/\/www.leeb-balkone.com\/app\/uploads\/2020\/07\/edelstahl-zaun-alu-madrid-11-1-1536x1025.jpg 1536w, https:\/\/www.leeb-balkone.com\/app\/uploads\/2020\/07\/edelstahl-zaun-alu-madrid-11-1-2048x1366.jpg 2048w\" sizes=\"auto, (min-width: 1200px) 260px, (min-width: 1024px) 220px, (min-width: 640px) 465px, 768px\" \/>                    <\/figure>\n        <div class=\"wp-block-group m-card-content is-vertical is-layout-flex wp-block-group-is-layout-flex\">\n            <h3 class=\"wp-block-heading\">\n                Madrid            <\/h3>\n                        <p>Moderner Alubalkon mit waagrechtem Lattenprofil und Edelstahl Streben<\/p>        <\/div>\n            <\/a>\n<\/div>\n<div id=\"post-3541\" class=\"loop-block-item wp-block-group m-card is-layout-flow wp-block-group-is-layout-flow balkongelaender-alu select-balkone-alu\">\n    <a href=\"https:\/\/www.leeb-balkone.com\/de\/balkongelaender\/balkongelaender-alu\/roma\/\" class=\"no-default-link\" title=\"Roma\">\n        <figure data-imgid=\"50747\" class=\"wp-block-image size-large\">\n            <img loading=\"lazy\" decoding=\"async\" width=\"300\" height=\"200\" src=\"https:\/\/www.leeb-balkone.com\/app\/uploads\/2020\/07\/balkongelaender-alu-select-roma-24-1-300x200.jpg\" class=\"attachment-medium size-medium\" alt=\"Kompaktes Balkongel\u00e4nder mit vielen Dekoren gestaltbar - Alubalkon Alu Select Roma\" title=\"balkongelaender-alu-select-roma-24 (1)\" srcset=\"https:\/\/www.leeb-balkone.com\/app\/uploads\/2020\/07\/balkongelaender-alu-select-roma-24-1-300x200.jpg 300w, https:\/\/www.leeb-balkone.com\/app\/uploads\/2020\/07\/balkongelaender-alu-select-roma-24-1-1024x684.jpg 1024w, https:\/\/www.leeb-balkone.com\/app\/uploads\/2020\/07\/balkongelaender-alu-select-roma-24-1-768x513.jpg 768w, https:\/\/www.leeb-balkone.com\/app\/uploads\/2020\/07\/balkongelaender-alu-select-roma-24-1-1536x1025.jpg 1536w, https:\/\/www.leeb-balkone.com\/app\/uploads\/2020\/07\/balkongelaender-alu-select-roma-24-1-scaled.jpg 2048w\" sizes=\"auto, (min-width: 1200px) 260px, (min-width: 1024px) 220px, (min-width: 640px) 465px, 768px\" \/>                    <\/figure>\n        <div class=\"wp-block-group m-card-content is-vertical is-layout-flex wp-block-group-is-layout-flex\">\n            <h3 class=\"wp-block-heading\">\n                Roma            <\/h3>\n                        <p>Kompaktes Balkongel\u00e4nder mit vielen Dekoren nach Wunsch gestaltbar<\/p>        <\/div>\n            <\/a>\n<\/div>\n<div id=\"post-5107\" class=\"loop-block-item wp-block-group m-card is-layout-flow wp-block-group-is-layout-flow balkongelaender-alu glasbalkone-alu balkongelaender-glas\">\n    <a href=\"https:\/\/www.leeb-balkone.com\/de\/balkongelaender\/balkongelaender-alu\/vital\/\" class=\"no-default-link\" title=\"Vital\">\n        <figure data-imgid=\"57952\" class=\"wp-block-image size-large\">\n            <img loading=\"lazy\" decoding=\"async\" width=\"300\" height=\"200\" src=\"https:\/\/www.leeb-balkone.com\/app\/uploads\/2020\/04\/balkongelaender-alu-design-merida-112-300x200.jpg\" class=\"attachment-medium size-medium\" alt=\"balkongelaender alu design merida\" title=\"balkongelaender-alu-design-merida-112\" srcset=\"https:\/\/www.leeb-balkone.com\/app\/uploads\/2020\/04\/balkongelaender-alu-design-merida-112-300x200.jpg 300w, https:\/\/www.leeb-balkone.com\/app\/uploads\/2020\/04\/balkongelaender-alu-design-merida-112-1024x684.jpg 1024w, https:\/\/www.leeb-balkone.com\/app\/uploads\/2020\/04\/balkongelaender-alu-design-merida-112-768x513.jpg 768w, https:\/\/www.leeb-balkone.com\/app\/uploads\/2020\/04\/balkongelaender-alu-design-merida-112-1536x1025.jpg 1536w, https:\/\/www.leeb-balkone.com\/app\/uploads\/2020\/04\/balkongelaender-alu-design-merida-112-scaled.jpg 2048w\" sizes=\"auto, (min-width: 1200px) 260px, (min-width: 1024px) 220px, (min-width: 640px) 465px, 768px\" \/>                    <\/figure>\n        <div class=\"wp-block-group m-card-content is-vertical is-layout-flex wp-block-group-is-layout-flex\">\n            <h3 class=\"wp-block-heading\">\n                Vital            <\/h3>\n                        <p>Glasbalkon mit rahmenloser F\u00fcllung &#8211; zeitloses Balkongel\u00e4nder mit Glas<\/p>        <\/div>\n            <\/a>\n<\/div>\n<div id=\"post-2730\" class=\"loop-block-item wp-block-group m-card is-layout-flow wp-block-group-is-layout-flow balkongelaender-alu vertikales-design-alu\">\n    <a href=\"https:\/\/www.leeb-balkone.com\/de\/balkongelaender\/balkongelaender-alu\/genf\/\" class=\"no-default-link\" title=\"Genf\">\n        <figure data-imgid=\"44230\" class=\"wp-block-image size-large\">\n            <img loading=\"lazy\" decoding=\"async\" width=\"300\" height=\"200\" src=\"https:\/\/www.leeb-balkone.com\/app\/uploads\/2020\/07\/balkongelaender-alu-design-genf-20-1-300x200.jpg\" class=\"attachment-medium size-medium\" alt=\"Modernes Balkongel\u00e4nder aus Aluminium in zeitloser Optik - Alubalkon Alu Design Genf\" title=\"balkongelaender-alu-design-genf-20\" srcset=\"https:\/\/www.leeb-balkone.com\/app\/uploads\/2020\/07\/balkongelaender-alu-design-genf-20-1-300x200.jpg 300w, https:\/\/www.leeb-balkone.com\/app\/uploads\/2020\/07\/balkongelaender-alu-design-genf-20-1-1024x681.jpg 1024w, https:\/\/www.leeb-balkone.com\/app\/uploads\/2020\/07\/balkongelaender-alu-design-genf-20-1-768x511.jpg 768w, https:\/\/www.leeb-balkone.com\/app\/uploads\/2020\/07\/balkongelaender-alu-design-genf-20-1-1536x1022.jpg 1536w, https:\/\/www.leeb-balkone.com\/app\/uploads\/2020\/07\/balkongelaender-alu-design-genf-20-1-2048x1363.jpg 2048w\" sizes=\"auto, (min-width: 1200px) 260px, (min-width: 1024px) 220px, (min-width: 640px) 465px, 768px\" \/>                    <\/figure>\n        <div class=\"wp-block-group m-card-content is-vertical is-layout-flex wp-block-group-is-layout-flex\">\n            <h3 class=\"wp-block-heading\">\n                Genf            <\/h3>\n                        <p>Luftiges Balkongel\u00e4nder aus Aluminium &#8211; \u00c4sthetik und Funktion im Einklang<\/p>        <\/div>\n            <\/a>\n<\/div>\n<div id=\"post-3530\" class=\"loop-block-item wp-block-group m-card is-layout-flow wp-block-group-is-layout-flow balkongelaender-alu select-balkone-alu\">\n    <a href=\"https:\/\/www.leeb-balkone.com\/de\/balkongelaender\/balkongelaender-alu\/imola\/\" class=\"no-default-link\" title=\"Imola\">\n        <figure data-imgid=\"3418\" class=\"wp-block-image size-large\">\n            <img loading=\"lazy\" decoding=\"async\" width=\"300\" height=\"200\" src=\"https:\/\/www.leeb-balkone.com\/app\/uploads\/2020\/07\/balkongelaender-alu-select-imola-7-300x200.jpg\" class=\"attachment-medium size-medium\" alt=\"Semitransparentes Balkongel\u00e4nder mit waagrechten Latten - Alubalkon Alu Select Imola\" title=\"balkongelaender-alu-select-imola-7\" srcset=\"https:\/\/www.leeb-balkone.com\/app\/uploads\/2020\/07\/balkongelaender-alu-select-imola-7-300x200.jpg 300w, https:\/\/www.leeb-balkone.com\/app\/uploads\/2020\/07\/balkongelaender-alu-select-imola-7-1024x683.jpg 1024w, https:\/\/www.leeb-balkone.com\/app\/uploads\/2020\/07\/balkongelaender-alu-select-imola-7-768x512.jpg 768w, https:\/\/www.leeb-balkone.com\/app\/uploads\/2020\/07\/balkongelaender-alu-select-imola-7-1536x1024.jpg 1536w, https:\/\/www.leeb-balkone.com\/app\/uploads\/2020\/07\/balkongelaender-alu-select-imola-7-2048x1366.jpg 2048w\" sizes=\"auto, (min-width: 1200px) 260px, (min-width: 1024px) 220px, (min-width: 640px) 465px, 768px\" \/>                    <\/figure>\n        <div class=\"wp-block-group m-card-content is-vertical is-layout-flex wp-block-group-is-layout-flex\">\n            <h3 class=\"wp-block-heading\">\n                Imola            <\/h3>\n                        <p>Alubalkon mit elegantem Parallelo-Lattenprofil und Handlauf<\/p>        <\/div>\n            <\/a>\n<\/div>\n<div id=\"post-5617\" class=\"loop-block-item wp-block-group m-card is-layout-flow wp-block-group-is-layout-flow balkongelaender-alu select-balkone-alu\">\n    <a href=\"https:\/\/www.leeb-balkone.com\/de\/balkongelaender\/balkongelaender-alu\/isola\/\" class=\"no-default-link\" title=\"Isola\">\n        <figure data-imgid=\"19930\" class=\"wp-block-image size-large\">\n            <img loading=\"lazy\" decoding=\"async\" width=\"300\" height=\"199\" src=\"https:\/\/www.leeb-balkone.com\/app\/uploads\/2020\/08\/balkongelaender-alu-select-isola-10-300x199.jpg\" class=\"attachment-medium size-medium\" alt=\"Semi-blickdichtes Balkongel\u00e4nder aus Aluminium in Holzoptik - Alubalkon Alu Select Isola\" title=\"balkongelaender-alu-select-isola-10\" srcset=\"https:\/\/www.leeb-balkone.com\/app\/uploads\/2020\/08\/balkongelaender-alu-select-isola-10-300x199.jpg 300w, https:\/\/www.leeb-balkone.com\/app\/uploads\/2020\/08\/balkongelaender-alu-select-isola-10-1024x681.jpg 1024w, https:\/\/www.leeb-balkone.com\/app\/uploads\/2020\/08\/balkongelaender-alu-select-isola-10-768x510.jpg 768w, https:\/\/www.leeb-balkone.com\/app\/uploads\/2020\/08\/balkongelaender-alu-select-isola-10-1536x1021.jpg 1536w, https:\/\/www.leeb-balkone.com\/app\/uploads\/2020\/08\/balkongelaender-alu-select-isola-10-2048x1361.jpg 2048w\" sizes=\"auto, (min-width: 1200px) 260px, (min-width: 1024px) 220px, (min-width: 640px) 465px, 768px\" \/>                    <\/figure>\n        <div class=\"wp-block-group m-card-content is-vertical is-layout-flex wp-block-group-is-layout-flex\">\n            <h3 class=\"wp-block-heading\">\n                Isola            <\/h3>\n                        <p>Flexibles Alu Balkongel\u00e4nder &#8211; semi-blickdichtes Modell mit geraden Linien<\/p>        <\/div>\n            <\/a>\n<\/div>\n<div id=\"post-2959\" class=\"loop-block-item wp-block-group m-card is-layout-flow wp-block-group-is-layout-flow balkongelaender-alu vertikales-design-alu\">\n    <a href=\"https:\/\/www.leeb-balkone.com\/de\/balkongelaender\/balkongelaender-alu\/trento\/\" class=\"no-default-link\" title=\"Trento\">\n        <figure data-imgid=\"2943\" class=\"wp-block-image size-large\">\n            <img loading=\"lazy\" decoding=\"async\" width=\"300\" height=\"200\" src=\"https:\/\/www.leeb-balkone.com\/app\/uploads\/2020\/07\/balkon-alu-design-trento-2-300x200.jpg\" class=\"attachment-medium size-medium\" alt=\"Balkongel\u00e4nder mit Handlauf und senkrechten Latten als F\u00fcllung - Alubalkon Alu Design Trento\" title=\"balkongelaender-alu-design-trento-2\" srcset=\"https:\/\/www.leeb-balkone.com\/app\/uploads\/2020\/07\/balkon-alu-design-trento-2-300x200.jpg 300w, https:\/\/www.leeb-balkone.com\/app\/uploads\/2020\/07\/balkon-alu-design-trento-2-1024x683.jpg 1024w, https:\/\/www.leeb-balkone.com\/app\/uploads\/2020\/07\/balkon-alu-design-trento-2-768x512.jpg 768w, https:\/\/www.leeb-balkone.com\/app\/uploads\/2020\/07\/balkon-alu-design-trento-2-1536x1024.jpg 1536w, https:\/\/www.leeb-balkone.com\/app\/uploads\/2020\/07\/balkon-alu-design-trento-2-2048x1366.jpg 2048w\" sizes=\"auto, (min-width: 1200px) 260px, (min-width: 1024px) 220px, (min-width: 640px) 465px, 768px\" \/>                    <\/figure>\n        <div class=\"wp-block-group m-card-content is-vertical is-layout-flex wp-block-group-is-layout-flex\">\n            <h3 class=\"wp-block-heading\">\n                Trento            <\/h3>\n                        <p>Eleganter Alubalkon mit senkrechten Dreiecksprossen und Handlauf<\/p>        <\/div>\n            <\/a>\n<\/div>\n<div id=\"post-163938\" class=\"loop-block-item wp-block-group m-card is-layout-flow wp-block-group-is-layout-flow balkongelaender-alu vertikales-design-alu\">\n    <a href=\"https:\/\/www.leeb-balkone.com\/de\/balkongelaender\/balkongelaender-alu\/zenit\/\" class=\"no-default-link\" title=\"Zenit\">\n        <figure data-imgid=\"163940\" class=\"wp-block-image size-large\">\n            <img loading=\"lazy\" decoding=\"async\" width=\"300\" height=\"225\" src=\"https:\/\/www.leeb-balkone.com\/app\/uploads\/2026\/02\/Alubalkon-Zenit-300x225.jpg\" class=\"attachment-medium size-medium\" alt=\"Alubalkon Zenit\" title=\"threesixty.at_Leeb-Balkone-H4-B8-1_20251210\" srcset=\"https:\/\/www.leeb-balkone.com\/app\/uploads\/2026\/02\/Alubalkon-Zenit-300x225.jpg 300w, https:\/\/www.leeb-balkone.com\/app\/uploads\/2026\/02\/Alubalkon-Zenit-1024x768.jpg 1024w, https:\/\/www.leeb-balkone.com\/app\/uploads\/2026\/02\/Alubalkon-Zenit-768x576.jpg 768w, https:\/\/www.leeb-balkone.com\/app\/uploads\/2026\/02\/Alubalkon-Zenit-1536x1152.jpg 1536w, https:\/\/www.leeb-balkone.com\/app\/uploads\/2026\/02\/Alubalkon-Zenit-2048x1536.jpg 2048w\" sizes=\"auto, (min-width: 1200px) 260px, (min-width: 1024px) 220px, (min-width: 640px) 465px, 768px\" \/>                    <\/figure>\n        <div class=\"wp-block-group m-card-content is-vertical is-layout-flex wp-block-group-is-layout-flex\">\n            <h3 class=\"wp-block-heading\">\n                Zenit            <\/h3>\n                        <p>Minimalistisches Balkongel\u00e4nder mit architektonischer Raffinesse<\/p>        <\/div>\n            <\/a>\n<\/div>\n<div id=\"post-3374\" class=\"loop-block-item wp-block-group m-card is-layout-flow wp-block-group-is-layout-flow balkongelaender-alu glasbalkone-alu balkongelaender-glas select-balkone-alu\">\n    <a href=\"https:\/\/www.leeb-balkone.com\/de\/balkongelaender\/balkongelaender-alu\/padova\/\" class=\"no-default-link\" title=\"Padova\">\n        <figure data-imgid=\"3379\" class=\"wp-block-image size-large\">\n            <img loading=\"lazy\" decoding=\"async\" width=\"300\" height=\"200\" src=\"https:\/\/www.leeb-balkone.com\/app\/uploads\/2020\/07\/balkon-alu-select-padova-2-300x200.jpg\" class=\"attachment-medium size-medium\" alt=\"Glas Balkongel\u00e4nder mit soliden Abschlussleisten und Handlauf - Alubalkon Alu Select Padova\" title=\"glas-balkongelaender-alu-select-padova-8\" srcset=\"https:\/\/www.leeb-balkone.com\/app\/uploads\/2020\/07\/balkon-alu-select-padova-2-300x200.jpg 300w, https:\/\/www.leeb-balkone.com\/app\/uploads\/2020\/07\/balkon-alu-select-padova-2-1024x681.jpg 1024w, https:\/\/www.leeb-balkone.com\/app\/uploads\/2020\/07\/balkon-alu-select-padova-2-768x511.jpg 768w, https:\/\/www.leeb-balkone.com\/app\/uploads\/2020\/07\/balkon-alu-select-padova-2-1536x1022.jpg 1536w, https:\/\/www.leeb-balkone.com\/app\/uploads\/2020\/07\/balkon-alu-select-padova-2-2048x1363.jpg 2048w\" sizes=\"auto, (min-width: 1200px) 260px, (min-width: 1024px) 220px, (min-width: 640px) 465px, 768px\" \/>                    <\/figure>\n        <div class=\"wp-block-group m-card-content is-vertical is-layout-flex wp-block-group-is-layout-flex\">\n            <h3 class=\"wp-block-heading\">\n                Padova            <\/h3>\n                        <p>Gel\u00e4nder mit Glasf\u00fcllung im schlanken Rahmen und U-Profil Abschluss<\/p>        <\/div>\n            <\/a>\n<\/div>\n<div id=\"post-3405\" class=\"loop-block-item wp-block-group m-card is-layout-flow wp-block-group-is-layout-flow balkongelaender-alu glasbalkone-alu\">\n    <a href=\"https:\/\/www.leeb-balkone.com\/de\/balkongelaender\/balkongelaender-alu\/solar\/\" class=\"no-default-link\" title=\"Solar-Balkon\">\n        <figure data-imgid=\"152010\" class=\"wp-block-image size-large\">\n            <img loading=\"lazy\" decoding=\"async\" width=\"300\" height=\"200\" src=\"https:\/\/www.leeb-balkone.com\/app\/uploads\/2020\/07\/balkongelaender-solar-optimus-aus-aluminium-300x200.jpg\" class=\"attachment-medium size-medium\" alt=\"Solarbalkon Optimus Haus mit wei\u00dfer Fassade\" title=\"balkongelaender-solar-optimus-aus-aluminium\" srcset=\"https:\/\/www.leeb-balkone.com\/app\/uploads\/2020\/07\/balkongelaender-solar-optimus-aus-aluminium-300x200.jpg 300w, https:\/\/www.leeb-balkone.com\/app\/uploads\/2020\/07\/balkongelaender-solar-optimus-aus-aluminium-1024x684.jpg 1024w, https:\/\/www.leeb-balkone.com\/app\/uploads\/2020\/07\/balkongelaender-solar-optimus-aus-aluminium-768x513.jpg 768w, https:\/\/www.leeb-balkone.com\/app\/uploads\/2020\/07\/balkongelaender-solar-optimus-aus-aluminium-1536x1025.jpg 1536w, https:\/\/www.leeb-balkone.com\/app\/uploads\/2020\/07\/balkongelaender-solar-optimus-aus-aluminium-2048x1367.jpg 2048w\" sizes=\"auto, (min-width: 1200px) 260px, (min-width: 1024px) 220px, (min-width: 640px) 465px, 768px\" \/>                    <\/figure>\n        <div class=\"wp-block-group m-card-content is-vertical is-layout-flex wp-block-group-is-layout-flex\">\n            <h3 class=\"wp-block-heading\">\n                Solar-Balkon            <\/h3>\n                        <p>Balkongel\u00e4nder mit PV-Modulen: Solar-Balkon auf Basis Alu Design Vision<\/p>        <\/div>\n            <\/a>\n<\/div>\n<div id=\"post-144455\" class=\"loop-block-item wp-block-group m-card is-layout-flow wp-block-group-is-layout-flow balkongelaender-alu glasbalkone-alu\">\n    <a href=\"https:\/\/www.leeb-balkone.com\/de\/balkongelaender\/balkongelaender-alu\/otaru\/\" class=\"no-default-link\" title=\"Otaru\">\n        <figure data-imgid=\"144673\" class=\"wp-block-image size-large\">\n            <img loading=\"lazy\" decoding=\"async\" width=\"300\" height=\"225\" src=\"https:\/\/www.leeb-balkone.com\/app\/uploads\/2025\/02\/otaru-alu-balkongelaender-mit-glasfuellung-hinter-alublech-streifen-in-schilf-optik-detailansicht-detailansicht-300x225.jpeg\" class=\"attachment-medium size-medium\" alt=\"Otaru Alu Balkongel\u00e4nder mit Glasf\u00fcllung hinter Alublech Streifen in Schilf Optik - Detailansicht\" title=\"Otaru Alu Balkongel\u00e4nder mit Glasf\u00fcllung hinter Alublech Streifen in Schilf Optik &#8211; Detailansicht\" srcset=\"https:\/\/www.leeb-balkone.com\/app\/uploads\/2025\/02\/otaru-alu-balkongelaender-mit-glasfuellung-hinter-alublech-streifen-in-schilf-optik-detailansicht-detailansicht-300x225.jpeg 300w, https:\/\/www.leeb-balkone.com\/app\/uploads\/2025\/02\/otaru-alu-balkongelaender-mit-glasfuellung-hinter-alublech-streifen-in-schilf-optik-detailansicht-detailansicht-1024x768.jpeg 1024w, https:\/\/www.leeb-balkone.com\/app\/uploads\/2025\/02\/otaru-alu-balkongelaender-mit-glasfuellung-hinter-alublech-streifen-in-schilf-optik-detailansicht-detailansicht-768x576.jpeg 768w, https:\/\/www.leeb-balkone.com\/app\/uploads\/2025\/02\/otaru-alu-balkongelaender-mit-glasfuellung-hinter-alublech-streifen-in-schilf-optik-detailansicht-detailansicht-1536x1152.jpeg 1536w, https:\/\/www.leeb-balkone.com\/app\/uploads\/2025\/02\/otaru-alu-balkongelaender-mit-glasfuellung-hinter-alublech-streifen-in-schilf-optik-detailansicht-detailansicht-2048x1536.jpeg 2048w\" sizes=\"auto, (min-width: 1200px) 260px, (min-width: 1024px) 220px, (min-width: 640px) 465px, 768px\" \/>                    <\/figure>\n        <div class=\"wp-block-group m-card-content is-vertical is-layout-flex wp-block-group-is-layout-flex\">\n            <h3 class=\"wp-block-heading\">\n                Otaru            <\/h3>\n                        <p>Balkongel\u00e4nder mit organischer Note &#8211; Glas hinter Alu Blech in Schilf Optik<\/p>        <\/div>\n            <\/a>\n<\/div><\/div><div class=\"loop-load-more-wrapper\">  <div class=\"loop-load-more wp-block-button is-style-filled-secondary\">    <a href=\"#\" class=\"wp-block-button__link wp-element-button\" role=\"button\" tabindex=\"0\" aria-expanded=\"false\" aria-controls=\"loop-block-69f505a0b5348\">Mehr laden<\/a>  <\/div><\/div><script type=\"application\/ld+json\">{\n    \"@context\": \"https:\/\/schema.org\",\n    \"@graph\": [\n        {\n            \"@type\": \"CollectionPage\",\n            \"@id\": \"https:\/\/www.leeb-balkone.com\/de\/balkongelaender\/balkongelaender-alu\/\",\n            \"mainEntity\": {\n                \"@id\": \"https:\/\/www.leeb-balkone.com\/de\/balkongelaender\/balkongelaender-alu\/#itemlist\"\n            }\n        },\n        {\n            \"@type\": \"ItemList\",\n            \"@id\": \"https:\/\/www.leeb-balkone.com\/de\/balkongelaender\/balkongelaender-alu\/#itemlist\",\n            \"name\": \"Balkongel\u00e4nder aus Aluminium - Leeb Alubalkon\",\n            \"description\": \"Pflegeleichte Alu-Balkongel\u00e4nder von Leeb: Nie wieder streichen dank patentierter ALU COMFORT PLUS\u00ae Beschichtung. \u00dcber 200 Designs in allen RAL-Farben & Holzoptik. Jetzt planen! Unsere Aluminium-Balkone \u00fcberzeugen durch h\u00f6chste Witterungsbest\u00e4ndigkeit, Kratzfestigkeit und das innovative Alu Protection System (APS) f\u00fcr maximale Stabilit\u00e4t. Ob modernes Lochblech-Design, zeitlose Lattenoptik oder t\u00e4uschend echte Holzdekore \u2013 Leeb bietet ma\u00dfgeschneiderte L\u00f6sungen f\u00fcr jeden Stil. Profitieren Sie vom bew\u00e4hrten Rundum-Service des europ\u00e4ischen Marktf\u00fchrers.\",\n            \"itemListOrder\": \"https:\/\/schema.org\/ItemListUnordered\",\n            \"numberOfItems\": 66,\n            \"itemListElement\": [\n                {\n                    \"@type\": \"ListItem\",\n                    \"position\": 1,\n                    \"item\": {\n                        \"@type\": \"ProductModel\",\n                        \"name\": \"Vilshofen\",\n                        \"url\": \"https:\/\/www.leeb-balkone.com\/de\/balkongelaender\/balkongelaender-alu\/vilshofen\/\",\n                        \"description\": \"\",\n                        \"image\": \"https:\/\/www.leeb-balkone.com\/app\/uploads\/2020\/07\/balkongelaender-alu-classic-vilshofen-24.jpg\"\n                    }\n                },\n                {\n                    \"@type\": \"ListItem\",\n                    \"position\": 2,\n                    \"item\": {\n                        \"@type\": \"ProductModel\",\n                        \"name\": \"Yaku\",\n                        \"url\": \"https:\/\/www.leeb-balkone.com\/de\/balkongelaender\/balkongelaender-alu\/yaku\/\",\n                        \"description\": \"\",\n                        \"image\": \"https:\/\/www.leeb-balkone.com\/app\/uploads\/2025\/02\/Yaku-Alu-Lochblech-Balkongelaender-mit-Langloch-Perforierung-Vertical-Gradient-1-scaled.png\"\n                    }\n                },\n                {\n                    \"@type\": \"ListItem\",\n                    \"position\": 3,\n                    \"item\": {\n                        \"@type\": \"ProductModel\",\n                        \"name\": \"Vision\",\n                        \"url\": \"https:\/\/www.leeb-balkone.com\/de\/balkongelaender\/balkongelaender-alu\/vision\/\",\n                        \"description\": \"\",\n                        \"image\": \"https:\/\/www.leeb-balkone.com\/app\/uploads\/2020\/09\/glas-balkongelaender-alu-design-vision-31-scaled.jpg\"\n                    }\n                },\n                {\n                    \"@type\": \"ListItem\",\n                    \"position\": 4,\n                    \"item\": {\n                        \"@type\": \"ProductModel\",\n                        \"name\": \"Vitro\",\n                        \"url\": \"https:\/\/www.leeb-balkone.com\/de\/balkongelaender\/balkongelaender-alu\/vitro\/\",\n                        \"description\": \"\",\n                        \"image\": \"https:\/\/www.leeb-balkone.com\/app\/uploads\/2020\/07\/glas-balkongelaender-alu-design-vitro-ret-1-scaled.jpg\"\n                    }\n                },\n                {\n                    \"@type\": \"ListItem\",\n                    \"position\": 5,\n                    \"item\": {\n                        \"@type\": \"ProductModel\",\n                        \"name\": \"Madrid\",\n                        \"url\": \"https:\/\/www.leeb-balkone.com\/de\/balkongelaender\/balkongelaender-alu\/madrid\/\",\n                        \"description\": \"\",\n                        \"image\": \"https:\/\/www.leeb-balkone.com\/app\/uploads\/2020\/07\/edelstahl-zaun-alu-madrid-11-1-scaled.jpg\"\n                    }\n                },\n                {\n                    \"@type\": \"ListItem\",\n                    \"position\": 6,\n                    \"item\": {\n                        \"@type\": \"ProductModel\",\n                        \"name\": \"Roma\",\n                        \"url\": \"https:\/\/www.leeb-balkone.com\/de\/balkongelaender\/balkongelaender-alu\/roma\/\",\n                        \"description\": \"\",\n                        \"image\": \"https:\/\/www.leeb-balkone.com\/app\/uploads\/2020\/07\/balkongelaender-alu-select-roma-24-1-scaled.jpg\"\n                    }\n                },\n                {\n                    \"@type\": \"ListItem\",\n                    \"position\": 7,\n                    \"item\": {\n                        \"@type\": \"ProductModel\",\n                        \"name\": \"Vital\",\n                        \"url\": \"https:\/\/www.leeb-balkone.com\/de\/balkongelaender\/balkongelaender-alu\/vital\/\",\n                        \"description\": \"\",\n                        \"image\": \"https:\/\/www.leeb-balkone.com\/app\/uploads\/2020\/04\/balkongelaender-alu-design-merida-112-scaled.jpg\"\n                    }\n                },\n                {\n                    \"@type\": \"ListItem\",\n                    \"position\": 8,\n                    \"item\": {\n                        \"@type\": \"ProductModel\",\n                        \"name\": \"Genf\",\n                        \"url\": \"https:\/\/www.leeb-balkone.com\/de\/balkongelaender\/balkongelaender-alu\/genf\/\",\n                        \"description\": \"\",\n                        \"image\": \"https:\/\/www.leeb-balkone.com\/app\/uploads\/2020\/07\/balkongelaender-alu-design-genf-20-1-scaled.jpg\"\n                    }\n                },\n                {\n                    \"@type\": \"ListItem\",\n                    \"position\": 9,\n                    \"item\": {\n                        \"@type\": \"ProductModel\",\n                        \"name\": \"Imola\",\n                        \"url\": \"https:\/\/www.leeb-balkone.com\/de\/balkongelaender\/balkongelaender-alu\/imola\/\",\n                        \"description\": \"\",\n                        \"image\": \"https:\/\/www.leeb-balkone.com\/app\/uploads\/2020\/07\/balkongelaender-alu-select-imola-7-scaled.jpg\"\n                    }\n                },\n                {\n                    \"@type\": \"ListItem\",\n                    \"position\": 10,\n                    \"item\": {\n                        \"@type\": \"ProductModel\",\n                        \"name\": \"Isola\",\n                        \"url\": \"https:\/\/www.leeb-balkone.com\/de\/balkongelaender\/balkongelaender-alu\/isola\/\",\n                        \"description\": \"\",\n                        \"image\": \"https:\/\/www.leeb-balkone.com\/app\/uploads\/2020\/08\/balkongelaender-alu-select-isola-10-scaled.jpg\"\n                    }\n                },\n                {\n                    \"@type\": \"ListItem\",\n                    \"position\": 11,\n                    \"item\": {\n                        \"@type\": \"ProductModel\",\n                        \"name\": \"Trento\",\n                        \"url\": \"https:\/\/www.leeb-balkone.com\/de\/balkongelaender\/balkongelaender-alu\/trento\/\",\n                        \"description\": \"\",\n                        \"image\": \"https:\/\/www.leeb-balkone.com\/app\/uploads\/2020\/07\/balkon-alu-design-trento-2-scaled.jpg\"\n                    }\n                },\n                {\n                    \"@type\": \"ListItem\",\n                    \"position\": 12,\n                    \"item\": {\n                        \"@type\": \"ProductModel\",\n                        \"name\": \"Zenit\",\n                        \"url\": \"https:\/\/www.leeb-balkone.com\/de\/balkongelaender\/balkongelaender-alu\/zenit\/\",\n                        \"description\": \"\",\n                        \"image\": \"https:\/\/www.leeb-balkone.com\/app\/uploads\/2026\/02\/Alubalkon-Zenit-scaled.jpg\"\n                    }\n                },\n                {\n                    \"@type\": \"ListItem\",\n                    \"position\": 13,\n                    \"item\": {\n                        \"@type\": \"ProductModel\",\n                        \"name\": \"Padova\",\n                        \"url\": \"https:\/\/www.leeb-balkone.com\/de\/balkongelaender\/balkongelaender-alu\/padova\/\",\n                        \"description\": \"\",\n                        \"image\": \"https:\/\/www.leeb-balkone.com\/app\/uploads\/2020\/07\/balkon-alu-select-padova-2-scaled.jpg\"\n                    }\n                },\n                {\n                    \"@type\": \"ListItem\",\n                    \"position\": 14,\n                    \"item\": {\n                        \"@type\": \"ProductModel\",\n                        \"name\": \"Solar-Balkon\",\n                        \"url\": \"https:\/\/www.leeb-balkone.com\/de\/balkongelaender\/balkongelaender-alu\/solar\/\",\n                        \"description\": \"Glasbalkon mit PV-Modulen \u00bb Verbund-Sicherheitsglas (VSG) \u00bb Plug an Play Balkonkraftwerk (bis 2 Module) - Solar Balkon von Leeb Balkone\",\n                        \"image\": \"https:\/\/www.leeb-balkone.com\/app\/uploads\/2020\/07\/balkongelaender-solar-optimus-aus-aluminium-scaled.jpg\"\n                    }\n                },\n                {\n                    \"@type\": \"ListItem\",\n                    \"position\": 15,\n                    \"item\": {\n                        \"@type\": \"ProductModel\",\n                        \"name\": \"Otaru\",\n                        \"url\": \"https:\/\/www.leeb-balkone.com\/de\/balkongelaender\/balkongelaender-alu\/otaru\/\",\n                        \"description\": \"\",\n                        \"image\": \"https:\/\/www.leeb-balkone.com\/app\/uploads\/2025\/02\/otaru-alu-balkongelaender-mit-glasfuellung-hinter-alublech-streifen-in-schilf-optik-detailansicht-detailansicht.jpeg\"\n                    }\n                },\n                {\n                    \"@type\": \"ListItem\",\n                    \"position\": 16,\n                    \"item\": {\n                        \"@type\": \"ProductModel\",\n                        \"name\": \"Yama\",\n                        \"url\": \"https:\/\/www.leeb-balkone.com\/de\/balkongelaender\/balkongelaender-alu\/yama\/\",\n                        \"description\": \"\",\n                        \"image\": \"https:\/\/www.leeb-balkone.com\/app\/uploads\/2025\/02\/yama-balkongelaender-mit-alu-sprossen-zweilagig-fuer-besonderen-tiefeneffekt-fotomontage-sichtschutzbalkon-1.jpeg\"\n                    }\n                },\n                {\n                    \"@type\": \"ListItem\",\n                    \"position\": 17,\n                    \"item\": {\n                        \"@type\": \"ProductModel\",\n                        \"name\": \"Palma\",\n                        \"url\": \"https:\/\/www.leeb-balkone.com\/de\/balkongelaender\/balkongelaender-alu\/palma\/\",\n                        \"description\": \"\",\n                        \"image\": \"https:\/\/www.leeb-balkone.com\/app\/uploads\/2021\/01\/vorher-nachher-vergleich-alu-balkon-palma-2-scaled.jpg\"\n                    }\n                },\n                {\n                    \"@type\": \"ListItem\",\n                    \"position\": 18,\n                    \"item\": {\n                        \"@type\": \"ProductModel\",\n                        \"name\": \"Turin\",\n                        \"url\": \"https:\/\/www.leeb-balkone.com\/de\/balkongelaender\/balkongelaender-alu\/turin\/\",\n                        \"description\": \"\",\n                        \"image\": \"https:\/\/www.leeb-balkone.com\/app\/uploads\/2023\/09\/balkongelaender-alu-select-turin-10-scaled.jpg\"\n                    }\n                },\n                {\n                    \"@type\": \"ListItem\",\n                    \"position\": 19,\n                    \"item\": {\n                        \"@type\": \"ProductModel\",\n                        \"name\": \"Barcelona\",\n                        \"url\": \"https:\/\/www.leeb-balkone.com\/de\/balkongelaender\/balkongelaender-alu\/barcelona\/\",\n                        \"description\": \"\",\n                        \"image\": \"https:\/\/www.leeb-balkone.com\/app\/uploads\/2020\/06\/balkongelaender-alu-design-barcelona-8-scaled.jpg\"\n                    }\n                },\n                {\n                    \"@type\": \"ListItem\",\n                    \"position\": 20,\n                    \"item\": {\n                        \"@type\": \"ProductModel\",\n                        \"name\": \"Milano\",\n                        \"url\": \"https:\/\/www.leeb-balkone.com\/de\/balkongelaender\/balkongelaender-alu\/milano\/\",\n                        \"description\": \"\",\n                        \"image\": \"https:\/\/www.leeb-balkone.com\/app\/uploads\/2020\/07\/balkongelaender-alu-select-milano-5-scaled.jpg\"\n                    }\n                },\n                {\n                    \"@type\": \"ListItem\",\n                    \"position\": 21,\n                    \"item\": {\n                        \"@type\": \"ProductModel\",\n                        \"name\": \"Lazio\",\n                        \"url\": \"https:\/\/www.leeb-balkone.com\/de\/balkongelaender\/balkongelaender-alu\/lazio\/\",\n                        \"description\": \"\",\n                        \"image\": \"https:\/\/www.leeb-balkone.com\/app\/uploads\/2024\/10\/balkongelaender-lazio-in-tiefschwarz-aus-alu-scaled.jpg\"\n                    }\n                },\n                {\n                    \"@type\": \"ListItem\",\n                    \"position\": 22,\n                    \"item\": {\n                        \"@type\": \"ProductModel\",\n                        \"name\": \"Casa Linea\",\n                        \"url\": \"https:\/\/www.leeb-balkone.com\/de\/balkongelaender\/balkongelaender-alu\/casa-linea\/\",\n                        \"description\": \"\",\n                        \"image\": \"https:\/\/www.leeb-balkone.com\/app\/uploads\/2020\/09\/glas-balkongelaender-alu-design-casa-linea-22-scaled.jpg\"\n                    }\n                },\n                {\n                    \"@type\": \"ListItem\",\n                    \"position\": 23,\n                    \"item\": {\n                        \"@type\": \"ProductModel\",\n                        \"name\": \"Klagenfurt\",\n                        \"url\": \"https:\/\/www.leeb-balkone.com\/de\/balkongelaender\/balkongelaender-alu\/klagenfurt\/\",\n                        \"description\": \"\",\n                        \"image\": \"https:\/\/www.leeb-balkone.com\/app\/uploads\/2020\/07\/balkon-alu-classic-klagenfurt-5-1-scaled.jpg\"\n                    }\n                },\n                {\n                    \"@type\": \"ListItem\",\n                    \"position\": 24,\n                    \"item\": {\n                        \"@type\": \"ProductModel\",\n                        \"name\": \"Pisa\",\n                        \"url\": \"https:\/\/www.leeb-balkone.com\/de\/balkongelaender\/balkongelaender-alu\/pisa\/\",\n                        \"description\": \"\",\n                        \"image\": \"https:\/\/www.leeb-balkone.com\/app\/uploads\/2020\/07\/balkongelaender-alu-select-pisa_8-1-scaled.jpeg\"\n                    }\n                },\n                {\n                    \"@type\": \"ListItem\",\n                    \"position\": 25,\n                    \"item\": {\n                        \"@type\": \"ProductModel\",\n                        \"name\": \"Granada\",\n                        \"url\": \"https:\/\/www.leeb-balkone.com\/de\/balkongelaender\/balkongelaender-alu\/granada\/\",\n                        \"description\": \"\",\n                        \"image\": \"https:\/\/www.leeb-balkone.com\/app\/uploads\/2020\/07\/balkongelaender-alu-design-granada-20-scaled.jpg\"\n                    }\n                },\n                {\n                    \"@type\": \"ListItem\",\n                    \"position\": 26,\n                    \"item\": {\n                        \"@type\": \"ProductModel\",\n                        \"name\": \"Merida\",\n                        \"url\": \"https:\/\/www.leeb-balkone.com\/de\/balkongelaender\/balkongelaender-alu\/merida\/\",\n                        \"description\": \"\",\n                        \"image\": \"https:\/\/www.leeb-balkone.com\/app\/uploads\/2020\/04\/balkongelaender-alu-design-merida-118-scaled.jpg\"\n                    }\n                },\n                {\n                    \"@type\": \"ListItem\",\n                    \"position\": 27,\n                    \"item\": {\n                        \"@type\": \"ProductModel\",\n                        \"name\": \"Taifun\",\n                        \"url\": \"https:\/\/www.leeb-balkone.com\/de\/balkongelaender\/balkongelaender-alu\/taifun\/\",\n                        \"description\": \"Das Modell Taifun von Leeb: Modernes Alu Lochblech Balkongel\u00e4nder mit feiner Minimal Triangel Perforierung. Wartungsfrei, kratzfest und UV-stabil dank patentierter Beschichtung.\",\n                        \"image\": \"https:\/\/www.leeb-balkone.com\/app\/uploads\/2025\/02\/taifun-alu-lochblech-blau-balkongelaender-mit-feiner-perforierung-minimal-triangel.jpeg\"\n                    }\n                },\n                {\n                    \"@type\": \"ListItem\",\n                    \"position\": 28,\n                    \"item\": {\n                        \"@type\": \"ProductModel\",\n                        \"name\": \"Larimar\",\n                        \"url\": \"https:\/\/www.leeb-balkone.com\/de\/balkongelaender\/balkongelaender-alu\/larimar\/\",\n                        \"description\": \"\",\n                        \"image\": \"https:\/\/www.leeb-balkone.com\/app\/uploads\/2020\/10\/alu-balkongelaender-larimar-3-scaled.jpg\"\n                    }\n                },\n                {\n                    \"@type\": \"ListItem\",\n                    \"position\": 29,\n                    \"item\": {\n                        \"@type\": \"ProductModel\",\n                        \"name\": \"Cordoba\",\n                        \"url\": \"https:\/\/www.leeb-balkone.com\/de\/balkongelaender\/balkongelaender-alu\/cordoba\/\",\n                        \"description\": \"\",\n                        \"image\": \"https:\/\/www.leeb-balkone.com\/app\/uploads\/2020\/06\/balkongelaender-alu-design-cordoba-9-scaled.jpg\"\n                    }\n                },\n                {\n                    \"@type\": \"ListItem\",\n                    \"position\": 30,\n                    \"item\": {\n                        \"@type\": \"ProductModel\",\n                        \"name\": \"Leipzig\",\n                        \"url\": \"https:\/\/www.leeb-balkone.com\/de\/balkongelaender\/balkongelaender-alu\/leipzig\/\",\n                        \"description\": \"\",\n                        \"image\": \"https:\/\/www.leeb-balkone.com\/app\/uploads\/2020\/07\/balkon-alu-classic-leipzig-7-scaled.jpg\"\n                    }\n                },\n                {\n                    \"@type\": \"ListItem\",\n                    \"position\": 31,\n                    \"item\": {\n                        \"@type\": \"ProductModel\",\n                        \"name\": \"Twist\",\n                        \"url\": \"https:\/\/www.leeb-balkone.com\/de\/balkongelaender\/balkongelaender-alu\/twist\/\",\n                        \"description\": \"\",\n                        \"image\": \"https:\/\/www.leeb-balkone.com\/app\/uploads\/2020\/10\/20211004_155450-gigapixel-scaled.jpg\"\n                    }\n                },\n                {\n                    \"@type\": \"ListItem\",\n                    \"position\": 32,\n                    \"item\": {\n                        \"@type\": \"ProductModel\",\n                        \"name\": \"Cancun\",\n                        \"url\": \"https:\/\/www.leeb-balkone.com\/de\/balkongelaender\/balkongelaender-alu\/cancun\/\",\n                        \"description\": \"\",\n                        \"image\": \"https:\/\/www.leeb-balkone.com\/app\/uploads\/2021\/01\/balkongelaender-alu-design-cancun-1a-scaled.jpg\"\n                    }\n                },\n                {\n                    \"@type\": \"ListItem\",\n                    \"position\": 33,\n                    \"item\": {\n                        \"@type\": \"ProductModel\",\n                        \"name\": \"Villach\",\n                        \"url\": \"https:\/\/www.leeb-balkone.com\/de\/balkongelaender\/balkongelaender-alu\/villach\/\",\n                        \"description\": \"\",\n                        \"image\": \"https:\/\/www.leeb-balkone.com\/app\/uploads\/2020\/06\/balkongelaender-alu-design-villach-18-scaled.jpg\"\n                    }\n                },\n                {\n                    \"@type\": \"ListItem\",\n                    \"position\": 34,\n                    \"item\": {\n                        \"@type\": \"ProductModel\",\n                        \"name\": \"Ballina\",\n                        \"url\": \"https:\/\/www.leeb-balkone.com\/de\/balkongelaender\/balkongelaender-alu\/ballina\/\",\n                        \"description\": \"\",\n                        \"image\": \"https:\/\/www.leeb-balkone.com\/app\/uploads\/2023\/03\/balkongelaender-alu-design-ballina-01-scaled.jpg\"\n                    }\n                },\n                {\n                    \"@type\": \"ListItem\",\n                    \"position\": 35,\n                    \"item\": {\n                        \"@type\": \"ProductModel\",\n                        \"name\": \"S\u00f6lden\",\n                        \"url\": \"https:\/\/www.leeb-balkone.com\/de\/balkongelaender\/balkongelaender-alu\/soelden\/\",\n                        \"description\": \"\",\n                        \"image\": \"https:\/\/www.leeb-balkone.com\/app\/uploads\/2020\/07\/balkongelaender-alu-design-soelden-7-1-scaled.jpg\"\n                    }\n                },\n                {\n                    \"@type\": \"ListItem\",\n                    \"position\": 36,\n                    \"item\": {\n                        \"@type\": \"ProductModel\",\n                        \"name\": \"Oberstdorf\",\n                        \"url\": \"https:\/\/www.leeb-balkone.com\/de\/balkongelaender\/balkongelaender-alu\/oberstdorf\/\",\n                        \"description\": \"\",\n                        \"image\": \"https:\/\/www.leeb-balkone.com\/app\/uploads\/2020\/07\/balkon-alu-classic-oberstdorf-8-scaled.jpg\"\n                    }\n                },\n                {\n                    \"@type\": \"ListItem\",\n                    \"position\": 37,\n                    \"item\": {\n                        \"@type\": \"ProductModel\",\n                        \"name\": \"Sellin\",\n                        \"url\": \"https:\/\/www.leeb-balkone.com\/de\/balkongelaender\/balkongelaender-alu\/sellin\/\",\n                        \"description\": \"\",\n                        \"image\": \"https:\/\/www.leeb-balkone.com\/app\/uploads\/2020\/10\/alu-balkongelaender-alu-design-sellin-1-scaled.jpg\"\n                    }\n                },\n                {\n                    \"@type\": \"ListItem\",\n                    \"position\": 38,\n                    \"item\": {\n                        \"@type\": \"ProductModel\",\n                        \"name\": \"Z\u00fcrich\",\n                        \"url\": \"https:\/\/www.leeb-balkone.com\/de\/balkongelaender\/balkongelaender-alu\/zuerich\/\",\n                        \"description\": \"\",\n                        \"image\": \"https:\/\/www.leeb-balkone.com\/app\/uploads\/2020\/07\/balkongelaender-alu-classic-zuerich-13-scaled.jpg\"\n                    }\n                },\n                {\n                    \"@type\": \"ListItem\",\n                    \"position\": 39,\n                    \"item\": {\n                        \"@type\": \"ProductModel\",\n                        \"name\": \"Z\u00fcrich Luxus\",\n                        \"url\": \"https:\/\/www.leeb-balkone.com\/de\/balkongelaender\/balkongelaender-alu\/zuerich-luxus\/\",\n                        \"description\": \"\",\n                        \"image\": \"https:\/\/www.leeb-balkone.com\/app\/uploads\/2020\/07\/balkon-alu-classic-zuerich-luxus-8-scaled.jpg\"\n                    }\n                },\n                {\n                    \"@type\": \"ListItem\",\n                    \"position\": 40,\n                    \"item\": {\n                        \"@type\": \"ProductModel\",\n                        \"name\": \"Vilshofen Luxus\",\n                        \"url\": \"https:\/\/www.leeb-balkone.com\/de\/balkongelaender\/balkongelaender-alu\/vilshofen-luxus\/\",\n                        \"description\": \"\",\n                        \"image\": \"https:\/\/www.leeb-balkone.com\/app\/uploads\/2020\/07\/balkongelaender-alu-classic-vilshofen-luxus-19-scaled.jpeg\"\n                    }\n                },\n                {\n                    \"@type\": \"ListItem\",\n                    \"position\": 41,\n                    \"item\": {\n                        \"@type\": \"ProductModel\",\n                        \"name\": \"Frankfurt\",\n                        \"url\": \"https:\/\/www.leeb-balkone.com\/de\/balkongelaender\/balkongelaender-alu\/frankfurt\/\",\n                        \"description\": \"\",\n                        \"image\": \"https:\/\/www.leeb-balkone.com\/app\/uploads\/2020\/08\/balkongelaender-alu-classic-frankfurt-7_ret-scaled.jpg\"\n                    }\n                },\n                {\n                    \"@type\": \"ListItem\",\n                    \"position\": 42,\n                    \"item\": {\n                        \"@type\": \"ProductModel\",\n                        \"name\": \"Ravenna\",\n                        \"url\": \"https:\/\/www.leeb-balkone.com\/de\/balkongelaender\/balkongelaender-alu\/ravenna\/\",\n                        \"description\": \"\",\n                        \"image\": \"https:\/\/www.leeb-balkone.com\/app\/uploads\/2020\/07\/balkongelaender-alu-select-ravenna-3-scaled.jpg\"\n                    }\n                },\n                {\n                    \"@type\": \"ListItem\",\n                    \"position\": 43,\n                    \"item\": {\n                        \"@type\": \"ProductModel\",\n                        \"name\": \"Kassel\",\n                        \"url\": \"https:\/\/www.leeb-balkone.com\/de\/balkongelaender\/balkongelaender-alu\/kassel\/\",\n                        \"description\": \"\",\n                        \"image\": \"https:\/\/www.leeb-balkone.com\/app\/uploads\/2020\/07\/balkon-alu-classic-kassel-5-scaled.jpg\"\n                    }\n                },\n                {\n                    \"@type\": \"ListItem\",\n                    \"position\": 44,\n                    \"item\": {\n                        \"@type\": \"ProductModel\",\n                        \"name\": \"Alu Glas\",\n                        \"url\": \"https:\/\/www.leeb-balkone.com\/de\/balkongelaender\/balkongelaender-alu\/alu-glas\/\",\n                        \"description\": \"\",\n                        \"image\": \"https:\/\/www.leeb-balkone.com\/app\/uploads\/2020\/07\/balkon-alu-design-glas-8-scaled.jpg\"\n                    }\n                },\n                {\n                    \"@type\": \"ListItem\",\n                    \"position\": 45,\n                    \"item\": {\n                        \"@type\": \"ProductModel\",\n                        \"name\": \"Casa Forma\",\n                        \"url\": \"https:\/\/www.leeb-balkone.com\/de\/balkongelaender\/balkongelaender-alu\/casa-forma\/\",\n                        \"description\": \"\",\n                        \"image\": \"https:\/\/www.leeb-balkone.com\/app\/uploads\/2020\/10\/balkongelaender-alu-design-casa-forma-11-scaled.jpeg\"\n                    }\n                },\n                {\n                    \"@type\": \"ListItem\",\n                    \"position\": 46,\n                    \"item\": {\n                        \"@type\": \"ProductModel\",\n                        \"name\": \"Riva\",\n                        \"url\": \"https:\/\/www.leeb-balkone.com\/de\/balkongelaender\/balkongelaender-alu\/riva\/\",\n                        \"description\": \"\",\n                        \"image\": \"https:\/\/www.leeb-balkone.com\/app\/uploads\/2020\/07\/balkongelaender-alu-design-genf-2-scaled.jpg\"\n                    }\n                },\n                {\n                    \"@type\": \"ListItem\",\n                    \"position\": 47,\n                    \"item\": {\n                        \"@type\": \"ProductModel\",\n                        \"name\": \"Kitzb\u00fchel\",\n                        \"url\": \"https:\/\/www.leeb-balkone.com\/de\/balkongelaender\/balkongelaender-alu\/kitzbuehel\/\",\n                        \"description\": \"\",\n                        \"image\": \"https:\/\/www.leeb-balkone.com\/app\/uploads\/2020\/07\/balkongelaender-alu-classic-kitzbuehel-5-scaled.jpg\"\n                    }\n                },\n                {\n                    \"@type\": \"ListItem\",\n                    \"position\": 48,\n                    \"item\": {\n                        \"@type\": \"ProductModel\",\n                        \"name\": \"Eisenhut\",\n                        \"url\": \"https:\/\/www.leeb-balkone.com\/de\/balkongelaender\/balkongelaender-alu\/eisenhut\/\",\n                        \"description\": \"\",\n                        \"image\": \"https:\/\/www.leeb-balkone.com\/app\/uploads\/2020\/08\/balkongelaender-alu-classic-eisenhut-5_ret.jpg\"\n                    }\n                },\n                {\n                    \"@type\": \"ListItem\",\n                    \"position\": 49,\n                    \"item\": {\n                        \"@type\": \"ProductModel\",\n                        \"name\": \"Gerlos\",\n                        \"url\": \"https:\/\/www.leeb-balkone.com\/de\/balkongelaender\/balkongelaender-holz\/gerlos\/\",\n                        \"description\": \"\",\n                        \"image\": \"https:\/\/www.leeb-balkone.com\/app\/uploads\/2021\/04\/balkongelaender-alu-classic-gerlos-26-scaled.jpg\"\n                    }\n                },\n                {\n                    \"@type\": \"ListItem\",\n                    \"position\": 50,\n                    \"item\": {\n                        \"@type\": \"ProductModel\",\n                        \"name\": \"Finkenberg\",\n                        \"url\": \"https:\/\/www.leeb-balkone.com\/de\/balkongelaender\/balkongelaender-alu\/finkenberg\/\",\n                        \"description\": \"\",\n                        \"image\": \"https:\/\/www.leeb-balkone.com\/app\/uploads\/2021\/04\/alu-balkongelaender-holzoptik-finkenberg-21a-1-scaled.jpg\"\n                    }\n                },\n                {\n                    \"@type\": \"ListItem\",\n                    \"position\": 51,\n                    \"item\": {\n                        \"@type\": \"ProductModel\",\n                        \"name\": \"St. P\u00f6lten\",\n                        \"url\": \"https:\/\/www.leeb-balkone.com\/de\/balkongelaender\/balkongelaender-alu\/st-poelten\/\",\n                        \"description\": \"\",\n                        \"image\": \"https:\/\/www.leeb-balkone.com\/app\/uploads\/2020\/07\/balkon-alu-classic-stpoelten-3-1-scaled.jpg\"\n                    }\n                },\n                {\n                    \"@type\": \"ListItem\",\n                    \"position\": 52,\n                    \"item\": {\n                        \"@type\": \"ProductModel\",\n                        \"name\": \"Umbria\",\n                        \"url\": \"https:\/\/www.leeb-balkone.com\/de\/balkongelaender\/balkongelaender-alu\/umbria\/\",\n                        \"description\": \"\",\n                        \"image\": \"https:\/\/www.leeb-balkone.com\/app\/uploads\/2020\/07\/balkon-alu-classic-umbria-2-scaled.jpg\"\n                    }\n                },\n                {\n                    \"@type\": \"ListItem\",\n                    \"position\": 53,\n                    \"item\": {\n                        \"@type\": \"ProductModel\",\n                        \"name\": \"Wildspitze\",\n                        \"url\": \"https:\/\/www.leeb-balkone.com\/de\/balkongelaender\/balkongelaender-alu\/wildspitze\/\",\n                        \"description\": \"\",\n                        \"image\": \"https:\/\/www.leeb-balkone.com\/app\/uploads\/2020\/07\/balkongelaender-alu-classic-wildspitze-10-scaled.jpg\"\n                    }\n                },\n                {\n                    \"@type\": \"ListItem\",\n                    \"position\": 54,\n                    \"item\": {\n                        \"@type\": \"ProductModel\",\n                        \"name\": \"Z\u00fcrs\",\n                        \"url\": \"https:\/\/www.leeb-balkone.com\/de\/balkongelaender\/balkongelaender-alu\/zuers\/\",\n                        \"description\": \"\",\n                        \"image\": \"https:\/\/www.leeb-balkone.com\/app\/uploads\/2020\/07\/426200B1__ALUMINIUM-ZUERSFERTIGTEI_Schmidt-Evi_img_190720_163538@2x-scaled.jpg\"\n                    }\n                },\n                {\n                    \"@type\": \"ListItem\",\n                    \"position\": 55,\n                    \"item\": {\n                        \"@type\": \"ProductModel\",\n                        \"name\": \"Lissabon\",\n                        \"url\": \"https:\/\/www.leeb-balkone.com\/de\/zaeune\/aluzaun\/lissabon\/\",\n                        \"description\": \"\",\n                        \"image\": \"https:\/\/www.leeb-balkone.com\/app\/uploads\/2020\/07\/edelstahl-balkongelaender-alu-design-lissabon-6-scaled.jpg\"\n                    }\n                },\n                {\n                    \"@type\": \"ListItem\",\n                    \"position\": 56,\n                    \"item\": {\n                        \"@type\": \"ProductModel\",\n                        \"name\": \"Lombardei\",\n                        \"url\": \"https:\/\/www.leeb-balkone.com\/de\/balkongelaender\/balkongelaender-alu\/lombardei\/\",\n                        \"description\": \"\",\n                        \"image\": \"https:\/\/www.leeb-balkone.com\/app\/uploads\/2020\/07\/balkongelaender-alu-design-lombardei-33-scaled.jpg\"\n                    }\n                },\n                {\n                    \"@type\": \"ListItem\",\n                    \"position\": 57,\n                    \"item\": {\n                        \"@type\": \"ProductModel\",\n                        \"name\": \"Metro\",\n                        \"url\": \"https:\/\/www.leeb-balkone.com\/de\/balkongelaender\/balkongelaender-alu\/metro\/\",\n                        \"description\": \"\",\n                        \"image\": \"https:\/\/www.leeb-balkone.com\/app\/uploads\/2020\/04\/Metro-SR-4-scaled.jpg\"\n                    }\n                },\n                {\n                    \"@type\": \"ListItem\",\n                    \"position\": 58,\n                    \"item\": {\n                        \"@type\": \"ProductModel\",\n                        \"name\": \"Paris\",\n                        \"url\": \"https:\/\/www.leeb-balkone.com\/de\/balkongelaender\/balkongelaender-alu\/paris\/\",\n                        \"description\": \"\",\n                        \"image\": \"https:\/\/www.leeb-balkone.com\/app\/uploads\/2020\/07\/balkongelaender-alu-design-paris-16-scaled.jpg\"\n                    }\n                },\n                {\n                    \"@type\": \"ListItem\",\n                    \"position\": 59,\n                    \"item\": {\n                        \"@type\": \"ProductModel\",\n                        \"name\": \"Verde\",\n                        \"url\": \"https:\/\/www.leeb-balkone.com\/de\/balkongelaender\/balkongelaender-alu\/verde\/\",\n                        \"description\": \"\",\n                        \"image\": \"https:\/\/www.leeb-balkone.com\/app\/uploads\/2020\/06\/Balkon-Verde_Rojacher-_Wutte-36-scaled.jpg\"\n                    }\n                },\n                {\n                    \"@type\": \"ListItem\",\n                    \"position\": 60,\n                    \"item\": {\n                        \"@type\": \"ProductModel\",\n                        \"name\": \"Bilbao\",\n                        \"url\": \"https:\/\/www.leeb-balkone.com\/de\/balkongelaender\/balkongelaender-alu\/bilbao\/\",\n                        \"description\": \"\",\n                        \"image\": \"https:\/\/www.leeb-balkone.com\/app\/uploads\/2026\/03\/alubalkongelaender-vertikales-design-bilbao-modernes-gelaender-scaled.jpg\"\n                    }\n                },\n                {\n                    \"@type\": \"ListItem\",\n                    \"position\": 61,\n                    \"item\": {\n                        \"@type\": \"ProductModel\",\n                        \"name\": \"Cortina\",\n                        \"url\": \"https:\/\/www.leeb-balkone.com\/de\/balkongelaender\/balkongelaender-alu\/cortina\/\",\n                        \"description\": \"\",\n                        \"image\": \"https:\/\/www.leeb-balkone.com\/app\/uploads\/2026\/03\/alubalkongelaender-cortina-vertikale-latten-und-glaseinsatz-scaled.jpg\"\n                    }\n                },\n                {\n                    \"@type\": \"ListItem\",\n                    \"position\": 62,\n                    \"item\": {\n                        \"@type\": \"ProductModel\",\n                        \"name\": \"Dubai\",\n                        \"url\": \"https:\/\/www.leeb-balkone.com\/de\/balkongelaender\/balkongelaender-alu\/dubai\/\",\n                        \"description\": \"\",\n                        \"image\": \"https:\/\/www.leeb-balkone.com\/app\/uploads\/2026\/03\/alubalkongelaender-dubai-mit-vertikalen-sprossen-scaled.jpg\"\n                    }\n                },\n                {\n                    \"@type\": \"ListItem\",\n                    \"position\": 63,\n                    \"item\": {\n                        \"@type\": \"ProductModel\",\n                        \"name\": \"Garda\",\n                        \"url\": \"https:\/\/www.leeb-balkone.com\/de\/balkongelaender\/balkongelaender-alu\/garda\/\",\n                        \"description\": \"\",\n                        \"image\": \"https:\/\/www.leeb-balkone.com\/app\/uploads\/2026\/03\/alubalkongelaender-garda-aus-aluminium-mit-glaseinsatz-scaled.jpg\"\n                    }\n                },\n                {\n                    \"@type\": \"ListItem\",\n                    \"position\": 64,\n                    \"item\": {\n                        \"@type\": \"ProductModel\",\n                        \"name\": \"Handa\",\n                        \"url\": \"https:\/\/www.leeb-balkone.com\/de\/balkongelaender\/balkongelaender-alu\/handa\/\",\n                        \"description\": \"\",\n                        \"image\": \"https:\/\/www.leeb-balkone.com\/app\/uploads\/2025\/02\/handa-alu-lochblech-balkon-mit-langloch-streifen-unter-handlauf.jpeg\"\n                    }\n                },\n                {\n                    \"@type\": \"ListItem\",\n                    \"position\": 65,\n                    \"item\": {\n                        \"@type\": \"ProductModel\",\n                        \"name\": \"Horizont\",\n                        \"url\": \"https:\/\/www.leeb-balkone.com\/de\/balkongelaender\/balkongelaender-alu\/horizont\/\",\n                        \"description\": \"\",\n                        \"image\": \"https:\/\/www.leeb-balkone.com\/app\/uploads\/2025\/03\/horizont-alu-gelaender-als-vorstellbalkon-mit-geradlinigen-vertikalen-lattenprofilen.jpg\"\n                    }\n                },\n                {\n                    \"@type\": \"ListItem\",\n                    \"position\": 66,\n                    \"item\": {\n                        \"@type\": \"ProductModel\",\n                        \"name\": \"Velo\",\n                        \"url\": \"https:\/\/www.leeb-balkone.com\/de\/balkongelaender\/balkongelaender-alu\/velo\/\",\n                        \"description\": \"\",\n                        \"image\": \"https:\/\/www.leeb-balkone.com\/app\/uploads\/2026\/02\/Alubalkon-Velo-Nahaufnahme-scaled.jpg\"\n                    }\n                }\n            ]\n        }\n    ]\n}<\/script><\/section>\n\n\n\n<section class=\"wp-block-cover alignfull is-light katalog-cta\" style=\"margin-top:0;margin-bottom:0;padding-top:0;padding-right:0;padding-bottom:0;padding-left:0;min-height:100px;aspect-ratio:unset;\" id=\"preisanfrage\"><img loading=\"lazy\" decoding=\"async\" width=\"2560\" height=\"1707\" class=\"wp-block-cover__image-background wp-image-152954 size-full\" alt=\"Schauraum Leeb Tettnang Florian Keller\" src=\"https:\/\/www.leeb-balkone.com\/app\/uploads\/2025\/04\/Schauraum-Leeb-Tettnang-Florian-Keller-17-scaled.jpg\" data-object-fit=\"cover\" srcset=\"https:\/\/www.leeb-balkone.com\/app\/uploads\/2025\/04\/Schauraum-Leeb-Tettnang-Florian-Keller-17-scaled.jpg 2560w, https:\/\/www.leeb-balkone.com\/app\/uploads\/2025\/04\/Schauraum-Leeb-Tettnang-Florian-Keller-17-300x200.jpg 300w, https:\/\/www.leeb-balkone.com\/app\/uploads\/2025\/04\/Schauraum-Leeb-Tettnang-Florian-Keller-17-1024x683.jpg 1024w, https:\/\/www.leeb-balkone.com\/app\/uploads\/2025\/04\/Schauraum-Leeb-Tettnang-Florian-Keller-17-768x512.jpg 768w, https:\/\/www.leeb-balkone.com\/app\/uploads\/2025\/04\/Schauraum-Leeb-Tettnang-Florian-Keller-17-1536x1024.jpg 1536w, https:\/\/www.leeb-balkone.com\/app\/uploads\/2025\/04\/Schauraum-Leeb-Tettnang-Florian-Keller-17-2048x1366.jpg 2048w\" sizes=\"auto, (max-width: 2560px) 100vw, 2560px\" \/><span aria-hidden=\"true\" class=\"wp-block-cover__background has-primary-45-background-color has-background-dim-80 has-background-dim\"><\/span><div class=\"wp-block-cover__inner-container has-global-padding is-layout-constrained wp-container-core-cover-is-layout-f028c7bd wp-block-cover-is-layout-constrained\">\n<div class=\"wp-block-group is-layout-flow wp-block-group-is-layout-flow\" style=\"min-height:0px;margin-top:0;margin-bottom:0;padding-top:var(--wp--preset--spacing--2-xl);padding-bottom:var(--wp--preset--spacing--2-xl);padding-left:0\">\n<div class=\"wp-block-columns are-vertically-aligned-center is-layout-flex wp-container-core-columns-is-layout-0a4bbf16 wp-block-columns-is-layout-flex\" style=\"margin-top:0;margin-bottom:0\">\n<div class=\"wp-block-column is-vertically-aligned-center is-layout-flow wp-block-column-is-layout-flow\" style=\"flex-basis:66.66%\">\n<h2 class=\"wp-block-heading\">Preisanfrage senden<\/h2>\n\n\n\n<p class=\"is-style-teaser\">Um Ihnen ein ma\u00dfgeschneidertes Angebot f\u00fcr Ihre Balkonvariante unterbreiten zu k\u00f6nnen, ben\u00f6tigen wir noch einige erg\u00e4nzende Informationen zu Ihrem Vorhaben. Im Anschluss wird sich Ihr pers\u00f6nlicher Ansprechpartner mit Ihnen in Verbindung setzen.<\/p>\n<\/div>\n\n\n\n<div class=\"wp-block-column is-vertically-aligned-center is-layout-flow wp-block-column-is-layout-flow\" style=\"flex-basis:33.33%\">\n<div class=\"wp-block-group is-content-justification-right is-nowrap is-layout-flex wp-container-core-group-is-layout-17124a9a wp-block-group-is-layout-flex\"><div class=\"t3-preis-modal-button-block wp-block-button is-style-filled-white large\"><a href=\"#t3-preis-modal-9aa19e26e0\" class=\"t3-preis-modal-open-btn wp-block-button__link\" data-modal-id=\"t3-preis-modal-9aa19e26e0\" role=\"button\" aria-controls=\"t3-preis-modal-9aa19e26e0\" aria-expanded=\"false\">Preisanfrage <span class=\"sr-only\">Preisanfrage Leeb Balkone Deutschland<\/span><\/a><\/div><\/div>\n<\/div>\n<\/div>\n<\/div>\n<\/div><\/section>\n\n\n\n<section class=\"wp-block-group alignfull has-light-gray-background-color has-background has-global-padding is-layout-constrained wp-container-core-group-is-layout-52f96efc wp-block-group-is-layout-constrained\" id=\"service-qualitaet\">\n<div class=\"wp-block-group o-grid u-md-1 is-layout-flow wp-block-group-is-layout-flow\">\n<div class=\"wp-block-group u-g-9 u-g-s-2 is-layout-flow wp-block-group-is-layout-flow\" style=\"margin-bottom:var(--wp--preset--spacing--s)\">\n<h2 class=\"wp-block-heading\">Alubalkone vom Marktf\u00fchrer<\/h2>\n\n\n\n<p><span class=\"teaser\"><span class=\"teaser\">Leeb Balkone steht f\u00fcr ma\u00dfgefertigte, pflegeleichte und langlebige Alubalkone in Premium Qualit\u00e4t \u2013 mit innovativer Oberfl\u00e4chenbehandlung, gro\u00dfer Designvielfalt und umfassendem Service f\u00fcr Kunden aus \u00d6sterreich, Deutschland, Schweiz, Italien und Slowenien.<\/span><\/span><\/p>\n<\/div>\n<\/div>\n\n\n\n<div class=\"wp-block-group small is-style-white-cards sm-2-cols is-layout-grid wp-container-core-group-is-layout-7785d981 wp-block-group-is-layout-grid\">\n<div class=\"wp-block-group m-card has-modal is-layout-flow wp-container-core-group-is-layout-8a368f38 wp-block-group-is-layout-flow\" data-modal-id=\"151118\">\n<figure class=\"wp-block-image size-large is-style-default\"><img loading=\"lazy\" decoding=\"async\" width=\"1024\" height=\"614\" src=\"https:\/\/www.leeb-balkone.com\/app\/uploads\/2022\/05\/Glashalle-Leeb-1024x614.jpg\" alt=\"Glashalle Leeb\" class=\"wp-image-83632\" srcset=\"https:\/\/www.leeb-balkone.com\/app\/uploads\/2022\/05\/Glashalle-Leeb-1024x614.jpg 1024w, https:\/\/www.leeb-balkone.com\/app\/uploads\/2022\/05\/Glashalle-Leeb-300x180.jpg 300w, https:\/\/www.leeb-balkone.com\/app\/uploads\/2022\/05\/Glashalle-Leeb-768x461.jpg 768w, https:\/\/www.leeb-balkone.com\/app\/uploads\/2022\/05\/Glashalle-Leeb-1536x922.jpg 1536w, https:\/\/www.leeb-balkone.com\/app\/uploads\/2022\/05\/Glashalle-Leeb-scaled.jpg 2048w\" sizes=\"auto, (max-width: 1024px) 100vw, 1024px\" \/><\/figure>\n\n\n\n<div class=\"wp-block-group m-card-content has-white-background-color has-background is-vertical is-layout-flex wp-container-core-group-is-layout-5580f018 wp-block-group-is-layout-flex\">\n<h3 class=\"wp-block-heading\">Balkon und Zaun von Europas Nr. 1<\/h3>\n\n\n\n<p>Mehr als 150.000 zufriedene Kunden vertrauen auf Europas f\u00fchrenden Hersteller.<\/p>\n<\/div>\n<a href=\"#overlay-151118\" class=\"open-modal-link\" aria-label=\"Open modal\"><span class=\"sr-only\">\u00d6ffne Modal<\/span><\/a><\/div>\n\n\n\n<div class=\"wp-block-group m-card has-modal is-layout-flow wp-container-core-group-is-layout-8a368f38 wp-block-group-is-layout-flow\" data-modal-id=\"150749\">\n<figure class=\"wp-block-image size-large is-style-default\"><img loading=\"lazy\" decoding=\"async\" width=\"1024\" height=\"767\" src=\"https:\/\/www.leeb-balkone.com\/app\/uploads\/2020\/08\/leeb-balkone-mitarbeiter-4-1024x767.jpeg\" alt=\"Montieren eines Leeb Alu-Balkongel\u00e4nders nach Ma\u00df\" class=\"wp-image-6083\" srcset=\"https:\/\/www.leeb-balkone.com\/app\/uploads\/2020\/08\/leeb-balkone-mitarbeiter-4-1024x767.jpeg 1024w, https:\/\/www.leeb-balkone.com\/app\/uploads\/2020\/08\/leeb-balkone-mitarbeiter-4-2048x1535.jpeg 2048w, https:\/\/www.leeb-balkone.com\/app\/uploads\/2020\/08\/leeb-balkone-mitarbeiter-4-300x225.jpeg 300w, https:\/\/www.leeb-balkone.com\/app\/uploads\/2020\/08\/leeb-balkone-mitarbeiter-4-768x575.jpeg 768w, https:\/\/www.leeb-balkone.com\/app\/uploads\/2020\/08\/leeb-balkone-mitarbeiter-4-1536x1151.jpeg 1536w\" sizes=\"auto, (max-width: 1024px) 100vw, 1024px\" \/><\/figure>\n\n\n\n<div class=\"wp-block-group m-card-content has-white-background-color has-background is-vertical is-layout-flex wp-container-core-group-is-layout-5580f018 wp-block-group-is-layout-flex\">\n<h3 class=\"wp-block-heading\">Rundum Service f\u00fcr sorglose Umsetzung<\/h3>\n\n\n\n<p>Beratungsservice vor Ort, 3D-Konfigurator, Werksfertigung, Lieferung und Montage.<\/p>\n<\/div>\n<a href=\"#overlay-150749\" class=\"open-modal-link\" aria-label=\"Open modal\"><span class=\"sr-only\">\u00d6ffne Modal<\/span><\/a><\/div>\n\n\n\n<div class=\"wp-block-group m-card has-modal is-layout-flow wp-container-core-group-is-layout-8a368f38 wp-block-group-is-layout-flow\" data-modal-id=\"150746\">\n<figure class=\"wp-block-image size-full\"><img loading=\"lazy\" decoding=\"async\" width=\"2048\" height=\"1366\" src=\"https:\/\/www.leeb-balkone.com\/app\/uploads\/2022\/05\/glas-bearbeitung-zuschnitt--scaled.jpg\" alt=\"glas bearbeitung zuschnitt \" class=\"wp-image-83644\" srcset=\"https:\/\/www.leeb-balkone.com\/app\/uploads\/2022\/05\/glas-bearbeitung-zuschnitt--scaled.jpg 2048w, https:\/\/www.leeb-balkone.com\/app\/uploads\/2022\/05\/glas-bearbeitung-zuschnitt--300x200.jpg 300w, https:\/\/www.leeb-balkone.com\/app\/uploads\/2022\/05\/glas-bearbeitung-zuschnitt--1024x683.jpg 1024w, https:\/\/www.leeb-balkone.com\/app\/uploads\/2022\/05\/glas-bearbeitung-zuschnitt--768x512.jpg 768w, https:\/\/www.leeb-balkone.com\/app\/uploads\/2022\/05\/glas-bearbeitung-zuschnitt--1536x1024.jpg 1536w\" sizes=\"auto, (max-width: 2048px) 100vw, 2048px\" \/><\/figure>\n\n\n\n<div class=\"wp-block-group m-card-content has-white-background-color has-background is-vertical is-layout-flex wp-container-core-group-is-layout-5580f018 wp-block-group-is-layout-flex\">\n<h3 class=\"wp-block-heading\"><strong>Verbundsicherheitsglas in Premium Qualit\u00e4t<\/strong><\/h3>\n\n\n\n<p>Gepr\u00fcfte Sicherheit, innovative Designs und langlebige Qualit\u00e4t nach Ma\u00df mit Leeb Glas.<\/p>\n<\/div>\n<a href=\"#overlay-150746\" class=\"open-modal-link\" aria-label=\"Open modal\"><span class=\"sr-only\">\u00d6ffne Modal<\/span><\/a><\/div>\n\n\n\n<div class=\"wp-block-group m-card has-modal is-layout-flow wp-container-core-group-is-layout-8a368f38 wp-block-group-is-layout-flow\" data-modal-id=\"150753\">\n<figure class=\"wp-block-image size-large\"><img loading=\"lazy\" decoding=\"async\" width=\"1024\" height=\"665\" src=\"https:\/\/www.leeb-balkone.com\/app\/uploads\/2020\/08\/alu-comfort-plus-1024x665.jpg\" alt=\"alu comfort plus\" class=\"wp-image-5082\" srcset=\"https:\/\/www.leeb-balkone.com\/app\/uploads\/2020\/08\/alu-comfort-plus-1024x665.jpg 1024w, https:\/\/www.leeb-balkone.com\/app\/uploads\/2020\/08\/alu-comfort-plus-300x195.jpg 300w, https:\/\/www.leeb-balkone.com\/app\/uploads\/2020\/08\/alu-comfort-plus-768x499.jpg 768w, https:\/\/www.leeb-balkone.com\/app\/uploads\/2020\/08\/alu-comfort-plus-1536x997.jpg 1536w, https:\/\/www.leeb-balkone.com\/app\/uploads\/2020\/08\/alu-comfort-plus-2048x1330.jpg 2048w\" sizes=\"auto, (max-width: 1024px) 100vw, 1024px\" \/><\/figure>\n\n\n\n<div class=\"wp-block-group m-card-content has-white-background-color has-background is-vertical is-layout-flex wp-container-core-group-is-layout-5580f018 wp-block-group-is-layout-flex\">\n<h3 class=\"wp-block-heading\">Langzeitschutz durch ALU Comfort Plus\u00ae<\/h3>\n\n\n\n<p>Patentierte Beschichtung und Verarbeitung von Aluminium auf h\u00f6chstem Niveau.<\/p>\n<\/div>\n<a href=\"#overlay-150753\" class=\"open-modal-link\" aria-label=\"Open modal\"><span class=\"sr-only\">\u00d6ffne Modal<\/span><\/a><\/div>\n<\/div>\n\n\n\n<div class=\"wp-block-group o-grid u-md-1 is-layout-flow wp-block-group-is-layout-flow\" style=\"padding-top:var(--wp--preset--spacing--l)\">\n<div class=\"wp-block-group u-g-9 u-g-s-2 is-layout-flow wp-block-group-is-layout-flow\" style=\"margin-bottom:var(--wp--preset--spacing--s)\">\n<h2 class=\"wp-block-heading\">Ihre Vorteile<\/h2>\n\n\n\n<p>Die Vorteile von Alu-Balkongel\u00e4ndern von Leeb liegen in der Verbindung aus innovativer Technik, herausragender Materialqualit\u00e4t und umfassendem Service:<\/p>\n\n\n\n<ul class=\"wp-block-list is-style-checkmark-2\">\n<li><strong>Nahezu wartungsfrei:<\/strong> Die patentierte <a href=\"https:\/\/www.leeb-balkone.com\/de\/technik\/alu-comfort-plus\/\">ALU Comfort PLUS\u00ae Pulverbeschichtung<\/a> ist kratzfest, wasserabweisend und schmutzabweisend. Der Selbstreinigungseffekt bleibt \u2013 im Gegensatz zu nachtr\u00e4glich aufgebrachten Beschichtungen \u2013 \u00fcber die gesamte Nutzungsdauer erhalten. <\/li>\n\n\n\n<li><strong>Langlebigkeit und Stabilit\u00e4t:<\/strong> Eine von Leeb entwickelte Speziallegierung verleiht dem Aluminium zus\u00e4tzliche Festigkeit. Das <a href=\"https:\/\/www.leeb-balkone.com\/de\/technik\/aluminium\/\" type=\"page\" id=\"6742\">Alu Protection System (APS)<\/a> sorgt f\u00fcr eine besonders lange Lebensdauer. <\/li>\n\n\n\n<li><strong>Vielf\u00e4ltige Designoptionen:<\/strong> \u00dcber 200 Modelle, s\u00e4mtliche RAL-Farben, zahlreiche Sonderfarben, 13 t\u00e4uschend echte Holzdekore (<a href=\"https:\/\/www.leeb-balkone.com\/de\/technik\/alu-holzoptik\/\" type=\"page\" id=\"88587\">Alu in Holzoptik<\/a>) sowie Perl- und Metallic-Optiken erm\u00f6glichen individuelle Gestaltung f\u00fcr jeden Haustyp. <\/li>\n\n\n\n<li><strong>Umweltfreundliche Fertigung:<\/strong> Das Beschichtungsverfahren arbeitet ohne L\u00f6sungsmittel und produziert nahezu abfallfrei. <\/li>\n\n\n\n<li><strong>Komfortable Sicherheit:<\/strong> Stabile Eckrahmenkonstruktionen, verdeckte Verschraubungen und Softline-Kanten sorgen f\u00fcr sichere und angenehme Nutzung. <\/li>\n\n\n\n<li><strong>Zertifizierte Qualit\u00e4t:<\/strong> Leeb erf\u00fcllt als erster europ\u00e4ischer Balkonhersteller seit \u00fcber dreissig Jahren die <a href=\"https:\/\/www.leeb-balkone.com\/de\/ueber-leeb\/zertifizierte-qualitaet\/\" type=\"page\" id=\"7514\">Qualit\u00e4tsnorm ISO 9001<\/a> und fertigt alle Alubalkone CE-zertifiziert nach EN 1090 im eigenen Werk.<\/li>\n\n\n\n<li><strong>Rundum-Service:<\/strong> Von der pers\u00f6nlichen Beratung \u00fcber die Planung bis zur fachgerechten Montage \u2013 alles aus einer Hand.<\/li>\n<\/ul>\n<\/div>\n<\/div>\n<\/section>\n\n\n\n<section class=\"wp-block-group alignfull has-white-background-color has-background has-global-padding is-layout-constrained wp-container-core-group-is-layout-52f96efc wp-block-group-is-layout-constrained\" id=\"vielfalt-zubehoer\">\n<div class=\"wp-block-group o-grid u-md-1 is-layout-flow wp-block-group-is-layout-flow\">\n<div class=\"wp-block-group u-g-9 u-g-s-2 is-layout-flow wp-block-group-is-layout-flow\" style=\"margin-bottom:var(--wp--preset--spacing--s)\">\n<h2 class=\"wp-block-heading\">Besondere Ausf\u00fchrungen<\/h2>\n\n\n\n<p><span class=\"teaser\">Nutzen Sie die Angebotsvielfalt des Marktf\u00fchrers im Balkon- und Zaunbau mit Aluminium. <\/span><\/p>\n<\/div>\n<\/div>\n\n\n\n<div class=\"wp-block-group small sm-2-cols is-style-gray-cards is-layout-grid wp-container-core-group-is-layout-7785d981 wp-block-group-is-layout-grid\">\n<div class=\"wp-block-group m-card is-style-white-cards is-layout-flow wp-container-core-group-is-layout-8a368f38 wp-block-group-is-layout-flow\">\n<figure class=\"wp-block-image size-full is-style-default\"><img loading=\"lazy\" decoding=\"async\" width=\"591\" height=\"413\" src=\"https:\/\/www.leeb-balkone.com\/app\/uploads\/2021\/11\/alu-balkongelaender-imola-rendering.jpg\" alt=\"alu balkongelaender imola rendering\" class=\"wp-image-61666\" srcset=\"https:\/\/www.leeb-balkone.com\/app\/uploads\/2021\/11\/alu-balkongelaender-imola-rendering.jpg 591w, https:\/\/www.leeb-balkone.com\/app\/uploads\/2021\/11\/alu-balkongelaender-imola-rendering-300x210.jpg 300w\" sizes=\"auto, (max-width: 591px) 100vw, 591px\" \/><\/figure>\n\n\n\n<div class=\"wp-block-group m-card-content has-white-background-color has-background is-vertical is-layout-flex wp-container-core-group-is-layout-5580f018 wp-block-group-is-layout-flex\">\n<h3 class=\"wp-block-heading\">Alu Balkongel\u00e4nder als Select-Balkone<\/h3>\n\n\n\n<p>Individuell gestaltbare Grundmodelle, perfekt anpassbar an jedes Haus.<\/p>\n<\/div>\n<\/div>\n\n\n\n<div class=\"wp-block-group m-card is-style-white-cards is-layout-flow wp-container-core-group-is-layout-8a368f38 wp-block-group-is-layout-flow\">\n<figure class=\"wp-block-image size-large is-style-default\"><img loading=\"lazy\" decoding=\"async\" width=\"1024\" height=\"714\" src=\"https:\/\/www.leeb-balkone.com\/app\/uploads\/2021\/12\/glas-sh-1024x714.png\" alt=\"glas sh\" class=\"wp-image-63367\" srcset=\"https:\/\/www.leeb-balkone.com\/app\/uploads\/2021\/12\/glas-sh-1024x714.png 1024w, https:\/\/www.leeb-balkone.com\/app\/uploads\/2021\/12\/glas-sh-300x209.png 300w, https:\/\/www.leeb-balkone.com\/app\/uploads\/2021\/12\/glas-sh-768x535.png 768w, https:\/\/www.leeb-balkone.com\/app\/uploads\/2021\/12\/glas-sh-1536x1070.png 1536w, https:\/\/www.leeb-balkone.com\/app\/uploads\/2021\/12\/glas-sh.png 2048w\" sizes=\"auto, (max-width: 1024px) 100vw, 1024px\" \/><\/figure>\n\n\n\n<div class=\"wp-block-group m-card-content has-white-background-color has-background is-vertical is-layout-flex wp-container-core-group-is-layout-5580f018 wp-block-group-is-layout-flex\">\n<h3 class=\"wp-block-heading\">Alu Balkongel\u00e4nder mit Glas<\/h3>\n\n\n\n<p>Elegante Transparenz, viel Licht und moderner Look mit Glas f\u00fcr offene Balkone.<\/p>\n<\/div>\n<\/div>\n\n\n\n<div class=\"wp-block-group m-card is-layout-flow wp-container-core-group-is-layout-8a368f38 wp-block-group-is-layout-flow\">\n<figure class=\"wp-block-image size-full\"><img loading=\"lazy\" decoding=\"async\" width=\"2560\" height=\"2560\" src=\"https:\/\/www.leeb-balkone.com\/app\/uploads\/2025\/08\/Rendering-Holzstruktur-Balkon-scaled.png\" alt=\"Rendering Holzstruktur Balkon\" class=\"wp-image-152480\" style=\"aspect-ratio:4\/3;object-fit:cover\" srcset=\"https:\/\/www.leeb-balkone.com\/app\/uploads\/2025\/08\/Rendering-Holzstruktur-Balkon-scaled.png 2560w, https:\/\/www.leeb-balkone.com\/app\/uploads\/2025\/08\/Rendering-Holzstruktur-Balkon-300x300.png 300w, https:\/\/www.leeb-balkone.com\/app\/uploads\/2025\/08\/Rendering-Holzstruktur-Balkon-1024x1024.png 1024w, https:\/\/www.leeb-balkone.com\/app\/uploads\/2025\/08\/Rendering-Holzstruktur-Balkon-150x150.png 150w, https:\/\/www.leeb-balkone.com\/app\/uploads\/2025\/08\/Rendering-Holzstruktur-Balkon-768x768.png 768w, https:\/\/www.leeb-balkone.com\/app\/uploads\/2025\/08\/Rendering-Holzstruktur-Balkon-1536x1536.png 1536w, https:\/\/www.leeb-balkone.com\/app\/uploads\/2025\/08\/Rendering-Holzstruktur-Balkon-2048x2048.png 2048w\" sizes=\"auto, (max-width: 2560px) 100vw, 2560px\" \/><\/figure>\n\n\n\n<div class=\"wp-block-group m-card-content has-white-background-color has-background is-vertical is-layout-flex wp-container-core-group-is-layout-5580f018 wp-block-group-is-layout-flex\">\n<h3 class=\"wp-block-heading\">Alu Balkongel\u00e4nder in Holzoptik<\/h3>\n\n\n\n<p>Holzoptik ohne Pflegeaufwand: langlebig, witterungsbest\u00e4ndig und t\u00e4uschend echt.<\/p>\n<\/div>\n<\/div>\n\n\n\n<div class=\"wp-block-group m-card is-layout-flow wp-container-core-group-is-layout-8a368f38 wp-block-group-is-layout-flow\">\n<figure class=\"wp-block-image size-large\"><img loading=\"lazy\" decoding=\"async\" width=\"1024\" height=\"576\" src=\"https:\/\/www.leeb-balkone.com\/app\/uploads\/2025\/02\/Modell-YAKU-Einzelansicht-1024x576.jpeg\" alt=\"Modell YAKU Einzelansicht\" class=\"wp-image-144536\" srcset=\"https:\/\/www.leeb-balkone.com\/app\/uploads\/2025\/02\/Modell-YAKU-Einzelansicht-1024x576.jpeg 1024w, https:\/\/www.leeb-balkone.com\/app\/uploads\/2025\/02\/Modell-YAKU-Einzelansicht-300x169.jpeg 300w, https:\/\/www.leeb-balkone.com\/app\/uploads\/2025\/02\/Modell-YAKU-Einzelansicht-768x432.jpeg 768w, https:\/\/www.leeb-balkone.com\/app\/uploads\/2025\/02\/Modell-YAKU-Einzelansicht-1536x864.jpeg 1536w, https:\/\/www.leeb-balkone.com\/app\/uploads\/2025\/02\/Modell-YAKU-Einzelansicht.jpeg 1890w\" sizes=\"auto, (max-width: 1024px) 100vw, 1024px\" \/><\/figure>\n\n\n\n<div class=\"wp-block-group m-card-content is-style-default has-white-background-color has-background is-vertical is-layout-flex wp-container-core-group-is-layout-5580f018 wp-block-group-is-layout-flex\">\n<h3 class=\"wp-block-heading\">Alu Balkongel\u00e4nder mit Perforierung<\/h3>\n\n\n\n<p>Moderne Designs, Sichtschutz und Lichtdurchl\u00e4ssigkeit f\u00fcr stilvolle Balkongestaltung.<\/p>\n<\/div>\n<\/div>\n<\/div>\n\n\n\n<div class=\"wp-block-group o-grid u-md-1 is-layout-flow wp-block-group-is-layout-flow\" style=\"padding-top:var(--wp--preset--spacing--l)\">\n<div class=\"wp-block-group u-g-9 u-g-s-2 is-layout-flow wp-block-group-is-layout-flow\" style=\"margin-bottom:var(--wp--preset--spacing--s)\">\n<h3 class=\"wp-block-heading\">Zubeh\u00f6r<\/h3>\n\n\n\n<p>Mit Blumenk\u00e4sten schaffen Sie eine individuelle, nat\u00fcrliche Atmosph\u00e4re auf dem Balkon, w\u00e4hrend Zierleisten und Clipleisten f\u00fcr elegante Details und eine harmonische Optik sorgen.&nbsp;<\/p>\n<\/div>\n<\/div>\n\n\n\n<div class=\"wp-block-group small sm-2-cols is-style-gray-cards is-layout-grid wp-container-core-group-is-layout-7785d981 wp-block-group-is-layout-grid\">\n<div class=\"wp-block-group m-card is-layout-flow wp-container-core-group-is-layout-8a368f38 wp-block-group-is-layout-flow\">\n<figure class=\"wp-block-image size-large is-style-default\"><img loading=\"lazy\" decoding=\"async\" width=\"1024\" height=\"791\" src=\"https:\/\/www.leeb-balkone.com\/app\/uploads\/2025\/07\/Balkon-BLK-1024x791.png\" alt=\"Balkon BLK\" class=\"wp-image-151420\" srcset=\"https:\/\/www.leeb-balkone.com\/app\/uploads\/2025\/07\/Balkon-BLK-1024x791.png 1024w, https:\/\/www.leeb-balkone.com\/app\/uploads\/2025\/07\/Balkon-BLK-300x232.png 300w, https:\/\/www.leeb-balkone.com\/app\/uploads\/2025\/07\/Balkon-BLK-768x594.png 768w, https:\/\/www.leeb-balkone.com\/app\/uploads\/2025\/07\/Balkon-BLK-1536x1187.png 1536w, https:\/\/www.leeb-balkone.com\/app\/uploads\/2025\/07\/Balkon-BLK-2048x1583.png 2048w\" sizes=\"auto, (max-width: 1024px) 100vw, 1024px\" \/><\/figure>\n\n\n\n<div class=\"wp-block-group m-card-content has-white-background-color has-background is-vertical is-layout-flex wp-container-core-group-is-layout-5580f018 wp-block-group-is-layout-flex\">\n<h3 class=\"wp-block-heading\">Blumenk\u00e4sten<\/h3>\n<\/div>\n<\/div>\n\n\n\n<div class=\"wp-block-group m-card is-layout-flow wp-container-core-group-is-layout-8a368f38 wp-block-group-is-layout-flow\">\n<figure class=\"wp-block-image size-large\"><img loading=\"lazy\" decoding=\"async\" width=\"1024\" height=\"791\" src=\"https:\/\/www.leeb-balkone.com\/app\/uploads\/2025\/07\/Balkon-Blende-mit-Zierstreifenprofil-1024x791.png\" alt=\"Balkon Blende mit Zierstreifenprofil\" class=\"wp-image-151425\" srcset=\"https:\/\/www.leeb-balkone.com\/app\/uploads\/2025\/07\/Balkon-Blende-mit-Zierstreifenprofil-1024x791.png 1024w, https:\/\/www.leeb-balkone.com\/app\/uploads\/2025\/07\/Balkon-Blende-mit-Zierstreifenprofil-300x232.png 300w, https:\/\/www.leeb-balkone.com\/app\/uploads\/2025\/07\/Balkon-Blende-mit-Zierstreifenprofil-768x594.png 768w, https:\/\/www.leeb-balkone.com\/app\/uploads\/2025\/07\/Balkon-Blende-mit-Zierstreifenprofil-1536x1187.png 1536w, https:\/\/www.leeb-balkone.com\/app\/uploads\/2025\/07\/Balkon-Blende-mit-Zierstreifenprofil-2048x1583.png 2048w\" sizes=\"auto, (max-width: 1024px) 100vw, 1024px\" \/><\/figure>\n\n\n\n<div class=\"wp-block-group m-card-content has-white-background-color has-background is-vertical is-layout-flex wp-container-core-group-is-layout-5580f018 wp-block-group-is-layout-flex\">\n<h3 class=\"wp-block-heading\">Zierleisten\/Clipleisten<\/h3>\n<\/div>\n<\/div>\n<\/div>\n<\/section>\n\n\n\n<section class=\"wp-block-cover alignfull is-light katalog-cta\" style=\"margin-top:0;margin-bottom:0;padding-top:0;padding-right:0;padding-bottom:0;padding-left:0;min-height:100px;aspect-ratio:unset;\" id=\"katalogbestellung\"><img loading=\"lazy\" decoding=\"async\" width=\"1920\" height=\"599\" class=\"wp-block-cover__image-background wp-image-7912 size-full\" alt=\"leeb balkone katalog anfordern\" src=\"https:\/\/www.leeb-balkone.com\/app\/uploads\/2020\/09\/leeb-balkone-katalog-anfordern-1.jpeg\" data-object-fit=\"cover\" srcset=\"https:\/\/www.leeb-balkone.com\/app\/uploads\/2020\/09\/leeb-balkone-katalog-anfordern-1-300x94.jpeg 300w, https:\/\/www.leeb-balkone.com\/app\/uploads\/2020\/09\/leeb-balkone-katalog-anfordern-1-1024x319.jpeg 1024w, https:\/\/www.leeb-balkone.com\/app\/uploads\/2020\/09\/leeb-balkone-katalog-anfordern-1-768x240.jpeg 768w, https:\/\/www.leeb-balkone.com\/app\/uploads\/2020\/09\/leeb-balkone-katalog-anfordern-1-1536x479.jpeg 1536w\" sizes=\"auto, (max-width: 1920px) 100vw, 1920px\" \/><span aria-hidden=\"true\" class=\"wp-block-cover__background has-primary-45-background-color has-background-dim-80 has-background-dim\"><\/span><div class=\"wp-block-cover__inner-container has-global-padding is-layout-constrained wp-container-core-cover-is-layout-fc5783d2 wp-block-cover-is-layout-constrained\">\n<div class=\"wp-block-group is-layout-flow wp-block-group-is-layout-flow\" style=\"min-height:0px;margin-top:0;margin-bottom:0;padding-top:var(--wp--preset--spacing--2-xl);padding-bottom:var(--wp--preset--spacing--2-xl);padding-left:0\">\n<div class=\"wp-block-columns are-vertically-aligned-center is-layout-flex wp-container-core-columns-is-layout-0a4bbf16 wp-block-columns-is-layout-flex\" style=\"margin-top:0;margin-bottom:0\">\n<div class=\"wp-block-column is-vertically-aligned-center is-layout-flow wp-block-column-is-layout-flow\" style=\"flex-basis:66.66%\">\n<h2 class=\"wp-block-heading\">Unsere Alubalkone im Katalog<\/h2>\n\n\n\n<p class=\"is-style-teaser\"><span class=\"teaser\">Ihr pers\u00f6nlicher Katalog wartet auf Sie! Jetzt kostenlos bestellen und unser gesamtes Alu <span class=\"teaser\">Balkongel\u00e4nder <\/span>Sortiment entdecken. Finden Sie die L\u00f6sung, die perfekt zu Ihnen passt.<\/span><\/p>\n<\/div>\n\n\n\n<div class=\"wp-block-column is-vertically-aligned-center is-layout-flow wp-block-column-is-layout-flow\" style=\"flex-basis:33.33%\">\n<div class=\"wp-block-buttons u-m-jc-left is-content-justification-right is-layout-flex wp-container-core-buttons-is-layout-c060c6c7 wp-block-buttons-is-layout-flex\">\n<div class=\"wp-block-button is-style-filled-white large\"><a class=\"wp-block-button__link wp-element-button\" href=\"https:\/\/www.leeb-balkone.com\/de\/kontakt\/katalog-anfordern\/\" style=\"box-shadow:var(--wp--preset--shadow--button-shadow)\">Katalog anfordern<\/a><\/div>\n<\/div>\n<\/div>\n<\/div>\n<\/div>\n<\/div><\/section>\n\n\n\n<section class=\"wp-block-group alignfull has-white-background-color has-background has-global-padding is-layout-constrained wp-container-core-group-is-layout-52f96efc wp-block-group-is-layout-constrained\">\n<div class=\"wp-block-group o-grid u-md-1 is-layout-flow wp-block-group-is-layout-flow\" style=\"padding-top:0\">\n<div class=\"wp-block-group u-g-9 u-g-s-2 is-layout-flow wp-block-group-is-layout-flow\" style=\"margin-bottom:var(--wp--preset--spacing--s)\">\n<h2 class=\"wp-block-heading\">Referenzen<\/h2>\n<\/div>\n<\/div>\n\n\n\n<div class=\"wp-block-t3-carousel-wrapper\" id=\"t3-carousel-bd64da3a-674a-49b9-84a3-4f55e040e8b2\"><div class=\"wp-block-t3-carousel t3-carousel-block swiper\" data-swiper-options=\"{&quot;loop&quot;:false,&quot;preloadImages&quot;:false,&quot;lazy&quot;:{&quot;loadPrevNext&quot;:true},&quot;autoplay&quot;:{&quot;delay&quot;:3000,&quot;disableOnInteraction&quot;:false},&quot;navigation&quot;:{&quot;nextEl&quot;:&quot;#t3-carousel-bd64da3a-674a-49b9-84a3-4f55e040e8b2 .t3-carousel-bd64da3a-674a-49b9-84a3-4f55e040e8b2-next&quot;,&quot;prevEl&quot;:&quot;#t3-carousel-bd64da3a-674a-49b9-84a3-4f55e040e8b2 .t3-carousel-bd64da3a-674a-49b9-84a3-4f55e040e8b2-prev&quot;},&quot;pagination&quot;:{&quot;el&quot;:&quot;#t3-carousel-bd64da3a-674a-49b9-84a3-4f55e040e8b2 .t3-carousel-bd64da3a-674a-49b9-84a3-4f55e040e8b2-pagination&quot;,&quot;clickable&quot;:true},&quot;scrollbar&quot;:false,&quot;breakpoints&quot;:{&quot;0&quot;:{&quot;slidesPerView&quot;:1.15,&quot;spaceBetween&quot;:24},&quot;769&quot;:{&quot;slidesPerView&quot;:1,&quot;spaceBetween&quot;:30}}}\"><div class=\"swiper-wrapper\">\n<div class=\"wp-block-t3-carousel-slide t3-carousel-slide swiper-slide\">\n<div class=\"wp-block-columns testimonial m-split is-layout-flex wp-container-core-columns-is-layout-3331f5f7 wp-block-columns-is-layout-flex\" style=\"padding-bottom:0\">\n<div class=\"wp-block-column is-layout-flow wp-block-column-is-layout-flow\">\n<div class=\"wp-block-group is-layout-flow wp-block-group-is-layout-flow has-background\" style=\"min-height:100%;background-image:url(&#039;https:\/\/www.leeb-balkone.com\/app\/uploads\/2021\/10\/referenz-alubalkon-bieniussa-scaled.jpg&#039;);background-size:cover;\"><\/div>\n<\/div>\n\n\n\n<div class=\"wp-block-column is-vertically-aligned-top testimonial-text is-layout-flow wp-block-column-is-layout-flow\">\n<div class=\"wp-block-group has-light-gray-background-color has-background is-vertical is-layout-flex wp-container-core-group-is-layout-044273ab wp-block-group-is-layout-flex\" style=\"padding-top:var(--wp--preset--spacing--xl);padding-right:var(--wp--preset--spacing--xl);padding-bottom:var(--wp--preset--spacing--xl);padding-left:var(--wp--preset--spacing--l)\">\n<p class=\"has-step-1-font-size\"><em>&#8220;Das Ergebnis \u00fcbertraf unsere Erwartungen: Auf unserer weitl\u00e4ufigen Terrasse stellt der Leeb-Balkon nun das Schmuckst\u00fcck dar und schafft ein neues, luxuri\u00f6ses Ambiente. Er l\u00e4dt dazu ein, gerne zu verweilen und die Abende zu genie\u00dfen.&#8221;<\/em><\/p>\n\n\n\n<p class=\"has-step-s-font-size\"><strong>Herr Dr. Bieniussa<br><\/strong>97688 Bad Kissingen<\/p>\n<\/div>\n<\/div>\n<\/div>\n<\/div>\n\n\n\n<div class=\"wp-block-t3-carousel-slide t3-carousel-slide swiper-slide\">\n<div class=\"wp-block-columns testimonial m-split is-layout-flex wp-container-core-columns-is-layout-3331f5f7 wp-block-columns-is-layout-flex\" style=\"padding-bottom:0\">\n<div class=\"wp-block-column is-layout-flow wp-block-column-is-layout-flow\">\n<div class=\"wp-block-group is-layout-flow wp-block-group-is-layout-flow has-background\" style=\"min-height:100%;background-image:url(&#039;https:\/\/www.leeb-balkone.com\/app\/uploads\/2021\/10\/referenz-alu-balkon-baingo-scaled.jpg&#039;);background-position:51% 51%;background-size:cover;\"><\/div>\n<\/div>\n\n\n\n<div class=\"wp-block-column is-vertically-aligned-top testimonial-text is-layout-flow wp-block-column-is-layout-flow\">\n<div class=\"wp-block-group has-light-gray-background-color has-background is-vertical is-layout-flex wp-container-core-group-is-layout-044273ab wp-block-group-is-layout-flex\" style=\"padding-top:var(--wp--preset--spacing--xl);padding-right:var(--wp--preset--spacing--xl);padding-bottom:var(--wp--preset--spacing--xl);padding-left:var(--wp--preset--spacing--l)\">\n<p class=\"has-step-1-font-size\"><em>&#8220;Liebes Leeb Team! Vielen Dank f\u00fcr diese sch\u00f6ne Oase. Wir sind sehr gl\u00fccklich und zufrieden mit der Auswahl.&#8221;<\/em><\/p>\n\n\n\n<p class=\"has-step-s-font-size\"><strong>Frau Baingo<br><\/strong>13469 Berlin<\/p>\n<\/div>\n<\/div>\n<\/div>\n<\/div>\n\n\n\n<div class=\"wp-block-t3-carousel-slide t3-carousel-slide swiper-slide\">\n<div class=\"wp-block-columns testimonial m-split is-layout-flex wp-container-core-columns-is-layout-3331f5f7 wp-block-columns-is-layout-flex\" style=\"padding-bottom:0\">\n<div class=\"wp-block-column is-layout-flow wp-block-column-is-layout-flow\">\n<div class=\"wp-block-group is-layout-flow wp-block-group-is-layout-flow has-background\" style=\"min-height:100%;background-image:url(&#039;https:\/\/www.leeb-balkone.com\/app\/uploads\/2021\/04\/madrid-burgstaller-402407FE-e-IMG_3215-scaled.jpg&#039;);background-position:84% 0%;background-size:cover;\"><\/div>\n<\/div>\n\n\n\n<div class=\"wp-block-column is-vertically-aligned-top testimonial-text is-layout-flow wp-block-column-is-layout-flow\">\n<div class=\"wp-block-group has-light-gray-background-color has-background is-vertical is-layout-flex wp-container-core-group-is-layout-044273ab wp-block-group-is-layout-flex\" style=\"padding-top:var(--wp--preset--spacing--xl);padding-right:var(--wp--preset--spacing--xl);padding-bottom:var(--wp--preset--spacing--xl);padding-left:var(--wp--preset--spacing--l)\">\n<p class=\"has-step-1-font-size\"><em>&#8220;Wir sind sehr zufrieden und es sieht genauso aus wie gew\u00fcnscht. Reibungslose Abwicklung und Montage sogar vor dem angedachten Termin.&#8221;<\/em><\/p>\n\n\n\n<p class=\"has-step-s-font-size\"><strong>Familie Burgstaller<br><\/strong>94474 Vilshofen an der Donau<\/p>\n<\/div>\n<\/div>\n<\/div>\n<\/div>\n<\/div><div class=\"swiper-pagination t3-carousel-bd64da3a-674a-49b9-84a3-4f55e040e8b2-pagination\"><\/div><\/div><div class=\"swiper-button-prev t3-carousel-bd64da3a-674a-49b9-84a3-4f55e040e8b2-prev\"><\/div><div class=\"swiper-button-next t3-carousel-bd64da3a-674a-49b9-84a3-4f55e040e8b2-next\"><\/div><\/div>\n<\/section>\n\n\n\n<section class=\"wp-block-group alignfull has-white-background-color has-background has-global-padding is-layout-constrained wp-container-core-group-is-layout-9fa1424c wp-block-group-is-layout-constrained\" style=\"padding-top:0\">\n<div class=\"wp-block-group o-grid u-md-1 is-layout-flow wp-block-group-is-layout-flow\" style=\"padding-top:0\">\n<div class=\"wp-block-group u-g-9 u-g-s-2 is-layout-flow wp-block-group-is-layout-flow\" style=\"margin-bottom:var(--wp--preset--spacing--s)\">\n<h2 class=\"wp-block-heading\">Warum ein Balkongel\u00e4nder aus Alu von Leeb?<\/h2>\n\n\n\n<p><span class=\"teaser\">Jedes Leeb Aluminium Balkongel\u00e4nder verbindet zeitlose Optik, innovative Technik und dauerhafte Qualit\u00e4t \u2013 f\u00fcr ein sicheres, sch\u00f6nes und pflegeleichtes Zuhause. Ihr Balkongel\u00e4nder von Europas Nr. 1.<\/span><\/p>\n<\/div>\n<\/div>\n\n\n\n<div class=\"wp-block-group is-layout-flow wp-container-core-group-is-layout-d5075d26 wp-block-group-is-layout-flow\">\n<div class=\"wp-block-columns is-style-shadow m-split is-layout-flex wp-container-core-columns-is-layout-28f84493 wp-block-columns-is-layout-flex\">\n<div class=\"wp-block-column is-style-default is-layout-flow wp-block-column-is-layout-flow\">\n<figure class=\"wp-block-image size-large\"><img loading=\"lazy\" decoding=\"async\" width=\"1024\" height=\"683\" src=\"https:\/\/www.leeb-balkone.com\/app\/uploads\/2020\/06\/balkongelaender-alu-design-villach-21-1024x683.jpeg\" alt=\"Kleiner Balkon mit Alu Design Villach Balkonegel\u00e4nder\" class=\"wp-image-7981\" srcset=\"https:\/\/www.leeb-balkone.com\/app\/uploads\/2020\/06\/balkongelaender-alu-design-villach-21-1024x683.jpeg 1024w, https:\/\/www.leeb-balkone.com\/app\/uploads\/2020\/06\/balkongelaender-alu-design-villach-21-300x200.jpeg 300w, https:\/\/www.leeb-balkone.com\/app\/uploads\/2020\/06\/balkongelaender-alu-design-villach-21-768x512.jpeg 768w, https:\/\/www.leeb-balkone.com\/app\/uploads\/2020\/06\/balkongelaender-alu-design-villach-21-1536x1024.jpeg 1536w, https:\/\/www.leeb-balkone.com\/app\/uploads\/2020\/06\/balkongelaender-alu-design-villach-21-2048x1366.jpeg 2048w\" sizes=\"auto, (max-width: 1024px) 100vw, 1024px\" \/><\/figure>\n<\/div>\n\n\n\n<div class=\"wp-block-column is-vertically-aligned-center is-style-overlay-content is-layout-flow wp-block-column-is-layout-flow\">\n<div class=\"wp-block-group is-vertical is-layout-flex wp-container-core-group-is-layout-6aed0e10 wp-block-group-is-layout-flex\">\n<h3 class=\"wp-block-heading\">Kein Streichen mehr<\/h3>\n\n\n\n<p>Aluminium rostet nicht und korrodiert nicht \u2013 das ist die Grundbedingung. Mit der ALU COMFORT PLUS\u00ae-Beschichtung kommt eine mikroraue Oberfl\u00e4che nach dem Vorbild des Lotus-Effekts hinzu: Wasser und Schmutz perlen ab. Anders als bei aufgebrachten Beschichtungen beh\u00e4lt die Oberfl\u00e4che ihre Eigenschaft \u00fcber die ganze Nutzungsdauer. Streichen, Abschleifen oder Nachlackieren entf\u00e4llt vollst\u00e4ndig. Was bleibt: gelegentliches Reinigen mit Wasser. \u00dcber Jahrzehnte.<\/p>\n\n\n\n<div class=\"wp-block-buttons is-layout-flex wp-block-buttons-is-layout-flex\" style=\"margin-top:var(--wp--preset--spacing--2-xs)\">\n<div class=\"wp-block-button is-style-outline-secondary\"><a class=\"wp-block-button__link has-transparent-background-color has-background wp-element-button\" href=\"https:\/\/www.leeb-balkone.com\/de\/technik\/\">Technik<\/a><\/div>\n<\/div>\n<\/div>\n<\/div>\n<\/div>\n\n\n\n<div class=\"wp-block-columns m-split is-style-shadow m-split-reverse is-layout-flex wp-container-core-columns-is-layout-28f84493 wp-block-columns-is-layout-flex\">\n<div class=\"wp-block-column is-style-default is-layout-flow wp-block-column-is-layout-flow\">\n<figure class=\"wp-block-image size-large\"><img loading=\"lazy\" decoding=\"async\" width=\"1024\" height=\"742\" src=\"https:\/\/www.leeb-balkone.com\/app\/uploads\/2020\/06\/balkongelaender-alu-design-barcelona-33-1024x742.jpg\" alt=\"Modernes Balkongel\u00e4nder mit Edelstahl Streben realisiert - Alubalkon Alu Design Barcelona\" class=\"wp-image-51109\" srcset=\"https:\/\/www.leeb-balkone.com\/app\/uploads\/2020\/06\/balkongelaender-alu-design-barcelona-33-1024x742.jpg 1024w, https:\/\/www.leeb-balkone.com\/app\/uploads\/2020\/06\/balkongelaender-alu-design-barcelona-33-300x218.jpg 300w, https:\/\/www.leeb-balkone.com\/app\/uploads\/2020\/06\/balkongelaender-alu-design-barcelona-33-768x557.jpg 768w, https:\/\/www.leeb-balkone.com\/app\/uploads\/2020\/06\/balkongelaender-alu-design-barcelona-33-1536x1114.jpg 1536w, https:\/\/www.leeb-balkone.com\/app\/uploads\/2020\/06\/balkongelaender-alu-design-barcelona-33-scaled.jpg 2048w\" sizes=\"auto, (max-width: 1024px) 100vw, 1024px\" \/><\/figure>\n<\/div>\n\n\n\n<div class=\"wp-block-column is-vertically-aligned-center is-style-overlay-content is-layout-flow wp-block-column-is-layout-flow\">\n<div class=\"wp-block-group is-vertical is-layout-flex wp-container-core-group-is-layout-6aed0e10 wp-block-group-is-layout-flex\">\n<h3 class=\"wp-block-heading\">Aufwertung und Wohnkomfort<\/h3>\n\n\n\n<p>Ein Alubalkon von Leeb steigert die Lebensqualit\u00e4t sp\u00fcrbar: Er schafft einen sicheren, attraktiven und pflegeleichten Au\u00dfenbereich, der zum Entspannen, Genie\u00dfen und Wohlf\u00fchlen einl\u00e4dt. Das Leeb Alu Gel\u00e4nder steht f\u00fcr mehr Wohnkomfort, Werterhalt und ein Plus an Lebensqualit\u00e4t im Alltag. Mit \u00fcber 300 Designmodellen, individuellen Farbvarianten und t\u00e4uschend echter Holzoptik l\u00e4sst sich das Balkongel\u00e4nder perfekt an Ihren Stil anpassen und wertet das Zuhause optisch wie funktional auf. <\/p>\n\n\n\n<div class=\"wp-block-buttons is-layout-flex wp-block-buttons-is-layout-flex\" style=\"margin-top:var(--wp--preset--spacing--2-xs)\">\n<div class=\"wp-block-button is-style-outline-secondary\"><a class=\"wp-block-button__link has-transparent-background-color has-background wp-element-button\" href=\"https:\/\/www.leeb-balkone.com\/de\/service\/\">Service<\/a><\/div>\n<\/div>\n<\/div>\n<\/div>\n<\/div>\n\n\n\n<div class=\"wp-block-columns is-style-shadow m-split is-layout-flex wp-container-core-columns-is-layout-28f84493 wp-block-columns-is-layout-flex\">\n<div class=\"wp-block-column is-style-default is-layout-flow wp-block-column-is-layout-flow\">\n<figure class=\"wp-block-image size-large\"><img loading=\"lazy\" decoding=\"async\" width=\"1024\" height=\"682\" src=\"https:\/\/www.leeb-balkone.com\/app\/uploads\/2023\/09\/ueberdachung-sommergarten-kombination-1024x682.jpg\" alt=\"ueberdachung sommergarten kombination\" class=\"wp-image-131854\" srcset=\"https:\/\/www.leeb-balkone.com\/app\/uploads\/2023\/09\/ueberdachung-sommergarten-kombination-1024x682.jpg 1024w, https:\/\/www.leeb-balkone.com\/app\/uploads\/2023\/09\/ueberdachung-sommergarten-kombination-300x200.jpg 300w, https:\/\/www.leeb-balkone.com\/app\/uploads\/2023\/09\/ueberdachung-sommergarten-kombination-768x512.jpg 768w, https:\/\/www.leeb-balkone.com\/app\/uploads\/2023\/09\/ueberdachung-sommergarten-kombination-1536x1024.jpg 1536w, https:\/\/www.leeb-balkone.com\/app\/uploads\/2023\/09\/ueberdachung-sommergarten-kombination-2048x1365.jpg 2048w\" sizes=\"auto, (max-width: 1024px) 100vw, 1024px\" \/><\/figure>\n<\/div>\n\n\n\n<div class=\"wp-block-column is-vertically-aligned-center is-style-overlay-content is-layout-flow wp-block-column-is-layout-flow\">\n<div class=\"wp-block-group is-vertical is-layout-flex wp-container-core-group-is-layout-6aed0e10 wp-block-group-is-layout-flex\">\n<h3 class=\"wp-block-heading\">Viele M\u00f6glichkeiten<\/h3>\n\n\n\n<p>Leeb Systeme sind flexibel kombinierbar und werden ma\u00dfgefertigt &#8211; das er\u00f6ffnet zahlreiche Optionen hinsichtlich Ausbau und Gestaltung. Zum Balkongel\u00e4nder passende Balkon\u00fcberdachungen sorgen f\u00fcr zuverl\u00e4ssigen Wetterschutz und werten das Ambiente auf. Die Leeb Anbaupakete, etwa Alubalkon \/ Sommergarten, schaffen zus\u00e4tzlichen Wohn- und Freiraum, der das ganze Jahr \u00fcber genutzt werden kann &#8211; alles aus einer Hand und perfekt aufeinander abgestimmt.<\/p>\n\n\n\n<div class=\"wp-block-buttons is-layout-flex wp-block-buttons-is-layout-flex\" style=\"margin-top:var(--wp--preset--spacing--2-xs)\">\n<div class=\"wp-block-button is-style-outline-secondary\"><a class=\"wp-block-button__link has-transparent-background-color has-background wp-element-button\" href=\"https:\/\/www.leeb-balkone.com\/de\/anbaubalkone\/\">Anbaubalkon<\/a><\/div>\n<\/div>\n<\/div>\n<\/div>\n<\/div>\n\n\n\n<div class=\"wp-block-columns is-style-shadow m-split is-layout-flex wp-container-core-columns-is-layout-28f84493 wp-block-columns-is-layout-flex\">\n<div class=\"wp-block-column is-style-default is-layout-flow wp-block-column-is-layout-flow\"><\/div>\n\n\n\n<div class=\"wp-block-column is-vertically-aligned-center is-style-overlay-content is-layout-flow wp-block-column-is-layout-flow\"><\/div>\n<\/div>\n\n\n\n<div class=\"wp-block-columns is-style-shadow m-split m-split-reverse is-layout-flex wp-container-core-columns-is-layout-28f84493 wp-block-columns-is-layout-flex\">\n<div class=\"wp-block-column is-layout-flow wp-block-column-is-layout-flow\">\n<figure class=\"wp-block-image size-large\"><img loading=\"lazy\" decoding=\"async\" width=\"1024\" height=\"768\" src=\"https:\/\/www.leeb-balkone.com\/app\/uploads\/2020\/07\/balkongelaender-solar-11-red-dot-1024x768.jpg\" alt=\"balkongelaender solar 11 red dot\" class=\"wp-image-137365\" srcset=\"https:\/\/www.leeb-balkone.com\/app\/uploads\/2020\/07\/balkongelaender-solar-11-red-dot-1024x768.jpg 1024w, https:\/\/www.leeb-balkone.com\/app\/uploads\/2020\/07\/balkongelaender-solar-11-red-dot-300x225.jpg 300w, https:\/\/www.leeb-balkone.com\/app\/uploads\/2020\/07\/balkongelaender-solar-11-red-dot-768x576.jpg 768w, https:\/\/www.leeb-balkone.com\/app\/uploads\/2020\/07\/balkongelaender-solar-11-red-dot-1536x1152.jpg 1536w, https:\/\/www.leeb-balkone.com\/app\/uploads\/2020\/07\/balkongelaender-solar-11-red-dot-2048x1536.jpg 2048w\" sizes=\"auto, (max-width: 1024px) 100vw, 1024px\" \/><\/figure>\n<\/div>\n\n\n\n<div class=\"wp-block-column is-layout-flow wp-block-column-is-layout-flow\">\n<div class=\"wp-block-group is-vertical is-layout-flex wp-container-core-group-is-layout-6aed0e10 wp-block-group-is-layout-flex\">\n<h3 class=\"wp-block-heading\">Ausgezeichnete Optionen<\/h3>\n\n\n\n<p>Das Leeb Solar-Balkongel\u00e4nder ist ein innovatives System, bei dem hochwertige Photovoltaik-Module vollintegriert in die Glasf\u00fcllung des Gel\u00e4nders eingebaut sind. Die Verkabelung erfolgt unsichtbar im Handlauf bzw. Rahmen und sorgt f\u00fcr ein \u00e4sthetisches Gesamtbild mit zus\u00e4tzlichem Schutz. Die Photovoltaik-Module sind robust, platzsparend und wetterfest. Das Leeb Solar-Gel\u00e4nder wurde mit dem Red Dot Design Award 2024 ausgezeichnet und setzt neue Ma\u00dfst\u00e4be f\u00fcr nachhaltiges Wohnen und moderne Architektur.<\/p>\n\n\n\n<div class=\"wp-block-buttons is-layout-flex wp-block-buttons-is-layout-flex\" style=\"margin-top:var(--wp--preset--spacing--2-xs)\">\n<div class=\"wp-block-button is-style-outline-secondary\"><a class=\"wp-block-button__link has-transparent-background-color has-background wp-element-button\" href=\"https:\/\/www.leeb-balkone.com\/de\/solar\/solar-balkon\/\">Solar-Balkon<\/a><\/div>\n<\/div>\n<\/div>\n<\/div>\n<\/div>\n\n\n<div class=\"b-sps\" id=\"\">\n      <div class=\"grid-x\">\n              <div class=\"cell b-sps__img  small-12 medium-6 small-order-1 medium-order-1 \">\n          \n                    <\/div>\n            <div class=\"cell b-sps__cont  small-12 medium-6 small-order-2 medium-order-2\">\n        <div class=\"b-sps__inner-cont \">\n          \n        <\/div>\n      <\/div>\n    <\/div>\n  <\/div>\n<\/div>\n<\/section>\n\n\n\n<section class=\"wp-block-group alignfull has-light-gray-background-color has-background has-global-padding is-layout-constrained wp-container-core-group-is-layout-52f96efc wp-block-group-is-layout-constrained\">\n<div class=\"wp-block-group o-grid u-md-1 is-layout-flow wp-block-group-is-layout-flow\" style=\"padding-top:0\">\n<div class=\"wp-block-group u-g-9 u-g-s-2 is-layout-flow wp-block-group-is-layout-flow\" style=\"margin-bottom:var(--wp--preset--spacing--s)\">\n<h2 class=\"wp-block-heading\">H\u00e4ufig gestellte Fragen<\/h2>\n\n\n\n<p style=\"padding-bottom:var(--wp--preset--spacing--m)\"><span class=\"teaser\">Sie haben allgemeine Fragen rund um unsere Balkongel\u00e4nder aus Aluminium? In unseren FAQ finden Sie kompakte Antworten zu h\u00e4ufigen Themen rund um Alubalkone.<\/span><\/p>\n\n\n\n<div class=\"wp-block-t3-acc-accordion is-style-default\"><button id=\"accordion-1883becf-6189-480e-8a45-8897adb6130b-button\" class=\"accordion__button\" aria-expanded=\"false\" aria-controls=\"accordion-1883becf-6189-480e-8a45-8897adb6130b-panel\"><h3 data-accordion-title=\"true\" style=\"font-size:var(--step-1)\"><strong><strong><strong><strong>Fertigung und Montage bei Leeb Alubalkonen \u2013 Faktencheck<\/strong><\/strong><\/strong><\/strong>:<\/h3><\/button><div id=\"accordion-1883becf-6189-480e-8a45-8897adb6130b-panel\" class=\"accordion__panel\" role=\"region\" aria-labelledby=\"accordion-1883becf-6189-480e-8a45-8897adb6130b-button\">\n<p><strong>Ma\u00dffertigung im Werk:<\/strong> Jedes Balkongel\u00e4nder wird individuell nach Ihren Ma\u00dfen im K\u00e4rntner Werk gefertigt. Der hohe Vorfertigungsgrad sorgt daf\u00fcr, dass vor Ort keine Anpassungen n\u00f6tig sind.<\/p>\n\n\n\n<p><strong>Pr\u00e4zise Verbindungstechnik:<\/strong> Verdeckte Verschraubungen, CNC-gefr\u00e4ste Verbindungen und Softline-Kanten gew\u00e4hrleisten eine saubere Optik und passgenaues Zusammenf\u00fcgen ohne sichtbare Befestigungselemente.<\/p>\n\n\n\n<p><strong>Schnelle Montage:<\/strong> Dank der werksseitigen Vorfertigung ist die Montage vor Ort meist in ein bis zwei Tagen abgeschlossen \u2013 sauber, leise und ohne aufwendige Baustelleneinrichtung.<\/p>\n\n\n\n<p><strong>Professionelle Umsetzung:<\/strong> Die Montage erfolgt durch geschulte Leeb-Teams oder zertifizierte Partner, die mit dem System vertraut sind und eine fachgerechte, termingerechte Ausf\u00fchrung garantieren.<\/p>\n<\/div><\/div>\n\n\n\n<div class=\"wp-block-t3-acc-accordion is-style-default\"><button id=\"accordion-129590e9-9f5c-4c63-9232-0d67bf76b8fc-button\" class=\"accordion__button\" aria-expanded=\"false\" aria-controls=\"accordion-129590e9-9f5c-4c63-9232-0d67bf76b8fc-panel\"><h3 data-accordion-title=\"true\" style=\"font-size:var(--step-1)\">Welche Vorteile haben Balkongel\u00e4nder aus Aluminium?<\/h3><\/button><div id=\"accordion-129590e9-9f5c-4c63-9232-0d67bf76b8fc-panel\" class=\"accordion__panel\" role=\"region\" aria-labelledby=\"accordion-129590e9-9f5c-4c63-9232-0d67bf76b8fc-button\">\n<p>Alu-Balkongel\u00e4nder sind rostfrei, witterungsbest\u00e4ndig und m\u00fcssen nie gestrichen werden. Leeb verwendet eine eigens entwickelte Speziallegierung mit patentierter ALU COMFORT PLUS\u00ae-Beschichtung, die das Gel\u00e4nder \u00fcber die gesamte Lebensdauer kratzfest und schmutzabweisend h\u00e4lt.<\/p>\n<\/div><\/div>\n\n\n\n<div class=\"wp-block-t3-acc-accordion is-style-default\"><button id=\"accordion-23e4d076-e9ee-4d78-aef4-3734d545ae55-button\" class=\"accordion__button\" aria-expanded=\"false\" aria-controls=\"accordion-23e4d076-e9ee-4d78-aef4-3734d545ae55-panel\"><h3 data-accordion-title=\"true\" style=\"font-size:var(--step-1)\"><strong>Wie sicher sind Balkongel\u00e4nder aus Aluminium wirklich?<\/strong><\/h3><\/button><div id=\"accordion-23e4d076-e9ee-4d78-aef4-3734d545ae55-panel\" class=\"accordion__panel\" role=\"region\" aria-labelledby=\"accordion-23e4d076-e9ee-4d78-aef4-3734d545ae55-button\">\n<p>Alle Leeb Alu-Gel\u00e4nder werden nach EN 1090 CE-zertifiziert gefertigt. Stabile Eckrahmenkonstruktionen, verdeckte Verschraubungen und Softline-Kanten gew\u00e4hrleisten maximale Absturzsicherheit. Planung und Montage erfolgen durch geschulte Leeb-Teams.<\/p>\n<\/div><\/div>\n\n\n\n<div class=\"wp-block-t3-acc-accordion is-style-default\"><button id=\"accordion-eed5b7b6-4ae8-4474-904b-c69145da575d-button\" class=\"accordion__button\" aria-expanded=\"false\" aria-controls=\"accordion-eed5b7b6-4ae8-4474-904b-c69145da575d-panel\"><h3 data-accordion-title=\"true\" style=\"font-size:var(--step-1)\"><strong>Ben\u00f6tigen Alu Balkongel\u00e4nder regelm\u00e4\u00dfige Pflege?<\/strong><\/h3><\/button><div id=\"accordion-eed5b7b6-4ae8-4474-904b-c69145da575d-panel\" class=\"accordion__panel\" role=\"region\" aria-labelledby=\"accordion-eed5b7b6-4ae8-4474-904b-c69145da575d-button\">\n<p>Nein. Die patentierte ALU COMFORT PLUS\u00ae-Beschichtung wirkt schmutz- und wasserabweisend \u2013 Verschmutzungen werden vom Regen abgewaschen. Gelegentliches Reinigen mit Wasser gen\u00fcgt. Streichen oder Nachbehandeln ist nicht n\u00f6tig.<\/p>\n<\/div><\/div>\n\n\n\n<div class=\"wp-block-t3-acc-accordion is-style-default\"><button id=\"accordion-34b1c408-d366-4737-b32b-3b3139463068-button\" class=\"accordion__button\" aria-expanded=\"false\" aria-controls=\"accordion-34b1c408-d366-4737-b32b-3b3139463068-panel\"><h3 data-accordion-title=\"true\" style=\"font-size:var(--step-1)\"><strong><strong>Welche Design-Optionen gibt es?<\/strong><\/strong><\/h3><\/button><div id=\"accordion-34b1c408-d366-4737-b32b-3b3139463068-panel\" class=\"accordion__panel\" role=\"region\" aria-labelledby=\"accordion-34b1c408-d366-4737-b32b-3b3139463068-button\">\n<p>\u00dcber 200 Modelle \u2013 von schlichten Stabausf\u00fchrungen \u00fcber Glasf\u00fcllungen und Lochblech-Perforierungen bis zu 13 t\u00e4uschend echten Holzdekoren. Jedes Gel\u00e4nder wird in s\u00e4mtlichen RAL-Farben oder Sonderfarben nach Ma\u00df gefertigt.<\/p>\n<\/div><\/div>\n\n\n\n<div class=\"wp-block-t3-acc-accordion is-style-default\"><button id=\"accordion-753c0f63-fd56-4d85-b442-31724dc29880-button\" class=\"accordion__button\" aria-expanded=\"false\" aria-controls=\"accordion-753c0f63-fd56-4d85-b442-31724dc29880-panel\"><h3 data-accordion-title=\"true\" style=\"font-size:var(--step-1)\"><strong><strong>Wie unterscheiden sich Alu Gel\u00e4nder preislich von anderen Materialien?<\/strong><\/strong><\/h3><\/button><div id=\"accordion-753c0f63-fd56-4d85-b442-31724dc29880-panel\" class=\"accordion__panel\" role=\"region\" aria-labelledby=\"accordion-753c0f63-fd56-4d85-b442-31724dc29880-button\">\n<p>Die Anschaffung liegt im mittleren bis gehobenen Segment, vergleichbar mit Edelstahl. Durch die fehlenden Wartungskosten und die sehr lange Lebensdauer ist ein Alu-Gel\u00e4nder von Leeb langfristig die wirtschaftlichste L\u00f6sung.<\/p>\n<\/div><\/div>\n\n\n\n<div class=\"wp-block-t3-acc-accordion is-style-default\"><button id=\"accordion-0b895cf2-ce5b-4f2c-9185-2939968e2bd2-button\" class=\"accordion__button\" aria-expanded=\"false\" aria-controls=\"accordion-0b895cf2-ce5b-4f2c-9185-2939968e2bd2-panel\"><h3 data-accordion-title=\"true\" style=\"font-size:var(--step-1)\"><strong><strong><strong><strong>Sind Balkongel\u00e4nder aus Aluminium umweltfreundlich?<\/strong><\/strong><\/strong><\/strong><\/h3><\/button><div id=\"accordion-0b895cf2-ce5b-4f2c-9185-2939968e2bd2-panel\" class=\"accordion__panel\" role=\"region\" aria-labelledby=\"accordion-0b895cf2-ce5b-4f2c-9185-2939968e2bd2-button\">\n<p>Aluminium ist zu 100% recycelbar ohne Qualit\u00e4tsverlust. Die ALU COMFORT PLUS\u00ae-Beschichtung wird l\u00f6sungsmittelfrei und nahezu abfallfrei aufgetragen. Und die Langlebigkeit der Gel\u00e4nder reduziert den Ressourcenverbrauch zus\u00e4tzlich.<\/p>\n<\/div><\/div>\n<\/div>\n<\/div>\n<\/section>\n\n\n\n<section class=\"wp-block-group alignfull has-white-background-color has-background has-global-padding is-layout-constrained wp-container-core-group-is-layout-52f96efc wp-block-group-is-layout-constrained\">\n<div class=\"wp-block-group o-grid u-md-1 is-layout-flow wp-block-group-is-layout-flow\" style=\"padding-top:0\">\n<div class=\"wp-block-group u-g-9 u-g-s-2 is-layout-flow wp-block-group-is-layout-flow\">\n<h2 class=\"wp-block-heading\">Alu Balkongel\u00e4nder Impressionen<\/h2>\n\n\n\n<p style=\"padding-bottom:var(--wp--preset--spacing--m)\"><span class=\"teaser\">Lassen Sie sich von den Gestaltungsm\u00f6glichkeiten unserer Alubalkone inspirieren.<\/span><\/p>\n<\/div>\n<\/div>\n\n\n    <div id=\"t3-lg-block-1\" class=\"wp-block-t3-lightgallery\" data-initial-count=\"6\">\n      <div class=\"lg-container u-grid-temp has-3-cols\">\n                  <div class=\"lg-item\" data-src=\"https:\/\/www.leeb-balkone.com\/app\/uploads\/2023\/03\/glasbalkon-ballina-und-solarbalkon-optimus-in-aluminium-anthrazit-scaled.jpg\"\n              data-sub-html=\"&lt;p&gt;Glasbalkon Ballina mit sandgestrahltem Kreismuster&lt;\/p&gt;\">\n            <div class=\"img-wrapper\">\n                <figure>\n                    <img loading=\"lazy\" decoding=\"async\" width=\"300\" height=\"169\" src=\"https:\/\/www.leeb-balkone.com\/app\/uploads\/2023\/03\/glasbalkon-ballina-und-solarbalkon-optimus-in-aluminium-anthrazit-300x169.jpg\" class=\"attachment-medium size-medium\" alt=\"Alu Glas Gel\u00e4nder Ballina mit sandgestrahltem Kreismuster\" srcset=\"https:\/\/www.leeb-balkone.com\/app\/uploads\/2023\/03\/glasbalkon-ballina-und-solarbalkon-optimus-in-aluminium-anthrazit-300x169.jpg 300w, https:\/\/www.leeb-balkone.com\/app\/uploads\/2023\/03\/glasbalkon-ballina-und-solarbalkon-optimus-in-aluminium-anthrazit-1024x575.jpg 1024w, https:\/\/www.leeb-balkone.com\/app\/uploads\/2023\/03\/glasbalkon-ballina-und-solarbalkon-optimus-in-aluminium-anthrazit-768x431.jpg 768w, https:\/\/www.leeb-balkone.com\/app\/uploads\/2023\/03\/glasbalkon-ballina-und-solarbalkon-optimus-in-aluminium-anthrazit-1536x863.jpg 1536w, https:\/\/www.leeb-balkone.com\/app\/uploads\/2023\/03\/glasbalkon-ballina-und-solarbalkon-optimus-in-aluminium-anthrazit-2048x1151.jpg 2048w\" sizes=\"auto, (min-width: 1200px) 260px, (min-width: 1024px) 220px, (min-width: 640px) 465px, 768px\" \/>    \n                <\/figure>\n                        <\/div>\n            <p>Glasbalkon Ballina mit sandgestrahltem Kreismuster<\/p>        <\/div>\n                  <div class=\"lg-item\" data-src=\"https:\/\/www.leeb-balkone.com\/app\/uploads\/2021\/04\/alu-anbaubalkon-gelaender-riva-2-scaled.jpg\"\n              data-sub-html=\"&lt;p&gt;Balkon Riva&lt;\/p&gt;\">\n            <div class=\"img-wrapper\">\n                <figure>\n                    <img loading=\"lazy\" decoding=\"async\" width=\"300\" height=\"200\" src=\"https:\/\/www.leeb-balkone.com\/app\/uploads\/2021\/04\/alu-anbaubalkon-gelaender-riva-2-300x200.jpg\" class=\"attachment-medium size-medium\" alt=\"alu anbaubalkon gelaender riva\" srcset=\"https:\/\/www.leeb-balkone.com\/app\/uploads\/2021\/04\/alu-anbaubalkon-gelaender-riva-2-300x200.jpg 300w, https:\/\/www.leeb-balkone.com\/app\/uploads\/2021\/04\/alu-anbaubalkon-gelaender-riva-2-1024x684.jpg 1024w, https:\/\/www.leeb-balkone.com\/app\/uploads\/2021\/04\/alu-anbaubalkon-gelaender-riva-2-768x513.jpg 768w, https:\/\/www.leeb-balkone.com\/app\/uploads\/2021\/04\/alu-anbaubalkon-gelaender-riva-2-1536x1025.jpg 1536w, https:\/\/www.leeb-balkone.com\/app\/uploads\/2021\/04\/alu-anbaubalkon-gelaender-riva-2-scaled.jpg 2048w\" sizes=\"auto, (min-width: 1200px) 260px, (min-width: 1024px) 220px, (min-width: 640px) 465px, 768px\" \/>    \n                <\/figure>\n                        <\/div>\n            <p>Balkon Riva<\/p>        <\/div>\n                  <div class=\"lg-item\" data-src=\"https:\/\/www.leeb-balkone.com\/app\/uploads\/2021\/01\/vorher-nachher-vergleich-alu-balkon-palma-2-scaled.jpg\"\n              data-sub-html=\"&lt;p&gt;Balkongel\u00e4nder  Palma&lt;\/p&gt;\">\n            <div class=\"img-wrapper\">\n                <figure>\n                    <img loading=\"lazy\" decoding=\"async\" width=\"300\" height=\"225\" src=\"https:\/\/www.leeb-balkone.com\/app\/uploads\/2021\/01\/vorher-nachher-vergleich-alu-balkon-palma-2-300x225.jpg\" class=\"attachment-medium size-medium\" alt=\"Kreatives Balkongel\u00e4nder mit kombinierter Glas-Alu-F\u00fcllung - Alubalkon Alu Design Palma\" srcset=\"https:\/\/www.leeb-balkone.com\/app\/uploads\/2021\/01\/vorher-nachher-vergleich-alu-balkon-palma-2-300x225.jpg 300w, https:\/\/www.leeb-balkone.com\/app\/uploads\/2021\/01\/vorher-nachher-vergleich-alu-balkon-palma-2-1024x767.jpg 1024w, https:\/\/www.leeb-balkone.com\/app\/uploads\/2021\/01\/vorher-nachher-vergleich-alu-balkon-palma-2-768x575.jpg 768w, https:\/\/www.leeb-balkone.com\/app\/uploads\/2021\/01\/vorher-nachher-vergleich-alu-balkon-palma-2-1536x1151.jpg 1536w, https:\/\/www.leeb-balkone.com\/app\/uploads\/2021\/01\/vorher-nachher-vergleich-alu-balkon-palma-2-2048x1535.jpg 2048w\" sizes=\"auto, (min-width: 1200px) 260px, (min-width: 1024px) 220px, (min-width: 640px) 465px, 768px\" \/>    \n                <\/figure>\n                        <\/div>\n            <p>Balkongel\u00e4nder  Palma<\/p>        <\/div>\n                  <div class=\"lg-item\" data-src=\"https:\/\/www.leeb-balkone.com\/app\/uploads\/2020\/06\/balkongelaender-alu-design-barcelona-34-scaled.jpg\"\n              data-sub-html=\"&lt;p&gt;Balkonmodell Barcelona&lt;\/p&gt;\">\n            <div class=\"img-wrapper\">\n                <figure>\n                    <img loading=\"lazy\" decoding=\"async\" width=\"300\" height=\"200\" src=\"https:\/\/www.leeb-balkone.com\/app\/uploads\/2020\/06\/balkongelaender-alu-design-barcelona-34-300x200.jpg\" class=\"attachment-medium size-medium\" alt=\"balkongelaender alu design barcelona\" srcset=\"https:\/\/www.leeb-balkone.com\/app\/uploads\/2020\/06\/balkongelaender-alu-design-barcelona-34-300x200.jpg 300w, https:\/\/www.leeb-balkone.com\/app\/uploads\/2020\/06\/balkongelaender-alu-design-barcelona-34-1024x683.jpg 1024w, https:\/\/www.leeb-balkone.com\/app\/uploads\/2020\/06\/balkongelaender-alu-design-barcelona-34-768x512.jpg 768w, https:\/\/www.leeb-balkone.com\/app\/uploads\/2020\/06\/balkongelaender-alu-design-barcelona-34-1536x1025.jpg 1536w, https:\/\/www.leeb-balkone.com\/app\/uploads\/2020\/06\/balkongelaender-alu-design-barcelona-34-2048x1367.jpg 2048w\" sizes=\"auto, (min-width: 1200px) 260px, (min-width: 1024px) 220px, (min-width: 640px) 465px, 768px\" \/>    \n                <\/figure>\n                        <\/div>\n            <p>Balkonmodell Barcelona<\/p>        <\/div>\n                  <div class=\"lg-item\" data-src=\"https:\/\/www.leeb-balkone.com\/app\/uploads\/2020\/09\/glas-balkongelaender-alu-design-casa-linea-24-scaled.jpg\"\n              data-sub-html=\"&lt;p&gt;Balkon Casa Linea&lt;\/p&gt;\">\n            <div class=\"img-wrapper\">\n                <figure>\n                    <img loading=\"lazy\" decoding=\"async\" width=\"300\" height=\"200\" src=\"https:\/\/www.leeb-balkone.com\/app\/uploads\/2020\/09\/glas-balkongelaender-alu-design-casa-linea-24-300x200.jpg\" class=\"attachment-medium size-medium\" alt=\"Neue Hausfassade mit modernem Glasbalkon\" srcset=\"https:\/\/www.leeb-balkone.com\/app\/uploads\/2020\/09\/glas-balkongelaender-alu-design-casa-linea-24-300x200.jpg 300w, https:\/\/www.leeb-balkone.com\/app\/uploads\/2020\/09\/glas-balkongelaender-alu-design-casa-linea-24-1024x684.jpg 1024w, https:\/\/www.leeb-balkone.com\/app\/uploads\/2020\/09\/glas-balkongelaender-alu-design-casa-linea-24-768x513.jpg 768w, https:\/\/www.leeb-balkone.com\/app\/uploads\/2020\/09\/glas-balkongelaender-alu-design-casa-linea-24-1536x1025.jpg 1536w, https:\/\/www.leeb-balkone.com\/app\/uploads\/2020\/09\/glas-balkongelaender-alu-design-casa-linea-24-2048x1367.jpg 2048w\" sizes=\"auto, (min-width: 1200px) 260px, (min-width: 1024px) 220px, (min-width: 640px) 465px, 768px\" \/>    \n                <\/figure>\n                        <\/div>\n            <p>Balkon Casa Linea<\/p>        <\/div>\n                  <div class=\"lg-item\" data-src=\"https:\/\/www.leeb-balkone.com\/app\/uploads\/2020\/06\/balkongelaender-alu-design-cordoba-9-scaled.jpg\"\n              data-sub-html=\"&lt;p&gt;Balkongel\u00e4nder Aluminium in Holzoptik (Modell Cordoba)&lt;\/p&gt;\">\n            <div class=\"img-wrapper\">\n                <figure>\n                    <img loading=\"lazy\" decoding=\"async\" width=\"300\" height=\"199\" src=\"https:\/\/www.leeb-balkone.com\/app\/uploads\/2020\/06\/balkongelaender-alu-design-cordoba-9-300x199.jpg\" class=\"attachment-medium size-medium\" alt=\"Modernes Allrounder Balkongel\u00e4nder mit Alu Latten in Holzoptik - Alubalkon Alu Design Cordoba\" srcset=\"https:\/\/www.leeb-balkone.com\/app\/uploads\/2020\/06\/balkongelaender-alu-design-cordoba-9-300x199.jpg 300w, https:\/\/www.leeb-balkone.com\/app\/uploads\/2020\/06\/balkongelaender-alu-design-cordoba-9-1024x681.jpg 1024w, https:\/\/www.leeb-balkone.com\/app\/uploads\/2020\/06\/balkongelaender-alu-design-cordoba-9-768x510.jpg 768w, https:\/\/www.leeb-balkone.com\/app\/uploads\/2020\/06\/balkongelaender-alu-design-cordoba-9-1536x1021.jpg 1536w, https:\/\/www.leeb-balkone.com\/app\/uploads\/2020\/06\/balkongelaender-alu-design-cordoba-9-2048x1361.jpg 2048w\" sizes=\"auto, (min-width: 1200px) 260px, (min-width: 1024px) 220px, (min-width: 640px) 465px, 768px\" \/>    \n                <\/figure>\n                        <\/div>\n            <p>Balkongel\u00e4nder Aluminium in Holzoptik (Modell Cordoba)<\/p>        <\/div>\n                  <div class=\"lg-item\" data-src=\"https:\/\/www.leeb-balkone.com\/app\/uploads\/2020\/04\/balkongelaender-alu-design-merida-112-scaled.jpg\"\n              data-sub-html=\"&lt;p&gt;Balkonkombination Modell Merida und Vision&lt;\/p&gt;\">\n            <div class=\"img-wrapper\">\n                <figure>\n                    <img loading=\"lazy\" decoding=\"async\" width=\"300\" height=\"200\" src=\"https:\/\/www.leeb-balkone.com\/app\/uploads\/2020\/04\/balkongelaender-alu-design-merida-112-300x200.jpg\" class=\"attachment-medium size-medium\" alt=\"balkongelaender alu design merida\" srcset=\"https:\/\/www.leeb-balkone.com\/app\/uploads\/2020\/04\/balkongelaender-alu-design-merida-112-300x200.jpg 300w, https:\/\/www.leeb-balkone.com\/app\/uploads\/2020\/04\/balkongelaender-alu-design-merida-112-1024x684.jpg 1024w, https:\/\/www.leeb-balkone.com\/app\/uploads\/2020\/04\/balkongelaender-alu-design-merida-112-768x513.jpg 768w, https:\/\/www.leeb-balkone.com\/app\/uploads\/2020\/04\/balkongelaender-alu-design-merida-112-1536x1025.jpg 1536w, https:\/\/www.leeb-balkone.com\/app\/uploads\/2020\/04\/balkongelaender-alu-design-merida-112-scaled.jpg 2048w\" sizes=\"auto, (min-width: 1200px) 260px, (min-width: 1024px) 220px, (min-width: 640px) 465px, 768px\" \/>    \n                <\/figure>\n                        <\/div>\n            <p>Balkonkombination Modell Merida und Vision<\/p>        <\/div>\n                  <div class=\"lg-item\" data-src=\"https:\/\/www.leeb-balkone.com\/app\/uploads\/2020\/07\/glasbalkon-vision-spiegelung-alu-alubalkon-glasfuellung-mattgrau-holzhaus-glasfront-scaled.jpg\"\n              data-sub-html=\"&lt;p&gt;Balkongel\u00e4nder aus Grauglas&lt;\/p&gt;\">\n            <div class=\"img-wrapper\">\n                <figure>\n                    <img loading=\"lazy\" decoding=\"async\" width=\"300\" height=\"200\" src=\"https:\/\/www.leeb-balkone.com\/app\/uploads\/2020\/07\/glasbalkon-vision-spiegelung-alu-alubalkon-glasfuellung-mattgrau-holzhaus-glasfront-300x200.jpg\" class=\"attachment-medium size-medium\" alt=\"Leeb Gel\u00e4nder Modell Vision mit mattgrauer Glasf\u00fcllung - terrassenartiger Balkon modernes Holzhaus\" srcset=\"https:\/\/www.leeb-balkone.com\/app\/uploads\/2020\/07\/glasbalkon-vision-spiegelung-alu-alubalkon-glasfuellung-mattgrau-holzhaus-glasfront-300x200.jpg 300w, https:\/\/www.leeb-balkone.com\/app\/uploads\/2020\/07\/glasbalkon-vision-spiegelung-alu-alubalkon-glasfuellung-mattgrau-holzhaus-glasfront-1024x683.jpg 1024w, https:\/\/www.leeb-balkone.com\/app\/uploads\/2020\/07\/glasbalkon-vision-spiegelung-alu-alubalkon-glasfuellung-mattgrau-holzhaus-glasfront-768x512.jpg 768w, https:\/\/www.leeb-balkone.com\/app\/uploads\/2020\/07\/glasbalkon-vision-spiegelung-alu-alubalkon-glasfuellung-mattgrau-holzhaus-glasfront-1536x1024.jpg 1536w, https:\/\/www.leeb-balkone.com\/app\/uploads\/2020\/07\/glasbalkon-vision-spiegelung-alu-alubalkon-glasfuellung-mattgrau-holzhaus-glasfront-2048x1365.jpg 2048w\" sizes=\"auto, (min-width: 1200px) 260px, (min-width: 1024px) 220px, (min-width: 640px) 465px, 768px\" \/>    \n                <\/figure>\n                        <\/div>\n            <p>Balkongel\u00e4nder aus Grauglas<\/p>        <\/div>\n                  <div class=\"lg-item\" data-src=\"https:\/\/www.leeb-balkone.com\/app\/uploads\/2020\/07\/glas-balkongelaender-alu-design-vision-40-scaled.jpg\"\n              data-sub-html=\"&lt;p&gt;Balkongel\u00e4nder Vision aus transparentem Glas&lt;\/p&gt;\">\n            <div class=\"img-wrapper\">\n                <figure>\n                    <img loading=\"lazy\" decoding=\"async\" width=\"300\" height=\"200\" src=\"https:\/\/www.leeb-balkone.com\/app\/uploads\/2020\/07\/glas-balkongelaender-alu-design-vision-40-300x200.jpg\" class=\"attachment-medium size-medium\" alt=\"glas balkongelaender alu design vision\" srcset=\"https:\/\/www.leeb-balkone.com\/app\/uploads\/2020\/07\/glas-balkongelaender-alu-design-vision-40-300x200.jpg 300w, https:\/\/www.leeb-balkone.com\/app\/uploads\/2020\/07\/glas-balkongelaender-alu-design-vision-40-1024x684.jpg 1024w, https:\/\/www.leeb-balkone.com\/app\/uploads\/2020\/07\/glas-balkongelaender-alu-design-vision-40-768x513.jpg 768w, https:\/\/www.leeb-balkone.com\/app\/uploads\/2020\/07\/glas-balkongelaender-alu-design-vision-40-1536x1025.jpg 1536w, https:\/\/www.leeb-balkone.com\/app\/uploads\/2020\/07\/glas-balkongelaender-alu-design-vision-40-2048x1367.jpg 2048w\" sizes=\"auto, (min-width: 1200px) 260px, (min-width: 1024px) 220px, (min-width: 640px) 465px, 768px\" \/>    \n                <\/figure>\n                        <\/div>\n            <p>Balkongel\u00e4nder Vision aus transparentem Glas<\/p>        <\/div>\n                  <div class=\"lg-item\" data-src=\"https:\/\/www.leeb-balkone.com\/app\/uploads\/2020\/07\/balkongelaender-alu-design-granada-25-scaled.jpg\"\n              data-sub-html=\"&lt;p&gt;Balkon Granada&lt;\/p&gt;\">\n            <div class=\"img-wrapper\">\n                <figure>\n                    <img loading=\"lazy\" decoding=\"async\" width=\"300\" height=\"200\" src=\"https:\/\/www.leeb-balkone.com\/app\/uploads\/2020\/07\/balkongelaender-alu-design-granada-25-300x200.jpg\" class=\"attachment-medium size-medium\" alt=\"balkongelaender alu design granada\" srcset=\"https:\/\/www.leeb-balkone.com\/app\/uploads\/2020\/07\/balkongelaender-alu-design-granada-25-300x200.jpg 300w, https:\/\/www.leeb-balkone.com\/app\/uploads\/2020\/07\/balkongelaender-alu-design-granada-25-1024x683.jpg 1024w, https:\/\/www.leeb-balkone.com\/app\/uploads\/2020\/07\/balkongelaender-alu-design-granada-25-768x512.jpg 768w, https:\/\/www.leeb-balkone.com\/app\/uploads\/2020\/07\/balkongelaender-alu-design-granada-25-1536x1024.jpg 1536w, https:\/\/www.leeb-balkone.com\/app\/uploads\/2020\/07\/balkongelaender-alu-design-granada-25-2048x1366.jpg 2048w\" sizes=\"auto, (min-width: 1200px) 260px, (min-width: 1024px) 220px, (min-width: 640px) 465px, 768px\" \/>    \n                <\/figure>\n                        <\/div>\n            <p>Balkon Granada<\/p>        <\/div>\n                  <div class=\"lg-item\" data-src=\"https:\/\/www.leeb-balkone.com\/app\/uploads\/2020\/07\/alubalkongelaender-genf-in-weiss-frontalansicht-scaled.jpg\"\n              data-sub-html=\"&lt;p&gt;Balkongel\u00e4nder in reinwei\u00df (Modell Genf)&lt;\/p&gt;\">\n            <div class=\"img-wrapper\">\n                <figure>\n                    <img loading=\"lazy\" decoding=\"async\" width=\"300\" height=\"200\" src=\"https:\/\/www.leeb-balkone.com\/app\/uploads\/2020\/07\/alubalkongelaender-genf-in-weiss-frontalansicht-300x200.jpg\" class=\"attachment-medium size-medium\" alt=\"alubalkongelaender genf in weiss frontalansicht\" srcset=\"https:\/\/www.leeb-balkone.com\/app\/uploads\/2020\/07\/alubalkongelaender-genf-in-weiss-frontalansicht-300x200.jpg 300w, https:\/\/www.leeb-balkone.com\/app\/uploads\/2020\/07\/alubalkongelaender-genf-in-weiss-frontalansicht-1024x683.jpg 1024w, https:\/\/www.leeb-balkone.com\/app\/uploads\/2020\/07\/alubalkongelaender-genf-in-weiss-frontalansicht-768x512.jpg 768w, https:\/\/www.leeb-balkone.com\/app\/uploads\/2020\/07\/alubalkongelaender-genf-in-weiss-frontalansicht-1536x1025.jpg 1536w, https:\/\/www.leeb-balkone.com\/app\/uploads\/2020\/07\/alubalkongelaender-genf-in-weiss-frontalansicht-2048x1366.jpg 2048w\" sizes=\"auto, (min-width: 1200px) 260px, (min-width: 1024px) 220px, (min-width: 640px) 465px, 768px\" \/>    \n                <\/figure>\n                        <\/div>\n            <p>Balkongel\u00e4nder in reinwei\u00df (Modell Genf)<\/p>        <\/div>\n                  <div class=\"lg-item\" data-src=\"https:\/\/www.leeb-balkone.com\/app\/uploads\/2025\/07\/balkongelaender-madrid-aus-aluminium-mit-edelstahlstreben-scaled.jpg\"\n              data-sub-html=\"&lt;p&gt;horizontales Balkongel\u00e4nder - Modell Madrid mit Edelstahlstreben &lt;\/p&gt;\">\n            <div class=\"img-wrapper\">\n                <figure>\n                    <img loading=\"lazy\" decoding=\"async\" width=\"300\" height=\"200\" src=\"https:\/\/www.leeb-balkone.com\/app\/uploads\/2025\/07\/balkongelaender-madrid-aus-aluminium-mit-edelstahlstreben-300x200.jpg\" class=\"attachment-medium size-medium\" alt=\"balkongelaender madrid aus aluminium mit edelstahlstreben\" srcset=\"https:\/\/www.leeb-balkone.com\/app\/uploads\/2025\/07\/balkongelaender-madrid-aus-aluminium-mit-edelstahlstreben-300x200.jpg 300w, https:\/\/www.leeb-balkone.com\/app\/uploads\/2025\/07\/balkongelaender-madrid-aus-aluminium-mit-edelstahlstreben-1024x684.jpg 1024w, https:\/\/www.leeb-balkone.com\/app\/uploads\/2025\/07\/balkongelaender-madrid-aus-aluminium-mit-edelstahlstreben-768x513.jpg 768w, https:\/\/www.leeb-balkone.com\/app\/uploads\/2025\/07\/balkongelaender-madrid-aus-aluminium-mit-edelstahlstreben-1536x1025.jpg 1536w, https:\/\/www.leeb-balkone.com\/app\/uploads\/2025\/07\/balkongelaender-madrid-aus-aluminium-mit-edelstahlstreben-2048x1367.jpg 2048w\" sizes=\"auto, (min-width: 1200px) 260px, (min-width: 1024px) 220px, (min-width: 640px) 465px, 768px\" \/>    \n                <\/figure>\n                        <\/div>\n            <p>horizontales Balkongel\u00e4nder &#8211; Modell Madrid mit Edelstahlstreben <\/p>        <\/div>\n                  <div class=\"lg-item\" data-src=\"https:\/\/www.leeb-balkone.com\/app\/uploads\/2020\/07\/balkongelaender-alu-wooden-madrid-10-scaled.jpg\"\n              data-sub-html=\"&lt;p&gt;Modernes Alu Balkongel\u00e4nder in Holzoptik mit Edelstahl-Streben&lt;\/p&gt;\">\n            <div class=\"img-wrapper\">\n                <figure>\n                    <img loading=\"lazy\" decoding=\"async\" width=\"300\" height=\"211\" src=\"https:\/\/www.leeb-balkone.com\/app\/uploads\/2020\/07\/balkongelaender-alu-wooden-madrid-10-300x211.jpg\" class=\"attachment-medium size-medium\" alt=\"Modernes Alu Balkongel\u00e4nder in Holzoptik mit Edelstahl-Streben - Alubalkon Alu Wooden Madrid\" srcset=\"https:\/\/www.leeb-balkone.com\/app\/uploads\/2020\/07\/balkongelaender-alu-wooden-madrid-10-300x211.jpg 300w, https:\/\/www.leeb-balkone.com\/app\/uploads\/2020\/07\/balkongelaender-alu-wooden-madrid-10-1024x721.jpg 1024w, https:\/\/www.leeb-balkone.com\/app\/uploads\/2020\/07\/balkongelaender-alu-wooden-madrid-10-768x540.jpg 768w, https:\/\/www.leeb-balkone.com\/app\/uploads\/2020\/07\/balkongelaender-alu-wooden-madrid-10-1536x1081.jpg 1536w, https:\/\/www.leeb-balkone.com\/app\/uploads\/2020\/07\/balkongelaender-alu-wooden-madrid-10-2048x1441.jpg 2048w\" sizes=\"auto, (min-width: 1200px) 260px, (min-width: 1024px) 220px, (min-width: 640px) 465px, 768px\" \/>    \n                <\/figure>\n                        <\/div>\n            <p>Modernes Alu Balkongel\u00e4nder in Holzoptik mit Edelstahl-Streben<\/p>        <\/div>\n                  <div class=\"lg-item\" data-src=\"https:\/\/www.leeb-balkone.com\/app\/uploads\/2020\/07\/balkongelaender-alu-design-trento-13-scaled.jpg\"\n              data-sub-html=\"&lt;p&gt;Balkon Trento in Holzoptik&lt;\/p&gt;\">\n            <div class=\"img-wrapper\">\n                <figure>\n                    <img loading=\"lazy\" decoding=\"async\" width=\"300\" height=\"224\" src=\"https:\/\/www.leeb-balkone.com\/app\/uploads\/2020\/07\/balkongelaender-alu-design-trento-13-300x224.jpg\" class=\"attachment-medium size-medium\" alt=\"balkongelaender alu design trento\" srcset=\"https:\/\/www.leeb-balkone.com\/app\/uploads\/2020\/07\/balkongelaender-alu-design-trento-13-300x224.jpg 300w, https:\/\/www.leeb-balkone.com\/app\/uploads\/2020\/07\/balkongelaender-alu-design-trento-13-1024x765.jpg 1024w, https:\/\/www.leeb-balkone.com\/app\/uploads\/2020\/07\/balkongelaender-alu-design-trento-13-768x574.jpg 768w, https:\/\/www.leeb-balkone.com\/app\/uploads\/2020\/07\/balkongelaender-alu-design-trento-13-1536x1147.jpg 1536w, https:\/\/www.leeb-balkone.com\/app\/uploads\/2020\/07\/balkongelaender-alu-design-trento-13-2048x1529.jpg 2048w\" sizes=\"auto, (min-width: 1200px) 260px, (min-width: 1024px) 220px, (min-width: 640px) 465px, 768px\" \/>    \n                <\/figure>\n                        <\/div>\n            <p>Balkon Trento in Holzoptik<\/p>        <\/div>\n                  <div class=\"lg-item\" data-src=\"https:\/\/www.leeb-balkone.com\/app\/uploads\/2020\/10\/alu-balkongelaender-design-twist-04.jpg\"\n              data-sub-html=\"&lt;p&gt;Balkongel\u00e4nder Modell Twist&lt;\/p&gt;\">\n            <div class=\"img-wrapper\">\n                <figure>\n                    <img loading=\"lazy\" decoding=\"async\" width=\"300\" height=\"225\" src=\"https:\/\/www.leeb-balkone.com\/app\/uploads\/2020\/10\/alu-balkongelaender-design-twist-04-300x225.jpg\" class=\"attachment-medium size-medium\" alt=\"alu balkongelaender design twist\" srcset=\"https:\/\/www.leeb-balkone.com\/app\/uploads\/2020\/10\/alu-balkongelaender-design-twist-04-300x225.jpg 300w, https:\/\/www.leeb-balkone.com\/app\/uploads\/2020\/10\/alu-balkongelaender-design-twist-04-1024x768.jpg 1024w, https:\/\/www.leeb-balkone.com\/app\/uploads\/2020\/10\/alu-balkongelaender-design-twist-04-768x576.jpg 768w, https:\/\/www.leeb-balkone.com\/app\/uploads\/2020\/10\/alu-balkongelaender-design-twist-04-1536x1152.jpg 1536w, https:\/\/www.leeb-balkone.com\/app\/uploads\/2020\/10\/alu-balkongelaender-design-twist-04-2048x1536.jpg 2048w\" sizes=\"auto, (min-width: 1200px) 260px, (min-width: 1024px) 220px, (min-width: 640px) 465px, 768px\" \/>    \n                <\/figure>\n                        <\/div>\n            <p>Balkongel\u00e4nder Modell Twist<\/p>        <\/div>\n                  <div class=\"lg-item\" data-src=\"https:\/\/www.leeb-balkone.com\/app\/uploads\/2020\/07\/glas-balkongelaender-alu-design-vitro-25-scaled.jpg\"\n              data-sub-html=\"&lt;p&gt;Balkonkombination Vitro und Casa Linea&lt;\/p&gt;\">\n            <div class=\"img-wrapper\">\n                <figure>\n                    <img loading=\"lazy\" decoding=\"async\" width=\"300\" height=\"225\" src=\"https:\/\/www.leeb-balkone.com\/app\/uploads\/2020\/07\/glas-balkongelaender-alu-design-vitro-25-300x225.jpg\" class=\"attachment-medium size-medium\" alt=\"glas balkongelaender alu design vitro\" srcset=\"https:\/\/www.leeb-balkone.com\/app\/uploads\/2020\/07\/glas-balkongelaender-alu-design-vitro-25-300x225.jpg 300w, https:\/\/www.leeb-balkone.com\/app\/uploads\/2020\/07\/glas-balkongelaender-alu-design-vitro-25-1024x767.jpg 1024w, https:\/\/www.leeb-balkone.com\/app\/uploads\/2020\/07\/glas-balkongelaender-alu-design-vitro-25-768x575.jpg 768w, https:\/\/www.leeb-balkone.com\/app\/uploads\/2020\/07\/glas-balkongelaender-alu-design-vitro-25-1536x1151.jpg 1536w, https:\/\/www.leeb-balkone.com\/app\/uploads\/2020\/07\/glas-balkongelaender-alu-design-vitro-25-2048x1535.jpg 2048w\" sizes=\"auto, (min-width: 1200px) 260px, (min-width: 1024px) 220px, (min-width: 640px) 465px, 768px\" \/>    \n                <\/figure>\n                        <\/div>\n            <p>Balkonkombination Vitro und Casa Linea<\/p>        <\/div>\n                  <div class=\"lg-item\" data-src=\"https:\/\/www.leeb-balkone.com\/app\/uploads\/2020\/07\/balkongelaender-alu-classic-vilshofen-24.jpg\"\n              data-sub-html=\"&lt;p&gt;Alubalkon Vilshofen mit Blumenk\u00e4sten&lt;\/p&gt;\">\n            <div class=\"img-wrapper\">\n                <figure>\n                    <img loading=\"lazy\" decoding=\"async\" width=\"300\" height=\"225\" src=\"https:\/\/www.leeb-balkone.com\/app\/uploads\/2020\/07\/balkongelaender-alu-classic-vilshofen-24-300x225.jpg\" class=\"attachment-medium size-medium\" alt=\"Zeitloses Balkongel\u00e4nder aus Aluminium mit Edelstahl-Handlauf - Alubalkon Alu Classic Vilshofen\" srcset=\"https:\/\/www.leeb-balkone.com\/app\/uploads\/2020\/07\/balkongelaender-alu-classic-vilshofen-24-300x225.jpg 300w, https:\/\/www.leeb-balkone.com\/app\/uploads\/2020\/07\/balkongelaender-alu-classic-vilshofen-24-1024x768.jpg 1024w, https:\/\/www.leeb-balkone.com\/app\/uploads\/2020\/07\/balkongelaender-alu-classic-vilshofen-24-768x576.jpg 768w, https:\/\/www.leeb-balkone.com\/app\/uploads\/2020\/07\/balkongelaender-alu-classic-vilshofen-24-1536x1152.jpg 1536w, https:\/\/www.leeb-balkone.com\/app\/uploads\/2020\/07\/balkongelaender-alu-classic-vilshofen-24-2048x1536.jpg 2048w\" sizes=\"auto, (min-width: 1200px) 260px, (min-width: 1024px) 220px, (min-width: 640px) 465px, 768px\" \/>    \n                <\/figure>\n                        <\/div>\n            <p>Alubalkon Vilshofen mit Blumenk\u00e4sten<\/p>        <\/div>\n                  <div class=\"lg-item\" data-src=\"https:\/\/www.leeb-balkone.com\/app\/uploads\/2020\/07\/balkongelaender-alu-classic-vilshofen-23-scaled.jpg\"\n              data-sub-html=\"&lt;p&gt;Klassischer Balkon Vilshofen&lt;\/p&gt;\">\n            <div class=\"img-wrapper\">\n                <figure>\n                    <img loading=\"lazy\" decoding=\"async\" width=\"300\" height=\"200\" src=\"https:\/\/www.leeb-balkone.com\/app\/uploads\/2020\/07\/balkongelaender-alu-classic-vilshofen-23-300x200.jpg\" class=\"attachment-medium size-medium\" alt=\"Graues Einfamilienhaus mit Alu Classic Vilshofen Balkongel\u00e4nder\" srcset=\"https:\/\/www.leeb-balkone.com\/app\/uploads\/2020\/07\/balkongelaender-alu-classic-vilshofen-23-300x200.jpg 300w, https:\/\/www.leeb-balkone.com\/app\/uploads\/2020\/07\/balkongelaender-alu-classic-vilshofen-23-1024x683.jpg 1024w, https:\/\/www.leeb-balkone.com\/app\/uploads\/2020\/07\/balkongelaender-alu-classic-vilshofen-23-768x512.jpg 768w, https:\/\/www.leeb-balkone.com\/app\/uploads\/2020\/07\/balkongelaender-alu-classic-vilshofen-23-1536x1024.jpg 1536w, https:\/\/www.leeb-balkone.com\/app\/uploads\/2020\/07\/balkongelaender-alu-classic-vilshofen-23-2048x1366.jpg 2048w\" sizes=\"auto, (min-width: 1200px) 260px, (min-width: 1024px) 220px, (min-width: 640px) 465px, 768px\" \/>    \n                <\/figure>\n                        <\/div>\n            <p>Klassischer Balkon Vilshofen<\/p>        <\/div>\n                  <div class=\"lg-item\" data-src=\"https:\/\/www.leeb-balkone.com\/app\/uploads\/2021\/04\/balkongelaender-alu-classic-gerlos-27-scaled.jpg\"\n              data-sub-html=\"&lt;p&gt;Balkongel\u00e4nder in Holzoptik (Modell Gerlos)&lt;\/p&gt;\">\n            <div class=\"img-wrapper\">\n                <figure>\n                    <img loading=\"lazy\" decoding=\"async\" width=\"300\" height=\"200\" src=\"https:\/\/www.leeb-balkone.com\/app\/uploads\/2021\/04\/balkongelaender-alu-classic-gerlos-27-300x200.jpg\" class=\"attachment-medium size-medium\" alt=\"balkongelaender alu classic gerlos\" srcset=\"https:\/\/www.leeb-balkone.com\/app\/uploads\/2021\/04\/balkongelaender-alu-classic-gerlos-27-300x200.jpg 300w, https:\/\/www.leeb-balkone.com\/app\/uploads\/2021\/04\/balkongelaender-alu-classic-gerlos-27-1024x683.jpg 1024w, https:\/\/www.leeb-balkone.com\/app\/uploads\/2021\/04\/balkongelaender-alu-classic-gerlos-27-768x512.jpg 768w, https:\/\/www.leeb-balkone.com\/app\/uploads\/2021\/04\/balkongelaender-alu-classic-gerlos-27-1536x1025.jpg 1536w, https:\/\/www.leeb-balkone.com\/app\/uploads\/2021\/04\/balkongelaender-alu-classic-gerlos-27-2048x1367.jpg 2048w\" sizes=\"auto, (min-width: 1200px) 260px, (min-width: 1024px) 220px, (min-width: 640px) 465px, 768px\" \/>    \n                <\/figure>\n                        <\/div>\n            <p>Balkongel\u00e4nder in Holzoptik (Modell Gerlos)<\/p>        <\/div>\n                  <div class=\"lg-item\" data-src=\"https:\/\/www.leeb-balkone.com\/app\/uploads\/2020\/07\/balkon-alu-select-padova-2-scaled.jpg\"\n              data-sub-html=\"&lt;p&gt;Selektbalkon Padova&lt;\/p&gt;\">\n            <div class=\"img-wrapper\">\n                <figure>\n                    <img loading=\"lazy\" decoding=\"async\" width=\"300\" height=\"200\" src=\"https:\/\/www.leeb-balkone.com\/app\/uploads\/2020\/07\/balkon-alu-select-padova-2-300x200.jpg\" class=\"attachment-medium size-medium\" alt=\"Glas Balkongel\u00e4nder mit soliden Abschlussleisten und Handlauf - Alubalkon Alu Select Padova\" srcset=\"https:\/\/www.leeb-balkone.com\/app\/uploads\/2020\/07\/balkon-alu-select-padova-2-300x200.jpg 300w, https:\/\/www.leeb-balkone.com\/app\/uploads\/2020\/07\/balkon-alu-select-padova-2-1024x681.jpg 1024w, https:\/\/www.leeb-balkone.com\/app\/uploads\/2020\/07\/balkon-alu-select-padova-2-768x511.jpg 768w, https:\/\/www.leeb-balkone.com\/app\/uploads\/2020\/07\/balkon-alu-select-padova-2-1536x1022.jpg 1536w, https:\/\/www.leeb-balkone.com\/app\/uploads\/2020\/07\/balkon-alu-select-padova-2-2048x1363.jpg 2048w\" sizes=\"auto, (min-width: 1200px) 260px, (min-width: 1024px) 220px, (min-width: 640px) 465px, 768px\" \/>    \n                <\/figure>\n                        <\/div>\n            <p>Selektbalkon Padova<\/p>        <\/div>\n                  <div class=\"lg-item\" data-src=\"https:\/\/www.leeb-balkone.com\/app\/uploads\/2024\/08\/balkongelaender-aus-alu-mit-blechfuellung-handa-scaled.jpg\"\n              data-sub-html=\"&lt;p&gt;Balkon mit Perfor\u00e9edesign (Modell Handa)&lt;\/p&gt;\">\n            <div class=\"img-wrapper\">\n                <figure>\n                    <img loading=\"lazy\" decoding=\"async\" width=\"300\" height=\"200\" src=\"https:\/\/www.leeb-balkone.com\/app\/uploads\/2024\/08\/balkongelaender-aus-alu-mit-blechfuellung-handa-300x200.jpg\" class=\"attachment-medium size-medium\" alt=\"balkongelaender aus alu mit blechfuellung handa\" srcset=\"https:\/\/www.leeb-balkone.com\/app\/uploads\/2024\/08\/balkongelaender-aus-alu-mit-blechfuellung-handa-300x200.jpg 300w, https:\/\/www.leeb-balkone.com\/app\/uploads\/2024\/08\/balkongelaender-aus-alu-mit-blechfuellung-handa-1024x682.jpg 1024w, https:\/\/www.leeb-balkone.com\/app\/uploads\/2024\/08\/balkongelaender-aus-alu-mit-blechfuellung-handa-768x512.jpg 768w, https:\/\/www.leeb-balkone.com\/app\/uploads\/2024\/08\/balkongelaender-aus-alu-mit-blechfuellung-handa-1536x1023.jpg 1536w, https:\/\/www.leeb-balkone.com\/app\/uploads\/2024\/08\/balkongelaender-aus-alu-mit-blechfuellung-handa-2048x1364.jpg 2048w\" sizes=\"auto, (min-width: 1200px) 260px, (min-width: 1024px) 220px, (min-width: 640px) 465px, 768px\" \/>    \n                <\/figure>\n                        <\/div>\n            <p>Balkon mit Perfor\u00e9edesign (Modell Handa)<\/p>        <\/div>\n                  <div class=\"lg-item\" data-src=\"https:\/\/www.leeb-balkone.com\/app\/uploads\/2020\/07\/balkongelaender-alu-select-imola-2-scaled.jpg\"\n              data-sub-html=\"&lt;p&gt;Balkongel\u00e4nder in Holzoptik (Modell Imola)&lt;\/p&gt;\">\n            <div class=\"img-wrapper\">\n                <figure>\n                    <img loading=\"lazy\" decoding=\"async\" width=\"300\" height=\"200\" src=\"https:\/\/www.leeb-balkone.com\/app\/uploads\/2020\/07\/balkongelaender-alu-select-imola-2-300x200.jpg\" class=\"attachment-medium size-medium\" alt=\"Aluminium in Holzoptik mit Alu Select Imola Balkongel\u00e4nder\" srcset=\"https:\/\/www.leeb-balkone.com\/app\/uploads\/2020\/07\/balkongelaender-alu-select-imola-2-300x200.jpg 300w, https:\/\/www.leeb-balkone.com\/app\/uploads\/2020\/07\/balkongelaender-alu-select-imola-2-1024x684.jpg 1024w, https:\/\/www.leeb-balkone.com\/app\/uploads\/2020\/07\/balkongelaender-alu-select-imola-2-768x513.jpg 768w, https:\/\/www.leeb-balkone.com\/app\/uploads\/2020\/07\/balkongelaender-alu-select-imola-2-1536x1025.jpg 1536w, https:\/\/www.leeb-balkone.com\/app\/uploads\/2020\/07\/balkongelaender-alu-select-imola-2-2048x1367.jpg 2048w\" sizes=\"auto, (min-width: 1200px) 260px, (min-width: 1024px) 220px, (min-width: 640px) 465px, 768px\" \/>    \n                <\/figure>\n                        <\/div>\n            <p>Balkongel\u00e4nder in Holzoptik (Modell Imola)<\/p>        <\/div>\n                <\/div>\n\n              <div class=\"lg-load-more-wrapper\">\n            <div class=\"lg-load-more wp-block-button is-style-filled-secondary\">\n                <a href=\"#\" class=\"wp-block-button__link wp-element-button\" role=\"button\">\n                    Mehr laden                <\/a>\n            <\/div>\n        <\/div>\n          <\/div>\n    <\/section>\n\n\n\n<section class=\"wp-block-group alignfull has-white-background-color has-background has-global-padding is-layout-constrained wp-container-core-group-is-layout-9fa1424c wp-block-group-is-layout-constrained\" style=\"padding-top:0\">\n<div class=\"wp-block-columns is-style-offset m-split is-layout-flex wp-container-core-columns-is-layout-28f84493 wp-block-columns-is-layout-flex\">\n<div class=\"wp-block-column is-layout-flow wp-block-column-is-layout-flow\"><div class=\"vp-map-wrapper vp-map-ratio-19-1\"><img decoding=\"async\" width=\"2000\" height=\"1041\" src=\"https:\/\/www.leeb-balkone.com\/app\/uploads\/2026\/03\/map-de.jpg\" class=\"attachment-full size-full\" alt=\"Deutsche Map: Vertriebspartner (orange Pins) und Schaur\u00e4ume \/ Standorte (gr\u00fcne Pins) der Leeb Balkone GmbH in Deutschland\" style=\"width:100%;height:100%;object-fit:cover;display:block;\" loading=\"lazy\" srcset=\"https:\/\/www.leeb-balkone.com\/app\/uploads\/2026\/03\/map-de.jpg 2000w, https:\/\/www.leeb-balkone.com\/app\/uploads\/2026\/03\/map-de-300x156.jpg 300w, https:\/\/www.leeb-balkone.com\/app\/uploads\/2026\/03\/map-de-1024x533.jpg 1024w, https:\/\/www.leeb-balkone.com\/app\/uploads\/2026\/03\/map-de-768x400.jpg 768w, https:\/\/www.leeb-balkone.com\/app\/uploads\/2026\/03\/map-de-1536x799.jpg 1536w\" sizes=\"auto, (min-width: 1536px) 2048px, (min-width: 992px) 1536px, (min-width: 768px) 1024px, (min-width: 576px) 768px, 100vw\" \/><\/div>\n<\/div>\n\n\n\n<div class=\"wp-block-column is-vertically-aligned-center is-style-overlay-content is-layout-flow wp-block-column-is-layout-flow\">\n<div class=\"wp-block-group is-vertical is-layout-flex wp-container-core-group-is-layout-bd7877ba wp-block-group-is-layout-flex\">\n<h2 class=\"wp-block-heading has-step-2-font-size\">Vertriebspartner Deutschland<\/h2>\n\n\n\n<p>Kompetente LEEB Partner in Ihrer Region. Pers\u00f6nliche Beratung, pr\u00e4zise Planung und fachgerechte Montage \u2013 bundesweit.<\/p>\n\n\n\n<div class=\"wp-block-buttons is-layout-flex wp-block-buttons-is-layout-flex\" style=\"margin-top:var(--wp--preset--spacing--2-xs)\">\n<div class=\"wp-block-button is-style-cta\"><a class=\"wp-block-button__link has-transparent-background-color has-background wp-element-button\" href=\"https:\/\/www.leeb-balkone.com\/de\/vertriebspartner\/\">Vertriebspartner finden<span class=\"sr-only\"> Vertriebspartner Leeb Balkone Deutschland<\/span><\/a><\/div>\n<\/div>\n<\/div>\n<\/div>\n<\/div>\n<\/section>\n\n\n\n<section class=\"wp-block-group alignfull has-light-gray-background-color has-background has-global-padding is-layout-constrained wp-container-core-group-is-layout-52f96efc wp-block-group-is-layout-constrained\" id=\"beratungstermin\">\n<div class=\"wp-block-group m-teaser o-grid u-md-1 is-layout-flow wp-block-group-is-layout-flow\">\n<div class=\"wp-block-group u-g-7 u-g-s-2 is-layout-flow wp-block-group-is-layout-flow\" style=\"margin-bottom:var(--wp--preset--spacing--s)\">\n<h2 class=\"wp-block-heading\">Kontaktieren Sie uns<\/h2>\n\n\n\n<p><strong><strong>Sie planen ein Projekt oder haben Fragen zu uns und unseren L\u00f6sungen? Schreiben Sie uns einfach &#8211; wir nehmen uns gerne Zeit f\u00fcr Ihr Anliegen!<\/strong><\/strong><\/p>\n<\/div>\n<\/div>\n\n\n\n<div class=\"wp-block-group m-teaser o-grid u-md-1 is-layout-flow wp-block-group-is-layout-flow\">\n<div class=\"wp-block-group u-g-7 u-g-s-2 is-layout-flow wp-block-group-is-layout-flow\" style=\"margin-bottom:var(--wp--preset--spacing--s)\"><form action=\"https:\/\/www.leeb-balkone.com\/de\/wp-json\/ws-form\/v1\/submit\" class=\"wsf-form wsf-form-canvas\" id=\"ws-form-1\" data-id=\"4\" data-instance-id=\"1\" method=\"POST\"><\/form>\n<\/div>\n\n\n\n<div class=\"wp-block-group u-g-3 u-g-s-9 is-layout-flow wp-block-group-is-layout-flow\"><div class=\"t3-sidebar-buttons wp-block-buttons is-layout-flex wp-block-buttons-is-layout-flex\"><div class=\"wp-block-button is-style-fill icon-book icon-left\">\n                        <a class=\"wp-block-button__link has-secondary-color has-white-background-color has-text-color has-background has-link-color wp-element-button\" href=\"https:\/\/www.leeb-balkone.com\/de\/kontakt\/katalog-anfordern\/\" style=\"box-shadow:var(--wp--preset--shadow--box-shadow)\">Katalog anfordern<\/a>\n                    <\/div><div class=\"wp-block-button is-style-fill icon-phone-new icon-left\">\n                        <a class=\"wp-block-button__link has-secondary-color has-white-background-color has-text-color has-background has-link-color wp-element-button\" href=\"tel:08001801003\">Hotline Deutschland <span class=\"sr-only\">Hotline: 0800 1801003 (Deutschlandweit kostenlos)<\/span><\/a>\n                    <\/div><\/div>\n<\/div>\n<\/div>\n<\/section>\n","protected":false},"excerpt":{"rendered":"","protected":false},"author":1,"featured_media":58662,"parent":19947,"menu_order":1,"comment_status":"closed","ping_status":"closed","template":"template-onepager.blade.php","meta":{"_acf_changed":false,"footnotes":"","_sage_theme_css":true,"_wp_block_core_css":true},"folder":[244],"class_list":["post-411","page","type-page","status-publish","has-post-thumbnail","hentry"],"acf":[],"yoast_head":"<!-- This site is optimized with the Yoast SEO plugin v27.2 - https:\/\/yoast.com\/product\/yoast-seo-wordpress\/ -->\n<title>Balkongel\u00e4nder aus Aluminium \u00bb Alubalkon - Leeb Balkone Deutschland<\/title>\n<meta name=\"description\" content=\"Alu Balkongel\u00e4nder von Leeb: Wartungsfrei \u2713 Kratzfest \u2713 UV-stabil \u2713 Hochwetterfest *** Patentierte Pulverbeschichtung ALU COMFORT PLUS\u00ae\" \/>\n<meta name=\"robots\" content=\"index, follow, max-snippet:-1, max-image-preview:large, max-video-preview:-1\" \/>\n<meta property=\"og:locale\" content=\"de_DE\" \/>\n<meta property=\"og:type\" content=\"article\" \/>\n<meta property=\"og:title\" content=\"Balkongel\u00e4nder aus Aluminium \u00bb Alubalkon - Leeb Balkone\" \/>\n<meta property=\"og:description\" content=\"Alu Balkongel\u00e4nder von Leeb: Wartungsfrei \u2713 Kratzfest \u2713 UV-stabil \u2713 Hochwetterfest *** Patentierte Pulverbeschichtung ALU COMFORT PLUS\u00ae\" \/>\n<meta property=\"og:url\" content=\"https:\/\/www.leeb-balkone.com\/de\/produkte\/balkongelaender-alu\/\" \/>\n<meta property=\"og:site_name\" content=\"Leeb Balkone\" \/>\n<meta property=\"article:publisher\" content=\"https:\/\/www.facebook.com\/balkone\/\" \/>\n<meta property=\"article:modified_time\" content=\"2026-05-01T16:11:27+00:00\" \/>\n<meta property=\"og:image\" content=\"https:\/\/www.leeb-balkone.com\/app\/uploads\/2021\/10\/balkongelaender-alu-design-barcelona-18aaa-scaled.jpg\" \/>\n\t<meta property=\"og:image:width\" content=\"2560\" \/>\n\t<meta property=\"og:image:height\" content=\"1701\" \/>\n\t<meta property=\"og:image:type\" content=\"image\/jpeg\" \/>\n<meta name=\"twitter:card\" content=\"summary_large_image\" \/>\n<script type=\"application\/ld+json\" class=\"yoast-schema-graph\">{\"@context\":\"https:\/\/schema.org\",\"@graph\":[{\"@type\":\"WebPage\",\"@id\":\"https:\/\/www.leeb-balkone.com\/de\/balkongelaender\/balkongelaender-alu\/\",\"url\":\"https:\/\/www.leeb-balkone.com\/de\/produkte\/balkongelaender-alu\/\",\"name\":\"Balkongel\u00e4nder aus Aluminium \u00bb Alubalkon - Leeb Balkone\",\"isPartOf\":{\"@id\":\"https:\/\/www.leeb-balkone.com\/de\/#website\"},\"primaryImageOfPage\":{\"@id\":\"https:\/\/www.leeb-balkone.com\/de\/produkte\/balkongelaender-alu\/#primaryimage\"},\"image\":{\"@id\":\"https:\/\/www.leeb-balkone.com\/de\/produkte\/balkongelaender-alu\/#primaryimage\"},\"thumbnailUrl\":\"https:\/\/www.leeb-balkone.com\/app\/uploads\/2021\/10\/balkongelaender-alu-design-barcelona-18aaa-scaled.jpg\",\"datePublished\":\"2020-04-13T17:44:22+00:00\",\"dateModified\":\"2026-05-01T16:11:27+00:00\",\"description\":\"Alu Balkongel\u00e4nder von Leeb: Wartungsfrei \u2713 Kratzfest \u2713 UV-stabil \u2713 Hochwetterfest *** Patentierte Pulverbeschichtung ALU COMFORT PLUS\u00ae\",\"breadcrumb\":{\"@id\":\"https:\/\/www.leeb-balkone.com\/de\/produkte\/balkongelaender-alu\/#breadcrumb\"},\"inLanguage\":\"de\",\"potentialAction\":[{\"@type\":\"ReadAction\",\"target\":[\"https:\/\/www.leeb-balkone.com\/de\/produkte\/balkongelaender-alu\/\"]}]},{\"@type\":\"ImageObject\",\"inLanguage\":\"de\",\"@id\":\"https:\/\/www.leeb-balkone.com\/de\/produkte\/balkongelaender-alu\/#primaryimage\",\"url\":\"https:\/\/www.leeb-balkone.com\/app\/uploads\/2021\/10\/balkongelaender-alu-design-barcelona-18aaa-scaled.jpg\",\"contentUrl\":\"https:\/\/www.leeb-balkone.com\/app\/uploads\/2021\/10\/balkongelaender-alu-design-barcelona-18aaa-scaled.jpg\",\"width\":2560,\"height\":1701,\"caption\":\"Balkongel\u00e4nder Alu - Gel\u00e4nder aus Aluminium von Leeb Balkone\"},{\"@type\":\"BreadcrumbList\",\"@id\":\"https:\/\/www.leeb-balkone.com\/de\/produkte\/balkongelaender-alu\/#breadcrumb\",\"itemListElement\":[{\"@type\":\"ListItem\",\"position\":1,\"name\":\"Home\",\"item\":\"https:\/\/www.leeb-balkone.com\/de\/\"},{\"@type\":\"ListItem\",\"position\":2,\"name\":\"Balkongel\u00e4nder\",\"item\":\"https:\/\/www.leeb-balkone.com\/de\/balkongelaender\/\"},{\"@type\":\"ListItem\",\"position\":3,\"name\":\"Balkongel\u00e4nder Alu\"}]},{\"@type\":\"WebSite\",\"@id\":\"https:\/\/www.leeb-balkone.com\/de\/#website\",\"url\":\"https:\/\/www.leeb-balkone.com\/de\/\",\"name\":\"Leeb Balkone\",\"description\":\"Balkone und Z\u00e4une\",\"publisher\":{\"@id\":\"https:\/\/www.leeb-balkone.com\/de\/#organization\"},\"potentialAction\":[{\"@type\":\"SearchAction\",\"target\":{\"@type\":\"EntryPoint\",\"urlTemplate\":\"https:\/\/www.leeb-balkone.com\/de\/?s={search_term_string}\"},\"query-input\":{\"@type\":\"PropertyValueSpecification\",\"valueRequired\":true,\"valueName\":\"search_term_string\"}}],\"inLanguage\":\"de\"},{\"@type\":\"Organization\",\"@id\":\"https:\/\/www.leeb-balkone.com\/de\/#organization\",\"name\":\"Leeb Balkone Gmbh\",\"url\":\"https:\/\/www.leeb-balkone.com\/de\/\",\"logo\":{\"@type\":\"ImageObject\",\"inLanguage\":\"de\",\"@id\":\"https:\/\/www.leeb-balkone.com\/de\/#\/schema\/logo\/image\/\",\"url\":\"https:\/\/www.leeb-balkone.com\/app\/uploads\/2020\/11\/leeb-logo.svg\",\"contentUrl\":\"https:\/\/www.leeb-balkone.com\/app\/uploads\/2020\/11\/leeb-logo.svg\",\"width\":741,\"height\":204,\"caption\":\"Leeb Balkone Gmbh\"},\"image\":{\"@id\":\"https:\/\/www.leeb-balkone.com\/de\/#\/schema\/logo\/image\/\"},\"sameAs\":[\"https:\/\/www.facebook.com\/balkone\/\",\"https:\/\/www.trustedshops.at\/bewertung\/info_X4587CCF5833E31AFE0B11F47D86999F2.html\",\"https:\/\/www.trustedshops.de\/bewertung\/info_X7BA536A7A0BDC86D36C4718E4DCAEEEF.html\",\"https:\/\/www.google.com\/maps\/place\/?q=place_id:ChIJ5-zH19-IcEcR9HonWRTllHI\"]}]}<\/script>\n<!-- \/ Yoast SEO plugin. -->","yoast_head_json":{"title":"Balkongel\u00e4nder aus Aluminium \u00bb Alubalkon - Leeb Balkone Deutschland","description":"Alu Balkongel\u00e4nder von Leeb: Wartungsfrei \u2713 Kratzfest \u2713 UV-stabil \u2713 Hochwetterfest *** Patentierte Pulverbeschichtung ALU COMFORT PLUS\u00ae","robots":{"index":"index","follow":"follow","max-snippet":"max-snippet:-1","max-image-preview":"max-image-preview:large","max-video-preview":"max-video-preview:-1"},"og_locale":"de_DE","og_type":"article","og_title":"Balkongel\u00e4nder aus Aluminium \u00bb Alubalkon - Leeb Balkone","og_description":"Alu Balkongel\u00e4nder von Leeb: Wartungsfrei \u2713 Kratzfest \u2713 UV-stabil \u2713 Hochwetterfest *** Patentierte Pulverbeschichtung ALU COMFORT PLUS\u00ae","og_url":"https:\/\/www.leeb-balkone.com\/de\/produkte\/balkongelaender-alu\/","og_site_name":"Leeb Balkone","article_publisher":"https:\/\/www.facebook.com\/balkone\/","article_modified_time":"2026-05-01T16:11:27+00:00","og_image":[{"width":2560,"height":1701,"url":"https:\/\/www.leeb-balkone.com\/app\/uploads\/2021\/10\/balkongelaender-alu-design-barcelona-18aaa-scaled.jpg","type":"image\/jpeg"}],"twitter_card":"summary_large_image","schema":{"@context":"https:\/\/schema.org","@graph":[{"@type":"WebPage","@id":"https:\/\/www.leeb-balkone.com\/de\/balkongelaender\/balkongelaender-alu\/","url":"https:\/\/www.leeb-balkone.com\/de\/produkte\/balkongelaender-alu\/","name":"Balkongel\u00e4nder aus Aluminium \u00bb Alubalkon - Leeb Balkone","isPartOf":{"@id":"https:\/\/www.leeb-balkone.com\/de\/#website"},"primaryImageOfPage":{"@id":"https:\/\/www.leeb-balkone.com\/de\/produkte\/balkongelaender-alu\/#primaryimage"},"image":{"@id":"https:\/\/www.leeb-balkone.com\/de\/produkte\/balkongelaender-alu\/#primaryimage"},"thumbnailUrl":"https:\/\/www.leeb-balkone.com\/app\/uploads\/2021\/10\/balkongelaender-alu-design-barcelona-18aaa-scaled.jpg","datePublished":"2020-04-13T17:44:22+00:00","dateModified":"2026-05-01T16:11:27+00:00","description":"Alu Balkongel\u00e4nder von Leeb: Wartungsfrei \u2713 Kratzfest \u2713 UV-stabil \u2713 Hochwetterfest *** Patentierte Pulverbeschichtung ALU COMFORT PLUS\u00ae","breadcrumb":{"@id":"https:\/\/www.leeb-balkone.com\/de\/produkte\/balkongelaender-alu\/#breadcrumb"},"inLanguage":"de","potentialAction":[{"@type":"ReadAction","target":["https:\/\/www.leeb-balkone.com\/de\/produkte\/balkongelaender-alu\/"]}]},{"@type":"ImageObject","inLanguage":"de","@id":"https:\/\/www.leeb-balkone.com\/de\/produkte\/balkongelaender-alu\/#primaryimage","url":"https:\/\/www.leeb-balkone.com\/app\/uploads\/2021\/10\/balkongelaender-alu-design-barcelona-18aaa-scaled.jpg","contentUrl":"https:\/\/www.leeb-balkone.com\/app\/uploads\/2021\/10\/balkongelaender-alu-design-barcelona-18aaa-scaled.jpg","width":2560,"height":1701,"caption":"Balkongel\u00e4nder Alu - Gel\u00e4nder aus Aluminium von Leeb Balkone"},{"@type":"BreadcrumbList","@id":"https:\/\/www.leeb-balkone.com\/de\/produkte\/balkongelaender-alu\/#breadcrumb","itemListElement":[{"@type":"ListItem","position":1,"name":"Home","item":"https:\/\/www.leeb-balkone.com\/de\/"},{"@type":"ListItem","position":2,"name":"Balkongel\u00e4nder","item":"https:\/\/www.leeb-balkone.com\/de\/balkongelaender\/"},{"@type":"ListItem","position":3,"name":"Balkongel\u00e4nder Alu"}]},{"@type":"WebSite","@id":"https:\/\/www.leeb-balkone.com\/de\/#website","url":"https:\/\/www.leeb-balkone.com\/de\/","name":"Leeb Balkone","description":"Balkone und Z\u00e4une","publisher":{"@id":"https:\/\/www.leeb-balkone.com\/de\/#organization"},"potentialAction":[{"@type":"SearchAction","target":{"@type":"EntryPoint","urlTemplate":"https:\/\/www.leeb-balkone.com\/de\/?s={search_term_string}"},"query-input":{"@type":"PropertyValueSpecification","valueRequired":true,"valueName":"search_term_string"}}],"inLanguage":"de"},{"@type":"Organization","@id":"https:\/\/www.leeb-balkone.com\/de\/#organization","name":"Leeb Balkone Gmbh","url":"https:\/\/www.leeb-balkone.com\/de\/","logo":{"@type":"ImageObject","inLanguage":"de","@id":"https:\/\/www.leeb-balkone.com\/de\/#\/schema\/logo\/image\/","url":"https:\/\/www.leeb-balkone.com\/app\/uploads\/2020\/11\/leeb-logo.svg","contentUrl":"https:\/\/www.leeb-balkone.com\/app\/uploads\/2020\/11\/leeb-logo.svg","width":741,"height":204,"caption":"Leeb Balkone Gmbh"},"image":{"@id":"https:\/\/www.leeb-balkone.com\/de\/#\/schema\/logo\/image\/"},"sameAs":["https:\/\/www.facebook.com\/balkone\/","https:\/\/www.trustedshops.at\/bewertung\/info_X4587CCF5833E31AFE0B11F47D86999F2.html","https:\/\/www.trustedshops.de\/bewertung\/info_X7BA536A7A0BDC86D36C4718E4DCAEEEF.html","https:\/\/www.google.com\/maps\/place\/?q=place_id:ChIJ5-zH19-IcEcR9HonWRTllHI"]}]}},"_links":{"self":[{"href":"https:\/\/www.leeb-balkone.com\/de\/wp-json\/wp\/v2\/pages\/411","targetHints":{"allow":["GET"]}}],"collection":[{"href":"https:\/\/www.leeb-balkone.com\/de\/wp-json\/wp\/v2\/pages"}],"about":[{"href":"https:\/\/www.leeb-balkone.com\/de\/wp-json\/wp\/v2\/types\/page"}],"author":[{"embeddable":true,"href":"https:\/\/www.leeb-balkone.com\/de\/wp-json\/wp\/v2\/users\/1"}],"replies":[{"embeddable":true,"href":"https:\/\/www.leeb-balkone.com\/de\/wp-json\/wp\/v2\/comments?post=411"}],"version-history":[{"count":87,"href":"https:\/\/www.leeb-balkone.com\/de\/wp-json\/wp\/v2\/pages\/411\/revisions"}],"predecessor-version":[{"id":168696,"href":"https:\/\/www.leeb-balkone.com\/de\/wp-json\/wp\/v2\/pages\/411\/revisions\/168696"}],"up":[{"embeddable":true,"href":"https:\/\/www.leeb-balkone.com\/de\/wp-json\/wp\/v2\/pages\/19947"}],"wp:featuredmedia":[{"embeddable":true,"href":"https:\/\/www.leeb-balkone.com\/de\/wp-json\/wp\/v2\/media\/58662"}],"wp:attachment":[{"href":"https:\/\/www.leeb-balkone.com\/de\/wp-json\/wp\/v2\/media?parent=411"}],"wp:term":[{"taxonomy":"folder","embeddable":true,"href":"https:\/\/www.leeb-balkone.com\/de\/wp-json\/wp\/v2\/folder?post=411"}],"curies":[{"name":"wp","href":"https:\/\/api.w.org\/{rel}","templated":true}]}}