{"id":29985,"date":"2021-03-19T13:43:32","date_gmt":"2021-03-19T13:43:32","guid":{"rendered":"https:\/\/www.leeb-balkone.com\/de\/lehre-technisches-zeichnen\/"},"modified":"2026-01-13T13:18:34","modified_gmt":"2026-01-13T13:18:34","slug":"lehre-technisches-zeichnen","status":"publish","type":"page","link":"https:\/\/www.leeb-balkone.com\/de\/lehre-technisches-zeichnen\/","title":{"rendered":"Lehre Technisches Zeichnen"},"content":{"rendered":"<header class=\"wp-block-group alignfull t3-header u-max-wide t3-header-text has-white-background-color has-background has-global-padding is-layout-constrained wp-block-group-is-layout-constrained\">\n    <div class=\"wp-block-group o-grid u-md-1 u-sm-1 is-layout-flow wp-block-group-is-layout-flow\">\n  <div class=\"wp-block-group u-g-10 u-g-s-2\">\n      <div class=\"yoast-breadcrumbs\"><span><span><a href=\"https:\/\/www.leeb-balkone.com\/de\/\">Home<\/a><\/span><\/span><\/div>\n      \n    <h1>Lehre Technisches Zeichnen<\/h1><h2 class=\"wp-block-heading is-style-subtitle\">Technisches Zeichnen &#8211; Lehre bei Leeb<\/h2>\n  <\/div>\n<\/div>\n  <\/header>\n\n\n\n\n\n\n\n<section id=\"first-section\" class=\"wp-block-cgb-t3-section-block alignfull b-pt-none  is-style-bg-transparent\" style=\"display:inherit;min-height:inherit\">\n<div class=\"wp-block-cgb-t3-container-block none\" style=\"background-color:none\"><div class=\"grid-container\"><div class=\"grid-x\"><div class=\"cell small-12 medium-9 large-0 medium-offset-1 b-has-lsmb\">\n<h3 class=\"wp-block-heading\">Deine Aufgabenbereiche:<\/h3>\n\n\n\n<ul class=\"wp-block-list\">\n<li>Als <strong>technische Zeichnerin \/ technischer Zeichner<\/strong> befindet sich dein Arbeitsplatz  in unseren modernen Konstruktionsb\u00fcros.<\/li>\n\n\n\n<li>Du erstellst du \u00dcbersichts- und Detailzeichnungen von unseren Balkonen, Z\u00e4unen und \u00dcberdachungen.<\/li>\n\n\n\n<li>Im Zeichenprogramm AUTO CAD zeichnest du Produktionspl\u00e4ne in 2D und 3D und f\u00fchrst technische Abkl\u00e4rungsgespr\u00e4che mit unseren Kunden und Vertriebspartnern.<\/li>\n<\/ul>\n\n\n\n<p><\/p>\n<\/div><\/div><\/div><\/div>\n\n\n\n<div class=\"wp-block-cgb-t3-container-block none\" style=\"background-color:none\"><div class=\"grid-container\"><div class=\"grid-x\"><div class=\"cell small-12 medium-0 large-0 b-has-pt b-has-lsmb\"><div class=\"b-sps l-mbxl\" id=\"\">\n      <div class=\"grid-x\">\n              <div class=\"cell b-sps__bgimg lazyload bgx-center bgy-center small-12 medium-6 small-order-1 medium-order-1\">\n          \n            <img loading=\"lazy\" decoding=\"async\" width=\"767\" height=\"1024\" src=\"https:\/\/www.leeb-balkone.com\/app\/uploads\/2020\/09\/leeb-balkone-mitarbeiter-767x1024.jpg\" class=\"attachment-large size-large\" alt=\"Karriere bei Leeb Balkone\" srcset=\"https:\/\/www.leeb-balkone.com\/app\/uploads\/2020\/09\/leeb-balkone-mitarbeiter-767x1024.jpg 767w, https:\/\/www.leeb-balkone.com\/app\/uploads\/2020\/09\/leeb-balkone-mitarbeiter-225x300.jpg 225w, https:\/\/www.leeb-balkone.com\/app\/uploads\/2020\/09\/leeb-balkone-mitarbeiter-768x1025.jpg 768w, https:\/\/www.leeb-balkone.com\/app\/uploads\/2020\/09\/leeb-balkone-mitarbeiter-1151x1536.jpg 1151w, https:\/\/www.leeb-balkone.com\/app\/uploads\/2020\/09\/leeb-balkone-mitarbeiter-1534x2048.jpg 1534w, https:\/\/www.leeb-balkone.com\/app\/uploads\/2020\/09\/leeb-balkone-mitarbeiter.jpg 1873w\" sizes=\"auto, (min-width: 1200px) 1024px, (min-width: 1024px) 768px, (min-width: 640px) 768px, 768px\" \/>        <\/div>\n            <div class=\"cell b-sps__cont  small-12 medium-6 small-order-2 medium-order-2 offset\">\n        <div class=\"b-sps__inner-cont  bg--lightgray pdd\">\n          <h3>Facts:<\/h3>\n<ul id=\"block-db18586c-5dac-4d7a-8c02-600b13e7538d\" class=\"block-editor-rich-text__editable block-editor-block-list__block wp-block is-selected rich-text\" tabindex=\"0\" role=\"group\" contenteditable=\"true\" aria-multiline=\"true\" aria-label=\"Block: List\" data-block=\"db18586c-5dac-4d7a-8c02-600b13e7538d\" data-type=\"core\/list\" data-title=\"List\">\n<li>Lehrzeit 3,5 Jahre<\/li>\n<li>Bezahlung im 1. Lehrjahr ab \u20ac 1050,- brutto<\/li>\n<li>Lehrzeitbeginn nach Sommerurlaub (Ende August)<\/li>\n<li>Schriftliche Bewerbung mit Lebenslauf und Semesterzeugnis (Schulnachricht) bis sp\u00e4testens Ende Februar<\/li>\n<li>Einladung zum Vorstellungsgespr\u00e4ch: Betriebsbesichtigung und kleiner Aufnahmetest<\/li>\n<li>Entscheidung bis sp\u00e4t. April \u00fcber Aufnahme<\/li>\n<li>Terminvereinbarung f\u00fcr ein Schnuppern jederzeit m\u00f6glich<\/li>\n<\/ul>\n<p><a href=\"\/app\/uploads\/2021\/03\/lehre-bei-leeb-technisches-zeichnen.pdf\">Facts zum Download<\/a><\/p>\n\n        <\/div>\n      <\/div>\n    <\/div>\n  <\/div>\n\n\n<div class=\"b-sps l-mbxl\" id=\"\">\n      <div class=\"grid-x\">\n              <div class=\"cell b-sps__bgimg lazyload bgx-center bgy-center small-12 medium-6 small-order-1 medium-order-2\">\n          \n            <img loading=\"lazy\" decoding=\"async\" width=\"1024\" height=\"640\" src=\"https:\/\/www.leeb-balkone.com\/app\/uploads\/2020\/08\/leeb-balkone-firmengelaende-2-1024x640.jpg\" class=\"attachment-large size-large\" alt=\"Neue Glashalle der Firma Leeb Balkone in den K\u00e4rntner Nockbergen\" srcset=\"https:\/\/www.leeb-balkone.com\/app\/uploads\/2020\/08\/leeb-balkone-firmengelaende-2-1024x640.jpg 1024w, https:\/\/www.leeb-balkone.com\/app\/uploads\/2020\/08\/leeb-balkone-firmengelaende-2-300x188.jpg 300w, https:\/\/www.leeb-balkone.com\/app\/uploads\/2020\/08\/leeb-balkone-firmengelaende-2-768x480.jpg 768w, https:\/\/www.leeb-balkone.com\/app\/uploads\/2020\/08\/leeb-balkone-firmengelaende-2-1536x960.jpg 1536w, https:\/\/www.leeb-balkone.com\/app\/uploads\/2020\/08\/leeb-balkone-firmengelaende-2-2048x1280.jpg 2048w\" sizes=\"auto, (min-width: 1200px) 1024px, (min-width: 1024px) 768px, (min-width: 640px) 768px, 768px\" \/>        <\/div>\n            <div class=\"cell b-sps__cont  small-12 medium-6 small-order-2 medium-order-1 offset\">\n        <div class=\"b-sps__inner-cont  bg--lightgray pdd\">\n          <h3>Verl\u00e4sslicher Arbeitgeber in der Region<\/h3>\n<p>Seit \u00fcber 60 Jahren f\u00f6rdert Leeb Balkone Karriere und ist an den Standorten Gnesau und Krumpendorf ein verl\u00e4sslicher Arbeitgeber in der Region. Europas Marktf\u00fchrer bei Balkonen und Z\u00e4unen ist laufend auf der Suche nach neuen Talenten und erm\u00f6glicht Lehrlingen eine bestm\u00f6gliche zukunftssichere Ausbildung.<\/p>\n\n        <\/div>\n      <\/div>\n    <\/div>\n  <\/div>\n<\/div><\/div><\/div><\/div>\n<\/section>\n\n\n\n<section class=\"wp-block-cgb-t3-section-block alignfull b-pt-none  is-style-bg-transparent\" style=\"display:inherit;min-height:inherit\">\n<div class=\"wp-block-cgb-t3-container-block b-has-offset-b\" style=\"background-color:#EE7203\"><div class=\"has-padding none grid-container-wrapper\"><div class=\"grid-container\"><div class=\"grid-x\"><div class=\"cell small-12 medium-9 large-0 medium-offset-1 b-has-lsmb\">\n<h2 class=\"wp-block-heading has-white-color has-text-color\"><span class=\"h2ash1\">KARRIERE BEI LEEB BALKONE<\/span><\/h2>\n\n\n\n<p class=\"has-white-color has-text-color\"><span class=\"teaser\">Wir garantieren eine hohe Arbeitsplatzsicherheit in einem sehr erfolgreichen Familienunternehmen mit langer Tradition.<\/span><\/p>\n<\/div><\/div><\/div><\/div><\/div>\n\n\n\n<div class=\"wp-block-cgb-t3-container-block none\" style=\"background-color:none\"><div class=\"grid-container\"><div class=\"grid-x\"><div class=\"cell small-12 medium-12 large-0\"><div class=\"u-grid-temp has-2-cols u-md-2 u-sm-1 is-style-transparent-cards offset wp-block-group is-layout-grid wp-block-group-is-layout-grid\">\n\n\n  \n\n            <div class=\"wp-block-group m-card is-layout-flow wp-block-group-is-layout-flow\">\n      <figure data-imgid=\"9156\" class=\"wp-block-image size-large\">\n      <a href=\"https:\/\/www.leeb-balkone.com\/de\/karriere-bei-leeb\/leeb-inside\/\" class=\"no-default-link\">\n        <img decoding=\"async\" width=\"768\" height=\"480\" src=\"https:\/\/www.leeb-balkone.com\/app\/uploads\/2020\/10\/firmengelaende-der-leeb-balkone-gmbh-2020-768x480.jpg\" class=\"attachment-medium_large size-medium_large\" alt=\"Leeb Balkone Firmengel\u00e4nde im oberen Gurktal\" title=\"Leeb Inside\" loading=\"lazy\" srcset=\"https:\/\/www.leeb-balkone.com\/app\/uploads\/2020\/10\/firmengelaende-der-leeb-balkone-gmbh-2020-768x480.jpg 768w, https:\/\/www.leeb-balkone.com\/app\/uploads\/2020\/10\/firmengelaende-der-leeb-balkone-gmbh-2020-300x188.jpg 300w, https:\/\/www.leeb-balkone.com\/app\/uploads\/2020\/10\/firmengelaende-der-leeb-balkone-gmbh-2020-1024x640.jpg 1024w, https:\/\/www.leeb-balkone.com\/app\/uploads\/2020\/10\/firmengelaende-der-leeb-balkone-gmbh-2020-1536x960.jpg 1536w, https:\/\/www.leeb-balkone.com\/app\/uploads\/2020\/10\/firmengelaende-der-leeb-balkone-gmbh-2020-2048x1280.jpg 2048w\" sizes=\"auto, (min-width: 1200px) 360px, (min-width: 1024px) 300px, (min-width: 640px) 768px, 768px\" \/>      <\/a>\n    <\/figure>\n  \n  <div class=\"wp-block-group m-card-content is-vertical is-layout-flex wp-block-group-is-layout-flex\">\n            <h3 class=\"wp-block-heading\">\n          <a href=\"https:\/\/www.leeb-balkone.com\/de\/karriere-bei-leeb\/leeb-inside\/\" class=\"no-default-link\">Leeb Inside<\/a>\n        <\/h3>\n        <p>Wir besch\u00e4ftigen an den Standorten Gnesau und Krumpendorf \u00fcber 200 Mitarbeiter. Dabei wird gro\u00dfer Wert auf ein gutes Betriebsklima und einen wertsch\u00e4tzenden Umgang gelegt.<\/p>\n          <a href=\"https:\/\/www.leeb-balkone.com\/de\/karriere-bei-leeb\/leeb-inside\/\" class=\"more\">mehr erfahren<\/a>\n      <\/div>\n<\/div>\n\n          <div class=\"wp-block-group m-card is-layout-flow wp-block-group-is-layout-flow\">\n      <figure data-imgid=\"6173\" class=\"wp-block-image size-large\">\n      <a href=\"https:\/\/www.leeb-balkone.com\/de\/karriere-bei-leeb\/leebcard\/\" class=\"no-default-link\">\n        <img decoding=\"async\" width=\"768\" height=\"490\" src=\"https:\/\/www.leeb-balkone.com\/app\/uploads\/2020\/08\/alu-leeb-balkone-leeb-card-768x490.jpg\" class=\"attachment-medium_large size-medium_large\" alt=\"Leeb Card f\u00fcr alle Leeb Mitarbeiter\" title=\"Leeb Card\" loading=\"lazy\" srcset=\"https:\/\/www.leeb-balkone.com\/app\/uploads\/2020\/08\/alu-leeb-balkone-leeb-card-768x490.jpg 768w, https:\/\/www.leeb-balkone.com\/app\/uploads\/2020\/08\/alu-leeb-balkone-leeb-card-300x191.jpg 300w, https:\/\/www.leeb-balkone.com\/app\/uploads\/2020\/08\/alu-leeb-balkone-leeb-card-1024x654.jpg 1024w, https:\/\/www.leeb-balkone.com\/app\/uploads\/2020\/08\/alu-leeb-balkone-leeb-card-1536x980.jpg 1536w, https:\/\/www.leeb-balkone.com\/app\/uploads\/2020\/08\/alu-leeb-balkone-leeb-card.jpg 1880w\" sizes=\"auto, (min-width: 1200px) 360px, (min-width: 1024px) 300px, (min-width: 640px) 768px, 768px\" \/>      <\/a>\n    <\/figure>\n  \n  <div class=\"wp-block-group m-card-content is-vertical is-layout-flex wp-block-group-is-layout-flex\">\n            <h3 class=\"wp-block-heading\">\n          <a href=\"https:\/\/www.leeb-balkone.com\/de\/karriere-bei-leeb\/leebcard\/\" class=\"no-default-link\">Leeb Card<\/a>\n        <\/h3>\n        <p>Als Leeb-Mitarbeiter kaufen Sie mit der Leeb Card verg\u00fcnstigt in vielen, regionalen Gesch\u00e4ften ein. Hier geht&#8217;s zu den Leeb-Partnerbetrieben.<\/p>\n          <a href=\"https:\/\/www.leeb-balkone.com\/de\/karriere-bei-leeb\/leebcard\/\" class=\"more\">mehr erfahren<\/a>\n      <\/div>\n<\/div>\n\n          <div class=\"wp-block-group m-card is-layout-flow wp-block-group-is-layout-flow\">\n      <figure data-imgid=\"127802\" class=\"wp-block-image size-large\">\n      <a href=\"https:\/\/www.leeb-balkone.com\/de\/karriere-bei-leeb\/\" class=\"no-default-link\">\n        <img decoding=\"async\" width=\"768\" height=\"609\" src=\"https:\/\/www.leeb-balkone.com\/app\/uploads\/2023\/05\/karriere-mit-leeb-768x609.jpg\" class=\"attachment-medium_large size-medium_large\" alt=\"karriere mit leeb\" title=\"Karriere bei Leeb\" loading=\"lazy\" srcset=\"https:\/\/www.leeb-balkone.com\/app\/uploads\/2023\/05\/karriere-mit-leeb-768x609.jpg 768w, https:\/\/www.leeb-balkone.com\/app\/uploads\/2023\/05\/karriere-mit-leeb-300x238.jpg 300w, https:\/\/www.leeb-balkone.com\/app\/uploads\/2023\/05\/karriere-mit-leeb-1024x812.jpg 1024w, https:\/\/www.leeb-balkone.com\/app\/uploads\/2023\/05\/karriere-mit-leeb-1536x1218.jpg 1536w, https:\/\/www.leeb-balkone.com\/app\/uploads\/2023\/05\/karriere-mit-leeb-2048x1624.jpg 2048w\" sizes=\"auto, (min-width: 1200px) 360px, (min-width: 1024px) 300px, (min-width: 640px) 768px, 768px\" \/>      <\/a>\n    <\/figure>\n  \n  <div class=\"wp-block-group m-card-content is-vertical is-layout-flex wp-block-group-is-layout-flex\">\n            <h3 class=\"wp-block-heading\">\n          <a href=\"https:\/\/www.leeb-balkone.com\/de\/karriere-bei-leeb\/\" class=\"no-default-link\">Karriere bei Leeb<\/a>\n        <\/h3>\n        <p>Seit \u00fcber 60 Jahren f\u00f6rdert Leeb Balkone Karriere. Heute machen rund 200 Mitarbeiter am K\u00e4rntner Standort Leeb zu Europas f\u00fchrendem Balkonhersteller.<\/p>\n          <a href=\"https:\/\/www.leeb-balkone.com\/de\/karriere-bei-leeb\/\" class=\"more\">Karriere bei Leeb<\/a>\n      <\/div>\n<\/div>\n\n          <div class=\"wp-block-group m-card is-layout-flow wp-block-group-is-layout-flow\">\n      <figure data-imgid=\"6147\" class=\"wp-block-image size-large\">\n      <a href=\"https:\/\/www.leeb-balkone.com\/de\/ueber-leeb\/\" class=\"no-default-link\">\n        <img decoding=\"async\" width=\"768\" height=\"512\" src=\"https:\/\/www.leeb-balkone.com\/app\/uploads\/2020\/08\/alu-balkongelaender-slider-15-768x512.jpg\" class=\"attachment-medium_large size-medium_large\" alt=\"alu balkongelaender slider 15\" title=\"\u00dcber Leeb\" loading=\"lazy\" srcset=\"https:\/\/www.leeb-balkone.com\/app\/uploads\/2020\/08\/alu-balkongelaender-slider-15-768x512.jpg 768w, https:\/\/www.leeb-balkone.com\/app\/uploads\/2020\/08\/alu-balkongelaender-slider-15-300x200.jpg 300w, https:\/\/www.leeb-balkone.com\/app\/uploads\/2020\/08\/alu-balkongelaender-slider-15-1024x683.jpg 1024w, https:\/\/www.leeb-balkone.com\/app\/uploads\/2020\/08\/alu-balkongelaender-slider-15-1536x1024.jpg 1536w, https:\/\/www.leeb-balkone.com\/app\/uploads\/2020\/08\/alu-balkongelaender-slider-15-2048x1366.jpg 2048w\" sizes=\"auto, (min-width: 1200px) 360px, (min-width: 1024px) 300px, (min-width: 640px) 768px, 768px\" \/>      <\/a>\n    <\/figure>\n  \n  <div class=\"wp-block-group m-card-content is-vertical is-layout-flex wp-block-group-is-layout-flex\">\n            <h3 class=\"wp-block-heading\">\n          <a href=\"https:\/\/www.leeb-balkone.com\/de\/ueber-leeb\/\" class=\"no-default-link\">\u00dcber Leeb<\/a>\n        <\/h3>\n        <p>Mit \u00fcber 40-j\u00e4hriger Erfahrung in der Branche und mehr als 100.000 zufriedenen Kunden z\u00e4hlt die Firma Leeb Balkone zu Europas f\u00fchrenden Herstellern von Balkonen und Z\u00e4unen aus Aluminium.<\/p>\n          <a href=\"https:\/\/www.leeb-balkone.com\/de\/ueber-leeb\/\" class=\"more\">mehr erfahren<\/a>\n      <\/div>\n<\/div>\n\n      \n<\/div>\n\n\n\n<p><\/p>\n<\/div><\/div><\/div><\/div>\n<\/section>\n\n\n\n<section class=\"wp-block-cgb-t3-section-block alignfull b-pt-none\" style=\"display:inherit;background-color:#F5F5F5;min-height:inherit\">\n<div class=\"wp-block-cgb-t3-container-block b-has-offset-h\" style=\"background-color:none\"><div class=\"grid-container\"><div class=\"grid-x\"><div class=\"cell small-12 medium-6 large-0 medium-offset-1\">\n<h2 class=\"wp-block-heading\">Kontakt<\/h2>\n<\/div><\/div><\/div><\/div>\n\n\n<div class=\"c-person grid-x grid-margin-x\">\n  <div class=\"c-person__img cell small-12 medium-6\">\n      <div class=\"c-person__img-wrapper\">\n        \n          <img loading=\"lazy\" decoding=\"async\" src=\"https:\/\/www.leeb-balkone.com\/app\/uploads\/2020\/09\/Cornelia-Ortner-2.jpg\" class=\"h-rounded-img\" alt=\"Cornelia Ortner 2\" width=\"640\" height=\"432\" \/>\n        \n      <\/div>\n  <\/div>\n  <div class=\"c-person__txt cell small-12 medium-6\">\n    <div class=\"c-person__txt-wrapper h-lc-no-mb\">\n              <h3>\n                    Cornelia Ortner\n        <\/h3>\n                  <small>Personalmanagement &#8211; Personalverrechnung<\/small>\n                      \n      \n              \n                  <a href=\"#\" class=\"esend button primary\" data-esend=\"bewerbung\" data-etld=\"at\" data-edname=\"leeb\">Email senden<\/a>\n                        <\/div>\n  <\/div>\n<\/div>\n\n\n<div class=\"c-person grid-x grid-margin-x\">\n  <div class=\"c-person__img cell small-12 medium-6\">\n      <div class=\"c-person__img-wrapper\">\n        \n          <img loading=\"lazy\" decoding=\"async\" src=\"https:\/\/www.leeb-balkone.com\/app\/uploads\/2022\/04\/Julia-Portrait-1-scaled.jpg\" class=\"h-rounded-img\" alt=\"Julia Portrait 1\" width=\"640\" height=\"432\" \/>\n        \n      <\/div>\n  <\/div>\n  <div class=\"c-person__txt cell small-12 medium-6\">\n    <div class=\"c-person__txt-wrapper h-lc-no-mb\">\n              <h3>\n                    Julia Krenn\n        <\/h3>\n                  <small>HR Management<\/small>\n                      \n      \n              \n                  <a href=\"#\" class=\"esend button primary\" data-esend=\"bewerbung\" data-etld=\"at\" data-edname=\"leeb\">Email senden<\/a>\n                        <\/div>\n  <\/div>\n<\/div>\n<\/section>\n\n\n\n<p><\/p>\n","protected":false},"excerpt":{"rendered":"","protected":false},"author":3,"featured_media":0,"parent":0,"menu_order":144,"comment_status":"closed","ping_status":"closed","template":"template-onepager.blade.php","meta":{"_acf_changed":false,"footnotes":"","_sage_theme_css":true,"_wp_block_core_css":false},"folder":[],"class_list":["post-29985","page","type-page","status-publish","hentry"],"acf":[],"yoast_head":"<!-- This site is optimized with the Yoast SEO plugin v27.2 - https:\/\/yoast.com\/product\/yoast-seo-wordpress\/ -->\n<title>Lehre Technisches Zeichnen - Leeb Balkone Deutschland<\/title>\n<meta name=\"description\" content=\"Deine Aufgabenbereiche: Als technische Zeichnerin \/ technischer Zeichner befindet sich dein Arbeitsplatz in unseren modernen Konstruktionsb\u00fcros. Du\" \/>\n<meta name=\"robots\" content=\"index, follow, max-snippet:-1, max-image-preview:large, max-video-preview:-1\" \/>\n<meta property=\"og:locale\" content=\"de_DE\" \/>\n<meta property=\"og:type\" content=\"article\" \/>\n<meta property=\"og:title\" content=\"Lehre Technisches Zeichnen - Leeb Balkone\" \/>\n<meta property=\"og:description\" content=\"Deine Aufgabenbereiche: Als technische Zeichnerin \/ technischer Zeichner befindet sich dein Arbeitsplatz in unseren modernen Konstruktionsb\u00fcros. Du\" \/>\n<meta property=\"og:url\" content=\"https:\/\/www.leeb-balkone.com\/de\/lehre-technisches-zeichnen\/\" \/>\n<meta property=\"og:site_name\" content=\"Leeb Balkone\" \/>\n<meta property=\"article:publisher\" content=\"https:\/\/www.facebook.com\/balkone\/\" \/>\n<meta property=\"article:modified_time\" content=\"2026-01-13T13:18:34+00:00\" \/>\n<meta property=\"og:image\" content=\"https:\/\/www.leeb-balkone.com\/app\/uploads\/2020\/09\/alu-balkongelaender-zufriedene-kunden-1.jpg\" \/>\n\t<meta property=\"og:image:width\" content=\"2560\" \/>\n\t<meta property=\"og:image:height\" content=\"1762\" \/>\n\t<meta property=\"og:image:type\" content=\"image\/jpeg\" \/>\n<meta name=\"twitter:card\" content=\"summary_large_image\" \/>\n<script type=\"application\/ld+json\" class=\"yoast-schema-graph\">{\"@context\":\"https:\/\/schema.org\",\"@graph\":[{\"@type\":\"WebPage\",\"@id\":\"https:\/\/www.leeb-balkone.com\/de\/lehre-technisches-zeichnen\/\",\"url\":\"https:\/\/www.leeb-balkone.com\/de\/lehre-technisches-zeichnen\/\",\"name\":\"Lehre Technisches Zeichnen - Leeb Balkone\",\"isPartOf\":{\"@id\":\"https:\/\/www.leeb-balkone.com\/de\/#website\"},\"datePublished\":\"2021-03-19T13:43:32+00:00\",\"dateModified\":\"2026-01-13T13:18:34+00:00\",\"description\":\"Deine Aufgabenbereiche: Als technische Zeichnerin \/ technischer Zeichner befindet sich dein Arbeitsplatz in unseren modernen Konstruktionsb\u00fcros. Du\",\"breadcrumb\":{\"@id\":\"https:\/\/www.leeb-balkone.com\/de\/lehre-technisches-zeichnen\/#breadcrumb\"},\"inLanguage\":\"de\",\"potentialAction\":[{\"@type\":\"ReadAction\",\"target\":[\"https:\/\/www.leeb-balkone.com\/de\/lehre-technisches-zeichnen\/\"]}]},{\"@type\":\"BreadcrumbList\",\"@id\":\"https:\/\/www.leeb-balkone.com\/de\/lehre-technisches-zeichnen\/#breadcrumb\",\"itemListElement\":[{\"@type\":\"ListItem\",\"position\":1,\"name\":\"Home\",\"item\":\"https:\/\/www.leeb-balkone.com\/de\/\"},{\"@type\":\"ListItem\",\"position\":2,\"name\":\"Lehre Technisches Zeichnen\"}]},{\"@type\":\"WebSite\",\"@id\":\"https:\/\/www.leeb-balkone.com\/de\/#website\",\"url\":\"https:\/\/www.leeb-balkone.com\/de\/\",\"name\":\"Leeb Balkone\",\"description\":\"Balkone und Z\u00e4une\",\"publisher\":{\"@id\":\"https:\/\/www.leeb-balkone.com\/de\/#organization\"},\"potentialAction\":[{\"@type\":\"SearchAction\",\"target\":{\"@type\":\"EntryPoint\",\"urlTemplate\":\"https:\/\/www.leeb-balkone.com\/de\/?s={search_term_string}\"},\"query-input\":{\"@type\":\"PropertyValueSpecification\",\"valueRequired\":true,\"valueName\":\"search_term_string\"}}],\"inLanguage\":\"de\"},{\"@type\":\"Organization\",\"@id\":\"https:\/\/www.leeb-balkone.com\/de\/#organization\",\"name\":\"Leeb Balkone Gmbh\",\"url\":\"https:\/\/www.leeb-balkone.com\/de\/\",\"logo\":{\"@type\":\"ImageObject\",\"inLanguage\":\"de\",\"@id\":\"https:\/\/www.leeb-balkone.com\/de\/#\/schema\/logo\/image\/\",\"url\":\"https:\/\/www.leeb-balkone.com\/app\/uploads\/2020\/11\/leeb-logo.svg\",\"contentUrl\":\"https:\/\/www.leeb-balkone.com\/app\/uploads\/2020\/11\/leeb-logo.svg\",\"width\":741,\"height\":204,\"caption\":\"Leeb Balkone Gmbh\"},\"image\":{\"@id\":\"https:\/\/www.leeb-balkone.com\/de\/#\/schema\/logo\/image\/\"},\"sameAs\":[\"https:\/\/www.facebook.com\/balkone\/\",\"https:\/\/www.trustedshops.at\/bewertung\/info_X4587CCF5833E31AFE0B11F47D86999F2.html\",\"https:\/\/www.trustedshops.de\/bewertung\/info_X7BA536A7A0BDC86D36C4718E4DCAEEEF.html\",\"https:\/\/www.google.com\/maps\/place\/?q=place_id:ChIJ5-zH19-IcEcR9HonWRTllHI\"]}]}<\/script>\n<!-- \/ Yoast SEO plugin. -->","yoast_head_json":{"title":"Lehre Technisches Zeichnen - Leeb Balkone Deutschland","description":"Deine Aufgabenbereiche: Als technische Zeichnerin \/ technischer Zeichner befindet sich dein Arbeitsplatz in unseren modernen Konstruktionsb\u00fcros. Du","robots":{"index":"index","follow":"follow","max-snippet":"max-snippet:-1","max-image-preview":"max-image-preview:large","max-video-preview":"max-video-preview:-1"},"og_locale":"de_DE","og_type":"article","og_title":"Lehre Technisches Zeichnen - Leeb Balkone","og_description":"Deine Aufgabenbereiche: Als technische Zeichnerin \/ technischer Zeichner befindet sich dein Arbeitsplatz in unseren modernen Konstruktionsb\u00fcros. Du","og_url":"https:\/\/www.leeb-balkone.com\/de\/lehre-technisches-zeichnen\/","og_site_name":"Leeb Balkone","article_publisher":"https:\/\/www.facebook.com\/balkone\/","article_modified_time":"2026-01-13T13:18:34+00:00","og_image":[{"width":2560,"height":1762,"url":"https:\/\/www.leeb-balkone.com\/app\/uploads\/2020\/09\/alu-balkongelaender-zufriedene-kunden-1.jpg","type":"image\/jpeg"}],"twitter_card":"summary_large_image","schema":{"@context":"https:\/\/schema.org","@graph":[{"@type":"WebPage","@id":"https:\/\/www.leeb-balkone.com\/de\/lehre-technisches-zeichnen\/","url":"https:\/\/www.leeb-balkone.com\/de\/lehre-technisches-zeichnen\/","name":"Lehre Technisches Zeichnen - Leeb Balkone","isPartOf":{"@id":"https:\/\/www.leeb-balkone.com\/de\/#website"},"datePublished":"2021-03-19T13:43:32+00:00","dateModified":"2026-01-13T13:18:34+00:00","description":"Deine Aufgabenbereiche: Als technische Zeichnerin \/ technischer Zeichner befindet sich dein Arbeitsplatz in unseren modernen Konstruktionsb\u00fcros. Du","breadcrumb":{"@id":"https:\/\/www.leeb-balkone.com\/de\/lehre-technisches-zeichnen\/#breadcrumb"},"inLanguage":"de","potentialAction":[{"@type":"ReadAction","target":["https:\/\/www.leeb-balkone.com\/de\/lehre-technisches-zeichnen\/"]}]},{"@type":"BreadcrumbList","@id":"https:\/\/www.leeb-balkone.com\/de\/lehre-technisches-zeichnen\/#breadcrumb","itemListElement":[{"@type":"ListItem","position":1,"name":"Home","item":"https:\/\/www.leeb-balkone.com\/de\/"},{"@type":"ListItem","position":2,"name":"Lehre Technisches Zeichnen"}]},{"@type":"WebSite","@id":"https:\/\/www.leeb-balkone.com\/de\/#website","url":"https:\/\/www.leeb-balkone.com\/de\/","name":"Leeb Balkone","description":"Balkone und Z\u00e4une","publisher":{"@id":"https:\/\/www.leeb-balkone.com\/de\/#organization"},"potentialAction":[{"@type":"SearchAction","target":{"@type":"EntryPoint","urlTemplate":"https:\/\/www.leeb-balkone.com\/de\/?s={search_term_string}"},"query-input":{"@type":"PropertyValueSpecification","valueRequired":true,"valueName":"search_term_string"}}],"inLanguage":"de"},{"@type":"Organization","@id":"https:\/\/www.leeb-balkone.com\/de\/#organization","name":"Leeb Balkone Gmbh","url":"https:\/\/www.leeb-balkone.com\/de\/","logo":{"@type":"ImageObject","inLanguage":"de","@id":"https:\/\/www.leeb-balkone.com\/de\/#\/schema\/logo\/image\/","url":"https:\/\/www.leeb-balkone.com\/app\/uploads\/2020\/11\/leeb-logo.svg","contentUrl":"https:\/\/www.leeb-balkone.com\/app\/uploads\/2020\/11\/leeb-logo.svg","width":741,"height":204,"caption":"Leeb Balkone Gmbh"},"image":{"@id":"https:\/\/www.leeb-balkone.com\/de\/#\/schema\/logo\/image\/"},"sameAs":["https:\/\/www.facebook.com\/balkone\/","https:\/\/www.trustedshops.at\/bewertung\/info_X4587CCF5833E31AFE0B11F47D86999F2.html","https:\/\/www.trustedshops.de\/bewertung\/info_X7BA536A7A0BDC86D36C4718E4DCAEEEF.html","https:\/\/www.google.com\/maps\/place\/?q=place_id:ChIJ5-zH19-IcEcR9HonWRTllHI"]}]}},"_links":{"self":[{"href":"https:\/\/www.leeb-balkone.com\/de\/wp-json\/wp\/v2\/pages\/29985","targetHints":{"allow":["GET"]}}],"collection":[{"href":"https:\/\/www.leeb-balkone.com\/de\/wp-json\/wp\/v2\/pages"}],"about":[{"href":"https:\/\/www.leeb-balkone.com\/de\/wp-json\/wp\/v2\/types\/page"}],"author":[{"embeddable":true,"href":"https:\/\/www.leeb-balkone.com\/de\/wp-json\/wp\/v2\/users\/3"}],"replies":[{"embeddable":true,"href":"https:\/\/www.leeb-balkone.com\/de\/wp-json\/wp\/v2\/comments?post=29985"}],"version-history":[{"count":5,"href":"https:\/\/www.leeb-balkone.com\/de\/wp-json\/wp\/v2\/pages\/29985\/revisions"}],"predecessor-version":[{"id":141878,"href":"https:\/\/www.leeb-balkone.com\/de\/wp-json\/wp\/v2\/pages\/29985\/revisions\/141878"}],"wp:attachment":[{"href":"https:\/\/www.leeb-balkone.com\/de\/wp-json\/wp\/v2\/media?parent=29985"}],"wp:term":[{"taxonomy":"folder","embeddable":true,"href":"https:\/\/www.leeb-balkone.com\/de\/wp-json\/wp\/v2\/folder?post=29985"}],"curies":[{"name":"wp","href":"https:\/\/api.w.org\/{rel}","templated":true}]}}