{"id":167998,"date":"2026-04-17T10:54:59","date_gmt":"2026-04-17T10:54:59","guid":{"rendered":"https:\/\/www.leeb-balkone.com\/?page_id=167998"},"modified":"2026-04-20T13:07:05","modified_gmt":"2026-04-20T13:07:05","slug":"vertriebspartner-deutschland","status":"publish","type":"page","link":"https:\/\/www.leeb-balkone.com\/de\/vertriebspartner-deutschland\/","title":{"rendered":"Vertriebspartner Deutschland"},"content":{"rendered":"\n\n\n<section class=\"wp-block-group alignfull has-white-background-color has-background has-global-padding is-layout-constrained wp-container-core-group-is-layout-52f96efc wp-block-group-is-layout-constrained\" id=\"modelle\">\n<div class=\"wp-block-group m-teaser o-grid u-md-1 is-layout-flow wp-block-group-is-layout-flow\">\n<div class=\"wp-block-group u-g-9 u-g-s-2 is-layout-flow wp-block-group-is-layout-flow\" style=\"margin-bottom:var(--wp--preset--spacing--s)\">\n<h1 class=\"wp-block-heading\">Leeb Vertriebspartner Deutschland<\/h1>\n\n\n\n\n\n<p class=\"has-text-align-left is-style-teaser\">Leeb Vertriebspartner mit individueller Beratung und Fachkompetenz vor Ort! Partner-Standorte in ganz Deutschland \u2013 von Hemmingstedt an der Nordsee \u00fcber Schmalkalden in Th\u00fcringen und Neu-Anspach bei Frankfurt bis nach Tettnang am Bodensee und Hohenbrunn bei M\u00fcnchen. Finden Sie Ihren pers\u00f6nlichen Ansprechpartner via PLZ-Eingabe (ganz unten).<\/p>\n<\/div>\n<\/div>\n\n\n<div id=\"loop-block-69f4e351bf38d\" class=\"wp-block-group wp-block-t3-loop-block__wrapper t3-block-cards u-grid-temp has-3-cols is-style-transparent-cards\" data-block-id=\"loop-block-69f4e351bf38d\" data-load-more=\"false\" data-load-more-enabled=\"false\" data-loaded=\"72\" data-total=\"72\" data-current-filter=\"all\" data-attributes=\"{&quot;postTypes&quot;:[&quot;partner&quot;],&quot;postsPerPage&quot;:-1,&quot;sortOption&quot;:&quot;alphabetical&quot;,&quot;orderOption&quot;:&quot;asc&quot;,&quot;visibleCount&quot;:40,&quot;enableAcfFields&quot;:true,&quot;acfImageField&quot;:&quot;vp_img&quot;,&quot;acfTextFields&quot;:&quot;{vp_zip} {vp_city}, {vp_address}&quot;,&quot;acfFieldsUseTemplate&quot;:true,&quot;className&quot;:&quot;is-style-transparent-cards&quot;,&quot;columns&quot;:3,&quot;categorySlugs&quot;:[],&quot;orderingField&quot;:&quot;&quot;,&quot;acfExcerptField&quot;:&quot;&quot;,&quot;showFilter&quot;:false,&quot;filterChildren&quot;:false,&quot;limitVisible&quot;:false,&quot;linkTitle&quot;:&quot;&quot;,&quot;showLinkStyle&quot;:false,&quot;enableSchema&quot;:false}\">\n<div id=\"post-9274\" class=\"loop-block-item wp-block-group m-card is-layout-flow wp-block-group-is-layout-flow optional\">\n    <a href=\"https:\/\/www.leeb-balkone.com\/de\/vertriebspartner\/anton-haigermoser\/\" class=\"no-default-link\" title=\"Anton Haigermoser\">\n        <figure data-imgid=\"19292\" class=\"wp-block-image size-large\">\n            <img loading=\"lazy\" decoding=\"async\" width=\"300\" height=\"169\" src=\"https:\/\/www.leeb-balkone.com\/app\/uploads\/2020\/10\/ausstellung-platzhalter-weiss-1-scaled-e1612269193844-300x169.jpg\" class=\"attachment-medium size-medium\" alt=\"ausstellung platzhalter weiss 1 e1612269193844\" title=\"alu-balkongelaender-ausstellung-2\" srcset=\"https:\/\/www.leeb-balkone.com\/app\/uploads\/2020\/10\/ausstellung-platzhalter-weiss-1-scaled-e1612269193844-300x169.jpg 300w, https:\/\/www.leeb-balkone.com\/app\/uploads\/2020\/10\/ausstellung-platzhalter-weiss-1-scaled-e1612269193844-1024x576.jpg 1024w, https:\/\/www.leeb-balkone.com\/app\/uploads\/2020\/10\/ausstellung-platzhalter-weiss-1-scaled-e1612269193844-768x432.jpg 768w, https:\/\/www.leeb-balkone.com\/app\/uploads\/2020\/10\/ausstellung-platzhalter-weiss-1-scaled-e1612269193844-1536x864.jpg 1536w, https:\/\/www.leeb-balkone.com\/app\/uploads\/2020\/10\/ausstellung-platzhalter-weiss-1-scaled-e1612269193844-2048x1152.jpg 2048w\" sizes=\"auto, (min-width: 1200px) 260px, (min-width: 1024px) 220px, (min-width: 640px) 465px, 768px\" \/>                    <\/figure>\n        <div class=\"wp-block-group m-card-content is-vertical is-layout-flex wp-block-group-is-layout-flex\">\n            <h3 class=\"wp-block-heading\">\n                Anton Haigermoser            <\/h3>\n            <p class=\"loop-item__acf-template\">38729 Neuwallmoden, Im Neiletal 6<\/p>                    <\/div>\n            <\/a>\n<\/div>\n<div id=\"post-9265\" class=\"loop-block-item wp-block-group m-card is-layout-flow wp-block-group-is-layout-flow optional\">\n    <a href=\"https:\/\/www.leeb-balkone.com\/de\/vertriebspartner\/benjamin-koelbl\/\" class=\"no-default-link\" title=\"Benjamin K\u00f6lbl\">\n        <figure data-imgid=\"156202\" class=\"wp-block-image size-large\">\n            <img loading=\"lazy\" decoding=\"async\" width=\"300\" height=\"300\" src=\"https:\/\/www.leeb-balkone.com\/app\/uploads\/2025\/07\/Ben-Koelbl-neu-300x300.jpg\" class=\"attachment-medium size-medium\" alt=\"Ben Koelbl neu\" title=\"Ben-Koelbl-neu\" srcset=\"https:\/\/www.leeb-balkone.com\/app\/uploads\/2025\/07\/Ben-Koelbl-neu-300x300.jpg 300w, https:\/\/www.leeb-balkone.com\/app\/uploads\/2025\/07\/Ben-Koelbl-neu-1024x1024.jpg 1024w, https:\/\/www.leeb-balkone.com\/app\/uploads\/2025\/07\/Ben-Koelbl-neu-150x150.jpg 150w, https:\/\/www.leeb-balkone.com\/app\/uploads\/2025\/07\/Ben-Koelbl-neu-768x768.jpg 768w, https:\/\/www.leeb-balkone.com\/app\/uploads\/2025\/07\/Ben-Koelbl-neu-1536x1536.jpg 1536w, https:\/\/www.leeb-balkone.com\/app\/uploads\/2025\/07\/Ben-Koelbl-neu.jpg 1900w\" sizes=\"auto, (min-width: 1200px) 260px, (min-width: 1024px) 220px, (min-width: 640px) 465px, 768px\" \/>                    <\/figure>\n        <div class=\"wp-block-group m-card-content is-vertical is-layout-flex wp-block-group-is-layout-flex\">\n            <h3 class=\"wp-block-heading\">\n                Benjamin K\u00f6lbl            <\/h3>\n            <p class=\"loop-item__acf-template\">89257 Illertissen\/Au, Holzstra\u00dfe 2<\/p>                    <\/div>\n            <\/a>\n<\/div>\n<div id=\"post-31847\" class=\"loop-block-item wp-block-group m-card is-layout-flow wp-block-group-is-layout-flow optional\">\n    <a href=\"https:\/\/www.leeb-balkone.com\/de\/vertriebspartner\/boris-wolff\/\" class=\"no-default-link\" title=\"Boris Wolff\">\n        <figure data-imgid=\"0\" class=\"wp-block-image size-large\">\n                                <\/figure>\n        <div class=\"wp-block-group m-card-content is-vertical is-layout-flex wp-block-group-is-layout-flex\">\n            <h3 class=\"wp-block-heading\">\n                Boris Wolff            <\/h3>\n            <p class=\"loop-item__acf-template\">85662 Hohenbrunn, Dorfstra\u00dfe 10<\/p>                    <\/div>\n            <\/a>\n<\/div>\n<div id=\"post-9235\" class=\"loop-block-item wp-block-group m-card is-layout-flow wp-block-group-is-layout-flow optional\">\n    <a href=\"https:\/\/www.leeb-balkone.com\/de\/vertriebspartner\/christopher-martin-hess\/\" class=\"no-default-link\" title=\"Christopher Hess\">\n        <figure data-imgid=\"161667\" class=\"wp-block-image size-large\">\n            <img loading=\"lazy\" decoding=\"async\" width=\"300\" height=\"200\" src=\"https:\/\/www.leeb-balkone.com\/app\/uploads\/2025\/11\/Leeb-Schauraum-Schmalkalden2-300x200.jpg\" class=\"attachment-medium size-medium\" alt=\"Leeb Schauraum Schmalkalden2\" title=\"Leeb-Schauraum-Schmalkalden2\" srcset=\"https:\/\/www.leeb-balkone.com\/app\/uploads\/2025\/11\/Leeb-Schauraum-Schmalkalden2-300x200.jpg 300w, https:\/\/www.leeb-balkone.com\/app\/uploads\/2025\/11\/Leeb-Schauraum-Schmalkalden2-1024x683.jpg 1024w, https:\/\/www.leeb-balkone.com\/app\/uploads\/2025\/11\/Leeb-Schauraum-Schmalkalden2-768x512.jpg 768w, https:\/\/www.leeb-balkone.com\/app\/uploads\/2025\/11\/Leeb-Schauraum-Schmalkalden2-1536x1024.jpg 1536w, https:\/\/www.leeb-balkone.com\/app\/uploads\/2025\/11\/Leeb-Schauraum-Schmalkalden2-2048x1366.jpg 2048w\" sizes=\"auto, (min-width: 1200px) 260px, (min-width: 1024px) 220px, (min-width: 640px) 465px, 768px\" \/>                    <\/figure>\n        <div class=\"wp-block-group m-card-content is-vertical is-layout-flex wp-block-group-is-layout-flex\">\n            <h3 class=\"wp-block-heading\">\n                Christopher Hess            <\/h3>\n            <p class=\"loop-item__acf-template\">98574 Schmalkalden, Friedrich Engels Strasse 8<\/p>                    <\/div>\n            <\/a>\n<\/div>\n<div id=\"post-159430\" class=\"loop-block-item wp-block-group m-card is-layout-flow wp-block-group-is-layout-flow optional\">\n    <a href=\"https:\/\/www.leeb-balkone.com\/de\/vertriebspartner\/dawid-schimmel\/\" class=\"no-default-link\" title=\"Dawid Schimmel\">\n        <figure data-imgid=\"159432\" class=\"wp-block-image size-large\">\n            <img loading=\"lazy\" decoding=\"async\" width=\"300\" height=\"300\" src=\"https:\/\/www.leeb-balkone.com\/app\/uploads\/2025\/10\/Schimmel-Dawid-Website-300x300.jpg\" class=\"attachment-medium size-medium\" alt=\"Schimmel Dawid Website\" title=\"Schimmel-Dawid-Website\" srcset=\"https:\/\/www.leeb-balkone.com\/app\/uploads\/2025\/10\/Schimmel-Dawid-Website-300x300.jpg 300w, https:\/\/www.leeb-balkone.com\/app\/uploads\/2025\/10\/Schimmel-Dawid-Website-1024x1024.jpg 1024w, https:\/\/www.leeb-balkone.com\/app\/uploads\/2025\/10\/Schimmel-Dawid-Website-150x150.jpg 150w, https:\/\/www.leeb-balkone.com\/app\/uploads\/2025\/10\/Schimmel-Dawid-Website-768x768.jpg 768w, https:\/\/www.leeb-balkone.com\/app\/uploads\/2025\/10\/Schimmel-Dawid-Website-1536x1536.jpg 1536w, https:\/\/www.leeb-balkone.com\/app\/uploads\/2025\/10\/Schimmel-Dawid-Website-2048x2048.jpg 2048w\" sizes=\"auto, (min-width: 1200px) 260px, (min-width: 1024px) 220px, (min-width: 640px) 465px, 768px\" \/>                    <\/figure>\n        <div class=\"wp-block-group m-card-content is-vertical is-layout-flex wp-block-group-is-layout-flex\">\n            <h3 class=\"wp-block-heading\">\n                Dawid Schimmel            <\/h3>\n            <p class=\"loop-item__acf-template\">42289 Wuppertal, Alter Lenneper Weg 40<\/p>                    <\/div>\n            <\/a>\n<\/div>\n<div id=\"post-149675\" class=\"loop-block-item wp-block-group m-card is-layout-flow wp-block-group-is-layout-flow optional\">\n    <a href=\"https:\/\/www.leeb-balkone.com\/de\/vertriebspartner\/deniz-bor\/\" class=\"no-default-link\" title=\"Deniz Bor\">\n        <figure data-imgid=\"158052\" class=\"wp-block-image size-large\">\n            <img loading=\"lazy\" decoding=\"async\" width=\"300\" height=\"300\" src=\"https:\/\/www.leeb-balkone.com\/app\/uploads\/2025\/07\/Bor-Deniz-Quadrat-klein-300x300.jpg\" class=\"attachment-medium size-medium\" alt=\"Bor Deniz Quadrat klein\" title=\"Bor-Deniz-Quadrat klein\" srcset=\"https:\/\/www.leeb-balkone.com\/app\/uploads\/2025\/07\/Bor-Deniz-Quadrat-klein-300x300.jpg 300w, https:\/\/www.leeb-balkone.com\/app\/uploads\/2025\/07\/Bor-Deniz-Quadrat-klein-1024x1024.jpg 1024w, https:\/\/www.leeb-balkone.com\/app\/uploads\/2025\/07\/Bor-Deniz-Quadrat-klein-150x150.jpg 150w, https:\/\/www.leeb-balkone.com\/app\/uploads\/2025\/07\/Bor-Deniz-Quadrat-klein-768x768.jpg 768w\" sizes=\"auto, (min-width: 1200px) 260px, (min-width: 1024px) 220px, (min-width: 640px) 465px, 768px\" \/>                    <\/figure>\n        <div class=\"wp-block-group m-card-content is-vertical is-layout-flex wp-block-group-is-layout-flex\">\n            <h3 class=\"wp-block-heading\">\n                Deniz Bor            <\/h3>\n            <p class=\"loop-item__acf-template\">72768 Reutlingen, Friedrichstra\u00dfe 25<\/p>                    <\/div>\n            <\/a>\n<\/div>\n<div id=\"post-149677\" class=\"loop-block-item wp-block-group m-card is-layout-flow wp-block-group-is-layout-flow optional\">\n    <a href=\"https:\/\/www.leeb-balkone.com\/de\/vertriebspartner\/dennis-rothaug\/\" class=\"no-default-link\" title=\"Dennis Rothaug\">\n        <figure data-imgid=\"156327\" class=\"wp-block-image size-large\">\n            <img loading=\"lazy\" decoding=\"async\" width=\"300\" height=\"300\" src=\"https:\/\/www.leeb-balkone.com\/app\/uploads\/2025\/07\/Dennis-Rothaug-300x300.jpg\" class=\"attachment-medium size-medium\" alt=\"Dennis Rothaug\" title=\"Dennis-Rothaug\" srcset=\"https:\/\/www.leeb-balkone.com\/app\/uploads\/2025\/07\/Dennis-Rothaug-300x300.jpg 300w, https:\/\/www.leeb-balkone.com\/app\/uploads\/2025\/07\/Dennis-Rothaug-150x150.jpg 150w, https:\/\/www.leeb-balkone.com\/app\/uploads\/2025\/07\/Dennis-Rothaug-768x768.jpg 768w, https:\/\/www.leeb-balkone.com\/app\/uploads\/2025\/07\/Dennis-Rothaug.jpg 900w\" sizes=\"auto, (min-width: 1200px) 260px, (min-width: 1024px) 220px, (min-width: 640px) 465px, 768px\" \/>                    <\/figure>\n        <div class=\"wp-block-group m-card-content is-vertical is-layout-flex wp-block-group-is-layout-flex\">\n            <h3 class=\"wp-block-heading\">\n                Dennis Rothaug            <\/h3>\n            <p class=\"loop-item__acf-template\">72401\u00a0 Haigerloch-Gruol, Magnolienstrasse 3<\/p>                    <\/div>\n            <\/a>\n<\/div>\n<div id=\"post-9287\" class=\"loop-block-item wp-block-group m-card is-layout-flow wp-block-group-is-layout-flow optional\">\n    <a href=\"https:\/\/www.leeb-balkone.com\/de\/vertriebspartner\/dieter-schlumpp\/\" class=\"no-default-link\" title=\"Dieter Schlumpp\">\n        <figure data-imgid=\"151307\" class=\"wp-block-image size-large\">\n            <img loading=\"lazy\" decoding=\"async\" width=\"300\" height=\"300\" src=\"https:\/\/www.leeb-balkone.com\/app\/uploads\/2025\/07\/Schlumpp-Dieter-300x300.jpg\" class=\"attachment-medium size-medium\" alt=\"Schlumpp Dieter\" title=\"Schlumpp-Dieter\" srcset=\"https:\/\/www.leeb-balkone.com\/app\/uploads\/2025\/07\/Schlumpp-Dieter-300x300.jpg 300w, https:\/\/www.leeb-balkone.com\/app\/uploads\/2025\/07\/Schlumpp-Dieter-1024x1024.jpg 1024w, https:\/\/www.leeb-balkone.com\/app\/uploads\/2025\/07\/Schlumpp-Dieter-150x150.jpg 150w, https:\/\/www.leeb-balkone.com\/app\/uploads\/2025\/07\/Schlumpp-Dieter-768x768.jpg 768w, https:\/\/www.leeb-balkone.com\/app\/uploads\/2025\/07\/Schlumpp-Dieter-1536x1536.jpg 1536w, https:\/\/www.leeb-balkone.com\/app\/uploads\/2025\/07\/Schlumpp-Dieter-2048x2048.jpg 2048w\" sizes=\"auto, (min-width: 1200px) 260px, (min-width: 1024px) 220px, (min-width: 640px) 465px, 768px\" \/>                    <\/figure>\n        <div class=\"wp-block-group m-card-content is-vertical is-layout-flex wp-block-group-is-layout-flex\">\n            <h3 class=\"wp-block-heading\">\n                Dieter Schlumpp            <\/h3>\n            <p class=\"loop-item__acf-template\">89257 Illertissen\/Au, Holzstra\u00dfe 2<\/p>                    <\/div>\n            <\/a>\n<\/div>\n<div id=\"post-121668\" class=\"loop-block-item wp-block-group m-card is-layout-flow wp-block-group-is-layout-flow optional\">\n    <a href=\"https:\/\/www.leeb-balkone.com\/de\/vertriebspartner\/dirk-begas\/\" class=\"no-default-link\" title=\"Dirk Begas\">\n        <figure data-imgid=\"156132\" class=\"wp-block-image size-large\">\n            <img loading=\"lazy\" decoding=\"async\" width=\"300\" height=\"300\" src=\"https:\/\/www.leeb-balkone.com\/app\/uploads\/2025\/07\/Begas-Dirk-300x300.jpeg\" class=\"attachment-medium size-medium\" alt=\"Begas Dirk\" title=\"Begas-Dirk\" srcset=\"https:\/\/www.leeb-balkone.com\/app\/uploads\/2025\/07\/Begas-Dirk-300x300.jpeg 300w, https:\/\/www.leeb-balkone.com\/app\/uploads\/2025\/07\/Begas-Dirk-1024x1024.jpeg 1024w, https:\/\/www.leeb-balkone.com\/app\/uploads\/2025\/07\/Begas-Dirk-150x150.jpeg 150w, https:\/\/www.leeb-balkone.com\/app\/uploads\/2025\/07\/Begas-Dirk-768x768.jpeg 768w, https:\/\/www.leeb-balkone.com\/app\/uploads\/2025\/07\/Begas-Dirk-1536x1536.jpeg 1536w, https:\/\/www.leeb-balkone.com\/app\/uploads\/2025\/07\/Begas-Dirk-2048x2048.jpeg 2048w\" sizes=\"auto, (min-width: 1200px) 260px, (min-width: 1024px) 220px, (min-width: 640px) 465px, 768px\" \/>                    <\/figure>\n        <div class=\"wp-block-group m-card-content is-vertical is-layout-flex wp-block-group-is-layout-flex\">\n            <h3 class=\"wp-block-heading\">\n                Dirk Begas            <\/h3>\n            <p class=\"loop-item__acf-template\">52445 Titz, Linnicher Stra\u00dfe 32<\/p>                    <\/div>\n            <\/a>\n<\/div>\n<div id=\"post-9267\" class=\"loop-block-item wp-block-group m-card is-layout-flow wp-block-group-is-layout-flow optional\">\n    <a href=\"https:\/\/www.leeb-balkone.com\/de\/vertriebspartner\/dirk-nitsch\/\" class=\"no-default-link\" title=\"Dirk Nitsch\">\n        <figure data-imgid=\"156217\" class=\"wp-block-image size-large\">\n            <img loading=\"lazy\" decoding=\"async\" width=\"300\" height=\"300\" src=\"https:\/\/www.leeb-balkone.com\/app\/uploads\/2025\/07\/Nitsch-Dirk-300x300.jpg\" class=\"attachment-medium size-medium\" alt=\"Nitsch Dirk\" title=\"Nitsch-Dirk\" srcset=\"https:\/\/www.leeb-balkone.com\/app\/uploads\/2025\/07\/Nitsch-Dirk-300x300.jpg 300w, https:\/\/www.leeb-balkone.com\/app\/uploads\/2025\/07\/Nitsch-Dirk-1024x1024.jpg 1024w, https:\/\/www.leeb-balkone.com\/app\/uploads\/2025\/07\/Nitsch-Dirk-150x150.jpg 150w, https:\/\/www.leeb-balkone.com\/app\/uploads\/2025\/07\/Nitsch-Dirk-768x768.jpg 768w, https:\/\/www.leeb-balkone.com\/app\/uploads\/2025\/07\/Nitsch-Dirk-1536x1536.jpg 1536w, https:\/\/www.leeb-balkone.com\/app\/uploads\/2025\/07\/Nitsch-Dirk-2048x2048.jpg 2048w\" sizes=\"auto, (min-width: 1200px) 260px, (min-width: 1024px) 220px, (min-width: 640px) 465px, 768px\" \/>                    <\/figure>\n        <div class=\"wp-block-group m-card-content is-vertical is-layout-flex wp-block-group-is-layout-flex\">\n            <h3 class=\"wp-block-heading\">\n                Dirk Nitsch            <\/h3>\n            <p class=\"loop-item__acf-template\">48167 M\u00fcnster, Agathastr. 152<\/p>                    <\/div>\n            <\/a>\n<\/div>\n<div id=\"post-9221\" class=\"loop-block-item wp-block-group m-card is-layout-flow wp-block-group-is-layout-flow optional\">\n    <a href=\"https:\/\/www.leeb-balkone.com\/de\/vertriebspartner\/holzbau-schmitt\/\" class=\"no-default-link\" title=\"Dominik und Klaus Schmitt\">\n        <figure data-imgid=\"163980\" class=\"wp-block-image size-large\">\n            <img loading=\"lazy\" decoding=\"async\" width=\"300\" height=\"217\" src=\"https:\/\/www.leeb-balkone.com\/app\/uploads\/2020\/10\/12-300x217.jpg\" class=\"attachment-medium size-medium\" alt=\"12\" title=\"Dominik und Klaus Schmitt &#8211; selbststaendige Vertriebspartner\" srcset=\"https:\/\/www.leeb-balkone.com\/app\/uploads\/2020\/10\/12-300x217.jpg 300w, https:\/\/www.leeb-balkone.com\/app\/uploads\/2020\/10\/12-1024x740.jpg 1024w, https:\/\/www.leeb-balkone.com\/app\/uploads\/2020\/10\/12-768x555.jpg 768w, https:\/\/www.leeb-balkone.com\/app\/uploads\/2020\/10\/12-1536x1109.jpg 1536w, https:\/\/www.leeb-balkone.com\/app\/uploads\/2020\/10\/12-2048x1479.jpg 2048w\" sizes=\"auto, (min-width: 1200px) 260px, (min-width: 1024px) 220px, (min-width: 640px) 465px, 768px\" \/>                    <\/figure>\n        <div class=\"wp-block-group m-card-content is-vertical is-layout-flex wp-block-group-is-layout-flex\">\n            <h3 class=\"wp-block-heading\">\n                Dominik und Klaus Schmitt            <\/h3>\n            <p class=\"loop-item__acf-template\">63863 Eschau, Elsavastrasse 9<\/p>                    <\/div>\n            <\/a>\n<\/div>\n<div id=\"post-23033\" class=\"loop-block-item wp-block-group m-card is-layout-flow wp-block-group-is-layout-flow optional\">\n    <a href=\"https:\/\/www.leeb-balkone.com\/de\/vertriebspartner\/edgar-hurtenbach\/\" class=\"no-default-link\" title=\"Edgar Hurtenbach\">\n        <figure data-imgid=\"0\" class=\"wp-block-image size-large\">\n                                <\/figure>\n        <div class=\"wp-block-group m-card-content is-vertical is-layout-flex wp-block-group-is-layout-flex\">\n            <h3 class=\"wp-block-heading\">\n                Edgar Hurtenbach            <\/h3>\n            <p class=\"loop-item__acf-template\">53567 Asbach, Sch\u00f6neberger Stra\u00dfe 17<\/p>                    <\/div>\n            <\/a>\n<\/div>\n<div id=\"post-137436\" class=\"loop-block-item wp-block-group m-card is-layout-flow wp-block-group-is-layout-flow optional\">\n    <a href=\"https:\/\/www.leeb-balkone.com\/de\/vertriebspartner\/engelbert-dobler\/\" class=\"no-default-link\" title=\"Engelbert Dobler\">\n        <figure data-imgid=\"164217\" class=\"wp-block-image size-large\">\n            <img loading=\"lazy\" decoding=\"async\" width=\"300\" height=\"200\" src=\"https:\/\/www.leeb-balkone.com\/app\/uploads\/2024\/04\/Gebrueder-Dobler-300x200.jpg\" class=\"attachment-medium size-medium\" alt=\"Gebrueder Dobler\" title=\"Gebru\u0308der Dobler\" srcset=\"https:\/\/www.leeb-balkone.com\/app\/uploads\/2024\/04\/Gebrueder-Dobler-300x200.jpg 300w, https:\/\/www.leeb-balkone.com\/app\/uploads\/2024\/04\/Gebrueder-Dobler-1024x684.jpg 1024w, https:\/\/www.leeb-balkone.com\/app\/uploads\/2024\/04\/Gebrueder-Dobler-768x513.jpg 768w, https:\/\/www.leeb-balkone.com\/app\/uploads\/2024\/04\/Gebrueder-Dobler-1536x1025.jpg 1536w, https:\/\/www.leeb-balkone.com\/app\/uploads\/2024\/04\/Gebrueder-Dobler-2048x1367.jpg 2048w\" sizes=\"auto, (min-width: 1200px) 260px, (min-width: 1024px) 220px, (min-width: 640px) 465px, 768px\" \/>                    <\/figure>\n        <div class=\"wp-block-group m-card-content is-vertical is-layout-flex wp-block-group-is-layout-flex\">\n            <h3 class=\"wp-block-heading\">\n                Engelbert Dobler            <\/h3>\n            <p class=\"loop-item__acf-template\">79837 H\u00e4usern, H\u00f6chenschwander Stra\u00dfe 6<\/p>                    <\/div>\n            <\/a>\n<\/div>\n<div id=\"post-149673\" class=\"loop-block-item wp-block-group m-card is-layout-flow wp-block-group-is-layout-flow optional\">\n    <a href=\"https:\/\/www.leeb-balkone.com\/de\/vertriebspartner\/enrico-froemmel\/\" class=\"no-default-link\" title=\"Enrico Fr\u00f6mmel\">\n        <figure data-imgid=\"156307\" class=\"wp-block-image size-large\">\n            <img loading=\"lazy\" decoding=\"async\" width=\"300\" height=\"300\" src=\"https:\/\/www.leeb-balkone.com\/app\/uploads\/2025\/07\/Froemmel-Enrico-300x300.jpg\" class=\"attachment-medium size-medium\" alt=\"Froemmel Enrico\" title=\"Froemmel-Enrico\" srcset=\"https:\/\/www.leeb-balkone.com\/app\/uploads\/2025\/07\/Froemmel-Enrico-300x300.jpg 300w, https:\/\/www.leeb-balkone.com\/app\/uploads\/2025\/07\/Froemmel-Enrico-150x150.jpg 150w, https:\/\/www.leeb-balkone.com\/app\/uploads\/2025\/07\/Froemmel-Enrico-768x768.jpg 768w, https:\/\/www.leeb-balkone.com\/app\/uploads\/2025\/07\/Froemmel-Enrico.jpg 800w\" sizes=\"auto, (min-width: 1200px) 260px, (min-width: 1024px) 220px, (min-width: 640px) 465px, 768px\" \/>                    <\/figure>\n        <div class=\"wp-block-group m-card-content is-vertical is-layout-flex wp-block-group-is-layout-flex\">\n            <h3 class=\"wp-block-heading\">\n                Enrico Fr\u00f6mmel            <\/h3>\n            <p class=\"loop-item__acf-template\">01477 Arnsdorf, Gro\u00dfr\u00f6hrsdorfer Stra\u00dfe 68<\/p>                    <\/div>\n            <\/a>\n<\/div>\n<div id=\"post-121610\" class=\"loop-block-item wp-block-group m-card is-layout-flow wp-block-group-is-layout-flow optional\">\n    <a href=\"https:\/\/www.leeb-balkone.com\/de\/vertriebspartner\/enrico-reum\/\" class=\"no-default-link\" title=\"Enrico Reum\">\n        <figure data-imgid=\"156227\" class=\"wp-block-image size-large\">\n            <img loading=\"lazy\" decoding=\"async\" width=\"300\" height=\"300\" src=\"https:\/\/www.leeb-balkone.com\/app\/uploads\/2025\/07\/Enrico-Reum-300x300.jpg\" class=\"attachment-medium size-medium\" alt=\"Enrico Reum\" title=\"Enrico-Reum\" srcset=\"https:\/\/www.leeb-balkone.com\/app\/uploads\/2025\/07\/Enrico-Reum-300x300.jpg 300w, https:\/\/www.leeb-balkone.com\/app\/uploads\/2025\/07\/Enrico-Reum-1024x1024.jpg 1024w, https:\/\/www.leeb-balkone.com\/app\/uploads\/2025\/07\/Enrico-Reum-150x150.jpg 150w, https:\/\/www.leeb-balkone.com\/app\/uploads\/2025\/07\/Enrico-Reum-768x769.jpg 768w, https:\/\/www.leeb-balkone.com\/app\/uploads\/2025\/07\/Enrico-Reum.jpg 1048w\" sizes=\"auto, (min-width: 1200px) 260px, (min-width: 1024px) 220px, (min-width: 640px) 465px, 768px\" \/>                    <\/figure>\n        <div class=\"wp-block-group m-card-content is-vertical is-layout-flex wp-block-group-is-layout-flex\">\n            <h3 class=\"wp-block-heading\">\n                Enrico Reum            <\/h3>\n            <p class=\"loop-item__acf-template\">98574 Schmalkalden, Friedrich-Engels-Stra\u00dfe 8<\/p>                    <\/div>\n            <\/a>\n<\/div>\n<div id=\"post-140927\" class=\"loop-block-item wp-block-group m-card is-layout-flow wp-block-group-is-layout-flow optional\">\n    <a href=\"https:\/\/www.leeb-balkone.com\/de\/vertriebspartner\/eric-bodenhaupt\/\" class=\"no-default-link\" title=\"Eric Bodenhaupt\">\n        <figure data-imgid=\"0\" class=\"wp-block-image size-large\">\n                                <\/figure>\n        <div class=\"wp-block-group m-card-content is-vertical is-layout-flex wp-block-group-is-layout-flex\">\n            <h3 class=\"wp-block-heading\">\n                Eric Bodenhaupt            <\/h3>\n            <p class=\"loop-item__acf-template\">23996 Hohen Viecheln, Mecklenburger Stra\u00dfe 5<\/p>                    <\/div>\n            <\/a>\n<\/div>\n<div id=\"post-149674\" class=\"loop-block-item wp-block-group m-card is-layout-flow wp-block-group-is-layout-flow optional\">\n    <a href=\"https:\/\/www.leeb-balkone.com\/de\/vertriebspartner\/fabrizio-gelain\/\" class=\"no-default-link\" title=\"Fabrizio Gelain\">\n        <figure data-imgid=\"156312\" class=\"wp-block-image size-large\">\n            <img loading=\"lazy\" decoding=\"async\" width=\"300\" height=\"300\" src=\"https:\/\/www.leeb-balkone.com\/app\/uploads\/2025\/07\/Farbizio-Gelain-300x300.jpg\" class=\"attachment-medium size-medium\" alt=\"Farbizio Gelain\" title=\"Farbizio-Gelain\" srcset=\"https:\/\/www.leeb-balkone.com\/app\/uploads\/2025\/07\/Farbizio-Gelain-300x300.jpg 300w, https:\/\/www.leeb-balkone.com\/app\/uploads\/2025\/07\/Farbizio-Gelain-150x150.jpg 150w, https:\/\/www.leeb-balkone.com\/app\/uploads\/2025\/07\/Farbizio-Gelain-768x768.jpg 768w, https:\/\/www.leeb-balkone.com\/app\/uploads\/2025\/07\/Farbizio-Gelain.jpg 900w\" sizes=\"auto, (min-width: 1200px) 260px, (min-width: 1024px) 220px, (min-width: 640px) 465px, 768px\" \/>                    <\/figure>\n        <div class=\"wp-block-group m-card-content is-vertical is-layout-flex wp-block-group-is-layout-flex\">\n            <h3 class=\"wp-block-heading\">\n                Fabrizio Gelain            <\/h3>\n            <p class=\"loop-item__acf-template\">91555 Feuchtwangen, Dresdener Stra\u00dfe 9<\/p>                    <\/div>\n            <\/a>\n<\/div>\n<div id=\"post-136661\" class=\"loop-block-item wp-block-group m-card is-layout-flow wp-block-group-is-layout-flow optional\">\n    <a href=\"https:\/\/www.leeb-balkone.com\/de\/vertriebspartner\/florian-keller\/\" class=\"no-default-link\" title=\"Florian Keller\">\n        <figure data-imgid=\"160060\" class=\"wp-block-image size-large\">\n            <img loading=\"lazy\" decoding=\"async\" width=\"300\" height=\"300\" src=\"https:\/\/www.leeb-balkone.com\/app\/uploads\/2024\/03\/Keller-Florian-300x300.png\" class=\"attachment-medium size-medium\" alt=\"Keller Florian\" title=\"Keller-Florian\" srcset=\"https:\/\/www.leeb-balkone.com\/app\/uploads\/2024\/03\/Keller-Florian-300x300.png 300w, https:\/\/www.leeb-balkone.com\/app\/uploads\/2024\/03\/Keller-Florian-1024x1024.png 1024w, https:\/\/www.leeb-balkone.com\/app\/uploads\/2024\/03\/Keller-Florian-150x150.png 150w, https:\/\/www.leeb-balkone.com\/app\/uploads\/2024\/03\/Keller-Florian-768x768.png 768w, https:\/\/www.leeb-balkone.com\/app\/uploads\/2024\/03\/Keller-Florian-1536x1536.png 1536w, https:\/\/www.leeb-balkone.com\/app\/uploads\/2024\/03\/Keller-Florian-2048x2048.png 2048w\" sizes=\"auto, (min-width: 1200px) 260px, (min-width: 1024px) 220px, (min-width: 640px) 465px, 768px\" \/>                    <\/figure>\n        <div class=\"wp-block-group m-card-content is-vertical is-layout-flex wp-block-group-is-layout-flex\">\n            <h3 class=\"wp-block-heading\">\n                Florian Keller            <\/h3>\n            <p class=\"loop-item__acf-template\">88069 Tettnang, Baldensweiler 9<\/p>                    <\/div>\n            <\/a>\n<\/div>\n<div id=\"post-161359\" class=\"loop-block-item wp-block-group m-card is-layout-flow wp-block-group-is-layout-flow optional\">\n    <a href=\"https:\/\/www.leeb-balkone.com\/de\/vertriebspartner\/florine-schmitt\/\" class=\"no-default-link\" title=\"Florine Schmitt\">\n        <figure data-imgid=\"156247\" class=\"wp-block-image size-large\">\n            <img loading=\"lazy\" decoding=\"async\" width=\"300\" height=\"300\" src=\"https:\/\/www.leeb-balkone.com\/app\/uploads\/2025\/07\/Schmitt-Florine-300x300.jpg\" class=\"attachment-medium size-medium\" alt=\"Schmitt Florine\" title=\"Schmitt-Florine\" srcset=\"https:\/\/www.leeb-balkone.com\/app\/uploads\/2025\/07\/Schmitt-Florine-300x300.jpg 300w, https:\/\/www.leeb-balkone.com\/app\/uploads\/2025\/07\/Schmitt-Florine-1024x1024.jpg 1024w, https:\/\/www.leeb-balkone.com\/app\/uploads\/2025\/07\/Schmitt-Florine-150x150.jpg 150w, https:\/\/www.leeb-balkone.com\/app\/uploads\/2025\/07\/Schmitt-Florine-768x768.jpg 768w, https:\/\/www.leeb-balkone.com\/app\/uploads\/2025\/07\/Schmitt-Florine-1536x1536.jpg 1536w, https:\/\/www.leeb-balkone.com\/app\/uploads\/2025\/07\/Schmitt-Florine-2048x2048.jpg 2048w\" sizes=\"auto, (min-width: 1200px) 260px, (min-width: 1024px) 220px, (min-width: 640px) 465px, 768px\" \/>                    <\/figure>\n        <div class=\"wp-block-group m-card-content is-vertical is-layout-flex wp-block-group-is-layout-flex\">\n            <h3 class=\"wp-block-heading\">\n                Florine Schmitt            <\/h3>\n            <p class=\"loop-item__acf-template\">33602 Bielefeld, Niederwall 14<\/p>                    <\/div>\n            <\/a>\n<\/div>\n<div id=\"post-164219\" class=\"loop-block-item wp-block-group m-card is-layout-flow wp-block-group-is-layout-flow optional\">\n    <a href=\"https:\/\/www.leeb-balkone.com\/de\/vertriebspartner\/franz-brunner\/\" class=\"no-default-link\" title=\"Franz Brunner\">\n        <figure data-imgid=\"164223\" class=\"wp-block-image size-large\">\n            <img loading=\"lazy\" decoding=\"async\" width=\"300\" height=\"300\" src=\"https:\/\/www.leeb-balkone.com\/app\/uploads\/2026\/02\/Franz-Brunner-04-300x300.jpg\" class=\"attachment-medium size-medium\" alt=\"Franz Brunner\" title=\"Franz-Brunner-04\" srcset=\"https:\/\/www.leeb-balkone.com\/app\/uploads\/2026\/02\/Franz-Brunner-04-300x300.jpg 300w, https:\/\/www.leeb-balkone.com\/app\/uploads\/2026\/02\/Franz-Brunner-04-1024x1024.jpg 1024w, https:\/\/www.leeb-balkone.com\/app\/uploads\/2026\/02\/Franz-Brunner-04-150x150.jpg 150w, https:\/\/www.leeb-balkone.com\/app\/uploads\/2026\/02\/Franz-Brunner-04-768x768.jpg 768w\" sizes=\"auto, (min-width: 1200px) 260px, (min-width: 1024px) 220px, (min-width: 640px) 465px, 768px\" \/>                    <\/figure>\n        <div class=\"wp-block-group m-card-content is-vertical is-layout-flex wp-block-group-is-layout-flex\">\n            <h3 class=\"wp-block-heading\">\n                Franz Brunner            <\/h3>\n            <p class=\"loop-item__acf-template\">94486 Osterhofen, Kurierstra\u00dfe 7<\/p>                    <\/div>\n            <\/a>\n<\/div>\n<div id=\"post-9292\" class=\"loop-block-item wp-block-group m-card is-layout-flow wp-block-group-is-layout-flow optional\">\n    <a href=\"https:\/\/www.leeb-balkone.com\/de\/vertriebspartner\/franz-burger\/\" class=\"no-default-link\" title=\"Franz Burger\">\n        <figure data-imgid=\"161391\" class=\"wp-block-image size-large\">\n            <img loading=\"lazy\" decoding=\"async\" width=\"300\" height=\"300\" src=\"https:\/\/www.leeb-balkone.com\/app\/uploads\/2020\/10\/Portrait-Burger-Franz-300x300.jpg\" class=\"attachment-medium size-medium\" alt=\"Portrait Burger Franz\" title=\"Portrait-Burger-Franz\" srcset=\"https:\/\/www.leeb-balkone.com\/app\/uploads\/2020\/10\/Portrait-Burger-Franz-300x300.jpg 300w, https:\/\/www.leeb-balkone.com\/app\/uploads\/2020\/10\/Portrait-Burger-Franz-1024x1024.jpg 1024w, https:\/\/www.leeb-balkone.com\/app\/uploads\/2020\/10\/Portrait-Burger-Franz-150x150.jpg 150w, https:\/\/www.leeb-balkone.com\/app\/uploads\/2020\/10\/Portrait-Burger-Franz-768x768.jpg 768w, https:\/\/www.leeb-balkone.com\/app\/uploads\/2020\/10\/Portrait-Burger-Franz.jpg 1400w\" sizes=\"auto, (min-width: 1200px) 260px, (min-width: 1024px) 220px, (min-width: 640px) 465px, 768px\" \/>                    <\/figure>\n        <div class=\"wp-block-group m-card-content is-vertical is-layout-flex wp-block-group-is-layout-flex\">\n            <h3 class=\"wp-block-heading\">\n                Franz Burger            <\/h3>\n            <p class=\"loop-item__acf-template\">92670 Windischeschenbach-Neuhaus, Am Gewerbepark 10<\/p>                    <\/div>\n            <\/a>\n<\/div>\n<div id=\"post-9268\" class=\"loop-block-item wp-block-group m-card is-layout-flow wp-block-group-is-layout-flow optional\">\n    <a href=\"https:\/\/www.leeb-balkone.com\/de\/vertriebspartner\/georg-hoerndl\/\" class=\"no-default-link\" title=\"Georg H\u00f6rndl\">\n        <figure data-imgid=\"161400\" class=\"wp-block-image size-large\">\n            <img loading=\"lazy\" decoding=\"async\" width=\"300\" height=\"300\" src=\"https:\/\/www.leeb-balkone.com\/app\/uploads\/2020\/10\/Portrait-Georg-Hoerndl-300x300.jpg\" class=\"attachment-medium size-medium\" alt=\"Portrait Georg Hoerndl\" title=\"Portrait Georg Hoerndl\" srcset=\"https:\/\/www.leeb-balkone.com\/app\/uploads\/2020\/10\/Portrait-Georg-Hoerndl-300x300.jpg 300w, https:\/\/www.leeb-balkone.com\/app\/uploads\/2020\/10\/Portrait-Georg-Hoerndl-1024x1024.jpg 1024w, https:\/\/www.leeb-balkone.com\/app\/uploads\/2020\/10\/Portrait-Georg-Hoerndl-150x150.jpg 150w, https:\/\/www.leeb-balkone.com\/app\/uploads\/2020\/10\/Portrait-Georg-Hoerndl-768x768.jpg 768w\" sizes=\"auto, (min-width: 1200px) 260px, (min-width: 1024px) 220px, (min-width: 640px) 465px, 768px\" \/>                    <\/figure>\n        <div class=\"wp-block-group m-card-content is-vertical is-layout-flex wp-block-group-is-layout-flex\">\n            <h3 class=\"wp-block-heading\">\n                Georg H\u00f6rndl            <\/h3>\n            <p class=\"loop-item__acf-template\">94508 Sch\u00f6llnach, Bahnhofstra\u00dfe 2<\/p>                    <\/div>\n            <\/a>\n<\/div>\n<div id=\"post-136162\" class=\"loop-block-item wp-block-group m-card is-layout-flow wp-block-group-is-layout-flow optional\">\n    <a href=\"https:\/\/www.leeb-balkone.com\/de\/vertriebspartner\/georg-schweda\/\" class=\"no-default-link\" title=\"Georg Schweda\">\n        <figure data-imgid=\"160066\" class=\"wp-block-image size-large\">\n            <img loading=\"lazy\" decoding=\"async\" width=\"300\" height=\"300\" src=\"https:\/\/www.leeb-balkone.com\/app\/uploads\/2024\/02\/Georg-Schweda-300x300.jpg\" class=\"attachment-medium size-medium\" alt=\"Georg Schweda\" title=\"Georg-Schweda\" srcset=\"https:\/\/www.leeb-balkone.com\/app\/uploads\/2024\/02\/Georg-Schweda-300x300.jpg 300w, https:\/\/www.leeb-balkone.com\/app\/uploads\/2024\/02\/Georg-Schweda-1024x1024.jpg 1024w, https:\/\/www.leeb-balkone.com\/app\/uploads\/2024\/02\/Georg-Schweda-150x150.jpg 150w, https:\/\/www.leeb-balkone.com\/app\/uploads\/2024\/02\/Georg-Schweda-768x768.jpg 768w\" sizes=\"auto, (min-width: 1200px) 260px, (min-width: 1024px) 220px, (min-width: 640px) 465px, 768px\" \/>                    <\/figure>\n        <div class=\"wp-block-group m-card-content is-vertical is-layout-flex wp-block-group-is-layout-flex\">\n            <h3 class=\"wp-block-heading\">\n                Georg Schweda            <\/h3>\n            <p class=\"loop-item__acf-template\">61267 Neu-Anspach, Zeppelinstra\u00dfe 2<\/p>                    <\/div>\n            <\/a>\n<\/div>\n<div id=\"post-9291\" class=\"loop-block-item wp-block-group m-card is-layout-flow wp-block-group-is-layout-flow optional\">\n    <a href=\"https:\/\/www.leeb-balkone.com\/de\/vertriebspartner\/gerd-kostorz\/\" class=\"no-default-link\" title=\"Gerd Kostorz\">\n        <figure data-imgid=\"161304\" class=\"wp-block-image size-large\">\n            <img loading=\"lazy\" decoding=\"async\" width=\"300\" height=\"300\" src=\"https:\/\/www.leeb-balkone.com\/app\/uploads\/2020\/10\/Portrait-Gerd-Kostorz-300x300.jpg\" class=\"attachment-medium size-medium\" alt=\"Portrait Gerd Kostorz\" title=\"Portrait-Gerd-Kostorz\" srcset=\"https:\/\/www.leeb-balkone.com\/app\/uploads\/2020\/10\/Portrait-Gerd-Kostorz-300x300.jpg 300w, https:\/\/www.leeb-balkone.com\/app\/uploads\/2020\/10\/Portrait-Gerd-Kostorz-1024x1024.jpg 1024w, https:\/\/www.leeb-balkone.com\/app\/uploads\/2020\/10\/Portrait-Gerd-Kostorz-150x150.jpg 150w, https:\/\/www.leeb-balkone.com\/app\/uploads\/2020\/10\/Portrait-Gerd-Kostorz-768x768.jpg 768w\" sizes=\"auto, (min-width: 1200px) 260px, (min-width: 1024px) 220px, (min-width: 640px) 465px, 768px\" \/>                    <\/figure>\n        <div class=\"wp-block-group m-card-content is-vertical is-layout-flex wp-block-group-is-layout-flex\">\n            <h3 class=\"wp-block-heading\">\n                Gerd Kostorz            <\/h3>\n            <p class=\"loop-item__acf-template\">06188 Landsberg OT Braschwitz, Z\u00f6britzer Weg 20<\/p>                    <\/div>\n            <\/a>\n<\/div>\n<div id=\"post-9238\" class=\"loop-block-item wp-block-group m-card is-layout-flow wp-block-group-is-layout-flow optional\">\n    <a href=\"https:\/\/www.leeb-balkone.com\/de\/vertriebspartner\/giulia-hurtenbach\/\" class=\"no-default-link\" title=\"Giulia Hurtenbach\">\n        <figure data-imgid=\"0\" class=\"wp-block-image size-large\">\n                                <\/figure>\n        <div class=\"wp-block-group m-card-content is-vertical is-layout-flex wp-block-group-is-layout-flex\">\n            <h3 class=\"wp-block-heading\">\n                Giulia Hurtenbach            <\/h3>\n            <p class=\"loop-item__acf-template\">53567 Asbach, Sch\u00f6nebergerstra\u00dfe  1<\/p>                    <\/div>\n            <\/a>\n<\/div>\n<div id=\"post-9297\" class=\"loop-block-item wp-block-group m-card is-layout-flow wp-block-group-is-layout-flow optional\">\n    <a href=\"https:\/\/www.leeb-balkone.com\/de\/vertriebspartner\/guntram-heblik\/\" class=\"no-default-link\" title=\"Guntram Heblik\">\n        <figure data-imgid=\"153161\" class=\"wp-block-image size-large\">\n            <img loading=\"lazy\" decoding=\"async\" width=\"300\" height=\"300\" src=\"https:\/\/www.leeb-balkone.com\/app\/uploads\/2025\/08\/Heblik-Guntram-neu-300x300.jpg\" class=\"attachment-medium size-medium\" alt=\"Heblik Guntram neu\" title=\"Heblik-Guntram-neu\" srcset=\"https:\/\/www.leeb-balkone.com\/app\/uploads\/2025\/08\/Heblik-Guntram-neu-300x300.jpg 300w, https:\/\/www.leeb-balkone.com\/app\/uploads\/2025\/08\/Heblik-Guntram-neu-150x150.jpg 150w, https:\/\/www.leeb-balkone.com\/app\/uploads\/2025\/08\/Heblik-Guntram-neu-768x768.jpg 768w, https:\/\/www.leeb-balkone.com\/app\/uploads\/2025\/08\/Heblik-Guntram-neu.jpg 900w\" sizes=\"auto, (min-width: 1200px) 260px, (min-width: 1024px) 220px, (min-width: 640px) 465px, 768px\" \/>                    <\/figure>\n        <div class=\"wp-block-group m-card-content is-vertical is-layout-flex wp-block-group-is-layout-flex\">\n            <h3 class=\"wp-block-heading\">\n                Guntram Heblik            <\/h3>\n            <p class=\"loop-item__acf-template\">35625 H\u00fcttenberg-Rechtenbach, Gie\u00dfener Stra\u00dfe  1-3<\/p>                    <\/div>\n            <\/a>\n<\/div>\n<div id=\"post-9293\" class=\"loop-block-item wp-block-group m-card is-layout-flow wp-block-group-is-layout-flow optional\">\n    <a href=\"https:\/\/www.leeb-balkone.com\/de\/vertriebspartner\/heidi-schwaighofer\/\" class=\"no-default-link\" title=\"Heidi Schwaighofer\">\n        <figure data-imgid=\"156262\" class=\"wp-block-image size-large\">\n            <img loading=\"lazy\" decoding=\"async\" width=\"300\" height=\"300\" src=\"https:\/\/www.leeb-balkone.com\/app\/uploads\/2025\/07\/Schwaighofer-Heidi-300x300.jpg\" class=\"attachment-medium size-medium\" alt=\"Schwaighofer Heidi\" title=\"Schwaighofer-Heidi\" srcset=\"https:\/\/www.leeb-balkone.com\/app\/uploads\/2025\/07\/Schwaighofer-Heidi-300x300.jpg 300w, https:\/\/www.leeb-balkone.com\/app\/uploads\/2025\/07\/Schwaighofer-Heidi-1024x1024.jpg 1024w, https:\/\/www.leeb-balkone.com\/app\/uploads\/2025\/07\/Schwaighofer-Heidi-150x150.jpg 150w, https:\/\/www.leeb-balkone.com\/app\/uploads\/2025\/07\/Schwaighofer-Heidi-768x768.jpg 768w, https:\/\/www.leeb-balkone.com\/app\/uploads\/2025\/07\/Schwaighofer-Heidi-1536x1536.jpg 1536w, https:\/\/www.leeb-balkone.com\/app\/uploads\/2025\/07\/Schwaighofer-Heidi-2048x2048.jpg 2048w\" sizes=\"auto, (min-width: 1200px) 260px, (min-width: 1024px) 220px, (min-width: 640px) 465px, 768px\" \/>                    <\/figure>\n        <div class=\"wp-block-group m-card-content is-vertical is-layout-flex wp-block-group-is-layout-flex\">\n            <h3 class=\"wp-block-heading\">\n                Heidi Schwaighofer            <\/h3>\n            <p class=\"loop-item__acf-template\">55758 Hottenbach, Hauptstra\u00dfe 20 a<\/p>                    <\/div>\n            <\/a>\n<\/div>\n<div id=\"post-9249\" class=\"loop-block-item wp-block-group m-card is-layout-flow wp-block-group-is-layout-flow optional\">\n    <a href=\"https:\/\/www.leeb-balkone.com\/de\/vertriebspartner\/helmut-tengler\/\" class=\"no-default-link\" title=\"Helmut Tengler\">\n        <figure data-imgid=\"156282\" class=\"wp-block-image size-large\">\n            <img loading=\"lazy\" decoding=\"async\" width=\"300\" height=\"300\" src=\"https:\/\/www.leeb-balkone.com\/app\/uploads\/2025\/07\/Tengler-Helmut-300x300.jpg\" class=\"attachment-medium size-medium\" alt=\"Tengler Helmut\" title=\"Tengler-Helmut\" srcset=\"https:\/\/www.leeb-balkone.com\/app\/uploads\/2025\/07\/Tengler-Helmut-300x300.jpg 300w, https:\/\/www.leeb-balkone.com\/app\/uploads\/2025\/07\/Tengler-Helmut-1024x1024.jpg 1024w, https:\/\/www.leeb-balkone.com\/app\/uploads\/2025\/07\/Tengler-Helmut-150x150.jpg 150w, https:\/\/www.leeb-balkone.com\/app\/uploads\/2025\/07\/Tengler-Helmut-768x768.jpg 768w, https:\/\/www.leeb-balkone.com\/app\/uploads\/2025\/07\/Tengler-Helmut-1536x1536.jpg 1536w, https:\/\/www.leeb-balkone.com\/app\/uploads\/2025\/07\/Tengler-Helmut-2048x2048.jpg 2048w\" sizes=\"auto, (min-width: 1200px) 260px, (min-width: 1024px) 220px, (min-width: 640px) 465px, 768px\" \/>                    <\/figure>\n        <div class=\"wp-block-group m-card-content is-vertical is-layout-flex wp-block-group-is-layout-flex\">\n            <h3 class=\"wp-block-heading\">\n                Helmut Tengler            <\/h3>\n            <p class=\"loop-item__acf-template\">83368 St. Georgen, Raiffeisenstr. 6 c<\/p>                    <\/div>\n            <\/a>\n<\/div>\n<div id=\"post-9254\" class=\"loop-block-item wp-block-group m-card is-layout-flow wp-block-group-is-layout-flow optional\">\n    <a href=\"https:\/\/www.leeb-balkone.com\/de\/vertriebspartner\/horst-dreier\/\" class=\"no-default-link\" title=\"Horst Dreier\">\n        <figure data-imgid=\"159623\" class=\"wp-block-image size-large\">\n            <img loading=\"lazy\" decoding=\"async\" width=\"300\" height=\"200\" src=\"https:\/\/www.leeb-balkone.com\/app\/uploads\/2020\/10\/Schauraum-Leeb-Mainburg-Horst-Dreier-3-300x200.jpg\" class=\"attachment-medium size-medium\" alt=\"Schauraum Leeb Mainburg Horst Dreier\" title=\"Schauraum-Leeb-Mainburg-Horst-Dreier-3\" srcset=\"https:\/\/www.leeb-balkone.com\/app\/uploads\/2020\/10\/Schauraum-Leeb-Mainburg-Horst-Dreier-3-300x200.jpg 300w, https:\/\/www.leeb-balkone.com\/app\/uploads\/2020\/10\/Schauraum-Leeb-Mainburg-Horst-Dreier-3-1024x683.jpg 1024w, https:\/\/www.leeb-balkone.com\/app\/uploads\/2020\/10\/Schauraum-Leeb-Mainburg-Horst-Dreier-3-768x512.jpg 768w, https:\/\/www.leeb-balkone.com\/app\/uploads\/2020\/10\/Schauraum-Leeb-Mainburg-Horst-Dreier-3-1536x1024.jpg 1536w, https:\/\/www.leeb-balkone.com\/app\/uploads\/2020\/10\/Schauraum-Leeb-Mainburg-Horst-Dreier-3-2048x1366.jpg 2048w\" sizes=\"auto, (min-width: 1200px) 260px, (min-width: 1024px) 220px, (min-width: 640px) 465px, 768px\" \/>                    <\/figure>\n        <div class=\"wp-block-group m-card-content is-vertical is-layout-flex wp-block-group-is-layout-flex\">\n            <h3 class=\"wp-block-heading\">\n                Horst Dreier            <\/h3>\n            <p class=\"loop-item__acf-template\">84048 Mainburg, Freisinger Stra\u00dfe 4<\/p>                    <\/div>\n            <\/a>\n<\/div>\n<div id=\"post-9302\" class=\"loop-block-item wp-block-group m-card is-layout-flow wp-block-group-is-layout-flow optional\">\n    <a href=\"https:\/\/www.leeb-balkone.com\/de\/vertriebspartner\/zentrale\/\" class=\"no-default-link\" title=\"Ihr pers\u00f6nlicher Ansprechpartner\">\n        <figure data-imgid=\"44735\" class=\"wp-block-image size-large\">\n            <img loading=\"lazy\" decoding=\"async\" width=\"300\" height=\"177\" src=\"https:\/\/www.leeb-balkone.com\/app\/uploads\/2020\/12\/firma-leeb-balkone-zentrale-gnesau-scaled-e1624345570124-300x177.jpg\" class=\"attachment-medium size-medium\" alt=\"Firmenzentrale Leeb Balkone GmbH in Gnesau\" title=\"firma-leeb-balkone-zentrale-gnesau\" srcset=\"https:\/\/www.leeb-balkone.com\/app\/uploads\/2020\/12\/firma-leeb-balkone-zentrale-gnesau-scaled-e1624345570124-300x177.jpg 300w, https:\/\/www.leeb-balkone.com\/app\/uploads\/2020\/12\/firma-leeb-balkone-zentrale-gnesau-scaled-e1624345570124-1024x604.jpg 1024w, https:\/\/www.leeb-balkone.com\/app\/uploads\/2020\/12\/firma-leeb-balkone-zentrale-gnesau-scaled-e1624345570124-768x453.jpg 768w, https:\/\/www.leeb-balkone.com\/app\/uploads\/2020\/12\/firma-leeb-balkone-zentrale-gnesau-scaled-e1624345570124-1536x906.jpg 1536w, https:\/\/www.leeb-balkone.com\/app\/uploads\/2020\/12\/firma-leeb-balkone-zentrale-gnesau-scaled-e1624345570124-2048x1208.jpg 2048w\" sizes=\"auto, (min-width: 1200px) 260px, (min-width: 1024px) 220px, (min-width: 640px) 465px, 768px\" \/>                    <\/figure>\n        <div class=\"wp-block-group m-card-content is-vertical is-layout-flex wp-block-group-is-layout-flex\">\n            <h3 class=\"wp-block-heading\">\n                Ihr pers\u00f6nlicher Ansprechpartner            <\/h3>\n                                <\/div>\n            <\/a>\n<\/div>\n<div id=\"post-94025\" class=\"loop-block-item wp-block-group m-card is-layout-flow wp-block-group-is-layout-flow optional\">\n    <a href=\"https:\/\/www.leeb-balkone.com\/de\/vertriebspartner\/jan-wilhelmi\/\" class=\"no-default-link\" title=\"Jan Wilhelmi\">\n        <figure data-imgid=\"156292\" class=\"wp-block-image size-large\">\n            <img loading=\"lazy\" decoding=\"async\" width=\"300\" height=\"300\" src=\"https:\/\/www.leeb-balkone.com\/app\/uploads\/2025\/07\/Wilhelmi-Jan-300x300.jpg\" class=\"attachment-medium size-medium\" alt=\"Wilhelmi Jan\" title=\"Wilhelmi-Jan\" srcset=\"https:\/\/www.leeb-balkone.com\/app\/uploads\/2025\/07\/Wilhelmi-Jan-300x300.jpg 300w, https:\/\/www.leeb-balkone.com\/app\/uploads\/2025\/07\/Wilhelmi-Jan-1024x1024.jpg 1024w, https:\/\/www.leeb-balkone.com\/app\/uploads\/2025\/07\/Wilhelmi-Jan-150x150.jpg 150w, https:\/\/www.leeb-balkone.com\/app\/uploads\/2025\/07\/Wilhelmi-Jan-768x768.jpg 768w, https:\/\/www.leeb-balkone.com\/app\/uploads\/2025\/07\/Wilhelmi-Jan-1536x1536.jpg 1536w, https:\/\/www.leeb-balkone.com\/app\/uploads\/2025\/07\/Wilhelmi-Jan-2048x2048.jpg 2048w\" sizes=\"auto, (min-width: 1200px) 260px, (min-width: 1024px) 220px, (min-width: 640px) 465px, 768px\" \/>                    <\/figure>\n        <div class=\"wp-block-group m-card-content is-vertical is-layout-flex wp-block-group-is-layout-flex\">\n            <h3 class=\"wp-block-heading\">\n                Jan Wilhelmi            <\/h3>\n            <p class=\"loop-item__acf-template\">70378 Stuttgart, Graugansstra\u00dfe 36<\/p>                    <\/div>\n            <\/a>\n<\/div>\n<div id=\"post-55369\" class=\"loop-block-item wp-block-group m-card is-layout-flow wp-block-group-is-layout-flow optional\">\n    <a href=\"https:\/\/www.leeb-balkone.com\/de\/vertriebspartner\/johannes-stromberger\/\" class=\"no-default-link\" title=\"Johannes Stromberger\">\n        <figure data-imgid=\"160202\" class=\"wp-block-image size-large\">\n            <img loading=\"lazy\" decoding=\"async\" width=\"300\" height=\"300\" src=\"https:\/\/www.leeb-balkone.com\/app\/uploads\/2021\/09\/Johannes-Stromberger-300x300.jpg\" class=\"attachment-medium size-medium\" alt=\"Johannes Stromberger\" title=\"Johannes-Stromberger\" srcset=\"https:\/\/www.leeb-balkone.com\/app\/uploads\/2021\/09\/Johannes-Stromberger-300x300.jpg 300w, https:\/\/www.leeb-balkone.com\/app\/uploads\/2021\/09\/Johannes-Stromberger-1024x1024.jpg 1024w, https:\/\/www.leeb-balkone.com\/app\/uploads\/2021\/09\/Johannes-Stromberger-150x150.jpg 150w, https:\/\/www.leeb-balkone.com\/app\/uploads\/2021\/09\/Johannes-Stromberger-768x768.jpg 768w, https:\/\/www.leeb-balkone.com\/app\/uploads\/2021\/09\/Johannes-Stromberger.jpg 1500w\" sizes=\"auto, (min-width: 1200px) 260px, (min-width: 1024px) 220px, (min-width: 640px) 465px, 768px\" \/>                    <\/figure>\n        <div class=\"wp-block-group m-card-content is-vertical is-layout-flex wp-block-group-is-layout-flex\">\n            <h3 class=\"wp-block-heading\">\n                Johannes Stromberger            <\/h3>\n            <p class=\"loop-item__acf-template\">85662 Hohenbrunn, Dorfstra\u00dfe 10<\/p>                    <\/div>\n            <\/a>\n<\/div>\n<div id=\"post-121664\" class=\"loop-block-item wp-block-group m-card is-layout-flow wp-block-group-is-layout-flow optional\">\n    <a href=\"https:\/\/www.leeb-balkone.com\/de\/vertriebspartner\/joerg-hildebrand\/\" class=\"no-default-link\" title=\"J\u00f6rg Hildebrand\">\n        <figure data-imgid=\"156172\" class=\"wp-block-image size-large\">\n            <img loading=\"lazy\" decoding=\"async\" width=\"300\" height=\"300\" src=\"https:\/\/www.leeb-balkone.com\/app\/uploads\/2025\/07\/Hildebrand-Joerg-300x300.jpg\" class=\"attachment-medium size-medium\" alt=\"Hildebrand Joerg\" title=\"Hildebrand-Jo\u0308rg\" srcset=\"https:\/\/www.leeb-balkone.com\/app\/uploads\/2025\/07\/Hildebrand-Joerg-300x300.jpg 300w, https:\/\/www.leeb-balkone.com\/app\/uploads\/2025\/07\/Hildebrand-Joerg-1024x1024.jpg 1024w, https:\/\/www.leeb-balkone.com\/app\/uploads\/2025\/07\/Hildebrand-Joerg-150x150.jpg 150w, https:\/\/www.leeb-balkone.com\/app\/uploads\/2025\/07\/Hildebrand-Joerg-768x768.jpg 768w, https:\/\/www.leeb-balkone.com\/app\/uploads\/2025\/07\/Hildebrand-Joerg-1536x1536.jpg 1536w, https:\/\/www.leeb-balkone.com\/app\/uploads\/2025\/07\/Hildebrand-Joerg-2048x2048.jpg 2048w\" sizes=\"auto, (min-width: 1200px) 260px, (min-width: 1024px) 220px, (min-width: 640px) 465px, 768px\" \/>                    <\/figure>\n        <div class=\"wp-block-group m-card-content is-vertical is-layout-flex wp-block-group-is-layout-flex\">\n            <h3 class=\"wp-block-heading\">\n                J\u00f6rg Hildebrand            <\/h3>\n            <p class=\"loop-item__acf-template\">48165 M\u00fcnster, Paul-Klee-Weg 43a<\/p>                    <\/div>\n            <\/a>\n<\/div>\n<div id=\"post-9230\" class=\"loop-block-item wp-block-group m-card is-layout-flow wp-block-group-is-layout-flow optional\">\n    <a href=\"https:\/\/www.leeb-balkone.com\/de\/vertriebspartner\/juergen-loch\/\" class=\"no-default-link\" title=\"J\u00fcrgen Loch\">\n        <figure data-imgid=\"156212\" class=\"wp-block-image size-large\">\n            <img loading=\"lazy\" decoding=\"async\" width=\"300\" height=\"300\" src=\"https:\/\/www.leeb-balkone.com\/app\/uploads\/2025\/07\/Loch-Juergen-300x300.jpg\" class=\"attachment-medium size-medium\" alt=\"Loch Juergen\" title=\"Loch-Juergen\" srcset=\"https:\/\/www.leeb-balkone.com\/app\/uploads\/2025\/07\/Loch-Juergen-300x300.jpg 300w, https:\/\/www.leeb-balkone.com\/app\/uploads\/2025\/07\/Loch-Juergen-1024x1024.jpg 1024w, https:\/\/www.leeb-balkone.com\/app\/uploads\/2025\/07\/Loch-Juergen-150x150.jpg 150w, https:\/\/www.leeb-balkone.com\/app\/uploads\/2025\/07\/Loch-Juergen-768x768.jpg 768w, https:\/\/www.leeb-balkone.com\/app\/uploads\/2025\/07\/Loch-Juergen-1536x1536.jpg 1536w, https:\/\/www.leeb-balkone.com\/app\/uploads\/2025\/07\/Loch-Juergen-2048x2048.jpg 2048w\" sizes=\"auto, (min-width: 1200px) 260px, (min-width: 1024px) 220px, (min-width: 640px) 465px, 768px\" \/>                    <\/figure>\n        <div class=\"wp-block-group m-card-content is-vertical is-layout-flex wp-block-group-is-layout-flex\">\n            <h3 class=\"wp-block-heading\">\n                J\u00fcrgen Loch            <\/h3>\n            <p class=\"loop-item__acf-template\">85301 Schweitenkirchen, Lenbachstrasse 4<\/p>                    <\/div>\n            <\/a>\n<\/div>\n<div id=\"post-130890\" class=\"loop-block-item wp-block-group m-card is-layout-flow wp-block-group-is-layout-flow optional\">\n    <a href=\"https:\/\/www.leeb-balkone.com\/de\/vertriebspartner\/kamil-bohn\/\" class=\"no-default-link\" title=\"Kamil Bohn\">\n        <figure data-imgid=\"148987\" class=\"wp-block-image size-large\">\n            <img loading=\"lazy\" decoding=\"async\" width=\"300\" height=\"200\" src=\"https:\/\/www.leeb-balkone.com\/app\/uploads\/2025\/07\/BusinessPortrait-300x200.jpg\" class=\"attachment-medium size-medium\" alt=\"BusinessPortrait\" title=\"BusinessPortrait\" srcset=\"https:\/\/www.leeb-balkone.com\/app\/uploads\/2025\/07\/BusinessPortrait-300x200.jpg 300w, https:\/\/www.leeb-balkone.com\/app\/uploads\/2025\/07\/BusinessPortrait-1024x683.jpg 1024w, https:\/\/www.leeb-balkone.com\/app\/uploads\/2025\/07\/BusinessPortrait-768x512.jpg 768w, https:\/\/www.leeb-balkone.com\/app\/uploads\/2025\/07\/BusinessPortrait-1536x1024.jpg 1536w, https:\/\/www.leeb-balkone.com\/app\/uploads\/2025\/07\/BusinessPortrait-2048x1365.jpg 2048w\" sizes=\"auto, (min-width: 1200px) 260px, (min-width: 1024px) 220px, (min-width: 640px) 465px, 768px\" \/>                    <\/figure>\n        <div class=\"wp-block-group m-card-content is-vertical is-layout-flex wp-block-group-is-layout-flex\">\n            <h3 class=\"wp-block-heading\">\n                Kamil Bohn            <\/h3>\n            <p class=\"loop-item__acf-template\">86845 Gro\u00dfaitingen, Reinhartshofer Stra\u00dfe 32a<\/p>                    <\/div>\n            <\/a>\n<\/div>\n<div id=\"post-9223\" class=\"loop-block-item wp-block-group m-card is-layout-flow wp-block-group-is-layout-flow optional\">\n    <a href=\"https:\/\/www.leeb-balkone.com\/de\/vertriebspartner\/karlheinz-endres\/\" class=\"no-default-link\" title=\"Karlheinz Endres\">\n        <figure data-imgid=\"148982\" class=\"wp-block-image size-large\">\n            <img loading=\"lazy\" decoding=\"async\" width=\"300\" height=\"300\" src=\"https:\/\/www.leeb-balkone.com\/app\/uploads\/2025\/07\/Endres-Karlheinz-300x300.jpg\" class=\"attachment-medium size-medium\" alt=\"Endres Karlheinz\" title=\"Endres-Karlheinz\" srcset=\"https:\/\/www.leeb-balkone.com\/app\/uploads\/2025\/07\/Endres-Karlheinz-300x300.jpg 300w, https:\/\/www.leeb-balkone.com\/app\/uploads\/2025\/07\/Endres-Karlheinz-1024x1024.jpg 1024w, https:\/\/www.leeb-balkone.com\/app\/uploads\/2025\/07\/Endres-Karlheinz-150x150.jpg 150w, https:\/\/www.leeb-balkone.com\/app\/uploads\/2025\/07\/Endres-Karlheinz-768x768.jpg 768w, https:\/\/www.leeb-balkone.com\/app\/uploads\/2025\/07\/Endres-Karlheinz-1536x1536.jpg 1536w, https:\/\/www.leeb-balkone.com\/app\/uploads\/2025\/07\/Endres-Karlheinz-2048x2048.jpg 2048w\" sizes=\"auto, (min-width: 1200px) 260px, (min-width: 1024px) 220px, (min-width: 640px) 465px, 768px\" \/>                    <\/figure>\n        <div class=\"wp-block-group m-card-content is-vertical is-layout-flex wp-block-group-is-layout-flex\">\n            <h3 class=\"wp-block-heading\">\n                Karlheinz Endres            <\/h3>\n            <p class=\"loop-item__acf-template\">86845 Gro\u00dfaitingen, Reinhartshofer Stra\u00dfe 32a<\/p>                    <\/div>\n            <\/a>\n<\/div>\n<div id=\"post-121663\" class=\"loop-block-item wp-block-group m-card is-layout-flow wp-block-group-is-layout-flow optional\">\n    <a href=\"https:\/\/www.leeb-balkone.com\/de\/vertriebspartner\/kassandra-kunkel\/\" class=\"no-default-link\" title=\"Kassandra Kunkel\">\n        <figure data-imgid=\"149471\" class=\"wp-block-image size-large\">\n            <img loading=\"lazy\" decoding=\"async\" width=\"300\" height=\"300\" src=\"https:\/\/www.leeb-balkone.com\/app\/uploads\/2025\/07\/Kunkel-Kassandra-300x300.jpg\" class=\"attachment-medium size-medium\" alt=\"Kunkel Kassandra\" title=\"Kunkel-Kassandra\" srcset=\"https:\/\/www.leeb-balkone.com\/app\/uploads\/2025\/07\/Kunkel-Kassandra-300x300.jpg 300w, https:\/\/www.leeb-balkone.com\/app\/uploads\/2025\/07\/Kunkel-Kassandra-1024x1024.jpg 1024w, https:\/\/www.leeb-balkone.com\/app\/uploads\/2025\/07\/Kunkel-Kassandra-150x150.jpg 150w, https:\/\/www.leeb-balkone.com\/app\/uploads\/2025\/07\/Kunkel-Kassandra-768x768.jpg 768w, https:\/\/www.leeb-balkone.com\/app\/uploads\/2025\/07\/Kunkel-Kassandra-1536x1536.jpg 1536w, https:\/\/www.leeb-balkone.com\/app\/uploads\/2025\/07\/Kunkel-Kassandra-2048x2048.jpg 2048w\" sizes=\"auto, (min-width: 1200px) 260px, (min-width: 1024px) 220px, (min-width: 640px) 465px, 768px\" \/>                    <\/figure>\n        <div class=\"wp-block-group m-card-content is-vertical is-layout-flex wp-block-group-is-layout-flex\">\n            <h3 class=\"wp-block-heading\">\n                Kassandra Kunkel            <\/h3>\n            <p class=\"loop-item__acf-template\">69234 Dielheim, Industriestra\u00dfe 2<\/p>                    <\/div>\n            <\/a>\n<\/div>\n<div id=\"post-9288\" class=\"loop-block-item wp-block-group m-card is-layout-flow wp-block-group-is-layout-flow optional\">\n    <a href=\"https:\/\/www.leeb-balkone.com\/de\/vertriebspartner\/kienzler-team\/\" class=\"no-default-link\" title=\"Kienzler Team\">\n        <figure data-imgid=\"158148\" class=\"wp-block-image size-large\">\n            <img loading=\"lazy\" decoding=\"async\" width=\"300\" height=\"200\" src=\"https:\/\/www.leeb-balkone.com\/app\/uploads\/2025\/10\/Schauraum-Leeb-Voehrenbach-Kienzler-Manfred-21-300x200.jpg\" class=\"attachment-medium size-medium\" alt=\"Schauraum Leeb Voehrenbach Kienzler Manfred\" title=\"Schauraum Leeb Vo\u0308hrenbach Kienzler Manfred-21\" srcset=\"https:\/\/www.leeb-balkone.com\/app\/uploads\/2025\/10\/Schauraum-Leeb-Voehrenbach-Kienzler-Manfred-21-300x200.jpg 300w, https:\/\/www.leeb-balkone.com\/app\/uploads\/2025\/10\/Schauraum-Leeb-Voehrenbach-Kienzler-Manfred-21-1024x683.jpg 1024w, https:\/\/www.leeb-balkone.com\/app\/uploads\/2025\/10\/Schauraum-Leeb-Voehrenbach-Kienzler-Manfred-21-768x512.jpg 768w, https:\/\/www.leeb-balkone.com\/app\/uploads\/2025\/10\/Schauraum-Leeb-Voehrenbach-Kienzler-Manfred-21-1536x1024.jpg 1536w, https:\/\/www.leeb-balkone.com\/app\/uploads\/2025\/10\/Schauraum-Leeb-Voehrenbach-Kienzler-Manfred-21-2048x1365.jpg 2048w\" sizes=\"auto, (min-width: 1200px) 260px, (min-width: 1024px) 220px, (min-width: 640px) 465px, 768px\" \/>                    <\/figure>\n        <div class=\"wp-block-group m-card-content is-vertical is-layout-flex wp-block-group-is-layout-flex\">\n            <h3 class=\"wp-block-heading\">\n                Kienzler Team            <\/h3>\n            <p class=\"loop-item__acf-template\">78147 V\u00f6hrenbach, Sch\u00fctzenstra\u00dfe 28<\/p>                    <\/div>\n            <\/a>\n<\/div>\n<div id=\"post-140926\" class=\"loop-block-item wp-block-group m-card is-layout-flow wp-block-group-is-layout-flow optional\">\n    <a href=\"https:\/\/www.leeb-balkone.com\/de\/vertriebspartner\/liam-tosar\/\" class=\"no-default-link\" title=\"Liam Tosar\">\n        <figure data-imgid=\"159937\" class=\"wp-block-image size-large\">\n            <img loading=\"lazy\" decoding=\"async\" width=\"300\" height=\"300\" src=\"https:\/\/www.leeb-balkone.com\/app\/uploads\/2024\/09\/Liam-Tosar-Portrait-300x300.jpg\" class=\"attachment-medium size-medium\" alt=\"Liam Tosar Portrait\" title=\"Liam-Tosar-Portrait\" srcset=\"https:\/\/www.leeb-balkone.com\/app\/uploads\/2024\/09\/Liam-Tosar-Portrait-300x300.jpg 300w, https:\/\/www.leeb-balkone.com\/app\/uploads\/2024\/09\/Liam-Tosar-Portrait-1024x1024.jpg 1024w, https:\/\/www.leeb-balkone.com\/app\/uploads\/2024\/09\/Liam-Tosar-Portrait-150x150.jpg 150w, https:\/\/www.leeb-balkone.com\/app\/uploads\/2024\/09\/Liam-Tosar-Portrait-768x768.jpg 768w\" sizes=\"auto, (min-width: 1200px) 260px, (min-width: 1024px) 220px, (min-width: 640px) 465px, 768px\" \/>                    <\/figure>\n        <div class=\"wp-block-group m-card-content is-vertical is-layout-flex wp-block-group-is-layout-flex\">\n            <h3 class=\"wp-block-heading\">\n                Liam Tosar            <\/h3>\n            <p class=\"loop-item__acf-template\">31582 Nienburg, S\u00fcdring 12<\/p>                    <\/div>\n            <\/a>\n<\/div>\n<div id=\"post-9289\" class=\"loop-block-item wp-block-group m-card is-layout-flow wp-block-group-is-layout-flow optional\">\n    <a href=\"https:\/\/www.leeb-balkone.com\/de\/vertriebspartner\/lothar-hetterich\/\" class=\"no-default-link\" title=\"Lothar Hetterich\">\n        <figure data-imgid=\"156167\" class=\"wp-block-image size-large\">\n            <img loading=\"lazy\" decoding=\"async\" width=\"300\" height=\"300\" src=\"https:\/\/www.leeb-balkone.com\/app\/uploads\/2025\/07\/Hetterich-Lothar-300x300.jpg\" class=\"attachment-medium size-medium\" alt=\"Hetterich Lothar\" title=\"Hetterich-Lothar\" srcset=\"https:\/\/www.leeb-balkone.com\/app\/uploads\/2025\/07\/Hetterich-Lothar-300x300.jpg 300w, https:\/\/www.leeb-balkone.com\/app\/uploads\/2025\/07\/Hetterich-Lothar-1024x1024.jpg 1024w, https:\/\/www.leeb-balkone.com\/app\/uploads\/2025\/07\/Hetterich-Lothar-150x150.jpg 150w, https:\/\/www.leeb-balkone.com\/app\/uploads\/2025\/07\/Hetterich-Lothar-768x768.jpg 768w, https:\/\/www.leeb-balkone.com\/app\/uploads\/2025\/07\/Hetterich-Lothar-1536x1536.jpg 1536w, https:\/\/www.leeb-balkone.com\/app\/uploads\/2025\/07\/Hetterich-Lothar.jpg 1800w\" sizes=\"auto, (min-width: 1200px) 260px, (min-width: 1024px) 220px, (min-width: 640px) 465px, 768px\" \/>                    <\/figure>\n        <div class=\"wp-block-group m-card-content is-vertical is-layout-flex wp-block-group-is-layout-flex\">\n            <h3 class=\"wp-block-heading\">\n                Lothar Hetterich            <\/h3>\n            <p class=\"loop-item__acf-template\">65510 Heftrich Idstein, Wiesenweg 14<\/p>                    <\/div>\n            <\/a>\n<\/div>\n<div id=\"post-140925\" class=\"loop-block-item wp-block-group m-card is-layout-flow wp-block-group-is-layout-flow optional\">\n    <a href=\"https:\/\/www.leeb-balkone.com\/de\/vertriebspartner\/marc-schoenhoeft\/\" class=\"no-default-link\" title=\"Marc Sch\u00f6nh\u00f6ft\">\n        <figure data-imgid=\"0\" class=\"wp-block-image size-large\">\n                                <\/figure>\n        <div class=\"wp-block-group m-card-content is-vertical is-layout-flex wp-block-group-is-layout-flex\">\n            <h3 class=\"wp-block-heading\">\n                Marc Sch\u00f6nh\u00f6ft            <\/h3>\n            <p class=\"loop-item__acf-template\">49434 Neuenkirchen-V\u00f6rden, Bieste 2<\/p>                    <\/div>\n            <\/a>\n<\/div>\n<div id=\"post-9281\" class=\"loop-block-item wp-block-group m-card is-layout-flow wp-block-group-is-layout-flow optional\">\n    <a href=\"https:\/\/www.leeb-balkone.com\/de\/vertriebspartner\/margit-udo-walter\/\" class=\"no-default-link\" title=\"Margit und Udo Walter\">\n        <figure data-imgid=\"0\" class=\"wp-block-image size-large\">\n                                <\/figure>\n        <div class=\"wp-block-group m-card-content is-vertical is-layout-flex wp-block-group-is-layout-flex\">\n            <h3 class=\"wp-block-heading\">\n                Margit und Udo Walter            <\/h3>\n            <p class=\"loop-item__acf-template\">74850 Schefflenz, Hauptstra\u00dfe 119<\/p>                    <\/div>\n            <\/a>\n<\/div>\n<div id=\"post-23043\" class=\"loop-block-item wp-block-group m-card is-layout-flow wp-block-group-is-layout-flow optional\">\n    <a href=\"https:\/\/www.leeb-balkone.com\/de\/vertriebspartner\/marion-vowinkel\/\" class=\"no-default-link\" title=\"Marion Vowinkel\">\n        <figure data-imgid=\"158218\" class=\"wp-block-image size-large\">\n            <img loading=\"lazy\" decoding=\"async\" width=\"238\" height=\"300\" src=\"https:\/\/www.leeb-balkone.com\/app\/uploads\/2021\/02\/Marion-Vowinkel-238x300.jpg\" class=\"attachment-medium size-medium\" alt=\"Marion Vowinkel\" title=\"Marion Vowinkel\" srcset=\"https:\/\/www.leeb-balkone.com\/app\/uploads\/2021\/02\/Marion-Vowinkel-238x300.jpg 238w, https:\/\/www.leeb-balkone.com\/app\/uploads\/2021\/02\/Marion-Vowinkel-813x1024.jpg 813w, https:\/\/www.leeb-balkone.com\/app\/uploads\/2021\/02\/Marion-Vowinkel-768x967.jpg 768w, https:\/\/www.leeb-balkone.com\/app\/uploads\/2021\/02\/Marion-Vowinkel-1220x1536.jpg 1220w, https:\/\/www.leeb-balkone.com\/app\/uploads\/2021\/02\/Marion-Vowinkel-1627x2048.jpg 1627w, https:\/\/www.leeb-balkone.com\/app\/uploads\/2021\/02\/Marion-Vowinkel.jpg 1831w\" sizes=\"auto, (min-width: 1200px) 260px, (min-width: 1024px) 220px, (min-width: 640px) 465px, 768px\" \/>                    <\/figure>\n        <div class=\"wp-block-group m-card-content is-vertical is-layout-flex wp-block-group-is-layout-flex\">\n            <h3 class=\"wp-block-heading\">\n                Marion Vowinkel            <\/h3>\n            <p class=\"loop-item__acf-template\">65239 Hochheim am Main, Im M\u00f6rsch 1<\/p>                    <\/div>\n            <\/a>\n<\/div>\n<div id=\"post-9264\" class=\"loop-block-item wp-block-group m-card is-layout-flow wp-block-group-is-layout-flow optional\">\n    <a href=\"https:\/\/www.leeb-balkone.com\/de\/vertriebspartner\/markus-sacher\/\" class=\"no-default-link\" title=\"Markus Sacher\">\n        <figure data-imgid=\"156242\" class=\"wp-block-image size-large\">\n            <img loading=\"lazy\" decoding=\"async\" width=\"300\" height=\"300\" src=\"https:\/\/www.leeb-balkone.com\/app\/uploads\/2025\/07\/Sacher-Markus-300x300.jpg\" class=\"attachment-medium size-medium\" alt=\"Sacher Markus\" title=\"Sacher-Markus\" srcset=\"https:\/\/www.leeb-balkone.com\/app\/uploads\/2025\/07\/Sacher-Markus-300x300.jpg 300w, https:\/\/www.leeb-balkone.com\/app\/uploads\/2025\/07\/Sacher-Markus-1024x1024.jpg 1024w, https:\/\/www.leeb-balkone.com\/app\/uploads\/2025\/07\/Sacher-Markus-150x150.jpg 150w, https:\/\/www.leeb-balkone.com\/app\/uploads\/2025\/07\/Sacher-Markus-768x768.jpg 768w, https:\/\/www.leeb-balkone.com\/app\/uploads\/2025\/07\/Sacher-Markus.jpg 1190w\" sizes=\"auto, (min-width: 1200px) 260px, (min-width: 1024px) 220px, (min-width: 640px) 465px, 768px\" \/>                    <\/figure>\n        <div class=\"wp-block-group m-card-content is-vertical is-layout-flex wp-block-group-is-layout-flex\">\n            <h3 class=\"wp-block-heading\">\n                Markus Sacher            <\/h3>\n            <p class=\"loop-item__acf-template\">91207 Lauf an der Pegnitz, R\u00f6thenbacher Stra\u00dfe 11<\/p>                    <\/div>\n            <\/a>\n<\/div>\n<div id=\"post-136663\" class=\"loop-block-item wp-block-group m-card is-layout-flow wp-block-group-is-layout-flow optional\">\n    <a href=\"https:\/\/www.leeb-balkone.com\/de\/vertriebspartner\/markus-schmitt\/\" class=\"no-default-link\" title=\"Markus Schmitt\">\n        <figure data-imgid=\"156252\" class=\"wp-block-image size-large\">\n            <img loading=\"lazy\" decoding=\"async\" width=\"300\" height=\"300\" src=\"https:\/\/www.leeb-balkone.com\/app\/uploads\/2025\/07\/Schmitt-Markus-1-300x300.jpg\" class=\"attachment-medium size-medium\" alt=\"Schmitt Markus\" title=\"Schmitt-Markus\" srcset=\"https:\/\/www.leeb-balkone.com\/app\/uploads\/2025\/07\/Schmitt-Markus-1-300x300.jpg 300w, https:\/\/www.leeb-balkone.com\/app\/uploads\/2025\/07\/Schmitt-Markus-1-1024x1024.jpg 1024w, https:\/\/www.leeb-balkone.com\/app\/uploads\/2025\/07\/Schmitt-Markus-1-150x150.jpg 150w, https:\/\/www.leeb-balkone.com\/app\/uploads\/2025\/07\/Schmitt-Markus-1-768x768.jpg 768w, https:\/\/www.leeb-balkone.com\/app\/uploads\/2025\/07\/Schmitt-Markus-1-1536x1536.jpg 1536w, https:\/\/www.leeb-balkone.com\/app\/uploads\/2025\/07\/Schmitt-Markus-1-2048x2048.jpg 2048w\" sizes=\"auto, (min-width: 1200px) 260px, (min-width: 1024px) 220px, (min-width: 640px) 465px, 768px\" \/>                    <\/figure>\n        <div class=\"wp-block-group m-card-content is-vertical is-layout-flex wp-block-group-is-layout-flex\">\n            <h3 class=\"wp-block-heading\">\n                Markus Schmitt            <\/h3>\n            <p class=\"loop-item__acf-template\">86845 Gro\u00dfaitingen, Reinhartshofer Stra\u00dfe 32a<\/p>                    <\/div>\n            <\/a>\n<\/div>\n<div id=\"post-146838\" class=\"loop-block-item wp-block-group m-card is-layout-flow wp-block-group-is-layout-flow optional\">\n    <a href=\"https:\/\/www.leeb-balkone.com\/de\/vertriebspartner\/martin-brkan\/\" class=\"no-default-link\" title=\"Martin Brkan\">\n        <figure data-imgid=\"0\" class=\"wp-block-image size-large\">\n                                <\/figure>\n        <div class=\"wp-block-group m-card-content is-vertical is-layout-flex wp-block-group-is-layout-flex\">\n            <h3 class=\"wp-block-heading\">\n                Martin Brkan            <\/h3>\n            <p class=\"loop-item__acf-template\">61203 Reichelsheim, Kumpelgasse 2<\/p>                    <\/div>\n            <\/a>\n<\/div>\n<div id=\"post-140924\" class=\"loop-block-item wp-block-group m-card is-layout-flow wp-block-group-is-layout-flow optional\">\n    <a href=\"https:\/\/www.leeb-balkone.com\/de\/vertriebspartner\/mathias-hinz\/\" class=\"no-default-link\" title=\"Mathias Hinz\">\n        <figure data-imgid=\"0\" class=\"wp-block-image size-large\">\n                                <\/figure>\n        <div class=\"wp-block-group m-card-content is-vertical is-layout-flex wp-block-group-is-layout-flex\">\n            <h3 class=\"wp-block-heading\">\n                Mathias Hinz            <\/h3>\n            <p class=\"loop-item__acf-template\">25770 Hemmingstedt, Meldorfer Stra\u00dfe 37<\/p>                    <\/div>\n            <\/a>\n<\/div>\n<div id=\"post-9262\" class=\"loop-block-item wp-block-group m-card is-layout-flow wp-block-group-is-layout-flow optional\">\n    <a href=\"https:\/\/www.leeb-balkone.com\/de\/vertriebspartner\/mathias-regal\/\" class=\"no-default-link\" title=\"Mathias Regal\">\n        <figure data-imgid=\"160561\" class=\"wp-block-image size-large\">\n            <img loading=\"lazy\" decoding=\"async\" width=\"300\" height=\"300\" src=\"https:\/\/www.leeb-balkone.com\/app\/uploads\/2020\/10\/Portraitfoto-Mathias-Regal-300x300.jpg\" class=\"attachment-medium size-medium\" alt=\"Portraitfoto Mathias Regal\" title=\"Portraitfoto Mathias Regal\" srcset=\"https:\/\/www.leeb-balkone.com\/app\/uploads\/2020\/10\/Portraitfoto-Mathias-Regal-300x300.jpg 300w, https:\/\/www.leeb-balkone.com\/app\/uploads\/2020\/10\/Portraitfoto-Mathias-Regal-150x150.jpg 150w, https:\/\/www.leeb-balkone.com\/app\/uploads\/2020\/10\/Portraitfoto-Mathias-Regal-768x768.jpg 768w, https:\/\/www.leeb-balkone.com\/app\/uploads\/2020\/10\/Portraitfoto-Mathias-Regal.jpg 900w\" sizes=\"auto, (min-width: 1200px) 260px, (min-width: 1024px) 220px, (min-width: 640px) 465px, 768px\" \/>                    <\/figure>\n        <div class=\"wp-block-group m-card-content is-vertical is-layout-flex wp-block-group-is-layout-flex\">\n            <h3 class=\"wp-block-heading\">\n                Mathias Regal            <\/h3>\n            <p class=\"loop-item__acf-template\">85662 Hohenbrunn, Dorfstra\u00dfe 10<\/p>                    <\/div>\n            <\/a>\n<\/div>\n<div id=\"post-9278\" class=\"loop-block-item wp-block-group m-card is-layout-flow wp-block-group-is-layout-flow optional\">\n    <a href=\"https:\/\/www.leeb-balkone.com\/de\/vertriebspartner\/matthias-beutel\/\" class=\"no-default-link\" title=\"Matthias Beutel\">\n        <figure data-imgid=\"148972\" class=\"wp-block-image size-large\">\n            <img loading=\"lazy\" decoding=\"async\" width=\"300\" height=\"300\" src=\"https:\/\/www.leeb-balkone.com\/app\/uploads\/2025\/07\/Beutel-Matthias-300x300.jpg\" class=\"attachment-medium size-medium\" alt=\"Beutel Matthias\" title=\"Beutel-Matthias\" srcset=\"https:\/\/www.leeb-balkone.com\/app\/uploads\/2025\/07\/Beutel-Matthias-300x300.jpg 300w, https:\/\/www.leeb-balkone.com\/app\/uploads\/2025\/07\/Beutel-Matthias-1024x1024.jpg 1024w, https:\/\/www.leeb-balkone.com\/app\/uploads\/2025\/07\/Beutel-Matthias-150x150.jpg 150w, https:\/\/www.leeb-balkone.com\/app\/uploads\/2025\/07\/Beutel-Matthias-768x768.jpg 768w, https:\/\/www.leeb-balkone.com\/app\/uploads\/2025\/07\/Beutel-Matthias-1536x1536.jpg 1536w, https:\/\/www.leeb-balkone.com\/app\/uploads\/2025\/07\/Beutel-Matthias-2048x2048.jpg 2048w\" sizes=\"auto, (min-width: 1200px) 260px, (min-width: 1024px) 220px, (min-width: 640px) 465px, 768px\" \/>                    <\/figure>\n        <div class=\"wp-block-group m-card-content is-vertical is-layout-flex wp-block-group-is-layout-flex\">\n            <h3 class=\"wp-block-heading\">\n                Matthias Beutel            <\/h3>\n            <p class=\"loop-item__acf-template\">86845 Gro\u00dfaitingen, Reinhartshofer Stra\u00dfe 32a<\/p>                    <\/div>\n            <\/a>\n<\/div>\n<div id=\"post-9260\" class=\"loop-block-item wp-block-group m-card is-layout-flow wp-block-group-is-layout-flow optional\">\n    <a href=\"https:\/\/www.leeb-balkone.com\/de\/vertriebspartner\/michael-saalmueller\/\" class=\"no-default-link\" title=\"Michael Saalm\u00fcller\">\n        <figure data-imgid=\"0\" class=\"wp-block-image size-large\">\n                                <\/figure>\n        <div class=\"wp-block-group m-card-content is-vertical is-layout-flex wp-block-group-is-layout-flex\">\n            <h3 class=\"wp-block-heading\">\n                Michael Saalm\u00fcller            <\/h3>\n            <p class=\"loop-item__acf-template\">04838 Eilenburg, Im Bauerndorf 8<\/p>                    <\/div>\n            <\/a>\n<\/div>\n<div id=\"post-149676\" class=\"loop-block-item wp-block-group m-card is-layout-flow wp-block-group-is-layout-flow optional\">\n    <a href=\"https:\/\/www.leeb-balkone.com\/de\/vertriebspartner\/olaf-oliger\/\" class=\"no-default-link\" title=\"Olaf Oliger\">\n        <figure data-imgid=\"156322\" class=\"wp-block-image size-large\">\n            <img loading=\"lazy\" decoding=\"async\" width=\"300\" height=\"300\" src=\"https:\/\/www.leeb-balkone.com\/app\/uploads\/2025\/07\/Olaf-Oliger-Portrait-300x300.jpg\" class=\"attachment-medium size-medium\" alt=\"Olaf Oliger Portrait\" title=\"Olaf-Oliger-Portrait\" srcset=\"https:\/\/www.leeb-balkone.com\/app\/uploads\/2025\/07\/Olaf-Oliger-Portrait-300x300.jpg 300w, https:\/\/www.leeb-balkone.com\/app\/uploads\/2025\/07\/Olaf-Oliger-Portrait-150x150.jpg 150w, https:\/\/www.leeb-balkone.com\/app\/uploads\/2025\/07\/Olaf-Oliger-Portrait-768x768.jpg 768w, https:\/\/www.leeb-balkone.com\/app\/uploads\/2025\/07\/Olaf-Oliger-Portrait.jpg 1000w\" sizes=\"auto, (min-width: 1200px) 260px, (min-width: 1024px) 220px, (min-width: 640px) 465px, 768px\" \/>                    <\/figure>\n        <div class=\"wp-block-group m-card-content is-vertical is-layout-flex wp-block-group-is-layout-flex\">\n            <h3 class=\"wp-block-heading\">\n                Olaf Oliger            <\/h3>\n            <p class=\"loop-item__acf-template\">78647 Trossingen, <\/p>                    <\/div>\n            <\/a>\n<\/div>\n<div id=\"post-140900\" class=\"loop-block-item wp-block-group m-card is-layout-flow wp-block-group-is-layout-flow optional\">\n    <a href=\"https:\/\/www.leeb-balkone.com\/de\/vertriebspartner\/oliver-jeschke\/\" class=\"no-default-link\" title=\"Oliver Jeschke\">\n        <figure data-imgid=\"156182\" class=\"wp-block-image size-large\">\n            <img loading=\"lazy\" decoding=\"async\" width=\"300\" height=\"300\" src=\"https:\/\/www.leeb-balkone.com\/app\/uploads\/2025\/07\/Jeschke-Oliver-300x300.jpg\" class=\"attachment-medium size-medium\" alt=\"Jeschke Oliver\" title=\"Jeschke-Oliver\" srcset=\"https:\/\/www.leeb-balkone.com\/app\/uploads\/2025\/07\/Jeschke-Oliver-300x300.jpg 300w, https:\/\/www.leeb-balkone.com\/app\/uploads\/2025\/07\/Jeschke-Oliver-1024x1024.jpg 1024w, https:\/\/www.leeb-balkone.com\/app\/uploads\/2025\/07\/Jeschke-Oliver-150x150.jpg 150w, https:\/\/www.leeb-balkone.com\/app\/uploads\/2025\/07\/Jeschke-Oliver-768x768.jpg 768w, https:\/\/www.leeb-balkone.com\/app\/uploads\/2025\/07\/Jeschke-Oliver.jpg 1500w\" sizes=\"auto, (min-width: 1200px) 260px, (min-width: 1024px) 220px, (min-width: 640px) 465px, 768px\" \/>                    <\/figure>\n        <div class=\"wp-block-group m-card-content is-vertical is-layout-flex wp-block-group-is-layout-flex\">\n            <h3 class=\"wp-block-heading\">\n                Oliver Jeschke            <\/h3>\n            <p class=\"loop-item__acf-template\">42289 Wuppertal, Hainholz 68<\/p>                    <\/div>\n            <\/a>\n<\/div>\n<div id=\"post-9273\" class=\"loop-block-item wp-block-group m-card is-layout-flow wp-block-group-is-layout-flow optional\">\n    <a href=\"https:\/\/www.leeb-balkone.com\/de\/vertriebspartner\/oliver-stadler\/\" class=\"no-default-link\" title=\"Oliver Stadler\">\n        <figure data-imgid=\"156272\" class=\"wp-block-image size-large\">\n            <img loading=\"lazy\" decoding=\"async\" width=\"300\" height=\"300\" src=\"https:\/\/www.leeb-balkone.com\/app\/uploads\/2025\/07\/Oliver-Stadler-300x300.jpeg\" class=\"attachment-medium size-medium\" alt=\"Oliver Stadler\" title=\"Oliver-Stadler\" srcset=\"https:\/\/www.leeb-balkone.com\/app\/uploads\/2025\/07\/Oliver-Stadler-300x300.jpeg 300w, https:\/\/www.leeb-balkone.com\/app\/uploads\/2025\/07\/Oliver-Stadler-150x150.jpeg 150w, https:\/\/www.leeb-balkone.com\/app\/uploads\/2025\/07\/Oliver-Stadler-768x768.jpeg 768w, https:\/\/www.leeb-balkone.com\/app\/uploads\/2025\/07\/Oliver-Stadler.jpeg 900w\" sizes=\"auto, (min-width: 1200px) 260px, (min-width: 1024px) 220px, (min-width: 640px) 465px, 768px\" \/>                    <\/figure>\n        <div class=\"wp-block-group m-card-content is-vertical is-layout-flex wp-block-group-is-layout-flex\">\n            <h3 class=\"wp-block-heading\">\n                Oliver Stadler            <\/h3>\n            <p class=\"loop-item__acf-template\">94327 Bogen, Straubinger Stra\u00dfe 6<\/p>                    <\/div>\n            <\/a>\n<\/div>\n<div id=\"post-114000\" class=\"loop-block-item wp-block-group m-card is-layout-flow wp-block-group-is-layout-flow optional\">\n    <a href=\"https:\/\/www.leeb-balkone.com\/de\/vertriebspartner\/peter-gehrhardt\/\" class=\"no-default-link\" title=\"Peter Gehrhardt\">\n        <figure data-imgid=\"153776\" class=\"wp-block-image size-large\">\n            <img loading=\"lazy\" decoding=\"async\" width=\"300\" height=\"300\" src=\"https:\/\/www.leeb-balkone.com\/app\/uploads\/2025\/05\/Gerhard-Peter-300x300.jpg\" class=\"attachment-medium size-medium\" alt=\"Gerhard Peter\" title=\"Gerhard-Peter\" srcset=\"https:\/\/www.leeb-balkone.com\/app\/uploads\/2025\/05\/Gerhard-Peter-300x300.jpg 300w, https:\/\/www.leeb-balkone.com\/app\/uploads\/2025\/05\/Gerhard-Peter-1024x1024.jpg 1024w, https:\/\/www.leeb-balkone.com\/app\/uploads\/2025\/05\/Gerhard-Peter-150x150.jpg 150w, https:\/\/www.leeb-balkone.com\/app\/uploads\/2025\/05\/Gerhard-Peter-768x768.jpg 768w, https:\/\/www.leeb-balkone.com\/app\/uploads\/2025\/05\/Gerhard-Peter-1536x1536.jpg 1536w, https:\/\/www.leeb-balkone.com\/app\/uploads\/2025\/05\/Gerhard-Peter-2048x2048.jpg 2048w\" sizes=\"auto, (min-width: 1200px) 260px, (min-width: 1024px) 220px, (min-width: 640px) 465px, 768px\" \/>                    <\/figure>\n        <div class=\"wp-block-group m-card-content is-vertical is-layout-flex wp-block-group-is-layout-flex\">\n            <h3 class=\"wp-block-heading\">\n                Peter Gehrhardt            <\/h3>\n            <p class=\"loop-item__acf-template\">97638 Mellrichstadt, Hirtenberg 5<\/p>                    <\/div>\n            <\/a>\n<\/div>\n<div id=\"post-140918\" class=\"loop-block-item wp-block-group m-card is-layout-flow wp-block-group-is-layout-flow optional\">\n    <a href=\"https:\/\/www.leeb-balkone.com\/de\/vertriebspartner\/peter-lieschke\/\" class=\"no-default-link\" title=\"Peter Lieschke\">\n        <figure data-imgid=\"0\" class=\"wp-block-image size-large\">\n                                <\/figure>\n        <div class=\"wp-block-group m-card-content is-vertical is-layout-flex wp-block-group-is-layout-flex\">\n            <h3 class=\"wp-block-heading\">\n                Peter Lieschke            <\/h3>\n            <p class=\"loop-item__acf-template\">03099 Kolwitz, Alte Ziegelei 30<\/p>                    <\/div>\n            <\/a>\n<\/div>\n<div id=\"post-161321\" class=\"loop-block-item wp-block-group m-card is-layout-flow wp-block-group-is-layout-flow optional\">\n    <a href=\"https:\/\/www.leeb-balkone.com\/de\/vertriebspartner\/peter-sacher\/\" class=\"no-default-link\" title=\"Peter Sacher\">\n        <figure data-imgid=\"152376\" class=\"wp-block-image size-large\">\n            <img loading=\"lazy\" decoding=\"async\" width=\"300\" height=\"300\" src=\"https:\/\/www.leeb-balkone.com\/app\/uploads\/2025\/07\/Sacher-Peter-300x300.jpg\" class=\"attachment-medium size-medium\" alt=\"Sacher Peter\" title=\"Sacher-Peter\" srcset=\"https:\/\/www.leeb-balkone.com\/app\/uploads\/2025\/07\/Sacher-Peter-300x300.jpg 300w, https:\/\/www.leeb-balkone.com\/app\/uploads\/2025\/07\/Sacher-Peter-1024x1024.jpg 1024w, https:\/\/www.leeb-balkone.com\/app\/uploads\/2025\/07\/Sacher-Peter-150x150.jpg 150w, https:\/\/www.leeb-balkone.com\/app\/uploads\/2025\/07\/Sacher-Peter-768x768.jpg 768w, https:\/\/www.leeb-balkone.com\/app\/uploads\/2025\/07\/Sacher-Peter-1536x1536.jpg 1536w, https:\/\/www.leeb-balkone.com\/app\/uploads\/2025\/07\/Sacher-Peter-2048x2048.jpg 2048w\" sizes=\"auto, (min-width: 1200px) 260px, (min-width: 1024px) 220px, (min-width: 640px) 465px, 768px\" \/>                    <\/figure>\n        <div class=\"wp-block-group m-card-content is-vertical is-layout-flex wp-block-group-is-layout-flex\">\n            <h3 class=\"wp-block-heading\">\n                Peter Sacher            <\/h3>\n            <p class=\"loop-item__acf-template\">90610 Winkelhaid, Drosselweg 1<\/p>                    <\/div>\n            <\/a>\n<\/div>\n<div id=\"post-9251\" class=\"loop-block-item wp-block-group m-card is-layout-flow wp-block-group-is-layout-flow optional\">\n    <a href=\"https:\/\/www.leeb-balkone.com\/de\/vertriebspartner\/ralph-bergmann\/\" class=\"no-default-link\" title=\"Ralph Bergmann\">\n        <figure data-imgid=\"156137\" class=\"wp-block-image size-large\">\n            <img loading=\"lazy\" decoding=\"async\" width=\"300\" height=\"300\" src=\"https:\/\/www.leeb-balkone.com\/app\/uploads\/2025\/07\/Ralph-Bergmann-300x300.jpg\" class=\"attachment-medium size-medium\" alt=\"Ralph Bergmann\" title=\"Ralph-Bergmann\" srcset=\"https:\/\/www.leeb-balkone.com\/app\/uploads\/2025\/07\/Ralph-Bergmann-300x300.jpg 300w, https:\/\/www.leeb-balkone.com\/app\/uploads\/2025\/07\/Ralph-Bergmann-150x150.jpg 150w, https:\/\/www.leeb-balkone.com\/app\/uploads\/2025\/07\/Ralph-Bergmann-768x768.jpg 768w, https:\/\/www.leeb-balkone.com\/app\/uploads\/2025\/07\/Ralph-Bergmann.jpg 1000w\" sizes=\"auto, (min-width: 1200px) 260px, (min-width: 1024px) 220px, (min-width: 640px) 465px, 768px\" \/>                    <\/figure>\n        <div class=\"wp-block-group m-card-content is-vertical is-layout-flex wp-block-group-is-layout-flex\">\n            <h3 class=\"wp-block-heading\">\n                Ralph Bergmann            <\/h3>\n            <p class=\"loop-item__acf-template\">16515 Zu\u0308hlsdorf, Am Bahnhof 2a<\/p>                    <\/div>\n            <\/a>\n<\/div>\n<div id=\"post-140893\" class=\"loop-block-item wp-block-group m-card is-layout-flow wp-block-group-is-layout-flow optional\">\n    <a href=\"https:\/\/www.leeb-balkone.com\/de\/vertriebspartner\/rene-kunz\/\" class=\"no-default-link\" title=\"Ren\u00e9 Kunz\">\n        <figure data-imgid=\"0\" class=\"wp-block-image size-large\">\n                                <\/figure>\n        <div class=\"wp-block-group m-card-content is-vertical is-layout-flex wp-block-group-is-layout-flex\">\n            <h3 class=\"wp-block-heading\">\n                Ren\u00e9 Kunz            <\/h3>\n            <p class=\"loop-item__acf-template\">66773 Schwalbach-H\u00fclzweiler, Heinrich-Hertz-Str. 7<\/p>                    <\/div>\n            <\/a>\n<\/div>\n<div id=\"post-9298\" class=\"loop-block-item wp-block-group m-card is-layout-flow wp-block-group-is-layout-flow optional\">\n    <a href=\"https:\/\/www.leeb-balkone.com\/de\/vertriebspartner\/robert-bauer\/\" class=\"no-default-link\" title=\"Robert Bauer\">\n        <figure data-imgid=\"156127\" class=\"wp-block-image size-large\">\n            <img loading=\"lazy\" decoding=\"async\" width=\"300\" height=\"300\" src=\"https:\/\/www.leeb-balkone.com\/app\/uploads\/2025\/07\/Bauer-Robert-300x300.jpg\" class=\"attachment-medium size-medium\" alt=\"Bauer Robert\" title=\"Bauer-Robert\" srcset=\"https:\/\/www.leeb-balkone.com\/app\/uploads\/2025\/07\/Bauer-Robert-300x300.jpg 300w, https:\/\/www.leeb-balkone.com\/app\/uploads\/2025\/07\/Bauer-Robert-1024x1024.jpg 1024w, https:\/\/www.leeb-balkone.com\/app\/uploads\/2025\/07\/Bauer-Robert-150x150.jpg 150w, https:\/\/www.leeb-balkone.com\/app\/uploads\/2025\/07\/Bauer-Robert-768x768.jpg 768w, https:\/\/www.leeb-balkone.com\/app\/uploads\/2025\/07\/Bauer-Robert-1536x1536.jpg 1536w, https:\/\/www.leeb-balkone.com\/app\/uploads\/2025\/07\/Bauer-Robert-2048x2048.jpg 2048w\" sizes=\"auto, (min-width: 1200px) 260px, (min-width: 1024px) 220px, (min-width: 640px) 465px, 768px\" \/>                    <\/figure>\n        <div class=\"wp-block-group m-card-content is-vertical is-layout-flex wp-block-group-is-layout-flex\">\n            <h3 class=\"wp-block-heading\">\n                Robert Bauer            <\/h3>\n            <p class=\"loop-item__acf-template\">08393 Meerane, Amtsstra\u00dfe 1b<\/p>                    <\/div>\n            <\/a>\n<\/div>\n<div id=\"post-140928\" class=\"loop-block-item wp-block-group m-card is-layout-flow wp-block-group-is-layout-flow optional\">\n    <a href=\"https:\/\/www.leeb-balkone.com\/de\/vertriebspartner\/stefan-hauschild\/\" class=\"no-default-link\" title=\"Stefan Hauschild\">\n        <figure data-imgid=\"0\" class=\"wp-block-image size-large\">\n                                <\/figure>\n        <div class=\"wp-block-group m-card-content is-vertical is-layout-flex wp-block-group-is-layout-flex\">\n            <h3 class=\"wp-block-heading\">\n                Stefan Hauschild            <\/h3>\n            <p class=\"loop-item__acf-template\">21614 Buxtehude, Carl-Zeiss-Stra\u00dfe 10<\/p>                    <\/div>\n            <\/a>\n<\/div>\n<div id=\"post-149671\" class=\"loop-block-item wp-block-group m-card is-layout-flow wp-block-group-is-layout-flow optional\">\n    <a href=\"https:\/\/www.leeb-balkone.com\/de\/vertriebspartner\/stefan-hillger\/\" class=\"no-default-link\" title=\"Stefan Hillger\">\n        <figure data-imgid=\"156317\" class=\"wp-block-image size-large\">\n            <img loading=\"lazy\" decoding=\"async\" width=\"300\" height=\"300\" src=\"https:\/\/www.leeb-balkone.com\/app\/uploads\/2025\/07\/Portrait-Stefan-Hillger-300x300.jpg\" class=\"attachment-medium size-medium\" alt=\"Portrait Stefan Hillger\" title=\"Portrait-Stefan-Hillger\" srcset=\"https:\/\/www.leeb-balkone.com\/app\/uploads\/2025\/07\/Portrait-Stefan-Hillger-300x300.jpg 300w, https:\/\/www.leeb-balkone.com\/app\/uploads\/2025\/07\/Portrait-Stefan-Hillger-1024x1024.jpg 1024w, https:\/\/www.leeb-balkone.com\/app\/uploads\/2025\/07\/Portrait-Stefan-Hillger-150x150.jpg 150w, https:\/\/www.leeb-balkone.com\/app\/uploads\/2025\/07\/Portrait-Stefan-Hillger-768x768.jpg 768w, https:\/\/www.leeb-balkone.com\/app\/uploads\/2025\/07\/Portrait-Stefan-Hillger-1536x1536.jpg 1536w, https:\/\/www.leeb-balkone.com\/app\/uploads\/2025\/07\/Portrait-Stefan-Hillger-2048x2048.jpg 2048w\" sizes=\"auto, (min-width: 1200px) 260px, (min-width: 1024px) 220px, (min-width: 640px) 465px, 768px\" \/>                    <\/figure>\n        <div class=\"wp-block-group m-card-content is-vertical is-layout-flex wp-block-group-is-layout-flex\">\n            <h3 class=\"wp-block-heading\">\n                Stefan Hillger            <\/h3>\n            <p class=\"loop-item__acf-template\">01877 Demitz-Thmitz-Stacha, Neuer Weg 4<\/p>                    <\/div>\n            <\/a>\n<\/div>\n<div id=\"post-161379\" class=\"loop-block-item wp-block-group m-card is-layout-flow wp-block-group-is-layout-flow optional\">\n    <a href=\"https:\/\/www.leeb-balkone.com\/de\/vertriebspartner\/stefan-schmidt\/\" class=\"no-default-link\" title=\"Stefan Schmidt\">\n        <figure data-imgid=\"156332\" class=\"wp-block-image size-large\">\n            <img loading=\"lazy\" decoding=\"async\" width=\"300\" height=\"300\" src=\"https:\/\/www.leeb-balkone.com\/app\/uploads\/2025\/07\/Schmidt-Stefan-300x300.jpg\" class=\"attachment-medium size-medium\" alt=\"Schmidt Stefan\" title=\"Schmidt-Stefan\" srcset=\"https:\/\/www.leeb-balkone.com\/app\/uploads\/2025\/07\/Schmidt-Stefan-300x300.jpg 300w, https:\/\/www.leeb-balkone.com\/app\/uploads\/2025\/07\/Schmidt-Stefan-150x150.jpg 150w, https:\/\/www.leeb-balkone.com\/app\/uploads\/2025\/07\/Schmidt-Stefan-768x768.jpg 768w, https:\/\/www.leeb-balkone.com\/app\/uploads\/2025\/07\/Schmidt-Stefan.jpg 1000w\" sizes=\"auto, (min-width: 1200px) 260px, (min-width: 1024px) 220px, (min-width: 640px) 465px, 768px\" \/>                    <\/figure>\n        <div class=\"wp-block-group m-card-content is-vertical is-layout-flex wp-block-group-is-layout-flex\">\n            <h3 class=\"wp-block-heading\">\n                Stefan Schmidt            <\/h3>\n            <p class=\"loop-item__acf-template\">67661 Kaiserslautern, Am Kiefernkopf 1<\/p>                    <\/div>\n            <\/a>\n<\/div>\n<div id=\"post-149672\" class=\"loop-block-item wp-block-group m-card is-layout-flow wp-block-group-is-layout-flow optional\">\n    <a href=\"https:\/\/www.leeb-balkone.com\/de\/vertriebspartner\/stefan-schubert\/\" class=\"no-default-link\" title=\"Stefan Schubert\">\n        <figure data-imgid=\"158406\" class=\"wp-block-image size-large\">\n            <img loading=\"lazy\" decoding=\"async\" width=\"300\" height=\"300\" src=\"https:\/\/www.leeb-balkone.com\/app\/uploads\/2025\/07\/Portrait-Schubert-Stefan-Quadrat-300x300.jpeg\" class=\"attachment-medium size-medium\" alt=\"Portrait Schubert Stefan Quadrat\" title=\"Portrait-Schubert-Stefan-Quadrat\" srcset=\"https:\/\/www.leeb-balkone.com\/app\/uploads\/2025\/07\/Portrait-Schubert-Stefan-Quadrat-300x300.jpeg 300w, https:\/\/www.leeb-balkone.com\/app\/uploads\/2025\/07\/Portrait-Schubert-Stefan-Quadrat-1024x1024.jpeg 1024w, https:\/\/www.leeb-balkone.com\/app\/uploads\/2025\/07\/Portrait-Schubert-Stefan-Quadrat-150x150.jpeg 150w, https:\/\/www.leeb-balkone.com\/app\/uploads\/2025\/07\/Portrait-Schubert-Stefan-Quadrat-768x768.jpeg 768w\" sizes=\"auto, (min-width: 1200px) 260px, (min-width: 1024px) 220px, (min-width: 640px) 465px, 768px\" \/>                    <\/figure>\n        <div class=\"wp-block-group m-card-content is-vertical is-layout-flex wp-block-group-is-layout-flex\">\n            <h3 class=\"wp-block-heading\">\n                Stefan Schubert            <\/h3>\n            <p class=\"loop-item__acf-template\">01896 Ohorn, Schulstra\u00dfe 2<\/p>                    <\/div>\n            <\/a>\n<\/div>\n<div id=\"post-140917\" class=\"loop-block-item wp-block-group m-card is-layout-flow wp-block-group-is-layout-flow optional\">\n    <a href=\"https:\/\/www.leeb-balkone.com\/de\/vertriebspartner\/steffen-bluemel\/\" class=\"no-default-link\" title=\"Steffen Bl\u00fcmel\">\n        <figure data-imgid=\"0\" class=\"wp-block-image size-large\">\n                                <\/figure>\n        <div class=\"wp-block-group m-card-content is-vertical is-layout-flex wp-block-group-is-layout-flex\">\n            <h3 class=\"wp-block-heading\">\n                Steffen Bl\u00fcmel            <\/h3>\n            <p class=\"loop-item__acf-template\">14929 Treuenbrietzen, Breite Stra\u00dfe 66<\/p>                    <\/div>\n            <\/a>\n<\/div>\n<div id=\"post-121622\" class=\"loop-block-item wp-block-group m-card is-layout-flow wp-block-group-is-layout-flow optional\">\n    <a href=\"https:\/\/www.leeb-balkone.com\/de\/vertriebspartner\/sven-schmalz\/\" class=\"no-default-link\" title=\"Sven Schmalz\">\n        <figure data-imgid=\"161662\" class=\"wp-block-image size-large\">\n            <img loading=\"lazy\" decoding=\"async\" width=\"300\" height=\"200\" src=\"https:\/\/www.leeb-balkone.com\/app\/uploads\/2025\/11\/Leeb-Schauraum-Schmalkalden1-300x200.jpg\" class=\"attachment-medium size-medium\" alt=\"Leeb Schauraum Schmalkalden1\" title=\"Leeb-Schauraum-Schmalkalden1\" srcset=\"https:\/\/www.leeb-balkone.com\/app\/uploads\/2025\/11\/Leeb-Schauraum-Schmalkalden1-300x200.jpg 300w, https:\/\/www.leeb-balkone.com\/app\/uploads\/2025\/11\/Leeb-Schauraum-Schmalkalden1-1024x683.jpg 1024w, https:\/\/www.leeb-balkone.com\/app\/uploads\/2025\/11\/Leeb-Schauraum-Schmalkalden1-768x512.jpg 768w, https:\/\/www.leeb-balkone.com\/app\/uploads\/2025\/11\/Leeb-Schauraum-Schmalkalden1-1536x1024.jpg 1536w, https:\/\/www.leeb-balkone.com\/app\/uploads\/2025\/11\/Leeb-Schauraum-Schmalkalden1-2048x1366.jpg 2048w\" sizes=\"auto, (min-width: 1200px) 260px, (min-width: 1024px) 220px, (min-width: 640px) 465px, 768px\" \/>                    <\/figure>\n        <div class=\"wp-block-group m-card-content is-vertical is-layout-flex wp-block-group-is-layout-flex\">\n            <h3 class=\"wp-block-heading\">\n                Sven Schmalz            <\/h3>\n            <p class=\"loop-item__acf-template\">98574 Schmalkalden, Friedrich-Engels-Stra\u00dfe 8<\/p>                    <\/div>\n            <\/a>\n<\/div>\n<div id=\"post-140916\" class=\"loop-block-item wp-block-group m-card is-layout-flow wp-block-group-is-layout-flow optional\">\n    <a href=\"https:\/\/www.leeb-balkone.com\/de\/vertriebspartner\/sven-stebner\/\" class=\"no-default-link\" title=\"Sven Stebner\">\n        <figure data-imgid=\"0\" class=\"wp-block-image size-large\">\n                                <\/figure>\n        <div class=\"wp-block-group m-card-content is-vertical is-layout-flex wp-block-group-is-layout-flex\">\n            <h3 class=\"wp-block-heading\">\n                Sven Stebner            <\/h3>\n            <p class=\"loop-item__acf-template\">17309 Papendorf, Dorfstra\u00dfe 6<\/p>                    <\/div>\n            <\/a>\n<\/div>\n<div id=\"post-140899\" class=\"loop-block-item wp-block-group m-card is-layout-flow wp-block-group-is-layout-flow optional\">\n    <a href=\"https:\/\/www.leeb-balkone.com\/de\/vertriebspartner\/thomas-kling\/\" class=\"no-default-link\" title=\"Thomas Kling\">\n        <figure data-imgid=\"0\" class=\"wp-block-image size-large\">\n                                <\/figure>\n        <div class=\"wp-block-group m-card-content is-vertical is-layout-flex wp-block-group-is-layout-flex\">\n            <h3 class=\"wp-block-heading\">\n                Thomas Kling            <\/h3>\n            <p class=\"loop-item__acf-template\">56170 Bendorf, Westerwaldstra\u00dfe 76b<\/p>                    <\/div>\n            <\/a>\n<\/div>\n<div id=\"post-9227\" class=\"loop-block-item wp-block-group m-card is-layout-flow wp-block-group-is-layout-flow optional\">\n    <a href=\"https:\/\/www.leeb-balkone.com\/de\/vertriebspartner\/tina-walter\/\" class=\"no-default-link\" title=\"Tina Walter\">\n        <figure data-imgid=\"0\" class=\"wp-block-image size-large\">\n                                <\/figure>\n        <div class=\"wp-block-group m-card-content is-vertical is-layout-flex wp-block-group-is-layout-flex\">\n            <h3 class=\"wp-block-heading\">\n                Tina Walter            <\/h3>\n            <p class=\"loop-item__acf-template\">74850 Schefflenz, Hauptstra\u00dfe 119<\/p>                    <\/div>\n            <\/a>\n<\/div>\n<div id=\"post-9224\" class=\"loop-block-item wp-block-group m-card is-layout-flow wp-block-group-is-layout-flow optional\">\n    <a href=\"https:\/\/www.leeb-balkone.com\/de\/vertriebspartner\/ute-husslein\/\" class=\"no-default-link\" title=\"Ute Hu\u00dflein\">\n        <figure data-imgid=\"0\" class=\"wp-block-image size-large\">\n                                <\/figure>\n        <div class=\"wp-block-group m-card-content is-vertical is-layout-flex wp-block-group-is-layout-flex\">\n            <h3 class=\"wp-block-heading\">\n                Ute Hu\u00dflein            <\/h3>\n            <p class=\"loop-item__acf-template\">97633 Aubstadt, Hauptstrasse 13<\/p>                    <\/div>\n            <\/a>\n<\/div>\n<div id=\"post-9228\" class=\"loop-block-item wp-block-group m-card is-layout-flow wp-block-group-is-layout-flow optional\">\n    <a href=\"https:\/\/www.leeb-balkone.com\/de\/vertriebspartner\/walter-schlenk\/\" class=\"no-default-link\" title=\"Walter Schlenk\">\n        <figure data-imgid=\"152371\" class=\"wp-block-image size-large\">\n            <img loading=\"lazy\" decoding=\"async\" width=\"300\" height=\"300\" src=\"https:\/\/www.leeb-balkone.com\/app\/uploads\/2025\/07\/Schlenk-Walter-300x300.jpg\" class=\"attachment-medium size-medium\" alt=\"Schlenk Walter\" title=\"Schlenk-Walter\" srcset=\"https:\/\/www.leeb-balkone.com\/app\/uploads\/2025\/07\/Schlenk-Walter-300x300.jpg 300w, https:\/\/www.leeb-balkone.com\/app\/uploads\/2025\/07\/Schlenk-Walter-1024x1024.jpg 1024w, https:\/\/www.leeb-balkone.com\/app\/uploads\/2025\/07\/Schlenk-Walter-150x150.jpg 150w, https:\/\/www.leeb-balkone.com\/app\/uploads\/2025\/07\/Schlenk-Walter-768x768.jpg 768w, https:\/\/www.leeb-balkone.com\/app\/uploads\/2025\/07\/Schlenk-Walter-1536x1536.jpg 1536w, https:\/\/www.leeb-balkone.com\/app\/uploads\/2025\/07\/Schlenk-Walter-2048x2048.jpg 2048w\" sizes=\"auto, (min-width: 1200px) 260px, (min-width: 1024px) 220px, (min-width: 640px) 465px, 768px\" \/>                    <\/figure>\n        <div class=\"wp-block-group m-card-content is-vertical is-layout-flex wp-block-group-is-layout-flex\">\n            <h3 class=\"wp-block-heading\">\n                Walter Schlenk            <\/h3>\n            <p class=\"loop-item__acf-template\">91207 Lauf, R\u00f6thenbacher Stra\u00dfe 11<\/p>                    <\/div>\n            <\/a>\n<\/div>\n<div id=\"post-161254\" class=\"loop-block-item wp-block-group m-card is-layout-flow wp-block-group-is-layout-flow optional\">\n    <a href=\"https:\/\/www.leeb-balkone.com\/de\/vertriebspartner\/wolfgang-muenster\/\" class=\"no-default-link\" title=\"Wolfgang M\u00fcnster\">\n        <figure data-imgid=\"161298\" class=\"wp-block-image size-large\">\n            <img loading=\"lazy\" decoding=\"async\" width=\"300\" height=\"300\" src=\"https:\/\/www.leeb-balkone.com\/app\/uploads\/2025\/11\/Portrait-Wolfgang-Muenster-300x300.jpg\" class=\"attachment-medium size-medium\" alt=\"Portrait Wolfgang Muenster\" title=\"Portrait-Wolfgang-Muenster\" srcset=\"https:\/\/www.leeb-balkone.com\/app\/uploads\/2025\/11\/Portrait-Wolfgang-Muenster-300x300.jpg 300w, https:\/\/www.leeb-balkone.com\/app\/uploads\/2025\/11\/Portrait-Wolfgang-Muenster-1024x1024.jpg 1024w, https:\/\/www.leeb-balkone.com\/app\/uploads\/2025\/11\/Portrait-Wolfgang-Muenster-150x150.jpg 150w, https:\/\/www.leeb-balkone.com\/app\/uploads\/2025\/11\/Portrait-Wolfgang-Muenster-768x768.jpg 768w\" sizes=\"auto, (min-width: 1200px) 260px, (min-width: 1024px) 220px, (min-width: 640px) 465px, 768px\" \/>                    <\/figure>\n        <div class=\"wp-block-group m-card-content is-vertical is-layout-flex wp-block-group-is-layout-flex\">\n            <h3 class=\"wp-block-heading\">\n                Wolfgang M\u00fcnster            <\/h3>\n            <p class=\"loop-item__acf-template\">33104 Paderborn, Amselweg 12<\/p>                    <\/div>\n            <\/a>\n<\/div>\n<div id=\"post-9236\" class=\"loop-block-item wp-block-group m-card is-layout-flow wp-block-group-is-layout-flow optional\">\n    <a href=\"https:\/\/www.leeb-balkone.com\/de\/vertriebspartner\/yannick-herrmann\/\" class=\"no-default-link\" title=\"Yannick Herrmann\">\n        <figure data-imgid=\"152873\" class=\"wp-block-image size-large\">\n            <img loading=\"lazy\" decoding=\"async\" width=\"300\" height=\"240\" src=\"https:\/\/www.leeb-balkone.com\/app\/uploads\/2025\/08\/Herrmann_Yannick-Portrait-300x240.jpg\" class=\"attachment-medium size-medium\" alt=\"Herrmann_Yannick Portrait\" title=\"Herrmann_Yannick-Portrait\" srcset=\"https:\/\/www.leeb-balkone.com\/app\/uploads\/2025\/08\/Herrmann_Yannick-Portrait-300x240.jpg 300w, https:\/\/www.leeb-balkone.com\/app\/uploads\/2025\/08\/Herrmann_Yannick-Portrait-1024x819.jpg 1024w, https:\/\/www.leeb-balkone.com\/app\/uploads\/2025\/08\/Herrmann_Yannick-Portrait-768x614.jpg 768w, https:\/\/www.leeb-balkone.com\/app\/uploads\/2025\/08\/Herrmann_Yannick-Portrait-1536x1229.jpg 1536w, https:\/\/www.leeb-balkone.com\/app\/uploads\/2025\/08\/Herrmann_Yannick-Portrait-2048x1638.jpg 2048w\" sizes=\"auto, (min-width: 1200px) 260px, (min-width: 1024px) 220px, (min-width: 640px) 465px, 768px\" \/>                    <\/figure>\n        <div class=\"wp-block-group m-card-content is-vertical is-layout-flex wp-block-group-is-layout-flex\">\n            <h3 class=\"wp-block-heading\">\n                Yannick Herrmann            <\/h3>\n            <p class=\"loop-item__acf-template\">89269 V\u00f6hringen, Robert-Bosch-Stra\u00dfe 35<\/p>                    <\/div>\n            <\/a>\n<\/div><\/div><\/section>\n\n\n\n<section class=\"wp-block-group alignfull has-white-background-color has-background has-global-padding is-layout-constrained wp-container-core-group-is-layout-9fa1424c wp-block-group-is-layout-constrained\" style=\"padding-top:0\">\n<div class=\"wp-block-columns is-style-offset m-split is-layout-flex wp-container-core-columns-is-layout-28f84493 wp-block-columns-is-layout-flex\">\n<div class=\"wp-block-column is-layout-flow wp-block-column-is-layout-flow\"><div class=\"vp-map-wrapper vp-map-ratio-19-1\"><img decoding=\"async\" width=\"2000\" height=\"1041\" src=\"https:\/\/www.leeb-balkone.com\/app\/uploads\/2026\/03\/map-de.jpg\" class=\"attachment-full size-full\" alt=\"Deutsche Map: Vertriebspartner (orange Pins) und Schaur\u00e4ume \/ Standorte (gr\u00fcne Pins) der Leeb Balkone GmbH in Deutschland\" style=\"width:100%;height:100%;object-fit:cover;display:block;\" loading=\"lazy\" srcset=\"https:\/\/www.leeb-balkone.com\/app\/uploads\/2026\/03\/map-de.jpg 2000w, https:\/\/www.leeb-balkone.com\/app\/uploads\/2026\/03\/map-de-300x156.jpg 300w, https:\/\/www.leeb-balkone.com\/app\/uploads\/2026\/03\/map-de-1024x533.jpg 1024w, https:\/\/www.leeb-balkone.com\/app\/uploads\/2026\/03\/map-de-768x400.jpg 768w, https:\/\/www.leeb-balkone.com\/app\/uploads\/2026\/03\/map-de-1536x799.jpg 1536w\" sizes=\"auto, (min-width: 1536px) 2048px, (min-width: 992px) 1536px, (min-width: 768px) 1024px, (min-width: 576px) 768px, 100vw\" \/><\/div>\n<\/div>\n\n\n\n<div class=\"wp-block-column is-vertically-aligned-center is-style-overlay-content is-layout-flow wp-block-column-is-layout-flow\">\n<div class=\"wp-block-group is-vertical is-layout-flex wp-container-core-group-is-layout-bd7877ba wp-block-group-is-layout-flex\">\n<h2 class=\"wp-block-heading has-step-2-font-size\">Vertriebspartner Deutschland<\/h2>\n\n\n\n<p>Kompetente LEEB Partner in Ihrer Region. Pers\u00f6nliche Beratung, pr\u00e4zise Planung und fachgerechte Montage \u2013 bundesweit.<\/p>\n\n\n\n<div class=\"wp-block-buttons is-layout-flex wp-block-buttons-is-layout-flex\" style=\"margin-top:var(--wp--preset--spacing--2-xs)\">\n<div class=\"wp-block-button is-style-cta\"><a class=\"wp-block-button__link has-transparent-background-color has-background wp-element-button\" href=\"https:\/\/www.leeb-balkone.com\/de\/vertriebspartner\/\">Vertriebspartner finden<span class=\"sr-only\"> Vertriebspartner Leeb Balkone Deutschland<\/span><\/a><\/div>\n<\/div>\n<\/div>\n<\/div>\n<\/div>\n<\/section>\n\n\n\n<section class=\"wp-block-group alignfull has-light-gray-background-color has-background has-global-padding is-layout-constrained wp-container-core-group-is-layout-52f96efc wp-block-group-is-layout-constrained\" id=\"beratungstermin\">\n<div class=\"wp-block-group m-teaser o-grid u-md-1 is-layout-flow wp-block-group-is-layout-flow\">\n<div class=\"wp-block-group u-g-7 u-g-s-2 is-layout-flow wp-block-group-is-layout-flow\" style=\"margin-bottom:var(--wp--preset--spacing--s)\">\n<h2 class=\"wp-block-heading\">Kontaktieren Sie uns<\/h2>\n\n\n\n<p><strong><strong>Sie planen ein Projekt oder haben Fragen zu uns und unseren L\u00f6sungen? Schreiben Sie uns einfach &#8211; wir nehmen uns gerne Zeit f\u00fcr Ihr Anliegen!<\/strong><\/strong><\/p>\n<\/div>\n<\/div>\n\n\n\n<div class=\"wp-block-group m-teaser o-grid u-md-1 is-layout-flow wp-block-group-is-layout-flow\">\n<div class=\"wp-block-group u-g-7 u-g-s-2 is-layout-flow wp-block-group-is-layout-flow\" style=\"margin-bottom:var(--wp--preset--spacing--s)\"><form action=\"https:\/\/www.leeb-balkone.com\/de\/wp-json\/ws-form\/v1\/submit\" class=\"wsf-form wsf-form-canvas\" id=\"ws-form-1\" data-id=\"4\" data-instance-id=\"1\" method=\"POST\"><\/form>\n<\/div>\n\n\n\n<div class=\"wp-block-group u-g-3 u-g-s-9 is-layout-flow wp-block-group-is-layout-flow\"><div class=\"t3-sidebar-buttons wp-block-buttons is-layout-flex wp-block-buttons-is-layout-flex\"><div class=\"wp-block-button is-style-fill icon-book icon-left\">\n                        <a class=\"wp-block-button__link has-secondary-color has-white-background-color has-text-color has-background has-link-color wp-element-button\" href=\"https:\/\/www.leeb-balkone.com\/de\/kontakt\/katalog-anfordern\/\" style=\"box-shadow:var(--wp--preset--shadow--box-shadow)\">Katalog anfordern<\/a>\n                    <\/div><div class=\"wp-block-button is-style-fill icon-phone-new icon-left\">\n                        <a class=\"wp-block-button__link has-secondary-color has-white-background-color has-text-color has-background has-link-color wp-element-button\" href=\"tel:08001801003\">Hotline Deutschland <span class=\"sr-only\">Hotline: 0800 1801003 (Deutschlandweit kostenlos)<\/span><\/a>\n                    <\/div><\/div>\n<\/div>\n<\/div>\n<\/section>\n","protected":false},"excerpt":{"rendered":"","protected":false},"author":4,"featured_media":0,"parent":0,"menu_order":51,"comment_status":"closed","ping_status":"closed","template":"template-onepager.blade.php","meta":{"_acf_changed":false,"footnotes":"","_sage_theme_css":true,"_wp_block_core_css":true},"folder":[247,238],"class_list":["post-167998","page","type-page","status-publish","hentry"],"acf":[],"yoast_head":"<!-- This site is optimized with the Yoast SEO plugin v27.2 - https:\/\/yoast.com\/product\/yoast-seo-wordpress\/ -->\n<title>Vertriebspartner Deutschland - Leeb Balkone<\/title>\n<meta name=\"description\" content=\"Leeb Vertriebspartner in Deutschland \u2013 regional vertreten in Bayern, Baden-W\u00fcrttemberg, NRW, Hessen, Sachsen, Niedersachsen, Th\u00fcringen, Rheinland-Pfalz.\" \/>\n<meta name=\"robots\" content=\"noindex, follow\" \/>\n<meta property=\"og:locale\" content=\"de_DE\" \/>\n<meta property=\"og:type\" content=\"article\" \/>\n<meta property=\"og:title\" content=\"Vertriebspartner Deutschland - Leeb Balkone\" \/>\n<meta property=\"og:description\" content=\"Leeb Vertriebspartner in Deutschland \u2013 regional vertreten in Bayern, Baden-W\u00fcrttemberg, NRW, Hessen, Sachsen, Niedersachsen, Th\u00fcringen, Rheinland-Pfalz.\" \/>\n<meta property=\"og:url\" content=\"https:\/\/www.leeb-balkone.com\/de\/vertriebspartner-deutschland\/\" \/>\n<meta property=\"og:site_name\" content=\"Leeb Balkone\" \/>\n<meta property=\"article:publisher\" content=\"https:\/\/www.facebook.com\/balkone\/\" \/>\n<meta property=\"article:modified_time\" content=\"2026-04-20T13:07:05+00:00\" \/>\n<meta property=\"og:image\" content=\"https:\/\/www.leeb-balkone.com\/app\/uploads\/2020\/07\/anbaubalkon-mit-stuetzen-50-scaled.jpg\" \/>\n\t<meta property=\"og:image:width\" content=\"2560\" \/>\n\t<meta property=\"og:image:height\" content=\"1707\" \/>\n\t<meta property=\"og:image:type\" content=\"image\/jpeg\" \/>\n<meta name=\"twitter:card\" content=\"summary_large_image\" \/>\n<script type=\"application\/ld+json\" class=\"yoast-schema-graph\">{\"@context\":\"https:\/\/schema.org\",\"@graph\":[{\"@type\":\"WebPage\",\"@id\":\"https:\/\/www.leeb-balkone.com\/de\/vertriebspartner-deutschland\/\",\"url\":\"https:\/\/www.leeb-balkone.com\/de\/vertriebspartner-deutschland\/\",\"name\":\"Vertriebspartner Deutschland - Leeb Balkone\",\"isPartOf\":{\"@id\":\"https:\/\/www.leeb-balkone.com\/de\/#website\"},\"primaryImageOfPage\":{\"@id\":\"https:\/\/www.leeb-balkone.com\/de\/vertriebspartner-deutschland\/#primaryimage\"},\"image\":{\"@id\":\"https:\/\/www.leeb-balkone.com\/de\/vertriebspartner-deutschland\/#primaryimage\"},\"thumbnailUrl\":\"https:\/\/www.leeb-balkone.com\/app\/uploads\/2020\/07\/anbaubalkon-mit-stuetzen-50-1024x683.jpg\",\"datePublished\":\"2026-04-17T10:54:59+00:00\",\"dateModified\":\"2026-04-20T13:07:05+00:00\",\"description\":\"Leeb Vertriebspartner in Deutschland \u2013 regional vertreten in Bayern, Baden-W\u00fcrttemberg, NRW, Hessen, Sachsen, Niedersachsen, Th\u00fcringen, Rheinland-Pfalz.\",\"breadcrumb\":{\"@id\":\"https:\/\/www.leeb-balkone.com\/de\/vertriebspartner-deutschland\/#breadcrumb\"},\"inLanguage\":\"de\",\"potentialAction\":[{\"@type\":\"ReadAction\",\"target\":[\"https:\/\/www.leeb-balkone.com\/de\/vertriebspartner-deutschland\/\"]}]},{\"@type\":\"ImageObject\",\"inLanguage\":\"de\",\"@id\":\"https:\/\/www.leeb-balkone.com\/de\/vertriebspartner-deutschland\/#primaryimage\",\"url\":\"https:\/\/www.leeb-balkone.com\/app\/uploads\/2020\/07\/anbaubalkon-mit-stuetzen-50-1024x683.jpg\",\"contentUrl\":\"https:\/\/www.leeb-balkone.com\/app\/uploads\/2020\/07\/anbaubalkon-mit-stuetzen-50-1024x683.jpg\"},{\"@type\":\"BreadcrumbList\",\"@id\":\"https:\/\/www.leeb-balkone.com\/de\/vertriebspartner-deutschland\/#breadcrumb\",\"itemListElement\":[{\"@type\":\"ListItem\",\"position\":1,\"name\":\"Home\",\"item\":\"https:\/\/www.leeb-balkone.com\/de\/\"},{\"@type\":\"ListItem\",\"position\":2,\"name\":\"Vertriebspartner Deutschland\"}]},{\"@type\":\"WebSite\",\"@id\":\"https:\/\/www.leeb-balkone.com\/de\/#website\",\"url\":\"https:\/\/www.leeb-balkone.com\/de\/\",\"name\":\"Leeb Balkone\",\"description\":\"Balkone und Z\u00e4une\",\"publisher\":{\"@id\":\"https:\/\/www.leeb-balkone.com\/de\/#organization\"},\"potentialAction\":[{\"@type\":\"SearchAction\",\"target\":{\"@type\":\"EntryPoint\",\"urlTemplate\":\"https:\/\/www.leeb-balkone.com\/de\/?s={search_term_string}\"},\"query-input\":{\"@type\":\"PropertyValueSpecification\",\"valueRequired\":true,\"valueName\":\"search_term_string\"}}],\"inLanguage\":\"de\"},{\"@type\":\"Organization\",\"@id\":\"https:\/\/www.leeb-balkone.com\/de\/#organization\",\"name\":\"Leeb Balkone Gmbh\",\"url\":\"https:\/\/www.leeb-balkone.com\/de\/\",\"logo\":{\"@type\":\"ImageObject\",\"inLanguage\":\"de\",\"@id\":\"https:\/\/www.leeb-balkone.com\/de\/#\/schema\/logo\/image\/\",\"url\":\"https:\/\/www.leeb-balkone.com\/app\/uploads\/2020\/11\/leeb-logo.svg\",\"contentUrl\":\"https:\/\/www.leeb-balkone.com\/app\/uploads\/2020\/11\/leeb-logo.svg\",\"width\":741,\"height\":204,\"caption\":\"Leeb Balkone Gmbh\"},\"image\":{\"@id\":\"https:\/\/www.leeb-balkone.com\/de\/#\/schema\/logo\/image\/\"},\"sameAs\":[\"https:\/\/www.facebook.com\/balkone\/\",\"https:\/\/www.trustedshops.at\/bewertung\/info_X4587CCF5833E31AFE0B11F47D86999F2.html\",\"https:\/\/www.trustedshops.de\/bewertung\/info_X7BA536A7A0BDC86D36C4718E4DCAEEEF.html\",\"https:\/\/www.google.com\/maps\/place\/?q=place_id:ChIJ5-zH19-IcEcR9HonWRTllHI\"]}]}<\/script>\n<!-- \/ Yoast SEO plugin. -->","yoast_head_json":{"title":"Vertriebspartner Deutschland - Leeb Balkone","description":"Leeb Vertriebspartner in Deutschland \u2013 regional vertreten in Bayern, Baden-W\u00fcrttemberg, NRW, Hessen, Sachsen, Niedersachsen, Th\u00fcringen, Rheinland-Pfalz.","robots":{"index":"noindex","follow":"follow"},"og_locale":"de_DE","og_type":"article","og_title":"Vertriebspartner Deutschland - Leeb Balkone","og_description":"Leeb Vertriebspartner in Deutschland \u2013 regional vertreten in Bayern, Baden-W\u00fcrttemberg, NRW, Hessen, Sachsen, Niedersachsen, Th\u00fcringen, Rheinland-Pfalz.","og_url":"https:\/\/www.leeb-balkone.com\/de\/vertriebspartner-deutschland\/","og_site_name":"Leeb Balkone","article_publisher":"https:\/\/www.facebook.com\/balkone\/","article_modified_time":"2026-04-20T13:07:05+00:00","og_image":[{"width":2560,"height":1707,"url":"https:\/\/www.leeb-balkone.com\/app\/uploads\/2020\/07\/anbaubalkon-mit-stuetzen-50-scaled.jpg","type":"image\/jpeg"}],"twitter_card":"summary_large_image","schema":{"@context":"https:\/\/schema.org","@graph":[{"@type":"WebPage","@id":"https:\/\/www.leeb-balkone.com\/de\/vertriebspartner-deutschland\/","url":"https:\/\/www.leeb-balkone.com\/de\/vertriebspartner-deutschland\/","name":"Vertriebspartner Deutschland - Leeb Balkone","isPartOf":{"@id":"https:\/\/www.leeb-balkone.com\/de\/#website"},"primaryImageOfPage":{"@id":"https:\/\/www.leeb-balkone.com\/de\/vertriebspartner-deutschland\/#primaryimage"},"image":{"@id":"https:\/\/www.leeb-balkone.com\/de\/vertriebspartner-deutschland\/#primaryimage"},"thumbnailUrl":"https:\/\/www.leeb-balkone.com\/app\/uploads\/2020\/07\/anbaubalkon-mit-stuetzen-50-1024x683.jpg","datePublished":"2026-04-17T10:54:59+00:00","dateModified":"2026-04-20T13:07:05+00:00","description":"Leeb Vertriebspartner in Deutschland \u2013 regional vertreten in Bayern, Baden-W\u00fcrttemberg, NRW, Hessen, Sachsen, Niedersachsen, Th\u00fcringen, Rheinland-Pfalz.","breadcrumb":{"@id":"https:\/\/www.leeb-balkone.com\/de\/vertriebspartner-deutschland\/#breadcrumb"},"inLanguage":"de","potentialAction":[{"@type":"ReadAction","target":["https:\/\/www.leeb-balkone.com\/de\/vertriebspartner-deutschland\/"]}]},{"@type":"ImageObject","inLanguage":"de","@id":"https:\/\/www.leeb-balkone.com\/de\/vertriebspartner-deutschland\/#primaryimage","url":"https:\/\/www.leeb-balkone.com\/app\/uploads\/2020\/07\/anbaubalkon-mit-stuetzen-50-1024x683.jpg","contentUrl":"https:\/\/www.leeb-balkone.com\/app\/uploads\/2020\/07\/anbaubalkon-mit-stuetzen-50-1024x683.jpg"},{"@type":"BreadcrumbList","@id":"https:\/\/www.leeb-balkone.com\/de\/vertriebspartner-deutschland\/#breadcrumb","itemListElement":[{"@type":"ListItem","position":1,"name":"Home","item":"https:\/\/www.leeb-balkone.com\/de\/"},{"@type":"ListItem","position":2,"name":"Vertriebspartner Deutschland"}]},{"@type":"WebSite","@id":"https:\/\/www.leeb-balkone.com\/de\/#website","url":"https:\/\/www.leeb-balkone.com\/de\/","name":"Leeb Balkone","description":"Balkone und Z\u00e4une","publisher":{"@id":"https:\/\/www.leeb-balkone.com\/de\/#organization"},"potentialAction":[{"@type":"SearchAction","target":{"@type":"EntryPoint","urlTemplate":"https:\/\/www.leeb-balkone.com\/de\/?s={search_term_string}"},"query-input":{"@type":"PropertyValueSpecification","valueRequired":true,"valueName":"search_term_string"}}],"inLanguage":"de"},{"@type":"Organization","@id":"https:\/\/www.leeb-balkone.com\/de\/#organization","name":"Leeb Balkone Gmbh","url":"https:\/\/www.leeb-balkone.com\/de\/","logo":{"@type":"ImageObject","inLanguage":"de","@id":"https:\/\/www.leeb-balkone.com\/de\/#\/schema\/logo\/image\/","url":"https:\/\/www.leeb-balkone.com\/app\/uploads\/2020\/11\/leeb-logo.svg","contentUrl":"https:\/\/www.leeb-balkone.com\/app\/uploads\/2020\/11\/leeb-logo.svg","width":741,"height":204,"caption":"Leeb Balkone Gmbh"},"image":{"@id":"https:\/\/www.leeb-balkone.com\/de\/#\/schema\/logo\/image\/"},"sameAs":["https:\/\/www.facebook.com\/balkone\/","https:\/\/www.trustedshops.at\/bewertung\/info_X4587CCF5833E31AFE0B11F47D86999F2.html","https:\/\/www.trustedshops.de\/bewertung\/info_X7BA536A7A0BDC86D36C4718E4DCAEEEF.html","https:\/\/www.google.com\/maps\/place\/?q=place_id:ChIJ5-zH19-IcEcR9HonWRTllHI"]}]}},"_links":{"self":[{"href":"https:\/\/www.leeb-balkone.com\/de\/wp-json\/wp\/v2\/pages\/167998","targetHints":{"allow":["GET"]}}],"collection":[{"href":"https:\/\/www.leeb-balkone.com\/de\/wp-json\/wp\/v2\/pages"}],"about":[{"href":"https:\/\/www.leeb-balkone.com\/de\/wp-json\/wp\/v2\/types\/page"}],"author":[{"embeddable":true,"href":"https:\/\/www.leeb-balkone.com\/de\/wp-json\/wp\/v2\/users\/4"}],"replies":[{"embeddable":true,"href":"https:\/\/www.leeb-balkone.com\/de\/wp-json\/wp\/v2\/comments?post=167998"}],"version-history":[{"count":10,"href":"https:\/\/www.leeb-balkone.com\/de\/wp-json\/wp\/v2\/pages\/167998\/revisions"}],"predecessor-version":[{"id":168106,"href":"https:\/\/www.leeb-balkone.com\/de\/wp-json\/wp\/v2\/pages\/167998\/revisions\/168106"}],"wp:attachment":[{"href":"https:\/\/www.leeb-balkone.com\/de\/wp-json\/wp\/v2\/media?parent=167998"}],"wp:term":[{"taxonomy":"folder","embeddable":true,"href":"https:\/\/www.leeb-balkone.com\/de\/wp-json\/wp\/v2\/folder?post=167998"}],"curies":[{"name":"wp","href":"https:\/\/api.w.org\/{rel}","templated":true}]}}