{"id":166790,"date":"2026-03-26T13:08:17","date_gmt":"2026-03-26T13:08:17","guid":{"rendered":"https:\/\/www.leeb-balkone.com\/?page_id=166790"},"modified":"2026-04-28T13:27:38","modified_gmt":"2026-04-28T13:27:38","slug":"120-jahre-leeb","status":"publish","type":"page","link":"https:\/\/www.leeb-balkone.com\/de\/120-jahre-leeb\/","title":{"rendered":"120 Jahre Leeb"},"content":{"rendered":"\n<div class=\"wp-block-group alignfull events-wrapper has-primary-dark-background-color has-background has-global-padding is-layout-constrained wp-container-core-group-is-layout-3f4772be wp-block-group-is-layout-constrained\" style=\"padding-top:0;padding-right:0;padding-bottom:0;padding-left:0\">\n<div class=\"wp-block-cover alignfull has-custom-content-position is-position-bottom-center\" style=\"padding-top:var(--wp--preset--spacing--xl-2-xl);padding-bottom:var(--wp--preset--spacing--xl-3-xl);min-height:65vh;aspect-ratio:unset;\"><img loading=\"lazy\" decoding=\"async\" width=\"1024\" height=\"682\" class=\"wp-block-cover__image-background wp-image-10069 size-large\" alt=\"Leeb Firmengel\u00e4nde - Zentrale in Gnesau\" src=\"https:\/\/www.leeb-balkone.com\/app\/uploads\/2020\/11\/leeb-balkone-firmengelaende-herbst-1024x682.jpg\" data-object-fit=\"cover\" srcset=\"https:\/\/www.leeb-balkone.com\/app\/uploads\/2020\/11\/leeb-balkone-firmengelaende-herbst-1024x682.jpg 1024w, https:\/\/www.leeb-balkone.com\/app\/uploads\/2020\/11\/leeb-balkone-firmengelaende-herbst-300x200.jpg 300w, https:\/\/www.leeb-balkone.com\/app\/uploads\/2020\/11\/leeb-balkone-firmengelaende-herbst-768x512.jpg 768w, https:\/\/www.leeb-balkone.com\/app\/uploads\/2020\/11\/leeb-balkone-firmengelaende-herbst-1536x1024.jpg 1536w, https:\/\/www.leeb-balkone.com\/app\/uploads\/2020\/11\/leeb-balkone-firmengelaende-herbst-2048x1365.jpg 2048w\" sizes=\"auto, (max-width: 1024px) 100vw, 1024px\" \/><span aria-hidden=\"true\" class=\"wp-block-cover__background has-background-dim-100 has-background-dim wp-block-cover__gradient-background has-background-gradient\" style=\"background:linear-gradient(0deg,rgba(0,0,0,0.49) 55%,rgba(0,0,0,0) 100%)\"><\/span><div class=\"wp-block-cover__inner-container has-global-padding is-layout-constrained wp-container-core-cover-is-layout-5c5fde13 wp-block-cover-is-layout-constrained\">\n<div class=\"wp-block-columns is-layout-flex wp-container-core-columns-is-layout-28f84493 wp-block-columns-is-layout-flex\">\n<div class=\"wp-block-column is-vertically-aligned-bottom is-layout-flow wp-block-column-is-layout-flow\" style=\"flex-basis:66.67%\">\n<h1 class=\"wp-block-heading is-style-bold has-step-7-font-size\" style=\"line-height:1.05\">120 Jahre Leeb<\/h1>\n\n\n\n<p class=\"has-step-2-font-size\">Erleben Sie <strong>120 Jahre Leidenschaft<\/strong> f\u00fcr Qualit\u00e4t und entdecken Sie die Geschichte hinter Europas f\u00fchrendem Balkon- und Zaunhersteller.<\/p>\n<\/div>\n\n\n\n<div class=\"wp-block-column is-vertically-aligned-bottom is-layout-flow wp-block-column-is-layout-flow\" style=\"flex-basis:33.33%\"><\/div>\n<\/div>\n\n\n\n<div class=\"wp-block-buttons is-layout-flex wp-block-buttons-is-layout-flex\" style=\"margin-top:var(--wp--preset--spacing--l)\">\n<div class=\"wp-block-button is-style-outline-white smooth-scroll\"><a class=\"wp-block-button__link wp-element-button\" href=\"#geschichte\">Unsere Geschichte<\/a><\/div>\n<\/div>\n<\/div><\/div>\n<\/div>\n\n\n\n<section class=\"wp-block-group alignfull has-white-background-color has-background has-global-padding is-layout-constrained wp-container-core-group-is-layout-f9627980 wp-block-group-is-layout-constrained\" id=\"geschichte\" style=\"padding-top:var(--wp--preset--spacing--l-xl);padding-bottom:var(--wp--preset--spacing--xl-2-xl)\">\n<div class=\"wp-block-group m-teaser o-grid u-md-1 is-layout-flow wp-block-group-is-layout-flow\">\n<div class=\"wp-block-group u-g-9 u-g-s-2 is-layout-flow wp-block-group-is-layout-flow\" style=\"margin-bottom:var(--wp--preset--spacing--s)\"><div class=\"yoast-breadcrumbs\"><span><span><a href=\"https:\/\/www.leeb-balkone.com\/de\/\">Home<\/a><\/span> \/ <span class=\"breadcrumb_last\" aria-current=\"page\">120 Jahre Leeb<\/span><\/span><\/div>\n\n\n<h2 class=\"wp-block-heading has-text-align-left\">Vom S\u00e4gewerk zum Marktf\u00fchrer<\/h2>\n\n\n\n<p class=\"has-text-align-left\">Begleiten Sie uns auf einer Reise durch 120 Jahre voller Pioniergeist, Handwerkskunst und Familientradition. Leeb verbindet Generationen und verleiht einem Zuhause den einzigartigen Charakter und Stil. \u00dcber all die Jahrzehnte hinweg wurden bei Leeb jene Werte bewahrt, die man nicht kopieren kann: unsere selektiven Vertriebswege, die Liebe zum Produktdetail, der kompromisslose Fertigungsprozess \u2013 und vor allem die Menschen dahinter. Langj\u00e4hrige Vertriebspartner, erfahrene Montageteams und Mitarbeitende, die oft \u00fcber viele Jahre \u2013 teils \u00fcber Generationen \u2013 mit dem Unternehmen verbunden sind, sind das R\u00fcckgrat unserer Qualit\u00e4t.<\/p>\n<\/div>\n<\/div>\n\n\n\n<div class=\"wp-block-group is-style-transparent-cards is-layout-grid wp-container-core-group-is-layout-6c3381f9 wp-block-group-is-layout-grid\" style=\"margin-bottom:var(--wp--preset--spacing--xl)\">\n<div class=\"wp-block-group m-card icon is-layout-flow wp-block-group-is-layout-flow\">\n<div class=\"wp-block-group m-card-icon has-global-padding is-content-justification-left is-layout-constrained wp-container-core-group-is-layout-12dd3699 wp-block-group-is-layout-constrained\">\n<div class=\"wp-block-t3-svg-icon has-custom-styles\" style=\"width:44px;height:44px\"><!-- Generated by IcoMoon.io -->\n<svg version=\"1.1\" xmlns=\"https:\/\/www.w3.org\/2000\/svg\" width=\"32\" height=\"32\" viewBox=\"0 0 32 32\" style=\"width:100%;height:100%;preserveAspectRatio:xMidYMid meet;\" fill=\"#EE7203\"><title>Icon-Titel<\/title>\n<path d=\"M9.098 12.583c0.51-0.511 1.338-0.511 1.849 0l4.304 4.304 13.019-13.019c0.51-0.51 1.338-0.51 1.849 0s0.51 1.338 0 1.849l-13.943 13.943c-0.51 0.51-1.338 0.51-1.849 0l-5.229-5.229c-0.511-0.511-0.511-1.338 0-1.849z\"><\/path>\n<path d=\"M15.251 2.614c-6.979 0-12.636 5.657-12.636 12.636s5.657 12.636 12.636 12.636c6.979 0 12.636-5.657 12.636-12.636 0-0.722 0.585-1.307 1.307-1.307s1.307 0.585 1.307 1.307c0 8.423-6.828 15.25-15.251 15.25s-15.251-6.828-15.251-15.25 6.828-15.251 15.251-15.251c1.803 0 3.536 0.314 5.146 0.89 0.68 0.244 1.033 0.992 0.79 1.672s-0.992 1.033-1.671 0.789c-1.33-0.477-2.765-0.737-4.264-0.737z\"><\/path>\n<\/svg>\n<\/div>\n<\/div>\n\n\n\n<div class=\"wp-block-group m-card-content is-vertical is-layout-flex wp-container-core-group-is-layout-fe9cc265 wp-block-group-is-layout-flex\">\n<h3 class=\"wp-block-heading\">Gr\u00fcnder mit Weitblick<\/h3>\n\n\n\n<p>Vor 120 Jahren legte Ulrich Leeb mit einem kleinen S\u00e4gewerk in Gnesau den Grundstein f\u00fcr eine europ\u00e4ische Erfolgsgeschichte.<\/p>\n<\/div>\n<\/div>\n\n\n\n<div class=\"wp-block-group m-card icon is-layout-flow wp-block-group-is-layout-flow\">\n<div class=\"wp-block-group m-card-icon has-global-padding is-content-justification-left is-layout-constrained wp-container-core-group-is-layout-12dd3699 wp-block-group-is-layout-constrained\">\n<div class=\"wp-block-t3-svg-icon has-custom-styles\" style=\"width:44px;height:44px\"><!-- Generated by IcoMoon.io -->\n<svg version=\"1.1\" xmlns=\"https:\/\/www.w3.org\/2000\/svg\" width=\"32\" height=\"32\" viewBox=\"0 0 32 32\" style=\"width:100%;height:100%;preserveAspectRatio:xMidYMid meet;\" fill=\"#EE7203\"><title>Icon-Titel<\/title>\n<path d=\"M9.098 12.583c0.51-0.511 1.338-0.511 1.849 0l4.304 4.304 13.019-13.019c0.51-0.51 1.338-0.51 1.849 0s0.51 1.338 0 1.849l-13.943 13.943c-0.51 0.51-1.338 0.51-1.849 0l-5.229-5.229c-0.511-0.511-0.511-1.338 0-1.849z\"><\/path>\n<path d=\"M15.251 2.614c-6.979 0-12.636 5.657-12.636 12.636s5.657 12.636 12.636 12.636c6.979 0 12.636-5.657 12.636-12.636 0-0.722 0.585-1.307 1.307-1.307s1.307 0.585 1.307 1.307c0 8.423-6.828 15.25-15.251 15.25s-15.251-6.828-15.251-15.25 6.828-15.251 15.251-15.251c1.803 0 3.536 0.314 5.146 0.89 0.68 0.244 1.033 0.992 0.79 1.672s-0.992 1.033-1.671 0.789c-1.33-0.477-2.765-0.737-4.264-0.737z\"><\/path>\n<\/svg>\n<\/div>\n<\/div>\n\n\n\n<div class=\"wp-block-group m-card-content is-vertical is-layout-flex wp-container-core-group-is-layout-fe9cc265 wp-block-group-is-layout-flex\">\n<h3 class=\"wp-block-heading\">Europas Nr. 1<\/h3>\n\n\n\n<p>Der Schritt vom Holzbalkon zum Aluminium-Spezialisten machte Leeb zum Marktf\u00fchrer f\u00fcr Balkone, Z\u00e4une und \u00dcberdachungen in ganz Europa.<\/p>\n<\/div>\n<\/div>\n\n\n\n<div class=\"wp-block-group m-card icon is-layout-flow wp-block-group-is-layout-flow\">\n<div class=\"wp-block-group m-card-icon has-global-padding is-content-justification-left is-layout-constrained wp-container-core-group-is-layout-12dd3699 wp-block-group-is-layout-constrained\">\n<div class=\"wp-block-t3-svg-icon has-custom-styles\" style=\"width:44px;height:44px\"><!-- Generated by IcoMoon.io -->\n<svg version=\"1.1\" xmlns=\"https:\/\/www.w3.org\/2000\/svg\" width=\"32\" height=\"32\" viewBox=\"0 0 32 32\" style=\"width:100%;height:100%;preserveAspectRatio:xMidYMid meet;\" fill=\"#EE7203\"><title>Icon-Titel<\/title>\n<path d=\"M9.098 12.583c0.51-0.511 1.338-0.511 1.849 0l4.304 4.304 13.019-13.019c0.51-0.51 1.338-0.51 1.849 0s0.51 1.338 0 1.849l-13.943 13.943c-0.51 0.51-1.338 0.51-1.849 0l-5.229-5.229c-0.511-0.511-0.511-1.338 0-1.849z\"><\/path>\n<path d=\"M15.251 2.614c-6.979 0-12.636 5.657-12.636 12.636s5.657 12.636 12.636 12.636c6.979 0 12.636-5.657 12.636-12.636 0-0.722 0.585-1.307 1.307-1.307s1.307 0.585 1.307 1.307c0 8.423-6.828 15.25-15.251 15.25s-15.251-6.828-15.251-15.25 6.828-15.251 15.251-15.251c1.803 0 3.536 0.314 5.146 0.89 0.68 0.244 1.033 0.992 0.79 1.672s-0.992 1.033-1.671 0.789c-1.33-0.477-2.765-0.737-4.264-0.737z\"><\/path>\n<\/svg>\n<\/div>\n<\/div>\n\n\n\n<div class=\"wp-block-group m-card-content is-vertical is-layout-flex wp-container-core-group-is-layout-fe9cc265 wp-block-group-is-layout-flex\">\n<h3 class=\"wp-block-heading\">Qualit\u00e4t &amp; Innovation<\/h3>\n\n\n\n<p>Leeb steht seit 120 Jahren f\u00fcr Individualanfertigung, patentierte Qualit\u00e4t und h\u00f6chste Designanspr\u00fcche \u2013 gefertigt in K\u00e4rnten, gesch\u00e4tzt in Europa.<\/p>\n<\/div>\n<\/div>\n<\/div>\n\n\n\n<div class=\"wp-block-t3-timeline-wrapper\" id=\"t3-timeline-12991cc7-7e1b-4dc7-a10b-cb450a520635\"><div class=\"wp-block-t3-timeline t3-timeline-block swiper\" data-swiper-options-base64=\"eyJzbGlkZXNQZXJWaWV3IjoxLCJzcGFjZUJldHdlZW4iOjAsInNwZWVkIjo1MDAsIm5hdmlnYXRpb24iOnsibmV4dEVsIjoiI3QzLXRpbWVsaW5lLTEyOTkxY2M3LTdlMWItNGRjNy1hMTBiLWNiNDUwYTUyMDYzNSAudDMtdGltZWxpbmUtMTI5OTFjYzctN2UxYi00ZGM3LWExMGItY2I0NTBhNTIwNjM1LW5leHQiLCJwcmV2RWwiOiIjdDMtdGltZWxpbmUtMTI5OTFjYzctN2UxYi00ZGM3LWExMGItY2I0NTBhNTIwNjM1IC50My10aW1lbGluZS0xMjk5MWNjNy03ZTFiLTRkYzctYTEwYi1jYjQ1MGE1MjA2MzUtcHJldiJ9fQ==\"><div class=\"swiper-wrapper\">\n<div class=\"wp-block-t3-timeline-item t3-timeline-item swiper-slide\" data-timeline-label=\"1906\">\n<div class=\"wp-block-columns is-style-default is-layout-flex wp-container-core-columns-is-layout-8eb77903 wp-block-columns-is-layout-flex\" style=\"margin-top:0;margin-bottom:0\">\n<div class=\"wp-block-column is-layout-flow wp-block-column-is-layout-flow\" style=\"flex-basis:50%\">\n<figure class=\"wp-block-image size-large\"><img loading=\"lazy\" decoding=\"async\" width=\"1024\" height=\"725\" src=\"https:\/\/www.leeb-balkone.com\/app\/uploads\/2026\/03\/1-Leeb-Saege-Glatz-1906-1024x725.jpg\" alt=\"1 Leeb Saege Glatz\" class=\"wp-image-166997\" style=\"aspect-ratio:4\/3;object-fit:cover\" srcset=\"https:\/\/www.leeb-balkone.com\/app\/uploads\/2026\/03\/1-Leeb-Saege-Glatz-1906-1024x725.jpg 1024w, https:\/\/www.leeb-balkone.com\/app\/uploads\/2026\/03\/1-Leeb-Saege-Glatz-1906-300x212.jpg 300w, https:\/\/www.leeb-balkone.com\/app\/uploads\/2026\/03\/1-Leeb-Saege-Glatz-1906-768x543.jpg 768w, https:\/\/www.leeb-balkone.com\/app\/uploads\/2026\/03\/1-Leeb-Saege-Glatz-1906-1536x1087.jpg 1536w, https:\/\/www.leeb-balkone.com\/app\/uploads\/2026\/03\/1-Leeb-Saege-Glatz-1906-2048x1449.jpg 2048w\" sizes=\"auto, (max-width: 1024px) 100vw, 1024px\" \/><\/figure>\n<\/div>\n\n\n\n<div class=\"wp-block-column has-light-gray-background-color has-background is-layout-flow wp-block-column-is-layout-flow\" style=\"padding-top:var(--wp--preset--spacing--m);padding-right:var(--wp--preset--spacing--m);padding-bottom:var(--wp--preset--spacing--m);padding-left:var(--wp--preset--spacing--m);flex-basis:50%\">\n<p class=\"has-step-s-font-size\"><strong>1906<\/strong><\/p>\n\n\n\n<h3 class=\"wp-block-heading\" style=\"margin-top:var(--wp--preset--spacing--2-xs)\">Anfangszeit<\/h3>\n\n\n\n<p>Erste Urspr\u00fcnge der Firma Leeb unter Ulrich Leeb am &#8220;Glatz Hof&#8221; in Maitratten &#8211; Gemeinde Gnesau in K\u00e4rnten, \u00d6sterreich. Von 1906 bis 1920 wurde hier ein S\u00e4gewerk betrieben.<\/p>\n<\/div>\n<\/div>\n<\/div>\n\n\n\n<div class=\"wp-block-t3-timeline-item t3-timeline-item swiper-slide\" data-timeline-label=\"1920\">\n<div class=\"wp-block-columns is-style-default is-layout-flex wp-container-core-columns-is-layout-8eb77903 wp-block-columns-is-layout-flex\" style=\"margin-top:0;margin-bottom:0\">\n<div class=\"wp-block-column is-layout-flow wp-block-column-is-layout-flow\" style=\"flex-basis:50%\">\n<figure class=\"wp-block-image size-large\"><img loading=\"lazy\" decoding=\"async\" width=\"1024\" height=\"683\" src=\"https:\/\/www.leeb-balkone.com\/app\/uploads\/2026\/03\/Ulrich-Leeb-1024x683.png\" alt=\"Ulrich Leeb\" class=\"wp-image-167000\" style=\"aspect-ratio:4\/3;object-fit:cover\" srcset=\"https:\/\/www.leeb-balkone.com\/app\/uploads\/2026\/03\/Ulrich-Leeb-1024x683.png 1024w, https:\/\/www.leeb-balkone.com\/app\/uploads\/2026\/03\/Ulrich-Leeb-300x200.png 300w, https:\/\/www.leeb-balkone.com\/app\/uploads\/2026\/03\/Ulrich-Leeb-768x512.png 768w, https:\/\/www.leeb-balkone.com\/app\/uploads\/2026\/03\/Ulrich-Leeb-1536x1024.png 1536w, https:\/\/www.leeb-balkone.com\/app\/uploads\/2026\/03\/Ulrich-Leeb-2048x1366.png 2048w\" sizes=\"auto, (max-width: 1024px) 100vw, 1024px\" \/><\/figure>\n<\/div>\n\n\n\n<div class=\"wp-block-column has-light-gray-background-color has-background is-layout-flow wp-block-column-is-layout-flow\" style=\"padding-top:var(--wp--preset--spacing--m);padding-right:var(--wp--preset--spacing--m);padding-bottom:var(--wp--preset--spacing--m);padding-left:var(--wp--preset--spacing--m);flex-basis:50%\">\n<p class=\"has-step-s-font-size\"><strong>1920<\/strong><\/p>\n\n\n\n<h3 class=\"wp-block-heading\" style=\"margin-top:var(--wp--preset--spacing--2-xs)\">Das S\u00e4gewerk<\/h3>\n\n\n\n<p>Kauf und Inbetriebnahme des S\u00e4gewerks am heutigen Standort in Maitratten 25 &#8211; Gemeinde Gnesau in K\u00e4rnten, \u00d6sterreich. <\/p>\n<\/div>\n<\/div>\n<\/div>\n\n\n\n<div class=\"wp-block-t3-timeline-item t3-timeline-item swiper-slide\" data-timeline-label=\"1952\">\n<div class=\"wp-block-columns is-style-default is-layout-flex wp-container-core-columns-is-layout-8eb77903 wp-block-columns-is-layout-flex\" style=\"margin-top:0;margin-bottom:0\">\n<div class=\"wp-block-column is-layout-flow wp-block-column-is-layout-flow\" style=\"flex-basis:50%\">\n<figure class=\"wp-block-image size-large\"><img loading=\"lazy\" decoding=\"async\" width=\"1024\" height=\"683\" src=\"https:\/\/www.leeb-balkone.com\/app\/uploads\/2026\/04\/Franz-Leeb-Senior-quer-1024x683.png\" alt=\"Franz Leeb Senior quer\" class=\"wp-image-167355\" style=\"aspect-ratio:4\/3;object-fit:cover\" srcset=\"https:\/\/www.leeb-balkone.com\/app\/uploads\/2026\/04\/Franz-Leeb-Senior-quer-1024x683.png 1024w, https:\/\/www.leeb-balkone.com\/app\/uploads\/2026\/04\/Franz-Leeb-Senior-quer-300x200.png 300w, https:\/\/www.leeb-balkone.com\/app\/uploads\/2026\/04\/Franz-Leeb-Senior-quer-768x512.png 768w\" sizes=\"auto, (max-width: 1024px) 100vw, 1024px\" \/><\/figure>\n<\/div>\n\n\n\n<div class=\"wp-block-column has-light-gray-background-color has-background is-layout-flow wp-block-column-is-layout-flow\" style=\"padding-top:var(--wp--preset--spacing--m);padding-right:var(--wp--preset--spacing--m);padding-bottom:var(--wp--preset--spacing--m);padding-left:var(--wp--preset--spacing--m);flex-basis:50%\">\n<p class=\"has-step-s-font-size\"><strong>1952<\/strong><\/p>\n\n\n\n<h3 class=\"wp-block-heading\" style=\"margin-top:var(--wp--preset--spacing--2-xs)\">\u00dcbernahme S\u00e4gewerk<\/h3>\n\n\n\n<p>Es erfolgte der erste gro\u00dfe Umbau mit Erweiterung des S\u00e4gewerks. Ebenso wurde eine damals hochmoderne und sehr leistungsf\u00e4hige Kaplan-Turbine erbaut. <br><br><br>&nbsp;Franz Leeb Senior \u00fcbernahm in diesem Jahr die Firma.<\/p>\n<\/div>\n<\/div>\n<\/div>\n\n\n\n<div class=\"wp-block-t3-timeline-item t3-timeline-item swiper-slide\" data-timeline-label=\"1975\">\n<div class=\"wp-block-columns is-style-default is-layout-flex wp-container-core-columns-is-layout-8eb77903 wp-block-columns-is-layout-flex\" style=\"margin-top:0;margin-bottom:0\">\n<div class=\"wp-block-column is-layout-flow wp-block-column-is-layout-flow\" style=\"flex-basis:50%\">\n<figure class=\"wp-block-image size-large\"><img loading=\"lazy\" decoding=\"async\" width=\"724\" height=\"1024\" src=\"https:\/\/www.leeb-balkone.com\/app\/uploads\/2026\/03\/Herr-und-Frau-Senior-1-724x1024.jpg\" alt=\"Herr und Frau Senior\" class=\"wp-image-167002\" style=\"aspect-ratio:4\/3;object-fit:cover\" srcset=\"https:\/\/www.leeb-balkone.com\/app\/uploads\/2026\/03\/Herr-und-Frau-Senior-1-724x1024.jpg 724w, https:\/\/www.leeb-balkone.com\/app\/uploads\/2026\/03\/Herr-und-Frau-Senior-1-212x300.jpg 212w, https:\/\/www.leeb-balkone.com\/app\/uploads\/2026\/03\/Herr-und-Frau-Senior-1-768x1086.jpg 768w, https:\/\/www.leeb-balkone.com\/app\/uploads\/2026\/03\/Herr-und-Frau-Senior-1-1087x1536.jpg 1087w, https:\/\/www.leeb-balkone.com\/app\/uploads\/2026\/03\/Herr-und-Frau-Senior-1-1449x2048.jpg 1449w, https:\/\/www.leeb-balkone.com\/app\/uploads\/2026\/03\/Herr-und-Frau-Senior-1-scaled.jpg 1811w\" sizes=\"auto, (max-width: 724px) 100vw, 724px\" \/><\/figure>\n<\/div>\n\n\n\n<div class=\"wp-block-column has-light-gray-background-color has-background is-layout-flow wp-block-column-is-layout-flow\" style=\"padding-top:var(--wp--preset--spacing--m);padding-right:var(--wp--preset--spacing--m);padding-bottom:var(--wp--preset--spacing--m);padding-left:var(--wp--preset--spacing--m);flex-basis:50%\">\n<p class=\"has-step-s-font-size\"><strong>1975<\/strong><\/p>\n\n\n\n<h3 class=\"wp-block-heading\" style=\"margin-top:var(--wp--preset--spacing--2-xs)\">Generationswechsel<\/h3>\n\n\n\n<p>\u00dcbernahme der Firma von Ing. Franz und Erika Leeb mit Umbau des S\u00e4gewerks.<\/p>\n<\/div>\n<\/div>\n<\/div>\n\n\n\n<div class=\"wp-block-t3-timeline-item t3-timeline-item swiper-slide\" data-timeline-label=\"1976\">\n<div class=\"wp-block-columns is-style-default is-layout-flex wp-container-core-columns-is-layout-8eb77903 wp-block-columns-is-layout-flex\" style=\"margin-top:0;margin-bottom:0\">\n<div class=\"wp-block-column is-layout-flow wp-block-column-is-layout-flow\" style=\"flex-basis:50%\">\n<figure class=\"wp-block-image size-large\"><img loading=\"lazy\" decoding=\"async\" width=\"1024\" height=\"730\" src=\"https:\/\/www.leeb-balkone.com\/app\/uploads\/2026\/03\/3-Leeb-Balkone-1976-1024x730.jpg\" alt=\"3 Leeb Balkone\" class=\"wp-image-167003\" style=\"aspect-ratio:4\/3;object-fit:cover\" srcset=\"https:\/\/www.leeb-balkone.com\/app\/uploads\/2026\/03\/3-Leeb-Balkone-1976-1024x730.jpg 1024w, https:\/\/www.leeb-balkone.com\/app\/uploads\/2026\/03\/3-Leeb-Balkone-1976-300x214.jpg 300w, https:\/\/www.leeb-balkone.com\/app\/uploads\/2026\/03\/3-Leeb-Balkone-1976-768x547.jpg 768w, https:\/\/www.leeb-balkone.com\/app\/uploads\/2026\/03\/3-Leeb-Balkone-1976-1536x1095.jpg 1536w, https:\/\/www.leeb-balkone.com\/app\/uploads\/2026\/03\/3-Leeb-Balkone-1976.jpg 1772w\" sizes=\"auto, (max-width: 1024px) 100vw, 1024px\" \/><\/figure>\n<\/div>\n\n\n\n<div class=\"wp-block-column has-light-gray-background-color has-background is-layout-flow wp-block-column-is-layout-flow\" style=\"padding-top:var(--wp--preset--spacing--m);padding-right:var(--wp--preset--spacing--m);padding-bottom:var(--wp--preset--spacing--m);padding-left:var(--wp--preset--spacing--m);flex-basis:50%\">\n<p class=\"has-step-s-font-size\"><strong>1976<\/strong><\/p>\n\n\n\n<h3 class=\"wp-block-heading\" style=\"margin-top:var(--wp--preset--spacing--2-xs)\">Beginn der Balkonproduktion<\/h3>\n\n\n\n<p>Die Produktion von Holzbalkonen stellte eine Marktl\u00fccke dar, die Franz Leeb erkannte und erfolgreich nutzte. Es folgten Erweiterungen, eine Lagerhalle und eine Hobelwerkanlage.<\/p>\n<\/div>\n<\/div>\n<\/div>\n\n\n\n<div class=\"wp-block-t3-timeline-item t3-timeline-item swiper-slide\" data-timeline-label=\"1979\">\n<div class=\"wp-block-columns is-style-default is-layout-flex wp-container-core-columns-is-layout-8eb77903 wp-block-columns-is-layout-flex\" style=\"margin-top:0;margin-bottom:0\">\n<div class=\"wp-block-column is-layout-flow wp-block-column-is-layout-flow\" style=\"flex-basis:50%\">\n<figure class=\"wp-block-image size-large\"><img loading=\"lazy\" decoding=\"async\" width=\"1024\" height=\"699\" src=\"https:\/\/www.leeb-balkone.com\/app\/uploads\/2026\/03\/1979-Brand-e1774870034214-1024x699.png\" alt=\"1979 Brand e1774870034214\" class=\"wp-image-167004\" style=\"aspect-ratio:4\/3;object-fit:cover\" srcset=\"https:\/\/www.leeb-balkone.com\/app\/uploads\/2026\/03\/1979-Brand-e1774870034214-1024x699.png 1024w, https:\/\/www.leeb-balkone.com\/app\/uploads\/2026\/03\/1979-Brand-e1774870034214-300x205.png 300w, https:\/\/www.leeb-balkone.com\/app\/uploads\/2026\/03\/1979-Brand-e1774870034214-768x524.png 768w, https:\/\/www.leeb-balkone.com\/app\/uploads\/2026\/03\/1979-Brand-e1774870034214-1536x1049.png 1536w, https:\/\/www.leeb-balkone.com\/app\/uploads\/2026\/03\/1979-Brand-e1774870034214-2048x1398.png 2048w\" sizes=\"auto, (max-width: 1024px) 100vw, 1024px\" \/><\/figure>\n<\/div>\n\n\n\n<div class=\"wp-block-column has-light-gray-background-color has-background is-layout-flow wp-block-column-is-layout-flow\" style=\"padding-top:var(--wp--preset--spacing--m);padding-right:var(--wp--preset--spacing--m);padding-bottom:var(--wp--preset--spacing--m);padding-left:var(--wp--preset--spacing--m);flex-basis:50%\">\n<p class=\"has-step-s-font-size\"><strong><strong>197<\/strong>9<\/strong><\/p>\n\n\n\n<h3 class=\"wp-block-heading\" style=\"margin-top:var(--wp--preset--spacing--2-xs)\">Ein R\u00fcckschlag<\/h3>\n\n\n\n<p>Durch einen Brand wurde die kleine Produktionshalle zerst\u00f6rt. W\u00e4hrend dem Bau der neuen Halle wurde ausw\u00e4rts in einer gemieteten Halle am Wachsenberg produziert.<\/p>\n<\/div>\n<\/div>\n<\/div>\n\n\n\n<div class=\"wp-block-t3-timeline-item t3-timeline-item swiper-slide\" data-timeline-label=\"1980\">\n<div class=\"wp-block-columns is-style-default is-layout-flex wp-container-core-columns-is-layout-8eb77903 wp-block-columns-is-layout-flex\" style=\"margin-top:0;margin-bottom:0\">\n<div class=\"wp-block-column is-layout-flow wp-block-column-is-layout-flow\" style=\"flex-basis:50%\">\n<figure class=\"wp-block-image size-large\"><img loading=\"lazy\" decoding=\"async\" width=\"1024\" height=\"683\" src=\"https:\/\/www.leeb-balkone.com\/app\/uploads\/2026\/03\/Neubau-der-Produktionshalle-1980-1024x683.png\" alt=\"Neubau der Produktionshalle\" class=\"wp-image-167005\" style=\"aspect-ratio:4\/3;object-fit:cover\" srcset=\"https:\/\/www.leeb-balkone.com\/app\/uploads\/2026\/03\/Neubau-der-Produktionshalle-1980-1024x683.png 1024w, https:\/\/www.leeb-balkone.com\/app\/uploads\/2026\/03\/Neubau-der-Produktionshalle-1980-300x200.png 300w, https:\/\/www.leeb-balkone.com\/app\/uploads\/2026\/03\/Neubau-der-Produktionshalle-1980-768x512.png 768w, https:\/\/www.leeb-balkone.com\/app\/uploads\/2026\/03\/Neubau-der-Produktionshalle-1980-1536x1024.png 1536w, https:\/\/www.leeb-balkone.com\/app\/uploads\/2026\/03\/Neubau-der-Produktionshalle-1980-2048x1366.png 2048w\" sizes=\"auto, (max-width: 1024px) 100vw, 1024px\" \/><\/figure>\n<\/div>\n\n\n\n<div class=\"wp-block-column has-light-gray-background-color has-background is-layout-flow wp-block-column-is-layout-flow\" style=\"padding-top:var(--wp--preset--spacing--m);padding-right:var(--wp--preset--spacing--m);padding-bottom:var(--wp--preset--spacing--m);padding-left:var(--wp--preset--spacing--m);flex-basis:50%\">\n<p class=\"has-step-s-font-size\"><strong><strong>19<\/strong>80<\/strong><\/p>\n\n\n\n<h3 class=\"wp-block-heading\" style=\"margin-top:var(--wp--preset--spacing--2-xs)\">Baus\u00e4tze zur Selbstmontage<\/h3>\n\n\n\n<p>Fertigstellung der neuen Halle und Gr\u00fcndung der Leeb Balkone GmbH. 1985<strong> <\/strong>bot Leeb erstmals ein Do-it-yourself Holzsystem (Balkon und Zaun) an. Die Baus\u00e4tze waren zur Selbstmontage konzipiert und wurden in Baum\u00e4rkten sowie Holz- und Baustoffhandlungen in \u00d6sterreich, Slowenien, Ungarn und S\u00fcddeutschland verkauft. 2019 wurde die Linie eingestellt.&nbsp;<\/p>\n<\/div>\n<\/div>\n<\/div>\n\n\n\n<div class=\"wp-block-t3-timeline-item t3-timeline-item swiper-slide\" data-timeline-label=\"1992\">\n<div class=\"wp-block-columns is-style-default is-layout-flex wp-container-core-columns-is-layout-8eb77903 wp-block-columns-is-layout-flex\" style=\"margin-top:0;margin-bottom:0\">\n<div class=\"wp-block-column is-layout-flow wp-block-column-is-layout-flow\" style=\"flex-basis:50%\">\n<figure class=\"wp-block-image size-large\"><img loading=\"lazy\" decoding=\"async\" width=\"1024\" height=\"687\" src=\"https:\/\/www.leeb-balkone.com\/app\/uploads\/2026\/03\/Staatswappen-1992-1024x687.jpg\" alt=\"Staatswappen\" class=\"wp-image-167006\" style=\"aspect-ratio:4\/3;object-fit:cover\" srcset=\"https:\/\/www.leeb-balkone.com\/app\/uploads\/2026\/03\/Staatswappen-1992-1024x687.jpg 1024w, https:\/\/www.leeb-balkone.com\/app\/uploads\/2026\/03\/Staatswappen-1992-300x201.jpg 300w, https:\/\/www.leeb-balkone.com\/app\/uploads\/2026\/03\/Staatswappen-1992-768x516.jpg 768w, https:\/\/www.leeb-balkone.com\/app\/uploads\/2026\/03\/Staatswappen-1992-1536x1031.jpg 1536w, https:\/\/www.leeb-balkone.com\/app\/uploads\/2026\/03\/Staatswappen-1992.jpg 1795w\" sizes=\"auto, (max-width: 1024px) 100vw, 1024px\" \/><\/figure>\n<\/div>\n\n\n\n<div class=\"wp-block-column has-light-gray-background-color has-background is-layout-flow wp-block-column-is-layout-flow\" style=\"padding-top:var(--wp--preset--spacing--m);padding-right:var(--wp--preset--spacing--m);padding-bottom:var(--wp--preset--spacing--m);padding-left:var(--wp--preset--spacing--m);flex-basis:50%\">\n<p class=\"has-step-s-font-size\"><strong><strong>19<\/strong>92<\/strong><\/p>\n\n\n\n<h3 class=\"wp-block-heading\" style=\"margin-top:var(--wp--preset--spacing--2-xs)\"><strong>Verleihung des \u00f6sterreichischen Staatswappens<\/strong><\/h3>\n\n\n\n<p>Der Leeb Balkone GmbH wurde das Staatswappen verliehen. Gleichzeitig war das Jahr gepr\u00e4gt von der Modernisierung und der Erweiterung des S\u00e4gewerks. Dies schaffte eine Verdreifachung der Kapazit\u00e4t (von 7500 lfm zu 23000 lfm).<\/p>\n<\/div>\n<\/div>\n<\/div>\n\n\n\n<div class=\"wp-block-t3-timeline-item t3-timeline-item swiper-slide\" data-timeline-label=\"1995\">\n<div class=\"wp-block-columns is-style-default is-layout-flex wp-container-core-columns-is-layout-8eb77903 wp-block-columns-is-layout-flex\" style=\"margin-top:0;margin-bottom:0\">\n<div class=\"wp-block-column is-layout-flow wp-block-column-is-layout-flow\" style=\"flex-basis:50%\">\n<figure class=\"wp-block-image size-large\"><img loading=\"lazy\" decoding=\"async\" width=\"1024\" height=\"725\" src=\"https:\/\/www.leeb-balkone.com\/app\/uploads\/2026\/03\/1993-Verleihung-Staatspreis-Holzmarketing-scaled-e1774872895942-1024x725.png\" alt=\"1993 Verleihung Staatspreis Holzmarketing e1774872895942\" class=\"wp-image-167007\" style=\"aspect-ratio:4\/3;object-fit:cover\" srcset=\"https:\/\/www.leeb-balkone.com\/app\/uploads\/2026\/03\/1993-Verleihung-Staatspreis-Holzmarketing-scaled-e1774872895942-1024x725.png 1024w, https:\/\/www.leeb-balkone.com\/app\/uploads\/2026\/03\/1993-Verleihung-Staatspreis-Holzmarketing-scaled-e1774872895942-300x212.png 300w, https:\/\/www.leeb-balkone.com\/app\/uploads\/2026\/03\/1993-Verleihung-Staatspreis-Holzmarketing-scaled-e1774872895942-768x544.png 768w, https:\/\/www.leeb-balkone.com\/app\/uploads\/2026\/03\/1993-Verleihung-Staatspreis-Holzmarketing-scaled-e1774872895942-1536x1087.png 1536w, https:\/\/www.leeb-balkone.com\/app\/uploads\/2026\/03\/1993-Verleihung-Staatspreis-Holzmarketing-scaled-e1774872895942-2048x1450.png 2048w\" sizes=\"auto, (max-width: 1024px) 100vw, 1024px\" \/><\/figure>\n<\/div>\n\n\n\n<div class=\"wp-block-column has-light-gray-background-color has-background is-layout-flow wp-block-column-is-layout-flow\" style=\"padding-top:var(--wp--preset--spacing--m);padding-right:var(--wp--preset--spacing--m);padding-bottom:var(--wp--preset--spacing--m);padding-left:var(--wp--preset--spacing--m);flex-basis:50%\">\n<p class=\"has-step-s-font-size\"><strong><strong>19<\/strong>95<\/strong><\/p>\n\n\n\n<h3 class=\"wp-block-heading\" style=\"margin-top:var(--wp--preset--spacing--2-xs)\">ISO 9001 Zertifizierung <\/h3>\n\n\n\n<p>Mit der ISO-Zertifizierung <strong>1995<\/strong> wurde der Qualit\u00e4tsanspruch weiter untermauert.<\/p>\n\n\n\n<p>Weiters wurde der Firma Leeb der Staatspreis Holzmarketing verliehen.<\/p>\n<\/div>\n<\/div>\n<\/div>\n\n\n\n<div class=\"wp-block-t3-timeline-item t3-timeline-item swiper-slide\" data-timeline-label=\"2003\">\n<div class=\"wp-block-columns is-style-default is-layout-flex wp-container-core-columns-is-layout-8eb77903 wp-block-columns-is-layout-flex\" style=\"margin-top:0;margin-bottom:0\">\n<div class=\"wp-block-column is-layout-flow wp-block-column-is-layout-flow\" style=\"flex-basis:50%\">\n<figure class=\"wp-block-image size-large\"><img loading=\"lazy\" decoding=\"async\" width=\"1024\" height=\"683\" src=\"https:\/\/www.leeb-balkone.com\/app\/uploads\/2026\/03\/Franz-und-Markus-Leeb-1024x683.jpg\" alt=\"Franz und Markus Leeb\" class=\"wp-image-167008\" style=\"aspect-ratio:4\/3;object-fit:cover\" srcset=\"https:\/\/www.leeb-balkone.com\/app\/uploads\/2026\/03\/Franz-und-Markus-Leeb-1024x683.jpg 1024w, https:\/\/www.leeb-balkone.com\/app\/uploads\/2026\/03\/Franz-und-Markus-Leeb-300x200.jpg 300w, https:\/\/www.leeb-balkone.com\/app\/uploads\/2026\/03\/Franz-und-Markus-Leeb-768x512.jpg 768w, https:\/\/www.leeb-balkone.com\/app\/uploads\/2026\/03\/Franz-und-Markus-Leeb-1536x1024.jpg 1536w, https:\/\/www.leeb-balkone.com\/app\/uploads\/2026\/03\/Franz-und-Markus-Leeb-2048x1366.jpg 2048w\" sizes=\"auto, (max-width: 1024px) 100vw, 1024px\" \/><\/figure>\n<\/div>\n\n\n\n<div class=\"wp-block-column has-light-gray-background-color has-background is-layout-flow wp-block-column-is-layout-flow\" style=\"padding-top:var(--wp--preset--spacing--m);padding-right:var(--wp--preset--spacing--m);padding-bottom:var(--wp--preset--spacing--m);padding-left:var(--wp--preset--spacing--m);flex-basis:50%\">\n<p class=\"has-step-s-font-size\"><strong>2003<\/strong><\/p>\n\n\n\n<h3 class=\"wp-block-heading\" style=\"margin-top:var(--wp--preset--spacing--2-xs)\">Wechsel von Holz auf Aluminium<\/h3>\n\n\n\n<p>Ein entscheidender Wandel geschah&nbsp;mit dem Beginn der Produktion von Alubalkonen. Damit schlug Leeb ein neues Kapitel auf und entwickelte sich vom traditionellen Holzverarbeiter zu einem breit aufgestellten Hersteller f\u00fcr&nbsp;Aluminiumbalkone, -z\u00e4une&nbsp;und&nbsp;weitere Bauelemente.<\/p>\n\n\n\n<p>Im Jahr 2005 trat Markus Leeb in das Unternehmen ein.<\/p>\n<\/div>\n<\/div>\n<\/div>\n\n\n\n<div class=\"wp-block-t3-timeline-item t3-timeline-item swiper-slide\" data-timeline-label=\"2008\">\n<div class=\"wp-block-columns is-style-default is-layout-flex wp-container-core-columns-is-layout-8eb77903 wp-block-columns-is-layout-flex\" style=\"margin-top:0;margin-bottom:0\">\n<div class=\"wp-block-column is-layout-flow wp-block-column-is-layout-flow\" style=\"flex-basis:50%\">\n<figure class=\"wp-block-image size-large\"><img loading=\"lazy\" decoding=\"async\" width=\"1024\" height=\"575\" src=\"https:\/\/www.leeb-balkone.com\/app\/uploads\/2026\/03\/Pulverbeschichtung-1024x575.jpg\" alt=\"Pulverbeschichtung\" class=\"wp-image-167011\" style=\"aspect-ratio:4\/3;object-fit:cover\" srcset=\"https:\/\/www.leeb-balkone.com\/app\/uploads\/2026\/03\/Pulverbeschichtung-1024x575.jpg 1024w, https:\/\/www.leeb-balkone.com\/app\/uploads\/2026\/03\/Pulverbeschichtung-300x168.jpg 300w, https:\/\/www.leeb-balkone.com\/app\/uploads\/2026\/03\/Pulverbeschichtung-768x431.jpg 768w, https:\/\/www.leeb-balkone.com\/app\/uploads\/2026\/03\/Pulverbeschichtung-1536x862.jpg 1536w, https:\/\/www.leeb-balkone.com\/app\/uploads\/2026\/03\/Pulverbeschichtung-2048x1150.jpg 2048w\" sizes=\"auto, (max-width: 1024px) 100vw, 1024px\" \/><\/figure>\n<\/div>\n\n\n\n<div class=\"wp-block-column has-light-gray-background-color has-background is-layout-flow wp-block-column-is-layout-flow\" style=\"padding-top:var(--wp--preset--spacing--m);padding-right:var(--wp--preset--spacing--m);padding-bottom:var(--wp--preset--spacing--m);padding-left:var(--wp--preset--spacing--m);flex-basis:50%\">\n<p class=\"has-step-s-font-size\"><strong>2008<\/strong><\/p>\n\n\n\n<h3 class=\"wp-block-heading\" style=\"margin-top:var(--wp--preset--spacing--2-xs)\">Inhouse-Pulverbeschichtung<\/h3>\n\n\n\n<p>In diesem Jahr wurde die neue Pulverbeschichtungsanlage gebaut. Zwei Jahre sp\u00e4ter gelang eine technische Innovation mit der Alu Comfort Oberfl\u00e4che.<\/p>\n\n\n\n<div class=\"wp-block-buttons is-layout-flex wp-block-buttons-is-layout-flex\">\n<div class=\"wp-block-button is-style-outline-secondary\"><a class=\"wp-block-button__link wp-element-button\" href=\"https:\/\/www.leeb-balkone.com\/de\/technik\/alu-comfort-plus\/\">Alu Comfort Plus \u00ae<\/a><\/div>\n<\/div>\n<\/div>\n<\/div>\n<\/div>\n\n\n\n<div class=\"wp-block-t3-timeline-item t3-timeline-item swiper-slide\" data-timeline-label=\"2012\">\n<div class=\"wp-block-columns is-style-default is-layout-flex wp-container-core-columns-is-layout-8eb77903 wp-block-columns-is-layout-flex\" style=\"margin-top:0;margin-bottom:0\">\n<div class=\"wp-block-column is-layout-flow wp-block-column-is-layout-flow\" style=\"flex-basis:50%\">\n<figure class=\"wp-block-image size-large\"><img loading=\"lazy\" decoding=\"async\" width=\"1024\" height=\"683\" src=\"https:\/\/www.leeb-balkone.com\/app\/uploads\/2026\/03\/Roswitha-und-Markus-Leeb-1024x683.jpg\" alt=\"Roswitha und Markus Leeb\" class=\"wp-image-167012\" style=\"aspect-ratio:4\/3;object-fit:cover\" srcset=\"https:\/\/www.leeb-balkone.com\/app\/uploads\/2026\/03\/Roswitha-und-Markus-Leeb-1024x683.jpg 1024w, https:\/\/www.leeb-balkone.com\/app\/uploads\/2026\/03\/Roswitha-und-Markus-Leeb-300x200.jpg 300w, https:\/\/www.leeb-balkone.com\/app\/uploads\/2026\/03\/Roswitha-und-Markus-Leeb-768x512.jpg 768w, https:\/\/www.leeb-balkone.com\/app\/uploads\/2026\/03\/Roswitha-und-Markus-Leeb-1536x1024.jpg 1536w, https:\/\/www.leeb-balkone.com\/app\/uploads\/2026\/03\/Roswitha-und-Markus-Leeb-2048x1366.jpg 2048w\" sizes=\"auto, (max-width: 1024px) 100vw, 1024px\" \/><\/figure>\n<\/div>\n\n\n\n<div class=\"wp-block-column has-light-gray-background-color has-background is-layout-flow wp-block-column-is-layout-flow\" style=\"padding-top:var(--wp--preset--spacing--m);padding-right:var(--wp--preset--spacing--m);padding-bottom:var(--wp--preset--spacing--m);padding-left:var(--wp--preset--spacing--m);flex-basis:50%\">\n<p class=\"has-step-s-font-size\"><strong>2012<\/strong><\/p>\n\n\n\n<h3 class=\"wp-block-heading\" style=\"margin-top:var(--wp--preset--spacing--2-xs)\">Generationswechsel<\/h3>\n\n\n\n<p>Mit der \u00dcbernahme durch Markus und Roswitha Leeb wurde die Geschichte des Familienunternehmens in die n\u00e4chste Generation weitergef\u00fchrt.<\/p>\n<\/div>\n<\/div>\n<\/div>\n\n\n\n<div class=\"wp-block-t3-timeline-item t3-timeline-item swiper-slide\" data-timeline-label=\"2014\">\n<div class=\"wp-block-columns is-style-default is-layout-flex wp-container-core-columns-is-layout-8eb77903 wp-block-columns-is-layout-flex\" style=\"margin-top:0;margin-bottom:0\">\n<div class=\"wp-block-column is-layout-flow wp-block-column-is-layout-flow\" style=\"flex-basis:50%\">\n<figure class=\"wp-block-image size-large\"><img loading=\"lazy\" decoding=\"async\" width=\"1024\" height=\"684\" src=\"https:\/\/www.leeb-balkone.com\/app\/uploads\/2021\/10\/anbaubalkon-mit-stuetzen-1000-1024x684.jpg\" alt=\"anbaubalkon mit stuetzen\" class=\"wp-image-58602\" style=\"aspect-ratio:4\/3;object-fit:cover\" srcset=\"https:\/\/www.leeb-balkone.com\/app\/uploads\/2021\/10\/anbaubalkon-mit-stuetzen-1000-1024x684.jpg 1024w, https:\/\/www.leeb-balkone.com\/app\/uploads\/2021\/10\/anbaubalkon-mit-stuetzen-1000-300x200.jpg 300w, https:\/\/www.leeb-balkone.com\/app\/uploads\/2021\/10\/anbaubalkon-mit-stuetzen-1000-768x513.jpg 768w, https:\/\/www.leeb-balkone.com\/app\/uploads\/2021\/10\/anbaubalkon-mit-stuetzen-1000-1536x1025.jpg 1536w, https:\/\/www.leeb-balkone.com\/app\/uploads\/2021\/10\/anbaubalkon-mit-stuetzen-1000-scaled.jpg 2048w\" sizes=\"auto, (max-width: 1024px) 100vw, 1024px\" \/><\/figure>\n<\/div>\n\n\n\n<div class=\"wp-block-column has-light-gray-background-color has-background is-layout-flow wp-block-column-is-layout-flow\" style=\"padding-top:var(--wp--preset--spacing--m);padding-right:var(--wp--preset--spacing--m);padding-bottom:var(--wp--preset--spacing--m);padding-left:var(--wp--preset--spacing--m);flex-basis:50%\">\n<p class=\"has-step-s-font-size\"><strong>2014<\/strong><\/p>\n\n\n\n<h3 class=\"wp-block-heading\" style=\"margin-top:var(--wp--preset--spacing--2-xs)\">Umbau und Erweiterung des Produktsortiments<\/h3>\n\n\n\n<p>Es fand ein Umbau der Produktion statt und gleichzeitig begann man mit der Produktion von Anbaubalkonsystemen.<\/p>\n<\/div>\n<\/div>\n<\/div>\n\n\n\n<div class=\"wp-block-t3-timeline-item t3-timeline-item swiper-slide\" data-timeline-label=\"2015\">\n<div class=\"wp-block-columns is-style-default is-layout-flex wp-container-core-columns-is-layout-8eb77903 wp-block-columns-is-layout-flex\" style=\"margin-top:0;margin-bottom:0\">\n<div class=\"wp-block-column is-layout-flow wp-block-column-is-layout-flow\" style=\"flex-basis:50%\">\n<figure class=\"wp-block-image size-large\"><img loading=\"lazy\" decoding=\"async\" width=\"1024\" height=\"683\" src=\"https:\/\/www.leeb-balkone.com\/app\/uploads\/2026\/04\/Austrias-Leading-Companies-2017-Markus-und-Roswitha-Leeb-1024x683.jpg\" alt=\"Austrias Leading Companies 2017 Markus und Roswitha Leeb\" class=\"wp-image-167356\" style=\"aspect-ratio:4\/3;object-fit:cover\" srcset=\"https:\/\/www.leeb-balkone.com\/app\/uploads\/2026\/04\/Austrias-Leading-Companies-2017-Markus-und-Roswitha-Leeb-1024x683.jpg 1024w, https:\/\/www.leeb-balkone.com\/app\/uploads\/2026\/04\/Austrias-Leading-Companies-2017-Markus-und-Roswitha-Leeb-300x200.jpg 300w, https:\/\/www.leeb-balkone.com\/app\/uploads\/2026\/04\/Austrias-Leading-Companies-2017-Markus-und-Roswitha-Leeb-768x512.jpg 768w, https:\/\/www.leeb-balkone.com\/app\/uploads\/2026\/04\/Austrias-Leading-Companies-2017-Markus-und-Roswitha-Leeb-1536x1024.jpg 1536w, https:\/\/www.leeb-balkone.com\/app\/uploads\/2026\/04\/Austrias-Leading-Companies-2017-Markus-und-Roswitha-Leeb.jpg 1701w\" sizes=\"auto, (max-width: 1024px) 100vw, 1024px\" \/><\/figure>\n<\/div>\n\n\n\n<div class=\"wp-block-column has-light-gray-background-color has-background is-layout-flow wp-block-column-is-layout-flow\" style=\"padding-top:var(--wp--preset--spacing--m);padding-right:var(--wp--preset--spacing--m);padding-bottom:var(--wp--preset--spacing--m);padding-left:var(--wp--preset--spacing--m);flex-basis:50%\">\n<p class=\"has-step-s-font-size\"><strong>2015<\/strong><\/p>\n\n\n\n<h3 class=\"wp-block-heading\" style=\"margin-top:var(--wp--preset--spacing--2-xs)\">Austria&#8217;s Leading Company<\/h3>\n\n\n\n<p>Gewinn der Auszeichnung &#8220;Austria&#8217;s Leading Company&#8221; &#8211; 1. Platz!<\/p>\n<\/div>\n<\/div>\n<\/div>\n\n\n\n<div class=\"wp-block-t3-timeline-item t3-timeline-item swiper-slide\" data-timeline-label=\"2016\">\n<div class=\"wp-block-columns is-style-default is-layout-flex wp-container-core-columns-is-layout-8eb77903 wp-block-columns-is-layout-flex\" style=\"margin-top:0;margin-bottom:0\">\n<div class=\"wp-block-column is-layout-flow wp-block-column-is-layout-flow\" style=\"flex-basis:50%\">\n<figure class=\"wp-block-image size-large\"><img loading=\"lazy\" decoding=\"async\" width=\"1024\" height=\"573\" src=\"https:\/\/www.leeb-balkone.com\/app\/uploads\/2026\/04\/Neue-Aussenstelle-in-Krumpendorf-1024x573.jpg\" alt=\"Neue Aussenstelle in Krumpendorf\" class=\"wp-image-167357\" style=\"aspect-ratio:4\/3;object-fit:cover\" srcset=\"https:\/\/www.leeb-balkone.com\/app\/uploads\/2026\/04\/Neue-Aussenstelle-in-Krumpendorf-1024x573.jpg 1024w, https:\/\/www.leeb-balkone.com\/app\/uploads\/2026\/04\/Neue-Aussenstelle-in-Krumpendorf-300x168.jpg 300w, https:\/\/www.leeb-balkone.com\/app\/uploads\/2026\/04\/Neue-Aussenstelle-in-Krumpendorf-768x429.jpg 768w, https:\/\/www.leeb-balkone.com\/app\/uploads\/2026\/04\/Neue-Aussenstelle-in-Krumpendorf-1536x859.jpg 1536w, https:\/\/www.leeb-balkone.com\/app\/uploads\/2026\/04\/Neue-Aussenstelle-in-Krumpendorf.jpg 1701w\" sizes=\"auto, (max-width: 1024px) 100vw, 1024px\" \/><\/figure>\n<\/div>\n\n\n\n<div class=\"wp-block-column has-light-gray-background-color has-background is-layout-flow wp-block-column-is-layout-flow\" style=\"padding-top:var(--wp--preset--spacing--m);padding-right:var(--wp--preset--spacing--m);padding-bottom:var(--wp--preset--spacing--m);padding-left:var(--wp--preset--spacing--m);flex-basis:50%\">\n<p class=\"has-step-s-font-size\"><strong>2016<\/strong><\/p>\n\n\n\n<h3 class=\"wp-block-heading\" style=\"margin-top:var(--wp--preset--spacing--2-xs)\">Neuer Standort Krumpendorf<\/h3>\n\n\n\n<p>Erweiterung des B\u00fcrogeb\u00e4udes in Gnesau und Er\u00f6ffnung des neuen Standortes mit B\u00fcrogeb\u00e4ude und Schauraum in Krumpendorf!<\/p>\n\n\n\n<p>Verleihung des K\u00e4rntner Exportpreises.<\/p>\n<\/div>\n<\/div>\n<\/div>\n\n\n\n<div class=\"wp-block-t3-timeline-item t3-timeline-item swiper-slide\" data-timeline-label=\"2018\">\n<div class=\"wp-block-columns is-style-default is-layout-flex wp-container-core-columns-is-layout-8eb77903 wp-block-columns-is-layout-flex\" style=\"margin-top:0;margin-bottom:0\">\n<div class=\"wp-block-column is-layout-flow wp-block-column-is-layout-flow\" style=\"flex-basis:50%\">\n<figure class=\"wp-block-image size-large\"><img loading=\"lazy\" decoding=\"async\" width=\"1024\" height=\"684\" src=\"https:\/\/www.leeb-balkone.com\/app\/uploads\/2020\/07\/glas-sommergarten-terrassenueberdachung-5-1024x684.jpg\" alt=\"glas sommergarten terrassenueberdachung\" class=\"wp-image-59462\" style=\"aspect-ratio:4\/3;object-fit:cover\" srcset=\"https:\/\/www.leeb-balkone.com\/app\/uploads\/2020\/07\/glas-sommergarten-terrassenueberdachung-5-1024x684.jpg 1024w, https:\/\/www.leeb-balkone.com\/app\/uploads\/2020\/07\/glas-sommergarten-terrassenueberdachung-5-300x200.jpg 300w, https:\/\/www.leeb-balkone.com\/app\/uploads\/2020\/07\/glas-sommergarten-terrassenueberdachung-5-768x513.jpg 768w, https:\/\/www.leeb-balkone.com\/app\/uploads\/2020\/07\/glas-sommergarten-terrassenueberdachung-5-1536x1025.jpg 1536w, https:\/\/www.leeb-balkone.com\/app\/uploads\/2020\/07\/glas-sommergarten-terrassenueberdachung-5-scaled.jpg 2048w\" sizes=\"auto, (max-width: 1024px) 100vw, 1024px\" \/><\/figure>\n<\/div>\n\n\n\n<div class=\"wp-block-column has-light-gray-background-color has-background is-layout-flow wp-block-column-is-layout-flow\" style=\"padding-top:var(--wp--preset--spacing--m);padding-right:var(--wp--preset--spacing--m);padding-bottom:var(--wp--preset--spacing--m);padding-left:var(--wp--preset--spacing--m);flex-basis:50%\">\n<p class=\"has-step-s-font-size\"><strong>2018<\/strong><\/p>\n\n\n\n<h3 class=\"wp-block-heading\" style=\"margin-top:var(--wp--preset--spacing--2-xs)\">Erweiterung Produktsortiments<\/h3>\n\n\n\n<p>Entwicklung und Einf\u00fchrung eines Systems f\u00fcr Terrassend\u00e4cher und Sommerg\u00e4rten!<\/p>\n<\/div>\n<\/div>\n<\/div>\n\n\n\n<div class=\"wp-block-t3-timeline-item t3-timeline-item swiper-slide\" data-timeline-label=\"2020\">\n<div class=\"wp-block-columns is-style-default is-layout-flex wp-container-core-columns-is-layout-8eb77903 wp-block-columns-is-layout-flex\" style=\"margin-top:0;margin-bottom:0\">\n<div class=\"wp-block-column is-layout-flow wp-block-column-is-layout-flow\" style=\"flex-basis:50%\">\n<figure class=\"wp-block-image size-large\"><img loading=\"lazy\" decoding=\"async\" width=\"1024\" height=\"614\" src=\"https:\/\/www.leeb-balkone.com\/app\/uploads\/2022\/05\/Glashalle-Leeb-1024x614.jpg\" alt=\"Glashalle Leeb\" class=\"wp-image-83632\" style=\"aspect-ratio:4\/3;object-fit:cover\" srcset=\"https:\/\/www.leeb-balkone.com\/app\/uploads\/2022\/05\/Glashalle-Leeb-1024x614.jpg 1024w, https:\/\/www.leeb-balkone.com\/app\/uploads\/2022\/05\/Glashalle-Leeb-300x180.jpg 300w, https:\/\/www.leeb-balkone.com\/app\/uploads\/2022\/05\/Glashalle-Leeb-768x461.jpg 768w, https:\/\/www.leeb-balkone.com\/app\/uploads\/2022\/05\/Glashalle-Leeb-1536x922.jpg 1536w, https:\/\/www.leeb-balkone.com\/app\/uploads\/2022\/05\/Glashalle-Leeb-scaled.jpg 2048w\" sizes=\"auto, (max-width: 1024px) 100vw, 1024px\" \/><\/figure>\n<\/div>\n\n\n\n<div class=\"wp-block-column has-light-gray-background-color has-background is-layout-flow wp-block-column-is-layout-flow\" style=\"padding-top:var(--wp--preset--spacing--m);padding-right:var(--wp--preset--spacing--m);padding-bottom:var(--wp--preset--spacing--m);padding-left:var(--wp--preset--spacing--m);flex-basis:50%\">\n<p class=\"has-step-s-font-size\"><strong>2020<\/strong><\/p>\n\n\n\n<h3 class=\"wp-block-heading\" style=\"margin-top:var(--wp--preset--spacing--2-xs)\">Neubau Glashalle<\/h3>\n\n\n\n<p>Durch die Erweiterung des Produktsortiments um Glasbalkone, Terrassen\u00fcberdachungen und Sommerg\u00e4rten wurde eine Glashalle am Firmenstandort erbaut, um die Glasbearbeitung inhouse abwickeln zu k\u00f6nnen.<\/p>\n<\/div>\n<\/div>\n<\/div>\n\n\n\n<div class=\"wp-block-t3-timeline-item t3-timeline-item swiper-slide\" data-timeline-label=\"2023\">\n<div class=\"wp-block-columns is-style-default is-layout-flex wp-container-core-columns-is-layout-8eb77903 wp-block-columns-is-layout-flex\" style=\"margin-top:0;margin-bottom:0\">\n<div class=\"wp-block-column is-layout-flow wp-block-column-is-layout-flow\" style=\"flex-basis:50%\">\n<figure class=\"wp-block-image size-large\"><img loading=\"lazy\" decoding=\"async\" width=\"1024\" height=\"682\" src=\"https:\/\/www.leeb-balkone.com\/app\/uploads\/2022\/07\/Zentrale-Vogelperspektive-mit-Bach-1024x682.jpg\" alt=\"Zentrale Vogelperspektive mit Bach\" class=\"wp-image-95585\" style=\"aspect-ratio:4\/3;object-fit:cover\" srcset=\"https:\/\/www.leeb-balkone.com\/app\/uploads\/2022\/07\/Zentrale-Vogelperspektive-mit-Bach-1024x682.jpg 1024w, https:\/\/www.leeb-balkone.com\/app\/uploads\/2022\/07\/Zentrale-Vogelperspektive-mit-Bach-300x200.jpg 300w, https:\/\/www.leeb-balkone.com\/app\/uploads\/2022\/07\/Zentrale-Vogelperspektive-mit-Bach-768x512.jpg 768w, https:\/\/www.leeb-balkone.com\/app\/uploads\/2022\/07\/Zentrale-Vogelperspektive-mit-Bach-1536x1023.jpg 1536w, https:\/\/www.leeb-balkone.com\/app\/uploads\/2022\/07\/Zentrale-Vogelperspektive-mit-Bach-scaled.jpg 2048w\" sizes=\"auto, (max-width: 1024px) 100vw, 1024px\" \/><\/figure>\n<\/div>\n\n\n\n<div class=\"wp-block-column has-light-gray-background-color has-background is-layout-flow wp-block-column-is-layout-flow\" style=\"padding-top:var(--wp--preset--spacing--m);padding-right:var(--wp--preset--spacing--m);padding-bottom:var(--wp--preset--spacing--m);padding-left:var(--wp--preset--spacing--m);flex-basis:50%\">\n<p class=\"has-step-s-font-size\"><strong>2023<\/strong><\/p>\n\n\n\n<h3 class=\"wp-block-heading\" style=\"margin-top:var(--wp--preset--spacing--2-xs)\">Errichtung der PV-Anlage auf den D\u00e4chern des Firmengel\u00e4ndes<\/h3>\n\n\n\n<p>Rund drei Viertel unseres j\u00e4hrlichen Strombedarfs decken wir nun durch unsere rund 5000 m\u00b2 gro\u00dfe Photovoltaikanlage auf den D\u00e4chern unserer Produktionshallen.&nbsp;<\/p>\n\n\n\n<p>Neubau des Heizwerks am Firmengel\u00e4nde.<\/p>\n<\/div>\n<\/div>\n<\/div>\n\n\n\n<div class=\"wp-block-t3-timeline-item t3-timeline-item swiper-slide\" data-timeline-label=\"2025\">\n<div class=\"wp-block-columns is-style-default is-layout-flex wp-container-core-columns-is-layout-8eb77903 wp-block-columns-is-layout-flex\" style=\"margin-top:0;margin-bottom:0\">\n<div class=\"wp-block-column is-layout-flow wp-block-column-is-layout-flow\" style=\"flex-basis:50%\">\n<figure class=\"wp-block-image size-large\"><img loading=\"lazy\" decoding=\"async\" width=\"2560\" height=\"2560\" src=\"https:\/\/www.leeb-balkone.com\/app\/uploads\/2026\/04\/Alexander-Ertl-edited-scaled.jpg\" alt=\"Alexander Ertl edited\" class=\"wp-image-167361\" style=\"aspect-ratio:4\/3;object-fit:cover\" srcset=\"https:\/\/www.leeb-balkone.com\/app\/uploads\/2026\/04\/Alexander-Ertl-edited-scaled.jpg 2560w, https:\/\/www.leeb-balkone.com\/app\/uploads\/2026\/04\/Alexander-Ertl-edited-300x300.jpg 300w, https:\/\/www.leeb-balkone.com\/app\/uploads\/2026\/04\/Alexander-Ertl-edited-1024x1024.jpg 1024w, https:\/\/www.leeb-balkone.com\/app\/uploads\/2026\/04\/Alexander-Ertl-edited-150x150.jpg 150w, https:\/\/www.leeb-balkone.com\/app\/uploads\/2026\/04\/Alexander-Ertl-edited-768x768.jpg 768w, https:\/\/www.leeb-balkone.com\/app\/uploads\/2026\/04\/Alexander-Ertl-edited-1536x1536.jpg 1536w, https:\/\/www.leeb-balkone.com\/app\/uploads\/2026\/04\/Alexander-Ertl-edited-2048x2048.jpg 2048w\" sizes=\"auto, (max-width: 2560px) 100vw, 2560px\" \/><\/figure>\n<\/div>\n\n\n\n<div class=\"wp-block-column has-light-gray-background-color has-background is-layout-flow wp-block-column-is-layout-flow\" style=\"padding-top:var(--wp--preset--spacing--m);padding-right:var(--wp--preset--spacing--m);padding-bottom:var(--wp--preset--spacing--m);padding-left:var(--wp--preset--spacing--m);flex-basis:50%\">\n<p class=\"has-step-s-font-size\"><strong>2025<\/strong><\/p>\n\n\n\n<h3 class=\"wp-block-heading\" style=\"margin-top:var(--wp--preset--spacing--2-xs)\">Verst\u00e4rkung und Innovation<sup>2<\/sup><\/h3>\n\n\n\n<p><strong>Eintritt von DI Alexander Ertl in die Gesch\u00e4ftsf\u00fchrung<\/strong>.<br><br>Die hochmoderne <strong>Rohrlaser-Anlage<\/strong> in unserer Produktion erh\u00f6ht nicht nur Kapazit\u00e4t und Effizienz, sondern sorgt auch f\u00fcr noch mehr Pr\u00e4zision. Das <strong>digitale Aufma\u00df<\/strong> stellt eine weitere Investition in modernste Prozesse und Planungssicherheit dar.<\/p>\n<\/div>\n<\/div>\n<\/div>\n<\/div><\/div><div class=\"t3-timeline-bar-row\"><div class=\"t3-timeline-bar\"><div class=\"t3-timeline-bar-track\"><\/div><\/div><div class=\"t3-timeline-nav\"><div class=\"swiper-button-prev t3-timeline-12991cc7-7e1b-4dc7-a10b-cb450a520635-prev\"><\/div><div class=\"swiper-button-next t3-timeline-12991cc7-7e1b-4dc7-a10b-cb450a520635-next\"><\/div><\/div><\/div><\/div>\n<\/section>\n\n\n\n<section class=\"wp-block-group alignfull has-light-gray-background-color has-background has-global-padding is-layout-constrained wp-container-core-group-is-layout-52f96efc wp-block-group-is-layout-constrained\">\n<div class=\"wp-block-columns m-split is-style-offset is-layout-flex wp-container-core-columns-is-layout-28f84493 wp-block-columns-is-layout-flex\">\n<div class=\"wp-block-column is-style-default is-layout-flow wp-block-column-is-layout-flow\">\n<figure class=\"wp-block-image size-full\"><img loading=\"lazy\" decoding=\"async\" width=\"2560\" height=\"1707\" src=\"https:\/\/www.leeb-balkone.com\/app\/uploads\/2026\/04\/Markus-und-Roswitha-Leeb-Geschaeftsfuehrung-Leeb-2026-3-scaled.jpg\" alt=\"Markus und Roswitha Leeb Geschaeftsfuehrung Leeb 2026\" class=\"wp-image-167854\" style=\"aspect-ratio:4\/3;object-fit:cover\" srcset=\"https:\/\/www.leeb-balkone.com\/app\/uploads\/2026\/04\/Markus-und-Roswitha-Leeb-Geschaeftsfuehrung-Leeb-2026-3-scaled.jpg 2560w, https:\/\/www.leeb-balkone.com\/app\/uploads\/2026\/04\/Markus-und-Roswitha-Leeb-Geschaeftsfuehrung-Leeb-2026-3-300x200.jpg 300w, https:\/\/www.leeb-balkone.com\/app\/uploads\/2026\/04\/Markus-und-Roswitha-Leeb-Geschaeftsfuehrung-Leeb-2026-3-1024x683.jpg 1024w, https:\/\/www.leeb-balkone.com\/app\/uploads\/2026\/04\/Markus-und-Roswitha-Leeb-Geschaeftsfuehrung-Leeb-2026-3-768x512.jpg 768w, https:\/\/www.leeb-balkone.com\/app\/uploads\/2026\/04\/Markus-und-Roswitha-Leeb-Geschaeftsfuehrung-Leeb-2026-3-1536x1024.jpg 1536w, https:\/\/www.leeb-balkone.com\/app\/uploads\/2026\/04\/Markus-und-Roswitha-Leeb-Geschaeftsfuehrung-Leeb-2026-3-2048x1365.jpg 2048w\" sizes=\"auto, (max-width: 2560px) 100vw, 2560px\" \/><\/figure>\n<\/div>\n\n\n\n<div class=\"wp-block-column is-vertically-aligned-center is-style-overlay-content has-white-background-color has-background is-layout-flow wp-block-column-is-layout-flow\" style=\"box-shadow:var(--wp--preset--shadow--box-shadow)\">\n<div class=\"wp-block-group is-vertical is-layout-flex wp-container-core-group-is-layout-6aed0e10 wp-block-group-is-layout-flex\">\n<p><em>\u201e120 Jahre Leeb \u2013 das ist die Geschichte unserer Familie, aber vor allem die Geschichte von Menschen, die gemeinsam etwas Gro\u00dfes aufgebaut haben. Diesen Weg konnten wir nur gehen, weil uns unsere Partner, Mitarbeiter und \u00fcber 150.000 Kunden ihr Vertrauen geschenkt haben. Darauf bauen wir die n\u00e4chsten 120 Jahre.&#8221;<\/em><\/p>\n\n\n\n<p class=\"has-step-xs-font-size\"><strong>Mag. Roswitha und Markus Leeb<\/strong><\/p>\n\n\n\n<div class=\"wp-block-buttons is-layout-flex wp-block-buttons-is-layout-flex\" style=\"margin-top:var(--wp--preset--spacing--2-xs)\"><\/div>\n<\/div>\n<\/div>\n<\/div>\n<\/section>\n\n\n\n<section class=\"wp-block-group alignfull has-white-background-color has-background has-global-padding is-layout-constrained wp-container-core-group-is-layout-52f96efc wp-block-group-is-layout-constrained\">\n<div class=\"wp-block-group m-teaser o-grid u-md-1 is-layout-flow wp-block-group-is-layout-flow\">\n<div class=\"wp-block-group u-g-9 u-g-s-2 is-layout-flow wp-block-group-is-layout-flow\" style=\"margin-bottom:var(--wp--preset--spacing--s)\">\n<p style=\"text-transform:uppercase\">Meilensteine<\/p>\n\n\n\n<h2 class=\"wp-block-heading has-text-align-left\">Innovation trifft Tradition<\/h2>\n\n\n\n<p class=\"has-text-align-left\">Eine Entwicklungen und eine Tatsache, die Leeb in den letzten Jahrzehnten gepr\u00e4gt haben \u2013 und die Zukunft des Balkonbaus definieren. Von der Pionierarbeit mit Aluminium bis zur hauseigenen Glasfertigung: Leeb setzt Ma\u00dfst\u00e4be, die weit \u00fcber den Standard hinausgehen.<\/p>\n<\/div>\n<\/div>\n\n\n\n<div class=\"wp-block-columns is-style-shadow m-split is-layout-flex wp-container-core-columns-is-layout-b154210b wp-block-columns-is-layout-flex\" style=\"margin-bottom:var(--wp--preset--spacing--xl-2-xl)\">\n<div class=\"wp-block-column is-style-default is-layout-flow wp-block-column-is-layout-flow\">\n<figure class=\"wp-block-image size-large\"><img loading=\"lazy\" decoding=\"async\" width=\"1024\" height=\"683\" src=\"https:\/\/www.leeb-balkone.com\/app\/uploads\/2020\/06\/balkongelaender-alu-design-villach-21-1024x683.jpeg\" alt=\"Kleiner Balkon mit Alu Design Villach Balkonegel\u00e4nder\" class=\"wp-image-7981\" style=\"aspect-ratio:4\/3;object-fit:cover\" srcset=\"https:\/\/www.leeb-balkone.com\/app\/uploads\/2020\/06\/balkongelaender-alu-design-villach-21-1024x683.jpeg 1024w, https:\/\/www.leeb-balkone.com\/app\/uploads\/2020\/06\/balkongelaender-alu-design-villach-21-300x200.jpeg 300w, https:\/\/www.leeb-balkone.com\/app\/uploads\/2020\/06\/balkongelaender-alu-design-villach-21-768x512.jpeg 768w, https:\/\/www.leeb-balkone.com\/app\/uploads\/2020\/06\/balkongelaender-alu-design-villach-21-1536x1024.jpeg 1536w, https:\/\/www.leeb-balkone.com\/app\/uploads\/2020\/06\/balkongelaender-alu-design-villach-21-2048x1366.jpeg 2048w\" sizes=\"auto, (max-width: 1024px) 100vw, 1024px\" \/><\/figure>\n<\/div>\n\n\n\n<div class=\"wp-block-column is-vertically-aligned-center is-style-overlay-content is-layout-flow wp-block-column-is-layout-flow\">\n<div class=\"wp-block-group is-vertical is-layout-flex wp-container-core-group-is-layout-6aed0e10 wp-block-group-is-layout-flex\">\n<h3 class=\"wp-block-heading\">Holz vs. Alu<\/h3>\n\n\n\n<p>Mit dem Umstieg auf Aluminium hat Leeb den Balkonbau neu gedacht. Die patentierte ALU COMFORT PLUS\u00ae Beschichtung macht jedes Leeb-Produkt dreifach witterungsbest\u00e4ndiger, kratzfest und nahezu wartungsfrei. \u00dcber 200 Modelle \u2013 jedes einzelne Ma\u00dfarbeit aus K\u00e4rnten.<\/p>\n\n\n\n<div class=\"wp-block-buttons is-layout-flex wp-block-buttons-is-layout-flex\" style=\"margin-top:var(--wp--preset--spacing--2-xs)\">\n<div class=\"wp-block-button is-style-outline-secondary\"><a class=\"wp-block-button__link wp-element-button\" href=\"https:\/\/www.leeb-balkone.com\/de\/balkongelaender\/balkongelaender-alu\/\">Alu-Balkone entdecken<\/a><\/div>\n<\/div>\n<\/div>\n<\/div>\n<\/div>\n\n\n\n<div class=\"wp-block-columns is-style-shadow m-split m-split-reverse is-layout-flex wp-container-core-columns-is-layout-28f84493 wp-block-columns-is-layout-flex\">\n<div class=\"wp-block-column is-style-default is-layout-flow wp-block-column-is-layout-flow\">\n<figure class=\"wp-block-image size-large\"><img loading=\"lazy\" decoding=\"async\" width=\"1024\" height=\"683\" src=\"https:\/\/www.leeb-balkone.com\/app\/uploads\/2026\/04\/Familie-Leeb-und-Alexander-Ertl-Portrait-20261-1024x683.jpg\" alt=\"Familie Leeb und Alexander Ertl Portrait\" class=\"wp-image-167852\" style=\"aspect-ratio:4\/3;object-fit:cover\" srcset=\"https:\/\/www.leeb-balkone.com\/app\/uploads\/2026\/04\/Familie-Leeb-und-Alexander-Ertl-Portrait-20261-1024x683.jpg 1024w, https:\/\/www.leeb-balkone.com\/app\/uploads\/2026\/04\/Familie-Leeb-und-Alexander-Ertl-Portrait-20261-300x200.jpg 300w, https:\/\/www.leeb-balkone.com\/app\/uploads\/2026\/04\/Familie-Leeb-und-Alexander-Ertl-Portrait-20261-768x512.jpg 768w, https:\/\/www.leeb-balkone.com\/app\/uploads\/2026\/04\/Familie-Leeb-und-Alexander-Ertl-Portrait-20261-1536x1024.jpg 1536w, https:\/\/www.leeb-balkone.com\/app\/uploads\/2026\/04\/Familie-Leeb-und-Alexander-Ertl-Portrait-20261-2048x1365.jpg 2048w\" sizes=\"auto, (max-width: 1024px) 100vw, 1024px\" \/><\/figure>\n<\/div>\n\n\n\n<div class=\"wp-block-column is-vertically-aligned-center is-style-overlay-content is-layout-flow wp-block-column-is-layout-flow\">\n<div class=\"wp-block-group is-vertical is-layout-flex wp-container-core-group-is-layout-6aed0e10 wp-block-group-is-layout-flex\">\n<h3 class=\"wp-block-heading\">Antizyklische Investitionen<\/h3>\n\n\n\n<p>120 Jahre Leeb stehen f\u00fcr Best\u00e4ndigkeit, Vertrauen und den Mut, Zukunft aktiv zu gestalten. Ein zentraler Ausdruck dieser Haltung sind unsere antizyklischen Investitionen. Gerade dann, wenn andere abwarten, investieren wir bewusst weiter \u2013 in neue Technologien, bessere Systeme und moderne Prozesse. Damit sichern wir nicht nur die hohe Qualit\u00e4t unserer Produkte, sondern auch unsere langfristige St\u00e4rke als gesundes, verl\u00e4ssliches Unternehmen. F\u00fcr unsere Kundinnen und Kunden bedeutet das vor allem eines: die Sicherheit, auf einen Partner zu bauen, der heute handelt und morgen mitdenkt.<\/p>\n\n\n\n<div class=\"wp-block-buttons is-layout-flex wp-block-buttons-is-layout-flex\" style=\"margin-top:var(--wp--preset--spacing--2-xs)\"><\/div>\n<\/div>\n<\/div>\n<\/div>\n<\/section>\n\n\n\n\n\n<p><\/p>\n","protected":false},"excerpt":{"rendered":"","protected":false},"author":1,"featured_media":0,"parent":0,"menu_order":0,"comment_status":"closed","ping_status":"closed","template":"template-onepager.blade.php","meta":{"_acf_changed":false,"footnotes":"","_sage_theme_css":true,"_wp_block_core_css":true},"folder":[269],"class_list":["post-166790","page","type-page","status-publish","hentry"],"acf":[],"yoast_head":"<!-- This site is optimized with the Yoast SEO plugin v27.2 - https:\/\/yoast.com\/product\/yoast-seo-wordpress\/ -->\n<title>120 Jahre Leeb - Leeb Balkone Deutschland<\/title>\n<meta name=\"description\" content=\"120 Jahre Leeb Erleben Sie 120 Jahre Leidenschaft f\u00fcr Qualit\u00e4t und entdecken Sie die Geschichte hinter Europas f\u00fchrendem Balkon- und Zaunhersteller.\" \/>\n<meta name=\"robots\" content=\"noindex, nofollow\" \/>\n<meta property=\"og:locale\" content=\"de_DE\" \/>\n<meta property=\"og:type\" content=\"article\" \/>\n<meta property=\"og:title\" content=\"120 Jahre Leeb - Leeb Balkone\" \/>\n<meta property=\"og:description\" content=\"120 Jahre Leeb Erleben Sie 120 Jahre Leidenschaft f\u00fcr Qualit\u00e4t und entdecken Sie die Geschichte hinter Europas f\u00fchrendem Balkon- und Zaunhersteller.\" \/>\n<meta property=\"og:url\" content=\"https:\/\/www.leeb-balkone.com\/de\/120-jahre-leeb\/\" \/>\n<meta property=\"og:site_name\" content=\"Leeb Balkone\" \/>\n<meta property=\"article:publisher\" content=\"https:\/\/www.facebook.com\/balkone\/\" \/>\n<meta property=\"article:modified_time\" content=\"2026-04-28T13:27:38+00:00\" \/>\n<meta property=\"og:image\" content=\"https:\/\/www.leeb-balkone.com\/app\/uploads\/2020\/11\/leeb-balkone-firmengelaende-herbst-scaled.jpg\" \/>\n\t<meta property=\"og:image:width\" content=\"2560\" \/>\n\t<meta property=\"og:image:height\" content=\"1706\" \/>\n\t<meta property=\"og:image:type\" content=\"image\/jpeg\" \/>\n<meta name=\"twitter:card\" content=\"summary_large_image\" \/>\n<script type=\"application\/ld+json\" class=\"yoast-schema-graph\">{\"@context\":\"https:\/\/schema.org\",\"@graph\":[{\"@type\":\"WebPage\",\"@id\":\"https:\/\/www.leeb-balkone.com\/de\/120-jahre-leeb\/\",\"url\":\"https:\/\/www.leeb-balkone.com\/de\/120-jahre-leeb\/\",\"name\":\"120 Jahre Leeb - Leeb Balkone\",\"isPartOf\":{\"@id\":\"https:\/\/www.leeb-balkone.com\/de\/#website\"},\"primaryImageOfPage\":{\"@id\":\"https:\/\/www.leeb-balkone.com\/de\/120-jahre-leeb\/#primaryimage\"},\"image\":{\"@id\":\"https:\/\/www.leeb-balkone.com\/de\/120-jahre-leeb\/#primaryimage\"},\"thumbnailUrl\":\"https:\/\/www.leeb-balkone.com\/app\/uploads\/2020\/11\/leeb-balkone-firmengelaende-herbst-1024x682.jpg\",\"datePublished\":\"2026-03-26T13:08:17+00:00\",\"dateModified\":\"2026-04-28T13:27:38+00:00\",\"description\":\"120 Jahre Leeb Erleben Sie 120 Jahre Leidenschaft f\u00fcr Qualit\u00e4t und entdecken Sie die Geschichte hinter Europas f\u00fchrendem Balkon- und Zaunhersteller.\",\"breadcrumb\":{\"@id\":\"https:\/\/www.leeb-balkone.com\/de\/120-jahre-leeb\/#breadcrumb\"},\"inLanguage\":\"de\",\"potentialAction\":[{\"@type\":\"ReadAction\",\"target\":[\"https:\/\/www.leeb-balkone.com\/de\/120-jahre-leeb\/\"]}]},{\"@type\":\"ImageObject\",\"inLanguage\":\"de\",\"@id\":\"https:\/\/www.leeb-balkone.com\/de\/120-jahre-leeb\/#primaryimage\",\"url\":\"https:\/\/www.leeb-balkone.com\/app\/uploads\/2020\/11\/leeb-balkone-firmengelaende-herbst-1024x682.jpg\",\"contentUrl\":\"https:\/\/www.leeb-balkone.com\/app\/uploads\/2020\/11\/leeb-balkone-firmengelaende-herbst-1024x682.jpg\"},{\"@type\":\"BreadcrumbList\",\"@id\":\"https:\/\/www.leeb-balkone.com\/de\/120-jahre-leeb\/#breadcrumb\",\"itemListElement\":[{\"@type\":\"ListItem\",\"position\":1,\"name\":\"Home\",\"item\":\"https:\/\/www.leeb-balkone.com\/de\/\"},{\"@type\":\"ListItem\",\"position\":2,\"name\":\"120 Jahre Leeb\"}]},{\"@type\":\"WebSite\",\"@id\":\"https:\/\/www.leeb-balkone.com\/de\/#website\",\"url\":\"https:\/\/www.leeb-balkone.com\/de\/\",\"name\":\"Leeb Balkone\",\"description\":\"Balkone und Z\u00e4une\",\"publisher\":{\"@id\":\"https:\/\/www.leeb-balkone.com\/de\/#organization\"},\"potentialAction\":[{\"@type\":\"SearchAction\",\"target\":{\"@type\":\"EntryPoint\",\"urlTemplate\":\"https:\/\/www.leeb-balkone.com\/de\/?s={search_term_string}\"},\"query-input\":{\"@type\":\"PropertyValueSpecification\",\"valueRequired\":true,\"valueName\":\"search_term_string\"}}],\"inLanguage\":\"de\"},{\"@type\":\"Organization\",\"@id\":\"https:\/\/www.leeb-balkone.com\/de\/#organization\",\"name\":\"Leeb Balkone Gmbh\",\"url\":\"https:\/\/www.leeb-balkone.com\/de\/\",\"logo\":{\"@type\":\"ImageObject\",\"inLanguage\":\"de\",\"@id\":\"https:\/\/www.leeb-balkone.com\/de\/#\/schema\/logo\/image\/\",\"url\":\"https:\/\/www.leeb-balkone.com\/app\/uploads\/2020\/11\/leeb-logo.svg\",\"contentUrl\":\"https:\/\/www.leeb-balkone.com\/app\/uploads\/2020\/11\/leeb-logo.svg\",\"width\":741,\"height\":204,\"caption\":\"Leeb Balkone Gmbh\"},\"image\":{\"@id\":\"https:\/\/www.leeb-balkone.com\/de\/#\/schema\/logo\/image\/\"},\"sameAs\":[\"https:\/\/www.facebook.com\/balkone\/\",\"https:\/\/www.trustedshops.at\/bewertung\/info_X4587CCF5833E31AFE0B11F47D86999F2.html\",\"https:\/\/www.trustedshops.de\/bewertung\/info_X7BA536A7A0BDC86D36C4718E4DCAEEEF.html\",\"https:\/\/www.google.com\/maps\/place\/?q=place_id:ChIJ5-zH19-IcEcR9HonWRTllHI\"]}]}<\/script>\n<!-- \/ Yoast SEO plugin. -->","yoast_head_json":{"title":"120 Jahre Leeb - Leeb Balkone Deutschland","description":"120 Jahre Leeb Erleben Sie 120 Jahre Leidenschaft f\u00fcr Qualit\u00e4t und entdecken Sie die Geschichte hinter Europas f\u00fchrendem Balkon- und Zaunhersteller.","robots":{"index":"noindex","follow":"nofollow"},"og_locale":"de_DE","og_type":"article","og_title":"120 Jahre Leeb - Leeb Balkone","og_description":"120 Jahre Leeb Erleben Sie 120 Jahre Leidenschaft f\u00fcr Qualit\u00e4t und entdecken Sie die Geschichte hinter Europas f\u00fchrendem Balkon- und Zaunhersteller.","og_url":"https:\/\/www.leeb-balkone.com\/de\/120-jahre-leeb\/","og_site_name":"Leeb Balkone","article_publisher":"https:\/\/www.facebook.com\/balkone\/","article_modified_time":"2026-04-28T13:27:38+00:00","og_image":[{"width":2560,"height":1706,"url":"https:\/\/www.leeb-balkone.com\/app\/uploads\/2020\/11\/leeb-balkone-firmengelaende-herbst-scaled.jpg","type":"image\/jpeg"}],"twitter_card":"summary_large_image","schema":{"@context":"https:\/\/schema.org","@graph":[{"@type":"WebPage","@id":"https:\/\/www.leeb-balkone.com\/de\/120-jahre-leeb\/","url":"https:\/\/www.leeb-balkone.com\/de\/120-jahre-leeb\/","name":"120 Jahre Leeb - Leeb Balkone","isPartOf":{"@id":"https:\/\/www.leeb-balkone.com\/de\/#website"},"primaryImageOfPage":{"@id":"https:\/\/www.leeb-balkone.com\/de\/120-jahre-leeb\/#primaryimage"},"image":{"@id":"https:\/\/www.leeb-balkone.com\/de\/120-jahre-leeb\/#primaryimage"},"thumbnailUrl":"https:\/\/www.leeb-balkone.com\/app\/uploads\/2020\/11\/leeb-balkone-firmengelaende-herbst-1024x682.jpg","datePublished":"2026-03-26T13:08:17+00:00","dateModified":"2026-04-28T13:27:38+00:00","description":"120 Jahre Leeb Erleben Sie 120 Jahre Leidenschaft f\u00fcr Qualit\u00e4t und entdecken Sie die Geschichte hinter Europas f\u00fchrendem Balkon- und Zaunhersteller.","breadcrumb":{"@id":"https:\/\/www.leeb-balkone.com\/de\/120-jahre-leeb\/#breadcrumb"},"inLanguage":"de","potentialAction":[{"@type":"ReadAction","target":["https:\/\/www.leeb-balkone.com\/de\/120-jahre-leeb\/"]}]},{"@type":"ImageObject","inLanguage":"de","@id":"https:\/\/www.leeb-balkone.com\/de\/120-jahre-leeb\/#primaryimage","url":"https:\/\/www.leeb-balkone.com\/app\/uploads\/2020\/11\/leeb-balkone-firmengelaende-herbst-1024x682.jpg","contentUrl":"https:\/\/www.leeb-balkone.com\/app\/uploads\/2020\/11\/leeb-balkone-firmengelaende-herbst-1024x682.jpg"},{"@type":"BreadcrumbList","@id":"https:\/\/www.leeb-balkone.com\/de\/120-jahre-leeb\/#breadcrumb","itemListElement":[{"@type":"ListItem","position":1,"name":"Home","item":"https:\/\/www.leeb-balkone.com\/de\/"},{"@type":"ListItem","position":2,"name":"120 Jahre Leeb"}]},{"@type":"WebSite","@id":"https:\/\/www.leeb-balkone.com\/de\/#website","url":"https:\/\/www.leeb-balkone.com\/de\/","name":"Leeb Balkone","description":"Balkone und Z\u00e4une","publisher":{"@id":"https:\/\/www.leeb-balkone.com\/de\/#organization"},"potentialAction":[{"@type":"SearchAction","target":{"@type":"EntryPoint","urlTemplate":"https:\/\/www.leeb-balkone.com\/de\/?s={search_term_string}"},"query-input":{"@type":"PropertyValueSpecification","valueRequired":true,"valueName":"search_term_string"}}],"inLanguage":"de"},{"@type":"Organization","@id":"https:\/\/www.leeb-balkone.com\/de\/#organization","name":"Leeb Balkone Gmbh","url":"https:\/\/www.leeb-balkone.com\/de\/","logo":{"@type":"ImageObject","inLanguage":"de","@id":"https:\/\/www.leeb-balkone.com\/de\/#\/schema\/logo\/image\/","url":"https:\/\/www.leeb-balkone.com\/app\/uploads\/2020\/11\/leeb-logo.svg","contentUrl":"https:\/\/www.leeb-balkone.com\/app\/uploads\/2020\/11\/leeb-logo.svg","width":741,"height":204,"caption":"Leeb Balkone Gmbh"},"image":{"@id":"https:\/\/www.leeb-balkone.com\/de\/#\/schema\/logo\/image\/"},"sameAs":["https:\/\/www.facebook.com\/balkone\/","https:\/\/www.trustedshops.at\/bewertung\/info_X4587CCF5833E31AFE0B11F47D86999F2.html","https:\/\/www.trustedshops.de\/bewertung\/info_X7BA536A7A0BDC86D36C4718E4DCAEEEF.html","https:\/\/www.google.com\/maps\/place\/?q=place_id:ChIJ5-zH19-IcEcR9HonWRTllHI"]}]}},"_links":{"self":[{"href":"https:\/\/www.leeb-balkone.com\/de\/wp-json\/wp\/v2\/pages\/166790","targetHints":{"allow":["GET"]}}],"collection":[{"href":"https:\/\/www.leeb-balkone.com\/de\/wp-json\/wp\/v2\/pages"}],"about":[{"href":"https:\/\/www.leeb-balkone.com\/de\/wp-json\/wp\/v2\/types\/page"}],"author":[{"embeddable":true,"href":"https:\/\/www.leeb-balkone.com\/de\/wp-json\/wp\/v2\/users\/1"}],"replies":[{"embeddable":true,"href":"https:\/\/www.leeb-balkone.com\/de\/wp-json\/wp\/v2\/comments?post=166790"}],"version-history":[{"count":56,"href":"https:\/\/www.leeb-balkone.com\/de\/wp-json\/wp\/v2\/pages\/166790\/revisions"}],"predecessor-version":[{"id":168312,"href":"https:\/\/www.leeb-balkone.com\/de\/wp-json\/wp\/v2\/pages\/166790\/revisions\/168312"}],"wp:attachment":[{"href":"https:\/\/www.leeb-balkone.com\/de\/wp-json\/wp\/v2\/media?parent=166790"}],"wp:term":[{"taxonomy":"folder","embeddable":true,"href":"https:\/\/www.leeb-balkone.com\/de\/wp-json\/wp\/v2\/folder?post=166790"}],"curies":[{"name":"wp","href":"https:\/\/api.w.org\/{rel}","templated":true}]}}