{"id":152666,"date":"2025-08-14T13:37:05","date_gmt":"2025-08-14T13:37:05","guid":{"rendered":"https:\/\/www.leeb-balkone.com\/de\/?page_id=152666"},"modified":"2026-03-22T13:42:28","modified_gmt":"2026-03-22T13:42:28","slug":"leeb-partner","status":"publish","type":"page","link":"https:\/\/www.leeb-balkone.com\/de\/leeb-partner\/","title":{"rendered":"Leeb Partner"},"content":{"rendered":"\n<section class=\"wp-block-group alignfull t3-header t3-header-splitscreen t3-splitscreen-shadow h-zi-20 has-light-gray-background-color has-background has-global-padding is-layout-constrained wp-container-core-group-is-layout-f1ad4950 wp-block-group-is-layout-constrained\" style=\"padding-top:0;padding-bottom:0\">\n<div class=\"wp-block-columns h-flx-a-s m-split is-layout-flex wp-container-core-columns-is-layout-28f84493 wp-block-columns-is-layout-flex\">\n<div class=\"wp-block-column is-vertically-aligned-top h-flx-a-s m-split-col-content is-layout-flow wp-block-column-is-layout-flow\"><div class=\"yoast-breadcrumbs\"><span><span><a href=\"https:\/\/www.leeb-balkone.com\/de\/\">Home<\/a><\/span> \/ <span class=\"breadcrumb_last\" aria-current=\"page\">Leeb Partner<\/span><\/span><\/div>\n\n<h1 class=\"wp-block-post-title\">Leeb Partner<\/h1>\n\n\n<p class=\"has-step-0-font-size\" style=\"margin-bottom:0\">Seit \u00fcber 115\u202fJahren steht Leeb f\u00fcr designstarke Balkone, Z\u00e4une, nachtr\u00e4glichen Balkonanbau und Terrassend\u00e4cher&nbsp;\u201eMade in Austria\u201c&nbsp;und hat sich damit zur Nr.\u202f1 im europ\u00e4ischen Balkonbau entwickelt.\u202fUnsere Qualit\u00e4t wird von mehr als 100\u202f000 zufriedenen Kunden best\u00e4tigt&nbsp;\u2013&nbsp;daf\u00fcr suchen wir laufend engagierte selbstst\u00e4ndige Partner, die diesen Erfolg mitgestalten m\u00f6chten.<\/p>\n<\/div>\n\n\n\n<div class=\"wp-block-column is-vertically-aligned-stretch h-hide-md-down is-style-image-cover is-layout-flow wp-block-column-is-layout-flow\">\n<figure class=\"wp-block-image size-large\"><img loading=\"lazy\" decoding=\"async\" width=\"1024\" height=\"682\" src=\"https:\/\/www.leeb-balkone.com\/app\/uploads\/2020\/11\/leeb-balkone-firmengelaende-herbst-1024x682.jpg\" alt=\"Leeb Firmengel\u00e4nde - Zentrale in Gnesau\" class=\"wp-image-10069\" srcset=\"https:\/\/www.leeb-balkone.com\/app\/uploads\/2020\/11\/leeb-balkone-firmengelaende-herbst-1024x682.jpg 1024w, https:\/\/www.leeb-balkone.com\/app\/uploads\/2020\/11\/leeb-balkone-firmengelaende-herbst-300x200.jpg 300w, https:\/\/www.leeb-balkone.com\/app\/uploads\/2020\/11\/leeb-balkone-firmengelaende-herbst-768x512.jpg 768w, https:\/\/www.leeb-balkone.com\/app\/uploads\/2020\/11\/leeb-balkone-firmengelaende-herbst-1536x1024.jpg 1536w, https:\/\/www.leeb-balkone.com\/app\/uploads\/2020\/11\/leeb-balkone-firmengelaende-herbst-2048x1365.jpg 2048w\" sizes=\"auto, (max-width: 1024px) 100vw, 1024px\" \/><\/figure>\n<\/div>\n<\/div>\n<\/section>\n\n\n\n<section class=\"wp-block-group alignfull has-white-background-color has-background has-global-padding is-layout-constrained wp-container-core-group-is-layout-52f96efc wp-block-group-is-layout-constrained\" id=\"modelle\">\n<div class=\"wp-block-group m-teaser o-grid u-md-1 is-layout-flow wp-block-group-is-layout-flow\">\n<div class=\"wp-block-group u-g-9 u-g-s-2 is-layout-flow wp-block-group-is-layout-flow\" style=\"margin-bottom:var(--wp--preset--spacing--s)\">\n<h2 class=\"wp-block-heading\">Erfolgreich im Netzwerk &#8211; seit vielen Jahren<\/h2>\n\n\n\n<p>Mehr als 100 aktive selbstst\u00e4ndige Partner vertrauen bereits seit Jahren auf Leeb und schreiben mit uns Erfolgsgeschichte. Ob H\u00e4ndler, Vertrieb, Montage oder Aufma\u00df \u2013 sie profitieren von stetigen Kundenanfragen, planbarer Auslastung und der St\u00e4rke einer etablierten Marke. Diese langj\u00e4hrigen Partnerschaften zeigen: <strong>Mit Leeb setzen Sie auf ein bew\u00e4hrtes und zukunftssicheres Gesch\u00e4ftsmodell.<\/strong><\/p>\n\n\n\n<p class=\"has-text-align-left\">Erfahren Sie im Detail, welche vier Wege der Zusammenarbeit wir Ihnen bieten \u2013 und w\u00e4hlen Sie das Modell, das optimal zu Ihrem Unternehmen passt.<\/p>\n<\/div>\n<\/div>\n\n\n\n<div class=\"wp-block-group is-style-transparent-cards large is-layout-grid wp-container-core-group-is-layout-6056aaf6 wp-block-group-is-layout-grid\"><div class=\"wp-block-group m-card is-layout-flow wp-container-core-group-is-layout-8a368f38 wp-block-group-is-layout-flow is-linked\"><a class=\"wp-block-group__link\" href=\"#\/\" target=\"_self\" rel=\"follow\" aria-hidden=\"true\" tabindex=\"-1\">&nbsp;<\/a>\n<figure class=\"wp-block-image size-large\"><a href=\"https:\/\/www.leeb-balkone.com\/de\/jobs\/\"><img loading=\"lazy\" decoding=\"async\" width=\"1024\" height=\"683\" src=\"https:\/\/www.leeb-balkone.com\/app\/uploads\/2025\/07\/Schauraum-Leeb-Tettnang-Florian-Keller-27-1024x683.jpg\" alt=\"Schauraum Leeb Tettnang Florian Keller\" class=\"wp-image-150816\" srcset=\"https:\/\/www.leeb-balkone.com\/app\/uploads\/2025\/07\/Schauraum-Leeb-Tettnang-Florian-Keller-27-1024x683.jpg 1024w, https:\/\/www.leeb-balkone.com\/app\/uploads\/2025\/07\/Schauraum-Leeb-Tettnang-Florian-Keller-27-300x200.jpg 300w, https:\/\/www.leeb-balkone.com\/app\/uploads\/2025\/07\/Schauraum-Leeb-Tettnang-Florian-Keller-27-768x512.jpg 768w, https:\/\/www.leeb-balkone.com\/app\/uploads\/2025\/07\/Schauraum-Leeb-Tettnang-Florian-Keller-27-1536x1024.jpg 1536w, https:\/\/www.leeb-balkone.com\/app\/uploads\/2025\/07\/Schauraum-Leeb-Tettnang-Florian-Keller-27-2048x1366.jpg 2048w\" sizes=\"auto, (max-width: 1024px) 100vw, 1024px\" \/><\/a><\/figure>\n\n\n\n<div class=\"wp-block-group m-card-content is-vertical is-layout-flex wp-container-core-group-is-layout-5580f018 wp-block-group-is-layout-flex\">\n<h3 class=\"wp-block-heading\"><a href=\"https:\/\/www.leeb-balkone.com\/de\/jobs\/\">Selbstst\u00e4ndiger Vertriebspartner<\/a><\/h3>\n\n\n\n<p>Als exklusiver Ansprechpartner vor Ort beraten Sie vor allem Privatkunden, pr\u00e4sentieren unser vielf\u00e4ltiges Design-Portfolio und begleiten Ihre Kunden bis zur Kaufentscheidung.<\/p>\n\n\n\n<p><a href=\"https:\/\/www.leeb-balkone.com\/de\/jobs\/\">Mehr erfahren<\/a><\/p>\n<\/div>\n<\/div>\n\n\n<div class=\"wp-block-group m-card is-layout-flow wp-container-core-group-is-layout-8a368f38 wp-block-group-is-layout-flow is-linked\"><a class=\"wp-block-group__link\" href=\"#\/\" target=\"_self\" rel=\"follow\" aria-hidden=\"true\" tabindex=\"-1\">&nbsp;<\/a>\n<figure class=\"wp-block-image size-large\"><a href=\"https:\/\/www.leeb-balkone.com\/de\/jobs\/b2b-haendlerpartner\/\"><img loading=\"lazy\" decoding=\"async\" width=\"1024\" height=\"683\" src=\"https:\/\/www.leeb-balkone.com\/app\/uploads\/2025\/07\/Schauraum-Leeb-Lauf-Schlenk-und-Sacher-33-1024x683.jpg\" alt=\"Schauraum Leeb Lauf Schlenk und Sacher\" class=\"wp-image-150514\" srcset=\"https:\/\/www.leeb-balkone.com\/app\/uploads\/2025\/07\/Schauraum-Leeb-Lauf-Schlenk-und-Sacher-33-1024x683.jpg 1024w, https:\/\/www.leeb-balkone.com\/app\/uploads\/2025\/07\/Schauraum-Leeb-Lauf-Schlenk-und-Sacher-33-300x200.jpg 300w, https:\/\/www.leeb-balkone.com\/app\/uploads\/2025\/07\/Schauraum-Leeb-Lauf-Schlenk-und-Sacher-33-768x512.jpg 768w, https:\/\/www.leeb-balkone.com\/app\/uploads\/2025\/07\/Schauraum-Leeb-Lauf-Schlenk-und-Sacher-33-1536x1024.jpg 1536w, https:\/\/www.leeb-balkone.com\/app\/uploads\/2025\/07\/Schauraum-Leeb-Lauf-Schlenk-und-Sacher-33-2048x1366.jpg 2048w\" sizes=\"auto, (max-width: 1024px) 100vw, 1024px\" \/><\/a><\/figure>\n\n\n\n<div class=\"wp-block-group m-card-content is-vertical is-layout-flex wp-container-core-group-is-layout-5580f018 wp-block-group-is-layout-flex\">\n<h3 class=\"wp-block-heading\">H\u00e4ndlerpartner<\/h3>\n\n\n\n<p>Erweitern Sie Ihr Sortiment um Premium-Produkte mit hoher Markenbekanntheit. Profitieren Sie unter anderem von unserer starken Logistik und professionellen Schulungen.<\/p>\n\n\n\n<p><a href=\"https:\/\/www.leeb-balkone.com\/de\/jobs\/b2b-haendlerpartner\/\">Mehr erfahren<\/a><\/p>\n<\/div>\n<\/div>\n\n\n<div class=\"wp-block-group m-card is-layout-flow wp-container-core-group-is-layout-8a368f38 wp-block-group-is-layout-flow is-linked\"><a class=\"wp-block-group__link\" href=\"#\/\" target=\"_self\" rel=\"follow\" aria-hidden=\"true\" tabindex=\"-1\">&nbsp;<\/a>\n<figure class=\"wp-block-image size-large\"><a href=\"https:\/\/www.leeb-balkone.com\/de\/jobs\/selbststaendige-montagepartner-m-w\/\"><img loading=\"lazy\" decoding=\"async\" width=\"1024\" height=\"767\" src=\"https:\/\/www.leeb-balkone.com\/app\/uploads\/2020\/08\/mitarbeiter-montage-bei-leeb-balkone-1024x767.jpeg\" alt=\"Montieren eines Leeb Alu-Balkongel\u00e4nders nach Ma\u00df\" class=\"wp-image-6115\" srcset=\"https:\/\/www.leeb-balkone.com\/app\/uploads\/2020\/08\/mitarbeiter-montage-bei-leeb-balkone-1024x767.jpeg 1024w, https:\/\/www.leeb-balkone.com\/app\/uploads\/2020\/08\/mitarbeiter-montage-bei-leeb-balkone-300x225.jpeg 300w, https:\/\/www.leeb-balkone.com\/app\/uploads\/2020\/08\/mitarbeiter-montage-bei-leeb-balkone-768x575.jpeg 768w, https:\/\/www.leeb-balkone.com\/app\/uploads\/2020\/08\/mitarbeiter-montage-bei-leeb-balkone-1536x1151.jpeg 1536w, https:\/\/www.leeb-balkone.com\/app\/uploads\/2020\/08\/mitarbeiter-montage-bei-leeb-balkone-2048x1534.jpeg 2048w\" sizes=\"auto, (max-width: 1024px) 100vw, 1024px\" \/><\/a><figcaption class=\"wp-element-caption\">Renovierte Terrasse mit Aluboden in Holzoptik<\/figcaption><\/figure>\n\n\n\n<div class=\"wp-block-group m-card-content is-vertical is-layout-flex wp-container-core-group-is-layout-5580f018 wp-block-group-is-layout-flex\">\n<h3 class=\"wp-block-heading\">Selbstst\u00e4ndiger Montagepartner<\/h3>\n\n\n\n<p>Sie verwandeln unsere ma\u00dfgefertigten Systeme beim Kunden in sichtbare Ergebnisse. Dabei profitieren Sie von einer planbaren Auslastung und attraktiven Verg\u00fctungsmodellen.<\/p>\n\n\n\n<p><a href=\"https:\/\/www.leeb-balkone.com\/de\/jobs\/selbststaendige-montagepartner-m-w\/\">Mehr erfahren<\/a><\/p>\n<\/div>\n<\/div>\n\n\n<div class=\"wp-block-group m-card is-layout-flow wp-container-core-group-is-layout-8a368f38 wp-block-group-is-layout-flow is-linked\"><a class=\"wp-block-group__link\" href=\"#\/\" target=\"_self\" rel=\"follow\" aria-hidden=\"true\" tabindex=\"-1\">&nbsp;<\/a>\n<figure class=\"wp-block-image size-large\"><a href=\"https:\/\/www.leeb-balkone.com\/de\/jobs\/selbststaendiger-aufmasstechniker\/\"><img loading=\"lazy\" decoding=\"async\" width=\"1024\" height=\"684\" src=\"https:\/\/www.leeb-balkone.com\/app\/uploads\/2021\/01\/leeb-balkone-mitarbeiter-27-1024x684.jpg\" alt=\"Karriere bei Leeb Balkone als Techniker\" class=\"wp-image-21102\" srcset=\"https:\/\/www.leeb-balkone.com\/app\/uploads\/2021\/01\/leeb-balkone-mitarbeiter-27-1024x684.jpg 1024w, https:\/\/www.leeb-balkone.com\/app\/uploads\/2021\/01\/leeb-balkone-mitarbeiter-27-300x200.jpg 300w, https:\/\/www.leeb-balkone.com\/app\/uploads\/2021\/01\/leeb-balkone-mitarbeiter-27-768x513.jpg 768w, https:\/\/www.leeb-balkone.com\/app\/uploads\/2021\/01\/leeb-balkone-mitarbeiter-27-1536x1025.jpg 1536w, https:\/\/www.leeb-balkone.com\/app\/uploads\/2021\/01\/leeb-balkone-mitarbeiter-27-2048x1367.jpg 2048w\" sizes=\"auto, (max-width: 1024px) 100vw, 1024px\" \/><\/a><\/figure>\n\n\n\n<div class=\"wp-block-group m-card-content is-vertical is-layout-flex wp-container-core-group-is-layout-5580f018 wp-block-group-is-layout-flex\">\n<h3 class=\"wp-block-heading\">Selbstst\u00e4ndiger Aufma\u00dfpartner<\/h3>\n\n\n\n<p>Mit Ihrem pr\u00e4zisen Naturma\u00df legen Sie den Grundstein f\u00fcr jedes erfolgreiche Projekt. Sie sorgen daf\u00fcr, dass jedes Produkt passgenau gefertigt werden kann.<\/p>\n\n\n\n<p><a href=\"https:\/\/www.leeb-balkone.com\/de\/jobs\/selbststaendiger-aufmasstechniker\/\">Mehr erfahren<\/a><\/p>\n<\/div>\n<\/div>\n<\/div>\n<\/section>\n\n\n\n<section class=\"wp-block-group alignfull has-light-gray-background-color has-background has-global-padding is-layout-constrained wp-container-core-group-is-layout-52f96efc wp-block-group-is-layout-constrained\" id=\"service-qualitaet\">\n<div class=\"wp-block-group o-grid u-md-1 is-layout-flow wp-block-group-is-layout-flow\">\n<div class=\"wp-block-group u-g-9 u-g-s-2 is-layout-flow wp-block-group-is-layout-flow\" style=\"margin-bottom:var(--wp--preset--spacing--s)\">\n<h3 class=\"wp-block-heading\">Ihre Vorteile auf einen Blick<\/h3>\n\n\n\n<p>Die Vorteile einer selbstst\u00e4ndigen Partnerschaft mit Leeb ergeben sich aus der Kombination modernster Technik, ma\u00dfgeschneiderter Planung und flexibler Ausstattungsoptionen \u2013 erg\u00e4nzt durch hochwertige Materialien und professionelle Betreuung von der ersten Beratung bis zur fertigen Montage.<\/p>\n\n\n\n<ul class=\"wp-block-list is-style-checkmark-2\">\n<li><strong><strong>Attraktive Verdienstm\u00f6glichkeiten<\/strong><\/strong> dank erfolgsorientierter Verg\u00fctung und planbarer Auslastung.<\/li>\n\n\n\n<li><strong>Unternehmerische Freiheit<\/strong> \u2013 Sie entscheiden \u00fcber den Umfang Ihrer T\u00e4tigkeit mit Leeb.<\/li>\n\n\n\n<li><strong><strong>Langfristige Partnerschaft mit fixem Gebiet<\/strong><\/strong> in Zusammenarbeit mit einem etablierten Familienunternehmen.<\/li>\n\n\n\n<li><strong><strong>Konstante Kundenanfrage<\/strong>n<\/strong> dank unserer starken Markenpr\u00e4senz sowie gezieltem Marketing.<\/li>\n\n\n\n<li><strong><strong>Fundierte Einschulung &amp; pers\u00f6nliche Betreuung<\/strong><\/strong> \u2013 vom ersten Training \u00fcber moderne Vertriebs\u2011 und Planungstools bis zum laufenden Support durch unser Experten\u2011Team.<\/li>\n\n\n\n<li><strong><strong><strong>Qualit\u00e4tsprodukt mit Alleinstellungsmerkmalen<\/strong><\/strong><\/strong> wie der hochwetterfesten Alu\u2011Comfort\u2011Oberfl\u00e4che und mehr als 200 Designvarianten, die jedes Haus sichtbar aufwerten.<\/li>\n\n\n\n<li><strong>Wertebasierte Zusammenarbeit<\/strong> \u2013 Zuverl\u00e4ssigkeit, Fairness und Partnerschaftlichkeit auf Augenh\u00f6he.<\/li>\n<\/ul>\n<\/div>\n<\/div>\n<\/section>\n\n\n\n<section class=\"wp-block-group alignfull has-white-background-color has-background has-global-padding is-layout-constrained wp-container-core-group-is-layout-52f96efc wp-block-group-is-layout-constrained\">\n<div class=\"wp-block-group o-grid u-md-1 is-layout-flow wp-block-group-is-layout-flow\" style=\"padding-top:0\">\n<div class=\"wp-block-group u-g-9 u-g-s-2 is-layout-flow wp-block-group-is-layout-flow\" style=\"margin-bottom:var(--wp--preset--spacing--s)\">\n<h2 class=\"wp-block-heading\">H\u00e4ufig gestellte Fragen<\/h2>\n\n\n\n<p style=\"padding-bottom:var(--wp--preset--spacing--m)\"><span class=\"teaser\">Sie haben allgemeine Fragen rund um die Partnerschaft mit uns? In unseren FAQ finden Sie kompakte Antworten zu h\u00e4ufigen Themen rund um die Leeb Partnerschaft.<\/span><\/p>\n\n\n\n<div class=\"wp-block-t3-acc-accordion is-style-default\"><button id=\"accordion-3ae73c8d-0339-4d40-bddf-ee245afa0385-button\" class=\"accordion__button\" aria-expanded=\"false\" aria-controls=\"accordion-3ae73c8d-0339-4d40-bddf-ee245afa0385-panel\"><h3 data-accordion-title=\"true\" style=\"font-size:var(--step-1)\">Welche Voraussetzungen brauche ich, um Leeb Partner zu werden?<\/h3><\/button><div id=\"accordion-3ae73c8d-0339-4d40-bddf-ee245afa0385-panel\" class=\"accordion__panel\" role=\"region\" aria-labelledby=\"accordion-3ae73c8d-0339-4d40-bddf-ee245afa0385-button\" hidden>\n\n<p>Die Voraussetzungen variieren je nach Art der Partnerschaft. Grunds\u00e4tzlich sind Erfahrungen im Bau-, Handwerks- oder Handelsbereich von Vorteil \u2013 aber auch Quereinsteiger sind willkommen und k\u00f6nnen mit unserer Unterst\u00fctzung erfolgreich starten. Ob mit Fachwissen oder als Neueinsteiger: Durch unsere umfangreichen Produkt-, Aufma\u00df- oder Montageschulungen und den laufenden Support haben Sie die besten Chancen, Ihr Potenzial als Leeb Partner voll auszusch\u00f6pfen.<\/p>\n\n<\/div><\/div>\n\n\n\n<div class=\"wp-block-t3-acc-accordion is-style-default\"><button id=\"accordion-2db3285c-31f8-47f7-b142-4f518be8aa61-button\" class=\"accordion__button\" aria-expanded=\"false\" aria-controls=\"accordion-2db3285c-31f8-47f7-b142-4f518be8aa61-panel\"><h3 data-accordion-title=\"true\" style=\"font-size:var(--step-1)\"><strong>Welche Unterst\u00fctzung erhalte ich als Partner?<\/strong><\/h3><\/button><div id=\"accordion-2db3285c-31f8-47f7-b142-4f518be8aa61-panel\" class=\"accordion__panel\" role=\"region\" aria-labelledby=\"accordion-2db3285c-31f8-47f7-b142-4f518be8aa61-button\" hidden>\n\n<p>Wir stellen Ihnen moderne Vertriebs- und Planungstools, Marketingmaterialien, eine fundierte Einschulung sowie laufenden Support durch unser Expertenteam zur Verf\u00fcgung.<\/p>\n\n<\/div><\/div>\n\n\n\n<div class=\"wp-block-t3-acc-accordion is-style-default\"><button id=\"accordion-6ed3f56f-edf2-4d76-9ca2-42448e47a57c-button\" class=\"accordion__button\" aria-expanded=\"false\" aria-controls=\"accordion-6ed3f56f-edf2-4d76-9ca2-42448e47a57c-panel\"><h3 data-accordion-title=\"true\" style=\"font-size:var(--step-1)\"><strong>Gibt es einen Gebietsschutz?<\/strong><\/h3><\/button><div id=\"accordion-6ed3f56f-edf2-4d76-9ca2-42448e47a57c-panel\" class=\"accordion__panel\" role=\"region\" aria-labelledby=\"accordion-6ed3f56f-edf2-4d76-9ca2-42448e47a57c-button\" hidden>\n\n<p>Ja. Als Partner erhalten Sie ein exklusives Verkaufs- oder Montagegebiet, um faire Wettbewerbsbedingungen und nachhaltiges Wachstum sicherzustellen.<\/p>\n\n<\/div><\/div>\n\n\n\n<div class=\"wp-block-t3-acc-accordion is-style-default\"><button id=\"accordion-eb7cc5e6-81a5-472c-a978-6accfed6b233-button\" class=\"accordion__button\" aria-expanded=\"false\" aria-controls=\"accordion-eb7cc5e6-81a5-472c-a978-6accfed6b233-panel\"><h3 data-accordion-title=\"true\" style=\"font-size:var(--step-1)\"><strong><strong>Wie schnell kann ich starten?<\/strong><\/strong><\/h3><\/button><div id=\"accordion-eb7cc5e6-81a5-472c-a978-6accfed6b233-panel\" class=\"accordion__panel\" role=\"region\" aria-labelledby=\"accordion-eb7cc5e6-81a5-472c-a978-6accfed6b233-button\" hidden>\n\n<p>Nach dem Erstgespr\u00e4ch und der Vertragsunterzeichnung k\u00f6nnen Sie innerhalb weniger Wochen aktiv mit den ersten Projekten loslegen \u2013 unterst\u00fctzt durch unsere Einschulung und Tools.<\/p>\n\n<\/div><\/div>\n\n\n\n<div class=\"wp-block-t3-acc-accordion is-style-default\"><button id=\"accordion-680f1c5d-53cd-4f9a-ae13-8c1179291793-button\" class=\"accordion__button\" aria-expanded=\"false\" aria-controls=\"accordion-680f1c5d-53cd-4f9a-ae13-8c1179291793-panel\"><h3 data-accordion-title=\"true\" style=\"font-size:var(--step-1)\"><strong><strong>Welche Verdienstm\u00f6glichkeiten habe ich?<\/strong><\/strong><\/h3><\/button><div id=\"accordion-680f1c5d-53cd-4f9a-ae13-8c1179291793-panel\" class=\"accordion__panel\" role=\"region\" aria-labelledby=\"accordion-680f1c5d-53cd-4f9a-ae13-8c1179291793-button\" hidden>\n\n<p>Das h\u00e4ngt von Ihrer Rolle ab. Vertriebspartner profitieren von attraktiven Provisionen, H\u00e4ndler von stabilen Margen und Montage-\/Aufma\u00dfpartner von fairer Verg\u00fctung pro Auftrag.<\/p>\n\n<\/div><\/div>\n<\/div>\n<\/div>\n<\/section>\n\n\n\n<p><\/p>\n","protected":false},"excerpt":{"rendered":"","protected":false},"author":12,"featured_media":0,"parent":0,"menu_order":59,"comment_status":"closed","ping_status":"closed","template":"template-onepager.blade.php","meta":{"_acf_changed":false,"footnotes":"","_sage_theme_css":true,"_wp_block_core_css":true},"folder":[238],"class_list":["post-152666","page","type-page","status-publish","hentry"],"acf":[],"yoast_head":"<!-- This site is optimized with the Yoast SEO plugin v27.2 - https:\/\/yoast.com\/product\/yoast-seo-wordpress\/ -->\n<title>Leeb Partner - Leeb Balkone Deutschland<\/title>\n<meta name=\"description\" content=\"Seit \u00fcber 115\u202fJahren steht Leeb f\u00fcr designstarke Balkone, Z\u00e4une, nachtr\u00e4glichen Balkonanbau und Terrassend\u00e4cher&nbsp;\u201eMade in Austria\u201c&nbsp;und hat sich\" \/>\n<meta name=\"robots\" content=\"index, follow, max-snippet:-1, max-image-preview:large, max-video-preview:-1\" \/>\n<meta property=\"og:locale\" content=\"de_DE\" \/>\n<meta property=\"og:type\" content=\"article\" \/>\n<meta property=\"og:title\" content=\"Leeb Partner - Leeb Balkone\" \/>\n<meta property=\"og:description\" content=\"Seit \u00fcber 115\u202fJahren steht Leeb f\u00fcr designstarke Balkone, Z\u00e4une, nachtr\u00e4glichen Balkonanbau und Terrassend\u00e4cher&nbsp;\u201eMade in Austria\u201c&nbsp;und hat sich\" \/>\n<meta property=\"og:url\" content=\"https:\/\/www.leeb-balkone.com\/de\/leeb-partner\/\" \/>\n<meta property=\"og:site_name\" content=\"Leeb Balkone\" \/>\n<meta property=\"article:publisher\" content=\"https:\/\/www.facebook.com\/balkone\/\" \/>\n<meta property=\"article:modified_time\" content=\"2026-03-22T13:42:28+00:00\" \/>\n<meta property=\"og:image\" content=\"https:\/\/www.leeb-balkone.com\/app\/uploads\/2020\/11\/leeb-balkone-firmengelaende-herbst-scaled.jpg\" \/>\n\t<meta property=\"og:image:width\" content=\"2560\" \/>\n\t<meta property=\"og:image:height\" content=\"1706\" \/>\n\t<meta property=\"og:image:type\" content=\"image\/jpeg\" \/>\n<meta name=\"twitter:card\" content=\"summary_large_image\" \/>\n<script type=\"application\/ld+json\" class=\"yoast-schema-graph\">{\"@context\":\"https:\/\/schema.org\",\"@graph\":[{\"@type\":\"WebPage\",\"@id\":\"https:\/\/www.leeb-balkone.com\/de\/leeb-partner\/\",\"url\":\"https:\/\/www.leeb-balkone.com\/de\/leeb-partner\/\",\"name\":\"Leeb Partner - Leeb Balkone\",\"isPartOf\":{\"@id\":\"https:\/\/www.leeb-balkone.com\/de\/#website\"},\"primaryImageOfPage\":{\"@id\":\"https:\/\/www.leeb-balkone.com\/de\/leeb-partner\/#primaryimage\"},\"image\":{\"@id\":\"https:\/\/www.leeb-balkone.com\/de\/leeb-partner\/#primaryimage\"},\"thumbnailUrl\":\"https:\/\/www.leeb-balkone.com\/app\/uploads\/2020\/11\/leeb-balkone-firmengelaende-herbst-1024x682.jpg\",\"datePublished\":\"2025-08-14T13:37:05+00:00\",\"dateModified\":\"2026-03-22T13:42:28+00:00\",\"description\":\"Seit \u00fcber 115\u202fJahren steht Leeb f\u00fcr designstarke Balkone, Z\u00e4une, nachtr\u00e4glichen Balkonanbau und Terrassend\u00e4cher&nbsp;\u201eMade in Austria\u201c&nbsp;und hat sich\",\"breadcrumb\":{\"@id\":\"https:\/\/www.leeb-balkone.com\/de\/leeb-partner\/#breadcrumb\"},\"inLanguage\":\"de\",\"potentialAction\":[{\"@type\":\"ReadAction\",\"target\":[\"https:\/\/www.leeb-balkone.com\/de\/leeb-partner\/\"]}]},{\"@type\":\"ImageObject\",\"inLanguage\":\"de\",\"@id\":\"https:\/\/www.leeb-balkone.com\/de\/leeb-partner\/#primaryimage\",\"url\":\"https:\/\/www.leeb-balkone.com\/app\/uploads\/2020\/11\/leeb-balkone-firmengelaende-herbst-1024x682.jpg\",\"contentUrl\":\"https:\/\/www.leeb-balkone.com\/app\/uploads\/2020\/11\/leeb-balkone-firmengelaende-herbst-1024x682.jpg\"},{\"@type\":\"BreadcrumbList\",\"@id\":\"https:\/\/www.leeb-balkone.com\/de\/leeb-partner\/#breadcrumb\",\"itemListElement\":[{\"@type\":\"ListItem\",\"position\":1,\"name\":\"Home\",\"item\":\"https:\/\/www.leeb-balkone.com\/de\/\"},{\"@type\":\"ListItem\",\"position\":2,\"name\":\"Leeb Partner\"}]},{\"@type\":\"WebSite\",\"@id\":\"https:\/\/www.leeb-balkone.com\/de\/#website\",\"url\":\"https:\/\/www.leeb-balkone.com\/de\/\",\"name\":\"Leeb Balkone\",\"description\":\"Balkone und Z\u00e4une\",\"publisher\":{\"@id\":\"https:\/\/www.leeb-balkone.com\/de\/#organization\"},\"potentialAction\":[{\"@type\":\"SearchAction\",\"target\":{\"@type\":\"EntryPoint\",\"urlTemplate\":\"https:\/\/www.leeb-balkone.com\/de\/?s={search_term_string}\"},\"query-input\":{\"@type\":\"PropertyValueSpecification\",\"valueRequired\":true,\"valueName\":\"search_term_string\"}}],\"inLanguage\":\"de\"},{\"@type\":\"Organization\",\"@id\":\"https:\/\/www.leeb-balkone.com\/de\/#organization\",\"name\":\"Leeb Balkone Gmbh\",\"url\":\"https:\/\/www.leeb-balkone.com\/de\/\",\"logo\":{\"@type\":\"ImageObject\",\"inLanguage\":\"de\",\"@id\":\"https:\/\/www.leeb-balkone.com\/de\/#\/schema\/logo\/image\/\",\"url\":\"https:\/\/www.leeb-balkone.com\/app\/uploads\/2020\/11\/leeb-logo.svg\",\"contentUrl\":\"https:\/\/www.leeb-balkone.com\/app\/uploads\/2020\/11\/leeb-logo.svg\",\"width\":741,\"height\":204,\"caption\":\"Leeb Balkone Gmbh\"},\"image\":{\"@id\":\"https:\/\/www.leeb-balkone.com\/de\/#\/schema\/logo\/image\/\"},\"sameAs\":[\"https:\/\/www.facebook.com\/balkone\/\",\"https:\/\/www.trustedshops.at\/bewertung\/info_X4587CCF5833E31AFE0B11F47D86999F2.html\",\"https:\/\/www.trustedshops.de\/bewertung\/info_X7BA536A7A0BDC86D36C4718E4DCAEEEF.html\",\"https:\/\/www.google.com\/maps\/place\/?q=place_id:ChIJ5-zH19-IcEcR9HonWRTllHI\"]}]}<\/script>\n<!-- \/ Yoast SEO plugin. -->","yoast_head_json":{"title":"Leeb Partner - Leeb Balkone Deutschland","description":"Seit \u00fcber 115\u202fJahren steht Leeb f\u00fcr designstarke Balkone, Z\u00e4une, nachtr\u00e4glichen Balkonanbau und Terrassend\u00e4cher&nbsp;\u201eMade in Austria\u201c&nbsp;und hat sich","robots":{"index":"index","follow":"follow","max-snippet":"max-snippet:-1","max-image-preview":"max-image-preview:large","max-video-preview":"max-video-preview:-1"},"og_locale":"de_DE","og_type":"article","og_title":"Leeb Partner - Leeb Balkone","og_description":"Seit \u00fcber 115\u202fJahren steht Leeb f\u00fcr designstarke Balkone, Z\u00e4une, nachtr\u00e4glichen Balkonanbau und Terrassend\u00e4cher&nbsp;\u201eMade in Austria\u201c&nbsp;und hat sich","og_url":"https:\/\/www.leeb-balkone.com\/de\/leeb-partner\/","og_site_name":"Leeb Balkone","article_publisher":"https:\/\/www.facebook.com\/balkone\/","article_modified_time":"2026-03-22T13:42:28+00:00","og_image":[{"width":2560,"height":1706,"url":"https:\/\/www.leeb-balkone.com\/app\/uploads\/2020\/11\/leeb-balkone-firmengelaende-herbst-scaled.jpg","type":"image\/jpeg"}],"twitter_card":"summary_large_image","schema":{"@context":"https:\/\/schema.org","@graph":[{"@type":"WebPage","@id":"https:\/\/www.leeb-balkone.com\/de\/leeb-partner\/","url":"https:\/\/www.leeb-balkone.com\/de\/leeb-partner\/","name":"Leeb Partner - Leeb Balkone","isPartOf":{"@id":"https:\/\/www.leeb-balkone.com\/de\/#website"},"primaryImageOfPage":{"@id":"https:\/\/www.leeb-balkone.com\/de\/leeb-partner\/#primaryimage"},"image":{"@id":"https:\/\/www.leeb-balkone.com\/de\/leeb-partner\/#primaryimage"},"thumbnailUrl":"https:\/\/www.leeb-balkone.com\/app\/uploads\/2020\/11\/leeb-balkone-firmengelaende-herbst-1024x682.jpg","datePublished":"2025-08-14T13:37:05+00:00","dateModified":"2026-03-22T13:42:28+00:00","description":"Seit \u00fcber 115\u202fJahren steht Leeb f\u00fcr designstarke Balkone, Z\u00e4une, nachtr\u00e4glichen Balkonanbau und Terrassend\u00e4cher&nbsp;\u201eMade in Austria\u201c&nbsp;und hat sich","breadcrumb":{"@id":"https:\/\/www.leeb-balkone.com\/de\/leeb-partner\/#breadcrumb"},"inLanguage":"de","potentialAction":[{"@type":"ReadAction","target":["https:\/\/www.leeb-balkone.com\/de\/leeb-partner\/"]}]},{"@type":"ImageObject","inLanguage":"de","@id":"https:\/\/www.leeb-balkone.com\/de\/leeb-partner\/#primaryimage","url":"https:\/\/www.leeb-balkone.com\/app\/uploads\/2020\/11\/leeb-balkone-firmengelaende-herbst-1024x682.jpg","contentUrl":"https:\/\/www.leeb-balkone.com\/app\/uploads\/2020\/11\/leeb-balkone-firmengelaende-herbst-1024x682.jpg"},{"@type":"BreadcrumbList","@id":"https:\/\/www.leeb-balkone.com\/de\/leeb-partner\/#breadcrumb","itemListElement":[{"@type":"ListItem","position":1,"name":"Home","item":"https:\/\/www.leeb-balkone.com\/de\/"},{"@type":"ListItem","position":2,"name":"Leeb Partner"}]},{"@type":"WebSite","@id":"https:\/\/www.leeb-balkone.com\/de\/#website","url":"https:\/\/www.leeb-balkone.com\/de\/","name":"Leeb Balkone","description":"Balkone und Z\u00e4une","publisher":{"@id":"https:\/\/www.leeb-balkone.com\/de\/#organization"},"potentialAction":[{"@type":"SearchAction","target":{"@type":"EntryPoint","urlTemplate":"https:\/\/www.leeb-balkone.com\/de\/?s={search_term_string}"},"query-input":{"@type":"PropertyValueSpecification","valueRequired":true,"valueName":"search_term_string"}}],"inLanguage":"de"},{"@type":"Organization","@id":"https:\/\/www.leeb-balkone.com\/de\/#organization","name":"Leeb Balkone Gmbh","url":"https:\/\/www.leeb-balkone.com\/de\/","logo":{"@type":"ImageObject","inLanguage":"de","@id":"https:\/\/www.leeb-balkone.com\/de\/#\/schema\/logo\/image\/","url":"https:\/\/www.leeb-balkone.com\/app\/uploads\/2020\/11\/leeb-logo.svg","contentUrl":"https:\/\/www.leeb-balkone.com\/app\/uploads\/2020\/11\/leeb-logo.svg","width":741,"height":204,"caption":"Leeb Balkone Gmbh"},"image":{"@id":"https:\/\/www.leeb-balkone.com\/de\/#\/schema\/logo\/image\/"},"sameAs":["https:\/\/www.facebook.com\/balkone\/","https:\/\/www.trustedshops.at\/bewertung\/info_X4587CCF5833E31AFE0B11F47D86999F2.html","https:\/\/www.trustedshops.de\/bewertung\/info_X7BA536A7A0BDC86D36C4718E4DCAEEEF.html","https:\/\/www.google.com\/maps\/place\/?q=place_id:ChIJ5-zH19-IcEcR9HonWRTllHI"]}]}},"_links":{"self":[{"href":"https:\/\/www.leeb-balkone.com\/de\/wp-json\/wp\/v2\/pages\/152666","targetHints":{"allow":["GET"]}}],"collection":[{"href":"https:\/\/www.leeb-balkone.com\/de\/wp-json\/wp\/v2\/pages"}],"about":[{"href":"https:\/\/www.leeb-balkone.com\/de\/wp-json\/wp\/v2\/types\/page"}],"author":[{"embeddable":true,"href":"https:\/\/www.leeb-balkone.com\/de\/wp-json\/wp\/v2\/users\/12"}],"replies":[{"embeddable":true,"href":"https:\/\/www.leeb-balkone.com\/de\/wp-json\/wp\/v2\/comments?post=152666"}],"version-history":[{"count":9,"href":"https:\/\/www.leeb-balkone.com\/de\/wp-json\/wp\/v2\/pages\/152666\/revisions"}],"predecessor-version":[{"id":166333,"href":"https:\/\/www.leeb-balkone.com\/de\/wp-json\/wp\/v2\/pages\/152666\/revisions\/166333"}],"wp:attachment":[{"href":"https:\/\/www.leeb-balkone.com\/de\/wp-json\/wp\/v2\/media?parent=152666"}],"wp:term":[{"taxonomy":"folder","embeddable":true,"href":"https:\/\/www.leeb-balkone.com\/de\/wp-json\/wp\/v2\/folder?post=152666"}],"curies":[{"name":"wp","href":"https:\/\/api.w.org\/{rel}","templated":true}]}}