{"id":148905,"date":"2025-09-13T14:33:13","date_gmt":"2025-09-13T14:33:13","guid":{"rendered":"https:\/\/www.leeb-balkone.com\/de\/?page_id=148905"},"modified":"2026-05-01T14:02:26","modified_gmt":"2026-05-01T14:02:26","slug":"solar-terrassendach","status":"publish","type":"page","link":"https:\/\/www.leeb-balkone.com\/de\/solar\/solar-terrassendach\/","title":{"rendered":"Solar Terrassendach"},"content":{"rendered":"\n<section class=\"wp-block-group alignfull t3-header t3-header-splitscreen t3-splitscreen-shadow h-zi-20 has-light-gray-background-color has-background has-global-padding is-layout-constrained wp-container-core-group-is-layout-f1ad4950 wp-block-group-is-layout-constrained\" style=\"padding-top:0;padding-bottom:0\">\n<div class=\"wp-block-columns h-flx-a-s m-split is-layout-flex wp-container-core-columns-is-layout-28f84493 wp-block-columns-is-layout-flex\">\n<div class=\"wp-block-column is-vertically-aligned-top h-flx-a-s m-split-col-content is-layout-flow wp-block-column-is-layout-flow\"><div class=\"yoast-breadcrumbs\"><span><span><a href=\"https:\/\/www.leeb-balkone.com\/de\/\">Home<\/a><\/span> \/ <span><a href=\"https:\/\/www.leeb-balkone.com\/de\/solar\/\">Solarprodukte<\/a><\/span> \/ <span class=\"breadcrumb_last\" aria-current=\"page\">Solar Terrassendach<\/span><\/span><\/div>\n\n<h1 class=\"wp-block-post-title\">Solar Terrassendach<\/h1>\n\n\n<p class=\"is-style-default has-step-0-font-size\" style=\"margin-bottom:0\">Das Leeb-Solar-Terrassendach ist eine Aluminium-Terrassen\u00fcberdachung mit vollintegrierten Photovoltaik-Modulen: Sie sch\u00fctzt Ihre Terrasse vor Wind und Wetter und produziert gleichzeitig Strom f\u00fcr den Eigenverbrauch.<\/p>\n\n\n\n<div class=\"wp-block-buttons is-layout-flex wp-block-buttons-is-layout-flex\" style=\"margin-top:var(--wp--preset--spacing--l)\">\n<div class=\"wp-block-button is-style-cta icon-book icon-left\"><a class=\"wp-block-button__link wp-element-button\" href=\"https:\/\/www.leeb-balkone.com\/de\/kontakt\/katalog-anfordern\/\">Katalog anfordern<\/a><\/div>\n\n\n\n<div class=\"wp-block-button is-style-cta icon-vp icon-left\"><a class=\"wp-block-button__link wp-element-button\" href=\"https:\/\/www.leeb-balkone.com\/de\/vertriebspartner\/\">Ansprechpartner finden<span class=\"sr-only\"> Deutschland<\/span><\/a><\/div>\n<\/div>\n<\/div>\n\n\n\n<div class=\"wp-block-column is-vertically-aligned-stretch h-hide-md-down is-style-image-cover is-layout-flow wp-block-column-is-layout-flow\">\n<figure class=\"wp-block-image size-large\"><img loading=\"lazy\" decoding=\"async\" width=\"1024\" height=\"683\" src=\"https:\/\/www.leeb-balkone.com\/app\/uploads\/2020\/07\/Solarueberdachung-als-Sommergarten-Innenansicht-1024x683.jpg\" alt=\"Solarueberdachung als Sommergarten Innenansicht\" class=\"wp-image-147382\" srcset=\"https:\/\/www.leeb-balkone.com\/app\/uploads\/2020\/07\/Solarueberdachung-als-Sommergarten-Innenansicht-1024x683.jpg 1024w, https:\/\/www.leeb-balkone.com\/app\/uploads\/2020\/07\/Solarueberdachung-als-Sommergarten-Innenansicht-300x200.jpg 300w, https:\/\/www.leeb-balkone.com\/app\/uploads\/2020\/07\/Solarueberdachung-als-Sommergarten-Innenansicht-768x512.jpg 768w, https:\/\/www.leeb-balkone.com\/app\/uploads\/2020\/07\/Solarueberdachung-als-Sommergarten-Innenansicht-1536x1024.jpg 1536w, https:\/\/www.leeb-balkone.com\/app\/uploads\/2020\/07\/Solarueberdachung-als-Sommergarten-Innenansicht-2048x1366.jpg 2048w\" sizes=\"auto, (max-width: 1024px) 100vw, 1024px\" \/><\/figure>\n<\/div>\n<\/div>\n<\/section>\n\n\n\n<section class=\"wp-block-group alignfull has-white-background-color has-background has-global-padding is-layout-constrained wp-container-core-group-is-layout-52f96efc wp-block-group-is-layout-constrained\" id=\"modelle\">\n<div class=\"wp-block-group m-teaser o-grid u-md-1 is-layout-flow wp-block-group-is-layout-flow\">\n<div class=\"wp-block-group u-g-9 u-g-s-2 is-layout-flow wp-block-group-is-layout-flow\" style=\"margin-bottom:var(--wp--preset--spacing--s)\">\n<p class=\"has-text-align-left\"><em><strong><strong><strong>Terrassen\u00fcberdachung, die gleichzeitig Strom liefert \u2013 mit vollintegrierten PV-Modulen, statisch berechnet und ma\u00dfgefertigt von Leeb.<\/strong><\/strong><\/strong><\/em><\/p>\n<\/div>\n<\/div>\n\n\n\n<div class=\"wp-block-columns is-layout-flex wp-container-core-columns-is-layout-28f84493 wp-block-columns-is-layout-flex\">\n<div class=\"wp-block-column is-layout-flow wp-block-column-is-layout-flow\" style=\"flex-basis:66.66%\"><div class=\"tgs-gallery\" data-tablet-slides=\"4\" data-desktop-slides=\"5\"><div class=\"t3-tgs swiper mainSlider\">\n                <div class=\"has-icon icon-enlarge\"><\/div>\n                <div class=\"swiper-wrapper lg-swiper\"><div class=\"swiper-slide\"><a href=\"https:\/\/www.leeb-balkone.com\/app\/uploads\/2020\/07\/solar-glas-alu-ueberdachung-21-scaled.jpg\"><img decoding=\"async\" src=\"https:\/\/www.leeb-balkone.com\/app\/uploads\/2020\/07\/solar-glas-alu-ueberdachung-21-scaled.jpg\" alt=\"solar glas alu ueberdachung\"><\/a><div class=\"tgs-desc\">Solar-Terrassendach an der Hausmauer befestigt<\/div><\/div><div class=\"swiper-slide\"><a href=\"https:\/\/www.leeb-balkone.com\/app\/uploads\/2020\/07\/solar-ueberdachung-als-sommergarten-mit-schiebeelemtenen-scaled.jpg\"><img decoding=\"async\" src=\"https:\/\/www.leeb-balkone.com\/app\/uploads\/2020\/07\/solar-ueberdachung-als-sommergarten-mit-schiebeelemtenen-scaled.jpg\" alt=\"solar ueberdachung als sommergarten mit schiebeelemtenen\"><\/a><div class=\"tgs-desc\">Solar-Terrassen\u00fcberdachung als Sommergarten mit Schiebelementen<\/div><\/div><\/div><div class=\"mainSliderPrev\"><\/div><div class=\"mainSliderNext\"><\/div><div class=\"main_slider_dots\"><\/div><\/div><div class=\"swiper thumbSlider\"><div class=\"swiper-wrapper wp-block-t3-carousel-wrapper\"><div class=\"swiper-slide\"><img decoding=\"async\" src=\"https:\/\/www.leeb-balkone.com\/app\/uploads\/2020\/07\/solar-glas-alu-ueberdachung-21-1024x684.jpg\" alt=\"solar glas alu ueberdachung\" \/><\/div><div class=\"swiper-slide\"><img decoding=\"async\" src=\"https:\/\/www.leeb-balkone.com\/app\/uploads\/2020\/07\/solar-ueberdachung-als-sommergarten-mit-schiebeelemtenen-1024x739.jpg\" alt=\"solar ueberdachung als sommergarten mit schiebeelemtenen\" \/><\/div><\/div><div class=\"thumbSliderPrev swiper-button-prev\"><\/div><div class=\"thumbSliderNext swiper-button-next\"><\/div><\/div><\/div><\/div>\n\n\n\n<div class=\"wp-block-column is-layout-flow wp-block-column-is-layout-flow\" style=\"flex-basis:33.33%\">\n<h2 class=\"wp-block-heading has-step-2-font-size\">Terrassen\u00fcberdachung mit vollintegrierten PV-Modulen<\/h2>\n\n\n\n<p>Das Leeb-Solar-Terrassendach verbindet die Funktion einer ma\u00dfgefertigten Terrassen\u00fcberdachung mit einer Photovoltaikanlage in einem Bauteil: Die PV-Module ersetzen die klassische Glaseindeckung und werden zum integralen Teil der Konstruktion.<\/p>\n\n\n\n<ul class=\"wp-block-list is-style-checkmark-2\">\n<li>Vollintegrierte PV-Module<\/li>\n\n\n\n<li>Robuste Aluminium-Konstruktion<\/li>\n\n\n\n<li>Hagelsicher und begehbar<\/li>\n\n\n\n<li>Strom f\u00fcr den Eigenverbrauch<\/li>\n<\/ul>\n<\/div>\n<\/div>\n\n\n\n<div class=\"wp-block-group m-teaser o-grid u-md-1 is-layout-flow wp-block-group-is-layout-flow\" style=\"margin-top:0;padding-top:var(--wp--preset--spacing--xl-2-xl)\">\n<div class=\"wp-block-group u-g-10 u-g-s-2 is-layout-flow wp-block-group-is-layout-flow\" style=\"margin-top:0;margin-bottom:var(--wp--preset--spacing--s)\"><div class=\"wp-block-t3-tabs t3-tabs t3-tabs--centered t3-tabs--use-headings t3-tabs--heading-h3\" data-uniqueid=\"tabs-8f57f258\" data-use-headings=\"true\" data-heading-level=\"h3\"><ul class=\"t3-tabs__list\" role=\"tablist\"><li role=\"presentation\"><button role=\"tab\" id=\"tabs-8f57f258-tab-0\" aria-controls=\"tabs-8f57f258-panel-0\" class=\"t3-tabs__tab-button t3-tabs__tab-button--heading t3-tabs__tab-button--active\" aria-selected=\"true\" tabindex=\"0\"><div class=\"t3-tabs__tab-button-inner\"><span class=\"t3-tabs__tab-title\">Aufbau und Leistung<\/span><\/div><\/button><\/li><li role=\"presentation\"><button role=\"tab\" id=\"tabs-8f57f258-tab-1\" aria-controls=\"tabs-8f57f258-panel-1\" class=\"t3-tabs__tab-button t3-tabs__tab-button--heading\" aria-selected=\"false\" tabindex=\"-1\"><div class=\"t3-tabs__tab-button-inner\"><span class=\"t3-tabs__tab-title\">Technische Besonderheiten<\/span><\/div><\/button><\/li><li role=\"presentation\"><button role=\"tab\" id=\"tabs-8f57f258-tab-2\" aria-controls=\"tabs-8f57f258-panel-2\" class=\"t3-tabs__tab-button t3-tabs__tab-button--heading\" aria-selected=\"false\" tabindex=\"-1\"><div class=\"t3-tabs__tab-button-inner\"><span class=\"t3-tabs__tab-title\">Funktion und Nutzen<\/span><\/div><\/button><\/li><\/ul><div class=\"t3-tabs__panels\"><div class=\"t3-tab__content t3-tabs__panel\" role=\"tabpanel\" id=\"tabs-8f57f258-panel-0\" aria-labelledby=\"tabs-8f57f258-tab-0\"><h3 class=\"sr-only\">Aufbau und Leistung<\/h3>\n<p>Ma\u00dfgefertigte Aluminium-Konstruktion mit vollintegrierter Photovoltaik \u2013 nur in Verbindung mit dem Modell Toscana.<\/p>\n\n\n\n<ul class=\"wp-block-list\">\n<li>Photovoltaik-Module 300 Wp pro Modul, ausgef\u00fchrt als Verbund-Sicherheitsglas<\/li>\n\n\n\n<li>Aluminiumkonstruktion mit ALU COMFORT PLUS\u00ae-Beschichtung<\/li>\n\n\n\n<li>Innenliegende Verkabelung, optisch unsichtbar<\/li>\n\n\n\n<li>Module hagelsicher und f\u00fcr Wartungsarbeiten begehbar<\/li>\n\n\n\n<li>Individuell auf Ihre Terrassengr\u00f6\u00dfe zugeschnitten<\/li>\n<\/ul>\n<\/div><div class=\"t3-tab__content t3-tabs__panel\" role=\"tabpanel\" id=\"tabs-8f57f258-panel-1\" aria-labelledby=\"tabs-8f57f258-tab-1\"><h3 class=\"sr-only\">Technische Besonderheiten<\/h3>\n<p>Aus eigener Produktion:<\/p>\n\n\n\n<ul class=\"wp-block-list\">\n<li>Aluminiumprofile mit ALU COMFORT PLUS\u00ae und Alu Protection System (APS)<\/li>\n\n\n\n<li>Glas-Glas-PV-Module aus Verbund-Sicherheitsglas (eigene Glasfertigung)<\/li>\n\n\n\n<li>Statisch berechnet auf regionale Wind- und Schneelasten, Schneelast bis 6 kN\/m\u00b2 (Toscana)<\/li>\n\n\n\n<li>Zertifiziert nach ISO 9001 und CE-Kennzeichnung EN 1090<\/li>\n<\/ul>\n<\/div><div class=\"t3-tab__content t3-tabs__panel\" role=\"tabpanel\" id=\"tabs-8f57f258-panel-2\" aria-labelledby=\"tabs-8f57f258-tab-2\"><h3 class=\"sr-only\">Funktion und Nutzen<\/h3>\n<div class=\"wp-block-cgb-t3-container-block none\" style=\"background-color:none\"><div class=\"grid-container\"><div class=\"grid-x\"><div class=\"cell small-12 medium-0 large-0\"><\/div><\/div><\/div><\/div>\n\n\n\n<p>Was das Solar-Terrassendach f\u00fcr Sie tut:<\/p>\n\n\n\n<ul class=\"wp-block-list\">\n<li>Sch\u00fctzt Ihre Terrasse vor Regen, Schnee, Hagel und UV-Strahlung<\/li>\n\n\n\n<li>Spendet Schatten und reduziert die Hitze auf der Terrasse im Sommer<\/li>\n\n\n\n<li>Erzeugt Solarstrom f\u00fcr den Eigenverbrauch oder die Einspeisung ins Netz<\/li>\n\n\n\n<li>Senkt Ihre laufenden Energiekosten<\/li>\n<\/ul>\n<\/div><\/div><\/div><\/div>\n<\/div>\n<\/section>\n\n\n\n<section class=\"wp-block-cover alignfull is-light katalog-cta\" style=\"margin-top:0;margin-bottom:0;padding-top:0;padding-right:0;padding-bottom:0;padding-left:0;min-height:100px;aspect-ratio:unset;\" id=\"beratungsanfrage\"><img loading=\"lazy\" decoding=\"async\" width=\"2560\" height=\"1707\" class=\"wp-block-cover__image-background wp-image-152954 size-full\" alt=\"Schauraum Leeb Tettnang Florian Keller\" src=\"https:\/\/www.leeb-balkone.com\/app\/uploads\/2025\/04\/Schauraum-Leeb-Tettnang-Florian-Keller-17-scaled.jpg\" style=\"object-position:41% 45%\" data-object-fit=\"cover\" data-object-position=\"41% 45%\" srcset=\"https:\/\/www.leeb-balkone.com\/app\/uploads\/2025\/04\/Schauraum-Leeb-Tettnang-Florian-Keller-17-scaled.jpg 2560w, https:\/\/www.leeb-balkone.com\/app\/uploads\/2025\/04\/Schauraum-Leeb-Tettnang-Florian-Keller-17-300x200.jpg 300w, https:\/\/www.leeb-balkone.com\/app\/uploads\/2025\/04\/Schauraum-Leeb-Tettnang-Florian-Keller-17-1024x683.jpg 1024w, https:\/\/www.leeb-balkone.com\/app\/uploads\/2025\/04\/Schauraum-Leeb-Tettnang-Florian-Keller-17-768x512.jpg 768w, https:\/\/www.leeb-balkone.com\/app\/uploads\/2025\/04\/Schauraum-Leeb-Tettnang-Florian-Keller-17-1536x1024.jpg 1536w, https:\/\/www.leeb-balkone.com\/app\/uploads\/2025\/04\/Schauraum-Leeb-Tettnang-Florian-Keller-17-2048x1366.jpg 2048w\" sizes=\"auto, (max-width: 2560px) 100vw, 2560px\" \/><span aria-hidden=\"true\" class=\"wp-block-cover__background has-primary-45-background-color has-background-dim-80 has-background-dim\"><\/span><div class=\"wp-block-cover__inner-container has-global-padding is-layout-constrained wp-container-core-cover-is-layout-f028c7bd wp-block-cover-is-layout-constrained\">\n<div class=\"wp-block-group is-layout-flow wp-block-group-is-layout-flow\" style=\"min-height:0px;margin-top:0;margin-bottom:0;padding-top:var(--wp--preset--spacing--2-xl);padding-bottom:var(--wp--preset--spacing--2-xl);padding-left:0\">\n<div class=\"wp-block-columns are-vertically-aligned-center is-layout-flex wp-container-core-columns-is-layout-0a4bbf16 wp-block-columns-is-layout-flex\" style=\"margin-top:0;margin-bottom:0\">\n<div class=\"wp-block-column is-vertically-aligned-center is-layout-flow wp-block-column-is-layout-flow\" style=\"flex-basis:66.66%\">\n<h2 class=\"wp-block-heading\">Beratungstermin anfordern<\/h2>\n\n\n\n<p class=\"is-style-teaser\">Sie haben Fragen? Nehmen Sie mit uns Kontakt auf und nutzen Sie unser Kontaktformular. Fordern Sie jetzt Ihre pers\u00f6nliche Beratung an \u2013 Ihr Ansprechpartner unterst\u00fctzt Sie gerne individuell bei Planung und Umsetzung Ihres Vorhabens!<\/p>\n<\/div>\n\n\n\n<div class=\"wp-block-column is-vertically-aligned-center is-layout-flow wp-block-column-is-layout-flow\" style=\"flex-basis:33.33%\">\n<div class=\"wp-block-buttons u-m-jc-left is-content-justification-right is-layout-flex wp-container-core-buttons-is-layout-c060c6c7 wp-block-buttons-is-layout-flex\">\n<div class=\"wp-block-button is-style-filled-white large smooth-scroll\"><a class=\"wp-block-button__link wp-element-button\" href=\"#beratungstermin\" style=\"box-shadow:var(--wp--preset--shadow--button-shadow)\">Beratungsanfrage<\/a><\/div>\n<\/div>\n<\/div>\n<\/div>\n<\/div>\n<\/div><\/section>\n\n\n\n<section class=\"wp-block-group alignfull has-light-gray-background-color has-background has-global-padding is-layout-constrained wp-container-core-group-is-layout-52f96efc wp-block-group-is-layout-constrained\" id=\"service-qualitaet\">\n<div class=\"wp-block-group o-grid u-md-1 is-layout-flow wp-block-group-is-layout-flow\">\n<div class=\"wp-block-group u-g-9 u-g-s-2 is-layout-flow wp-block-group-is-layout-flow\" style=\"margin-bottom:var(--wp--preset--spacing--s)\">\n<h2 class=\"wp-block-heading\"><strong>Leeb Solar Terrassen\u00fcberdachung<\/strong><\/h2>\n\n\n\n<p><span class=\"teaser\">Mit einer Leeb Solar Terrassen\u00fcberdachung verwandeln Sie Ihre Terrasse in einen gesch\u00fctzten Wohlf\u00fchlbereich und nutzen gleichzeitig die Dachfl\u00e4che zur effizienten Stromerzeugung.<\/span><\/p>\n<\/div>\n<\/div>\n\n\n\n<div class=\"wp-block-group small is-style-white-cards sm-2-cols is-layout-grid wp-container-core-group-is-layout-7785d981 wp-block-group-is-layout-grid\">\n<div class=\"wp-block-group m-card has-modal is-layout-flow wp-container-core-group-is-layout-8a368f38 wp-block-group-is-layout-flow\" data-modal-id=\"150960\">\n<figure class=\"wp-block-image size-full\"><img loading=\"lazy\" decoding=\"async\" width=\"2560\" height=\"1707\" src=\"https:\/\/www.leeb-balkone.com\/app\/uploads\/2020\/07\/solarbalkon-optimus-innenansicht-der-pv-paneele-scaled.jpg\" alt=\"solarbalkon optimus innenansicht der pv paneele\" class=\"wp-image-141781\" srcset=\"https:\/\/www.leeb-balkone.com\/app\/uploads\/2020\/07\/solarbalkon-optimus-innenansicht-der-pv-paneele-scaled.jpg 2560w, https:\/\/www.leeb-balkone.com\/app\/uploads\/2020\/07\/solarbalkon-optimus-innenansicht-der-pv-paneele-300x200.jpg 300w, https:\/\/www.leeb-balkone.com\/app\/uploads\/2020\/07\/solarbalkon-optimus-innenansicht-der-pv-paneele-1024x683.jpg 1024w, https:\/\/www.leeb-balkone.com\/app\/uploads\/2020\/07\/solarbalkon-optimus-innenansicht-der-pv-paneele-768x512.jpg 768w, https:\/\/www.leeb-balkone.com\/app\/uploads\/2020\/07\/solarbalkon-optimus-innenansicht-der-pv-paneele-1536x1024.jpg 1536w, https:\/\/www.leeb-balkone.com\/app\/uploads\/2020\/07\/solarbalkon-optimus-innenansicht-der-pv-paneele-2048x1366.jpg 2048w\" sizes=\"auto, (max-width: 2560px) 100vw, 2560px\" \/><\/figure>\n\n\n\n<div class=\"wp-block-group m-card-content has-white-background-color has-background is-vertical is-layout-flex wp-container-core-group-is-layout-5580f018 wp-block-group-is-layout-flex\">\n<h3 class=\"wp-block-heading\"><strong>Solar-L\u00f6sungen f\u00fcr Gel\u00e4nder und D\u00e4cher<\/strong><\/h3>\n\n\n\n<p>Vollintegrierte, hocheffektive PV-Module in unseren Solarprodukten.<\/p>\n<\/div>\n<a href=\"#overlay-150960\" class=\"open-modal-link\" aria-label=\"Open modal\"><span class=\"sr-only\">\u00d6ffne Modal<\/span><\/a><\/div>\n\n\n\n<div class=\"wp-block-group m-card has-modal is-layout-flow wp-container-core-group-is-layout-8a368f38 wp-block-group-is-layout-flow\" data-modal-id=\"150749\">\n<figure class=\"wp-block-image size-large is-style-default\"><img loading=\"lazy\" decoding=\"async\" width=\"1024\" height=\"767\" src=\"https:\/\/www.leeb-balkone.com\/app\/uploads\/2020\/08\/leeb-balkone-mitarbeiter-4-1024x767.jpeg\" alt=\"Montieren eines Leeb Alu-Balkongel\u00e4nders nach Ma\u00df\" class=\"wp-image-6083\" srcset=\"https:\/\/www.leeb-balkone.com\/app\/uploads\/2020\/08\/leeb-balkone-mitarbeiter-4-1024x767.jpeg 1024w, https:\/\/www.leeb-balkone.com\/app\/uploads\/2020\/08\/leeb-balkone-mitarbeiter-4-2048x1535.jpeg 2048w, https:\/\/www.leeb-balkone.com\/app\/uploads\/2020\/08\/leeb-balkone-mitarbeiter-4-300x225.jpeg 300w, https:\/\/www.leeb-balkone.com\/app\/uploads\/2020\/08\/leeb-balkone-mitarbeiter-4-768x575.jpeg 768w, https:\/\/www.leeb-balkone.com\/app\/uploads\/2020\/08\/leeb-balkone-mitarbeiter-4-1536x1151.jpeg 1536w\" sizes=\"auto, (max-width: 1024px) 100vw, 1024px\" \/><\/figure>\n\n\n\n<div class=\"wp-block-group m-card-content has-white-background-color has-background is-vertical is-layout-flex wp-container-core-group-is-layout-5580f018 wp-block-group-is-layout-flex\">\n<h3 class=\"wp-block-heading\">Rundum Service f\u00fcr sorglose Umsetzung!<\/h3>\n\n\n\n<p>Beratungsservice vor Ort, 3D-Konfigurator, Werksfertigung, Lieferung und Montage.<\/p>\n<\/div>\n<a href=\"#overlay-150749\" class=\"open-modal-link\" aria-label=\"Open modal\"><span class=\"sr-only\">\u00d6ffne Modal<\/span><\/a><\/div>\n\n\n\n<div class=\"wp-block-group m-card has-modal is-layout-flow wp-container-core-group-is-layout-8a368f38 wp-block-group-is-layout-flow\" data-modal-id=\"150746\">\n<figure class=\"wp-block-image size-full\"><img loading=\"lazy\" decoding=\"async\" width=\"2048\" height=\"1366\" src=\"https:\/\/www.leeb-balkone.com\/app\/uploads\/2022\/05\/glas-bearbeitung-zuschnitt--scaled.jpg\" alt=\"glas bearbeitung zuschnitt \" class=\"wp-image-83644\" srcset=\"https:\/\/www.leeb-balkone.com\/app\/uploads\/2022\/05\/glas-bearbeitung-zuschnitt--scaled.jpg 2048w, https:\/\/www.leeb-balkone.com\/app\/uploads\/2022\/05\/glas-bearbeitung-zuschnitt--300x200.jpg 300w, https:\/\/www.leeb-balkone.com\/app\/uploads\/2022\/05\/glas-bearbeitung-zuschnitt--1024x683.jpg 1024w, https:\/\/www.leeb-balkone.com\/app\/uploads\/2022\/05\/glas-bearbeitung-zuschnitt--768x512.jpg 768w, https:\/\/www.leeb-balkone.com\/app\/uploads\/2022\/05\/glas-bearbeitung-zuschnitt--1536x1024.jpg 1536w\" sizes=\"auto, (max-width: 2048px) 100vw, 2048px\" \/><\/figure>\n\n\n\n<div class=\"wp-block-group m-card-content has-white-background-color has-background is-vertical is-layout-flex wp-container-core-group-is-layout-5580f018 wp-block-group-is-layout-flex\">\n<h3 class=\"wp-block-heading\"><strong>Verbundsicherheitsglas in Premium Qualit\u00e4t<\/strong><\/h3>\n\n\n\n<p>Gepr\u00fcfte Sicherheit, innovative Designs und langlebige Qualit\u00e4t nach Ma\u00df mit Leeb Glas.<\/p>\n<\/div>\n<a href=\"#overlay-150746\" class=\"open-modal-link\" aria-label=\"Open modal\"><span class=\"sr-only\">\u00d6ffne Modal<\/span><\/a><\/div>\n\n\n\n<div class=\"wp-block-group m-card has-modal is-layout-flow wp-container-core-group-is-layout-8a368f38 wp-block-group-is-layout-flow\" data-modal-id=\"150753\">\n<figure class=\"wp-block-image size-large\"><img loading=\"lazy\" decoding=\"async\" width=\"1024\" height=\"665\" src=\"https:\/\/www.leeb-balkone.com\/app\/uploads\/2020\/08\/alu-comfort-plus-1024x665.jpg\" alt=\"alu comfort plus\" class=\"wp-image-5082\" srcset=\"https:\/\/www.leeb-balkone.com\/app\/uploads\/2020\/08\/alu-comfort-plus-1024x665.jpg 1024w, https:\/\/www.leeb-balkone.com\/app\/uploads\/2020\/08\/alu-comfort-plus-300x195.jpg 300w, https:\/\/www.leeb-balkone.com\/app\/uploads\/2020\/08\/alu-comfort-plus-768x499.jpg 768w, https:\/\/www.leeb-balkone.com\/app\/uploads\/2020\/08\/alu-comfort-plus-1536x997.jpg 1536w, https:\/\/www.leeb-balkone.com\/app\/uploads\/2020\/08\/alu-comfort-plus-2048x1330.jpg 2048w\" sizes=\"auto, (max-width: 1024px) 100vw, 1024px\" \/><\/figure>\n\n\n\n<div class=\"wp-block-group m-card-content has-white-background-color has-background is-vertical is-layout-flex wp-container-core-group-is-layout-5580f018 wp-block-group-is-layout-flex\">\n<h3 class=\"wp-block-heading\">Langzeitschutz durch ALU Comfort Plus\u00ae<\/h3>\n\n\n\n<p>Patentierte Beschichtung und Verarbeitung von Aluminium auf h\u00f6chstem Niveau.<\/p>\n<\/div>\n<a href=\"#overlay-150753\" class=\"open-modal-link\" aria-label=\"Open modal\"><span class=\"sr-only\">\u00d6ffne Modal<\/span><\/a><\/div>\n<\/div>\n\n\n\n<div class=\"wp-block-group o-grid u-md-1 is-layout-flow wp-block-group-is-layout-flow\" style=\"padding-top:var(--wp--preset--spacing--l)\">\n<div class=\"wp-block-group u-g-9 u-g-s-2 is-layout-flow wp-block-group-is-layout-flow\" style=\"margin-bottom:var(--wp--preset--spacing--s)\">\n<h3 class=\"wp-block-heading\">Vorteile im \u00dcberblick<\/h3>\n\n\n\n<p>Die St\u00e4rken des Leeb-Solar-Terrassendachs in K\u00fcrze:<\/p>\n\n\n\n<ul class=\"wp-block-list is-style-checkmark-2\">\n<li><strong>Vollintegrierte PV-Module<\/strong> \u2013 ein Bauteil statt Terrassendach plus nachtr\u00e4glich montierter PV-Anlage; mit 300 Wp pro Modul.<\/li>\n\n\n\n<li><strong>Hagelsicher und begehbar<\/strong> \u2013 Glas-Glas-Module aus Verbund-Sicherheitsglas, f\u00fcr Wartung gangbar.<\/li>\n\n\n\n<li><strong>Nahezu wartungsfrei<\/strong> \u2013 ALU COMFORT PLUS\u00ae-Beschichtung mit Lotus-Effekt; meist reicht Regen zur Reinigung.<\/li>\n\n\n\n<li><strong>Versteckte Verkabelung<\/strong> \u2013 innenliegend in den Tr\u00e4gerprofilen gef\u00fchrt, optisch unsichtbar.<\/li>\n\n\n\n<li><strong>Aus einer Hand<\/strong> \u2013 Beratung, Ma\u00dffertigung, Lieferung, Montage.<br><\/li>\n<\/ul>\n<\/div>\n<\/div>\n<\/section>\n\n\n\n<section class=\"wp-block-cover alignfull is-light katalog-cta\" style=\"margin-top:0;margin-bottom:0;padding-top:0;padding-right:0;padding-bottom:0;padding-left:0;min-height:100px;aspect-ratio:unset;\"><img loading=\"lazy\" decoding=\"async\" width=\"1920\" height=\"599\" class=\"wp-block-cover__image-background wp-image-7912 size-full\" alt=\"leeb balkone katalog anfordern\" src=\"https:\/\/www.leeb-balkone.com\/app\/uploads\/2020\/09\/leeb-balkone-katalog-anfordern-1.jpeg\" data-object-fit=\"cover\" srcset=\"https:\/\/www.leeb-balkone.com\/app\/uploads\/2020\/09\/leeb-balkone-katalog-anfordern-1-300x94.jpeg 300w, https:\/\/www.leeb-balkone.com\/app\/uploads\/2020\/09\/leeb-balkone-katalog-anfordern-1-1024x319.jpeg 1024w, https:\/\/www.leeb-balkone.com\/app\/uploads\/2020\/09\/leeb-balkone-katalog-anfordern-1-768x240.jpeg 768w, https:\/\/www.leeb-balkone.com\/app\/uploads\/2020\/09\/leeb-balkone-katalog-anfordern-1-1536x479.jpeg 1536w\" sizes=\"auto, (max-width: 1920px) 100vw, 1920px\" \/><span aria-hidden=\"true\" class=\"wp-block-cover__background has-primary-45-background-color has-background-dim-80 has-background-dim\"><\/span><div class=\"wp-block-cover__inner-container has-global-padding is-layout-constrained wp-container-core-cover-is-layout-fc5783d2 wp-block-cover-is-layout-constrained\">\n<div class=\"wp-block-group is-layout-flow wp-block-group-is-layout-flow\" style=\"min-height:0px;margin-top:0;margin-bottom:0;padding-top:var(--wp--preset--spacing--2-xl);padding-bottom:var(--wp--preset--spacing--2-xl);padding-left:0\">\n<div class=\"wp-block-columns are-vertically-aligned-center is-layout-flex wp-container-core-columns-is-layout-0a4bbf16 wp-block-columns-is-layout-flex\" style=\"margin-top:0;margin-bottom:0\">\n<div class=\"wp-block-column is-vertically-aligned-center is-layout-flow wp-block-column-is-layout-flow\" style=\"flex-basis:66.66%\">\n<h2 class=\"wp-block-heading\">Solar Terrassendach im Katalog<\/h2>\n\n\n\n<p class=\"is-style-teaser\"><span class=\"teaser\">Alle Module, Gr\u00f6\u00dfen und technischen Details im \u00dcberblick. Jetzt kostenlos bestellen.<\/span><\/p>\n<\/div>\n\n\n\n<div class=\"wp-block-column is-vertically-aligned-center is-layout-flow wp-block-column-is-layout-flow\" style=\"flex-basis:33.33%\">\n<div class=\"wp-block-buttons u-m-jc-left is-content-justification-right is-layout-flex wp-container-core-buttons-is-layout-c060c6c7 wp-block-buttons-is-layout-flex\">\n<div class=\"wp-block-button is-style-filled-white large\"><a class=\"wp-block-button__link wp-element-button\" href=\"https:\/\/www.leeb-balkone.com\/de\/kontakt\/katalog-anfordern\/\" style=\"box-shadow:var(--wp--preset--shadow--button-shadow)\">Jetzt Katalog bestellen<\/a><\/div>\n<\/div>\n<\/div>\n<\/div>\n<\/div>\n<\/div><\/section>\n\n\n\n<section class=\"wp-block-group alignfull has-white-background-color has-background has-global-padding is-layout-constrained wp-container-core-group-is-layout-52f96efc wp-block-group-is-layout-constrained\">\n<div class=\"wp-block-group o-grid u-md-1 is-layout-flow wp-block-group-is-layout-flow\" style=\"padding-top:0\">\n<div class=\"wp-block-group u-g-9 u-g-s-2 is-layout-flow wp-block-group-is-layout-flow\" style=\"margin-bottom:var(--wp--preset--spacing--s)\">\n<h2 class=\"wp-block-heading\">Warum Solar Terrassendach von Leeb?<\/h2>\n\n\n\n<p class=\"is-style-teaser\"><span class=\"teaser\">Vollintegriert statt nachger\u00fcstet, ma\u00dfgefertigt statt von der Stange.<\/span><\/p>\n<\/div>\n<\/div>\n\n\n\n<div class=\"wp-block-group is-layout-flow wp-container-core-group-is-layout-d5075d26 wp-block-group-is-layout-flow\">\n<div class=\"wp-block-columns is-style-shadow m-split is-layout-flex wp-container-core-columns-is-layout-28f84493 wp-block-columns-is-layout-flex\">\n<div class=\"wp-block-column is-style-default is-layout-flow wp-block-column-is-layout-flow\">\n<figure class=\"wp-block-image size-large\"><img loading=\"lazy\" decoding=\"async\" width=\"1024\" height=\"684\" src=\"https:\/\/www.leeb-balkone.com\/app\/uploads\/2020\/07\/solar-glas-alu-ueberdachung-20-1024x684.jpg\" alt=\"solar glas alu ueberdachung\" class=\"wp-image-139717\" style=\"aspect-ratio:4\/3;object-fit:cover\" srcset=\"https:\/\/www.leeb-balkone.com\/app\/uploads\/2020\/07\/solar-glas-alu-ueberdachung-20-1024x684.jpg 1024w, https:\/\/www.leeb-balkone.com\/app\/uploads\/2020\/07\/solar-glas-alu-ueberdachung-20-300x200.jpg 300w, https:\/\/www.leeb-balkone.com\/app\/uploads\/2020\/07\/solar-glas-alu-ueberdachung-20-768x513.jpg 768w, https:\/\/www.leeb-balkone.com\/app\/uploads\/2020\/07\/solar-glas-alu-ueberdachung-20-1536x1025.jpg 1536w, https:\/\/www.leeb-balkone.com\/app\/uploads\/2020\/07\/solar-glas-alu-ueberdachung-20-2048x1367.jpg 2048w\" sizes=\"auto, (max-width: 1024px) 100vw, 1024px\" \/><\/figure>\n<\/div>\n\n\n\n<div class=\"wp-block-column is-vertically-aligned-center is-style-overlay-content is-layout-flow wp-block-column-is-layout-flow\">\n<div class=\"wp-block-group is-vertical is-layout-flex wp-container-core-group-is-layout-6aed0e10 wp-block-group-is-layout-flex\">\n<h3 class=\"wp-block-heading\"><strong>Robust und sicher<\/strong><\/h3>\n\n\n\n<p>Die PV-Module sind als Glas-Glas-Konstruktion aus Verbund-Sicherheitsglas gefertigt und halten Hagel und Schneelast stand \u2013 sie sind sogar begehbar und damit wartungsfreundlich. Die Aluminium-Konstruktion ist statisch auf regionale Wind- und Schneelasten ausgelegt, mit der Toscana sind Schneelasten bis 6 kN\/m\u00b2 m\u00f6glich. Beides sorgt f\u00fcr eine PV-Anlage, die genauso lange h\u00e4lt wie das Terrassendach selbst.<\/p>\n\n\n<\/div>\n<\/div>\n<\/div>\n\n\n\n<div class=\"wp-block-columns is-style-shadow m-split m-split-reverse is-layout-flex wp-container-core-columns-is-layout-28f84493 wp-block-columns-is-layout-flex\">\n<div class=\"wp-block-column is-style-default is-layout-flow wp-block-column-is-layout-flow\">\n<figure class=\"wp-block-image size-large\"><img loading=\"lazy\" decoding=\"async\" width=\"1024\" height=\"684\" src=\"https:\/\/www.leeb-balkone.com\/app\/uploads\/2020\/07\/solar-glas-alu-ueberdachung-22-1024x684.jpg\" alt=\"solar glas alu ueberdachung\" class=\"wp-image-139727\" style=\"aspect-ratio:4\/3;object-fit:cover\" srcset=\"https:\/\/www.leeb-balkone.com\/app\/uploads\/2020\/07\/solar-glas-alu-ueberdachung-22-1024x684.jpg 1024w, https:\/\/www.leeb-balkone.com\/app\/uploads\/2020\/07\/solar-glas-alu-ueberdachung-22-300x200.jpg 300w, https:\/\/www.leeb-balkone.com\/app\/uploads\/2020\/07\/solar-glas-alu-ueberdachung-22-768x513.jpg 768w, https:\/\/www.leeb-balkone.com\/app\/uploads\/2020\/07\/solar-glas-alu-ueberdachung-22-1536x1025.jpg 1536w, https:\/\/www.leeb-balkone.com\/app\/uploads\/2020\/07\/solar-glas-alu-ueberdachung-22-2048x1367.jpg 2048w\" sizes=\"auto, (max-width: 1024px) 100vw, 1024px\" \/><\/figure>\n<\/div>\n\n\n\n<div class=\"wp-block-column is-vertically-aligned-center is-style-overlay-content is-layout-flow wp-block-column-is-layout-flow\">\n<div class=\"wp-block-group is-vertical is-layout-flex wp-container-core-group-is-layout-6aed0e10 wp-block-group-is-layout-flex\">\n<h3 class=\"wp-block-heading\">Effizient und nachhaltig<\/h3>\n\n\n\n<p>Jede Kilowattstunde, die Ihr Solar-Terrassendach erzeugt, m\u00fcssen Sie nicht aus dem Netz beziehen \u2013 das senkt Ihre Stromkosten Tag f\u00fcr Tag, mit jedem Sonnenschein. Da die Konstruktion auf Jahrzehnte ausgelegt ist und nahezu keine Wartung braucht, addieren sich diese Einsparungen \u00fcber die Lebensdauer der Anlage zu einem substanziellen Betrag.<\/p>\n<\/div>\n<\/div>\n<\/div>\n\n\n<\/div>\n<\/section>\n\n\n\n<section class=\"wp-block-group alignfull has-light-gray-background-color has-background has-global-padding is-layout-constrained wp-container-core-group-is-layout-52f96efc wp-block-group-is-layout-constrained\">\n<div class=\"wp-block-group o-grid u-md-1 is-layout-flow wp-block-group-is-layout-flow\" style=\"padding-top:0\">\n<div class=\"wp-block-group u-g-9 u-g-s-2 is-layout-flow wp-block-group-is-layout-flow\" style=\"margin-bottom:var(--wp--preset--spacing--s)\">\n<h2 class=\"wp-block-heading\">H\u00e4ufig gestellte Fragen<\/h2>\n\n\n\n<p class=\"is-style-teaser\" style=\"padding-bottom:var(--wp--preset--spacing--m)\">Sie haben allgemeine Fragen rund um unsere Carports? In unseren FAQ finden Sie kompakte Antworten zu h\u00e4ufigen Themen rund um den Carport.<\/p>\n\n\n\n<div class=\"wp-block-t3-acc-accordion is-style-default\"><button id=\"accordion-39d49ee1-c227-4e52-912c-148fd03b28f7-button\" class=\"accordion__button\" aria-expanded=\"false\" aria-controls=\"accordion-39d49ee1-c227-4e52-912c-148fd03b28f7-panel\"><h3 data-accordion-title=\"true\" style=\"font-size:var(--step-1)\"><strong><strong><strong>Was ist der Unterschied zwischen einem Solar-Terrassendach und einer Terrassen\u00fcberdachung mit nachger\u00fcsteten PV-Modulen?<\/strong><\/strong><\/strong><\/h3><\/button><div id=\"accordion-39d49ee1-c227-4e52-912c-148fd03b28f7-panel\" class=\"accordion__panel\" role=\"region\" aria-labelledby=\"accordion-39d49ee1-c227-4e52-912c-148fd03b28f7-button\">\n<p>Bei einem Solar-Terrassendach sind die Photovoltaik-Module <strong>integraler Bestandteil der Konstruktion<\/strong> \u2013 sie ersetzen die klassische Glaseindeckung, sind statisch eingerechnet und werden gemeinsam mit der \u00dcberdachung geplant und montiert. Bei einer Terrassen\u00fcberdachung mit nachger\u00fcsteten PV-Modulen wird zuerst die \u00dcberdachung gebaut, dann eine separate Solaranlage darauf montiert. Vorteile der integrierten L\u00f6sung: einheitliche Optik (keine sichtbaren Aufst\u00e4nderungen), bessere Statik, k\u00fcrzere Bauzeit. Beim Leeb-Solar-Terrassendach sind die Module als Glas-Glas-Konstruktion aus Verbund-Sicherheitsglas in die Aluminium-Konstruktion eingelassen; die Verkabelung l\u00e4uft unsichtbar im Tr\u00e4gerprofil.<\/p>\n<\/div><\/div>\n\n\n\n<div class=\"wp-block-t3-acc-accordion is-style-default\"><button id=\"accordion-6e0338a4-e828-4fef-bb13-b9c1d075fd68-button\" class=\"accordion__button\" aria-expanded=\"false\" aria-controls=\"accordion-6e0338a4-e828-4fef-bb13-b9c1d075fd68-panel\"><h3 data-accordion-title=\"true\" style=\"font-size:var(--step-1)\"><strong><strong><strong><strong>Welches Terrassendach kann mit PV-Modulen ausgestattet werden?<\/strong><\/strong><\/strong><\/strong><\/h3><\/button><div id=\"accordion-6e0338a4-e828-4fef-bb13-b9c1d075fd68-panel\" class=\"accordion__panel\" role=\"region\" aria-labelledby=\"accordion-6e0338a4-e828-4fef-bb13-b9c1d075fd68-button\">\n<p>Photovoltaik-Module sind ausschlie\u00dflich in Verbindung mit dem Modell <strong>Toscana<\/strong> m\u00f6glich \u2013 wegen der h\u00f6heren Tragf\u00e4higkeit (Schneelast bis 6 kN\/m\u00b2) und der konstruktiven Eignung. Die Modelle <strong>Amalfi<\/strong> und <strong>Dolomiti<\/strong> sind aktuell nicht f\u00fcr die Solar-Eindeckung vorgesehen. Wenn Sie ein Solar-Terrassendach planen, planen Sie also gleichzeitig ein Toscana-Dach \u2013 Ihr Leeb-Berater stimmt Gr\u00f6\u00dfe, Modulanzahl und Ausrichtung mit Ihnen ab.<\/p>\n<\/div><\/div>\n\n\n\n<div class=\"wp-block-t3-acc-accordion is-style-default\"><button id=\"accordion-883e57af-59ae-46ea-b00e-ea9410d15170-button\" class=\"accordion__button\" aria-expanded=\"false\" aria-controls=\"accordion-883e57af-59ae-46ea-b00e-ea9410d15170-panel\"><h3 data-accordion-title=\"true\" style=\"font-size:var(--step-1)\"><strong><strong><strong><strong><strong><strong>Wie viel Strom liefert ein Leeb-Solar-Terrassendach?<\/strong><\/strong><\/strong><\/strong><\/strong><\/strong><\/h3><\/button><div id=\"accordion-883e57af-59ae-46ea-b00e-ea9410d15170-panel\" class=\"accordion__panel\" role=\"region\" aria-labelledby=\"accordion-883e57af-59ae-46ea-b00e-ea9410d15170-button\">\n<p>Die Photovoltaik-Module liefern jeweils 300 Wp Spitzenleistung; die Gesamtleistung Ihres Solar-Terrassendachs h\u00e4ngt von der Dachfl\u00e4che ab und damit von der Anzahl der Module, die Platz finden. Eine typische Terrasse mit 20 bis 30 m\u00b2 \u00fcberdachter Fl\u00e4che kommt auf etwa 4 bis 6 kWp. Damit l\u00e4sst sich ein erheblicher Teil des Strombedarfs eines Einfamilienhauses decken. Welche Konfiguration f\u00fcr Sie sinnvoll ist, kl\u00e4rt Ihr Leeb-Berater anhand von Standort, Verbrauchsprofil und Dachausrichtung.<\/p>\n<\/div><\/div>\n\n\n\n<div class=\"wp-block-t3-acc-accordion is-style-default\"><button id=\"accordion-8c1ff5af-37fb-4b34-b0aa-607b10a2eeca-button\" class=\"accordion__button\" aria-expanded=\"false\" aria-controls=\"accordion-8c1ff5af-37fb-4b34-b0aa-607b10a2eeca-panel\"><h3 data-accordion-title=\"true\" style=\"font-size:var(--step-1)\"><strong><strong><strong><strong><strong>Was kostet ein Leeb-Solar-Terrassendach?<\/strong><\/strong><\/strong><\/strong><\/strong><\/h3><\/button><div id=\"accordion-8c1ff5af-37fb-4b34-b0aa-607b10a2eeca-panel\" class=\"accordion__panel\" role=\"region\" aria-labelledby=\"accordion-8c1ff5af-37fb-4b34-b0aa-607b10a2eeca-button\">\n<p>Ein Leeb-Solar-Terrassendach ist Ma\u00dfarbeit aus \u00f6sterreichischer Fertigung \u2013 seit vier Generationen entwickelt und hergestellt im Werk in Gnesau\/K\u00e4rnten, statisch berechnet und f\u00fcr Jahrzehnte ausgelegt. Aufgrund der vollintegrierten PV-Module liegt der Preis \u00fcber einer Toscana mit Standardeindeckung (Glas oder Sandwichpaneele) gleicher Gr\u00f6\u00dfe; gegen\u00fcber der Kombination aus Standard-Toscana und nachtr\u00e4glich montierter PV-Anlage kann er je nach Konfiguration vergleichbar oder g\u00fcnstiger sein, mit dem Vorteil der einheitlichen Optik und Garantieabwicklung aus einer Hand. Den genauen Preis ermittelt Ihr Leeb-Berater nach einer kostenlosen Vor-Ort-Beratung.<\/p>\n<\/div><\/div>\n\n\n\n<div class=\"wp-block-t3-acc-accordion is-style-default\"><button id=\"accordion-ec324b4a-cd83-49a0-a67d-c500b9fe1e0e-button\" class=\"accordion__button\" aria-expanded=\"false\" aria-controls=\"accordion-ec324b4a-cd83-49a0-a67d-c500b9fe1e0e-panel\"><h3 data-accordion-title=\"true\" style=\"font-size:var(--step-1)\"><strong><strong><strong><strong><strong><strong>Brauche ich f\u00fcr ein Solar-Terrassendach eine Baugenehmigung?<\/strong><\/strong><\/strong><\/strong><\/strong><\/strong><\/h3><\/button><div id=\"accordion-ec324b4a-cd83-49a0-a67d-c500b9fe1e0e-panel\" class=\"accordion__panel\" role=\"region\" aria-labelledby=\"accordion-ec324b4a-cd83-49a0-a67d-c500b9fe1e0e-button\">\n<p>Ein Solar-Terrassendach gilt baurechtlich in der Regel wie eine normale Terrassen\u00fcberdachung \u2013 die Frage der Genehmigungspflicht h\u00e4ngt von Ihrer Region ab, nicht von den PV-Modulen. Ma\u00dfgeblich sind meist die \u00fcberdachte Fl\u00e4che, die H\u00f6he und der Abstand zur Grundst\u00fccksgrenze; die Vorgaben unterscheiden sich von Land zu Land und oft auch innerhalb eines Landes. Hinzu kommt die elektrotechnische Komponente: Anlagen ab einer bestimmten Leistung m\u00fcssen beim \u00f6rtlichen Netzbetreiber angemeldet werden, gr\u00f6\u00dfere Anlagen erfordern die Inbetriebnahme durch einen Elektriker. Leeb realisiert Solar-Terrassend\u00e4cher in \u00d6sterreich, Deutschland, der Schweiz, Italien und Slowenien und kennt die regionalen Unterschiede; Ihr Leeb-Berater begleitet Sie durch beide Verfahren \u2013 Bau und Stromanmeldung.<\/p>\n<\/div><\/div>\n<\/div>\n<\/div>\n<\/section>\n\n\n\n<section class=\"wp-block-group alignfull has-white-background-color has-background has-global-padding is-layout-constrained wp-container-core-group-is-layout-52f96efc wp-block-group-is-layout-constrained\">\n<div class=\"wp-block-group o-grid u-md-1 is-layout-flow wp-block-group-is-layout-flow\" style=\"padding-top:0\">\n<div class=\"wp-block-group u-g-9 u-g-s-2 is-layout-flow wp-block-group-is-layout-flow\">\n<h2 class=\"wp-block-heading\">Solar Terrassen\u00fcberdachung Impressionen<\/h2>\n\n\n\n<p><span class=\"teaser\"><span class=\"teaser\">Lassen Sie sich von den Gestaltungsm\u00f6glichkeiten unserer Terrassen\u00fcberdachungen mit vollintegrierten PV-Modulen inspirieren.<\/span><\/span><\/p>\n<\/div>\n<\/div>\n\n\n    <div id=\"t3-lg-block-1\" class=\"wp-block-t3-lightgallery\" data-initial-count=\"9\">\n      <div class=\"lg-container u-grid-temp has-3-cols\">\n                  <div class=\"lg-item\" data-src=\"https:\/\/www.leeb-balkone.com\/app\/uploads\/2020\/07\/Solarueberdachung-als-Sommergarten-Innenansicht-scaled.jpg\"\n              data-sub-html=\"&lt;p&gt;Solar\u00fcberdachung als Sommergarten&lt;\/p&gt;\">\n            <div class=\"img-wrapper\">\n                <figure>\n                    <img loading=\"lazy\" decoding=\"async\" width=\"300\" height=\"200\" src=\"https:\/\/www.leeb-balkone.com\/app\/uploads\/2020\/07\/Solarueberdachung-als-Sommergarten-Innenansicht-300x200.jpg\" class=\"attachment-medium size-medium\" alt=\"Solarueberdachung als Sommergarten Innenansicht\" srcset=\"https:\/\/www.leeb-balkone.com\/app\/uploads\/2020\/07\/Solarueberdachung-als-Sommergarten-Innenansicht-300x200.jpg 300w, https:\/\/www.leeb-balkone.com\/app\/uploads\/2020\/07\/Solarueberdachung-als-Sommergarten-Innenansicht-1024x683.jpg 1024w, https:\/\/www.leeb-balkone.com\/app\/uploads\/2020\/07\/Solarueberdachung-als-Sommergarten-Innenansicht-768x512.jpg 768w, https:\/\/www.leeb-balkone.com\/app\/uploads\/2020\/07\/Solarueberdachung-als-Sommergarten-Innenansicht-1536x1024.jpg 1536w, https:\/\/www.leeb-balkone.com\/app\/uploads\/2020\/07\/Solarueberdachung-als-Sommergarten-Innenansicht-2048x1366.jpg 2048w\" sizes=\"auto, (min-width: 1200px) 260px, (min-width: 1024px) 220px, (min-width: 640px) 465px, 768px\" \/>    \n                <\/figure>\n                        <\/div>\n            <p>Solar\u00fcberdachung als Sommergarten<\/p>        <\/div>\n                  <div class=\"lg-item\" data-src=\"https:\/\/www.leeb-balkone.com\/app\/uploads\/2020\/07\/solar-ueberdachung-als-sommergarten-mit-schiebeelemtenen-scaled.jpg\"\n              data-sub-html=\"&lt;p&gt;Solar-Terrassen\u00fcberdachung als Sommergarten mit Schiebelementen&lt;\/p&gt;\">\n            <div class=\"img-wrapper\">\n                <figure>\n                    <img loading=\"lazy\" decoding=\"async\" width=\"300\" height=\"216\" src=\"https:\/\/www.leeb-balkone.com\/app\/uploads\/2020\/07\/solar-ueberdachung-als-sommergarten-mit-schiebeelemtenen-300x216.jpg\" class=\"attachment-medium size-medium\" alt=\"solar ueberdachung als sommergarten mit schiebeelemtenen\" srcset=\"https:\/\/www.leeb-balkone.com\/app\/uploads\/2020\/07\/solar-ueberdachung-als-sommergarten-mit-schiebeelemtenen-300x216.jpg 300w, https:\/\/www.leeb-balkone.com\/app\/uploads\/2020\/07\/solar-ueberdachung-als-sommergarten-mit-schiebeelemtenen-1024x739.jpg 1024w, https:\/\/www.leeb-balkone.com\/app\/uploads\/2020\/07\/solar-ueberdachung-als-sommergarten-mit-schiebeelemtenen-768x554.jpg 768w, https:\/\/www.leeb-balkone.com\/app\/uploads\/2020\/07\/solar-ueberdachung-als-sommergarten-mit-schiebeelemtenen-1536x1108.jpg 1536w, https:\/\/www.leeb-balkone.com\/app\/uploads\/2020\/07\/solar-ueberdachung-als-sommergarten-mit-schiebeelemtenen-2048x1477.jpg 2048w\" sizes=\"auto, (min-width: 1200px) 260px, (min-width: 1024px) 220px, (min-width: 640px) 465px, 768px\" \/>    \n                <\/figure>\n                        <\/div>\n            <p>Solar-Terrassen\u00fcberdachung als Sommergarten mit Schiebelementen<\/p>        <\/div>\n                  <div class=\"lg-item\" data-src=\"https:\/\/www.leeb-balkone.com\/app\/uploads\/2020\/07\/solar-glas-alu-ueberdachung-22-scaled.jpg\"\n              data-sub-html=\"&lt;p&gt;Solar-Terrassen\u00fcberdachung&lt;\/p&gt;\">\n            <div class=\"img-wrapper\">\n                <figure>\n                    <img loading=\"lazy\" decoding=\"async\" width=\"300\" height=\"200\" src=\"https:\/\/www.leeb-balkone.com\/app\/uploads\/2020\/07\/solar-glas-alu-ueberdachung-22-300x200.jpg\" class=\"attachment-medium size-medium\" alt=\"solar glas alu ueberdachung\" srcset=\"https:\/\/www.leeb-balkone.com\/app\/uploads\/2020\/07\/solar-glas-alu-ueberdachung-22-300x200.jpg 300w, https:\/\/www.leeb-balkone.com\/app\/uploads\/2020\/07\/solar-glas-alu-ueberdachung-22-1024x684.jpg 1024w, https:\/\/www.leeb-balkone.com\/app\/uploads\/2020\/07\/solar-glas-alu-ueberdachung-22-768x513.jpg 768w, https:\/\/www.leeb-balkone.com\/app\/uploads\/2020\/07\/solar-glas-alu-ueberdachung-22-1536x1025.jpg 1536w, https:\/\/www.leeb-balkone.com\/app\/uploads\/2020\/07\/solar-glas-alu-ueberdachung-22-2048x1367.jpg 2048w\" sizes=\"auto, (min-width: 1200px) 260px, (min-width: 1024px) 220px, (min-width: 640px) 465px, 768px\" \/>    \n                <\/figure>\n                        <\/div>\n            <p>Solar-Terrassen\u00fcberdachung<\/p>        <\/div>\n                  <div class=\"lg-item\" data-src=\"https:\/\/www.leeb-balkone.com\/app\/uploads\/2020\/07\/solar-glas-alu-ueberdachung-21-scaled.jpg\"\n              data-sub-html=\"&lt;p&gt;Solar-Terrassendach an der Hausmauer befestigt&lt;\/p&gt;\">\n            <div class=\"img-wrapper\">\n                <figure>\n                    <img loading=\"lazy\" decoding=\"async\" width=\"300\" height=\"200\" src=\"https:\/\/www.leeb-balkone.com\/app\/uploads\/2020\/07\/solar-glas-alu-ueberdachung-21-300x200.jpg\" class=\"attachment-medium size-medium\" alt=\"solar glas alu ueberdachung\" srcset=\"https:\/\/www.leeb-balkone.com\/app\/uploads\/2020\/07\/solar-glas-alu-ueberdachung-21-300x200.jpg 300w, https:\/\/www.leeb-balkone.com\/app\/uploads\/2020\/07\/solar-glas-alu-ueberdachung-21-1024x684.jpg 1024w, https:\/\/www.leeb-balkone.com\/app\/uploads\/2020\/07\/solar-glas-alu-ueberdachung-21-768x513.jpg 768w, https:\/\/www.leeb-balkone.com\/app\/uploads\/2020\/07\/solar-glas-alu-ueberdachung-21-1536x1025.jpg 1536w, https:\/\/www.leeb-balkone.com\/app\/uploads\/2020\/07\/solar-glas-alu-ueberdachung-21-2048x1367.jpg 2048w\" sizes=\"auto, (min-width: 1200px) 260px, (min-width: 1024px) 220px, (min-width: 640px) 465px, 768px\" \/>    \n                <\/figure>\n                        <\/div>\n            <p>Solar-Terrassendach an der Hausmauer befestigt<\/p>        <\/div>\n                  <div class=\"lg-item\" data-src=\"https:\/\/www.leeb-balkone.com\/app\/uploads\/2020\/07\/solar-glas-alu-ueberdachung-20-scaled.jpg\"\n              data-sub-html=\"&lt;p&gt;Solar-Terrassen\u00fcberdachung&lt;\/p&gt;\">\n            <div class=\"img-wrapper\">\n                <figure>\n                    <img loading=\"lazy\" decoding=\"async\" width=\"300\" height=\"200\" src=\"https:\/\/www.leeb-balkone.com\/app\/uploads\/2020\/07\/solar-glas-alu-ueberdachung-20-300x200.jpg\" class=\"attachment-medium size-medium\" alt=\"solar glas alu ueberdachung\" srcset=\"https:\/\/www.leeb-balkone.com\/app\/uploads\/2020\/07\/solar-glas-alu-ueberdachung-20-300x200.jpg 300w, https:\/\/www.leeb-balkone.com\/app\/uploads\/2020\/07\/solar-glas-alu-ueberdachung-20-1024x684.jpg 1024w, https:\/\/www.leeb-balkone.com\/app\/uploads\/2020\/07\/solar-glas-alu-ueberdachung-20-768x513.jpg 768w, https:\/\/www.leeb-balkone.com\/app\/uploads\/2020\/07\/solar-glas-alu-ueberdachung-20-1536x1025.jpg 1536w, https:\/\/www.leeb-balkone.com\/app\/uploads\/2020\/07\/solar-glas-alu-ueberdachung-20-2048x1367.jpg 2048w\" sizes=\"auto, (min-width: 1200px) 260px, (min-width: 1024px) 220px, (min-width: 640px) 465px, 768px\" \/>    \n                <\/figure>\n                        <\/div>\n            <p>Solar-Terrassen\u00fcberdachung<\/p>        <\/div>\n                  <div class=\"lg-item\" data-src=\"https:\/\/www.leeb-balkone.com\/app\/uploads\/2020\/07\/solar-glas-alu-ueberdachung-19-scaled.jpg\"\n              data-sub-html=\"&lt;p&gt;Solar-Terrassen\u00fcberdachung - Frontalansicht&lt;\/p&gt;\">\n            <div class=\"img-wrapper\">\n                <figure>\n                    <img loading=\"lazy\" decoding=\"async\" width=\"300\" height=\"200\" src=\"https:\/\/www.leeb-balkone.com\/app\/uploads\/2020\/07\/solar-glas-alu-ueberdachung-19-300x200.jpg\" class=\"attachment-medium size-medium\" alt=\"Solar\u00fcberdachung bei einer Terrasse vor einem Einfamilienhaus\" srcset=\"https:\/\/www.leeb-balkone.com\/app\/uploads\/2020\/07\/solar-glas-alu-ueberdachung-19-300x200.jpg 300w, https:\/\/www.leeb-balkone.com\/app\/uploads\/2020\/07\/solar-glas-alu-ueberdachung-19-1024x684.jpg 1024w, https:\/\/www.leeb-balkone.com\/app\/uploads\/2020\/07\/solar-glas-alu-ueberdachung-19-768x513.jpg 768w, https:\/\/www.leeb-balkone.com\/app\/uploads\/2020\/07\/solar-glas-alu-ueberdachung-19-1536x1025.jpg 1536w, https:\/\/www.leeb-balkone.com\/app\/uploads\/2020\/07\/solar-glas-alu-ueberdachung-19-2048x1367.jpg 2048w\" sizes=\"auto, (min-width: 1200px) 260px, (min-width: 1024px) 220px, (min-width: 640px) 465px, 768px\" \/>    \n                <\/figure>\n                        <\/div>\n            <p>Solar-Terrassen\u00fcberdachung &#8211; Frontalansicht<\/p>        <\/div>\n                <\/div>\n\n          <\/div>\n    <\/section>\n\n\n\n<section class=\"wp-block-group alignfull has-white-background-color has-background has-global-padding is-layout-constrained wp-container-core-group-is-layout-9fa1424c wp-block-group-is-layout-constrained\" style=\"padding-top:0\">\n<div class=\"wp-block-columns is-style-offset m-split is-layout-flex wp-container-core-columns-is-layout-28f84493 wp-block-columns-is-layout-flex\">\n<div class=\"wp-block-column is-layout-flow wp-block-column-is-layout-flow\"><div class=\"vp-map-wrapper vp-map-ratio-19-1\"><img decoding=\"async\" width=\"2000\" height=\"1041\" src=\"https:\/\/www.leeb-balkone.com\/app\/uploads\/2026\/03\/map-de.jpg\" class=\"attachment-full size-full\" alt=\"Deutsche Map: Vertriebspartner (orange Pins) und Schaur\u00e4ume \/ Standorte (gr\u00fcne Pins) der Leeb Balkone GmbH in Deutschland\" style=\"width:100%;height:100%;object-fit:cover;display:block;\" loading=\"lazy\" srcset=\"https:\/\/www.leeb-balkone.com\/app\/uploads\/2026\/03\/map-de.jpg 2000w, https:\/\/www.leeb-balkone.com\/app\/uploads\/2026\/03\/map-de-300x156.jpg 300w, https:\/\/www.leeb-balkone.com\/app\/uploads\/2026\/03\/map-de-1024x533.jpg 1024w, https:\/\/www.leeb-balkone.com\/app\/uploads\/2026\/03\/map-de-768x400.jpg 768w, https:\/\/www.leeb-balkone.com\/app\/uploads\/2026\/03\/map-de-1536x799.jpg 1536w\" sizes=\"auto, (min-width: 1536px) 2048px, (min-width: 992px) 1536px, (min-width: 768px) 1024px, (min-width: 576px) 768px, 100vw\" \/><\/div>\n<\/div>\n\n\n\n<div class=\"wp-block-column is-vertically-aligned-center is-style-overlay-content is-layout-flow wp-block-column-is-layout-flow\">\n<div class=\"wp-block-group is-vertical is-layout-flex wp-container-core-group-is-layout-bd7877ba wp-block-group-is-layout-flex\">\n<h2 class=\"wp-block-heading has-step-2-font-size\">Vertriebspartner Deutschland<\/h2>\n\n\n\n<p>Kompetente LEEB Partner in Ihrer Region. Pers\u00f6nliche Beratung, pr\u00e4zise Planung und fachgerechte Montage \u2013 bundesweit.<\/p>\n\n\n\n<div class=\"wp-block-buttons is-layout-flex wp-block-buttons-is-layout-flex\" style=\"margin-top:var(--wp--preset--spacing--2-xs)\">\n<div class=\"wp-block-button is-style-cta\"><a class=\"wp-block-button__link has-transparent-background-color has-background wp-element-button\" href=\"https:\/\/www.leeb-balkone.com\/de\/vertriebspartner\/\">Vertriebspartner finden<span class=\"sr-only\"> Vertriebspartner Leeb Balkone Deutschland<\/span><\/a><\/div>\n<\/div>\n<\/div>\n<\/div>\n<\/div>\n<\/section>\n\n\n\n<section class=\"wp-block-group alignfull has-light-gray-background-color has-background has-global-padding is-layout-constrained wp-container-core-group-is-layout-52f96efc wp-block-group-is-layout-constrained\" id=\"beratungstermin\">\n<div class=\"wp-block-group m-teaser o-grid u-md-1 is-layout-flow wp-block-group-is-layout-flow\">\n<div class=\"wp-block-group u-g-7 u-g-s-2 is-layout-flow wp-block-group-is-layout-flow\" style=\"margin-bottom:var(--wp--preset--spacing--s)\">\n<h2 class=\"wp-block-heading\">Kontaktieren Sie uns<\/h2>\n\n\n\n<p><strong><strong>Immer ein Leeb-Partner in Ihrer N\u00e4he mit 80 Partnern in \u00d6sterreich, Deutschland, Italien, Frankreich, der Schweiz und Slowenien.<\/strong><\/strong><\/p>\n<\/div>\n<\/div>\n\n\n\n<div class=\"wp-block-group m-teaser o-grid u-md-1 is-layout-flow wp-block-group-is-layout-flow\">\n<div class=\"wp-block-group u-g-7 u-g-s-2 is-layout-flow wp-block-group-is-layout-flow\" style=\"margin-bottom:var(--wp--preset--spacing--s)\"><form action=\"https:\/\/www.leeb-balkone.com\/de\/wp-json\/ws-form\/v1\/submit\" class=\"wsf-form wsf-form-canvas\" id=\"ws-form-1\" data-id=\"26\" data-instance-id=\"1\" method=\"POST\"><\/form>\n<\/div>\n\n\n\n<div class=\"wp-block-group u-g-3 u-g-s-9 is-layout-flow wp-block-group-is-layout-flow\"><div class=\"t3-sidebar-buttons wp-block-buttons is-layout-flex wp-block-buttons-is-layout-flex\"><div class=\"wp-block-button is-style-fill icon-book icon-left\">\n                        <a class=\"wp-block-button__link has-secondary-color has-white-background-color has-text-color has-background has-link-color wp-element-button\" href=\"https:\/\/www.leeb-balkone.com\/de\/kontakt\/katalog-anfordern\/\" style=\"box-shadow:var(--wp--preset--shadow--box-shadow)\">Katalog anfordern<\/a>\n                    <\/div><div class=\"wp-block-button is-style-fill icon-phone-new icon-left\">\n                        <a class=\"wp-block-button__link has-secondary-color has-white-background-color has-text-color has-background has-link-color wp-element-button\" href=\"tel:08001801003\">Hotline Deutschland <span class=\"sr-only\">Hotline: 0800 1801003 (Deutschlandweit kostenlos)<\/span><\/a>\n                    <\/div><\/div>\n<\/div>\n<\/div>\n<\/section>\n","protected":false},"excerpt":{"rendered":"","protected":false},"author":4,"featured_media":0,"parent":99070,"menu_order":0,"comment_status":"closed","ping_status":"closed","template":"template-onepager.blade.php","meta":{"_acf_changed":false,"footnotes":"","_sage_theme_css":true,"_wp_block_core_css":true},"folder":[238,250],"class_list":["post-148905","page","type-page","status-publish","hentry"],"acf":[],"yoast_head":"<!-- This site is optimized with the Yoast SEO plugin v27.2 - https:\/\/yoast.com\/product\/yoast-seo-wordpress\/ -->\n<title>Solar Terrassendach \u00bb \u00dcberdachung mit PV-Modulen - Leeb Balkone Deutschland<\/title>\n<meta name=\"description\" content=\"Terrassendach mit vollintegrierten, hocheffizienten PV-Modulen \u2713 Robust und sicher \u2713 Effizient und nachhaltig *** Leeb Solar Terrassendach - Jetzt informieren!\" \/>\n<meta name=\"robots\" content=\"index, follow, max-snippet:-1, max-image-preview:large, max-video-preview:-1\" \/>\n<meta property=\"og:locale\" content=\"de_DE\" \/>\n<meta property=\"og:type\" content=\"article\" \/>\n<meta property=\"og:title\" content=\"Solar Terrassendach \u00bb \u00dcberdachung mit PV-Modulen - Leeb Balkone\" \/>\n<meta property=\"og:description\" content=\"Terrassendach mit vollintegrierten, hocheffizienten PV-Modulen \u2713 Robust und sicher \u2713 Effizient und nachhaltig *** Leeb Solar Terrassendach - Jetzt informieren!\" \/>\n<meta property=\"og:url\" content=\"https:\/\/www.leeb-balkone.com\/de\/solar\/solar-terrassendach\/\" \/>\n<meta property=\"og:site_name\" content=\"Leeb Balkone\" \/>\n<meta property=\"article:publisher\" content=\"https:\/\/www.facebook.com\/balkone\/\" \/>\n<meta property=\"article:modified_time\" content=\"2026-05-01T14:02:26+00:00\" \/>\n<meta property=\"og:image\" content=\"https:\/\/www.leeb-balkone.com\/app\/uploads\/2020\/07\/Solarueberdachung-als-Sommergarten-Innenansicht-scaled.jpg\" \/>\n\t<meta property=\"og:image:width\" content=\"2560\" \/>\n\t<meta property=\"og:image:height\" content=\"1707\" \/>\n\t<meta property=\"og:image:type\" content=\"image\/jpeg\" \/>\n<meta name=\"twitter:card\" content=\"summary_large_image\" \/>\n<script type=\"application\/ld+json\" class=\"yoast-schema-graph\">{\"@context\":\"https:\/\/schema.org\",\"@graph\":[{\"@type\":\"WebPage\",\"@id\":\"https:\/\/www.leeb-balkone.com\/de\/solar\/solar-terrassendach\/\",\"url\":\"https:\/\/www.leeb-balkone.com\/de\/solar\/solar-terrassendach\/\",\"name\":\"Solar Terrassendach \u00bb \u00dcberdachung mit PV-Modulen - Leeb Balkone\",\"isPartOf\":{\"@id\":\"https:\/\/www.leeb-balkone.com\/de\/#website\"},\"primaryImageOfPage\":{\"@id\":\"https:\/\/www.leeb-balkone.com\/de\/solar\/solar-terrassendach\/#primaryimage\"},\"image\":{\"@id\":\"https:\/\/www.leeb-balkone.com\/de\/solar\/solar-terrassendach\/#primaryimage\"},\"thumbnailUrl\":\"https:\/\/www.leeb-balkone.com\/app\/uploads\/2020\/07\/Solarueberdachung-als-Sommergarten-Innenansicht-1024x683.jpg\",\"datePublished\":\"2025-09-13T14:33:13+00:00\",\"dateModified\":\"2026-05-01T14:02:26+00:00\",\"description\":\"Terrassendach mit vollintegrierten, hocheffizienten PV-Modulen \u2713 Robust und sicher \u2713 Effizient und nachhaltig *** Leeb Solar Terrassendach - Jetzt informieren!\",\"breadcrumb\":{\"@id\":\"https:\/\/www.leeb-balkone.com\/de\/solar\/solar-terrassendach\/#breadcrumb\"},\"inLanguage\":\"de\",\"potentialAction\":[{\"@type\":\"ReadAction\",\"target\":[\"https:\/\/www.leeb-balkone.com\/de\/solar\/solar-terrassendach\/\"]}]},{\"@type\":\"ImageObject\",\"inLanguage\":\"de\",\"@id\":\"https:\/\/www.leeb-balkone.com\/de\/solar\/solar-terrassendach\/#primaryimage\",\"url\":\"https:\/\/www.leeb-balkone.com\/app\/uploads\/2020\/07\/Solarueberdachung-als-Sommergarten-Innenansicht-1024x683.jpg\",\"contentUrl\":\"https:\/\/www.leeb-balkone.com\/app\/uploads\/2020\/07\/Solarueberdachung-als-Sommergarten-Innenansicht-1024x683.jpg\"},{\"@type\":\"BreadcrumbList\",\"@id\":\"https:\/\/www.leeb-balkone.com\/de\/solar\/solar-terrassendach\/#breadcrumb\",\"itemListElement\":[{\"@type\":\"ListItem\",\"position\":1,\"name\":\"Home\",\"item\":\"https:\/\/www.leeb-balkone.com\/de\/\"},{\"@type\":\"ListItem\",\"position\":2,\"name\":\"Solarprodukte\",\"item\":\"https:\/\/www.leeb-balkone.com\/de\/solar\/\"},{\"@type\":\"ListItem\",\"position\":3,\"name\":\"Solar Terrassendach\"}]},{\"@type\":\"WebSite\",\"@id\":\"https:\/\/www.leeb-balkone.com\/de\/#website\",\"url\":\"https:\/\/www.leeb-balkone.com\/de\/\",\"name\":\"Leeb Balkone\",\"description\":\"Balkone und Z\u00e4une\",\"publisher\":{\"@id\":\"https:\/\/www.leeb-balkone.com\/de\/#organization\"},\"potentialAction\":[{\"@type\":\"SearchAction\",\"target\":{\"@type\":\"EntryPoint\",\"urlTemplate\":\"https:\/\/www.leeb-balkone.com\/de\/?s={search_term_string}\"},\"query-input\":{\"@type\":\"PropertyValueSpecification\",\"valueRequired\":true,\"valueName\":\"search_term_string\"}}],\"inLanguage\":\"de\"},{\"@type\":\"Organization\",\"@id\":\"https:\/\/www.leeb-balkone.com\/de\/#organization\",\"name\":\"Leeb Balkone Gmbh\",\"url\":\"https:\/\/www.leeb-balkone.com\/de\/\",\"logo\":{\"@type\":\"ImageObject\",\"inLanguage\":\"de\",\"@id\":\"https:\/\/www.leeb-balkone.com\/de\/#\/schema\/logo\/image\/\",\"url\":\"https:\/\/www.leeb-balkone.com\/app\/uploads\/2020\/11\/leeb-logo.svg\",\"contentUrl\":\"https:\/\/www.leeb-balkone.com\/app\/uploads\/2020\/11\/leeb-logo.svg\",\"width\":741,\"height\":204,\"caption\":\"Leeb Balkone Gmbh\"},\"image\":{\"@id\":\"https:\/\/www.leeb-balkone.com\/de\/#\/schema\/logo\/image\/\"},\"sameAs\":[\"https:\/\/www.facebook.com\/balkone\/\",\"https:\/\/www.trustedshops.at\/bewertung\/info_X4587CCF5833E31AFE0B11F47D86999F2.html\",\"https:\/\/www.trustedshops.de\/bewertung\/info_X7BA536A7A0BDC86D36C4718E4DCAEEEF.html\",\"https:\/\/www.google.com\/maps\/place\/?q=place_id:ChIJ5-zH19-IcEcR9HonWRTllHI\"]}]}<\/script>\n<!-- \/ Yoast SEO plugin. -->","yoast_head_json":{"title":"Solar Terrassendach \u00bb \u00dcberdachung mit PV-Modulen - Leeb Balkone Deutschland","description":"Terrassendach mit vollintegrierten, hocheffizienten PV-Modulen \u2713 Robust und sicher \u2713 Effizient und nachhaltig *** Leeb Solar Terrassendach - Jetzt informieren!","robots":{"index":"index","follow":"follow","max-snippet":"max-snippet:-1","max-image-preview":"max-image-preview:large","max-video-preview":"max-video-preview:-1"},"og_locale":"de_DE","og_type":"article","og_title":"Solar Terrassendach \u00bb \u00dcberdachung mit PV-Modulen - Leeb Balkone","og_description":"Terrassendach mit vollintegrierten, hocheffizienten PV-Modulen \u2713 Robust und sicher \u2713 Effizient und nachhaltig *** Leeb Solar Terrassendach - Jetzt informieren!","og_url":"https:\/\/www.leeb-balkone.com\/de\/solar\/solar-terrassendach\/","og_site_name":"Leeb Balkone","article_publisher":"https:\/\/www.facebook.com\/balkone\/","article_modified_time":"2026-05-01T14:02:26+00:00","og_image":[{"width":2560,"height":1707,"url":"https:\/\/www.leeb-balkone.com\/app\/uploads\/2020\/07\/Solarueberdachung-als-Sommergarten-Innenansicht-scaled.jpg","type":"image\/jpeg"}],"twitter_card":"summary_large_image","schema":{"@context":"https:\/\/schema.org","@graph":[{"@type":"WebPage","@id":"https:\/\/www.leeb-balkone.com\/de\/solar\/solar-terrassendach\/","url":"https:\/\/www.leeb-balkone.com\/de\/solar\/solar-terrassendach\/","name":"Solar Terrassendach \u00bb \u00dcberdachung mit PV-Modulen - Leeb Balkone","isPartOf":{"@id":"https:\/\/www.leeb-balkone.com\/de\/#website"},"primaryImageOfPage":{"@id":"https:\/\/www.leeb-balkone.com\/de\/solar\/solar-terrassendach\/#primaryimage"},"image":{"@id":"https:\/\/www.leeb-balkone.com\/de\/solar\/solar-terrassendach\/#primaryimage"},"thumbnailUrl":"https:\/\/www.leeb-balkone.com\/app\/uploads\/2020\/07\/Solarueberdachung-als-Sommergarten-Innenansicht-1024x683.jpg","datePublished":"2025-09-13T14:33:13+00:00","dateModified":"2026-05-01T14:02:26+00:00","description":"Terrassendach mit vollintegrierten, hocheffizienten PV-Modulen \u2713 Robust und sicher \u2713 Effizient und nachhaltig *** Leeb Solar Terrassendach - Jetzt informieren!","breadcrumb":{"@id":"https:\/\/www.leeb-balkone.com\/de\/solar\/solar-terrassendach\/#breadcrumb"},"inLanguage":"de","potentialAction":[{"@type":"ReadAction","target":["https:\/\/www.leeb-balkone.com\/de\/solar\/solar-terrassendach\/"]}]},{"@type":"ImageObject","inLanguage":"de","@id":"https:\/\/www.leeb-balkone.com\/de\/solar\/solar-terrassendach\/#primaryimage","url":"https:\/\/www.leeb-balkone.com\/app\/uploads\/2020\/07\/Solarueberdachung-als-Sommergarten-Innenansicht-1024x683.jpg","contentUrl":"https:\/\/www.leeb-balkone.com\/app\/uploads\/2020\/07\/Solarueberdachung-als-Sommergarten-Innenansicht-1024x683.jpg"},{"@type":"BreadcrumbList","@id":"https:\/\/www.leeb-balkone.com\/de\/solar\/solar-terrassendach\/#breadcrumb","itemListElement":[{"@type":"ListItem","position":1,"name":"Home","item":"https:\/\/www.leeb-balkone.com\/de\/"},{"@type":"ListItem","position":2,"name":"Solarprodukte","item":"https:\/\/www.leeb-balkone.com\/de\/solar\/"},{"@type":"ListItem","position":3,"name":"Solar Terrassendach"}]},{"@type":"WebSite","@id":"https:\/\/www.leeb-balkone.com\/de\/#website","url":"https:\/\/www.leeb-balkone.com\/de\/","name":"Leeb Balkone","description":"Balkone und Z\u00e4une","publisher":{"@id":"https:\/\/www.leeb-balkone.com\/de\/#organization"},"potentialAction":[{"@type":"SearchAction","target":{"@type":"EntryPoint","urlTemplate":"https:\/\/www.leeb-balkone.com\/de\/?s={search_term_string}"},"query-input":{"@type":"PropertyValueSpecification","valueRequired":true,"valueName":"search_term_string"}}],"inLanguage":"de"},{"@type":"Organization","@id":"https:\/\/www.leeb-balkone.com\/de\/#organization","name":"Leeb Balkone Gmbh","url":"https:\/\/www.leeb-balkone.com\/de\/","logo":{"@type":"ImageObject","inLanguage":"de","@id":"https:\/\/www.leeb-balkone.com\/de\/#\/schema\/logo\/image\/","url":"https:\/\/www.leeb-balkone.com\/app\/uploads\/2020\/11\/leeb-logo.svg","contentUrl":"https:\/\/www.leeb-balkone.com\/app\/uploads\/2020\/11\/leeb-logo.svg","width":741,"height":204,"caption":"Leeb Balkone Gmbh"},"image":{"@id":"https:\/\/www.leeb-balkone.com\/de\/#\/schema\/logo\/image\/"},"sameAs":["https:\/\/www.facebook.com\/balkone\/","https:\/\/www.trustedshops.at\/bewertung\/info_X4587CCF5833E31AFE0B11F47D86999F2.html","https:\/\/www.trustedshops.de\/bewertung\/info_X7BA536A7A0BDC86D36C4718E4DCAEEEF.html","https:\/\/www.google.com\/maps\/place\/?q=place_id:ChIJ5-zH19-IcEcR9HonWRTllHI"]}]}},"_links":{"self":[{"href":"https:\/\/www.leeb-balkone.com\/de\/wp-json\/wp\/v2\/pages\/148905","targetHints":{"allow":["GET"]}}],"collection":[{"href":"https:\/\/www.leeb-balkone.com\/de\/wp-json\/wp\/v2\/pages"}],"about":[{"href":"https:\/\/www.leeb-balkone.com\/de\/wp-json\/wp\/v2\/types\/page"}],"author":[{"embeddable":true,"href":"https:\/\/www.leeb-balkone.com\/de\/wp-json\/wp\/v2\/users\/4"}],"replies":[{"embeddable":true,"href":"https:\/\/www.leeb-balkone.com\/de\/wp-json\/wp\/v2\/comments?post=148905"}],"version-history":[{"count":49,"href":"https:\/\/www.leeb-balkone.com\/de\/wp-json\/wp\/v2\/pages\/148905\/revisions"}],"predecessor-version":[{"id":168652,"href":"https:\/\/www.leeb-balkone.com\/de\/wp-json\/wp\/v2\/pages\/148905\/revisions\/168652"}],"up":[{"embeddable":true,"href":"https:\/\/www.leeb-balkone.com\/de\/wp-json\/wp\/v2\/pages\/99070"}],"wp:attachment":[{"href":"https:\/\/www.leeb-balkone.com\/de\/wp-json\/wp\/v2\/media?parent=148905"}],"wp:term":[{"taxonomy":"folder","embeddable":true,"href":"https:\/\/www.leeb-balkone.com\/de\/wp-json\/wp\/v2\/folder?post=148905"}],"curies":[{"name":"wp","href":"https:\/\/api.w.org\/{rel}","templated":true}]}}