{"id":148562,"date":"2025-09-12T20:26:37","date_gmt":"2025-09-12T20:26:37","guid":{"rendered":"https:\/\/www.leeb-balkone.com\/de\/?page_id=148562"},"modified":"2026-05-01T15:52:33","modified_gmt":"2026-05-01T15:52:33","slug":"atrium","status":"publish","type":"page","link":"https:\/\/www.leeb-balkone.com\/de\/ueberdachungen\/atrium\/","title":{"rendered":"Atrium"},"content":{"rendered":"\n<section class=\"wp-block-group alignfull t3-header t3-header-splitscreen t3-splitscreen-shadow h-zi-20 has-light-gray-background-color has-background has-global-padding is-layout-constrained wp-container-core-group-is-layout-f1ad4950 wp-block-group-is-layout-constrained\" style=\"padding-top:0;padding-bottom:0\">\n<div class=\"wp-block-columns h-flx-a-s m-split is-layout-flex wp-container-core-columns-is-layout-28f84493 wp-block-columns-is-layout-flex\">\n<div class=\"wp-block-column is-vertically-aligned-top h-flx-a-s m-split-col-content is-layout-flow wp-block-column-is-layout-flow\"><div class=\"yoast-breadcrumbs\"><span><span><a href=\"https:\/\/www.leeb-balkone.com\/de\/\">Home<\/a><\/span> \/ <span><a href=\"https:\/\/www.leeb-balkone.com\/de\/ueberdachungen\/\">\u00dcberdachungen und Sommerg\u00e4rten<\/a><\/span> \/ <span class=\"breadcrumb_last\" aria-current=\"page\">Atrium<\/span><\/span><\/div>\n\n<h1 class=\"wp-block-post-title\">Atrium<\/h1>\n\n\n<p class=\"has-step-0-font-size\" style=\"margin-bottom:0\">Die Atrium-\u00dcberdachung bietet eine freistehende, moderne Bauform, welche in der Variante mit Glaselementen als komplett freistehender Sommergarten verwendet werden kann. Stabil und witterungsbest\u00e4ndig, in bew\u00e4hrter Leeb Qualit\u00e4t.<\/p>\n\n\n\n<div class=\"wp-block-buttons is-layout-flex wp-block-buttons-is-layout-flex\" style=\"margin-top:var(--wp--preset--spacing--l)\">\n<div class=\"wp-block-button is-style-cta icon-book icon-left\"><a class=\"wp-block-button__link wp-element-button\" href=\"https:\/\/www.leeb-balkone.com\/de\/kontakt\/katalog-anfordern\/\">Katalog anfordern<\/a><\/div>\n\n\n\n<div class=\"wp-block-button is-style-cta icon-vp icon-left\"><a class=\"wp-block-button__link wp-element-button\" href=\"https:\/\/www.leeb-balkone.com\/de\/vertriebspartner\/\">Ansprechpartner finden<span class=\"sr-only\"> Deutschland<\/span><\/a><\/div>\n<\/div>\n<\/div>\n\n\n\n<div class=\"wp-block-column is-vertically-aligned-stretch h-hide-md-down is-style-image-cover is-layout-flow wp-block-column-is-layout-flow\">\n<figure class=\"wp-block-image size-large\"><img loading=\"lazy\" decoding=\"async\" width=\"1024\" height=\"705\" src=\"https:\/\/www.leeb-balkone.com\/app\/uploads\/2020\/07\/glas-alu-atrium-ueberdachung-7-1024x705.jpg\" alt=\"Freistehende \u00dcberdachungsvariante - das Atrium von Leeb\" class=\"wp-image-138944\" srcset=\"https:\/\/www.leeb-balkone.com\/app\/uploads\/2020\/07\/glas-alu-atrium-ueberdachung-7-1024x705.jpg 1024w, https:\/\/www.leeb-balkone.com\/app\/uploads\/2020\/07\/glas-alu-atrium-ueberdachung-7-300x206.jpg 300w, https:\/\/www.leeb-balkone.com\/app\/uploads\/2020\/07\/glas-alu-atrium-ueberdachung-7-768x529.jpg 768w, https:\/\/www.leeb-balkone.com\/app\/uploads\/2020\/07\/glas-alu-atrium-ueberdachung-7-1536x1057.jpg 1536w, https:\/\/www.leeb-balkone.com\/app\/uploads\/2020\/07\/glas-alu-atrium-ueberdachung-7-2048x1409.jpg 2048w\" sizes=\"auto, (max-width: 1024px) 100vw, 1024px\" \/><\/figure>\n<\/div>\n<\/div>\n<\/section>\n\n\n\n<section class=\"wp-block-group alignfull has-white-background-color has-background has-global-padding is-layout-constrained wp-container-core-group-is-layout-52f96efc wp-block-group-is-layout-constrained\" id=\"modelle\">\n<div class=\"wp-block-group m-teaser o-grid u-md-1 is-layout-flow wp-block-group-is-layout-flow\">\n<div class=\"wp-block-group u-g-9 u-g-s-2 is-layout-flow wp-block-group-is-layout-flow\" style=\"margin-bottom:var(--wp--preset--spacing--s)\">\n<p class=\"has-text-align-left\"><strong><strong><em>Gesch\u00fctzt im Freien \u2013 Ihr sch\u00f6nster Platz an der Sonne, mitten im Garten.<\/em><\/strong><\/strong><\/p>\n<\/div>\n<\/div>\n\n\n\n<div class=\"wp-block-columns is-layout-flex wp-container-core-columns-is-layout-28f84493 wp-block-columns-is-layout-flex\">\n<div class=\"wp-block-column is-layout-flow wp-block-column-is-layout-flow\" style=\"flex-basis:66.66%\"><div class=\"tgs-gallery\" data-tablet-slides=\"4\" data-desktop-slides=\"5\"><div class=\"t3-tgs swiper mainSlider\">\n                <div class=\"has-icon icon-enlarge\"><\/div>\n                <div class=\"swiper-wrapper lg-swiper\"><div class=\"swiper-slide\"><a href=\"https:\/\/www.leeb-balkone.com\/app\/uploads\/2020\/07\/glas-alu-atrium-ueberdachung-9-scaled.jpg\"><img decoding=\"async\" src=\"https:\/\/www.leeb-balkone.com\/app\/uploads\/2020\/07\/glas-alu-atrium-ueberdachung-9-scaled.jpg\" alt=\"glas alu atrium ueberdachung\"><\/a><div class=\"tgs-desc\">Freistehende \u00dcberdachung aus der Vogelperspektive mit Glaseindeckung &#8211; Leeb Atrium<\/div><\/div><div class=\"swiper-slide\"><a href=\"https:\/\/www.leeb-balkone.com\/app\/uploads\/2020\/07\/glas-alu-atrium-ueberdachung-4-scaled.jpg\"><img decoding=\"async\" src=\"https:\/\/www.leeb-balkone.com\/app\/uploads\/2020\/07\/glas-alu-atrium-ueberdachung-4-scaled.jpg\" alt=\"glas alu atrium ueberdachung\"><\/a><div class=\"tgs-desc\">Atrium mit Glasschiebelementen &#8211; Leeb \u00dcberdachungen<\/div><\/div><div class=\"swiper-slide\"><a href=\"https:\/\/www.leeb-balkone.com\/app\/uploads\/2020\/07\/glas-alu-atrium-ueberdachung-8-scaled.jpg\"><img decoding=\"async\" src=\"https:\/\/www.leeb-balkone.com\/app\/uploads\/2020\/07\/glas-alu-atrium-ueberdachung-8-scaled.jpg\" alt=\"glas alu atrium ueberdachung\"><\/a><div class=\"tgs-desc\">Freistehendes Atrium (Sommergarten mit Rundumverglasung) &#8211; Leeb \u00dcberdachungssysteme<\/div><\/div><\/div><div class=\"mainSliderPrev\"><\/div><div class=\"mainSliderNext\"><\/div><div class=\"main_slider_dots\"><\/div><\/div><div class=\"swiper thumbSlider\"><div class=\"swiper-wrapper wp-block-t3-carousel-wrapper\"><div class=\"swiper-slide\"><img decoding=\"async\" src=\"https:\/\/www.leeb-balkone.com\/app\/uploads\/2020\/07\/glas-alu-atrium-ueberdachung-9-1024x692.jpg\" alt=\"glas alu atrium ueberdachung\" \/><\/div><div class=\"swiper-slide\"><img decoding=\"async\" src=\"https:\/\/www.leeb-balkone.com\/app\/uploads\/2020\/07\/glas-alu-atrium-ueberdachung-4-1024x683.jpg\" alt=\"glas alu atrium ueberdachung\" \/><\/div><div class=\"swiper-slide\"><img decoding=\"async\" src=\"https:\/\/www.leeb-balkone.com\/app\/uploads\/2020\/07\/glas-alu-atrium-ueberdachung-8-1024x672.jpg\" alt=\"glas alu atrium ueberdachung\" \/><\/div><\/div><div class=\"thumbSliderPrev swiper-button-prev\"><\/div><div class=\"thumbSliderNext swiper-button-next\"><\/div><\/div><\/div><\/div>\n\n\n\n<div class=\"wp-block-column is-layout-flow wp-block-column-is-layout-flow\" style=\"flex-basis:33.33%\">\n<h2 class=\"wp-block-heading has-step-2-font-size\">Freistehende Bauform mit Spielraum<\/h2>\n\n\n\n<p>Das Atrium braucht keinen Wandanschluss \u2013 Sie platzieren es dort, wo Sie es brauchen: als offene \u00dcberdachung im Garten, als Pavillon-Ersatz, am Pool. Mit Glaselementen erweitert wird daraus ein vollst\u00e4ndig freistehender Sommergarten.<\/p>\n\n\n\n<ul class=\"wp-block-list is-style-checkmark-2\">\n<li>Freistehende Bauform<\/li>\n\n\n\n<li>Zum Sommergarten erweiterbar<\/li>\n\n\n\n<li>Gepr\u00fcfte Leeb-Qualit\u00e4t<\/li>\n<\/ul>\n<\/div>\n<\/div>\n\n\n\n<div class=\"wp-block-group m-teaser o-grid u-md-1 is-layout-flow wp-block-group-is-layout-flow\" style=\"margin-top:0;padding-top:var(--wp--preset--spacing--xl-2-xl)\">\n<div class=\"wp-block-group u-g-10 u-g-s-2 is-layout-flow wp-block-group-is-layout-flow\" style=\"margin-top:0;margin-bottom:var(--wp--preset--spacing--s)\"><div class=\"wp-block-t3-tabs t3-tabs t3-tabs--centered t3-tabs--use-headings t3-tabs--heading-h3\" data-uniqueid=\"tabs-8f57f258\" data-use-headings=\"true\" data-heading-level=\"h3\"><ul class=\"t3-tabs__list\" role=\"tablist\"><li role=\"presentation\"><button role=\"tab\" id=\"tabs-8f57f258-tab-0\" aria-controls=\"tabs-8f57f258-panel-0\" class=\"t3-tabs__tab-button t3-tabs__tab-button--heading t3-tabs__tab-button--active\" aria-selected=\"true\" tabindex=\"0\"><div class=\"t3-tabs__tab-button-inner\"><span class=\"t3-tabs__tab-title\">Aufbau &amp; Beschreibung<\/span><\/div><\/button><\/li><li role=\"presentation\"><button role=\"tab\" id=\"tabs-8f57f258-tab-1\" aria-controls=\"tabs-8f57f258-panel-1\" class=\"t3-tabs__tab-button t3-tabs__tab-button--heading\" aria-selected=\"false\" tabindex=\"-1\"><div class=\"t3-tabs__tab-button-inner\"><span class=\"t3-tabs__tab-title\">Ausstattung &amp; Optionen<\/span><\/div><\/button><\/li><li role=\"presentation\"><button role=\"tab\" id=\"tabs-8f57f258-tab-2\" aria-controls=\"tabs-8f57f258-panel-2\" class=\"t3-tabs__tab-button t3-tabs__tab-button--heading\" aria-selected=\"false\" tabindex=\"-1\"><div class=\"t3-tabs__tab-button-inner\"><span class=\"t3-tabs__tab-title\">Sicherheit &amp; Qualit\u00e4t<\/span><\/div><\/button><\/li><\/ul><div class=\"t3-tabs__panels\"><div class=\"t3-tab__content t3-tabs__panel\" role=\"tabpanel\" id=\"tabs-8f57f258-panel-0\" aria-labelledby=\"tabs-8f57f258-tab-0\"><h3 class=\"sr-only\">Aufbau &amp; Beschreibung<\/h3>\n<p>Das freistehende Atrium ist eine moderne \u00dcberdachung f\u00fcr Garten und Terrasse \u2013 nutzbar als offener Pavillon oder als geschlossener Sommergarten.<\/p>\n\n\n\n<ul class=\"wp-block-list\">\n<li>Freistehende Aluminiumkonstruktion mit ALU COMFORT PLUS\u00ae-Beschichtung<\/li>\n\n\n\n<li>Offene Bauform oder teilweise\/vollst\u00e4ndig verglaste Seiten<\/li>\n\n\n\n<li>Individuell platzierbar im Garten oder auf der Terrasse<\/li>\n\n\n\n<li>Ma\u00dfgefertigt in verschiedenen Gr\u00f6\u00dfen, individuelle Planung<\/li>\n<\/ul>\n<\/div><div class=\"t3-tab__content t3-tabs__panel\" role=\"tabpanel\" id=\"tabs-8f57f258-panel-1\" aria-labelledby=\"tabs-8f57f258-tab-1\"><h3 class=\"sr-only\">Ausstattung &amp; Optionen<\/h3>\n<p>Das Atrium ist individuell ausstattbar:<\/p>\n\n\n\n<ul class=\"wp-block-list\">\n<li>Verglasung in Klar-, Matt-, Grau- oder blickdichtem Schwarzglas<\/li>\n\n\n\n<li>Dimmbare LED-Beleuchtung, dezent in den Tr\u00e4gerbalken integriert<\/li>\n\n\n\n<li>Markisen f\u00fcr Sonnen- und Sichtschutz<\/li>\n\n\n\n<li>Aluminiumprofile in allen RAL-Farben, Sonderfarben oder Holzoptik<\/li>\n\n\n\n<li>Erweiterbar mit Schiebeelementen oder Glaselementen zum Sommergarten<\/li>\n<\/ul>\n<\/div><div class=\"t3-tab__content t3-tabs__panel\" role=\"tabpanel\" id=\"tabs-8f57f258-panel-2\" aria-labelledby=\"tabs-8f57f258-tab-2\"><h3 class=\"sr-only\">Sicherheit &amp; Qualit\u00e4t<\/h3>\n<p>Hochwertige Materialien aus eigener Produktion.<\/p>\n\n\n\n<ul class=\"wp-block-list\">\n<li>Verbund-Sicherheitsglas (VSG) aus eigener Glasfertigung<\/li>\n\n\n\n<li>Aluminiumprofile mit ALU COMFORT PLUS\u00ae und Alu Protection System (APS)<\/li>\n\n\n\n<li>Statisch berechnet f\u00fcr regionale Wind- und Schneelasten<\/li>\n\n\n\n<li>Zertifiziert nach ISO 9001 und CE-Kennzeichnung EN 1090<\/li>\n<\/ul>\n<\/div><\/div><\/div><\/div>\n<\/div>\n<\/section>\n\n\n\n<section class=\"wp-block-cover alignfull is-light katalog-cta\" style=\"margin-top:0;margin-bottom:0;padding-top:0;padding-right:0;padding-bottom:0;padding-left:0;min-height:100px;aspect-ratio:unset;\" id=\"preisanfrage\"><img loading=\"lazy\" decoding=\"async\" width=\"2560\" height=\"1707\" class=\"wp-block-cover__image-background wp-image-152954 size-full\" alt=\"Schauraum Leeb Tettnang Florian Keller\" src=\"https:\/\/www.leeb-balkone.com\/app\/uploads\/2025\/04\/Schauraum-Leeb-Tettnang-Florian-Keller-17-scaled.jpg\" style=\"object-position:54% 45%\" data-object-fit=\"cover\" data-object-position=\"54% 45%\" srcset=\"https:\/\/www.leeb-balkone.com\/app\/uploads\/2025\/04\/Schauraum-Leeb-Tettnang-Florian-Keller-17-scaled.jpg 2560w, https:\/\/www.leeb-balkone.com\/app\/uploads\/2025\/04\/Schauraum-Leeb-Tettnang-Florian-Keller-17-300x200.jpg 300w, https:\/\/www.leeb-balkone.com\/app\/uploads\/2025\/04\/Schauraum-Leeb-Tettnang-Florian-Keller-17-1024x683.jpg 1024w, https:\/\/www.leeb-balkone.com\/app\/uploads\/2025\/04\/Schauraum-Leeb-Tettnang-Florian-Keller-17-768x512.jpg 768w, https:\/\/www.leeb-balkone.com\/app\/uploads\/2025\/04\/Schauraum-Leeb-Tettnang-Florian-Keller-17-1536x1024.jpg 1536w, https:\/\/www.leeb-balkone.com\/app\/uploads\/2025\/04\/Schauraum-Leeb-Tettnang-Florian-Keller-17-2048x1366.jpg 2048w\" sizes=\"auto, (max-width: 2560px) 100vw, 2560px\" \/><span aria-hidden=\"true\" class=\"wp-block-cover__background has-primary-45-background-color has-background-dim-80 has-background-dim\"><\/span><div class=\"wp-block-cover__inner-container has-global-padding is-layout-constrained wp-container-core-cover-is-layout-f028c7bd wp-block-cover-is-layout-constrained\">\n<div class=\"wp-block-group is-layout-flow wp-block-group-is-layout-flow\" style=\"min-height:0px;margin-top:0;margin-bottom:0;padding-top:var(--wp--preset--spacing--2-xl);padding-bottom:var(--wp--preset--spacing--2-xl);padding-left:0\">\n<div class=\"wp-block-columns are-vertically-aligned-center is-layout-flex wp-container-core-columns-is-layout-0a4bbf16 wp-block-columns-is-layout-flex\" style=\"margin-top:0;margin-bottom:0\">\n<div class=\"wp-block-column is-vertically-aligned-center is-layout-flow wp-block-column-is-layout-flow\" style=\"flex-basis:66.66%\">\n<h2 class=\"wp-block-heading\">Preisanfrage senden<\/h2>\n\n\n\n<p class=\"is-style-teaser\">Senden sie uns ein paar Angaben zu Ihrem \u00dcberdachungsvorhaben. Ihr Leeb-Berater meldet sich telefonisch und vereinbart eine kostenlose Vor-Ort-Beratung.<\/p>\n<\/div>\n\n\n\n<div class=\"wp-block-column is-vertically-aligned-center is-layout-flow wp-block-column-is-layout-flow\" style=\"flex-basis:33.33%\">\n<div class=\"wp-block-group is-content-justification-right is-nowrap is-layout-flex wp-container-core-group-is-layout-17124a9a wp-block-group-is-layout-flex\"><div class=\"t3-preis-modal-button-block wp-block-button is-style-filled-white large\"><a href=\"#t3-preis-modal-fd852da6ac\" class=\"t3-preis-modal-open-btn wp-block-button__link\" data-modal-id=\"t3-preis-modal-fd852da6ac\" role=\"button\" aria-controls=\"t3-preis-modal-fd852da6ac\" aria-expanded=\"false\">Preisanfrage <span class=\"sr-only\">Preisanfrage Leeb Balkone Deutschland<\/span><\/a><\/div><\/div>\n<\/div>\n<\/div>\n<\/div>\n<\/div><\/section>\n\n\n\n<section class=\"wp-block-group alignfull has-light-gray-background-color has-background has-global-padding is-layout-constrained wp-container-core-group-is-layout-52f96efc wp-block-group-is-layout-constrained\" id=\"service-qualitaet\">\n<div class=\"wp-block-group o-grid u-md-1 is-layout-flow wp-block-group-is-layout-flow\">\n<div class=\"wp-block-group u-g-9 u-g-s-2 is-layout-flow wp-block-group-is-layout-flow\" style=\"margin-bottom:var(--wp--preset--spacing--s)\">\n<h2 class=\"wp-block-heading\"><strong>Freistehende \u00dcberdachung in moderner Optik<\/strong><\/h2>\n\n\n\n<p><span class=\"teaser\">Die freistehende Leeb \u00dcberdachung Atrium vereint modernes Design mit innovativer Technik. Wie alle \u00dcberdachungen besticht das Atrium durch die klassischen Leeb Vorteile Service, Qualit\u00e4t, Innovation und Vielfalt.<\/span><\/p>\n<\/div>\n<\/div>\n\n\n\n<div class=\"wp-block-group small is-style-white-cards sm-2-cols is-layout-grid wp-container-core-group-is-layout-7785d981 wp-block-group-is-layout-grid\">\n<div class=\"wp-block-group m-card has-modal is-layout-flow wp-container-core-group-is-layout-8a368f38 wp-block-group-is-layout-flow\" data-modal-id=\"150743\">\n<figure class=\"wp-block-image size-full\"><img loading=\"lazy\" decoding=\"async\" width=\"2560\" height=\"1920\" src=\"https:\/\/www.leeb-balkone.com\/app\/uploads\/2024\/08\/alu-terrassenueberdachung-elegant-highend-01-scaled.jpg\" alt=\"alu terrassenueberdachung elegant highend\" class=\"wp-image-140194\" srcset=\"https:\/\/www.leeb-balkone.com\/app\/uploads\/2024\/08\/alu-terrassenueberdachung-elegant-highend-01-scaled.jpg 2560w, https:\/\/www.leeb-balkone.com\/app\/uploads\/2024\/08\/alu-terrassenueberdachung-elegant-highend-01-300x225.jpg 300w, https:\/\/www.leeb-balkone.com\/app\/uploads\/2024\/08\/alu-terrassenueberdachung-elegant-highend-01-1024x768.jpg 1024w, https:\/\/www.leeb-balkone.com\/app\/uploads\/2024\/08\/alu-terrassenueberdachung-elegant-highend-01-768x576.jpg 768w, https:\/\/www.leeb-balkone.com\/app\/uploads\/2024\/08\/alu-terrassenueberdachung-elegant-highend-01-1536x1152.jpg 1536w, https:\/\/www.leeb-balkone.com\/app\/uploads\/2024\/08\/alu-terrassenueberdachung-elegant-highend-01-2048x1536.jpg 2048w\" sizes=\"auto, (max-width: 2560px) 100vw, 2560px\" \/><\/figure>\n\n\n\n<div class=\"wp-block-group m-card-content has-white-background-color has-background is-vertical is-layout-flex wp-container-core-group-is-layout-5580f018 wp-block-group-is-layout-flex\">\n<h3 class=\"wp-block-heading\">F\u00fcr jedes Projekt das passende Dach<\/h3>\n\n\n\n<p>\u00dcberdachen mit System \u2013 maximale Auswahl, maximale Gestaltungsfreiheit.<\/p>\n<\/div>\n<a href=\"#overlay-150743\" class=\"open-modal-link\" aria-label=\"Open modal\"><span class=\"sr-only\">\u00d6ffne Modal<\/span><\/a><\/div>\n\n\n\n<div class=\"wp-block-group m-card has-modal is-layout-flow wp-container-core-group-is-layout-8a368f38 wp-block-group-is-layout-flow\" data-modal-id=\"150749\">\n<figure class=\"wp-block-image size-large is-style-default\"><img loading=\"lazy\" decoding=\"async\" width=\"1024\" height=\"767\" src=\"https:\/\/www.leeb-balkone.com\/app\/uploads\/2020\/08\/leeb-balkone-mitarbeiter-4-1024x767.jpeg\" alt=\"Montieren eines Leeb Alu-Balkongel\u00e4nders nach Ma\u00df\" class=\"wp-image-6083\" srcset=\"https:\/\/www.leeb-balkone.com\/app\/uploads\/2020\/08\/leeb-balkone-mitarbeiter-4-1024x767.jpeg 1024w, https:\/\/www.leeb-balkone.com\/app\/uploads\/2020\/08\/leeb-balkone-mitarbeiter-4-2048x1535.jpeg 2048w, https:\/\/www.leeb-balkone.com\/app\/uploads\/2020\/08\/leeb-balkone-mitarbeiter-4-300x225.jpeg 300w, https:\/\/www.leeb-balkone.com\/app\/uploads\/2020\/08\/leeb-balkone-mitarbeiter-4-768x575.jpeg 768w, https:\/\/www.leeb-balkone.com\/app\/uploads\/2020\/08\/leeb-balkone-mitarbeiter-4-1536x1151.jpeg 1536w\" sizes=\"auto, (max-width: 1024px) 100vw, 1024px\" \/><\/figure>\n\n\n\n<div class=\"wp-block-group m-card-content has-white-background-color has-background is-vertical is-layout-flex wp-container-core-group-is-layout-5580f018 wp-block-group-is-layout-flex\">\n<h3 class=\"wp-block-heading\">Rundum Service f\u00fcr sorglose Umsetzung!<\/h3>\n\n\n\n<p>Beratungsservice vor Ort, 3D-Konfigurator, Werksfertigung, Lieferung und Montage.<\/p>\n<\/div>\n<a href=\"#overlay-150749\" class=\"open-modal-link\" aria-label=\"Open modal\"><span class=\"sr-only\">\u00d6ffne Modal<\/span><\/a><\/div>\n\n\n\n<div class=\"wp-block-group m-card has-modal is-layout-flow wp-container-core-group-is-layout-8a368f38 wp-block-group-is-layout-flow\" data-modal-id=\"150746\">\n<figure class=\"wp-block-image size-full\"><img loading=\"lazy\" decoding=\"async\" width=\"2048\" height=\"1366\" src=\"https:\/\/www.leeb-balkone.com\/app\/uploads\/2022\/05\/glas-bearbeitung-zuschnitt--scaled.jpg\" alt=\"glas bearbeitung zuschnitt \" class=\"wp-image-83644\" srcset=\"https:\/\/www.leeb-balkone.com\/app\/uploads\/2022\/05\/glas-bearbeitung-zuschnitt--scaled.jpg 2048w, https:\/\/www.leeb-balkone.com\/app\/uploads\/2022\/05\/glas-bearbeitung-zuschnitt--300x200.jpg 300w, https:\/\/www.leeb-balkone.com\/app\/uploads\/2022\/05\/glas-bearbeitung-zuschnitt--1024x683.jpg 1024w, https:\/\/www.leeb-balkone.com\/app\/uploads\/2022\/05\/glas-bearbeitung-zuschnitt--768x512.jpg 768w, https:\/\/www.leeb-balkone.com\/app\/uploads\/2022\/05\/glas-bearbeitung-zuschnitt--1536x1024.jpg 1536w\" sizes=\"auto, (max-width: 2048px) 100vw, 2048px\" \/><\/figure>\n\n\n\n<div class=\"wp-block-group m-card-content has-white-background-color has-background is-vertical is-layout-flex wp-container-core-group-is-layout-5580f018 wp-block-group-is-layout-flex\">\n<h3 class=\"wp-block-heading\"><strong>Verbundsicherheitsglas in Premium Qualit\u00e4t<\/strong><\/h3>\n\n\n\n<p>Gepr\u00fcfte Sicherheit, innovative Designs und langlebige Qualit\u00e4t nach Ma\u00df mit Leeb Glas.<\/p>\n<\/div>\n<a href=\"#overlay-150746\" class=\"open-modal-link\" aria-label=\"Open modal\"><span class=\"sr-only\">\u00d6ffne Modal<\/span><\/a><\/div>\n\n\n\n<div class=\"wp-block-group m-card has-modal is-layout-flow wp-container-core-group-is-layout-8a368f38 wp-block-group-is-layout-flow\" data-modal-id=\"150753\">\n<figure class=\"wp-block-image size-large\"><img loading=\"lazy\" decoding=\"async\" width=\"1024\" height=\"665\" src=\"https:\/\/www.leeb-balkone.com\/app\/uploads\/2020\/08\/alu-comfort-plus-1024x665.jpg\" alt=\"alu comfort plus\" class=\"wp-image-5082\" srcset=\"https:\/\/www.leeb-balkone.com\/app\/uploads\/2020\/08\/alu-comfort-plus-1024x665.jpg 1024w, https:\/\/www.leeb-balkone.com\/app\/uploads\/2020\/08\/alu-comfort-plus-300x195.jpg 300w, https:\/\/www.leeb-balkone.com\/app\/uploads\/2020\/08\/alu-comfort-plus-768x499.jpg 768w, https:\/\/www.leeb-balkone.com\/app\/uploads\/2020\/08\/alu-comfort-plus-1536x997.jpg 1536w, https:\/\/www.leeb-balkone.com\/app\/uploads\/2020\/08\/alu-comfort-plus-2048x1330.jpg 2048w\" sizes=\"auto, (max-width: 1024px) 100vw, 1024px\" \/><\/figure>\n\n\n\n<div class=\"wp-block-group m-card-content has-white-background-color has-background is-vertical is-layout-flex wp-container-core-group-is-layout-5580f018 wp-block-group-is-layout-flex\">\n<h3 class=\"wp-block-heading\">Langzeitschutz durch ALU Comfort Plus\u00ae<\/h3>\n\n\n\n<p>Patentierte Beschichtung und Verarbeitung von Aluminium auf h\u00f6chstem Niveau.<\/p>\n<\/div>\n<a href=\"#overlay-150753\" class=\"open-modal-link\" aria-label=\"Open modal\"><span class=\"sr-only\">\u00d6ffne Modal<\/span><\/a><\/div>\n<\/div>\n\n\n\n<div class=\"wp-block-group o-grid u-md-1 is-layout-flow wp-block-group-is-layout-flow\" style=\"padding-top:var(--wp--preset--spacing--l)\">\n<div class=\"wp-block-group u-g-9 u-g-s-2 is-layout-flow wp-block-group-is-layout-flow\" style=\"margin-bottom:var(--wp--preset--spacing--s)\">\n<h3 class=\"wp-block-heading\">Vorteile im \u00dcberblick<\/h3>\n\n\n\n<p>Die St\u00e4rken des Leeb-Atriums in K\u00fcrze:<\/p>\n\n\n\n<ul class=\"wp-block-list is-style-checkmark-2\">\n<li><strong>Frei platzierbar<\/strong> \u2013 freistehende Bauform ohne Wandanschluss, im Garten, auf der Terrasse oder am Pool.<\/li>\n\n\n\n<li><strong>Wandelbar<\/strong> \u2013 mit Glaselementen erweiterbar zum vollst\u00e4ndig freistehenden Sommergarten.<\/li>\n\n\n\n<li><strong>Nahezu wartungsfrei<\/strong> \u2013 ALU COMFORT PLUS\u00ae-Beschichtung mit Lotus-Effekt, kein Streichen oder Nachbessern.<\/li>\n\n\n\n<li><strong>Gepr\u00fcfte Sicherheit<\/strong> \u2013 statisch berechnet, Verbund-Sicherheitsglas, ISO 9001 und EN 1090.<\/li>\n\n\n\n<li><strong>Aus einer Hand<\/strong> \u2013 Beratung, Ma\u00dffertigung, Lieferung, Montage.<br><\/li>\n<\/ul>\n<\/div>\n<\/div>\n<\/section>\n\n\n\n<section class=\"wp-block-cover alignfull is-light katalog-cta\" style=\"margin-top:0;margin-bottom:0;padding-top:0;padding-right:0;padding-bottom:0;padding-left:0;min-height:100px;aspect-ratio:unset;\"><img loading=\"lazy\" decoding=\"async\" width=\"1920\" height=\"599\" class=\"wp-block-cover__image-background wp-image-7912 size-full\" alt=\"leeb balkone katalog anfordern\" src=\"https:\/\/www.leeb-balkone.com\/app\/uploads\/2020\/09\/leeb-balkone-katalog-anfordern-1.jpeg\" data-object-fit=\"cover\" srcset=\"https:\/\/www.leeb-balkone.com\/app\/uploads\/2020\/09\/leeb-balkone-katalog-anfordern-1-300x94.jpeg 300w, https:\/\/www.leeb-balkone.com\/app\/uploads\/2020\/09\/leeb-balkone-katalog-anfordern-1-1024x319.jpeg 1024w, https:\/\/www.leeb-balkone.com\/app\/uploads\/2020\/09\/leeb-balkone-katalog-anfordern-1-768x240.jpeg 768w, https:\/\/www.leeb-balkone.com\/app\/uploads\/2020\/09\/leeb-balkone-katalog-anfordern-1-1536x479.jpeg 1536w\" sizes=\"auto, (max-width: 1920px) 100vw, 1920px\" \/><span aria-hidden=\"true\" class=\"wp-block-cover__background has-primary-45-background-color has-background-dim-80 has-background-dim\"><\/span><div class=\"wp-block-cover__inner-container has-global-padding is-layout-constrained wp-container-core-cover-is-layout-fc5783d2 wp-block-cover-is-layout-constrained\">\n<div class=\"wp-block-group is-layout-flow wp-block-group-is-layout-flow\" style=\"min-height:0px;margin-top:0;margin-bottom:0;padding-top:var(--wp--preset--spacing--2-xl);padding-bottom:var(--wp--preset--spacing--2-xl);padding-left:0\">\n<div class=\"wp-block-columns are-vertically-aligned-center is-layout-flex wp-container-core-columns-is-layout-0a4bbf16 wp-block-columns-is-layout-flex\" style=\"margin-top:0;margin-bottom:0\">\n<div class=\"wp-block-column is-vertically-aligned-center is-layout-flow wp-block-column-is-layout-flow\" style=\"flex-basis:66.66%\">\n<h2 class=\"wp-block-heading\">Atrium im Katalog<\/h2>\n\n\n\n<p class=\"is-style-teaser\"><span class=\"teaser\">Alle Bauformen, Verglasungen und Ausstattungsoptionen im Detail. Jetzt kostenlos bestellen.<\/span><\/p>\n<\/div>\n\n\n\n<div class=\"wp-block-column is-vertically-aligned-center is-layout-flow wp-block-column-is-layout-flow\" style=\"flex-basis:33.33%\">\n<div class=\"wp-block-buttons u-m-jc-left is-content-justification-right is-layout-flex wp-container-core-buttons-is-layout-c060c6c7 wp-block-buttons-is-layout-flex\">\n<div class=\"wp-block-button is-style-filled-white large\"><a class=\"wp-block-button__link wp-element-button\" href=\"https:\/\/www.leeb-balkone.com\/de\/kontakt\/katalog-anfordern\/\" style=\"box-shadow:var(--wp--preset--shadow--button-shadow)\">Katalog anfordern<\/a><\/div>\n<\/div>\n<\/div>\n<\/div>\n<\/div>\n<\/div><\/section>\n\n\n\n<section class=\"wp-block-group alignfull has-white-background-color has-background has-global-padding is-layout-constrained wp-container-core-group-is-layout-52f96efc wp-block-group-is-layout-constrained\">\n<div class=\"wp-block-group o-grid u-md-1 is-layout-flow wp-block-group-is-layout-flow\" style=\"padding-top:0\">\n<div class=\"wp-block-group u-g-9 u-g-s-2 is-layout-flow wp-block-group-is-layout-flow\" style=\"margin-bottom:var(--wp--preset--spacing--s)\">\n<h2 class=\"wp-block-heading\">Was macht die \u00dcberdachung &#8220;Atrium&#8221; aus?<\/h2>\n\n\n\n<p class=\"is-style-teaser\"><span class=\"teaser\"><span class=\"teaser\">Drei Eigenschaften, die das Atrium von einer angebauten \u00dcberdachung unterscheiden: freistehend, frei platzierbar, frei erweiterbar.<\/span><\/span><\/p>\n<\/div>\n<\/div>\n\n\n\n<div class=\"wp-block-group is-layout-flow wp-container-core-group-is-layout-d5075d26 wp-block-group-is-layout-flow\">\n<div class=\"wp-block-columns is-style-shadow m-split is-layout-flex wp-container-core-columns-is-layout-28f84493 wp-block-columns-is-layout-flex\">\n<div class=\"wp-block-column is-style-default is-layout-flow wp-block-column-is-layout-flow\">\n<figure class=\"wp-block-image size-large\"><img loading=\"lazy\" decoding=\"async\" width=\"1024\" height=\"684\" src=\"https:\/\/www.leeb-balkone.com\/app\/uploads\/2021\/11\/ueberdachung-terrasse-mit-glaselementen-seitlich-fuer-windschutz-detailansicht-1024x684.jpg\" alt=\"ueberdachung terrasse mit glaselementen seitlich fuer windschutz detailansicht\" class=\"wp-image-60780\" style=\"aspect-ratio:4\/3;object-fit:cover\" srcset=\"https:\/\/www.leeb-balkone.com\/app\/uploads\/2021\/11\/ueberdachung-terrasse-mit-glaselementen-seitlich-fuer-windschutz-detailansicht-1024x684.jpg 1024w, https:\/\/www.leeb-balkone.com\/app\/uploads\/2021\/11\/ueberdachung-terrasse-mit-glaselementen-seitlich-fuer-windschutz-detailansicht-300x200.jpg 300w, https:\/\/www.leeb-balkone.com\/app\/uploads\/2021\/11\/ueberdachung-terrasse-mit-glaselementen-seitlich-fuer-windschutz-detailansicht-768x513.jpg 768w, https:\/\/www.leeb-balkone.com\/app\/uploads\/2021\/11\/ueberdachung-terrasse-mit-glaselementen-seitlich-fuer-windschutz-detailansicht-1536x1025.jpg 1536w, https:\/\/www.leeb-balkone.com\/app\/uploads\/2021\/11\/ueberdachung-terrasse-mit-glaselementen-seitlich-fuer-windschutz-detailansicht-scaled.jpg 2048w\" sizes=\"auto, (max-width: 1024px) 100vw, 1024px\" \/><\/figure>\n<\/div>\n\n\n\n<div class=\"wp-block-column is-vertically-aligned-center is-style-overlay-content is-layout-flow wp-block-column-is-layout-flow\">\n<div class=\"wp-block-group is-vertical is-layout-flex wp-container-core-group-is-layout-6aed0e10 wp-block-group-is-layout-flex\">\n<h3 class=\"wp-block-heading\">Robust und flexibel<\/h3>\n\n\n\n<p>Das Atrium beginnt als offene \u00dcberdachung \u2013 und wird, wenn Sie wollen, schrittweise mehr: mit seitlichen Sichtschutzelementen aus Aluminium-Lamellen oder Glas, mit Schiebe-Elementen, mit vollfl\u00e4chiger Rundumverglasung. So entsteht aus einem Pavillon ein freistehender Sommergarten, ohne Kompromisse bei Stabilit\u00e4t oder Optik.<\/p>\n\n\n\n<div class=\"wp-block-buttons is-layout-flex wp-block-buttons-is-layout-flex\" style=\"margin-top:var(--wp--preset--spacing--2-xs)\">\n<div class=\"wp-block-button is-style-outline-secondary\"><a class=\"wp-block-button__link has-transparent-background-color has-background wp-element-button\" href=\"https:\/\/www.leeb-balkone.com\/de\/ueberdachungen\/terrassenueberdachung\/#vielfalt-zubehoer\">Zubeh\u00f6r<\/a><\/div>\n<\/div>\n<\/div>\n<\/div>\n<\/div>\n\n\n<\/div>\n<\/section>\n\n\n\n<section class=\"wp-block-group alignfull has-light-gray-background-color has-background has-global-padding is-layout-constrained wp-container-core-group-is-layout-52f96efc wp-block-group-is-layout-constrained\">\n<div class=\"wp-block-group o-grid u-md-1 is-layout-flow wp-block-group-is-layout-flow\" style=\"padding-top:0\">\n<div class=\"wp-block-group u-g-9 u-g-s-2 is-layout-flow wp-block-group-is-layout-flow\" style=\"margin-bottom:var(--wp--preset--spacing--s)\">\n<h2 class=\"wp-block-heading\">H\u00e4ufig gestellte Fragen<\/h2>\n\n\n\n<p class=\"is-style-teaser\" style=\"padding-bottom:var(--wp--preset--spacing--m)\">Sie haben allgemeine Fragen rund um unsere \u00dcberdachung Atrium? In unseren FAQ finden Sie kompakte Antworten zu h\u00e4ufigen Themen rund um das Atrium.<\/p>\n\n\n\n<div class=\"wp-block-t3-acc-accordion is-style-default\"><button id=\"accordion-163e2c54-8a27-4de8-9735-481a34ee1c03-button\" class=\"accordion__button\" aria-expanded=\"false\" aria-controls=\"accordion-163e2c54-8a27-4de8-9735-481a34ee1c03-panel\"><h3 data-accordion-title=\"true\" style=\"font-size:var(--step-1)\">Was ist der Unterschied zwischen Atrium und einer angebauten Terrassen\u00fcberdachung?<\/h3><\/button><div id=\"accordion-163e2c54-8a27-4de8-9735-481a34ee1c03-panel\" class=\"accordion__panel\" role=\"region\" aria-labelledby=\"accordion-163e2c54-8a27-4de8-9735-481a34ee1c03-button\">\n<p>Eine angebaute Terrassen\u00fcberdachung ist mit der Hauswand verbunden \u2013 das Atrium nicht. Es steht frei im Garten oder auf der Terrasse, unabh\u00e4ngig von der Hausarchitektur. Damit ist das Atrium die richtige Wahl, wenn keine Wand zur Verf\u00fcgung steht (etwa bei freistehenden Sitzbereichen, am Pool oder im hinteren Gartenteil), wenn eine angebaute L\u00f6sung baulich nicht m\u00f6glich ist \u2013 oder wenn Sie bewusst eine eigenst\u00e4ndige \u00dcberdachungsfl\u00e4che schaffen wollen, die nicht ans Haus angeschlossen ist.<\/p>\n<\/div><\/div>\n\n\n\n<div class=\"wp-block-t3-acc-accordion is-style-default\"><button id=\"accordion-cae5501d-7143-4e68-9598-c9ff9ba8544b-button\" class=\"accordion__button\" aria-expanded=\"false\" aria-controls=\"accordion-cae5501d-7143-4e68-9598-c9ff9ba8544b-panel\"><h3 data-accordion-title=\"true\" style=\"font-size:var(--step-1)\"><strong>Brauche ich f\u00fcr das Atrium eine Baugenehmigung?<\/strong><\/h3><\/button><div id=\"accordion-cae5501d-7143-4e68-9598-c9ff9ba8544b-panel\" class=\"accordion__panel\" role=\"region\" aria-labelledby=\"accordion-cae5501d-7143-4e68-9598-c9ff9ba8544b-button\">\n<p>Ob ein Atrium genehmigungspflichtig ist, regelt das Baurecht Ihrer Region oder Gemeinde. Die Vorgaben unterscheiden sich von Land zu Land und oft auch innerhalb eines Landes; ma\u00dfgeblich sind meist die \u00fcberdachte Fl\u00e4che, die H\u00f6he und der Abstand zu Grundst\u00fccksgrenzen. Da das Atrium freistehend ist, wird oft auch die Position auf dem Grundst\u00fcck gepr\u00fcft. Leeb realisiert Atrium-\u00dcberdachungen in \u00d6sterreich, Deutschland, der Schweiz, Italien und Slowenien und kennt die regionalen Unterschiede. Ihr Leeb-Berater begleitet Sie durch den Genehmigungsprozess: von der Einsch\u00e4tzung der lokalen Vorgaben bis zur Bereitstellung aller Statik-Berechnungen und Planzeichnungen.<\/p>\n<\/div><\/div>\n\n\n\n<div class=\"wp-block-t3-acc-accordion is-style-default\"><button id=\"accordion-ee1546ca-068c-45a0-a948-db1feb1f7764-button\" class=\"accordion__button\" aria-expanded=\"false\" aria-controls=\"accordion-ee1546ca-068c-45a0-a948-db1feb1f7764-panel\"><h3 data-accordion-title=\"true\" style=\"font-size:var(--step-1)\"><strong>Was kostet ein Leeb-Atrium?<\/strong><\/h3><\/button><div id=\"accordion-ee1546ca-068c-45a0-a948-db1feb1f7764-panel\" class=\"accordion__panel\" role=\"region\" aria-labelledby=\"accordion-ee1546ca-068c-45a0-a948-db1feb1f7764-button\">\n<p>Ein Leeb-Atrium ist Ma\u00dfarbeit aus \u00f6sterreichischer Fertigung \u2013 seit vier Generationen entwickelt und hergestellt im Werk in Gnesau\/K\u00e4rnten, statisch berechnet und f\u00fcr Jahrzehnte ausgelegt. Der Preis h\u00e4ngt von Gr\u00f6\u00dfe, Eindeckung und Ausstattung ab und liegt aufgrund der freistehenden Konstruktion (eigenes Tragwerk, Fundamentierung) tendenziell \u00fcber einer angebauten Terrassen\u00fcberdachung gleicher Fl\u00e4che. Was Ihr Atrium konkret kostet, ermittelt Ihr Leeb-Berater nach einer kostenlosen Vor-Ort-Beratung.<\/p>\n<\/div><\/div>\n\n\n\n<div class=\"wp-block-t3-acc-accordion is-style-default\"><button id=\"accordion-b51ded7b-21c6-45af-957e-daa53b9b3e8b-button\" class=\"accordion__button\" aria-expanded=\"false\" aria-controls=\"accordion-b51ded7b-21c6-45af-957e-daa53b9b3e8b-panel\"><h3 data-accordion-title=\"true\" style=\"font-size:var(--step-1)\"><strong>Kann ich das Atrium nachtr\u00e4glich zum Sommergarten ausbauen?<\/strong><\/h3><\/button><div id=\"accordion-b51ded7b-21c6-45af-957e-daa53b9b3e8b-panel\" class=\"accordion__panel\" role=\"region\" aria-labelledby=\"accordion-b51ded7b-21c6-45af-957e-daa53b9b3e8b-button\">\n<p>Ob ein Atrium genehmigungspflichtig ist, regelt das Baurecht Ihrer Region oder Gemeinde. Die Vorgaben unterscheiden sich von Land zu Land und oft auch innerhalb eines Landes; ma\u00dfgeblich sind meist die \u00fcberdachte Fl\u00e4che, die H\u00f6he und der Abstand zu Grundst\u00fccksgrenzen. Da das Atrium freistehend ist, wird oft auch die Position auf dem Grundst\u00fcck gepr\u00fcft. Leeb realisiert Atrium-\u00dcberdachungen in \u00d6sterreich, Deutschland, der Schweiz, Italien und Slowenien und kennt die regionalen Unterschiede. Ihr Leeb-Berater begleitet Sie durch den Genehmigungsprozess: von der Einsch\u00e4tzung der lokalen Vorgaben bis zur Bereitstellung aller Statik-Berechnungen und Planzeichnungen.<\/p>\n<\/div><\/div>\n<\/div>\n<\/div>\n<\/section>\n\n\n\n<section class=\"wp-block-group alignfull has-white-background-color has-background has-global-padding is-layout-constrained wp-container-core-group-is-layout-52f96efc wp-block-group-is-layout-constrained\">\n<div class=\"wp-block-group o-grid u-md-1 is-layout-flow wp-block-group-is-layout-flow\" style=\"padding-top:0\">\n<div class=\"wp-block-group u-g-9 u-g-s-2 is-layout-flow wp-block-group-is-layout-flow\">\n<h2 class=\"wp-block-heading\">Atrium Impressionen<\/h2>\n\n\n\n<p><span class=\"teaser\"><span class=\"teaser\">Lassen Sie sich von den Gestaltungsm\u00f6glichkeiten unseres Atriums inspirieren.<\/span><\/span><\/p>\n<\/div>\n<\/div>\n\n\n    <div id=\"t3-lg-block-1\" class=\"wp-block-t3-lightgallery\" data-initial-count=\"9\">\n      <div class=\"lg-container u-grid-temp has-3-cols\">\n                  <div class=\"lg-item\" data-src=\"https:\/\/www.leeb-balkone.com\/app\/uploads\/2020\/07\/glas-alu-atrium-ueberdachung-5-scaled.jpg\"\n              data-sub-html=\"&lt;p&gt;Freistehendes Atrium im Garten mit Aufdachmarkise&lt;\/p&gt;\">\n            <div class=\"img-wrapper\">\n                <figure>\n                    <img loading=\"lazy\" decoding=\"async\" width=\"300\" height=\"200\" src=\"https:\/\/www.leeb-balkone.com\/app\/uploads\/2020\/07\/glas-alu-atrium-ueberdachung-5-300x200.jpg\" class=\"attachment-medium size-medium\" alt=\"glas alu atrium ueberdachung\" srcset=\"https:\/\/www.leeb-balkone.com\/app\/uploads\/2020\/07\/glas-alu-atrium-ueberdachung-5-300x200.jpg 300w, https:\/\/www.leeb-balkone.com\/app\/uploads\/2020\/07\/glas-alu-atrium-ueberdachung-5-1024x683.jpg 1024w, https:\/\/www.leeb-balkone.com\/app\/uploads\/2020\/07\/glas-alu-atrium-ueberdachung-5-768x512.jpg 768w, https:\/\/www.leeb-balkone.com\/app\/uploads\/2020\/07\/glas-alu-atrium-ueberdachung-5-1536x1024.jpg 1536w, https:\/\/www.leeb-balkone.com\/app\/uploads\/2020\/07\/glas-alu-atrium-ueberdachung-5-2048x1366.jpg 2048w\" sizes=\"auto, (min-width: 1200px) 260px, (min-width: 1024px) 220px, (min-width: 640px) 465px, 768px\" \/>    \n                <\/figure>\n                        <\/div>\n            <p>Freistehendes Atrium im Garten mit Aufdachmarkise<\/p>        <\/div>\n                  <div class=\"lg-item\" data-src=\"https:\/\/www.leeb-balkone.com\/app\/uploads\/2020\/07\/glas-alu-atrium-ueberdachung-11-scaled.jpg\"\n              data-sub-html=\"&lt;p&gt;Atrium mit Glasdach&lt;\/p&gt;\">\n            <div class=\"img-wrapper\">\n                <figure>\n                    <img loading=\"lazy\" decoding=\"async\" width=\"300\" height=\"217\" src=\"https:\/\/www.leeb-balkone.com\/app\/uploads\/2020\/07\/glas-alu-atrium-ueberdachung-11-300x217.jpg\" class=\"attachment-medium size-medium\" alt=\"glas alu atrium ueberdachung\" srcset=\"https:\/\/www.leeb-balkone.com\/app\/uploads\/2020\/07\/glas-alu-atrium-ueberdachung-11-300x217.jpg 300w, https:\/\/www.leeb-balkone.com\/app\/uploads\/2020\/07\/glas-alu-atrium-ueberdachung-11-1024x742.jpg 1024w, https:\/\/www.leeb-balkone.com\/app\/uploads\/2020\/07\/glas-alu-atrium-ueberdachung-11-768x556.jpg 768w, https:\/\/www.leeb-balkone.com\/app\/uploads\/2020\/07\/glas-alu-atrium-ueberdachung-11-1536x1112.jpg 1536w, https:\/\/www.leeb-balkone.com\/app\/uploads\/2020\/07\/glas-alu-atrium-ueberdachung-11-2048x1483.jpg 2048w\" sizes=\"auto, (min-width: 1200px) 260px, (min-width: 1024px) 220px, (min-width: 640px) 465px, 768px\" \/>    \n                <\/figure>\n                        <\/div>\n            <p>Atrium mit Glasdach<\/p>        <\/div>\n                  <div class=\"lg-item\" data-src=\"https:\/\/www.leeb-balkone.com\/app\/uploads\/2020\/07\/glas-alu-atrium-ueberdachung-10-scaled.jpg\"\n              data-sub-html=\"&lt;p&gt;freistehende \u00dcberdachung - Atrium mit Aufdachmarkise&lt;\/p&gt;\">\n            <div class=\"img-wrapper\">\n                <figure>\n                    <img loading=\"lazy\" decoding=\"async\" width=\"300\" height=\"192\" src=\"https:\/\/www.leeb-balkone.com\/app\/uploads\/2020\/07\/glas-alu-atrium-ueberdachung-10-300x192.jpg\" class=\"attachment-medium size-medium\" alt=\"glas alu atrium ueberdachung\" srcset=\"https:\/\/www.leeb-balkone.com\/app\/uploads\/2020\/07\/glas-alu-atrium-ueberdachung-10-300x192.jpg 300w, https:\/\/www.leeb-balkone.com\/app\/uploads\/2020\/07\/glas-alu-atrium-ueberdachung-10-1024x655.jpg 1024w, https:\/\/www.leeb-balkone.com\/app\/uploads\/2020\/07\/glas-alu-atrium-ueberdachung-10-768x491.jpg 768w, https:\/\/www.leeb-balkone.com\/app\/uploads\/2020\/07\/glas-alu-atrium-ueberdachung-10-1536x982.jpg 1536w, https:\/\/www.leeb-balkone.com\/app\/uploads\/2020\/07\/glas-alu-atrium-ueberdachung-10-2048x1310.jpg 2048w\" sizes=\"auto, (min-width: 1200px) 260px, (min-width: 1024px) 220px, (min-width: 640px) 465px, 768px\" \/>    \n                <\/figure>\n                        <\/div>\n            <p>freistehende \u00dcberdachung &#8211; Atrium mit Aufdachmarkise<\/p>        <\/div>\n                  <div class=\"lg-item\" data-src=\"https:\/\/www.leeb-balkone.com\/app\/uploads\/2021\/11\/ueberdachung-terrasse-mit-glaselementen-seitlich-fuer-windschutz-detailansicht-scaled.jpg\"\n              data-sub-html=\"&lt;p&gt;\u00dcberdachungssystem Atrium freistehend an der Wand&lt;\/p&gt;\">\n            <div class=\"img-wrapper\">\n                <figure>\n                    <img loading=\"lazy\" decoding=\"async\" width=\"300\" height=\"200\" src=\"https:\/\/www.leeb-balkone.com\/app\/uploads\/2021\/11\/ueberdachung-terrasse-mit-glaselementen-seitlich-fuer-windschutz-detailansicht-300x200.jpg\" class=\"attachment-medium size-medium\" alt=\"ueberdachung terrasse mit glaselementen seitlich fuer windschutz detailansicht\" srcset=\"https:\/\/www.leeb-balkone.com\/app\/uploads\/2021\/11\/ueberdachung-terrasse-mit-glaselementen-seitlich-fuer-windschutz-detailansicht-300x200.jpg 300w, https:\/\/www.leeb-balkone.com\/app\/uploads\/2021\/11\/ueberdachung-terrasse-mit-glaselementen-seitlich-fuer-windschutz-detailansicht-1024x684.jpg 1024w, https:\/\/www.leeb-balkone.com\/app\/uploads\/2021\/11\/ueberdachung-terrasse-mit-glaselementen-seitlich-fuer-windschutz-detailansicht-768x513.jpg 768w, https:\/\/www.leeb-balkone.com\/app\/uploads\/2021\/11\/ueberdachung-terrasse-mit-glaselementen-seitlich-fuer-windschutz-detailansicht-1536x1025.jpg 1536w, https:\/\/www.leeb-balkone.com\/app\/uploads\/2021\/11\/ueberdachung-terrasse-mit-glaselementen-seitlich-fuer-windschutz-detailansicht-scaled.jpg 2048w\" sizes=\"auto, (min-width: 1200px) 260px, (min-width: 1024px) 220px, (min-width: 640px) 465px, 768px\" \/>    \n                <\/figure>\n                        <\/div>\n            <p>\u00dcberdachungssystem Atrium freistehend an der Wand<\/p>        <\/div>\n                  <div class=\"lg-item\" data-src=\"https:\/\/www.leeb-balkone.com\/app\/uploads\/2020\/07\/glas-alu-atrium-ueberdachung-9-scaled.jpg\"\n              data-sub-html=\"&lt;p&gt;Freistehende \u00dcberdachung aus der Vogelperspektive mit Glaseindeckung - Leeb Atrium&lt;\/p&gt;\">\n            <div class=\"img-wrapper\">\n                <figure>\n                    <img loading=\"lazy\" decoding=\"async\" width=\"300\" height=\"203\" src=\"https:\/\/www.leeb-balkone.com\/app\/uploads\/2020\/07\/glas-alu-atrium-ueberdachung-9-300x203.jpg\" class=\"attachment-medium size-medium\" alt=\"glas alu atrium ueberdachung\" srcset=\"https:\/\/www.leeb-balkone.com\/app\/uploads\/2020\/07\/glas-alu-atrium-ueberdachung-9-300x203.jpg 300w, https:\/\/www.leeb-balkone.com\/app\/uploads\/2020\/07\/glas-alu-atrium-ueberdachung-9-1024x692.jpg 1024w, https:\/\/www.leeb-balkone.com\/app\/uploads\/2020\/07\/glas-alu-atrium-ueberdachung-9-768x519.jpg 768w, https:\/\/www.leeb-balkone.com\/app\/uploads\/2020\/07\/glas-alu-atrium-ueberdachung-9-1536x1038.jpg 1536w, https:\/\/www.leeb-balkone.com\/app\/uploads\/2020\/07\/glas-alu-atrium-ueberdachung-9-2048x1384.jpg 2048w, https:\/\/www.leeb-balkone.com\/app\/uploads\/2020\/07\/glas-alu-atrium-ueberdachung-9-400x270.jpg 400w\" sizes=\"auto, (min-width: 1200px) 260px, (min-width: 1024px) 220px, (min-width: 640px) 465px, 768px\" \/>    \n                <\/figure>\n                        <\/div>\n            <p>Freistehende \u00dcberdachung aus der Vogelperspektive mit Glaseindeckung &#8211; Leeb Atrium<\/p>        <\/div>\n                  <div class=\"lg-item\" data-src=\"https:\/\/www.leeb-balkone.com\/app\/uploads\/2020\/07\/glas-alu-atrium-ueberdachung-7-scaled.jpg\"\n              data-sub-html=\"&lt;p&gt;Freistehende \u00dcberdachungsvariante - das Atrium von Leeb&lt;\/p&gt;\">\n            <div class=\"img-wrapper\">\n                <figure>\n                    <img loading=\"lazy\" decoding=\"async\" width=\"300\" height=\"206\" src=\"https:\/\/www.leeb-balkone.com\/app\/uploads\/2020\/07\/glas-alu-atrium-ueberdachung-7-300x206.jpg\" class=\"attachment-medium size-medium\" alt=\"Freistehende \u00dcberdachungsvariante - das Atrium von Leeb\" srcset=\"https:\/\/www.leeb-balkone.com\/app\/uploads\/2020\/07\/glas-alu-atrium-ueberdachung-7-300x206.jpg 300w, https:\/\/www.leeb-balkone.com\/app\/uploads\/2020\/07\/glas-alu-atrium-ueberdachung-7-1024x705.jpg 1024w, https:\/\/www.leeb-balkone.com\/app\/uploads\/2020\/07\/glas-alu-atrium-ueberdachung-7-768x529.jpg 768w, https:\/\/www.leeb-balkone.com\/app\/uploads\/2020\/07\/glas-alu-atrium-ueberdachung-7-1536x1057.jpg 1536w, https:\/\/www.leeb-balkone.com\/app\/uploads\/2020\/07\/glas-alu-atrium-ueberdachung-7-2048x1409.jpg 2048w\" sizes=\"auto, (min-width: 1200px) 260px, (min-width: 1024px) 220px, (min-width: 640px) 465px, 768px\" \/>    \n                <\/figure>\n                        <\/div>\n            <p>Freistehende \u00dcberdachungsvariante &#8211; das Atrium von Leeb<\/p>        <\/div>\n                  <div class=\"lg-item\" data-src=\"https:\/\/www.leeb-balkone.com\/app\/uploads\/2020\/07\/glas-alu-atrium-ueberdachung-4-scaled.jpg\"\n              data-sub-html=\"&lt;p&gt;Atrium mit Glasschiebelementen - Leeb \u00dcberdachungen&lt;\/p&gt;\">\n            <div class=\"img-wrapper\">\n                <figure>\n                    <img loading=\"lazy\" decoding=\"async\" width=\"300\" height=\"200\" src=\"https:\/\/www.leeb-balkone.com\/app\/uploads\/2020\/07\/glas-alu-atrium-ueberdachung-4-300x200.jpg\" class=\"attachment-medium size-medium\" alt=\"glas alu atrium ueberdachung\" srcset=\"https:\/\/www.leeb-balkone.com\/app\/uploads\/2020\/07\/glas-alu-atrium-ueberdachung-4-300x200.jpg 300w, https:\/\/www.leeb-balkone.com\/app\/uploads\/2020\/07\/glas-alu-atrium-ueberdachung-4-1024x683.jpg 1024w, https:\/\/www.leeb-balkone.com\/app\/uploads\/2020\/07\/glas-alu-atrium-ueberdachung-4-768x512.jpg 768w, https:\/\/www.leeb-balkone.com\/app\/uploads\/2020\/07\/glas-alu-atrium-ueberdachung-4-1536x1024.jpg 1536w, https:\/\/www.leeb-balkone.com\/app\/uploads\/2020\/07\/glas-alu-atrium-ueberdachung-4-2048x1366.jpg 2048w\" sizes=\"auto, (min-width: 1200px) 260px, (min-width: 1024px) 220px, (min-width: 640px) 465px, 768px\" \/>    \n                <\/figure>\n                        <\/div>\n            <p>Atrium mit Glasschiebelementen &#8211; Leeb \u00dcberdachungen<\/p>        <\/div>\n                  <div class=\"lg-item\" data-src=\"https:\/\/www.leeb-balkone.com\/app\/uploads\/2020\/07\/glas-alu-atrium-ueberdachung-6-scaled.jpg\"\n              data-sub-html=\"&lt;p&gt;Atrium mit Glasschiebelementen und Aufdachmarkise&lt;\/p&gt;\">\n            <div class=\"img-wrapper\">\n                <figure>\n                    <img loading=\"lazy\" decoding=\"async\" width=\"300\" height=\"200\" src=\"https:\/\/www.leeb-balkone.com\/app\/uploads\/2020\/07\/glas-alu-atrium-ueberdachung-6-300x200.jpg\" class=\"attachment-medium size-medium\" alt=\"glas alu atrium ueberdachung\" srcset=\"https:\/\/www.leeb-balkone.com\/app\/uploads\/2020\/07\/glas-alu-atrium-ueberdachung-6-300x200.jpg 300w, https:\/\/www.leeb-balkone.com\/app\/uploads\/2020\/07\/glas-alu-atrium-ueberdachung-6-1024x683.jpg 1024w, https:\/\/www.leeb-balkone.com\/app\/uploads\/2020\/07\/glas-alu-atrium-ueberdachung-6-768x512.jpg 768w, https:\/\/www.leeb-balkone.com\/app\/uploads\/2020\/07\/glas-alu-atrium-ueberdachung-6-1536x1024.jpg 1536w, https:\/\/www.leeb-balkone.com\/app\/uploads\/2020\/07\/glas-alu-atrium-ueberdachung-6-2048x1366.jpg 2048w\" sizes=\"auto, (min-width: 1200px) 260px, (min-width: 1024px) 220px, (min-width: 640px) 465px, 768px\" \/>    \n                <\/figure>\n                        <\/div>\n            <p>Atrium mit Glasschiebelementen und Aufdachmarkise<\/p>        <\/div>\n                  <div class=\"lg-item\" data-src=\"https:\/\/www.leeb-balkone.com\/app\/uploads\/2020\/07\/glas-alu-atrium-ueberdachung-8-scaled.jpg\"\n              data-sub-html=\"&lt;p&gt;Freistehendes Atrium (Sommergarten mit Rundumverglasung) - Leeb \u00dcberdachungssysteme&lt;\/p&gt;\">\n            <div class=\"img-wrapper\">\n                <figure>\n                    <img loading=\"lazy\" decoding=\"async\" width=\"300\" height=\"197\" src=\"https:\/\/www.leeb-balkone.com\/app\/uploads\/2020\/07\/glas-alu-atrium-ueberdachung-8-300x197.jpg\" class=\"attachment-medium size-medium\" alt=\"glas alu atrium ueberdachung\" srcset=\"https:\/\/www.leeb-balkone.com\/app\/uploads\/2020\/07\/glas-alu-atrium-ueberdachung-8-300x197.jpg 300w, https:\/\/www.leeb-balkone.com\/app\/uploads\/2020\/07\/glas-alu-atrium-ueberdachung-8-1024x672.jpg 1024w, https:\/\/www.leeb-balkone.com\/app\/uploads\/2020\/07\/glas-alu-atrium-ueberdachung-8-768x504.jpg 768w, https:\/\/www.leeb-balkone.com\/app\/uploads\/2020\/07\/glas-alu-atrium-ueberdachung-8-1536x1008.jpg 1536w, https:\/\/www.leeb-balkone.com\/app\/uploads\/2020\/07\/glas-alu-atrium-ueberdachung-8-2048x1344.jpg 2048w\" sizes=\"auto, (min-width: 1200px) 260px, (min-width: 1024px) 220px, (min-width: 640px) 465px, 768px\" \/>    \n                <\/figure>\n                        <\/div>\n            <p>Freistehendes Atrium (Sommergarten mit Rundumverglasung) &#8211; Leeb \u00dcberdachungssysteme<\/p>        <\/div>\n                <\/div>\n\n          <\/div>\n    <\/section>\n\n\n\n<section class=\"wp-block-group alignfull has-white-background-color has-background has-global-padding is-layout-constrained wp-container-core-group-is-layout-9fa1424c wp-block-group-is-layout-constrained\" style=\"padding-top:0\">\n<div class=\"wp-block-columns is-style-offset m-split is-layout-flex wp-container-core-columns-is-layout-28f84493 wp-block-columns-is-layout-flex\">\n<div class=\"wp-block-column is-layout-flow wp-block-column-is-layout-flow\"><div class=\"vp-map-wrapper vp-map-ratio-19-1\"><img decoding=\"async\" width=\"2000\" height=\"1041\" src=\"https:\/\/www.leeb-balkone.com\/app\/uploads\/2026\/03\/map-de.jpg\" class=\"attachment-full size-full\" alt=\"Deutsche Map: Vertriebspartner (orange Pins) und Schaur\u00e4ume \/ Standorte (gr\u00fcne Pins) der Leeb Balkone GmbH in Deutschland\" style=\"width:100%;height:100%;object-fit:cover;display:block;\" loading=\"lazy\" srcset=\"https:\/\/www.leeb-balkone.com\/app\/uploads\/2026\/03\/map-de.jpg 2000w, https:\/\/www.leeb-balkone.com\/app\/uploads\/2026\/03\/map-de-300x156.jpg 300w, https:\/\/www.leeb-balkone.com\/app\/uploads\/2026\/03\/map-de-1024x533.jpg 1024w, https:\/\/www.leeb-balkone.com\/app\/uploads\/2026\/03\/map-de-768x400.jpg 768w, https:\/\/www.leeb-balkone.com\/app\/uploads\/2026\/03\/map-de-1536x799.jpg 1536w\" sizes=\"auto, (min-width: 1536px) 2048px, (min-width: 992px) 1536px, (min-width: 768px) 1024px, (min-width: 576px) 768px, 100vw\" \/><\/div>\n<\/div>\n\n\n\n<div class=\"wp-block-column is-vertically-aligned-center is-style-overlay-content is-layout-flow wp-block-column-is-layout-flow\">\n<div class=\"wp-block-group is-vertical is-layout-flex wp-container-core-group-is-layout-bd7877ba wp-block-group-is-layout-flex\">\n<h2 class=\"wp-block-heading has-step-2-font-size\">Vertriebspartner Deutschland<\/h2>\n\n\n\n<p>Kompetente LEEB Partner in Ihrer Region. Pers\u00f6nliche Beratung, pr\u00e4zise Planung und fachgerechte Montage \u2013 bundesweit.<\/p>\n\n\n\n<div class=\"wp-block-buttons is-layout-flex wp-block-buttons-is-layout-flex\" style=\"margin-top:var(--wp--preset--spacing--2-xs)\">\n<div class=\"wp-block-button is-style-cta\"><a class=\"wp-block-button__link has-transparent-background-color has-background wp-element-button\" href=\"https:\/\/www.leeb-balkone.com\/de\/vertriebspartner\/\">Vertriebspartner finden<span class=\"sr-only\"> Vertriebspartner Leeb Balkone Deutschland<\/span><\/a><\/div>\n<\/div>\n<\/div>\n<\/div>\n<\/div>\n<\/section>\n\n\n\n<section class=\"wp-block-group alignfull has-light-gray-background-color has-background has-global-padding is-layout-constrained wp-container-core-group-is-layout-52f96efc wp-block-group-is-layout-constrained\" id=\"beratungstermin\">\n<div class=\"wp-block-group m-teaser o-grid u-md-1 is-layout-flow wp-block-group-is-layout-flow\">\n<div class=\"wp-block-group u-g-7 u-g-s-2 is-layout-flow wp-block-group-is-layout-flow\" style=\"margin-bottom:var(--wp--preset--spacing--s)\">\n<h2 class=\"wp-block-heading\">Kontaktieren Sie uns<\/h2>\n\n\n\n<p><strong><strong>Sie planen ein Projekt oder haben Fragen zu uns und unseren L\u00f6sungen? Schreiben Sie uns einfach &#8211; wir nehmen uns gerne Zeit f\u00fcr Ihr Anliegen!<\/strong><\/strong><\/p>\n<\/div>\n<\/div>\n\n\n\n<div class=\"wp-block-group m-teaser o-grid u-md-1 is-layout-flow wp-block-group-is-layout-flow\">\n<div class=\"wp-block-group u-g-7 u-g-s-2 is-layout-flow wp-block-group-is-layout-flow\" style=\"margin-bottom:var(--wp--preset--spacing--s)\"><form action=\"https:\/\/www.leeb-balkone.com\/de\/wp-json\/ws-form\/v1\/submit\" class=\"wsf-form wsf-form-canvas\" id=\"ws-form-1\" data-id=\"4\" data-instance-id=\"1\" method=\"POST\"><\/form>\n<\/div>\n\n\n\n<div class=\"wp-block-group u-g-3 u-g-s-9 is-layout-flow wp-block-group-is-layout-flow\"><div class=\"t3-sidebar-buttons wp-block-buttons is-layout-flex wp-block-buttons-is-layout-flex\"><div class=\"wp-block-button is-style-fill icon-book icon-left\">\n                        <a class=\"wp-block-button__link has-secondary-color has-white-background-color has-text-color has-background has-link-color wp-element-button\" href=\"https:\/\/www.leeb-balkone.com\/de\/kontakt\/katalog-anfordern\/\" style=\"box-shadow:var(--wp--preset--shadow--box-shadow)\">Katalog anfordern<\/a>\n                    <\/div><div class=\"wp-block-button is-style-fill icon-phone-new icon-left\">\n                        <a class=\"wp-block-button__link has-secondary-color has-white-background-color has-text-color has-background has-link-color wp-element-button\" href=\"tel:08001801003\">Hotline Deutschland <span class=\"sr-only\">Hotline: 0800 1801003 (Deutschlandweit kostenlos)<\/span><\/a>\n                    <\/div><\/div>\n<\/div>\n<\/div>\n<\/section>\n","protected":false},"excerpt":{"rendered":"","protected":false},"author":4,"featured_media":0,"parent":19973,"menu_order":0,"comment_status":"closed","ping_status":"closed","template":"template-onepager.blade.php","meta":{"_acf_changed":false,"footnotes":"","_sage_theme_css":true,"_wp_block_core_css":true},"folder":[238,248],"class_list":["post-148562","page","type-page","status-publish","hentry"],"acf":[],"yoast_head":"<!-- This site is optimized with the Yoast SEO plugin v27.2 - https:\/\/yoast.com\/product\/yoast-seo-wordpress\/ -->\n<title>Atrium \u00bb Freistehende Atrium-\u00dcberdachung - Leeb Balkone Deutschland<\/title>\n<meta name=\"description\" content=\"Das Leeb Atrium ist eine moderne, freistehende \u00dcberdachung aus Aluminium. Flexibel im Garten platzierbar und zum Sommergarten erweiterbar. Wetterfest &amp; stabil. Jetzt planen!\" \/>\n<meta name=\"robots\" content=\"index, follow, max-snippet:-1, max-image-preview:large, max-video-preview:-1\" \/>\n<meta property=\"og:locale\" content=\"de_DE\" \/>\n<meta property=\"og:type\" content=\"article\" \/>\n<meta property=\"og:title\" content=\"Atrium \u00bb Freistehende Atrium-\u00dcberdachung - Leeb Balkone\" \/>\n<meta property=\"og:description\" content=\"Das Leeb Atrium ist eine moderne, freistehende \u00dcberdachung aus Aluminium. Flexibel im Garten platzierbar und zum Sommergarten erweiterbar. Wetterfest &amp; stabil. Jetzt planen!\" \/>\n<meta property=\"og:url\" content=\"https:\/\/www.leeb-balkone.com\/de\/ueberdachungen\/atrium\/\" \/>\n<meta property=\"og:site_name\" content=\"Leeb Balkone\" \/>\n<meta property=\"article:publisher\" content=\"https:\/\/www.facebook.com\/balkone\/\" \/>\n<meta property=\"article:modified_time\" content=\"2026-05-01T15:52:33+00:00\" \/>\n<meta property=\"og:image\" content=\"https:\/\/www.leeb-balkone.com\/app\/uploads\/2020\/07\/glas-alu-atrium-ueberdachung-7-scaled.jpg\" \/>\n\t<meta property=\"og:image:width\" content=\"2560\" \/>\n\t<meta property=\"og:image:height\" content=\"1762\" \/>\n\t<meta property=\"og:image:type\" content=\"image\/jpeg\" \/>\n<meta name=\"twitter:card\" content=\"summary_large_image\" \/>\n<script type=\"application\/ld+json\" class=\"yoast-schema-graph\">{\"@context\":\"https:\/\/schema.org\",\"@graph\":[{\"@type\":\"WebPage\",\"@id\":\"https:\/\/www.leeb-balkone.com\/de\/ueberdachungen\/atrium\/\",\"url\":\"https:\/\/www.leeb-balkone.com\/de\/ueberdachungen\/atrium\/\",\"name\":\"Atrium \u00bb Freistehende Atrium-\u00dcberdachung - Leeb Balkone\",\"isPartOf\":{\"@id\":\"https:\/\/www.leeb-balkone.com\/de\/#website\"},\"primaryImageOfPage\":{\"@id\":\"https:\/\/www.leeb-balkone.com\/de\/ueberdachungen\/atrium\/#primaryimage\"},\"image\":{\"@id\":\"https:\/\/www.leeb-balkone.com\/de\/ueberdachungen\/atrium\/#primaryimage\"},\"thumbnailUrl\":\"https:\/\/www.leeb-balkone.com\/app\/uploads\/2020\/07\/glas-alu-atrium-ueberdachung-7-1024x705.jpg\",\"datePublished\":\"2025-09-12T20:26:37+00:00\",\"dateModified\":\"2026-05-01T15:52:33+00:00\",\"description\":\"Das Leeb Atrium ist eine moderne, freistehende \u00dcberdachung aus Aluminium. Flexibel im Garten platzierbar und zum Sommergarten erweiterbar. Wetterfest & stabil. Jetzt planen!\",\"breadcrumb\":{\"@id\":\"https:\/\/www.leeb-balkone.com\/de\/ueberdachungen\/atrium\/#breadcrumb\"},\"inLanguage\":\"de\",\"potentialAction\":[{\"@type\":\"ReadAction\",\"target\":[\"https:\/\/www.leeb-balkone.com\/de\/ueberdachungen\/atrium\/\"]}]},{\"@type\":\"ImageObject\",\"inLanguage\":\"de\",\"@id\":\"https:\/\/www.leeb-balkone.com\/de\/ueberdachungen\/atrium\/#primaryimage\",\"url\":\"https:\/\/www.leeb-balkone.com\/app\/uploads\/2020\/07\/glas-alu-atrium-ueberdachung-7-1024x705.jpg\",\"contentUrl\":\"https:\/\/www.leeb-balkone.com\/app\/uploads\/2020\/07\/glas-alu-atrium-ueberdachung-7-1024x705.jpg\"},{\"@type\":\"BreadcrumbList\",\"@id\":\"https:\/\/www.leeb-balkone.com\/de\/ueberdachungen\/atrium\/#breadcrumb\",\"itemListElement\":[{\"@type\":\"ListItem\",\"position\":1,\"name\":\"Home\",\"item\":\"https:\/\/www.leeb-balkone.com\/de\/\"},{\"@type\":\"ListItem\",\"position\":2,\"name\":\"\u00dcberdachungen und Sommerg\u00e4rten\",\"item\":\"https:\/\/www.leeb-balkone.com\/de\/ueberdachungen\/\"},{\"@type\":\"ListItem\",\"position\":3,\"name\":\"Atrium\"}]},{\"@type\":\"WebSite\",\"@id\":\"https:\/\/www.leeb-balkone.com\/de\/#website\",\"url\":\"https:\/\/www.leeb-balkone.com\/de\/\",\"name\":\"Leeb Balkone\",\"description\":\"Balkone und Z\u00e4une\",\"publisher\":{\"@id\":\"https:\/\/www.leeb-balkone.com\/de\/#organization\"},\"potentialAction\":[{\"@type\":\"SearchAction\",\"target\":{\"@type\":\"EntryPoint\",\"urlTemplate\":\"https:\/\/www.leeb-balkone.com\/de\/?s={search_term_string}\"},\"query-input\":{\"@type\":\"PropertyValueSpecification\",\"valueRequired\":true,\"valueName\":\"search_term_string\"}}],\"inLanguage\":\"de\"},{\"@type\":\"Organization\",\"@id\":\"https:\/\/www.leeb-balkone.com\/de\/#organization\",\"name\":\"Leeb Balkone Gmbh\",\"url\":\"https:\/\/www.leeb-balkone.com\/de\/\",\"logo\":{\"@type\":\"ImageObject\",\"inLanguage\":\"de\",\"@id\":\"https:\/\/www.leeb-balkone.com\/de\/#\/schema\/logo\/image\/\",\"url\":\"https:\/\/www.leeb-balkone.com\/app\/uploads\/2020\/11\/leeb-logo.svg\",\"contentUrl\":\"https:\/\/www.leeb-balkone.com\/app\/uploads\/2020\/11\/leeb-logo.svg\",\"width\":741,\"height\":204,\"caption\":\"Leeb Balkone Gmbh\"},\"image\":{\"@id\":\"https:\/\/www.leeb-balkone.com\/de\/#\/schema\/logo\/image\/\"},\"sameAs\":[\"https:\/\/www.facebook.com\/balkone\/\",\"https:\/\/www.trustedshops.at\/bewertung\/info_X4587CCF5833E31AFE0B11F47D86999F2.html\",\"https:\/\/www.trustedshops.de\/bewertung\/info_X7BA536A7A0BDC86D36C4718E4DCAEEEF.html\",\"https:\/\/www.google.com\/maps\/place\/?q=place_id:ChIJ5-zH19-IcEcR9HonWRTllHI\"]}]}<\/script>\n<!-- \/ Yoast SEO plugin. -->","yoast_head_json":{"title":"Atrium \u00bb Freistehende Atrium-\u00dcberdachung - Leeb Balkone Deutschland","description":"Das Leeb Atrium ist eine moderne, freistehende \u00dcberdachung aus Aluminium. Flexibel im Garten platzierbar und zum Sommergarten erweiterbar. Wetterfest & stabil. Jetzt planen!","robots":{"index":"index","follow":"follow","max-snippet":"max-snippet:-1","max-image-preview":"max-image-preview:large","max-video-preview":"max-video-preview:-1"},"og_locale":"de_DE","og_type":"article","og_title":"Atrium \u00bb Freistehende Atrium-\u00dcberdachung - Leeb Balkone","og_description":"Das Leeb Atrium ist eine moderne, freistehende \u00dcberdachung aus Aluminium. Flexibel im Garten platzierbar und zum Sommergarten erweiterbar. Wetterfest & stabil. Jetzt planen!","og_url":"https:\/\/www.leeb-balkone.com\/de\/ueberdachungen\/atrium\/","og_site_name":"Leeb Balkone","article_publisher":"https:\/\/www.facebook.com\/balkone\/","article_modified_time":"2026-05-01T15:52:33+00:00","og_image":[{"width":2560,"height":1762,"url":"https:\/\/www.leeb-balkone.com\/app\/uploads\/2020\/07\/glas-alu-atrium-ueberdachung-7-scaled.jpg","type":"image\/jpeg"}],"twitter_card":"summary_large_image","schema":{"@context":"https:\/\/schema.org","@graph":[{"@type":"WebPage","@id":"https:\/\/www.leeb-balkone.com\/de\/ueberdachungen\/atrium\/","url":"https:\/\/www.leeb-balkone.com\/de\/ueberdachungen\/atrium\/","name":"Atrium \u00bb Freistehende Atrium-\u00dcberdachung - Leeb Balkone","isPartOf":{"@id":"https:\/\/www.leeb-balkone.com\/de\/#website"},"primaryImageOfPage":{"@id":"https:\/\/www.leeb-balkone.com\/de\/ueberdachungen\/atrium\/#primaryimage"},"image":{"@id":"https:\/\/www.leeb-balkone.com\/de\/ueberdachungen\/atrium\/#primaryimage"},"thumbnailUrl":"https:\/\/www.leeb-balkone.com\/app\/uploads\/2020\/07\/glas-alu-atrium-ueberdachung-7-1024x705.jpg","datePublished":"2025-09-12T20:26:37+00:00","dateModified":"2026-05-01T15:52:33+00:00","description":"Das Leeb Atrium ist eine moderne, freistehende \u00dcberdachung aus Aluminium. Flexibel im Garten platzierbar und zum Sommergarten erweiterbar. Wetterfest & stabil. Jetzt planen!","breadcrumb":{"@id":"https:\/\/www.leeb-balkone.com\/de\/ueberdachungen\/atrium\/#breadcrumb"},"inLanguage":"de","potentialAction":[{"@type":"ReadAction","target":["https:\/\/www.leeb-balkone.com\/de\/ueberdachungen\/atrium\/"]}]},{"@type":"ImageObject","inLanguage":"de","@id":"https:\/\/www.leeb-balkone.com\/de\/ueberdachungen\/atrium\/#primaryimage","url":"https:\/\/www.leeb-balkone.com\/app\/uploads\/2020\/07\/glas-alu-atrium-ueberdachung-7-1024x705.jpg","contentUrl":"https:\/\/www.leeb-balkone.com\/app\/uploads\/2020\/07\/glas-alu-atrium-ueberdachung-7-1024x705.jpg"},{"@type":"BreadcrumbList","@id":"https:\/\/www.leeb-balkone.com\/de\/ueberdachungen\/atrium\/#breadcrumb","itemListElement":[{"@type":"ListItem","position":1,"name":"Home","item":"https:\/\/www.leeb-balkone.com\/de\/"},{"@type":"ListItem","position":2,"name":"\u00dcberdachungen und Sommerg\u00e4rten","item":"https:\/\/www.leeb-balkone.com\/de\/ueberdachungen\/"},{"@type":"ListItem","position":3,"name":"Atrium"}]},{"@type":"WebSite","@id":"https:\/\/www.leeb-balkone.com\/de\/#website","url":"https:\/\/www.leeb-balkone.com\/de\/","name":"Leeb Balkone","description":"Balkone und Z\u00e4une","publisher":{"@id":"https:\/\/www.leeb-balkone.com\/de\/#organization"},"potentialAction":[{"@type":"SearchAction","target":{"@type":"EntryPoint","urlTemplate":"https:\/\/www.leeb-balkone.com\/de\/?s={search_term_string}"},"query-input":{"@type":"PropertyValueSpecification","valueRequired":true,"valueName":"search_term_string"}}],"inLanguage":"de"},{"@type":"Organization","@id":"https:\/\/www.leeb-balkone.com\/de\/#organization","name":"Leeb Balkone Gmbh","url":"https:\/\/www.leeb-balkone.com\/de\/","logo":{"@type":"ImageObject","inLanguage":"de","@id":"https:\/\/www.leeb-balkone.com\/de\/#\/schema\/logo\/image\/","url":"https:\/\/www.leeb-balkone.com\/app\/uploads\/2020\/11\/leeb-logo.svg","contentUrl":"https:\/\/www.leeb-balkone.com\/app\/uploads\/2020\/11\/leeb-logo.svg","width":741,"height":204,"caption":"Leeb Balkone Gmbh"},"image":{"@id":"https:\/\/www.leeb-balkone.com\/de\/#\/schema\/logo\/image\/"},"sameAs":["https:\/\/www.facebook.com\/balkone\/","https:\/\/www.trustedshops.at\/bewertung\/info_X4587CCF5833E31AFE0B11F47D86999F2.html","https:\/\/www.trustedshops.de\/bewertung\/info_X7BA536A7A0BDC86D36C4718E4DCAEEEF.html","https:\/\/www.google.com\/maps\/place\/?q=place_id:ChIJ5-zH19-IcEcR9HonWRTllHI"]}]}},"_links":{"self":[{"href":"https:\/\/www.leeb-balkone.com\/de\/wp-json\/wp\/v2\/pages\/148562","targetHints":{"allow":["GET"]}}],"collection":[{"href":"https:\/\/www.leeb-balkone.com\/de\/wp-json\/wp\/v2\/pages"}],"about":[{"href":"https:\/\/www.leeb-balkone.com\/de\/wp-json\/wp\/v2\/types\/page"}],"author":[{"embeddable":true,"href":"https:\/\/www.leeb-balkone.com\/de\/wp-json\/wp\/v2\/users\/4"}],"replies":[{"embeddable":true,"href":"https:\/\/www.leeb-balkone.com\/de\/wp-json\/wp\/v2\/comments?post=148562"}],"version-history":[{"count":46,"href":"https:\/\/www.leeb-balkone.com\/de\/wp-json\/wp\/v2\/pages\/148562\/revisions"}],"predecessor-version":[{"id":168683,"href":"https:\/\/www.leeb-balkone.com\/de\/wp-json\/wp\/v2\/pages\/148562\/revisions\/168683"}],"up":[{"embeddable":true,"href":"https:\/\/www.leeb-balkone.com\/de\/wp-json\/wp\/v2\/pages\/19973"}],"wp:attachment":[{"href":"https:\/\/www.leeb-balkone.com\/de\/wp-json\/wp\/v2\/media?parent=148562"}],"wp:term":[{"taxonomy":"folder","embeddable":true,"href":"https:\/\/www.leeb-balkone.com\/de\/wp-json\/wp\/v2\/folder?post=148562"}],"curies":[{"name":"wp","href":"https:\/\/api.w.org\/{rel}","templated":true}]}}