{"id":148403,"date":"2025-09-12T20:45:46","date_gmt":"2025-09-12T20:45:46","guid":{"rendered":"https:\/\/www.leeb-balkone.com\/de\/?page_id=148403"},"modified":"2026-04-15T14:44:40","modified_gmt":"2026-04-15T14:44:40","slug":"balkonanbau-freitragend","status":"publish","type":"page","link":"https:\/\/www.leeb-balkone.com\/de\/anbaubalkone\/balkonanbau-freitragend\/","title":{"rendered":"Anbaubalkon ohne St\u00fctzen"},"content":{"rendered":"\n<section class=\"wp-block-group alignfull t3-header t3-header-splitscreen t3-splitscreen-shadow h-zi-20 has-light-gray-background-color has-background has-global-padding is-layout-constrained wp-container-core-group-is-layout-f1ad4950 wp-block-group-is-layout-constrained\" style=\"padding-top:0;padding-bottom:0\">\n<div class=\"wp-block-columns h-flx-a-s m-split is-layout-flex wp-container-core-columns-is-layout-28f84493 wp-block-columns-is-layout-flex\">\n<div class=\"wp-block-column is-vertically-aligned-top h-flx-a-s m-split-col-content is-layout-flow wp-block-column-is-layout-flow\"><div class=\"yoast-breadcrumbs\"><span><span><a href=\"https:\/\/www.leeb-balkone.com\/de\/\">Home<\/a><\/span> \/ <span><a href=\"https:\/\/www.leeb-balkone.com\/de\/anbaubalkone\/\">Anbaubalkone<\/a><\/span> \/ <span class=\"breadcrumb_last\" aria-current=\"page\">Anbaubalkon ohne St\u00fctzen<\/span><\/span><\/div>\n\n<h1 class=\"wp-block-post-title\">Anbaubalkon ohne St\u00fctzen<\/h1>\n\n\n<p class=\"has-step-0-font-size\" style=\"margin-bottom:0\">F\u00fcr Geb\u00e4ude mit einer massiven Stahlbetondecke und Balkontiefen bis zu 1,6 Metern bietet Leeb dank des innovativen Anbausystems die M\u00f6glichkeit, nachtr\u00e4glich Balkone ohne st\u00f6rende St\u00fctzen oder unsch\u00f6ne Verstrebungen anzubringen.<\/p>\n\n\n\n<div class=\"wp-block-buttons is-layout-flex wp-block-buttons-is-layout-flex\" style=\"margin-top:var(--wp--preset--spacing--l)\">\n<div class=\"wp-block-button is-style-cta icon-book icon-left\"><a class=\"wp-block-button__link wp-element-button\" href=\"https:\/\/www.leeb-balkone.com\/de\/kontakt\/katalog-anfordern\/\">Katalog anfordern<\/a><\/div>\n\n\n\n<div class=\"wp-block-button is-style-cta icon-vp icon-left\"><a class=\"wp-block-button__link wp-element-button\" href=\"https:\/\/www.leeb-balkone.com\/de\/vertriebspartner\/\">Ansprechpartner finden<span class=\"sr-only\"> Deutschland<\/span><\/a><\/div>\n<\/div>\n<\/div>\n\n\n\n<div class=\"wp-block-column is-vertically-aligned-stretch h-hide-md-down is-style-image-cover is-layout-flow wp-block-column-is-layout-flow\">\n<figure class=\"wp-block-image size-large\"><img loading=\"lazy\" decoding=\"async\" width=\"1024\" height=\"708\" src=\"https:\/\/www.leeb-balkone.com\/app\/uploads\/2020\/07\/anbaubalkon-freitragend-alu-holzoptik-1024x708.jpg\" alt=\"Freitragendes Balkonanbausystem in Holzoptik\" class=\"wp-image-8070\" srcset=\"https:\/\/www.leeb-balkone.com\/app\/uploads\/2020\/07\/anbaubalkon-freitragend-alu-holzoptik-1024x708.jpg 1024w, https:\/\/www.leeb-balkone.com\/app\/uploads\/2020\/07\/anbaubalkon-freitragend-alu-holzoptik-300x207.jpg 300w, https:\/\/www.leeb-balkone.com\/app\/uploads\/2020\/07\/anbaubalkon-freitragend-alu-holzoptik-768x531.jpg 768w, https:\/\/www.leeb-balkone.com\/app\/uploads\/2020\/07\/anbaubalkon-freitragend-alu-holzoptik-1536x1062.jpg 1536w, https:\/\/www.leeb-balkone.com\/app\/uploads\/2020\/07\/anbaubalkon-freitragend-alu-holzoptik-2048x1416.jpg 2048w\" sizes=\"auto, (max-width: 1024px) 100vw, 1024px\" \/><\/figure>\n<\/div>\n<\/div>\n<\/section>\n\n\n\n<section class=\"wp-block-group alignfull has-white-background-color has-background has-global-padding is-layout-constrained wp-container-core-group-is-layout-52f96efc wp-block-group-is-layout-constrained\" id=\"modelle\">\n<div class=\"wp-block-group m-teaser o-grid u-md-1 is-layout-flow wp-block-group-is-layout-flow\">\n<div class=\"wp-block-group u-g-9 u-g-s-2 is-layout-flow wp-block-group-is-layout-flow\" style=\"margin-bottom:var(--wp--preset--spacing--s)\">\n<p class=\"has-text-align-left\"><em><strong>Freitragende Balkone kommen ohne sichtbare St\u00fctzen aus\u00a0und stellen eine ebenso <strong>ansprechende wie<\/strong><\/strong> <strong><strong><strong>anspruchsvolle <\/strong><\/strong>Form des Anbaubalkons dar.<\/strong><\/em><\/p>\n<\/div>\n<\/div>\n\n\n\n<div class=\"wp-block-columns is-layout-flex wp-container-core-columns-is-layout-28f84493 wp-block-columns-is-layout-flex\">\n<div class=\"wp-block-column is-layout-flow wp-block-column-is-layout-flow\" style=\"flex-basis:66.66%\"><div class=\"tgs-gallery\" data-tablet-slides=\"4\" data-desktop-slides=\"5\"><div class=\"t3-tgs swiper mainSlider\">\n                <div class=\"has-icon icon-enlarge\"><\/div>\n                <div class=\"swiper-wrapper lg-swiper\"><div class=\"swiper-slide\"><a href=\"https:\/\/www.leeb-balkone.com\/app\/uploads\/2020\/07\/anbaubalkon-freitragend-alu-4-scaled.jpg\"><img decoding=\"async\" src=\"https:\/\/www.leeb-balkone.com\/app\/uploads\/2020\/07\/anbaubalkon-freitragend-alu-4-scaled.jpg\" alt=\"Gr\u00fcnes Haus mit Alu-Anbaubalkon\"><\/a><div class=\"tgs-desc\">freitragender Anbaubalkon (Wohnraumerweiterung ohne St\u00fctzen)<\/div><\/div><div class=\"swiper-slide\"><a href=\"https:\/\/www.leeb-balkone.com\/app\/uploads\/2020\/07\/anbaubalkon-freitragend-alu-glas-1-scaled-e1683697087384.jpg\"><img decoding=\"async\" src=\"https:\/\/www.leeb-balkone.com\/app\/uploads\/2020\/07\/anbaubalkon-freitragend-alu-glas-1-scaled-e1683697087384.jpg\" alt=\"anbaubalkon freitragend alu glas 1 e1683697087384\"><\/a><div class=\"tgs-desc\">abgeh\u00e4ngte Balkone (Sonderausf\u00fchrung)<\/div><\/div><\/div><div class=\"mainSliderPrev\"><\/div><div class=\"mainSliderNext\"><\/div><div class=\"main_slider_dots\"><\/div><\/div><div class=\"swiper thumbSlider\"><div class=\"swiper-wrapper wp-block-t3-carousel-wrapper\"><div class=\"swiper-slide\"><img decoding=\"async\" src=\"https:\/\/www.leeb-balkone.com\/app\/uploads\/2020\/07\/anbaubalkon-freitragend-alu-4-1024x683.jpg\" alt=\"Gr\u00fcnes Haus mit Alu-Anbaubalkon\" \/><\/div><div class=\"swiper-slide\"><img decoding=\"async\" src=\"https:\/\/www.leeb-balkone.com\/app\/uploads\/2020\/07\/anbaubalkon-freitragend-alu-glas-1-scaled-e1683697087384-1024x895.jpg\" alt=\"anbaubalkon freitragend alu glas 1 e1683697087384\" \/><\/div><\/div><div class=\"thumbSliderPrev swiper-button-prev\"><\/div><div class=\"thumbSliderNext swiper-button-next\"><\/div><\/div><\/div><\/div>\n\n\n\n<div class=\"wp-block-column is-layout-flow wp-block-column-is-layout-flow\" style=\"flex-basis:33.33%\">\n<h2 class=\"wp-block-heading has-step-2-font-size\">Freitragender Balkonanbau<\/h2>\n\n\n\n<p>Die speziell gestalteten Stahlkonsolen erm\u00f6glichen eine nahezu unsichtbare Verankerung an der Fassade, die zus\u00e4tzlich den Vorteil bietet, dass unn\u00f6tige K\u00e4ltebr\u00fccken weitgehend vermieden werden. Leeb-Anbaubalkone ohne St\u00fctzen k\u00f6nnen in Aluminium oder kombiniert ausgef\u00fchrt werden und mit Bodenbel\u00e4gen aus Aluminium, Betonplatten oder Feinsteinzeug versehen werden. Passend zu Ihrer Fassade und Ihren individuellen W\u00fcnschen lassen sich unsere Anbaubalkone mit allen Gel\u00e4ndern aus dem umfangreichen Leeb-Programm kombinieren.<\/p>\n\n\n\n<ul class=\"wp-block-list is-style-checkmark-2\">\n<li>Unsichtbare Verankerung<\/li>\n\n\n\n<li>Vermeidung von K\u00e4ltebr\u00fccken <\/li>\n\n\n\n<li>Balkonbau mit Europas Nr. 1<\/li>\n\n\n\n<li>\u00dcber 200 Gel\u00e4ndermodelle <\/li>\n<\/ul>\n<\/div>\n<\/div>\n\n\n\n<div class=\"wp-block-group m-teaser o-grid u-md-1 is-layout-flow wp-block-group-is-layout-flow\" style=\"margin-top:0;padding-top:var(--wp--preset--spacing--xl-2-xl)\">\n<div class=\"wp-block-group u-g-10 u-g-s-2 is-layout-flow wp-block-group-is-layout-flow\" style=\"margin-top:0;margin-bottom:var(--wp--preset--spacing--s)\"><div class=\"wp-block-t3-tabs t3-tabs t3-tabs--centered t3-tabs--use-headings t3-tabs--heading-h3\" data-uniqueid=\"tabs-8f57f258\" data-use-headings=\"true\" data-heading-level=\"h3\"><ul class=\"t3-tabs__list\" role=\"tablist\"><li role=\"presentation\"><button role=\"tab\" id=\"tabs-8f57f258-tab-0\" aria-controls=\"tabs-8f57f258-panel-0\" class=\"t3-tabs__tab-button t3-tabs__tab-button--heading t3-tabs__tab-button--active\" aria-selected=\"true\" tabindex=\"0\"><div class=\"t3-tabs__tab-button-inner\"><span class=\"t3-tabs__tab-title\">Eigenschaften<\/span><\/div><\/button><\/li><li role=\"presentation\"><button role=\"tab\" id=\"tabs-8f57f258-tab-1\" aria-controls=\"tabs-8f57f258-panel-1\" class=\"t3-tabs__tab-button t3-tabs__tab-button--heading\" aria-selected=\"false\" tabindex=\"-1\"><div class=\"t3-tabs__tab-button-inner\"><span class=\"t3-tabs__tab-title\">Anwendungen<\/span><\/div><\/button><\/li><li role=\"presentation\"><button role=\"tab\" id=\"tabs-8f57f258-tab-2\" aria-controls=\"tabs-8f57f258-panel-2\" class=\"t3-tabs__tab-button t3-tabs__tab-button--heading\" aria-selected=\"false\" tabindex=\"-1\"><div class=\"t3-tabs__tab-button-inner\"><span class=\"t3-tabs__tab-title\">Modelle &amp; Zubeh\u00f6r<\/span><\/div><\/button><\/li><\/ul><div class=\"t3-tabs__panels\"><div class=\"t3-tab__content t3-tabs__panel\" role=\"tabpanel\" id=\"tabs-8f57f258-panel-0\" aria-labelledby=\"tabs-8f57f258-tab-0\"><h3 class=\"sr-only\">Eigenschaften<\/h3>\n<p>Balkonanbau ohne St\u00fctzen bedeutet, dass der Balkon freitragend an der Geb\u00e4udewand befestigt wird \u2013 ohne senkrechte St\u00fctzen oder Pfeiler, die den Balkon zum Boden hin abst\u00fctzen.<\/p>\n\n\n\n<ul class=\"wp-block-list\">\n<li><strong>Aufbau<\/strong>: Der Balkon wird \u00fcber eine statische Verankerung in der Fassade (etwa mit Konsolen oder Tr\u00e4gern) befestigt. Die Lasten (Eigengewicht + Nutzlast) werden vollst\u00e4ndig \u00fcber die tragende Wandkonstruktion abgeleitet. Typische L\u00f6sungen sind z.\u202fB. Kragarmbalkone oder Aluminiumkonstruktionen.<\/li>\n\n\n\n<li><strong>Vorteile<\/strong>: Keine Bodenst\u00fctzen, dadurch mehr Freiraum unter dem Balkon (z.\u202fB. f\u00fcr Wege, Zufahrten oder Gartenfl\u00e4chen). \u00c4sthetisch ansprechend, da keine sichtbaren St\u00fctzen das Erscheinungsbild st\u00f6ren. Wartungsarm, da keine bodennahen Bauteile direktem Feuchtigkeitskontakt ausgesetzt sind.<\/li>\n\n\n\n<li><strong>Einschr\u00e4nkungen<\/strong>: Abh\u00e4ngig von der Tragf\u00e4higkeit der<strong> <\/strong>Hauswand und technisch etwas aufwendiger in Planung und Ausf\u00fchrung als gest\u00fctzte Balkone.<\/li>\n<\/ul>\n<\/div><div class=\"t3-tab__content t3-tabs__panel\" role=\"tabpanel\" id=\"tabs-8f57f258-panel-1\" aria-labelledby=\"tabs-8f57f258-tab-1\"><h3 class=\"sr-only\">Anwendungen<\/h3>\n<p>Der Balkonanbau ohne St\u00fctzen kommt bei folgenden Gegebenheiten zum Einsatz:<\/p>\n\n\n\n<ul class=\"wp-block-list\">\n<li><strong>Neubauten: <\/strong>Freitragende Balkone bieten sich \u00f6fters bei Neubauprojekten an, da sie von Anfang an in die Architektur integriert werden k\u00f6nnen und eine moderne, elegante Optik erm\u00f6glichen.<\/li>\n\n\n\n<li><strong>Geb\u00e4ude mit Bereichen ohne Aufstellfl\u00e4che:<\/strong> F\u00fcr H\u00e4user, bei denen im Bereich von Einfahrten, Gehwegen, Treppenabg\u00e4ngen, Eing\u00e4ngen oder Stellpl\u00e4tzen keine St\u00fctzen gesetzt werden k\u00f6nnen \u2013 hier sorgt der st\u00fctzenlose Balkon f\u00fcr maximale Nutzbarkeit der Fl\u00e4chen darunter.<\/li>\n\n\n\n<li><strong>Architektonisch anspruchsvolle Objekte:<\/strong> Dort, wo Wert auf eine filigrane, schwebende Optik gelegt wird und das Design im Vordergrund steht, ist der freitragende Balkon die bevorzugte Wahl.<\/li>\n\n\n\n<li><strong>Bestandsgeb\u00e4ude und Altbauten:<\/strong> Wenn die Geb\u00e4udesubstanz ausreichend tragf\u00e4hig ist, l\u00e4sst sich ein st\u00fctzenloser Balkon auch bei Sanierungen oder nachtr\u00e4glichen Anbauten realisieren \u2013 allerdings ist hier eine sorgf\u00e4ltige statische Pr\u00fcfung erforderlich.<\/li>\n\n\n\n<li><strong>Geb\u00e4ude mit klaren Fassadenlinien:<\/strong> F\u00fcr Immobilien, bei denen eine m\u00f6glichst ungest\u00f6rte Fassadengestaltung gew\u00fcnscht wird, empfiehlt sich der Einsatz freitragender Balkone, da keine St\u00fctzen das Gesamtbild beeintr\u00e4chtigen.<\/li>\n<\/ul>\n\n\n\n<p>Ein Anbaubalkon ohne St\u00fctzen wird gew\u00e4hlt, wenn Funktionalit\u00e4t (freie Nutzfl\u00e4che), \u00c4sthetik (moderne, schwebende Optik) und bauliche Gegebenheiten (z.B. keine M\u00f6glichkeit f\u00fcr St\u00fctzen) im Vordergrund stehen. Die L\u00f6sung ist technisch anspruchsvoll, aber besonders hochwertig und flexibel einsetzbar.<\/p>\n<\/div><div class=\"t3-tab__content t3-tabs__panel\" role=\"tabpanel\" id=\"tabs-8f57f258-panel-2\" aria-labelledby=\"tabs-8f57f258-tab-2\"><h3 class=\"sr-only\">Modelle &amp; Zubeh\u00f6r<\/h3>\n<p>Leeb Anbaubalkone ohne St\u00fctzen bieten die ganze Modellvielfalt der Leeb Balkone sowie zahlreiche Ausstattungsoptionen:<\/p>\n\n\n\n<ul class=\"wp-block-list\">\n<li><strong>Alu Balkongel\u00e4nder<\/strong>\u00a0zeichnen sich durch ihre Langlebigkeit, Witterungsbest\u00e4ndigkeit und Pflegeleichtigkeit aus, unterst\u00fctzt durch eine hochwertige Pulverbeschichtung und das Alu Protection System. \u00dcber 200 Modelle in verschiedenen Designs und Farben erm\u00f6glichen eine flexible und individuelle Gestaltung passend zu jedem Baustil. Glas-Alu- bis Ganzglasgel\u00e4nder, Beschichtung in allen RAL-Farben sowie t\u00e4uschend echter Holzoptik, Sonderserien f\u00fcr den Balkonanbau u.v.m.<\/li>\n\n\n\n<li><strong>Holz Balkongel\u00e4nder<\/strong>\u00a0bieten nat\u00fcrlichen Charme und vielf\u00e4ltige Gestaltungsm\u00f6glichkeiten in unterschiedlichen Holzarten, Farben und Formen. Die breite Auswahl reicht von traditionell bis modern und sorgt f\u00fcr eine harmonische Anpassung an jede Architektur.<\/li>\n<\/ul>\n\n\n\n<p>Vorstell- und Anbaubalkone lassen sich mit <strong>allen Leeb-Gel\u00e4ndermodellen<\/strong> kombinieren \u2013 von klassisch bis modern, horizontal, vertikal oder mit Glasf\u00fcllungen. Bei den <strong>Bodenbel\u00e4gen<\/strong> stehen Holz, Aluminium, Betonsteine oder Feinsteinzeug zur Auswahl.<\/p>\n<\/div><\/div><\/div><\/div>\n<\/div>\n<\/section>\n\n\n\n<section class=\"wp-block-cover alignfull is-light katalog-cta\" style=\"margin-top:0;margin-bottom:0;padding-top:0;padding-right:0;padding-bottom:0;padding-left:0;min-height:100px;aspect-ratio:unset;\" id=\"preisanfrage\"><img loading=\"lazy\" decoding=\"async\" width=\"2560\" height=\"1707\" class=\"wp-block-cover__image-background wp-image-152954 size-full\" alt=\"Schauraum Leeb Tettnang Florian Keller\" src=\"https:\/\/www.leeb-balkone.com\/app\/uploads\/2025\/04\/Schauraum-Leeb-Tettnang-Florian-Keller-17-scaled.jpg\" style=\"object-position:54% 45%\" data-object-fit=\"cover\" data-object-position=\"54% 45%\" srcset=\"https:\/\/www.leeb-balkone.com\/app\/uploads\/2025\/04\/Schauraum-Leeb-Tettnang-Florian-Keller-17-scaled.jpg 2560w, https:\/\/www.leeb-balkone.com\/app\/uploads\/2025\/04\/Schauraum-Leeb-Tettnang-Florian-Keller-17-300x200.jpg 300w, https:\/\/www.leeb-balkone.com\/app\/uploads\/2025\/04\/Schauraum-Leeb-Tettnang-Florian-Keller-17-1024x683.jpg 1024w, https:\/\/www.leeb-balkone.com\/app\/uploads\/2025\/04\/Schauraum-Leeb-Tettnang-Florian-Keller-17-768x512.jpg 768w, https:\/\/www.leeb-balkone.com\/app\/uploads\/2025\/04\/Schauraum-Leeb-Tettnang-Florian-Keller-17-1536x1024.jpg 1536w, https:\/\/www.leeb-balkone.com\/app\/uploads\/2025\/04\/Schauraum-Leeb-Tettnang-Florian-Keller-17-2048x1366.jpg 2048w\" sizes=\"auto, (max-width: 2560px) 100vw, 2560px\" \/><span aria-hidden=\"true\" class=\"wp-block-cover__background has-primary-45-background-color has-background-dim-80 has-background-dim\"><\/span><div class=\"wp-block-cover__inner-container has-global-padding is-layout-constrained wp-container-core-cover-is-layout-f028c7bd wp-block-cover-is-layout-constrained\">\n<div class=\"wp-block-group is-layout-flow wp-block-group-is-layout-flow\" style=\"min-height:0px;margin-top:0;margin-bottom:0;padding-top:var(--wp--preset--spacing--2-xl);padding-bottom:var(--wp--preset--spacing--2-xl);padding-left:0\">\n<div class=\"wp-block-columns are-vertically-aligned-center is-layout-flex wp-container-core-columns-is-layout-0a4bbf16 wp-block-columns-is-layout-flex\" style=\"margin-top:0;margin-bottom:0\">\n<div class=\"wp-block-column is-vertically-aligned-center is-layout-flow wp-block-column-is-layout-flow\" style=\"flex-basis:66.66%\">\n<h2 class=\"wp-block-heading\">Preisanfrage senden<\/h2>\n\n\n\n<p class=\"is-style-teaser\">Um Ihnen ein ma\u00dfgeschneidertes Angebot f\u00fcr Ihren Anbaubalkon unterbreiten zu k\u00f6nnen, ben\u00f6tigen wir noch einige erg\u00e4nzende Informationen zu Ihrem Vorhaben. Im Anschluss wird sich Ihr pers\u00f6nlicher Ansprechpartner mit Ihnen in Verbindung setzen.<\/p>\n<\/div>\n\n\n\n<div class=\"wp-block-column is-vertically-aligned-center is-layout-flow wp-block-column-is-layout-flow\" style=\"flex-basis:33.33%\">\n<div class=\"wp-block-group is-content-justification-right is-nowrap is-layout-flex wp-container-core-group-is-layout-17124a9a wp-block-group-is-layout-flex\"><div class=\"t3-preis-modal-button-block wp-block-button is-style-filled-white large\"><a href=\"#t3-preis-modal-b71640145e\" class=\"t3-preis-modal-open-btn wp-block-button__link\" data-modal-id=\"t3-preis-modal-b71640145e\" role=\"button\" aria-controls=\"t3-preis-modal-b71640145e\" aria-expanded=\"false\">Preisanfrage <span class=\"sr-only\">Preisanfrage Leeb Balkone Deutschland<\/span><\/a><\/div><\/div>\n<\/div>\n<\/div>\n<\/div>\n<\/div><\/section>\n\n\n\n<section class=\"wp-block-group alignfull has-light-gray-background-color has-background has-global-padding is-layout-constrained wp-container-core-group-is-layout-52f96efc wp-block-group-is-layout-constrained\" id=\"service-qualitaet\">\n<div class=\"wp-block-group o-grid u-md-1 is-layout-flow wp-block-group-is-layout-flow\">\n<div class=\"wp-block-group u-g-9 u-g-s-2 is-layout-flow wp-block-group-is-layout-flow\" style=\"margin-bottom:var(--wp--preset--spacing--s)\">\n<h2 class=\"wp-block-heading\"><strong>Leeb Anbausystem f\u00fcr den freitragenden Balkon<\/strong><\/h2>\n\n\n\n<p><span class=\"teaser\">Freitragende Balkone ohne St\u00fctzen setzen architektonische Akzente und schaffen luftige Au\u00dfenbereiche. Sie lassen sich harmonisch in verschiedenste Geb\u00e4udekonzepte integrieren \u2013 ob als Einzelbalkon, f\u00fcr mehrere Wohneinheiten oder als elegante Balkonreihe \u00fcber mehrere Etagen hinweg.<\/span><\/p>\n<\/div>\n<\/div>\n\n\n\n<div class=\"wp-block-group small is-style-white-cards sm-2-cols is-layout-grid wp-container-core-group-is-layout-7785d981 wp-block-group-is-layout-grid\">\n<div class=\"wp-block-group m-card is-layout-flow wp-container-core-group-is-layout-8a368f38 wp-block-group-is-layout-flow\">\n<figure class=\"wp-block-image size-large is-style-default\"><img loading=\"lazy\" decoding=\"async\" width=\"1024\" height=\"714\" src=\"https:\/\/www.leeb-balkone.com\/app\/uploads\/2023\/09\/objektbau-anbaubalkone-1024x714.jpg\" alt=\"objektbau anbaubalkone\" class=\"wp-image-131849\" srcset=\"https:\/\/www.leeb-balkone.com\/app\/uploads\/2023\/09\/objektbau-anbaubalkone-1024x714.jpg 1024w, https:\/\/www.leeb-balkone.com\/app\/uploads\/2023\/09\/objektbau-anbaubalkone-300x209.jpg 300w, https:\/\/www.leeb-balkone.com\/app\/uploads\/2023\/09\/objektbau-anbaubalkone-768x536.jpg 768w, https:\/\/www.leeb-balkone.com\/app\/uploads\/2023\/09\/objektbau-anbaubalkone-1536x1071.jpg 1536w, https:\/\/www.leeb-balkone.com\/app\/uploads\/2023\/09\/objektbau-anbaubalkone-2048x1428.jpg 2048w\" sizes=\"auto, (max-width: 1024px) 100vw, 1024px\" \/><figcaption class=\"wp-element-caption\">Nachher<\/figcaption><\/figure>\n\n\n\n<div class=\"wp-block-group m-card-content has-white-background-color has-background is-vertical is-layout-flex wp-container-core-group-is-layout-5580f018 wp-block-group-is-layout-flex\">\n<h3 class=\"wp-block-heading\"><strong>Balkonanbau mit Europas Nr. 1<\/strong><\/h3>\n\n\n\n<p>Leeb Balkone ist Ihr Spezialist f\u00fcr ma\u00dfgeschneiderte Anbau- und Vorstellbalkone.<\/p>\n<\/div>\n<\/div>\n\n\n\n<div class=\"wp-block-group m-card is-layout-flow wp-container-core-group-is-layout-8a368f38 wp-block-group-is-layout-flow\">\n<figure class=\"wp-block-image size-large is-style-default\"><img loading=\"lazy\" decoding=\"async\" width=\"1024\" height=\"767\" src=\"https:\/\/www.leeb-balkone.com\/app\/uploads\/2020\/08\/leeb-balkone-mitarbeiter-4-1024x767.jpeg\" alt=\"Montieren eines Leeb Alu-Balkongel\u00e4nders nach Ma\u00df\" class=\"wp-image-6083\" srcset=\"https:\/\/www.leeb-balkone.com\/app\/uploads\/2020\/08\/leeb-balkone-mitarbeiter-4-1024x767.jpeg 1024w, https:\/\/www.leeb-balkone.com\/app\/uploads\/2020\/08\/leeb-balkone-mitarbeiter-4-2048x1535.jpeg 2048w, https:\/\/www.leeb-balkone.com\/app\/uploads\/2020\/08\/leeb-balkone-mitarbeiter-4-300x225.jpeg 300w, https:\/\/www.leeb-balkone.com\/app\/uploads\/2020\/08\/leeb-balkone-mitarbeiter-4-768x575.jpeg 768w, https:\/\/www.leeb-balkone.com\/app\/uploads\/2020\/08\/leeb-balkone-mitarbeiter-4-1536x1151.jpeg 1536w\" sizes=\"auto, (max-width: 1024px) 100vw, 1024px\" \/><\/figure>\n\n\n\n<div class=\"wp-block-group m-card-content has-white-background-color has-background is-vertical is-layout-flex wp-container-core-group-is-layout-5580f018 wp-block-group-is-layout-flex\">\n<h3 class=\"wp-block-heading\">Rundum Service f\u00fcr sorglose Umsetzung<\/h3>\n\n\n\n<p>Beratungsservice vor Ort, 3D-Konfigurator, Werksfertigung, Lieferung und Montage.<\/p>\n<\/div>\n<\/div>\n\n\n\n<div class=\"wp-block-group m-card is-layout-flow wp-container-core-group-is-layout-8a368f38 wp-block-group-is-layout-flow\">\n<figure class=\"wp-block-image size-full\"><img loading=\"lazy\" decoding=\"async\" width=\"2048\" height=\"1366\" src=\"https:\/\/www.leeb-balkone.com\/app\/uploads\/2022\/05\/glas-bearbeitung-zuschnitt--scaled.jpg\" alt=\"glas bearbeitung zuschnitt \" class=\"wp-image-83644\" srcset=\"https:\/\/www.leeb-balkone.com\/app\/uploads\/2022\/05\/glas-bearbeitung-zuschnitt--scaled.jpg 2048w, https:\/\/www.leeb-balkone.com\/app\/uploads\/2022\/05\/glas-bearbeitung-zuschnitt--300x200.jpg 300w, https:\/\/www.leeb-balkone.com\/app\/uploads\/2022\/05\/glas-bearbeitung-zuschnitt--1024x683.jpg 1024w, https:\/\/www.leeb-balkone.com\/app\/uploads\/2022\/05\/glas-bearbeitung-zuschnitt--768x512.jpg 768w, https:\/\/www.leeb-balkone.com\/app\/uploads\/2022\/05\/glas-bearbeitung-zuschnitt--1536x1024.jpg 1536w\" sizes=\"auto, (max-width: 2048px) 100vw, 2048px\" \/><\/figure>\n\n\n\n<div class=\"wp-block-group m-card-content has-white-background-color has-background is-vertical is-layout-flex wp-container-core-group-is-layout-5580f018 wp-block-group-is-layout-flex\">\n<h3 class=\"wp-block-heading\"><strong>Verbundsicherheitsglas in Premium Qualit\u00e4t<\/strong><\/h3>\n\n\n\n<p>Gepr\u00fcfte Sicherheit, innovative Designs und langlebige Qualit\u00e4t nach Ma\u00df mit Leeb Glas.<\/p>\n<\/div>\n<\/div>\n\n\n\n<div class=\"wp-block-group m-card is-layout-flow wp-container-core-group-is-layout-8a368f38 wp-block-group-is-layout-flow\">\n<figure class=\"wp-block-image size-large\"><img loading=\"lazy\" decoding=\"async\" width=\"1024\" height=\"665\" src=\"https:\/\/www.leeb-balkone.com\/app\/uploads\/2020\/08\/alu-comfort-plus-1024x665.jpg\" alt=\"alu comfort plus\" class=\"wp-image-5082\" srcset=\"https:\/\/www.leeb-balkone.com\/app\/uploads\/2020\/08\/alu-comfort-plus-1024x665.jpg 1024w, https:\/\/www.leeb-balkone.com\/app\/uploads\/2020\/08\/alu-comfort-plus-300x195.jpg 300w, https:\/\/www.leeb-balkone.com\/app\/uploads\/2020\/08\/alu-comfort-plus-768x499.jpg 768w, https:\/\/www.leeb-balkone.com\/app\/uploads\/2020\/08\/alu-comfort-plus-1536x997.jpg 1536w, https:\/\/www.leeb-balkone.com\/app\/uploads\/2020\/08\/alu-comfort-plus-2048x1330.jpg 2048w\" sizes=\"auto, (max-width: 1024px) 100vw, 1024px\" \/><\/figure>\n\n\n\n<div class=\"wp-block-group m-card-content has-white-background-color has-background is-vertical is-layout-flex wp-container-core-group-is-layout-5580f018 wp-block-group-is-layout-flex\">\n<h3 class=\"wp-block-heading\">Langzeitschutz durch ALU Comfort Plus\u00ae<\/h3>\n\n\n\n<p>Patentierte Beschichtung und Verarbeitung von Aluminium auf h\u00f6chstem Niveau.<\/p>\n<\/div>\n<\/div>\n<\/div>\n\n\n\n<div class=\"wp-block-group o-grid u-md-1 is-layout-flow wp-block-group-is-layout-flow\" style=\"padding-top:var(--wp--preset--spacing--l)\">\n<div class=\"wp-block-group u-g-9 u-g-s-2 is-layout-flow wp-block-group-is-layout-flow\" style=\"margin-bottom:var(--wp--preset--spacing--s)\">\n<h3 class=\"wp-block-heading\">Vorteile im \u00dcberblick<\/h3>\n\n\n\n<p>Ein freitragender Anbaubalkon von Leeb vereint innovative Technik mit jahrzehntelanger Erfahrung in der Balkonfertigung. Der Balkon wird direkt an der Fassade montiert \u2013 ganz ohne sichtbare St\u00fctzen. Hochwertige Materialien, modernste Oberfl\u00e4chenveredelungen und die bew\u00e4hrte Leeb Qualit\u00e4t sorgen daf\u00fcr, dass Ihr Balkon dauerhaft sch\u00f6n, pflegeleicht und witterungsbest\u00e4ndig bleibt.<\/p>\n\n\n\n<ul class=\"wp-block-list is-style-checkmark-2\">\n<li><strong>St\u00fctzenlose Konstruktion:<\/strong> Der Balkon kommt ohne sichtbare St\u00fctzen aus und erm\u00f6glicht so eine moderne, schwebende Optik sowie eine uneingeschr\u00e4nkte Nutzung der Fl\u00e4che darunter.<\/li>\n\n\n\n<li><strong>Nahezu unsichtbare Verankerung:<\/strong> Speziell entwickelte Stahlkonsolen sorgen f\u00fcr eine dezente und sichere Befestigung an der Fassade, ohne die Geb\u00e4udearchitektur zu beeintr\u00e4chtigen<\/li>\n\n\n\n<li><strong>Vermeidung von K\u00e4ltebr\u00fccken:<\/strong> Durch die durchgehende Isolierung der Fassade werden W\u00e4rmeverluste minimiert und energetische Vorteile geschaffen.<\/li>\n\n\n\n<li><strong>Maximale Gestaltungsfreiheit:<\/strong>&nbsp;\u00dcber 200 Gel\u00e4ndermodelle aus Aluminium und Holz, zahlreiche Bodenbel\u00e4ge (Holz, Aluminium, Betonstein, Feinsteinzeug) und individuelle Farbkombinationen erm\u00f6glichen eine perfekte Anpassung an jeden Architekturstil<\/li>\n\n\n\n<li><strong>Schnelle und saubere Montage:<\/strong>&nbsp;Ma\u00dfgefertigte Vorfertigung und professionelle Montage durch Leeb garantieren eine z\u00fcgige Umsetzung mit minimaler Beeintr\u00e4chtigung f\u00fcr Bewohner und Geb\u00e4ude.<\/li>\n\n\n\n<li><strong>Rundum-Service vom Marktf\u00fchrer:<\/strong>&nbsp;Von der pers\u00f6nlichen Beratung \u00fcber die Planung bis zur Montage begleitet Leeb seine Kunden zuverl\u00e4ssig und kompetent \u2013 europaweit mit einem dichten Partnernetzwerk.<\/li>\n<\/ul>\n<\/div>\n<\/div>\n<\/section>\n\n\n\n<section class=\"wp-block-cover alignfull is-light katalog-cta\" style=\"margin-top:0;margin-bottom:0;padding-top:0;padding-right:0;padding-bottom:0;padding-left:0;min-height:100px;aspect-ratio:unset;\" id=\"katalogbestellung\"><img loading=\"lazy\" decoding=\"async\" width=\"1920\" height=\"599\" class=\"wp-block-cover__image-background wp-image-7912 size-full\" alt=\"leeb balkone katalog anfordern\" src=\"https:\/\/www.leeb-balkone.com\/app\/uploads\/2020\/09\/leeb-balkone-katalog-anfordern-1.jpeg\" data-object-fit=\"cover\" srcset=\"https:\/\/www.leeb-balkone.com\/app\/uploads\/2020\/09\/leeb-balkone-katalog-anfordern-1-300x94.jpeg 300w, https:\/\/www.leeb-balkone.com\/app\/uploads\/2020\/09\/leeb-balkone-katalog-anfordern-1-1024x319.jpeg 1024w, https:\/\/www.leeb-balkone.com\/app\/uploads\/2020\/09\/leeb-balkone-katalog-anfordern-1-768x240.jpeg 768w, https:\/\/www.leeb-balkone.com\/app\/uploads\/2020\/09\/leeb-balkone-katalog-anfordern-1-1536x479.jpeg 1536w\" sizes=\"auto, (max-width: 1920px) 100vw, 1920px\" \/><span aria-hidden=\"true\" class=\"wp-block-cover__background has-primary-45-background-color has-background-dim-80 has-background-dim\"><\/span><div class=\"wp-block-cover__inner-container has-global-padding is-layout-constrained wp-container-core-cover-is-layout-fc5783d2 wp-block-cover-is-layout-constrained\">\n<div class=\"wp-block-group is-layout-flow wp-block-group-is-layout-flow\" style=\"min-height:0px;margin-top:0;margin-bottom:0;padding-top:var(--wp--preset--spacing--2-xl);padding-bottom:var(--wp--preset--spacing--2-xl);padding-left:0\">\n<div class=\"wp-block-columns are-vertically-aligned-center is-layout-flex wp-container-core-columns-is-layout-0a4bbf16 wp-block-columns-is-layout-flex\" style=\"margin-top:0;margin-bottom:0\">\n<div class=\"wp-block-column is-vertically-aligned-center is-layout-flow wp-block-column-is-layout-flow\" style=\"flex-basis:66.66%\">\n<h2 class=\"wp-block-heading\">Balkonanbau ohne St\u00fctzen im Katalog<\/h2>\n\n\n\n<p class=\"is-style-teaser\"><span class=\"teaser\"><span class=\"teaser\"><span class=\"teaser\"><span class=\"teaser\"><span class=\"teaser\"><span class=\"teaser\">Ihr pers\u00f6nlicher Katalog wartet auf Sie! Jetzt kostenlos bestellen und unsere&nbsp;Anbausysteme entdecken. Finden Sie die L\u00f6sung, die perfekt zu Ihnen passt.<\/span><\/span><\/span><\/span><\/span><\/span><\/p>\n<\/div>\n\n\n\n<div class=\"wp-block-column is-vertically-aligned-center is-layout-flow wp-block-column-is-layout-flow\" style=\"flex-basis:33.33%\">\n<div class=\"wp-block-buttons u-m-jc-left is-content-justification-right is-layout-flex wp-container-core-buttons-is-layout-c060c6c7 wp-block-buttons-is-layout-flex\">\n<div class=\"wp-block-button is-style-filled-white large\"><a class=\"wp-block-button__link wp-element-button\" href=\"https:\/\/www.leeb-balkone.com\/de\/kontakt\/katalog-anfordern\/\" style=\"box-shadow:var(--wp--preset--shadow--button-shadow)\">Katalog anfordern<\/a><\/div>\n<\/div>\n<\/div>\n<\/div>\n<\/div>\n<\/div><\/section>\n\n\n\n<section class=\"wp-block-group alignfull has-white-background-color has-background has-global-padding is-layout-constrained wp-container-core-group-is-layout-52f96efc wp-block-group-is-layout-constrained\">\n<div class=\"wp-block-group o-grid u-md-1 is-layout-flow wp-block-group-is-layout-flow\" style=\"padding-top:0\">\n<div class=\"wp-block-group u-g-9 u-g-s-2 is-layout-flow wp-block-group-is-layout-flow\" style=\"margin-bottom:var(--wp--preset--spacing--s)\">\n<h2 class=\"wp-block-heading\">Referenzen<\/h2>\n<\/div>\n<\/div>\n\n\n\n<div class=\"wp-block-t3-carousel-wrapper\" id=\"t3-carousel-036719f5-af55-4c80-b428-2f527e52fadb\"><div class=\"wp-block-t3-carousel t3-carousel-block swiper\" data-swiper-options=\"{&quot;loop&quot;:false,&quot;preloadImages&quot;:false,&quot;lazy&quot;:{&quot;loadPrevNext&quot;:true},&quot;autoplay&quot;:{&quot;delay&quot;:3000,&quot;disableOnInteraction&quot;:false},&quot;navigation&quot;:{&quot;nextEl&quot;:&quot;#t3-carousel-036719f5-af55-4c80-b428-2f527e52fadb .t3-carousel-036719f5-af55-4c80-b428-2f527e52fadb-next&quot;,&quot;prevEl&quot;:&quot;#t3-carousel-036719f5-af55-4c80-b428-2f527e52fadb .t3-carousel-036719f5-af55-4c80-b428-2f527e52fadb-prev&quot;},&quot;pagination&quot;:{&quot;el&quot;:&quot;#t3-carousel-036719f5-af55-4c80-b428-2f527e52fadb .t3-carousel-036719f5-af55-4c80-b428-2f527e52fadb-pagination&quot;,&quot;clickable&quot;:true},&quot;scrollbar&quot;:false,&quot;breakpoints&quot;:{&quot;0&quot;:{&quot;slidesPerView&quot;:1.15,&quot;spaceBetween&quot;:24},&quot;769&quot;:{&quot;slidesPerView&quot;:1,&quot;spaceBetween&quot;:30}}}\"><div class=\"swiper-wrapper\">\n<div class=\"wp-block-t3-carousel-slide t3-carousel-slide swiper-slide\">\n<div class=\"wp-block-columns testimonial m-split is-layout-flex wp-container-core-columns-is-layout-3331f5f7 wp-block-columns-is-layout-flex\" style=\"padding-bottom:0\">\n<div class=\"wp-block-column is-layout-flow wp-block-column-is-layout-flow\">\n<div class=\"wp-block-group is-layout-flow wp-block-group-is-layout-flow has-background\" style=\"min-height:100%;background-image:url(&#039;https:\/\/www.leeb-balkone.com\/app\/uploads\/2024\/07\/MF_40830C1B-M08_20240703-134242.jpg&#039;);background-size:cover;\"><\/div>\n<\/div>\n\n\n\n<div class=\"wp-block-column is-vertically-aligned-top testimonial-text is-layout-flow wp-block-column-is-layout-flow\">\n<div class=\"wp-block-group has-light-gray-background-color has-background is-vertical is-layout-flex wp-container-core-group-is-layout-044273ab wp-block-group-is-layout-flex\" style=\"padding-top:var(--wp--preset--spacing--xl);padding-right:var(--wp--preset--spacing--xl);padding-bottom:var(--wp--preset--spacing--xl);padding-left:var(--wp--preset--spacing--l)\">\n<p class=\"has-step-1-font-size\"><em>&#8220;Liebes Leeb-Team, die beiden Herren haben intensiv gearbeitet und eine Super &#8211; Leistung erbracht. Zu unseren neuen Au\u00dfenanlage war das jetzt das &#8220;i-T\u00fcpfelchen&#8221;. Vielen Dank f\u00fcr Ihre Vorarbeiten und dass alles so geklappt hat. Mit dem Ablauf sind wir sehr zufrieden, da auch auf den ersten Blick alles in Ordnung ist.&#8221;<\/em><\/p>\n\n\n\n<p class=\"has-step-s-font-size\"><strong>Familie Borawski<br><\/strong>35083 Wetter (Hessen)<\/p>\n<\/div>\n<\/div>\n<\/div>\n<\/div>\n\n\n\n<div class=\"wp-block-t3-carousel-slide t3-carousel-slide swiper-slide\">\n<div class=\"wp-block-columns testimonial m-split is-layout-flex wp-container-core-columns-is-layout-3331f5f7 wp-block-columns-is-layout-flex\" style=\"padding-bottom:0\">\n<div class=\"wp-block-column is-layout-flow wp-block-column-is-layout-flow\">\n<div class=\"wp-block-group is-layout-flow wp-block-group-is-layout-flow has-background\" style=\"min-height:100%;background-image:url(&#039;https:\/\/www.leeb-balkone.com\/app\/uploads\/2024\/10\/Kundenreferenz-Anbaubalkon-mit-Stuetzen-und-Glasbalkon-scaled.jpg&#039;);background-size:cover;\"><\/div>\n<\/div>\n\n\n\n<div class=\"wp-block-column is-vertically-aligned-top testimonial-text is-layout-flow wp-block-column-is-layout-flow\">\n<div class=\"wp-block-group has-light-gray-background-color has-background is-vertical is-layout-flex wp-container-core-group-is-layout-044273ab wp-block-group-is-layout-flex\" style=\"padding-top:var(--wp--preset--spacing--xl);padding-right:var(--wp--preset--spacing--xl);padding-bottom:var(--wp--preset--spacing--xl);padding-left:var(--wp--preset--spacing--l)\">\n<p class=\"has-step-1-font-size\"><em>&#8220;Wir sind sehr angetan, zumal die Optik perfekt zum Stil des Hauses passt. Prima fanden wir auch, dass wir die hinteren St\u00fctzen in wei\u00df nehmen konnten, also in der Farbe der Hauswand. So passt sich der Balkon zus\u00e4tzlich gut an das Haus an. Beim Besuch im Beratungsb\u00fcro haben wir die Steinfliesen entdeckt, sie machen einen qualitativ guten Eindruck passen sehr gut.&#8221;<\/em><\/p>\n\n\n\n<p class=\"has-step-s-font-size\"><strong>Familie D\u00f6brich<br><\/strong>79189 Bad Krozingen<\/p>\n<\/div>\n<\/div>\n<\/div>\n<\/div>\n<\/div><div class=\"swiper-pagination t3-carousel-036719f5-af55-4c80-b428-2f527e52fadb-pagination\"><\/div><\/div><div class=\"swiper-button-prev t3-carousel-036719f5-af55-4c80-b428-2f527e52fadb-prev\"><\/div><div class=\"swiper-button-next t3-carousel-036719f5-af55-4c80-b428-2f527e52fadb-next\"><\/div><\/div>\n<\/section>\n\n\n\n<section class=\"wp-block-group alignfull has-white-background-color has-background has-global-padding is-layout-constrained wp-container-core-group-is-layout-9fa1424c wp-block-group-is-layout-constrained\" style=\"padding-top:0\">\n<div class=\"wp-block-group o-grid u-md-1 is-layout-flow wp-block-group-is-layout-flow\" style=\"padding-top:0\">\n<div class=\"wp-block-group u-g-9 u-g-s-2 is-layout-flow wp-block-group-is-layout-flow\" style=\"margin-bottom:var(--wp--preset--spacing--s)\">\n<h2 class=\"wp-block-heading\">Warum ein Leeb Anbaubalkon ohne St\u00fctzen?<\/h2>\n\n\n\n<p class=\"is-style-teaser\"><span class=\"teaser\">Der Anbaubalkon ohne St\u00fctzen ist anspruchsvoll, seine Optik als &#8220;freischwebender Balkon&#8221; jedoch besonders elegant.<\/span><\/p>\n<\/div>\n<\/div>\n\n\n\n<div class=\"wp-block-group is-layout-flow wp-container-core-group-is-layout-d5075d26 wp-block-group-is-layout-flow\">\n<div class=\"wp-block-columns is-style-shadow m-split is-layout-flex wp-container-core-columns-is-layout-28f84493 wp-block-columns-is-layout-flex\">\n<div class=\"wp-block-column is-style-default is-layout-flow wp-block-column-is-layout-flow\">\n<figure class=\"wp-block-image size-large\"><img loading=\"lazy\" decoding=\"async\" width=\"1024\" height=\"684\" src=\"https:\/\/www.leeb-balkone.com\/app\/uploads\/2020\/07\/anbaubalkon-freitragend-alu-glas-2-1024x684.jpg\" alt=\"Wohnanlage mit freitragenden Anbaubalkonen\" class=\"wp-image-127637\" style=\"aspect-ratio:4\/3;object-fit:cover\" srcset=\"https:\/\/www.leeb-balkone.com\/app\/uploads\/2020\/07\/anbaubalkon-freitragend-alu-glas-2-1024x684.jpg 1024w, https:\/\/www.leeb-balkone.com\/app\/uploads\/2020\/07\/anbaubalkon-freitragend-alu-glas-2-300x200.jpg 300w, https:\/\/www.leeb-balkone.com\/app\/uploads\/2020\/07\/anbaubalkon-freitragend-alu-glas-2-768x513.jpg 768w, https:\/\/www.leeb-balkone.com\/app\/uploads\/2020\/07\/anbaubalkon-freitragend-alu-glas-2-1536x1025.jpg 1536w, https:\/\/www.leeb-balkone.com\/app\/uploads\/2020\/07\/anbaubalkon-freitragend-alu-glas-2-2048x1367.jpg 2048w\" sizes=\"auto, (max-width: 1024px) 100vw, 1024px\" \/><\/figure>\n<\/div>\n\n\n\n<div class=\"wp-block-column is-vertically-aligned-center is-style-overlay-content is-layout-flow wp-block-column-is-layout-flow\">\n<div class=\"wp-block-group is-vertical is-layout-flex wp-container-core-group-is-layout-6aed0e10 wp-block-group-is-layout-flex\">\n<h3 class=\"wp-block-heading\">Freitragende Anbaubalkone am Neubau<\/h3>\n\n\n\n<p>Bei neuen Geb\u00e4uden gelten freischwebende Balkone als besonders stilvolle L\u00f6sung. Sie kommen ohne sichtbare St\u00fctzen aus und verleihen der Fassade eine moderne, luftige Optik. Durch ihre schlanke Bauweise er\u00f6ffnen sie Architekten und Bauherrren vielf\u00e4ltige M\u00f6glichkeiten f\u00fcr eine individuelle Gestaltung. Leeb setzt spezielle Stahlkonsolen und Verankerungssysteme ein, die eine nahezu unsichtbare Befestigung an der Fassade erm\u00f6glichen.&nbsp;<\/p>\n\n\n\n<div class=\"wp-block-buttons is-layout-flex wp-block-buttons-is-layout-flex\" style=\"margin-top:var(--wp--preset--spacing--2-xs)\">\n<div class=\"wp-block-button is-style-outline-secondary\"><a class=\"wp-block-button__link has-transparent-background-color has-background wp-element-button\" href=\"https:\/\/www.leeb-balkone.com\/de\/wohnungswirtschaft\/\">Mehr erfahren<\/a><\/div>\n<\/div>\n<\/div>\n<\/div>\n<\/div>\n\n\n\n<div class=\"wp-block-columns is-style-shadow m-split m-split-reverse is-layout-flex wp-container-core-columns-is-layout-28f84493 wp-block-columns-is-layout-flex\">\n<div class=\"wp-block-column is-style-default is-layout-flow wp-block-column-is-layout-flow\">\n<figure class=\"wp-block-image size-large\"><img loading=\"lazy\" decoding=\"async\" width=\"1024\" height=\"768\" src=\"https:\/\/www.leeb-balkone.com\/app\/uploads\/2020\/07\/anbaubalkon-28-1024x768.jpg\" alt=\"Renovierung eines Einfamilienhauses mit Alu-Anbaubalkon\" class=\"wp-image-4592\" style=\"aspect-ratio:4\/3;object-fit:cover\" srcset=\"https:\/\/www.leeb-balkone.com\/app\/uploads\/2020\/07\/anbaubalkon-28-1024x768.jpg 1024w, https:\/\/www.leeb-balkone.com\/app\/uploads\/2020\/07\/anbaubalkon-28-300x225.jpg 300w, https:\/\/www.leeb-balkone.com\/app\/uploads\/2020\/07\/anbaubalkon-28-768x576.jpg 768w, https:\/\/www.leeb-balkone.com\/app\/uploads\/2020\/07\/anbaubalkon-28-1536x1152.jpg 1536w, https:\/\/www.leeb-balkone.com\/app\/uploads\/2020\/07\/anbaubalkon-28-2048x1536.jpg 2048w\" sizes=\"auto, (max-width: 1024px) 100vw, 1024px\" \/><\/figure>\n<\/div>\n\n\n\n<div class=\"wp-block-column is-vertically-aligned-center is-style-overlay-content is-layout-flow wp-block-column-is-layout-flow\">\n<div class=\"wp-block-group is-vertical is-layout-flex wp-container-core-group-is-layout-6aed0e10 wp-block-group-is-layout-flex\">\n<h3 class=\"wp-block-heading\">Freitragende Anbaubalkone in der Sanierung<\/h3>\n\n\n\n<p>Die Integration freischwebender Balkone in bestehende Bausubstanz stellt bei Modernisierungen und im Denkmalschutz eine besondere technische Aufgabe dar. Ob ein auskragender Balkon nachtr\u00e4glich realisiert werden kann, h\u00e4ngt ma\u00dfgeblich vom Zustand und der Tragf\u00e4higkeit des Geb\u00e4udes ab. In der Regel sind bei Sanierungen Balkontiefen bis etwa 1,60 Meter m\u00f6glich, gr\u00f6\u00dfere Ausladungen erfordern eine individuelle statische Bewertung. Leeb bietet f\u00fcr die Sanierung ma\u00dfgeschneiderte L\u00f6sungen: Die Balkone werden im Werk exakt vorgefertigt und vor Ort schnell, sauber und ohne gro\u00dfe L\u00e4rmbelastung montiert.<\/p>\n<\/div>\n<\/div>\n<\/div>\n\n\n<\/div>\n<\/section>\n\n\n\n<section class=\"wp-block-group alignfull has-light-gray-background-color has-background has-global-padding is-layout-constrained wp-container-core-group-is-layout-52f96efc wp-block-group-is-layout-constrained\">\n<div class=\"wp-block-group o-grid u-md-1 is-layout-flow wp-block-group-is-layout-flow\" style=\"padding-top:0\">\n<div class=\"wp-block-group u-g-9 u-g-s-2 is-layout-flow wp-block-group-is-layout-flow\" style=\"margin-bottom:var(--wp--preset--spacing--s)\">\n\n\n\n\n<div class=\"wp-block-t3-acc-accordion is-style-light\"><button id=\"accordion-bfbb6ab6-5714-482e-9719-df0b12b65e00-button\" class=\"accordion__button\" aria-expanded=\"false\" aria-controls=\"accordion-bfbb6ab6-5714-482e-9719-df0b12b65e00-panel\"><h3 data-accordion-title=\"true\" style=\"font-size:var(--step-1)\"><strong><strong><strong>Was sind die Pro und Contras von st\u00fctzenfreien L\u00f6sungen?<\/strong><\/strong><\/strong><\/h3><\/button><div id=\"accordion-bfbb6ab6-5714-482e-9719-df0b12b65e00-panel\" class=\"accordion__panel\" role=\"region\" aria-labelledby=\"accordion-bfbb6ab6-5714-482e-9719-df0b12b65e00-button\">\n<p>Freitragende Balkone \u00fcberzeugen durch ihre moderne, st\u00fctzenlose Bauweise und verleihen Geb\u00e4uden eine attraktive Optik vom &#8220;schwebenden Balkon&#8221;. Die Konstruktionen \u2013 auch als auskragende oder Kragarmbalkone bekannt \u2013 sind vor allem dann gefragt, wenn im Bereich von Zufahrten, Gehwegen, Treppen oder Parkpl\u00e4tzen keine tragenden St\u00fctzen gesetzt werden k\u00f6nnen.<\/p>\n\n\n\n<p>Anbaubalkone ohne St\u00fctzen sind anspruchsvoller und aufw\u00e4ndiger als L\u00f6sungen mit St\u00fctzen, daher stellen sie oft die teuerste Baukonstruktion dar. Besonders bei Bestandsgeb\u00e4uden ist eine umfassende Analyse der Bausubstanz unerl\u00e4sslich: Decken und W\u00e4nde m\u00fcssen sorgf\u00e4ltig auf ihre Tragf\u00e4higkeit gepr\u00fcft werden, um sicherzustellen, dass ein st\u00fctzenloser Balkon in der gew\u00fcnschten Gr\u00f6\u00dfe realisiert werden kann.<\/p>\n<\/div><\/div>\n<\/div>\n<\/div>\n<\/section>\n\n\n\n<section class=\"wp-block-group alignfull has-white-background-color has-background has-global-padding is-layout-constrained wp-container-core-group-is-layout-52f96efc wp-block-group-is-layout-constrained\">\n<div class=\"wp-block-group o-grid u-md-1 is-layout-flow wp-block-group-is-layout-flow\" style=\"padding-top:0\">\n<div class=\"wp-block-group u-g-9 u-g-s-2 is-layout-flow wp-block-group-is-layout-flow\">\n<h2 class=\"wp-block-heading\">Freitragende Anbaubalkone Impressionen<\/h2>\n\n\n\n<p><span class=\"teaser\">Lassen Sie sich von den Gestaltungsm\u00f6glichkeiten unseres Atriums inspirieren.<\/span><\/p>\n<\/div>\n<\/div>\n\n\n    <div id=\"t3-lg-block-1\" class=\"wp-block-t3-lightgallery\" data-initial-count=\"12\">\n      <div class=\"lg-container u-grid-temp has-4-cols\">\n                  <div class=\"lg-item\" data-src=\"https:\/\/www.leeb-balkone.com\/app\/uploads\/2020\/07\/anbaubalkon-28-scaled.jpg\"\n              data-sub-html=\"&lt;p&gt;Renoviertes Haus mit freitragenden Anbaubalkon zur Erweiterung des Wohnraumes&lt;\/p&gt;\">\n            <div class=\"img-wrapper\">\n                <figure>\n                    <img loading=\"lazy\" decoding=\"async\" width=\"300\" height=\"225\" src=\"https:\/\/www.leeb-balkone.com\/app\/uploads\/2020\/07\/anbaubalkon-28-300x225.jpg\" class=\"attachment-medium size-medium\" alt=\"Renovierung eines Einfamilienhauses mit Alu-Anbaubalkon\" srcset=\"https:\/\/www.leeb-balkone.com\/app\/uploads\/2020\/07\/anbaubalkon-28-300x225.jpg 300w, https:\/\/www.leeb-balkone.com\/app\/uploads\/2020\/07\/anbaubalkon-28-1024x768.jpg 1024w, https:\/\/www.leeb-balkone.com\/app\/uploads\/2020\/07\/anbaubalkon-28-768x576.jpg 768w, https:\/\/www.leeb-balkone.com\/app\/uploads\/2020\/07\/anbaubalkon-28-1536x1152.jpg 1536w, https:\/\/www.leeb-balkone.com\/app\/uploads\/2020\/07\/anbaubalkon-28-2048x1536.jpg 2048w\" sizes=\"auto, (min-width: 1200px) 260px, (min-width: 1024px) 220px, (min-width: 640px) 465px, 768px\" \/>    \n                <\/figure>\n                        <\/div>\n            <p>Renoviertes Haus mit freitragenden Anbaubalkon zur Erweiterung des Wohnraumes<\/p>        <\/div>\n                  <div class=\"lg-item\" data-src=\"https:\/\/www.leeb-balkone.com\/app\/uploads\/2020\/07\/anbaubalkon-freitragend-alu-glas-2-scaled.jpg\"\n              data-sub-html=\"&lt;p&gt;Wohnanlage mit freitragenden Anbaubalkonen&lt;\/p&gt;\">\n            <div class=\"img-wrapper\">\n                <figure>\n                    <img loading=\"lazy\" decoding=\"async\" width=\"300\" height=\"200\" src=\"https:\/\/www.leeb-balkone.com\/app\/uploads\/2020\/07\/anbaubalkon-freitragend-alu-glas-2-300x200.jpg\" class=\"attachment-medium size-medium\" alt=\"Wohnanlage mit freitragenden Anbaubalkonen\" srcset=\"https:\/\/www.leeb-balkone.com\/app\/uploads\/2020\/07\/anbaubalkon-freitragend-alu-glas-2-300x200.jpg 300w, https:\/\/www.leeb-balkone.com\/app\/uploads\/2020\/07\/anbaubalkon-freitragend-alu-glas-2-1024x684.jpg 1024w, https:\/\/www.leeb-balkone.com\/app\/uploads\/2020\/07\/anbaubalkon-freitragend-alu-glas-2-768x513.jpg 768w, https:\/\/www.leeb-balkone.com\/app\/uploads\/2020\/07\/anbaubalkon-freitragend-alu-glas-2-1536x1025.jpg 1536w, https:\/\/www.leeb-balkone.com\/app\/uploads\/2020\/07\/anbaubalkon-freitragend-alu-glas-2-2048x1367.jpg 2048w\" sizes=\"auto, (min-width: 1200px) 260px, (min-width: 1024px) 220px, (min-width: 640px) 465px, 768px\" \/>    \n                <\/figure>\n                        <\/div>\n            <p>Wohnanlage mit freitragenden Anbaubalkonen<\/p>        <\/div>\n                  <div class=\"lg-item\" data-src=\"https:\/\/www.leeb-balkone.com\/app\/uploads\/2020\/07\/anbaubalkon-freitragend-alu-glas-1-scaled-e1683697087384.jpg\"\n              data-sub-html=\"&lt;p&gt;abgeh\u00e4ngte Balkone (Sonderausf\u00fchrung)&lt;\/p&gt;\">\n            <div class=\"img-wrapper\">\n                <figure>\n                    <img loading=\"lazy\" decoding=\"async\" width=\"300\" height=\"262\" src=\"https:\/\/www.leeb-balkone.com\/app\/uploads\/2020\/07\/anbaubalkon-freitragend-alu-glas-1-scaled-e1683697087384-300x262.jpg\" class=\"attachment-medium size-medium\" alt=\"anbaubalkon freitragend alu glas 1 e1683697087384\" srcset=\"https:\/\/www.leeb-balkone.com\/app\/uploads\/2020\/07\/anbaubalkon-freitragend-alu-glas-1-scaled-e1683697087384-300x262.jpg 300w, https:\/\/www.leeb-balkone.com\/app\/uploads\/2020\/07\/anbaubalkon-freitragend-alu-glas-1-scaled-e1683697087384-1024x895.jpg 1024w, https:\/\/www.leeb-balkone.com\/app\/uploads\/2020\/07\/anbaubalkon-freitragend-alu-glas-1-scaled-e1683697087384-768x671.jpg 768w, https:\/\/www.leeb-balkone.com\/app\/uploads\/2020\/07\/anbaubalkon-freitragend-alu-glas-1-scaled-e1683697087384-1536x1343.jpg 1536w, https:\/\/www.leeb-balkone.com\/app\/uploads\/2020\/07\/anbaubalkon-freitragend-alu-glas-1-scaled-e1683697087384.jpg 1676w\" sizes=\"auto, (min-width: 1200px) 260px, (min-width: 1024px) 220px, (min-width: 640px) 465px, 768px\" \/>    \n                <\/figure>\n                        <\/div>\n            <p>abgeh\u00e4ngte Balkone (Sonderausf\u00fchrung)<\/p>        <\/div>\n                  <div class=\"lg-item\" data-src=\"https:\/\/www.leeb-balkone.com\/app\/uploads\/2020\/07\/anbaubalkon-freitragend-alu-4-scaled.jpg\"\n              data-sub-html=\"&lt;p&gt;freitragender Anbaubalkon (Wohnraumerweiterung ohne St\u00fctzen)&lt;\/p&gt;\">\n            <div class=\"img-wrapper\">\n                <figure>\n                    <img loading=\"lazy\" decoding=\"async\" width=\"300\" height=\"200\" src=\"https:\/\/www.leeb-balkone.com\/app\/uploads\/2020\/07\/anbaubalkon-freitragend-alu-4-300x200.jpg\" class=\"attachment-medium size-medium\" alt=\"Gr\u00fcnes Haus mit Alu-Anbaubalkon\" srcset=\"https:\/\/www.leeb-balkone.com\/app\/uploads\/2020\/07\/anbaubalkon-freitragend-alu-4-300x200.jpg 300w, https:\/\/www.leeb-balkone.com\/app\/uploads\/2020\/07\/anbaubalkon-freitragend-alu-4-1024x683.jpg 1024w, https:\/\/www.leeb-balkone.com\/app\/uploads\/2020\/07\/anbaubalkon-freitragend-alu-4-768x512.jpg 768w, https:\/\/www.leeb-balkone.com\/app\/uploads\/2020\/07\/anbaubalkon-freitragend-alu-4-1536x1024.jpg 1536w, https:\/\/www.leeb-balkone.com\/app\/uploads\/2020\/07\/anbaubalkon-freitragend-alu-4-2048x1366.jpg 2048w\" sizes=\"auto, (min-width: 1200px) 260px, (min-width: 1024px) 220px, (min-width: 640px) 465px, 768px\" \/>    \n                <\/figure>\n                        <\/div>\n            <p>freitragender Anbaubalkon (Wohnraumerweiterung ohne St\u00fctzen)<\/p>        <\/div>\n                  <div class=\"lg-item\" data-src=\"https:\/\/www.leeb-balkone.com\/app\/uploads\/2020\/07\/anbaubalkon-freitragend-alu-holzoptik-scaled.jpg\"\n              data-sub-html=\"&lt;p&gt;Freitragendes Balkonanbausystem in Holzoptik&lt;\/p&gt;\">\n            <div class=\"img-wrapper\">\n                <figure>\n                    <img loading=\"lazy\" decoding=\"async\" width=\"300\" height=\"207\" src=\"https:\/\/www.leeb-balkone.com\/app\/uploads\/2020\/07\/anbaubalkon-freitragend-alu-holzoptik-300x207.jpg\" class=\"attachment-medium size-medium\" alt=\"Freitragendes Balkonanbausystem in Holzoptik\" srcset=\"https:\/\/www.leeb-balkone.com\/app\/uploads\/2020\/07\/anbaubalkon-freitragend-alu-holzoptik-300x207.jpg 300w, https:\/\/www.leeb-balkone.com\/app\/uploads\/2020\/07\/anbaubalkon-freitragend-alu-holzoptik-1024x708.jpg 1024w, https:\/\/www.leeb-balkone.com\/app\/uploads\/2020\/07\/anbaubalkon-freitragend-alu-holzoptik-768x531.jpg 768w, https:\/\/www.leeb-balkone.com\/app\/uploads\/2020\/07\/anbaubalkon-freitragend-alu-holzoptik-1536x1062.jpg 1536w, https:\/\/www.leeb-balkone.com\/app\/uploads\/2020\/07\/anbaubalkon-freitragend-alu-holzoptik-2048x1416.jpg 2048w\" sizes=\"auto, (min-width: 1200px) 260px, (min-width: 1024px) 220px, (min-width: 640px) 465px, 768px\" \/>    \n                <\/figure>\n                        <\/div>\n            <p>Freitragendes Balkonanbausystem in Holzoptik<\/p>        <\/div>\n                  <div class=\"lg-item\" data-src=\"https:\/\/www.leeb-balkone.com\/app\/uploads\/2020\/07\/anbaubalkon-freitragend-alu-holzoptik-2-scaled.jpg\"\n              data-sub-html=\"&lt;p&gt;Balkonanbau eines Einfamilienhauses  mit Balkongel\u00e4nder aus Alu und Glas&lt;\/p&gt;\">\n            <div class=\"img-wrapper\">\n                <figure>\n                    <img loading=\"lazy\" decoding=\"async\" width=\"300\" height=\"225\" src=\"https:\/\/www.leeb-balkone.com\/app\/uploads\/2020\/07\/anbaubalkon-freitragend-alu-holzoptik-2-300x225.jpg\" class=\"attachment-medium size-medium\" alt=\"Balkonanbau eines Einfamilienhauses in Holzoptik\" srcset=\"https:\/\/www.leeb-balkone.com\/app\/uploads\/2020\/07\/anbaubalkon-freitragend-alu-holzoptik-2-300x225.jpg 300w, https:\/\/www.leeb-balkone.com\/app\/uploads\/2020\/07\/anbaubalkon-freitragend-alu-holzoptik-2-1024x768.jpg 1024w, https:\/\/www.leeb-balkone.com\/app\/uploads\/2020\/07\/anbaubalkon-freitragend-alu-holzoptik-2-768x576.jpg 768w, https:\/\/www.leeb-balkone.com\/app\/uploads\/2020\/07\/anbaubalkon-freitragend-alu-holzoptik-2-1536x1152.jpg 1536w, https:\/\/www.leeb-balkone.com\/app\/uploads\/2020\/07\/anbaubalkon-freitragend-alu-holzoptik-2-2048x1536.jpg 2048w\" sizes=\"auto, (min-width: 1200px) 260px, (min-width: 1024px) 220px, (min-width: 640px) 465px, 768px\" \/>    \n                <\/figure>\n                        <\/div>\n            <p>Balkonanbau eines Einfamilienhauses  mit Balkongel\u00e4nder aus Alu und Glas<\/p>        <\/div>\n                  <div class=\"lg-item\" data-src=\"https:\/\/www.leeb-balkone.com\/app\/uploads\/2020\/07\/anbaubalkon-freitragend-alu-holzoptik-3-scaled.jpg\"\n              data-sub-html=\"&lt;p&gt;Nachtr\u00e4glich installierter Anbaubalkon in Holzoptik &lt;\/p&gt;\">\n            <div class=\"img-wrapper\">\n                <figure>\n                    <img loading=\"lazy\" decoding=\"async\" width=\"300\" height=\"225\" src=\"https:\/\/www.leeb-balkone.com\/app\/uploads\/2020\/07\/anbaubalkon-freitragend-alu-holzoptik-3-300x225.jpg\" class=\"attachment-medium size-medium\" alt=\"Chicer Balkon in Holzoptik der freitragend angebaut wurde\" srcset=\"https:\/\/www.leeb-balkone.com\/app\/uploads\/2020\/07\/anbaubalkon-freitragend-alu-holzoptik-3-300x225.jpg 300w, https:\/\/www.leeb-balkone.com\/app\/uploads\/2020\/07\/anbaubalkon-freitragend-alu-holzoptik-3-1024x768.jpg 1024w, https:\/\/www.leeb-balkone.com\/app\/uploads\/2020\/07\/anbaubalkon-freitragend-alu-holzoptik-3-768x576.jpg 768w, https:\/\/www.leeb-balkone.com\/app\/uploads\/2020\/07\/anbaubalkon-freitragend-alu-holzoptik-3-1536x1152.jpg 1536w, https:\/\/www.leeb-balkone.com\/app\/uploads\/2020\/07\/anbaubalkon-freitragend-alu-holzoptik-3-2048x1536.jpg 2048w\" sizes=\"auto, (min-width: 1200px) 260px, (min-width: 1024px) 220px, (min-width: 640px) 465px, 768px\" \/>    \n                <\/figure>\n                        <\/div>\n            <p>Nachtr\u00e4glich installierter Anbaubalkon in Holzoptik <\/p>        <\/div>\n                <\/div>\n\n          <\/div>\n    <\/section>\n\n\n\n<section class=\"wp-block-group alignfull has-white-background-color has-background has-global-padding is-layout-constrained wp-container-core-group-is-layout-9fa1424c wp-block-group-is-layout-constrained\" style=\"padding-top:0\">\n<div class=\"wp-block-columns is-style-offset m-split is-layout-flex wp-container-core-columns-is-layout-28f84493 wp-block-columns-is-layout-flex\">\n<div class=\"wp-block-column is-layout-flow wp-block-column-is-layout-flow\"><div class=\"vp-map-wrapper vp-map-ratio-19-1\"><img decoding=\"async\" width=\"2000\" height=\"1041\" src=\"https:\/\/www.leeb-balkone.com\/app\/uploads\/2026\/03\/map-de.jpg\" class=\"attachment-full size-full\" alt=\"Deutsche Map: Vertriebspartner (orange Pins) und Schaur\u00e4ume \/ Standorte (gr\u00fcne Pins) der Leeb Balkone GmbH in Deutschland\" style=\"width:100%;height:100%;object-fit:cover;display:block;\" loading=\"lazy\" srcset=\"https:\/\/www.leeb-balkone.com\/app\/uploads\/2026\/03\/map-de.jpg 2000w, https:\/\/www.leeb-balkone.com\/app\/uploads\/2026\/03\/map-de-300x156.jpg 300w, https:\/\/www.leeb-balkone.com\/app\/uploads\/2026\/03\/map-de-1024x533.jpg 1024w, https:\/\/www.leeb-balkone.com\/app\/uploads\/2026\/03\/map-de-768x400.jpg 768w, https:\/\/www.leeb-balkone.com\/app\/uploads\/2026\/03\/map-de-1536x799.jpg 1536w\" sizes=\"auto, (min-width: 1536px) 2048px, (min-width: 992px) 1536px, (min-width: 768px) 1024px, (min-width: 576px) 768px, 100vw\" \/><\/div>\n<\/div>\n\n\n\n<div class=\"wp-block-column is-vertically-aligned-center is-style-overlay-content is-layout-flow wp-block-column-is-layout-flow\">\n<div class=\"wp-block-group is-vertical is-layout-flex wp-container-core-group-is-layout-bd7877ba wp-block-group-is-layout-flex\">\n<h2 class=\"wp-block-heading has-step-2-font-size\">Vertriebspartner Deutschland<\/h2>\n\n\n\n<p>Kompetente LEEB Partner in Ihrer Region. Pers\u00f6nliche Beratung, pr\u00e4zise Planung und fachgerechte Montage \u2013 bundesweit.<\/p>\n\n\n\n<div class=\"wp-block-buttons is-layout-flex wp-block-buttons-is-layout-flex\" style=\"margin-top:var(--wp--preset--spacing--2-xs)\">\n<div class=\"wp-block-button is-style-cta\"><a class=\"wp-block-button__link has-transparent-background-color has-background wp-element-button\" href=\"https:\/\/www.leeb-balkone.com\/de\/vertriebspartner\/\">Vertriebspartner finden<span class=\"sr-only\"> Vertriebspartner Leeb Balkone Deutschland<\/span><\/a><\/div>\n<\/div>\n<\/div>\n<\/div>\n<\/div>\n<\/section>\n\n\n\n<section class=\"wp-block-group alignfull has-light-gray-background-color has-background has-global-padding is-layout-constrained wp-container-core-group-is-layout-52f96efc wp-block-group-is-layout-constrained\" id=\"beratungstermin\">\n<div class=\"wp-block-group m-teaser o-grid u-md-1 is-layout-flow wp-block-group-is-layout-flow\">\n<div class=\"wp-block-group u-g-7 u-g-s-2 is-layout-flow wp-block-group-is-layout-flow\" style=\"margin-bottom:var(--wp--preset--spacing--s)\">\n<h2 class=\"wp-block-heading\">Kontaktieren Sie uns<\/h2>\n\n\n\n<p><strong><strong>Sie planen ein Projekt oder haben Fragen zu uns und unseren L\u00f6sungen? Schreiben Sie uns einfach &#8211; wir nehmen uns gerne Zeit f\u00fcr Ihr Anliegen!<\/strong><\/strong><\/p>\n<\/div>\n<\/div>\n\n\n\n<div class=\"wp-block-group m-teaser o-grid u-md-1 is-layout-flow wp-block-group-is-layout-flow\">\n<div class=\"wp-block-group u-g-7 u-g-s-2 is-layout-flow wp-block-group-is-layout-flow\" style=\"margin-bottom:var(--wp--preset--spacing--s)\"><form action=\"https:\/\/www.leeb-balkone.com\/de\/wp-json\/ws-form\/v1\/submit\" class=\"wsf-form wsf-form-canvas\" id=\"ws-form-1\" data-id=\"4\" data-instance-id=\"1\" method=\"POST\"><\/form>\n<\/div>\n\n\n\n<div class=\"wp-block-group u-g-3 u-g-s-9 is-layout-flow wp-block-group-is-layout-flow\"><div class=\"t3-sidebar-buttons wp-block-buttons is-layout-flex wp-block-buttons-is-layout-flex\"><div class=\"wp-block-button is-style-fill icon-book icon-left\">\n                        <a class=\"wp-block-button__link has-secondary-color has-white-background-color has-text-color has-background has-link-color wp-element-button\" href=\"https:\/\/www.leeb-balkone.com\/de\/kontakt\/katalog-anfordern\/\" style=\"box-shadow:var(--wp--preset--shadow--box-shadow)\">Katalog anfordern<\/a>\n                    <\/div><div class=\"wp-block-button is-style-fill icon-phone-new icon-left\">\n                        <a class=\"wp-block-button__link has-secondary-color has-white-background-color has-text-color has-background has-link-color wp-element-button\" href=\"tel:08001801003\">Hotline Deutschland <span class=\"sr-only\">Hotline: 0800 1801003 (Deutschlandweit kostenlos)<\/span><\/a>\n                    <\/div><\/div>\n<\/div>\n<\/div>\n<\/section>\n","protected":false},"excerpt":{"rendered":"","protected":false},"author":4,"featured_media":0,"parent":148350,"menu_order":0,"comment_status":"closed","ping_status":"closed","template":"template-onepager.blade.php","meta":{"_acf_changed":false,"footnotes":"","_sage_theme_css":true,"_wp_block_core_css":true},"folder":[247,238],"class_list":["post-148403","page","type-page","status-publish","hentry"],"acf":[],"yoast_head":"<!-- This site is optimized with the Yoast SEO plugin v27.2 - https:\/\/yoast.com\/product\/yoast-seo-wordpress\/ -->\n<title>Anbaubalkon ohne St\u00fctzen \u00bb Balkonanbau freitragend - Leeb Balkone Deutschland<\/title>\n<meta name=\"description\" content=\"Leeb Anbaubalkon ohne St\u00fctzen: Die L\u00f6sung f\u00fcr eine moderne, schwebende Optik. Maximale Freiheit unter dem Balkon &amp; wartungsfrei. Jetzt planen!\" \/>\n<meta name=\"robots\" content=\"index, follow, max-snippet:-1, max-image-preview:large, max-video-preview:-1\" \/>\n<meta property=\"og:locale\" content=\"de_DE\" \/>\n<meta property=\"og:type\" content=\"article\" \/>\n<meta property=\"og:title\" content=\"Anbaubalkon ohne St\u00fctzen \u00bb Balkonanbau freitragend - Leeb Balkone\" \/>\n<meta property=\"og:description\" content=\"Leeb Anbaubalkon ohne St\u00fctzen: Die L\u00f6sung f\u00fcr eine moderne, schwebende Optik. Maximale Freiheit unter dem Balkon &amp; wartungsfrei. Jetzt planen!\" \/>\n<meta property=\"og:url\" content=\"https:\/\/www.leeb-balkone.com\/de\/anbaubalkone\/balkonanbau-freitragend\/\" \/>\n<meta property=\"og:site_name\" content=\"Leeb Balkone\" \/>\n<meta property=\"article:publisher\" content=\"https:\/\/www.facebook.com\/balkone\/\" \/>\n<meta property=\"article:modified_time\" content=\"2026-04-15T14:44:40+00:00\" \/>\n<meta property=\"og:image\" content=\"https:\/\/www.leeb-balkone.com\/app\/uploads\/2020\/07\/anbaubalkon-freitragend-alu-holzoptik-scaled.jpg\" \/>\n\t<meta property=\"og:image:width\" content=\"2560\" \/>\n\t<meta property=\"og:image:height\" content=\"1770\" \/>\n\t<meta property=\"og:image:type\" content=\"image\/jpeg\" \/>\n<meta name=\"twitter:card\" content=\"summary_large_image\" \/>\n<script type=\"application\/ld+json\" class=\"yoast-schema-graph\">{\"@context\":\"https:\/\/schema.org\",\"@graph\":[{\"@type\":\"WebPage\",\"@id\":\"https:\/\/www.leeb-balkone.com\/de\/anbaubalkone\/balkonanbau-freitragend\/\",\"url\":\"https:\/\/www.leeb-balkone.com\/de\/anbaubalkone\/balkonanbau-freitragend\/\",\"name\":\"Anbaubalkon ohne St\u00fctzen \u00bb Balkonanbau freitragend - Leeb Balkone\",\"isPartOf\":{\"@id\":\"https:\/\/www.leeb-balkone.com\/de\/#website\"},\"primaryImageOfPage\":{\"@id\":\"https:\/\/www.leeb-balkone.com\/de\/anbaubalkone\/balkonanbau-freitragend\/#primaryimage\"},\"image\":{\"@id\":\"https:\/\/www.leeb-balkone.com\/de\/anbaubalkone\/balkonanbau-freitragend\/#primaryimage\"},\"thumbnailUrl\":\"https:\/\/www.leeb-balkone.com\/app\/uploads\/2020\/07\/anbaubalkon-freitragend-alu-holzoptik-1024x708.jpg\",\"datePublished\":\"2025-09-12T20:45:46+00:00\",\"dateModified\":\"2026-04-15T14:44:40+00:00\",\"description\":\"Leeb Anbaubalkon ohne St\u00fctzen: Die L\u00f6sung f\u00fcr eine moderne, schwebende Optik. Maximale Freiheit unter dem Balkon & wartungsfrei. Jetzt planen!\",\"breadcrumb\":{\"@id\":\"https:\/\/www.leeb-balkone.com\/de\/anbaubalkone\/balkonanbau-freitragend\/#breadcrumb\"},\"inLanguage\":\"de\",\"potentialAction\":[{\"@type\":\"ReadAction\",\"target\":[\"https:\/\/www.leeb-balkone.com\/de\/anbaubalkone\/balkonanbau-freitragend\/\"]}]},{\"@type\":\"ImageObject\",\"inLanguage\":\"de\",\"@id\":\"https:\/\/www.leeb-balkone.com\/de\/anbaubalkone\/balkonanbau-freitragend\/#primaryimage\",\"url\":\"https:\/\/www.leeb-balkone.com\/app\/uploads\/2020\/07\/anbaubalkon-freitragend-alu-holzoptik-1024x708.jpg\",\"contentUrl\":\"https:\/\/www.leeb-balkone.com\/app\/uploads\/2020\/07\/anbaubalkon-freitragend-alu-holzoptik-1024x708.jpg\"},{\"@type\":\"BreadcrumbList\",\"@id\":\"https:\/\/www.leeb-balkone.com\/de\/anbaubalkone\/balkonanbau-freitragend\/#breadcrumb\",\"itemListElement\":[{\"@type\":\"ListItem\",\"position\":1,\"name\":\"Home\",\"item\":\"https:\/\/www.leeb-balkone.com\/de\/\"},{\"@type\":\"ListItem\",\"position\":2,\"name\":\"Anbaubalkone\",\"item\":\"https:\/\/www.leeb-balkone.com\/de\/anbaubalkone\/\"},{\"@type\":\"ListItem\",\"position\":3,\"name\":\"Anbaubalkon ohne St\u00fctzen\"}]},{\"@type\":\"WebSite\",\"@id\":\"https:\/\/www.leeb-balkone.com\/de\/#website\",\"url\":\"https:\/\/www.leeb-balkone.com\/de\/\",\"name\":\"Leeb Balkone\",\"description\":\"Balkone und Z\u00e4une\",\"publisher\":{\"@id\":\"https:\/\/www.leeb-balkone.com\/de\/#organization\"},\"potentialAction\":[{\"@type\":\"SearchAction\",\"target\":{\"@type\":\"EntryPoint\",\"urlTemplate\":\"https:\/\/www.leeb-balkone.com\/de\/?s={search_term_string}\"},\"query-input\":{\"@type\":\"PropertyValueSpecification\",\"valueRequired\":true,\"valueName\":\"search_term_string\"}}],\"inLanguage\":\"de\"},{\"@type\":\"Organization\",\"@id\":\"https:\/\/www.leeb-balkone.com\/de\/#organization\",\"name\":\"Leeb Balkone Gmbh\",\"url\":\"https:\/\/www.leeb-balkone.com\/de\/\",\"logo\":{\"@type\":\"ImageObject\",\"inLanguage\":\"de\",\"@id\":\"https:\/\/www.leeb-balkone.com\/de\/#\/schema\/logo\/image\/\",\"url\":\"https:\/\/www.leeb-balkone.com\/app\/uploads\/2020\/11\/leeb-logo.svg\",\"contentUrl\":\"https:\/\/www.leeb-balkone.com\/app\/uploads\/2020\/11\/leeb-logo.svg\",\"width\":741,\"height\":204,\"caption\":\"Leeb Balkone Gmbh\"},\"image\":{\"@id\":\"https:\/\/www.leeb-balkone.com\/de\/#\/schema\/logo\/image\/\"},\"sameAs\":[\"https:\/\/www.facebook.com\/balkone\/\",\"https:\/\/www.trustedshops.at\/bewertung\/info_X4587CCF5833E31AFE0B11F47D86999F2.html\",\"https:\/\/www.trustedshops.de\/bewertung\/info_X7BA536A7A0BDC86D36C4718E4DCAEEEF.html\",\"https:\/\/www.google.com\/maps\/place\/?q=place_id:ChIJ5-zH19-IcEcR9HonWRTllHI\"]}]}<\/script>\n<!-- \/ Yoast SEO plugin. -->","yoast_head_json":{"title":"Anbaubalkon ohne St\u00fctzen \u00bb Balkonanbau freitragend - Leeb Balkone Deutschland","description":"Leeb Anbaubalkon ohne St\u00fctzen: Die L\u00f6sung f\u00fcr eine moderne, schwebende Optik. Maximale Freiheit unter dem Balkon & wartungsfrei. Jetzt planen!","robots":{"index":"index","follow":"follow","max-snippet":"max-snippet:-1","max-image-preview":"max-image-preview:large","max-video-preview":"max-video-preview:-1"},"og_locale":"de_DE","og_type":"article","og_title":"Anbaubalkon ohne St\u00fctzen \u00bb Balkonanbau freitragend - Leeb Balkone","og_description":"Leeb Anbaubalkon ohne St\u00fctzen: Die L\u00f6sung f\u00fcr eine moderne, schwebende Optik. Maximale Freiheit unter dem Balkon & wartungsfrei. Jetzt planen!","og_url":"https:\/\/www.leeb-balkone.com\/de\/anbaubalkone\/balkonanbau-freitragend\/","og_site_name":"Leeb Balkone","article_publisher":"https:\/\/www.facebook.com\/balkone\/","article_modified_time":"2026-04-15T14:44:40+00:00","og_image":[{"width":2560,"height":1770,"url":"https:\/\/www.leeb-balkone.com\/app\/uploads\/2020\/07\/anbaubalkon-freitragend-alu-holzoptik-scaled.jpg","type":"image\/jpeg"}],"twitter_card":"summary_large_image","schema":{"@context":"https:\/\/schema.org","@graph":[{"@type":"WebPage","@id":"https:\/\/www.leeb-balkone.com\/de\/anbaubalkone\/balkonanbau-freitragend\/","url":"https:\/\/www.leeb-balkone.com\/de\/anbaubalkone\/balkonanbau-freitragend\/","name":"Anbaubalkon ohne St\u00fctzen \u00bb Balkonanbau freitragend - Leeb Balkone","isPartOf":{"@id":"https:\/\/www.leeb-balkone.com\/de\/#website"},"primaryImageOfPage":{"@id":"https:\/\/www.leeb-balkone.com\/de\/anbaubalkone\/balkonanbau-freitragend\/#primaryimage"},"image":{"@id":"https:\/\/www.leeb-balkone.com\/de\/anbaubalkone\/balkonanbau-freitragend\/#primaryimage"},"thumbnailUrl":"https:\/\/www.leeb-balkone.com\/app\/uploads\/2020\/07\/anbaubalkon-freitragend-alu-holzoptik-1024x708.jpg","datePublished":"2025-09-12T20:45:46+00:00","dateModified":"2026-04-15T14:44:40+00:00","description":"Leeb Anbaubalkon ohne St\u00fctzen: Die L\u00f6sung f\u00fcr eine moderne, schwebende Optik. Maximale Freiheit unter dem Balkon & wartungsfrei. Jetzt planen!","breadcrumb":{"@id":"https:\/\/www.leeb-balkone.com\/de\/anbaubalkone\/balkonanbau-freitragend\/#breadcrumb"},"inLanguage":"de","potentialAction":[{"@type":"ReadAction","target":["https:\/\/www.leeb-balkone.com\/de\/anbaubalkone\/balkonanbau-freitragend\/"]}]},{"@type":"ImageObject","inLanguage":"de","@id":"https:\/\/www.leeb-balkone.com\/de\/anbaubalkone\/balkonanbau-freitragend\/#primaryimage","url":"https:\/\/www.leeb-balkone.com\/app\/uploads\/2020\/07\/anbaubalkon-freitragend-alu-holzoptik-1024x708.jpg","contentUrl":"https:\/\/www.leeb-balkone.com\/app\/uploads\/2020\/07\/anbaubalkon-freitragend-alu-holzoptik-1024x708.jpg"},{"@type":"BreadcrumbList","@id":"https:\/\/www.leeb-balkone.com\/de\/anbaubalkone\/balkonanbau-freitragend\/#breadcrumb","itemListElement":[{"@type":"ListItem","position":1,"name":"Home","item":"https:\/\/www.leeb-balkone.com\/de\/"},{"@type":"ListItem","position":2,"name":"Anbaubalkone","item":"https:\/\/www.leeb-balkone.com\/de\/anbaubalkone\/"},{"@type":"ListItem","position":3,"name":"Anbaubalkon ohne St\u00fctzen"}]},{"@type":"WebSite","@id":"https:\/\/www.leeb-balkone.com\/de\/#website","url":"https:\/\/www.leeb-balkone.com\/de\/","name":"Leeb Balkone","description":"Balkone und Z\u00e4une","publisher":{"@id":"https:\/\/www.leeb-balkone.com\/de\/#organization"},"potentialAction":[{"@type":"SearchAction","target":{"@type":"EntryPoint","urlTemplate":"https:\/\/www.leeb-balkone.com\/de\/?s={search_term_string}"},"query-input":{"@type":"PropertyValueSpecification","valueRequired":true,"valueName":"search_term_string"}}],"inLanguage":"de"},{"@type":"Organization","@id":"https:\/\/www.leeb-balkone.com\/de\/#organization","name":"Leeb Balkone Gmbh","url":"https:\/\/www.leeb-balkone.com\/de\/","logo":{"@type":"ImageObject","inLanguage":"de","@id":"https:\/\/www.leeb-balkone.com\/de\/#\/schema\/logo\/image\/","url":"https:\/\/www.leeb-balkone.com\/app\/uploads\/2020\/11\/leeb-logo.svg","contentUrl":"https:\/\/www.leeb-balkone.com\/app\/uploads\/2020\/11\/leeb-logo.svg","width":741,"height":204,"caption":"Leeb Balkone Gmbh"},"image":{"@id":"https:\/\/www.leeb-balkone.com\/de\/#\/schema\/logo\/image\/"},"sameAs":["https:\/\/www.facebook.com\/balkone\/","https:\/\/www.trustedshops.at\/bewertung\/info_X4587CCF5833E31AFE0B11F47D86999F2.html","https:\/\/www.trustedshops.de\/bewertung\/info_X7BA536A7A0BDC86D36C4718E4DCAEEEF.html","https:\/\/www.google.com\/maps\/place\/?q=place_id:ChIJ5-zH19-IcEcR9HonWRTllHI"]}]}},"_links":{"self":[{"href":"https:\/\/www.leeb-balkone.com\/de\/wp-json\/wp\/v2\/pages\/148403","targetHints":{"allow":["GET"]}}],"collection":[{"href":"https:\/\/www.leeb-balkone.com\/de\/wp-json\/wp\/v2\/pages"}],"about":[{"href":"https:\/\/www.leeb-balkone.com\/de\/wp-json\/wp\/v2\/types\/page"}],"author":[{"embeddable":true,"href":"https:\/\/www.leeb-balkone.com\/de\/wp-json\/wp\/v2\/users\/4"}],"replies":[{"embeddable":true,"href":"https:\/\/www.leeb-balkone.com\/de\/wp-json\/wp\/v2\/comments?post=148403"}],"version-history":[{"count":48,"href":"https:\/\/www.leeb-balkone.com\/de\/wp-json\/wp\/v2\/pages\/148403\/revisions"}],"predecessor-version":[{"id":167785,"href":"https:\/\/www.leeb-balkone.com\/de\/wp-json\/wp\/v2\/pages\/148403\/revisions\/167785"}],"up":[{"embeddable":true,"href":"https:\/\/www.leeb-balkone.com\/de\/wp-json\/wp\/v2\/pages\/148350"}],"wp:attachment":[{"href":"https:\/\/www.leeb-balkone.com\/de\/wp-json\/wp\/v2\/media?parent=148403"}],"wp:term":[{"taxonomy":"folder","embeddable":true,"href":"https:\/\/www.leeb-balkone.com\/de\/wp-json\/wp\/v2\/folder?post=148403"}],"curies":[{"name":"wp","href":"https:\/\/api.w.org\/{rel}","templated":true}]}}