{"id":130530,"date":"2023-06-23T08:31:25","date_gmt":"2023-06-23T08:31:25","guid":{"rendered":"https:\/\/www.leeb-balkone.com\/de\/?page_id=130530"},"modified":"2025-10-28T09:55:44","modified_gmt":"2025-10-28T09:55:44","slug":"soleeb","status":"publish","type":"page","link":"https:\/\/www.leeb-balkone.com\/de\/technik\/soleeb\/","title":{"rendered":"SOLEEB"},"content":{"rendered":"<header data-block_acf-block-6900931a76ac8 class=\"c-fh  l-mh-small c-fh--hero c-grad-l2r c-fh--div none\">\n      <img loading=\"lazy\" decoding=\"async\" width=\"2500\" height=\"1648\" src=\"https:\/\/www.leeb-balkone.com\/app\/uploads\/2023\/06\/balkongelaender-solar-10.jpg\" class=\"no-lazy\" alt=\"balkongelaender solar 10\" srcset=\"https:\/\/www.leeb-balkone.com\/app\/uploads\/2023\/06\/balkongelaender-solar-10.jpg 2500w, https:\/\/www.leeb-balkone.com\/app\/uploads\/2023\/06\/balkongelaender-solar-10-300x198.jpg 300w, https:\/\/www.leeb-balkone.com\/app\/uploads\/2023\/06\/balkongelaender-solar-10-1024x675.jpg 1024w, https:\/\/www.leeb-balkone.com\/app\/uploads\/2023\/06\/balkongelaender-solar-10-768x506.jpg 768w, https:\/\/www.leeb-balkone.com\/app\/uploads\/2023\/06\/balkongelaender-solar-10-1536x1013.jpg 1536w, https:\/\/www.leeb-balkone.com\/app\/uploads\/2023\/06\/balkongelaender-solar-10-2048x1350.jpg 2048w\" sizes=\"auto, (min-width: 1536px) 2048px, (min-width: 992px) 1536px, (min-width: 768px) 1024px, (min-width: 576px) 768px, 100vw\" \/>\n\n\n<div class=\"grid-container\">\n  <div class=\"grid-x\">\n    <div class=\"cell small-12 medium-6 medium-offset-1\">\n      <div class=\"c-fh__wrapper\">\n                              <p>Photovoltaik Plug and Play Solaranlage &#8211; die All-in-One-L\u00f6sung<\/p>\n                        <\/div>\n    <\/div>\n  <\/div>\n<\/div>\n  \n    \n    <\/header>\n\n\n  \n  <section class=\"wp-block-group alignfull t3-header u-max-wide t3-header-text has-white-background-color has-background has-global-padding is-layout-constrained wp-block-group-is-layout-constrained\">\n    <div class=\"wp-block-group o-grid u-md-1 u-sm-1 is-layout-flow wp-block-group-is-layout-flow\">\n  <div class=\"wp-block-group u-g-10 u-g-s-2\">\n      <div class=\"yoast-breadcrumbs\"><span><span><a href=\"https:\/\/www.leeb-balkone.com\/de\/\">Home<\/a><\/span><\/span><\/div>\n      \n    <h1>SOLEEB und SOLEEB Ultra<\/h1>\n  <\/div>\n<\/div>\n  <\/section>\n\n\n\n\n\n\n<section id=\"first-section\" class=\"wp-block-cgb-t3-section-block alignfull b-pt-small  is-style-default\" style=\"display:inherit;background-color:#fff;min-height:inherit\">\n<div class=\"wp-block-cgb-t3-container-block none\" style=\"background-color:none\"><div class=\"grid-container\"><div class=\"grid-x\"><div class=\"cell small-12 medium-9 large-0 medium-offset-1 b-has-lsmb\">\n<p><span class=\"teaser\">Es ist uns eine Herzensangelegenheit, die Energiewende aktiv mitzugestalten. Mit einer All-in-One-L\u00f6sung erm\u00f6glichen unsere Solarprodukte eine direkte Nutzung der gewonnenen Sonnenenergie und beeinflussen nicht nur positiv Ihren Kontostand, sondern verbessern ma\u00dfgeblich die Klimabilanz. Mit dem Solarmodell SOLEEB werden je nach Verbrauch bis zu 30% des t\u00e4glichen Strombedarfs gedeckt. Das bedeutet, dass bei sonnigem Wetter Ihr K\u00fchlschrank, Ihre Gefriertruhe und s\u00e4mtliche Standby-Elektroger\u00e4te im Haushalt ausschlie\u00dflich mit Solarenergie betrieben werden. <\/span><\/p>\n\n\n\n<p>F\u00fcr die bequeme und zeitsparende Installation empfehlen wir unser Plug-and-Play-Komplettset, die Photovoltaik-Plug-and-Play-Solaranlage von Leeb. Damit schlie\u00dfen Sie den Wechselrichter f\u00fcr bis zu vier Solarmodule m\u00fchelos eigenst\u00e4ndig an die n\u00e4chstgelegene Steckdose an.<span class=\"teaser\"> <\/span><\/p>\n\n\n\n<p><span class=\"teaser\"><strong>Jetzt neu<\/strong>: SOLEEB Ultra, die innovative Speicherl\u00f6sung, die es Ihnen erm\u00f6glicht, Ihren selbst erzeugten Solarstrom jederzeit zu nutzen.<\/span><\/p>\n<\/div><\/div><\/div><\/div>\n\n\n\n<div class=\"wp-block-cgb-t3-container-block none\" style=\"background-color:none\"><div class=\"grid-container\"><div class=\"grid-x\"><div class=\"cell small-12 medium-9 large-0 medium-offset-1 b-has-pt\">\n<p class=\"has-text-align-center p-list-btns smooth-scroll\"><a class=\"button hollow smooth-scroll\" data-offset=\"120\" data-smooth-scroll=\"\" href=\"#soleeb\">Soleeb<\/a> <a class=\"button hollow smooth-scroll\" data-offset=\"120\" data-smooth-scroll=\"\" href=\"#soleebplus\">Soleeb\u00a0Ultra<\/a> <a class=\"button hollow smooth-scroll\" data-offset=\"120\" data-smooth-scroll=\"\" href=\"#vorteile\">Allgemeine Vorteile<\/a> <a class=\"button hollow smooth-scroll\" data-offset=\"120\" data-smooth-scroll=\"\" href=\"#faq\">FAQ<\/a><\/p>\n<\/div><\/div><\/div><\/div>\n<\/section>\n\n\n\n<section id=\"soleeb\" class=\"wp-block-cgb-t3-section-block alignfull b-pt-none\" style=\"display:inherit;background-color:#F5F5F5;min-height:inherit\">\n<div class=\"wp-block-cgb-t3-container-block b-has-offset-h\" style=\"background-color:none\"><div class=\"grid-container\"><div class=\"grid-x\"><div class=\"cell small-12 medium-6 large-0 medium-offset-1\">\n<h2 class=\"wp-block-heading\" id=\"soleeb\"><span class=\"h2ash3\">SOLEEB (Plug-and-Play) <\/span><\/h2>\n<\/div><\/div><\/div><\/div>\n\n\n\n<div class=\"wp-block-cgb-t3-container-block none\" style=\"background-color:none\"><div class=\"grid-container\"><div class=\"grid-x\"><div class=\"cell small-12 medium-10 large-0 medium-offset-1 b-has-pt b-has-lsmb\">\n<div class=\"wp-block-columns are-vertically-aligned-top is-not-stacked-on-mobile is-layout-flex wp-container-core-columns-is-layout-28f84493 wp-block-columns-is-layout-flex\">\n<div class=\"wp-block-column is-vertically-aligned-top is-layout-flow wp-block-column-is-layout-flow\" style=\"flex-basis:66.66%\">\n<p>Die gewonnene Sonnenenergie wird mithilfe des mitgelieferten Mikrowechselrichters in den Endstromkreis des angeschlossenen Haushalts eingespeist. Der gro\u00dfe Vorteil ist, dass Sie keine technischen Kenntnisse ben\u00f6tigen und den Mikrowechselrichter eigenst\u00e4ndig an die n\u00e4chstgelegene Steckdose anschlie\u00dfen k\u00f6nnen. Mit der SOLEEB Photovoltaik Plug and Play-Solaranlage erreichen Sie die maximale Einspeiseleistung von 800 Watt, die gesetzlich f\u00fcr den eigenst\u00e4ndigen Anschluss erlaubt ist.<\/p>\n\n\n\n<h3 class=\"wp-block-heading\"><span class=\"h3ash4\">SOLEEB Varianten<\/span><\/h3>\n\n\n\n<p>Die Plug-and-Play-L\u00f6sung SOLEEB bieten wir in drei verschiedenen Ausbaustufen an. Je nach Wunsch ist das SOLEEB mit <strong>mehreren Solarmodulen <\/strong>und einer Leistung von <strong>bis zu<\/strong> <strong>800 Wattpeak (Wp)<\/strong> erh\u00e4ltlich.<\/p>\n\n\n\n<ul class=\"wp-block-list\">\n<li>SOLEEB 2 besteht aus zwei Modulen und liefert bis zu 400 Wp an Nennleistung.<\/li>\n\n\n\n<li>SOLEEB 3 besteht aus drei Modulen und liefert bis zu 600 Wp an Nennleistung.<\/li>\n\n\n\n<li>SOLEEB 4 besteht aus vier Modulen und liefert bis zu 800 Wp an Nennleistung.<\/li>\n<\/ul>\n<\/div>\n\n\n\n<div class=\"wp-block-column is-vertically-aligned-top is-layout-flow wp-block-column-is-layout-flow\" style=\"flex-basis:33.33%\">\n<figure class=\"wp-block-image size-full\"><img loading=\"lazy\" decoding=\"async\" width=\"657\" height=\"566\" src=\"https:\/\/www.leeb-balkone.com\/app\/uploads\/2024\/06\/soleeb-plug-and-play-solaranlage.png\" alt=\"SOLEEB: Plug-and-Play-Komplettset mit Solarmodulen und Wechselrichter\" class=\"wp-image-139254\" srcset=\"https:\/\/www.leeb-balkone.com\/app\/uploads\/2024\/06\/soleeb-plug-and-play-solaranlage.png 657w, https:\/\/www.leeb-balkone.com\/app\/uploads\/2024\/06\/soleeb-plug-and-play-solaranlage-300x258.png 300w\" sizes=\"auto, (max-width: 657px) 100vw, 657px\" \/><figcaption class=\"wp-element-caption\">SOLEEB: Plug-and-Play-Komplettset mit Solarmodulen und Wechselrichter<\/figcaption><\/figure>\n<\/div>\n<\/div>\n<\/div><\/div><\/div><\/div>\n\n\n\n<div class=\"wp-block-cgb-t3-container-block none\" style=\"background-color:none\"><div class=\"grid-container\"><div class=\"grid-x\"><div class=\"cell small-12 medium-10 large-0 medium-offset-1 b-has-pt b-has-lsmb\">\n<h3 class=\"wp-block-heading\"><span class=\"h3ash4\">Vorteile<\/span><\/h3>\n\n\n\n<div class=\"wp-block-group box is-layout-flow wp-block-group-is-layout-flow\" style=\"padding-top:var(--wp--preset--spacing--s);padding-right:var(--wp--preset--spacing--1);padding-bottom:var(--wp--preset--spacing--1-5);padding-left:var(--wp--preset--spacing--1)\">\n<ul class=\"wp-block-list is-style-bullet-checkmarks\">\n<li>Bis zu 800 Watt Leistung m\u00f6glich<\/li>\n\n\n\n<li>Flexibel erweiterbar: erh\u00e4ltlich mit 2, 3 oder 4 Modulen<\/li>\n\n\n\n<li>Einfache Installation: Kein Fachwissen notwenig, einfach anstecken!<\/li>\n<\/ul>\n<\/div>\n<\/div><\/div><\/div><\/div>\n<\/section>\n\n\n\n<section id=\"soleebplus\" class=\"wp-block-cgb-t3-section-block alignfull\" style=\"display:inherit;background-color:#ffffff;min-height:inherit\">\n<div class=\"wp-block-cgb-t3-container-block alignfull none\" style=\"background-color:none\"><div class=\"grid-container\"><div class=\"grid-x\"><div class=\"cell small-12 medium-10 large-0 medium-offset-1\">\n<div class=\"wp-block-columns are-vertically-aligned-top is-layout-flex wp-container-core-columns-is-layout-28f84493 wp-block-columns-is-layout-flex\">\n<div class=\"wp-block-column is-vertically-aligned-top is-layout-flow wp-block-column-is-layout-flow\" style=\"flex-basis:66.66%\">\n<h2 class=\"wp-block-heading has-accent-color has-text-color has-link-color wp-elements-addfa13c88e1056ec062ca87c765c8da\" id=\"soleebplus\"><span class=\"h2ash3\">SOLEEB Ultra (Die Powerbank f\u00fcr Sonnenenergie)<\/span><\/h2>\n\n\n\n<p>Warum Strom verschenken, wenn Sie ihn speichern k\u00f6nnen? Mit einem Solarbalkon produzieren Sie sauberen Strom direkt bei Ihnen zu Hause. Doch was passiert, wenn Sie gerade nicht so viel Strom verbrauchen? Statt diesen ungen\u00fctzt ins Netz abzugeben, speichert SOLEEB Ultra die Energie.<\/p>\n\n\n\n<p>Mit SOLEEB Ultra k\u00f6nnen Sie Ihren erzeugten Solarstrom speichern und genau dann nutzen, wenn Sie ihn ben\u00f6tigen. Damit haben Sie Ihre eigene mobile Notstromreserve!<\/p>\n<\/div>\n\n\n\n<div class=\"wp-block-column is-vertically-aligned-top is-layout-flow wp-block-column-is-layout-flow\" style=\"flex-basis:33.33%\">\n<figure class=\"wp-block-image size-large\"><img loading=\"lazy\" decoding=\"async\" width=\"1024\" height=\"768\" src=\"https:\/\/www.leeb-balkone.com\/app\/uploads\/2025\/02\/zwei-Module-Uebereinander-1024x768.png\" alt=\"SOLEEB+ (zwei Speicher gestapelt)\" class=\"wp-image-143572\" srcset=\"https:\/\/www.leeb-balkone.com\/app\/uploads\/2025\/02\/zwei-Module-Uebereinander-1024x768.png 1024w, https:\/\/www.leeb-balkone.com\/app\/uploads\/2025\/02\/zwei-Module-Uebereinander-300x225.png 300w, https:\/\/www.leeb-balkone.com\/app\/uploads\/2025\/02\/zwei-Module-Uebereinander-768x576.png 768w, https:\/\/www.leeb-balkone.com\/app\/uploads\/2025\/02\/zwei-Module-Uebereinander-1536x1152.png 1536w, https:\/\/www.leeb-balkone.com\/app\/uploads\/2025\/02\/zwei-Module-Uebereinander-2048x1536.png 2048w\" sizes=\"auto, (max-width: 1024px) 100vw, 1024px\" \/><figcaption class=\"wp-element-caption\">SOLEEB Ultra (zwei Speicher gestapelt)<\/figcaption><\/figure>\n<\/div>\n<\/div>\n<\/div><\/div><\/div><\/div>\n\n\n\n<div class=\"wp-block-cgb-t3-container-block none\" style=\"background-color:none\"><div class=\"grid-container\"><div class=\"grid-x\"><div class=\"cell small-12 medium-10 large-0 medium-offset-1 b-has-pt b-has-lsmb\">\n<h3 class=\"wp-block-heading\"><span class=\"h3ash4\">Vorteile<\/span><\/h3>\n\n\n\n<div class=\"wp-block-group box is-layout-flow wp-block-group-is-layout-flow\" style=\"padding-top:var(--wp--preset--spacing--s);padding-right:var(--wp--preset--spacing--1);padding-bottom:var(--wp--preset--spacing--1-5);padding-left:var(--wp--preset--spacing--1)\">\n<ul class=\"wp-block-list is-style-bullet-checkmarks\">\n<li>Mindestens 2680 Wattstunden (Wh) Speicherkapazit\u00e4t<\/li>\n\n\n\n<li>Bis zu 6 Speicher stapelbar (Gesamtleistung von 16.080 Wh): Erweiterbar nach Bedarf<\/li>\n\n\n\n<li>Mobil und flexibel: Nutzen Sie Ihren Strom, wann und wo Sie wollen (auch f\u00fcr unterwegs)<\/li>\n\n\n\n<li>Netzentlastung: Ihr Haushalt wird unabh\u00e4ngiger vom Stromnetz<\/li>\n\n\n\n<li>Einfache Installation: Kein Fachwissen notwenig, einfach anstecken!<\/li>\n<\/ul>\n<\/div>\n<\/div><\/div><\/div><\/div>\n<\/section>\n\n\n\n<section class=\"wp-block-cgb-t3-section-block alignfull b-pt-none\" style=\"display:inherit;background-color:#F5F5F5;min-height:inherit\">\n<div class=\"wp-block-cgb-t3-container-block b-has-offset-h\" style=\"background-color:none\"><div class=\"grid-container\"><div class=\"grid-x\"><div class=\"cell small-12 medium-6 large-0 medium-offset-1\">\n<h2 class=\"wp-block-heading\" id=\"glasfarben\">Unsere Solarprodukte<\/h2>\n<\/div><\/div><\/div><\/div>\n\n\n\n<div class=\"wp-block-cgb-t3-container-block none\" style=\"background-color:none\"><div class=\"grid-container\"><div class=\"grid-x\"><div class=\"cell small-12 medium-9 large-0 medium-offset-1 b-has-pt b-has-lsmb\">\n<p><span class=\"teaser\">Unsere hocheffizienten PV-Module sind individuell auf unsere Produkte abgestimmt und ausschlie\u00dflich in Kombination mit einem Leeb-Solarprodukt erh\u00e4ltlich. <\/span><\/p>\n<\/div><\/div><\/div><\/div>\n\n\n\n<div class=\"wp-block-cgb-t3-container-block none\" style=\"background-color:none\"><div class=\"grid-container\"><div class=\"grid-x\"><div class=\"cell small-12 medium-0 large-0\">\n<div class=\"wp-block-cgb-t3-container-block none\" style=\"background-color:none\"><div class=\"grid-container\"><div class=\"grid-x\"><div class=\"cell small-12 medium-0 large-0 b-has-pt\"><div data-block_acf-block-6900931a76b36 class=\"wp-block-group is-style-transparent-cards u-grid-temp has-2-cols u-md-2 u-sm-1 cards alignwide offset \" style=\"margin-bottom:var(--wp--preset--spacing--xl)\">\n\n\n            <div class=\"wp-block-group m-card is-layout-flow wp-block-group-is-layout-flow\">\n      <figure data-imgid=\"137308\" class=\"wp-block-image size-large\">\n      <a href=\"https:\/\/www.leeb-balkone.com\/de\/solar\/solar-balkon\/\"  class=\"no-default-link\">\n        <img decoding=\"async\" width=\"1024\" height=\"768\" src=\"https:\/\/www.leeb-balkone.com\/app\/uploads\/2020\/07\/solar-glas-alu-balkon-01-1-1024x768.jpg\" class=\"attachment-large size-large\" alt=\"solar glas alu balkon 01 1\" title=\"\" loading=\"lazy\" srcset=\"https:\/\/www.leeb-balkone.com\/app\/uploads\/2020\/07\/solar-glas-alu-balkon-01-1-1024x768.jpg 1024w, https:\/\/www.leeb-balkone.com\/app\/uploads\/2020\/07\/solar-glas-alu-balkon-01-1-300x225.jpg 300w, https:\/\/www.leeb-balkone.com\/app\/uploads\/2020\/07\/solar-glas-alu-balkon-01-1-768x576.jpg 768w, https:\/\/www.leeb-balkone.com\/app\/uploads\/2020\/07\/solar-glas-alu-balkon-01-1-1536x1152.jpg 1536w, https:\/\/www.leeb-balkone.com\/app\/uploads\/2020\/07\/solar-glas-alu-balkon-01-1-2048x1536.jpg 2048w\" sizes=\"auto, (min-width: 1200px) 1024px, (min-width: 1024px) 768px, (min-width: 640px) 768px, 768px\" \/>      <\/a>\n    <\/figure>\n  \n  <div class=\"wp-block-group m-card-content is-vertical is-layout-flex wp-block-group-is-layout-flex\">\n            <h3 class=\"wp-block-heading\">\n          <a href=\"https:\/\/www.leeb-balkone.com\/de\/solar\/solar-balkon\/\" class=\"no-default-link\" >Solar-Balkon<\/a>\n        <\/h3>\n        <p>Hightech Balkongel\u00e4nder mit PV-Modulen \u2013 Balkon Solaranlage mit Leeb sowie Plug and Play Balkonkraftwerk<\/p>\n          <a href=\"https:\/\/www.leeb-balkone.com\/de\/solar\/solar-balkon\/\" class=\"more\">mehr erfahren<\/a>\n      <\/div>\n<\/div>\n\n\n          <div class=\"wp-block-group m-card is-layout-flow wp-block-group-is-layout-flow\">\n      <figure data-imgid=\"132310\" class=\"wp-block-image size-large\">\n      <a href=\"https:\/\/www.leeb-balkone.com\/de\/solar\/solar-terrassendach\/\"  class=\"no-default-link\">\n        <img decoding=\"async\" width=\"1024\" height=\"683\" src=\"https:\/\/www.leeb-balkone.com\/app\/uploads\/2020\/07\/solar-glas-alu-ueberdachung-17-1024x683.jpg\" class=\"attachment-large size-large\" alt=\"Terrassen\u00fcberdachung Photovoltaik - Solar Terrassendach von Leeb\" title=\"\" loading=\"lazy\" srcset=\"https:\/\/www.leeb-balkone.com\/app\/uploads\/2020\/07\/solar-glas-alu-ueberdachung-17-1024x683.jpg 1024w, https:\/\/www.leeb-balkone.com\/app\/uploads\/2020\/07\/solar-glas-alu-ueberdachung-17-300x200.jpg 300w, https:\/\/www.leeb-balkone.com\/app\/uploads\/2020\/07\/solar-glas-alu-ueberdachung-17-768x512.jpg 768w, https:\/\/www.leeb-balkone.com\/app\/uploads\/2020\/07\/solar-glas-alu-ueberdachung-17-1536x1024.jpg 1536w, https:\/\/www.leeb-balkone.com\/app\/uploads\/2020\/07\/solar-glas-alu-ueberdachung-17-2048x1366.jpg 2048w\" sizes=\"auto, (min-width: 1200px) 1024px, (min-width: 1024px) 768px, (min-width: 640px) 768px, 768px\" \/>      <\/a>\n    <\/figure>\n  \n  <div class=\"wp-block-group m-card-content is-vertical is-layout-flex wp-block-group-is-layout-flex\">\n            <h3 class=\"wp-block-heading\">\n          <a href=\"https:\/\/www.leeb-balkone.com\/de\/solar\/solar-terrassendach\/\" class=\"no-default-link\" >Solar-Terrassendach<\/a>\n        <\/h3>\n        <p>Solar Terrassendach mit PV-Modulen \u2013 \u00dcberdachung Solaranlage mit Leeb<\/p>\n          <a href=\"https:\/\/www.leeb-balkone.com\/de\/solar\/solar-terrassendach\/\" class=\"more\">mehr erfahren<\/a>\n      <\/div>\n<\/div>\n\n\n          <div class=\"wp-block-group m-card is-layout-flow wp-block-group-is-layout-flow\">\n      <figure data-imgid=\"133849\" class=\"wp-block-image size-large\">\n      <a href=\"https:\/\/www.leeb-balkone.com\/de\/solar\/solar-zaun\/\"  class=\"no-default-link\">\n        <img decoding=\"async\" width=\"1024\" height=\"765\" src=\"https:\/\/www.leeb-balkone.com\/app\/uploads\/2022\/06\/Zaun-Solar-01-1024x765.jpg\" class=\"attachment-large size-large\" alt=\"Solar Zaun mit PV-Modulen - Zaun Solaranlage mit Leeb\" title=\"\" loading=\"lazy\" srcset=\"https:\/\/www.leeb-balkone.com\/app\/uploads\/2022\/06\/Zaun-Solar-01-1024x765.jpg 1024w, https:\/\/www.leeb-balkone.com\/app\/uploads\/2022\/06\/Zaun-Solar-01-300x224.jpg 300w, https:\/\/www.leeb-balkone.com\/app\/uploads\/2022\/06\/Zaun-Solar-01-768x574.jpg 768w, https:\/\/www.leeb-balkone.com\/app\/uploads\/2022\/06\/Zaun-Solar-01-1536x1147.jpg 1536w, https:\/\/www.leeb-balkone.com\/app\/uploads\/2022\/06\/Zaun-Solar-01-2048x1529.jpg 2048w\" sizes=\"auto, (min-width: 1200px) 1024px, (min-width: 1024px) 768px, (min-width: 640px) 768px, 768px\" \/>      <\/a>\n    <\/figure>\n  \n  <div class=\"wp-block-group m-card-content is-vertical is-layout-flex wp-block-group-is-layout-flex\">\n            <h3 class=\"wp-block-heading\">\n          <a href=\"https:\/\/www.leeb-balkone.com\/de\/solar\/solar-zaun\/\" class=\"no-default-link\" >Solar-Zaun<\/a>\n        <\/h3>\n        <p>Solar Zaun mit PV-Modulen \u2013 Zaun Solaranlage mit Leeb<\/p>\n          <a href=\"https:\/\/www.leeb-balkone.com\/de\/solar\/solar-zaun\/\" class=\"more\">mehr erfahren<\/a>\n      <\/div>\n<\/div>\n\n\n          <div class=\"wp-block-group m-card is-layout-flow wp-block-group-is-layout-flow\">\n      <figure data-imgid=\"133800\" class=\"wp-block-image size-large\">\n      <a href=\"https:\/\/www.leeb-balkone.com\/de\/solar\/solar-carport\/\"  class=\"no-default-link\">\n        <img decoding=\"async\" width=\"1024\" height=\"765\" src=\"https:\/\/www.leeb-balkone.com\/app\/uploads\/2022\/07\/Carport_Doppel_Solar-01-1024x765.jpg\" class=\"attachment-large size-large\" alt=\"Solar Carport mit PV-Modulen - Carport Solaranlage mit Leeb\" title=\"\" loading=\"lazy\" srcset=\"https:\/\/www.leeb-balkone.com\/app\/uploads\/2022\/07\/Carport_Doppel_Solar-01-1024x765.jpg 1024w, https:\/\/www.leeb-balkone.com\/app\/uploads\/2022\/07\/Carport_Doppel_Solar-01-300x224.jpg 300w, https:\/\/www.leeb-balkone.com\/app\/uploads\/2022\/07\/Carport_Doppel_Solar-01-768x574.jpg 768w, https:\/\/www.leeb-balkone.com\/app\/uploads\/2022\/07\/Carport_Doppel_Solar-01-1536x1147.jpg 1536w, https:\/\/www.leeb-balkone.com\/app\/uploads\/2022\/07\/Carport_Doppel_Solar-01-2048x1529.jpg 2048w\" sizes=\"auto, (min-width: 1200px) 1024px, (min-width: 1024px) 768px, (min-width: 640px) 768px, 768px\" \/>      <\/a>\n    <\/figure>\n  \n  <div class=\"wp-block-group m-card-content is-vertical is-layout-flex wp-block-group-is-layout-flex\">\n            <h3 class=\"wp-block-heading\">\n          <a href=\"https:\/\/www.leeb-balkone.com\/de\/solar\/solar-carport\/\" class=\"no-default-link\" >Solar-Carport<\/a>\n        <\/h3>\n        <p>Solar Carport mit PV-Modulen \u2013 Carport Solaranlage mit Leeb<\/p>\n          <a href=\"https:\/\/www.leeb-balkone.com\/de\/solar\/solar-carport\/\" class=\"more\">mehr erfahren<\/a>\n      <\/div>\n<\/div>\n\n\n      <\/div>\n\n\n<\/div><\/div><\/div><\/div>\n<\/div><\/div><\/div><\/div>\n<\/section>\n\n\n\n<section class=\"wp-block-cgb-t3-section-block alignfull is-style-default\" style=\"display:inherit;background-color:#fff;min-height:inherit\"><div class=\"grid-container\"><div>\n<div class=\"wp-block-cgb-t3-container-block none\" style=\"background-color:none\"><div class=\"grid-container\"><div class=\"grid-x\"><div class=\"cell small-12 medium-9 large-0 medium-offset-1\">\n<h2 class=\"wp-block-heading\" id=\"produktion\">High-End-Produktion<\/h2>\n\n\n\n<p>Seit dem Jahr 2021 erweitern wir kontinuierlich unser Sortiment an hochwertigen Solarprodukten. Bei der Herstellung dieser Produkte verwenden wir ausschlie\u00dflich Verbund-Sicherheitsglas (VSG) in Spitzenqualit\u00e4t gem\u00e4\u00df den geltenden Normen. Dieses Glas besteht aus zwei einzelnen Glasscheiben, die durch eine spezielle Folie miteinander verbunden sind. In diese hochwertigen Glasprodukte integrieren wir auch bifaciale PV-Module, die zwischen den beiden Glasscheiben platziert werden. Bifaciale PV-Module erm\u00f6glichen die Nutzung von Sonnenlicht sowohl auf der Vorder- als auch auf der R\u00fcckseite der Module. Durch diese vollst\u00e4ndige Integration der PV-Module in unsere Solarprodukte entsteht ein \u00e4sthetisch ansprechendes und zugleich effizientes Gesamtbild.<\/p>\n<\/div><\/div><\/div><\/div>\n\n\n\n<div class=\"wp-block-cgb-t3-container-block none\" style=\"background-color:none\"><div class=\"grid-container\"><div class=\"grid-x\"><div class=\"cell small-12 medium-0 large-0\"><div id=\"lightgallery-block_acf-block-6900931a76b4f\" data-block_acf-block-6900931a76b4f class=\"has-2-imgs b-cards b-cards--gallery u-grid-temp has-2-cols u-md-2 u-sm-1 wp-block-group is-layout-grid wp-block-group-is-layout-grid gallery alignwide\">\n\n        <div class=\"b-cards__item\">\n\n        \n      <figure>\n                 <img loading=\"lazy\" decoding=\"async\" width=\"1024\" height=\"614\" src=\"https:\/\/www.leeb-balkone.com\/app\/uploads\/2022\/05\/Glashalle-Leeb-1024x614.jpg\" class=\"attachment-large size-large\" alt=\"Glashalle Leeb\" srcset=\"https:\/\/www.leeb-balkone.com\/app\/uploads\/2022\/05\/Glashalle-Leeb-1024x614.jpg 1024w, https:\/\/www.leeb-balkone.com\/app\/uploads\/2022\/05\/Glashalle-Leeb-300x180.jpg 300w, https:\/\/www.leeb-balkone.com\/app\/uploads\/2022\/05\/Glashalle-Leeb-768x461.jpg 768w, https:\/\/www.leeb-balkone.com\/app\/uploads\/2022\/05\/Glashalle-Leeb-1536x922.jpg 1536w, https:\/\/www.leeb-balkone.com\/app\/uploads\/2022\/05\/Glashalle-Leeb-scaled.jpg 2048w\" sizes=\"auto, (min-width: 1200px) 1024px, (min-width: 1024px) 768px, (min-width: 640px) 768px, 768px\" \/>              <\/figure>\n\n                  \n  \n<\/div>\n\n        <div class=\"b-cards__item\">\n\n        \n      <figure>\n                 <img loading=\"lazy\" decoding=\"async\" width=\"1024\" height=\"684\" src=\"https:\/\/www.leeb-balkone.com\/app\/uploads\/2023\/06\/bergen-haus-j-hres-0432-scaled-1-1024x684.jpg\" class=\"attachment-large size-large\" alt=\"bergen haus j hres 0432 1\" srcset=\"https:\/\/www.leeb-balkone.com\/app\/uploads\/2023\/06\/bergen-haus-j-hres-0432-scaled-1-1024x684.jpg 1024w, https:\/\/www.leeb-balkone.com\/app\/uploads\/2023\/06\/bergen-haus-j-hres-0432-scaled-1-300x200.jpg 300w, https:\/\/www.leeb-balkone.com\/app\/uploads\/2023\/06\/bergen-haus-j-hres-0432-scaled-1-768x513.jpg 768w, https:\/\/www.leeb-balkone.com\/app\/uploads\/2023\/06\/bergen-haus-j-hres-0432-scaled-1-1536x1025.jpg 1536w, https:\/\/www.leeb-balkone.com\/app\/uploads\/2023\/06\/bergen-haus-j-hres-0432-scaled-1-2048x1367.jpg 2048w\" sizes=\"auto, (min-width: 1200px) 1024px, (min-width: 1024px) 768px, (min-width: 640px) 768px, 768px\" \/>              <\/figure>\n\n                  \n  \n<\/div>\n\n    <\/div>\n\n<\/div><\/div><\/div><\/div>\n<\/div><\/div><\/section>\n\n\n\n<section id=\"faq\" class=\"wp-block-cgb-t3-section-block alignfull\" style=\"display:inherit;background-color:#F5F5F5;min-height:inherit\"><div class=\"grid-container\"><div>\n<div class=\"wp-block-cgb-t3-container-block none\" style=\"background-color:none\"><div class=\"grid-container\"><div class=\"grid-x\"><div class=\"cell small-12 medium-10 large-0 medium-offset-1\">\n<h2 class=\"wp-block-heading\" id=\"faq\">Fragen und Infos zum Solarkraftwerk<\/h2>\n\n\n<div data-block_acf-block-6900931a76b6d class=\"b-acc \">\n            <div class=\"b-acc__item medium\">\n    <div class=\"b-acc__title medium\">\n                        <h3><span class=\"h3ash4\">Muss ich mein SOLEEB anmelden?<\/span><\/h3>\n                    <i class=\"icon icon-plus\"><\/i>\n    <\/div>\n    <div class=\"b-acc__content\">\n        <p>Die Photovoltaik Plug and Play Solaranlage muss beim zust\u00e4ndigen Netzbetreiber angemeldet werden. In Deutschland f\u00e4llt noch zus\u00e4tzlich die Anmeldung im Marktstammdatenregister an.<\/p>\n\n    <\/div>\n<\/div>\n          <div class=\"b-acc__item medium\">\n    <div class=\"b-acc__title medium\">\n                        <h3><span class=\"h3ash4\">Was ist die maximale Einspeiseleistung, die gesetzlich nicht \u00fcberschritten werden darf?<\/span><\/h3>\n                    <i class=\"icon icon-plus\"><\/i>\n    <\/div>\n    <div class=\"b-acc__content\">\n        <p>Die Einspeiseleistung einer Photovoltaik Plug and Play Solaranlage (in der Regel: sogenanntes Balkonkraftwerk) darf in \u00d6sterreich 800 Watt nicht \u00fcbersteigen. Dieser Wert bezieht sich auf die Einspeiseleistung des Wechselrichters und nicht auf die Solarmodule.<\/p>\n<p>Die maximale Leistung des Wechselrichters in Deutschland ist ebenfalls auf 800 Watt beschr\u00e4nkt. Unter Einhaltung dieser Vorschrift m\u00fcssen keine \u00c4nderungen an der Hauselektrik vorgenommen werden.<\/p>\n<p>&nbsp;<\/p>\n\n    <\/div>\n<\/div>\n          <div class=\"b-acc__item medium\">\n    <div class=\"b-acc__title medium\">\n                        <h3><span class=\"h3ash4\">Wie ist die optimale Ausrichtung der Solarpaneele, damit eine Ertragsoptimierung garantiert wird?<\/span><\/h3>\n                    <i class=\"icon icon-plus\"><\/i>\n    <\/div>\n    <div class=\"b-acc__content\">\n        <p>Bei uns erhalten Sie Tipps zur optimalen Ausrichtung Ihrer Solarpaneele, sodass eine maximale Ertragsgewinnung erzielt werden kann. Beispielsweise garantiert eine Ausrichtung gegen S\u00fcden im Normalfall den optimalsten Ertrag, jedoch lassen sich auch mit einer Ost- oder Westausrichtung der Paneele gute Werte erzielen.<\/p>\n\n    <\/div>\n<\/div>\n          <div class=\"b-acc__item medium\">\n    <div class=\"b-acc__title medium\">\n                        <h3><span class=\"h3ash4\">Kann ich SOLEEB erwerben, ohne dass ich ein Solarprodukt von Leeb kaufe bzw. besitze?<\/span><\/h3>\n                    <i class=\"icon icon-plus\"><\/i>\n    <\/div>\n    <div class=\"b-acc__content\">\n        <p>Nein. Das SOLEEB ist individuell auf Leeb Solarprodukte abgestimmt und ausschlie\u00dflich in Kombination mit unseren Solarprodukten erh\u00e4ltlich.<\/p>\n\n    <\/div>\n<\/div>\n      <\/div>\n<\/div><\/div><\/div><\/div>\n<\/div><\/div><\/section>\n\n\n\n<section id=\"vorteile\" class=\"wp-block-cgb-t3-section-block alignfull  is-style-bg-transparent\" style=\"display:inherit;min-height:inherit\">\n<div class=\"wp-block-cgb-t3-container-block none\" style=\"background-color:none\"><div class=\"grid-container\"><div class=\"grid-x\"><div class=\"cell small-12 medium-9 large-0 medium-offset-1 b-has-lsmb\">\n<h2 class=\"wp-block-heading\" id=\"vorteile\">Vorteile<\/h2>\n<\/div><\/div><\/div><\/div>\n\n\n\n<div class=\"wp-block-cgb-t3-container-block none b-cont-columns\" style=\"background-color:none\"><div class=\"grid-container\"><div class=\"grid-x\"><div class=\"cell small-12 medium-10 large-0 medium-offset-1\">\n<ul class=\"wp-block-list is-style-bullet-checkmarks\">\n<li>Effizient: Amortisation der Kosten auf absehbare Zeit<\/li>\n\n\n\n<li>Plug and Play: Einfach an die Steckdose anschlie\u00dfen<\/li>\n\n\n\n<li>Kostensparend: Senkt die monatliche Stromrechnung<\/li>\n\n\n\n<li>SOLEEB: Nachhaltiges Highlight mit Mehrwert<\/li>\n\n\n\n<li>Geeignet f\u00fcr Mieter und Eigent\u00fcmer, da keine baulichen Ver\u00e4nderungen notwenig sind<\/li>\n<\/ul>\n<\/div><\/div><\/div><\/div>\n<\/section>\n\n\n\n<section class=\"wp-block-cgb-t3-section-block alignfull b-pt-none\" style=\"display:inherit;background-color:#F5F5F5;min-height:inherit\">\n<div class=\"wp-block-cgb-t3-container-block b-has-offset-h\" style=\"background-color:none\"><div class=\"grid-container\"><div class=\"grid-x\"><div class=\"cell small-12 medium-6 large-0 medium-offset-1\">\n<h2 class=\"wp-block-heading\" id=\"kontaktieren-sie-uns\">Kontaktieren Sie uns<\/h2>\n<\/div><\/div><\/div><\/div>\n\n\n\n<div class=\"wp-block-cgb-t3-container-block none b-has-pt\" style=\"background-color:none\"><div class=\"grid-container\"><div class=\"o-grid u-sm-1 u-md-1\"><div class=\"u-g-7 u-g-s-2\"><form action=\"https:\/\/www.leeb-balkone.com\/de\/wp-json\/ws-form\/v1\/submit\" class=\"wsf-form wsf-form-canvas\" id=\"ws-form-1\" data-id=\"4\" data-instance-id=\"1\" method=\"POST\"><\/form>\n<\/div>\n    <div class=\"u-g-3 u-g-s-9\"><div class=\"t3-sidebar-buttons wp-block-buttons is-layout-flex wp-block-buttons-is-layout-flex\"><div class=\"wp-block-button is-style-fill icon-book icon-left\">\n                        <a class=\"wp-block-button__link has-secondary-color has-white-background-color has-text-color has-background has-link-color wp-element-button\" href=\"https:\/\/www.leeb-balkone.com\/de\/kontakt\/katalog-anfordern\/\" style=\"box-shadow:var(--wp--preset--shadow--box-shadow)\">Katalog anfordern<\/a>\n                    <\/div><div class=\"wp-block-button is-style-fill icon-vp icon-left\">\n                        <a class=\"wp-block-button__link has-secondary-color has-white-background-color has-text-color has-background has-link-color wp-element-button\" href=\"https:\/\/www.leeb-balkone.com\/de\/vertriebspartner\/\">Vertriebspartner finden <span class=\"sr-only\">Vertriebspartner Leeb Balkone Deutschland<\/span><\/a>\n                    <\/div><\/div>\n<\/div><\/div>\n\n\n<p><\/p>\n<\/div><\/div>\n\n\n\n<p><\/p>\n<\/section>\n","protected":false},"excerpt":{"rendered":"","protected":false},"author":1,"featured_media":0,"parent":6438,"menu_order":0,"comment_status":"closed","ping_status":"closed","template":"template-onepager.blade.php","meta":{"_acf_changed":false,"footnotes":"","_sage_theme_css":true,"_wp_block_core_css":false},"folder":[],"class_list":["post-130530","page","type-page","status-publish","hentry"],"acf":[],"yoast_head":"<!-- This site is optimized with the Yoast SEO plugin v27.2 - https:\/\/yoast.com\/product\/yoast-seo-wordpress\/ -->\n<title>SOLEEB \u00bb Photovoltaik Plug and Play Solaranlage - Leeb Balkone Deutschland<\/title>\n<meta name=\"description\" content=\"Es ist uns eine Herzensangelegenheit, die Energiewende aktiv mitzugestalten. Mit einer All-in-One-L\u00f6sung erm\u00f6glichen unsere Solarprodukte eine direkte\" \/>\n<meta name=\"robots\" content=\"index, follow, max-snippet:-1, max-image-preview:large, max-video-preview:-1\" \/>\n<meta property=\"og:locale\" content=\"de_DE\" \/>\n<meta property=\"og:type\" content=\"article\" \/>\n<meta property=\"og:title\" content=\"SOLEEB \u00bb Photovoltaik Plug and Play Solaranlage - Leeb Balkone\" \/>\n<meta property=\"og:description\" content=\"Es ist uns eine Herzensangelegenheit, die Energiewende aktiv mitzugestalten. Mit einer All-in-One-L\u00f6sung erm\u00f6glichen unsere Solarprodukte eine direkte\" \/>\n<meta property=\"og:url\" content=\"https:\/\/www.leeb-balkone.com\/de\/technik\/soleeb\/\" \/>\n<meta property=\"og:site_name\" content=\"Leeb Balkone\" \/>\n<meta property=\"article:publisher\" content=\"https:\/\/www.facebook.com\/balkone\/\" \/>\n<meta property=\"article:modified_time\" content=\"2025-10-28T09:55:44+00:00\" \/>\n<meta property=\"og:image\" content=\"https:\/\/www.leeb-balkone.com\/app\/uploads\/2024\/06\/soleeb-plug-and-play-solaranlage.png\" \/>\n<meta name=\"twitter:card\" content=\"summary_large_image\" \/>\n<script type=\"application\/ld+json\" class=\"yoast-schema-graph\">{\"@context\":\"https:\/\/schema.org\",\"@graph\":[{\"@type\":\"WebPage\",\"@id\":\"https:\/\/www.leeb-balkone.com\/de\/technik\/soleeb\/\",\"url\":\"https:\/\/www.leeb-balkone.com\/de\/technik\/soleeb\/\",\"name\":\"SOLEEB \u00bb Photovoltaik Plug and Play Solaranlage - Leeb Balkone\",\"isPartOf\":{\"@id\":\"https:\/\/www.leeb-balkone.com\/de\/#website\"},\"primaryImageOfPage\":{\"@id\":\"https:\/\/www.leeb-balkone.com\/de\/technik\/soleeb\/#primaryimage\"},\"image\":{\"@id\":\"https:\/\/www.leeb-balkone.com\/de\/technik\/soleeb\/#primaryimage\"},\"thumbnailUrl\":\"https:\/\/www.leeb-balkone.com\/app\/uploads\/2024\/06\/soleeb-plug-and-play-solaranlage.png\",\"datePublished\":\"2023-06-23T08:31:25+00:00\",\"dateModified\":\"2025-10-28T09:55:44+00:00\",\"description\":\"Es ist uns eine Herzensangelegenheit, die Energiewende aktiv mitzugestalten. Mit einer All-in-One-L\u00f6sung erm\u00f6glichen unsere Solarprodukte eine direkte\",\"breadcrumb\":{\"@id\":\"https:\/\/www.leeb-balkone.com\/de\/technik\/soleeb\/#breadcrumb\"},\"inLanguage\":\"de\",\"potentialAction\":[{\"@type\":\"ReadAction\",\"target\":[\"https:\/\/www.leeb-balkone.com\/de\/technik\/soleeb\/\"]}]},{\"@type\":\"ImageObject\",\"inLanguage\":\"de\",\"@id\":\"https:\/\/www.leeb-balkone.com\/de\/technik\/soleeb\/#primaryimage\",\"url\":\"https:\/\/www.leeb-balkone.com\/app\/uploads\/2024\/06\/soleeb-plug-and-play-solaranlage.png\",\"contentUrl\":\"https:\/\/www.leeb-balkone.com\/app\/uploads\/2024\/06\/soleeb-plug-and-play-solaranlage.png\"},{\"@type\":\"BreadcrumbList\",\"@id\":\"https:\/\/www.leeb-balkone.com\/de\/technik\/soleeb\/#breadcrumb\",\"itemListElement\":[{\"@type\":\"ListItem\",\"position\":1,\"name\":\"Home\",\"item\":\"https:\/\/www.leeb-balkone.com\/de\/\"},{\"@type\":\"ListItem\",\"position\":2,\"name\":\"Technik\",\"item\":\"https:\/\/www.leeb-balkone.com\/de\/technik\/\"},{\"@type\":\"ListItem\",\"position\":3,\"name\":\"SOLEEB\"}]},{\"@type\":\"WebSite\",\"@id\":\"https:\/\/www.leeb-balkone.com\/de\/#website\",\"url\":\"https:\/\/www.leeb-balkone.com\/de\/\",\"name\":\"Leeb Balkone\",\"description\":\"Balkone und Z\u00e4une\",\"publisher\":{\"@id\":\"https:\/\/www.leeb-balkone.com\/de\/#organization\"},\"potentialAction\":[{\"@type\":\"SearchAction\",\"target\":{\"@type\":\"EntryPoint\",\"urlTemplate\":\"https:\/\/www.leeb-balkone.com\/de\/?s={search_term_string}\"},\"query-input\":{\"@type\":\"PropertyValueSpecification\",\"valueRequired\":true,\"valueName\":\"search_term_string\"}}],\"inLanguage\":\"de\"},{\"@type\":\"Organization\",\"@id\":\"https:\/\/www.leeb-balkone.com\/de\/#organization\",\"name\":\"Leeb Balkone Gmbh\",\"url\":\"https:\/\/www.leeb-balkone.com\/de\/\",\"logo\":{\"@type\":\"ImageObject\",\"inLanguage\":\"de\",\"@id\":\"https:\/\/www.leeb-balkone.com\/de\/#\/schema\/logo\/image\/\",\"url\":\"https:\/\/www.leeb-balkone.com\/app\/uploads\/2020\/11\/leeb-logo.svg\",\"contentUrl\":\"https:\/\/www.leeb-balkone.com\/app\/uploads\/2020\/11\/leeb-logo.svg\",\"width\":741,\"height\":204,\"caption\":\"Leeb Balkone Gmbh\"},\"image\":{\"@id\":\"https:\/\/www.leeb-balkone.com\/de\/#\/schema\/logo\/image\/\"},\"sameAs\":[\"https:\/\/www.facebook.com\/balkone\/\",\"https:\/\/www.trustedshops.at\/bewertung\/info_X4587CCF5833E31AFE0B11F47D86999F2.html\",\"https:\/\/www.trustedshops.de\/bewertung\/info_X7BA536A7A0BDC86D36C4718E4DCAEEEF.html\",\"https:\/\/www.google.com\/maps\/place\/?q=place_id:ChIJ5-zH19-IcEcR9HonWRTllHI\"]}]}<\/script>\n<!-- \/ Yoast SEO plugin. -->","yoast_head_json":{"title":"SOLEEB \u00bb Photovoltaik Plug and Play Solaranlage - Leeb Balkone Deutschland","description":"Es ist uns eine Herzensangelegenheit, die Energiewende aktiv mitzugestalten. Mit einer All-in-One-L\u00f6sung erm\u00f6glichen unsere Solarprodukte eine direkte","robots":{"index":"index","follow":"follow","max-snippet":"max-snippet:-1","max-image-preview":"max-image-preview:large","max-video-preview":"max-video-preview:-1"},"og_locale":"de_DE","og_type":"article","og_title":"SOLEEB \u00bb Photovoltaik Plug and Play Solaranlage - Leeb Balkone","og_description":"Es ist uns eine Herzensangelegenheit, die Energiewende aktiv mitzugestalten. Mit einer All-in-One-L\u00f6sung erm\u00f6glichen unsere Solarprodukte eine direkte","og_url":"https:\/\/www.leeb-balkone.com\/de\/technik\/soleeb\/","og_site_name":"Leeb Balkone","article_publisher":"https:\/\/www.facebook.com\/balkone\/","article_modified_time":"2025-10-28T09:55:44+00:00","og_image":[{"url":"https:\/\/www.leeb-balkone.com\/app\/uploads\/2024\/06\/soleeb-plug-and-play-solaranlage.png","type":"","width":"","height":""}],"twitter_card":"summary_large_image","schema":{"@context":"https:\/\/schema.org","@graph":[{"@type":"WebPage","@id":"https:\/\/www.leeb-balkone.com\/de\/technik\/soleeb\/","url":"https:\/\/www.leeb-balkone.com\/de\/technik\/soleeb\/","name":"SOLEEB \u00bb Photovoltaik Plug and Play Solaranlage - Leeb Balkone","isPartOf":{"@id":"https:\/\/www.leeb-balkone.com\/de\/#website"},"primaryImageOfPage":{"@id":"https:\/\/www.leeb-balkone.com\/de\/technik\/soleeb\/#primaryimage"},"image":{"@id":"https:\/\/www.leeb-balkone.com\/de\/technik\/soleeb\/#primaryimage"},"thumbnailUrl":"https:\/\/www.leeb-balkone.com\/app\/uploads\/2024\/06\/soleeb-plug-and-play-solaranlage.png","datePublished":"2023-06-23T08:31:25+00:00","dateModified":"2025-10-28T09:55:44+00:00","description":"Es ist uns eine Herzensangelegenheit, die Energiewende aktiv mitzugestalten. Mit einer All-in-One-L\u00f6sung erm\u00f6glichen unsere Solarprodukte eine direkte","breadcrumb":{"@id":"https:\/\/www.leeb-balkone.com\/de\/technik\/soleeb\/#breadcrumb"},"inLanguage":"de","potentialAction":[{"@type":"ReadAction","target":["https:\/\/www.leeb-balkone.com\/de\/technik\/soleeb\/"]}]},{"@type":"ImageObject","inLanguage":"de","@id":"https:\/\/www.leeb-balkone.com\/de\/technik\/soleeb\/#primaryimage","url":"https:\/\/www.leeb-balkone.com\/app\/uploads\/2024\/06\/soleeb-plug-and-play-solaranlage.png","contentUrl":"https:\/\/www.leeb-balkone.com\/app\/uploads\/2024\/06\/soleeb-plug-and-play-solaranlage.png"},{"@type":"BreadcrumbList","@id":"https:\/\/www.leeb-balkone.com\/de\/technik\/soleeb\/#breadcrumb","itemListElement":[{"@type":"ListItem","position":1,"name":"Home","item":"https:\/\/www.leeb-balkone.com\/de\/"},{"@type":"ListItem","position":2,"name":"Technik","item":"https:\/\/www.leeb-balkone.com\/de\/technik\/"},{"@type":"ListItem","position":3,"name":"SOLEEB"}]},{"@type":"WebSite","@id":"https:\/\/www.leeb-balkone.com\/de\/#website","url":"https:\/\/www.leeb-balkone.com\/de\/","name":"Leeb Balkone","description":"Balkone und Z\u00e4une","publisher":{"@id":"https:\/\/www.leeb-balkone.com\/de\/#organization"},"potentialAction":[{"@type":"SearchAction","target":{"@type":"EntryPoint","urlTemplate":"https:\/\/www.leeb-balkone.com\/de\/?s={search_term_string}"},"query-input":{"@type":"PropertyValueSpecification","valueRequired":true,"valueName":"search_term_string"}}],"inLanguage":"de"},{"@type":"Organization","@id":"https:\/\/www.leeb-balkone.com\/de\/#organization","name":"Leeb Balkone Gmbh","url":"https:\/\/www.leeb-balkone.com\/de\/","logo":{"@type":"ImageObject","inLanguage":"de","@id":"https:\/\/www.leeb-balkone.com\/de\/#\/schema\/logo\/image\/","url":"https:\/\/www.leeb-balkone.com\/app\/uploads\/2020\/11\/leeb-logo.svg","contentUrl":"https:\/\/www.leeb-balkone.com\/app\/uploads\/2020\/11\/leeb-logo.svg","width":741,"height":204,"caption":"Leeb Balkone Gmbh"},"image":{"@id":"https:\/\/www.leeb-balkone.com\/de\/#\/schema\/logo\/image\/"},"sameAs":["https:\/\/www.facebook.com\/balkone\/","https:\/\/www.trustedshops.at\/bewertung\/info_X4587CCF5833E31AFE0B11F47D86999F2.html","https:\/\/www.trustedshops.de\/bewertung\/info_X7BA536A7A0BDC86D36C4718E4DCAEEEF.html","https:\/\/www.google.com\/maps\/place\/?q=place_id:ChIJ5-zH19-IcEcR9HonWRTllHI"]}]}},"_links":{"self":[{"href":"https:\/\/www.leeb-balkone.com\/de\/wp-json\/wp\/v2\/pages\/130530","targetHints":{"allow":["GET"]}}],"collection":[{"href":"https:\/\/www.leeb-balkone.com\/de\/wp-json\/wp\/v2\/pages"}],"about":[{"href":"https:\/\/www.leeb-balkone.com\/de\/wp-json\/wp\/v2\/types\/page"}],"author":[{"embeddable":true,"href":"https:\/\/www.leeb-balkone.com\/de\/wp-json\/wp\/v2\/users\/1"}],"replies":[{"embeddable":true,"href":"https:\/\/www.leeb-balkone.com\/de\/wp-json\/wp\/v2\/comments?post=130530"}],"version-history":[{"count":66,"href":"https:\/\/www.leeb-balkone.com\/de\/wp-json\/wp\/v2\/pages\/130530\/revisions"}],"predecessor-version":[{"id":159455,"href":"https:\/\/www.leeb-balkone.com\/de\/wp-json\/wp\/v2\/pages\/130530\/revisions\/159455"}],"up":[{"embeddable":true,"href":"https:\/\/www.leeb-balkone.com\/de\/wp-json\/wp\/v2\/pages\/6438"}],"wp:attachment":[{"href":"https:\/\/www.leeb-balkone.com\/de\/wp-json\/wp\/v2\/media?parent=130530"}],"wp:term":[{"taxonomy":"folder","embeddable":true,"href":"https:\/\/www.leeb-balkone.com\/de\/wp-json\/wp\/v2\/folder?post=130530"}],"curies":[{"name":"wp","href":"https:\/\/api.w.org\/{rel}","templated":true}]}}