{"id":111682,"date":"2023-01-15T23:03:30","date_gmt":"2023-01-15T23:03:30","guid":{"rendered":"https:\/\/www.leeb-balkone.com\/de\/?page_id=111682"},"modified":"2026-04-13T14:30:57","modified_gmt":"2026-04-13T14:30:57","slug":"startseite","status":"publish","type":"page","link":"https:\/\/www.leeb-balkone.com\/de\/","title":{"rendered":"Startseite NEU"},"content":{"rendered":"\n\n\n<div class=\"wp-block-t3-hero-carousel alignfull hero-carousel\" id=\"t3-hero-525ff467-d1b3-4633-ad08-4c1bbfe2503e\" data-show-badge=\"true\"><div class=\"swiper hero-carousel__swiper\" data-swiper-options-base64=\"eyJsb29wIjp0cnVlLCJzbGlkZXNQZXJWaWV3IjoxLCJzcGFjZUJldHdlZW4iOjAsInNwZWVkIjozMDAsImF1dG9wbGF5Ijp7ImRlbGF5Ijo1MDAwLCJkaXNhYmxlT25JbnRlcmFjdGlvbiI6ZmFsc2UsInBhdXNlT25Nb3VzZUVudGVyIjp0cnVlfSwibmF2aWdhdGlvbiI6eyJuZXh0RWwiOiIuc3dpcGVyLWJ1dHRvbi1uZXh0IiwicHJldkVsIjoiLnN3aXBlci1idXR0b24tcHJldiJ9LCJwYWdpbmF0aW9uIjp7ImVsIjoiLnN3aXBlci1wYWdpbmF0aW9uIiwiY2xpY2thYmxlIjp0cnVlfX0=\"><div class=\"swiper-wrapper\">\n<div class=\"wp-block-t3-hero-slide hero-slide swiper-slide\">\n<div class=\"wp-block-cover is-light has-custom-content-position is-position-top-left\" style=\"padding-top:var(--wp--preset--spacing--xl-3-xl);padding-bottom:var(--wp--preset--spacing--xl-3-xl);min-height:82vh;aspect-ratio:unset;\"><img loading=\"lazy\" decoding=\"async\" width=\"1024\" height=\"705\" class=\"wp-block-cover__image-background wp-image-58768 size-large\" alt=\"Alu-Glas-Balkongel\u00e4nder von Leeb Balkone mit zufriedenen Kunden\" src=\"https:\/\/www.leeb-balkone.com\/app\/uploads\/2021\/10\/balkongelaender-alu-glas-von-leeb-balkone-1024x705.jpeg\" data-object-fit=\"cover\" srcset=\"https:\/\/www.leeb-balkone.com\/app\/uploads\/2021\/10\/balkongelaender-alu-glas-von-leeb-balkone-1024x705.jpeg 1024w, https:\/\/www.leeb-balkone.com\/app\/uploads\/2021\/10\/balkongelaender-alu-glas-von-leeb-balkone-300x207.jpeg 300w, https:\/\/www.leeb-balkone.com\/app\/uploads\/2021\/10\/balkongelaender-alu-glas-von-leeb-balkone-768x529.jpeg 768w, https:\/\/www.leeb-balkone.com\/app\/uploads\/2021\/10\/balkongelaender-alu-glas-von-leeb-balkone-1536x1058.jpeg 1536w, https:\/\/www.leeb-balkone.com\/app\/uploads\/2021\/10\/balkongelaender-alu-glas-von-leeb-balkone.jpeg 2000w\" sizes=\"auto, (max-width: 1024px) 100vw, 1024px\" \/><span aria-hidden=\"true\" class=\"wp-block-cover__background has-background-dim-0 has-background-dim\"><\/span><div class=\"wp-block-cover__inner-container has-global-padding is-layout-constrained wp-container-core-cover-is-layout-1853b977 wp-block-cover-is-layout-constrained\">\n<div class=\"wp-block-group o-grid u-md-1 has-global-padding is-layout-constrained wp-block-group-is-layout-constrained\">\n<div class=\"wp-block-group t3-hero-slider-content u-g-6 u-g-s-2 is-layout-flow wp-block-group-is-layout-flow\">\n<h1 class=\"wp-block-heading\">WIR SIND LEEB BALKONE UND Z\u00c4UNE<\/h1>\n\n\n\n<p>Weit mehr als 150.000 zufriedene Kunden vertrauen bereits auf Europas f\u00fchrenden Hersteller von Balkonen und Z\u00e4unen aus Aluminium und Glas.<\/p>\n\n\n\n<p><a href=\"https:\/\/www.leeb-balkone.com\/de\/balkongelaender\/\" type=\"page\" id=\"19947\">Mehr erfahren<\/a><\/p>\n<\/div>\n<\/div>\n<\/div><\/div>\n<\/div>\n\n\n\n<div class=\"wp-block-t3-hero-slide hero-slide swiper-slide\">\n<div class=\"wp-block-cover is-light has-custom-content-position is-position-top-left\" style=\"padding-top:var(--wp--preset--spacing--xl-3-xl);padding-bottom:var(--wp--preset--spacing--xl-3-xl);min-height:82vh;aspect-ratio:unset;\"><img loading=\"lazy\" decoding=\"async\" width=\"1024\" height=\"742\" class=\"wp-block-cover__image-background wp-image-147233 size-large\" alt=\"balkongelaender alu design barcelona 33\" src=\"https:\/\/www.leeb-balkone.com\/app\/uploads\/2025\/05\/balkongelaender-alu-design-barcelona-33-1-1024x742.jpg\" data-object-fit=\"cover\" srcset=\"https:\/\/www.leeb-balkone.com\/app\/uploads\/2025\/05\/balkongelaender-alu-design-barcelona-33-1-1024x742.jpg 1024w, https:\/\/www.leeb-balkone.com\/app\/uploads\/2025\/05\/balkongelaender-alu-design-barcelona-33-1-300x218.jpg 300w, https:\/\/www.leeb-balkone.com\/app\/uploads\/2025\/05\/balkongelaender-alu-design-barcelona-33-1-768x557.jpg 768w, https:\/\/www.leeb-balkone.com\/app\/uploads\/2025\/05\/balkongelaender-alu-design-barcelona-33-1-1536x1114.jpg 1536w, https:\/\/www.leeb-balkone.com\/app\/uploads\/2025\/05\/balkongelaender-alu-design-barcelona-33-1-2048x1485.jpg 2048w\" sizes=\"auto, (max-width: 1024px) 100vw, 1024px\" \/><span aria-hidden=\"true\" class=\"wp-block-cover__background has-background-dim-0 has-background-dim\"><\/span><div class=\"wp-block-cover__inner-container has-global-padding is-layout-constrained wp-container-core-cover-is-layout-1853b977 wp-block-cover-is-layout-constrained\">\n<div class=\"wp-block-group o-grid u-md-1 has-global-padding is-layout-constrained wp-block-group-is-layout-constrained\">\n<div class=\"wp-block-group t3-hero-slider-content u-g-6 u-g-s-2 is-layout-flow wp-block-group-is-layout-flow\">\n<h2 class=\"wp-block-heading\">BALKONGEL\u00c4NDER AUS ALUMINIUM UND GLAS<\/h2>\n\n\n\n<p>Extrem stabil, pflegeleicht und dank patentierter Alu Comfort Plus\u00ae-Beschichtung nach vielen Jahren sch\u00f6n wie am ersten Tag.<\/p>\n\n\n\n<p><a href=\"https:\/\/www.leeb-balkone.com\/de\/balkongelaender\/balkongelaender-alu\/\" type=\"page\" id=\"411\">Mehr erfahren<\/a><\/p>\n<\/div>\n<\/div>\n<\/div><\/div>\n<\/div>\n\n\n\n<div class=\"wp-block-t3-hero-slide hero-slide swiper-slide\">\n<div class=\"wp-block-cover is-light has-custom-content-position is-position-top-left\" style=\"padding-top:var(--wp--preset--spacing--xl-3-xl);padding-bottom:var(--wp--preset--spacing--xl-3-xl);min-height:82vh;aspect-ratio:unset;\"><img loading=\"lazy\" decoding=\"async\" width=\"1024\" height=\"683\" class=\"wp-block-cover__image-background wp-image-139911 size-large\" alt=\"Moderner Zaun aus Aluminium mit Glaselementen\" src=\"https:\/\/www.leeb-balkone.com\/app\/uploads\/2020\/07\/zaun-alu-grado-15-1024x683.jpg\" data-object-fit=\"cover\" srcset=\"https:\/\/www.leeb-balkone.com\/app\/uploads\/2020\/07\/zaun-alu-grado-15-1024x683.jpg 1024w, https:\/\/www.leeb-balkone.com\/app\/uploads\/2020\/07\/zaun-alu-grado-15-300x200.jpg 300w, https:\/\/www.leeb-balkone.com\/app\/uploads\/2020\/07\/zaun-alu-grado-15-768x512.jpg 768w, https:\/\/www.leeb-balkone.com\/app\/uploads\/2020\/07\/zaun-alu-grado-15-1536x1024.jpg 1536w, https:\/\/www.leeb-balkone.com\/app\/uploads\/2020\/07\/zaun-alu-grado-15-2048x1366.jpg 2048w\" sizes=\"auto, (max-width: 1024px) 100vw, 1024px\" \/><span aria-hidden=\"true\" class=\"wp-block-cover__background has-background-dim-0 has-background-dim\"><\/span><div class=\"wp-block-cover__inner-container has-global-padding is-layout-constrained wp-container-core-cover-is-layout-1853b977 wp-block-cover-is-layout-constrained\">\n<div class=\"wp-block-group o-grid u-md-1 has-global-padding is-layout-constrained wp-block-group-is-layout-constrained\">\n<div class=\"wp-block-group t3-hero-slider-content u-g-6 u-g-s-2 is-layout-flow wp-block-group-is-layout-flow\">\n<h2 class=\"wp-block-heading\">Z\u00c4UNE UND SICHTSCHUTZ AUS ALUMINIUM UND GLAS<\/h2>\n\n\n\n<p>Ob ein \u00e4sthetisch ansprechender Gartenzaun oder ein sch\u00fctzender Sichtschutz auf Ihrer Wunschliste steht, Designprodukte aus Aluminium von Leeb stehen f\u00fcr erstklassige Qualit\u00e4t.<\/p>\n\n\n\n<p><a href=\"https:\/\/www.leeb-balkone.com\/de\/zaeune\/aluzaun\/\" type=\"page\" id=\"4438\">Mehr erfahren<\/a><\/p>\n<\/div>\n<\/div>\n<\/div><\/div>\n<\/div>\n\n\n\n<div class=\"wp-block-t3-hero-slide hero-slide swiper-slide\">\n<div class=\"wp-block-cover is-light has-custom-content-position is-position-top-left\" style=\"padding-top:var(--wp--preset--spacing--xl-3-xl);padding-bottom:var(--wp--preset--spacing--xl-3-xl);min-height:82vh;aspect-ratio:unset;\"><img loading=\"lazy\" decoding=\"async\" width=\"1024\" height=\"684\" class=\"wp-block-cover__image-background wp-image-58602 size-large\" alt=\"anbaubalkon mit stuetzen\" src=\"https:\/\/www.leeb-balkone.com\/app\/uploads\/2021\/10\/anbaubalkon-mit-stuetzen-1000-1024x684.jpg\" data-object-fit=\"cover\" srcset=\"https:\/\/www.leeb-balkone.com\/app\/uploads\/2021\/10\/anbaubalkon-mit-stuetzen-1000-1024x684.jpg 1024w, https:\/\/www.leeb-balkone.com\/app\/uploads\/2021\/10\/anbaubalkon-mit-stuetzen-1000-300x200.jpg 300w, https:\/\/www.leeb-balkone.com\/app\/uploads\/2021\/10\/anbaubalkon-mit-stuetzen-1000-768x513.jpg 768w, https:\/\/www.leeb-balkone.com\/app\/uploads\/2021\/10\/anbaubalkon-mit-stuetzen-1000-1536x1025.jpg 1536w, https:\/\/www.leeb-balkone.com\/app\/uploads\/2021\/10\/anbaubalkon-mit-stuetzen-1000-scaled.jpg 2048w\" sizes=\"auto, (max-width: 1024px) 100vw, 1024px\" \/><span aria-hidden=\"true\" class=\"wp-block-cover__background has-background-dim-0 has-background-dim\"><\/span><div class=\"wp-block-cover__inner-container has-global-padding is-layout-constrained wp-container-core-cover-is-layout-1853b977 wp-block-cover-is-layout-constrained\">\n<div class=\"wp-block-group o-grid u-md-1 has-global-padding is-layout-constrained wp-block-group-is-layout-constrained\">\n<div class=\"wp-block-group t3-hero-slider-content u-g-6 u-g-s-2 is-layout-flow wp-block-group-is-layout-flow\">\n<h2 class=\"wp-block-heading\">BALKONANBAU<\/h2>\n\n\n\n<p>Wohnraumerweiterung war gestern. Lebensraumerweiterung ist die Zukunft. Anbausysteme aus Aluminium von Leeb in drei Varianten erweitern Ihren Horizont.<\/p>\n\n\n\n<p><a href=\"https:\/\/www.leeb-balkone.com\/de\/anbaubalkone\/\" type=\"page\" id=\"148350\">Mehr erfahren<\/a><\/p>\n<\/div>\n<\/div>\n<\/div><\/div>\n<\/div>\n\n\n\n<div class=\"wp-block-t3-hero-slide hero-slide swiper-slide\">\n<div class=\"wp-block-cover has-custom-content-position is-position-top-left\" style=\"padding-top:var(--wp--preset--spacing--xl-3-xl);padding-bottom:var(--wp--preset--spacing--xl-3-xl);min-height:82vh;aspect-ratio:unset;\"><img loading=\"lazy\" decoding=\"async\" width=\"1024\" height=\"684\" class=\"wp-block-cover__image-background wp-image-60780 size-large\" alt=\"ueberdachung terrasse mit glaselementen seitlich fuer windschutz detailansicht\" src=\"https:\/\/www.leeb-balkone.com\/app\/uploads\/2021\/11\/ueberdachung-terrasse-mit-glaselementen-seitlich-fuer-windschutz-detailansicht-1024x684.jpg\" data-object-fit=\"cover\" srcset=\"https:\/\/www.leeb-balkone.com\/app\/uploads\/2021\/11\/ueberdachung-terrasse-mit-glaselementen-seitlich-fuer-windschutz-detailansicht-1024x684.jpg 1024w, https:\/\/www.leeb-balkone.com\/app\/uploads\/2021\/11\/ueberdachung-terrasse-mit-glaselementen-seitlich-fuer-windschutz-detailansicht-300x200.jpg 300w, https:\/\/www.leeb-balkone.com\/app\/uploads\/2021\/11\/ueberdachung-terrasse-mit-glaselementen-seitlich-fuer-windschutz-detailansicht-768x513.jpg 768w, https:\/\/www.leeb-balkone.com\/app\/uploads\/2021\/11\/ueberdachung-terrasse-mit-glaselementen-seitlich-fuer-windschutz-detailansicht-1536x1025.jpg 1536w, https:\/\/www.leeb-balkone.com\/app\/uploads\/2021\/11\/ueberdachung-terrasse-mit-glaselementen-seitlich-fuer-windschutz-detailansicht-scaled.jpg 2048w\" sizes=\"auto, (max-width: 1024px) 100vw, 1024px\" \/><span aria-hidden=\"true\" class=\"wp-block-cover__background has-background-dim-0 has-background-dim\"><\/span><div class=\"wp-block-cover__inner-container has-global-padding is-layout-constrained wp-container-core-cover-is-layout-1853b977 wp-block-cover-is-layout-constrained\">\n<div class=\"wp-block-group o-grid u-md-1 has-global-padding is-layout-constrained wp-block-group-is-layout-constrained\">\n<div class=\"wp-block-group t3-hero-slider-content u-g-6 u-g-s-2 is-layout-flow wp-block-group-is-layout-flow\">\n<h2 class=\"wp-block-heading\">\u00dcBERDACHUNGEN UND SOMMERG\u00c4RTEN<\/h2>\n\n\n\n<p>Schutz vor Witterung und N\u00e4sse und ein Mehr an komfortablem Lebensraum \u2013 Leeb bietet individuelle \u00dcberdachungssysteme und Sommerg\u00e4rten in Top-Qualit\u00e4t.<\/p>\n\n\n\n<p><a href=\"https:\/\/www.leeb-balkone.com\/de\/ueberdachungen\/\" type=\"page\" id=\"19973\">Mehr erfahren<\/a><\/p>\n<\/div>\n<\/div>\n<\/div><\/div>\n<\/div>\n\n\n\n<div class=\"wp-block-t3-hero-slide hero-slide swiper-slide\">\n<div class=\"wp-block-cover is-light has-custom-content-position is-position-top-left\" style=\"padding-top:var(--wp--preset--spacing--xl-3-xl);padding-bottom:var(--wp--preset--spacing--xl-3-xl);min-height:82vh;aspect-ratio:unset;\"><img loading=\"lazy\" decoding=\"async\" width=\"1024\" height=\"683\" class=\"wp-block-cover__image-background wp-image-146807 size-large\" alt=\"DSC_2439\" src=\"https:\/\/www.leeb-balkone.com\/app\/uploads\/2025\/05\/DSC_2439-1024x683.jpg\" data-object-fit=\"cover\" srcset=\"https:\/\/www.leeb-balkone.com\/app\/uploads\/2025\/05\/DSC_2439-1024x683.jpg 1024w, https:\/\/www.leeb-balkone.com\/app\/uploads\/2025\/05\/DSC_2439-300x200.jpg 300w, https:\/\/www.leeb-balkone.com\/app\/uploads\/2025\/05\/DSC_2439-768x513.jpg 768w, https:\/\/www.leeb-balkone.com\/app\/uploads\/2025\/05\/DSC_2439-1536x1025.jpg 1536w, https:\/\/www.leeb-balkone.com\/app\/uploads\/2025\/05\/DSC_2439-2048x1367.jpg 2048w\" sizes=\"auto, (max-width: 1024px) 100vw, 1024px\" \/><span aria-hidden=\"true\" class=\"wp-block-cover__background has-background-dim-0 has-background-dim\"><\/span><div class=\"wp-block-cover__inner-container has-global-padding is-layout-constrained wp-container-core-cover-is-layout-1853b977 wp-block-cover-is-layout-constrained\">\n<div class=\"wp-block-group o-grid u-md-1 has-global-padding is-layout-constrained wp-block-group-is-layout-constrained\">\n<div class=\"wp-block-group t3-hero-slider-content u-g-6 u-g-s-2 is-layout-flow wp-block-group-is-layout-flow\">\n<h2 class=\"wp-block-heading\">BALKONGEL\u00c4NDER F\u00dcR DEN OBJEKTBAU<\/h2>\n\n\n\n<p>Wertsteigernde Balkonsysteme aus wartungsfreiem Aluminium zur stilvollen Erweiterung des Lebensraums.<\/p>\n\n\n\n<p><a href=\"https:\/\/www.leeb-balkone.com\/de\/wohnungswirtschaft\/\" type=\"page\" id=\"5693\">Mehr erfahren<\/a><\/p>\n<\/div>\n<\/div>\n<\/div><\/div>\n<\/div>\n<\/div><div class=\"swiper-pagination hero-carousel__pagination\"><\/div><div class=\"swiper-button-prev hero-carousel__prev\"><\/div><div class=\"swiper-button-next hero-carousel__next\"><\/div><\/div><div class=\"c-banner hero-carousel__badge\"><div class=\"grid-container\"><div class=\"cell small-12 medium-10 medium-offset-1\"><a href=\"https:\/\/www.leeb-balkone.com\/de\/120-jahre-leeb\/\" style=\"display: inline-block;\"><img loading=\"lazy\" decoding=\"async\" src=\"https:\/\/www.leeb-balkone.com\/app\/uploads\/2026\/04\/Button-120-Jahre.png\" class=\"c-banner__img no-lazy\" alt=\"\" width=\"270\" height=\"270\" \/><\/a><\/div><\/div><\/div><\/div>\n\n\n\n<section class=\"wp-block-cgb-t3-section-block alignfull b-pt-small b-pb-small is-style-bg-transparent\" style=\"display:inherit;min-height:inherit\">\n<div class=\"wp-block-cgb-t3-container-block none\" style=\"background-color:none\"><div class=\"grid-container\"><div class=\"grid-x\"><div class=\"cell small-12 medium-0 large-0 b-has-pt\"><div class=\"o-grid u-sm-1 u-md-1\"><div class=\"u-g-7 u-g-s-2\"><p class=\"teaser\">Entdecken Sie eine Auswahl von mehr als 300 verschiedenen Modellen f\u00fcr Balkone, Z\u00e4une und \u00dcberdachungen aus hochstabilem Aluminium und Glas. Kombinieren Sie Farben, F\u00fcllungen und Dekore nach Herzenslust, um Ihren sch\u00f6nsten Platz an der Sonne neu zu gestalten. Erleben Sie den Komfort von pflegeleichten und langlebigen Designprodukten von Europas Nr. 1.<\/p>\n<\/div>\n    <div class=\"u-g-3 u-g-s-9\"><div class=\"t3-sidebar-buttons wp-block-buttons is-layout-flex wp-block-buttons-is-layout-flex\"><div class=\"wp-block-button is-style-fill icon-book icon-left\">\n                        <a class=\"wp-block-button__link has-secondary-color has-white-background-color has-text-color has-background has-link-color wp-element-button\" href=\"https:\/\/www.leeb-balkone.com\/de\/kontakt\/katalog-anfordern\/\" style=\"box-shadow:var(--wp--preset--shadow--box-shadow)\">Katalog anfordern<\/a>\n                    <\/div><div class=\"wp-block-button is-style-fill icon-vp icon-left\">\n                        <a class=\"wp-block-button__link has-secondary-color has-white-background-color has-text-color has-background has-link-color wp-element-button\" href=\"https:\/\/www.leeb-balkone.com\/de\/vertriebspartner\/\">Vertriebspartner finden <span class=\"sr-only\">Vertriebspartner Leeb Balkone Deutschland<\/span><\/a>\n                    <\/div><\/div>\n<\/div><\/div><\/div><\/div><\/div><\/div>\n<\/section>\n\n\n\n<section class=\"wp-block-cgb-t3-section-block alignfull b-pt-none b-pb-small is-style-bg-transparent\" style=\"display:inherit;min-height:inherit\">\n<div class=\"wp-block-cgb-t3-container-block b-has-offset-b\" style=\"background-color:#F5F5F5\"><div class=\"has-padding none grid-container-wrapper\"><div class=\"grid-container\"><div class=\"grid-x\"><div class=\"cell small-12 medium-10 large-0 medium-offset-1\">\n<h2 class=\"wp-block-heading\" id=\"wir-sind-fuhrender-hersteller-fur\">WIR SIND EUROPAS F\u00dcHRENDER HERSTELLER F\u00dcR:<\/h2>\n<\/div><\/div><\/div><\/div><\/div>\n\n\n\n<div class=\"wp-block-cgb-t3-container-block none\" style=\"background-color:none\"><div class=\"grid-container\"><div class=\"grid-x\"><div class=\"cell small-12 medium-0 large-0\"><div data-block_acf-block-69dcfe1a47198 class=\"wp-block-group is-style-transparent-cards u-grid-temp has-2-cols u-md-2 u-sm-1 cards alignwide offset \" style=\"margin-bottom:var(--wp--preset--spacing--xl)\">\n\n\n            <div class=\"wp-block-group m-card is-layout-flow wp-block-group-is-layout-flow\">\n      <figure data-imgid=\"18418\" class=\"wp-block-image size-large\">\n      <a href=\"https:\/\/www.leeb-balkone.com\/de\/balkongelaender\/balkongelaender-alu\/\"  class=\"no-default-link\">\n        <img decoding=\"async\" width=\"1024\" height=\"767\" src=\"https:\/\/www.leeb-balkone.com\/app\/uploads\/2020\/07\/glas-balkongelaender-alu-design-vitro-25-1024x767.jpg\" class=\"attachment-large size-large\" alt=\"glas balkongelaender alu design vitro 25\" title=\"\" loading=\"lazy\" srcset=\"https:\/\/www.leeb-balkone.com\/app\/uploads\/2020\/07\/glas-balkongelaender-alu-design-vitro-25-1024x767.jpg 1024w, https:\/\/www.leeb-balkone.com\/app\/uploads\/2020\/07\/glas-balkongelaender-alu-design-vitro-25-300x225.jpg 300w, https:\/\/www.leeb-balkone.com\/app\/uploads\/2020\/07\/glas-balkongelaender-alu-design-vitro-25-768x575.jpg 768w, https:\/\/www.leeb-balkone.com\/app\/uploads\/2020\/07\/glas-balkongelaender-alu-design-vitro-25-1536x1151.jpg 1536w, https:\/\/www.leeb-balkone.com\/app\/uploads\/2020\/07\/glas-balkongelaender-alu-design-vitro-25-2048x1535.jpg 2048w\" sizes=\"auto, (min-width: 1200px) 1024px, (min-width: 1024px) 768px, (min-width: 640px) 768px, 768px\" \/>      <\/a>\n    <\/figure>\n  \n  <div class=\"wp-block-group m-card-content is-vertical is-layout-flex wp-block-group-is-layout-flex\">\n            <h3 class=\"wp-block-heading\">\n          <a href=\"https:\/\/www.leeb-balkone.com\/de\/balkongelaender\/balkongelaender-alu\/\" class=\"no-default-link\" >Alubalkone<\/a>\n        <\/h3>\n        <p>W\u00e4hlen Sie aus zahlreichen Modellreihen Ihr Balkongel\u00e4nder aus Aluminium und Glas. Pflegeleichte Balkone, extrem stabil und langlebig durch die patentierte ALU COMFORT PLUS\u00ae-Pulverbeschichtung!<\/p>\n          <a href=\"https:\/\/www.leeb-balkone.com\/de\/balkongelaender\/balkongelaender-alu\/\" class=\"more\">mehr erfahren<\/a>\n      <\/div>\n<\/div>\n\n\n          <div class=\"wp-block-group m-card is-layout-flow wp-block-group-is-layout-flow\">\n      <figure data-imgid=\"6616\" class=\"wp-block-image size-large\">\n      <a href=\"https:\/\/www.leeb-balkone.com\/de\/zaeune\/aluzaun\/\"  class=\"no-default-link\">\n        <img decoding=\"async\" width=\"1024\" height=\"684\" src=\"https:\/\/www.leeb-balkone.com\/app\/uploads\/2020\/07\/aluzaun-von-leeb-balkone-1024x684.jpg\" class=\"attachment-large size-large\" alt=\"Moderner Zaun aus Aluminium in Schwarz\" title=\"\" loading=\"lazy\" srcset=\"https:\/\/www.leeb-balkone.com\/app\/uploads\/2020\/07\/aluzaun-von-leeb-balkone-1024x684.jpg 1024w, https:\/\/www.leeb-balkone.com\/app\/uploads\/2020\/07\/aluzaun-von-leeb-balkone-300x200.jpg 300w, https:\/\/www.leeb-balkone.com\/app\/uploads\/2020\/07\/aluzaun-von-leeb-balkone-768x513.jpg 768w, https:\/\/www.leeb-balkone.com\/app\/uploads\/2020\/07\/aluzaun-von-leeb-balkone-1536x1025.jpg 1536w, https:\/\/www.leeb-balkone.com\/app\/uploads\/2020\/07\/aluzaun-von-leeb-balkone-2048x1367.jpg 2048w\" sizes=\"auto, (min-width: 1200px) 1024px, (min-width: 1024px) 768px, (min-width: 640px) 768px, 768px\" \/>      <\/a>\n    <\/figure>\n  \n  <div class=\"wp-block-group m-card-content is-vertical is-layout-flex wp-block-group-is-layout-flex\">\n            <h3 class=\"wp-block-heading\">\n          <a href=\"https:\/\/www.leeb-balkone.com\/de\/zaeune\/aluzaun\/\" class=\"no-default-link\" >Aluz\u00e4une<\/a>\n        <\/h3>\n        <p>Ob Gartenzaun oder Sichtschutz, Z\u00e4une aus Aluminium und Glas von Leeb stehen f\u00fcr h\u00f6chste Qualit\u00e4t und stehen dank der patentierten ALU COMFORT PLUS\u00ae-Pulverbeschichtung nach vielen Jahren da wie am ersten Tag. <\/p>\n          <a href=\"https:\/\/www.leeb-balkone.com\/de\/zaeune\/aluzaun\/\" class=\"more\">mehr erfahren<\/a>\n      <\/div>\n<\/div>\n\n\n          <div class=\"wp-block-group m-card is-layout-flow wp-block-group-is-layout-flow\">\n      <figure data-imgid=\"5055\" class=\"wp-block-image size-large\">\n      <a href=\"https:\/\/www.leeb-balkone.com\/de\/anbaubalkone\/\"  class=\"no-default-link\">\n        <img decoding=\"async\" width=\"1024\" height=\"694\" src=\"https:\/\/www.leeb-balkone.com\/app\/uploads\/2020\/07\/balkongelaender-wohnungswirtschaft-15-1024x694.jpg\" class=\"attachment-large size-large\" alt=\"Modernen Wohnhaus mit Aluanbaubalkon\" title=\"\" loading=\"lazy\" srcset=\"https:\/\/www.leeb-balkone.com\/app\/uploads\/2020\/07\/balkongelaender-wohnungswirtschaft-15-1024x694.jpg 1024w, https:\/\/www.leeb-balkone.com\/app\/uploads\/2020\/07\/balkongelaender-wohnungswirtschaft-15-300x203.jpg 300w, https:\/\/www.leeb-balkone.com\/app\/uploads\/2020\/07\/balkongelaender-wohnungswirtschaft-15-768x521.jpg 768w, https:\/\/www.leeb-balkone.com\/app\/uploads\/2020\/07\/balkongelaender-wohnungswirtschaft-15-1536x1041.jpg 1536w, https:\/\/www.leeb-balkone.com\/app\/uploads\/2020\/07\/balkongelaender-wohnungswirtschaft-15-2048x1388.jpg 2048w, https:\/\/www.leeb-balkone.com\/app\/uploads\/2020\/07\/balkongelaender-wohnungswirtschaft-15-400x270.jpg 400w\" sizes=\"auto, (min-width: 1200px) 1024px, (min-width: 1024px) 768px, (min-width: 640px) 768px, 768px\" \/>      <\/a>\n    <\/figure>\n  \n  <div class=\"wp-block-group m-card-content is-vertical is-layout-flex wp-block-group-is-layout-flex\">\n            <h3 class=\"wp-block-heading\">\n          <a href=\"https:\/\/www.leeb-balkone.com\/de\/anbaubalkone\/\" class=\"no-default-link\" >Anbaubalkone<\/a>\n        <\/h3>\n        <p>Hochwertige Anbaubalkone, Vorstellbalkone und freitragende Balkonsysteme von Europas Nr. 1. Passende Balkon-Typen f\u00fcr nahezu jedes Objekt in bew\u00e4hrter Leeb-Qualit\u00e4t zur einfachen und unkomplizierten Erweiterung des Lebensraums.<\/p>\n          <a href=\"https:\/\/www.leeb-balkone.com\/de\/anbaubalkone\/\" class=\"more\">mehr erfahren<\/a>\n      <\/div>\n<\/div>\n\n\n          <div class=\"wp-block-group m-card is-layout-flow wp-block-group-is-layout-flow\">\n      <figure data-imgid=\"5300\" class=\"wp-block-image size-large\">\n      <a href=\"https:\/\/www.leeb-balkone.com\/de\/ueberdachungen\/\"  class=\"no-default-link\">\n        <img decoding=\"async\" width=\"1024\" height=\"684\" src=\"https:\/\/www.leeb-balkone.com\/app\/uploads\/2020\/07\/alu-terrassenueberdachung-11-1024x684.jpg\" class=\"attachment-large size-large\" alt=\"Renoviertes Einfamilienhaus mit Alu-Terrassen\u00fcberdachung\" title=\"\" loading=\"lazy\" srcset=\"https:\/\/www.leeb-balkone.com\/app\/uploads\/2020\/07\/alu-terrassenueberdachung-11-1024x684.jpg 1024w, https:\/\/www.leeb-balkone.com\/app\/uploads\/2020\/07\/alu-terrassenueberdachung-11-300x200.jpg 300w, https:\/\/www.leeb-balkone.com\/app\/uploads\/2020\/07\/alu-terrassenueberdachung-11-768x513.jpg 768w, https:\/\/www.leeb-balkone.com\/app\/uploads\/2020\/07\/alu-terrassenueberdachung-11-1536x1025.jpg 1536w, https:\/\/www.leeb-balkone.com\/app\/uploads\/2020\/07\/alu-terrassenueberdachung-11-2048x1367.jpg 2048w\" sizes=\"auto, (min-width: 1200px) 1024px, (min-width: 1024px) 768px, (min-width: 640px) 768px, 768px\" \/>      <\/a>\n    <\/figure>\n  \n  <div class=\"wp-block-group m-card-content is-vertical is-layout-flex wp-block-group-is-layout-flex\">\n            <h3 class=\"wp-block-heading\">\n          <a href=\"https:\/\/www.leeb-balkone.com\/de\/ueberdachungen\/\" class=\"no-default-link\" >\u00dcberdachungen<\/a>\n        <\/h3>\n        <p>Schutz vor Witterung und N\u00e4sse und ein Mehr an komfortablem Lebensraum \u2013 bei Leeb finden Sie die passende \u00dcberdachungsvariante f\u00fcr Ihren Haustyp. Aluminium bietet viele Vorteile gegen\u00fcber \u00dcberdachungen aus Stahl.<\/p>\n          <a href=\"https:\/\/www.leeb-balkone.com\/de\/ueberdachungen\/\" class=\"more\">mehr erfahren<\/a>\n      <\/div>\n<\/div>\n\n\n      <\/div>\n\n\n<\/div><\/div><\/div><\/div>\n<\/section>\n\n\n\n\n\n<section class=\"wp-block-cgb-t3-section-block alignfull b-pt-none  is-style-bg-transparent\" style=\"display:inherit;min-height:inherit\">\n<div class=\"wp-block-cgb-t3-container-block b-has-offset-b\" style=\"background-color:#ffffff\"><div class=\"has-padding none grid-container-wrapper\"><div class=\"grid-container\"><div class=\"grid-x\"><div class=\"cell small-12 medium-10 large-0 medium-offset-1\">\n<h2 class=\"wp-block-heading\" id=\"wir-sind-fuhrender-hersteller-fur\">INNOVATIONEN MIT ERLEEBNISGARANTIE:<\/h2>\n<\/div><\/div><\/div><\/div><\/div>\n\n\n\n<div class=\"wp-block-cgb-t3-container-block none\" style=\"background-color:none\"><div class=\"grid-container\"><div class=\"grid-x\"><div class=\"cell small-12 medium-0 large-0\"><div data-block_acf-block-69dcfe1a471ee class=\"wp-block-group is-style-transparent-cards u-grid-temp has-2-cols u-md-2 u-sm-1 cards alignwide offset \" style=\"margin-bottom:var(--wp--preset--spacing--xl)\">\n\n\n            <div class=\"wp-block-group m-card is-layout-flow wp-block-group-is-layout-flow\">\n      <figure data-imgid=\"137397\" class=\"wp-block-image size-large\">\n      <a href=\"https:\/\/www.leeb-balkone.com\/de\/solar\/\"  class=\"no-default-link\">\n        <img decoding=\"async\" width=\"1024\" height=\"768\" src=\"https:\/\/www.leeb-balkone.com\/app\/uploads\/2024\/04\/solar-glas-alu-balkon-00-red-dot-gross-2-1024x768.jpg\" class=\"attachment-large size-large\" alt=\"solar glas alu balkon 00 red dot gross 2\" title=\"\" loading=\"lazy\" srcset=\"https:\/\/www.leeb-balkone.com\/app\/uploads\/2024\/04\/solar-glas-alu-balkon-00-red-dot-gross-2-1024x768.jpg 1024w, https:\/\/www.leeb-balkone.com\/app\/uploads\/2024\/04\/solar-glas-alu-balkon-00-red-dot-gross-2-300x225.jpg 300w, https:\/\/www.leeb-balkone.com\/app\/uploads\/2024\/04\/solar-glas-alu-balkon-00-red-dot-gross-2-768x576.jpg 768w, https:\/\/www.leeb-balkone.com\/app\/uploads\/2024\/04\/solar-glas-alu-balkon-00-red-dot-gross-2-1536x1152.jpg 1536w, https:\/\/www.leeb-balkone.com\/app\/uploads\/2024\/04\/solar-glas-alu-balkon-00-red-dot-gross-2-2048x1536.jpg 2048w\" sizes=\"auto, (min-width: 1200px) 1024px, (min-width: 1024px) 768px, (min-width: 640px) 768px, 768px\" \/>      <\/a>\n    <\/figure>\n  \n  <div class=\"wp-block-group m-card-content is-vertical is-layout-flex wp-block-group-is-layout-flex\">\n            <h3 class=\"wp-block-heading\">\n          <a href=\"https:\/\/www.leeb-balkone.com\/de\/solar\/\" class=\"no-default-link\" >Solarprodukte<\/a>\n        <\/h3>\n        <p>Balkongel\u00e4nder, Z\u00e4une, \u00dcberdachung und Carports mit integrierten hocheffizienten PV-Modulen f\u00fcr einen optimalen Energiehaushalt.<\/p>\n          <a href=\"https:\/\/www.leeb-balkone.com\/de\/solar\/\" class=\"more\">mehr erfahren<\/a>\n      <\/div>\n<\/div>\n\n\n          <div class=\"wp-block-group m-card is-layout-flow wp-block-group-is-layout-flow\">\n      <figure data-imgid=\"134665\" class=\"wp-block-image size-large\">\n      <a href=\"https:\/\/www.leeb-balkone.com\/de\/technik\/soleeb\/\"  class=\"no-default-link\">\n        <img decoding=\"async\" width=\"1024\" height=\"837\" src=\"https:\/\/www.leeb-balkone.com\/app\/uploads\/2024\/01\/photovoltaik-plug-and-play-solaranlage-SOLEEB-1024x837.jpeg\" class=\"attachment-large size-large\" alt=\"Photovoltaik Plug and Play Solaranlage SOLEEB\" title=\"\" loading=\"lazy\" srcset=\"https:\/\/www.leeb-balkone.com\/app\/uploads\/2024\/01\/photovoltaik-plug-and-play-solaranlage-SOLEEB-1024x837.jpeg 1024w, https:\/\/www.leeb-balkone.com\/app\/uploads\/2024\/01\/photovoltaik-plug-and-play-solaranlage-SOLEEB-300x245.jpeg 300w, https:\/\/www.leeb-balkone.com\/app\/uploads\/2024\/01\/photovoltaik-plug-and-play-solaranlage-SOLEEB-768x628.jpeg 768w, https:\/\/www.leeb-balkone.com\/app\/uploads\/2024\/01\/photovoltaik-plug-and-play-solaranlage-SOLEEB-1536x1255.jpeg 1536w, https:\/\/www.leeb-balkone.com\/app\/uploads\/2024\/01\/photovoltaik-plug-and-play-solaranlage-SOLEEB-2048x1674.jpeg 2048w\" sizes=\"auto, (min-width: 1200px) 1024px, (min-width: 1024px) 768px, (min-width: 640px) 768px, 768px\" \/>      <\/a>\n    <\/figure>\n  \n  <div class=\"wp-block-group m-card-content is-vertical is-layout-flex wp-block-group-is-layout-flex\">\n            <h3 class=\"wp-block-heading\">\n          <a href=\"https:\/\/www.leeb-balkone.com\/de\/technik\/soleeb\/\" class=\"no-default-link\" >SOLEEB<\/a>\n        <\/h3>\n        <p>Die All-in-One-Solaranlage f\u00fcr alle. Mit der Plug-and-play-L\u00f6sung den Wechselrichter einfach an die Steckdose anschlie\u00dfen und Gratisstrom tanken.<\/p>\n          <a href=\"https:\/\/www.leeb-balkone.com\/de\/technik\/soleeb\/\" class=\"more\">mehr erfahren<\/a>\n      <\/div>\n<\/div>\n\n\n      <\/div>\n\n\n<\/div><\/div><\/div><\/div>\n<\/section>\n\n\n\n<section class=\"wp-block-cgb-t3-section-block alignfull b-pt-none  is-style-bg-transparent\" style=\"display:inherit;min-height:inherit\">\n<div class=\"wp-block-cgb-t3-container-block none\" style=\"background-color:none\"><div class=\"grid-container\"><div class=\"grid-x\"><div class=\"cell small-12 medium-9 large-0 medium-offset-1\">\n<h2 class=\"wp-block-heading\" id=\"balkongelander-voneuropas-nummer-1\">BALKONGEL\u00c4NDER VON EUROPAS NR. 1<\/h2>\n\n\n\n<p><span class=\"teaser\"><strong>Weit mehr als 150.000 zufriedene Kunden vertrauen auf Europas f\u00fchrenden Hersteller von Balkongel\u00e4ndern, Z\u00e4unen und \u00dcberdachungen aus Aluminium und Glas. \u00dcber 70.000 Laufmeter pflegeleichte Balkon- und Zaungel\u00e4nder aus Aluminium, Glas und Edelstahl verlassen jedes Jahr das Werk im K\u00e4rntner Gnesau und finden ihren Platz auf Balkonen in \u00d6sterreich, Deutschland, Italien, Frankreich und der Schweiz.<\/strong><\/span><\/p>\n<\/div><\/div><\/div><\/div>\n\n\n<div class=\"b-carousel  band slider\" data-block_acf-block-69dcfe1a47202>\n  <div class=\"slides\">\n          <div>\n\n\n\n  \n    \n          \n\n              \n        \n\n        <img loading=\"lazy\" decoding=\"async\" width=\"1024\" height=\"684\" src=\"https:\/\/www.leeb-balkone.com\/app\/uploads\/2020\/07\/balkongelaender-wohnungswirtschaft-22-1024x684.jpg\" class=\"no-lazy\" alt=\"Moderne Architektur in der Wohnungswirtschaft mit Alu Design Vision Balkongel\u00e4nder\" srcset=\"https:\/\/www.leeb-balkone.com\/app\/uploads\/2020\/07\/balkongelaender-wohnungswirtschaft-22-1024x684.jpg 1024w, https:\/\/www.leeb-balkone.com\/app\/uploads\/2020\/07\/balkongelaender-wohnungswirtschaft-22-300x200.jpg 300w, https:\/\/www.leeb-balkone.com\/app\/uploads\/2020\/07\/balkongelaender-wohnungswirtschaft-22-768x513.jpg 768w, https:\/\/www.leeb-balkone.com\/app\/uploads\/2020\/07\/balkongelaender-wohnungswirtschaft-22-1536x1025.jpg 1536w, https:\/\/www.leeb-balkone.com\/app\/uploads\/2020\/07\/balkongelaender-wohnungswirtschaft-22-2048x1367.jpg 2048w\" sizes=\"auto, (min-width: 1200px) 1024px, (min-width: 1024px) 768px, (min-width: 640px) 768px, 768px\" \/>        \n            \n          \n  <\/div>\n\n          <div>\n\n\n\n  \n    \n          \n\n              \n        \n\n        <img loading=\"lazy\" decoding=\"async\" width=\"1024\" height=\"767\" src=\"https:\/\/www.leeb-balkone.com\/app\/uploads\/2021\/06\/alu-balkongelaender-leeb-balkone-1024x767.jpg\" class=\"no-lazy\" alt=\"alu balkongelaender leeb balkone\" srcset=\"https:\/\/www.leeb-balkone.com\/app\/uploads\/2021\/06\/alu-balkongelaender-leeb-balkone-1024x767.jpg 1024w, https:\/\/www.leeb-balkone.com\/app\/uploads\/2021\/06\/alu-balkongelaender-leeb-balkone-300x225.jpg 300w, https:\/\/www.leeb-balkone.com\/app\/uploads\/2021\/06\/alu-balkongelaender-leeb-balkone-768x575.jpg 768w, https:\/\/www.leeb-balkone.com\/app\/uploads\/2021\/06\/alu-balkongelaender-leeb-balkone-1536x1151.jpg 1536w, https:\/\/www.leeb-balkone.com\/app\/uploads\/2021\/06\/alu-balkongelaender-leeb-balkone-2048x1534.jpg 2048w\" sizes=\"auto, (min-width: 1200px) 1024px, (min-width: 1024px) 768px, (min-width: 640px) 768px, 768px\" \/>        \n            \n          \n  <\/div>\n\n          <div>\n\n\n\n  \n    \n          \n\n              \n        \n\n        <img loading=\"lazy\" decoding=\"async\" width=\"1024\" height=\"681\" src=\"https:\/\/www.leeb-balkone.com\/app\/uploads\/2020\/07\/balkongelaender-alu-design-genf-20-1-1024x681.jpg\" class=\"no-lazy\" alt=\"Modernes Balkongel\u00e4nder aus Aluminium in zeitloser Optik - Alubalkon Alu Design Genf\" srcset=\"https:\/\/www.leeb-balkone.com\/app\/uploads\/2020\/07\/balkongelaender-alu-design-genf-20-1-1024x681.jpg 1024w, https:\/\/www.leeb-balkone.com\/app\/uploads\/2020\/07\/balkongelaender-alu-design-genf-20-1-300x200.jpg 300w, https:\/\/www.leeb-balkone.com\/app\/uploads\/2020\/07\/balkongelaender-alu-design-genf-20-1-768x511.jpg 768w, https:\/\/www.leeb-balkone.com\/app\/uploads\/2020\/07\/balkongelaender-alu-design-genf-20-1-1536x1022.jpg 1536w, https:\/\/www.leeb-balkone.com\/app\/uploads\/2020\/07\/balkongelaender-alu-design-genf-20-1-2048x1363.jpg 2048w\" sizes=\"auto, (min-width: 1200px) 1024px, (min-width: 1024px) 768px, (min-width: 640px) 768px, 768px\" \/>        \n            \n          \n  <\/div>\n\n          <div>\n\n\n\n  \n    \n          \n\n              \n        \n\n        <img loading=\"lazy\" decoding=\"async\" width=\"1024\" height=\"767\" src=\"https:\/\/www.leeb-balkone.com\/app\/uploads\/2020\/09\/alu-balkon-wohnungswirtschaft-1024x767.jpg\" class=\"no-lazy\" alt=\"Wohnungswirtschaft - Alubalkone als Wertsteigerung der Immobilie\" srcset=\"https:\/\/www.leeb-balkone.com\/app\/uploads\/2020\/09\/alu-balkon-wohnungswirtschaft-1024x767.jpg 1024w, https:\/\/www.leeb-balkone.com\/app\/uploads\/2020\/09\/alu-balkon-wohnungswirtschaft-300x225.jpg 300w, https:\/\/www.leeb-balkone.com\/app\/uploads\/2020\/09\/alu-balkon-wohnungswirtschaft-768x575.jpg 768w, https:\/\/www.leeb-balkone.com\/app\/uploads\/2020\/09\/alu-balkon-wohnungswirtschaft-1536x1151.jpg 1536w, https:\/\/www.leeb-balkone.com\/app\/uploads\/2020\/09\/alu-balkon-wohnungswirtschaft-2048x1534.jpg 2048w\" sizes=\"auto, (min-width: 1200px) 1024px, (min-width: 1024px) 768px, (min-width: 640px) 768px, 768px\" \/>        \n            \n          \n  <\/div>\n\n          <div>\n\n\n\n  \n    \n          \n\n              \n        \n\n        <img loading=\"lazy\" decoding=\"async\" width=\"1024\" height=\"767\" src=\"https:\/\/www.leeb-balkone.com\/app\/uploads\/2020\/09\/alu-balkongelaender-beitragsbild-1024x767.jpg\" class=\"no-lazy\" alt=\"Alu Gel\u00e4nder und Terrassenboden aus einer Hand - Leeb Balkone GmbH\" srcset=\"https:\/\/www.leeb-balkone.com\/app\/uploads\/2020\/09\/alu-balkongelaender-beitragsbild-1024x767.jpg 1024w, https:\/\/www.leeb-balkone.com\/app\/uploads\/2020\/09\/alu-balkongelaender-beitragsbild-300x225.jpg 300w, https:\/\/www.leeb-balkone.com\/app\/uploads\/2020\/09\/alu-balkongelaender-beitragsbild-768x575.jpg 768w, https:\/\/www.leeb-balkone.com\/app\/uploads\/2020\/09\/alu-balkongelaender-beitragsbild-1536x1151.jpg 1536w, https:\/\/www.leeb-balkone.com\/app\/uploads\/2020\/09\/alu-balkongelaender-beitragsbild-2048x1535.jpg 2048w\" sizes=\"auto, (min-width: 1200px) 1024px, (min-width: 1024px) 768px, (min-width: 640px) 768px, 768px\" \/>        \n            \n          \n  <\/div>\n\n          <div>\n\n\n\n  \n    \n          \n\n              \n        \n\n        <img loading=\"lazy\" decoding=\"async\" width=\"1024\" height=\"767\" src=\"https:\/\/www.leeb-balkone.com\/app\/uploads\/2020\/07\/glas-sommergarten-17-1024x767.jpg\" class=\"no-lazy\" alt=\"Gepflegter Garten mit Sommergarten aus Aluminium\" srcset=\"https:\/\/www.leeb-balkone.com\/app\/uploads\/2020\/07\/glas-sommergarten-17-1024x767.jpg 1024w, https:\/\/www.leeb-balkone.com\/app\/uploads\/2020\/07\/glas-sommergarten-17-300x225.jpg 300w, https:\/\/www.leeb-balkone.com\/app\/uploads\/2020\/07\/glas-sommergarten-17-768x575.jpg 768w, https:\/\/www.leeb-balkone.com\/app\/uploads\/2020\/07\/glas-sommergarten-17-1536x1151.jpg 1536w, https:\/\/www.leeb-balkone.com\/app\/uploads\/2020\/07\/glas-sommergarten-17-2048x1535.jpg 2048w\" sizes=\"auto, (min-width: 1200px) 1024px, (min-width: 1024px) 768px, (min-width: 640px) 768px, 768px\" \/>        \n            \n          \n  <\/div>\n\n          <div>\n\n\n\n  \n    \n          \n\n              \n        \n\n        <img loading=\"lazy\" decoding=\"async\" width=\"1024\" height=\"664\" src=\"https:\/\/www.leeb-balkone.com\/app\/uploads\/2020\/06\/balkongelaender-alu-design-barcelona-331-1024x664.jpg\" class=\"no-lazy\" alt=\"balkongelaender alu design barcelona 331\" srcset=\"https:\/\/www.leeb-balkone.com\/app\/uploads\/2020\/06\/balkongelaender-alu-design-barcelona-331-1024x664.jpg 1024w, https:\/\/www.leeb-balkone.com\/app\/uploads\/2020\/06\/balkongelaender-alu-design-barcelona-331-1536x996.jpg 1536w, https:\/\/www.leeb-balkone.com\/app\/uploads\/2020\/06\/balkongelaender-alu-design-barcelona-331-2048x1328.jpg 2048w, https:\/\/www.leeb-balkone.com\/app\/uploads\/2020\/06\/balkongelaender-alu-design-barcelona-331-300x194.jpg 300w, https:\/\/www.leeb-balkone.com\/app\/uploads\/2020\/06\/balkongelaender-alu-design-barcelona-331-768x498.jpg 768w\" sizes=\"auto, (min-width: 1200px) 1024px, (min-width: 1024px) 768px, (min-width: 640px) 768px, 768px\" \/>        \n            \n          \n  <\/div>\n\n      <\/div>\n\n<\/div>\n\n\n\n<div class=\"wp-block-cgb-t3-container-block none\" style=\"background-color:none\"><div class=\"grid-container\"><div class=\"grid-x\"><div class=\"cell small-12 medium-9 large-0 medium-offset-1\">\n<p>Die Leeb Balkone GmbH hat sich dem nachhaltigen und umweltbewussten Herstellungsprozess von Balkongel\u00e4ndern, Z\u00e4unen und \u00dcberdachungen verschrieben und setzt innovative Verfahren zur Oberfl\u00e4chenbehandlung von Aluminium und Holz ein. Eine Vielzahl von Modellen f\u00fcr <a href=\"https:\/\/www.leeb-balkone.com\/de\/balkongelaender\/\">Balkongel\u00e4nder<\/a> aus <a href=\"https:\/\/www.leeb-balkone.com\/de\/balkongelaender\/balkongelaender-alu\/\">Aluminium<\/a>, <a href=\"https:\/\/www.leeb-balkone.com\/de\/balkongelaender\/balkongelaender-glas\/\">Glas<\/a>, Edelstahl und <a href=\"https:\/\/www.leeb-balkone.com\/de\/balkongelaender\/balkongelaender-holz\/\">Holz<\/a> sind in verschiedenen Serien erh\u00e4ltlich. <a href=\"https:\/\/www.leeb-balkone.com\/de\/zaeune\/\">Z\u00e4une<\/a>, <a href=\"https:\/\/www.leeb-balkone.com\/de\/ueberdachungen\/\">\u00dcberdachungen<\/a>, <a href=\"https:\/\/www.leeb-balkone.com\/de\/anbaubalkone\/\">Anbaubalkone<\/a> und <a href=\"https:\/\/www.leeb-balkone.com\/de\/anbaubalkone\/balkonboden-terrassenboden\/\">B\u00f6den<\/a> erg\u00e4nzen das Angebot und machen Leeb zur Nr. 1 in Europa.<\/p>\n<\/div><\/div><\/div><\/div>\n\n\n\n<p><\/p>\n<\/section>\n\n\n\n<section class=\"wp-block-cgb-t3-section-block alignfull b-pt-none b-pb-small is-style-default l-sec--brdr-b\" style=\"display:inherit;background-color:#F5F5F5;min-height:inherit\">\n<div class=\"wp-block-cgb-t3-container-block alignfull b-has-offset-h\" style=\"background-color:none\"><div class=\"grid-container\"><div class=\"grid-x\"><div class=\"cell small-12 medium-6 large-0 medium-offset-1\">\n<h2 class=\"wp-block-heading\" id=\"das-zeichnet-uns-aus\">DAS ZEICHNET UNS AUS<\/h2>\n<\/div><\/div><\/div><\/div>\n\n\n\n<div class=\"wp-block-cgb-t3-container-block none\" style=\"background-color:none\"><div class=\"grid-container\"><div class=\"grid-x\"><div class=\"cell small-12 medium-0 large-0\"><div class=\"l-wrapper\">\n  <ul data-block_acf-block-69dcfe1a47231 class=\"c-list b-iconlist grid-x align-justify iconlist alignwide\">\n                      <li class=\"b-iconlist__item  small-6 medium-4 large-2\">\n          <a href=\"https:\/\/www.leeb-balkone.com\/de\/ueber-leeb\/\" class=\"b-iconlist__link\" target=\"\">\n      <div class=\"b-iconlist__icon icon-numberone\"><\/div>\n      <div class=\"b-iconlist__body\">\n          <h3>EUROPAS NR. 1<\/h3>\n              <p>Europas f\u00fchrender Hersteller f\u00fcr Balkone, Z\u00e4une und \u00dcberdachungen aus Aluminium, Glas und Holz<\/p>\n      <\/div>\n  <\/a>\n\n        <\/li>\n              <li class=\"b-iconlist__item  small-6 medium-4 large-2\">\n          <a href=\"https:\/\/www.leeb-balkone.com\/de\/technik\/holzschutz\/\" class=\"b-iconlist__link\" target=\"\">\n      <div class=\"b-iconlist__icon icon-wood\"><\/div>\n      <div class=\"b-iconlist__body\">\n          <h3>Heimisches Qualit\u00e4tsholz<\/h3>\n              <p>Hochwertiges, langsam gewachsenes Holz aus heimischen W\u00e4ldern der K\u00e4rntner Nockberge<\/p>\n      <\/div>\n  <\/a>\n\n        <\/li>\n              <li class=\"b-iconlist__item  small-6 medium-4 large-2\">\n          <a href=\"https:\/\/www.leeb-balkone.com\/de\/technik\/aluminium\/\" class=\"b-iconlist__link\" target=\"\">\n      <div class=\"b-iconlist__icon icon-weather\"><\/div>\n      <div class=\"b-iconlist__body\">\n          <h3>LANGLEBIGES ALUMINIUM<\/h3>\n              <p>Rostfrei, extrem pflegeleicht und nahezu wartungsfrei \u2013 f\u00fcr \u201eleebenslangen\u201c Genuss!<\/p>\n      <\/div>\n  <\/a>\n\n        <\/li>\n              <li class=\"b-iconlist__item  small-6 medium-4 large-2\">\n          <a href=\"https:\/\/www.leeb-balkone.com\/de\/technik\/alu-comfort-plus\/\" class=\"b-iconlist__link\" target=\"\">\n      <div class=\"b-iconlist__icon icon-environment\"><\/div>\n      <div class=\"b-iconlist__body\">\n          <h3>NACHHALTIG PRODUZIERT<\/h3>\n              <p>Unsere patentierte Pulverbeschichtung wird unter Einsatz umweltfreundlicher Verfahren produziert und aufgetragen<\/p>\n      <\/div>\n  <\/a>\n\n        <\/li>\n              <li class=\"b-iconlist__item  small-6 medium-4 large-2\">\n          <a href=\"https:\/\/www.leeb-balkone.com\/de\/ueber-leeb\/zertifizierte-qualitaet\/\" class=\"b-iconlist__link\" target=\"\">\n      <div class=\"b-iconlist__icon icon-stars\"><\/div>\n      <div class=\"b-iconlist__body\">\n          <h3>ISO 9001<\/h3>\n              <p>Als einziger Balkon- und Zaunhersteller Europas ist Leeb nach der ISO 9001 zertifiziert<\/p>\n      <\/div>\n  <\/a>\n\n        <\/li>\n            <\/ul>\n<\/div>\n<\/div><\/div><\/div><\/div>\n<\/section>\n\n\n\n<section class=\"wp-block-group alignfull has-white-background-color has-background has-global-padding is-layout-constrained wp-container-core-group-is-layout-52f96efc wp-block-group-is-layout-constrained\">\n<div class=\"wp-block-group m-teaser o-grid u-md-1 is-layout-flow wp-block-group-is-layout-flow\" style=\"padding-bottom:0\">\n<div class=\"wp-block-group u-g-9 u-g-s-2 is-layout-flow wp-block-group-is-layout-flow\" style=\"margin-bottom:var(--wp--preset--spacing--s)\">\n<h2 class=\"wp-block-heading has-text-align-left\">Kundenerleebnisse<\/h2>\n<\/div>\n<\/div>\n\n\n<div class=\"etw-wrapper\">\n            <etrusted-widget data-etrusted-widget-id=\"wdg-0977a7a4-3592-4dac-9e5f-faee63fadd76\"><\/etrusted-widget>\n        <\/div>\n\n\n<div class=\"wp-block-columns is-style-shadow m-split is-layout-flex wp-container-core-columns-is-layout-e4308799 wp-block-columns-is-layout-flex\" style=\"margin-top:var(--wp--preset--spacing--xl);margin-bottom:var(--wp--preset--spacing--s)\">\n<div class=\"wp-block-column is-style-default is-layout-flow wp-block-column-is-layout-flow\">\n<figure class=\"wp-block-image size-large\"><img loading=\"lazy\" decoding=\"async\" width=\"1024\" height=\"767\" src=\"https:\/\/www.leeb-balkone.com\/app\/uploads\/2021\/06\/alu-balkongelaender-leeb-balkone-1024x767.jpg\" alt=\"alu balkongelaender leeb balkone\" class=\"wp-image-43211\" srcset=\"https:\/\/www.leeb-balkone.com\/app\/uploads\/2021\/06\/alu-balkongelaender-leeb-balkone-1024x767.jpg 1024w, https:\/\/www.leeb-balkone.com\/app\/uploads\/2021\/06\/alu-balkongelaender-leeb-balkone-300x225.jpg 300w, https:\/\/www.leeb-balkone.com\/app\/uploads\/2021\/06\/alu-balkongelaender-leeb-balkone-768x575.jpg 768w, https:\/\/www.leeb-balkone.com\/app\/uploads\/2021\/06\/alu-balkongelaender-leeb-balkone-1536x1151.jpg 1536w, https:\/\/www.leeb-balkone.com\/app\/uploads\/2021\/06\/alu-balkongelaender-leeb-balkone-2048x1534.jpg 2048w\" sizes=\"auto, (max-width: 1024px) 100vw, 1024px\" \/><\/figure>\n<\/div>\n\n\n\n<div class=\"wp-block-column is-vertically-aligned-center is-style-overlay-content is-layout-flow wp-block-column-is-layout-flow\">\n<div class=\"wp-block-group is-vertical is-layout-flex wp-container-core-group-is-layout-6aed0e10 wp-block-group-is-layout-flex\">\n<h3 class=\"wp-block-heading\">Kunden werben Kunden<\/h3>\n\n\n\n<p>Wenn Sie mit uns zufrieden sind, teilen Sie Ihre Erfahrungen doch mit Freunden und Familie! F\u00fcr jede erfolgreiche Vermittlung, die zu einem abgeschlossenen Auftrag f\u00fchrt, m\u00f6chten wir uns bei Ihnen mit einer attraktiven Vermittlungspr\u00e4mie bedanken.<\/p>\n\n\n\n<div class=\"wp-block-buttons is-layout-flex wp-block-buttons-is-layout-flex\" style=\"margin-top:var(--wp--preset--spacing--2-xs)\">\n<div class=\"wp-block-button is-style-filled-primary-60\"><a class=\"wp-block-button__link wp-element-button\" href=\"https:\/\/www.leeb-balkone.com\/de\/weiterempfehlung\/\">Jetzt Pr\u00e4mie sichern<\/a><\/div>\n<\/div>\n<\/div>\n<\/div>\n<\/div>\n<\/section>\n\n\n\n<section class=\"wp-block-cgb-t3-section-block alignfull b-pt-none  is-style-bg-transparent\" style=\"display:inherit;min-height:inherit\">\n<div class=\"wp-block-cgb-t3-container-block b-has-offset-b\" style=\"background-color:#F7C08E\"><div class=\"has-padding none grid-container-wrapper\"><div class=\"grid-container\"><div class=\"grid-x\"><div class=\"cell small-12 medium-10 large-0 medium-offset-1\">\n<h2 class=\"wp-block-heading has-secondary-color has-text-color\" id=\"balkone-zaune-und-uberdachungen\">BALKONE, Z\u00c4UNE, \u00dcBERDACHUNGEN UND SOMMERG\u00c4RTEN<\/h2>\n\n\n\n<p class=\"has-secondary-color has-text-color\"><span class=\"teaser\"><strong><strong><strong>Europas f\u00fchrender Hersteller von Balkonen, Z\u00e4unen und \u00dcberdachungen steht f\u00fcr pr\u00e4zise und individuell geplante Ma\u00dfarbeit mit innovativer Verarbeitung von hochwertigem Aluminium und Glas sowie heimischem Qualit\u00e4tsholz. Die Herstellung erfolgt gem\u00e4\u00df der strengen Qualit\u00e4tsnorm ISO 9001 und wird j\u00e4hrlich mit dem T\u00dcV-Zertifikat ausgezeichnet. Balkone, Z\u00e4une und \u00dcberdachungen von Leeb werden Sie ein Leben lang begleiten und ben\u00f6tigen dabei nur minimalen Pflegeaufwand.<\/strong><\/strong><\/strong><\/span><\/p>\n<\/div><\/div><\/div><\/div><\/div>\n\n\n\n<div class=\"wp-block-cgb-t3-container-block none\" style=\"background-color:none\"><div class=\"grid-container\"><div class=\"grid-x\"><div class=\"cell small-12 medium-0 large-0 b-has-pt b-has-lsmb\"><div data-block_acf-block-69dcfe1a47288 class=\"wp-block-group is-style-transparent-cards u-grid-temp has-4-cols u-md-2 u-sm-1 cards small alignwide offset \" style=\"margin-bottom:var(--wp--preset--spacing--xl)\">\n\n\n            <div class=\"wp-block-group m-card is-layout-flow wp-block-group-is-layout-flow\">\n      <figure data-imgid=\"1224\" class=\"wp-block-image size-large\">\n      <a href=\"https:\/\/www.leeb-balkone.com\/de\/technik\/\"  class=\"no-default-link\">\n        <img decoding=\"async\" width=\"300\" height=\"195\" src=\"https:\/\/www.leeb-balkone.com\/app\/uploads\/2020\/04\/shutterstock_4878571_red-300x195.jpg\" class=\"attachment-medium size-medium\" alt=\"Alu Comfort Plus - Patentierte Pulverbeschichtung mit Lotus Effekt von Leeb Balkone\" title=\"\" loading=\"lazy\" srcset=\"https:\/\/www.leeb-balkone.com\/app\/uploads\/2020\/04\/shutterstock_4878571_red-300x195.jpg 300w, https:\/\/www.leeb-balkone.com\/app\/uploads\/2020\/04\/shutterstock_4878571_red-1024x665.jpg 1024w, https:\/\/www.leeb-balkone.com\/app\/uploads\/2020\/04\/shutterstock_4878571_red-768x499.jpg 768w, https:\/\/www.leeb-balkone.com\/app\/uploads\/2020\/04\/shutterstock_4878571_red-1536x997.jpg 1536w, https:\/\/www.leeb-balkone.com\/app\/uploads\/2020\/04\/shutterstock_4878571_red-2048x1330.jpg 2048w\" sizes=\"auto, (min-width: 1200px) 260px, (min-width: 1024px) 220px, (min-width: 640px) 465px, 768px\" \/>      <\/a>\n    <\/figure>\n  \n  <div class=\"wp-block-group m-card-content is-vertical is-layout-flex wp-block-group-is-layout-flex\">\n            <h3 class=\"wp-block-heading\">\n          <a href=\"https:\/\/www.leeb-balkone.com\/de\/technik\/\" class=\"no-default-link\" >Balkon, Zaun, \u00dcberdachung \u2013 pflegeleicht und wartungsfrei<\/a>\n        <\/h3>\n        <p>Die patentierten Verfahren Alu Comfort Plus\u00ae und Vacu-Protect\u00ae sorgen f\u00fcr eine \u201eleebenslange\u201c Haltbarkeit!<\/p>\n          <a href=\"https:\/\/www.leeb-balkone.com\/de\/technik\/\" class=\"more\">Technik und Fertigung<\/a>\n      <\/div>\n<\/div>\n\n\n          <div class=\"wp-block-group m-card is-layout-flow wp-block-group-is-layout-flow\">\n      <figure data-imgid=\"7463\" class=\"wp-block-image size-large\">\n      <a href=\"https:\/\/www.leeb-balkone.com\/de\/service\/lieferung-und-montage\/\"  class=\"no-default-link\">\n        <img decoding=\"async\" width=\"300\" height=\"200\" src=\"https:\/\/www.leeb-balkone.com\/app\/uploads\/2020\/09\/glas-balkongelaender-alu-design-casa-linea-23-300x200.jpg\" class=\"attachment-medium size-medium\" alt=\"Riesiger Garten mit Alu Design Casa Linea Balkongel\u00e4nder\" title=\"\" loading=\"lazy\" srcset=\"https:\/\/www.leeb-balkone.com\/app\/uploads\/2020\/09\/glas-balkongelaender-alu-design-casa-linea-23-300x200.jpg 300w, https:\/\/www.leeb-balkone.com\/app\/uploads\/2020\/09\/glas-balkongelaender-alu-design-casa-linea-23-1024x684.jpg 1024w, https:\/\/www.leeb-balkone.com\/app\/uploads\/2020\/09\/glas-balkongelaender-alu-design-casa-linea-23-768x513.jpg 768w, https:\/\/www.leeb-balkone.com\/app\/uploads\/2020\/09\/glas-balkongelaender-alu-design-casa-linea-23-1536x1025.jpg 1536w, https:\/\/www.leeb-balkone.com\/app\/uploads\/2020\/09\/glas-balkongelaender-alu-design-casa-linea-23-2048x1367.jpg 2048w\" sizes=\"auto, (min-width: 1200px) 260px, (min-width: 1024px) 220px, (min-width: 640px) 465px, 768px\" \/>      <\/a>\n    <\/figure>\n  \n  <div class=\"wp-block-group m-card-content is-vertical is-layout-flex wp-block-group-is-layout-flex\">\n            <h3 class=\"wp-block-heading\">\n          <a href=\"https:\/\/www.leeb-balkone.com\/de\/service\/lieferung-und-montage\/\" class=\"no-default-link\" >Balkon, Zaun, \u00dcberdachung in individueller Anfertigung<\/a>\n        <\/h3>\n        <p>Ma\u00dfgenaue Fertigung im Werk und Profi-Montage lassen auch spezielle W\u00fcnsche wahr werden!<\/p>\n          <a href=\"https:\/\/www.leeb-balkone.com\/de\/service\/lieferung-und-montage\/\" class=\"more\">Lieferung und Montage<\/a>\n      <\/div>\n<\/div>\n\n\n          <div class=\"wp-block-group m-card is-layout-flow wp-block-group-is-layout-flow\">\n      <figure data-imgid=\"22532\" class=\"wp-block-image size-large\">\n      <a href=\"https:\/\/www.leeb-balkone.com\/de\/service\/planungsservice\/\"  class=\"no-default-link\">\n        <img decoding=\"async\" width=\"300\" height=\"199\" src=\"https:\/\/www.leeb-balkone.com\/app\/uploads\/2021\/01\/perfekter-planungsservice-leeb-balkone-300x199.jpg\" class=\"attachment-medium size-medium\" alt=\"Balkon, Zaun, Terrassen\u00fcberdachung planen - Beratungsgespr\u00e4ch mit dem Balkonprofi von Leeb Balkone (Planungsservice)\" title=\"\" loading=\"lazy\" srcset=\"https:\/\/www.leeb-balkone.com\/app\/uploads\/2021\/01\/perfekter-planungsservice-leeb-balkone-300x199.jpg 300w, https:\/\/www.leeb-balkone.com\/app\/uploads\/2021\/01\/perfekter-planungsservice-leeb-balkone-1024x680.jpg 1024w, https:\/\/www.leeb-balkone.com\/app\/uploads\/2021\/01\/perfekter-planungsservice-leeb-balkone-768x510.jpg 768w, https:\/\/www.leeb-balkone.com\/app\/uploads\/2021\/01\/perfekter-planungsservice-leeb-balkone-1536x1020.jpg 1536w, https:\/\/www.leeb-balkone.com\/app\/uploads\/2021\/01\/perfekter-planungsservice-leeb-balkone-2048x1360.jpg 2048w\" sizes=\"auto, (min-width: 1200px) 260px, (min-width: 1024px) 220px, (min-width: 640px) 465px, 768px\" \/>      <\/a>\n    <\/figure>\n  \n  <div class=\"wp-block-group m-card-content is-vertical is-layout-flex wp-block-group-is-layout-flex\">\n            <h3 class=\"wp-block-heading\">\n          <a href=\"https:\/\/www.leeb-balkone.com\/de\/service\/planungsservice\/\" class=\"no-default-link\" >Balkon, Zaun, \u00dcberdachung perfekt geplant mit Leeb-Kundenberater<\/a>\n        <\/h3>\n        <p>Ihr pers\u00f6nlicher Leeb-Berater hilft Ihnen kompetent vor Ort bei der Planung von Balkon, Zaun und \u00dcberdachung!<\/p>\n          <a href=\"https:\/\/www.leeb-balkone.com\/de\/service\/planungsservice\/\" class=\"more\">Beratung und Planung<\/a>\n      <\/div>\n<\/div>\n\n\n          <div class=\"wp-block-group m-card is-layout-flow wp-block-group-is-layout-flow\">\n      <figure data-imgid=\"8109\" class=\"wp-block-image size-large\">\n      <a href=\"https:\/\/www.leeb-balkone.com\/de\/service\/3d-konfigurator\/\"  class=\"no-default-link\">\n        <img decoding=\"async\" width=\"300\" height=\"225\" src=\"https:\/\/www.leeb-balkone.com\/app\/uploads\/2020\/07\/vorstellbalkon-mit-stuetzen-24-300x225.jpg\" class=\"attachment-medium size-medium\" alt=\"Doppelhaush\u00e4lfte mit Alu-Vorstellbalkon\" title=\"\" loading=\"lazy\" srcset=\"https:\/\/www.leeb-balkone.com\/app\/uploads\/2020\/07\/vorstellbalkon-mit-stuetzen-24-300x225.jpg 300w, https:\/\/www.leeb-balkone.com\/app\/uploads\/2020\/07\/vorstellbalkon-mit-stuetzen-24-1024x768.jpg 1024w, https:\/\/www.leeb-balkone.com\/app\/uploads\/2020\/07\/vorstellbalkon-mit-stuetzen-24-768x576.jpg 768w, https:\/\/www.leeb-balkone.com\/app\/uploads\/2020\/07\/vorstellbalkon-mit-stuetzen-24-1536x1153.jpg 1536w, https:\/\/www.leeb-balkone.com\/app\/uploads\/2020\/07\/vorstellbalkon-mit-stuetzen-24-2048x1537.jpg 2048w\" sizes=\"auto, (min-width: 1200px) 260px, (min-width: 1024px) 220px, (min-width: 640px) 465px, 768px\" \/>      <\/a>\n    <\/figure>\n  \n  <div class=\"wp-block-group m-card-content is-vertical is-layout-flex wp-block-group-is-layout-flex\">\n            <h3 class=\"wp-block-heading\">\n          <a href=\"https:\/\/www.leeb-balkone.com\/de\/service\/3d-konfigurator\/\" class=\"no-default-link\" >Balkon, Zaun, \u00dcberdachung \u2013 Vorschau mit Fotomontage<\/a>\n        <\/h3>\n        <p>Der Leeb-3D-Konfigurator l\u00e4sst Sie Balkon-, Zaun- und \u00dcberdachungsmodelle digital an Ihrem Haus ausprobieren!<\/p>\n          <a href=\"https:\/\/www.leeb-balkone.com\/de\/service\/3d-konfigurator\/\" class=\"more\">Vorschau und Konfigurator<\/a>\n      <\/div>\n<\/div>\n\n\n          <div class=\"wp-block-group m-card is-layout-flow wp-block-group-is-layout-flow\">\n      <figure data-imgid=\"9689\" class=\"wp-block-image size-large\">\n      <a href=\"https:\/\/www.leeb-balkone.com\/de\/ueber-leeb\/zertifizierte-qualitaet\/\"  class=\"no-default-link\">\n        <img decoding=\"async\" width=\"300\" height=\"225\" src=\"https:\/\/www.leeb-balkone.com\/app\/uploads\/2020\/10\/leeb-balkone-mitarbeiter-13-300x225.jpg\" class=\"attachment-medium size-medium\" alt=\"Leeb Mitarbeiter\" title=\"\" loading=\"lazy\" srcset=\"https:\/\/www.leeb-balkone.com\/app\/uploads\/2020\/10\/leeb-balkone-mitarbeiter-13-300x225.jpg 300w, https:\/\/www.leeb-balkone.com\/app\/uploads\/2020\/10\/leeb-balkone-mitarbeiter-13-1024x767.jpg 1024w, https:\/\/www.leeb-balkone.com\/app\/uploads\/2020\/10\/leeb-balkone-mitarbeiter-13-768x575.jpg 768w, https:\/\/www.leeb-balkone.com\/app\/uploads\/2020\/10\/leeb-balkone-mitarbeiter-13-1536x1151.jpg 1536w, https:\/\/www.leeb-balkone.com\/app\/uploads\/2020\/10\/leeb-balkone-mitarbeiter-13-2048x1535.jpg 2048w\" sizes=\"auto, (min-width: 1200px) 260px, (min-width: 1024px) 220px, (min-width: 640px) 465px, 768px\" \/>      <\/a>\n    <\/figure>\n  \n  <div class=\"wp-block-group m-card-content is-vertical is-layout-flex wp-block-group-is-layout-flex\">\n            <h3 class=\"wp-block-heading\">\n          <a href=\"https:\/\/www.leeb-balkone.com\/de\/ueber-leeb\/zertifizierte-qualitaet\/\" class=\"no-default-link\" >Balkon, Zaun, \u00dcberdachung in zertifizierter Qualit\u00e4t<\/a>\n        <\/h3>\n        <p>Hochmoderne Produktionsprozesse und h\u00f6chste Standards sorgen f\u00fcr Sicherheit und Zufriedenheit!<\/p>\n          <a href=\"https:\/\/www.leeb-balkone.com\/de\/ueber-leeb\/zertifizierte-qualitaet\/\" class=\"more\">Qualit\u00e4t und Sicherheit<\/a>\n      <\/div>\n<\/div>\n\n\n          <div class=\"wp-block-group m-card is-layout-flow wp-block-group-is-layout-flow\">\n      <figure data-imgid=\"6083\" class=\"wp-block-image size-large\">\n      <a href=\"https:\/\/www.leeb-balkone.com\/de\/service\/balkonsanierung\/\"  class=\"no-default-link\">\n        <img decoding=\"async\" width=\"300\" height=\"225\" src=\"https:\/\/www.leeb-balkone.com\/app\/uploads\/2020\/08\/leeb-balkone-mitarbeiter-4-300x225.jpeg\" class=\"attachment-medium size-medium\" alt=\"Montieren eines Leeb Alu-Balkongel\u00e4nders nach Ma\u00df\" title=\"\" loading=\"lazy\" srcset=\"https:\/\/www.leeb-balkone.com\/app\/uploads\/2020\/08\/leeb-balkone-mitarbeiter-4-300x225.jpeg 300w, https:\/\/www.leeb-balkone.com\/app\/uploads\/2020\/08\/leeb-balkone-mitarbeiter-4-2048x1535.jpeg 2048w, https:\/\/www.leeb-balkone.com\/app\/uploads\/2020\/08\/leeb-balkone-mitarbeiter-4-768x575.jpeg 768w, https:\/\/www.leeb-balkone.com\/app\/uploads\/2020\/08\/leeb-balkone-mitarbeiter-4-1024x767.jpeg 1024w, https:\/\/www.leeb-balkone.com\/app\/uploads\/2020\/08\/leeb-balkone-mitarbeiter-4-1536x1151.jpeg 1536w\" sizes=\"auto, (min-width: 1200px) 260px, (min-width: 1024px) 220px, (min-width: 640px) 465px, 768px\" \/>      <\/a>\n    <\/figure>\n  \n  <div class=\"wp-block-group m-card-content is-vertical is-layout-flex wp-block-group-is-layout-flex\">\n            <h3 class=\"wp-block-heading\">\n          <a href=\"https:\/\/www.leeb-balkone.com\/de\/service\/balkonsanierung\/\" class=\"no-default-link\" >Balkon und Terrasse jetzt sanieren und modernisieren<\/a>\n        <\/h3>\n        <p>Nie wieder streichen: Wir  sanieren Balkon und Terrasse \u2013 jetzt f\u00fcr professionelle Sanierung anfragen!<\/p>\n          <a href=\"https:\/\/www.leeb-balkone.com\/de\/service\/balkonsanierung\/\" class=\"more\">Renovierung und Sanierung<\/a>\n      <\/div>\n<\/div>\n\n\n          <div class=\"wp-block-group m-card is-layout-flow wp-block-group-is-layout-flow\">\n      <figure data-imgid=\"8907\" class=\"wp-block-image size-large\">\n      <a href=\"https:\/\/www.leeb-balkone.com\/de\/kontakt\/katalog-anfordern\/\"  class=\"no-default-link\">\n        <img decoding=\"async\" width=\"300\" height=\"208\" src=\"https:\/\/www.leeb-balkone.com\/app\/uploads\/2020\/10\/katalog-alubalkone-300x208.jpg\" class=\"attachment-medium size-medium\" alt=\"katalog alubalkone\" title=\"\" loading=\"lazy\" srcset=\"https:\/\/www.leeb-balkone.com\/app\/uploads\/2020\/10\/katalog-alubalkone-300x208.jpg 300w, https:\/\/www.leeb-balkone.com\/app\/uploads\/2020\/10\/katalog-alubalkone-768x533.jpg 768w, https:\/\/www.leeb-balkone.com\/app\/uploads\/2020\/10\/katalog-alubalkone.jpg 950w\" sizes=\"auto, (min-width: 1200px) 260px, (min-width: 1024px) 220px, (min-width: 640px) 465px, 768px\" \/>      <\/a>\n    <\/figure>\n  \n  <div class=\"wp-block-group m-card-content is-vertical is-layout-flex wp-block-group-is-layout-flex\">\n            <h3 class=\"wp-block-heading\">\n          <a href=\"https:\/\/www.leeb-balkone.com\/de\/kontakt\/katalog-anfordern\/\" class=\"no-default-link\" >Balkon, Zaun, \u00dcberdachung im Leeb-Katalog ansehen<\/a>\n        <\/h3>\n        <p>Unsere wertigen Kataloge werden Ihnen kostenlos zugesandt, der Newsletter informiert \u00fcber Aktuelles!<\/p>\n          <a href=\"https:\/\/www.leeb-balkone.com\/de\/kontakt\/katalog-anfordern\/\" class=\"more\">Katalog und Newsletter<\/a>\n      <\/div>\n<\/div>\n\n\n          <div class=\"wp-block-group m-card is-layout-flow wp-block-group-is-layout-flow\">\n      <figure data-imgid=\"9695\" class=\"wp-block-image size-large\">\n      <a href=\"https:\/\/www.leeb-balkone.com\/de\/karriere-bei-leeb\/\"  class=\"no-default-link\">\n        <img decoding=\"async\" width=\"300\" height=\"225\" src=\"https:\/\/www.leeb-balkone.com\/app\/uploads\/2020\/10\/leeb-balkone-mitarbeiter-16-300x225.jpg\" class=\"attachment-medium size-medium\" alt=\"Ausgezeichnete Leeb-Lehrlinge\" title=\"\" loading=\"lazy\" srcset=\"https:\/\/www.leeb-balkone.com\/app\/uploads\/2020\/10\/leeb-balkone-mitarbeiter-16-300x225.jpg 300w, https:\/\/www.leeb-balkone.com\/app\/uploads\/2020\/10\/leeb-balkone-mitarbeiter-16-1024x767.jpg 1024w, https:\/\/www.leeb-balkone.com\/app\/uploads\/2020\/10\/leeb-balkone-mitarbeiter-16-768x575.jpg 768w, https:\/\/www.leeb-balkone.com\/app\/uploads\/2020\/10\/leeb-balkone-mitarbeiter-16-1536x1151.jpg 1536w, https:\/\/www.leeb-balkone.com\/app\/uploads\/2020\/10\/leeb-balkone-mitarbeiter-16-2048x1535.jpg 2048w\" sizes=\"auto, (min-width: 1200px) 260px, (min-width: 1024px) 220px, (min-width: 640px) 465px, 768px\" \/>      <\/a>\n    <\/figure>\n  \n  <div class=\"wp-block-group m-card-content is-vertical is-layout-flex wp-block-group-is-layout-flex\">\n            <h3 class=\"wp-block-heading\">\n          <a href=\"https:\/\/www.leeb-balkone.com\/de\/karriere-bei-leeb\/\" class=\"no-default-link\" >Erleeb\u2018 deine Karriere \u2013 beste Aussichten bei Leeb Balkone!<\/a>\n        <\/h3>\n        <p>Zukunftssichere Jobs mit Aufstiegschancen \u2013 werfen Sie einen Blick hinter die Kulissen von Europas Nr. 1!<\/p>\n          <a href=\"https:\/\/www.leeb-balkone.com\/de\/karriere-bei-leeb\/\" class=\"more\">Karriere und Zukunft<\/a>\n      <\/div>\n<\/div>\n\n\n      <\/div>\n\n\n<\/div><\/div><\/div><\/div>\n\n\n\n<div class=\"wp-block-cgb-t3-container-block none\" style=\"background-color:none\"><div class=\"grid-container\"><div class=\"grid-x\"><div class=\"cell small-12 medium-0 large-0 b-has-pt\"><div class=\"u-grid-temp has-2-cols u-md-2 u-sm-1 is-style-transparent-cards offset wp-block-group is-layout-grid wp-block-group-is-layout-grid\">\n\n\n  \n\n            <div class=\"wp-block-group m-card is-layout-flow wp-block-group-is-layout-flow\">\n      <figure data-imgid=\"1224\" class=\"wp-block-image size-large\">\n      <a href=\"https:\/\/www.leeb-balkone.com\/de\/technik\/alu-comfort-plus\/\" class=\"no-default-link\">\n        <img decoding=\"async\" width=\"768\" height=\"499\" src=\"https:\/\/www.leeb-balkone.com\/app\/uploads\/2020\/04\/shutterstock_4878571_red-768x499.jpg\" class=\"attachment-medium_large size-medium_large\" alt=\"Alu Comfort Plus - Patentierte Pulverbeschichtung mit Lotus Effekt von Leeb Balkone\" title=\"Alu Comfort Plus\u00ae\" loading=\"lazy\" srcset=\"https:\/\/www.leeb-balkone.com\/app\/uploads\/2020\/04\/shutterstock_4878571_red-768x499.jpg 768w, https:\/\/www.leeb-balkone.com\/app\/uploads\/2020\/04\/shutterstock_4878571_red-300x195.jpg 300w, https:\/\/www.leeb-balkone.com\/app\/uploads\/2020\/04\/shutterstock_4878571_red-1024x665.jpg 1024w, https:\/\/www.leeb-balkone.com\/app\/uploads\/2020\/04\/shutterstock_4878571_red-1536x997.jpg 1536w, https:\/\/www.leeb-balkone.com\/app\/uploads\/2020\/04\/shutterstock_4878571_red-2048x1330.jpg 2048w\" sizes=\"auto, (min-width: 1200px) 360px, (min-width: 1024px) 300px, (min-width: 640px) 768px, 768px\" \/>      <\/a>\n    <\/figure>\n  \n  <div class=\"wp-block-group m-card-content is-vertical is-layout-flex wp-block-group-is-layout-flex\">\n            <h3 class=\"wp-block-heading\">\n          <a href=\"https:\/\/www.leeb-balkone.com\/de\/technik\/alu-comfort-plus\/\" class=\"no-default-link\">Alu Comfort Plus\u00ae<\/a>\n        <\/h3>\n        <p>Die einzigartige und patentierte ALU COMFORT PLUS\u00ae-Oberfl\u00e4che mit hocheffektivem Lotuseffekt ist die Essenz st\u00e4ndiger Innovationen.<\/p>\n          <a href=\"https:\/\/www.leeb-balkone.com\/de\/technik\/alu-comfort-plus\/\" class=\"more\">mehr erfahren<\/a>\n      <\/div>\n<\/div>\n\n          <div class=\"wp-block-group m-card is-layout-flow wp-block-group-is-layout-flow\">\n      <figure data-imgid=\"134740\" class=\"wp-block-image size-large\">\n      <a href=\"https:\/\/www.leeb-balkone.com\/de\/ueber-leeb\/zertifizierte-qualitaet\/\" class=\"no-default-link\">\n        <img decoding=\"async\" width=\"768\" height=\"576\" src=\"https:\/\/www.leeb-balkone.com\/app\/uploads\/2024\/01\/Austria-Guetezeichen-768x576.jpg\" class=\"attachment-medium_large size-medium_large\" alt=\"Austria Guetezeichen\" title=\"Zertifizierte Qualit\u00e4t\" loading=\"lazy\" srcset=\"https:\/\/www.leeb-balkone.com\/app\/uploads\/2024\/01\/Austria-Guetezeichen-768x576.jpg 768w, https:\/\/www.leeb-balkone.com\/app\/uploads\/2024\/01\/Austria-Guetezeichen-300x225.jpg 300w, https:\/\/www.leeb-balkone.com\/app\/uploads\/2024\/01\/Austria-Guetezeichen-1024x767.jpg 1024w, https:\/\/www.leeb-balkone.com\/app\/uploads\/2024\/01\/Austria-Guetezeichen-1536x1151.jpg 1536w, https:\/\/www.leeb-balkone.com\/app\/uploads\/2024\/01\/Austria-Guetezeichen.jpg 2000w\" sizes=\"auto, (min-width: 1200px) 360px, (min-width: 1024px) 300px, (min-width: 640px) 768px, 768px\" \/>      <\/a>\n    <\/figure>\n  \n  <div class=\"wp-block-group m-card-content is-vertical is-layout-flex wp-block-group-is-layout-flex\">\n            <h3 class=\"wp-block-heading\">\n          <a href=\"https:\/\/www.leeb-balkone.com\/de\/ueber-leeb\/zertifizierte-qualitaet\/\" class=\"no-default-link\">Zertifizierte Qualit\u00e4t<\/a>\n        <\/h3>\n        <p>Stetige Weiterentwicklung unserer Arbeitsprozesse und Produkte zeichnen die Qualit\u00e4t von Leeb aus. \u00dcberzeugen Sie sich selbst \u2013 mit uns investieren Sie in eine sichere Zukunft!<\/p>\n          <a href=\"https:\/\/www.leeb-balkone.com\/de\/ueber-leeb\/zertifizierte-qualitaet\/\" class=\"more\">mehr erfahren<\/a>\n      <\/div>\n<\/div>\n\n          <div class=\"wp-block-group m-card is-layout-flow wp-block-group-is-layout-flow\">\n      <figure data-imgid=\"22532\" class=\"wp-block-image size-large\">\n      <a href=\"https:\/\/www.leeb-balkone.com\/de\/service\/planungsservice\/\" class=\"no-default-link\">\n        <img decoding=\"async\" width=\"768\" height=\"510\" src=\"https:\/\/www.leeb-balkone.com\/app\/uploads\/2021\/01\/perfekter-planungsservice-leeb-balkone-768x510.jpg\" class=\"attachment-medium_large size-medium_large\" alt=\"Balkon, Zaun, Terrassen\u00fcberdachung planen - Beratungsgespr\u00e4ch mit dem Balkonprofi von Leeb Balkone (Planungsservice)\" title=\"Planungsservice\" loading=\"lazy\" srcset=\"https:\/\/www.leeb-balkone.com\/app\/uploads\/2021\/01\/perfekter-planungsservice-leeb-balkone-768x510.jpg 768w, https:\/\/www.leeb-balkone.com\/app\/uploads\/2021\/01\/perfekter-planungsservice-leeb-balkone-300x199.jpg 300w, https:\/\/www.leeb-balkone.com\/app\/uploads\/2021\/01\/perfekter-planungsservice-leeb-balkone-1024x680.jpg 1024w, https:\/\/www.leeb-balkone.com\/app\/uploads\/2021\/01\/perfekter-planungsservice-leeb-balkone-1536x1020.jpg 1536w, https:\/\/www.leeb-balkone.com\/app\/uploads\/2021\/01\/perfekter-planungsservice-leeb-balkone-2048x1360.jpg 2048w\" sizes=\"auto, (min-width: 1200px) 360px, (min-width: 1024px) 300px, (min-width: 640px) 768px, 768px\" \/>      <\/a>\n    <\/figure>\n  \n  <div class=\"wp-block-group m-card-content is-vertical is-layout-flex wp-block-group-is-layout-flex\">\n            <h3 class=\"wp-block-heading\">\n          <a href=\"https:\/\/www.leeb-balkone.com\/de\/service\/planungsservice\/\" class=\"no-default-link\">Planungsservice<\/a>\n        <\/h3>\n        <p>Ihr pers\u00f6nlicher Leeb-Berater in Ihrer N\u00e4he unterst\u00fctzt Sie dabei, den richtigen Balkon, Zaun oder die richtige \u00dcberdachung auszuw\u00e4hlen \u2013 passgenau von der Planung bis zur Montage.<\/p>\n          <a href=\"https:\/\/www.leeb-balkone.com\/de\/service\/planungsservice\/\" class=\"more\">mehr erfahren<\/a>\n      <\/div>\n<\/div>\n\n          <div class=\"wp-block-group m-card is-layout-flow wp-block-group-is-layout-flow\">\n      <figure data-imgid=\"44735\" class=\"wp-block-image size-large\">\n      <a href=\"https:\/\/www.leeb-balkone.com\/de\/vertriebspartner\/\" class=\"no-default-link\">\n        <img decoding=\"async\" width=\"768\" height=\"453\" src=\"https:\/\/www.leeb-balkone.com\/app\/uploads\/2020\/12\/firma-leeb-balkone-zentrale-gnesau-scaled-e1624345570124-768x453.jpg\" class=\"attachment-medium_large size-medium_large\" alt=\"Firmenzentrale Leeb Balkone GmbH in Gnesau\" title=\"Leeb-Standorte\" loading=\"lazy\" srcset=\"https:\/\/www.leeb-balkone.com\/app\/uploads\/2020\/12\/firma-leeb-balkone-zentrale-gnesau-scaled-e1624345570124-768x453.jpg 768w, https:\/\/www.leeb-balkone.com\/app\/uploads\/2020\/12\/firma-leeb-balkone-zentrale-gnesau-scaled-e1624345570124-300x177.jpg 300w, https:\/\/www.leeb-balkone.com\/app\/uploads\/2020\/12\/firma-leeb-balkone-zentrale-gnesau-scaled-e1624345570124-1024x604.jpg 1024w, https:\/\/www.leeb-balkone.com\/app\/uploads\/2020\/12\/firma-leeb-balkone-zentrale-gnesau-scaled-e1624345570124-1536x906.jpg 1536w, https:\/\/www.leeb-balkone.com\/app\/uploads\/2020\/12\/firma-leeb-balkone-zentrale-gnesau-scaled-e1624345570124-2048x1208.jpg 2048w\" sizes=\"auto, (min-width: 1200px) 360px, (min-width: 1024px) 300px, (min-width: 640px) 768px, 768px\" \/>      <\/a>\n    <\/figure>\n  \n  <div class=\"wp-block-group m-card-content is-vertical is-layout-flex wp-block-group-is-layout-flex\">\n            <h3 class=\"wp-block-heading\">\n          <a href=\"https:\/\/www.leeb-balkone.com\/de\/vertriebspartner\/\" class=\"no-default-link\">Leeb-Standorte<\/a>\n        <\/h3>\n        <p>Unser Vertriebsnetz umfasst rund 100 Leeb-Partner in \u00d6sterreich, Deutschland, Italien, der Schweiz, der Slowakei und Slowenien. Ein Leeb-Partner ist immer in Ihrer N\u00e4he!<\/p>\n          <a href=\"https:\/\/www.leeb-balkone.com\/de\/vertriebspartner\/\" class=\"more\">Vertriebspartner finden<\/a>\n      <\/div>\n<\/div>\n\n      \n<\/div>\n<\/div><\/div><\/div><\/div>\n<\/section>\n\n\n\n<section class=\"wp-block-group alignfull has-white-background-color has-background has-global-padding is-layout-constrained wp-container-core-group-is-layout-9fa1424c wp-block-group-is-layout-constrained\" style=\"padding-top:0\">\n<div class=\"wp-block-columns is-style-offset m-split is-layout-flex wp-container-core-columns-is-layout-28f84493 wp-block-columns-is-layout-flex\">\n<div class=\"wp-block-column is-layout-flow wp-block-column-is-layout-flow\"><div class=\"vp-map-wrapper vp-map-ratio-19-1\"><img decoding=\"async\" width=\"2000\" height=\"1041\" src=\"https:\/\/www.leeb-balkone.com\/app\/uploads\/2026\/03\/map-de.jpg\" class=\"attachment-full size-full\" alt=\"Deutsche Map: Vertriebspartner (orange Pins) und Schaur\u00e4ume \/ Standorte (gr\u00fcne Pins) der Leeb Balkone GmbH in Deutschland\" style=\"width:100%;height:100%;object-fit:cover;display:block;\" loading=\"lazy\" srcset=\"https:\/\/www.leeb-balkone.com\/app\/uploads\/2026\/03\/map-de.jpg 2000w, https:\/\/www.leeb-balkone.com\/app\/uploads\/2026\/03\/map-de-300x156.jpg 300w, https:\/\/www.leeb-balkone.com\/app\/uploads\/2026\/03\/map-de-1024x533.jpg 1024w, https:\/\/www.leeb-balkone.com\/app\/uploads\/2026\/03\/map-de-768x400.jpg 768w, https:\/\/www.leeb-balkone.com\/app\/uploads\/2026\/03\/map-de-1536x799.jpg 1536w\" sizes=\"auto, (min-width: 1536px) 2048px, (min-width: 992px) 1536px, (min-width: 768px) 1024px, (min-width: 576px) 768px, 100vw\" \/><\/div>\n<\/div>\n\n\n\n<div class=\"wp-block-column is-vertically-aligned-center is-style-overlay-content is-layout-flow wp-block-column-is-layout-flow\">\n<div class=\"wp-block-group is-vertical is-layout-flex wp-container-core-group-is-layout-bd7877ba wp-block-group-is-layout-flex\">\n<h2 class=\"wp-block-heading has-step-2-font-size\">Vertriebspartner Deutschland<\/h2>\n\n\n\n<p>Kompetente LEEB Partner in Ihrer Region. Pers\u00f6nliche Beratung, pr\u00e4zise Planung und fachgerechte Montage \u2013 bundesweit.<\/p>\n\n\n\n<div class=\"wp-block-buttons is-layout-flex wp-block-buttons-is-layout-flex\" style=\"margin-top:var(--wp--preset--spacing--2-xs)\">\n<div class=\"wp-block-button is-style-cta\"><a class=\"wp-block-button__link has-transparent-background-color has-background wp-element-button\" href=\"https:\/\/www.leeb-balkone.com\/de\/vertriebspartner\/\">Vertriebspartner finden<span class=\"sr-only\"> Vertriebspartner Leeb Balkone Deutschland<\/span><\/a><\/div>\n<\/div>\n<\/div>\n<\/div>\n<\/div>\n<\/section>\n\n\n\n<section class=\"wp-block-group alignfull has-light-gray-background-color has-background has-global-padding is-layout-constrained wp-container-core-group-is-layout-52f96efc wp-block-group-is-layout-constrained\" id=\"beratungstermin\">\n<div class=\"wp-block-group m-teaser o-grid u-md-1 is-layout-flow wp-block-group-is-layout-flow\">\n<div class=\"wp-block-group u-g-7 u-g-s-2 is-layout-flow wp-block-group-is-layout-flow\" style=\"margin-bottom:var(--wp--preset--spacing--s)\">\n<h2 class=\"wp-block-heading\">Kontaktieren Sie uns<\/h2>\n\n\n\n<p><strong><strong>Sie planen ein Projekt oder haben Fragen zu uns und unseren L\u00f6sungen? Schreiben Sie uns einfach &#8211; wir nehmen uns gerne Zeit f\u00fcr Ihr Anliegen!<\/strong><\/strong><\/p>\n<\/div>\n<\/div>\n\n\n\n<div class=\"wp-block-group m-teaser o-grid u-md-1 is-layout-flow wp-block-group-is-layout-flow\">\n<div class=\"wp-block-group u-g-7 u-g-s-2 is-layout-flow wp-block-group-is-layout-flow\" style=\"margin-bottom:var(--wp--preset--spacing--s)\"><form action=\"https:\/\/www.leeb-balkone.com\/de\/wp-json\/ws-form\/v1\/submit\" class=\"wsf-form wsf-form-canvas\" id=\"ws-form-1\" data-id=\"4\" data-instance-id=\"1\" method=\"POST\"><\/form>\n<\/div>\n\n\n\n<div class=\"wp-block-group u-g-3 u-g-s-9 is-layout-flow wp-block-group-is-layout-flow\"><div class=\"t3-sidebar-buttons wp-block-buttons is-layout-flex wp-block-buttons-is-layout-flex\"><div class=\"wp-block-button is-style-fill icon-book icon-left\">\n                        <a class=\"wp-block-button__link has-secondary-color has-white-background-color has-text-color has-background has-link-color wp-element-button\" href=\"https:\/\/www.leeb-balkone.com\/de\/kontakt\/katalog-anfordern\/\" style=\"box-shadow:var(--wp--preset--shadow--box-shadow)\">Katalog anfordern<\/a>\n                    <\/div><div class=\"wp-block-button is-style-fill icon-phone-new icon-left\">\n                        <a class=\"wp-block-button__link has-secondary-color has-white-background-color has-text-color has-background has-link-color wp-element-button\" href=\"tel:08001801003\">Hotline Deutschland <span class=\"sr-only\">Hotline: 0800 1801003 (Deutschlandweit kostenlos)<\/span><\/a>\n                    <\/div><\/div>\n<\/div>\n<\/div>\n<\/section>\n","protected":false},"excerpt":{"rendered":"","protected":false},"author":12,"featured_media":0,"parent":0,"menu_order":105,"comment_status":"closed","ping_status":"closed","template":"template-onepager.blade.php","meta":{"_acf_changed":false,"footnotes":"","_sage_theme_css":true,"_wp_block_core_css":true},"folder":[268],"class_list":["post-111682","page","type-page","status-publish","hentry"],"acf":[],"yoast_head":"<!-- This site is optimized with the Yoast SEO plugin v27.2 - https:\/\/yoast.com\/product\/yoast-seo-wordpress\/ -->\n<title>Balkone und Z\u00e4une von Europas Nr. 1 - Leeb Balkone Deutschland<\/title>\n<meta name=\"description\" content=\"Balkongel\u00e4nder &amp; Balkonbau \u2713 Balkone, Gel\u00e4nder &amp; Z\u00e4une aus Holz, Alu, Edelstahl \u2713 \u00dcber 200 Modelle f\u00fcr Balkon &amp; Zaun, Sichtschutz von Leeb Balkone.\" \/>\n<meta name=\"robots\" content=\"index, follow, max-snippet:-1, max-image-preview:large, max-video-preview:-1\" \/>\n<meta property=\"og:locale\" content=\"de_DE\" \/>\n<meta property=\"og:type\" content=\"article\" \/>\n<meta property=\"og:title\" content=\"Balkone und Z\u00e4une von Europas Nr. 1 - Leeb Balkone\" \/>\n<meta property=\"og:description\" content=\"Balkongel\u00e4nder &amp; Balkonbau \u2713 Balkone, Gel\u00e4nder &amp; Z\u00e4une aus Holz, Alu, Edelstahl \u2713 \u00dcber 200 Modelle f\u00fcr Balkon &amp; Zaun, Sichtschutz von Leeb Balkone.\" \/>\n<meta property=\"og:url\" content=\"https:\/\/www.leeb-balkone.com\/de\/\" \/>\n<meta property=\"og:site_name\" content=\"Leeb Balkone\" \/>\n<meta property=\"article:publisher\" content=\"https:\/\/www.facebook.com\/balkone\/\" \/>\n<meta property=\"article:modified_time\" content=\"2026-04-13T14:30:57+00:00\" \/>\n<meta property=\"og:image\" content=\"https:\/\/staging-v2.t3-theme.com\/app\/uploads\/2021\/10\/balkongelaender-alu-glas-von-leeb-balkone-1024x705.jpeg\" \/>\n<meta name=\"twitter:card\" content=\"summary_large_image\" \/>\n<script type=\"application\/ld+json\" class=\"yoast-schema-graph\">{\"@context\":\"https:\/\/schema.org\",\"@graph\":[{\"@type\":\"WebPage\",\"@id\":\"https:\/\/www.leeb-balkone.com\/de\/\",\"url\":\"https:\/\/www.leeb-balkone.com\/de\/\",\"name\":\"Balkone und Z\u00e4une von Europas Nr. 1 - Leeb Balkone\",\"isPartOf\":{\"@id\":\"https:\/\/www.leeb-balkone.com\/de\/#website\"},\"primaryImageOfPage\":{\"@id\":\"https:\/\/www.leeb-balkone.com\/de\/#primaryimage\"},\"image\":{\"@id\":\"https:\/\/www.leeb-balkone.com\/de\/#primaryimage\"},\"thumbnailUrl\":\"https:\/\/staging-v2.t3-theme.com\/app\/uploads\/2021\/10\/balkongelaender-alu-glas-von-leeb-balkone-1024x705.jpeg\",\"datePublished\":\"2023-01-15T23:03:30+00:00\",\"dateModified\":\"2026-04-13T14:30:57+00:00\",\"description\":\"Balkongel\u00e4nder & Balkonbau \u2713 Balkone, Gel\u00e4nder & Z\u00e4une aus Holz, Alu, Edelstahl \u2713 \u00dcber 200 Modelle f\u00fcr Balkon & Zaun, Sichtschutz von Leeb Balkone.\",\"breadcrumb\":{\"@id\":\"https:\/\/www.leeb-balkone.com\/de\/#breadcrumb\"},\"inLanguage\":\"de\",\"potentialAction\":[{\"@type\":\"ReadAction\",\"target\":[\"https:\/\/www.leeb-balkone.com\/de\/\"]}]},{\"@type\":\"ImageObject\",\"inLanguage\":\"de\",\"@id\":\"https:\/\/www.leeb-balkone.com\/de\/#primaryimage\",\"url\":\"https:\/\/staging-v2.t3-theme.com\/app\/uploads\/2021\/10\/balkongelaender-alu-glas-von-leeb-balkone-1024x705.jpeg\",\"contentUrl\":\"https:\/\/staging-v2.t3-theme.com\/app\/uploads\/2021\/10\/balkongelaender-alu-glas-von-leeb-balkone-1024x705.jpeg\"},{\"@type\":\"BreadcrumbList\",\"@id\":\"https:\/\/www.leeb-balkone.com\/de\/#breadcrumb\",\"itemListElement\":[{\"@type\":\"ListItem\",\"position\":1,\"name\":\"Home\",\"item\":\"https:\/\/www.leeb-balkone.com\/de\/\"},{\"@type\":\"ListItem\",\"position\":2,\"name\":\"Startseite NEU\"}]},{\"@type\":\"WebSite\",\"@id\":\"https:\/\/www.leeb-balkone.com\/de\/#website\",\"url\":\"https:\/\/www.leeb-balkone.com\/de\/\",\"name\":\"Leeb Balkone\",\"description\":\"Balkone und Z\u00e4une\",\"publisher\":{\"@id\":\"https:\/\/www.leeb-balkone.com\/de\/#organization\"},\"potentialAction\":[{\"@type\":\"SearchAction\",\"target\":{\"@type\":\"EntryPoint\",\"urlTemplate\":\"https:\/\/www.leeb-balkone.com\/de\/?s={search_term_string}\"},\"query-input\":{\"@type\":\"PropertyValueSpecification\",\"valueRequired\":true,\"valueName\":\"search_term_string\"}}],\"inLanguage\":\"de\"},{\"@type\":\"Organization\",\"@id\":\"https:\/\/www.leeb-balkone.com\/de\/#organization\",\"name\":\"Leeb Balkone Gmbh\",\"url\":\"https:\/\/www.leeb-balkone.com\/de\/\",\"logo\":{\"@type\":\"ImageObject\",\"inLanguage\":\"de\",\"@id\":\"https:\/\/www.leeb-balkone.com\/de\/#\/schema\/logo\/image\/\",\"url\":\"https:\/\/www.leeb-balkone.com\/app\/uploads\/2020\/11\/leeb-logo.svg\",\"contentUrl\":\"https:\/\/www.leeb-balkone.com\/app\/uploads\/2020\/11\/leeb-logo.svg\",\"width\":741,\"height\":204,\"caption\":\"Leeb Balkone Gmbh\"},\"image\":{\"@id\":\"https:\/\/www.leeb-balkone.com\/de\/#\/schema\/logo\/image\/\"},\"sameAs\":[\"https:\/\/www.facebook.com\/balkone\/\",\"https:\/\/www.trustedshops.at\/bewertung\/info_X4587CCF5833E31AFE0B11F47D86999F2.html\",\"https:\/\/www.trustedshops.de\/bewertung\/info_X7BA536A7A0BDC86D36C4718E4DCAEEEF.html\",\"https:\/\/www.google.com\/maps\/place\/?q=place_id:ChIJ5-zH19-IcEcR9HonWRTllHI\"]}]}<\/script>\n<!-- \/ Yoast SEO plugin. -->","yoast_head_json":{"title":"Balkone und Z\u00e4une von Europas Nr. 1 - Leeb Balkone Deutschland","description":"Balkongel\u00e4nder & Balkonbau \u2713 Balkone, Gel\u00e4nder & Z\u00e4une aus Holz, Alu, Edelstahl \u2713 \u00dcber 200 Modelle f\u00fcr Balkon & Zaun, Sichtschutz von Leeb Balkone.","robots":{"index":"index","follow":"follow","max-snippet":"max-snippet:-1","max-image-preview":"max-image-preview:large","max-video-preview":"max-video-preview:-1"},"og_locale":"de_DE","og_type":"article","og_title":"Balkone und Z\u00e4une von Europas Nr. 1 - Leeb Balkone","og_description":"Balkongel\u00e4nder & Balkonbau \u2713 Balkone, Gel\u00e4nder & Z\u00e4une aus Holz, Alu, Edelstahl \u2713 \u00dcber 200 Modelle f\u00fcr Balkon & Zaun, Sichtschutz von Leeb Balkone.","og_url":"https:\/\/www.leeb-balkone.com\/de\/","og_site_name":"Leeb Balkone","article_publisher":"https:\/\/www.facebook.com\/balkone\/","article_modified_time":"2026-04-13T14:30:57+00:00","og_image":[{"url":"https:\/\/staging-v2.t3-theme.com\/app\/uploads\/2021\/10\/balkongelaender-alu-glas-von-leeb-balkone-1024x705.jpeg","type":"","width":"","height":""}],"twitter_card":"summary_large_image","schema":{"@context":"https:\/\/schema.org","@graph":[{"@type":"WebPage","@id":"https:\/\/www.leeb-balkone.com\/de\/","url":"https:\/\/www.leeb-balkone.com\/de\/","name":"Balkone und Z\u00e4une von Europas Nr. 1 - Leeb Balkone","isPartOf":{"@id":"https:\/\/www.leeb-balkone.com\/de\/#website"},"primaryImageOfPage":{"@id":"https:\/\/www.leeb-balkone.com\/de\/#primaryimage"},"image":{"@id":"https:\/\/www.leeb-balkone.com\/de\/#primaryimage"},"thumbnailUrl":"https:\/\/staging-v2.t3-theme.com\/app\/uploads\/2021\/10\/balkongelaender-alu-glas-von-leeb-balkone-1024x705.jpeg","datePublished":"2023-01-15T23:03:30+00:00","dateModified":"2026-04-13T14:30:57+00:00","description":"Balkongel\u00e4nder & Balkonbau \u2713 Balkone, Gel\u00e4nder & Z\u00e4une aus Holz, Alu, Edelstahl \u2713 \u00dcber 200 Modelle f\u00fcr Balkon & Zaun, Sichtschutz von Leeb Balkone.","breadcrumb":{"@id":"https:\/\/www.leeb-balkone.com\/de\/#breadcrumb"},"inLanguage":"de","potentialAction":[{"@type":"ReadAction","target":["https:\/\/www.leeb-balkone.com\/de\/"]}]},{"@type":"ImageObject","inLanguage":"de","@id":"https:\/\/www.leeb-balkone.com\/de\/#primaryimage","url":"https:\/\/staging-v2.t3-theme.com\/app\/uploads\/2021\/10\/balkongelaender-alu-glas-von-leeb-balkone-1024x705.jpeg","contentUrl":"https:\/\/staging-v2.t3-theme.com\/app\/uploads\/2021\/10\/balkongelaender-alu-glas-von-leeb-balkone-1024x705.jpeg"},{"@type":"BreadcrumbList","@id":"https:\/\/www.leeb-balkone.com\/de\/#breadcrumb","itemListElement":[{"@type":"ListItem","position":1,"name":"Home","item":"https:\/\/www.leeb-balkone.com\/de\/"},{"@type":"ListItem","position":2,"name":"Startseite NEU"}]},{"@type":"WebSite","@id":"https:\/\/www.leeb-balkone.com\/de\/#website","url":"https:\/\/www.leeb-balkone.com\/de\/","name":"Leeb Balkone","description":"Balkone und Z\u00e4une","publisher":{"@id":"https:\/\/www.leeb-balkone.com\/de\/#organization"},"potentialAction":[{"@type":"SearchAction","target":{"@type":"EntryPoint","urlTemplate":"https:\/\/www.leeb-balkone.com\/de\/?s={search_term_string}"},"query-input":{"@type":"PropertyValueSpecification","valueRequired":true,"valueName":"search_term_string"}}],"inLanguage":"de"},{"@type":"Organization","@id":"https:\/\/www.leeb-balkone.com\/de\/#organization","name":"Leeb Balkone Gmbh","url":"https:\/\/www.leeb-balkone.com\/de\/","logo":{"@type":"ImageObject","inLanguage":"de","@id":"https:\/\/www.leeb-balkone.com\/de\/#\/schema\/logo\/image\/","url":"https:\/\/www.leeb-balkone.com\/app\/uploads\/2020\/11\/leeb-logo.svg","contentUrl":"https:\/\/www.leeb-balkone.com\/app\/uploads\/2020\/11\/leeb-logo.svg","width":741,"height":204,"caption":"Leeb Balkone Gmbh"},"image":{"@id":"https:\/\/www.leeb-balkone.com\/de\/#\/schema\/logo\/image\/"},"sameAs":["https:\/\/www.facebook.com\/balkone\/","https:\/\/www.trustedshops.at\/bewertung\/info_X4587CCF5833E31AFE0B11F47D86999F2.html","https:\/\/www.trustedshops.de\/bewertung\/info_X7BA536A7A0BDC86D36C4718E4DCAEEEF.html","https:\/\/www.google.com\/maps\/place\/?q=place_id:ChIJ5-zH19-IcEcR9HonWRTllHI"]}]}},"_links":{"self":[{"href":"https:\/\/www.leeb-balkone.com\/de\/wp-json\/wp\/v2\/pages\/111682","targetHints":{"allow":["GET"]}}],"collection":[{"href":"https:\/\/www.leeb-balkone.com\/de\/wp-json\/wp\/v2\/pages"}],"about":[{"href":"https:\/\/www.leeb-balkone.com\/de\/wp-json\/wp\/v2\/types\/page"}],"author":[{"embeddable":true,"href":"https:\/\/www.leeb-balkone.com\/de\/wp-json\/wp\/v2\/users\/12"}],"replies":[{"embeddable":true,"href":"https:\/\/www.leeb-balkone.com\/de\/wp-json\/wp\/v2\/comments?post=111682"}],"version-history":[{"count":51,"href":"https:\/\/www.leeb-balkone.com\/de\/wp-json\/wp\/v2\/pages\/111682\/revisions"}],"predecessor-version":[{"id":167738,"href":"https:\/\/www.leeb-balkone.com\/de\/wp-json\/wp\/v2\/pages\/111682\/revisions\/167738"}],"wp:attachment":[{"href":"https:\/\/www.leeb-balkone.com\/de\/wp-json\/wp\/v2\/media?parent=111682"}],"wp:term":[{"taxonomy":"folder","embeddable":true,"href":"https:\/\/www.leeb-balkone.com\/de\/wp-json\/wp\/v2\/folder?post=111682"}],"curies":[{"name":"wp","href":"https:\/\/api.w.org\/{rel}","templated":true}]}}