{"id":106982,"date":"2022-11-23T09:36:39","date_gmt":"2022-11-23T09:36:39","guid":{"rendered":"https:\/\/www.leeb-balkone.com\/de\/?page_id=106982"},"modified":"2026-01-13T13:18:04","modified_gmt":"2026-01-13T13:18:04","slug":"aussergewoehnliche-mitarbeiteraktionen","status":"publish","type":"page","link":"https:\/\/www.leeb-balkone.com\/de\/aussergewoehnliche-mitarbeiteraktionen\/","title":{"rendered":"Au\u00dfergew\u00f6hnliche Mitarbeiteraktionen"},"content":{"rendered":"<header data-block_acf-block-696645dc690ac class=\"c-fh  l-mh c-fh--hero c-grad-l2r c-fh--div none\">\n      <img loading=\"lazy\" decoding=\"async\" width=\"2048\" height=\"1366\" src=\"https:\/\/www.leeb-balkone.com\/app\/uploads\/2022\/11\/Sommerfest-2k22-7-scaled.jpg\" class=\"no-lazy\" alt=\"Sommerfest 2k22 7\" srcset=\"https:\/\/www.leeb-balkone.com\/app\/uploads\/2022\/11\/Sommerfest-2k22-7-scaled.jpg 2048w, https:\/\/www.leeb-balkone.com\/app\/uploads\/2022\/11\/Sommerfest-2k22-7-300x200.jpg 300w, https:\/\/www.leeb-balkone.com\/app\/uploads\/2022\/11\/Sommerfest-2k22-7-1024x683.jpg 1024w, https:\/\/www.leeb-balkone.com\/app\/uploads\/2022\/11\/Sommerfest-2k22-7-768x512.jpg 768w, https:\/\/www.leeb-balkone.com\/app\/uploads\/2022\/11\/Sommerfest-2k22-7-1536x1024.jpg 1536w\" sizes=\"auto, (min-width: 1536px) 2048px, (min-width: 992px) 1536px, (min-width: 768px) 1024px, (min-width: 576px) 768px, 100vw\" \/>\n\n\n<div class=\"grid-container\">\n  <div class=\"grid-x\">\n    <div class=\"cell small-12 medium-6 medium-offset-1\">\n      <div class=\"c-fh__wrapper\">\n                              <p>Leeb als Arbeitgeber<\/p>\n                        <\/div>\n    <\/div>\n  <\/div>\n<\/div>\n  \n    \n    <\/header>\n\n\n  \n  <section class=\"wp-block-group alignfull t3-header u-max-wide t3-header-text has-white-background-color has-background has-global-padding is-layout-constrained wp-block-group-is-layout-constrained\">\n    <div class=\"wp-block-group o-grid u-md-1 u-sm-1 is-layout-flow wp-block-group-is-layout-flow\">\n  <div class=\"wp-block-group u-g-10 u-g-s-2\">\n      <div class=\"yoast-breadcrumbs\"><span><span><a href=\"https:\/\/www.leeb-balkone.com\/de\/\">Home<\/a><\/span><\/span><\/div>\n      \n    <h1>Au\u00dfergew\u00f6hnliche Mitarbeiteraktionen<\/h1>\n  <\/div>\n<\/div>\n  <\/section>\n\n\n\n\n\n\n<section id=\"first-section\" class=\"wp-block-cgb-t3-section-block alignfull b-pt-small  is-style-bg-transparent\" style=\"display:inherit;min-height:inherit\">\n<div class=\"wp-block-cgb-t3-container-block none\" style=\"background-color:none\"><div class=\"grid-container\"><div class=\"grid-x\"><div class=\"cell small-12 medium-9 large-0 medium-offset-1 b-has-lsmb\">\n<p><span class=\"teaser\">Neben der <a href=\"https:\/\/www.leeb-balkone.com\/de\/leeb-benefits-fuer-mitarbeiter\/\">Leeb Benefits<\/a> bekommen unserer Mitarbeiter auch interne <a href=\"https:\/\/www.leeb-balkone.com\/de\/karriere-bei-leeb\/leebcard\/\">Leeb Gutscheine<\/a>, die sie in unseren Partnerunternehmen oder in Form eines Tankgutscheines einl\u00f6sen k\u00f6nnen. Zu besonderen Anl\u00e4ssen gibt es hin und wieder die ein oder andere leebhafte \u00dcberraschung.<\/span><\/p>\n<\/div><\/div><\/div><\/div>\n\n\n\n<div class=\"wp-block-cgb-t3-container-block none\" style=\"background-color:none\"><div class=\"grid-container\"><div class=\"grid-x\"><div class=\"cell small-12 medium-0 large-0 b-has-pt b-has-lsmb\"><div class=\"b-sps l-mbxl\" id=\"\">\n      <div class=\"grid-x\">\n              <div class=\"cell b-sps__bgimg lazyload bgx-center bgy-center small-12 medium-6 small-order-1 medium-order-2\">\n          \n            <img loading=\"lazy\" decoding=\"async\" width=\"1024\" height=\"683\" src=\"https:\/\/www.leeb-balkone.com\/app\/uploads\/2023\/08\/LeebSommerfest2023-1-1024x683.jpg\" class=\"attachment-large size-large\" alt=\"LeebSommerfest2023 1\" srcset=\"https:\/\/www.leeb-balkone.com\/app\/uploads\/2023\/08\/LeebSommerfest2023-1-1024x683.jpg 1024w, https:\/\/www.leeb-balkone.com\/app\/uploads\/2023\/08\/LeebSommerfest2023-1-300x200.jpg 300w, https:\/\/www.leeb-balkone.com\/app\/uploads\/2023\/08\/LeebSommerfest2023-1-768x512.jpg 768w, https:\/\/www.leeb-balkone.com\/app\/uploads\/2023\/08\/LeebSommerfest2023-1-1536x1024.jpg 1536w, https:\/\/www.leeb-balkone.com\/app\/uploads\/2023\/08\/LeebSommerfest2023-1-2048x1366.jpg 2048w\" sizes=\"auto, (min-width: 1200px) 1024px, (min-width: 1024px) 768px, (min-width: 640px) 768px, 768px\" \/>        <\/div>\n            <div class=\"cell b-sps__cont  small-12 medium-6 small-order-2 medium-order-1 offset\">\n        <div class=\"b-sps__inner-cont  bg--lightgray pdd\">\n          <h3>Sommergrillfest 2023<\/h3>\n<p>Unter dem Motto &#8220;Grill and Chill&#8221; fand das Sommerfest 2023 am Firmengel\u00e4nde in K\u00e4rnten statt. Vor Ort konnten k\u00f6stliche Grillgerichte genossen werden, w\u00e4hrend sich die Mitarbeiterinnen und Mitarbeiter nach der Arbeit in lockerer Atmosph\u00e4re austauschten und zusammensa\u00dfen.<\/p>\n\n        <\/div>\n      <\/div>\n    <\/div>\n  <\/div>\n\n\n<div class=\"b-sps l-mbxl\" id=\"\">\n      <div class=\"grid-x\">\n              <div class=\"cell b-sps__bgimg lazyload bgx-center bgy-center small-12 medium-6 small-order-1 medium-order-1\">\n          \n            <img loading=\"lazy\" decoding=\"async\" width=\"1024\" height=\"682\" src=\"https:\/\/www.leeb-balkone.com\/app\/uploads\/2022\/11\/meinhard-rossmann-1024x682.jpg\" class=\"attachment-large size-large\" alt=\"meinhard rossmann\" srcset=\"https:\/\/www.leeb-balkone.com\/app\/uploads\/2022\/11\/meinhard-rossmann-1024x682.jpg 1024w, https:\/\/www.leeb-balkone.com\/app\/uploads\/2022\/11\/meinhard-rossmann-300x200.jpg 300w, https:\/\/www.leeb-balkone.com\/app\/uploads\/2022\/11\/meinhard-rossmann-768x512.jpg 768w, https:\/\/www.leeb-balkone.com\/app\/uploads\/2022\/11\/meinhard-rossmann-1536x1024.jpg 1536w, https:\/\/www.leeb-balkone.com\/app\/uploads\/2022\/11\/meinhard-rossmann-scaled.jpg 2048w\" sizes=\"auto, (min-width: 1200px) 1024px, (min-width: 1024px) 768px, (min-width: 640px) 768px, 768px\" \/>        <\/div>\n            <div class=\"cell b-sps__cont  small-12 medium-6 small-order-2 medium-order-2 offset\">\n        <div class=\"b-sps__inner-cont  bg--lightgray pdd\">\n          <h3>Valentinstag<\/h3>\n<p>Dieser Tag steht f\u00fcr Liebe und speziell unterstreicht es die gegenseitige Wertsch\u00e4tzung. Als Zeichen der Aufmerksamkeit bekommen unsere Mitarbeiterinnen und Mitarbeiter eine s\u00fc\u00dfe \u00dcberraschung.<\/p>\n\n        <\/div>\n      <\/div>\n    <\/div>\n  <\/div>\n\n\n<div class=\"b-sps l-mbxl\" id=\"\">\n      <div class=\"grid-x\">\n              <div class=\"cell b-sps__bgimg lazyload bgx-center bgy-center small-12 medium-6 small-order-1 medium-order-2\">\n          \n            <img loading=\"lazy\" decoding=\"async\" width=\"1024\" height=\"682\" src=\"https:\/\/www.leeb-balkone.com\/app\/uploads\/2022\/11\/Eisattacke-2k22-1024x682.jpg\" class=\"attachment-large size-large\" alt=\"Eisattacke 2k22\" srcset=\"https:\/\/www.leeb-balkone.com\/app\/uploads\/2022\/11\/Eisattacke-2k22-1024x682.jpg 1024w, https:\/\/www.leeb-balkone.com\/app\/uploads\/2022\/11\/Eisattacke-2k22-300x200.jpg 300w, https:\/\/www.leeb-balkone.com\/app\/uploads\/2022\/11\/Eisattacke-2k22-768x512.jpg 768w, https:\/\/www.leeb-balkone.com\/app\/uploads\/2022\/11\/Eisattacke-2k22-1536x1024.jpg 1536w, https:\/\/www.leeb-balkone.com\/app\/uploads\/2022\/11\/Eisattacke-2k22-scaled.jpg 2048w\" sizes=\"auto, (min-width: 1200px) 1024px, (min-width: 1024px) 768px, (min-width: 640px) 768px, 768px\" \/>        <\/div>\n            <div class=\"cell b-sps__cont  small-12 medium-6 small-order-2 medium-order-1 offset\">\n        <div class=\"b-sps__inner-cont  bg--lightgray pdd\">\n          <h3>Eisattacke<\/h3>\n<p>So \u00fcberstehen wir die hei\u00dfen Sommertage. Eine Abk\u00fchlung als Attacke gegen die Hitzewellen erweckt bei unseren Mitarbeiterinnen und Mitarbeiter immer aufs Neue die wohlbekannten Laute der Erleichterung.<\/p>\n\n        <\/div>\n      <\/div>\n    <\/div>\n  <\/div>\n\n\n<div class=\"b-sps l-mbxl\" id=\"\">\n      <div class=\"grid-x\">\n              <div class=\"cell b-sps__bgimg lazyload bgx-center bgy-center small-12 medium-6 small-order-1 medium-order-1\">\n          \n            <img loading=\"lazy\" decoding=\"async\" width=\"1024\" height=\"767\" src=\"https:\/\/www.leeb-balkone.com\/app\/uploads\/2022\/11\/ostereier-1024x767.jpg\" class=\"attachment-large size-large\" alt=\"ostereier\" srcset=\"https:\/\/www.leeb-balkone.com\/app\/uploads\/2022\/11\/ostereier-1024x767.jpg 1024w, https:\/\/www.leeb-balkone.com\/app\/uploads\/2022\/11\/ostereier-300x225.jpg 300w, https:\/\/www.leeb-balkone.com\/app\/uploads\/2022\/11\/ostereier-768x575.jpg 768w, https:\/\/www.leeb-balkone.com\/app\/uploads\/2022\/11\/ostereier-1536x1151.jpg 1536w, https:\/\/www.leeb-balkone.com\/app\/uploads\/2022\/11\/ostereier-scaled.jpg 2048w\" sizes=\"auto, (min-width: 1200px) 1024px, (min-width: 1024px) 768px, (min-width: 640px) 768px, 768px\" \/>        <\/div>\n            <div class=\"cell b-sps__cont  small-12 medium-6 small-order-2 medium-order-2 offset\">\n        <div class=\"b-sps__inner-cont  bg--lightgray pdd\">\n          <h3>Ostern<\/h3>\n<p>Auch dieser Feiertag l\u00e4uft an uns nicht vorbei. Von unserem Bio-Bauernhof gibt es f\u00fcr alle Mitarbeiter und Mitarbeiterinnen frische und gesunde Ostereier, die mit unserem Firmenlogo versehen sind.<\/p>\n\n        <\/div>\n      <\/div>\n    <\/div>\n  <\/div>\n\n\n<div class=\"b-sps l-mbxl\" id=\"\">\n      <div class=\"grid-x\">\n              <div class=\"cell b-sps__bgimg lazyload bgx-center bgy-center small-12 medium-6 small-order-1 medium-order-2\">\n          \n            <img loading=\"lazy\" decoding=\"async\" width=\"1024\" height=\"682\" src=\"https:\/\/www.leeb-balkone.com\/app\/uploads\/2022\/11\/strumpfinnen-1024x682.jpg\" class=\"attachment-large size-large\" alt=\"strumpfinnen\" srcset=\"https:\/\/www.leeb-balkone.com\/app\/uploads\/2022\/11\/strumpfinnen-1024x682.jpg 1024w, https:\/\/www.leeb-balkone.com\/app\/uploads\/2022\/11\/strumpfinnen-300x200.jpg 300w, https:\/\/www.leeb-balkone.com\/app\/uploads\/2022\/11\/strumpfinnen-768x512.jpg 768w, https:\/\/www.leeb-balkone.com\/app\/uploads\/2022\/11\/strumpfinnen-1536x1024.jpg 1536w, https:\/\/www.leeb-balkone.com\/app\/uploads\/2022\/11\/strumpfinnen-scaled.jpg 2048w\" sizes=\"auto, (min-width: 1200px) 1024px, (min-width: 1024px) 768px, (min-width: 640px) 768px, 768px\" \/>        <\/div>\n            <div class=\"cell b-sps__cont  small-12 medium-6 small-order-2 medium-order-1 offset\">\n        <div class=\"b-sps__inner-cont  bg--lightgray pdd\">\n          <h3>Fasching<\/h3>\n<p>Lei Lei Lei. Nicht nur die typischen und au\u00dfergew\u00f6hnlichen Kost\u00fcme sind bei uns \u00fcblich, sondern auch die hei\u00df ersehnten und ofenfrischen Faschingskrapfen.<\/p>\n\n        <\/div>\n      <\/div>\n    <\/div>\n  <\/div>\n\n\n<div class=\"b-sps l-mbxl\" id=\"\">\n      <div class=\"grid-x\">\n              <div class=\"cell b-sps__bgimg lazyload bgx-center bgy-center small-12 medium-6 small-order-1 medium-order-1\">\n          \n            <img loading=\"lazy\" decoding=\"async\" width=\"1024\" height=\"683\" src=\"https:\/\/www.leeb-balkone.com\/app\/uploads\/2022\/11\/Ivica-1024x683.jpg\" class=\"attachment-large size-large\" alt=\"Ivica\" srcset=\"https:\/\/www.leeb-balkone.com\/app\/uploads\/2022\/11\/Ivica-1024x683.jpg 1024w, https:\/\/www.leeb-balkone.com\/app\/uploads\/2022\/11\/Ivica-300x200.jpg 300w, https:\/\/www.leeb-balkone.com\/app\/uploads\/2022\/11\/Ivica-768x512.jpg 768w, https:\/\/www.leeb-balkone.com\/app\/uploads\/2022\/11\/Ivica-1536x1024.jpg 1536w, https:\/\/www.leeb-balkone.com\/app\/uploads\/2022\/11\/Ivica-scaled.jpg 2048w\" sizes=\"auto, (min-width: 1200px) 1024px, (min-width: 1024px) 768px, (min-width: 640px) 768px, 768px\" \/>        <\/div>\n            <div class=\"cell b-sps__cont  small-12 medium-6 small-order-2 medium-order-2 offset\">\n        <div class=\"b-sps__inner-cont  bg--lightgray pdd\">\n          <h3>Donnerstag ist D\u00f6nerstag<\/h3>\n<p>Jedes Jahr lassen wir uns etwas Neues einfallen, um unsere Mitarbeiter zu \u00fcberraschen. So gab es auch einmal einen D\u00f6nerstag, wo die Jausensemmel durch einen Kebap ersetzt wurde.<\/p>\n\n        <\/div>\n      <\/div>\n    <\/div>\n  <\/div>\n\n\n<div class=\"b-sps l-mbxl\" id=\"\">\n      <div class=\"grid-x\">\n              <div class=\"cell b-sps__bgimg lazyload bgx-center bgy-center small-12 medium-6 small-order-1 medium-order-2\">\n          \n            <img loading=\"lazy\" decoding=\"async\" width=\"1024\" height=\"682\" src=\"https:\/\/www.leeb-balkone.com\/app\/uploads\/2022\/11\/nikolaus-2021-1024x682.jpg\" class=\"attachment-large size-large\" alt=\"nikolaus 2021\" srcset=\"https:\/\/www.leeb-balkone.com\/app\/uploads\/2022\/11\/nikolaus-2021-1024x682.jpg 1024w, https:\/\/www.leeb-balkone.com\/app\/uploads\/2022\/11\/nikolaus-2021-300x200.jpg 300w, https:\/\/www.leeb-balkone.com\/app\/uploads\/2022\/11\/nikolaus-2021-768x512.jpg 768w, https:\/\/www.leeb-balkone.com\/app\/uploads\/2022\/11\/nikolaus-2021-1536x1024.jpg 1536w, https:\/\/www.leeb-balkone.com\/app\/uploads\/2022\/11\/nikolaus-2021-scaled.jpg 2048w\" sizes=\"auto, (min-width: 1200px) 1024px, (min-width: 1024px) 768px, (min-width: 640px) 768px, 768px\" \/>        <\/div>\n            <div class=\"cell b-sps__cont  small-12 medium-6 small-order-2 medium-order-1 offset\">\n        <div class=\"b-sps__inner-cont  bg--lightgray pdd\">\n          <h3>Nikolaustag<\/h3>\n<p>Traditionellerweise bekommen wir am 06. Dezember hohen Besuch vom Nikolaus und Krampus.<br \/>\nAuch die Nikolaussackerl gef\u00fcllt mit Schokolade, N\u00fcssen und Mandarinen d\u00fcrfen nat\u00fcrlich auf keinen Fall fehlen.<\/p>\n\n        <\/div>\n      <\/div>\n    <\/div>\n  <\/div>\n<\/div><\/div><\/div><\/div>\n\n\n<div class=\"b-carousel  band slider\" data-block_acf-block-696645dc6918d>\n  <div class=\"slides\">\n          <div>\n\n\n\n  \n    \n          \n\n              \n        \n\n        <img loading=\"lazy\" decoding=\"async\" width=\"1024\" height=\"683\" src=\"https:\/\/www.leeb-balkone.com\/app\/uploads\/2022\/11\/flo-kofler-krapfen-1024x683.jpg\" class=\"no-lazy\" alt=\"flo kofler krapfen\" srcset=\"https:\/\/www.leeb-balkone.com\/app\/uploads\/2022\/11\/flo-kofler-krapfen-1024x683.jpg 1024w, https:\/\/www.leeb-balkone.com\/app\/uploads\/2022\/11\/flo-kofler-krapfen-300x200.jpg 300w, https:\/\/www.leeb-balkone.com\/app\/uploads\/2022\/11\/flo-kofler-krapfen-768x512.jpg 768w, https:\/\/www.leeb-balkone.com\/app\/uploads\/2022\/11\/flo-kofler-krapfen-1536x1024.jpg 1536w, https:\/\/www.leeb-balkone.com\/app\/uploads\/2022\/11\/flo-kofler-krapfen-scaled.jpg 2048w\" sizes=\"auto, (min-width: 1200px) 1024px, (min-width: 1024px) 768px, (min-width: 640px) 768px, 768px\" \/>        \n            \n          \n  <\/div>\n\n          <div>\n\n\n\n  \n    \n          \n\n              \n        \n\n        <img loading=\"lazy\" decoding=\"async\" width=\"1024\" height=\"682\" src=\"https:\/\/www.leeb-balkone.com\/app\/uploads\/2022\/11\/guenther-aigner-milkaherzz-1-1024x682.jpg\" class=\"no-lazy\" alt=\"guenther aigner milkaherzz 1\" srcset=\"https:\/\/www.leeb-balkone.com\/app\/uploads\/2022\/11\/guenther-aigner-milkaherzz-1-1024x682.jpg 1024w, https:\/\/www.leeb-balkone.com\/app\/uploads\/2022\/11\/guenther-aigner-milkaherzz-1-300x200.jpg 300w, https:\/\/www.leeb-balkone.com\/app\/uploads\/2022\/11\/guenther-aigner-milkaherzz-1-768x512.jpg 768w, https:\/\/www.leeb-balkone.com\/app\/uploads\/2022\/11\/guenther-aigner-milkaherzz-1-1536x1024.jpg 1536w, https:\/\/www.leeb-balkone.com\/app\/uploads\/2022\/11\/guenther-aigner-milkaherzz-1-scaled.jpg 2048w\" sizes=\"auto, (min-width: 1200px) 1024px, (min-width: 1024px) 768px, (min-width: 640px) 768px, 768px\" \/>        \n            \n          \n  <\/div>\n\n          <div>\n\n\n\n  \n    \n          \n\n              \n        \n\n        <img loading=\"lazy\" decoding=\"async\" width=\"768\" height=\"1024\" src=\"https:\/\/www.leeb-balkone.com\/app\/uploads\/2022\/11\/Eisattacke-2k21-1-768x1024.jpg\" class=\"no-lazy\" alt=\"Eisattacke 2k21 1\" srcset=\"https:\/\/www.leeb-balkone.com\/app\/uploads\/2022\/11\/Eisattacke-2k21-1-768x1024.jpg 768w, https:\/\/www.leeb-balkone.com\/app\/uploads\/2022\/11\/Eisattacke-2k21-1-225x300.jpg 225w, https:\/\/www.leeb-balkone.com\/app\/uploads\/2022\/11\/Eisattacke-2k21-1-1152x1536.jpg 1152w, https:\/\/www.leeb-balkone.com\/app\/uploads\/2022\/11\/Eisattacke-2k21-1-scaled.jpg 1536w, https:\/\/www.leeb-balkone.com\/app\/uploads\/2022\/11\/Eisattacke-2k21-1-1024x1365.jpg 1024w\" sizes=\"auto, (min-width: 1200px) 1024px, (min-width: 1024px) 768px, (min-width: 640px) 768px, 768px\" \/>        \n            \n          \n  <\/div>\n\n          <div>\n\n\n\n  \n    \n          \n\n              \n        \n\n        <img loading=\"lazy\" decoding=\"async\" width=\"1024\" height=\"682\" src=\"https:\/\/www.leeb-balkone.com\/app\/uploads\/2022\/11\/Sommerfest-2k22-2-1024x682.jpg\" class=\"no-lazy\" alt=\"Sommerfest 2k22 2\" srcset=\"https:\/\/www.leeb-balkone.com\/app\/uploads\/2022\/11\/Sommerfest-2k22-2-1024x682.jpg 1024w, https:\/\/www.leeb-balkone.com\/app\/uploads\/2022\/11\/Sommerfest-2k22-2-300x200.jpg 300w, https:\/\/www.leeb-balkone.com\/app\/uploads\/2022\/11\/Sommerfest-2k22-2-768x512.jpg 768w, https:\/\/www.leeb-balkone.com\/app\/uploads\/2022\/11\/Sommerfest-2k22-2-1536x1024.jpg 1536w, https:\/\/www.leeb-balkone.com\/app\/uploads\/2022\/11\/Sommerfest-2k22-2-scaled.jpg 2048w\" sizes=\"auto, (min-width: 1200px) 1024px, (min-width: 1024px) 768px, (min-width: 640px) 768px, 768px\" \/>        \n            \n          \n  <\/div>\n\n          <div>\n\n\n\n  \n    \n          \n\n              \n        \n\n        <img loading=\"lazy\" decoding=\"async\" width=\"1024\" height=\"683\" src=\"https:\/\/www.leeb-balkone.com\/app\/uploads\/2022\/11\/Sommerfest-2k22-1-1024x683.jpg\" class=\"no-lazy\" alt=\"Sommerfest 2k22 1\" srcset=\"https:\/\/www.leeb-balkone.com\/app\/uploads\/2022\/11\/Sommerfest-2k22-1-1024x683.jpg 1024w, https:\/\/www.leeb-balkone.com\/app\/uploads\/2022\/11\/Sommerfest-2k22-1-300x200.jpg 300w, https:\/\/www.leeb-balkone.com\/app\/uploads\/2022\/11\/Sommerfest-2k22-1-768x512.jpg 768w, https:\/\/www.leeb-balkone.com\/app\/uploads\/2022\/11\/Sommerfest-2k22-1-1536x1024.jpg 1536w, https:\/\/www.leeb-balkone.com\/app\/uploads\/2022\/11\/Sommerfest-2k22-1-scaled.jpg 2048w\" sizes=\"auto, (min-width: 1200px) 1024px, (min-width: 1024px) 768px, (min-width: 640px) 768px, 768px\" \/>        \n            \n          \n  <\/div>\n\n          <div>\n\n\n\n  \n    \n          \n\n              \n        \n\n        <img loading=\"lazy\" decoding=\"async\" width=\"1024\" height=\"682\" src=\"https:\/\/www.leeb-balkone.com\/app\/uploads\/2023\/08\/LeebSommerfest2023-7-1024x682.jpg\" class=\"no-lazy\" alt=\"LeebSommerfest2023 7\" srcset=\"https:\/\/www.leeb-balkone.com\/app\/uploads\/2023\/08\/LeebSommerfest2023-7-1024x682.jpg 1024w, https:\/\/www.leeb-balkone.com\/app\/uploads\/2023\/08\/LeebSommerfest2023-7-300x200.jpg 300w, https:\/\/www.leeb-balkone.com\/app\/uploads\/2023\/08\/LeebSommerfest2023-7-768x512.jpg 768w, https:\/\/www.leeb-balkone.com\/app\/uploads\/2023\/08\/LeebSommerfest2023-7-1536x1024.jpg 1536w, https:\/\/www.leeb-balkone.com\/app\/uploads\/2023\/08\/LeebSommerfest2023-7-2048x1365.jpg 2048w\" sizes=\"auto, (min-width: 1200px) 1024px, (min-width: 1024px) 768px, (min-width: 640px) 768px, 768px\" \/>        \n            \n          \n  <\/div>\n\n          <div>\n\n\n\n  \n    \n          \n\n              \n        \n\n        <img loading=\"lazy\" decoding=\"async\" width=\"1024\" height=\"682\" src=\"https:\/\/www.leeb-balkone.com\/app\/uploads\/2022\/11\/eisattacke-2k22-1-1-1024x682.jpg\" class=\"no-lazy\" alt=\"eisattacke 2k22 1 1\" srcset=\"https:\/\/www.leeb-balkone.com\/app\/uploads\/2022\/11\/eisattacke-2k22-1-1-1024x682.jpg 1024w, https:\/\/www.leeb-balkone.com\/app\/uploads\/2022\/11\/eisattacke-2k22-1-1-300x200.jpg 300w, https:\/\/www.leeb-balkone.com\/app\/uploads\/2022\/11\/eisattacke-2k22-1-1-768x512.jpg 768w, https:\/\/www.leeb-balkone.com\/app\/uploads\/2022\/11\/eisattacke-2k22-1-1-1536x1024.jpg 1536w, https:\/\/www.leeb-balkone.com\/app\/uploads\/2022\/11\/eisattacke-2k22-1-1-scaled.jpg 2048w\" sizes=\"auto, (min-width: 1200px) 1024px, (min-width: 1024px) 768px, (min-width: 640px) 768px, 768px\" \/>        \n            \n          \n  <\/div>\n\n          <div>\n\n\n\n  \n    \n          \n\n              \n        \n\n        <img loading=\"lazy\" decoding=\"async\" width=\"683\" height=\"1024\" src=\"https:\/\/www.leeb-balkone.com\/app\/uploads\/2022\/11\/katrin-wadl-milkaherz-1-1-683x1024.jpg\" class=\"no-lazy\" alt=\"katrin wadl milkaherz 1 1\" srcset=\"https:\/\/www.leeb-balkone.com\/app\/uploads\/2022\/11\/katrin-wadl-milkaherz-1-1-683x1024.jpg 683w, https:\/\/www.leeb-balkone.com\/app\/uploads\/2022\/11\/katrin-wadl-milkaherz-1-1-200x300.jpg 200w, https:\/\/www.leeb-balkone.com\/app\/uploads\/2022\/11\/katrin-wadl-milkaherz-1-1-768x1152.jpg 768w, https:\/\/www.leeb-balkone.com\/app\/uploads\/2022\/11\/katrin-wadl-milkaherz-1-1-1024x1536.jpg 1024w, https:\/\/www.leeb-balkone.com\/app\/uploads\/2022\/11\/katrin-wadl-milkaherz-1-1-scaled.jpg 1365w\" sizes=\"auto, (min-width: 1200px) 1024px, (min-width: 1024px) 768px, (min-width: 640px) 768px, 768px\" \/>        \n            \n          \n  <\/div>\n\n          <div>\n\n\n\n  \n    \n          \n\n              \n        \n\n        <img loading=\"lazy\" decoding=\"async\" width=\"1024\" height=\"683\" src=\"https:\/\/www.leeb-balkone.com\/app\/uploads\/2022\/11\/Sommerfest-2k22-5-1024x683.jpg\" class=\"no-lazy\" alt=\"Sommerfest 2k22 5\" srcset=\"https:\/\/www.leeb-balkone.com\/app\/uploads\/2022\/11\/Sommerfest-2k22-5-1024x683.jpg 1024w, https:\/\/www.leeb-balkone.com\/app\/uploads\/2022\/11\/Sommerfest-2k22-5-300x200.jpg 300w, https:\/\/www.leeb-balkone.com\/app\/uploads\/2022\/11\/Sommerfest-2k22-5-768x512.jpg 768w, https:\/\/www.leeb-balkone.com\/app\/uploads\/2022\/11\/Sommerfest-2k22-5-1536x1024.jpg 1536w, https:\/\/www.leeb-balkone.com\/app\/uploads\/2022\/11\/Sommerfest-2k22-5-scaled.jpg 2048w\" sizes=\"auto, (min-width: 1200px) 1024px, (min-width: 1024px) 768px, (min-width: 640px) 768px, 768px\" \/>        \n            \n          \n  <\/div>\n\n          <div>\n\n\n\n  \n    \n          \n\n              \n        \n\n        <img loading=\"lazy\" decoding=\"async\" width=\"1024\" height=\"682\" src=\"https:\/\/www.leeb-balkone.com\/app\/uploads\/2022\/11\/Sommerfest-2k22-3-1024x682.jpg\" class=\"no-lazy\" alt=\"Sommerfest 2k22 3\" srcset=\"https:\/\/www.leeb-balkone.com\/app\/uploads\/2022\/11\/Sommerfest-2k22-3-1024x682.jpg 1024w, https:\/\/www.leeb-balkone.com\/app\/uploads\/2022\/11\/Sommerfest-2k22-3-300x200.jpg 300w, https:\/\/www.leeb-balkone.com\/app\/uploads\/2022\/11\/Sommerfest-2k22-3-768x512.jpg 768w, https:\/\/www.leeb-balkone.com\/app\/uploads\/2022\/11\/Sommerfest-2k22-3-1536x1024.jpg 1536w, https:\/\/www.leeb-balkone.com\/app\/uploads\/2022\/11\/Sommerfest-2k22-3-scaled.jpg 2048w\" sizes=\"auto, (min-width: 1200px) 1024px, (min-width: 1024px) 768px, (min-width: 640px) 768px, 768px\" \/>        \n            \n          \n  <\/div>\n\n          <div>\n\n\n\n  \n    \n          \n\n              \n        \n\n        <img loading=\"lazy\" decoding=\"async\" width=\"1024\" height=\"682\" src=\"https:\/\/www.leeb-balkone.com\/app\/uploads\/2022\/11\/schlumpfine-mit-Instandhaltung-1024x682.jpg\" class=\"no-lazy\" alt=\"schlumpfine mit Instandhaltung\" srcset=\"https:\/\/www.leeb-balkone.com\/app\/uploads\/2022\/11\/schlumpfine-mit-Instandhaltung-1024x682.jpg 1024w, https:\/\/www.leeb-balkone.com\/app\/uploads\/2022\/11\/schlumpfine-mit-Instandhaltung-300x200.jpg 300w, https:\/\/www.leeb-balkone.com\/app\/uploads\/2022\/11\/schlumpfine-mit-Instandhaltung-768x512.jpg 768w, https:\/\/www.leeb-balkone.com\/app\/uploads\/2022\/11\/schlumpfine-mit-Instandhaltung-1536x1024.jpg 1536w, https:\/\/www.leeb-balkone.com\/app\/uploads\/2022\/11\/schlumpfine-mit-Instandhaltung-scaled.jpg 2048w\" sizes=\"auto, (min-width: 1200px) 1024px, (min-width: 1024px) 768px, (min-width: 640px) 768px, 768px\" \/>        \n            \n          \n  <\/div>\n\n          <div>\n\n\n\n  \n    \n          \n\n              \n        \n\n        <img loading=\"lazy\" decoding=\"async\" width=\"1024\" height=\"576\" src=\"https:\/\/www.leeb-balkone.com\/app\/uploads\/2022\/11\/weihnachtsvideo-2k21-1-1024x576.jpg\" class=\"no-lazy\" alt=\"weihnachtsvideo 2k21 1\" srcset=\"https:\/\/www.leeb-balkone.com\/app\/uploads\/2022\/11\/weihnachtsvideo-2k21-1-1024x576.jpg 1024w, https:\/\/www.leeb-balkone.com\/app\/uploads\/2022\/11\/weihnachtsvideo-2k21-1-300x169.jpg 300w, https:\/\/www.leeb-balkone.com\/app\/uploads\/2022\/11\/weihnachtsvideo-2k21-1-768x432.jpg 768w, https:\/\/www.leeb-balkone.com\/app\/uploads\/2022\/11\/weihnachtsvideo-2k21-1-1536x864.jpg 1536w, https:\/\/www.leeb-balkone.com\/app\/uploads\/2022\/11\/weihnachtsvideo-2k21-1-scaled.jpg 2048w\" sizes=\"auto, (min-width: 1200px) 1024px, (min-width: 1024px) 768px, (min-width: 640px) 768px, 768px\" \/>        \n            \n          \n  <\/div>\n\n          <div>\n\n\n\n  \n    \n          \n\n              \n        \n\n        <img loading=\"lazy\" decoding=\"async\" width=\"1024\" height=\"682\" src=\"https:\/\/www.leeb-balkone.com\/app\/uploads\/2022\/11\/sommerfest-2k21-1-1024x682.jpg\" class=\"no-lazy\" alt=\"sommerfest 2k21 1\" srcset=\"https:\/\/www.leeb-balkone.com\/app\/uploads\/2022\/11\/sommerfest-2k21-1-1024x682.jpg 1024w, https:\/\/www.leeb-balkone.com\/app\/uploads\/2022\/11\/sommerfest-2k21-1-300x200.jpg 300w, https:\/\/www.leeb-balkone.com\/app\/uploads\/2022\/11\/sommerfest-2k21-1-768x512.jpg 768w, https:\/\/www.leeb-balkone.com\/app\/uploads\/2022\/11\/sommerfest-2k21-1-1536x1024.jpg 1536w, https:\/\/www.leeb-balkone.com\/app\/uploads\/2022\/11\/sommerfest-2k21-1-scaled.jpg 2048w\" sizes=\"auto, (min-width: 1200px) 1024px, (min-width: 1024px) 768px, (min-width: 640px) 768px, 768px\" \/>        \n            \n          \n  <\/div>\n\n          <div>\n\n\n\n  \n    \n          \n\n              \n        \n\n        <img loading=\"lazy\" decoding=\"async\" width=\"1024\" height=\"682\" src=\"https:\/\/www.leeb-balkone.com\/app\/uploads\/2022\/11\/Sommerfest-2k22-4-1024x682.jpg\" class=\"no-lazy\" alt=\"Sommerfest 2k22 4\" srcset=\"https:\/\/www.leeb-balkone.com\/app\/uploads\/2022\/11\/Sommerfest-2k22-4-1024x682.jpg 1024w, https:\/\/www.leeb-balkone.com\/app\/uploads\/2022\/11\/Sommerfest-2k22-4-300x200.jpg 300w, https:\/\/www.leeb-balkone.com\/app\/uploads\/2022\/11\/Sommerfest-2k22-4-768x512.jpg 768w, https:\/\/www.leeb-balkone.com\/app\/uploads\/2022\/11\/Sommerfest-2k22-4-1536x1024.jpg 1536w, https:\/\/www.leeb-balkone.com\/app\/uploads\/2022\/11\/Sommerfest-2k22-4-scaled.jpg 2048w\" sizes=\"auto, (min-width: 1200px) 1024px, (min-width: 1024px) 768px, (min-width: 640px) 768px, 768px\" \/>        \n            \n          \n  <\/div>\n\n          <div>\n\n\n\n  \n    \n          \n\n              \n        \n\n        <img loading=\"lazy\" decoding=\"async\" width=\"1024\" height=\"682\" src=\"https:\/\/www.leeb-balkone.com\/app\/uploads\/2022\/11\/damen-holzstruktur-1-1024x682.jpg\" class=\"no-lazy\" alt=\"damen holzstruktur 1\" srcset=\"https:\/\/www.leeb-balkone.com\/app\/uploads\/2022\/11\/damen-holzstruktur-1-1024x682.jpg 1024w, https:\/\/www.leeb-balkone.com\/app\/uploads\/2022\/11\/damen-holzstruktur-1-300x200.jpg 300w, https:\/\/www.leeb-balkone.com\/app\/uploads\/2022\/11\/damen-holzstruktur-1-768x512.jpg 768w, https:\/\/www.leeb-balkone.com\/app\/uploads\/2022\/11\/damen-holzstruktur-1-1536x1024.jpg 1536w, https:\/\/www.leeb-balkone.com\/app\/uploads\/2022\/11\/damen-holzstruktur-1-scaled.jpg 2048w\" sizes=\"auto, (min-width: 1200px) 1024px, (min-width: 1024px) 768px, (min-width: 640px) 768px, 768px\" \/>        \n            \n          \n  <\/div>\n\n          <div>\n\n\n\n  \n    \n          \n\n              \n        \n\n        <img loading=\"lazy\" decoding=\"async\" width=\"1024\" height=\"682\" src=\"https:\/\/www.leeb-balkone.com\/app\/uploads\/2023\/08\/LeebSommerfest2023-9-1024x682.jpg\" class=\"no-lazy\" alt=\"LeebSommerfest2023 9\" srcset=\"https:\/\/www.leeb-balkone.com\/app\/uploads\/2023\/08\/LeebSommerfest2023-9-1024x682.jpg 1024w, https:\/\/www.leeb-balkone.com\/app\/uploads\/2023\/08\/LeebSommerfest2023-9-300x200.jpg 300w, https:\/\/www.leeb-balkone.com\/app\/uploads\/2023\/08\/LeebSommerfest2023-9-768x512.jpg 768w, https:\/\/www.leeb-balkone.com\/app\/uploads\/2023\/08\/LeebSommerfest2023-9-1536x1024.jpg 1536w, https:\/\/www.leeb-balkone.com\/app\/uploads\/2023\/08\/LeebSommerfest2023-9-2048x1365.jpg 2048w\" sizes=\"auto, (min-width: 1200px) 1024px, (min-width: 1024px) 768px, (min-width: 640px) 768px, 768px\" \/>        \n            \n          \n  <\/div>\n\n          <div>\n\n\n\n  \n    \n          \n\n              \n        \n\n        <img loading=\"lazy\" decoding=\"async\" width=\"1024\" height=\"683\" src=\"https:\/\/www.leeb-balkone.com\/app\/uploads\/2023\/08\/LeebSommerfest2023-10-1024x683.jpg\" class=\"no-lazy\" alt=\"LeebSommerfest2023 10\" srcset=\"https:\/\/www.leeb-balkone.com\/app\/uploads\/2023\/08\/LeebSommerfest2023-10-1024x683.jpg 1024w, https:\/\/www.leeb-balkone.com\/app\/uploads\/2023\/08\/LeebSommerfest2023-10-300x200.jpg 300w, https:\/\/www.leeb-balkone.com\/app\/uploads\/2023\/08\/LeebSommerfest2023-10-768x512.jpg 768w, https:\/\/www.leeb-balkone.com\/app\/uploads\/2023\/08\/LeebSommerfest2023-10-1536x1024.jpg 1536w, https:\/\/www.leeb-balkone.com\/app\/uploads\/2023\/08\/LeebSommerfest2023-10-2048x1366.jpg 2048w\" sizes=\"auto, (min-width: 1200px) 1024px, (min-width: 1024px) 768px, (min-width: 640px) 768px, 768px\" \/>        \n            \n          \n  <\/div>\n\n          <div>\n\n\n\n  \n    \n          \n\n              \n        \n\n        <img loading=\"lazy\" decoding=\"async\" width=\"1024\" height=\"683\" src=\"https:\/\/www.leeb-balkone.com\/app\/uploads\/2023\/08\/LeebSommerfest2023-12-1024x683.jpg\" class=\"no-lazy\" alt=\"LeebSommerfest2023 12\" srcset=\"https:\/\/www.leeb-balkone.com\/app\/uploads\/2023\/08\/LeebSommerfest2023-12-1024x683.jpg 1024w, https:\/\/www.leeb-balkone.com\/app\/uploads\/2023\/08\/LeebSommerfest2023-12-300x200.jpg 300w, https:\/\/www.leeb-balkone.com\/app\/uploads\/2023\/08\/LeebSommerfest2023-12-768x512.jpg 768w, https:\/\/www.leeb-balkone.com\/app\/uploads\/2023\/08\/LeebSommerfest2023-12-1536x1024.jpg 1536w, https:\/\/www.leeb-balkone.com\/app\/uploads\/2023\/08\/LeebSommerfest2023-12-2048x1366.jpg 2048w\" sizes=\"auto, (min-width: 1200px) 1024px, (min-width: 1024px) 768px, (min-width: 640px) 768px, 768px\" \/>        \n            \n          \n  <\/div>\n\n          <div>\n\n\n\n  \n    \n          \n\n              \n        \n\n        <img loading=\"lazy\" decoding=\"async\" width=\"1024\" height=\"683\" src=\"https:\/\/www.leeb-balkone.com\/app\/uploads\/2023\/08\/LeebSommerfest2023-13-1024x683.jpg\" class=\"no-lazy\" alt=\"LeebSommerfest2023 13\" srcset=\"https:\/\/www.leeb-balkone.com\/app\/uploads\/2023\/08\/LeebSommerfest2023-13-1024x683.jpg 1024w, https:\/\/www.leeb-balkone.com\/app\/uploads\/2023\/08\/LeebSommerfest2023-13-300x200.jpg 300w, https:\/\/www.leeb-balkone.com\/app\/uploads\/2023\/08\/LeebSommerfest2023-13-768x512.jpg 768w, https:\/\/www.leeb-balkone.com\/app\/uploads\/2023\/08\/LeebSommerfest2023-13-1536x1024.jpg 1536w, https:\/\/www.leeb-balkone.com\/app\/uploads\/2023\/08\/LeebSommerfest2023-13-2048x1366.jpg 2048w\" sizes=\"auto, (min-width: 1200px) 1024px, (min-width: 1024px) 768px, (min-width: 640px) 768px, 768px\" \/>        \n            \n          \n  <\/div>\n\n      <\/div>\n\n<\/div>\n\n\n\n<div class=\"wp-block-cgb-t3-container-block none\" style=\"background-color:none\"><div class=\"grid-container\"><div class=\"grid-x\"><div class=\"cell small-12 medium-9 large-0 medium-offset-1 b-has-pt\">\n<h2 class=\"wp-block-heading\" id=\"ein-qualitatsprodukt-aus-osterreich\">Firmenevents<\/h2>\n\n\n\n<p>Die Weihnachtsfeier und das Sommerfest sind die Highlights des Jahres. Vor unseren beiden Betriebsurlaubszeiten feiern wir nochmals gemeinsam unsere Siege. <br>Hier darf es an Spa\u00df nicht fehlen. Im Sommer gibt es einen Programmh\u00f6hepunkt &#8211; n\u00e4mlich den Teambewerb, wo sich alle Mitarbeiterinnen und Mitarbeiter in Gruppen auf einen Wettlauf gegen die Zeit vorbereiten. Zu unseren Winterspecials z\u00e4hlen das Leeb Weihnachtsvideo sowie die Weihnachtsgeschenke, die jedes Jahr mit hoher Pr\u00e4zisit\u00e4t und Feingef\u00fchl ausgesucht und liebevoll verpackt werden. Nat\u00fcrlich kommt auch hier das Feiern nicht zu kurz. <\/p>\n<\/div><\/div><\/div><\/div>\n\n\n\n<div class=\"wp-block-cgb-t3-container-block none eduller\" style=\"background-color:none\"><div class=\"grid-container\"><div class=\"grid-x\"><div class=\"cell small-12 medium-10 large-0 medium-offset-1 b-has-pt b-has-lsmb\">\n<figure class=\"wp-block-embed aligncenter is-type-video is-provider-youtube wp-block-embed-youtube wp-embed-aspect-16-9 wp-has-aspect-ratio\"><div class=\"wp-block-embed__wrapper\">\n<iframe loading=\"lazy\" title=\"LEEB SOMMERGRILLFEST 2023\" width=\"500\" height=\"281\" src=\"https:\/\/www.youtube.com\/embed\/LMQjQVyrEU0?feature=oembed\" frameborder=\"0\" allow=\"accelerometer; autoplay; clipboard-write; encrypted-media; gyroscope; picture-in-picture; web-share\" referrerpolicy=\"strict-origin-when-cross-origin\" allowfullscreen><\/iframe>\n<\/div><\/figure>\n\n\n\n<figure class=\"wp-block-embed aligncenter is-type-video is-provider-youtube wp-block-embed-youtube wp-embed-aspect-16-9 wp-has-aspect-ratio\"><div class=\"wp-block-embed__wrapper\">\n<iframe loading=\"lazy\" title=\"WIR ERLEEBEN WEIHNACHT Merry Christmas Everyone Leeb Cover\" width=\"500\" height=\"281\" src=\"https:\/\/www.youtube.com\/embed\/-p9EjjV2cAQ?feature=oembed\" frameborder=\"0\" allow=\"accelerometer; autoplay; clipboard-write; encrypted-media; gyroscope; picture-in-picture; web-share\" referrerpolicy=\"strict-origin-when-cross-origin\" allowfullscreen><\/iframe>\n<\/div><\/figure>\n\n\n\n<figure class=\"wp-block-embed is-type-video is-provider-youtube wp-block-embed-youtube wp-embed-aspect-16-9 wp-has-aspect-ratio\"><div class=\"wp-block-embed__wrapper\">\n<iframe loading=\"lazy\" title=\"Leeb Sommerfest 2022 | Burg Glanegg\" width=\"500\" height=\"281\" src=\"https:\/\/www.youtube.com\/embed\/8K1-TYfBtEM?feature=oembed\" frameborder=\"0\" allow=\"accelerometer; autoplay; clipboard-write; encrypted-media; gyroscope; picture-in-picture; web-share\" referrerpolicy=\"strict-origin-when-cross-origin\" allowfullscreen><\/iframe>\n<\/div><\/figure>\n<\/div><\/div><\/div><\/div>\n<\/section>\n\n\n\n<p><br><\/p>\n","protected":false},"excerpt":{"rendered":"","protected":false},"author":3,"featured_media":0,"parent":0,"menu_order":100,"comment_status":"closed","ping_status":"closed","template":"template-onepager.blade.php","meta":{"_acf_changed":false,"footnotes":"","_sage_theme_css":true,"_wp_block_core_css":false},"folder":[],"class_list":["post-106982","page","type-page","status-publish","hentry"],"acf":[],"yoast_head":"<!-- This site is optimized with the Yoast SEO plugin v27.2 - https:\/\/yoast.com\/product\/yoast-seo-wordpress\/ -->\n<title>Au\u00dfergew\u00f6hnliche Mitarbeiteraktionen - Leeb Balkone Deutschland<\/title>\n<meta name=\"description\" content=\"Neben der Leeb Benefits bekommen unserer Mitarbeiter auch interne Leeb Gutscheine, die sie in unseren Partnerunternehmen oder in Form eines\" \/>\n<meta name=\"robots\" content=\"index, follow, max-snippet:-1, max-image-preview:large, max-video-preview:-1\" \/>\n<meta property=\"og:locale\" content=\"de_DE\" \/>\n<meta property=\"og:type\" content=\"article\" \/>\n<meta property=\"og:title\" content=\"Au\u00dfergew\u00f6hnliche Mitarbeiteraktionen - Leeb Balkone\" \/>\n<meta property=\"og:description\" content=\"Neben der Leeb Benefits bekommen unserer Mitarbeiter auch interne Leeb Gutscheine, die sie in unseren Partnerunternehmen oder in Form eines\" \/>\n<meta property=\"og:url\" content=\"https:\/\/www.leeb-balkone.com\/de\/aussergewoehnliche-mitarbeiteraktionen\/\" \/>\n<meta property=\"og:site_name\" content=\"Leeb Balkone\" \/>\n<meta property=\"article:publisher\" content=\"https:\/\/www.facebook.com\/balkone\/\" \/>\n<meta property=\"article:modified_time\" content=\"2026-01-13T13:18:04+00:00\" \/>\n<meta property=\"og:image\" content=\"https:\/\/www.leeb-balkone.com\/app\/uploads\/2020\/09\/alu-balkongelaender-zufriedene-kunden-1.jpg\" \/>\n\t<meta property=\"og:image:width\" content=\"2560\" \/>\n\t<meta property=\"og:image:height\" content=\"1762\" \/>\n\t<meta property=\"og:image:type\" content=\"image\/jpeg\" \/>\n<meta name=\"twitter:card\" content=\"summary_large_image\" \/>\n<script type=\"application\/ld+json\" class=\"yoast-schema-graph\">{\"@context\":\"https:\/\/schema.org\",\"@graph\":[{\"@type\":\"WebPage\",\"@id\":\"https:\/\/www.leeb-balkone.com\/de\/aussergewoehnliche-mitarbeiteraktionen\/\",\"url\":\"https:\/\/www.leeb-balkone.com\/de\/aussergewoehnliche-mitarbeiteraktionen\/\",\"name\":\"Au\u00dfergew\u00f6hnliche Mitarbeiteraktionen - Leeb Balkone\",\"isPartOf\":{\"@id\":\"https:\/\/www.leeb-balkone.com\/de\/#website\"},\"datePublished\":\"2022-11-23T09:36:39+00:00\",\"dateModified\":\"2026-01-13T13:18:04+00:00\",\"description\":\"Neben der Leeb Benefits bekommen unserer Mitarbeiter auch interne Leeb Gutscheine, die sie in unseren Partnerunternehmen oder in Form eines\",\"breadcrumb\":{\"@id\":\"https:\/\/www.leeb-balkone.com\/de\/aussergewoehnliche-mitarbeiteraktionen\/#breadcrumb\"},\"inLanguage\":\"de\",\"potentialAction\":[{\"@type\":\"ReadAction\",\"target\":[\"https:\/\/www.leeb-balkone.com\/de\/aussergewoehnliche-mitarbeiteraktionen\/\"]}]},{\"@type\":\"BreadcrumbList\",\"@id\":\"https:\/\/www.leeb-balkone.com\/de\/aussergewoehnliche-mitarbeiteraktionen\/#breadcrumb\",\"itemListElement\":[{\"@type\":\"ListItem\",\"position\":1,\"name\":\"Home\",\"item\":\"https:\/\/www.leeb-balkone.com\/de\/\"},{\"@type\":\"ListItem\",\"position\":2,\"name\":\"Au\u00dfergew\u00f6hnliche Mitarbeiteraktionen\"}]},{\"@type\":\"WebSite\",\"@id\":\"https:\/\/www.leeb-balkone.com\/de\/#website\",\"url\":\"https:\/\/www.leeb-balkone.com\/de\/\",\"name\":\"Leeb Balkone\",\"description\":\"Balkone und Z\u00e4une\",\"publisher\":{\"@id\":\"https:\/\/www.leeb-balkone.com\/de\/#organization\"},\"potentialAction\":[{\"@type\":\"SearchAction\",\"target\":{\"@type\":\"EntryPoint\",\"urlTemplate\":\"https:\/\/www.leeb-balkone.com\/de\/?s={search_term_string}\"},\"query-input\":{\"@type\":\"PropertyValueSpecification\",\"valueRequired\":true,\"valueName\":\"search_term_string\"}}],\"inLanguage\":\"de\"},{\"@type\":\"Organization\",\"@id\":\"https:\/\/www.leeb-balkone.com\/de\/#organization\",\"name\":\"Leeb Balkone Gmbh\",\"url\":\"https:\/\/www.leeb-balkone.com\/de\/\",\"logo\":{\"@type\":\"ImageObject\",\"inLanguage\":\"de\",\"@id\":\"https:\/\/www.leeb-balkone.com\/de\/#\/schema\/logo\/image\/\",\"url\":\"https:\/\/www.leeb-balkone.com\/app\/uploads\/2020\/11\/leeb-logo.svg\",\"contentUrl\":\"https:\/\/www.leeb-balkone.com\/app\/uploads\/2020\/11\/leeb-logo.svg\",\"width\":741,\"height\":204,\"caption\":\"Leeb Balkone Gmbh\"},\"image\":{\"@id\":\"https:\/\/www.leeb-balkone.com\/de\/#\/schema\/logo\/image\/\"},\"sameAs\":[\"https:\/\/www.facebook.com\/balkone\/\",\"https:\/\/www.trustedshops.at\/bewertung\/info_X4587CCF5833E31AFE0B11F47D86999F2.html\",\"https:\/\/www.trustedshops.de\/bewertung\/info_X7BA536A7A0BDC86D36C4718E4DCAEEEF.html\",\"https:\/\/www.google.com\/maps\/place\/?q=place_id:ChIJ5-zH19-IcEcR9HonWRTllHI\"]}]}<\/script>\n<!-- \/ Yoast SEO plugin. -->","yoast_head_json":{"title":"Au\u00dfergew\u00f6hnliche Mitarbeiteraktionen - Leeb Balkone Deutschland","description":"Neben der Leeb Benefits bekommen unserer Mitarbeiter auch interne Leeb Gutscheine, die sie in unseren Partnerunternehmen oder in Form eines","robots":{"index":"index","follow":"follow","max-snippet":"max-snippet:-1","max-image-preview":"max-image-preview:large","max-video-preview":"max-video-preview:-1"},"og_locale":"de_DE","og_type":"article","og_title":"Au\u00dfergew\u00f6hnliche Mitarbeiteraktionen - Leeb Balkone","og_description":"Neben der Leeb Benefits bekommen unserer Mitarbeiter auch interne Leeb Gutscheine, die sie in unseren Partnerunternehmen oder in Form eines","og_url":"https:\/\/www.leeb-balkone.com\/de\/aussergewoehnliche-mitarbeiteraktionen\/","og_site_name":"Leeb Balkone","article_publisher":"https:\/\/www.facebook.com\/balkone\/","article_modified_time":"2026-01-13T13:18:04+00:00","og_image":[{"width":2560,"height":1762,"url":"https:\/\/www.leeb-balkone.com\/app\/uploads\/2020\/09\/alu-balkongelaender-zufriedene-kunden-1.jpg","type":"image\/jpeg"}],"twitter_card":"summary_large_image","schema":{"@context":"https:\/\/schema.org","@graph":[{"@type":"WebPage","@id":"https:\/\/www.leeb-balkone.com\/de\/aussergewoehnliche-mitarbeiteraktionen\/","url":"https:\/\/www.leeb-balkone.com\/de\/aussergewoehnliche-mitarbeiteraktionen\/","name":"Au\u00dfergew\u00f6hnliche Mitarbeiteraktionen - Leeb Balkone","isPartOf":{"@id":"https:\/\/www.leeb-balkone.com\/de\/#website"},"datePublished":"2022-11-23T09:36:39+00:00","dateModified":"2026-01-13T13:18:04+00:00","description":"Neben der Leeb Benefits bekommen unserer Mitarbeiter auch interne Leeb Gutscheine, die sie in unseren Partnerunternehmen oder in Form eines","breadcrumb":{"@id":"https:\/\/www.leeb-balkone.com\/de\/aussergewoehnliche-mitarbeiteraktionen\/#breadcrumb"},"inLanguage":"de","potentialAction":[{"@type":"ReadAction","target":["https:\/\/www.leeb-balkone.com\/de\/aussergewoehnliche-mitarbeiteraktionen\/"]}]},{"@type":"BreadcrumbList","@id":"https:\/\/www.leeb-balkone.com\/de\/aussergewoehnliche-mitarbeiteraktionen\/#breadcrumb","itemListElement":[{"@type":"ListItem","position":1,"name":"Home","item":"https:\/\/www.leeb-balkone.com\/de\/"},{"@type":"ListItem","position":2,"name":"Au\u00dfergew\u00f6hnliche Mitarbeiteraktionen"}]},{"@type":"WebSite","@id":"https:\/\/www.leeb-balkone.com\/de\/#website","url":"https:\/\/www.leeb-balkone.com\/de\/","name":"Leeb Balkone","description":"Balkone und Z\u00e4une","publisher":{"@id":"https:\/\/www.leeb-balkone.com\/de\/#organization"},"potentialAction":[{"@type":"SearchAction","target":{"@type":"EntryPoint","urlTemplate":"https:\/\/www.leeb-balkone.com\/de\/?s={search_term_string}"},"query-input":{"@type":"PropertyValueSpecification","valueRequired":true,"valueName":"search_term_string"}}],"inLanguage":"de"},{"@type":"Organization","@id":"https:\/\/www.leeb-balkone.com\/de\/#organization","name":"Leeb Balkone Gmbh","url":"https:\/\/www.leeb-balkone.com\/de\/","logo":{"@type":"ImageObject","inLanguage":"de","@id":"https:\/\/www.leeb-balkone.com\/de\/#\/schema\/logo\/image\/","url":"https:\/\/www.leeb-balkone.com\/app\/uploads\/2020\/11\/leeb-logo.svg","contentUrl":"https:\/\/www.leeb-balkone.com\/app\/uploads\/2020\/11\/leeb-logo.svg","width":741,"height":204,"caption":"Leeb Balkone Gmbh"},"image":{"@id":"https:\/\/www.leeb-balkone.com\/de\/#\/schema\/logo\/image\/"},"sameAs":["https:\/\/www.facebook.com\/balkone\/","https:\/\/www.trustedshops.at\/bewertung\/info_X4587CCF5833E31AFE0B11F47D86999F2.html","https:\/\/www.trustedshops.de\/bewertung\/info_X7BA536A7A0BDC86D36C4718E4DCAEEEF.html","https:\/\/www.google.com\/maps\/place\/?q=place_id:ChIJ5-zH19-IcEcR9HonWRTllHI"]}]}},"_links":{"self":[{"href":"https:\/\/www.leeb-balkone.com\/de\/wp-json\/wp\/v2\/pages\/106982","targetHints":{"allow":["GET"]}}],"collection":[{"href":"https:\/\/www.leeb-balkone.com\/de\/wp-json\/wp\/v2\/pages"}],"about":[{"href":"https:\/\/www.leeb-balkone.com\/de\/wp-json\/wp\/v2\/types\/page"}],"author":[{"embeddable":true,"href":"https:\/\/www.leeb-balkone.com\/de\/wp-json\/wp\/v2\/users\/3"}],"replies":[{"embeddable":true,"href":"https:\/\/www.leeb-balkone.com\/de\/wp-json\/wp\/v2\/comments?post=106982"}],"version-history":[{"count":0,"href":"https:\/\/www.leeb-balkone.com\/de\/wp-json\/wp\/v2\/pages\/106982\/revisions"}],"wp:attachment":[{"href":"https:\/\/www.leeb-balkone.com\/de\/wp-json\/wp\/v2\/media?parent=106982"}],"wp:term":[{"taxonomy":"folder","embeddable":true,"href":"https:\/\/www.leeb-balkone.com\/de\/wp-json\/wp\/v2\/folder?post=106982"}],"curies":[{"name":"wp","href":"https:\/\/api.w.org\/{rel}","templated":true}]}}