{"id":168136,"date":"2026-04-21T11:32:21","date_gmt":"2026-04-21T11:32:21","guid":{"rendered":"https:\/\/www.leeb-balkone.com\/?post_type=jobs&#038;p=168136"},"modified":"2026-04-21T11:32:30","modified_gmt":"2026-04-21T11:32:30","slug":"oberflaechentechniker","status":"publish","type":"jobs","link":"https:\/\/www.leeb-balkone.com\/de\/jobs\/oberflaechentechniker\/","title":{"rendered":"Oberfl\u00e4chentechniker"},"content":{"rendered":"\n<div class=\"wp-block-group alignfull is-layout-flow wp-container-core-group-is-layout-a77db08e wp-block-group-is-layout-flow\">\n<div class=\"wp-block-cover alignfull has-custom-content-position is-position-bottom-center has-white-color has-text-color has-link-color wp-elements-957528047560fd4feae24ef8455871fe\" style=\"padding-right:0;padding-bottom:var(--wp--preset--spacing--2-xl);padding-left:0;min-height:80vh;aspect-ratio:unset;\"><img loading=\"lazy\" decoding=\"async\" width=\"1024\" height=\"683\" class=\"wp-block-cover__image-background wp-image-168138 size-large\" alt=\"Pulverbeschichtung 6 Querformat\" src=\"https:\/\/www.leeb-balkone.com\/app\/uploads\/2026\/04\/Pulverbeschichtung-6-Querformat-1024x683.jpg\" data-object-fit=\"cover\" srcset=\"https:\/\/www.leeb-balkone.com\/app\/uploads\/2026\/04\/Pulverbeschichtung-6-Querformat-1024x683.jpg 1024w, https:\/\/www.leeb-balkone.com\/app\/uploads\/2026\/04\/Pulverbeschichtung-6-Querformat-300x200.jpg 300w, https:\/\/www.leeb-balkone.com\/app\/uploads\/2026\/04\/Pulverbeschichtung-6-Querformat-768x512.jpg 768w, https:\/\/www.leeb-balkone.com\/app\/uploads\/2026\/04\/Pulverbeschichtung-6-Querformat-1536x1024.jpg 1536w, https:\/\/www.leeb-balkone.com\/app\/uploads\/2026\/04\/Pulverbeschichtung-6-Querformat-2048x1365.jpg 2048w\" sizes=\"auto, (max-width: 1024px) 100vw, 1024px\" \/><span aria-hidden=\"true\" class=\"wp-block-cover__background has-background-dim-70 has-background-dim wp-block-cover__gradient-background has-background-gradient\" style=\"background:linear-gradient(179deg,rgba(0,0,0,0) 0%,rgb(0,0,0) 73%)\"><\/span><div class=\"wp-block-cover__inner-container has-global-padding is-layout-constrained wp-container-core-cover-is-layout-fe0db480 wp-block-cover-is-layout-constrained\">\n<div class=\"wp-block-group has-global-padding is-content-justification-left is-layout-constrained wp-container-core-group-is-layout-a250a9f9 wp-block-group-is-layout-constrained\" style=\"padding-right:0;padding-left:0\">\n<div class=\"wp-block-group is-vertical is-layout-flex wp-container-core-group-is-layout-264474f9 wp-block-group-is-layout-flex\"><h1 class=\"wp-block-post-title\">Oberfl\u00e4chentechniker<\/h1>\n\n\n<p><span class=\"uppercase\"><strong>(m\/w\/d)<\/strong><\/span><\/p>\n<\/div>\n\n\n\n<p><span class=\"teaser\">Du hast ein Auge f\u00fcrs Detail und willst Oberfl\u00e4chen zum Strahlen bringen? <\/span><\/p>\n\n\n\n<p><span class=\"teaser\">Dann bist du bei uns genau richtig<\/span>!<\/p>\n\n\n\n<div class=\"wp-block-buttons is-layout-flex wp-block-buttons-is-layout-flex\">\n<div class=\"wp-block-button\"><a class=\"wp-block-button__link wp-element-button\" href=\"#bewerbung\">Jetzt bewerben<\/a><\/div>\n\n\n\n<div class=\"wp-block-button is-style-outline-white smooth-scroll\"><a class=\"wp-block-button__link wp-element-button\" href=\"#benefits\">Deine Benefits<\/a><\/div>\n<\/div>\n<\/div>\n<\/div><\/div>\n\n\n\n<section class=\"wp-block-group alignfull has-white-background-color has-background has-global-padding is-layout-constrained wp-container-core-group-is-layout-58d99300 wp-block-group-is-layout-constrained\" style=\"padding-top:var(--wp--preset--spacing--xl);padding-bottom:var(--wp--preset--spacing--2-xl)\">\n<div class=\"wp-block-group breadcrumb has-global-padding is-layout-constrained wp-container-core-group-is-layout-cf8232cb wp-block-group-is-layout-constrained\">\n<div class=\"wp-block-group is-layout-flow wp-block-group-is-layout-flow\" style=\"padding-bottom:var(--wp--preset--spacing--xl)\">\n<span><span><a href=\"https:\/\/www.leeb-balkone.com\/de\/\">Home<\/a><\/span><\/span>\n<\/div>\n<\/div>\n\n\n\n<div class=\"wp-block-group is-layout-grid wp-container-core-group-is-layout-68c8b414 wp-block-group-is-layout-grid\" style=\"margin-top:0\">\n<div class=\"wp-block-group t3-job-facts has-light-gray-background-color has-background wp-container-content-725258bd is-vertical is-content-justification-center is-layout-flex wp-container-core-group-is-layout-2109e5e0 wp-block-group-is-layout-flex\" style=\"padding-top:var(--wp--preset--spacing--m);padding-right:var(--wp--preset--spacing--s);padding-bottom:var(--wp--preset--spacing--m);padding-left:var(--wp--preset--spacing--s)\">\n<figure class=\"wp-block-image aligncenter size-full is-resized\"><img loading=\"lazy\" decoding=\"async\" width=\"32\" height=\"32\" src=\"https:\/\/www.leeb-balkone.com\/app\/uploads\/2025\/03\/clock.svg\" alt=\"clock\" class=\"wp-image-145627\" style=\"width:32px\"\/><\/figure>\n\n\n\n<div class=\"wp-block-group is-vertical is-content-justification-center is-layout-flex wp-container-core-group-is-layout-a24e3638 wp-block-group-is-layout-flex\">\n<p class=\"has-text-align-center has-step-xs-font-size\">Arbeitsmodell<\/p>\n\n\n\n<p class=\"has-text-align-center has-step-05-font-size\"><strong>Vollzeit<\/strong><\/p>\n<\/div>\n<\/div>\n\n\n\n<div class=\"wp-block-group t3-job-facts has-light-gray-background-color has-background wp-container-content-725258bd is-vertical is-content-justification-center is-layout-flex wp-container-core-group-is-layout-2109e5e0 wp-block-group-is-layout-flex\" style=\"padding-top:var(--wp--preset--spacing--m);padding-right:var(--wp--preset--spacing--s);padding-bottom:var(--wp--preset--spacing--m);padding-left:var(--wp--preset--spacing--s)\">\n<figure class=\"wp-block-image aligncenter size-full is-resized\"><img loading=\"lazy\" decoding=\"async\" width=\"32\" height=\"32\" src=\"https:\/\/www.leeb-balkone.com\/app\/uploads\/2025\/03\/calendar.svg\" alt=\"calendar\" class=\"wp-image-145622\" style=\"width:32px\"\/><\/figure>\n\n\n\n<div class=\"wp-block-group is-vertical is-content-justification-center is-layout-flex wp-container-core-group-is-layout-a24e3638 wp-block-group-is-layout-flex\">\n<p class=\"has-text-align-center has-step-xs-font-size\">Start<\/p>\n\n\n\n<p class=\"has-text-align-center has-step-05-font-size\"><strong>ab sofort<\/strong><\/p>\n<\/div>\n<\/div>\n\n\n\n<div class=\"wp-block-group t3-job-facts has-light-gray-background-color has-background wp-container-content-725258bd is-vertical is-content-justification-center is-layout-flex wp-container-core-group-is-layout-2109e5e0 wp-block-group-is-layout-flex\" style=\"padding-top:var(--wp--preset--spacing--m);padding-right:var(--wp--preset--spacing--s);padding-bottom:var(--wp--preset--spacing--m);padding-left:var(--wp--preset--spacing--s)\">\n<figure class=\"wp-block-image aligncenter size-full is-resized\"><img loading=\"lazy\" decoding=\"async\" width=\"32\" height=\"32\" src=\"https:\/\/www.leeb-balkone.com\/app\/uploads\/2025\/03\/tools.svg\" alt=\"tools\" class=\"wp-image-145642\" style=\"width:32px\"\/><\/figure>\n\n\n\n<div class=\"wp-block-group is-vertical is-content-justification-center is-layout-flex wp-container-core-group-is-layout-a24e3638 wp-block-group-is-layout-flex\">\n<p class=\"has-text-align-center has-step-xs-font-size\">Kollektivvertrag<\/p>\n\n\n\n<p class=\"has-text-align-center has-step-05-font-size\"><strong>Metallindustrie<\/strong><\/p>\n<\/div>\n<\/div>\n\n\n\n<div class=\"wp-block-group t3-job-facts has-light-gray-background-color has-background wp-container-content-725258bd is-vertical is-content-justification-center is-layout-flex wp-container-core-group-is-layout-2109e5e0 wp-block-group-is-layout-flex\" style=\"padding-top:var(--wp--preset--spacing--m);padding-right:var(--wp--preset--spacing--s);padding-bottom:var(--wp--preset--spacing--m);padding-left:var(--wp--preset--spacing--s)\">\n<figure class=\"wp-block-image aligncenter size-full is-resized\"><img loading=\"lazy\" decoding=\"async\" width=\"32\" height=\"32\" src=\"https:\/\/www.leeb-balkone.com\/app\/uploads\/2025\/03\/pin.svg\" alt=\"pin\" class=\"wp-image-145637\" style=\"width:32px\"\/><\/figure>\n\n\n\n<div class=\"wp-block-group is-vertical is-content-justification-center is-layout-flex wp-container-core-group-is-layout-a24e3638 wp-block-group-is-layout-flex\">\n<p class=\"has-text-align-center has-step-xs-font-size\">Arbeitsort<\/p>\n\n\n\n<p class=\"has-text-align-center has-step-05-font-size\"><strong>9563 Gnesau<\/strong><\/p>\n<\/div>\n<\/div>\n\n\n\n<div class=\"wp-block-group t3-job-facts has-light-gray-background-color has-background wp-container-content-725258bd is-vertical is-content-justification-center is-layout-flex wp-container-core-group-is-layout-2109e5e0 wp-block-group-is-layout-flex\" style=\"padding-top:var(--wp--preset--spacing--m);padding-right:var(--wp--preset--spacing--s);padding-bottom:var(--wp--preset--spacing--m);padding-left:var(--wp--preset--spacing--s)\">\n<figure class=\"wp-block-image aligncenter size-full is-resized\"><img loading=\"lazy\" decoding=\"async\" width=\"32\" height=\"32\" src=\"https:\/\/www.leeb-balkone.com\/app\/uploads\/2025\/03\/coin.svg\" alt=\"coin\" class=\"wp-image-145632\" style=\"width:32px\"\/><\/figure>\n\n\n\n<div class=\"wp-block-group is-vertical is-content-justification-center is-layout-flex wp-container-core-group-is-layout-a24e3638 wp-block-group-is-layout-flex\">\n<p class=\"has-text-align-center has-step-xs-font-size\">Gehalt mind.<\/p>\n\n\n\n<p class=\"has-text-align-center has-step-05-font-size\"><strong>EUR 2.900 brutto<\/strong><\/p>\n<\/div>\n<\/div>\n<\/div>\n\n\n\n<div class=\"wp-block-group has-global-padding is-layout-constrained wp-container-core-group-is-layout-e40817b5 wp-block-group-is-layout-constrained\" style=\"padding-top:var(--wp--preset--spacing--xl)\">\n<p>Zur Verst\u00e4rkung unseres Teams suchen wir Kollegen\/innen, die mit Pr\u00e4zision und Leidenschaft arbeiten und gemeinsam mit uns Qualit\u00e4t sichtbar machen.<\/p>\n\n\n\n<p>Ob du bereits Erfahrung in der Oberfl\u00e4chentechnik hast oder dich in dieses spannende Feld einarbeiten m\u00f6chtest \u2013 bei uns z\u00e4hlen dein Einsatz und dein Wille, etwas zu bewegen.<\/p>\n\n\n\n<div class=\"wp-block-group is-layout-flow wp-block-group-is-layout-flow\">\n<h2 class=\"wp-block-heading has-step-1-font-size\">Das bieten wir dir<\/h2>\n\n\n\n<ul class=\"wp-block-list is-style-checkmark-2\">\n<li>Schnellen Einstieg und umfassende Einschulung<\/li>\n\n\n\n<li>4,5 Tage Woche und planbare Arbeitszeiten<\/li>\n\n\n\n<li>Kostenlosen Shuttle-Service nach Gnesau von Feldkirchen und Radenthein<\/li>\n\n\n\n<li>Umfassende Mitarbeiterverg\u00fcnstigungen und Veranstaltungen<\/li>\n\n\n\n<li>Motiviertes Team, tolles Betriebsklima und gegenseitige Wertsch\u00e4tzung<\/li>\n\n\n\n<li>Attraktive Bezahlung ab \u20ac 2.570,- brutto (\u00dcberzahlung je nach Berufserfahrung und Leistung)<\/li>\n<\/ul>\n<\/div>\n\n\n\n<div class=\"wp-block-group is-layout-flow wp-block-group-is-layout-flow\">\n<h2 class=\"wp-block-heading has-step-1-font-size\">Deine Zust\u00e4ndigkeiten und Aufgaben<\/h2>\n\n\n\n<ul class=\"wp-block-list is-style-checkmark-2\">\n<li>Vorbereiten des Materials sowie Mittarbeit in der Beschichtung<\/li>\n\n\n\n<li>Sicherstellung optimaler Voraussetzungen f\u00fcr eine perfekte Beschichtung<\/li>\n\n\n\n<li>Durchf\u00fchrung und Auswertung von Laboranalysen (z. B. Schichtst\u00e4rkenmessung, Haftungspr\u00fcfungen)<\/li>\n\n\n\n<li>Unterst\u00fctzung bei weiterf\u00fchrenden Laborarbeiten zur Qualit\u00e4ts- und Prozesskontrolle<\/li>\n\n\n\n<li>Sicherstellung unserer hohen Qualit\u00e4tsstandards durch genaue Kontrolle<\/li>\n\n\n\n<li>Bedienung und Anlagenf\u00fchrung im Bereich der Pulverbeschichtung<\/li>\n\n\n\n<li>Instandhaltung und Wartung der Maschinen und Anlage<\/li>\n<\/ul>\n<\/div>\n\n\n\n<div class=\"wp-block-group is-layout-flow wp-block-group-is-layout-flow\">\n<h2 class=\"wp-block-heading has-step-1-font-size\">Qualifikationen \/ Anforderungen<\/h2>\n\n\n\n<ul class=\"wp-block-list is-style-checkmark-2\">\n<li>Abgeschlossene Ausbildung als Oberfl\u00e4chentechniker, Maler oder \u00e4hnliches von Vorteil<\/li>\n\n\n\n<li>Erfahrung in der Oberfl\u00e4chenvorbehandlung und -bearbeitung<\/li>\n\n\n\n<li>Handwerkliches Geschick und Gesp\u00fcr f\u00fcr Qualit\u00e4t<\/li>\n\n\n\n<li>Technisches Verst\u00e4ndnis und Bereitschaft, Neues zu lernen<\/li>\n\n\n\n<li>Selbstst\u00e4ndige, zuverl\u00e4ssige Arbeitsweise und Teamgeist<\/li>\n\n\n\n<li>Verantwortungsbewusstsein und sorgf\u00e4ltiger Umgang mit unseren Produkten<\/li>\n\n\n\n<li>K\u00f6rperliche Belastbarkeit und Freude an aktiver Arbeit<\/li>\n<\/ul>\n<\/div>\n\n\n\n<div class=\"wp-block-buttons is-layout-flex wp-block-buttons-is-layout-flex\">\n<div class=\"wp-block-button\"><a class=\"wp-block-button__link wp-element-button\" href=\"#bewerbung\">Jetzt bewerben<\/a><\/div>\n<\/div>\n<\/div>\n<\/section>\n\n\n\n<section class=\"wp-block-group alignfull has-light-gray-background-color has-background has-global-padding is-layout-constrained wp-container-core-group-is-layout-e37a80b5 wp-block-group-is-layout-constrained\" id=\"benefits\" style=\"margin-top:0;margin-bottom:0;padding-top:var(--wp--preset--spacing--2-xl);padding-bottom:var(--wp--preset--spacing--2-xl)\">\n<div class=\"wp-block-group has-global-padding is-layout-constrained wp-container-core-group-is-layout-5cdcde31 wp-block-group-is-layout-constrained\" style=\"padding-bottom:var(--wp--preset--spacing--l)\">\n<div class=\"wp-block-columns is-layout-flex wp-container-core-columns-is-layout-f0342b05 wp-block-columns-is-layout-flex\" style=\"margin-top:0;margin-bottom:0\">\n<div class=\"wp-block-column is-vertically-aligned-bottom is-layout-flow wp-block-column-is-layout-flow\" style=\"flex-basis:66.66%\">\n<h2 class=\"wp-block-heading\">Deine Benefits<\/h2>\n<\/div>\n\n\n\n<div class=\"wp-block-column is-vertically-aligned-bottom is-layout-flow wp-block-column-is-layout-flow\" style=\"flex-basis:33.33%\">\n<div class=\"wp-block-buttons u-m-jc-left is-content-justification-right is-layout-flex wp-container-core-buttons-is-layout-c060c6c7 wp-block-buttons-is-layout-flex\">\n<div class=\"wp-block-button is-style-outline-secondary\"><a class=\"wp-block-button__link wp-element-button\" href=\"https:\/\/www.leeb-balkone.com\/de\/leeb-benefits-fuer-mitarbeiter\/\">Alle Benefits<\/a><\/div>\n<\/div>\n<\/div>\n<\/div>\n<\/div>\n\n\n\n<div class=\"wp-block-group is-layout-flow wp-block-group-is-layout-flow\" style=\"margin-top:0\">\n<div class=\"wp-block-group is-layout-grid wp-container-core-group-is-layout-7785d981 wp-block-group-is-layout-grid\">\n<div class=\"wp-block-group m-card benefits has-global-padding is-layout-constrained wp-block-group-is-layout-constrained\">\n<div class=\"wp-block-cover has-custom-content-position is-position-bottom-center\" style=\"padding-bottom:var(--wp--preset--spacing--m)\"><img loading=\"lazy\" decoding=\"async\" width=\"1024\" height=\"683\" class=\"wp-block-cover__image-background wp-image-158469 size-large\" alt=\"Lehrlingsbilder 2025 Website\" src=\"https:\/\/www.leeb-balkone.com\/app\/uploads\/2025\/10\/Lehrlingsbilder-2025-Website-30-1024x683.jpg\" data-object-fit=\"cover\" srcset=\"https:\/\/www.leeb-balkone.com\/app\/uploads\/2025\/10\/Lehrlingsbilder-2025-Website-30-1024x683.jpg 1024w, https:\/\/www.leeb-balkone.com\/app\/uploads\/2025\/10\/Lehrlingsbilder-2025-Website-30-300x200.jpg 300w, https:\/\/www.leeb-balkone.com\/app\/uploads\/2025\/10\/Lehrlingsbilder-2025-Website-30-768x512.jpg 768w, https:\/\/www.leeb-balkone.com\/app\/uploads\/2025\/10\/Lehrlingsbilder-2025-Website-30-1536x1024.jpg 1536w, https:\/\/www.leeb-balkone.com\/app\/uploads\/2025\/10\/Lehrlingsbilder-2025-Website-30-2048x1366.jpg 2048w\" sizes=\"auto, (max-width: 1024px) 100vw, 1024px\" \/><span aria-hidden=\"true\" class=\"wp-block-cover__background has-background-dim wp-block-cover__gradient-background has-background-gradient\" style=\"background:linear-gradient(180deg,rgba(0,0,0,0) 0%,rgb(0,0,0) 53%)\"><\/span><div class=\"wp-block-cover__inner-container has-global-padding is-layout-constrained wp-block-cover-is-layout-constrained\">\n<div class=\"wp-block-group is-vertical is-layout-flex wp-container-core-group-is-layout-ad69fd43 wp-block-group-is-layout-flex\">\n<h3 class=\"wp-block-heading has-text-align-left has-step-2-font-size\"><span class=\"uppercase\">Arbeiten<\/span><br><span class=\"uppercase\">im Team<\/span><\/h3>\n\n\n\n<p class=\"has-step-s-font-size\">Gutes Arbeitsklima und\u2028flache Hierachien<\/p>\n<\/div>\n<\/div><\/div>\n<\/div>\n\n\n\n<div class=\"wp-block-group m-card benefits has-global-padding is-layout-constrained wp-block-group-is-layout-constrained\">\n<div class=\"wp-block-cover has-custom-content-position is-position-bottom-center\" style=\"padding-bottom:var(--wp--preset--spacing--m)\"><img loading=\"lazy\" decoding=\"async\" width=\"683\" height=\"1024\" class=\"wp-block-cover__image-background wp-image-158450 size-large\" alt=\"Mitarbeiterbus 2025\" src=\"https:\/\/www.leeb-balkone.com\/app\/uploads\/2025\/10\/Mitarbeiterbus-2025-1-683x1024.jpg\" data-object-fit=\"cover\" srcset=\"https:\/\/www.leeb-balkone.com\/app\/uploads\/2025\/10\/Mitarbeiterbus-2025-1-683x1024.jpg 683w, https:\/\/www.leeb-balkone.com\/app\/uploads\/2025\/10\/Mitarbeiterbus-2025-1-200x300.jpg 200w, https:\/\/www.leeb-balkone.com\/app\/uploads\/2025\/10\/Mitarbeiterbus-2025-1-768x1152.jpg 768w, https:\/\/www.leeb-balkone.com\/app\/uploads\/2025\/10\/Mitarbeiterbus-2025-1-1024x1536.jpg 1024w, https:\/\/www.leeb-balkone.com\/app\/uploads\/2025\/10\/Mitarbeiterbus-2025-1-1366x2048.jpg 1366w, https:\/\/www.leeb-balkone.com\/app\/uploads\/2025\/10\/Mitarbeiterbus-2025-1-scaled.jpg 1707w\" sizes=\"auto, (max-width: 683px) 100vw, 683px\" \/><span aria-hidden=\"true\" class=\"wp-block-cover__background has-background-dim wp-block-cover__gradient-background has-background-gradient\" style=\"background:linear-gradient(180deg,rgba(0,0,0,0) 0%,rgb(0,0,0) 53%)\"><\/span><div class=\"wp-block-cover__inner-container has-global-padding is-layout-constrained wp-block-cover-is-layout-constrained\">\n<div class=\"wp-block-group is-vertical is-layout-flex wp-container-core-group-is-layout-ad69fd43 wp-block-group-is-layout-flex\">\n<h3 class=\"wp-block-heading has-text-align-left has-step-2-font-size\">MITARBEITER-SHUTTLE<\/h3>\n\n\n\n<p class=\"has-step-s-font-size\">von Feldkirchen oder Radenthein<\/p>\n<\/div>\n<\/div><\/div>\n<\/div>\n\n\n\n<div class=\"wp-block-group m-card benefits has-global-padding is-layout-constrained wp-block-group-is-layout-constrained\">\n<div class=\"wp-block-cover has-custom-content-position is-position-bottom-center\" style=\"padding-bottom:var(--wp--preset--spacing--m)\"><img loading=\"lazy\" decoding=\"async\" width=\"1024\" height=\"682\" class=\"wp-block-cover__image-background wp-image-158846 size-large\" alt=\"DJI_0369\" src=\"https:\/\/www.leeb-balkone.com\/app\/uploads\/2025\/10\/DJI_0369-1024x682.jpg\" style=\"object-position:0% 39%\" data-object-fit=\"cover\" data-object-position=\"0% 39%\" srcset=\"https:\/\/www.leeb-balkone.com\/app\/uploads\/2025\/10\/DJI_0369-1024x682.jpg 1024w, https:\/\/www.leeb-balkone.com\/app\/uploads\/2025\/10\/DJI_0369-300x200.jpg 300w, https:\/\/www.leeb-balkone.com\/app\/uploads\/2025\/10\/DJI_0369-768x512.jpg 768w, https:\/\/www.leeb-balkone.com\/app\/uploads\/2025\/10\/DJI_0369-1536x1024.jpg 1536w, https:\/\/www.leeb-balkone.com\/app\/uploads\/2025\/10\/DJI_0369-2048x1365.jpg 2048w\" sizes=\"auto, (max-width: 1024px) 100vw, 1024px\" \/><span aria-hidden=\"true\" class=\"wp-block-cover__background has-background-dim wp-block-cover__gradient-background has-background-gradient\" style=\"background:linear-gradient(180deg,rgba(0,0,0,0) 0%,rgb(0,0,0) 53%)\"><\/span><div class=\"wp-block-cover__inner-container has-global-padding is-layout-constrained wp-block-cover-is-layout-constrained\">\n<div class=\"wp-block-group is-vertical is-layout-flex wp-container-core-group-is-layout-ad69fd43 wp-block-group-is-layout-flex\">\n<h3 class=\"wp-block-heading has-text-align-left has-step-2-font-size\">INNOVATIVE<br>FERTIGUNG<\/h3>\n\n\n\n<p class=\"has-step-s-font-size\">Einfache Einarbeitung durch papierlose Fertigung<\/p>\n<\/div>\n<\/div><\/div>\n<\/div>\n\n\n\n<div class=\"wp-block-group m-card benefits has-global-padding is-layout-constrained wp-block-group-is-layout-constrained\">\n<div class=\"wp-block-cover has-custom-content-position is-position-bottom-center\" style=\"padding-bottom:var(--wp--preset--spacing--m)\"><img loading=\"lazy\" decoding=\"async\" width=\"940\" height=\"600\" class=\"wp-block-cover__image-background wp-image-151899 size-full\" alt=\"Grafik_LEEBcard_940x600_2\" src=\"https:\/\/www.leeb-balkone.com\/app\/uploads\/2025\/07\/Grafik_LEEBcard_940x600_2.jpg\" style=\"object-position:41% 50%\" data-object-fit=\"cover\" data-object-position=\"41% 50%\" srcset=\"https:\/\/www.leeb-balkone.com\/app\/uploads\/2025\/07\/Grafik_LEEBcard_940x600_2.jpg 940w, https:\/\/www.leeb-balkone.com\/app\/uploads\/2025\/07\/Grafik_LEEBcard_940x600_2-300x191.jpg 300w, https:\/\/www.leeb-balkone.com\/app\/uploads\/2025\/07\/Grafik_LEEBcard_940x600_2-768x490.jpg 768w\" sizes=\"auto, (max-width: 940px) 100vw, 940px\" \/><span aria-hidden=\"true\" class=\"wp-block-cover__background has-background-dim wp-block-cover__gradient-background has-background-gradient\" style=\"background:linear-gradient(180deg,rgba(0,0,0,0) 0%,rgb(0,0,0) 53%)\"><\/span><div class=\"wp-block-cover__inner-container has-global-padding is-layout-constrained wp-block-cover-is-layout-constrained\">\n<div class=\"wp-block-group is-vertical is-layout-flex wp-container-core-group-is-layout-ad69fd43 wp-block-group-is-layout-flex\">\n<h3 class=\"wp-block-heading has-text-align-left has-step-2-font-size\">LEEB<br>CARD<\/h3>\n\n\n\n<p class=\"has-step-s-font-size\">Vorteile in Gesch\u00e4ften in der N\u00e4he <\/p>\n<\/div>\n<\/div><\/div>\n<\/div>\n<\/div>\n<\/div>\n<\/section>\n\n\n\n<section class=\"wp-block-group alignfull has-white-background-color has-background has-global-padding is-layout-constrained wp-container-core-group-is-layout-e37a80b5 wp-block-group-is-layout-constrained\" style=\"margin-top:0;margin-bottom:0;padding-top:var(--wp--preset--spacing--2-xl);padding-bottom:var(--wp--preset--spacing--2-xl)\">\n<div class=\"wp-block-group has-global-padding is-layout-constrained wp-container-core-group-is-layout-66a54193 wp-block-group-is-layout-constrained\" style=\"padding-bottom:0\">\n<figure class=\"wp-block-embed is-type-video is-provider-youtube wp-block-embed-youtube wp-embed-aspect-16-9 wp-has-aspect-ratio\"><div class=\"wp-block-embed__wrapper\">\n<iframe loading=\"lazy\" title=\"WIR WACHSEN. WIR SUCHEN. WE LEEB YOU!\" width=\"500\" height=\"281\" src=\"https:\/\/www.youtube.com\/embed\/l1J6tIC1m4A?feature=oembed&#038;enablejsapi=1&#038;origin=https:\/\/www.leeb-balkone.com\" frameborder=\"0\" allow=\"accelerometer; autoplay; clipboard-write; encrypted-media; gyroscope; picture-in-picture; web-share\" referrerpolicy=\"strict-origin-when-cross-origin\" allowfullscreen><\/iframe>\n<\/div><\/figure>\n<\/div>\n<\/section>\n\n\n\n<section class=\"wp-block-group alignfull u-of-visible has-white-background-color has-background has-global-padding is-layout-constrained wp-container-core-group-is-layout-423bb2c8 wp-block-group-is-layout-constrained\" style=\"margin-top:0;margin-bottom:0;padding-top:0;padding-bottom:var(--wp--preset--spacing--2-xl)\">\n<div class=\"wp-block-group has-global-padding is-layout-constrained wp-container-core-group-is-layout-5cdcde31 wp-block-group-is-layout-constrained\" style=\"padding-bottom:var(--wp--preset--spacing--l)\">\n<div class=\"wp-block-columns is-layout-flex wp-container-core-columns-is-layout-0a4bbf16 wp-block-columns-is-layout-flex\" style=\"margin-top:0;margin-bottom:0\">\n<div class=\"wp-block-column is-vertically-aligned-bottom is-layout-flow wp-block-column-is-layout-flow\" style=\"flex-basis:66.66%\">\n<h2 class=\"wp-block-heading\">Mitarbeiterstimmen<\/h2>\n\n\n\n<p>Unsere Mitarbeiter erz\u00e4hlen: Pers\u00f6nliche Einblicke, spannende Erlebnisse und der Weg zu ihrem Erfolg \u2013 entdecke, was unser Team so besonders macht!<\/p>\n<\/div>\n\n\n\n<div class=\"wp-block-column is-vertically-aligned-bottom is-layout-flow wp-block-column-is-layout-flow\" style=\"flex-basis:33.33%\">\n<div class=\"wp-block-buttons u-m-jc-left is-content-justification-right is-layout-flex wp-container-core-buttons-is-layout-c060c6c7 wp-block-buttons-is-layout-flex\">\n<div class=\"wp-block-button is-style-outline-secondary\"><a class=\"wp-block-button__link wp-element-button\" href=\"https:\/\/www.leeb-balkone.com\/de\/karriere-bei-leeb\/leeb-inside\/\">Leeb inside<\/a><\/div>\n<\/div>\n<\/div>\n<\/div>\n<\/div>\n\n\n\n<div class=\"wp-block-group is-layout-flow wp-block-group-is-layout-flow\" style=\"margin-top:0\">\n<div class=\"wp-block-columns testimonial m-split is-layout-flex wp-container-core-columns-is-layout-28232c24 wp-block-columns-is-layout-flex\">\n<div class=\"wp-block-column is-layout-flow wp-block-column-is-layout-flow\">\n<div class=\"wp-block-group is-layout-flow wp-block-group-is-layout-flow has-background\" style=\"min-height:100%;background-image:url(&#039;https:\/\/www.leeb-balkone.com\/app\/uploads\/2025\/05\/Ertl-Alexander-scaled.jpg&#039;);background-position:48% 30%;background-size:cover;\"><\/div>\n<\/div>\n\n\n\n<div class=\"wp-block-column testimonial-text is-layout-flow wp-block-column-is-layout-flow\">\n<div class=\"wp-block-group has-light-gray-background-color has-background is-vertical is-layout-flex wp-container-core-group-is-layout-497906c9 wp-block-group-is-layout-flex\" style=\"padding-top:var(--wp--preset--spacing--xl);padding-right:var(--wp--preset--spacing--xl);padding-bottom:var(--wp--preset--spacing--xl);padding-left:var(--wp--preset--spacing--l)\">\n<h3 class=\"wp-block-heading\">Leeb Balkone w\u00e4chst \u2013 und mit uns auch unsere F\u00fchrungsebene!<\/h3>\n\n\n\n<p class=\"has-step-1-font-size\"><em>&#8220;Ich freue mich sehr auf diese neue Herausforderung. Leeb Balkone ist ein Unternehmen mit einer beeindruckenden Tradition und Innovationskraft<\/em>.&#8221;<\/p>\n\n\n\n<p class=\"has-step-s-font-size\"><strong>Dipl.-Ing. Alexander Ertl<\/strong><br>Gesch\u00e4ftsf\u00fchrung<\/p>\n\n\n\n<div class=\"wp-block-buttons is-layout-flex wp-block-buttons-is-layout-flex\" style=\"margin-top:0;margin-bottom:0\">\n<div class=\"wp-block-button\"><a class=\"wp-block-button__link wp-element-button\" href=\"https:\/\/vimeo.com\/1065771034\" target=\"_blank\" rel=\"noreferrer noopener\">Hier geht&#8217;s zum Video<\/a><\/div>\n<\/div>\n<\/div>\n<\/div>\n<\/div>\n\n\n\n<div class=\"wp-block-columns testimonial m-split m-split-reverse is-layout-flex wp-container-core-columns-is-layout-28232c24 wp-block-columns-is-layout-flex\">\n<div class=\"wp-block-column is-layout-flow wp-block-column-is-layout-flow\">\n<div class=\"wp-block-group is-layout-flow wp-block-group-is-layout-flow has-background\" style=\"min-height:100%;background-image:url(&#039;https:\/\/www.leeb-balkone.com\/app\/uploads\/2025\/03\/thomas-monay.jpg&#039;);background-position:54% 28.999999999999996%;background-size:cover;\"><\/div>\n<\/div>\n\n\n\n<div class=\"wp-block-column testimonial-text is-layout-flow wp-block-column-is-layout-flow\">\n<div class=\"wp-block-group has-light-gray-background-color has-background is-vertical is-layout-flex wp-container-core-group-is-layout-497906c9 wp-block-group-is-layout-flex\" style=\"padding-top:var(--wp--preset--spacing--xl);padding-right:var(--wp--preset--spacing--xl);padding-bottom:var(--wp--preset--spacing--xl);padding-left:var(--wp--preset--spacing--l)\">\n<h3 class=\"wp-block-heading\">Studium und Arbeit vereinen<\/h3>\n\n\n\n<p class=\"has-step-1-font-size\">&#8220;<em>Leeb ist hier sehr flexibel. Ich kann mir meine Stunden gut einteilen.<\/em>&#8220;<\/p>\n\n\n\n<p class=\"has-step-s-font-size\"><strong>Thomas Monay<\/strong><br>IT-Abteilung<\/p>\n\n\n\n<div class=\"wp-block-buttons is-layout-flex wp-block-buttons-is-layout-flex\" style=\"margin-top:0;margin-bottom:0\">\n<div class=\"wp-block-button\"><a class=\"wp-block-button__link wp-element-button\" href=\"https:\/\/vimeo.com\/1065780977\" target=\"_blank\" rel=\"noreferrer noopener\">Hier geht&#8217;s zum Video<\/a><\/div>\n<\/div>\n<\/div>\n<\/div>\n<\/div>\n\n\n\n<div class=\"wp-block-columns testimonial m-split is-layout-flex wp-container-core-columns-is-layout-28232c24 wp-block-columns-is-layout-flex\">\n<div class=\"wp-block-column is-layout-flow wp-block-column-is-layout-flow\">\n<div class=\"wp-block-group is-layout-flow wp-block-group-is-layout-flow has-background\" style=\"min-height:100%;background-image:url(&#039;https:\/\/www.leeb-balkone.com\/app\/uploads\/2025\/03\/stefan-schusser.jpg&#039;);background-position:54% 28.999999999999996%;background-size:cover;\"><\/div>\n<\/div>\n\n\n\n<div class=\"wp-block-column testimonial-text is-layout-flow wp-block-column-is-layout-flow\">\n<div class=\"wp-block-group has-light-gray-background-color has-background is-vertical is-layout-flex wp-container-core-group-is-layout-497906c9 wp-block-group-is-layout-flex\" style=\"padding-top:var(--wp--preset--spacing--xl);padding-right:var(--wp--preset--spacing--xl);padding-bottom:var(--wp--preset--spacing--xl);padding-left:var(--wp--preset--spacing--l)\">\n<h3 class=\"wp-block-heading\">Interne Weiterentwicklung bei Leeb<\/h3>\n\n\n\n<p class=\"has-step-1-font-size\">&#8220;Ich bin sehr dankbar f\u00fcr die M\u00f6glichkeit mich st\u00e4ndig intern weiter entwickeln zu k\u00f6nnen&#8221;<\/p>\n\n\n\n<p class=\"has-step-s-font-size\"><strong>Stefan Schusser<\/strong><br>Vertrieb Objektbau<\/p>\n\n\n\n<div class=\"wp-block-buttons is-layout-flex wp-block-buttons-is-layout-flex\" style=\"margin-top:0;margin-bottom:0\">\n<div class=\"wp-block-button\"><a class=\"wp-block-button__link wp-element-button\" href=\"https:\/\/vimeo.com\/1065778942\" target=\"_blank\" rel=\"noreferrer noopener\">Hier geht&#8217;s zum Video<\/a><\/div>\n<\/div>\n<\/div>\n<\/div>\n<\/div>\n\n\n\n<div class=\"wp-block-columns testimonial m-split m-split-reverse is-layout-flex wp-container-core-columns-is-layout-28232c24 wp-block-columns-is-layout-flex\">\n<div class=\"wp-block-column is-layout-flow wp-block-column-is-layout-flow\">\n<div class=\"wp-block-group is-layout-flow wp-block-group-is-layout-flow has-background\" style=\"min-height:100%;background-image:url(&#039;https:\/\/www.leeb-balkone.com\/app\/uploads\/2025\/03\/martin-sabrina.jpg&#039;);background-position:54% 28.999999999999996%;background-size:cover;\"><\/div>\n<\/div>\n\n\n\n<div class=\"wp-block-column testimonial-text is-layout-flow wp-block-column-is-layout-flow\">\n<div class=\"wp-block-group has-light-gray-background-color has-background is-vertical is-layout-flex wp-container-core-group-is-layout-497906c9 wp-block-group-is-layout-flex\" style=\"padding-top:var(--wp--preset--spacing--xl);padding-right:var(--wp--preset--spacing--xl);padding-bottom:var(--wp--preset--spacing--xl);padding-left:var(--wp--preset--spacing--l)\">\n<h3 class=\"wp-block-heading\">Mamaschicht bei Leeb<\/h3>\n\n\n\n<p class=\"has-step-1-font-size\">&#8220;Das Modell MAMASCHICHT erm\u00f6glicht es mir, die Arbeitszeiten flexibel einzuteilen, sodass ich diese mit meinen Kindern optimal vereinbaren kann&#8221;<\/p>\n\n\n\n<p class=\"has-step-s-font-size\"><strong>Sabrina Martin<\/strong><br>Bereich Verpackung<\/p>\n\n\n\n<div class=\"wp-block-buttons is-layout-flex wp-block-buttons-is-layout-flex\" style=\"margin-top:0;margin-bottom:0\">\n<div class=\"wp-block-button\"><a class=\"wp-block-button__link wp-element-button\" href=\"https:\/\/vimeo.com\/1065778204\" target=\"_blank\" rel=\"noreferrer noopener\">Hier geht&#8217;s zum Video<\/a><\/div>\n<\/div>\n<\/div>\n<\/div>\n<\/div>\n\n\n\n<div class=\"wp-block-columns testimonial m-split is-layout-flex wp-container-core-columns-is-layout-28232c24 wp-block-columns-is-layout-flex\">\n<div class=\"wp-block-column is-layout-flow wp-block-column-is-layout-flow\">\n<div class=\"wp-block-group is-layout-flow wp-block-group-is-layout-flow has-background\" style=\"min-height:100%;background-image:url(&#039;https:\/\/www.leeb-balkone.com\/app\/uploads\/2025\/03\/manuel-ster.jpg&#039;);background-position:54% 28.999999999999996%;background-size:cover;\"><\/div>\n<\/div>\n\n\n\n<div class=\"wp-block-column testimonial-text is-layout-flow wp-block-column-is-layout-flow\">\n<div class=\"wp-block-group has-light-gray-background-color has-background is-vertical is-layout-flex wp-container-core-group-is-layout-497906c9 wp-block-group-is-layout-flex\" style=\"padding-top:var(--wp--preset--spacing--xl);padding-right:var(--wp--preset--spacing--xl);padding-bottom:var(--wp--preset--spacing--xl);padding-left:var(--wp--preset--spacing--l)\">\n<h3 class=\"wp-block-heading\">Aufstiegschancen und Karrierem\u00f6glichkeiten bei Leeb<\/h3>\n\n\n\n<p class=\"has-step-1-font-size\">&#8220;<em>Vom Lehrling zum Teamsprecher, Ausbilder und kreativen Gestalter \u2013 Manuel zeigt, was mit Engagement alles m\u00f6glich ist.<\/em>&#8220;<\/p>\n\n\n\n<p class=\"has-step-s-font-size\"><strong>Manuel Ster<\/strong><br>Lehrlingsausbilder und Teil der Fertigungsgestaltung<\/p>\n\n\n\n<div class=\"wp-block-buttons is-layout-flex wp-block-buttons-is-layout-flex\" style=\"margin-top:0;margin-bottom:0\">\n<div class=\"wp-block-button\"><a class=\"wp-block-button__link wp-element-button\" href=\"https:\/\/vimeo.com\/1065780012\" target=\"_blank\" rel=\"noreferrer noopener\">Hier geht&#8217;s zum Video<\/a><\/div>\n<\/div>\n<\/div>\n<\/div>\n<\/div>\n<\/div>\n<\/section>\n\n\n\n<section class=\"wp-block-cover alignfull is-light\" style=\"margin-top:0;margin-bottom:0;padding-top:0;padding-right:0;padding-bottom:0;padding-left:0;min-height:100px;aspect-ratio:unset;\"><img loading=\"lazy\" decoding=\"async\" width=\"2560\" height=\"1865\" class=\"wp-block-cover__image-background wp-image-44801\" alt=\"lehre bei leeb balkone\" src=\"https:\/\/www.leeb-balkone.com\/app\/uploads\/2021\/06\/lehre-bei-leeb-balkone-scaled.jpg\" style=\"object-position:54% 12%\" data-object-fit=\"cover\" data-object-position=\"54% 12%\" srcset=\"https:\/\/www.leeb-balkone.com\/app\/uploads\/2021\/06\/lehre-bei-leeb-balkone-scaled.jpg 2560w, https:\/\/www.leeb-balkone.com\/app\/uploads\/2021\/06\/lehre-bei-leeb-balkone-300x219.jpg 300w, https:\/\/www.leeb-balkone.com\/app\/uploads\/2021\/06\/lehre-bei-leeb-balkone-1024x746.jpg 1024w, https:\/\/www.leeb-balkone.com\/app\/uploads\/2021\/06\/lehre-bei-leeb-balkone-768x560.jpg 768w, https:\/\/www.leeb-balkone.com\/app\/uploads\/2021\/06\/lehre-bei-leeb-balkone-1536x1119.jpg 1536w, https:\/\/www.leeb-balkone.com\/app\/uploads\/2021\/06\/lehre-bei-leeb-balkone-2048x1492.jpg 2048w\" sizes=\"auto, (max-width: 2560px) 100vw, 2560px\" \/><span aria-hidden=\"true\" class=\"wp-block-cover__background has-primary-background-color has-background-dim-70 has-background-dim\"><\/span><div class=\"wp-block-cover__inner-container has-global-padding is-layout-constrained wp-container-core-cover-is-layout-fc5783d2 wp-block-cover-is-layout-constrained\">\n<div class=\"wp-block-group is-layout-flow wp-block-group-is-layout-flow\" style=\"min-height:0px;margin-top:0;margin-bottom:0;padding-top:var(--wp--preset--spacing--2-xl);padding-bottom:var(--wp--preset--spacing--2-xl);padding-left:0\">\n<div class=\"wp-block-columns are-vertically-aligned-center is-layout-flex wp-container-core-columns-is-layout-0a4bbf16 wp-block-columns-is-layout-flex\" style=\"margin-top:0;margin-bottom:0\">\n<div class=\"wp-block-column is-vertically-aligned-center is-layout-flow wp-block-column-is-layout-flow\" style=\"flex-basis:66.66%\">\n<h2 class=\"wp-block-heading has-white-color has-text-color has-link-color wp-elements-6838885dc5936b20d95b36facb5cc1d5\">Starte deine Zukunft<\/h2>\n\n\n\n<p class=\"has-white-color has-text-color has-link-color wp-elements-f05c30acef53a1d494a22ea17537f60b\">Werde Teil unseres Teams und gestalte Deine Karriere.\u2028Nutze jetzt Deine Chance und bewirb dich!<\/p>\n<\/div>\n\n\n\n<div class=\"wp-block-column is-vertically-aligned-center is-layout-flow wp-block-column-is-layout-flow\" style=\"flex-basis:33.33%\">\n<div class=\"wp-block-buttons u-m-jc-left is-content-justification-right is-layout-flex wp-container-core-buttons-is-layout-c060c6c7 wp-block-buttons-is-layout-flex\">\n<div class=\"wp-block-button is-style-filled-white large\"><a class=\"wp-block-button__link wp-element-button\" href=\"#bewerbung\">Jetzt bewerben<\/a><\/div>\n<\/div>\n<\/div>\n<\/div>\n<\/div>\n<\/div><\/section>\n\n\n\n<section class=\"wp-block-group alignfull u-of-visible has-white-background-color has-background has-global-padding is-layout-constrained wp-container-core-group-is-layout-e37a80b5 wp-block-group-is-layout-constrained\" style=\"margin-top:0;margin-bottom:0;padding-top:var(--wp--preset--spacing--2-xl);padding-bottom:var(--wp--preset--spacing--2-xl)\">\n<div class=\"wp-block-group has-global-padding is-layout-constrained wp-container-core-group-is-layout-4d3606bf wp-block-group-is-layout-constrained\" style=\"padding-bottom:var(--wp--preset--spacing--2-xl)\">\n<div class=\"wp-block-columns is-layout-flex wp-container-core-columns-is-layout-0a4bbf16 wp-block-columns-is-layout-flex\" style=\"margin-top:0;margin-bottom:0\">\n<div class=\"wp-block-column is-vertically-aligned-bottom is-layout-flow wp-block-column-is-layout-flow\" style=\"flex-basis:66.66%\">\n<h2 class=\"wp-block-heading\">Dein zuk\u00fcnftiges Team<\/h2>\n\n\n\n<p>Erhalte einen ersten Eindruck von unserem Team \u2013 vier Kolleg:innen geben dir einen Einblick in ihre Rollen. So wei\u00dft du schon, mit wem du in Zukunft zusammenarbeiten k\u00f6nntest.<\/p>\n<\/div>\n\n\n\n<div class=\"wp-block-column is-vertically-aligned-bottom is-layout-flow wp-block-column-is-layout-flow\" style=\"flex-basis:33.33%\"><\/div>\n<\/div>\n<\/div>\n\n\n\n<div class=\"wp-block-group has-global-padding is-layout-constrained wp-container-core-group-is-layout-9e9bff0e wp-block-group-is-layout-constrained\" style=\"margin-top:0\">\n<div class=\"wp-block-group is-layout-grid wp-container-core-group-is-layout-b1ece131 wp-block-group-is-layout-grid\">\n<div class=\"wp-block-group is-vertical is-content-justification-center is-layout-flex wp-container-core-group-is-layout-72bb9c14 wp-block-group-is-layout-flex\">\n<figure class=\"wp-block-image size-full has-custom-border\"><img loading=\"lazy\" decoding=\"async\" width=\"1707\" height=\"2560\" src=\"https:\/\/www.leeb-balkone.com\/app\/uploads\/2025\/05\/Portrait-Guenther-Aigner-scaled.jpg\" alt=\"Portrait Guenther Aigner\" class=\"wp-image-146972\" style=\"border-radius:100%;aspect-ratio:1;object-fit:cover\" srcset=\"https:\/\/www.leeb-balkone.com\/app\/uploads\/2025\/05\/Portrait-Guenther-Aigner-scaled.jpg 1707w, https:\/\/www.leeb-balkone.com\/app\/uploads\/2025\/05\/Portrait-Guenther-Aigner-200x300.jpg 200w, https:\/\/www.leeb-balkone.com\/app\/uploads\/2025\/05\/Portrait-Guenther-Aigner-683x1024.jpg 683w, https:\/\/www.leeb-balkone.com\/app\/uploads\/2025\/05\/Portrait-Guenther-Aigner-768x1152.jpg 768w, https:\/\/www.leeb-balkone.com\/app\/uploads\/2025\/05\/Portrait-Guenther-Aigner-1024x1536.jpg 1024w, https:\/\/www.leeb-balkone.com\/app\/uploads\/2025\/05\/Portrait-Guenther-Aigner-1366x2048.jpg 1366w\" sizes=\"auto, (max-width: 1707px) 100vw, 1707px\" \/><\/figure>\n\n\n\n<div class=\"wp-block-group is-vertical is-content-justification-center is-layout-flex wp-container-core-group-is-layout-24ea93b6 wp-block-group-is-layout-flex\" style=\"margin-top:0;margin-bottom:0\">\n<p class=\"has-text-align-center\"><strong>G\u00fcnther Aigner<\/strong><\/p>\n\n\n\n<p class=\"has-step-xs-font-size\">Produktionsleitung<\/p>\n<\/div>\n<\/div>\n\n\n\n<div class=\"wp-block-group is-vertical is-content-justification-center is-layout-flex wp-container-core-group-is-layout-72bb9c14 wp-block-group-is-layout-flex\">\n<figure class=\"wp-block-image size-large has-custom-border\"><img loading=\"lazy\" decoding=\"async\" width=\"683\" height=\"1024\" src=\"https:\/\/www.leeb-balkone.com\/app\/uploads\/2025\/06\/Portrait-Guenter-Hinteregger-683x1024.jpg\" alt=\"Portrait Guenter Hinteregger\" class=\"wp-image-147599\" style=\"border-radius:100%;aspect-ratio:1;object-fit:cover\" srcset=\"https:\/\/www.leeb-balkone.com\/app\/uploads\/2025\/06\/Portrait-Guenter-Hinteregger-683x1024.jpg 683w, https:\/\/www.leeb-balkone.com\/app\/uploads\/2025\/06\/Portrait-Guenter-Hinteregger-200x300.jpg 200w, https:\/\/www.leeb-balkone.com\/app\/uploads\/2025\/06\/Portrait-Guenter-Hinteregger-768x1152.jpg 768w, https:\/\/www.leeb-balkone.com\/app\/uploads\/2025\/06\/Portrait-Guenter-Hinteregger-1024x1536.jpg 1024w, https:\/\/www.leeb-balkone.com\/app\/uploads\/2025\/06\/Portrait-Guenter-Hinteregger-1366x2048.jpg 1366w, https:\/\/www.leeb-balkone.com\/app\/uploads\/2025\/06\/Portrait-Guenter-Hinteregger-scaled.jpg 1707w\" sizes=\"auto, (max-width: 683px) 100vw, 683px\" \/><\/figure>\n\n\n\n<div class=\"wp-block-group is-vertical is-content-justification-center is-layout-flex wp-container-core-group-is-layout-24ea93b6 wp-block-group-is-layout-flex\" style=\"margin-top:0;margin-bottom:0\">\n<p class=\"has-text-align-center\"><strong>G\u00fcnter Hinteregger<\/strong><\/p>\n\n\n\n<p class=\"has-step-xs-font-size\">Leitung Fertigungsgestaltung<\/p>\n<\/div>\n<\/div>\n\n\n\n<div class=\"wp-block-group is-vertical is-content-justification-center is-layout-flex wp-container-core-group-is-layout-72bb9c14 wp-block-group-is-layout-flex\">\n<figure class=\"wp-block-image size-full has-custom-border\"><img loading=\"lazy\" decoding=\"async\" width=\"1707\" height=\"2560\" src=\"https:\/\/www.leeb-balkone.com\/app\/uploads\/2026\/04\/Portrait-Karl-Hans-Tschaudi-scaled.jpg\" alt=\"Portrait Karl Hans Tschaudi\" class=\"wp-image-168140\" style=\"border-radius:100%;aspect-ratio:1;object-fit:cover\" srcset=\"https:\/\/www.leeb-balkone.com\/app\/uploads\/2026\/04\/Portrait-Karl-Hans-Tschaudi-scaled.jpg 1707w, https:\/\/www.leeb-balkone.com\/app\/uploads\/2026\/04\/Portrait-Karl-Hans-Tschaudi-200x300.jpg 200w, https:\/\/www.leeb-balkone.com\/app\/uploads\/2026\/04\/Portrait-Karl-Hans-Tschaudi-683x1024.jpg 683w, https:\/\/www.leeb-balkone.com\/app\/uploads\/2026\/04\/Portrait-Karl-Hans-Tschaudi-768x1152.jpg 768w, https:\/\/www.leeb-balkone.com\/app\/uploads\/2026\/04\/Portrait-Karl-Hans-Tschaudi-1024x1536.jpg 1024w, https:\/\/www.leeb-balkone.com\/app\/uploads\/2026\/04\/Portrait-Karl-Hans-Tschaudi-1366x2048.jpg 1366w\" sizes=\"auto, (max-width: 1707px) 100vw, 1707px\" \/><\/figure>\n\n\n\n<div class=\"wp-block-group is-vertical is-content-justification-center is-layout-flex wp-container-core-group-is-layout-24ea93b6 wp-block-group-is-layout-flex\" style=\"margin-top:0;margin-bottom:0\">\n<p class=\"has-text-align-center\"><strong>Karl Hans Tschaudi<\/strong><\/p>\n\n\n\n<p class=\"has-step-xs-font-size\">Teamleitung Pulverbeschichtung<\/p>\n<\/div>\n<\/div>\n<\/div>\n<\/div>\n<\/section>\n<\/div>\n\n\n\n<section id=\"bewerbung\" class=\"wp-block-cgb-t3-section-block alignfull b-pt-none\" style=\"display:inherit;background-color:#F5F5F5;min-height:inherit\">\n<div class=\"wp-block-cgb-t3-container-block b-has-offset-h\" style=\"background-color:none\"><div class=\"grid-container\"><div class=\"grid-x\"><div class=\"cell small-12 medium-6 large-0 medium-offset-1\">\n<h2 class=\"wp-block-heading\" id=\"kontaktieren-sie-uns\">Jetzt bewerben<\/h2>\n<\/div><\/div><\/div><\/div>\n\n\n\n<div class=\"wp-block-cgb-t3-container-block none b-has-pt\" style=\"background-color:none\"><div class=\"grid-container\">\n<div class=\"wp-block-columns is-layout-flex wp-container-core-columns-is-layout-28f84493 wp-block-columns-is-layout-flex\">\n<div class=\"wp-block-column is-layout-flow wp-block-column-is-layout-flow\"><\/div>\n\n\n\n<div class=\"wp-block-column is-layout-flow wp-block-column-is-layout-flow\"><\/div>\n<\/div>\n\n\n\n<div class=\"wp-block-group has-global-padding is-layout-constrained wp-container-core-group-is-layout-cf8232cb wp-block-group-is-layout-constrained\">\n<div class=\"wp-block-columns is-layout-flex wp-container-core-columns-is-layout-28f84493 wp-block-columns-is-layout-flex\">\n<div class=\"wp-block-column is-layout-flow wp-block-column-is-layout-flow\" style=\"flex-basis:66.66%\"><form action=\"https:\/\/www.leeb-balkone.com\/de\/wp-json\/ws-form\/v1\/submit\" class=\"wsf-form wsf-form-canvas\" id=\"ws-form-1\" data-id=\"6\" data-instance-id=\"1\" method=\"POST\"><\/form><\/div>\n\n\n\n<div class=\"wp-block-column is-layout-flow wp-block-column-is-layout-flow\" style=\"flex-basis:33.33%\">\n<p><\/p>\n<\/div>\n<\/div>\n<\/div>\n<\/div><\/div>\n<\/section>\n","protected":false},"excerpt":{"rendered":"","protected":false},"featured_media":168138,"menu_order":0,"template":"template-onepager.blade.php","format":"standard","meta":{"_acf_changed":false,"footnotes":"","_sage_theme_css":true,"_wp_block_core_css":true},"job_category":[],"class_list":["post-168136","jobs","type-jobs","status-publish","format-standard","has-post-thumbnail","hentry"],"acf":[],"yoast_head":"<!-- This site is optimized with the Yoast SEO plugin v27.2 - https:\/\/yoast.com\/product\/yoast-seo-wordpress\/ -->\n<title>Oberfl\u00e4chentechniker - Leeb Balkone Deutschland<\/title>\n<meta name=\"description\" content=\"(m\/w\/d) Du hast ein Auge f\u00fcrs Detail und willst Oberfl\u00e4chen zum Strahlen bringen? Dann bist du bei uns genau richtig! Jetzt bewerben Deine Benefits\" \/>\n<meta name=\"robots\" content=\"index, follow, max-snippet:-1, max-image-preview:large, max-video-preview:-1\" \/>\n<meta property=\"og:locale\" content=\"de_DE\" \/>\n<meta property=\"og:type\" content=\"article\" \/>\n<meta property=\"og:title\" content=\"Oberfl\u00e4chentechniker - Leeb Balkone\" \/>\n<meta property=\"og:description\" content=\"(m\/w\/d) Du hast ein Auge f\u00fcrs Detail und willst Oberfl\u00e4chen zum Strahlen bringen? Dann bist du bei uns genau richtig! Jetzt bewerben Deine Benefits\" \/>\n<meta property=\"og:url\" content=\"https:\/\/www.leeb-balkone.com\/de\/jobs\/oberflaechentechniker\/\" \/>\n<meta property=\"og:site_name\" content=\"Leeb Balkone\" \/>\n<meta property=\"article:publisher\" content=\"https:\/\/www.facebook.com\/balkone\/\" \/>\n<meta property=\"article:modified_time\" content=\"2026-04-21T11:32:30+00:00\" \/>\n<meta property=\"og:image\" content=\"https:\/\/www.leeb-balkone.com\/app\/uploads\/2026\/04\/Pulverbeschichtung-6-Querformat-scaled.jpg\" \/>\n\t<meta property=\"og:image:width\" content=\"2560\" \/>\n\t<meta property=\"og:image:height\" content=\"1707\" \/>\n\t<meta property=\"og:image:type\" content=\"image\/jpeg\" \/>\n<meta name=\"twitter:card\" content=\"summary_large_image\" \/>\n<script type=\"application\/ld+json\" class=\"yoast-schema-graph\">{\"@context\":\"https:\/\/schema.org\",\"@graph\":[{\"@type\":\"WebPage\",\"@id\":\"https:\/\/www.leeb-balkone.com\/de\/jobs\/oberflaechentechniker\/\",\"url\":\"https:\/\/www.leeb-balkone.com\/de\/jobs\/oberflaechentechniker\/\",\"name\":\"Oberfl\u00e4chentechniker - Leeb Balkone\",\"isPartOf\":{\"@id\":\"https:\/\/www.leeb-balkone.com\/de\/#website\"},\"primaryImageOfPage\":{\"@id\":\"https:\/\/www.leeb-balkone.com\/de\/jobs\/oberflaechentechniker\/#primaryimage\"},\"image\":{\"@id\":\"https:\/\/www.leeb-balkone.com\/de\/jobs\/oberflaechentechniker\/#primaryimage\"},\"thumbnailUrl\":\"https:\/\/www.leeb-balkone.com\/app\/uploads\/2026\/04\/Pulverbeschichtung-6-Querformat-scaled.jpg\",\"datePublished\":\"2026-04-21T11:32:21+00:00\",\"dateModified\":\"2026-04-21T11:32:30+00:00\",\"description\":\"(m\/w\/d) Du hast ein Auge f\u00fcrs Detail und willst Oberfl\u00e4chen zum Strahlen bringen? Dann bist du bei uns genau richtig! Jetzt bewerben Deine Benefits\",\"breadcrumb\":{\"@id\":\"https:\/\/www.leeb-balkone.com\/de\/jobs\/oberflaechentechniker\/#breadcrumb\"},\"inLanguage\":\"de\",\"potentialAction\":[{\"@type\":\"ReadAction\",\"target\":[\"https:\/\/www.leeb-balkone.com\/de\/jobs\/oberflaechentechniker\/\"]}]},{\"@type\":\"ImageObject\",\"inLanguage\":\"de\",\"@id\":\"https:\/\/www.leeb-balkone.com\/de\/jobs\/oberflaechentechniker\/#primaryimage\",\"url\":\"https:\/\/www.leeb-balkone.com\/app\/uploads\/2026\/04\/Pulverbeschichtung-6-Querformat-scaled.jpg\",\"contentUrl\":\"https:\/\/www.leeb-balkone.com\/app\/uploads\/2026\/04\/Pulverbeschichtung-6-Querformat-scaled.jpg\",\"width\":2560,\"height\":1707},{\"@type\":\"BreadcrumbList\",\"@id\":\"https:\/\/www.leeb-balkone.com\/de\/jobs\/oberflaechentechniker\/#breadcrumb\",\"itemListElement\":[{\"@type\":\"ListItem\",\"position\":1,\"name\":\"Home\",\"item\":\"https:\/\/www.leeb-balkone.com\/de\/\"},{\"@type\":\"ListItem\",\"position\":2,\"name\":\"Oberfl\u00e4chentechniker\"}]},{\"@type\":\"WebSite\",\"@id\":\"https:\/\/www.leeb-balkone.com\/de\/#website\",\"url\":\"https:\/\/www.leeb-balkone.com\/de\/\",\"name\":\"Leeb Balkone\",\"description\":\"Balkone und Z\u00e4une\",\"publisher\":{\"@id\":\"https:\/\/www.leeb-balkone.com\/de\/#organization\"},\"potentialAction\":[{\"@type\":\"SearchAction\",\"target\":{\"@type\":\"EntryPoint\",\"urlTemplate\":\"https:\/\/www.leeb-balkone.com\/de\/?s={search_term_string}\"},\"query-input\":{\"@type\":\"PropertyValueSpecification\",\"valueRequired\":true,\"valueName\":\"search_term_string\"}}],\"inLanguage\":\"de\"},{\"@type\":\"Organization\",\"@id\":\"https:\/\/www.leeb-balkone.com\/de\/#organization\",\"name\":\"Leeb Balkone Gmbh\",\"url\":\"https:\/\/www.leeb-balkone.com\/de\/\",\"logo\":{\"@type\":\"ImageObject\",\"inLanguage\":\"de\",\"@id\":\"https:\/\/www.leeb-balkone.com\/de\/#\/schema\/logo\/image\/\",\"url\":\"https:\/\/www.leeb-balkone.com\/app\/uploads\/2020\/11\/leeb-logo.svg\",\"contentUrl\":\"https:\/\/www.leeb-balkone.com\/app\/uploads\/2020\/11\/leeb-logo.svg\",\"width\":741,\"height\":204,\"caption\":\"Leeb Balkone Gmbh\"},\"image\":{\"@id\":\"https:\/\/www.leeb-balkone.com\/de\/#\/schema\/logo\/image\/\"},\"sameAs\":[\"https:\/\/www.facebook.com\/balkone\/\",\"https:\/\/www.trustedshops.at\/bewertung\/info_X4587CCF5833E31AFE0B11F47D86999F2.html\",\"https:\/\/www.trustedshops.de\/bewertung\/info_X7BA536A7A0BDC86D36C4718E4DCAEEEF.html\",\"https:\/\/www.google.com\/maps\/place\/?q=place_id:ChIJ5-zH19-IcEcR9HonWRTllHI\"]}]}<\/script>\n<!-- \/ Yoast SEO plugin. -->","yoast_head_json":{"title":"Oberfl\u00e4chentechniker - Leeb Balkone Deutschland","description":"(m\/w\/d) Du hast ein Auge f\u00fcrs Detail und willst Oberfl\u00e4chen zum Strahlen bringen? Dann bist du bei uns genau richtig! Jetzt bewerben Deine Benefits","robots":{"index":"index","follow":"follow","max-snippet":"max-snippet:-1","max-image-preview":"max-image-preview:large","max-video-preview":"max-video-preview:-1"},"og_locale":"de_DE","og_type":"article","og_title":"Oberfl\u00e4chentechniker - Leeb Balkone","og_description":"(m\/w\/d) Du hast ein Auge f\u00fcrs Detail und willst Oberfl\u00e4chen zum Strahlen bringen? Dann bist du bei uns genau richtig! Jetzt bewerben Deine Benefits","og_url":"https:\/\/www.leeb-balkone.com\/de\/jobs\/oberflaechentechniker\/","og_site_name":"Leeb Balkone","article_publisher":"https:\/\/www.facebook.com\/balkone\/","article_modified_time":"2026-04-21T11:32:30+00:00","og_image":[{"width":2560,"height":1707,"url":"https:\/\/www.leeb-balkone.com\/app\/uploads\/2026\/04\/Pulverbeschichtung-6-Querformat-scaled.jpg","type":"image\/jpeg"}],"twitter_card":"summary_large_image","schema":{"@context":"https:\/\/schema.org","@graph":[{"@type":"WebPage","@id":"https:\/\/www.leeb-balkone.com\/de\/jobs\/oberflaechentechniker\/","url":"https:\/\/www.leeb-balkone.com\/de\/jobs\/oberflaechentechniker\/","name":"Oberfl\u00e4chentechniker - Leeb Balkone","isPartOf":{"@id":"https:\/\/www.leeb-balkone.com\/de\/#website"},"primaryImageOfPage":{"@id":"https:\/\/www.leeb-balkone.com\/de\/jobs\/oberflaechentechniker\/#primaryimage"},"image":{"@id":"https:\/\/www.leeb-balkone.com\/de\/jobs\/oberflaechentechniker\/#primaryimage"},"thumbnailUrl":"https:\/\/www.leeb-balkone.com\/app\/uploads\/2026\/04\/Pulverbeschichtung-6-Querformat-scaled.jpg","datePublished":"2026-04-21T11:32:21+00:00","dateModified":"2026-04-21T11:32:30+00:00","description":"(m\/w\/d) Du hast ein Auge f\u00fcrs Detail und willst Oberfl\u00e4chen zum Strahlen bringen? Dann bist du bei uns genau richtig! Jetzt bewerben Deine Benefits","breadcrumb":{"@id":"https:\/\/www.leeb-balkone.com\/de\/jobs\/oberflaechentechniker\/#breadcrumb"},"inLanguage":"de","potentialAction":[{"@type":"ReadAction","target":["https:\/\/www.leeb-balkone.com\/de\/jobs\/oberflaechentechniker\/"]}]},{"@type":"ImageObject","inLanguage":"de","@id":"https:\/\/www.leeb-balkone.com\/de\/jobs\/oberflaechentechniker\/#primaryimage","url":"https:\/\/www.leeb-balkone.com\/app\/uploads\/2026\/04\/Pulverbeschichtung-6-Querformat-scaled.jpg","contentUrl":"https:\/\/www.leeb-balkone.com\/app\/uploads\/2026\/04\/Pulverbeschichtung-6-Querformat-scaled.jpg","width":2560,"height":1707},{"@type":"BreadcrumbList","@id":"https:\/\/www.leeb-balkone.com\/de\/jobs\/oberflaechentechniker\/#breadcrumb","itemListElement":[{"@type":"ListItem","position":1,"name":"Home","item":"https:\/\/www.leeb-balkone.com\/de\/"},{"@type":"ListItem","position":2,"name":"Oberfl\u00e4chentechniker"}]},{"@type":"WebSite","@id":"https:\/\/www.leeb-balkone.com\/de\/#website","url":"https:\/\/www.leeb-balkone.com\/de\/","name":"Leeb Balkone","description":"Balkone und Z\u00e4une","publisher":{"@id":"https:\/\/www.leeb-balkone.com\/de\/#organization"},"potentialAction":[{"@type":"SearchAction","target":{"@type":"EntryPoint","urlTemplate":"https:\/\/www.leeb-balkone.com\/de\/?s={search_term_string}"},"query-input":{"@type":"PropertyValueSpecification","valueRequired":true,"valueName":"search_term_string"}}],"inLanguage":"de"},{"@type":"Organization","@id":"https:\/\/www.leeb-balkone.com\/de\/#organization","name":"Leeb Balkone Gmbh","url":"https:\/\/www.leeb-balkone.com\/de\/","logo":{"@type":"ImageObject","inLanguage":"de","@id":"https:\/\/www.leeb-balkone.com\/de\/#\/schema\/logo\/image\/","url":"https:\/\/www.leeb-balkone.com\/app\/uploads\/2020\/11\/leeb-logo.svg","contentUrl":"https:\/\/www.leeb-balkone.com\/app\/uploads\/2020\/11\/leeb-logo.svg","width":741,"height":204,"caption":"Leeb Balkone Gmbh"},"image":{"@id":"https:\/\/www.leeb-balkone.com\/de\/#\/schema\/logo\/image\/"},"sameAs":["https:\/\/www.facebook.com\/balkone\/","https:\/\/www.trustedshops.at\/bewertung\/info_X4587CCF5833E31AFE0B11F47D86999F2.html","https:\/\/www.trustedshops.de\/bewertung\/info_X7BA536A7A0BDC86D36C4718E4DCAEEEF.html","https:\/\/www.google.com\/maps\/place\/?q=place_id:ChIJ5-zH19-IcEcR9HonWRTllHI"]}]}},"_links":{"self":[{"href":"https:\/\/www.leeb-balkone.com\/de\/wp-json\/wp\/v2\/jobs\/168136","targetHints":{"allow":["GET"]}}],"collection":[{"href":"https:\/\/www.leeb-balkone.com\/de\/wp-json\/wp\/v2\/jobs"}],"about":[{"href":"https:\/\/www.leeb-balkone.com\/de\/wp-json\/wp\/v2\/types\/jobs"}],"version-history":[{"count":2,"href":"https:\/\/www.leeb-balkone.com\/de\/wp-json\/wp\/v2\/jobs\/168136\/revisions"}],"predecessor-version":[{"id":168141,"href":"https:\/\/www.leeb-balkone.com\/de\/wp-json\/wp\/v2\/jobs\/168136\/revisions\/168141"}],"wp:featuredmedia":[{"embeddable":true,"href":"https:\/\/www.leeb-balkone.com\/de\/wp-json\/wp\/v2\/media\/168138"}],"wp:attachment":[{"href":"https:\/\/www.leeb-balkone.com\/de\/wp-json\/wp\/v2\/media?parent=168136"}],"wp:term":[{"taxonomy":"job_category","embeddable":true,"href":"https:\/\/www.leeb-balkone.com\/de\/wp-json\/wp\/v2\/job_category?post=168136"}],"curies":[{"name":"wp","href":"https:\/\/api.w.org\/{rel}","templated":true}]}}