{"id":158845,"date":"2025-10-14T12:28:50","date_gmt":"2025-10-14T12:28:50","guid":{"rendered":"https:\/\/www.leeb-balkone.com\/de\/?post_type=jobs&#038;p=158845"},"modified":"2025-12-09T14:50:52","modified_gmt":"2025-12-09T14:50:52","slug":"lkw-fahrer-m-w-3","status":"publish","type":"jobs","link":"https:\/\/www.leeb-balkone.com\/de\/jobs\/lkw-fahrer-m-w-3\/","title":{"rendered":"LKW-Fahrer (m\/w\/d)"},"content":{"rendered":"\n<div class=\"wp-block-group alignfull is-layout-flow wp-container-core-group-is-layout-a77db08e wp-block-group-is-layout-flow\">\n<div class=\"wp-block-cover alignfull has-custom-content-position is-position-bottom-center has-white-color has-text-color has-link-color wp-elements-4c165d1fb82cc26d22860c3d88e2c6a2\" style=\"padding-right:0;padding-bottom:var(--wp--preset--spacing--2-xl);padding-left:0;min-height:80vh;aspect-ratio:unset;\"><img loading=\"lazy\" decoding=\"async\" width=\"2560\" height=\"1706\" class=\"wp-block-cover__image-background wp-image-158846 size-full\" alt=\"DJI_0369\" src=\"https:\/\/www.leeb-balkone.com\/app\/uploads\/2025\/10\/DJI_0369-scaled.jpg\" style=\"object-position:76% 100%\" data-object-fit=\"cover\" data-object-position=\"76% 100%\" srcset=\"https:\/\/www.leeb-balkone.com\/app\/uploads\/2025\/10\/DJI_0369-scaled.jpg 2560w, https:\/\/www.leeb-balkone.com\/app\/uploads\/2025\/10\/DJI_0369-300x200.jpg 300w, https:\/\/www.leeb-balkone.com\/app\/uploads\/2025\/10\/DJI_0369-1024x682.jpg 1024w, https:\/\/www.leeb-balkone.com\/app\/uploads\/2025\/10\/DJI_0369-768x512.jpg 768w, https:\/\/www.leeb-balkone.com\/app\/uploads\/2025\/10\/DJI_0369-1536x1024.jpg 1536w, https:\/\/www.leeb-balkone.com\/app\/uploads\/2025\/10\/DJI_0369-2048x1365.jpg 2048w\" sizes=\"auto, (max-width: 2560px) 100vw, 2560px\" \/><span aria-hidden=\"true\" class=\"wp-block-cover__background has-background-dim-70 has-background-dim wp-block-cover__gradient-background has-background-gradient\" style=\"background:linear-gradient(179deg,rgba(0,0,0,0) 0%,rgb(0,0,0) 73%)\"><\/span><div class=\"wp-block-cover__inner-container has-global-padding is-layout-constrained wp-container-core-cover-is-layout-fe0db480 wp-block-cover-is-layout-constrained\">\n<div class=\"wp-block-group has-global-padding is-content-justification-left is-layout-constrained wp-container-core-group-is-layout-a250a9f9 wp-block-group-is-layout-constrained\" style=\"padding-right:0;padding-left:0\">\n<div class=\"wp-block-group is-vertical is-layout-flex wp-container-core-group-is-layout-264474f9 wp-block-group-is-layout-flex\"><h1 class=\"wp-block-post-title\">LKW-Fahrer (m\/w\/d)<\/h1>\n\n\n<p><span class=\"uppercase\"><strong>(m\/w\/d)<\/strong><\/span><\/p>\n<\/div>\n\n\n\n<p><span class=\"teaser\">So k\u00f6nnte dein Leben auf der \u00dcberholspur aussehen! <\/span><\/p>\n\n\n\n<div class=\"wp-block-buttons is-layout-flex wp-block-buttons-is-layout-flex\">\n<div class=\"wp-block-button\"><a class=\"wp-block-button__link wp-element-button\" href=\"#bewerbung\">Jetzt bewerben<\/a><\/div>\n\n\n\n<div class=\"wp-block-button is-style-outline-white smooth-scroll\"><a class=\"wp-block-button__link wp-element-button\" href=\"#benefits\">Deine Benefits<\/a><\/div>\n<\/div>\n<\/div>\n<\/div><\/div>\n\n\n\n<section class=\"wp-block-group alignfull has-white-background-color has-background has-global-padding is-layout-constrained wp-container-core-group-is-layout-58d99300 wp-block-group-is-layout-constrained\" style=\"padding-top:var(--wp--preset--spacing--xl);padding-bottom:var(--wp--preset--spacing--2-xl)\">\n<div class=\"wp-block-group breadcrumb has-global-padding is-layout-constrained wp-container-core-group-is-layout-cf8232cb wp-block-group-is-layout-constrained\">\n<div class=\"wp-block-group is-layout-flow wp-block-group-is-layout-flow\" style=\"padding-bottom:var(--wp--preset--spacing--xl)\">\n<span><span><a href=\"https:\/\/www.leeb-balkone.com\/de\/\">Home<\/a><\/span><\/span>\n<\/div>\n<\/div>\n\n\n\n<div class=\"wp-block-group is-layout-grid wp-container-core-group-is-layout-68c8b414 wp-block-group-is-layout-grid\" style=\"margin-top:0\">\n<div class=\"wp-block-group t3-job-facts has-light-gray-background-color has-background wp-container-content-725258bd is-vertical is-content-justification-center is-layout-flex wp-container-core-group-is-layout-2109e5e0 wp-block-group-is-layout-flex\" style=\"padding-top:var(--wp--preset--spacing--m);padding-right:var(--wp--preset--spacing--s);padding-bottom:var(--wp--preset--spacing--m);padding-left:var(--wp--preset--spacing--s)\">\n<figure class=\"wp-block-image aligncenter size-full is-resized\"><img loading=\"lazy\" decoding=\"async\" width=\"32\" height=\"32\" src=\"https:\/\/www.leeb-balkone.com\/app\/uploads\/2025\/03\/clock.svg\" alt=\"clock\" class=\"wp-image-145627\" style=\"width:32px\"\/><\/figure>\n\n\n\n<div class=\"wp-block-group is-vertical is-content-justification-center is-layout-flex wp-container-core-group-is-layout-a24e3638 wp-block-group-is-layout-flex\">\n<p class=\"has-text-align-center has-step-xs-font-size\">Arbeitsmodell<\/p>\n\n\n\n<p class=\"has-text-align-center has-step-05-font-size\"><strong>Vollzeit<\/strong><\/p>\n<\/div>\n<\/div>\n\n\n\n<div class=\"wp-block-group t3-job-facts has-light-gray-background-color has-background wp-container-content-725258bd is-vertical is-content-justification-center is-layout-flex wp-container-core-group-is-layout-2109e5e0 wp-block-group-is-layout-flex\" style=\"padding-top:var(--wp--preset--spacing--m);padding-right:var(--wp--preset--spacing--s);padding-bottom:var(--wp--preset--spacing--m);padding-left:var(--wp--preset--spacing--s)\">\n<figure class=\"wp-block-image aligncenter size-full is-resized\"><img loading=\"lazy\" decoding=\"async\" width=\"32\" height=\"32\" src=\"https:\/\/www.leeb-balkone.com\/app\/uploads\/2025\/03\/calendar.svg\" alt=\"calendar\" class=\"wp-image-145622\" style=\"width:32px\"\/><\/figure>\n\n\n\n<div class=\"wp-block-group is-vertical is-content-justification-center is-layout-flex wp-container-core-group-is-layout-a24e3638 wp-block-group-is-layout-flex\">\n<p class=\"has-text-align-center has-step-xs-font-size\">Start<\/p>\n\n\n\n<p class=\"has-text-align-center has-step-05-font-size\"><strong>ab sofort<\/strong><\/p>\n<\/div>\n<\/div>\n\n\n\n<div class=\"wp-block-group t3-job-facts has-light-gray-background-color has-background wp-container-content-725258bd is-vertical is-content-justification-center is-layout-flex wp-container-core-group-is-layout-2109e5e0 wp-block-group-is-layout-flex\" style=\"padding-top:var(--wp--preset--spacing--m);padding-right:var(--wp--preset--spacing--s);padding-bottom:var(--wp--preset--spacing--m);padding-left:var(--wp--preset--spacing--s)\">\n<figure class=\"wp-block-image aligncenter size-full is-resized\"><img loading=\"lazy\" decoding=\"async\" width=\"32\" height=\"32\" src=\"https:\/\/www.leeb-balkone.com\/app\/uploads\/2025\/03\/tools.svg\" alt=\"tools\" class=\"wp-image-145642\" style=\"width:32px\"\/><\/figure>\n\n\n\n<div class=\"wp-block-group is-vertical is-content-justification-center is-layout-flex wp-container-core-group-is-layout-a24e3638 wp-block-group-is-layout-flex\">\n<p class=\"has-text-align-center has-step-xs-font-size\">Kollektivvertrag<\/p>\n\n\n\n<p class=\"has-text-align-center has-step-05-font-size\"><strong>Metallindustrie<\/strong><\/p>\n<\/div>\n<\/div>\n\n\n\n<div class=\"wp-block-group t3-job-facts has-light-gray-background-color has-background wp-container-content-725258bd is-vertical is-content-justification-center is-layout-flex wp-container-core-group-is-layout-2109e5e0 wp-block-group-is-layout-flex\" style=\"padding-top:var(--wp--preset--spacing--m);padding-right:var(--wp--preset--spacing--s);padding-bottom:var(--wp--preset--spacing--m);padding-left:var(--wp--preset--spacing--s)\">\n<figure class=\"wp-block-image aligncenter size-full is-resized\"><img loading=\"lazy\" decoding=\"async\" width=\"32\" height=\"32\" src=\"https:\/\/www.leeb-balkone.com\/app\/uploads\/2025\/03\/pin.svg\" alt=\"pin\" class=\"wp-image-145637\" style=\"width:32px\"\/><\/figure>\n\n\n\n<div class=\"wp-block-group is-vertical is-content-justification-center is-layout-flex wp-container-core-group-is-layout-a24e3638 wp-block-group-is-layout-flex\">\n<p class=\"has-text-align-center has-step-xs-font-size\">Arbeitsort<\/p>\n\n\n\n<p class=\"has-text-align-center has-step-05-font-size\"><strong>9563 Gnesau<\/strong><\/p>\n<\/div>\n<\/div>\n\n\n\n<div class=\"wp-block-group t3-job-facts has-light-gray-background-color has-background wp-container-content-725258bd is-vertical is-content-justification-center is-layout-flex wp-container-core-group-is-layout-2109e5e0 wp-block-group-is-layout-flex\" style=\"padding-top:var(--wp--preset--spacing--m);padding-right:var(--wp--preset--spacing--s);padding-bottom:var(--wp--preset--spacing--m);padding-left:var(--wp--preset--spacing--s)\">\n<figure class=\"wp-block-image aligncenter size-full is-resized\"><img loading=\"lazy\" decoding=\"async\" width=\"32\" height=\"32\" src=\"https:\/\/www.leeb-balkone.com\/app\/uploads\/2025\/03\/coin.svg\" alt=\"coin\" class=\"wp-image-145632\" style=\"width:32px\"\/><\/figure>\n\n\n\n<div class=\"wp-block-group is-vertical is-content-justification-center is-layout-flex wp-container-core-group-is-layout-a24e3638 wp-block-group-is-layout-flex\">\n<p class=\"has-text-align-center has-step-xs-font-size\">Gehalt mind.<\/p>\n\n\n\n<p class=\"has-text-align-center has-step-05-font-size\"><strong>EUR 2.700 brutto<\/strong><\/p>\n<\/div>\n<\/div>\n<\/div>\n\n\n\n<div class=\"wp-block-group has-global-padding is-layout-constrained wp-container-core-group-is-layout-e40817b5 wp-block-group-is-layout-constrained\" style=\"padding-top:var(--wp--preset--spacing--xl)\">\n<p><strong>Du liebst die Stra\u00dfe, suchst Sicherheit &amp; Abwechslung?<\/strong><br>Bei uns wirst du mehr als ein LKW-Fahrer \u2013 du bringst wahre LEEBensfreude! Als Fahrer bei LEEB lieferst du nicht nur hochwertige Balkone &amp; Z\u00e4une \u2013 du sorgst f\u00fcr Begeisterung bei unseren Kunden in \u00d6sterreich, Deutschland und Italien.<\/p>\n\n\n\n<div class=\"wp-block-group is-layout-flow wp-block-group-is-layout-flow\">\n<h2 class=\"wp-block-heading has-step-1-font-size\">Das bieten wir dir<\/h2>\n\n\n\n<ul class=\"wp-block-list is-style-checkmark-2\">\n<li>Ein Leeben auf der \u00dcberholspur<\/li>\n\n\n\n<li>,,Dein&#8221; top modernen LKW  <\/li>\n\n\n\n<li>W\u00f6chentliche Routenplanung <\/li>\n\n\n\n<li>Ausw\u00e4rtst\u00e4tigkeit von Montag bis Freitag \u2013 freie Wochenenden! <\/li>\n\n\n\n<li>\u00dcbernachtung bequem im Einzelzimmer<\/li>\n\n\n\n<li>Unterstellplatz f\u00fcr deinen PKW unter der Woche<\/li>\n\n\n\n<li>Krisensicheren Arbeitsplatz \u2013 Ganzjahresstelle<\/li>\n\n\n\n<li>J\u00e4hrliches Guthaben f\u00fcr Kleidung im eigenen Shop<\/li>\n\n\n\n<li>Attraktive Entlohnung ab EUR 2.700,- brutto (zzgl. Di\u00e4ten und \u00dcberstunden)<\/li>\n<\/ul>\n<\/div>\n\n\n\n<div class=\"wp-block-group is-layout-flow wp-block-group-is-layout-flow\">\n<h2 class=\"wp-block-heading has-step-1-font-size\">Deine Zust\u00e4ndigkeiten und Aufgaben<\/h2>\n\n\n\n<ul class=\"wp-block-list is-style-checkmark-2\">\n<li>Auslieferung unserer Produkte im In- und Ausland<\/li>\n\n\n\n<li>Durchf\u00fchrung von Lade-, und Entladet\u00e4tigkeiten<\/li>\n\n\n\n<li>Verantwortlich f\u00fcr die ordnungsgem\u00e4\u00dfe Ladungssicherung<\/li>\n\n\n\n<li>Durchf\u00fchrung von Warenkontrollen<\/li>\n\n\n\n<li>Unterst\u00fctzung bei der Montage unserer Produkte (wenn gew\u00fcnscht) <\/li>\n<\/ul>\n<\/div>\n\n\n\n<div class=\"wp-block-group is-layout-flow wp-block-group-is-layout-flow\">\n<h2 class=\"wp-block-heading has-step-1-font-size\">Qualifikationen \/ Anforderungen<\/h2>\n\n\n\n<ul class=\"wp-block-list is-style-checkmark-2\">\n<li>F\u00fchrerschein Klasse C+E<\/li>\n\n\n\n<li>Erfahrung im Fernverkehr (\u00d6sterreich, Deutschland, Italien) von Vorteil<\/li>\n\n\n\n<li>Selbst\u00e4ndige und genaue Arbeitsweise<\/li>\n\n\n\n<li>Einwandfreier Umgang mit Kunden<\/li>\n\n\n\n<li>Bereitschaft f\u00fcr Ausw\u00e4rtsn\u00e4chtigungen (Mo-Fr) und Reisebereitschaft<\/li>\n\n\n\n<li>Gute Deutschkennnisse <\/li>\n<\/ul>\n<\/div>\n\n\n\n<div class=\"wp-block-buttons is-layout-flex wp-block-buttons-is-layout-flex\">\n<div class=\"wp-block-button\"><a class=\"wp-block-button__link wp-element-button\" href=\"#bewerbung\">Jetzt bewerben<\/a><\/div>\n<\/div>\n<\/div>\n<\/section>\n\n\n\n<section class=\"wp-block-group alignfull has-light-gray-background-color has-background has-global-padding is-layout-constrained wp-container-core-group-is-layout-e37a80b5 wp-block-group-is-layout-constrained\" id=\"benefits\" style=\"margin-top:0;margin-bottom:0;padding-top:var(--wp--preset--spacing--2-xl);padding-bottom:var(--wp--preset--spacing--2-xl)\">\n<div class=\"wp-block-group has-global-padding is-layout-constrained wp-container-core-group-is-layout-5cdcde31 wp-block-group-is-layout-constrained\" style=\"padding-bottom:var(--wp--preset--spacing--l)\">\n<div class=\"wp-block-columns is-layout-flex wp-container-core-columns-is-layout-f0342b05 wp-block-columns-is-layout-flex\" style=\"margin-top:0;margin-bottom:0\">\n<div class=\"wp-block-column is-vertically-aligned-bottom is-layout-flow wp-block-column-is-layout-flow\" style=\"flex-basis:66.66%\">\n<h2 class=\"wp-block-heading\">Deine Benefits<\/h2>\n<\/div>\n\n\n\n<div class=\"wp-block-column is-vertically-aligned-bottom is-layout-flow wp-block-column-is-layout-flow\" style=\"flex-basis:33.33%\">\n<div class=\"wp-block-buttons u-m-jc-left is-content-justification-right is-layout-flex wp-container-core-buttons-is-layout-c060c6c7 wp-block-buttons-is-layout-flex\">\n<div class=\"wp-block-button is-style-outline-secondary\"><a class=\"wp-block-button__link wp-element-button\" href=\"https:\/\/www.leeb-balkone.com\/de\/leeb-benefits-fuer-mitarbeiter\/\">Alle Benefits<\/a><\/div>\n<\/div>\n<\/div>\n<\/div>\n<\/div>\n\n\n\n<div class=\"wp-block-group is-layout-flow wp-block-group-is-layout-flow\" style=\"margin-top:0\">\n<div class=\"wp-block-group is-layout-grid wp-container-core-group-is-layout-7785d981 wp-block-group-is-layout-grid\">\n<div class=\"wp-block-group m-card benefits has-global-padding is-layout-constrained wp-block-group-is-layout-constrained\">\n<div class=\"wp-block-cover has-custom-content-position is-position-bottom-center\" style=\"padding-bottom:var(--wp--preset--spacing--m)\"><img loading=\"lazy\" decoding=\"async\" width=\"1024\" height=\"683\" class=\"wp-block-cover__image-background wp-image-146724 size-large\" alt=\"neuer Volvo\" src=\"https:\/\/www.leeb-balkone.com\/app\/uploads\/2025\/05\/neuer-Volvo-1-1024x683.jpg\" data-object-fit=\"cover\" srcset=\"https:\/\/www.leeb-balkone.com\/app\/uploads\/2025\/05\/neuer-Volvo-1-1024x683.jpg 1024w, https:\/\/www.leeb-balkone.com\/app\/uploads\/2025\/05\/neuer-Volvo-1-300x200.jpg 300w, https:\/\/www.leeb-balkone.com\/app\/uploads\/2025\/05\/neuer-Volvo-1-768x512.jpg 768w, https:\/\/www.leeb-balkone.com\/app\/uploads\/2025\/05\/neuer-Volvo-1-1536x1024.jpg 1536w, https:\/\/www.leeb-balkone.com\/app\/uploads\/2025\/05\/neuer-Volvo-1-2048x1365.jpg 2048w\" sizes=\"auto, (max-width: 1024px) 100vw, 1024px\" \/><span aria-hidden=\"true\" class=\"wp-block-cover__background has-background-dim wp-block-cover__gradient-background has-background-gradient\" style=\"background:linear-gradient(180deg,rgba(0,0,0,0) 0%,rgb(0,0,0) 53%)\"><\/span><div class=\"wp-block-cover__inner-container has-global-padding is-layout-constrained wp-block-cover-is-layout-constrained\">\n<div class=\"wp-block-group is-vertical is-layout-flex wp-container-core-group-is-layout-ad69fd43 wp-block-group-is-layout-flex\">\n<h3 class=\"wp-block-heading has-text-align-left has-step-2-font-size\">TOP MODERNER LKW<\/h3>\n\n\n\n<p class=\"has-step-s-font-size\">Kein st\u00e4ndiger Wechsel <\/p>\n<\/div>\n<\/div><\/div>\n<\/div>\n\n\n\n<div class=\"wp-block-group m-card benefits has-global-padding is-layout-constrained wp-block-group-is-layout-constrained\">\n<div class=\"wp-block-cover has-custom-content-position is-position-bottom-center\" style=\"padding-bottom:var(--wp--preset--spacing--m)\"><img loading=\"lazy\" decoding=\"async\" width=\"2560\" height=\"1435\" class=\"wp-block-cover__image-background wp-image-158852 size-full\" alt=\"EinzelZimmer\" src=\"https:\/\/www.leeb-balkone.com\/app\/uploads\/2025\/10\/EinzelZimmer-scaled.jpeg\" style=\"object-position:84% 38%\" data-object-fit=\"cover\" data-object-position=\"84% 38%\" srcset=\"https:\/\/www.leeb-balkone.com\/app\/uploads\/2025\/10\/EinzelZimmer-scaled.jpeg 2560w, https:\/\/www.leeb-balkone.com\/app\/uploads\/2025\/10\/EinzelZimmer-300x168.jpeg 300w, https:\/\/www.leeb-balkone.com\/app\/uploads\/2025\/10\/EinzelZimmer-1024x574.jpeg 1024w, https:\/\/www.leeb-balkone.com\/app\/uploads\/2025\/10\/EinzelZimmer-768x430.jpeg 768w, https:\/\/www.leeb-balkone.com\/app\/uploads\/2025\/10\/EinzelZimmer-1536x861.jpeg 1536w, https:\/\/www.leeb-balkone.com\/app\/uploads\/2025\/10\/EinzelZimmer-2048x1148.jpeg 2048w\" sizes=\"auto, (max-width: 2560px) 100vw, 2560px\" \/><span aria-hidden=\"true\" class=\"wp-block-cover__background has-background-dim wp-block-cover__gradient-background has-background-gradient\" style=\"background:linear-gradient(180deg,rgba(0,0,0,0) 0%,rgb(0,0,0) 53%)\"><\/span><div class=\"wp-block-cover__inner-container has-global-padding is-layout-constrained wp-block-cover-is-layout-constrained\">\n<div class=\"wp-block-group is-vertical is-layout-flex wp-container-core-group-is-layout-ad69fd43 wp-block-group-is-layout-flex\">\n<h3 class=\"wp-block-heading has-text-align-left has-step-2-font-size\">\u00dcBERNACHTUNG IM EINZELZIMMER<\/h3>\n\n\n\n<p class=\"has-step-s-font-size\">Ganz bequem unterwegs<\/p>\n<\/div>\n<\/div><\/div>\n<\/div>\n\n\n\n<div class=\"wp-block-group m-card benefits has-global-padding is-layout-constrained wp-block-group-is-layout-constrained\">\n<div class=\"wp-block-cover has-custom-content-position is-position-bottom-center\" style=\"padding-bottom:var(--wp--preset--spacing--m)\"><img loading=\"lazy\" decoding=\"async\" width=\"1024\" height=\"576\" class=\"wp-block-cover__image-background wp-image-158857 size-large\" alt=\"Tourenplanung\" src=\"https:\/\/www.leeb-balkone.com\/app\/uploads\/2025\/10\/Tourenplanung-1-1024x576.jpeg\" style=\"object-position:52% 52%\" data-object-fit=\"cover\" data-object-position=\"52% 52%\" srcset=\"https:\/\/www.leeb-balkone.com\/app\/uploads\/2025\/10\/Tourenplanung-1-1024x576.jpeg 1024w, https:\/\/www.leeb-balkone.com\/app\/uploads\/2025\/10\/Tourenplanung-1-300x169.jpeg 300w, https:\/\/www.leeb-balkone.com\/app\/uploads\/2025\/10\/Tourenplanung-1-768x432.jpeg 768w, https:\/\/www.leeb-balkone.com\/app\/uploads\/2025\/10\/Tourenplanung-1-1536x864.jpeg 1536w, https:\/\/www.leeb-balkone.com\/app\/uploads\/2025\/10\/Tourenplanung-1-2048x1152.jpeg 2048w\" sizes=\"auto, (max-width: 1024px) 100vw, 1024px\" \/><span aria-hidden=\"true\" class=\"wp-block-cover__background has-background-dim wp-block-cover__gradient-background has-background-gradient\" style=\"background:linear-gradient(180deg,rgba(0,0,0,0) 0%,rgb(0,0,0) 53%)\"><\/span><div class=\"wp-block-cover__inner-container has-global-padding is-layout-constrained wp-block-cover-is-layout-constrained\">\n<div class=\"wp-block-group is-vertical is-layout-flex wp-container-core-group-is-layout-ad69fd43 wp-block-group-is-layout-flex\">\n<h3 class=\"wp-block-heading has-text-align-left has-step-2-font-size\">FIXE TOURENPLANUNG &amp; FREIES WOCHENENDE<\/h3>\n\n\n\n<p class=\"has-step-s-font-size\">Planbare Arbeitszeiten <\/p>\n<\/div>\n<\/div><\/div>\n<\/div>\n\n\n\n<div class=\"wp-block-group m-card benefits has-global-padding is-layout-constrained wp-block-group-is-layout-constrained\">\n<div class=\"wp-block-cover has-custom-content-position is-position-bottom-center\" style=\"padding-bottom:var(--wp--preset--spacing--m)\"><img loading=\"lazy\" decoding=\"async\" width=\"1024\" height=\"512\" class=\"wp-block-cover__image-background wp-image-158872 size-large\" alt=\"Ganzjahreskalender\" src=\"https:\/\/www.leeb-balkone.com\/app\/uploads\/2025\/10\/Ganzjahreskalender-1024x512.jpeg\" data-object-fit=\"cover\" srcset=\"https:\/\/www.leeb-balkone.com\/app\/uploads\/2025\/10\/Ganzjahreskalender-1024x512.jpeg 1024w, https:\/\/www.leeb-balkone.com\/app\/uploads\/2025\/10\/Ganzjahreskalender-300x150.jpeg 300w, https:\/\/www.leeb-balkone.com\/app\/uploads\/2025\/10\/Ganzjahreskalender-768x384.jpeg 768w, https:\/\/www.leeb-balkone.com\/app\/uploads\/2025\/10\/Ganzjahreskalender-1536x768.jpeg 1536w, https:\/\/www.leeb-balkone.com\/app\/uploads\/2025\/10\/Ganzjahreskalender-2048x1024.jpeg 2048w\" sizes=\"auto, (max-width: 1024px) 100vw, 1024px\" \/><span aria-hidden=\"true\" class=\"wp-block-cover__background has-background-dim wp-block-cover__gradient-background has-background-gradient\" style=\"background:linear-gradient(180deg,rgba(0,0,0,0) 0%,rgb(0,0,0) 53%)\"><\/span><div class=\"wp-block-cover__inner-container has-global-padding is-layout-constrained wp-block-cover-is-layout-constrained\">\n<div class=\"wp-block-group is-vertical is-layout-flex wp-container-core-group-is-layout-ad69fd43 wp-block-group-is-layout-flex\">\n<h3 class=\"wp-block-heading has-text-align-left has-step-2-font-size\">GANZJAHRES- STELLE<\/h3>\n\n\n\n<p class=\"has-step-s-font-size\">Keine Stempelzeiten <\/p>\n<\/div>\n<\/div><\/div>\n<\/div>\n<\/div>\n<\/div>\n<\/section>\n\n\n\n<section class=\"wp-block-group alignfull has-white-background-color has-background has-global-padding is-layout-constrained wp-container-core-group-is-layout-e37a80b5 wp-block-group-is-layout-constrained\" style=\"margin-top:0;margin-bottom:0;padding-top:var(--wp--preset--spacing--2-xl);padding-bottom:var(--wp--preset--spacing--2-xl)\">\n<figure class=\"wp-block-embed is-type-video is-provider-youtube wp-block-embed-youtube wp-embed-aspect-16-9 wp-has-aspect-ratio\"><div class=\"wp-block-embed__wrapper\">\n<iframe loading=\"lazy\" title=\"LKW-FAHRER (M\/W) MIT BRUMM BRUMM GESUCHT!\" width=\"500\" height=\"281\" src=\"https:\/\/www.youtube.com\/embed\/CVK_E3Yr2Es?feature=oembed&#038;enablejsapi=1&#038;origin=https:\/\/www.leeb-balkone.com\/de\" frameborder=\"0\" allow=\"accelerometer; autoplay; clipboard-write; encrypted-media; gyroscope; picture-in-picture; web-share\" referrerpolicy=\"strict-origin-when-cross-origin\" allowfullscreen><\/iframe>\n<\/div><\/figure>\n<\/section>\n\n\n\n<section class=\"wp-block-group alignfull u-of-visible has-white-background-color has-background has-global-padding is-layout-constrained wp-container-core-group-is-layout-423bb2c8 wp-block-group-is-layout-constrained\" style=\"margin-top:0;margin-bottom:0;padding-top:0;padding-bottom:var(--wp--preset--spacing--2-xl)\">\n<div class=\"wp-block-group has-global-padding is-layout-constrained wp-container-core-group-is-layout-5cdcde31 wp-block-group-is-layout-constrained\" style=\"padding-bottom:var(--wp--preset--spacing--l)\">\n<div class=\"wp-block-columns is-layout-flex wp-container-core-columns-is-layout-0a4bbf16 wp-block-columns-is-layout-flex\" style=\"margin-top:0;margin-bottom:0\">\n<div class=\"wp-block-column is-vertically-aligned-bottom is-layout-flow wp-block-column-is-layout-flow\" style=\"flex-basis:66.66%\">\n<h2 class=\"wp-block-heading\">Mitarbeiterstimmen<\/h2>\n\n\n\n<p>Unsere Mitarbeiter erz\u00e4hlen: Pers\u00f6nliche Einblicke, spannende Erlebnisse und der Weg zu ihrem Erfolg \u2013 entdecke, was unser Team so besonders macht!<\/p>\n<\/div>\n\n\n\n<div class=\"wp-block-column is-vertically-aligned-bottom is-layout-flow wp-block-column-is-layout-flow\" style=\"flex-basis:33.33%\">\n<div class=\"wp-block-buttons u-m-jc-left is-content-justification-right is-layout-flex wp-container-core-buttons-is-layout-c060c6c7 wp-block-buttons-is-layout-flex\">\n<div class=\"wp-block-button is-style-outline-secondary\"><a class=\"wp-block-button__link wp-element-button\" href=\"https:\/\/www.leeb-balkone.com\/de\/karriere-bei-leeb\/leeb-inside\/\">Leeb inside<\/a><\/div>\n<\/div>\n<\/div>\n<\/div>\n<\/div>\n\n\n\n<div class=\"wp-block-group is-layout-flow wp-block-group-is-layout-flow\" style=\"margin-top:0\">\n<div class=\"wp-block-columns testimonial m-split is-layout-flex wp-container-core-columns-is-layout-28232c24 wp-block-columns-is-layout-flex\">\n<div class=\"wp-block-column is-layout-flow wp-block-column-is-layout-flow\">\n<div class=\"wp-block-group is-layout-flow wp-block-group-is-layout-flow has-background\" style=\"min-height:100%;background-image:url(&#039;https:\/\/www.leeb-balkone.com\/app\/uploads\/2025\/05\/Ertl-Alexander-scaled.jpg&#039;);background-position:48% 30%;background-size:cover;\"><\/div>\n<\/div>\n\n\n\n<div class=\"wp-block-column testimonial-text is-layout-flow wp-block-column-is-layout-flow\">\n<div class=\"wp-block-group has-light-gray-background-color has-background is-vertical is-layout-flex wp-container-core-group-is-layout-497906c9 wp-block-group-is-layout-flex\" style=\"padding-top:var(--wp--preset--spacing--xl);padding-right:var(--wp--preset--spacing--xl);padding-bottom:var(--wp--preset--spacing--xl);padding-left:var(--wp--preset--spacing--l)\">\n<h3 class=\"wp-block-heading\">Leeb Balkone w\u00e4chst \u2013 und mit uns auch unsere F\u00fchrungsebene!<\/h3>\n\n\n\n<p class=\"has-step-1-font-size\"><em>&#8220;Ich freue mich sehr auf diese neue Herausforderung. Leeb Balkone ist ein Unternehmen mit einer beeindruckenden Tradition und Innovationskraft<\/em>.&#8221;<\/p>\n\n\n\n<p class=\"has-step-s-font-size\"><strong>Dipl.-Ing. Alexander Ertl<\/strong><br>Gesch\u00e4ftsf\u00fchrung<\/p>\n\n\n\n<div class=\"wp-block-buttons is-layout-flex wp-block-buttons-is-layout-flex\" style=\"margin-top:0;margin-bottom:0\">\n<div class=\"wp-block-button\"><a class=\"wp-block-button__link wp-element-button\" href=\"https:\/\/vimeo.com\/1065771034\" target=\"_blank\" rel=\"noreferrer noopener\">Hier geht&#8217;s zum Video<\/a><\/div>\n<\/div>\n<\/div>\n<\/div>\n<\/div>\n\n\n\n<div class=\"wp-block-columns testimonial m-split m-split-reverse is-layout-flex wp-container-core-columns-is-layout-28232c24 wp-block-columns-is-layout-flex\">\n<div class=\"wp-block-column is-layout-flow wp-block-column-is-layout-flow\">\n<div class=\"wp-block-group is-layout-flow wp-block-group-is-layout-flow has-background\" style=\"min-height:100%;background-image:url(&#039;https:\/\/www.leeb-balkone.com\/app\/uploads\/2025\/03\/martin-sabrina.jpg&#039;);background-position:54% 28.999999999999996%;background-size:cover;\"><\/div>\n<\/div>\n\n\n\n<div class=\"wp-block-column testimonial-text is-layout-flow wp-block-column-is-layout-flow\">\n<div class=\"wp-block-group has-light-gray-background-color has-background is-vertical is-layout-flex wp-container-core-group-is-layout-497906c9 wp-block-group-is-layout-flex\" style=\"padding-top:var(--wp--preset--spacing--xl);padding-right:var(--wp--preset--spacing--xl);padding-bottom:var(--wp--preset--spacing--xl);padding-left:var(--wp--preset--spacing--l)\">\n<h3 class=\"wp-block-heading\">Mamaschicht bei Leeb<\/h3>\n\n\n\n<p class=\"has-step-1-font-size\">&#8220;Das Modell MAMASCHICHT erm\u00f6glicht es mir, die Arbeitszeiten flexibel einzuteilen, sodass ich diese mit meinen Kindern optimal vereinbaren kann&#8221;<\/p>\n\n\n\n<p class=\"has-step-s-font-size\"><strong>Sabrina Martin<\/strong><br>Bereich Verpackung<\/p>\n\n\n\n<div class=\"wp-block-buttons is-layout-flex wp-block-buttons-is-layout-flex\" style=\"margin-top:0;margin-bottom:0\">\n<div class=\"wp-block-button\"><a class=\"wp-block-button__link wp-element-button\" href=\"https:\/\/vimeo.com\/1065778204\" target=\"_blank\" rel=\"noreferrer noopener\">Hier geht&#8217;s zum Video<\/a><\/div>\n<\/div>\n<\/div>\n<\/div>\n<\/div>\n\n\n\n<div class=\"wp-block-columns testimonial m-split is-layout-flex wp-container-core-columns-is-layout-28232c24 wp-block-columns-is-layout-flex\">\n<div class=\"wp-block-column is-layout-flow wp-block-column-is-layout-flow\">\n<div class=\"wp-block-group is-layout-flow wp-block-group-is-layout-flow has-background\" style=\"min-height:100%;background-image:url(&#039;https:\/\/www.leeb-balkone.com\/app\/uploads\/2025\/03\/manuel-ster.jpg&#039;);background-position:54% 28.999999999999996%;background-size:cover;\"><\/div>\n<\/div>\n\n\n\n<div class=\"wp-block-column testimonial-text is-layout-flow wp-block-column-is-layout-flow\">\n<div class=\"wp-block-group has-light-gray-background-color has-background is-vertical is-layout-flex wp-container-core-group-is-layout-497906c9 wp-block-group-is-layout-flex\" style=\"padding-top:var(--wp--preset--spacing--xl);padding-right:var(--wp--preset--spacing--xl);padding-bottom:var(--wp--preset--spacing--xl);padding-left:var(--wp--preset--spacing--l)\">\n<h3 class=\"wp-block-heading\">Aufstiegschancen und Karrierem\u00f6glichkeiten bei Leeb<\/h3>\n\n\n\n<p class=\"has-step-1-font-size\">&#8220;<em>Vom Lehrling zum Teamsprecher, Ausbilder und kreativen Gestalter \u2013 Manuel zeigt, was mit Engagement alles m\u00f6glich ist.<\/em>&#8220;<\/p>\n\n\n\n<p class=\"has-step-s-font-size\"><strong>Manuel Ster<\/strong><br>Lehrlingsausbilder und Teil der Fertigungsgestaltung<\/p>\n\n\n\n<div class=\"wp-block-buttons is-layout-flex wp-block-buttons-is-layout-flex\" style=\"margin-top:0;margin-bottom:0\">\n<div class=\"wp-block-button\"><a class=\"wp-block-button__link wp-element-button\" href=\"https:\/\/vimeo.com\/1065780012\" target=\"_blank\" rel=\"noreferrer noopener\">Hier geht&#8217;s zum Video<\/a><\/div>\n<\/div>\n<\/div>\n<\/div>\n<\/div>\n\n\n\n<div class=\"wp-block-columns testimonial m-split m-split-reverse is-layout-flex wp-container-core-columns-is-layout-28232c24 wp-block-columns-is-layout-flex\">\n<div class=\"wp-block-column is-layout-flow wp-block-column-is-layout-flow\">\n<div class=\"wp-block-group is-layout-flow wp-block-group-is-layout-flow has-background\" style=\"min-height:100%;background-image:url(&#039;https:\/\/www.leeb-balkone.com\/app\/uploads\/2025\/03\/burgi-kirchbaumer.jpg&#039;);background-position:54% 28.999999999999996%;background-size:cover;\"><\/div>\n<\/div>\n\n\n\n<div class=\"wp-block-column testimonial-text is-layout-flow wp-block-column-is-layout-flow\">\n<div class=\"wp-block-group has-light-gray-background-color has-background is-vertical is-layout-flex wp-container-core-group-is-layout-497906c9 wp-block-group-is-layout-flex\" style=\"padding-top:var(--wp--preset--spacing--xl);padding-right:var(--wp--preset--spacing--xl);padding-bottom:var(--wp--preset--spacing--xl);padding-left:var(--wp--preset--spacing--l)\">\n<h3 class=\"wp-block-heading\">Ein Leeben lang bei Leeb! <\/h3>\n\n\n\n<p class=\"has-step-1-font-size\">&#8220;<em>Besonders sch\u00e4tze ich das Unternehmen Leeb, bzw. die Familie Leeb, die seit beinahe 40 Jahren mein Wegbegleiter ist! Sie haben mich immer gef\u00f6rdert und weiterentwickeln lassen.<\/em>&#8220;<\/p>\n\n\n\n<p class=\"has-step-s-font-size\"><strong>Burgi Kirchbaumer<\/strong><br>Auftragsleitung<\/p>\n\n\n\n<div class=\"wp-block-buttons is-layout-flex wp-block-buttons-is-layout-flex\" style=\"margin-top:0;margin-bottom:0\">\n<div class=\"wp-block-button\"><a class=\"wp-block-button__link wp-element-button\" href=\"https:\/\/vimeo.com\/1065773549\" target=\"_blank\" rel=\"noreferrer noopener\">Hier geht&#8217;s zum Video<\/a><\/div>\n<\/div>\n<\/div>\n<\/div>\n<\/div>\n\n\n\n<div class=\"wp-block-columns testimonial m-split is-layout-flex wp-container-core-columns-is-layout-28232c24 wp-block-columns-is-layout-flex\">\n<div class=\"wp-block-column is-layout-flow wp-block-column-is-layout-flow\">\n<div class=\"wp-block-group is-layout-flow wp-block-group-is-layout-flow has-background\" style=\"min-height:100%;background-image:url(&#039;https:\/\/www.leeb-balkone.com\/app\/uploads\/2025\/03\/bernd-strasser.jpg&#039;);background-position:54% 28.999999999999996%;background-size:cover;\"><\/div>\n<\/div>\n\n\n\n<div class=\"wp-block-column testimonial-text is-layout-flow wp-block-column-is-layout-flow\">\n<div class=\"wp-block-group has-light-gray-background-color has-background is-vertical is-layout-flex wp-container-core-group-is-layout-497906c9 wp-block-group-is-layout-flex\" style=\"padding-top:var(--wp--preset--spacing--xl);padding-right:var(--wp--preset--spacing--xl);padding-bottom:var(--wp--preset--spacing--xl);padding-left:var(--wp--preset--spacing--l)\">\n<h3 class=\"wp-block-heading\">Job &amp; Familie \u2013 Papamonat bei Leeb<\/h3>\n\n\n\n<p class=\"has-step-1-font-size\">&#8220;Im Papamonat und \u00fcber die ganze Zeit hinweg wurde ich von der Firma Leeb und meinen Kollegen sehr unterst\u00fctzt und entlastet.&#8221;<\/p>\n\n\n\n<p class=\"has-step-s-font-size\"><strong>Bernd Strasser<\/strong><br>Teamleiter \u00dcberdachungen<\/p>\n\n\n\n<div class=\"wp-block-buttons is-layout-flex wp-block-buttons-is-layout-flex\" style=\"margin-top:0;margin-bottom:0\">\n<div class=\"wp-block-button\"><a class=\"wp-block-button__link wp-element-button\" href=\"https:\/\/vimeo.com\/1065772811\" target=\"_blank\" rel=\"noreferrer noopener\">Hier geht&#8217;s zum Video<\/a><\/div>\n<\/div>\n<\/div>\n<\/div>\n<\/div>\n<\/div>\n<\/section>\n\n\n\n<section class=\"wp-block-cover alignfull is-light\" style=\"margin-top:0;margin-bottom:0;padding-top:0;padding-right:0;padding-bottom:0;padding-left:0;min-height:100px;aspect-ratio:unset;\"><img loading=\"lazy\" decoding=\"async\" width=\"2560\" height=\"1865\" class=\"wp-block-cover__image-background wp-image-44801\" alt=\"lehre bei leeb balkone\" src=\"https:\/\/www.leeb-balkone.com\/app\/uploads\/2021\/06\/lehre-bei-leeb-balkone-scaled.jpg\" style=\"object-position:54% 12%\" data-object-fit=\"cover\" data-object-position=\"54% 12%\" srcset=\"https:\/\/www.leeb-balkone.com\/app\/uploads\/2021\/06\/lehre-bei-leeb-balkone-scaled.jpg 2560w, https:\/\/www.leeb-balkone.com\/app\/uploads\/2021\/06\/lehre-bei-leeb-balkone-300x219.jpg 300w, https:\/\/www.leeb-balkone.com\/app\/uploads\/2021\/06\/lehre-bei-leeb-balkone-1024x746.jpg 1024w, https:\/\/www.leeb-balkone.com\/app\/uploads\/2021\/06\/lehre-bei-leeb-balkone-768x560.jpg 768w, https:\/\/www.leeb-balkone.com\/app\/uploads\/2021\/06\/lehre-bei-leeb-balkone-1536x1119.jpg 1536w, https:\/\/www.leeb-balkone.com\/app\/uploads\/2021\/06\/lehre-bei-leeb-balkone-2048x1492.jpg 2048w\" sizes=\"auto, (max-width: 2560px) 100vw, 2560px\" \/><span aria-hidden=\"true\" class=\"wp-block-cover__background has-primary-background-color has-background-dim-70 has-background-dim\"><\/span><div class=\"wp-block-cover__inner-container has-global-padding is-layout-constrained wp-container-core-cover-is-layout-fc5783d2 wp-block-cover-is-layout-constrained\">\n<div class=\"wp-block-group is-layout-flow wp-block-group-is-layout-flow\" style=\"min-height:0px;margin-top:0;margin-bottom:0;padding-top:var(--wp--preset--spacing--2-xl);padding-bottom:var(--wp--preset--spacing--2-xl);padding-left:0\">\n<div class=\"wp-block-columns are-vertically-aligned-center is-layout-flex wp-container-core-columns-is-layout-0a4bbf16 wp-block-columns-is-layout-flex\" style=\"margin-top:0;margin-bottom:0\">\n<div class=\"wp-block-column is-vertically-aligned-center is-layout-flow wp-block-column-is-layout-flow\" style=\"flex-basis:66.66%\">\n<h2 class=\"wp-block-heading has-white-color has-text-color has-link-color wp-elements-6838885dc5936b20d95b36facb5cc1d5\">Starte deine Zukunft<\/h2>\n\n\n\n<p class=\"has-white-color has-text-color has-link-color wp-elements-f05c30acef53a1d494a22ea17537f60b\">Werde Teil unseres Teams und gestalte Deine Karriere.\u2028Nutze jetzt Deine Chance und bewirb dich!<\/p>\n<\/div>\n\n\n\n<div class=\"wp-block-column is-vertically-aligned-center is-layout-flow wp-block-column-is-layout-flow\" style=\"flex-basis:33.33%\">\n<div class=\"wp-block-buttons u-m-jc-left is-content-justification-right is-layout-flex wp-container-core-buttons-is-layout-c060c6c7 wp-block-buttons-is-layout-flex\">\n<div class=\"wp-block-button is-style-filled-white large\"><a class=\"wp-block-button__link wp-element-button\" href=\"#bewerbung\">Jetzt bewerben<\/a><\/div>\n<\/div>\n<\/div>\n<\/div>\n<\/div>\n<\/div><\/section>\n\n\n\n<section class=\"wp-block-group alignfull u-of-visible has-white-background-color has-background has-global-padding is-layout-constrained wp-container-core-group-is-layout-e37a80b5 wp-block-group-is-layout-constrained\" style=\"margin-top:0;margin-bottom:0;padding-top:var(--wp--preset--spacing--2-xl);padding-bottom:var(--wp--preset--spacing--2-xl)\">\n<div class=\"wp-block-group has-global-padding is-layout-constrained wp-container-core-group-is-layout-4d3606bf wp-block-group-is-layout-constrained\" style=\"padding-bottom:var(--wp--preset--spacing--2-xl)\">\n<div class=\"wp-block-columns is-layout-flex wp-container-core-columns-is-layout-0a4bbf16 wp-block-columns-is-layout-flex\" style=\"margin-top:0;margin-bottom:0\">\n<div class=\"wp-block-column is-vertically-aligned-bottom is-layout-flow wp-block-column-is-layout-flow\" style=\"flex-basis:66.66%\">\n<h2 class=\"wp-block-heading\">Dein zuk\u00fcnftiges Team<\/h2>\n\n\n\n<p>Erhalte einen ersten Eindruck von unserem Team \u2013 3 Kolleg:innen geben dir einen Einblick in ihre Rollen. So wei\u00dft du schon, mit wem du in Zukunft zusammenarbeiten k\u00f6nntest.<\/p>\n<\/div>\n\n\n\n<div class=\"wp-block-column is-vertically-aligned-bottom is-layout-flow wp-block-column-is-layout-flow\" style=\"flex-basis:33.33%\"><\/div>\n<\/div>\n<\/div>\n\n\n\n<div class=\"wp-block-group has-global-padding is-layout-constrained wp-container-core-group-is-layout-9e9bff0e wp-block-group-is-layout-constrained\" style=\"margin-top:0\">\n<div class=\"wp-block-group is-layout-grid wp-container-core-group-is-layout-b1ece131 wp-block-group-is-layout-grid\">\n<div class=\"wp-block-group is-vertical is-content-justification-center is-layout-flex wp-container-core-group-is-layout-72bb9c14 wp-block-group-is-layout-flex\">\n<figure class=\"wp-block-image size-full has-custom-border\"><img loading=\"lazy\" decoding=\"async\" width=\"1706\" height=\"2560\" src=\"https:\/\/www.leeb-balkone.com\/app\/uploads\/2025\/04\/Portrait-Julia-Krenn-1-scaled.jpg\" alt=\"Portrait Julia Krenn\" class=\"wp-image-146869\" style=\"border-radius:100%;aspect-ratio:1;object-fit:cover\" srcset=\"https:\/\/www.leeb-balkone.com\/app\/uploads\/2025\/04\/Portrait-Julia-Krenn-1-scaled.jpg 1706w, https:\/\/www.leeb-balkone.com\/app\/uploads\/2025\/04\/Portrait-Julia-Krenn-1-200x300.jpg 200w, https:\/\/www.leeb-balkone.com\/app\/uploads\/2025\/04\/Portrait-Julia-Krenn-1-682x1024.jpg 682w, https:\/\/www.leeb-balkone.com\/app\/uploads\/2025\/04\/Portrait-Julia-Krenn-1-768x1152.jpg 768w, https:\/\/www.leeb-balkone.com\/app\/uploads\/2025\/04\/Portrait-Julia-Krenn-1-1024x1536.jpg 1024w, https:\/\/www.leeb-balkone.com\/app\/uploads\/2025\/04\/Portrait-Julia-Krenn-1-1365x2048.jpg 1365w\" sizes=\"auto, (max-width: 1706px) 100vw, 1706px\" \/><\/figure>\n\n\n\n<div class=\"wp-block-group is-vertical is-content-justification-center is-layout-flex wp-container-core-group-is-layout-24ea93b6 wp-block-group-is-layout-flex\" style=\"margin-top:0;margin-bottom:0\">\n<p class=\"has-text-align-center\"><strong>Julia Krenn<\/strong><\/p>\n\n\n\n<p class=\"has-step-xs-font-size\">HR Management<\/p>\n<\/div>\n<\/div>\n\n\n\n<div class=\"wp-block-group is-vertical is-content-justification-center is-layout-flex wp-container-core-group-is-layout-72bb9c14 wp-block-group-is-layout-flex\">\n<figure class=\"wp-block-image size-large has-custom-border\"><img loading=\"lazy\" decoding=\"async\" width=\"1024\" height=\"768\" src=\"https:\/\/www.leeb-balkone.com\/app\/uploads\/2025\/02\/Alexander-Ertl-Portrait-1024x768.jpg\" alt=\"Zus\u00e4tzlicher Gesch\u00e4ftsf\u00fchrer Alexander Ertl\" class=\"wp-image-144447\" style=\"border-radius:100%;aspect-ratio:1;object-fit:cover\" srcset=\"https:\/\/www.leeb-balkone.com\/app\/uploads\/2025\/02\/Alexander-Ertl-Portrait-1024x768.jpg 1024w, https:\/\/www.leeb-balkone.com\/app\/uploads\/2025\/02\/Alexander-Ertl-Portrait-300x225.jpg 300w, https:\/\/www.leeb-balkone.com\/app\/uploads\/2025\/02\/Alexander-Ertl-Portrait-768x576.jpg 768w, https:\/\/www.leeb-balkone.com\/app\/uploads\/2025\/02\/Alexander-Ertl-Portrait-1536x1152.jpg 1536w, https:\/\/www.leeb-balkone.com\/app\/uploads\/2025\/02\/Alexander-Ertl-Portrait-2048x1536.jpg 2048w\" sizes=\"auto, (max-width: 1024px) 100vw, 1024px\" \/><\/figure>\n\n\n\n<div class=\"wp-block-group is-vertical is-content-justification-center is-layout-flex wp-container-core-group-is-layout-24ea93b6 wp-block-group-is-layout-flex\" style=\"margin-top:0;margin-bottom:0\">\n<p class=\"has-text-align-center\"><strong>Alexander Ertl <\/strong><\/p>\n\n\n\n<p class=\"has-step-xs-font-size\">Gesch\u00e4ftsf\u00fchrung<\/p>\n<\/div>\n<\/div>\n\n\n\n<div class=\"wp-block-group is-vertical is-content-justification-center is-layout-flex wp-container-core-group-is-layout-72bb9c14 wp-block-group-is-layout-flex\">\n<figure class=\"wp-block-image size-full has-custom-border\"><img loading=\"lazy\" decoding=\"async\" width=\"1707\" height=\"2560\" src=\"https:\/\/www.leeb-balkone.com\/app\/uploads\/2025\/10\/Portrait-Eric-Zwischenberger-scaled.jpg\" alt=\"Portrait Eric Zwischenberger\" class=\"wp-image-158867\" style=\"border-radius:100%;aspect-ratio:1;object-fit:cover\" srcset=\"https:\/\/www.leeb-balkone.com\/app\/uploads\/2025\/10\/Portrait-Eric-Zwischenberger-scaled.jpg 1707w, https:\/\/www.leeb-balkone.com\/app\/uploads\/2025\/10\/Portrait-Eric-Zwischenberger-200x300.jpg 200w, https:\/\/www.leeb-balkone.com\/app\/uploads\/2025\/10\/Portrait-Eric-Zwischenberger-683x1024.jpg 683w, https:\/\/www.leeb-balkone.com\/app\/uploads\/2025\/10\/Portrait-Eric-Zwischenberger-768x1152.jpg 768w, https:\/\/www.leeb-balkone.com\/app\/uploads\/2025\/10\/Portrait-Eric-Zwischenberger-1024x1536.jpg 1024w, https:\/\/www.leeb-balkone.com\/app\/uploads\/2025\/10\/Portrait-Eric-Zwischenberger-1366x2048.jpg 1366w\" sizes=\"auto, (max-width: 1707px) 100vw, 1707px\" \/><\/figure>\n\n\n\n<div class=\"wp-block-group is-vertical is-content-justification-center is-layout-flex wp-container-core-group-is-layout-24ea93b6 wp-block-group-is-layout-flex\" style=\"margin-top:0;margin-bottom:0\">\n<p class=\"has-text-align-center\"><strong>Eric Zwischenberger<\/strong><\/p>\n\n\n\n<p class=\"has-step-xs-font-size\">Leitung Montage &amp; Logistik<\/p>\n<\/div>\n<\/div>\n<\/div>\n<\/div>\n<\/section>\n<\/div>\n\n\n\n<section id=\"bewerbung\" class=\"wp-block-cgb-t3-section-block alignfull b-pt-none\" style=\"display:inherit;background-color:#F5F5F5;min-height:inherit\">\n<div class=\"wp-block-cgb-t3-container-block b-has-offset-h\" style=\"background-color:none\"><div class=\"grid-container\"><div class=\"grid-x\"><div class=\"cell small-12 medium-6 large-0 medium-offset-1\">\n<h2 class=\"wp-block-heading\" id=\"kontaktieren-sie-uns\">Jetzt bewerben<\/h2>\n<\/div><\/div><\/div><\/div>\n\n\n\n<div class=\"wp-block-cgb-t3-container-block none b-has-pt\" style=\"background-color:none\"><div class=\"grid-container\">\n<div class=\"wp-block-columns is-layout-flex wp-container-core-columns-is-layout-28f84493 wp-block-columns-is-layout-flex\">\n<div class=\"wp-block-column is-layout-flow wp-block-column-is-layout-flow\"><\/div>\n\n\n\n<div class=\"wp-block-column is-layout-flow wp-block-column-is-layout-flow\"><\/div>\n<\/div>\n\n\n\n<div class=\"wp-block-group has-global-padding is-layout-constrained wp-container-core-group-is-layout-cf8232cb wp-block-group-is-layout-constrained\">\n<div class=\"wp-block-columns is-layout-flex wp-container-core-columns-is-layout-28f84493 wp-block-columns-is-layout-flex\">\n<div class=\"wp-block-column is-layout-flow wp-block-column-is-layout-flow\" style=\"flex-basis:66.66%\"><form action=\"https:\/\/www.leeb-balkone.com\/de\/wp-json\/ws-form\/v1\/submit\" class=\"wsf-form wsf-form-canvas\" id=\"ws-form-1\" data-id=\"6\" data-instance-id=\"1\" method=\"POST\"><\/form><\/div>\n\n\n\n<div class=\"wp-block-column is-layout-flow wp-block-column-is-layout-flow\" style=\"flex-basis:33.33%\">\n<p><\/p>\n<\/div>\n<\/div>\n<\/div>\n<\/div><\/div>\n<\/section>\n","protected":false},"excerpt":{"rendered":"","protected":false},"featured_media":158846,"menu_order":0,"template":"template-onepager.blade.php","format":"standard","meta":{"_acf_changed":false,"footnotes":"","_sage_theme_css":true,"_wp_block_core_css":true},"job_category":[],"class_list":["post-158845","jobs","type-jobs","status-publish","format-standard","has-post-thumbnail","hentry"],"acf":[],"yoast_head":"<!-- This site is optimized with the Yoast SEO plugin v27.2 - https:\/\/yoast.com\/product\/yoast-seo-wordpress\/ -->\n<title>LKW-Fahrer (m\/w\/d) - Leeb Balkone Deutschland<\/title>\n<meta name=\"description\" content=\"(m\/w\/d) So k\u00f6nnte dein Leben auf der \u00dcberholspur aussehen! Jetzt bewerben Deine Benefits Arbeitsmodell Vollzeit Start ab sofort Kollektivvertrag\" \/>\n<meta name=\"robots\" content=\"index, follow, max-snippet:-1, max-image-preview:large, max-video-preview:-1\" \/>\n<meta property=\"og:locale\" content=\"de_DE\" \/>\n<meta property=\"og:type\" content=\"article\" \/>\n<meta property=\"og:title\" content=\"LKW-Fahrer (m\/w\/d) - Leeb Balkone\" \/>\n<meta property=\"og:description\" content=\"(m\/w\/d) So k\u00f6nnte dein Leben auf der \u00dcberholspur aussehen! Jetzt bewerben Deine Benefits Arbeitsmodell Vollzeit Start ab sofort Kollektivvertrag\" \/>\n<meta property=\"og:url\" content=\"https:\/\/www.leeb-balkone.com\/de\/jobs\/lkw-fahrer-m-w-3\/\" \/>\n<meta property=\"og:site_name\" content=\"Leeb Balkone\" \/>\n<meta property=\"article:publisher\" content=\"https:\/\/www.facebook.com\/balkone\/\" \/>\n<meta property=\"article:modified_time\" content=\"2025-12-09T14:50:52+00:00\" \/>\n<meta property=\"og:image\" content=\"https:\/\/www.leeb-balkone.com\/app\/uploads\/2025\/10\/DJI_0369-scaled.jpg\" \/>\n\t<meta property=\"og:image:width\" content=\"2560\" \/>\n\t<meta property=\"og:image:height\" content=\"1706\" \/>\n\t<meta property=\"og:image:type\" content=\"image\/jpeg\" \/>\n<meta name=\"twitter:card\" content=\"summary_large_image\" \/>\n<script type=\"application\/ld+json\" class=\"yoast-schema-graph\">{\"@context\":\"https:\/\/schema.org\",\"@graph\":[{\"@type\":\"WebPage\",\"@id\":\"https:\/\/www.leeb-balkone.com\/de\/jobs\/lkw-fahrer-m-w-3\/\",\"url\":\"https:\/\/www.leeb-balkone.com\/de\/jobs\/lkw-fahrer-m-w-3\/\",\"name\":\"LKW-Fahrer (m\/w\/d) - Leeb Balkone\",\"isPartOf\":{\"@id\":\"https:\/\/www.leeb-balkone.com\/de\/#website\"},\"primaryImageOfPage\":{\"@id\":\"https:\/\/www.leeb-balkone.com\/de\/jobs\/lkw-fahrer-m-w-3\/#primaryimage\"},\"image\":{\"@id\":\"https:\/\/www.leeb-balkone.com\/de\/jobs\/lkw-fahrer-m-w-3\/#primaryimage\"},\"thumbnailUrl\":\"https:\/\/www.leeb-balkone.com\/app\/uploads\/2025\/10\/DJI_0369-scaled.jpg\",\"datePublished\":\"2025-10-14T12:28:50+00:00\",\"dateModified\":\"2025-12-09T14:50:52+00:00\",\"description\":\"(m\/w\/d) So k\u00f6nnte dein Leben auf der \u00dcberholspur aussehen! Jetzt bewerben Deine Benefits Arbeitsmodell Vollzeit Start ab sofort Kollektivvertrag\",\"breadcrumb\":{\"@id\":\"https:\/\/www.leeb-balkone.com\/de\/jobs\/lkw-fahrer-m-w-3\/#breadcrumb\"},\"inLanguage\":\"de\",\"potentialAction\":[{\"@type\":\"ReadAction\",\"target\":[\"https:\/\/www.leeb-balkone.com\/de\/jobs\/lkw-fahrer-m-w-3\/\"]}]},{\"@type\":\"ImageObject\",\"inLanguage\":\"de\",\"@id\":\"https:\/\/www.leeb-balkone.com\/de\/jobs\/lkw-fahrer-m-w-3\/#primaryimage\",\"url\":\"https:\/\/www.leeb-balkone.com\/app\/uploads\/2025\/10\/DJI_0369-scaled.jpg\",\"contentUrl\":\"https:\/\/www.leeb-balkone.com\/app\/uploads\/2025\/10\/DJI_0369-scaled.jpg\",\"width\":2560,\"height\":1706},{\"@type\":\"BreadcrumbList\",\"@id\":\"https:\/\/www.leeb-balkone.com\/de\/jobs\/lkw-fahrer-m-w-3\/#breadcrumb\",\"itemListElement\":[{\"@type\":\"ListItem\",\"position\":1,\"name\":\"Home\",\"item\":\"https:\/\/www.leeb-balkone.com\/de\/\"},{\"@type\":\"ListItem\",\"position\":2,\"name\":\"LKW-Fahrer (m\/w\/d)\"}]},{\"@type\":\"WebSite\",\"@id\":\"https:\/\/www.leeb-balkone.com\/de\/#website\",\"url\":\"https:\/\/www.leeb-balkone.com\/de\/\",\"name\":\"Leeb Balkone\",\"description\":\"Balkone und Z\u00e4une\",\"publisher\":{\"@id\":\"https:\/\/www.leeb-balkone.com\/de\/#organization\"},\"potentialAction\":[{\"@type\":\"SearchAction\",\"target\":{\"@type\":\"EntryPoint\",\"urlTemplate\":\"https:\/\/www.leeb-balkone.com\/de\/?s={search_term_string}\"},\"query-input\":{\"@type\":\"PropertyValueSpecification\",\"valueRequired\":true,\"valueName\":\"search_term_string\"}}],\"inLanguage\":\"de\"},{\"@type\":\"Organization\",\"@id\":\"https:\/\/www.leeb-balkone.com\/de\/#organization\",\"name\":\"Leeb Balkone Gmbh\",\"url\":\"https:\/\/www.leeb-balkone.com\/de\/\",\"logo\":{\"@type\":\"ImageObject\",\"inLanguage\":\"de\",\"@id\":\"https:\/\/www.leeb-balkone.com\/de\/#\/schema\/logo\/image\/\",\"url\":\"https:\/\/www.leeb-balkone.com\/app\/uploads\/2020\/11\/leeb-logo.svg\",\"contentUrl\":\"https:\/\/www.leeb-balkone.com\/app\/uploads\/2020\/11\/leeb-logo.svg\",\"width\":741,\"height\":204,\"caption\":\"Leeb Balkone Gmbh\"},\"image\":{\"@id\":\"https:\/\/www.leeb-balkone.com\/de\/#\/schema\/logo\/image\/\"},\"sameAs\":[\"https:\/\/www.facebook.com\/balkone\/\",\"https:\/\/www.trustedshops.at\/bewertung\/info_X4587CCF5833E31AFE0B11F47D86999F2.html\",\"https:\/\/www.trustedshops.de\/bewertung\/info_X7BA536A7A0BDC86D36C4718E4DCAEEEF.html\",\"https:\/\/www.google.com\/maps\/place\/?q=place_id:ChIJ5-zH19-IcEcR9HonWRTllHI\"]}]}<\/script>\n<!-- \/ Yoast SEO plugin. -->","yoast_head_json":{"title":"LKW-Fahrer (m\/w\/d) - Leeb Balkone Deutschland","description":"(m\/w\/d) So k\u00f6nnte dein Leben auf der \u00dcberholspur aussehen! Jetzt bewerben Deine Benefits Arbeitsmodell Vollzeit Start ab sofort Kollektivvertrag","robots":{"index":"index","follow":"follow","max-snippet":"max-snippet:-1","max-image-preview":"max-image-preview:large","max-video-preview":"max-video-preview:-1"},"og_locale":"de_DE","og_type":"article","og_title":"LKW-Fahrer (m\/w\/d) - Leeb Balkone","og_description":"(m\/w\/d) So k\u00f6nnte dein Leben auf der \u00dcberholspur aussehen! Jetzt bewerben Deine Benefits Arbeitsmodell Vollzeit Start ab sofort Kollektivvertrag","og_url":"https:\/\/www.leeb-balkone.com\/de\/jobs\/lkw-fahrer-m-w-3\/","og_site_name":"Leeb Balkone","article_publisher":"https:\/\/www.facebook.com\/balkone\/","article_modified_time":"2025-12-09T14:50:52+00:00","og_image":[{"width":2560,"height":1706,"url":"https:\/\/www.leeb-balkone.com\/app\/uploads\/2025\/10\/DJI_0369-scaled.jpg","type":"image\/jpeg"}],"twitter_card":"summary_large_image","schema":{"@context":"https:\/\/schema.org","@graph":[{"@type":"WebPage","@id":"https:\/\/www.leeb-balkone.com\/de\/jobs\/lkw-fahrer-m-w-3\/","url":"https:\/\/www.leeb-balkone.com\/de\/jobs\/lkw-fahrer-m-w-3\/","name":"LKW-Fahrer (m\/w\/d) - Leeb Balkone","isPartOf":{"@id":"https:\/\/www.leeb-balkone.com\/de\/#website"},"primaryImageOfPage":{"@id":"https:\/\/www.leeb-balkone.com\/de\/jobs\/lkw-fahrer-m-w-3\/#primaryimage"},"image":{"@id":"https:\/\/www.leeb-balkone.com\/de\/jobs\/lkw-fahrer-m-w-3\/#primaryimage"},"thumbnailUrl":"https:\/\/www.leeb-balkone.com\/app\/uploads\/2025\/10\/DJI_0369-scaled.jpg","datePublished":"2025-10-14T12:28:50+00:00","dateModified":"2025-12-09T14:50:52+00:00","description":"(m\/w\/d) So k\u00f6nnte dein Leben auf der \u00dcberholspur aussehen! Jetzt bewerben Deine Benefits Arbeitsmodell Vollzeit Start ab sofort Kollektivvertrag","breadcrumb":{"@id":"https:\/\/www.leeb-balkone.com\/de\/jobs\/lkw-fahrer-m-w-3\/#breadcrumb"},"inLanguage":"de","potentialAction":[{"@type":"ReadAction","target":["https:\/\/www.leeb-balkone.com\/de\/jobs\/lkw-fahrer-m-w-3\/"]}]},{"@type":"ImageObject","inLanguage":"de","@id":"https:\/\/www.leeb-balkone.com\/de\/jobs\/lkw-fahrer-m-w-3\/#primaryimage","url":"https:\/\/www.leeb-balkone.com\/app\/uploads\/2025\/10\/DJI_0369-scaled.jpg","contentUrl":"https:\/\/www.leeb-balkone.com\/app\/uploads\/2025\/10\/DJI_0369-scaled.jpg","width":2560,"height":1706},{"@type":"BreadcrumbList","@id":"https:\/\/www.leeb-balkone.com\/de\/jobs\/lkw-fahrer-m-w-3\/#breadcrumb","itemListElement":[{"@type":"ListItem","position":1,"name":"Home","item":"https:\/\/www.leeb-balkone.com\/de\/"},{"@type":"ListItem","position":2,"name":"LKW-Fahrer (m\/w\/d)"}]},{"@type":"WebSite","@id":"https:\/\/www.leeb-balkone.com\/de\/#website","url":"https:\/\/www.leeb-balkone.com\/de\/","name":"Leeb Balkone","description":"Balkone und Z\u00e4une","publisher":{"@id":"https:\/\/www.leeb-balkone.com\/de\/#organization"},"potentialAction":[{"@type":"SearchAction","target":{"@type":"EntryPoint","urlTemplate":"https:\/\/www.leeb-balkone.com\/de\/?s={search_term_string}"},"query-input":{"@type":"PropertyValueSpecification","valueRequired":true,"valueName":"search_term_string"}}],"inLanguage":"de"},{"@type":"Organization","@id":"https:\/\/www.leeb-balkone.com\/de\/#organization","name":"Leeb Balkone Gmbh","url":"https:\/\/www.leeb-balkone.com\/de\/","logo":{"@type":"ImageObject","inLanguage":"de","@id":"https:\/\/www.leeb-balkone.com\/de\/#\/schema\/logo\/image\/","url":"https:\/\/www.leeb-balkone.com\/app\/uploads\/2020\/11\/leeb-logo.svg","contentUrl":"https:\/\/www.leeb-balkone.com\/app\/uploads\/2020\/11\/leeb-logo.svg","width":741,"height":204,"caption":"Leeb Balkone Gmbh"},"image":{"@id":"https:\/\/www.leeb-balkone.com\/de\/#\/schema\/logo\/image\/"},"sameAs":["https:\/\/www.facebook.com\/balkone\/","https:\/\/www.trustedshops.at\/bewertung\/info_X4587CCF5833E31AFE0B11F47D86999F2.html","https:\/\/www.trustedshops.de\/bewertung\/info_X7BA536A7A0BDC86D36C4718E4DCAEEEF.html","https:\/\/www.google.com\/maps\/place\/?q=place_id:ChIJ5-zH19-IcEcR9HonWRTllHI"]}]}},"_links":{"self":[{"href":"https:\/\/www.leeb-balkone.com\/de\/wp-json\/wp\/v2\/jobs\/158845","targetHints":{"allow":["GET"]}}],"collection":[{"href":"https:\/\/www.leeb-balkone.com\/de\/wp-json\/wp\/v2\/jobs"}],"about":[{"href":"https:\/\/www.leeb-balkone.com\/de\/wp-json\/wp\/v2\/types\/jobs"}],"version-history":[{"count":1,"href":"https:\/\/www.leeb-balkone.com\/de\/wp-json\/wp\/v2\/jobs\/158845\/revisions"}],"predecessor-version":[{"id":158881,"href":"https:\/\/www.leeb-balkone.com\/de\/wp-json\/wp\/v2\/jobs\/158845\/revisions\/158881"}],"wp:featuredmedia":[{"embeddable":true,"href":"https:\/\/www.leeb-balkone.com\/de\/wp-json\/wp\/v2\/media\/158846"}],"wp:attachment":[{"href":"https:\/\/www.leeb-balkone.com\/de\/wp-json\/wp\/v2\/media?parent=158845"}],"wp:term":[{"taxonomy":"job_category","embeddable":true,"href":"https:\/\/www.leeb-balkone.com\/de\/wp-json\/wp\/v2\/job_category?post=158845"}],"curies":[{"name":"wp","href":"https:\/\/api.w.org\/{rel}","templated":true}]}}