{"id":152015,"date":"2025-07-29T09:59:45","date_gmt":"2025-07-29T09:59:45","guid":{"rendered":"https:\/\/www.leeb-balkone.com\/de\/?post_type=jobs&#038;p=152015"},"modified":"2025-09-17T08:32:25","modified_gmt":"2025-09-17T08:32:25","slug":"b2b-haendlerpartner","status":"publish","type":"jobs","link":"https:\/\/www.leeb-balkone.com\/de\/jobs\/b2b-haendlerpartner\/","title":{"rendered":"WERDE JETZT LEEB &#8211; PARTNER!"},"content":{"rendered":"\n<div class=\"wp-block-group alignfull is-layout-flow wp-container-core-group-is-layout-a77db08e wp-block-group-is-layout-flow\">\n<div class=\"wp-block-cover alignfull has-custom-content-position is-position-bottom-center has-white-color has-text-color has-link-color wp-elements-4b9b61d22ae5198277d7a38cb4ed671a\" style=\"padding-right:0;padding-bottom:var(--wp--preset--spacing--2-xl);padding-left:0;min-height:80vh;aspect-ratio:unset;\"><img loading=\"lazy\" decoding=\"async\" width=\"2560\" height=\"1440\" class=\"wp-block-cover__image-background wp-image-152136 size-full\" alt=\"Headerbild B2B Suche\" src=\"https:\/\/www.leeb-balkone.com\/app\/uploads\/2025\/07\/Headerbild-B2B-Suche-scaled.png\" style=\"object-position:43% 0%\" data-object-fit=\"cover\" data-object-position=\"43% 0%\" srcset=\"https:\/\/www.leeb-balkone.com\/app\/uploads\/2025\/07\/Headerbild-B2B-Suche-scaled.png 2560w, https:\/\/www.leeb-balkone.com\/app\/uploads\/2025\/07\/Headerbild-B2B-Suche-300x169.png 300w, https:\/\/www.leeb-balkone.com\/app\/uploads\/2025\/07\/Headerbild-B2B-Suche-1024x576.png 1024w, https:\/\/www.leeb-balkone.com\/app\/uploads\/2025\/07\/Headerbild-B2B-Suche-768x432.png 768w, https:\/\/www.leeb-balkone.com\/app\/uploads\/2025\/07\/Headerbild-B2B-Suche-1536x864.png 1536w, https:\/\/www.leeb-balkone.com\/app\/uploads\/2025\/07\/Headerbild-B2B-Suche-2048x1152.png 2048w\" sizes=\"auto, (max-width: 2560px) 100vw, 2560px\" \/><span aria-hidden=\"true\" class=\"wp-block-cover__background has-background-dim-60 has-background-dim wp-block-cover__gradient-background has-background-gradient\" style=\"background:linear-gradient(179deg,rgba(0,0,0,0) 0%,rgb(0,0,0) 73%)\"><\/span><div class=\"wp-block-cover__inner-container has-global-padding is-layout-constrained wp-container-core-cover-is-layout-fe0db480 wp-block-cover-is-layout-constrained\">\n<div class=\"wp-block-group has-global-padding is-content-justification-left is-layout-constrained wp-container-core-group-is-layout-a250a9f9 wp-block-group-is-layout-constrained\" style=\"padding-right:0;padding-left:0\">\n<div class=\"wp-block-group is-vertical is-layout-flex wp-container-core-group-is-layout-264474f9 wp-block-group-is-layout-flex\"><h1 class=\"wp-block-post-title\">WERDE JETZT LEEB &#8211; PARTNER!<\/h1><\/div>\n\n\n\n<p><span class=\"teaser\">Ihr Handwerksbetrieb kann mehr!? Werden Sie jetzt Leeb H\u00e4ndlerpartner und erzielen Sie mehr Umsatz mit Ihrem bestehenden Team und das alles ohne Zusatzkosten! <\/span><\/p>\n<\/div>\n<\/div><\/div>\n\n\n\n<section class=\"wp-block-group alignfull has-white-background-color has-background has-global-padding is-layout-constrained wp-container-core-group-is-layout-58d99300 wp-block-group-is-layout-constrained\" style=\"padding-top:var(--wp--preset--spacing--xl);padding-bottom:var(--wp--preset--spacing--2-xl)\">\n<div class=\"wp-block-group breadcrumb has-global-padding is-layout-constrained wp-container-core-group-is-layout-cf8232cb wp-block-group-is-layout-constrained\">\n<div class=\"wp-block-group is-layout-flow wp-block-group-is-layout-flow\" style=\"padding-bottom:var(--wp--preset--spacing--xl)\">\n<span><span><a href=\"https:\/\/www.leeb-balkone.com\/de\/\">Home<\/a><\/span><\/span>\n<\/div>\n<\/div>\n\n\n\n<div class=\"wp-block-group is-layout-grid wp-container-core-group-is-layout-68c8b414 wp-block-group-is-layout-grid\" style=\"margin-top:0\">\n<div class=\"wp-block-group t3-job-facts has-light-gray-background-color has-background wp-container-content-725258bd is-vertical is-content-justification-center is-layout-flex wp-container-core-group-is-layout-2109e5e0 wp-block-group-is-layout-flex\" style=\"padding-top:var(--wp--preset--spacing--m);padding-right:var(--wp--preset--spacing--s);padding-bottom:var(--wp--preset--spacing--m);padding-left:var(--wp--preset--spacing--s)\">\n<figure class=\"wp-block-image aligncenter size-full is-resized\"><img loading=\"lazy\" decoding=\"async\" width=\"32\" height=\"32\" src=\"https:\/\/www.leeb-balkone.com\/app\/uploads\/2025\/03\/clock.svg\" alt=\"clock\" class=\"wp-image-145627\" style=\"width:32px\"\/><\/figure>\n\n\n\n<div class=\"wp-block-group is-vertical is-content-justification-center is-layout-flex wp-container-core-group-is-layout-a24e3638 wp-block-group-is-layout-flex\">\n<p class=\"has-text-align-center has-step-xs-font-size\">Arbeitsmodell<\/p>\n\n\n\n<p class=\"has-text-align-center has-step-05-font-size\"><strong>Partnerschaft<\/strong><\/p>\n<\/div>\n<\/div>\n\n\n\n<div class=\"wp-block-group t3-job-facts has-light-gray-background-color has-background wp-container-content-725258bd is-vertical is-content-justification-center is-layout-flex wp-container-core-group-is-layout-2109e5e0 wp-block-group-is-layout-flex\" style=\"padding-top:var(--wp--preset--spacing--m);padding-right:var(--wp--preset--spacing--s);padding-bottom:var(--wp--preset--spacing--m);padding-left:var(--wp--preset--spacing--s)\">\n<figure class=\"wp-block-image aligncenter size-full is-resized\"><img loading=\"lazy\" decoding=\"async\" width=\"32\" height=\"32\" src=\"https:\/\/www.leeb-balkone.com\/app\/uploads\/2025\/03\/calendar.svg\" alt=\"calendar\" class=\"wp-image-145622\" style=\"width:32px\"\/><\/figure>\n\n\n\n<div class=\"wp-block-group is-vertical is-content-justification-center is-layout-flex wp-container-core-group-is-layout-a24e3638 wp-block-group-is-layout-flex\">\n<p class=\"has-text-align-center has-step-xs-font-size\">Start<\/p>\n\n\n\n<p class=\"has-text-align-center has-step-05-font-size\"><strong>ab sofort<\/strong><\/p>\n<\/div>\n<\/div>\n\n\n\n<div class=\"wp-block-group t3-job-facts has-light-gray-background-color has-background wp-container-content-725258bd is-vertical is-content-justification-center is-layout-flex wp-container-core-group-is-layout-2109e5e0 wp-block-group-is-layout-flex\" style=\"padding-top:var(--wp--preset--spacing--m);padding-right:var(--wp--preset--spacing--s);padding-bottom:var(--wp--preset--spacing--m);padding-left:var(--wp--preset--spacing--s)\">\n<figure class=\"wp-block-image aligncenter size-full is-resized\"><img loading=\"lazy\" decoding=\"async\" width=\"32\" height=\"32\" src=\"https:\/\/www.leeb-balkone.com\/app\/uploads\/2025\/03\/tools.svg\" alt=\"tools\" class=\"wp-image-145642\" style=\"width:32px\"\/><\/figure>\n\n\n\n<div class=\"wp-block-group is-vertical is-content-justification-center is-layout-flex wp-container-core-group-is-layout-a24e3638 wp-block-group-is-layout-flex\">\n<p class=\"has-text-align-center has-step-xs-font-size\">Speziell interessant f\u00fcr:<\/p>\n\n\n\n<p class=\"has-text-align-center has-step-05-font-size\"><strong>Handwerksbetriebe<\/strong><\/p>\n<\/div>\n<\/div>\n\n\n\n<div class=\"wp-block-group t3-job-facts has-light-gray-background-color has-background wp-container-content-725258bd is-vertical is-content-justification-center is-layout-flex wp-container-core-group-is-layout-2109e5e0 wp-block-group-is-layout-flex\" style=\"padding-top:var(--wp--preset--spacing--m);padding-right:var(--wp--preset--spacing--s);padding-bottom:var(--wp--preset--spacing--m);padding-left:var(--wp--preset--spacing--s)\">\n<figure class=\"wp-block-image aligncenter size-full is-resized\"><img loading=\"lazy\" decoding=\"async\" width=\"32\" height=\"32\" src=\"https:\/\/www.leeb-balkone.com\/app\/uploads\/2025\/03\/pin.svg\" alt=\"pin\" class=\"wp-image-145637\" style=\"width:32px\"\/><\/figure>\n\n\n\n<div class=\"wp-block-group is-vertical is-content-justification-center is-layout-flex wp-container-core-group-is-layout-a24e3638 wp-block-group-is-layout-flex\">\n<p class=\"has-text-align-center has-step-xs-font-size\">Lieferung<\/p>\n\n\n\n<p class=\"has-text-align-center has-step-05-font-size\"><strong>Direkt zum Betrieb<\/strong><\/p>\n<\/div>\n<\/div>\n\n\n\n<div class=\"wp-block-group t3-job-facts has-light-gray-background-color has-background wp-container-content-725258bd is-vertical is-content-justification-center is-layout-flex wp-container-core-group-is-layout-2109e5e0 wp-block-group-is-layout-flex\" style=\"padding-top:var(--wp--preset--spacing--m);padding-right:var(--wp--preset--spacing--s);padding-bottom:var(--wp--preset--spacing--m);padding-left:var(--wp--preset--spacing--s)\">\n<figure class=\"wp-block-image aligncenter size-full is-resized\"><img loading=\"lazy\" decoding=\"async\" width=\"32\" height=\"32\" src=\"https:\/\/www.leeb-balkone.com\/app\/uploads\/2025\/03\/coin.svg\" alt=\"coin\" class=\"wp-image-145632\" style=\"width:32px\"\/><\/figure>\n\n\n\n<div class=\"wp-block-group is-vertical is-content-justification-center is-layout-flex wp-container-core-group-is-layout-a24e3638 wp-block-group-is-layout-flex\">\n<p class=\"has-text-align-center has-step-xs-font-size\">Umsatzm\u00f6glichkeiten<\/p>\n\n\n\n<p class=\"has-text-align-center has-step-05-font-size\"><strong>\u00d8 25% Deckungsbeitrag<\/strong><\/p>\n<\/div>\n<\/div>\n<\/div>\n\n\n\n<div class=\"wp-block-group has-global-padding is-layout-constrained wp-container-core-group-is-layout-e40817b5 wp-block-group-is-layout-constrained\" style=\"padding-top:var(--wp--preset--spacing--xl)\">\n<p>Ihr Sortiment ist stark &#8211; aber noch nicht komplett? Dann erweitern Sie Ihr Angebot gezielt mit den Aluminiuml\u00f6sungen von uns!<\/p>\n\n\n\n<div class=\"wp-block-group is-layout-flow wp-block-group-is-layout-flow\">\n<h2 class=\"wp-block-heading has-step-1-font-size\">Das bieten wir Ihnen <\/h2>\n\n\n\n<ul class=\"wp-block-list is-style-checkmark-2\">\n<li>Hochwertige Produkte &#8211; ganz ohne Investitionskosten<\/li>\n\n\n\n<li>Anbaubalkone, Z\u00e4une, Balkone, \u00dcberdachungen &amp; mehr<\/li>\n\n\n\n<li>\u00dcber 200 Designs mit hohem Vorfertigungsgrad und montagefreundlich<\/li>\n\n\n\n<li>Digitale Planungstools &amp; technischen Support inklusive<\/li>\n\n\n\n<li>Zus\u00e4tzliche Kundenanfragen direkt aus deiner Region <\/li>\n<\/ul>\n<\/div>\n\n\n\n<div class=\"wp-block-group is-layout-flow wp-block-group-is-layout-flow\">\n<h2 class=\"wp-block-heading has-step-1-font-size\">Was die Partnerschaft f\u00fcr Ihren Betrieb bedeutet<\/h2>\n\n\n\n<ul class=\"wp-block-list is-style-checkmark-2\">\n<li><strong>Wettbewerbsf\u00e4higkeit erh\u00f6hen<\/strong> &#8211; starke Marke, hohe Nachfrage<\/li>\n\n\n\n<li><strong>Mehr Umsatz mit dem gleichen Team<\/strong> &#8211; Planung, Produktion und Logistik durch uns<\/li>\n\n\n\n<li><strong>Ohne Zusatzkosten<\/strong> &#8211; \u20ac 0 Investition in Maschinen oder Lagerfl\u00e4che<\/li>\n\n\n\n<li><strong>\u00d8 25% Deckungsbeitrag<\/strong> &#8211; inkl. Option auf Exklusivit\u00e4t in Ihrem Gebiet<\/li>\n\n\n\n<li><strong>Rundum-Support &amp; Schulungen<\/strong> inkl. pers\u00f6nlichem Leeb Ansprechpartner<\/li>\n<\/ul>\n<\/div>\n\n\n\n<div class=\"wp-block-group is-layout-flow wp-block-group-is-layout-flow\">\n<h2 class=\"wp-block-heading has-step-1-font-size\">Rechenbeispiel<\/h2>\n\n\n\n<ul class=\"wp-block-list is-style-checkmark-2\">\n<li>3 Anbaubalkone \u00e1 14,5m2&#8230;&#8230;&#8230;&#8230;&#8230;&#8230;&#8230;&#8230;&#8230;&#8230;.<strong>43,5m2<\/strong> <\/li>\n\n\n\n<li>Montagezeit&#8230;&#8230;&#8230;&#8230;&#8230;&#8230;&#8230;&#8230;&#8230;&#8230;&#8230;&#8230;&#8230;&#8230;&#8230;&#8230;&#8230;&#8230;.<strong>2 Tage<\/strong><\/li>\n\n\n\n<li>Monteure&#8230;&#8230;&#8230;&#8230;&#8230;&#8230;&#8230;&#8230;&#8230;&#8230;&#8230;&#8230;&#8230;&#8230;&#8230;&#8230;&#8230;&#8230;&#8230;&#8230;<strong>3 Personen<\/strong><\/li>\n\n\n\n<li><strong>Umsatz &#8230;&#8230;&#8230;&#8230;&#8230;&#8230;&#8230;&#8230;&#8230;&#8230;&#8230;&#8230;&#8230;&#8230;&#8230;&#8230;&#8230;&#8230;..\u20ac 50 000 <\/strong><\/li>\n\n\n\n<li class=\"has-primary-color has-text-color has-link-color wp-elements-ce166e8811bb8a5a5260845fabe1ea5a\"><strong>= Deckungsbeitrag&#8230;&#8230;&#8230;&#8230;&#8230;&#8230;&#8230;&#8230;&#8230;&#8230;&#8230;&#8230;.\u20ac 12.000<\/strong><\/li>\n\n\n\n<li>Alle angef\u00fchrten Ertragswerte sind Sch\u00e4tzwerte und k\u00f6nnen in der Realit\u00e4t aufgrund individueller Gegebenheiten abweichen.<\/li>\n<\/ul>\n<\/div>\n\n\n\n<div class=\"wp-block-group is-layout-flow wp-block-group-is-layout-flow\">\n<h2 class=\"wp-block-heading has-step-1-font-size\">So starten Sie &#8211; ganz unverbindlich und unkompliziert<\/h2>\n\n\n\n<ul class=\"wp-block-list is-style-checkmark-2\">\n<li>Unverbindlich Kontakt aufnehmen unter 0800 180 1003<\/li>\n\n\n\n<li>Projekt skizzieren &#8211; wir liefern Muster, Statik &amp; Kalkulation in 48h<\/li>\n\n\n\n<li>Training Ihres Teams<\/li>\n\n\n\n<li>Pilot Montage mit unserem Techniker &#8211; Null Risiko Einstieg<\/li>\n\n\n\n<li>Bei Erfolg &gt; Region exklusiv reservieren <\/li>\n<\/ul>\n<\/div>\n\n\n\n<div class=\"wp-block-buttons is-layout-flex wp-block-buttons-is-layout-flex\">\n<div class=\"wp-block-button\"><a class=\"wp-block-button__link wp-element-button\" href=\"#bewerbung\">Unverbindliches Erstgespr\u00e4ch sichern<\/a><\/div>\n<\/div>\n<\/div>\n<\/section>\n\n\n\n<section class=\"wp-block-group alignfull has-light-gray-background-color has-background has-global-padding is-layout-constrained wp-container-core-group-is-layout-e37a80b5 wp-block-group-is-layout-constrained\" id=\"benefits\" style=\"margin-top:0;margin-bottom:0;padding-top:var(--wp--preset--spacing--2-xl);padding-bottom:var(--wp--preset--spacing--2-xl)\">\n<div class=\"wp-block-group has-global-padding is-layout-constrained wp-container-core-group-is-layout-5cdcde31 wp-block-group-is-layout-constrained\" style=\"padding-bottom:var(--wp--preset--spacing--l)\">\n<div class=\"wp-block-columns is-layout-flex wp-container-core-columns-is-layout-f0342b05 wp-block-columns-is-layout-flex\" style=\"margin-top:0;margin-bottom:0\">\n<div class=\"wp-block-column is-vertically-aligned-bottom is-layout-flow wp-block-column-is-layout-flow\" style=\"flex-basis:66.66%\">\n<h2 class=\"wp-block-heading\">Ihre Benefits<\/h2>\n<\/div>\n\n\n\n<div class=\"wp-block-column is-vertically-aligned-bottom is-layout-flow wp-block-column-is-layout-flow\" style=\"flex-basis:33.33%\"><\/div>\n<\/div>\n<\/div>\n\n\n\n<div class=\"wp-block-group is-layout-flow wp-block-group-is-layout-flow\" style=\"margin-top:0\">\n<div class=\"wp-block-group is-layout-grid wp-container-core-group-is-layout-7785d981 wp-block-group-is-layout-grid\">\n<div class=\"wp-block-group m-card benefits has-global-padding is-layout-constrained wp-block-group-is-layout-constrained\">\n<div class=\"wp-block-cover has-custom-content-position is-position-bottom-center\" style=\"padding-bottom:var(--wp--preset--spacing--m)\"><img loading=\"lazy\" decoding=\"async\" width=\"1024\" height=\"587\" class=\"wp-block-cover__image-background wp-image-152636 size-large\" alt=\"Wettbewerb\" src=\"https:\/\/www.leeb-balkone.com\/app\/uploads\/2025\/07\/Wettbewerb-1024x587.jpeg\" style=\"object-position:74% 45%\" data-object-fit=\"cover\" data-object-position=\"74% 45%\" srcset=\"https:\/\/www.leeb-balkone.com\/app\/uploads\/2025\/07\/Wettbewerb-1024x587.jpeg 1024w, https:\/\/www.leeb-balkone.com\/app\/uploads\/2025\/07\/Wettbewerb-300x172.jpeg 300w, https:\/\/www.leeb-balkone.com\/app\/uploads\/2025\/07\/Wettbewerb-768x440.jpeg 768w, https:\/\/www.leeb-balkone.com\/app\/uploads\/2025\/07\/Wettbewerb-1536x881.jpeg 1536w, https:\/\/www.leeb-balkone.com\/app\/uploads\/2025\/07\/Wettbewerb-2048x1174.jpeg 2048w\" sizes=\"auto, (max-width: 1024px) 100vw, 1024px\" \/><span aria-hidden=\"true\" class=\"wp-block-cover__background has-background-dim wp-block-cover__gradient-background has-background-gradient\" style=\"background:linear-gradient(180deg,rgba(0,0,0,0) 0%,rgb(0,0,0) 53%)\"><\/span><div class=\"wp-block-cover__inner-container has-global-padding is-layout-constrained wp-block-cover-is-layout-constrained\">\n<div class=\"wp-block-group is-vertical is-layout-flex wp-container-core-group-is-layout-ad69fd43 wp-block-group-is-layout-flex\">\n<h3 class=\"wp-block-heading has-text-align-left has-step-2-font-size\">WETTBEWERBS- F\u00c4HIGKEIT ERH\u00d6HEN<\/h3>\n\n\n\n<p class=\"has-step-s-font-size\">Starke Marke &amp; hohe Nachfrage<\/p>\n<\/div>\n<\/div><\/div>\n<\/div>\n\n\n\n<div class=\"wp-block-group m-card benefits has-global-padding is-layout-constrained wp-block-group-is-layout-constrained\">\n<div class=\"wp-block-cover has-custom-content-position is-position-bottom-center\" style=\"padding-bottom:var(--wp--preset--spacing--m)\"><img loading=\"lazy\" decoding=\"async\" width=\"1024\" height=\"705\" class=\"wp-block-cover__image-background wp-image-147037 size-large\" alt=\"Partnerschaft 1\" src=\"https:\/\/www.leeb-balkone.com\/app\/uploads\/2025\/05\/Partnerschaft-1-1-1024x705.jpeg\" style=\"object-position:56% 48%\" data-object-fit=\"cover\" data-object-position=\"56% 48%\" srcset=\"https:\/\/www.leeb-balkone.com\/app\/uploads\/2025\/05\/Partnerschaft-1-1-1024x705.jpeg 1024w, https:\/\/www.leeb-balkone.com\/app\/uploads\/2025\/05\/Partnerschaft-1-1-300x207.jpeg 300w, https:\/\/www.leeb-balkone.com\/app\/uploads\/2025\/05\/Partnerschaft-1-1-768x529.jpeg 768w, https:\/\/www.leeb-balkone.com\/app\/uploads\/2025\/05\/Partnerschaft-1-1-1536x1058.jpeg 1536w, https:\/\/www.leeb-balkone.com\/app\/uploads\/2025\/05\/Partnerschaft-1-1-2048x1411.jpeg 2048w\" sizes=\"auto, (max-width: 1024px) 100vw, 1024px\" \/><span aria-hidden=\"true\" class=\"wp-block-cover__background has-background-dim wp-block-cover__gradient-background has-background-gradient\" style=\"background:linear-gradient(180deg,rgba(0,0,0,0) 0%,rgb(0,0,0) 53%)\"><\/span><div class=\"wp-block-cover__inner-container has-global-padding is-layout-constrained wp-block-cover-is-layout-constrained\">\n<div class=\"wp-block-group is-vertical is-layout-flex wp-container-core-group-is-layout-ad69fd43 wp-block-group-is-layout-flex\">\n<h3 class=\"wp-block-heading has-text-align-left has-step-2-font-size\">MEHR UMSATZ &#8211; WENIGER AUFWAND<\/h3>\n\n\n\n<p class=\"has-step-s-font-size\">Planung, Produktion &amp; Logistik durch Leeb<\/p>\n<\/div>\n<\/div><\/div>\n<\/div>\n\n\n\n<div class=\"wp-block-group m-card benefits has-global-padding is-layout-constrained wp-block-group-is-layout-constrained\">\n<div class=\"wp-block-cover has-custom-content-position is-position-bottom-center\" style=\"padding-bottom:var(--wp--preset--spacing--m)\"><img loading=\"lazy\" decoding=\"async\" width=\"1024\" height=\"341\" class=\"wp-block-cover__image-background wp-image-152765 size-large\" alt=\"AdobeStock_206271305\" src=\"https:\/\/www.leeb-balkone.com\/app\/uploads\/2025\/07\/AdobeStock_206271305-1024x341.jpeg\" style=\"object-position:71% 65%\" data-object-fit=\"cover\" data-object-position=\"71% 65%\" srcset=\"https:\/\/www.leeb-balkone.com\/app\/uploads\/2025\/07\/AdobeStock_206271305-1024x341.jpeg 1024w, https:\/\/www.leeb-balkone.com\/app\/uploads\/2025\/07\/AdobeStock_206271305-300x100.jpeg 300w, https:\/\/www.leeb-balkone.com\/app\/uploads\/2025\/07\/AdobeStock_206271305-768x256.jpeg 768w, https:\/\/www.leeb-balkone.com\/app\/uploads\/2025\/07\/AdobeStock_206271305-1536x512.jpeg 1536w, https:\/\/www.leeb-balkone.com\/app\/uploads\/2025\/07\/AdobeStock_206271305-2048x683.jpeg 2048w\" sizes=\"auto, (max-width: 1024px) 100vw, 1024px\" \/><span aria-hidden=\"true\" class=\"wp-block-cover__background has-background-dim wp-block-cover__gradient-background has-background-gradient\" style=\"background:linear-gradient(180deg,rgba(0,0,0,0) 0%,rgb(0,0,0) 53%)\"><\/span><div class=\"wp-block-cover__inner-container has-global-padding is-layout-constrained wp-block-cover-is-layout-constrained\">\n<div class=\"wp-block-group is-vertical is-layout-flex wp-container-core-group-is-layout-ad69fd43 wp-block-group-is-layout-flex\">\n<h3 class=\"wp-block-heading has-text-align-left has-step-2-font-size\">\u00d8 \u2248 25 % DECKUNGSBEITRAG <\/h3>\n\n\n\n<p class=\"has-step-s-font-size\">inkl. Exklusivit\u00e4t im Gebiet<\/p>\n<\/div>\n<\/div><\/div>\n<\/div>\n\n\n\n<div class=\"wp-block-group m-card benefits has-global-padding is-layout-constrained wp-block-group-is-layout-constrained\">\n<div class=\"wp-block-cover has-custom-content-position is-position-bottom-center\" style=\"padding-bottom:var(--wp--preset--spacing--m)\"><img loading=\"lazy\" decoding=\"async\" width=\"683\" height=\"1024\" class=\"wp-block-cover__image-background wp-image-152773 size-large\" alt=\"Stefan Schusser\" src=\"https:\/\/www.leeb-balkone.com\/app\/uploads\/2025\/07\/Stefan-Schusser-1-683x1024.png\" data-object-fit=\"cover\" srcset=\"https:\/\/www.leeb-balkone.com\/app\/uploads\/2025\/07\/Stefan-Schusser-1-683x1024.png 683w, https:\/\/www.leeb-balkone.com\/app\/uploads\/2025\/07\/Stefan-Schusser-1-200x300.png 200w, https:\/\/www.leeb-balkone.com\/app\/uploads\/2025\/07\/Stefan-Schusser-1-768x1152.png 768w, https:\/\/www.leeb-balkone.com\/app\/uploads\/2025\/07\/Stefan-Schusser-1-1024x1536.png 1024w, https:\/\/www.leeb-balkone.com\/app\/uploads\/2025\/07\/Stefan-Schusser-1-1365x2048.png 1365w, https:\/\/www.leeb-balkone.com\/app\/uploads\/2025\/07\/Stefan-Schusser-1-scaled.png 1707w\" sizes=\"auto, (max-width: 683px) 100vw, 683px\" \/><span aria-hidden=\"true\" class=\"wp-block-cover__background has-background-dim wp-block-cover__gradient-background has-background-gradient\" style=\"background:linear-gradient(180deg,rgba(0,0,0,0) 0%,rgb(0,0,0) 53%)\"><\/span><div class=\"wp-block-cover__inner-container has-global-padding is-layout-constrained wp-block-cover-is-layout-constrained\">\n<div class=\"wp-block-group is-vertical is-layout-flex wp-container-core-group-is-layout-ad69fd43 wp-block-group-is-layout-flex\">\n<h3 class=\"wp-block-heading has-text-align-left has-step-2-font-size\">RUNDUM &#8211; SUPPORT<\/h3>\n\n\n\n<p class=\"has-step-s-font-size\">pers\u00f6nlicher Ansprechpartner<\/p>\n<\/div>\n<\/div><\/div>\n<\/div>\n<\/div>\n<\/div>\n<\/section>\n\n\n\n<section class=\"wp-block-group alignfull u-of-visible has-white-background-color has-background has-global-padding is-layout-constrained wp-container-core-group-is-layout-423bb2c8 wp-block-group-is-layout-constrained\" style=\"margin-top:0;margin-bottom:0;padding-top:0;padding-bottom:var(--wp--preset--spacing--2-xl)\">\n<div class=\"wp-block-group has-global-padding is-layout-constrained wp-container-core-group-is-layout-5cdcde31 wp-block-group-is-layout-constrained\" style=\"padding-bottom:var(--wp--preset--spacing--l)\">\n<div class=\"wp-block-columns is-layout-flex wp-container-core-columns-is-layout-0a4bbf16 wp-block-columns-is-layout-flex\" style=\"margin-top:0;margin-bottom:0\">\n<div class=\"wp-block-column is-vertically-aligned-bottom is-layout-flow wp-block-column-is-layout-flow\" style=\"flex-basis:66.66%\">\n<div style=\"height:77px\" aria-hidden=\"true\" class=\"wp-block-spacer\"><\/div>\n\n\n\n<h2 class=\"wp-block-heading\">Partnerstimmen<\/h2>\n\n\n\n<p>Unsere Partner erz\u00e4hlen: Pers\u00f6nliche Einblicke, spannende Erlebnisse und der Weg zu ihrem Erfolg \u2013 entdecke, was unser Team so besonders macht!<\/p>\n<\/div>\n\n\n\n<div class=\"wp-block-column is-vertically-aligned-bottom is-layout-flow wp-block-column-is-layout-flow\" style=\"flex-basis:33.33%\"><\/div>\n<\/div>\n<\/div>\n\n\n\n<div class=\"wp-block-columns testimonial m-split m-split-reverse is-layout-flex wp-container-core-columns-is-layout-28232c24 wp-block-columns-is-layout-flex\">\n<div class=\"wp-block-column testimonial-text is-layout-flow wp-block-column-is-layout-flow\">\n<div class=\"wp-block-group has-light-gray-background-color has-background is-vertical is-layout-flex wp-container-core-group-is-layout-497906c9 wp-block-group-is-layout-flex\" style=\"padding-top:var(--wp--preset--spacing--xl);padding-right:var(--wp--preset--spacing--xl);padding-bottom:var(--wp--preset--spacing--xl);padding-left:var(--wp--preset--spacing--l)\">\n<h3 class=\"wp-block-heading\">H\u00e4ndlerpartner<\/h3>\n\n\n\n<p class=\"has-step-1-font-size\">\u201eDie Produkte, die Arbeitsphilosophie und die<br>Menschen von Leeb passen perfekt zu uns und<br>unserem Unternehmen. Wir sind sehr froh Leeb<br>als Partner gefunden zu haben und freuen uns auf<br>viele weitere spannende Projekte.<br>Wir konnten durch Leeb \u00fcber 400.000 EUR Mehrumsatz erzielen &#8211; mit dem gleichen Team.\u201c<\/p>\n\n\n\n<p class=\"has-step-s-font-size\"><strong>Liam Tosar<\/strong><br>DBM Metallbau<\/p>\n<\/div>\n<\/div>\n\n\n\n<div class=\"wp-block-column is-layout-flow wp-block-column-is-layout-flow\">\n<div class=\"wp-block-group is-layout-flow wp-block-group-is-layout-flow has-background\" style=\"min-height:100%;background-image:url(&#039;https:\/\/www.leeb-balkone.com\/app\/uploads\/2025\/08\/Portrait-Website-Liam-Tosar.png&#039;);background-position:50% 50%;background-repeat:no-repeat;background-size:contain;background-attachment:scroll;\"><\/div>\n<\/div>\n<\/div>\n\n\n\n<div class=\"wp-block-columns testimonial m-split m-split-reverse is-layout-flex wp-container-core-columns-is-layout-28232c24 wp-block-columns-is-layout-flex\">\n<div class=\"wp-block-column is-layout-flow wp-block-column-is-layout-flow\">\n<div class=\"wp-block-group is-layout-flow wp-block-group-is-layout-flow has-background\" style=\"min-height:100%;background-image:url(&#039;https:\/\/www.leeb-balkone.com\/app\/uploads\/2025\/08\/Portrait-Website-Peter-Lieschke.png&#039;);background-position:50% 50%;background-repeat:no-repeat;background-size:contain;background-attachment:scroll;\"><\/div>\n<\/div>\n\n\n\n<div class=\"wp-block-column testimonial-text is-layout-flow wp-block-column-is-layout-flow\">\n<div class=\"wp-block-group has-light-gray-background-color has-background is-vertical is-layout-flex wp-container-core-group-is-layout-497906c9 wp-block-group-is-layout-flex\" style=\"padding-top:var(--wp--preset--spacing--xl);padding-right:var(--wp--preset--spacing--xl);padding-bottom:var(--wp--preset--spacing--xl);padding-left:var(--wp--preset--spacing--l)\">\n<h3 class=\"wp-block-heading\">H\u00e4ndlerpartner<\/h3>\n\n\n\n<p class=\"has-step-1-font-size\">&#8220;Wir haben unser Sortiment ohne gro\u00dfe Anfangsinvestition erweitern k\u00f6nnen &#8211; das hat uns zu neuen Auftr\u00e4gen gef\u00fchrt. Durch das Angebot hochwertiger Aluminiumprodukte konnte die Kundenzufriedenheit erheblich gesteigert werden! Leeb Produkte sorgen mittlerweile f\u00fcr 10 &#8211; 12 % unseres Unternehmensumsatzes.&#8221;<\/p>\n\n\n\n<p class=\"has-step-s-font-size\"><strong>Peter Lieschke<\/strong><br>Metall- &amp; Trennwandbau P. Lieschke<\/p>\n<\/div>\n<\/div>\n<\/div>\n<\/section>\n\n\n\n<section class=\"wp-block-cover alignfull is-light\" style=\"margin-top:0;margin-bottom:0;padding-top:0;padding-right:0;padding-bottom:0;padding-left:0;min-height:100px;aspect-ratio:unset;\"><img loading=\"lazy\" decoding=\"async\" width=\"1024\" height=\"683\" class=\"wp-block-cover__image-background wp-image-146801 size-large\" alt=\"anbaubalkon mit stuetzen alu glas von leeb balkone\" src=\"https:\/\/www.leeb-balkone.com\/app\/uploads\/2025\/05\/anbaubalkon-mit-stuetzen-alu-glas-von-leeb-balkone-1024x683.jpeg\" style=\"object-position:39% 37%\" data-object-fit=\"cover\" data-object-position=\"39% 37%\" srcset=\"https:\/\/www.leeb-balkone.com\/app\/uploads\/2025\/05\/anbaubalkon-mit-stuetzen-alu-glas-von-leeb-balkone-1024x683.jpeg 1024w, https:\/\/www.leeb-balkone.com\/app\/uploads\/2025\/05\/anbaubalkon-mit-stuetzen-alu-glas-von-leeb-balkone-300x200.jpeg 300w, https:\/\/www.leeb-balkone.com\/app\/uploads\/2025\/05\/anbaubalkon-mit-stuetzen-alu-glas-von-leeb-balkone-768x512.jpeg 768w, https:\/\/www.leeb-balkone.com\/app\/uploads\/2025\/05\/anbaubalkon-mit-stuetzen-alu-glas-von-leeb-balkone-1536x1024.jpeg 1536w, https:\/\/www.leeb-balkone.com\/app\/uploads\/2025\/05\/anbaubalkon-mit-stuetzen-alu-glas-von-leeb-balkone-2048x1366.jpeg 2048w\" sizes=\"auto, (max-width: 1024px) 100vw, 1024px\" \/><span aria-hidden=\"true\" class=\"wp-block-cover__background has-primary-background-color has-background-dim-70 has-background-dim\"><\/span><div class=\"wp-block-cover__inner-container has-global-padding is-layout-constrained wp-container-core-cover-is-layout-fc5783d2 wp-block-cover-is-layout-constrained\">\n<div class=\"wp-block-group is-layout-flow wp-block-group-is-layout-flow\" style=\"min-height:0px;margin-top:0;margin-bottom:0;padding-top:var(--wp--preset--spacing--2-xl);padding-bottom:var(--wp--preset--spacing--2-xl);padding-left:0\">\n<div class=\"wp-block-columns are-vertically-aligned-center is-layout-flex wp-container-core-columns-is-layout-0a4bbf16 wp-block-columns-is-layout-flex\" style=\"margin-top:0;margin-bottom:0\">\n<div class=\"wp-block-column is-vertically-aligned-center is-layout-flow wp-block-column-is-layout-flow\" style=\"flex-basis:66.66%\">\n<h2 class=\"wp-block-heading has-white-color has-text-color has-link-color wp-elements-c08e6c0a5e36a5c6c58807d4ad3a7a47\">Zusammenarbeit mit dem Marktf\u00fchrer<\/h2>\n\n\n\n<p class=\"has-white-color has-text-color has-link-color wp-elements-ff637b093d9b91b9d28ce4c8485ce6d4\">Werden Sie Teil unseres Teams &#8211; nutzen Sie jetzt Ihre Chance und kontaktieren Sie uns!<\/p>\n<\/div>\n\n\n\n<div class=\"wp-block-column is-vertically-aligned-center is-layout-flow wp-block-column-is-layout-flow\" style=\"flex-basis:33.33%\">\n<div class=\"wp-block-buttons u-m-jc-left is-content-justification-right is-layout-flex wp-container-core-buttons-is-layout-c060c6c7 wp-block-buttons-is-layout-flex\">\n<div class=\"wp-block-button is-style-filled-white large\"><a class=\"wp-block-button__link wp-element-button\" href=\"#bewerbung\">Jetzt kontaktieren<\/a><\/div>\n<\/div>\n<\/div>\n<\/div>\n<\/div>\n<\/div><\/section>\n\n\n\n<section class=\"wp-block-group alignfull u-of-visible has-white-background-color has-background has-global-padding is-layout-constrained wp-container-core-group-is-layout-e37a80b5 wp-block-group-is-layout-constrained\" style=\"margin-top:0;margin-bottom:0;padding-top:var(--wp--preset--spacing--2-xl);padding-bottom:var(--wp--preset--spacing--2-xl)\">\n<div class=\"wp-block-group has-global-padding is-layout-constrained wp-container-core-group-is-layout-4d3606bf wp-block-group-is-layout-constrained\" style=\"padding-bottom:var(--wp--preset--spacing--2-xl)\">\n<div class=\"wp-block-columns is-layout-flex wp-container-core-columns-is-layout-0a4bbf16 wp-block-columns-is-layout-flex\" style=\"margin-top:0;margin-bottom:0\">\n<div class=\"wp-block-column is-vertically-aligned-bottom is-layout-flow wp-block-column-is-layout-flow\" style=\"flex-basis:66.66%\">\n<h2 class=\"wp-block-heading\">Kontaktieren Sie Ihren direkten Ansprechpartner<\/h2>\n\n\n\n<p>Sprechen Sie jetzt direkt mit Stefan Schusser (0800 180 1003) oder senden Sie uns Ihren Kontakt ganz einfach in 30 Sekunden <\/p>\n<\/div>\n\n\n\n<div class=\"wp-block-column is-vertically-aligned-bottom is-layout-flow wp-block-column-is-layout-flow\" style=\"flex-basis:33.33%\"><\/div>\n<\/div>\n<\/div>\n\n\n\n<div class=\"wp-block-group has-global-padding is-layout-constrained wp-container-core-group-is-layout-9e9bff0e wp-block-group-is-layout-constrained\" style=\"margin-top:0\">\n<div class=\"wp-block-group is-layout-grid wp-container-core-group-is-layout-b1ece131 wp-block-group-is-layout-grid\">\n<div class=\"wp-block-group wp-container-content-65caa8ac is-vertical is-content-justification-center is-layout-flex wp-container-core-group-is-layout-72bb9c14 wp-block-group-is-layout-flex\">\n<figure class=\"wp-block-image size-full has-custom-border\"><img loading=\"lazy\" decoding=\"async\" width=\"1707\" height=\"2560\" src=\"https:\/\/www.leeb-balkone.com\/app\/uploads\/2025\/07\/Stefan-Schusser-1-scaled.png\" alt=\"Stefan Schusser\" class=\"wp-image-152773\" style=\"border-radius:100%;aspect-ratio:1;object-fit:cover\" srcset=\"https:\/\/www.leeb-balkone.com\/app\/uploads\/2025\/07\/Stefan-Schusser-1-scaled.png 1707w, https:\/\/www.leeb-balkone.com\/app\/uploads\/2025\/07\/Stefan-Schusser-1-200x300.png 200w, https:\/\/www.leeb-balkone.com\/app\/uploads\/2025\/07\/Stefan-Schusser-1-683x1024.png 683w, https:\/\/www.leeb-balkone.com\/app\/uploads\/2025\/07\/Stefan-Schusser-1-768x1152.png 768w, https:\/\/www.leeb-balkone.com\/app\/uploads\/2025\/07\/Stefan-Schusser-1-1024x1536.png 1024w, https:\/\/www.leeb-balkone.com\/app\/uploads\/2025\/07\/Stefan-Schusser-1-1365x2048.png 1365w\" sizes=\"auto, (max-width: 1707px) 100vw, 1707px\" \/><\/figure>\n\n\n\n<div class=\"wp-block-group is-vertical is-content-justification-center is-layout-flex wp-container-core-group-is-layout-24ea93b6 wp-block-group-is-layout-flex\" style=\"margin-top:0;margin-bottom:0\">\n<p class=\"has-text-align-center\"><strong>Stefan Schusser<\/strong><\/p>\n\n\n\n<p class=\"has-step-xs-font-size\">Pers\u00f6nlicher Ansprechpartner<\/p>\n<\/div>\n<\/div>\n<\/div>\n<\/div>\n<\/section>\n<\/div>\n\n\n\n<section id=\"bewerbung\" class=\"wp-block-cgb-t3-section-block alignfull b-pt-none\" style=\"display:inherit;background-color:#F5F5F5;min-height:inherit\">\n<div class=\"wp-block-cgb-t3-container-block b-has-offset-h\" style=\"background-color:none\"><div class=\"grid-container\"><div class=\"grid-x\"><div class=\"cell small-12 medium-6 large-0 medium-offset-1\">\n<h2 class=\"wp-block-heading\" id=\"kontaktieren-sie-uns\">Jetzt kontaktieren<\/h2>\n<\/div><\/div><\/div><\/div>\n\n\n\n<div class=\"wp-block-cgb-t3-container-block none b-has-pt\" style=\"background-color:none\"><div class=\"grid-container\">\n<div class=\"wp-block-columns is-layout-flex wp-container-core-columns-is-layout-28f84493 wp-block-columns-is-layout-flex\">\n<div class=\"wp-block-column is-layout-flow wp-block-column-is-layout-flow\"><\/div>\n\n\n\n<div class=\"wp-block-column is-layout-flow wp-block-column-is-layout-flow\"><\/div>\n<\/div>\n\n\n\n<div class=\"wp-block-group has-global-padding is-layout-constrained wp-container-core-group-is-layout-cf8232cb wp-block-group-is-layout-constrained\">\n<div class=\"wp-block-columns is-layout-flex wp-container-core-columns-is-layout-28f84493 wp-block-columns-is-layout-flex\">\n<div class=\"wp-block-column is-layout-flow wp-block-column-is-layout-flow\" style=\"flex-basis:66.66%\"><form action=\"https:\/\/www.leeb-balkone.com\/de\/wp-json\/ws-form\/v1\/submit\" class=\"wsf-form wsf-form-canvas\" id=\"ws-form-1\" data-id=\"34\" data-instance-id=\"1\" method=\"POST\"><\/form><\/div>\n\n\n\n<div class=\"wp-block-column is-layout-flow wp-block-column-is-layout-flow\" style=\"flex-basis:33.33%\">\n<p><\/p>\n<\/div>\n<\/div>\n<\/div>\n<\/div><\/div>\n<\/section>\n","protected":false},"excerpt":{"rendered":"","protected":false},"featured_media":152136,"menu_order":0,"template":"template-onepager.blade.php","format":"standard","meta":{"_acf_changed":false,"footnotes":"","_sage_theme_css":false,"_wp_block_core_css":true},"job_category":[],"class_list":["post-152015","jobs","type-jobs","status-publish","format-standard","has-post-thumbnail","hentry"],"acf":[],"yoast_head":"<!-- This site is optimized with the Yoast SEO plugin v27.2 - https:\/\/yoast.com\/product\/yoast-seo-wordpress\/ -->\n<title>WERDE JETZT LEEB - PARTNER! - Leeb Balkone Deutschland<\/title>\n<meta name=\"description\" content=\"Ihr Handwerksbetrieb kann mehr!? Werden Sie jetzt Leeb H\u00e4ndlerpartner und erzielen Sie mehr Umsatz mit Ihrem bestehenden Team und das alles ohne\" \/>\n<meta name=\"robots\" content=\"index, follow, max-snippet:-1, max-image-preview:large, max-video-preview:-1\" \/>\n<meta property=\"og:locale\" content=\"de_DE\" \/>\n<meta property=\"og:type\" content=\"article\" \/>\n<meta property=\"og:title\" content=\"WERDE JETZT LEEB - PARTNER! - Leeb Balkone\" \/>\n<meta property=\"og:description\" content=\"Ihr Handwerksbetrieb kann mehr!? Werden Sie jetzt Leeb H\u00e4ndlerpartner und erzielen Sie mehr Umsatz mit Ihrem bestehenden Team und das alles ohne\" \/>\n<meta property=\"og:url\" content=\"https:\/\/www.leeb-balkone.com\/de\/jobs\/b2b-haendlerpartner\/\" \/>\n<meta property=\"og:site_name\" content=\"Leeb Balkone\" \/>\n<meta property=\"article:publisher\" content=\"https:\/\/www.facebook.com\/balkone\/\" \/>\n<meta property=\"article:modified_time\" content=\"2025-09-17T08:32:25+00:00\" \/>\n<meta property=\"og:image\" content=\"https:\/\/www.leeb-balkone.com\/app\/uploads\/2025\/07\/Headerbild-B2B-Suche-scaled.png\" \/>\n\t<meta property=\"og:image:width\" content=\"2560\" \/>\n\t<meta property=\"og:image:height\" content=\"1440\" \/>\n\t<meta property=\"og:image:type\" content=\"image\/png\" \/>\n<meta name=\"twitter:card\" content=\"summary_large_image\" \/>\n<script type=\"application\/ld+json\" class=\"yoast-schema-graph\">{\"@context\":\"https:\/\/schema.org\",\"@graph\":[{\"@type\":\"WebPage\",\"@id\":\"https:\/\/www.leeb-balkone.com\/de\/jobs\/b2b-haendlerpartner\/\",\"url\":\"https:\/\/www.leeb-balkone.com\/de\/jobs\/b2b-haendlerpartner\/\",\"name\":\"WERDE JETZT LEEB - PARTNER! - Leeb Balkone\",\"isPartOf\":{\"@id\":\"https:\/\/www.leeb-balkone.com\/de\/#website\"},\"primaryImageOfPage\":{\"@id\":\"https:\/\/www.leeb-balkone.com\/de\/jobs\/b2b-haendlerpartner\/#primaryimage\"},\"image\":{\"@id\":\"https:\/\/www.leeb-balkone.com\/de\/jobs\/b2b-haendlerpartner\/#primaryimage\"},\"thumbnailUrl\":\"https:\/\/www.leeb-balkone.com\/app\/uploads\/2025\/07\/Headerbild-B2B-Suche-scaled.png\",\"datePublished\":\"2025-07-29T09:59:45+00:00\",\"dateModified\":\"2025-09-17T08:32:25+00:00\",\"description\":\"Ihr Handwerksbetrieb kann mehr!? Werden Sie jetzt Leeb H\u00e4ndlerpartner und erzielen Sie mehr Umsatz mit Ihrem bestehenden Team und das alles ohne\",\"breadcrumb\":{\"@id\":\"https:\/\/www.leeb-balkone.com\/de\/jobs\/b2b-haendlerpartner\/#breadcrumb\"},\"inLanguage\":\"de\",\"potentialAction\":[{\"@type\":\"ReadAction\",\"target\":[\"https:\/\/www.leeb-balkone.com\/de\/jobs\/b2b-haendlerpartner\/\"]}]},{\"@type\":\"ImageObject\",\"inLanguage\":\"de\",\"@id\":\"https:\/\/www.leeb-balkone.com\/de\/jobs\/b2b-haendlerpartner\/#primaryimage\",\"url\":\"https:\/\/www.leeb-balkone.com\/app\/uploads\/2025\/07\/Headerbild-B2B-Suche-scaled.png\",\"contentUrl\":\"https:\/\/www.leeb-balkone.com\/app\/uploads\/2025\/07\/Headerbild-B2B-Suche-scaled.png\",\"width\":2560,\"height\":1440},{\"@type\":\"BreadcrumbList\",\"@id\":\"https:\/\/www.leeb-balkone.com\/de\/jobs\/b2b-haendlerpartner\/#breadcrumb\",\"itemListElement\":[{\"@type\":\"ListItem\",\"position\":1,\"name\":\"Home\",\"item\":\"https:\/\/www.leeb-balkone.com\/de\/\"},{\"@type\":\"ListItem\",\"position\":2,\"name\":\"WERDE JETZT LEEB &#8211; PARTNER!\"}]},{\"@type\":\"WebSite\",\"@id\":\"https:\/\/www.leeb-balkone.com\/de\/#website\",\"url\":\"https:\/\/www.leeb-balkone.com\/de\/\",\"name\":\"Leeb Balkone\",\"description\":\"Balkone und Z\u00e4une\",\"publisher\":{\"@id\":\"https:\/\/www.leeb-balkone.com\/de\/#organization\"},\"potentialAction\":[{\"@type\":\"SearchAction\",\"target\":{\"@type\":\"EntryPoint\",\"urlTemplate\":\"https:\/\/www.leeb-balkone.com\/de\/?s={search_term_string}\"},\"query-input\":{\"@type\":\"PropertyValueSpecification\",\"valueRequired\":true,\"valueName\":\"search_term_string\"}}],\"inLanguage\":\"de\"},{\"@type\":\"Organization\",\"@id\":\"https:\/\/www.leeb-balkone.com\/de\/#organization\",\"name\":\"Leeb Balkone Gmbh\",\"url\":\"https:\/\/www.leeb-balkone.com\/de\/\",\"logo\":{\"@type\":\"ImageObject\",\"inLanguage\":\"de\",\"@id\":\"https:\/\/www.leeb-balkone.com\/de\/#\/schema\/logo\/image\/\",\"url\":\"https:\/\/www.leeb-balkone.com\/app\/uploads\/2020\/11\/leeb-logo.svg\",\"contentUrl\":\"https:\/\/www.leeb-balkone.com\/app\/uploads\/2020\/11\/leeb-logo.svg\",\"width\":741,\"height\":204,\"caption\":\"Leeb Balkone Gmbh\"},\"image\":{\"@id\":\"https:\/\/www.leeb-balkone.com\/de\/#\/schema\/logo\/image\/\"},\"sameAs\":[\"https:\/\/www.facebook.com\/balkone\/\",\"https:\/\/www.trustedshops.at\/bewertung\/info_X4587CCF5833E31AFE0B11F47D86999F2.html\",\"https:\/\/www.trustedshops.de\/bewertung\/info_X7BA536A7A0BDC86D36C4718E4DCAEEEF.html\",\"https:\/\/www.google.com\/maps\/place\/?q=place_id:ChIJ5-zH19-IcEcR9HonWRTllHI\"]}]}<\/script>\n<!-- \/ Yoast SEO plugin. -->","yoast_head_json":{"title":"WERDE JETZT LEEB - PARTNER! - Leeb Balkone Deutschland","description":"Ihr Handwerksbetrieb kann mehr!? Werden Sie jetzt Leeb H\u00e4ndlerpartner und erzielen Sie mehr Umsatz mit Ihrem bestehenden Team und das alles ohne","robots":{"index":"index","follow":"follow","max-snippet":"max-snippet:-1","max-image-preview":"max-image-preview:large","max-video-preview":"max-video-preview:-1"},"og_locale":"de_DE","og_type":"article","og_title":"WERDE JETZT LEEB - PARTNER! - Leeb Balkone","og_description":"Ihr Handwerksbetrieb kann mehr!? Werden Sie jetzt Leeb H\u00e4ndlerpartner und erzielen Sie mehr Umsatz mit Ihrem bestehenden Team und das alles ohne","og_url":"https:\/\/www.leeb-balkone.com\/de\/jobs\/b2b-haendlerpartner\/","og_site_name":"Leeb Balkone","article_publisher":"https:\/\/www.facebook.com\/balkone\/","article_modified_time":"2025-09-17T08:32:25+00:00","og_image":[{"width":2560,"height":1440,"url":"https:\/\/www.leeb-balkone.com\/app\/uploads\/2025\/07\/Headerbild-B2B-Suche-scaled.png","type":"image\/png"}],"twitter_card":"summary_large_image","schema":{"@context":"https:\/\/schema.org","@graph":[{"@type":"WebPage","@id":"https:\/\/www.leeb-balkone.com\/de\/jobs\/b2b-haendlerpartner\/","url":"https:\/\/www.leeb-balkone.com\/de\/jobs\/b2b-haendlerpartner\/","name":"WERDE JETZT LEEB - PARTNER! - Leeb Balkone","isPartOf":{"@id":"https:\/\/www.leeb-balkone.com\/de\/#website"},"primaryImageOfPage":{"@id":"https:\/\/www.leeb-balkone.com\/de\/jobs\/b2b-haendlerpartner\/#primaryimage"},"image":{"@id":"https:\/\/www.leeb-balkone.com\/de\/jobs\/b2b-haendlerpartner\/#primaryimage"},"thumbnailUrl":"https:\/\/www.leeb-balkone.com\/app\/uploads\/2025\/07\/Headerbild-B2B-Suche-scaled.png","datePublished":"2025-07-29T09:59:45+00:00","dateModified":"2025-09-17T08:32:25+00:00","description":"Ihr Handwerksbetrieb kann mehr!? Werden Sie jetzt Leeb H\u00e4ndlerpartner und erzielen Sie mehr Umsatz mit Ihrem bestehenden Team und das alles ohne","breadcrumb":{"@id":"https:\/\/www.leeb-balkone.com\/de\/jobs\/b2b-haendlerpartner\/#breadcrumb"},"inLanguage":"de","potentialAction":[{"@type":"ReadAction","target":["https:\/\/www.leeb-balkone.com\/de\/jobs\/b2b-haendlerpartner\/"]}]},{"@type":"ImageObject","inLanguage":"de","@id":"https:\/\/www.leeb-balkone.com\/de\/jobs\/b2b-haendlerpartner\/#primaryimage","url":"https:\/\/www.leeb-balkone.com\/app\/uploads\/2025\/07\/Headerbild-B2B-Suche-scaled.png","contentUrl":"https:\/\/www.leeb-balkone.com\/app\/uploads\/2025\/07\/Headerbild-B2B-Suche-scaled.png","width":2560,"height":1440},{"@type":"BreadcrumbList","@id":"https:\/\/www.leeb-balkone.com\/de\/jobs\/b2b-haendlerpartner\/#breadcrumb","itemListElement":[{"@type":"ListItem","position":1,"name":"Home","item":"https:\/\/www.leeb-balkone.com\/de\/"},{"@type":"ListItem","position":2,"name":"WERDE JETZT LEEB &#8211; PARTNER!"}]},{"@type":"WebSite","@id":"https:\/\/www.leeb-balkone.com\/de\/#website","url":"https:\/\/www.leeb-balkone.com\/de\/","name":"Leeb Balkone","description":"Balkone und Z\u00e4une","publisher":{"@id":"https:\/\/www.leeb-balkone.com\/de\/#organization"},"potentialAction":[{"@type":"SearchAction","target":{"@type":"EntryPoint","urlTemplate":"https:\/\/www.leeb-balkone.com\/de\/?s={search_term_string}"},"query-input":{"@type":"PropertyValueSpecification","valueRequired":true,"valueName":"search_term_string"}}],"inLanguage":"de"},{"@type":"Organization","@id":"https:\/\/www.leeb-balkone.com\/de\/#organization","name":"Leeb Balkone Gmbh","url":"https:\/\/www.leeb-balkone.com\/de\/","logo":{"@type":"ImageObject","inLanguage":"de","@id":"https:\/\/www.leeb-balkone.com\/de\/#\/schema\/logo\/image\/","url":"https:\/\/www.leeb-balkone.com\/app\/uploads\/2020\/11\/leeb-logo.svg","contentUrl":"https:\/\/www.leeb-balkone.com\/app\/uploads\/2020\/11\/leeb-logo.svg","width":741,"height":204,"caption":"Leeb Balkone Gmbh"},"image":{"@id":"https:\/\/www.leeb-balkone.com\/de\/#\/schema\/logo\/image\/"},"sameAs":["https:\/\/www.facebook.com\/balkone\/","https:\/\/www.trustedshops.at\/bewertung\/info_X4587CCF5833E31AFE0B11F47D86999F2.html","https:\/\/www.trustedshops.de\/bewertung\/info_X7BA536A7A0BDC86D36C4718E4DCAEEEF.html","https:\/\/www.google.com\/maps\/place\/?q=place_id:ChIJ5-zH19-IcEcR9HonWRTllHI"]}]}},"_links":{"self":[{"href":"https:\/\/www.leeb-balkone.com\/de\/wp-json\/wp\/v2\/jobs\/152015","targetHints":{"allow":["GET"]}}],"collection":[{"href":"https:\/\/www.leeb-balkone.com\/de\/wp-json\/wp\/v2\/jobs"}],"about":[{"href":"https:\/\/www.leeb-balkone.com\/de\/wp-json\/wp\/v2\/types\/jobs"}],"version-history":[{"count":33,"href":"https:\/\/www.leeb-balkone.com\/de\/wp-json\/wp\/v2\/jobs\/152015\/revisions"}],"predecessor-version":[{"id":153815,"href":"https:\/\/www.leeb-balkone.com\/de\/wp-json\/wp\/v2\/jobs\/152015\/revisions\/153815"}],"wp:featuredmedia":[{"embeddable":true,"href":"https:\/\/www.leeb-balkone.com\/de\/wp-json\/wp\/v2\/media\/152136"}],"wp:attachment":[{"href":"https:\/\/www.leeb-balkone.com\/de\/wp-json\/wp\/v2\/media?parent=152015"}],"wp:term":[{"taxonomy":"job_category","embeddable":true,"href":"https:\/\/www.leeb-balkone.com\/de\/wp-json\/wp\/v2\/job_category?post=152015"}],"curies":[{"name":"wp","href":"https:\/\/api.w.org\/{rel}","templated":true}]}}