{"id":147001,"date":"2025-05-13T13:37:33","date_gmt":"2025-05-13T13:37:33","guid":{"rendered":"https:\/\/www.leeb-balkone.com\/de\/?post_type=jobs&#038;p=147001"},"modified":"2025-09-17T11:08:58","modified_gmt":"2025-09-17T11:08:58","slug":"selbststaendiger-aufmasstechniker","status":"publish","type":"jobs","link":"https:\/\/www.leeb-balkone.com\/de\/jobs\/selbststaendiger-aufmasstechniker\/","title":{"rendered":"Selbstst\u00e4ndiger Aufma\u00dftechniker"},"content":{"rendered":"\n<div class=\"wp-block-group alignfull is-layout-flow wp-container-core-group-is-layout-a77db08e wp-block-group-is-layout-flow\">\n<div class=\"wp-block-cover alignfull has-custom-content-position is-position-bottom-center has-white-color has-text-color has-link-color wp-elements-437ee3df3218ab5f5eee06585212a856\" style=\"padding-right:0;padding-bottom:var(--wp--preset--spacing--2-xl);padding-left:0;min-height:80vh;aspect-ratio:unset;\"><span aria-hidden=\"true\" class=\"wp-block-cover__background has-background-dim-70 has-background-dim wp-block-cover__gradient-background has-background-gradient\" style=\"background:linear-gradient(179deg,rgba(0,0,0,0) 0%,rgb(0,0,0) 73%)\"><\/span><img loading=\"lazy\" decoding=\"async\" width=\"2560\" height=\"1709\" class=\"wp-block-cover__image-background wp-image-147074\" alt=\"Aufmass Techniker 2800px\" src=\"https:\/\/www.leeb-balkone.com\/app\/uploads\/2025\/05\/Aufmass-Techniker-2800px-1-scaled.jpg\" data-object-fit=\"cover\" srcset=\"https:\/\/www.leeb-balkone.com\/app\/uploads\/2025\/05\/Aufmass-Techniker-2800px-1-scaled.jpg 2560w, https:\/\/www.leeb-balkone.com\/app\/uploads\/2025\/05\/Aufmass-Techniker-2800px-1-300x200.jpg 300w, https:\/\/www.leeb-balkone.com\/app\/uploads\/2025\/05\/Aufmass-Techniker-2800px-1-1024x684.jpg 1024w, https:\/\/www.leeb-balkone.com\/app\/uploads\/2025\/05\/Aufmass-Techniker-2800px-1-768x513.jpg 768w, https:\/\/www.leeb-balkone.com\/app\/uploads\/2025\/05\/Aufmass-Techniker-2800px-1-1536x1025.jpg 1536w, https:\/\/www.leeb-balkone.com\/app\/uploads\/2025\/05\/Aufmass-Techniker-2800px-1-2048x1367.jpg 2048w\" sizes=\"auto, (max-width: 2560px) 100vw, 2560px\" \/><div class=\"wp-block-cover__inner-container has-global-padding is-layout-constrained wp-container-core-cover-is-layout-fe0db480 wp-block-cover-is-layout-constrained\">\n<div class=\"wp-block-group has-global-padding is-content-justification-left is-layout-constrained wp-container-core-group-is-layout-a250a9f9 wp-block-group-is-layout-constrained\" style=\"padding-right:0;padding-left:0\">\n<div class=\"wp-block-group is-vertical is-layout-flex wp-container-core-group-is-layout-264474f9 wp-block-group-is-layout-flex\"><h1 class=\"wp-block-post-title\">Selbstst\u00e4ndiger Aufma\u00dftechniker<\/h1>\n\n\n<p><span class=\"uppercase\"><strong>(m\/w\/d)<\/strong><\/span><\/p>\n<\/div>\n\n\n\n<p>Sie sind selbstst\u00e4ndiger Aufma\u00dftechniker und suchen nach einer zus\u00e4tzlichen, lukrativen M\u00f6glichkeit, Ihre freien Kapazit\u00e4ten sinnvoll zu nutzen?<br>Dann ist eine Partnerschaft mit Europas Nr. 1 f\u00fcr Balkone, Z\u00e4une und \u00dcberdachungen genau das Richtige f\u00fcr Sie!<\/p>\n\n\n\n<div class=\"wp-block-buttons is-layout-flex wp-block-buttons-is-layout-flex\">\n<div class=\"wp-block-button\"><a class=\"wp-block-button__link wp-element-button\" href=\"#bewerbung\">Jetzt bewerben<\/a><\/div>\n\n\n\n<div class=\"wp-block-button is-style-outline-white smooth-scroll\"><a class=\"wp-block-button__link wp-element-button\" href=\"#benefits\">Deine Benefits<\/a><\/div>\n<\/div>\n<\/div>\n<\/div><\/div>\n\n\n\n<section class=\"wp-block-group alignfull has-white-background-color has-background has-global-padding is-layout-constrained wp-container-core-group-is-layout-58d99300 wp-block-group-is-layout-constrained\" style=\"padding-top:var(--wp--preset--spacing--xl);padding-bottom:var(--wp--preset--spacing--2-xl)\">\n<div class=\"wp-block-group breadcrumb has-global-padding is-layout-constrained wp-container-core-group-is-layout-cf8232cb wp-block-group-is-layout-constrained\">\n<div class=\"wp-block-group is-layout-flow wp-block-group-is-layout-flow\" style=\"padding-bottom:var(--wp--preset--spacing--xl)\">\n<span><span><a href=\"https:\/\/www.leeb-balkone.com\/de\/\">Home<\/a><\/span><\/span>\n<\/div>\n<\/div>\n\n\n\n<div class=\"wp-block-group is-layout-grid wp-container-core-group-is-layout-68c8b414 wp-block-group-is-layout-grid\" style=\"margin-top:0\">\n<div class=\"wp-block-group t3-job-facts has-light-gray-background-color has-background wp-container-content-725258bd is-vertical is-content-justification-center is-layout-flex wp-container-core-group-is-layout-2109e5e0 wp-block-group-is-layout-flex\" style=\"padding-top:var(--wp--preset--spacing--m);padding-right:var(--wp--preset--spacing--s);padding-bottom:var(--wp--preset--spacing--m);padding-left:var(--wp--preset--spacing--s)\">\n<figure class=\"wp-block-image aligncenter size-full is-resized\"><img loading=\"lazy\" decoding=\"async\" width=\"32\" height=\"32\" src=\"https:\/\/www.leeb-balkone.com\/app\/uploads\/2025\/03\/clock.svg\" alt=\"clock\" class=\"wp-image-145627\" style=\"width:32px\"\/><\/figure>\n\n\n\n<div class=\"wp-block-group is-vertical is-content-justification-center is-layout-flex wp-container-core-group-is-layout-a24e3638 wp-block-group-is-layout-flex\">\n<p class=\"has-text-align-center has-step-xs-font-size\">Arbeitsmodell<\/p>\n\n\n\n<p class=\"has-text-align-center has-step-05-font-size\"><strong>Selbst\u00e4ndigkeit<\/strong><\/p>\n<\/div>\n<\/div>\n\n\n\n<div class=\"wp-block-group t3-job-facts has-light-gray-background-color has-background wp-container-content-725258bd is-vertical is-content-justification-center is-layout-flex wp-container-core-group-is-layout-2109e5e0 wp-block-group-is-layout-flex\" style=\"padding-top:var(--wp--preset--spacing--m);padding-right:var(--wp--preset--spacing--s);padding-bottom:var(--wp--preset--spacing--m);padding-left:var(--wp--preset--spacing--s)\">\n<figure class=\"wp-block-image aligncenter size-full is-resized\"><img loading=\"lazy\" decoding=\"async\" width=\"32\" height=\"32\" src=\"https:\/\/www.leeb-balkone.com\/app\/uploads\/2025\/03\/calendar.svg\" alt=\"calendar\" class=\"wp-image-145622\" style=\"width:32px\"\/><\/figure>\n\n\n\n<div class=\"wp-block-group is-vertical is-content-justification-center is-layout-flex wp-container-core-group-is-layout-a24e3638 wp-block-group-is-layout-flex\">\n<p class=\"has-text-align-center has-step-xs-font-size\">Start<\/p>\n\n\n\n<p class=\"has-text-align-center has-step-05-font-size\"><strong>Ab sofort<\/strong><\/p>\n<\/div>\n<\/div>\n\n\n\n<div class=\"wp-block-group t3-job-facts has-light-gray-background-color has-background wp-container-content-725258bd is-vertical is-content-justification-center is-layout-flex wp-container-core-group-is-layout-2109e5e0 wp-block-group-is-layout-flex\" style=\"padding-top:var(--wp--preset--spacing--m);padding-right:var(--wp--preset--spacing--s);padding-bottom:var(--wp--preset--spacing--m);padding-left:var(--wp--preset--spacing--s)\">\n<figure class=\"wp-block-image aligncenter size-full is-resized\"><img loading=\"lazy\" decoding=\"async\" width=\"32\" height=\"32\" src=\"https:\/\/www.leeb-balkone.com\/app\/uploads\/2025\/03\/tools.svg\" alt=\"tools\" class=\"wp-image-145642\" style=\"width:32px\"\/><\/figure>\n\n\n\n<div class=\"wp-block-group is-vertical is-content-justification-center is-layout-flex wp-container-core-group-is-layout-a24e3638 wp-block-group-is-layout-flex\">\n<p class=\"has-text-align-center has-step-xs-font-size\">Entlohnung<\/p>\n\n\n\n<p class=\"has-text-align-center has-step-05-font-size\"><strong>Provisionsbasis<\/strong><\/p>\n<\/div>\n<\/div>\n\n\n\n<div class=\"wp-block-group t3-job-facts has-light-gray-background-color has-background wp-container-content-725258bd is-vertical is-content-justification-center is-layout-flex wp-container-core-group-is-layout-2109e5e0 wp-block-group-is-layout-flex\" style=\"padding-top:var(--wp--preset--spacing--m);padding-right:var(--wp--preset--spacing--s);padding-bottom:var(--wp--preset--spacing--m);padding-left:var(--wp--preset--spacing--s)\">\n<figure class=\"wp-block-image aligncenter size-full is-resized\"><img loading=\"lazy\" decoding=\"async\" width=\"32\" height=\"32\" src=\"https:\/\/www.leeb-balkone.com\/app\/uploads\/2025\/03\/pin.svg\" alt=\"pin\" class=\"wp-image-145637\" style=\"width:32px\"\/><\/figure>\n\n\n\n<div class=\"wp-block-group is-vertical is-content-justification-center is-layout-flex wp-container-core-group-is-layout-a24e3638 wp-block-group-is-layout-flex\">\n<p class=\"has-text-align-center has-step-xs-font-size\">Arbeitsort<\/p>\n\n\n\n<p class=\"has-text-align-center has-step-05-font-size\"><strong>Au\u00dfendienst<\/strong><\/p>\n<\/div>\n<\/div>\n\n\n\n<div class=\"wp-block-group t3-job-facts has-light-gray-background-color has-background wp-container-content-725258bd is-vertical is-content-justification-center is-layout-flex wp-container-core-group-is-layout-2109e5e0 wp-block-group-is-layout-flex\" style=\"padding-top:var(--wp--preset--spacing--m);padding-right:var(--wp--preset--spacing--s);padding-bottom:var(--wp--preset--spacing--m);padding-left:var(--wp--preset--spacing--s)\">\n<figure class=\"wp-block-image aligncenter size-full is-resized\"><img loading=\"lazy\" decoding=\"async\" width=\"32\" height=\"32\" src=\"https:\/\/www.leeb-balkone.com\/app\/uploads\/2025\/03\/coin.svg\" alt=\"coin\" class=\"wp-image-145632\" style=\"width:32px\"\/><\/figure>\n\n\n\n<div class=\"wp-block-group is-vertical is-content-justification-center is-layout-flex wp-container-core-group-is-layout-a24e3638 wp-block-group-is-layout-flex\">\n<p class=\"has-text-align-center has-step-xs-font-size\">Gehalt mind.<\/p>\n\n\n\n<p class=\"has-text-align-center has-step-05-font-size\"><strong>Auftragsabh\u00e4ngig<\/strong><\/p>\n<\/div>\n<\/div>\n<\/div>\n\n\n\n<div class=\"wp-block-group has-global-padding is-layout-constrained wp-container-core-group-is-layout-e40817b5 wp-block-group-is-layout-constrained\" style=\"padding-top:var(--wp--preset--spacing--xl)\">\n<p>Wir bei Leeb Balkone stehen f\u00fcr h\u00f6chste Qualit\u00e4t, langlebige Produkte und ein eingespieltes Team. F\u00fcr unsere laufenden Projekte in Deutschland suchen wir zuverl\u00e4ssige Technik-Partner, die unsere Leidenschaft f\u00fcr passgenaue L\u00f6sungen teilen!<\/p>\n\n\n\n<div class=\"wp-block-group is-layout-flow wp-block-group-is-layout-flow\">\n<h2 class=\"wp-block-heading has-step-1-font-size\">Das bieten wir Ihnen<\/h2>\n\n\n\n<ul class=\"wp-block-list is-style-checkmark-2\">\n<li><strong>Fixe, planbare Zusatzauftr\u00e4ge<\/strong> \u2013 ideal zur Erg\u00e4nzung Ihres bestehenden Gesch\u00e4fts<\/li>\n\n\n\n<li><strong>Langfristige und verl\u00e4ssliche Partnerschaft auf Augenh\u00f6he<\/strong><\/li>\n\n\n\n<li><strong>Attraktives Zusatzgesch\u00e4ft<\/strong> mit \u00fcberdurchschnittlichen Verdienstm\u00f6glichkeiten<\/li>\n\n\n\n<li><strong>Technische und organisatorische Unterst\u00fctzung<\/strong> durch unser erfahrenes Team<\/li>\n\n\n\n<li><strong>Umfassende Einschulung<\/strong> sowie laufende Betreuung<\/li>\n\n\n\n<li><strong>Flexibilit\u00e4t in der Zeiteinteilung<\/strong> \u2013 Sie bestimmen, wann Sie Ihre Auftr\u00e4ge erledigen<\/li>\n<\/ul>\n<\/div>\n\n\n\n<div class=\"wp-block-group is-layout-flow wp-block-group-is-layout-flow\">\n<h2 class=\"wp-block-heading has-step-1-font-size\">Deine Zust\u00e4ndigkeiten und Aufgaben<\/h2>\n\n\n\n<ul class=\"wp-block-list is-style-checkmark-2\">\n<li><strong>Pr\u00e4zises Aufma\u00df<\/strong> direkt vor Ort bei unseren Kunden<\/li>\n\n\n\n<li>Einsch\u00e4tzung der <strong>technischen Machbarkeit<\/strong> am Objekt<\/li>\n\n\n\n<li><strong>Erstellung ma\u00dfgenauer Skizzen <\/strong>und technischer Unterlagen f\u00fcr unsere Arbeitsvorbereitung<\/li>\n\n\n\n<li><strong>Technische Beratung unserer Kunden<\/strong> \u2013 kompetent und pers\u00f6nlich<\/li>\n<\/ul>\n<\/div>\n\n\n\n<div class=\"wp-block-group is-layout-flow wp-block-group-is-layout-flow\">\n<h2 class=\"wp-block-heading has-step-1-font-size\">Qualifikationen \/ Anforderungen<\/h2>\n\n\n\n<ul class=\"wp-block-list is-style-checkmark-2\">\n<li>Abgeschlossene <strong>technische Ausbildung<\/strong><\/li>\n\n\n\n<li><strong>Berufserfahrung<\/strong> im Bereich Aufma\u00df<\/li>\n\n\n\n<li>Sicherer Umgang mit <strong>CAD-Systemen und Planungsunterlagen <\/strong><\/li>\n\n\n\n<li>Eingetragene <strong>Gewerbeberechtigung <\/strong>und ein bestehendes Kundennetzwerk<\/li>\n\n\n\n<li>Eigenverantwortliche, strukturierte Arbeitsweise und Kundenorientierung<\/li>\n\n\n\n<li><strong>F\u00fchrerschein Klasse B<\/strong> und Reisebereitschaft<\/li>\n\n\n\n<li><strong>Sehr gute Deutschkenntnisse<\/strong> in Wort und Schrift<\/li>\n<\/ul>\n<\/div>\n\n\n\n<div class=\"wp-block-buttons is-layout-flex wp-block-buttons-is-layout-flex\">\n<div class=\"wp-block-button\"><a class=\"wp-block-button__link wp-element-button\" href=\"#bewerbung\">Jetzt bewerben<\/a><\/div>\n<\/div>\n<\/div>\n<\/section>\n\n\n\n<section class=\"wp-block-group alignfull has-light-gray-background-color has-background has-global-padding is-layout-constrained wp-container-core-group-is-layout-e37a80b5 wp-block-group-is-layout-constrained\" id=\"benefits\" style=\"margin-top:0;margin-bottom:0;padding-top:var(--wp--preset--spacing--2-xl);padding-bottom:var(--wp--preset--spacing--2-xl)\">\n<div class=\"wp-block-group has-global-padding is-layout-constrained wp-container-core-group-is-layout-5cdcde31 wp-block-group-is-layout-constrained\" style=\"padding-bottom:var(--wp--preset--spacing--l)\">\n<div class=\"wp-block-columns is-layout-flex wp-container-core-columns-is-layout-f0342b05 wp-block-columns-is-layout-flex\" style=\"margin-top:0;margin-bottom:0\">\n<div class=\"wp-block-column is-vertically-aligned-bottom is-layout-flow wp-block-column-is-layout-flow\" style=\"flex-basis:66.66%\">\n<h2 class=\"wp-block-heading\">Deine Benefits<\/h2>\n<\/div>\n\n\n\n<div class=\"wp-block-column is-vertically-aligned-bottom is-layout-flow wp-block-column-is-layout-flow\" style=\"flex-basis:33.33%\">\n<div class=\"wp-block-buttons u-m-jc-left is-content-justification-right is-layout-flex wp-container-core-buttons-is-layout-c060c6c7 wp-block-buttons-is-layout-flex\">\n<div class=\"wp-block-button is-style-outline-secondary\"><a class=\"wp-block-button__link wp-element-button\" href=\"https:\/\/www.leeb-balkone.com\/de\/leeb-benefits-fuer-mitarbeiter\/\">Alle Benefits<\/a><\/div>\n<\/div>\n<\/div>\n<\/div>\n<\/div>\n\n\n\n<div class=\"wp-block-group is-layout-flow wp-block-group-is-layout-flow\" style=\"margin-top:0\">\n<div class=\"wp-block-group is-layout-grid wp-container-core-group-is-layout-7785d981 wp-block-group-is-layout-grid\">\n<div class=\"wp-block-group m-card benefits has-global-padding is-layout-constrained wp-block-group-is-layout-constrained\">\n<div class=\"wp-block-cover has-custom-content-position is-position-bottom-center\" style=\"padding-bottom:var(--wp--preset--spacing--m)\"><span aria-hidden=\"true\" class=\"wp-block-cover__background has-background-dim wp-block-cover__gradient-background has-background-gradient\" style=\"background:linear-gradient(180deg,rgba(0,0,0,0) 0%,rgb(0,0,0) 53%)\"><\/span><img loading=\"lazy\" decoding=\"async\" width=\"2560\" height=\"1543\" class=\"wp-block-cover__image-background wp-image-147022\" alt=\"Partnerschaft 2\" src=\"https:\/\/www.leeb-balkone.com\/app\/uploads\/2025\/05\/Partnerschaft-2-1-scaled.jpeg\" data-object-fit=\"cover\" srcset=\"https:\/\/www.leeb-balkone.com\/app\/uploads\/2025\/05\/Partnerschaft-2-1-scaled.jpeg 2560w, https:\/\/www.leeb-balkone.com\/app\/uploads\/2025\/05\/Partnerschaft-2-1-300x181.jpeg 300w, https:\/\/www.leeb-balkone.com\/app\/uploads\/2025\/05\/Partnerschaft-2-1-1024x617.jpeg 1024w, https:\/\/www.leeb-balkone.com\/app\/uploads\/2025\/05\/Partnerschaft-2-1-768x463.jpeg 768w, https:\/\/www.leeb-balkone.com\/app\/uploads\/2025\/05\/Partnerschaft-2-1-1536x926.jpeg 1536w, https:\/\/www.leeb-balkone.com\/app\/uploads\/2025\/05\/Partnerschaft-2-1-2048x1235.jpeg 2048w\" sizes=\"auto, (max-width: 2560px) 100vw, 2560px\" \/><div class=\"wp-block-cover__inner-container has-global-padding is-layout-constrained wp-block-cover-is-layout-constrained\">\n<div class=\"wp-block-group is-vertical is-layout-flex wp-container-core-group-is-layout-ad69fd43 wp-block-group-is-layout-flex\">\n<h3 class=\"wp-block-heading has-text-align-left has-step-2-font-size\"><span class=\"uppercase\">Arbeiten<\/span><br><span class=\"uppercase\">im Team<\/span><\/h3>\n\n\n\n<p class=\"has-step-s-font-size\">Gutes Arbeitsklima und\u2028laufende Unterst\u00fctzung<\/p>\n<\/div>\n<\/div><\/div>\n<\/div>\n\n\n\n<div class=\"wp-block-group m-card benefits has-global-padding is-layout-constrained wp-block-group-is-layout-constrained\">\n<div class=\"wp-block-cover has-custom-content-position is-position-bottom-center\" style=\"padding-bottom:var(--wp--preset--spacing--m)\"><span aria-hidden=\"true\" class=\"wp-block-cover__background has-background-dim wp-block-cover__gradient-background has-background-gradient\" style=\"background:linear-gradient(180deg,rgba(0,0,0,0) 0%,rgb(0,0,0) 53%)\"><\/span><img loading=\"lazy\" decoding=\"async\" width=\"2560\" height=\"1707\" class=\"wp-block-cover__image-background wp-image-147032\" alt=\"Partnerschaft 3\" src=\"https:\/\/www.leeb-balkone.com\/app\/uploads\/2025\/05\/Partnerschaft-3-1-scaled.jpeg\" data-object-fit=\"cover\" srcset=\"https:\/\/www.leeb-balkone.com\/app\/uploads\/2025\/05\/Partnerschaft-3-1-scaled.jpeg 2560w, https:\/\/www.leeb-balkone.com\/app\/uploads\/2025\/05\/Partnerschaft-3-1-300x200.jpeg 300w, https:\/\/www.leeb-balkone.com\/app\/uploads\/2025\/05\/Partnerschaft-3-1-1024x683.jpeg 1024w, https:\/\/www.leeb-balkone.com\/app\/uploads\/2025\/05\/Partnerschaft-3-1-768x512.jpeg 768w, https:\/\/www.leeb-balkone.com\/app\/uploads\/2025\/05\/Partnerschaft-3-1-1536x1024.jpeg 1536w, https:\/\/www.leeb-balkone.com\/app\/uploads\/2025\/05\/Partnerschaft-3-1-2048x1365.jpeg 2048w\" sizes=\"auto, (max-width: 2560px) 100vw, 2560px\" \/><div class=\"wp-block-cover__inner-container has-global-padding is-layout-constrained wp-block-cover-is-layout-constrained\">\n<div class=\"wp-block-group is-vertical is-layout-flex wp-container-core-group-is-layout-ad69fd43 wp-block-group-is-layout-flex\">\n<h3 class=\"wp-block-heading has-text-align-left has-step-2-font-size\">PLANBARE AUFTR\u00c4GE <\/h3>\n\n\n\n<p class=\"has-step-s-font-size\">Selbst\u00e4ndige Zeiteinteilung<\/p>\n<\/div>\n<\/div><\/div>\n<\/div>\n\n\n\n<div class=\"wp-block-group m-card benefits has-global-padding is-layout-constrained wp-block-group-is-layout-constrained\">\n<div class=\"wp-block-cover has-custom-content-position is-position-bottom-center\" style=\"padding-bottom:var(--wp--preset--spacing--m)\"><span aria-hidden=\"true\" class=\"wp-block-cover__background has-background-dim wp-block-cover__gradient-background has-background-gradient\" style=\"background:linear-gradient(180deg,rgba(0,0,0,0) 0%,rgb(0,0,0) 53%)\"><\/span><img loading=\"lazy\" decoding=\"async\" width=\"2560\" height=\"1763\" class=\"wp-block-cover__image-background wp-image-147037\" alt=\"Partnerschaft 1\" src=\"https:\/\/www.leeb-balkone.com\/app\/uploads\/2025\/05\/Partnerschaft-1-1-scaled.jpeg\" data-object-fit=\"cover\" srcset=\"https:\/\/www.leeb-balkone.com\/app\/uploads\/2025\/05\/Partnerschaft-1-1-scaled.jpeg 2560w, https:\/\/www.leeb-balkone.com\/app\/uploads\/2025\/05\/Partnerschaft-1-1-300x207.jpeg 300w, https:\/\/www.leeb-balkone.com\/app\/uploads\/2025\/05\/Partnerschaft-1-1-1024x705.jpeg 1024w, https:\/\/www.leeb-balkone.com\/app\/uploads\/2025\/05\/Partnerschaft-1-1-768x529.jpeg 768w, https:\/\/www.leeb-balkone.com\/app\/uploads\/2025\/05\/Partnerschaft-1-1-1536x1058.jpeg 1536w, https:\/\/www.leeb-balkone.com\/app\/uploads\/2025\/05\/Partnerschaft-1-1-2048x1411.jpeg 2048w\" sizes=\"auto, (max-width: 2560px) 100vw, 2560px\" \/><div class=\"wp-block-cover__inner-container has-global-padding is-layout-constrained wp-block-cover-is-layout-constrained\">\n<div class=\"wp-block-group is-vertical is-layout-flex wp-container-core-group-is-layout-ad69fd43 wp-block-group-is-layout-flex\">\n<h3 class=\"wp-block-heading has-text-align-left has-step-2-font-size\">LUKRATIVER ZUSATZVERDIENST<\/h3>\n\n\n\n<p class=\"has-step-s-font-size\">mit langfristiger Partnerschaft<\/p>\n<\/div>\n<\/div><\/div>\n<\/div>\n\n\n\n<div class=\"wp-block-group m-card benefits has-global-padding is-layout-constrained wp-block-group-is-layout-constrained\">\n<div class=\"wp-block-cover has-custom-content-position is-position-bottom-center\" style=\"padding-bottom:var(--wp--preset--spacing--m)\"><span aria-hidden=\"true\" class=\"wp-block-cover__background has-background-dim wp-block-cover__gradient-background has-background-gradient\" style=\"background:linear-gradient(180deg,rgba(0,0,0,0) 0%,rgb(0,0,0) 53%)\"><\/span><img loading=\"lazy\" decoding=\"async\" width=\"225\" height=\"225\" class=\"wp-block-cover__image-background wp-image-147047\" alt=\"Deutschland\" src=\"https:\/\/www.leeb-balkone.com\/app\/uploads\/2025\/05\/Deutschland.png\" data-object-fit=\"cover\" srcset=\"https:\/\/www.leeb-balkone.com\/app\/uploads\/2025\/05\/Deutschland.png 225w, https:\/\/www.leeb-balkone.com\/app\/uploads\/2025\/05\/Deutschland-150x150.png 150w\" sizes=\"auto, (max-width: 225px) 100vw, 225px\" \/><div class=\"wp-block-cover__inner-container has-global-padding is-layout-constrained wp-block-cover-is-layout-constrained\">\n<div class=\"wp-block-group is-vertical is-layout-flex wp-container-core-group-is-layout-ad69fd43 wp-block-group-is-layout-flex\">\n<h3 class=\"wp-block-heading has-text-align-left has-step-2-font-size\">EIGENES AUFMA\u00dfGEBIET<\/h3>\n\n\n\n<p class=\"has-step-s-font-size\">Ihr Tempo &#8211; Ihr Erfolg<\/p>\n<\/div>\n<\/div><\/div>\n<\/div>\n<\/div>\n<\/div>\n<\/section>\n\n\n\n<section class=\"wp-block-group alignfull has-white-background-color has-background has-global-padding is-layout-constrained wp-container-core-group-is-layout-e37a80b5 wp-block-group-is-layout-constrained\" style=\"margin-top:0;margin-bottom:0;padding-top:var(--wp--preset--spacing--2-xl);padding-bottom:var(--wp--preset--spacing--2-xl)\"><\/section>\n\n\n\n<section class=\"wp-block-group alignfull u-of-visible has-white-background-color has-background has-global-padding is-layout-constrained wp-container-core-group-is-layout-423bb2c8 wp-block-group-is-layout-constrained\" style=\"margin-top:0;margin-bottom:0;padding-top:0;padding-bottom:var(--wp--preset--spacing--2-xl)\">\n<div class=\"wp-block-group has-global-padding is-layout-constrained wp-container-core-group-is-layout-5cdcde31 wp-block-group-is-layout-constrained\" style=\"padding-bottom:var(--wp--preset--spacing--l)\">\n<div class=\"wp-block-columns is-layout-flex wp-container-core-columns-is-layout-0a4bbf16 wp-block-columns-is-layout-flex\" style=\"margin-top:0;margin-bottom:0\">\n<div class=\"wp-block-column is-vertically-aligned-bottom is-layout-flow wp-block-column-is-layout-flow\" style=\"flex-basis:66.66%\">\n<h2 class=\"wp-block-heading\">Mitarbeiterstimmen<\/h2>\n\n\n\n<p>Unsere Mitarbeiter erz\u00e4hlen: Pers\u00f6nliche Einblicke, spannende Erlebnisse und der Weg zu ihrem Erfolg \u2013 entdecke, was unser Team so besonders macht!<\/p>\n<\/div>\n\n\n\n<div class=\"wp-block-column is-vertically-aligned-bottom is-layout-flow wp-block-column-is-layout-flow\" style=\"flex-basis:33.33%\">\n<div class=\"wp-block-buttons u-m-jc-left is-content-justification-right is-layout-flex wp-container-core-buttons-is-layout-c060c6c7 wp-block-buttons-is-layout-flex\">\n<div class=\"wp-block-button is-style-outline-secondary\"><a class=\"wp-block-button__link wp-element-button\" href=\"https:\/\/www.leeb-balkone.com\/de\/karriere-bei-leeb\/leeb-inside\/\">Leeb inside<\/a><\/div>\n<\/div>\n<\/div>\n<\/div>\n<\/div>\n\n\n\n<div class=\"wp-block-group is-layout-flow wp-block-group-is-layout-flow\" style=\"margin-top:0\">\n<div class=\"wp-block-columns testimonial m-split is-layout-flex wp-container-core-columns-is-layout-28232c24 wp-block-columns-is-layout-flex\">\n<div class=\"wp-block-column is-layout-flow wp-block-column-is-layout-flow\">\n<div class=\"wp-block-group is-layout-flow wp-block-group-is-layout-flow has-background\" style=\"min-height:100%;background-image:url(&#039;https:\/\/www.leeb-balkone.com\/app\/uploads\/2025\/05\/Ertl-Alexander-scaled.jpg&#039;);background-position:48% 30%;background-size:cover;\"><\/div>\n<\/div>\n\n\n\n<div class=\"wp-block-column testimonial-text is-layout-flow wp-block-column-is-layout-flow\">\n<div class=\"wp-block-group has-light-gray-background-color has-background is-vertical is-layout-flex wp-container-core-group-is-layout-497906c9 wp-block-group-is-layout-flex\" style=\"padding-top:var(--wp--preset--spacing--xl);padding-right:var(--wp--preset--spacing--xl);padding-bottom:var(--wp--preset--spacing--xl);padding-left:var(--wp--preset--spacing--l)\">\n<h3 class=\"wp-block-heading\">Leeb Balkone w\u00e4chst \u2013 und mit uns auch unsere F\u00fchrungsebene!<\/h3>\n\n\n\n<p class=\"has-step-1-font-size\"><em>&#8220;Ich freue mich sehr auf diese neue Herausforderung. Leeb Balkone ist ein Unternehmen mit einer beeindruckenden Tradition und Innovationskraft<\/em>.&#8221;<\/p>\n\n\n\n<p class=\"has-step-s-font-size\"><strong>Dipl.-Ing. Alexander Ertl<\/strong><br>Gesch\u00e4ftsf\u00fchrung<\/p>\n\n\n\n<div class=\"wp-block-buttons is-layout-flex wp-block-buttons-is-layout-flex\" style=\"margin-top:0;margin-bottom:0\">\n<div class=\"wp-block-button\"><a class=\"wp-block-button__link wp-element-button\" href=\"https:\/\/vimeo.com\/1065771034\" target=\"_blank\" rel=\"noreferrer noopener\">Hier geht&#8217;s zum Video<\/a><\/div>\n<\/div>\n<\/div>\n<\/div>\n<\/div>\n\n\n\n<div class=\"wp-block-columns testimonial m-split m-split-reverse is-layout-flex wp-container-core-columns-is-layout-28232c24 wp-block-columns-is-layout-flex\">\n<div class=\"wp-block-column is-layout-flow wp-block-column-is-layout-flow\">\n<div class=\"wp-block-group is-layout-flow wp-block-group-is-layout-flow has-background\" style=\"min-height:100%;background-image:url(&#039;https:\/\/www.leeb-balkone.com\/app\/uploads\/2025\/03\/burgi-kirchbaumer.jpg&#039;);background-position:54% 28.999999999999996%;background-size:cover;\"><\/div>\n<\/div>\n\n\n\n<div class=\"wp-block-column testimonial-text is-layout-flow wp-block-column-is-layout-flow\">\n<div class=\"wp-block-group has-light-gray-background-color has-background is-vertical is-layout-flex wp-container-core-group-is-layout-497906c9 wp-block-group-is-layout-flex\" style=\"padding-top:var(--wp--preset--spacing--xl);padding-right:var(--wp--preset--spacing--xl);padding-bottom:var(--wp--preset--spacing--xl);padding-left:var(--wp--preset--spacing--l)\">\n<h3 class=\"wp-block-heading\">Ein Leeben lang bei Leeb! <\/h3>\n\n\n\n<p class=\"has-step-1-font-size\">&#8220;<em>Besonders sch\u00e4tze ich das Unternehmen Leeb, bzw. die Familie Leeb, die seit beinahe 40 Jahren mein Wegbegleiter ist! Sie haben mich immer gef\u00f6rdert und weiterentwickeln lassen.<\/em>&#8220;<\/p>\n\n\n\n<p class=\"has-step-s-font-size\"><strong>Burgi Kirchbaumer<\/strong><br>Auftragsleitung<\/p>\n\n\n\n<div class=\"wp-block-buttons is-layout-flex wp-block-buttons-is-layout-flex\" style=\"margin-top:0;margin-bottom:0\">\n<div class=\"wp-block-button\"><a class=\"wp-block-button__link wp-element-button\" href=\"https:\/\/vimeo.com\/1065773549\" target=\"_blank\" rel=\"noreferrer noopener\">Hier geht&#8217;s zum Video<\/a><\/div>\n<\/div>\n<\/div>\n<\/div>\n<\/div>\n<\/div>\n<\/section>\n\n\n\n<section class=\"wp-block-cover alignfull is-light\" style=\"margin-top:0;margin-bottom:0;padding-top:0;padding-right:0;padding-bottom:0;padding-left:0;min-height:100px;aspect-ratio:unset;\"><span aria-hidden=\"true\" class=\"wp-block-cover__background has-primary-background-color has-background-dim-70 has-background-dim\"><\/span><img loading=\"lazy\" decoding=\"async\" width=\"2560\" height=\"1865\" class=\"wp-block-cover__image-background wp-image-44801\" alt=\"lehre bei leeb balkone\" src=\"https:\/\/www.leeb-balkone.com\/app\/uploads\/2021\/06\/lehre-bei-leeb-balkone-scaled.jpg\" style=\"object-position:54% 12%\" data-object-fit=\"cover\" data-object-position=\"54% 12%\" srcset=\"https:\/\/www.leeb-balkone.com\/app\/uploads\/2021\/06\/lehre-bei-leeb-balkone-scaled.jpg 2560w, https:\/\/www.leeb-balkone.com\/app\/uploads\/2021\/06\/lehre-bei-leeb-balkone-300x219.jpg 300w, https:\/\/www.leeb-balkone.com\/app\/uploads\/2021\/06\/lehre-bei-leeb-balkone-1024x746.jpg 1024w, https:\/\/www.leeb-balkone.com\/app\/uploads\/2021\/06\/lehre-bei-leeb-balkone-768x560.jpg 768w, https:\/\/www.leeb-balkone.com\/app\/uploads\/2021\/06\/lehre-bei-leeb-balkone-1536x1119.jpg 1536w, https:\/\/www.leeb-balkone.com\/app\/uploads\/2021\/06\/lehre-bei-leeb-balkone-2048x1492.jpg 2048w\" sizes=\"auto, (max-width: 2560px) 100vw, 2560px\" \/><div class=\"wp-block-cover__inner-container has-global-padding is-layout-constrained wp-container-core-cover-is-layout-fc5783d2 wp-block-cover-is-layout-constrained\">\n<div class=\"wp-block-group is-layout-flow wp-block-group-is-layout-flow\" style=\"min-height:0px;margin-top:0;margin-bottom:0;padding-top:var(--wp--preset--spacing--2-xl);padding-bottom:var(--wp--preset--spacing--2-xl);padding-left:0\">\n<div class=\"wp-block-columns are-vertically-aligned-center is-layout-flex wp-container-core-columns-is-layout-0a4bbf16 wp-block-columns-is-layout-flex\" style=\"margin-top:0;margin-bottom:0\">\n<div class=\"wp-block-column is-vertically-aligned-center is-layout-flow wp-block-column-is-layout-flow\" style=\"flex-basis:66.66%\">\n<h2 class=\"wp-block-heading has-white-color has-text-color has-link-color wp-elements-cb727aa763d059bafde7d98e5557a2bc\"><strong>F\u00fcr alle, die mehr wollen als Durchschnitt<\/strong><\/h2>\n\n\n\n<p class=\"has-white-color has-text-color has-link-color wp-elements-19d5317d3ad084866764a107381131f5\">Werden Sie Teil unseres Teams und erweitern damit auf selbst\u00e4ndiger Basis Ihre Auslastung und den Umsatz! <\/p>\n<\/div>\n\n\n\n<div class=\"wp-block-column is-vertically-aligned-center is-layout-flow wp-block-column-is-layout-flow\" style=\"flex-basis:33.33%\">\n<div class=\"wp-block-buttons u-m-jc-left is-content-justification-right is-layout-flex wp-container-core-buttons-is-layout-c060c6c7 wp-block-buttons-is-layout-flex\">\n<div class=\"wp-block-button is-style-filled-white large\"><a class=\"wp-block-button__link wp-element-button\" href=\"#bewerbung\">Jetzt bewerben<\/a><\/div>\n<\/div>\n<\/div>\n<\/div>\n<\/div>\n<\/div><\/section>\n\n\n\n<section class=\"wp-block-group alignfull u-of-visible has-white-background-color has-background has-global-padding is-layout-constrained wp-container-core-group-is-layout-e37a80b5 wp-block-group-is-layout-constrained\" style=\"margin-top:0;margin-bottom:0;padding-top:var(--wp--preset--spacing--2-xl);padding-bottom:var(--wp--preset--spacing--2-xl)\">\n<div class=\"wp-block-group has-global-padding is-layout-constrained wp-container-core-group-is-layout-4d3606bf wp-block-group-is-layout-constrained\" style=\"padding-bottom:var(--wp--preset--spacing--2-xl)\">\n<div class=\"wp-block-columns is-layout-flex wp-container-core-columns-is-layout-0a4bbf16 wp-block-columns-is-layout-flex\" style=\"margin-top:0;margin-bottom:0\">\n<div class=\"wp-block-column is-vertically-aligned-bottom is-layout-flow wp-block-column-is-layout-flow\" style=\"flex-basis:66.66%\">\n<h2 class=\"wp-block-heading\">Ihr zuk\u00fcnftiges Team<\/h2>\n\n\n\n<p>Erhalten Sie einen ersten Eindruck von unserem Team \u2013 drei Kolleg:innen geben Ihnen einen Einblick in ihre Rollen. So wissen Sie schon, mit wem Sie in Zukunft zusammenarbeiten k\u00f6nnten.<\/p>\n<\/div>\n\n\n\n<div class=\"wp-block-column is-vertically-aligned-bottom is-layout-flow wp-block-column-is-layout-flow\" style=\"flex-basis:33.33%\"><\/div>\n<\/div>\n<\/div>\n\n\n\n<div class=\"wp-block-group has-global-padding is-layout-constrained wp-container-core-group-is-layout-9e9bff0e wp-block-group-is-layout-constrained\" style=\"margin-top:0\">\n<div class=\"wp-block-group is-layout-grid wp-container-core-group-is-layout-b1ece131 wp-block-group-is-layout-grid\">\n<div class=\"wp-block-group is-vertical is-content-justification-center is-layout-flex wp-container-core-group-is-layout-72bb9c14 wp-block-group-is-layout-flex\">\n<figure class=\"wp-block-image size-full has-custom-border\"><img loading=\"lazy\" decoding=\"async\" width=\"1706\" height=\"2560\" src=\"https:\/\/www.leeb-balkone.com\/app\/uploads\/2025\/05\/Portrait-Julia-Krenn-1-scaled.jpg\" alt=\"Portrait Julia Krenn\" class=\"wp-image-147054\" style=\"border-radius:100%;aspect-ratio:1;object-fit:cover\" srcset=\"https:\/\/www.leeb-balkone.com\/app\/uploads\/2025\/05\/Portrait-Julia-Krenn-1-scaled.jpg 1706w, https:\/\/www.leeb-balkone.com\/app\/uploads\/2025\/05\/Portrait-Julia-Krenn-1-200x300.jpg 200w, https:\/\/www.leeb-balkone.com\/app\/uploads\/2025\/05\/Portrait-Julia-Krenn-1-682x1024.jpg 682w, https:\/\/www.leeb-balkone.com\/app\/uploads\/2025\/05\/Portrait-Julia-Krenn-1-768x1152.jpg 768w, https:\/\/www.leeb-balkone.com\/app\/uploads\/2025\/05\/Portrait-Julia-Krenn-1-1024x1536.jpg 1024w, https:\/\/www.leeb-balkone.com\/app\/uploads\/2025\/05\/Portrait-Julia-Krenn-1-1365x2048.jpg 1365w\" sizes=\"auto, (max-width: 1706px) 100vw, 1706px\" \/><\/figure>\n\n\n\n<div class=\"wp-block-group is-vertical is-content-justification-center is-layout-flex wp-container-core-group-is-layout-24ea93b6 wp-block-group-is-layout-flex\" style=\"margin-top:0;margin-bottom:0\">\n<p class=\"has-text-align-center\"><strong>Julia Krenn<\/strong><\/p>\n\n\n\n<p class=\"has-step-xs-font-size\">HR Management<\/p>\n<\/div>\n<\/div>\n\n\n\n<div class=\"wp-block-group is-vertical is-content-justification-center is-layout-flex wp-container-core-group-is-layout-72bb9c14 wp-block-group-is-layout-flex\">\n<figure class=\"wp-block-image size-large has-custom-border\"><img loading=\"lazy\" decoding=\"async\" width=\"1024\" height=\"683\" src=\"https:\/\/www.leeb-balkone.com\/app\/uploads\/2025\/05\/Ertl-Alexander-1024x683.jpg\" alt=\"Ertl Alexander\" class=\"wp-image-147059\" style=\"border-radius:100%;aspect-ratio:1;object-fit:cover\" srcset=\"https:\/\/www.leeb-balkone.com\/app\/uploads\/2025\/05\/Ertl-Alexander-1024x683.jpg 1024w, https:\/\/www.leeb-balkone.com\/app\/uploads\/2025\/05\/Ertl-Alexander-300x200.jpg 300w, https:\/\/www.leeb-balkone.com\/app\/uploads\/2025\/05\/Ertl-Alexander-768x512.jpg 768w, https:\/\/www.leeb-balkone.com\/app\/uploads\/2025\/05\/Ertl-Alexander-1536x1024.jpg 1536w, https:\/\/www.leeb-balkone.com\/app\/uploads\/2025\/05\/Ertl-Alexander-2048x1365.jpg 2048w\" sizes=\"auto, (max-width: 1024px) 100vw, 1024px\" \/><\/figure>\n\n\n\n<div class=\"wp-block-group is-vertical is-content-justification-center is-layout-flex wp-container-core-group-is-layout-24ea93b6 wp-block-group-is-layout-flex\" style=\"margin-top:0;margin-bottom:0\">\n<p class=\"has-text-align-center\"><strong>Dipl.-Ing. Alexander Ertl<\/strong><\/p>\n\n\n\n<p class=\"has-step-xs-font-size\">Gesch\u00e4ftsf\u00fchrung<\/p>\n<\/div>\n<\/div>\n\n\n\n<div class=\"wp-block-group is-vertical is-content-justification-center is-layout-flex wp-container-core-group-is-layout-72bb9c14 wp-block-group-is-layout-flex\">\n<figure class=\"wp-block-image size-full has-custom-border\"><img loading=\"lazy\" decoding=\"async\" width=\"1707\" height=\"2560\" src=\"https:\/\/www.leeb-balkone.com\/app\/uploads\/2025\/05\/Portrait-Emanuel-Stingl-scaled.jpg\" alt=\"Portrait Emanuel Stingl\" class=\"wp-image-147064\" style=\"border-radius:100%;aspect-ratio:1;object-fit:cover\" srcset=\"https:\/\/www.leeb-balkone.com\/app\/uploads\/2025\/05\/Portrait-Emanuel-Stingl-scaled.jpg 1707w, https:\/\/www.leeb-balkone.com\/app\/uploads\/2025\/05\/Portrait-Emanuel-Stingl-200x300.jpg 200w, https:\/\/www.leeb-balkone.com\/app\/uploads\/2025\/05\/Portrait-Emanuel-Stingl-683x1024.jpg 683w, https:\/\/www.leeb-balkone.com\/app\/uploads\/2025\/05\/Portrait-Emanuel-Stingl-768x1152.jpg 768w, https:\/\/www.leeb-balkone.com\/app\/uploads\/2025\/05\/Portrait-Emanuel-Stingl-1024x1536.jpg 1024w, https:\/\/www.leeb-balkone.com\/app\/uploads\/2025\/05\/Portrait-Emanuel-Stingl-1366x2048.jpg 1366w\" sizes=\"auto, (max-width: 1707px) 100vw, 1707px\" \/><\/figure>\n\n\n\n<div class=\"wp-block-group is-vertical is-content-justification-center is-layout-flex wp-container-core-group-is-layout-24ea93b6 wp-block-group-is-layout-flex\" style=\"margin-top:0;margin-bottom:0\">\n<p class=\"has-text-align-center\"><strong>Emanuel Stingl<\/strong><\/p>\n\n\n\n<p class=\"has-step-xs-font-size\">Leitung Arbeitsvorbereitung &amp; Aufma\u00df<\/p>\n<\/div>\n<\/div>\n<\/div>\n<\/div>\n<\/section>\n<\/div>\n\n\n\n<section id=\"bewerbung\" class=\"wp-block-cgb-t3-section-block alignfull b-pt-none\" style=\"display:inherit;background-color:#F5F5F5;min-height:inherit\">\n<div class=\"wp-block-cgb-t3-container-block b-has-offset-h\" style=\"background-color:none\"><div class=\"grid-container\"><div class=\"grid-x\"><div class=\"cell small-12 medium-6 large-0 medium-offset-1\">\n<h2 class=\"wp-block-heading\" id=\"kontaktieren-sie-uns\">Jetzt bewerben<\/h2>\n<\/div><\/div><\/div><\/div>\n\n\n\n<div class=\"wp-block-cgb-t3-container-block none b-has-pt\" style=\"background-color:none\"><div class=\"grid-container\">\n<div class=\"wp-block-columns is-layout-flex wp-container-core-columns-is-layout-28f84493 wp-block-columns-is-layout-flex\">\n<div class=\"wp-block-column is-layout-flow wp-block-column-is-layout-flow\"><\/div>\n\n\n\n<div class=\"wp-block-column is-layout-flow wp-block-column-is-layout-flow\"><\/div>\n<\/div>\n\n\n\n<div class=\"wp-block-group has-global-padding is-layout-constrained wp-container-core-group-is-layout-cf8232cb wp-block-group-is-layout-constrained\">\n<div class=\"wp-block-columns is-layout-flex wp-container-core-columns-is-layout-28f84493 wp-block-columns-is-layout-flex\">\n<div class=\"wp-block-column is-layout-flow wp-block-column-is-layout-flow\" style=\"flex-basis:66.66%\"><form action=\"https:\/\/www.leeb-balkone.com\/de\/wp-json\/ws-form\/v1\/submit\" class=\"wsf-form wsf-form-canvas\" id=\"ws-form-1\" data-id=\"6\" data-instance-id=\"1\" method=\"POST\"><\/form><\/div>\n\n\n\n<div class=\"wp-block-column is-layout-flow wp-block-column-is-layout-flow\" style=\"flex-basis:33.33%\">\n<p><\/p>\n<\/div>\n<\/div>\n<\/div>\n<\/div><\/div>\n<\/section>\n","protected":false},"excerpt":{"rendered":"","protected":false},"featured_media":147069,"menu_order":0,"template":"template-onepager.blade.php","format":"standard","meta":{"_acf_changed":false,"footnotes":"","_sage_theme_css":false,"_wp_block_core_css":true},"job_category":[],"class_list":["post-147001","jobs","type-jobs","status-publish","format-standard","has-post-thumbnail","hentry"],"acf":[],"yoast_head":"<!-- This site is optimized with the Yoast SEO plugin v27.2 - https:\/\/yoast.com\/product\/yoast-seo-wordpress\/ -->\n<title>Selbstst\u00e4ndiger Aufma\u00dftechniker - Leeb Balkone Deutschland<\/title>\n<meta name=\"description\" content=\"(m\/w\/d) Sie sind selbstst\u00e4ndiger Aufma\u00dftechniker und suchen nach einer zus\u00e4tzlichen, lukrativen M\u00f6glichkeit, Ihre freien Kapazit\u00e4ten sinnvoll zu\" \/>\n<meta name=\"robots\" content=\"index, follow, max-snippet:-1, max-image-preview:large, max-video-preview:-1\" \/>\n<meta property=\"og:locale\" content=\"de_DE\" \/>\n<meta property=\"og:type\" content=\"article\" \/>\n<meta property=\"og:title\" content=\"Selbstst\u00e4ndiger Aufma\u00dftechniker - Leeb Balkone\" \/>\n<meta property=\"og:description\" content=\"(m\/w\/d) Sie sind selbstst\u00e4ndiger Aufma\u00dftechniker und suchen nach einer zus\u00e4tzlichen, lukrativen M\u00f6glichkeit, Ihre freien Kapazit\u00e4ten sinnvoll zu\" \/>\n<meta property=\"og:url\" content=\"https:\/\/www.leeb-balkone.com\/de\/jobs\/selbststaendiger-aufmasstechniker\/\" \/>\n<meta property=\"og:site_name\" content=\"Leeb Balkone\" \/>\n<meta property=\"article:publisher\" content=\"https:\/\/www.facebook.com\/balkone\/\" \/>\n<meta property=\"article:modified_time\" content=\"2025-09-17T11:08:58+00:00\" \/>\n<meta property=\"og:image\" content=\"https:\/\/www.leeb-balkone.com\/app\/uploads\/2025\/05\/Aufmass-Techniker-2800px-scaled.jpg\" \/>\n\t<meta property=\"og:image:width\" content=\"2560\" \/>\n\t<meta property=\"og:image:height\" content=\"1709\" \/>\n\t<meta property=\"og:image:type\" content=\"image\/jpeg\" \/>\n<meta name=\"twitter:card\" content=\"summary_large_image\" \/>\n<script type=\"application\/ld+json\" class=\"yoast-schema-graph\">{\"@context\":\"https:\/\/schema.org\",\"@graph\":[{\"@type\":\"WebPage\",\"@id\":\"https:\/\/www.leeb-balkone.com\/de\/jobs\/selbststaendiger-aufmasstechniker\/\",\"url\":\"https:\/\/www.leeb-balkone.com\/de\/jobs\/selbststaendiger-aufmasstechniker\/\",\"name\":\"Selbstst\u00e4ndiger Aufma\u00dftechniker - Leeb Balkone\",\"isPartOf\":{\"@id\":\"https:\/\/www.leeb-balkone.com\/de\/#website\"},\"primaryImageOfPage\":{\"@id\":\"https:\/\/www.leeb-balkone.com\/de\/jobs\/selbststaendiger-aufmasstechniker\/#primaryimage\"},\"image\":{\"@id\":\"https:\/\/www.leeb-balkone.com\/de\/jobs\/selbststaendiger-aufmasstechniker\/#primaryimage\"},\"thumbnailUrl\":\"https:\/\/www.leeb-balkone.com\/app\/uploads\/2025\/05\/Aufmass-Techniker-2800px-scaled.jpg\",\"datePublished\":\"2025-05-13T13:37:33+00:00\",\"dateModified\":\"2025-09-17T11:08:58+00:00\",\"description\":\"(m\/w\/d) Sie sind selbstst\u00e4ndiger Aufma\u00dftechniker und suchen nach einer zus\u00e4tzlichen, lukrativen M\u00f6glichkeit, Ihre freien Kapazit\u00e4ten sinnvoll zu\",\"breadcrumb\":{\"@id\":\"https:\/\/www.leeb-balkone.com\/de\/jobs\/selbststaendiger-aufmasstechniker\/#breadcrumb\"},\"inLanguage\":\"de\",\"potentialAction\":[{\"@type\":\"ReadAction\",\"target\":[\"https:\/\/www.leeb-balkone.com\/de\/jobs\/selbststaendiger-aufmasstechniker\/\"]}]},{\"@type\":\"ImageObject\",\"inLanguage\":\"de\",\"@id\":\"https:\/\/www.leeb-balkone.com\/de\/jobs\/selbststaendiger-aufmasstechniker\/#primaryimage\",\"url\":\"https:\/\/www.leeb-balkone.com\/app\/uploads\/2025\/05\/Aufmass-Techniker-2800px-scaled.jpg\",\"contentUrl\":\"https:\/\/www.leeb-balkone.com\/app\/uploads\/2025\/05\/Aufmass-Techniker-2800px-scaled.jpg\",\"width\":2560,\"height\":1709},{\"@type\":\"BreadcrumbList\",\"@id\":\"https:\/\/www.leeb-balkone.com\/de\/jobs\/selbststaendiger-aufmasstechniker\/#breadcrumb\",\"itemListElement\":[{\"@type\":\"ListItem\",\"position\":1,\"name\":\"Home\",\"item\":\"https:\/\/www.leeb-balkone.com\/de\/\"},{\"@type\":\"ListItem\",\"position\":2,\"name\":\"Selbstst\u00e4ndiger Aufma\u00dftechniker\"}]},{\"@type\":\"WebSite\",\"@id\":\"https:\/\/www.leeb-balkone.com\/de\/#website\",\"url\":\"https:\/\/www.leeb-balkone.com\/de\/\",\"name\":\"Leeb Balkone\",\"description\":\"Balkone und Z\u00e4une\",\"publisher\":{\"@id\":\"https:\/\/www.leeb-balkone.com\/de\/#organization\"},\"potentialAction\":[{\"@type\":\"SearchAction\",\"target\":{\"@type\":\"EntryPoint\",\"urlTemplate\":\"https:\/\/www.leeb-balkone.com\/de\/?s={search_term_string}\"},\"query-input\":{\"@type\":\"PropertyValueSpecification\",\"valueRequired\":true,\"valueName\":\"search_term_string\"}}],\"inLanguage\":\"de\"},{\"@type\":\"Organization\",\"@id\":\"https:\/\/www.leeb-balkone.com\/de\/#organization\",\"name\":\"Leeb Balkone Gmbh\",\"url\":\"https:\/\/www.leeb-balkone.com\/de\/\",\"logo\":{\"@type\":\"ImageObject\",\"inLanguage\":\"de\",\"@id\":\"https:\/\/www.leeb-balkone.com\/de\/#\/schema\/logo\/image\/\",\"url\":\"https:\/\/www.leeb-balkone.com\/app\/uploads\/2020\/11\/leeb-logo.svg\",\"contentUrl\":\"https:\/\/www.leeb-balkone.com\/app\/uploads\/2020\/11\/leeb-logo.svg\",\"width\":741,\"height\":204,\"caption\":\"Leeb Balkone Gmbh\"},\"image\":{\"@id\":\"https:\/\/www.leeb-balkone.com\/de\/#\/schema\/logo\/image\/\"},\"sameAs\":[\"https:\/\/www.facebook.com\/balkone\/\",\"https:\/\/www.trustedshops.at\/bewertung\/info_X4587CCF5833E31AFE0B11F47D86999F2.html\",\"https:\/\/www.trustedshops.de\/bewertung\/info_X7BA536A7A0BDC86D36C4718E4DCAEEEF.html\",\"https:\/\/www.google.com\/maps\/place\/?q=place_id:ChIJ5-zH19-IcEcR9HonWRTllHI\"]}]}<\/script>\n<!-- \/ Yoast SEO plugin. -->","yoast_head_json":{"title":"Selbstst\u00e4ndiger Aufma\u00dftechniker - Leeb Balkone Deutschland","description":"(m\/w\/d) Sie sind selbstst\u00e4ndiger Aufma\u00dftechniker und suchen nach einer zus\u00e4tzlichen, lukrativen M\u00f6glichkeit, Ihre freien Kapazit\u00e4ten sinnvoll zu","robots":{"index":"index","follow":"follow","max-snippet":"max-snippet:-1","max-image-preview":"max-image-preview:large","max-video-preview":"max-video-preview:-1"},"og_locale":"de_DE","og_type":"article","og_title":"Selbstst\u00e4ndiger Aufma\u00dftechniker - Leeb Balkone","og_description":"(m\/w\/d) Sie sind selbstst\u00e4ndiger Aufma\u00dftechniker und suchen nach einer zus\u00e4tzlichen, lukrativen M\u00f6glichkeit, Ihre freien Kapazit\u00e4ten sinnvoll zu","og_url":"https:\/\/www.leeb-balkone.com\/de\/jobs\/selbststaendiger-aufmasstechniker\/","og_site_name":"Leeb Balkone","article_publisher":"https:\/\/www.facebook.com\/balkone\/","article_modified_time":"2025-09-17T11:08:58+00:00","og_image":[{"width":2560,"height":1709,"url":"https:\/\/www.leeb-balkone.com\/app\/uploads\/2025\/05\/Aufmass-Techniker-2800px-scaled.jpg","type":"image\/jpeg"}],"twitter_card":"summary_large_image","schema":{"@context":"https:\/\/schema.org","@graph":[{"@type":"WebPage","@id":"https:\/\/www.leeb-balkone.com\/de\/jobs\/selbststaendiger-aufmasstechniker\/","url":"https:\/\/www.leeb-balkone.com\/de\/jobs\/selbststaendiger-aufmasstechniker\/","name":"Selbstst\u00e4ndiger Aufma\u00dftechniker - Leeb Balkone","isPartOf":{"@id":"https:\/\/www.leeb-balkone.com\/de\/#website"},"primaryImageOfPage":{"@id":"https:\/\/www.leeb-balkone.com\/de\/jobs\/selbststaendiger-aufmasstechniker\/#primaryimage"},"image":{"@id":"https:\/\/www.leeb-balkone.com\/de\/jobs\/selbststaendiger-aufmasstechniker\/#primaryimage"},"thumbnailUrl":"https:\/\/www.leeb-balkone.com\/app\/uploads\/2025\/05\/Aufmass-Techniker-2800px-scaled.jpg","datePublished":"2025-05-13T13:37:33+00:00","dateModified":"2025-09-17T11:08:58+00:00","description":"(m\/w\/d) Sie sind selbstst\u00e4ndiger Aufma\u00dftechniker und suchen nach einer zus\u00e4tzlichen, lukrativen M\u00f6glichkeit, Ihre freien Kapazit\u00e4ten sinnvoll zu","breadcrumb":{"@id":"https:\/\/www.leeb-balkone.com\/de\/jobs\/selbststaendiger-aufmasstechniker\/#breadcrumb"},"inLanguage":"de","potentialAction":[{"@type":"ReadAction","target":["https:\/\/www.leeb-balkone.com\/de\/jobs\/selbststaendiger-aufmasstechniker\/"]}]},{"@type":"ImageObject","inLanguage":"de","@id":"https:\/\/www.leeb-balkone.com\/de\/jobs\/selbststaendiger-aufmasstechniker\/#primaryimage","url":"https:\/\/www.leeb-balkone.com\/app\/uploads\/2025\/05\/Aufmass-Techniker-2800px-scaled.jpg","contentUrl":"https:\/\/www.leeb-balkone.com\/app\/uploads\/2025\/05\/Aufmass-Techniker-2800px-scaled.jpg","width":2560,"height":1709},{"@type":"BreadcrumbList","@id":"https:\/\/www.leeb-balkone.com\/de\/jobs\/selbststaendiger-aufmasstechniker\/#breadcrumb","itemListElement":[{"@type":"ListItem","position":1,"name":"Home","item":"https:\/\/www.leeb-balkone.com\/de\/"},{"@type":"ListItem","position":2,"name":"Selbstst\u00e4ndiger Aufma\u00dftechniker"}]},{"@type":"WebSite","@id":"https:\/\/www.leeb-balkone.com\/de\/#website","url":"https:\/\/www.leeb-balkone.com\/de\/","name":"Leeb Balkone","description":"Balkone und Z\u00e4une","publisher":{"@id":"https:\/\/www.leeb-balkone.com\/de\/#organization"},"potentialAction":[{"@type":"SearchAction","target":{"@type":"EntryPoint","urlTemplate":"https:\/\/www.leeb-balkone.com\/de\/?s={search_term_string}"},"query-input":{"@type":"PropertyValueSpecification","valueRequired":true,"valueName":"search_term_string"}}],"inLanguage":"de"},{"@type":"Organization","@id":"https:\/\/www.leeb-balkone.com\/de\/#organization","name":"Leeb Balkone Gmbh","url":"https:\/\/www.leeb-balkone.com\/de\/","logo":{"@type":"ImageObject","inLanguage":"de","@id":"https:\/\/www.leeb-balkone.com\/de\/#\/schema\/logo\/image\/","url":"https:\/\/www.leeb-balkone.com\/app\/uploads\/2020\/11\/leeb-logo.svg","contentUrl":"https:\/\/www.leeb-balkone.com\/app\/uploads\/2020\/11\/leeb-logo.svg","width":741,"height":204,"caption":"Leeb Balkone Gmbh"},"image":{"@id":"https:\/\/www.leeb-balkone.com\/de\/#\/schema\/logo\/image\/"},"sameAs":["https:\/\/www.facebook.com\/balkone\/","https:\/\/www.trustedshops.at\/bewertung\/info_X4587CCF5833E31AFE0B11F47D86999F2.html","https:\/\/www.trustedshops.de\/bewertung\/info_X7BA536A7A0BDC86D36C4718E4DCAEEEF.html","https:\/\/www.google.com\/maps\/place\/?q=place_id:ChIJ5-zH19-IcEcR9HonWRTllHI"]}]}},"_links":{"self":[{"href":"https:\/\/www.leeb-balkone.com\/de\/wp-json\/wp\/v2\/jobs\/147001","targetHints":{"allow":["GET"]}}],"collection":[{"href":"https:\/\/www.leeb-balkone.com\/de\/wp-json\/wp\/v2\/jobs"}],"about":[{"href":"https:\/\/www.leeb-balkone.com\/de\/wp-json\/wp\/v2\/types\/jobs"}],"version-history":[{"count":3,"href":"https:\/\/www.leeb-balkone.com\/de\/wp-json\/wp\/v2\/jobs\/147001\/revisions"}],"predecessor-version":[{"id":156099,"href":"https:\/\/www.leeb-balkone.com\/de\/wp-json\/wp\/v2\/jobs\/147001\/revisions\/156099"}],"wp:featuredmedia":[{"embeddable":true,"href":"https:\/\/www.leeb-balkone.com\/de\/wp-json\/wp\/v2\/media\/147069"}],"wp:attachment":[{"href":"https:\/\/www.leeb-balkone.com\/de\/wp-json\/wp\/v2\/media?parent=147001"}],"wp:term":[{"taxonomy":"job_category","embeddable":true,"href":"https:\/\/www.leeb-balkone.com\/de\/wp-json\/wp\/v2\/job_category?post=147001"}],"curies":[{"name":"wp","href":"https:\/\/api.w.org\/{rel}","templated":true}]}}