{"id":145619,"date":"2025-04-14T09:46:24","date_gmt":"2025-04-14T09:46:24","guid":{"rendered":"https:\/\/www.leeb-balkone.com\/de\/?post_type=jobs&#038;p=145619"},"modified":"2026-02-23T13:23:13","modified_gmt":"2026-02-23T13:23:13","slug":"selbststaendiger-vertriebspartner","status":"publish","type":"jobs","link":"https:\/\/www.leeb-balkone.com\/de\/jobs\/selbststandiger-vertriebspartner\/","title":{"rendered":"Selbstst\u00e4ndiger Vertriebspartner"},"content":{"rendered":"\n<div class=\"wp-block-group alignfull is-layout-flow wp-container-core-group-is-layout-a77db08e wp-block-group-is-layout-flow\">\n<div class=\"wp-block-cover alignfull has-custom-content-position is-position-bottom-center has-white-color has-text-color has-link-color wp-elements-4c0b5df61dd4b0e034294b700c53f765\" style=\"padding-right:0;padding-bottom:var(--wp--preset--spacing--2-xl);padding-left:0;min-height:80vh;aspect-ratio:unset;\"><img loading=\"lazy\" decoding=\"async\" width=\"2560\" height=\"1707\" class=\"wp-block-cover__image-background wp-image-152954 size-full\" alt=\"Schauraum Leeb Tettnang Florian Keller\" src=\"https:\/\/www.leeb-balkone.com\/app\/uploads\/2025\/04\/Schauraum-Leeb-Tettnang-Florian-Keller-17-scaled.jpg\" style=\"object-position:46% 44%\" data-object-fit=\"cover\" data-object-position=\"46% 44%\" srcset=\"https:\/\/www.leeb-balkone.com\/app\/uploads\/2025\/04\/Schauraum-Leeb-Tettnang-Florian-Keller-17-scaled.jpg 2560w, https:\/\/www.leeb-balkone.com\/app\/uploads\/2025\/04\/Schauraum-Leeb-Tettnang-Florian-Keller-17-300x200.jpg 300w, https:\/\/www.leeb-balkone.com\/app\/uploads\/2025\/04\/Schauraum-Leeb-Tettnang-Florian-Keller-17-1024x683.jpg 1024w, https:\/\/www.leeb-balkone.com\/app\/uploads\/2025\/04\/Schauraum-Leeb-Tettnang-Florian-Keller-17-768x512.jpg 768w, https:\/\/www.leeb-balkone.com\/app\/uploads\/2025\/04\/Schauraum-Leeb-Tettnang-Florian-Keller-17-1536x1024.jpg 1536w, https:\/\/www.leeb-balkone.com\/app\/uploads\/2025\/04\/Schauraum-Leeb-Tettnang-Florian-Keller-17-2048x1366.jpg 2048w\" sizes=\"auto, (max-width: 2560px) 100vw, 2560px\" \/><span aria-hidden=\"true\" class=\"wp-block-cover__background has-background-dim-70 has-background-dim wp-block-cover__gradient-background has-background-gradient\" style=\"background:linear-gradient(179deg,rgba(0,0,0,0) 0%,rgb(0,0,0) 73%)\"><\/span><div class=\"wp-block-cover__inner-container has-global-padding is-layout-constrained wp-container-core-cover-is-layout-fe0db480 wp-block-cover-is-layout-constrained\">\n<div class=\"wp-block-group has-global-padding is-content-justification-left is-layout-constrained wp-container-core-group-is-layout-a250a9f9 wp-block-group-is-layout-constrained\" style=\"padding-right:0;padding-left:0\">\n<div class=\"wp-block-group is-vertical is-layout-flex wp-container-core-group-is-layout-264474f9 wp-block-group-is-layout-flex\"><h1 class=\"wp-block-post-title\">Selbstst\u00e4ndiger Vertriebspartner<\/h1>\n\n\n<p><span class=\"uppercase\"><strong>(m\/w\/d)<\/strong><\/span><\/p>\n<\/div>\n\n\n\n<p><span class=\"teaser\">Bei Leeb Balkone suchen wir Vertriebspartner:innen, die nicht nur verkaufen wollen \u2013 sondern mit uns gemeinsam wachsen. <\/span><\/p>\n\n\n\n<div class=\"wp-block-buttons is-layout-flex wp-block-buttons-is-layout-flex\">\n<div class=\"wp-block-button\"><a class=\"wp-block-button__link wp-element-button\" href=\"#bewerbung\">Jetzt bewerben<\/a><\/div>\n\n\n\n<div class=\"wp-block-button is-style-outline-white smooth-scroll\"><a class=\"wp-block-button__link wp-element-button\" href=\"#benefits\">Deine Benefits<\/a><\/div>\n<\/div>\n<\/div>\n<\/div><\/div>\n\n\n\n<section class=\"wp-block-group alignfull has-white-background-color has-background has-global-padding is-layout-constrained wp-container-core-group-is-layout-58d99300 wp-block-group-is-layout-constrained\" style=\"padding-top:var(--wp--preset--spacing--xl);padding-bottom:var(--wp--preset--spacing--2-xl)\">\n<div class=\"wp-block-group breadcrumb has-global-padding is-layout-constrained wp-container-core-group-is-layout-cf8232cb wp-block-group-is-layout-constrained\">\n<div class=\"wp-block-group is-layout-flow wp-block-group-is-layout-flow\" style=\"padding-bottom:var(--wp--preset--spacing--xl)\">\n<span><span><a href=\"https:\/\/www.leeb-balkone.com\/de\/\">Home<\/a><\/span><\/span>\n<\/div>\n<\/div>\n\n\n\n<div class=\"wp-block-group is-layout-grid wp-container-core-group-is-layout-68c8b414 wp-block-group-is-layout-grid\" style=\"margin-top:0\">\n<div class=\"wp-block-group t3-job-facts has-light-gray-background-color has-background wp-container-content-725258bd is-vertical is-content-justification-center is-layout-flex wp-container-core-group-is-layout-2109e5e0 wp-block-group-is-layout-flex\" style=\"padding-top:var(--wp--preset--spacing--m);padding-right:var(--wp--preset--spacing--s);padding-bottom:var(--wp--preset--spacing--m);padding-left:var(--wp--preset--spacing--s)\">\n<figure class=\"wp-block-image aligncenter size-full is-resized\"><img loading=\"lazy\" decoding=\"async\" width=\"32\" height=\"32\" src=\"https:\/\/www.leeb-balkone.com\/app\/uploads\/2025\/03\/clock.svg\" alt=\"clock\" class=\"wp-image-145627\" style=\"width:32px\"\/><\/figure>\n\n\n\n<div class=\"wp-block-group is-vertical is-content-justification-center is-layout-flex wp-container-core-group-is-layout-a24e3638 wp-block-group-is-layout-flex\">\n<p class=\"has-text-align-center has-step-xs-font-size\">Arbeitsmodell<\/p>\n\n\n\n<p class=\"has-text-align-center has-step-05-font-size\"><strong>Selbstst\u00e4ndig<\/strong><\/p>\n<\/div>\n<\/div>\n\n\n\n<div class=\"wp-block-group t3-job-facts has-light-gray-background-color has-background wp-container-content-725258bd is-vertical is-content-justification-center is-layout-flex wp-container-core-group-is-layout-2109e5e0 wp-block-group-is-layout-flex\" style=\"padding-top:var(--wp--preset--spacing--m);padding-right:var(--wp--preset--spacing--s);padding-bottom:var(--wp--preset--spacing--m);padding-left:var(--wp--preset--spacing--s)\">\n<figure class=\"wp-block-image aligncenter size-full is-resized\"><img loading=\"lazy\" decoding=\"async\" width=\"32\" height=\"32\" src=\"https:\/\/www.leeb-balkone.com\/app\/uploads\/2025\/03\/calendar.svg\" alt=\"calendar\" class=\"wp-image-145622\" style=\"width:32px\"\/><\/figure>\n\n\n\n<div class=\"wp-block-group is-vertical is-content-justification-center is-layout-flex wp-container-core-group-is-layout-a24e3638 wp-block-group-is-layout-flex\">\n<p class=\"has-text-align-center has-step-xs-font-size\">Start<\/p>\n\n\n\n<p class=\"has-text-align-center has-step-05-font-size\"><strong>ab sofort<\/strong><\/p>\n<\/div>\n<\/div>\n\n\n\n<div class=\"wp-block-group t3-job-facts has-light-gray-background-color has-background wp-container-content-725258bd is-vertical is-content-justification-center is-layout-flex wp-container-core-group-is-layout-2109e5e0 wp-block-group-is-layout-flex\" style=\"padding-top:var(--wp--preset--spacing--m);padding-right:var(--wp--preset--spacing--s);padding-bottom:var(--wp--preset--spacing--m);padding-left:var(--wp--preset--spacing--s)\">\n<figure class=\"wp-block-image aligncenter size-full is-resized\"><img loading=\"lazy\" decoding=\"async\" width=\"32\" height=\"32\" src=\"https:\/\/www.leeb-balkone.com\/app\/uploads\/2025\/03\/tools.svg\" alt=\"tools\" class=\"wp-image-145642\" style=\"width:32px\"\/><\/figure>\n\n\n\n<div class=\"wp-block-group is-vertical is-content-justification-center is-layout-flex wp-container-core-group-is-layout-a24e3638 wp-block-group-is-layout-flex\">\n<p class=\"has-text-align-center has-step-xs-font-size\">Entlohnung<\/p>\n\n\n\n<p class=\"has-text-align-center has-step-05-font-size\"><strong>Provisionsbasis<\/strong><\/p>\n<\/div>\n<\/div>\n\n\n\n<div class=\"wp-block-group t3-job-facts has-light-gray-background-color has-background wp-container-content-725258bd is-vertical is-content-justification-center is-layout-flex wp-container-core-group-is-layout-2109e5e0 wp-block-group-is-layout-flex\" style=\"padding-top:var(--wp--preset--spacing--m);padding-right:var(--wp--preset--spacing--s);padding-bottom:var(--wp--preset--spacing--m);padding-left:var(--wp--preset--spacing--s)\">\n<figure class=\"wp-block-image aligncenter size-full is-resized\"><img loading=\"lazy\" decoding=\"async\" width=\"32\" height=\"32\" src=\"https:\/\/www.leeb-balkone.com\/app\/uploads\/2025\/03\/pin.svg\" alt=\"pin\" class=\"wp-image-145637\" style=\"width:32px\"\/><\/figure>\n\n\n\n<div class=\"wp-block-group is-vertical is-content-justification-center is-layout-flex wp-container-core-group-is-layout-a24e3638 wp-block-group-is-layout-flex\">\n<p class=\"has-text-align-center has-step-xs-font-size\">Arbeitsort<\/p>\n\n\n\n<p class=\"has-text-align-center has-step-05-font-size\"><strong>Au\u00dfendienst<\/strong><\/p>\n<\/div>\n<\/div>\n\n\n\n<div class=\"wp-block-group t3-job-facts has-light-gray-background-color has-background wp-container-content-725258bd is-vertical is-content-justification-center is-layout-flex wp-container-core-group-is-layout-2109e5e0 wp-block-group-is-layout-flex\" style=\"padding-top:var(--wp--preset--spacing--m);padding-right:var(--wp--preset--spacing--s);padding-bottom:var(--wp--preset--spacing--m);padding-left:var(--wp--preset--spacing--s)\">\n<figure class=\"wp-block-image aligncenter size-full is-resized\"><img loading=\"lazy\" decoding=\"async\" width=\"32\" height=\"32\" src=\"https:\/\/www.leeb-balkone.com\/app\/uploads\/2025\/03\/coin.svg\" alt=\"coin\" class=\"wp-image-145632\" style=\"width:32px\"\/><\/figure>\n\n\n\n<div class=\"wp-block-group is-vertical is-content-justification-center is-layout-flex wp-container-core-group-is-layout-a24e3638 wp-block-group-is-layout-flex\">\n<p class=\"has-text-align-center has-step-xs-font-size\">Gehalt mind.<\/p>\n\n\n\n<p class=\"has-text-align-center has-step-05-font-size\"><strong>Das liegt an dir!<\/strong><\/p>\n<\/div>\n<\/div>\n<\/div>\n\n\n\n<div class=\"wp-block-group has-global-padding is-layout-constrained wp-container-core-group-is-layout-e40817b5 wp-block-group-is-layout-constrained\" style=\"padding-top:var(--wp--preset--spacing--xl)\">\n<p>Als Europas Nr. 1 realisieren wir mit gro\u00dfer Leidenschaft und h\u00f6chstem Anspruch auf Qualit\u00e4t, Ausf\u00fchrung und Langlebigkeit die sch\u00f6nsten Balkone, Z\u00e4une und \u00dcberdachungen f\u00fcr begeisterte Kunden in vielen L\u00e4ndern.<\/p>\n\n\n\n<p>Erfolg und Wachstum resultieren aus gro\u00dfer Innovationsbereitschaft, kollegialem Teamwork und zielstrebiger Kundenzufriedenheit und sind Basis f\u00fcr einen sicheren und attraktiven Arbeitsplatz mit hohem Zukunftspotential in einem seit 115 Jahren bestehenden Familienunternehmen.<\/p>\n\n\n\n<div class=\"wp-block-group is-layout-flow wp-block-group-is-layout-flow\">\n<h2 class=\"wp-block-heading has-step-1-font-size\">Das bieten wir Ihnen<\/h2>\n\n\n\n<ul class=\"wp-block-list is-style-checkmark-2\">\n<li>Qualit\u00e4tsprodukt mit hoher Bekanntheit<\/li>\n\n\n\n<li>Volle Unterst\u00fctzung bei Werbung &amp; hochqualitative Leads \u2013 keine Kaltakquise!<\/li>\n\n\n\n<li>Fundierte Einschulung &amp; pers\u00f6nliche Betreuung von Beginn an <\/li>\n\n\n\n<li>Verantwortungsvolle Aufgabe in einem etablierten Unternehmen<\/li>\n\n\n\n<li>\u00dcberdurchschnittliche Verdienstm\u00f6glichkeiten mittels hoher Provisionen direkt nach Auftragsabschluss<\/li>\n\n\n\n<li>Flexible Arbeitszeiten &amp; eigenes Verkaufsgebiet<\/li>\n\n\n\n<li>Verl\u00e4ssliche und langfristige Partnerschaft<\/li>\n<\/ul>\n<\/div>\n\n\n\n<div class=\"wp-block-group is-layout-flow wp-block-group-is-layout-flow\">\n<h2 class=\"wp-block-heading has-step-1-font-size\">Ihre Zust\u00e4ndigkeiten und Aufgaben<\/h2>\n\n\n\n<ul class=\"wp-block-list is-style-checkmark-2\">\n<li>Proaktive Neukundengewinnung<\/li>\n\n\n\n<li>Bearbeitung von Anfragen<\/li>\n\n\n\n<li>Kaufm\u00e4nnische und technische Produktberatung<\/li>\n\n\n\n<li>Betreuung unserer Kunden vor Ort<\/li>\n\n\n\n<li>Angebotslegung und Nachverfolgung<\/li>\n<\/ul>\n<\/div>\n\n\n\n<div class=\"wp-block-group is-layout-flow wp-block-group-is-layout-flow\">\n<h2 class=\"wp-block-heading has-step-1-font-size\">Qualifikationen \/ Anforderungen<\/h2>\n\n\n\n<ul class=\"wp-block-list is-style-checkmark-2\">\n<li>Vertriebserfahrung von Vorteil &#8211; gerne auch Quereinsteiger die beruflich neu durchstarten m\u00f6chten <\/li>\n\n\n\n<li>Technisches Verst\u00e4ndnis<\/li>\n\n\n\n<li>Freude am Umgang mit Kunden und Verkaufstalent<\/li>\n\n\n\n<li>Freundliches und professionelles Auftreten<\/li>\n\n\n\n<li>Selbstst\u00e4ndige und zuverl\u00e4ssige Arbeitsweise<\/li>\n\n\n\n<li>Gewerbeberechtigung<\/li>\n\n\n\n<li>Sehr gute Deutschkenntnisse<\/li>\n<\/ul>\n<\/div>\n\n\n\n<div class=\"wp-block-buttons is-layout-flex wp-block-buttons-is-layout-flex\">\n<div class=\"wp-block-button\"><a class=\"wp-block-button__link wp-element-button\" href=\"#bewerbung\">Jetzt bewerben<\/a><\/div>\n<\/div>\n<\/div>\n<\/section>\n\n\n\n<section class=\"wp-block-group alignfull has-light-gray-background-color has-background has-global-padding is-layout-constrained wp-container-core-group-is-layout-e37a80b5 wp-block-group-is-layout-constrained\" id=\"benefits\" style=\"margin-top:0;margin-bottom:0;padding-top:var(--wp--preset--spacing--2-xl);padding-bottom:var(--wp--preset--spacing--2-xl)\">\n<div class=\"wp-block-group has-global-padding is-layout-constrained wp-container-core-group-is-layout-5cdcde31 wp-block-group-is-layout-constrained\" style=\"padding-bottom:var(--wp--preset--spacing--l)\">\n<div class=\"wp-block-columns is-layout-flex wp-container-core-columns-is-layout-f0342b05 wp-block-columns-is-layout-flex\" style=\"margin-top:0;margin-bottom:0\">\n<div class=\"wp-block-column is-vertically-aligned-bottom is-layout-flow wp-block-column-is-layout-flow\" style=\"flex-basis:66.66%\">\n<h2 class=\"wp-block-heading\">Deine Benefits<\/h2>\n<\/div>\n\n\n\n<div class=\"wp-block-column is-vertically-aligned-bottom is-layout-flow wp-block-column-is-layout-flow\" style=\"flex-basis:33.33%\">\n<div class=\"wp-block-buttons u-m-jc-left is-content-justification-right is-layout-flex wp-container-core-buttons-is-layout-c060c6c7 wp-block-buttons-is-layout-flex\">\n<div class=\"wp-block-button is-style-outline-secondary\"><a class=\"wp-block-button__link wp-element-button\" href=\"https:\/\/www.leeb-balkone.com\/de\/leeb-benefits-fuer-mitarbeiter\/\">Alle Benefits<\/a><\/div>\n<\/div>\n<\/div>\n<\/div>\n<\/div>\n\n\n\n<div class=\"wp-block-group is-layout-flow wp-block-group-is-layout-flow\" style=\"margin-top:0\">\n<div class=\"wp-block-group is-layout-grid wp-container-core-group-is-layout-7785d981 wp-block-group-is-layout-grid\">\n<div class=\"wp-block-group m-card benefits has-global-padding is-layout-constrained wp-block-group-is-layout-constrained\">\n<div class=\"wp-block-cover has-custom-content-position is-position-bottom-center\" style=\"padding-bottom:var(--wp--preset--spacing--m)\"><img loading=\"lazy\" decoding=\"async\" width=\"2560\" height=\"1543\" class=\"wp-block-cover__image-background wp-image-145962\" alt=\"AdobeStock_299486068\" src=\"https:\/\/www.leeb-balkone.com\/app\/uploads\/2025\/04\/AdobeStock_299486068-scaled.jpeg\" style=\"object-position:37% 51%\" data-object-fit=\"cover\" data-object-position=\"37% 51%\" srcset=\"https:\/\/www.leeb-balkone.com\/app\/uploads\/2025\/04\/AdobeStock_299486068-scaled.jpeg 2560w, https:\/\/www.leeb-balkone.com\/app\/uploads\/2025\/04\/AdobeStock_299486068-300x181.jpeg 300w, https:\/\/www.leeb-balkone.com\/app\/uploads\/2025\/04\/AdobeStock_299486068-1024x617.jpeg 1024w, https:\/\/www.leeb-balkone.com\/app\/uploads\/2025\/04\/AdobeStock_299486068-768x463.jpeg 768w, https:\/\/www.leeb-balkone.com\/app\/uploads\/2025\/04\/AdobeStock_299486068-1536x926.jpeg 1536w, https:\/\/www.leeb-balkone.com\/app\/uploads\/2025\/04\/AdobeStock_299486068-2048x1235.jpeg 2048w\" sizes=\"auto, (max-width: 2560px) 100vw, 2560px\" \/><span aria-hidden=\"true\" class=\"wp-block-cover__background has-background-dim wp-block-cover__gradient-background has-background-gradient\" style=\"background:linear-gradient(180deg,rgba(0,0,0,0) 0%,rgb(0,0,0) 53%)\"><\/span><div class=\"wp-block-cover__inner-container has-global-padding is-layout-constrained wp-block-cover-is-layout-constrained\">\n<div class=\"wp-block-group is-vertical is-layout-flex wp-container-core-group-is-layout-ad69fd43 wp-block-group-is-layout-flex\">\n<h3 class=\"wp-block-heading has-text-align-left has-step-2-font-size\"><span class=\"uppercase\">Arbeiten<\/span><br><span class=\"uppercase\">im Team<\/span><\/h3>\n\n\n\n<p class=\"has-step-s-font-size\">Einschulung und laufende Unterst\u00fctzung<\/p>\n<\/div>\n<\/div><\/div>\n<\/div>\n\n\n\n<div class=\"wp-block-group m-card benefits has-global-padding is-layout-constrained wp-block-group-is-layout-constrained\">\n<div class=\"wp-block-cover has-custom-content-position is-position-bottom-center\" style=\"padding-bottom:var(--wp--preset--spacing--m)\"><img loading=\"lazy\" decoding=\"async\" width=\"2560\" height=\"1707\" class=\"wp-block-cover__image-background wp-image-145952\" alt=\"AdobeStock_414105479\" src=\"https:\/\/www.leeb-balkone.com\/app\/uploads\/2025\/04\/AdobeStock_414105479-scaled.jpeg\" style=\"object-position:20% 51%\" data-object-fit=\"cover\" data-object-position=\"20% 51%\" srcset=\"https:\/\/www.leeb-balkone.com\/app\/uploads\/2025\/04\/AdobeStock_414105479-scaled.jpeg 2560w, https:\/\/www.leeb-balkone.com\/app\/uploads\/2025\/04\/AdobeStock_414105479-300x200.jpeg 300w, https:\/\/www.leeb-balkone.com\/app\/uploads\/2025\/04\/AdobeStock_414105479-1024x683.jpeg 1024w, https:\/\/www.leeb-balkone.com\/app\/uploads\/2025\/04\/AdobeStock_414105479-768x512.jpeg 768w, https:\/\/www.leeb-balkone.com\/app\/uploads\/2025\/04\/AdobeStock_414105479-1536x1024.jpeg 1536w, https:\/\/www.leeb-balkone.com\/app\/uploads\/2025\/04\/AdobeStock_414105479-2048x1365.jpeg 2048w\" sizes=\"auto, (max-width: 2560px) 100vw, 2560px\" \/><span aria-hidden=\"true\" class=\"wp-block-cover__background has-background-dim wp-block-cover__gradient-background has-background-gradient\" style=\"background:linear-gradient(180deg,rgba(0,0,0,0) 0%,rgb(0,0,0) 53%)\"><\/span><div class=\"wp-block-cover__inner-container has-global-padding is-layout-constrained wp-block-cover-is-layout-constrained\">\n<div class=\"wp-block-group is-vertical is-layout-flex wp-container-core-group-is-layout-ad69fd43 wp-block-group-is-layout-flex\">\n<h3 class=\"wp-block-heading has-text-align-left has-step-2-font-size\">QUALIFIZIERTE ADRESSEN  <\/h3>\n\n\n\n<p class=\"has-step-s-font-size\">Keine Kaltakquise!<\/p>\n<\/div>\n<\/div><\/div>\n<\/div>\n\n\n\n<div class=\"wp-block-group m-card benefits has-global-padding is-layout-constrained wp-block-group-is-layout-constrained\">\n<div class=\"wp-block-cover has-custom-content-position is-position-bottom-center\" style=\"padding-bottom:var(--wp--preset--spacing--m)\"><img loading=\"lazy\" decoding=\"async\" width=\"2560\" height=\"1763\" class=\"wp-block-cover__image-background wp-image-145957\" alt=\"AdobeStock_273556172\" src=\"https:\/\/www.leeb-balkone.com\/app\/uploads\/2025\/04\/AdobeStock_273556172-scaled.jpeg\" style=\"object-position:56% 50%\" data-object-fit=\"cover\" data-object-position=\"56% 50%\" srcset=\"https:\/\/www.leeb-balkone.com\/app\/uploads\/2025\/04\/AdobeStock_273556172-scaled.jpeg 2560w, https:\/\/www.leeb-balkone.com\/app\/uploads\/2025\/04\/AdobeStock_273556172-300x207.jpeg 300w, https:\/\/www.leeb-balkone.com\/app\/uploads\/2025\/04\/AdobeStock_273556172-1024x705.jpeg 1024w, https:\/\/www.leeb-balkone.com\/app\/uploads\/2025\/04\/AdobeStock_273556172-768x529.jpeg 768w, https:\/\/www.leeb-balkone.com\/app\/uploads\/2025\/04\/AdobeStock_273556172-1536x1058.jpeg 1536w, https:\/\/www.leeb-balkone.com\/app\/uploads\/2025\/04\/AdobeStock_273556172-2048x1411.jpeg 2048w\" sizes=\"auto, (max-width: 2560px) 100vw, 2560px\" \/><span aria-hidden=\"true\" class=\"wp-block-cover__background has-background-dim wp-block-cover__gradient-background has-background-gradient\" style=\"background:linear-gradient(180deg,rgba(0,0,0,0) 0%,rgb(0,0,0) 53%)\"><\/span><div class=\"wp-block-cover__inner-container has-global-padding is-layout-constrained wp-block-cover-is-layout-constrained\">\n<div class=\"wp-block-group is-vertical is-layout-flex wp-container-core-group-is-layout-ad69fd43 wp-block-group-is-layout-flex\">\n<h3 class=\"wp-block-heading has-text-align-left has-step-2-font-size\">ATTRAKTIVER VERDIENST<\/h3>\n\n\n\n<p class=\"has-step-s-font-size\">Durchaus zwischen 120-150K und mehr m\u00f6glich<\/p>\n<\/div>\n<\/div><\/div>\n<\/div>\n\n\n\n<div class=\"wp-block-group m-card benefits has-global-padding is-layout-constrained wp-block-group-is-layout-constrained\">\n<div class=\"wp-block-cover has-custom-content-position is-position-bottom-center\" style=\"padding-bottom:var(--wp--preset--spacing--m)\"><img loading=\"lazy\" decoding=\"async\" width=\"225\" height=\"225\" class=\"wp-block-cover__image-background wp-image-146144\" alt=\"images\" src=\"https:\/\/www.leeb-balkone.com\/app\/uploads\/2025\/04\/images.png\" data-object-fit=\"cover\" srcset=\"https:\/\/www.leeb-balkone.com\/app\/uploads\/2025\/04\/images.png 225w, https:\/\/www.leeb-balkone.com\/app\/uploads\/2025\/04\/images-150x150.png 150w\" sizes=\"auto, (max-width: 225px) 100vw, 225px\" \/><span aria-hidden=\"true\" class=\"wp-block-cover__background has-background-dim wp-block-cover__gradient-background has-background-gradient\" style=\"background:linear-gradient(180deg,rgba(0,0,0,0) 0%,rgb(0,0,0) 53%)\"><\/span><div class=\"wp-block-cover__inner-container has-global-padding is-layout-constrained wp-block-cover-is-layout-constrained\">\n<div class=\"wp-block-group is-vertical is-layout-flex wp-container-core-group-is-layout-ad69fd43 wp-block-group-is-layout-flex\">\n<h3 class=\"wp-block-heading has-text-align-left has-step-2-font-size\">EIGENES VERKAUFSGEBIET<\/h3>\n\n\n\n<p class=\"has-step-s-font-size\">Dein Tempo &#8211; dein Erfolg!<\/p>\n<\/div>\n<\/div><\/div>\n<\/div>\n<\/div>\n<\/div>\n<\/section>\n\n\n\n<section class=\"wp-block-group alignfull u-of-visible has-white-background-color has-background has-global-padding is-layout-constrained wp-container-core-group-is-layout-74f572ac wp-block-group-is-layout-constrained\" style=\"margin-top:0;margin-bottom:0;padding-top:var(--wp--preset--spacing--xl-2-xl);padding-bottom:var(--wp--preset--spacing--xl-2-xl)\">\n<div class=\"wp-block-group has-global-padding is-layout-constrained wp-container-core-group-is-layout-5cdcde31 wp-block-group-is-layout-constrained\" style=\"padding-bottom:var(--wp--preset--spacing--l)\">\n<div class=\"wp-block-columns is-layout-flex wp-container-core-columns-is-layout-0a4bbf16 wp-block-columns-is-layout-flex\" style=\"margin-top:0;margin-bottom:0\">\n<div class=\"wp-block-column is-vertically-aligned-bottom is-layout-flow wp-block-column-is-layout-flow\" style=\"flex-basis:66.66%\">\n<h2 class=\"wp-block-heading\">Mitarbeiterstimmen<\/h2>\n\n\n\n<p>Unsere Mitarbeiter erz\u00e4hlen: Pers\u00f6nliche Einblicke, spannende Erlebnisse und der Weg zu ihrem Erfolg \u2013 entdecke, was unser Team so besonders macht!<\/p>\n<\/div>\n\n\n\n<div class=\"wp-block-column is-vertically-aligned-bottom is-layout-flow wp-block-column-is-layout-flow\" style=\"flex-basis:33.33%\">\n<div class=\"wp-block-buttons u-m-jc-left is-content-justification-right is-layout-flex wp-container-core-buttons-is-layout-c060c6c7 wp-block-buttons-is-layout-flex\">\n<div class=\"wp-block-button is-style-outline-secondary\"><a class=\"wp-block-button__link wp-element-button\" href=\"https:\/\/www.leeb-balkone.com\/de\/karriere-bei-leeb\/leeb-inside\/\">Leeb inside<\/a><\/div>\n<\/div>\n<\/div>\n<\/div>\n<\/div>\n\n\n\n<div class=\"wp-block-group is-layout-flow wp-block-group-is-layout-flow\" style=\"margin-top:0\">\n<div class=\"wp-block-columns testimonial m-split m-split-reverse is-layout-flex wp-container-core-columns-is-layout-28232c24 wp-block-columns-is-layout-flex\">\n<div class=\"wp-block-column is-layout-flow wp-block-column-is-layout-flow\">\n<div class=\"wp-block-group is-layout-flow wp-block-group-is-layout-flow has-background\" style=\"min-height:100%;background-image:url(&#039;https:\/\/www.leeb-balkone.com\/app\/uploads\/2025\/03\/stefan-schusser.jpg&#039;);background-position:54% 28.999999999999996%;background-size:cover;\"><\/div>\n<\/div>\n\n\n\n<div class=\"wp-block-column testimonial-text is-layout-flow wp-block-column-is-layout-flow\">\n<div class=\"wp-block-group has-light-gray-background-color has-background is-vertical is-layout-flex wp-container-core-group-is-layout-497906c9 wp-block-group-is-layout-flex\" style=\"padding-top:var(--wp--preset--spacing--xl);padding-right:var(--wp--preset--spacing--xl);padding-bottom:var(--wp--preset--spacing--xl);padding-left:var(--wp--preset--spacing--l)\">\n<h3 class=\"wp-block-heading\">Interne Weiterentwicklung bei Leeb<\/h3>\n\n\n\n<p class=\"has-step-1-font-size\">&#8220;Ich bin sehr dankbar f\u00fcr die M\u00f6glichkeit mich st\u00e4ndig intern weiter entwickeln zu k\u00f6nnen&#8221;<\/p>\n\n\n\n<p class=\"has-step-s-font-size\"><strong>Stefan Schusser<\/strong><br>Vertrieb Objektbau<\/p>\n\n\n\n<div style=\"height:31px\" aria-hidden=\"true\" class=\"wp-block-spacer wp-container-content-38cd910e\"><\/div>\n\n\n\n<div class=\"wp-block-buttons is-layout-flex wp-block-buttons-is-layout-flex\" style=\"margin-top:0;margin-bottom:0\">\n<div class=\"wp-block-button\"><a class=\"wp-block-button__link wp-element-button\" href=\"https:\/\/vimeo.com\/1065778942\" target=\"_blank\" rel=\"noreferrer noopener\">Hier geht&#8217;s zum Video<\/a><\/div>\n<\/div>\n<\/div>\n<\/div>\n<\/div>\n<\/div>\n\n\n\n<div class=\"wp-block-columns testimonial m-split m-split-reverse is-layout-flex wp-container-core-columns-is-layout-28232c24 wp-block-columns-is-layout-flex\">\n<div class=\"wp-block-column testimonial-text is-layout-flow wp-block-column-is-layout-flow\">\n<div class=\"wp-block-group has-light-gray-background-color has-background is-vertical is-layout-flex wp-container-core-group-is-layout-497906c9 wp-block-group-is-layout-flex\" style=\"padding-top:var(--wp--preset--spacing--xl);padding-right:var(--wp--preset--spacing--xl);padding-bottom:var(--wp--preset--spacing--xl);padding-left:var(--wp--preset--spacing--l)\">\n<h3 class=\"wp-block-heading\">Seit 40 Jahren bei Leeb<\/h3>\n\n\n\n<p class=\"has-step-1-font-size\">&#8220;Ich bin in der gl\u00fccklichen Lage, dass ich meine Arbeit selbst nach 40 Jahren mit Begeisterung nachgehen kann &#8211; das hat einen gro\u00dfen Anteil an meiner Lebensqualit\u00e4t.&#8221;<\/p>\n\n\n\n<p class=\"has-step-s-font-size\"><strong>Hubert Stromberger<\/strong><br>Vertriebsleiter \u00d6sterreich<\/p>\n<\/div>\n<\/div>\n\n\n\n<div class=\"wp-block-column is-layout-flow wp-block-column-is-layout-flow\">\n<div class=\"wp-block-group is-layout-flow wp-block-group-is-layout-flow has-background\" style=\"min-height:100%;background-image:url(&#039;https:\/\/www.leeb-balkone.com\/app\/uploads\/2025\/04\/Portrait-Hubert-Stromberger-scaled.jpg&#039;);background-position:47% 37%;background-size:cover;\"><\/div>\n<\/div>\n<\/div>\n\n\n\n<div class=\"wp-block-columns testimonial m-split m-split-reverse is-layout-flex wp-container-core-columns-is-layout-28232c24 wp-block-columns-is-layout-flex\">\n<div class=\"wp-block-column is-layout-flow wp-block-column-is-layout-flow\">\n<div class=\"wp-block-group is-layout-flow wp-block-group-is-layout-flow has-background\" style=\"min-height:100%;background-image:url(&#039;https:\/\/www.leeb-balkone.com\/app\/uploads\/2025\/08\/Herrmann_Yannick-Portrait-scaled.jpg&#039;);background-size:cover;\"><\/div>\n<\/div>\n\n\n\n<div class=\"wp-block-column testimonial-text is-layout-flow wp-block-column-is-layout-flow\">\n<div class=\"wp-block-group has-light-gray-background-color has-background is-vertical is-layout-flex wp-container-core-group-is-layout-497906c9 wp-block-group-is-layout-flex\" style=\"padding-top:var(--wp--preset--spacing--xl);padding-right:var(--wp--preset--spacing--xl);padding-bottom:var(--wp--preset--spacing--xl);padding-left:var(--wp--preset--spacing--l)\">\n<h3 class=\"wp-block-heading\">Seit 2015 Vertriebspartner<\/h3>\n\n\n\n<p class=\"has-step-1-font-size\">&#8220;Ich bin seit Mai 2015 bei Leeb. 2025 habe ich mit meiner eigenen Ausstellung den n\u00e4chsten gro\u00dfen Schritt in die Zukunft gewagt. Besonders sch\u00e4tze ich bei Leeb das offene Miteinander, einer hilft dem anderen und ich kann meine Erfahrungen auch an neue Partner weitergeben. Das starke Netzwerk und die Qualit\u00e4t der Produkte geben mir t\u00e4glich R\u00fcckenwind. Gerade weil ich viel investiert habe, ist es f\u00fcr mich wichtig, einen Partner an meiner Seite zu haben, auf den ich mich immer verlassen kann.&#8221;<\/p>\n\n\n\n<p class=\"has-step-s-font-size\"><strong>Yannick Herrmann<\/strong><br>Vertriebspartner in Bayern<\/p>\n<\/div>\n<\/div>\n<\/div>\n\n\n\n<div class=\"wp-block-columns testimonial m-split m-split-reverse is-layout-flex wp-container-core-columns-is-layout-28232c24 wp-block-columns-is-layout-flex\">\n<div class=\"wp-block-column testimonial-text is-layout-flow wp-block-column-is-layout-flow\">\n<div class=\"wp-block-group has-light-gray-background-color has-background is-vertical is-layout-flex wp-container-core-group-is-layout-497906c9 wp-block-group-is-layout-flex\" style=\"padding-top:var(--wp--preset--spacing--xl);padding-right:var(--wp--preset--spacing--xl);padding-bottom:var(--wp--preset--spacing--xl);padding-left:var(--wp--preset--spacing--l)\">\n<h3 class=\"wp-block-heading\">Leeb \u00fcber Generationen<\/h3>\n\n\n\n<p class=\"has-step-1-font-size\">&#8220;Bereits 1982, als mein Vater bei Leeb t\u00e4tig war, habe ich die Anf\u00e4nge miterlebt \u2013 von den Holzbalkonen bis zum heutigen Unternehmen. Vor 38 Jahren habe ich selbst begonnen zu verkaufen, nach einer Pause von 18 Jahren bin ich 2017 jedoch wieder zur\u00fcckgekehrt. In der Zwischenzeit habe ich andere Firmen kennengelernt und gemerkt, dass bei Ablauf, Kommunikation und Qualit\u00e4t niemand mit Leeb mithalten kann. Kollegen, Professionalit\u00e4t und die Idee des Seniorchefs machen Leeb f\u00fcr mich zur besten Firma der Welt.&#8221;<\/p>\n\n\n\n<p class=\"has-step-s-font-size\"><strong>Oliver Stadler<\/strong><br>Vertriebspartner in Bayern<\/p>\n<\/div>\n<\/div>\n\n\n\n<div class=\"wp-block-column is-layout-flow wp-block-column-is-layout-flow\">\n<div class=\"wp-block-group is-layout-flow wp-block-group-is-layout-flow has-background\" style=\"min-height:100%;background-image:url(&#039;https:\/\/www.leeb-balkone.com\/app\/uploads\/2025\/08\/Schauraum-Leeb-Bogen-Oliver-Stadler-9-kompr-scaled.jpg&#039;);background-position:48% 34%;background-size:cover;\"><\/div>\n<\/div>\n<\/div>\n\n\n\n<div class=\"wp-block-columns testimonial m-split m-split-reverse is-layout-flex wp-container-core-columns-is-layout-28232c24 wp-block-columns-is-layout-flex\">\n<div class=\"wp-block-column is-layout-flow wp-block-column-is-layout-flow\">\n<div class=\"wp-block-group is-layout-flow wp-block-group-is-layout-flow has-background\" style=\"min-height:100%;background-image:url(&#039;https:\/\/www.leeb-balkone.com\/app\/uploads\/2020\/09\/Peter-Schedler.jpg&#039;);background-position:37% 37%;background-size:cover;\"><\/div>\n<\/div>\n\n\n\n<div class=\"wp-block-column testimonial-text is-layout-flow wp-block-column-is-layout-flow\">\n<div class=\"wp-block-group has-light-gray-background-color has-background is-vertical is-layout-flex wp-container-core-group-is-layout-497906c9 wp-block-group-is-layout-flex\" style=\"padding-top:var(--wp--preset--spacing--xl);padding-right:var(--wp--preset--spacing--xl);padding-bottom:var(--wp--preset--spacing--xl);padding-left:var(--wp--preset--spacing--l)\">\n<h3 class=\"wp-block-heading\">Seit 20 Jahren Vertriebspartner<\/h3>\n\n\n\n<p class=\"has-step-1-font-size\">&#8220;Aktuell bin ich in zwei Tiroler Bezirken unterwegs und zus\u00e4tzlich als Teamleiter t\u00e4tig. Leeb ist f\u00fcr mich ein gesundes, famili\u00e4res Unternehmen, das versucht immer wieder innovativ zu sein. Genau das &#8211; und die Menschen hier &#8211; machen es f\u00fcr mich besonders.&#8221;<\/p>\n\n\n\n<p class=\"has-step-s-font-size\"><strong>Peter Schedler<\/strong><br>Vertriebspartner in Tirol<\/p>\n<\/div>\n<\/div>\n<\/div>\n\n\n\n<div class=\"wp-block-columns testimonial m-split m-split-reverse is-layout-flex wp-container-core-columns-is-layout-28232c24 wp-block-columns-is-layout-flex\">\n<div class=\"wp-block-column testimonial-text is-layout-flow wp-block-column-is-layout-flow\">\n<div class=\"wp-block-group has-light-gray-background-color has-background is-vertical is-layout-flex wp-container-core-group-is-layout-497906c9 wp-block-group-is-layout-flex\" style=\"padding-top:var(--wp--preset--spacing--xl);padding-right:var(--wp--preset--spacing--xl);padding-bottom:var(--wp--preset--spacing--xl);padding-left:var(--wp--preset--spacing--l)\">\n<h3 class=\"wp-block-heading\">Leeb als erfolgreicher Schritt Richtung Zukunft<\/h3>\n\n\n\n<p class=\"has-step-1-font-size\">\u201eSeit Mai 2024 bin ich Partner bei Leeb und habe nach einer intensiven Schulung mit meiner neu gestalteten Ausstellung den n\u00e4chsten Schritt in die Zukunft gesetzt. Schon bei meinem Besuch in Gnesau wurde mir klar, dass ich diese hochwertigen Produkte unbedingt in meiner Region pr\u00e4sentieren m\u00f6chte. Leeb vereint f\u00fcr mich Qualit\u00e4t, Design und perfekte Verarbeitung \u2013 Werte, hinter denen ich im Vertrieb voll und ganz stehen kann. Ich bin \u00fcberzeugt, dass hier enormes Potenzial steckt und ich alles daran setzen werde, Leeb in meiner Region gro\u00df zu machen. Besonders sch\u00e4tze ich auch das Miteinander im Team \u2013 von Beginn an konnte ich auf die Unterst\u00fctzung meiner Kollegen z\u00e4hlen, und das ist wirklich etwas Besonderes.\u201c<\/p>\n\n\n\n<p class=\"has-step-s-font-size\"><strong>Florian Keller<\/strong><br>Vertriebspartner in Baden-W\u00fcrttemberg<\/p>\n<\/div>\n<\/div>\n\n\n\n<div class=\"wp-block-column is-layout-flow wp-block-column-is-layout-flow\">\n<div class=\"wp-block-group is-layout-flow wp-block-group-is-layout-flow has-background\" style=\"min-height:100%;background-image:url(&#039;https:\/\/www.leeb-balkone.com\/app\/uploads\/2025\/04\/Schauraum-Leeb-Tettnang-Florian-Keller-17-scaled.jpg&#039;);background-position:44% 42%;background-size:cover;\"><\/div>\n<\/div>\n<\/div>\n<\/section>\n\n\n\n<section class=\"wp-block-cover alignfull is-light\" style=\"margin-top:0;margin-bottom:0;padding-top:0;padding-right:0;padding-bottom:0;padding-left:0;min-height:100px;aspect-ratio:unset;\"><img loading=\"lazy\" decoding=\"async\" width=\"2560\" height=\"1865\" class=\"wp-block-cover__image-background wp-image-44801\" alt=\"lehre bei leeb balkone\" src=\"https:\/\/www.leeb-balkone.com\/app\/uploads\/2021\/06\/lehre-bei-leeb-balkone-scaled.jpg\" style=\"object-position:50% 12%\" data-object-fit=\"cover\" data-object-position=\"50% 12%\" srcset=\"https:\/\/www.leeb-balkone.com\/app\/uploads\/2021\/06\/lehre-bei-leeb-balkone-scaled.jpg 2560w, https:\/\/www.leeb-balkone.com\/app\/uploads\/2021\/06\/lehre-bei-leeb-balkone-300x219.jpg 300w, https:\/\/www.leeb-balkone.com\/app\/uploads\/2021\/06\/lehre-bei-leeb-balkone-1024x746.jpg 1024w, https:\/\/www.leeb-balkone.com\/app\/uploads\/2021\/06\/lehre-bei-leeb-balkone-768x560.jpg 768w, https:\/\/www.leeb-balkone.com\/app\/uploads\/2021\/06\/lehre-bei-leeb-balkone-1536x1119.jpg 1536w, https:\/\/www.leeb-balkone.com\/app\/uploads\/2021\/06\/lehre-bei-leeb-balkone-2048x1492.jpg 2048w\" sizes=\"auto, (max-width: 2560px) 100vw, 2560px\" \/><span aria-hidden=\"true\" class=\"wp-block-cover__background has-primary-background-color has-background-dim-70 has-background-dim\"><\/span><div class=\"wp-block-cover__inner-container has-global-padding is-layout-constrained wp-container-core-cover-is-layout-fc5783d2 wp-block-cover-is-layout-constrained\">\n<div class=\"wp-block-group is-layout-flow wp-block-group-is-layout-flow\" style=\"min-height:0px;margin-top:0;margin-bottom:0;padding-top:var(--wp--preset--spacing--2-xl);padding-bottom:var(--wp--preset--spacing--2-xl);padding-left:0\">\n<div class=\"wp-block-columns are-vertically-aligned-center is-layout-flex wp-container-core-columns-is-layout-0a4bbf16 wp-block-columns-is-layout-flex\" style=\"margin-top:0;margin-bottom:0\">\n<div class=\"wp-block-column is-vertically-aligned-center is-layout-flow wp-block-column-is-layout-flow\" style=\"flex-basis:66.66%\">\n<h2 class=\"wp-block-heading has-white-color has-text-color has-link-color wp-elements-cb727aa763d059bafde7d98e5557a2bc\"><strong>F\u00fcr alle, die mehr wollen als Durchschnitt<\/strong><\/h2>\n\n\n\n<p class=\"has-white-color has-text-color has-link-color wp-elements-9482c54bd35c4089a44c7d248a410f71\">Werden Sie Teil unseres Teams, gestalten Sie Ihre Karriere auf selbst\u00e4ndiger Basis und\u2028nutzen Sie jetzt Ihre Chance!<\/p>\n<\/div>\n\n\n\n<div class=\"wp-block-column is-vertically-aligned-center is-layout-flow wp-block-column-is-layout-flow\" style=\"flex-basis:33.33%\">\n<div class=\"wp-block-buttons u-m-jc-left is-content-justification-right is-layout-flex wp-container-core-buttons-is-layout-c060c6c7 wp-block-buttons-is-layout-flex\">\n<div class=\"wp-block-button is-style-filled-white large\"><a class=\"wp-block-button__link wp-element-button\" href=\"#bewerbung\">Jetzt bewerben<\/a><\/div>\n<\/div>\n<\/div>\n<\/div>\n<\/div>\n<\/div><\/section>\n\n\n\n<section class=\"wp-block-group alignfull u-of-visible has-white-background-color has-background has-global-padding is-layout-constrained wp-container-core-group-is-layout-e37a80b5 wp-block-group-is-layout-constrained\" style=\"margin-top:0;margin-bottom:0;padding-top:var(--wp--preset--spacing--2-xl);padding-bottom:var(--wp--preset--spacing--2-xl)\">\n<div class=\"wp-block-group has-global-padding is-layout-constrained wp-container-core-group-is-layout-4d3606bf wp-block-group-is-layout-constrained\" style=\"padding-bottom:var(--wp--preset--spacing--2-xl)\">\n<div class=\"wp-block-columns is-layout-flex wp-container-core-columns-is-layout-0a4bbf16 wp-block-columns-is-layout-flex\" style=\"margin-top:0;margin-bottom:0\">\n<div class=\"wp-block-column is-vertically-aligned-bottom is-layout-flow wp-block-column-is-layout-flow\" style=\"flex-basis:66.66%\">\n<h2 class=\"wp-block-heading\">Ihr zuk\u00fcnftiges Team<\/h2>\n\n\n\n<p>Erhalten Sie einen ersten Eindruck von unserem Team \u2013 drei Kolleg:innen geben Ihnen einen Einblick in ihre Rollen. So wissen Sie schon, mit wem sie in Zukunft zusammenarbeiten k\u00f6nnten.<\/p>\n<\/div>\n\n\n\n<div class=\"wp-block-column is-vertically-aligned-bottom is-layout-flow wp-block-column-is-layout-flow\" style=\"flex-basis:33.33%\"><\/div>\n<\/div>\n<\/div>\n\n\n\n<div class=\"wp-block-group has-global-padding is-layout-constrained wp-container-core-group-is-layout-9e9bff0e wp-block-group-is-layout-constrained\" style=\"margin-top:0\">\n<div class=\"wp-block-group is-layout-grid wp-container-core-group-is-layout-b1ece131 wp-block-group-is-layout-grid\">\n<div class=\"wp-block-group is-vertical is-content-justification-center is-layout-flex wp-container-core-group-is-layout-72bb9c14 wp-block-group-is-layout-flex\">\n<figure class=\"wp-block-image size-full has-custom-border\"><img loading=\"lazy\" decoding=\"async\" width=\"1706\" height=\"2560\" src=\"https:\/\/www.leeb-balkone.com\/app\/uploads\/2025\/04\/Portrait-Julia-Krenn-1-1-scaled.jpg\" alt=\"Portrait Julia Krenn 1\" class=\"wp-image-147084\" style=\"border-radius:100%;aspect-ratio:1;object-fit:cover\" srcset=\"https:\/\/www.leeb-balkone.com\/app\/uploads\/2025\/04\/Portrait-Julia-Krenn-1-1-scaled.jpg 1706w, https:\/\/www.leeb-balkone.com\/app\/uploads\/2025\/04\/Portrait-Julia-Krenn-1-1-200x300.jpg 200w, https:\/\/www.leeb-balkone.com\/app\/uploads\/2025\/04\/Portrait-Julia-Krenn-1-1-682x1024.jpg 682w, https:\/\/www.leeb-balkone.com\/app\/uploads\/2025\/04\/Portrait-Julia-Krenn-1-1-768x1152.jpg 768w, https:\/\/www.leeb-balkone.com\/app\/uploads\/2025\/04\/Portrait-Julia-Krenn-1-1-1024x1536.jpg 1024w, https:\/\/www.leeb-balkone.com\/app\/uploads\/2025\/04\/Portrait-Julia-Krenn-1-1-1365x2048.jpg 1365w\" sizes=\"auto, (max-width: 1706px) 100vw, 1706px\" \/><\/figure>\n\n\n\n<div class=\"wp-block-group is-vertical is-content-justification-center is-layout-flex wp-container-core-group-is-layout-24ea93b6 wp-block-group-is-layout-flex\" style=\"margin-top:0;margin-bottom:0\">\n<p class=\"has-text-align-center\"><strong>Julia Krenn <\/strong><\/p>\n\n\n\n<p class=\"has-step-xs-font-size\">HR Management <\/p>\n<\/div>\n<\/div>\n\n\n\n<div class=\"wp-block-group is-vertical is-content-justification-center is-layout-flex wp-container-core-group-is-layout-72bb9c14 wp-block-group-is-layout-flex\">\n<figure class=\"wp-block-image size-large has-custom-border\"><img loading=\"lazy\" decoding=\"async\" width=\"683\" height=\"1024\" src=\"https:\/\/www.leeb-balkone.com\/app\/uploads\/2025\/04\/Portrait-Christian-Wernig-683x1024.jpg\" alt=\"Portrait Christian Wernig\" class=\"wp-image-147089\" style=\"border-radius:100%;aspect-ratio:1;object-fit:cover\" srcset=\"https:\/\/www.leeb-balkone.com\/app\/uploads\/2025\/04\/Portrait-Christian-Wernig-683x1024.jpg 683w, https:\/\/www.leeb-balkone.com\/app\/uploads\/2025\/04\/Portrait-Christian-Wernig-200x300.jpg 200w, https:\/\/www.leeb-balkone.com\/app\/uploads\/2025\/04\/Portrait-Christian-Wernig-768x1152.jpg 768w, https:\/\/www.leeb-balkone.com\/app\/uploads\/2025\/04\/Portrait-Christian-Wernig-1024x1536.jpg 1024w, https:\/\/www.leeb-balkone.com\/app\/uploads\/2025\/04\/Portrait-Christian-Wernig-1366x2048.jpg 1366w, https:\/\/www.leeb-balkone.com\/app\/uploads\/2025\/04\/Portrait-Christian-Wernig-scaled.jpg 1707w\" sizes=\"auto, (max-width: 683px) 100vw, 683px\" \/><\/figure>\n\n\n\n<div class=\"wp-block-group is-vertical is-content-justification-center is-layout-flex wp-container-core-group-is-layout-24ea93b6 wp-block-group-is-layout-flex\" style=\"margin-top:0;margin-bottom:0\">\n<p class=\"has-text-align-center\"><strong>Christian Wernig<\/strong><\/p>\n\n\n\n<p class=\"has-step-xs-font-size\">Vertriebsleitung DE<\/p>\n<\/div>\n<\/div>\n\n\n\n<div class=\"wp-block-group is-vertical is-content-justification-center is-layout-flex wp-container-core-group-is-layout-72bb9c14 wp-block-group-is-layout-flex\">\n<figure class=\"wp-block-image size-large has-custom-border\"><img loading=\"lazy\" decoding=\"async\" width=\"683\" height=\"1024\" src=\"https:\/\/www.leeb-balkone.com\/app\/uploads\/2025\/04\/Portrait-Burgunde-Kirchbaumer-683x1024.jpg\" alt=\"Portrait Burgunde Kirchbaumer\" class=\"wp-image-147095\" style=\"border-radius:100%;aspect-ratio:1;object-fit:cover\" srcset=\"https:\/\/www.leeb-balkone.com\/app\/uploads\/2025\/04\/Portrait-Burgunde-Kirchbaumer-683x1024.jpg 683w, https:\/\/www.leeb-balkone.com\/app\/uploads\/2025\/04\/Portrait-Burgunde-Kirchbaumer-200x300.jpg 200w, https:\/\/www.leeb-balkone.com\/app\/uploads\/2025\/04\/Portrait-Burgunde-Kirchbaumer-768x1152.jpg 768w, https:\/\/www.leeb-balkone.com\/app\/uploads\/2025\/04\/Portrait-Burgunde-Kirchbaumer-1024x1536.jpg 1024w, https:\/\/www.leeb-balkone.com\/app\/uploads\/2025\/04\/Portrait-Burgunde-Kirchbaumer-1366x2048.jpg 1366w, https:\/\/www.leeb-balkone.com\/app\/uploads\/2025\/04\/Portrait-Burgunde-Kirchbaumer-scaled.jpg 1707w\" sizes=\"auto, (max-width: 683px) 100vw, 683px\" \/><\/figure>\n\n\n\n<div class=\"wp-block-group is-vertical is-content-justification-center is-layout-flex wp-container-core-group-is-layout-24ea93b6 wp-block-group-is-layout-flex\" style=\"margin-top:0;margin-bottom:0\">\n<p class=\"has-text-align-center\"><strong>Burgunde Kirchbaumer<\/strong><\/p>\n\n\n\n<p class=\"has-step-xs-font-size\">Leitung Auftragsmanagement<\/p>\n<\/div>\n<\/div>\n<\/div>\n<\/div>\n<\/section>\n<\/div>\n\n\n\n<section id=\"bewerbung\" class=\"wp-block-cgb-t3-section-block alignfull b-pt-none\" style=\"display:inherit;background-color:#F5F5F5;min-height:inherit\">\n<div class=\"wp-block-cgb-t3-container-block b-has-offset-h\" style=\"background-color:none\"><div class=\"grid-container\"><div class=\"grid-x\"><div class=\"cell small-12 medium-6 large-0 medium-offset-1\">\n<h2 class=\"wp-block-heading\" id=\"kontaktieren-sie-uns\">Jetzt bewerben<\/h2>\n<\/div><\/div><\/div><\/div>\n\n\n\n<div class=\"wp-block-cgb-t3-container-block none b-has-pt\" style=\"background-color:none\"><div class=\"grid-container\">\n<div class=\"wp-block-columns is-layout-flex wp-container-core-columns-is-layout-28f84493 wp-block-columns-is-layout-flex\">\n<div class=\"wp-block-column is-layout-flow wp-block-column-is-layout-flow\"><\/div>\n\n\n\n<div class=\"wp-block-column is-layout-flow wp-block-column-is-layout-flow\"><\/div>\n<\/div>\n\n\n\n<div class=\"wp-block-group has-global-padding is-layout-constrained wp-container-core-group-is-layout-cf8232cb wp-block-group-is-layout-constrained\">\n<div class=\"wp-block-columns is-layout-flex wp-container-core-columns-is-layout-28f84493 wp-block-columns-is-layout-flex\">\n<div class=\"wp-block-column is-layout-flow wp-block-column-is-layout-flow\" style=\"flex-basis:66.66%\"><form action=\"https:\/\/www.leeb-balkone.com\/de\/wp-json\/ws-form\/v1\/submit\" class=\"wsf-form wsf-form-canvas\" id=\"ws-form-1\" data-id=\"6\" data-instance-id=\"1\" method=\"POST\"><\/form><\/div>\n\n\n\n<div class=\"wp-block-column is-layout-flow wp-block-column-is-layout-flow\" style=\"flex-basis:33.33%\">\n<p><\/p>\n<\/div>\n<\/div>\n<\/div>\n<\/div><\/div>\n<\/section>\n","protected":false},"excerpt":{"rendered":"","protected":false},"featured_media":152954,"menu_order":0,"template":"template-onepager.blade.php","format":"standard","meta":{"_acf_changed":false,"footnotes":"","_sage_theme_css":false,"_wp_block_core_css":true},"job_category":[],"class_list":["post-145619","jobs","type-jobs","status-publish","format-standard","has-post-thumbnail","hentry"],"acf":[],"yoast_head":"<!-- This site is optimized with the Yoast SEO plugin v27.2 - https:\/\/yoast.com\/product\/yoast-seo-wordpress\/ -->\n<title>Selbstst\u00e4ndiger Vertriebspartner - Leeb Balkone Deutschland<\/title>\n<meta name=\"description\" content=\"(m\/w\/d) Bei Leeb Balkone suchen wir Vertriebspartner:innen, die nicht nur verkaufen wollen \u2013 sondern mit uns gemeinsam wachsen. Jetzt bewerben Deine\" \/>\n<meta name=\"robots\" content=\"index, follow, max-snippet:-1, max-image-preview:large, max-video-preview:-1\" \/>\n<meta property=\"og:locale\" content=\"de_DE\" \/>\n<meta property=\"og:type\" content=\"article\" \/>\n<meta property=\"og:title\" content=\"Selbstst\u00e4ndiger Vertriebspartner - Leeb Balkone\" \/>\n<meta property=\"og:description\" content=\"(m\/w\/d) Bei Leeb Balkone suchen wir Vertriebspartner:innen, die nicht nur verkaufen wollen \u2013 sondern mit uns gemeinsam wachsen. Jetzt bewerben Deine\" \/>\n<meta property=\"og:url\" content=\"https:\/\/www.leeb-balkone.com\/de\/jobs\/selbststandiger-vertriebspartner\/\" \/>\n<meta property=\"og:site_name\" content=\"Leeb Balkone\" \/>\n<meta property=\"article:publisher\" content=\"https:\/\/www.facebook.com\/balkone\/\" \/>\n<meta property=\"article:modified_time\" content=\"2026-02-23T13:23:13+00:00\" \/>\n<meta property=\"og:image\" content=\"https:\/\/www.leeb-balkone.com\/app\/uploads\/2025\/04\/Schauraum-Leeb-Tettnang-Florian-Keller-17-scaled.jpg\" \/>\n\t<meta property=\"og:image:width\" content=\"2560\" \/>\n\t<meta property=\"og:image:height\" content=\"1707\" \/>\n\t<meta property=\"og:image:type\" content=\"image\/jpeg\" \/>\n<meta name=\"twitter:card\" content=\"summary_large_image\" \/>\n<script type=\"application\/ld+json\" class=\"yoast-schema-graph\">{\"@context\":\"https:\/\/schema.org\",\"@graph\":[{\"@type\":\"WebPage\",\"@id\":\"https:\/\/www.leeb-balkone.com\/de\/jobs\/selbststandiger-vertriebspartner\/\",\"url\":\"https:\/\/www.leeb-balkone.com\/de\/jobs\/selbststandiger-vertriebspartner\/\",\"name\":\"Selbstst\u00e4ndiger Vertriebspartner - Leeb Balkone\",\"isPartOf\":{\"@id\":\"https:\/\/www.leeb-balkone.com\/de\/#website\"},\"primaryImageOfPage\":{\"@id\":\"https:\/\/www.leeb-balkone.com\/de\/jobs\/selbststandiger-vertriebspartner\/#primaryimage\"},\"image\":{\"@id\":\"https:\/\/www.leeb-balkone.com\/de\/jobs\/selbststandiger-vertriebspartner\/#primaryimage\"},\"thumbnailUrl\":\"https:\/\/www.leeb-balkone.com\/app\/uploads\/2025\/04\/Schauraum-Leeb-Tettnang-Florian-Keller-17-scaled.jpg\",\"datePublished\":\"2025-04-14T09:46:24+00:00\",\"dateModified\":\"2026-02-23T13:23:13+00:00\",\"description\":\"(m\/w\/d) Bei Leeb Balkone suchen wir Vertriebspartner:innen, die nicht nur verkaufen wollen \u2013 sondern mit uns gemeinsam wachsen. Jetzt bewerben Deine\",\"breadcrumb\":{\"@id\":\"https:\/\/www.leeb-balkone.com\/de\/jobs\/selbststandiger-vertriebspartner\/#breadcrumb\"},\"inLanguage\":\"de\",\"potentialAction\":[{\"@type\":\"ReadAction\",\"target\":[\"https:\/\/www.leeb-balkone.com\/de\/jobs\/selbststandiger-vertriebspartner\/\"]}]},{\"@type\":\"ImageObject\",\"inLanguage\":\"de\",\"@id\":\"https:\/\/www.leeb-balkone.com\/de\/jobs\/selbststandiger-vertriebspartner\/#primaryimage\",\"url\":\"https:\/\/www.leeb-balkone.com\/app\/uploads\/2025\/04\/Schauraum-Leeb-Tettnang-Florian-Keller-17-scaled.jpg\",\"contentUrl\":\"https:\/\/www.leeb-balkone.com\/app\/uploads\/2025\/04\/Schauraum-Leeb-Tettnang-Florian-Keller-17-scaled.jpg\",\"width\":2560,\"height\":1707},{\"@type\":\"BreadcrumbList\",\"@id\":\"https:\/\/www.leeb-balkone.com\/de\/jobs\/selbststandiger-vertriebspartner\/#breadcrumb\",\"itemListElement\":[{\"@type\":\"ListItem\",\"position\":1,\"name\":\"Home\",\"item\":\"https:\/\/www.leeb-balkone.com\/de\/\"},{\"@type\":\"ListItem\",\"position\":2,\"name\":\"Selbstst\u00e4ndiger Vertriebspartner\"}]},{\"@type\":\"WebSite\",\"@id\":\"https:\/\/www.leeb-balkone.com\/de\/#website\",\"url\":\"https:\/\/www.leeb-balkone.com\/de\/\",\"name\":\"Leeb Balkone\",\"description\":\"Balkone und Z\u00e4une\",\"publisher\":{\"@id\":\"https:\/\/www.leeb-balkone.com\/de\/#organization\"},\"potentialAction\":[{\"@type\":\"SearchAction\",\"target\":{\"@type\":\"EntryPoint\",\"urlTemplate\":\"https:\/\/www.leeb-balkone.com\/de\/?s={search_term_string}\"},\"query-input\":{\"@type\":\"PropertyValueSpecification\",\"valueRequired\":true,\"valueName\":\"search_term_string\"}}],\"inLanguage\":\"de\"},{\"@type\":\"Organization\",\"@id\":\"https:\/\/www.leeb-balkone.com\/de\/#organization\",\"name\":\"Leeb Balkone Gmbh\",\"url\":\"https:\/\/www.leeb-balkone.com\/de\/\",\"logo\":{\"@type\":\"ImageObject\",\"inLanguage\":\"de\",\"@id\":\"https:\/\/www.leeb-balkone.com\/de\/#\/schema\/logo\/image\/\",\"url\":\"https:\/\/www.leeb-balkone.com\/app\/uploads\/2020\/11\/leeb-logo.svg\",\"contentUrl\":\"https:\/\/www.leeb-balkone.com\/app\/uploads\/2020\/11\/leeb-logo.svg\",\"width\":741,\"height\":204,\"caption\":\"Leeb Balkone Gmbh\"},\"image\":{\"@id\":\"https:\/\/www.leeb-balkone.com\/de\/#\/schema\/logo\/image\/\"},\"sameAs\":[\"https:\/\/www.facebook.com\/balkone\/\",\"https:\/\/www.trustedshops.at\/bewertung\/info_X4587CCF5833E31AFE0B11F47D86999F2.html\",\"https:\/\/www.trustedshops.de\/bewertung\/info_X7BA536A7A0BDC86D36C4718E4DCAEEEF.html\",\"https:\/\/www.google.com\/maps\/place\/?q=place_id:ChIJ5-zH19-IcEcR9HonWRTllHI\"]}]}<\/script>\n<!-- \/ Yoast SEO plugin. -->","yoast_head_json":{"title":"Selbstst\u00e4ndiger Vertriebspartner - Leeb Balkone Deutschland","description":"(m\/w\/d) Bei Leeb Balkone suchen wir Vertriebspartner:innen, die nicht nur verkaufen wollen \u2013 sondern mit uns gemeinsam wachsen. Jetzt bewerben Deine","robots":{"index":"index","follow":"follow","max-snippet":"max-snippet:-1","max-image-preview":"max-image-preview:large","max-video-preview":"max-video-preview:-1"},"og_locale":"de_DE","og_type":"article","og_title":"Selbstst\u00e4ndiger Vertriebspartner - Leeb Balkone","og_description":"(m\/w\/d) Bei Leeb Balkone suchen wir Vertriebspartner:innen, die nicht nur verkaufen wollen \u2013 sondern mit uns gemeinsam wachsen. Jetzt bewerben Deine","og_url":"https:\/\/www.leeb-balkone.com\/de\/jobs\/selbststandiger-vertriebspartner\/","og_site_name":"Leeb Balkone","article_publisher":"https:\/\/www.facebook.com\/balkone\/","article_modified_time":"2026-02-23T13:23:13+00:00","og_image":[{"width":2560,"height":1707,"url":"https:\/\/www.leeb-balkone.com\/app\/uploads\/2025\/04\/Schauraum-Leeb-Tettnang-Florian-Keller-17-scaled.jpg","type":"image\/jpeg"}],"twitter_card":"summary_large_image","schema":{"@context":"https:\/\/schema.org","@graph":[{"@type":"WebPage","@id":"https:\/\/www.leeb-balkone.com\/de\/jobs\/selbststandiger-vertriebspartner\/","url":"https:\/\/www.leeb-balkone.com\/de\/jobs\/selbststandiger-vertriebspartner\/","name":"Selbstst\u00e4ndiger Vertriebspartner - Leeb Balkone","isPartOf":{"@id":"https:\/\/www.leeb-balkone.com\/de\/#website"},"primaryImageOfPage":{"@id":"https:\/\/www.leeb-balkone.com\/de\/jobs\/selbststandiger-vertriebspartner\/#primaryimage"},"image":{"@id":"https:\/\/www.leeb-balkone.com\/de\/jobs\/selbststandiger-vertriebspartner\/#primaryimage"},"thumbnailUrl":"https:\/\/www.leeb-balkone.com\/app\/uploads\/2025\/04\/Schauraum-Leeb-Tettnang-Florian-Keller-17-scaled.jpg","datePublished":"2025-04-14T09:46:24+00:00","dateModified":"2026-02-23T13:23:13+00:00","description":"(m\/w\/d) Bei Leeb Balkone suchen wir Vertriebspartner:innen, die nicht nur verkaufen wollen \u2013 sondern mit uns gemeinsam wachsen. Jetzt bewerben Deine","breadcrumb":{"@id":"https:\/\/www.leeb-balkone.com\/de\/jobs\/selbststandiger-vertriebspartner\/#breadcrumb"},"inLanguage":"de","potentialAction":[{"@type":"ReadAction","target":["https:\/\/www.leeb-balkone.com\/de\/jobs\/selbststandiger-vertriebspartner\/"]}]},{"@type":"ImageObject","inLanguage":"de","@id":"https:\/\/www.leeb-balkone.com\/de\/jobs\/selbststandiger-vertriebspartner\/#primaryimage","url":"https:\/\/www.leeb-balkone.com\/app\/uploads\/2025\/04\/Schauraum-Leeb-Tettnang-Florian-Keller-17-scaled.jpg","contentUrl":"https:\/\/www.leeb-balkone.com\/app\/uploads\/2025\/04\/Schauraum-Leeb-Tettnang-Florian-Keller-17-scaled.jpg","width":2560,"height":1707},{"@type":"BreadcrumbList","@id":"https:\/\/www.leeb-balkone.com\/de\/jobs\/selbststandiger-vertriebspartner\/#breadcrumb","itemListElement":[{"@type":"ListItem","position":1,"name":"Home","item":"https:\/\/www.leeb-balkone.com\/de\/"},{"@type":"ListItem","position":2,"name":"Selbstst\u00e4ndiger Vertriebspartner"}]},{"@type":"WebSite","@id":"https:\/\/www.leeb-balkone.com\/de\/#website","url":"https:\/\/www.leeb-balkone.com\/de\/","name":"Leeb Balkone","description":"Balkone und Z\u00e4une","publisher":{"@id":"https:\/\/www.leeb-balkone.com\/de\/#organization"},"potentialAction":[{"@type":"SearchAction","target":{"@type":"EntryPoint","urlTemplate":"https:\/\/www.leeb-balkone.com\/de\/?s={search_term_string}"},"query-input":{"@type":"PropertyValueSpecification","valueRequired":true,"valueName":"search_term_string"}}],"inLanguage":"de"},{"@type":"Organization","@id":"https:\/\/www.leeb-balkone.com\/de\/#organization","name":"Leeb Balkone Gmbh","url":"https:\/\/www.leeb-balkone.com\/de\/","logo":{"@type":"ImageObject","inLanguage":"de","@id":"https:\/\/www.leeb-balkone.com\/de\/#\/schema\/logo\/image\/","url":"https:\/\/www.leeb-balkone.com\/app\/uploads\/2020\/11\/leeb-logo.svg","contentUrl":"https:\/\/www.leeb-balkone.com\/app\/uploads\/2020\/11\/leeb-logo.svg","width":741,"height":204,"caption":"Leeb Balkone Gmbh"},"image":{"@id":"https:\/\/www.leeb-balkone.com\/de\/#\/schema\/logo\/image\/"},"sameAs":["https:\/\/www.facebook.com\/balkone\/","https:\/\/www.trustedshops.at\/bewertung\/info_X4587CCF5833E31AFE0B11F47D86999F2.html","https:\/\/www.trustedshops.de\/bewertung\/info_X7BA536A7A0BDC86D36C4718E4DCAEEEF.html","https:\/\/www.google.com\/maps\/place\/?q=place_id:ChIJ5-zH19-IcEcR9HonWRTllHI"]}]}},"_links":{"self":[{"href":"https:\/\/www.leeb-balkone.com\/de\/wp-json\/wp\/v2\/jobs\/145619","targetHints":{"allow":["GET"]}}],"collection":[{"href":"https:\/\/www.leeb-balkone.com\/de\/wp-json\/wp\/v2\/jobs"}],"about":[{"href":"https:\/\/www.leeb-balkone.com\/de\/wp-json\/wp\/v2\/types\/jobs"}],"version-history":[{"count":76,"href":"https:\/\/www.leeb-balkone.com\/de\/wp-json\/wp\/v2\/jobs\/145619\/revisions"}],"predecessor-version":[{"id":156098,"href":"https:\/\/www.leeb-balkone.com\/de\/wp-json\/wp\/v2\/jobs\/145619\/revisions\/156098"}],"wp:featuredmedia":[{"embeddable":true,"href":"https:\/\/www.leeb-balkone.com\/de\/wp-json\/wp\/v2\/media\/152954"}],"wp:attachment":[{"href":"https:\/\/www.leeb-balkone.com\/de\/wp-json\/wp\/v2\/media?parent=145619"}],"wp:term":[{"taxonomy":"job_category","embeddable":true,"href":"https:\/\/www.leeb-balkone.com\/de\/wp-json\/wp\/v2\/job_category?post=145619"}],"curies":[{"name":"wp","href":"https:\/\/api.w.org\/{rel}","templated":true}]}}