{"id":83739,"date":"2022-04-29T07:20:24","date_gmt":"2022-04-29T07:20:24","guid":{"rendered":"https:\/\/www.leeb-balkone.com\/de\/technik\/glas\/"},"modified":"2025-12-26T17:28:33","modified_gmt":"2025-12-26T17:28:33","slug":"glas","status":"publish","type":"page","link":"https:\/\/www.leeb-balkone.com\/ch\/technik\/glas\/","title":{"rendered":"Glas von Leeb"},"content":{"rendered":"<header data-block_acf-block-6939f86462a74 class=\"c-fh  l-mh-small c-fh--hero c-grad-l2r c-fh--div none\">\n      <img loading=\"lazy\" decoding=\"async\" width=\"1920\" height=\"599\" src=\"https:\/\/www.leeb-balkone.com\/app\/uploads\/2022\/02\/glas-balkongelaender-alu-design-vision-31-Kopie-1.jpg\" class=\"no-lazy\" alt=\"glas balkongelaender alu design vision 31 Kopie 1\" srcset=\"https:\/\/www.leeb-balkone.com\/app\/uploads\/2022\/02\/glas-balkongelaender-alu-design-vision-31-Kopie-1-300x94.jpg 300w, https:\/\/www.leeb-balkone.com\/app\/uploads\/2022\/02\/glas-balkongelaender-alu-design-vision-31-Kopie-1-1024x319.jpg 1024w, https:\/\/www.leeb-balkone.com\/app\/uploads\/2022\/02\/glas-balkongelaender-alu-design-vision-31-Kopie-1-768x240.jpg 768w, https:\/\/www.leeb-balkone.com\/app\/uploads\/2022\/02\/glas-balkongelaender-alu-design-vision-31-Kopie-1-1536x479.jpg 1536w\" sizes=\"auto, (min-width: 1536px) 2048px, (min-width: 992px) 1536px, (min-width: 768px) 1024px, (min-width: 576px) 768px, 100vw\" \/>\n\n\n<div class=\"grid-container\">\n  <div class=\"grid-x\">\n    <div class=\"cell small-12 medium-6 medium-offset-1\">\n      <div class=\"c-fh__wrapper\">\n                              <p>Sichere Glasbalkone<\/p>\n                        <\/div>\n    <\/div>\n  <\/div>\n<\/div>\n  \n    \n    <\/header>\n\n\n  \n  <section class=\"wp-block-group alignfull t3-header u-max-wide t3-header-text has-white-background-color has-background has-global-padding is-layout-constrained wp-block-group-is-layout-constrained\">\n    <div class=\"wp-block-group o-grid u-md-1 u-sm-1 is-layout-flow wp-block-group-is-layout-flow\">\n  <div class=\"wp-block-group u-g-10 u-g-s-2\">\n      <div class=\"yoast-breadcrumbs\"><span><span><a href=\"https:\/\/www.leeb-balkone.com\/ch\/\">Home<\/a><\/span><\/span><\/div>\n      \n    <h1>Glas von Leeb<\/h1>\n  <\/div>\n<\/div>\n  <\/section>\n\n\n\n\n\n\n<section id=\"first-section\" class=\"wp-block-cgb-t3-section-block alignfull b-pt-small  is-style-default\" style=\"display:inherit;background-color:#fff;min-height:inherit\">\n<div class=\"wp-block-cgb-t3-container-block none\" style=\"background-color:none\"><div class=\"grid-container\"><div class=\"grid-x\"><div class=\"cell small-12 medium-9 large-0 medium-offset-1 b-has-lsmb\">\n<p><span class=\"teaser\">Glas-Balkongel\u00e4nder, -Z\u00e4une und \u00dcberdachungen von Leeb sind mit hochwertigen Verbundsicherheitsgl\u00e4sern (VSG) ausgestattet. In der hauseigenen Glaserei werden die ben\u00f6tigten Glaselemente f\u00fcr die gesamte Produktpalette mittels modernen Anlagen und geschulten Mitarbeiterinnen und Mitarbeitern verarbeitet.<\/span><\/p>\n\n\n\n<p>Wir legen gro\u00dfen Wert auf Sicherheit und verwenden ausschlie\u00dflich der Norm entsprechendes Verbund-Sicherheitsglas f\u00fcr unsere Balkone, Z\u00e4une und \u00dcberdachungen.<\/p>\n<\/div><\/div><\/div><\/div>\n\n\n<div class=\"b-carousel  band slider\" data-block_acf-block-6939f86462a94>\n  <div class=\"slides\">\n          <div>\n\n\n\n  \n    \n          \n\n              \n        \n\n        <img loading=\"lazy\" decoding=\"async\" width=\"1024\" height=\"684\" src=\"https:\/\/www.leeb-balkone.com\/app\/uploads\/2020\/07\/glas-balkongelaender-alu-design-vision-39-1024x684.jpg\" class=\"no-lazy\" alt=\"Der Charme von Balkonien: Urlaub zu Hause\" srcset=\"https:\/\/www.leeb-balkone.com\/app\/uploads\/2020\/07\/glas-balkongelaender-alu-design-vision-39-1024x684.jpg 1024w, https:\/\/www.leeb-balkone.com\/app\/uploads\/2020\/07\/glas-balkongelaender-alu-design-vision-39-300x200.jpg 300w, https:\/\/www.leeb-balkone.com\/app\/uploads\/2020\/07\/glas-balkongelaender-alu-design-vision-39-768x513.jpg 768w, https:\/\/www.leeb-balkone.com\/app\/uploads\/2020\/07\/glas-balkongelaender-alu-design-vision-39-1536x1025.jpg 1536w, https:\/\/www.leeb-balkone.com\/app\/uploads\/2020\/07\/glas-balkongelaender-alu-design-vision-39-2048x1367.jpg 2048w\" sizes=\"auto, (min-width: 1200px) 1024px, (min-width: 1024px) 768px, (min-width: 640px) 768px, 768px\" \/>        \n            \n          \n  <\/div>\n\n          <div>\n\n\n\n  \n    \n          \n\n              \n        \n\n        <img loading=\"lazy\" decoding=\"async\" width=\"1024\" height=\"763\" src=\"https:\/\/www.leeb-balkone.com\/app\/uploads\/2022\/04\/Aluzaun_Palma-1024x763.jpg\" class=\"no-lazy\" alt=\"Aluzaun Palma\" srcset=\"https:\/\/www.leeb-balkone.com\/app\/uploads\/2022\/04\/Aluzaun_Palma-1024x763.jpg 1024w, https:\/\/www.leeb-balkone.com\/app\/uploads\/2022\/04\/Aluzaun_Palma-300x224.jpg 300w, https:\/\/www.leeb-balkone.com\/app\/uploads\/2022\/04\/Aluzaun_Palma-768x572.jpg 768w, https:\/\/www.leeb-balkone.com\/app\/uploads\/2022\/04\/Aluzaun_Palma-1536x1145.jpg 1536w, https:\/\/www.leeb-balkone.com\/app\/uploads\/2022\/04\/Aluzaun_Palma-scaled.jpg 2048w\" sizes=\"auto, (min-width: 1200px) 1024px, (min-width: 1024px) 768px, (min-width: 640px) 768px, 768px\" \/>        \n            \n          \n  <\/div>\n\n          <div>\n\n\n\n  \n    \n          \n\n              \n        \n\n        <img loading=\"lazy\" decoding=\"async\" width=\"1024\" height=\"683\" src=\"https:\/\/www.leeb-balkone.com\/app\/uploads\/2022\/04\/AluZaun_Casa-Linea_Ambito_Nizza_-1024x683.jpg\" class=\"no-lazy\" alt=\"AluZaun_Casa Linea_Ambito_Nizza_\" srcset=\"https:\/\/www.leeb-balkone.com\/app\/uploads\/2022\/04\/AluZaun_Casa-Linea_Ambito_Nizza_-1024x683.jpg 1024w, https:\/\/www.leeb-balkone.com\/app\/uploads\/2022\/04\/AluZaun_Casa-Linea_Ambito_Nizza_-300x200.jpg 300w, https:\/\/www.leeb-balkone.com\/app\/uploads\/2022\/04\/AluZaun_Casa-Linea_Ambito_Nizza_-768x512.jpg 768w, https:\/\/www.leeb-balkone.com\/app\/uploads\/2022\/04\/AluZaun_Casa-Linea_Ambito_Nizza_-1536x1025.jpg 1536w, https:\/\/www.leeb-balkone.com\/app\/uploads\/2022\/04\/AluZaun_Casa-Linea_Ambito_Nizza_-scaled.jpg 2048w\" sizes=\"auto, (min-width: 1200px) 1024px, (min-width: 1024px) 768px, (min-width: 640px) 768px, 768px\" \/>        \n            \n          \n  <\/div>\n\n          <div>\n\n\n\n  \n    \n          \n\n              \n        \n\n        <img loading=\"lazy\" decoding=\"async\" width=\"1024\" height=\"720\" src=\"https:\/\/www.leeb-balkone.com\/app\/uploads\/2020\/04\/Blitz-in-Galerie-\u00a9photopam-2019-4-1024x720.jpg\" class=\"no-lazy\" alt=\"Modernes Holzhaus mit Alu Design Vision Balkon\" srcset=\"https:\/\/www.leeb-balkone.com\/app\/uploads\/2020\/04\/Blitz-in-Galerie-\u00a9photopam-2019-4-1024x720.jpg 1024w, https:\/\/www.leeb-balkone.com\/app\/uploads\/2020\/04\/Blitz-in-Galerie-\u00a9photopam-2019-4-300x211.jpg 300w, https:\/\/www.leeb-balkone.com\/app\/uploads\/2020\/04\/Blitz-in-Galerie-\u00a9photopam-2019-4-768x540.jpg 768w, https:\/\/www.leeb-balkone.com\/app\/uploads\/2020\/04\/Blitz-in-Galerie-\u00a9photopam-2019-4-1536x1081.jpg 1536w, https:\/\/www.leeb-balkone.com\/app\/uploads\/2020\/04\/Blitz-in-Galerie-\u00a9photopam-2019-4-2048x1441.jpg 2048w\" sizes=\"auto, (min-width: 1200px) 1024px, (min-width: 1024px) 768px, (min-width: 640px) 768px, 768px\" \/>        \n            \n          \n  <\/div>\n\n          <div>\n\n\n\n  \n    \n          \n\n              \n        \n\n        <img loading=\"lazy\" decoding=\"async\" width=\"1024\" height=\"548\" src=\"https:\/\/www.leeb-balkone.com\/app\/uploads\/2022\/04\/U\u0308berdachung_Grauglas_durchsichtig-1024x548.jpg\" class=\"no-lazy\" alt=\"U\u0308berdachung_Grauglas_durchsichtig\" srcset=\"https:\/\/www.leeb-balkone.com\/app\/uploads\/2022\/04\/U\u0308berdachung_Grauglas_durchsichtig-1024x548.jpg 1024w, https:\/\/www.leeb-balkone.com\/app\/uploads\/2022\/04\/U\u0308berdachung_Grauglas_durchsichtig-300x161.jpg 300w, https:\/\/www.leeb-balkone.com\/app\/uploads\/2022\/04\/U\u0308berdachung_Grauglas_durchsichtig-768x411.jpg 768w, https:\/\/www.leeb-balkone.com\/app\/uploads\/2022\/04\/U\u0308berdachung_Grauglas_durchsichtig-1536x822.jpg 1536w, https:\/\/www.leeb-balkone.com\/app\/uploads\/2022\/04\/U\u0308berdachung_Grauglas_durchsichtig-scaled.jpg 2048w\" sizes=\"auto, (min-width: 1200px) 1024px, (min-width: 1024px) 768px, (min-width: 640px) 768px, 768px\" \/>        \n            \n          \n  <\/div>\n\n          <div>\n\n\n\n  \n    \n          \n\n              \n        \n\n        <img loading=\"lazy\" decoding=\"async\" width=\"1024\" height=\"683\" src=\"https:\/\/www.leeb-balkone.com\/app\/uploads\/2022\/04\/AluBalkon_Palma-1024x683.jpg\" class=\"no-lazy\" alt=\"AluBalkon_Palma\" srcset=\"https:\/\/www.leeb-balkone.com\/app\/uploads\/2022\/04\/AluBalkon_Palma-1024x683.jpg 1024w, https:\/\/www.leeb-balkone.com\/app\/uploads\/2022\/04\/AluBalkon_Palma-300x200.jpg 300w, https:\/\/www.leeb-balkone.com\/app\/uploads\/2022\/04\/AluBalkon_Palma-768x512.jpg 768w, https:\/\/www.leeb-balkone.com\/app\/uploads\/2022\/04\/AluBalkon_Palma-1536x1024.jpg 1536w, https:\/\/www.leeb-balkone.com\/app\/uploads\/2022\/04\/AluBalkon_Palma-scaled.jpg 2048w\" sizes=\"auto, (min-width: 1200px) 1024px, (min-width: 1024px) 768px, (min-width: 640px) 768px, 768px\" \/>        \n            \n          \n  <\/div>\n\n          <div>\n\n\n\n  \n    \n          \n\n              \n        \n\n        <img loading=\"lazy\" decoding=\"async\" width=\"1024\" height=\"707\" src=\"https:\/\/www.leeb-balkone.com\/app\/uploads\/2022\/04\/AluBalkon_Metro-1024x707.jpg\" class=\"no-lazy\" alt=\"AluBalkon_Metro\" srcset=\"https:\/\/www.leeb-balkone.com\/app\/uploads\/2022\/04\/AluBalkon_Metro-1024x707.jpg 1024w, https:\/\/www.leeb-balkone.com\/app\/uploads\/2022\/04\/AluBalkon_Metro-300x207.jpg 300w, https:\/\/www.leeb-balkone.com\/app\/uploads\/2022\/04\/AluBalkon_Metro-768x530.jpg 768w, https:\/\/www.leeb-balkone.com\/app\/uploads\/2022\/04\/AluBalkon_Metro-1536x1060.jpg 1536w, https:\/\/www.leeb-balkone.com\/app\/uploads\/2022\/04\/AluBalkon_Metro-scaled.jpg 2048w\" sizes=\"auto, (min-width: 1200px) 1024px, (min-width: 1024px) 768px, (min-width: 640px) 768px, 768px\" \/>        \n            \n          \n  <\/div>\n\n          <div>\n\n\n\n  \n    \n          \n\n              \n        \n\n        <img loading=\"lazy\" decoding=\"async\" width=\"1024\" height=\"770\" src=\"https:\/\/www.leeb-balkone.com\/app\/uploads\/2022\/04\/AluBalkon_Larimar-1024x770.jpg\" class=\"no-lazy\" alt=\"AluBalkon_Larimar\" srcset=\"https:\/\/www.leeb-balkone.com\/app\/uploads\/2022\/04\/AluBalkon_Larimar-1024x770.jpg 1024w, https:\/\/www.leeb-balkone.com\/app\/uploads\/2022\/04\/AluBalkon_Larimar-300x226.jpg 300w, https:\/\/www.leeb-balkone.com\/app\/uploads\/2022\/04\/AluBalkon_Larimar-768x578.jpg 768w, https:\/\/www.leeb-balkone.com\/app\/uploads\/2022\/04\/AluBalkon_Larimar-1536x1155.jpg 1536w, https:\/\/www.leeb-balkone.com\/app\/uploads\/2022\/04\/AluBalkon_Larimar-scaled.jpg 2048w\" sizes=\"auto, (min-width: 1200px) 1024px, (min-width: 1024px) 768px, (min-width: 640px) 768px, 768px\" \/>        \n            \n          \n  <\/div>\n\n          <div>\n\n\n\n  \n    \n          \n\n              \n        \n\n        <img loading=\"lazy\" decoding=\"async\" width=\"1024\" height=\"683\" src=\"https:\/\/www.leeb-balkone.com\/app\/uploads\/2022\/04\/AluBalkon_Casa_Linea-1024x683.jpg\" class=\"no-lazy\" alt=\"AluBalkon_Casa_Linea\" srcset=\"https:\/\/www.leeb-balkone.com\/app\/uploads\/2022\/04\/AluBalkon_Casa_Linea-1024x683.jpg 1024w, https:\/\/www.leeb-balkone.com\/app\/uploads\/2022\/04\/AluBalkon_Casa_Linea-300x200.jpg 300w, https:\/\/www.leeb-balkone.com\/app\/uploads\/2022\/04\/AluBalkon_Casa_Linea-768x512.jpg 768w, https:\/\/www.leeb-balkone.com\/app\/uploads\/2022\/04\/AluBalkon_Casa_Linea-1536x1024.jpg 1536w, https:\/\/www.leeb-balkone.com\/app\/uploads\/2022\/04\/AluBalkon_Casa_Linea-scaled.jpg 2048w\" sizes=\"auto, (min-width: 1200px) 1024px, (min-width: 1024px) 768px, (min-width: 640px) 768px, 768px\" \/>        \n            \n          \n  <\/div>\n\n          <div>\n\n\n\n  \n    \n          \n\n              \n        \n\n        <img loading=\"lazy\" decoding=\"async\" width=\"1024\" height=\"829\" src=\"https:\/\/www.leeb-balkone.com\/app\/uploads\/2022\/04\/AluBalkon_Cancun-1024x829.jpg\" class=\"no-lazy\" alt=\"AluBalkon_Cancun\" srcset=\"https:\/\/www.leeb-balkone.com\/app\/uploads\/2022\/04\/AluBalkon_Cancun-1024x829.jpg 1024w, https:\/\/www.leeb-balkone.com\/app\/uploads\/2022\/04\/AluBalkon_Cancun-300x243.jpg 300w, https:\/\/www.leeb-balkone.com\/app\/uploads\/2022\/04\/AluBalkon_Cancun-768x622.jpg 768w, https:\/\/www.leeb-balkone.com\/app\/uploads\/2022\/04\/AluBalkon_Cancun-1536x1244.jpg 1536w, https:\/\/www.leeb-balkone.com\/app\/uploads\/2022\/04\/AluBalkon_Cancun-scaled.jpg 2048w\" sizes=\"auto, (min-width: 1200px) 1024px, (min-width: 1024px) 768px, (min-width: 640px) 768px, 768px\" \/>        \n            \n          \n  <\/div>\n\n          <div>\n\n\n\n  \n    \n          \n\n              \n        \n\n        <img loading=\"lazy\" decoding=\"async\" width=\"1024\" height=\"684\" src=\"https:\/\/www.leeb-balkone.com\/app\/uploads\/2020\/04\/balkongelaender-alu-design-merida-112-1024x684.jpg\" class=\"no-lazy\" alt=\"balkongelaender alu design merida 112\" srcset=\"https:\/\/www.leeb-balkone.com\/app\/uploads\/2020\/04\/balkongelaender-alu-design-merida-112-1024x684.jpg 1024w, https:\/\/www.leeb-balkone.com\/app\/uploads\/2020\/04\/balkongelaender-alu-design-merida-112-300x200.jpg 300w, https:\/\/www.leeb-balkone.com\/app\/uploads\/2020\/04\/balkongelaender-alu-design-merida-112-768x513.jpg 768w, https:\/\/www.leeb-balkone.com\/app\/uploads\/2020\/04\/balkongelaender-alu-design-merida-112-1536x1025.jpg 1536w, https:\/\/www.leeb-balkone.com\/app\/uploads\/2020\/04\/balkongelaender-alu-design-merida-112-scaled.jpg 2048w\" sizes=\"auto, (min-width: 1200px) 1024px, (min-width: 1024px) 768px, (min-width: 640px) 768px, 768px\" \/>        \n            \n          \n  <\/div>\n\n          <div>\n\n\n\n  \n    \n          \n\n              \n        \n\n        <img loading=\"lazy\" decoding=\"async\" width=\"1024\" height=\"721\" src=\"https:\/\/www.leeb-balkone.com\/app\/uploads\/2020\/06\/AluDesign_Palma_14_Banner-1024x721.jpg\" class=\"no-lazy\" alt=\"AluDesign_Palma_14_Banner\" srcset=\"https:\/\/www.leeb-balkone.com\/app\/uploads\/2020\/06\/AluDesign_Palma_14_Banner-1024x721.jpg 1024w, https:\/\/www.leeb-balkone.com\/app\/uploads\/2020\/06\/AluDesign_Palma_14_Banner-300x211.jpg 300w, https:\/\/www.leeb-balkone.com\/app\/uploads\/2020\/06\/AluDesign_Palma_14_Banner-768x540.jpg 768w, https:\/\/www.leeb-balkone.com\/app\/uploads\/2020\/06\/AluDesign_Palma_14_Banner-1536x1081.jpg 1536w, https:\/\/www.leeb-balkone.com\/app\/uploads\/2020\/06\/AluDesign_Palma_14_Banner-2048x1441.jpg 2048w\" sizes=\"auto, (min-width: 1200px) 1024px, (min-width: 1024px) 768px, (min-width: 640px) 768px, 768px\" \/>        \n            \n          \n  <\/div>\n\n          <div>\n\n\n\n  \n    \n          \n\n              \n        \n\n        <img loading=\"lazy\" decoding=\"async\" width=\"1024\" height=\"683\" src=\"https:\/\/www.leeb-balkone.com\/app\/uploads\/2020\/04\/glas-balkongelaender-alu-design-metro-9-1024x683.jpg\" class=\"no-lazy\" alt=\"glas balkongelaender alu design metro 9\" srcset=\"https:\/\/www.leeb-balkone.com\/app\/uploads\/2020\/04\/glas-balkongelaender-alu-design-metro-9-1024x683.jpg 1024w, https:\/\/www.leeb-balkone.com\/app\/uploads\/2020\/04\/glas-balkongelaender-alu-design-metro-9-300x200.jpg 300w, https:\/\/www.leeb-balkone.com\/app\/uploads\/2020\/04\/glas-balkongelaender-alu-design-metro-9-768x512.jpg 768w, https:\/\/www.leeb-balkone.com\/app\/uploads\/2020\/04\/glas-balkongelaender-alu-design-metro-9-1536x1025.jpg 1536w, https:\/\/www.leeb-balkone.com\/app\/uploads\/2020\/04\/glas-balkongelaender-alu-design-metro-9-2048x1367.jpg 2048w\" sizes=\"auto, (min-width: 1200px) 1024px, (min-width: 1024px) 768px, (min-width: 640px) 768px, 768px\" \/>        \n            \n          \n  <\/div>\n\n          <div>\n\n\n\n  \n    \n          \n\n              \n        \n\n        <img loading=\"lazy\" decoding=\"async\" width=\"1024\" height=\"682\" src=\"https:\/\/www.leeb-balkone.com\/app\/uploads\/2025\/02\/Neue-Glasfarbe-schwarz-blickdicht-1024x682.jpeg\" class=\"no-lazy\" alt=\"Neue Glasfarbe schwarz blickdicht\" srcset=\"https:\/\/www.leeb-balkone.com\/app\/uploads\/2025\/02\/Neue-Glasfarbe-schwarz-blickdicht-1024x682.jpeg 1024w, https:\/\/www.leeb-balkone.com\/app\/uploads\/2025\/02\/Neue-Glasfarbe-schwarz-blickdicht-300x200.jpeg 300w, https:\/\/www.leeb-balkone.com\/app\/uploads\/2025\/02\/Neue-Glasfarbe-schwarz-blickdicht-768x512.jpeg 768w, https:\/\/www.leeb-balkone.com\/app\/uploads\/2025\/02\/Neue-Glasfarbe-schwarz-blickdicht-1536x1024.jpeg 1536w, https:\/\/www.leeb-balkone.com\/app\/uploads\/2025\/02\/Neue-Glasfarbe-schwarz-blickdicht-2048x1365.jpeg 2048w\" sizes=\"auto, (min-width: 1200px) 1024px, (min-width: 1024px) 768px, (min-width: 640px) 768px, 768px\" \/>        \n            \n          \n  <\/div>\n\n          <div>\n\n\n\n  \n    \n          \n\n              \n        \n\n        <img loading=\"lazy\" decoding=\"async\" width=\"1024\" height=\"767\" src=\"https:\/\/www.leeb-balkone.com\/app\/uploads\/2020\/07\/alubalkon-vitro-dekor-linea-glasbalkon-glasfuellung-mattweis-anthrazit-blumekasten-balkongelaender-1024x767.jpg\" class=\"no-lazy\" alt=\"Balkongel\u00e4nder Vitro in Anthrazit mit mattwei\u00dfem Glas, Detailansicht\" srcset=\"https:\/\/www.leeb-balkone.com\/app\/uploads\/2020\/07\/alubalkon-vitro-dekor-linea-glasbalkon-glasfuellung-mattweis-anthrazit-blumekasten-balkongelaender-1024x767.jpg 1024w, https:\/\/www.leeb-balkone.com\/app\/uploads\/2020\/07\/alubalkon-vitro-dekor-linea-glasbalkon-glasfuellung-mattweis-anthrazit-blumekasten-balkongelaender-300x225.jpg 300w, https:\/\/www.leeb-balkone.com\/app\/uploads\/2020\/07\/alubalkon-vitro-dekor-linea-glasbalkon-glasfuellung-mattweis-anthrazit-blumekasten-balkongelaender-768x575.jpg 768w, https:\/\/www.leeb-balkone.com\/app\/uploads\/2020\/07\/alubalkon-vitro-dekor-linea-glasbalkon-glasfuellung-mattweis-anthrazit-blumekasten-balkongelaender-1536x1150.jpg 1536w, https:\/\/www.leeb-balkone.com\/app\/uploads\/2020\/07\/alubalkon-vitro-dekor-linea-glasbalkon-glasfuellung-mattweis-anthrazit-blumekasten-balkongelaender-2048x1534.jpg 2048w\" sizes=\"auto, (min-width: 1200px) 1024px, (min-width: 1024px) 768px, (min-width: 640px) 768px, 768px\" \/>        \n            \n          \n  <\/div>\n\n          <div>\n\n\n\n  \n    \n          \n\n              \n        \n\n        <img loading=\"lazy\" decoding=\"async\" width=\"1024\" height=\"767\" src=\"https:\/\/www.leeb-balkone.com\/app\/uploads\/2020\/07\/glas-balkongelaender-alu-design-vitro-25-1024x767.jpg\" class=\"no-lazy\" alt=\"glas balkongelaender alu design vitro 25\" srcset=\"https:\/\/www.leeb-balkone.com\/app\/uploads\/2020\/07\/glas-balkongelaender-alu-design-vitro-25-1024x767.jpg 1024w, https:\/\/www.leeb-balkone.com\/app\/uploads\/2020\/07\/glas-balkongelaender-alu-design-vitro-25-300x225.jpg 300w, https:\/\/www.leeb-balkone.com\/app\/uploads\/2020\/07\/glas-balkongelaender-alu-design-vitro-25-768x575.jpg 768w, https:\/\/www.leeb-balkone.com\/app\/uploads\/2020\/07\/glas-balkongelaender-alu-design-vitro-25-1536x1151.jpg 1536w, https:\/\/www.leeb-balkone.com\/app\/uploads\/2020\/07\/glas-balkongelaender-alu-design-vitro-25-2048x1535.jpg 2048w\" sizes=\"auto, (min-width: 1200px) 1024px, (min-width: 1024px) 768px, (min-width: 640px) 768px, 768px\" \/>        \n            \n          \n  <\/div>\n\n          <div>\n\n\n\n  \n    \n          \n\n              \n        \n\n        <img loading=\"lazy\" decoding=\"async\" width=\"1024\" height=\"683\" src=\"https:\/\/www.leeb-balkone.com\/app\/uploads\/2020\/07\/zaun-alu-grado-15-1024x683.jpg\" class=\"no-lazy\" alt=\"zaun alu grado 15\" srcset=\"https:\/\/www.leeb-balkone.com\/app\/uploads\/2020\/07\/zaun-alu-grado-15-1024x683.jpg 1024w, https:\/\/www.leeb-balkone.com\/app\/uploads\/2020\/07\/zaun-alu-grado-15-300x200.jpg 300w, https:\/\/www.leeb-balkone.com\/app\/uploads\/2020\/07\/zaun-alu-grado-15-768x512.jpg 768w, https:\/\/www.leeb-balkone.com\/app\/uploads\/2020\/07\/zaun-alu-grado-15-1536x1024.jpg 1536w, https:\/\/www.leeb-balkone.com\/app\/uploads\/2020\/07\/zaun-alu-grado-15-2048x1366.jpg 2048w\" sizes=\"auto, (min-width: 1200px) 1024px, (min-width: 1024px) 768px, (min-width: 640px) 768px, 768px\" \/>        \n            \n          \n  <\/div>\n\n          <div>\n\n\n\n  \n    \n          \n\n              \n        \n\n        <img loading=\"lazy\" decoding=\"async\" width=\"1024\" height=\"683\" src=\"https:\/\/www.leeb-balkone.com\/app\/uploads\/2022\/07\/zaun-alu-monaco-1-1024x683.jpg\" class=\"no-lazy\" alt=\"zaun alu monaco 1\" srcset=\"https:\/\/www.leeb-balkone.com\/app\/uploads\/2022\/07\/zaun-alu-monaco-1-1024x683.jpg 1024w, https:\/\/www.leeb-balkone.com\/app\/uploads\/2022\/07\/zaun-alu-monaco-1-300x200.jpg 300w, https:\/\/www.leeb-balkone.com\/app\/uploads\/2022\/07\/zaun-alu-monaco-1-768x512.jpg 768w, https:\/\/www.leeb-balkone.com\/app\/uploads\/2022\/07\/zaun-alu-monaco-1-1536x1024.jpg 1536w, https:\/\/www.leeb-balkone.com\/app\/uploads\/2022\/07\/zaun-alu-monaco-1-2048x1366.jpg 2048w\" sizes=\"auto, (min-width: 1200px) 1024px, (min-width: 1024px) 768px, (min-width: 640px) 768px, 768px\" \/>        \n            \n          \n  <\/div>\n\n          <div>\n\n\n\n  \n    \n          \n\n              \n        \n\n        <img loading=\"lazy\" decoding=\"async\" width=\"1024\" height=\"684\" src=\"https:\/\/www.leeb-balkone.com\/app\/uploads\/2020\/07\/glas-balkongelaender-alu-design-vital-2-1024x684.jpg\" class=\"no-lazy\" alt=\"Balkongel\u00e4nder mit rahmenloser Glas-F\u00fcllung - Alubalkon Alu Design Vital\" srcset=\"https:\/\/www.leeb-balkone.com\/app\/uploads\/2020\/07\/glas-balkongelaender-alu-design-vital-2-1024x684.jpg 1024w, https:\/\/www.leeb-balkone.com\/app\/uploads\/2020\/07\/glas-balkongelaender-alu-design-vital-2-300x200.jpg 300w, https:\/\/www.leeb-balkone.com\/app\/uploads\/2020\/07\/glas-balkongelaender-alu-design-vital-2-768x513.jpg 768w, https:\/\/www.leeb-balkone.com\/app\/uploads\/2020\/07\/glas-balkongelaender-alu-design-vital-2-1536x1025.jpg 1536w, https:\/\/www.leeb-balkone.com\/app\/uploads\/2020\/07\/glas-balkongelaender-alu-design-vital-2-2048x1367.jpg 2048w\" sizes=\"auto, (min-width: 1200px) 1024px, (min-width: 1024px) 768px, (min-width: 640px) 768px, 768px\" \/>        \n            \n          \n  <\/div>\n\n      <\/div>\n\n<\/div>\n\n\n\n<div class=\"wp-block-cgb-t3-container-block none\" style=\"background-color:none\"><div class=\"grid-container\"><div class=\"grid-x\"><div class=\"cell small-12 medium-9 large-0 medium-offset-1 b-has-lsmb\">\n<p class=\"has-text-align-center p-list-btns\"><a class=\"button hollow\" data-offset=\"120\" data-smooth-scroll=\"\" href=\"#verbund-sicherheitsglas\">Verbund-Sicherheitsglas<\/a> <a class=\"button hollow smooth-scroll\" data-offset=\"120\" data-smooth-scroll=\"\" href=\"#glasfarben\">Glasfarben<\/a> <a class=\"button hollow smooth-scroll\" data-offset=\"120\" data-smooth-scroll=\"\" href=\"#produktion\">Produktion<\/a> <a class=\"button hollow smooth-scroll\" data-offset=\"120\" data-smooth-scroll=\"\" href=\"#pendelschlagtest\">Pendelschlagtest<\/a>  <a class=\"button hollow smooth-scroll\" data-offset=\"120\" data-smooth-scroll=\"\" href=\"#personalisierte\">personalisierte Innovation<\/a>  <a class=\"button hollow smooth-scroll\" data-offset=\"120\" data-smooth-scroll=\"\" href=\"#faq \">FAQ<\/a><\/p>\n<\/div><\/div><\/div><\/div>\n\n\n\n<div class=\"wp-block-cgb-t3-container-block none\" style=\"background-color:none\"><div class=\"grid-container\"><div class=\"grid-x\"><div class=\"cell small-12 medium-10 large-0 medium-offset-1\"><div class=\"b-sps\" id=\"\">\n      <div class=\"grid-x\">\n              <div class=\"cell b-sps__img  small-12 medium-5 small-order-1 medium-order-2 \">\n          \n            <img loading=\"lazy\" decoding=\"async\" width=\"697\" height=\"556\" src=\"https:\/\/www.leeb-balkone.com\/app\/uploads\/2022\/02\/glas-balkone-sicherheitsglas-vsg.jpg\" class=\"attachment-large size-large\" alt=\"glas balkone sicherheitsglas vsg\" srcset=\"https:\/\/www.leeb-balkone.com\/app\/uploads\/2022\/02\/glas-balkone-sicherheitsglas-vsg.jpg 697w, https:\/\/www.leeb-balkone.com\/app\/uploads\/2022\/02\/glas-balkone-sicherheitsglas-vsg-300x239.jpg 300w\" sizes=\"auto, (min-width: 1200px) 1024px, (min-width: 1024px) 768px, (min-width: 640px) 768px, 768px\" \/>        <\/div>\n            <div class=\"cell b-sps__cont  small-12 medium-7 small-order-2 medium-order-1\">\n        <div class=\"b-sps__inner-cont  pdd-2cols\">\n          <h2 id=\"verbund-sicherheitsglas\">Verbund-Sicherheitsglas<\/h2>\n<p>Das Verbund-Sicherheitsglas besteht aus zwei einzelnen Glasscheiben mit einer dazwischen liegenden Folie. Die Folie verhindert, dass die Glasscheibe bei einem Bruch zersplittert und sorgt daf\u00fcr, dass die Bruchst\u00fccke an der Folie haften bleiben. Diesen Effekt kann man im unten stehenden Video zum Pendelschlagtest deutlich erkennen. Daher werden Verbund-Sicherheitsgl\u00e4ser f\u00fcr die Herstellung unserer \u00dcberdachungen und Balkone eingesetzt. Speziell bei Balkongel\u00e4ndern, Terrassend\u00e4chern und \u00dcberkopfverglasungen darf rechtm\u00e4\u00dfig kein anderes Glas verwendet werden. Nur ein Verbund-Sicherheitsglas garantiert, dass die Absturzsicherheit gew\u00e4hrleistet werden kann.<\/p>\n\n        <\/div>\n      <\/div>\n    <\/div>\n  <\/div>\n<\/div><\/div><\/div><\/div>\n<\/section>\n\n\n\n<section id=\"glasfarben\" class=\"wp-block-cgb-t3-section-block alignfull b-pt-none\" style=\"display:inherit;background-color:#F5F5F5;min-height:inherit\">\n<div class=\"wp-block-cgb-t3-container-block b-has-offset-h\" style=\"background-color:none\"><div class=\"grid-container\"><div class=\"grid-x\"><div class=\"cell small-12 medium-6 large-0 medium-offset-1\">\n<h2 class=\"wp-block-heading\" id=\"glasfarben\">Unsere Glasfarben<\/h2>\n<\/div><\/div><\/div><\/div>\n\n\n\n<div class=\"wp-block-cgb-t3-container-block none\" style=\"background-color:none\"><div class=\"grid-container\"><div class=\"grid-x\"><div class=\"cell small-12 medium-9 large-0 medium-offset-1 b-has-pt b-has-lsmb\">\n<p><span class=\"teaser\">Zeitlos, puristisch, modern. Leeb-Glasbalkone mit Verbundsicherheitsverglasungen (VSG) bieten in Kombination mit Aluminium, Holzoptiken, Edelstahl und unterschiedlichen Glasfarben und -transparenzen ein reichhaltiges Gesamtangebot f\u00fcr jeden Baustil und Geschmack.<\/span><\/p>\n<\/div><\/div><\/div><\/div>\n\n\n\n<div class=\"wp-block-cgb-t3-container-block none\" style=\"background-color:none\"><div class=\"grid-container\"><div class=\"grid-x\"><div class=\"cell small-12 medium-0 large-0\"><div id=\"lightgallery-block_acf-block-6939f86462ad2\" data-block_acf-block-6939f86462ad2 class=\"has-5-imgs b-cards b-cards--gallery u-grid-temp has-3-cols u-md-2 u-sm-1 wp-block-group is-layout-grid wp-block-group-is-layout-grid gallery alignwide\">\n\n        <div class=\"b-cards__item\">\n\n        <a data-src=\"https:\/\/www.leeb-balkone.com\/app\/uploads\/2020\/07\/glas-balkongelaender-alu-design-vital-3-1536x1025.jpg\" data-thumb=\"https:\/\/www.leeb-balkone.com\/app\/uploads\/2020\/07\/glas-balkongelaender-alu-design-vital-3-300x200.jpg\" class=\"hasHover dark\">\n        \n      <figure>\n                 <img loading=\"lazy\" decoding=\"async\" width=\"1024\" height=\"684\" src=\"https:\/\/www.leeb-balkone.com\/app\/uploads\/2020\/07\/glas-balkongelaender-alu-design-vital-3-1024x684.jpg\" class=\"attachment-large size-large\" alt=\"Glas Balkongel\u00e4nder mit rahmenloser F\u00fcllung Wei\u00df-transparentes Glas - Glasbalkon Alu Design Vital\" srcset=\"https:\/\/www.leeb-balkone.com\/app\/uploads\/2020\/07\/glas-balkongelaender-alu-design-vital-3-1024x684.jpg 1024w, https:\/\/www.leeb-balkone.com\/app\/uploads\/2020\/07\/glas-balkongelaender-alu-design-vital-3-300x200.jpg 300w, https:\/\/www.leeb-balkone.com\/app\/uploads\/2020\/07\/glas-balkongelaender-alu-design-vital-3-768x513.jpg 768w, https:\/\/www.leeb-balkone.com\/app\/uploads\/2020\/07\/glas-balkongelaender-alu-design-vital-3-1536x1025.jpg 1536w, https:\/\/www.leeb-balkone.com\/app\/uploads\/2020\/07\/glas-balkongelaender-alu-design-vital-3-2048x1367.jpg 2048w\" sizes=\"auto, (min-width: 1200px) 1024px, (min-width: 1024px) 768px, (min-width: 640px) 768px, 768px\" \/>              <\/figure>\n\n                          <\/a>\n      \n        <div class=\"caption\">\n                          <p>Klarglas (durchsichtig): Floatglas mit einer besonders hohen Reinheit f\u00fcr perfekte Durchsicht.\n              <\/div>\n  \n<\/div>\n\n        <div class=\"b-cards__item\">\n\n        <a data-src=\"https:\/\/www.leeb-balkone.com\/app\/uploads\/2020\/09\/glas-balkongelaender-alu-design-casa-linea-22-1536x1025.jpg\" data-thumb=\"https:\/\/www.leeb-balkone.com\/app\/uploads\/2020\/09\/glas-balkongelaender-alu-design-casa-linea-22-300x200.jpg\" class=\"hasHover dark\">\n        \n      <figure>\n                 <img loading=\"lazy\" decoding=\"async\" width=\"1024\" height=\"684\" src=\"https:\/\/www.leeb-balkone.com\/app\/uploads\/2020\/09\/glas-balkongelaender-alu-design-casa-linea-22-1024x684.jpg\" class=\"attachment-large size-large\" alt=\"Alu Balkongel\u00e4nder mit Edelstahl-Streben und Glas-F\u00fcllung - Alubalkon Alu Design Casa Linea\" srcset=\"https:\/\/www.leeb-balkone.com\/app\/uploads\/2020\/09\/glas-balkongelaender-alu-design-casa-linea-22-1024x684.jpg 1024w, https:\/\/www.leeb-balkone.com\/app\/uploads\/2020\/09\/glas-balkongelaender-alu-design-casa-linea-22-300x200.jpg 300w, https:\/\/www.leeb-balkone.com\/app\/uploads\/2020\/09\/glas-balkongelaender-alu-design-casa-linea-22-768x513.jpg 768w, https:\/\/www.leeb-balkone.com\/app\/uploads\/2020\/09\/glas-balkongelaender-alu-design-casa-linea-22-1536x1025.jpg 1536w, https:\/\/www.leeb-balkone.com\/app\/uploads\/2020\/09\/glas-balkongelaender-alu-design-casa-linea-22-2048x1367.jpg 2048w\" sizes=\"auto, (min-width: 1200px) 1024px, (min-width: 1024px) 768px, (min-width: 640px) 768px, 768px\" \/>              <\/figure>\n\n                          <\/a>\n      \n        <div class=\"caption\">\n                          <p>Glas mattwei\u00df (nicht durchsichtig): Eine perfekte Balance aus gew\u00fcnschter Privatsph\u00e4re und ergiebigem Lichtdurchlass.\n              <\/div>\n  \n<\/div>\n\n        <div class=\"b-cards__item\">\n\n        <a data-src=\"https:\/\/www.leeb-balkone.com\/app\/uploads\/2020\/07\/glas-balkongelaender-alu-design-vision-33-1536x1024.jpg\" data-thumb=\"https:\/\/www.leeb-balkone.com\/app\/uploads\/2020\/07\/glas-balkongelaender-alu-design-vision-33-300x200.jpg\" class=\"hasHover dark\">\n        \n      <figure>\n                 <img loading=\"lazy\" decoding=\"async\" width=\"1024\" height=\"682\" src=\"https:\/\/www.leeb-balkone.com\/app\/uploads\/2020\/07\/glas-balkongelaender-alu-design-vision-33-1024x682.jpg\" class=\"attachment-large size-large\" alt=\"glas balkongelaender alu design vision 33\" srcset=\"https:\/\/www.leeb-balkone.com\/app\/uploads\/2020\/07\/glas-balkongelaender-alu-design-vision-33-1024x682.jpg 1024w, https:\/\/www.leeb-balkone.com\/app\/uploads\/2020\/07\/glas-balkongelaender-alu-design-vision-33-300x200.jpg 300w, https:\/\/www.leeb-balkone.com\/app\/uploads\/2020\/07\/glas-balkongelaender-alu-design-vision-33-768x512.jpg 768w, https:\/\/www.leeb-balkone.com\/app\/uploads\/2020\/07\/glas-balkongelaender-alu-design-vision-33-1536x1024.jpg 1536w, https:\/\/www.leeb-balkone.com\/app\/uploads\/2020\/07\/glas-balkongelaender-alu-design-vision-33-2048x1365.jpg 2048w\" sizes=\"auto, (min-width: 1200px) 1024px, (min-width: 1024px) 768px, (min-width: 640px) 768px, 768px\" \/>              <\/figure>\n\n                          <\/a>\n      \n        <div class=\"caption\">\n                      <\/div>\n  \n<\/div>\n\n        <div class=\"b-cards__item\">\n\n        <a data-src=\"https:\/\/www.leeb-balkone.com\/app\/uploads\/2020\/04\/Banner_5_ild-vision-8-1536x1024.jpg\" data-thumb=\"https:\/\/www.leeb-balkone.com\/app\/uploads\/2020\/04\/Banner_5_ild-vision-8-300x200.jpg\" class=\"hasHover dark\">\n        \n      <figure>\n                 <img loading=\"lazy\" decoding=\"async\" width=\"1024\" height=\"683\" src=\"https:\/\/www.leeb-balkone.com\/app\/uploads\/2020\/04\/Banner_5_ild-vision-8-1024x683.jpg\" class=\"attachment-large size-large\" alt=\"Banner_5_ild vision 8\" srcset=\"https:\/\/www.leeb-balkone.com\/app\/uploads\/2020\/04\/Banner_5_ild-vision-8-1024x683.jpg 1024w, https:\/\/www.leeb-balkone.com\/app\/uploads\/2020\/04\/Banner_5_ild-vision-8-300x200.jpg 300w, https:\/\/www.leeb-balkone.com\/app\/uploads\/2020\/04\/Banner_5_ild-vision-8-768x512.jpg 768w, https:\/\/www.leeb-balkone.com\/app\/uploads\/2020\/04\/Banner_5_ild-vision-8-1536x1024.jpg 1536w, https:\/\/www.leeb-balkone.com\/app\/uploads\/2020\/04\/Banner_5_ild-vision-8-2048x1366.jpg 2048w\" sizes=\"auto, (min-width: 1200px) 1024px, (min-width: 1024px) 768px, (min-width: 640px) 768px, 768px\" \/>              <\/figure>\n\n                          <\/a>\n      \n        <div class=\"caption\">\n                          <p>Grauglas matt (nicht durchsichtig): Privatsph\u00e4re pur mit stilvollem Sichtschutzeffekt.\n              <\/div>\n  \n<\/div>\n\n        <div class=\"b-cards__item\">\n\n        <a data-src=\"https:\/\/www.leeb-balkone.com\/app\/uploads\/2025\/02\/Neue-Glasfarbe-schwarz-blickdicht-1536x1024.jpeg\" data-thumb=\"https:\/\/www.leeb-balkone.com\/app\/uploads\/2025\/02\/Neue-Glasfarbe-schwarz-blickdicht-300x200.jpeg\" class=\"hasHover dark\">\n              <div class=\"badge-wrapper\">\n    \n      <figure>\n                 <img loading=\"lazy\" decoding=\"async\" width=\"1024\" height=\"682\" src=\"https:\/\/www.leeb-balkone.com\/app\/uploads\/2025\/02\/Neue-Glasfarbe-schwarz-blickdicht-1024x682.jpeg\" class=\"attachment-large size-large\" alt=\"Neue Glasfarbe schwarz blickdicht\" srcset=\"https:\/\/www.leeb-balkone.com\/app\/uploads\/2025\/02\/Neue-Glasfarbe-schwarz-blickdicht-1024x682.jpeg 1024w, https:\/\/www.leeb-balkone.com\/app\/uploads\/2025\/02\/Neue-Glasfarbe-schwarz-blickdicht-300x200.jpeg 300w, https:\/\/www.leeb-balkone.com\/app\/uploads\/2025\/02\/Neue-Glasfarbe-schwarz-blickdicht-768x512.jpeg 768w, https:\/\/www.leeb-balkone.com\/app\/uploads\/2025\/02\/Neue-Glasfarbe-schwarz-blickdicht-1536x1024.jpeg 1536w, https:\/\/www.leeb-balkone.com\/app\/uploads\/2025\/02\/Neue-Glasfarbe-schwarz-blickdicht-2048x1365.jpeg 2048w\" sizes=\"auto, (min-width: 1200px) 1024px, (min-width: 1024px) 768px, (min-width: 640px) 768px, 768px\" \/>              <\/figure>\n\n              <div class=\"badge\">Neue Glasfarbe schwarz blickdicht<\/div>\n                    <\/div>\n                    <\/a>\n      \n        <div class=\"caption\">\n                          <p>Schwarzes Glas (blickdicht): Dunkle Eleganz mit hohem Sichtschutzfaktor\n              <\/div>\n  \n<\/div>\n\n    <\/div>\n\n<\/div><\/div><\/div><\/div>\n<\/section>\n\n\n\n<section id=\"produktion\" class=\"wp-block-cgb-t3-section-block alignfull is-style-default\" style=\"display:inherit;background-color:#fff;min-height:inherit\"><div class=\"grid-container\"><div>\n<div class=\"wp-block-cgb-t3-container-block alignfull none\" style=\"background-color:none\"><div class=\"grid-container\"><div class=\"grid-x\"><div class=\"cell small-12 medium-9 large-0 medium-offset-1\">\n<h2 class=\"wp-block-heading\" id=\"produktion\">Produktion<\/h2>\n\n\n\n<p>Seit 2020 werden in der neu errichteten Glasfertigungshalle am Hauptstandort in K\u00e4rnten auf <br>800 m<sup>2<\/sup> s\u00e4mtliche Glaselemente f\u00fcr Balkongel\u00e4nder, Z\u00e4une, \u00dcberdachungen und Sommerg\u00e4rten gefertigt, um so der hohen Nachfrage an Design-Produkten aus Glas nachzukommen..<\/p>\n<\/div><\/div><\/div><\/div>\n\n\n\n<div class=\"wp-block-cgb-t3-container-block none\" style=\"background-color:none\"><div class=\"grid-container\"><div class=\"grid-x\"><div class=\"cell small-12 medium-0 large-0 b-has-lsmb\"><div id=\"lightgallery-block_acf-block-6939f86462ae2\" data-block_acf-block-6939f86462ae2 class=\"has-2-imgs b-cards b-cards--gallery u-grid-temp has-2-cols u-md-2 u-sm-1 wp-block-group is-layout-grid wp-block-group-is-layout-grid gallery alignwide\">\n\n        <div class=\"b-cards__item\">\n\n        \n      <figure>\n                 <img loading=\"lazy\" decoding=\"async\" width=\"1024\" height=\"614\" src=\"https:\/\/www.leeb-balkone.com\/app\/uploads\/2022\/05\/Glashalle-Leeb-1024x614.jpg\" class=\"attachment-large size-large\" alt=\"Glashalle Leeb\" srcset=\"https:\/\/www.leeb-balkone.com\/app\/uploads\/2022\/05\/Glashalle-Leeb-1024x614.jpg 1024w, https:\/\/www.leeb-balkone.com\/app\/uploads\/2022\/05\/Glashalle-Leeb-300x180.jpg 300w, https:\/\/www.leeb-balkone.com\/app\/uploads\/2022\/05\/Glashalle-Leeb-768x461.jpg 768w, https:\/\/www.leeb-balkone.com\/app\/uploads\/2022\/05\/Glashalle-Leeb-1536x922.jpg 1536w, https:\/\/www.leeb-balkone.com\/app\/uploads\/2022\/05\/Glashalle-Leeb-scaled.jpg 2048w\" sizes=\"auto, (min-width: 1200px) 1024px, (min-width: 1024px) 768px, (min-width: 640px) 768px, 768px\" \/>              <\/figure>\n\n                  \n  \n<\/div>\n\n        <div class=\"b-cards__item\">\n\n        \n      <figure>\n                 <img loading=\"lazy\" decoding=\"async\" width=\"1024\" height=\"683\" src=\"https:\/\/www.leeb-balkone.com\/app\/uploads\/2022\/05\/glas-bearbeitung-zuschnitt--1024x683.jpg\" class=\"attachment-large size-large\" alt=\"glas bearbeitung zuschnitt \" srcset=\"https:\/\/www.leeb-balkone.com\/app\/uploads\/2022\/05\/glas-bearbeitung-zuschnitt--1024x683.jpg 1024w, https:\/\/www.leeb-balkone.com\/app\/uploads\/2022\/05\/glas-bearbeitung-zuschnitt--300x200.jpg 300w, https:\/\/www.leeb-balkone.com\/app\/uploads\/2022\/05\/glas-bearbeitung-zuschnitt--768x512.jpg 768w, https:\/\/www.leeb-balkone.com\/app\/uploads\/2022\/05\/glas-bearbeitung-zuschnitt--1536x1024.jpg 1536w, https:\/\/www.leeb-balkone.com\/app\/uploads\/2022\/05\/glas-bearbeitung-zuschnitt--scaled.jpg 2048w\" sizes=\"auto, (min-width: 1200px) 1024px, (min-width: 1024px) 768px, (min-width: 640px) 768px, 768px\" \/>              <\/figure>\n\n                  \n  \n<\/div>\n\n    <\/div>\n\n<\/div><\/div><\/div><\/div>\n<\/div><\/div><\/section>\n\n\n\n<section id=\"personalisierte\" class=\"wp-block-cgb-t3-section-block alignfull b-pt-none\" style=\"display:inherit;background-color:#F5F5F5;min-height:inherit\">\n<div class=\"wp-block-cgb-t3-container-block b-has-offset-h\" style=\"background-color:none\"><div class=\"grid-container\"><div class=\"grid-x\"><div class=\"cell small-12 medium-6 large-0 medium-offset-1\">\n<h2 class=\"wp-block-heading\" id=\"personalisierte\">Sandgestrahlte Muster erlauben Personalisierung der LEEB-Produkte<\/h2>\n<\/div><\/div><\/div><\/div>\n\n\n\n<div class=\"wp-block-cgb-t3-container-block none\" style=\"background-color:none\"><div class=\"grid-container\"><div class=\"grid-x\"><div class=\"cell small-12 medium-9 large-0 medium-offset-1 b-has-pt\">\n<p><span class=\"teaser\">Beim Sandstrahlen von Verbundsicherheitsglas wird mittels einer speziellen Sandstrahlmaschine unter hohem Druck ein feiner Strahl aus Sandpartikeln auf die Glasoberfl\u00e4che gerichtet. <\/span><\/p>\n\n\n\n<p>Dieser Prozess erm\u00f6glicht es, pr\u00e4zise und detaillierte Muster in die Glasoberfl\u00e4che zu gravieren, ohne die strukturelle Integrit\u00e4t des Sicherheitsglases zu beeintr\u00e4chtigen. Der gro\u00dfe Vorteil f\u00fcr unsere Kunden liegt in der M\u00f6glichkeit, individuelle und kreative Designs umzusetzen, die eine einzigartige und pers\u00f6nliche Gestaltung des Balkons erm\u00f6glichen. So wird jeder Balkon zu einem echten Unikat.<\/p>\n<\/div><\/div><\/div><\/div>\n<\/section>\n\n\n\n<section id=\"pendelschlagtest\" class=\"wp-block-cgb-t3-section-block alignfull is-style-default\" style=\"display:inherit;background-color:#fff;min-height:inherit\"><div class=\"grid-container\"><div>\n<div class=\"wp-block-cgb-t3-container-block none\" style=\"background-color:none\"><div class=\"grid-container\"><div class=\"grid-x\"><div class=\"cell small-12 medium-10 large-0 medium-offset-1 b-has-pt\">\n<div itemprop=\"video\" itemscope=\"\" itemtype=\"http:\/\/schema.org\/VideoObject\">\n<h2 id=\"pendelschlagtest\"><span itemprop=\"name\">Leeb Pendelschlagtest<\/span><\/h2>\n<div id=\"schema-videoobject\" class=\"video-container\"><iframe loading=\"lazy\" width=\"853\" height=\"480\" src=\"https:\/\/www.youtube.com\/embed\/-Ek6yIMB2Es?rel=0&#038;controls=1&#038;showinfo=0\" frameborder=\"0\" allowfullscreen=\"\"><\/iframe><\/div>\n<span itemprop=\"description\">Leeb Pendelschlagtest<\/span>\n<\/div>\n<\/div><\/div><\/div><\/div>\n<\/div><\/div><\/section>\n\n\n\n<section id=\"faq\" class=\"wp-block-cgb-t3-section-block alignfull\" style=\"display:inherit;background-color:#F5F5F5;min-height:inherit\"><div class=\"grid-container\"><div>\n<div class=\"wp-block-cgb-t3-container-block none\" style=\"background-color:none\"><div class=\"grid-container\"><div class=\"grid-x\"><div class=\"cell small-12 medium-10 large-0 medium-offset-1\">\n<h2 class=\"wp-block-heading\" id=\"faq\">Fragen und Infos zu Glastypen und Glaseigenschaften<\/h2>\n\n\n<div data-block_acf-block-6939f86462b0b class=\"b-acc \">\n            <div class=\"b-acc__item medium\">\n    <div class=\"b-acc__title medium\">\n                        <h3><span class=\"h3ash4\">Welche weiteren Glastypen gibt es?<\/span><\/h3>\n                    <i class=\"icon icon-plus\"><\/i>\n    <\/div>\n    <div class=\"b-acc__content\">\n        <p><u>Normal gek\u00fchltes Glas<br \/>\n<\/u>Hier spricht man von einer einzelnen Glasscheibe aus Floatglas oder Ornamentglas, die keine erweiterte Sicherheit gew\u00e4hrleisten kann. Bei einem Glasbruch kann es demnach zu hoher Verletzungsgefahr kommen, da die Glasst\u00fccke unbearbeitet sind, und daher scharfe Kanten aufweisen.<\/p>\n<p><u>Einscheiben-Sicherheitsglas \u2013 ESG<br \/>\n<\/u>Es handelt sich hierbei um ein thermisch vorbereitetes\/abgeh\u00e4rtetes Glas, welches zuerst auf \u00fcber 600\u00b0C erhitzt und anschlie\u00dfend abgek\u00fchlt wird. Dieser Vorgang f\u00fchrt zu einer gewissen Sto\u00df-, Schlag- und Biegefestigkeit des Glases. Au\u00dferdem ist dadurch eine geringere Verletzungsgefahr gegeben und der Sicherheitsgrad automatisch h\u00f6her.<\/p>\n<p><strong>\u00a0<\/strong><u>Teilvorgespanntes Glas &#8211; TVG<br \/>\n<\/u>Wie schon der Name dieser Glasart verr\u00e4t, wird das Glas hier nur teilweise thermisch vorbereitet. So wie beim Einscheiben-Sicherheitsglas kommt es zu einer Erhitzung auf \u00fcber 600\u00b0C. Anders als beim ESG findet die anschlie\u00dfende Abk\u00fchlung des Glases jedoch langsamer statt, was zu geringeren Spannungen im Inneren der Glasscheibe f\u00fchrt. Angesichts der Sicherheit und Robustheit befindet sich das TVG daher zwischen einem normal gek\u00fchlten Glas und einem Einscheiben-Sicherheitsglas.<\/p>\n\n    <\/div>\n<\/div>\n          <div class=\"b-acc__item medium\">\n    <div class=\"b-acc__title medium\">\n                        <h3><span class=\"h3ash4\">Welche Sicherheitsvorschriften m\u00fcssen bei den weiteren Glastypen beachtet werden?<\/span><\/h3>\n                    <i class=\"icon icon-plus\"><\/i>\n    <\/div>\n    <div class=\"b-acc__content\">\n        <p>Diese weiteren Glastypen d\u00fcrfen als Einzelscheiben nicht verwendet werden, da sie dem Standard nicht entsprechend und laut Norm unzureichend Schutz und Sicherheit gew\u00e4hrleisten k\u00f6nnen.<\/p>\n<p><em>Nur in Kombination, als Verbund-Sicherheitsglas d\u00fcrfen Float, \u00a0ESG und TVG Gl\u00e4ser verwendet werden, damit die Absturzsicherung garantiert und die Unfallgefahr ausgeschlossen werden kann.<\/em><\/p>\n\n    <\/div>\n<\/div>\n          <div class=\"b-acc__item medium\">\n    <div class=\"b-acc__title medium\">\n                        <h3><span class=\"h3ash4\">Ist eine Personalisierung durch ein sandgestrahltes Muster bei allen Glasfarben m\u00f6glich?<\/span><\/h3>\n                    <i class=\"icon icon-plus\"><\/i>\n    <\/div>\n    <div class=\"b-acc__content\">\n        <p>Nur bei einem Klarglas (durchsichtig) und Grauglas transparent sind sandgestrahlte Muster m\u00f6glich.<\/p>\n\n    <\/div>\n<\/div>\n      <\/div>\n\n\n<div class=\"l-wrapper\">\n  <ul data-block_acf-block-6939f86462b27 class=\"c-list b-iconlist grid-x align-justify iconlist alignwide\">\n                      <li class=\"b-iconlist__item  small-6 medium-4 large-4\">\n          <div class=\"b-iconlist__icon img\">\n      <img loading=\"lazy\" decoding=\"async\" width=\"626\" height=\"628\" src=\"https:\/\/www.leeb-balkone.com\/app\/uploads\/2020\/09\/logo_tuev-01.png\" class=\"b-iconlist__img\" alt=\"logo_tuev 01\" srcset=\"https:\/\/www.leeb-balkone.com\/app\/uploads\/2020\/09\/logo_tuev-01.png 626w, https:\/\/www.leeb-balkone.com\/app\/uploads\/2020\/09\/logo_tuev-01-300x300.png 300w, https:\/\/www.leeb-balkone.com\/app\/uploads\/2020\/09\/logo_tuev-01-150x150.png 150w, https:\/\/www.leeb-balkone.com\/app\/uploads\/2020\/09\/logo_tuev-01-240x240.png 240w\" sizes=\"auto, (min-width: 1200px) 260px, (min-width: 1024px) 220px, (min-width: 640px) 465px, 768px\" \/>      \n    <\/div>\n      <div class=\"b-iconlist__body\">\n              <p>T\u00dcV zertifiziert<\/p>\n      <\/div>\n  \n        <\/li>\n              <li class=\"b-iconlist__item  small-6 medium-4 large-4\">\n          <div class=\"b-iconlist__icon img\">\n      <img loading=\"lazy\" decoding=\"async\" width=\"626\" height=\"628\" src=\"https:\/\/www.leeb-balkone.com\/app\/uploads\/2020\/09\/Austria-Guetezeichen-2024.jpg\" class=\"b-iconlist__img\" alt=\"Austria Guetezeichen 2024\" sizes=\"auto, (min-width: 1200px) 260px, (min-width: 1024px) 220px, (min-width: 640px) 465px, 768px\" \/>      \n    <\/div>\n      <div class=\"b-iconlist__body\">\n              <p>Gepr\u00fcfte Qualit\u00e4t<\/p>\n      <\/div>\n  \n        <\/li>\n              <li class=\"b-iconlist__item  small-6 medium-4 large-4\">\n          <div class=\"b-iconlist__icon img\">\n      <img loading=\"lazy\" decoding=\"async\" width=\"626\" height=\"628\" src=\"https:\/\/www.leeb-balkone.com\/app\/uploads\/2020\/09\/logo_staatlich-01.png\" class=\"b-iconlist__img\" alt=\"logo_staatlich 01\" srcset=\"https:\/\/www.leeb-balkone.com\/app\/uploads\/2020\/09\/logo_staatlich-01.png 626w, https:\/\/www.leeb-balkone.com\/app\/uploads\/2020\/09\/logo_staatlich-01-300x300.png 300w, https:\/\/www.leeb-balkone.com\/app\/uploads\/2020\/09\/logo_staatlich-01-150x150.png 150w, https:\/\/www.leeb-balkone.com\/app\/uploads\/2020\/09\/logo_staatlich-01-240x240.png 240w\" sizes=\"auto, (min-width: 1200px) 260px, (min-width: 1024px) 220px, (min-width: 640px) 465px, 768px\" \/>      \n    <\/div>\n      <div class=\"b-iconlist__body\">\n              <p>Staatlich ausgezeichnet<\/p>\n      <\/div>\n  \n        <\/li>\n            <\/ul>\n<\/div>\n<\/div><\/div><\/div><\/div>\n<\/div><\/div><\/section>\n\n\n\n<section id=\"vorteile\" class=\"wp-block-cgb-t3-section-block alignfull  is-style-bg-transparent\" style=\"display:inherit;min-height:inherit\">\n<div class=\"wp-block-cgb-t3-container-block none\" style=\"background-color:none\"><div class=\"grid-container\"><div class=\"grid-x\"><div class=\"cell small-12 medium-9 large-0 medium-offset-1 b-has-lsmb\">\n<h2 class=\"wp-block-heading\" id=\"faq\">Vorteile<\/h2>\n<\/div><\/div><\/div><\/div>\n\n\n\n<div class=\"wp-block-cgb-t3-container-block none b-cont-columns\" style=\"background-color:none\"><div class=\"grid-container\"><div class=\"grid-x\"><div class=\"cell small-12 medium-10 large-0 medium-offset-1\">\n<ul class=\"wp-block-list is-style-bullet-checkmarks\">\n<li>Hochwertige Verbundsicherheitsgl\u00e4ser<\/li>\n\n\n\n<li>Kratzfestere Oberfl\u00e4che<\/li>\n\n\n\n<li>Widerstandsf\u00e4higer gegen UV-Strahlen und Verwitterung<\/li>\n\n\n\n<li>Pflegeleicht und nahezu wartungsfrei<\/li>\n\n\n\n<li>Top-Optik und lange Lebensdauer<\/li>\n<\/ul>\n<\/div><\/div><\/div><\/div>\n<\/section>\n\n\n\n<section class=\"wp-block-group alignfull has-white-background-color has-background has-global-padding is-layout-constrained wp-container-core-group-is-layout-9fa1424c wp-block-group-is-layout-constrained\" style=\"padding-top:0\">\n<div class=\"wp-block-columns is-style-offset m-split is-layout-flex wp-container-core-columns-is-layout-28f84493 wp-block-columns-is-layout-flex\">\n<div class=\"wp-block-column is-layout-flow wp-block-column-is-layout-flow\"><div class=\"vp-map-wrapper vp-map-ratio-19-1\"><img decoding=\"async\" width=\"2000\" height=\"1157\" src=\"https:\/\/www.leeb-balkone.com\/app\/uploads\/2026\/03\/map-ch.jpg\" class=\"attachment-full size-full\" alt=\"Schweizer Map: Vertriebspartner (orange Pins) und Schaur\u00e4ume \/ Standorte (gr\u00fcne Pins) der Leeb Balkone GmbH in der Schweiz\" style=\"width:100%;height:100%;object-fit:cover;display:block;\" loading=\"lazy\" srcset=\"https:\/\/www.leeb-balkone.com\/app\/uploads\/2026\/03\/map-ch.jpg 2000w, https:\/\/www.leeb-balkone.com\/app\/uploads\/2026\/03\/map-ch-300x174.jpg 300w, https:\/\/www.leeb-balkone.com\/app\/uploads\/2026\/03\/map-ch-1024x592.jpg 1024w, https:\/\/www.leeb-balkone.com\/app\/uploads\/2026\/03\/map-ch-768x444.jpg 768w, https:\/\/www.leeb-balkone.com\/app\/uploads\/2026\/03\/map-ch-1536x889.jpg 1536w\" sizes=\"auto, (min-width: 1536px) 2048px, (min-width: 992px) 1536px, (min-width: 768px) 1024px, (min-width: 576px) 768px, 100vw\" \/><\/div>\n<\/div>\n\n\n\n<div class=\"wp-block-column is-vertically-aligned-center is-style-overlay-content is-layout-flow wp-block-column-is-layout-flow\">\n<div class=\"wp-block-group is-vertical is-layout-flex wp-container-core-group-is-layout-bd7877ba wp-block-group-is-layout-flex\">\n<h2 class=\"wp-block-heading has-step-2-font-size\">Vertriebspartner Schweiz<\/h2>\n\n\n\n<p>Kompetente LEEB Partner in Ihrer Region. Pers\u00f6nliche Beratung, pr\u00e4zise Planung und fachgerechte Montage.<\/p>\n\n\n\n<div class=\"wp-block-buttons is-layout-flex wp-block-buttons-is-layout-flex\" style=\"margin-top:var(--wp--preset--spacing--2-xs)\">\n<div class=\"wp-block-button is-style-cta\"><a class=\"wp-block-button__link has-transparent-background-color has-background wp-element-button\" href=\"https:\/\/www.leeb-balkone.com\/ch\/vertriebspartner\/\">Vertriebspartner finden<span class=\"sr-only\">Vertriebspartner Leeb Balkone Schweiz<\/span><\/a><\/div>\n<\/div>\n<\/div>\n<\/div>\n<\/div>\n<\/section>\n\n\n\n<section class=\"wp-block-group alignfull has-light-gray-background-color has-background has-global-padding is-layout-constrained wp-container-core-group-is-layout-52f96efc wp-block-group-is-layout-constrained\" id=\"beratungstermin\">\n<div class=\"wp-block-group m-teaser o-grid u-md-1 is-layout-flow wp-block-group-is-layout-flow\">\n<div class=\"wp-block-group u-g-7 u-g-s-2 is-layout-flow wp-block-group-is-layout-flow\" style=\"margin-bottom:var(--wp--preset--spacing--s)\">\n<h2 class=\"wp-block-heading\">Kontaktieren Sie uns<\/h2>\n\n\n\n<p><strong><strong>Planen Sie ein Projekt oder haben Sie Fragen zu uns und unseren L\u00f6sungen? Schreiben Sie uns: Wir nehmen uns gerne Zeit f\u00fcr Ihre Anfrage!<\/strong><\/strong><\/p>\n<\/div>\n<\/div>\n\n\n\n<div class=\"wp-block-group m-teaser o-grid u-md-1 is-layout-flow wp-block-group-is-layout-flow\">\n<div class=\"wp-block-group u-g-7 u-g-s-2 is-layout-flow wp-block-group-is-layout-flow\" style=\"margin-bottom:var(--wp--preset--spacing--s)\"><form action=\"https:\/\/www.leeb-balkone.com\/ch\/wp-json\/ws-form\/v1\/submit\" class=\"wsf-form wsf-form-canvas\" id=\"ws-form-1\" data-id=\"4\" data-instance-id=\"1\" method=\"POST\"><\/form>\n<\/div>\n\n\n\n<div class=\"wp-block-group u-g-3 u-g-s-9 is-layout-flow wp-block-group-is-layout-flow\"><div class=\"t3-sidebar-buttons wp-block-buttons is-layout-flex wp-block-buttons-is-layout-flex\"><div class=\"wp-block-button is-style-fill icon-book icon-left\">\n                        <a class=\"wp-block-button__link has-secondary-color has-white-background-color has-text-color has-background has-link-color wp-element-button\" href=\"https:\/\/www.leeb-balkone.com\/ch\/kontakt\/katalog-anfordern\/\" style=\"box-shadow:var(--wp--preset--shadow--box-shadow)\">Katalog anfordern<\/a>\n                    <\/div><div class=\"wp-block-button is-style-fill icon-phone-new icon-left\">\n                        <a class=\"wp-block-button__link has-secondary-color has-white-background-color has-text-color has-background has-link-color wp-element-button\" href=\"tel:+41555361653\">Telefon Schweiz <span class=\"sr-only\"> Telefon: +41 555 3616 53<\/span><\/a>\n                    <\/div><\/div>\n<\/div>\n<\/div>\n<\/section>\n","protected":false},"excerpt":{"rendered":"","protected":false},"author":1,"featured_media":0,"parent":19429,"menu_order":4,"comment_status":"closed","ping_status":"closed","template":"template-onepager.blade.php","meta":{"_acf_changed":false,"footnotes":"","_sage_theme_css":true,"_wp_block_core_css":false},"folder":[],"class_list":["post-83739","page","type-page","status-publish","hentry"],"acf":[],"yoast_head":"<!-- This site is optimized with the Yoast SEO plugin v27.2 - https:\/\/yoast.com\/product\/yoast-seo-wordpress\/ -->\n<title>Glas von Leeb - Leeb Balkone Schweiz<\/title>\n<meta name=\"description\" content=\"Glas-Balkongel\u00e4nder, -Z\u00e4une und \u00dcberdachungen von Leeb sind mit hochwertigen Verbundsicherheitsgl\u00e4sern (VSG) ausgestattet. In der hauseigenen Glaserei\" \/>\n<meta name=\"robots\" content=\"index, follow, max-snippet:-1, max-image-preview:large, max-video-preview:-1\" \/>\n<meta property=\"og:locale\" content=\"de_DE\" \/>\n<meta property=\"og:type\" content=\"article\" \/>\n<meta property=\"og:title\" content=\"Glas von Leeb - Leeb Balkone\" \/>\n<meta property=\"og:description\" content=\"Glas-Balkongel\u00e4nder, -Z\u00e4une und \u00dcberdachungen von Leeb sind mit hochwertigen Verbundsicherheitsgl\u00e4sern (VSG) ausgestattet. In der hauseigenen Glaserei\" \/>\n<meta property=\"og:url\" content=\"https:\/\/www.leeb-balkone.com\/ch\/technik\/glas\/\" \/>\n<meta property=\"og:site_name\" content=\"Leeb Balkone\" \/>\n<meta property=\"article:publisher\" content=\"https:\/\/www.facebook.com\/balkone\/\" \/>\n<meta property=\"article:modified_time\" content=\"2025-12-26T17:28:33+00:00\" \/>\n<meta property=\"og:image\" content=\"https:\/\/www.leeb-balkone.com\/app\/uploads\/2020\/09\/alu-balkongelaender-zufriedene-kunden-1.jpg\" \/>\n\t<meta property=\"og:image:width\" content=\"2560\" \/>\n\t<meta property=\"og:image:height\" content=\"1762\" \/>\n\t<meta property=\"og:image:type\" content=\"image\/jpeg\" \/>\n<meta name=\"twitter:card\" content=\"summary_large_image\" \/>\n<script type=\"application\/ld+json\" class=\"yoast-schema-graph\">{\"@context\":\"https:\/\/schema.org\",\"@graph\":[{\"@type\":\"WebPage\",\"@id\":\"https:\/\/www.leeb-balkone.com\/ch\/technik\/glas\/\",\"url\":\"https:\/\/www.leeb-balkone.com\/ch\/technik\/glas\/\",\"name\":\"Glas von Leeb - Leeb Balkone\",\"isPartOf\":{\"@id\":\"https:\/\/www.leeb-balkone.com\/ch\/#website\"},\"datePublished\":\"2022-04-29T07:20:24+00:00\",\"dateModified\":\"2025-12-26T17:28:33+00:00\",\"description\":\"Glas-Balkongel\u00e4nder, -Z\u00e4une und \u00dcberdachungen von Leeb sind mit hochwertigen Verbundsicherheitsgl\u00e4sern (VSG) ausgestattet. In der hauseigenen Glaserei\",\"breadcrumb\":{\"@id\":\"https:\/\/www.leeb-balkone.com\/ch\/technik\/glas\/#breadcrumb\"},\"inLanguage\":\"de-CH\",\"potentialAction\":[{\"@type\":\"ReadAction\",\"target\":[\"https:\/\/www.leeb-balkone.com\/ch\/technik\/glas\/\"]}]},{\"@type\":\"BreadcrumbList\",\"@id\":\"https:\/\/www.leeb-balkone.com\/ch\/technik\/glas\/#breadcrumb\",\"itemListElement\":[{\"@type\":\"ListItem\",\"position\":1,\"name\":\"Home\",\"item\":\"https:\/\/www.leeb-balkone.com\/ch\/\"},{\"@type\":\"ListItem\",\"position\":2,\"name\":\"Technik\",\"item\":\"https:\/\/www.leeb-balkone.com\/ch\/technik\/\"},{\"@type\":\"ListItem\",\"position\":3,\"name\":\"Glas von Leeb\"}]},{\"@type\":\"WebSite\",\"@id\":\"https:\/\/www.leeb-balkone.com\/ch\/#website\",\"url\":\"https:\/\/www.leeb-balkone.com\/ch\/\",\"name\":\"Leeb Balkone\",\"description\":\"Balkone und Z\u00e4une\",\"publisher\":{\"@id\":\"https:\/\/www.leeb-balkone.com\/ch\/#organization\"},\"potentialAction\":[{\"@type\":\"SearchAction\",\"target\":{\"@type\":\"EntryPoint\",\"urlTemplate\":\"https:\/\/www.leeb-balkone.com\/ch\/?s={search_term_string}\"},\"query-input\":{\"@type\":\"PropertyValueSpecification\",\"valueRequired\":true,\"valueName\":\"search_term_string\"}}],\"inLanguage\":\"de-CH\"},{\"@type\":\"Organization\",\"@id\":\"https:\/\/www.leeb-balkone.com\/ch\/#organization\",\"name\":\"Leeb Balkone Gmbh\",\"url\":\"https:\/\/www.leeb-balkone.com\/ch\/\",\"logo\":{\"@type\":\"ImageObject\",\"inLanguage\":\"de-CH\",\"@id\":\"https:\/\/www.leeb-balkone.com\/ch\/#\/schema\/logo\/image\/\",\"url\":\"https:\/\/www.leeb-balkone.com\/app\/uploads\/2020\/11\/leeb-logo.svg\",\"contentUrl\":\"https:\/\/www.leeb-balkone.com\/app\/uploads\/2020\/11\/leeb-logo.svg\",\"width\":741,\"height\":204,\"caption\":\"Leeb Balkone Gmbh\"},\"image\":{\"@id\":\"https:\/\/www.leeb-balkone.com\/ch\/#\/schema\/logo\/image\/\"},\"sameAs\":[\"https:\/\/www.facebook.com\/balkone\/\",\"https:\/\/www.trustedshops.at\/bewertung\/info_X4587CCF5833E31AFE0B11F47D86999F2.html\",\"https:\/\/www.trustedshops.de\/bewertung\/info_X7BA536A7A0BDC86D36C4718E4DCAEEEF.html\",\"https:\/\/www.google.com\/maps\/place\/?q=place_id:ChIJ5-zH19-IcEcR9HonWRTllHI\"]}]}<\/script>\n<!-- \/ Yoast SEO plugin. -->","yoast_head_json":{"title":"Glas von Leeb - Leeb Balkone Schweiz","description":"Glas-Balkongel\u00e4nder, -Z\u00e4une und \u00dcberdachungen von Leeb sind mit hochwertigen Verbundsicherheitsgl\u00e4sern (VSG) ausgestattet. In der hauseigenen Glaserei","robots":{"index":"index","follow":"follow","max-snippet":"max-snippet:-1","max-image-preview":"max-image-preview:large","max-video-preview":"max-video-preview:-1"},"og_locale":"de_DE","og_type":"article","og_title":"Glas von Leeb - Leeb Balkone","og_description":"Glas-Balkongel\u00e4nder, -Z\u00e4une und \u00dcberdachungen von Leeb sind mit hochwertigen Verbundsicherheitsgl\u00e4sern (VSG) ausgestattet. In der hauseigenen Glaserei","og_url":"https:\/\/www.leeb-balkone.com\/ch\/technik\/glas\/","og_site_name":"Leeb Balkone","article_publisher":"https:\/\/www.facebook.com\/balkone\/","article_modified_time":"2025-12-26T17:28:33+00:00","og_image":[{"width":2560,"height":1762,"url":"https:\/\/www.leeb-balkone.com\/app\/uploads\/2020\/09\/alu-balkongelaender-zufriedene-kunden-1.jpg","type":"image\/jpeg"}],"twitter_card":"summary_large_image","schema":{"@context":"https:\/\/schema.org","@graph":[{"@type":"WebPage","@id":"https:\/\/www.leeb-balkone.com\/ch\/technik\/glas\/","url":"https:\/\/www.leeb-balkone.com\/ch\/technik\/glas\/","name":"Glas von Leeb - Leeb Balkone","isPartOf":{"@id":"https:\/\/www.leeb-balkone.com\/ch\/#website"},"datePublished":"2022-04-29T07:20:24+00:00","dateModified":"2025-12-26T17:28:33+00:00","description":"Glas-Balkongel\u00e4nder, -Z\u00e4une und \u00dcberdachungen von Leeb sind mit hochwertigen Verbundsicherheitsgl\u00e4sern (VSG) ausgestattet. In der hauseigenen Glaserei","breadcrumb":{"@id":"https:\/\/www.leeb-balkone.com\/ch\/technik\/glas\/#breadcrumb"},"inLanguage":"de-CH","potentialAction":[{"@type":"ReadAction","target":["https:\/\/www.leeb-balkone.com\/ch\/technik\/glas\/"]}]},{"@type":"BreadcrumbList","@id":"https:\/\/www.leeb-balkone.com\/ch\/technik\/glas\/#breadcrumb","itemListElement":[{"@type":"ListItem","position":1,"name":"Home","item":"https:\/\/www.leeb-balkone.com\/ch\/"},{"@type":"ListItem","position":2,"name":"Technik","item":"https:\/\/www.leeb-balkone.com\/ch\/technik\/"},{"@type":"ListItem","position":3,"name":"Glas von Leeb"}]},{"@type":"WebSite","@id":"https:\/\/www.leeb-balkone.com\/ch\/#website","url":"https:\/\/www.leeb-balkone.com\/ch\/","name":"Leeb Balkone","description":"Balkone und Z\u00e4une","publisher":{"@id":"https:\/\/www.leeb-balkone.com\/ch\/#organization"},"potentialAction":[{"@type":"SearchAction","target":{"@type":"EntryPoint","urlTemplate":"https:\/\/www.leeb-balkone.com\/ch\/?s={search_term_string}"},"query-input":{"@type":"PropertyValueSpecification","valueRequired":true,"valueName":"search_term_string"}}],"inLanguage":"de-CH"},{"@type":"Organization","@id":"https:\/\/www.leeb-balkone.com\/ch\/#organization","name":"Leeb Balkone Gmbh","url":"https:\/\/www.leeb-balkone.com\/ch\/","logo":{"@type":"ImageObject","inLanguage":"de-CH","@id":"https:\/\/www.leeb-balkone.com\/ch\/#\/schema\/logo\/image\/","url":"https:\/\/www.leeb-balkone.com\/app\/uploads\/2020\/11\/leeb-logo.svg","contentUrl":"https:\/\/www.leeb-balkone.com\/app\/uploads\/2020\/11\/leeb-logo.svg","width":741,"height":204,"caption":"Leeb Balkone Gmbh"},"image":{"@id":"https:\/\/www.leeb-balkone.com\/ch\/#\/schema\/logo\/image\/"},"sameAs":["https:\/\/www.facebook.com\/balkone\/","https:\/\/www.trustedshops.at\/bewertung\/info_X4587CCF5833E31AFE0B11F47D86999F2.html","https:\/\/www.trustedshops.de\/bewertung\/info_X7BA536A7A0BDC86D36C4718E4DCAEEEF.html","https:\/\/www.google.com\/maps\/place\/?q=place_id:ChIJ5-zH19-IcEcR9HonWRTllHI"]}]}},"_links":{"self":[{"href":"https:\/\/www.leeb-balkone.com\/ch\/wp-json\/wp\/v2\/pages\/83739","targetHints":{"allow":["GET"]}}],"collection":[{"href":"https:\/\/www.leeb-balkone.com\/ch\/wp-json\/wp\/v2\/pages"}],"about":[{"href":"https:\/\/www.leeb-balkone.com\/ch\/wp-json\/wp\/v2\/types\/page"}],"author":[{"embeddable":true,"href":"https:\/\/www.leeb-balkone.com\/ch\/wp-json\/wp\/v2\/users\/1"}],"replies":[{"embeddable":true,"href":"https:\/\/www.leeb-balkone.com\/ch\/wp-json\/wp\/v2\/comments?post=83739"}],"version-history":[{"count":10,"href":"https:\/\/www.leeb-balkone.com\/ch\/wp-json\/wp\/v2\/pages\/83739\/revisions"}],"predecessor-version":[{"id":162008,"href":"https:\/\/www.leeb-balkone.com\/ch\/wp-json\/wp\/v2\/pages\/83739\/revisions\/162008"}],"up":[{"embeddable":true,"href":"https:\/\/www.leeb-balkone.com\/ch\/wp-json\/wp\/v2\/pages\/19429"}],"wp:attachment":[{"href":"https:\/\/www.leeb-balkone.com\/ch\/wp-json\/wp\/v2\/media?parent=83739"}],"wp:term":[{"taxonomy":"folder","embeddable":true,"href":"https:\/\/www.leeb-balkone.com\/ch\/wp-json\/wp\/v2\/folder?post=83739"}],"curies":[{"name":"wp","href":"https:\/\/api.w.org\/{rel}","templated":true}]}}