{"id":71658,"date":"2022-01-26T09:13:59","date_gmt":"2022-01-26T09:13:59","guid":{"rendered":"https:\/\/www.leeb-balkone.com\/de\/service\/faq\/"},"modified":"2026-03-17T14:05:07","modified_gmt":"2026-03-17T14:05:07","slug":"faq","status":"publish","type":"page","link":"https:\/\/www.leeb-balkone.com\/ch\/service\/faq\/","title":{"rendered":"H\u00e4ufig gestellte Fragen"},"content":{"rendered":"<header class=\"wp-block-group alignfull t3-header u-max-wide t3-header-text has-white-background-color has-background has-global-padding is-layout-constrained wp-block-group-is-layout-constrained\">\n    <div class=\"wp-block-group o-grid u-md-1 u-sm-1 is-layout-flow wp-block-group-is-layout-flow\">\n  <div class=\"wp-block-group u-g-10 u-g-s-2\">\n      <div class=\"yoast-breadcrumbs\"><span><span><a href=\"https:\/\/www.leeb-balkone.com\/ch\/\">Home<\/a><\/span><\/span><\/div>\n      \n    <h1>H\u00e4ufig gestellte Fragen<\/h1>\n  <\/div>\n<\/div>\n  <\/header>\n\n\n\n\n\n\n\n<section class=\"wp-block-cgb-t3-section-block b-pt-none  is-style-bg-white\" style=\"display:inherit;min-height:inherit\">\n<div class=\"wp-block-cgb-t3-container-block none\" style=\"background-color:none\"><div class=\"grid-container\"><div class=\"grid-x\"><div class=\"cell small-12 medium-0 large-9 medium-offset-1\">\n<p><span class=\"teaser\">Hier finden Sie Antworten auf h\u00e4ufig gestellte Fragen rund um das Thema Balkone, Z\u00e4une und \u00dcberdachungen. Au\u00dferdem erfahren Sie Tipps zur Pflege und Reinigung von Leeb-Produkten sowie Informationen zum Thema Service, Abwicklung und Montage. Falls Ihre Fragen nicht beantwortet werden konnten, erreichen Sie uns \u00fcber unsere Hotline: Aus Deutschland: 0800 1801003 | Aus \u00d6sterreich: 0800 202013.<\/span><\/p>\n\n\n\n<p><a class=\"button hollow\" data-offset=\"120\" data-smooth-scroll=\"\" href=\"#allgemein\">Allgemein<\/a> <a class=\"button hollow\" data-offset=\"120\" data-smooth-scroll=\"\" href=\"#balkone\">Balkone<\/a> <a class=\"button hollow\" data-offset=\"120\" data-smooth-scroll=\"\" href=\"#anbaubalkone\">Anbaubalkone<\/a>  <a class=\"button hollow\" data-offset=\"120\" data-smooth-scroll=\"\" href=\"#ueberdachungen\">\u00dcberdachungen<\/a> <a class=\"button hollow\" data-offset=\"120\" data-smooth-scroll=\"\" href=\"#pflege\">Pflege &amp; Reinigung<\/a> <a class=\"button hollow\" data-offset=\"120\" data-smooth-scroll=\"\" href=\"#service\">Service<\/a> <a class=\"button hollow\" data-offset=\"120\" data-smooth-scroll=\"\" href=\"#beratung-angebot\">Beratung, Angebot &amp; Auftrag<\/a> <a class=\"button hollow\" data-offset=\"120\" data-smooth-scroll=\"\" href=\"#lieferung-montage\">Lieferung &amp; Montage<\/a> <a class=\"button hollow\" data-offset=\"120\" data-smooth-scroll=\"\" href=\"#solarprodukte\">Solarprodukte<\/a> <\/p>\n<\/div><\/div><\/div><\/div>\n<\/section>\n\n\n\n<section class=\"wp-block-cgb-t3-section-block alignfull b-pt-none  is-style-bg-white\" style=\"display:inherit;min-height:inherit\">\n<div class=\"wp-block-cgb-t3-container-block none\" style=\"background-color:none\"><div class=\"grid-container\"><div class=\"grid-x\"><div class=\"cell small-12 medium-9 large-0 medium-offset-1 b-has-lsmb\">\n<h2 class=\"wp-block-heading\" id=\"allgemein\">Allgemeine FAQs<\/h2>\n\n\n<div data-block_acf-block-69b95f8727295 class=\"b-acc \">\n            <div class=\"b-acc__item light\">\n    <div class=\"b-acc__title light\">\n                        <h3><span class=\"h3ash4\">Welche Vorteile haben Leeb-Produkte aus Aluminium?<\/span><\/h3>\n                    <i class=\"icon icon-plus\"><\/i>\n    <\/div>\n    <div class=\"b-acc__content\">\n        <p>Aluminium weist als Leichtmetall eine hohe Korrosionsbest\u00e4ndigkeit auf. Daher ist es ideal geeignet f\u00fcr den Bau von Balkonen und Z\u00e4unen. Eine klare Linienf\u00fchrung, stabile Eckrahmenkonstruktion, Softline-Kanten und die innovative Pulverbeschichtung ALU COMFORT PLUS\u00ae machen alle Leeb Produkte aus Aluminium nahezu pflege- und wartungsfrei. Die vielf\u00e4ltige Alu-Gestaltungsvarianten lassen kaum W\u00fcnsche nach Individualit\u00e4t offen. <a href=\"https:\/\/www.leeb-balkone.com\/ch\/technik\/aluminium\/\">Weitere Informationen dazu.<\/a><\/p>\n\n    <\/div>\n<\/div>\n          <div class=\"b-acc__item light\">\n    <div class=\"b-acc__title light\">\n                        <h3><span class=\"h3ash4\">Wie werden Leeb-Produkte beschichtet und witterungsbest\u00e4ndig gemacht?<\/span><\/h3>\n                    <i class=\"icon icon-plus\"><\/i>\n    <\/div>\n    <div class=\"b-acc__content\">\n        <p>Alle Leeb-Aluprodukte sind mit dem patentierten ALU COMFORT PLUS\u00ae beschichtet. Dadurch werden sie witterungsbest\u00e4ndiger und kratzfester \u2013 und somit einfacher in der Wartung. Denn im Gegensatz zu nachtr\u00e4glich aufgebrachter Konservierung sind die Wirkstoffe hier im kompletten Lackaufbau verteilt und werden somit nicht durch Bewitterung abgebaut.\u00a0<a href=\"https:\/\/www.leeb-balkone.com\/ch\/technik\/alu-comfort-plus\/\">Weitere Informationen dazu<\/a>.<\/p>\n\n    <\/div>\n<\/div>\n          <div class=\"b-acc__item light\">\n    <div class=\"b-acc__title light\">\n                        <h3><span class=\"h3ash4\">Gibt es Aluminiumprodukte in Holzoptik?<\/span><\/h3>\n                    <i class=\"icon icon-plus\"><\/i>\n    <\/div>\n    <div class=\"b-acc__content\">\n        <p>Leeb Alu- und Glasbalkone, Aluminium-Z\u00e4une und Alu-B\u00f6den sind in 13 verschiedenen Holzstrukturen erh\u00e4ltlich: L\u00e4rche, Kirsche, Kiefer hell, Kiefer dunkel, Kastanie, Greywood, Goldeiche, Eiche, Douglasie, Esche, Erle, Eiche rustikal und Wenge. <a href=\"https:\/\/www.leeb-balkone.com\/ch\/service\/farbwelten\/\">Weitere Informationen dazu.<\/a><\/p>\n\n    <\/div>\n<\/div>\n          <div class=\"b-acc__item light\">\n    <div class=\"b-acc__title light\">\n                        <h3><span class=\"h3ash4\">In welchen Farben gibt es Leeb-Balkone und Z\u00e4une?<\/span><\/h3>\n                    <i class=\"icon icon-plus\"><\/i>\n    <\/div>\n    <div class=\"b-acc__content\">\n        <p>Leeb-Balkone und Z\u00e4une erhalten ihre Farbe in der hauseigenen Beschichtungsanlage. Es stehen \u00fcber 200 verschiedene RAL-Farben zur Auswahl.Wenn Sie die Vorz\u00fcge eines Alubalkons oder Aluzauns genie\u00dfen und gleichzeitig aber nicht auf den Holzlook verzichten m\u00f6chten, bietet Leeb 13 verschiedene, t\u00e4uschend echte Holzstrukturen an. <a href=\"https:\/\/www.leeb-balkone.com\/ch\/service\/farbwelten\/\">Weitere Informationen dazu.<\/a><\/p>\n\n    <\/div>\n<\/div>\n          <div class=\"b-acc__item light\">\n    <div class=\"b-acc__title light\">\n                        <h3><span class=\"h3ash4\">Was versteht man unter RAL-Farben?<\/span><\/h3>\n                    <i class=\"icon icon-plus\"><\/i>\n    <\/div>\n    <div class=\"b-acc__content\">\n        <p>Als RAL-Farben bezeichnet man normierte Farben, die die RAL GmbH vertreibt. Der Farbkatalog besteht aus 213 Farbt\u00f6nen, welche jeweils mit einer vierstelligen Nummer gekennzeichnet sind. Leeb Balkone, Z\u00e4une und \u00dcberdachungen sind in allen RAL-Farben erh\u00e4ltlich! <a href=\"https:\/\/www.leeb-balkone.com\/ch\/service\/farbwelten\/\">Weitere Informationen dazu.<\/a><\/p>\n\n    <\/div>\n<\/div>\n          <div class=\"b-acc__item light\">\n    <div class=\"b-acc__title light\">\n                        <h3><span class=\"h3ash4\">Sind Sonderkonstruktionen m\u00f6glich?<\/span><\/h3>\n                    <i class=\"icon icon-plus\"><\/i>\n    <\/div>\n    <div class=\"b-acc__content\">\n        <p>Sie haben ganz bestimmte Vorstellungen oder m\u00f6chten gerne aus mehreren Modellen kombinieren? Kein Problem, bei Leeb gehen wir auf Ihre individuellen W\u00fcnsche ein. Bitte kontaktieren Sie Ihren zust\u00e4ndigen LEEB-Berater, der Ihnen gerne weiterhilft. \u00a0<a href=\"https:\/\/www.leeb-balkone.com\/de\/vertriebspartner\/\">Leeb-Partner in Ihrer N\u00e4he kontaktieren.<\/a><\/p>\n\n    <\/div>\n<\/div>\n          <div class=\"b-acc__item light\">\n    <div class=\"b-acc__title light\">\n                        <h3><span class=\"h3ash4\">Wie finde ich das f\u00fcr meinen Stil passende Balkon- oder Zaunmodell?<\/span><\/h3>\n                    <i class=\"icon icon-plus\"><\/i>\n    <\/div>\n    <div class=\"b-acc__content\">\n        <p>Unsere <a href=\"https:\/\/www.leeb-balkone.com\/de\/vertriebspartner\/\">Leeb-Partner<\/a> stehen Ihnen gerne f\u00fcr eine unverbindliche und individuelle Vor-Ort-Beratung zur Verf\u00fcgung. Mit dem\u00a0<a href=\"https:\/\/www.leeb-balkone.com\/de\/service\/3d-konfigurator\/\">Leeb-3D-Konfigurator<\/a>\u00a0suchen Sie bequem vor Ort Ihr Wunschmodell aus und k\u00f6nnen in einer 3D-Ansicht Ihres Eigenheims unterschiedliche Modelle und Farbkombinationen ausprobieren.<\/p>\n\n    <\/div>\n<\/div>\n      <\/div>\n<\/div><\/div><\/div><\/div>\n\n\n\n<div class=\"wp-block-cgb-t3-container-block none\" style=\"background-color:none\"><div class=\"grid-container\"><div class=\"grid-x\"><div class=\"cell small-12 medium-9 large-0 medium-offset-1 b-has-pt b-has-lsmb\">\n<h2 class=\"wp-block-heading\" id=\"balkone\"><strong>Fragen zu Balkonen<\/strong><\/h2>\n\n\n<div data-block_acf-block-69b95f8727488 class=\"b-acc \">\n            <div class=\"b-acc__item light\">\n    <div class=\"b-acc__title light\">\n                        <h3><span class=\"h3ash4\">Welche Vorteile haben Balkone aus Aluminium?<\/span><\/h3>\n                    <i class=\"icon icon-plus\"><\/i>\n    <\/div>\n    <div class=\"b-acc__content\">\n        <p>Aluminium weist als Leichtmetall eine hohe Korrosionsbest\u00e4ndigkeit auf. Daher ist es ideal geeignet f\u00fcr den Bau von Balkonen und Z\u00e4unen. Eine klare Linienf\u00fchrung, stabile Eckrahmenkonstruktion, Softline-Kanten und die innovative Pulverbeschichtung ALU COMFORT PLUS\u00ae machen alle Leeb Produkte aus Aluminium nahezu pflege- und wartungsfrei. Die vielf\u00e4ltige Alu-Gestaltungsvarianten lassen kaum W\u00fcnsche nach Individualit\u00e4t offen. <a href=\"https:\/\/www.leeb-balkone.com\/ch\/technik\/aluminium\/\">Weitere Informationen dazu.<\/a><\/p>\n\n    <\/div>\n<\/div>\n          <div class=\"b-acc__item light\">\n    <div class=\"b-acc__title light\">\n                        <h3><span class=\"h3ash4\">Gibt es Leeb Alu-Balkone in Holzoptik?<\/span><\/h3>\n                    <i class=\"icon icon-plus\"><\/i>\n    <\/div>\n    <div class=\"b-acc__content\">\n        <p>Leeb Alu- und Glasbalkone, Aluminium-Z\u00e4une und Alu-B\u00f6den sind in 10 verschiedenen Holzstrukturen erh\u00e4ltlich: L\u00e4rche, Kirsche, Kiefer hell, Kiefer dunkel, Kastanie, Greywood, Goldeiche, Eiche, Douglasie und Esche.\u00a0<a href=\"https:\/\/www.leeb-balkone.com\/ch\/service\/farbwelten\/\">Weitere Informationen dazu.<\/a><\/p>\n\n    <\/div>\n<\/div>\n          <div class=\"b-acc__item light\">\n    <div class=\"b-acc__title light\">\n                        <h3><span class=\"h3ash4\">Welche Bauvorschriften m\u00fcssen bei einem Balkongel\u00e4nder beachtet werden?<\/span><\/h3>\n                    <i class=\"icon icon-plus\"><\/i>\n    <\/div>\n    <div class=\"b-acc__content\">\n        <p>Ein Balkongel\u00e4nder dient in erster Linie als Absturzsicherung. Dabei sind gesetzliche Vorschriften (Bauordnung) einzuhalten. Absturzsicherungen sind ab einer Fallh\u00f6he von 1 Meter vorgeschrieben und m\u00fcssen in \u00d6sterreich eine Mindesth\u00f6he von 100cm aufweisen. Ab einer Absturzh\u00f6he von 12 Metern muss die H\u00f6he der Absturzsicherung (=Balkongel\u00e4nder) mindestens 110cm betragen. In Deutschland sind die Regelungen je nach Bundesland etwas unterschiedlich, mit einer Mindesth\u00f6he von 90cm erf\u00fcllt man aber grunds\u00e4tzlich die Vorgaben aller Bundesl\u00e4nder. Ihr Leeb-Berater kennt die jeweils \u00f6rtlich g\u00fcltigen Vorschriften und ber\u00e4t Sie dazu gerne.\u00a0<a href=\"https:\/\/www.leeb-balkone.com\/de\/vertriebspartner\/\">Leeb-Partner in Ihrer N\u00e4he kontaktieren.<\/a><\/p>\n\n    <\/div>\n<\/div>\n          <div class=\"b-acc__item light\">\n    <div class=\"b-acc__title light\">\n                        <h3><span class=\"h3ash4\">Welche Balkonmodelle sind mit Blumenk\u00e4sten erh\u00e4ltlich?<\/span><\/h3>\n                    <i class=\"icon icon-plus\"><\/i>\n    <\/div>\n    <div class=\"b-acc__content\">\n        <p>Nahezu alle Leeb-Balkonmodelle sind optional mit Blumenk\u00e4sten erh\u00e4ltlich. Diese k\u00f6nnen als Einzelk\u00e4sten oder als durchlaufender Blumenkasten ausgef\u00fchrt werden.<\/p>\n\n    <\/div>\n<\/div>\n          <div class=\"b-acc__item light\">\n    <div class=\"b-acc__title light\">\n                        <h3><span class=\"h3ash4\">In welchen Farben gibt es Leeb-Balkone?<\/span><\/h3>\n                    <i class=\"icon icon-plus\"><\/i>\n    <\/div>\n    <div class=\"b-acc__content\">\n        <p>Leeb-Balkone und Z\u00e4une erhalten ihre Farbe in der hauseigenen Beschichtungsanlage. Es stehen \u00fcber 200 verschiedene RAL-Farben zur Auswahl.Wenn Sie die Vorz\u00fcge eines Alubalkons oder Aluzauns genie\u00dfen und gleichzeitig aber nicht auf den Holzlook verzichten m\u00f6chten, bietet Leeb 10 verschiedene, t\u00e4uschend echte Holzstrukturen an. <a href=\"https:\/\/www.leeb-balkone.com\/de\/service\/farbwelten\/\">Weitere Informationen dazu.<\/a><\/p>\n\n    <\/div>\n<\/div>\n          <div class=\"b-acc__item light\">\n    <div class=\"b-acc__title light\">\n                        <h3><span class=\"h3ash4\">Gibt es Leeb Balkone auch als franz\u00f6sische Balkone?<\/span><\/h3>\n                    <i class=\"icon icon-plus\"><\/i>\n    <\/div>\n    <div class=\"b-acc__content\">\n        <p>Leeb-Balkone sind auch als franz\u00f6sische Balkone erh\u00e4ltlich.<\/p>\n\n    <\/div>\n<\/div>\n          <div class=\"b-acc__item light\">\n    <div class=\"b-acc__title light\">\n                        <h3><span class=\"h3ash4\">Welche Kriterien muss die Unterkonstruktion erf\u00fcllen?<\/span><\/h3>\n                    <i class=\"icon icon-plus\"><\/i>\n    <\/div>\n    <div class=\"b-acc__content\">\n        <p>Als Unterkonstruktion f\u00fcr Balkone kann neben einer Betonplatte auch eine Holz-, Aluminium- oder Stahlkonstruktion verwendet werden.<\/p>\n\n    <\/div>\n<\/div>\n          <div class=\"b-acc__item light\">\n    <div class=\"b-acc__title light\">\n                        <h3><span class=\"h3ash4\">Was ist Leeb Alu-Select?<\/span><\/h3>\n                    <i class=\"icon icon-plus\"><\/i>\n    <\/div>\n    <div class=\"b-acc__content\">\n        <p>Bei Alu-Select handelt es sich um ein von Leeb entwickeltes Gel\u00e4ndersystem, bei dem Sie aus 12 verschiedenen Grunddesigns und 22 verschiedenen Dekorelementen Ihren ganz individuellen Wunschbalkon selbst zusammenstellen k\u00f6nnen. Somit ist garantiert, dass f\u00fcr jede Stilrichtung das passende Gel\u00e4nderdesign dabei ist.<\/p>\n\n    <\/div>\n<\/div>\n      <\/div>\n<\/div><\/div><\/div><\/div>\n\n\n\n<div class=\"wp-block-cgb-t3-container-block none\" style=\"background-color:none\"><div class=\"grid-container\"><div class=\"grid-x\"><div class=\"cell small-12 medium-9 large-0 medium-offset-1 b-has-pt b-has-lsmb\">\n<h2 class=\"wp-block-heading\" id=\"anbaubalkone\">Fragen zu Anbaubalkonen<\/h2>\n\n\n<div data-block_acf-block-69b95f87274ba class=\"b-acc \">\n            <div class=\"b-acc__item light\">\n    <div class=\"b-acc__title light\">\n                        <h3><span class=\"h3ash4\">Unter welchen Voraussetzungen kann ein Balkon nachtr\u00e4glich angebaut werden?<\/span><\/h3>\n                    <i class=\"icon icon-plus\"><\/i>\n    <\/div>\n    <div class=\"b-acc__content\">\n        <p>Ein Balkonanbau ist bei fast jedem Haus auch im Nachhinein noch m\u00f6glich. Dabei kann man je nach Gegebenheit, Mauerwerk und gew\u00fcnschter Balkontiefe ganz einfach das richtige System finden. Bei einer Betondecke und einer gew\u00fcnschten Balkontiefe von bis zu 1,70m kann der neue Balkon als freitragender Anbaubalkon ohne St\u00fctzen ausgef\u00fchrt werden.<\/p>\n<p>Wer gleich mehrere Balkone \u00fcbereinander anbringen m\u00f6chte, zum Beispiel bei einem Mehrfamilienhaus, f\u00fcr den empfiehlt sich ein Vorstellbalkon oder Anbaubalkon mit St\u00fctzen. Gr\u00f6\u00dfere Bautiefen sind hier kein Problem und der Balkon kann auf Wunsch \u00fcberdacht werden. <a href=\"https:\/\/www.leeb-balkone.com\/de\/anbaubalkone\/\">Weitere Informationen dazu<\/a><\/p>\n\n    <\/div>\n<\/div>\n          <div class=\"b-acc__item light\">\n    <div class=\"b-acc__title light\">\n                        <h3><span class=\"h3ash4\">Welche Balkongel\u00e4nder-Modelle sind mit einem Anbaubalkon kombinierbar?<\/span><\/h3>\n                    <i class=\"icon icon-plus\"><\/i>\n    <\/div>\n    <div class=\"b-acc__content\">\n        <p>Beim Design Ihres Anbaubalkons gibt es keinerlei Einschr\u00e4nkungen und Sie k\u00f6nnen beim Balkongel\u00e4nder aus unseren \u00fcber 200 Modellen aus Alu, Glas und Holz w\u00e4hlen und diese nach Ihren Vorstellungen kombinieren.<\/p>\n\n    <\/div>\n<\/div>\n      <\/div>\n<\/div><\/div><\/div><\/div>\n\n\n\n<div class=\"wp-block-cgb-t3-container-block none\" style=\"background-color:none\"><div class=\"grid-container\"><div class=\"grid-x\"><div class=\"cell small-12 medium-9 large-0 medium-offset-1 b-has-pt b-has-lsmb\">\n<h2 class=\"wp-block-heading\" id=\"ueberdachungen\">Fragen zu \u00dcberdachungen<\/h2>\n\n\n<div data-block_acf-block-69b95f87274d7 class=\"b-acc \">\n            <div class=\"b-acc__item light\">\n    <div class=\"b-acc__title light\">\n                        <h3><span class=\"h3ash4\">Werden Terrassend\u00e4cher bzw. Carports auch mit Glaseindeckung geliefert?<\/span><\/h3>\n                    <i class=\"icon icon-plus\"><\/i>\n    <\/div>\n    <div class=\"b-acc__content\">\n        <p>Ja, bei uns erhalten Sie alles aus einer Hand, dazu geh\u00f6rt nat\u00fcrlich auch eine hochwertige Eindeckung aus Echtglas. Diese wird in unserer hauseigenen Glaserei hergestellt und auf Wunsch von unseren Montageprofis montiert.<\/p>\n\n    <\/div>\n<\/div>\n          <div class=\"b-acc__item light\">\n    <div class=\"b-acc__title light\">\n                        <h3><span class=\"h3ash4\">Welche Zubeh\u00f6rteile sind bei Terrassend\u00e4chern lieferbar?<\/span><\/h3>\n                    <i class=\"icon icon-plus\"><\/i>\n    <\/div>\n    <div class=\"b-acc__content\">\n        <p>Leeb liefert und montiert auf Wunsch gerne Markisen, Beschattungselemente, Vertikalverglasungen sowie LED-Beleuchtung passend zu ihrem Terrassendach.<\/p>\n\n    <\/div>\n<\/div>\n      <\/div>\n<\/div><\/div><\/div><\/div>\n\n\n\n<div class=\"wp-block-cgb-t3-container-block none\" style=\"background-color:none\"><div class=\"grid-container\"><div class=\"grid-x\"><div class=\"cell small-12 medium-9 large-0 medium-offset-1 b-has-pt b-has-lsmb\">\n<h2 class=\"wp-block-heading\" id=\"solarprodukte\"><strong>Fragen zu <\/strong>Solarprodukten<\/h2>\n\n\n<div data-block_acf-block-69b95f87274ee class=\"b-acc \">\n            <div class=\"b-acc__item light\">\n    <div class=\"b-acc__title light\">\n                        <h3><span class=\"h3ash4\">Produziert der Solarbalkon auch an sonnenlosen Tagen Strom?<\/span><\/h3>\n                    <i class=\"icon icon-plus\"><\/i>\n    <\/div>\n    <div class=\"b-acc__content\">\n        <p>Ja, denn auch diffuses Licht wird von der PV Anlage absorbiert und in Strom umgewandelt.<\/p>\n\n    <\/div>\n<\/div>\n          <div class=\"b-acc__item light\">\n    <div class=\"b-acc__title light\">\n                        <h3><span class=\"h3ash4\">Gibt es eine staatliche F\u00f6rderung f\u00fcr Solarbalkone?<\/span><\/h3>\n                    <i class=\"icon icon-plus\"><\/i>\n    <\/div>\n    <div class=\"b-acc__content\">\n        <p>Zur F\u00f6rderung von Photovoltaikanlagen und allgemein erneuerbarer Energieanlagen wurden eigene Investitionszusch\u00fcsse und Fonds ins Leben gerufen, die solche Art von Investitionen mit finanziellen Mitteln unterst\u00fctzen sollen. Situationsbedingt und abh\u00e4ngig von der Leistung des Solarbalkons, k\u00f6nnen Antr\u00e4ge auf F\u00f6rderungen staatlich eingereicht werden. N\u00e4here Informationen entnehmen Sie aus der offiziellen Website Ihres Bundesministeriums.<\/p>\n\n    <\/div>\n<\/div>\n          <div class=\"b-acc__item light\">\n    <div class=\"b-acc__title light\">\n                        <h3><span class=\"h3ash4\"> Wie muss ich meinen Solarbalkon montieren, damit ich das h\u00f6chste Ma\u00df an Sonneneinstrahlung aussch\u00f6pfen kann?<\/span><\/h3>\n                    <i class=\"icon icon-plus\"><\/i>\n    <\/div>\n    <div class=\"b-acc__content\">\n        <p>Die optimale Ausrichtung Ihres Solarbalkons w\u00e4re in Richtung S\u00fcden gegeben, da hier die Sonneneinstrahlung am h\u00f6chsten ist. Doch auch bei \u00f6stlicher und westlicher Ausrichtung bleibt ihr Solar Balkon speziell am Morgen und abends durch die tiefen Sonnenstrahlen sehr energieeffizient..<\/p>\n\n    <\/div>\n<\/div>\n      <\/div>\n<\/div><\/div><\/div><\/div>\n\n\n\n<div class=\"wp-block-cgb-t3-container-block none\" style=\"background-color:none\"><div class=\"grid-container\"><div class=\"grid-x\"><div class=\"cell small-12 medium-9 large-0 medium-offset-1 b-has-pt b-has-lsmb\">\n<h2 class=\"wp-block-heading\" id=\"pflege\">Infos zur Pflege &amp; Reinigung<\/h2>\n\n\n<div data-block_acf-block-69b95f8727514 class=\"b-acc \">\n            <div class=\"b-acc__item light\">\n    <div class=\"b-acc__title light\">\n                        <h3><span class=\"h3ash4\">Reinigung von Alu-Balkonen und -z\u00e4unen:<\/span><\/h3>\n                    <i class=\"icon icon-plus\"><\/i>\n    <\/div>\n    <div class=\"b-acc__content\">\n        <p>Verwenden Sie reines Wasser (max. 25\u00b0C), auch mit geringen Zus\u00e4tzen von neutralen oder ganz schwach alkalischen Waschmitteln und weiche nicht kratzende Tu\u0308cher oder Lappen. Keinesfalls Reinigungsmittel mit unbekannter Zusammensetzung oder organischen L\u00f6sungsmittel, die Ester, Ketone, Alkohole, Aromaten, Glykolether oder halogenierte Kohlenwasserstoffe enthalten, anwenden. Reinigen Sie Ihre Balkon- und Zaunelemente nur in kaltem Zustand (max. 25\u00b0C). Verwenden Sie keine Dampfstrahlger\u00e4te.<\/p>\n\n    <\/div>\n<\/div>\n          <div class=\"b-acc__item light\">\n    <div class=\"b-acc__title light\">\n                        <h3><span class=\"h3ash4\">Pflege von Holzbalkonen:<\/span><\/h3>\n                    <i class=\"icon icon-plus\"><\/i>\n    <\/div>\n    <div class=\"b-acc__content\">\n        <p>Wir empfehlen alle waagrechten Teile Ihres Balkons (Handl\u00e4ufe, Zier- und Abdeckleisten) unbedingt im ersten Jahr nach der Montage einmal zu streichen. Dadurch wird die Lebensdauer des Balkons betr\u00e4chtlich verl\u00e4ngert. Generell sollten die waagrechten Balkonteile einmal j\u00e4hrlich mit klarem Wasser gr\u00fcndlich gereinigt und genau auf eventuelle Sch\u00e4den kontrolliert werden. Sch\u00e4den m\u00fcssen sofort ausgebessert werden. Die weiteren Balkonteile sollten je nach Bewitterung alle 2-3 Jahre nachgestrichen werden. Diese Pflegeanstriche sind unbedingt mit diffusionsoffenen, pigmentierten D\u00fcnnschichtlasuren auszuf\u00fchren (z. Bsp.: Gori Toskana). Je nach Zustand der Oberfl\u00e4che sind ein bis zwei Anstriche notwendig. Von der Verwendung von Dickschichtlasuren raten wir ab.<\/p>\n\n    <\/div>\n<\/div>\n          <div class=\"b-acc__item light\">\n    <div class=\"b-acc__title light\">\n                        <h3><span class=\"h3ash4\">Reinigung von Aluminium-B\u00f6den: <\/span><\/h3>\n                    <i class=\"icon icon-plus\"><\/i>\n    <\/div>\n    <div class=\"b-acc__content\">\n        <p>B\u00f6den aus Aluminium sind grunds\u00e4tzlich gleich zu behandeln wie alle anderen unserer Produkte aus Aluminium. Zur regelm\u00e4\u00dfigen Reinigung von u\u0308blich anfallendem Schmutz reicht die Verwendung von reinem Wasser (max. 25\u00b0C) in Verbindung mit einem nicht kratzenden Tuch oder Lappen.<\/p>\n\n    <\/div>\n<\/div>\n          <div class=\"b-acc__item light\">\n    <div class=\"b-acc__title light\">\n                        <h3><span class=\"h3ash4\">Reinigung von Feinsteinzeug-B\u00f6den:<\/span><\/h3>\n                    <i class=\"icon icon-plus\"><\/i>\n    <\/div>\n    <div class=\"b-acc__content\">\n        <p>Zur Reinigung Ihres Feinsteinzeug-Bodens empfehlen wir saure Reinigungsmittel wie verdu\u0308nnte Essigreiniger. Fu\u0308r hartn\u00e4ckigere Verschmutzungen oder Schlieren hingegen sind stark alkalische Reiniger die bessere Wahl. Diese eignen sich auch fu\u0308r die regelm\u00e4\u00dfige Unterhaltsreinigung.<\/p>\n\n    <\/div>\n<\/div>\n          <div class=\"b-acc__item light\">\n    <div class=\"b-acc__title light\">\n                        <h3><span class=\"h3ash4\">Reinigung von Werksteinplatten:<\/span><\/h3>\n                    <i class=\"icon icon-plus\"><\/i>\n    <\/div>\n    <div class=\"b-acc__content\">\n        <p>Zur allgemeinen Reinigung genu\u0308gt warmes Wasser mit dem Zusatz von einem pH-neutralen-Reiniger ohne Pflegezus\u00e4tze. Vermeiden Sie den Kontakt mit Produkten wie z.B. Essig-, Wein, Zitronensaft, Sanit\u00e4rreiniger (pH- Wert unter 7). Diese sind sauer und k\u00f6nnen die Oberfl\u00e4che besch\u00e4digen.<\/p>\n\n    <\/div>\n<\/div>\n          <div class=\"b-acc__item light\">\n    <div class=\"b-acc__title light\">\n                        <h3><span class=\"h3ash4\">Pflege von Holzb\u00f6den:<\/span><\/h3>\n                    <i class=\"icon icon-plus\"><\/i>\n    <\/div>\n    <div class=\"b-acc__content\">\n        <p>Je nach Bewitterung sollte j\u00e4hrlich, zumindest aber alle 2 Jahre ein Pflegeanstrich mit einer diffusionsoffenen, pigmentierten Du\u0308nnschichtlasur (z. Bsp.: Gori Aquaprimer) aufgebracht werden.<\/p>\n<p>Wir m\u00f6chten darauf hinweisen, dass Trocknungsrisse und Harzaustritte gerade bei Holzb\u00f6den aufgrund der nat\u00fcrlichen Holzeigenschaften unvermeidbar sind und Reklamationen ausschlie\u00dfen.<\/p>\n\n    <\/div>\n<\/div>\n      <\/div>\n<\/div><\/div><\/div><\/div>\n\n\n\n<div class=\"wp-block-cgb-t3-container-block none\" style=\"background-color:none\"><div class=\"grid-container\"><div class=\"grid-x\"><div class=\"cell small-12 medium-9 large-0 medium-offset-1 b-has-pt b-has-lsmb\">\n<h2 class=\"wp-block-heading\" id=\"service\">Service &amp; allgemeine Fragen<\/h2>\n\n\n<div data-block_acf-block-69b95f8727539 class=\"b-acc \">\n            <div class=\"b-acc__item light\">\n    <div class=\"b-acc__title light\">\n                        <h3><span class=\"h3ash4\">Gibt es auch in meiner N\u00e4he einen Leeb-Berater?<\/span><\/h3>\n                    <i class=\"icon icon-plus\"><\/i>\n    <\/div>\n    <div class=\"b-acc__content\">\n        <p>Unser Vertriebsnetz umfasst \u00fcber 100 Leeb-Partner in \u00d6sterreich, Deutschland, Italien, Frankreich, der Schweiz und Slowenien. So stellen wir sicher, dass immer ein Leeb-Partner in Ihrer N\u00e4he ist. Jeder unserer Vertriebspartner ist f\u00fcr ein bestimmtes Gebiet zust\u00e4ndig. So ist sichergestellt, dass es immer einen Ansprechpartner f\u00fcr Sie gibt. \u00dcber unsere <a href=\"https:\/\/www.leeb-balkone.com\/de\/vertriebspartner\/\">Vertriebspartnersuche<\/a> finde Sie schnell und unkompliziert Ihren Ansprechpartner. Gerne hilft Ihnen auch unsere Hotline weiter<\/p>\n\n    <\/div>\n<\/div>\n          <div class=\"b-acc__item light\">\n    <div class=\"b-acc__title light\">\n                        <h3><span class=\"h3ash4\">Wo werden Leeb Balkone, Z\u00e4une und Terrassend\u00e4cher produziert?<\/span><\/h3>\n                    <i class=\"icon icon-plus\"><\/i>\n    <\/div>\n    <div class=\"b-acc__content\">\n        <p>Unsere Firmenzentrale befindet sich in Gnesau, in den K\u00e4rntner Nockbergen. Alle unsere Produkte werden von unseren \u00fcber 230 Mitarbeiterinnen und Mitarbeitern hier sorgf\u00e4ltig gefertigt und wir k\u00f6nnen mit Stolz sagen: \u201eZu 100% in \u00d6sterreich produziert\u201c.<\/p>\n<p><a href=\"https:\/\/www.youtube.com\/watch?v=FTrZ_8Jkl9Q&amp;t=16s\" target=\"_blank\" rel=\"noopener\">Erfahren Sie mehr \u00fcber uns.<\/a><\/p>\n\n    <\/div>\n<\/div>\n          <div class=\"b-acc__item light\">\n    <div class=\"b-acc__title light\">\n                        <h3><span class=\"h3ash4\">Ich habe Fragen zu technischen Angelegenheiten. Wer ist mein richtiger Ansprechpartner daf\u00fcr?<\/span><\/h3>\n                    <i class=\"icon icon-plus\"><\/i>\n    <\/div>\n    <div class=\"b-acc__content\">\n        <p>Bitte kontaktieren Sie Ihren Leeb-Berater. Er hilft Ihnen gerne weiter und ist auch immer in Reichweite, um technische R\u00fcckfragen direkt vor Ort zu beurteilen und zu beantworten.<\/p>\n\n    <\/div>\n<\/div>\n          <div class=\"b-acc__item light\">\n    <div class=\"b-acc__title light\">\n                        <h3><span class=\"h3ash4\">Mein Berater ist nicht erreichbar, was tun?<\/span><\/h3>\n                    <i class=\"icon icon-plus\"><\/i>\n    <\/div>\n    <div class=\"b-acc__content\">\n        <p>Unsere Au\u00dfendienstmitarbeiter sind nahezu ganzt\u00e4gig in pers\u00f6nlichen Beratungsterminen und sind bem\u00fcht, sich so schnell wie m\u00f6glich bei Ihnen zur\u00fcck zu melden. In dringenden F\u00e4llen k\u00f6nnen Sie sich auch direkt bei uns unter folgender Hotline melden: Aus Deutschland: 0800 1801003 | Aus \u00d6sterreich: 0800 202013.<\/p>\n<p>Unsere KollegInnen sind top geschult und k\u00f6nnen Sie in nahezu allen Anliegen unterst\u00fctzen.<\/p>\n\n    <\/div>\n<\/div>\n      <\/div>\n<\/div><\/div><\/div><\/div>\n\n\n\n<div class=\"wp-block-cgb-t3-container-block none\" style=\"background-color:none\"><div class=\"grid-container\"><div class=\"grid-x\"><div class=\"cell small-12 medium-9 large-0 medium-offset-1 b-has-pt b-has-lsmb\">\n<h2 class=\"wp-block-heading\" id=\"beratung-angebot\">Fragen zu Beratung, Angebot und Auftrag<\/h2>\n\n\n<div data-block_acf-block-69b95f87276bc class=\"b-acc \">\n            <div class=\"b-acc__item light\">\n    <div class=\"b-acc__title light\">\n                        <h3><span class=\"h3ash4\">Wie komme ich zu einem pers\u00f6nlichen Beratungsgespr\u00e4ch?<\/span><\/h3>\n                    <i class=\"icon icon-plus\"><\/i>\n    <\/div>\n    <div class=\"b-acc__content\">\n        <p>Unsere Leeb-Berater stehen Ihnen gerne jederzeit f\u00fcr ein pers\u00f6nliches Beratungsgespr\u00e4ch vor Ort zur Verf\u00fcgung. Dieses Service ist f\u00fcr Sie unverbindlich und kostenlos. Zur Kontaktaufnahme k\u00f6nnen Sie uns entweder \u00fcber unser <a href=\"https:\/\/www.leeb-balkone.com\/de\/kontakt\/\">Kontaktformular<\/a> eine Nachricht senden oder \u00fcber eine unserer kostenlosen Hotlines mit uns in Verbindung treten.<\/p>\n\n    <\/div>\n<\/div>\n          <div class=\"b-acc__item light\">\n    <div class=\"b-acc__title light\">\n                        <h3><span class=\"h3ash4\">Wie lange dauert es, bis ich ein Angebot erhalte?<\/span><\/h3>\n                    <i class=\"icon icon-plus\"><\/i>\n    <\/div>\n    <div class=\"b-acc__content\">\n        <p>Im Rahmen eines Vor-Ort Gespr\u00e4chs erstellt Ihr Leeb-Berater \u00fcblicherweise gleich direkt ein individuelles Angebot f\u00fcr Sie.<\/p>\n\n    <\/div>\n<\/div>\n          <div class=\"b-acc__item light\">\n    <div class=\"b-acc__title light\">\n                        <h3><span class=\"h3ash4\">Sind Angebote unverbindlich und kostenlos, auch wenn ich keinen Auftrag erteile?<\/span><\/h3>\n                    <i class=\"icon icon-plus\"><\/i>\n    <\/div>\n    <div class=\"b-acc__content\">\n        <p>Unsere Angebote sind unabh\u00e4ngig von einer m\u00f6glichen Auftragserteilung immer unverbindlich und kostenlos.<\/p>\n\n    <\/div>\n<\/div>\n          <div class=\"b-acc__item light\">\n    <div class=\"b-acc__title light\">\n                        <h3><span class=\"h3ash4\">Wie viel kosten Leeb Balkone \/ Z\u00e4une \/ Terrassend\u00e4cher?<\/span><\/h3>\n                    <i class=\"icon icon-plus\"><\/i>\n    <\/div>\n    <div class=\"b-acc__content\">\n        <p>Jedes Leeb Produkt ist eine individuelle Ma\u00dfanfertigung, die exakt auf Ihre Gegebenheiten angepasst und nach Ihren W\u00fcnschen gefertigt wird. Daher k\u00f6nnen wir den konkreten Preis f\u00fcr unsere Produkte erst im Rahmen eines pers\u00f6nlichen Beratungsgespr\u00e4chs ermitteln.<\/p>\n\n    <\/div>\n<\/div>\n          <div class=\"b-acc__item light\">\n    <div class=\"b-acc__title light\">\n                        <h3><span class=\"h3ash4\">Ich habe den Auftrag erteilt, wie geht es jetzt weiter?<\/span><\/h3>\n                    <i class=\"icon icon-plus\"><\/i>\n    <\/div>\n    <div class=\"b-acc__content\">\n        <p>Nachdem Sie mit einem unserer Leeb-Berater Ihren Auftrag unterzeichnet haben, erhalten Sie nach ca. einer Woche eine entsprechende Auftragsbest\u00e4tigung. Bitte kontrollieren Sie die Auftragsbest\u00e4tigung nochmals. Sollte etwas fehlen oder unklar sein, kontaktieren Sie uns bitte \u00fcber unsere Hotline-Nummern. Die Kontaktdaten der f\u00fcr Sie zust\u00e4ndigen Kundenbetreuerin finden Sie auf Ihrer Auftragsbest\u00e4tigung.<\/p>\n\n    <\/div>\n<\/div>\n          <div class=\"b-acc__item light\">\n    <div class=\"b-acc__title light\">\n                        <h3><span class=\"h3ash4\">Wann werden die Naturma\u00dfe aufgemessen?<\/span><\/h3>\n                    <i class=\"icon icon-plus\"><\/i>\n    <\/div>\n    <div class=\"b-acc__content\">\n        <p>Der Zeitpunkt der Naturma\u00df- Aufnahme ist abh\u00e4ngig vom Bauablauf, erfolgt aber \u00fcblicherweise ca. 4-5 Wochen vor dem geplanten Liefertermin. Sollten noch Vorarbeiten gemacht werden, sorgen Sie bitte daf\u00fcr, dass s\u00e4mtliche Vorarbeiten abgeschlossen sind, bevor unser Aufma\u00dftechniker zu Ihnen kommt. Bitte kontrollieren Sie daf\u00fcr auch die Checkliste \u201eAufma\u00df\u201c, die wir Ihrer Auftragsbest\u00e4tigung beilegen.<\/p>\n\n    <\/div>\n<\/div>\n          <div class=\"b-acc__item light\">\n    <div class=\"b-acc__title light\">\n                        <h3><span class=\"h3ash4\">Auf welche Bank soll ich einzahlen, wo finde ich die Bankverbindung?<\/span><\/h3>\n                    <i class=\"icon icon-plus\"><\/i>\n    <\/div>\n    <div class=\"b-acc__content\">\n        <p>Bitte entnehmen Sie die Bankverbindung in der Fu\u00dfzeile Ihrer Auftragsbest\u00e4tigung.<\/p>\n\n    <\/div>\n<\/div>\n      <\/div>\n<\/div><\/div><\/div><\/div>\n\n\n\n<div class=\"wp-block-cgb-t3-container-block none\" style=\"background-color:none\"><div class=\"grid-container\"><div class=\"grid-x\"><div class=\"cell small-12 medium-9 large-0 medium-offset-1 b-has-pt\">\n<h2 class=\"wp-block-heading\" id=\"lieferung-montage\">Fragen zur Lieferung &amp; Montage<\/h2>\n\n\n<div data-block_acf-block-69b95f8727700 class=\"b-acc \">\n            <div class=\"b-acc__item light\">\n    <div class=\"b-acc__title light\">\n                        <h3><span class=\"h3ash4\">Wie lange dauert es, bis mein Balkon, Zaun oder Terrassendach geliefert wird?<\/span><\/h3>\n                    <i class=\"icon icon-plus\"><\/i>\n    <\/div>\n    <div class=\"b-acc__content\">\n        <p>Die Zeit von der Bestellung bis zur Auslieferung unserer Produkte h\u00e4ngt sehr stark davon ab, ob bei Ihnen am Haus noch weitere Vorarbeiten erledigt werden m\u00fcssen. Wenn keine Vorgewerke ber\u00fccksichtig werden m\u00fcssen, betr\u00e4gt unsere \u00fcbliche Lieferzeit aufgrund der starken Auslastung derzeit zwischen 10-12 Wochen. Aufgrund unserer hochflexiblen Produktionsplanung k\u00f6nnen wir auch k\u00fcrzere Lieferzeiten realisieren, wenn es einmal besonders schnell gehen muss. Ihr <a href=\"https:\/\/www.leeb-balkone.com\/de\/vertriebspartner\/\">Leeb-Berater<\/a> hilft Ihnen dazu gerne weiter.<\/p>\n\n    <\/div>\n<\/div>\n          <div class=\"b-acc__item light\">\n    <div class=\"b-acc__title light\">\n                        <h3><span class=\"h3ash4\">Wie erfahre ich meinen genauen Liefertermin?<\/span><\/h3>\n                    <i class=\"icon icon-plus\"><\/i>\n    <\/div>\n    <div class=\"b-acc__content\">\n        <p>In Ihrer Auftragsbest\u00e4tigung, die Sie von uns bekommen, finden Sie die Kalenderwoche Ihres avisierten Liefer- bzw. Montagetermins. Rund 3-4 Wochen vor dem avisierten Termin kontaktieren wir Sie nochmals zur Feinabstimmung des Termins.<\/p>\n\n    <\/div>\n<\/div>\n          <div class=\"b-acc__item light\">\n    <div class=\"b-acc__title light\">\n                        <h3><span class=\"h3ash4\">Wie wird mein Leeb Produkt geliefert?<\/span><\/h3>\n                    <i class=\"icon icon-plus\"><\/i>\n    <\/div>\n    <div class=\"b-acc__content\">\n        <p>Wir liefern unsere Produkte mit unserem eigenen Fuhrpark aus, da wir so die notwendige Transportqualit\u00e4t und Flexibilit\u00e4t gew\u00e4hrleisten k\u00f6nnen. Unsere Fahrer sind Profis und helfen Ihnen bei Fragen oder Anliegen gerne weiter.<\/p>\n\n    <\/div>\n<\/div>\n          <div class=\"b-acc__item light\">\n    <div class=\"b-acc__title light\">\n                        <h3><span class=\"h3ash4\">Von wem wird mein Leeb Produkt montiert?<\/span><\/h3>\n                    <i class=\"icon icon-plus\"><\/i>\n    <\/div>\n    <div class=\"b-acc__content\">\n        <p>Auf Wunsch \u00fcbernehmen unsere Leeb-Montage-Profis die Montage Ihrer Leeb-Produkte. Sie sind bestens geschulte Fachleute und k\u00f6nnen Ihnen auch bei auftretenden Fragen, zum Beispiel zu Pflege oder Wartung, sofort kompetente Auskunft geben und Ihnen mit Rat und Tat zur Seite stehen.<\/p>\n\n    <\/div>\n<\/div>\n          <div class=\"b-acc__item light\">\n    <div class=\"b-acc__title light\">\n                        <h3><span class=\"h3ash4\">Kann ich ein Leeb Produkt auch selbst montieren?<\/span><\/h3>\n                    <i class=\"icon icon-plus\"><\/i>\n    <\/div>\n    <div class=\"b-acc__content\">\n        <p>Grunds\u00e4tzlich ja. Wenn Sie \u00fcber entsprechendes handwerkliches Geschick und Fachkenntnisse sowie die notwendige Maschinenausstattung verf\u00fcgen, k\u00f6nnen Sie unsere Produkte auch selbst montieren.<\/p>\n\n    <\/div>\n<\/div>\n          <div class=\"b-acc__item light\">\n    <div class=\"b-acc__title light\">\n                        <h3><span class=\"h3ash4\">Wann wird mein Balkongel\u00e4nder, Gartenzaun oder Terrassendach montiert?<\/span><\/h3>\n                    <i class=\"icon icon-plus\"><\/i>\n    <\/div>\n    <div class=\"b-acc__content\">\n        <p>Ihren vereinbarten Montagetermin finden Sie in Ihrer Auftragsbest\u00e4tigung. Rund eine Woche vor dem vereinbarten Termin werden Sie von uns bzw. einem unserer Montageteams kontaktiert, um den genauen Tag und Uhrzeit zu fixieren. Da wir bei unseren Montagen vom Wetter, Verkehrslage etc. abh\u00e4ngig sind, kann es manchmal vorkommen, dass wir Termine verschieben m\u00fcssen. In diesem Fall werden Sie von uns unverz\u00fcglich telefonisch oder per E-Mail kontaktiert.<\/p>\n\n    <\/div>\n<\/div>\n          <div class=\"b-acc__item light\">\n    <div class=\"b-acc__title light\">\n                        <h3><span class=\"h3ash4\">Wie lange dauert die Montage?<\/span><\/h3>\n                    <i class=\"icon icon-plus\"><\/i>\n    <\/div>\n    <div class=\"b-acc__content\">\n        <p>Die Montagedauer h\u00e4ngt sehr stark von der Auftragsgr\u00f6\u00dfe und dem gew\u00e4hlten Leeb-Produkt ab. Generell versuchen wir aber durch einen m\u00f6glichst hohen Vorfertigungsgrad die Montagedauer so kurz wie m\u00f6glich zu halten. Ein typischer Balkon- oder Zaunauftrag ist \u00fcblicherweise innerhalb eines Tages erledigt. Durch die weitgehende Vorfertigung bei uns im Werk sind vor Ort auch nur wenige Anpassungsarbeiten notwendig, wodurch wenig L\u00e4rm oder Schmutz entsteht. Die Arbeiten k\u00f6nnen \u00fcblicherweise von au\u00dfen erledigt werden, ohne dass die Wohnr\u00e4ume betreten werden m\u00fcssen.<\/p>\n\n    <\/div>\n<\/div>\n      <\/div>\n<\/div><\/div><\/div><\/div>\n<\/section>\n","protected":false},"excerpt":{"rendered":"","protected":false},"author":3,"featured_media":0,"parent":17326,"menu_order":70,"comment_status":"closed","ping_status":"open","template":"template-onepager.blade.php","meta":{"_acf_changed":false,"footnotes":"","_sage_theme_css":true,"_wp_block_core_css":false},"folder":[257],"class_list":["post-71658","page","type-page","status-publish","hentry"],"acf":[],"yoast_head":"<!-- This site is optimized with the Yoast SEO plugin v27.2 - https:\/\/yoast.com\/product\/yoast-seo-wordpress\/ -->\n<title>FAQ &amp; Hilfe: Antworten zu h\u00e4ufig gestellten Fragen - Leeb Balkone Schweiz<\/title>\n<meta name=\"description\" content=\"Fragen zu Balkonen \u2713 Planung, Montage &amp; Sanierung erkl\u00e4rt \u2713 \u00dcbersichtlich &amp; verst\u00e4ndlich *** Antworten auf h\u00e4ufige Fragen bei Leeb Balkone!\" \/>\n<meta name=\"robots\" content=\"index, follow, max-snippet:-1, max-image-preview:large, max-video-preview:-1\" \/>\n<meta property=\"og:locale\" content=\"de_DE\" \/>\n<meta property=\"og:type\" content=\"article\" \/>\n<meta property=\"og:title\" content=\"FAQ &amp; Hilfe: Antworten zu h\u00e4ufig gestellten Fragen - Leeb Balkone\" \/>\n<meta property=\"og:description\" content=\"Fragen zu Balkonen \u2713 Planung, Montage &amp; Sanierung erkl\u00e4rt \u2713 \u00dcbersichtlich &amp; verst\u00e4ndlich *** Antworten auf h\u00e4ufige Fragen bei Leeb Balkone!\" \/>\n<meta property=\"og:url\" content=\"https:\/\/www.leeb-balkone.com\/ch\/service\/faq\/\" \/>\n<meta property=\"og:site_name\" content=\"Leeb Balkone\" \/>\n<meta property=\"article:publisher\" content=\"https:\/\/www.facebook.com\/balkone\/\" \/>\n<meta property=\"article:modified_time\" content=\"2026-03-17T14:05:07+00:00\" \/>\n<meta property=\"og:image\" content=\"https:\/\/www.leeb-balkone.com\/app\/uploads\/2020\/09\/alu-balkongelaender-zufriedene-kunden-1.jpg\" \/>\n\t<meta property=\"og:image:width\" content=\"2560\" \/>\n\t<meta property=\"og:image:height\" content=\"1762\" \/>\n\t<meta property=\"og:image:type\" content=\"image\/jpeg\" \/>\n<meta name=\"twitter:card\" content=\"summary_large_image\" \/>\n<script type=\"application\/ld+json\" class=\"yoast-schema-graph\">{\"@context\":\"https:\/\/schema.org\",\"@graph\":[{\"@type\":\"WebPage\",\"@id\":\"https:\/\/www.leeb-balkone.com\/ch\/service\/faq\/\",\"url\":\"https:\/\/www.leeb-balkone.com\/ch\/service\/faq\/\",\"name\":\"FAQ & Hilfe: Antworten zu h\u00e4ufig gestellten Fragen - Leeb Balkone\",\"isPartOf\":{\"@id\":\"https:\/\/www.leeb-balkone.com\/ch\/#website\"},\"datePublished\":\"2022-01-26T09:13:59+00:00\",\"dateModified\":\"2026-03-17T14:05:07+00:00\",\"description\":\"Fragen zu Balkonen \u2713 Planung, Montage & Sanierung erkl\u00e4rt \u2713 \u00dcbersichtlich & verst\u00e4ndlich *** Antworten auf h\u00e4ufige Fragen bei Leeb Balkone!\",\"breadcrumb\":{\"@id\":\"https:\/\/www.leeb-balkone.com\/ch\/service\/faq\/#breadcrumb\"},\"inLanguage\":\"de-CH\",\"potentialAction\":[{\"@type\":\"ReadAction\",\"target\":[\"https:\/\/www.leeb-balkone.com\/ch\/service\/faq\/\"]}]},{\"@type\":\"BreadcrumbList\",\"@id\":\"https:\/\/www.leeb-balkone.com\/ch\/service\/faq\/#breadcrumb\",\"itemListElement\":[{\"@type\":\"ListItem\",\"position\":1,\"name\":\"Home\",\"item\":\"https:\/\/www.leeb-balkone.com\/ch\/\"},{\"@type\":\"ListItem\",\"position\":2,\"name\":\"Service\",\"item\":\"https:\/\/www.leeb-balkone.com\/ch\/service\/\"},{\"@type\":\"ListItem\",\"position\":3,\"name\":\"H\u00e4ufig gestellte Fragen\"}]},{\"@type\":\"WebSite\",\"@id\":\"https:\/\/www.leeb-balkone.com\/ch\/#website\",\"url\":\"https:\/\/www.leeb-balkone.com\/ch\/\",\"name\":\"Leeb Balkone\",\"description\":\"Balkone und Z\u00e4une\",\"publisher\":{\"@id\":\"https:\/\/www.leeb-balkone.com\/ch\/#organization\"},\"potentialAction\":[{\"@type\":\"SearchAction\",\"target\":{\"@type\":\"EntryPoint\",\"urlTemplate\":\"https:\/\/www.leeb-balkone.com\/ch\/?s={search_term_string}\"},\"query-input\":{\"@type\":\"PropertyValueSpecification\",\"valueRequired\":true,\"valueName\":\"search_term_string\"}}],\"inLanguage\":\"de-CH\"},{\"@type\":\"Organization\",\"@id\":\"https:\/\/www.leeb-balkone.com\/ch\/#organization\",\"name\":\"Leeb Balkone Gmbh\",\"url\":\"https:\/\/www.leeb-balkone.com\/ch\/\",\"logo\":{\"@type\":\"ImageObject\",\"inLanguage\":\"de-CH\",\"@id\":\"https:\/\/www.leeb-balkone.com\/ch\/#\/schema\/logo\/image\/\",\"url\":\"https:\/\/www.leeb-balkone.com\/app\/uploads\/2020\/11\/leeb-logo.svg\",\"contentUrl\":\"https:\/\/www.leeb-balkone.com\/app\/uploads\/2020\/11\/leeb-logo.svg\",\"width\":741,\"height\":204,\"caption\":\"Leeb Balkone Gmbh\"},\"image\":{\"@id\":\"https:\/\/www.leeb-balkone.com\/ch\/#\/schema\/logo\/image\/\"},\"sameAs\":[\"https:\/\/www.facebook.com\/balkone\/\",\"https:\/\/www.trustedshops.at\/bewertung\/info_X4587CCF5833E31AFE0B11F47D86999F2.html\",\"https:\/\/www.trustedshops.de\/bewertung\/info_X7BA536A7A0BDC86D36C4718E4DCAEEEF.html\",\"https:\/\/www.google.com\/maps\/place\/?q=place_id:ChIJ5-zH19-IcEcR9HonWRTllHI\"]}]}<\/script>\n<!-- \/ Yoast SEO plugin. -->","yoast_head_json":{"title":"FAQ & Hilfe: Antworten zu h\u00e4ufig gestellten Fragen - Leeb Balkone Schweiz","description":"Fragen zu Balkonen \u2713 Planung, Montage & Sanierung erkl\u00e4rt \u2713 \u00dcbersichtlich & verst\u00e4ndlich *** Antworten auf h\u00e4ufige Fragen bei Leeb Balkone!","robots":{"index":"index","follow":"follow","max-snippet":"max-snippet:-1","max-image-preview":"max-image-preview:large","max-video-preview":"max-video-preview:-1"},"og_locale":"de_DE","og_type":"article","og_title":"FAQ & Hilfe: Antworten zu h\u00e4ufig gestellten Fragen - Leeb Balkone","og_description":"Fragen zu Balkonen \u2713 Planung, Montage & Sanierung erkl\u00e4rt \u2713 \u00dcbersichtlich & verst\u00e4ndlich *** Antworten auf h\u00e4ufige Fragen bei Leeb Balkone!","og_url":"https:\/\/www.leeb-balkone.com\/ch\/service\/faq\/","og_site_name":"Leeb Balkone","article_publisher":"https:\/\/www.facebook.com\/balkone\/","article_modified_time":"2026-03-17T14:05:07+00:00","og_image":[{"width":2560,"height":1762,"url":"https:\/\/www.leeb-balkone.com\/app\/uploads\/2020\/09\/alu-balkongelaender-zufriedene-kunden-1.jpg","type":"image\/jpeg"}],"twitter_card":"summary_large_image","schema":{"@context":"https:\/\/schema.org","@graph":[{"@type":"WebPage","@id":"https:\/\/www.leeb-balkone.com\/ch\/service\/faq\/","url":"https:\/\/www.leeb-balkone.com\/ch\/service\/faq\/","name":"FAQ & Hilfe: Antworten zu h\u00e4ufig gestellten Fragen - Leeb Balkone","isPartOf":{"@id":"https:\/\/www.leeb-balkone.com\/ch\/#website"},"datePublished":"2022-01-26T09:13:59+00:00","dateModified":"2026-03-17T14:05:07+00:00","description":"Fragen zu Balkonen \u2713 Planung, Montage & Sanierung erkl\u00e4rt \u2713 \u00dcbersichtlich & verst\u00e4ndlich *** Antworten auf h\u00e4ufige Fragen bei Leeb Balkone!","breadcrumb":{"@id":"https:\/\/www.leeb-balkone.com\/ch\/service\/faq\/#breadcrumb"},"inLanguage":"de-CH","potentialAction":[{"@type":"ReadAction","target":["https:\/\/www.leeb-balkone.com\/ch\/service\/faq\/"]}]},{"@type":"BreadcrumbList","@id":"https:\/\/www.leeb-balkone.com\/ch\/service\/faq\/#breadcrumb","itemListElement":[{"@type":"ListItem","position":1,"name":"Home","item":"https:\/\/www.leeb-balkone.com\/ch\/"},{"@type":"ListItem","position":2,"name":"Service","item":"https:\/\/www.leeb-balkone.com\/ch\/service\/"},{"@type":"ListItem","position":3,"name":"H\u00e4ufig gestellte Fragen"}]},{"@type":"WebSite","@id":"https:\/\/www.leeb-balkone.com\/ch\/#website","url":"https:\/\/www.leeb-balkone.com\/ch\/","name":"Leeb Balkone","description":"Balkone und Z\u00e4une","publisher":{"@id":"https:\/\/www.leeb-balkone.com\/ch\/#organization"},"potentialAction":[{"@type":"SearchAction","target":{"@type":"EntryPoint","urlTemplate":"https:\/\/www.leeb-balkone.com\/ch\/?s={search_term_string}"},"query-input":{"@type":"PropertyValueSpecification","valueRequired":true,"valueName":"search_term_string"}}],"inLanguage":"de-CH"},{"@type":"Organization","@id":"https:\/\/www.leeb-balkone.com\/ch\/#organization","name":"Leeb Balkone Gmbh","url":"https:\/\/www.leeb-balkone.com\/ch\/","logo":{"@type":"ImageObject","inLanguage":"de-CH","@id":"https:\/\/www.leeb-balkone.com\/ch\/#\/schema\/logo\/image\/","url":"https:\/\/www.leeb-balkone.com\/app\/uploads\/2020\/11\/leeb-logo.svg","contentUrl":"https:\/\/www.leeb-balkone.com\/app\/uploads\/2020\/11\/leeb-logo.svg","width":741,"height":204,"caption":"Leeb Balkone Gmbh"},"image":{"@id":"https:\/\/www.leeb-balkone.com\/ch\/#\/schema\/logo\/image\/"},"sameAs":["https:\/\/www.facebook.com\/balkone\/","https:\/\/www.trustedshops.at\/bewertung\/info_X4587CCF5833E31AFE0B11F47D86999F2.html","https:\/\/www.trustedshops.de\/bewertung\/info_X7BA536A7A0BDC86D36C4718E4DCAEEEF.html","https:\/\/www.google.com\/maps\/place\/?q=place_id:ChIJ5-zH19-IcEcR9HonWRTllHI"]}]}},"_links":{"self":[{"href":"https:\/\/www.leeb-balkone.com\/ch\/wp-json\/wp\/v2\/pages\/71658","targetHints":{"allow":["GET"]}}],"collection":[{"href":"https:\/\/www.leeb-balkone.com\/ch\/wp-json\/wp\/v2\/pages"}],"about":[{"href":"https:\/\/www.leeb-balkone.com\/ch\/wp-json\/wp\/v2\/types\/page"}],"author":[{"embeddable":true,"href":"https:\/\/www.leeb-balkone.com\/ch\/wp-json\/wp\/v2\/users\/3"}],"replies":[{"embeddable":true,"href":"https:\/\/www.leeb-balkone.com\/ch\/wp-json\/wp\/v2\/comments?post=71658"}],"version-history":[{"count":13,"href":"https:\/\/www.leeb-balkone.com\/ch\/wp-json\/wp\/v2\/pages\/71658\/revisions"}],"predecessor-version":[{"id":166112,"href":"https:\/\/www.leeb-balkone.com\/ch\/wp-json\/wp\/v2\/pages\/71658\/revisions\/166112"}],"up":[{"embeddable":true,"href":"https:\/\/www.leeb-balkone.com\/ch\/wp-json\/wp\/v2\/pages\/17326"}],"wp:attachment":[{"href":"https:\/\/www.leeb-balkone.com\/ch\/wp-json\/wp\/v2\/media?parent=71658"}],"wp:term":[{"taxonomy":"folder","embeddable":true,"href":"https:\/\/www.leeb-balkone.com\/ch\/wp-json\/wp\/v2\/folder?post=71658"}],"curies":[{"name":"wp","href":"https:\/\/api.w.org\/{rel}","templated":true}]}}