{"id":23344,"date":"2020-08-13T22:12:35","date_gmt":"2020-08-13T22:12:35","guid":{"rendered":"https:\/\/www.leeb-balkone.com\/de\/ueber-leeb\/kundenreferenzen\/"},"modified":"2026-04-28T15:12:33","modified_gmt":"2026-04-28T15:12:33","slug":"kundenreferenzen","status":"publish","type":"page","link":"https:\/\/www.leeb-balkone.com\/ch\/ueber-leeb\/kundenreferenzen\/","title":{"rendered":"Kundenreferenzen"},"content":{"rendered":"\n<header class=\"wp-block-group alignfull t3-header-text has-white-background-color has-background has-global-padding is-layout-constrained wp-container-core-group-is-layout-edbfe087 wp-block-group-is-layout-constrained\" style=\"padding-bottom:var(--wp--preset--spacing--xl-2-xl)\">\n<div class=\"wp-block-group o-grid u-md-1 is-layout-flow wp-block-group-is-layout-flow\">\n<div class=\"wp-block-group u-g-s-2 u-g-9 has-global-padding is-layout-constrained wp-block-group-is-layout-constrained\"><div class=\"yoast-breadcrumbs\"><span><span><a href=\"https:\/\/www.leeb-balkone.com\/ch\/\">Home<\/a><\/span> \/ <span><a href=\"https:\/\/www.leeb-balkone.com\/ch\/ueber-leeb\/\">\u00dcber Leeb<\/a><\/span> \/ <span class=\"breadcrumb_last\" aria-current=\"page\">Kundenreferenzen<\/span><\/span><\/div>\n\n\n<h1 class=\"wp-block-heading\" style=\"margin-bottom:var(--wp--preset--spacing--l)\">Kundenreferenzen<\/h1>\n\n\n\n<p class=\"is-style-default\">\u00dcber 60 Jahre Erfahrung und mehr als 150.000 Kunden in \u00d6sterreich, Deutschland, Italien, Frankreich und der Schweiz haben uns zum f\u00fchrenden Spezialisten f\u00fcr Balkone und Z\u00e4une gemacht. Hier zeigen wir Ihnen eine kleine Auswahl an Leeb-Referenzen. Weitere Referenzen nennt Ihnen gerne\u00a0Ihr\u00a0<a href=\"https:\/\/www.leeb-balkone.com\/ch\/vertriebspartner\/\" type=\"link\" id=\"https:\/\/www.leeb-balkone.com\/ch\/vertriebspartner\/\">Leeb Partner in Ihrer N\u00e4he<\/a>!<\/p>\n\n\n\n<p><strong><strong>Besuchen Sie auch unsere&nbsp;<a href=\"https:\/\/www.facebook.com\/balkone\/\">Facebook-Fanpage<\/a>, hier finden Sie viele weitere Referenzen und Infos \u00fcber Leeb.<\/strong><\/strong><\/p>\n<\/div>\n<\/div>\n<\/header>\n\n\n\n<section class=\"wp-block-group alignfull t3-loop-filter-bg large has-white-background-color has-background has-global-padding is-layout-constrained wp-container-core-group-is-layout-52f96efc wp-block-group-is-layout-constrained\">\n<div class=\"wp-block-group o-grid u-md-1 is-layout-flow wp-block-group-is-layout-flow\">\n<div class=\"wp-block-group u-g-10 u-g-s-2 is-layout-flow wp-block-group-is-layout-flow\" style=\"margin-bottom:var(--wp--preset--spacing--s)\">\n<h2 class=\"wp-block-heading has-step-2-font-size\">Referenzen sortieren<\/h2>\n\n\n<nav style=\"--t3-loop-filter-gap: var(--wp--preset--spacing--s);\" class=\"t3-loop-filter t3-loop-filter--target-references t3-loop-filter--dropdown t3-loop-filter--align-left alignfull wp-block-t3-loop-filter\" aria-label=\"Filter\" data-target=\"references\"><select class=\"t3-loop-filter__select\" aria-label=\"Filter\"><option value=\"all\">Alle anzeigen<\/option><option value=\"balkongelaender-alu\">Balkongel\u00e4nder Alu<\/option><option value=\"alu-zaeune\">Aluz\u00e4une<\/option><option value=\"anbaubalkone\">Anbaubalkone<\/option><option value=\"ueberdachungen\">\u00dcberdachungen<\/option><\/select><\/nav><\/div>\n<\/div>\n\n\n<div class=\"t3-refs-block is-style-offset is-mode-cards b-cards b-cards--offset\"><div id=\"refs-block-69f3fc6de172d\" class=\"t3-refs-block__wrapper has-2-cols\" data-block-id=\"refs-block-69f3fc6de172d\" data-per-page=\"24\" data-load-more-enabled=\"true\" data-loop-filter-enabled=\"true\" data-selection-mode=\"loop\" data-display-mode=\"cards\" data-ba-initial=\"50\" data-restrict-categories=\"balkongelaender-alu,alu-zaeune,anbaubalkone,ueberdachungen\" data-loaded=\"10\" data-total=\"10\" data-current-filter=\"all\" data-sort=\"publication\" data-order=\"desc\" data-title-size=\"step-0\"><div id=\"refs-block-item-57778\"\n     class=\"t3-refs-item b-cards__item term-anbaubalkone term-glasbalkone-alu\"\n     data-post-id=\"57778\">\n    <figure class=\"t3-refs-item__figure b-cards__header\">\n                    <img loading=\"lazy\" decoding=\"async\" width=\"1024\" height=\"684\" src=\"https:\/\/www.leeb-balkone.com\/app\/uploads\/2021\/09\/kundenreferenz-lachen-braun-alu-glasbalkon-1024x684.jpg\" class=\"t3-refs-item__img\" alt=\"Von der Geb\u00e4udestatik unabh\u00e4ngiger Vorstellbalkon (ein- oder mehrgeschossig)\" sizes=\"auto, (min-width: 1200px) 1024px, (min-width: 1024px) 768px, (min-width: 640px) 768px, 768px\" srcset=\"https:\/\/www.leeb-balkone.com\/app\/uploads\/2021\/09\/kundenreferenz-lachen-braun-alu-glasbalkon-1024x684.jpg 1024w, https:\/\/www.leeb-balkone.com\/app\/uploads\/2021\/09\/kundenreferenz-lachen-braun-alu-glasbalkon-300x200.jpg 300w, https:\/\/www.leeb-balkone.com\/app\/uploads\/2021\/09\/kundenreferenz-lachen-braun-alu-glasbalkon-768x513.jpg 768w, https:\/\/www.leeb-balkone.com\/app\/uploads\/2021\/09\/kundenreferenz-lachen-braun-alu-glasbalkon-1536x1025.jpg 1536w, https:\/\/www.leeb-balkone.com\/app\/uploads\/2021\/09\/kundenreferenz-lachen-braun-alu-glasbalkon-scaled.jpg 2048w\" \/>                            <div class=\"t3-refs-item__overlay\">\n                <p>\u201eIch bedanke mich recht herzlich f\u00fcr die Beratung, Planung und Koordination des Projekts! Es hat alles erstklassig geklappt.&#8221;\r\n<\/p>\n            <\/div>\n            <\/figure>\n            <div class=\"t3-refs-item__body b-cards__body\">\n            <div class=\"t3-refs-item__title b-cards__title\">\n                <h3 style=\"font-size: var(--wp--preset--font-size--step-0);\">Familie Braun, Lachen<\/h3>\n            <\/div>\n        <\/div>\n    <\/div>\n<div id=\"refs-block-item-37262\"\n     class=\"t3-refs-item b-cards__item term-balkongelaender-alu term-ueberdachungen\"\n     data-post-id=\"37262\">\n    <figure class=\"t3-refs-item__figure b-cards__header\">\n                    <img loading=\"lazy\" decoding=\"async\" width=\"1024\" height=\"768\" src=\"https:\/\/www.leeb-balkone.com\/app\/uploads\/2021\/04\/sommergarten-hoheneder-4080158D-2-1024x768.jpg\" class=\"t3-refs-item__img\" alt=\"sommergarten-hoheneder-4080158D-2\" sizes=\"auto, (min-width: 1200px) 1024px, (min-width: 1024px) 768px, (min-width: 640px) 768px, 768px\" srcset=\"https:\/\/www.leeb-balkone.com\/app\/uploads\/2021\/04\/sommergarten-hoheneder-4080158D-2-1024x768.jpg 1024w, https:\/\/www.leeb-balkone.com\/app\/uploads\/2021\/04\/sommergarten-hoheneder-4080158D-2-300x225.jpg 300w, https:\/\/www.leeb-balkone.com\/app\/uploads\/2021\/04\/sommergarten-hoheneder-4080158D-2-768x576.jpg 768w, https:\/\/www.leeb-balkone.com\/app\/uploads\/2021\/04\/sommergarten-hoheneder-4080158D-2-1536x1153.jpg 1536w, https:\/\/www.leeb-balkone.com\/app\/uploads\/2021\/04\/sommergarten-hoheneder-4080158D-2-1500x1126.jpg 1500w, https:\/\/www.leeb-balkone.com\/app\/uploads\/2021\/04\/sommergarten-hoheneder-4080158D-2.jpg 1599w\" \/>                            <div class=\"t3-refs-item__overlay\">\n                <p>Wir m\u00f6chten uns noch auf diesem Weg f\u00fcr die ausgezeichnete Arbeit Ihrer Firma bedanken. Es lief alles wie am Schn\u00fcrchen \u2013 von der Planung bis zur Fertigstellung. Nochmals vielen Dank!<\/p>\n            <\/div>\n            <\/figure>\n            <div class=\"t3-refs-item__body b-cards__body\">\n            <div class=\"t3-refs-item__title b-cards__title\">\n                <h3 style=\"font-size: var(--wp--preset--font-size--step-0);\">Familie Hoheneder, Grieskirchen<\/h3>\n            <\/div>\n        <\/div>\n    <\/div>\n<div id=\"refs-block-item-18630\"\n     class=\"t3-refs-item b-cards__item term-balkongelaender-alu\"\n     data-post-id=\"18630\">\n    <figure class=\"t3-refs-item__figure b-cards__header\">\n                    <img loading=\"lazy\" decoding=\"async\" width=\"1024\" height=\"768\" src=\"https:\/\/www.leeb-balkone.com\/app\/uploads\/2020\/10\/alu-balkongelaender-alu-design-sellin-9-1024x768.jpg\" class=\"t3-refs-item__img\" alt=\"alu-balkongelaender-alu-design-sellin-9\" sizes=\"auto, (min-width: 1200px) 1024px, (min-width: 1024px) 768px, (min-width: 640px) 768px, 768px\" srcset=\"https:\/\/www.leeb-balkone.com\/app\/uploads\/2020\/10\/alu-balkongelaender-alu-design-sellin-9-1024x768.jpg 1024w, https:\/\/www.leeb-balkone.com\/app\/uploads\/2020\/10\/alu-balkongelaender-alu-design-sellin-9-300x225.jpg 300w, https:\/\/www.leeb-balkone.com\/app\/uploads\/2020\/10\/alu-balkongelaender-alu-design-sellin-9-768x576.jpg 768w, https:\/\/www.leeb-balkone.com\/app\/uploads\/2020\/10\/alu-balkongelaender-alu-design-sellin-9-1536x1152.jpg 1536w, https:\/\/www.leeb-balkone.com\/app\/uploads\/2020\/10\/alu-balkongelaender-alu-design-sellin-9-2048x1536.jpg 2048w\" \/>                            <div class=\"t3-refs-item__overlay\">\n                <p>Ist alles super geworden!<\/p>\n            <\/div>\n            <\/figure>\n            <div class=\"t3-refs-item__body b-cards__body\">\n            <div class=\"t3-refs-item__title b-cards__title\">\n                <h3 style=\"font-size: var(--wp--preset--font-size--step-0);\">Familie Lindloff, Augsburg<\/h3>\n            <\/div>\n        <\/div>\n    <\/div>\n<div id=\"refs-block-item-18626\"\n     class=\"t3-refs-item b-cards__item term-balkongelaender-alu term-glasbalkone-alu\"\n     data-post-id=\"18626\">\n    <figure class=\"t3-refs-item__figure b-cards__header\">\n                    <img loading=\"lazy\" decoding=\"async\" width=\"1024\" height=\"685\" src=\"https:\/\/www.leeb-balkone.com\/app\/uploads\/2020\/11\/vitro-kampenhuber-rudolf-5-1024x685.jpg\" class=\"t3-refs-item__img\" alt=\"vitro-kampenhuber-rudolf-5\" sizes=\"auto, (min-width: 1200px) 1024px, (min-width: 1024px) 768px, (min-width: 640px) 768px, 768px\" srcset=\"https:\/\/www.leeb-balkone.com\/app\/uploads\/2020\/11\/vitro-kampenhuber-rudolf-5-1024x685.jpg 1024w, https:\/\/www.leeb-balkone.com\/app\/uploads\/2020\/11\/vitro-kampenhuber-rudolf-5-300x201.jpg 300w, https:\/\/www.leeb-balkone.com\/app\/uploads\/2020\/11\/vitro-kampenhuber-rudolf-5-768x514.jpg 768w, https:\/\/www.leeb-balkone.com\/app\/uploads\/2020\/11\/vitro-kampenhuber-rudolf-5-1536x1028.jpg 1536w, https:\/\/www.leeb-balkone.com\/app\/uploads\/2020\/11\/vitro-kampenhuber-rudolf-5-2048x1371.jpg 2048w\" \/>                            <div class=\"t3-refs-item__overlay\">\n                <p>Schon der erste Balkon aus dem Jahre 1984 von Leeb hat positiven Eindruck gemacht. Auch der heurige Umbau auf einen Alubalkon war sehr zufriedenstellend. Wir haben eine gro\u00dfe Freude damit.\r\nDanke an das gesamte Team! <\/p>\n            <\/div>\n            <\/figure>\n            <div class=\"t3-refs-item__body b-cards__body\">\n            <div class=\"t3-refs-item__title b-cards__title\">\n                <h3 style=\"font-size: var(--wp--preset--font-size--step-0);\">Familie Kampenhuber, Pfarrkirchen<\/h3>\n            <\/div>\n        <\/div>\n    <\/div>\n<div id=\"refs-block-item-18636\"\n     class=\"t3-refs-item b-cards__item term-balkongelaender-alu term-select-balkone-alu\"\n     data-post-id=\"18636\">\n    <figure class=\"t3-refs-item__figure b-cards__header\">\n                    <img loading=\"lazy\" decoding=\"async\" width=\"1024\" height=\"768\" src=\"https:\/\/www.leeb-balkone.com\/app\/uploads\/2020\/10\/christopher-schierling-isola-1024x768.jpeg\" class=\"t3-refs-item__img\" alt=\"begeisterte-kunden-christopher-schierling-isola\" sizes=\"auto, (min-width: 1200px) 1024px, (min-width: 1024px) 768px, (min-width: 640px) 768px, 768px\" srcset=\"https:\/\/www.leeb-balkone.com\/app\/uploads\/2020\/10\/christopher-schierling-isola-1024x768.jpeg 1024w, https:\/\/www.leeb-balkone.com\/app\/uploads\/2020\/10\/christopher-schierling-isola-300x225.jpeg 300w, https:\/\/www.leeb-balkone.com\/app\/uploads\/2020\/10\/christopher-schierling-isola-768x576.jpeg 768w, https:\/\/www.leeb-balkone.com\/app\/uploads\/2020\/10\/christopher-schierling-isola-1536x1152.jpeg 1536w, https:\/\/www.leeb-balkone.com\/app\/uploads\/2020\/10\/christopher-schierling-isola-2048x1536.jpeg 2048w\" \/>                            <div class=\"t3-refs-item__overlay\">\n                <p>Das Material ist hochwertig und die Verarbeitung k\u00f6nnte besser nicht sein. Die komplette Auftragsabwicklung von der Annahme bis hin zur Montage verlief absolut reibungslos.<\/p>\n            <\/div>\n            <\/figure>\n            <div class=\"t3-refs-item__body b-cards__body\">\n            <div class=\"t3-refs-item__title b-cards__title\">\n                <h3 style=\"font-size: var(--wp--preset--font-size--step-0);\">Familie Schierling, Schonungen<\/h3>\n            <\/div>\n        <\/div>\n    <\/div>\n<div id=\"refs-block-item-18620\"\n     class=\"t3-refs-item b-cards__item term-balkongelaender-alu term-select-balkone-alu\"\n     data-post-id=\"18620\">\n    <figure class=\"t3-refs-item__figure b-cards__header\">\n                    <img loading=\"lazy\" decoding=\"async\" width=\"1024\" height=\"948\" src=\"https:\/\/www.leeb-balkone.com\/app\/uploads\/2020\/09\/zufriedene-kunden-alu-balkon-roma-1024x948.jpg\" class=\"t3-refs-item__img\" alt=\"zufriedene-kunden-alu-balkon-roma\" sizes=\"auto, (min-width: 1200px) 1024px, (min-width: 1024px) 768px, (min-width: 640px) 768px, 768px\" srcset=\"https:\/\/www.leeb-balkone.com\/app\/uploads\/2020\/09\/zufriedene-kunden-alu-balkon-roma-1024x948.jpg 1024w, https:\/\/www.leeb-balkone.com\/app\/uploads\/2020\/09\/zufriedene-kunden-alu-balkon-roma-300x278.jpg 300w, https:\/\/www.leeb-balkone.com\/app\/uploads\/2020\/09\/zufriedene-kunden-alu-balkon-roma-768x711.jpg 768w, https:\/\/www.leeb-balkone.com\/app\/uploads\/2020\/09\/zufriedene-kunden-alu-balkon-roma-1536x1422.jpg 1536w, https:\/\/www.leeb-balkone.com\/app\/uploads\/2020\/09\/zufriedene-kunden-alu-balkon-roma-2048x1896.jpg 2048w\" \/>                            <div class=\"t3-refs-item__overlay\">\n                <p>Wir sind sehr gl\u00fccklich \u00fcber das gelungene sch\u00f6ne Gel\u00e4nder!<\/p>\n            <\/div>\n            <\/figure>\n            <div class=\"t3-refs-item__body b-cards__body\">\n            <div class=\"t3-refs-item__title b-cards__title\">\n                <h3 style=\"font-size: var(--wp--preset--font-size--step-0);\">Familie Aschmann, Immendingen<\/h3>\n            <\/div>\n        <\/div>\n    <\/div>\n<div id=\"refs-block-item-18624\"\n     class=\"t3-refs-item b-cards__item term-balkongelaender-alu term-select-balkone-alu\"\n     data-post-id=\"18624\">\n    <figure class=\"t3-refs-item__figure b-cards__header\">\n                    <img loading=\"lazy\" decoding=\"async\" width=\"1024\" height=\"768\" src=\"https:\/\/www.leeb-balkone.com\/app\/uploads\/2020\/08\/Andreas-Huber_AL-10-ret-1024x768.jpg\" class=\"t3-refs-item__img\" alt=\"kundenreferenz-balkongelaender-alu-select-al10\" sizes=\"auto, (min-width: 1200px) 1024px, (min-width: 1024px) 768px, (min-width: 640px) 768px, 768px\" srcset=\"https:\/\/www.leeb-balkone.com\/app\/uploads\/2020\/08\/Andreas-Huber_AL-10-ret-1024x768.jpg 1024w, https:\/\/www.leeb-balkone.com\/app\/uploads\/2020\/08\/Andreas-Huber_AL-10-ret-300x225.jpg 300w, https:\/\/www.leeb-balkone.com\/app\/uploads\/2020\/08\/Andreas-Huber_AL-10-ret-768x576.jpg 768w, https:\/\/www.leeb-balkone.com\/app\/uploads\/2020\/08\/Andreas-Huber_AL-10-ret-1536x1152.jpg 1536w, https:\/\/www.leeb-balkone.com\/app\/uploads\/2020\/08\/Andreas-Huber_AL-10-ret-2048x1536.jpg 2048w\" \/>                            <div class=\"t3-refs-item__overlay\">\n                <p>Wir m\u00f6chten uns auf diesem Wege nochmals f\u00fcr die rundum gut organisierte Durchf\u00fchrung bedanken, besonders auch dem Montageteam.<\/p>\n            <\/div>\n            <\/figure>\n            <div class=\"t3-refs-item__body b-cards__body\">\n            <div class=\"t3-refs-item__title b-cards__title\">\n                <h3 style=\"font-size: var(--wp--preset--font-size--step-0);\">Familie Huber, G\u00f6risried<\/h3>\n            <\/div>\n        <\/div>\n    <\/div>\n<div id=\"refs-block-item-18679\"\n     class=\"t3-refs-item b-cards__item term-balkongelaender-alu term-glasbalkone-alu\"\n     data-post-id=\"18679\">\n    <figure class=\"t3-refs-item__figure b-cards__header\">\n                    <img loading=\"lazy\" decoding=\"async\" width=\"1024\" height=\"576\" src=\"https:\/\/www.leeb-balkone.com\/app\/uploads\/2020\/08\/zufriedene-kunden-alu-balkon-familie-veres-1024x576.jpg\" class=\"t3-refs-item__img\" alt=\"zufriedene-kunden-alu-balkon-familie-veres\" sizes=\"auto, (min-width: 1200px) 1024px, (min-width: 1024px) 768px, (min-width: 640px) 768px, 768px\" srcset=\"https:\/\/www.leeb-balkone.com\/app\/uploads\/2020\/08\/zufriedene-kunden-alu-balkon-familie-veres-1024x576.jpg 1024w, https:\/\/www.leeb-balkone.com\/app\/uploads\/2020\/08\/zufriedene-kunden-alu-balkon-familie-veres-300x169.jpg 300w, https:\/\/www.leeb-balkone.com\/app\/uploads\/2020\/08\/zufriedene-kunden-alu-balkon-familie-veres-768x432.jpg 768w, https:\/\/www.leeb-balkone.com\/app\/uploads\/2020\/08\/zufriedene-kunden-alu-balkon-familie-veres-1536x864.jpg 1536w, https:\/\/www.leeb-balkone.com\/app\/uploads\/2020\/08\/zufriedene-kunden-alu-balkon-familie-veres-2048x1152.jpg 2048w\" \/>                            <div class=\"t3-refs-item__overlay\">\n                <p>Hallo liebes Leeb Team! Unsere neue Terrasse ist wundersch\u00f6n geworden! Wir sind sehr gl\u00fccklich damit! Vielen Dank! <\/p>\n            <\/div>\n            <\/figure>\n            <div class=\"t3-refs-item__body b-cards__body\">\n            <div class=\"t3-refs-item__title b-cards__title\">\n                <h3 style=\"font-size: var(--wp--preset--font-size--step-0);\">Familie Veres, Wilhering<\/h3>\n            <\/div>\n        <\/div>\n    <\/div>\n<div id=\"refs-block-item-18677\"\n     class=\"t3-refs-item b-cards__item term-alu-zaeune term-sichtschutz\"\n     data-post-id=\"18677\">\n    <figure class=\"t3-refs-item__figure b-cards__header\">\n                    <img loading=\"lazy\" decoding=\"async\" width=\"1024\" height=\"768\" src=\"https:\/\/www.leeb-balkone.com\/app\/uploads\/2020\/08\/Helmuth-Borer-Grado-21-1024x768.jpg\" class=\"t3-refs-item__img\" alt=\"kundenreferenz-grado-sichschutz-aluzaun\" sizes=\"auto, (min-width: 1200px) 1024px, (min-width: 1024px) 768px, (min-width: 640px) 768px, 768px\" srcset=\"https:\/\/www.leeb-balkone.com\/app\/uploads\/2020\/08\/Helmuth-Borer-Grado-21-1024x768.jpg 1024w, https:\/\/www.leeb-balkone.com\/app\/uploads\/2020\/08\/Helmuth-Borer-Grado-21-300x225.jpg 300w, https:\/\/www.leeb-balkone.com\/app\/uploads\/2020\/08\/Helmuth-Borer-Grado-21-768x576.jpg 768w, https:\/\/www.leeb-balkone.com\/app\/uploads\/2020\/08\/Helmuth-Borer-Grado-21-1536x1152.jpg 1536w, https:\/\/www.leeb-balkone.com\/app\/uploads\/2020\/08\/Helmuth-Borer-Grado-21-2048x1536.jpg 2048w\" \/>                            <div class=\"t3-refs-item__overlay\">\n                <p>Wir bedanken uns bei Herrn Roland Schneider, Vertrieb &amp; Montagen f\u00fcr die professionelle Beratung und perfekte Montage unserer neuen Sichtschutzw\u00e4nde Grado in Solothurn.<\/p>\n            <\/div>\n            <\/figure>\n            <div class=\"t3-refs-item__body b-cards__body\">\n            <div class=\"t3-refs-item__title b-cards__title\">\n                <h3 style=\"font-size: var(--wp--preset--font-size--step-0);\">Familie Borer, Solothurn<\/h3>\n            <\/div>\n        <\/div>\n    <\/div>\n<div id=\"refs-block-item-18717\"\n     class=\"t3-refs-item b-cards__item term-balkongelaender-alu term-glasbalkone-alu\"\n     data-post-id=\"18717\">\n    <figure class=\"t3-refs-item__figure b-cards__header\">\n                    <img loading=\"lazy\" decoding=\"async\" width=\"1024\" height=\"684\" src=\"https:\/\/www.leeb-balkone.com\/app\/uploads\/2020\/08\/Familie-van-der-Horst-st.egyden-Pure-13-1024x684.jpg\" class=\"t3-refs-item__img\" alt=\"glas-balkongelaender-alu-pure-kundenreferenz\" sizes=\"auto, (min-width: 1200px) 1024px, (min-width: 1024px) 768px, (min-width: 640px) 768px, 768px\" srcset=\"https:\/\/www.leeb-balkone.com\/app\/uploads\/2020\/08\/Familie-van-der-Horst-st.egyden-Pure-13-1024x684.jpg 1024w, https:\/\/www.leeb-balkone.com\/app\/uploads\/2020\/08\/Familie-van-der-Horst-st.egyden-Pure-13-300x200.jpg 300w, https:\/\/www.leeb-balkone.com\/app\/uploads\/2020\/08\/Familie-van-der-Horst-st.egyden-Pure-13-768x513.jpg 768w, https:\/\/www.leeb-balkone.com\/app\/uploads\/2020\/08\/Familie-van-der-Horst-st.egyden-Pure-13-1536x1025.jpg 1536w, https:\/\/www.leeb-balkone.com\/app\/uploads\/2020\/08\/Familie-van-der-Horst-st.egyden-Pure-13-2048x1367.jpg 2048w\" \/>                            <div class=\"t3-refs-item__overlay\">\n                <p>Unser neuer Leeb-Balkon Pure passt perfekt zum modernen Baustil von unserem Haus. Wir sind sehr zufrieden!<\/p>\n            <\/div>\n            <\/figure>\n            <div class=\"t3-refs-item__body b-cards__body\">\n            <div class=\"t3-refs-item__title b-cards__title\">\n                <h3 style=\"font-size: var(--wp--preset--font-size--step-0);\">Familie Van der Horst, St. Egyden<\/h3>\n            <\/div>\n        <\/div>\n    <\/div>\n<\/div><\/div><\/section>\n","protected":false},"excerpt":{"rendered":"","protected":false},"author":1,"featured_media":0,"parent":17330,"menu_order":5,"comment_status":"closed","ping_status":"closed","template":"template-onepager.blade.php","meta":{"_acf_changed":false,"footnotes":"","_sage_theme_css":true,"_wp_block_core_css":false},"folder":[],"class_list":["post-23344","page","type-page","status-publish","hentry"],"acf":[],"yoast_head":"<!-- This site is optimized with the Yoast SEO plugin v27.2 - https:\/\/yoast.com\/product\/yoast-seo-wordpress\/ -->\n<title>Kundenreferenzen und Erfahrungen - Leeb Balkone Schweiz<\/title>\n<meta name=\"description\" content=\"Kundenreferenzen \u00dcber 60 Jahre Erfahrung und mehr als 150.000 Kunden in \u00d6sterreich, Deutschland, Italien, Frankreich und der Schweiz haben uns zum\" \/>\n<meta name=\"robots\" content=\"index, follow, max-snippet:-1, max-image-preview:large, max-video-preview:-1\" \/>\n<meta property=\"og:locale\" content=\"de_DE\" \/>\n<meta property=\"og:type\" content=\"article\" \/>\n<meta property=\"og:title\" content=\"Kundenreferenzen und Erfahrungen - Leeb Balkone\" \/>\n<meta property=\"og:description\" content=\"Kundenreferenzen \u00dcber 60 Jahre Erfahrung und mehr als 150.000 Kunden in \u00d6sterreich, Deutschland, Italien, Frankreich und der Schweiz haben uns zum\" \/>\n<meta property=\"og:url\" content=\"https:\/\/www.leeb-balkone.com\/ch\/ueber-leeb\/kundenreferenzen\/\" \/>\n<meta property=\"og:site_name\" content=\"Leeb Balkone\" \/>\n<meta property=\"article:publisher\" content=\"https:\/\/www.facebook.com\/balkone\/\" \/>\n<meta property=\"article:modified_time\" content=\"2026-04-28T15:12:33+00:00\" \/>\n<meta property=\"og:image\" content=\"https:\/\/www.leeb-balkone.com\/app\/uploads\/2020\/09\/alu-balkongelaender-zufriedene-kunden-1.jpg\" \/>\n\t<meta property=\"og:image:width\" content=\"2560\" \/>\n\t<meta property=\"og:image:height\" content=\"1762\" \/>\n\t<meta property=\"og:image:type\" content=\"image\/jpeg\" \/>\n<meta name=\"twitter:card\" content=\"summary_large_image\" \/>\n<script type=\"application\/ld+json\" class=\"yoast-schema-graph\">{\"@context\":\"https:\/\/schema.org\",\"@graph\":[{\"@type\":\"WebPage\",\"@id\":\"https:\/\/www.leeb-balkone.com\/ch\/ueber-leeb\/kundenreferenzen\/\",\"url\":\"https:\/\/www.leeb-balkone.com\/ch\/ueber-leeb\/kundenreferenzen\/\",\"name\":\"Kundenreferenzen und Erfahrungen - Leeb Balkone\",\"isPartOf\":{\"@id\":\"https:\/\/www.leeb-balkone.com\/ch\/#website\"},\"datePublished\":\"2020-08-13T22:12:35+00:00\",\"dateModified\":\"2026-04-28T15:12:33+00:00\",\"description\":\"Kundenreferenzen \u00dcber 60 Jahre Erfahrung und mehr als 150.000 Kunden in \u00d6sterreich, Deutschland, Italien, Frankreich und der Schweiz haben uns zum\",\"breadcrumb\":{\"@id\":\"https:\/\/www.leeb-balkone.com\/ch\/ueber-leeb\/kundenreferenzen\/#breadcrumb\"},\"inLanguage\":\"de-CH\",\"potentialAction\":[{\"@type\":\"ReadAction\",\"target\":[\"https:\/\/www.leeb-balkone.com\/ch\/ueber-leeb\/kundenreferenzen\/\"]}]},{\"@type\":\"BreadcrumbList\",\"@id\":\"https:\/\/www.leeb-balkone.com\/ch\/ueber-leeb\/kundenreferenzen\/#breadcrumb\",\"itemListElement\":[{\"@type\":\"ListItem\",\"position\":1,\"name\":\"Home\",\"item\":\"https:\/\/www.leeb-balkone.com\/ch\/\"},{\"@type\":\"ListItem\",\"position\":2,\"name\":\"\u00dcber Leeb\",\"item\":\"https:\/\/www.leeb-balkone.com\/ch\/ueber-leeb\/\"},{\"@type\":\"ListItem\",\"position\":3,\"name\":\"Kundenreferenzen\"}]},{\"@type\":\"WebSite\",\"@id\":\"https:\/\/www.leeb-balkone.com\/ch\/#website\",\"url\":\"https:\/\/www.leeb-balkone.com\/ch\/\",\"name\":\"Leeb Balkone\",\"description\":\"Balkone und Z\u00e4une\",\"publisher\":{\"@id\":\"https:\/\/www.leeb-balkone.com\/ch\/#organization\"},\"potentialAction\":[{\"@type\":\"SearchAction\",\"target\":{\"@type\":\"EntryPoint\",\"urlTemplate\":\"https:\/\/www.leeb-balkone.com\/ch\/?s={search_term_string}\"},\"query-input\":{\"@type\":\"PropertyValueSpecification\",\"valueRequired\":true,\"valueName\":\"search_term_string\"}}],\"inLanguage\":\"de-CH\"},{\"@type\":\"Organization\",\"@id\":\"https:\/\/www.leeb-balkone.com\/ch\/#organization\",\"name\":\"Leeb Balkone Gmbh\",\"url\":\"https:\/\/www.leeb-balkone.com\/ch\/\",\"logo\":{\"@type\":\"ImageObject\",\"inLanguage\":\"de-CH\",\"@id\":\"https:\/\/www.leeb-balkone.com\/ch\/#\/schema\/logo\/image\/\",\"url\":\"https:\/\/www.leeb-balkone.com\/app\/uploads\/2020\/11\/leeb-logo.svg\",\"contentUrl\":\"https:\/\/www.leeb-balkone.com\/app\/uploads\/2020\/11\/leeb-logo.svg\",\"width\":741,\"height\":204,\"caption\":\"Leeb Balkone Gmbh\"},\"image\":{\"@id\":\"https:\/\/www.leeb-balkone.com\/ch\/#\/schema\/logo\/image\/\"},\"sameAs\":[\"https:\/\/www.facebook.com\/balkone\/\",\"https:\/\/www.trustedshops.at\/bewertung\/info_X4587CCF5833E31AFE0B11F47D86999F2.html\",\"https:\/\/www.trustedshops.de\/bewertung\/info_X7BA536A7A0BDC86D36C4718E4DCAEEEF.html\",\"https:\/\/www.google.com\/maps\/place\/?q=place_id:ChIJ5-zH19-IcEcR9HonWRTllHI\"]}]}<\/script>\n<!-- \/ Yoast SEO plugin. -->","yoast_head_json":{"title":"Kundenreferenzen und Erfahrungen - Leeb Balkone Schweiz","description":"Kundenreferenzen \u00dcber 60 Jahre Erfahrung und mehr als 150.000 Kunden in \u00d6sterreich, Deutschland, Italien, Frankreich und der Schweiz haben uns zum","robots":{"index":"index","follow":"follow","max-snippet":"max-snippet:-1","max-image-preview":"max-image-preview:large","max-video-preview":"max-video-preview:-1"},"og_locale":"de_DE","og_type":"article","og_title":"Kundenreferenzen und Erfahrungen - Leeb Balkone","og_description":"Kundenreferenzen \u00dcber 60 Jahre Erfahrung und mehr als 150.000 Kunden in \u00d6sterreich, Deutschland, Italien, Frankreich und der Schweiz haben uns zum","og_url":"https:\/\/www.leeb-balkone.com\/ch\/ueber-leeb\/kundenreferenzen\/","og_site_name":"Leeb Balkone","article_publisher":"https:\/\/www.facebook.com\/balkone\/","article_modified_time":"2026-04-28T15:12:33+00:00","og_image":[{"width":2560,"height":1762,"url":"https:\/\/www.leeb-balkone.com\/app\/uploads\/2020\/09\/alu-balkongelaender-zufriedene-kunden-1.jpg","type":"image\/jpeg"}],"twitter_card":"summary_large_image","schema":{"@context":"https:\/\/schema.org","@graph":[{"@type":"WebPage","@id":"https:\/\/www.leeb-balkone.com\/ch\/ueber-leeb\/kundenreferenzen\/","url":"https:\/\/www.leeb-balkone.com\/ch\/ueber-leeb\/kundenreferenzen\/","name":"Kundenreferenzen und Erfahrungen - Leeb Balkone","isPartOf":{"@id":"https:\/\/www.leeb-balkone.com\/ch\/#website"},"datePublished":"2020-08-13T22:12:35+00:00","dateModified":"2026-04-28T15:12:33+00:00","description":"Kundenreferenzen \u00dcber 60 Jahre Erfahrung und mehr als 150.000 Kunden in \u00d6sterreich, Deutschland, Italien, Frankreich und der Schweiz haben uns zum","breadcrumb":{"@id":"https:\/\/www.leeb-balkone.com\/ch\/ueber-leeb\/kundenreferenzen\/#breadcrumb"},"inLanguage":"de-CH","potentialAction":[{"@type":"ReadAction","target":["https:\/\/www.leeb-balkone.com\/ch\/ueber-leeb\/kundenreferenzen\/"]}]},{"@type":"BreadcrumbList","@id":"https:\/\/www.leeb-balkone.com\/ch\/ueber-leeb\/kundenreferenzen\/#breadcrumb","itemListElement":[{"@type":"ListItem","position":1,"name":"Home","item":"https:\/\/www.leeb-balkone.com\/ch\/"},{"@type":"ListItem","position":2,"name":"\u00dcber Leeb","item":"https:\/\/www.leeb-balkone.com\/ch\/ueber-leeb\/"},{"@type":"ListItem","position":3,"name":"Kundenreferenzen"}]},{"@type":"WebSite","@id":"https:\/\/www.leeb-balkone.com\/ch\/#website","url":"https:\/\/www.leeb-balkone.com\/ch\/","name":"Leeb Balkone","description":"Balkone und Z\u00e4une","publisher":{"@id":"https:\/\/www.leeb-balkone.com\/ch\/#organization"},"potentialAction":[{"@type":"SearchAction","target":{"@type":"EntryPoint","urlTemplate":"https:\/\/www.leeb-balkone.com\/ch\/?s={search_term_string}"},"query-input":{"@type":"PropertyValueSpecification","valueRequired":true,"valueName":"search_term_string"}}],"inLanguage":"de-CH"},{"@type":"Organization","@id":"https:\/\/www.leeb-balkone.com\/ch\/#organization","name":"Leeb Balkone Gmbh","url":"https:\/\/www.leeb-balkone.com\/ch\/","logo":{"@type":"ImageObject","inLanguage":"de-CH","@id":"https:\/\/www.leeb-balkone.com\/ch\/#\/schema\/logo\/image\/","url":"https:\/\/www.leeb-balkone.com\/app\/uploads\/2020\/11\/leeb-logo.svg","contentUrl":"https:\/\/www.leeb-balkone.com\/app\/uploads\/2020\/11\/leeb-logo.svg","width":741,"height":204,"caption":"Leeb Balkone Gmbh"},"image":{"@id":"https:\/\/www.leeb-balkone.com\/ch\/#\/schema\/logo\/image\/"},"sameAs":["https:\/\/www.facebook.com\/balkone\/","https:\/\/www.trustedshops.at\/bewertung\/info_X4587CCF5833E31AFE0B11F47D86999F2.html","https:\/\/www.trustedshops.de\/bewertung\/info_X7BA536A7A0BDC86D36C4718E4DCAEEEF.html","https:\/\/www.google.com\/maps\/place\/?q=place_id:ChIJ5-zH19-IcEcR9HonWRTllHI"]}]}},"_links":{"self":[{"href":"https:\/\/www.leeb-balkone.com\/ch\/wp-json\/wp\/v2\/pages\/23344","targetHints":{"allow":["GET"]}}],"collection":[{"href":"https:\/\/www.leeb-balkone.com\/ch\/wp-json\/wp\/v2\/pages"}],"about":[{"href":"https:\/\/www.leeb-balkone.com\/ch\/wp-json\/wp\/v2\/types\/page"}],"author":[{"embeddable":true,"href":"https:\/\/www.leeb-balkone.com\/ch\/wp-json\/wp\/v2\/users\/1"}],"replies":[{"embeddable":true,"href":"https:\/\/www.leeb-balkone.com\/ch\/wp-json\/wp\/v2\/comments?post=23344"}],"version-history":[{"count":2,"href":"https:\/\/www.leeb-balkone.com\/ch\/wp-json\/wp\/v2\/pages\/23344\/revisions"}],"predecessor-version":[{"id":168324,"href":"https:\/\/www.leeb-balkone.com\/ch\/wp-json\/wp\/v2\/pages\/23344\/revisions\/168324"}],"up":[{"embeddable":true,"href":"https:\/\/www.leeb-balkone.com\/ch\/wp-json\/wp\/v2\/pages\/17330"}],"wp:attachment":[{"href":"https:\/\/www.leeb-balkone.com\/ch\/wp-json\/wp\/v2\/media?parent=23344"}],"wp:term":[{"taxonomy":"folder","embeddable":true,"href":"https:\/\/www.leeb-balkone.com\/ch\/wp-json\/wp\/v2\/folder?post=23344"}],"curies":[{"name":"wp","href":"https:\/\/api.w.org\/{rel}","templated":true}]}}