{"id":19542,"date":"2020-10-01T13:16:02","date_gmt":"2020-10-01T13:16:02","guid":{"rendered":"https:\/\/www.leeb-balkone.com\/de\/ueber-leeb\/presseinformation\/"},"modified":"2025-05-28T13:47:57","modified_gmt":"2025-05-28T13:47:57","slug":"presseinformation","status":"publish","type":"page","link":"https:\/\/www.leeb-balkone.com\/ch\/ueber-leeb\/presseinformation\/","title":{"rendered":"Presseinformationen"},"content":{"rendered":"<header data-block_f3c48a9bc89c37d030aa4aabb1f5431a class=\"c-fh  l-mh-small c-fh--hero c-grad-l2r c-fh--div none\">\n      <img loading=\"lazy\" decoding=\"async\" width=\"1920\" height=\"600\" src=\"https:\/\/www.leeb-balkone.com\/app\/uploads\/2020\/10\/presse-header.jpg\" class=\"no-lazy\" alt=\"presse header\" srcset=\"https:\/\/www.leeb-balkone.com\/app\/uploads\/2020\/10\/presse-header-300x94.jpg 300w, https:\/\/www.leeb-balkone.com\/app\/uploads\/2020\/10\/presse-header-1024x320.jpg 1024w, https:\/\/www.leeb-balkone.com\/app\/uploads\/2020\/10\/presse-header-768x240.jpg 768w, https:\/\/www.leeb-balkone.com\/app\/uploads\/2020\/10\/presse-header-1536x480.jpg 1536w\" sizes=\"auto, (min-width: 1536px) 2048px, (min-width: 992px) 1536px, (min-width: 768px) 1024px, (min-width: 576px) 768px, 100vw\" \/>\n\n\n<div class=\"grid-container\">\n  <div class=\"grid-x\">\n    <div class=\"cell small-12 medium-6 medium-offset-1\">\n      <div class=\"c-fh__wrapper\">\n                              <p>Hier finden Sie aktuelle Pressetexte und Bilder<\/p>\n                        <\/div>\n    <\/div>\n  <\/div>\n<\/div>\n  \n    \n    <\/header>\n\n\n  \n  <section class=\"wp-block-group alignfull t3-header u-max-wide t3-header-text has-white-background-color has-background has-global-padding is-layout-constrained wp-block-group-is-layout-constrained\">\n    <div class=\"wp-block-group o-grid u-md-1 u-sm-1 is-layout-flow wp-block-group-is-layout-flow\">\n  <div class=\"wp-block-group u-g-10 u-g-s-2\">\n      <div class=\"yoast-breadcrumbs\"><span><span><a href=\"https:\/\/www.leeb-balkone.com\/ch\/\">Home<\/a><\/span><\/span><\/div>\n      \n    <h1>Presseinformationen<\/h1>\n  <\/div>\n<\/div>\n  <\/section>\n\n\n\n\n\n\n<section class=\"wp-block-cgb-t3-section-block alignfull b-pt-small  is-style-bg-white\" style=\"display:inherit;min-height:inherit\">\n<div class=\"wp-block-cgb-t3-container-block none\" style=\"background-color:none\"><div class=\"grid-container\"><div class=\"grid-x\"><div class=\"cell small-12 medium-10 large-0 medium-offset-1\"><div class=\"l-wrapper\">\n  <ul data-block_982c45daee1168c094122f9eeaf7156d class=\"c-list b-iconlist grid-x align-space iconlist alignwide\">\n                      <li class=\"b-iconlist__item  small-12 medium-4 large-4\">\n          <div class=\"b-iconlist__icon icon-numberone\"><\/div>\n      <div class=\"b-iconlist__body\">\n          <h3>150.000<\/h3>\n              <p>zufriedene Kunden aus ganz Europa<\/p>\n      <\/div>\n  \n        <\/li>\n              <li class=\"b-iconlist__item  small-12 medium-4 large-4\">\n          <div class=\"b-iconlist__icon icon-numberone\"><\/div>\n      <div class=\"b-iconlist__body\">\n          <h3>300<\/h3>\n              <p>unterschiedliche Modelle<\/p>\n      <\/div>\n  \n        <\/li>\n              <li class=\"b-iconlist__item  small-12 medium-4 large-4\">\n          <div class=\"b-iconlist__icon icon-numberone\"><\/div>\n      <div class=\"b-iconlist__body\">\n          <h3>45<\/h3>\n              <p>Jahre Erfahrung in der Branche<\/p>\n      <\/div>\n  \n        <\/li>\n            <\/ul>\n<\/div>\n<\/div><\/div><\/div><\/div>\n<\/section>\n\n\n\n<section class=\"wp-block-cgb-t3-section-block alignfull b-pt-none\" style=\"display:inherit;background-color:#F5F5F5;min-height:inherit\">\n<div class=\"wp-block-cgb-t3-container-block b-has-offset-h\" style=\"background-color:none\"><div class=\"grid-container\"><div class=\"grid-x\"><div class=\"cell small-12 medium-6 large-0 medium-offset-1\">\n<h2 class=\"wp-block-heading\">Pressetexte<\/h2>\n<\/div><\/div><\/div><\/div>\n\n\n\n<div class=\"wp-block-cgb-t3-container-block none\" style=\"background-color:none\"><div class=\"grid-container\"><div class=\"grid-x\"><div class=\"cell small-12 medium-10 large-0 medium-offset-1 b-has-pt\">\n<ul id=\"block-777bf1dc-f507-4ecc-ad5f-47cef9441210\" class=\"wp-block-list\">\n<li><a href=\"\/app\/uploads\/2021\/03\/leeb-pressemitteilung-urlaub-fuer-immer.pdf\">Urlaub f\u00fcr immer \u2013 Zuhause mit Leeb  <\/a><\/li>\n\n\n\n<li><span class=\"light\"><a href=\"https:\/\/www.leeb-balkone.com\/app\/uploads\/2020\/11\/leeb-pressemitteilung-mitarbeiter-kaufen-guenstiger.pdf\" target=\"_blank\" rel=\"noreferrer noopener\">Leeb Mitarbeiter kaufen regional g\u00fcnstige<\/a><\/span><a href=\"https:\/\/www.leeb-balkone.com\/app\/uploads\/2020\/11\/leeb-pressemitteilung-mitarbeiter-kaufen-guenstiger.pdf\" target=\"_blank\" rel=\"noreferrer noopener\"><span class=\"light\">r<\/span><\/a><\/li>\n\n\n\n<li><a href=\"https:\/\/www.leeb-balkone.com\/app\/uploads\/2020\/11\/leeb-pressemitteilung-neue-trends.pdf\" target=\"_blank\" rel=\"noreferrer noopener\">Leeb Anbau- und Vorstellbalkone<\/a><\/li>\n\n\n\n<li><a href=\"\/app\/uploads\/2020\/11\/leeb-pressemitteilung-neue-trends.pdf\" target=\"_blank\" rel=\"noreferrer noopener\">Leeb investiert in neue Trends <\/a><\/li>\n\n\n\n<li><a href=\"\/app\/uploads\/2020\/11\/leeb-pressemitteilung-mitarbeiter-kaufen-guenstiger.pdf\" target=\"_blank\" rel=\"noreferrer noopener\">Leeb-Mitarbeiter kaufen regional und g\u00fcnstiger<\/a><\/li>\n\n\n\n<li><a href=\"\/app\/uploads\/2020\/11\/leeb-pressemitteilung-mitarbeiter-gesucht.pdf\" target=\"_blank\" rel=\"noreferrer noopener\">Leeb-Mitarbeiterbus<\/a><\/li>\n<\/ul>\n<\/div><\/div><\/div><\/div>\n<\/section>\n\n\n\n<section class=\"wp-block-cgb-t3-section-block alignfull is-style-bg-white\" style=\"display:inherit;min-height:inherit\">\n<div class=\"wp-block-cgb-t3-container-block\" style=\"background-color:none\"><div class=\"grid-container\"><div class=\"grid-x\"><div class=\"cell small-12 medium-6 large-0 medium-offset-1\">\n<h2 class=\"wp-block-heading\">Pressebilder<\/h2>\n<\/div><\/div><\/div><\/div>\n\n\n\n<div class=\"wp-block-cgb-t3-container-block none\" style=\"background-color:none\"><div class=\"grid-container\"><div class=\"grid-x\"><div class=\"cell small-12 medium-0 large-0\"><div id=\"lightgallery-block_f9f484359da7b68c6e3cbb296fe71492\" data-block_f9f484359da7b68c6e3cbb296fe71492 class=\"has-43-imgs b-cards b-cards--gallery u-grid-temp has-4-cols u-md-2 u-sm-1 wp-block-group is-layout-grid wp-block-group-is-layout-grid gallery alignwide\">\n\n        <div class=\"b-cards__item\">\n\n        <a data-src=\"https:\/\/www.leeb-balkone.com\/app\/uploads\/2025\/02\/Markus-und-Roswitha-Leeb-mit-Alexander-Ertl-als-neuen-gemeinsamen-Geschaeftsfuehrer-1536x1024.jpg\" data-thumb=\"https:\/\/www.leeb-balkone.com\/app\/uploads\/2025\/02\/Markus-und-Roswitha-Leeb-mit-Alexander-Ertl-als-neuen-gemeinsamen-Geschaeftsfuehrer-300x200.jpg\" class=\"hasHover dark\">\n        \n      <figure>\n                 <img loading=\"lazy\" decoding=\"async\" width=\"768\" height=\"512\" src=\"https:\/\/www.leeb-balkone.com\/app\/uploads\/2025\/02\/Markus-und-Roswitha-Leeb-mit-Alexander-Ertl-als-neuen-gemeinsamen-Geschaeftsfuehrer-768x512.jpg\" class=\"attachment-medium_large size-medium_large\" alt=\"Das neue Team der Gesch\u00e4ftsf\u00fchrung der Leeb Balkone GmbH\" srcset=\"https:\/\/www.leeb-balkone.com\/app\/uploads\/2025\/02\/Markus-und-Roswitha-Leeb-mit-Alexander-Ertl-als-neuen-gemeinsamen-Geschaeftsfuehrer-768x512.jpg 768w, https:\/\/www.leeb-balkone.com\/app\/uploads\/2025\/02\/Markus-und-Roswitha-Leeb-mit-Alexander-Ertl-als-neuen-gemeinsamen-Geschaeftsfuehrer-300x200.jpg 300w, https:\/\/www.leeb-balkone.com\/app\/uploads\/2025\/02\/Markus-und-Roswitha-Leeb-mit-Alexander-Ertl-als-neuen-gemeinsamen-Geschaeftsfuehrer-1024x683.jpg 1024w, https:\/\/www.leeb-balkone.com\/app\/uploads\/2025\/02\/Markus-und-Roswitha-Leeb-mit-Alexander-Ertl-als-neuen-gemeinsamen-Geschaeftsfuehrer-1536x1024.jpg 1536w, https:\/\/www.leeb-balkone.com\/app\/uploads\/2025\/02\/Markus-und-Roswitha-Leeb-mit-Alexander-Ertl-als-neuen-gemeinsamen-Geschaeftsfuehrer-2048x1365.jpg 2048w\" sizes=\"auto, (min-width: 1200px) 360px, (min-width: 1024px) 300px, (min-width: 640px) 768px, 768px\" \/>              <\/figure>\n\n                          <\/a>\n      \n  \n<\/div>\n\n        <div class=\"b-cards__item\">\n\n        <a data-src=\"https:\/\/www.leeb-balkone.com\/app\/uploads\/2024\/11\/Markus-und-Roswitha-Leeb-Geschaeftsfuehrung-Leeb-Balkone-GmbH-1-1536x1229.jpg\" data-thumb=\"https:\/\/www.leeb-balkone.com\/app\/uploads\/2024\/11\/Markus-und-Roswitha-Leeb-Geschaeftsfuehrung-Leeb-Balkone-GmbH-1-300x240.jpg\" class=\"hasHover dark\">\n        \n      <figure>\n                 <img loading=\"lazy\" decoding=\"async\" width=\"768\" height=\"614\" src=\"https:\/\/www.leeb-balkone.com\/app\/uploads\/2024\/11\/Markus-und-Roswitha-Leeb-Geschaeftsfuehrung-Leeb-Balkone-GmbH-1-768x614.jpg\" class=\"attachment-medium_large size-medium_large\" alt=\"Markus und Roswitha Leeb Geschaeftsfuehrung Leeb Balkone GmbH 1\" srcset=\"https:\/\/www.leeb-balkone.com\/app\/uploads\/2024\/11\/Markus-und-Roswitha-Leeb-Geschaeftsfuehrung-Leeb-Balkone-GmbH-1-768x614.jpg 768w, https:\/\/www.leeb-balkone.com\/app\/uploads\/2024\/11\/Markus-und-Roswitha-Leeb-Geschaeftsfuehrung-Leeb-Balkone-GmbH-1-300x240.jpg 300w, https:\/\/www.leeb-balkone.com\/app\/uploads\/2024\/11\/Markus-und-Roswitha-Leeb-Geschaeftsfuehrung-Leeb-Balkone-GmbH-1-1024x819.jpg 1024w, https:\/\/www.leeb-balkone.com\/app\/uploads\/2024\/11\/Markus-und-Roswitha-Leeb-Geschaeftsfuehrung-Leeb-Balkone-GmbH-1-1536x1229.jpg 1536w, https:\/\/www.leeb-balkone.com\/app\/uploads\/2024\/11\/Markus-und-Roswitha-Leeb-Geschaeftsfuehrung-Leeb-Balkone-GmbH-1-2048x1638.jpg 2048w\" sizes=\"auto, (min-width: 1200px) 360px, (min-width: 1024px) 300px, (min-width: 640px) 768px, 768px\" \/>              <\/figure>\n\n                          <\/a>\n      \n  \n<\/div>\n\n        <div class=\"b-cards__item\">\n\n        <a data-src=\"https:\/\/www.leeb-balkone.com\/app\/uploads\/2025\/05\/Markus-und-Roswitha-Leeb-Portrait-2025-1536x1536.jpg\" data-thumb=\"https:\/\/www.leeb-balkone.com\/app\/uploads\/2025\/05\/Markus-und-Roswitha-Leeb-Portrait-2025-300x300.jpg\" class=\"hasHover dark\">\n        \n      <figure>\n                 <img loading=\"lazy\" decoding=\"async\" width=\"768\" height=\"768\" src=\"https:\/\/www.leeb-balkone.com\/app\/uploads\/2025\/05\/Markus-und-Roswitha-Leeb-Portrait-2025-768x768.jpg\" class=\"attachment-medium_large size-medium_large\" alt=\"Markus und Roswitha Leeb Portrait 2025\" srcset=\"https:\/\/www.leeb-balkone.com\/app\/uploads\/2025\/05\/Markus-und-Roswitha-Leeb-Portrait-2025-768x768.jpg 768w, https:\/\/www.leeb-balkone.com\/app\/uploads\/2025\/05\/Markus-und-Roswitha-Leeb-Portrait-2025-300x300.jpg 300w, https:\/\/www.leeb-balkone.com\/app\/uploads\/2025\/05\/Markus-und-Roswitha-Leeb-Portrait-2025-1024x1024.jpg 1024w, https:\/\/www.leeb-balkone.com\/app\/uploads\/2025\/05\/Markus-und-Roswitha-Leeb-Portrait-2025-150x150.jpg 150w, https:\/\/www.leeb-balkone.com\/app\/uploads\/2025\/05\/Markus-und-Roswitha-Leeb-Portrait-2025-1536x1536.jpg 1536w, https:\/\/www.leeb-balkone.com\/app\/uploads\/2025\/05\/Markus-und-Roswitha-Leeb-Portrait-2025-2048x2048.jpg 2048w\" sizes=\"auto, (min-width: 1200px) 360px, (min-width: 1024px) 300px, (min-width: 640px) 768px, 768px\" \/>              <\/figure>\n\n                          <\/a>\n      \n  \n<\/div>\n\n        <div class=\"b-cards__item\">\n\n        <a data-src=\"https:\/\/www.leeb-balkone.com\/app\/uploads\/2025\/04\/Portrait_2021_2-1209x1536.jpg\" data-thumb=\"https:\/\/www.leeb-balkone.com\/app\/uploads\/2025\/04\/Portrait_2021_2-236x300.jpg\" class=\"hasHover dark\">\n        \n      <figure>\n                 <img loading=\"lazy\" decoding=\"async\" width=\"768\" height=\"975\" src=\"https:\/\/www.leeb-balkone.com\/app\/uploads\/2025\/04\/Portrait_2021_2-768x975.jpg\" class=\"attachment-medium_large size-medium_large\" alt=\"Portrait_2021_2\" srcset=\"https:\/\/www.leeb-balkone.com\/app\/uploads\/2025\/04\/Portrait_2021_2-768x975.jpg 768w, https:\/\/www.leeb-balkone.com\/app\/uploads\/2025\/04\/Portrait_2021_2-236x300.jpg 236w, https:\/\/www.leeb-balkone.com\/app\/uploads\/2025\/04\/Portrait_2021_2-806x1024.jpg 806w, https:\/\/www.leeb-balkone.com\/app\/uploads\/2025\/04\/Portrait_2021_2-1209x1536.jpg 1209w, https:\/\/www.leeb-balkone.com\/app\/uploads\/2025\/04\/Portrait_2021_2-1612x2048.jpg 1612w, https:\/\/www.leeb-balkone.com\/app\/uploads\/2025\/04\/Portrait_2021_2-scaled.jpg 2015w\" sizes=\"auto, (min-width: 1200px) 360px, (min-width: 1024px) 300px, (min-width: 640px) 768px, 768px\" \/>              <\/figure>\n\n                          <\/a>\n      \n  \n<\/div>\n\n        <div class=\"b-cards__item\">\n\n        <a data-src=\"https:\/\/www.leeb-balkone.com\/app\/uploads\/2025\/02\/Alexander-Ertl-Portrait-1536x1152.jpg\" data-thumb=\"https:\/\/www.leeb-balkone.com\/app\/uploads\/2025\/02\/Alexander-Ertl-Portrait-300x225.jpg\" class=\"hasHover dark\">\n        \n      <figure>\n                 <img loading=\"lazy\" decoding=\"async\" width=\"768\" height=\"576\" src=\"https:\/\/www.leeb-balkone.com\/app\/uploads\/2025\/02\/Alexander-Ertl-Portrait-768x576.jpg\" class=\"attachment-medium_large size-medium_large\" alt=\"Zus\u00e4tzlicher Gesch\u00e4ftsf\u00fchrer Alexander Ertl\" srcset=\"https:\/\/www.leeb-balkone.com\/app\/uploads\/2025\/02\/Alexander-Ertl-Portrait-768x576.jpg 768w, https:\/\/www.leeb-balkone.com\/app\/uploads\/2025\/02\/Alexander-Ertl-Portrait-300x225.jpg 300w, https:\/\/www.leeb-balkone.com\/app\/uploads\/2025\/02\/Alexander-Ertl-Portrait-1024x768.jpg 1024w, https:\/\/www.leeb-balkone.com\/app\/uploads\/2025\/02\/Alexander-Ertl-Portrait-1536x1152.jpg 1536w, https:\/\/www.leeb-balkone.com\/app\/uploads\/2025\/02\/Alexander-Ertl-Portrait-2048x1536.jpg 2048w\" sizes=\"auto, (min-width: 1200px) 360px, (min-width: 1024px) 300px, (min-width: 640px) 768px, 768px\" \/>              <\/figure>\n\n                          <\/a>\n      \n  \n<\/div>\n\n        <div class=\"b-cards__item\">\n\n        <a data-src=\"https:\/\/www.leeb-balkone.com\/app\/uploads\/2025\/05\/Roswitha-Leeb-Portrait-2025-1536x1536.jpg\" data-thumb=\"https:\/\/www.leeb-balkone.com\/app\/uploads\/2025\/05\/Roswitha-Leeb-Portrait-2025-300x300.jpg\" class=\"hasHover dark\">\n        \n      <figure>\n                 <img loading=\"lazy\" decoding=\"async\" width=\"768\" height=\"768\" src=\"https:\/\/www.leeb-balkone.com\/app\/uploads\/2025\/05\/Roswitha-Leeb-Portrait-2025-768x768.jpg\" class=\"attachment-medium_large size-medium_large\" alt=\"Roswitha Leeb Portrait 2025\" srcset=\"https:\/\/www.leeb-balkone.com\/app\/uploads\/2025\/05\/Roswitha-Leeb-Portrait-2025-768x768.jpg 768w, https:\/\/www.leeb-balkone.com\/app\/uploads\/2025\/05\/Roswitha-Leeb-Portrait-2025-300x300.jpg 300w, https:\/\/www.leeb-balkone.com\/app\/uploads\/2025\/05\/Roswitha-Leeb-Portrait-2025-1024x1024.jpg 1024w, https:\/\/www.leeb-balkone.com\/app\/uploads\/2025\/05\/Roswitha-Leeb-Portrait-2025-150x150.jpg 150w, https:\/\/www.leeb-balkone.com\/app\/uploads\/2025\/05\/Roswitha-Leeb-Portrait-2025-1536x1536.jpg 1536w, https:\/\/www.leeb-balkone.com\/app\/uploads\/2025\/05\/Roswitha-Leeb-Portrait-2025-2048x2048.jpg 2048w\" sizes=\"auto, (min-width: 1200px) 360px, (min-width: 1024px) 300px, (min-width: 640px) 768px, 768px\" \/>              <\/figure>\n\n                          <\/a>\n      \n  \n<\/div>\n\n        <div class=\"b-cards__item\">\n\n        <a data-src=\"https:\/\/www.leeb-balkone.com\/app\/uploads\/2024\/11\/Roswitha-Leeb-1536x1536.jpg\" data-thumb=\"https:\/\/www.leeb-balkone.com\/app\/uploads\/2024\/11\/Roswitha-Leeb-300x300.jpg\" class=\"hasHover dark\">\n        \n      <figure>\n                 <img loading=\"lazy\" decoding=\"async\" width=\"768\" height=\"768\" src=\"https:\/\/www.leeb-balkone.com\/app\/uploads\/2024\/11\/Roswitha-Leeb-768x768.jpg\" class=\"attachment-medium_large size-medium_large\" alt=\"Roswitha Leeb\" srcset=\"https:\/\/www.leeb-balkone.com\/app\/uploads\/2024\/11\/Roswitha-Leeb-768x768.jpg 768w, https:\/\/www.leeb-balkone.com\/app\/uploads\/2024\/11\/Roswitha-Leeb-300x300.jpg 300w, https:\/\/www.leeb-balkone.com\/app\/uploads\/2024\/11\/Roswitha-Leeb-1024x1024.jpg 1024w, https:\/\/www.leeb-balkone.com\/app\/uploads\/2024\/11\/Roswitha-Leeb-150x150.jpg 150w, https:\/\/www.leeb-balkone.com\/app\/uploads\/2024\/11\/Roswitha-Leeb-1536x1536.jpg 1536w, https:\/\/www.leeb-balkone.com\/app\/uploads\/2024\/11\/Roswitha-Leeb-2048x2048.jpg 2048w\" sizes=\"auto, (min-width: 1200px) 360px, (min-width: 1024px) 300px, (min-width: 640px) 768px, 768px\" \/>              <\/figure>\n\n                          <\/a>\n      \n  \n<\/div>\n\n        <div class=\"b-cards__item\">\n\n        <a data-src=\"https:\/\/www.leeb-balkone.com\/app\/uploads\/2024\/11\/Preisverleihung-FamilienunternehmenWirtschaftsblatt-1-1536x1024.jpg\" data-thumb=\"https:\/\/www.leeb-balkone.com\/app\/uploads\/2024\/11\/Preisverleihung-FamilienunternehmenWirtschaftsblatt-1-300x200.jpg\" class=\"hasHover dark\">\n        \n      <figure>\n                 <img loading=\"lazy\" decoding=\"async\" width=\"768\" height=\"512\" src=\"https:\/\/www.leeb-balkone.com\/app\/uploads\/2024\/11\/Preisverleihung-FamilienunternehmenWirtschaftsblatt-1-768x512.jpg\" class=\"attachment-medium_large size-medium_large\" alt=\"Preisverleihung FamilienunternehmenWirtschaftsblatt 1\" srcset=\"https:\/\/www.leeb-balkone.com\/app\/uploads\/2024\/11\/Preisverleihung-FamilienunternehmenWirtschaftsblatt-1-768x512.jpg 768w, https:\/\/www.leeb-balkone.com\/app\/uploads\/2024\/11\/Preisverleihung-FamilienunternehmenWirtschaftsblatt-1-300x200.jpg 300w, https:\/\/www.leeb-balkone.com\/app\/uploads\/2024\/11\/Preisverleihung-FamilienunternehmenWirtschaftsblatt-1-1024x683.jpg 1024w, https:\/\/www.leeb-balkone.com\/app\/uploads\/2024\/11\/Preisverleihung-FamilienunternehmenWirtschaftsblatt-1-1536x1024.jpg 1536w, https:\/\/www.leeb-balkone.com\/app\/uploads\/2024\/11\/Preisverleihung-FamilienunternehmenWirtschaftsblatt-1-2048x1365.jpg 2048w\" sizes=\"auto, (min-width: 1200px) 360px, (min-width: 1024px) 300px, (min-width: 640px) 768px, 768px\" \/>              <\/figure>\n\n                          <\/a>\n      \n  \n<\/div>\n\n        <div class=\"b-cards__item\">\n\n        <a data-src=\"https:\/\/www.leeb-balkone.com\/app\/uploads\/2024\/11\/Primus-2017-Markus-und-Roswitha-Leeb.jpg\" data-thumb=\"https:\/\/www.leeb-balkone.com\/app\/uploads\/2024\/11\/Primus-2017-Markus-und-Roswitha-Leeb-300x225.jpg\" class=\"hasHover dark\">\n        \n      <figure>\n                 <img loading=\"lazy\" decoding=\"async\" width=\"768\" height=\"576\" src=\"https:\/\/www.leeb-balkone.com\/app\/uploads\/2024\/11\/Primus-2017-Markus-und-Roswitha-Leeb-768x576.jpg\" class=\"attachment-medium_large size-medium_large\" alt=\"Primus 2017 Markus und Roswitha Leeb\" srcset=\"https:\/\/www.leeb-balkone.com\/app\/uploads\/2024\/11\/Primus-2017-Markus-und-Roswitha-Leeb-768x576.jpg 768w, https:\/\/www.leeb-balkone.com\/app\/uploads\/2024\/11\/Primus-2017-Markus-und-Roswitha-Leeb-300x225.jpg 300w, https:\/\/www.leeb-balkone.com\/app\/uploads\/2024\/11\/Primus-2017-Markus-und-Roswitha-Leeb.jpg 1024w\" sizes=\"auto, (min-width: 1200px) 360px, (min-width: 1024px) 300px, (min-width: 640px) 768px, 768px\" \/>              <\/figure>\n\n                          <\/a>\n      \n  \n<\/div>\n\n        <div class=\"b-cards__item\">\n\n        <a data-src=\"https:\/\/www.leeb-balkone.com\/app\/uploads\/2024\/11\/Austrias-Leading-Companies-2017-Markus-und-Roswitha-Leeb-1536x1024.jpg\" data-thumb=\"https:\/\/www.leeb-balkone.com\/app\/uploads\/2024\/11\/Austrias-Leading-Companies-2017-Markus-und-Roswitha-Leeb-300x200.jpg\" class=\"hasHover dark\">\n        \n      <figure>\n                 <img loading=\"lazy\" decoding=\"async\" width=\"768\" height=\"512\" src=\"https:\/\/www.leeb-balkone.com\/app\/uploads\/2024\/11\/Austrias-Leading-Companies-2017-Markus-und-Roswitha-Leeb-768x512.jpg\" class=\"attachment-medium_large size-medium_large\" alt=\"Austrias Leading Companies 2017 Markus und Roswitha Leeb\" srcset=\"https:\/\/www.leeb-balkone.com\/app\/uploads\/2024\/11\/Austrias-Leading-Companies-2017-Markus-und-Roswitha-Leeb-768x512.jpg 768w, https:\/\/www.leeb-balkone.com\/app\/uploads\/2024\/11\/Austrias-Leading-Companies-2017-Markus-und-Roswitha-Leeb-300x200.jpg 300w, https:\/\/www.leeb-balkone.com\/app\/uploads\/2024\/11\/Austrias-Leading-Companies-2017-Markus-und-Roswitha-Leeb-1024x683.jpg 1024w, https:\/\/www.leeb-balkone.com\/app\/uploads\/2024\/11\/Austrias-Leading-Companies-2017-Markus-und-Roswitha-Leeb-1536x1024.jpg 1536w, https:\/\/www.leeb-balkone.com\/app\/uploads\/2024\/11\/Austrias-Leading-Companies-2017-Markus-und-Roswitha-Leeb.jpg 1701w\" sizes=\"auto, (min-width: 1200px) 360px, (min-width: 1024px) 300px, (min-width: 640px) 768px, 768px\" \/>              <\/figure>\n\n                          <\/a>\n      \n  \n<\/div>\n\n        <div class=\"b-cards__item\">\n\n        <a data-src=\"https:\/\/www.leeb-balkone.com\/app\/uploads\/2020\/09\/alu-balkongelaender-zufriedene-kunden-1-1536x1057.jpg\" data-thumb=\"https:\/\/www.leeb-balkone.com\/app\/uploads\/2020\/09\/alu-balkongelaender-zufriedene-kunden-1-300x206.jpg\" class=\"hasHover dark\">\n        \n      <figure>\n                 <img loading=\"lazy\" decoding=\"async\" width=\"768\" height=\"529\" src=\"https:\/\/www.leeb-balkone.com\/app\/uploads\/2020\/09\/alu-balkongelaender-zufriedene-kunden-1-768x529.jpg\" class=\"attachment-medium_large size-medium_large\" alt=\"alu balkongelaender zufriedene kunden 1\" srcset=\"https:\/\/www.leeb-balkone.com\/app\/uploads\/2020\/09\/alu-balkongelaender-zufriedene-kunden-1-768x529.jpg 768w, https:\/\/www.leeb-balkone.com\/app\/uploads\/2020\/09\/alu-balkongelaender-zufriedene-kunden-1-300x206.jpg 300w, https:\/\/www.leeb-balkone.com\/app\/uploads\/2020\/09\/alu-balkongelaender-zufriedene-kunden-1-1024x705.jpg 1024w, https:\/\/www.leeb-balkone.com\/app\/uploads\/2020\/09\/alu-balkongelaender-zufriedene-kunden-1-1536x1057.jpg 1536w, https:\/\/www.leeb-balkone.com\/app\/uploads\/2020\/09\/alu-balkongelaender-zufriedene-kunden-1-2048x1409.jpg 2048w\" sizes=\"auto, (min-width: 1200px) 360px, (min-width: 1024px) 300px, (min-width: 640px) 768px, 768px\" \/>              <\/figure>\n\n                          <\/a>\n      \n  \n<\/div>\n\n        <div class=\"b-cards__item\">\n\n        <a data-src=\"https:\/\/www.leeb-balkone.com\/app\/uploads\/2020\/07\/anbaubalkon-mit-stuetzen-50-1536x1024.jpg\" data-thumb=\"https:\/\/www.leeb-balkone.com\/app\/uploads\/2020\/07\/anbaubalkon-mit-stuetzen-50-300x200.jpg\" class=\"hasHover dark\">\n        \n      <figure>\n                 <img loading=\"lazy\" decoding=\"async\" width=\"768\" height=\"512\" src=\"https:\/\/www.leeb-balkone.com\/app\/uploads\/2020\/07\/anbaubalkon-mit-stuetzen-50-768x512.jpg\" class=\"attachment-medium_large size-medium_large\" alt=\"anbaubalkon mit stuetzen 50\" srcset=\"https:\/\/www.leeb-balkone.com\/app\/uploads\/2020\/07\/anbaubalkon-mit-stuetzen-50-768x512.jpg 768w, https:\/\/www.leeb-balkone.com\/app\/uploads\/2020\/07\/anbaubalkon-mit-stuetzen-50-300x200.jpg 300w, https:\/\/www.leeb-balkone.com\/app\/uploads\/2020\/07\/anbaubalkon-mit-stuetzen-50-1024x683.jpg 1024w, https:\/\/www.leeb-balkone.com\/app\/uploads\/2020\/07\/anbaubalkon-mit-stuetzen-50-1536x1024.jpg 1536w, https:\/\/www.leeb-balkone.com\/app\/uploads\/2020\/07\/anbaubalkon-mit-stuetzen-50-2048x1366.jpg 2048w\" sizes=\"auto, (min-width: 1200px) 360px, (min-width: 1024px) 300px, (min-width: 640px) 768px, 768px\" \/>              <\/figure>\n\n                          <\/a>\n      \n  \n<\/div>\n\n        <div class=\"b-cards__item\">\n\n        <a data-src=\"https:\/\/www.leeb-balkone.com\/app\/uploads\/2020\/07\/zaun-alu-grado-6-1536x1104.jpg\" data-thumb=\"https:\/\/www.leeb-balkone.com\/app\/uploads\/2020\/07\/zaun-alu-grado-6-300x216.jpg\" class=\"hasHover dark\">\n        \n      <figure>\n                 <img loading=\"lazy\" decoding=\"async\" width=\"768\" height=\"552\" src=\"https:\/\/www.leeb-balkone.com\/app\/uploads\/2020\/07\/zaun-alu-grado-6-768x552.jpg\" class=\"attachment-medium_large size-medium_large\" alt=\"zaun alu grado 6\" srcset=\"https:\/\/www.leeb-balkone.com\/app\/uploads\/2020\/07\/zaun-alu-grado-6-768x552.jpg 768w, https:\/\/www.leeb-balkone.com\/app\/uploads\/2020\/07\/zaun-alu-grado-6-300x216.jpg 300w, https:\/\/www.leeb-balkone.com\/app\/uploads\/2020\/07\/zaun-alu-grado-6-1024x736.jpg 1024w, https:\/\/www.leeb-balkone.com\/app\/uploads\/2020\/07\/zaun-alu-grado-6-1536x1104.jpg 1536w, https:\/\/www.leeb-balkone.com\/app\/uploads\/2020\/07\/zaun-alu-grado-6-2048x1472.jpg 2048w\" sizes=\"auto, (min-width: 1200px) 360px, (min-width: 1024px) 300px, (min-width: 640px) 768px, 768px\" \/>              <\/figure>\n\n                          <\/a>\n      \n  \n<\/div>\n\n        <div class=\"b-cards__item\">\n\n        <a data-src=\"https:\/\/www.leeb-balkone.com\/app\/uploads\/2020\/09\/alu-balkongelaender-zufriedene-kunden.-2-1536x1151.jpg\" data-thumb=\"https:\/\/www.leeb-balkone.com\/app\/uploads\/2020\/09\/alu-balkongelaender-zufriedene-kunden.-2-300x225.jpg\" class=\"hasHover dark\">\n        \n      <figure>\n                 <img loading=\"lazy\" decoding=\"async\" width=\"768\" height=\"575\" src=\"https:\/\/www.leeb-balkone.com\/app\/uploads\/2020\/09\/alu-balkongelaender-zufriedene-kunden.-2-768x575.jpg\" class=\"attachment-medium_large size-medium_large\" alt=\"Zufriedene Kunden mit ihrem neuen Glas Balkongel\u00e4nder von Leeb Balkone\" srcset=\"https:\/\/www.leeb-balkone.com\/app\/uploads\/2020\/09\/alu-balkongelaender-zufriedene-kunden.-2-768x575.jpg 768w, https:\/\/www.leeb-balkone.com\/app\/uploads\/2020\/09\/alu-balkongelaender-zufriedene-kunden.-2-300x225.jpg 300w, https:\/\/www.leeb-balkone.com\/app\/uploads\/2020\/09\/alu-balkongelaender-zufriedene-kunden.-2-1024x767.jpg 1024w, https:\/\/www.leeb-balkone.com\/app\/uploads\/2020\/09\/alu-balkongelaender-zufriedene-kunden.-2-1536x1151.jpg 1536w, https:\/\/www.leeb-balkone.com\/app\/uploads\/2020\/09\/alu-balkongelaender-zufriedene-kunden.-2-2048x1535.jpg 2048w\" sizes=\"auto, (min-width: 1200px) 360px, (min-width: 1024px) 300px, (min-width: 640px) 768px, 768px\" \/>              <\/figure>\n\n                          <\/a>\n      \n  \n<\/div>\n\n        <div class=\"b-cards__item\">\n\n        <a data-src=\"https:\/\/www.leeb-balkone.com\/app\/uploads\/2020\/04\/Referenz_4-1536x1024.jpg\" data-thumb=\"https:\/\/www.leeb-balkone.com\/app\/uploads\/2020\/04\/Referenz_4-300x200.jpg\" class=\"hasHover dark\">\n        \n      <figure>\n                 <img loading=\"lazy\" decoding=\"async\" width=\"768\" height=\"512\" src=\"https:\/\/www.leeb-balkone.com\/app\/uploads\/2020\/04\/Referenz_4-768x512.jpg\" class=\"attachment-medium_large size-medium_large\" alt=\"Referenz_4\" srcset=\"https:\/\/www.leeb-balkone.com\/app\/uploads\/2020\/04\/Referenz_4-768x512.jpg 768w, https:\/\/www.leeb-balkone.com\/app\/uploads\/2020\/04\/Referenz_4-300x200.jpg 300w, https:\/\/www.leeb-balkone.com\/app\/uploads\/2020\/04\/Referenz_4-1024x682.jpg 1024w, https:\/\/www.leeb-balkone.com\/app\/uploads\/2020\/04\/Referenz_4-1536x1024.jpg 1536w, https:\/\/www.leeb-balkone.com\/app\/uploads\/2020\/04\/Referenz_4-2048x1365.jpg 2048w\" sizes=\"auto, (min-width: 1200px) 360px, (min-width: 1024px) 300px, (min-width: 640px) 768px, 768px\" \/>              <\/figure>\n\n                          <\/a>\n      \n  \n<\/div>\n\n        <div class=\"b-cards__item\">\n\n        <a data-src=\"https:\/\/www.leeb-balkone.com\/app\/uploads\/2020\/06\/AluDesign_Palma_07-1536x1081.jpg\" data-thumb=\"https:\/\/www.leeb-balkone.com\/app\/uploads\/2020\/06\/AluDesign_Palma_07-300x211.jpg\" class=\"hasHover dark\">\n        \n      <figure>\n                 <img loading=\"lazy\" decoding=\"async\" width=\"768\" height=\"540\" src=\"https:\/\/www.leeb-balkone.com\/app\/uploads\/2020\/06\/AluDesign_Palma_07-768x540.jpg\" class=\"attachment-medium_large size-medium_large\" alt=\"AluDesign_Palma_07\" srcset=\"https:\/\/www.leeb-balkone.com\/app\/uploads\/2020\/06\/AluDesign_Palma_07-768x540.jpg 768w, https:\/\/www.leeb-balkone.com\/app\/uploads\/2020\/06\/AluDesign_Palma_07-1024x721.jpg 1024w, https:\/\/www.leeb-balkone.com\/app\/uploads\/2020\/06\/AluDesign_Palma_07-300x211.jpg 300w, https:\/\/www.leeb-balkone.com\/app\/uploads\/2020\/06\/AluDesign_Palma_07-1536x1081.jpg 1536w, https:\/\/www.leeb-balkone.com\/app\/uploads\/2020\/06\/AluDesign_Palma_07-2048x1441.jpg 2048w\" sizes=\"auto, (min-width: 1200px) 360px, (min-width: 1024px) 300px, (min-width: 640px) 768px, 768px\" \/>              <\/figure>\n\n                          <\/a>\n      \n  \n<\/div>\n\n        <div class=\"b-cards__item\">\n\n        <a data-src=\"https:\/\/www.leeb-balkone.com\/app\/uploads\/2020\/07\/solar-glas-alu-ueberdachung-19-1536x1025.jpg\" data-thumb=\"https:\/\/www.leeb-balkone.com\/app\/uploads\/2020\/07\/solar-glas-alu-ueberdachung-19-300x200.jpg\" class=\"hasHover dark\">\n        \n      <figure>\n                 <img loading=\"lazy\" decoding=\"async\" width=\"768\" height=\"513\" src=\"https:\/\/www.leeb-balkone.com\/app\/uploads\/2020\/07\/solar-glas-alu-ueberdachung-19-768x513.jpg\" class=\"attachment-medium_large size-medium_large\" alt=\"solar glas alu ueberdachung 19\" srcset=\"https:\/\/www.leeb-balkone.com\/app\/uploads\/2020\/07\/solar-glas-alu-ueberdachung-19-768x513.jpg 768w, https:\/\/www.leeb-balkone.com\/app\/uploads\/2020\/07\/solar-glas-alu-ueberdachung-19-300x200.jpg 300w, https:\/\/www.leeb-balkone.com\/app\/uploads\/2020\/07\/solar-glas-alu-ueberdachung-19-1024x684.jpg 1024w, https:\/\/www.leeb-balkone.com\/app\/uploads\/2020\/07\/solar-glas-alu-ueberdachung-19-1536x1025.jpg 1536w, https:\/\/www.leeb-balkone.com\/app\/uploads\/2020\/07\/solar-glas-alu-ueberdachung-19-2048x1367.jpg 2048w\" sizes=\"auto, (min-width: 1200px) 360px, (min-width: 1024px) 300px, (min-width: 640px) 768px, 768px\" \/>              <\/figure>\n\n                          <\/a>\n      \n  \n<\/div>\n\n        <div class=\"b-cards__item\">\n\n        <a data-src=\"https:\/\/www.leeb-balkone.com\/app\/uploads\/2020\/07\/edelstahl-zaun-alu-madrid-11-1-1536x1025.jpg\" data-thumb=\"https:\/\/www.leeb-balkone.com\/app\/uploads\/2020\/07\/edelstahl-zaun-alu-madrid-11-1-300x200.jpg\" class=\"hasHover dark\">\n        \n      <figure>\n                 <img loading=\"lazy\" decoding=\"async\" width=\"768\" height=\"512\" src=\"https:\/\/www.leeb-balkone.com\/app\/uploads\/2020\/07\/edelstahl-zaun-alu-madrid-11-1-768x512.jpg\" class=\"attachment-medium_large size-medium_large\" alt=\"Modernes Balkongel\u00e4nder mit Edelstahl-Streben - Alubalkon Alu Design Madrid\" srcset=\"https:\/\/www.leeb-balkone.com\/app\/uploads\/2020\/07\/edelstahl-zaun-alu-madrid-11-1-768x512.jpg 768w, https:\/\/www.leeb-balkone.com\/app\/uploads\/2020\/07\/edelstahl-zaun-alu-madrid-11-1-300x200.jpg 300w, https:\/\/www.leeb-balkone.com\/app\/uploads\/2020\/07\/edelstahl-zaun-alu-madrid-11-1-1024x683.jpg 1024w, https:\/\/www.leeb-balkone.com\/app\/uploads\/2020\/07\/edelstahl-zaun-alu-madrid-11-1-1536x1025.jpg 1536w, https:\/\/www.leeb-balkone.com\/app\/uploads\/2020\/07\/edelstahl-zaun-alu-madrid-11-1-2048x1366.jpg 2048w\" sizes=\"auto, (min-width: 1200px) 360px, (min-width: 1024px) 300px, (min-width: 640px) 768px, 768px\" \/>              <\/figure>\n\n                          <\/a>\n      \n  \n<\/div>\n\n        <div class=\"b-cards__item\">\n\n        <a data-src=\"https:\/\/www.leeb-balkone.com\/app\/uploads\/2020\/07\/zaun-alu-grado-15-1536x1024.jpg\" data-thumb=\"https:\/\/www.leeb-balkone.com\/app\/uploads\/2020\/07\/zaun-alu-grado-15-300x200.jpg\" class=\"hasHover dark\">\n        \n      <figure>\n                 <img loading=\"lazy\" decoding=\"async\" width=\"768\" height=\"512\" src=\"https:\/\/www.leeb-balkone.com\/app\/uploads\/2020\/07\/zaun-alu-grado-15-768x512.jpg\" class=\"attachment-medium_large size-medium_large\" alt=\"zaun alu grado 15\" srcset=\"https:\/\/www.leeb-balkone.com\/app\/uploads\/2020\/07\/zaun-alu-grado-15-768x512.jpg 768w, https:\/\/www.leeb-balkone.com\/app\/uploads\/2020\/07\/zaun-alu-grado-15-300x200.jpg 300w, https:\/\/www.leeb-balkone.com\/app\/uploads\/2020\/07\/zaun-alu-grado-15-1024x683.jpg 1024w, https:\/\/www.leeb-balkone.com\/app\/uploads\/2020\/07\/zaun-alu-grado-15-1536x1024.jpg 1536w, https:\/\/www.leeb-balkone.com\/app\/uploads\/2020\/07\/zaun-alu-grado-15-2048x1366.jpg 2048w\" sizes=\"auto, (min-width: 1200px) 360px, (min-width: 1024px) 300px, (min-width: 640px) 768px, 768px\" \/>              <\/figure>\n\n                          <\/a>\n      \n  \n<\/div>\n\n        <div class=\"b-cards__item\">\n\n        <a data-src=\"https:\/\/www.leeb-balkone.com\/app\/uploads\/2020\/07\/balkongelaender-alu-wooden-madrid-10-1536x1081.jpg\" data-thumb=\"https:\/\/www.leeb-balkone.com\/app\/uploads\/2020\/07\/balkongelaender-alu-wooden-madrid-10-300x211.jpg\" class=\"hasHover dark\">\n        \n      <figure>\n                 <img loading=\"lazy\" decoding=\"async\" width=\"768\" height=\"540\" src=\"https:\/\/www.leeb-balkone.com\/app\/uploads\/2020\/07\/balkongelaender-alu-wooden-madrid-10-768x540.jpg\" class=\"attachment-medium_large size-medium_large\" alt=\"Modernes Alu Balkongel\u00e4nder in Holzoptik mit Edelstahl-Streben - Alubalkon Alu Wooden Madrid\" srcset=\"https:\/\/www.leeb-balkone.com\/app\/uploads\/2020\/07\/balkongelaender-alu-wooden-madrid-10-768x540.jpg 768w, https:\/\/www.leeb-balkone.com\/app\/uploads\/2020\/07\/balkongelaender-alu-wooden-madrid-10-300x211.jpg 300w, https:\/\/www.leeb-balkone.com\/app\/uploads\/2020\/07\/balkongelaender-alu-wooden-madrid-10-1024x721.jpg 1024w, https:\/\/www.leeb-balkone.com\/app\/uploads\/2020\/07\/balkongelaender-alu-wooden-madrid-10-1536x1081.jpg 1536w, https:\/\/www.leeb-balkone.com\/app\/uploads\/2020\/07\/balkongelaender-alu-wooden-madrid-10-2048x1441.jpg 2048w\" sizes=\"auto, (min-width: 1200px) 360px, (min-width: 1024px) 300px, (min-width: 640px) 768px, 768px\" \/>              <\/figure>\n\n                          <\/a>\n      \n  \n<\/div>\n\n        <div class=\"b-cards__item\">\n\n        <a data-src=\"https:\/\/www.leeb-balkone.com\/app\/uploads\/2020\/09\/glas-balkongelaender-alu-design-vision-13-1536x1151.jpg\" data-thumb=\"https:\/\/www.leeb-balkone.com\/app\/uploads\/2020\/09\/glas-balkongelaender-alu-design-vision-13-300x225.jpg\" class=\"hasHover dark\">\n        \n      <figure>\n                 <img loading=\"lazy\" decoding=\"async\" width=\"768\" height=\"575\" src=\"https:\/\/www.leeb-balkone.com\/app\/uploads\/2020\/09\/glas-balkongelaender-alu-design-vision-13-768x575.jpg\" class=\"attachment-medium_large size-medium_large\" alt=\"glas balkongelaender alu design vision 13\" srcset=\"https:\/\/www.leeb-balkone.com\/app\/uploads\/2020\/09\/glas-balkongelaender-alu-design-vision-13-768x575.jpg 768w, https:\/\/www.leeb-balkone.com\/app\/uploads\/2020\/09\/glas-balkongelaender-alu-design-vision-13-300x225.jpg 300w, https:\/\/www.leeb-balkone.com\/app\/uploads\/2020\/09\/glas-balkongelaender-alu-design-vision-13-1024x767.jpg 1024w, https:\/\/www.leeb-balkone.com\/app\/uploads\/2020\/09\/glas-balkongelaender-alu-design-vision-13-1536x1151.jpg 1536w, https:\/\/www.leeb-balkone.com\/app\/uploads\/2020\/09\/glas-balkongelaender-alu-design-vision-13-2048x1535.jpg 2048w\" sizes=\"auto, (min-width: 1200px) 360px, (min-width: 1024px) 300px, (min-width: 640px) 768px, 768px\" \/>              <\/figure>\n\n                          <\/a>\n      \n  \n<\/div>\n\n        <div class=\"b-cards__item\">\n\n        <a data-src=\"https:\/\/www.leeb-balkone.com\/app\/uploads\/2022\/06\/Zaun-Solar-05-Optimus-1536x1004.jpg\" data-thumb=\"https:\/\/www.leeb-balkone.com\/app\/uploads\/2022\/06\/Zaun-Solar-05-Optimus-300x196.jpg\" class=\"hasHover dark\">\n        \n      <figure>\n                 <img loading=\"lazy\" decoding=\"async\" width=\"768\" height=\"502\" src=\"https:\/\/www.leeb-balkone.com\/app\/uploads\/2022\/06\/Zaun-Solar-05-Optimus-768x502.jpg\" class=\"attachment-medium_large size-medium_large\" alt=\"Zaun Solar 05 Optimus\" srcset=\"https:\/\/www.leeb-balkone.com\/app\/uploads\/2022\/06\/Zaun-Solar-05-Optimus-768x502.jpg 768w, https:\/\/www.leeb-balkone.com\/app\/uploads\/2022\/06\/Zaun-Solar-05-Optimus-300x196.jpg 300w, https:\/\/www.leeb-balkone.com\/app\/uploads\/2022\/06\/Zaun-Solar-05-Optimus-1024x670.jpg 1024w, https:\/\/www.leeb-balkone.com\/app\/uploads\/2022\/06\/Zaun-Solar-05-Optimus-1536x1004.jpg 1536w, https:\/\/www.leeb-balkone.com\/app\/uploads\/2022\/06\/Zaun-Solar-05-Optimus-2048x1339.jpg 2048w\" sizes=\"auto, (min-width: 1200px) 360px, (min-width: 1024px) 300px, (min-width: 640px) 768px, 768px\" \/>              <\/figure>\n\n                          <\/a>\n      \n  \n<\/div>\n\n        <div class=\"b-cards__item\">\n\n        <a data-src=\"https:\/\/www.leeb-balkone.com\/app\/uploads\/2020\/07\/glas-alu-atrium-ueberdachung-7-1536x1057.jpg\" data-thumb=\"https:\/\/www.leeb-balkone.com\/app\/uploads\/2020\/07\/glas-alu-atrium-ueberdachung-7-300x206.jpg\" class=\"hasHover dark\">\n        \n      <figure>\n                 <img loading=\"lazy\" decoding=\"async\" width=\"768\" height=\"529\" src=\"https:\/\/www.leeb-balkone.com\/app\/uploads\/2020\/07\/glas-alu-atrium-ueberdachung-7-768x529.jpg\" class=\"attachment-medium_large size-medium_large\" alt=\"glas alu atrium ueberdachung 7\" srcset=\"https:\/\/www.leeb-balkone.com\/app\/uploads\/2020\/07\/glas-alu-atrium-ueberdachung-7-768x529.jpg 768w, https:\/\/www.leeb-balkone.com\/app\/uploads\/2020\/07\/glas-alu-atrium-ueberdachung-7-300x206.jpg 300w, https:\/\/www.leeb-balkone.com\/app\/uploads\/2020\/07\/glas-alu-atrium-ueberdachung-7-1024x705.jpg 1024w, https:\/\/www.leeb-balkone.com\/app\/uploads\/2020\/07\/glas-alu-atrium-ueberdachung-7-1536x1057.jpg 1536w, https:\/\/www.leeb-balkone.com\/app\/uploads\/2020\/07\/glas-alu-atrium-ueberdachung-7-2048x1409.jpg 2048w\" sizes=\"auto, (min-width: 1200px) 360px, (min-width: 1024px) 300px, (min-width: 640px) 768px, 768px\" \/>              <\/figure>\n\n                          <\/a>\n      \n  \n<\/div>\n\n        <div class=\"b-cards__item\">\n\n        <a data-src=\"https:\/\/www.leeb-balkone.com\/app\/uploads\/2020\/07\/solar-glas-alu-balkon-08-red-dot-1536x1152.jpg\" data-thumb=\"https:\/\/www.leeb-balkone.com\/app\/uploads\/2020\/07\/solar-glas-alu-balkon-08-red-dot-300x225.jpg\" class=\"hasHover dark\">\n        \n      <figure>\n                 <img loading=\"lazy\" decoding=\"async\" width=\"768\" height=\"576\" src=\"https:\/\/www.leeb-balkone.com\/app\/uploads\/2020\/07\/solar-glas-alu-balkon-08-red-dot-768x576.jpg\" class=\"attachment-medium_large size-medium_large\" alt=\"solar glas alu balkon 08 red dot\" srcset=\"https:\/\/www.leeb-balkone.com\/app\/uploads\/2020\/07\/solar-glas-alu-balkon-08-red-dot-768x576.jpg 768w, https:\/\/www.leeb-balkone.com\/app\/uploads\/2020\/07\/solar-glas-alu-balkon-08-red-dot-300x225.jpg 300w, https:\/\/www.leeb-balkone.com\/app\/uploads\/2020\/07\/solar-glas-alu-balkon-08-red-dot-1024x768.jpg 1024w, https:\/\/www.leeb-balkone.com\/app\/uploads\/2020\/07\/solar-glas-alu-balkon-08-red-dot-1536x1152.jpg 1536w, https:\/\/www.leeb-balkone.com\/app\/uploads\/2020\/07\/solar-glas-alu-balkon-08-red-dot-2048x1536.jpg 2048w\" sizes=\"auto, (min-width: 1200px) 360px, (min-width: 1024px) 300px, (min-width: 640px) 768px, 768px\" \/>              <\/figure>\n\n                          <\/a>\n      \n  \n<\/div>\n\n        <div class=\"b-cards__item\">\n\n        <a data-src=\"https:\/\/www.leeb-balkone.com\/app\/uploads\/2020\/07\/glas-sommergarten-anbau-44-1-1536x1023.jpg\" data-thumb=\"https:\/\/www.leeb-balkone.com\/app\/uploads\/2020\/07\/glas-sommergarten-anbau-44-1-300x200.jpg\" class=\"hasHover dark\">\n        \n      <figure>\n                 <img loading=\"lazy\" decoding=\"async\" width=\"768\" height=\"512\" src=\"https:\/\/www.leeb-balkone.com\/app\/uploads\/2020\/07\/glas-sommergarten-anbau-44-1-768x512.jpg\" class=\"attachment-medium_large size-medium_large\" alt=\"glas sommergarten anbau 44 1\" srcset=\"https:\/\/www.leeb-balkone.com\/app\/uploads\/2020\/07\/glas-sommergarten-anbau-44-1-768x512.jpg 768w, https:\/\/www.leeb-balkone.com\/app\/uploads\/2020\/07\/glas-sommergarten-anbau-44-1-300x200.jpg 300w, https:\/\/www.leeb-balkone.com\/app\/uploads\/2020\/07\/glas-sommergarten-anbau-44-1-1024x682.jpg 1024w, https:\/\/www.leeb-balkone.com\/app\/uploads\/2020\/07\/glas-sommergarten-anbau-44-1-1536x1023.jpg 1536w, https:\/\/www.leeb-balkone.com\/app\/uploads\/2020\/07\/glas-sommergarten-anbau-44-1-2048x1364.jpg 2048w\" sizes=\"auto, (min-width: 1200px) 360px, (min-width: 1024px) 300px, (min-width: 640px) 768px, 768px\" \/>              <\/figure>\n\n                          <\/a>\n      \n  \n<\/div>\n\n        <div class=\"b-cards__item\">\n\n        <a data-src=\"https:\/\/www.leeb-balkone.com\/app\/uploads\/2020\/07\/zaun-alu-ambito-19-1-1536x1025.jpeg\" data-thumb=\"https:\/\/www.leeb-balkone.com\/app\/uploads\/2020\/07\/zaun-alu-ambito-19-1-300x200.jpeg\" class=\"hasHover dark\">\n        \n      <figure>\n                 <img loading=\"lazy\" decoding=\"async\" width=\"768\" height=\"513\" src=\"https:\/\/www.leeb-balkone.com\/app\/uploads\/2020\/07\/zaun-alu-ambito-19-1-768x513.jpeg\" class=\"attachment-medium_large size-medium_large\" alt=\"zaun alu ambito 19 1\" srcset=\"https:\/\/www.leeb-balkone.com\/app\/uploads\/2020\/07\/zaun-alu-ambito-19-1-768x513.jpeg 768w, https:\/\/www.leeb-balkone.com\/app\/uploads\/2020\/07\/zaun-alu-ambito-19-1-300x200.jpeg 300w, https:\/\/www.leeb-balkone.com\/app\/uploads\/2020\/07\/zaun-alu-ambito-19-1-1024x684.jpeg 1024w, https:\/\/www.leeb-balkone.com\/app\/uploads\/2020\/07\/zaun-alu-ambito-19-1-1536x1025.jpeg 1536w, https:\/\/www.leeb-balkone.com\/app\/uploads\/2020\/07\/zaun-alu-ambito-19-1-2048x1367.jpeg 2048w\" sizes=\"auto, (min-width: 1200px) 360px, (min-width: 1024px) 300px, (min-width: 640px) 768px, 768px\" \/>              <\/figure>\n\n                          <\/a>\n      \n  \n<\/div>\n\n        <div class=\"b-cards__item\">\n\n        <a data-src=\"https:\/\/www.leeb-balkone.com\/app\/uploads\/2020\/07\/solarbalkon-optimus-in-anthrazit-und-markise-1536x1036.jpg\" data-thumb=\"https:\/\/www.leeb-balkone.com\/app\/uploads\/2020\/07\/solarbalkon-optimus-in-anthrazit-und-markise-300x202.jpg\" class=\"hasHover dark\">\n        \n      <figure>\n                 <img loading=\"lazy\" decoding=\"async\" width=\"768\" height=\"518\" src=\"https:\/\/www.leeb-balkone.com\/app\/uploads\/2020\/07\/solarbalkon-optimus-in-anthrazit-und-markise-768x518.jpg\" class=\"attachment-medium_large size-medium_large\" alt=\"solarbalkon optimus in anthrazit und markise\" srcset=\"https:\/\/www.leeb-balkone.com\/app\/uploads\/2020\/07\/solarbalkon-optimus-in-anthrazit-und-markise-768x518.jpg 768w, https:\/\/www.leeb-balkone.com\/app\/uploads\/2020\/07\/solarbalkon-optimus-in-anthrazit-und-markise-300x202.jpg 300w, https:\/\/www.leeb-balkone.com\/app\/uploads\/2020\/07\/solarbalkon-optimus-in-anthrazit-und-markise-1024x691.jpg 1024w, https:\/\/www.leeb-balkone.com\/app\/uploads\/2020\/07\/solarbalkon-optimus-in-anthrazit-und-markise-1536x1036.jpg 1536w, https:\/\/www.leeb-balkone.com\/app\/uploads\/2020\/07\/solarbalkon-optimus-in-anthrazit-und-markise-2048x1382.jpg 2048w, https:\/\/www.leeb-balkone.com\/app\/uploads\/2020\/07\/solarbalkon-optimus-in-anthrazit-und-markise-400x270.jpg 400w\" sizes=\"auto, (min-width: 1200px) 360px, (min-width: 1024px) 300px, (min-width: 640px) 768px, 768px\" \/>              <\/figure>\n\n                          <\/a>\n      \n  \n<\/div>\n\n        <div class=\"b-cards__item\">\n\n        <a data-src=\"https:\/\/www.leeb-balkone.com\/app\/uploads\/2020\/07\/zaun-alu-valetta-8-1536x1025.jpg\" data-thumb=\"https:\/\/www.leeb-balkone.com\/app\/uploads\/2020\/07\/zaun-alu-valetta-8-300x200.jpg\" class=\"hasHover dark\">\n        \n      <figure>\n                 <img loading=\"lazy\" decoding=\"async\" width=\"768\" height=\"513\" src=\"https:\/\/www.leeb-balkone.com\/app\/uploads\/2020\/07\/zaun-alu-valetta-8-768x513.jpg\" class=\"attachment-medium_large size-medium_large\" alt=\"zaun alu valetta 8\" srcset=\"https:\/\/www.leeb-balkone.com\/app\/uploads\/2020\/07\/zaun-alu-valetta-8-768x513.jpg 768w, https:\/\/www.leeb-balkone.com\/app\/uploads\/2020\/07\/zaun-alu-valetta-8-300x200.jpg 300w, https:\/\/www.leeb-balkone.com\/app\/uploads\/2020\/07\/zaun-alu-valetta-8-1024x684.jpg 1024w, https:\/\/www.leeb-balkone.com\/app\/uploads\/2020\/07\/zaun-alu-valetta-8-1536x1025.jpg 1536w, https:\/\/www.leeb-balkone.com\/app\/uploads\/2020\/07\/zaun-alu-valetta-8-2048x1367.jpg 2048w\" sizes=\"auto, (min-width: 1200px) 360px, (min-width: 1024px) 300px, (min-width: 640px) 768px, 768px\" \/>              <\/figure>\n\n                          <\/a>\n      \n  \n<\/div>\n\n        <div class=\"b-cards__item\">\n\n        <a data-src=\"https:\/\/www.leeb-balkone.com\/app\/uploads\/2020\/07\/vorstellbalkon-mit-stuetzen-118-1536x1041.jpg\" data-thumb=\"https:\/\/www.leeb-balkone.com\/app\/uploads\/2020\/07\/vorstellbalkon-mit-stuetzen-118-300x203.jpg\" class=\"hasHover dark\">\n        \n      <figure>\n                 <img loading=\"lazy\" decoding=\"async\" width=\"768\" height=\"521\" src=\"https:\/\/www.leeb-balkone.com\/app\/uploads\/2020\/07\/vorstellbalkon-mit-stuetzen-118-768x521.jpg\" class=\"attachment-medium_large size-medium_large\" alt=\"vorstellbalkon mit stuetzen 118\" srcset=\"https:\/\/www.leeb-balkone.com\/app\/uploads\/2020\/07\/vorstellbalkon-mit-stuetzen-118-768x521.jpg 768w, https:\/\/www.leeb-balkone.com\/app\/uploads\/2020\/07\/vorstellbalkon-mit-stuetzen-118-300x205.jpg 300w, https:\/\/www.leeb-balkone.com\/app\/uploads\/2020\/07\/vorstellbalkon-mit-stuetzen-118-1024x694.jpg 1024w, https:\/\/www.leeb-balkone.com\/app\/uploads\/2020\/07\/vorstellbalkon-mit-stuetzen-118-1536x1041.jpg 1536w, https:\/\/www.leeb-balkone.com\/app\/uploads\/2020\/07\/vorstellbalkon-mit-stuetzen-118-2048x1388.jpg 2048w\" sizes=\"auto, (min-width: 1200px) 360px, (min-width: 1024px) 300px, (min-width: 640px) 768px, 768px\" \/>              <\/figure>\n\n                          <\/a>\n      \n  \n<\/div>\n\n        <div class=\"b-cards__item\">\n\n        <a data-src=\"https:\/\/www.leeb-balkone.com\/app\/uploads\/2020\/07\/alu-terrassenueberdachung-3-Kopie-1536x1081.jpg\" data-thumb=\"https:\/\/www.leeb-balkone.com\/app\/uploads\/2020\/07\/alu-terrassenueberdachung-3-Kopie-300x211.jpg\" class=\"hasHover dark\">\n        \n      <figure>\n                 <img loading=\"lazy\" decoding=\"async\" width=\"768\" height=\"540\" src=\"https:\/\/www.leeb-balkone.com\/app\/uploads\/2020\/07\/alu-terrassenueberdachung-3-Kopie-768x540.jpg\" class=\"attachment-medium_large size-medium_large\" alt=\"alu terrassenueberdachung 3 Kopie\" srcset=\"https:\/\/www.leeb-balkone.com\/app\/uploads\/2020\/07\/alu-terrassenueberdachung-3-Kopie-768x540.jpg 768w, https:\/\/www.leeb-balkone.com\/app\/uploads\/2020\/07\/alu-terrassenueberdachung-3-Kopie-300x211.jpg 300w, https:\/\/www.leeb-balkone.com\/app\/uploads\/2020\/07\/alu-terrassenueberdachung-3-Kopie-1024x721.jpg 1024w, https:\/\/www.leeb-balkone.com\/app\/uploads\/2020\/07\/alu-terrassenueberdachung-3-Kopie-1536x1081.jpg 1536w, https:\/\/www.leeb-balkone.com\/app\/uploads\/2020\/07\/alu-terrassenueberdachung-3-Kopie-2048x1441.jpg 2048w\" sizes=\"auto, (min-width: 1200px) 360px, (min-width: 1024px) 300px, (min-width: 640px) 768px, 768px\" \/>              <\/figure>\n\n                          <\/a>\n      \n  \n<\/div>\n\n        <div class=\"b-cards__item\">\n\n        <a data-src=\"https:\/\/www.leeb-balkone.com\/app\/uploads\/2020\/08\/leeb-balkone-mitarbeiter-4-1-1536x1151.jpeg\" data-thumb=\"https:\/\/www.leeb-balkone.com\/app\/uploads\/2020\/08\/leeb-balkone-mitarbeiter-4-1-300x225.jpeg\" class=\"hasHover dark\">\n        \n      <figure>\n                 <img loading=\"lazy\" decoding=\"async\" width=\"768\" height=\"575\" src=\"https:\/\/www.leeb-balkone.com\/app\/uploads\/2020\/08\/leeb-balkone-mitarbeiter-4-1-768x575.jpeg\" class=\"attachment-medium_large size-medium_large\" alt=\"mitarbeiter montage bei leeb balkone\" srcset=\"https:\/\/www.leeb-balkone.com\/app\/uploads\/2020\/08\/leeb-balkone-mitarbeiter-4-1-768x575.jpeg 768w, https:\/\/www.leeb-balkone.com\/app\/uploads\/2020\/08\/leeb-balkone-mitarbeiter-4-1-2048x1534.jpeg 2048w, https:\/\/www.leeb-balkone.com\/app\/uploads\/2020\/08\/leeb-balkone-mitarbeiter-4-1-300x225.jpeg 300w, https:\/\/www.leeb-balkone.com\/app\/uploads\/2020\/08\/leeb-balkone-mitarbeiter-4-1-1024x767.jpeg 1024w, https:\/\/www.leeb-balkone.com\/app\/uploads\/2020\/08\/leeb-balkone-mitarbeiter-4-1-1536x1151.jpeg 1536w\" sizes=\"auto, (min-width: 1200px) 360px, (min-width: 1024px) 300px, (min-width: 640px) 768px, 768px\" \/>              <\/figure>\n\n                          <\/a>\n      \n  \n<\/div>\n\n        <div class=\"b-cards__item\">\n\n        <a data-src=\"https:\/\/www.leeb-balkone.com\/app\/uploads\/2020\/08\/leeb-balkone-firmengelaende-3-1536x960.jpg\" data-thumb=\"https:\/\/www.leeb-balkone.com\/app\/uploads\/2020\/08\/leeb-balkone-firmengelaende-3-300x188.jpg\" class=\"hasHover dark\">\n        \n      <figure>\n                 <img loading=\"lazy\" decoding=\"async\" width=\"768\" height=\"480\" src=\"https:\/\/www.leeb-balkone.com\/app\/uploads\/2020\/08\/leeb-balkone-firmengelaende-3-768x480.jpg\" class=\"attachment-medium_large size-medium_large\" alt=\"leeb balkone firmengelaende 3\" srcset=\"https:\/\/www.leeb-balkone.com\/app\/uploads\/2020\/08\/leeb-balkone-firmengelaende-3-768x480.jpg 768w, https:\/\/www.leeb-balkone.com\/app\/uploads\/2020\/08\/leeb-balkone-firmengelaende-3-300x188.jpg 300w, https:\/\/www.leeb-balkone.com\/app\/uploads\/2020\/08\/leeb-balkone-firmengelaende-3-1024x640.jpg 1024w, https:\/\/www.leeb-balkone.com\/app\/uploads\/2020\/08\/leeb-balkone-firmengelaende-3-1536x960.jpg 1536w, https:\/\/www.leeb-balkone.com\/app\/uploads\/2020\/08\/leeb-balkone-firmengelaende-3-2048x1280.jpg 2048w\" sizes=\"auto, (min-width: 1200px) 360px, (min-width: 1024px) 300px, (min-width: 640px) 768px, 768px\" \/>              <\/figure>\n\n                          <\/a>\n      \n  \n<\/div>\n\n        <div class=\"b-cards__item\">\n\n        <a data-src=\"https:\/\/www.leeb-balkone.com\/app\/uploads\/2020\/08\/leeb-balkone-transporter-1536x972.jpeg\" data-thumb=\"https:\/\/www.leeb-balkone.com\/app\/uploads\/2020\/08\/leeb-balkone-transporter-300x190.jpeg\" class=\"hasHover dark\">\n        \n      <figure>\n                 <img loading=\"lazy\" decoding=\"async\" width=\"768\" height=\"486\" src=\"https:\/\/www.leeb-balkone.com\/app\/uploads\/2020\/08\/leeb-balkone-transporter-768x486.jpeg\" class=\"attachment-medium_large size-medium_large\" alt=\"leeb balkone transporter\" srcset=\"https:\/\/www.leeb-balkone.com\/app\/uploads\/2020\/08\/leeb-balkone-transporter-768x486.jpeg 768w, https:\/\/www.leeb-balkone.com\/app\/uploads\/2020\/08\/leeb-balkone-transporter-300x190.jpeg 300w, https:\/\/www.leeb-balkone.com\/app\/uploads\/2020\/08\/leeb-balkone-transporter-1024x648.jpeg 1024w, https:\/\/www.leeb-balkone.com\/app\/uploads\/2020\/08\/leeb-balkone-transporter-1536x972.jpeg 1536w, https:\/\/www.leeb-balkone.com\/app\/uploads\/2020\/08\/leeb-balkone-transporter-2048x1295.jpeg 2048w\" sizes=\"auto, (min-width: 1200px) 360px, (min-width: 1024px) 300px, (min-width: 640px) 768px, 768px\" \/>              <\/figure>\n\n                          <\/a>\n      \n  \n<\/div>\n\n        <div class=\"b-cards__item\">\n\n        <a data-src=\"https:\/\/www.leeb-balkone.com\/app\/uploads\/2020\/06\/beitragsbild_ueber_leeb-1.jpg\" data-thumb=\"https:\/\/www.leeb-balkone.com\/app\/uploads\/2020\/06\/beitragsbild_ueber_leeb-1-300x214.jpg\" class=\"hasHover dark\">\n        \n      <figure>\n                 <img loading=\"lazy\" decoding=\"async\" width=\"700\" height=\"500\" src=\"https:\/\/www.leeb-balkone.com\/app\/uploads\/2020\/06\/beitragsbild_ueber_leeb-1.jpg\" class=\"attachment-medium_large size-medium_large\" alt=\"beitragsbild_ueber_leeb 1\" srcset=\"https:\/\/www.leeb-balkone.com\/app\/uploads\/2020\/06\/beitragsbild_ueber_leeb-1.jpg 700w, https:\/\/www.leeb-balkone.com\/app\/uploads\/2020\/06\/beitragsbild_ueber_leeb-1-300x214.jpg 300w\" sizes=\"auto, (min-width: 1200px) 360px, (min-width: 1024px) 300px, (min-width: 640px) 768px, 768px\" \/>              <\/figure>\n\n                          <\/a>\n      \n  \n<\/div>\n\n        <div class=\"b-cards__item\">\n\n        <a data-src=\"https:\/\/www.leeb-balkone.com\/app\/uploads\/2024\/09\/Auftragsmanagement-Imagebilder-7-1536x1024.jpg\" data-thumb=\"https:\/\/www.leeb-balkone.com\/app\/uploads\/2024\/09\/Auftragsmanagement-Imagebilder-7-300x200.jpg\" class=\"hasHover dark\">\n        \n      <figure>\n                 <img loading=\"lazy\" decoding=\"async\" width=\"768\" height=\"512\" src=\"https:\/\/www.leeb-balkone.com\/app\/uploads\/2024\/09\/Auftragsmanagement-Imagebilder-7-768x512.jpg\" class=\"attachment-medium_large size-medium_large\" alt=\"Auftragsmanagement Imagebilder 7\" srcset=\"https:\/\/www.leeb-balkone.com\/app\/uploads\/2024\/09\/Auftragsmanagement-Imagebilder-7-768x512.jpg 768w, https:\/\/www.leeb-balkone.com\/app\/uploads\/2024\/09\/Auftragsmanagement-Imagebilder-7-300x200.jpg 300w, https:\/\/www.leeb-balkone.com\/app\/uploads\/2024\/09\/Auftragsmanagement-Imagebilder-7-1024x683.jpg 1024w, https:\/\/www.leeb-balkone.com\/app\/uploads\/2024\/09\/Auftragsmanagement-Imagebilder-7-1536x1024.jpg 1536w, https:\/\/www.leeb-balkone.com\/app\/uploads\/2024\/09\/Auftragsmanagement-Imagebilder-7-2048x1366.jpg 2048w\" sizes=\"auto, (min-width: 1200px) 360px, (min-width: 1024px) 300px, (min-width: 640px) 768px, 768px\" \/>              <\/figure>\n\n                          <\/a>\n      \n  \n<\/div>\n\n        <div class=\"b-cards__item\">\n\n        <a data-src=\"https:\/\/www.leeb-balkone.com\/app\/uploads\/2020\/10\/leeb-balkone-mitarbeiter-21-1536x1151.jpg\" data-thumb=\"https:\/\/www.leeb-balkone.com\/app\/uploads\/2020\/10\/leeb-balkone-mitarbeiter-21-300x225.jpg\" class=\"hasHover dark\">\n        \n      <figure>\n                 <img loading=\"lazy\" decoding=\"async\" width=\"768\" height=\"575\" src=\"https:\/\/www.leeb-balkone.com\/app\/uploads\/2020\/10\/leeb-balkone-mitarbeiter-21-768x575.jpg\" class=\"attachment-medium_large size-medium_large\" alt=\"leeb balkone mitarbeiter 21\" srcset=\"https:\/\/www.leeb-balkone.com\/app\/uploads\/2020\/10\/leeb-balkone-mitarbeiter-21-768x575.jpg 768w, https:\/\/www.leeb-balkone.com\/app\/uploads\/2020\/10\/leeb-balkone-mitarbeiter-21-300x225.jpg 300w, https:\/\/www.leeb-balkone.com\/app\/uploads\/2020\/10\/leeb-balkone-mitarbeiter-21-1024x767.jpg 1024w, https:\/\/www.leeb-balkone.com\/app\/uploads\/2020\/10\/leeb-balkone-mitarbeiter-21-1536x1151.jpg 1536w, https:\/\/www.leeb-balkone.com\/app\/uploads\/2020\/10\/leeb-balkone-mitarbeiter-21-2048x1535.jpg 2048w\" sizes=\"auto, (min-width: 1200px) 360px, (min-width: 1024px) 300px, (min-width: 640px) 768px, 768px\" \/>              <\/figure>\n\n                          <\/a>\n      \n  \n<\/div>\n\n        <div class=\"b-cards__item\">\n\n        <a data-src=\"https:\/\/www.leeb-balkone.com\/app\/uploads\/2023\/08\/CF059955-1536x1151.jpg\" data-thumb=\"https:\/\/www.leeb-balkone.com\/app\/uploads\/2023\/08\/CF059955-300x225.jpg\" class=\"hasHover dark\">\n        \n      <figure>\n                 <img loading=\"lazy\" decoding=\"async\" width=\"768\" height=\"576\" src=\"https:\/\/www.leeb-balkone.com\/app\/uploads\/2023\/08\/CF059955-768x576.jpg\" class=\"attachment-medium_large size-medium_large\" alt=\"CF059955\" srcset=\"https:\/\/www.leeb-balkone.com\/app\/uploads\/2023\/08\/CF059955-768x576.jpg 768w, https:\/\/www.leeb-balkone.com\/app\/uploads\/2023\/08\/CF059955-300x225.jpg 300w, https:\/\/www.leeb-balkone.com\/app\/uploads\/2023\/08\/CF059955-1024x767.jpg 1024w, https:\/\/www.leeb-balkone.com\/app\/uploads\/2023\/08\/CF059955-1536x1151.jpg 1536w, https:\/\/www.leeb-balkone.com\/app\/uploads\/2023\/08\/CF059955.jpg 2000w\" sizes=\"auto, (min-width: 1200px) 360px, (min-width: 1024px) 300px, (min-width: 640px) 768px, 768px\" \/>              <\/figure>\n\n                          <\/a>\n      \n  \n<\/div>\n\n        <div class=\"b-cards__item\">\n\n        <a data-src=\"https:\/\/www.leeb-balkone.com\/app\/uploads\/2020\/10\/leeb-balkone-mitarbeiter-11-1536x1151.jpg\" data-thumb=\"https:\/\/www.leeb-balkone.com\/app\/uploads\/2020\/10\/leeb-balkone-mitarbeiter-11-300x225.jpg\" class=\"hasHover dark\">\n        \n      <figure>\n                 <img loading=\"lazy\" decoding=\"async\" width=\"768\" height=\"575\" src=\"https:\/\/www.leeb-balkone.com\/app\/uploads\/2020\/10\/leeb-balkone-mitarbeiter-11-768x575.jpg\" class=\"attachment-medium_large size-medium_large\" alt=\"leeb balkone mitarbeiter 11\" srcset=\"https:\/\/www.leeb-balkone.com\/app\/uploads\/2020\/10\/leeb-balkone-mitarbeiter-11-768x575.jpg 768w, https:\/\/www.leeb-balkone.com\/app\/uploads\/2020\/10\/leeb-balkone-mitarbeiter-11-300x225.jpg 300w, https:\/\/www.leeb-balkone.com\/app\/uploads\/2020\/10\/leeb-balkone-mitarbeiter-11-1024x767.jpg 1024w, https:\/\/www.leeb-balkone.com\/app\/uploads\/2020\/10\/leeb-balkone-mitarbeiter-11-1536x1151.jpg 1536w, https:\/\/www.leeb-balkone.com\/app\/uploads\/2020\/10\/leeb-balkone-mitarbeiter-11-2048x1535.jpg 2048w\" sizes=\"auto, (min-width: 1200px) 360px, (min-width: 1024px) 300px, (min-width: 640px) 768px, 768px\" \/>              <\/figure>\n\n                          <\/a>\n      \n  \n<\/div>\n\n        <div class=\"b-cards__item\">\n\n        <a data-src=\"https:\/\/www.leeb-balkone.com\/app\/uploads\/2020\/10\/leeb-balkone-mitarbeiter-20-1536x1151.jpg\" data-thumb=\"https:\/\/www.leeb-balkone.com\/app\/uploads\/2020\/10\/leeb-balkone-mitarbeiter-20-300x225.jpg\" class=\"hasHover dark\">\n        \n      <figure>\n                 <img loading=\"lazy\" decoding=\"async\" width=\"768\" height=\"575\" src=\"https:\/\/www.leeb-balkone.com\/app\/uploads\/2020\/10\/leeb-balkone-mitarbeiter-20-768x575.jpg\" class=\"attachment-medium_large size-medium_large\" alt=\"leeb balkone mitarbeiter 20\" srcset=\"https:\/\/www.leeb-balkone.com\/app\/uploads\/2020\/10\/leeb-balkone-mitarbeiter-20-768x575.jpg 768w, https:\/\/www.leeb-balkone.com\/app\/uploads\/2020\/10\/leeb-balkone-mitarbeiter-20-300x225.jpg 300w, https:\/\/www.leeb-balkone.com\/app\/uploads\/2020\/10\/leeb-balkone-mitarbeiter-20-1024x767.jpg 1024w, https:\/\/www.leeb-balkone.com\/app\/uploads\/2020\/10\/leeb-balkone-mitarbeiter-20-1536x1151.jpg 1536w, https:\/\/www.leeb-balkone.com\/app\/uploads\/2020\/10\/leeb-balkone-mitarbeiter-20-2048x1535.jpg 2048w\" sizes=\"auto, (min-width: 1200px) 360px, (min-width: 1024px) 300px, (min-width: 640px) 768px, 768px\" \/>              <\/figure>\n\n                          <\/a>\n      \n  \n<\/div>\n\n        <div class=\"b-cards__item\">\n\n        <a data-src=\"https:\/\/www.leeb-balkone.com\/app\/uploads\/2020\/11\/leeb-balkone-firmengelaende-herbst-1536x1024.jpg\" data-thumb=\"https:\/\/www.leeb-balkone.com\/app\/uploads\/2020\/11\/leeb-balkone-firmengelaende-herbst-300x200.jpg\" class=\"hasHover dark\">\n        \n      <figure>\n                 <img loading=\"lazy\" decoding=\"async\" width=\"768\" height=\"512\" src=\"https:\/\/www.leeb-balkone.com\/app\/uploads\/2020\/11\/leeb-balkone-firmengelaende-herbst-768x512.jpg\" class=\"attachment-medium_large size-medium_large\" alt=\"Leeb Firmengel\u00e4nde - Zentrale in Gnesau\" srcset=\"https:\/\/www.leeb-balkone.com\/app\/uploads\/2020\/11\/leeb-balkone-firmengelaende-herbst-768x512.jpg 768w, https:\/\/www.leeb-balkone.com\/app\/uploads\/2020\/11\/leeb-balkone-firmengelaende-herbst-300x200.jpg 300w, https:\/\/www.leeb-balkone.com\/app\/uploads\/2020\/11\/leeb-balkone-firmengelaende-herbst-1024x682.jpg 1024w, https:\/\/www.leeb-balkone.com\/app\/uploads\/2020\/11\/leeb-balkone-firmengelaende-herbst-1536x1024.jpg 1536w, https:\/\/www.leeb-balkone.com\/app\/uploads\/2020\/11\/leeb-balkone-firmengelaende-herbst-2048x1365.jpg 2048w\" sizes=\"auto, (min-width: 1200px) 360px, (min-width: 1024px) 300px, (min-width: 640px) 768px, 768px\" \/>              <\/figure>\n\n                          <\/a>\n      \n  \n<\/div>\n\n        <div class=\"b-cards__item\">\n\n        <a data-src=\"https:\/\/www.leeb-balkone.com\/app\/uploads\/2020\/08\/leeb-balkone-firmengelaende-2-1536x960.jpg\" data-thumb=\"https:\/\/www.leeb-balkone.com\/app\/uploads\/2020\/08\/leeb-balkone-firmengelaende-2-300x188.jpg\" class=\"hasHover dark\">\n        \n      <figure>\n                 <img loading=\"lazy\" decoding=\"async\" width=\"768\" height=\"480\" src=\"https:\/\/www.leeb-balkone.com\/app\/uploads\/2020\/08\/leeb-balkone-firmengelaende-2-768x480.jpg\" class=\"attachment-medium_large size-medium_large\" alt=\"leeb balkone firmengelaende 2\" srcset=\"https:\/\/www.leeb-balkone.com\/app\/uploads\/2020\/08\/leeb-balkone-firmengelaende-2-768x480.jpg 768w, https:\/\/www.leeb-balkone.com\/app\/uploads\/2020\/08\/leeb-balkone-firmengelaende-2-300x188.jpg 300w, https:\/\/www.leeb-balkone.com\/app\/uploads\/2020\/08\/leeb-balkone-firmengelaende-2-1024x640.jpg 1024w, https:\/\/www.leeb-balkone.com\/app\/uploads\/2020\/08\/leeb-balkone-firmengelaende-2-1536x960.jpg 1536w, https:\/\/www.leeb-balkone.com\/app\/uploads\/2020\/08\/leeb-balkone-firmengelaende-2-2048x1280.jpg 2048w\" sizes=\"auto, (min-width: 1200px) 360px, (min-width: 1024px) 300px, (min-width: 640px) 768px, 768px\" \/>              <\/figure>\n\n                          <\/a>\n      \n  \n<\/div>\n\n        <div class=\"b-cards__item\">\n\n        <a data-src=\"https:\/\/www.leeb-balkone.com\/app\/uploads\/2020\/08\/leeb-balkone-firmengelaende-1536x922.jpg\" data-thumb=\"https:\/\/www.leeb-balkone.com\/app\/uploads\/2020\/08\/leeb-balkone-firmengelaende-300x180.jpg\" class=\"hasHover dark\">\n        \n      <figure>\n                 <img loading=\"lazy\" decoding=\"async\" width=\"768\" height=\"461\" src=\"https:\/\/www.leeb-balkone.com\/app\/uploads\/2020\/08\/leeb-balkone-firmengelaende-768x461.jpg\" class=\"attachment-medium_large size-medium_large\" alt=\"leeb balkone firmengelaende\" srcset=\"https:\/\/www.leeb-balkone.com\/app\/uploads\/2020\/08\/leeb-balkone-firmengelaende-768x461.jpg 768w, https:\/\/www.leeb-balkone.com\/app\/uploads\/2020\/08\/leeb-balkone-firmengelaende-300x180.jpg 300w, https:\/\/www.leeb-balkone.com\/app\/uploads\/2020\/08\/leeb-balkone-firmengelaende-1024x614.jpg 1024w, https:\/\/www.leeb-balkone.com\/app\/uploads\/2020\/08\/leeb-balkone-firmengelaende-1536x922.jpg 1536w, https:\/\/www.leeb-balkone.com\/app\/uploads\/2020\/08\/leeb-balkone-firmengelaende-2048x1229.jpg 2048w\" sizes=\"auto, (min-width: 1200px) 360px, (min-width: 1024px) 300px, (min-width: 640px) 768px, 768px\" \/>              <\/figure>\n\n                          <\/a>\n      \n  \n<\/div>\n\n        <div class=\"b-cards__item\">\n\n        <a data-src=\"https:\/\/www.leeb-balkone.com\/app\/uploads\/2020\/10\/1976-Firmengela\u0308nde-1536x1025.jpg\" data-thumb=\"https:\/\/www.leeb-balkone.com\/app\/uploads\/2020\/10\/1976-Firmengela\u0308nde-300x200.jpg\" class=\"hasHover dark\">\n        \n      <figure>\n                 <img loading=\"lazy\" decoding=\"async\" width=\"768\" height=\"512\" src=\"https:\/\/www.leeb-balkone.com\/app\/uploads\/2020\/10\/1976-Firmengela\u0308nde-768x512.jpg\" class=\"attachment-medium_large size-medium_large\" alt=\"1976 Firmengela\u0308nde\" srcset=\"https:\/\/www.leeb-balkone.com\/app\/uploads\/2020\/10\/1976-Firmengela\u0308nde-768x512.jpg 768w, https:\/\/www.leeb-balkone.com\/app\/uploads\/2020\/10\/1976-Firmengela\u0308nde-300x200.jpg 300w, https:\/\/www.leeb-balkone.com\/app\/uploads\/2020\/10\/1976-Firmengela\u0308nde-1024x683.jpg 1024w, https:\/\/www.leeb-balkone.com\/app\/uploads\/2020\/10\/1976-Firmengela\u0308nde-1536x1025.jpg 1536w, https:\/\/www.leeb-balkone.com\/app\/uploads\/2020\/10\/1976-Firmengela\u0308nde-2048x1366.jpg 2048w\" sizes=\"auto, (min-width: 1200px) 360px, (min-width: 1024px) 300px, (min-width: 640px) 768px, 768px\" \/>              <\/figure>\n\n                          <\/a>\n      \n  \n<\/div>\n\n    <\/div>\n\n<\/div><\/div><\/div><\/div>\n\n\n\n<div class=\"wp-block-cgb-t3-container-block none\" style=\"background-color:none\"><div class=\"grid-container\"><div class=\"grid-x\"><div class=\"cell small-12 medium-0 large-0\">\n<div class=\"wp-block-t3-layout-2-column grid-x grid-margin-x grid-margin-y\">\n<div class=\"wp-block-t3-column-6 cell small-12 medium-6\"><\/div>\n\n\n\n<div class=\"wp-block-t3-column-6 cell small-12 medium-6\"><\/div>\n<\/div>\n<\/div><\/div><\/div><\/div>\n<\/section>\n\n\n\n<section class=\"wp-block-cgb-t3-section-block alignfull b-pt-none\" style=\"display:inherit;background-color:#F5F5F5;min-height:inherit\">\n<div class=\"wp-block-cgb-t3-container-block b-has-offset-h\" style=\"background-color:none\"><div class=\"grid-container\"><div class=\"grid-x\"><div class=\"cell small-12 medium-6 large-0 medium-offset-1\">\n<h2 class=\"wp-block-heading\">KONTAKT<\/h2>\n<\/div><\/div><\/div><\/div>\n\n\n\n<div class=\"wp-block-cgb-t3-container-block none\" style=\"background-color:none\"><div class=\"grid-container\"><div class=\"grid-x\"><div class=\"cell small-12 medium-8 large-0 medium-offset-2 b-has-pt\"><div class=\"c-person grid-x grid-margin-x\">\n  <div class=\"c-person__img cell small-12 medium-6\">\n      <div class=\"c-person__img-wrapper\">\n        \n          <img loading=\"lazy\" decoding=\"async\" src=\"https:\/\/www.leeb-balkone.com\/app\/uploads\/2020\/08\/leeb-balkone-mitarbeiter-10-scaled.jpg\" class=\"h-rounded-img\" alt=\"leeb balkone mitarbeiter 10\" width=\"640\" height=\"432\" \/>\n        \n      <\/div>\n  <\/div>\n  <div class=\"c-person__txt cell small-12 medium-6\">\n    <div class=\"c-person__txt-wrapper h-lc-no-mb\">\n              <h3>\n                     Pressekontakt\n        <\/h3>\n                  <small><\/small>\n                                      <p class=\"blockquote\">Leebstra\u00dfe 1 |\r\n9563 Gnesau<\/p>\n                        \n      \n              \n                  <a href=\"#\" class=\"esend button primary\" data-esend=\"presse\" data-etld=\"com\" data-edname=\"leeb-balkone\">Email senden<\/a>\n                        <\/div>\n  <\/div>\n<\/div>\n<\/div><\/div><\/div><\/div>\n<\/section>\n","protected":false},"excerpt":{"rendered":"","protected":false},"author":1,"featured_media":0,"parent":17330,"menu_order":7,"comment_status":"closed","ping_status":"closed","template":"template-onepager.blade.php","meta":{"_acf_changed":false,"footnotes":"","_sage_theme_css":true,"_wp_block_core_css":false},"folder":[],"class_list":["post-19542","page","type-page","status-publish","hentry"],"acf":[],"yoast_head":"<!-- This site is optimized with the Yoast SEO plugin v27.2 - https:\/\/yoast.com\/product\/yoast-seo-wordpress\/ -->\n<title>Presseinformationen - Leeb Balkone Schweiz<\/title>\n<meta name=\"description\" content=\"Pressetexte Urlaub f\u00fcr immer \u2013 Zuhause mit Leeb Leeb Mitarbeiter kaufen regional g\u00fcnstiger Leeb Anbau- und Vorstellbalkone Leeb investiert in neue Trends\" \/>\n<meta name=\"robots\" content=\"index, follow, max-snippet:-1, max-image-preview:large, max-video-preview:-1\" \/>\n<meta property=\"og:locale\" content=\"de_DE\" \/>\n<meta property=\"og:type\" content=\"article\" \/>\n<meta property=\"og:title\" content=\"Presseinformationen - Leeb Balkone\" \/>\n<meta property=\"og:description\" content=\"Pressetexte Urlaub f\u00fcr immer \u2013 Zuhause mit Leeb Leeb Mitarbeiter kaufen regional g\u00fcnstiger Leeb Anbau- und Vorstellbalkone Leeb investiert in neue Trends\" \/>\n<meta property=\"og:url\" content=\"https:\/\/www.leeb-balkone.com\/ch\/ueber-leeb\/presseinformation\/\" \/>\n<meta property=\"og:site_name\" content=\"Leeb Balkone\" \/>\n<meta property=\"article:publisher\" content=\"https:\/\/www.facebook.com\/balkone\/\" \/>\n<meta property=\"article:modified_time\" content=\"2025-05-28T13:47:57+00:00\" \/>\n<meta property=\"og:image\" content=\"https:\/\/www.leeb-balkone.com\/app\/uploads\/2020\/09\/alu-balkongelaender-zufriedene-kunden-1.jpg\" \/>\n\t<meta property=\"og:image:width\" content=\"2560\" \/>\n\t<meta property=\"og:image:height\" content=\"1762\" \/>\n\t<meta property=\"og:image:type\" content=\"image\/jpeg\" \/>\n<meta name=\"twitter:card\" content=\"summary_large_image\" \/>\n<script type=\"application\/ld+json\" class=\"yoast-schema-graph\">{\"@context\":\"https:\/\/schema.org\",\"@graph\":[{\"@type\":\"WebPage\",\"@id\":\"https:\/\/www.leeb-balkone.com\/ch\/ueber-leeb\/presseinformation\/\",\"url\":\"https:\/\/www.leeb-balkone.com\/ch\/ueber-leeb\/presseinformation\/\",\"name\":\"Presseinformationen - Leeb Balkone\",\"isPartOf\":{\"@id\":\"https:\/\/www.leeb-balkone.com\/ch\/#website\"},\"datePublished\":\"2020-10-01T13:16:02+00:00\",\"dateModified\":\"2025-05-28T13:47:57+00:00\",\"description\":\"Pressetexte Urlaub f\u00fcr immer \u2013 Zuhause mit Leeb Leeb Mitarbeiter kaufen regional g\u00fcnstiger Leeb Anbau- und Vorstellbalkone Leeb investiert in neue Trends\",\"breadcrumb\":{\"@id\":\"https:\/\/www.leeb-balkone.com\/ch\/ueber-leeb\/presseinformation\/#breadcrumb\"},\"inLanguage\":\"de-CH\",\"potentialAction\":[{\"@type\":\"ReadAction\",\"target\":[\"https:\/\/www.leeb-balkone.com\/ch\/ueber-leeb\/presseinformation\/\"]}]},{\"@type\":\"BreadcrumbList\",\"@id\":\"https:\/\/www.leeb-balkone.com\/ch\/ueber-leeb\/presseinformation\/#breadcrumb\",\"itemListElement\":[{\"@type\":\"ListItem\",\"position\":1,\"name\":\"Home\",\"item\":\"https:\/\/www.leeb-balkone.com\/ch\/\"},{\"@type\":\"ListItem\",\"position\":2,\"name\":\"\u00dcber Leeb\",\"item\":\"https:\/\/www.leeb-balkone.com\/ch\/ueber-leeb\/\"},{\"@type\":\"ListItem\",\"position\":3,\"name\":\"Presseinformationen\"}]},{\"@type\":\"WebSite\",\"@id\":\"https:\/\/www.leeb-balkone.com\/ch\/#website\",\"url\":\"https:\/\/www.leeb-balkone.com\/ch\/\",\"name\":\"Leeb Balkone\",\"description\":\"Balkone und Z\u00e4une\",\"publisher\":{\"@id\":\"https:\/\/www.leeb-balkone.com\/ch\/#organization\"},\"potentialAction\":[{\"@type\":\"SearchAction\",\"target\":{\"@type\":\"EntryPoint\",\"urlTemplate\":\"https:\/\/www.leeb-balkone.com\/ch\/?s={search_term_string}\"},\"query-input\":{\"@type\":\"PropertyValueSpecification\",\"valueRequired\":true,\"valueName\":\"search_term_string\"}}],\"inLanguage\":\"de-CH\"},{\"@type\":\"Organization\",\"@id\":\"https:\/\/www.leeb-balkone.com\/ch\/#organization\",\"name\":\"Leeb Balkone Gmbh\",\"url\":\"https:\/\/www.leeb-balkone.com\/ch\/\",\"logo\":{\"@type\":\"ImageObject\",\"inLanguage\":\"de-CH\",\"@id\":\"https:\/\/www.leeb-balkone.com\/ch\/#\/schema\/logo\/image\/\",\"url\":\"https:\/\/www.leeb-balkone.com\/app\/uploads\/2020\/11\/leeb-logo.svg\",\"contentUrl\":\"https:\/\/www.leeb-balkone.com\/app\/uploads\/2020\/11\/leeb-logo.svg\",\"width\":741,\"height\":204,\"caption\":\"Leeb Balkone Gmbh\"},\"image\":{\"@id\":\"https:\/\/www.leeb-balkone.com\/ch\/#\/schema\/logo\/image\/\"},\"sameAs\":[\"https:\/\/www.facebook.com\/balkone\/\",\"https:\/\/www.trustedshops.at\/bewertung\/info_X4587CCF5833E31AFE0B11F47D86999F2.html\",\"https:\/\/www.trustedshops.de\/bewertung\/info_X7BA536A7A0BDC86D36C4718E4DCAEEEF.html\",\"https:\/\/www.google.com\/maps\/place\/?q=place_id:ChIJ5-zH19-IcEcR9HonWRTllHI\"]}]}<\/script>\n<!-- \/ Yoast SEO plugin. -->","yoast_head_json":{"title":"Presseinformationen - Leeb Balkone Schweiz","description":"Pressetexte Urlaub f\u00fcr immer \u2013 Zuhause mit Leeb Leeb Mitarbeiter kaufen regional g\u00fcnstiger Leeb Anbau- und Vorstellbalkone Leeb investiert in neue Trends","robots":{"index":"index","follow":"follow","max-snippet":"max-snippet:-1","max-image-preview":"max-image-preview:large","max-video-preview":"max-video-preview:-1"},"og_locale":"de_DE","og_type":"article","og_title":"Presseinformationen - Leeb Balkone","og_description":"Pressetexte Urlaub f\u00fcr immer \u2013 Zuhause mit Leeb Leeb Mitarbeiter kaufen regional g\u00fcnstiger Leeb Anbau- und Vorstellbalkone Leeb investiert in neue Trends","og_url":"https:\/\/www.leeb-balkone.com\/ch\/ueber-leeb\/presseinformation\/","og_site_name":"Leeb Balkone","article_publisher":"https:\/\/www.facebook.com\/balkone\/","article_modified_time":"2025-05-28T13:47:57+00:00","og_image":[{"width":2560,"height":1762,"url":"https:\/\/www.leeb-balkone.com\/app\/uploads\/2020\/09\/alu-balkongelaender-zufriedene-kunden-1.jpg","type":"image\/jpeg"}],"twitter_card":"summary_large_image","schema":{"@context":"https:\/\/schema.org","@graph":[{"@type":"WebPage","@id":"https:\/\/www.leeb-balkone.com\/ch\/ueber-leeb\/presseinformation\/","url":"https:\/\/www.leeb-balkone.com\/ch\/ueber-leeb\/presseinformation\/","name":"Presseinformationen - Leeb Balkone","isPartOf":{"@id":"https:\/\/www.leeb-balkone.com\/ch\/#website"},"datePublished":"2020-10-01T13:16:02+00:00","dateModified":"2025-05-28T13:47:57+00:00","description":"Pressetexte Urlaub f\u00fcr immer \u2013 Zuhause mit Leeb Leeb Mitarbeiter kaufen regional g\u00fcnstiger Leeb Anbau- und Vorstellbalkone Leeb investiert in neue Trends","breadcrumb":{"@id":"https:\/\/www.leeb-balkone.com\/ch\/ueber-leeb\/presseinformation\/#breadcrumb"},"inLanguage":"de-CH","potentialAction":[{"@type":"ReadAction","target":["https:\/\/www.leeb-balkone.com\/ch\/ueber-leeb\/presseinformation\/"]}]},{"@type":"BreadcrumbList","@id":"https:\/\/www.leeb-balkone.com\/ch\/ueber-leeb\/presseinformation\/#breadcrumb","itemListElement":[{"@type":"ListItem","position":1,"name":"Home","item":"https:\/\/www.leeb-balkone.com\/ch\/"},{"@type":"ListItem","position":2,"name":"\u00dcber Leeb","item":"https:\/\/www.leeb-balkone.com\/ch\/ueber-leeb\/"},{"@type":"ListItem","position":3,"name":"Presseinformationen"}]},{"@type":"WebSite","@id":"https:\/\/www.leeb-balkone.com\/ch\/#website","url":"https:\/\/www.leeb-balkone.com\/ch\/","name":"Leeb Balkone","description":"Balkone und Z\u00e4une","publisher":{"@id":"https:\/\/www.leeb-balkone.com\/ch\/#organization"},"potentialAction":[{"@type":"SearchAction","target":{"@type":"EntryPoint","urlTemplate":"https:\/\/www.leeb-balkone.com\/ch\/?s={search_term_string}"},"query-input":{"@type":"PropertyValueSpecification","valueRequired":true,"valueName":"search_term_string"}}],"inLanguage":"de-CH"},{"@type":"Organization","@id":"https:\/\/www.leeb-balkone.com\/ch\/#organization","name":"Leeb Balkone Gmbh","url":"https:\/\/www.leeb-balkone.com\/ch\/","logo":{"@type":"ImageObject","inLanguage":"de-CH","@id":"https:\/\/www.leeb-balkone.com\/ch\/#\/schema\/logo\/image\/","url":"https:\/\/www.leeb-balkone.com\/app\/uploads\/2020\/11\/leeb-logo.svg","contentUrl":"https:\/\/www.leeb-balkone.com\/app\/uploads\/2020\/11\/leeb-logo.svg","width":741,"height":204,"caption":"Leeb Balkone Gmbh"},"image":{"@id":"https:\/\/www.leeb-balkone.com\/ch\/#\/schema\/logo\/image\/"},"sameAs":["https:\/\/www.facebook.com\/balkone\/","https:\/\/www.trustedshops.at\/bewertung\/info_X4587CCF5833E31AFE0B11F47D86999F2.html","https:\/\/www.trustedshops.de\/bewertung\/info_X7BA536A7A0BDC86D36C4718E4DCAEEEF.html","https:\/\/www.google.com\/maps\/place\/?q=place_id:ChIJ5-zH19-IcEcR9HonWRTllHI"]}]}},"_links":{"self":[{"href":"https:\/\/www.leeb-balkone.com\/ch\/wp-json\/wp\/v2\/pages\/19542","targetHints":{"allow":["GET"]}}],"collection":[{"href":"https:\/\/www.leeb-balkone.com\/ch\/wp-json\/wp\/v2\/pages"}],"about":[{"href":"https:\/\/www.leeb-balkone.com\/ch\/wp-json\/wp\/v2\/types\/page"}],"author":[{"embeddable":true,"href":"https:\/\/www.leeb-balkone.com\/ch\/wp-json\/wp\/v2\/users\/1"}],"replies":[{"embeddable":true,"href":"https:\/\/www.leeb-balkone.com\/ch\/wp-json\/wp\/v2\/comments?post=19542"}],"version-history":[{"count":12,"href":"https:\/\/www.leeb-balkone.com\/ch\/wp-json\/wp\/v2\/pages\/19542\/revisions"}],"predecessor-version":[{"id":147404,"href":"https:\/\/www.leeb-balkone.com\/ch\/wp-json\/wp\/v2\/pages\/19542\/revisions\/147404"}],"up":[{"embeddable":true,"href":"https:\/\/www.leeb-balkone.com\/ch\/wp-json\/wp\/v2\/pages\/17330"}],"wp:attachment":[{"href":"https:\/\/www.leeb-balkone.com\/ch\/wp-json\/wp\/v2\/media?parent=19542"}],"wp:term":[{"taxonomy":"folder","embeddable":true,"href":"https:\/\/www.leeb-balkone.com\/ch\/wp-json\/wp\/v2\/folder?post=19542"}],"curies":[{"name":"wp","href":"https:\/\/api.w.org\/{rel}","templated":true}]}}