{"id":19528,"date":"2020-09-08T13:07:39","date_gmt":"2020-09-08T13:07:39","guid":{"rendered":"https:\/\/www.leeb-balkone.com\/de\/kontakt\/prospekt-anfordern\/"},"modified":"2026-04-10T12:40:22","modified_gmt":"2026-04-10T12:40:22","slug":"katalog-anfordern","status":"publish","type":"page","link":"https:\/\/www.leeb-balkone.com\/ch\/kontakt\/katalog-anfordern\/","title":{"rendered":"Katalog anfordern"},"content":{"rendered":"<header data-block_acf-block-69d8efaa95685 class=\"c-fh  l-mh-small c-fh--hero c-grad-l2r c-fh--div none\">\n      <img loading=\"lazy\" decoding=\"async\" width=\"1920\" height=\"601\" src=\"https:\/\/www.leeb-balkone.com\/app\/uploads\/2020\/09\/leeb-balkone-katalog-anfordern-2.jpg\" class=\"no-lazy\" alt=\"leeb balkone katalog anfordern 2\" srcset=\"https:\/\/www.leeb-balkone.com\/app\/uploads\/2020\/09\/leeb-balkone-katalog-anfordern-2-300x94.jpg 300w, https:\/\/www.leeb-balkone.com\/app\/uploads\/2020\/09\/leeb-balkone-katalog-anfordern-2-1024x321.jpg 1024w, https:\/\/www.leeb-balkone.com\/app\/uploads\/2020\/09\/leeb-balkone-katalog-anfordern-2-768x240.jpg 768w, https:\/\/www.leeb-balkone.com\/app\/uploads\/2020\/09\/leeb-balkone-katalog-anfordern-2-1536x481.jpg 1536w\" sizes=\"auto, (min-width: 1536px) 2048px, (min-width: 992px) 1536px, (min-width: 768px) 1024px, (min-width: 576px) 768px, 100vw\" \/>\n\n\n<div class=\"grid-container\">\n  <div class=\"grid-x\">\n    <div class=\"cell small-12 medium-6 medium-offset-1\">\n      <div class=\"c-fh__wrapper\">\n                              <p>Weitere Informationen zu unseren Produkten finden Sie in unseren umfangreichen Katalogen und Prospekten.<\/p>\n                        <\/div>\n    <\/div>\n  <\/div>\n<\/div>\n  \n    \n    <\/header>\n\n\n  \n  <section class=\"wp-block-group alignfull t3-header u-max-wide t3-header-text has-white-background-color has-background has-global-padding is-layout-constrained wp-block-group-is-layout-constrained\">\n    <div class=\"wp-block-group o-grid u-md-1 u-sm-1 is-layout-flow wp-block-group-is-layout-flow\">\n  <div class=\"wp-block-group u-g-10 u-g-s-2\">\n      <div class=\"yoast-breadcrumbs\"><span><span><a href=\"https:\/\/www.leeb-balkone.com\/ch\/\">Home<\/a><\/span><\/span><\/div>\n      \n    <h1>Katalog anfordern<\/h1>\n  <\/div>\n<\/div>\n  <\/section>\n\n\n\n\n\n\n<section class=\"wp-block-cgb-t3-section-block alignfull b-pt-none b-pb-small is-style-bg-white\" style=\"display:inherit;min-height:inherit\">\n<div class=\"wp-block-cgb-t3-container-block none\" style=\"background-color:none\"><div class=\"grid-container\"><div class=\"grid-x\"><div class=\"cell small-12 medium-9 large-0 medium-offset-1 b-has-pt\">\n<p><span class=\"teaser\">\u00dcbersichtlich zusammengestellt k\u00f6nnen Sie sich \u00fcber die Vielfalt unserer Produktpalette informieren. Bestellen Sie unsere Gratis-Kataloge. <\/span><\/p>\n<\/div><\/div><\/div><\/div>\n<\/section>\n\n\n\n<section class=\"wp-block-cgb-t3-section-block alignfull b-pt-none\" style=\"display:inherit;background-color:#F5F5F5;min-height:inherit\">\n<div class=\"wp-block-cgb-t3-container-block b-has-offset-h\" style=\"background-color:none\"><div class=\"grid-container\"><div class=\"grid-x\"><div class=\"cell small-12 medium-6 large-0 medium-offset-1\">\n<h2 class=\"wp-block-heading\">Kostenloses Infomaterial zusenden<\/h2>\n<\/div><\/div><\/div><\/div>\n\n\n\n<div class=\"wp-block-cgb-t3-container-block none\" style=\"background-color:none\"><div class=\"grid-container\"><div class=\"o-grid u-sm-1 u-md-1\"><div class=\"u-g-7 u-g-s-2\"><form action=\"https:\/\/www.leeb-balkone.com\/ch\/wp-json\/ws-form\/v1\/submit\" class=\"wsf-form wsf-form-canvas\" id=\"ws-form-1\" data-id=\"28\" data-instance-id=\"1\" method=\"POST\"><\/form>\n<\/div>\n    <div class=\"u-g-3 u-g-s-9\"><div class=\"t3-sidebar-buttons wp-block-buttons is-layout-flex wp-block-buttons-is-layout-flex\"><div class=\"wp-block-button is-style-fill icon-vp icon-left\">\n                        <a class=\"wp-block-button__link has-secondary-color has-white-background-color has-text-color has-background has-link-color wp-element-button\" href=\"https:\/\/www.leeb-balkone.com\/ch\/vertriebspartner\/\">Vertriebspartner finden <span class=\"sr-only\">Vertriebspartner Leeb Balkone Schweiz<\/span><\/a>\n                    <\/div><\/div>\n<\/div><\/div>\n\n\n<p><\/p>\n<\/div><\/div>\n<\/section>\n\n\n\n\n\n<section class=\"wp-block-group alignfull has-white-background-color has-background has-global-padding is-layout-constrained wp-container-core-group-is-layout-52f96efc wp-block-group-is-layout-constrained\">\n<div class=\"wp-block-group o-grid u-md-1 is-layout-flow wp-block-group-is-layout-flow\" style=\"padding-top:0\">\n<div class=\"wp-block-group u-g-9 u-g-s-2 is-layout-flow wp-block-group-is-layout-flow\" style=\"margin-bottom:var(--wp--preset--spacing--s)\">\n<h2 class=\"wp-block-heading\">FAQ<\/h2>\n\n\n\n\n\n<div class=\"wp-block-t3-acc-accordion is-style-light\"><button id=\"accordion-f8078d50-a7dc-4a20-8ca9-35c17a87aa7b-button\" class=\"accordion__button\" aria-expanded=\"false\" aria-controls=\"accordion-f8078d50-a7dc-4a20-8ca9-35c17a87aa7b-panel\"><h3 data-accordion-title=\"true\" style=\"font-size:var(--step-1)\"><strong><strong><strong>Warum Leeb Kataloge bestellen?<\/strong><\/strong><\/strong><\/h3><\/button><div id=\"accordion-f8078d50-a7dc-4a20-8ca9-35c17a87aa7b-panel\" class=\"accordion__panel\" role=\"region\" aria-labelledby=\"accordion-f8078d50-a7dc-4a20-8ca9-35c17a87aa7b-button\">\n<p>Der gedruckte Katalog zeigt Farben, Oberfl\u00e4chen und Materialwirkungen realistischer als mancher Bildschirm. Viele unserer Kunden nutzen ihn, um gemeinsam mit der Familie oder dem Architekten verschiedene Modelle direkt am Haus zu vergleichen \u2013 ohne Scrollen, ohne Zoom, Seite an Seite. <\/p>\n<\/div><\/div>\n\n\n\n<div class=\"wp-block-t3-acc-accordion is-style-light\"><button id=\"accordion-a6110bb2-535d-4696-8231-e2ff657acda1-button\" class=\"accordion__button\" aria-expanded=\"false\" aria-controls=\"accordion-a6110bb2-535d-4696-8231-e2ff657acda1-panel\"><h3 data-accordion-title=\"true\" style=\"font-size:var(--step-1)\"><strong><strong><strong>Wie lange dauert die Lieferung?<\/strong><\/strong><\/strong><\/h3><\/button><div id=\"accordion-a6110bb2-535d-4696-8231-e2ff657acda1-panel\" class=\"accordion__panel\" role=\"region\" aria-labelledby=\"accordion-a6110bb2-535d-4696-8231-e2ff657acda1-button\">\n<p>Ihre ausgew\u00e4hlten Kataloge (max. 2) werden innerhalb von 5\u20137 Werktagen per Post zugestellt.<\/p>\n<\/div><\/div>\n\n\n\n<div class=\"wp-block-t3-acc-accordion is-style-light\"><button id=\"accordion-d8fc9a10-6d9c-48bc-9255-8f3297267355-button\" class=\"accordion__button\" aria-expanded=\"false\" aria-controls=\"accordion-d8fc9a10-6d9c-48bc-9255-8f3297267355-panel\"><h3 data-accordion-title=\"true\" style=\"font-size:var(--step-1)\"><strong><strong><strong>Kann ich mich auch ohne Katalog beraten lassen?<\/strong><\/strong><\/strong><\/h3><\/button><div id=\"accordion-d8fc9a10-6d9c-48bc-9255-8f3297267355-panel\" class=\"accordion__panel\" role=\"region\" aria-labelledby=\"accordion-d8fc9a10-6d9c-48bc-9255-8f3297267355-button\">\n<p>Selbstverst\u00e4ndlich. Ihr pers\u00f6nlicher Leeb-Berater in Ihrer N\u00e4he zeigt Ihnen alle Materialien, Farben und Modelle direkt beim Beratungstermin \u2013 auf Wunsch auch mit individueller 3D-Visualisierung an Ihrem Geb\u00e4ude. Oder besuchen Sie einen unserer \u00fcber 30 Schaur\u00e4ume in Deutschland, \u00d6sterreich, der Schweiz, Italien oder Slowenien, um Leeb-Produkte live zu erleben.<\/p>\n<\/div><\/div>\n<\/div>\n<\/div>\n<\/section>\n","protected":false},"excerpt":{"rendered":"","protected":false},"author":1,"featured_media":0,"parent":17354,"menu_order":3,"comment_status":"closed","ping_status":"closed","template":"template-onepager.blade.php","meta":{"_acf_changed":false,"footnotes":"","_sage_theme_css":true,"_wp_block_core_css":false},"folder":[],"class_list":["post-19528","page","type-page","status-publish","hentry"],"acf":[],"yoast_head":"<!-- This site is optimized with the Yoast SEO plugin v27.2 - https:\/\/yoast.com\/product\/yoast-seo-wordpress\/ -->\n<title>Katalog anfordern - Leeb Balkone Schweiz<\/title>\n<meta name=\"description\" content=\"\u00dcbersichtlich zusammengestellt k\u00f6nnen Sie sich \u00fcber die Vielfalt unserer Produktpalette informieren. Bestellen Sie unsere Gratis-Kataloge. Kostenloses\" \/>\n<meta name=\"robots\" content=\"index, follow, max-snippet:-1, max-image-preview:large, max-video-preview:-1\" \/>\n<meta property=\"og:locale\" content=\"de_DE\" \/>\n<meta property=\"og:type\" content=\"article\" \/>\n<meta property=\"og:title\" content=\"Katalog anfordern - Leeb Balkone\" \/>\n<meta property=\"og:description\" content=\"\u00dcbersichtlich zusammengestellt k\u00f6nnen Sie sich \u00fcber die Vielfalt unserer Produktpalette informieren. Bestellen Sie unsere Gratis-Kataloge. Kostenloses\" \/>\n<meta property=\"og:url\" content=\"https:\/\/www.leeb-balkone.com\/ch\/kontakt\/katalog-anfordern\/\" \/>\n<meta property=\"og:site_name\" content=\"Leeb Balkone\" \/>\n<meta property=\"article:publisher\" content=\"https:\/\/www.facebook.com\/balkone\/\" \/>\n<meta property=\"article:modified_time\" content=\"2026-04-10T12:40:22+00:00\" \/>\n<meta property=\"og:image\" content=\"https:\/\/www.leeb-balkone.com\/app\/uploads\/2020\/09\/alu-balkongelaender-zufriedene-kunden-1.jpg\" \/>\n\t<meta property=\"og:image:width\" content=\"2560\" \/>\n\t<meta property=\"og:image:height\" content=\"1762\" \/>\n\t<meta property=\"og:image:type\" content=\"image\/jpeg\" \/>\n<meta name=\"twitter:card\" content=\"summary_large_image\" \/>\n<script type=\"application\/ld+json\" class=\"yoast-schema-graph\">{\"@context\":\"https:\/\/schema.org\",\"@graph\":[{\"@type\":\"WebPage\",\"@id\":\"https:\/\/www.leeb-balkone.com\/ch\/kontakt\/katalog-anfordern\/\",\"url\":\"https:\/\/www.leeb-balkone.com\/ch\/kontakt\/katalog-anfordern\/\",\"name\":\"Katalog anfordern - Leeb Balkone\",\"isPartOf\":{\"@id\":\"https:\/\/www.leeb-balkone.com\/ch\/#website\"},\"datePublished\":\"2020-09-08T13:07:39+00:00\",\"dateModified\":\"2026-04-10T12:40:22+00:00\",\"description\":\"\u00dcbersichtlich zusammengestellt k\u00f6nnen Sie sich \u00fcber die Vielfalt unserer Produktpalette informieren. Bestellen Sie unsere Gratis-Kataloge. Kostenloses\",\"breadcrumb\":{\"@id\":\"https:\/\/www.leeb-balkone.com\/ch\/kontakt\/katalog-anfordern\/#breadcrumb\"},\"inLanguage\":\"de-CH\",\"potentialAction\":[{\"@type\":\"ReadAction\",\"target\":[\"https:\/\/www.leeb-balkone.com\/ch\/kontakt\/katalog-anfordern\/\"]}]},{\"@type\":\"BreadcrumbList\",\"@id\":\"https:\/\/www.leeb-balkone.com\/ch\/kontakt\/katalog-anfordern\/#breadcrumb\",\"itemListElement\":[{\"@type\":\"ListItem\",\"position\":1,\"name\":\"Home\",\"item\":\"https:\/\/www.leeb-balkone.com\/ch\/\"},{\"@type\":\"ListItem\",\"position\":2,\"name\":\"Kontakt\",\"item\":\"https:\/\/www.leeb-balkone.com\/ch\/kontakt\/\"},{\"@type\":\"ListItem\",\"position\":3,\"name\":\"Katalog anfordern\"}]},{\"@type\":\"WebSite\",\"@id\":\"https:\/\/www.leeb-balkone.com\/ch\/#website\",\"url\":\"https:\/\/www.leeb-balkone.com\/ch\/\",\"name\":\"Leeb Balkone\",\"description\":\"Balkone und Z\u00e4une\",\"publisher\":{\"@id\":\"https:\/\/www.leeb-balkone.com\/ch\/#organization\"},\"potentialAction\":[{\"@type\":\"SearchAction\",\"target\":{\"@type\":\"EntryPoint\",\"urlTemplate\":\"https:\/\/www.leeb-balkone.com\/ch\/?s={search_term_string}\"},\"query-input\":{\"@type\":\"PropertyValueSpecification\",\"valueRequired\":true,\"valueName\":\"search_term_string\"}}],\"inLanguage\":\"de-CH\"},{\"@type\":\"Organization\",\"@id\":\"https:\/\/www.leeb-balkone.com\/ch\/#organization\",\"name\":\"Leeb Balkone Gmbh\",\"url\":\"https:\/\/www.leeb-balkone.com\/ch\/\",\"logo\":{\"@type\":\"ImageObject\",\"inLanguage\":\"de-CH\",\"@id\":\"https:\/\/www.leeb-balkone.com\/ch\/#\/schema\/logo\/image\/\",\"url\":\"https:\/\/www.leeb-balkone.com\/app\/uploads\/2020\/11\/leeb-logo.svg\",\"contentUrl\":\"https:\/\/www.leeb-balkone.com\/app\/uploads\/2020\/11\/leeb-logo.svg\",\"width\":741,\"height\":204,\"caption\":\"Leeb Balkone Gmbh\"},\"image\":{\"@id\":\"https:\/\/www.leeb-balkone.com\/ch\/#\/schema\/logo\/image\/\"},\"sameAs\":[\"https:\/\/www.facebook.com\/balkone\/\",\"https:\/\/www.trustedshops.at\/bewertung\/info_X4587CCF5833E31AFE0B11F47D86999F2.html\",\"https:\/\/www.trustedshops.de\/bewertung\/info_X7BA536A7A0BDC86D36C4718E4DCAEEEF.html\",\"https:\/\/www.google.com\/maps\/place\/?q=place_id:ChIJ5-zH19-IcEcR9HonWRTllHI\"]}]}<\/script>\n<!-- \/ Yoast SEO plugin. -->","yoast_head_json":{"title":"Katalog anfordern - Leeb Balkone Schweiz","description":"\u00dcbersichtlich zusammengestellt k\u00f6nnen Sie sich \u00fcber die Vielfalt unserer Produktpalette informieren. Bestellen Sie unsere Gratis-Kataloge. Kostenloses","robots":{"index":"index","follow":"follow","max-snippet":"max-snippet:-1","max-image-preview":"max-image-preview:large","max-video-preview":"max-video-preview:-1"},"og_locale":"de_DE","og_type":"article","og_title":"Katalog anfordern - Leeb Balkone","og_description":"\u00dcbersichtlich zusammengestellt k\u00f6nnen Sie sich \u00fcber die Vielfalt unserer Produktpalette informieren. Bestellen Sie unsere Gratis-Kataloge. Kostenloses","og_url":"https:\/\/www.leeb-balkone.com\/ch\/kontakt\/katalog-anfordern\/","og_site_name":"Leeb Balkone","article_publisher":"https:\/\/www.facebook.com\/balkone\/","article_modified_time":"2026-04-10T12:40:22+00:00","og_image":[{"width":2560,"height":1762,"url":"https:\/\/www.leeb-balkone.com\/app\/uploads\/2020\/09\/alu-balkongelaender-zufriedene-kunden-1.jpg","type":"image\/jpeg"}],"twitter_card":"summary_large_image","schema":{"@context":"https:\/\/schema.org","@graph":[{"@type":"WebPage","@id":"https:\/\/www.leeb-balkone.com\/ch\/kontakt\/katalog-anfordern\/","url":"https:\/\/www.leeb-balkone.com\/ch\/kontakt\/katalog-anfordern\/","name":"Katalog anfordern - Leeb Balkone","isPartOf":{"@id":"https:\/\/www.leeb-balkone.com\/ch\/#website"},"datePublished":"2020-09-08T13:07:39+00:00","dateModified":"2026-04-10T12:40:22+00:00","description":"\u00dcbersichtlich zusammengestellt k\u00f6nnen Sie sich \u00fcber die Vielfalt unserer Produktpalette informieren. Bestellen Sie unsere Gratis-Kataloge. Kostenloses","breadcrumb":{"@id":"https:\/\/www.leeb-balkone.com\/ch\/kontakt\/katalog-anfordern\/#breadcrumb"},"inLanguage":"de-CH","potentialAction":[{"@type":"ReadAction","target":["https:\/\/www.leeb-balkone.com\/ch\/kontakt\/katalog-anfordern\/"]}]},{"@type":"BreadcrumbList","@id":"https:\/\/www.leeb-balkone.com\/ch\/kontakt\/katalog-anfordern\/#breadcrumb","itemListElement":[{"@type":"ListItem","position":1,"name":"Home","item":"https:\/\/www.leeb-balkone.com\/ch\/"},{"@type":"ListItem","position":2,"name":"Kontakt","item":"https:\/\/www.leeb-balkone.com\/ch\/kontakt\/"},{"@type":"ListItem","position":3,"name":"Katalog anfordern"}]},{"@type":"WebSite","@id":"https:\/\/www.leeb-balkone.com\/ch\/#website","url":"https:\/\/www.leeb-balkone.com\/ch\/","name":"Leeb Balkone","description":"Balkone und Z\u00e4une","publisher":{"@id":"https:\/\/www.leeb-balkone.com\/ch\/#organization"},"potentialAction":[{"@type":"SearchAction","target":{"@type":"EntryPoint","urlTemplate":"https:\/\/www.leeb-balkone.com\/ch\/?s={search_term_string}"},"query-input":{"@type":"PropertyValueSpecification","valueRequired":true,"valueName":"search_term_string"}}],"inLanguage":"de-CH"},{"@type":"Organization","@id":"https:\/\/www.leeb-balkone.com\/ch\/#organization","name":"Leeb Balkone Gmbh","url":"https:\/\/www.leeb-balkone.com\/ch\/","logo":{"@type":"ImageObject","inLanguage":"de-CH","@id":"https:\/\/www.leeb-balkone.com\/ch\/#\/schema\/logo\/image\/","url":"https:\/\/www.leeb-balkone.com\/app\/uploads\/2020\/11\/leeb-logo.svg","contentUrl":"https:\/\/www.leeb-balkone.com\/app\/uploads\/2020\/11\/leeb-logo.svg","width":741,"height":204,"caption":"Leeb Balkone Gmbh"},"image":{"@id":"https:\/\/www.leeb-balkone.com\/ch\/#\/schema\/logo\/image\/"},"sameAs":["https:\/\/www.facebook.com\/balkone\/","https:\/\/www.trustedshops.at\/bewertung\/info_X4587CCF5833E31AFE0B11F47D86999F2.html","https:\/\/www.trustedshops.de\/bewertung\/info_X7BA536A7A0BDC86D36C4718E4DCAEEEF.html","https:\/\/www.google.com\/maps\/place\/?q=place_id:ChIJ5-zH19-IcEcR9HonWRTllHI"]}]}},"_links":{"self":[{"href":"https:\/\/www.leeb-balkone.com\/ch\/wp-json\/wp\/v2\/pages\/19528","targetHints":{"allow":["GET"]}}],"collection":[{"href":"https:\/\/www.leeb-balkone.com\/ch\/wp-json\/wp\/v2\/pages"}],"about":[{"href":"https:\/\/www.leeb-balkone.com\/ch\/wp-json\/wp\/v2\/types\/page"}],"author":[{"embeddable":true,"href":"https:\/\/www.leeb-balkone.com\/ch\/wp-json\/wp\/v2\/users\/1"}],"replies":[{"embeddable":true,"href":"https:\/\/www.leeb-balkone.com\/ch\/wp-json\/wp\/v2\/comments?post=19528"}],"version-history":[{"count":11,"href":"https:\/\/www.leeb-balkone.com\/ch\/wp-json\/wp\/v2\/pages\/19528\/revisions"}],"predecessor-version":[{"id":167469,"href":"https:\/\/www.leeb-balkone.com\/ch\/wp-json\/wp\/v2\/pages\/19528\/revisions\/167469"}],"up":[{"embeddable":true,"href":"https:\/\/www.leeb-balkone.com\/ch\/wp-json\/wp\/v2\/pages\/17354"}],"wp:attachment":[{"href":"https:\/\/www.leeb-balkone.com\/ch\/wp-json\/wp\/v2\/media?parent=19528"}],"wp:term":[{"taxonomy":"folder","embeddable":true,"href":"https:\/\/www.leeb-balkone.com\/ch\/wp-json\/wp\/v2\/folder?post=19528"}],"curies":[{"name":"wp","href":"https:\/\/api.w.org\/{rel}","templated":true}]}}