{"id":19463,"date":"2020-09-08T08:00:56","date_gmt":"2020-09-08T08:00:56","guid":{"rendered":"https:\/\/www.leeb-balkone.com\/de\/technik\/konstruktiver-holzschutz\/"},"modified":"2025-12-26T17:30:11","modified_gmt":"2025-12-26T17:30:11","slug":"holzschutz","status":"publish","type":"page","link":"https:\/\/www.leeb-balkone.com\/ch\/technik\/holzschutz\/","title":{"rendered":"Konstruktiver Holzschutz"},"content":{"rendered":"<header data-block_acf-block-68cab26791ffb class=\"c-fh  l-mh-small c-fh--hero c-grad-l2r c-fh--div none\">\n      <img loading=\"lazy\" decoding=\"async\" width=\"1920\" height=\"600\" src=\"https:\/\/www.leeb-balkone.com\/app\/uploads\/2020\/11\/balkongelaender-holz-tradition-bad-toelz-11920.jpg\" class=\"no-lazy\" alt=\"balkongelaender holz tradition bad toelz 11920\" srcset=\"https:\/\/www.leeb-balkone.com\/app\/uploads\/2020\/11\/balkongelaender-holz-tradition-bad-toelz-11920-300x94.jpg 300w, https:\/\/www.leeb-balkone.com\/app\/uploads\/2020\/11\/balkongelaender-holz-tradition-bad-toelz-11920-1024x320.jpg 1024w, https:\/\/www.leeb-balkone.com\/app\/uploads\/2020\/11\/balkongelaender-holz-tradition-bad-toelz-11920-768x240.jpg 768w, https:\/\/www.leeb-balkone.com\/app\/uploads\/2020\/11\/balkongelaender-holz-tradition-bad-toelz-11920-1536x480.jpg 1536w\" sizes=\"auto, (min-width: 1536px) 2048px, (min-width: 992px) 1536px, (min-width: 768px) 1024px, (min-width: 576px) 768px, 100vw\" \/>\n\n\n<div class=\"grid-container\">\n  <div class=\"grid-x\">\n    <div class=\"cell small-12 medium-6 medium-offset-1\">\n      <div class=\"c-fh__wrapper\">\n                              <p>Der langlebige Holzbalkon von Leeb<\/p>\n                        <\/div>\n    <\/div>\n  <\/div>\n<\/div>\n  \n    \n    <\/header>\n\n\n  \n  <section class=\"wp-block-group alignfull t3-header u-max-wide t3-header-text has-white-background-color has-background has-global-padding is-layout-constrained wp-block-group-is-layout-constrained\">\n    <div class=\"wp-block-group o-grid u-md-1 u-sm-1 is-layout-flow wp-block-group-is-layout-flow\">\n  <div class=\"wp-block-group u-g-10 u-g-s-2\">\n      <div class=\"yoast-breadcrumbs\"><span><span><a href=\"https:\/\/www.leeb-balkone.com\/ch\/\">Home<\/a><\/span><\/span><\/div>\n      \n    <h1>Konstruktiver Holzschutz<\/h1>\n  <\/div>\n<\/div>\n  <\/section>\n\n\n\n\n\n\n<section id=\"first-section\" class=\"wp-block-cgb-t3-section-block alignfull b-pt-small  is-style-bg-transparent\" style=\"display:inherit;min-height:inherit\">\n<div class=\"wp-block-cgb-t3-container-block none\" style=\"background-color:none\"><div class=\"grid-container\"><div class=\"grid-x\"><div class=\"cell small-12 medium-9 large-0 medium-offset-1 b-has-lsmb\">\n<p>Holzschutz beginnt bei der technisch ausgefeilten Konstruktion der Leeb-Balkone. Durch die spezielle Bauweise ist gew\u00e4hrleistet, dass Regenwasser nicht am Holz stehen bleibt oder ins Holz eindringt und so Ihren Balkon sch\u00e4digt. Um den n\u00f6tigen Luft- und Feuchtigkeitsausgleich zu erreichen, sind bei allen Leeb-Balkonen die Bauteile hinterl\u00fcftet montiert. Die Schr\u00e4gstellungen der Blumenk\u00e4stenb\u00f6den sichern gerade an heiklen Stellen das konstante Ablaufen des Wassers und garantieren somit die lange Lebensdauer Ihres Leeb-Balkons.<\/p>\n<\/div><\/div><\/div><\/div>\n\n\n\n<div class=\"wp-block-cgb-t3-container-block none\" style=\"background-color:none\"><div class=\"grid-container\"><div class=\"grid-x\"><div class=\"cell small-12 medium-0 large-0 b-has-pt b-has-lsmb\"><div class=\"b-sps\" id=\"\">\n      <div class=\"grid-x\">\n              <div class=\"cell b-sps__bgimg lazyload bgx-center bgy-center small-12 medium-6 small-order-1 medium-order-1\">\n          \n            <img loading=\"lazy\" decoding=\"async\" width=\"1024\" height=\"658\" src=\"https:\/\/www.leeb-balkone.com\/app\/uploads\/2021\/11\/konstruktiver-holzschutz-holz-balkongelaender-2-1024x658.jpg\" class=\"attachment-large size-large\" alt=\"konstruktiver holzschutz holz balkongelaender 2\" srcset=\"https:\/\/www.leeb-balkone.com\/app\/uploads\/2021\/11\/konstruktiver-holzschutz-holz-balkongelaender-2-1024x658.jpg 1024w, https:\/\/www.leeb-balkone.com\/app\/uploads\/2021\/11\/konstruktiver-holzschutz-holz-balkongelaender-2-300x193.jpg 300w, https:\/\/www.leeb-balkone.com\/app\/uploads\/2021\/11\/konstruktiver-holzschutz-holz-balkongelaender-2-768x494.jpg 768w, https:\/\/www.leeb-balkone.com\/app\/uploads\/2021\/11\/konstruktiver-holzschutz-holz-balkongelaender-2-1536x987.jpg 1536w, https:\/\/www.leeb-balkone.com\/app\/uploads\/2021\/11\/konstruktiver-holzschutz-holz-balkongelaender-2-scaled.jpg 2048w\" sizes=\"auto, (min-width: 1200px) 1024px, (min-width: 1024px) 768px, (min-width: 640px) 768px, 768px\" \/>        <\/div>\n            <div class=\"cell b-sps__cont  small-12 medium-6 small-order-2 medium-order-2 bg--lightgray\">\n        <div class=\"b-sps__inner-cont  pdd\">\n          <p><strong>1. Handlauf mit integriertem Wasserschutz<\/strong><br \/>\nDer abgerundete Handlauf ist an der Unterseite mit einer sogenannten Wassernase versehen. Wasser kann somit problemlos abrinnen. Die darunterliegende Konstruktion ist gesch\u00fctzt.<\/p>\n<p><strong>2. Neigung von Blumentr\u00f6gen und Ausnehmungen<\/strong><br \/>\nDurch die Schr\u00e4ge rinnt Regen- oder Gie\u00dfwasser ab, ohne die Balkonkonstruktion zu durchfeuchten.<\/p>\n<p><strong>3. Abgeschr\u00e4gte Einbundlatten<\/strong><br \/>\nDie Zusatzelemente gew\u00e4hrleisten, dass auch an schwer zug\u00e4nglichen Stellen keine dauerhafte Feuchtigkeit auftreten kann.<\/p>\n<p><strong>4. Hinterl\u00fcftung aufgesetzter Balkonteile<\/strong><br \/>\nDurch die Hinterl\u00fcftung der aufgesetzten Holzelemente wird ein st\u00e4ndiger Luftaustausch erreicht und somit die Besch\u00e4digung durch Dauerfeuchte verhindert.<\/p>\n\n        <\/div>\n      <\/div>\n    <\/div>\n  <\/div>\n<\/div><\/div><\/div><\/div>\n\n\n\n<div class=\"wp-block-cgb-t3-container-block none\" style=\"background-color:none\"><div class=\"grid-container\"><div class=\"grid-x\"><div class=\"cell small-12 medium-9 large-0 medium-offset-1 b-has-pt\">\n<h3 class=\"wp-block-heading\">Best\u00e4ndige Weiterentwicklung<\/h3>\n\n\n\n<p>Damit unsere\u00a0<a href=\"https:\/\/www.leeb-balkone.com\/ch\/balkongelaender\/balkongelaender-holz\/\">Holzbalkone<\/a>\u00a0immer besser werden, unterziehen wir sie einer regelm\u00e4\u00dfigen Kontrolle durch das \u00d6sterreichische Holzforschungsinstitut. Diese enge Zusammenarbeit stellt sicher, dass jeder unser Holzbalkone durch seine Langlebigkeit und Haltbarkeit \u00fcberzeugt.<\/p>\n\n\n\n<h3 class=\"wp-block-heading\">Holzschutz durch beste Materialen und Verarbeitung<\/h3>\n\n\n\n<p>Mit der Leidenschaft f\u00fcr unsere Produkte legen wir unser Augenmerk neben der Verarbeitung von hochwertigsten Materialien auf eine st\u00e4ndige Weiterentwicklung derselben. Patentierte Innovationen aus dem Hause Leeb, wie unser einzigartiges\u00a0<a href=\"https:\/\/www.leeb-balkone.com\/ch\/technik\/vacu-protect\/\">VACU-PROTECT\u00ae Verfahren,<\/a>\u00a0sorgen f\u00fcr eine dauerhaft sch\u00f6ne Optik, verl\u00e4ngern die Lebensdauer unserer Produkte und erleichtern Ihnen die Wartung.<\/p>\n<\/div><\/div><\/div><\/div>\n<\/section>\n\n\n\n<section class=\"wp-block-cgb-t3-section-block alignfull b-pt-none\" style=\"display:inherit;background-color:#F5F5F5;min-height:inherit\">\n<div class=\"wp-block-cgb-t3-container-block b-has-offset-h\" style=\"background-color:none\"><div class=\"grid-container\"><div class=\"grid-x\"><div class=\"cell small-12 medium-6 large-0 medium-offset-1\">\n<h2 class=\"wp-block-heading\">Patentierter Holzschutz<\/h2>\n<\/div><\/div><\/div><\/div>\n\n\n\n<div class=\"wp-block-cgb-t3-container-block none\" style=\"background-color:none\"><div class=\"grid-container\"><div class=\"grid-x\"><div class=\"cell small-12 medium-9 large-0 medium-offset-1 b-has-pt\">\n<p>Grundlage f\u00fcr die dauerhafte Sch\u00f6nheit ist die Auswahl des richtigen Holzes. Wir verwenden f\u00fcr unsere Holzbalkone ausschlie\u00dflich hochwertige Nadelh\u00f6lzer, die in der umliegenden Region auf \u00fcber 1.000 m Seeh\u00f6he langsam heranwachsen. Nach sorgf\u00e4ltiger Trocknung und Weiterverarbeitung werden alle Holzbalkone mit dem einzigartigen VACU-PROTECT\u00ae Verfahren tiefenimpr\u00e4gniert. Das gew\u00e4hrleistet eine dauerhaft sch\u00f6ne Optik, Formstabilit\u00e4t sowie eine hohe Lebensdauer Ihres Balkons.<\/p>\n<\/div><\/div><\/div><\/div>\n\n\n<\/section>\n\n\n\n<section class=\"wp-block-cgb-t3-section-block alignfull b-pt-none  is-style-bg-transparent\" style=\"display:inherit;min-height:inherit\">\n<div class=\"wp-block-cgb-t3-container-block b-has-offset-b\" style=\"background-color:#EE7203\"><div class=\"has-padding none grid-container-wrapper\"><div class=\"grid-container\"><div class=\"grid-x\"><div class=\"cell small-12 medium-9 large-0 medium-offset-1 b-has-lsmb\">\n<h2 class=\"wp-block-heading has-white-color has-text-color\"><span class=\"h2ash1\">Innovation mit Leeb Balkone <\/span><\/h2>\n\n\n\n<p class=\"has-white-color has-text-color\"><span class=\"teaser\">Alle unsere Balkone aus Holz oder Alu sind durch unsere patentierten Verfahren dauerhaft gesch\u00fctzt. Jede Innovation aus dem Hause Leeb tr\u00e4gt dazu bei, dass die Sch\u00f6nheit Ihres Balkons mit einem deutlich geringeren Pflegeaufwand f\u00fcr viele Jahre erhalten bleibt.<\/span> <\/p>\n<\/div><\/div><\/div><\/div><\/div>\n\n\n\n<div class=\"wp-block-cgb-t3-container-block none\" style=\"background-color:none\"><div class=\"grid-container\"><div class=\"grid-x\"><div class=\"cell small-12 medium-12 large-0\"><div class=\"u-grid-temp has-2-cols u-md-2 u-sm-1 is-style-transparent-cards offset wp-block-group is-layout-grid wp-block-group-is-layout-grid\">\n\n\n  \n\n            <div class=\"wp-block-group m-card is-layout-flow wp-block-group-is-layout-flow\">\n      <figure data-imgid=\"44233\" class=\"wp-block-image size-large\">\n      <a href=\"https:\/\/www.leeb-balkone.com\/ch\/ueber-leeb\/kundenreferenzen\/\" class=\"no-default-link\">\n        <img decoding=\"async\" width=\"768\" height=\"511\" src=\"https:\/\/www.leeb-balkone.com\/app\/uploads\/2020\/07\/balkongelaender-alu-design-genf-20-1-768x511.jpg\" class=\"attachment-medium_large size-medium_large\" alt=\"Modernes Balkongel\u00e4nder aus Aluminium in zeitloser Optik - Alubalkon Alu Design Genf\" title=\"Kundenreferenzen\" loading=\"lazy\" srcset=\"https:\/\/www.leeb-balkone.com\/app\/uploads\/2020\/07\/balkongelaender-alu-design-genf-20-1-768x511.jpg 768w, https:\/\/www.leeb-balkone.com\/app\/uploads\/2020\/07\/balkongelaender-alu-design-genf-20-1-300x200.jpg 300w, https:\/\/www.leeb-balkone.com\/app\/uploads\/2020\/07\/balkongelaender-alu-design-genf-20-1-1024x681.jpg 1024w, https:\/\/www.leeb-balkone.com\/app\/uploads\/2020\/07\/balkongelaender-alu-design-genf-20-1-1536x1022.jpg 1536w, https:\/\/www.leeb-balkone.com\/app\/uploads\/2020\/07\/balkongelaender-alu-design-genf-20-1-2048x1363.jpg 2048w\" sizes=\"auto, (min-width: 1200px) 360px, (min-width: 1024px) 300px, (min-width: 640px) 768px, 768px\" \/>      <\/a>\n    <\/figure>\n  \n  <div class=\"wp-block-group m-card-content is-vertical is-layout-flex wp-block-group-is-layout-flex\">\n            <h3 class=\"wp-block-heading\">\n          <a href=\"https:\/\/www.leeb-balkone.com\/ch\/ueber-leeb\/kundenreferenzen\/\" class=\"no-default-link\">Kundenreferenzen<\/a>\n        <\/h3>\n        <p>\u00dcber 60 Jahre Erfahrung und mehr als 100.000 Kunden in \u00d6sterreich, Deutschland, Italien, Frankreich und der Schweiz haben uns zum f\u00fchrenden Spezialisten f\u00fcr Balkone und Z\u00e4une gemacht. <\/p>\n          <a href=\"https:\/\/www.leeb-balkone.com\/ch\/ueber-leeb\/kundenreferenzen\/\" class=\"more\">Kundenreferenzen<\/a>\n      <\/div>\n<\/div>\n\n          <div class=\"wp-block-group m-card is-layout-flow wp-block-group-is-layout-flow\">\n      <figure data-imgid=\"44738\" class=\"wp-block-image size-large\">\n      <a href=\"https:\/\/www.leeb-balkone.com\/ch\/vertriebspartner\/\" class=\"no-default-link\">\n        <img decoding=\"async\" width=\"768\" height=\"575\" src=\"https:\/\/www.leeb-balkone.com\/app\/uploads\/2020\/12\/firma-leeb-balkone-zentrale-gnesau-768x575.jpg\" class=\"attachment-medium_large size-medium_large\" alt=\"Firmenzentrale Leeb Balkone GmbH in Gnesau\" title=\"Leeb-Standorte\" loading=\"lazy\" srcset=\"https:\/\/www.leeb-balkone.com\/app\/uploads\/2020\/12\/firma-leeb-balkone-zentrale-gnesau-768x575.jpg 768w, https:\/\/www.leeb-balkone.com\/app\/uploads\/2020\/12\/firma-leeb-balkone-zentrale-gnesau-300x225.jpg 300w, https:\/\/www.leeb-balkone.com\/app\/uploads\/2020\/12\/firma-leeb-balkone-zentrale-gnesau-1024x767.jpg 1024w, https:\/\/www.leeb-balkone.com\/app\/uploads\/2020\/12\/firma-leeb-balkone-zentrale-gnesau-1536x1151.jpg 1536w, https:\/\/www.leeb-balkone.com\/app\/uploads\/2020\/12\/firma-leeb-balkone-zentrale-gnesau-2048x1535.jpg 2048w\" sizes=\"auto, (min-width: 1200px) 360px, (min-width: 1024px) 300px, (min-width: 640px) 768px, 768px\" \/>      <\/a>\n    <\/figure>\n  \n  <div class=\"wp-block-group m-card-content is-vertical is-layout-flex wp-block-group-is-layout-flex\">\n            <h3 class=\"wp-block-heading\">\n          <a href=\"https:\/\/www.leeb-balkone.com\/ch\/vertriebspartner\/\" class=\"no-default-link\">Leeb-Standorte<\/a>\n        <\/h3>\n        <p>Unser Vertriebsnetz umfasst rund 100 Leeb-Partner in \u00d6sterreich, Deutschland, Italien, der Schweiz, der Slowakei und Slowenien. Ein Leeb-Partner ist immer in Ihrer N\u00e4he!<\/p>\n          <a href=\"https:\/\/www.leeb-balkone.com\/ch\/vertriebspartner\/\" class=\"more\">Vertriebspartner finden<\/a>\n      <\/div>\n<\/div>\n\n          <div class=\"wp-block-group m-card is-layout-flow wp-block-group-is-layout-flow\">\n      <figure data-imgid=\"12301\" class=\"wp-block-image size-large\">\n      <a href=\"https:\/\/www.leeb-balkone.com\/ch\/technik\/vacu-protect\/\" class=\"no-default-link\">\n        <img decoding=\"async\" width=\"700\" height=\"500\" src=\"https:\/\/www.leeb-balkone.com\/app\/uploads\/2020\/04\/slider_vacuprotectnaked_700x500-1.png\" class=\"attachment-medium_large size-medium_large\" alt=\"slider_vacuprotectnaked_700x500 1\" title=\"VACU-PROTECT\u00ae Impr\u00e4gnierung\" loading=\"lazy\" srcset=\"https:\/\/www.leeb-balkone.com\/app\/uploads\/2020\/04\/slider_vacuprotectnaked_700x500-1.png 700w, https:\/\/www.leeb-balkone.com\/app\/uploads\/2020\/04\/slider_vacuprotectnaked_700x500-1-300x214.png 300w\" sizes=\"auto, (min-width: 1200px) 360px, (min-width: 1024px) 300px, (min-width: 640px) 768px, 768px\" \/>      <\/a>\n    <\/figure>\n  \n  <div class=\"wp-block-group m-card-content is-vertical is-layout-flex wp-block-group-is-layout-flex\">\n            <h3 class=\"wp-block-heading\">\n          <a href=\"https:\/\/www.leeb-balkone.com\/ch\/technik\/vacu-protect\/\" class=\"no-default-link\">VACU-PROTECT\u00ae Impr\u00e4gnierung<\/a>\n        <\/h3>\n        <p>Bei VACU-PROTECT\u00ae werden alle Bauteile im Doppelvakuum tiefenimpr\u00e4gniert. Die Wirkstoffe gelangen so ins Holzinnere und werden dort f\u00fcr die gesamte Lebensdauer Ihres Balkons gebunden.<\/p>\n          <a href=\"https:\/\/www.leeb-balkone.com\/ch\/technik\/vacu-protect\/\" class=\"more\">mehr erfahren<\/a>\n      <\/div>\n<\/div>\n\n          <div class=\"wp-block-group m-card is-layout-flow wp-block-group-is-layout-flow\">\n      <figure data-imgid=\"134742\" class=\"wp-block-image size-large\">\n      <a href=\"https:\/\/www.leeb-balkone.com\/ch\/ueber-leeb\/zertifizierte-qualitaet\/\" class=\"no-default-link\">\n        <img decoding=\"async\" width=\"768\" height=\"576\" src=\"https:\/\/www.leeb-balkone.com\/app\/uploads\/2024\/01\/Austria-Guetezeichen-768x576.jpg\" class=\"attachment-medium_large size-medium_large\" alt=\"Austria Guetezeichen\" title=\"Zertifizierte Qualit\u00e4t\" loading=\"lazy\" srcset=\"https:\/\/www.leeb-balkone.com\/app\/uploads\/2024\/01\/Austria-Guetezeichen-768x576.jpg 768w, https:\/\/www.leeb-balkone.com\/app\/uploads\/2024\/01\/Austria-Guetezeichen-300x225.jpg 300w, https:\/\/www.leeb-balkone.com\/app\/uploads\/2024\/01\/Austria-Guetezeichen-1024x767.jpg 1024w, https:\/\/www.leeb-balkone.com\/app\/uploads\/2024\/01\/Austria-Guetezeichen-1536x1151.jpg 1536w, https:\/\/www.leeb-balkone.com\/app\/uploads\/2024\/01\/Austria-Guetezeichen.jpg 2000w\" sizes=\"auto, (min-width: 1200px) 360px, (min-width: 1024px) 300px, (min-width: 640px) 768px, 768px\" \/>      <\/a>\n    <\/figure>\n  \n  <div class=\"wp-block-group m-card-content is-vertical is-layout-flex wp-block-group-is-layout-flex\">\n            <h3 class=\"wp-block-heading\">\n          <a href=\"https:\/\/www.leeb-balkone.com\/ch\/ueber-leeb\/zertifizierte-qualitaet\/\" class=\"no-default-link\">Zertifizierte Qualit\u00e4t<\/a>\n        <\/h3>\n        <p>Stetige Weiterentwicklung unserer Arbeitsprozesse und Produkte zeichnen die Qualit\u00e4t von Leeb aus. \u00dcberzeugen Sie sich selbst \u2013 mit uns investieren Sie in eine sichere Zukunft!<\/p>\n          <a href=\"https:\/\/www.leeb-balkone.com\/ch\/ueber-leeb\/zertifizierte-qualitaet\/\" class=\"more\">mehr erfahren<\/a>\n      <\/div>\n<\/div>\n\n      \n<\/div>\n\n\n\n<p><\/p>\n<\/div><\/div><\/div><\/div>\n<\/section>\n\n\n","protected":false},"excerpt":{"rendered":"","protected":false},"author":1,"featured_media":0,"parent":19429,"menu_order":5,"comment_status":"closed","ping_status":"closed","template":"template-onepager.blade.php","meta":{"_acf_changed":false,"footnotes":"","_sage_theme_css":true,"_wp_block_core_css":false},"folder":[],"class_list":["post-19463","page","type-page","status-publish","hentry"],"acf":[],"yoast_head":"<!-- This site is optimized with the Yoast SEO plugin v27.2 - https:\/\/yoast.com\/product\/yoast-seo-wordpress\/ -->\n<title>Konstruktiver Holzschutz f\u00fcr Holzbalkone - Leeb Balkone Schweiz<\/title>\n<meta name=\"description\" content=\"Langlebige Holzbalkone durch konstruktiven Schutz \u2713 Schutz vor Feuchtigkeit &amp; F\u00e4ulnis *** LEEB Balkone ist Europas Nr. 1 \u2013 Jetzt Holz-Experten vertrauen!\" \/>\n<meta name=\"robots\" content=\"index, follow, max-snippet:-1, max-image-preview:large, max-video-preview:-1\" \/>\n<meta property=\"og:locale\" content=\"de_DE\" \/>\n<meta property=\"og:type\" content=\"article\" \/>\n<meta property=\"og:title\" content=\"Konstruktiver Holzschutz f\u00fcr Holzbalkone - Leeb Balkone\" \/>\n<meta property=\"og:description\" content=\"Langlebige Holzbalkone durch konstruktiven Schutz \u2713 Schutz vor Feuchtigkeit &amp; F\u00e4ulnis *** LEEB Balkone ist Europas Nr. 1 \u2013 Jetzt Holz-Experten vertrauen!\" \/>\n<meta property=\"og:url\" content=\"https:\/\/www.leeb-balkone.com\/ch\/technik\/holzschutz\/\" \/>\n<meta property=\"og:site_name\" content=\"Leeb Balkone\" \/>\n<meta property=\"article:publisher\" content=\"https:\/\/www.facebook.com\/balkone\/\" \/>\n<meta property=\"article:modified_time\" content=\"2025-12-26T17:30:11+00:00\" \/>\n<meta property=\"og:image\" content=\"https:\/\/www.leeb-balkone.com\/app\/uploads\/2020\/09\/alu-balkongelaender-zufriedene-kunden-1.jpg\" \/>\n\t<meta property=\"og:image:width\" content=\"2560\" \/>\n\t<meta property=\"og:image:height\" content=\"1762\" \/>\n\t<meta property=\"og:image:type\" content=\"image\/jpeg\" \/>\n<meta name=\"twitter:card\" content=\"summary_large_image\" \/>\n<script type=\"application\/ld+json\" class=\"yoast-schema-graph\">{\"@context\":\"https:\/\/schema.org\",\"@graph\":[{\"@type\":\"WebPage\",\"@id\":\"https:\/\/www.leeb-balkone.com\/ch\/technik\/holzschutz\/\",\"url\":\"https:\/\/www.leeb-balkone.com\/ch\/technik\/holzschutz\/\",\"name\":\"Konstruktiver Holzschutz f\u00fcr Holzbalkone - Leeb Balkone\",\"isPartOf\":{\"@id\":\"https:\/\/www.leeb-balkone.com\/ch\/#website\"},\"datePublished\":\"2020-09-08T08:00:56+00:00\",\"dateModified\":\"2025-12-26T17:30:11+00:00\",\"description\":\"Langlebige Holzbalkone durch konstruktiven Schutz \u2713 Schutz vor Feuchtigkeit & F\u00e4ulnis *** LEEB Balkone ist Europas Nr. 1 \u2013 Jetzt Holz-Experten vertrauen!\",\"breadcrumb\":{\"@id\":\"https:\/\/www.leeb-balkone.com\/ch\/technik\/holzschutz\/#breadcrumb\"},\"inLanguage\":\"de-CH\",\"potentialAction\":[{\"@type\":\"ReadAction\",\"target\":[\"https:\/\/www.leeb-balkone.com\/ch\/technik\/holzschutz\/\"]}]},{\"@type\":\"BreadcrumbList\",\"@id\":\"https:\/\/www.leeb-balkone.com\/ch\/technik\/holzschutz\/#breadcrumb\",\"itemListElement\":[{\"@type\":\"ListItem\",\"position\":1,\"name\":\"Home\",\"item\":\"https:\/\/www.leeb-balkone.com\/ch\/\"},{\"@type\":\"ListItem\",\"position\":2,\"name\":\"Technik\",\"item\":\"https:\/\/www.leeb-balkone.com\/ch\/technik\/\"},{\"@type\":\"ListItem\",\"position\":3,\"name\":\"Konstruktiver Holzschutz\"}]},{\"@type\":\"WebSite\",\"@id\":\"https:\/\/www.leeb-balkone.com\/ch\/#website\",\"url\":\"https:\/\/www.leeb-balkone.com\/ch\/\",\"name\":\"Leeb Balkone\",\"description\":\"Balkone und Z\u00e4une\",\"publisher\":{\"@id\":\"https:\/\/www.leeb-balkone.com\/ch\/#organization\"},\"potentialAction\":[{\"@type\":\"SearchAction\",\"target\":{\"@type\":\"EntryPoint\",\"urlTemplate\":\"https:\/\/www.leeb-balkone.com\/ch\/?s={search_term_string}\"},\"query-input\":{\"@type\":\"PropertyValueSpecification\",\"valueRequired\":true,\"valueName\":\"search_term_string\"}}],\"inLanguage\":\"de-CH\"},{\"@type\":\"Organization\",\"@id\":\"https:\/\/www.leeb-balkone.com\/ch\/#organization\",\"name\":\"Leeb Balkone Gmbh\",\"url\":\"https:\/\/www.leeb-balkone.com\/ch\/\",\"logo\":{\"@type\":\"ImageObject\",\"inLanguage\":\"de-CH\",\"@id\":\"https:\/\/www.leeb-balkone.com\/ch\/#\/schema\/logo\/image\/\",\"url\":\"https:\/\/www.leeb-balkone.com\/app\/uploads\/2020\/11\/leeb-logo.svg\",\"contentUrl\":\"https:\/\/www.leeb-balkone.com\/app\/uploads\/2020\/11\/leeb-logo.svg\",\"width\":741,\"height\":204,\"caption\":\"Leeb Balkone Gmbh\"},\"image\":{\"@id\":\"https:\/\/www.leeb-balkone.com\/ch\/#\/schema\/logo\/image\/\"},\"sameAs\":[\"https:\/\/www.facebook.com\/balkone\/\",\"https:\/\/www.trustedshops.at\/bewertung\/info_X4587CCF5833E31AFE0B11F47D86999F2.html\",\"https:\/\/www.trustedshops.de\/bewertung\/info_X7BA536A7A0BDC86D36C4718E4DCAEEEF.html\",\"https:\/\/www.google.com\/maps\/place\/?q=place_id:ChIJ5-zH19-IcEcR9HonWRTllHI\"]}]}<\/script>\n<!-- \/ Yoast SEO plugin. -->","yoast_head_json":{"title":"Konstruktiver Holzschutz f\u00fcr Holzbalkone - Leeb Balkone Schweiz","description":"Langlebige Holzbalkone durch konstruktiven Schutz \u2713 Schutz vor Feuchtigkeit & F\u00e4ulnis *** LEEB Balkone ist Europas Nr. 1 \u2013 Jetzt Holz-Experten vertrauen!","robots":{"index":"index","follow":"follow","max-snippet":"max-snippet:-1","max-image-preview":"max-image-preview:large","max-video-preview":"max-video-preview:-1"},"og_locale":"de_DE","og_type":"article","og_title":"Konstruktiver Holzschutz f\u00fcr Holzbalkone - Leeb Balkone","og_description":"Langlebige Holzbalkone durch konstruktiven Schutz \u2713 Schutz vor Feuchtigkeit & F\u00e4ulnis *** LEEB Balkone ist Europas Nr. 1 \u2013 Jetzt Holz-Experten vertrauen!","og_url":"https:\/\/www.leeb-balkone.com\/ch\/technik\/holzschutz\/","og_site_name":"Leeb Balkone","article_publisher":"https:\/\/www.facebook.com\/balkone\/","article_modified_time":"2025-12-26T17:30:11+00:00","og_image":[{"width":2560,"height":1762,"url":"https:\/\/www.leeb-balkone.com\/app\/uploads\/2020\/09\/alu-balkongelaender-zufriedene-kunden-1.jpg","type":"image\/jpeg"}],"twitter_card":"summary_large_image","schema":{"@context":"https:\/\/schema.org","@graph":[{"@type":"WebPage","@id":"https:\/\/www.leeb-balkone.com\/ch\/technik\/holzschutz\/","url":"https:\/\/www.leeb-balkone.com\/ch\/technik\/holzschutz\/","name":"Konstruktiver Holzschutz f\u00fcr Holzbalkone - Leeb Balkone","isPartOf":{"@id":"https:\/\/www.leeb-balkone.com\/ch\/#website"},"datePublished":"2020-09-08T08:00:56+00:00","dateModified":"2025-12-26T17:30:11+00:00","description":"Langlebige Holzbalkone durch konstruktiven Schutz \u2713 Schutz vor Feuchtigkeit & F\u00e4ulnis *** LEEB Balkone ist Europas Nr. 1 \u2013 Jetzt Holz-Experten vertrauen!","breadcrumb":{"@id":"https:\/\/www.leeb-balkone.com\/ch\/technik\/holzschutz\/#breadcrumb"},"inLanguage":"de-CH","potentialAction":[{"@type":"ReadAction","target":["https:\/\/www.leeb-balkone.com\/ch\/technik\/holzschutz\/"]}]},{"@type":"BreadcrumbList","@id":"https:\/\/www.leeb-balkone.com\/ch\/technik\/holzschutz\/#breadcrumb","itemListElement":[{"@type":"ListItem","position":1,"name":"Home","item":"https:\/\/www.leeb-balkone.com\/ch\/"},{"@type":"ListItem","position":2,"name":"Technik","item":"https:\/\/www.leeb-balkone.com\/ch\/technik\/"},{"@type":"ListItem","position":3,"name":"Konstruktiver Holzschutz"}]},{"@type":"WebSite","@id":"https:\/\/www.leeb-balkone.com\/ch\/#website","url":"https:\/\/www.leeb-balkone.com\/ch\/","name":"Leeb Balkone","description":"Balkone und Z\u00e4une","publisher":{"@id":"https:\/\/www.leeb-balkone.com\/ch\/#organization"},"potentialAction":[{"@type":"SearchAction","target":{"@type":"EntryPoint","urlTemplate":"https:\/\/www.leeb-balkone.com\/ch\/?s={search_term_string}"},"query-input":{"@type":"PropertyValueSpecification","valueRequired":true,"valueName":"search_term_string"}}],"inLanguage":"de-CH"},{"@type":"Organization","@id":"https:\/\/www.leeb-balkone.com\/ch\/#organization","name":"Leeb Balkone Gmbh","url":"https:\/\/www.leeb-balkone.com\/ch\/","logo":{"@type":"ImageObject","inLanguage":"de-CH","@id":"https:\/\/www.leeb-balkone.com\/ch\/#\/schema\/logo\/image\/","url":"https:\/\/www.leeb-balkone.com\/app\/uploads\/2020\/11\/leeb-logo.svg","contentUrl":"https:\/\/www.leeb-balkone.com\/app\/uploads\/2020\/11\/leeb-logo.svg","width":741,"height":204,"caption":"Leeb Balkone Gmbh"},"image":{"@id":"https:\/\/www.leeb-balkone.com\/ch\/#\/schema\/logo\/image\/"},"sameAs":["https:\/\/www.facebook.com\/balkone\/","https:\/\/www.trustedshops.at\/bewertung\/info_X4587CCF5833E31AFE0B11F47D86999F2.html","https:\/\/www.trustedshops.de\/bewertung\/info_X7BA536A7A0BDC86D36C4718E4DCAEEEF.html","https:\/\/www.google.com\/maps\/place\/?q=place_id:ChIJ5-zH19-IcEcR9HonWRTllHI"]}]}},"_links":{"self":[{"href":"https:\/\/www.leeb-balkone.com\/ch\/wp-json\/wp\/v2\/pages\/19463","targetHints":{"allow":["GET"]}}],"collection":[{"href":"https:\/\/www.leeb-balkone.com\/ch\/wp-json\/wp\/v2\/pages"}],"about":[{"href":"https:\/\/www.leeb-balkone.com\/ch\/wp-json\/wp\/v2\/types\/page"}],"author":[{"embeddable":true,"href":"https:\/\/www.leeb-balkone.com\/ch\/wp-json\/wp\/v2\/users\/1"}],"replies":[{"embeddable":true,"href":"https:\/\/www.leeb-balkone.com\/ch\/wp-json\/wp\/v2\/comments?post=19463"}],"version-history":[{"count":4,"href":"https:\/\/www.leeb-balkone.com\/ch\/wp-json\/wp\/v2\/pages\/19463\/revisions"}],"predecessor-version":[{"id":162540,"href":"https:\/\/www.leeb-balkone.com\/ch\/wp-json\/wp\/v2\/pages\/19463\/revisions\/162540"}],"up":[{"embeddable":true,"href":"https:\/\/www.leeb-balkone.com\/ch\/wp-json\/wp\/v2\/pages\/19429"}],"wp:attachment":[{"href":"https:\/\/www.leeb-balkone.com\/ch\/wp-json\/wp\/v2\/media?parent=19463"}],"wp:term":[{"taxonomy":"folder","embeddable":true,"href":"https:\/\/www.leeb-balkone.com\/ch\/wp-json\/wp\/v2\/folder?post=19463"}],"curies":[{"name":"wp","href":"https:\/\/api.w.org\/{rel}","templated":true}]}}