{"id":19429,"date":"2020-09-04T11:25:31","date_gmt":"2020-09-04T11:25:31","guid":{"rendered":"https:\/\/www.leeb-balkone.com\/de\/technik\/"},"modified":"2026-01-13T13:18:32","modified_gmt":"2026-01-13T13:18:32","slug":"technik","status":"publish","type":"page","link":"https:\/\/www.leeb-balkone.com\/ch\/technik\/","title":{"rendered":"Technik"},"content":{"rendered":"<header data-block_acf-block-694ebc617987f class=\"c-fh  l-mh-small c-fh--hero c-grad-l2r c-fh--div none\">\n      <img loading=\"lazy\" decoding=\"async\" width=\"2560\" height=\"1707\" src=\"https:\/\/www.leeb-balkone.com\/app\/uploads\/2020\/08\/alu-protection-system-scaled.jpg\" class=\"no-lazy\" alt=\"alu protection system\" srcset=\"https:\/\/www.leeb-balkone.com\/app\/uploads\/2020\/08\/alu-protection-system-scaled.jpg 2560w, https:\/\/www.leeb-balkone.com\/app\/uploads\/2020\/08\/alu-protection-system-300x200.jpg 300w, https:\/\/www.leeb-balkone.com\/app\/uploads\/2020\/08\/alu-protection-system-1024x683.jpg 1024w, https:\/\/www.leeb-balkone.com\/app\/uploads\/2020\/08\/alu-protection-system-768x512.jpg 768w, https:\/\/www.leeb-balkone.com\/app\/uploads\/2020\/08\/alu-protection-system-1536x1024.jpg 1536w, https:\/\/www.leeb-balkone.com\/app\/uploads\/2020\/08\/alu-protection-system-2048x1366.jpg 2048w\" sizes=\"auto, (min-width: 1536px) 2048px, (min-width: 992px) 1536px, (min-width: 768px) 1024px, (min-width: 576px) 768px, 100vw\" \/>\n\n\n<div class=\"grid-container\">\n  <div class=\"grid-x\">\n    <div class=\"cell small-12 medium-6 medium-offset-1\">\n      <div class=\"c-fh__wrapper\">\n                              <p>Technik und Innovation im Balkonbau<\/p>\n                        <\/div>\n    <\/div>\n  <\/div>\n<\/div>\n  \n    \n    <\/header>\n\n\n  \n  <section class=\"wp-block-group alignfull t3-header u-max-wide t3-header-text has-white-background-color has-background has-global-padding is-layout-constrained wp-block-group-is-layout-constrained\">\n    <div class=\"wp-block-group o-grid u-md-1 u-sm-1 is-layout-flow wp-block-group-is-layout-flow\">\n  <div class=\"wp-block-group u-g-10 u-g-s-2\">\n      <div class=\"yoast-breadcrumbs\"><span><span><a href=\"https:\/\/www.leeb-balkone.com\/ch\/\">Home<\/a><\/span><\/span><\/div>\n      \n    <h1>Technik<\/h1>\n  <\/div>\n<\/div>\n  <\/section>\n\n\n\n\n\n\n<section class=\"wp-block-cgb-t3-section-block alignfull b-pt-small b-pb-small is-style-bg-white\" style=\"display:inherit;min-height:inherit\">\n<div class=\"wp-block-cgb-t3-container-block none\" style=\"background-color:none\"><div class=\"grid-container\"><div class=\"grid-x\"><div class=\"cell small-12 medium-9 large-0 medium-offset-1 b-has-lsmb\">\n<h2 class=\"wp-block-heading\">Schutz durch patentierte Oberfl\u00e4chenbehandlung<\/h2>\n\n\n\n<p>Jede Innovation tr\u00e4gt dazu bei, dass die Sch\u00f6nheit Ihres Balkons mit einem deutlich geringeren Pflegeaufwand f\u00fcr lange Zeit erhalten bleibt. Unsere Aluminiumbalkone sind durch die patentierte ALU COMFORT\u00ae Pulverbeschichtung witterungsbest\u00e4ndiger und pflegeleichter. F\u00fcr Holzbalkone haben wir mit VACU-PROTECT\u00ae einen spezielles Impr\u00e4gnierungsverfahren entwickelt. F\u00fcr sch\u00f6ne Optik und Formstabilit\u00e4t ist gesorgt. <\/p>\n\n\n\n<p>Egal wof\u00fcr Sie sich entscheiden \u2013 alle Balkone aus Holz oder Alu werden millimetergenau gefertigt und in unserer Produktionsst\u00e4tte gr\u00fcndlich veredelt. Anschlie\u00dfend werden unsere Balkone aus Alu und Holz gut verpackt geliefert und sorgsam von unseren Profis montiert.<\/p>\n<\/div><\/div><\/div><\/div>\n\n\n\n<div class=\"wp-block-cgb-t3-container-block none\" style=\"background-color:none\"><div class=\"grid-container\"><div class=\"grid-x\"><div class=\"cell small-12 medium-0 large-0 b-has-pt\"><div data-block_acf-block-694ebc61798c1 class=\"wp-block-group is-style-transparent-cards u-grid-temp has-2-cols u-md-2 u-sm-1 cards alignwide offset \" style=\"margin-bottom:var(--wp--preset--spacing--xl)\">\n\n\n            <div class=\"wp-block-group m-card is-layout-flow wp-block-group-is-layout-flow\">\n      <figure data-imgid=\"12199\" class=\"wp-block-image size-large\">\n      <a href=\"https:\/\/www.leeb-balkone.com\/ch\/technik\/alu-comfort-plus\/\"  class=\"no-default-link\">\n        <img decoding=\"async\" width=\"1024\" height=\"665\" src=\"https:\/\/www.leeb-balkone.com\/app\/uploads\/2020\/08\/alu-comfort-plus-1024x665.jpg\" class=\"attachment-large size-large\" alt=\"alu comfort plus\" title=\"\" loading=\"lazy\" srcset=\"https:\/\/www.leeb-balkone.com\/app\/uploads\/2020\/08\/alu-comfort-plus-1024x665.jpg 1024w, https:\/\/www.leeb-balkone.com\/app\/uploads\/2020\/08\/alu-comfort-plus-300x195.jpg 300w, https:\/\/www.leeb-balkone.com\/app\/uploads\/2020\/08\/alu-comfort-plus-768x499.jpg 768w, https:\/\/www.leeb-balkone.com\/app\/uploads\/2020\/08\/alu-comfort-plus-1536x997.jpg 1536w, https:\/\/www.leeb-balkone.com\/app\/uploads\/2020\/08\/alu-comfort-plus-2048x1330.jpg 2048w\" sizes=\"auto, (min-width: 1200px) 1024px, (min-width: 1024px) 768px, (min-width: 640px) 768px, 768px\" \/>      <\/a>\n    <\/figure>\n  \n  <div class=\"wp-block-group m-card-content is-vertical is-layout-flex wp-block-group-is-layout-flex\">\n            <h3 class=\"wp-block-heading\">\n          <a href=\"https:\/\/www.leeb-balkone.com\/ch\/technik\/alu-comfort-plus\/\" class=\"no-default-link\" >ALU Comfort Plus<\/a>\n        <\/h3>\n        <p>Die einzigartige ALU COMFORT PLUS\u00ae Oberfl\u00e4che mit Lotus-Effekt ist das Ergebnis st\u00e4tiger Weiterentwicklung. Eine hochmoderne Pulverbeschichtungsanlage, st\u00e4ndige Qualit\u00e4tskontrollen und hohes Fachwissen garantieren europaweite Spitzenprodukte.<\/p>\n          <a href=\"https:\/\/www.leeb-balkone.com\/ch\/technik\/alu-comfort-plus\/\" class=\"more\">weiterlesen<\/a>\n      <\/div>\n<\/div>\n\n\n          <div class=\"wp-block-group m-card is-layout-flow wp-block-group-is-layout-flow\">\n      <figure data-imgid=\"12301\" class=\"wp-block-image size-large\">\n      <a href=\"https:\/\/www.leeb-balkone.com\/ch\/technik\/vacu-protect\/\"  class=\"no-default-link\">\n        <img decoding=\"async\" width=\"700\" height=\"500\" src=\"https:\/\/www.leeb-balkone.com\/app\/uploads\/2020\/04\/slider_vacuprotectnaked_700x500-1.png\" class=\"attachment-large size-large\" alt=\"slider_vacuprotectnaked_700x500 1\" title=\"\" loading=\"lazy\" srcset=\"https:\/\/www.leeb-balkone.com\/app\/uploads\/2020\/04\/slider_vacuprotectnaked_700x500-1.png 700w, https:\/\/www.leeb-balkone.com\/app\/uploads\/2020\/04\/slider_vacuprotectnaked_700x500-1-300x214.png 300w\" sizes=\"auto, (min-width: 1200px) 1024px, (min-width: 1024px) 768px, (min-width: 640px) 768px, 768px\" \/>      <\/a>\n    <\/figure>\n  \n  <div class=\"wp-block-group m-card-content is-vertical is-layout-flex wp-block-group-is-layout-flex\">\n            <h3 class=\"wp-block-heading\">\n          <a href=\"https:\/\/www.leeb-balkone.com\/ch\/technik\/vacu-protect\/\" class=\"no-default-link\" >Vacu Protect<\/a>\n        <\/h3>\n        <p>Damit die Lebensdauer Ihres Balkones erh\u00f6ht wird, gibt es das VACU-PROTECT\u00ae Impr\u00e4gnierungsverfahren. Alle Bauteile werden tiefenimpr\u00e4gniert und versprechen somit perfekten Holzschutz und Top-Optik f\u00fcr Ihren Holzbalkon.<\/p>\n          <a href=\"https:\/\/www.leeb-balkone.com\/ch\/technik\/vacu-protect\/\" class=\"more\">weiterlesen<\/a>\n      <\/div>\n<\/div>\n\n\n          <div class=\"wp-block-group m-card is-layout-flow wp-block-group-is-layout-flow\">\n      <figure data-imgid=\"12200\" class=\"wp-block-image size-large\">\n      <a href=\"https:\/\/www.leeb-balkone.com\/ch\/technik\/aluminium\/\"  class=\"no-default-link\">\n        <img decoding=\"async\" width=\"1024\" height=\"683\" src=\"https:\/\/www.leeb-balkone.com\/app\/uploads\/2020\/08\/alu-protection-system-1024x683.jpg\" class=\"attachment-large size-large\" alt=\"alu protection system\" title=\"\" loading=\"lazy\" srcset=\"https:\/\/www.leeb-balkone.com\/app\/uploads\/2020\/08\/alu-protection-system-1024x683.jpg 1024w, https:\/\/www.leeb-balkone.com\/app\/uploads\/2020\/08\/alu-protection-system-300x200.jpg 300w, https:\/\/www.leeb-balkone.com\/app\/uploads\/2020\/08\/alu-protection-system-768x512.jpg 768w, https:\/\/www.leeb-balkone.com\/app\/uploads\/2020\/08\/alu-protection-system-1536x1024.jpg 1536w, https:\/\/www.leeb-balkone.com\/app\/uploads\/2020\/08\/alu-protection-system-2048x1366.jpg 2048w\" sizes=\"auto, (min-width: 1200px) 1024px, (min-width: 1024px) 768px, (min-width: 640px) 768px, 768px\" \/>      <\/a>\n    <\/figure>\n  \n  <div class=\"wp-block-group m-card-content is-vertical is-layout-flex wp-block-group-is-layout-flex\">\n            <h3 class=\"wp-block-heading\">\n          <a href=\"https:\/\/www.leeb-balkone.com\/ch\/technik\/aluminium\/\" class=\"no-default-link\" >Aluminium<\/a>\n        <\/h3>\n        <p>Eine klare Linienf\u00fchrung, stabile Eckrahmenkonstruktion, Softline-Kanten und die innovative Pulverbeschichtung ALU COMFORT\u00ae machen alle Leeb-Produkte aus Aluminium nahezu pflege- und wartungsfrei. Die vielf\u00e4ltige Alu-Gestaltungsvarianten lassen kaum W\u00fcnsche nach Individualit\u00e4t offen.<\/p>\n          <a href=\"https:\/\/www.leeb-balkone.com\/ch\/technik\/aluminium\/\" class=\"more\">weiterlesen<\/a>\n      <\/div>\n<\/div>\n\n\n          <div class=\"wp-block-group m-card is-layout-flow wp-block-group-is-layout-flow\">\n      <figure data-imgid=\"12203\" class=\"wp-block-image size-large\">\n      <a href=\"https:\/\/www.leeb-balkone.com\/ch\/technik\/holzschutz\/\"  class=\"no-default-link\">\n        <img decoding=\"async\" width=\"750\" height=\"500\" src=\"https:\/\/www.leeb-balkone.com\/app\/uploads\/2020\/08\/nockholz-beitragsbild.jpg\" class=\"attachment-large size-large\" alt=\"nockholz beitragsbild\" title=\"\" loading=\"lazy\" srcset=\"https:\/\/www.leeb-balkone.com\/app\/uploads\/2020\/08\/nockholz-beitragsbild.jpg 750w, https:\/\/www.leeb-balkone.com\/app\/uploads\/2020\/08\/nockholz-beitragsbild-300x200.jpg 300w\" sizes=\"auto, (min-width: 1200px) 1024px, (min-width: 1024px) 768px, (min-width: 640px) 768px, 768px\" \/>      <\/a>\n    <\/figure>\n  \n  <div class=\"wp-block-group m-card-content is-vertical is-layout-flex wp-block-group-is-layout-flex\">\n            <h3 class=\"wp-block-heading\">\n          <a href=\"https:\/\/www.leeb-balkone.com\/ch\/technik\/holzschutz\/\" class=\"no-default-link\" >Holzschutz<\/a>\n        <\/h3>\n        <p>Die Langlebigkeit des Leeb-Holzbalkons ist durch eine spezielle Bauweise gew\u00e4hrleistet. Die Konstruktion verspricht, dass kein Regenwasser ins Holz eindringt und das Wasser konstant ablaufen kann. Somit ist die lange Lebensdauer Ihres Balkones garantiert.<\/p>\n          <a href=\"https:\/\/www.leeb-balkone.com\/ch\/technik\/holzschutz\/\" class=\"more\">weiterlesen<\/a>\n      <\/div>\n<\/div>\n\n\n      <\/div>\n\n\n<\/div><\/div><\/div><\/div>\n<\/section>\n\n\n\n<section class=\"wp-block-cgb-t3-section-block alignfull b-pt-none\" style=\"display:inherit;background-color:#F5F5F5;min-height:inherit\"><\/section>\n\n\n\n<section class=\"wp-block-cgb-t3-section-block alignfull b-pt-none  is-style-bg-transparent\" style=\"display:inherit;min-height:inherit\">\n<div class=\"wp-block-cgb-t3-container-block b-has-offset-b\" style=\"background-color:#EE7203\"><div class=\"has-padding none grid-container-wrapper\"><div class=\"grid-container\"><div class=\"grid-x\"><div class=\"cell small-12 medium-10 large-0 medium-offset-1 b-has-lsmb\">\n<h2 class=\"has-white-color has-text-color wp-block-heading\"><span class=\"h2ash1\">Innovation mit Leeb Balkone <\/span><\/h2>\n\n\n\n<p class=\"has-white-color has-text-color\"><span class=\"teaser\">Alle unsere Balkone aus Holz oder Alu sind durch unsere patentierten Verfahren dauerhaft gesch\u00fctzt. Jede Innovation aus dem Hause Leeb tr\u00e4gt dazu bei, dass die Sch\u00f6nheit Ihres Balkons mit einem deutlich geringeren Pflegeaufwand f\u00fcr viele Jahre erhalten bleibt.<\/span> <\/p>\n<\/div><\/div><\/div><\/div><\/div>\n\n\n\n<div class=\"wp-block-cgb-t3-container-block none\" style=\"background-color:none\"><div class=\"grid-container\"><div class=\"grid-x\"><div class=\"cell small-12 medium-12 large-0\"><div class=\"u-grid-temp has-2-cols u-md-2 u-sm-1 is-style-transparent-cards offset wp-block-group is-layout-grid wp-block-group-is-layout-grid\">\n\n\n  \n\n            <div class=\"wp-block-group m-card is-layout-flow wp-block-group-is-layout-flow\">\n      <figure data-imgid=\"10933\" class=\"wp-block-image size-large\">\n      <a href=\"https:\/\/www.leeb-balkone.com\/ch\/technik\/alu-comfort-plus\/\" class=\"no-default-link\">\n        <img decoding=\"async\" width=\"768\" height=\"499\" src=\"https:\/\/www.leeb-balkone.com\/app\/uploads\/2020\/04\/shutterstock_4878571_red-768x499.jpg\" class=\"attachment-medium_large size-medium_large\" alt=\"Alu Comfort Plus - Patentierte Pulverbeschichtung mit Lotus Effekt von Leeb Balkone\" title=\"Alu Comfort Plus\u00ae\" loading=\"lazy\" srcset=\"https:\/\/www.leeb-balkone.com\/app\/uploads\/2020\/04\/shutterstock_4878571_red-768x499.jpg 768w, https:\/\/www.leeb-balkone.com\/app\/uploads\/2020\/04\/shutterstock_4878571_red-300x195.jpg 300w, https:\/\/www.leeb-balkone.com\/app\/uploads\/2020\/04\/shutterstock_4878571_red-1024x665.jpg 1024w, https:\/\/www.leeb-balkone.com\/app\/uploads\/2020\/04\/shutterstock_4878571_red-1536x997.jpg 1536w, https:\/\/www.leeb-balkone.com\/app\/uploads\/2020\/04\/shutterstock_4878571_red-2048x1330.jpg 2048w\" sizes=\"auto, (min-width: 1200px) 360px, (min-width: 1024px) 300px, (min-width: 640px) 768px, 768px\" \/>      <\/a>\n    <\/figure>\n  \n  <div class=\"wp-block-group m-card-content is-vertical is-layout-flex wp-block-group-is-layout-flex\">\n            <h3 class=\"wp-block-heading\">\n          <a href=\"https:\/\/www.leeb-balkone.com\/ch\/technik\/alu-comfort-plus\/\" class=\"no-default-link\">Alu Comfort Plus\u00ae<\/a>\n        <\/h3>\n        <p>Die einzigartige und patentierte ALU COMFORT PLUS\u00ae-Oberfl\u00e4che mit hocheffektivem Lotuseffekt ist die Essenz st\u00e4ndiger Innovationen.<\/p>\n          <a href=\"https:\/\/www.leeb-balkone.com\/ch\/technik\/alu-comfort-plus\/\" class=\"more\">mehr erfahren<\/a>\n      <\/div>\n<\/div>\n\n          <div class=\"wp-block-group m-card is-layout-flow wp-block-group-is-layout-flow\">\n      <figure data-imgid=\"44738\" class=\"wp-block-image size-large\">\n      <a href=\"https:\/\/www.leeb-balkone.com\/ch\/vertriebspartner\/\" class=\"no-default-link\">\n        <img decoding=\"async\" width=\"768\" height=\"575\" src=\"https:\/\/www.leeb-balkone.com\/app\/uploads\/2020\/12\/firma-leeb-balkone-zentrale-gnesau-768x575.jpg\" class=\"attachment-medium_large size-medium_large\" alt=\"Firmenzentrale Leeb Balkone GmbH in Gnesau\" title=\"Leeb-Standorte\" loading=\"lazy\" srcset=\"https:\/\/www.leeb-balkone.com\/app\/uploads\/2020\/12\/firma-leeb-balkone-zentrale-gnesau-768x575.jpg 768w, https:\/\/www.leeb-balkone.com\/app\/uploads\/2020\/12\/firma-leeb-balkone-zentrale-gnesau-300x225.jpg 300w, https:\/\/www.leeb-balkone.com\/app\/uploads\/2020\/12\/firma-leeb-balkone-zentrale-gnesau-1024x767.jpg 1024w, https:\/\/www.leeb-balkone.com\/app\/uploads\/2020\/12\/firma-leeb-balkone-zentrale-gnesau-1536x1151.jpg 1536w, https:\/\/www.leeb-balkone.com\/app\/uploads\/2020\/12\/firma-leeb-balkone-zentrale-gnesau-2048x1535.jpg 2048w\" sizes=\"auto, (min-width: 1200px) 360px, (min-width: 1024px) 300px, (min-width: 640px) 768px, 768px\" \/>      <\/a>\n    <\/figure>\n  \n  <div class=\"wp-block-group m-card-content is-vertical is-layout-flex wp-block-group-is-layout-flex\">\n            <h3 class=\"wp-block-heading\">\n          <a href=\"https:\/\/www.leeb-balkone.com\/ch\/vertriebspartner\/\" class=\"no-default-link\">Leeb-Standorte<\/a>\n        <\/h3>\n        <p>Unser Vertriebsnetz umfasst rund 100 Leeb-Partner in \u00d6sterreich, Deutschland, Italien, der Schweiz, der Slowakei und Slowenien. Ein Leeb-Partner ist immer in Ihrer N\u00e4he!<\/p>\n          <a href=\"https:\/\/www.leeb-balkone.com\/ch\/vertriebspartner\/\" class=\"more\">Vertriebspartner finden<\/a>\n      <\/div>\n<\/div>\n\n          <div class=\"wp-block-group m-card is-layout-flow wp-block-group-is-layout-flow\">\n      <figure data-imgid=\"12399\" class=\"wp-block-image size-large\">\n      <a href=\"https:\/\/www.leeb-balkone.com\/ch\/ueber-leeb\/\" class=\"no-default-link\">\n        <img decoding=\"async\" width=\"768\" height=\"512\" src=\"https:\/\/www.leeb-balkone.com\/app\/uploads\/2020\/08\/alu-balkongelaender-slider-15-768x512.jpg\" class=\"attachment-medium_large size-medium_large\" alt=\"alu balkongelaender slider 15\" title=\"\u00dcber Leeb\" loading=\"lazy\" srcset=\"https:\/\/www.leeb-balkone.com\/app\/uploads\/2020\/08\/alu-balkongelaender-slider-15-768x512.jpg 768w, https:\/\/www.leeb-balkone.com\/app\/uploads\/2020\/08\/alu-balkongelaender-slider-15-300x200.jpg 300w, https:\/\/www.leeb-balkone.com\/app\/uploads\/2020\/08\/alu-balkongelaender-slider-15-1024x683.jpg 1024w, https:\/\/www.leeb-balkone.com\/app\/uploads\/2020\/08\/alu-balkongelaender-slider-15-1536x1024.jpg 1536w, https:\/\/www.leeb-balkone.com\/app\/uploads\/2020\/08\/alu-balkongelaender-slider-15-2048x1366.jpg 2048w\" sizes=\"auto, (min-width: 1200px) 360px, (min-width: 1024px) 300px, (min-width: 640px) 768px, 768px\" \/>      <\/a>\n    <\/figure>\n  \n  <div class=\"wp-block-group m-card-content is-vertical is-layout-flex wp-block-group-is-layout-flex\">\n            <h3 class=\"wp-block-heading\">\n          <a href=\"https:\/\/www.leeb-balkone.com\/ch\/ueber-leeb\/\" class=\"no-default-link\">\u00dcber Leeb<\/a>\n        <\/h3>\n        <p>Mit \u00fcber 40-j\u00e4hriger Erfahrung in der Branche und mehr als 100.000 zufriedenen Kunden z\u00e4hlt die Firma Leeb Balkone zu Europas f\u00fchrenden Herstellern von Balkonen und Z\u00e4unen aus Aluminium.<\/p>\n          <a href=\"https:\/\/www.leeb-balkone.com\/ch\/ueber-leeb\/\" class=\"more\">mehr erfahren<\/a>\n      <\/div>\n<\/div>\n\n          <div class=\"wp-block-group m-card is-layout-flow wp-block-group-is-layout-flow\">\n      <figure data-imgid=\"134742\" class=\"wp-block-image size-large\">\n      <a href=\"https:\/\/www.leeb-balkone.com\/ch\/ueber-leeb\/zertifizierte-qualitaet\/\" class=\"no-default-link\">\n        <img decoding=\"async\" width=\"768\" height=\"576\" src=\"https:\/\/www.leeb-balkone.com\/app\/uploads\/2024\/01\/Austria-Guetezeichen-768x576.jpg\" class=\"attachment-medium_large size-medium_large\" alt=\"Austria Guetezeichen\" title=\"Zertifizierte Qualit\u00e4t\" loading=\"lazy\" srcset=\"https:\/\/www.leeb-balkone.com\/app\/uploads\/2024\/01\/Austria-Guetezeichen-768x576.jpg 768w, https:\/\/www.leeb-balkone.com\/app\/uploads\/2024\/01\/Austria-Guetezeichen-300x225.jpg 300w, https:\/\/www.leeb-balkone.com\/app\/uploads\/2024\/01\/Austria-Guetezeichen-1024x767.jpg 1024w, https:\/\/www.leeb-balkone.com\/app\/uploads\/2024\/01\/Austria-Guetezeichen-1536x1151.jpg 1536w, https:\/\/www.leeb-balkone.com\/app\/uploads\/2024\/01\/Austria-Guetezeichen.jpg 2000w\" sizes=\"auto, (min-width: 1200px) 360px, (min-width: 1024px) 300px, (min-width: 640px) 768px, 768px\" \/>      <\/a>\n    <\/figure>\n  \n  <div class=\"wp-block-group m-card-content is-vertical is-layout-flex wp-block-group-is-layout-flex\">\n            <h3 class=\"wp-block-heading\">\n          <a href=\"https:\/\/www.leeb-balkone.com\/ch\/ueber-leeb\/zertifizierte-qualitaet\/\" class=\"no-default-link\">Zertifizierte Qualit\u00e4t<\/a>\n        <\/h3>\n        <p>Stetige Weiterentwicklung unserer Arbeitsprozesse und Produkte zeichnen die Qualit\u00e4t von Leeb aus. \u00dcberzeugen Sie sich selbst \u2013 mit uns investieren Sie in eine sichere Zukunft!<\/p>\n          <a href=\"https:\/\/www.leeb-balkone.com\/ch\/ueber-leeb\/zertifizierte-qualitaet\/\" class=\"more\">mehr erfahren<\/a>\n      <\/div>\n<\/div>\n\n      \n<\/div>\n\n\n\n<p><\/p>\n<\/div><\/div><\/div><\/div>\n<\/section>\n\n\n\n<section class=\"wp-block-cgb-t3-section-block alignfull b-pt-none\" style=\"display:inherit;background-color:#F5F5F5;min-height:inherit\">\n<div class=\"wp-block-cgb-t3-container-block b-has-offset-h\" style=\"background-color:none\"><div class=\"grid-container\"><div class=\"grid-x\"><div class=\"cell small-12 medium-6 large-0 medium-offset-1\">\n<h2 class=\"wp-block-heading\" id=\"kontaktieren-sie-uns\">Kontaktieren Sie uns<\/h2>\n<\/div><\/div><\/div><\/div>\n\n\n\n<div class=\"wp-block-cgb-t3-container-block none b-has-pt\" style=\"background-color:none\"><div class=\"grid-container\"><div class=\"o-grid u-sm-1 u-md-1\"><div class=\"u-g-7 u-g-s-2\"><form action=\"https:\/\/www.leeb-balkone.com\/ch\/wp-json\/ws-form\/v1\/submit\" class=\"wsf-form wsf-form-canvas\" id=\"ws-form-1\" data-id=\"4\" data-instance-id=\"1\" method=\"POST\"><\/form>\n<\/div>\n    <div class=\"u-g-3 u-g-s-9\"><div class=\"t3-sidebar-buttons wp-block-buttons is-layout-flex wp-block-buttons-is-layout-flex\"><div class=\"wp-block-button is-style-fill icon-book icon-left\">\n                        <a class=\"wp-block-button__link has-secondary-color has-white-background-color has-text-color has-background has-link-color wp-element-button\" href=\"https:\/\/www.leeb-balkone.com\/ch\/kontakt\/katalog-anfordern\/\" style=\"box-shadow:var(--wp--preset--shadow--box-shadow)\">Katalog anfordern<\/a>\n                    <\/div><div class=\"wp-block-button is-style-fill icon-vp icon-left\">\n                        <a class=\"wp-block-button__link has-secondary-color has-white-background-color has-text-color has-background has-link-color wp-element-button\" href=\"https:\/\/www.leeb-balkone.com\/ch\/vertriebspartner\/\">Vertriebspartner finden <span class=\"sr-only\">Vertriebspartner Leeb Balkone Schweiz<\/span><\/a>\n                    <\/div><\/div>\n<\/div><\/div>\n\n\n<p><\/p>\n<\/div><\/div>\n<\/section>\n","protected":false},"excerpt":{"rendered":"","protected":false},"author":1,"featured_media":0,"parent":0,"menu_order":133,"comment_status":"closed","ping_status":"closed","template":"template-onepager.blade.php","meta":{"_acf_changed":false,"footnotes":"","_sage_theme_css":true,"_wp_block_core_css":false},"folder":[],"class_list":["post-19429","page","type-page","status-publish","hentry"],"acf":[],"yoast_head":"<!-- This site is optimized with the Yoast SEO plugin v27.2 - https:\/\/yoast.com\/product\/yoast-seo-wordpress\/ -->\n<title>Technik und Innovation im Balkonbau - Leeb Balkone Schweiz<\/title>\n<meta name=\"description\" content=\"Innovationen &amp; Patente f\u00fcr maximale Haltbarkeit \u2713 Vorsprung durch Technik *** LEEB Balkone ist Europas Nr. 1 \u2013 Jetzt technische Details entdecken!\" \/>\n<meta name=\"robots\" content=\"index, follow, max-snippet:-1, max-image-preview:large, max-video-preview:-1\" \/>\n<meta property=\"og:locale\" content=\"de_DE\" \/>\n<meta property=\"og:type\" content=\"article\" \/>\n<meta property=\"og:title\" content=\"Technik und Innovation im Balkonbau - Leeb Balkone\" \/>\n<meta property=\"og:description\" content=\"Innovationen &amp; Patente f\u00fcr maximale Haltbarkeit \u2713 Vorsprung durch Technik *** LEEB Balkone ist Europas Nr. 1 \u2013 Jetzt technische Details entdecken!\" \/>\n<meta property=\"og:url\" content=\"https:\/\/www.leeb-balkone.com\/ch\/technik\/\" \/>\n<meta property=\"og:site_name\" content=\"Leeb Balkone\" \/>\n<meta property=\"article:publisher\" content=\"https:\/\/www.facebook.com\/balkone\/\" \/>\n<meta property=\"article:modified_time\" content=\"2026-01-13T13:18:32+00:00\" \/>\n<meta property=\"og:image\" content=\"https:\/\/www.leeb-balkone.com\/app\/uploads\/2020\/09\/alu-balkongelaender-zufriedene-kunden-1.jpg\" \/>\n\t<meta property=\"og:image:width\" content=\"2560\" \/>\n\t<meta property=\"og:image:height\" content=\"1762\" \/>\n\t<meta property=\"og:image:type\" content=\"image\/jpeg\" \/>\n<meta name=\"twitter:card\" content=\"summary_large_image\" \/>\n<script type=\"application\/ld+json\" class=\"yoast-schema-graph\">{\"@context\":\"https:\/\/schema.org\",\"@graph\":[{\"@type\":\"WebPage\",\"@id\":\"https:\/\/www.leeb-balkone.com\/ch\/technik\/\",\"url\":\"https:\/\/www.leeb-balkone.com\/ch\/technik\/\",\"name\":\"Technik und Innovation im Balkonbau - Leeb Balkone\",\"isPartOf\":{\"@id\":\"https:\/\/www.leeb-balkone.com\/ch\/#website\"},\"datePublished\":\"2020-09-04T11:25:31+00:00\",\"dateModified\":\"2026-01-13T13:18:32+00:00\",\"description\":\"Innovationen & Patente f\u00fcr maximale Haltbarkeit \u2713 Vorsprung durch Technik *** LEEB Balkone ist Europas Nr. 1 \u2013 Jetzt technische Details entdecken!\",\"breadcrumb\":{\"@id\":\"https:\/\/www.leeb-balkone.com\/ch\/technik\/#breadcrumb\"},\"inLanguage\":\"de-CH\",\"potentialAction\":[{\"@type\":\"ReadAction\",\"target\":[\"https:\/\/www.leeb-balkone.com\/ch\/technik\/\"]}]},{\"@type\":\"BreadcrumbList\",\"@id\":\"https:\/\/www.leeb-balkone.com\/ch\/technik\/#breadcrumb\",\"itemListElement\":[{\"@type\":\"ListItem\",\"position\":1,\"name\":\"Home\",\"item\":\"https:\/\/www.leeb-balkone.com\/ch\/\"},{\"@type\":\"ListItem\",\"position\":2,\"name\":\"Technik\"}]},{\"@type\":\"WebSite\",\"@id\":\"https:\/\/www.leeb-balkone.com\/ch\/#website\",\"url\":\"https:\/\/www.leeb-balkone.com\/ch\/\",\"name\":\"Leeb Balkone\",\"description\":\"Balkone und Z\u00e4une\",\"publisher\":{\"@id\":\"https:\/\/www.leeb-balkone.com\/ch\/#organization\"},\"potentialAction\":[{\"@type\":\"SearchAction\",\"target\":{\"@type\":\"EntryPoint\",\"urlTemplate\":\"https:\/\/www.leeb-balkone.com\/ch\/?s={search_term_string}\"},\"query-input\":{\"@type\":\"PropertyValueSpecification\",\"valueRequired\":true,\"valueName\":\"search_term_string\"}}],\"inLanguage\":\"de-CH\"},{\"@type\":\"Organization\",\"@id\":\"https:\/\/www.leeb-balkone.com\/ch\/#organization\",\"name\":\"Leeb Balkone Gmbh\",\"url\":\"https:\/\/www.leeb-balkone.com\/ch\/\",\"logo\":{\"@type\":\"ImageObject\",\"inLanguage\":\"de-CH\",\"@id\":\"https:\/\/www.leeb-balkone.com\/ch\/#\/schema\/logo\/image\/\",\"url\":\"https:\/\/www.leeb-balkone.com\/app\/uploads\/2020\/11\/leeb-logo.svg\",\"contentUrl\":\"https:\/\/www.leeb-balkone.com\/app\/uploads\/2020\/11\/leeb-logo.svg\",\"width\":741,\"height\":204,\"caption\":\"Leeb Balkone Gmbh\"},\"image\":{\"@id\":\"https:\/\/www.leeb-balkone.com\/ch\/#\/schema\/logo\/image\/\"},\"sameAs\":[\"https:\/\/www.facebook.com\/balkone\/\",\"https:\/\/www.trustedshops.at\/bewertung\/info_X4587CCF5833E31AFE0B11F47D86999F2.html\",\"https:\/\/www.trustedshops.de\/bewertung\/info_X7BA536A7A0BDC86D36C4718E4DCAEEEF.html\",\"https:\/\/www.google.com\/maps\/place\/?q=place_id:ChIJ5-zH19-IcEcR9HonWRTllHI\"]}]}<\/script>\n<!-- \/ Yoast SEO plugin. -->","yoast_head_json":{"title":"Technik und Innovation im Balkonbau - Leeb Balkone Schweiz","description":"Innovationen & Patente f\u00fcr maximale Haltbarkeit \u2713 Vorsprung durch Technik *** LEEB Balkone ist Europas Nr. 1 \u2013 Jetzt technische Details entdecken!","robots":{"index":"index","follow":"follow","max-snippet":"max-snippet:-1","max-image-preview":"max-image-preview:large","max-video-preview":"max-video-preview:-1"},"og_locale":"de_DE","og_type":"article","og_title":"Technik und Innovation im Balkonbau - Leeb Balkone","og_description":"Innovationen & Patente f\u00fcr maximale Haltbarkeit \u2713 Vorsprung durch Technik *** LEEB Balkone ist Europas Nr. 1 \u2013 Jetzt technische Details entdecken!","og_url":"https:\/\/www.leeb-balkone.com\/ch\/technik\/","og_site_name":"Leeb Balkone","article_publisher":"https:\/\/www.facebook.com\/balkone\/","article_modified_time":"2026-01-13T13:18:32+00:00","og_image":[{"width":2560,"height":1762,"url":"https:\/\/www.leeb-balkone.com\/app\/uploads\/2020\/09\/alu-balkongelaender-zufriedene-kunden-1.jpg","type":"image\/jpeg"}],"twitter_card":"summary_large_image","schema":{"@context":"https:\/\/schema.org","@graph":[{"@type":"WebPage","@id":"https:\/\/www.leeb-balkone.com\/ch\/technik\/","url":"https:\/\/www.leeb-balkone.com\/ch\/technik\/","name":"Technik und Innovation im Balkonbau - Leeb Balkone","isPartOf":{"@id":"https:\/\/www.leeb-balkone.com\/ch\/#website"},"datePublished":"2020-09-04T11:25:31+00:00","dateModified":"2026-01-13T13:18:32+00:00","description":"Innovationen & Patente f\u00fcr maximale Haltbarkeit \u2713 Vorsprung durch Technik *** LEEB Balkone ist Europas Nr. 1 \u2013 Jetzt technische Details entdecken!","breadcrumb":{"@id":"https:\/\/www.leeb-balkone.com\/ch\/technik\/#breadcrumb"},"inLanguage":"de-CH","potentialAction":[{"@type":"ReadAction","target":["https:\/\/www.leeb-balkone.com\/ch\/technik\/"]}]},{"@type":"BreadcrumbList","@id":"https:\/\/www.leeb-balkone.com\/ch\/technik\/#breadcrumb","itemListElement":[{"@type":"ListItem","position":1,"name":"Home","item":"https:\/\/www.leeb-balkone.com\/ch\/"},{"@type":"ListItem","position":2,"name":"Technik"}]},{"@type":"WebSite","@id":"https:\/\/www.leeb-balkone.com\/ch\/#website","url":"https:\/\/www.leeb-balkone.com\/ch\/","name":"Leeb Balkone","description":"Balkone und Z\u00e4une","publisher":{"@id":"https:\/\/www.leeb-balkone.com\/ch\/#organization"},"potentialAction":[{"@type":"SearchAction","target":{"@type":"EntryPoint","urlTemplate":"https:\/\/www.leeb-balkone.com\/ch\/?s={search_term_string}"},"query-input":{"@type":"PropertyValueSpecification","valueRequired":true,"valueName":"search_term_string"}}],"inLanguage":"de-CH"},{"@type":"Organization","@id":"https:\/\/www.leeb-balkone.com\/ch\/#organization","name":"Leeb Balkone Gmbh","url":"https:\/\/www.leeb-balkone.com\/ch\/","logo":{"@type":"ImageObject","inLanguage":"de-CH","@id":"https:\/\/www.leeb-balkone.com\/ch\/#\/schema\/logo\/image\/","url":"https:\/\/www.leeb-balkone.com\/app\/uploads\/2020\/11\/leeb-logo.svg","contentUrl":"https:\/\/www.leeb-balkone.com\/app\/uploads\/2020\/11\/leeb-logo.svg","width":741,"height":204,"caption":"Leeb Balkone Gmbh"},"image":{"@id":"https:\/\/www.leeb-balkone.com\/ch\/#\/schema\/logo\/image\/"},"sameAs":["https:\/\/www.facebook.com\/balkone\/","https:\/\/www.trustedshops.at\/bewertung\/info_X4587CCF5833E31AFE0B11F47D86999F2.html","https:\/\/www.trustedshops.de\/bewertung\/info_X7BA536A7A0BDC86D36C4718E4DCAEEEF.html","https:\/\/www.google.com\/maps\/place\/?q=place_id:ChIJ5-zH19-IcEcR9HonWRTllHI"]}]}},"_links":{"self":[{"href":"https:\/\/www.leeb-balkone.com\/ch\/wp-json\/wp\/v2\/pages\/19429","targetHints":{"allow":["GET"]}}],"collection":[{"href":"https:\/\/www.leeb-balkone.com\/ch\/wp-json\/wp\/v2\/pages"}],"about":[{"href":"https:\/\/www.leeb-balkone.com\/ch\/wp-json\/wp\/v2\/types\/page"}],"author":[{"embeddable":true,"href":"https:\/\/www.leeb-balkone.com\/ch\/wp-json\/wp\/v2\/users\/1"}],"replies":[{"embeddable":true,"href":"https:\/\/www.leeb-balkone.com\/ch\/wp-json\/wp\/v2\/comments?post=19429"}],"version-history":[{"count":3,"href":"https:\/\/www.leeb-balkone.com\/ch\/wp-json\/wp\/v2\/pages\/19429\/revisions"}],"predecessor-version":[{"id":162511,"href":"https:\/\/www.leeb-balkone.com\/ch\/wp-json\/wp\/v2\/pages\/19429\/revisions\/162511"}],"wp:attachment":[{"href":"https:\/\/www.leeb-balkone.com\/ch\/wp-json\/wp\/v2\/media?parent=19429"}],"wp:term":[{"taxonomy":"folder","embeddable":true,"href":"https:\/\/www.leeb-balkone.com\/ch\/wp-json\/wp\/v2\/folder?post=19429"}],"curies":[{"name":"wp","href":"https:\/\/api.w.org\/{rel}","templated":true}]}}