{"id":17354,"date":"2020-08-26T13:42:26","date_gmt":"2020-08-26T13:42:26","guid":{"rendered":"https:\/\/www.leeb-balkone.com\/de\/kontakt\/kontaktformular\/"},"modified":"2026-04-21T17:07:31","modified_gmt":"2026-04-21T17:07:31","slug":"kontakt","status":"publish","type":"page","link":"https:\/\/www.leeb-balkone.com\/ch\/kontakt\/","title":{"rendered":"Kontakt"},"content":{"rendered":"<header data-block_acf-block-69e7aed0ee3a0 class=\"c-fh  l-mh-small c-fh--hero c-grad-l2r c-fh--div none\">\n      <img loading=\"lazy\" decoding=\"async\" width=\"1920\" height=\"599\" src=\"https:\/\/www.leeb-balkone.com\/app\/uploads\/2020\/09\/balkon-alu-header-3.jpg\" class=\"no-lazy\" alt=\"balkon alu header 3\" srcset=\"https:\/\/www.leeb-balkone.com\/app\/uploads\/2020\/09\/balkon-alu-header-3-300x94.jpg 300w, https:\/\/www.leeb-balkone.com\/app\/uploads\/2020\/09\/balkon-alu-header-3-1024x319.jpg 1024w, https:\/\/www.leeb-balkone.com\/app\/uploads\/2020\/09\/balkon-alu-header-3-768x240.jpg 768w, https:\/\/www.leeb-balkone.com\/app\/uploads\/2020\/09\/balkon-alu-header-3-1536x479.jpg 1536w\" sizes=\"auto, (min-width: 1536px) 2048px, (min-width: 992px) 1536px, (min-width: 768px) 1024px, (min-width: 576px) 768px, 100vw\" \/>\n\n\n<div class=\"grid-container\">\n  <div class=\"grid-x\">\n    <div class=\"cell small-12 medium-6 medium-offset-1\">\n      <div class=\"c-fh__wrapper\">\n                              <p>Sie brauchen n\u00e4here Informationen? Dann kontaktieren Sie uns!<\/p>\n                        <\/div>\n    <\/div>\n  <\/div>\n<\/div>\n  \n    \n    <\/header>\n\n\n  \n  <section class=\"wp-block-group alignfull t3-header u-max-wide t3-header-text has-white-background-color has-background has-global-padding is-layout-constrained wp-block-group-is-layout-constrained\">\n    <div class=\"wp-block-group o-grid u-md-1 u-sm-1 is-layout-flow wp-block-group-is-layout-flow\">\n  <div class=\"wp-block-group u-g-10 u-g-s-2\">\n      <div class=\"yoast-breadcrumbs\"><span><span><a href=\"https:\/\/www.leeb-balkone.com\/ch\/\">Home<\/a><\/span><\/span><\/div>\n      \n    <h1>Kontakt<\/h1>\n  <\/div>\n<\/div>\n  <\/section>\n\n\n\n\n\n\n<section class=\"wp-block-cgb-t3-section-block alignfull b-pt-none b-pb-small is-style-bg-white\" style=\"display:inherit;min-height:inherit\">\n<div class=\"wp-block-cgb-t3-container-block none\" style=\"background-color:none\"><div class=\"grid-container\"><div class=\"grid-x\"><div class=\"cell small-12 medium-9 large-0 medium-offset-1 b-has-pt\">\n<p><span class=\"teaser\">Sie erreichen uns telefonisch unter den Gratis-Hotlinenummern f\u00fcr \u00d6sterreich, Deutschland, Schweiz und Italien. Oder schicken Sie uns Ihr Anliegen per E-Mail. Dazu nutzen Sie einfach unser Anfrageformular.<\/span><\/p>\n<\/div><\/div><\/div><\/div>\n<\/section>\n\n\n\n<section class=\"wp-block-cgb-t3-section-block alignfull b-pt-none b-pb-small\" style=\"display:inherit;background-color:#F5F5F5;min-height:inherit\">\n<div class=\"wp-block-cgb-t3-container-block b-has-offset-h\" style=\"background-color:none\"><div class=\"grid-container\"><div class=\"grid-x\"><div class=\"cell small-12 medium-6 large-0 medium-offset-1\">\n<h2 class=\"wp-block-heading\">Schreiben Sie uns<\/h2>\n<\/div><\/div><\/div><\/div>\n\n\n\n<div class=\"wp-block-cgb-t3-container-block none\" style=\"background-color:none\"><div class=\"grid-container\"><div class=\"o-grid u-sm-1 u-md-1\"><div class=\"u-g-7 u-g-s-2\"><form action=\"https:\/\/www.leeb-balkone.com\/ch\/wp-json\/ws-form\/v1\/submit\" class=\"wsf-form wsf-form-canvas\" id=\"ws-form-1\" data-id=\"4\" data-instance-id=\"1\" method=\"POST\"><\/form>\n<\/div>\n    <div class=\"u-g-3 u-g-s-9\"><div class=\"t3-sidebar-buttons wp-block-buttons is-layout-flex wp-block-buttons-is-layout-flex\"><div class=\"wp-block-button is-style-fill icon-book icon-left\">\n                        <a class=\"wp-block-button__link has-secondary-color has-white-background-color has-text-color has-background has-link-color wp-element-button\" href=\"https:\/\/www.leeb-balkone.com\/ch\/kontakt\/katalog-anfordern\/\" style=\"box-shadow:var(--wp--preset--shadow--box-shadow)\">Katalog anfordern<\/a>\n                    <\/div><div class=\"wp-block-button is-style-fill icon-vp icon-left\">\n                        <a class=\"wp-block-button__link has-secondary-color has-white-background-color has-text-color has-background has-link-color wp-element-button\" href=\"https:\/\/www.leeb-balkone.com\/ch\/vertriebspartner\/\">Vertriebspartner finden <span class=\"sr-only\">Vertriebspartner Leeb Balkone Schweiz<\/span><\/a>\n                    <\/div><\/div>\n<p class=\"links\"><a class=\"link-block bgimg ch\" href=\"tel:+41555361653\"><span class=\"title\">Hotline Schweiz<\/span><span class=\"descr\">+41 555 3616 53<\/span><\/a><\/p><p class=\"links\"><a class=\"link-block bgimg int\" href=\"tel:+4342787000\"><span class=\"title\">Hotline International<\/span><span class=\"descr\">+43 4278 7000<\/span><\/a><\/p>\n<\/div><\/div>\n\n\n<p><\/p>\n<\/div><\/div>\n<\/section>\n\n\n\n<section class=\"wp-block-cgb-t3-section-block alignfull b-pt-none b-pb-none\" style=\"display:none;min-height:inherit\"><div class='wp-block-pantheon-google-map interactive ratio2_1'><div class='map'><iframe width='100%' height='100%' frameborder='0' style='border:0' src='https:\/\/www.google.com\/maps\/embed\/v1\/place?key=AIzaSyCL3CmP5ro-d-WA0iYBeMaNTRvl_7rrElw&#038;q=Gnesau%2C+Leebstra%C3%9Fe+1&#038;zoom=13&#038;maptype=roadmap' allowfullscreen><\/iframe><\/div><\/div><\/section>\n\n\n\n\n\n<section class=\"wp-block-group alignfull has-white-background-color has-background has-global-padding is-layout-constrained wp-container-core-group-is-layout-52f96efc wp-block-group-is-layout-constrained\">\n<div class=\"wp-block-group o-grid u-md-1 is-layout-flow wp-block-group-is-layout-flow\" style=\"padding-top:0\">\n<div class=\"wp-block-group u-g-9 u-g-s-2 is-layout-flow wp-block-group-is-layout-flow\" style=\"margin-bottom:var(--wp--preset--spacing--s)\">\n<h2 class=\"wp-block-heading\">FAQ<\/h2>\n\n\n\n\n\n<div class=\"wp-block-t3-acc-accordion is-style-light\"><button id=\"accordion-82b0ebdf-cd47-40ca-a674-17382149b261-button\" class=\"accordion__button\" aria-expanded=\"false\" aria-controls=\"accordion-82b0ebdf-cd47-40ca-a674-17382149b261-panel\"><h3 data-accordion-title=\"true\" style=\"font-size:var(--step-1)\"><strong><strong><strong>Was passiert nach dem Absenden meiner Anfrage?<\/strong><\/strong><\/strong><\/h3><\/button><div id=\"accordion-82b0ebdf-cd47-40ca-a674-17382149b261-panel\" class=\"accordion__panel\" role=\"region\" aria-labelledby=\"accordion-82b0ebdf-cd47-40ca-a674-17382149b261-button\">\n<p>Projektbezogene Anfragen leiten wir direkt an den f\u00fcr Ihre Region zust\u00e4ndigen Leeb-Berater weiter, der sich m\u00f6glichst rasch pers\u00f6nlich bei Ihnen meldet. F\u00fcr allgemeine Fragen, R\u00fcckmeldungen oder Serviceanliegen ist unser Team in der Zentrale in Gnesau f\u00fcr Sie da.<\/p>\n<\/div><\/div>\n\n\n\n<div class=\"wp-block-t3-acc-accordion is-style-light\"><button id=\"accordion-8d4315c0-b52c-4a88-b46c-61e2dedaebf3-button\" class=\"accordion__button\" aria-expanded=\"false\" aria-controls=\"accordion-8d4315c0-b52c-4a88-b46c-61e2dedaebf3-panel\"><h3 data-accordion-title=\"true\" style=\"font-size:var(--step-1)\"><strong><strong><strong>Wie l\u00e4uft eine Beratung durch meinen Leeb-Partner ab?<\/strong><\/strong><\/strong><\/h3><\/button><div id=\"accordion-8d4315c0-b52c-4a88-b46c-61e2dedaebf3-panel\" class=\"accordion__panel\" role=\"region\" aria-labelledby=\"accordion-8d4315c0-b52c-4a88-b46c-61e2dedaebf3-button\">\n<p>Nach Ihrer Kontaktaufnahme vereinbart Ihr pers\u00f6nlicher Leeb-Berater einen Termin, gegebenenfalls auch gern bei Ihnen vor Ort. Er analysiert die baulichen Gegebenheiten, bespricht Ihre W\u00fcnsche zu Material, Design und Farbe und erstellt eine individuelle 3D-Visualisierung als Fotomontage direkt an Ihrem Geb\u00e4ude. Auf dieser Basis erhalten Sie ein ma\u00dfgeschneidertes Angebot \u2013 kostenlos und unverbindlich.<\/p>\n<\/div><\/div>\n\n\n\n<div class=\"wp-block-t3-acc-accordion is-style-light\"><button id=\"accordion-6878c75f-8ae7-4883-81aa-bbf780616be4-button\" class=\"accordion__button\" aria-expanded=\"false\" aria-controls=\"accordion-6878c75f-8ae7-4883-81aa-bbf780616be4-panel\"><h3 data-accordion-title=\"true\" style=\"font-size:var(--step-1)\"><strong><strong><strong>W<strong><strong><strong>o kann ich Leeb-Produkte live besichtigen<\/strong><\/strong><\/strong>?<\/strong><\/strong><\/strong><\/h3><\/button><div id=\"accordion-6878c75f-8ae7-4883-81aa-bbf780616be4-panel\" class=\"accordion__panel\" role=\"region\" aria-labelledby=\"accordion-6878c75f-8ae7-4883-81aa-bbf780616be4-button\">\n<p>Leeb ist mit \u00fcber 30 Schaur\u00e4umen in \u00d6sterreich, Deutschland, der Schweiz, Italien und Slowenien vertreten. Dort k\u00f6nnen Sie das Leeb Produktportfolio pers\u00f6nlich begutachten, bevor Ihnen Ihr pers\u00f6nlicher Leeb-Berater ein individuelles Angebot erstellt. Den <a href=\"https:\/\/www.leeb-balkone.com\/ch\/schauraum\/glarus\/\" type=\"schauraum\" id=\"167322\">Leeb Schauraum-Standort in der Schweiz<\/a> finden Sie in Glarus im Glarnerland, rund eine Stunde s\u00fcdlich von Z\u00fcrich.<\/p>\n<\/div><\/div>\n<\/div>\n<\/div>\n<\/section>\n\n\n","protected":false},"excerpt":{"rendered":"","protected":false},"author":1,"featured_media":0,"parent":0,"menu_order":149,"comment_status":"closed","ping_status":"closed","template":"template-onepager.blade.php","meta":{"_acf_changed":false,"footnotes":"","_sage_theme_css":true,"_wp_block_core_css":false},"folder":[],"class_list":["post-17354","page","type-page","status-publish","hentry"],"acf":[],"yoast_head":"<!-- This site is optimized with the Yoast SEO plugin v27.2 - https:\/\/yoast.com\/product\/yoast-seo-wordpress\/ -->\n<title>Kontakt: Anfrageformular &amp; Telefon - Leeb Balkone Schweiz<\/title>\n<meta name=\"description\" content=\"Kontaktieren Sie Leeb Balkone in der Schweiz via Telefon +41 555 3616 53, Anfrageformular oder \u00fcber unsere Vertriebspartner und Schaur\u00e4ume.\" \/>\n<meta name=\"robots\" content=\"index, follow, max-snippet:-1, max-image-preview:large, max-video-preview:-1\" \/>\n<meta property=\"og:locale\" content=\"de_DE\" \/>\n<meta property=\"og:type\" content=\"article\" \/>\n<meta property=\"og:title\" content=\"Kontakt: Anfrageformular &amp; Telefon - Leeb Balkone\" \/>\n<meta property=\"og:description\" content=\"Kontaktieren Sie Leeb Balkone in der Schweiz via Telefon +41 555 3616 53, Anfrageformular oder \u00fcber unsere Vertriebspartner und Schaur\u00e4ume.\" \/>\n<meta property=\"og:url\" content=\"https:\/\/www.leeb-balkone.com\/ch\/kontakt\/\" \/>\n<meta property=\"og:site_name\" content=\"Leeb Balkone\" \/>\n<meta property=\"article:publisher\" content=\"https:\/\/www.facebook.com\/balkone\/\" \/>\n<meta property=\"article:modified_time\" content=\"2026-04-21T17:07:31+00:00\" \/>\n<meta property=\"og:image\" content=\"https:\/\/www.leeb-balkone.com\/app\/uploads\/2020\/09\/alu-balkongelaender-zufriedene-kunden-1.jpg\" \/>\n\t<meta property=\"og:image:width\" content=\"2560\" \/>\n\t<meta property=\"og:image:height\" content=\"1762\" \/>\n\t<meta property=\"og:image:type\" content=\"image\/jpeg\" \/>\n<meta name=\"twitter:card\" content=\"summary_large_image\" \/>\n<script type=\"application\/ld+json\" class=\"yoast-schema-graph\">{\"@context\":\"https:\/\/schema.org\",\"@graph\":[{\"@type\":\"WebPage\",\"@id\":\"https:\/\/www.leeb-balkone.com\/ch\/kontakt\/\",\"url\":\"https:\/\/www.leeb-balkone.com\/ch\/kontakt\/\",\"name\":\"Kontakt: Anfrageformular & Telefon - Leeb Balkone\",\"isPartOf\":{\"@id\":\"https:\/\/www.leeb-balkone.com\/ch\/#website\"},\"datePublished\":\"2020-08-26T13:42:26+00:00\",\"dateModified\":\"2026-04-21T17:07:31+00:00\",\"description\":\"Kontaktieren Sie Leeb Balkone in der Schweiz via Telefon +41 555 3616 53, Anfrageformular oder \u00fcber unsere Vertriebspartner und Schaur\u00e4ume.\",\"breadcrumb\":{\"@id\":\"https:\/\/www.leeb-balkone.com\/ch\/kontakt\/#breadcrumb\"},\"inLanguage\":\"de-CH\",\"potentialAction\":[{\"@type\":\"ReadAction\",\"target\":[\"https:\/\/www.leeb-balkone.com\/ch\/kontakt\/\"]}]},{\"@type\":\"BreadcrumbList\",\"@id\":\"https:\/\/www.leeb-balkone.com\/ch\/kontakt\/#breadcrumb\",\"itemListElement\":[{\"@type\":\"ListItem\",\"position\":1,\"name\":\"Home\",\"item\":\"https:\/\/www.leeb-balkone.com\/ch\/\"},{\"@type\":\"ListItem\",\"position\":2,\"name\":\"Kontakt\"}]},{\"@type\":\"WebSite\",\"@id\":\"https:\/\/www.leeb-balkone.com\/ch\/#website\",\"url\":\"https:\/\/www.leeb-balkone.com\/ch\/\",\"name\":\"Leeb Balkone\",\"description\":\"Balkone und Z\u00e4une\",\"publisher\":{\"@id\":\"https:\/\/www.leeb-balkone.com\/ch\/#organization\"},\"potentialAction\":[{\"@type\":\"SearchAction\",\"target\":{\"@type\":\"EntryPoint\",\"urlTemplate\":\"https:\/\/www.leeb-balkone.com\/ch\/?s={search_term_string}\"},\"query-input\":{\"@type\":\"PropertyValueSpecification\",\"valueRequired\":true,\"valueName\":\"search_term_string\"}}],\"inLanguage\":\"de-CH\"},{\"@type\":\"Organization\",\"@id\":\"https:\/\/www.leeb-balkone.com\/ch\/#organization\",\"name\":\"Leeb Balkone Gmbh\",\"url\":\"https:\/\/www.leeb-balkone.com\/ch\/\",\"logo\":{\"@type\":\"ImageObject\",\"inLanguage\":\"de-CH\",\"@id\":\"https:\/\/www.leeb-balkone.com\/ch\/#\/schema\/logo\/image\/\",\"url\":\"https:\/\/www.leeb-balkone.com\/app\/uploads\/2020\/11\/leeb-logo.svg\",\"contentUrl\":\"https:\/\/www.leeb-balkone.com\/app\/uploads\/2020\/11\/leeb-logo.svg\",\"width\":741,\"height\":204,\"caption\":\"Leeb Balkone Gmbh\"},\"image\":{\"@id\":\"https:\/\/www.leeb-balkone.com\/ch\/#\/schema\/logo\/image\/\"},\"sameAs\":[\"https:\/\/www.facebook.com\/balkone\/\",\"https:\/\/www.trustedshops.at\/bewertung\/info_X4587CCF5833E31AFE0B11F47D86999F2.html\",\"https:\/\/www.trustedshops.de\/bewertung\/info_X7BA536A7A0BDC86D36C4718E4DCAEEEF.html\",\"https:\/\/www.google.com\/maps\/place\/?q=place_id:ChIJ5-zH19-IcEcR9HonWRTllHI\"]}]}<\/script>\n<!-- \/ Yoast SEO plugin. -->","yoast_head_json":{"title":"Kontakt: Anfrageformular & Telefon - Leeb Balkone Schweiz","description":"Kontaktieren Sie Leeb Balkone in der Schweiz via Telefon +41 555 3616 53, Anfrageformular oder \u00fcber unsere Vertriebspartner und Schaur\u00e4ume.","robots":{"index":"index","follow":"follow","max-snippet":"max-snippet:-1","max-image-preview":"max-image-preview:large","max-video-preview":"max-video-preview:-1"},"og_locale":"de_DE","og_type":"article","og_title":"Kontakt: Anfrageformular & Telefon - Leeb Balkone","og_description":"Kontaktieren Sie Leeb Balkone in der Schweiz via Telefon +41 555 3616 53, Anfrageformular oder \u00fcber unsere Vertriebspartner und Schaur\u00e4ume.","og_url":"https:\/\/www.leeb-balkone.com\/ch\/kontakt\/","og_site_name":"Leeb Balkone","article_publisher":"https:\/\/www.facebook.com\/balkone\/","article_modified_time":"2026-04-21T17:07:31+00:00","og_image":[{"width":2560,"height":1762,"url":"https:\/\/www.leeb-balkone.com\/app\/uploads\/2020\/09\/alu-balkongelaender-zufriedene-kunden-1.jpg","type":"image\/jpeg"}],"twitter_card":"summary_large_image","schema":{"@context":"https:\/\/schema.org","@graph":[{"@type":"WebPage","@id":"https:\/\/www.leeb-balkone.com\/ch\/kontakt\/","url":"https:\/\/www.leeb-balkone.com\/ch\/kontakt\/","name":"Kontakt: Anfrageformular & Telefon - Leeb Balkone","isPartOf":{"@id":"https:\/\/www.leeb-balkone.com\/ch\/#website"},"datePublished":"2020-08-26T13:42:26+00:00","dateModified":"2026-04-21T17:07:31+00:00","description":"Kontaktieren Sie Leeb Balkone in der Schweiz via Telefon +41 555 3616 53, Anfrageformular oder \u00fcber unsere Vertriebspartner und Schaur\u00e4ume.","breadcrumb":{"@id":"https:\/\/www.leeb-balkone.com\/ch\/kontakt\/#breadcrumb"},"inLanguage":"de-CH","potentialAction":[{"@type":"ReadAction","target":["https:\/\/www.leeb-balkone.com\/ch\/kontakt\/"]}]},{"@type":"BreadcrumbList","@id":"https:\/\/www.leeb-balkone.com\/ch\/kontakt\/#breadcrumb","itemListElement":[{"@type":"ListItem","position":1,"name":"Home","item":"https:\/\/www.leeb-balkone.com\/ch\/"},{"@type":"ListItem","position":2,"name":"Kontakt"}]},{"@type":"WebSite","@id":"https:\/\/www.leeb-balkone.com\/ch\/#website","url":"https:\/\/www.leeb-balkone.com\/ch\/","name":"Leeb Balkone","description":"Balkone und Z\u00e4une","publisher":{"@id":"https:\/\/www.leeb-balkone.com\/ch\/#organization"},"potentialAction":[{"@type":"SearchAction","target":{"@type":"EntryPoint","urlTemplate":"https:\/\/www.leeb-balkone.com\/ch\/?s={search_term_string}"},"query-input":{"@type":"PropertyValueSpecification","valueRequired":true,"valueName":"search_term_string"}}],"inLanguage":"de-CH"},{"@type":"Organization","@id":"https:\/\/www.leeb-balkone.com\/ch\/#organization","name":"Leeb Balkone Gmbh","url":"https:\/\/www.leeb-balkone.com\/ch\/","logo":{"@type":"ImageObject","inLanguage":"de-CH","@id":"https:\/\/www.leeb-balkone.com\/ch\/#\/schema\/logo\/image\/","url":"https:\/\/www.leeb-balkone.com\/app\/uploads\/2020\/11\/leeb-logo.svg","contentUrl":"https:\/\/www.leeb-balkone.com\/app\/uploads\/2020\/11\/leeb-logo.svg","width":741,"height":204,"caption":"Leeb Balkone Gmbh"},"image":{"@id":"https:\/\/www.leeb-balkone.com\/ch\/#\/schema\/logo\/image\/"},"sameAs":["https:\/\/www.facebook.com\/balkone\/","https:\/\/www.trustedshops.at\/bewertung\/info_X4587CCF5833E31AFE0B11F47D86999F2.html","https:\/\/www.trustedshops.de\/bewertung\/info_X7BA536A7A0BDC86D36C4718E4DCAEEEF.html","https:\/\/www.google.com\/maps\/place\/?q=place_id:ChIJ5-zH19-IcEcR9HonWRTllHI"]}]}},"_links":{"self":[{"href":"https:\/\/www.leeb-balkone.com\/ch\/wp-json\/wp\/v2\/pages\/17354","targetHints":{"allow":["GET"]}}],"collection":[{"href":"https:\/\/www.leeb-balkone.com\/ch\/wp-json\/wp\/v2\/pages"}],"about":[{"href":"https:\/\/www.leeb-balkone.com\/ch\/wp-json\/wp\/v2\/types\/page"}],"author":[{"embeddable":true,"href":"https:\/\/www.leeb-balkone.com\/ch\/wp-json\/wp\/v2\/users\/1"}],"replies":[{"embeddable":true,"href":"https:\/\/www.leeb-balkone.com\/ch\/wp-json\/wp\/v2\/comments?post=17354"}],"version-history":[{"count":12,"href":"https:\/\/www.leeb-balkone.com\/ch\/wp-json\/wp\/v2\/pages\/17354\/revisions"}],"predecessor-version":[{"id":168182,"href":"https:\/\/www.leeb-balkone.com\/ch\/wp-json\/wp\/v2\/pages\/17354\/revisions\/168182"}],"wp:attachment":[{"href":"https:\/\/www.leeb-balkone.com\/ch\/wp-json\/wp\/v2\/media?parent=17354"}],"wp:term":[{"taxonomy":"folder","embeddable":true,"href":"https:\/\/www.leeb-balkone.com\/ch\/wp-json\/wp\/v2\/folder?post=17354"}],"curies":[{"name":"wp","href":"https:\/\/api.w.org\/{rel}","templated":true}]}}