{"id":162905,"date":"2026-01-13T13:11:14","date_gmt":"2026-01-13T13:11:14","guid":{"rendered":"https:\/\/www.leeb-balkone.com\/solar\/solar-carport\/"},"modified":"2026-04-15T14:58:45","modified_gmt":"2026-04-15T14:58:45","slug":"solar-carport","status":"publish","type":"page","link":"https:\/\/www.leeb-balkone.com\/ch\/solar\/solar-carport\/","title":{"rendered":"Solar Carport"},"content":{"rendered":"\n<section class=\"wp-block-group alignfull t3-header t3-header-splitscreen t3-splitscreen-shadow h-zi-20 has-light-gray-background-color has-background has-global-padding is-layout-constrained wp-container-core-group-is-layout-f1ad4950 wp-block-group-is-layout-constrained\" style=\"padding-top:0;padding-bottom:0\">\n<div class=\"wp-block-columns h-flx-a-s m-split is-layout-flex wp-container-core-columns-is-layout-28f84493 wp-block-columns-is-layout-flex\">\n<div class=\"wp-block-column is-vertically-aligned-top h-flx-a-s m-split-col-content is-layout-flow wp-block-column-is-layout-flow\"><div class=\"yoast-breadcrumbs\"><span><span><a href=\"https:\/\/www.leeb-balkone.com\/ch\/\">Home<\/a><\/span> \/ <span><a href=\"https:\/\/www.leeb-balkone.com\/ch\/solar\/\">Solarprodukte<\/a><\/span> \/ <span class=\"breadcrumb_last\" aria-current=\"page\">Solar Carport<\/span><\/span><\/div>\n\n<h1 class=\"wp-block-post-title\">Solar Carport<\/h1>\n\n\n<p class=\"has-step-0-font-size\" style=\"margin-bottom:0\">Der&nbsp;Leeb Solar Carport&nbsp;ist eine innovative Carport-L\u00f6sung, die mit hochwertigen Photovoltaik(PV)-Modulen ausgestattet ist und damit nicht nur Ihr Fahrzeug sch\u00fctzt, sondern gleichzeitig umweltfreundlichen Solarstrom erzeugt.&nbsp;<\/p>\n\n\n\n<div class=\"wp-block-buttons is-layout-flex wp-block-buttons-is-layout-flex\" style=\"margin-top:var(--wp--preset--spacing--l)\">\n<div class=\"wp-block-button is-style-cta icon-book icon-left\"><a class=\"wp-block-button__link wp-element-button\" href=\"https:\/\/www.leeb-balkone.com\/ch\/kontakt\/katalog-anfordern\/\">Katalog anfordern<\/a><\/div>\n\n\n\n<div class=\"wp-block-button is-style-cta icon-vp icon-left\"><a class=\"wp-block-button__link wp-element-button\" href=\"https:\/\/www.leeb-balkone.com\/ch\/vertriebspartner\/\">Ansprechpartner finden<span class=\"sr-only\"> Schweiz<\/span><\/a><\/div>\n<\/div>\n<\/div>\n\n\n\n<div class=\"wp-block-column is-vertically-aligned-stretch h-hide-md-down is-style-image-cover is-layout-flow wp-block-column-is-layout-flow\">\n<figure class=\"wp-block-image size-large\"><img loading=\"lazy\" decoding=\"async\" width=\"1024\" height=\"731\" src=\"https:\/\/www.leeb-balkone.com\/app\/uploads\/2022\/07\/Solarcarport-mit-zwei-Autos-Ansicht-von-schraeg-unten-1024x731.jpg\" alt=\"Ansicht eines Solarcarports mit zwei Autos von schr\u00e4g vorne\" class=\"wp-image-146896\" srcset=\"https:\/\/www.leeb-balkone.com\/app\/uploads\/2022\/07\/Solarcarport-mit-zwei-Autos-Ansicht-von-schraeg-unten-1024x731.jpg 1024w, https:\/\/www.leeb-balkone.com\/app\/uploads\/2022\/07\/Solarcarport-mit-zwei-Autos-Ansicht-von-schraeg-unten-300x214.jpg 300w, https:\/\/www.leeb-balkone.com\/app\/uploads\/2022\/07\/Solarcarport-mit-zwei-Autos-Ansicht-von-schraeg-unten-768x549.jpg 768w, https:\/\/www.leeb-balkone.com\/app\/uploads\/2022\/07\/Solarcarport-mit-zwei-Autos-Ansicht-von-schraeg-unten-1536x1097.jpg 1536w, https:\/\/www.leeb-balkone.com\/app\/uploads\/2022\/07\/Solarcarport-mit-zwei-Autos-Ansicht-von-schraeg-unten-2048x1463.jpg 2048w\" sizes=\"auto, (max-width: 1024px) 100vw, 1024px\" \/><\/figure>\n<\/div>\n<\/div>\n<\/section>\n\n\n\n<section class=\"wp-block-group alignfull has-white-background-color has-background has-global-padding is-layout-constrained wp-container-core-group-is-layout-52f96efc wp-block-group-is-layout-constrained\" id=\"modelle\">\n<div class=\"wp-block-group m-teaser o-grid u-md-1 is-layout-flow wp-block-group-is-layout-flow\">\n<div class=\"wp-block-group u-g-9 u-g-s-2 is-layout-flow wp-block-group-is-layout-flow\" style=\"margin-bottom:var(--wp--preset--spacing--s)\">\n<p class=\"has-text-align-left\"><strong><strong><strong><em>Der Leeb Solar Carport vereint elegantes Design, zuverl\u00e4ssigen Wetterschutz und innovative Solartechnologie \u2013 f\u00fcr eine nachhaltige Zukunft direkt vor Ihrer T\u00fcr.<\/em><\/strong><\/strong><\/strong><\/p>\n<\/div>\n<\/div>\n\n\n\n<div class=\"wp-block-columns is-layout-flex wp-container-core-columns-is-layout-28f84493 wp-block-columns-is-layout-flex\">\n<div class=\"wp-block-column is-layout-flow wp-block-column-is-layout-flow\" style=\"flex-basis:66.66%\"><div class=\"tgs-gallery\" data-tablet-slides=\"4\" data-desktop-slides=\"5\"><div class=\"t3-tgs swiper mainSlider\">\n                <div class=\"has-icon icon-enlarge\"><\/div>\n                <div class=\"swiper-wrapper lg-swiper\"><div class=\"swiper-slide\"><a href=\"https:\/\/www.leeb-balkone.com\/app\/uploads\/2022\/07\/solar-carport-bei-der-hauseinfahrt-scaled.jpg\"><img decoding=\"async\" src=\"https:\/\/www.leeb-balkone.com\/app\/uploads\/2022\/07\/solar-carport-bei-der-hauseinfahrt-scaled.jpg\" alt=\"Carport mit Solarpaneelen bei der Hauseinfahrt\"><\/a><div class=\"tgs-desc\">Carport mit Solarpaneelen bei der Hauseinfahrt<\/div><\/div><div class=\"swiper-slide\"><a href=\"https:\/\/www.leeb-balkone.com\/app\/uploads\/2022\/07\/solarcarport-alu-pv-solar-carport-holzhaus-fassade-aluminium-sonnenenergie-scaled.jpg\"><img decoding=\"async\" src=\"https:\/\/www.leeb-balkone.com\/app\/uploads\/2022\/07\/solarcarport-alu-pv-solar-carport-holzhaus-fassade-aluminium-sonnenenergie-scaled.jpg\" alt=\"Moderner Solar Doppel-Carport von Leeb in gelungener Symbiose mit rustikalem Haus\"><\/a><div class=\"tgs-desc\">Solar Doppel-Carport freistehend<\/div><\/div><div class=\"swiper-slide\"><a href=\"https:\/\/www.leeb-balkone.com\/app\/uploads\/2022\/07\/solarcarport-carport-solar-pv-module-aluminium-glas-ueberdachung-scaled.jpg\"><img decoding=\"async\" src=\"https:\/\/www.leeb-balkone.com\/app\/uploads\/2022\/07\/solarcarport-carport-solar-pv-module-aluminium-glas-ueberdachung-scaled.jpg\" alt=\"Solarcarport (Doppelcarport), Ansicht der Carport \u00dcberdachung mit PV Modulen von oben\"><\/a><div class=\"tgs-desc\">Solarcarport (Ansicht von oben)<\/div><\/div><\/div><div class=\"mainSliderPrev\"><\/div><div class=\"mainSliderNext\"><\/div><div class=\"main_slider_dots\"><\/div><\/div><div class=\"swiper thumbSlider\"><div class=\"swiper-wrapper wp-block-t3-carousel-wrapper\"><div class=\"swiper-slide\"><img decoding=\"async\" src=\"https:\/\/www.leeb-balkone.com\/app\/uploads\/2022\/07\/solar-carport-bei-der-hauseinfahrt-1024x765.jpg\" alt=\"Carport mit Solarpaneelen bei der Hauseinfahrt\" \/><\/div><div class=\"swiper-slide\"><img decoding=\"async\" src=\"https:\/\/www.leeb-balkone.com\/app\/uploads\/2022\/07\/solarcarport-alu-pv-solar-carport-holzhaus-fassade-aluminium-sonnenenergie-1024x686.jpg\" alt=\"Moderner Solar Doppel-Carport von Leeb in gelungener Symbiose mit rustikalem Haus\" \/><\/div><div class=\"swiper-slide\"><img decoding=\"async\" src=\"https:\/\/www.leeb-balkone.com\/app\/uploads\/2022\/07\/solarcarport-carport-solar-pv-module-aluminium-glas-ueberdachung-1024x683.jpg\" alt=\"Solarcarport (Doppelcarport), Ansicht der Carport \u00dcberdachung mit PV Modulen von oben\" \/><\/div><\/div><div class=\"thumbSliderPrev swiper-button-prev\"><\/div><div class=\"thumbSliderNext swiper-button-next\"><\/div><\/div><\/div><\/div>\n\n\n\n<div class=\"wp-block-column is-layout-flow wp-block-column-is-layout-flow\" style=\"flex-basis:33.33%\">\n<h2 class=\"wp-block-heading has-step-2-font-size\">Alu Carport mit hocheffizienten PV-Modulen<\/h2>\n\n\n\n<p>Erleben Sie mit dem Leeb Solar Carport die perfekte Verbindung aus modernem Fahrzeugschutz und nachhaltiger Energiegewinnung. Das innovative Carport-System von Leeb verwandelt Ihren Stellplatz in eine leistungsstarke Solartankstelle \u2013 f\u00fcr Ihr Zuhause, Ihr Elektroauto und die Umwelt.<\/p>\n\n\n\n<ul class=\"wp-block-list is-style-checkmark-2\">\n<li>Hochmoderne PV-Module<\/li>\n\n\n\n<li>Robuste Bauweise<\/li>\n\n\n\n<li>Elegantes Design<\/li>\n\n\n\n<li>Private E-Tankstelle<\/li>\n<\/ul>\n<\/div>\n<\/div>\n\n\n\n<div class=\"wp-block-group m-teaser o-grid u-md-1 is-layout-flow wp-block-group-is-layout-flow\" style=\"margin-top:0;padding-top:var(--wp--preset--spacing--xl-2-xl)\">\n<div class=\"wp-block-group u-g-10 u-g-s-2 is-layout-flow wp-block-group-is-layout-flow\" style=\"margin-top:0;margin-bottom:var(--wp--preset--spacing--s)\"><div class=\"wp-block-t3-tabs t3-tabs t3-tabs--centered\" data-uniqueid=\"tabs-8f57f258\" data-use-headings=\"false\" data-heading-level=\"h2\"><ul class=\"t3-tabs__list\" role=\"tablist\"><li role=\"presentation\"><button role=\"tab\" id=\"tabs-8f57f258-tab-0\" aria-controls=\"tabs-8f57f258-panel-0\" class=\"t3-tabs__tab-button t3-tabs__tab-button--active\" aria-selected=\"true\" tabindex=\"0\"><div class=\"t3-tabs__tab-button-inner\"><span class=\"t3-tabs__tab-title\">Aufbau und Leistung<\/span><\/div><\/button><\/li><li role=\"presentation\"><button role=\"tab\" id=\"tabs-8f57f258-tab-1\" aria-controls=\"tabs-8f57f258-panel-1\" class=\"t3-tabs__tab-button\" aria-selected=\"false\" tabindex=\"-1\"><div class=\"t3-tabs__tab-button-inner\"><span class=\"t3-tabs__tab-title\">Technische Besonderheiten<\/span><\/div><\/button><\/li><li role=\"presentation\"><button role=\"tab\" id=\"tabs-8f57f258-tab-2\" aria-controls=\"tabs-8f57f258-panel-2\" class=\"t3-tabs__tab-button\" aria-selected=\"false\" tabindex=\"-1\"><div class=\"t3-tabs__tab-button-inner\"><span class=\"t3-tabs__tab-title\">Funktion und Nutzen<\/span><\/div><\/button><\/li><\/ul><div class=\"t3-tabs__panels\"><div class=\"t3-tab__content t3-tabs__panel\" role=\"tabpanel\" id=\"tabs-8f57f258-panel-0\" aria-labelledby=\"tabs-8f57f258-tab-0\">\n<p>Genie\u00dfen Sie maximale Flexibilit\u00e4t und Komfort: Mit dem Leeb Solar Carport sch\u00fctzen Sie Ihr Fahrzeug nicht nur zuverl\u00e4ssig, sondern erzeugen gleichzeitig Ihren eigenen Strom \u2013 individuell an Ihre Bed\u00fcrfnisse angepasst.<\/p>\n\n\n\n<ul class=\"wp-block-list\">\n<li>Hochwertige, hagelschlagsichere Photovoltaikmodule (wahlweise 210 Wp oder 300 Wp pro Modul)<\/li>\n\n\n\n<li>Einzel- oder Doppelcarport m\u00f6glich (z. B. 2,7 kWp oder 5,4 kWp Gesamtleistung)<\/li>\n\n\n\n<li>Wartungsfreie Aluminiumkonstruktion mit langlebiger Pulverbeschichtung<\/li>\n\n\n\n<li>Unsichtbare, innenliegende Verkabelung<\/li>\n\n\n\n<li>Begehbare Module f\u00fcr Wartungsarbeiten<\/li>\n<\/ul>\n<\/div><div class=\"t3-tab__content t3-tabs__panel\" role=\"tabpanel\" id=\"tabs-8f57f258-panel-1\" aria-labelledby=\"tabs-8f57f258-tab-1\">\n<p>Setzen Sie auf gepr\u00fcfte Sicherheit und innovative Technik: Der Leeb Solar Carport \u00fcberzeugt mit durchdachter Konstruktion und langlebigen Materialien \u2013 f\u00fcr sorgenfreie Nutzung \u00fcber viele Jahre.<\/p>\n\n\n\n<ul class=\"wp-block-list is-style-default\">\n<li>Konstruktion aus witterungsbest\u00e4ndigem Aluminium mit patentierter ALU COMFORT PLUS\u00ae Pulverbeschichtung<\/li>\n\n\n\n<li>Statisch berechnetes System, individuell anpassbar an verschiedene Grundst\u00fccke und Fahrzeuggr\u00f6\u00dfen<\/li>\n\n\n\n<li>Zertifizierte Qualit\u00e4t und Rundum-Service von Planung bis Montage<\/li>\n\n\n\n<li>Module als Verbund-Sicherheitsglas (2 \u00d7 4 mm teilvorgespanntes Glas) ausgef\u00fchrt<\/li>\n<\/ul>\n<\/div><div class=\"t3-tab__content t3-tabs__panel\" role=\"tabpanel\" id=\"tabs-8f57f258-panel-2\" aria-labelledby=\"tabs-8f57f258-tab-2\">\n<p>Profitieren Sie Tag f\u00fcr Tag: Ihr Solar Carport spendet Schatten, sch\u00fctzt vor Witterung \u2013 und senkt nebenbei Ihre Stromkosten durch umweltfreundliche Energiegewinnung.<\/p>\n\n\n\n<ul class=\"wp-block-list\">\n<li>Zuverl\u00e4ssiger Schutz vor Regen, Schnee, Hagel und UV-Strahlung f\u00fcr Fahrzeuge<\/li>\n\n\n\n<li>Erzeugung von umweltfreundlichem Solarstrom f\u00fcr den Eigenverbrauch oder zur Einspeisung<\/li>\n\n\n\n<li>M\u00f6glichkeit zur Nutzung als private E-Tankstelle f\u00fcr Elektrofahrzeuge<\/li>\n\n\n\n<li>Senkung der Energiekosten und Verbesserung der CO\u2082-Bilanz<\/li>\n\n\n\n<li>Steigerung des Immobilienwerts durch nachhaltige Architektur<\/li>\n<\/ul>\n\n\n\n<div class=\"wp-block-cgb-t3-container-block none\" style=\"background-color:none\"><div class=\"grid-container\"><div class=\"grid-x\"><div class=\"cell small-12 medium-0 large-0\"><\/div><\/div><\/div><\/div>\n<\/div><\/div><\/div><\/div>\n<\/div>\n<\/section>\n\n\n\n<section class=\"wp-block-cover alignfull is-light katalog-cta\" style=\"margin-top:0;margin-bottom:0;padding-top:0;padding-right:0;padding-bottom:0;padding-left:0;min-height:100px;aspect-ratio:unset;\" id=\"beratungsanfrage\"><img loading=\"lazy\" decoding=\"async\" width=\"2560\" height=\"1707\" class=\"wp-block-cover__image-background wp-image-152954 size-full\" alt=\"Schauraum Leeb Tettnang Florian Keller\" src=\"https:\/\/www.leeb-balkone.com\/app\/uploads\/2025\/04\/Schauraum-Leeb-Tettnang-Florian-Keller-17-scaled.jpg\" style=\"object-position:41% 45%\" data-object-fit=\"cover\" data-object-position=\"41% 45%\" srcset=\"https:\/\/www.leeb-balkone.com\/app\/uploads\/2025\/04\/Schauraum-Leeb-Tettnang-Florian-Keller-17-scaled.jpg 2560w, https:\/\/www.leeb-balkone.com\/app\/uploads\/2025\/04\/Schauraum-Leeb-Tettnang-Florian-Keller-17-300x200.jpg 300w, https:\/\/www.leeb-balkone.com\/app\/uploads\/2025\/04\/Schauraum-Leeb-Tettnang-Florian-Keller-17-1024x683.jpg 1024w, https:\/\/www.leeb-balkone.com\/app\/uploads\/2025\/04\/Schauraum-Leeb-Tettnang-Florian-Keller-17-768x512.jpg 768w, https:\/\/www.leeb-balkone.com\/app\/uploads\/2025\/04\/Schauraum-Leeb-Tettnang-Florian-Keller-17-1536x1024.jpg 1536w, https:\/\/www.leeb-balkone.com\/app\/uploads\/2025\/04\/Schauraum-Leeb-Tettnang-Florian-Keller-17-2048x1366.jpg 2048w\" sizes=\"auto, (max-width: 2560px) 100vw, 2560px\" \/><span aria-hidden=\"true\" class=\"wp-block-cover__background has-primary-45-background-color has-background-dim-80 has-background-dim\"><\/span><div class=\"wp-block-cover__inner-container has-global-padding is-layout-constrained wp-container-core-cover-is-layout-f028c7bd wp-block-cover-is-layout-constrained\">\n<div class=\"wp-block-group is-layout-flow wp-block-group-is-layout-flow\" style=\"min-height:0px;margin-top:0;margin-bottom:0;padding-top:var(--wp--preset--spacing--2-xl);padding-bottom:var(--wp--preset--spacing--2-xl);padding-left:0\">\n<div class=\"wp-block-columns are-vertically-aligned-center is-layout-flex wp-container-core-columns-is-layout-0a4bbf16 wp-block-columns-is-layout-flex\" style=\"margin-top:0;margin-bottom:0\">\n<div class=\"wp-block-column is-vertically-aligned-center is-layout-flow wp-block-column-is-layout-flow\" style=\"flex-basis:66.66%\">\n<h2 class=\"wp-block-heading\">Beratungstermin anfordern<\/h2>\n\n\n\n<p class=\"is-style-teaser\">Sie haben Fragen? Nehmen Sie mit uns Kontakt auf und nutzen Sie unser Kontaktformular. Fordern Sie jetzt Ihre pers\u00f6nliche Beratung an \u2013 Ihr Ansprechpartner unterst\u00fctzt Sie gerne individuell bei Planung und Umsetzung Ihres Vorhabens!<\/p>\n<\/div>\n\n\n\n<div class=\"wp-block-column is-vertically-aligned-center is-layout-flow wp-block-column-is-layout-flow\" style=\"flex-basis:33.33%\">\n<div class=\"wp-block-buttons u-m-jc-left is-content-justification-right is-layout-flex wp-container-core-buttons-is-layout-c060c6c7 wp-block-buttons-is-layout-flex\">\n<div class=\"wp-block-button is-style-filled-white large smooth-scroll\"><a class=\"wp-block-button__link wp-element-button\" href=\"#beratungstermin\" style=\"box-shadow:var(--wp--preset--shadow--button-shadow)\">Beratungsanfrage<\/a><\/div>\n<\/div>\n<\/div>\n<\/div>\n<\/div>\n<\/div><\/section>\n\n\n\n<section class=\"wp-block-group alignfull has-light-gray-background-color has-background has-global-padding is-layout-constrained wp-container-core-group-is-layout-52f96efc wp-block-group-is-layout-constrained\" id=\"service-qualitaet\">\n<div class=\"wp-block-group o-grid u-md-1 is-layout-flow wp-block-group-is-layout-flow\">\n<div class=\"wp-block-group u-g-9 u-g-s-2 is-layout-flow wp-block-group-is-layout-flow\" style=\"margin-bottom:var(--wp--preset--spacing--s)\">\n<h2 class=\"wp-block-heading\"><strong>Leeb Solar Carport<\/strong><\/h2>\n\n\n\n<p><span class=\"teaser\">Ein&nbsp;Solar Carport von Leeb&nbsp;ist die ideale L\u00f6sung, um&nbsp;Ihr Fahrzeug zuverl\u00e4ssig vor Witterung zu sch\u00fctzen und gleichzeitig nachhaltige Energie direkt auf Ihrem Grundst\u00fcck zu erzeugen. <\/span><\/p>\n\n\n\n<p>Mit dem Leeb Solar Carport erhalten Sie eine langlebige, individuell gestaltbare und sichere L\u00f6sung \u2013 von der Planung bis zur Montage aus einer Hand.<\/p>\n<\/div>\n<\/div>\n\n\n\n<div class=\"wp-block-group small is-style-white-cards sm-2-cols is-layout-grid wp-container-core-group-is-layout-7785d981 wp-block-group-is-layout-grid\">\n<div class=\"wp-block-group m-card is-layout-flow wp-container-core-group-is-layout-8a368f38 wp-block-group-is-layout-flow\">\n<figure class=\"wp-block-image size-full\"><img loading=\"lazy\" decoding=\"async\" width=\"2560\" height=\"1707\" src=\"https:\/\/www.leeb-balkone.com\/app\/uploads\/2020\/07\/solarbalkon-optimus-innenansicht-der-pv-paneele-scaled.jpg\" alt=\"solarbalkon optimus innenansicht der pv paneele\" class=\"wp-image-141781\" srcset=\"https:\/\/www.leeb-balkone.com\/app\/uploads\/2020\/07\/solarbalkon-optimus-innenansicht-der-pv-paneele-scaled.jpg 2560w, https:\/\/www.leeb-balkone.com\/app\/uploads\/2020\/07\/solarbalkon-optimus-innenansicht-der-pv-paneele-300x200.jpg 300w, https:\/\/www.leeb-balkone.com\/app\/uploads\/2020\/07\/solarbalkon-optimus-innenansicht-der-pv-paneele-1024x683.jpg 1024w, https:\/\/www.leeb-balkone.com\/app\/uploads\/2020\/07\/solarbalkon-optimus-innenansicht-der-pv-paneele-768x512.jpg 768w, https:\/\/www.leeb-balkone.com\/app\/uploads\/2020\/07\/solarbalkon-optimus-innenansicht-der-pv-paneele-1536x1024.jpg 1536w, https:\/\/www.leeb-balkone.com\/app\/uploads\/2020\/07\/solarbalkon-optimus-innenansicht-der-pv-paneele-2048x1366.jpg 2048w\" sizes=\"auto, (max-width: 2560px) 100vw, 2560px\" \/><\/figure>\n\n\n\n<div class=\"wp-block-group m-card-content has-white-background-color has-background is-vertical is-layout-flex wp-container-core-group-is-layout-5580f018 wp-block-group-is-layout-flex\">\n<h3 class=\"wp-block-heading\"><strong>Solar-L\u00f6sungen f\u00fcr Gel\u00e4nder und D\u00e4cher<\/strong><\/h3>\n\n\n\n<p>Vollintegrierte, hocheffektive PV-Module in unseren Solarprodukten.<\/p>\n<\/div>\n<\/div>\n\n\n\n<div class=\"wp-block-group m-card is-layout-flow wp-container-core-group-is-layout-8a368f38 wp-block-group-is-layout-flow\">\n<figure class=\"wp-block-image size-large is-style-default\"><img loading=\"lazy\" decoding=\"async\" width=\"1024\" height=\"767\" src=\"https:\/\/www.leeb-balkone.com\/app\/uploads\/2020\/08\/leeb-balkone-mitarbeiter-4-1024x767.jpeg\" alt=\"Montieren eines Leeb Alu-Balkongel\u00e4nders nach Ma\u00df\" class=\"wp-image-6083\" srcset=\"https:\/\/www.leeb-balkone.com\/app\/uploads\/2020\/08\/leeb-balkone-mitarbeiter-4-1024x767.jpeg 1024w, https:\/\/www.leeb-balkone.com\/app\/uploads\/2020\/08\/leeb-balkone-mitarbeiter-4-2048x1535.jpeg 2048w, https:\/\/www.leeb-balkone.com\/app\/uploads\/2020\/08\/leeb-balkone-mitarbeiter-4-300x225.jpeg 300w, https:\/\/www.leeb-balkone.com\/app\/uploads\/2020\/08\/leeb-balkone-mitarbeiter-4-768x575.jpeg 768w, https:\/\/www.leeb-balkone.com\/app\/uploads\/2020\/08\/leeb-balkone-mitarbeiter-4-1536x1151.jpeg 1536w\" sizes=\"auto, (max-width: 1024px) 100vw, 1024px\" \/><\/figure>\n\n\n\n<div class=\"wp-block-group m-card-content has-white-background-color has-background is-vertical is-layout-flex wp-container-core-group-is-layout-5580f018 wp-block-group-is-layout-flex\">\n<h3 class=\"wp-block-heading\">Rundum Service f\u00fcr sorglose Umsetzung!<\/h3>\n\n\n\n<p>Beratungsservice vor Ort, 3D-Konfigurator, Werksfertigung, Lieferung und Montage.<\/p>\n<\/div>\n<\/div>\n\n\n\n<div class=\"wp-block-group m-card is-layout-flow wp-container-core-group-is-layout-8a368f38 wp-block-group-is-layout-flow\">\n<figure class=\"wp-block-image size-full\"><img loading=\"lazy\" decoding=\"async\" width=\"2048\" height=\"1366\" src=\"https:\/\/www.leeb-balkone.com\/app\/uploads\/2022\/05\/glas-bearbeitung-zuschnitt--scaled.jpg\" alt=\"glas bearbeitung zuschnitt \" class=\"wp-image-83644\" srcset=\"https:\/\/www.leeb-balkone.com\/app\/uploads\/2022\/05\/glas-bearbeitung-zuschnitt--scaled.jpg 2048w, https:\/\/www.leeb-balkone.com\/app\/uploads\/2022\/05\/glas-bearbeitung-zuschnitt--300x200.jpg 300w, https:\/\/www.leeb-balkone.com\/app\/uploads\/2022\/05\/glas-bearbeitung-zuschnitt--1024x683.jpg 1024w, https:\/\/www.leeb-balkone.com\/app\/uploads\/2022\/05\/glas-bearbeitung-zuschnitt--768x512.jpg 768w, https:\/\/www.leeb-balkone.com\/app\/uploads\/2022\/05\/glas-bearbeitung-zuschnitt--1536x1024.jpg 1536w\" sizes=\"auto, (max-width: 2048px) 100vw, 2048px\" \/><\/figure>\n\n\n\n<div class=\"wp-block-group m-card-content has-white-background-color has-background is-vertical is-layout-flex wp-container-core-group-is-layout-5580f018 wp-block-group-is-layout-flex\">\n<h3 class=\"wp-block-heading\"><strong>Verbundsicherheitsglas in Premium Qualit\u00e4t<\/strong><\/h3>\n\n\n\n<p>Gepr\u00fcfte Sicherheit, innovative Designs und langlebige Qualit\u00e4t nach Ma\u00df mit Leeb Glas.<\/p>\n<\/div>\n<\/div>\n\n\n\n<div class=\"wp-block-group m-card is-layout-flow wp-container-core-group-is-layout-8a368f38 wp-block-group-is-layout-flow\">\n<figure class=\"wp-block-image size-large\"><img loading=\"lazy\" decoding=\"async\" width=\"1024\" height=\"665\" src=\"https:\/\/www.leeb-balkone.com\/app\/uploads\/2020\/08\/alu-comfort-plus-1024x665.jpg\" alt=\"alu comfort plus\" class=\"wp-image-5082\" srcset=\"https:\/\/www.leeb-balkone.com\/app\/uploads\/2020\/08\/alu-comfort-plus-1024x665.jpg 1024w, https:\/\/www.leeb-balkone.com\/app\/uploads\/2020\/08\/alu-comfort-plus-300x195.jpg 300w, https:\/\/www.leeb-balkone.com\/app\/uploads\/2020\/08\/alu-comfort-plus-768x499.jpg 768w, https:\/\/www.leeb-balkone.com\/app\/uploads\/2020\/08\/alu-comfort-plus-1536x997.jpg 1536w, https:\/\/www.leeb-balkone.com\/app\/uploads\/2020\/08\/alu-comfort-plus-2048x1330.jpg 2048w\" sizes=\"auto, (max-width: 1024px) 100vw, 1024px\" \/><\/figure>\n\n\n\n<div class=\"wp-block-group m-card-content has-white-background-color has-background is-vertical is-layout-flex wp-container-core-group-is-layout-5580f018 wp-block-group-is-layout-flex\">\n<h3 class=\"wp-block-heading\">Langzeitschutz durch ALU Comfort Plus\u00ae<\/h3>\n\n\n\n<p>Patentierte Beschichtung und Verarbeitung von Aluminium auf h\u00f6chstem Niveau.<\/p>\n<\/div>\n<\/div>\n<\/div>\n\n\n\n<div class=\"wp-block-group o-grid u-md-1 is-layout-flow wp-block-group-is-layout-flow\" style=\"padding-top:var(--wp--preset--spacing--l)\">\n<div class=\"wp-block-group u-g-9 u-g-s-2 is-layout-flow wp-block-group-is-layout-flow\" style=\"margin-bottom:var(--wp--preset--spacing--s)\">\n<h3 class=\"wp-block-heading\">Vorteile im \u00dcberblick<\/h3>\n\n\n\n<p>Solar L\u00f6sungen von Leeb sind&nbsp;innovative, hochwertige und vielseitige Systeme zur nachhaltigen Energiegewinnung, die modernes Design mit maximaler Funktionalit\u00e4t verbinden.<\/p>\n\n\n\n<ul class=\"wp-block-list is-style-checkmark-2\">\n<li><strong>Hochmoderne PV-Module<\/strong>: Die Solarpaneele der neuesten Generation liefern beim Doppel-Carport bis zu 5,4 kWp (18\u00d7300 Wp) und beim Einzel-Carport 2,7 kWp (9\u00d7300 Wp). Damit erzeugen Sie zuverl\u00e4ssig gr\u00fcnen Strom direkt vor Ihrer Haust\u00fcr.<\/li>\n\n\n\n<li><strong>Robuste Bauweise<\/strong>: Die PV-Module sind hagelsicher, begehbar und in ein hochwertiges Aluminium-Carport integriert. Die patentierte ALU COMFORT PLUS\u00ae Pulverbeschichtung sorgt f\u00fcr maximale Witterungsbest\u00e4ndigkeit und Langlebigkeit.<\/li>\n\n\n\n<li><strong>Private E-Tankstelle<\/strong>: Nutzen Sie den erzeugten Solarstrom f\u00fcr Ihr Elektrofahrzeug oder den Eigenverbrauch im Haushalt \u2013 ein echter Heimvorteil f\u00fcr mehr Unabh\u00e4ngigkeit und reduzierte Stromkosten.<\/li>\n\n\n\n<li><strong>Rundum-Service<\/strong>: Von der individuellen Planung bis zur fachgerechten Montage begleitet Sie Leeb mit zertifizierter Qualit\u00e4t und einem europaweiten Partnernetzwerk.<\/li>\n\n\n\n<li><strong>Nachhaltiger Mehrwert<\/strong>: Mit einem Solar Carport steigern Sie nicht nur den Wert Ihrer Immobilie, sondern leisten auch einen aktiven Beitrag zum Klimaschutz.<\/li>\n<\/ul>\n<\/div>\n<\/div>\n<\/section>\n\n\n\n<section class=\"wp-block-cover alignfull is-light katalog-cta\" style=\"margin-top:0;margin-bottom:0;padding-top:0;padding-right:0;padding-bottom:0;padding-left:0;min-height:100px;aspect-ratio:unset;\"><img loading=\"lazy\" decoding=\"async\" width=\"1920\" height=\"599\" class=\"wp-block-cover__image-background wp-image-7912 size-full\" alt=\"leeb balkone katalog anfordern\" src=\"https:\/\/www.leeb-balkone.com\/app\/uploads\/2020\/09\/leeb-balkone-katalog-anfordern-1.jpeg\" data-object-fit=\"cover\" srcset=\"https:\/\/www.leeb-balkone.com\/app\/uploads\/2020\/09\/leeb-balkone-katalog-anfordern-1-300x94.jpeg 300w, https:\/\/www.leeb-balkone.com\/app\/uploads\/2020\/09\/leeb-balkone-katalog-anfordern-1-1024x319.jpeg 1024w, https:\/\/www.leeb-balkone.com\/app\/uploads\/2020\/09\/leeb-balkone-katalog-anfordern-1-768x240.jpeg 768w, https:\/\/www.leeb-balkone.com\/app\/uploads\/2020\/09\/leeb-balkone-katalog-anfordern-1-1536x479.jpeg 1536w\" sizes=\"auto, (max-width: 1920px) 100vw, 1920px\" \/><span aria-hidden=\"true\" class=\"wp-block-cover__background has-primary-45-background-color has-background-dim-80 has-background-dim\"><\/span><div class=\"wp-block-cover__inner-container has-global-padding is-layout-constrained wp-container-core-cover-is-layout-fc5783d2 wp-block-cover-is-layout-constrained\">\n<div class=\"wp-block-group is-layout-flow wp-block-group-is-layout-flow\" style=\"min-height:0px;margin-top:0;margin-bottom:0;padding-top:var(--wp--preset--spacing--2-xl);padding-bottom:var(--wp--preset--spacing--2-xl);padding-left:0\">\n<div class=\"wp-block-columns are-vertically-aligned-center is-layout-flex wp-container-core-columns-is-layout-0a4bbf16 wp-block-columns-is-layout-flex\" style=\"margin-top:0;margin-bottom:0\">\n<div class=\"wp-block-column is-vertically-aligned-center is-layout-flow wp-block-column-is-layout-flow\" style=\"flex-basis:66.66%\">\n<h2 class=\"wp-block-heading\">Solar Carport im Katalog<\/h2>\n\n\n\n<p class=\"is-style-teaser\"><span class=\"teaser\">Erfahren Sie mehr \u00fcber unsere Solar-Systeme, Materialien und technischen Details. Unsere umfassende Produktbrosch\u00fcre bietet Ihnen alle Informationen auf einen Blick.<\/span><\/p>\n<\/div>\n\n\n\n<div class=\"wp-block-column is-vertically-aligned-center is-layout-flow wp-block-column-is-layout-flow\" style=\"flex-basis:33.33%\">\n<div class=\"wp-block-buttons u-m-jc-left is-content-justification-right is-layout-flex wp-container-core-buttons-is-layout-c060c6c7 wp-block-buttons-is-layout-flex\">\n<div class=\"wp-block-button is-style-filled-white large\"><a class=\"wp-block-button__link wp-element-button\" href=\"https:\/\/www.leeb-balkone.com\/ch\/kontakt\/katalog-anfordern\/\" style=\"box-shadow:var(--wp--preset--shadow--button-shadow)\">Jetzt Katalog bestellen<\/a><\/div>\n<\/div>\n<\/div>\n<\/div>\n<\/div>\n<\/div><\/section>\n\n\n\n<section class=\"wp-block-group alignfull has-white-background-color has-background has-global-padding is-layout-constrained wp-container-core-group-is-layout-52f96efc wp-block-group-is-layout-constrained\">\n<div class=\"wp-block-group o-grid u-md-1 is-layout-flow wp-block-group-is-layout-flow\" style=\"padding-top:0\">\n<div class=\"wp-block-group u-g-9 u-g-s-2 is-layout-flow wp-block-group-is-layout-flow\" style=\"margin-bottom:var(--wp--preset--spacing--s)\">\n<h2 class=\"wp-block-heading\">Warum Solar Carport von Leeb?<\/h2>\n\n\n\n<p class=\"is-style-teaser\"><span class=\"teaser\">Mit dem Leeb Solar Carport sch\u00fctzen Sie Ihr Auto und erzeugen gleichzeitig umweltfreundlichen Strom \u2013 effizient, langlebig und individuell angepasst.<\/span><\/p>\n<\/div>\n<\/div>\n\n\n\n<div class=\"wp-block-group is-layout-flow wp-container-core-group-is-layout-d5075d26 wp-block-group-is-layout-flow\">\n<div class=\"wp-block-columns is-style-shadow m-split is-layout-flex wp-container-core-columns-is-layout-28f84493 wp-block-columns-is-layout-flex\">\n<div class=\"wp-block-column is-style-default is-layout-flow wp-block-column-is-layout-flow\">\n<figure class=\"wp-block-image size-large\"><img loading=\"lazy\" decoding=\"async\" width=\"1024\" height=\"765\" src=\"https:\/\/www.leeb-balkone.com\/app\/uploads\/2022\/07\/Carport_Doppel_Solar-01-1024x765.jpg\" alt=\"Solar Carport mit PV-Modulen - Carport Solaranlage mit Leeb\" class=\"wp-image-133800\" style=\"aspect-ratio:4\/3;object-fit:cover\" srcset=\"https:\/\/www.leeb-balkone.com\/app\/uploads\/2022\/07\/Carport_Doppel_Solar-01-1024x765.jpg 1024w, https:\/\/www.leeb-balkone.com\/app\/uploads\/2022\/07\/Carport_Doppel_Solar-01-300x224.jpg 300w, https:\/\/www.leeb-balkone.com\/app\/uploads\/2022\/07\/Carport_Doppel_Solar-01-768x574.jpg 768w, https:\/\/www.leeb-balkone.com\/app\/uploads\/2022\/07\/Carport_Doppel_Solar-01-1536x1147.jpg 1536w, https:\/\/www.leeb-balkone.com\/app\/uploads\/2022\/07\/Carport_Doppel_Solar-01-2048x1529.jpg 2048w\" sizes=\"auto, (max-width: 1024px) 100vw, 1024px\" \/><\/figure>\n<\/div>\n\n\n\n<div class=\"wp-block-column is-vertically-aligned-center is-style-overlay-content is-layout-flow wp-block-column-is-layout-flow\">\n<div class=\"wp-block-group is-vertical is-layout-flex wp-container-core-group-is-layout-6aed0e10 wp-block-group-is-layout-flex\">\n<h3 class=\"wp-block-heading\"><strong>Robust, sicher und effizient<\/strong><\/h3>\n\n\n\n<p>Die <strong>robusten PV-Module<\/strong> sind so konstruiert, dass sie selbst extremen Witterungsbedingungen wie Hagelschlag und hoher Schneelast standhalten und f\u00fcr Wartungsarbeiten sogar betreten werden k\u00f6nnen. Dadurch bieten sie maximale Sicherheit, dauerhafte Energieerzeugung und minimieren den Wartungsaufwand \u2013 auch bei starker Beanspruchung im Alltag. Die <strong>hochwertigen Aluminiumprofile<\/strong> und die pr\u00e4zise Verarbeitung bieten eine au\u00dfergew\u00f6hnliche Stabilit\u00e4t des Carports selbst, sodass selbst starke Windb\u00f6en und schwere Schneelasten kein Problem darstellen.&nbsp;<\/p>\n\n\n<\/div>\n<\/div>\n<\/div>\n\n\n<\/div>\n<\/section>\n\n\n\n<section class=\"wp-block-group alignfull has-light-gray-background-color has-background has-global-padding is-layout-constrained wp-container-core-group-is-layout-52f96efc wp-block-group-is-layout-constrained\">\n<div class=\"wp-block-group o-grid u-md-1 is-layout-flow wp-block-group-is-layout-flow\" style=\"padding-top:0\">\n<div class=\"wp-block-group u-g-9 u-g-s-2 is-layout-flow wp-block-group-is-layout-flow\" style=\"margin-bottom:var(--wp--preset--spacing--s)\">\n<h2 class=\"wp-block-heading\">H\u00e4ufig gestellte Fragen<\/h2>\n\n\n\n<p class=\"is-style-teaser\" style=\"padding-bottom:var(--wp--preset--spacing--m)\">Sie haben allgemeine Fragen rund um unsere Carports? In unseren FAQ finden Sie kompakte Antworten zu h\u00e4ufigen Themen rund um den Carport.<\/p>\n\n\n\n<div class=\"wp-block-t3-acc-accordion is-style-default\"><button id=\"accordion-f33e0c70-b604-4c37-8cf1-212cdd72f0cc-button\" class=\"accordion__button\" aria-expanded=\"false\" aria-controls=\"accordion-f33e0c70-b604-4c37-8cf1-212cdd72f0cc-panel\"><h3 data-accordion-title=\"true\" style=\"font-size:var(--step-1)\"><strong><strong>Was&nbsp;ist ein Solar&nbsp;Carport?<\/strong><\/strong><\/h3><\/button><div id=\"accordion-f33e0c70-b604-4c37-8cf1-212cdd72f0cc-panel\" class=\"accordion__panel\" role=\"region\" aria-labelledby=\"accordion-f33e0c70-b604-4c37-8cf1-212cdd72f0cc-button\">\n<p>Ein Solar Carport ist ein \u00fcberdachter Stellplatz, dessen Dachfl\u00e4che mit Photovoltaikmodulen ausgestattet ist. So wird das geparkte Fahrzeug vor Witterung gesch\u00fctzt und gleichzeitig Sonnenenergie in Strom umgewandelt.<\/p>\n\n\n\n<p>Beim Leeb Solar Carport wird diese Idee konsequent weiterentwickelt: Die PV-Module sind vollintegriert in eine hochwertige Aluminiumkonstruktion mit patentierter Pulverbeschichtung. Der Carport sch\u00fctzt Ihr Auto zuverl\u00e4ssig vor Sonne, Regen und Hagel und erzeugt gleichzeitig bis zu 5,4 kWp (Doppel-Carport) bzw. 2,7 kWp (Einzel-Carport) Strom, der direkt f\u00fcr den Haushalt oder das Laden eines E-Autos genutzt werden kann. Planung, Montage und Service erfolgen individuell und durch zertifizierte Partner.<\/p>\n<\/div><\/div>\n\n\n\n<div class=\"wp-block-t3-acc-accordion is-style-default\"><button id=\"accordion-42ccdbcc-073f-4e8f-84c2-a4e061af2b8f-button\" class=\"accordion__button\" aria-expanded=\"false\" aria-controls=\"accordion-42ccdbcc-073f-4e8f-84c2-a4e061af2b8f-panel\"><h3 data-accordion-title=\"true\" style=\"font-size:var(--step-1)\"><strong><strong><strong>Welche Vorteile bietet ein Solar Carport?<\/strong><\/strong><\/strong><\/h3><\/button><div id=\"accordion-42ccdbcc-073f-4e8f-84c2-a4e061af2b8f-panel\" class=\"accordion__panel\" role=\"region\" aria-labelledby=\"accordion-42ccdbcc-073f-4e8f-84c2-a4e061af2b8f-button\">\n<p>Allgemein bietet ein Solar Carport doppelten Nutzen: Wetterschutz f\u00fcr das Fahrzeug und die M\u00f6glichkeit, selbst Solarstrom zu erzeugen und zu nutzen \u2013 etwa f\u00fcr den Eigenverbrauch oder das Laden eines Elektroautos.<\/p>\n\n\n\n<p>Der Leeb Solar Carport \u00fcberzeugt dar\u00fcber hinaus mit leistungsstarken, hagelsicheren und begehbaren PV-Modulen, die optimal in die Konstruktion integriert sind. Die patentierte ALU COMFORT PLUS\u00ae Pulverbeschichtung sorgt f\u00fcr Langlebigkeit und Witterungsbest\u00e4ndigkeit. Mit dem erzeugten Strom reduzieren Sie Ihre Energiekosten und steigern den Wert Ihrer Immobilie. Leeb bietet zudem einen Rundum-Service von der individuellen Planung bis zur fachgerechten Montage.<\/p>\n<\/div><\/div>\n\n\n\n<div class=\"wp-block-t3-acc-accordion is-style-default\"><button id=\"accordion-b1509808-d3de-43b9-8710-262930943b78-button\" class=\"accordion__button\" aria-expanded=\"false\" aria-controls=\"accordion-b1509808-d3de-43b9-8710-262930943b78-panel\"><h3 data-accordion-title=\"true\" style=\"font-size:var(--step-1)\"><strong><strong><strong><strong>Wie funktioniert die Installation?<\/strong><\/strong><\/strong><\/strong><\/h3><\/button><div id=\"accordion-b1509808-d3de-43b9-8710-262930943b78-panel\" class=\"accordion__panel\" role=\"region\" aria-labelledby=\"accordion-b1509808-d3de-43b9-8710-262930943b78-button\">\n<p>Bei einem Solar Carport erfolgt die Installation in der Regel durch Fachbetriebe, die sowohl die Konstruktion als auch die PV-Anlage montieren und anschlie\u00dfen. F\u00fcr die Inbetriebnahme der PV-Anlage ist meist ein Elektriker erforderlich.<\/p>\n\n\n\n<p>Leeb \u00fcbernimmt die komplette Planung und Montage durch zertifizierte Fachpartner. Die PV-Module sind vollintegriert und die Verkabelung optimal gesch\u00fctzt. Die individuelle Anpassung an Ihre W\u00fcnsche und baulichen Gegebenheiten steht im Vordergrund. Bei Anlagen \u00fcber 800 Wp ist die Inbetriebnahme durch einen Elektriker verpflichtend, um alle gesetzlichen Vorgaben einzuhalten.<\/p>\n<\/div><\/div>\n\n\n\n<div class=\"wp-block-t3-acc-accordion is-style-default\"><button id=\"accordion-abc90aca-82bc-45b1-bfbc-f5f35a475e18-button\" class=\"accordion__button\" aria-expanded=\"false\" aria-controls=\"accordion-abc90aca-82bc-45b1-bfbc-f5f35a475e18-panel\"><h3 data-accordion-title=\"true\" style=\"font-size:var(--step-1)\"><strong><strong><strong><strong><strong><strong>Wie langlebig und wartungsarm ist ein Solar Carport?<\/strong><\/strong><\/strong><\/strong><\/strong><\/strong><\/h3><\/button><div id=\"accordion-abc90aca-82bc-45b1-bfbc-f5f35a475e18-panel\" class=\"accordion__panel\" role=\"region\" aria-labelledby=\"accordion-abc90aca-82bc-45b1-bfbc-f5f35a475e18-button\">\n<p>Leeb setzt auf robuste, hagelsichere und begehbare PV-Module sowie eine Aluminiumkonstruktion mit patentierter Pulverbeschichtung, die maximalen Korrosionsschutz bietet. Die senkrechte Montage und die glatten Oberfl\u00e4chen sorgen daf\u00fcr, dass Schmutz kaum anhaftet und Regen meist f\u00fcr die Reinigung ausreicht.<\/p>\n<\/div><\/div>\n\n\n\n<div class=\"wp-block-t3-acc-accordion is-style-default\"><button id=\"accordion-4a4a1de2-0126-4759-b9c4-eb5a72c743fc-button\" class=\"accordion__button\" aria-expanded=\"false\" aria-controls=\"accordion-4a4a1de2-0126-4759-b9c4-eb5a72c743fc-panel\"><h3 data-accordion-title=\"true\" style=\"font-size:var(--step-1)\"><strong><strong><strong><strong><strong>Gibt es F\u00f6rderungen f\u00fcr Solar Carports?<\/strong><\/strong><\/strong><\/strong><\/strong><\/h3><\/button><div id=\"accordion-4a4a1de2-0126-4759-b9c4-eb5a72c743fc-panel\" class=\"accordion__panel\" role=\"region\" aria-labelledby=\"accordion-4a4a1de2-0126-4759-b9c4-eb5a72c743fc-button\">\n<p>Der Leeb Solar Carport ist grunds\u00e4tzlich f\u00f6rderf\u00e4hig, sofern die regionalen Programme Photovoltaikanlagen oder Solar-Carports einschlie\u00dfen. Viele St\u00e4dte und Gemeinden bieten Zusch\u00fcsse f\u00fcr die Anschaffung an. Es empfiehlt sich, sich vor dem Kauf \u00fcber aktuelle Programme Ihrer Kommune oder Ihres Bundeslandes zu informieren und die Antragsmodalit\u00e4ten zu pr\u00fcfen. Leeb unterst\u00fctzt Sie gerne bei der Auswahl und Beantragung passender F\u00f6rderungen.<\/p>\n<\/div><\/div>\n\n\n\n<div class=\"wp-block-t3-acc-accordion is-style-default\"><button id=\"accordion-4d28fd62-17c0-4414-bcdf-fb47b093b579-button\" class=\"accordion__button\" aria-expanded=\"false\" aria-controls=\"accordion-4d28fd62-17c0-4414-bcdf-fb47b093b579-panel\"><h3 data-accordion-title=\"true\" style=\"font-size:var(--step-1)\"><strong><strong><strong><strong><strong><strong>Kann ich den Solarstrom direkt f\u00fcr mein E-Auto nutzen?<\/strong><\/strong><\/strong><\/strong><\/strong><\/strong><\/h3><\/button><div id=\"accordion-4d28fd62-17c0-4414-bcdf-fb47b093b579-panel\" class=\"accordion__panel\" role=\"region\" aria-labelledby=\"accordion-4d28fd62-17c0-4414-bcdf-fb47b093b579-button\">\n<p>Mit einem Solar Carport l\u00e4sst sich der erzeugte Strom direkt f\u00fcr den Haushalt oder zum Laden eines Elektrofahrzeugs verwenden. So wird der Carport zur privaten E-Tankstelle.<\/p>\n\n\n\n<p>Beim Leeb Solar Carport ist die Nutzung des erzeugten Solarstroms f\u00fcr das Laden eines E-Autos ein zentrales Feature. Die PV-Module liefern ausreichend Leistung, um Ihr Fahrzeug zu Hause mit gr\u00fcnem Strom zu versorgen. Zus\u00e4tzlich kann der Strom f\u00fcr den Eigenverbrauch im Haushalt genutzt werden, was Ihre Stromkosten weiter senkt und Ihre Unabh\u00e4ngigkeit vom Stromnetz erh\u00f6ht.<\/p>\n<\/div><\/div>\n\n\n\n<div class=\"wp-block-t3-acc-accordion is-style-default\"><button id=\"accordion-187e777c-011f-41cb-8330-54e3718ba378-button\" class=\"accordion__button\" aria-expanded=\"false\" aria-controls=\"accordion-187e777c-011f-41cb-8330-54e3718ba378-panel\"><h3 data-accordion-title=\"true\" style=\"font-size:var(--step-1)\"><strong><strong><strong><strong><strong><strong><strong>Kann ich einen Solar Carport nachr\u00fcsten?<\/strong><\/strong><\/strong><\/strong><\/strong><\/strong><\/strong><\/h3><\/button><div id=\"accordion-187e777c-011f-41cb-8330-54e3718ba378-panel\" class=\"accordion__panel\" role=\"region\" aria-labelledby=\"accordion-187e777c-011f-41cb-8330-54e3718ba378-button\">\n<p>Prinzipiell ist eine Nachr\u00fcstung bestehender Carports mit PV-Modulen m\u00f6glich, sofern die baulichen Voraussetzungen stimmen und die Statik ausreichend ist.<\/p>\n\n\n\n<p>Leeb bietet die M\u00f6glichkeit, auch bestehende Carports nachtr\u00e4glich mit PV-Modulen auszustatten, sofern die Konstruktion daf\u00fcr geeignet ist. Die individuelle Planung durch Leeb stellt sicher, dass die Nachr\u00fcstung technisch und optisch optimal umgesetzt wird. Alternativ sind Leeb Carports auch ohne Solarmodule erh\u00e4ltlich und k\u00f6nnen sp\u00e4ter erg\u00e4nzt werden.<\/p>\n<\/div><\/div>\n<\/div>\n<\/div>\n<\/section>\n\n\n\n<section class=\"wp-block-group alignfull has-white-background-color has-background has-global-padding is-layout-constrained wp-container-core-group-is-layout-52f96efc wp-block-group-is-layout-constrained\">\n<div class=\"wp-block-group o-grid u-md-1 is-layout-flow wp-block-group-is-layout-flow\" style=\"padding-top:0\">\n<div class=\"wp-block-group u-g-9 u-g-s-2 is-layout-flow wp-block-group-is-layout-flow\" style=\"margin-bottom:var(--wp--preset--spacing--m)\">\n<h2 class=\"wp-block-heading\">Solar Carport Impressionen<\/h2>\n\n\n\n<p><span class=\"teaser\"><span class=\"teaser\">Lassen Sie sich von den Gestaltungsm\u00f6glichkeiten unserer Solar Carports inspirieren.<\/span><\/span><\/p>\n<\/div>\n<\/div>\n\n\n    <div id=\"t3-lg-block-1\" class=\"wp-block-t3-lightgallery\" data-initial-count=\"9\">\n      <div class=\"lg-container u-grid-temp has-3-cols\">\n                  <div class=\"lg-item\" data-src=\"https:\/\/www.leeb-balkone.com\/app\/uploads\/2022\/07\/Solarcarport-mit-zwei-Autos-Ansicht-von-schraeg-unten-scaled.jpg\"\n              data-sub-html=\"&lt;p&gt;Ansicht eines Solarcarports mit zwei Autos von schr\u00e4g vorne&lt;\/p&gt;\">\n            <div class=\"img-wrapper\">\n                <figure>\n                    <img loading=\"lazy\" decoding=\"async\" width=\"300\" height=\"214\" src=\"https:\/\/www.leeb-balkone.com\/app\/uploads\/2022\/07\/Solarcarport-mit-zwei-Autos-Ansicht-von-schraeg-unten-300x214.jpg\" class=\"attachment-medium size-medium\" alt=\"Ansicht eines Solarcarports mit zwei Autos von schr\u00e4g vorne\" srcset=\"https:\/\/www.leeb-balkone.com\/app\/uploads\/2022\/07\/Solarcarport-mit-zwei-Autos-Ansicht-von-schraeg-unten-300x214.jpg 300w, https:\/\/www.leeb-balkone.com\/app\/uploads\/2022\/07\/Solarcarport-mit-zwei-Autos-Ansicht-von-schraeg-unten-1024x731.jpg 1024w, https:\/\/www.leeb-balkone.com\/app\/uploads\/2022\/07\/Solarcarport-mit-zwei-Autos-Ansicht-von-schraeg-unten-768x549.jpg 768w, https:\/\/www.leeb-balkone.com\/app\/uploads\/2022\/07\/Solarcarport-mit-zwei-Autos-Ansicht-von-schraeg-unten-1536x1097.jpg 1536w, https:\/\/www.leeb-balkone.com\/app\/uploads\/2022\/07\/Solarcarport-mit-zwei-Autos-Ansicht-von-schraeg-unten-2048x1463.jpg 2048w\" sizes=\"auto, (min-width: 1200px) 260px, (min-width: 1024px) 220px, (min-width: 640px) 465px, 768px\" \/>    \n                <\/figure>\n                        <\/div>\n            <p>Ansicht eines Solarcarports mit zwei Autos von schr\u00e4g vorne<\/p>        <\/div>\n                  <div class=\"lg-item\" data-src=\"https:\/\/www.leeb-balkone.com\/app\/uploads\/2022\/07\/solarcarport-alu-pv-solar-carport-holzhaus-fassade-aluminium-sonnenenergie-scaled.jpg\"\n              data-sub-html=\"&lt;p&gt;Solar Doppel-Carport freistehend&lt;\/p&gt;\">\n            <div class=\"img-wrapper\">\n                <figure>\n                    <img loading=\"lazy\" decoding=\"async\" width=\"300\" height=\"201\" src=\"https:\/\/www.leeb-balkone.com\/app\/uploads\/2022\/07\/solarcarport-alu-pv-solar-carport-holzhaus-fassade-aluminium-sonnenenergie-300x201.jpg\" class=\"attachment-medium size-medium\" alt=\"Moderner Solar Doppel-Carport von Leeb in gelungener Symbiose mit rustikalem Haus\" srcset=\"https:\/\/www.leeb-balkone.com\/app\/uploads\/2022\/07\/solarcarport-alu-pv-solar-carport-holzhaus-fassade-aluminium-sonnenenergie-300x201.jpg 300w, https:\/\/www.leeb-balkone.com\/app\/uploads\/2022\/07\/solarcarport-alu-pv-solar-carport-holzhaus-fassade-aluminium-sonnenenergie-1024x686.jpg 1024w, https:\/\/www.leeb-balkone.com\/app\/uploads\/2022\/07\/solarcarport-alu-pv-solar-carport-holzhaus-fassade-aluminium-sonnenenergie-768x515.jpg 768w, https:\/\/www.leeb-balkone.com\/app\/uploads\/2022\/07\/solarcarport-alu-pv-solar-carport-holzhaus-fassade-aluminium-sonnenenergie-1536x1029.jpg 1536w, https:\/\/www.leeb-balkone.com\/app\/uploads\/2022\/07\/solarcarport-alu-pv-solar-carport-holzhaus-fassade-aluminium-sonnenenergie-2048x1372.jpg 2048w\" sizes=\"auto, (min-width: 1200px) 260px, (min-width: 1024px) 220px, (min-width: 640px) 465px, 768px\" \/>    \n                <\/figure>\n                        <\/div>\n            <p>Solar Doppel-Carport freistehend<\/p>        <\/div>\n                  <div class=\"lg-item\" data-src=\"https:\/\/www.leeb-balkone.com\/app\/uploads\/2022\/07\/solarcarport-carport-solar-pv-module-aluminium-glas-ueberdachung-scaled.jpg\"\n              data-sub-html=\"&lt;p&gt;Solarcarport (Ansicht von oben)&lt;\/p&gt;\">\n            <div class=\"img-wrapper\">\n                <figure>\n                    <img loading=\"lazy\" decoding=\"async\" width=\"300\" height=\"200\" src=\"https:\/\/www.leeb-balkone.com\/app\/uploads\/2022\/07\/solarcarport-carport-solar-pv-module-aluminium-glas-ueberdachung-300x200.jpg\" class=\"attachment-medium size-medium\" alt=\"Solarcarport (Doppelcarport), Ansicht der Carport \u00dcberdachung mit PV Modulen von oben\" srcset=\"https:\/\/www.leeb-balkone.com\/app\/uploads\/2022\/07\/solarcarport-carport-solar-pv-module-aluminium-glas-ueberdachung-300x200.jpg 300w, https:\/\/www.leeb-balkone.com\/app\/uploads\/2022\/07\/solarcarport-carport-solar-pv-module-aluminium-glas-ueberdachung-1024x683.jpg 1024w, https:\/\/www.leeb-balkone.com\/app\/uploads\/2022\/07\/solarcarport-carport-solar-pv-module-aluminium-glas-ueberdachung-768x512.jpg 768w, https:\/\/www.leeb-balkone.com\/app\/uploads\/2022\/07\/solarcarport-carport-solar-pv-module-aluminium-glas-ueberdachung-1536x1024.jpg 1536w, https:\/\/www.leeb-balkone.com\/app\/uploads\/2022\/07\/solarcarport-carport-solar-pv-module-aluminium-glas-ueberdachung-2048x1365.jpg 2048w\" sizes=\"auto, (min-width: 1200px) 260px, (min-width: 1024px) 220px, (min-width: 640px) 465px, 768px\" \/>    \n                <\/figure>\n                        <\/div>\n            <p>Solarcarport (Ansicht von oben)<\/p>        <\/div>\n                  <div class=\"lg-item\" data-src=\"https:\/\/www.leeb-balkone.com\/app\/uploads\/2022\/07\/solarcarport-pv-ueberdachung-sonnenergie-photovoltaik-stellplatz-auto-scaled.jpg\"\n              data-sub-html=\"&lt;p&gt;Solar Carport f\u00fcr zwei Autos (Doppelcarport \u00dcberdachung mit PV Modulen)&lt;\/p&gt;\">\n            <div class=\"img-wrapper\">\n                <figure>\n                    <img loading=\"lazy\" decoding=\"async\" width=\"300\" height=\"200\" src=\"https:\/\/www.leeb-balkone.com\/app\/uploads\/2022\/07\/solarcarport-pv-ueberdachung-sonnenergie-photovoltaik-stellplatz-auto-300x200.jpg\" class=\"attachment-medium size-medium\" alt=\"Solar Carport f\u00fcr zwei Autos (Doppelcarport \u00dcberdachung mit PV Modulen)\" srcset=\"https:\/\/www.leeb-balkone.com\/app\/uploads\/2022\/07\/solarcarport-pv-ueberdachung-sonnenergie-photovoltaik-stellplatz-auto-300x200.jpg 300w, https:\/\/www.leeb-balkone.com\/app\/uploads\/2022\/07\/solarcarport-pv-ueberdachung-sonnenergie-photovoltaik-stellplatz-auto-1024x683.jpg 1024w, https:\/\/www.leeb-balkone.com\/app\/uploads\/2022\/07\/solarcarport-pv-ueberdachung-sonnenergie-photovoltaik-stellplatz-auto-768x512.jpg 768w, https:\/\/www.leeb-balkone.com\/app\/uploads\/2022\/07\/solarcarport-pv-ueberdachung-sonnenergie-photovoltaik-stellplatz-auto-1536x1024.jpg 1536w, https:\/\/www.leeb-balkone.com\/app\/uploads\/2022\/07\/solarcarport-pv-ueberdachung-sonnenergie-photovoltaik-stellplatz-auto-2048x1366.jpg 2048w\" sizes=\"auto, (min-width: 1200px) 260px, (min-width: 1024px) 220px, (min-width: 640px) 465px, 768px\" \/>    \n                <\/figure>\n                        <\/div>\n            <p>Solar Carport f\u00fcr zwei Autos (Doppelcarport \u00dcberdachung mit PV Modulen)<\/p>        <\/div>\n                  <div class=\"lg-item\" data-src=\"https:\/\/www.leeb-balkone.com\/app\/uploads\/2022\/07\/Carport_Doppel_Solar-01-scaled.jpg\"\n              data-sub-html=\"&lt;p&gt;Solar Carport mit PV-Modulen - Carport Solaranlage mit Leeb&lt;\/p&gt;\">\n            <div class=\"img-wrapper\">\n                <figure>\n                    <img loading=\"lazy\" decoding=\"async\" width=\"300\" height=\"224\" src=\"https:\/\/www.leeb-balkone.com\/app\/uploads\/2022\/07\/Carport_Doppel_Solar-01-300x224.jpg\" class=\"attachment-medium size-medium\" alt=\"Solar Carport mit PV-Modulen - Carport Solaranlage mit Leeb\" srcset=\"https:\/\/www.leeb-balkone.com\/app\/uploads\/2022\/07\/Carport_Doppel_Solar-01-300x224.jpg 300w, https:\/\/www.leeb-balkone.com\/app\/uploads\/2022\/07\/Carport_Doppel_Solar-01-1024x765.jpg 1024w, https:\/\/www.leeb-balkone.com\/app\/uploads\/2022\/07\/Carport_Doppel_Solar-01-768x574.jpg 768w, https:\/\/www.leeb-balkone.com\/app\/uploads\/2022\/07\/Carport_Doppel_Solar-01-1536x1147.jpg 1536w, https:\/\/www.leeb-balkone.com\/app\/uploads\/2022\/07\/Carport_Doppel_Solar-01-2048x1529.jpg 2048w\" sizes=\"auto, (min-width: 1200px) 260px, (min-width: 1024px) 220px, (min-width: 640px) 465px, 768px\" \/>    \n                <\/figure>\n                        <\/div>\n            <p>Solar Carport mit PV-Modulen &#8211; Carport Solaranlage mit Leeb<\/p>        <\/div>\n                  <div class=\"lg-item\" data-src=\"https:\/\/www.leeb-balkone.com\/app\/uploads\/2022\/07\/Carport_Doppel_Solar-03-1-scaled.jpg\"\n              data-sub-html=\"&lt;p&gt;Leeb Carport mit Solarmodulen&lt;\/p&gt;\">\n            <div class=\"img-wrapper\">\n                <figure>\n                    <img loading=\"lazy\" decoding=\"async\" width=\"300\" height=\"224\" src=\"https:\/\/www.leeb-balkone.com\/app\/uploads\/2022\/07\/Carport_Doppel_Solar-03-1-300x224.jpg\" class=\"attachment-medium size-medium\" alt=\"Leeb Carport mit Solarmodulen\" srcset=\"https:\/\/www.leeb-balkone.com\/app\/uploads\/2022\/07\/Carport_Doppel_Solar-03-1-300x224.jpg 300w, https:\/\/www.leeb-balkone.com\/app\/uploads\/2022\/07\/Carport_Doppel_Solar-03-1-1024x765.jpg 1024w, https:\/\/www.leeb-balkone.com\/app\/uploads\/2022\/07\/Carport_Doppel_Solar-03-1-768x574.jpg 768w, https:\/\/www.leeb-balkone.com\/app\/uploads\/2022\/07\/Carport_Doppel_Solar-03-1-1536x1147.jpg 1536w, https:\/\/www.leeb-balkone.com\/app\/uploads\/2022\/07\/Carport_Doppel_Solar-03-1-2048x1529.jpg 2048w\" sizes=\"auto, (min-width: 1200px) 260px, (min-width: 1024px) 220px, (min-width: 640px) 465px, 768px\" \/>    \n                <\/figure>\n                        <\/div>\n            <p>Leeb Carport mit Solarmodulen<\/p>        <\/div>\n                  <div class=\"lg-item\" data-src=\"https:\/\/www.leeb-balkone.com\/app\/uploads\/2022\/07\/Carport_Doppel_Solar-04-1-scaled.jpg\"\n              data-sub-html=\"&lt;p&gt;Doppelcarport Solar von Leeb&lt;\/p&gt;\">\n            <div class=\"img-wrapper\">\n                <figure>\n                    <img loading=\"lazy\" decoding=\"async\" width=\"300\" height=\"224\" src=\"https:\/\/www.leeb-balkone.com\/app\/uploads\/2022\/07\/Carport_Doppel_Solar-04-1-300x224.jpg\" class=\"attachment-medium size-medium\" alt=\"Doppelcarport Solar von Leeb\" srcset=\"https:\/\/www.leeb-balkone.com\/app\/uploads\/2022\/07\/Carport_Doppel_Solar-04-1-300x224.jpg 300w, https:\/\/www.leeb-balkone.com\/app\/uploads\/2022\/07\/Carport_Doppel_Solar-04-1-1024x765.jpg 1024w, https:\/\/www.leeb-balkone.com\/app\/uploads\/2022\/07\/Carport_Doppel_Solar-04-1-768x574.jpg 768w, https:\/\/www.leeb-balkone.com\/app\/uploads\/2022\/07\/Carport_Doppel_Solar-04-1-1536x1147.jpg 1536w, https:\/\/www.leeb-balkone.com\/app\/uploads\/2022\/07\/Carport_Doppel_Solar-04-1-2048x1529.jpg 2048w\" sizes=\"auto, (min-width: 1200px) 260px, (min-width: 1024px) 220px, (min-width: 640px) 465px, 768px\" \/>    \n                <\/figure>\n                        <\/div>\n            <p>Doppelcarport Solar von Leeb<\/p>        <\/div>\n                <\/div>\n\n          <\/div>\n    <\/section>\n\n\n\n<section class=\"wp-block-group alignfull has-white-background-color has-background has-global-padding is-layout-constrained wp-container-core-group-is-layout-9fa1424c wp-block-group-is-layout-constrained\" style=\"padding-top:0\">\n<div class=\"wp-block-columns is-style-offset m-split is-layout-flex wp-container-core-columns-is-layout-28f84493 wp-block-columns-is-layout-flex\">\n<div class=\"wp-block-column is-layout-flow wp-block-column-is-layout-flow\"><div class=\"vp-map-wrapper vp-map-ratio-19-1\"><img decoding=\"async\" width=\"2000\" height=\"1157\" src=\"https:\/\/www.leeb-balkone.com\/app\/uploads\/2026\/03\/map-ch.jpg\" class=\"attachment-full size-full\" alt=\"Schweizer Map: Vertriebspartner (orange Pins) und Schaur\u00e4ume \/ Standorte (gr\u00fcne Pins) der Leeb Balkone GmbH in der Schweiz\" style=\"width:100%;height:100%;object-fit:cover;display:block;\" loading=\"lazy\" srcset=\"https:\/\/www.leeb-balkone.com\/app\/uploads\/2026\/03\/map-ch.jpg 2000w, https:\/\/www.leeb-balkone.com\/app\/uploads\/2026\/03\/map-ch-300x174.jpg 300w, https:\/\/www.leeb-balkone.com\/app\/uploads\/2026\/03\/map-ch-1024x592.jpg 1024w, https:\/\/www.leeb-balkone.com\/app\/uploads\/2026\/03\/map-ch-768x444.jpg 768w, https:\/\/www.leeb-balkone.com\/app\/uploads\/2026\/03\/map-ch-1536x889.jpg 1536w\" sizes=\"auto, (min-width: 1536px) 2048px, (min-width: 992px) 1536px, (min-width: 768px) 1024px, (min-width: 576px) 768px, 100vw\" \/><\/div>\n<\/div>\n\n\n\n<div class=\"wp-block-column is-vertically-aligned-center is-style-overlay-content is-layout-flow wp-block-column-is-layout-flow\">\n<div class=\"wp-block-group is-vertical is-layout-flex wp-container-core-group-is-layout-bd7877ba wp-block-group-is-layout-flex\">\n<h2 class=\"wp-block-heading has-step-2-font-size\">Vertriebspartner Schweiz<\/h2>\n\n\n\n<p>Kompetente LEEB Partner in Ihrer Region. Pers\u00f6nliche Beratung, pr\u00e4zise Planung und fachgerechte Montage \u2013 Westschweiz. <\/p>\n\n\n\n<div class=\"wp-block-buttons is-layout-flex wp-block-buttons-is-layout-flex\" style=\"margin-top:var(--wp--preset--spacing--2-xs)\">\n<div class=\"wp-block-button is-style-cta\"><a class=\"wp-block-button__link has-transparent-background-color has-background wp-element-button\" href=\"https:\/\/www.leeb-balkone.com\/ch\/vertriebspartner\/\">Vertriebspartner finden<span class=\"sr-only\"> Vertriebspartner Leeb Balkone Schweiz<\/span><\/a><\/div>\n<\/div>\n<\/div>\n<\/div>\n<\/div>\n<\/section>\n\n<section class=\"wp-block-group alignfull has-light-gray-background-color has-background has-global-padding is-layout-constrained wp-container-core-group-is-layout-52f96efc wp-block-group-is-layout-constrained\" id=\"beratungstermin\">\n<div class=\"wp-block-group m-teaser o-grid u-md-1 is-layout-flow wp-block-group-is-layout-flow\">\n<div class=\"wp-block-group u-g-7 u-g-s-2 is-layout-flow wp-block-group-is-layout-flow\" style=\"margin-bottom:var(--wp--preset--spacing--s)\">\n<h2 class=\"wp-block-heading\">Kontaktieren Sie uns<\/h2>\n\n\n\n<p><strong><strong>Immer ein Leeb-Partner in Ihrer N\u00e4he mit 80 Partnern in \u00d6sterreich, Deutschland, Italien, Frankreich, der Schweiz und Slowenien.<\/strong><\/strong><\/p>\n<\/div>\n<\/div>\n\n\n\n<div class=\"wp-block-group m-teaser o-grid u-md-1 is-layout-flow wp-block-group-is-layout-flow\">\n<div class=\"wp-block-group u-g-7 u-g-s-2 is-layout-flow wp-block-group-is-layout-flow\" style=\"margin-bottom:var(--wp--preset--spacing--s)\"><form action=\"https:\/\/www.leeb-balkone.com\/ch\/wp-json\/ws-form\/v1\/submit\" class=\"wsf-form wsf-form-canvas\" id=\"ws-form-1\" data-id=\"26\" data-instance-id=\"1\" method=\"POST\"><\/form>\n<\/div>\n\n\n\n<div class=\"wp-block-group u-g-3 u-g-s-9 is-layout-flow wp-block-group-is-layout-flow\"><div class=\"t3-sidebar-buttons wp-block-buttons is-layout-flex wp-block-buttons-is-layout-flex\"><div class=\"wp-block-button is-style-fill icon-book icon-left\">\n                        <a class=\"wp-block-button__link has-secondary-color has-white-background-color has-text-color has-background has-link-color wp-element-button\" href=\"https:\/\/www.leeb-balkone.com\/ch\/kontakt\/katalog-anfordern\/\" style=\"box-shadow:var(--wp--preset--shadow--box-shadow)\">Katalog anfordern<\/a>\n                    <\/div><div class=\"wp-block-button is-style-fill icon-phone-new icon-left\">\n                        <a class=\"wp-block-button__link has-secondary-color has-white-background-color has-text-color has-background has-link-color wp-element-button\" href=\"tel:+41555361653\">Telefon Schweiz <span class=\"sr-only\"> Telefon: +41 555 3616 53<\/span><\/a>\n                    <\/div><\/div>\n<\/div>\n<\/div>\n<\/section>\n\n\n\n<p><\/p>\n","protected":false},"excerpt":{"rendered":"","protected":false},"author":4,"featured_media":0,"parent":158603,"menu_order":77,"comment_status":"closed","ping_status":"closed","template":"template-onepager.blade.php","meta":{"_acf_changed":false,"footnotes":"","_sage_theme_css":true,"_wp_block_core_css":true},"folder":[250],"class_list":["post-162905","page","type-page","status-publish","hentry"],"acf":[],"yoast_head":"<!-- This site is optimized with the Yoast SEO plugin v27.2 - https:\/\/yoast.com\/product\/yoast-seo-wordpress\/ -->\n<title>Solar Carport - Leeb Balkone Schweiz<\/title>\n<meta name=\"description\" content=\"Der&nbsp;Leeb Solar Carport&nbsp;ist eine innovative Carport-L\u00f6sung, die mit hochwertigen Photovoltaik(PV)-Modulen ausgestattet ist und damit nicht nur\" \/>\n<meta name=\"robots\" content=\"index, follow, max-snippet:-1, max-image-preview:large, max-video-preview:-1\" \/>\n<meta property=\"og:locale\" content=\"de_DE\" \/>\n<meta property=\"og:type\" content=\"article\" \/>\n<meta property=\"og:title\" content=\"Solar Carport - Leeb Balkone\" \/>\n<meta property=\"og:description\" content=\"Der&nbsp;Leeb Solar Carport&nbsp;ist eine innovative Carport-L\u00f6sung, die mit hochwertigen Photovoltaik(PV)-Modulen ausgestattet ist und damit nicht nur\" \/>\n<meta property=\"og:url\" content=\"https:\/\/www.leeb-balkone.com\/ch\/solar\/solar-carport\/\" \/>\n<meta property=\"og:site_name\" content=\"Leeb Balkone\" \/>\n<meta property=\"article:publisher\" content=\"https:\/\/www.facebook.com\/balkone\/\" \/>\n<meta property=\"article:modified_time\" content=\"2026-04-15T14:58:45+00:00\" \/>\n<meta property=\"og:image\" content=\"https:\/\/www.leeb-balkone.com\/app\/uploads\/2022\/07\/Solarcarport-mit-zwei-Autos-Ansicht-von-schraeg-unten-scaled.jpg\" \/>\n\t<meta property=\"og:image:width\" content=\"2560\" \/>\n\t<meta property=\"og:image:height\" content=\"1829\" \/>\n\t<meta property=\"og:image:type\" content=\"image\/jpeg\" \/>\n<meta name=\"twitter:card\" content=\"summary_large_image\" \/>\n<script type=\"application\/ld+json\" class=\"yoast-schema-graph\">{\"@context\":\"https:\/\/schema.org\",\"@graph\":[{\"@type\":\"WebPage\",\"@id\":\"https:\/\/www.leeb-balkone.com\/ch\/solar\/solar-carport\/\",\"url\":\"https:\/\/www.leeb-balkone.com\/ch\/solar\/solar-carport\/\",\"name\":\"Solar Carport - Leeb Balkone\",\"isPartOf\":{\"@id\":\"https:\/\/www.leeb-balkone.com\/ch\/#website\"},\"primaryImageOfPage\":{\"@id\":\"https:\/\/www.leeb-balkone.com\/ch\/solar\/solar-carport\/#primaryimage\"},\"image\":{\"@id\":\"https:\/\/www.leeb-balkone.com\/ch\/solar\/solar-carport\/#primaryimage\"},\"thumbnailUrl\":\"https:\/\/www.leeb-balkone.com\/app\/uploads\/2022\/07\/Solarcarport-mit-zwei-Autos-Ansicht-von-schraeg-unten-1024x731.jpg\",\"datePublished\":\"2026-01-13T13:11:14+00:00\",\"dateModified\":\"2026-04-15T14:58:45+00:00\",\"description\":\"Der&nbsp;Leeb Solar Carport&nbsp;ist eine innovative Carport-L\u00f6sung, die mit hochwertigen Photovoltaik(PV)-Modulen ausgestattet ist und damit nicht nur\",\"breadcrumb\":{\"@id\":\"https:\/\/www.leeb-balkone.com\/ch\/solar\/solar-carport\/#breadcrumb\"},\"inLanguage\":\"de-CH\",\"potentialAction\":[{\"@type\":\"ReadAction\",\"target\":[\"https:\/\/www.leeb-balkone.com\/ch\/solar\/solar-carport\/\"]}]},{\"@type\":\"ImageObject\",\"inLanguage\":\"de-CH\",\"@id\":\"https:\/\/www.leeb-balkone.com\/ch\/solar\/solar-carport\/#primaryimage\",\"url\":\"https:\/\/www.leeb-balkone.com\/app\/uploads\/2022\/07\/Solarcarport-mit-zwei-Autos-Ansicht-von-schraeg-unten-1024x731.jpg\",\"contentUrl\":\"https:\/\/www.leeb-balkone.com\/app\/uploads\/2022\/07\/Solarcarport-mit-zwei-Autos-Ansicht-von-schraeg-unten-1024x731.jpg\"},{\"@type\":\"BreadcrumbList\",\"@id\":\"https:\/\/www.leeb-balkone.com\/ch\/solar\/solar-carport\/#breadcrumb\",\"itemListElement\":[{\"@type\":\"ListItem\",\"position\":1,\"name\":\"Home\",\"item\":\"https:\/\/www.leeb-balkone.com\/ch\/\"},{\"@type\":\"ListItem\",\"position\":2,\"name\":\"Solarprodukte\",\"item\":\"https:\/\/www.leeb-balkone.com\/ch\/solar\/\"},{\"@type\":\"ListItem\",\"position\":3,\"name\":\"Solar Carport\"}]},{\"@type\":\"WebSite\",\"@id\":\"https:\/\/www.leeb-balkone.com\/ch\/#website\",\"url\":\"https:\/\/www.leeb-balkone.com\/ch\/\",\"name\":\"Leeb Balkone\",\"description\":\"Balkone und Z\u00e4une\",\"publisher\":{\"@id\":\"https:\/\/www.leeb-balkone.com\/ch\/#organization\"},\"potentialAction\":[{\"@type\":\"SearchAction\",\"target\":{\"@type\":\"EntryPoint\",\"urlTemplate\":\"https:\/\/www.leeb-balkone.com\/ch\/?s={search_term_string}\"},\"query-input\":{\"@type\":\"PropertyValueSpecification\",\"valueRequired\":true,\"valueName\":\"search_term_string\"}}],\"inLanguage\":\"de-CH\"},{\"@type\":\"Organization\",\"@id\":\"https:\/\/www.leeb-balkone.com\/ch\/#organization\",\"name\":\"Leeb Balkone Gmbh\",\"url\":\"https:\/\/www.leeb-balkone.com\/ch\/\",\"logo\":{\"@type\":\"ImageObject\",\"inLanguage\":\"de-CH\",\"@id\":\"https:\/\/www.leeb-balkone.com\/ch\/#\/schema\/logo\/image\/\",\"url\":\"https:\/\/www.leeb-balkone.com\/app\/uploads\/2020\/11\/leeb-logo.svg\",\"contentUrl\":\"https:\/\/www.leeb-balkone.com\/app\/uploads\/2020\/11\/leeb-logo.svg\",\"width\":741,\"height\":204,\"caption\":\"Leeb Balkone Gmbh\"},\"image\":{\"@id\":\"https:\/\/www.leeb-balkone.com\/ch\/#\/schema\/logo\/image\/\"},\"sameAs\":[\"https:\/\/www.facebook.com\/balkone\/\",\"https:\/\/www.trustedshops.at\/bewertung\/info_X4587CCF5833E31AFE0B11F47D86999F2.html\",\"https:\/\/www.trustedshops.de\/bewertung\/info_X7BA536A7A0BDC86D36C4718E4DCAEEEF.html\",\"https:\/\/www.google.com\/maps\/place\/?q=place_id:ChIJ5-zH19-IcEcR9HonWRTllHI\"]}]}<\/script>\n<!-- \/ Yoast SEO plugin. -->","yoast_head_json":{"title":"Solar Carport - Leeb Balkone Schweiz","description":"Der&nbsp;Leeb Solar Carport&nbsp;ist eine innovative Carport-L\u00f6sung, die mit hochwertigen Photovoltaik(PV)-Modulen ausgestattet ist und damit nicht nur","robots":{"index":"index","follow":"follow","max-snippet":"max-snippet:-1","max-image-preview":"max-image-preview:large","max-video-preview":"max-video-preview:-1"},"og_locale":"de_DE","og_type":"article","og_title":"Solar Carport - Leeb Balkone","og_description":"Der&nbsp;Leeb Solar Carport&nbsp;ist eine innovative Carport-L\u00f6sung, die mit hochwertigen Photovoltaik(PV)-Modulen ausgestattet ist und damit nicht nur","og_url":"https:\/\/www.leeb-balkone.com\/ch\/solar\/solar-carport\/","og_site_name":"Leeb Balkone","article_publisher":"https:\/\/www.facebook.com\/balkone\/","article_modified_time":"2026-04-15T14:58:45+00:00","og_image":[{"width":2560,"height":1829,"url":"https:\/\/www.leeb-balkone.com\/app\/uploads\/2022\/07\/Solarcarport-mit-zwei-Autos-Ansicht-von-schraeg-unten-scaled.jpg","type":"image\/jpeg"}],"twitter_card":"summary_large_image","schema":{"@context":"https:\/\/schema.org","@graph":[{"@type":"WebPage","@id":"https:\/\/www.leeb-balkone.com\/ch\/solar\/solar-carport\/","url":"https:\/\/www.leeb-balkone.com\/ch\/solar\/solar-carport\/","name":"Solar Carport - Leeb Balkone","isPartOf":{"@id":"https:\/\/www.leeb-balkone.com\/ch\/#website"},"primaryImageOfPage":{"@id":"https:\/\/www.leeb-balkone.com\/ch\/solar\/solar-carport\/#primaryimage"},"image":{"@id":"https:\/\/www.leeb-balkone.com\/ch\/solar\/solar-carport\/#primaryimage"},"thumbnailUrl":"https:\/\/www.leeb-balkone.com\/app\/uploads\/2022\/07\/Solarcarport-mit-zwei-Autos-Ansicht-von-schraeg-unten-1024x731.jpg","datePublished":"2026-01-13T13:11:14+00:00","dateModified":"2026-04-15T14:58:45+00:00","description":"Der&nbsp;Leeb Solar Carport&nbsp;ist eine innovative Carport-L\u00f6sung, die mit hochwertigen Photovoltaik(PV)-Modulen ausgestattet ist und damit nicht nur","breadcrumb":{"@id":"https:\/\/www.leeb-balkone.com\/ch\/solar\/solar-carport\/#breadcrumb"},"inLanguage":"de-CH","potentialAction":[{"@type":"ReadAction","target":["https:\/\/www.leeb-balkone.com\/ch\/solar\/solar-carport\/"]}]},{"@type":"ImageObject","inLanguage":"de-CH","@id":"https:\/\/www.leeb-balkone.com\/ch\/solar\/solar-carport\/#primaryimage","url":"https:\/\/www.leeb-balkone.com\/app\/uploads\/2022\/07\/Solarcarport-mit-zwei-Autos-Ansicht-von-schraeg-unten-1024x731.jpg","contentUrl":"https:\/\/www.leeb-balkone.com\/app\/uploads\/2022\/07\/Solarcarport-mit-zwei-Autos-Ansicht-von-schraeg-unten-1024x731.jpg"},{"@type":"BreadcrumbList","@id":"https:\/\/www.leeb-balkone.com\/ch\/solar\/solar-carport\/#breadcrumb","itemListElement":[{"@type":"ListItem","position":1,"name":"Home","item":"https:\/\/www.leeb-balkone.com\/ch\/"},{"@type":"ListItem","position":2,"name":"Solarprodukte","item":"https:\/\/www.leeb-balkone.com\/ch\/solar\/"},{"@type":"ListItem","position":3,"name":"Solar Carport"}]},{"@type":"WebSite","@id":"https:\/\/www.leeb-balkone.com\/ch\/#website","url":"https:\/\/www.leeb-balkone.com\/ch\/","name":"Leeb Balkone","description":"Balkone und Z\u00e4une","publisher":{"@id":"https:\/\/www.leeb-balkone.com\/ch\/#organization"},"potentialAction":[{"@type":"SearchAction","target":{"@type":"EntryPoint","urlTemplate":"https:\/\/www.leeb-balkone.com\/ch\/?s={search_term_string}"},"query-input":{"@type":"PropertyValueSpecification","valueRequired":true,"valueName":"search_term_string"}}],"inLanguage":"de-CH"},{"@type":"Organization","@id":"https:\/\/www.leeb-balkone.com\/ch\/#organization","name":"Leeb Balkone Gmbh","url":"https:\/\/www.leeb-balkone.com\/ch\/","logo":{"@type":"ImageObject","inLanguage":"de-CH","@id":"https:\/\/www.leeb-balkone.com\/ch\/#\/schema\/logo\/image\/","url":"https:\/\/www.leeb-balkone.com\/app\/uploads\/2020\/11\/leeb-logo.svg","contentUrl":"https:\/\/www.leeb-balkone.com\/app\/uploads\/2020\/11\/leeb-logo.svg","width":741,"height":204,"caption":"Leeb Balkone Gmbh"},"image":{"@id":"https:\/\/www.leeb-balkone.com\/ch\/#\/schema\/logo\/image\/"},"sameAs":["https:\/\/www.facebook.com\/balkone\/","https:\/\/www.trustedshops.at\/bewertung\/info_X4587CCF5833E31AFE0B11F47D86999F2.html","https:\/\/www.trustedshops.de\/bewertung\/info_X7BA536A7A0BDC86D36C4718E4DCAEEEF.html","https:\/\/www.google.com\/maps\/place\/?q=place_id:ChIJ5-zH19-IcEcR9HonWRTllHI"]}]}},"_links":{"self":[{"href":"https:\/\/www.leeb-balkone.com\/ch\/wp-json\/wp\/v2\/pages\/162905","targetHints":{"allow":["GET"]}}],"collection":[{"href":"https:\/\/www.leeb-balkone.com\/ch\/wp-json\/wp\/v2\/pages"}],"about":[{"href":"https:\/\/www.leeb-balkone.com\/ch\/wp-json\/wp\/v2\/types\/page"}],"author":[{"embeddable":true,"href":"https:\/\/www.leeb-balkone.com\/ch\/wp-json\/wp\/v2\/users\/4"}],"replies":[{"embeddable":true,"href":"https:\/\/www.leeb-balkone.com\/ch\/wp-json\/wp\/v2\/comments?post=162905"}],"version-history":[{"count":2,"href":"https:\/\/www.leeb-balkone.com\/ch\/wp-json\/wp\/v2\/pages\/162905\/revisions"}],"predecessor-version":[{"id":167842,"href":"https:\/\/www.leeb-balkone.com\/ch\/wp-json\/wp\/v2\/pages\/162905\/revisions\/167842"}],"up":[{"embeddable":true,"href":"https:\/\/www.leeb-balkone.com\/ch\/wp-json\/wp\/v2\/pages\/158603"}],"wp:attachment":[{"href":"https:\/\/www.leeb-balkone.com\/ch\/wp-json\/wp\/v2\/media?parent=162905"}],"wp:term":[{"taxonomy":"folder","embeddable":true,"href":"https:\/\/www.leeb-balkone.com\/ch\/wp-json\/wp\/v2\/folder?post=162905"}],"curies":[{"name":"wp","href":"https:\/\/api.w.org\/{rel}","templated":true}]}}