{"id":157116,"date":"2025-09-13T14:43:29","date_gmt":"2025-09-13T14:43:29","guid":{"rendered":"https:\/\/www.leeb-balkone.com\/de\/anbaubalkone\/balkonboden-terrassenboden\/"},"modified":"2026-04-15T14:49:59","modified_gmt":"2026-04-15T14:49:59","slug":"balkonboden-terrassenboden","status":"publish","type":"page","link":"https:\/\/www.leeb-balkone.com\/ch\/anbaubalkone\/balkonboden-terrassenboden\/","title":{"rendered":"Balkon- und Terrassenboden"},"content":{"rendered":"\n<section class=\"wp-block-group alignfull t3-header t3-header-splitscreen t3-splitscreen-shadow h-zi-20 has-light-gray-background-color has-background has-global-padding is-layout-constrained wp-container-core-group-is-layout-f1ad4950 wp-block-group-is-layout-constrained\" style=\"padding-top:0;padding-bottom:0\">\n<div class=\"wp-block-columns h-flx-a-s m-split is-layout-flex wp-container-core-columns-is-layout-28f84493 wp-block-columns-is-layout-flex\">\n<div class=\"wp-block-column is-vertically-aligned-top h-flx-a-s m-split-col-content is-layout-flow wp-block-column-is-layout-flow\"><div class=\"yoast-breadcrumbs\"><span><span><a href=\"https:\/\/www.leeb-balkone.com\/ch\/\">Home<\/a><\/span> \/ <span><a href=\"https:\/\/www.leeb-balkone.com\/ch\/anbaubalkone\/\">Anbaubalkone<\/a><\/span> \/ <span class=\"breadcrumb_last\" aria-current=\"page\">Balkon- und Terrassenboden<\/span><\/span><\/div>\n\n<h1 class=\"wp-block-post-title\">Balkon- und Terrassenboden<\/h1>\n\n\n<p class=\"has-step-0-font-size\" style=\"margin-bottom:0\">Unsere witterungsbest\u00e4ndigen Balkon- und Terrassenb\u00f6den sind farblich und funktional auf Ihr Leeb-Balkonmodell abgestimmt. Balkonb\u00f6den aus Aluminium sind auf Wunsch in nahezu jeder RAL-Farbe und t\u00e4uschend echten Holzoptiken lieferbar.<\/p>\n\n\n\n<div class=\"wp-block-buttons is-layout-flex wp-block-buttons-is-layout-flex\" style=\"margin-top:var(--wp--preset--spacing--l)\">\n<div class=\"wp-block-button is-style-cta icon-book icon-left\"><a class=\"wp-block-button__link wp-element-button\" href=\"https:\/\/www.leeb-balkone.com\/ch\/kontakt\/katalog-anfordern\/\">Katalog anfordern<\/a><\/div>\n\n\n\n<div class=\"wp-block-button is-style-cta icon-vp icon-left\"><a class=\"wp-block-button__link wp-element-button\" href=\"https:\/\/www.leeb-balkone.com\/ch\/vertriebspartner\/\">Ansprechpartner finden<span class=\"sr-only\"> Schweiz<\/span><\/a><\/div>\n<\/div>\n<\/div>\n\n\n\n<div class=\"wp-block-column is-vertically-aligned-stretch h-hide-md-down is-style-image-cover is-layout-flow wp-block-column-is-layout-flow\">\n<figure class=\"wp-block-image size-large\"><img loading=\"lazy\" decoding=\"async\" width=\"1024\" height=\"682\" src=\"https:\/\/www.leeb-balkone.com\/app\/uploads\/2020\/07\/balkon-terrassenboden-alu-12-1024x682.jpg\" alt=\"Renovierte Terrasse mit Aluboden in Holzoptik\" class=\"wp-image-7177\" srcset=\"https:\/\/www.leeb-balkone.com\/app\/uploads\/2020\/07\/balkon-terrassenboden-alu-12-1024x682.jpg 1024w, https:\/\/www.leeb-balkone.com\/app\/uploads\/2020\/07\/balkon-terrassenboden-alu-12-300x200.jpg 300w, https:\/\/www.leeb-balkone.com\/app\/uploads\/2020\/07\/balkon-terrassenboden-alu-12-768x512.jpg 768w, https:\/\/www.leeb-balkone.com\/app\/uploads\/2020\/07\/balkon-terrassenboden-alu-12-1536x1023.jpg 1536w, https:\/\/www.leeb-balkone.com\/app\/uploads\/2020\/07\/balkon-terrassenboden-alu-12-2048x1364.jpg 2048w\" sizes=\"auto, (max-width: 1024px) 100vw, 1024px\" \/><\/figure>\n<\/div>\n<\/div>\n<\/section>\n\n\n\n<section class=\"wp-block-group alignfull has-white-background-color has-background has-global-padding is-layout-constrained wp-container-core-group-is-layout-52f96efc wp-block-group-is-layout-constrained\" id=\"modelle\">\n<div class=\"wp-block-group m-teaser o-grid u-md-1 is-layout-flow wp-block-group-is-layout-flow\">\n<div class=\"wp-block-group u-g-9 u-g-s-2 is-layout-flow wp-block-group-is-layout-flow\" style=\"margin-bottom:var(--wp--preset--spacing--s)\">\n<p class=\"has-text-align-left\"><strong><strong><em>Sch\u00f6n und sicher draussen leben \u2013 auf unseren Balkon- und Terrassenb\u00f6den.<\/em><\/strong><\/strong><\/p>\n<\/div>\n<\/div>\n\n\n\n<div class=\"wp-block-columns is-layout-flex wp-container-core-columns-is-layout-28f84493 wp-block-columns-is-layout-flex\">\n<div class=\"wp-block-column is-layout-flow wp-block-column-is-layout-flow\" style=\"flex-basis:66.66%\"><div class=\"tgs-gallery\" data-tablet-slides=\"4\" data-desktop-slides=\"5\"><div class=\"t3-tgs swiper mainSlider\">\n                <div class=\"has-icon icon-enlarge\"><\/div>\n                <div class=\"swiper-wrapper lg-swiper\"><div class=\"swiper-slide\"><a href=\"https:\/\/www.leeb-balkone.com\/app\/uploads\/2020\/07\/balkon-terrassenboden-holz-accoya-02.jpg\"><img decoding=\"async\" src=\"https:\/\/www.leeb-balkone.com\/app\/uploads\/2020\/07\/balkon-terrassenboden-holz-accoya-02.jpg\" alt=\"Anbaubalkon mit Boden aus Accoya-Holz\"><\/a><div class=\"tgs-desc\">Accoya-Holzboden (naturbelassen oder in grau erh\u00e4ltlich)<\/div><\/div><div class=\"swiper-slide\"><a href=\"https:\/\/www.leeb-balkone.com\/app\/uploads\/2025\/07\/anbaubalkon-mit-stuetzen-feinsteinzeugboden-holzoptik-oak-scaled.jpg\"><img decoding=\"async\" src=\"https:\/\/www.leeb-balkone.com\/app\/uploads\/2025\/07\/anbaubalkon-mit-stuetzen-feinsteinzeugboden-holzoptik-oak-scaled.jpg\" alt=\"anbaubalkon mit stuetzen feinsteinzeugboden holzoptik oak\"><\/a><div class=\"tgs-desc\">Feinsteinzeugboden in Holzoptik (OAK)<\/div><\/div><div class=\"swiper-slide\"><a href=\"https:\/\/www.leeb-balkone.com\/app\/uploads\/2025\/07\/anbaubalkon-mit-stuetzen-alubodengreywood-scaled.jpeg\"><img decoding=\"async\" src=\"https:\/\/www.leeb-balkone.com\/app\/uploads\/2025\/07\/anbaubalkon-mit-stuetzen-alubodengreywood-scaled.jpeg\" alt=\"anbaubalkon mit stuetzen alubodengreywood\"><\/a><div class=\"tgs-desc\">Anbaubalkon mit Aluminiumboden in Holzoptik (Greywood)<\/div><\/div><div class=\"swiper-slide\"><a href=\"https:\/\/www.leeb-balkone.com\/app\/uploads\/2025\/07\/Balkon-mit-Aluboden-grau-scaled.jpeg\"><img decoding=\"async\" src=\"https:\/\/www.leeb-balkone.com\/app\/uploads\/2025\/07\/Balkon-mit-Aluboden-grau-scaled.jpeg\" alt=\"Balkon mit Aluboden grau\"><\/a><div class=\"tgs-desc\">Balkongel\u00e4nder mit grauen Aluminiumboden<\/div><\/div><div class=\"swiper-slide\"><a href=\"https:\/\/www.leeb-balkone.com\/app\/uploads\/2024\/10\/anbaubalkon-terrassenboden-glas-casalinea.png\"><img decoding=\"async\" src=\"https:\/\/www.leeb-balkone.com\/app\/uploads\/2024\/10\/anbaubalkon-terrassenboden-glas-casalinea.png\" alt=\"anbaubalkon terrassenboden glas casalinea\"><\/a><div class=\"tgs-desc\">optionaler Glasbodeneinsatz mit Antirutschfunktion <\/div><\/div><\/div><div class=\"mainSliderPrev\"><\/div><div class=\"mainSliderNext\"><\/div><div class=\"main_slider_dots\"><\/div><\/div><div class=\"swiper thumbSlider\"><div class=\"swiper-wrapper wp-block-t3-carousel-wrapper\"><div class=\"swiper-slide\"><img decoding=\"async\" src=\"https:\/\/www.leeb-balkone.com\/app\/uploads\/2020\/07\/balkon-terrassenboden-holz-accoya-02-1024x683.jpg\" alt=\"Anbaubalkon mit Boden aus Accoya-Holz\" \/><\/div><div class=\"swiper-slide\"><img decoding=\"async\" src=\"https:\/\/www.leeb-balkone.com\/app\/uploads\/2025\/07\/anbaubalkon-mit-stuetzen-feinsteinzeugboden-holzoptik-oak-1024x683.jpg\" alt=\"anbaubalkon mit stuetzen feinsteinzeugboden holzoptik oak\" \/><\/div><div class=\"swiper-slide\"><img decoding=\"async\" src=\"https:\/\/www.leeb-balkone.com\/app\/uploads\/2025\/07\/anbaubalkon-mit-stuetzen-alubodengreywood-1024x683.jpeg\" alt=\"anbaubalkon mit stuetzen alubodengreywood\" \/><\/div><div class=\"swiper-slide\"><img decoding=\"async\" src=\"https:\/\/www.leeb-balkone.com\/app\/uploads\/2025\/07\/Balkon-mit-Aluboden-grau-1024x683.jpeg\" alt=\"Balkon mit Aluboden grau\" \/><\/div><div class=\"swiper-slide\"><img decoding=\"async\" src=\"https:\/\/www.leeb-balkone.com\/app\/uploads\/2024\/10\/anbaubalkon-terrassenboden-glas-casalinea-1024x684.png\" alt=\"anbaubalkon terrassenboden glas casalinea\" \/><\/div><\/div><div class=\"thumbSliderPrev swiper-button-prev\"><\/div><div class=\"thumbSliderNext swiper-button-next\"><\/div><\/div><\/div><\/div>\n\n\n\n<div class=\"wp-block-column is-layout-flow wp-block-column-is-layout-flow\" style=\"flex-basis:33.33%\">\n<h2 class=\"wp-block-heading has-step-2-font-size\">Balkon- und Terrassendielen<\/h2>\n\n\n\n<p>Leeb bietet Balkon- und Terrassenb\u00f6den aus besonders widerstandsf\u00e4higen Materialien, die sowohl optisch als auch funktional \u00fcberzeugen. Balkon- und Terrassendielen aus Aluminium sind in der gewohnten Leeb Gestaltungsvielfalt verf\u00fcgbar, Holzb\u00f6den traditionell in L\u00e4rche oder aus modernem Accoya. Hochwertige Steinb\u00f6den stehen erg\u00e4nzend zur Auswahl.<\/p>\n\n\n\n<p class=\"has-step-s-font-size\"><strong>Hinweis<\/strong>: Leeb B\u00f6den sind im Regelfall nur im Zusammenhang mit Leeb Balkonen, \u00dcberdachungen oder hochwertigen Sanierungen erh\u00e4ltlich \u2013 so ist garantiert, dass Unterkonstruktion und Deckbelag optimal zusammenpassen f\u00fcr jahrzehntelange Freude.<\/p>\n<\/div>\n<\/div>\n\n\n\n<div class=\"wp-block-group m-teaser o-grid u-md-1 is-layout-flow wp-block-group-is-layout-flow\" style=\"margin-top:0;padding-top:var(--wp--preset--spacing--xl-2-xl)\">\n<div class=\"wp-block-group u-g-10 u-g-s-2 is-layout-flow wp-block-group-is-layout-flow\" style=\"margin-top:0;margin-bottom:var(--wp--preset--spacing--s)\"><div class=\"wp-block-t3-tabs t3-tabs t3-tabs--centered t3-tabs--use-headings t3-tabs--heading-h3\" data-uniqueid=\"tabs-8f57f258\" data-use-headings=\"true\" data-heading-level=\"h3\"><ul class=\"t3-tabs__list\" role=\"tablist\"><li role=\"presentation\"><button role=\"tab\" id=\"tabs-8f57f258-tab-0\" aria-controls=\"tabs-8f57f258-panel-0\" class=\"t3-tabs__tab-button t3-tabs__tab-button--heading t3-tabs__tab-button--active\" aria-selected=\"true\" tabindex=\"0\"><div class=\"t3-tabs__tab-button-inner\"><span class=\"t3-tabs__tab-title\">Aluminium<\/span><\/div><\/button><\/li><li role=\"presentation\"><button role=\"tab\" id=\"tabs-8f57f258-tab-1\" aria-controls=\"tabs-8f57f258-panel-1\" class=\"t3-tabs__tab-button t3-tabs__tab-button--heading\" aria-selected=\"false\" tabindex=\"-1\"><div class=\"t3-tabs__tab-button-inner\"><span class=\"t3-tabs__tab-title\">Glas<\/span><\/div><\/button><\/li><li role=\"presentation\"><button role=\"tab\" id=\"tabs-8f57f258-tab-2\" aria-controls=\"tabs-8f57f258-panel-2\" class=\"t3-tabs__tab-button t3-tabs__tab-button--heading\" aria-selected=\"false\" tabindex=\"-1\"><div class=\"t3-tabs__tab-button-inner\"><span class=\"t3-tabs__tab-title\">Stein<\/span><\/div><\/button><\/li><li role=\"presentation\"><button role=\"tab\" id=\"tabs-8f57f258-tab-3\" aria-controls=\"tabs-8f57f258-panel-3\" class=\"t3-tabs__tab-button t3-tabs__tab-button--heading\" aria-selected=\"false\" tabindex=\"-1\"><div class=\"t3-tabs__tab-button-inner\"><span class=\"t3-tabs__tab-title\">Holz<\/span><\/div><\/button><\/li><\/ul><div class=\"t3-tabs__panels\"><div class=\"t3-tab__content t3-tabs__panel\" role=\"tabpanel\" id=\"tabs-8f57f258-panel-0\" aria-labelledby=\"tabs-8f57f258-tab-0\"><h3 class=\"sr-only\">Aluminium<\/h3>\n<p><strong>Aluminium Balkon- und Terrassendielen<\/strong> von Leeb stehen f\u00fcr maximale Widerstandsf\u00e4higkeit, modernen Look und Pflegeleichtigkeit. Sie werden individuell gefertigt, passen sich flexibel jeder Architektur an und \u00fcberzeugen durch herausragende Material- und Detailqualit\u00e4t.<\/p>\n\n\n\n<ul class=\"wp-block-list\">\n<li>Strapazierf\u00e4hig: Hohe Belastbarkeit, witterungsfest, rostet nicht.<\/li>\n\n\n\n<li>Pflegeleicht: Kein Streichen, einfach zu reinigen dank glatter Oberfl\u00e4che und Lotus-Effekt durch ALU COMFORT PLUS\u00ae-Pulverbeschichtung.<\/li>\n\n\n\n<li>Vielfalt: In \u00fcber 200 RAL-Farben und 13 Holzdekoren erh\u00e4ltlich \u2013 f\u00fcr jeden Stil die passende Optik.<\/li>\n\n\n\n<li>Langlebig: Dauerhaft sch\u00f6n, UV- und farbbest\u00e4ndig, nahezu wartungsfrei.<\/li>\n\n\n\n<li>Individuell: Ma\u00dfanfertigung auf Wunsch, flexibel f\u00fcr Sanierung, Neubau oder Nachr\u00fcstung.<\/li>\n\n\n\n<li>Barrierearm: Fugenarm und mit rutschhemmender Oberfl\u00e4che f\u00fcr bequemen und sicheren Auftritt.<\/li>\n\n\n\n<li>Nachhaltig: Recycelbarer Werkstoff, produziert in \u00d6sterreich nach h\u00f6chsten Qualit\u00e4tsstandards.<\/li>\n\n\n\n<li>Kompatibel: Optimal abgestimmt auf alle Leeb Balkon- und Terrassenmodelle, auch ideal f\u00fcr Sanierungen geeignet.<\/li>\n<\/ul>\n<\/div><div class=\"t3-tab__content t3-tabs__panel\" role=\"tabpanel\" id=\"tabs-8f57f258-panel-1\" aria-labelledby=\"tabs-8f57f258-tab-1\"><h3 class=\"sr-only\">Glas<\/h3>\n<p><strong>Glasbodeneins\u00e4tze<\/strong> von Leeb sind architektonisches Highlight und garantieren maximale Lichtdurchl\u00e4ssigkeit bei gleichzeitig hoher Trittsicherheit. Sie verleihen jedem Balkon und jeder Terrasse eine exklusive Optik.<\/p>\n\n\n\n<ul class=\"wp-block-list\">\n<li>Lichtdurchflutet: Hohe Transparenz f\u00fcr maximalen Lichteinfall \u2013 ideal f\u00fcr luftige, moderne L\u00f6sungen.<\/li>\n\n\n\n<li>Rutschhemmend: Spezieller Siebdruck sorgt f\u00fcr sichere Oberfl\u00e4che auch bei N\u00e4sse.<\/li>\n\n\n\n<li>Elegant: Dezente Optik, effektvolle Lichtreflexe, unterstreicht jedes architektonische Konzept.<\/li>\n\n\n\n<li>Robust: ESG- oder VSG-Sicherheitsglas, besonders pflegeleicht und witterungsbest\u00e4ndig.<\/li>\n\n\n\n<li>Individualisierbar: Unterschiedliche Siebdruck-Designs und T\u00f6nungen m\u00f6glich.<\/li>\n\n\n\n<li>Kompatibel: Perfekt abgestimmt auf Leeb Balkon- und Terrassenmodelle.<\/li>\n\n\n\n<li>Pflegeleicht: Glatte Oberfl\u00e4che l\u00e4sst sich einfach reinigen, bleibt langfristig sch\u00f6n.<\/li>\n<\/ul>\n<\/div><div class=\"t3-tab__content t3-tabs__panel\" role=\"tabpanel\" id=\"tabs-8f57f258-panel-2\" aria-labelledby=\"tabs-8f57f258-tab-2\"><h3 class=\"sr-only\">Stein<\/h3>\n<p><strong>Feinsteinzeugb\u00f6den<\/strong> stehen f\u00fcr zeitlose Eleganz, massive Wertigkeit und dauerhafte Pflegeleichtigkeit. Sie eignen sich f\u00fcr anspruchsvolle Au\u00dfenbereiche und wirken besonders hochwertig.<\/p>\n\n\n\n<ul class=\"wp-block-list\">\n<li>Elegant: Hochwertige Steinoptik in unterschiedlichen Farben und Strukturen von modern bis klassisch.<\/li>\n\n\n\n<li>Belastbar: Sehr hohe Widerstandsf\u00e4higkeit gegen Abrieb, Kratzer und Witterungseinfl\u00fcsse.<\/li>\n\n\n\n<li>Pflegeleicht: Schmutzabweisend, leicht zu reinigen, keine Impr\u00e4gnierung erforderlich.<\/li>\n\n\n\n<li>Widerstandsf\u00e4hig: Frostsicher, UV-best\u00e4ndig, farbecht und unempfindlich gegen\u00fcber Temperaturschwankungen.<\/li>\n\n\n\n<li>Sicher: Rutschhemmende Oberfl\u00e4chenstrukturen f\u00fcr sicheren Tritt.<\/li>\n\n\n\n<li>Vielseitig: Verschiedene Formate und Designs, auf jedes Leeb System anpassbar.<\/li>\n\n\n\n<li>Barrierearm: Fugenarm verlegbar; auch ideal f\u00fcr Sanierung.<\/li>\n<\/ul>\n<\/div><div class=\"t3-tab__content t3-tabs__panel\" role=\"tabpanel\" id=\"tabs-8f57f258-panel-3\" aria-labelledby=\"tabs-8f57f258-tab-3\"><h3 class=\"sr-only\">Holz<\/h3>\n<p><strong>L\u00e4rche<\/strong> ist der klassische Werkstoff f\u00fcr Balkon- und Terrassenb\u00f6den, wenn nat\u00fcrliche Optik, warme Ausstrahlung und regionale Herkunft im Vordergrund stehen. Durch ihre harzhaltigen Eigenschaften punktet L\u00e4rche von Natur aus mit hoher Wetterfestigkeit und Robustheit.<\/p>\n\n\n\n<ul class=\"wp-block-list\">\n<li>Nat\u00fcrlich: Markante Maserung, hell-warme Farbgebung, echtes Holzgef\u00fchl.<\/li>\n\n\n\n<li>Traditionell: Seit Jahrzehnten bew\u00e4hrter Bodenbelag f\u00fcr den Au\u00dfenbereich.<\/li>\n\n\n\n<li>Haltbar: Bei regelm\u00e4\u00dfiger Pflege ist ein Balkon- und Terrassenboden aus L\u00e4rche sehr lange haltbar.<\/li>\n\n\n\n<li>Kompatibel: Harmoniert mit allen Leeb Balkon- und Terrassenmodellen.<\/li>\n<\/ul>\n\n\n\n<p><strong>Accoya<\/strong> ist ein modifiziertes Premiumholz, das durch eine spezielle Acetylierung besonders langlebig, formstabil und pflegearm wird. Es vereint nat\u00fcrliche Holzoptik mit modernster Technologie f\u00fcr den kompromisslosen Einsatz im Au\u00dfenbereich.<\/p>\n\n\n\n<ul class=\"wp-block-list\">\n<li>Extrem langlebig: Bis zu 50 Jahre Haltbarkeit im Au\u00dfenbereich, unvergleichliche Resistenz gegen F\u00e4ulnis und Holzsch\u00e4dlinge.<\/li>\n\n\n\n<li>Formbest\u00e4ndig: Verzieht sich kaum, bleibt ma\u00dfhaltig auch bei Feuchtigkeit und Temperaturschwankungen.<\/li>\n\n\n\n<li>Pflegeleicht: Selteneres Nachstreichen, glatte Oberfl\u00e4che, hohe Farbkonstanz.<\/li>\n\n\n\n<li>Nachhaltig: Zertifiziertes Holz aus verantwortungsvoller Quelle, vollst\u00e4ndig ungiftig und recycelbar.<\/li>\n\n\n\n<li>Sicher: Angenehmes Barfu\u00dfgef\u00fchl, splitterarm.<\/li>\n<\/ul>\n<\/div><\/div><\/div><\/div>\n<\/div>\n<\/section>\n\n\n\n<section class=\"wp-block-cover alignfull is-light katalog-cta\" style=\"margin-top:0;margin-bottom:0;padding-top:0;padding-right:0;padding-bottom:0;padding-left:0;min-height:100px;aspect-ratio:unset;\" id=\"beratungsanfrage\"><img loading=\"lazy\" decoding=\"async\" width=\"2560\" height=\"1707\" class=\"wp-block-cover__image-background wp-image-152954 size-full\" alt=\"Schauraum Leeb Tettnang Florian Keller\" src=\"https:\/\/www.leeb-balkone.com\/app\/uploads\/2025\/04\/Schauraum-Leeb-Tettnang-Florian-Keller-17-scaled.jpg\" style=\"object-position:41% 45%\" data-object-fit=\"cover\" data-object-position=\"41% 45%\" srcset=\"https:\/\/www.leeb-balkone.com\/app\/uploads\/2025\/04\/Schauraum-Leeb-Tettnang-Florian-Keller-17-scaled.jpg 2560w, https:\/\/www.leeb-balkone.com\/app\/uploads\/2025\/04\/Schauraum-Leeb-Tettnang-Florian-Keller-17-300x200.jpg 300w, https:\/\/www.leeb-balkone.com\/app\/uploads\/2025\/04\/Schauraum-Leeb-Tettnang-Florian-Keller-17-1024x683.jpg 1024w, https:\/\/www.leeb-balkone.com\/app\/uploads\/2025\/04\/Schauraum-Leeb-Tettnang-Florian-Keller-17-768x512.jpg 768w, https:\/\/www.leeb-balkone.com\/app\/uploads\/2025\/04\/Schauraum-Leeb-Tettnang-Florian-Keller-17-1536x1024.jpg 1536w, https:\/\/www.leeb-balkone.com\/app\/uploads\/2025\/04\/Schauraum-Leeb-Tettnang-Florian-Keller-17-2048x1366.jpg 2048w\" sizes=\"auto, (max-width: 2560px) 100vw, 2560px\" \/><span aria-hidden=\"true\" class=\"wp-block-cover__background has-primary-45-background-color has-background-dim-80 has-background-dim\"><\/span><div class=\"wp-block-cover__inner-container has-global-padding is-layout-constrained wp-container-core-cover-is-layout-f028c7bd wp-block-cover-is-layout-constrained\">\n<div class=\"wp-block-group is-layout-flow wp-block-group-is-layout-flow\" style=\"min-height:0px;margin-top:0;margin-bottom:0;padding-top:var(--wp--preset--spacing--2-xl);padding-bottom:var(--wp--preset--spacing--2-xl);padding-left:0\">\n<div class=\"wp-block-columns are-vertically-aligned-center is-layout-flex wp-container-core-columns-is-layout-0a4bbf16 wp-block-columns-is-layout-flex\" style=\"margin-top:0;margin-bottom:0\">\n<div class=\"wp-block-column is-vertically-aligned-center is-layout-flow wp-block-column-is-layout-flow\" style=\"flex-basis:66.66%\">\n<h2 class=\"wp-block-heading\">Beratungstermin anfordern<\/h2>\n\n\n\n<p class=\"is-style-teaser\">Sie haben Fragen? Nehmen Sie mit uns Kontakt auf und nutzen Sie unser Kontaktformular. Fordern Sie jetzt Ihre pers\u00f6nliche Beratung an \u2013 Ihr Ansprechpartner unterst\u00fctzt Sie gerne individuell bei Planung und Umsetzung Ihres Vorhabens!<\/p>\n<\/div>\n\n\n\n<div class=\"wp-block-column is-vertically-aligned-center is-layout-flow wp-block-column-is-layout-flow\" style=\"flex-basis:33.33%\">\n<div class=\"wp-block-buttons u-m-jc-left is-content-justification-right is-layout-flex wp-container-core-buttons-is-layout-c060c6c7 wp-block-buttons-is-layout-flex\">\n<div class=\"wp-block-button is-style-filled-white large smooth-scroll\"><a class=\"wp-block-button__link wp-element-button\" href=\"#beratungstermin\" style=\"box-shadow:var(--wp--preset--shadow--button-shadow)\">Beratungsanfrage<\/a><\/div>\n<\/div>\n<\/div>\n<\/div>\n<\/div>\n<\/div><\/section>\n\n\n\n<section class=\"wp-block-group alignfull has-light-gray-background-color has-background has-global-padding is-layout-constrained wp-container-core-group-is-layout-52f96efc wp-block-group-is-layout-constrained\" id=\"service-qualitaet\">\n<div class=\"wp-block-group o-grid u-md-1 is-layout-flow wp-block-group-is-layout-flow\">\n<div class=\"wp-block-group u-g-9 u-g-s-2 is-layout-flow wp-block-group-is-layout-flow\" style=\"margin-bottom:var(--wp--preset--spacing--s)\">\n<h2 class=\"wp-block-heading\"><strong>Leeb Balkon- und Terrassenb\u00f6den<\/strong><\/h2>\n\n\n\n<p><span class=\"teaser\">Leeb Balkon- und Terrassenb\u00f6den sind gezielt f\u00fcr eine langj\u00e4hrige und sorgenfreie Nutzung unter freiem Himmel entwickelt bzw. ausgew\u00e4hlt. Mehrere Faktoren und Technologievorteile gew\u00e4hrleisten diese Best\u00e4ndigkeit selbst bei intensiver Witterung.<\/span><\/p>\n\n\n\n<p>Ob Steinplatten, Alumniumdielen oder Holzboden: Sie erhalten eine langlebige, individuell gestaltbare und sichere L\u00f6sung \u2013 von der Planung bis zur Montage aus einer Hand.<\/p>\n<\/div>\n<\/div>\n\n\n\n<div class=\"wp-block-group small is-style-white-cards sm-2-cols is-layout-grid wp-container-core-group-is-layout-7785d981 wp-block-group-is-layout-grid\">\n<div class=\"wp-block-group m-card is-layout-flow wp-container-core-group-is-layout-8a368f38 wp-block-group-is-layout-flow\">\n<figure class=\"wp-block-image size-large is-style-default\"><img loading=\"lazy\" decoding=\"async\" width=\"1024\" height=\"714\" src=\"https:\/\/www.leeb-balkone.com\/app\/uploads\/2023\/09\/objektbau-anbaubalkone-1024x714.jpg\" alt=\"objektbau anbaubalkone\" class=\"wp-image-131849\" srcset=\"https:\/\/www.leeb-balkone.com\/app\/uploads\/2023\/09\/objektbau-anbaubalkone-1024x714.jpg 1024w, https:\/\/www.leeb-balkone.com\/app\/uploads\/2023\/09\/objektbau-anbaubalkone-300x209.jpg 300w, https:\/\/www.leeb-balkone.com\/app\/uploads\/2023\/09\/objektbau-anbaubalkone-768x536.jpg 768w, https:\/\/www.leeb-balkone.com\/app\/uploads\/2023\/09\/objektbau-anbaubalkone-1536x1071.jpg 1536w, https:\/\/www.leeb-balkone.com\/app\/uploads\/2023\/09\/objektbau-anbaubalkone-2048x1428.jpg 2048w\" sizes=\"auto, (max-width: 1024px) 100vw, 1024px\" \/><figcaption class=\"wp-element-caption\">Nachher<\/figcaption><\/figure>\n\n\n\n<div class=\"wp-block-group m-card-content has-white-background-color has-background is-vertical is-layout-flex wp-container-core-group-is-layout-5580f018 wp-block-group-is-layout-flex\">\n<h3 class=\"wp-block-heading\"><strong>Balkonanbau mit Europas Nr. 1<\/strong><\/h3>\n\n\n\n<p>Leeb Balkone ist Ihr Spezialist f\u00fcr ma\u00dfgeschneiderte Anbau- und Vorstellbalkone.<\/p>\n<\/div>\n<\/div>\n\n\n\n<div class=\"wp-block-group m-card is-layout-flow wp-container-core-group-is-layout-8a368f38 wp-block-group-is-layout-flow\">\n<figure class=\"wp-block-image size-large is-style-default\"><img loading=\"lazy\" decoding=\"async\" width=\"1024\" height=\"767\" src=\"https:\/\/www.leeb-balkone.com\/app\/uploads\/2020\/08\/leeb-balkone-mitarbeiter-4-1024x767.jpeg\" alt=\"Montieren eines Leeb Alu-Balkongel\u00e4nders nach Ma\u00df\" class=\"wp-image-6083\" srcset=\"https:\/\/www.leeb-balkone.com\/app\/uploads\/2020\/08\/leeb-balkone-mitarbeiter-4-1024x767.jpeg 1024w, https:\/\/www.leeb-balkone.com\/app\/uploads\/2020\/08\/leeb-balkone-mitarbeiter-4-2048x1535.jpeg 2048w, https:\/\/www.leeb-balkone.com\/app\/uploads\/2020\/08\/leeb-balkone-mitarbeiter-4-300x225.jpeg 300w, https:\/\/www.leeb-balkone.com\/app\/uploads\/2020\/08\/leeb-balkone-mitarbeiter-4-768x575.jpeg 768w, https:\/\/www.leeb-balkone.com\/app\/uploads\/2020\/08\/leeb-balkone-mitarbeiter-4-1536x1151.jpeg 1536w\" sizes=\"auto, (max-width: 1024px) 100vw, 1024px\" \/><\/figure>\n\n\n\n<div class=\"wp-block-group m-card-content has-white-background-color has-background is-vertical is-layout-flex wp-container-core-group-is-layout-5580f018 wp-block-group-is-layout-flex\">\n<h3 class=\"wp-block-heading\">Rundum Service f\u00fcr sorglose Umsetzung<\/h3>\n\n\n\n<p>Beratungsservice vor Ort, 3D-Konfigurator, Werksfertigung, Lieferung und Montage.<\/p>\n<\/div>\n<\/div>\n\n\n\n<div class=\"wp-block-group m-card is-layout-flow wp-container-core-group-is-layout-8a368f38 wp-block-group-is-layout-flow\">\n<figure class=\"wp-block-image size-full\"><img loading=\"lazy\" decoding=\"async\" width=\"2048\" height=\"1366\" src=\"https:\/\/www.leeb-balkone.com\/app\/uploads\/2022\/05\/glas-bearbeitung-zuschnitt--scaled.jpg\" alt=\"glas bearbeitung zuschnitt \" class=\"wp-image-83644\" srcset=\"https:\/\/www.leeb-balkone.com\/app\/uploads\/2022\/05\/glas-bearbeitung-zuschnitt--scaled.jpg 2048w, https:\/\/www.leeb-balkone.com\/app\/uploads\/2022\/05\/glas-bearbeitung-zuschnitt--300x200.jpg 300w, https:\/\/www.leeb-balkone.com\/app\/uploads\/2022\/05\/glas-bearbeitung-zuschnitt--1024x683.jpg 1024w, https:\/\/www.leeb-balkone.com\/app\/uploads\/2022\/05\/glas-bearbeitung-zuschnitt--768x512.jpg 768w, https:\/\/www.leeb-balkone.com\/app\/uploads\/2022\/05\/glas-bearbeitung-zuschnitt--1536x1024.jpg 1536w\" sizes=\"auto, (max-width: 2048px) 100vw, 2048px\" \/><\/figure>\n\n\n\n<div class=\"wp-block-group m-card-content has-white-background-color has-background is-vertical is-layout-flex wp-container-core-group-is-layout-5580f018 wp-block-group-is-layout-flex\">\n<h3 class=\"wp-block-heading\"><strong>Verbundsicherheitsglas in Premium Qualit\u00e4t<\/strong><\/h3>\n\n\n\n<p>Gepr\u00fcfte Sicherheit, innovative Designs und langlebige Qualit\u00e4t nach Ma\u00df mit Leeb Glas.<\/p>\n<\/div>\n<\/div>\n\n\n\n<div class=\"wp-block-group m-card is-layout-flow wp-container-core-group-is-layout-8a368f38 wp-block-group-is-layout-flow\">\n<figure class=\"wp-block-image size-large\"><img loading=\"lazy\" decoding=\"async\" width=\"1024\" height=\"665\" src=\"https:\/\/www.leeb-balkone.com\/app\/uploads\/2020\/08\/alu-comfort-plus-1024x665.jpg\" alt=\"alu comfort plus\" class=\"wp-image-5082\" srcset=\"https:\/\/www.leeb-balkone.com\/app\/uploads\/2020\/08\/alu-comfort-plus-1024x665.jpg 1024w, https:\/\/www.leeb-balkone.com\/app\/uploads\/2020\/08\/alu-comfort-plus-300x195.jpg 300w, https:\/\/www.leeb-balkone.com\/app\/uploads\/2020\/08\/alu-comfort-plus-768x499.jpg 768w, https:\/\/www.leeb-balkone.com\/app\/uploads\/2020\/08\/alu-comfort-plus-1536x997.jpg 1536w, https:\/\/www.leeb-balkone.com\/app\/uploads\/2020\/08\/alu-comfort-plus-2048x1330.jpg 2048w\" sizes=\"auto, (max-width: 1024px) 100vw, 1024px\" \/><\/figure>\n\n\n\n<div class=\"wp-block-group m-card-content has-white-background-color has-background is-vertical is-layout-flex wp-container-core-group-is-layout-5580f018 wp-block-group-is-layout-flex\">\n<h3 class=\"wp-block-heading\">Langzeitschutz durch ALU Comfort Plus\u00ae<\/h3>\n\n\n\n<p>Patentierte Beschichtung und Verarbeitung von Aluminium auf h\u00f6chstem Niveau.<\/p>\n<\/div>\n<\/div>\n<\/div>\n\n\n\n<div class=\"wp-block-group o-grid u-md-1 is-layout-flow wp-block-group-is-layout-flow\" style=\"padding-top:var(--wp--preset--spacing--l)\">\n<div class=\"wp-block-group u-g-9 u-g-s-2 is-layout-flow wp-block-group-is-layout-flow\" style=\"margin-bottom:var(--wp--preset--spacing--s)\">\n<h3 class=\"wp-block-heading\">Vorteile im \u00dcberblick<\/h3>\n\n\n\n<p>F\u00fcr Leeb Balkon- und Terrassenb\u00f6den sprechen die gewohnten Qualit\u00e4tseigenschaften des Marktf\u00fchrers sowie Auswahl und Extras.<\/p>\n\n\n\n<ul class=\"wp-block-list is-style-checkmark-2\">\n<li><strong>Innovation und Qualit\u00e4t:<\/strong>&nbsp;Leeb Balkon- und Terrassenb\u00f6den aus hochwertigem Aluminium und sind ebenso witterungsbest\u00e4ndig, kratzfest und nahezu wartungsfrei wie alle Gel\u00e4ndermodelle aus Alu. L\u00e4rche sowie Accoya sind ebenso bew\u00e4hrte wie nachhaltige L\u00f6sungen.<\/li>\n\n\n\n<li><strong>Design- und Farboptionen:<\/strong>&nbsp;Leeb Balkon- und Terrassenb\u00f6den aus Alu sind sind in allem RAL-Farben sowie in Holzoptik verf\u00fcgbar.<\/li>\n\n\n\n<li><strong>Ma\u00dfgeschneiderte L\u00f6sungen:<\/strong>&nbsp;Mit Sicherheit der passende Boden im Balkon- und \u00dcberdachungsbau. <\/li>\n\n\n\n<li><strong>Rundum-Service:<\/strong> Von der Beratung \u00fcber die Planung bis zur schnellen, sauberen Montage begleitet Sie Leeb kompetent und zuverl\u00e4ssig.<\/li>\n<\/ul>\n<\/div>\n<\/div>\n<\/section>\n\n\n\n<section class=\"wp-block-cover alignfull is-light katalog-cta\" style=\"margin-top:0;margin-bottom:0;padding-top:0;padding-right:0;padding-bottom:0;padding-left:0;min-height:100px;aspect-ratio:unset;\"><img loading=\"lazy\" decoding=\"async\" width=\"1920\" height=\"599\" class=\"wp-block-cover__image-background wp-image-7912 size-full\" alt=\"leeb balkone katalog anfordern\" src=\"https:\/\/www.leeb-balkone.com\/app\/uploads\/2020\/09\/leeb-balkone-katalog-anfordern-1.jpeg\" data-object-fit=\"cover\" srcset=\"https:\/\/www.leeb-balkone.com\/app\/uploads\/2020\/09\/leeb-balkone-katalog-anfordern-1-300x94.jpeg 300w, https:\/\/www.leeb-balkone.com\/app\/uploads\/2020\/09\/leeb-balkone-katalog-anfordern-1-1024x319.jpeg 1024w, https:\/\/www.leeb-balkone.com\/app\/uploads\/2020\/09\/leeb-balkone-katalog-anfordern-1-768x240.jpeg 768w, https:\/\/www.leeb-balkone.com\/app\/uploads\/2020\/09\/leeb-balkone-katalog-anfordern-1-1536x479.jpeg 1536w\" sizes=\"auto, (max-width: 1920px) 100vw, 1920px\" \/><span aria-hidden=\"true\" class=\"wp-block-cover__background has-primary-45-background-color has-background-dim-80 has-background-dim\"><\/span><div class=\"wp-block-cover__inner-container has-global-padding is-layout-constrained wp-container-core-cover-is-layout-fc5783d2 wp-block-cover-is-layout-constrained\">\n<div class=\"wp-block-group is-layout-flow wp-block-group-is-layout-flow\" style=\"min-height:0px;margin-top:0;margin-bottom:0;padding-top:var(--wp--preset--spacing--2-xl);padding-bottom:var(--wp--preset--spacing--2-xl);padding-left:0\">\n<div class=\"wp-block-columns are-vertically-aligned-center is-layout-flex wp-container-core-columns-is-layout-0a4bbf16 wp-block-columns-is-layout-flex\" style=\"margin-top:0;margin-bottom:0\">\n<div class=\"wp-block-column is-vertically-aligned-center is-layout-flow wp-block-column-is-layout-flow\" style=\"flex-basis:66.66%\">\n<h2 class=\"wp-block-heading\">Bodenvielfalt im Katalog<\/h2>\n\n\n\n<p class=\"is-style-teaser\"><span class=\"teaser\"><span class=\"teaser\"><span class=\"teaser\"><span class=\"teaser\"><span class=\"teaser\">Ihr pers\u00f6nlicher Katalog wartet auf Sie! Jetzt kostenlos bestellen und unsere Balkon- und Terrassenb\u00f6den im&nbsp;Anbaukatalog entdecken. Finden Sie die L\u00f6sung, die perfekt zu Ihnen passt.<\/span><\/span><\/span><\/span><\/span><\/p>\n<\/div>\n\n\n\n<div class=\"wp-block-column is-vertically-aligned-center is-layout-flow wp-block-column-is-layout-flow\" style=\"flex-basis:33.33%\">\n<div class=\"wp-block-buttons u-m-jc-left is-content-justification-right is-layout-flex wp-container-core-buttons-is-layout-c060c6c7 wp-block-buttons-is-layout-flex\">\n<div class=\"wp-block-button is-style-filled-white large\"><a class=\"wp-block-button__link wp-element-button\" href=\"https:\/\/www.leeb-balkone.com\/ch\/kontakt\/katalog-anfordern\/\" style=\"box-shadow:var(--wp--preset--shadow--button-shadow)\">Katalog anfordern<\/a><\/div>\n<\/div>\n<\/div>\n<\/div>\n<\/div>\n<\/div><\/section>\n\n\n\n<section class=\"wp-block-group alignfull has-white-background-color has-background has-global-padding is-layout-constrained wp-container-core-group-is-layout-52f96efc wp-block-group-is-layout-constrained\">\n<div class=\"wp-block-group o-grid u-md-1 is-layout-flow wp-block-group-is-layout-flow\" style=\"padding-top:0\">\n<div class=\"wp-block-group u-g-9 u-g-s-2 is-layout-flow wp-block-group-is-layout-flow\" style=\"margin-bottom:var(--wp--preset--spacing--s)\">\n<h2 class=\"wp-block-heading\">Warum ein Leeb Balkon- und Terrassenboden?<\/h2>\n\n\n\n<p class=\"is-style-teaser\"><span class=\"teaser\">Durch die hochwertigen Materialien, innovativen Oberfl\u00e4chen und durchdachten Extras bieten Leeb Balkon- und Terrassenb\u00f6den dauerhaft besten Schutz und Komfort.<\/span><\/p>\n<\/div>\n<\/div>\n\n\n\n<div class=\"wp-block-group is-layout-flow wp-container-core-group-is-layout-d5075d26 wp-block-group-is-layout-flow\">\n<div class=\"wp-block-columns is-style-shadow m-split is-layout-flex wp-container-core-columns-is-layout-28f84493 wp-block-columns-is-layout-flex\">\n<div class=\"wp-block-column is-style-default is-layout-flow wp-block-column-is-layout-flow\">\n<figure class=\"wp-block-image size-large\"><img loading=\"lazy\" decoding=\"async\" width=\"1024\" height=\"681\" src=\"https:\/\/www.leeb-balkone.com\/app\/uploads\/2025\/07\/MADRID-ANBAU-88-1024x681.jpg\" alt=\"Anbaubalkon (Balkongel\u00e4ndermodell Madrid) mit Aluminiumboden\" class=\"wp-image-151647\" style=\"aspect-ratio:4\/3;object-fit:cover\" srcset=\"https:\/\/www.leeb-balkone.com\/app\/uploads\/2025\/07\/MADRID-ANBAU-88-1024x681.jpg 1024w, https:\/\/www.leeb-balkone.com\/app\/uploads\/2025\/07\/MADRID-ANBAU-88-300x200.jpg 300w, https:\/\/www.leeb-balkone.com\/app\/uploads\/2025\/07\/MADRID-ANBAU-88-768x511.jpg 768w, https:\/\/www.leeb-balkone.com\/app\/uploads\/2025\/07\/MADRID-ANBAU-88-1536x1022.jpg 1536w, https:\/\/www.leeb-balkone.com\/app\/uploads\/2025\/07\/MADRID-ANBAU-88-2048x1363.jpg 2048w\" sizes=\"auto, (max-width: 1024px) 100vw, 1024px\" \/><\/figure>\n<\/div>\n\n\n\n<div class=\"wp-block-column is-vertically-aligned-center is-style-overlay-content is-layout-flow wp-block-column-is-layout-flow\">\n<div class=\"wp-block-group is-vertical is-layout-flex wp-container-core-group-is-layout-6aed0e10 wp-block-group-is-layout-flex\">\n<h3 class=\"wp-block-heading\">Bestseller: Dielen aus Aluminium<\/h3>\n\n\n\n<p>Balkon- und Terrassenb\u00f6den aus Aluminium von Leeb bieten eine \u00e4u\u00dferst robuste, witterungsbest\u00e4ndige und pflegeleichte L\u00f6sung f\u00fcr den Au\u00dfenbereich. Dank der patentierten Pulverbeschichtung ALU COMFORT PLUS\u00ae sind sie nahezu wartungsfrei, kratzfest und chemikalien- sowie UV-best\u00e4ndig. Der sogenannte Lotuseffekt sorgt daf\u00fcr, dass Wasser und Schmutz einfach abperlen \u2013 der Boden ist leicht zu reinigen.<\/p>\n\n\n\n<ul class=\"wp-block-list is-style-checkmark-2\">\n<li>Besonders robust durch patentierte Pulverbeschichtung<\/li>\n\n\n\n<li>Witterungs- und UV-best\u00e4ndig, hoher Schutz vor Hagel<\/li>\n\n\n\n<li>Gro\u00dfe Auswahl an Farben und Holzdekoren<\/li>\n<\/ul>\n<\/div>\n<\/div>\n<\/div>\n\n\n\n<div class=\"wp-block-columns is-style-shadow m-split m-split-reverse is-layout-flex wp-container-core-columns-is-layout-28f84493 wp-block-columns-is-layout-flex\">\n<div class=\"wp-block-column is-style-default is-layout-flow wp-block-column-is-layout-flow\">\n<figure class=\"wp-block-image size-large\"><img loading=\"lazy\" decoding=\"async\" width=\"1024\" height=\"682\" src=\"https:\/\/www.leeb-balkone.com\/app\/uploads\/2025\/07\/anbaubalkon-mit-stuetzen-aluboden-greywood-1024x682.jpg\" alt=\"anbaubalkon mit stuetzen aluboden greywood\" class=\"wp-image-151587\" style=\"aspect-ratio:4\/3;object-fit:cover\" srcset=\"https:\/\/www.leeb-balkone.com\/app\/uploads\/2025\/07\/anbaubalkon-mit-stuetzen-aluboden-greywood-1024x682.jpg 1024w, https:\/\/www.leeb-balkone.com\/app\/uploads\/2025\/07\/anbaubalkon-mit-stuetzen-aluboden-greywood-300x200.jpg 300w, https:\/\/www.leeb-balkone.com\/app\/uploads\/2025\/07\/anbaubalkon-mit-stuetzen-aluboden-greywood-768x512.jpg 768w, https:\/\/www.leeb-balkone.com\/app\/uploads\/2025\/07\/anbaubalkon-mit-stuetzen-aluboden-greywood-1536x1023.jpg 1536w, https:\/\/www.leeb-balkone.com\/app\/uploads\/2025\/07\/anbaubalkon-mit-stuetzen-aluboden-greywood-2048x1364.jpg 2048w\" sizes=\"auto, (max-width: 1024px) 100vw, 1024px\" \/><\/figure>\n<\/div>\n\n\n\n<div class=\"wp-block-column is-vertically-aligned-center is-style-overlay-content is-layout-flow wp-block-column-is-layout-flow\">\n<div class=\"wp-block-group is-vertical is-layout-flex wp-container-core-group-is-layout-6aed0e10 wp-block-group-is-layout-flex\">\n<h3 class=\"wp-block-heading\">Gro\u00dfe Auswahl mit Vorteilen<\/h3>\n\n\n\n<p>Bei Leeb finden Sie eine der gr\u00f6\u00dften Auswahlen f\u00fcr Balkon- und Terrassenb\u00f6den aus \u00d6sterreich \u2013 von modern \u00fcber klassisch bis hin zu t\u00e4uschend echter Holzoptik aus Aluminium. Die Auswahl l\u00e4sst sich individuell auf jedes Bauvorhaben zuschneiden und bietet eine perfekte Verbindung aus Design, Funktion und Wertbest\u00e4ndigkeit. Vor allem sind die B\u00f6den fixer Bestandteil unserer bew\u00e4hrten Leeb Systeme f\u00fcr den Balkonbau, sodass Unterbau, Boden und Gel\u00e4nder technisch wie optisch perfekt harmonieren und Sie lange Freude an Ihrem Balkon haben.<\/p>\n\n\n\n<div class=\"wp-block-buttons is-layout-flex wp-block-buttons-is-layout-flex\" style=\"margin-top:var(--wp--preset--spacing--2-xs)\">\n<div class=\"wp-block-button is-style-outline-secondary\"><a class=\"wp-block-button__link has-transparent-background-color has-background wp-element-button\" href=\"https:\/\/www.leeb-balkone.com\/ch\/anbaubalkone\/\">Anbaubalkone<\/a><\/div>\n<\/div>\n<\/div>\n<\/div>\n<\/div>\n\n\n<\/div>\n<\/section>\n\n\n\n<section class=\"wp-block-group alignfull has-light-gray-background-color has-background has-global-padding is-layout-constrained wp-container-core-group-is-layout-52f96efc wp-block-group-is-layout-constrained\">\n<div class=\"wp-block-group o-grid u-md-1 is-layout-flow wp-block-group-is-layout-flow\" style=\"padding-top:0\">\n<div class=\"wp-block-group u-g-9 u-g-s-2 is-layout-flow wp-block-group-is-layout-flow\" style=\"margin-bottom:var(--wp--preset--spacing--s)\">\n<h2 class=\"wp-block-heading\">H\u00e4ufig gestellte Fragen<\/h2>\n\n\n\n<p class=\"is-style-teaser\" style=\"padding-bottom:var(--wp--preset--spacing--m)\">Sie haben allgemeine Fragen rund um unsere Balkon- und Terrassenb\u00f6den? In unseren FAQ finden Sie kompakte Antworten zu h\u00e4ufigen Themen rund um Leeb B\u00f6den.<\/p>\n\n\n\n<div class=\"wp-block-t3-acc-accordion is-style-light\"><button id=\"accordion-12bd587b-237c-41bc-808b-33d2b661a6ff-button\" class=\"accordion__button\" aria-expanded=\"false\" aria-controls=\"accordion-12bd587b-237c-41bc-808b-33d2b661a6ff-panel\"><h3 data-accordion-title=\"true\" style=\"font-size:var(--step-1)\"><strong><strong><strong><strong>Was ist das beste Material f\u00fcr Terrassendielen?<\/strong><\/strong><\/strong><\/strong><\/h3><\/button><div id=\"accordion-12bd587b-237c-41bc-808b-33d2b661a6ff-panel\" class=\"accordion__panel\" role=\"region\" aria-labelledby=\"accordion-12bd587b-237c-41bc-808b-33d2b661a6ff-button\">\n<p>F\u00fcr langlebige, pflegeleichte und belastbare Terrassendielen gelten insbesondere folgende Materialien als beste Wahl: Aluminium, Stein sowie hochwertige H\u00f6lzer. <\/p>\n\n\n\n<div class=\"wp-block-columns is-layout-flex wp-container-core-columns-is-layout-28f84493 wp-block-columns-is-layout-flex\">\n<div class=\"wp-block-column is-layout-flow wp-block-column-is-layout-flow\" style=\"flex-basis:100%\">\n<figure class=\"wp-block-table is-style-stripes has-step-s-font-size\"><table><thead><tr><th class=\"has-text-align-left\" data-align=\"left\">Material<\/th><th class=\"has-text-align-center\" data-align=\"center\">Vorteile bei Leeb<\/th><th class=\"has-text-align-center\" data-align=\"center\">Besonderheiten bei Leeb<\/th><\/tr><\/thead><tbody><tr><td class=\"has-text-align-left\" data-align=\"left\"><strong><strong>Aluminium<\/strong><\/strong><\/td><td class=\"has-text-align-center\" data-align=\"center\">&#8211; Rostet nie, verwindungssteif, extrem haltbar<br>&#8211; Patentierte ALU COMFORT PLUS\u00ae-Beschichtung, Lotus-Effekt- \u00dcber 200 Farben, 13 Holzdekore<br>&#8211; Kein Streichen, minimale Pflege<\/td><td class=\"has-text-align-center\" data-align=\"center\">&#8211; Ma\u00dfanfertigung<br>&#8211; Auch mit rutschhemmender Oberfl\u00e4che<br>&#8211; Nachhaltig produziert in \u00d6sterreich<\/td><\/tr><tr><td class=\"has-text-align-left\" data-align=\"left\"><strong><strong>Holz<\/strong><\/strong><\/td><td class=\"has-text-align-center\" data-align=\"center\">&#8211; Nat\u00fcrliche Optik, warmes Barfu\u00dfgef\u00fchl<br>&#8211; Regionales L\u00e4rchenholz (klassisch, bei Pflege sehr haltbar)<br>&#8211; Accoya: Premiumholz, h\u00f6chste Dauerhaftigkeit, pflegearm, splitterarm<\/td><td class=\"has-text-align-center\" data-align=\"center\">&#8211; W\u00e4hlbar als nachhaltige L\u00f6sung<br>&#8211; Verschiedene Farbt\u00f6ne und Oberfl\u00e4chen verf\u00fcgbar<\/td><\/tr><tr><td class=\"has-text-align-left\" data-align=\"left\"><strong>Stein<\/strong><\/td><td class=\"has-text-align-center\" data-align=\"center\">&#8211; Elegant, \u00e4u\u00dferst robust, frost- und farbbest\u00e4ndig<br>&#8211; Schmutzabweisend, rutschhemmend<br>&#8211; F\u00fcr moderne &amp; klassische Designs geeignet<\/td><td class=\"has-text-align-center\" data-align=\"center\">&#8211; Fugenarm verlegbar<br>&#8211; Zahlreiche Farben\/Strukturen<br>&#8211; Ideal f\u00fcr stark beanspruchte Fl\u00e4chen<\/td><\/tr><tr><td class=\"has-text-align-left\" data-align=\"left\"><strong>Glas<\/strong><\/td><td class=\"has-text-align-center\" data-align=\"center\">&#8211; Exklusive Optik, lichtdurchflutet, rutschhemmend bedruckt<br>&#8211; Witterungs- und UV-best\u00e4ndig<\/td><td class=\"has-text-align-center\" data-align=\"center\">&#8211; Als Akzentl\u00f6sung oder Hauptfl\u00e4che<\/td><\/tr><\/tbody><\/table><\/figure>\n<\/div>\n<\/div>\n<\/div><\/div>\n\n\n\n<div class=\"wp-block-t3-acc-accordion is-style-light\"><button id=\"accordion-e37eda66-e6a9-4661-8b35-f3038bd0b8e4-button\" class=\"accordion__button\" aria-expanded=\"false\" aria-controls=\"accordion-e37eda66-e6a9-4661-8b35-f3038bd0b8e4-panel\"><h3 data-accordion-title=\"true\" style=\"font-size:var(--step-1)\"><strong><strong>Sind Leeb Balkon- und Terrassenb\u00f6den gesondert verf\u00fcgbar? <\/strong><\/strong><\/h3><\/button><div id=\"accordion-e37eda66-e6a9-4661-8b35-f3038bd0b8e4-panel\" class=\"accordion__panel\" role=\"region\" aria-labelledby=\"accordion-e37eda66-e6a9-4661-8b35-f3038bd0b8e4-button\">\n<p>Leeb Balkon- und Terrassenb\u00f6den stehen grunds\u00e4tzlich nicht als frei w\u00e4hlbares Einzelprodukt zur Verf\u00fcgung. Sie werden als Teil eines umfassenden Leeb-Projekts wie <strong>Balkon, \u00dcberdachung oder kompletter Terrassenanlage<\/strong> angeboten und installiert. Bei <strong>Sanierungsprojekten oder Modernisierungen<\/strong> ist es denkbar, dass Leeb einen bestehenden Balkonboden ersetzt \u2013 jedoch meist im Zuge einer umfassenderen Erneuerung oder Optimierung des Balkons, der Tragkonstruktion oder der dazugeh\u00f6renden Bauteile. Auch in diesen F\u00e4llen wird selten nur der Boden allein getauscht; vielfach erfolgt eine kombinierte Sanierung von Boden und Balkonaufbau. Es gibt keine Hinweise darauf, dass Leeb seine B\u00f6den einzeln \u2013 also v\u00f6llig unabh\u00e4ngig von einem neuen oder bestehenden Leeb-Balkon\/Leeb-\u00dcberdachung \u2013 verkauft oder verbaut.<\/p>\n<\/div><\/div>\n<\/div>\n<\/div>\n<\/section>\n\n\n\n<section class=\"wp-block-group alignfull has-white-background-color has-background has-global-padding is-layout-constrained wp-container-core-group-is-layout-52f96efc wp-block-group-is-layout-constrained\">\n<div class=\"wp-block-group o-grid u-md-1 is-layout-flow wp-block-group-is-layout-flow\" style=\"padding-top:0\">\n<div class=\"wp-block-group u-g-9 u-g-s-2 is-layout-flow wp-block-group-is-layout-flow\">\n<h2 class=\"wp-block-heading\">Balkon- und Terrassenboden Impressionen<\/h2>\n\n\n\n<p><span class=\"teaser\">Lassen Sie sich von den Gestaltungsm\u00f6glichkeiten unserer B\u00f6den inspirieren.<\/span><\/p>\n<\/div>\n<\/div>\n\n\n    <div id=\"t3-lg-block-1\" class=\"wp-block-t3-lightgallery\" data-initial-count=\"9\">\n      <div class=\"lg-container u-grid-temp has-3-cols\">\n                  <div class=\"lg-item\" data-src=\"https:\/\/www.leeb-balkone.com\/app\/uploads\/2020\/07\/glasbalkongelaender-vital-in-mattweiss-und-boden-aus-feinsteinzeugplatten-scaled.jpg\"\n              data-sub-html=\"&lt;p&gt;Innenansicht Balkongel\u00e4nder Vital mit mattwei\u00dfem Glas und Boden aus Feinsteinzeug&lt;\/p&gt;\">\n            <div class=\"img-wrapper\">\n                <figure>\n                    <img loading=\"lazy\" decoding=\"async\" width=\"300\" height=\"200\" src=\"https:\/\/www.leeb-balkone.com\/app\/uploads\/2020\/07\/glasbalkongelaender-vital-in-mattweiss-und-boden-aus-feinsteinzeugplatten-300x200.jpg\" class=\"attachment-medium size-medium\" alt=\"Innenansicht Balkongel\u00e4nder Vital mit mattwei\u00dfem Glas und Boden aus Feinsteinzeug\" srcset=\"https:\/\/www.leeb-balkone.com\/app\/uploads\/2020\/07\/glasbalkongelaender-vital-in-mattweiss-und-boden-aus-feinsteinzeugplatten-300x200.jpg 300w, https:\/\/www.leeb-balkone.com\/app\/uploads\/2020\/07\/glasbalkongelaender-vital-in-mattweiss-und-boden-aus-feinsteinzeugplatten-1024x683.jpg 1024w, https:\/\/www.leeb-balkone.com\/app\/uploads\/2020\/07\/glasbalkongelaender-vital-in-mattweiss-und-boden-aus-feinsteinzeugplatten-768x512.jpg 768w, https:\/\/www.leeb-balkone.com\/app\/uploads\/2020\/07\/glasbalkongelaender-vital-in-mattweiss-und-boden-aus-feinsteinzeugplatten-1536x1025.jpg 1536w, https:\/\/www.leeb-balkone.com\/app\/uploads\/2020\/07\/glasbalkongelaender-vital-in-mattweiss-und-boden-aus-feinsteinzeugplatten-2048x1366.jpg 2048w\" sizes=\"auto, (min-width: 1200px) 260px, (min-width: 1024px) 220px, (min-width: 640px) 465px, 768px\" \/>    \n                <\/figure>\n                        <\/div>\n            <p>Innenansicht Balkongel\u00e4nder Vital mit mattwei\u00dfem Glas und Boden aus Feinsteinzeug<\/p>        <\/div>\n                  <div class=\"lg-item\" data-src=\"https:\/\/www.leeb-balkone.com\/app\/uploads\/2020\/07\/alu-anbaubalkon-mit-ueberdachung-toscana-und-einer-aufdachmarkise-scaled.jpg\"\n              data-sub-html=\"&lt;p&gt;Anbaubalkon mit \u00dcberdachung und Balkongel\u00e4nder Vital inklusive Boden in Feinsteinzeugplatten&lt;\/p&gt;\">\n            <div class=\"img-wrapper\">\n                <figure>\n                    <img loading=\"lazy\" decoding=\"async\" width=\"300\" height=\"200\" src=\"https:\/\/www.leeb-balkone.com\/app\/uploads\/2020\/07\/alu-anbaubalkon-mit-ueberdachung-toscana-und-einer-aufdachmarkise-300x200.jpg\" class=\"attachment-medium size-medium\" alt=\"Anbaubalkon mit \u00dcberdachung und Balkongel\u00e4nder Vital inklusive Boden in Feinsteinzeugplatten\" srcset=\"https:\/\/www.leeb-balkone.com\/app\/uploads\/2020\/07\/alu-anbaubalkon-mit-ueberdachung-toscana-und-einer-aufdachmarkise-300x200.jpg 300w, https:\/\/www.leeb-balkone.com\/app\/uploads\/2020\/07\/alu-anbaubalkon-mit-ueberdachung-toscana-und-einer-aufdachmarkise-1024x682.jpg 1024w, https:\/\/www.leeb-balkone.com\/app\/uploads\/2020\/07\/alu-anbaubalkon-mit-ueberdachung-toscana-und-einer-aufdachmarkise-768x512.jpg 768w, https:\/\/www.leeb-balkone.com\/app\/uploads\/2020\/07\/alu-anbaubalkon-mit-ueberdachung-toscana-und-einer-aufdachmarkise-1536x1024.jpg 1536w, https:\/\/www.leeb-balkone.com\/app\/uploads\/2020\/07\/alu-anbaubalkon-mit-ueberdachung-toscana-und-einer-aufdachmarkise-2048x1365.jpg 2048w\" sizes=\"auto, (min-width: 1200px) 260px, (min-width: 1024px) 220px, (min-width: 640px) 465px, 768px\" \/>    \n                <\/figure>\n                        <\/div>\n            <p>Anbaubalkon mit \u00dcberdachung und Balkongel\u00e4nder Vital inklusive Boden in Feinsteinzeugplatten<\/p>        <\/div>\n                  <div class=\"lg-item\" data-src=\"https:\/\/www.leeb-balkone.com\/app\/uploads\/2025\/07\/anbaubalkon-und-zaun-alu-ambito-feinsteinzeugboden-beige-scaled.jpg\"\n              data-sub-html=\"&lt;p&gt;Anbaubalkon mit Feinsteinzeugboden in beige&lt;\/p&gt;\">\n            <div class=\"img-wrapper\">\n                <figure>\n                    <img loading=\"lazy\" decoding=\"async\" width=\"300\" height=\"200\" src=\"https:\/\/www.leeb-balkone.com\/app\/uploads\/2025\/07\/anbaubalkon-und-zaun-alu-ambito-feinsteinzeugboden-beige-300x200.jpg\" class=\"attachment-medium size-medium\" alt=\"Anbaubalkon mit Feinsteinzeugboden in beige\" srcset=\"https:\/\/www.leeb-balkone.com\/app\/uploads\/2025\/07\/anbaubalkon-und-zaun-alu-ambito-feinsteinzeugboden-beige-300x200.jpg 300w, https:\/\/www.leeb-balkone.com\/app\/uploads\/2025\/07\/anbaubalkon-und-zaun-alu-ambito-feinsteinzeugboden-beige-1024x684.jpg 1024w, https:\/\/www.leeb-balkone.com\/app\/uploads\/2025\/07\/anbaubalkon-und-zaun-alu-ambito-feinsteinzeugboden-beige-768x513.jpg 768w, https:\/\/www.leeb-balkone.com\/app\/uploads\/2025\/07\/anbaubalkon-und-zaun-alu-ambito-feinsteinzeugboden-beige-1536x1025.jpg 1536w, https:\/\/www.leeb-balkone.com\/app\/uploads\/2025\/07\/anbaubalkon-und-zaun-alu-ambito-feinsteinzeugboden-beige-2048x1367.jpg 2048w\" sizes=\"auto, (min-width: 1200px) 260px, (min-width: 1024px) 220px, (min-width: 640px) 465px, 768px\" \/>    \n                <\/figure>\n                        <\/div>\n            <p>Anbaubalkon mit Feinsteinzeugboden in beige<\/p>        <\/div>\n                  <div class=\"lg-item\" data-src=\"https:\/\/www.leeb-balkone.com\/app\/uploads\/2025\/07\/anbau-innen-ueberdachung-feinsteinzeugboden-beige-scaled.jpg\"\n              data-sub-html=\"&lt;p&gt;Anbaubalkon mit \u00dcberdachung und beigem Feinsteinzeugboden&lt;\/p&gt;\">\n            <div class=\"img-wrapper\">\n                <figure>\n                    <img loading=\"lazy\" decoding=\"async\" width=\"300\" height=\"200\" src=\"https:\/\/www.leeb-balkone.com\/app\/uploads\/2025\/07\/anbau-innen-ueberdachung-feinsteinzeugboden-beige-300x200.jpg\" class=\"attachment-medium size-medium\" alt=\"Anbaubalkon mit \u00dcberdachung und beigem Feinsteinzeugboden\" srcset=\"https:\/\/www.leeb-balkone.com\/app\/uploads\/2025\/07\/anbau-innen-ueberdachung-feinsteinzeugboden-beige-300x200.jpg 300w, https:\/\/www.leeb-balkone.com\/app\/uploads\/2025\/07\/anbau-innen-ueberdachung-feinsteinzeugboden-beige-1024x683.jpg 1024w, https:\/\/www.leeb-balkone.com\/app\/uploads\/2025\/07\/anbau-innen-ueberdachung-feinsteinzeugboden-beige-768x513.jpg 768w, https:\/\/www.leeb-balkone.com\/app\/uploads\/2025\/07\/anbau-innen-ueberdachung-feinsteinzeugboden-beige-1536x1025.jpg 1536w, https:\/\/www.leeb-balkone.com\/app\/uploads\/2025\/07\/anbau-innen-ueberdachung-feinsteinzeugboden-beige-2048x1367.jpg 2048w\" sizes=\"auto, (min-width: 1200px) 260px, (min-width: 1024px) 220px, (min-width: 640px) 465px, 768px\" \/>    \n                <\/figure>\n                        <\/div>\n            <p>Anbaubalkon mit \u00dcberdachung und beigem Feinsteinzeugboden<\/p>        <\/div>\n                  <div class=\"lg-item\" data-src=\"https:\/\/www.leeb-balkone.com\/app\/uploads\/2025\/07\/anbaubalkon-mit-stuetzen-boden-holzoptik-oak-scaled.jpg\"\n              data-sub-html=\"&lt;p&gt;Steinboden bei einem Anbaubalkon &lt;\/p&gt;\">\n            <div class=\"img-wrapper\">\n                <figure>\n                    <img loading=\"lazy\" decoding=\"async\" width=\"300\" height=\"200\" src=\"https:\/\/www.leeb-balkone.com\/app\/uploads\/2025\/07\/anbaubalkon-mit-stuetzen-boden-holzoptik-oak-300x200.jpg\" class=\"attachment-medium size-medium\" alt=\"Steinboden in Holzoptik bei einem Anbaubalkon\" srcset=\"https:\/\/www.leeb-balkone.com\/app\/uploads\/2025\/07\/anbaubalkon-mit-stuetzen-boden-holzoptik-oak-300x200.jpg 300w, https:\/\/www.leeb-balkone.com\/app\/uploads\/2025\/07\/anbaubalkon-mit-stuetzen-boden-holzoptik-oak-1024x683.jpg 1024w, https:\/\/www.leeb-balkone.com\/app\/uploads\/2025\/07\/anbaubalkon-mit-stuetzen-boden-holzoptik-oak-768x512.jpg 768w, https:\/\/www.leeb-balkone.com\/app\/uploads\/2025\/07\/anbaubalkon-mit-stuetzen-boden-holzoptik-oak-1536x1024.jpg 1536w, https:\/\/www.leeb-balkone.com\/app\/uploads\/2025\/07\/anbaubalkon-mit-stuetzen-boden-holzoptik-oak-2048x1366.jpg 2048w\" sizes=\"auto, (min-width: 1200px) 260px, (min-width: 1024px) 220px, (min-width: 640px) 465px, 768px\" \/>    \n                <\/figure>\n                        <\/div>\n            <p>Steinboden bei einem Anbaubalkon <\/p>        <\/div>\n                  <div class=\"lg-item\" data-src=\"https:\/\/www.leeb-balkone.com\/app\/uploads\/2025\/07\/Stengert-Anbau-Sommergarten-Milano-Feinsteinzeugplatten-dunkelgrau-scaled.jpg\"\n              data-sub-html=\"&lt;p&gt;Sommergarten und Anbaubalkon mit Feinsteinzeugboden in dunkelgrauer Farbe&lt;\/p&gt;\">\n            <div class=\"img-wrapper\">\n                <figure>\n                    <img loading=\"lazy\" decoding=\"async\" width=\"300\" height=\"200\" src=\"https:\/\/www.leeb-balkone.com\/app\/uploads\/2025\/07\/Stengert-Anbau-Sommergarten-Milano-Feinsteinzeugplatten-dunkelgrau-300x200.jpg\" class=\"attachment-medium size-medium\" alt=\"Sommergarten und Anbaubalkon mit Feinsteinzeugboden in dunkelgrauer Farbe\" srcset=\"https:\/\/www.leeb-balkone.com\/app\/uploads\/2025\/07\/Stengert-Anbau-Sommergarten-Milano-Feinsteinzeugplatten-dunkelgrau-300x200.jpg 300w, https:\/\/www.leeb-balkone.com\/app\/uploads\/2025\/07\/Stengert-Anbau-Sommergarten-Milano-Feinsteinzeugplatten-dunkelgrau-1024x683.jpg 1024w, https:\/\/www.leeb-balkone.com\/app\/uploads\/2025\/07\/Stengert-Anbau-Sommergarten-Milano-Feinsteinzeugplatten-dunkelgrau-768x512.jpg 768w, https:\/\/www.leeb-balkone.com\/app\/uploads\/2025\/07\/Stengert-Anbau-Sommergarten-Milano-Feinsteinzeugplatten-dunkelgrau-1536x1024.jpg 1536w, https:\/\/www.leeb-balkone.com\/app\/uploads\/2025\/07\/Stengert-Anbau-Sommergarten-Milano-Feinsteinzeugplatten-dunkelgrau-2048x1365.jpg 2048w\" sizes=\"auto, (min-width: 1200px) 260px, (min-width: 1024px) 220px, (min-width: 640px) 465px, 768px\" \/>    \n                <\/figure>\n                        <\/div>\n            <p>Sommergarten und Anbaubalkon mit Feinsteinzeugboden in dunkelgrauer Farbe<\/p>        <\/div>\n                  <div class=\"lg-item\" data-src=\"https:\/\/www.leeb-balkone.com\/app\/uploads\/2025\/07\/Anbaubalkon-Feinsteinzeugboden-grau-uerberdachung-scaled.jpg\"\n              data-sub-html=\"&lt;p&gt;grauer Feinsteinzeugboden in Kombination mit einem Anbaubalkon&lt;\/p&gt;\">\n            <div class=\"img-wrapper\">\n                <figure>\n                    <img loading=\"lazy\" decoding=\"async\" width=\"300\" height=\"200\" src=\"https:\/\/www.leeb-balkone.com\/app\/uploads\/2025\/07\/Anbaubalkon-Feinsteinzeugboden-grau-uerberdachung-300x200.jpg\" class=\"attachment-medium size-medium\" alt=\"grauer Feinsteinzeugboden in Kombination mit einem Anbaubalkon\" srcset=\"https:\/\/www.leeb-balkone.com\/app\/uploads\/2025\/07\/Anbaubalkon-Feinsteinzeugboden-grau-uerberdachung-300x200.jpg 300w, https:\/\/www.leeb-balkone.com\/app\/uploads\/2025\/07\/Anbaubalkon-Feinsteinzeugboden-grau-uerberdachung-1024x683.jpg 1024w, https:\/\/www.leeb-balkone.com\/app\/uploads\/2025\/07\/Anbaubalkon-Feinsteinzeugboden-grau-uerberdachung-768x512.jpg 768w, https:\/\/www.leeb-balkone.com\/app\/uploads\/2025\/07\/Anbaubalkon-Feinsteinzeugboden-grau-uerberdachung-1536x1024.jpg 1536w, https:\/\/www.leeb-balkone.com\/app\/uploads\/2025\/07\/Anbaubalkon-Feinsteinzeugboden-grau-uerberdachung-2048x1365.jpg 2048w\" sizes=\"auto, (min-width: 1200px) 260px, (min-width: 1024px) 220px, (min-width: 640px) 465px, 768px\" \/>    \n                <\/figure>\n                        <\/div>\n            <p>grauer Feinsteinzeugboden in Kombination mit einem Anbaubalkon<\/p>        <\/div>\n                  <div class=\"lg-item\" data-src=\"https:\/\/www.leeb-balkone.com\/app\/uploads\/2025\/07\/terrassenboden-laerche-scaled.jpg\"\n              data-sub-html=\"&lt;p&gt;Terrassenboden aus L\u00e4rchenholz in Kombination mit unserem Balkongel\u00e4nder Villach&lt;\/p&gt;\">\n            <div class=\"img-wrapper\">\n                <figure>\n                    <img loading=\"lazy\" decoding=\"async\" width=\"300\" height=\"211\" src=\"https:\/\/www.leeb-balkone.com\/app\/uploads\/2025\/07\/terrassenboden-laerche-300x211.jpg\" class=\"attachment-medium size-medium\" alt=\"Terrassenboden aus L\u00e4rchenholz in Kombination mit unserem Balkongel\u00e4nder Villach\" srcset=\"https:\/\/www.leeb-balkone.com\/app\/uploads\/2025\/07\/terrassenboden-laerche-300x211.jpg 300w, https:\/\/www.leeb-balkone.com\/app\/uploads\/2025\/07\/terrassenboden-laerche-1024x720.jpg 1024w, https:\/\/www.leeb-balkone.com\/app\/uploads\/2025\/07\/terrassenboden-laerche-768x540.jpg 768w, https:\/\/www.leeb-balkone.com\/app\/uploads\/2025\/07\/terrassenboden-laerche-1536x1081.jpg 1536w, https:\/\/www.leeb-balkone.com\/app\/uploads\/2025\/07\/terrassenboden-laerche-2048x1441.jpg 2048w\" sizes=\"auto, (min-width: 1200px) 260px, (min-width: 1024px) 220px, (min-width: 640px) 465px, 768px\" \/>    \n                <\/figure>\n                        <\/div>\n            <p>Terrassenboden aus L\u00e4rchenholz in Kombination mit unserem Balkongel\u00e4nder Villach<\/p>        <\/div>\n                  <div class=\"lg-item\" data-src=\"https:\/\/www.leeb-balkone.com\/app\/uploads\/2020\/07\/balkon-terrassenboden-holz-8-scaled.jpg\"\n              data-sub-html=\"&lt;p&gt;Aussicht ins Gr\u00fcne mit Holz Terrassenboden &lt;\/p&gt;\">\n            <div class=\"img-wrapper\">\n                <figure>\n                    <img loading=\"lazy\" decoding=\"async\" width=\"300\" height=\"211\" src=\"https:\/\/www.leeb-balkone.com\/app\/uploads\/2020\/07\/balkon-terrassenboden-holz-8-300x211.jpg\" class=\"attachment-medium size-medium\" alt=\"Aussicht ins Gr\u00fcne mit Holz Terrassenboden\" srcset=\"https:\/\/www.leeb-balkone.com\/app\/uploads\/2020\/07\/balkon-terrassenboden-holz-8-300x211.jpg 300w, https:\/\/www.leeb-balkone.com\/app\/uploads\/2020\/07\/balkon-terrassenboden-holz-8-1024x721.jpg 1024w, https:\/\/www.leeb-balkone.com\/app\/uploads\/2020\/07\/balkon-terrassenboden-holz-8-768x540.jpg 768w, https:\/\/www.leeb-balkone.com\/app\/uploads\/2020\/07\/balkon-terrassenboden-holz-8-1536x1081.jpg 1536w, https:\/\/www.leeb-balkone.com\/app\/uploads\/2020\/07\/balkon-terrassenboden-holz-8-2048x1441.jpg 2048w\" sizes=\"auto, (min-width: 1200px) 260px, (min-width: 1024px) 220px, (min-width: 640px) 465px, 768px\" \/>    \n                <\/figure>\n                        <\/div>\n            <p>Aussicht ins Gr\u00fcne mit Holz Terrassenboden <\/p>        <\/div>\n                  <div class=\"lg-item\" data-src=\"https:\/\/www.leeb-balkone.com\/app\/uploads\/2020\/07\/balkon-terrassenboden-holz-5-scaled.jpg\"\n              data-sub-html=\"&lt;p&gt;Aussicht ins Gr\u00fcne mit Holz Terrassenboden&lt;\/p&gt;\">\n            <div class=\"img-wrapper\">\n                <figure>\n                    <img loading=\"lazy\" decoding=\"async\" width=\"300\" height=\"200\" src=\"https:\/\/www.leeb-balkone.com\/app\/uploads\/2020\/07\/balkon-terrassenboden-holz-5-300x200.jpg\" class=\"attachment-medium size-medium\" alt=\"Moderner Neubau mit Balkonboden aus Holz\" srcset=\"https:\/\/www.leeb-balkone.com\/app\/uploads\/2020\/07\/balkon-terrassenboden-holz-5-300x200.jpg 300w, https:\/\/www.leeb-balkone.com\/app\/uploads\/2020\/07\/balkon-terrassenboden-holz-5-1024x684.jpg 1024w, https:\/\/www.leeb-balkone.com\/app\/uploads\/2020\/07\/balkon-terrassenboden-holz-5-768x513.jpg 768w, https:\/\/www.leeb-balkone.com\/app\/uploads\/2020\/07\/balkon-terrassenboden-holz-5-1536x1025.jpg 1536w, https:\/\/www.leeb-balkone.com\/app\/uploads\/2020\/07\/balkon-terrassenboden-holz-5-2048x1367.jpg 2048w\" sizes=\"auto, (min-width: 1200px) 260px, (min-width: 1024px) 220px, (min-width: 640px) 465px, 768px\" \/>    \n                <\/figure>\n                        <\/div>\n            <p>Aussicht ins Gr\u00fcne mit Holz Terrassenboden<\/p>        <\/div>\n                  <div class=\"lg-item\" data-src=\"https:\/\/www.leeb-balkone.com\/app\/uploads\/2020\/07\/balkon-terrassenboden-holz-accoya-03.jpg\"\n              data-sub-html=\"&lt;p&gt;Anbaubalkon mit Boden aus Accoya-Holz&lt;\/p&gt;\">\n            <div class=\"img-wrapper\">\n                <figure>\n                    <img loading=\"lazy\" decoding=\"async\" width=\"300\" height=\"200\" src=\"https:\/\/www.leeb-balkone.com\/app\/uploads\/2020\/07\/balkon-terrassenboden-holz-accoya-03-300x200.jpg\" class=\"attachment-medium size-medium\" alt=\"Anbaubalkon mit Boden aus Accoya-Holz\" srcset=\"https:\/\/www.leeb-balkone.com\/app\/uploads\/2020\/07\/balkon-terrassenboden-holz-accoya-03-300x200.jpg 300w, https:\/\/www.leeb-balkone.com\/app\/uploads\/2020\/07\/balkon-terrassenboden-holz-accoya-03-1024x683.jpg 1024w, https:\/\/www.leeb-balkone.com\/app\/uploads\/2020\/07\/balkon-terrassenboden-holz-accoya-03-768x512.jpg 768w, https:\/\/www.leeb-balkone.com\/app\/uploads\/2020\/07\/balkon-terrassenboden-holz-accoya-03-1536x1024.jpg 1536w, https:\/\/www.leeb-balkone.com\/app\/uploads\/2020\/07\/balkon-terrassenboden-holz-accoya-03-2048x1366.jpg 2048w\" sizes=\"auto, (min-width: 1200px) 260px, (min-width: 1024px) 220px, (min-width: 640px) 465px, 768px\" \/>    \n                <\/figure>\n                        <\/div>\n            <p>Anbaubalkon mit Boden aus Accoya-Holz<\/p>        <\/div>\n                  <div class=\"lg-item\" data-src=\"https:\/\/www.leeb-balkone.com\/app\/uploads\/2020\/07\/balkon-terrassenboden-holz-accoya-01.jpg\"\n              data-sub-html=\"&lt;p&gt;Boden aus Accoyaholz&lt;\/p&gt;\">\n            <div class=\"img-wrapper\">\n                <figure>\n                    <img loading=\"lazy\" decoding=\"async\" width=\"300\" height=\"200\" src=\"https:\/\/www.leeb-balkone.com\/app\/uploads\/2020\/07\/balkon-terrassenboden-holz-accoya-01-300x200.jpg\" class=\"attachment-medium size-medium\" alt=\"Anbaubalkon mit Boden aus Accoya-Holz\" srcset=\"https:\/\/www.leeb-balkone.com\/app\/uploads\/2020\/07\/balkon-terrassenboden-holz-accoya-01-300x200.jpg 300w, https:\/\/www.leeb-balkone.com\/app\/uploads\/2020\/07\/balkon-terrassenboden-holz-accoya-01-1024x683.jpg 1024w, https:\/\/www.leeb-balkone.com\/app\/uploads\/2020\/07\/balkon-terrassenboden-holz-accoya-01-768x512.jpg 768w, https:\/\/www.leeb-balkone.com\/app\/uploads\/2020\/07\/balkon-terrassenboden-holz-accoya-01-1536x1024.jpg 1536w, https:\/\/www.leeb-balkone.com\/app\/uploads\/2020\/07\/balkon-terrassenboden-holz-accoya-01-2048x1366.jpg 2048w\" sizes=\"auto, (min-width: 1200px) 260px, (min-width: 1024px) 220px, (min-width: 640px) 465px, 768px\" \/>    \n                <\/figure>\n                        <\/div>\n            <p>Boden aus Accoyaholz<\/p>        <\/div>\n                  <div class=\"lg-item\" data-src=\"https:\/\/www.leeb-balkone.com\/app\/uploads\/2025\/07\/MADRID-ANBAU-88-scaled.jpg\"\n              data-sub-html=\"&lt;p&gt;Anbaubalkon (Balkongel\u00e4ndermodell Madrid) mit Aluminiumboden&lt;\/p&gt;\">\n            <div class=\"img-wrapper\">\n                <figure>\n                    <img loading=\"lazy\" decoding=\"async\" width=\"300\" height=\"200\" src=\"https:\/\/www.leeb-balkone.com\/app\/uploads\/2025\/07\/MADRID-ANBAU-88-300x200.jpg\" class=\"attachment-medium size-medium\" alt=\"Anbaubalkon (Balkongel\u00e4ndermodell Madrid) mit Aluminiumboden\" srcset=\"https:\/\/www.leeb-balkone.com\/app\/uploads\/2025\/07\/MADRID-ANBAU-88-300x200.jpg 300w, https:\/\/www.leeb-balkone.com\/app\/uploads\/2025\/07\/MADRID-ANBAU-88-1024x681.jpg 1024w, https:\/\/www.leeb-balkone.com\/app\/uploads\/2025\/07\/MADRID-ANBAU-88-768x511.jpg 768w, https:\/\/www.leeb-balkone.com\/app\/uploads\/2025\/07\/MADRID-ANBAU-88-1536x1022.jpg 1536w, https:\/\/www.leeb-balkone.com\/app\/uploads\/2025\/07\/MADRID-ANBAU-88-2048x1363.jpg 2048w\" sizes=\"auto, (min-width: 1200px) 260px, (min-width: 1024px) 220px, (min-width: 640px) 465px, 768px\" \/>    \n                <\/figure>\n                        <\/div>\n            <p>Anbaubalkon (Balkongel\u00e4ndermodell Madrid) mit Aluminiumboden<\/p>        <\/div>\n                  <div class=\"lg-item\" data-src=\"https:\/\/www.leeb-balkone.com\/app\/uploads\/2025\/07\/balkongelaender-alu-design-granada-7-scaled.jpg\"\n              data-sub-html=\"&lt;p&gt;Balkongel\u00e4nder (Modell Granada) mit Boden aus Aluminium&lt;\/p&gt;\">\n            <div class=\"img-wrapper\">\n                <figure>\n                    <img loading=\"lazy\" decoding=\"async\" width=\"300\" height=\"200\" src=\"https:\/\/www.leeb-balkone.com\/app\/uploads\/2025\/07\/balkongelaender-alu-design-granada-7-300x200.jpg\" class=\"attachment-medium size-medium\" alt=\"Balkongel\u00e4nder mit Boden\" srcset=\"https:\/\/www.leeb-balkone.com\/app\/uploads\/2025\/07\/balkongelaender-alu-design-granada-7-300x200.jpg 300w, https:\/\/www.leeb-balkone.com\/app\/uploads\/2025\/07\/balkongelaender-alu-design-granada-7-1024x683.jpg 1024w, https:\/\/www.leeb-balkone.com\/app\/uploads\/2025\/07\/balkongelaender-alu-design-granada-7-768x513.jpg 768w, https:\/\/www.leeb-balkone.com\/app\/uploads\/2025\/07\/balkongelaender-alu-design-granada-7-1536x1025.jpg 1536w, https:\/\/www.leeb-balkone.com\/app\/uploads\/2025\/07\/balkongelaender-alu-design-granada-7-2048x1367.jpg 2048w\" sizes=\"auto, (min-width: 1200px) 260px, (min-width: 1024px) 220px, (min-width: 640px) 465px, 768px\" \/>    \n                <\/figure>\n                        <\/div>\n            <p>Balkongel\u00e4nder (Modell Granada) mit Boden aus Aluminium<\/p>        <\/div>\n                  <div class=\"lg-item\" data-src=\"https:\/\/www.leeb-balkone.com\/app\/uploads\/2025\/07\/anbaubalkon-mit-stuetzen-alubodengreywood-scaled.jpeg\"\n              data-sub-html=\"&lt;p&gt;Anbaubalkon mit Aluminiumboden in Holzoptik (Greywood)&lt;\/p&gt;\">\n            <div class=\"img-wrapper\">\n                <figure>\n                    <img loading=\"lazy\" decoding=\"async\" width=\"300\" height=\"200\" src=\"https:\/\/www.leeb-balkone.com\/app\/uploads\/2025\/07\/anbaubalkon-mit-stuetzen-alubodengreywood-300x200.jpeg\" class=\"attachment-medium size-medium\" alt=\"anbaubalkon mit stuetzen alubodengreywood\" srcset=\"https:\/\/www.leeb-balkone.com\/app\/uploads\/2025\/07\/anbaubalkon-mit-stuetzen-alubodengreywood-300x200.jpeg 300w, https:\/\/www.leeb-balkone.com\/app\/uploads\/2025\/07\/anbaubalkon-mit-stuetzen-alubodengreywood-1024x683.jpeg 1024w, https:\/\/www.leeb-balkone.com\/app\/uploads\/2025\/07\/anbaubalkon-mit-stuetzen-alubodengreywood-768x512.jpeg 768w, https:\/\/www.leeb-balkone.com\/app\/uploads\/2025\/07\/anbaubalkon-mit-stuetzen-alubodengreywood-1536x1024.jpeg 1536w, https:\/\/www.leeb-balkone.com\/app\/uploads\/2025\/07\/anbaubalkon-mit-stuetzen-alubodengreywood-2048x1365.jpeg 2048w\" sizes=\"auto, (min-width: 1200px) 260px, (min-width: 1024px) 220px, (min-width: 640px) 465px, 768px\" \/>    \n                <\/figure>\n                        <\/div>\n            <p>Anbaubalkon mit Aluminiumboden in Holzoptik (Greywood)<\/p>        <\/div>\n                  <div class=\"lg-item\" data-src=\"https:\/\/www.leeb-balkone.com\/app\/uploads\/2020\/07\/alu-balkongelaender-beitragsbild-scaled.jpg\"\n              data-sub-html=\"&lt;p&gt;Renovierte Terrasse mit Aluboden in Holzoptik&lt;\/p&gt;\">\n            <div class=\"img-wrapper\">\n                <figure>\n                    <img loading=\"lazy\" decoding=\"async\" width=\"300\" height=\"225\" src=\"https:\/\/www.leeb-balkone.com\/app\/uploads\/2020\/07\/alu-balkongelaender-beitragsbild-300x225.jpg\" class=\"attachment-medium size-medium\" alt=\"Renovierte Terrasse mit Aluboden in Holzoptik\" srcset=\"https:\/\/www.leeb-balkone.com\/app\/uploads\/2020\/07\/alu-balkongelaender-beitragsbild-300x225.jpg 300w, https:\/\/www.leeb-balkone.com\/app\/uploads\/2020\/07\/alu-balkongelaender-beitragsbild-1024x767.jpg 1024w, https:\/\/www.leeb-balkone.com\/app\/uploads\/2020\/07\/alu-balkongelaender-beitragsbild-768x575.jpg 768w, https:\/\/www.leeb-balkone.com\/app\/uploads\/2020\/07\/alu-balkongelaender-beitragsbild-1536x1151.jpg 1536w, https:\/\/www.leeb-balkone.com\/app\/uploads\/2020\/07\/alu-balkongelaender-beitragsbild-2048x1535.jpg 2048w\" sizes=\"auto, (min-width: 1200px) 260px, (min-width: 1024px) 220px, (min-width: 640px) 465px, 768px\" \/>    \n                <\/figure>\n                        <\/div>\n            <p>Renovierte Terrasse mit Aluboden in Holzoptik<\/p>        <\/div>\n                  <div class=\"lg-item\" data-src=\"https:\/\/www.leeb-balkone.com\/app\/uploads\/2020\/07\/balkon-terrassenboden-alu-8-scaled.jpg\"\n              data-sub-html=\"&lt;p&gt;Balkongel\u00e4nder aus Alu und Glas mit Aluminiumboden &lt;\/p&gt;\">\n            <div class=\"img-wrapper\">\n                <figure>\n                    <img loading=\"lazy\" decoding=\"async\" width=\"300\" height=\"211\" src=\"https:\/\/www.leeb-balkone.com\/app\/uploads\/2020\/07\/balkon-terrassenboden-alu-8-300x211.jpg\" class=\"attachment-medium size-medium\" alt=\"Blick in die Berge mit Alu Design Vitro Balkongel\u00e4nder\" srcset=\"https:\/\/www.leeb-balkone.com\/app\/uploads\/2020\/07\/balkon-terrassenboden-alu-8-300x211.jpg 300w, https:\/\/www.leeb-balkone.com\/app\/uploads\/2020\/07\/balkon-terrassenboden-alu-8-1024x720.jpg 1024w, https:\/\/www.leeb-balkone.com\/app\/uploads\/2020\/07\/balkon-terrassenboden-alu-8-768x540.jpg 768w, https:\/\/www.leeb-balkone.com\/app\/uploads\/2020\/07\/balkon-terrassenboden-alu-8-1536x1081.jpg 1536w, https:\/\/www.leeb-balkone.com\/app\/uploads\/2020\/07\/balkon-terrassenboden-alu-8-2048x1441.jpg 2048w\" sizes=\"auto, (min-width: 1200px) 260px, (min-width: 1024px) 220px, (min-width: 640px) 465px, 768px\" \/>    \n                <\/figure>\n                        <\/div>\n            <p>Balkongel\u00e4nder aus Alu und Glas mit Aluminiumboden <\/p>        <\/div>\n                  <div class=\"lg-item\" data-src=\"https:\/\/www.leeb-balkone.com\/app\/uploads\/2020\/07\/balkon-terrassenboden-alu-6-scaled.jpg\"\n              data-sub-html=\"&lt;p&gt;Aluminiumboden in Kombination mit Balkongel\u00e4nder&lt;\/p&gt;\">\n            <div class=\"img-wrapper\">\n                <figure>\n                    <img loading=\"lazy\" decoding=\"async\" width=\"300\" height=\"211\" src=\"https:\/\/www.leeb-balkone.com\/app\/uploads\/2020\/07\/balkon-terrassenboden-alu-6-300x211.jpg\" class=\"attachment-medium size-medium\" alt=\"Ausblick auf den Millst\u00e4tter See mit Alubalkonboden\" srcset=\"https:\/\/www.leeb-balkone.com\/app\/uploads\/2020\/07\/balkon-terrassenboden-alu-6-300x211.jpg 300w, https:\/\/www.leeb-balkone.com\/app\/uploads\/2020\/07\/balkon-terrassenboden-alu-6-1024x721.jpg 1024w, https:\/\/www.leeb-balkone.com\/app\/uploads\/2020\/07\/balkon-terrassenboden-alu-6-768x540.jpg 768w, https:\/\/www.leeb-balkone.com\/app\/uploads\/2020\/07\/balkon-terrassenboden-alu-6-1536x1081.jpg 1536w, https:\/\/www.leeb-balkone.com\/app\/uploads\/2020\/07\/balkon-terrassenboden-alu-6-2048x1441.jpg 2048w\" sizes=\"auto, (min-width: 1200px) 260px, (min-width: 1024px) 220px, (min-width: 640px) 465px, 768px\" \/>    \n                <\/figure>\n                        <\/div>\n            <p>Aluminiumboden in Kombination mit Balkongel\u00e4nder<\/p>        <\/div>\n                <\/div>\n\n              <div class=\"lg-load-more-wrapper\">\n            <div class=\"lg-load-more wp-block-button is-style-filled-secondary\">\n                <a href=\"#\" class=\"wp-block-button__link wp-element-button\" role=\"button\">\n                    Mehr laden                <\/a>\n            <\/div>\n        <\/div>\n          <\/div>\n    <\/section>\n\n\n\n<section class=\"wp-block-group alignfull has-white-background-color has-background has-global-padding is-layout-constrained wp-container-core-group-is-layout-9fa1424c wp-block-group-is-layout-constrained\" style=\"padding-top:0\">\n<div class=\"wp-block-columns is-style-offset m-split is-layout-flex wp-container-core-columns-is-layout-28f84493 wp-block-columns-is-layout-flex\">\n<div class=\"wp-block-column is-layout-flow wp-block-column-is-layout-flow\"><div class=\"vp-map-wrapper vp-map-ratio-19-1\"><img decoding=\"async\" width=\"2000\" height=\"1157\" src=\"https:\/\/www.leeb-balkone.com\/app\/uploads\/2026\/03\/map-ch.jpg\" class=\"attachment-full size-full\" alt=\"Schweizer Map: Vertriebspartner (orange Pins) und Schaur\u00e4ume \/ Standorte (gr\u00fcne Pins) der Leeb Balkone GmbH in der Schweiz\" style=\"width:100%;height:100%;object-fit:cover;display:block;\" loading=\"lazy\" srcset=\"https:\/\/www.leeb-balkone.com\/app\/uploads\/2026\/03\/map-ch.jpg 2000w, https:\/\/www.leeb-balkone.com\/app\/uploads\/2026\/03\/map-ch-300x174.jpg 300w, https:\/\/www.leeb-balkone.com\/app\/uploads\/2026\/03\/map-ch-1024x592.jpg 1024w, https:\/\/www.leeb-balkone.com\/app\/uploads\/2026\/03\/map-ch-768x444.jpg 768w, https:\/\/www.leeb-balkone.com\/app\/uploads\/2026\/03\/map-ch-1536x889.jpg 1536w\" sizes=\"auto, (min-width: 1536px) 2048px, (min-width: 992px) 1536px, (min-width: 768px) 1024px, (min-width: 576px) 768px, 100vw\" \/><\/div>\n<\/div>\n\n\n\n<div class=\"wp-block-column is-vertically-aligned-center is-style-overlay-content is-layout-flow wp-block-column-is-layout-flow\">\n<div class=\"wp-block-group is-vertical is-layout-flex wp-container-core-group-is-layout-bd7877ba wp-block-group-is-layout-flex\">\n<h2 class=\"wp-block-heading has-step-2-font-size\">Vertriebspartner Schweiz<\/h2>\n\n\n\n<p>Kompetente LEEB Partner in Ihrer Region. Pers\u00f6nliche Beratung, pr\u00e4zise Planung und fachgerechte Montage.<\/p>\n\n\n\n<div class=\"wp-block-buttons is-layout-flex wp-block-buttons-is-layout-flex\" style=\"margin-top:var(--wp--preset--spacing--2-xs)\">\n<div class=\"wp-block-button is-style-cta\"><a class=\"wp-block-button__link has-transparent-background-color has-background wp-element-button\" href=\"https:\/\/www.leeb-balkone.com\/ch\/vertriebspartner\/\">Vertriebspartner finden<span class=\"sr-only\">Vertriebspartner Leeb Balkone Schweiz<\/span><\/a><\/div>\n<\/div>\n<\/div>\n<\/div>\n<\/div>\n<\/section>\n\n\n\n<section class=\"wp-block-group alignfull has-light-gray-background-color has-background has-global-padding is-layout-constrained wp-container-core-group-is-layout-52f96efc wp-block-group-is-layout-constrained\" id=\"beratungstermin\">\n<div class=\"wp-block-group m-teaser o-grid u-md-1 is-layout-flow wp-block-group-is-layout-flow\">\n<div class=\"wp-block-group u-g-7 u-g-s-2 is-layout-flow wp-block-group-is-layout-flow\" style=\"margin-bottom:var(--wp--preset--spacing--s)\">\n<h2 class=\"wp-block-heading\">Kontaktieren Sie uns<\/h2>\n\n\n\n<p><strong><strong>Planen Sie ein Projekt oder haben Sie Fragen zu uns und unseren L\u00f6sungen? Schreiben Sie uns: Wir nehmen uns gerne Zeit f\u00fcr Ihre Anfrage!<\/strong><\/strong><\/p>\n<\/div>\n<\/div>\n\n\n\n<div class=\"wp-block-group m-teaser o-grid u-md-1 is-layout-flow wp-block-group-is-layout-flow\">\n<div class=\"wp-block-group u-g-7 u-g-s-2 is-layout-flow wp-block-group-is-layout-flow\" style=\"margin-bottom:var(--wp--preset--spacing--s)\"><form action=\"https:\/\/www.leeb-balkone.com\/ch\/wp-json\/ws-form\/v1\/submit\" class=\"wsf-form wsf-form-canvas\" id=\"ws-form-1\" data-id=\"4\" data-instance-id=\"1\" method=\"POST\"><\/form>\n<\/div>\n\n\n\n<div class=\"wp-block-group u-g-3 u-g-s-9 is-layout-flow wp-block-group-is-layout-flow\"><div class=\"t3-sidebar-buttons wp-block-buttons is-layout-flex wp-block-buttons-is-layout-flex\"><div class=\"wp-block-button is-style-fill icon-book icon-left\">\n                        <a class=\"wp-block-button__link has-secondary-color has-white-background-color has-text-color has-background has-link-color wp-element-button\" href=\"https:\/\/www.leeb-balkone.com\/ch\/kontakt\/katalog-anfordern\/\" style=\"box-shadow:var(--wp--preset--shadow--box-shadow)\">Katalog anfordern<\/a>\n                    <\/div><div class=\"wp-block-button is-style-fill icon-phone-new icon-left\">\n                        <a class=\"wp-block-button__link has-secondary-color has-white-background-color has-text-color has-background has-link-color wp-element-button\" href=\"tel:+41555361653\">Telefon Schweiz <span class=\"sr-only\"> Telefon: +41 555 3616 53<\/span><\/a>\n                    <\/div><\/div>\n<\/div>\n<\/div>\n<\/section>\n","protected":false},"excerpt":{"rendered":"","protected":false},"author":4,"featured_media":0,"parent":154811,"menu_order":0,"comment_status":"closed","ping_status":"closed","template":"template-onepager.blade.php","meta":{"_acf_changed":false,"footnotes":"","_sage_theme_css":true,"_wp_block_core_css":true},"folder":[247,238],"class_list":["post-157116","page","type-page","status-publish","hentry"],"acf":[],"yoast_head":"<!-- This site is optimized with the Yoast SEO plugin v27.2 - https:\/\/yoast.com\/product\/yoast-seo-wordpress\/ -->\n<title>Balkonboden &amp; Terrassenboden - Leeb Balkone Schweiz<\/title>\n<meta name=\"description\" content=\"F\u00fcr Leeb Balkonb\u00f6den und Terrassenb\u00f6den sprechen die gewohnten Qualit\u00e4tseigenschaften des Marktf\u00fchrers sowie Auswahl und Extras. Jetzt Auswahl entdecken!\" \/>\n<meta name=\"robots\" content=\"index, follow, max-snippet:-1, max-image-preview:large, max-video-preview:-1\" \/>\n<meta property=\"og:locale\" content=\"de_DE\" \/>\n<meta property=\"og:type\" content=\"article\" \/>\n<meta property=\"og:title\" content=\"Balkonboden &amp; Terrassenboden - Leeb Balkone\" \/>\n<meta property=\"og:description\" content=\"F\u00fcr Leeb Balkonb\u00f6den und Terrassenb\u00f6den sprechen die gewohnten Qualit\u00e4tseigenschaften des Marktf\u00fchrers sowie Auswahl und Extras. Jetzt Auswahl entdecken!\" \/>\n<meta property=\"og:url\" content=\"https:\/\/www.leeb-balkone.com\/ch\/anbaubalkone\/balkonboden-terrassenboden\/\" \/>\n<meta property=\"og:site_name\" content=\"Leeb Balkone\" \/>\n<meta property=\"article:publisher\" content=\"https:\/\/www.facebook.com\/balkone\/\" \/>\n<meta property=\"article:modified_time\" content=\"2026-04-15T14:49:59+00:00\" \/>\n<meta property=\"og:image\" content=\"https:\/\/www.leeb-balkone.com\/app\/uploads\/2020\/07\/balkon-terrassenboden-alu-12-scaled.jpg\" \/>\n\t<meta property=\"og:image:width\" content=\"2560\" \/>\n\t<meta property=\"og:image:height\" content=\"1705\" \/>\n\t<meta property=\"og:image:type\" content=\"image\/jpeg\" \/>\n<meta name=\"twitter:card\" content=\"summary_large_image\" \/>\n<script type=\"application\/ld+json\" class=\"yoast-schema-graph\">{\"@context\":\"https:\/\/schema.org\",\"@graph\":[{\"@type\":\"WebPage\",\"@id\":\"https:\/\/www.leeb-balkone.com\/ch\/anbaubalkone\/balkonboden-terrassenboden\/\",\"url\":\"https:\/\/www.leeb-balkone.com\/ch\/anbaubalkone\/balkonboden-terrassenboden\/\",\"name\":\"Balkonboden & Terrassenboden - Leeb Balkone\",\"isPartOf\":{\"@id\":\"https:\/\/www.leeb-balkone.com\/ch\/#website\"},\"primaryImageOfPage\":{\"@id\":\"https:\/\/www.leeb-balkone.com\/ch\/anbaubalkone\/balkonboden-terrassenboden\/#primaryimage\"},\"image\":{\"@id\":\"https:\/\/www.leeb-balkone.com\/ch\/anbaubalkone\/balkonboden-terrassenboden\/#primaryimage\"},\"thumbnailUrl\":\"https:\/\/www.leeb-balkone.com\/app\/uploads\/2020\/07\/balkon-terrassenboden-alu-12-1024x682.jpg\",\"datePublished\":\"2025-09-13T14:43:29+00:00\",\"dateModified\":\"2026-04-15T14:49:59+00:00\",\"description\":\"F\u00fcr Leeb Balkonb\u00f6den und Terrassenb\u00f6den sprechen die gewohnten Qualit\u00e4tseigenschaften des Marktf\u00fchrers sowie Auswahl und Extras. Jetzt Auswahl entdecken!\",\"breadcrumb\":{\"@id\":\"https:\/\/www.leeb-balkone.com\/ch\/anbaubalkone\/balkonboden-terrassenboden\/#breadcrumb\"},\"inLanguage\":\"de-CH\",\"potentialAction\":[{\"@type\":\"ReadAction\",\"target\":[\"https:\/\/www.leeb-balkone.com\/ch\/anbaubalkone\/balkonboden-terrassenboden\/\"]}]},{\"@type\":\"ImageObject\",\"inLanguage\":\"de-CH\",\"@id\":\"https:\/\/www.leeb-balkone.com\/ch\/anbaubalkone\/balkonboden-terrassenboden\/#primaryimage\",\"url\":\"https:\/\/www.leeb-balkone.com\/app\/uploads\/2020\/07\/balkon-terrassenboden-alu-12-1024x682.jpg\",\"contentUrl\":\"https:\/\/www.leeb-balkone.com\/app\/uploads\/2020\/07\/balkon-terrassenboden-alu-12-1024x682.jpg\"},{\"@type\":\"BreadcrumbList\",\"@id\":\"https:\/\/www.leeb-balkone.com\/ch\/anbaubalkone\/balkonboden-terrassenboden\/#breadcrumb\",\"itemListElement\":[{\"@type\":\"ListItem\",\"position\":1,\"name\":\"Home\",\"item\":\"https:\/\/www.leeb-balkone.com\/ch\/\"},{\"@type\":\"ListItem\",\"position\":2,\"name\":\"Anbaubalkone\",\"item\":\"https:\/\/www.leeb-balkone.com\/ch\/anbaubalkone\/\"},{\"@type\":\"ListItem\",\"position\":3,\"name\":\"Balkon- und Terrassenboden\"}]},{\"@type\":\"WebSite\",\"@id\":\"https:\/\/www.leeb-balkone.com\/ch\/#website\",\"url\":\"https:\/\/www.leeb-balkone.com\/ch\/\",\"name\":\"Leeb Balkone\",\"description\":\"Balkone und Z\u00e4une\",\"publisher\":{\"@id\":\"https:\/\/www.leeb-balkone.com\/ch\/#organization\"},\"potentialAction\":[{\"@type\":\"SearchAction\",\"target\":{\"@type\":\"EntryPoint\",\"urlTemplate\":\"https:\/\/www.leeb-balkone.com\/ch\/?s={search_term_string}\"},\"query-input\":{\"@type\":\"PropertyValueSpecification\",\"valueRequired\":true,\"valueName\":\"search_term_string\"}}],\"inLanguage\":\"de-CH\"},{\"@type\":\"Organization\",\"@id\":\"https:\/\/www.leeb-balkone.com\/ch\/#organization\",\"name\":\"Leeb Balkone Gmbh\",\"url\":\"https:\/\/www.leeb-balkone.com\/ch\/\",\"logo\":{\"@type\":\"ImageObject\",\"inLanguage\":\"de-CH\",\"@id\":\"https:\/\/www.leeb-balkone.com\/ch\/#\/schema\/logo\/image\/\",\"url\":\"https:\/\/www.leeb-balkone.com\/app\/uploads\/2020\/11\/leeb-logo.svg\",\"contentUrl\":\"https:\/\/www.leeb-balkone.com\/app\/uploads\/2020\/11\/leeb-logo.svg\",\"width\":741,\"height\":204,\"caption\":\"Leeb Balkone Gmbh\"},\"image\":{\"@id\":\"https:\/\/www.leeb-balkone.com\/ch\/#\/schema\/logo\/image\/\"},\"sameAs\":[\"https:\/\/www.facebook.com\/balkone\/\",\"https:\/\/www.trustedshops.at\/bewertung\/info_X4587CCF5833E31AFE0B11F47D86999F2.html\",\"https:\/\/www.trustedshops.de\/bewertung\/info_X7BA536A7A0BDC86D36C4718E4DCAEEEF.html\",\"https:\/\/www.google.com\/maps\/place\/?q=place_id:ChIJ5-zH19-IcEcR9HonWRTllHI\"]}]}<\/script>\n<!-- \/ Yoast SEO plugin. -->","yoast_head_json":{"title":"Balkonboden & Terrassenboden - Leeb Balkone Schweiz","description":"F\u00fcr Leeb Balkonb\u00f6den und Terrassenb\u00f6den sprechen die gewohnten Qualit\u00e4tseigenschaften des Marktf\u00fchrers sowie Auswahl und Extras. Jetzt Auswahl entdecken!","robots":{"index":"index","follow":"follow","max-snippet":"max-snippet:-1","max-image-preview":"max-image-preview:large","max-video-preview":"max-video-preview:-1"},"og_locale":"de_DE","og_type":"article","og_title":"Balkonboden & Terrassenboden - Leeb Balkone","og_description":"F\u00fcr Leeb Balkonb\u00f6den und Terrassenb\u00f6den sprechen die gewohnten Qualit\u00e4tseigenschaften des Marktf\u00fchrers sowie Auswahl und Extras. Jetzt Auswahl entdecken!","og_url":"https:\/\/www.leeb-balkone.com\/ch\/anbaubalkone\/balkonboden-terrassenboden\/","og_site_name":"Leeb Balkone","article_publisher":"https:\/\/www.facebook.com\/balkone\/","article_modified_time":"2026-04-15T14:49:59+00:00","og_image":[{"width":2560,"height":1705,"url":"https:\/\/www.leeb-balkone.com\/app\/uploads\/2020\/07\/balkon-terrassenboden-alu-12-scaled.jpg","type":"image\/jpeg"}],"twitter_card":"summary_large_image","schema":{"@context":"https:\/\/schema.org","@graph":[{"@type":"WebPage","@id":"https:\/\/www.leeb-balkone.com\/ch\/anbaubalkone\/balkonboden-terrassenboden\/","url":"https:\/\/www.leeb-balkone.com\/ch\/anbaubalkone\/balkonboden-terrassenboden\/","name":"Balkonboden & Terrassenboden - Leeb Balkone","isPartOf":{"@id":"https:\/\/www.leeb-balkone.com\/ch\/#website"},"primaryImageOfPage":{"@id":"https:\/\/www.leeb-balkone.com\/ch\/anbaubalkone\/balkonboden-terrassenboden\/#primaryimage"},"image":{"@id":"https:\/\/www.leeb-balkone.com\/ch\/anbaubalkone\/balkonboden-terrassenboden\/#primaryimage"},"thumbnailUrl":"https:\/\/www.leeb-balkone.com\/app\/uploads\/2020\/07\/balkon-terrassenboden-alu-12-1024x682.jpg","datePublished":"2025-09-13T14:43:29+00:00","dateModified":"2026-04-15T14:49:59+00:00","description":"F\u00fcr Leeb Balkonb\u00f6den und Terrassenb\u00f6den sprechen die gewohnten Qualit\u00e4tseigenschaften des Marktf\u00fchrers sowie Auswahl und Extras. Jetzt Auswahl entdecken!","breadcrumb":{"@id":"https:\/\/www.leeb-balkone.com\/ch\/anbaubalkone\/balkonboden-terrassenboden\/#breadcrumb"},"inLanguage":"de-CH","potentialAction":[{"@type":"ReadAction","target":["https:\/\/www.leeb-balkone.com\/ch\/anbaubalkone\/balkonboden-terrassenboden\/"]}]},{"@type":"ImageObject","inLanguage":"de-CH","@id":"https:\/\/www.leeb-balkone.com\/ch\/anbaubalkone\/balkonboden-terrassenboden\/#primaryimage","url":"https:\/\/www.leeb-balkone.com\/app\/uploads\/2020\/07\/balkon-terrassenboden-alu-12-1024x682.jpg","contentUrl":"https:\/\/www.leeb-balkone.com\/app\/uploads\/2020\/07\/balkon-terrassenboden-alu-12-1024x682.jpg"},{"@type":"BreadcrumbList","@id":"https:\/\/www.leeb-balkone.com\/ch\/anbaubalkone\/balkonboden-terrassenboden\/#breadcrumb","itemListElement":[{"@type":"ListItem","position":1,"name":"Home","item":"https:\/\/www.leeb-balkone.com\/ch\/"},{"@type":"ListItem","position":2,"name":"Anbaubalkone","item":"https:\/\/www.leeb-balkone.com\/ch\/anbaubalkone\/"},{"@type":"ListItem","position":3,"name":"Balkon- und Terrassenboden"}]},{"@type":"WebSite","@id":"https:\/\/www.leeb-balkone.com\/ch\/#website","url":"https:\/\/www.leeb-balkone.com\/ch\/","name":"Leeb Balkone","description":"Balkone und Z\u00e4une","publisher":{"@id":"https:\/\/www.leeb-balkone.com\/ch\/#organization"},"potentialAction":[{"@type":"SearchAction","target":{"@type":"EntryPoint","urlTemplate":"https:\/\/www.leeb-balkone.com\/ch\/?s={search_term_string}"},"query-input":{"@type":"PropertyValueSpecification","valueRequired":true,"valueName":"search_term_string"}}],"inLanguage":"de-CH"},{"@type":"Organization","@id":"https:\/\/www.leeb-balkone.com\/ch\/#organization","name":"Leeb Balkone Gmbh","url":"https:\/\/www.leeb-balkone.com\/ch\/","logo":{"@type":"ImageObject","inLanguage":"de-CH","@id":"https:\/\/www.leeb-balkone.com\/ch\/#\/schema\/logo\/image\/","url":"https:\/\/www.leeb-balkone.com\/app\/uploads\/2020\/11\/leeb-logo.svg","contentUrl":"https:\/\/www.leeb-balkone.com\/app\/uploads\/2020\/11\/leeb-logo.svg","width":741,"height":204,"caption":"Leeb Balkone Gmbh"},"image":{"@id":"https:\/\/www.leeb-balkone.com\/ch\/#\/schema\/logo\/image\/"},"sameAs":["https:\/\/www.facebook.com\/balkone\/","https:\/\/www.trustedshops.at\/bewertung\/info_X4587CCF5833E31AFE0B11F47D86999F2.html","https:\/\/www.trustedshops.de\/bewertung\/info_X7BA536A7A0BDC86D36C4718E4DCAEEEF.html","https:\/\/www.google.com\/maps\/place\/?q=place_id:ChIJ5-zH19-IcEcR9HonWRTllHI"]}]}},"_links":{"self":[{"href":"https:\/\/www.leeb-balkone.com\/ch\/wp-json\/wp\/v2\/pages\/157116","targetHints":{"allow":["GET"]}}],"collection":[{"href":"https:\/\/www.leeb-balkone.com\/ch\/wp-json\/wp\/v2\/pages"}],"about":[{"href":"https:\/\/www.leeb-balkone.com\/ch\/wp-json\/wp\/v2\/types\/page"}],"author":[{"embeddable":true,"href":"https:\/\/www.leeb-balkone.com\/ch\/wp-json\/wp\/v2\/users\/4"}],"replies":[{"embeddable":true,"href":"https:\/\/www.leeb-balkone.com\/ch\/wp-json\/wp\/v2\/comments?post=157116"}],"version-history":[{"count":3,"href":"https:\/\/www.leeb-balkone.com\/ch\/wp-json\/wp\/v2\/pages\/157116\/revisions"}],"predecessor-version":[{"id":167796,"href":"https:\/\/www.leeb-balkone.com\/ch\/wp-json\/wp\/v2\/pages\/157116\/revisions\/167796"}],"up":[{"embeddable":true,"href":"https:\/\/www.leeb-balkone.com\/ch\/wp-json\/wp\/v2\/pages\/154811"}],"wp:attachment":[{"href":"https:\/\/www.leeb-balkone.com\/ch\/wp-json\/wp\/v2\/media?parent=157116"}],"wp:term":[{"taxonomy":"folder","embeddable":true,"href":"https:\/\/www.leeb-balkone.com\/ch\/wp-json\/wp\/v2\/folder?post=157116"}],"curies":[{"name":"wp","href":"https:\/\/api.w.org\/{rel}","templated":true}]}}