{"id":154811,"date":"2025-09-13T18:53:44","date_gmt":"2025-09-13T18:53:44","guid":{"rendered":"https:\/\/www.leeb-balkone.com\/de\/produkte\/anbaubalkone\/"},"modified":"2026-04-10T14:27:57","modified_gmt":"2026-04-10T14:27:57","slug":"anbaubalkone","status":"publish","type":"page","link":"https:\/\/www.leeb-balkone.com\/ch\/anbaubalkone\/","title":{"rendered":"Anbaubalkone"},"content":{"rendered":"\n<section class=\"wp-block-group alignfull t3-header t3-header-splitscreen t3-splitscreen-shadow h-zi-20 has-light-gray-background-color has-background has-global-padding is-layout-constrained wp-container-core-group-is-layout-f1ad4950 wp-block-group-is-layout-constrained\" style=\"padding-top:0;padding-bottom:0\">\n<div class=\"wp-block-columns h-flx-a-s m-split is-layout-flex wp-container-core-columns-is-layout-28f84493 wp-block-columns-is-layout-flex\">\n<div class=\"wp-block-column is-vertically-aligned-top h-flx-a-s m-split-col-content is-layout-flow wp-block-column-is-layout-flow\"><div class=\"yoast-breadcrumbs\"><span><span><a href=\"https:\/\/www.leeb-balkone.com\/ch\/\">Home<\/a><\/span> \/ <span class=\"breadcrumb_last\" aria-current=\"page\">Anbaubalkone<\/span><\/span><\/div>\n\n<h1 class=\"wp-block-post-title\">Anbaubalkone<\/h1>\n\n\n<p class=\"has-step-0-font-size\" style=\"margin-bottom:0\">Leeb bietet f\u00fcr jeden Haustyp die passende L\u00f6sung f\u00fcr den Balkonanbau, ganz gleich, ob es sich um einen Anbaubalkon mit oder ohne St\u00fctzen handelt. Der freitragende Vorstellbalkon wird unabh\u00e4ngig von der Geb\u00e4udestatik angebracht und eignet sich auch prima f\u00fcr Mehrparteienh\u00e4user. So erweitern Sie spielend Ihren Lebensraum und gewinnen wertvolle Nutzfl\u00e4che!<\/p>\n\n\n\n<div class=\"wp-block-buttons is-layout-flex wp-block-buttons-is-layout-flex\" style=\"margin-top:var(--wp--preset--spacing--l)\">\n<div class=\"wp-block-button is-style-cta icon-book icon-left\"><a class=\"wp-block-button__link wp-element-button\" href=\"https:\/\/www.leeb-balkone.com\/ch\/kontakt\/katalog-anfordern\/\">Katalog anfordern<\/a><\/div>\n\n\n\n<div class=\"wp-block-button is-style-cta icon-vp icon-left\"><a class=\"wp-block-button__link wp-element-button\" href=\"https:\/\/www.leeb-balkone.com\/ch\/vertriebspartner\/\">Ansprechpartner finden<span class=\"sr-only\"> Schweiz<\/span><\/a><\/div>\n<\/div>\n<\/div>\n\n\n\n<div class=\"wp-block-column is-vertically-aligned-stretch h-hide-md-down is-style-image-cover is-layout-flow wp-block-column-is-layout-flow\">\n<figure class=\"wp-block-image size-large\"><img loading=\"lazy\" decoding=\"async\" width=\"1024\" height=\"683\" src=\"https:\/\/www.leeb-balkone.com\/app\/uploads\/2020\/07\/anbaubalkon-mit-stuetzen-50-1024x683.jpg\" alt=\"Moderner Anbaubalkon aus Aluminium und Glas\" class=\"wp-image-139828\" srcset=\"https:\/\/www.leeb-balkone.com\/app\/uploads\/2020\/07\/anbaubalkon-mit-stuetzen-50-1024x683.jpg 1024w, https:\/\/www.leeb-balkone.com\/app\/uploads\/2020\/07\/anbaubalkon-mit-stuetzen-50-300x200.jpg 300w, https:\/\/www.leeb-balkone.com\/app\/uploads\/2020\/07\/anbaubalkon-mit-stuetzen-50-768x512.jpg 768w, https:\/\/www.leeb-balkone.com\/app\/uploads\/2020\/07\/anbaubalkon-mit-stuetzen-50-1536x1024.jpg 1536w, https:\/\/www.leeb-balkone.com\/app\/uploads\/2020\/07\/anbaubalkon-mit-stuetzen-50-2048x1366.jpg 2048w\" sizes=\"auto, (max-width: 1024px) 100vw, 1024px\" \/><figcaption class=\"wp-element-caption\">Moderner Anbaubalkon aus Aluminium und Glas<\/figcaption><\/figure>\n<\/div>\n<\/div>\n<\/section>\n\n\n\n<section class=\"wp-block-group alignfull has-white-background-color has-background has-global-padding is-layout-constrained wp-container-core-group-is-layout-52f96efc wp-block-group-is-layout-constrained\" id=\"modelle\">\n<div class=\"wp-block-group m-teaser o-grid u-md-1 is-layout-flow wp-block-group-is-layout-flow\">\n<div class=\"wp-block-group u-g-9 u-g-s-2 is-layout-flow wp-block-group-is-layout-flow\" style=\"margin-bottom:var(--wp--preset--spacing--s)\">\n<h2 class=\"wp-block-heading has-text-align-left\">Anbau- und Vorstellbalkone<\/h2>\n\n\n\n<p class=\"has-text-align-left\">Viele Hausbesitzer w\u00fcnschen sich im Nachhinein einen eigenen Balkon, um gem\u00fctliche Sonnenstunden darauf verbringen zu k\u00f6nnen. Der nachtr\u00e4gliche Balkonanbau von Leeb macht es m\u00f6glich und bietet gleich drei ausgekl\u00fcgelte Systeme f\u00fcr unterschiedliche Baustile.<\/p>\n<\/div>\n<\/div>\n\n\n\n<div class=\"wp-block-group is-style-transparent-cards large is-layout-grid wp-container-core-group-is-layout-6056aaf6 wp-block-group-is-layout-grid\">\n<div class=\"wp-block-group m-card is-layout-flow wp-container-core-group-is-layout-8a368f38 wp-block-group-is-layout-flow\">\n<figure class=\"wp-block-image size-large\"><a href=\"https:\/\/www.leeb-balkone.com\/ch\/anbaubalkone\/balkonanbau-freitragend\/\"><img loading=\"lazy\" decoding=\"async\" width=\"1024\" height=\"708\" src=\"https:\/\/www.leeb-balkone.com\/app\/uploads\/2020\/07\/anbaubalkon-freitragend-alu-holzoptik-1024x708.jpg\" alt=\"Freitragendes Balkonanbausystem in Holzoptik\" class=\"wp-image-8070\" srcset=\"https:\/\/www.leeb-balkone.com\/app\/uploads\/2020\/07\/anbaubalkon-freitragend-alu-holzoptik-1024x708.jpg 1024w, https:\/\/www.leeb-balkone.com\/app\/uploads\/2020\/07\/anbaubalkon-freitragend-alu-holzoptik-300x207.jpg 300w, https:\/\/www.leeb-balkone.com\/app\/uploads\/2020\/07\/anbaubalkon-freitragend-alu-holzoptik-768x531.jpg 768w, https:\/\/www.leeb-balkone.com\/app\/uploads\/2020\/07\/anbaubalkon-freitragend-alu-holzoptik-1536x1062.jpg 1536w, https:\/\/www.leeb-balkone.com\/app\/uploads\/2020\/07\/anbaubalkon-freitragend-alu-holzoptik-2048x1416.jpg 2048w\" sizes=\"auto, (max-width: 1024px) 100vw, 1024px\" \/><\/a><\/figure>\n\n\n\n<div class=\"wp-block-group m-card-content is-vertical is-layout-flex wp-container-core-group-is-layout-5580f018 wp-block-group-is-layout-flex\">\n<h3 class=\"wp-block-heading\"><a href=\"https:\/\/www.leeb-balkone.com\/ch\/anbaubalkone\/balkonanbau-freitragend\/\">Balkonanbau ohne St\u00fctzen<\/a><\/h3>\n\n\n\n<p>Leeb Anbausystem f\u00fcr den freitragenden Balkon, Gr\u00f6\u00dfe und Bauart entsprechend der Bausubstanz.<\/p>\n\n\n\n<p class=\"more\"><a href=\"https:\/\/www.leeb-balkone.com\/ch\/anbaubalkone\/balkonanbau-freitragend\/\">Mehr erfahren<\/a><\/p>\n<\/div>\n<\/div>\n\n\n\n<div class=\"wp-block-group m-card is-layout-flow wp-container-core-group-is-layout-8a368f38 wp-block-group-is-layout-flow\">\n<figure class=\"wp-block-image size-large\"><a href=\"https:\/\/www.leeb-balkone.com\/ch\/anbaubalkone\/vorstellbalkon\/\"><img loading=\"lazy\" decoding=\"async\" width=\"1024\" height=\"870\" src=\"https:\/\/www.leeb-balkone.com\/app\/uploads\/2020\/07\/vorstellbalkon-mit-stuetzen--1024x870.jpg\" alt=\"vorstellbalkon mit stuetzen \" class=\"wp-image-103650\" srcset=\"https:\/\/www.leeb-balkone.com\/app\/uploads\/2020\/07\/vorstellbalkon-mit-stuetzen--1024x870.jpg 1024w, https:\/\/www.leeb-balkone.com\/app\/uploads\/2020\/07\/vorstellbalkon-mit-stuetzen--300x255.jpg 300w, https:\/\/www.leeb-balkone.com\/app\/uploads\/2020\/07\/vorstellbalkon-mit-stuetzen--768x653.jpg 768w, https:\/\/www.leeb-balkone.com\/app\/uploads\/2020\/07\/vorstellbalkon-mit-stuetzen--1536x1306.jpg 1536w, https:\/\/www.leeb-balkone.com\/app\/uploads\/2020\/07\/vorstellbalkon-mit-stuetzen--scaled.jpg 2048w\" sizes=\"auto, (max-width: 1024px) 100vw, 1024px\" \/><\/a><\/figure>\n\n\n\n<div class=\"wp-block-group m-card-content is-vertical is-layout-flex wp-container-core-group-is-layout-5580f018 wp-block-group-is-layout-flex\">\n<h3 class=\"wp-block-heading\"><a href=\"https:\/\/www.leeb-balkone.com\/ch\/anbaubalkone\/vorstellbalkon\/\">Vorstellbalkon<\/a><\/h3>\n\n\n\n<p>Unabh\u00e4ngig von der Statik, f\u00fcr jeden Haustyp geeignet. Ideal f\u00fcr mehrgeschossige Balkone.<\/p>\n\n\n\n<p class=\"more\"><a href=\"https:\/\/www.leeb-balkone.com\/ch\/anbaubalkone\/vorstellbalkon\/\">Mehr erfahren<\/a><\/p>\n<\/div>\n<\/div>\n\n\n\n<div class=\"wp-block-group m-card is-layout-flow wp-container-core-group-is-layout-8a368f38 wp-block-group-is-layout-flow\">\n<figure class=\"wp-block-image size-large\"><a href=\"https:\/\/www.leeb-balkone.com\/ch\/anbaubalkone\/balkonanbau-mit-stuetzen\/\"><img loading=\"lazy\" decoding=\"async\" width=\"1024\" height=\"721\" src=\"https:\/\/www.leeb-balkone.com\/app\/uploads\/2020\/07\/anbaubalkon-22-1024x721.jpg\" alt=\"Zarte Hausfassade mit Alu-Anbaubalkon\" class=\"wp-image-4524\" srcset=\"https:\/\/www.leeb-balkone.com\/app\/uploads\/2020\/07\/anbaubalkon-22-1024x721.jpg 1024w, https:\/\/www.leeb-balkone.com\/app\/uploads\/2020\/07\/anbaubalkon-22-300x211.jpg 300w, https:\/\/www.leeb-balkone.com\/app\/uploads\/2020\/07\/anbaubalkon-22-768x540.jpg 768w, https:\/\/www.leeb-balkone.com\/app\/uploads\/2020\/07\/anbaubalkon-22-1536x1081.jpg 1536w, https:\/\/www.leeb-balkone.com\/app\/uploads\/2020\/07\/anbaubalkon-22-2048x1441.jpg 2048w\" sizes=\"auto, (max-width: 1024px) 100vw, 1024px\" \/><\/a><\/figure>\n\n\n\n<div class=\"wp-block-group m-card-content is-vertical is-layout-flex wp-container-core-group-is-layout-5580f018 wp-block-group-is-layout-flex\">\n<h3 class=\"wp-block-heading\"><a href=\"https:\/\/www.leeb-balkone.com\/ch\/anbaubalkone\/balkonanbau-mit-stuetzen\/\">Balkonanbau mit St\u00fctzen<\/a><\/h3>\n\n\n\n<p>Leeb Anbausystem mit St\u00fctzen und minimal-invasiver Verankerung an der Fassade.<\/p>\n\n\n\n<p class=\"more\"><a href=\"https:\/\/www.leeb-balkone.com\/ch\/anbaubalkone\/balkonanbau-mit-stuetzen\/\">Mehr erfahren<\/a><\/p>\n<\/div>\n<\/div>\n\n\n\n<div class=\"wp-block-group m-card is-layout-flow wp-container-core-group-is-layout-8a368f38 wp-block-group-is-layout-flow\">\n<figure class=\"wp-block-image size-large\"><a href=\"https:\/\/www.leeb-balkone.com\/ch\/anbaubalkone\/balkonboden-terrassenboden\/\"><img loading=\"lazy\" decoding=\"async\" width=\"1024\" height=\"767\" src=\"https:\/\/www.leeb-balkone.com\/app\/uploads\/2020\/07\/alu-balkongelaender-beitragsbild-1024x767.jpg\" alt=\"Renovierte Terrasse mit Aluboden in Holzoptik\" class=\"wp-image-7175\" srcset=\"https:\/\/www.leeb-balkone.com\/app\/uploads\/2020\/07\/alu-balkongelaender-beitragsbild-1024x767.jpg 1024w, https:\/\/www.leeb-balkone.com\/app\/uploads\/2020\/07\/alu-balkongelaender-beitragsbild-300x225.jpg 300w, https:\/\/www.leeb-balkone.com\/app\/uploads\/2020\/07\/alu-balkongelaender-beitragsbild-768x575.jpg 768w, https:\/\/www.leeb-balkone.com\/app\/uploads\/2020\/07\/alu-balkongelaender-beitragsbild-1536x1151.jpg 1536w, https:\/\/www.leeb-balkone.com\/app\/uploads\/2020\/07\/alu-balkongelaender-beitragsbild-2048x1535.jpg 2048w\" sizes=\"auto, (max-width: 1024px) 100vw, 1024px\" \/><\/a><figcaption class=\"wp-element-caption\">Renovierte Terrasse mit Aluboden in Holzoptik<\/figcaption><\/figure>\n\n\n\n<div class=\"wp-block-group m-card-content is-vertical is-layout-flex wp-container-core-group-is-layout-5580f018 wp-block-group-is-layout-flex\">\n<h3 class=\"wp-block-heading\"><a href=\"https:\/\/www.leeb-balkone.com\/ch\/anbaubalkone\/balkonboden-terrassenboden\/\">B\u00f6den f\u00fcr Balkon &amp; Terrasse<\/a><\/h3>\n\n\n\n<p>Witterungsbest\u00e4ndige Balkonb\u00f6den aus Alu, Holz und Stein.<\/p>\n\n\n\n<p class=\"more\"><a href=\"https:\/\/www.leeb-balkone.com\/ch\/anbaubalkone\/balkonboden-terrassenboden\/\">Mehr erfahren<\/a><\/p>\n<\/div>\n<\/div>\n<\/div>\n<\/section>\n\n\n\n<section class=\"wp-block-cover alignfull is-light katalog-cta\" style=\"margin-top:0;margin-bottom:0;padding-top:0;padding-right:0;padding-bottom:0;padding-left:0;min-height:100px;aspect-ratio:unset;\" id=\"preisanfrage\"><img loading=\"lazy\" decoding=\"async\" width=\"2560\" height=\"1707\" class=\"wp-block-cover__image-background wp-image-152954 size-full\" alt=\"Schauraum Leeb Tettnang Florian Keller\" src=\"https:\/\/www.leeb-balkone.com\/app\/uploads\/2025\/04\/Schauraum-Leeb-Tettnang-Florian-Keller-17-scaled.jpg\" style=\"object-position:54% 45%\" data-object-fit=\"cover\" data-object-position=\"54% 45%\" srcset=\"https:\/\/www.leeb-balkone.com\/app\/uploads\/2025\/04\/Schauraum-Leeb-Tettnang-Florian-Keller-17-scaled.jpg 2560w, https:\/\/www.leeb-balkone.com\/app\/uploads\/2025\/04\/Schauraum-Leeb-Tettnang-Florian-Keller-17-300x200.jpg 300w, https:\/\/www.leeb-balkone.com\/app\/uploads\/2025\/04\/Schauraum-Leeb-Tettnang-Florian-Keller-17-1024x683.jpg 1024w, https:\/\/www.leeb-balkone.com\/app\/uploads\/2025\/04\/Schauraum-Leeb-Tettnang-Florian-Keller-17-768x512.jpg 768w, https:\/\/www.leeb-balkone.com\/app\/uploads\/2025\/04\/Schauraum-Leeb-Tettnang-Florian-Keller-17-1536x1024.jpg 1536w, https:\/\/www.leeb-balkone.com\/app\/uploads\/2025\/04\/Schauraum-Leeb-Tettnang-Florian-Keller-17-2048x1366.jpg 2048w\" sizes=\"auto, (max-width: 2560px) 100vw, 2560px\" \/><span aria-hidden=\"true\" class=\"wp-block-cover__background has-primary-45-background-color has-background-dim-80 has-background-dim\"><\/span><div class=\"wp-block-cover__inner-container has-global-padding is-layout-constrained wp-container-core-cover-is-layout-f028c7bd wp-block-cover-is-layout-constrained\">\n<div class=\"wp-block-group is-layout-flow wp-block-group-is-layout-flow\" style=\"min-height:0px;margin-top:0;margin-bottom:0;padding-top:var(--wp--preset--spacing--2-xl);padding-bottom:var(--wp--preset--spacing--2-xl);padding-left:0\">\n<div class=\"wp-block-columns are-vertically-aligned-center is-layout-flex wp-container-core-columns-is-layout-0a4bbf16 wp-block-columns-is-layout-flex\" style=\"margin-top:0;margin-bottom:0\">\n<div class=\"wp-block-column is-vertically-aligned-center is-layout-flow wp-block-column-is-layout-flow\" style=\"flex-basis:66.66%\">\n<h2 class=\"wp-block-heading\">Preisanfrage senden<\/h2>\n\n\n\n<p class=\"is-style-teaser\">Um Ihnen ein ma\u00dfgeschneidertes Angebot f\u00fcr Ihren Anbaubalkon unterbreiten zu k\u00f6nnen, ben\u00f6tigen wir noch einige erg\u00e4nzende Informationen zu Ihrem Vorhaben. Im Anschluss wird sich Ihr pers\u00f6nlicher Ansprechpartner mit Ihnen in Verbindung setzen.<\/p>\n<\/div>\n\n\n\n<div class=\"wp-block-column is-vertically-aligned-center is-layout-flow wp-block-column-is-layout-flow\" style=\"flex-basis:33.33%\">\n<div class=\"wp-block-group is-content-justification-right is-nowrap is-layout-flex wp-container-core-group-is-layout-17124a9a wp-block-group-is-layout-flex\"><div class=\"t3-preis-modal-button-block wp-block-button is-style-filled-white large\"><a href=\"#t3-preis-modal-b71640145e\" class=\"t3-preis-modal-open-btn wp-block-button__link\" data-modal-id=\"t3-preis-modal-b71640145e\" role=\"button\" aria-controls=\"t3-preis-modal-b71640145e\" aria-expanded=\"false\">Preisanfrage <span class=\"sr-only\"> Preisanfrage Leeb Balkone Schweiz<\/span><\/a><\/div><\/div>\n<\/div>\n<\/div>\n<\/div>\n<\/div><\/section>\n\n\n\n<section class=\"wp-block-group alignfull has-light-gray-background-color has-background has-global-padding is-layout-constrained wp-container-core-group-is-layout-52f96efc wp-block-group-is-layout-constrained\" id=\"service-qualitaet\">\n<div class=\"wp-block-group o-grid u-md-1 is-layout-flow wp-block-group-is-layout-flow\">\n<div class=\"wp-block-group u-g-9 u-g-s-2 is-layout-flow wp-block-group-is-layout-flow\" style=\"margin-bottom:var(--wp--preset--spacing--s)\">\n<h2 class=\"wp-block-heading\">Balkonanbau mit Leeb Balkone<\/h2>\n\n\n\n<p><span class=\"teaser\">Ein Anbaubalkon erweitert den Wohnraum und steigert den Wert einer Immobilie. Leeb z\u00e4hlt zu den f\u00fchrenden Herstellern von Balkonsystemen und bietet individuell geplante, hochwertige L\u00f6sungen f\u00fcr den nachtr\u00e4glichen Balkonanbau.<\/span><\/p>\n\n\n\n<p>Wer keinen Balkon hat, auf diesen Komfort aber nicht mehr verzichten m\u00f6chte, dem bietet sich mit einem nachtr\u00e4glichen Balkonanbau die ersehnte L\u00f6sung. Dank des innovativen Balkonsystems von Leeb ist es bei nahezu jedem Objekt m\u00f6glich, auch im Nachhinein einen Balkon zu erg\u00e4nzen.<\/p>\n<\/div>\n<\/div>\n\n\n\n<div class=\"wp-block-group small is-style-white-cards sm-2-cols is-layout-grid wp-container-core-group-is-layout-7785d981 wp-block-group-is-layout-grid\">\n<div class=\"wp-block-group m-card has-modal is-layout-flow wp-container-core-group-is-layout-8a368f38 wp-block-group-is-layout-flow\" data-modal-id=\"162845\">\n<figure class=\"wp-block-image size-large is-style-default\"><img loading=\"lazy\" decoding=\"async\" width=\"1024\" height=\"714\" src=\"https:\/\/www.leeb-balkone.com\/app\/uploads\/2023\/09\/objektbau-anbaubalkone-1024x714.jpg\" alt=\"objektbau anbaubalkone\" class=\"wp-image-131849\" srcset=\"https:\/\/www.leeb-balkone.com\/app\/uploads\/2023\/09\/objektbau-anbaubalkone-1024x714.jpg 1024w, https:\/\/www.leeb-balkone.com\/app\/uploads\/2023\/09\/objektbau-anbaubalkone-300x209.jpg 300w, https:\/\/www.leeb-balkone.com\/app\/uploads\/2023\/09\/objektbau-anbaubalkone-768x536.jpg 768w, https:\/\/www.leeb-balkone.com\/app\/uploads\/2023\/09\/objektbau-anbaubalkone-1536x1071.jpg 1536w, https:\/\/www.leeb-balkone.com\/app\/uploads\/2023\/09\/objektbau-anbaubalkone-2048x1428.jpg 2048w\" sizes=\"auto, (max-width: 1024px) 100vw, 1024px\" \/><figcaption class=\"wp-element-caption\">Nachher<\/figcaption><\/figure>\n\n\n\n<div class=\"wp-block-group m-card-content has-white-background-color has-background is-vertical is-layout-flex wp-container-core-group-is-layout-5580f018 wp-block-group-is-layout-flex\">\n<h3 class=\"wp-block-heading\"><strong>Balkonanbau mit Europas Nr. 1<\/strong><\/h3>\n\n\n\n<p>Leeb Balkone ist Ihr Spezialist f\u00fcr ma\u00dfgeschneiderte Anbau- und Vorstellbalkone.<\/p>\n<\/div>\n<a href=\"#overlay-162845\" class=\"open-modal-link\" aria-label=\"Open modal\"><span class=\"sr-only\">\u00d6ffne Modal<\/span><\/a><\/div>\n\n\n\n<div class=\"wp-block-group m-card has-modal is-layout-flow wp-container-core-group-is-layout-8a368f38 wp-block-group-is-layout-flow\" data-modal-id=\"162857\">\n<figure class=\"wp-block-image size-large is-style-default\"><img loading=\"lazy\" decoding=\"async\" width=\"1024\" height=\"767\" src=\"https:\/\/www.leeb-balkone.com\/app\/uploads\/2020\/08\/leeb-balkone-mitarbeiter-4-1024x767.jpeg\" alt=\"Montieren eines Leeb Alu-Balkongel\u00e4nders nach Ma\u00df\" class=\"wp-image-6083\" srcset=\"https:\/\/www.leeb-balkone.com\/app\/uploads\/2020\/08\/leeb-balkone-mitarbeiter-4-1024x767.jpeg 1024w, https:\/\/www.leeb-balkone.com\/app\/uploads\/2020\/08\/leeb-balkone-mitarbeiter-4-2048x1535.jpeg 2048w, https:\/\/www.leeb-balkone.com\/app\/uploads\/2020\/08\/leeb-balkone-mitarbeiter-4-300x225.jpeg 300w, https:\/\/www.leeb-balkone.com\/app\/uploads\/2020\/08\/leeb-balkone-mitarbeiter-4-768x575.jpeg 768w, https:\/\/www.leeb-balkone.com\/app\/uploads\/2020\/08\/leeb-balkone-mitarbeiter-4-1536x1151.jpeg 1536w\" sizes=\"auto, (max-width: 1024px) 100vw, 1024px\" \/><\/figure>\n\n\n\n<div class=\"wp-block-group m-card-content has-white-background-color has-background is-vertical is-layout-flex wp-container-core-group-is-layout-5580f018 wp-block-group-is-layout-flex\">\n<h3 class=\"wp-block-heading\">Rundum Service f\u00fcr sorglose Umsetzung<\/h3>\n\n\n\n<p>Beratungsservice vor Ort, 3D-Konfigurator, Werksfertigung, Lieferung und Montage.<\/p>\n<\/div>\n<a href=\"#overlay-162857\" class=\"open-modal-link\" aria-label=\"Open modal\"><span class=\"sr-only\">\u00d6ffne Modal<\/span><\/a><\/div>\n\n\n\n<div class=\"wp-block-group m-card has-modal is-layout-flow wp-container-core-group-is-layout-8a368f38 wp-block-group-is-layout-flow\" data-modal-id=\"162859\">\n<figure class=\"wp-block-image size-full\"><img loading=\"lazy\" decoding=\"async\" width=\"2048\" height=\"1366\" src=\"https:\/\/www.leeb-balkone.com\/app\/uploads\/2022\/05\/glas-bearbeitung-zuschnitt--scaled.jpg\" alt=\"glas bearbeitung zuschnitt \" class=\"wp-image-83644\" srcset=\"https:\/\/www.leeb-balkone.com\/app\/uploads\/2022\/05\/glas-bearbeitung-zuschnitt--scaled.jpg 2048w, https:\/\/www.leeb-balkone.com\/app\/uploads\/2022\/05\/glas-bearbeitung-zuschnitt--300x200.jpg 300w, https:\/\/www.leeb-balkone.com\/app\/uploads\/2022\/05\/glas-bearbeitung-zuschnitt--1024x683.jpg 1024w, https:\/\/www.leeb-balkone.com\/app\/uploads\/2022\/05\/glas-bearbeitung-zuschnitt--768x512.jpg 768w, https:\/\/www.leeb-balkone.com\/app\/uploads\/2022\/05\/glas-bearbeitung-zuschnitt--1536x1024.jpg 1536w\" sizes=\"auto, (max-width: 2048px) 100vw, 2048px\" \/><\/figure>\n\n\n\n<div class=\"wp-block-group m-card-content has-white-background-color has-background is-vertical is-layout-flex wp-container-core-group-is-layout-5580f018 wp-block-group-is-layout-flex\">\n<h3 class=\"wp-block-heading\"><strong>Verbundsicherheitsglas in Premium Qualit\u00e4t<\/strong><\/h3>\n\n\n\n<p>Gepr\u00fcfte Sicherheit, innovative Designs und langlebige Qualit\u00e4t nach Ma\u00df mit Leeb Glas.<\/p>\n<\/div>\n<a href=\"#overlay-162859\" class=\"open-modal-link\" aria-label=\"Open modal\"><span class=\"sr-only\">\u00d6ffne Modal<\/span><\/a><\/div>\n\n\n\n<div class=\"wp-block-group m-card has-modal is-layout-flow wp-container-core-group-is-layout-8a368f38 wp-block-group-is-layout-flow\" data-modal-id=\"162819\">\n<figure class=\"wp-block-image size-large\"><img loading=\"lazy\" decoding=\"async\" width=\"1024\" height=\"665\" src=\"https:\/\/www.leeb-balkone.com\/app\/uploads\/2020\/08\/alu-comfort-plus-1024x665.jpg\" alt=\"alu comfort plus\" class=\"wp-image-5082\" srcset=\"https:\/\/www.leeb-balkone.com\/app\/uploads\/2020\/08\/alu-comfort-plus-1024x665.jpg 1024w, https:\/\/www.leeb-balkone.com\/app\/uploads\/2020\/08\/alu-comfort-plus-300x195.jpg 300w, https:\/\/www.leeb-balkone.com\/app\/uploads\/2020\/08\/alu-comfort-plus-768x499.jpg 768w, https:\/\/www.leeb-balkone.com\/app\/uploads\/2020\/08\/alu-comfort-plus-1536x997.jpg 1536w, https:\/\/www.leeb-balkone.com\/app\/uploads\/2020\/08\/alu-comfort-plus-2048x1330.jpg 2048w\" sizes=\"auto, (max-width: 1024px) 100vw, 1024px\" \/><\/figure>\n\n\n\n<div class=\"wp-block-group m-card-content has-white-background-color has-background is-vertical is-layout-flex wp-container-core-group-is-layout-5580f018 wp-block-group-is-layout-flex\">\n<h3 class=\"wp-block-heading\">Langzeitschutz durch ALU Comfort Plus\u00ae<\/h3>\n\n\n\n<p>Patentierte Beschichtung und Verarbeitung von Aluminium auf h\u00f6chstem Niveau.<\/p>\n<\/div>\n<a href=\"#overlay-162819\" class=\"open-modal-link\" aria-label=\"Open modal\"><span class=\"sr-only\">\u00d6ffne Modal<\/span><\/a><\/div>\n<\/div>\n\n\n\n<div class=\"wp-block-group o-grid u-md-1 is-layout-flow wp-block-group-is-layout-flow\" style=\"padding-top:var(--wp--preset--spacing--l)\">\n<div class=\"wp-block-group u-g-9 u-g-s-2 is-layout-flow wp-block-group-is-layout-flow\" style=\"margin-bottom:var(--wp--preset--spacing--s)\">\n<h3 class=\"wp-block-heading\">Unsere Anbausysteme im Detail:<\/h3>\n\n\n\n<ol class=\"wp-block-list\">\n<li><strong>Leeb Anbausystem f\u00fcr den freitragenden Balkon<\/strong>: Freitragende Balkone kommen ganz ohne St\u00fctzen aus. \u00dcber Einfahrten, Gehwegen, Stellpl\u00e4tzen oder Eing\u00e4ngen wendet man diese Bauart gerne an, da St\u00fctzen dort meist im Weg w\u00e4ren. Gr\u00f6\u00dfe und Bauart h\u00e4ngen wesentlich von der Bausubstanz des Hauses ab. Eine durchgehende Isolierung sorgt daf\u00fcr, dass K\u00e4ltebr\u00fccken an auskragenden Bauteilen minimiert werden. Dadurch wird das Energiesparkonzept des Hauses nicht beeinflusst.<\/li>\n\n\n\n<li><strong>Leeb Anbausystem mit St\u00fctzen<\/strong>: Ist eine freitragende Variante statisch nicht m\u00f6glich, nutzt man die Anbaul\u00f6sung mit St\u00fctzen. Die Konstruktion wird dabei an der Fassade minimalinvasiv verankert und auf S\u00e4ulen gest\u00fctzt. Die St\u00fctzen sind dabei Designelemente und werten das Haus optisch auf. <\/li>\n\n\n\n<li><strong>Leeb Vorstellbalkon<\/strong>: Unabh\u00e4ngig von der Statik des Bauwerks kann dieses System bei jedem Haustyp angewendet werden. Die Konstruktion steht eigenst\u00e4ndig und kann als einzel- oder mehrgescho\u00dfiger Balkon realisiert werden. Der vorgestellte Balkon wird nur gegen angreifende Horizontalkr\u00e4fte in der Fassade verankert.<\/li>\n\n\n\n<li><strong>Leeb Anbausystem mit Abh\u00e4ngung<\/strong>: Sollte keine der \u00fcblichen Anbau-Varianten infrage kommen, so bietet Leeb eine Individuall\u00f6sung an. Diese richtet sich nach den Gegebenheiten der Immobilie und wird individuell auf Sie zugeschnitten. Bei der Ausf\u00fchrung ohne St\u00fctzen wird der Balkon durch eine Zugstange r\u00fcckverankert und garantiert so optimalen Halt.<\/li>\n<\/ol>\n\n\n\n<h3 class=\"wp-block-heading\">Vorteile im \u00dcberblick<\/h3>\n\n\n\n<p>Die Vorteile von Balkonanbau mit Leeb ergeben sich aus der Kombination modernster Technik, ma\u00dfgeschneiderter Planung und flexibler Ausstattungsoptionen \u2013 erg\u00e4nzt durch hochwertige Materialien und professionelle Betreuung von der ersten Beratung bis zur fertigen Montage.<\/p>\n\n\n\n<ul class=\"wp-block-list is-style-checkmark-2\">\n<li><strong>Balkonsanierung und Balkonerweiterung:<\/strong> Revitalisieren und erweitern Sie Ihren Balkon mit den erfahrenen Profis von Leeb \u2013 f\u00fcr neue Lebensqualit\u00e4t und mehr Wohnraum.<\/li>\n\n\n\n<li><strong>Synergieeffekte:<\/strong> Je nach Gegebenheiten bietet das Leeb Portfolio umfassende M\u00f6glichkeiten erg\u00e4nzender Gestaltungen, etwa Anbaubalkone mit \u00dcberdachung, Sichtschutzelementen oder darunter liegendem Sommergarten.<\/li>\n\n\n\n<li><strong>Technische Ausgereiftheit<\/strong>: Alle Anbauvarianten sind m\u00f6glich, mit oder ohne Untersichtsblende, und verf\u00fcgen \u00fcber eine integrierte, unsichtbare Entw\u00e4sserung f\u00fcr maximale Funktionalit\u00e4t und \u00c4sthetik.<\/li>\n\n\n\n<li><strong>Wertsteigerung und Nachhaltigkeit:<\/strong> Ein Anbaubalkon erh\u00f6ht die Nutzfl\u00e4che, steigert den Immobilienwert und \u00fcberzeugt durch langlebige, pflegeleichte Materialien.<\/li>\n\n\n\n<li><strong>Rundum-Service:<\/strong> Von der Beratung \u00fcber die Planung bis zur schnellen, sauberen Montage begleitet Sie Leeb kompetent und zuverl\u00e4ssig.<\/li>\n<\/ul>\n<\/div>\n<\/div>\n<\/section>\n\n\n\n<section class=\"wp-block-group alignfull has-white-background-color has-background has-global-padding is-layout-constrained wp-container-core-group-is-layout-52f96efc wp-block-group-is-layout-constrained\" id=\"vielfalt-zubehoer\">\n<div class=\"wp-block-group o-grid u-md-1 is-layout-flow wp-block-group-is-layout-flow\">\n<div class=\"wp-block-group u-g-9 u-g-s-2 is-layout-flow wp-block-group-is-layout-flow\" style=\"margin-bottom:var(--wp--preset--spacing--s)\">\n<h2 class=\"wp-block-heading\">F\u00fcr jeden Haustyp der passende Balkonanbau<\/h2>\n\n\n\n<p><span class=\"teaser\"><span class=\"teaser\">Je nach \u00f6rtlichen Gegebenheiten, Mauerwerk und gew\u00fcnschter Balkontiefe findet sich bei Leeb ganz einfach das richtige System f\u00fcr Anbaubalkone und Vorstellbalkone.<\/span><\/span><\/p>\n\n\n\n<p>Bei einer Betondecke und Balkontiefe von bis zu 1,60 m wird der neue Leeb-Balkon als freitragender Anbaubalkon angebracht. Die Verankerung geschieht dabei praktisch unsichtbar, aufgrund der durchgehenden Isolierung entstehen dabei keine K\u00e4ltebr\u00fccken. Wer gleich mehrere Balkonebenen \u00fcbereinander anbringen m\u00f6chte, zum Beispiel bei einem Mehrfamilienhaus, dem empfiehlt sich ein Vorstell- oder Anbaubalkon mit St\u00fctzen. Auch gr\u00f6\u00dfere Bautiefen sind leicht umsetzbar \u2013 auf Wunsch wird Ihr neuer Leeb-Balkon \u00fcberdacht oder gleich zum geschlossenen Anbau-Sommergarten mit Schiebeelementen aus Glas erweitert.<\/p>\n\n\n\n<h3 class=\"wp-block-heading\">Nachtr\u00e4glicher Balkonanbau von Leeb<\/h3>\n\n\n\n<!-- LEEB Balkone GmbH Video: Nachtr\u00e4glicher Balkonanbau von LEEB Balkone -->\n<div class=\"video-container\" style=\"position:relative; padding-bottom:56.25%; height:0; overflow:hidden;\">\n  <iframe \n    src=\"https:\/\/www.youtube.com\/embed\/z73X_NWiXAY?rel=0\" \n    width=\"560\" \n    height=\"315\"\n    title=\"Nachtr\u00e4glicher Balkonanbau von LEEB Balkone\" \n    frameborder=\"0\"\n    allow=\"accelerometer; autoplay; clipboard-write; encrypted-media; gyroscope; picture-in-picture; web-share\"\n    allowfullscreen\n    loading=\"lazy\"\n    tabindex=\"0\">\n  <\/iframe>\n<\/div>\n<!-- Structured Data -->\n<script type=\"application\/ld+json\">\n{\n  \"@context\": \"https:\/\/schema.org\",\n  \"@type\": \"VideoObject\",\n  \"name\": \"Nachtr\u00e4glicher Balkonanbau von LEEB Balkone\",\n  \"description\": \"Die Montage von mehrst\u00f6ckigen Anbaubalkonen: Individuell abgestimmt auf die baulichen Gegebenheiten des Wohnhauses. LEEB-Systeme machen\u00b4s m\u00f6glich: Wertsteigernde Anbaubalkone f\u00fcr jeden Haustyp.\",\n  \"thumbnailUrl\": \"https:\/\/i.ytimg.com\/vi\/z73X_NWiXAY\/hqdefault.jpg\",\n  \"uploadDate\": \"2019-06-04\",\n  \"duration\": \"PT1M43S\",\n  \"publisher\": {\n    \"@type\": \"Organization\",\n    \"name\": \"LEEB Balkone GmbH\"\n  },\n  \"contentUrl\": \"https:\/\/www.youtube.com\/watch?v=z73X_NWiXAY\"\n}\n<\/script>\n\n\n\n<h3 class=\"wp-block-heading\">Einfamilienhaus bis Wohnbau: Lebensraumerweiterung mit Leeb<\/h3>\n\n\n\n<p>Die Montage von mehrgescho\u00dfigen Vorstell- und Anbaubalkonen wird individuell auf die baulichen Gegebenheiten des Wohnhauses abgestimmt. Die gesamte Anbau-Konstruktion wird im Werk ma\u00dfgeschneidert produziert und vor Ort im Modularsystem zusammengef\u00fcgt. Auf diese Weise wird die Baustelle innerhalb k\u00fcrzester Zeit ohne Schmutz- und L\u00e4rmbel\u00e4stigung fertiggestellt. Beim nachtr\u00e4glichen Balkonanbau sind bis zu sechs Ebenen m\u00f6glich. Die zus\u00e4tzlich gewonnenen Nutzfl\u00e4che erweitert nicht nur komfortabel den Lebensraum, der Wert der Immobilie wird sp\u00fcrbar erh\u00f6ht und die Vermietbarkeit nachhaltig gesteigert. Beides tr\u00e4gt zu einem h\u00f6heren Marktwert bei, der die Investition langfristig rentabel macht. Leeb-Systeme machen es m\u00f6glich: Wertsteigernde Anbaubalkone f\u00fcr jeden Haustyp \u2013 auch interessant in der&nbsp;Wohnungswirtschaft.<\/p>\n<\/div>\n<\/div>\n<\/section>\n\n\n\n<section class=\"wp-block-cover alignfull is-light katalog-cta\" style=\"margin-top:0;margin-bottom:0;padding-top:0;padding-right:0;padding-bottom:0;padding-left:0;min-height:100px;aspect-ratio:unset;\" id=\"katalogbestellung\"><img loading=\"lazy\" decoding=\"async\" width=\"1920\" height=\"599\" class=\"wp-block-cover__image-background wp-image-7912 size-full\" alt=\"leeb balkone katalog anfordern\" src=\"https:\/\/www.leeb-balkone.com\/app\/uploads\/2020\/09\/leeb-balkone-katalog-anfordern-1.jpeg\" data-object-fit=\"cover\" srcset=\"https:\/\/www.leeb-balkone.com\/app\/uploads\/2020\/09\/leeb-balkone-katalog-anfordern-1-300x94.jpeg 300w, https:\/\/www.leeb-balkone.com\/app\/uploads\/2020\/09\/leeb-balkone-katalog-anfordern-1-1024x319.jpeg 1024w, https:\/\/www.leeb-balkone.com\/app\/uploads\/2020\/09\/leeb-balkone-katalog-anfordern-1-768x240.jpeg 768w, https:\/\/www.leeb-balkone.com\/app\/uploads\/2020\/09\/leeb-balkone-katalog-anfordern-1-1536x479.jpeg 1536w\" sizes=\"auto, (max-width: 1920px) 100vw, 1920px\" \/><span aria-hidden=\"true\" class=\"wp-block-cover__background has-primary-45-background-color has-background-dim-80 has-background-dim\"><\/span><div class=\"wp-block-cover__inner-container has-global-padding is-layout-constrained wp-container-core-cover-is-layout-fc5783d2 wp-block-cover-is-layout-constrained\">\n<div class=\"wp-block-group is-layout-flow wp-block-group-is-layout-flow\" style=\"min-height:0px;margin-top:0;margin-bottom:0;padding-top:var(--wp--preset--spacing--2-xl);padding-bottom:var(--wp--preset--spacing--2-xl);padding-left:0\">\n<div class=\"wp-block-columns are-vertically-aligned-center is-layout-flex wp-container-core-columns-is-layout-0a4bbf16 wp-block-columns-is-layout-flex\" style=\"margin-top:0;margin-bottom:0\">\n<div class=\"wp-block-column is-vertically-aligned-center is-layout-flow wp-block-column-is-layout-flow\" style=\"flex-basis:66.66%\">\n<h2 class=\"wp-block-heading\">Unsere Anbaubalkone im Katalog<\/h2>\n\n\n\n<p class=\"is-style-teaser\"><span class=\"teaser\"><span class=\"teaser\">Ihr pers\u00f6nlicher Katalog wartet auf Sie! Jetzt kostenlos bestellen und unsere&nbsp;Anbausysteme entdecken. Finden Sie die L\u00f6sung, die perfekt zu Ihnen passt.<\/span><\/span><\/p>\n<\/div>\n\n\n\n<div class=\"wp-block-column is-vertically-aligned-center is-layout-flow wp-block-column-is-layout-flow\" style=\"flex-basis:33.33%\">\n<div class=\"wp-block-buttons u-m-jc-left is-content-justification-right is-layout-flex wp-container-core-buttons-is-layout-c060c6c7 wp-block-buttons-is-layout-flex\">\n<div class=\"wp-block-button is-style-filled-white large\"><a class=\"wp-block-button__link wp-element-button\" href=\"https:\/\/www.leeb-balkone.com\/ch\/kontakt\/katalog-anfordern\/\" style=\"box-shadow:var(--wp--preset--shadow--button-shadow)\">Katalog anfordern<\/a><\/div>\n<\/div>\n<\/div>\n<\/div>\n<\/div>\n<\/div><\/section>\n\n\n\n<section class=\"wp-block-group alignfull has-white-background-color has-background has-global-padding is-layout-constrained wp-container-core-group-is-layout-52f96efc wp-block-group-is-layout-constrained\">\n<div class=\"wp-block-group o-grid u-md-1 is-layout-flow wp-block-group-is-layout-flow\" style=\"padding-top:0\">\n<div class=\"wp-block-group u-g-9 u-g-s-2 is-layout-flow wp-block-group-is-layout-flow\" style=\"margin-bottom:var(--wp--preset--spacing--s)\">\n<h2 class=\"wp-block-heading\">Referenzen<\/h2>\n<\/div>\n<\/div>\n\n\n\n<div class=\"wp-block-t3-carousel-wrapper\" id=\"t3-carousel-2d458d56-ea77-42f4-9370-4efecbad09ce\"><div class=\"wp-block-t3-carousel t3-carousel-block swiper\" data-swiper-options=\"{&quot;loop&quot;:false,&quot;preloadImages&quot;:false,&quot;lazy&quot;:{&quot;loadPrevNext&quot;:true},&quot;autoplay&quot;:{&quot;delay&quot;:3000,&quot;disableOnInteraction&quot;:false},&quot;navigation&quot;:{&quot;nextEl&quot;:&quot;#t3-carousel-2d458d56-ea77-42f4-9370-4efecbad09ce .t3-carousel-2d458d56-ea77-42f4-9370-4efecbad09ce-next&quot;,&quot;prevEl&quot;:&quot;#t3-carousel-2d458d56-ea77-42f4-9370-4efecbad09ce .t3-carousel-2d458d56-ea77-42f4-9370-4efecbad09ce-prev&quot;},&quot;pagination&quot;:{&quot;el&quot;:&quot;#t3-carousel-2d458d56-ea77-42f4-9370-4efecbad09ce .t3-carousel-2d458d56-ea77-42f4-9370-4efecbad09ce-pagination&quot;,&quot;clickable&quot;:true},&quot;scrollbar&quot;:false,&quot;breakpoints&quot;:{&quot;0&quot;:{&quot;slidesPerView&quot;:1.15,&quot;spaceBetween&quot;:24},&quot;769&quot;:{&quot;slidesPerView&quot;:1,&quot;spaceBetween&quot;:30}}}\"><div class=\"swiper-wrapper\">\n<div class=\"wp-block-t3-carousel-slide t3-carousel-slide swiper-slide\">\n<div class=\"wp-block-columns testimonial m-split is-layout-flex wp-container-core-columns-is-layout-3331f5f7 wp-block-columns-is-layout-flex\" style=\"padding-bottom:0\">\n<div class=\"wp-block-column is-layout-flow wp-block-column-is-layout-flow\">\n<div class=\"wp-block-group is-layout-flow wp-block-group-is-layout-flow has-background\" style=\"min-height:100%;background-image:url(&#039;https:\/\/www.leeb-balkone.com\/app\/uploads\/2024\/07\/MF_40830C1B-M08_20240703-134242.jpg&#039;);background-size:cover;\"><\/div>\n<\/div>\n\n\n\n<div class=\"wp-block-column is-vertically-aligned-top testimonial-text is-layout-flow wp-block-column-is-layout-flow\">\n<div class=\"wp-block-group has-light-gray-background-color has-background is-vertical is-layout-flex wp-container-core-group-is-layout-044273ab wp-block-group-is-layout-flex\" style=\"padding-top:var(--wp--preset--spacing--xl);padding-right:var(--wp--preset--spacing--xl);padding-bottom:var(--wp--preset--spacing--xl);padding-left:var(--wp--preset--spacing--l)\">\n<p class=\"has-step-1-font-size\"><em>&#8220;Liebes Leeb-Team, die beiden Herren haben intensiv gearbeitet und eine Super &#8211; Leistung erbracht. Zu unseren neuen Au\u00dfenanlage war das jetzt das &#8220;i-T\u00fcpfelchen&#8221;. Vielen Dank f\u00fcr Ihre Vorarbeiten und dass alles so geklappt hat. Mit dem Ablauf sind wir sehr zufrieden, da auch auf den ersten Blick alles in Ordnung ist.&#8221;<\/em><\/p>\n\n\n\n<p class=\"has-step-s-font-size\"><strong>Familie Borawski<br><\/strong>35083 Wetter (Hessen)<\/p>\n<\/div>\n<\/div>\n<\/div>\n<\/div>\n\n\n\n<div class=\"wp-block-t3-carousel-slide t3-carousel-slide swiper-slide\">\n<div class=\"wp-block-columns testimonial m-split is-layout-flex wp-container-core-columns-is-layout-3331f5f7 wp-block-columns-is-layout-flex\" style=\"padding-bottom:0\">\n<div class=\"wp-block-column is-layout-flow wp-block-column-is-layout-flow\">\n<div class=\"wp-block-group is-layout-flow wp-block-group-is-layout-flow has-background\" style=\"min-height:100%;background-image:url(&#039;https:\/\/www.leeb-balkone.com\/app\/uploads\/2024\/10\/Kundenreferenz-Anbaubalkon-mit-Stuetzen-und-Glasbalkon-scaled.jpg&#039;);background-size:cover;\"><\/div>\n<\/div>\n\n\n\n<div class=\"wp-block-column is-vertically-aligned-top testimonial-text is-layout-flow wp-block-column-is-layout-flow\">\n<div class=\"wp-block-group has-light-gray-background-color has-background is-vertical is-layout-flex wp-container-core-group-is-layout-044273ab wp-block-group-is-layout-flex\" style=\"padding-top:var(--wp--preset--spacing--xl);padding-right:var(--wp--preset--spacing--xl);padding-bottom:var(--wp--preset--spacing--xl);padding-left:var(--wp--preset--spacing--l)\">\n<p class=\"has-step-1-font-size\"><em>&#8220;Wir sind sehr angetan, zumal die Optik perfekt zum Stil des Hauses passt. Prima fanden wir auch, dass wir die hinteren St\u00fctzen in wei\u00df nehmen konnten, also in der Farbe der Hauswand. So passt sich der Balkon zus\u00e4tzlich gut an das Haus an. Beim Besuch im Beratungsb\u00fcro haben wir die Steinfliesen entdeckt, sie machen einen qualitativ guten Eindruck passen sehr gut.&#8221;<\/em><\/p>\n\n\n\n<p class=\"has-step-s-font-size\"><strong>Familie D\u00f6brich<br><\/strong>79189 Bad Krozingen<\/p>\n<\/div>\n<\/div>\n<\/div>\n<\/div>\n<\/div><div class=\"swiper-pagination t3-carousel-2d458d56-ea77-42f4-9370-4efecbad09ce-pagination\"><\/div><\/div><div class=\"swiper-button-prev t3-carousel-2d458d56-ea77-42f4-9370-4efecbad09ce-prev\"><\/div><div class=\"swiper-button-next t3-carousel-2d458d56-ea77-42f4-9370-4efecbad09ce-next\"><\/div><\/div>\n\n\n<div class=\"t3-before-after-grid u-grid-temp has-3-cols\" data-ba-initial=\"50\"><\/div><\/section>\n\n\n\n<section class=\"wp-block-group alignfull has-white-background-color has-background has-global-padding is-layout-constrained wp-container-core-group-is-layout-9fa1424c wp-block-group-is-layout-constrained\" style=\"padding-top:0\">\n<div class=\"wp-block-group o-grid u-md-1 is-layout-flow wp-block-group-is-layout-flow\" style=\"padding-top:0\">\n<div class=\"wp-block-group u-g-9 u-g-s-2 is-layout-flow wp-block-group-is-layout-flow\" style=\"margin-bottom:var(--wp--preset--spacing--s)\">\n<h2 class=\"wp-block-heading\">Warum ein Leeb Anbaubalkon?<\/h2>\n\n\n\n<p class=\"is-style-teaser\">Ein Leeb Anbaubalkon ist eine hochwertige, langlebige und individuell anpassbare L\u00f6sung, um Ihren Wohnraum im Freien zu erweitern und gleichzeitig den Wert Ihrer Immobilie zu steigern \u2013 mit minimalem Wartungsaufwand und maximalem Komfort.<\/p>\n<\/div>\n<\/div>\n\n\n\n<div class=\"wp-block-group is-layout-flow wp-container-core-group-is-layout-d5075d26 wp-block-group-is-layout-flow\">\n<div class=\"wp-block-columns is-style-shadow m-split is-layout-flex wp-container-core-columns-is-layout-28f84493 wp-block-columns-is-layout-flex\">\n<div class=\"wp-block-column is-style-default is-layout-flow wp-block-column-is-layout-flow\">\n<figure class=\"wp-block-image size-large\"><img loading=\"lazy\" decoding=\"async\" width=\"1024\" height=\"683\" src=\"https:\/\/www.leeb-balkone.com\/app\/uploads\/2020\/07\/angebauter-balkon-mit-einer-ueberdachung-und-boden-aus-feinsteinzeugplatten-1024x683.jpg\" alt=\"angebauter balkon mit einer ueberdachung und boden aus feinsteinzeugplatten\" class=\"wp-image-147858\" style=\"aspect-ratio:4\/3;object-fit:cover\" srcset=\"https:\/\/www.leeb-balkone.com\/app\/uploads\/2020\/07\/angebauter-balkon-mit-einer-ueberdachung-und-boden-aus-feinsteinzeugplatten-1024x683.jpg 1024w, https:\/\/www.leeb-balkone.com\/app\/uploads\/2020\/07\/angebauter-balkon-mit-einer-ueberdachung-und-boden-aus-feinsteinzeugplatten-300x200.jpg 300w, https:\/\/www.leeb-balkone.com\/app\/uploads\/2020\/07\/angebauter-balkon-mit-einer-ueberdachung-und-boden-aus-feinsteinzeugplatten-768x512.jpg 768w, https:\/\/www.leeb-balkone.com\/app\/uploads\/2020\/07\/angebauter-balkon-mit-einer-ueberdachung-und-boden-aus-feinsteinzeugplatten-1536x1025.jpg 1536w, https:\/\/www.leeb-balkone.com\/app\/uploads\/2020\/07\/angebauter-balkon-mit-einer-ueberdachung-und-boden-aus-feinsteinzeugplatten-2048x1366.jpg 2048w\" sizes=\"auto, (max-width: 1024px) 100vw, 1024px\" \/><\/figure>\n<\/div>\n\n\n\n<div class=\"wp-block-column is-vertically-aligned-center is-style-overlay-content is-layout-flow wp-block-column-is-layout-flow\">\n<div class=\"wp-block-group is-vertical is-layout-flex wp-container-core-group-is-layout-1d3084f6 wp-block-group-is-layout-flex\">\n<h3 class=\"wp-block-heading\">Sicherheit<\/h3>\n\n\n\n<p>Leeb setzt auf ein umfassendes Qualit\u00e4tskonzept, das auf zertifizierten Standards, hochwertigen Materialien und innovativen Schutzverfahren basiert.<\/p>\n\n\n\n<ul class=\"wp-block-list is-style-checkmark-2\">\n<li>Hochwertige Materialien und Verarbeitung<\/li>\n\n\n\n<li>Patentierte Oberfl\u00e4chenbehandlungen<\/li>\n\n\n\n<li>Zertifizierte Qualit\u00e4t<\/li>\n\n\n\n<li>Innovation und Nachhaltigkeit<\/li>\n\n\n\n<li>Ma\u00dfgefertigte Planung und professionelle Montage<\/li>\n<\/ul>\n\n\n<\/div>\n<\/div>\n<\/div>\n\n\n\n<div class=\"wp-block-columns is-style-shadow m-split m-split-reverse is-layout-flex wp-container-core-columns-is-layout-28f84493 wp-block-columns-is-layout-flex\">\n<div class=\"wp-block-column is-style-default is-layout-flow wp-block-column-is-layout-flow\">\n<figure class=\"wp-block-image size-large\"><img loading=\"lazy\" decoding=\"async\" width=\"1024\" height=\"683\" src=\"https:\/\/www.leeb-balkone.com\/app\/uploads\/2020\/07\/anbaubalkon-mit-stuetzen-10aa-1024x683.jpg\" alt=\"anbaubalkon mit stuetzen 10aa\" class=\"wp-image-58607\" style=\"aspect-ratio:4\/3;object-fit:cover\" srcset=\"https:\/\/www.leeb-balkone.com\/app\/uploads\/2020\/07\/anbaubalkon-mit-stuetzen-10aa-1024x683.jpg 1024w, https:\/\/www.leeb-balkone.com\/app\/uploads\/2020\/07\/anbaubalkon-mit-stuetzen-10aa-300x200.jpg 300w, https:\/\/www.leeb-balkone.com\/app\/uploads\/2020\/07\/anbaubalkon-mit-stuetzen-10aa-768x512.jpg 768w, https:\/\/www.leeb-balkone.com\/app\/uploads\/2020\/07\/anbaubalkon-mit-stuetzen-10aa-1536x1024.jpg 1536w, https:\/\/www.leeb-balkone.com\/app\/uploads\/2020\/07\/anbaubalkon-mit-stuetzen-10aa-scaled.jpg 2048w\" sizes=\"auto, (max-width: 1024px) 100vw, 1024px\" \/><\/figure>\n<\/div>\n\n\n\n<div class=\"wp-block-column is-vertically-aligned-center is-style-overlay-content is-layout-flow wp-block-column-is-layout-flow\">\n<div class=\"wp-block-group is-vertical is-layout-flex wp-container-core-group-is-layout-1d3084f6 wp-block-group-is-layout-flex\">\n<h3 class=\"wp-block-heading\">Komfort<\/h3>\n\n\n\n<p>Der Anbau eines Balkons bringt Ihnen Komfort, Sicherheit und mehr Lebensqualit\u00e4t im eigenen Zuhause. Erweitern Sie Ihren Wohnraum mit einem Leeb Balkonanbau, Balkonsanierungen und Balkonerweiterungen erg\u00e4nzen das Leeb Angebot. Die Vielfalt an Modellen, Materialien und Farben erm\u00f6glicht eine perfekte Anpassung an Ihren Haustyp und Ihre pers\u00f6nlichen W\u00fcnsche &#8211; Sonderl\u00f6sungen mit \u00dcberdachungen oder Sommerg\u00e4rten inklusive!<\/p>\n<\/div>\n<\/div>\n<\/div>\n\n\n\n<div class=\"wp-block-columns is-style-shadow m-split is-layout-flex wp-container-core-columns-is-layout-28f84493 wp-block-columns-is-layout-flex\">\n<div class=\"wp-block-column is-style-default is-layout-flow wp-block-column-is-layout-flow\">\n<figure class=\"wp-block-image size-large\"><img loading=\"lazy\" decoding=\"async\" width=\"1024\" height=\"602\" src=\"https:\/\/www.leeb-balkone.com\/app\/uploads\/2021\/05\/alu-balkon-wohnungswirtschaft-6-scaled-e1624342636261-1024x602.jpg\" alt=\"alu balkon wohnungswirtschaft 6 e1624342636261\" class=\"wp-image-38127\" style=\"aspect-ratio:4\/3;object-fit:cover\" srcset=\"https:\/\/www.leeb-balkone.com\/app\/uploads\/2021\/05\/alu-balkon-wohnungswirtschaft-6-scaled-e1624342636261-1024x602.jpg 1024w, https:\/\/www.leeb-balkone.com\/app\/uploads\/2021\/05\/alu-balkon-wohnungswirtschaft-6-scaled-e1624342636261-300x176.jpg 300w, https:\/\/www.leeb-balkone.com\/app\/uploads\/2021\/05\/alu-balkon-wohnungswirtschaft-6-scaled-e1624342636261-768x451.jpg 768w, https:\/\/www.leeb-balkone.com\/app\/uploads\/2021\/05\/alu-balkon-wohnungswirtschaft-6-scaled-e1624342636261-1536x902.jpg 1536w, https:\/\/www.leeb-balkone.com\/app\/uploads\/2021\/05\/alu-balkon-wohnungswirtschaft-6-scaled-e1624342636261-2048x1203.jpg 2048w\" sizes=\"auto, (max-width: 1024px) 100vw, 1024px\" \/><figcaption class=\"wp-element-caption\"> <\/figcaption><\/figure>\n<\/div>\n\n\n\n<div class=\"wp-block-column is-vertically-aligned-center is-style-overlay-content is-layout-flow wp-block-column-is-layout-flow\">\n<div class=\"wp-block-group is-vertical is-layout-flex wp-container-core-group-is-layout-1d3084f6 wp-block-group-is-layout-flex\">\n<h3 class=\"wp-block-heading\">Wertsteigerung<\/h3>\n\n\n\n<p>Ein nachtr\u00e4glicher Anbaubalkon von&nbsp;Leeb ist eine&nbsp;der effektivsten Ma\u00dfnahmen&nbsp;zur nachhaltigen Wertsteigerung von Immobilien \u2013&nbsp;sowohl f\u00fcr private H\u00e4user wie gewerbliche Wohnimmobilien.&nbsp;Wohnungen mit Balkon sind im Schnitt 15 bis 20 Prozent mehr wert als vergleichbare Wohnungen ohne Balkon. Immobilien mit Balkon weisen eine geringere Mieterfluktuation und niedrigere Leerstandsquoten auf.&nbsp;<\/p>\n\n\n\n<div class=\"wp-block-buttons is-layout-flex wp-block-buttons-is-layout-flex\" style=\"margin-top:var(--wp--preset--spacing--2-xs)\">\n<div class=\"wp-block-button is-style-outline-secondary\"><a class=\"wp-block-button__link has-transparent-background-color has-background wp-element-button\" href=\"https:\/\/www.leeb-balkone.com\/ch\/wohnungswirtschaft\/\">Mehr erfahren<\/a><\/div>\n<\/div>\n<\/div>\n<\/div>\n<\/div>\n<\/div>\n<\/section>\n\n\n\n<section class=\"wp-block-group alignfull has-light-gray-background-color has-background has-global-padding is-layout-constrained wp-container-core-group-is-layout-52f96efc wp-block-group-is-layout-constrained\">\n<div class=\"wp-block-group o-grid u-md-1 is-layout-flow wp-block-group-is-layout-flow\" style=\"padding-top:0\">\n<div class=\"wp-block-group u-g-9 u-g-s-2 is-layout-flow wp-block-group-is-layout-flow\" style=\"margin-bottom:var(--wp--preset--spacing--s)\">\n<h2 class=\"wp-block-heading\">H\u00e4ufig gestellte Fragen<\/h2>\n\n\n\n<p class=\"is-style-teaser\" style=\"padding-bottom:var(--wp--preset--spacing--m)\">Sie haben allgemeine Fragen rund um unsere Anbaubalkone? In unseren FAQ finden Sie kompakte Antworten zu h\u00e4ufigen Themen rund um Balkonanbau, -ausbau und Sanierung.<\/p>\n\n\n\n<div class=\"wp-block-t3-acc-accordion is-style-default\"><button id=\"accordion-ccdec49b-3288-4eea-bb63-332d7ecf9226-button\" class=\"accordion__button\" aria-expanded=\"false\" aria-controls=\"accordion-ccdec49b-3288-4eea-bb63-332d7ecf9226-panel\"><h3 data-accordion-title=\"true\" style=\"font-size:var(--step-1)\">Wie unterscheiden sich die <strong><strong>Balkonanbau-Systeme?<\/strong><\/strong><\/h3><\/button><div id=\"accordion-ccdec49b-3288-4eea-bb63-332d7ecf9226-panel\" class=\"accordion__panel\" role=\"region\" aria-labelledby=\"accordion-ccdec49b-3288-4eea-bb63-332d7ecf9226-button\">\n<figure class=\"wp-block-table is-style-regular has-step-s-font-size\"><table><thead><tr><th class=\"has-text-align-left\" data-align=\"left\">Merkmal<\/th><th>Vorstellbalkon<\/th><th class=\"has-text-align-center\" data-align=\"center\">Anbau mit St\u00fctzen<\/th><th class=\"has-text-align-center\" data-align=\"center\">Anbau ohne St\u00fctzen<\/th><\/tr><\/thead><tbody><tr><td class=\"has-text-align-left\" data-align=\"left\"><strong>St\u00fctzenanzahl<\/strong><\/td><td>Vier St\u00fctzen (an den Ecken, freistehend)<\/td><td class=\"has-text-align-center\" data-align=\"center\">Zwei St\u00fctzen (meist vorn)<\/td><td class=\"has-text-align-center\" data-align=\"center\">Keine St\u00fctzen<\/td><\/tr><tr><td class=\"has-text-align-left\" data-align=\"left\"><strong>Verankerung am Haus<\/strong><\/td><td>Keine oder minimale Verankerung an der Fassade<\/td><td class=\"has-text-align-center\" data-align=\"center\">Teilweise Verankerung in der Fassade<\/td><td class=\"has-text-align-center\" data-align=\"center\">Volle Verankerung an der Hauswand<\/td><\/tr><tr><td class=\"has-text-align-left\" data-align=\"left\"><strong>Lastabtragung<\/strong><\/td><td>Komplett \u00fcber die St\u00fctzen in den Boden<\/td><td class=\"has-text-align-center\" data-align=\"center\">Teils \u00fcber St\u00fctzen, teils \u00fcber die Hauswand<\/td><td class=\"has-text-align-center\" data-align=\"center\">Ausschlie\u00dflich \u00fcber die Hauswand<\/td><\/tr><tr><td class=\"has-text-align-left\" data-align=\"left\"><strong>Einsatzbereich<\/strong><\/td><td>Wenn Fassade nicht belastet werden soll, mehrere Balkone \u00fcbereinander<\/td><td class=\"has-text-align-center\" data-align=\"center\">Bei tragf\u00e4higer Fassade, gr\u00f6\u00dfere Bautiefe m\u00f6glich<\/td><td class=\"has-text-align-center\" data-align=\"center\">Nur bei sehr tragf\u00e4higer Fassade und begrenzter Bautiefe<\/td><\/tr><tr><td class=\"has-text-align-left\" data-align=\"left\"><strong>Vorteile<\/strong><\/td><td>Schont die Fassade, flexibel bei schwierigen Baugegebenheiten<\/td><td class=\"has-text-align-center\" data-align=\"center\">Filigrane Optik, weniger Fundamente, gr\u00f6\u00dfere Bautiefe<\/td><td class=\"has-text-align-center\" data-align=\"center\">Sehr filigrane Optik, keine Fundamente im Garten<\/td><\/tr><tr><td class=\"has-text-align-left\" data-align=\"left\"><strong>Typischer Aufbau<\/strong><\/td><td>Balkon steht auf vier Fundamenten vor dem Haus<\/td><td class=\"has-text-align-center\" data-align=\"center\">Balkon auf zwei St\u00fctzen, R\u00fcckseite an der Wand befestigt<\/td><td class=\"has-text-align-center\" data-align=\"center\">Balkon h\u00e4ngt komplett an der Fassade (Kragarmbalkon)<\/td><\/tr><\/tbody><\/table><\/figure>\n<\/div><\/div>\n\n\n\n<div class=\"wp-block-t3-acc-accordion is-style-default\"><button id=\"accordion-86640894-65c7-48fb-bf8a-cd627ba16b0c-button\" class=\"accordion__button\" aria-expanded=\"false\" aria-controls=\"accordion-86640894-65c7-48fb-bf8a-cd627ba16b0c-panel\"><h3 data-accordion-title=\"true\" style=\"font-size:var(--step-1)\"><strong><strong>Ist ein nachtr\u00e4glicher Balkonanbau bei jedem Haus m\u00f6glich?<\/strong><\/strong><\/h3><\/button><div id=\"accordion-86640894-65c7-48fb-bf8a-cd627ba16b0c-panel\" class=\"accordion__panel\" role=\"region\" aria-labelledby=\"accordion-86640894-65c7-48fb-bf8a-cd627ba16b0c-button\">\n<p>In den meisten F\u00e4llen ja, jedenfalls mit <strong>Leeb Balkone<\/strong>. Entscheidend sind die Tragf\u00e4higkeit der Fassade, die gew\u00fcnschte Balkontiefe und die \u00f6rtlichen Bauvorschriften. Leeb bietet f\u00fcr nahezu jede bauliche Situation eine passende L\u00f6sung, auch bei Mehrfamilienh\u00e4usern oder energetisch sanierten Fassaden. Bei einer Betondecke und einer gew\u00fcnschten Balkontiefe von bis zu 1,70m kann der neue Balkon als freitragender Anbaubalkon ohne St\u00fctzen ausgef\u00fchrt werden.<\/p>\n\n\n\n<p>Wer gleich mehrere Balkone \u00fcbereinander anbringen m\u00f6chte, zum Beispiel bei einem Mehrfamilienhaus, f\u00fcr den empfiehlt sich ein Vorstellbalkon oder Anbaubalkon mit St\u00fctzen. Gr\u00f6\u00dfere Bautiefen sind hier kein Problem und der Balkon kann auf Wunsch \u00fcberdacht werden.<\/p>\n<\/div><\/div>\n\n\n\n<div class=\"wp-block-t3-acc-accordion is-style-default\"><button id=\"accordion-d9a3feeb-04cf-4201-9294-ff3e9fa90517-button\" class=\"accordion__button\" aria-expanded=\"false\" aria-controls=\"accordion-d9a3feeb-04cf-4201-9294-ff3e9fa90517-panel\"><h3 data-accordion-title=\"true\" style=\"font-size:var(--step-1)\"><strong><strong><strong>Welche Balkongel\u00e4nder Modelle sind mit einem Anbaubalkon kombinierbar?<\/strong><\/strong><\/strong><\/h3><\/button><div id=\"accordion-d9a3feeb-04cf-4201-9294-ff3e9fa90517-panel\" class=\"accordion__panel\" role=\"region\" aria-labelledby=\"accordion-d9a3feeb-04cf-4201-9294-ff3e9fa90517-button\">\n<p>Mit einem <strong>Leeb Anbaubalkon<\/strong> sind Sie bei der Wahl des Balkongel\u00e4nders flexibel:&nbsp;Alle Gel\u00e4ndermodelle aus dem umfangreichen Leeb-Programm sind kombinierbar. Das umfasst hunderte verschiedene Designs aus Aluminium, Holz und Glas, die individuell nach Ihren W\u00fcnschen zusammengestellt werden k\u00f6nnen. Sie k\u00f6nnen Farben, F\u00fcllungen und Dekore frei w\u00e4hlen und so das Gel\u00e4nder perfekt an die Architektur Ihres Hauses und Ihren pers\u00f6nlichen Stil anpassen.<\/p>\n\n\n\n<p>Sie haben also alle M\u00f6glichkeiten. Die fern\u00f6stlich elegante  Modellreihe Asia ist sogar ausschlie\u00dflich f\u00fcr Anbaubalkone vorgesehen. <\/p>\n<\/div><\/div>\n\n\n\n<div class=\"wp-block-t3-acc-accordion is-style-default\"><button id=\"accordion-a1e00307-5a79-4f82-acdc-06bc3127e7e4-button\" class=\"accordion__button\" aria-expanded=\"false\" aria-controls=\"accordion-a1e00307-5a79-4f82-acdc-06bc3127e7e4-panel\"><h3 data-accordion-title=\"true\" style=\"font-size:var(--step-1)\"><strong><strong><strong>Was bietet die Leeb Balkonsanierung? <\/strong><\/strong><\/strong><\/h3><\/button><div id=\"accordion-a1e00307-5a79-4f82-acdc-06bc3127e7e4-panel\" class=\"accordion__panel\" role=\"region\" aria-labelledby=\"accordion-a1e00307-5a79-4f82-acdc-06bc3127e7e4-button\">\n<ul class=\"wp-block-list is-style-checkmark-2\">\n<li><strong>Renovierung und Sanierung bestehender Balkone: <\/strong>Austausch oder Erneuerung von Balkongel\u00e4ndern, B\u00f6den und Konstruktionen \u2013 auch bei wackelnden Gel\u00e4ndern, besch\u00e4digten Bel\u00e4gen oder verwittertem Holz.<\/li>\n\n\n\n<li><strong>Individuelle Neugestaltung: <\/strong>Auswahl aus einer Vielzahl von Balkonmodellen in verschiedenen Stilen (modern, klassisch, traditionell), Materialien und Farben, passend zum jeweiligen Haustyp. Die neuen Balkone k\u00f6nnen aus Aluminium, Holz oder Glas gefertigt werden und sind in \u00fcber 300 Designs verf\u00fcgbar.<\/li>\n<\/ul>\n\n\n\n<p>Die Sanierung und Montage erfolgt durch erfahrene Fachkr\u00e4fte, die auf eine schnelle, saubere und sichere Ausf\u00fchrung achten. Die Elemente werden ma\u00dfgenau im Werk vorgefertigt, was die Montagezeit vor Ort verk\u00fcrzt.<\/p>\n<\/div><\/div>\n\n\n\n<div class=\"wp-block-t3-acc-accordion is-style-default\"><button id=\"accordion-805c239a-9d91-42d0-a75f-83194cfef834-button\" class=\"accordion__button\" aria-expanded=\"false\" aria-controls=\"accordion-805c239a-9d91-42d0-a75f-83194cfef834-panel\"><h3 data-accordion-title=\"true\" style=\"font-size:var(--step-1)\"><strong><strong><strong>Wie steht es um die Sicherheit und Stabilit\u00e4t?<\/strong><\/strong><\/strong><\/h3><\/button><div id=\"accordion-805c239a-9d91-42d0-a75f-83194cfef834-panel\" class=\"accordion__panel\" role=\"region\" aria-labelledby=\"accordion-805c239a-9d91-42d0-a75f-83194cfef834-button\">\n<p>Anbau- und Vorstellbalkone von <strong>Leeb Balkone<\/strong> von bieten ein sehr hohes Ma\u00df an Sicherheit und Stabilit\u00e4t, das durch mehrere unabh\u00e4ngige Zertifizierungen und innovative Schutzsysteme belegt ist. Alle tragenden Bauteile wie Handl\u00e4ufe und Gel\u00e4nder sind EU-konform nach EN 1090 zertifiziert und tragen das CE-Kennzeichen. Fehlt dieses Kennzeichen, drohen Risiken wie unvollst\u00e4ndiger Versicherungsschutz oder sogar Personensch\u00e4den durch unsachgem\u00e4\u00dfe Produkte!<\/p>\n\n\n\n<p>Innovative Schutzsysteme <strong>erh\u00f6hen die Festigkeit des Aluminiums<\/strong>, bei Glasmodellen wird ausschlie\u00dflich <strong>hochwertiges Sicherheitsglas<\/strong> verwendet, das selbst bei Besch\u00e4digung nicht splittert oder bricht. Jeder Balkon wird exakt nach den baulichen Gegebenheiten geplant und montiert, um <strong>maximale Stabilit\u00e4t und Absturzsicherheit<\/strong> zu gew\u00e4hrleisten.<\/p>\n<\/div><\/div>\n\n\n\n<div class=\"wp-block-t3-acc-accordion is-style-default\"><button id=\"accordion-3323691a-1b53-4f24-8d11-c56503612a7d-button\" class=\"accordion__button\" aria-expanded=\"false\" aria-controls=\"accordion-3323691a-1b53-4f24-8d11-c56503612a7d-panel\"><h3 data-accordion-title=\"true\" style=\"font-size:var(--step-1)\"><strong><strong><strong><strong><strong><strong>Was kostet ein Anbaubalkon<\/strong><\/strong><\/strong><\/strong><\/strong><\/strong>?<\/h3><\/button><div id=\"accordion-3323691a-1b53-4f24-8d11-c56503612a7d-panel\" class=\"accordion__panel\" role=\"region\" aria-labelledby=\"accordion-3323691a-1b53-4f24-8d11-c56503612a7d-button\">\n<p>Die Kosten f\u00fcr einen Anbaubalkon variieren stark je nach Gr\u00f6\u00dfe, Materialwahl, Design, Komplexit\u00e4t der Montage und den ben\u00f6tigten statischen Anpassungen. Ein individuelles Angebot ist unerl\u00e4sslich, da jeder Anbau ein Unikat ist. Die Investition zahlt sich jedoch durch die Wertsteigerung der Immobilie und die erh\u00f6hte Lebensqualit\u00e4t aus.<\/p>\n\n\n\n<p>Bei <strong>Leeb Balkone<\/strong> erhalten ein transparentes und ma\u00dfgeschneidertes Angebot f\u00fcr Ihren Anbaubalkon. Dank eigener Fertigung und umfassender Beratung k\u00f6nnen wir die Kosten optimal auf Ihre W\u00fcnsche abstimmen. Die Langlebigkeit der Leeb-Produkte und die geringen Folgekosten machen den Anbaubalkon zu einer nachhaltigen Investition.<\/p>\n<\/div><\/div>\n\n\n\n<div class=\"wp-block-t3-acc-accordion is-style-default\"><button id=\"accordion-8891fa4e-e8af-48ca-8001-39b317a088c1-button\" class=\"accordion__button\" aria-expanded=\"false\" aria-controls=\"accordion-8891fa4e-e8af-48ca-8001-39b317a088c1-panel\"><h3 data-accordion-title=\"true\" style=\"font-size:var(--step-1)\"><strong><strong><strong><strong><strong><strong>Wie lange dauert die Planung und Montage eines Anbaubalkons?<\/strong><\/strong><\/strong><\/strong><\/strong><\/strong><\/h3><\/button><div id=\"accordion-8891fa4e-e8af-48ca-8001-39b317a088c1-panel\" class=\"accordion__panel\" role=\"region\" aria-labelledby=\"accordion-8891fa4e-e8af-48ca-8001-39b317a088c1-button\">\n<p>Die gesamte Projektdauer f\u00fcr einen Anbaubalkon umfasst die Planungsphase (Beratung, Statikpr\u00fcfung, Genehmigung) und die eigentliche Fertigung und Montage. W\u00e4hrend die Planung einige Zeit in Anspruch nehmen kann, erfolgt die Vorfertigung im Werk. Die eigentliche Montage vor Ort ist dank pr\u00e4ziser Vorbereitung \u00fcberraschend schnell. <\/p>\n\n\n\n<p><strong>Leeb Balkone<\/strong> legt Wert auf effiziente Prozesse. Nach einer detaillierten Planung im eigenen Haus erfolgen die Fertigung in der Leeb-Produktion und die <strong>schnelle, professionelle Montage vor Ort<\/strong>, oft innerhalb weniger Tage. Dies minimiert die Beeintr\u00e4chtigung f\u00fcr Sie und Ihr Zuhause und sorgt f\u00fcr eine z\u00fcgige Realisierung Ihres Balkontraums.<\/p>\n<\/div><\/div>\n\n\n\n<div class=\"wp-block-t3-acc-accordion is-style-default\"><button id=\"accordion-bc33195d-b630-42ae-aded-690956658e58-button\" class=\"accordion__button\" aria-expanded=\"false\" aria-controls=\"accordion-bc33195d-b630-42ae-aded-690956658e58-panel\"><h3 data-accordion-title=\"true\" style=\"font-size:var(--step-1)\"><strong><strong><strong><strong><strong>Ben\u00f6tige ich eine Baugenehmigung f\u00fcr den Anbau eines Balkons?<\/strong><\/strong><\/strong><\/strong><\/strong><\/h3><\/button><div id=\"accordion-bc33195d-b630-42ae-aded-690956658e58-panel\" class=\"accordion__panel\" role=\"region\" aria-labelledby=\"accordion-bc33195d-b630-42ae-aded-690956658e58-button\">\n<p>Der Anbau eines Balkons ist in der Regel<strong> genehmigungspflichtig<\/strong>, da es sich um eine bauliche Ver\u00e4nderung am Geb\u00e4ude handelt. Die genauen Vorschriften variieren je nach Bundesland und Gemeinde. Es ist ratsam, sich fr\u00fchzeitig \u00fcber die lokalen Bauvorschriften zu informieren und die notwendigen Antr\u00e4ge zu stellen.<\/p>\n\n\n\n<p><strong>Leeb Balkone<\/strong> unterst\u00fctzt Sie umfassend bei diesem Prozess. Wir verf\u00fcgen \u00fcber langj\u00e4hrige Erfahrung mit den Genehmigungsverfahren in \u00d6sterreich, Deutschland, der Schweiz, Italien und Frankreich. Leeb stellt Ihnen die notwendigen technischen Unterlagen zur Verf\u00fcgung und ber\u00e4t Sie gerne bei der Zusammenstellung der Bauantragsdokumente.<\/p>\n<\/div><\/div>\n<\/div>\n<\/div>\n<\/section>\n\n\n\n<section class=\"wp-block-group alignfull has-white-background-color has-background has-global-padding is-layout-constrained wp-container-core-group-is-layout-52f96efc wp-block-group-is-layout-constrained\">\n<div class=\"wp-block-group o-grid u-md-1 is-layout-flow wp-block-group-is-layout-flow\" style=\"padding-top:0\">\n<div class=\"wp-block-group u-g-9 u-g-s-2 is-layout-flow wp-block-group-is-layout-flow\">\n<h2 class=\"wp-block-heading\">Balkonanbau Impressionen<\/h2>\n\n\n\n<p style=\"padding-bottom:var(--wp--preset--spacing--m)\"><span class=\"teaser\"><span class=\"teaser\">Lassen Sie sich von den Gestaltungsm\u00f6glichkeiten unserer Anbau- und Vorstellbalkone inspirieren.<\/span><\/span><\/p>\n<\/div>\n<\/div>\n\n\n    <div id=\"t3-lg-block-1\" class=\"wp-block-t3-lightgallery\" data-initial-count=\"3\">\n      <div class=\"lg-container u-grid-temp has-3-cols\">\n                  <div class=\"lg-item\" data-src=\"https:\/\/www.leeb-balkone.com\/app\/uploads\/2020\/07\/angebauter-balkon-mit-einer-ueberdachung-und-boden-aus-feinsteinzeugplatten-scaled.jpg\"\n              data-sub-html=\"&lt;p&gt;\u00dcberdachter Anbaubalkon mit Terrassenbeschattung&lt;\/p&gt;\">\n            <div class=\"img-wrapper\">\n                <figure>\n                    <img loading=\"lazy\" decoding=\"async\" width=\"300\" height=\"200\" src=\"https:\/\/www.leeb-balkone.com\/app\/uploads\/2020\/07\/angebauter-balkon-mit-einer-ueberdachung-und-boden-aus-feinsteinzeugplatten-300x200.jpg\" class=\"attachment-medium size-medium\" alt=\"angebauter balkon mit einer ueberdachung und boden aus feinsteinzeugplatten\" srcset=\"https:\/\/www.leeb-balkone.com\/app\/uploads\/2020\/07\/angebauter-balkon-mit-einer-ueberdachung-und-boden-aus-feinsteinzeugplatten-300x200.jpg 300w, https:\/\/www.leeb-balkone.com\/app\/uploads\/2020\/07\/angebauter-balkon-mit-einer-ueberdachung-und-boden-aus-feinsteinzeugplatten-1024x683.jpg 1024w, https:\/\/www.leeb-balkone.com\/app\/uploads\/2020\/07\/angebauter-balkon-mit-einer-ueberdachung-und-boden-aus-feinsteinzeugplatten-768x512.jpg 768w, https:\/\/www.leeb-balkone.com\/app\/uploads\/2020\/07\/angebauter-balkon-mit-einer-ueberdachung-und-boden-aus-feinsteinzeugplatten-1536x1025.jpg 1536w, https:\/\/www.leeb-balkone.com\/app\/uploads\/2020\/07\/angebauter-balkon-mit-einer-ueberdachung-und-boden-aus-feinsteinzeugplatten-2048x1366.jpg 2048w\" sizes=\"auto, (min-width: 1200px) 260px, (min-width: 1024px) 220px, (min-width: 640px) 465px, 768px\" \/>    \n                <\/figure>\n                        <\/div>\n            <p>\u00dcberdachter Anbaubalkon mit Terrassenbeschattung<\/p>        <\/div>\n                  <div class=\"lg-item\" data-src=\"https:\/\/www.leeb-balkone.com\/app\/uploads\/2020\/07\/anbaubalkon-mit-stuetzen-50-scaled.jpg\"\n              data-sub-html=\"&lt;p&gt;Moderner Anbaubalkon aus Aluminium und Glas&lt;\/p&gt;\">\n            <div class=\"img-wrapper\">\n                <figure>\n                    <img loading=\"lazy\" decoding=\"async\" width=\"300\" height=\"200\" src=\"https:\/\/www.leeb-balkone.com\/app\/uploads\/2020\/07\/anbaubalkon-mit-stuetzen-50-300x200.jpg\" class=\"attachment-medium size-medium\" alt=\"Moderner Anbaubalkon aus Aluminium und Glas\" srcset=\"https:\/\/www.leeb-balkone.com\/app\/uploads\/2020\/07\/anbaubalkon-mit-stuetzen-50-300x200.jpg 300w, https:\/\/www.leeb-balkone.com\/app\/uploads\/2020\/07\/anbaubalkon-mit-stuetzen-50-1024x683.jpg 1024w, https:\/\/www.leeb-balkone.com\/app\/uploads\/2020\/07\/anbaubalkon-mit-stuetzen-50-768x512.jpg 768w, https:\/\/www.leeb-balkone.com\/app\/uploads\/2020\/07\/anbaubalkon-mit-stuetzen-50-1536x1024.jpg 1536w, https:\/\/www.leeb-balkone.com\/app\/uploads\/2020\/07\/anbaubalkon-mit-stuetzen-50-2048x1366.jpg 2048w\" sizes=\"auto, (min-width: 1200px) 260px, (min-width: 1024px) 220px, (min-width: 640px) 465px, 768px\" \/>    \n                <\/figure>\n                        <\/div>\n            <p>Moderner Anbaubalkon aus Aluminium und Glas<\/p>        <\/div>\n                  <div class=\"lg-item\" data-src=\"https:\/\/www.leeb-balkone.com\/app\/uploads\/2020\/07\/anbaubalkon-mit-stuetzen-ueberdachung-balkongelaender-markise-kombination-atrium-21-scaled.jpg\"\n              data-sub-html=\"&lt;p&gt;Anbaubalkon mit St\u00fctzen und integriertem Vordach - die Doppelfunktion eines nachtr\u00e4glich installierten Balkons, der gleichzeitig Schutz f\u00fcr den unteren Bereich bietet.&lt;\/p&gt;\">\n            <div class=\"img-wrapper\">\n                <figure>\n                    <img loading=\"lazy\" decoding=\"async\" width=\"300\" height=\"200\" src=\"https:\/\/www.leeb-balkone.com\/app\/uploads\/2020\/07\/anbaubalkon-mit-stuetzen-ueberdachung-balkongelaender-markise-kombination-atrium-21-300x200.jpg\" class=\"attachment-medium size-medium\" alt=\"Anbaubalkon mit St\u00fctzen und integriertem Vordach - die Doppelfunktion eines nachtr\u00e4glich installierten Balkons, der gleichzeitig Schutz f\u00fcr den unteren Bereich bietet.\" srcset=\"https:\/\/www.leeb-balkone.com\/app\/uploads\/2020\/07\/anbaubalkon-mit-stuetzen-ueberdachung-balkongelaender-markise-kombination-atrium-21-300x200.jpg 300w, https:\/\/www.leeb-balkone.com\/app\/uploads\/2020\/07\/anbaubalkon-mit-stuetzen-ueberdachung-balkongelaender-markise-kombination-atrium-21-1024x684.jpg 1024w, https:\/\/www.leeb-balkone.com\/app\/uploads\/2020\/07\/anbaubalkon-mit-stuetzen-ueberdachung-balkongelaender-markise-kombination-atrium-21-768x513.jpg 768w, https:\/\/www.leeb-balkone.com\/app\/uploads\/2020\/07\/anbaubalkon-mit-stuetzen-ueberdachung-balkongelaender-markise-kombination-atrium-21-1536x1025.jpg 1536w, https:\/\/www.leeb-balkone.com\/app\/uploads\/2020\/07\/anbaubalkon-mit-stuetzen-ueberdachung-balkongelaender-markise-kombination-atrium-21-2048x1367.jpg 2048w\" sizes=\"auto, (min-width: 1200px) 260px, (min-width: 1024px) 220px, (min-width: 640px) 465px, 768px\" \/>    \n                <\/figure>\n                        <\/div>\n            <p>Anbaubalkon mit St\u00fctzen und integriertem Vordach &#8211; die Doppelfunktion eines nachtr\u00e4glich installierten Balkons, der gleichzeitig Schutz f\u00fcr den unteren Bereich bietet.<\/p>        <\/div>\n                  <div class=\"lg-item\" data-src=\"https:\/\/www.leeb-balkone.com\/app\/uploads\/2020\/07\/glas-sommergarten-anbau-43-1-scaled.jpg\"\n              data-sub-html=\"&lt;p&gt;Anbaubalkon erweitert zu einem Sommergarten mit Glasschiebelementen&lt;\/p&gt;\">\n            <div class=\"img-wrapper\">\n                <figure>\n                    <img loading=\"lazy\" decoding=\"async\" width=\"300\" height=\"240\" src=\"https:\/\/www.leeb-balkone.com\/app\/uploads\/2020\/07\/glas-sommergarten-anbau-43-1-300x240.jpg\" class=\"attachment-medium size-medium\" alt=\"glas sommergarten anbau 43\" srcset=\"https:\/\/www.leeb-balkone.com\/app\/uploads\/2020\/07\/glas-sommergarten-anbau-43-1-300x240.jpg 300w, https:\/\/www.leeb-balkone.com\/app\/uploads\/2020\/07\/glas-sommergarten-anbau-43-1-1024x819.jpg 1024w, https:\/\/www.leeb-balkone.com\/app\/uploads\/2020\/07\/glas-sommergarten-anbau-43-1-768x614.jpg 768w, https:\/\/www.leeb-balkone.com\/app\/uploads\/2020\/07\/glas-sommergarten-anbau-43-1-1536x1228.jpg 1536w, https:\/\/www.leeb-balkone.com\/app\/uploads\/2020\/07\/glas-sommergarten-anbau-43-1-2048x1638.jpg 2048w\" sizes=\"auto, (min-width: 1200px) 260px, (min-width: 1024px) 220px, (min-width: 640px) 465px, 768px\" \/>    \n                <\/figure>\n                        <\/div>\n            <p>Anbaubalkon erweitert zu einem Sommergarten mit Glasschiebelementen<\/p>        <\/div>\n                  <div class=\"lg-item\" data-src=\"https:\/\/www.leeb-balkone.com\/app\/uploads\/2020\/07\/anbaubalkon-mit-stuetzen-46-scaled.jpg\"\n              data-sub-html=\"&lt;p&gt;Anbaubalkon mit Stiegenzugang &lt;\/p&gt;\">\n            <div class=\"img-wrapper\">\n                <figure>\n                    <img loading=\"lazy\" decoding=\"async\" width=\"300\" height=\"200\" src=\"https:\/\/www.leeb-balkone.com\/app\/uploads\/2020\/07\/anbaubalkon-mit-stuetzen-46-300x200.jpg\" class=\"attachment-medium size-medium\" alt=\"anbaubalkon mit stuetzen\" srcset=\"https:\/\/www.leeb-balkone.com\/app\/uploads\/2020\/07\/anbaubalkon-mit-stuetzen-46-300x200.jpg 300w, https:\/\/www.leeb-balkone.com\/app\/uploads\/2020\/07\/anbaubalkon-mit-stuetzen-46-1024x682.jpg 1024w, https:\/\/www.leeb-balkone.com\/app\/uploads\/2020\/07\/anbaubalkon-mit-stuetzen-46-768x512.jpg 768w, https:\/\/www.leeb-balkone.com\/app\/uploads\/2020\/07\/anbaubalkon-mit-stuetzen-46-1536x1024.jpg 1536w, https:\/\/www.leeb-balkone.com\/app\/uploads\/2020\/07\/anbaubalkon-mit-stuetzen-46-2048x1365.jpg 2048w\" sizes=\"auto, (min-width: 1200px) 260px, (min-width: 1024px) 220px, (min-width: 640px) 465px, 768px\" \/>    \n                <\/figure>\n                        <\/div>\n            <p>Anbaubalkon mit Stiegenzugang <\/p>        <\/div>\n                  <div class=\"lg-item\" data-src=\"https:\/\/www.leeb-balkone.com\/app\/uploads\/2020\/07\/anbaubalkon-mit-stuezen-piano-51-scaled.jpg\"\n              data-sub-html=\"&lt;p&gt;nachtr\u00e4glich installierte Anbaubalkone bei einer Wohnanlage &lt;\/p&gt;\">\n            <div class=\"img-wrapper\">\n                <figure>\n                    <img loading=\"lazy\" decoding=\"async\" width=\"300\" height=\"200\" src=\"https:\/\/www.leeb-balkone.com\/app\/uploads\/2020\/07\/anbaubalkon-mit-stuezen-piano-51-300x200.jpg\" class=\"attachment-medium size-medium\" alt=\"anbaubalkon mit stuezen piano\" srcset=\"https:\/\/www.leeb-balkone.com\/app\/uploads\/2020\/07\/anbaubalkon-mit-stuezen-piano-51-300x200.jpg 300w, https:\/\/www.leeb-balkone.com\/app\/uploads\/2020\/07\/anbaubalkon-mit-stuezen-piano-51-1024x684.jpg 1024w, https:\/\/www.leeb-balkone.com\/app\/uploads\/2020\/07\/anbaubalkon-mit-stuezen-piano-51-768x513.jpg 768w, https:\/\/www.leeb-balkone.com\/app\/uploads\/2020\/07\/anbaubalkon-mit-stuezen-piano-51-1536x1025.jpg 1536w, https:\/\/www.leeb-balkone.com\/app\/uploads\/2020\/07\/anbaubalkon-mit-stuezen-piano-51-2048x1367.jpg 2048w\" sizes=\"auto, (min-width: 1200px) 260px, (min-width: 1024px) 220px, (min-width: 640px) 465px, 768px\" \/>    \n                <\/figure>\n                        <\/div>\n            <p>nachtr\u00e4glich installierte Anbaubalkone bei einer Wohnanlage <\/p>        <\/div>\n                  <div class=\"lg-item\" data-src=\"https:\/\/www.leeb-balkone.com\/app\/uploads\/2020\/07\/anbaubalkon-mit-stuetzen-24-scaled.jpg\"\n              data-sub-html=\"&lt;p&gt;Balkonerweiterung durch Balkonanbau&lt;\/p&gt;\">\n            <div class=\"img-wrapper\">\n                <figure>\n                    <img loading=\"lazy\" decoding=\"async\" width=\"300\" height=\"200\" src=\"https:\/\/www.leeb-balkone.com\/app\/uploads\/2020\/07\/anbaubalkon-mit-stuetzen-24-300x200.jpg\" class=\"attachment-medium size-medium\" alt=\"anbaubalkon mit stuetzen\" srcset=\"https:\/\/www.leeb-balkone.com\/app\/uploads\/2020\/07\/anbaubalkon-mit-stuetzen-24-300x200.jpg 300w, https:\/\/www.leeb-balkone.com\/app\/uploads\/2020\/07\/anbaubalkon-mit-stuetzen-24-1024x683.jpg 1024w, https:\/\/www.leeb-balkone.com\/app\/uploads\/2020\/07\/anbaubalkon-mit-stuetzen-24-768x512.jpg 768w, https:\/\/www.leeb-balkone.com\/app\/uploads\/2020\/07\/anbaubalkon-mit-stuetzen-24-1536x1024.jpg 1536w, https:\/\/www.leeb-balkone.com\/app\/uploads\/2020\/07\/anbaubalkon-mit-stuetzen-24-2048x1365.jpg 2048w\" sizes=\"auto, (min-width: 1200px) 260px, (min-width: 1024px) 220px, (min-width: 640px) 465px, 768px\" \/>    \n                <\/figure>\n                        <\/div>\n            <p>Balkonerweiterung durch Balkonanbau<\/p>        <\/div>\n                  <div class=\"lg-item\" data-src=\"https:\/\/www.leeb-balkone.com\/app\/uploads\/2020\/07\/anbaubalkon-mit-stuetzen-vital-grauglas-03-scaled.jpg\"\n              data-sub-html=\"&lt;p&gt;Anbaubalkon mit St\u00fctzen und grauem Glasgel\u00e4nder &lt;\/p&gt;\">\n            <div class=\"img-wrapper\">\n                <figure>\n                    <img loading=\"lazy\" decoding=\"async\" width=\"300\" height=\"200\" src=\"https:\/\/www.leeb-balkone.com\/app\/uploads\/2020\/07\/anbaubalkon-mit-stuetzen-vital-grauglas-03-300x200.jpg\" class=\"attachment-medium size-medium\" alt=\"anbaubalkon mit stuetzen vital grauglas\" srcset=\"https:\/\/www.leeb-balkone.com\/app\/uploads\/2020\/07\/anbaubalkon-mit-stuetzen-vital-grauglas-03-300x200.jpg 300w, https:\/\/www.leeb-balkone.com\/app\/uploads\/2020\/07\/anbaubalkon-mit-stuetzen-vital-grauglas-03-1024x681.jpg 1024w, https:\/\/www.leeb-balkone.com\/app\/uploads\/2020\/07\/anbaubalkon-mit-stuetzen-vital-grauglas-03-768x511.jpg 768w, https:\/\/www.leeb-balkone.com\/app\/uploads\/2020\/07\/anbaubalkon-mit-stuetzen-vital-grauglas-03-1536x1021.jpg 1536w, https:\/\/www.leeb-balkone.com\/app\/uploads\/2020\/07\/anbaubalkon-mit-stuetzen-vital-grauglas-03-scaled.jpg 2048w\" sizes=\"auto, (min-width: 1200px) 260px, (min-width: 1024px) 220px, (min-width: 640px) 465px, 768px\" \/>    \n                <\/figure>\n                        <\/div>\n            <p>Anbaubalkon mit St\u00fctzen und grauem Glasgel\u00e4nder <\/p>        <\/div>\n                  <div class=\"lg-item\" data-src=\"https:\/\/www.leeb-balkone.com\/app\/uploads\/2021\/10\/anbaubalkon-mit-stuetzen-1000-scaled.jpg\"\n              data-sub-html=\"&lt;p&gt;Anbaubalkon mit St\u00fctzen zur Wohnraumerweiterung&lt;\/p&gt;\">\n            <div class=\"img-wrapper\">\n                <figure>\n                    <img loading=\"lazy\" decoding=\"async\" width=\"300\" height=\"200\" src=\"https:\/\/www.leeb-balkone.com\/app\/uploads\/2021\/10\/anbaubalkon-mit-stuetzen-1000-300x200.jpg\" class=\"attachment-medium size-medium\" alt=\"anbaubalkon mit stuetzen\" srcset=\"https:\/\/www.leeb-balkone.com\/app\/uploads\/2021\/10\/anbaubalkon-mit-stuetzen-1000-300x200.jpg 300w, https:\/\/www.leeb-balkone.com\/app\/uploads\/2021\/10\/anbaubalkon-mit-stuetzen-1000-1024x684.jpg 1024w, https:\/\/www.leeb-balkone.com\/app\/uploads\/2021\/10\/anbaubalkon-mit-stuetzen-1000-768x513.jpg 768w, https:\/\/www.leeb-balkone.com\/app\/uploads\/2021\/10\/anbaubalkon-mit-stuetzen-1000-1536x1025.jpg 1536w, https:\/\/www.leeb-balkone.com\/app\/uploads\/2021\/10\/anbaubalkon-mit-stuetzen-1000-scaled.jpg 2048w\" sizes=\"auto, (min-width: 1200px) 260px, (min-width: 1024px) 220px, (min-width: 640px) 465px, 768px\" \/>    \n                <\/figure>\n                        <\/div>\n            <p>Anbaubalkon mit St\u00fctzen zur Wohnraumerweiterung<\/p>        <\/div>\n                  <div class=\"lg-item\" data-src=\"https:\/\/www.leeb-balkone.com\/app\/uploads\/2020\/07\/anbaubalkon-mit-stuetzen-11aa-scaled.jpg\"\n              data-sub-html=\"&lt;p&gt;Anbaubalkon ausgebaut zum Sommergarten mit Sichtschutzelementen in Holzoptik&lt;\/p&gt;\">\n            <div class=\"img-wrapper\">\n                <figure>\n                    <img loading=\"lazy\" decoding=\"async\" width=\"300\" height=\"200\" src=\"https:\/\/www.leeb-balkone.com\/app\/uploads\/2020\/07\/anbaubalkon-mit-stuetzen-11aa-300x200.jpg\" class=\"attachment-medium size-medium\" alt=\"anbaubalkon mit stuetzen 11aa\" srcset=\"https:\/\/www.leeb-balkone.com\/app\/uploads\/2020\/07\/anbaubalkon-mit-stuetzen-11aa-300x200.jpg 300w, https:\/\/www.leeb-balkone.com\/app\/uploads\/2020\/07\/anbaubalkon-mit-stuetzen-11aa-1024x683.jpg 1024w, https:\/\/www.leeb-balkone.com\/app\/uploads\/2020\/07\/anbaubalkon-mit-stuetzen-11aa-768x512.jpg 768w, https:\/\/www.leeb-balkone.com\/app\/uploads\/2020\/07\/anbaubalkon-mit-stuetzen-11aa-1536x1024.jpg 1536w, https:\/\/www.leeb-balkone.com\/app\/uploads\/2020\/07\/anbaubalkon-mit-stuetzen-11aa-scaled.jpg 2048w\" sizes=\"auto, (min-width: 1200px) 260px, (min-width: 1024px) 220px, (min-width: 640px) 465px, 768px\" \/>    \n                <\/figure>\n                        <\/div>\n            <p>Anbaubalkon ausgebaut zum Sommergarten mit Sichtschutzelementen in Holzoptik<\/p>        <\/div>\n                  <div class=\"lg-item\" data-src=\"https:\/\/www.leeb-balkone.com\/app\/uploads\/2020\/07\/anbaubalkon-mit-stuetzen-40.jpg\"\n              data-sub-html=\"&lt;p&gt;Balkonvergr\u00f6\u00dferung - Erweiterung des Lebensraumes&lt;\/p&gt;\">\n            <div class=\"img-wrapper\">\n                <figure>\n                    <img loading=\"lazy\" decoding=\"async\" width=\"300\" height=\"225\" src=\"https:\/\/www.leeb-balkone.com\/app\/uploads\/2020\/07\/anbaubalkon-mit-stuetzen-40-300x225.jpg\" class=\"attachment-medium size-medium\" alt=\"Gelbes Einfamilienhaus mit viel Platz am Balkon durch Alu-Anbaubalkon\" srcset=\"https:\/\/www.leeb-balkone.com\/app\/uploads\/2020\/07\/anbaubalkon-mit-stuetzen-40-300x225.jpg 300w, https:\/\/www.leeb-balkone.com\/app\/uploads\/2020\/07\/anbaubalkon-mit-stuetzen-40-1024x768.jpg 1024w, https:\/\/www.leeb-balkone.com\/app\/uploads\/2020\/07\/anbaubalkon-mit-stuetzen-40-768x576.jpg 768w, https:\/\/www.leeb-balkone.com\/app\/uploads\/2020\/07\/anbaubalkon-mit-stuetzen-40-1536x1153.jpg 1536w, https:\/\/www.leeb-balkone.com\/app\/uploads\/2020\/07\/anbaubalkon-mit-stuetzen-40-2048x1537.jpg 2048w\" sizes=\"auto, (min-width: 1200px) 260px, (min-width: 1024px) 220px, (min-width: 640px) 465px, 768px\" \/>    \n                <\/figure>\n                        <\/div>\n            <p>Balkonvergr\u00f6\u00dferung &#8211; Erweiterung des Lebensraumes<\/p>        <\/div>\n                  <div class=\"lg-item\" data-src=\"https:\/\/www.leeb-balkone.com\/app\/uploads\/2020\/07\/anbaubalkon-mit-stuetzen-37-scaled.jpg\"\n              data-sub-html=\"&lt;p&gt;Balkonerweiterung mit nachtr\u00e4glichem Anbaubalkon&lt;\/p&gt;\">\n            <div class=\"img-wrapper\">\n                <figure>\n                    <img loading=\"lazy\" decoding=\"async\" width=\"300\" height=\"200\" src=\"https:\/\/www.leeb-balkone.com\/app\/uploads\/2020\/07\/anbaubalkon-mit-stuetzen-37-300x200.jpg\" class=\"attachment-medium size-medium\" alt=\"Einfamilienhaus im Gr\u00fcnen mit Alu-Anbaubalkon\" srcset=\"https:\/\/www.leeb-balkone.com\/app\/uploads\/2020\/07\/anbaubalkon-mit-stuetzen-37-300x200.jpg 300w, https:\/\/www.leeb-balkone.com\/app\/uploads\/2020\/07\/anbaubalkon-mit-stuetzen-37-1024x683.jpg 1024w, https:\/\/www.leeb-balkone.com\/app\/uploads\/2020\/07\/anbaubalkon-mit-stuetzen-37-768x512.jpg 768w, https:\/\/www.leeb-balkone.com\/app\/uploads\/2020\/07\/anbaubalkon-mit-stuetzen-37-1536x1024.jpg 1536w, https:\/\/www.leeb-balkone.com\/app\/uploads\/2020\/07\/anbaubalkon-mit-stuetzen-37-2048x1365.jpg 2048w\" sizes=\"auto, (min-width: 1200px) 260px, (min-width: 1024px) 220px, (min-width: 640px) 465px, 768px\" \/>    \n                <\/figure>\n                        <\/div>\n            <p>Balkonerweiterung mit nachtr\u00e4glichem Anbaubalkon<\/p>        <\/div>\n                  <div class=\"lg-item\" data-src=\"https:\/\/www.leeb-balkone.com\/app\/uploads\/2020\/07\/anbaubalkon-32-scaled.jpg\"\n              data-sub-html=\"&lt;p&gt;grauer Anbaubalkon mit mattwei\u00dfem Glas&lt;\/p&gt;\">\n            <div class=\"img-wrapper\">\n                <figure>\n                    <img loading=\"lazy\" decoding=\"async\" width=\"300\" height=\"200\" src=\"https:\/\/www.leeb-balkone.com\/app\/uploads\/2020\/07\/anbaubalkon-32-300x200.jpg\" class=\"attachment-medium size-medium\" alt=\"anbaubalkon\" srcset=\"https:\/\/www.leeb-balkone.com\/app\/uploads\/2020\/07\/anbaubalkon-32-300x200.jpg 300w, https:\/\/www.leeb-balkone.com\/app\/uploads\/2020\/07\/anbaubalkon-32-1024x684.jpg 1024w, https:\/\/www.leeb-balkone.com\/app\/uploads\/2020\/07\/anbaubalkon-32-768x513.jpg 768w, https:\/\/www.leeb-balkone.com\/app\/uploads\/2020\/07\/anbaubalkon-32-1536x1025.jpg 1536w, https:\/\/www.leeb-balkone.com\/app\/uploads\/2020\/07\/anbaubalkon-32-2048x1367.jpg 2048w\" sizes=\"auto, (min-width: 1200px) 260px, (min-width: 1024px) 220px, (min-width: 640px) 465px, 768px\" \/>    \n                <\/figure>\n                        <\/div>\n            <p>grauer Anbaubalkon mit mattwei\u00dfem Glas<\/p>        <\/div>\n                  <div class=\"lg-item\" data-src=\"https:\/\/www.leeb-balkone.com\/app\/uploads\/2020\/07\/anbaubalkon-30-1.jpg\"\n              data-sub-html=\"&lt;p&gt;Anbaubalkon als freitragendes System&lt;\/p&gt;\">\n            <div class=\"img-wrapper\">\n                <figure>\n                    <img loading=\"lazy\" decoding=\"async\" width=\"300\" height=\"169\" src=\"https:\/\/www.leeb-balkone.com\/app\/uploads\/2020\/07\/anbaubalkon-30-1-300x169.jpg\" class=\"attachment-medium size-medium\" alt=\"anbaubalkon 30\" srcset=\"https:\/\/www.leeb-balkone.com\/app\/uploads\/2020\/07\/anbaubalkon-30-1-300x169.jpg 300w, https:\/\/www.leeb-balkone.com\/app\/uploads\/2020\/07\/anbaubalkon-30-1-1024x576.jpg 1024w, https:\/\/www.leeb-balkone.com\/app\/uploads\/2020\/07\/anbaubalkon-30-1-768x432.jpg 768w, https:\/\/www.leeb-balkone.com\/app\/uploads\/2020\/07\/anbaubalkon-30-1-1536x864.jpg 1536w, https:\/\/www.leeb-balkone.com\/app\/uploads\/2020\/07\/anbaubalkon-30-1-2048x1152.jpg 2048w\" sizes=\"auto, (min-width: 1200px) 260px, (min-width: 1024px) 220px, (min-width: 640px) 465px, 768px\" \/>    \n                <\/figure>\n                        <\/div>\n            <p>Anbaubalkon als freitragendes System<\/p>        <\/div>\n                  <div class=\"lg-item\" data-src=\"https:\/\/www.leeb-balkone.com\/app\/uploads\/2020\/07\/anbaubalkon-3-scaled.jpg\"\n              data-sub-html=\"&lt;p&gt;Passender Balkonaufgang mit Alu-Anbaubalkon&lt;\/p&gt;\">\n            <div class=\"img-wrapper\">\n                <figure>\n                    <img loading=\"lazy\" decoding=\"async\" width=\"300\" height=\"200\" src=\"https:\/\/www.leeb-balkone.com\/app\/uploads\/2020\/07\/anbaubalkon-3-300x200.jpg\" class=\"attachment-medium size-medium\" alt=\"Passender Balkonaufgang mit Alu-Anbaubalkon\" srcset=\"https:\/\/www.leeb-balkone.com\/app\/uploads\/2020\/07\/anbaubalkon-3-300x200.jpg 300w, https:\/\/www.leeb-balkone.com\/app\/uploads\/2020\/07\/anbaubalkon-3-1024x684.jpg 1024w, https:\/\/www.leeb-balkone.com\/app\/uploads\/2020\/07\/anbaubalkon-3-768x513.jpg 768w, https:\/\/www.leeb-balkone.com\/app\/uploads\/2020\/07\/anbaubalkon-3-1536x1025.jpg 1536w, https:\/\/www.leeb-balkone.com\/app\/uploads\/2020\/07\/anbaubalkon-3-2048x1367.jpg 2048w\" sizes=\"auto, (min-width: 1200px) 260px, (min-width: 1024px) 220px, (min-width: 640px) 465px, 768px\" \/>    \n                <\/figure>\n                        <\/div>\n            <p>Passender Balkonaufgang mit Alu-Anbaubalkon<\/p>        <\/div>\n                  <div class=\"lg-item\" data-src=\"https:\/\/www.leeb-balkone.com\/app\/uploads\/2020\/07\/anbaubalkon-8-scaled.jpg\"\n              data-sub-html=\"&lt;p&gt;Anbaubalkon mit Gel\u00e4nder in Holzoptik&lt;\/p&gt;\">\n            <div class=\"img-wrapper\">\n                <figure>\n                    <img loading=\"lazy\" decoding=\"async\" width=\"300\" height=\"211\" src=\"https:\/\/www.leeb-balkone.com\/app\/uploads\/2020\/07\/anbaubalkon-8-300x211.jpg\" class=\"attachment-medium size-medium\" alt=\"Gro\u00dfz\u00fcgiges Wohnhaus mit Alu-Anbaubalkon\" srcset=\"https:\/\/www.leeb-balkone.com\/app\/uploads\/2020\/07\/anbaubalkon-8-300x211.jpg 300w, https:\/\/www.leeb-balkone.com\/app\/uploads\/2020\/07\/anbaubalkon-8-1024x721.jpg 1024w, https:\/\/www.leeb-balkone.com\/app\/uploads\/2020\/07\/anbaubalkon-8-768x540.jpg 768w, https:\/\/www.leeb-balkone.com\/app\/uploads\/2020\/07\/anbaubalkon-8-1536x1081.jpg 1536w, https:\/\/www.leeb-balkone.com\/app\/uploads\/2020\/07\/anbaubalkon-8-2048x1441.jpg 2048w\" sizes=\"auto, (min-width: 1200px) 260px, (min-width: 1024px) 220px, (min-width: 640px) 465px, 768px\" \/>    \n                <\/figure>\n                        <\/div>\n            <p>Anbaubalkon mit Gel\u00e4nder in Holzoptik<\/p>        <\/div>\n                  <div class=\"lg-item\" data-src=\"https:\/\/www.leeb-balkone.com\/app\/uploads\/2020\/07\/anbaubalkon-23-scaled.jpg\"\n              data-sub-html=\"&lt;p&gt;Anbaubalkon mit Stiege als Zugang (All-in-One-L\u00f6sung)&lt;\/p&gt;\">\n            <div class=\"img-wrapper\">\n                <figure>\n                    <img loading=\"lazy\" decoding=\"async\" width=\"300\" height=\"200\" src=\"https:\/\/www.leeb-balkone.com\/app\/uploads\/2020\/07\/anbaubalkon-23-300x200.jpg\" class=\"attachment-medium size-medium\" alt=\"Dunkle Alustiege als Zugang zum Alu-Anbaubalkon\" srcset=\"https:\/\/www.leeb-balkone.com\/app\/uploads\/2020\/07\/anbaubalkon-23-300x200.jpg 300w, https:\/\/www.leeb-balkone.com\/app\/uploads\/2020\/07\/anbaubalkon-23-1024x683.jpg 1024w, https:\/\/www.leeb-balkone.com\/app\/uploads\/2020\/07\/anbaubalkon-23-768x512.jpg 768w, https:\/\/www.leeb-balkone.com\/app\/uploads\/2020\/07\/anbaubalkon-23-1536x1024.jpg 1536w, https:\/\/www.leeb-balkone.com\/app\/uploads\/2020\/07\/anbaubalkon-23-2048x1365.jpg 2048w\" sizes=\"auto, (min-width: 1200px) 260px, (min-width: 1024px) 220px, (min-width: 640px) 465px, 768px\" \/>    \n                <\/figure>\n                        <\/div>\n            <p>Anbaubalkon mit Stiege als Zugang (All-in-One-L\u00f6sung)<\/p>        <\/div>\n                <\/div>\n\n              <div class=\"lg-load-more-wrapper\">\n            <div class=\"lg-load-more wp-block-button is-style-filled-secondary\">\n                <a href=\"#\" class=\"wp-block-button__link wp-element-button\" role=\"button\">\n                    Mehr laden                <\/a>\n            <\/div>\n        <\/div>\n          <\/div>\n    <\/section>\n\n\n\n<section class=\"wp-block-group alignfull has-white-background-color has-background has-global-padding is-layout-constrained wp-container-core-group-is-layout-9fa1424c wp-block-group-is-layout-constrained\" style=\"padding-top:0\">\n<div class=\"wp-block-columns is-style-offset m-split is-layout-flex wp-container-core-columns-is-layout-28f84493 wp-block-columns-is-layout-flex\">\n<div class=\"wp-block-column is-layout-flow wp-block-column-is-layout-flow\"><div class=\"vp-map-wrapper vp-map-ratio-19-1\"><img decoding=\"async\" width=\"2000\" height=\"1157\" src=\"https:\/\/www.leeb-balkone.com\/app\/uploads\/2026\/03\/map-ch.jpg\" class=\"attachment-full size-full\" alt=\"Schweizer Map: Vertriebspartner (orange Pins) und Schaur\u00e4ume \/ Standorte (gr\u00fcne Pins) der Leeb Balkone GmbH in der Schweiz\" style=\"width:100%;height:100%;object-fit:cover;display:block;\" loading=\"lazy\" srcset=\"https:\/\/www.leeb-balkone.com\/app\/uploads\/2026\/03\/map-ch.jpg 2000w, https:\/\/www.leeb-balkone.com\/app\/uploads\/2026\/03\/map-ch-300x174.jpg 300w, https:\/\/www.leeb-balkone.com\/app\/uploads\/2026\/03\/map-ch-1024x592.jpg 1024w, https:\/\/www.leeb-balkone.com\/app\/uploads\/2026\/03\/map-ch-768x444.jpg 768w, https:\/\/www.leeb-balkone.com\/app\/uploads\/2026\/03\/map-ch-1536x889.jpg 1536w\" sizes=\"auto, (min-width: 1536px) 2048px, (min-width: 992px) 1536px, (min-width: 768px) 1024px, (min-width: 576px) 768px, 100vw\" \/><\/div>\n<\/div>\n\n\n\n<div class=\"wp-block-column is-vertically-aligned-center is-style-overlay-content is-layout-flow wp-block-column-is-layout-flow\">\n<div class=\"wp-block-group is-vertical is-layout-flex wp-container-core-group-is-layout-bd7877ba wp-block-group-is-layout-flex\">\n<h2 class=\"wp-block-heading has-step-2-font-size\">Vertriebspartner Schweiz<\/h2>\n\n\n\n<p>Kompetente LEEB Partner in Ihrer Region. Pers\u00f6nliche Beratung, pr\u00e4zise Planung und fachgerechte Montage.<\/p>\n\n\n\n<div class=\"wp-block-buttons is-layout-flex wp-block-buttons-is-layout-flex\" style=\"margin-top:var(--wp--preset--spacing--2-xs)\">\n<div class=\"wp-block-button is-style-cta\"><a class=\"wp-block-button__link has-transparent-background-color has-background wp-element-button\" href=\"https:\/\/www.leeb-balkone.com\/ch\/vertriebspartner\/\">Vertriebspartner finden<span class=\"sr-only\">Vertriebspartner Leeb Balkone Schweiz<\/span><\/a><\/div>\n<\/div>\n<\/div>\n<\/div>\n<\/div>\n<\/section>\n\n\n\n<section class=\"wp-block-group alignfull has-light-gray-background-color has-background has-global-padding is-layout-constrained wp-container-core-group-is-layout-52f96efc wp-block-group-is-layout-constrained\" id=\"beratungstermin\">\n<div class=\"wp-block-group m-teaser o-grid u-md-1 is-layout-flow wp-block-group-is-layout-flow\">\n<div class=\"wp-block-group u-g-7 u-g-s-2 is-layout-flow wp-block-group-is-layout-flow\" style=\"margin-bottom:var(--wp--preset--spacing--s)\">\n<h2 class=\"wp-block-heading\">Kontaktieren Sie uns<\/h2>\n\n\n\n<p><strong><strong>Planen Sie ein Projekt oder haben Sie Fragen zu uns und unseren L\u00f6sungen? Schreiben Sie uns: Wir nehmen uns gerne Zeit f\u00fcr Ihre Anfrage!<\/strong><\/strong><\/p>\n<\/div>\n<\/div>\n\n\n\n<div class=\"wp-block-group m-teaser o-grid u-md-1 is-layout-flow wp-block-group-is-layout-flow\">\n<div class=\"wp-block-group u-g-7 u-g-s-2 is-layout-flow wp-block-group-is-layout-flow\" style=\"margin-bottom:var(--wp--preset--spacing--s)\"><form action=\"https:\/\/www.leeb-balkone.com\/ch\/wp-json\/ws-form\/v1\/submit\" class=\"wsf-form wsf-form-canvas\" id=\"ws-form-1\" data-id=\"4\" data-instance-id=\"1\" method=\"POST\"><\/form>\n<\/div>\n\n\n\n<div class=\"wp-block-group u-g-3 u-g-s-9 is-layout-flow wp-block-group-is-layout-flow\"><div class=\"t3-sidebar-buttons wp-block-buttons is-layout-flex wp-block-buttons-is-layout-flex\"><div class=\"wp-block-button is-style-fill icon-book icon-left\">\n                        <a class=\"wp-block-button__link has-secondary-color has-white-background-color has-text-color has-background has-link-color wp-element-button\" href=\"https:\/\/www.leeb-balkone.com\/ch\/kontakt\/katalog-anfordern\/\" style=\"box-shadow:var(--wp--preset--shadow--box-shadow)\">Katalog anfordern<\/a>\n                    <\/div><div class=\"wp-block-button is-style-fill icon-phone-new icon-left\">\n                        <a class=\"wp-block-button__link has-secondary-color has-white-background-color has-text-color has-background has-link-color wp-element-button\" href=\"tel:+41555361653\">Telefon Schweiz <span class=\"sr-only\"> Telefon: +41 555 3616 53<\/span><\/a>\n                    <\/div><\/div>\n<\/div>\n<\/div>\n<\/section>\n","protected":false},"excerpt":{"rendered":"","protected":false},"author":4,"featured_media":0,"parent":0,"menu_order":51,"comment_status":"closed","ping_status":"closed","template":"template-onepager.blade.php","meta":{"_acf_changed":false,"footnotes":"","_sage_theme_css":true,"_wp_block_core_css":true},"folder":[247,238],"class_list":["post-154811","page","type-page","status-publish","hentry"],"acf":[],"yoast_head":"<!-- This site is optimized with the Yoast SEO plugin v27.2 - https:\/\/yoast.com\/product\/yoast-seo-wordpress\/ -->\n<title>Anbaubalkon \u00bb Nachtr\u00e4glicher Balkonanbau - Leeb Balkone Schweiz<\/title>\n<meta name=\"description\" content=\"Nachtr\u00e4glicher Balkonanbau in bew\u00e4hrter Qualit\u00e4t vom Marktf\u00fchrer \u2713 Anbaubalkone Aluminium *** LEEB Balkone und Z\u00e4une ist Europas Nr. 1 - Jetzt anfragen!\" \/>\n<meta name=\"robots\" content=\"index, follow, max-snippet:-1, max-image-preview:large, max-video-preview:-1\" \/>\n<meta property=\"og:locale\" content=\"de_DE\" \/>\n<meta property=\"og:type\" content=\"article\" \/>\n<meta property=\"og:title\" content=\"Anbaubalkon \u00bb Nachtr\u00e4glicher Balkonanbau - Leeb Balkone\" \/>\n<meta property=\"og:description\" content=\"Nachtr\u00e4glicher Balkonanbau in bew\u00e4hrter Qualit\u00e4t vom Marktf\u00fchrer \u2713 Anbaubalkone Aluminium *** LEEB Balkone und Z\u00e4une ist Europas Nr. 1 - Jetzt anfragen!\" \/>\n<meta property=\"og:url\" content=\"https:\/\/www.leeb-balkone.com\/ch\/anbaubalkone\/\" \/>\n<meta property=\"og:site_name\" content=\"Leeb Balkone\" \/>\n<meta property=\"article:publisher\" content=\"https:\/\/www.facebook.com\/balkone\/\" \/>\n<meta property=\"article:modified_time\" content=\"2026-04-10T14:27:57+00:00\" \/>\n<meta property=\"og:image\" content=\"https:\/\/www.leeb-balkone.com\/app\/uploads\/2020\/07\/anbaubalkon-mit-stuetzen-50-scaled.jpg\" \/>\n\t<meta property=\"og:image:width\" content=\"2560\" \/>\n\t<meta property=\"og:image:height\" content=\"1707\" \/>\n\t<meta property=\"og:image:type\" content=\"image\/jpeg\" \/>\n<meta name=\"twitter:card\" content=\"summary_large_image\" \/>\n<script type=\"application\/ld+json\" class=\"yoast-schema-graph\">{\"@context\":\"https:\/\/schema.org\",\"@graph\":[{\"@type\":\"WebPage\",\"@id\":\"https:\/\/www.leeb-balkone.com\/ch\/anbaubalkone\/\",\"url\":\"https:\/\/www.leeb-balkone.com\/ch\/anbaubalkone\/\",\"name\":\"Anbaubalkon \u00bb Nachtr\u00e4glicher Balkonanbau - Leeb Balkone\",\"isPartOf\":{\"@id\":\"https:\/\/www.leeb-balkone.com\/ch\/#website\"},\"primaryImageOfPage\":{\"@id\":\"https:\/\/www.leeb-balkone.com\/ch\/anbaubalkone\/#primaryimage\"},\"image\":{\"@id\":\"https:\/\/www.leeb-balkone.com\/ch\/anbaubalkone\/#primaryimage\"},\"thumbnailUrl\":\"https:\/\/www.leeb-balkone.com\/app\/uploads\/2020\/07\/anbaubalkon-mit-stuetzen-50-1024x683.jpg\",\"datePublished\":\"2025-09-13T18:53:44+00:00\",\"dateModified\":\"2026-04-10T14:27:57+00:00\",\"description\":\"Nachtr\u00e4glicher Balkonanbau in bew\u00e4hrter Qualit\u00e4t vom Marktf\u00fchrer \u2713 Anbaubalkone Aluminium *** LEEB Balkone und Z\u00e4une ist Europas Nr. 1 - Jetzt anfragen!\",\"breadcrumb\":{\"@id\":\"https:\/\/www.leeb-balkone.com\/ch\/anbaubalkone\/#breadcrumb\"},\"inLanguage\":\"de-CH\",\"potentialAction\":[{\"@type\":\"ReadAction\",\"target\":[\"https:\/\/www.leeb-balkone.com\/ch\/anbaubalkone\/\"]}]},{\"@type\":\"ImageObject\",\"inLanguage\":\"de-CH\",\"@id\":\"https:\/\/www.leeb-balkone.com\/ch\/anbaubalkone\/#primaryimage\",\"url\":\"https:\/\/www.leeb-balkone.com\/app\/uploads\/2020\/07\/anbaubalkon-mit-stuetzen-50-1024x683.jpg\",\"contentUrl\":\"https:\/\/www.leeb-balkone.com\/app\/uploads\/2020\/07\/anbaubalkon-mit-stuetzen-50-1024x683.jpg\"},{\"@type\":\"BreadcrumbList\",\"@id\":\"https:\/\/www.leeb-balkone.com\/ch\/anbaubalkone\/#breadcrumb\",\"itemListElement\":[{\"@type\":\"ListItem\",\"position\":1,\"name\":\"Home\",\"item\":\"https:\/\/www.leeb-balkone.com\/ch\/\"},{\"@type\":\"ListItem\",\"position\":2,\"name\":\"Anbaubalkone\"}]},{\"@type\":\"WebSite\",\"@id\":\"https:\/\/www.leeb-balkone.com\/ch\/#website\",\"url\":\"https:\/\/www.leeb-balkone.com\/ch\/\",\"name\":\"Leeb Balkone\",\"description\":\"Balkone und Z\u00e4une\",\"publisher\":{\"@id\":\"https:\/\/www.leeb-balkone.com\/ch\/#organization\"},\"potentialAction\":[{\"@type\":\"SearchAction\",\"target\":{\"@type\":\"EntryPoint\",\"urlTemplate\":\"https:\/\/www.leeb-balkone.com\/ch\/?s={search_term_string}\"},\"query-input\":{\"@type\":\"PropertyValueSpecification\",\"valueRequired\":true,\"valueName\":\"search_term_string\"}}],\"inLanguage\":\"de-CH\"},{\"@type\":\"Organization\",\"@id\":\"https:\/\/www.leeb-balkone.com\/ch\/#organization\",\"name\":\"Leeb Balkone Gmbh\",\"url\":\"https:\/\/www.leeb-balkone.com\/ch\/\",\"logo\":{\"@type\":\"ImageObject\",\"inLanguage\":\"de-CH\",\"@id\":\"https:\/\/www.leeb-balkone.com\/ch\/#\/schema\/logo\/image\/\",\"url\":\"https:\/\/www.leeb-balkone.com\/app\/uploads\/2020\/11\/leeb-logo.svg\",\"contentUrl\":\"https:\/\/www.leeb-balkone.com\/app\/uploads\/2020\/11\/leeb-logo.svg\",\"width\":741,\"height\":204,\"caption\":\"Leeb Balkone Gmbh\"},\"image\":{\"@id\":\"https:\/\/www.leeb-balkone.com\/ch\/#\/schema\/logo\/image\/\"},\"sameAs\":[\"https:\/\/www.facebook.com\/balkone\/\",\"https:\/\/www.trustedshops.at\/bewertung\/info_X4587CCF5833E31AFE0B11F47D86999F2.html\",\"https:\/\/www.trustedshops.de\/bewertung\/info_X7BA536A7A0BDC86D36C4718E4DCAEEEF.html\",\"https:\/\/www.google.com\/maps\/place\/?q=place_id:ChIJ5-zH19-IcEcR9HonWRTllHI\"]}]}<\/script>\n<!-- \/ Yoast SEO plugin. -->","yoast_head_json":{"title":"Anbaubalkon \u00bb Nachtr\u00e4glicher Balkonanbau - Leeb Balkone Schweiz","description":"Nachtr\u00e4glicher Balkonanbau in bew\u00e4hrter Qualit\u00e4t vom Marktf\u00fchrer \u2713 Anbaubalkone Aluminium *** LEEB Balkone und Z\u00e4une ist Europas Nr. 1 - Jetzt anfragen!","robots":{"index":"index","follow":"follow","max-snippet":"max-snippet:-1","max-image-preview":"max-image-preview:large","max-video-preview":"max-video-preview:-1"},"og_locale":"de_DE","og_type":"article","og_title":"Anbaubalkon \u00bb Nachtr\u00e4glicher Balkonanbau - Leeb Balkone","og_description":"Nachtr\u00e4glicher Balkonanbau in bew\u00e4hrter Qualit\u00e4t vom Marktf\u00fchrer \u2713 Anbaubalkone Aluminium *** LEEB Balkone und Z\u00e4une ist Europas Nr. 1 - Jetzt anfragen!","og_url":"https:\/\/www.leeb-balkone.com\/ch\/anbaubalkone\/","og_site_name":"Leeb Balkone","article_publisher":"https:\/\/www.facebook.com\/balkone\/","article_modified_time":"2026-04-10T14:27:57+00:00","og_image":[{"width":2560,"height":1707,"url":"https:\/\/www.leeb-balkone.com\/app\/uploads\/2020\/07\/anbaubalkon-mit-stuetzen-50-scaled.jpg","type":"image\/jpeg"}],"twitter_card":"summary_large_image","schema":{"@context":"https:\/\/schema.org","@graph":[{"@type":"WebPage","@id":"https:\/\/www.leeb-balkone.com\/ch\/anbaubalkone\/","url":"https:\/\/www.leeb-balkone.com\/ch\/anbaubalkone\/","name":"Anbaubalkon \u00bb Nachtr\u00e4glicher Balkonanbau - Leeb Balkone","isPartOf":{"@id":"https:\/\/www.leeb-balkone.com\/ch\/#website"},"primaryImageOfPage":{"@id":"https:\/\/www.leeb-balkone.com\/ch\/anbaubalkone\/#primaryimage"},"image":{"@id":"https:\/\/www.leeb-balkone.com\/ch\/anbaubalkone\/#primaryimage"},"thumbnailUrl":"https:\/\/www.leeb-balkone.com\/app\/uploads\/2020\/07\/anbaubalkon-mit-stuetzen-50-1024x683.jpg","datePublished":"2025-09-13T18:53:44+00:00","dateModified":"2026-04-10T14:27:57+00:00","description":"Nachtr\u00e4glicher Balkonanbau in bew\u00e4hrter Qualit\u00e4t vom Marktf\u00fchrer \u2713 Anbaubalkone Aluminium *** LEEB Balkone und Z\u00e4une ist Europas Nr. 1 - Jetzt anfragen!","breadcrumb":{"@id":"https:\/\/www.leeb-balkone.com\/ch\/anbaubalkone\/#breadcrumb"},"inLanguage":"de-CH","potentialAction":[{"@type":"ReadAction","target":["https:\/\/www.leeb-balkone.com\/ch\/anbaubalkone\/"]}]},{"@type":"ImageObject","inLanguage":"de-CH","@id":"https:\/\/www.leeb-balkone.com\/ch\/anbaubalkone\/#primaryimage","url":"https:\/\/www.leeb-balkone.com\/app\/uploads\/2020\/07\/anbaubalkon-mit-stuetzen-50-1024x683.jpg","contentUrl":"https:\/\/www.leeb-balkone.com\/app\/uploads\/2020\/07\/anbaubalkon-mit-stuetzen-50-1024x683.jpg"},{"@type":"BreadcrumbList","@id":"https:\/\/www.leeb-balkone.com\/ch\/anbaubalkone\/#breadcrumb","itemListElement":[{"@type":"ListItem","position":1,"name":"Home","item":"https:\/\/www.leeb-balkone.com\/ch\/"},{"@type":"ListItem","position":2,"name":"Anbaubalkone"}]},{"@type":"WebSite","@id":"https:\/\/www.leeb-balkone.com\/ch\/#website","url":"https:\/\/www.leeb-balkone.com\/ch\/","name":"Leeb Balkone","description":"Balkone und Z\u00e4une","publisher":{"@id":"https:\/\/www.leeb-balkone.com\/ch\/#organization"},"potentialAction":[{"@type":"SearchAction","target":{"@type":"EntryPoint","urlTemplate":"https:\/\/www.leeb-balkone.com\/ch\/?s={search_term_string}"},"query-input":{"@type":"PropertyValueSpecification","valueRequired":true,"valueName":"search_term_string"}}],"inLanguage":"de-CH"},{"@type":"Organization","@id":"https:\/\/www.leeb-balkone.com\/ch\/#organization","name":"Leeb Balkone Gmbh","url":"https:\/\/www.leeb-balkone.com\/ch\/","logo":{"@type":"ImageObject","inLanguage":"de-CH","@id":"https:\/\/www.leeb-balkone.com\/ch\/#\/schema\/logo\/image\/","url":"https:\/\/www.leeb-balkone.com\/app\/uploads\/2020\/11\/leeb-logo.svg","contentUrl":"https:\/\/www.leeb-balkone.com\/app\/uploads\/2020\/11\/leeb-logo.svg","width":741,"height":204,"caption":"Leeb Balkone Gmbh"},"image":{"@id":"https:\/\/www.leeb-balkone.com\/ch\/#\/schema\/logo\/image\/"},"sameAs":["https:\/\/www.facebook.com\/balkone\/","https:\/\/www.trustedshops.at\/bewertung\/info_X4587CCF5833E31AFE0B11F47D86999F2.html","https:\/\/www.trustedshops.de\/bewertung\/info_X7BA536A7A0BDC86D36C4718E4DCAEEEF.html","https:\/\/www.google.com\/maps\/place\/?q=place_id:ChIJ5-zH19-IcEcR9HonWRTllHI"]}]}},"_links":{"self":[{"href":"https:\/\/www.leeb-balkone.com\/ch\/wp-json\/wp\/v2\/pages\/154811","targetHints":{"allow":["GET"]}}],"collection":[{"href":"https:\/\/www.leeb-balkone.com\/ch\/wp-json\/wp\/v2\/pages"}],"about":[{"href":"https:\/\/www.leeb-balkone.com\/ch\/wp-json\/wp\/v2\/types\/page"}],"author":[{"embeddable":true,"href":"https:\/\/www.leeb-balkone.com\/ch\/wp-json\/wp\/v2\/users\/4"}],"replies":[{"embeddable":true,"href":"https:\/\/www.leeb-balkone.com\/ch\/wp-json\/wp\/v2\/comments?post=154811"}],"version-history":[{"count":43,"href":"https:\/\/www.leeb-balkone.com\/ch\/wp-json\/wp\/v2\/pages\/154811\/revisions"}],"predecessor-version":[{"id":167526,"href":"https:\/\/www.leeb-balkone.com\/ch\/wp-json\/wp\/v2\/pages\/154811\/revisions\/167526"}],"wp:attachment":[{"href":"https:\/\/www.leeb-balkone.com\/ch\/wp-json\/wp\/v2\/media?parent=154811"}],"wp:term":[{"taxonomy":"folder","embeddable":true,"href":"https:\/\/www.leeb-balkone.com\/ch\/wp-json\/wp\/v2\/folder?post=154811"}],"curies":[{"name":"wp","href":"https:\/\/api.w.org\/{rel}","templated":true}]}}