{"id":154687,"date":"2025-09-13T14:39:23","date_gmt":"2025-09-13T14:39:23","guid":{"rendered":"https:\/\/www.leeb-balkone.com\/de\/produkte\/solarzaun\/"},"modified":"2026-04-15T14:58:16","modified_gmt":"2026-04-15T14:58:16","slug":"solar-zaun","status":"publish","type":"page","link":"https:\/\/www.leeb-balkone.com\/ch\/solar\/solar-zaun\/","title":{"rendered":"Solarzaun"},"content":{"rendered":"\n<section class=\"wp-block-group alignfull t3-header t3-header-splitscreen t3-splitscreen-shadow h-zi-20 has-light-gray-background-color has-background has-global-padding is-layout-constrained wp-container-core-group-is-layout-f1ad4950 wp-block-group-is-layout-constrained\" style=\"padding-top:0;padding-bottom:0\">\n<div class=\"wp-block-columns h-flx-a-s m-split is-layout-flex wp-container-core-columns-is-layout-28f84493 wp-block-columns-is-layout-flex\">\n<div class=\"wp-block-column is-vertically-aligned-top h-flx-a-s m-split-col-content is-layout-flow wp-block-column-is-layout-flow\"><div class=\"yoast-breadcrumbs\"><span><span><a href=\"https:\/\/www.leeb-balkone.com\/ch\/\">Home<\/a><\/span> \/ <span><a href=\"https:\/\/www.leeb-balkone.com\/ch\/solar\/\">Solarprodukte<\/a><\/span> \/ <span class=\"breadcrumb_last\" aria-current=\"page\">Solarzaun<\/span><\/span><\/div>\n\n<h1 class=\"wp-block-post-title\">Solarzaun<\/h1>\n\n\n<p class=\"has-step-0-font-size\" style=\"margin-bottom:0\">Der Leeb Solarzaun ist die ideale L\u00f6sung f\u00fcr alle, die Sicherheit, \u00c4sthetik und nachhaltige Energiegewinnung an ihrer Grundst\u00fccksgrenze vereinen m\u00f6chten. Bifaciale PV-Module bis 1150mm Zaunh\u00f6he (Optimus, dar\u00fcber Variante 300).<\/p>\n\n\n\n<div class=\"wp-block-buttons is-layout-flex wp-block-buttons-is-layout-flex\" style=\"margin-top:var(--wp--preset--spacing--l)\">\n<div class=\"wp-block-button is-style-cta icon-book icon-left\"><a class=\"wp-block-button__link wp-element-button\" href=\"https:\/\/www.leeb-balkone.com\/ch\/kontakt\/katalog-anfordern\/\">Katalog anfordern<\/a><\/div>\n\n\n\n<div class=\"wp-block-button is-style-cta icon-vp icon-left\"><a class=\"wp-block-button__link wp-element-button\" href=\"https:\/\/www.leeb-balkone.com\/ch\/vertriebspartner\/\">Ansprechpartner finden<span class=\"sr-only\"> Schweiz<\/span><\/a><\/div>\n<\/div>\n<\/div>\n\n\n\n<div class=\"wp-block-column is-vertically-aligned-stretch h-hide-md-down is-style-image-cover is-layout-flow wp-block-column-is-layout-flow\">\n<figure class=\"wp-block-image size-large\"><img loading=\"lazy\" decoding=\"async\" width=\"1024\" height=\"651\" src=\"https:\/\/www.leeb-balkone.com\/app\/uploads\/2022\/06\/Zaun-Solar-06-Optimus-1024x651.jpg\" alt=\"Zaun Solar 06 Optimus\" class=\"wp-image-139446\" srcset=\"https:\/\/www.leeb-balkone.com\/app\/uploads\/2022\/06\/Zaun-Solar-06-Optimus-1024x651.jpg 1024w, https:\/\/www.leeb-balkone.com\/app\/uploads\/2022\/06\/Zaun-Solar-06-Optimus-300x191.jpg 300w, https:\/\/www.leeb-balkone.com\/app\/uploads\/2022\/06\/Zaun-Solar-06-Optimus-768x488.jpg 768w, https:\/\/www.leeb-balkone.com\/app\/uploads\/2022\/06\/Zaun-Solar-06-Optimus-1536x976.jpg 1536w, https:\/\/www.leeb-balkone.com\/app\/uploads\/2022\/06\/Zaun-Solar-06-Optimus-2048x1301.jpg 2048w\" sizes=\"auto, (max-width: 1024px) 100vw, 1024px\" \/><\/figure>\n<\/div>\n<\/div>\n<\/section>\n\n\n\n<section class=\"wp-block-group alignfull has-white-background-color has-background has-global-padding is-layout-constrained wp-container-core-group-is-layout-52f96efc wp-block-group-is-layout-constrained\" id=\"modelle\">\n<div class=\"wp-block-group m-teaser o-grid u-md-1 is-layout-flow wp-block-group-is-layout-flow\">\n<div class=\"wp-block-group u-g-9 u-g-s-2 is-layout-flow wp-block-group-is-layout-flow\" style=\"margin-bottom:var(--wp--preset--spacing--s)\">\n<p class=\"has-text-align-left\"><em><strong><strong><strong>Zaun trifft Zukunft \u2013 Energie am laufenden Meter mit Leeb Solarz\u00e4unen.<\/strong><\/strong><\/strong><\/em><\/p>\n<\/div>\n<\/div>\n\n\n\n<div class=\"wp-block-columns is-layout-flex wp-container-core-columns-is-layout-28f84493 wp-block-columns-is-layout-flex\">\n<div class=\"wp-block-column is-layout-flow wp-block-column-is-layout-flow\" style=\"flex-basis:66.66%\"><div class=\"tgs-gallery\" data-tablet-slides=\"4\" data-desktop-slides=\"5\"><div class=\"t3-tgs swiper mainSlider\">\n                <div class=\"has-icon icon-enlarge\"><\/div>\n                <div class=\"swiper-wrapper lg-swiper\"><div class=\"swiper-slide\"><a href=\"https:\/\/www.leeb-balkone.com\/app\/uploads\/2022\/06\/Zaun-Solar-01-scaled.jpg\"><img decoding=\"async\" src=\"https:\/\/www.leeb-balkone.com\/app\/uploads\/2022\/06\/Zaun-Solar-01-scaled.jpg\" alt=\"Solar Zaun mit PV-Modulen - Zaun Solaranlage mit Leeb\"><\/a><div class=\"tgs-desc\">Solar Zaun mit PV-Modulen &#8211; Zaun Solaranlage mit Leeb<\/div><\/div><div class=\"swiper-slide\"><a href=\"https:\/\/www.leeb-balkone.com\/app\/uploads\/2022\/06\/Zaun-Solar-02-scaled.jpg\"><img decoding=\"async\" src=\"https:\/\/www.leeb-balkone.com\/app\/uploads\/2022\/06\/Zaun-Solar-02-scaled.jpg\" alt=\"Zaun Solar\"><\/a><div class=\"tgs-desc\">Glaszaun mit integrierten Solarpaneelen<\/div><\/div><div class=\"swiper-slide\"><a href=\"https:\/\/www.leeb-balkone.com\/app\/uploads\/2022\/06\/Zaun-Solar-04-Optimus-scaled.jpg\"><img decoding=\"async\" src=\"https:\/\/www.leeb-balkone.com\/app\/uploads\/2022\/06\/Zaun-Solar-04-Optimus-scaled.jpg\" alt=\"Zaun Solar 04 Optimus\"><\/a><div class=\"tgs-desc\">Die Verkabelung der PV-Module verl\u00e4uft innen liegend versteckt. <\/div><\/div><\/div><div class=\"mainSliderPrev\"><\/div><div class=\"mainSliderNext\"><\/div><div class=\"main_slider_dots\"><\/div><\/div><div class=\"swiper thumbSlider\"><div class=\"swiper-wrapper wp-block-t3-carousel-wrapper\"><div class=\"swiper-slide\"><img decoding=\"async\" src=\"https:\/\/www.leeb-balkone.com\/app\/uploads\/2022\/06\/Zaun-Solar-01-1024x765.jpg\" alt=\"Solar Zaun mit PV-Modulen - Zaun Solaranlage mit Leeb\" \/><\/div><div class=\"swiper-slide\"><img decoding=\"async\" src=\"https:\/\/www.leeb-balkone.com\/app\/uploads\/2022\/06\/Zaun-Solar-02-1024x765.jpg\" alt=\"Zaun Solar\" \/><\/div><div class=\"swiper-slide\"><img decoding=\"async\" src=\"https:\/\/www.leeb-balkone.com\/app\/uploads\/2022\/06\/Zaun-Solar-04-Optimus-1024x659.jpg\" alt=\"Zaun Solar 04 Optimus\" \/><\/div><\/div><div class=\"thumbSliderPrev swiper-button-prev\"><\/div><div class=\"thumbSliderNext swiper-button-next\"><\/div><\/div><\/div><\/div>\n\n\n\n<div class=\"wp-block-column is-layout-flow wp-block-column-is-layout-flow\" style=\"flex-basis:33.33%\">\n<h2 class=\"wp-block-heading has-step-2-font-size\">Aluzaun mit PV-Modulen: Rundherum spannend<\/h2>\n\n\n\n<p>Erleben Sie mit dem Leeb Solarzaun die perfekte Verbindung aus innovativem Grundst\u00fccksschutz und moderner Energiegewinnung. Das System vereint hochwertige Aluminiumzaun-Optik mit vollintegrierten Photovoltaikmodulen und macht so jede Zaunfl\u00e4che zu einem aktiven Beitrag f\u00fcr die Energiewende. Jedes Zaunelement ist als eigenst\u00e4ndiges PV-Modul konzipiert und kann flexibel in bestehende oder neue Zaunsysteme integriert werden.<\/p>\n\n\n\n<ul class=\"wp-block-list is-style-checkmark-2\">\n<li>Hochmoderne PV-Module<\/li>\n\n\n\n<li>Sicher und langlebig<\/li>\n\n\n\n<li>Modulare Bauweise<\/li>\n<\/ul>\n<\/div>\n<\/div>\n\n\n\n<div class=\"wp-block-group m-teaser o-grid u-md-1 is-layout-flow wp-block-group-is-layout-flow\" style=\"margin-top:0;padding-top:var(--wp--preset--spacing--xl-2-xl)\">\n<div class=\"wp-block-group u-g-10 u-g-s-2 is-layout-flow wp-block-group-is-layout-flow\" style=\"margin-top:0;margin-bottom:var(--wp--preset--spacing--s)\"><div class=\"wp-block-t3-tabs t3-tabs t3-tabs--centered\" data-uniqueid=\"tabs-8f57f258\" data-use-headings=\"false\" data-heading-level=\"h2\"><ul class=\"t3-tabs__list\" role=\"tablist\"><li role=\"presentation\"><button role=\"tab\" id=\"tabs-8f57f258-tab-0\" aria-controls=\"tabs-8f57f258-panel-0\" class=\"t3-tabs__tab-button t3-tabs__tab-button--active\" aria-selected=\"true\" tabindex=\"0\"><div class=\"t3-tabs__tab-button-inner\"><span class=\"t3-tabs__tab-title\">Aufbau und Leistung<\/span><\/div><\/button><\/li><li role=\"presentation\"><button role=\"tab\" id=\"tabs-8f57f258-tab-1\" aria-controls=\"tabs-8f57f258-panel-1\" class=\"t3-tabs__tab-button\" aria-selected=\"false\" tabindex=\"-1\"><div class=\"t3-tabs__tab-button-inner\"><span class=\"t3-tabs__tab-title\">Technische Besonderheiten<\/span><\/div><\/button><\/li><li role=\"presentation\"><button role=\"tab\" id=\"tabs-8f57f258-tab-2\" aria-controls=\"tabs-8f57f258-panel-2\" class=\"t3-tabs__tab-button\" aria-selected=\"false\" tabindex=\"-1\"><div class=\"t3-tabs__tab-button-inner\"><span class=\"t3-tabs__tab-title\">Funktion und Nutzen<\/span><\/div><\/button><\/li><\/ul><div class=\"t3-tabs__panels\"><div class=\"t3-tab__content t3-tabs__panel\" role=\"tabpanel\" id=\"tabs-8f57f258-panel-0\" aria-labelledby=\"tabs-8f57f258-tab-0\">\n<p>Setzen Sie auf eine Einz\u00e4unung, die mehr kann: Der Leeb Solar Zaun sch\u00fctzt Ihr Grundst\u00fcck und produziert gleichzeitig umweltfreundlichen Strom \u2013 ein echtes Highlight f\u00fcr jeden Garten. Die PV-Module sind sehr hochwertig und robust konstruiert und sicher vor zum Beispiel Hagelschlag und f\u00fcr Wartungsarbeiten sogar betretbar. Beim Glas handelt es sich um ein Verbund-Sicherheitsglas (VSG) aus 2x 4mm teilvorgespanntem Glas (TVG). Pro PV-Modul sind max. bis zu 300 Wp m\u00f6glich. Die Verkabelung der Module verl\u00e4uft innen liegend versteckt.<\/p>\n\n\n\n\n\n\n\n\n\n<div class=\"wp-block-group is-layout-grid wp-container-core-group-is-layout-c19da409 wp-block-group-is-layout-grid\" style=\"padding-bottom:var(--wp--preset--spacing--m)\">\n<div class=\"wp-block-group wp-container-content-7ed1b8cc has-global-padding is-layout-constrained wp-block-group-is-layout-constrained\">\n<figure class=\"wp-block-image size-full\"><img loading=\"lazy\" decoding=\"async\" width=\"764\" height=\"665\" src=\"https:\/\/www.leeb-balkone.com\/app\/uploads\/2025\/07\/Modell-Z-Solar-Optimus-Ansicht.jpg\" alt=\"Modell Z Solar Optimus Ansicht\" class=\"wp-image-150054\" style=\"aspect-ratio:1;object-fit:cover\" srcset=\"https:\/\/www.leeb-balkone.com\/app\/uploads\/2025\/07\/Modell-Z-Solar-Optimus-Ansicht.jpg 764w, https:\/\/www.leeb-balkone.com\/app\/uploads\/2025\/07\/Modell-Z-Solar-Optimus-Ansicht-300x261.jpg 300w\" sizes=\"auto, (max-width: 764px) 100vw, 764px\" \/><\/figure>\n\n\n\n<p><strong>Variante Optimus:<\/strong><\/p>\n\n\n\n<ul class=\"wp-block-list\">\n<li>H\u00f6he 1130 mm, Feldl\u00e4nge &amp; S\u00e4ulenlichte 2425 mm, geschraubte Platten <\/li>\n\n\n\n<li>PV-Modul(e) mit fixen Ma\u00dfen (H\u00f6he 950 mm, Breite 1200 mm)<\/li>\n\n\n\n<li>Leistung PV-Modul max. 175 Wo\/ft Zaun* 1<\/li>\n<\/ul>\n<\/div>\n\n\n\n<div class=\"wp-block-group has-global-padding is-layout-constrained wp-block-group-is-layout-constrained\">\n<figure class=\"wp-block-image size-full\"><img loading=\"lazy\" decoding=\"async\" width=\"1350\" height=\"750\" src=\"https:\/\/www.leeb-balkone.com\/app\/uploads\/2025\/07\/Modell-Z-Solar-Optimus-Twin-Ansicht-1.jpg\" alt=\"Modell Z Solar Optimus Twin Ansicht\" class=\"wp-image-150059\" style=\"aspect-ratio:1;object-fit:cover\" srcset=\"https:\/\/www.leeb-balkone.com\/app\/uploads\/2025\/07\/Modell-Z-Solar-Optimus-Twin-Ansicht-1.jpg 1350w, https:\/\/www.leeb-balkone.com\/app\/uploads\/2025\/07\/Modell-Z-Solar-Optimus-Twin-Ansicht-1-300x167.jpg 300w, https:\/\/www.leeb-balkone.com\/app\/uploads\/2025\/07\/Modell-Z-Solar-Optimus-Twin-Ansicht-1-1024x569.jpg 1024w, https:\/\/www.leeb-balkone.com\/app\/uploads\/2025\/07\/Modell-Z-Solar-Optimus-Twin-Ansicht-1-768x427.jpg 768w\" sizes=\"auto, (max-width: 1350px) 100vw, 1350px\" \/><\/figure>\n\n\n\n<p><strong>Variante Optimus Twin:<\/strong><\/p>\n\n\n\n<ul class=\"wp-block-list\">\n<li>H\u00f6he 1130 mm, Feldl\u00e4nge &amp; S\u00e4ulenlichte 2425 mm, geschraubte Platten <\/li>\n\n\n\n<li>PV-Modul(e) mit fixen Ma\u00dfen (H\u00f6he 950 mm, Breite 1200 mm)<\/li>\n\n\n\n<li>Leistung PV-Modul max. 175 Wo\/ft Zaun* 1<\/li>\n<\/ul>\n<\/div>\n\n\n\n<div class=\"wp-block-group has-global-padding is-layout-constrained wp-block-group-is-layout-constrained\">\n<figure class=\"wp-block-image size-full\"><img loading=\"lazy\" decoding=\"async\" width=\"756\" height=\"684\" src=\"https:\/\/www.leeb-balkone.com\/app\/uploads\/2025\/07\/Modell-solarzaun-300.png\" alt=\"Modell solarzaun\" class=\"wp-image-151004\" srcset=\"https:\/\/www.leeb-balkone.com\/app\/uploads\/2025\/07\/Modell-solarzaun-300.png 756w, https:\/\/www.leeb-balkone.com\/app\/uploads\/2025\/07\/Modell-solarzaun-300-300x271.png 300w\" sizes=\"auto, (max-width: 756px) 100vw, 756px\" \/><\/figure>\n\n\n\n<p><strong>Variante 300:<\/strong><\/p>\n\n\n\n<ul class=\"wp-block-list\">\n<li>H\u00f6he 1980 mm, Feldl\u00e4nge &amp; S\u00e4ulenlichte 2055 mm, nur mit Aufschwei\u00dfplatten m\u00f6glich <\/li>\n\n\n\n<li>PV-Modul mit fixen Ma\u00dfen (H\u00f6he 1015 mm, Breite 1700 mm)<\/li>\n\n\n\n<li>Leistung PV-Modul max. 295 Wo\/ft Zaun*<\/li>\n<\/ul>\n<\/div>\n\n\n\n<p><\/p>\n<\/div>\n\n\n\n<p class=\"has-step-s-font-size\"><strong>Hinweise:<\/strong><\/p>\n\n\n\n<ul class=\"wp-block-list\">\n<li class=\"has-step-s-font-size\">Nur fixe S\u00e4ulenteilung m\u00f6glich<\/li>\n\n\n\n<li class=\"has-step-s-font-size\">Keine Zaunschr\u00e4ge m\u00f6glich<\/li>\n\n\n\n<li class=\"has-step-s-font-size\">Module in Serie geschaltet (Modulanzahl pro String ist begrenzt)<\/li>\n\n\n\n<li class=\"has-step-s-font-size\">Verkabelung Zaun zu Wechselrichter, Anschluss, Erdung, und Inbetriebnahme (Netzanschluss) m\u00fcssen bauseits erfolgen<\/li>\n<\/ul>\n<\/div><div class=\"t3-tab__content t3-tabs__panel\" role=\"tabpanel\" id=\"tabs-8f57f258-panel-1\" aria-labelledby=\"tabs-8f57f258-tab-1\">\n<p>Genie\u00dfen Sie Sicherheit und Langlebigkeit: Der Solar Zaun von Leeb ist robust konstruiert, witterungsbest\u00e4ndig und pflegeleicht \u2013 f\u00fcr maximale Zuverl\u00e4ssigkeit im Alltag.<\/p>\n\n\n\n<div class=\"wp-block-cgb-t3-container-block none\" style=\"background-color:none\"><div class=\"grid-container\"><div class=\"grid-x\"><div class=\"cell small-12 medium-0 large-0\"><\/div><\/div><\/div><\/div>\n\n\n\n<ul class=\"wp-block-list is-style-default\">\n<li>Konstruktion aus robustem, witterungsbest\u00e4ndigem Aluminium mit patentierter ALU COMFORT PLUS\u00ae Pulverbeschichtung<\/li>\n\n\n\n<li>Statisch berechnetes System f\u00fcr h\u00f6chste Sicherheit und Langlebigkeit<\/li>\n\n\n\n<li>Zertifizierte Qualit\u00e4t und umfassender Service von der Planung bis zur Montage<\/li>\n\n\n\n<li>Modularer Aufbau f\u00fcr flexible Gestaltungsm\u00f6glichkeiten<\/li>\n<\/ul>\n\n\n\n<div class=\"wp-block-group is-layout-grid wp-container-core-group-is-layout-478b6e6b wp-block-group-is-layout-grid\"><\/div>\n\n\n\n<div class=\"wp-block-cgb-t3-container-block none\" style=\"background-color:none\"><div class=\"grid-container\"><div class=\"grid-x\"><div class=\"cell small-12 medium-0 large-0\"><\/div><\/div><\/div><\/div>\n<\/div><div class=\"t3-tab__content t3-tabs__panel\" role=\"tabpanel\" id=\"tabs-8f57f258-panel-2\" aria-labelledby=\"tabs-8f57f258-tab-2\">\n<div class=\"wp-block-cgb-t3-container-block none\" style=\"background-color:none\"><div class=\"grid-container\"><div class=\"grid-x\"><div class=\"cell small-12 medium-0 large-0\"><\/div><\/div><\/div><\/div>\n\n\n\n<p>Machen Sie Ihren Zaun zum Kraftwerk: Erzeugen Sie Ihren eigenen Strom, senken Sie Ihre Energiekosten und gestalten Sie Ihr Grundst\u00fcck nachhaltig \u2013 ohne Kompromisse bei Design oder Funktion.<\/p>\n\n\n\n<ul class=\"wp-block-list\">\n<li>Umweltfreundliche Stromproduktion direkt am Grundst\u00fcck<\/li>\n\n\n\n<li>Reduktion der Stromkosten durch Eigenverbrauch<\/li>\n\n\n\n<li>Schutz und optische Aufwertung des Gartens<\/li>\n\n\n\n<li>Beitrag zur CO\u2082-Reduktion und Wertsteigerung der Immobilie<\/li>\n\n\n\n<li>Wartungsarm und langlebig, ideal f\u00fcr nachhaltige Hausbesitzer<\/li>\n<\/ul>\n<\/div><\/div><\/div><\/div>\n<\/div>\n<\/section>\n\n\n\n<section class=\"wp-block-cover alignfull is-light katalog-cta\" style=\"margin-top:0;margin-bottom:0;padding-top:0;padding-right:0;padding-bottom:0;padding-left:0;min-height:100px;aspect-ratio:unset;\" id=\"beratungsanfrage\"><img loading=\"lazy\" decoding=\"async\" width=\"2560\" height=\"1707\" class=\"wp-block-cover__image-background wp-image-152954 size-full\" alt=\"Schauraum Leeb Tettnang Florian Keller\" src=\"https:\/\/www.leeb-balkone.com\/app\/uploads\/2025\/04\/Schauraum-Leeb-Tettnang-Florian-Keller-17-scaled.jpg\" style=\"object-position:41% 45%\" data-object-fit=\"cover\" data-object-position=\"41% 45%\" srcset=\"https:\/\/www.leeb-balkone.com\/app\/uploads\/2025\/04\/Schauraum-Leeb-Tettnang-Florian-Keller-17-scaled.jpg 2560w, https:\/\/www.leeb-balkone.com\/app\/uploads\/2025\/04\/Schauraum-Leeb-Tettnang-Florian-Keller-17-300x200.jpg 300w, https:\/\/www.leeb-balkone.com\/app\/uploads\/2025\/04\/Schauraum-Leeb-Tettnang-Florian-Keller-17-1024x683.jpg 1024w, https:\/\/www.leeb-balkone.com\/app\/uploads\/2025\/04\/Schauraum-Leeb-Tettnang-Florian-Keller-17-768x512.jpg 768w, https:\/\/www.leeb-balkone.com\/app\/uploads\/2025\/04\/Schauraum-Leeb-Tettnang-Florian-Keller-17-1536x1024.jpg 1536w, https:\/\/www.leeb-balkone.com\/app\/uploads\/2025\/04\/Schauraum-Leeb-Tettnang-Florian-Keller-17-2048x1366.jpg 2048w\" sizes=\"auto, (max-width: 2560px) 100vw, 2560px\" \/><span aria-hidden=\"true\" class=\"wp-block-cover__background has-primary-45-background-color has-background-dim-80 has-background-dim\"><\/span><div class=\"wp-block-cover__inner-container has-global-padding is-layout-constrained wp-container-core-cover-is-layout-f028c7bd wp-block-cover-is-layout-constrained\">\n<div class=\"wp-block-group is-layout-flow wp-block-group-is-layout-flow\" style=\"min-height:0px;margin-top:0;margin-bottom:0;padding-top:var(--wp--preset--spacing--2-xl);padding-bottom:var(--wp--preset--spacing--2-xl);padding-left:0\">\n<div class=\"wp-block-columns are-vertically-aligned-center is-layout-flex wp-container-core-columns-is-layout-0a4bbf16 wp-block-columns-is-layout-flex\" style=\"margin-top:0;margin-bottom:0\">\n<div class=\"wp-block-column is-vertically-aligned-center is-layout-flow wp-block-column-is-layout-flow\" style=\"flex-basis:66.66%\">\n<h2 class=\"wp-block-heading\">Beratungstermin anfordern<\/h2>\n\n\n\n<p class=\"is-style-teaser\">Sie haben Fragen? Nehmen Sie mit uns Kontakt auf und nutzen Sie unser Kontaktformular. Fordern Sie jetzt Ihre pers\u00f6nliche Beratung an \u2013 Ihr Ansprechpartner unterst\u00fctzt Sie gerne individuell bei Planung und Umsetzung Ihres Vorhabens!<\/p>\n<\/div>\n\n\n\n<div class=\"wp-block-column is-vertically-aligned-center is-layout-flow wp-block-column-is-layout-flow\" style=\"flex-basis:33.33%\">\n<div class=\"wp-block-buttons u-m-jc-left is-content-justification-right is-layout-flex wp-container-core-buttons-is-layout-c060c6c7 wp-block-buttons-is-layout-flex\">\n<div class=\"wp-block-button is-style-filled-white large smooth-scroll\"><a class=\"wp-block-button__link wp-element-button\" href=\"#beratungstermin\" style=\"box-shadow:var(--wp--preset--shadow--button-shadow)\">Beratungsanfrage<\/a><\/div>\n<\/div>\n<\/div>\n<\/div>\n<\/div>\n<\/div><\/section>\n\n\n\n<section class=\"wp-block-group alignfull has-light-gray-background-color has-background has-global-padding is-layout-constrained wp-container-core-group-is-layout-52f96efc wp-block-group-is-layout-constrained\" id=\"service-qualitaet\">\n<div class=\"wp-block-group o-grid u-md-1 is-layout-flow wp-block-group-is-layout-flow\">\n<div class=\"wp-block-group u-g-9 u-g-s-2 is-layout-flow wp-block-group-is-layout-flow\" style=\"margin-bottom:var(--wp--preset--spacing--s)\">\n<h2 class=\"wp-block-heading\"><strong>Leeb Solarzaun<\/strong><\/h2>\n\n\n\n<p><span class=\"teaser\">Ein Solarzaun von Leeb ist die ideale L\u00f6sung, um vorhandene Fl\u00e4chen doppelt zu nutzen: als Sicht-, Wind- und L\u00e4rmschutz sowie als effiziente Energiequelle f\u00fcr Haushalt, Pool oder E-Mobilit\u00e4t.<\/span><\/p>\n\n\n\n<p>Mit dem Leeb Solarzaun erhalten Sie eine langlebige, individuell gestaltbare und sichere L\u00f6sung \u2013 von der Planung bis zur Montage aus einer Hand.<\/p>\n<\/div>\n<\/div>\n\n\n\n<div class=\"wp-block-group small is-style-white-cards sm-2-cols is-layout-grid wp-container-core-group-is-layout-7785d981 wp-block-group-is-layout-grid\">\n<div class=\"wp-block-group m-card is-layout-flow wp-container-core-group-is-layout-8a368f38 wp-block-group-is-layout-flow\">\n<figure class=\"wp-block-image size-full\"><img loading=\"lazy\" decoding=\"async\" width=\"2560\" height=\"1707\" src=\"https:\/\/www.leeb-balkone.com\/app\/uploads\/2020\/07\/solarbalkon-optimus-innenansicht-der-pv-paneele-scaled.jpg\" alt=\"solarbalkon optimus innenansicht der pv paneele\" class=\"wp-image-141781\" srcset=\"https:\/\/www.leeb-balkone.com\/app\/uploads\/2020\/07\/solarbalkon-optimus-innenansicht-der-pv-paneele-scaled.jpg 2560w, https:\/\/www.leeb-balkone.com\/app\/uploads\/2020\/07\/solarbalkon-optimus-innenansicht-der-pv-paneele-300x200.jpg 300w, https:\/\/www.leeb-balkone.com\/app\/uploads\/2020\/07\/solarbalkon-optimus-innenansicht-der-pv-paneele-1024x683.jpg 1024w, https:\/\/www.leeb-balkone.com\/app\/uploads\/2020\/07\/solarbalkon-optimus-innenansicht-der-pv-paneele-768x512.jpg 768w, https:\/\/www.leeb-balkone.com\/app\/uploads\/2020\/07\/solarbalkon-optimus-innenansicht-der-pv-paneele-1536x1024.jpg 1536w, https:\/\/www.leeb-balkone.com\/app\/uploads\/2020\/07\/solarbalkon-optimus-innenansicht-der-pv-paneele-2048x1366.jpg 2048w\" sizes=\"auto, (max-width: 2560px) 100vw, 2560px\" \/><\/figure>\n\n\n\n<div class=\"wp-block-group m-card-content has-white-background-color has-background is-vertical is-layout-flex wp-container-core-group-is-layout-5580f018 wp-block-group-is-layout-flex\">\n<h3 class=\"wp-block-heading\"><strong>Solar-L\u00f6sungen f\u00fcr Gel\u00e4nder und D\u00e4cher<\/strong><\/h3>\n\n\n\n<p>Vollintegrierte, hocheffektive PV-Module in unseren Solarprodukten.<\/p>\n<\/div>\n<\/div>\n\n\n\n<div class=\"wp-block-group m-card is-layout-flow wp-container-core-group-is-layout-8a368f38 wp-block-group-is-layout-flow\">\n<figure class=\"wp-block-image size-large is-style-default\"><img loading=\"lazy\" decoding=\"async\" width=\"1024\" height=\"767\" src=\"https:\/\/www.leeb-balkone.com\/app\/uploads\/2020\/08\/leeb-balkone-mitarbeiter-4-1024x767.jpeg\" alt=\"Montieren eines Leeb Alu-Balkongel\u00e4nders nach Ma\u00df\" class=\"wp-image-6083\" srcset=\"https:\/\/www.leeb-balkone.com\/app\/uploads\/2020\/08\/leeb-balkone-mitarbeiter-4-1024x767.jpeg 1024w, https:\/\/www.leeb-balkone.com\/app\/uploads\/2020\/08\/leeb-balkone-mitarbeiter-4-2048x1535.jpeg 2048w, https:\/\/www.leeb-balkone.com\/app\/uploads\/2020\/08\/leeb-balkone-mitarbeiter-4-300x225.jpeg 300w, https:\/\/www.leeb-balkone.com\/app\/uploads\/2020\/08\/leeb-balkone-mitarbeiter-4-768x575.jpeg 768w, https:\/\/www.leeb-balkone.com\/app\/uploads\/2020\/08\/leeb-balkone-mitarbeiter-4-1536x1151.jpeg 1536w\" sizes=\"auto, (max-width: 1024px) 100vw, 1024px\" \/><\/figure>\n\n\n\n<div class=\"wp-block-group m-card-content has-white-background-color has-background is-vertical is-layout-flex wp-container-core-group-is-layout-5580f018 wp-block-group-is-layout-flex\">\n<h3 class=\"wp-block-heading\">Rundum Service f\u00fcr sorglose Umsetzung!<\/h3>\n\n\n\n<p>Beratungsservice vor Ort, 3D-Konfigurator, Werksfertigung, Lieferung und Montage.<\/p>\n<\/div>\n<\/div>\n\n\n\n<div class=\"wp-block-group m-card is-layout-flow wp-container-core-group-is-layout-8a368f38 wp-block-group-is-layout-flow\">\n<figure class=\"wp-block-image size-full\"><img loading=\"lazy\" decoding=\"async\" width=\"2048\" height=\"1366\" src=\"https:\/\/www.leeb-balkone.com\/app\/uploads\/2022\/05\/glas-bearbeitung-zuschnitt--scaled.jpg\" alt=\"glas bearbeitung zuschnitt \" class=\"wp-image-83644\" srcset=\"https:\/\/www.leeb-balkone.com\/app\/uploads\/2022\/05\/glas-bearbeitung-zuschnitt--scaled.jpg 2048w, https:\/\/www.leeb-balkone.com\/app\/uploads\/2022\/05\/glas-bearbeitung-zuschnitt--300x200.jpg 300w, https:\/\/www.leeb-balkone.com\/app\/uploads\/2022\/05\/glas-bearbeitung-zuschnitt--1024x683.jpg 1024w, https:\/\/www.leeb-balkone.com\/app\/uploads\/2022\/05\/glas-bearbeitung-zuschnitt--768x512.jpg 768w, https:\/\/www.leeb-balkone.com\/app\/uploads\/2022\/05\/glas-bearbeitung-zuschnitt--1536x1024.jpg 1536w\" sizes=\"auto, (max-width: 2048px) 100vw, 2048px\" \/><\/figure>\n\n\n\n<div class=\"wp-block-group m-card-content has-white-background-color has-background is-vertical is-layout-flex wp-container-core-group-is-layout-5580f018 wp-block-group-is-layout-flex\">\n<h3 class=\"wp-block-heading\"><strong>Verbundsicherheitsglas in Premium Qualit\u00e4t<\/strong><\/h3>\n\n\n\n<p>Gepr\u00fcfte Sicherheit, innovative Designs und langlebige Qualit\u00e4t nach Ma\u00df mit Leeb Glas.<\/p>\n<\/div>\n<\/div>\n\n\n\n<div class=\"wp-block-group m-card is-layout-flow wp-container-core-group-is-layout-8a368f38 wp-block-group-is-layout-flow\">\n<figure class=\"wp-block-image size-large\"><img loading=\"lazy\" decoding=\"async\" width=\"1024\" height=\"665\" src=\"https:\/\/www.leeb-balkone.com\/app\/uploads\/2020\/08\/alu-comfort-plus-1024x665.jpg\" alt=\"alu comfort plus\" class=\"wp-image-5082\" srcset=\"https:\/\/www.leeb-balkone.com\/app\/uploads\/2020\/08\/alu-comfort-plus-1024x665.jpg 1024w, https:\/\/www.leeb-balkone.com\/app\/uploads\/2020\/08\/alu-comfort-plus-300x195.jpg 300w, https:\/\/www.leeb-balkone.com\/app\/uploads\/2020\/08\/alu-comfort-plus-768x499.jpg 768w, https:\/\/www.leeb-balkone.com\/app\/uploads\/2020\/08\/alu-comfort-plus-1536x997.jpg 1536w, https:\/\/www.leeb-balkone.com\/app\/uploads\/2020\/08\/alu-comfort-plus-2048x1330.jpg 2048w\" sizes=\"auto, (max-width: 1024px) 100vw, 1024px\" \/><\/figure>\n\n\n\n<div class=\"wp-block-group m-card-content has-white-background-color has-background is-vertical is-layout-flex wp-container-core-group-is-layout-5580f018 wp-block-group-is-layout-flex\">\n<h3 class=\"wp-block-heading\">Langzeitschutz durch ALU Comfort Plus\u00ae<\/h3>\n\n\n\n<p>Patentierte Beschichtung und Verarbeitung von Aluminium auf h\u00f6chstem Niveau.<\/p>\n<\/div>\n<\/div>\n<\/div>\n\n\n\n<div class=\"wp-block-group o-grid u-md-1 is-layout-flow wp-block-group-is-layout-flow\" style=\"padding-top:var(--wp--preset--spacing--l)\">\n<div class=\"wp-block-group u-g-9 u-g-s-2 is-layout-flow wp-block-group-is-layout-flow\" style=\"margin-bottom:var(--wp--preset--spacing--s)\">\n<h3 class=\"wp-block-heading\">Vorteile im \u00dcberblick<\/h3>\n\n\n\n<p>Modernste Photovoltaik-Technologie und bew\u00e4hrte die Alu-Glas-Qualit\u00e4t von Leeb machen Ihren Solarzaun zur effiziente Energiequelle, die Sicherheit, Design und nachhaltige Stromerzeugung perfekt vereint. Profitieren Sie von langlebigen, pflegeleichten Materialien, individueller Planung und der M\u00f6glichkeit, Ihren eigenen umweltfreundlichen Strom direkt am Grundst\u00fcck zu produzieren.<\/p>\n\n\n\n<ul class=\"wp-block-list is-style-checkmark-2\">\n<li><strong>Hochwertige, robuste PV-Module<\/strong>: Die Module sind hagelschlagsicher, aus Verbund-Sicherheitsglas gefertigt und f\u00fcr Wartungsarbeiten sogar begehbar.<\/li>\n\n\n\n<li><strong>Witterungsbest\u00e4ndig<\/strong>: Dank der patentierten ALU COMFORT PLUS\u00ae Pulverbeschichtung ist der Zaun besonders langlebig und pflegeleicht.<\/li>\n\n\n\n<li><strong>Modulare Bauweise<\/strong>: Jedes Zaunelement ist als eigenst\u00e4ndiges PV-Modul konzipiert und kann flexibel in bestehende oder neue Zaunsysteme integriert werden.<\/li>\n\n\n\n<li><strong>Nachhaltige Stromerzeugung<\/strong>: Sie senken Ihre Stromkosten, machen sich unabh\u00e4ngiger von Energieversorgern und leisten einen aktiven Beitrag zum Klimaschutz.<\/li>\n\n\n\n<li><strong>Individuelle Planung und Rundum-Service<\/strong>: Von der Beratung bis zur Montage \u2013 Leeb bietet zertifizierte Qualit\u00e4t und ein dichtes Partnernetzwerk.<\/li>\n<\/ul>\n<\/div>\n<\/div>\n<\/section>\n\n\n\n<section class=\"wp-block-cover alignfull is-light katalog-cta\" style=\"margin-top:0;margin-bottom:0;padding-top:0;padding-right:0;padding-bottom:0;padding-left:0;min-height:100px;aspect-ratio:unset;\"><img loading=\"lazy\" decoding=\"async\" width=\"1920\" height=\"599\" class=\"wp-block-cover__image-background wp-image-7912 size-full\" alt=\"leeb balkone katalog anfordern\" src=\"https:\/\/www.leeb-balkone.com\/app\/uploads\/2020\/09\/leeb-balkone-katalog-anfordern-1.jpeg\" data-object-fit=\"cover\" srcset=\"https:\/\/www.leeb-balkone.com\/app\/uploads\/2020\/09\/leeb-balkone-katalog-anfordern-1-300x94.jpeg 300w, https:\/\/www.leeb-balkone.com\/app\/uploads\/2020\/09\/leeb-balkone-katalog-anfordern-1-1024x319.jpeg 1024w, https:\/\/www.leeb-balkone.com\/app\/uploads\/2020\/09\/leeb-balkone-katalog-anfordern-1-768x240.jpeg 768w, https:\/\/www.leeb-balkone.com\/app\/uploads\/2020\/09\/leeb-balkone-katalog-anfordern-1-1536x479.jpeg 1536w\" sizes=\"auto, (max-width: 1920px) 100vw, 1920px\" \/><span aria-hidden=\"true\" class=\"wp-block-cover__background has-primary-45-background-color has-background-dim-80 has-background-dim\"><\/span><div class=\"wp-block-cover__inner-container has-global-padding is-layout-constrained wp-container-core-cover-is-layout-fc5783d2 wp-block-cover-is-layout-constrained\">\n<div class=\"wp-block-group is-layout-flow wp-block-group-is-layout-flow\" style=\"min-height:0px;margin-top:0;margin-bottom:0;padding-top:var(--wp--preset--spacing--2-xl);padding-bottom:var(--wp--preset--spacing--2-xl);padding-left:0\">\n<div class=\"wp-block-columns are-vertically-aligned-center is-layout-flex wp-container-core-columns-is-layout-0a4bbf16 wp-block-columns-is-layout-flex\" style=\"margin-top:0;margin-bottom:0\">\n<div class=\"wp-block-column is-vertically-aligned-center is-layout-flow wp-block-column-is-layout-flow\" style=\"flex-basis:66.66%\">\n<h2 class=\"wp-block-heading\">Solarzaun im Katalog<\/h2>\n\n\n\n<p class=\"is-style-teaser\"><span class=\"teaser\">Erfahren Sie mehr \u00fcber unsere Solar-Systeme, Materialien und technischen Details. Unsere umfassende Produktbrosch\u00fcre bietet Ihnen alle Informationen auf einen Blick.<\/span><\/p>\n<\/div>\n\n\n\n<div class=\"wp-block-column is-vertically-aligned-center is-layout-flow wp-block-column-is-layout-flow\" style=\"flex-basis:33.33%\">\n<div class=\"wp-block-buttons u-m-jc-left is-content-justification-right is-layout-flex wp-container-core-buttons-is-layout-c060c6c7 wp-block-buttons-is-layout-flex\">\n<div class=\"wp-block-button is-style-filled-white large\"><a class=\"wp-block-button__link wp-element-button\" href=\"https:\/\/www.leeb-balkone.com\/ch\/kontakt\/katalog-anfordern\/\" style=\"box-shadow:var(--wp--preset--shadow--button-shadow)\">Jetzt Katalog bestellen<\/a><\/div>\n<\/div>\n<\/div>\n<\/div>\n<\/div>\n<\/div><\/section>\n\n\n\n<section class=\"wp-block-group alignfull has-white-background-color has-background has-global-padding is-layout-constrained wp-container-core-group-is-layout-52f96efc wp-block-group-is-layout-constrained\">\n<div class=\"wp-block-group o-grid u-md-1 is-layout-flow wp-block-group-is-layout-flow\" style=\"padding-top:0\">\n<div class=\"wp-block-group u-g-9 u-g-s-2 is-layout-flow wp-block-group-is-layout-flow\" style=\"margin-bottom:var(--wp--preset--spacing--s)\">\n<h2 class=\"wp-block-heading\">Warum Solarzaun von Leeb?<\/h2>\n\n\n\n<p class=\"is-style-teaser\"><span class=\"teaser\">Jede Zaunfl\u00e4che wird&nbsp;zur nachhaltigen Energiequelle, w\u00e4hrend&nbsp;ein elegantes, zeitgem\u00e4\u00dfes Design&nbsp;und zuverl\u00e4ssiger Sicht- und&nbsp;Windschutz erhalten&nbsp;bleiben.<\/span><\/p>\n<\/div>\n<\/div>\n\n\n\n<div class=\"wp-block-group is-layout-flow wp-container-core-group-is-layout-d5075d26 wp-block-group-is-layout-flow\">\n<div class=\"wp-block-columns is-style-shadow m-split is-layout-flex wp-container-core-columns-is-layout-28f84493 wp-block-columns-is-layout-flex\">\n<div class=\"wp-block-column is-style-default is-layout-flow wp-block-column-is-layout-flow\">\n<figure class=\"wp-block-image size-large\"><img loading=\"lazy\" decoding=\"async\" width=\"1024\" height=\"658\" src=\"https:\/\/www.leeb-balkone.com\/app\/uploads\/2022\/06\/Zaun-Solar-03-Optimus-1024x658.jpg\" alt=\"Zaun Solar 03 Optimus\" class=\"wp-image-139431\" style=\"aspect-ratio:4\/3;object-fit:cover\" srcset=\"https:\/\/www.leeb-balkone.com\/app\/uploads\/2022\/06\/Zaun-Solar-03-Optimus-1024x658.jpg 1024w, https:\/\/www.leeb-balkone.com\/app\/uploads\/2022\/06\/Zaun-Solar-03-Optimus-300x193.jpg 300w, https:\/\/www.leeb-balkone.com\/app\/uploads\/2022\/06\/Zaun-Solar-03-Optimus-768x494.jpg 768w, https:\/\/www.leeb-balkone.com\/app\/uploads\/2022\/06\/Zaun-Solar-03-Optimus-1536x987.jpg 1536w, https:\/\/www.leeb-balkone.com\/app\/uploads\/2022\/06\/Zaun-Solar-03-Optimus-2048x1317.jpg 2048w\" sizes=\"auto, (max-width: 1024px) 100vw, 1024px\" \/><\/figure>\n<\/div>\n\n\n\n<div class=\"wp-block-column is-vertically-aligned-center is-style-overlay-content is-layout-flow wp-block-column-is-layout-flow\">\n<div class=\"wp-block-group is-vertical is-layout-flex wp-container-core-group-is-layout-6aed0e10 wp-block-group-is-layout-flex\">\n<h3 class=\"wp-block-heading\">Robust, haltbar und effizient<\/h3>\n\n\n\n<p>Beim&nbsp;Leeb Solarzaun&nbsp;kommt eine hochwertige Aluminiumkonstruktion zum Einsatz, die mit der unserer patentierten&nbsp;Pulverbeschichtung&nbsp;versehen ist. Durch die innenliegende Verkabelung bleibt die Technik gesch\u00fctzt und das Design klar und langlebig. Die PV-Module bestehen aus&nbsp;Verbund-Sicherheitsglas (VSG), sie sind&nbsp;hagelsicher und besonders witterungsbest\u00e4ndig. Insgesamt sorgt diese Materialwahl daf\u00fcr, dass der Leeb Solarzaun auch nach einiger Zeit noch funktional und optisch ansprechend bleibt \u2013 mit minimalem Wartungsaufwand.<\/p>\n\n\n<\/div>\n<\/div>\n<\/div>\n\n\n\n<div class=\"wp-block-columns is-style-shadow m-split m-split-reverse is-layout-flex wp-container-core-columns-is-layout-28f84493 wp-block-columns-is-layout-flex\">\n<div class=\"wp-block-column is-style-default is-layout-flow wp-block-column-is-layout-flow\">\n<figure class=\"wp-block-image size-large\"><img loading=\"lazy\" decoding=\"async\" width=\"1024\" height=\"872\" src=\"https:\/\/www.leeb-balkone.com\/app\/uploads\/2024\/06\/Optimus-mit-Button-1024x872.jpg\" alt=\"Optimus mit Button\" class=\"wp-image-139046\" style=\"aspect-ratio:4\/3;object-fit:cover\" srcset=\"https:\/\/www.leeb-balkone.com\/app\/uploads\/2024\/06\/Optimus-mit-Button-1024x872.jpg 1024w, https:\/\/www.leeb-balkone.com\/app\/uploads\/2024\/06\/Optimus-mit-Button-300x255.jpg 300w, https:\/\/www.leeb-balkone.com\/app\/uploads\/2024\/06\/Optimus-mit-Button-768x654.jpg 768w, https:\/\/www.leeb-balkone.com\/app\/uploads\/2024\/06\/Optimus-mit-Button-1536x1308.jpg 1536w, https:\/\/www.leeb-balkone.com\/app\/uploads\/2024\/06\/Optimus-mit-Button-2048x1744.jpg 2048w\" sizes=\"auto, (max-width: 1024px) 100vw, 1024px\" \/><\/figure>\n<\/div>\n\n\n\n<div class=\"wp-block-column is-vertically-aligned-center is-style-overlay-content is-layout-flow wp-block-column-is-layout-flow\">\n<div class=\"wp-block-group is-vertical is-layout-flex wp-container-core-group-is-layout-6aed0e10 wp-block-group-is-layout-flex\">\n<h3 class=\"wp-block-heading\">Leeb PV-Modul Optimus<\/h3>\n\n\n\n<p>Dieses optimierte PV-Modul ist das Ergebnis einer intensiven Zusammenarbeit mit unserem Lieferanten und speziell f\u00fcr unsere Anforderungen entwickelt worden. Wenn Teile eines PV-Moduls verschattet werden, f\u00fchrt dies zu einer Senkung der Leistung des gesamten Moduls bzw. Strings. Mittels integrierter Optimierer in den PV-Modulen kann diesen Leistungsverlusten entgegengewirkt werden. <\/p>\n\n\n\n<p class=\"has-step-s-font-size\">Das Leeb PV-Modul Optimus ist bei unseren Solarbalkonen und Solarz\u00e4unen bis zu einer gewissen H\u00f6he erh\u00e4ltlich. F\u00fcr \u00dcberdachungen, Carports und h\u00f6here Solarz\u00e4une verwenden wir das Leeb PV-Modul 300.<\/p>\n\n\n\n<div class=\"wp-block-buttons is-layout-flex wp-block-buttons-is-layout-flex\" style=\"margin-top:var(--wp--preset--spacing--2-xs)\">\n<div class=\"wp-block-button is-style-outline-secondary\"><a class=\"wp-block-button__link has-transparent-background-color has-background wp-element-button\" href=\"#\">Solarprodukte<\/a><\/div>\n<\/div>\n<\/div>\n<\/div>\n<\/div>\n\n\n<\/div>\n<\/section>\n\n\n\n<section class=\"wp-block-group alignfull has-light-gray-background-color has-background has-global-padding is-layout-constrained wp-container-core-group-is-layout-52f96efc wp-block-group-is-layout-constrained\">\n<div class=\"wp-block-group o-grid u-md-1 is-layout-flow wp-block-group-is-layout-flow\" style=\"padding-top:0\">\n<div class=\"wp-block-group u-g-9 u-g-s-2 is-layout-flow wp-block-group-is-layout-flow\" style=\"margin-bottom:var(--wp--preset--spacing--s)\">\n<h2 class=\"wp-block-heading\">H\u00e4ufig gestellte Fragen<\/h2>\n\n\n\n<p class=\"is-style-teaser\" style=\"padding-bottom:var(--wp--preset--spacing--m)\">Sie haben allgemeine Fragen rund um unsere Z\u00e4une mit integrierten PV Modulen? In unseren FAQ finden Sie kompakte Antworten zu h\u00e4ufigen Themen rund um den Solarzaun.<\/p>\n\n\n\n<div class=\"wp-block-t3-acc-accordion is-style-default\"><button id=\"accordion-40da18ce-27d3-4f58-9839-7f22368ff6ab-button\" class=\"accordion__button\" aria-expanded=\"false\" aria-controls=\"accordion-40da18ce-27d3-4f58-9839-7f22368ff6ab-panel\"><h3 data-accordion-title=\"true\" style=\"font-size:var(--step-1)\">Wieso sind Leeb Solarz\u00e4une so langlebig?<\/h3><\/button><div id=\"accordion-40da18ce-27d3-4f58-9839-7f22368ff6ab-panel\" class=\"accordion__panel\" role=\"region\" aria-labelledby=\"accordion-40da18ce-27d3-4f58-9839-7f22368ff6ab-button\">\n<p>Die Materialauswahl ist ein entscheidender Faktor f\u00fcr die Langlebigkeit eines Solarzauns. Allgemein gilt: Je hochwertiger und witterungsbest\u00e4ndiger die eingesetzten Materialien, desto robuster und dauerhafter bleibt die gesamte Zaunanlage. Besonders bew\u00e4hrt haben sich Glas-Glas-Module f\u00fcr die Solarpaneele, da sie im Gegensatz zu Glas-Folie-Varianten beidseitig vor Umwelteinfl\u00fcssen gesch\u00fctzt sind und so eine deutlich l\u00e4ngere Lebensdauer erreichen. F\u00fcr die tragenden Elemente wie Pfosten und Rahmen werden meist feuerverzinkter, pulverbeschichteter Stahl oder Edelstahl verwendet, was Korrosionsschutz und Stabilit\u00e4t auch bei langj\u00e4hriger Nutzung gew\u00e4hrleistet.<\/p>\n\n\n\n<p>Beim Leeb Solarzaun kommt eine hochwertige Aluminiumkonstruktion zum Einsatz, die mit der patentierten ALU COMFORT PLUS\u00ae Pulverbeschichtung versehen ist. Aluminium ist von Natur aus korrosionsbest\u00e4ndig, leicht und dennoch stabil \u2013 Eigenschaften, die gerade im Au\u00dfenbereich essenziell sind. Die spezielle Pulverbeschichtung sch\u00fctzt zus\u00e4tzlich vor UV-Strahlung, Feuchtigkeit und Temperaturschwankungen, wodurch das Material weder ausbleicht noch rostet oder sich verzieht. Die vollintegrierten, bifazialen Glas-Glas-PV-Module sind hagelsicher, witterungsbest\u00e4ndig und f\u00fcr Wartungsarbeiten begehbar. Durch die innenliegende Verkabelung bleibt die Technik gesch\u00fctzt und das Design klar und langlebig.<\/p>\n<\/div><\/div>\n\n\n\n<div class=\"wp-block-t3-acc-accordion is-style-default\"><button id=\"accordion-7a70ec89-1e5e-4fff-a866-5af33e8f666a-button\" class=\"accordion__button\" aria-expanded=\"false\" aria-controls=\"accordion-7a70ec89-1e5e-4fff-a866-5af33e8f666a-panel\"><h3 data-accordion-title=\"true\" style=\"font-size:var(--step-1)\">Welche Vorteile bietet die Integration eines Solarzauns f\u00fcr die Energiebilanz?<\/h3><\/button><div id=\"accordion-7a70ec89-1e5e-4fff-a866-5af33e8f666a-panel\" class=\"accordion__panel\" role=\"region\" aria-labelledby=\"accordion-7a70ec89-1e5e-4fff-a866-5af33e8f666a-button\">\n<p>Die Integration eines Solarzauns bietet f\u00fcr die Energiebilanz eines Haushalts oder Betriebs mehrere entscheidende Vorteile. Allgemein erm\u00f6glicht ein Solarzaun die Nutzung von Fl\u00e4chen, die sonst lediglich der Grundst\u00fccksbegrenzung dienen w\u00fcrden, zur aktiven Stromerzeugung. Gerade in dicht bebauten Gebieten oder bei ungeeigneten Dachfl\u00e4chen ist das ein gro\u00dfer Pluspunkt, denn so wird zus\u00e4tzlicher Raum f\u00fcr Photovoltaik erschlossen, ohne dass weitere Fl\u00e4chen versiegelt werden m\u00fcssen. Ein Solarzaun mit bifazialen Modulen kann Sonnenlicht von beiden Seiten aufnehmen und liefert so besonders in den Morgen- und Abendstunden, aber auch im Winter bei tiefem Sonnenstand, einen stabilen Stromertrag. Dadurch wird die Eigenstromproduktion gleichm\u00e4\u00dfiger \u00fcber den Tag verteilt und kann den Eigenverbrauchsanteil erh\u00f6hen, was sich positiv auf die Energiebilanz auswirkt.<\/p>\n\n\n\n<p>Beim Leeb Solarzaun profitieren Sie zus\u00e4tzlich von der Kombination aus innovativer Solartechnologie und hochwertiger Zaunarchitektur. Die vollintegrierten, bifazialen PV-Module sind robust, witterungsbest\u00e4ndig und liefern pro Element bis zu 300 Watt Leistung. Dank der vertikalen und beidseitigen Ausrichtung wird auch bei diffusem Licht und niedrigem Sonnenstand zuverl\u00e4ssig Strom erzeugt \u2013 ein Vorteil, den klassische Dachanlagen so nicht bieten. Die gleichm\u00e4\u00dfige Stromproduktion \u00fcber den Tag hinweg kann Lastspitzen im Haushalt abfedern und die Nutzung des selbst erzeugten Stroms optimieren. Das senkt nicht nur die Stromkosten, sondern steigert auch die Unabh\u00e4ngigkeit vom \u00f6ffentlichen Netz. Dar\u00fcber hinaus ersetzt der Solarzaun klassische Zaunfelder und bietet Sicht-, Wind- und L\u00e4rmschutz, ohne zus\u00e4tzliche Fl\u00e4chen zu beanspruchen. Die langlebige Konstruktion mit patentierter Pulverbeschichtung sorgt f\u00fcr eine dauerhaft hohe Energieausbeute bei minimalem Wartungsaufwand.<\/p>\n<\/div><\/div>\n\n\n\n<div class=\"wp-block-t3-acc-accordion is-style-default\"><button id=\"accordion-5ec71284-0262-4b6a-be43-60f92229e3e5-button\" class=\"accordion__button\" aria-expanded=\"false\" aria-controls=\"accordion-5ec71284-0262-4b6a-be43-60f92229e3e5-panel\"><h3 data-accordion-title=\"true\" style=\"font-size:var(--step-1)\"><strong><strong><strong><strong>Wie tr\u00e4gt der Leeb Solarzaun zur nachhaltigen Geb\u00e4udegestaltung bei<\/strong><\/strong><\/strong><\/strong>?<\/h3><\/button><div id=\"accordion-5ec71284-0262-4b6a-be43-60f92229e3e5-panel\" class=\"accordion__panel\" role=\"region\" aria-labelledby=\"accordion-5ec71284-0262-4b6a-be43-60f92229e3e5-button\">\n<p>Der Leeb Solarzaun ist mehr als nur eine moderne Grundst\u00fccksbegrenzung \u2013 er ist ein aktives Element nachhaltiger Architektur und tr\u00e4gt auf mehreren Ebenen zur \u00f6kologischen und \u00f6konomischen Optimierung von Geb\u00e4uden bei.<\/p>\n\n\n\n<p><strong>Wertsteigerung und Klimaschutz<\/strong>: Mit einem Solarzaun von Leeb wird das Geb\u00e4ude energetisch aufgewertet, was sich positiv auf den Immobilienwert auswirkt. Gleichzeitig wird durch die eigene Stromproduktion aktiv CO\u2082 eingespart und ein Beitrag zur Energiewende geleistet.<\/p>\n\n\n\n<p><strong>Doppelte Fl\u00e4chennutzung f\u00fcr Energie und Schutz<\/strong>: Durch die Integration von Photovoltaikmodulen in die Zaunkonstruktion wird eine Fl\u00e4che genutzt, die sonst ausschlie\u00dflich dem Grundst\u00fccksschutz dienen w\u00fcrde. So entsteht zus\u00e4tzlicher Raum f\u00fcr die Stromerzeugung, ohne dass weitere Fl\u00e4chen versiegelt werden m\u00fcssen. Gerade bei Geb\u00e4uden mit wenig Dachfl\u00e4che oder ung\u00fcnstiger Dachausrichtung ist dies ein gro\u00dfer Vorteil f\u00fcr nachhaltige Planung.<\/p>\n\n\n\n<p><strong>Erh\u00f6hung des Eigenstromanteils<\/strong>: Der Solarzaun produziert erneuerbaren Strom direkt am Geb\u00e4ude, was den Eigenverbrauchsanteil steigert und die Abh\u00e4ngigkeit vom \u00f6ffentlichen Stromnetz reduziert. Besonders bifaziale Module, wie sie bei Leeb eingesetzt werden, liefern auch bei diffusem Licht und niedrigem Sonnenstand zuverl\u00e4ssig Energie \u2013 das sorgt f\u00fcr eine gleichm\u00e4\u00dfigere Stromproduktion \u00fcber den Tag und das ganze Jahr hinweg.<\/p>\n\n\n\n<p><strong>Ressourcenschonende Bauweise und Langlebigkeit<\/strong>: Die verwendeten Materialien \u2013 robustes, pulverbeschichtetes Aluminium und Glas-Glas-PV-Module \u2013 sind besonders langlebig, korrosionsbest\u00e4ndig und wartungsarm. Das verl\u00e4ngert die Lebensdauer des Zauns und reduziert den Ressourcenverbrauch f\u00fcr Reparatur oder Austausch. Die patentierte ALU COMFORT PLUS\u00ae Pulverbeschichtung sch\u00fctzt dauerhaft vor Witterungseinfl\u00fcssen.<\/p>\n\n\n\n<p><strong>\u00c4sthetische und funktionale Integration<\/strong>: Durch das klare, moderne Design und die innenliegende Verkabelung f\u00fcgt sich der Solarzaun harmonisch in jedes architektonische Konzept ein. Er bietet Sicht- und Windschutz sowie Sicherheit, ohne die Optik des Geb\u00e4udes zu beeintr\u00e4chtigen. Damit unterst\u00fctzt er nachhaltige Gestaltung nicht nur technisch, sondern auch gestalterisch.<\/p>\n<\/div><\/div>\n\n\n\n<div class=\"wp-block-t3-acc-accordion is-style-default\"><button id=\"accordion-fd04c868-eec9-42b9-9cc8-e19a02b2a910-button\" class=\"accordion__button\" aria-expanded=\"false\" aria-controls=\"accordion-fd04c868-eec9-42b9-9cc8-e19a02b2a910-panel\"><h3 data-accordion-title=\"true\" style=\"font-size:var(--step-1)\"><strong><strong><strong><strong><strong><strong>Inwiefern tr\u00e4gt die modulare Bauweise des Solarzauns zur Ressourcenschonung bei<\/strong><\/strong><\/strong><\/strong><\/strong><\/strong>?<\/h3><\/button><div id=\"accordion-fd04c868-eec9-42b9-9cc8-e19a02b2a910-panel\" class=\"accordion__panel\" role=\"region\" aria-labelledby=\"accordion-fd04c868-eec9-42b9-9cc8-e19a02b2a910-button\">\n<p>Die modulare Bauweise eines Solarzauns tr\u00e4gt wesentlich zur Ressourcenschonung bei, weil sie eine flexible, bedarfsgerechte und nachhaltige Nutzung von Materialien und Fl\u00e4chen erm\u00f6glicht. Allgemein erlaubt ein modular aufgebauter Solarzaun, dass einzelne Zaunelemente je nach Energiebedarf, Grundst\u00fccksgr\u00f6\u00dfe oder baulichen Gegebenheiten erg\u00e4nzt oder ausgetauscht werden k\u00f6nnen, ohne das gesamte System neu errichten zu m\u00fcssen. Dadurch werden nur so viele Module installiert, wie tats\u00e4chlich ben\u00f6tigt werden, was Materialeinsatz und Investitionskosten reduziert. Auch bei einer sp\u00e4teren Erweiterung oder Anpassung \u2013 etwa bei steigendem Energiebedarf \u2013 k\u00f6nnen zus\u00e4tzliche Module einfach integriert werden, ohne dass bestehende Strukturen ersetzt werden m\u00fcssen. Das verl\u00e4ngert die Nutzungsdauer des Gesamtsystems und verhindert Ressourcenverschwendung.<\/p>\n\n\n\n<p>Beim Leeb Solarzaun kommt diese modulare Philosophie besonders zum Tragen: Jedes Zaunelement ist als eigenst\u00e4ndiges PV-Modul konzipiert und kann flexibel in bestehende oder neue Zaunsysteme integriert werden. Die langlebigen, witterungsbest\u00e4ndigen Materialien wie pulverbeschichtetes Aluminium und bifaziale Glas-Glas-Module sorgen daf\u00fcr, dass einzelne Elemente bei Bedarf ausgetauscht oder erweitert werden k\u00f6nnen, ohne dass der gesamte Zaun erneuert werden muss. Das schont nicht nur Rohstoffe, sondern reduziert auch den Energie- und Materialaufwand bei Wartung, Reparatur oder Modernisierung. Dar\u00fcber hinaus werden bei der Fertigung der Leeb Solarz\u00e4une nachhaltige und recycelbare Materialien eingesetzt, was die Kreislaufwirtschaft f\u00f6rdert und den \u00f6kologischen Fu\u00dfabdruck weiter senkt.<\/p>\n<\/div><\/div>\n\n\n\n<div class=\"wp-block-t3-acc-accordion is-style-default\"><button id=\"accordion-cb0a8508-57c4-4e94-8d2b-15bd11914686-button\" class=\"accordion__button\" aria-expanded=\"false\" aria-controls=\"accordion-cb0a8508-57c4-4e94-8d2b-15bd11914686-panel\"><h3 data-accordion-title=\"true\" style=\"font-size:var(--step-1)\">Welche Wartungsintervalle sind f\u00fcr den Leeb Solarzaun vorgesehen?<\/h3><\/button><div id=\"accordion-cb0a8508-57c4-4e94-8d2b-15bd11914686-panel\" class=\"accordion__panel\" role=\"region\" aria-labelledby=\"accordion-cb0a8508-57c4-4e94-8d2b-15bd11914686-button\">\n<p>F\u00fcr den&nbsp;<strong>Leeb Solarzaun<\/strong>&nbsp;gelten grunds\u00e4tzlich die Wartungsintervalle und Empfehlungen, die auch f\u00fcr andere Photovoltaikanlagen \u00fcblich sind. Photovoltaiksysteme sind insgesamt sehr wartungsarm, doch regelm\u00e4\u00dfige Kontrollen sind wichtig, um eine dauerhaft hohe Leistung und die Einhaltung von Garantiebedingungen sicherzustellen.<\/p>\n\n\n\n<ul class=\"wp-block-list\">\n<li>Die PV-Module des Leeb Solarzauns sind besonders robust, hagelsicher und f\u00fcr Wartungsarbeiten sogar begehbar konstruiert. Das erleichtert Inspektion und Reinigung.<\/li>\n\n\n\n<li>Die innenliegende Verkabelung ist optimal gesch\u00fctzt, was den Wartungsaufwand weiter reduziert.<\/li>\n\n\n\n<li>Leeb empfiehlt, die Wartung und Kontrolle im Rahmen des Rundum-Services durch zertifizierte Partner durchf\u00fchren zu lassen, um die hohe Qualit\u00e4t und die Garantieanspr\u00fcche zu sichern.<\/li>\n\n\n\n<li>Durch die hochwertige ALU COMFORT PLUS\u00ae Pulverbeschichtung und die stabile Glas-Glas-Bauweise sind die Module und die Konstruktion besonders langlebig und ben\u00f6tigen nur minimale Pflege.<\/li>\n<\/ul>\n\n\n\n<p>Fazit: Ein Leeb Solarzaun sollte mindestens einmal j\u00e4hrlich visuell kontrolliert und alle zwei bis vier Jahre von einem Fachbetrieb umfassend gewartet werden. Die robuste Bauweise und die hochwertigen Materialien sorgen daf\u00fcr, dass der Wartungsaufwand im Vergleich zu vielen anderen PV-Anlagen besonders gering ist.<\/p>\n<\/div><\/div>\n<\/div>\n<\/div>\n<\/section>\n\n\n\n<section class=\"wp-block-group alignfull has-white-background-color has-background has-global-padding is-layout-constrained wp-container-core-group-is-layout-52f96efc wp-block-group-is-layout-constrained\">\n<div class=\"wp-block-group o-grid u-md-1 is-layout-flow wp-block-group-is-layout-flow\" style=\"padding-top:0\">\n<div class=\"wp-block-group u-g-9 u-g-s-2 is-layout-flow wp-block-group-is-layout-flow\">\n<h2 class=\"wp-block-heading\">Solarzaun Impressionen<\/h2>\n\n\n\n<p><span class=\"teaser\"><span class=\"teaser\">Lassen Sie sich von den Gestaltungsm\u00f6glichkeiten unserer Carports inspirieren.<\/span><\/span><\/p>\n<\/div>\n<\/div>\n\n\n    <div id=\"t3-lg-block-1\" class=\"wp-block-t3-lightgallery\" data-initial-count=\"9\">\n      <div class=\"lg-container u-grid-temp has-3-cols\">\n                  <div class=\"lg-item\" data-src=\"https:\/\/www.leeb-balkone.com\/app\/uploads\/2022\/06\/Zaun-Solar-01-scaled.jpg\"\n              data-sub-html=\"&lt;p&gt;Solar Zaun mit PV-Modulen - Zaun Solaranlage mit Leeb&lt;\/p&gt;\">\n            <div class=\"img-wrapper\">\n                <figure>\n                    <img loading=\"lazy\" decoding=\"async\" width=\"300\" height=\"224\" src=\"https:\/\/www.leeb-balkone.com\/app\/uploads\/2022\/06\/Zaun-Solar-01-300x224.jpg\" class=\"attachment-medium size-medium\" alt=\"Solar Zaun mit PV-Modulen - Zaun Solaranlage mit Leeb\" srcset=\"https:\/\/www.leeb-balkone.com\/app\/uploads\/2022\/06\/Zaun-Solar-01-300x224.jpg 300w, https:\/\/www.leeb-balkone.com\/app\/uploads\/2022\/06\/Zaun-Solar-01-1024x765.jpg 1024w, https:\/\/www.leeb-balkone.com\/app\/uploads\/2022\/06\/Zaun-Solar-01-768x574.jpg 768w, https:\/\/www.leeb-balkone.com\/app\/uploads\/2022\/06\/Zaun-Solar-01-1536x1147.jpg 1536w, https:\/\/www.leeb-balkone.com\/app\/uploads\/2022\/06\/Zaun-Solar-01-2048x1529.jpg 2048w\" sizes=\"auto, (min-width: 1200px) 260px, (min-width: 1024px) 220px, (min-width: 640px) 465px, 768px\" \/>    \n                <\/figure>\n                        <\/div>\n            <p>Solar Zaun mit PV-Modulen &#8211; Zaun Solaranlage mit Leeb<\/p>        <\/div>\n                  <div class=\"lg-item\" data-src=\"https:\/\/www.leeb-balkone.com\/app\/uploads\/2022\/06\/Zaun-Solar-06-Optimus-scaled.jpg\"\n              data-sub-html=\"&lt;p&gt;Solarzaun mit optimierten Solarpaneelen&lt;\/p&gt;\">\n            <div class=\"img-wrapper\">\n                <figure>\n                    <img loading=\"lazy\" decoding=\"async\" width=\"300\" height=\"191\" src=\"https:\/\/www.leeb-balkone.com\/app\/uploads\/2022\/06\/Zaun-Solar-06-Optimus-300x191.jpg\" class=\"attachment-medium size-medium\" alt=\"Zaun Solar 06 Optimus\" srcset=\"https:\/\/www.leeb-balkone.com\/app\/uploads\/2022\/06\/Zaun-Solar-06-Optimus-300x191.jpg 300w, https:\/\/www.leeb-balkone.com\/app\/uploads\/2022\/06\/Zaun-Solar-06-Optimus-1024x651.jpg 1024w, https:\/\/www.leeb-balkone.com\/app\/uploads\/2022\/06\/Zaun-Solar-06-Optimus-768x488.jpg 768w, https:\/\/www.leeb-balkone.com\/app\/uploads\/2022\/06\/Zaun-Solar-06-Optimus-1536x976.jpg 1536w, https:\/\/www.leeb-balkone.com\/app\/uploads\/2022\/06\/Zaun-Solar-06-Optimus-2048x1301.jpg 2048w\" sizes=\"auto, (min-width: 1200px) 260px, (min-width: 1024px) 220px, (min-width: 640px) 465px, 768px\" \/>    \n                <\/figure>\n                        <\/div>\n            <p>Solarzaun mit optimierten Solarpaneelen<\/p>        <\/div>\n                  <div class=\"lg-item\" data-src=\"https:\/\/www.leeb-balkone.com\/app\/uploads\/2022\/06\/Zaun-Solar-03-Optimus-scaled.jpg\"\n              data-sub-html=\"&lt;p&gt;Solarzaun Optimus&lt;\/p&gt;\">\n            <div class=\"img-wrapper\">\n                <figure>\n                    <img loading=\"lazy\" decoding=\"async\" width=\"300\" height=\"193\" src=\"https:\/\/www.leeb-balkone.com\/app\/uploads\/2022\/06\/Zaun-Solar-03-Optimus-300x193.jpg\" class=\"attachment-medium size-medium\" alt=\"Zaun Solar 03 Optimus\" srcset=\"https:\/\/www.leeb-balkone.com\/app\/uploads\/2022\/06\/Zaun-Solar-03-Optimus-300x193.jpg 300w, https:\/\/www.leeb-balkone.com\/app\/uploads\/2022\/06\/Zaun-Solar-03-Optimus-1024x658.jpg 1024w, https:\/\/www.leeb-balkone.com\/app\/uploads\/2022\/06\/Zaun-Solar-03-Optimus-768x494.jpg 768w, https:\/\/www.leeb-balkone.com\/app\/uploads\/2022\/06\/Zaun-Solar-03-Optimus-1536x987.jpg 1536w, https:\/\/www.leeb-balkone.com\/app\/uploads\/2022\/06\/Zaun-Solar-03-Optimus-2048x1317.jpg 2048w\" sizes=\"auto, (min-width: 1200px) 260px, (min-width: 1024px) 220px, (min-width: 640px) 465px, 768px\" \/>    \n                <\/figure>\n                        <\/div>\n            <p>Solarzaun Optimus<\/p>        <\/div>\n                  <div class=\"lg-item\" data-src=\"https:\/\/www.leeb-balkone.com\/app\/uploads\/2022\/06\/Zaun-Solar-02-scaled.jpg\"\n              data-sub-html=\"&lt;p&gt;Glaszaun mit integrierten Solarpaneelen&lt;\/p&gt;\">\n            <div class=\"img-wrapper\">\n                <figure>\n                    <img loading=\"lazy\" decoding=\"async\" width=\"300\" height=\"224\" src=\"https:\/\/www.leeb-balkone.com\/app\/uploads\/2022\/06\/Zaun-Solar-02-300x224.jpg\" class=\"attachment-medium size-medium\" alt=\"Zaun Solar\" srcset=\"https:\/\/www.leeb-balkone.com\/app\/uploads\/2022\/06\/Zaun-Solar-02-300x224.jpg 300w, https:\/\/www.leeb-balkone.com\/app\/uploads\/2022\/06\/Zaun-Solar-02-1024x765.jpg 1024w, https:\/\/www.leeb-balkone.com\/app\/uploads\/2022\/06\/Zaun-Solar-02-768x574.jpg 768w, https:\/\/www.leeb-balkone.com\/app\/uploads\/2022\/06\/Zaun-Solar-02-1536x1147.jpg 1536w, https:\/\/www.leeb-balkone.com\/app\/uploads\/2022\/06\/Zaun-Solar-02-2048x1529.jpg 2048w\" sizes=\"auto, (min-width: 1200px) 260px, (min-width: 1024px) 220px, (min-width: 640px) 465px, 768px\" \/>    \n                <\/figure>\n                        <\/div>\n            <p>Glaszaun mit integrierten Solarpaneelen<\/p>        <\/div>\n                <\/div>\n\n          <\/div>\n    <\/section>\n\n\n\n<section class=\"wp-block-group alignfull has-white-background-color has-background has-global-padding is-layout-constrained wp-container-core-group-is-layout-9fa1424c wp-block-group-is-layout-constrained\" style=\"padding-top:0\">\n<div class=\"wp-block-columns is-style-offset m-split is-layout-flex wp-container-core-columns-is-layout-28f84493 wp-block-columns-is-layout-flex\">\n<div class=\"wp-block-column is-layout-flow wp-block-column-is-layout-flow\"><div class=\"vp-map-wrapper vp-map-ratio-19-1\"><img decoding=\"async\" width=\"2000\" height=\"1157\" src=\"https:\/\/www.leeb-balkone.com\/app\/uploads\/2026\/03\/map-ch.jpg\" class=\"attachment-full size-full\" alt=\"Schweizer Map: Vertriebspartner (orange Pins) und Schaur\u00e4ume \/ Standorte (gr\u00fcne Pins) der Leeb Balkone GmbH in der Schweiz\" style=\"width:100%;height:100%;object-fit:cover;display:block;\" loading=\"lazy\" srcset=\"https:\/\/www.leeb-balkone.com\/app\/uploads\/2026\/03\/map-ch.jpg 2000w, https:\/\/www.leeb-balkone.com\/app\/uploads\/2026\/03\/map-ch-300x174.jpg 300w, https:\/\/www.leeb-balkone.com\/app\/uploads\/2026\/03\/map-ch-1024x592.jpg 1024w, https:\/\/www.leeb-balkone.com\/app\/uploads\/2026\/03\/map-ch-768x444.jpg 768w, https:\/\/www.leeb-balkone.com\/app\/uploads\/2026\/03\/map-ch-1536x889.jpg 1536w\" sizes=\"auto, (min-width: 1536px) 2048px, (min-width: 992px) 1536px, (min-width: 768px) 1024px, (min-width: 576px) 768px, 100vw\" \/><\/div>\n<\/div>\n\n\n\n<div class=\"wp-block-column is-vertically-aligned-center is-style-overlay-content is-layout-flow wp-block-column-is-layout-flow\">\n<div class=\"wp-block-group is-vertical is-layout-flex wp-container-core-group-is-layout-bd7877ba wp-block-group-is-layout-flex\">\n<h2 class=\"wp-block-heading has-step-2-font-size\">Vertriebspartner Schweiz<\/h2>\n\n\n\n<p>Kompetente LEEB Partner in Ihrer Region. Pers\u00f6nliche Beratung, pr\u00e4zise Planung und fachgerechte Montage \u2013 Westschweiz. <\/p>\n\n\n\n<div class=\"wp-block-buttons is-layout-flex wp-block-buttons-is-layout-flex\" style=\"margin-top:var(--wp--preset--spacing--2-xs)\">\n<div class=\"wp-block-button is-style-cta\"><a class=\"wp-block-button__link has-transparent-background-color has-background wp-element-button\" href=\"https:\/\/www.leeb-balkone.com\/ch\/vertriebspartner\/\">Vertriebspartner finden<span class=\"sr-only\"> Vertriebspartner Leeb Balkone Schweiz<\/span><\/a><\/div>\n<\/div>\n<\/div>\n<\/div>\n<\/div>\n<\/section>\n\n<section class=\"wp-block-group alignfull has-light-gray-background-color has-background has-global-padding is-layout-constrained wp-container-core-group-is-layout-52f96efc wp-block-group-is-layout-constrained\" id=\"beratungstermin\">\n<div class=\"wp-block-group m-teaser o-grid u-md-1 is-layout-flow wp-block-group-is-layout-flow\">\n<div class=\"wp-block-group u-g-7 u-g-s-2 is-layout-flow wp-block-group-is-layout-flow\" style=\"margin-bottom:var(--wp--preset--spacing--s)\">\n<h2 class=\"wp-block-heading\">Kontaktieren Sie uns<\/h2>\n\n\n\n<p><strong><strong>Immer ein Leeb-Partner in Ihrer N\u00e4he mit 80 Partnern in \u00d6sterreich, Deutschland, Italien, Frankreich, der Schweiz und Slowenien.<\/strong><\/strong><\/p>\n<\/div>\n<\/div>\n\n\n\n<div class=\"wp-block-group m-teaser o-grid u-md-1 is-layout-flow wp-block-group-is-layout-flow\">\n<div class=\"wp-block-group u-g-7 u-g-s-2 is-layout-flow wp-block-group-is-layout-flow\" style=\"margin-bottom:var(--wp--preset--spacing--s)\"><form action=\"https:\/\/www.leeb-balkone.com\/ch\/wp-json\/ws-form\/v1\/submit\" class=\"wsf-form wsf-form-canvas\" id=\"ws-form-1\" data-id=\"26\" data-instance-id=\"1\" method=\"POST\"><\/form>\n<\/div>\n\n\n\n<div class=\"wp-block-group u-g-3 u-g-s-9 is-layout-flow wp-block-group-is-layout-flow\"><div class=\"t3-sidebar-buttons wp-block-buttons is-layout-flex wp-block-buttons-is-layout-flex\"><div class=\"wp-block-button is-style-fill icon-book icon-left\">\n                        <a class=\"wp-block-button__link has-secondary-color has-white-background-color has-text-color has-background has-link-color wp-element-button\" href=\"https:\/\/www.leeb-balkone.com\/ch\/kontakt\/katalog-anfordern\/\" style=\"box-shadow:var(--wp--preset--shadow--box-shadow)\">Katalog anfordern<\/a>\n                    <\/div><div class=\"wp-block-button is-style-fill icon-phone-new icon-left\">\n                        <a class=\"wp-block-button__link has-secondary-color has-white-background-color has-text-color has-background has-link-color wp-element-button\" href=\"tel:+41555361653\">Telefon Schweiz <span class=\"sr-only\"> Telefon: +41 555 3616 53<\/span><\/a>\n                    <\/div><\/div>\n<\/div>\n<\/div>\n<\/section>\n","protected":false},"excerpt":{"rendered":"","protected":false},"author":4,"featured_media":0,"parent":158603,"menu_order":0,"comment_status":"closed","ping_status":"closed","template":"template-onepager.blade.php","meta":{"_acf_changed":false,"footnotes":"","_sage_theme_css":true,"_wp_block_core_css":true},"folder":[238,250,246],"class_list":["post-154687","page","type-page","status-publish","hentry"],"acf":[],"yoast_head":"<!-- This site is optimized with the Yoast SEO plugin v27.2 - https:\/\/yoast.com\/product\/yoast-seo-wordpress\/ -->\n<title>Solar Zaun \u00bb Aluzaun mit PV-Modulen - Leeb Balkone Schweiz<\/title>\n<meta name=\"description\" content=\"Machen Sie Ihren Zaun zum Kraftwerk: Der Leeb Solarzaun vereint modernen Sichtschutz mit effizienter Photovoltaik. Erzeugen Sie Ihren eigenen Strom am Grundst\u00fcck. Jetzt planen!\" \/>\n<meta name=\"robots\" content=\"index, follow, max-snippet:-1, max-image-preview:large, max-video-preview:-1\" \/>\n<meta property=\"og:locale\" content=\"de_DE\" \/>\n<meta property=\"og:type\" content=\"article\" \/>\n<meta property=\"og:title\" content=\"Solar Zaun \u00bb Aluzaun mit PV-Modulen - Leeb Balkone\" \/>\n<meta property=\"og:description\" content=\"Machen Sie Ihren Zaun zum Kraftwerk: Der Leeb Solarzaun vereint modernen Sichtschutz mit effizienter Photovoltaik. Erzeugen Sie Ihren eigenen Strom am Grundst\u00fcck. Jetzt planen!\" \/>\n<meta property=\"og:url\" content=\"https:\/\/www.leeb-balkone.com\/ch\/solar\/solar-zaun\/\" \/>\n<meta property=\"og:site_name\" content=\"Leeb Balkone\" \/>\n<meta property=\"article:publisher\" content=\"https:\/\/www.facebook.com\/balkone\/\" \/>\n<meta property=\"article:modified_time\" content=\"2026-04-15T14:58:16+00:00\" \/>\n<meta property=\"og:image\" content=\"https:\/\/www.leeb-balkone.com\/app\/uploads\/2022\/06\/Zaun-Solar-06-Optimus-scaled.jpg\" \/>\n\t<meta property=\"og:image:width\" content=\"2560\" \/>\n\t<meta property=\"og:image:height\" content=\"1627\" \/>\n\t<meta property=\"og:image:type\" content=\"image\/jpeg\" \/>\n<meta name=\"twitter:card\" content=\"summary_large_image\" \/>\n<script type=\"application\/ld+json\" class=\"yoast-schema-graph\">{\"@context\":\"https:\/\/schema.org\",\"@graph\":[{\"@type\":\"WebPage\",\"@id\":\"https:\/\/www.leeb-balkone.com\/ch\/solar\/solar-zaun\/\",\"url\":\"https:\/\/www.leeb-balkone.com\/ch\/solar\/solar-zaun\/\",\"name\":\"Solar Zaun \u00bb Aluzaun mit PV-Modulen - Leeb Balkone\",\"isPartOf\":{\"@id\":\"https:\/\/www.leeb-balkone.com\/ch\/#website\"},\"primaryImageOfPage\":{\"@id\":\"https:\/\/www.leeb-balkone.com\/ch\/solar\/solar-zaun\/#primaryimage\"},\"image\":{\"@id\":\"https:\/\/www.leeb-balkone.com\/ch\/solar\/solar-zaun\/#primaryimage\"},\"thumbnailUrl\":\"https:\/\/www.leeb-balkone.com\/app\/uploads\/2022\/06\/Zaun-Solar-06-Optimus-1024x651.jpg\",\"datePublished\":\"2025-09-13T14:39:23+00:00\",\"dateModified\":\"2026-04-15T14:58:16+00:00\",\"description\":\"Machen Sie Ihren Zaun zum Kraftwerk: Der Leeb Solarzaun vereint modernen Sichtschutz mit effizienter Photovoltaik. Erzeugen Sie Ihren eigenen Strom am Grundst\u00fcck. Jetzt planen!\",\"breadcrumb\":{\"@id\":\"https:\/\/www.leeb-balkone.com\/ch\/solar\/solar-zaun\/#breadcrumb\"},\"inLanguage\":\"de-CH\",\"potentialAction\":[{\"@type\":\"ReadAction\",\"target\":[\"https:\/\/www.leeb-balkone.com\/ch\/solar\/solar-zaun\/\"]}]},{\"@type\":\"ImageObject\",\"inLanguage\":\"de-CH\",\"@id\":\"https:\/\/www.leeb-balkone.com\/ch\/solar\/solar-zaun\/#primaryimage\",\"url\":\"https:\/\/www.leeb-balkone.com\/app\/uploads\/2022\/06\/Zaun-Solar-06-Optimus-1024x651.jpg\",\"contentUrl\":\"https:\/\/www.leeb-balkone.com\/app\/uploads\/2022\/06\/Zaun-Solar-06-Optimus-1024x651.jpg\"},{\"@type\":\"BreadcrumbList\",\"@id\":\"https:\/\/www.leeb-balkone.com\/ch\/solar\/solar-zaun\/#breadcrumb\",\"itemListElement\":[{\"@type\":\"ListItem\",\"position\":1,\"name\":\"Home\",\"item\":\"https:\/\/www.leeb-balkone.com\/ch\/\"},{\"@type\":\"ListItem\",\"position\":2,\"name\":\"Solarprodukte\",\"item\":\"https:\/\/www.leeb-balkone.com\/ch\/solar\/\"},{\"@type\":\"ListItem\",\"position\":3,\"name\":\"Solarzaun\"}]},{\"@type\":\"WebSite\",\"@id\":\"https:\/\/www.leeb-balkone.com\/ch\/#website\",\"url\":\"https:\/\/www.leeb-balkone.com\/ch\/\",\"name\":\"Leeb Balkone\",\"description\":\"Balkone und Z\u00e4une\",\"publisher\":{\"@id\":\"https:\/\/www.leeb-balkone.com\/ch\/#organization\"},\"potentialAction\":[{\"@type\":\"SearchAction\",\"target\":{\"@type\":\"EntryPoint\",\"urlTemplate\":\"https:\/\/www.leeb-balkone.com\/ch\/?s={search_term_string}\"},\"query-input\":{\"@type\":\"PropertyValueSpecification\",\"valueRequired\":true,\"valueName\":\"search_term_string\"}}],\"inLanguage\":\"de-CH\"},{\"@type\":\"Organization\",\"@id\":\"https:\/\/www.leeb-balkone.com\/ch\/#organization\",\"name\":\"Leeb Balkone Gmbh\",\"url\":\"https:\/\/www.leeb-balkone.com\/ch\/\",\"logo\":{\"@type\":\"ImageObject\",\"inLanguage\":\"de-CH\",\"@id\":\"https:\/\/www.leeb-balkone.com\/ch\/#\/schema\/logo\/image\/\",\"url\":\"https:\/\/www.leeb-balkone.com\/app\/uploads\/2020\/11\/leeb-logo.svg\",\"contentUrl\":\"https:\/\/www.leeb-balkone.com\/app\/uploads\/2020\/11\/leeb-logo.svg\",\"width\":741,\"height\":204,\"caption\":\"Leeb Balkone Gmbh\"},\"image\":{\"@id\":\"https:\/\/www.leeb-balkone.com\/ch\/#\/schema\/logo\/image\/\"},\"sameAs\":[\"https:\/\/www.facebook.com\/balkone\/\",\"https:\/\/www.trustedshops.at\/bewertung\/info_X4587CCF5833E31AFE0B11F47D86999F2.html\",\"https:\/\/www.trustedshops.de\/bewertung\/info_X7BA536A7A0BDC86D36C4718E4DCAEEEF.html\",\"https:\/\/www.google.com\/maps\/place\/?q=place_id:ChIJ5-zH19-IcEcR9HonWRTllHI\"]}]}<\/script>\n<!-- \/ Yoast SEO plugin. -->","yoast_head_json":{"title":"Solar Zaun \u00bb Aluzaun mit PV-Modulen - Leeb Balkone Schweiz","description":"Machen Sie Ihren Zaun zum Kraftwerk: Der Leeb Solarzaun vereint modernen Sichtschutz mit effizienter Photovoltaik. Erzeugen Sie Ihren eigenen Strom am Grundst\u00fcck. Jetzt planen!","robots":{"index":"index","follow":"follow","max-snippet":"max-snippet:-1","max-image-preview":"max-image-preview:large","max-video-preview":"max-video-preview:-1"},"og_locale":"de_DE","og_type":"article","og_title":"Solar Zaun \u00bb Aluzaun mit PV-Modulen - Leeb Balkone","og_description":"Machen Sie Ihren Zaun zum Kraftwerk: Der Leeb Solarzaun vereint modernen Sichtschutz mit effizienter Photovoltaik. Erzeugen Sie Ihren eigenen Strom am Grundst\u00fcck. Jetzt planen!","og_url":"https:\/\/www.leeb-balkone.com\/ch\/solar\/solar-zaun\/","og_site_name":"Leeb Balkone","article_publisher":"https:\/\/www.facebook.com\/balkone\/","article_modified_time":"2026-04-15T14:58:16+00:00","og_image":[{"width":2560,"height":1627,"url":"https:\/\/www.leeb-balkone.com\/app\/uploads\/2022\/06\/Zaun-Solar-06-Optimus-scaled.jpg","type":"image\/jpeg"}],"twitter_card":"summary_large_image","schema":{"@context":"https:\/\/schema.org","@graph":[{"@type":"WebPage","@id":"https:\/\/www.leeb-balkone.com\/ch\/solar\/solar-zaun\/","url":"https:\/\/www.leeb-balkone.com\/ch\/solar\/solar-zaun\/","name":"Solar Zaun \u00bb Aluzaun mit PV-Modulen - Leeb Balkone","isPartOf":{"@id":"https:\/\/www.leeb-balkone.com\/ch\/#website"},"primaryImageOfPage":{"@id":"https:\/\/www.leeb-balkone.com\/ch\/solar\/solar-zaun\/#primaryimage"},"image":{"@id":"https:\/\/www.leeb-balkone.com\/ch\/solar\/solar-zaun\/#primaryimage"},"thumbnailUrl":"https:\/\/www.leeb-balkone.com\/app\/uploads\/2022\/06\/Zaun-Solar-06-Optimus-1024x651.jpg","datePublished":"2025-09-13T14:39:23+00:00","dateModified":"2026-04-15T14:58:16+00:00","description":"Machen Sie Ihren Zaun zum Kraftwerk: Der Leeb Solarzaun vereint modernen Sichtschutz mit effizienter Photovoltaik. Erzeugen Sie Ihren eigenen Strom am Grundst\u00fcck. Jetzt planen!","breadcrumb":{"@id":"https:\/\/www.leeb-balkone.com\/ch\/solar\/solar-zaun\/#breadcrumb"},"inLanguage":"de-CH","potentialAction":[{"@type":"ReadAction","target":["https:\/\/www.leeb-balkone.com\/ch\/solar\/solar-zaun\/"]}]},{"@type":"ImageObject","inLanguage":"de-CH","@id":"https:\/\/www.leeb-balkone.com\/ch\/solar\/solar-zaun\/#primaryimage","url":"https:\/\/www.leeb-balkone.com\/app\/uploads\/2022\/06\/Zaun-Solar-06-Optimus-1024x651.jpg","contentUrl":"https:\/\/www.leeb-balkone.com\/app\/uploads\/2022\/06\/Zaun-Solar-06-Optimus-1024x651.jpg"},{"@type":"BreadcrumbList","@id":"https:\/\/www.leeb-balkone.com\/ch\/solar\/solar-zaun\/#breadcrumb","itemListElement":[{"@type":"ListItem","position":1,"name":"Home","item":"https:\/\/www.leeb-balkone.com\/ch\/"},{"@type":"ListItem","position":2,"name":"Solarprodukte","item":"https:\/\/www.leeb-balkone.com\/ch\/solar\/"},{"@type":"ListItem","position":3,"name":"Solarzaun"}]},{"@type":"WebSite","@id":"https:\/\/www.leeb-balkone.com\/ch\/#website","url":"https:\/\/www.leeb-balkone.com\/ch\/","name":"Leeb Balkone","description":"Balkone und Z\u00e4une","publisher":{"@id":"https:\/\/www.leeb-balkone.com\/ch\/#organization"},"potentialAction":[{"@type":"SearchAction","target":{"@type":"EntryPoint","urlTemplate":"https:\/\/www.leeb-balkone.com\/ch\/?s={search_term_string}"},"query-input":{"@type":"PropertyValueSpecification","valueRequired":true,"valueName":"search_term_string"}}],"inLanguage":"de-CH"},{"@type":"Organization","@id":"https:\/\/www.leeb-balkone.com\/ch\/#organization","name":"Leeb Balkone Gmbh","url":"https:\/\/www.leeb-balkone.com\/ch\/","logo":{"@type":"ImageObject","inLanguage":"de-CH","@id":"https:\/\/www.leeb-balkone.com\/ch\/#\/schema\/logo\/image\/","url":"https:\/\/www.leeb-balkone.com\/app\/uploads\/2020\/11\/leeb-logo.svg","contentUrl":"https:\/\/www.leeb-balkone.com\/app\/uploads\/2020\/11\/leeb-logo.svg","width":741,"height":204,"caption":"Leeb Balkone Gmbh"},"image":{"@id":"https:\/\/www.leeb-balkone.com\/ch\/#\/schema\/logo\/image\/"},"sameAs":["https:\/\/www.facebook.com\/balkone\/","https:\/\/www.trustedshops.at\/bewertung\/info_X4587CCF5833E31AFE0B11F47D86999F2.html","https:\/\/www.trustedshops.de\/bewertung\/info_X7BA536A7A0BDC86D36C4718E4DCAEEEF.html","https:\/\/www.google.com\/maps\/place\/?q=place_id:ChIJ5-zH19-IcEcR9HonWRTllHI"]}]}},"_links":{"self":[{"href":"https:\/\/www.leeb-balkone.com\/ch\/wp-json\/wp\/v2\/pages\/154687","targetHints":{"allow":["GET"]}}],"collection":[{"href":"https:\/\/www.leeb-balkone.com\/ch\/wp-json\/wp\/v2\/pages"}],"about":[{"href":"https:\/\/www.leeb-balkone.com\/ch\/wp-json\/wp\/v2\/types\/page"}],"author":[{"embeddable":true,"href":"https:\/\/www.leeb-balkone.com\/ch\/wp-json\/wp\/v2\/users\/4"}],"replies":[{"embeddable":true,"href":"https:\/\/www.leeb-balkone.com\/ch\/wp-json\/wp\/v2\/comments?post=154687"}],"version-history":[{"count":13,"href":"https:\/\/www.leeb-balkone.com\/ch\/wp-json\/wp\/v2\/pages\/154687\/revisions"}],"predecessor-version":[{"id":167839,"href":"https:\/\/www.leeb-balkone.com\/ch\/wp-json\/wp\/v2\/pages\/154687\/revisions\/167839"}],"up":[{"embeddable":true,"href":"https:\/\/www.leeb-balkone.com\/ch\/wp-json\/wp\/v2\/pages\/158603"}],"wp:attachment":[{"href":"https:\/\/www.leeb-balkone.com\/ch\/wp-json\/wp\/v2\/media?parent=154687"}],"wp:term":[{"taxonomy":"folder","embeddable":true,"href":"https:\/\/www.leeb-balkone.com\/ch\/wp-json\/wp\/v2\/folder?post=154687"}],"curies":[{"name":"wp","href":"https:\/\/api.w.org\/{rel}","templated":true}]}}