{"id":154681,"date":"2025-09-13T14:09:13","date_gmt":"2025-09-13T14:09:13","guid":{"rendered":"https:\/\/www.leeb-balkone.com\/de\/produkte\/solar-balkon\/"},"modified":"2026-04-15T14:57:08","modified_gmt":"2026-04-15T14:57:08","slug":"solar-balkon","status":"publish","type":"page","link":"https:\/\/www.leeb-balkone.com\/ch\/solar\/solar-balkon\/","title":{"rendered":"Solar Balkon"},"content":{"rendered":"\n<section class=\"wp-block-group alignfull t3-header t3-header-splitscreen t3-splitscreen-shadow h-zi-20 has-light-gray-background-color has-background has-global-padding is-layout-constrained wp-container-core-group-is-layout-f1ad4950 wp-block-group-is-layout-constrained\" style=\"padding-top:0;padding-bottom:0\">\n<div class=\"wp-block-columns h-flx-a-s m-split is-layout-flex wp-container-core-columns-is-layout-28f84493 wp-block-columns-is-layout-flex\">\n<div class=\"wp-block-column is-vertically-aligned-top h-flx-a-s m-split-col-content is-layout-flow wp-block-column-is-layout-flow\"><div class=\"yoast-breadcrumbs\"><span><span><a href=\"https:\/\/www.leeb-balkone.com\/ch\/\">Home<\/a><\/span> \/ <span><a href=\"https:\/\/www.leeb-balkone.com\/ch\/solar\/\">Solarprodukte<\/a><\/span> \/ <span class=\"breadcrumb_last\" aria-current=\"page\">Solar Balkon<\/span><\/span><\/div>\n\n<h1 class=\"wp-block-post-title\">Solar Balkon<\/h1>\n\n\n<p class=\"has-step-0-font-size\" style=\"margin-bottom:0\">Der Leeb Solar Balkon ist eine&nbsp;zukunftsweisende L\u00f6sung&nbsp;mit im Balkongel\u00e4nder vollintegrierten, bifacialen PV-Modulen, welche dank beidseitiger Stromerzeugung auch bei flacher oder geringer Sonneneinstrahlung effizient arbeiten.<\/p>\n\n\n\n<div class=\"wp-block-buttons is-layout-flex wp-block-buttons-is-layout-flex\" style=\"margin-top:var(--wp--preset--spacing--l)\">\n<div class=\"wp-block-button is-style-cta icon-book icon-left\"><a class=\"wp-block-button__link wp-element-button\" href=\"https:\/\/www.leeb-balkone.com\/ch\/kontakt\/katalog-anfordern\/\">Katalog anfordern<\/a><\/div>\n\n\n\n<div class=\"wp-block-button is-style-cta icon-vp icon-left\"><a class=\"wp-block-button__link wp-element-button\" href=\"https:\/\/www.leeb-balkone.com\/ch\/vertriebspartner\/\">Ansprechpartner finden<span class=\"sr-only\"> Schweiz<\/span><\/a><\/div>\n<\/div>\n<\/div>\n\n\n\n<div class=\"wp-block-column is-vertically-aligned-stretch h-hide-md-down is-style-image-cover is-layout-flow wp-block-column-is-layout-flow\">\n<figure class=\"wp-block-image size-large\"><img loading=\"lazy\" decoding=\"async\" width=\"1024\" height=\"682\" src=\"https:\/\/www.leeb-balkone.com\/app\/uploads\/2020\/07\/solarbalkon-optimus-innenansicht-mit-klarem-glas-1024x682.jpg\" alt=\"solarbalkon optimus innenansicht mit klarem glas\" class=\"wp-image-141668\" srcset=\"https:\/\/www.leeb-balkone.com\/app\/uploads\/2020\/07\/solarbalkon-optimus-innenansicht-mit-klarem-glas-1024x682.jpg 1024w, https:\/\/www.leeb-balkone.com\/app\/uploads\/2020\/07\/solarbalkon-optimus-innenansicht-mit-klarem-glas-300x200.jpg 300w, https:\/\/www.leeb-balkone.com\/app\/uploads\/2020\/07\/solarbalkon-optimus-innenansicht-mit-klarem-glas-768x512.jpg 768w, https:\/\/www.leeb-balkone.com\/app\/uploads\/2020\/07\/solarbalkon-optimus-innenansicht-mit-klarem-glas-1536x1024.jpg 1536w, https:\/\/www.leeb-balkone.com\/app\/uploads\/2020\/07\/solarbalkon-optimus-innenansicht-mit-klarem-glas-2048x1365.jpg 2048w\" sizes=\"auto, (max-width: 1024px) 100vw, 1024px\" \/><\/figure>\n<\/div>\n<\/div>\n<\/section>\n\n\n\n<section class=\"wp-block-group alignfull has-white-background-color has-background has-global-padding is-layout-constrained wp-container-core-group-is-layout-52f96efc wp-block-group-is-layout-constrained\" id=\"modelle\">\n<div class=\"wp-block-group m-teaser o-grid u-md-1 is-layout-flow wp-block-group-is-layout-flow\">\n<div class=\"wp-block-group u-g-9 u-g-s-2 is-layout-flow wp-block-group-is-layout-flow\" style=\"margin-bottom:var(--wp--preset--spacing--s)\">\n<p class=\"has-text-align-left\"><em><strong><strong><strong>Der Leeb Solar Balkon liefert Ihnen gr\u00fcne Energie, steigert Ihre Wohnqualit\u00e4t und setzt neue Ma\u00dfst\u00e4be f\u00fcr nachhaltiges Design.<\/strong><\/strong><\/strong><\/em><\/p>\n<\/div>\n<\/div>\n\n\n\n<div class=\"wp-block-columns is-layout-flex wp-container-core-columns-is-layout-28f84493 wp-block-columns-is-layout-flex\">\n<div class=\"wp-block-column is-layout-flow wp-block-column-is-layout-flow\" style=\"flex-basis:66.66%\"><div class=\"tgs-gallery\" data-tablet-slides=\"4\" data-desktop-slides=\"5\"><div class=\"t3-tgs swiper mainSlider\">\n                <div class=\"has-icon icon-enlarge\"><\/div>\n                <div class=\"swiper-wrapper lg-swiper\"><div class=\"swiper-slide\"><a href=\"https:\/\/www.leeb-balkone.com\/app\/uploads\/2020\/07\/Solarbalkon-Optimus-und-Carport-mit-Solarpaneelen.jpg\"><img decoding=\"async\" src=\"https:\/\/www.leeb-balkone.com\/app\/uploads\/2020\/07\/Solarbalkon-Optimus-und-Carport-mit-Solarpaneelen.jpg\" alt=\"Haus mit Leeb Balkon- und Terrassen-Gel\u00e4nder sowie Carport-Dach - alles inklusive integrierte PV Module zur Nutzung der Sonnenergie\"><\/a><div class=\"tgs-desc\">Haus mit Leeb Balkon- und Terrassen-Gel\u00e4nder sowie Carport-Dach &#8211; alles inklusive integrierte PV Module zur Nutzung der Sonnenergie<\/div><\/div><div class=\"swiper-slide\"><a href=\"https:\/\/www.leeb-balkone.com\/app\/uploads\/2020\/07\/glasbalkon-ballina-und-solarbalkon-optimus-in-aluminium-anthrazit-scaled.jpg\"><img decoding=\"async\" src=\"https:\/\/www.leeb-balkone.com\/app\/uploads\/2020\/07\/glasbalkon-ballina-und-solarbalkon-optimus-in-aluminium-anthrazit-scaled.jpg\" alt=\"Kombination aus Balkongel\u00e4nder Modell Ballina und Solarbalkon Optimus\"><\/a><div class=\"tgs-desc\">Kombination aus Balkongel\u00e4nder Modell Ballina und Solarbalkon Optimus<\/div><\/div><div class=\"swiper-slide\"><a href=\"https:\/\/www.leeb-balkone.com\/app\/uploads\/2025\/02\/zwei-Module-Uebereinander.png\"><img decoding=\"async\" src=\"https:\/\/www.leeb-balkone.com\/app\/uploads\/2025\/02\/zwei-Module-Uebereinander.png\" alt=\"SOLEEB+ (zwei Speicher gestapelt)\"><\/a><div class=\"tgs-desc\">SOLEEB+ (zwei Speicher gestapelt)<\/div><\/div><div class=\"swiper-slide\"><a href=\"https:\/\/www.leeb-balkone.com\/app\/uploads\/2024\/04\/solar-glas-alu-balkon-10-red-dot-gross-scaled.jpg\"><img decoding=\"async\" src=\"https:\/\/www.leeb-balkone.com\/app\/uploads\/2024\/04\/solar-glas-alu-balkon-10-red-dot-gross-scaled.jpg\" alt=\"Red Dot Design Award Winner 2024 - Solarbalkon von Leeb\"><\/a><div class=\"tgs-desc\">Red Dot Design Award Winner 2024 &#8211; Solarbalkon von Leeb <\/div><\/div><div class=\"swiper-slide\"><a href=\"https:\/\/www.leeb-balkone.com\/app\/uploads\/2025\/07\/Soleeb-R1-V2.png\"><img decoding=\"async\" src=\"https:\/\/www.leeb-balkone.com\/app\/uploads\/2025\/07\/Soleeb-R1-V2.png\" alt=\"Soleeb - Balkonkraftwerk Plug and Play-System\"><\/a><div class=\"tgs-desc\">Soleeb &#8211; Balkonkraftwerk Plug and Play-System<\/div><\/div><\/div><div class=\"mainSliderPrev\"><\/div><div class=\"mainSliderNext\"><\/div><div class=\"main_slider_dots\"><\/div><\/div><div class=\"swiper thumbSlider\"><div class=\"swiper-wrapper wp-block-t3-carousel-wrapper\"><div class=\"swiper-slide\"><img decoding=\"async\" src=\"https:\/\/www.leeb-balkone.com\/app\/uploads\/2020\/07\/Solarbalkon-Optimus-und-Carport-mit-Solarpaneelen-1024x683.jpg\" alt=\"Haus mit Leeb Balkon- und Terrassen-Gel\u00e4nder sowie Carport-Dach - alles inklusive integrierte PV Module zur Nutzung der Sonnenergie\" \/><\/div><div class=\"swiper-slide\"><img decoding=\"async\" src=\"https:\/\/www.leeb-balkone.com\/app\/uploads\/2020\/07\/glasbalkon-ballina-und-solarbalkon-optimus-in-aluminium-anthrazit-1024x575.jpg\" alt=\"Kombination aus Balkongel\u00e4nder Modell Ballina und Solarbalkon Optimus\" \/><\/div><div class=\"swiper-slide\"><img decoding=\"async\" src=\"https:\/\/www.leeb-balkone.com\/app\/uploads\/2025\/02\/zwei-Module-Uebereinander-1024x768.png\" alt=\"SOLEEB+ (zwei Speicher gestapelt)\" \/><\/div><div class=\"swiper-slide\"><img decoding=\"async\" src=\"https:\/\/www.leeb-balkone.com\/app\/uploads\/2024\/04\/solar-glas-alu-balkon-10-red-dot-gross-1024x768.jpg\" alt=\"Red Dot Design Award Winner 2024 - Solarbalkon von Leeb\" \/><\/div><div class=\"swiper-slide\"><img decoding=\"async\" src=\"https:\/\/www.leeb-balkone.com\/app\/uploads\/2025\/07\/Soleeb-R1-V2-1024x479.png\" alt=\"Soleeb - Balkonkraftwerk Plug and Play-System\" \/><\/div><\/div><div class=\"thumbSliderPrev swiper-button-prev\"><\/div><div class=\"thumbSliderNext swiper-button-next\"><\/div><\/div><\/div><\/div>\n\n\n\n<div class=\"wp-block-column is-layout-flow wp-block-column-is-layout-flow\" style=\"flex-basis:33.33%\">\n<h2 class=\"wp-block-heading has-step-2-font-size\">Alu-Glas-Balkongel\u00e4nder mit bifacialen PV-Modulen<\/h2>\n\n\n\n<p>Der&nbsp;Leeb Solar Balkon&nbsp;ist ein innovatives Balkongel\u00e4nder-System, das&nbsp;hochwertige Photovoltaik-Module vollintegriert in das Glasgel\u00e4nder&nbsp;einbindet und so \u00e4sthetische Eleganz mit effizienter Energiegewinnung verbindet. Im Gegensatz zu herk\u00f6mmlichen Add-on-L\u00f6sungen werden die PV-Module bei Leeb direkt im Gel\u00e4nder verbaut, wodurch ein besonders elegantes Erscheinungsbild und eine gesch\u00fctzte, innenliegende Verkabelung gew\u00e4hrleistet sind.<\/p>\n\n\n\n<ul class=\"wp-block-list is-style-checkmark-2\">\n<li>Vollintegrierte, bifaciale PV-Module<\/li>\n\n\n\n<li>Plug-and-Play-Funktionalit\u00e4t<\/li>\n\n\n\n<li>Red Dot Award &#8211; Produktdesign<\/li>\n<\/ul>\n<\/div>\n<\/div>\n\n\n\n<div class=\"wp-block-group m-teaser o-grid u-md-1 is-layout-flow wp-block-group-is-layout-flow\" style=\"margin-top:0;padding-top:var(--wp--preset--spacing--xl-2-xl)\">\n<div class=\"wp-block-group u-g-10 u-g-s-2 is-layout-flow wp-block-group-is-layout-flow\" style=\"margin-top:0;margin-bottom:var(--wp--preset--spacing--s)\"><div class=\"wp-block-t3-tabs t3-tabs t3-tabs--centered\" data-uniqueid=\"tabs-8f57f258\" data-use-headings=\"false\" data-heading-level=\"h2\"><ul class=\"t3-tabs__list\" role=\"tablist\"><li role=\"presentation\"><button role=\"tab\" id=\"tabs-8f57f258-tab-0\" aria-controls=\"tabs-8f57f258-panel-0\" class=\"t3-tabs__tab-button t3-tabs__tab-button--active\" aria-selected=\"true\" tabindex=\"0\"><div class=\"t3-tabs__tab-button-inner\"><span class=\"t3-tabs__tab-title\">Aufbau und Leistung<\/span><\/div><\/button><\/li><li role=\"presentation\"><button role=\"tab\" id=\"tabs-8f57f258-tab-1\" aria-controls=\"tabs-8f57f258-panel-1\" class=\"t3-tabs__tab-button\" aria-selected=\"false\" tabindex=\"-1\"><div class=\"t3-tabs__tab-button-inner\"><span class=\"t3-tabs__tab-title\">Technische Besonderheiten<\/span><\/div><\/button><\/li><li role=\"presentation\"><button role=\"tab\" id=\"tabs-8f57f258-tab-2\" aria-controls=\"tabs-8f57f258-panel-2\" class=\"t3-tabs__tab-button\" aria-selected=\"false\" tabindex=\"-1\"><div class=\"t3-tabs__tab-button-inner\"><span class=\"t3-tabs__tab-title\">Funktion und Nutzen<\/span><\/div><\/button><\/li><\/ul><div class=\"t3-tabs__panels\"><div class=\"t3-tab__content t3-tabs__panel\" role=\"tabpanel\" id=\"tabs-8f57f258-panel-0\" aria-labelledby=\"tabs-8f57f258-tab-0\">\n<p>Verwandeln Sie Ihren Balkon in eine nachhaltige Energiequelle: Mit dem Leeb Solar Balkon genie\u00dfen Sie elegantes Design und erzeugen gleichzeitig Ihren eigenen Strom \u2013 ganz ohne Kompromisse bei \u00c4sthetik oder Funktionalit\u00e4t.<\/p>\n\n\n\n<div class=\"wp-block-columns m-split is-style-default is-layout-flex wp-container-core-columns-is-layout-28f84493 wp-block-columns-is-layout-flex\">\n<div class=\"wp-block-column is-style-default is-layout-flow wp-block-column-is-layout-flow\">\n<figure class=\"wp-block-image size-full\"><img loading=\"lazy\" decoding=\"async\" width=\"1280\" height=\"720\" src=\"https:\/\/www.leeb-balkone.com\/app\/uploads\/2025\/07\/B-Solar-Optimus-4.jpg\" alt=\"B Solar Optimus\" class=\"wp-image-150189\" srcset=\"https:\/\/www.leeb-balkone.com\/app\/uploads\/2025\/07\/B-Solar-Optimus-4.jpg 1280w, https:\/\/www.leeb-balkone.com\/app\/uploads\/2025\/07\/B-Solar-Optimus-4-300x169.jpg 300w, https:\/\/www.leeb-balkone.com\/app\/uploads\/2025\/07\/B-Solar-Optimus-4-1024x576.jpg 1024w, https:\/\/www.leeb-balkone.com\/app\/uploads\/2025\/07\/B-Solar-Optimus-4-768x432.jpg 768w\" sizes=\"auto, (max-width: 1280px) 100vw, 1280px\" \/><\/figure>\n<\/div>\n\n\n\n<div class=\"wp-block-column is-vertically-aligned-center is-style-overlay-content is-layout-flow wp-block-column-is-layout-flow\">\n<div class=\"wp-block-group is-vertical is-layout-flex wp-container-core-group-is-layout-6aed0e10 wp-block-group-is-layout-flex\">\n<p class=\"is-style-default\"><strong>Aufbau<\/strong><\/p>\n\n\n\n<ul class=\"wp-block-list\">\n<li>Balusterprofil 60 x 60<\/li>\n\n\n\n<li>Handlauftr\u00e4gerprofil 40 x 96<\/li>\n\n\n\n<li>Verbund-Sicherheitsglas (VSG)<\/li>\n\n\n\n<li>Leistung PV-Modul max. 175 Wp\/lfm Balkon<\/li>\n\n\n\n<li>PV-Modul mit fixer Gr\u00f6\u00dfe von 1200 x 950 mm<\/li>\n\n\n\n<li>Fixer Achsabstand 1205 mm (nur auf Leeb-Eisen m\u00f6glich)<\/li>\n<\/ul>\n<\/div>\n<\/div>\n<\/div>\n\n\n\n<p class=\"has-step-s-font-size\"><strong>Hinweise<\/strong><\/p>\n\n\n\n<ul class=\"wp-block-list\">\n<li class=\"has-step-s-font-size\">Blende optional, keine Schr\u00e4ge m\u00f6glich, Module in Serie geschaltet (Modulanzahl pro String ist begrenzt)<\/li>\n\n\n\n<li class=\"has-step-s-font-size\">Weitere Steuerungskomponenten und Anschluss an bestehende Systeme m\u00fcssen bauseits durch einen Fachmann erfolgen<\/li>\n\n\n\n<li class=\"has-step-s-font-size\">Verkabelung vom Balkon zum Wechsel-richter, Anschluss an den Wechselrichter sowie Wechselrichter selbst und die Erdung des Balkons und Inbetriebnahme (Anschluss ans Netz) m\u00fcssen bauseits erfolgen.<\/li>\n<\/ul>\n<\/div><div class=\"t3-tab__content t3-tabs__panel\" role=\"tabpanel\" id=\"tabs-8f57f258-panel-1\" aria-labelledby=\"tabs-8f57f258-tab-1\">\n<p>Erleben Sie innovative Technik direkt am Balkon: Der Leeb Solar Balkon \u00fcberzeugt mit hochwertigen Materialien, durchdachter Konstruktion und gepr\u00fcfter Sicherheit \u2013 f\u00fcr dauerhaft sorgenfreie Nutzung.<\/p>\n\n\n\n<ul class=\"wp-block-list is-style-default\">\n<li>Hagelschlagsichere, begehbare PV-Module<\/li>\n\n\n\n<li>Patentierte ALU COMFORT PLUS\u00ae Pulverbeschichtung f\u00fcr Witterungsbest\u00e4ndigkeit<\/li>\n\n\n\n<li>Bifaciale Module mit Bypass-Dioden f\u00fcr optimalen Ertrag auch bei diffuser Sonneneinstrahlung<\/li>\n\n\n\n<li>Plug-and-Play-L\u00f6sung mit Wechselrichter (bis zu zwei Module direkt an die Steckdose anschlie\u00dfbar)<\/li>\n\n\n\n<li>Verkabelung unsichtbar im Handlauf\/Rahmensystem integriert<\/li>\n\n\n\n<li>Rundum-Service von Planung bis Montage, zertifizierte Qualit\u00e4t<\/li>\n<\/ul>\n<\/div><div class=\"t3-tab__content t3-tabs__panel\" role=\"tabpanel\" id=\"tabs-8f57f258-panel-2\" aria-labelledby=\"tabs-8f57f258-tab-2\">\n<div class=\"wp-block-cgb-t3-container-block none\" style=\"background-color:none\"><div class=\"grid-container\"><div class=\"grid-x\"><div class=\"cell small-12 medium-0 large-0\"><\/div><\/div><\/div><\/div>\n\n\n\n<p>Profitieren Sie t\u00e4glich von Ihrem Solar Balkon: Reduzieren Sie Ihre Stromkosten, steigern Sie den Immobilienwert und leisten Sie einen aktiven Beitrag zum Klimaschutz \u2013 mit minimalem Aufwand und maximalem Komfort.<\/p>\n\n\n\n<ul class=\"wp-block-list\">\n<li>Umweltschonende Stromerzeugung direkt am Balkon<\/li>\n\n\n\n<li>Senkung der Stromrechnung durch Eigenverbrauch<\/li>\n\n\n\n<li>Wertsteigerung der Immobilie durch nachhaltige Ausstattung<\/li>\n\n\n\n<li>Geringer Wartungsaufwand und \u00e4usserst robust<\/li>\n\n\n\n<li>Bis zu gewisser Gr\u00f6\u00dfe keine baulichen Ver\u00e4nderungen n\u00f6tig (Plug-and-Play)<\/li>\n<\/ul>\n<\/div><\/div><\/div><\/div>\n<\/div>\n<\/section>\n\n\n\n<section class=\"wp-block-cover alignfull is-light katalog-cta\" style=\"margin-top:0;margin-bottom:0;padding-top:0;padding-right:0;padding-bottom:0;padding-left:0;min-height:100px;aspect-ratio:unset;\" id=\"beratungsanfrage\"><img loading=\"lazy\" decoding=\"async\" width=\"2560\" height=\"1707\" class=\"wp-block-cover__image-background wp-image-152954 size-full\" alt=\"Schauraum Leeb Tettnang Florian Keller\" src=\"https:\/\/www.leeb-balkone.com\/app\/uploads\/2025\/04\/Schauraum-Leeb-Tettnang-Florian-Keller-17-scaled.jpg\" style=\"object-position:41% 45%\" data-object-fit=\"cover\" data-object-position=\"41% 45%\" srcset=\"https:\/\/www.leeb-balkone.com\/app\/uploads\/2025\/04\/Schauraum-Leeb-Tettnang-Florian-Keller-17-scaled.jpg 2560w, https:\/\/www.leeb-balkone.com\/app\/uploads\/2025\/04\/Schauraum-Leeb-Tettnang-Florian-Keller-17-300x200.jpg 300w, https:\/\/www.leeb-balkone.com\/app\/uploads\/2025\/04\/Schauraum-Leeb-Tettnang-Florian-Keller-17-1024x683.jpg 1024w, https:\/\/www.leeb-balkone.com\/app\/uploads\/2025\/04\/Schauraum-Leeb-Tettnang-Florian-Keller-17-768x512.jpg 768w, https:\/\/www.leeb-balkone.com\/app\/uploads\/2025\/04\/Schauraum-Leeb-Tettnang-Florian-Keller-17-1536x1024.jpg 1536w, https:\/\/www.leeb-balkone.com\/app\/uploads\/2025\/04\/Schauraum-Leeb-Tettnang-Florian-Keller-17-2048x1366.jpg 2048w\" sizes=\"auto, (max-width: 2560px) 100vw, 2560px\" \/><span aria-hidden=\"true\" class=\"wp-block-cover__background has-primary-45-background-color has-background-dim-80 has-background-dim\"><\/span><div class=\"wp-block-cover__inner-container has-global-padding is-layout-constrained wp-container-core-cover-is-layout-f028c7bd wp-block-cover-is-layout-constrained\">\n<div class=\"wp-block-group is-layout-flow wp-block-group-is-layout-flow\" style=\"min-height:0px;margin-top:0;margin-bottom:0;padding-top:var(--wp--preset--spacing--2-xl);padding-bottom:var(--wp--preset--spacing--2-xl);padding-left:0\">\n<div class=\"wp-block-columns are-vertically-aligned-center is-layout-flex wp-container-core-columns-is-layout-0a4bbf16 wp-block-columns-is-layout-flex\" style=\"margin-top:0;margin-bottom:0\">\n<div class=\"wp-block-column is-vertically-aligned-center is-layout-flow wp-block-column-is-layout-flow\" style=\"flex-basis:66.66%\">\n<h2 class=\"wp-block-heading\">Beratungstermin anfordern<\/h2>\n\n\n\n<p class=\"is-style-teaser\">Sie haben Fragen? Nehmen Sie mit uns Kontakt auf und nutzen Sie unser Kontaktformular. Fordern Sie jetzt Ihre pers\u00f6nliche Beratung an \u2013 Ihr Ansprechpartner unterst\u00fctzt Sie gerne individuell bei Planung und Umsetzung Ihres Vorhabens!<\/p>\n<\/div>\n\n\n\n<div class=\"wp-block-column is-vertically-aligned-center is-layout-flow wp-block-column-is-layout-flow\" style=\"flex-basis:33.33%\">\n<div class=\"wp-block-buttons u-m-jc-left is-content-justification-right is-layout-flex wp-container-core-buttons-is-layout-c060c6c7 wp-block-buttons-is-layout-flex\">\n<div class=\"wp-block-button is-style-filled-white large smooth-scroll\"><a class=\"wp-block-button__link wp-element-button\" href=\"#beratungstermin\" style=\"box-shadow:var(--wp--preset--shadow--button-shadow)\">Beratungsanfrage<\/a><\/div>\n<\/div>\n<\/div>\n<\/div>\n<\/div>\n<\/div><\/section>\n\n\n\n<section class=\"wp-block-group alignfull has-light-gray-background-color has-background has-global-padding is-layout-constrained wp-container-core-group-is-layout-52f96efc wp-block-group-is-layout-constrained\" id=\"service-qualitaet\">\n<div class=\"wp-block-group o-grid u-md-1 is-layout-flow wp-block-group-is-layout-flow\">\n<div class=\"wp-block-group u-g-9 u-g-s-2 is-layout-flow wp-block-group-is-layout-flow\" style=\"margin-bottom:var(--wp--preset--spacing--s)\">\n<h2 class=\"wp-block-heading\"><strong>Leeb Solar Balkon<\/strong><\/h2>\n\n\n\n<p><span class=\"teaser\">Ein Solar Balkon von Leeb verbindet Design, Funktion und Nachhaltigkeit \u2013 f\u00fcr mehr Unabh\u00e4ngigkeit, Effizienz und Zukunftsf\u00e4higkeit auf Ihrem Lieblingsplatz an der Sonne.<\/span><\/p>\n\n\n\n<p>Mit dem Leeb Solar Balkon erhalten Sie eine langlebige, individuell gestaltbare und sichere L\u00f6sung \u2013 von der Planung bis zur Montage aus einer Hand.<\/p>\n<\/div>\n<\/div>\n\n\n\n<div class=\"wp-block-group small is-style-white-cards sm-2-cols is-layout-grid wp-container-core-group-is-layout-7785d981 wp-block-group-is-layout-grid\">\n<div class=\"wp-block-group m-card is-layout-flow wp-container-core-group-is-layout-8a368f38 wp-block-group-is-layout-flow\">\n<figure class=\"wp-block-image size-full\"><img loading=\"lazy\" decoding=\"async\" width=\"2560\" height=\"1707\" src=\"https:\/\/www.leeb-balkone.com\/app\/uploads\/2020\/07\/solarbalkon-optimus-innenansicht-der-pv-paneele-scaled.jpg\" alt=\"solarbalkon optimus innenansicht der pv paneele\" class=\"wp-image-141781\" srcset=\"https:\/\/www.leeb-balkone.com\/app\/uploads\/2020\/07\/solarbalkon-optimus-innenansicht-der-pv-paneele-scaled.jpg 2560w, https:\/\/www.leeb-balkone.com\/app\/uploads\/2020\/07\/solarbalkon-optimus-innenansicht-der-pv-paneele-300x200.jpg 300w, https:\/\/www.leeb-balkone.com\/app\/uploads\/2020\/07\/solarbalkon-optimus-innenansicht-der-pv-paneele-1024x683.jpg 1024w, https:\/\/www.leeb-balkone.com\/app\/uploads\/2020\/07\/solarbalkon-optimus-innenansicht-der-pv-paneele-768x512.jpg 768w, https:\/\/www.leeb-balkone.com\/app\/uploads\/2020\/07\/solarbalkon-optimus-innenansicht-der-pv-paneele-1536x1024.jpg 1536w, https:\/\/www.leeb-balkone.com\/app\/uploads\/2020\/07\/solarbalkon-optimus-innenansicht-der-pv-paneele-2048x1366.jpg 2048w\" sizes=\"auto, (max-width: 2560px) 100vw, 2560px\" \/><\/figure>\n\n\n\n<div class=\"wp-block-group m-card-content has-white-background-color has-background is-vertical is-layout-flex wp-container-core-group-is-layout-5580f018 wp-block-group-is-layout-flex\">\n<h3 class=\"wp-block-heading\"><strong>Solar-L\u00f6sungen f\u00fcr Gel\u00e4nder und D\u00e4cher<\/strong><\/h3>\n\n\n\n<p>Vollintegrierte, hocheffektive PV-Module in unseren Solarprodukten.<\/p>\n<\/div>\n<\/div>\n\n\n\n<div class=\"wp-block-group m-card is-layout-flow wp-container-core-group-is-layout-8a368f38 wp-block-group-is-layout-flow\">\n<figure class=\"wp-block-image size-large is-style-default\"><img loading=\"lazy\" decoding=\"async\" width=\"1024\" height=\"767\" src=\"https:\/\/www.leeb-balkone.com\/app\/uploads\/2020\/08\/leeb-balkone-mitarbeiter-4-1024x767.jpeg\" alt=\"Montieren eines Leeb Alu-Balkongel\u00e4nders nach Ma\u00df\" class=\"wp-image-6083\" srcset=\"https:\/\/www.leeb-balkone.com\/app\/uploads\/2020\/08\/leeb-balkone-mitarbeiter-4-1024x767.jpeg 1024w, https:\/\/www.leeb-balkone.com\/app\/uploads\/2020\/08\/leeb-balkone-mitarbeiter-4-2048x1535.jpeg 2048w, https:\/\/www.leeb-balkone.com\/app\/uploads\/2020\/08\/leeb-balkone-mitarbeiter-4-300x225.jpeg 300w, https:\/\/www.leeb-balkone.com\/app\/uploads\/2020\/08\/leeb-balkone-mitarbeiter-4-768x575.jpeg 768w, https:\/\/www.leeb-balkone.com\/app\/uploads\/2020\/08\/leeb-balkone-mitarbeiter-4-1536x1151.jpeg 1536w\" sizes=\"auto, (max-width: 1024px) 100vw, 1024px\" \/><\/figure>\n\n\n\n<div class=\"wp-block-group m-card-content has-white-background-color has-background is-vertical is-layout-flex wp-container-core-group-is-layout-5580f018 wp-block-group-is-layout-flex\">\n<h3 class=\"wp-block-heading\">Rundum Service f\u00fcr sorglose Umsetzung!<\/h3>\n\n\n\n<p>Beratungsservice vor Ort, 3D-Konfigurator, Werksfertigung, Lieferung und Montage.<\/p>\n<\/div>\n<\/div>\n\n\n\n<div class=\"wp-block-group m-card is-layout-flow wp-container-core-group-is-layout-8a368f38 wp-block-group-is-layout-flow\">\n<figure class=\"wp-block-image size-full\"><img loading=\"lazy\" decoding=\"async\" width=\"2048\" height=\"1366\" src=\"https:\/\/www.leeb-balkone.com\/app\/uploads\/2022\/05\/glas-bearbeitung-zuschnitt--scaled.jpg\" alt=\"glas bearbeitung zuschnitt \" class=\"wp-image-83644\" srcset=\"https:\/\/www.leeb-balkone.com\/app\/uploads\/2022\/05\/glas-bearbeitung-zuschnitt--scaled.jpg 2048w, https:\/\/www.leeb-balkone.com\/app\/uploads\/2022\/05\/glas-bearbeitung-zuschnitt--300x200.jpg 300w, https:\/\/www.leeb-balkone.com\/app\/uploads\/2022\/05\/glas-bearbeitung-zuschnitt--1024x683.jpg 1024w, https:\/\/www.leeb-balkone.com\/app\/uploads\/2022\/05\/glas-bearbeitung-zuschnitt--768x512.jpg 768w, https:\/\/www.leeb-balkone.com\/app\/uploads\/2022\/05\/glas-bearbeitung-zuschnitt--1536x1024.jpg 1536w\" sizes=\"auto, (max-width: 2048px) 100vw, 2048px\" \/><\/figure>\n\n\n\n<div class=\"wp-block-group m-card-content has-white-background-color has-background is-vertical is-layout-flex wp-container-core-group-is-layout-5580f018 wp-block-group-is-layout-flex\">\n<h3 class=\"wp-block-heading\"><strong>Verbundsicherheitsglas in Premium Qualit\u00e4t<\/strong><\/h3>\n\n\n\n<p>Gepr\u00fcfte Sicherheit, innovative Designs und langlebige Qualit\u00e4t nach Ma\u00df mit Leeb Glas.<\/p>\n<\/div>\n<\/div>\n\n\n\n<div class=\"wp-block-group m-card is-layout-flow wp-container-core-group-is-layout-8a368f38 wp-block-group-is-layout-flow\">\n<figure class=\"wp-block-image size-large\"><img loading=\"lazy\" decoding=\"async\" width=\"1024\" height=\"665\" src=\"https:\/\/www.leeb-balkone.com\/app\/uploads\/2020\/08\/alu-comfort-plus-1024x665.jpg\" alt=\"alu comfort plus\" class=\"wp-image-5082\" srcset=\"https:\/\/www.leeb-balkone.com\/app\/uploads\/2020\/08\/alu-comfort-plus-1024x665.jpg 1024w, https:\/\/www.leeb-balkone.com\/app\/uploads\/2020\/08\/alu-comfort-plus-300x195.jpg 300w, https:\/\/www.leeb-balkone.com\/app\/uploads\/2020\/08\/alu-comfort-plus-768x499.jpg 768w, https:\/\/www.leeb-balkone.com\/app\/uploads\/2020\/08\/alu-comfort-plus-1536x997.jpg 1536w, https:\/\/www.leeb-balkone.com\/app\/uploads\/2020\/08\/alu-comfort-plus-2048x1330.jpg 2048w\" sizes=\"auto, (max-width: 1024px) 100vw, 1024px\" \/><\/figure>\n\n\n\n<div class=\"wp-block-group m-card-content has-white-background-color has-background is-vertical is-layout-flex wp-container-core-group-is-layout-5580f018 wp-block-group-is-layout-flex\">\n<h3 class=\"wp-block-heading\">Langzeitschutz durch ALU Comfort Plus\u00ae<\/h3>\n\n\n\n<p>Patentierte Beschichtung und Verarbeitung von Aluminium auf h\u00f6chstem Niveau.<\/p>\n<\/div>\n<\/div>\n<\/div>\n\n\n\n<div class=\"wp-block-group o-grid u-md-1 is-layout-flow wp-block-group-is-layout-flow\" style=\"padding-top:var(--wp--preset--spacing--l)\">\n<div class=\"wp-block-group u-g-9 u-g-s-2 is-layout-flow wp-block-group-is-layout-flow\" style=\"margin-bottom:var(--wp--preset--spacing--s)\">\n<h3 class=\"wp-block-heading\">Vorteile im \u00dcberblick<\/h3>\n\n\n\n<p>Mit unserem Solar Balkon profitieren von \u00e4sthetisch vollintegrierten, robusten PV-Modulen, sparen Stromkosten und steigern den Wert Ihrer Immobilie &#8211; und selbstverst\u00e4ndlich von allen bew\u00e4hrten Vorteilen der Alu-Glas-Balkongel\u00e4nder des Marktf\u00fchrers Leeb.<\/p>\n\n\n\n<ul class=\"wp-block-list is-style-checkmark-2\">\n<li><strong>Ausgezeichnetes Produkt<\/strong>: Der Leeb Solar Balkon wurde 2024 mit dem Red Dot Award: Product Design f\u00fcr seine Verbindung aus moderner \u00c4sthetik und nachhaltiger Energieerzeugung pr\u00e4miert.<\/li>\n\n\n\n<li><strong>Ganzj\u00e4hrig hoher Wirkungsgrad<\/strong>: Bifaciale Glas-Glas-Module mit Bypass-Dioden liefern auch bei diffuser Sonneneinstrahlung und flachem Sonnenstand zuverl\u00e4ssig Strom.<\/li>\n\n\n\n<li><strong>Wartungsarm und langlebig<\/strong>: Robuste, hagelschlagsichere Module und die ALU COMFORT PLUS\u00ae Pulverbeschichtung sorgen f\u00fcr dauerhafte Witterungsbest\u00e4ndigkeit.<\/li>\n\n\n\n<li><strong>Vollintegriertes Design<\/strong>: Die PV-Module sind \u00e4sthetisch und sicher im Glasgel\u00e4nder (Modell Alu Design Vision) verbaut, die Verkabelung ist unsichtbar im Handlauf integriert.<\/li>\n\n\n\n<li><strong>Option Plug and Play<\/strong>: SOLEEB erm\u00f6glicht unkomplizierte Inbetriebnahme \u2013 der Wechselrichter wird einfach an die Steckdose angeschlossen (bis 800 Watt Einspeisung bzw. 4 PV-Module).<\/li>\n\n\n\n<li><strong>Rundum-Service:<\/strong>&nbsp;Von der individuellen Planung \u00fcber die ma\u00dfgenaue Fertigung bis zur professionellen Montage erhalten Sie bei Leeb alles aus einer Hand.<\/li>\n<\/ul>\n<\/div>\n<\/div>\n<\/section>\n\n\n\n<section class=\"wp-block-cover alignfull is-light katalog-cta\" style=\"margin-top:0;margin-bottom:0;padding-top:0;padding-right:0;padding-bottom:0;padding-left:0;min-height:100px;aspect-ratio:unset;\"><img loading=\"lazy\" decoding=\"async\" width=\"1920\" height=\"599\" class=\"wp-block-cover__image-background wp-image-7912 size-full\" alt=\"leeb balkone katalog anfordern\" src=\"https:\/\/www.leeb-balkone.com\/app\/uploads\/2020\/09\/leeb-balkone-katalog-anfordern-1.jpeg\" data-object-fit=\"cover\" srcset=\"https:\/\/www.leeb-balkone.com\/app\/uploads\/2020\/09\/leeb-balkone-katalog-anfordern-1-300x94.jpeg 300w, https:\/\/www.leeb-balkone.com\/app\/uploads\/2020\/09\/leeb-balkone-katalog-anfordern-1-1024x319.jpeg 1024w, https:\/\/www.leeb-balkone.com\/app\/uploads\/2020\/09\/leeb-balkone-katalog-anfordern-1-768x240.jpeg 768w, https:\/\/www.leeb-balkone.com\/app\/uploads\/2020\/09\/leeb-balkone-katalog-anfordern-1-1536x479.jpeg 1536w\" sizes=\"auto, (max-width: 1920px) 100vw, 1920px\" \/><span aria-hidden=\"true\" class=\"wp-block-cover__background has-primary-45-background-color has-background-dim-80 has-background-dim\"><\/span><div class=\"wp-block-cover__inner-container has-global-padding is-layout-constrained wp-container-core-cover-is-layout-fc5783d2 wp-block-cover-is-layout-constrained\">\n<div class=\"wp-block-group is-layout-flow wp-block-group-is-layout-flow\" style=\"min-height:0px;margin-top:0;margin-bottom:0;padding-top:var(--wp--preset--spacing--2-xl);padding-bottom:var(--wp--preset--spacing--2-xl);padding-left:0\">\n<div class=\"wp-block-columns are-vertically-aligned-center is-layout-flex wp-container-core-columns-is-layout-0a4bbf16 wp-block-columns-is-layout-flex\" style=\"margin-top:0;margin-bottom:0\">\n<div class=\"wp-block-column is-vertically-aligned-center is-layout-flow wp-block-column-is-layout-flow\" style=\"flex-basis:66.66%\">\n<h2 class=\"wp-block-heading\">Solar Balkon im Katalog<\/h2>\n\n\n\n<p class=\"is-style-teaser\"><span class=\"teaser\">Erfahren Sie mehr \u00fcber unsere Solar-Systeme, Materialien und technischen Details. Unsere umfassende Produktbrosch\u00fcre bietet Ihnen alle Informationen auf einen Blick.<\/span><\/p>\n<\/div>\n\n\n\n<div class=\"wp-block-column is-vertically-aligned-center is-layout-flow wp-block-column-is-layout-flow\" style=\"flex-basis:33.33%\">\n<div class=\"wp-block-buttons u-m-jc-left is-content-justification-right is-layout-flex wp-container-core-buttons-is-layout-c060c6c7 wp-block-buttons-is-layout-flex\">\n<div class=\"wp-block-button is-style-filled-white large\"><a class=\"wp-block-button__link wp-element-button\" href=\"https:\/\/www.leeb-balkone.com\/ch\/kontakt\/katalog-anfordern\/\" style=\"box-shadow:var(--wp--preset--shadow--button-shadow)\">Jetzt Katalog bestellen<\/a><\/div>\n<\/div>\n<\/div>\n<\/div>\n<\/div>\n<\/div><\/section>\n\n\n\n<section class=\"wp-block-group alignfull has-white-background-color has-background has-global-padding is-layout-constrained wp-container-core-group-is-layout-52f96efc wp-block-group-is-layout-constrained\">\n<div class=\"wp-block-group o-grid u-md-1 is-layout-flow wp-block-group-is-layout-flow\" style=\"padding-top:0\">\n<div class=\"wp-block-group u-g-9 u-g-s-2 is-layout-flow wp-block-group-is-layout-flow\" style=\"margin-bottom:var(--wp--preset--spacing--s)\">\n<h2 class=\"wp-block-heading\">Warum Leeb Solar Balkon von Leeb?<\/h2>\n\n\n\n<p class=\"is-style-teaser\"><span class=\"teaser\">Unser Solar Balkon verbindet die bew\u00e4hrten Alu-Glas-Qualit\u00e4tsvorteile von Leeb mit innovativer Photovoltaik-Technologie und sieht toll aus. Deswegen wurde er auch mit dem dem renommierten&nbsp;Red Dot Award ausgezeichnet.  <\/span><\/p>\n<\/div>\n<\/div>\n\n\n\n<div class=\"wp-block-group is-layout-flow wp-container-core-group-is-layout-d5075d26 wp-block-group-is-layout-flow\">\n<div class=\"wp-block-columns is-style-shadow m-split is-layout-flex wp-container-core-columns-is-layout-28f84493 wp-block-columns-is-layout-flex\">\n<div class=\"wp-block-column is-style-default is-layout-flow wp-block-column-is-layout-flow\">\n<figure class=\"wp-block-image size-large\"><img loading=\"lazy\" decoding=\"async\" width=\"1024\" height=\"768\" src=\"https:\/\/www.leeb-balkone.com\/app\/uploads\/2024\/04\/solar-glas-alu-balkon-10-red-dot-gross-2-1024x768.jpg\" alt=\"solar glas alu balkon 10 red dot gross\" class=\"wp-image-137404\" style=\"aspect-ratio:4\/3;object-fit:cover\" srcset=\"https:\/\/www.leeb-balkone.com\/app\/uploads\/2024\/04\/solar-glas-alu-balkon-10-red-dot-gross-2-1024x768.jpg 1024w, https:\/\/www.leeb-balkone.com\/app\/uploads\/2024\/04\/solar-glas-alu-balkon-10-red-dot-gross-2-300x225.jpg 300w, https:\/\/www.leeb-balkone.com\/app\/uploads\/2024\/04\/solar-glas-alu-balkon-10-red-dot-gross-2-768x576.jpg 768w, https:\/\/www.leeb-balkone.com\/app\/uploads\/2024\/04\/solar-glas-alu-balkon-10-red-dot-gross-2-1536x1152.jpg 1536w, https:\/\/www.leeb-balkone.com\/app\/uploads\/2024\/04\/solar-glas-alu-balkon-10-red-dot-gross-2-2048x1536.jpg 2048w\" sizes=\"auto, (max-width: 1024px) 100vw, 1024px\" \/><\/figure>\n<\/div>\n\n\n\n<div class=\"wp-block-column is-vertically-aligned-center is-style-overlay-content is-layout-flow wp-block-column-is-layout-flow\">\n<div class=\"wp-block-group is-vertical is-layout-flex wp-container-core-group-is-layout-6aed0e10 wp-block-group-is-layout-flex\">\n<h3 class=\"wp-block-heading\"><strong>Red Dot Award: Product Design<\/strong> 2024<\/h3>\n\n\n\n<p>Nachhaltige Energieerzeugung und moderne Anmutung vereinen sich im Leeb Solarbalkon zu einer praktischen und optisch anspruchsvollen Kombination. Die Photovoltaikmodule, eingebettet in Verbundsicherheitsglas, tragen zur Reduzierung der Stromkosten bei. Sie liefern sofort nutzbare Solarenergie und k\u00f6nnen damit an sonnigen Tagen bis zu 30 Prozent des t\u00e4glichen Strombedarfs decken. Das Komplettkit inklusive Wechselrichter ist leicht zu installieren, verbessert den \u00f6kologischen Fu\u00dfabdruck und steigert den Wert des Geb\u00e4udes.<\/p>\n\n\n\n<div class=\"wp-block-buttons is-layout-flex wp-block-buttons-is-layout-flex\" style=\"margin-top:var(--wp--preset--spacing--2-xs)\">\n<div class=\"wp-block-button is-style-outline-secondary\"><a class=\"wp-block-button__link has-transparent-background-color has-background wp-element-button\" href=\"https:\/\/www.red-dot.org\/de\/project\/leeb-solarbalkon-69312\">Red Dot Award<\/a><\/div>\n<\/div>\n<\/div>\n<\/div>\n<\/div>\n\n\n\n<div class=\"wp-block-columns is-style-shadow m-split m-split-reverse is-layout-flex wp-container-core-columns-is-layout-28f84493 wp-block-columns-is-layout-flex\">\n<div class=\"wp-block-column is-style-default is-layout-flow wp-block-column-is-layout-flow\">\n<figure class=\"wp-block-image size-large\"><img loading=\"lazy\" decoding=\"async\" width=\"1024\" height=\"683\" src=\"https:\/\/www.leeb-balkone.com\/app\/uploads\/2020\/07\/alu-balkongelaender-solar-16-1024x683.jpg\" alt=\"alu balkongelaender solar\" class=\"wp-image-138368\" style=\"aspect-ratio:4\/3;object-fit:cover\" srcset=\"https:\/\/www.leeb-balkone.com\/app\/uploads\/2020\/07\/alu-balkongelaender-solar-16-1024x683.jpg 1024w, https:\/\/www.leeb-balkone.com\/app\/uploads\/2020\/07\/alu-balkongelaender-solar-16-300x200.jpg 300w, https:\/\/www.leeb-balkone.com\/app\/uploads\/2020\/07\/alu-balkongelaender-solar-16-768x512.jpg 768w, https:\/\/www.leeb-balkone.com\/app\/uploads\/2020\/07\/alu-balkongelaender-solar-16-1536x1024.jpg 1536w, https:\/\/www.leeb-balkone.com\/app\/uploads\/2020\/07\/alu-balkongelaender-solar-16-2048x1366.jpg 2048w\" sizes=\"auto, (max-width: 1024px) 100vw, 1024px\" \/><\/figure>\n<\/div>\n\n\n\n<div class=\"wp-block-column is-vertically-aligned-center is-style-overlay-content is-layout-flow wp-block-column-is-layout-flow\">\n<div class=\"wp-block-group is-vertical is-layout-flex wp-container-core-group-is-layout-6aed0e10 wp-block-group-is-layout-flex\">\n<h3 class=\"wp-block-heading\">Leeb PV-Modul Optimus<\/h3>\n\n\n\n<p>Dieses optimierte PV-Modul ist das Ergebnis einer intensiven Zusammenarbeit mit unserem Lieferanten und speziell f\u00fcr unsere Anforderungen entwickelt worden. Wenn Teile eines PV-Moduls verschattet werden, f\u00fchrt dies zu einer Senkung der Leistung des gesamten Moduls bzw. Strings. Mittels integrierter Optimierer in den PV-Modulen kann diesen Leistungsverlusten entgegengewirkt werden. <\/p>\n\n\n\n<p class=\"has-step-s-font-size\">Das Leeb PV-Modul Optimus ist bei unseren Solarbalkonen und Solarz\u00e4unen bis zu einer gewissen H\u00f6he erh\u00e4ltlich. F\u00fcr \u00dcberdachungen, Carports und h\u00f6here Solarz\u00e4une verwenden wir das Leeb PV-Modul 300.<\/p>\n\n\n\n<div class=\"wp-block-buttons is-layout-flex wp-block-buttons-is-layout-flex\" style=\"margin-top:var(--wp--preset--spacing--2-xs)\">\n<div class=\"wp-block-button is-style-outline-secondary\"><a class=\"wp-block-button__link has-transparent-background-color has-background wp-element-button\" href=\"https:\/\/www.leeb-balkone.com\/ch\/solar\/\">Solarprodukte<\/a><\/div>\n<\/div>\n<\/div>\n<\/div>\n<\/div>\n\n\n\n<div class=\"wp-block-columns is-style-shadow m-split is-layout-flex wp-container-core-columns-is-layout-28f84493 wp-block-columns-is-layout-flex\">\n<div class=\"wp-block-column is-style-default is-layout-flow wp-block-column-is-layout-flow\">\n<figure class=\"wp-block-image size-full\"><img loading=\"lazy\" decoding=\"async\" width=\"657\" height=\"566\" src=\"https:\/\/www.leeb-balkone.com\/app\/uploads\/2024\/06\/SOLEEB-NEU.png\" alt=\"SOLEEB NEU\" class=\"wp-image-139009\" style=\"aspect-ratio:4\/3;object-fit:cover\" srcset=\"https:\/\/www.leeb-balkone.com\/app\/uploads\/2024\/06\/SOLEEB-NEU.png 657w, https:\/\/www.leeb-balkone.com\/app\/uploads\/2024\/06\/SOLEEB-NEU-300x258.png 300w\" sizes=\"auto, (max-width: 657px) 100vw, 657px\" \/><\/figure>\n<\/div>\n\n\n\n<div class=\"wp-block-column is-vertically-aligned-center is-style-overlay-content is-layout-flow wp-block-column-is-layout-flow\">\n<div class=\"wp-block-group is-vertical is-layout-flex wp-container-core-group-is-layout-6aed0e10 wp-block-group-is-layout-flex\">\n<h3 class=\"wp-block-heading\">Balkonkraftwerk<\/h3>\n\n\n\n<p>Mit dem SOLEEB Plug-and-Play-System von Leeb wird Ihr Balkon im Handumdrehen zur eigenen Stromquelle: Die vollintegrierten PV-Module sind als Komplettset mit Mikrowechselrichter erh\u00e4ltlich und lassen sich ganz einfach an die n\u00e4chste Steckdose anschlie\u00dfen. So profitieren Sie sofort von nachhaltigem Solarstrom, senken Ihre Stromkosten und bleiben flexibel. <\/p>\n\n\n\n<p class=\"has-step-s-font-size\">Bis zu vier Module und eine maximale Einspeiseleistung von 800 Watt sind m\u00f6glich.<\/p>\n\n\n\n<div class=\"wp-block-buttons is-layout-flex wp-block-buttons-is-layout-flex\" style=\"margin-top:var(--wp--preset--spacing--2-xs)\">\n<div class=\"wp-block-button is-style-outline-secondary\"><a class=\"wp-block-button__link has-transparent-background-color has-background wp-element-button\" href=\"https:\/\/www.leeb-balkone.com\/ch\/technik\/soleeb\/\">Plug-and-Play<\/a><\/div>\n<\/div>\n<\/div>\n<\/div>\n<\/div>\n<\/div>\n<\/section>\n\n\n\n<section class=\"wp-block-group alignfull has-light-gray-background-color has-background has-global-padding is-layout-constrained wp-container-core-group-is-layout-52f96efc wp-block-group-is-layout-constrained\">\n<div class=\"wp-block-group o-grid u-md-1 is-layout-flow wp-block-group-is-layout-flow\" style=\"padding-top:0\">\n<div class=\"wp-block-group u-g-9 u-g-s-2 is-layout-flow wp-block-group-is-layout-flow\" style=\"margin-bottom:var(--wp--preset--spacing--s)\">\n<h2 class=\"wp-block-heading\">H\u00e4ufig gestellte Fragen<\/h2>\n\n\n\n<p class=\"is-style-teaser\" style=\"padding-bottom:var(--wp--preset--spacing--m)\">Sie haben allgemeine Fragen rund um unsere Solarbalkone? In unseren FAQ finden Sie kompakte Antworten zu h\u00e4ufigen Themen rund um Balkongel\u00e4nder mit PV-Paneelen.<\/p>\n\n\n\n<div class=\"wp-block-t3-acc-accordion is-style-default\"><button id=\"accordion-28e18507-9b5a-437c-b541-07b775650d82-button\" class=\"accordion__button\" aria-expanded=\"false\" aria-controls=\"accordion-28e18507-9b5a-437c-b541-07b775650d82-panel\"><h3 data-accordion-title=\"true\" style=\"font-size:var(--step-1)\">Ist Photovoltaik am Balkongel\u00e4nder sinnvoll?<\/h3><\/button><div id=\"accordion-28e18507-9b5a-437c-b541-07b775650d82-panel\" class=\"accordion__panel\" role=\"region\" aria-labelledby=\"accordion-28e18507-9b5a-437c-b541-07b775650d82-button\">\n<p>Sogenannte Solar Balkone sind eine der effizientesten M\u00f6glichkeiten, um auch als Wohnungsbesitzer oder in Mehrparteienh\u00e4usern aktiv zur Energiewende beizutragen und gleichzeitig die eigenen Stromkosten zu senken. Besonders mit Balkongel\u00e4ndern mit integrierten Photovoltaik Paneele&nbsp;ergeben sich zahlreiche Vorteile, besonders sinnvoll ist die L\u00f6sung:<\/p>\n\n\n\n<ul class=\"wp-block-list\">\n<li>F\u00fcr Wohnungseigent\u00fcmer und Mieter, die keinen Zugang zum Dach haben.<\/li>\n\n\n\n<li>F\u00fcr alle, die Wert auf Design, Nachhaltigkeit und einfache Bedienung legen.<\/li>\n\n\n\n<li>F\u00fcr Menschen, die ihre Energiekosten langfristig senken und unabh\u00e4ngiger vom Strommarkt werden m\u00f6chten.<\/li>\n<\/ul>\n\n\n\n<p>Fazit: Photovoltaik am Balkongel\u00e4nder kann&nbsp;durchaus sinnvoll sein, insbesondere mit einer durchdachten, vollintegrierten L\u00f6sung wie dem Leeb Solar Balkon.<\/p>\n<\/div><\/div>\n\n\n\n<div class=\"wp-block-t3-acc-accordion is-style-default\"><button id=\"accordion-a4b5ea36-5493-4993-a824-333fad967727-button\" class=\"accordion__button\" aria-expanded=\"false\" aria-controls=\"accordion-a4b5ea36-5493-4993-a824-333fad967727-panel\"><h3 data-accordion-title=\"true\" style=\"font-size:var(--step-1)\">Produziert der Leeb Solar Balkon auch an bew\u00f6lkten Tagen Strom?<\/h3><\/button><div id=\"accordion-a4b5ea36-5493-4993-a824-333fad967727-panel\" class=\"accordion__panel\" role=\"region\" aria-labelledby=\"accordion-a4b5ea36-5493-4993-a824-333fad967727-button\">\n<p>Ja, die PV-Module erzeugen auch bei diffusem Licht Strom. Selbst an sonnenlosen Tagen wird Licht absorbiert und in Energie umgewandelt. Der verbesserte Wirkungsgrad wird durch beidseitig wirkende Module (bifaciale Module&nbsp;mit Bypass Dioden) gew\u00e4hrleistet. Strom wird sowohl au\u00dferhalb der Sommermonate, als auch am Morgen und am Abend, bei flacher Sonneneinstrahlung aufgrund des senkrechten Einbaus der Module produziert. Bifaciale PV-Module erm\u00f6glichen die Nutzung von Sonnenlicht sowohl auf der Vorder- als auch auf der R\u00fcckseite der Module.<\/p>\n<\/div><\/div>\n\n\n\n<div class=\"wp-block-t3-acc-accordion is-style-default\"><button id=\"accordion-3f1035ec-aad7-428b-9660-abdcd9172a56-button\" class=\"accordion__button\" aria-expanded=\"false\" aria-controls=\"accordion-3f1035ec-aad7-428b-9660-abdcd9172a56-panel\"><h3 data-accordion-title=\"true\" style=\"font-size:var(--step-1)\">Kann ich ein Balkonkraftwerk ohne Elektriker anschlie\u00dfen?<\/h3><\/button><div id=\"accordion-3f1035ec-aad7-428b-9660-abdcd9172a56-panel\" class=\"accordion__panel\" role=\"region\" aria-labelledby=\"accordion-3f1035ec-aad7-428b-9660-abdcd9172a56-button\">\n<p>Ja, beim&nbsp;Leeb Solar Balkon&nbsp;k\u00f6nnen Sie ein Balkonkraftwerk mit bis zu 800 Watt Leistung&nbsp;ohne Elektriker selbst anschlie\u00dfen. Das System ist als&nbsp;Plug-and-Play-Komplettset&nbsp;konzipiert: Sie schlie\u00dfen den mitgelieferten Wechselrichter einfach an eine normale Steckdose an. Es sind&nbsp;keine technischen Vorkenntnisse oder Fachpersonal erforderlich, solange die maximale Leistung von 800 Watt nicht \u00fcberschritten wird. <\/p>\n\n\n\n<p>Erst bei einer gr\u00f6\u00dferen Anlage, also bei einer Gesamtleistung \u00fcber 800 Watt, ist eine Installation durch einen Elektriker gesetzlich vorgeschrieben. F\u00fcr viele Anwendungsf\u00e4lle im privaten Bereich reicht das Plug-and-Play-System von Leeb jedoch aus.<\/p>\n<\/div><\/div>\n\n\n\n<div class=\"wp-block-t3-acc-accordion is-style-default\"><button id=\"accordion-b8c763e5-8695-424f-9645-92785ca8b975-button\" class=\"accordion__button\" aria-expanded=\"false\" aria-controls=\"accordion-b8c763e5-8695-424f-9645-92785ca8b975-panel\"><h3 data-accordion-title=\"true\" style=\"font-size:var(--step-1)\"><strong><strong><strong>Gibt es F\u00f6rderungen f\u00fcr den Leeb Solar Balkon?<\/strong><\/strong><\/strong><\/h3><\/button><div id=\"accordion-b8c763e5-8695-424f-9645-92785ca8b975-panel\" class=\"accordion__panel\" role=\"region\" aria-labelledby=\"accordion-b8c763e5-8695-424f-9645-92785ca8b975-button\">\n<p>Der Leeb Solar Balkon ist grunds\u00e4tzlich f\u00f6rderf\u00e4hig, sofern die regionalen Programme Stecker-Solaranlagen oder Balkonkraftwerke einschlie\u00dfen. Pr\u00fcfen Sie die aktuellen F\u00f6rderbedingungen Ihrer Stadt oder Ihres Bundeslandes, um von Zusch\u00fcssen und Steuererleichterungen zu profitieren. Aktuelle Informationen dazu erhalten Sie beim zust\u00e4ndigen Bundesministerium oder Ihrem Leeb Berater in der N\u00e4he.<\/p>\n<\/div><\/div>\n\n\n\n<div class=\"wp-block-t3-acc-accordion is-style-default\"><button id=\"accordion-dd42c52f-60f3-485b-a4ca-f76e9b2e356a-button\" class=\"accordion__button\" aria-expanded=\"false\" aria-controls=\"accordion-dd42c52f-60f3-485b-a4ca-f76e9b2e356a-panel\"><h3 data-accordion-title=\"true\" style=\"font-size:var(--step-1)\"><strong><strong><strong><strong>Wie langlebig und wartungsarm ist das System?<\/strong><\/strong><\/strong><\/strong><\/h3><\/button><div id=\"accordion-dd42c52f-60f3-485b-a4ca-f76e9b2e356a-panel\" class=\"accordion__panel\" role=\"region\" aria-labelledby=\"accordion-dd42c52f-60f3-485b-a4ca-f76e9b2e356a-button\">\n<p>Das Leeb System f\u00fcr Alu-Glas-Balkongel\u00e4nder mit PV-Modulen ist&nbsp;\u00e4u\u00dferst langlebig&nbsp;und&nbsp;wartungsarm. Es bietet eine nachhaltige, sichere und komfortable L\u00f6sung f\u00fcr die Eigenstromerzeugung am Balkon \u2013 mit minimalem Pflegeaufwand und einer sehr langen Nutzungsdauer.<\/p>\n\n\n\n<ul class=\"wp-block-list\">\n<li><strong>Lebensdauer:<\/strong>&nbsp;\u2265 25 Jahre (mit bis zu 25 Jahren Garantie)<\/li>\n\n\n\n<li><strong>Wartungsaufwand:<\/strong>&nbsp;Sehr gering durch senkrechte Montage und robuste Bauweise<\/li>\n\n\n\n<li><strong>Witterungsbest\u00e4ndigkeit:<\/strong>&nbsp;Hoch, dank spezieller Beschichtung und Glasintegration<\/li>\n<\/ul>\n\n\n\n<p>Diese Eigenschaften machen das Leeb System zu einer zukunftssicheren Investition f\u00fcr nachhaltiges Wohnen.<\/p>\n<\/div><\/div>\n\n\n\n<div class=\"wp-block-t3-acc-accordion is-style-default\"><button id=\"accordion-de4cad43-4596-4962-bcca-435d0e8751ae-button\" class=\"accordion__button\" aria-expanded=\"false\" aria-controls=\"accordion-de4cad43-4596-4962-bcca-435d0e8751ae-panel\"><h3 data-accordion-title=\"true\" style=\"font-size:var(--step-1)\"><strong><strong><strong><strong><strong>Kann ich den Solar Balkon nachr\u00fcsten?<\/strong><\/strong><\/strong><\/strong><\/strong><\/h3><\/button><div id=\"accordion-de4cad43-4596-4962-bcca-435d0e8751ae-panel\" class=\"accordion__panel\" role=\"region\" aria-labelledby=\"accordion-de4cad43-4596-4962-bcca-435d0e8751ae-button\">\n<p>Das System ist speziell f\u00fcr Leeb-Balkone entwickelt und wird individuell geplant und gefertigt. Eine Nachr\u00fcstung an bestehenden Fremdbalkonen ist in der Regel nicht vorgesehen. F\u00fcr weitere Fragen und eine pers\u00f6nliche Beratung steht Leeb mit einem europaweiten Partnernetzwerk zur Verf\u00fcgung.<\/p>\n<\/div><\/div>\n<\/div>\n<\/div>\n<\/section>\n\n\n\n<section class=\"wp-block-group alignfull has-white-background-color has-background has-global-padding is-layout-constrained wp-container-core-group-is-layout-52f96efc wp-block-group-is-layout-constrained\">\n<div class=\"wp-block-group o-grid u-md-1 is-layout-flow wp-block-group-is-layout-flow\" style=\"padding-top:0\">\n<div class=\"wp-block-group u-g-9 u-g-s-2 is-layout-flow wp-block-group-is-layout-flow\">\n<h2 class=\"wp-block-heading\">Solar Balkon Impressionen<\/h2>\n\n\n\n<p><span class=\"teaser\"><span class=\"teaser\">Lassen Sie sich von den Gestaltungsm\u00f6glichkeiten unserer Solar Balkongel\u00e4nder inspirieren.<\/span><\/span><\/p>\n<\/div>\n<\/div>\n\n\n    <div id=\"t3-lg-block-1\" class=\"wp-block-t3-lightgallery\" data-initial-count=\"9\">\n      <div class=\"lg-container u-grid-temp has-3-cols\">\n                  <div class=\"lg-item\" data-src=\"https:\/\/www.leeb-balkone.com\/app\/uploads\/2020\/07\/solarbalkon-optimus-und-glasbalkon-ballina-innenansicht-scaled.jpg\"\n              data-sub-html=\"&lt;p&gt;Kombination aus Balkongel\u00e4nder Modell Ballina und Solarbalkon Optimus&lt;\/p&gt;\">\n            <div class=\"img-wrapper\">\n                <figure>\n                    <img loading=\"lazy\" decoding=\"async\" width=\"300\" height=\"200\" src=\"https:\/\/www.leeb-balkone.com\/app\/uploads\/2020\/07\/solarbalkon-optimus-und-glasbalkon-ballina-innenansicht-300x200.jpg\" class=\"attachment-medium size-medium\" alt=\"Kombination aus Balkongel\u00e4nder Modell Ballina und Solarbalkon Optimus\" srcset=\"https:\/\/www.leeb-balkone.com\/app\/uploads\/2020\/07\/solarbalkon-optimus-und-glasbalkon-ballina-innenansicht-300x200.jpg 300w, https:\/\/www.leeb-balkone.com\/app\/uploads\/2020\/07\/solarbalkon-optimus-und-glasbalkon-ballina-innenansicht-1024x683.jpg 1024w, https:\/\/www.leeb-balkone.com\/app\/uploads\/2020\/07\/solarbalkon-optimus-und-glasbalkon-ballina-innenansicht-768x512.jpg 768w, https:\/\/www.leeb-balkone.com\/app\/uploads\/2020\/07\/solarbalkon-optimus-und-glasbalkon-ballina-innenansicht-1536x1024.jpg 1536w, https:\/\/www.leeb-balkone.com\/app\/uploads\/2020\/07\/solarbalkon-optimus-und-glasbalkon-ballina-innenansicht-2048x1366.jpg 2048w\" sizes=\"auto, (min-width: 1200px) 260px, (min-width: 1024px) 220px, (min-width: 640px) 465px, 768px\" \/>    \n                <\/figure>\n                        <\/div>\n            <p>Kombination aus Balkongel\u00e4nder Modell Ballina und Solarbalkon Optimus<\/p>        <\/div>\n                  <div class=\"lg-item\" data-src=\"https:\/\/www.leeb-balkone.com\/app\/uploads\/2020\/07\/balkongelaender-solar-11-scaled.jpg\"\n              data-sub-html=\"&lt;p&gt;Solarbalkon (Innenansicht)&lt;\/p&gt;\">\n            <div class=\"img-wrapper\">\n                <figure>\n                    <img loading=\"lazy\" decoding=\"async\" width=\"300\" height=\"200\" src=\"https:\/\/www.leeb-balkone.com\/app\/uploads\/2020\/07\/balkongelaender-solar-11-300x200.jpg\" class=\"attachment-medium size-medium\" alt=\"Solarbalkon (Innenansicht)\" srcset=\"https:\/\/www.leeb-balkone.com\/app\/uploads\/2020\/07\/balkongelaender-solar-11-300x200.jpg 300w, https:\/\/www.leeb-balkone.com\/app\/uploads\/2020\/07\/balkongelaender-solar-11-1024x683.jpg 1024w, https:\/\/www.leeb-balkone.com\/app\/uploads\/2020\/07\/balkongelaender-solar-11-768x513.jpg 768w, https:\/\/www.leeb-balkone.com\/app\/uploads\/2020\/07\/balkongelaender-solar-11-1536x1025.jpg 1536w, https:\/\/www.leeb-balkone.com\/app\/uploads\/2020\/07\/balkongelaender-solar-11-2048x1367.jpg 2048w\" sizes=\"auto, (min-width: 1200px) 260px, (min-width: 1024px) 220px, (min-width: 640px) 465px, 768px\" \/>    \n                <\/figure>\n                        <\/div>\n            <p>Solarbalkon (Innenansicht)<\/p>        <\/div>\n                  <div class=\"lg-item\" data-src=\"https:\/\/www.leeb-balkone.com\/app\/uploads\/2020\/07\/glasbalkon-ballina-und-solarbalkon-optimus-in-aluminium-anthrazit-scaled.jpg\"\n              data-sub-html=\"&lt;p&gt;Kombination aus Balkongel\u00e4nder Modell Ballina und Solarbalkon Optimus&lt;\/p&gt;\">\n            <div class=\"img-wrapper\">\n                <figure>\n                    <img loading=\"lazy\" decoding=\"async\" width=\"300\" height=\"169\" src=\"https:\/\/www.leeb-balkone.com\/app\/uploads\/2020\/07\/glasbalkon-ballina-und-solarbalkon-optimus-in-aluminium-anthrazit-300x169.jpg\" class=\"attachment-medium size-medium\" alt=\"Kombination aus Balkongel\u00e4nder Modell Ballina und Solarbalkon Optimus\" srcset=\"https:\/\/www.leeb-balkone.com\/app\/uploads\/2020\/07\/glasbalkon-ballina-und-solarbalkon-optimus-in-aluminium-anthrazit-300x169.jpg 300w, https:\/\/www.leeb-balkone.com\/app\/uploads\/2020\/07\/glasbalkon-ballina-und-solarbalkon-optimus-in-aluminium-anthrazit-1024x575.jpg 1024w, https:\/\/www.leeb-balkone.com\/app\/uploads\/2020\/07\/glasbalkon-ballina-und-solarbalkon-optimus-in-aluminium-anthrazit-768x431.jpg 768w, https:\/\/www.leeb-balkone.com\/app\/uploads\/2020\/07\/glasbalkon-ballina-und-solarbalkon-optimus-in-aluminium-anthrazit-1536x863.jpg 1536w, https:\/\/www.leeb-balkone.com\/app\/uploads\/2020\/07\/glasbalkon-ballina-und-solarbalkon-optimus-in-aluminium-anthrazit-2048x1151.jpg 2048w\" sizes=\"auto, (min-width: 1200px) 260px, (min-width: 1024px) 220px, (min-width: 640px) 465px, 768px\" \/>    \n                <\/figure>\n                        <\/div>\n            <p>Kombination aus Balkongel\u00e4nder Modell Ballina und Solarbalkon Optimus<\/p>        <\/div>\n                  <div class=\"lg-item\" data-src=\"https:\/\/www.leeb-balkone.com\/app\/uploads\/2020\/07\/solarbalkon-pvbalkon-sonnenenergie-balkon-balkongelaender-alubalkon-glasfuellung-glasbalkon-scaled.jpg\"\n              data-sub-html=\"&lt;p&gt;Solarbalkon mit wechselnder F\u00fcllung (Solarpanele und Mattglas), Innenansicht&lt;\/p&gt;\">\n            <div class=\"img-wrapper\">\n                <figure>\n                    <img loading=\"lazy\" decoding=\"async\" width=\"300\" height=\"200\" src=\"https:\/\/www.leeb-balkone.com\/app\/uploads\/2020\/07\/solarbalkon-pvbalkon-sonnenenergie-balkon-balkongelaender-alubalkon-glasfuellung-glasbalkon-300x200.jpg\" class=\"attachment-medium size-medium\" alt=\"Solarbalkon mit wechselnder F\u00fcllung (Solarpanele und Mattglas), Innenansicht\" srcset=\"https:\/\/www.leeb-balkone.com\/app\/uploads\/2020\/07\/solarbalkon-pvbalkon-sonnenenergie-balkon-balkongelaender-alubalkon-glasfuellung-glasbalkon-300x200.jpg 300w, https:\/\/www.leeb-balkone.com\/app\/uploads\/2020\/07\/solarbalkon-pvbalkon-sonnenenergie-balkon-balkongelaender-alubalkon-glasfuellung-glasbalkon-1024x683.jpg 1024w, https:\/\/www.leeb-balkone.com\/app\/uploads\/2020\/07\/solarbalkon-pvbalkon-sonnenenergie-balkon-balkongelaender-alubalkon-glasfuellung-glasbalkon-768x512.jpg 768w, https:\/\/www.leeb-balkone.com\/app\/uploads\/2020\/07\/solarbalkon-pvbalkon-sonnenenergie-balkon-balkongelaender-alubalkon-glasfuellung-glasbalkon-1536x1024.jpg 1536w, https:\/\/www.leeb-balkone.com\/app\/uploads\/2020\/07\/solarbalkon-pvbalkon-sonnenenergie-balkon-balkongelaender-alubalkon-glasfuellung-glasbalkon-2048x1366.jpg 2048w\" sizes=\"auto, (min-width: 1200px) 260px, (min-width: 1024px) 220px, (min-width: 640px) 465px, 768px\" \/>    \n                <\/figure>\n                        <\/div>\n            <p>Solarbalkon mit wechselnder F\u00fcllung (Solarpanele und Mattglas), Innenansicht<\/p>        <\/div>\n                  <div class=\"lg-item\" data-src=\"https:\/\/www.leeb-balkone.com\/app\/uploads\/2020\/07\/solarbalkon-optimus-in-anthrazit-mit-verblendung-scaled.jpg\"\n              data-sub-html=\"&lt;p&gt;Solarbalkon Optimus in Anthrazit &lt;\/p&gt;\">\n            <div class=\"img-wrapper\">\n                <figure>\n                    <img loading=\"lazy\" decoding=\"async\" width=\"300\" height=\"200\" src=\"https:\/\/www.leeb-balkone.com\/app\/uploads\/2020\/07\/solarbalkon-optimus-in-anthrazit-mit-verblendung-300x200.jpg\" class=\"attachment-medium size-medium\" alt=\"Solarbalkon Optimus in Anthrazit mit innenliegend versteckten Verkabelungen\" srcset=\"https:\/\/www.leeb-balkone.com\/app\/uploads\/2020\/07\/solarbalkon-optimus-in-anthrazit-mit-verblendung-300x200.jpg 300w, https:\/\/www.leeb-balkone.com\/app\/uploads\/2020\/07\/solarbalkon-optimus-in-anthrazit-mit-verblendung-1024x683.jpg 1024w, https:\/\/www.leeb-balkone.com\/app\/uploads\/2020\/07\/solarbalkon-optimus-in-anthrazit-mit-verblendung-768x512.jpg 768w, https:\/\/www.leeb-balkone.com\/app\/uploads\/2020\/07\/solarbalkon-optimus-in-anthrazit-mit-verblendung-1536x1024.jpg 1536w, https:\/\/www.leeb-balkone.com\/app\/uploads\/2020\/07\/solarbalkon-optimus-in-anthrazit-mit-verblendung-2048x1366.jpg 2048w\" sizes=\"auto, (min-width: 1200px) 260px, (min-width: 1024px) 220px, (min-width: 640px) 465px, 768px\" \/>    \n                <\/figure>\n                        <\/div>\n            <p>Solarbalkon Optimus in Anthrazit <\/p>        <\/div>\n                  <div class=\"lg-item\" data-src=\"https:\/\/www.leeb-balkone.com\/app\/uploads\/2020\/07\/solarbalkon-optimus-in-anthrazit-und-markise-scaled.jpg\"\n              data-sub-html=\"&lt;p&gt;Moderner Solarbalkon aus Aluminium und Glas&lt;\/p&gt;\">\n            <div class=\"img-wrapper\">\n                <figure>\n                    <img loading=\"lazy\" decoding=\"async\" width=\"300\" height=\"202\" src=\"https:\/\/www.leeb-balkone.com\/app\/uploads\/2020\/07\/solarbalkon-optimus-in-anthrazit-und-markise-300x202.jpg\" class=\"attachment-medium size-medium\" alt=\"Moderner Solarbalkon aus Aluminium und Glas\" srcset=\"https:\/\/www.leeb-balkone.com\/app\/uploads\/2020\/07\/solarbalkon-optimus-in-anthrazit-und-markise-300x202.jpg 300w, https:\/\/www.leeb-balkone.com\/app\/uploads\/2020\/07\/solarbalkon-optimus-in-anthrazit-und-markise-1024x691.jpg 1024w, https:\/\/www.leeb-balkone.com\/app\/uploads\/2020\/07\/solarbalkon-optimus-in-anthrazit-und-markise-768x518.jpg 768w, https:\/\/www.leeb-balkone.com\/app\/uploads\/2020\/07\/solarbalkon-optimus-in-anthrazit-und-markise-1536x1036.jpg 1536w, https:\/\/www.leeb-balkone.com\/app\/uploads\/2020\/07\/solarbalkon-optimus-in-anthrazit-und-markise-2048x1382.jpg 2048w, https:\/\/www.leeb-balkone.com\/app\/uploads\/2020\/07\/solarbalkon-optimus-in-anthrazit-und-markise-400x270.jpg 400w\" sizes=\"auto, (min-width: 1200px) 260px, (min-width: 1024px) 220px, (min-width: 640px) 465px, 768px\" \/>    \n                <\/figure>\n                        <\/div>\n            <p>Moderner Solarbalkon aus Aluminium und Glas<\/p>        <\/div>\n                  <div class=\"lg-item\" data-src=\"https:\/\/www.leeb-balkone.com\/app\/uploads\/2020\/07\/alu-balkongelaender-solar-14-scaled.jpg\"\n              data-sub-html=\"&lt;p&gt;Hightech Balkongel\u00e4nder mit PV-Modulen \u2013 Balkon Solaranlage mit Leeb&lt;\/p&gt;\">\n            <div class=\"img-wrapper\">\n                <figure>\n                    <img loading=\"lazy\" decoding=\"async\" width=\"300\" height=\"200\" src=\"https:\/\/www.leeb-balkone.com\/app\/uploads\/2020\/07\/alu-balkongelaender-solar-14-300x200.jpg\" class=\"attachment-medium size-medium\" alt=\"Hightech Balkongel\u00e4nder mit PV-Modulen \u2013 Balkon Solaranlage mit Leeb\" srcset=\"https:\/\/www.leeb-balkone.com\/app\/uploads\/2020\/07\/alu-balkongelaender-solar-14-300x200.jpg 300w, https:\/\/www.leeb-balkone.com\/app\/uploads\/2020\/07\/alu-balkongelaender-solar-14-1024x683.jpg 1024w, https:\/\/www.leeb-balkone.com\/app\/uploads\/2020\/07\/alu-balkongelaender-solar-14-768x512.jpg 768w, https:\/\/www.leeb-balkone.com\/app\/uploads\/2020\/07\/alu-balkongelaender-solar-14-1536x1024.jpg 1536w, https:\/\/www.leeb-balkone.com\/app\/uploads\/2020\/07\/alu-balkongelaender-solar-14-2048x1366.jpg 2048w\" sizes=\"auto, (min-width: 1200px) 260px, (min-width: 1024px) 220px, (min-width: 640px) 465px, 768px\" \/>    \n                <\/figure>\n                        <\/div>\n            <p>Hightech Balkongel\u00e4nder mit PV-Modulen \u2013 Balkon Solaranlage mit Leeb<\/p>        <\/div>\n                  <div class=\"lg-item\" data-src=\"https:\/\/www.leeb-balkone.com\/app\/uploads\/2020\/07\/alu-balkongelaender-solar-17-scaled.jpg\"\n              data-sub-html=\"&lt;p&gt;Vollintegrierte Solarmodule im Glasbalkon (Modell Vision)&lt;\/p&gt;\">\n            <div class=\"img-wrapper\">\n                <figure>\n                    <img loading=\"lazy\" decoding=\"async\" width=\"300\" height=\"200\" src=\"https:\/\/www.leeb-balkone.com\/app\/uploads\/2020\/07\/alu-balkongelaender-solar-17-300x200.jpg\" class=\"attachment-medium size-medium\" alt=\"Vollintegrierte Solarmodule im Glasbalkon (Modell Vision)\" srcset=\"https:\/\/www.leeb-balkone.com\/app\/uploads\/2020\/07\/alu-balkongelaender-solar-17-300x200.jpg 300w, https:\/\/www.leeb-balkone.com\/app\/uploads\/2020\/07\/alu-balkongelaender-solar-17-1024x683.jpg 1024w, https:\/\/www.leeb-balkone.com\/app\/uploads\/2020\/07\/alu-balkongelaender-solar-17-768x512.jpg 768w, https:\/\/www.leeb-balkone.com\/app\/uploads\/2020\/07\/alu-balkongelaender-solar-17-1536x1024.jpg 1536w, https:\/\/www.leeb-balkone.com\/app\/uploads\/2020\/07\/alu-balkongelaender-solar-17-2048x1366.jpg 2048w\" sizes=\"auto, (min-width: 1200px) 260px, (min-width: 1024px) 220px, (min-width: 640px) 465px, 768px\" \/>    \n                <\/figure>\n                        <\/div>\n            <p>Vollintegrierte Solarmodule im Glasbalkon (Modell Vision)<\/p>        <\/div>\n                <\/div>\n\n          <\/div>\n    <\/section>\n\n\n\n<section class=\"wp-block-group alignfull has-white-background-color has-background has-global-padding is-layout-constrained wp-container-core-group-is-layout-9fa1424c wp-block-group-is-layout-constrained\" style=\"padding-top:0\">\n<div class=\"wp-block-columns is-style-offset m-split is-layout-flex wp-container-core-columns-is-layout-28f84493 wp-block-columns-is-layout-flex\">\n<div class=\"wp-block-column is-layout-flow wp-block-column-is-layout-flow\"><div class=\"vp-map-wrapper vp-map-ratio-19-1\"><img decoding=\"async\" width=\"2000\" height=\"1157\" src=\"https:\/\/www.leeb-balkone.com\/app\/uploads\/2026\/03\/map-ch.jpg\" class=\"attachment-full size-full\" alt=\"Schweizer Map: Vertriebspartner (orange Pins) und Schaur\u00e4ume \/ Standorte (gr\u00fcne Pins) der Leeb Balkone GmbH in der Schweiz\" style=\"width:100%;height:100%;object-fit:cover;display:block;\" loading=\"lazy\" srcset=\"https:\/\/www.leeb-balkone.com\/app\/uploads\/2026\/03\/map-ch.jpg 2000w, https:\/\/www.leeb-balkone.com\/app\/uploads\/2026\/03\/map-ch-300x174.jpg 300w, https:\/\/www.leeb-balkone.com\/app\/uploads\/2026\/03\/map-ch-1024x592.jpg 1024w, https:\/\/www.leeb-balkone.com\/app\/uploads\/2026\/03\/map-ch-768x444.jpg 768w, https:\/\/www.leeb-balkone.com\/app\/uploads\/2026\/03\/map-ch-1536x889.jpg 1536w\" sizes=\"auto, (min-width: 1536px) 2048px, (min-width: 992px) 1536px, (min-width: 768px) 1024px, (min-width: 576px) 768px, 100vw\" \/><\/div>\n<\/div>\n\n\n\n<div class=\"wp-block-column is-vertically-aligned-center is-style-overlay-content is-layout-flow wp-block-column-is-layout-flow\">\n<div class=\"wp-block-group is-vertical is-layout-flex wp-container-core-group-is-layout-bd7877ba wp-block-group-is-layout-flex\">\n<h2 class=\"wp-block-heading has-step-2-font-size\">Vertriebspartner Schweiz<\/h2>\n\n\n\n<p>Kompetente LEEB Partner in Ihrer Region. Pers\u00f6nliche Beratung, pr\u00e4zise Planung und fachgerechte Montage \u2013 Westschweiz. <\/p>\n\n\n\n<div class=\"wp-block-buttons is-layout-flex wp-block-buttons-is-layout-flex\" style=\"margin-top:var(--wp--preset--spacing--2-xs)\">\n<div class=\"wp-block-button is-style-cta\"><a class=\"wp-block-button__link has-transparent-background-color has-background wp-element-button\" href=\"https:\/\/www.leeb-balkone.com\/ch\/vertriebspartner\/\">Vertriebspartner finden<span class=\"sr-only\"> Vertriebspartner Leeb Balkone Schweiz<\/span><\/a><\/div>\n<\/div>\n<\/div>\n<\/div>\n<\/div>\n<\/section>\n\n<section class=\"wp-block-group alignfull has-light-gray-background-color has-background has-global-padding is-layout-constrained wp-container-core-group-is-layout-52f96efc wp-block-group-is-layout-constrained\" id=\"beratungstermin\">\n<div class=\"wp-block-group m-teaser o-grid u-md-1 is-layout-flow wp-block-group-is-layout-flow\">\n<div class=\"wp-block-group u-g-7 u-g-s-2 is-layout-flow wp-block-group-is-layout-flow\" style=\"margin-bottom:var(--wp--preset--spacing--s)\">\n<h2 class=\"wp-block-heading\">Kontaktieren Sie uns<\/h2>\n\n\n\n<p><strong><strong>Immer ein Leeb-Partner in Ihrer N\u00e4he mit 80 Partnern in \u00d6sterreich, Deutschland, Italien, Frankreich, der Schweiz und Slowenien.<\/strong><\/strong><\/p>\n<\/div>\n<\/div>\n\n\n\n<div class=\"wp-block-group m-teaser o-grid u-md-1 is-layout-flow wp-block-group-is-layout-flow\">\n<div class=\"wp-block-group u-g-7 u-g-s-2 is-layout-flow wp-block-group-is-layout-flow\" style=\"margin-bottom:var(--wp--preset--spacing--s)\"><form action=\"https:\/\/www.leeb-balkone.com\/ch\/wp-json\/ws-form\/v1\/submit\" class=\"wsf-form wsf-form-canvas\" id=\"ws-form-1\" data-id=\"26\" data-instance-id=\"1\" method=\"POST\"><\/form>\n<\/div>\n\n\n\n<div class=\"wp-block-group u-g-3 u-g-s-9 is-layout-flow wp-block-group-is-layout-flow\"><div class=\"t3-sidebar-buttons wp-block-buttons is-layout-flex wp-block-buttons-is-layout-flex\"><div class=\"wp-block-button is-style-fill icon-book icon-left\">\n                        <a class=\"wp-block-button__link has-secondary-color has-white-background-color has-text-color has-background has-link-color wp-element-button\" href=\"https:\/\/www.leeb-balkone.com\/ch\/kontakt\/katalog-anfordern\/\" style=\"box-shadow:var(--wp--preset--shadow--box-shadow)\">Katalog anfordern<\/a>\n                    <\/div><div class=\"wp-block-button is-style-fill icon-phone-new icon-left\">\n                        <a class=\"wp-block-button__link has-secondary-color has-white-background-color has-text-color has-background has-link-color wp-element-button\" href=\"tel:+41555361653\">Telefon Schweiz <span class=\"sr-only\"> Telefon: +41 555 3616 53<\/span><\/a>\n                    <\/div><\/div>\n<\/div>\n<\/div>\n<\/section>\n","protected":false},"excerpt":{"rendered":"","protected":false},"author":4,"featured_media":0,"parent":158603,"menu_order":0,"comment_status":"closed","ping_status":"closed","template":"template-onepager.blade.php","meta":{"_acf_changed":false,"footnotes":"","_sage_theme_css":true,"_wp_block_core_css":true},"folder":[244,238,250],"class_list":["post-154681","page","type-page","status-publish","hentry"],"acf":[],"yoast_head":"<!-- This site is optimized with the Yoast SEO plugin v27.2 - https:\/\/yoast.com\/product\/yoast-seo-wordpress\/ -->\n<title>Solar Balkon \u00bb Balkongel\u00e4nder mit PV-Modulen - Leeb Balkone Schweiz<\/title>\n<meta name=\"description\" content=\"Der Leeb Solar Balkon vereint preisgekr\u00f6ntes Design mit nachhaltiger Energieerzeugung. Vollintegrierte PV-Module im Gel\u00e4nder liefern gr\u00fcnen Strom &amp; reduzieren Kosten. Jetzt informieren!\" \/>\n<meta name=\"robots\" content=\"index, follow, max-snippet:-1, max-image-preview:large, max-video-preview:-1\" \/>\n<meta property=\"og:locale\" content=\"de_DE\" \/>\n<meta property=\"og:type\" content=\"article\" \/>\n<meta property=\"og:title\" content=\"Solar Balkon \u00bb Balkongel\u00e4nder mit PV-Modulen - Leeb Balkone\" \/>\n<meta property=\"og:description\" content=\"Der Leeb Solar Balkon vereint preisgekr\u00f6ntes Design mit nachhaltiger Energieerzeugung. Vollintegrierte PV-Module im Gel\u00e4nder liefern gr\u00fcnen Strom &amp; reduzieren Kosten. Jetzt informieren!\" \/>\n<meta property=\"og:url\" content=\"https:\/\/www.leeb-balkone.com\/ch\/solar\/solar-balkon\/\" \/>\n<meta property=\"og:site_name\" content=\"Leeb Balkone\" \/>\n<meta property=\"article:publisher\" content=\"https:\/\/www.facebook.com\/balkone\/\" \/>\n<meta property=\"article:modified_time\" content=\"2026-04-15T14:57:08+00:00\" \/>\n<meta property=\"og:image\" content=\"https:\/\/www.leeb-balkone.com\/app\/uploads\/2020\/07\/solarbalkon-optimus-innenansicht-mit-klarem-glas-scaled.jpg\" \/>\n\t<meta property=\"og:image:width\" content=\"2560\" \/>\n\t<meta property=\"og:image:height\" content=\"1706\" \/>\n\t<meta property=\"og:image:type\" content=\"image\/jpeg\" \/>\n<meta name=\"twitter:card\" content=\"summary_large_image\" \/>\n<script type=\"application\/ld+json\" class=\"yoast-schema-graph\">{\"@context\":\"https:\/\/schema.org\",\"@graph\":[{\"@type\":\"WebPage\",\"@id\":\"https:\/\/www.leeb-balkone.com\/ch\/solar\/solar-balkon\/\",\"url\":\"https:\/\/www.leeb-balkone.com\/ch\/solar\/solar-balkon\/\",\"name\":\"Solar Balkon \u00bb Balkongel\u00e4nder mit PV-Modulen - Leeb Balkone\",\"isPartOf\":{\"@id\":\"https:\/\/www.leeb-balkone.com\/ch\/#website\"},\"primaryImageOfPage\":{\"@id\":\"https:\/\/www.leeb-balkone.com\/ch\/solar\/solar-balkon\/#primaryimage\"},\"image\":{\"@id\":\"https:\/\/www.leeb-balkone.com\/ch\/solar\/solar-balkon\/#primaryimage\"},\"thumbnailUrl\":\"https:\/\/www.leeb-balkone.com\/app\/uploads\/2020\/07\/solarbalkon-optimus-innenansicht-mit-klarem-glas-1024x682.jpg\",\"datePublished\":\"2025-09-13T14:09:13+00:00\",\"dateModified\":\"2026-04-15T14:57:08+00:00\",\"description\":\"Der Leeb Solar Balkon vereint preisgekr\u00f6ntes Design mit nachhaltiger Energieerzeugung. Vollintegrierte PV-Module im Gel\u00e4nder liefern gr\u00fcnen Strom & reduzieren Kosten. Jetzt informieren!\",\"breadcrumb\":{\"@id\":\"https:\/\/www.leeb-balkone.com\/ch\/solar\/solar-balkon\/#breadcrumb\"},\"inLanguage\":\"de-CH\",\"potentialAction\":[{\"@type\":\"ReadAction\",\"target\":[\"https:\/\/www.leeb-balkone.com\/ch\/solar\/solar-balkon\/\"]}]},{\"@type\":\"ImageObject\",\"inLanguage\":\"de-CH\",\"@id\":\"https:\/\/www.leeb-balkone.com\/ch\/solar\/solar-balkon\/#primaryimage\",\"url\":\"https:\/\/www.leeb-balkone.com\/app\/uploads\/2020\/07\/solarbalkon-optimus-innenansicht-mit-klarem-glas-1024x682.jpg\",\"contentUrl\":\"https:\/\/www.leeb-balkone.com\/app\/uploads\/2020\/07\/solarbalkon-optimus-innenansicht-mit-klarem-glas-1024x682.jpg\"},{\"@type\":\"BreadcrumbList\",\"@id\":\"https:\/\/www.leeb-balkone.com\/ch\/solar\/solar-balkon\/#breadcrumb\",\"itemListElement\":[{\"@type\":\"ListItem\",\"position\":1,\"name\":\"Home\",\"item\":\"https:\/\/www.leeb-balkone.com\/ch\/\"},{\"@type\":\"ListItem\",\"position\":2,\"name\":\"Solarprodukte\",\"item\":\"https:\/\/www.leeb-balkone.com\/ch\/solar\/\"},{\"@type\":\"ListItem\",\"position\":3,\"name\":\"Solar Balkon\"}]},{\"@type\":\"WebSite\",\"@id\":\"https:\/\/www.leeb-balkone.com\/ch\/#website\",\"url\":\"https:\/\/www.leeb-balkone.com\/ch\/\",\"name\":\"Leeb Balkone\",\"description\":\"Balkone und Z\u00e4une\",\"publisher\":{\"@id\":\"https:\/\/www.leeb-balkone.com\/ch\/#organization\"},\"potentialAction\":[{\"@type\":\"SearchAction\",\"target\":{\"@type\":\"EntryPoint\",\"urlTemplate\":\"https:\/\/www.leeb-balkone.com\/ch\/?s={search_term_string}\"},\"query-input\":{\"@type\":\"PropertyValueSpecification\",\"valueRequired\":true,\"valueName\":\"search_term_string\"}}],\"inLanguage\":\"de-CH\"},{\"@type\":\"Organization\",\"@id\":\"https:\/\/www.leeb-balkone.com\/ch\/#organization\",\"name\":\"Leeb Balkone Gmbh\",\"url\":\"https:\/\/www.leeb-balkone.com\/ch\/\",\"logo\":{\"@type\":\"ImageObject\",\"inLanguage\":\"de-CH\",\"@id\":\"https:\/\/www.leeb-balkone.com\/ch\/#\/schema\/logo\/image\/\",\"url\":\"https:\/\/www.leeb-balkone.com\/app\/uploads\/2020\/11\/leeb-logo.svg\",\"contentUrl\":\"https:\/\/www.leeb-balkone.com\/app\/uploads\/2020\/11\/leeb-logo.svg\",\"width\":741,\"height\":204,\"caption\":\"Leeb Balkone Gmbh\"},\"image\":{\"@id\":\"https:\/\/www.leeb-balkone.com\/ch\/#\/schema\/logo\/image\/\"},\"sameAs\":[\"https:\/\/www.facebook.com\/balkone\/\",\"https:\/\/www.trustedshops.at\/bewertung\/info_X4587CCF5833E31AFE0B11F47D86999F2.html\",\"https:\/\/www.trustedshops.de\/bewertung\/info_X7BA536A7A0BDC86D36C4718E4DCAEEEF.html\",\"https:\/\/www.google.com\/maps\/place\/?q=place_id:ChIJ5-zH19-IcEcR9HonWRTllHI\"]}]}<\/script>\n<!-- \/ Yoast SEO plugin. -->","yoast_head_json":{"title":"Solar Balkon \u00bb Balkongel\u00e4nder mit PV-Modulen - Leeb Balkone Schweiz","description":"Der Leeb Solar Balkon vereint preisgekr\u00f6ntes Design mit nachhaltiger Energieerzeugung. Vollintegrierte PV-Module im Gel\u00e4nder liefern gr\u00fcnen Strom & reduzieren Kosten. Jetzt informieren!","robots":{"index":"index","follow":"follow","max-snippet":"max-snippet:-1","max-image-preview":"max-image-preview:large","max-video-preview":"max-video-preview:-1"},"og_locale":"de_DE","og_type":"article","og_title":"Solar Balkon \u00bb Balkongel\u00e4nder mit PV-Modulen - Leeb Balkone","og_description":"Der Leeb Solar Balkon vereint preisgekr\u00f6ntes Design mit nachhaltiger Energieerzeugung. Vollintegrierte PV-Module im Gel\u00e4nder liefern gr\u00fcnen Strom & reduzieren Kosten. Jetzt informieren!","og_url":"https:\/\/www.leeb-balkone.com\/ch\/solar\/solar-balkon\/","og_site_name":"Leeb Balkone","article_publisher":"https:\/\/www.facebook.com\/balkone\/","article_modified_time":"2026-04-15T14:57:08+00:00","og_image":[{"width":2560,"height":1706,"url":"https:\/\/www.leeb-balkone.com\/app\/uploads\/2020\/07\/solarbalkon-optimus-innenansicht-mit-klarem-glas-scaled.jpg","type":"image\/jpeg"}],"twitter_card":"summary_large_image","schema":{"@context":"https:\/\/schema.org","@graph":[{"@type":"WebPage","@id":"https:\/\/www.leeb-balkone.com\/ch\/solar\/solar-balkon\/","url":"https:\/\/www.leeb-balkone.com\/ch\/solar\/solar-balkon\/","name":"Solar Balkon \u00bb Balkongel\u00e4nder mit PV-Modulen - Leeb Balkone","isPartOf":{"@id":"https:\/\/www.leeb-balkone.com\/ch\/#website"},"primaryImageOfPage":{"@id":"https:\/\/www.leeb-balkone.com\/ch\/solar\/solar-balkon\/#primaryimage"},"image":{"@id":"https:\/\/www.leeb-balkone.com\/ch\/solar\/solar-balkon\/#primaryimage"},"thumbnailUrl":"https:\/\/www.leeb-balkone.com\/app\/uploads\/2020\/07\/solarbalkon-optimus-innenansicht-mit-klarem-glas-1024x682.jpg","datePublished":"2025-09-13T14:09:13+00:00","dateModified":"2026-04-15T14:57:08+00:00","description":"Der Leeb Solar Balkon vereint preisgekr\u00f6ntes Design mit nachhaltiger Energieerzeugung. Vollintegrierte PV-Module im Gel\u00e4nder liefern gr\u00fcnen Strom & reduzieren Kosten. Jetzt informieren!","breadcrumb":{"@id":"https:\/\/www.leeb-balkone.com\/ch\/solar\/solar-balkon\/#breadcrumb"},"inLanguage":"de-CH","potentialAction":[{"@type":"ReadAction","target":["https:\/\/www.leeb-balkone.com\/ch\/solar\/solar-balkon\/"]}]},{"@type":"ImageObject","inLanguage":"de-CH","@id":"https:\/\/www.leeb-balkone.com\/ch\/solar\/solar-balkon\/#primaryimage","url":"https:\/\/www.leeb-balkone.com\/app\/uploads\/2020\/07\/solarbalkon-optimus-innenansicht-mit-klarem-glas-1024x682.jpg","contentUrl":"https:\/\/www.leeb-balkone.com\/app\/uploads\/2020\/07\/solarbalkon-optimus-innenansicht-mit-klarem-glas-1024x682.jpg"},{"@type":"BreadcrumbList","@id":"https:\/\/www.leeb-balkone.com\/ch\/solar\/solar-balkon\/#breadcrumb","itemListElement":[{"@type":"ListItem","position":1,"name":"Home","item":"https:\/\/www.leeb-balkone.com\/ch\/"},{"@type":"ListItem","position":2,"name":"Solarprodukte","item":"https:\/\/www.leeb-balkone.com\/ch\/solar\/"},{"@type":"ListItem","position":3,"name":"Solar Balkon"}]},{"@type":"WebSite","@id":"https:\/\/www.leeb-balkone.com\/ch\/#website","url":"https:\/\/www.leeb-balkone.com\/ch\/","name":"Leeb Balkone","description":"Balkone und Z\u00e4une","publisher":{"@id":"https:\/\/www.leeb-balkone.com\/ch\/#organization"},"potentialAction":[{"@type":"SearchAction","target":{"@type":"EntryPoint","urlTemplate":"https:\/\/www.leeb-balkone.com\/ch\/?s={search_term_string}"},"query-input":{"@type":"PropertyValueSpecification","valueRequired":true,"valueName":"search_term_string"}}],"inLanguage":"de-CH"},{"@type":"Organization","@id":"https:\/\/www.leeb-balkone.com\/ch\/#organization","name":"Leeb Balkone Gmbh","url":"https:\/\/www.leeb-balkone.com\/ch\/","logo":{"@type":"ImageObject","inLanguage":"de-CH","@id":"https:\/\/www.leeb-balkone.com\/ch\/#\/schema\/logo\/image\/","url":"https:\/\/www.leeb-balkone.com\/app\/uploads\/2020\/11\/leeb-logo.svg","contentUrl":"https:\/\/www.leeb-balkone.com\/app\/uploads\/2020\/11\/leeb-logo.svg","width":741,"height":204,"caption":"Leeb Balkone Gmbh"},"image":{"@id":"https:\/\/www.leeb-balkone.com\/ch\/#\/schema\/logo\/image\/"},"sameAs":["https:\/\/www.facebook.com\/balkone\/","https:\/\/www.trustedshops.at\/bewertung\/info_X4587CCF5833E31AFE0B11F47D86999F2.html","https:\/\/www.trustedshops.de\/bewertung\/info_X7BA536A7A0BDC86D36C4718E4DCAEEEF.html","https:\/\/www.google.com\/maps\/place\/?q=place_id:ChIJ5-zH19-IcEcR9HonWRTllHI"]}]}},"_links":{"self":[{"href":"https:\/\/www.leeb-balkone.com\/ch\/wp-json\/wp\/v2\/pages\/154681","targetHints":{"allow":["GET"]}}],"collection":[{"href":"https:\/\/www.leeb-balkone.com\/ch\/wp-json\/wp\/v2\/pages"}],"about":[{"href":"https:\/\/www.leeb-balkone.com\/ch\/wp-json\/wp\/v2\/types\/page"}],"author":[{"embeddable":true,"href":"https:\/\/www.leeb-balkone.com\/ch\/wp-json\/wp\/v2\/users\/4"}],"replies":[{"embeddable":true,"href":"https:\/\/www.leeb-balkone.com\/ch\/wp-json\/wp\/v2\/comments?post=154681"}],"version-history":[{"count":16,"href":"https:\/\/www.leeb-balkone.com\/ch\/wp-json\/wp\/v2\/pages\/154681\/revisions"}],"predecessor-version":[{"id":167832,"href":"https:\/\/www.leeb-balkone.com\/ch\/wp-json\/wp\/v2\/pages\/154681\/revisions\/167832"}],"up":[{"embeddable":true,"href":"https:\/\/www.leeb-balkone.com\/ch\/wp-json\/wp\/v2\/pages\/158603"}],"wp:attachment":[{"href":"https:\/\/www.leeb-balkone.com\/ch\/wp-json\/wp\/v2\/media?parent=154681"}],"wp:term":[{"taxonomy":"folder","embeddable":true,"href":"https:\/\/www.leeb-balkone.com\/ch\/wp-json\/wp\/v2\/folder?post=154681"}],"curies":[{"name":"wp","href":"https:\/\/api.w.org\/{rel}","templated":true}]}}