{"id":154633,"date":"2025-09-12T20:20:35","date_gmt":"2025-09-12T20:20:35","guid":{"rendered":"https:\/\/www.leeb-balkone.com\/de\/produkte\/sommergarten\/"},"modified":"2026-05-02T14:45:15","modified_gmt":"2026-05-02T14:45:15","slug":"sommergarten","status":"publish","type":"page","link":"https:\/\/www.leeb-balkone.com\/ch\/ueberdachungen\/sommergarten\/","title":{"rendered":"Sommergarten"},"content":{"rendered":"\n<section class=\"wp-block-group alignfull t3-header t3-header-splitscreen t3-splitscreen-shadow h-zi-20 has-light-gray-background-color has-background has-global-padding is-layout-constrained wp-container-core-group-is-layout-f1ad4950 wp-block-group-is-layout-constrained\" style=\"padding-top:0;padding-bottom:0\">\n<div class=\"wp-block-columns h-flx-a-s m-split is-layout-flex wp-container-core-columns-is-layout-28f84493 wp-block-columns-is-layout-flex\">\n<div class=\"wp-block-column is-vertically-aligned-top h-flx-a-s m-split-col-content is-layout-flow wp-block-column-is-layout-flow\"><div class=\"yoast-breadcrumbs\"><span><span><a href=\"https:\/\/www.leeb-balkone.com\/ch\/\">Home<\/a><\/span> \/ <span><a href=\"https:\/\/www.leeb-balkone.com\/ch\/ueberdachungen\/\">\u00dcberdachungen und Sommerg\u00e4rten<\/a><\/span> \/ <span class=\"breadcrumb_last\" aria-current=\"page\">Sommergarten<\/span><\/span><\/div>\n\n<h1 class=\"wp-block-post-title\">Sommergarten<\/h1>\n\n\n<p class=\"has-step-0-font-size\" style=\"margin-bottom:0\">Mit einem Sommergarten von Leeb verl\u00e4ngern Sie komfortabel die Terrassensaison. Die Rundumverglasung sch\u00fctzt vor Wind und Wetter und f\u00e4ngt reichlich Sonnenstrahlen ein. Aus der Terrassen\u00fcberdachung wird ein behaglicher Sommergarten.<\/p>\n\n\n\n<div class=\"wp-block-buttons is-layout-flex wp-block-buttons-is-layout-flex\" style=\"margin-top:var(--wp--preset--spacing--l)\">\n<div class=\"wp-block-button is-style-cta icon-book icon-left\"><a class=\"wp-block-button__link wp-element-button\" href=\"https:\/\/www.leeb-balkone.com\/ch\/kontakt\/katalog-anfordern\/\">Katalog anfordern<\/a><\/div>\n\n\n\n<div class=\"wp-block-button is-style-cta icon-vp icon-left\"><a class=\"wp-block-button__link wp-element-button\" href=\"https:\/\/www.leeb-balkone.com\/ch\/vertriebspartner\/\">Ansprechpartner finden<span class=\"sr-only\"> Schweiz<\/span><\/a><\/div>\n<\/div>\n<\/div>\n\n\n\n<div class=\"wp-block-column is-vertically-aligned-stretch h-hide-md-down is-style-image-cover is-layout-flow wp-block-column-is-layout-flow\">\n<figure class=\"wp-block-image size-large\"><img loading=\"lazy\" decoding=\"async\" width=\"1024\" height=\"684\" src=\"https:\/\/www.leeb-balkone.com\/app\/uploads\/2020\/07\/glas-sommergarten-terrassenueberdachung-5-1024x684.jpg\" alt=\"glas sommergarten terrassenueberdachung\" class=\"wp-image-59462\" srcset=\"https:\/\/www.leeb-balkone.com\/app\/uploads\/2020\/07\/glas-sommergarten-terrassenueberdachung-5-1024x684.jpg 1024w, https:\/\/www.leeb-balkone.com\/app\/uploads\/2020\/07\/glas-sommergarten-terrassenueberdachung-5-300x200.jpg 300w, https:\/\/www.leeb-balkone.com\/app\/uploads\/2020\/07\/glas-sommergarten-terrassenueberdachung-5-768x513.jpg 768w, https:\/\/www.leeb-balkone.com\/app\/uploads\/2020\/07\/glas-sommergarten-terrassenueberdachung-5-1536x1025.jpg 1536w, https:\/\/www.leeb-balkone.com\/app\/uploads\/2020\/07\/glas-sommergarten-terrassenueberdachung-5-scaled.jpg 2048w\" sizes=\"auto, (max-width: 1024px) 100vw, 1024px\" \/><\/figure>\n<\/div>\n<\/div>\n<\/section>\n\n\n\n<section class=\"wp-block-group alignfull has-white-background-color has-background has-global-padding is-layout-constrained wp-container-core-group-is-layout-52f96efc wp-block-group-is-layout-constrained\" id=\"modelle\">\n<div class=\"wp-block-group m-teaser o-grid u-md-1 is-layout-flow wp-block-group-is-layout-flow\">\n<div class=\"wp-block-group u-g-9 u-g-s-2 is-layout-flow wp-block-group-is-layout-flow\" style=\"margin-bottom:var(--wp--preset--spacing--s)\">\n<p class=\"has-text-align-left\"><em><strong>Wohnraum-Erweiterung mit Leeb-Sommergarten \u2013 Ihr sch\u00f6nster Platz an der Sonne, weit \u00fcber den Sommer hinaus.<\/strong><\/em><\/p>\n<\/div>\n<\/div>\n\n\n\n<div class=\"wp-block-columns is-layout-flex wp-container-core-columns-is-layout-28f84493 wp-block-columns-is-layout-flex\">\n<div class=\"wp-block-column is-layout-flow wp-block-column-is-layout-flow\" style=\"flex-basis:66.66%\"><div class=\"tgs-gallery\" data-tablet-slides=\"4\" data-desktop-slides=\"5\"><div class=\"t3-tgs swiper mainSlider\">\n                <div class=\"has-icon icon-enlarge\"><\/div>\n                <div class=\"swiper-wrapper lg-swiper\"><div class=\"swiper-slide\"><a href=\"https:\/\/www.leeb-balkone.com\/app\/uploads\/2020\/07\/glas-sommergarten-terrassenueberdachung-scaled.jpg\"><img decoding=\"async\" src=\"https:\/\/www.leeb-balkone.com\/app\/uploads\/2020\/07\/glas-sommergarten-terrassenueberdachung-scaled.jpg\" alt=\"\u00dcberdachte und gesch\u00fctzte Lebensraumerweiterung - Leeb Sommergarten\"><\/a><div class=\"tgs-desc\">\u00dcberdachte und gesch\u00fctzte Lebensraumerweiterung &#8211; Leeb Sommergarten<\/div><\/div><div class=\"swiper-slide\"><a href=\"https:\/\/www.leeb-balkone.com\/app\/uploads\/2020\/07\/Sommergarten-Ueberdachung-Toscana-mit-Schiebeelementen-Markise-Boden-10-scaled.jpg\"><img decoding=\"async\" src=\"https:\/\/www.leeb-balkone.com\/app\/uploads\/2020\/07\/Sommergarten-Ueberdachung-Toscana-mit-Schiebeelementen-Markise-Boden-10-scaled.jpg\" alt=\"Sommergarten mit Alu-Glas Schiebeelementen und Markisen\"><\/a><div class=\"tgs-desc\">Sommergarten mit Senkrechtmarkisen als Sonnen- und Blickschutz<\/div><\/div><div class=\"swiper-slide\"><a href=\"https:\/\/www.leeb-balkone.com\/app\/uploads\/2020\/07\/glas-sommergarten-24-scaled.jpg\"><img decoding=\"async\" src=\"https:\/\/www.leeb-balkone.com\/app\/uploads\/2020\/07\/glas-sommergarten-24-scaled.jpg\" alt=\"Sommergarten mit schr\u00e4ggestellten Alu-Lamellen in Holzoptik\"><\/a><div class=\"tgs-desc\">Sommergarten mit schr\u00e4ggestellten Alu-Lamellen in Holzoptik<\/div><\/div><div class=\"swiper-slide\"><a href=\"https:\/\/www.leeb-balkone.com\/app\/uploads\/2020\/07\/glas-sommergarten-1-scaled.jpg\"><img decoding=\"async\" src=\"https:\/\/www.leeb-balkone.com\/app\/uploads\/2020\/07\/glas-sommergarten-1-scaled.jpg\" alt=\"Rattan-Garnitur und Lounge-Kugel im Alu Sommergarten\"><\/a><div class=\"tgs-desc\">Esszimmer im Freien mit Sonnenschutz durch Aufdachmarkise &#8211; Leeb Sommergarten<\/div><\/div><\/div><div class=\"mainSliderPrev\"><\/div><div class=\"mainSliderNext\"><\/div><div class=\"main_slider_dots\"><\/div><\/div><div class=\"swiper thumbSlider\"><div class=\"swiper-wrapper wp-block-t3-carousel-wrapper\"><div class=\"swiper-slide\"><img decoding=\"async\" src=\"https:\/\/www.leeb-balkone.com\/app\/uploads\/2020\/07\/glas-sommergarten-terrassenueberdachung-1024x684.jpg\" alt=\"\u00dcberdachte und gesch\u00fctzte Lebensraumerweiterung - Leeb Sommergarten\" \/><\/div><div class=\"swiper-slide\"><img decoding=\"async\" src=\"https:\/\/www.leeb-balkone.com\/app\/uploads\/2020\/07\/Sommergarten-Ueberdachung-Toscana-mit-Schiebeelementen-Markise-Boden-10-1024x683.jpg\" alt=\"Sommergarten mit Alu-Glas Schiebeelementen und Markisen\" \/><\/div><div class=\"swiper-slide\"><img decoding=\"async\" src=\"https:\/\/www.leeb-balkone.com\/app\/uploads\/2020\/07\/glas-sommergarten-24-1024x684.jpg\" alt=\"Sommergarten mit schr\u00e4ggestellten Alu-Lamellen in Holzoptik\" \/><\/div><div class=\"swiper-slide\"><img decoding=\"async\" src=\"https:\/\/www.leeb-balkone.com\/app\/uploads\/2020\/07\/glas-sommergarten-1-1024x684.jpg\" alt=\"Rattan-Garnitur und Lounge-Kugel im Alu Sommergarten\" \/><\/div><\/div><div class=\"thumbSliderPrev swiper-button-prev\"><\/div><div class=\"thumbSliderNext swiper-button-next\"><\/div><\/div><\/div><\/div>\n\n\n\n<div class=\"wp-block-column is-layout-flow wp-block-column-is-layout-flow\" style=\"flex-basis:33.33%\">\n<h2 class=\"wp-block-heading has-step-2-font-size\">Rundum gesch\u00fctzt<\/h2>\n\n\n\n<p>Der Leeb Sommergarten \u00fcberzeugt durch eine rundum geschlossene Aluminium-Glas-Konstruktion, die h\u00f6chste Stabilit\u00e4t, Witterungsbest\u00e4ndigkeit und Langlebigkeit bietet. Seitliche Schiebe- oder Schiebedrehelemente aus VSG-Sicherheitsglas erm\u00f6glichen eine flexible Anpassung an Wetter und Nutzung, w\u00e4hrend funkbedienbare Markisen und verschiedene Sichtschutz-Elemente f\u00fcr Komfort und individuellen Schutz sorgen.<\/p>\n\n\n\n<ul class=\"wp-block-list is-style-checkmark-2\">\n<li>Terrassendach mit Seitenelementen<\/li>\n\n\n\n<li>Zahlreiche Gestaltungsoptionen<\/li>\n\n\n\n<li>Mit allen Leeb Vorteilen<\/li>\n<\/ul>\n<\/div>\n<\/div>\n\n\n\n<div class=\"wp-block-group m-teaser o-grid u-md-1 is-layout-flow wp-block-group-is-layout-flow\" style=\"margin-top:0;padding-top:var(--wp--preset--spacing--xl-2-xl)\">\n<div class=\"wp-block-group u-g-10 u-g-s-2 is-layout-flow wp-block-group-is-layout-flow\" style=\"margin-top:0;margin-bottom:var(--wp--preset--spacing--s)\"><div class=\"wp-block-t3-tabs t3-tabs t3-tabs--centered\" data-uniqueid=\"tabs-8f57f258\" data-use-headings=\"false\" data-heading-level=\"h2\"><ul class=\"t3-tabs__list\" role=\"tablist\"><li role=\"presentation\"><button role=\"tab\" id=\"tabs-8f57f258-tab-0\" aria-controls=\"tabs-8f57f258-panel-0\" class=\"t3-tabs__tab-button t3-tabs__tab-button--active\" aria-selected=\"true\" tabindex=\"0\"><div class=\"t3-tabs__tab-button-inner\"><span class=\"t3-tabs__tab-title\">Aufbau und Beschreibung<\/span><\/div><\/button><\/li><li role=\"presentation\"><button role=\"tab\" id=\"tabs-8f57f258-tab-1\" aria-controls=\"tabs-8f57f258-panel-1\" class=\"t3-tabs__tab-button\" aria-selected=\"false\" tabindex=\"-1\"><div class=\"t3-tabs__tab-button-inner\"><span class=\"t3-tabs__tab-title\">Ausstattung &amp; Optionen<\/span><\/div><\/button><\/li><li role=\"presentation\"><button role=\"tab\" id=\"tabs-8f57f258-tab-2\" aria-controls=\"tabs-8f57f258-panel-2\" class=\"t3-tabs__tab-button\" aria-selected=\"false\" tabindex=\"-1\"><div class=\"t3-tabs__tab-button-inner\"><span class=\"t3-tabs__tab-title\">Sicherheit &amp; Qualit\u00e4t<\/span><\/div><\/button><\/li><\/ul><div class=\"t3-tabs__panels\"><div class=\"t3-tab__content t3-tabs__panel\" role=\"tabpanel\" id=\"tabs-8f57f258-panel-0\" aria-labelledby=\"tabs-8f57f258-tab-0\">\n\n\n<!-- LEEB Balkone GmbH Video: Die neuen Jahreszeiten im LEEB-SOMMERGARTEN genie\u00dfen -->\n<div class=\"video-container\" style=\"position:relative; padding-bottom:56.25%; height:0; overflow:hidden;\">\n  <iframe src=\"https:\/\/www.youtube.com\/embed\/u0EMw_4yXJM?rel=0\" width=\"560\" height=\"315\" title=\"Die neuen Jahreszeiten im LEEB-SOMMERGARTEN genie\u00dfen\" frameborder=\"0\" allow=\"accelerometer; autoplay; clipboard-write; encrypted-media; gyroscope; picture-in-picture; web-share\" allowfullscreen loading=\"lazy\" tabindex=\"0\">\n  <\/iframe>\n<\/div>\n<!-- Structured Data f\u00fcr SEO -->\n<script type=\"application\/ld+json\">\n{\n  \"@context\": \"https:\/\/schema.org\",\n  \"@type\": \"VideoObject\",\n  \"name\": \"Die neuen Jahreszeiten im LEEB-SOMMERGARTEN genie\u00dfen\",\n  \"description\": \"Wie Sie sich jede Jahreszeit zu Ihrer Lieblingsjahreszeit machen k\u00f6nnen, verr\u00e4t Ihnen dieses Video.\",\n  \"thumbnailUrl\": \"https:\/\/i.ytimg.com\/vi\/u0EMw_4yXJM\/hqdefault.jpg\",\n  \"uploadDate\": \"2022-11-30\",\n  \"duration\": \"PT2M19S\",\n  \"publisher\": {\n    \"@type\": \"Organization\",\n    \"name\": \"LEEB Balkone GmbH\"\n  },\n  \"contentUrl\": \"https:\/\/www.youtube.com\/watch?v=u0EMw_4yXJM\"\n}\n<\/script>\n\n\n\n<p>Der Sommergarten ist ein rundum verglaster, geschlossener Raum, der sich an Ihr Haus anschmiegt \u2013 oder als freistehende Variante (Atrium) im Garten steht. Nutzbar von Fr\u00fchjahr bis Herbst.<\/p>\n\n\n\n<ul class=\"wp-block-list\">\n<li>Stabile Aluminiumkonstruktion mit Rundumverglasung<\/li>\n\n\n\n<li>Schiebe- oder Schiebedrehelemente f\u00fcr flexible \u00d6ffnung<\/li>\n\n\n\n<li>Barrierefreie Bodenschwellen optional <\/li>\n\n\n\n<li>Modular erweiterbar, individuelle Planung<\/li>\n\n\n\n<li>Individuell geplant und ma\u00dfgefertigt<\/li>\n<\/ul>\n<\/div><div class=\"t3-tab__content t3-tabs__panel\" role=\"tabpanel\" id=\"tabs-8f57f258-panel-1\" aria-labelledby=\"tabs-8f57f258-tab-1\">\n<p>Den Sommergarten gestalten Sie nach Ihren Vorstellungen:<\/p>\n\n\n\n<ul class=\"wp-block-list is-style-default\">\n<li>Verglasung in Klar-, Matt-, Grau- oder blickdichtem Schwarzglas <\/li>\n\n\n\n<li>Sichtschutzelemente, zB Aluminium-Lamellen, oder Glaselemente<\/li>\n\n\n\n<li>Dimmbare LED-Beleuchtung, dezent in den Tr\u00e4gerbalken integriert <\/li>\n\n\n\n<li>Dach- und Senkrechtmarkisen f\u00fcr Sonnen- und Blickschutz <\/li>\n\n\n\n<li>Arretierbare Spaltl\u00fcftung f\u00fcr kontrollierte Bel\u00fcftung<\/li>\n<\/ul>\n<\/div><div class=\"t3-tab__content t3-tabs__panel\" role=\"tabpanel\" id=\"tabs-8f57f258-panel-2\" aria-labelledby=\"tabs-8f57f258-tab-2\">\n<p>Hochwertige Materialien aus eigener Produktion in Gnesau\/K\u00e4rnten:<\/p>\n\n\n\n<ul class=\"wp-block-list\">\n<li>CE-gepr\u00fcftes Verbund-Sicherheitsglas (VSG) aus eigener Glasfertigung<\/li>\n\n\n\n<li>Aluminiumprofile mit ALU COMFORT PLUS\u00ae-Beschichtung und Alu Protection System (APS)<\/li>\n\n\n\n<li>Statisch berechnet f\u00fcr regionale Wind- und Schneelasten<\/li>\n\n\n\n<li>Zertifiziert nach ISO 9001 und CE-Kennzeichnung EN 1090<\/li>\n\n\n\n<li>Pers\u00f6nliche Beratung und Fachmontage durch Leeb-Partner<\/li>\n<\/ul>\n<\/div><\/div><\/div><\/div>\n<\/div>\n<\/section>\n\n\n\n<section class=\"wp-block-cover alignfull is-light katalog-cta\" style=\"margin-top:0;margin-bottom:0;padding-top:0;padding-right:0;padding-bottom:0;padding-left:0;min-height:100px;aspect-ratio:unset;\" id=\"preisanfrage\"><img loading=\"lazy\" decoding=\"async\" width=\"2560\" height=\"1707\" class=\"wp-block-cover__image-background wp-image-152954 size-full\" alt=\"Schauraum Leeb Tettnang Florian Keller\" src=\"https:\/\/www.leeb-balkone.com\/app\/uploads\/2025\/04\/Schauraum-Leeb-Tettnang-Florian-Keller-17-scaled.jpg\" style=\"object-position:54% 45%\" data-object-fit=\"cover\" data-object-position=\"54% 45%\" srcset=\"https:\/\/www.leeb-balkone.com\/app\/uploads\/2025\/04\/Schauraum-Leeb-Tettnang-Florian-Keller-17-scaled.jpg 2560w, https:\/\/www.leeb-balkone.com\/app\/uploads\/2025\/04\/Schauraum-Leeb-Tettnang-Florian-Keller-17-300x200.jpg 300w, https:\/\/www.leeb-balkone.com\/app\/uploads\/2025\/04\/Schauraum-Leeb-Tettnang-Florian-Keller-17-1024x683.jpg 1024w, https:\/\/www.leeb-balkone.com\/app\/uploads\/2025\/04\/Schauraum-Leeb-Tettnang-Florian-Keller-17-768x512.jpg 768w, https:\/\/www.leeb-balkone.com\/app\/uploads\/2025\/04\/Schauraum-Leeb-Tettnang-Florian-Keller-17-1536x1024.jpg 1536w, https:\/\/www.leeb-balkone.com\/app\/uploads\/2025\/04\/Schauraum-Leeb-Tettnang-Florian-Keller-17-2048x1366.jpg 2048w\" sizes=\"auto, (max-width: 2560px) 100vw, 2560px\" \/><span aria-hidden=\"true\" class=\"wp-block-cover__background has-primary-45-background-color has-background-dim-80 has-background-dim\"><\/span><div class=\"wp-block-cover__inner-container has-global-padding is-layout-constrained wp-container-core-cover-is-layout-f028c7bd wp-block-cover-is-layout-constrained\">\n<div class=\"wp-block-group is-layout-flow wp-block-group-is-layout-flow\" style=\"min-height:0px;margin-top:0;margin-bottom:0;padding-top:var(--wp--preset--spacing--2-xl);padding-bottom:var(--wp--preset--spacing--2-xl);padding-left:0\">\n<div class=\"wp-block-columns are-vertically-aligned-center is-layout-flex wp-container-core-columns-is-layout-0a4bbf16 wp-block-columns-is-layout-flex\" style=\"margin-top:0;margin-bottom:0\">\n<div class=\"wp-block-column is-vertically-aligned-center is-layout-flow wp-block-column-is-layout-flow\" style=\"flex-basis:66.66%\">\n<h2 class=\"wp-block-heading\">Preisanfrage senden<\/h2>\n\n\n\n<p class=\"is-style-teaser\">F\u00fcr ein konkretes Angebot zu Ihrem Sommergarten brauchen wir ein paar Angaben zu Ihrem Vorhaben. Anschlie\u00dfend meldet sich Ihr pers\u00f6nlicher Ansprechpartner.<\/p>\n<\/div>\n\n\n\n<div class=\"wp-block-column is-vertically-aligned-center is-layout-flow wp-block-column-is-layout-flow\" style=\"flex-basis:33.33%\">\n<div class=\"wp-block-group is-content-justification-right is-nowrap is-layout-flex wp-container-core-group-is-layout-17124a9a wp-block-group-is-layout-flex\"><div class=\"t3-preis-modal-button-block wp-block-button is-style-filled-white large\"><a href=\"#t3-preis-modal-fd852da6ac\" class=\"t3-preis-modal-open-btn wp-block-button__link\" data-modal-id=\"t3-preis-modal-fd852da6ac\" role=\"button\" aria-controls=\"t3-preis-modal-fd852da6ac\" aria-expanded=\"false\">Preisanfrage <span class=\"sr-only\"> Preisanfrage Leeb Balkone Schweiz<\/span><\/a><\/div><\/div>\n<\/div>\n<\/div>\n<\/div>\n<\/div><\/section>\n\n\n\n<section class=\"wp-block-group alignfull has-light-gray-background-color has-background has-global-padding is-layout-constrained wp-container-core-group-is-layout-52f96efc wp-block-group-is-layout-constrained\" id=\"service-qualitaet\">\n<div class=\"wp-block-group o-grid u-md-1 is-layout-flow wp-block-group-is-layout-flow\">\n<div class=\"wp-block-group u-g-9 u-g-s-2 is-layout-flow wp-block-group-is-layout-flow\" style=\"margin-bottom:var(--wp--preset--spacing--s)\">\n<h2 class=\"wp-block-heading\"><strong>Leeb Sommergarten<\/strong><\/h2>\n\n\n\n<p><span class=\"teaser\">Mit dem Leeb Atrium Sommergarten erhalten Sie eine langlebige, individuell gestaltbare und sichere L\u00f6sung f\u00fcr Ihre Wohnraumerweiterung \u2013 von der Planung bis zur Montage aus einer Hand.<\/span><\/p>\n<\/div>\n<\/div>\n\n\n\n<div class=\"wp-block-group small is-style-white-cards sm-2-cols is-layout-grid wp-container-core-group-is-layout-7785d981 wp-block-group-is-layout-grid\">\n<div class=\"wp-block-group m-card has-modal is-layout-flow wp-container-core-group-is-layout-8a368f38 wp-block-group-is-layout-flow\" data-modal-id=\"150743\">\n<figure class=\"wp-block-image size-full\"><img loading=\"lazy\" decoding=\"async\" width=\"2560\" height=\"1920\" src=\"https:\/\/www.leeb-balkone.com\/app\/uploads\/2024\/08\/alu-terrassenueberdachung-elegant-highend-01-scaled.jpg\" alt=\"alu terrassenueberdachung elegant highend\" class=\"wp-image-140194\" srcset=\"https:\/\/www.leeb-balkone.com\/app\/uploads\/2024\/08\/alu-terrassenueberdachung-elegant-highend-01-scaled.jpg 2560w, https:\/\/www.leeb-balkone.com\/app\/uploads\/2024\/08\/alu-terrassenueberdachung-elegant-highend-01-300x225.jpg 300w, https:\/\/www.leeb-balkone.com\/app\/uploads\/2024\/08\/alu-terrassenueberdachung-elegant-highend-01-1024x768.jpg 1024w, https:\/\/www.leeb-balkone.com\/app\/uploads\/2024\/08\/alu-terrassenueberdachung-elegant-highend-01-768x576.jpg 768w, https:\/\/www.leeb-balkone.com\/app\/uploads\/2024\/08\/alu-terrassenueberdachung-elegant-highend-01-1536x1152.jpg 1536w, https:\/\/www.leeb-balkone.com\/app\/uploads\/2024\/08\/alu-terrassenueberdachung-elegant-highend-01-2048x1536.jpg 2048w\" sizes=\"auto, (max-width: 2560px) 100vw, 2560px\" \/><\/figure>\n\n\n\n<div class=\"wp-block-group m-card-content has-white-background-color has-background is-vertical is-layout-flex wp-container-core-group-is-layout-5580f018 wp-block-group-is-layout-flex\">\n<h3 class=\"wp-block-heading\">F\u00fcr jedes Projekt das passende Dach<\/h3>\n\n\n\n<p>\u00dcberdachen mit System \u2013 maximale Auswahl, maximale Gestaltungsfreiheit.<\/p>\n<\/div>\n<a href=\"#overlay-150743\" class=\"open-modal-link\" aria-label=\"Open modal\"><span class=\"sr-only\">\u00d6ffne Modal<\/span><\/a><\/div>\n\n\n\n<div class=\"wp-block-group m-card has-modal is-layout-flow wp-container-core-group-is-layout-8a368f38 wp-block-group-is-layout-flow\" data-modal-id=\"150749\">\n<figure class=\"wp-block-image size-large is-style-default\"><img loading=\"lazy\" decoding=\"async\" width=\"1024\" height=\"767\" src=\"https:\/\/www.leeb-balkone.com\/app\/uploads\/2020\/08\/leeb-balkone-mitarbeiter-4-1024x767.jpeg\" alt=\"Montieren eines Leeb Alu-Balkongel\u00e4nders nach Ma\u00df\" class=\"wp-image-6083\" srcset=\"https:\/\/www.leeb-balkone.com\/app\/uploads\/2020\/08\/leeb-balkone-mitarbeiter-4-1024x767.jpeg 1024w, https:\/\/www.leeb-balkone.com\/app\/uploads\/2020\/08\/leeb-balkone-mitarbeiter-4-2048x1535.jpeg 2048w, https:\/\/www.leeb-balkone.com\/app\/uploads\/2020\/08\/leeb-balkone-mitarbeiter-4-300x225.jpeg 300w, https:\/\/www.leeb-balkone.com\/app\/uploads\/2020\/08\/leeb-balkone-mitarbeiter-4-768x575.jpeg 768w, https:\/\/www.leeb-balkone.com\/app\/uploads\/2020\/08\/leeb-balkone-mitarbeiter-4-1536x1151.jpeg 1536w\" sizes=\"auto, (max-width: 1024px) 100vw, 1024px\" \/><\/figure>\n\n\n\n<div class=\"wp-block-group m-card-content has-white-background-color has-background is-vertical is-layout-flex wp-container-core-group-is-layout-5580f018 wp-block-group-is-layout-flex\">\n<h3 class=\"wp-block-heading\">Rundum Service f\u00fcr sorglose Umsetzung!<\/h3>\n\n\n\n<p>Beratungsservice vor Ort, 3D-Konfigurator, Werksfertigung, Lieferung und Montage.<\/p>\n<\/div>\n<a href=\"#overlay-150749\" class=\"open-modal-link\" aria-label=\"Open modal\"><span class=\"sr-only\">\u00d6ffne Modal<\/span><\/a><\/div>\n\n\n\n<div class=\"wp-block-group m-card has-modal is-layout-flow wp-container-core-group-is-layout-8a368f38 wp-block-group-is-layout-flow\" data-modal-id=\"150746\">\n<figure class=\"wp-block-image size-full\"><img loading=\"lazy\" decoding=\"async\" width=\"2048\" height=\"1366\" src=\"https:\/\/www.leeb-balkone.com\/app\/uploads\/2022\/05\/glas-bearbeitung-zuschnitt--scaled.jpg\" alt=\"glas bearbeitung zuschnitt \" class=\"wp-image-83644\" srcset=\"https:\/\/www.leeb-balkone.com\/app\/uploads\/2022\/05\/glas-bearbeitung-zuschnitt--scaled.jpg 2048w, https:\/\/www.leeb-balkone.com\/app\/uploads\/2022\/05\/glas-bearbeitung-zuschnitt--300x200.jpg 300w, https:\/\/www.leeb-balkone.com\/app\/uploads\/2022\/05\/glas-bearbeitung-zuschnitt--1024x683.jpg 1024w, https:\/\/www.leeb-balkone.com\/app\/uploads\/2022\/05\/glas-bearbeitung-zuschnitt--768x512.jpg 768w, https:\/\/www.leeb-balkone.com\/app\/uploads\/2022\/05\/glas-bearbeitung-zuschnitt--1536x1024.jpg 1536w\" sizes=\"auto, (max-width: 2048px) 100vw, 2048px\" \/><\/figure>\n\n\n\n<div class=\"wp-block-group m-card-content has-white-background-color has-background is-vertical is-layout-flex wp-container-core-group-is-layout-5580f018 wp-block-group-is-layout-flex\">\n<h3 class=\"wp-block-heading\"><strong>Verbundsicherheitsglas in Premium Qualit\u00e4t<\/strong><\/h3>\n\n\n\n<p>Gepr\u00fcfte Sicherheit, innovative Designs und langlebige Qualit\u00e4t nach Ma\u00df mit Leeb Glas.<\/p>\n<\/div>\n<a href=\"#overlay-150746\" class=\"open-modal-link\" aria-label=\"Open modal\"><span class=\"sr-only\">\u00d6ffne Modal<\/span><\/a><\/div>\n\n\n\n<div class=\"wp-block-group m-card has-modal is-layout-flow wp-container-core-group-is-layout-8a368f38 wp-block-group-is-layout-flow\" data-modal-id=\"150753\">\n<figure class=\"wp-block-image size-large\"><img loading=\"lazy\" decoding=\"async\" width=\"1024\" height=\"665\" src=\"https:\/\/www.leeb-balkone.com\/app\/uploads\/2020\/08\/alu-comfort-plus-1024x665.jpg\" alt=\"alu comfort plus\" class=\"wp-image-5082\" srcset=\"https:\/\/www.leeb-balkone.com\/app\/uploads\/2020\/08\/alu-comfort-plus-1024x665.jpg 1024w, https:\/\/www.leeb-balkone.com\/app\/uploads\/2020\/08\/alu-comfort-plus-300x195.jpg 300w, https:\/\/www.leeb-balkone.com\/app\/uploads\/2020\/08\/alu-comfort-plus-768x499.jpg 768w, https:\/\/www.leeb-balkone.com\/app\/uploads\/2020\/08\/alu-comfort-plus-1536x997.jpg 1536w, https:\/\/www.leeb-balkone.com\/app\/uploads\/2020\/08\/alu-comfort-plus-2048x1330.jpg 2048w\" sizes=\"auto, (max-width: 1024px) 100vw, 1024px\" \/><\/figure>\n\n\n\n<div class=\"wp-block-group m-card-content has-white-background-color has-background is-vertical is-layout-flex wp-container-core-group-is-layout-5580f018 wp-block-group-is-layout-flex\">\n<h3 class=\"wp-block-heading\">Langzeitschutz durch ALU Comfort Plus\u00ae<\/h3>\n\n\n\n<p>Patentierte Beschichtung und Verarbeitung von Aluminium auf h\u00f6chstem Niveau.<\/p>\n<\/div>\n<a href=\"#overlay-150753\" class=\"open-modal-link\" aria-label=\"Open modal\"><span class=\"sr-only\">\u00d6ffne Modal<\/span><\/a><\/div>\n<\/div>\n\n\n\n<div class=\"wp-block-group o-grid u-md-1 is-layout-flow wp-block-group-is-layout-flow\" style=\"padding-top:var(--wp--preset--spacing--l)\">\n<div class=\"wp-block-group u-g-9 u-g-s-2 is-layout-flow wp-block-group-is-layout-flow\" style=\"margin-bottom:var(--wp--preset--spacing--s)\">\n<h2 class=\"wp-block-heading\">Ihre Vorteile<\/h2>\n\n\n\n<p>Der Leeb Sommergarten \u00fcberzeugt mit ausgefeilter Technik, die Komfort, Sicherheit und Langlebigkeit vereint:<\/p>\n\n\n\n<ul class=\"wp-block-list is-style-checkmark-2\">\n<li><strong>Individuelle Gestaltung:<\/strong>\u00a0Verschiedene Sichtschutz-Elemente \u2013 von blickdicht bis transparent, als Lamellen oder Glas \u2013 erm\u00f6glichen eine flexible Anpassung an Ihre W\u00fcnsche und bieten Privatsph\u00e4re oder freie Sicht nach drau\u00dfen.<\/li>\n\n\n\n<li><strong>Stabilit\u00e4t und Sicherheit:<\/strong>\u00a0Die Konstruktion aus unverw\u00fcstlichem, pulverbeschichtetem Aluminium und VSG-Sicherheitsglas ist \u00e4u\u00dferst langlebig, witterungsbest\u00e4ndig und erf\u00fcllt h\u00f6chste Sicherheitsstandards.<\/li>\n\n\n\n<li><strong>Komfortable Bedienung:<\/strong>\u00a0Seitliche Schiebe- oder Schiebedrehelemente sowie funkbedienbare Markisen sorgen f\u00fcr maximale Flexibilit\u00e4t und eine einfache Anpassung an jede Wetterlage.<\/li>\n\n\n\n<li><strong>Komfort und Barrierefreiheit:\u00a0<\/strong>Die Konstruktion ist barrierefrei ausgef\u00fchrt und bietet einen hohen Komfort durch integrierte Schiebe- und L\u00fcftungselemente.<\/li>\n\n\n\n<li><strong>Rundum-Service:\u00a0<\/strong>Leeb bietet von der Planung bis zur Montage ein umfassendes Servicepaket sowie eine zertifizierte Qualit\u00e4t, unterst\u00fctzt durch ein Netzwerk von Partnern in ganz Europa.<\/li>\n<\/ul>\n<\/div>\n<\/div>\n<\/section>\n\n\n\n<section class=\"wp-block-cover alignfull is-light katalog-cta\" style=\"margin-top:0;margin-bottom:0;padding-top:0;padding-right:0;padding-bottom:0;padding-left:0;min-height:100px;aspect-ratio:unset;\"><img loading=\"lazy\" decoding=\"async\" width=\"1920\" height=\"599\" class=\"wp-block-cover__image-background wp-image-7912 size-full\" alt=\"leeb balkone katalog anfordern\" src=\"https:\/\/www.leeb-balkone.com\/app\/uploads\/2020\/09\/leeb-balkone-katalog-anfordern-1.jpeg\" data-object-fit=\"cover\" srcset=\"https:\/\/www.leeb-balkone.com\/app\/uploads\/2020\/09\/leeb-balkone-katalog-anfordern-1-300x94.jpeg 300w, https:\/\/www.leeb-balkone.com\/app\/uploads\/2020\/09\/leeb-balkone-katalog-anfordern-1-1024x319.jpeg 1024w, https:\/\/www.leeb-balkone.com\/app\/uploads\/2020\/09\/leeb-balkone-katalog-anfordern-1-768x240.jpeg 768w, https:\/\/www.leeb-balkone.com\/app\/uploads\/2020\/09\/leeb-balkone-katalog-anfordern-1-1536x479.jpeg 1536w\" sizes=\"auto, (max-width: 1920px) 100vw, 1920px\" \/><span aria-hidden=\"true\" class=\"wp-block-cover__background has-primary-45-background-color has-background-dim-80 has-background-dim\"><\/span><div class=\"wp-block-cover__inner-container has-global-padding is-layout-constrained wp-container-core-cover-is-layout-fc5783d2 wp-block-cover-is-layout-constrained\">\n<div class=\"wp-block-group is-layout-flow wp-block-group-is-layout-flow\" style=\"min-height:0px;margin-top:0;margin-bottom:0;padding-top:var(--wp--preset--spacing--2-xl);padding-bottom:var(--wp--preset--spacing--2-xl);padding-left:0\">\n<div class=\"wp-block-columns are-vertically-aligned-center is-layout-flex wp-container-core-columns-is-layout-0a4bbf16 wp-block-columns-is-layout-flex\" style=\"margin-top:0;margin-bottom:0\">\n<div class=\"wp-block-column is-vertically-aligned-center is-layout-flow wp-block-column-is-layout-flow\" style=\"flex-basis:66.66%\">\n<h2 class=\"wp-block-heading\">Sommergarten im Katalog<\/h2>\n\n\n\n<p class=\"is-style-teaser\"><span class=\"teaser\">Alle Modelle, Verglasungen und Ausstattungsoptionen im Detail. Jetzt kostenlos bestellen.<\/span><\/p>\n<\/div>\n\n\n\n<div class=\"wp-block-column is-vertically-aligned-center is-layout-flow wp-block-column-is-layout-flow\" style=\"flex-basis:33.33%\">\n<div class=\"wp-block-buttons u-m-jc-left is-content-justification-right is-layout-flex wp-container-core-buttons-is-layout-c060c6c7 wp-block-buttons-is-layout-flex\">\n<div class=\"wp-block-button is-style-filled-white large\"><a class=\"wp-block-button__link wp-element-button\" href=\"https:\/\/www.leeb-balkone.com\/ch\/kontakt\/katalog-anfordern\/\" style=\"box-shadow:var(--wp--preset--shadow--button-shadow)\">Katalog anfordern<\/a><\/div>\n<\/div>\n<\/div>\n<\/div>\n<\/div>\n<\/div><\/section>\n\n\n\n<section class=\"wp-block-group alignfull has-white-background-color has-background has-global-padding is-layout-constrained wp-container-core-group-is-layout-52f96efc wp-block-group-is-layout-constrained\">\n<div class=\"wp-block-group o-grid u-md-1 is-layout-flow wp-block-group-is-layout-flow\" style=\"padding-top:0\">\n<div class=\"wp-block-group u-g-9 u-g-s-2 is-layout-flow wp-block-group-is-layout-flow\" style=\"margin-bottom:var(--wp--preset--spacing--s)\">\n<h2 class=\"wp-block-heading\">Referenzen<\/h2>\n<\/div>\n<\/div>\n\n\n\n<div class=\"wp-block-t3-carousel-wrapper\" id=\"t3-carousel-743bb487-a6a0-4080-9d38-0cfdb4488d07\"><div class=\"wp-block-t3-carousel t3-carousel-block swiper\" data-swiper-options=\"{&quot;loop&quot;:false,&quot;preloadImages&quot;:false,&quot;lazy&quot;:{&quot;loadPrevNext&quot;:true},&quot;autoplay&quot;:{&quot;delay&quot;:3000,&quot;disableOnInteraction&quot;:false},&quot;navigation&quot;:{&quot;nextEl&quot;:&quot;#t3-carousel-743bb487-a6a0-4080-9d38-0cfdb4488d07 .t3-carousel-743bb487-a6a0-4080-9d38-0cfdb4488d07-next&quot;,&quot;prevEl&quot;:&quot;#t3-carousel-743bb487-a6a0-4080-9d38-0cfdb4488d07 .t3-carousel-743bb487-a6a0-4080-9d38-0cfdb4488d07-prev&quot;},&quot;pagination&quot;:{&quot;el&quot;:&quot;#t3-carousel-743bb487-a6a0-4080-9d38-0cfdb4488d07 .t3-carousel-743bb487-a6a0-4080-9d38-0cfdb4488d07-pagination&quot;,&quot;clickable&quot;:true},&quot;scrollbar&quot;:false,&quot;breakpoints&quot;:{&quot;0&quot;:{&quot;slidesPerView&quot;:1.15,&quot;spaceBetween&quot;:24},&quot;769&quot;:{&quot;slidesPerView&quot;:1,&quot;spaceBetween&quot;:30}}}\"><div class=\"swiper-wrapper\">\n<div class=\"wp-block-t3-carousel-slide t3-carousel-slide swiper-slide\">\n<div class=\"wp-block-columns testimonial m-split is-layout-flex wp-container-core-columns-is-layout-3331f5f7 wp-block-columns-is-layout-flex\" style=\"padding-bottom:0\">\n<div class=\"wp-block-column is-layout-flow wp-block-column-is-layout-flow\">\n<div class=\"wp-block-group is-layout-flow wp-block-group-is-layout-flow has-background\" style=\"min-height:100%;background-image:url(&#039;https:\/\/www.leeb-balkone.com\/app\/uploads\/2021\/06\/alu-u\u0308berdachung-saaletalstuben-3-scaled.jpg&#039;);background-size:cover;\"><\/div>\n<\/div>\n\n\n\n<div class=\"wp-block-column is-vertically-aligned-top testimonial-text is-layout-flow wp-block-column-is-layout-flow\">\n<div class=\"wp-block-group has-light-gray-background-color has-background is-vertical is-layout-flex wp-container-core-group-is-layout-044273ab wp-block-group-is-layout-flex\" style=\"padding-top:var(--wp--preset--spacing--xl);padding-right:var(--wp--preset--spacing--xl);padding-bottom:var(--wp--preset--spacing--xl);padding-left:var(--wp--preset--spacing--l)\">\n<p class=\"has-step-1-font-size\"><em>&#8220;Wir bedanken uns recht herzlich f\u00fcr den Bau unseres Sommergartens. Wir sind mehr als zufrieden mit dem Endergebnis \u2013 wie beschrieben unser sch\u00f6nster Platz in der Sonne!.&#8221;<\/em><\/p>\n\n\n\n<p class=\"has-step-s-font-size\"><strong>Herr Schmittroth (Saaletalstuben OG)<\/strong><br>97782 Gr\u00e4fendorf<\/p>\n<\/div>\n<\/div>\n<\/div>\n<\/div>\n\n\n\n<div class=\"wp-block-t3-carousel-slide t3-carousel-slide swiper-slide\">\n<div class=\"wp-block-columns testimonial m-split is-layout-flex wp-container-core-columns-is-layout-3331f5f7 wp-block-columns-is-layout-flex\" style=\"padding-bottom:0\">\n<div class=\"wp-block-column is-layout-flow wp-block-column-is-layout-flow\">\n<div class=\"wp-block-group is-layout-flow wp-block-group-is-layout-flow has-background\" style=\"min-height:100%;background-image:url(&#039;https:\/\/www.leeb-balkone.com\/app\/uploads\/2021\/04\/sommergarten-hoheneder-4080158D-2.jpg&#039;);background-size:cover;\"><\/div>\n<\/div>\n\n\n\n<div class=\"wp-block-column is-vertically-aligned-top testimonial-text is-layout-flow wp-block-column-is-layout-flow\">\n<div class=\"wp-block-group has-light-gray-background-color has-background is-vertical is-layout-flex wp-container-core-group-is-layout-044273ab wp-block-group-is-layout-flex\" style=\"padding-top:var(--wp--preset--spacing--xl);padding-right:var(--wp--preset--spacing--xl);padding-bottom:var(--wp--preset--spacing--xl);padding-left:var(--wp--preset--spacing--l)\">\n<p class=\"has-step-1-font-size\"><em>&#8220;Wir m\u00f6chten uns noch auf diesem Weg f\u00fcr die ausgezeichnete Arbeit Ihrer Firma bedanken. Es lief alles wie am Schn\u00fcrchen \u2013 von der Planung bis zur Fertigstellung. Nochmals vielen Dank!&#8221;<\/em><\/p>\n\n\n\n<p class=\"has-step-s-font-size\"><strong>Familie Hoheneder<br><\/strong>4710 Grieskirchen<\/p>\n<\/div>\n<\/div>\n<\/div>\n<\/div>\n<\/div><div class=\"swiper-pagination t3-carousel-743bb487-a6a0-4080-9d38-0cfdb4488d07-pagination\"><\/div><\/div><div class=\"swiper-button-prev t3-carousel-743bb487-a6a0-4080-9d38-0cfdb4488d07-prev\"><\/div><div class=\"swiper-button-next t3-carousel-743bb487-a6a0-4080-9d38-0cfdb4488d07-next\"><\/div><\/div>\n<\/section>\n\n\n\n<section class=\"wp-block-group alignfull has-white-background-color has-background has-global-padding is-layout-constrained wp-container-core-group-is-layout-9fa1424c wp-block-group-is-layout-constrained\" style=\"padding-top:0\">\n<div class=\"wp-block-group o-grid u-md-1 is-layout-flow wp-block-group-is-layout-flow\" style=\"padding-top:0\">\n<div class=\"wp-block-group u-g-9 u-g-s-2 is-layout-flow wp-block-group-is-layout-flow\" style=\"margin-bottom:var(--wp--preset--spacing--s)\">\n<h2 class=\"wp-block-heading\">Warum Sommergarten von Leeb?<\/h2>\n\n\n\n<p class=\"is-style-teaser\"><span class=\"teaser\"><span class=\"teaser\">Der Leeb Sommergarten ist einen lichtdurchfluteter, wettergesch\u00fctzter Wohlf\u00fchlraum. Mit allen Leeb Vorteilen.<\/span><\/span><\/p>\n<\/div>\n<\/div>\n\n\n\n<div class=\"wp-block-group is-layout-flow wp-container-core-group-is-layout-d5075d26 wp-block-group-is-layout-flow\">\n<div class=\"wp-block-columns is-style-shadow m-split is-layout-flex wp-container-core-columns-is-layout-28f84493 wp-block-columns-is-layout-flex\">\n<div class=\"wp-block-column is-style-default is-layout-flow wp-block-column-is-layout-flow\">\n<figure class=\"wp-block-image size-large\"><img loading=\"lazy\" decoding=\"async\" width=\"1024\" height=\"683\" src=\"https:\/\/www.leeb-balkone.com\/app\/uploads\/2020\/07\/sommergarten-mit-schiebeelementen-aus-glas-und-aluminium-aussenansicht-1024x683.jpg\" alt=\"sommergarten mit schiebeelementen aus glas und aluminium aussenansicht\" class=\"wp-image-141972\" style=\"aspect-ratio:4\/3;object-fit:cover\" srcset=\"https:\/\/www.leeb-balkone.com\/app\/uploads\/2020\/07\/sommergarten-mit-schiebeelementen-aus-glas-und-aluminium-aussenansicht-1024x683.jpg 1024w, https:\/\/www.leeb-balkone.com\/app\/uploads\/2020\/07\/sommergarten-mit-schiebeelementen-aus-glas-und-aluminium-aussenansicht-300x200.jpg 300w, https:\/\/www.leeb-balkone.com\/app\/uploads\/2020\/07\/sommergarten-mit-schiebeelementen-aus-glas-und-aluminium-aussenansicht-768x512.jpg 768w, https:\/\/www.leeb-balkone.com\/app\/uploads\/2020\/07\/sommergarten-mit-schiebeelementen-aus-glas-und-aluminium-aussenansicht-1536x1025.jpg 1536w, https:\/\/www.leeb-balkone.com\/app\/uploads\/2020\/07\/sommergarten-mit-schiebeelementen-aus-glas-und-aluminium-aussenansicht-2048x1366.jpg 2048w\" sizes=\"auto, (max-width: 1024px) 100vw, 1024px\" \/><\/figure>\n<\/div>\n\n\n\n<div class=\"wp-block-column is-vertically-aligned-center is-style-overlay-content is-layout-flow wp-block-column-is-layout-flow\">\n<div class=\"wp-block-group is-vertical is-layout-flex wp-container-core-group-is-layout-6aed0e10 wp-block-group-is-layout-flex\">\n<h3 class=\"wp-block-heading\">Wohlsein bei Sonne und Regen<\/h3>\n\n\n\n<p>Ein Leeb Sommergarten erweitert Ihr Heim um eine Wohlf\u00fchloase, die das Beste aus Innen- und Au\u00dfenbereich vereint. Mit einem lange \u00fcber\u2019s Jahr nutzbaren Sommergarten schaffen Sie einen R\u00fcckzugsort, der Entspannung, Lebensfreude und Naturerlebnis miteinander verbindet und Ihr Zuhause sp\u00fcrbar aufwertet. Ob beim entspannten Fr\u00fchst\u00fcck im Sonnenschein, beim Lesen an regnerischen Tagen oder beim geselligen Beisammensein mit Freunden.<\/p>\n\n\n\n<div class=\"wp-block-buttons is-layout-flex wp-block-buttons-is-layout-flex\" style=\"margin-top:var(--wp--preset--spacing--2-xs)\">\n<div class=\"wp-block-button is-style-outline-secondary\"><a class=\"wp-block-button__link has-transparent-background-color has-background wp-element-button\" href=\"https:\/\/www.leeb-balkone.com\/de\/?page_id=166394#vielfalt-zubehoer\">Zubeh\u00f6r<\/a><\/div>\n<\/div>\n<\/div>\n<\/div>\n<\/div>\n\n\n\n<div class=\"wp-block-columns is-style-shadow m-split m-split-reverse is-layout-flex wp-container-core-columns-is-layout-28f84493 wp-block-columns-is-layout-flex\">\n<div class=\"wp-block-column is-style-default is-layout-flow wp-block-column-is-layout-flow\">\n<figure class=\"wp-block-image size-large\"><img loading=\"lazy\" decoding=\"async\" width=\"1024\" height=\"683\" src=\"https:\/\/www.leeb-balkone.com\/app\/uploads\/2020\/07\/anbaubalkon-mit-stuetzen-10aa-1024x683.jpg\" alt=\"anbaubalkon mit stuetzen 10aa\" class=\"wp-image-58607\" style=\"aspect-ratio:4\/3;object-fit:cover\" srcset=\"https:\/\/www.leeb-balkone.com\/app\/uploads\/2020\/07\/anbaubalkon-mit-stuetzen-10aa-1024x683.jpg 1024w, https:\/\/www.leeb-balkone.com\/app\/uploads\/2020\/07\/anbaubalkon-mit-stuetzen-10aa-300x200.jpg 300w, https:\/\/www.leeb-balkone.com\/app\/uploads\/2020\/07\/anbaubalkon-mit-stuetzen-10aa-768x512.jpg 768w, https:\/\/www.leeb-balkone.com\/app\/uploads\/2020\/07\/anbaubalkon-mit-stuetzen-10aa-1536x1024.jpg 1536w, https:\/\/www.leeb-balkone.com\/app\/uploads\/2020\/07\/anbaubalkon-mit-stuetzen-10aa-scaled.jpg 2048w\" sizes=\"auto, (max-width: 1024px) 100vw, 1024px\" \/><\/figure>\n<\/div>\n\n\n\n<div class=\"wp-block-column is-vertically-aligned-center is-style-overlay-content is-layout-flow wp-block-column-is-layout-flow\">\n<div class=\"wp-block-group is-vertical is-layout-flex wp-container-core-group-is-layout-6aed0e10 wp-block-group-is-layout-flex\">\n<h3 class=\"wp-block-heading\">Sicher bedacht und gut gesch\u00fctzt<\/h3>\n\n\n\n<p>Leeb entscheidet sich beim Sommergarten bewusst f\u00fcr\u00a0Aluminium\u00a0und\u00a0Sicherheitsglas, weil diese Materialien h\u00f6chste Stabilit\u00e4t, Langlebigkeit und Sicherheit bieten. Das unverw\u00fcstliche, pulverbeschichtete Aluminium ist extrem witterungsbest\u00e4ndig, pflegeleicht und bleibt dauerhaft sch\u00f6n \u2013 selbst bei starker Beanspruchung durch Wind, Regen und Temperaturschwankungen. Durch die Kombination aus Aluminium und Sicherheitsglas entstehen Sommerg\u00e4rten, h\u00f6chsten technischen und sicherheitsrelevanten Anspr\u00fcchen gerecht werden.<\/p>\n<\/div>\n<\/div>\n<\/div>\n\n\n\n<div class=\"wp-block-columns is-style-shadow m-split is-layout-flex wp-container-core-columns-is-layout-28f84493 wp-block-columns-is-layout-flex\">\n<div class=\"wp-block-column is-style-default is-layout-flow wp-block-column-is-layout-flow\">\n<figure class=\"wp-block-image size-large\"><img loading=\"lazy\" decoding=\"async\" width=\"1024\" height=\"767\" src=\"https:\/\/www.leeb-balkone.com\/app\/uploads\/2020\/11\/qualitaetsnorm-iso-9001-leeb-balkone-1-2-1024x767.jpg\" alt=\"qualitaetsnorm iso 9001 leeb balkone 1\" class=\"wp-image-17819\" style=\"aspect-ratio:4\/3;object-fit:cover\" srcset=\"https:\/\/www.leeb-balkone.com\/app\/uploads\/2020\/11\/qualitaetsnorm-iso-9001-leeb-balkone-1-2-1024x767.jpg 1024w, https:\/\/www.leeb-balkone.com\/app\/uploads\/2020\/11\/qualitaetsnorm-iso-9001-leeb-balkone-1-2-300x225.jpg 300w, https:\/\/www.leeb-balkone.com\/app\/uploads\/2020\/11\/qualitaetsnorm-iso-9001-leeb-balkone-1-2-768x576.jpg 768w, https:\/\/www.leeb-balkone.com\/app\/uploads\/2020\/11\/qualitaetsnorm-iso-9001-leeb-balkone-1-2-1536x1151.jpg 1536w, https:\/\/www.leeb-balkone.com\/app\/uploads\/2020\/11\/qualitaetsnorm-iso-9001-leeb-balkone-1-2.jpg 2000w\" sizes=\"auto, (max-width: 1024px) 100vw, 1024px\" \/><\/figure>\n<\/div>\n\n\n\n<div class=\"wp-block-column is-vertically-aligned-center is-style-overlay-content is-layout-flow wp-block-column-is-layout-flow\">\n<div class=\"wp-block-group is-vertical is-layout-flex wp-container-core-group-is-layout-6aed0e10 wp-block-group-is-layout-flex\">\n<h3 class=\"wp-block-heading\">Mit zertifizierter Qualit\u00e4t <\/h3>\n\n\n\n<p>Wir setzen auf h\u00f6chste Qualit\u00e4t, Innovation und Sicherheit. Zu unseren wichtigsten Auszeichnungen und Zertifikaten z\u00e4hlen der Red Dot Design Award 2024, das ISO 9001 Qualit\u00e4tsmanagement, die CE-Zertifizierung nach EN 1090 oder das Austria G\u00fctezeichen, welches f\u00fcr streng gepr\u00fcfte heimische Qualit\u00e4t, nachhaltige Produktion und Langlebigkeit steht. Ein weiterer Pluspunkt ist unser umfassender Rundum-Service mit dichtem Partnernetzwerk in mehreren L\u00e4ndern.<\/p>\n\n\n\n<div class=\"wp-block-buttons is-layout-flex wp-block-buttons-is-layout-flex\" style=\"margin-top:var(--wp--preset--spacing--2-xs)\">\n<div class=\"wp-block-button is-style-outline-secondary\"><a class=\"wp-block-button__link has-transparent-background-color has-background wp-element-button\" href=\"https:\/\/www.leeb-balkone.com\/ch\/ueber-leeb\/zertifizierte-qualitaet\/\">Qualit\u00e4t<\/a><\/div>\n<\/div>\n<\/div>\n<\/div>\n<\/div>\n<\/div>\n<\/section>\n\n\n\n<section class=\"wp-block-group alignfull has-light-gray-background-color has-background has-global-padding is-layout-constrained wp-container-core-group-is-layout-52f96efc wp-block-group-is-layout-constrained\">\n<div class=\"wp-block-group o-grid u-md-1 is-layout-flow wp-block-group-is-layout-flow\" style=\"padding-top:0\">\n<div class=\"wp-block-group u-g-9 u-g-s-2 is-layout-flow wp-block-group-is-layout-flow\" style=\"margin-bottom:var(--wp--preset--spacing--s)\">\n<h2 class=\"wp-block-heading\">H\u00e4ufig gestellte Fragen<\/h2>\n\n\n\n<p class=\"is-style-teaser\" style=\"padding-bottom:var(--wp--preset--spacing--m)\">Sie haben allgemeine Fragen rund um unsere Sommerg\u00e4rten? In unseren FAQ finden Sie kompakte Antworten zu h\u00e4ufigen Themen rund um den Sommergarten.<\/p>\n\n\n\n<div class=\"wp-block-t3-acc-accordion is-style-default\"><button id=\"accordion-f074a437-c103-4d5d-bd4f-265a7fd33d72-button\" class=\"accordion__button\" aria-expanded=\"false\" aria-controls=\"accordion-f074a437-c103-4d5d-bd4f-265a7fd33d72-panel\"><h3 data-accordion-title=\"true\" style=\"font-size:var(--step-1)\"><strong>Was ist der Unterschied zwischen Sommergarten und Wintergarten?<\/strong><\/h3><\/button><div id=\"accordion-f074a437-c103-4d5d-bd4f-265a7fd33d72-panel\" class=\"accordion__panel\" role=\"region\" aria-labelledby=\"accordion-f074a437-c103-4d5d-bd4f-265a7fd33d72-button\">\n<p>Ein <strong>Wintergarten<\/strong> ist beheizt und w\u00e4rmeged\u00e4mmt, ganzj\u00e4hrig wie ein zus\u00e4tzlicher Wohnraum nutzbar. Er gilt baurechtlich oft als Wohnraumerweiterung und ist in Anschaffung und Betrieb deutlich aufwendiger.<\/p>\n\n\n\n<p>Ein <strong>Sommergarten<\/strong> wie der von Leeb ist rundum verglast, aber nicht beheizt und nicht isoliert. Er sch\u00fctzt vor Wind, Regen und Sonne und verl\u00e4ngert die Terrassensaison von Fr\u00fchjahr bis Herbst \u2013 ohne den baulichen und energetischen Aufwand eines Wintergartens.<\/p>\n<\/div><\/div>\n\n\n\n<div class=\"wp-block-t3-acc-accordion is-style-default\"><button id=\"accordion-0e0894d6-5809-42e0-9f35-36dc5c8301a0-button\" class=\"accordion__button\" aria-expanded=\"false\" aria-controls=\"accordion-0e0894d6-5809-42e0-9f35-36dc5c8301a0-panel\"><h3 data-accordion-title=\"true\" style=\"font-size:var(--step-1)\"><strong><strong>Kann ich meinen Sommergarten auch im Winter nutzen?<\/strong><\/strong><\/h3><\/button><div id=\"accordion-0e0894d6-5809-42e0-9f35-36dc5c8301a0-panel\" class=\"accordion__panel\" role=\"region\" aria-labelledby=\"accordion-0e0894d6-5809-42e0-9f35-36dc5c8301a0-button\">\n<p>An sonnigen Wintertagen ja: Der verglaste Raum heizt sich tags\u00fcber rasch auf, sodass Sie auch im Winter dort verweilen k\u00f6nnen. Bei l\u00e4nger anhaltender K\u00e4lte ohne Sonneneinstrahlung wird der Sommergarten ohne zus\u00e4tzliche Heizung zu k\u00fchl als Aufenthaltsraum \u2013 er ist nicht w\u00e4rmeged\u00e4mmt und nicht f\u00fcr ganzj\u00e4hrigen Wohnkomfort konzipiert. M\u00f6bel und Pflanzen k\u00f6nnen dagegen ganzj\u00e4hrig dort untergebracht werden, ohne dass Sie sie einwintern m\u00fcssen. Wer ganzj\u00e4hrig wohnen will, ist mit einem Wintergarten besser beraten.<\/p>\n<\/div><\/div>\n\n\n\n<div class=\"wp-block-t3-acc-accordion is-style-default\"><button id=\"accordion-016842ae-ad6e-410d-828b-937d2462ff09-button\" class=\"accordion__button\" aria-expanded=\"false\" aria-controls=\"accordion-016842ae-ad6e-410d-828b-937d2462ff09-panel\"><h3 data-accordion-title=\"true\" style=\"font-size:var(--step-1)\"><strong><strong><strong>Brauche ich f\u00fcr einen Sommergarten eine Baugenehmigung? Und wie gro\u00df darf er sein?<\/strong><\/strong><\/strong><\/h3><\/button><div id=\"accordion-016842ae-ad6e-410d-828b-937d2462ff09-panel\" class=\"accordion__panel\" role=\"region\" aria-labelledby=\"accordion-016842ae-ad6e-410d-828b-937d2462ff09-button\">\n<p>Ob ein Sommergarten genehmigungspflichtig ist \u2013 und ab welcher Gr\u00f6\u00dfe \u2013 regelt das Baurecht Ihrer Region oder Gemeinde. Die Vorgaben unterscheiden sich von Land zu Land und oft auch innerhalb eines Landes; ma\u00dfgeblich sind meist die \u00fcberdachte Fl\u00e4che, die H\u00f6he und der Abstand zur Grundst\u00fccksgrenze. Sommerg\u00e4rten gelten h\u00e4ufiger als genehmigungspflichtig als reine Terrassen\u00fcberdachungen, weil sie als geschlossener Raum eingestuft werden \u2013 in manchen Regionen wirken sie sich auch auf die Wohnfl\u00e4che oder den Bebauungsplan aus.<\/p>\n\n\n\n<p>Leeb realisiert Sommerg\u00e4rten in \u00d6sterreich, Deutschland, der Schweiz, Italien und Slowenien und kennt die regionalen Unterschiede der Genehmigungsverfahren entsprechend gut. Ihr Leeb-Berater begleitet Sie durch den Prozess: von der Einsch\u00e4tzung der lokalen Vorgaben \u00fcber die Zusammenstellung der Bauantragsunterlagen bis zur Bereitstellung aller Statik-Berechnungen und Planzeichnungen.<\/p>\n<\/div><\/div>\n\n\n\n<div class=\"wp-block-t3-acc-accordion is-style-default\"><button id=\"accordion-bd289d06-4aed-4947-b4d0-ced1ca2f05df-button\" class=\"accordion__button\" aria-expanded=\"false\" aria-controls=\"accordion-bd289d06-4aed-4947-b4d0-ced1ca2f05df-panel\"><h3 data-accordion-title=\"true\" style=\"font-size:var(--step-1)\"><strong><strong><strong><strong><strong>Was kostet ein Leeb-Sommergarten?<\/strong><\/strong><\/strong><\/strong><\/strong><\/h3><\/button><div id=\"accordion-bd289d06-4aed-4947-b4d0-ced1ca2f05df-panel\" class=\"accordion__panel\" role=\"region\" aria-labelledby=\"accordion-bd289d06-4aed-4947-b4d0-ced1ca2f05df-button\">\n<p>Ein Leeb-Sommergarten ist Ma\u00dfarbeit aus \u00f6sterreichischer Fertigung \u2013 seit vier Generationen entwickelt und hergestellt im Werk in Gnesau\/K\u00e4rnten, statisch berechnet und f\u00fcr Jahrzehnte ausgelegt. Aufgrund der zus\u00e4tzlichen Glasfl\u00e4chen, Schiebeelemente und Bodenschienen liegt der Preis \u00fcber dem einer reinen Terrassen\u00fcberdachung gleicher Gr\u00f6\u00dfe. Was Ihr Sommergarten konkret kostet, h\u00e4ngt von Modell, Gr\u00f6\u00dfe, Verglasung und Ausstattung ab \u2013 ein konkretes Angebot erstellt Ihr Leeb-Berater nach einer kostenlosen Vor-Ort-Beratung.<\/p>\n<\/div><\/div>\n\n\n\n<div class=\"wp-block-t3-acc-accordion is-style-default\"><button id=\"accordion-02b4845c-3765-400a-b318-fdd0befedd8d-button\" class=\"accordion__button\" aria-expanded=\"false\" aria-controls=\"accordion-02b4845c-3765-400a-b318-fdd0befedd8d-panel\"><h3 data-accordion-title=\"true\" style=\"font-size:var(--step-1)\"><strong><strong><strong><strong>Welcher Bodenbelag eignet sich f\u00fcr einen Sommergarten?<\/strong><\/strong><\/strong><\/strong><\/h3><\/button><div id=\"accordion-02b4845c-3765-400a-b318-fdd0befedd8d-panel\" class=\"accordion__panel\" role=\"region\" aria-labelledby=\"accordion-02b4845c-3765-400a-b318-fdd0befedd8d-button\">\n<p>Im Sommergarten kommt es auf einen Bodenbelag an, der mit Temperaturschwankungen und gelegentlicher Feuchtigkeit zurechtkommt. Bew\u00e4hrt haben sich Fliesen und Feinsteinzeug, geschliffener Beton oder strukturierte Steinplatten \u2013 sie sind robust, pflegeleicht und dauerhaft formstabil. Holz und Holzimitat aus Aluminium sind m\u00f6glich, sollten aber f\u00fcr den Au\u00dfenbereich geeignet sein. Teppich und klassisches Parkett eignen sich nicht. Leeb bietet eine Auswahl witterungsbest\u00e4ndiger B\u00f6den (unter anderem Alu), die sich nahtlos in Ihre Sommergarten-Konstruktion einf\u00fcgen.<\/p>\n<\/div><\/div>\n\n\n\n<div class=\"wp-block-t3-acc-accordion is-style-default\"><button id=\"accordion-d395be7e-06be-4134-b67e-8a5e6d22ccf3-button\" class=\"accordion__button\" aria-expanded=\"false\" aria-controls=\"accordion-d395be7e-06be-4134-b67e-8a5e6d22ccf3-panel\"><h3 data-accordion-title=\"true\" style=\"font-size:var(--step-1)\"><strong><strong><strong><strong><strong>Welches Glas wird verbaut, und h\u00e4lt es Hagel und Schnee aus?<\/strong><\/strong><\/strong><\/strong><\/strong><\/h3><\/button><div id=\"accordion-d395be7e-06be-4134-b67e-8a5e6d22ccf3-panel\" class=\"accordion__panel\" role=\"region\" aria-labelledby=\"accordion-d395be7e-06be-4134-b67e-8a5e6d22ccf3-button\">\n<p>Im Leeb-Sommergarten wird ausschlie\u00dflich Verbund-Sicherheitsglas (VSG) verbaut \u2013 aus eigener Glasfertigung in K\u00e4rnten. VSG besteht aus zwei oder mehr Glasscheiben, die mit einer rei\u00dffesten Folie verbunden sind: Bricht eine Scheibe, h\u00e4lt die Folie die Bruchst\u00fccke zusammen. Diese Konstruktion ist hagelsicher und h\u00e4lt den Wind- und Schneelasten Ihrer Region stand \u2013 jeder Sommergarten wird statisch auf Ihren Standort berechnet. Erh\u00e4ltlich ist die Verglasung in Klar-, Matt-, Grau- oder blickdichtem Schwarzglas; welche Variante zu Ihrem Sommergarten passt, kl\u00e4ren Sie mit Ihrem Leeb-Berater.<\/p>\n<\/div><\/div>\n<\/div>\n<\/div>\n<\/section>\n\n\n\n<section class=\"wp-block-group alignfull has-white-background-color has-background has-global-padding is-layout-constrained wp-container-core-group-is-layout-52f96efc wp-block-group-is-layout-constrained\">\n<div class=\"wp-block-group o-grid u-md-1 is-layout-flow wp-block-group-is-layout-flow\" style=\"padding-top:0\">\n<div class=\"wp-block-group u-g-9 u-g-s-2 is-layout-flow wp-block-group-is-layout-flow\">\n<h2 class=\"wp-block-heading\">Sommergarten Impressionen<\/h2>\n\n\n\n<p><span class=\"teaser\"><span class=\"teaser\">Lassen Sie sich von den Gestaltungsm\u00f6glichkeiten unserer Sommerg\u00e4rten inspirieren.<\/span><\/span><\/p>\n<\/div>\n<\/div>\n\n\n    <div id=\"t3-lg-block-1\" class=\"wp-block-t3-lightgallery\" data-initial-count=\"9\">\n      <div class=\"lg-container u-grid-temp has-3-cols\">\n                  <div class=\"lg-item\" data-src=\"https:\/\/www.leeb-balkone.com\/app\/uploads\/2020\/07\/Sommergarten-Ueberdachung-Toscana-mit-Schiebeelementen-Markise-Boden-8-scaled.jpg\"\n              data-sub-html=\"&lt;p&gt;&lt;small&gt;Sommergarten von Leeb - Ansicht mit ge\u00f6ffneter Glas-Schiebeelemente-Front&lt;\/small&gt;&lt;\/p&gt;\">\n            <div class=\"img-wrapper\">\n                <figure>\n                    <img loading=\"lazy\" decoding=\"async\" width=\"300\" height=\"200\" src=\"https:\/\/www.leeb-balkone.com\/app\/uploads\/2020\/07\/Sommergarten-Ueberdachung-Toscana-mit-Schiebeelementen-Markise-Boden-8-300x200.jpg\" class=\"attachment-medium size-medium\" alt=\"Sommergarten von Leeb - Ansicht mit ge\u00f6ffneter Glas-Schiebeelemente-Front\" srcset=\"https:\/\/www.leeb-balkone.com\/app\/uploads\/2020\/07\/Sommergarten-Ueberdachung-Toscana-mit-Schiebeelementen-Markise-Boden-8-300x200.jpg 300w, https:\/\/www.leeb-balkone.com\/app\/uploads\/2020\/07\/Sommergarten-Ueberdachung-Toscana-mit-Schiebeelementen-Markise-Boden-8-1024x683.jpg 1024w, https:\/\/www.leeb-balkone.com\/app\/uploads\/2020\/07\/Sommergarten-Ueberdachung-Toscana-mit-Schiebeelementen-Markise-Boden-8-768x512.jpg 768w, https:\/\/www.leeb-balkone.com\/app\/uploads\/2020\/07\/Sommergarten-Ueberdachung-Toscana-mit-Schiebeelementen-Markise-Boden-8-1536x1024.jpg 1536w, https:\/\/www.leeb-balkone.com\/app\/uploads\/2020\/07\/Sommergarten-Ueberdachung-Toscana-mit-Schiebeelementen-Markise-Boden-8-2048x1365.jpg 2048w\" sizes=\"auto, (min-width: 1200px) 260px, (min-width: 1024px) 220px, (min-width: 640px) 465px, 768px\" \/>    \n                <\/figure>\n                        <\/div>\n            <p><small>Sommergarten von Leeb &#8211; Ansicht mit ge\u00f6ffneter Glas-Schiebeelemente-Front<\/small><\/p>        <\/div>\n                  <div class=\"lg-item\" data-src=\"https:\/\/www.leeb-balkone.com\/app\/uploads\/2020\/07\/glas-sommergarten-anbau-43-scaled.jpg\"\n              data-sub-html=\"&lt;p&gt;&lt;small&gt;Innenansicht eines Sommergartens mit Glas-Schiebeelementen&lt;\/small&gt;&lt;\/p&gt;\">\n            <div class=\"img-wrapper\">\n                <figure>\n                    <img loading=\"lazy\" decoding=\"async\" width=\"300\" height=\"200\" src=\"https:\/\/www.leeb-balkone.com\/app\/uploads\/2020\/07\/glas-sommergarten-anbau-43-300x200.jpg\" class=\"attachment-medium size-medium\" alt=\"Innenansicht eines Sommergartens mit Glas-Schiebeelementen\" srcset=\"https:\/\/www.leeb-balkone.com\/app\/uploads\/2020\/07\/glas-sommergarten-anbau-43-300x200.jpg 300w, https:\/\/www.leeb-balkone.com\/app\/uploads\/2020\/07\/glas-sommergarten-anbau-43-1024x683.jpg 1024w, https:\/\/www.leeb-balkone.com\/app\/uploads\/2020\/07\/glas-sommergarten-anbau-43-768x512.jpg 768w, https:\/\/www.leeb-balkone.com\/app\/uploads\/2020\/07\/glas-sommergarten-anbau-43-1536x1024.jpg 1536w, https:\/\/www.leeb-balkone.com\/app\/uploads\/2020\/07\/glas-sommergarten-anbau-43-2048x1366.jpg 2048w\" sizes=\"auto, (min-width: 1200px) 260px, (min-width: 1024px) 220px, (min-width: 640px) 465px, 768px\" \/>    \n                <\/figure>\n                        <\/div>\n            <p><small>Innenansicht eines Sommergartens mit Glas-Schiebeelementen<\/small><\/p>        <\/div>\n                  <div class=\"lg-item\" data-src=\"https:\/\/www.leeb-balkone.com\/app\/uploads\/2020\/07\/Sommergarten-Ueberdachung-Toscana-mit-Schiebeelementen-Markise-Boden-1-scaled.jpg\"\n              data-sub-html=\"&lt;p&gt;&lt;small&gt;Leeb Sommergarten Innenansicht - Terrassen\u00fcberdachung mit Glas Schiebeelementen&lt;\/small&gt;&lt;\/p&gt;\">\n            <div class=\"img-wrapper\">\n                <figure>\n                    <img loading=\"lazy\" decoding=\"async\" width=\"300\" height=\"200\" src=\"https:\/\/www.leeb-balkone.com\/app\/uploads\/2020\/07\/Sommergarten-Ueberdachung-Toscana-mit-Schiebeelementen-Markise-Boden-1-300x200.jpg\" class=\"attachment-medium size-medium\" alt=\"Leeb Sommergarten Innenansicht - Terrassen\u00fcberdachung mit Glas Schiebeelementen\" srcset=\"https:\/\/www.leeb-balkone.com\/app\/uploads\/2020\/07\/Sommergarten-Ueberdachung-Toscana-mit-Schiebeelementen-Markise-Boden-1-300x200.jpg 300w, https:\/\/www.leeb-balkone.com\/app\/uploads\/2020\/07\/Sommergarten-Ueberdachung-Toscana-mit-Schiebeelementen-Markise-Boden-1-1024x683.jpg 1024w, https:\/\/www.leeb-balkone.com\/app\/uploads\/2020\/07\/Sommergarten-Ueberdachung-Toscana-mit-Schiebeelementen-Markise-Boden-1-768x512.jpg 768w, https:\/\/www.leeb-balkone.com\/app\/uploads\/2020\/07\/Sommergarten-Ueberdachung-Toscana-mit-Schiebeelementen-Markise-Boden-1-1536x1024.jpg 1536w, https:\/\/www.leeb-balkone.com\/app\/uploads\/2020\/07\/Sommergarten-Ueberdachung-Toscana-mit-Schiebeelementen-Markise-Boden-1-2048x1365.jpg 2048w\" sizes=\"auto, (min-width: 1200px) 260px, (min-width: 1024px) 220px, (min-width: 640px) 465px, 768px\" \/>    \n                <\/figure>\n                        <\/div>\n            <p><small>Leeb Sommergarten Innenansicht &#8211; Terrassen\u00fcberdachung mit Glas Schiebeelementen<\/small><\/p>        <\/div>\n                  <div class=\"lg-item\" data-src=\"https:\/\/www.leeb-balkone.com\/app\/uploads\/2021\/11\/sommergarten-mit-glas-schiebelementen-vom-garten-aus-1-scaled.jpeg\"\n              data-sub-html=\"&lt;p&gt;&lt;small&gt;Sommergarten von Leeb - ein gesch\u00fctzter Wohnbereich im Garten&lt;\/small&gt;&lt;\/p&gt;\">\n            <div class=\"img-wrapper\">\n                <figure>\n                    <img loading=\"lazy\" decoding=\"async\" width=\"300\" height=\"200\" src=\"https:\/\/www.leeb-balkone.com\/app\/uploads\/2021\/11\/sommergarten-mit-glas-schiebelementen-vom-garten-aus-1-300x200.jpeg\" class=\"attachment-medium size-medium\" alt=\"Sommergarten von Leeb - ein gesch\u00fctzter Wohnbereich im Garten\" srcset=\"https:\/\/www.leeb-balkone.com\/app\/uploads\/2021\/11\/sommergarten-mit-glas-schiebelementen-vom-garten-aus-1-300x200.jpeg 300w, https:\/\/www.leeb-balkone.com\/app\/uploads\/2021\/11\/sommergarten-mit-glas-schiebelementen-vom-garten-aus-1-1024x684.jpeg 1024w, https:\/\/www.leeb-balkone.com\/app\/uploads\/2021\/11\/sommergarten-mit-glas-schiebelementen-vom-garten-aus-1-768x513.jpeg 768w, https:\/\/www.leeb-balkone.com\/app\/uploads\/2021\/11\/sommergarten-mit-glas-schiebelementen-vom-garten-aus-1-1536x1025.jpeg 1536w, https:\/\/www.leeb-balkone.com\/app\/uploads\/2021\/11\/sommergarten-mit-glas-schiebelementen-vom-garten-aus-1-scaled.jpeg 2048w\" sizes=\"auto, (min-width: 1200px) 260px, (min-width: 1024px) 220px, (min-width: 640px) 465px, 768px\" \/>    \n                <\/figure>\n                        <\/div>\n            <p><small>Sommergarten von Leeb &#8211; ein gesch\u00fctzter Wohnbereich im Garten<\/small><\/p>        <\/div>\n                  <div class=\"lg-item\" data-src=\"https:\/\/www.leeb-balkone.com\/app\/uploads\/2020\/07\/glas-sommergarten-terrassenueberdachung-7-scaled.jpg\"\n              data-sub-html=\"&lt;p&gt;&lt;small&gt;Sommergarten mit Sichtschutzelementen und Stiegenabgang&lt;\/small&gt;&lt;\/p&gt;\">\n            <div class=\"img-wrapper\">\n                <figure>\n                    <img loading=\"lazy\" decoding=\"async\" width=\"300\" height=\"200\" src=\"https:\/\/www.leeb-balkone.com\/app\/uploads\/2020\/07\/glas-sommergarten-terrassenueberdachung-7-300x200.jpg\" class=\"attachment-medium size-medium\" alt=\"Sommergarten mit Sichtschutzelementen und Stiegenabgang\" srcset=\"https:\/\/www.leeb-balkone.com\/app\/uploads\/2020\/07\/glas-sommergarten-terrassenueberdachung-7-300x200.jpg 300w, https:\/\/www.leeb-balkone.com\/app\/uploads\/2020\/07\/glas-sommergarten-terrassenueberdachung-7-1024x681.jpg 1024w, https:\/\/www.leeb-balkone.com\/app\/uploads\/2020\/07\/glas-sommergarten-terrassenueberdachung-7-768x511.jpg 768w, https:\/\/www.leeb-balkone.com\/app\/uploads\/2020\/07\/glas-sommergarten-terrassenueberdachung-7-1536x1022.jpg 1536w, https:\/\/www.leeb-balkone.com\/app\/uploads\/2020\/07\/glas-sommergarten-terrassenueberdachung-7-scaled.jpg 2048w\" sizes=\"auto, (min-width: 1200px) 260px, (min-width: 1024px) 220px, (min-width: 640px) 465px, 768px\" \/>    \n                <\/figure>\n                        <\/div>\n            <p><small>Sommergarten mit Sichtschutzelementen und Stiegenabgang<\/small><\/p>        <\/div>\n                  <div class=\"lg-item\" data-src=\"https:\/\/www.leeb-balkone.com\/app\/uploads\/2021\/10\/sommergarten-aus-alu-mit-glasdach-und-glas-seitenelementen-scaled.jpeg\"\n              data-sub-html=\"&lt;p&gt;&lt;small&gt;Alu-Glas Sommerg\u00e4rten von Leeb&lt;\/small&gt;&lt;\/p&gt;\">\n            <div class=\"img-wrapper\">\n                <figure>\n                    <img loading=\"lazy\" decoding=\"async\" width=\"300\" height=\"200\" src=\"https:\/\/www.leeb-balkone.com\/app\/uploads\/2021\/10\/sommergarten-aus-alu-mit-glasdach-und-glas-seitenelementen-300x200.jpeg\" class=\"attachment-medium size-medium\" alt=\"Sommergarten - Alu-Glas Sommerg\u00e4rten von Leeb\" srcset=\"https:\/\/www.leeb-balkone.com\/app\/uploads\/2021\/10\/sommergarten-aus-alu-mit-glasdach-und-glas-seitenelementen-300x200.jpeg 300w, https:\/\/www.leeb-balkone.com\/app\/uploads\/2021\/10\/sommergarten-aus-alu-mit-glasdach-und-glas-seitenelementen-1024x684.jpeg 1024w, https:\/\/www.leeb-balkone.com\/app\/uploads\/2021\/10\/sommergarten-aus-alu-mit-glasdach-und-glas-seitenelementen-768x513.jpeg 768w, https:\/\/www.leeb-balkone.com\/app\/uploads\/2021\/10\/sommergarten-aus-alu-mit-glasdach-und-glas-seitenelementen-1536x1025.jpeg 1536w, https:\/\/www.leeb-balkone.com\/app\/uploads\/2021\/10\/sommergarten-aus-alu-mit-glasdach-und-glas-seitenelementen-scaled.jpeg 2048w\" sizes=\"auto, (min-width: 1200px) 260px, (min-width: 1024px) 220px, (min-width: 640px) 465px, 768px\" \/>    \n                <\/figure>\n                        <\/div>\n            <p><small>Alu-Glas Sommerg\u00e4rten von Leeb<\/small><\/p>        <\/div>\n                  <div class=\"lg-item\" data-src=\"https:\/\/www.leeb-balkone.com\/app\/uploads\/2020\/07\/glas-sommergarten-44-scaled.jpg\"\n              data-sub-html=\"&lt;p&gt;&lt;small&gt;Leeb Sommergarten als erweitertes Wohnzimmer&lt;\/small&gt;&lt;\/p&gt;\">\n            <div class=\"img-wrapper\">\n                <figure>\n                    <img loading=\"lazy\" decoding=\"async\" width=\"300\" height=\"200\" src=\"https:\/\/www.leeb-balkone.com\/app\/uploads\/2020\/07\/glas-sommergarten-44-300x200.jpg\" class=\"attachment-medium size-medium\" alt=\"Leeb Sommergarten als erweitertes Wohnzimmer\" srcset=\"https:\/\/www.leeb-balkone.com\/app\/uploads\/2020\/07\/glas-sommergarten-44-300x200.jpg 300w, https:\/\/www.leeb-balkone.com\/app\/uploads\/2020\/07\/glas-sommergarten-44-1024x682.jpg 1024w, https:\/\/www.leeb-balkone.com\/app\/uploads\/2020\/07\/glas-sommergarten-44-768x512.jpg 768w, https:\/\/www.leeb-balkone.com\/app\/uploads\/2020\/07\/glas-sommergarten-44-1536x1024.jpg 1536w, https:\/\/www.leeb-balkone.com\/app\/uploads\/2020\/07\/glas-sommergarten-44-2048x1365.jpg 2048w\" sizes=\"auto, (min-width: 1200px) 260px, (min-width: 1024px) 220px, (min-width: 640px) 465px, 768px\" \/>    \n                <\/figure>\n                        <\/div>\n            <p><small>Leeb Sommergarten als erweitertes Wohnzimmer<\/small><\/p>        <\/div>\n                  <div class=\"lg-item\" data-src=\"https:\/\/www.leeb-balkone.com\/app\/uploads\/2020\/09\/glas-sommergarten-15-scaled.jpg\"\n              data-sub-html=\"&lt;p&gt;&lt;small&gt;Sommergarten als erweiterter Wohnraum mit gem\u00fctlicher Sitzgruppe&lt;\/small&gt;&lt;\/p&gt;\">\n            <div class=\"img-wrapper\">\n                <figure>\n                    <img loading=\"lazy\" decoding=\"async\" width=\"300\" height=\"225\" src=\"https:\/\/www.leeb-balkone.com\/app\/uploads\/2020\/09\/glas-sommergarten-15-300x225.jpg\" class=\"attachment-medium size-medium\" alt=\"Sommergarten als erweiterter Wohnraum mit gem\u00fctlicher Sitzgruppe\" srcset=\"https:\/\/www.leeb-balkone.com\/app\/uploads\/2020\/09\/glas-sommergarten-15-300x225.jpg 300w, https:\/\/www.leeb-balkone.com\/app\/uploads\/2020\/09\/glas-sommergarten-15-1024x767.jpg 1024w, https:\/\/www.leeb-balkone.com\/app\/uploads\/2020\/09\/glas-sommergarten-15-768x575.jpg 768w, https:\/\/www.leeb-balkone.com\/app\/uploads\/2020\/09\/glas-sommergarten-15-1536x1151.jpg 1536w, https:\/\/www.leeb-balkone.com\/app\/uploads\/2020\/09\/glas-sommergarten-15-2048x1535.jpg 2048w\" sizes=\"auto, (min-width: 1200px) 260px, (min-width: 1024px) 220px, (min-width: 640px) 465px, 768px\" \/>    \n                <\/figure>\n                        <\/div>\n            <p><small>Sommergarten als erweiterter Wohnraum mit gem\u00fctlicher Sitzgruppe<\/small><\/p>        <\/div>\n                  <div class=\"lg-item\" data-src=\"https:\/\/www.leeb-balkone.com\/app\/uploads\/2021\/10\/sommergarten-pultdach-rundum-glas-seitenelemente-scaled.jpeg\"\n              data-sub-html=\"&lt;p&gt;&lt;small&gt;Terrasse mit Rundumverglasung - Leeb Sommergarten&lt;\/small&gt;&lt;\/p&gt;\">\n            <div class=\"img-wrapper\">\n                <figure>\n                    <img loading=\"lazy\" decoding=\"async\" width=\"300\" height=\"225\" src=\"https:\/\/www.leeb-balkone.com\/app\/uploads\/2021\/10\/sommergarten-pultdach-rundum-glas-seitenelemente-300x225.jpeg\" class=\"attachment-medium size-medium\" alt=\"Terrasse mit Rundumverglasung - Leeb Sommergarten\" srcset=\"https:\/\/www.leeb-balkone.com\/app\/uploads\/2021\/10\/sommergarten-pultdach-rundum-glas-seitenelemente-300x225.jpeg 300w, https:\/\/www.leeb-balkone.com\/app\/uploads\/2021\/10\/sommergarten-pultdach-rundum-glas-seitenelemente-1024x767.jpeg 1024w, https:\/\/www.leeb-balkone.com\/app\/uploads\/2021\/10\/sommergarten-pultdach-rundum-glas-seitenelemente-768x575.jpeg 768w, https:\/\/www.leeb-balkone.com\/app\/uploads\/2021\/10\/sommergarten-pultdach-rundum-glas-seitenelemente-1536x1151.jpeg 1536w, https:\/\/www.leeb-balkone.com\/app\/uploads\/2021\/10\/sommergarten-pultdach-rundum-glas-seitenelemente-scaled.jpeg 2048w\" sizes=\"auto, (min-width: 1200px) 260px, (min-width: 1024px) 220px, (min-width: 640px) 465px, 768px\" \/>    \n                <\/figure>\n                        <\/div>\n            <p><small>Terrasse mit Rundumverglasung &#8211; Leeb Sommergarten<\/small><\/p>        <\/div>\n                  <div class=\"lg-item\" data-src=\"https:\/\/www.leeb-balkone.com\/app\/uploads\/2020\/07\/sommergarten-mit-offenen-schiebeelementen-und-gartengarnitur-scaled.jpg\"\n              data-sub-html=\"&lt;p&gt;&lt;small&gt;Sommergarten mit offenen Schiebelementen &lt;\/small&gt;&lt;\/p&gt;\">\n            <div class=\"img-wrapper\">\n                <figure>\n                    <img loading=\"lazy\" decoding=\"async\" width=\"300\" height=\"200\" src=\"https:\/\/www.leeb-balkone.com\/app\/uploads\/2020\/07\/sommergarten-mit-offenen-schiebeelementen-und-gartengarnitur-300x200.jpg\" class=\"attachment-medium size-medium\" alt=\"Sommergarten mit offenen Schiebelementen und Gartengarnitur\" srcset=\"https:\/\/www.leeb-balkone.com\/app\/uploads\/2020\/07\/sommergarten-mit-offenen-schiebeelementen-und-gartengarnitur-300x200.jpg 300w, https:\/\/www.leeb-balkone.com\/app\/uploads\/2020\/07\/sommergarten-mit-offenen-schiebeelementen-und-gartengarnitur-1024x683.jpg 1024w, https:\/\/www.leeb-balkone.com\/app\/uploads\/2020\/07\/sommergarten-mit-offenen-schiebeelementen-und-gartengarnitur-768x512.jpg 768w, https:\/\/www.leeb-balkone.com\/app\/uploads\/2020\/07\/sommergarten-mit-offenen-schiebeelementen-und-gartengarnitur-1536x1025.jpg 1536w, https:\/\/www.leeb-balkone.com\/app\/uploads\/2020\/07\/sommergarten-mit-offenen-schiebeelementen-und-gartengarnitur-2048x1366.jpg 2048w\" sizes=\"auto, (min-width: 1200px) 260px, (min-width: 1024px) 220px, (min-width: 640px) 465px, 768px\" \/>    \n                <\/figure>\n                        <\/div>\n            <p><small>Sommergarten mit offenen Schiebelementen <\/small><\/p>        <\/div>\n                  <div class=\"lg-item\" data-src=\"https:\/\/www.leeb-balkone.com\/app\/uploads\/2020\/07\/glas-sommergarten-anbau-48-scaled.jpg\"\n              data-sub-html=\"&lt;p&gt;&lt;small&gt;Anbaubalkon mit Sommergarten von Leeb&lt;\/small&gt;&lt;\/p&gt;\">\n            <div class=\"img-wrapper\">\n                <figure>\n                    <img loading=\"lazy\" decoding=\"async\" width=\"300\" height=\"200\" src=\"https:\/\/www.leeb-balkone.com\/app\/uploads\/2020\/07\/glas-sommergarten-anbau-48-300x200.jpg\" class=\"attachment-medium size-medium\" alt=\"Anbaubalkon mit Sommergarten von Leeb\" srcset=\"https:\/\/www.leeb-balkone.com\/app\/uploads\/2020\/07\/glas-sommergarten-anbau-48-300x200.jpg 300w, https:\/\/www.leeb-balkone.com\/app\/uploads\/2020\/07\/glas-sommergarten-anbau-48-1024x683.jpg 1024w, https:\/\/www.leeb-balkone.com\/app\/uploads\/2020\/07\/glas-sommergarten-anbau-48-768x512.jpg 768w, https:\/\/www.leeb-balkone.com\/app\/uploads\/2020\/07\/glas-sommergarten-anbau-48-1536x1024.jpg 1536w, https:\/\/www.leeb-balkone.com\/app\/uploads\/2020\/07\/glas-sommergarten-anbau-48-2048x1366.jpg 2048w\" sizes=\"auto, (min-width: 1200px) 260px, (min-width: 1024px) 220px, (min-width: 640px) 465px, 768px\" \/>    \n                <\/figure>\n                        <\/div>\n            <p><small>Anbaubalkon mit Sommergarten von Leeb<\/small><\/p>        <\/div>\n                  <div class=\"lg-item\" data-src=\"https:\/\/www.leeb-balkone.com\/app\/uploads\/2021\/10\/sommergarten-balkonueberdachung-mit-alu-glas-seitenelementen-scaled.jpeg\"\n              data-sub-html=\"&lt;p&gt;&lt;small&gt;Terrassen\u00fcberdachung in Kombination mit einem Anbaubalkon&lt;\/small&gt;&lt;\/p&gt;\">\n            <div class=\"img-wrapper\">\n                <figure>\n                    <img loading=\"lazy\" decoding=\"async\" width=\"300\" height=\"200\" src=\"https:\/\/www.leeb-balkone.com\/app\/uploads\/2021\/10\/sommergarten-balkonueberdachung-mit-alu-glas-seitenelementen-300x200.jpeg\" class=\"attachment-medium size-medium\" alt=\"sommergarten balkonueberdachung mit alu glas seitenelementen\" srcset=\"https:\/\/www.leeb-balkone.com\/app\/uploads\/2021\/10\/sommergarten-balkonueberdachung-mit-alu-glas-seitenelementen-300x200.jpeg 300w, https:\/\/www.leeb-balkone.com\/app\/uploads\/2021\/10\/sommergarten-balkonueberdachung-mit-alu-glas-seitenelementen-1024x684.jpeg 1024w, https:\/\/www.leeb-balkone.com\/app\/uploads\/2021\/10\/sommergarten-balkonueberdachung-mit-alu-glas-seitenelementen-768x513.jpeg 768w, https:\/\/www.leeb-balkone.com\/app\/uploads\/2021\/10\/sommergarten-balkonueberdachung-mit-alu-glas-seitenelementen-1536x1025.jpeg 1536w, https:\/\/www.leeb-balkone.com\/app\/uploads\/2021\/10\/sommergarten-balkonueberdachung-mit-alu-glas-seitenelementen-scaled.jpeg 2048w\" sizes=\"auto, (min-width: 1200px) 260px, (min-width: 1024px) 220px, (min-width: 640px) 465px, 768px\" \/>    \n                <\/figure>\n                        <\/div>\n            <p><small>Terrassen\u00fcberdachung in Kombination mit einem Anbaubalkon<\/small><\/p>        <\/div>\n                  <div class=\"lg-item\" data-src=\"https:\/\/www.leeb-balkone.com\/app\/uploads\/2021\/10\/sommergarten-alu-glas-mit-glasschiebetueren-scaled.jpeg\"\n              data-sub-html=\"&lt;p&gt;&lt;small&gt;Kombination Sommergarten und Sichtschutzzaun von Leeb&lt;\/small&gt;&lt;\/p&gt;\">\n            <div class=\"img-wrapper\">\n                <figure>\n                    <img loading=\"lazy\" decoding=\"async\" width=\"300\" height=\"225\" src=\"https:\/\/www.leeb-balkone.com\/app\/uploads\/2021\/10\/sommergarten-alu-glas-mit-glasschiebetueren-300x225.jpeg\" class=\"attachment-medium size-medium\" alt=\"Kombination Sommergarten und Sichtschutzzaun von Leeb\" srcset=\"https:\/\/www.leeb-balkone.com\/app\/uploads\/2021\/10\/sommergarten-alu-glas-mit-glasschiebetueren-300x225.jpeg 300w, https:\/\/www.leeb-balkone.com\/app\/uploads\/2021\/10\/sommergarten-alu-glas-mit-glasschiebetueren-1024x767.jpeg 1024w, https:\/\/www.leeb-balkone.com\/app\/uploads\/2021\/10\/sommergarten-alu-glas-mit-glasschiebetueren-768x575.jpeg 768w, https:\/\/www.leeb-balkone.com\/app\/uploads\/2021\/10\/sommergarten-alu-glas-mit-glasschiebetueren-1536x1151.jpeg 1536w, https:\/\/www.leeb-balkone.com\/app\/uploads\/2021\/10\/sommergarten-alu-glas-mit-glasschiebetueren-scaled.jpeg 2048w\" sizes=\"auto, (min-width: 1200px) 260px, (min-width: 1024px) 220px, (min-width: 640px) 465px, 768px\" \/>    \n                <\/figure>\n                        <\/div>\n            <p><small>Kombination Sommergarten und Sichtschutzzaun von Leeb<\/small><\/p>        <\/div>\n                  <div class=\"lg-item\" data-src=\"https:\/\/www.leeb-balkone.com\/app\/uploads\/2025\/07\/sommergarten-alu-glas-und-terrassenueberdachung-toscana-mit-glasbalkon-vitro-scaled.jpg\"\n              data-sub-html=\"&lt;p&gt;&lt;small&gt;Terrasse mit Glas-Schiebeelementen von Leeb&lt;\/small&gt;&lt;\/p&gt;\">\n            <div class=\"img-wrapper\">\n                <figure>\n                    <img loading=\"lazy\" decoding=\"async\" width=\"300\" height=\"200\" src=\"https:\/\/www.leeb-balkone.com\/app\/uploads\/2025\/07\/sommergarten-alu-glas-und-terrassenueberdachung-toscana-mit-glasbalkon-vitro-300x200.jpg\" class=\"attachment-medium size-medium\" alt=\"Terrasse mit Glas-Schiebeelementen von Leeb\" srcset=\"https:\/\/www.leeb-balkone.com\/app\/uploads\/2025\/07\/sommergarten-alu-glas-und-terrassenueberdachung-toscana-mit-glasbalkon-vitro-300x200.jpg 300w, https:\/\/www.leeb-balkone.com\/app\/uploads\/2025\/07\/sommergarten-alu-glas-und-terrassenueberdachung-toscana-mit-glasbalkon-vitro-1024x683.jpg 1024w, https:\/\/www.leeb-balkone.com\/app\/uploads\/2025\/07\/sommergarten-alu-glas-und-terrassenueberdachung-toscana-mit-glasbalkon-vitro-768x512.jpg 768w, https:\/\/www.leeb-balkone.com\/app\/uploads\/2025\/07\/sommergarten-alu-glas-und-terrassenueberdachung-toscana-mit-glasbalkon-vitro-1536x1024.jpg 1536w, https:\/\/www.leeb-balkone.com\/app\/uploads\/2025\/07\/sommergarten-alu-glas-und-terrassenueberdachung-toscana-mit-glasbalkon-vitro-2048x1366.jpg 2048w\" sizes=\"auto, (min-width: 1200px) 260px, (min-width: 1024px) 220px, (min-width: 640px) 465px, 768px\" \/>    \n                <\/figure>\n                        <\/div>\n            <p><small>Terrasse mit Glas-Schiebeelementen von Leeb<\/small><\/p>        <\/div>\n                  <div class=\"lg-item\" data-src=\"https:\/\/www.leeb-balkone.com\/app\/uploads\/2025\/07\/alu-sommergarten-mit-led-beleuchtung-und-aufdachmarkise-und-aluzaun-toledo-scaled.jpg\"\n              data-sub-html=\"&lt;p&gt;&lt;small&gt;Sommergarten mit LED-Beleuchtung und Aufdachmarkise&lt;\/small&gt;&lt;\/p&gt;\">\n            <div class=\"img-wrapper\">\n                <figure>\n                    <img loading=\"lazy\" decoding=\"async\" width=\"300\" height=\"214\" src=\"https:\/\/www.leeb-balkone.com\/app\/uploads\/2025\/07\/alu-sommergarten-mit-led-beleuchtung-und-aufdachmarkise-und-aluzaun-toledo-300x214.jpg\" class=\"attachment-medium size-medium\" alt=\"Sommergarten mit LED-Beleuchtung und Aufdachmarkise\" srcset=\"https:\/\/www.leeb-balkone.com\/app\/uploads\/2025\/07\/alu-sommergarten-mit-led-beleuchtung-und-aufdachmarkise-und-aluzaun-toledo-300x214.jpg 300w, https:\/\/www.leeb-balkone.com\/app\/uploads\/2025\/07\/alu-sommergarten-mit-led-beleuchtung-und-aufdachmarkise-und-aluzaun-toledo-1024x731.jpg 1024w, https:\/\/www.leeb-balkone.com\/app\/uploads\/2025\/07\/alu-sommergarten-mit-led-beleuchtung-und-aufdachmarkise-und-aluzaun-toledo-768x549.jpg 768w, https:\/\/www.leeb-balkone.com\/app\/uploads\/2025\/07\/alu-sommergarten-mit-led-beleuchtung-und-aufdachmarkise-und-aluzaun-toledo-1536x1097.jpg 1536w, https:\/\/www.leeb-balkone.com\/app\/uploads\/2025\/07\/alu-sommergarten-mit-led-beleuchtung-und-aufdachmarkise-und-aluzaun-toledo-2048x1463.jpg 2048w\" sizes=\"auto, (min-width: 1200px) 260px, (min-width: 1024px) 220px, (min-width: 640px) 465px, 768px\" \/>    \n                <\/figure>\n                        <\/div>\n            <p><small>Sommergarten mit LED-Beleuchtung und Aufdachmarkise<\/small><\/p>        <\/div>\n                  <div class=\"lg-item\" data-src=\"https:\/\/www.leeb-balkone.com\/app\/uploads\/2025\/07\/terrassenueberdachung-sommergarten-mit-senkrechtmarkise-und-aluzaun-toledo-scaled.jpg\"\n              data-sub-html=\"&lt;p&gt;&lt;small&gt;Leeb Sommergarten mit Senkrechtmarkise&lt;\/small&gt;&lt;\/p&gt;\">\n            <div class=\"img-wrapper\">\n                <figure>\n                    <img loading=\"lazy\" decoding=\"async\" width=\"300\" height=\"200\" src=\"https:\/\/www.leeb-balkone.com\/app\/uploads\/2025\/07\/terrassenueberdachung-sommergarten-mit-senkrechtmarkise-und-aluzaun-toledo-300x200.jpg\" class=\"attachment-medium size-medium\" alt=\"Leeb Sommergarten mit Senkrechtmarkise\" srcset=\"https:\/\/www.leeb-balkone.com\/app\/uploads\/2025\/07\/terrassenueberdachung-sommergarten-mit-senkrechtmarkise-und-aluzaun-toledo-300x200.jpg 300w, https:\/\/www.leeb-balkone.com\/app\/uploads\/2025\/07\/terrassenueberdachung-sommergarten-mit-senkrechtmarkise-und-aluzaun-toledo-1024x683.jpg 1024w, https:\/\/www.leeb-balkone.com\/app\/uploads\/2025\/07\/terrassenueberdachung-sommergarten-mit-senkrechtmarkise-und-aluzaun-toledo-768x512.jpg 768w, https:\/\/www.leeb-balkone.com\/app\/uploads\/2025\/07\/terrassenueberdachung-sommergarten-mit-senkrechtmarkise-und-aluzaun-toledo-1536x1024.jpg 1536w, https:\/\/www.leeb-balkone.com\/app\/uploads\/2025\/07\/terrassenueberdachung-sommergarten-mit-senkrechtmarkise-und-aluzaun-toledo-2048x1366.jpg 2048w\" sizes=\"auto, (min-width: 1200px) 260px, (min-width: 1024px) 220px, (min-width: 640px) 465px, 768px\" \/>    \n                <\/figure>\n                        <\/div>\n            <p><small>Leeb Sommergarten mit Senkrechtmarkise<\/small><\/p>        <\/div>\n                <\/div>\n\n              <div class=\"lg-load-more-wrapper\">\n            <div class=\"lg-load-more wp-block-button is-style-filled-secondary\">\n                <a href=\"#\" class=\"wp-block-button__link wp-element-button\" role=\"button\">\n                    Mehr laden                <\/a>\n            <\/div>\n        <\/div>\n          <\/div>\n    <\/section>\n\n\n\n<section class=\"wp-block-group alignfull has-white-background-color has-background has-global-padding is-layout-constrained wp-container-core-group-is-layout-9fa1424c wp-block-group-is-layout-constrained\" style=\"padding-top:0\">\n<div class=\"wp-block-columns is-style-offset m-split is-layout-flex wp-container-core-columns-is-layout-28f84493 wp-block-columns-is-layout-flex\">\n<div class=\"wp-block-column is-layout-flow wp-block-column-is-layout-flow\"><div class=\"vp-map-wrapper vp-map-ratio-19-1\"><img decoding=\"async\" width=\"2000\" height=\"1157\" src=\"https:\/\/www.leeb-balkone.com\/app\/uploads\/2026\/03\/map-ch.jpg\" class=\"attachment-full size-full\" alt=\"Schweizer Map: Vertriebspartner (orange Pins) und Schaur\u00e4ume \/ Standorte (gr\u00fcne Pins) der Leeb Balkone GmbH in der Schweiz\" style=\"width:100%;height:100%;object-fit:cover;display:block;\" loading=\"lazy\" srcset=\"https:\/\/www.leeb-balkone.com\/app\/uploads\/2026\/03\/map-ch.jpg 2000w, https:\/\/www.leeb-balkone.com\/app\/uploads\/2026\/03\/map-ch-300x174.jpg 300w, https:\/\/www.leeb-balkone.com\/app\/uploads\/2026\/03\/map-ch-1024x592.jpg 1024w, https:\/\/www.leeb-balkone.com\/app\/uploads\/2026\/03\/map-ch-768x444.jpg 768w, https:\/\/www.leeb-balkone.com\/app\/uploads\/2026\/03\/map-ch-1536x889.jpg 1536w\" sizes=\"auto, (min-width: 1536px) 2048px, (min-width: 992px) 1536px, (min-width: 768px) 1024px, (min-width: 576px) 768px, 100vw\" \/><\/div>\n<\/div>\n\n\n\n<div class=\"wp-block-column is-vertically-aligned-center is-style-overlay-content is-layout-flow wp-block-column-is-layout-flow\">\n<div class=\"wp-block-group is-vertical is-layout-flex wp-container-core-group-is-layout-bd7877ba wp-block-group-is-layout-flex\">\n<h2 class=\"wp-block-heading has-step-2-font-size\">Vertriebspartner Schweiz<\/h2>\n\n\n\n<p>Kompetente LEEB Partner in Ihrer Region. Pers\u00f6nliche Beratung, pr\u00e4zise Planung und fachgerechte Montage.<\/p>\n\n\n\n<div class=\"wp-block-buttons is-layout-flex wp-block-buttons-is-layout-flex\" style=\"margin-top:var(--wp--preset--spacing--2-xs)\">\n<div class=\"wp-block-button is-style-cta\"><a class=\"wp-block-button__link has-transparent-background-color has-background wp-element-button\" href=\"https:\/\/www.leeb-balkone.com\/ch\/vertriebspartner\/\">Vertriebspartner finden<span class=\"sr-only\">Vertriebspartner Leeb Balkone Schweiz<\/span><\/a><\/div>\n<\/div>\n<\/div>\n<\/div>\n<\/div>\n<\/section>\n\n\n\n<section class=\"wp-block-group alignfull has-light-gray-background-color has-background has-global-padding is-layout-constrained wp-container-core-group-is-layout-52f96efc wp-block-group-is-layout-constrained\" id=\"beratungstermin\">\n<div class=\"wp-block-group m-teaser o-grid u-md-1 is-layout-flow wp-block-group-is-layout-flow\">\n<div class=\"wp-block-group u-g-7 u-g-s-2 is-layout-flow wp-block-group-is-layout-flow\" style=\"margin-bottom:var(--wp--preset--spacing--s)\">\n<h2 class=\"wp-block-heading\">Kontaktieren Sie uns<\/h2>\n\n\n\n<p><strong><strong>Planen Sie ein Projekt oder haben Sie Fragen zu uns und unseren L\u00f6sungen? Schreiben Sie uns: Wir nehmen uns gerne Zeit f\u00fcr Ihre Anfrage!<\/strong><\/strong><\/p>\n<\/div>\n<\/div>\n\n\n\n<div class=\"wp-block-group m-teaser o-grid u-md-1 is-layout-flow wp-block-group-is-layout-flow\">\n<div class=\"wp-block-group u-g-7 u-g-s-2 is-layout-flow wp-block-group-is-layout-flow\" style=\"margin-bottom:var(--wp--preset--spacing--s)\"><form action=\"https:\/\/www.leeb-balkone.com\/ch\/wp-json\/ws-form\/v1\/submit\" class=\"wsf-form wsf-form-canvas\" id=\"ws-form-1\" data-id=\"4\" data-instance-id=\"1\" method=\"POST\"><\/form>\n<\/div>\n\n\n\n<div class=\"wp-block-group u-g-3 u-g-s-9 is-layout-flow wp-block-group-is-layout-flow\"><div class=\"t3-sidebar-buttons wp-block-buttons is-layout-flex wp-block-buttons-is-layout-flex\"><div class=\"wp-block-button is-style-fill icon-book icon-left\">\n                        <a class=\"wp-block-button__link has-secondary-color has-white-background-color has-text-color has-background has-link-color wp-element-button\" href=\"https:\/\/www.leeb-balkone.com\/ch\/kontakt\/katalog-anfordern\/\" style=\"box-shadow:var(--wp--preset--shadow--box-shadow)\">Katalog anfordern<\/a>\n                    <\/div><div class=\"wp-block-button is-style-fill icon-phone-new icon-left\">\n                        <a class=\"wp-block-button__link has-secondary-color has-white-background-color has-text-color has-background has-link-color wp-element-button\" href=\"tel:+41555361653\">Telefon Schweiz <span class=\"sr-only\"> Telefon: +41 555 3616 53<\/span><\/a>\n                    <\/div><\/div>\n<\/div>\n<\/div>\n<\/section>\n","protected":false},"excerpt":{"rendered":"","protected":false},"author":4,"featured_media":0,"parent":20009,"menu_order":0,"comment_status":"closed","ping_status":"closed","template":"template-onepager.blade.php","meta":{"_acf_changed":false,"footnotes":"","_sage_theme_css":true,"_wp_block_core_css":true},"folder":[238,248],"class_list":["post-154633","page","type-page","status-publish","hentry"],"acf":[],"yoast_head":"<!-- This site is optimized with the Yoast SEO plugin v27.2 - https:\/\/yoast.com\/product\/yoast-seo-wordpress\/ -->\n<title>Sommergarten Alu-Glas mit Schiebeelementen - Leeb Balkone Schweiz<\/title>\n<meta name=\"description\" content=\"Verl\u00e4ngern Sie Ihre Garten-Saison mit einem Leeb Sommergarten. Hochwertige Glas-Alu-Konstruktion, windgesch\u00fctzt &amp; lichtdurchflutet. Jetzt unverbindlich beraten lassen!\" \/>\n<meta name=\"robots\" content=\"index, follow, max-snippet:-1, max-image-preview:large, max-video-preview:-1\" \/>\n<meta property=\"og:locale\" content=\"de_DE\" \/>\n<meta property=\"og:type\" content=\"article\" \/>\n<meta property=\"og:title\" content=\"Sommergarten Alu-Glas mit Schiebeelementen - Leeb Balkone\" \/>\n<meta property=\"og:description\" content=\"Verl\u00e4ngern Sie Ihre Garten-Saison mit einem Leeb Sommergarten. Hochwertige Glas-Alu-Konstruktion, windgesch\u00fctzt &amp; lichtdurchflutet. Jetzt unverbindlich beraten lassen!\" \/>\n<meta property=\"og:url\" content=\"https:\/\/www.leeb-balkone.com\/ch\/ueberdachungen\/sommergarten\/\" \/>\n<meta property=\"og:site_name\" content=\"Leeb Balkone\" \/>\n<meta property=\"article:publisher\" content=\"https:\/\/www.facebook.com\/balkone\/\" \/>\n<meta property=\"article:modified_time\" content=\"2026-05-02T14:45:15+00:00\" \/>\n<meta property=\"og:image\" content=\"https:\/\/www.leeb-balkone.com\/app\/uploads\/2020\/07\/glas-sommergarten-terrassenueberdachung-5-scaled.jpg\" \/>\n\t<meta property=\"og:image:width\" content=\"2048\" \/>\n\t<meta property=\"og:image:height\" content=\"1367\" \/>\n\t<meta property=\"og:image:type\" content=\"image\/jpeg\" \/>\n<meta name=\"twitter:card\" content=\"summary_large_image\" \/>\n<script type=\"application\/ld+json\" class=\"yoast-schema-graph\">{\"@context\":\"https:\/\/schema.org\",\"@graph\":[{\"@type\":\"WebPage\",\"@id\":\"https:\/\/www.leeb-balkone.com\/ch\/ueberdachungen\/sommergarten\/\",\"url\":\"https:\/\/www.leeb-balkone.com\/ch\/ueberdachungen\/sommergarten\/\",\"name\":\"Sommergarten Alu-Glas mit Schiebeelementen - Leeb Balkone\",\"isPartOf\":{\"@id\":\"https:\/\/www.leeb-balkone.com\/ch\/#website\"},\"primaryImageOfPage\":{\"@id\":\"https:\/\/www.leeb-balkone.com\/ch\/ueberdachungen\/sommergarten\/#primaryimage\"},\"image\":{\"@id\":\"https:\/\/www.leeb-balkone.com\/ch\/ueberdachungen\/sommergarten\/#primaryimage\"},\"thumbnailUrl\":\"https:\/\/www.leeb-balkone.com\/app\/uploads\/2020\/07\/glas-sommergarten-terrassenueberdachung-5-1024x684.jpg\",\"datePublished\":\"2025-09-12T20:20:35+00:00\",\"dateModified\":\"2026-05-02T14:45:15+00:00\",\"description\":\"Verl\u00e4ngern Sie Ihre Garten-Saison mit einem Leeb Sommergarten. Hochwertige Glas-Alu-Konstruktion, windgesch\u00fctzt & lichtdurchflutet. Jetzt unverbindlich beraten lassen!\",\"breadcrumb\":{\"@id\":\"https:\/\/www.leeb-balkone.com\/ch\/ueberdachungen\/sommergarten\/#breadcrumb\"},\"inLanguage\":\"de-CH\",\"potentialAction\":[{\"@type\":\"ReadAction\",\"target\":[\"https:\/\/www.leeb-balkone.com\/ch\/ueberdachungen\/sommergarten\/\"]}]},{\"@type\":\"ImageObject\",\"inLanguage\":\"de-CH\",\"@id\":\"https:\/\/www.leeb-balkone.com\/ch\/ueberdachungen\/sommergarten\/#primaryimage\",\"url\":\"https:\/\/www.leeb-balkone.com\/app\/uploads\/2020\/07\/glas-sommergarten-terrassenueberdachung-5-1024x684.jpg\",\"contentUrl\":\"https:\/\/www.leeb-balkone.com\/app\/uploads\/2020\/07\/glas-sommergarten-terrassenueberdachung-5-1024x684.jpg\"},{\"@type\":\"BreadcrumbList\",\"@id\":\"https:\/\/www.leeb-balkone.com\/ch\/ueberdachungen\/sommergarten\/#breadcrumb\",\"itemListElement\":[{\"@type\":\"ListItem\",\"position\":1,\"name\":\"Home\",\"item\":\"https:\/\/www.leeb-balkone.com\/ch\/\"},{\"@type\":\"ListItem\",\"position\":2,\"name\":\"\u00dcberdachungen und Sommerg\u00e4rten\",\"item\":\"https:\/\/www.leeb-balkone.com\/ch\/ueberdachungen\/\"},{\"@type\":\"ListItem\",\"position\":3,\"name\":\"Sommergarten\"}]},{\"@type\":\"WebSite\",\"@id\":\"https:\/\/www.leeb-balkone.com\/ch\/#website\",\"url\":\"https:\/\/www.leeb-balkone.com\/ch\/\",\"name\":\"Leeb Balkone\",\"description\":\"Balkone und Z\u00e4une\",\"publisher\":{\"@id\":\"https:\/\/www.leeb-balkone.com\/ch\/#organization\"},\"potentialAction\":[{\"@type\":\"SearchAction\",\"target\":{\"@type\":\"EntryPoint\",\"urlTemplate\":\"https:\/\/www.leeb-balkone.com\/ch\/?s={search_term_string}\"},\"query-input\":{\"@type\":\"PropertyValueSpecification\",\"valueRequired\":true,\"valueName\":\"search_term_string\"}}],\"inLanguage\":\"de-CH\"},{\"@type\":\"Organization\",\"@id\":\"https:\/\/www.leeb-balkone.com\/ch\/#organization\",\"name\":\"Leeb Balkone Gmbh\",\"url\":\"https:\/\/www.leeb-balkone.com\/ch\/\",\"logo\":{\"@type\":\"ImageObject\",\"inLanguage\":\"de-CH\",\"@id\":\"https:\/\/www.leeb-balkone.com\/ch\/#\/schema\/logo\/image\/\",\"url\":\"https:\/\/www.leeb-balkone.com\/app\/uploads\/2020\/11\/leeb-logo.svg\",\"contentUrl\":\"https:\/\/www.leeb-balkone.com\/app\/uploads\/2020\/11\/leeb-logo.svg\",\"width\":741,\"height\":204,\"caption\":\"Leeb Balkone Gmbh\"},\"image\":{\"@id\":\"https:\/\/www.leeb-balkone.com\/ch\/#\/schema\/logo\/image\/\"},\"sameAs\":[\"https:\/\/www.facebook.com\/balkone\/\",\"https:\/\/www.trustedshops.at\/bewertung\/info_X4587CCF5833E31AFE0B11F47D86999F2.html\",\"https:\/\/www.trustedshops.de\/bewertung\/info_X7BA536A7A0BDC86D36C4718E4DCAEEEF.html\",\"https:\/\/www.google.com\/maps\/place\/?q=place_id:ChIJ5-zH19-IcEcR9HonWRTllHI\"]}]}<\/script>\n<!-- \/ Yoast SEO plugin. -->","yoast_head_json":{"title":"Sommergarten Alu-Glas mit Schiebeelementen - Leeb Balkone Schweiz","description":"Verl\u00e4ngern Sie Ihre Garten-Saison mit einem Leeb Sommergarten. Hochwertige Glas-Alu-Konstruktion, windgesch\u00fctzt & lichtdurchflutet. Jetzt unverbindlich beraten lassen!","robots":{"index":"index","follow":"follow","max-snippet":"max-snippet:-1","max-image-preview":"max-image-preview:large","max-video-preview":"max-video-preview:-1"},"og_locale":"de_DE","og_type":"article","og_title":"Sommergarten Alu-Glas mit Schiebeelementen - Leeb Balkone","og_description":"Verl\u00e4ngern Sie Ihre Garten-Saison mit einem Leeb Sommergarten. Hochwertige Glas-Alu-Konstruktion, windgesch\u00fctzt & lichtdurchflutet. Jetzt unverbindlich beraten lassen!","og_url":"https:\/\/www.leeb-balkone.com\/ch\/ueberdachungen\/sommergarten\/","og_site_name":"Leeb Balkone","article_publisher":"https:\/\/www.facebook.com\/balkone\/","article_modified_time":"2026-05-02T14:45:15+00:00","og_image":[{"width":2048,"height":1367,"url":"https:\/\/www.leeb-balkone.com\/app\/uploads\/2020\/07\/glas-sommergarten-terrassenueberdachung-5-scaled.jpg","type":"image\/jpeg"}],"twitter_card":"summary_large_image","schema":{"@context":"https:\/\/schema.org","@graph":[{"@type":"WebPage","@id":"https:\/\/www.leeb-balkone.com\/ch\/ueberdachungen\/sommergarten\/","url":"https:\/\/www.leeb-balkone.com\/ch\/ueberdachungen\/sommergarten\/","name":"Sommergarten Alu-Glas mit Schiebeelementen - Leeb Balkone","isPartOf":{"@id":"https:\/\/www.leeb-balkone.com\/ch\/#website"},"primaryImageOfPage":{"@id":"https:\/\/www.leeb-balkone.com\/ch\/ueberdachungen\/sommergarten\/#primaryimage"},"image":{"@id":"https:\/\/www.leeb-balkone.com\/ch\/ueberdachungen\/sommergarten\/#primaryimage"},"thumbnailUrl":"https:\/\/www.leeb-balkone.com\/app\/uploads\/2020\/07\/glas-sommergarten-terrassenueberdachung-5-1024x684.jpg","datePublished":"2025-09-12T20:20:35+00:00","dateModified":"2026-05-02T14:45:15+00:00","description":"Verl\u00e4ngern Sie Ihre Garten-Saison mit einem Leeb Sommergarten. Hochwertige Glas-Alu-Konstruktion, windgesch\u00fctzt & lichtdurchflutet. Jetzt unverbindlich beraten lassen!","breadcrumb":{"@id":"https:\/\/www.leeb-balkone.com\/ch\/ueberdachungen\/sommergarten\/#breadcrumb"},"inLanguage":"de-CH","potentialAction":[{"@type":"ReadAction","target":["https:\/\/www.leeb-balkone.com\/ch\/ueberdachungen\/sommergarten\/"]}]},{"@type":"ImageObject","inLanguage":"de-CH","@id":"https:\/\/www.leeb-balkone.com\/ch\/ueberdachungen\/sommergarten\/#primaryimage","url":"https:\/\/www.leeb-balkone.com\/app\/uploads\/2020\/07\/glas-sommergarten-terrassenueberdachung-5-1024x684.jpg","contentUrl":"https:\/\/www.leeb-balkone.com\/app\/uploads\/2020\/07\/glas-sommergarten-terrassenueberdachung-5-1024x684.jpg"},{"@type":"BreadcrumbList","@id":"https:\/\/www.leeb-balkone.com\/ch\/ueberdachungen\/sommergarten\/#breadcrumb","itemListElement":[{"@type":"ListItem","position":1,"name":"Home","item":"https:\/\/www.leeb-balkone.com\/ch\/"},{"@type":"ListItem","position":2,"name":"\u00dcberdachungen und Sommerg\u00e4rten","item":"https:\/\/www.leeb-balkone.com\/ch\/ueberdachungen\/"},{"@type":"ListItem","position":3,"name":"Sommergarten"}]},{"@type":"WebSite","@id":"https:\/\/www.leeb-balkone.com\/ch\/#website","url":"https:\/\/www.leeb-balkone.com\/ch\/","name":"Leeb Balkone","description":"Balkone und Z\u00e4une","publisher":{"@id":"https:\/\/www.leeb-balkone.com\/ch\/#organization"},"potentialAction":[{"@type":"SearchAction","target":{"@type":"EntryPoint","urlTemplate":"https:\/\/www.leeb-balkone.com\/ch\/?s={search_term_string}"},"query-input":{"@type":"PropertyValueSpecification","valueRequired":true,"valueName":"search_term_string"}}],"inLanguage":"de-CH"},{"@type":"Organization","@id":"https:\/\/www.leeb-balkone.com\/ch\/#organization","name":"Leeb Balkone Gmbh","url":"https:\/\/www.leeb-balkone.com\/ch\/","logo":{"@type":"ImageObject","inLanguage":"de-CH","@id":"https:\/\/www.leeb-balkone.com\/ch\/#\/schema\/logo\/image\/","url":"https:\/\/www.leeb-balkone.com\/app\/uploads\/2020\/11\/leeb-logo.svg","contentUrl":"https:\/\/www.leeb-balkone.com\/app\/uploads\/2020\/11\/leeb-logo.svg","width":741,"height":204,"caption":"Leeb Balkone Gmbh"},"image":{"@id":"https:\/\/www.leeb-balkone.com\/ch\/#\/schema\/logo\/image\/"},"sameAs":["https:\/\/www.facebook.com\/balkone\/","https:\/\/www.trustedshops.at\/bewertung\/info_X4587CCF5833E31AFE0B11F47D86999F2.html","https:\/\/www.trustedshops.de\/bewertung\/info_X7BA536A7A0BDC86D36C4718E4DCAEEEF.html","https:\/\/www.google.com\/maps\/place\/?q=place_id:ChIJ5-zH19-IcEcR9HonWRTllHI"]}]}},"_links":{"self":[{"href":"https:\/\/www.leeb-balkone.com\/ch\/wp-json\/wp\/v2\/pages\/154633","targetHints":{"allow":["GET"]}}],"collection":[{"href":"https:\/\/www.leeb-balkone.com\/ch\/wp-json\/wp\/v2\/pages"}],"about":[{"href":"https:\/\/www.leeb-balkone.com\/ch\/wp-json\/wp\/v2\/types\/page"}],"author":[{"embeddable":true,"href":"https:\/\/www.leeb-balkone.com\/ch\/wp-json\/wp\/v2\/users\/4"}],"replies":[{"embeddable":true,"href":"https:\/\/www.leeb-balkone.com\/ch\/wp-json\/wp\/v2\/comments?post=154633"}],"version-history":[{"count":28,"href":"https:\/\/www.leeb-balkone.com\/ch\/wp-json\/wp\/v2\/pages\/154633\/revisions"}],"predecessor-version":[{"id":168800,"href":"https:\/\/www.leeb-balkone.com\/ch\/wp-json\/wp\/v2\/pages\/154633\/revisions\/168800"}],"up":[{"embeddable":true,"href":"https:\/\/www.leeb-balkone.com\/ch\/wp-json\/wp\/v2\/pages\/20009"}],"wp:attachment":[{"href":"https:\/\/www.leeb-balkone.com\/ch\/wp-json\/wp\/v2\/media?parent=154633"}],"wp:term":[{"taxonomy":"folder","embeddable":true,"href":"https:\/\/www.leeb-balkone.com\/ch\/wp-json\/wp\/v2\/folder?post=154633"}],"curies":[{"name":"wp","href":"https:\/\/api.w.org\/{rel}","templated":true}]}}