{"id":154595,"date":"2022-01-28T11:58:55","date_gmt":"2022-01-28T11:58:55","guid":{"rendered":"https:\/\/www.leeb-balkone.com\/de\/produkte\/balkongelaender-glas\/"},"modified":"2026-04-10T14:18:53","modified_gmt":"2026-04-10T14:18:53","slug":"balkongelaender-glas","status":"publish","type":"page","link":"https:\/\/www.leeb-balkone.com\/ch\/balkongelaender\/balkongelaender-glas\/","title":{"rendered":"Balkongel\u00e4nder Glas"},"content":{"rendered":"\n<section class=\"wp-block-group alignfull t3-header t3-header-splitscreen t3-splitscreen-shadow h-zi-20 has-light-gray-background-color has-background has-global-padding is-layout-constrained wp-container-core-group-is-layout-f1ad4950 wp-block-group-is-layout-constrained\" style=\"padding-top:0;padding-bottom:0\">\n<div class=\"wp-block-columns h-flx-a-s m-split is-layout-flex wp-container-core-columns-is-layout-28f84493 wp-block-columns-is-layout-flex\">\n<div class=\"wp-block-column is-vertically-aligned-top h-flx-a-s m-split-col-content is-layout-flow wp-block-column-is-layout-flow\"><div class=\"yoast-breadcrumbs\"><span><span><a href=\"https:\/\/www.leeb-balkone.com\/ch\/\">Home<\/a><\/span> \/ <span><a href=\"https:\/\/www.leeb-balkone.com\/ch\/balkongelaender\/\">Balkongel\u00e4nder<\/a><\/span> \/ <span class=\"breadcrumb_last\" aria-current=\"page\">Balkongel\u00e4nder Glas<\/span><\/span><\/div>\n\n<h1 class=\"wp-block-post-title\">Balkongel\u00e4nder Glas<\/h1>\n\n\n<p class=\"has-step-0-font-size\" style=\"margin-bottom:0\">Glas Balkongel\u00e4nder von Leeb \u00fcberzeugen durch VSG-Sicherheitsglas aus eigener Fertigung, hervorragende Stabilit\u00e4t und moderne Optik. Von Ganzglasgel\u00e4ndern \u00fcber Alu-Glas-Kombinationen bis zu Gel\u00e4ndern mit kombinierter F\u00fcllung.<\/p>\n\n\n\n<div class=\"wp-block-buttons is-layout-flex wp-block-buttons-is-layout-flex\" style=\"margin-top:var(--wp--preset--spacing--l)\">\n<div class=\"wp-block-button is-style-cta icon-book icon-left\"><a class=\"wp-block-button__link wp-element-button\" href=\"https:\/\/www.leeb-balkone.com\/ch\/kontakt\/katalog-anfordern\/\">Katalog anfordern<\/a><\/div>\n\n\n\n<div class=\"wp-block-button is-style-cta icon-vp icon-left\"><a class=\"wp-block-button__link wp-element-button\" href=\"https:\/\/www.leeb-balkone.com\/ch\/vertriebspartner\/\">Ansprechpartner finden<span class=\"sr-only\"> Schweiz<\/span><\/a><\/div>\n<\/div>\n<\/div>\n\n\n\n<div class=\"wp-block-column is-vertically-aligned-stretch h-hide-md-down is-style-image-cover is-layout-flow wp-block-column-is-layout-flow\">\n<figure class=\"wp-block-image size-large\"><img loading=\"lazy\" decoding=\"async\" width=\"1024\" height=\"682\" src=\"https:\/\/www.leeb-balkone.com\/app\/uploads\/2020\/07\/glas-balkongelaender-alu-design-vision-36-1024x682.jpg\" alt=\"glas balkongelaender alu design vision\" class=\"wp-image-132830\" srcset=\"https:\/\/www.leeb-balkone.com\/app\/uploads\/2020\/07\/glas-balkongelaender-alu-design-vision-36-1024x682.jpg 1024w, https:\/\/www.leeb-balkone.com\/app\/uploads\/2020\/07\/glas-balkongelaender-alu-design-vision-36-300x200.jpg 300w, https:\/\/www.leeb-balkone.com\/app\/uploads\/2020\/07\/glas-balkongelaender-alu-design-vision-36-768x512.jpg 768w, https:\/\/www.leeb-balkone.com\/app\/uploads\/2020\/07\/glas-balkongelaender-alu-design-vision-36-1536x1024.jpg 1536w, https:\/\/www.leeb-balkone.com\/app\/uploads\/2020\/07\/glas-balkongelaender-alu-design-vision-36-2048x1365.jpg 2048w\" sizes=\"auto, (max-width: 1024px) 100vw, 1024px\" \/><\/figure>\n<\/div>\n<\/div>\n<\/section>\n\n\n\n<section class=\"wp-block-group alignfull has-white-background-color has-background has-global-padding is-layout-constrained wp-container-core-group-is-layout-52f96efc wp-block-group-is-layout-constrained\" id=\"modelle\">\n<div class=\"wp-block-group m-teaser o-grid u-md-1 is-layout-flow wp-block-group-is-layout-flow\">\n<div class=\"wp-block-group u-g-10 u-g-s-2 is-layout-flow wp-block-group-is-layout-flow\" style=\"margin-bottom:var(--wp--preset--spacing--s)\">\n<h2 class=\"wp-block-heading has-text-align-center has-step-2-font-size\">Glasbalkon Modelle \/ Designs<\/h2>\n\n\n\n<p class=\"has-text-align-center\">Zahlreiche Modelle stehen zur Auswahl \u2013 rahmenlos, mit schlankem Alu-Profil oder als blickdichte Variante mit Milchglas. Finden Sie Ihren Glasbalkon von Leeb.<\/p>\n<\/div>\n<\/div>\n\n\n<nav class=\"loop-filter-list\" aria-label=\"Filter\"><ul role=\"tablist\"><li role=\"presentation\"><button type=\"button\" role=\"tab\" aria-selected=\"true\" class=\"loop-filter-link is-active\" data-filter=\"all\">Alle anzeigen<\/button><\/li><\/ul><\/nav><div id=\"loop-block-69f3fce2aba7b\" class=\"wp-block-group wp-block-t3-loop-block__wrapper t3-block-cards u-grid-temp has-3-cols is-style-transparent-cards gap-sm\" data-block-id=\"loop-block-69f3fce2aba7b\" data-load-more=\"true\" data-load-more-enabled=\"true\" data-loaded=\"9\" data-total=\"12\" data-current-filter=\"all\" data-attributes=\"{&quot;postTypes&quot;:[&quot;product&quot;],&quot;postsPerPage&quot;:-1,&quot;categorySlugs&quot;:[&quot;balkongelaender-glas&quot;],&quot;sortOption&quot;:&quot;sticky&quot;,&quot;orderOption&quot;:&quot;asc&quot;,&quot;orderingField&quot;:&quot;product_order&quot;,&quot;acfExcerptField&quot;:&quot;product_teaser&quot;,&quot;showFilter&quot;:true,&quot;filterChildren&quot;:true,&quot;limitVisible&quot;:true,&quot;enableSchema&quot;:true,&quot;className&quot;:&quot;is-style-transparent-cards gap-sm&quot;,&quot;columns&quot;:3,&quot;visibleCount&quot;:9,&quot;linkTitle&quot;:&quot;&quot;,&quot;showLinkStyle&quot;:false,&quot;enableAcfFields&quot;:false,&quot;acfImageField&quot;:&quot;&quot;,&quot;acfTextFields&quot;:&quot;&quot;,&quot;acfFieldsUseTemplate&quot;:false}\">\n<div id=\"post-18050\" class=\"loop-block-item wp-block-group m-card is-layout-flow wp-block-group-is-layout-flow balkongelaender-alu glasbalkone-alu balkongelaender-glas\">\n    <a href=\"https:\/\/www.leeb-balkone.com\/ch\/balkongelaender\/balkongelaender-alu\/vision\/\" class=\"no-default-link\" title=\"Vision\">\n        <figure data-imgid=\"12419\" class=\"wp-block-image size-large\">\n            <img loading=\"lazy\" decoding=\"async\" width=\"300\" height=\"225\" src=\"https:\/\/www.leeb-balkone.com\/app\/uploads\/2020\/09\/glas-balkongelaender-alu-design-vision-31-300x225.jpg\" class=\"attachment-medium size-medium\" alt=\"glas balkongelaender alu design vision\" title=\"glas-balkongelaender-alu-design-vision-31-1\" srcset=\"https:\/\/www.leeb-balkone.com\/app\/uploads\/2020\/09\/glas-balkongelaender-alu-design-vision-31-300x225.jpg 300w, https:\/\/www.leeb-balkone.com\/app\/uploads\/2020\/09\/glas-balkongelaender-alu-design-vision-31-1024x767.jpg 1024w, https:\/\/www.leeb-balkone.com\/app\/uploads\/2020\/09\/glas-balkongelaender-alu-design-vision-31-768x575.jpg 768w, https:\/\/www.leeb-balkone.com\/app\/uploads\/2020\/09\/glas-balkongelaender-alu-design-vision-31-1536x1151.jpg 1536w, https:\/\/www.leeb-balkone.com\/app\/uploads\/2020\/09\/glas-balkongelaender-alu-design-vision-31-2048x1535.jpg 2048w\" sizes=\"auto, (min-width: 1200px) 260px, (min-width: 1024px) 220px, (min-width: 640px) 465px, 768px\" \/>                    <\/figure>\n        <div class=\"wp-block-group m-card-content is-vertical is-layout-flex wp-block-group-is-layout-flex\">\n            <h3 class=\"wp-block-heading\">\n                Vision            <\/h3>\n                        <p>Modernes Balkongel\u00e4nder mit Alu-Handlauf und rahmenloser Glasf\u00fcllung<\/p>        <\/div>\n            <\/a>\n<\/div>\n<div id=\"post-78553\" class=\"loop-block-item wp-block-group m-card is-layout-flow wp-block-group-is-layout-flow balkongelaender-alu glasbalkone-alu balkongelaender-glas\">\n    <a href=\"https:\/\/www.leeb-balkone.com\/ch\/balkongelaender\/balkongelaender-alu\/vitro\/\" class=\"no-default-link\" title=\"Vitro\">\n        <figure data-imgid=\"12600\" class=\"wp-block-image size-large\">\n            <img loading=\"lazy\" decoding=\"async\" width=\"300\" height=\"200\" src=\"https:\/\/www.leeb-balkone.com\/app\/uploads\/2020\/07\/glas-balkongelaender-alu-design-vitro-ret-1-300x200.jpg\" class=\"attachment-medium size-medium\" alt=\"Balkongel\u00e4nder mit nicht transparenter Glas-F\u00fcllung im soliden Alu-Rahmen - Alubalkon Alu Design Vitro\" title=\"glas-balkongelaender-alu-design-vitro-ret-1\" srcset=\"https:\/\/www.leeb-balkone.com\/app\/uploads\/2020\/07\/glas-balkongelaender-alu-design-vitro-ret-1-300x200.jpg 300w, https:\/\/www.leeb-balkone.com\/app\/uploads\/2020\/07\/glas-balkongelaender-alu-design-vitro-ret-1-1024x684.jpg 1024w, https:\/\/www.leeb-balkone.com\/app\/uploads\/2020\/07\/glas-balkongelaender-alu-design-vitro-ret-1-768x513.jpg 768w, https:\/\/www.leeb-balkone.com\/app\/uploads\/2020\/07\/glas-balkongelaender-alu-design-vitro-ret-1-1536x1025.jpg 1536w, https:\/\/www.leeb-balkone.com\/app\/uploads\/2020\/07\/glas-balkongelaender-alu-design-vitro-ret-1-2048x1367.jpg 2048w\" sizes=\"auto, (min-width: 1200px) 260px, (min-width: 1024px) 220px, (min-width: 640px) 465px, 768px\" \/>                    <\/figure>\n        <div class=\"wp-block-group m-card-content is-vertical is-layout-flex wp-block-group-is-layout-flex\">\n            <h3 class=\"wp-block-heading\">\n                Vitro            <\/h3>\n                        <p>Balkongel\u00e4nder mit hochwertiger Glas-F\u00fcllung im soliden Alu-Rahmen<\/p>        <\/div>\n            <\/a>\n<\/div>\n<div id=\"post-18054\" class=\"loop-block-item wp-block-group m-card is-layout-flow wp-block-group-is-layout-flow balkongelaender-alu glasbalkone-alu balkongelaender-glas\">\n    <a href=\"https:\/\/www.leeb-balkone.com\/ch\/balkongelaender\/balkongelaender-alu\/vital\/\" class=\"no-default-link\" title=\"Vital\">\n        <figure data-imgid=\"57955\" class=\"wp-block-image size-large\">\n            <img loading=\"lazy\" decoding=\"async\" width=\"300\" height=\"200\" src=\"https:\/\/www.leeb-balkone.com\/app\/uploads\/2020\/04\/balkongelaender-alu-design-merida-112-300x200.jpg\" class=\"attachment-medium size-medium\" alt=\"balkongelaender alu design merida\" title=\"balkongelaender-alu-design-merida-112\" srcset=\"https:\/\/www.leeb-balkone.com\/app\/uploads\/2020\/04\/balkongelaender-alu-design-merida-112-300x200.jpg 300w, https:\/\/www.leeb-balkone.com\/app\/uploads\/2020\/04\/balkongelaender-alu-design-merida-112-1024x684.jpg 1024w, https:\/\/www.leeb-balkone.com\/app\/uploads\/2020\/04\/balkongelaender-alu-design-merida-112-768x513.jpg 768w, https:\/\/www.leeb-balkone.com\/app\/uploads\/2020\/04\/balkongelaender-alu-design-merida-112-1536x1025.jpg 1536w, https:\/\/www.leeb-balkone.com\/app\/uploads\/2020\/04\/balkongelaender-alu-design-merida-112-scaled.jpg 2048w\" sizes=\"auto, (min-width: 1200px) 260px, (min-width: 1024px) 220px, (min-width: 640px) 465px, 768px\" \/>                            <div class=\"b-cards__badge\">Kombination mit Vital<\/div>\n                    <\/figure>\n        <div class=\"wp-block-group m-card-content is-vertical is-layout-flex wp-block-group-is-layout-flex\">\n            <h3 class=\"wp-block-heading\">\n                Vital            <\/h3>\n                        <p>Glasbalkon mit rahmenloser F\u00fcllung &#8211; zeitloses Balkongel\u00e4nder mit Glas<\/p>        <\/div>\n            <\/a>\n<\/div>\n<div id=\"post-18074\" class=\"loop-block-item wp-block-group m-card is-layout-flow wp-block-group-is-layout-flow balkongelaender-alu glasbalkone-alu balkongelaender-glas select-balkone-alu\">\n    <a href=\"https:\/\/www.leeb-balkone.com\/ch\/balkongelaender\/balkongelaender-alu\/padova\/\" class=\"no-default-link\" title=\"Padova\">\n        <figure data-imgid=\"11471\" class=\"wp-block-image size-large\">\n            <img loading=\"lazy\" decoding=\"async\" width=\"300\" height=\"200\" src=\"https:\/\/www.leeb-balkone.com\/app\/uploads\/2020\/07\/balkon-alu-select-padova-2-300x200.jpg\" class=\"attachment-medium size-medium\" alt=\"Glas Balkongel\u00e4nder mit soliden Abschlussleisten und Handlauf - Alubalkon Alu Select Padova\" title=\"glas-balkongelaender-alu-select-padova-8\" srcset=\"https:\/\/www.leeb-balkone.com\/app\/uploads\/2020\/07\/balkon-alu-select-padova-2-300x200.jpg 300w, https:\/\/www.leeb-balkone.com\/app\/uploads\/2020\/07\/balkon-alu-select-padova-2-1024x681.jpg 1024w, https:\/\/www.leeb-balkone.com\/app\/uploads\/2020\/07\/balkon-alu-select-padova-2-2048x1363.jpg 2048w, https:\/\/www.leeb-balkone.com\/app\/uploads\/2020\/07\/balkon-alu-select-padova-2-768x511.jpg 768w, https:\/\/www.leeb-balkone.com\/app\/uploads\/2020\/07\/balkon-alu-select-padova-2-1536x1022.jpg 1536w\" sizes=\"auto, (min-width: 1200px) 260px, (min-width: 1024px) 220px, (min-width: 640px) 465px, 768px\" \/>                    <\/figure>\n        <div class=\"wp-block-group m-card-content is-vertical is-layout-flex wp-block-group-is-layout-flex\">\n            <h3 class=\"wp-block-heading\">\n                Padova            <\/h3>\n                        <p>Gel\u00e4nder mit Glasf\u00fcllung im schlanken Rahmen und U-Profil Abschluss<\/p>        <\/div>\n            <\/a>\n<\/div>\n<div id=\"post-18026\" class=\"loop-block-item wp-block-group m-card is-layout-flow wp-block-group-is-layout-flow balkongelaender-alu glasbalkone-alu balkongelaender-glas\">\n    <a href=\"https:\/\/www.leeb-balkone.com\/ch\/balkongelaender\/balkongelaender-alu\/palma\/\" class=\"no-default-link\" title=\"Palma\">\n        <figure data-imgid=\"20859\" class=\"wp-block-image size-large\">\n            <img loading=\"lazy\" decoding=\"async\" width=\"300\" height=\"225\" src=\"https:\/\/www.leeb-balkone.com\/app\/uploads\/2021\/01\/vorher-nachher-vergleich-alu-balkon-palma-2-300x225.jpg\" class=\"attachment-medium size-medium\" alt=\"Kreatives Balkongel\u00e4nder mit kombinierter Glas-Alu-F\u00fcllung - Alubalkon Alu Design Palma\" title=\"vorher-nachher-vergleich-alu-balkon-palma-2\" srcset=\"https:\/\/www.leeb-balkone.com\/app\/uploads\/2021\/01\/vorher-nachher-vergleich-alu-balkon-palma-2-300x225.jpg 300w, https:\/\/www.leeb-balkone.com\/app\/uploads\/2021\/01\/vorher-nachher-vergleich-alu-balkon-palma-2-1024x767.jpg 1024w, https:\/\/www.leeb-balkone.com\/app\/uploads\/2021\/01\/vorher-nachher-vergleich-alu-balkon-palma-2-768x575.jpg 768w, https:\/\/www.leeb-balkone.com\/app\/uploads\/2021\/01\/vorher-nachher-vergleich-alu-balkon-palma-2-1536x1151.jpg 1536w, https:\/\/www.leeb-balkone.com\/app\/uploads\/2021\/01\/vorher-nachher-vergleich-alu-balkon-palma-2-2048x1535.jpg 2048w\" sizes=\"auto, (min-width: 1200px) 260px, (min-width: 1024px) 220px, (min-width: 640px) 465px, 768px\" \/>                    <\/figure>\n        <div class=\"wp-block-group m-card-content is-vertical is-layout-flex wp-block-group-is-layout-flex\">\n            <h3 class=\"wp-block-heading\">\n                Palma            <\/h3>\n                        <p>Kreatives Allrounder Balkongel\u00e4nder mit kombinierter Glas-Alu-F\u00fcllung <\/p>        <\/div>\n            <\/a>\n<\/div>\n<div id=\"post-17988\" class=\"loop-block-item wp-block-group m-card is-layout-flow wp-block-group-is-layout-flow balkongelaender-alu glasbalkone-alu balkongelaender-glas\">\n    <a href=\"https:\/\/www.leeb-balkone.com\/ch\/balkongelaender\/balkongelaender-alu\/casa-linea\/\" class=\"no-default-link\" title=\"Casa Linea\">\n        <figure data-imgid=\"12587\" class=\"wp-block-image size-large\">\n            <img loading=\"lazy\" decoding=\"async\" width=\"300\" height=\"200\" src=\"https:\/\/www.leeb-balkone.com\/app\/uploads\/2020\/09\/glas-balkongelaender-alu-design-casa-linea-22-300x200.jpg\" class=\"attachment-medium size-medium\" alt=\"Alu Balkongel\u00e4nder mit Edelstahl-Streben und Glas-F\u00fcllung - Alubalkon Alu Design Casa Linea\" title=\"glas-balkongelaender-alu-design-casa-linea-22\" srcset=\"https:\/\/www.leeb-balkone.com\/app\/uploads\/2020\/09\/glas-balkongelaender-alu-design-casa-linea-22-300x200.jpg 300w, https:\/\/www.leeb-balkone.com\/app\/uploads\/2020\/09\/glas-balkongelaender-alu-design-casa-linea-22-1024x684.jpg 1024w, https:\/\/www.leeb-balkone.com\/app\/uploads\/2020\/09\/glas-balkongelaender-alu-design-casa-linea-22-768x513.jpg 768w, https:\/\/www.leeb-balkone.com\/app\/uploads\/2020\/09\/glas-balkongelaender-alu-design-casa-linea-22-1536x1025.jpg 1536w, https:\/\/www.leeb-balkone.com\/app\/uploads\/2020\/09\/glas-balkongelaender-alu-design-casa-linea-22-2048x1367.jpg 2048w\" sizes=\"auto, (min-width: 1200px) 260px, (min-width: 1024px) 220px, (min-width: 640px) 465px, 768px\" \/>                    <\/figure>\n        <div class=\"wp-block-group m-card-content is-vertical is-layout-flex wp-block-group-is-layout-flex\">\n            <h3 class=\"wp-block-heading\">\n                Casa Linea            <\/h3>\n                        <p>Zeitloses Alu Balkongel\u00e4nder mit Edelstahlstreben und Glasf\u00fcllung <\/p>        <\/div>\n            <\/a>\n<\/div>\n<div id=\"post-17900\" class=\"loop-block-item wp-block-group m-card is-layout-flow wp-block-group-is-layout-flow balkongelaender-alu glasbalkone-alu balkongelaender-glas\">\n    <a href=\"https:\/\/www.leeb-balkone.com\/ch\/balkongelaender\/balkongelaender-alu\/larimar\/\" class=\"no-default-link\" title=\"Larimar\">\n        <figure data-imgid=\"132049\" class=\"wp-block-image size-large\">\n            <img loading=\"lazy\" decoding=\"async\" width=\"300\" height=\"200\" src=\"https:\/\/www.leeb-balkone.com\/app\/uploads\/2020\/10\/alu-balkongelaender-larimar-3-300x200.jpg\" class=\"attachment-medium size-medium\" alt=\"alu balkongelaender larimar\" title=\"alu-balkongelaender-larimar-3\" srcset=\"https:\/\/www.leeb-balkone.com\/app\/uploads\/2020\/10\/alu-balkongelaender-larimar-3-300x200.jpg 300w, https:\/\/www.leeb-balkone.com\/app\/uploads\/2020\/10\/alu-balkongelaender-larimar-3-1024x684.jpg 1024w, https:\/\/www.leeb-balkone.com\/app\/uploads\/2020\/10\/alu-balkongelaender-larimar-3-768x513.jpg 768w, https:\/\/www.leeb-balkone.com\/app\/uploads\/2020\/10\/alu-balkongelaender-larimar-3-1536x1025.jpg 1536w, https:\/\/www.leeb-balkone.com\/app\/uploads\/2020\/10\/alu-balkongelaender-larimar-3-2048x1367.jpg 2048w\" sizes=\"auto, (min-width: 1200px) 260px, (min-width: 1024px) 220px, (min-width: 640px) 465px, 768px\" \/>                    <\/figure>\n        <div class=\"wp-block-group m-card-content is-vertical is-layout-flex wp-block-group-is-layout-flex\">\n            <h3 class=\"wp-block-heading\">\n                Larimar            <\/h3>\n                        <p>Alu Balkongel\u00e4nder mit F\u00fcllung aus Glas kombiniert mit mittigen Querlatten<\/p>        <\/div>\n            <\/a>\n<\/div>\n<div id=\"post-78556\" class=\"loop-block-item wp-block-group m-card is-layout-flow wp-block-group-is-layout-flow balkongelaender-alu glasbalkone-alu balkongelaender-glas\">\n    <a href=\"https:\/\/www.leeb-balkone.com\/ch\/balkongelaender\/balkongelaender-alu\/cancun\/\" class=\"no-default-link\" title=\"Cancun\">\n        <figure data-imgid=\"21301\" class=\"wp-block-image size-large\">\n            <img loading=\"lazy\" decoding=\"async\" width=\"300\" height=\"226\" src=\"https:\/\/www.leeb-balkone.com\/app\/uploads\/2021\/01\/balkongelaender-alu-design-cancun-1a-300x226.jpg\" class=\"attachment-medium size-medium\" alt=\"Balkongel\u00e4nder aus Aluminium und Glas in modernem Design - Alubalkon Alu Select Milano\" title=\"balkongelaender-alu-design-cancun-1a\" srcset=\"https:\/\/www.leeb-balkone.com\/app\/uploads\/2021\/01\/balkongelaender-alu-design-cancun-1a-300x226.jpg 300w, https:\/\/www.leeb-balkone.com\/app\/uploads\/2021\/01\/balkongelaender-alu-design-cancun-1a-1024x770.jpg 1024w, https:\/\/www.leeb-balkone.com\/app\/uploads\/2021\/01\/balkongelaender-alu-design-cancun-1a-768x578.jpg 768w, https:\/\/www.leeb-balkone.com\/app\/uploads\/2021\/01\/balkongelaender-alu-design-cancun-1a-1536x1155.jpg 1536w, https:\/\/www.leeb-balkone.com\/app\/uploads\/2021\/01\/balkongelaender-alu-design-cancun-1a-2048x1540.jpg 2048w\" sizes=\"auto, (min-width: 1200px) 260px, (min-width: 1024px) 220px, (min-width: 640px) 465px, 768px\" \/>                    <\/figure>\n        <div class=\"wp-block-group m-card-content is-vertical is-layout-flex wp-block-group-is-layout-flex\">\n            <h3 class=\"wp-block-heading\">\n                Cancun            <\/h3>\n                        <p>Modernes Balkongel\u00e4nder Aluminium Glas in geometrischer Anmutung<\/p>        <\/div>\n            <\/a>\n<\/div>\n<div id=\"post-17981\" class=\"loop-block-item wp-block-group m-card is-layout-flow wp-block-group-is-layout-flow balkongelaender-alu glasbalkone-alu balkongelaender-glas\">\n    <a href=\"https:\/\/www.leeb-balkone.com\/ch\/balkongelaender\/balkongelaender-alu\/sellin\/\" class=\"no-default-link\" title=\"Sellin\">\n        <figure data-imgid=\"13038\" class=\"wp-block-image size-large\">\n            <img loading=\"lazy\" decoding=\"async\" width=\"300\" height=\"200\" src=\"https:\/\/www.leeb-balkone.com\/app\/uploads\/2020\/10\/alu-balkongelaender-alu-design-sellin-1-300x200.jpg\" class=\"attachment-medium size-medium\" alt=\"Balkongel\u00e4nder mit Glas- und Aluf\u00fcllungen in diagonaler Optik und Edelstahl-Handlauf - Alubalkon Alu Design Sellin\" title=\"alu-balkongelaender-alu-design-sellin-1\" srcset=\"https:\/\/www.leeb-balkone.com\/app\/uploads\/2020\/10\/alu-balkongelaender-alu-design-sellin-1-300x200.jpg 300w, https:\/\/www.leeb-balkone.com\/app\/uploads\/2020\/10\/alu-balkongelaender-alu-design-sellin-1-1024x683.jpg 1024w, https:\/\/www.leeb-balkone.com\/app\/uploads\/2020\/10\/alu-balkongelaender-alu-design-sellin-1-768x512.jpg 768w, https:\/\/www.leeb-balkone.com\/app\/uploads\/2020\/10\/alu-balkongelaender-alu-design-sellin-1-1536x1024.jpg 1536w, https:\/\/www.leeb-balkone.com\/app\/uploads\/2020\/10\/alu-balkongelaender-alu-design-sellin-1-2048x1365.jpg 2048w\" sizes=\"auto, (min-width: 1200px) 260px, (min-width: 1024px) 220px, (min-width: 640px) 465px, 768px\" \/>                    <\/figure>\n        <div class=\"wp-block-group m-card-content is-vertical is-layout-flex wp-block-group-is-layout-flex\">\n            <h3 class=\"wp-block-heading\">\n                Sellin            <\/h3>\n                        <p>Alu Balkongel\u00e4nder mit Querlatten und Glas als F\u00fcllung &#8211; Blickfang in Diagonal<\/p>        <\/div>\n            <\/a>\n<\/div><\/div><div class=\"loop-load-more-wrapper\">  <div class=\"loop-load-more wp-block-button is-style-filled-secondary\">    <a href=\"#\" class=\"wp-block-button__link wp-element-button\" role=\"button\" tabindex=\"0\" aria-expanded=\"false\" aria-controls=\"loop-block-69f3fce2aba7b\">Mehr laden<\/a>  <\/div><\/div><script type=\"application\/ld+json\">{\n    \"@context\": \"https:\/\/schema.org\",\n    \"@graph\": [\n        {\n            \"@type\": \"CollectionPage\",\n            \"@id\": \"https:\/\/www.leeb-balkone.com\/ch\/balkongelaender\/balkongelaender-glas\/\",\n            \"mainEntity\": {\n                \"@id\": \"https:\/\/www.leeb-balkone.com\/ch\/balkongelaender\/balkongelaender-glas\/#itemlist\"\n            }\n        },\n        {\n            \"@type\": \"ItemList\",\n            \"@id\": \"https:\/\/www.leeb-balkone.com\/ch\/balkongelaender\/balkongelaender-glas\/#itemlist\",\n            \"name\": \"Glasbalkone \u2013 Moderne Alu Balkongel\u00e4nder mit Glas nach Ma\u00df\",\n            \"description\": \"Glasbalkone von Leeb: Elegante Transparenz trifft auf gepr\u00fcfte Sicherheit. Hochwertiges VSG-Sicherheitsglas, moderne Designs & langlebige Qualit\u00e4t. Jetzt planen! Unsere Glas-Balkongel\u00e4nder aus eigener Fertigung bieten maximale Lichtdurchl\u00e4ssigkeit bei h\u00f6chster Stabilit\u00e4t. W\u00e4hlen Sie zwischen edlen Ganzglasgel\u00e4ndern, Kombinationen mit Aluminium oder sandgestrahlten Mustern. Erh\u00e4ltlich in verschiedenen Glasfarben f\u00fcr perfekten Sichtschutz oder klare Durchsicht. Wartungsfrei, witterungsbest\u00e4ndig und sicher \u2013 Premium-Qualit\u00e4t Made in Austria.\",\n            \"itemListOrder\": \"https:\/\/schema.org\/ItemListUnordered\",\n            \"numberOfItems\": 12,\n            \"itemListElement\": [\n                {\n                    \"@type\": \"ListItem\",\n                    \"position\": 1,\n                    \"item\": {\n                        \"@type\": \"ProductModel\",\n                        \"name\": \"Vision\",\n                        \"url\": \"https:\/\/www.leeb-balkone.com\/ch\/balkongelaender\/balkongelaender-alu\/vision\/\",\n                        \"description\": \"\",\n                        \"image\": \"https:\/\/www.leeb-balkone.com\/app\/uploads\/2020\/09\/glas-balkongelaender-alu-design-vision-31-scaled.jpg\"\n                    }\n                },\n                {\n                    \"@type\": \"ListItem\",\n                    \"position\": 2,\n                    \"item\": {\n                        \"@type\": \"ProductModel\",\n                        \"name\": \"Vitro\",\n                        \"url\": \"https:\/\/www.leeb-balkone.com\/ch\/balkongelaender\/balkongelaender-alu\/vitro\/\",\n                        \"description\": \"\",\n                        \"image\": \"https:\/\/www.leeb-balkone.com\/app\/uploads\/2020\/07\/glas-balkongelaender-alu-design-vitro-ret-1-scaled.jpg\"\n                    }\n                },\n                {\n                    \"@type\": \"ListItem\",\n                    \"position\": 3,\n                    \"item\": {\n                        \"@type\": \"ProductModel\",\n                        \"name\": \"Vital\",\n                        \"url\": \"https:\/\/www.leeb-balkone.com\/ch\/balkongelaender\/balkongelaender-alu\/vital\/\",\n                        \"description\": \"\",\n                        \"image\": \"https:\/\/www.leeb-balkone.com\/app\/uploads\/2020\/04\/balkongelaender-alu-design-merida-112-scaled.jpg\"\n                    }\n                },\n                {\n                    \"@type\": \"ListItem\",\n                    \"position\": 4,\n                    \"item\": {\n                        \"@type\": \"ProductModel\",\n                        \"name\": \"Padova\",\n                        \"url\": \"https:\/\/www.leeb-balkone.com\/ch\/balkongelaender\/balkongelaender-alu\/padova\/\",\n                        \"description\": \"\",\n                        \"image\": \"https:\/\/www.leeb-balkone.com\/app\/uploads\/2020\/07\/balkon-alu-select-padova-2-scaled.jpg\"\n                    }\n                },\n                {\n                    \"@type\": \"ListItem\",\n                    \"position\": 5,\n                    \"item\": {\n                        \"@type\": \"ProductModel\",\n                        \"name\": \"Palma\",\n                        \"url\": \"https:\/\/www.leeb-balkone.com\/ch\/balkongelaender\/balkongelaender-alu\/palma\/\",\n                        \"description\": \"\",\n                        \"image\": \"https:\/\/www.leeb-balkone.com\/app\/uploads\/2021\/01\/vorher-nachher-vergleich-alu-balkon-palma-2-scaled.jpg\"\n                    }\n                },\n                {\n                    \"@type\": \"ListItem\",\n                    \"position\": 6,\n                    \"item\": {\n                        \"@type\": \"ProductModel\",\n                        \"name\": \"Casa Linea\",\n                        \"url\": \"https:\/\/www.leeb-balkone.com\/ch\/balkongelaender\/balkongelaender-alu\/casa-linea\/\",\n                        \"description\": \"\",\n                        \"image\": \"https:\/\/www.leeb-balkone.com\/app\/uploads\/2020\/09\/glas-balkongelaender-alu-design-casa-linea-22-scaled.jpg\"\n                    }\n                },\n                {\n                    \"@type\": \"ListItem\",\n                    \"position\": 7,\n                    \"item\": {\n                        \"@type\": \"ProductModel\",\n                        \"name\": \"Larimar\",\n                        \"url\": \"https:\/\/www.leeb-balkone.com\/ch\/balkongelaender\/balkongelaender-alu\/larimar\/\",\n                        \"description\": \"\",\n                        \"image\": \"https:\/\/www.leeb-balkone.com\/app\/uploads\/2020\/10\/alu-balkongelaender-larimar-3-scaled.jpg\"\n                    }\n                },\n                {\n                    \"@type\": \"ListItem\",\n                    \"position\": 8,\n                    \"item\": {\n                        \"@type\": \"ProductModel\",\n                        \"name\": \"Cancun\",\n                        \"url\": \"https:\/\/www.leeb-balkone.com\/ch\/balkongelaender\/balkongelaender-alu\/cancun\/\",\n                        \"description\": \"\",\n                        \"image\": \"https:\/\/www.leeb-balkone.com\/app\/uploads\/2021\/01\/balkongelaender-alu-design-cancun-1a-scaled.jpg\"\n                    }\n                },\n                {\n                    \"@type\": \"ListItem\",\n                    \"position\": 9,\n                    \"item\": {\n                        \"@type\": \"ProductModel\",\n                        \"name\": \"Sellin\",\n                        \"url\": \"https:\/\/www.leeb-balkone.com\/ch\/balkongelaender\/balkongelaender-alu\/sellin\/\",\n                        \"description\": \"\",\n                        \"image\": \"https:\/\/www.leeb-balkone.com\/app\/uploads\/2020\/10\/alu-balkongelaender-alu-design-sellin-1-scaled.jpg\"\n                    }\n                },\n                {\n                    \"@type\": \"ListItem\",\n                    \"position\": 10,\n                    \"item\": {\n                        \"@type\": \"ProductModel\",\n                        \"name\": \"Alu Glas\",\n                        \"url\": \"https:\/\/www.leeb-balkone.com\/ch\/balkongelaender\/balkongelaender-alu\/alu-glas\/\",\n                        \"description\": \"\",\n                        \"image\": \"https:\/\/www.leeb-balkone.com\/app\/uploads\/2020\/07\/balkon-alu-design-glas-8-scaled.jpg\"\n                    }\n                },\n                {\n                    \"@type\": \"ListItem\",\n                    \"position\": 11,\n                    \"item\": {\n                        \"@type\": \"ProductModel\",\n                        \"name\": \"Metro\",\n                        \"url\": \"https:\/\/www.leeb-balkone.com\/ch\/balkongelaender\/balkongelaender-alu\/metro\/\",\n                        \"description\": \"\",\n                        \"image\": \"https:\/\/www.leeb-balkone.com\/app\/uploads\/2020\/04\/Metro-SR-4-scaled.jpg\"\n                    }\n                },\n                {\n                    \"@type\": \"ListItem\",\n                    \"position\": 12,\n                    \"item\": {\n                        \"@type\": \"ProductModel\",\n                        \"name\": \"Verde\",\n                        \"url\": \"https:\/\/www.leeb-balkone.com\/ch\/balkongelaender\/balkongelaender-alu\/verde\/\",\n                        \"description\": \"\",\n                        \"image\": \"https:\/\/www.leeb-balkone.com\/app\/uploads\/2020\/06\/Balkon-Verde_Rojacher-_Wutte-36-scaled.jpg\"\n                    }\n                }\n            ]\n        }\n    ]\n}<\/script><\/section>\n\n\n\n<section class=\"wp-block-cover alignfull is-light katalog-cta\" style=\"margin-top:0;margin-bottom:0;padding-top:0;padding-right:0;padding-bottom:0;padding-left:0;min-height:100px;aspect-ratio:unset;\" id=\"preisanfrage\"><img loading=\"lazy\" decoding=\"async\" width=\"2560\" height=\"1707\" class=\"wp-block-cover__image-background wp-image-152954 size-full\" alt=\"Schauraum Leeb Tettnang Florian Keller\" src=\"https:\/\/www.leeb-balkone.com\/app\/uploads\/2025\/04\/Schauraum-Leeb-Tettnang-Florian-Keller-17-scaled.jpg\" data-object-fit=\"cover\" srcset=\"https:\/\/www.leeb-balkone.com\/app\/uploads\/2025\/04\/Schauraum-Leeb-Tettnang-Florian-Keller-17-scaled.jpg 2560w, https:\/\/www.leeb-balkone.com\/app\/uploads\/2025\/04\/Schauraum-Leeb-Tettnang-Florian-Keller-17-300x200.jpg 300w, https:\/\/www.leeb-balkone.com\/app\/uploads\/2025\/04\/Schauraum-Leeb-Tettnang-Florian-Keller-17-1024x683.jpg 1024w, https:\/\/www.leeb-balkone.com\/app\/uploads\/2025\/04\/Schauraum-Leeb-Tettnang-Florian-Keller-17-768x512.jpg 768w, https:\/\/www.leeb-balkone.com\/app\/uploads\/2025\/04\/Schauraum-Leeb-Tettnang-Florian-Keller-17-1536x1024.jpg 1536w, https:\/\/www.leeb-balkone.com\/app\/uploads\/2025\/04\/Schauraum-Leeb-Tettnang-Florian-Keller-17-2048x1366.jpg 2048w\" sizes=\"auto, (max-width: 2560px) 100vw, 2560px\" \/><span aria-hidden=\"true\" class=\"wp-block-cover__background has-primary-45-background-color has-background-dim-80 has-background-dim\"><\/span><div class=\"wp-block-cover__inner-container has-global-padding is-layout-constrained wp-container-core-cover-is-layout-f028c7bd wp-block-cover-is-layout-constrained\">\n<div class=\"wp-block-group is-layout-flow wp-block-group-is-layout-flow\" style=\"min-height:0px;margin-top:0;margin-bottom:0;padding-top:var(--wp--preset--spacing--2-xl);padding-bottom:var(--wp--preset--spacing--2-xl);padding-left:0\">\n<div class=\"wp-block-columns are-vertically-aligned-center is-layout-flex wp-container-core-columns-is-layout-0a4bbf16 wp-block-columns-is-layout-flex\" style=\"margin-top:0;margin-bottom:0\">\n<div class=\"wp-block-column is-vertically-aligned-center is-layout-flow wp-block-column-is-layout-flow\" style=\"flex-basis:66.66%\">\n<h2 class=\"wp-block-heading\">Preisanfrage senden<\/h2>\n\n\n\n<p class=\"is-style-teaser\">Um Ihnen ein ma\u00dfgeschneidertes Angebot f\u00fcr Ihre Balkonvariante unterbreiten zu k\u00f6nnen, ben\u00f6tigen wir noch einige erg\u00e4nzende Informationen zu Ihrem Vorhaben. Im Anschluss wird sich Ihr pers\u00f6nlicher Ansprechpartner mit Ihnen in Verbindung setzen.<\/p>\n<\/div>\n\n\n\n<div class=\"wp-block-column is-vertically-aligned-center is-layout-flow wp-block-column-is-layout-flow\" style=\"flex-basis:33.33%\">\n<div class=\"wp-block-group is-content-justification-right is-nowrap is-layout-flex wp-container-core-group-is-layout-17124a9a wp-block-group-is-layout-flex\"><div class=\"t3-preis-modal-button-block wp-block-button is-style-filled-white large\"><a href=\"#t3-preis-modal-9aa19e26e0\" class=\"t3-preis-modal-open-btn wp-block-button__link\" data-modal-id=\"t3-preis-modal-9aa19e26e0\" role=\"button\" aria-controls=\"t3-preis-modal-9aa19e26e0\" aria-expanded=\"false\">Preisanfrage <span class=\"sr-only\"> Preisanfrage Leeb Balkone Schweiz<\/span><\/a><\/div><\/div>\n<\/div>\n<\/div>\n<\/div>\n<\/div><\/section>\n\n\n\n<section class=\"wp-block-group alignfull has-light-gray-background-color has-background has-global-padding is-layout-constrained wp-container-core-group-is-layout-52f96efc wp-block-group-is-layout-constrained\" id=\"service-qualitaet\">\n<div class=\"wp-block-group o-grid u-md-1 is-layout-flow wp-block-group-is-layout-flow\">\n<div class=\"wp-block-group u-g-9 u-g-s-2 is-layout-flow wp-block-group-is-layout-flow\" style=\"margin-bottom:var(--wp--preset--spacing--s)\">\n<h2 class=\"wp-block-heading\">Glasbalkone vom Marktf\u00fchrer<\/h2>\n\n\n\n<p><span class=\"teaser\">Unsere Balkondesigns nehmen den Trend zu Glas im Balkonbau auf und erm\u00f6glichen es Ihnen, Ihren ganz individuellen Glasbalkon mit Leeb Balkone sicher zu planen und zu realisieren. Auf die zertifizierte Qualit\u00e4t und den bew\u00e4hrten Service k\u00f6nnen Sie sich dabei ebenso verlassen wie auf die gewohnte Vielfalt bei Modellen und Gestaltungen. Glas-Balkongel\u00e4nder von Leeb sind \u00e4u\u00dferst stabil, langlebig und ein gern gesehener Blickfang.<\/span><\/p>\n<\/div>\n<\/div>\n\n\n\n<div class=\"wp-block-group small is-style-white-cards sm-2-cols is-layout-grid wp-container-core-group-is-layout-7785d981 wp-block-group-is-layout-grid\">\n<div class=\"wp-block-group m-card is-layout-flow wp-container-core-group-is-layout-8a368f38 wp-block-group-is-layout-flow\">\n<figure class=\"wp-block-image size-large is-style-default\"><img loading=\"lazy\" decoding=\"async\" width=\"1024\" height=\"614\" src=\"https:\/\/www.leeb-balkone.com\/app\/uploads\/2022\/05\/Glashalle-Leeb-1024x614.jpg\" alt=\"Glashalle Leeb\" class=\"wp-image-83632\" srcset=\"https:\/\/www.leeb-balkone.com\/app\/uploads\/2022\/05\/Glashalle-Leeb-1024x614.jpg 1024w, https:\/\/www.leeb-balkone.com\/app\/uploads\/2022\/05\/Glashalle-Leeb-300x180.jpg 300w, https:\/\/www.leeb-balkone.com\/app\/uploads\/2022\/05\/Glashalle-Leeb-768x461.jpg 768w, https:\/\/www.leeb-balkone.com\/app\/uploads\/2022\/05\/Glashalle-Leeb-1536x922.jpg 1536w, https:\/\/www.leeb-balkone.com\/app\/uploads\/2022\/05\/Glashalle-Leeb-scaled.jpg 2048w\" sizes=\"auto, (max-width: 1024px) 100vw, 1024px\" \/><\/figure>\n\n\n\n<div class=\"wp-block-group m-card-content has-white-background-color has-background is-vertical is-layout-flex wp-container-core-group-is-layout-5580f018 wp-block-group-is-layout-flex\">\n<h3 class=\"wp-block-heading\">Balkon und Zaun von Europas Nr. 1<\/h3>\n\n\n\n<p>Mehr als 150.000 zufriedene Kunden vertrauen auf Europas f\u00fchrenden Hersteller.<\/p>\n<\/div>\n<\/div>\n\n\n\n<div class=\"wp-block-group m-card is-layout-flow wp-container-core-group-is-layout-8a368f38 wp-block-group-is-layout-flow\">\n<figure class=\"wp-block-image size-large is-style-default\"><img loading=\"lazy\" decoding=\"async\" width=\"1024\" height=\"767\" src=\"https:\/\/www.leeb-balkone.com\/app\/uploads\/2020\/08\/leeb-balkone-mitarbeiter-4-1024x767.jpeg\" alt=\"Montieren eines Leeb Alu-Balkongel\u00e4nders nach Ma\u00df\" class=\"wp-image-6083\" srcset=\"https:\/\/www.leeb-balkone.com\/app\/uploads\/2020\/08\/leeb-balkone-mitarbeiter-4-1024x767.jpeg 1024w, https:\/\/www.leeb-balkone.com\/app\/uploads\/2020\/08\/leeb-balkone-mitarbeiter-4-2048x1535.jpeg 2048w, https:\/\/www.leeb-balkone.com\/app\/uploads\/2020\/08\/leeb-balkone-mitarbeiter-4-300x225.jpeg 300w, https:\/\/www.leeb-balkone.com\/app\/uploads\/2020\/08\/leeb-balkone-mitarbeiter-4-768x575.jpeg 768w, https:\/\/www.leeb-balkone.com\/app\/uploads\/2020\/08\/leeb-balkone-mitarbeiter-4-1536x1151.jpeg 1536w\" sizes=\"auto, (max-width: 1024px) 100vw, 1024px\" \/><\/figure>\n\n\n\n<div class=\"wp-block-group m-card-content has-white-background-color has-background is-vertical is-layout-flex wp-container-core-group-is-layout-5580f018 wp-block-group-is-layout-flex\">\n<h3 class=\"wp-block-heading\">Rundum Service f\u00fcr sorglose Umsetzung<\/h3>\n\n\n\n<p>Beratungsservice vor Ort, 3D-Konfigurator, Werksfertigung, Lieferung und Montage.<\/p>\n<\/div>\n<\/div>\n\n\n\n<div class=\"wp-block-group m-card is-layout-flow wp-container-core-group-is-layout-8a368f38 wp-block-group-is-layout-flow\">\n<figure class=\"wp-block-image size-full\"><img loading=\"lazy\" decoding=\"async\" width=\"2048\" height=\"1366\" src=\"https:\/\/www.leeb-balkone.com\/app\/uploads\/2022\/05\/glas-bearbeitung-zuschnitt--scaled.jpg\" alt=\"glas bearbeitung zuschnitt \" class=\"wp-image-83644\" srcset=\"https:\/\/www.leeb-balkone.com\/app\/uploads\/2022\/05\/glas-bearbeitung-zuschnitt--scaled.jpg 2048w, https:\/\/www.leeb-balkone.com\/app\/uploads\/2022\/05\/glas-bearbeitung-zuschnitt--300x200.jpg 300w, https:\/\/www.leeb-balkone.com\/app\/uploads\/2022\/05\/glas-bearbeitung-zuschnitt--1024x683.jpg 1024w, https:\/\/www.leeb-balkone.com\/app\/uploads\/2022\/05\/glas-bearbeitung-zuschnitt--768x512.jpg 768w, https:\/\/www.leeb-balkone.com\/app\/uploads\/2022\/05\/glas-bearbeitung-zuschnitt--1536x1024.jpg 1536w\" sizes=\"auto, (max-width: 2048px) 100vw, 2048px\" \/><\/figure>\n\n\n\n<div class=\"wp-block-group m-card-content has-white-background-color has-background is-vertical is-layout-flex wp-container-core-group-is-layout-5580f018 wp-block-group-is-layout-flex\">\n<h3 class=\"wp-block-heading\"><strong>Verbundsicherheitsglas in Premium Qualit\u00e4t<\/strong><\/h3>\n\n\n\n<p>Gepr\u00fcfte Sicherheit, innovative Designs und langlebige Qualit\u00e4t nach Ma\u00df mit Leeb Glas.<\/p>\n<\/div>\n<\/div>\n\n\n\n<div class=\"wp-block-group m-card is-layout-flow wp-container-core-group-is-layout-8a368f38 wp-block-group-is-layout-flow\">\n<figure class=\"wp-block-image size-large\"><img loading=\"lazy\" decoding=\"async\" width=\"1024\" height=\"665\" src=\"https:\/\/www.leeb-balkone.com\/app\/uploads\/2020\/08\/alu-comfort-plus-1024x665.jpg\" alt=\"alu comfort plus\" class=\"wp-image-5082\" srcset=\"https:\/\/www.leeb-balkone.com\/app\/uploads\/2020\/08\/alu-comfort-plus-1024x665.jpg 1024w, https:\/\/www.leeb-balkone.com\/app\/uploads\/2020\/08\/alu-comfort-plus-300x195.jpg 300w, https:\/\/www.leeb-balkone.com\/app\/uploads\/2020\/08\/alu-comfort-plus-768x499.jpg 768w, https:\/\/www.leeb-balkone.com\/app\/uploads\/2020\/08\/alu-comfort-plus-1536x997.jpg 1536w, https:\/\/www.leeb-balkone.com\/app\/uploads\/2020\/08\/alu-comfort-plus-2048x1330.jpg 2048w\" sizes=\"auto, (max-width: 1024px) 100vw, 1024px\" \/><\/figure>\n\n\n\n<div class=\"wp-block-group m-card-content has-white-background-color has-background is-vertical is-layout-flex wp-container-core-group-is-layout-5580f018 wp-block-group-is-layout-flex\">\n<h3 class=\"wp-block-heading\">Langzeitschutz durch ALU Comfort Plus\u00ae<\/h3>\n\n\n\n<p>Patentierte Beschichtung und Verarbeitung von Aluminium auf h\u00f6chstem Niveau.<\/p>\n<\/div>\n<\/div>\n<\/div>\n\n\n\n\n\n<div class=\"wp-block-group o-grid u-md-1 is-layout-flow wp-block-group-is-layout-flow\" style=\"padding-top:var(--wp--preset--spacing--l)\">\n<div class=\"wp-block-group u-g-9 u-g-s-2 is-layout-flow wp-block-group-is-layout-flow\" style=\"margin-bottom:var(--wp--preset--spacing--s)\">\n<h2 class=\"wp-block-heading\">Ihre Vorteile<\/h2>\n\n\n\n<p>Die Vorteile von Glas-Balkongel\u00e4ndern von Leeb liegen in der Verbindung aus moderner \u00c4sthetik, gepr\u00fcfter Sicherheit und individueller Gestaltungsfreiheit:<\/p>\n\n\n\n<ul class=\"wp-block-list is-style-checkmark-2\">\n<li><strong>Hochwertiges VSG-Sicherheitsglas<\/strong>: Leeb verwendet ausschlie\u00dflich Verbund-Sicherheitsglas, das durch eine rei\u00dffeste Folie zwischen zwei Glasscheiben auch bei Bruch die Splitter bindet und so maximalen Schutz vor Verletzungen bietet.<\/li>\n\n\n\n<li><strong>Eigene Glasproduktion<\/strong>: Das Premium-Glas wird im <a href=\"https:\/\/www.leeb-balkone.com\/ch\/technik\/glas\/\" type=\"page\" id=\"83234\">eigenen Werk<\/a> in K\u00e4rnten gefertigt, was h\u00f6chste Qualit\u00e4tskontrolle, Passgenauigkeit und Flexibilit\u00e4t garantiert.<\/li>\n\n\n\n<li><strong>Modernes, lichtdurchflutetes Design<\/strong>: Balkongel\u00e4nder mit Glas schaffen helle, offene R\u00e4ume, lassen viel Tageslicht durch und sorgen f\u00fcr eine elegante, zeitgem\u00e4\u00dfe Optik.<\/li>\n\n\n\n<li><strong>Pflegeleicht und langlebig<\/strong>: Die glatten Oberfl\u00e4chen sind witterungsbest\u00e4ndig, nahezu wartungsfrei und behalten dauerhaft ihre hochwertige Ausstrahlung.<\/li>\n\n\n\n<li><strong>Individuelle Gestaltung<\/strong>: Neben verschiedenen Glasfarben sind u.a. auch sandgestrahlte Muster m\u00f6glich, die Ihren Glasbalkon zum Unikat machen.<\/li>\n\n\n\n<li><strong>Zertifizierte Qualit\u00e4t<\/strong>: Leeb garantiert gepr\u00fcfte Sicherheit und langlebige Produkte nach h\u00f6chsten Standards \u2013 als europ\u00e4ischer Marktf\u00fchrer mit \u00fcber 100.000 zufriedenen Kunden.<\/li>\n\n\n\n<li><strong>Rundum-Service<\/strong>: Von der pers\u00f6nlichen Beratung \u00fcber die Planung bis zur fachgerechten Montage begleitet Leeb Sie durch alle Schritte \u2013 f\u00fcr ein sorgenfreies Balkonprojekt.<\/li>\n<\/ul>\n<\/div>\n<\/div>\n<\/section>\n\n\n\n<section class=\"wp-block-cover alignfull is-light katalog-cta\" style=\"margin-top:0;margin-bottom:0;padding-top:0;padding-right:0;padding-bottom:0;padding-left:0;min-height:100px;aspect-ratio:unset;\" id=\"katalogbestellung\"><img loading=\"lazy\" decoding=\"async\" width=\"1920\" height=\"599\" class=\"wp-block-cover__image-background wp-image-7912 size-full\" alt=\"leeb balkone katalog anfordern\" src=\"https:\/\/www.leeb-balkone.com\/app\/uploads\/2020\/09\/leeb-balkone-katalog-anfordern-1.jpeg\" data-object-fit=\"cover\" srcset=\"https:\/\/www.leeb-balkone.com\/app\/uploads\/2020\/09\/leeb-balkone-katalog-anfordern-1-300x94.jpeg 300w, https:\/\/www.leeb-balkone.com\/app\/uploads\/2020\/09\/leeb-balkone-katalog-anfordern-1-1024x319.jpeg 1024w, https:\/\/www.leeb-balkone.com\/app\/uploads\/2020\/09\/leeb-balkone-katalog-anfordern-1-768x240.jpeg 768w, https:\/\/www.leeb-balkone.com\/app\/uploads\/2020\/09\/leeb-balkone-katalog-anfordern-1-1536x479.jpeg 1536w\" sizes=\"auto, (max-width: 1920px) 100vw, 1920px\" \/><span aria-hidden=\"true\" class=\"wp-block-cover__background has-primary-45-background-color has-background-dim-80 has-background-dim\"><\/span><div class=\"wp-block-cover__inner-container has-global-padding is-layout-constrained wp-container-core-cover-is-layout-fc5783d2 wp-block-cover-is-layout-constrained\">\n<div class=\"wp-block-group is-layout-flow wp-block-group-is-layout-flow\" style=\"min-height:0px;margin-top:0;margin-bottom:0;padding-top:var(--wp--preset--spacing--2-xl);padding-bottom:var(--wp--preset--spacing--2-xl);padding-left:0\">\n<div class=\"wp-block-columns are-vertically-aligned-center is-layout-flex wp-container-core-columns-is-layout-0a4bbf16 wp-block-columns-is-layout-flex\" style=\"margin-top:0;margin-bottom:0\">\n<div class=\"wp-block-column is-vertically-aligned-center is-layout-flow wp-block-column-is-layout-flow\" style=\"flex-basis:66.66%\">\n<h2 class=\"wp-block-heading\">Unsere Glasbalkone im Katalog<\/h2>\n\n\n\n<p class=\"is-style-teaser\"><span class=\"teaser\">Ihr pers\u00f6nlicher Katalog wartet auf Sie! Jetzt kostenlos bestellen und unser gesamtes Alu-Glas <span class=\"teaser\">Balkongel\u00e4nder <\/span>Sortiment entdecken. Finden Sie die L\u00f6sung, die perfekt zu Ihnen passt.<\/span><\/p>\n<\/div>\n\n\n\n<div class=\"wp-block-column is-vertically-aligned-center is-layout-flow wp-block-column-is-layout-flow\" style=\"flex-basis:33.33%\">\n<div class=\"wp-block-buttons u-m-jc-left is-content-justification-right is-layout-flex wp-container-core-buttons-is-layout-c060c6c7 wp-block-buttons-is-layout-flex\">\n<div class=\"wp-block-button is-style-filled-white large\"><a class=\"wp-block-button__link wp-element-button\" href=\"https:\/\/www.leeb-balkone.com\/ch\/kontakt\/katalog-anfordern\/\" style=\"box-shadow:var(--wp--preset--shadow--button-shadow)\">Katalog anfordern<\/a><\/div>\n<\/div>\n<\/div>\n<\/div>\n<\/div>\n<\/div><\/section>\n\n\n\n<section class=\"wp-block-group alignfull has-white-background-color has-background has-global-padding is-layout-constrained wp-container-core-group-is-layout-52f96efc wp-block-group-is-layout-constrained\">\n<div class=\"wp-block-group o-grid u-md-1 is-layout-flow wp-block-group-is-layout-flow\" style=\"padding-top:0\">\n<div class=\"wp-block-group u-g-9 u-g-s-2 is-layout-flow wp-block-group-is-layout-flow\" style=\"margin-bottom:var(--wp--preset--spacing--s)\">\n<h2 class=\"wp-block-heading\">Referenzen<\/h2>\n<\/div>\n<\/div>\n\n\n\n<div class=\"wp-block-t3-carousel-wrapper\" id=\"t3-carousel-a5ebe301-c7ab-4c92-bbb3-acefc834131c\"><div class=\"wp-block-t3-carousel t3-carousel-block swiper\" data-swiper-options=\"{&quot;loop&quot;:false,&quot;preloadImages&quot;:false,&quot;lazy&quot;:{&quot;loadPrevNext&quot;:true},&quot;autoplay&quot;:{&quot;delay&quot;:3000,&quot;disableOnInteraction&quot;:false},&quot;navigation&quot;:{&quot;nextEl&quot;:&quot;#t3-carousel-a5ebe301-c7ab-4c92-bbb3-acefc834131c .t3-carousel-a5ebe301-c7ab-4c92-bbb3-acefc834131c-next&quot;,&quot;prevEl&quot;:&quot;#t3-carousel-a5ebe301-c7ab-4c92-bbb3-acefc834131c .t3-carousel-a5ebe301-c7ab-4c92-bbb3-acefc834131c-prev&quot;},&quot;pagination&quot;:{&quot;el&quot;:&quot;#t3-carousel-a5ebe301-c7ab-4c92-bbb3-acefc834131c .t3-carousel-a5ebe301-c7ab-4c92-bbb3-acefc834131c-pagination&quot;,&quot;clickable&quot;:true},&quot;scrollbar&quot;:false,&quot;breakpoints&quot;:{&quot;0&quot;:{&quot;slidesPerView&quot;:1.15,&quot;spaceBetween&quot;:24},&quot;769&quot;:{&quot;slidesPerView&quot;:1,&quot;spaceBetween&quot;:30}}}\"><div class=\"swiper-wrapper\">\n<div class=\"wp-block-t3-carousel-slide t3-carousel-slide swiper-slide\">\n<div class=\"wp-block-columns testimonial m-split is-layout-flex wp-container-core-columns-is-layout-3331f5f7 wp-block-columns-is-layout-flex\" style=\"padding-bottom:0\">\n<div class=\"wp-block-column is-layout-flow wp-block-column-is-layout-flow\">\n<div class=\"wp-block-group is-layout-flow wp-block-group-is-layout-flow has-background\" style=\"min-height:100%;background-image:url(&#039;https:\/\/www.leeb-balkone.com\/app\/uploads\/2021\/08\/kundenfeedback-alu-anbaubalkon--scaled.jpg&#039;);background-size:cover;\"><\/div>\n<\/div>\n\n\n\n<div class=\"wp-block-column is-vertically-aligned-top testimonial-text is-layout-flow wp-block-column-is-layout-flow\">\n<div class=\"wp-block-group has-light-gray-background-color has-background is-vertical is-layout-flex wp-container-core-group-is-layout-044273ab wp-block-group-is-layout-flex\" style=\"padding-top:var(--wp--preset--spacing--xl);padding-right:var(--wp--preset--spacing--xl);padding-bottom:var(--wp--preset--spacing--xl);padding-left:var(--wp--preset--spacing--l)\">\n<p class=\"has-step-1-font-size\"><em>&#8220;Ein kleiner Traum ging f\u00fcr mich in Erf\u00fcllung, den mir die Firma Leeb erf\u00fcllte. Eine tolle Firma, die man nur empfehlen kann und jeden Cent wert ist.&#8221;<\/em><\/p>\n\n\n\n<p class=\"has-step-s-font-size\"><strong>Familie Eichhorn<br><\/strong>96465 Neustadt b. Coburg<\/p>\n<\/div>\n<\/div>\n<\/div>\n<\/div>\n\n\n\n<div class=\"wp-block-t3-carousel-slide t3-carousel-slide swiper-slide\">\n<div class=\"wp-block-columns testimonial m-split is-layout-flex wp-container-core-columns-is-layout-3331f5f7 wp-block-columns-is-layout-flex\" style=\"padding-bottom:0\">\n<div class=\"wp-block-column is-layout-flow wp-block-column-is-layout-flow\">\n<div class=\"wp-block-group is-layout-flow wp-block-group-is-layout-flow has-background\" style=\"min-height:100%;background-image:url(&#039;https:\/\/www.leeb-balkone.com\/app\/uploads\/2021\/10\/referenz-alu-balkon-baingo-scaled.jpg&#039;);background-position:51% 51%;background-size:cover;\"><\/div>\n<\/div>\n\n\n\n<div class=\"wp-block-column is-vertically-aligned-top testimonial-text is-layout-flow wp-block-column-is-layout-flow\">\n<div class=\"wp-block-group has-light-gray-background-color has-background is-vertical is-layout-flex wp-container-core-group-is-layout-044273ab wp-block-group-is-layout-flex\" style=\"padding-top:var(--wp--preset--spacing--xl);padding-right:var(--wp--preset--spacing--xl);padding-bottom:var(--wp--preset--spacing--xl);padding-left:var(--wp--preset--spacing--l)\">\n<p class=\"has-step-1-font-size\"><em>&#8220;Liebes Leeb Team! Vielen Dank f\u00fcr diese sch\u00f6ne Oase. Wir sind sehr gl\u00fccklich und zufrieden mit der Auswahl.&#8221;<\/em><\/p>\n\n\n\n<p class=\"has-step-s-font-size\"><strong>Frau Baingo<br><\/strong>13469 Berlin<\/p>\n<\/div>\n<\/div>\n<\/div>\n<\/div>\n<\/div><div class=\"swiper-pagination t3-carousel-a5ebe301-c7ab-4c92-bbb3-acefc834131c-pagination\"><\/div><\/div><div class=\"swiper-button-prev t3-carousel-a5ebe301-c7ab-4c92-bbb3-acefc834131c-prev\"><\/div><div class=\"swiper-button-next t3-carousel-a5ebe301-c7ab-4c92-bbb3-acefc834131c-next\"><\/div><\/div>\n<\/section>\n\n\n\n<section class=\"wp-block-group alignfull has-white-background-color has-background has-global-padding is-layout-constrained wp-container-core-group-is-layout-9fa1424c wp-block-group-is-layout-constrained\" style=\"padding-top:0\">\n<div class=\"wp-block-group o-grid u-md-1 is-layout-flow wp-block-group-is-layout-flow\" style=\"padding-top:0\">\n<div class=\"wp-block-group u-g-9 u-g-s-2 is-layout-flow wp-block-group-is-layout-flow\" style=\"margin-bottom:var(--wp--preset--spacing--s)\">\n<h2 class=\"wp-block-heading\">Warum ein Balkongel\u00e4nder mit Glas von Leeb?<\/h2>\n\n\n\n<p><span class=\"teaser\">Leeb Glas Balkongel\u00e4nder \u00fcberzeugen durch modernes Design, h\u00f6chste Sicherheitsstandards mit hochwertigem VSG-Sicherheitsglas aus eigener Fertigung und gepr\u00fcfte Qualit\u00e4t vom europ\u00e4ischen Marktf\u00fchrer.&nbsp;<\/span><\/p>\n<\/div>\n<\/div>\n\n\n\n<div class=\"wp-block-group is-layout-flow wp-container-core-group-is-layout-d5075d26 wp-block-group-is-layout-flow\">\n<div class=\"wp-block-columns is-style-shadow m-split is-layout-flex wp-container-core-columns-is-layout-28f84493 wp-block-columns-is-layout-flex\">\n<div class=\"wp-block-column is-style-default is-layout-flow wp-block-column-is-layout-flow\">\n<figure class=\"wp-block-image size-large\"><img loading=\"lazy\" decoding=\"async\" width=\"1024\" height=\"767\" src=\"https:\/\/www.leeb-balkone.com\/app\/uploads\/2020\/09\/alu-balkongelaender-zufriedene-kunden.-2-1024x767.jpg\" alt=\"Zufriedene Kunden mit ihrem neuen Glas Balkongel\u00e4nder von Leeb Balkone\" class=\"wp-image-6611\" srcset=\"https:\/\/www.leeb-balkone.com\/app\/uploads\/2020\/09\/alu-balkongelaender-zufriedene-kunden.-2-1024x767.jpg 1024w, https:\/\/www.leeb-balkone.com\/app\/uploads\/2020\/09\/alu-balkongelaender-zufriedene-kunden.-2-300x225.jpg 300w, https:\/\/www.leeb-balkone.com\/app\/uploads\/2020\/09\/alu-balkongelaender-zufriedene-kunden.-2-768x575.jpg 768w, https:\/\/www.leeb-balkone.com\/app\/uploads\/2020\/09\/alu-balkongelaender-zufriedene-kunden.-2-1536x1151.jpg 1536w, https:\/\/www.leeb-balkone.com\/app\/uploads\/2020\/09\/alu-balkongelaender-zufriedene-kunden.-2-2048x1535.jpg 2048w\" sizes=\"auto, (max-width: 1024px) 100vw, 1024px\" \/><\/figure>\n<\/div>\n\n\n\n<div class=\"wp-block-column is-vertically-aligned-center is-style-overlay-content is-layout-flow wp-block-column-is-layout-flow\">\n<div class=\"wp-block-group is-vertical is-layout-flex wp-container-core-group-is-layout-6aed0e10 wp-block-group-is-layout-flex\">\n<h3 class=\"wp-block-heading\">Elegant und sicher<\/h3>\n\n\n\n<p>Unsere Glas Balkongel\u00e4nder vereinen alle Vorteile von Leeb Aluminium mit der zeitlosen Eleganz und Transparenz von hochwertigem VSG-Sicherheitsglas. Innovative Technik und pr\u00e4zise Verarbeitung f\u00fcr l\u00e4ngere Haltbarkeit bei weniger Pflegebedarf. Premium Glas f\u00fcr h\u00f6chste Sicherheit und zuverl\u00e4ssigen Schutz. Nur das Beste von Leeb. F\u00fcr Ihren Platz an der Sonne.<\/p>\n\n\n\n<div class=\"wp-block-buttons is-layout-flex wp-block-buttons-is-layout-flex\" style=\"margin-top:var(--wp--preset--spacing--2-xs)\">\n<div class=\"wp-block-button is-style-outline-secondary\"><a class=\"wp-block-button__link has-transparent-background-color has-background wp-element-button\" href=\"https:\/\/www.leeb-balkone.com\/ch\/technik\/glas\/\">Mehr erfahren<\/a><\/div>\n<\/div>\n<\/div>\n<\/div>\n<\/div>\n\n\n\n<div class=\"wp-block-columns is-style-shadow m-split m-split-reverse is-layout-flex wp-container-core-columns-is-layout-28f84493 wp-block-columns-is-layout-flex\">\n<div class=\"wp-block-column is-style-default is-layout-flow wp-block-column-is-layout-flow\">\n<figure class=\"wp-block-image size-large\"><img decoding=\"async\" src=\"https:\/\/www.leeb-balkone.com\/app\/uploads\/2020\/07\/balkon-alu-design-glas-9-1024x721.jpg\" alt=\"Alu Design Glas Balkongel\u00e4nder\" class=\"wp-image-3359\"\/><\/figure>\n<\/div>\n\n\n\n<div class=\"wp-block-column is-vertically-aligned-center is-style-overlay-content is-layout-flow wp-block-column-is-layout-flow\">\n<div class=\"wp-block-group is-vertical is-layout-flex wp-container-core-group-is-layout-6aed0e10 wp-block-group-is-layout-flex\">\n<h3 class=\"wp-block-heading\">Leicht und hell<\/h3>\n\n\n\n<p>Glas \u00f6ffnet Ihren Balkon f\u00fcr Licht und Sonne, schafft ein angenehmes, luftiges Ambiente und l\u00e4dt zum entspannten Verweilen ein. Die moderne, transparente Optik harmoniert mit jedem Architekturstil und l\u00e4sst Ihren Au\u00dfenbereich gro\u00dfz\u00fcgig und offen wirken. Gleichzeitig profitieren Sie von einer funktionalen L\u00f6sung, die Sicherheit, Komfort und zeitgem\u00e4\u00dfes Design auf elegante Weise vereint \u2013 f\u00fcr unbeschwerte Genussmomente und ein Zuhause mit besonderem Flair.<\/p>\n<\/div>\n<\/div>\n<\/div>\n<\/div>\n<\/section>\n\n\n\n<section class=\"wp-block-group alignfull has-light-gray-background-color has-background has-global-padding is-layout-constrained wp-container-core-group-is-layout-52f96efc wp-block-group-is-layout-constrained\">\n<div class=\"wp-block-group o-grid u-md-1 is-layout-flow wp-block-group-is-layout-flow\" style=\"padding-top:0\">\n<div class=\"wp-block-group u-g-9 u-g-s-2 is-layout-flow wp-block-group-is-layout-flow\" style=\"margin-bottom:var(--wp--preset--spacing--s)\">\n<h2 class=\"wp-block-heading\">H\u00e4ufig gestellte Fragen<\/h2>\n\n\n\n<p style=\"padding-bottom:var(--wp--preset--spacing--m)\"><span class=\"teaser\">Sie haben allgemeine Fragen rund um unsere Glas Balkongel\u00e4nder? In unseren FAQ finden Sie kompakte Antworten zu h\u00e4ufigen Themen rund um Glasbalkone.<\/span><\/p>\n\n\n\n<div class=\"wp-block-t3-acc-accordion is-style-default\"><button id=\"accordion-db238fec-0163-41fc-9368-28da47efc5d5-button\" class=\"accordion__button\" aria-expanded=\"false\" aria-controls=\"accordion-db238fec-0163-41fc-9368-28da47efc5d5-panel\"><h3 data-accordion-title=\"true\" style=\"font-size:var(--step-1)\"><strong>Welche Vorteile bietet ein Balkongel\u00e4nder aus Glas?<\/strong><\/h3><\/button><div id=\"accordion-db238fec-0163-41fc-9368-28da47efc5d5-panel\" class=\"accordion__panel\" role=\"region\" aria-labelledby=\"accordion-db238fec-0163-41fc-9368-28da47efc5d5-button\">\n<p>Glasgel\u00e4nder schaffen eine moderne, lichtdurchflutete Atmosph\u00e4re und bieten einen <strong>unverstellten Ausblick<\/strong>. Sie sind \u00e4u\u00dferst elegant und passen perfekt zu zeitgen\u00f6ssischen Architekturen. Das verwendete Sicherheitsglas ist sehr robust, witterungsbest\u00e4ndig und relativ pflegeleicht. Zudem bieten sie oft einen effektiven Windschutz, ohne die Sicht zu versperren. Mit einem Glasgel\u00e4nder von <strong>Leeb Balkone<\/strong> entscheiden Sie sich f\u00fcr maximale Transparenz und ein exklusives Design. Leeb verwendet ausschlie\u00dflich hochwertiges Verbundsicherheitsglas (VSG), das Langlebigkeit und h\u00f6chste Sicherheitsstandards garantiert, und bietet gleichzeitig eine beeindruckende \u00c4sthetik.<\/p>\n<\/div><\/div>\n\n\n\n<div class=\"wp-block-t3-acc-accordion is-style-default\"><button id=\"accordion-f6627071-3ece-4c7f-a4c4-88b25eb27302-button\" class=\"accordion__button\" aria-expanded=\"false\" aria-controls=\"accordion-f6627071-3ece-4c7f-a4c4-88b25eb27302-panel\"><h3 data-accordion-title=\"true\" style=\"font-size:var(--step-1)\"><strong><strong>&nbsp;Ist ein Glasgel\u00e4nder auf dem Balkon sicher?<\/strong><\/strong><\/h3><\/button><div id=\"accordion-f6627071-3ece-4c7f-a4c4-88b25eb27302-panel\" class=\"accordion__panel\" role=\"region\" aria-labelledby=\"accordion-f6627071-3ece-4c7f-a4c4-88b25eb27302-button\">\n<p>Ja, Glasgel\u00e4nder sind <strong>sehr sicher<\/strong>, wenn das richtige Glas verwendet und die Montage fachgerecht erfolgt. \u00dcblicherweise kommt <strong>Verbundsicherheitsglas (VSG)<\/strong> oder <strong>Einscheibensicherheitsglas (ESG)<\/strong> zum Einsatz, oft auch kombiniert. Diese Gl\u00e4ser sind extrem sto\u00df- und bruchfest und minimieren im unwahrscheinlichen Falle eines Bruchs das Verletzungsrisiko. <strong>Leeb Balkone<\/strong> verwendet f\u00fcr seine Glasgel\u00e4nder ausschlie\u00dflich <strong>gepr\u00fcfte Sicherheitsgl\u00e4ser<\/strong>, die den strengsten Bau- und Sicherheitsnormen entsprechen. Die pr\u00e4zise Verarbeitung und die stabile Befestigung der Glaselemente in den robusten Rahmen sorgen f\u00fcr eine dauerhaft hohe Absturzsicherheit.<\/p>\n<\/div><\/div>\n\n\n\n<div class=\"wp-block-t3-acc-accordion is-style-default\"><button id=\"accordion-cd49414c-bb78-4c91-a74d-c40210aeda26-button\" class=\"accordion__button\" aria-expanded=\"false\" aria-controls=\"accordion-cd49414c-bb78-4c91-a74d-c40210aeda26-panel\"><h3 data-accordion-title=\"true\" style=\"font-size:var(--step-1)\"><strong><strong>Wie pflegeintensiv sind Glas Balkongel\u00e4nder?<\/strong><\/strong><\/h3><\/button><div id=\"accordion-cd49414c-bb78-4c91-a74d-c40210aeda26-panel\" class=\"accordion__panel\" role=\"region\" aria-labelledby=\"accordion-cd49414c-bb78-4c91-a74d-c40210aeda26-button\">\n<p>Glasgel\u00e4nder sind grunds\u00e4tzlich <strong>pflegeleicht<\/strong>, da sie nicht rosten oder verrotten. Die Hauptpflege besteht im regelm\u00e4\u00dfigen Reinigen der Glasfl\u00e4chen, um Schmutz, Staub und Wasserflecken zu entfernen. Dies kann mit handels\u00fcblichen Glasreinigern erfolgen. Die Rahmenmaterialien (oft Aluminium oder Edelstahl) sind ebenfalls sehr wartungsarm. Die Glas Balkongel\u00e4nder von <strong>Leeb Balkone<\/strong> sind so konzipiert, dass sie minimalen Pflegeaufwand erfordern. Die glatten Glasoberfl\u00e4chen und die langlebigen Rahmenmaterialien erleichtern die Reinigung erheblich, sodass Ihr Gel\u00e4nder mit wenig Aufwand stets strahlend sauber und transparent bleibt.<\/p>\n<\/div><\/div>\n\n\n\n<div class=\"wp-block-t3-acc-accordion is-style-default\"><button id=\"accordion-7ce1b8b2-15e3-4cd1-8d02-1d68db439837-button\" class=\"accordion__button\" aria-expanded=\"false\" aria-controls=\"accordion-7ce1b8b2-15e3-4cd1-8d02-1d68db439837-panel\"><h3 data-accordion-title=\"true\" style=\"font-size:var(--step-1)\"><strong><strong>Welche Design-Optionen gibt es bei Balkongel\u00e4ndern aus Aluminium?<\/strong><\/strong><\/h3><\/button><div id=\"accordion-7ce1b8b2-15e3-4cd1-8d02-1d68db439837-panel\" class=\"accordion__panel\" role=\"region\" aria-labelledby=\"accordion-7ce1b8b2-15e3-4cd1-8d02-1d68db439837-button\">\n<p>Aluminium ist ein sehr flexibles Material, das eine<strong> Designvielfalt<\/strong> erm\u00f6glicht. Von schlichten Stabausf\u00fchrungen \u00fcber transparente Glasf\u00fcllungen bis hin zu individuell gestalteten Lochblechen oder Elementen mit Holzdekor ist fast alles realisierbar. Auch in puncto Farbe sind der Fantasie kaum Grenzen gesetzt, da Aluminium in jeder RAL-Farbe beschichtet werden kann. <strong>Leeb Balkone<\/strong> ist bekannt f\u00fcr seine breite Palette an Aluminium-Designs, die von modern und puristisch bis zu traditioneller Optik reichen. Dank des eigenen Planungs- und Fertigungsprozesses k\u00f6nnen Sie Ihr Gel\u00e4nder ganz nach Ihren Vorstellungen anpassen und sogar individuelle Elemente oder Kombinationen mit anderen Materialien realisieren.<\/p>\n<\/div><\/div>\n\n\n\n<div class=\"wp-block-t3-acc-accordion is-style-default\"><button id=\"accordion-ad41bfe2-fa51-402a-a77f-9453b742d605-button\" class=\"accordion__button\" aria-expanded=\"false\" aria-controls=\"accordion-ad41bfe2-fa51-402a-a77f-9453b742d605-panel\"><h3 data-accordion-title=\"true\" style=\"font-size:var(--step-1)\"><strong><strong><strong>Welche Design-M\u00f6glichkeiten gibt es bei Glasgel\u00e4ndern?<\/strong><\/strong><\/strong><\/h3><\/button><div id=\"accordion-ad41bfe2-fa51-402a-a77f-9453b742d605-panel\" class=\"accordion__panel\" role=\"region\" aria-labelledby=\"accordion-ad41bfe2-fa51-402a-a77f-9453b742d605-button\">\n<p>Glasgel\u00e4nder bieten eine Vielzahl an Designoptionen. Neben der klassischen transparenten Optik gibt es <strong>milchige, satinierte oder get\u00f6nte Gl\u00e4ser<\/strong> f\u00fcr mehr Privatsph\u00e4re. Auch die Befestigungsart variiert: von sichtbaren Glashaltern bis zu integrierten Systemen f\u00fcr eine &#8220;ganzglasige&#8221; Optik. Kombinationen mit Edelstahl oder Aluminiumrahmen sind ebenfalls beliebt. Bei <strong>Leeb Balkone<\/strong> k\u00f6nnen Sie Ihr Glasgel\u00e4nder individuell gestalten. Ob mit durchgehenden Glasfl\u00e4chen, im Wechsel mit Aluminiumelementen oder mit speziellem Glasdesign \u2013 Leeb realisiert Ihre Vorstellungen. Die Wahl des passenden Rahmens und der Befestigung tr\u00e4gt zudem ma\u00dfgeblich zum gew\u00fcnschten Gesamtbild bei.<\/p>\n<\/div><\/div>\n\n\n\n<div class=\"wp-block-t3-acc-accordion is-style-default\"><button id=\"accordion-3d10d984-2ae6-4919-b6b9-ea7d1d95ce4a-button\" class=\"accordion__button\" aria-expanded=\"false\" aria-controls=\"accordion-3d10d984-2ae6-4919-b6b9-ea7d1d95ce4a-panel\"><h3 data-accordion-title=\"true\" style=\"font-size:var(--step-1)\"><strong><strong><strong><strong><strong>Wie verhalten sich Glasgel\u00e4nder bei Sonneneinstrahlung und Hitze?<\/strong><\/strong><\/strong><\/strong><\/strong><\/h3><\/button><div id=\"accordion-3d10d984-2ae6-4919-b6b9-ea7d1d95ce4a-panel\" class=\"accordion__panel\" role=\"region\" aria-labelledby=\"accordion-3d10d984-2ae6-4919-b6b9-ea7d1d95ce4a-button\">\n<p>Moderne Sicherheitsgl\u00e4ser f\u00fcr Balkongel\u00e4nder sind <strong>extrem widerstandsf\u00e4hig gegen UV-Strahlung und Temperaturschwankungen<\/strong>. Sie vergilben nicht und verlieren nicht an Stabilit\u00e4t. Die Sonneneinstrahlung wird durch das Glasgel\u00e4nder nicht wesentlich beeinflusst; die Transparenz bleibt erhalten. Bei starker direkter Sonneneinstrahlung kann sich das Glas erw\u00e4rmen, dies ist aber unbedenklich. Die von <strong>Leeb Balkone<\/strong> verwendeten Sicherheitsgl\u00e4ser sind speziell f\u00fcr den Au\u00dfeneinsatz entwickelt und getestet. Sie trotzen den Witterungseinfl\u00fcssen, ohne an Qualit\u00e4t oder Optik einzub\u00fc\u00dfen, und garantieren so langanhaltende Freude und Sicherheit.<\/p>\n<\/div><\/div>\n\n\n\n<div class=\"wp-block-t3-acc-accordion is-style-default\"><button id=\"accordion-7b5b2f23-5688-4d4f-8f31-5a28857aa3f6-button\" class=\"accordion__button\" aria-expanded=\"false\" aria-controls=\"accordion-7b5b2f23-5688-4d4f-8f31-5a28857aa3f6-panel\"><h3 data-accordion-title=\"true\" style=\"font-size:var(--step-1)\"><strong><strong><strong><strong>Ist ein Glasgel\u00e4nder teurer als andere Materialien?<\/strong><\/strong><\/strong><\/strong><\/h3><\/button><div id=\"accordion-7b5b2f23-5688-4d4f-8f31-5a28857aa3f6-panel\" class=\"accordion__panel\" role=\"region\" aria-labelledby=\"accordion-7b5b2f23-5688-4d4f-8f31-5a28857aa3f6-button\">\n<p>Glasgel\u00e4nder liegen in der Regel im <strong>h\u00f6heren Preissegment<\/strong> im Vergleich zu Standard-Holz- oder Aluminiumgel\u00e4ndern. Die Kosten variieren stark je nach Art des Sicherheitsglases (VSG, ESG), der Dicke, der Gr\u00f6\u00dfe der Glasfelder und der Komplexit\u00e4t des Befestigungssystems. Die Investition zahlt sich jedoch durch die einzigartige \u00c4sthetik und Langlebigkeit aus. Die Glasgel\u00e4nder von <strong>Leeb Balkone<\/strong> repr\u00e4sentieren eine hochwertige Investition in dauerhafte \u00c4sthetik und Sicherheit. Leeb bietet verschiedene Glas- und Befestigungsoptionen, um eine passende L\u00f6sung f\u00fcr jedes Budget zu finden. Dabei profitieren Sie von der langlebigen Qualit\u00e4t sowie dem geringen Wartungsaufwand und k\u00f6nnen so den Wert Ihres Balkons steigern.<\/p>\n<\/div><\/div>\n<\/div>\n<\/div>\n<\/section>\n\n\n\n<section class=\"wp-block-group alignfull has-white-background-color has-background has-global-padding is-layout-constrained wp-container-core-group-is-layout-52f96efc wp-block-group-is-layout-constrained\">\n<div class=\"wp-block-group o-grid u-md-1 is-layout-flow wp-block-group-is-layout-flow\" style=\"padding-top:0\">\n<div class=\"wp-block-group u-g-9 u-g-s-2 is-layout-flow wp-block-group-is-layout-flow\">\n<h2 class=\"wp-block-heading\">Glas Balkongel\u00e4nder Impressionen<\/h2>\n\n\n\n<p style=\"padding-bottom:var(--wp--preset--spacing--m)\"><span class=\"teaser\">Lassen Sie sich von den Gestaltungsm\u00f6glichkeiten unserer Alubalkone inspirieren.<\/span><\/p>\n<\/div>\n<\/div>\n\n\n    <div id=\"t3-lg-block-1\" class=\"wp-block-t3-lightgallery\" data-initial-count=\"6\">\n      <div class=\"lg-container u-grid-temp has-3-cols\">\n                  <div class=\"lg-item\" data-src=\"https:\/\/www.leeb-balkone.com\/app\/uploads\/2023\/03\/glasbalkon-ballina-und-solarbalkon-optimus-in-aluminium-anthrazit-scaled.jpg\"\n              data-sub-html=\"&lt;p&gt;Glasbalkon Ballina mit sandgestrahltem Kreismuster&lt;\/p&gt;\">\n            <div class=\"img-wrapper\">\n                <figure>\n                    <img loading=\"lazy\" decoding=\"async\" width=\"300\" height=\"169\" src=\"https:\/\/www.leeb-balkone.com\/app\/uploads\/2023\/03\/glasbalkon-ballina-und-solarbalkon-optimus-in-aluminium-anthrazit-300x169.jpg\" class=\"attachment-medium size-medium\" alt=\"Alu Glas Gel\u00e4nder Ballina mit sandgestrahltem Kreismuster\" srcset=\"https:\/\/www.leeb-balkone.com\/app\/uploads\/2023\/03\/glasbalkon-ballina-und-solarbalkon-optimus-in-aluminium-anthrazit-300x169.jpg 300w, https:\/\/www.leeb-balkone.com\/app\/uploads\/2023\/03\/glasbalkon-ballina-und-solarbalkon-optimus-in-aluminium-anthrazit-1024x575.jpg 1024w, https:\/\/www.leeb-balkone.com\/app\/uploads\/2023\/03\/glasbalkon-ballina-und-solarbalkon-optimus-in-aluminium-anthrazit-768x431.jpg 768w, https:\/\/www.leeb-balkone.com\/app\/uploads\/2023\/03\/glasbalkon-ballina-und-solarbalkon-optimus-in-aluminium-anthrazit-1536x863.jpg 1536w, https:\/\/www.leeb-balkone.com\/app\/uploads\/2023\/03\/glasbalkon-ballina-und-solarbalkon-optimus-in-aluminium-anthrazit-2048x1151.jpg 2048w\" sizes=\"auto, (min-width: 1200px) 260px, (min-width: 1024px) 220px, (min-width: 640px) 465px, 768px\" \/>    \n                <\/figure>\n                        <\/div>\n            <p>Glasbalkon Ballina mit sandgestrahltem Kreismuster<\/p>        <\/div>\n                  <div class=\"lg-item\" data-src=\"https:\/\/www.leeb-balkone.com\/app\/uploads\/2021\/04\/alu-anbaubalkon-gelaender-riva-2-scaled.jpg\"\n              data-sub-html=\"&lt;p&gt;Balkon Riva&lt;\/p&gt;\">\n            <div class=\"img-wrapper\">\n                <figure>\n                    <img loading=\"lazy\" decoding=\"async\" width=\"300\" height=\"200\" src=\"https:\/\/www.leeb-balkone.com\/app\/uploads\/2021\/04\/alu-anbaubalkon-gelaender-riva-2-300x200.jpg\" class=\"attachment-medium size-medium\" alt=\"alu anbaubalkon gelaender riva\" srcset=\"https:\/\/www.leeb-balkone.com\/app\/uploads\/2021\/04\/alu-anbaubalkon-gelaender-riva-2-300x200.jpg 300w, https:\/\/www.leeb-balkone.com\/app\/uploads\/2021\/04\/alu-anbaubalkon-gelaender-riva-2-1024x684.jpg 1024w, https:\/\/www.leeb-balkone.com\/app\/uploads\/2021\/04\/alu-anbaubalkon-gelaender-riva-2-768x513.jpg 768w, https:\/\/www.leeb-balkone.com\/app\/uploads\/2021\/04\/alu-anbaubalkon-gelaender-riva-2-1536x1025.jpg 1536w, https:\/\/www.leeb-balkone.com\/app\/uploads\/2021\/04\/alu-anbaubalkon-gelaender-riva-2-scaled.jpg 2048w\" sizes=\"auto, (min-width: 1200px) 260px, (min-width: 1024px) 220px, (min-width: 640px) 465px, 768px\" \/>    \n                <\/figure>\n                        <\/div>\n            <p>Balkon Riva<\/p>        <\/div>\n                  <div class=\"lg-item\" data-src=\"https:\/\/www.leeb-balkone.com\/app\/uploads\/2021\/01\/vorher-nachher-vergleich-alu-balkon-palma-2-scaled.jpg\"\n              data-sub-html=\"&lt;p&gt;Balkongel\u00e4nder  Palma&lt;\/p&gt;\">\n            <div class=\"img-wrapper\">\n                <figure>\n                    <img loading=\"lazy\" decoding=\"async\" width=\"300\" height=\"225\" src=\"https:\/\/www.leeb-balkone.com\/app\/uploads\/2021\/01\/vorher-nachher-vergleich-alu-balkon-palma-2-300x225.jpg\" class=\"attachment-medium size-medium\" alt=\"Kreatives Balkongel\u00e4nder mit kombinierter Glas-Alu-F\u00fcllung - Alubalkon Alu Design Palma\" srcset=\"https:\/\/www.leeb-balkone.com\/app\/uploads\/2021\/01\/vorher-nachher-vergleich-alu-balkon-palma-2-300x225.jpg 300w, https:\/\/www.leeb-balkone.com\/app\/uploads\/2021\/01\/vorher-nachher-vergleich-alu-balkon-palma-2-1024x767.jpg 1024w, https:\/\/www.leeb-balkone.com\/app\/uploads\/2021\/01\/vorher-nachher-vergleich-alu-balkon-palma-2-768x575.jpg 768w, https:\/\/www.leeb-balkone.com\/app\/uploads\/2021\/01\/vorher-nachher-vergleich-alu-balkon-palma-2-1536x1151.jpg 1536w, https:\/\/www.leeb-balkone.com\/app\/uploads\/2021\/01\/vorher-nachher-vergleich-alu-balkon-palma-2-2048x1535.jpg 2048w\" sizes=\"auto, (min-width: 1200px) 260px, (min-width: 1024px) 220px, (min-width: 640px) 465px, 768px\" \/>    \n                <\/figure>\n                        <\/div>\n            <p>Balkongel\u00e4nder  Palma<\/p>        <\/div>\n                  <div class=\"lg-item\" data-src=\"https:\/\/www.leeb-balkone.com\/app\/uploads\/2020\/06\/balkongelaender-alu-design-barcelona-34-scaled.jpg\"\n              data-sub-html=\"&lt;p&gt;Balkonmodell Barcelona&lt;\/p&gt;\">\n            <div class=\"img-wrapper\">\n                <figure>\n                    <img loading=\"lazy\" decoding=\"async\" width=\"300\" height=\"200\" src=\"https:\/\/www.leeb-balkone.com\/app\/uploads\/2020\/06\/balkongelaender-alu-design-barcelona-34-300x200.jpg\" class=\"attachment-medium size-medium\" alt=\"balkongelaender alu design barcelona\" srcset=\"https:\/\/www.leeb-balkone.com\/app\/uploads\/2020\/06\/balkongelaender-alu-design-barcelona-34-300x200.jpg 300w, https:\/\/www.leeb-balkone.com\/app\/uploads\/2020\/06\/balkongelaender-alu-design-barcelona-34-1024x683.jpg 1024w, https:\/\/www.leeb-balkone.com\/app\/uploads\/2020\/06\/balkongelaender-alu-design-barcelona-34-768x512.jpg 768w, https:\/\/www.leeb-balkone.com\/app\/uploads\/2020\/06\/balkongelaender-alu-design-barcelona-34-1536x1025.jpg 1536w, https:\/\/www.leeb-balkone.com\/app\/uploads\/2020\/06\/balkongelaender-alu-design-barcelona-34-2048x1367.jpg 2048w\" sizes=\"auto, (min-width: 1200px) 260px, (min-width: 1024px) 220px, (min-width: 640px) 465px, 768px\" \/>    \n                <\/figure>\n                        <\/div>\n            <p>Balkonmodell Barcelona<\/p>        <\/div>\n                  <div class=\"lg-item\" data-src=\"https:\/\/www.leeb-balkone.com\/app\/uploads\/2020\/09\/glas-balkongelaender-alu-design-casa-linea-24-scaled.jpg\"\n              data-sub-html=\"&lt;p&gt;Balkon Casa Linea&lt;\/p&gt;\">\n            <div class=\"img-wrapper\">\n                <figure>\n                    <img loading=\"lazy\" decoding=\"async\" width=\"300\" height=\"200\" src=\"https:\/\/www.leeb-balkone.com\/app\/uploads\/2020\/09\/glas-balkongelaender-alu-design-casa-linea-24-300x200.jpg\" class=\"attachment-medium size-medium\" alt=\"Neue Hausfassade mit modernem Glasbalkon\" srcset=\"https:\/\/www.leeb-balkone.com\/app\/uploads\/2020\/09\/glas-balkongelaender-alu-design-casa-linea-24-300x200.jpg 300w, https:\/\/www.leeb-balkone.com\/app\/uploads\/2020\/09\/glas-balkongelaender-alu-design-casa-linea-24-1024x684.jpg 1024w, https:\/\/www.leeb-balkone.com\/app\/uploads\/2020\/09\/glas-balkongelaender-alu-design-casa-linea-24-768x513.jpg 768w, https:\/\/www.leeb-balkone.com\/app\/uploads\/2020\/09\/glas-balkongelaender-alu-design-casa-linea-24-1536x1025.jpg 1536w, https:\/\/www.leeb-balkone.com\/app\/uploads\/2020\/09\/glas-balkongelaender-alu-design-casa-linea-24-2048x1367.jpg 2048w\" sizes=\"auto, (min-width: 1200px) 260px, (min-width: 1024px) 220px, (min-width: 640px) 465px, 768px\" \/>    \n                <\/figure>\n                        <\/div>\n            <p>Balkon Casa Linea<\/p>        <\/div>\n                  <div class=\"lg-item\" data-src=\"https:\/\/www.leeb-balkone.com\/app\/uploads\/2020\/06\/balkongelaender-alu-design-cordoba-9-scaled.jpg\"\n              data-sub-html=\"&lt;p&gt;Balkongel\u00e4nder Aluminium in Holzoptik (Modell Cordoba)&lt;\/p&gt;\">\n            <div class=\"img-wrapper\">\n                <figure>\n                    <img loading=\"lazy\" decoding=\"async\" width=\"300\" height=\"199\" src=\"https:\/\/www.leeb-balkone.com\/app\/uploads\/2020\/06\/balkongelaender-alu-design-cordoba-9-300x199.jpg\" class=\"attachment-medium size-medium\" alt=\"Modernes Allrounder Balkongel\u00e4nder mit Alu Latten in Holzoptik - Alubalkon Alu Design Cordoba\" srcset=\"https:\/\/www.leeb-balkone.com\/app\/uploads\/2020\/06\/balkongelaender-alu-design-cordoba-9-300x199.jpg 300w, https:\/\/www.leeb-balkone.com\/app\/uploads\/2020\/06\/balkongelaender-alu-design-cordoba-9-1024x681.jpg 1024w, https:\/\/www.leeb-balkone.com\/app\/uploads\/2020\/06\/balkongelaender-alu-design-cordoba-9-768x510.jpg 768w, https:\/\/www.leeb-balkone.com\/app\/uploads\/2020\/06\/balkongelaender-alu-design-cordoba-9-1536x1021.jpg 1536w, https:\/\/www.leeb-balkone.com\/app\/uploads\/2020\/06\/balkongelaender-alu-design-cordoba-9-2048x1361.jpg 2048w\" sizes=\"auto, (min-width: 1200px) 260px, (min-width: 1024px) 220px, (min-width: 640px) 465px, 768px\" \/>    \n                <\/figure>\n                        <\/div>\n            <p>Balkongel\u00e4nder Aluminium in Holzoptik (Modell Cordoba)<\/p>        <\/div>\n                  <div class=\"lg-item\" data-src=\"https:\/\/www.leeb-balkone.com\/app\/uploads\/2020\/04\/balkongelaender-alu-design-merida-112-scaled.jpg\"\n              data-sub-html=\"&lt;p&gt;Kombination mit Vital&lt;\/p&gt;\">\n            <div class=\"img-wrapper\">\n                <figure>\n                    <img loading=\"lazy\" decoding=\"async\" width=\"300\" height=\"200\" src=\"https:\/\/www.leeb-balkone.com\/app\/uploads\/2020\/04\/balkongelaender-alu-design-merida-112-300x200.jpg\" class=\"attachment-medium size-medium\" alt=\"balkongelaender alu design merida\" srcset=\"https:\/\/www.leeb-balkone.com\/app\/uploads\/2020\/04\/balkongelaender-alu-design-merida-112-300x200.jpg 300w, https:\/\/www.leeb-balkone.com\/app\/uploads\/2020\/04\/balkongelaender-alu-design-merida-112-1024x684.jpg 1024w, https:\/\/www.leeb-balkone.com\/app\/uploads\/2020\/04\/balkongelaender-alu-design-merida-112-768x513.jpg 768w, https:\/\/www.leeb-balkone.com\/app\/uploads\/2020\/04\/balkongelaender-alu-design-merida-112-1536x1025.jpg 1536w, https:\/\/www.leeb-balkone.com\/app\/uploads\/2020\/04\/balkongelaender-alu-design-merida-112-scaled.jpg 2048w\" sizes=\"auto, (min-width: 1200px) 260px, (min-width: 1024px) 220px, (min-width: 640px) 465px, 768px\" \/>    \n                <\/figure>\n                        <\/div>\n            <p>Kombination mit Vital<\/p>        <\/div>\n                  <div class=\"lg-item\" data-src=\"https:\/\/www.leeb-balkone.com\/app\/uploads\/2020\/07\/glasbalkon-vision-spiegelung-alu-alubalkon-glasfuellung-mattgrau-holzhaus-glasfront-scaled.jpg\"\n              data-sub-html=\"&lt;p&gt;Balkongel\u00e4nder aus Grauglas&lt;\/p&gt;\">\n            <div class=\"img-wrapper\">\n                <figure>\n                    <img loading=\"lazy\" decoding=\"async\" width=\"300\" height=\"200\" src=\"https:\/\/www.leeb-balkone.com\/app\/uploads\/2020\/07\/glasbalkon-vision-spiegelung-alu-alubalkon-glasfuellung-mattgrau-holzhaus-glasfront-300x200.jpg\" class=\"attachment-medium size-medium\" alt=\"Leeb Gel\u00e4nder Modell Vision mit mattgrauer Glasf\u00fcllung - terrassenartiger Balkon modernes Holzhaus\" srcset=\"https:\/\/www.leeb-balkone.com\/app\/uploads\/2020\/07\/glasbalkon-vision-spiegelung-alu-alubalkon-glasfuellung-mattgrau-holzhaus-glasfront-300x200.jpg 300w, https:\/\/www.leeb-balkone.com\/app\/uploads\/2020\/07\/glasbalkon-vision-spiegelung-alu-alubalkon-glasfuellung-mattgrau-holzhaus-glasfront-1024x683.jpg 1024w, https:\/\/www.leeb-balkone.com\/app\/uploads\/2020\/07\/glasbalkon-vision-spiegelung-alu-alubalkon-glasfuellung-mattgrau-holzhaus-glasfront-768x512.jpg 768w, https:\/\/www.leeb-balkone.com\/app\/uploads\/2020\/07\/glasbalkon-vision-spiegelung-alu-alubalkon-glasfuellung-mattgrau-holzhaus-glasfront-1536x1024.jpg 1536w, https:\/\/www.leeb-balkone.com\/app\/uploads\/2020\/07\/glasbalkon-vision-spiegelung-alu-alubalkon-glasfuellung-mattgrau-holzhaus-glasfront-2048x1365.jpg 2048w\" sizes=\"auto, (min-width: 1200px) 260px, (min-width: 1024px) 220px, (min-width: 640px) 465px, 768px\" \/>    \n                <\/figure>\n                        <\/div>\n            <p>Balkongel\u00e4nder aus Grauglas<\/p>        <\/div>\n                  <div class=\"lg-item\" data-src=\"https:\/\/www.leeb-balkone.com\/app\/uploads\/2020\/07\/glas-balkongelaender-alu-design-vision-40-scaled.jpg\"\n              data-sub-html=\"&lt;p&gt;Balkongel\u00e4nder Vision aus transparentem Glas&lt;\/p&gt;\">\n            <div class=\"img-wrapper\">\n                <figure>\n                    <img loading=\"lazy\" decoding=\"async\" width=\"300\" height=\"200\" src=\"https:\/\/www.leeb-balkone.com\/app\/uploads\/2020\/07\/glas-balkongelaender-alu-design-vision-40-300x200.jpg\" class=\"attachment-medium size-medium\" alt=\"glas balkongelaender alu design vision\" srcset=\"https:\/\/www.leeb-balkone.com\/app\/uploads\/2020\/07\/glas-balkongelaender-alu-design-vision-40-300x200.jpg 300w, https:\/\/www.leeb-balkone.com\/app\/uploads\/2020\/07\/glas-balkongelaender-alu-design-vision-40-1024x684.jpg 1024w, https:\/\/www.leeb-balkone.com\/app\/uploads\/2020\/07\/glas-balkongelaender-alu-design-vision-40-768x513.jpg 768w, https:\/\/www.leeb-balkone.com\/app\/uploads\/2020\/07\/glas-balkongelaender-alu-design-vision-40-1536x1025.jpg 1536w, https:\/\/www.leeb-balkone.com\/app\/uploads\/2020\/07\/glas-balkongelaender-alu-design-vision-40-2048x1367.jpg 2048w\" sizes=\"auto, (min-width: 1200px) 260px, (min-width: 1024px) 220px, (min-width: 640px) 465px, 768px\" \/>    \n                <\/figure>\n                        <\/div>\n            <p>Balkongel\u00e4nder Vision aus transparentem Glas<\/p>        <\/div>\n                  <div class=\"lg-item\" data-src=\"https:\/\/www.leeb-balkone.com\/app\/uploads\/2020\/07\/balkongelaender-alu-design-granada-25-scaled.jpg\"\n              data-sub-html=\"&lt;p&gt;Balkon Granada&lt;\/p&gt;\">\n            <div class=\"img-wrapper\">\n                <figure>\n                    <img loading=\"lazy\" decoding=\"async\" width=\"300\" height=\"200\" src=\"https:\/\/www.leeb-balkone.com\/app\/uploads\/2020\/07\/balkongelaender-alu-design-granada-25-300x200.jpg\" class=\"attachment-medium size-medium\" alt=\"balkongelaender alu design granada\" srcset=\"https:\/\/www.leeb-balkone.com\/app\/uploads\/2020\/07\/balkongelaender-alu-design-granada-25-300x200.jpg 300w, https:\/\/www.leeb-balkone.com\/app\/uploads\/2020\/07\/balkongelaender-alu-design-granada-25-1024x683.jpg 1024w, https:\/\/www.leeb-balkone.com\/app\/uploads\/2020\/07\/balkongelaender-alu-design-granada-25-768x512.jpg 768w, https:\/\/www.leeb-balkone.com\/app\/uploads\/2020\/07\/balkongelaender-alu-design-granada-25-1536x1024.jpg 1536w, https:\/\/www.leeb-balkone.com\/app\/uploads\/2020\/07\/balkongelaender-alu-design-granada-25-2048x1366.jpg 2048w\" sizes=\"auto, (min-width: 1200px) 260px, (min-width: 1024px) 220px, (min-width: 640px) 465px, 768px\" \/>    \n                <\/figure>\n                        <\/div>\n            <p>Balkon Granada<\/p>        <\/div>\n                  <div class=\"lg-item\" data-src=\"https:\/\/www.leeb-balkone.com\/app\/uploads\/2020\/07\/alubalkongelaender-genf-in-weiss-frontalansicht-scaled.jpg\"\n              data-sub-html=\"&lt;p&gt;Balkongel\u00e4nder in reinwei\u00df (Modell Genf)&lt;\/p&gt;\">\n            <div class=\"img-wrapper\">\n                <figure>\n                    <img loading=\"lazy\" decoding=\"async\" width=\"300\" height=\"200\" src=\"https:\/\/www.leeb-balkone.com\/app\/uploads\/2020\/07\/alubalkongelaender-genf-in-weiss-frontalansicht-300x200.jpg\" class=\"attachment-medium size-medium\" alt=\"alubalkongelaender genf in weiss frontalansicht\" srcset=\"https:\/\/www.leeb-balkone.com\/app\/uploads\/2020\/07\/alubalkongelaender-genf-in-weiss-frontalansicht-300x200.jpg 300w, https:\/\/www.leeb-balkone.com\/app\/uploads\/2020\/07\/alubalkongelaender-genf-in-weiss-frontalansicht-1024x683.jpg 1024w, https:\/\/www.leeb-balkone.com\/app\/uploads\/2020\/07\/alubalkongelaender-genf-in-weiss-frontalansicht-768x512.jpg 768w, https:\/\/www.leeb-balkone.com\/app\/uploads\/2020\/07\/alubalkongelaender-genf-in-weiss-frontalansicht-1536x1025.jpg 1536w, https:\/\/www.leeb-balkone.com\/app\/uploads\/2020\/07\/alubalkongelaender-genf-in-weiss-frontalansicht-2048x1366.jpg 2048w\" sizes=\"auto, (min-width: 1200px) 260px, (min-width: 1024px) 220px, (min-width: 640px) 465px, 768px\" \/>    \n                <\/figure>\n                        <\/div>\n            <p>Balkongel\u00e4nder in reinwei\u00df (Modell Genf)<\/p>        <\/div>\n                  <div class=\"lg-item\" data-src=\"https:\/\/www.leeb-balkone.com\/app\/uploads\/2025\/07\/balkongelaender-madrid-aus-aluminium-mit-edelstahlstreben-scaled.jpg\"\n              data-sub-html=\"&lt;p&gt;horizontales Balkongel\u00e4nder - Modell Madrid mit Edelstahlstreben &lt;\/p&gt;\">\n            <div class=\"img-wrapper\">\n                <figure>\n                    <img loading=\"lazy\" decoding=\"async\" width=\"300\" height=\"200\" src=\"https:\/\/www.leeb-balkone.com\/app\/uploads\/2025\/07\/balkongelaender-madrid-aus-aluminium-mit-edelstahlstreben-300x200.jpg\" class=\"attachment-medium size-medium\" alt=\"balkongelaender madrid aus aluminium mit edelstahlstreben\" srcset=\"https:\/\/www.leeb-balkone.com\/app\/uploads\/2025\/07\/balkongelaender-madrid-aus-aluminium-mit-edelstahlstreben-300x200.jpg 300w, https:\/\/www.leeb-balkone.com\/app\/uploads\/2025\/07\/balkongelaender-madrid-aus-aluminium-mit-edelstahlstreben-1024x684.jpg 1024w, https:\/\/www.leeb-balkone.com\/app\/uploads\/2025\/07\/balkongelaender-madrid-aus-aluminium-mit-edelstahlstreben-768x513.jpg 768w, https:\/\/www.leeb-balkone.com\/app\/uploads\/2025\/07\/balkongelaender-madrid-aus-aluminium-mit-edelstahlstreben-1536x1025.jpg 1536w, https:\/\/www.leeb-balkone.com\/app\/uploads\/2025\/07\/balkongelaender-madrid-aus-aluminium-mit-edelstahlstreben-2048x1367.jpg 2048w\" sizes=\"auto, (min-width: 1200px) 260px, (min-width: 1024px) 220px, (min-width: 640px) 465px, 768px\" \/>    \n                <\/figure>\n                        <\/div>\n            <p>horizontales Balkongel\u00e4nder &#8211; Modell Madrid mit Edelstahlstreben <\/p>        <\/div>\n                  <div class=\"lg-item\" data-src=\"https:\/\/www.leeb-balkone.com\/app\/uploads\/2020\/07\/balkongelaender-alu-wooden-madrid-10-scaled.jpg\"\n              data-sub-html=\"&lt;p&gt;Modernes Alu Balkongel\u00e4nder in Holzoptik mit Edelstahl-Streben&lt;\/p&gt;\">\n            <div class=\"img-wrapper\">\n                <figure>\n                    <img loading=\"lazy\" decoding=\"async\" width=\"300\" height=\"211\" src=\"https:\/\/www.leeb-balkone.com\/app\/uploads\/2020\/07\/balkongelaender-alu-wooden-madrid-10-300x211.jpg\" class=\"attachment-medium size-medium\" alt=\"Modernes Alu Balkongel\u00e4nder in Holzoptik mit Edelstahl-Streben - Alubalkon Alu Wooden Madrid\" srcset=\"https:\/\/www.leeb-balkone.com\/app\/uploads\/2020\/07\/balkongelaender-alu-wooden-madrid-10-300x211.jpg 300w, https:\/\/www.leeb-balkone.com\/app\/uploads\/2020\/07\/balkongelaender-alu-wooden-madrid-10-1024x721.jpg 1024w, https:\/\/www.leeb-balkone.com\/app\/uploads\/2020\/07\/balkongelaender-alu-wooden-madrid-10-768x540.jpg 768w, https:\/\/www.leeb-balkone.com\/app\/uploads\/2020\/07\/balkongelaender-alu-wooden-madrid-10-1536x1081.jpg 1536w, https:\/\/www.leeb-balkone.com\/app\/uploads\/2020\/07\/balkongelaender-alu-wooden-madrid-10-2048x1441.jpg 2048w\" sizes=\"auto, (min-width: 1200px) 260px, (min-width: 1024px) 220px, (min-width: 640px) 465px, 768px\" \/>    \n                <\/figure>\n                        <\/div>\n            <p>Modernes Alu Balkongel\u00e4nder in Holzoptik mit Edelstahl-Streben<\/p>        <\/div>\n                  <div class=\"lg-item\" data-src=\"https:\/\/www.leeb-balkone.com\/app\/uploads\/2020\/07\/balkongelaender-alu-design-trento-13-scaled.jpg\"\n              data-sub-html=\"&lt;p&gt;Balkon Trento in Holzoptik&lt;\/p&gt;\">\n            <div class=\"img-wrapper\">\n                <figure>\n                    <img loading=\"lazy\" decoding=\"async\" width=\"300\" height=\"224\" src=\"https:\/\/www.leeb-balkone.com\/app\/uploads\/2020\/07\/balkongelaender-alu-design-trento-13-300x224.jpg\" class=\"attachment-medium size-medium\" alt=\"balkongelaender alu design trento\" srcset=\"https:\/\/www.leeb-balkone.com\/app\/uploads\/2020\/07\/balkongelaender-alu-design-trento-13-300x224.jpg 300w, https:\/\/www.leeb-balkone.com\/app\/uploads\/2020\/07\/balkongelaender-alu-design-trento-13-1024x765.jpg 1024w, https:\/\/www.leeb-balkone.com\/app\/uploads\/2020\/07\/balkongelaender-alu-design-trento-13-768x574.jpg 768w, https:\/\/www.leeb-balkone.com\/app\/uploads\/2020\/07\/balkongelaender-alu-design-trento-13-1536x1147.jpg 1536w, https:\/\/www.leeb-balkone.com\/app\/uploads\/2020\/07\/balkongelaender-alu-design-trento-13-2048x1529.jpg 2048w\" sizes=\"auto, (min-width: 1200px) 260px, (min-width: 1024px) 220px, (min-width: 640px) 465px, 768px\" \/>    \n                <\/figure>\n                        <\/div>\n            <p>Balkon Trento in Holzoptik<\/p>        <\/div>\n                  <div class=\"lg-item\" data-src=\"https:\/\/www.leeb-balkone.com\/app\/uploads\/2020\/10\/alu-balkongelaender-design-twist-04.jpg\"\n              data-sub-html=\"&lt;p&gt;Balkongel\u00e4nder Modell Twist&lt;\/p&gt;\">\n            <div class=\"img-wrapper\">\n                <figure>\n                    <img loading=\"lazy\" decoding=\"async\" width=\"300\" height=\"225\" src=\"https:\/\/www.leeb-balkone.com\/app\/uploads\/2020\/10\/alu-balkongelaender-design-twist-04-300x225.jpg\" class=\"attachment-medium size-medium\" alt=\"alu balkongelaender design twist\" srcset=\"https:\/\/www.leeb-balkone.com\/app\/uploads\/2020\/10\/alu-balkongelaender-design-twist-04-300x225.jpg 300w, https:\/\/www.leeb-balkone.com\/app\/uploads\/2020\/10\/alu-balkongelaender-design-twist-04-1024x768.jpg 1024w, https:\/\/www.leeb-balkone.com\/app\/uploads\/2020\/10\/alu-balkongelaender-design-twist-04-768x576.jpg 768w, https:\/\/www.leeb-balkone.com\/app\/uploads\/2020\/10\/alu-balkongelaender-design-twist-04-1536x1152.jpg 1536w, https:\/\/www.leeb-balkone.com\/app\/uploads\/2020\/10\/alu-balkongelaender-design-twist-04-2048x1536.jpg 2048w\" sizes=\"auto, (min-width: 1200px) 260px, (min-width: 1024px) 220px, (min-width: 640px) 465px, 768px\" \/>    \n                <\/figure>\n                        <\/div>\n            <p>Balkongel\u00e4nder Modell Twist<\/p>        <\/div>\n                  <div class=\"lg-item\" data-src=\"https:\/\/www.leeb-balkone.com\/app\/uploads\/2020\/07\/glas-balkongelaender-alu-design-vitro-25-scaled.jpg\"\n              data-sub-html=\"&lt;p&gt;Balkonkombination Vitro und Casa Linea&lt;\/p&gt;\">\n            <div class=\"img-wrapper\">\n                <figure>\n                    <img loading=\"lazy\" decoding=\"async\" width=\"300\" height=\"225\" src=\"https:\/\/www.leeb-balkone.com\/app\/uploads\/2020\/07\/glas-balkongelaender-alu-design-vitro-25-300x225.jpg\" class=\"attachment-medium size-medium\" alt=\"glas balkongelaender alu design vitro\" srcset=\"https:\/\/www.leeb-balkone.com\/app\/uploads\/2020\/07\/glas-balkongelaender-alu-design-vitro-25-300x225.jpg 300w, https:\/\/www.leeb-balkone.com\/app\/uploads\/2020\/07\/glas-balkongelaender-alu-design-vitro-25-1024x767.jpg 1024w, https:\/\/www.leeb-balkone.com\/app\/uploads\/2020\/07\/glas-balkongelaender-alu-design-vitro-25-768x575.jpg 768w, https:\/\/www.leeb-balkone.com\/app\/uploads\/2020\/07\/glas-balkongelaender-alu-design-vitro-25-1536x1151.jpg 1536w, https:\/\/www.leeb-balkone.com\/app\/uploads\/2020\/07\/glas-balkongelaender-alu-design-vitro-25-2048x1535.jpg 2048w\" sizes=\"auto, (min-width: 1200px) 260px, (min-width: 1024px) 220px, (min-width: 640px) 465px, 768px\" \/>    \n                <\/figure>\n                        <\/div>\n            <p>Balkonkombination Vitro und Casa Linea<\/p>        <\/div>\n                  <div class=\"lg-item\" data-src=\"https:\/\/www.leeb-balkone.com\/app\/uploads\/2020\/07\/balkongelaender-alu-classic-vilshofen-24.jpg\"\n              data-sub-html=\"&lt;p&gt;Alubalkon Vilshofen mit Blumenk\u00e4sten&lt;\/p&gt;\">\n            <div class=\"img-wrapper\">\n                <figure>\n                    <img loading=\"lazy\" decoding=\"async\" width=\"300\" height=\"225\" src=\"https:\/\/www.leeb-balkone.com\/app\/uploads\/2020\/07\/balkongelaender-alu-classic-vilshofen-24-300x225.jpg\" class=\"attachment-medium size-medium\" alt=\"Zeitloses Balkongel\u00e4nder aus Aluminium mit Edelstahl-Handlauf - Alubalkon Alu Classic Vilshofen\" srcset=\"https:\/\/www.leeb-balkone.com\/app\/uploads\/2020\/07\/balkongelaender-alu-classic-vilshofen-24-300x225.jpg 300w, https:\/\/www.leeb-balkone.com\/app\/uploads\/2020\/07\/balkongelaender-alu-classic-vilshofen-24-1024x768.jpg 1024w, https:\/\/www.leeb-balkone.com\/app\/uploads\/2020\/07\/balkongelaender-alu-classic-vilshofen-24-768x576.jpg 768w, https:\/\/www.leeb-balkone.com\/app\/uploads\/2020\/07\/balkongelaender-alu-classic-vilshofen-24-1536x1152.jpg 1536w, https:\/\/www.leeb-balkone.com\/app\/uploads\/2020\/07\/balkongelaender-alu-classic-vilshofen-24-2048x1536.jpg 2048w\" sizes=\"auto, (min-width: 1200px) 260px, (min-width: 1024px) 220px, (min-width: 640px) 465px, 768px\" \/>    \n                <\/figure>\n                        <\/div>\n            <p>Alubalkon Vilshofen mit Blumenk\u00e4sten<\/p>        <\/div>\n                  <div class=\"lg-item\" data-src=\"https:\/\/www.leeb-balkone.com\/app\/uploads\/2020\/07\/balkongelaender-alu-classic-vilshofen-23-scaled.jpg\"\n              data-sub-html=\"&lt;p&gt;Klassischer Balkon Vilshofen&lt;\/p&gt;\">\n            <div class=\"img-wrapper\">\n                <figure>\n                    <img loading=\"lazy\" decoding=\"async\" width=\"300\" height=\"200\" src=\"https:\/\/www.leeb-balkone.com\/app\/uploads\/2020\/07\/balkongelaender-alu-classic-vilshofen-23-300x200.jpg\" class=\"attachment-medium size-medium\" alt=\"Graues Einfamilienhaus mit Alu Classic Vilshofen Balkongel\u00e4nder\" srcset=\"https:\/\/www.leeb-balkone.com\/app\/uploads\/2020\/07\/balkongelaender-alu-classic-vilshofen-23-300x200.jpg 300w, https:\/\/www.leeb-balkone.com\/app\/uploads\/2020\/07\/balkongelaender-alu-classic-vilshofen-23-1024x683.jpg 1024w, https:\/\/www.leeb-balkone.com\/app\/uploads\/2020\/07\/balkongelaender-alu-classic-vilshofen-23-768x512.jpg 768w, https:\/\/www.leeb-balkone.com\/app\/uploads\/2020\/07\/balkongelaender-alu-classic-vilshofen-23-1536x1024.jpg 1536w, https:\/\/www.leeb-balkone.com\/app\/uploads\/2020\/07\/balkongelaender-alu-classic-vilshofen-23-2048x1366.jpg 2048w\" sizes=\"auto, (min-width: 1200px) 260px, (min-width: 1024px) 220px, (min-width: 640px) 465px, 768px\" \/>    \n                <\/figure>\n                        <\/div>\n            <p>Klassischer Balkon Vilshofen<\/p>        <\/div>\n                  <div class=\"lg-item\" data-src=\"https:\/\/www.leeb-balkone.com\/app\/uploads\/2021\/04\/balkongelaender-alu-classic-gerlos-27-scaled.jpg\"\n              data-sub-html=\"&lt;p&gt;Balkongel\u00e4nder in Holzoptik (Modell Gerlos)&lt;\/p&gt;\">\n            <div class=\"img-wrapper\">\n                <figure>\n                    <img loading=\"lazy\" decoding=\"async\" width=\"300\" height=\"200\" src=\"https:\/\/www.leeb-balkone.com\/app\/uploads\/2021\/04\/balkongelaender-alu-classic-gerlos-27-300x200.jpg\" class=\"attachment-medium size-medium\" alt=\"balkongelaender alu classic gerlos\" srcset=\"https:\/\/www.leeb-balkone.com\/app\/uploads\/2021\/04\/balkongelaender-alu-classic-gerlos-27-300x200.jpg 300w, https:\/\/www.leeb-balkone.com\/app\/uploads\/2021\/04\/balkongelaender-alu-classic-gerlos-27-1024x683.jpg 1024w, https:\/\/www.leeb-balkone.com\/app\/uploads\/2021\/04\/balkongelaender-alu-classic-gerlos-27-768x512.jpg 768w, https:\/\/www.leeb-balkone.com\/app\/uploads\/2021\/04\/balkongelaender-alu-classic-gerlos-27-1536x1025.jpg 1536w, https:\/\/www.leeb-balkone.com\/app\/uploads\/2021\/04\/balkongelaender-alu-classic-gerlos-27-2048x1367.jpg 2048w\" sizes=\"auto, (min-width: 1200px) 260px, (min-width: 1024px) 220px, (min-width: 640px) 465px, 768px\" \/>    \n                <\/figure>\n                        <\/div>\n            <p>Balkongel\u00e4nder in Holzoptik (Modell Gerlos)<\/p>        <\/div>\n                  <div class=\"lg-item\" data-src=\"https:\/\/www.leeb-balkone.com\/app\/uploads\/2020\/07\/balkon-alu-select-padova-2-scaled.jpg\"\n              data-sub-html=\"&lt;p&gt;Selektbalkon Padova&lt;\/p&gt;\">\n            <div class=\"img-wrapper\">\n                <figure>\n                    <img loading=\"lazy\" decoding=\"async\" width=\"300\" height=\"200\" src=\"https:\/\/www.leeb-balkone.com\/app\/uploads\/2020\/07\/balkon-alu-select-padova-2-300x200.jpg\" class=\"attachment-medium size-medium\" alt=\"Glas Balkongel\u00e4nder mit soliden Abschlussleisten und Handlauf - Alubalkon Alu Select Padova\" srcset=\"https:\/\/www.leeb-balkone.com\/app\/uploads\/2020\/07\/balkon-alu-select-padova-2-300x200.jpg 300w, https:\/\/www.leeb-balkone.com\/app\/uploads\/2020\/07\/balkon-alu-select-padova-2-1024x681.jpg 1024w, https:\/\/www.leeb-balkone.com\/app\/uploads\/2020\/07\/balkon-alu-select-padova-2-768x511.jpg 768w, https:\/\/www.leeb-balkone.com\/app\/uploads\/2020\/07\/balkon-alu-select-padova-2-1536x1022.jpg 1536w, https:\/\/www.leeb-balkone.com\/app\/uploads\/2020\/07\/balkon-alu-select-padova-2-2048x1363.jpg 2048w\" sizes=\"auto, (min-width: 1200px) 260px, (min-width: 1024px) 220px, (min-width: 640px) 465px, 768px\" \/>    \n                <\/figure>\n                        <\/div>\n            <p>Selektbalkon Padova<\/p>        <\/div>\n                  <div class=\"lg-item\" data-src=\"https:\/\/www.leeb-balkone.com\/app\/uploads\/2024\/08\/balkongelaender-aus-alu-mit-blechfuellung-handa-scaled.jpg\"\n              data-sub-html=\"&lt;p&gt;Balkon mit Perfor\u00e9edesign (Modell Handa)&lt;\/p&gt;\">\n            <div class=\"img-wrapper\">\n                <figure>\n                    <img loading=\"lazy\" decoding=\"async\" width=\"300\" height=\"200\" src=\"https:\/\/www.leeb-balkone.com\/app\/uploads\/2024\/08\/balkongelaender-aus-alu-mit-blechfuellung-handa-300x200.jpg\" class=\"attachment-medium size-medium\" alt=\"balkongelaender aus alu mit blechfuellung handa\" srcset=\"https:\/\/www.leeb-balkone.com\/app\/uploads\/2024\/08\/balkongelaender-aus-alu-mit-blechfuellung-handa-300x200.jpg 300w, https:\/\/www.leeb-balkone.com\/app\/uploads\/2024\/08\/balkongelaender-aus-alu-mit-blechfuellung-handa-1024x682.jpg 1024w, https:\/\/www.leeb-balkone.com\/app\/uploads\/2024\/08\/balkongelaender-aus-alu-mit-blechfuellung-handa-768x512.jpg 768w, https:\/\/www.leeb-balkone.com\/app\/uploads\/2024\/08\/balkongelaender-aus-alu-mit-blechfuellung-handa-1536x1023.jpg 1536w, https:\/\/www.leeb-balkone.com\/app\/uploads\/2024\/08\/balkongelaender-aus-alu-mit-blechfuellung-handa-2048x1364.jpg 2048w\" sizes=\"auto, (min-width: 1200px) 260px, (min-width: 1024px) 220px, (min-width: 640px) 465px, 768px\" \/>    \n                <\/figure>\n                        <\/div>\n            <p>Balkon mit Perfor\u00e9edesign (Modell Handa)<\/p>        <\/div>\n                  <div class=\"lg-item\" data-src=\"https:\/\/www.leeb-balkone.com\/app\/uploads\/2020\/07\/balkongelaender-alu-select-imola-2-scaled.jpg\"\n              data-sub-html=\"&lt;p&gt;Balkongel\u00e4nder in Holzoptik (Modell Imola)&lt;\/p&gt;\">\n            <div class=\"img-wrapper\">\n                <figure>\n                    <img loading=\"lazy\" decoding=\"async\" width=\"300\" height=\"200\" src=\"https:\/\/www.leeb-balkone.com\/app\/uploads\/2020\/07\/balkongelaender-alu-select-imola-2-300x200.jpg\" class=\"attachment-medium size-medium\" alt=\"Aluminium in Holzoptik mit Alu Select Imola Balkongel\u00e4nder\" srcset=\"https:\/\/www.leeb-balkone.com\/app\/uploads\/2020\/07\/balkongelaender-alu-select-imola-2-300x200.jpg 300w, https:\/\/www.leeb-balkone.com\/app\/uploads\/2020\/07\/balkongelaender-alu-select-imola-2-1024x684.jpg 1024w, https:\/\/www.leeb-balkone.com\/app\/uploads\/2020\/07\/balkongelaender-alu-select-imola-2-768x513.jpg 768w, https:\/\/www.leeb-balkone.com\/app\/uploads\/2020\/07\/balkongelaender-alu-select-imola-2-1536x1025.jpg 1536w, https:\/\/www.leeb-balkone.com\/app\/uploads\/2020\/07\/balkongelaender-alu-select-imola-2-2048x1367.jpg 2048w\" sizes=\"auto, (min-width: 1200px) 260px, (min-width: 1024px) 220px, (min-width: 640px) 465px, 768px\" \/>    \n                <\/figure>\n                        <\/div>\n            <p>Balkongel\u00e4nder in Holzoptik (Modell Imola)<\/p>        <\/div>\n                <\/div>\n\n              <div class=\"lg-load-more-wrapper\">\n            <div class=\"lg-load-more wp-block-button is-style-filled-secondary\">\n                <a href=\"#\" class=\"wp-block-button__link wp-element-button\" role=\"button\">\n                    Mehr laden                <\/a>\n            <\/div>\n        <\/div>\n          <\/div>\n    <\/section>\n\n\n\n<section class=\"wp-block-group alignfull has-white-background-color has-background has-global-padding is-layout-constrained wp-container-core-group-is-layout-9fa1424c wp-block-group-is-layout-constrained\" style=\"padding-top:0\">\n<div class=\"wp-block-columns is-style-offset m-split is-layout-flex wp-container-core-columns-is-layout-28f84493 wp-block-columns-is-layout-flex\">\n<div class=\"wp-block-column is-layout-flow wp-block-column-is-layout-flow\"><div class=\"vp-map-wrapper vp-map-ratio-19-1\"><img decoding=\"async\" width=\"2000\" height=\"1157\" src=\"https:\/\/www.leeb-balkone.com\/app\/uploads\/2026\/03\/map-ch.jpg\" class=\"attachment-full size-full\" alt=\"Schweizer Map: Vertriebspartner (orange Pins) und Schaur\u00e4ume \/ Standorte (gr\u00fcne Pins) der Leeb Balkone GmbH in der Schweiz\" style=\"width:100%;height:100%;object-fit:cover;display:block;\" loading=\"lazy\" srcset=\"https:\/\/www.leeb-balkone.com\/app\/uploads\/2026\/03\/map-ch.jpg 2000w, https:\/\/www.leeb-balkone.com\/app\/uploads\/2026\/03\/map-ch-300x174.jpg 300w, https:\/\/www.leeb-balkone.com\/app\/uploads\/2026\/03\/map-ch-1024x592.jpg 1024w, https:\/\/www.leeb-balkone.com\/app\/uploads\/2026\/03\/map-ch-768x444.jpg 768w, https:\/\/www.leeb-balkone.com\/app\/uploads\/2026\/03\/map-ch-1536x889.jpg 1536w\" sizes=\"auto, (min-width: 1536px) 2048px, (min-width: 992px) 1536px, (min-width: 768px) 1024px, (min-width: 576px) 768px, 100vw\" \/><\/div>\n<\/div>\n\n\n\n<div class=\"wp-block-column is-vertically-aligned-center is-style-overlay-content is-layout-flow wp-block-column-is-layout-flow\">\n<div class=\"wp-block-group is-vertical is-layout-flex wp-container-core-group-is-layout-bd7877ba wp-block-group-is-layout-flex\">\n<h2 class=\"wp-block-heading has-step-2-font-size\">Vertriebspartner Schweiz<\/h2>\n\n\n\n<p>Kompetente LEEB Partner in Ihrer Region. Pers\u00f6nliche Beratung, pr\u00e4zise Planung und fachgerechte Montage.<\/p>\n\n\n\n<div class=\"wp-block-buttons is-layout-flex wp-block-buttons-is-layout-flex\" style=\"margin-top:var(--wp--preset--spacing--2-xs)\">\n<div class=\"wp-block-button is-style-cta\"><a class=\"wp-block-button__link has-transparent-background-color has-background wp-element-button\" href=\"https:\/\/www.leeb-balkone.com\/ch\/vertriebspartner\/\">Vertriebspartner finden<span class=\"sr-only\">Vertriebspartner Leeb Balkone Schweiz<\/span><\/a><\/div>\n<\/div>\n<\/div>\n<\/div>\n<\/div>\n<\/section>\n\n\n\n<section class=\"wp-block-group alignfull has-light-gray-background-color has-background has-global-padding is-layout-constrained wp-container-core-group-is-layout-52f96efc wp-block-group-is-layout-constrained\" id=\"beratungstermin\">\n<div class=\"wp-block-group m-teaser o-grid u-md-1 is-layout-flow wp-block-group-is-layout-flow\">\n<div class=\"wp-block-group u-g-7 u-g-s-2 is-layout-flow wp-block-group-is-layout-flow\" style=\"margin-bottom:var(--wp--preset--spacing--s)\">\n<h2 class=\"wp-block-heading\">Kontaktieren Sie uns<\/h2>\n\n\n\n<p><strong><strong>Planen Sie ein Projekt oder haben Sie Fragen zu uns und unseren L\u00f6sungen? Schreiben Sie uns: Wir nehmen uns gerne Zeit f\u00fcr Ihre Anfrage!<\/strong><\/strong><\/p>\n<\/div>\n<\/div>\n\n\n\n<div class=\"wp-block-group m-teaser o-grid u-md-1 is-layout-flow wp-block-group-is-layout-flow\">\n<div class=\"wp-block-group u-g-7 u-g-s-2 is-layout-flow wp-block-group-is-layout-flow\" style=\"margin-bottom:var(--wp--preset--spacing--s)\"><form action=\"https:\/\/www.leeb-balkone.com\/ch\/wp-json\/ws-form\/v1\/submit\" class=\"wsf-form wsf-form-canvas\" id=\"ws-form-1\" data-id=\"4\" data-instance-id=\"1\" method=\"POST\"><\/form>\n<\/div>\n\n\n\n<div class=\"wp-block-group u-g-3 u-g-s-9 is-layout-flow wp-block-group-is-layout-flow\"><div class=\"t3-sidebar-buttons wp-block-buttons is-layout-flex wp-block-buttons-is-layout-flex\"><div class=\"wp-block-button is-style-fill icon-book icon-left\">\n                        <a class=\"wp-block-button__link has-secondary-color has-white-background-color has-text-color has-background has-link-color wp-element-button\" href=\"https:\/\/www.leeb-balkone.com\/ch\/kontakt\/katalog-anfordern\/\" style=\"box-shadow:var(--wp--preset--shadow--box-shadow)\">Katalog anfordern<\/a>\n                    <\/div><div class=\"wp-block-button is-style-fill icon-phone-new icon-left\">\n                        <a class=\"wp-block-button__link has-secondary-color has-white-background-color has-text-color has-background has-link-color wp-element-button\" href=\"tel:+41555361653\">Telefon Schweiz <span class=\"sr-only\"> Telefon: +41 555 3616 53<\/span><\/a>\n                    <\/div><\/div>\n<\/div>\n<\/div>\n<\/section>\n","protected":false},"excerpt":{"rendered":"","protected":false},"author":1,"featured_media":22733,"parent":20000,"menu_order":1,"comment_status":"closed","ping_status":"closed","template":"template-onepager.blade.php","meta":{"_acf_changed":false,"footnotes":"","_sage_theme_css":true,"_wp_block_core_css":true},"folder":[244],"class_list":["post-154595","page","type-page","status-publish","has-post-thumbnail","hentry"],"acf":[],"yoast_head":"<!-- This site is optimized with the Yoast SEO plugin v27.2 - https:\/\/yoast.com\/product\/yoast-seo-wordpress\/ -->\n<title>Balkongel\u00e4nder mit Glas \u00bb Glasbalkon - Leeb Balkone Schweiz<\/title>\n<meta name=\"description\" content=\"Glas Balkongel\u00e4nder von Leeb: H\u00f6chste Qualit\u00e4t \u2713 Belastbar \u2713 Bruchsicher \u2713 Gratis Beratung *** Moderne Glasbalkone: Planungsservice &amp; Montage\" \/>\n<meta name=\"robots\" content=\"index, follow, max-snippet:-1, max-image-preview:large, max-video-preview:-1\" \/>\n<meta property=\"og:locale\" content=\"de_DE\" \/>\n<meta property=\"og:type\" content=\"article\" \/>\n<meta property=\"og:title\" content=\"Balkongel\u00e4nder mit Glas \u00bb Glasbalkon - Leeb Balkone\" \/>\n<meta property=\"og:description\" content=\"Glas Balkongel\u00e4nder von Leeb: H\u00f6chste Qualit\u00e4t \u2713 Belastbar \u2713 Bruchsicher \u2713 Gratis Beratung *** Moderne Glasbalkone: Planungsservice &amp; Montage\" \/>\n<meta property=\"og:url\" content=\"https:\/\/www.leeb-balkone.com\/ch\/balkongelaender\/balkongelaender-glas\/\" \/>\n<meta property=\"og:site_name\" content=\"Leeb Balkone\" \/>\n<meta property=\"article:publisher\" content=\"https:\/\/www.facebook.com\/balkone\/\" \/>\n<meta property=\"article:modified_time\" content=\"2026-04-10T14:18:53+00:00\" \/>\n<meta property=\"og:image\" content=\"https:\/\/www.leeb-balkone.com\/app\/uploads\/2021\/02\/glas-balkongelaender-alu-design-vision-31-scaled.jpg\" \/>\n\t<meta property=\"og:image:width\" content=\"2560\" \/>\n\t<meta property=\"og:image:height\" content=\"1918\" \/>\n\t<meta property=\"og:image:type\" content=\"image\/jpeg\" \/>\n<meta name=\"twitter:card\" content=\"summary_large_image\" \/>\n<script type=\"application\/ld+json\" class=\"yoast-schema-graph\">{\"@context\":\"https:\/\/schema.org\",\"@graph\":[{\"@type\":\"WebPage\",\"@id\":\"https:\/\/www.leeb-balkone.com\/ch\/balkongelaender\/balkongelaender-glas\/\",\"url\":\"https:\/\/www.leeb-balkone.com\/ch\/balkongelaender\/balkongelaender-glas\/\",\"name\":\"Balkongel\u00e4nder mit Glas \u00bb Glasbalkon - Leeb Balkone\",\"isPartOf\":{\"@id\":\"https:\/\/www.leeb-balkone.com\/ch\/#website\"},\"primaryImageOfPage\":{\"@id\":\"https:\/\/www.leeb-balkone.com\/ch\/balkongelaender\/balkongelaender-glas\/#primaryimage\"},\"image\":{\"@id\":\"https:\/\/www.leeb-balkone.com\/ch\/balkongelaender\/balkongelaender-glas\/#primaryimage\"},\"thumbnailUrl\":\"https:\/\/www.leeb-balkone.com\/app\/uploads\/2021\/02\/glas-balkongelaender-alu-design-vision-31-scaled.jpg\",\"datePublished\":\"2022-01-28T11:58:55+00:00\",\"dateModified\":\"2026-04-10T14:18:53+00:00\",\"description\":\"Glas Balkongel\u00e4nder von Leeb: H\u00f6chste Qualit\u00e4t \u2713 Belastbar \u2713 Bruchsicher \u2713 Gratis Beratung *** Moderne Glasbalkone: Planungsservice & Montage\",\"breadcrumb\":{\"@id\":\"https:\/\/www.leeb-balkone.com\/ch\/balkongelaender\/balkongelaender-glas\/#breadcrumb\"},\"inLanguage\":\"de-CH\",\"potentialAction\":[{\"@type\":\"ReadAction\",\"target\":[\"https:\/\/www.leeb-balkone.com\/ch\/balkongelaender\/balkongelaender-glas\/\"]}]},{\"@type\":\"ImageObject\",\"inLanguage\":\"de-CH\",\"@id\":\"https:\/\/www.leeb-balkone.com\/ch\/balkongelaender\/balkongelaender-glas\/#primaryimage\",\"url\":\"https:\/\/www.leeb-balkone.com\/app\/uploads\/2021\/02\/glas-balkongelaender-alu-design-vision-31-scaled.jpg\",\"contentUrl\":\"https:\/\/www.leeb-balkone.com\/app\/uploads\/2021\/02\/glas-balkongelaender-alu-design-vision-31-scaled.jpg\",\"width\":2560,\"height\":1918,\"caption\":\"Design Balkongel\u00e4nder aus Aluminium mit Glas-F\u00fcllung - Alubalkon Alu Design Vision\"},{\"@type\":\"BreadcrumbList\",\"@id\":\"https:\/\/www.leeb-balkone.com\/ch\/balkongelaender\/balkongelaender-glas\/#breadcrumb\",\"itemListElement\":[{\"@type\":\"ListItem\",\"position\":1,\"name\":\"Home\",\"item\":\"https:\/\/www.leeb-balkone.com\/ch\/\"},{\"@type\":\"ListItem\",\"position\":2,\"name\":\"Balkongel\u00e4nder\",\"item\":\"https:\/\/www.leeb-balkone.com\/ch\/balkongelaender\/\"},{\"@type\":\"ListItem\",\"position\":3,\"name\":\"Balkongel\u00e4nder Glas\"}]},{\"@type\":\"WebSite\",\"@id\":\"https:\/\/www.leeb-balkone.com\/ch\/#website\",\"url\":\"https:\/\/www.leeb-balkone.com\/ch\/\",\"name\":\"Leeb Balkone\",\"description\":\"Balkone und Z\u00e4une\",\"publisher\":{\"@id\":\"https:\/\/www.leeb-balkone.com\/ch\/#organization\"},\"potentialAction\":[{\"@type\":\"SearchAction\",\"target\":{\"@type\":\"EntryPoint\",\"urlTemplate\":\"https:\/\/www.leeb-balkone.com\/ch\/?s={search_term_string}\"},\"query-input\":{\"@type\":\"PropertyValueSpecification\",\"valueRequired\":true,\"valueName\":\"search_term_string\"}}],\"inLanguage\":\"de-CH\"},{\"@type\":\"Organization\",\"@id\":\"https:\/\/www.leeb-balkone.com\/ch\/#organization\",\"name\":\"Leeb Balkone Gmbh\",\"url\":\"https:\/\/www.leeb-balkone.com\/ch\/\",\"logo\":{\"@type\":\"ImageObject\",\"inLanguage\":\"de-CH\",\"@id\":\"https:\/\/www.leeb-balkone.com\/ch\/#\/schema\/logo\/image\/\",\"url\":\"https:\/\/www.leeb-balkone.com\/app\/uploads\/2020\/11\/leeb-logo.svg\",\"contentUrl\":\"https:\/\/www.leeb-balkone.com\/app\/uploads\/2020\/11\/leeb-logo.svg\",\"width\":741,\"height\":204,\"caption\":\"Leeb Balkone Gmbh\"},\"image\":{\"@id\":\"https:\/\/www.leeb-balkone.com\/ch\/#\/schema\/logo\/image\/\"},\"sameAs\":[\"https:\/\/www.facebook.com\/balkone\/\",\"https:\/\/www.trustedshops.at\/bewertung\/info_X4587CCF5833E31AFE0B11F47D86999F2.html\",\"https:\/\/www.trustedshops.de\/bewertung\/info_X7BA536A7A0BDC86D36C4718E4DCAEEEF.html\",\"https:\/\/www.google.com\/maps\/place\/?q=place_id:ChIJ5-zH19-IcEcR9HonWRTllHI\"]}]}<\/script>\n<!-- \/ Yoast SEO plugin. -->","yoast_head_json":{"title":"Balkongel\u00e4nder mit Glas \u00bb Glasbalkon - Leeb Balkone Schweiz","description":"Glas Balkongel\u00e4nder von Leeb: H\u00f6chste Qualit\u00e4t \u2713 Belastbar \u2713 Bruchsicher \u2713 Gratis Beratung *** Moderne Glasbalkone: Planungsservice & Montage","robots":{"index":"index","follow":"follow","max-snippet":"max-snippet:-1","max-image-preview":"max-image-preview:large","max-video-preview":"max-video-preview:-1"},"og_locale":"de_DE","og_type":"article","og_title":"Balkongel\u00e4nder mit Glas \u00bb Glasbalkon - Leeb Balkone","og_description":"Glas Balkongel\u00e4nder von Leeb: H\u00f6chste Qualit\u00e4t \u2713 Belastbar \u2713 Bruchsicher \u2713 Gratis Beratung *** Moderne Glasbalkone: Planungsservice & Montage","og_url":"https:\/\/www.leeb-balkone.com\/ch\/balkongelaender\/balkongelaender-glas\/","og_site_name":"Leeb Balkone","article_publisher":"https:\/\/www.facebook.com\/balkone\/","article_modified_time":"2026-04-10T14:18:53+00:00","og_image":[{"width":2560,"height":1918,"url":"https:\/\/www.leeb-balkone.com\/app\/uploads\/2021\/02\/glas-balkongelaender-alu-design-vision-31-scaled.jpg","type":"image\/jpeg"}],"twitter_card":"summary_large_image","schema":{"@context":"https:\/\/schema.org","@graph":[{"@type":"WebPage","@id":"https:\/\/www.leeb-balkone.com\/ch\/balkongelaender\/balkongelaender-glas\/","url":"https:\/\/www.leeb-balkone.com\/ch\/balkongelaender\/balkongelaender-glas\/","name":"Balkongel\u00e4nder mit Glas \u00bb Glasbalkon - Leeb Balkone","isPartOf":{"@id":"https:\/\/www.leeb-balkone.com\/ch\/#website"},"primaryImageOfPage":{"@id":"https:\/\/www.leeb-balkone.com\/ch\/balkongelaender\/balkongelaender-glas\/#primaryimage"},"image":{"@id":"https:\/\/www.leeb-balkone.com\/ch\/balkongelaender\/balkongelaender-glas\/#primaryimage"},"thumbnailUrl":"https:\/\/www.leeb-balkone.com\/app\/uploads\/2021\/02\/glas-balkongelaender-alu-design-vision-31-scaled.jpg","datePublished":"2022-01-28T11:58:55+00:00","dateModified":"2026-04-10T14:18:53+00:00","description":"Glas Balkongel\u00e4nder von Leeb: H\u00f6chste Qualit\u00e4t \u2713 Belastbar \u2713 Bruchsicher \u2713 Gratis Beratung *** Moderne Glasbalkone: Planungsservice & Montage","breadcrumb":{"@id":"https:\/\/www.leeb-balkone.com\/ch\/balkongelaender\/balkongelaender-glas\/#breadcrumb"},"inLanguage":"de-CH","potentialAction":[{"@type":"ReadAction","target":["https:\/\/www.leeb-balkone.com\/ch\/balkongelaender\/balkongelaender-glas\/"]}]},{"@type":"ImageObject","inLanguage":"de-CH","@id":"https:\/\/www.leeb-balkone.com\/ch\/balkongelaender\/balkongelaender-glas\/#primaryimage","url":"https:\/\/www.leeb-balkone.com\/app\/uploads\/2021\/02\/glas-balkongelaender-alu-design-vision-31-scaled.jpg","contentUrl":"https:\/\/www.leeb-balkone.com\/app\/uploads\/2021\/02\/glas-balkongelaender-alu-design-vision-31-scaled.jpg","width":2560,"height":1918,"caption":"Design Balkongel\u00e4nder aus Aluminium mit Glas-F\u00fcllung - Alubalkon Alu Design Vision"},{"@type":"BreadcrumbList","@id":"https:\/\/www.leeb-balkone.com\/ch\/balkongelaender\/balkongelaender-glas\/#breadcrumb","itemListElement":[{"@type":"ListItem","position":1,"name":"Home","item":"https:\/\/www.leeb-balkone.com\/ch\/"},{"@type":"ListItem","position":2,"name":"Balkongel\u00e4nder","item":"https:\/\/www.leeb-balkone.com\/ch\/balkongelaender\/"},{"@type":"ListItem","position":3,"name":"Balkongel\u00e4nder Glas"}]},{"@type":"WebSite","@id":"https:\/\/www.leeb-balkone.com\/ch\/#website","url":"https:\/\/www.leeb-balkone.com\/ch\/","name":"Leeb Balkone","description":"Balkone und Z\u00e4une","publisher":{"@id":"https:\/\/www.leeb-balkone.com\/ch\/#organization"},"potentialAction":[{"@type":"SearchAction","target":{"@type":"EntryPoint","urlTemplate":"https:\/\/www.leeb-balkone.com\/ch\/?s={search_term_string}"},"query-input":{"@type":"PropertyValueSpecification","valueRequired":true,"valueName":"search_term_string"}}],"inLanguage":"de-CH"},{"@type":"Organization","@id":"https:\/\/www.leeb-balkone.com\/ch\/#organization","name":"Leeb Balkone Gmbh","url":"https:\/\/www.leeb-balkone.com\/ch\/","logo":{"@type":"ImageObject","inLanguage":"de-CH","@id":"https:\/\/www.leeb-balkone.com\/ch\/#\/schema\/logo\/image\/","url":"https:\/\/www.leeb-balkone.com\/app\/uploads\/2020\/11\/leeb-logo.svg","contentUrl":"https:\/\/www.leeb-balkone.com\/app\/uploads\/2020\/11\/leeb-logo.svg","width":741,"height":204,"caption":"Leeb Balkone Gmbh"},"image":{"@id":"https:\/\/www.leeb-balkone.com\/ch\/#\/schema\/logo\/image\/"},"sameAs":["https:\/\/www.facebook.com\/balkone\/","https:\/\/www.trustedshops.at\/bewertung\/info_X4587CCF5833E31AFE0B11F47D86999F2.html","https:\/\/www.trustedshops.de\/bewertung\/info_X7BA536A7A0BDC86D36C4718E4DCAEEEF.html","https:\/\/www.google.com\/maps\/place\/?q=place_id:ChIJ5-zH19-IcEcR9HonWRTllHI"]}]}},"_links":{"self":[{"href":"https:\/\/www.leeb-balkone.com\/ch\/wp-json\/wp\/v2\/pages\/154595","targetHints":{"allow":["GET"]}}],"collection":[{"href":"https:\/\/www.leeb-balkone.com\/ch\/wp-json\/wp\/v2\/pages"}],"about":[{"href":"https:\/\/www.leeb-balkone.com\/ch\/wp-json\/wp\/v2\/types\/page"}],"author":[{"embeddable":true,"href":"https:\/\/www.leeb-balkone.com\/ch\/wp-json\/wp\/v2\/users\/1"}],"replies":[{"embeddable":true,"href":"https:\/\/www.leeb-balkone.com\/ch\/wp-json\/wp\/v2\/comments?post=154595"}],"version-history":[{"count":18,"href":"https:\/\/www.leeb-balkone.com\/ch\/wp-json\/wp\/v2\/pages\/154595\/revisions"}],"predecessor-version":[{"id":167506,"href":"https:\/\/www.leeb-balkone.com\/ch\/wp-json\/wp\/v2\/pages\/154595\/revisions\/167506"}],"up":[{"embeddable":true,"href":"https:\/\/www.leeb-balkone.com\/ch\/wp-json\/wp\/v2\/pages\/20000"}],"wp:featuredmedia":[{"embeddable":true,"href":"https:\/\/www.leeb-balkone.com\/ch\/wp-json\/wp\/v2\/media\/22733"}],"wp:attachment":[{"href":"https:\/\/www.leeb-balkone.com\/ch\/wp-json\/wp\/v2\/media?parent=154595"}],"wp:term":[{"taxonomy":"folder","embeddable":true,"href":"https:\/\/www.leeb-balkone.com\/ch\/wp-json\/wp\/v2\/folder?post=154595"}],"curies":[{"name":"wp","href":"https:\/\/api.w.org\/{rel}","templated":true}]}}