{"id":18797,"date":"2020-09-18T11:51:20","date_gmt":"2020-09-18T11:51:20","guid":{"rendered":"https:\/\/www.leeb-balkone.com\/de\/messe\/klagenfurter-herbstmesse-2-2-2-2-2-2-2\/"},"modified":"2026-03-16T06:10:48","modified_gmt":"2026-03-16T06:10:48","slug":"haeuslbauermesse-graz","status":"publish","type":"tribe_events","link":"https:\/\/www.leeb-balkone.com\/at\/messe\/haeuslbauermesse-graz\/","title":{"rendered":"H\u00e4uslbauermesse Graz"},"content":{"rendered":"<p>Die H\u00e4uslbauermesse in Graz ist das Synonym f\u00fcr die gr\u00f6\u00dfte Baufachmesse im S\u00fcden \u00d6sterreichs. Mit rund 45 000 erwarteten Besuchern und \u00fcber 400 Ausstellern erstreckt sie sich \u00fcber ca. 60 000 m<sup>2<\/sup><\/p>\n","protected":false},"excerpt":{"rendered":"","protected":false},"author":3,"featured_media":7377,"template":"","meta":{"_acf_changed":false,"_tribe_events_status":"","_tribe_events_status_reason":"","_tribe_events_is_hybrid":"","_tribe_events_is_virtual":"","_tribe_events_virtual_video_source":"","_tribe_events_virtual_embed_video":"","_tribe_events_virtual_linked_button_text":"","_tribe_events_virtual_linked_button":"","_tribe_events_virtual_show_embed_at":"","_tribe_events_virtual_show_embed_to":[],"_tribe_events_virtual_show_on_event":"","_tribe_events_virtual_show_on_views":"","_tribe_events_virtual_url":"","footnotes":""},"tags":[],"tribe_events_cat":[],"class_list":["post-18797","tribe_events","type-tribe_events","status-publish","has-post-thumbnail","hentry"],"acf":[],"yoast_head":"<!-- This site is optimized with the Yoast SEO plugin v27.2 - https:\/\/yoast.com\/product\/yoast-seo-wordpress\/ -->\n<title>H\u00e4uslbauermesse Graz - Leeb Balkone \u00d6sterreich<\/title>\n<meta name=\"description\" content=\"Die H\u00e4uslbauermesse in Graz ist das Synonym f\u00fcr die gr\u00f6\u00dfte Baufachmesse im S\u00fcden \u00d6sterreichs. Mit rund 45 000 erwarteten Besuchern und \u00fcber 400\" \/>\n<meta name=\"robots\" content=\"index, follow, max-snippet:-1, max-image-preview:large, max-video-preview:-1\" \/>\n<meta property=\"og:locale\" content=\"de_DE\" \/>\n<meta property=\"og:type\" content=\"article\" \/>\n<meta property=\"og:title\" content=\"H\u00e4uslbauermesse Graz - Leeb Balkone\" \/>\n<meta property=\"og:description\" content=\"Die H\u00e4uslbauermesse in Graz ist das Synonym f\u00fcr die gr\u00f6\u00dfte Baufachmesse im S\u00fcden \u00d6sterreichs. Mit rund 45 000 erwarteten Besuchern und \u00fcber 400\" \/>\n<meta property=\"og:url\" content=\"https:\/\/www.leeb-balkone.com\/at\/messe\/haeuslbauermesse-graz\/\" \/>\n<meta property=\"og:site_name\" content=\"Leeb Balkone\" \/>\n<meta property=\"article:publisher\" content=\"https:\/\/www.facebook.com\/balkone\/\" \/>\n<meta property=\"article:modified_time\" content=\"2026-03-16T06:10:48+00:00\" \/>\n<meta property=\"og:image\" content=\"https:\/\/www.leeb-balkone.com\/app\/uploads\/2020\/09\/haeuslbauer-messe-graz.jpg\" \/>\n\t<meta property=\"og:image:width\" content=\"2560\" \/>\n\t<meta property=\"og:image:height\" content=\"1096\" \/>\n\t<meta property=\"og:image:type\" content=\"image\/jpeg\" \/>\n<meta name=\"twitter:card\" content=\"summary_large_image\" \/>\n<script type=\"application\/ld+json\" class=\"yoast-schema-graph\">{\"@context\":\"https:\/\/schema.org\",\"@graph\":[{\"@type\":\"WebPage\",\"@id\":\"https:\/\/www.leeb-balkone.com\/at\/messe\/haeuslbauermesse-graz\/\",\"url\":\"https:\/\/www.leeb-balkone.com\/at\/messe\/haeuslbauermesse-graz\/\",\"name\":\"H\u00e4uslbauermesse Graz - Leeb Balkone\",\"isPartOf\":{\"@id\":\"https:\/\/www.leeb-balkone.com\/at\/#website\"},\"primaryImageOfPage\":{\"@id\":\"https:\/\/www.leeb-balkone.com\/at\/messe\/haeuslbauermesse-graz\/#primaryimage\"},\"image\":{\"@id\":\"https:\/\/www.leeb-balkone.com\/at\/messe\/haeuslbauermesse-graz\/#primaryimage\"},\"thumbnailUrl\":\"https:\/\/www.leeb-balkone.com\/app\/uploads\/2020\/09\/haeuslbauer-messe-graz.jpg\",\"datePublished\":\"2020-09-18T11:51:20+00:00\",\"dateModified\":\"2026-03-16T06:10:48+00:00\",\"description\":\"Die H\u00e4uslbauermesse in Graz ist das Synonym f\u00fcr die gr\u00f6\u00dfte Baufachmesse im S\u00fcden \u00d6sterreichs. Mit rund 45 000 erwarteten Besuchern und \u00fcber 400\",\"breadcrumb\":{\"@id\":\"https:\/\/www.leeb-balkone.com\/at\/messe\/haeuslbauermesse-graz\/#breadcrumb\"},\"inLanguage\":\"de-AT\",\"potentialAction\":[{\"@type\":\"ReadAction\",\"target\":[\"https:\/\/www.leeb-balkone.com\/at\/messe\/haeuslbauermesse-graz\/\"]}]},{\"@type\":\"ImageObject\",\"inLanguage\":\"de-AT\",\"@id\":\"https:\/\/www.leeb-balkone.com\/at\/messe\/haeuslbauermesse-graz\/#primaryimage\",\"url\":\"https:\/\/www.leeb-balkone.com\/app\/uploads\/2020\/09\/haeuslbauer-messe-graz.jpg\",\"contentUrl\":\"https:\/\/www.leeb-balkone.com\/app\/uploads\/2020\/09\/haeuslbauer-messe-graz.jpg\",\"width\":2560,\"height\":1096,\"caption\":\"Die Firma Leeb Balkone ist auf vielen Messen pr\u00e4sent\"},{\"@type\":\"BreadcrumbList\",\"@id\":\"https:\/\/www.leeb-balkone.com\/at\/messe\/haeuslbauermesse-graz\/#breadcrumb\",\"itemListElement\":[{\"@type\":\"ListItem\",\"position\":1,\"name\":\"Home\",\"item\":\"https:\/\/www.leeb-balkone.com\/at\/\"},{\"@type\":\"ListItem\",\"position\":2,\"name\":\"Veranstaltungen\",\"item\":\"https:\/\/www.leeb-balkone.com\/at\/messe\/\"},{\"@type\":\"ListItem\",\"position\":3,\"name\":\"H\u00e4uslbauermesse Graz\"}]},{\"@type\":\"WebSite\",\"@id\":\"https:\/\/www.leeb-balkone.com\/at\/#website\",\"url\":\"https:\/\/www.leeb-balkone.com\/at\/\",\"name\":\"Leeb Balkone\",\"description\":\"Balkone und Z\u00e4une\",\"publisher\":{\"@id\":\"https:\/\/www.leeb-balkone.com\/at\/#organization\"},\"potentialAction\":[{\"@type\":\"SearchAction\",\"target\":{\"@type\":\"EntryPoint\",\"urlTemplate\":\"https:\/\/www.leeb-balkone.com\/at\/?s={search_term_string}\"},\"query-input\":{\"@type\":\"PropertyValueSpecification\",\"valueRequired\":true,\"valueName\":\"search_term_string\"}}],\"inLanguage\":\"de-AT\"},{\"@type\":\"Organization\",\"@id\":\"https:\/\/www.leeb-balkone.com\/at\/#organization\",\"name\":\"Leeb Balkone Gmbh\",\"url\":\"https:\/\/www.leeb-balkone.com\/at\/\",\"logo\":{\"@type\":\"ImageObject\",\"inLanguage\":\"de-AT\",\"@id\":\"https:\/\/www.leeb-balkone.com\/at\/#\/schema\/logo\/image\/\",\"url\":\"https:\/\/www.leeb-balkone.com\/app\/uploads\/2020\/11\/leeb-logo.svg\",\"contentUrl\":\"https:\/\/www.leeb-balkone.com\/app\/uploads\/2020\/11\/leeb-logo.svg\",\"width\":741,\"height\":204,\"caption\":\"Leeb Balkone Gmbh\"},\"image\":{\"@id\":\"https:\/\/www.leeb-balkone.com\/at\/#\/schema\/logo\/image\/\"},\"sameAs\":[\"https:\/\/www.facebook.com\/balkone\/\",\"https:\/\/www.trustedshops.at\/bewertung\/info_X4587CCF5833E31AFE0B11F47D86999F2.html\",\"https:\/\/www.trustedshops.de\/bewertung\/info_X7BA536A7A0BDC86D36C4718E4DCAEEEF.html\",\"https:\/\/www.google.com\/maps\/place\/?q=place_id:ChIJ5-zH19-IcEcR9HonWRTllHI\"]}]}<\/script>\n<!-- \/ Yoast SEO plugin. -->","yoast_head_json":{"title":"H\u00e4uslbauermesse Graz - Leeb Balkone \u00d6sterreich","description":"Die H\u00e4uslbauermesse in Graz ist das Synonym f\u00fcr die gr\u00f6\u00dfte Baufachmesse im S\u00fcden \u00d6sterreichs. Mit rund 45 000 erwarteten Besuchern und \u00fcber 400","robots":{"index":"index","follow":"follow","max-snippet":"max-snippet:-1","max-image-preview":"max-image-preview:large","max-video-preview":"max-video-preview:-1"},"og_locale":"de_DE","og_type":"article","og_title":"H\u00e4uslbauermesse Graz - Leeb Balkone","og_description":"Die H\u00e4uslbauermesse in Graz ist das Synonym f\u00fcr die gr\u00f6\u00dfte Baufachmesse im S\u00fcden \u00d6sterreichs. Mit rund 45 000 erwarteten Besuchern und \u00fcber 400","og_url":"https:\/\/www.leeb-balkone.com\/at\/messe\/haeuslbauermesse-graz\/","og_site_name":"Leeb Balkone","article_publisher":"https:\/\/www.facebook.com\/balkone\/","article_modified_time":"2026-03-16T06:10:48+00:00","og_image":[{"width":2560,"height":1096,"url":"https:\/\/www.leeb-balkone.com\/app\/uploads\/2020\/09\/haeuslbauer-messe-graz.jpg","type":"image\/jpeg"}],"twitter_card":"summary_large_image","schema":{"@context":"https:\/\/schema.org","@graph":[{"@type":"WebPage","@id":"https:\/\/www.leeb-balkone.com\/at\/messe\/haeuslbauermesse-graz\/","url":"https:\/\/www.leeb-balkone.com\/at\/messe\/haeuslbauermesse-graz\/","name":"H\u00e4uslbauermesse Graz - Leeb Balkone","isPartOf":{"@id":"https:\/\/www.leeb-balkone.com\/at\/#website"},"primaryImageOfPage":{"@id":"https:\/\/www.leeb-balkone.com\/at\/messe\/haeuslbauermesse-graz\/#primaryimage"},"image":{"@id":"https:\/\/www.leeb-balkone.com\/at\/messe\/haeuslbauermesse-graz\/#primaryimage"},"thumbnailUrl":"https:\/\/www.leeb-balkone.com\/app\/uploads\/2020\/09\/haeuslbauer-messe-graz.jpg","datePublished":"2020-09-18T11:51:20+00:00","dateModified":"2026-03-16T06:10:48+00:00","description":"Die H\u00e4uslbauermesse in Graz ist das Synonym f\u00fcr die gr\u00f6\u00dfte Baufachmesse im S\u00fcden \u00d6sterreichs. Mit rund 45 000 erwarteten Besuchern und \u00fcber 400","breadcrumb":{"@id":"https:\/\/www.leeb-balkone.com\/at\/messe\/haeuslbauermesse-graz\/#breadcrumb"},"inLanguage":"de-AT","potentialAction":[{"@type":"ReadAction","target":["https:\/\/www.leeb-balkone.com\/at\/messe\/haeuslbauermesse-graz\/"]}]},{"@type":"ImageObject","inLanguage":"de-AT","@id":"https:\/\/www.leeb-balkone.com\/at\/messe\/haeuslbauermesse-graz\/#primaryimage","url":"https:\/\/www.leeb-balkone.com\/app\/uploads\/2020\/09\/haeuslbauer-messe-graz.jpg","contentUrl":"https:\/\/www.leeb-balkone.com\/app\/uploads\/2020\/09\/haeuslbauer-messe-graz.jpg","width":2560,"height":1096,"caption":"Die Firma Leeb Balkone ist auf vielen Messen pr\u00e4sent"},{"@type":"BreadcrumbList","@id":"https:\/\/www.leeb-balkone.com\/at\/messe\/haeuslbauermesse-graz\/#breadcrumb","itemListElement":[{"@type":"ListItem","position":1,"name":"Home","item":"https:\/\/www.leeb-balkone.com\/at\/"},{"@type":"ListItem","position":2,"name":"Veranstaltungen","item":"https:\/\/www.leeb-balkone.com\/at\/messe\/"},{"@type":"ListItem","position":3,"name":"H\u00e4uslbauermesse Graz"}]},{"@type":"WebSite","@id":"https:\/\/www.leeb-balkone.com\/at\/#website","url":"https:\/\/www.leeb-balkone.com\/at\/","name":"Leeb Balkone","description":"Balkone und Z\u00e4une","publisher":{"@id":"https:\/\/www.leeb-balkone.com\/at\/#organization"},"potentialAction":[{"@type":"SearchAction","target":{"@type":"EntryPoint","urlTemplate":"https:\/\/www.leeb-balkone.com\/at\/?s={search_term_string}"},"query-input":{"@type":"PropertyValueSpecification","valueRequired":true,"valueName":"search_term_string"}}],"inLanguage":"de-AT"},{"@type":"Organization","@id":"https:\/\/www.leeb-balkone.com\/at\/#organization","name":"Leeb Balkone Gmbh","url":"https:\/\/www.leeb-balkone.com\/at\/","logo":{"@type":"ImageObject","inLanguage":"de-AT","@id":"https:\/\/www.leeb-balkone.com\/at\/#\/schema\/logo\/image\/","url":"https:\/\/www.leeb-balkone.com\/app\/uploads\/2020\/11\/leeb-logo.svg","contentUrl":"https:\/\/www.leeb-balkone.com\/app\/uploads\/2020\/11\/leeb-logo.svg","width":741,"height":204,"caption":"Leeb Balkone Gmbh"},"image":{"@id":"https:\/\/www.leeb-balkone.com\/at\/#\/schema\/logo\/image\/"},"sameAs":["https:\/\/www.facebook.com\/balkone\/","https:\/\/www.trustedshops.at\/bewertung\/info_X4587CCF5833E31AFE0B11F47D86999F2.html","https:\/\/www.trustedshops.de\/bewertung\/info_X7BA536A7A0BDC86D36C4718E4DCAEEEF.html","https:\/\/www.google.com\/maps\/place\/?q=place_id:ChIJ5-zH19-IcEcR9HonWRTllHI"]}]}},"_links":{"self":[{"href":"https:\/\/www.leeb-balkone.com\/at\/wp-json\/wp\/v2\/tribe_events\/18797","targetHints":{"allow":["GET"]}}],"collection":[{"href":"https:\/\/www.leeb-balkone.com\/at\/wp-json\/wp\/v2\/tribe_events"}],"about":[{"href":"https:\/\/www.leeb-balkone.com\/at\/wp-json\/wp\/v2\/types\/tribe_events"}],"author":[{"embeddable":true,"href":"https:\/\/www.leeb-balkone.com\/at\/wp-json\/wp\/v2\/users\/3"}],"version-history":[{"count":2,"href":"https:\/\/www.leeb-balkone.com\/at\/wp-json\/wp\/v2\/tribe_events\/18797\/revisions"}],"predecessor-version":[{"id":141076,"href":"https:\/\/www.leeb-balkone.com\/at\/wp-json\/wp\/v2\/tribe_events\/18797\/revisions\/141076"}],"wp:featuredmedia":[{"embeddable":true,"href":"https:\/\/www.leeb-balkone.com\/at\/wp-json\/wp\/v2\/media\/7377"}],"wp:attachment":[{"href":"https:\/\/www.leeb-balkone.com\/at\/wp-json\/wp\/v2\/media?parent=18797"}],"wp:term":[{"taxonomy":"post_tag","embeddable":true,"href":"https:\/\/www.leeb-balkone.com\/at\/wp-json\/wp\/v2\/tags?post=18797"},{"taxonomy":"tribe_events_cat","embeddable":true,"href":"https:\/\/www.leeb-balkone.com\/at\/wp-json\/wp\/v2\/tribe_events_cat?post=18797"}],"curies":[{"name":"wp","href":"https:\/\/api.w.org\/{rel}","templated":true}]}}