{"id":77565,"date":"2020-09-02T14:38:24","date_gmt":"2020-09-02T14:38:24","guid":{"rendered":"https:\/\/www.leeb-balkone.com\/de\/service\/farbwelten\/"},"modified":"2026-04-02T08:00:08","modified_gmt":"2026-04-02T08:00:08","slug":"farbwelten","status":"publish","type":"page","link":"https:\/\/www.leeb-balkone.com\/at\/service\/farbwelten\/","title":{"rendered":"Farbwelten"},"content":{"rendered":"<header data-block_acf-block-69ce21ee48b67 class=\"c-fh  l-mh-small c-fh--hero c-grad-l2r c-fh--div none\">\n      <img loading=\"lazy\" decoding=\"async\" width=\"2560\" height=\"1707\" src=\"https:\/\/www.leeb-balkone.com\/app\/uploads\/2020\/08\/farbfaecher-ral-farben-scaled.jpg\" class=\"no-lazy\" alt=\"farbfaecher ral farben\" srcset=\"https:\/\/www.leeb-balkone.com\/app\/uploads\/2020\/08\/farbfaecher-ral-farben-scaled.jpg 2560w, https:\/\/www.leeb-balkone.com\/app\/uploads\/2020\/08\/farbfaecher-ral-farben-300x200.jpg 300w, https:\/\/www.leeb-balkone.com\/app\/uploads\/2020\/08\/farbfaecher-ral-farben-1024x683.jpg 1024w, https:\/\/www.leeb-balkone.com\/app\/uploads\/2020\/08\/farbfaecher-ral-farben-768x512.jpg 768w, https:\/\/www.leeb-balkone.com\/app\/uploads\/2020\/08\/farbfaecher-ral-farben-1536x1024.jpg 1536w, https:\/\/www.leeb-balkone.com\/app\/uploads\/2020\/08\/farbfaecher-ral-farben-2048x1366.jpg 2048w\" sizes=\"auto, (min-width: 1536px) 2048px, (min-width: 992px) 1536px, (min-width: 768px) 1024px, (min-width: 576px) 768px, 100vw\" \/>\n\n\n<div class=\"grid-container\">\n  <div class=\"grid-x\">\n    <div class=\"cell small-12 medium-6 medium-offset-1\">\n      <div class=\"c-fh__wrapper\">\n                              <p>Einfach sch\u00f6n gestalten<\/p>\n                        <\/div>\n    <\/div>\n  <\/div>\n<\/div>\n  \n    \n    <\/header>\n\n\n  \n  <section class=\"wp-block-group alignfull t3-header u-max-wide t3-header-text has-white-background-color has-background has-global-padding is-layout-constrained wp-block-group-is-layout-constrained\">\n    <div class=\"wp-block-group o-grid u-md-1 u-sm-1 is-layout-flow wp-block-group-is-layout-flow\">\n  <div class=\"wp-block-group u-g-10 u-g-s-2\">\n      <div class=\"yoast-breadcrumbs\"><span><span><a href=\"https:\/\/www.leeb-balkone.com\/at\/\">Home<\/a><\/span><\/span><\/div>\n      \n    <h1>Farbwelten<\/h1>\n  <\/div>\n<\/div>\n  <\/section>\n\n\n\n\n\n\n<section id=\"first-section\" class=\"wp-block-cgb-t3-section-block alignfull b-pt-small b-pb-none is-style-bg-transparent\" style=\"display:inherit;min-height:inherit\">\n<div class=\"wp-block-cgb-t3-container-block none\" style=\"background-color:none\"><div class=\"grid-container\"><div class=\"grid-x\"><div class=\"cell small-12 medium-9 large-0 medium-offset-1 b-has-lsmb\">\n<blockquote class=\"wp-block-quote is-layout-flow wp-block-quote-is-layout-flow\">\n<p>Es sind Harmonien und Kontraste in den Farben verborgen, die ganz von selbst zusammenwirken.<\/p>\n<cite>Vincent van Gogh<\/cite><\/blockquote>\n\n\n\n<p>Ton in Ton oder doch lieber eine Kombination aus Komplement\u00e4rfarben? Erst der richtige Einsatz verschiedener Farbnuancen verleiht Ihrem Haus eine ganz besondere Note und kann f\u00fcr Anmut und Eleganz sorgen. Wir laden Sie auf eine Farbexkursion ein. Von k\u00fchlen Graut\u00f6nen bis hin zu <a href=\"https:\/\/www.leeb-balkone.com\/at\/technik\/alu-holzoptik\/\" type=\"page\" id=\"88587\">Aluminium in Holzoptik<\/a>. SO treffen Sie bestimmt den richtigen Farbton.<\/p>\n<\/div><\/div><\/div><\/div>\n\n\n\n<p><\/p>\n<\/section>\n\n\n\n<section class=\"wp-block-cgb-t3-section-block alignfull b-pt-none  is-style-default\" style=\"display:inherit;background-color:#F5F5F5;min-height:inherit\">\n<div class=\"wp-block-cgb-t3-container-block b-has-offset-h\" style=\"background-color:none\"><div class=\"grid-container\"><div class=\"grid-x\"><div class=\"cell small-6 medium-0 large-0 medium-offset-1\">\n<h2 class=\"wp-block-heading\">DAS PERFEKTE FARBENSPIEL<\/h2>\n<\/div><\/div><\/div><\/div>\n\n\n\n<div class=\"wp-block-cgb-t3-container-block none\" style=\"background-color:none\"><div class=\"grid-container\"><div class=\"grid-x\"><div class=\"cell small-12 medium-9 large-0 medium-offset-1 b-has-pt\">\n<p><span class=\"teaser\">Einf\u00e4rbig oder aufregender Kontrast \u2013 auf die passende Farbfolge kommt es an. Anders als im Interieur-Design setzt man hier nicht auf&nbsp; Farbkonzepte f\u00fcr einzelne R\u00e4ume. Vielmehr ist die Farbgebung ganzheitlich. <\/span><\/p>\n<\/div><\/div><\/div><\/div>\n\n\n<div class=\"b-carousel  band slider\" data-block_acf-block-69ce21ee48b9e>\n  <div class=\"slides\">\n          <div>\n\n\n\n  \n    \n          \n\n              \n        \n\n        <img loading=\"lazy\" decoding=\"async\" width=\"1024\" height=\"683\" src=\"https:\/\/www.leeb-balkone.com\/app\/uploads\/2020\/08\/farbfaecher-ral-farben-1024x683.jpg\" class=\"no-lazy\" alt=\"farbfaecher ral farben\" srcset=\"https:\/\/www.leeb-balkone.com\/app\/uploads\/2020\/08\/farbfaecher-ral-farben-1024x683.jpg 1024w, https:\/\/www.leeb-balkone.com\/app\/uploads\/2020\/08\/farbfaecher-ral-farben-300x200.jpg 300w, https:\/\/www.leeb-balkone.com\/app\/uploads\/2020\/08\/farbfaecher-ral-farben-768x512.jpg 768w, https:\/\/www.leeb-balkone.com\/app\/uploads\/2020\/08\/farbfaecher-ral-farben-1536x1024.jpg 1536w, https:\/\/www.leeb-balkone.com\/app\/uploads\/2020\/08\/farbfaecher-ral-farben-2048x1366.jpg 2048w\" sizes=\"auto, (min-width: 1200px) 1024px, (min-width: 1024px) 768px, (min-width: 640px) 768px, 768px\" \/>        \n            \n          \n  <\/div>\n\n          <div>\n\n\n\n  \n    \n          \n\n              \n        \n\n        <img loading=\"lazy\" decoding=\"async\" width=\"1024\" height=\"614\" src=\"https:\/\/www.leeb-balkone.com\/app\/uploads\/2020\/08\/leeb-balkone-planungsservice-1024x614.jpeg\" class=\"no-lazy\" alt=\"leeb balkone planungsservice\" srcset=\"https:\/\/www.leeb-balkone.com\/app\/uploads\/2020\/08\/leeb-balkone-planungsservice-1024x614.jpeg 1024w, https:\/\/www.leeb-balkone.com\/app\/uploads\/2020\/08\/leeb-balkone-planungsservice-300x180.jpeg 300w, https:\/\/www.leeb-balkone.com\/app\/uploads\/2020\/08\/leeb-balkone-planungsservice-768x461.jpeg 768w, https:\/\/www.leeb-balkone.com\/app\/uploads\/2020\/08\/leeb-balkone-planungsservice-1536x922.jpeg 1536w, https:\/\/www.leeb-balkone.com\/app\/uploads\/2020\/08\/leeb-balkone-planungsservice-2048x1229.jpeg 2048w\" sizes=\"auto, (min-width: 1200px) 1024px, (min-width: 1024px) 768px, (min-width: 640px) 768px, 768px\" \/>        \n            \n          \n  <\/div>\n\n          <div>\n\n\n\n  \n    \n          \n\n              \n        \n\n        <img loading=\"lazy\" decoding=\"async\" width=\"1024\" height=\"680\" src=\"https:\/\/www.leeb-balkone.com\/app\/uploads\/2021\/01\/perfekter-planungsservice-leeb-balkone-1024x680.jpg\" class=\"no-lazy\" alt=\"Balkon, Zaun, Terrassen\u00fcberdachung planen - Beratungsgespr\u00e4ch mit dem Balkonprofi von Leeb Balkone (Planungsservice)\" srcset=\"https:\/\/www.leeb-balkone.com\/app\/uploads\/2021\/01\/perfekter-planungsservice-leeb-balkone-1024x680.jpg 1024w, https:\/\/www.leeb-balkone.com\/app\/uploads\/2021\/01\/perfekter-planungsservice-leeb-balkone-300x199.jpg 300w, https:\/\/www.leeb-balkone.com\/app\/uploads\/2021\/01\/perfekter-planungsservice-leeb-balkone-768x510.jpg 768w, https:\/\/www.leeb-balkone.com\/app\/uploads\/2021\/01\/perfekter-planungsservice-leeb-balkone-1536x1020.jpg 1536w, https:\/\/www.leeb-balkone.com\/app\/uploads\/2021\/01\/perfekter-planungsservice-leeb-balkone-2048x1360.jpg 2048w\" sizes=\"auto, (min-width: 1200px) 1024px, (min-width: 1024px) 768px, (min-width: 640px) 768px, 768px\" \/>        \n            \n          \n  <\/div>\n\n          <div>\n\n\n\n  \n    \n          \n\n              \n        \n\n        <img loading=\"lazy\" decoding=\"async\" width=\"1024\" height=\"683\" src=\"https:\/\/www.leeb-balkone.com\/app\/uploads\/2021\/01\/leeb-farbwelten-4-1024x683.jpg\" class=\"no-lazy\" alt=\"alu-balkongelaender-richtige-farbe\" srcset=\"https:\/\/www.leeb-balkone.com\/app\/uploads\/2021\/01\/leeb-farbwelten-4-1024x683.jpg 1024w, https:\/\/www.leeb-balkone.com\/app\/uploads\/2021\/01\/leeb-farbwelten-4-300x200.jpg 300w, https:\/\/www.leeb-balkone.com\/app\/uploads\/2021\/01\/leeb-farbwelten-4-768x512.jpg 768w, https:\/\/www.leeb-balkone.com\/app\/uploads\/2021\/01\/leeb-farbwelten-4-1536x1024.jpg 1536w, https:\/\/www.leeb-balkone.com\/app\/uploads\/2021\/01\/leeb-farbwelten-4-2048x1366.jpg 2048w\" sizes=\"auto, (min-width: 1200px) 1024px, (min-width: 1024px) 768px, (min-width: 640px) 768px, 768px\" \/>        \n            \n          \n  <\/div>\n\n      <\/div>\n\n<\/div>\n\n\n\n<div class=\"wp-block-cgb-t3-container-block none\" style=\"background-color:none\"><div class=\"grid-container\"><div class=\"grid-x\"><div class=\"cell small-12 medium-9 large-0 medium-offset-1\">\n<p>Der Zaun bildet den Rahmen f\u00fcr Ihr Anwesen, der Balkon versch\u00f6nert Ihr Haus und manchmal auch die gesamte Nachbarschaft. Hier setzt man auf Best\u00e4ndigkeit und Stil. Schaffen Sie eine angenehme Ton-in-Ton-Kombination und sch\u00f6pfen Sie dabei die gesamte Hell-Dunkel-Bandbreite der Farbe aus. Helle Nuancen eignen sich f\u00fcr Fl\u00e4chen, die Licht reflektieren sollen, dunkle Nuancen hingegen heben sich optimal ab und sorgen f\u00fcr reizvolle Akzente.<\/p>\n\n\n\n<p>Damit es nicht zu bunt wird, erg\u00e4nzen Sie Ihr Farbkonzept um neutrale Farben. Die meisten Erdt\u00f6ne sind gute Farbpartner und g\u00f6nnen unserem Auge etwas Erholung. Beispiele daf\u00fcr sind Braun, Wei\u00df, Creme und Grau in allen Schattierungen. Mixen Sie generell nicht zu viele Farben. Das wirkt aufdringlich und unruhig f\u00fcr das Auge.<\/p>\n\n\n\n<p>Unser <a href=\"https:\/\/www.leeb-balkone.com\/at\/service\/planungsservice\/\" type=\"page\" id=\"5899\">Planungsservice<\/a> unterst\u00fctzt Sie bei der gesamten Umsetzung von der Farbwahl bis zur Montage &#8211;\u00a0inklusive <a href=\"https:\/\/www.leeb-balkone.com\/at\/service\/3d-konfigurator\/\" type=\"page\" id=\"6403\">3D-Konfigurator<\/a>.<\/p>\n<\/div><\/div><\/div><\/div>\n<\/section>\n\n\n\n<section class=\"wp-block-cgb-t3-section-block alignfull  is-style-bg-white\" style=\"display:inherit;min-height:inherit\">\n<div class=\"wp-block-cgb-t3-container-block none\" style=\"background-color:none\"><div class=\"grid-container\"><div class=\"grid-x\"><div class=\"cell small-12 medium-9 large-0 medium-offset-1 b-has-lsmb\">\n<h2 class=\"wp-block-heading\">DO\u2018S&nbsp;&amp;&nbsp;DONT\u2019S<\/h2>\n\n\n\n<ul class=\"wp-block-list is-style-bullet-arrows\">\n<li><strong>G\u00c4NGIGE FARBNUANCEN<\/strong><br>Bauverordnungen in Wohnsiedlungen k\u00f6nnten Farbgebungen einschr\u00e4nken. Besondere Vorsicht gilt mit kr\u00e4ftigen Farben!<\/li>\n\n\n\n<li><strong>ZU VIELE FARBT\u00d6NE WIRKEN UNRUHIG<\/strong><br>Die Farbgebung bestehender Elemente am Haus wie z.B.: Dach, Fenster &amp; Garagentor sollten bedacht werden.<\/li>\n\n\n\n<li><strong>AUF UMLIEGENDE FARBEN ACHTEN<br><\/strong>z.B.: k\u00f6nnten Gr\u00fcnt\u00f6ne nicht mit dem Gr\u00fcn des dahinterliegenden Waldes harmonieren.<\/li>\n\n\n\n<li><strong>FL\u00c4CHEN &amp; KONTRAST<br><\/strong>Gro\u00dfe Fl\u00e4chen vertragen Kontrast. Jedoch werden niedrige oder schmale Bauten durch helle Farben optisch gestreckt.<\/li>\n<\/ul>\n<\/div><\/div><\/div><\/div>\n\n\n\n\n\n\n<\/section>\n\n\n\n\n\n<section class=\"wp-block-group alignfull has-white-background-color has-background has-global-padding is-layout-constrained wp-container-core-group-is-layout-9fa1424c wp-block-group-is-layout-constrained\" style=\"padding-top:0\">\n<div class=\"wp-block-columns is-style-offset m-split is-layout-flex wp-container-core-columns-is-layout-28f84493 wp-block-columns-is-layout-flex\">\n<div class=\"wp-block-column is-layout-flow wp-block-column-is-layout-flow\"><div class=\"vp-map-wrapper vp-map-ratio-19-1\"><img decoding=\"async\" width=\"1900\" height=\"1024\" src=\"https:\/\/www.leeb-balkone.com\/app\/uploads\/2026\/03\/map-at-1.jpg\" class=\"attachment-full size-full\" alt=\"\u00d6sterreichische Map: Vertriebspartner (orange Pins) und Schaur\u00e4ume \/ Standorte (gr\u00fcne Pins) der Leeb Balkone GmbH in \u00d6sterreich\" style=\"width:100%;height:100%;object-fit:cover;display:block;\" loading=\"lazy\" srcset=\"https:\/\/www.leeb-balkone.com\/app\/uploads\/2026\/03\/map-at-1.jpg 1900w, https:\/\/www.leeb-balkone.com\/app\/uploads\/2026\/03\/map-at-1-300x162.jpg 300w, https:\/\/www.leeb-balkone.com\/app\/uploads\/2026\/03\/map-at-1-1024x552.jpg 1024w, https:\/\/www.leeb-balkone.com\/app\/uploads\/2026\/03\/map-at-1-768x414.jpg 768w, https:\/\/www.leeb-balkone.com\/app\/uploads\/2026\/03\/map-at-1-1536x828.jpg 1536w\" sizes=\"auto, (min-width: 1536px) 2048px, (min-width: 992px) 1536px, (min-width: 768px) 1024px, (min-width: 576px) 768px, 100vw\" \/><\/div>\n<\/div>\n\n\n\n<div class=\"wp-block-column is-vertically-aligned-center is-style-overlay-content is-layout-flow wp-block-column-is-layout-flow\">\n<div class=\"wp-block-group is-vertical is-layout-flex wp-container-core-group-is-layout-bd7877ba wp-block-group-is-layout-flex\">\n<h2 class=\"wp-block-heading has-step-2-font-size\">Vertriebspartner \u00d6sterreich<\/h2>\n\n\n\n<p>Kompetente LEEB Partner in Ihrer Region. Pers\u00f6nliche Beratung, pr\u00e4zise Planung und fachgerechte Montage \u2013 \u00f6sterreichweit.<\/p>\n\n\n\n<div class=\"wp-block-buttons is-layout-flex wp-block-buttons-is-layout-flex\" style=\"margin-top:var(--wp--preset--spacing--2-xs)\">\n<div class=\"wp-block-button is-style-cta\"><a class=\"wp-block-button__link has-transparent-background-color has-background wp-element-button\" href=\"https:\/\/www.leeb-balkone.com\/at\/vertriebspartner\/\">Vertriebspartner finden<span class=\"sr-only\">Vertriebspartner Leeb Balkone \u00d6sterreich<\/span><\/a><\/div>\n<\/div>\n<\/div>\n<\/div>\n<\/div>\n<\/section>\n\n\n\n<section class=\"wp-block-group alignfull has-light-gray-background-color has-background has-global-padding is-layout-constrained wp-container-core-group-is-layout-52f96efc wp-block-group-is-layout-constrained\" id=\"beratungstermin\">\n<div class=\"wp-block-group m-teaser o-grid u-md-1 is-layout-flow wp-block-group-is-layout-flow\">\n<div class=\"wp-block-group u-g-7 u-g-s-2 is-layout-flow wp-block-group-is-layout-flow\" style=\"margin-bottom:var(--wp--preset--spacing--s)\">\n<h2 class=\"wp-block-heading\">Kontaktieren Sie uns<\/h2>\n\n\n\n<p><strong><strong>Sie planen ein Projekt oder haben Fragen zu uns und unseren L\u00f6sungen? Schreiben Sie uns einfach &#8211; wir nehmen uns gerne Zeit f\u00fcr Ihr Anliegen!<\/strong><\/strong><\/p>\n<\/div>\n<\/div>\n\n\n\n<div class=\"wp-block-group m-teaser o-grid u-md-1 is-layout-flow wp-block-group-is-layout-flow\">\n<div class=\"wp-block-group u-g-7 u-g-s-2 is-layout-flow wp-block-group-is-layout-flow\" style=\"margin-bottom:var(--wp--preset--spacing--s)\"><form action=\"https:\/\/www.leeb-balkone.com\/at\/wp-json\/ws-form\/v1\/submit\" class=\"wsf-form wsf-form-canvas\" id=\"ws-form-1\" data-id=\"4\" data-instance-id=\"1\" method=\"POST\"><\/form>\n<\/div>\n\n\n\n<div class=\"wp-block-group u-g-3 u-g-s-9 is-layout-flow wp-block-group-is-layout-flow\"><div class=\"t3-sidebar-buttons wp-block-buttons is-layout-flex wp-block-buttons-is-layout-flex\"><div class=\"wp-block-button is-style-fill icon-book icon-left\">\n                        <a class=\"wp-block-button__link has-secondary-color has-white-background-color has-text-color has-background has-link-color wp-element-button\" href=\"https:\/\/www.leeb-balkone.com\/at\/kontakt\/katalog-anfordern\/\" style=\"box-shadow:var(--wp--preset--shadow--box-shadow)\">Katalog anfordern<\/a>\n                    <\/div><div class=\"wp-block-button is-style-fill icon-phone-new icon-left\">\n                        <a class=\"wp-block-button__link has-secondary-color has-white-background-color has-text-color has-background has-link-color wp-element-button\" href=\"tel:0800202013\">Hotline \u00d6sterreich <span class=\"sr-only\"> Hotline: 0800 202013 (\u00d6sterreichweit kostenlos)<\/span><\/a>\n                    <\/div><\/div>\n<\/div>\n<\/div>\n<\/section>\n","protected":false},"excerpt":{"rendered":"","protected":false},"author":1,"featured_media":0,"parent":17325,"menu_order":5,"comment_status":"closed","ping_status":"closed","template":"template-onepager.blade.php","meta":{"_acf_changed":false,"footnotes":"","_sage_theme_css":true,"_wp_block_core_css":false},"folder":[257],"class_list":["post-77565","page","type-page","status-publish","hentry"],"acf":[],"yoast_head":"<!-- This site is optimized with the Yoast SEO plugin v27.2 - https:\/\/yoast.com\/product\/yoast-seo-wordpress\/ -->\n<title>Farben &amp; Strukturen: Balkon, Zaun, \u00dcberdachung - Leeb Balkone \u00d6sterreich<\/title>\n<meta name=\"description\" content=\"Farben &amp; Designs entdecken \u2713 Hochwertige Oberfl\u00e4chen \u2713 Individuelle Gestaltung \u2713 Inspiration sammeln *** Farbwelten von Leeb Balkone!\" \/>\n<meta name=\"robots\" content=\"index, follow, max-snippet:-1, max-image-preview:large, max-video-preview:-1\" \/>\n<meta property=\"og:locale\" content=\"de_DE\" \/>\n<meta property=\"og:type\" content=\"article\" \/>\n<meta property=\"og:title\" content=\"Farben &amp; Strukturen: Balkon, Zaun, \u00dcberdachung - Leeb Balkone\" \/>\n<meta property=\"og:description\" content=\"Farben &amp; Designs entdecken \u2713 Hochwertige Oberfl\u00e4chen \u2713 Individuelle Gestaltung \u2713 Inspiration sammeln *** Farbwelten von Leeb Balkone!\" \/>\n<meta property=\"og:url\" content=\"https:\/\/www.leeb-balkone.com\/at\/service\/farbwelten\/\" \/>\n<meta property=\"og:site_name\" content=\"Leeb Balkone\" \/>\n<meta property=\"article:publisher\" content=\"https:\/\/www.facebook.com\/balkone\/\" \/>\n<meta property=\"article:modified_time\" content=\"2026-04-02T08:00:08+00:00\" \/>\n<meta property=\"og:image\" content=\"https:\/\/www.leeb-balkone.com\/app\/uploads\/2020\/09\/alu-balkongelaender-zufriedene-kunden-1.jpg\" \/>\n\t<meta property=\"og:image:width\" content=\"2560\" \/>\n\t<meta property=\"og:image:height\" content=\"1762\" \/>\n\t<meta property=\"og:image:type\" content=\"image\/jpeg\" \/>\n<meta name=\"twitter:card\" content=\"summary_large_image\" \/>\n<script type=\"application\/ld+json\" class=\"yoast-schema-graph\">{\"@context\":\"https:\/\/schema.org\",\"@graph\":[{\"@type\":\"WebPage\",\"@id\":\"https:\/\/www.leeb-balkone.com\/at\/service\/farbwelten\/\",\"url\":\"https:\/\/www.leeb-balkone.com\/at\/service\/farbwelten\/\",\"name\":\"Farben & Strukturen: Balkon, Zaun, \u00dcberdachung - Leeb Balkone\",\"isPartOf\":{\"@id\":\"https:\/\/www.leeb-balkone.com\/at\/#website\"},\"datePublished\":\"2020-09-02T14:38:24+00:00\",\"dateModified\":\"2026-04-02T08:00:08+00:00\",\"description\":\"Farben & Designs entdecken \u2713 Hochwertige Oberfl\u00e4chen \u2713 Individuelle Gestaltung \u2713 Inspiration sammeln *** Farbwelten von Leeb Balkone!\",\"breadcrumb\":{\"@id\":\"https:\/\/www.leeb-balkone.com\/at\/service\/farbwelten\/#breadcrumb\"},\"inLanguage\":\"de-AT\",\"potentialAction\":[{\"@type\":\"ReadAction\",\"target\":[\"https:\/\/www.leeb-balkone.com\/at\/service\/farbwelten\/\"]}]},{\"@type\":\"BreadcrumbList\",\"@id\":\"https:\/\/www.leeb-balkone.com\/at\/service\/farbwelten\/#breadcrumb\",\"itemListElement\":[{\"@type\":\"ListItem\",\"position\":1,\"name\":\"Home\",\"item\":\"https:\/\/www.leeb-balkone.com\/at\/\"},{\"@type\":\"ListItem\",\"position\":2,\"name\":\"Service\",\"item\":\"https:\/\/www.leeb-balkone.com\/at\/service\/\"},{\"@type\":\"ListItem\",\"position\":3,\"name\":\"Farbwelten\"}]},{\"@type\":\"WebSite\",\"@id\":\"https:\/\/www.leeb-balkone.com\/at\/#website\",\"url\":\"https:\/\/www.leeb-balkone.com\/at\/\",\"name\":\"Leeb Balkone\",\"description\":\"Balkone und Z\u00e4une\",\"publisher\":{\"@id\":\"https:\/\/www.leeb-balkone.com\/at\/#organization\"},\"potentialAction\":[{\"@type\":\"SearchAction\",\"target\":{\"@type\":\"EntryPoint\",\"urlTemplate\":\"https:\/\/www.leeb-balkone.com\/at\/?s={search_term_string}\"},\"query-input\":{\"@type\":\"PropertyValueSpecification\",\"valueRequired\":true,\"valueName\":\"search_term_string\"}}],\"inLanguage\":\"de-AT\"},{\"@type\":\"Organization\",\"@id\":\"https:\/\/www.leeb-balkone.com\/at\/#organization\",\"name\":\"Leeb Balkone Gmbh\",\"url\":\"https:\/\/www.leeb-balkone.com\/at\/\",\"logo\":{\"@type\":\"ImageObject\",\"inLanguage\":\"de-AT\",\"@id\":\"https:\/\/www.leeb-balkone.com\/at\/#\/schema\/logo\/image\/\",\"url\":\"https:\/\/www.leeb-balkone.com\/app\/uploads\/2020\/11\/leeb-logo.svg\",\"contentUrl\":\"https:\/\/www.leeb-balkone.com\/app\/uploads\/2020\/11\/leeb-logo.svg\",\"width\":741,\"height\":204,\"caption\":\"Leeb Balkone Gmbh\"},\"image\":{\"@id\":\"https:\/\/www.leeb-balkone.com\/at\/#\/schema\/logo\/image\/\"},\"sameAs\":[\"https:\/\/www.facebook.com\/balkone\/\",\"https:\/\/www.trustedshops.at\/bewertung\/info_X4587CCF5833E31AFE0B11F47D86999F2.html\",\"https:\/\/www.trustedshops.de\/bewertung\/info_X7BA536A7A0BDC86D36C4718E4DCAEEEF.html\",\"https:\/\/www.google.com\/maps\/place\/?q=place_id:ChIJ5-zH19-IcEcR9HonWRTllHI\"]}]}<\/script>\n<!-- \/ Yoast SEO plugin. -->","yoast_head_json":{"title":"Farben & Strukturen: Balkon, Zaun, \u00dcberdachung - Leeb Balkone \u00d6sterreich","description":"Farben & Designs entdecken \u2713 Hochwertige Oberfl\u00e4chen \u2713 Individuelle Gestaltung \u2713 Inspiration sammeln *** Farbwelten von Leeb Balkone!","robots":{"index":"index","follow":"follow","max-snippet":"max-snippet:-1","max-image-preview":"max-image-preview:large","max-video-preview":"max-video-preview:-1"},"og_locale":"de_DE","og_type":"article","og_title":"Farben & Strukturen: Balkon, Zaun, \u00dcberdachung - Leeb Balkone","og_description":"Farben & Designs entdecken \u2713 Hochwertige Oberfl\u00e4chen \u2713 Individuelle Gestaltung \u2713 Inspiration sammeln *** Farbwelten von Leeb Balkone!","og_url":"https:\/\/www.leeb-balkone.com\/at\/service\/farbwelten\/","og_site_name":"Leeb Balkone","article_publisher":"https:\/\/www.facebook.com\/balkone\/","article_modified_time":"2026-04-02T08:00:08+00:00","og_image":[{"width":2560,"height":1762,"url":"https:\/\/www.leeb-balkone.com\/app\/uploads\/2020\/09\/alu-balkongelaender-zufriedene-kunden-1.jpg","type":"image\/jpeg"}],"twitter_card":"summary_large_image","schema":{"@context":"https:\/\/schema.org","@graph":[{"@type":"WebPage","@id":"https:\/\/www.leeb-balkone.com\/at\/service\/farbwelten\/","url":"https:\/\/www.leeb-balkone.com\/at\/service\/farbwelten\/","name":"Farben & Strukturen: Balkon, Zaun, \u00dcberdachung - Leeb Balkone","isPartOf":{"@id":"https:\/\/www.leeb-balkone.com\/at\/#website"},"datePublished":"2020-09-02T14:38:24+00:00","dateModified":"2026-04-02T08:00:08+00:00","description":"Farben & Designs entdecken \u2713 Hochwertige Oberfl\u00e4chen \u2713 Individuelle Gestaltung \u2713 Inspiration sammeln *** Farbwelten von Leeb Balkone!","breadcrumb":{"@id":"https:\/\/www.leeb-balkone.com\/at\/service\/farbwelten\/#breadcrumb"},"inLanguage":"de-AT","potentialAction":[{"@type":"ReadAction","target":["https:\/\/www.leeb-balkone.com\/at\/service\/farbwelten\/"]}]},{"@type":"BreadcrumbList","@id":"https:\/\/www.leeb-balkone.com\/at\/service\/farbwelten\/#breadcrumb","itemListElement":[{"@type":"ListItem","position":1,"name":"Home","item":"https:\/\/www.leeb-balkone.com\/at\/"},{"@type":"ListItem","position":2,"name":"Service","item":"https:\/\/www.leeb-balkone.com\/at\/service\/"},{"@type":"ListItem","position":3,"name":"Farbwelten"}]},{"@type":"WebSite","@id":"https:\/\/www.leeb-balkone.com\/at\/#website","url":"https:\/\/www.leeb-balkone.com\/at\/","name":"Leeb Balkone","description":"Balkone und Z\u00e4une","publisher":{"@id":"https:\/\/www.leeb-balkone.com\/at\/#organization"},"potentialAction":[{"@type":"SearchAction","target":{"@type":"EntryPoint","urlTemplate":"https:\/\/www.leeb-balkone.com\/at\/?s={search_term_string}"},"query-input":{"@type":"PropertyValueSpecification","valueRequired":true,"valueName":"search_term_string"}}],"inLanguage":"de-AT"},{"@type":"Organization","@id":"https:\/\/www.leeb-balkone.com\/at\/#organization","name":"Leeb Balkone Gmbh","url":"https:\/\/www.leeb-balkone.com\/at\/","logo":{"@type":"ImageObject","inLanguage":"de-AT","@id":"https:\/\/www.leeb-balkone.com\/at\/#\/schema\/logo\/image\/","url":"https:\/\/www.leeb-balkone.com\/app\/uploads\/2020\/11\/leeb-logo.svg","contentUrl":"https:\/\/www.leeb-balkone.com\/app\/uploads\/2020\/11\/leeb-logo.svg","width":741,"height":204,"caption":"Leeb Balkone Gmbh"},"image":{"@id":"https:\/\/www.leeb-balkone.com\/at\/#\/schema\/logo\/image\/"},"sameAs":["https:\/\/www.facebook.com\/balkone\/","https:\/\/www.trustedshops.at\/bewertung\/info_X4587CCF5833E31AFE0B11F47D86999F2.html","https:\/\/www.trustedshops.de\/bewertung\/info_X7BA536A7A0BDC86D36C4718E4DCAEEEF.html","https:\/\/www.google.com\/maps\/place\/?q=place_id:ChIJ5-zH19-IcEcR9HonWRTllHI"]}]}},"_links":{"self":[{"href":"https:\/\/www.leeb-balkone.com\/at\/wp-json\/wp\/v2\/pages\/77565","targetHints":{"allow":["GET"]}}],"collection":[{"href":"https:\/\/www.leeb-balkone.com\/at\/wp-json\/wp\/v2\/pages"}],"about":[{"href":"https:\/\/www.leeb-balkone.com\/at\/wp-json\/wp\/v2\/types\/page"}],"author":[{"embeddable":true,"href":"https:\/\/www.leeb-balkone.com\/at\/wp-json\/wp\/v2\/users\/1"}],"replies":[{"embeddable":true,"href":"https:\/\/www.leeb-balkone.com\/at\/wp-json\/wp\/v2\/comments?post=77565"}],"version-history":[{"count":6,"href":"https:\/\/www.leeb-balkone.com\/at\/wp-json\/wp\/v2\/pages\/77565\/revisions"}],"predecessor-version":[{"id":167068,"href":"https:\/\/www.leeb-balkone.com\/at\/wp-json\/wp\/v2\/pages\/77565\/revisions\/167068"}],"up":[{"embeddable":true,"href":"https:\/\/www.leeb-balkone.com\/at\/wp-json\/wp\/v2\/pages\/17325"}],"wp:attachment":[{"href":"https:\/\/www.leeb-balkone.com\/at\/wp-json\/wp\/v2\/media?parent=77565"}],"wp:term":[{"taxonomy":"folder","embeddable":true,"href":"https:\/\/www.leeb-balkone.com\/at\/wp-json\/wp\/v2\/folder?post=77565"}],"curies":[{"name":"wp","href":"https:\/\/api.w.org\/{rel}","templated":true}]}}