{"id":57054,"date":"2020-09-15T09:17:53","date_gmt":"2020-09-15T09:17:53","guid":{"rendered":"https:\/\/www.leeb-balkone.com\/de\/jobs\/"},"modified":"2026-01-13T13:17:41","modified_gmt":"2026-01-13T13:17:41","slug":"jobs","status":"publish","type":"page","link":"https:\/\/www.leeb-balkone.com\/at\/jobs\/","title":{"rendered":"Offene Stellen"},"content":{"rendered":"<header data-block_5ed673af9a55a class=\"c-fh  l-mh-small c-fh--hero c-grad-r2l c-fh--div none\">\n      <img loading=\"lazy\" decoding=\"async\" width=\"2560\" height=\"1510\" src=\"https:\/\/www.leeb-balkone.com\/app\/uploads\/2020\/12\/firma-leeb-balkone-zentrale-gnesau-scaled-e1624345570124.jpg\" class=\"no-lazy\" alt=\"Firmenzentrale Leeb Balkone GmbH in Gnesau\" srcset=\"https:\/\/www.leeb-balkone.com\/app\/uploads\/2020\/12\/firma-leeb-balkone-zentrale-gnesau-scaled-e1624345570124.jpg 2560w, https:\/\/www.leeb-balkone.com\/app\/uploads\/2020\/12\/firma-leeb-balkone-zentrale-gnesau-scaled-e1624345570124-300x177.jpg 300w, https:\/\/www.leeb-balkone.com\/app\/uploads\/2020\/12\/firma-leeb-balkone-zentrale-gnesau-scaled-e1624345570124-1024x604.jpg 1024w, https:\/\/www.leeb-balkone.com\/app\/uploads\/2020\/12\/firma-leeb-balkone-zentrale-gnesau-scaled-e1624345570124-768x453.jpg 768w, https:\/\/www.leeb-balkone.com\/app\/uploads\/2020\/12\/firma-leeb-balkone-zentrale-gnesau-scaled-e1624345570124-1536x906.jpg 1536w, https:\/\/www.leeb-balkone.com\/app\/uploads\/2020\/12\/firma-leeb-balkone-zentrale-gnesau-scaled-e1624345570124-2048x1208.jpg 2048w\" sizes=\"auto, (min-width: 1536px) 2048px, (min-width: 992px) 1536px, (min-width: 768px) 1024px, (min-width: 576px) 768px, 100vw\" \/>\n\n\n<div class=\"grid-container\">\n  <div class=\"grid-x\">\n    <div class=\"cell small-12 medium-6 medium-offset-1\">\n      <div class=\"c-fh__wrapper\">\n                              <p>Teamplayer gesucht<\/p>\n                        <\/div>\n    <\/div>\n  <\/div>\n<\/div>\n  \n    \n    <\/header>\n\n\n  \n  <section class=\"wp-block-group alignfull t3-header u-max-wide t3-header-text has-white-background-color has-background has-global-padding is-layout-constrained wp-block-group-is-layout-constrained\">\n    <div class=\"wp-block-group o-grid u-md-1 u-sm-1 is-layout-flow wp-block-group-is-layout-flow\">\n  <div class=\"wp-block-group u-g-10 u-g-s-2\">\n      <div class=\"yoast-breadcrumbs\"><span><span><a href=\"https:\/\/www.leeb-balkone.com\/at\/\">Home<\/a><\/span><\/span><\/div>\n      \n    <h1>Offene Stellen<\/h1>\n  <\/div>\n<\/div>\n  <\/section>\n\n\n\n\n\n\n<section class=\"wp-block-cgb-t3-section-block alignfull b-pt-small b-pb-small is-style-bg-white\" style=\"display:inherit;min-height:inherit\">\n<div class=\"wp-block-cgb-t3-container-block none\" style=\"background-color:none\"><div class=\"grid-container\"><div class=\"grid-x\"><div class=\"cell small-12 medium-9 large-0 medium-offset-1 b-has-lsmb\">\n<p>Alle Jobs erledigen wir in hochqualifizierten Teams, in denen langj\u00e4hrige Erfahrung und junge, kreative K\u00f6pfe vereint werden. Jeder im Team teilt die Leidenschaft f\u00fcr unsere Produkte und unsere Unternehmens-Philosophie. Im Sinne unserer Kunden legen wir gro\u00dfen Wert auf kontinuierliche Aus- und Weiterbildung. Nur so gelingt es uns, unseren Anforderungen an Innovation und Qualit\u00e4t gerecht zu werden.&nbsp;<a data-type=\"page\" href=\"https:\/\/www.leeb-balkone.com\/at\/karriere-bei-leeb\/leeb-inside\/\">F\u00fcr weitere Einblicke hinter die Kulissen geht es hier entlang \u2013 Leeb Inside.<\/a><\/p>\n<\/div><\/div><\/div><\/div>\n<\/section>\n\n\n\n<section class=\"wp-block-cgb-t3-section-block alignfull b-pt-none  is-style-bg-white\" style=\"display:inherit;min-height:inherit\">\n<div class=\"wp-block-cgb-t3-container-block none\" style=\"background-color:none\"><div class=\"grid-container\"><div class=\"grid-x\"><div class=\"cell small-12 medium-0 large-0 b-has-pt\"><ul data-block_5f60873770403 class=\"c-list b-list b-list--\">\n            <li class=\"b-list__item grid-x grid-margin-x\">\n  <div class=\"b-list__img cell small-12 medium-4\">\n          <a href=\"https:\/\/www.leeb-balkone.com\/at\/jobs\/lkw-fahrer-m-w-3\/\" class=\"hasHover\">\n        <div class=\"hasHover\">\n        \n          <img loading=\"lazy\" decoding=\"async\" src=\"https:\/\/www.leeb-balkone.com\/app\/uploads\/2025\/10\/DJI_0369-768x512.jpg\" alt=\"\" width=\"640\" height=\"342\" class=\"lazyload\" \/>\n        \n        <\/div>\n      <\/a>\n      <\/div>\n  <div class=\"b-list__body cell small-12 medium-8\">\n          <a href=\"https:\/\/www.leeb-balkone.com\/at\/jobs\/lkw-fahrer-m-w-3\/\" class=\"b-list__title\">\n        <h3>LKW-Fahrer (m\/w\/d)<\/h3>\n      <\/a>\n            <p>Arbeitsort \/ Arbeitsmodell: <b>Gnesau \/ Vollzeit <\/b><br\/>\n\t\t\t\tStart Anstellung: <b>sofort<\/b><\/p>\n        <a href=\"https:\/\/www.leeb-balkone.com\/at\/jobs\/lkw-fahrer-m-w-3\/\" class=\"more\">Job ansehen<\/a>\n      <\/div>\n<\/li>\n\n          <li class=\"b-list__item grid-x grid-margin-x\">\n  <div class=\"b-list__img cell small-12 medium-4\">\n          <a href=\"https:\/\/www.leeb-balkone.com\/at\/jobs\/selbststaendige-montagepartner-m-w\/\" class=\"hasHover\">\n        <div class=\"hasHover\">\n        \n          <img loading=\"lazy\" decoding=\"async\" src=\"https:\/\/www.leeb-balkone.com\/app\/uploads\/2020\/08\/leeb-balkone-mitarbeiter-4-768x575.jpeg\" alt=\"Montieren eines Leeb Alu-Balkongel\u00e4nders nach Ma\u00df\" width=\"640\" height=\"342\" class=\"lazyload\" \/>\n        \n        <\/div>\n      <\/a>\n      <\/div>\n  <div class=\"b-list__body cell small-12 medium-8\">\n          <a href=\"https:\/\/www.leeb-balkone.com\/at\/jobs\/selbststaendige-montagepartner-m-w\/\" class=\"b-list__title\">\n        <h3>Selbstst\u00e4ndige Montagepartner (m\/w)<\/h3>\n      <\/a>\n            <p>Arbeitsort \/ Arbeitsmodell: <b>Selbstst\u00e4ndig<\/b><br\/>\n\t\t\t\tStart Anstellung: <b>ab sofort<\/b><\/p>\n        <a href=\"https:\/\/www.leeb-balkone.com\/at\/jobs\/selbststaendige-montagepartner-m-w\/\" class=\"more\">Job ansehen<\/a>\n      <\/div>\n<\/li>\n\n          <li class=\"b-list__item grid-x grid-margin-x\">\n  <div class=\"b-list__img cell small-12 medium-4\">\n          <a href=\"https:\/\/www.leeb-balkone.com\/at\/jobs\/praktikum\/\" class=\"hasHover\">\n        <div class=\"hasHover\">\n        \n          <img loading=\"lazy\" decoding=\"async\" src=\"https:\/\/www.leeb-balkone.com\/app\/uploads\/2023\/11\/CF062757-768x609.jpg\" alt=\"\" width=\"640\" height=\"342\" class=\"lazyload\" \/>\n        \n        <\/div>\n      <\/a>\n      <\/div>\n  <div class=\"b-list__body cell small-12 medium-8\">\n          <a href=\"https:\/\/www.leeb-balkone.com\/at\/jobs\/praktikum\/\" class=\"b-list__title\">\n        <h3>Praktikum \/ Schnuppertage \/ Abschlussprojekt<\/h3>\n      <\/a>\n              <p class=\"b-list__teaser\">Bereit f\u00fcr den ersten Schritt in deine Zukunft?\r\n<\/p>\n        <p>Arbeitsort \/ Arbeitsmodell: <b>Gnesau \/ Vollzeit (38,5h)<\/b><br\/>\n\t\t\t\tStart Anstellung: <b>das ganze Jahr<\/b><\/p>\n        <a href=\"https:\/\/www.leeb-balkone.com\/at\/jobs\/praktikum\/\" class=\"more\">Job ansehen<\/a>\n      <\/div>\n<\/li>\n\n          <li class=\"b-list__item grid-x grid-margin-x\">\n  <div class=\"b-list__img cell small-12 medium-4\">\n          <a href=\"https:\/\/www.leeb-balkone.com\/at\/jobs\/selbststaendiger-vertriebspartner\/\" class=\"hasHover\">\n        <div class=\"hasHover\">\n        \n          <img loading=\"lazy\" decoding=\"async\" src=\"\" alt=\"\" width=\"640\" height=\"342\" class=\"lazyload\" \/>\n        \n        <\/div>\n      <\/a>\n      <\/div>\n  <div class=\"b-list__body cell small-12 medium-8\">\n          <a href=\"https:\/\/www.leeb-balkone.com\/at\/jobs\/selbststaendiger-vertriebspartner\/\" class=\"b-list__title\">\n        <h3>Selbstst\u00e4ndiger Vertriebspartner<\/h3>\n      <\/a>\n            <p>Arbeitsort \/ Arbeitsmodell: <b>Selbstst\u00e4ndig<\/b><br\/>\n\t\t\t\tStart Anstellung: <b>jederzeit<\/b><\/p>\n        <a href=\"https:\/\/www.leeb-balkone.com\/at\/jobs\/selbststaendiger-vertriebspartner\/\" class=\"more\">Job ansehen<\/a>\n      <\/div>\n<\/li>\n\n          <li class=\"b-list__item grid-x grid-margin-x\">\n  <div class=\"b-list__img cell small-12 medium-4\">\n          <a href=\"https:\/\/www.leeb-balkone.com\/at\/jobs\/selbststaendiger-aufmasstechniker\/\" class=\"hasHover\">\n        <div class=\"hasHover\">\n        \n          <img loading=\"lazy\" decoding=\"async\" src=\"https:\/\/www.leeb-balkone.com\/app\/uploads\/2025\/05\/Aufmass-Techniker-2800px-768x513.jpg\" alt=\"\" width=\"640\" height=\"342\" class=\"lazyload\" \/>\n        \n        <\/div>\n      <\/a>\n      <\/div>\n  <div class=\"b-list__body cell small-12 medium-8\">\n          <a href=\"https:\/\/www.leeb-balkone.com\/at\/jobs\/selbststaendiger-aufmasstechniker\/\" class=\"b-list__title\">\n        <h3>Selbstst\u00e4ndiger Aufma\u00dftechniker<\/h3>\n      <\/a>\n            <p>Arbeitsort \/ Arbeitsmodell: <b>Selbstst\u00e4ndig <\/b><br\/>\n\t\t\t\tStart Anstellung: <b>jederzeit<\/b><\/p>\n        <a href=\"https:\/\/www.leeb-balkone.com\/at\/jobs\/selbststaendiger-aufmasstechniker\/\" class=\"more\">Job ansehen<\/a>\n      <\/div>\n<\/li>\n\n          <li class=\"b-list__item grid-x grid-margin-x\">\n  <div class=\"b-list__img cell small-12 medium-4\">\n          <a href=\"https:\/\/www.leeb-balkone.com\/at\/jobs\/initiativbewerbung\/\" class=\"hasHover\">\n        <div class=\"hasHover\">\n        \n          <img loading=\"lazy\" decoding=\"async\" src=\"https:\/\/www.leeb-balkone.com\/app\/uploads\/2025\/06\/Brillenbild-768x432.png\" alt=\"\" width=\"640\" height=\"342\" class=\"lazyload\" \/>\n        \n        <\/div>\n      <\/a>\n      <\/div>\n  <div class=\"b-list__body cell small-12 medium-8\">\n          <a href=\"https:\/\/www.leeb-balkone.com\/at\/jobs\/initiativbewerbung\/\" class=\"b-list__title\">\n        <h3>Initiativbewerbung<\/h3>\n      <\/a>\n            <p>Arbeitsort \/ Arbeitsmodell: <b>Gnesau \/ Teilzeit od. Vollzeit<\/b><br\/>\n\t\t\t\tStart Anstellung: <b>nach Vereinbarung<\/b><\/p>\n        <a href=\"https:\/\/www.leeb-balkone.com\/at\/jobs\/initiativbewerbung\/\" class=\"more\">Job ansehen<\/a>\n      <\/div>\n<\/li>\n\n          <li class=\"b-list__item grid-x grid-margin-x\">\n  <div class=\"b-list__img cell small-12 medium-4\">\n          <a href=\"https:\/\/www.leeb-balkone.com\/at\/jobs\/lehrlinge-m-w-2\/\" class=\"hasHover\">\n        <div class=\"hasHover\">\n        \n          <img loading=\"lazy\" decoding=\"async\" src=\"https:\/\/www.leeb-balkone.com\/app\/uploads\/2025\/10\/Lehrlingsbilder-2025-Website-4-768x1152.jpg\" alt=\"\" width=\"640\" height=\"342\" class=\"lazyload\" \/>\n        \n        <\/div>\n      <\/a>\n      <\/div>\n  <div class=\"b-list__body cell small-12 medium-8\">\n          <a href=\"https:\/\/www.leeb-balkone.com\/at\/jobs\/lehrlinge-m-w-2\/\" class=\"b-list__title\">\n        <h3>Lehrstellen bei Leeb<\/h3>\n      <\/a>\n            <p>Arbeitsort \/ Arbeitsmodell: <b>Gnesau \/ Vollzeit<\/b><br\/>\n\t\t\t\tStart Anstellung: <b>j\u00e4hrlich ab August<\/b><\/p>\n        <a href=\"https:\/\/www.leeb-balkone.com\/at\/jobs\/lehrlinge-m-w-2\/\" class=\"more\">Job ansehen<\/a>\n      <\/div>\n<\/li>\n\n          <li class=\"b-list__item grid-x grid-margin-x\">\n  <div class=\"b-list__img cell small-12 medium-4\">\n          <a href=\"https:\/\/www.leeb-balkone.com\/at\/jobs\/oberflaechentechniker\/\" class=\"hasHover\">\n        <div class=\"hasHover\">\n        \n          <img loading=\"lazy\" decoding=\"async\" src=\"https:\/\/www.leeb-balkone.com\/app\/uploads\/2026\/04\/Pulverbeschichtung-6-Querformat-768x512.jpg\" alt=\"\" width=\"640\" height=\"342\" class=\"lazyload\" \/>\n        \n        <\/div>\n      <\/a>\n      <\/div>\n  <div class=\"b-list__body cell small-12 medium-8\">\n          <a href=\"https:\/\/www.leeb-balkone.com\/at\/jobs\/oberflaechentechniker\/\" class=\"b-list__title\">\n        <h3>Oberfl\u00e4chentechniker<\/h3>\n      <\/a>\n            <p>Arbeitsort \/ Arbeitsmodell: <b>Gnesau \/ Vollzeit (38,5h)<\/b><br\/>\n\t\t\t\tStart Anstellung: <b>sofort<\/b><\/p>\n        <a href=\"https:\/\/www.leeb-balkone.com\/at\/jobs\/oberflaechentechniker\/\" class=\"more\">Job ansehen<\/a>\n      <\/div>\n<\/li>\n\n      <\/ul>\n<\/div><\/div><\/div><\/div>\n<\/section>\n\n\n\n<section class=\"wp-block-cgb-t3-section-block alignfull b-pt-none  is-style-bg-transparent\" style=\"display:inherit;min-height:inherit\">\n<div class=\"wp-block-cgb-t3-container-block b-has-offset-b\" style=\"background-color:#EE7203\"><div class=\"has-padding none grid-container-wrapper\"><div class=\"grid-container\"><div class=\"grid-x\"><div class=\"cell small-12 medium-10 large-0 medium-offset-1 b-has-lsmb\">\n<h2 class=\"has-white-color has-text-color wp-block-heading\"><span class=\"h2ash1\">ERLEEB&#8217; DEINE KARRIERE<\/span><\/h2>\n\n\n\n<p class=\"has-white-color has-text-color\"><span class=\"teaser\">Seit \u00fcber 60 Jahren f\u00f6rdert Leeb Balkone Karriere. Heute machen rund 200 Mitarbeiter am K\u00e4rntner Standort Leeb zu Europas f\u00fchrendem Balkonhersteller.<\/span><\/p>\n<\/div><\/div><\/div><\/div><\/div>\n\n\n\n<div class=\"wp-block-cgb-t3-container-block none\" style=\"background-color:none\"><div class=\"grid-container\"><div class=\"grid-x\"><div class=\"cell small-12 medium-12 large-0\"><div class=\"u-grid-temp has-2-cols u-md-2 u-sm-1 is-style-transparent-cards offset wp-block-group is-layout-grid wp-block-group-is-layout-grid\">\n\n\n  \n\n            <div class=\"wp-block-group m-card is-layout-flow wp-block-group-is-layout-flow\">\n      <figure data-imgid=\"9156\" class=\"wp-block-image size-large\">\n      <a href=\"https:\/\/www.leeb-balkone.com\/at\/karriere-bei-leeb\/leeb-inside\/\" class=\"no-default-link\">\n        <img decoding=\"async\" width=\"768\" height=\"480\" src=\"https:\/\/www.leeb-balkone.com\/app\/uploads\/2020\/10\/firmengelaende-der-leeb-balkone-gmbh-2020-768x480.jpg\" class=\"attachment-medium_large size-medium_large\" alt=\"Leeb Balkone Firmengel\u00e4nde im oberen Gurktal\" title=\"Leeb Inside\" loading=\"lazy\" srcset=\"https:\/\/www.leeb-balkone.com\/app\/uploads\/2020\/10\/firmengelaende-der-leeb-balkone-gmbh-2020-768x480.jpg 768w, https:\/\/www.leeb-balkone.com\/app\/uploads\/2020\/10\/firmengelaende-der-leeb-balkone-gmbh-2020-300x188.jpg 300w, https:\/\/www.leeb-balkone.com\/app\/uploads\/2020\/10\/firmengelaende-der-leeb-balkone-gmbh-2020-1024x640.jpg 1024w, https:\/\/www.leeb-balkone.com\/app\/uploads\/2020\/10\/firmengelaende-der-leeb-balkone-gmbh-2020-1536x960.jpg 1536w, https:\/\/www.leeb-balkone.com\/app\/uploads\/2020\/10\/firmengelaende-der-leeb-balkone-gmbh-2020-2048x1280.jpg 2048w\" sizes=\"auto, (min-width: 1200px) 360px, (min-width: 1024px) 300px, (min-width: 640px) 768px, 768px\" \/>      <\/a>\n    <\/figure>\n  \n  <div class=\"wp-block-group m-card-content is-vertical is-layout-flex wp-block-group-is-layout-flex\">\n            <h3 class=\"wp-block-heading\">\n          <a href=\"https:\/\/www.leeb-balkone.com\/at\/karriere-bei-leeb\/leeb-inside\/\" class=\"no-default-link\">Leeb Inside<\/a>\n        <\/h3>\n        <p>Wir besch\u00e4ftigen an den Standorten Gnesau und Krumpendorf \u00fcber 200 Mitarbeiter. Dabei wird gro\u00dfer Wert auf ein gutes Betriebsklima und einen wertsch\u00e4tzenden Umgang gelegt.<\/p>\n          <a href=\"https:\/\/www.leeb-balkone.com\/at\/karriere-bei-leeb\/leeb-inside\/\" class=\"more\">mehr erfahren<\/a>\n      <\/div>\n<\/div>\n\n          <div class=\"wp-block-group m-card is-layout-flow wp-block-group-is-layout-flow\">\n      <figure data-imgid=\"6174\" class=\"wp-block-image size-large\">\n      <a href=\"https:\/\/www.leeb-balkone.com\/at\/karriere-bei-leeb\/leebcard\/\" class=\"no-default-link\">\n        <img decoding=\"async\" width=\"768\" height=\"490\" src=\"https:\/\/www.leeb-balkone.com\/app\/uploads\/2020\/08\/alu-leeb-balkone-leeb-card-768x490.jpg\" class=\"attachment-medium_large size-medium_large\" alt=\"Leeb Card f\u00fcr alle Leeb Mitarbeiter\" title=\"Leeb Card\" loading=\"lazy\" srcset=\"https:\/\/www.leeb-balkone.com\/app\/uploads\/2020\/08\/alu-leeb-balkone-leeb-card-768x490.jpg 768w, https:\/\/www.leeb-balkone.com\/app\/uploads\/2020\/08\/alu-leeb-balkone-leeb-card-300x191.jpg 300w, https:\/\/www.leeb-balkone.com\/app\/uploads\/2020\/08\/alu-leeb-balkone-leeb-card-1024x654.jpg 1024w, https:\/\/www.leeb-balkone.com\/app\/uploads\/2020\/08\/alu-leeb-balkone-leeb-card-1536x980.jpg 1536w, https:\/\/www.leeb-balkone.com\/app\/uploads\/2020\/08\/alu-leeb-balkone-leeb-card.jpg 1880w\" sizes=\"auto, (min-width: 1200px) 360px, (min-width: 1024px) 300px, (min-width: 640px) 768px, 768px\" \/>      <\/a>\n    <\/figure>\n  \n  <div class=\"wp-block-group m-card-content is-vertical is-layout-flex wp-block-group-is-layout-flex\">\n            <h3 class=\"wp-block-heading\">\n          <a href=\"https:\/\/www.leeb-balkone.com\/at\/karriere-bei-leeb\/leebcard\/\" class=\"no-default-link\">Leeb Card<\/a>\n        <\/h3>\n        <p>Als Leeb-Mitarbeiter kaufen Sie mit der Leeb Card verg\u00fcnstigt in vielen, regionalen Gesch\u00e4ften ein. Hier geht&#8217;s zu den Leeb-Partnerbetrieben.<\/p>\n          <a href=\"https:\/\/www.leeb-balkone.com\/at\/karriere-bei-leeb\/leebcard\/\" class=\"more\">Leeb Card<\/a>\n      <\/div>\n<\/div>\n\n          <div class=\"wp-block-group m-card is-layout-flow wp-block-group-is-layout-flow\">\n      <figure data-imgid=\"127738\" class=\"wp-block-image size-large\">\n      <a href=\"https:\/\/www.leeb-balkone.com\/at\/lehre-bei-leeb\/\" class=\"no-default-link\">\n        <img decoding=\"async\" width=\"768\" height=\"573\" src=\"https:\/\/www.leeb-balkone.com\/app\/uploads\/2023\/05\/Pulverbeschichtung-lehre-2-768x573.jpg\" class=\"attachment-medium_large size-medium_large\" alt=\"Pulverbeschichtung lehre 2\" title=\"Deine Lehre bei Leeb\" loading=\"lazy\" srcset=\"https:\/\/www.leeb-balkone.com\/app\/uploads\/2023\/05\/Pulverbeschichtung-lehre-2-768x573.jpg 768w, https:\/\/www.leeb-balkone.com\/app\/uploads\/2023\/05\/Pulverbeschichtung-lehre-2-300x224.jpg 300w, https:\/\/www.leeb-balkone.com\/app\/uploads\/2023\/05\/Pulverbeschichtung-lehre-2-1024x765.jpg 1024w\" sizes=\"auto, (min-width: 1200px) 360px, (min-width: 1024px) 300px, (min-width: 640px) 768px, 768px\" \/>      <\/a>\n    <\/figure>\n  \n  <div class=\"wp-block-group m-card-content is-vertical is-layout-flex wp-block-group-is-layout-flex\">\n            <h3 class=\"wp-block-heading\">\n          <a href=\"https:\/\/www.leeb-balkone.com\/at\/lehre-bei-leeb\/\" class=\"no-default-link\">Deine Lehre bei Leeb<\/a>\n        <\/h3>\n        <p>Wir sind laufend auf der Suche nach neuen Talenten und erm\u00f6glichen Lehrlingen eine bestm\u00f6gliche und zukunftssichere Ausbildung.<\/p>\n          <a href=\"https:\/\/www.leeb-balkone.com\/at\/lehre-bei-leeb\/\" class=\"more\">mehr erfahren<\/a>\n      <\/div>\n<\/div>\n\n          <div class=\"wp-block-group m-card is-layout-flow wp-block-group-is-layout-flow\">\n      <figure data-imgid=\"127802\" class=\"wp-block-image size-large\">\n      <a href=\"https:\/\/www.leeb-balkone.com\/at\/karriere-bei-leeb\/\" class=\"no-default-link\">\n        <img decoding=\"async\" width=\"768\" height=\"609\" src=\"https:\/\/www.leeb-balkone.com\/app\/uploads\/2023\/05\/karriere-mit-leeb-768x609.jpg\" class=\"attachment-medium_large size-medium_large\" alt=\"karriere mit leeb\" title=\"Karriere bei Leeb\" loading=\"lazy\" srcset=\"https:\/\/www.leeb-balkone.com\/app\/uploads\/2023\/05\/karriere-mit-leeb-768x609.jpg 768w, https:\/\/www.leeb-balkone.com\/app\/uploads\/2023\/05\/karriere-mit-leeb-300x238.jpg 300w, https:\/\/www.leeb-balkone.com\/app\/uploads\/2023\/05\/karriere-mit-leeb-1024x812.jpg 1024w, https:\/\/www.leeb-balkone.com\/app\/uploads\/2023\/05\/karriere-mit-leeb-1536x1218.jpg 1536w, https:\/\/www.leeb-balkone.com\/app\/uploads\/2023\/05\/karriere-mit-leeb-2048x1624.jpg 2048w\" sizes=\"auto, (min-width: 1200px) 360px, (min-width: 1024px) 300px, (min-width: 640px) 768px, 768px\" \/>      <\/a>\n    <\/figure>\n  \n  <div class=\"wp-block-group m-card-content is-vertical is-layout-flex wp-block-group-is-layout-flex\">\n            <h3 class=\"wp-block-heading\">\n          <a href=\"https:\/\/www.leeb-balkone.com\/at\/karriere-bei-leeb\/\" class=\"no-default-link\">Karriere bei Leeb<\/a>\n        <\/h3>\n        <p>Seit \u00fcber 60 Jahren f\u00f6rdert Leeb Balkone Karriere. Heute machen rund 200 Mitarbeiter am K\u00e4rntner Standort Leeb zu Europas f\u00fchrendem Balkonhersteller.<\/p>\n          <a href=\"https:\/\/www.leeb-balkone.com\/at\/karriere-bei-leeb\/\" class=\"more\">Karriere bei Leeb<\/a>\n      <\/div>\n<\/div>\n\n      \n<\/div>\n<\/div><\/div><\/div><\/div>\n<\/section>\n\n\n\n<section class=\"wp-block-cgb-t3-section-block alignfull b-pt-none\" style=\"display:inherit;background-color:#F5F5F5;min-height:inherit\">\n<div class=\"wp-block-cgb-t3-container-block b-has-offset-h\" style=\"background-color:none\"><div class=\"grid-container\"><div class=\"grid-x\"><div class=\"cell small-12 medium-6 large-0 medium-offset-1\">\n<h2 class=\"wp-block-heading\">Kontakte<\/h2>\n<\/div><\/div><\/div><\/div>\n\n\n\n<div class=\"wp-block-cgb-t3-container-block none\" style=\"background-color:none\"><div class=\"grid-container\"><div class=\"grid-x\"><div class=\"cell small-12 medium-8 large-0 medium-offset-2 b-has-pt\"><div class=\"c-person grid-x grid-margin-x\">\n  <div class=\"c-person__img cell small-12 medium-6\">\n      <div class=\"c-person__img-wrapper\">\n        \n          <img loading=\"lazy\" decoding=\"async\" src=\"https:\/\/www.leeb-balkone.com\/app\/uploads\/2020\/09\/Cornelia-Ortner-2.jpg\" class=\"h-rounded-img\" alt=\"Cornelia Ortner 2\" width=\"640\" height=\"432\" \/>\n        \n      <\/div>\n  <\/div>\n  <div class=\"c-person__txt cell small-12 medium-6\">\n    <div class=\"c-person__txt-wrapper h-lc-no-mb\">\n              <h3>\n                    Cornelia Ortner\n        <\/h3>\n                  <small>Personalmanagement &#8211; Personalverrechnung<\/small>\n                                      <p>Ich freue mich auf Ihre Bewerbung!<\/p>\n                        \n      \n              \n                  <a href=\"#\" class=\"esend button primary\" data-esend=\"bewerbung\" data-etld=\"at\" data-edname=\"leeb\">Email senden<\/a>\n                        <\/div>\n  <\/div>\n<\/div>\n<\/div><\/div><\/div><\/div>\n\n\n\n<div class=\"wp-block-cgb-t3-container-block none\" style=\"background-color:none\"><div class=\"grid-container\"><div class=\"grid-x\"><div class=\"cell small-12 medium-8 large-0 medium-offset-2 b-has-pt\"><div class=\"c-person grid-x grid-margin-x\">\n  <div class=\"c-person__img cell small-12 medium-6\">\n      <div class=\"c-person__img-wrapper\">\n        \n          <img loading=\"lazy\" decoding=\"async\" src=\"https:\/\/www.leeb-balkone.com\/app\/uploads\/2022\/04\/Julia-Portrait-1-scaled.jpg\" class=\"h-rounded-img\" alt=\"Julia Portrait 1\" width=\"640\" height=\"432\" \/>\n        \n      <\/div>\n  <\/div>\n  <div class=\"c-person__txt cell small-12 medium-6\">\n    <div class=\"c-person__txt-wrapper h-lc-no-mb\">\n              <h3>\n                    Julia Krenn\n        <\/h3>\n                  <small>HR Management<\/small>\n                                      <p>Ich freue mich auf Ihre Bewerbung!<\/p>\n                        \n      \n              \n                  <a href=\"#\" class=\"esend button primary\" data-esend=\"bewerbung\" data-etld=\"at\" data-edname=\"leeb\">Email senden<\/a>\n                        <\/div>\n  <\/div>\n<\/div>\n<\/div><\/div><\/div><\/div>\n<\/section>\n","protected":false},"excerpt":{"rendered":"","protected":false},"author":1,"featured_media":0,"parent":0,"menu_order":60,"comment_status":"closed","ping_status":"closed","template":"template-onepager.blade.php","meta":{"_acf_changed":false,"footnotes":"","_sage_theme_css":true,"_wp_block_core_css":false},"folder":[],"class_list":["post-57054","page","type-page","status-publish","hentry"],"acf":[],"yoast_head":"<!-- This site is optimized with the Yoast SEO plugin v27.2 - https:\/\/yoast.com\/product\/yoast-seo-wordpress\/ -->\n<title>Offene Stellen &amp; Jobs - Leeb Balkone \u00d6sterreich<\/title>\n<meta name=\"description\" content=\"Alle Jobs erledigen wir in hochqualifizierten Teams, in denen langj\u00e4hrige Erfahrung und junge, kreative K\u00f6pfe vereint werden. Jeder im Team teilt die\" \/>\n<meta name=\"robots\" content=\"index, follow, max-snippet:-1, max-image-preview:large, max-video-preview:-1\" \/>\n<meta property=\"og:locale\" content=\"de_DE\" \/>\n<meta property=\"og:type\" content=\"article\" \/>\n<meta property=\"og:title\" content=\"Offene Stellen &amp; Jobs - Leeb Balkone\" \/>\n<meta property=\"og:description\" content=\"Alle Jobs erledigen wir in hochqualifizierten Teams, in denen langj\u00e4hrige Erfahrung und junge, kreative K\u00f6pfe vereint werden. Jeder im Team teilt die\" \/>\n<meta property=\"og:url\" content=\"https:\/\/www.leeb-balkone.com\/at\/jobs\/\" \/>\n<meta property=\"og:site_name\" content=\"Leeb Balkone\" \/>\n<meta property=\"article:publisher\" content=\"https:\/\/www.facebook.com\/balkone\/\" \/>\n<meta property=\"article:modified_time\" content=\"2026-01-13T13:17:41+00:00\" \/>\n<meta property=\"og:image\" content=\"https:\/\/www.leeb-balkone.com\/app\/uploads\/2020\/09\/alu-balkongelaender-zufriedene-kunden-1.jpg\" \/>\n\t<meta property=\"og:image:width\" content=\"2560\" \/>\n\t<meta property=\"og:image:height\" content=\"1762\" \/>\n\t<meta property=\"og:image:type\" content=\"image\/jpeg\" \/>\n<meta name=\"twitter:card\" content=\"summary_large_image\" \/>\n<script type=\"application\/ld+json\" class=\"yoast-schema-graph\">{\"@context\":\"https:\/\/schema.org\",\"@graph\":[{\"@type\":\"WebPage\",\"@id\":\"https:\/\/www.leeb-balkone.com\/at\/jobs\/\",\"url\":\"https:\/\/www.leeb-balkone.com\/at\/jobs\/\",\"name\":\"Offene Stellen & Jobs - Leeb Balkone\",\"isPartOf\":{\"@id\":\"https:\/\/www.leeb-balkone.com\/at\/#website\"},\"datePublished\":\"2020-09-15T09:17:53+00:00\",\"dateModified\":\"2026-01-13T13:17:41+00:00\",\"description\":\"Alle Jobs erledigen wir in hochqualifizierten Teams, in denen langj\u00e4hrige Erfahrung und junge, kreative K\u00f6pfe vereint werden. Jeder im Team teilt die\",\"breadcrumb\":{\"@id\":\"https:\/\/www.leeb-balkone.com\/at\/jobs\/#breadcrumb\"},\"inLanguage\":\"de-AT\",\"potentialAction\":[{\"@type\":\"ReadAction\",\"target\":[\"https:\/\/www.leeb-balkone.com\/at\/jobs\/\"]}]},{\"@type\":\"BreadcrumbList\",\"@id\":\"https:\/\/www.leeb-balkone.com\/at\/jobs\/#breadcrumb\",\"itemListElement\":[{\"@type\":\"ListItem\",\"position\":1,\"name\":\"Home\",\"item\":\"https:\/\/www.leeb-balkone.com\/at\/\"},{\"@type\":\"ListItem\",\"position\":2,\"name\":\"Offene Stellen\"}]},{\"@type\":\"WebSite\",\"@id\":\"https:\/\/www.leeb-balkone.com\/at\/#website\",\"url\":\"https:\/\/www.leeb-balkone.com\/at\/\",\"name\":\"Leeb Balkone\",\"description\":\"Balkone und Z\u00e4une\",\"publisher\":{\"@id\":\"https:\/\/www.leeb-balkone.com\/at\/#organization\"},\"potentialAction\":[{\"@type\":\"SearchAction\",\"target\":{\"@type\":\"EntryPoint\",\"urlTemplate\":\"https:\/\/www.leeb-balkone.com\/at\/?s={search_term_string}\"},\"query-input\":{\"@type\":\"PropertyValueSpecification\",\"valueRequired\":true,\"valueName\":\"search_term_string\"}}],\"inLanguage\":\"de-AT\"},{\"@type\":\"Organization\",\"@id\":\"https:\/\/www.leeb-balkone.com\/at\/#organization\",\"name\":\"Leeb Balkone Gmbh\",\"url\":\"https:\/\/www.leeb-balkone.com\/at\/\",\"logo\":{\"@type\":\"ImageObject\",\"inLanguage\":\"de-AT\",\"@id\":\"https:\/\/www.leeb-balkone.com\/at\/#\/schema\/logo\/image\/\",\"url\":\"https:\/\/www.leeb-balkone.com\/app\/uploads\/2020\/11\/leeb-logo.svg\",\"contentUrl\":\"https:\/\/www.leeb-balkone.com\/app\/uploads\/2020\/11\/leeb-logo.svg\",\"width\":741,\"height\":204,\"caption\":\"Leeb Balkone Gmbh\"},\"image\":{\"@id\":\"https:\/\/www.leeb-balkone.com\/at\/#\/schema\/logo\/image\/\"},\"sameAs\":[\"https:\/\/www.facebook.com\/balkone\/\",\"https:\/\/www.trustedshops.at\/bewertung\/info_X4587CCF5833E31AFE0B11F47D86999F2.html\",\"https:\/\/www.trustedshops.de\/bewertung\/info_X7BA536A7A0BDC86D36C4718E4DCAEEEF.html\",\"https:\/\/www.google.com\/maps\/place\/?q=place_id:ChIJ5-zH19-IcEcR9HonWRTllHI\"]}]}<\/script>\n<!-- \/ Yoast SEO plugin. -->","yoast_head_json":{"title":"Offene Stellen & Jobs - Leeb Balkone \u00d6sterreich","description":"Alle Jobs erledigen wir in hochqualifizierten Teams, in denen langj\u00e4hrige Erfahrung und junge, kreative K\u00f6pfe vereint werden. Jeder im Team teilt die","robots":{"index":"index","follow":"follow","max-snippet":"max-snippet:-1","max-image-preview":"max-image-preview:large","max-video-preview":"max-video-preview:-1"},"og_locale":"de_DE","og_type":"article","og_title":"Offene Stellen & Jobs - Leeb Balkone","og_description":"Alle Jobs erledigen wir in hochqualifizierten Teams, in denen langj\u00e4hrige Erfahrung und junge, kreative K\u00f6pfe vereint werden. Jeder im Team teilt die","og_url":"https:\/\/www.leeb-balkone.com\/at\/jobs\/","og_site_name":"Leeb Balkone","article_publisher":"https:\/\/www.facebook.com\/balkone\/","article_modified_time":"2026-01-13T13:17:41+00:00","og_image":[{"width":2560,"height":1762,"url":"https:\/\/www.leeb-balkone.com\/app\/uploads\/2020\/09\/alu-balkongelaender-zufriedene-kunden-1.jpg","type":"image\/jpeg"}],"twitter_card":"summary_large_image","schema":{"@context":"https:\/\/schema.org","@graph":[{"@type":"WebPage","@id":"https:\/\/www.leeb-balkone.com\/at\/jobs\/","url":"https:\/\/www.leeb-balkone.com\/at\/jobs\/","name":"Offene Stellen & Jobs - Leeb Balkone","isPartOf":{"@id":"https:\/\/www.leeb-balkone.com\/at\/#website"},"datePublished":"2020-09-15T09:17:53+00:00","dateModified":"2026-01-13T13:17:41+00:00","description":"Alle Jobs erledigen wir in hochqualifizierten Teams, in denen langj\u00e4hrige Erfahrung und junge, kreative K\u00f6pfe vereint werden. Jeder im Team teilt die","breadcrumb":{"@id":"https:\/\/www.leeb-balkone.com\/at\/jobs\/#breadcrumb"},"inLanguage":"de-AT","potentialAction":[{"@type":"ReadAction","target":["https:\/\/www.leeb-balkone.com\/at\/jobs\/"]}]},{"@type":"BreadcrumbList","@id":"https:\/\/www.leeb-balkone.com\/at\/jobs\/#breadcrumb","itemListElement":[{"@type":"ListItem","position":1,"name":"Home","item":"https:\/\/www.leeb-balkone.com\/at\/"},{"@type":"ListItem","position":2,"name":"Offene Stellen"}]},{"@type":"WebSite","@id":"https:\/\/www.leeb-balkone.com\/at\/#website","url":"https:\/\/www.leeb-balkone.com\/at\/","name":"Leeb Balkone","description":"Balkone und Z\u00e4une","publisher":{"@id":"https:\/\/www.leeb-balkone.com\/at\/#organization"},"potentialAction":[{"@type":"SearchAction","target":{"@type":"EntryPoint","urlTemplate":"https:\/\/www.leeb-balkone.com\/at\/?s={search_term_string}"},"query-input":{"@type":"PropertyValueSpecification","valueRequired":true,"valueName":"search_term_string"}}],"inLanguage":"de-AT"},{"@type":"Organization","@id":"https:\/\/www.leeb-balkone.com\/at\/#organization","name":"Leeb Balkone Gmbh","url":"https:\/\/www.leeb-balkone.com\/at\/","logo":{"@type":"ImageObject","inLanguage":"de-AT","@id":"https:\/\/www.leeb-balkone.com\/at\/#\/schema\/logo\/image\/","url":"https:\/\/www.leeb-balkone.com\/app\/uploads\/2020\/11\/leeb-logo.svg","contentUrl":"https:\/\/www.leeb-balkone.com\/app\/uploads\/2020\/11\/leeb-logo.svg","width":741,"height":204,"caption":"Leeb Balkone Gmbh"},"image":{"@id":"https:\/\/www.leeb-balkone.com\/at\/#\/schema\/logo\/image\/"},"sameAs":["https:\/\/www.facebook.com\/balkone\/","https:\/\/www.trustedshops.at\/bewertung\/info_X4587CCF5833E31AFE0B11F47D86999F2.html","https:\/\/www.trustedshops.de\/bewertung\/info_X7BA536A7A0BDC86D36C4718E4DCAEEEF.html","https:\/\/www.google.com\/maps\/place\/?q=place_id:ChIJ5-zH19-IcEcR9HonWRTllHI"]}]}},"_links":{"self":[{"href":"https:\/\/www.leeb-balkone.com\/at\/wp-json\/wp\/v2\/pages\/57054","targetHints":{"allow":["GET"]}}],"collection":[{"href":"https:\/\/www.leeb-balkone.com\/at\/wp-json\/wp\/v2\/pages"}],"about":[{"href":"https:\/\/www.leeb-balkone.com\/at\/wp-json\/wp\/v2\/types\/page"}],"author":[{"embeddable":true,"href":"https:\/\/www.leeb-balkone.com\/at\/wp-json\/wp\/v2\/users\/1"}],"replies":[{"embeddable":true,"href":"https:\/\/www.leeb-balkone.com\/at\/wp-json\/wp\/v2\/comments?post=57054"}],"version-history":[{"count":0,"href":"https:\/\/www.leeb-balkone.com\/at\/wp-json\/wp\/v2\/pages\/57054\/revisions"}],"wp:attachment":[{"href":"https:\/\/www.leeb-balkone.com\/at\/wp-json\/wp\/v2\/media?parent=57054"}],"wp:term":[{"taxonomy":"folder","embeddable":true,"href":"https:\/\/www.leeb-balkone.com\/at\/wp-json\/wp\/v2\/folder?post=57054"}],"curies":[{"name":"wp","href":"https:\/\/api.w.org\/{rel}","templated":true}]}}