{"id":56596,"date":"2020-09-07T13:26:45","date_gmt":"2020-09-07T13:26:45","guid":{"rendered":"https:\/\/www.leeb-balkone.com\/de\/technik\/alu-comfort-plus\/"},"modified":"2025-12-26T17:20:24","modified_gmt":"2025-12-26T17:20:24","slug":"alu-comfort-plus","status":"publish","type":"page","link":"https:\/\/www.leeb-balkone.com\/at\/technik\/alu-comfort-plus\/","title":{"rendered":"ALU Comfort Plus\u00ae von Leeb"},"content":{"rendered":"<header data-block_acf-block-6939f85de4c31 class=\"c-fh  l-mh-small c-fh--hero c-grad-l2r c-fh--div none\">\n      <img loading=\"lazy\" decoding=\"async\" width=\"2560\" height=\"1662\" src=\"https:\/\/www.leeb-balkone.com\/app\/uploads\/2020\/08\/alu-comfort-plus-scaled.jpg\" class=\"no-lazy\" alt=\"alu comfort plus\" srcset=\"https:\/\/www.leeb-balkone.com\/app\/uploads\/2020\/08\/alu-comfort-plus-scaled.jpg 2560w, https:\/\/www.leeb-balkone.com\/app\/uploads\/2020\/08\/alu-comfort-plus-300x195.jpg 300w, https:\/\/www.leeb-balkone.com\/app\/uploads\/2020\/08\/alu-comfort-plus-1024x665.jpg 1024w, https:\/\/www.leeb-balkone.com\/app\/uploads\/2020\/08\/alu-comfort-plus-768x499.jpg 768w, https:\/\/www.leeb-balkone.com\/app\/uploads\/2020\/08\/alu-comfort-plus-1536x997.jpg 1536w, https:\/\/www.leeb-balkone.com\/app\/uploads\/2020\/08\/alu-comfort-plus-2048x1330.jpg 2048w\" sizes=\"auto, (min-width: 1536px) 2048px, (min-width: 992px) 1536px, (min-width: 768px) 1024px, (min-width: 576px) 768px, 100vw\" \/>\n\n\n<div class=\"grid-container\">\n  <div class=\"grid-x\">\n    <div class=\"cell small-12 medium-6 medium-offset-1\">\n      <div class=\"c-fh__wrapper\">\n                              <p>Patentierte Pulverbeschichtung<\/p>\n                        <\/div>\n    <\/div>\n  <\/div>\n<\/div>\n  \n    \n    <\/header>\n\n\n  \n  <section class=\"wp-block-group alignfull t3-header u-max-wide t3-header-text has-white-background-color has-background has-global-padding is-layout-constrained wp-block-group-is-layout-constrained\">\n    <div class=\"wp-block-group o-grid u-md-1 u-sm-1 is-layout-flow wp-block-group-is-layout-flow\">\n  <div class=\"wp-block-group u-g-10 u-g-s-2\">\n      <div class=\"yoast-breadcrumbs\"><span><span><a href=\"https:\/\/www.leeb-balkone.com\/at\/\">Home<\/a><\/span><\/span><\/div>\n      \n    <h1>ALU Comfort Plus\u00ae von Leeb<\/h1>\n  <\/div>\n<\/div>\n  <\/section>\n\n\n\n\n\n\n<section id=\"first-section\" class=\"wp-block-cgb-t3-section-block alignfull b-pt-small  is-style-bg-transparent\" style=\"display:inherit;min-height:inherit\">\n<div class=\"wp-block-cgb-t3-container-block none\" style=\"background-color:none\"><div class=\"grid-container\"><div class=\"grid-x\"><div class=\"cell small-12 medium-9 large-0 medium-offset-1 b-has-lsmb\">\n<p>Darauf k\u00f6nnen Sie sich verlassen: Wo Leeb draufsteht, ist 100% Leeb drin. Um die volle Kontrolle \u00fcber die beste Qualit\u00e4t zu gew\u00e4hrleisten, betreiben wir eine eigene, hochmoderne Pulverbeschichtungsanlage. Wir sind einfach der Meinung, dass dieser sensible und qualit\u00e4tskritische Prozess nicht ausgelagert werden sollte, wenn man ein europaweites Spitzenprodukt garantieren m\u00f6chte. Daher beschichten wir&nbsp;<a href=\"https:\/\/www.leeb-balkone.com\/at\/balkongelaender\/balkongelaender-alu\/\">Alubalkone<\/a>&nbsp;und&nbsp;<a href=\"https:\/\/www.leeb-balkone.com\/at\/zaeune\/aluzaun\/\">Z\u00e4une aus Aluminium<\/a>&nbsp;selbst und im eigenen Werk \u2013 und zwar mit unserem eigenen, patentiertem Pulverbeschichtungsverfahren. Laufende Qualit\u00e4tspr\u00fcfungen durch unser hausinternes Qualit\u00e4tssicherungs-Labor sind selbstverst\u00e4ndlich.<\/p>\n\n\n\n<h2 class=\"wp-block-heading\">Langzeitwirkung mit Tiefenschutz<\/h2>\n\n\n\n<p>Durch ALU COMFORT PLUS\u00ae werden Leeb-Balkone und Z\u00e4une aus Aluminium auch witterungsbest\u00e4ndiger und kratzfester \u2013 und somit einfacher in der Wartung. Denn im Gegensatz zu nachtr\u00e4glich aufgebrachter Konservierung sind die Wirkstoffe hier im kompletten Lackaufbau verteilt und werden somit nicht durch Bewitterung abgebaut. ALU COMFORT PLUS\u00ae beh\u00e4lt seine Vorz\u00fcge ein Leben lang.<\/p>\n\n\n\n<h3 class=\"wp-block-heading\">3x Witterungsbest\u00e4ndiger<\/h3>\n\n\n\n<p>Und noch ein Vorteil: Unsere gesamte Farbpalette ist jetzt zus\u00e4tzlich \u2013 quasi das eigentliche PLUS von ALU COMFORT PLUS\u00ae \u2013 mit einer hochwetterfesten, UV-stabilen Beschichtung versehen. Diese ist mindestens 3 Mal so witterungsbest\u00e4ndig wie eine Standardbeschichtung.<\/p>\n\n\n\n<div itemprop=\"video\" itemscope=\"\" itemtype=\"http:\/\/schema.org\/VideoObject\">\n<h2><span itemprop=\"name\">Pulverbeschichtung im Leeb Werk<\/span><\/h2>\n<meta itemprop=\"duration\" content=\"PT1M3S\">\n<meta itemprop=\"uploadDate\" content=\"2015-09-28T09:50:59Z\">\n<meta itemprop=\"thumbnailURL\" content=\"https:\/\/i.ytimg.com\/vi\/vN_O6VjFrX0\/hqdefault.jpg\">\n<meta itemprop=\"interactionCount\" content=\"1411\">\n<meta itemprop=\"embedURL\" content=\"https:\/\/youtube.googleapis.com\/v\/V-g7DufmbmI\">\n<div id=\"schema-videoobject\" class=\"video-container\"><iframe loading=\"lazy\" width=\"853\" height=\"480\" src=\"https:\/\/www.youtube.com\/embed\/V-g7DufmbmI?rel=0&amp;controls=0&amp;showinfo=0\" frameborder=\"0\" allowfullscreen=\"\"><\/iframe><\/div>\n<span itemprop=\"description\">Pulverbeschichtung bei Leeb Balkone und Z\u00e4une<\/span>\n<\/div>\n<\/div><\/div><\/div><\/div>\n<\/section>\n\n\n\n<section class=\"wp-block-cgb-t3-section-block alignfull b-pt-none b-pb-small is-style-default l-sec--brdr-b\" style=\"display:inherit;background-color:#F5F5F5;min-height:inherit\">\n<div class=\"wp-block-cgb-t3-container-block alignfull b-has-offset-h\" style=\"background-color:none\"><div class=\"grid-container\"><div class=\"grid-x\"><div class=\"cell small-12 medium-6 large-0 medium-offset-1\">\n<h2 class=\"wp-block-heading\">Das Leeb Umwelt Plus<\/h2>\n<\/div><\/div><\/div><\/div>\n\n\n\n<div class=\"wp-block-cgb-t3-container-block none\" style=\"background-color:none\"><div class=\"grid-container\"><div class=\"grid-x\"><div class=\"cell small-12 medium-9 large-0 medium-offset-1 b-has-pt\">\n<p><strong>Unsere Pulverbeschichtung ist ein umweltfreundliches Verfahren, da dabei keine L\u00f6sungsmittel verwendet werden und es durch die R\u00fcckgewinnung des Pulvers nahezu abfallfrei ist. Zus\u00e4tzlich setzten wir ein chromfreies Vorbehandlungsverfahren ein, das keine Abw\u00e4sser produziert.<\/strong><\/p>\n<\/div><\/div><\/div><\/div>\n\n\n\n<div class=\"wp-block-cgb-t3-container-block none\" style=\"background-color:none\"><div class=\"grid-container\"><div class=\"grid-x\"><div class=\"cell small-12 medium-0 large-0\"><div class=\"l-wrapper\">\n  <ul data-block_acf-block-6939f85de4c86 class=\"c-list b-iconlist grid-x align-justify iconlist alignwide\">\n                      <li class=\"b-iconlist__item  small-6 medium-4 large-3\">\n          <div class=\"b-iconlist__icon icon-rocket\"><\/div>\n      <div class=\"b-iconlist__body\">\n          <h3>Innovationen voraus<\/h3>\n              <p>Durch unser hausinternes und st\u00e4ndig weiterentwickeltes Know-how im Bereich der Pulverbeschichtung sind wir in der Lage, auch in diesem Bereich immer wieder Produktinnovationen\r\nzu bringen.<\/p>\n      <\/div>\n  \n        <\/li>\n              <li class=\"b-iconlist__item  small-6 medium-4 large-3\">\n          <div class=\"b-iconlist__icon icon-lotus\"><\/div>\n      <div class=\"b-iconlist__body\">\n          <h3>Der Natur \u00fcber die Schultern geschaut<\/h3>\n              <p>Das Blatt hat ihn \u2013 den Lotus-Effekt! \u2013 und unser Aluminium auch. Mit der einzigartigen Pulverbeschichtung ALU COMFORT PLUS\u00ae. Der neuesten Innovation aus dem Hause Leeb.<\/p>\n      <\/div>\n  \n        <\/li>\n              <li class=\"b-iconlist__item  small-6 medium-4 large-3\">\n          <div class=\"b-iconlist__icon icon-waterresistant\"><\/div>\n      <div class=\"b-iconlist__body\">\n          <h3>Der Lotus Effekt<\/h3>\n              <p>Darunter versteht man die geringe Benetzbarkeit einer Oberfl\u00e4che, wie sie bei der Lotuspflanze zu beobachten ist. Ihre Bl\u00e4tter sind also wasserabweisend \u2013\r\nund dabei quasi selbstreinigend.<\/p>\n      <\/div>\n  \n        <\/li>\n              <li class=\"b-iconlist__item  small-6 medium-4 large-3\">\n          <div class=\"b-iconlist__icon icon-schmutz\"><\/div>\n      <div class=\"b-iconlist__body\">\n          <h3>Nat\u00fcrlich Schmutzabweisend<\/h3>\n              <p>Wir haben das spezielle ALU COMFORT PLUS\u00ae Pulver-beschichtungsverfahren entwickelt. Winzige, hydro-phobierende Partikel sind im gesamten Lackaufbau verteilt und erzeugen so die mikroraue Oberfl\u00e4che.<\/p>\n      <\/div>\n  \n        <\/li>\n            <\/ul>\n<\/div>\n<\/div><\/div><\/div><\/div>\n<\/section>\n\n\n\n<section class=\"wp-block-cgb-t3-section-block alignfull b-pt-none b-pb-none is-style-bg-transparent\" style=\"display:inherit;min-height:inherit\">\n<section class=\"wp-block-cgb-t3-section-block alignfull  is-style-bg-transparent\" style=\"display:inherit;min-height:inherit\">\n<div class=\"wp-block-cgb-t3-container-block none b-cont-columns\" style=\"background-color:none\"><div class=\"grid-container\"><div class=\"grid-x\"><div class=\"cell small-12 medium-10 large-0 medium-offset-1 b-has-lsmb\">\n<h2 class=\"wp-block-heading\">Vorteile<\/h2>\n\n\n\n<ul class=\"wp-block-list is-style-bullet-checkmarks\">\n<li>Verbesserter Schutz vor mechanischen Einfl\u00fcssen<\/li>\n\n\n\n<li>Kratzfestere Oberfl\u00e4che<\/li>\n\n\n\n<li>Widerstandsf\u00e4higer gegen UV-Strahlen und Verwitterung<\/li>\n\n\n\n<li>Pflegeleicht und nahezu wartungsfrei<\/li>\n\n\n\n<li>Top-Optik und lange Lebensdauer<\/li>\n\n\n\n<li>Aluminium in Holzoptik<\/li>\n<\/ul>\n<\/div><\/div><\/div><\/div>\n<\/section>\n<\/section>\n\n\n\n<section class=\"wp-block-group alignfull has-white-background-color has-background has-global-padding is-layout-constrained wp-container-core-group-is-layout-9fa1424c wp-block-group-is-layout-constrained\" style=\"padding-top:0\">\n<div class=\"wp-block-columns is-style-offset m-split is-layout-flex wp-container-core-columns-is-layout-28f84493 wp-block-columns-is-layout-flex\">\n<div class=\"wp-block-column is-layout-flow wp-block-column-is-layout-flow\"><div class=\"vp-map-wrapper vp-map-ratio-19-1\"><img decoding=\"async\" width=\"1900\" height=\"1024\" src=\"https:\/\/www.leeb-balkone.com\/app\/uploads\/2026\/03\/map-at-1.jpg\" class=\"attachment-full size-full\" alt=\"\u00d6sterreichische Map: Vertriebspartner (orange Pins) und Schaur\u00e4ume \/ Standorte (gr\u00fcne Pins) der Leeb Balkone GmbH in \u00d6sterreich\" style=\"width:100%;height:100%;object-fit:cover;display:block;\" loading=\"lazy\" srcset=\"https:\/\/www.leeb-balkone.com\/app\/uploads\/2026\/03\/map-at-1.jpg 1900w, https:\/\/www.leeb-balkone.com\/app\/uploads\/2026\/03\/map-at-1-300x162.jpg 300w, https:\/\/www.leeb-balkone.com\/app\/uploads\/2026\/03\/map-at-1-1024x552.jpg 1024w, https:\/\/www.leeb-balkone.com\/app\/uploads\/2026\/03\/map-at-1-768x414.jpg 768w, https:\/\/www.leeb-balkone.com\/app\/uploads\/2026\/03\/map-at-1-1536x828.jpg 1536w\" sizes=\"auto, (min-width: 1536px) 2048px, (min-width: 992px) 1536px, (min-width: 768px) 1024px, (min-width: 576px) 768px, 100vw\" \/><\/div>\n<\/div>\n\n\n\n<div class=\"wp-block-column is-vertically-aligned-center is-style-overlay-content is-layout-flow wp-block-column-is-layout-flow\">\n<div class=\"wp-block-group is-vertical is-layout-flex wp-container-core-group-is-layout-bd7877ba wp-block-group-is-layout-flex\">\n<h2 class=\"wp-block-heading has-step-2-font-size\">Vertriebspartner \u00d6sterreich<\/h2>\n\n\n\n<p>Kompetente LEEB Partner in Ihrer Region. Pers\u00f6nliche Beratung, pr\u00e4zise Planung und fachgerechte Montage \u2013 \u00f6sterreichweit.<\/p>\n\n\n\n<div class=\"wp-block-buttons is-layout-flex wp-block-buttons-is-layout-flex\" style=\"margin-top:var(--wp--preset--spacing--2-xs)\">\n<div class=\"wp-block-button is-style-cta\"><a class=\"wp-block-button__link has-transparent-background-color has-background wp-element-button\" href=\"https:\/\/www.leeb-balkone.com\/at\/vertriebspartner\/\">Vertriebspartner finden<span class=\"sr-only\">Vertriebspartner Leeb Balkone \u00d6sterreich<\/span><\/a><\/div>\n<\/div>\n<\/div>\n<\/div>\n<\/div>\n<\/section>\n\n\n\n<section class=\"wp-block-group alignfull has-light-gray-background-color has-background has-global-padding is-layout-constrained wp-container-core-group-is-layout-52f96efc wp-block-group-is-layout-constrained\" id=\"beratungstermin\">\n<div class=\"wp-block-group m-teaser o-grid u-md-1 is-layout-flow wp-block-group-is-layout-flow\">\n<div class=\"wp-block-group u-g-7 u-g-s-2 is-layout-flow wp-block-group-is-layout-flow\" style=\"margin-bottom:var(--wp--preset--spacing--s)\">\n<h2 class=\"wp-block-heading\">Kontaktieren Sie uns<\/h2>\n\n\n\n<p><strong><strong>Sie planen ein Projekt oder haben Fragen zu uns und unseren L\u00f6sungen? Schreiben Sie uns einfach &#8211; wir nehmen uns gerne Zeit f\u00fcr Ihr Anliegen!<\/strong><\/strong><\/p>\n<\/div>\n<\/div>\n\n\n\n<div class=\"wp-block-group m-teaser o-grid u-md-1 is-layout-flow wp-block-group-is-layout-flow\">\n<div class=\"wp-block-group u-g-7 u-g-s-2 is-layout-flow wp-block-group-is-layout-flow\" style=\"margin-bottom:var(--wp--preset--spacing--s)\"><form action=\"https:\/\/www.leeb-balkone.com\/at\/wp-json\/ws-form\/v1\/submit\" class=\"wsf-form wsf-form-canvas\" id=\"ws-form-1\" data-id=\"4\" data-instance-id=\"1\" method=\"POST\"><\/form>\n<\/div>\n\n\n\n<div class=\"wp-block-group u-g-3 u-g-s-9 is-layout-flow wp-block-group-is-layout-flow\"><div class=\"t3-sidebar-buttons wp-block-buttons is-layout-flex wp-block-buttons-is-layout-flex\"><div class=\"wp-block-button is-style-fill icon-book icon-left\">\n                        <a class=\"wp-block-button__link has-secondary-color has-white-background-color has-text-color has-background has-link-color wp-element-button\" href=\"https:\/\/www.leeb-balkone.com\/at\/kontakt\/katalog-anfordern\/\" style=\"box-shadow:var(--wp--preset--shadow--box-shadow)\">Katalog anfordern<\/a>\n                    <\/div><div class=\"wp-block-button is-style-fill icon-phone-new icon-left\">\n                        <a class=\"wp-block-button__link has-secondary-color has-white-background-color has-text-color has-background has-link-color wp-element-button\" href=\"tel:0800202013\">Hotline \u00d6sterreich <span class=\"sr-only\"> Hotline: 0800 202013 (\u00d6sterreichweit kostenlos)<\/span><\/a>\n                    <\/div><\/div>\n<\/div>\n<\/div>\n<\/section>\n","protected":false},"excerpt":{"rendered":"","protected":false},"author":1,"featured_media":5083,"parent":19428,"menu_order":1,"comment_status":"closed","ping_status":"closed","template":"template-onepager.blade.php","meta":{"_acf_changed":false,"footnotes":"","_sage_theme_css":true,"_wp_block_core_css":false},"folder":[],"class_list":["post-56596","page","type-page","status-publish","has-post-thumbnail","hentry"],"acf":[],"yoast_head":"<!-- This site is optimized with the Yoast SEO plugin v27.2 - https:\/\/yoast.com\/product\/yoast-seo-wordpress\/ -->\n<title>ALU Comfort Plus\u00ae Pulverbeschichtung - Leeb Balkone \u00d6sterreich<\/title>\n<meta name=\"description\" content=\"Alu Comfort Plus Pulverbeschichtung \u2713 Hoher Korrosions- &amp; Witterungsschutz \u2713 Langlebige Oberfl\u00e4chen *** Nat\u00fcrlich innovativ mit Leeb!\" \/>\n<meta name=\"robots\" content=\"index, follow, max-snippet:-1, max-image-preview:large, max-video-preview:-1\" \/>\n<meta property=\"og:locale\" content=\"de_DE\" \/>\n<meta property=\"og:type\" content=\"article\" \/>\n<meta property=\"og:title\" content=\"ALU Comfort Plus\u00ae Pulverbeschichtung - Leeb Balkone\" \/>\n<meta property=\"og:description\" content=\"Alu Comfort Plus Pulverbeschichtung \u2713 Hoher Korrosions- &amp; Witterungsschutz \u2713 Langlebige Oberfl\u00e4chen *** Nat\u00fcrlich innovativ mit Leeb!\" \/>\n<meta property=\"og:url\" content=\"https:\/\/www.leeb-balkone.com\/at\/technik\/alu-comfort-plus\/\" \/>\n<meta property=\"og:site_name\" content=\"Leeb Balkone\" \/>\n<meta property=\"article:publisher\" content=\"https:\/\/www.facebook.com\/balkone\/\" \/>\n<meta property=\"article:modified_time\" content=\"2025-12-26T17:20:24+00:00\" \/>\n<meta property=\"og:image\" content=\"https:\/\/www.leeb-balkone.com\/app\/uploads\/2020\/08\/alu-comfort-plus-scaled.jpg\" \/>\n\t<meta property=\"og:image:width\" content=\"2560\" \/>\n\t<meta property=\"og:image:height\" content=\"1662\" \/>\n\t<meta property=\"og:image:type\" content=\"image\/jpeg\" \/>\n<meta name=\"twitter:card\" content=\"summary_large_image\" \/>\n<script type=\"application\/ld+json\" class=\"yoast-schema-graph\">{\"@context\":\"https:\/\/schema.org\",\"@graph\":[{\"@type\":\"WebPage\",\"@id\":\"https:\/\/www.leeb-balkone.com\/at\/technik\/alu-comfort-plus\/\",\"url\":\"https:\/\/www.leeb-balkone.com\/at\/technik\/alu-comfort-plus\/\",\"name\":\"ALU Comfort Plus\u00ae Pulverbeschichtung - Leeb Balkone\",\"isPartOf\":{\"@id\":\"https:\/\/www.leeb-balkone.com\/at\/#website\"},\"primaryImageOfPage\":{\"@id\":\"https:\/\/www.leeb-balkone.com\/at\/technik\/alu-comfort-plus\/#primaryimage\"},\"image\":{\"@id\":\"https:\/\/www.leeb-balkone.com\/at\/technik\/alu-comfort-plus\/#primaryimage\"},\"thumbnailUrl\":\"https:\/\/www.leeb-balkone.com\/app\/uploads\/2020\/08\/alu-comfort-plus-scaled.jpg\",\"datePublished\":\"2020-09-07T13:26:45+00:00\",\"dateModified\":\"2025-12-26T17:20:24+00:00\",\"description\":\"Alu Comfort Plus Pulverbeschichtung \u2713 Hoher Korrosions- & Witterungsschutz \u2713 Langlebige Oberfl\u00e4chen *** Nat\u00fcrlich innovativ mit Leeb!\",\"breadcrumb\":{\"@id\":\"https:\/\/www.leeb-balkone.com\/at\/technik\/alu-comfort-plus\/#breadcrumb\"},\"inLanguage\":\"de-AT\",\"potentialAction\":[{\"@type\":\"ReadAction\",\"target\":[\"https:\/\/www.leeb-balkone.com\/at\/technik\/alu-comfort-plus\/\"]}]},{\"@type\":\"ImageObject\",\"inLanguage\":\"de-AT\",\"@id\":\"https:\/\/www.leeb-balkone.com\/at\/technik\/alu-comfort-plus\/#primaryimage\",\"url\":\"https:\/\/www.leeb-balkone.com\/app\/uploads\/2020\/08\/alu-comfort-plus-scaled.jpg\",\"contentUrl\":\"https:\/\/www.leeb-balkone.com\/app\/uploads\/2020\/08\/alu-comfort-plus-scaled.jpg\",\"width\":2560,\"height\":1662},{\"@type\":\"BreadcrumbList\",\"@id\":\"https:\/\/www.leeb-balkone.com\/at\/technik\/alu-comfort-plus\/#breadcrumb\",\"itemListElement\":[{\"@type\":\"ListItem\",\"position\":1,\"name\":\"Home\",\"item\":\"https:\/\/www.leeb-balkone.com\/at\/\"},{\"@type\":\"ListItem\",\"position\":2,\"name\":\"Technik\",\"item\":\"https:\/\/www.leeb-balkone.com\/at\/technik\/\"},{\"@type\":\"ListItem\",\"position\":3,\"name\":\"ALU Comfort Plus\u00ae von Leeb\"}]},{\"@type\":\"WebSite\",\"@id\":\"https:\/\/www.leeb-balkone.com\/at\/#website\",\"url\":\"https:\/\/www.leeb-balkone.com\/at\/\",\"name\":\"Leeb Balkone\",\"description\":\"Balkone und Z\u00e4une\",\"publisher\":{\"@id\":\"https:\/\/www.leeb-balkone.com\/at\/#organization\"},\"potentialAction\":[{\"@type\":\"SearchAction\",\"target\":{\"@type\":\"EntryPoint\",\"urlTemplate\":\"https:\/\/www.leeb-balkone.com\/at\/?s={search_term_string}\"},\"query-input\":{\"@type\":\"PropertyValueSpecification\",\"valueRequired\":true,\"valueName\":\"search_term_string\"}}],\"inLanguage\":\"de-AT\"},{\"@type\":\"Organization\",\"@id\":\"https:\/\/www.leeb-balkone.com\/at\/#organization\",\"name\":\"Leeb Balkone Gmbh\",\"url\":\"https:\/\/www.leeb-balkone.com\/at\/\",\"logo\":{\"@type\":\"ImageObject\",\"inLanguage\":\"de-AT\",\"@id\":\"https:\/\/www.leeb-balkone.com\/at\/#\/schema\/logo\/image\/\",\"url\":\"https:\/\/www.leeb-balkone.com\/app\/uploads\/2020\/11\/leeb-logo.svg\",\"contentUrl\":\"https:\/\/www.leeb-balkone.com\/app\/uploads\/2020\/11\/leeb-logo.svg\",\"width\":741,\"height\":204,\"caption\":\"Leeb Balkone Gmbh\"},\"image\":{\"@id\":\"https:\/\/www.leeb-balkone.com\/at\/#\/schema\/logo\/image\/\"},\"sameAs\":[\"https:\/\/www.facebook.com\/balkone\/\",\"https:\/\/www.trustedshops.at\/bewertung\/info_X4587CCF5833E31AFE0B11F47D86999F2.html\",\"https:\/\/www.trustedshops.de\/bewertung\/info_X7BA536A7A0BDC86D36C4718E4DCAEEEF.html\",\"https:\/\/www.google.com\/maps\/place\/?q=place_id:ChIJ5-zH19-IcEcR9HonWRTllHI\"]}]}<\/script>\n<!-- \/ Yoast SEO plugin. -->","yoast_head_json":{"title":"ALU Comfort Plus\u00ae Pulverbeschichtung - Leeb Balkone \u00d6sterreich","description":"Alu Comfort Plus Pulverbeschichtung \u2713 Hoher Korrosions- & Witterungsschutz \u2713 Langlebige Oberfl\u00e4chen *** Nat\u00fcrlich innovativ mit Leeb!","robots":{"index":"index","follow":"follow","max-snippet":"max-snippet:-1","max-image-preview":"max-image-preview:large","max-video-preview":"max-video-preview:-1"},"og_locale":"de_DE","og_type":"article","og_title":"ALU Comfort Plus\u00ae Pulverbeschichtung - Leeb Balkone","og_description":"Alu Comfort Plus Pulverbeschichtung \u2713 Hoher Korrosions- & Witterungsschutz \u2713 Langlebige Oberfl\u00e4chen *** Nat\u00fcrlich innovativ mit Leeb!","og_url":"https:\/\/www.leeb-balkone.com\/at\/technik\/alu-comfort-plus\/","og_site_name":"Leeb Balkone","article_publisher":"https:\/\/www.facebook.com\/balkone\/","article_modified_time":"2025-12-26T17:20:24+00:00","og_image":[{"width":2560,"height":1662,"url":"https:\/\/www.leeb-balkone.com\/app\/uploads\/2020\/08\/alu-comfort-plus-scaled.jpg","type":"image\/jpeg"}],"twitter_card":"summary_large_image","schema":{"@context":"https:\/\/schema.org","@graph":[{"@type":"WebPage","@id":"https:\/\/www.leeb-balkone.com\/at\/technik\/alu-comfort-plus\/","url":"https:\/\/www.leeb-balkone.com\/at\/technik\/alu-comfort-plus\/","name":"ALU Comfort Plus\u00ae Pulverbeschichtung - Leeb Balkone","isPartOf":{"@id":"https:\/\/www.leeb-balkone.com\/at\/#website"},"primaryImageOfPage":{"@id":"https:\/\/www.leeb-balkone.com\/at\/technik\/alu-comfort-plus\/#primaryimage"},"image":{"@id":"https:\/\/www.leeb-balkone.com\/at\/technik\/alu-comfort-plus\/#primaryimage"},"thumbnailUrl":"https:\/\/www.leeb-balkone.com\/app\/uploads\/2020\/08\/alu-comfort-plus-scaled.jpg","datePublished":"2020-09-07T13:26:45+00:00","dateModified":"2025-12-26T17:20:24+00:00","description":"Alu Comfort Plus Pulverbeschichtung \u2713 Hoher Korrosions- & Witterungsschutz \u2713 Langlebige Oberfl\u00e4chen *** Nat\u00fcrlich innovativ mit Leeb!","breadcrumb":{"@id":"https:\/\/www.leeb-balkone.com\/at\/technik\/alu-comfort-plus\/#breadcrumb"},"inLanguage":"de-AT","potentialAction":[{"@type":"ReadAction","target":["https:\/\/www.leeb-balkone.com\/at\/technik\/alu-comfort-plus\/"]}]},{"@type":"ImageObject","inLanguage":"de-AT","@id":"https:\/\/www.leeb-balkone.com\/at\/technik\/alu-comfort-plus\/#primaryimage","url":"https:\/\/www.leeb-balkone.com\/app\/uploads\/2020\/08\/alu-comfort-plus-scaled.jpg","contentUrl":"https:\/\/www.leeb-balkone.com\/app\/uploads\/2020\/08\/alu-comfort-plus-scaled.jpg","width":2560,"height":1662},{"@type":"BreadcrumbList","@id":"https:\/\/www.leeb-balkone.com\/at\/technik\/alu-comfort-plus\/#breadcrumb","itemListElement":[{"@type":"ListItem","position":1,"name":"Home","item":"https:\/\/www.leeb-balkone.com\/at\/"},{"@type":"ListItem","position":2,"name":"Technik","item":"https:\/\/www.leeb-balkone.com\/at\/technik\/"},{"@type":"ListItem","position":3,"name":"ALU Comfort Plus\u00ae von Leeb"}]},{"@type":"WebSite","@id":"https:\/\/www.leeb-balkone.com\/at\/#website","url":"https:\/\/www.leeb-balkone.com\/at\/","name":"Leeb Balkone","description":"Balkone und Z\u00e4une","publisher":{"@id":"https:\/\/www.leeb-balkone.com\/at\/#organization"},"potentialAction":[{"@type":"SearchAction","target":{"@type":"EntryPoint","urlTemplate":"https:\/\/www.leeb-balkone.com\/at\/?s={search_term_string}"},"query-input":{"@type":"PropertyValueSpecification","valueRequired":true,"valueName":"search_term_string"}}],"inLanguage":"de-AT"},{"@type":"Organization","@id":"https:\/\/www.leeb-balkone.com\/at\/#organization","name":"Leeb Balkone Gmbh","url":"https:\/\/www.leeb-balkone.com\/at\/","logo":{"@type":"ImageObject","inLanguage":"de-AT","@id":"https:\/\/www.leeb-balkone.com\/at\/#\/schema\/logo\/image\/","url":"https:\/\/www.leeb-balkone.com\/app\/uploads\/2020\/11\/leeb-logo.svg","contentUrl":"https:\/\/www.leeb-balkone.com\/app\/uploads\/2020\/11\/leeb-logo.svg","width":741,"height":204,"caption":"Leeb Balkone Gmbh"},"image":{"@id":"https:\/\/www.leeb-balkone.com\/at\/#\/schema\/logo\/image\/"},"sameAs":["https:\/\/www.facebook.com\/balkone\/","https:\/\/www.trustedshops.at\/bewertung\/info_X4587CCF5833E31AFE0B11F47D86999F2.html","https:\/\/www.trustedshops.de\/bewertung\/info_X7BA536A7A0BDC86D36C4718E4DCAEEEF.html","https:\/\/www.google.com\/maps\/place\/?q=place_id:ChIJ5-zH19-IcEcR9HonWRTllHI"]}]}},"_links":{"self":[{"href":"https:\/\/www.leeb-balkone.com\/at\/wp-json\/wp\/v2\/pages\/56596","targetHints":{"allow":["GET"]}}],"collection":[{"href":"https:\/\/www.leeb-balkone.com\/at\/wp-json\/wp\/v2\/pages"}],"about":[{"href":"https:\/\/www.leeb-balkone.com\/at\/wp-json\/wp\/v2\/types\/page"}],"author":[{"embeddable":true,"href":"https:\/\/www.leeb-balkone.com\/at\/wp-json\/wp\/v2\/users\/1"}],"replies":[{"embeddable":true,"href":"https:\/\/www.leeb-balkone.com\/at\/wp-json\/wp\/v2\/comments?post=56596"}],"version-history":[{"count":4,"href":"https:\/\/www.leeb-balkone.com\/at\/wp-json\/wp\/v2\/pages\/56596\/revisions"}],"predecessor-version":[{"id":162287,"href":"https:\/\/www.leeb-balkone.com\/at\/wp-json\/wp\/v2\/pages\/56596\/revisions\/162287"}],"up":[{"embeddable":true,"href":"https:\/\/www.leeb-balkone.com\/at\/wp-json\/wp\/v2\/pages\/19428"}],"wp:featuredmedia":[{"embeddable":true,"href":"https:\/\/www.leeb-balkone.com\/at\/wp-json\/wp\/v2\/media\/5083"}],"wp:attachment":[{"href":"https:\/\/www.leeb-balkone.com\/at\/wp-json\/wp\/v2\/media?parent=56596"}],"wp:term":[{"taxonomy":"folder","embeddable":true,"href":"https:\/\/www.leeb-balkone.com\/at\/wp-json\/wp\/v2\/folder?post=56596"}],"curies":[{"name":"wp","href":"https:\/\/api.w.org\/{rel}","templated":true}]}}