{"id":19577,"date":"2020-04-07T10:11:29","date_gmt":"2020-04-07T10:11:29","guid":{"rendered":"https:\/\/www.leeb-balkone.com\/de\/datenschutz\/"},"modified":"2026-01-13T13:19:11","modified_gmt":"2026-01-13T13:19:11","slug":"datenschutz","status":"publish","type":"page","link":"https:\/\/www.leeb-balkone.com\/at\/datenschutz\/","title":{"rendered":"Datenschutzerkl\u00e4rung"},"content":{"rendered":"<header class=\"wp-block-group alignfull t3-header u-max-wide t3-header-text has-white-background-color has-background has-global-padding is-layout-constrained wp-block-group-is-layout-constrained\">\n    <div class=\"wp-block-group o-grid u-md-1 u-sm-1 is-layout-flow wp-block-group-is-layout-flow\">\n  <div class=\"wp-block-group u-g-10 u-g-s-2\">\n      <div class=\"yoast-breadcrumbs\"><span><span><a href=\"https:\/\/www.leeb-balkone.com\/at\/\">Home<\/a><\/span><\/span><\/div>\n      \n    <h1>Datenschutzerkl\u00e4rung<\/h1>\n  <\/div>\n<\/div>\n  <\/header>\n\n\n\n\n\n\n\n<section class=\"wp-block-cgb-t3-section-block b-pt-none  is-style-bg-white\" style=\"display:inherit;min-height:inherit\">\n<div class=\"wp-block-cgb-t3-container-block none\" style=\"background-color:none\"><div class=\"grid-container\"><div class=\"grid-x\"><div class=\"cell small-12 medium-0 large-9 medium-offset-1\">\n<p>Wir freuen uns \u00fcber Ihr Interesse an unserer Website. Der Schutz Ihrer Privatsph\u00e4re ist f\u00fcr uns sehr wichtig. Nachstehend informieren wir Sie ausf\u00fchrlich \u00fcber den Umgang mit Ihren Daten.<\/p>\n\n\n\n<h2 class=\"wp-block-heading has-primary-color has-text-color\"><strong>Datenschutzrechtliche Information<\/strong><\/h2>\n\n\n\n<p>gem\u00e4\u00df Art. 13 und 14 der Datenschutzgrundverordnung (kurz DSGVO)<\/p>\n\n\n\n<p><br>Der Schutz Ihrer pers\u00f6nlichen Daten ist uns ein besonderes Anliegen. Die folgenden Informationen geben Ihnen einen \u00dcberblick \u00fcber die Verarbeitung Ihrer personenbezogenen Daten (kurz \u201eDaten\u201c) durch die Leeb Balkone GmbH und Ihre Rechte, die sich aus der europ\u00e4ischen Datenschutz-Grundverordnung (EU-DSGVO) und dem \u00f6sterreichischen Datenschutzgesetz (DSG2018) und weiterer gesetzlicher Bestimmungen (zB TKG 2021, ECG, MedienG) ergeben.<\/p>\n\n\n\n<h2 class=\"wp-block-heading\"><mark style=\"background-color:rgba(0, 0, 0, 0)\" class=\"has-inline-color has-primary-color\">Wer ist f\u00fcr die Verarbeitung meiner Daten verantwortlich?<\/mark><\/h2>\n\n\n\n<p>Verantwortlicher:<\/p>\n\n\n\n<p>Leeb Balkone GmbH<br>Maitratten 25<br>9563 Gnesau<\/p>\n\n\n\n<p>Tel.: 04278 7000<\/p>\n\n\n\n<p>Mail: <a href=\"mailto:office@leeb.at\">office@leeb.at<\/a><\/p>\n\n\n\n<h2 class=\"wp-block-heading\"><mark style=\"background-color:rgba(0, 0, 0, 0)\" class=\"has-inline-color has-primary-color\">Welche Daten werden verarbeitet und aus welchen Quellen stammen sie?<\/mark><\/h2>\n\n\n\n<p>Wir verarbeiten personenbezogene Daten (Art. 4 Abs. 1 DSGVO), die Sie uns im Rahmen unserer Gesch\u00e4ftsbeziehung und -anbahnung bereitstellen und sich aus der Durchf\u00fchrung und Abwicklung unserer Leistungen ergeben. Wir verarbeiten auch Daten, welche wir aus \u00f6ffentlich zug\u00e4nglichen Quellen (z.B. Handelsregister, Presse, Medien, Internet) zul\u00e4ssigerweise gewonnen haben und verarbeiten d\u00fcrfen. Dazu z\u00e4hlen Stamm- und Kontaktdaten wie beispielsweise Name, Adresse, Telefon- und Faxnummer, E-Mail und zus\u00e4tzlich Daten von Firmen (Kunden, Lieferanten oder Vertragspartner) wie UID, Firmenbuchnummer und die Kontaktdaten des jeweiligen Ansprechpartners.<\/p>\n\n\n\n<h2 class=\"wp-block-heading\"><mark style=\"background-color:rgba(0, 0, 0, 0)\" class=\"has-inline-color has-primary-color\">Zu welchen Zwecken und auf welchen Rechtsgrundlagen werden Ihre Daten verarbeitet?<\/mark><\/h2>\n\n\n\n<p>Wir verarbeiten Ihre Daten im Einklang mit den Bestimmungen der Datenschutzgrundverordnung (DSGVO) und dem \u00f6sterreichischen Datenschutzgesetz in der jeweils geltenden Fassung.<\/p>\n\n\n\n<h2 class=\"wp-block-heading\"><mark style=\"background-color:rgba(0, 0, 0, 0)\" class=\"has-inline-color has-primary-color\">Verarbeitungen zur Erf\u00fcllung eines Vertrags (Art. 6 Abs. 1 lit. b DSGVO)<\/mark><\/h2>\n\n\n\n<h3 class=\"wp-block-heading\">Verarbeitung bei Online-Anfragen, Anfragen und Bestellungen<\/h3>\n\n\n\n<p>Wir erheben personenbezogene Daten, wenn Sie uns diese im Rahmen Ihrer Bestellung, bei einer Kontaktaufnahme mit uns (z.B. per Kontaktformular, E-Mail oder Telefon) oder bei Er\u00f6ffnung eines Kundenkontos freiwillig mitteilen. <\/p>\n\n\n\n<p>Pflichtfelder werden als solche gekennzeichnet, da wir in diesen F\u00e4llen die Daten zwingend zur Vertragsabwicklung bzw. zur Bearbeitung Ihrer Kontaktaufnahme oder Er\u00f6ffnung des Kundenkontos ben\u00f6tigen und Sie ohne deren Angabe die Bestellung und\/ oder die Kontoer\u00f6ffnung nicht abschlie\u00dfen, bzw. die Kontaktaufnahme nicht versenden k\u00f6nnen. Welche Daten erhoben werden, ist aus den jeweiligen Eingabeformularen ersichtlich.<\/p>\n\n\n\n<p>Wir verwenden die von ihnen mitgeteilten Daten gem\u00e4\u00df Art. 6 Abs. 1 S. 1 lit. b DSGVO zur Vertragsabwicklung und Bearbeitung Ihrer Anfragen. Nach vollst\u00e4ndiger Abwicklung des Vertrages oder L\u00f6schung Ihres Kundenkontos werden Ihre Daten f\u00fcr die weitere Verarbeitung eingeschr\u00e4nkt und nach Ablauf der steuer- und handelsrechtlichen Aufbewahrungsfristen gel\u00f6scht, sofern Sie nicht ausdr\u00fccklich in eine weitere Nutzung Ihrer Daten eingewilligt haben oder wir uns, eine dar\u00fcber hinausgehende Datenverwendung vorbehalten, die gesetzlich erlaubt ist und \u00fcber die wir Sie in dieser Erkl\u00e4rung informieren. Die L\u00f6schung Ihres Kundenkontos ist jederzeit m\u00f6glich und kann entweder durch eine Nachricht an die oben beschriebene Kontaktm\u00f6glichkeit oder \u00fcber eine daf\u00fcr vorgesehene Funktion im Kundenkonto erfolgen.<\/p>\n\n\n\n<h3 class=\"wp-block-heading\">Auftragsabwicklung, Kunden- und Interessentendatenverwaltung<\/h3>\n\n\n\n<p>Verarbeitung und \u00dcbermittlung von Daten im Rahmen von Gesch\u00e4ftsbeziehungen mit Kunden, Lieferanten und Vertragspartnern zur Beantwortung von Anfragen, Planung und Koordination von Auftr\u00e4gen, sowie Logistik, einschlie\u00dflich automationsunterst\u00fctzt erstellter und archivierter Textdokumente (z.B. Korrespondenzen, Auftrags- und Vertragsdaten, Anfragen) in diesen Angelegenheiten. Verwendung von Kunden- und Interessentendaten f\u00fcr die Gesch\u00e4ftsanbahnung betreffend das eigene Lieferungs- oder Leistungsangebot. Weiterleitung von Daten an unsere Montage- oder Versandpartner. Die von Ihnen bereit gestellten Daten sind erforderlich, ohne diese wir den Vertrag mit Ihnen nicht erf\u00fcllen k\u00f6nnen.<\/p>\n\n\n\n<h3 class=\"wp-block-heading\">Aufbehaltefrist f\u00fcr Interessentendaten (Art. 6 Abs. 1 lit. a und f DSGVO)<\/h3>\n\n\n\n<p>Die vom Unternehmen angebotenen Produkte wie etwa Balkone und Z\u00e4une sind langlebige Produkte und geh\u00f6ren f\u00fcr die Kunden zweifelsfrei zum (Lebens-)Bereich l\u00e4ngerfristige Investitionen. Solche Investitionen ben\u00f6tigen eine h\u00f6chst individuelle Zeitspanne vom Erstinteresse bis hin zum eigentlichen Kaufabschluss.<\/p>\n\n\n\n<p>Interessenten\/ potentielle Kunden geben ihre jederzeit widerrufbare Einwilligung zur Verarbeitung ihrer personenbezogenen Daten, um informiert zu werden (digital wie etwa via Newsletter und\/ oder offline wie etwa postalisch), Angebote \u00fcbermittelt zu bekommen, Einladungen zu diversen Events zu erhalten. Datenverarbeitungswiderrufsm\u00f6glichkeit (z.B. mittels E-Mail an office@leeb.at).<\/p>\n\n\n\n<p>Das Unternehmen, wie auch der Interessent haben ein berechtigtes Interesse daran, dass Daten in Zusammenhang mit konkreten Produktinteressen entsprechend aufbehalten werden, so dass sie f\u00fcr den Kaufabschlussfall zur Verf\u00fcgung stehen.<\/p>\n\n\n\n<p>Die Speicherung dieser Interessentendaten erfolgt auf Grundlage von Art. 6 Abs. 1 lit. a DSGVO sowie Art. 6 Abs. 1 lit. f DSGVO in Verbindung mit Erw\u00e4gungsgrund 47. Die Zeitspanne vom Erstinteresse bis zum eigentlich Kauf betr\u00e4gt bis zu 10 Jahre. In einzelnen F\u00e4llen dar\u00fcber hinaus.<\/p>\n\n\n\n<h2 class=\"wp-block-heading\"><mark style=\"background-color:rgba(0, 0, 0, 0)\" class=\"has-inline-color has-primary-color\">Erf\u00fcllung rechtlicher Verpflichtungen (Art. 6 Abs. 1 lit. c DSGVO)<\/mark><\/h2>\n\n\n\n<h3 class=\"wp-block-heading\">Buchf\u00fchrung<\/h3>\n\n\n\n<p>Wir unterliegen gesetzlicher Verpflichtungen (beispielsweise UGB, BAO, AGBG, UStG) und m\u00fcssen daher Daten, die wir von Ihnen erhalten haben oder sich aus der Gesch\u00e4ftsbeziehung ergeben, gem\u00e4\u00df Art. 6 lit. c DSGVO verarbeiten. Dazu geh\u00f6rt die Verarbeitung von Daten, im Rahmen jeglicher Gesch\u00e4ftsbeziehung mit Kunden, zur systematischen Aufzeichnung aller die Einnahmen und Ausgaben betreffenden Gesch\u00e4ftsvorg\u00e4ngen zur Abrechnung der Leistungen.<\/p>\n\n\n\n<h2 class=\"wp-block-heading\"><mark style=\"background-color:rgba(0, 0, 0, 0)\" class=\"has-inline-color has-primary-color\">Freiwillige Verarbeitungen aufgrund einer Einwilligung (Art. 6 Abs. 1 lit. a DSGVO)<\/mark><\/h2>\n\n\n\n<h3 class=\"wp-block-heading\">E-Mail-Werbung mit Anmeldung zum Newsletter<\/h3>\n\n\n\n<p>Wenn Sie sich zu unserem Newsletter anmelden, verwenden wir die hierf\u00fcr erforderlichen oder gesondert von Ihnen mitgeteilten Daten, um Ihnen regelm\u00e4\u00dfig unseren E-Mail-Newsletter aufgrund Ihrer Einwilligung gem\u00e4\u00df Art. 6 Abs. 1 S. 1 lit. a DSGVO zuzusenden. <\/p>\n\n\n\n<p>Wenn Sie mit uns in Kontakt treten (z.B.: via Telefon, Website, Social Media, Messekontakt, pers\u00f6nlich, etc.) und uns Ihre E-Mail-Adresse mitteilen, \u00fcbermitteln wir Ihnen einmalig eine M\u00f6glichkeit zur Anmeldung unseres Newsletters. Dies erfolgt auf Grundlage von Art. 6 Abs. 1 lit. f DSGVO in Verbindung mit Erw\u00e4gungsgrund 47.<\/p>\n\n\n\n<p>Die Abmeldung vom Newsletter ist jederzeit m\u00f6glich und kann entweder durch eine Nachricht an die oben beschriebene Kontaktm\u00f6glichkeit oder \u00fcber einen daf\u00fcr vorgesehenen Link im Newsletter erfolgen. Nach Abmeldung l\u00f6schen wir Ihre E-Mail-Adresse, soweit Sie nicht ausdr\u00fccklich in eine weitere Nutzung Ihrer Daten eingewilligt haben oder wir uns eine dar\u00fcberhinausgehende Datenverwendung vorbehalten, die gesetzlich erlaubt ist und \u00fcber die wir Sie in dieser Erkl\u00e4rung informieren. (beachten Sie dazu bitte den Punkt der Datenschutzerkl\u00e4rung &#8220;Aufbehaltefrist f\u00fcr Interessentendaten&#8221;).<\/p>\n\n\n\n<p>Wir arbeiten in diesem Fall mit eworx Network &amp; Internet GmbH \u2013 einem Anbieter f\u00fcr Newsletterdienstleistungen &#8211; zusammen. Dieser Dienstleister hat seinen Standort in \u00d6sterreich, Hanriederstra\u00dfe 25, 4150 Rohrbach-Berg. Die Datenschutzerkl\u00e4rung unseres Auftragsverarbeiters finden Sie unter https:\/\/www.eworx.at\/marketing-suite\/datenschutz.<\/p>\n\n\n\n<h3 class=\"wp-block-heading\">Chatbot der Website<\/h3>\n\n\n\n<p>Auf dieser Website gibt es die M\u00f6glichkeit einem Chatbot Fragen zu stellen. Dieser Chatbot ist so programmiert, dass er so wenig personenbezogene Daten wie m\u00f6glich verarbeitet (Privacy by Design). Zu den Daten, die verarbeitet werden z\u00e4hlen IP-Adresse, Uhrzeit, Datum, Benutzerkennung (User-Agent), verwendetes Protokoll.<\/p>\n\n\n\n<p>Werden dem Chatbot Fragen mit personenbezogenen Daten gestellt (dh die Frage, die der Nutzer selbst stellt, enthalten personenbezogene Daten von ihm) werden diese an das hinterlegte Large Language Modell (kurz LLM) zur Beantwortung der vom Nutzer gestellten Fragen \u00fcbermittelt. Der Nutzer selbst bestimmt, ob er \u00fcber die technisch erforderlichen, personenbezogenen Daten hinaus, weitere personenbezogene Daten \u00fcbermitteln m\u00f6chte oder nicht.<\/p>\n\n\n\n<p>Die Verarbeitung erfolgt auch in einem Drittstaat (wie etwa USA), f\u00fcr den kein Angemessenheitsbeschluss der Kommission vorliegt. Daher kann das f\u00fcr die DSGVO \u00fcbliche Schutzniveau bei der \u00dcbermittlung nicht gew\u00e4hrleistet werden, da nicht auszuschlie\u00dfen ist, dass im Drittland z.B. Beh\u00f6rden Zugriff auf die erhobenen Daten haben k\u00f6nnen. Rechtsgrundlage f\u00fcr die \u00dcbermittlung der personenbezogenen Daten stellt Ihre Einwilligung gem. Art 6 Abs 1 lit a DSGVO dar, die Sie auf der Website get\u00e4tigt haben. Daraus ergeben sich Risiken in Zusammenhang mit der Rechtm\u00e4\u00dfigkeit und Sicherheit der Datenverarbeitung. Verarbeitungszweck der Daten ist die Beantwortung der an den Chatbot gestellten Nutzerfragen. Die dabei entstehenden, personenbezogenen Daten wie z.B. die IP Adresse des Nutzers wird f\u00fcr maximal vier Wochen gespeichert. Details zur europ\u00e4ischen Datenschutz-Politik des LLM Anbieters finden sich im nachstehenden Link:<br>https:\/\/openai.com\/policies\/eu-privacy-policy\/<\/p>\n\n\n\n<h3 class=\"wp-block-heading\">Bewerbungen<\/h3>\n\n\n\n<p>Ihre \u00dcbermittlung von Bewerbungsunterlagen an unser Unternehmen, diese beinhalten in der Regel personenbezogenen Daten wie Ihre Stammdaten, Kontaktdaten, Lebenslauf, Nachweise, Qualifikation und Berufserfahrung, erfolgt auf Grund vorvertraglicher Ma\u00dfnahmen (Art. 6 Abs. 1 lit. b) im Rahmen eines Bewerbungsverfahrens oder Ihrer ausdr\u00fccklichen Einwilligung (Art. 9 Abs. 2 lit. a) bei Initiativbewerbungen. Wir verarbeiten Ihre personenbezogenen Daten f\u00fcr die Dauer laufender Bewerbungsverfahren und geben diese nicht an Dritte weiter. Nach Abschluss des Bewerbungsverfahrens speichern wir Ihre Daten im Rahmen der gesetzlichen Aufbewahrungspflicht von 6 Monaten (\u00a7\u00a7 15 Abs 1 und 29 Abs 1 GlbG sowie \u00a7 7k Abs 1 iVm Abs 2 Z 1 BEinstG).<\/p>\n\n\n\n<p>F\u00fcr den Fall, dass Ihre Bewerbung im Bewerberpool verbleiben sollte, ben\u00f6tigen wir eine schriftliche Einwilligung Ihrerseits. Sie k\u00f6nnen diese Einwilligung jederzeit widerrufen. F\u00fcr einen Widerruf wenden Sie sich an die untenstehenden Kontaktdaten.<\/p>\n\n\n\n<h3 class=\"wp-block-heading\">Einsatz von Google Analytics zur Webanalyse<\/h3>\n\n\n\n<p>Soweit Sie hierzu Ihre Einwilligung nach Art. 6 Abs. 1 S. 1 lit. a DSGVO erteilt haben, setzt diese Website zum Zweck der Webseitenanalyse Google Analytics ein, einen Webanalysedienst der Google LLC (www.google.de). Google Analytics verwendet Methoden, die eine Analyse der Benutzung der Website durch Sie erm\u00f6glichen, wie zum Beispiel Cookies. Die automatisch erhobenen Informationen \u00fcber Ihre Benutzung dieser Website werden in der Regel an einen Server von Google in den USA \u00fcbertragen und dort gespeichert. Durch die Aktivierung der IP-Anonymisierung auf dieser Webseite wird dabei die IP-Adresse vor der \u00dcbermittlung innerhalb der Mitgliedstaaten der Europ\u00e4ischen Union oder in anderen Vertragsstaaten des Abkommens \u00fcber den Europ\u00e4ischen Wirtschaftsraum gek\u00fcrzt. Nur in Ausnahmef\u00e4llen wird die volle IP-Adresse an einen Server von Google in den USA \u00fcbertragen und dort gek\u00fcrzt. Die im Rahmen von Google Analytics von Ihrem Browser \u00fcbermittelte anonymisierte IP-Adresse wird grunds\u00e4tzlich nicht mit anderen Daten von Google zusammengef\u00fchrt. Nach Zweckfortfall und Ende des Einsatzes von Google Analytics durch uns werden die in diesem Zusammenhang erhobenen Daten gel\u00f6scht.<br>Wir benutzen zus\u00e4tzliche Werbefunktionen f\u00fcr Google Analytics \u00fcber Google Signale. Dadurch k\u00f6nnen wir ger\u00e4te\u00fcbergreifend Daten erfassen und Remarketing nutzen. Besucherdaten werden mit Google-Informationen aus Konten von angemeldeten Nutzern verkn\u00fcpft. Diese m\u00fcssen einer solchen Verkn\u00fcpfung zuvor auf Google zugestimmt haben, um personalisierte Werbung zu erhalten. Die Besucherdaten k\u00f6nnen den Standort des Endnutzers, den Suchverlauf, den YouTube-Verlauf und Daten aus Websites von Google-Partnern enthalten. Sie werden verwendet, um ger\u00e4te\u00fcbergreifend zusammengefasste und anonymisierte Statistiken zum Nutzerverhalten zur Verf\u00fcgung zu stellen. Sie k\u00f6nnen \u00fcber die Google Seite \u201cMeine Aktivit\u00e4ten\u201d auf diese von Google erhobenen Daten zugreifen und sie l\u00f6schen. Diese Daten umfassen Standort, Suchverlauf, YouTube-Verlauf und Daten zu Websites von Google-Partnern. Weiters geben wir Daten von auf Google angemeldeten Nutzern zur Verbesserung der Produkte und Dienste von Google frei. Wir erhalten dadurch auch anonymisierte und zusammengefasste Berichte zur Leistung nach demographischen Merkmalen und Interessen.<\/p>\n\n\n\n<p>Die Google LLC hat ihren Hauptsitz in den USA und ist zertifiziert unter dem DPF ( Data Privacy Framework). Ein aktuelles Zertifikat kann <a href=\"https:\/\/www.dataprivacyframework.gov\/\">hier<\/a> eingesehen werden. Aufgrund dieses Abkommens zwischen den USA und der Europ\u00e4ischen Kommission hat letztere f\u00fcr unter dem EU-US Data Privacy Framework zertifizierte Unternehmen ein angemessenes Datenschutzniveau festgestellt.<\/p>\n\n\n\n<p>Sie k\u00f6nnen Ihre Einwilligung jederzeit mit Wirkung f\u00fcr die Zukunft widerrufen, indem sie das unter dem folgenden Link verf\u00fcgbare Browser-Plugin herunterladen und installieren:<br><a href=\"http:\/\/tools.google.com\/dlpage\/gaoptout?hl=de\">http:\/\/tools.google.com\/dlpage\/gaoptout?hl=de<\/a>. Hierdurch wird die Erfassung der durch das Cookie erzeugten und auf Ihre Nutzung der Website bezogenen Daten (inkl. Ihrer IP-Adresse) sowie die Verarbeitung dieser Daten durch Google verhindert.<\/p>\n\n\n\n<p>Alternativ zum Browser-Plugin k\u00f6nnen Sie folgende Funktion nutzen, um die Erfassung durch Google Analytics auf dieser Website zuk\u00fcnftig zu verhindern. Dabei wird ein Opt-Out-Cookie auf Ihrem Endger\u00e4t abgelegt. L\u00f6schen Sie Ihre Cookies, werden Sie erneut um Erteilung Ihrer Einwilligung gebeten.<\/p>\n\n\n\n<h3 class=\"wp-block-heading\">Einsatz von Microsoft Clarity zur Webanalyse<\/h3>\n\n\n\n<p>Auf unserer Website verwenden wir mit Ihrer Einwilligung den Webanalysedienst Microsoft Clarity, um das Nutzungsverhalten anonymisiert auszuwerten und unser Angebot benutzerfreundlicher zu gestalten. Microsoft Clarity erfasst unter anderem Mausbewegungen, Klickverhalten, Scrollverhalten sowie technische Daten wie Ger\u00e4tetyp, Browser und Bildschirmaufl\u00f6sung. Die erfassten Daten werden pseudonymisiert verarbeitet und helfen uns, sogenannte Heatmaps und Sitzungsaufzeichnungen zu generieren.<\/p>\n\n\n\n<p>Wir erhalten dabei keine R\u00fcckschl\u00fcsse auf Ihre Person. Die Daten werden von Microsoft auf Servern in der EU und ggf. auch in den USA verarbeitet. Die Microsoft Corporation hat ihren Hauptsitz in den USA und ist zertifiziert unter dem DPF ( Data Privacy Framework). Ein aktuelles Zertifikat kann <a href=\"https:\/\/www.dataprivacyframework.gov\/\">hier<\/a> eingesehen werden. Aufgrund dieses Abkommens zwischen den USA und der Europ\u00e4ischen Kommission hat letztere f\u00fcr unter dem EU-US Data Privacy Framework zertifizierte Unternehmen ein angemessenes Datenschutzniveau festgestellt.<\/p>\n\n\n\n<p>Diensteanbieter ist Microsoft Corporation, One Microsoft Way, Redmond, WA 98052-6399, USA.<br>Weitere Informationen zur Datennutzung durch Clarity finden Sie unter: <a class=\"\" href=\"https:\/\/privacy.microsoft.com\/de-de\/privacystatement\">https:\/\/privacy.microsoft.com\/de-de\/privacystatement<\/a><\/p>\n\n\n\n<h3 class=\"wp-block-heading\">Microsoft Advertising (Bing Ads)<\/h3>\n\n\n\n<p>Auf unserer Website verwenden wir mit Ihrer Einwilligung das Conversion-Tracking von Microsoft Advertising (vormals Bing Ads), bereitgestellt durch die Microsoft Ireland Operations Limited, One Microsoft Place, South County Business Park, Leopardstown, Dublin 18, Irland. Wenn Sie \u00fcber eine Microsoft-Anzeige (z.\u202fB. in der Bing-Suche) auf unsere Website gelangen, wird ein Cookie auf Ihrem Endger\u00e4t gesetzt. Dieses Cookie erm\u00f6glicht es, das Verhalten der Nutzer nach dem Klick auf eine Anzeige nachzuvollziehen und bestimmte Zielseiten (\u201eConversions\u201c) zu erkennen \u2013 etwa ob eine Kontaktanfrage erfolgt ist.<\/p>\n\n\n\n<p>Dabei erhalten wir unter anderem Informationen dar\u00fcber, wie viele Nutzer eine bestimmte Seite besucht haben, wie lange sie geblieben sind und wie viele Seitenaufrufe erfolgt sind. Die Cookies speichern keine direkt personenbezogenen Daten, sondern lediglich pseudonymisierte Informationen. Sofern Sie w\u00e4hrend des Besuchs bei Microsoft angemeldet sind, kann eine Zuordnung mit Ihrem Microsoft-Konto erfolgen.<\/p>\n\n\n\n<p>Wenn Sie nicht an diesem Tracking teilnehmen m\u00f6chten, k\u00f6nnen Sie die Speicherung von Cookies \u00fcber Ihre Browsereinstellungen deaktivieren oder Ihre Einwilligung \u00fcber unser Cookie-Banner widerrufen. Die Speicherdauer des Cookies betr\u00e4gt maximal 180 Tage.<\/p>\n\n\n\n<p>Microsoft Corporation ist unter dem EU-U.S. Data Privacy Framework zertifiziert. Ein aktuelles Zertifikat kann unter <a class=\"\">https:\/\/www.dataprivacyframework.gov\/s\/participant-search<\/a> eingesehen werden. Die Europ\u00e4ische Kommission hat f\u00fcr unter dem DPF zertifizierte Unternehmen ein angemessenes Datenschutzniveau festgestellt.<\/p>\n\n\n\n<p>Weitere Informationen zur Datenverarbeitung durch Microsoft finden Sie unter:<br><a class=\"\" href=\"https:\/\/privacy.microsoft.com\/de-de\/privacystatement\">https:\/\/privacy.microsoft.com\/de-de\/privacystatement<\/a><\/p>\n\n\n\n<h3 class=\"wp-block-heading\">Google Ads Remarketing<\/h3>\n\n\n\n<p>\u00dcber Google Ads werben wir f\u00fcr diese Website in den Google Suchergebnissen sowie auf den Websites Dritter. Soweit Sie uns hierzu Ihre Einwilligung gem\u00e4\u00df Art. 6 Abs. 1 S. 1 lit. a DSGVO erteilt haben, wird bei Besuch unserer Website das sog. Remarketing Cookie von Google gesetzt, das automatisch mittels einer pseudonymen CookieID und auf Grundlage der von Ihnen besuchten Seiten eine interessenbasierte Werbung erm\u00f6glicht. Nach Zweckfortfall und Ende des Einsatzes von Google Ads Remarketing durch uns werden die in diesem Zusammenhang erhobenen Daten gel\u00f6scht.<\/p>\n\n\n\n<p>Eine dar\u00fcber hinausgehende Datenverarbeitung findet nur statt, sofern Sie gegen\u00fcber Google zugestimmt haben, dass Ihr Web- und App-Browserverlauf von Google mit ihrem Google-Konto verkn\u00fcpft wird und Informationen aus ihrem Google-Konto zum Personalisieren von Anzeigen verwendet werden, die sie im Web sehen. Sind sie in diesem Fall w\u00e4hrend des Seitenbesuchs unserer Webseite bei Google eingeloggt, verwendet Google Ihre Daten zusammen mit Google Analytics-Daten, um Zielgruppenlisten f\u00fcr ger\u00e4te\u00fcbergreifendes Remarketing zu erstellen und zu definieren. Dazu werden Ihre personenbezogenen Daten von Google vor\u00fcbergehend mit Google Analytics-Daten verkn\u00fcpft, um Zielgruppen zu bilden.<\/p>\n\n\n\n<p>Google Ads Remarketing ist ein Angebot der Google LLC (www.google.de). Die Google LLC hat ihren Hauptsitz in den USA und ist zertifiziert unter dem DPF (Data Privacy Framework). Ein aktuelles Zertifikat kann <a href=\"https:\/\/www.dataprivacyframework.gov\/\">hier<\/a> eingesehen werden. Aufgrund dieses Abkommens zwischen den USA und der Europ\u00e4ischen Kommission hat letztere f\u00fcr unter dem EU-US Data Privacy Framework zertifizierte Unternehmen ein angemessenes Datenschutzniveau festgestellt.<\/p>\n\n\n\n<p>Sie k\u00f6nnen Ihre Einwilligung jederzeit mit Wirkung f\u00fcr die Zukunft widerrufen, indem Sie das Remarketing-Cookie \u00fcber <a href=\"https:\/\/myadcenter.google.com\/home?hl=de&amp;sasb=true&amp;ref=ad-settings\">diesen Link<\/a> deaktivieren. Daneben k\u00f6nnen Sie sich bei der <a href=\"https:\/\/youradchoices.com\/\">Digital Advertising Alliance<\/a> \u00fcber das Setzen von Cookies informieren und Einstellungen hierzu vornehmen.<\/p>\n\n\n\n<h3 class=\"wp-block-heading\">Google Consent Mode<\/h3>\n\n\n\n<p>Der Websitebetreiber nutzt Google Consent Mode auf der Grundlage von Art. 6 Abs. 1 lit. f DSGVO in Verbindung mit Erw\u00e4gungsgrund 47. Er hat ein berechtigtes Interesse an der anonymisierten Analyse des Nutzerverhaltens, um sowohl sein Webangebot als auch seine Werbung zu optimieren. <\/p>\n\n\n\n<p>Der Google Consent Mode kann technisch als Schnittstelle sog. API angesehen werden. Abh\u00e4ngig von der durch den Seitennutzer vorgenommen Konfiguration (Zustimmung oder Ablehnung von Ads- und Analytics-Cookies), passt der Google Dienst sein \u201eVerhalten\u201c an. Die Privatsph\u00e4re der Seitennutzer ist gesch\u00fctzt. Eine detaillierte Beschreibung der Funktionsweise findet sich unter nachstehendem Link<br><br><a href=\"https:\/\/support.google.com\/google-ads\/answer\/10000067?hl=de\">https:\/\/support.google.com\/google-ads\/answer\/10000067?hl=de<\/a><\/p>\n\n\n\n<h3 class=\"wp-block-heading\">Google Tag Manager<\/h3>\n\n\n\n<p>Wir verwenden auf unserer Webseite \u201eGoogle Tag Manager\u201c, einen Dienst der Google LLC. Google Tag Manager erm\u00f6glicht uns Webseiten-Tags \u00fcber eine Oberfl\u00e4che verwalten zu k\u00f6nnen. Das Tool Google Tag Manager, welches die Tags implementiert, ist eine cookielose Domain und erfasst selbst keine personenbezogenen Daten. Google Tag Manager sorgt f\u00fcr die Ausl\u00f6sung anderer Tags, die ihrerseits unter Umst\u00e4nden Daten erfassen. Google Tag Manager greift nicht auf diese Daten zu. Wenn auf Domain- oder Cookie-Ebene eine Deaktivierung vorgenommen wurde, bleibt diese f\u00fcr alle Tracking-Tags bestehen, die mit Google Tag Manager implementiert werden. Google hat sich dem zwischen der Europ\u00e4ischen Union und den USA geschlossenen EU-US Data Privacy Framework unterworfen und sich zertifiziert. Dadurch verpflichtet sich Google, die Standards und Vorschriften des europ\u00e4ischen Datenschutzrechts einzuhalten.<\/p>\n\n\n\n<p>N\u00e4here Informationen finden Sie hier:<br><br><a href=\"https:\/\/www.dataprivacyframework.gov\/list\">https:\/\/www.dataprivacyframework.gov\/list<\/a><br><br>FAQ Google Tag Manager: <a href=\"https:\/\/www.google.com\/intl\/de\/tagmanager\/faq.html\">https:\/\/www.google.com\/intl\/de\/tagmanager\/faq.html<\/a>, Nutzungsbedingungen Google Tag Manager:<br><a href=\"https:\/\/www.google.com\/intl\/de\/tagmanager\/use-policy.html\">https:\/\/www.google.com\/intl\/de\/tagmanager\/use-policy.html<\/a>.<\/p>\n\n\n\n<h3 class=\"wp-block-heading\">Verwendung von Google Maps<\/h3>\n\n\n\n<p>Diese Webseite verwendet Google Maps API, um geographische Informationen visuell darzustellen. Bei der Nutzung von Google Maps werden von Google auch Daten \u00fcber die Nutzung (IP-Adresse, im Rahmen der Routenplanung eingegebene (Start-)Anschrift, Internetadresse oder URL der aufgerufenen Webseite, Datum und Uhrzeit des Besuchs auf der betreffenden Webseite) der Kartenfunktionen durch Besucher erhoben, verarbeitet und genutzt. N\u00e4here Informationen \u00fcber die Datenverarbeitung durch Google k\u00f6nnen Sie <a href=\"https:\/\/policies.google.com\/privacy\">den Google-Datenschutzhinweisen<\/a> entnehmen. Dort k\u00f6nnen Sie im Datenschutzcenter auch Ihre pers\u00f6nlichen Datenschutz-Einstellungen ver\u00e4ndern.<\/p>\n\n\n\n<h3 class=\"wp-block-heading\">YouTube<\/h3>\n\n\n\n<p>Auf der Website wird der Dienst YouTube des Unternehmens Google Ireland Ltd., Gordon House, Barrow Street, 4 Dublin, Irland, verwendet. Die Verarbeitung erfolgt auch in einem Drittstaat, f\u00fcr den kein Angemessenheitsbeschluss der Kommission vorliegt. Daher kann das f\u00fcr die DSGVO \u00fcbliche Schutzniveau bei der \u00dcbermittlung nicht gew\u00e4hrleistet werden, da nicht auszuschlie\u00dfen ist, dass im Drittland z.B. Beh\u00f6rden Zugriff auf die erhobenen Daten nehmen k\u00f6nnen.<\/p>\n\n\n\n<p>Rechtsgrundlage f\u00fcr die \u00dcbermittlung der personenbezogenen Daten stellt Ihre Einwilligung gem. Art. 6 Abs. 1 lit. a DSGVO bzw. Art. 9 Abs. 2 lit. a DSGVO dar, die Sie auf unserer Internetseite get\u00e4tigt haben.<\/p>\n\n\n\n<p>\u00dcber den Dienst YouTube werden auf der Website Videos der Plattform YouTube eingebunden.<\/p>\n\n\n\n<p>Im Rahmen der Auftragsverarbeitung kann es auch zu einer \u00dcbermittlung von personenbezogenen Daten an die Server des Unternehmens Google LLC, 1600 Amphitheatre Parkway, 94043 Mountain View, USA kommen.<\/p>\n\n\n\n<p>Ihre Einwilligung k\u00f6nnen Sie jederzeit widerrufen. N\u00e4here Informationen zum Widerruf Ihrer Einwilligung finden Sie entweder bei der Einwilligung selbst oder am Ende dieser Datenschutzerkl\u00e4rung.<\/p>\n\n\n\n<p>Weitere Informationen zum Handling der \u00fcbertragenen Daten finden Sie in der Datenschutzerkl\u00e4rung des Anbieters unter https:\/\/policies.google.com\/privacy.<\/p>\n\n\n\n<h3 class=\"wp-block-heading\">Vimeo<\/h3>\n\n\n\n<p>Auf der Website wird der Dienst Vimeo als Plug-in zur Anzeige von Video-Inhalten eingesetzt. Anbieter von Vimeo ist Vimeo LLC, 555 West 18th Street, New York, New York 10011, USA.<\/p>\n\n\n\n<p>Besucht der Websitenutzer eine Seite mit eingebettetem Vimeo-Video verbindet sich der Nutzer-Browser mit den Servern von Vimeo und werden dabei auch Daten \u00fcbertragen. Hat der Websitenutzer kein eigenes Vimeo-Konto, sammelt Vimeo Daten \u00fcber den jeweiligen Nutzer wie zB IP-Adresse, technische Informationen \u00fcber den verwendeten Browsertyp, Betriebssystem oder andere Ger\u00e4teinformationen.<\/p>\n\n\n\n<p>Hat der Websitenutzer ein eigenes Vimeo-Konto und ist eingeloggt, k\u00f6nnen meist mehr Daten gesammelt und mit dem Vimeo-Account verkn\u00fcpft werden.<\/p>\n\n\n\n<p>Um dies zu verhindert wird empfohlen sich aus einem ggf. vorhandenen Vimeo-Account auszuloggen. Dar\u00fcber hinaus sollte der Seitennutzer seine Cookieeinstellungen derart konfigurieren, dass sie seinen Anspr\u00fcchen und Vorstellungen in Zusammenhang mit der Verarbeitung seiner personenbezogenen Daten entsprechen.<\/p>\n\n\n\n<h3 class=\"wp-block-heading\">LinkedIn<\/h3>\n\n\n\n<p>Die Betreibergesellschaft von LinkedIn ist die LinkedIn Corporation, 2029 Stierlin Court Mountain View, CA 94043, USA. F\u00fcr Datenschutzangelegenheiten au\u00dferhalb der USA ist LinkedIn Ireland, Privacy Policy Issues, Wilton Plaza, Wilton Place, Dublin 2, Ireland.<\/p>\n\n\n\n<p>F\u00fcr die Verarbeitung personenbezogener Daten bei dem Besuch der LinkedIn-Unternehmensseite ist grunds\u00e4tzlich die LinkedIn Ireland Unlimited Company (Irland\/EU \u2013 \u201eLinkedIn\u201c) allein Verantwortlicher. Weitere Hinweise \u00fcber die Verarbeitung personenbezogener Daten durch LinkedIn erh\u00e4lt man unter<br>https:\/\/www.linkedin.com\/legal\/privacy-policy?trk=homepage-basic_footer-privacy-policy.<\/p>\n\n\n\n<p>Fortf\u00fchrende Informationen zu den LinkedIn-Plug-Ins k\u00f6nnen unter<br>https:\/\/developer.linkedin.com\/plugins abgerufen werden. Im Rahmen dieses technischen Verfahrens erh\u00e4lt LinkedIn Kenntnis dar\u00fcber, welche konkrete Unterseite dieser Website durch den Websitenutzer\/ die betroffene Person besucht wird, so es aktiviert wurde (aktuell wird unsererseits lediglich ein einfacher Link und kein Plugin genutzt, dh personenbezogene Daten werden nicht generiert und\/ oder weitergegeben).<\/p>\n\n\n\n<p>Sofern der Websitenutzer\/ die betroffene Person gleichzeitig bei LinkedIn eingeloggt ist, erkennt LinkedIn mit jedem Aufruf dieser Website durch den Websitenutzer und w\u00e4hrend der gesamten Dauer des jeweiligen Aufenthaltes auf dieser Website, welche konkrete Unterseite dieser Webseite der Websitenutzer besucht.<\/p>\n\n\n\n<p>Diese Informationen werden durch die LinkedIn-Komponente gesammelt und durch LinkedIn dem jeweiligen LinkedIn-Account dem Seitenbesucher zugeordnet. Bet\u00e4tigt der Websitebesucher einen auf der Website integrierten LinkedIn-Button, ordnet LinkedIn diese Information dem pers\u00f6nlichen LinkedIn-Benutzerkonto des Nutzers zu und speichert diese personenbezogenen Daten.<\/p>\n\n\n\n<p>LinkedIn erh\u00e4lt \u00fcber die LinkedIn-Komponente immer dann eine Information dar\u00fcber, dass der Nutzer diese Website besucht hat, wenn er zum Zeitpunkt des Aufrufes dieser Webseite gleichzeitig bei LinkedIn eingeloggt ist; dies findet nur dann statt, wenn der Websitebesucher die LinkedIn-Komponente anklickt. Ist eine derartige \u00dcbermittlung dieser Informationen an LinkedIn von Websitebesucher nicht gewollt, kann diese die \u00dcbermittlung dadurch verhindern, dass er sich vor einem Aufruf unserer Webseite aus seinem LinkedIn-Account ausloggt bzw. die LinkedIn Komponente nicht anklickt.<\/p>\n\n\n\n<p>LinkedIn bietet unter https:\/\/www.linkedin.com\/psettings\/guest-controls die M\u00f6glichkeit, E-Mail-Nachrichten, SMS-Nachrichten und zielgerichtete Anzeigen abzubestellen sowie Anzeigen-Einstellungen zu verwalten.<\/p>\n\n\n\n<p>LinkedIn nutzt ferner Partner wie Quantcast, Google Analytics, BlueKai, DoubleClick, Nielsen, Comscore, Eloqua und Lotame, die Cookies setzen k\u00f6nnen.<\/p>\n\n\n\n<p>Solche Cookies k\u00f6nnen unter https:\/\/www.linkedin.com\/legal\/cookie-policy abgelehnt werden. Die Cookie-Richtlinie von LinkedIn ist unter https:\/\/www.linkedin.com\/legal\/cookie-policy abrufbar.<\/p>\n\n\n\n<p>Datenschutzerkl\u00e4rung von LinkedIn: https:\/\/de.linkedin.com\/legal\/privacy-policy?_l=de_DE<\/p>\n\n\n\n<p>Rechtsgrundlage der Verarbeitung<\/p>\n\n\n\n<p>Einwilligung (Art. 6 Abs. 1 S. 1 lit a DSGVO), Berechtigte Interessen (Art. 6 Abs. 1 S. 1 lit. f DSGVO).<\/p>\n\n\n\n<p>Aufgrund der aktuellen Gesetze in den USA kann es sein, dass bei der Nutzung von US-Amerikanischen Anbietern personenbezogene Nutzerdaten von amerikanischen Ermittlungsbeh\u00f6rden ohne richterliche Einwilligung eingesehen werden. Auch wenn diese Anbieter dsgvo-konforme Verarbeitung garantieren, ist in diesen F\u00e4llen aus Sicht der Europ\u00e4ischen Union (\u201eEU\u201c) kein den EU-Standards entsprechendes \u201eangemessenes Schutzniveau\u201c f\u00fcr die Verarbeitung personenbezogener Daten gew\u00e4hrleistet. Es besteht in diesem Fall das Risiko, dass das von der DSGVO vorgeschriebene Datenschutzniveau nicht eingehalten und die Durchsetzung der Nutzerrechte nicht oder nur erschwert erfolgen kann.<\/p>\n\n\n\n<h3 class=\"wp-block-heading\">Meta (Instagram und Facebook)<\/h3>\n\n\n\n<p>Auf der Website werden die Dienste Instagram und Facebook des Unternehmens Meta Platforms Inc., 1 Hacker Way, Menlo Park, CA 94025, USA eingesetzt.<\/p>\n\n\n\n<p>Auf unserer Website verwenden wir mit Ihrer Einwilligung den Meta (Facebook) Pixel, ein Analyse-Tool von Meta Platforms Inc. Der Pixel ist ein Code, der beim Besuch unserer Website ein Cookie auf Ihrem Endger\u00e4t setzt. Dieses Cookie enth\u00e4lt eine anonyme ID und keine direkt personenbezogenen Daten.<\/p>\n\n\n\n<p>Wenn Sie w\u00e4hrend des Besuchs unserer Website bei Facebook oder Instagram angemeldet sind, kann Meta diese ID mit Ihrem Profil verkn\u00fcpfen. Dadurch kann nachvollzogen werden, ob Sie z.\u202fB. \u00fcber eine Facebook-Werbeanzeige auf unsere Website gelangt sind oder mit bestimmten Inhalten interagiert haben. So k\u00f6nnen wir die Wirksamkeit unserer Facebook-\/Instagram-Werbeanzeigen auswerten (\u201eConversion Tracking\u201c) und unsere Werbema\u00dfnahmen zielgerichteter und interessenbasiert gestalten.<\/p>\n\n\n\n<p>Dabei werden unter anderem Informationen wie IP-Adresse, Browsertyp, besuchte Seiten und Zeitpunkt des Seitenaufrufs erfasst und verarbeitet. Diese Daten k\u00f6nnen von Meta f\u00fcr eigene Werbezwecke verwendet und mit weiteren Daten, die Meta \u00fcber Sie gespeichert hat, kombiniert werden.<\/p>\n\n\n\n<p>Rechtsgrundlage f\u00fcr die \u00dcbermittlung der personenbezogenen Daten stellt Ihre Einwilligung gem. Art 6 Abs 1 lit a DSGVO dar, die Sie auf der Website get\u00e4tigt haben. Daraus ergeben sich Risiken in Zusammenhang mit der Rechtm\u00e4\u00dfigkeit und Sicherheit der Datenverarbeitung. Sie k\u00f6nnen Ihre Einwilligung jederzeit \u00fcber unser Cookie-Banner widerrufen.<\/p>\n\n\n\n<p>N\u00e4here Informationen unter <a href=\"https:\/\/www.leeb-balkone.com\/app\/uploads\/2025\/04\/Datenschutz-Facebook.pdf\">https:\/\/www.leeb-balkone.com\/app\/uploads\/2025\/04\/Datenschutz-Facebook.pdf<\/a> und <a href=\"https:\/\/www.leeb-balkone.com\/app\/uploads\/2025\/04\/Datenschutz-Instagram.pdf\">https:\/\/www.leeb-balkone.com\/app\/uploads\/2025\/04\/Datenschutz-Instagram.pdf<\/a>. <\/p>\n\n\n\n<h3 class=\"wp-block-heading\">TikTok<\/h3>\n\n\n\n<p>Auf dieser Website wird der Dienst TikTok (Video- und Social Media-Kanal) des chinesischen Unternehmens Beijing Bytedance Technology Ltd.<br>(Mutterunternehmen) eingesetzt. Dieses Unternehmen hat eine f\u00fcr den europ\u00e4ischen Rechtsraum zust\u00e4ndige Niederlassung (Tochterunternehmen): TikTok Technology Limited, 10 Earlsfort Terrace, Dublin, D02T380, Irland.<\/p>\n\n\n\n<p>Die Verarbeitung erfolgt auch in einem Drittstaat (wie etwa USA), f\u00fcr den kein Angemessenheits-beschluss der Kommission vorliegt. Daher kann das f\u00fcr die DSGVO \u00fcbliche Schutzniveau bei der \u00dcbermittlung nicht gew\u00e4hrleistet werden, da nicht auszuschlie\u00dfen ist, dass im Drittland z.B. Beh\u00f6rden Zugriff auf die erhobenen Daten haben k\u00f6nnen. Rechtsgrundlage f\u00fcr die \u00dcbermittlung der personenbezogenen Daten stellt Ihre Einwilligung gem. Art 6 Abs 1 lit a DSGVO dar, die Sie auf der Website get\u00e4tigt haben. Daraus ergeben sich Risiken in Zusammenhang mit der Rechtm\u00e4\u00dfigkeit und Sicherheit der Datenverarbeitung. TikTok nutzt als Grundlage f\u00fcr die Datenverarbeitung und\/ oder \u2013weitergabe die sog. Standardvertragsklauseln (= Standard Contractual Clauses\/ SCC) (Art 46 Abs 2 und 3 DSGVO). Hierbei stellt die EU-Kommission Mustervorlagen bereit, die sicherstellen sollten, dass auch in Drittl\u00e4ndern die europ\u00e4ischen Datenschutzstandards eingehalten werden. Details dazu k\u00f6nnen unter nachfolgenden Link angerufen werden:<\/p>\n\n\n\n<p>https:\/\/www.tiktok.com\/legal\/privacy-policy-eea?lang=de<\/p>\n\n\n\n<h3 class=\"wp-block-heading\">Pinterest<\/h3>\n\n\n\n<p>Auf dieser Website wird der Dienst Pinterest (fotografische- und grafische Pr\u00e4sentationen von Interessen und Hobbies) des amerikanischen Anbieters Pinterest Inc. (Mutterunternehmen), 808 Brannan Street, San Francisco, CA, 94103, USA eingesetzt. Dieses Unternehmen hat eine f\u00fcr den europ\u00e4ischen Rechtsraum zust\u00e4ndige Niederlassung (Tochterunternehmen): Pinterest Europe Ltd., Palmerston House, Fenian Street, Dublin 2, Irland.<\/p>\n\n\n\n<p>Die Verarbeitung kann dabei auch in einem Drittstaat (wie etwa USA), f\u00fcr den kein Angemessenheitsbeschluss der Kommission vorliegt, erfolgen. Daher kann das f\u00fcr die DSGVO \u00fcbliche Schutzniveau bei der \u00dcbermittlung nicht gew\u00e4hrleistet werden, da nicht auszuschlie\u00dfen ist, dass im Drittland z.B. Beh\u00f6rden Zugriff auf die erhobenen Daten haben k\u00f6nnen. Rechtsgrundlage f\u00fcr die \u00dcbermittlung der personenbezogenen Daten stellt Ihre Einwilligung gem. Art 6 Abs 1 lit a DSGVO dar, die Sie auf der Website get\u00e4tigt haben. Daraus ergeben sich Risiken in Zusammenhang mit der Rechtm\u00e4\u00dfigkeit und Sicherheit der Datenverarbeitung.<\/p>\n\n\n\n<p>Pinterest verarbeitet insbesondere sog. Protokolldaten (beispielsweise Nutzerdaten zu Browser, IP-Adresse, vorgenommene Aktivit\u00e4ten \u2013 zB hat der Nutzer den Merken- und\/ oder Pin-Button geklickt). Hat der Nutzer dieser Website ein Pinterest-Profil und ist im Profil eingeloggt, k\u00f6nnen die Daten seiner Nutzung dieser Website von Pinterest erhoben und seinem Pinterest-Profil f\u00fcr Werbezwecke zugeordnet werden. Bei Interaktion mit den Pinterest-Funktionen dieser Website erfolgt meist eine Weiterleitung auf die Pinterest-Seite dieses Unternehmens.<\/p>\n\n\n\n<p>Um dies zu verhindert wird empfohlen sich aus einem ggf. vorhandenen Pinterest-Profil auszuloggen. Begleitend dazu sollte der Seitennutzer seine Cookieeinstellungen derart konfigurieren, dass sie seinen Anspr\u00fcchen und Vorstellungen in Zusammenhang mit der Verarbeitung seiner personenbezogenen Daten entsprechen.<\/p>\n\n\n\n<p>Die Verarbeitung erfolgt auch in einem Drittstaat (wie etwa USA), f\u00fcr den kein Angemessenheitsbeschluss der Kommission vorliegt. Daher kann das f\u00fcr die DSGVO \u00fcbliche Schutzniveau bei der \u00dcbermittlung nicht gew\u00e4hrleistet werden, da nicht auszuschlie\u00dfen ist, dass im Drittland z.B. Beh\u00f6rden Zugriff auf die erhobenen Daten haben k\u00f6nnen. Rechtsgrundlage f\u00fcr die \u00dcbermittlung der personenbezogenen Daten stellt Ihre Einwilligung gem. Art 6 Abs 1 lit a DSGVO dar, die Sie auf der Website get\u00e4tigt haben. Daraus ergeben sich Risiken in Zusammenhang mit der Rechtm\u00e4\u00dfigkeit und Sicherheit der Datenverarbeitung. Pinterest nutzt als Grundlage f\u00fcr die Datenverarbeitung und\/ oder \u2013weitergabe die sog. Standardvertragsklauseln (= Standard Contractual Clauses\/ SCC) (Art 46 Abs 2 und 3 DSGVO). Hierbei stellt die EU-Kommission Mustervorlagen bereit, die sicherstellen sollten, dass auch in Drittl\u00e4ndern die europ\u00e4ischen Datenschutzstandards eingehalten werden. Details dazu k\u00f6nnen unter nachfolgenden Link angerufen werden:<\/p>\n\n\n\n<p>https:\/\/policy.pinterest.com\/de\/privacy-policy sowie<br>https:\/\/policy.pinterest.com\/de\/privacy-policy#section-residents-of-the-eea<\/p>\n\n\n\n<h3 class=\"wp-block-heading\">KlickTipp<\/h3>\n\n\n\n<p>In der onlinegest\u00fctzten Kommunikation mit Ihnen setzen wir die Leistungen der KLICK-TIPP LIMITED, 15 Cambridge Court, 210 Shepherd\u2019s Bush Road, London W6 7NJ, Vereinigtes K\u00f6nigreich ein. Vertreter der KLICK-TIPP LIMITED i.S.v. Artikel 27 DSGVO ist die Waterton Knowledge Center WKC UG, Friedrichstr. 53a, 15537 Erkner, vertreten durch Ulf Castelle, DSGVO-Vertreter@klicktipp.com. Wir beziehen diese Leistungen \u00fcber ein Hauptvertragsverh\u00e4ltnis mit der Digistore24 GmbH, St.-Godehard-Stra\u00dfe 32, 31139 Hildesheim. Digistore24 ist ein Wiederverk\u00e4ufer (englisch Reseller), der Produkte oder Dienstleistungen, wie Klick-Tipp beschafft und diese ohne wesentliche Weiterverarbeitung an K\u00e4ufer ver\u00e4u\u00dfert. Mit Klick-Tipp selbst haben wir zus\u00e4tzlich eine Auftragsverarbeitung i.S.v. Artikel 28 DSGVO geschlossen. So ist sichergestellt, dass wir die volle Kontrolle \u00fcber die dort verarbeiteten personenbezogenen Daten haben und dass Klick-Tipp spiegelbildlich unsere Weisungen umsetzt.<br>Wir speichern bei Klick-Tipp Ihre Kontaktdaten und verarbeiten ggf. die Daten, die wir \u00fcber die in dieser Datenschutzerkl\u00e4rung n\u00e4her bezeichneten Online-Marketing-Tools verarbeiten. Denn diese Anbieter sind \u00fcber eine sichere Schnittstelle bei Klick-Tipp vollintegriert. Daher ist es m\u00f6glich, dass Klick-Tipp diese Daten zur Kenntnis nimmt, wobei \u2013 wie bereits oben erw\u00e4hnt \u2013 Klick-Tipp kein eigenes Verwendungsrecht bzgl. dieser Daten hat und unseren Weisungen vollends unterliegt.<br>\u00dcberdies haben wir bei Klick-Tipp die M\u00f6glichkeit, Ihre personenbezogenen Daten mit sog. Tags zu verkn\u00fcpfen. Klick-Tipp unterscheidet zwei Arten von Tags: SmartTags: Wenn sich ein Kontakt \u00fcber ein Anmeldeformular anmeldet, erh\u00e4lt er automatisch einen Tag mit dem Namen des betreffenden Anmeldeformulars. Au\u00dferdem setzt Klick-Tipp automatisch die Tags \u201eE-Mail erhalten\u201c, \u201eE-Mail ge\u00f6ffnet\u201c, \u201eE-Mail geklickt\u201c und \u201eE-Mail im Browser angesehen\u201c. Manuelle Tags: Zus\u00e4tzlich zu SmartTags k\u00f6nnen manuelle Tags erstellt werden. So k\u00f6nnen Sie Kontakte beispielsweise mit dem Tag \u201eKunde\u201c oder \u2013 noch spezifischer \u2013 mit dem Tag \u201eProdukt B gekauft\u201c versehen.<br>Die Einzelheiten \u00fcber diese und weitere M\u00f6glichkeiten, die wir bei Klick-Tipp nutzen, finden Sie im <a href=\"https:\/\/support.klicktipp.com\/\">KlickTipp Handbuch<\/a> sowie in der <a href=\"https:\/\/www.klicktipp.com\/de\/datenschutzerklarung\/\">Datenschutzerkl\u00e4rung<\/a> und der <a href=\"https:\/\/www.klicktipp.com\/de\/anti-spam-policy\/\">Anti-Spam Policy<\/a>.<\/p>\n\n\n\n<p>Die KlickTipp Limited mit dem Standort in Gro\u00dfbritannien unterliegt dem Angemessenheitsbeschluss der EU gem. Art. 45 Abs. 3 DSGVO, wonach auch hier ein angemessenes Datenschutzniveau gegeben ist.<\/p>\n\n\n\n<p>Sie k\u00f6nnen diese Einwilligungen jederzeit und unabh\u00e4ngig voneinander widerrufen. Ein Widerruf hat zur Folge, dass wir Ihre Daten ab diesem Zeitpunkt f\u00fcr die oben genannten Zwecke nicht mehr verarbeiten. F\u00fcr einen Widerruf wenden Sie sich bitte an die oben genannte Kontaktm\u00f6glichkeit.<\/p>\n\n\n\n<h2 class=\"wp-block-heading\"><mark style=\"background-color:rgba(0, 0, 0, 0)\" class=\"has-inline-color has-primary-color\">Verarbeitung zur Wahrung unseres berechtigten Interesses (Art. 6 Abs. 1 lit. f DSGVO)<\/mark><\/h2>\n\n\n\n<h3 class=\"wp-block-heading\"><strong>Zugriffsdaten und Hosting<\/strong><\/h3>\n\n\n\n<p>Sie k\u00f6nnen unsere Webseiten besuchen, ohne Angaben zu Ihrer Person zu machen. Bei jedem Aufruf einer Webseite speichert der Webserver lediglich automatisch ein sogenanntes Server-Logfile, das z.B. den Namen der angeforderten Datei, Ihre IP-Adresse, Datum und Uhrzeit des Abrufs, \u00fcbertragene Datenmenge und den anfragenden Provider (Zugriffsdaten) enth\u00e4lt und den Abruf dokumentiert. Diese Zugriffsdaten werden ausschlie\u00dflich zum Zwecke der Sicherstellung eines st\u00f6rungsfreien Betriebs der Seite sowie der Verbesserung unseres Angebots ausgewertet. Dies dient gem\u00e4\u00df Art. 6 Abs. 1 S. 1 lit. f DSGVO der Wahrung unserer im Rahmen einer Interessensabw\u00e4gung \u00fcberwiegenden berechtigten Interessen an einer korrekten Darstellung unseres Angebots. Alle Zugriffsdaten werden sp\u00e4testens sieben Tage nach Ende Ihres Seitenbesuchs gel\u00f6scht.<\/p>\n\n\n\n<h2 class=\"wp-block-heading\"><mark style=\"background-color:rgba(0, 0, 0, 0)\" class=\"has-inline-color has-primary-color\">Hostingdienstleistungen durch einen Drittanbieter<\/mark><\/h2>\n\n\n\n<p>Im Rahmen einer Verarbeitung in unserem Auftrag erbringt ein Drittanbieter f\u00fcr uns die Dienste zum Hosting und zur Darstellung der Webseite. Dies dient der Wahrung unserer im Rahmen einer Interessensabw\u00e4gung \u00fcberwiegenden berechtigten Interessen an einer korrekten Darstellung unseres Angebots. Alle Daten, die im Rahmen der Nutzung dieser Webseite oder in daf\u00fcr vorgesehenen Formularen im Onlineshop wie folgend beschrieben erhoben werden, werden auf seinen Servern verarbeitet. Eine Verarbeitung auf anderen Servern findet nur in dem hier erl\u00e4uterten Rahmen statt. Dieser Dienstleister sitzt innerhalb eines Landes der Europ\u00e4ischen Union oder des Europ\u00e4ischen Wirtschaftsraums.<\/p>\n\n\n\n<h3 class=\"wp-block-heading\">Integration des Trusted Shops Trustbadge<\/h3>\n\n\n\n<p>Zur Anzeige unseres Trusted Shops G\u00fctesiegels sowie zum Angebot der Trusted Shops Mitgliedschaft f\u00fcr K\u00e4ufer nach einer Bestellung ist auf dieser Webseite das Trusted Shops Trustbadge eingebunden. Dies dient der Wahrung unserer im Rahmen einer Interessensabw\u00e4gung \u00fcberwiegenden berechtigten Interessen an einer optimalen Vermarktung unseres Angebots gem\u00e4\u00df Art. 6 Abs. 1 S. 1 lit. f DSGVO. Das Trustbadge und die damit beworbenen Dienste sind ein Angebot der Trusted Shops GmbH, Subbelrather Str. 15C, 50823 K\u00f6ln. Bei dem Aufruf des Trustbadge speichert der Webserver automatisch ein sogenanntes Server-Logfile, das z.B. Ihre IP-Adresse, Datum und Uhrzeit des Abrufs, \u00fcbertragene Datenmenge und den anfragenden Provider (Zugriffsdaten) enth\u00e4lt und den Abruf dokumentiert. Diese Zugriffsdaten werden nicht ausgewertet und sp\u00e4testens sieben Tagen nach Ende Ihres Seitenbesuchs automatisch \u00fcberschrieben. Weitere personenbezogene Daten werden lediglich an Trusted Shops \u00fcbertragen, soweit Sie hierzu eingewilligt haben, sich nach Abschluss einer Bestellung f\u00fcr die Nutzung von Trusted Shops Produkten entscheiden oder sich bereits f\u00fcr die Nutzung registriert haben. In diesem Fall gilt die zwischen Ihnen und Trusted Shops getroffene vertragliche Vereinbarung.<\/p>\n\n\n\n<h3 class=\"wp-block-heading\">Cookies und Webanalyse<\/h3>\n\n\n\n<p>Um den Besuch unserer Website attraktiv zu gestalten und die Nutzung bestimmter Funktionen zu erm\u00f6glichen, um passende Produkte anzuzeigen oder zur Marktforschung verwenden wir auf verschiedenen Seiten sogenannte Cookies. Dies dient der Wahrung unserer im Rahmen einer Interessensabw\u00e4gung \u00fcberwiegenden berechtigten Interessen an einer optimierten Darstellung unseres Angebots gem\u00e4\u00df Art. 6 Abs. 1 S. 1 lit. f DSGVO. Cookies sind kleine Textdateien, die automatisch auf Ihrem Endger\u00e4t gespeichert werden. Einige der von uns verwendeten Cookies werden nach Ende der Browser-Sitzung, also nach Schlie\u00dfen Ihres Browsers, wieder gel\u00f6scht (sog. Sitzungs-Cookies). Andere Cookies verbleiben auf Ihrem Endger\u00e4t und erm\u00f6glichen uns, Ihren Browser beim n\u00e4chsten Besuch wiederzuerkennen (persistente Cookies). Die Dauer der Speicherung k\u00f6nnen Sie der \u00dcbersicht in den Cookie-Einstellungen Ihres Webbrowsers entnehmen. Sie k\u00f6nnen Ihren Browser so einstellen, dass Sie \u00fcber das Setzen von Cookies informiert werden und einzeln \u00fcber deren Annahme entscheiden oder die Annahme von Cookies f\u00fcr bestimmte F\u00e4lle oder generell ausschlie\u00dfen. Jeder Browser unterscheidet sich in der Art, wie er die Cookie-Einstellungen verwaltet. Diese ist in dem Hilfemen\u00fc jedes Browsers beschrieben, welches Ihnen erl\u00e4utert, wie Sie Ihre Cookie-Einstellungen \u00e4ndern k\u00f6nnen. Diese finden Sie f\u00fcr die jeweiligen Browser unter den folgenden Links:<br>Internet Explorer\u2122: http:\/\/windows.microsoft.com\/de-DE\/windows-vista\/Block-or-allow-cookies<br>Safari\u2122: https:\/\/support.apple.com\/kb\/ph21411?locale=de_DE<br>Chrome\u2122: http:\/\/support.google.com\/chrome\/bin\/answer.py?hl=de&amp;hlrm=en&amp;answer=95647 Firefox\u2122 https:\/\/support.mozilla.org\/de\/kb\/cookies-erlauben-und-ablehnen<br>Opera\u2122 : http:\/\/help.opera.com\/Windows\/10.20\/de\/cookies.html<\/p>\n\n\n\n<p>Bei der Nichtannahme von Cookies kann die Funktionalit\u00e4t unserer Website eingeschr\u00e4nkt sein.<\/p>\n\n\n\n<h2 class=\"wp-block-heading\"><mark style=\"background-color:rgba(0, 0, 0, 0)\" class=\"has-inline-color has-primary-color\">Wie lange werden Ihre Daten gespeichert?<\/mark><\/h2>\n\n\n\n<p>Die erhobenen Daten werden unverz\u00fcglich gel\u00f6scht, wenn feststeht, dass sie f\u00fcr die Zwecke, f\u00fcr die sie erhoben wurden, nicht mehr ben\u00f6tigt werden, Sie ihre Einwilligung, auf die eine Verarbeitung gest\u00fctzt wurde, widerrufen oder personenbezogene Daten unrechtm\u00e4\u00dfig verarbeitet wurden. Dar\u00fcber hinaus bis zur Beendigung von allf\u00e4lligen Rechtsstreitigkeiten, bei denen die Daten als Beweis ben\u00f6tigt werden. Wir speichern Ihre Daten au\u00dferdem im Rahmen der gesetzlichen Aufbewahrungspflichten, insbesondere:<\/p>\n\n\n\n<ul class=\"wp-block-list\">\n<li>Unternehmensrechtliche Aufbewahrungspflicht nach \u00a7\u00a7 190, 212 UGB: 7 Jahre<\/li>\n\n\n\n<li>Steuerrechtliche Aufbewahrungspflicht nach 132 Abs 1 BAO: 7 Jahre<\/li>\n\n\n\n<li>Gew\u00e4hrleistung nach \u00a7 933 ABGB: 2 Jahre (bewegliche Sachen), 3 Jahre (unbewegliche Sachen)<\/li>\n\n\n\n<li>Allgemeiner Schadenersatz nach \u00a7 1489 ABGB (Entsch\u00e4digungsklagen): 3 Jahre (wenn Schaden und Sch\u00e4diger bekannt)<\/li>\n\n\n\n<li>Unternehmensrechtliche Aufbewahrungspflicht nach \u00a7\u00a7 190, 212 UGB: 7 Jahre<\/li>\n\n\n\n<li>Haftungsanspr\u00fcche nach 13 PHG: 30 Jahre<\/li>\n<\/ul>\n\n\n\n<h2 class=\"wp-block-heading has-primary-color has-text-color\"><strong>An wen werden meine Daten weitergegeben?<\/strong><\/h2>\n\n\n\n<p>Zur Vertragserf\u00fcllung gem\u00e4\u00df Art. 6 Abs. 1 S. 1 lit. b DSGVO geben wir Ihre Daten an Vertrags- oder Gesch\u00e4ftspartner, die an der Lieferung oder Leistung mitwirken bzw. mitwirken sollen, beispielsweise das mit der Lieferung beauftragte Versandunternehmen oder Produzenten, weiter. Au\u00dferdem an folgende Empf\u00e4nger:<\/p>\n\n\n\n<ul class=\"wp-block-list\">\n<li>Finanzamt<\/li>\n\n\n\n<li>Gerichte und Rechtsvertreter im Anlassfall<\/li>\n\n\n\n<li>Vertrags- oder Gesch\u00e4ftspartner, die an der Lieferung oder Leistung mitwirken bzw. mitwirken sollen, wie z.B. Speditionen, Vertriebs- und Montagepartner.<\/li>\n\n\n\n<li>Bundesanstalt \u201eStatistik \u00d6sterreich\u201c f\u00fcr die Erstellung der gesetzlich vorgeschriebenen (amtlichen) Statistiken<\/li>\n<\/ul>\n\n\n\n<h2 class=\"wp-block-heading has-primary-color has-text-color\">Werden personenbezogene Daten auch an internationale Organisationen oder an ein Drittland \u00fcbermittelt?<\/h2>\n\n\n\n<p>Es findet ohne Zustimmung des Nutzers\/der Nutzerin keine \u00dcbermittlung personenbezogener Daten an ein Drittland (Staaten au\u00dferhalb der Europ\u00e4ischen Union bzw. dem Europ\u00e4ischen Wirtschaftsraum) oder eine internationale Organisation statt.<\/p>\n\n\n\n<h2 class=\"wp-block-heading has-primary-color has-text-color\"><strong>Kontaktm\u00f6glichkeiten und Ihre Rechte<\/strong><\/h2>\n\n\n\n<p>Als Betroffener haben Sie folgende Rechte:<\/p>\n\n\n\n<ul class=\"wp-block-list\">\n<li>gem\u00e4\u00df Art. 15 DSGVO das Recht, in dem dort bezeichneten Umfang Auskunft \u00fcber Ihre von uns verarbeiteten personenbezogenen Daten zu verlangen;<\/li>\n\n\n\n<li>gem\u00e4\u00df Art. 16 DSGVO das Recht, unverz\u00fcglich die Berichtigung unrichtiger oder Vervollst\u00e4ndigung Ihrer bei uns gespeicherten personenbezogenen Daten zu verlangen;<\/li>\n\n\n\n<li>gem\u00e4\u00df Art. 17 DSGVO das Recht, die L\u00f6schung Ihrer bei uns gespeicherten personenbezogenen Daten zu verlangen, soweit nicht die weitere Verarbeitung<br>\u2013 zur Aus\u00fcbung des Rechts auf freie Meinungs\u00e4u\u00dferung und Information;<br>\u2013 zur Erf\u00fcllung einer rechtlichen Verpflichtung;<br>\u2013 aus Gr\u00fcnden des \u00f6ffentlichen Interesses oder<br>\u2013 zur Geltendmachung, Aus\u00fcbung oder Verteidigung von Rechtsanspr\u00fcchen <br>erforderlich ist;<\/li>\n\n\n\n<li>gem\u00e4\u00df Art. 18 DSGVO das Recht, die Einschr\u00e4nkung der Verarbeitung Ihrer personenbezogenen Daten zu verlangen, soweit<br>\u2013 die Richtigkeit der Daten von Ihnen bestritten wird;<br>\u2013 die Verarbeitung unrechtm\u00e4\u00dfig ist, Sie aber deren L\u00f6schung ablehnen;<br>\u2013 wir die Daten nicht mehr ben\u00f6tigen, Sie diese jedoch zur Geltendmachung, Aus\u00fcbung oder Verteidigung von Rechtsanspr\u00fcchen ben\u00f6tigen oder<br>\u2013 Sie gem\u00e4\u00df Art. 21 DSGVO Widerspruch gegen die Verarbeitung eingelegt haben;<\/li>\n\n\n\n<li>gem\u00e4\u00df Art. 20 DSGVO das Recht, Ihre personenbezogenen Daten, die Sie uns bereitgestellt haben, in einem strukturierten, g\u00e4ngigen und maschinenlesebaren Format zu erhalten oder die \u00dcbermittlung an einen anderen Verantwortlichen zu verlangen;<\/li>\n\n\n\n<li>gem\u00e4\u00df Art. 77 DSGVO das Recht, sich bei einer Aufsichtsbeh\u00f6rde zu beschweren. In der Regel k\u00f6nnen Sie sich hierf\u00fcr an die Aufsichtsbeh\u00f6rde Ihres \u00fcblichen Aufenthaltsortes oder der \u00f6sterreichischen Datenschutzbeh\u00f6rde, Barichgasse 40-42 in 1030 Wien: +43\/1\/521520, E-Mail: dsb@dsb.gv.at wenden. <\/li>\n<\/ul>\n\n\n\n<p>Bei Fragen zur Erhebung, Verarbeitung oder Nutzung Ihrer personenbezogenen Daten, bei Ausk\u00fcnften, Berichtigung, Sperrung oder L\u00f6schung von Daten sowie Widerruf erteilter Einwilligungen oder Widerspruch gegen eine bestimmte Datenverwendung wenden Sie sich bitte direkt an uns.<\/p>\n\n\n\n<p>Leeb Balkone GmbH<br>Maitratten 25<br>9563 Gnesau<\/p>\n\n\n\n<p>Tel.: 04278 7000<\/p>\n\n\n\n<p>Mail: office@leeb.at<\/p>\n<\/div><\/div><\/div><\/div>\n<\/section>\n","protected":false},"excerpt":{"rendered":"","protected":false},"author":1,"featured_media":0,"parent":0,"menu_order":195,"comment_status":"closed","ping_status":"open","template":"template-onepager.blade.php","meta":{"_acf_changed":false,"footnotes":"","_sage_theme_css":true,"_wp_block_core_css":false},"folder":[],"class_list":["post-19577","page","type-page","status-publish","hentry"],"acf":[],"yoast_head":"<!-- This site is optimized with the Yoast SEO plugin v27.2 - https:\/\/yoast.com\/product\/yoast-seo-wordpress\/ -->\n<title>Datenschutzerkl\u00e4rung - Leeb Balkone \u00d6sterreich<\/title>\n<meta name=\"description\" content=\"Wir freuen uns \u00fcber Ihr Interesse an unserer Website. Der Schutz Ihrer Privatsph\u00e4re ist f\u00fcr uns sehr wichtig. Nachstehend informieren wir Sie ausf\u00fchrlich\" \/>\n<meta name=\"robots\" content=\"index, follow, max-snippet:-1, max-image-preview:large, max-video-preview:-1\" \/>\n<meta property=\"og:locale\" content=\"de_DE\" \/>\n<meta property=\"og:type\" content=\"article\" \/>\n<meta property=\"og:title\" content=\"Datenschutzerkl\u00e4rung - Leeb Balkone\" \/>\n<meta property=\"og:description\" content=\"Wir freuen uns \u00fcber Ihr Interesse an unserer Website. Der Schutz Ihrer Privatsph\u00e4re ist f\u00fcr uns sehr wichtig. Nachstehend informieren wir Sie ausf\u00fchrlich\" \/>\n<meta property=\"og:url\" content=\"https:\/\/www.leeb-balkone.com\/at\/datenschutz\/\" \/>\n<meta property=\"og:site_name\" content=\"Leeb Balkone\" \/>\n<meta property=\"article:publisher\" content=\"https:\/\/www.facebook.com\/balkone\/\" \/>\n<meta property=\"article:modified_time\" content=\"2026-01-13T13:19:11+00:00\" \/>\n<meta property=\"og:image\" content=\"https:\/\/www.leeb-balkone.com\/app\/uploads\/2020\/09\/alu-balkongelaender-zufriedene-kunden-1.jpg\" \/>\n\t<meta property=\"og:image:width\" content=\"2560\" \/>\n\t<meta property=\"og:image:height\" content=\"1762\" \/>\n\t<meta property=\"og:image:type\" content=\"image\/jpeg\" \/>\n<meta name=\"twitter:card\" content=\"summary_large_image\" \/>\n<script type=\"application\/ld+json\" class=\"yoast-schema-graph\">{\"@context\":\"https:\/\/schema.org\",\"@graph\":[{\"@type\":\"WebPage\",\"@id\":\"https:\/\/www.leeb-balkone.com\/at\/datenschutz\/\",\"url\":\"https:\/\/www.leeb-balkone.com\/at\/datenschutz\/\",\"name\":\"Datenschutzerkl\u00e4rung - Leeb Balkone\",\"isPartOf\":{\"@id\":\"https:\/\/www.leeb-balkone.com\/at\/#website\"},\"datePublished\":\"2020-04-07T10:11:29+00:00\",\"dateModified\":\"2026-01-13T13:19:11+00:00\",\"description\":\"Wir freuen uns \u00fcber Ihr Interesse an unserer Website. Der Schutz Ihrer Privatsph\u00e4re ist f\u00fcr uns sehr wichtig. Nachstehend informieren wir Sie ausf\u00fchrlich\",\"breadcrumb\":{\"@id\":\"https:\/\/www.leeb-balkone.com\/at\/datenschutz\/#breadcrumb\"},\"inLanguage\":\"de-AT\",\"potentialAction\":[{\"@type\":\"ReadAction\",\"target\":[\"https:\/\/www.leeb-balkone.com\/at\/datenschutz\/\"]}]},{\"@type\":\"BreadcrumbList\",\"@id\":\"https:\/\/www.leeb-balkone.com\/at\/datenschutz\/#breadcrumb\",\"itemListElement\":[{\"@type\":\"ListItem\",\"position\":1,\"name\":\"Home\",\"item\":\"https:\/\/www.leeb-balkone.com\/at\/\"},{\"@type\":\"ListItem\",\"position\":2,\"name\":\"Datenschutzerkl\u00e4rung\"}]},{\"@type\":\"WebSite\",\"@id\":\"https:\/\/www.leeb-balkone.com\/at\/#website\",\"url\":\"https:\/\/www.leeb-balkone.com\/at\/\",\"name\":\"Leeb Balkone\",\"description\":\"Balkone und Z\u00e4une\",\"publisher\":{\"@id\":\"https:\/\/www.leeb-balkone.com\/at\/#organization\"},\"potentialAction\":[{\"@type\":\"SearchAction\",\"target\":{\"@type\":\"EntryPoint\",\"urlTemplate\":\"https:\/\/www.leeb-balkone.com\/at\/?s={search_term_string}\"},\"query-input\":{\"@type\":\"PropertyValueSpecification\",\"valueRequired\":true,\"valueName\":\"search_term_string\"}}],\"inLanguage\":\"de-AT\"},{\"@type\":\"Organization\",\"@id\":\"https:\/\/www.leeb-balkone.com\/at\/#organization\",\"name\":\"Leeb Balkone Gmbh\",\"url\":\"https:\/\/www.leeb-balkone.com\/at\/\",\"logo\":{\"@type\":\"ImageObject\",\"inLanguage\":\"de-AT\",\"@id\":\"https:\/\/www.leeb-balkone.com\/at\/#\/schema\/logo\/image\/\",\"url\":\"https:\/\/www.leeb-balkone.com\/app\/uploads\/2020\/11\/leeb-logo.svg\",\"contentUrl\":\"https:\/\/www.leeb-balkone.com\/app\/uploads\/2020\/11\/leeb-logo.svg\",\"width\":741,\"height\":204,\"caption\":\"Leeb Balkone Gmbh\"},\"image\":{\"@id\":\"https:\/\/www.leeb-balkone.com\/at\/#\/schema\/logo\/image\/\"},\"sameAs\":[\"https:\/\/www.facebook.com\/balkone\/\",\"https:\/\/www.trustedshops.at\/bewertung\/info_X4587CCF5833E31AFE0B11F47D86999F2.html\",\"https:\/\/www.trustedshops.de\/bewertung\/info_X7BA536A7A0BDC86D36C4718E4DCAEEEF.html\",\"https:\/\/www.google.com\/maps\/place\/?q=place_id:ChIJ5-zH19-IcEcR9HonWRTllHI\"]}]}<\/script>\n<!-- \/ Yoast SEO plugin. -->","yoast_head_json":{"title":"Datenschutzerkl\u00e4rung - Leeb Balkone \u00d6sterreich","description":"Wir freuen uns \u00fcber Ihr Interesse an unserer Website. Der Schutz Ihrer Privatsph\u00e4re ist f\u00fcr uns sehr wichtig. Nachstehend informieren wir Sie ausf\u00fchrlich","robots":{"index":"index","follow":"follow","max-snippet":"max-snippet:-1","max-image-preview":"max-image-preview:large","max-video-preview":"max-video-preview:-1"},"og_locale":"de_DE","og_type":"article","og_title":"Datenschutzerkl\u00e4rung - Leeb Balkone","og_description":"Wir freuen uns \u00fcber Ihr Interesse an unserer Website. Der Schutz Ihrer Privatsph\u00e4re ist f\u00fcr uns sehr wichtig. Nachstehend informieren wir Sie ausf\u00fchrlich","og_url":"https:\/\/www.leeb-balkone.com\/at\/datenschutz\/","og_site_name":"Leeb Balkone","article_publisher":"https:\/\/www.facebook.com\/balkone\/","article_modified_time":"2026-01-13T13:19:11+00:00","og_image":[{"width":2560,"height":1762,"url":"https:\/\/www.leeb-balkone.com\/app\/uploads\/2020\/09\/alu-balkongelaender-zufriedene-kunden-1.jpg","type":"image\/jpeg"}],"twitter_card":"summary_large_image","schema":{"@context":"https:\/\/schema.org","@graph":[{"@type":"WebPage","@id":"https:\/\/www.leeb-balkone.com\/at\/datenschutz\/","url":"https:\/\/www.leeb-balkone.com\/at\/datenschutz\/","name":"Datenschutzerkl\u00e4rung - Leeb Balkone","isPartOf":{"@id":"https:\/\/www.leeb-balkone.com\/at\/#website"},"datePublished":"2020-04-07T10:11:29+00:00","dateModified":"2026-01-13T13:19:11+00:00","description":"Wir freuen uns \u00fcber Ihr Interesse an unserer Website. Der Schutz Ihrer Privatsph\u00e4re ist f\u00fcr uns sehr wichtig. Nachstehend informieren wir Sie ausf\u00fchrlich","breadcrumb":{"@id":"https:\/\/www.leeb-balkone.com\/at\/datenschutz\/#breadcrumb"},"inLanguage":"de-AT","potentialAction":[{"@type":"ReadAction","target":["https:\/\/www.leeb-balkone.com\/at\/datenschutz\/"]}]},{"@type":"BreadcrumbList","@id":"https:\/\/www.leeb-balkone.com\/at\/datenschutz\/#breadcrumb","itemListElement":[{"@type":"ListItem","position":1,"name":"Home","item":"https:\/\/www.leeb-balkone.com\/at\/"},{"@type":"ListItem","position":2,"name":"Datenschutzerkl\u00e4rung"}]},{"@type":"WebSite","@id":"https:\/\/www.leeb-balkone.com\/at\/#website","url":"https:\/\/www.leeb-balkone.com\/at\/","name":"Leeb Balkone","description":"Balkone und Z\u00e4une","publisher":{"@id":"https:\/\/www.leeb-balkone.com\/at\/#organization"},"potentialAction":[{"@type":"SearchAction","target":{"@type":"EntryPoint","urlTemplate":"https:\/\/www.leeb-balkone.com\/at\/?s={search_term_string}"},"query-input":{"@type":"PropertyValueSpecification","valueRequired":true,"valueName":"search_term_string"}}],"inLanguage":"de-AT"},{"@type":"Organization","@id":"https:\/\/www.leeb-balkone.com\/at\/#organization","name":"Leeb Balkone Gmbh","url":"https:\/\/www.leeb-balkone.com\/at\/","logo":{"@type":"ImageObject","inLanguage":"de-AT","@id":"https:\/\/www.leeb-balkone.com\/at\/#\/schema\/logo\/image\/","url":"https:\/\/www.leeb-balkone.com\/app\/uploads\/2020\/11\/leeb-logo.svg","contentUrl":"https:\/\/www.leeb-balkone.com\/app\/uploads\/2020\/11\/leeb-logo.svg","width":741,"height":204,"caption":"Leeb Balkone Gmbh"},"image":{"@id":"https:\/\/www.leeb-balkone.com\/at\/#\/schema\/logo\/image\/"},"sameAs":["https:\/\/www.facebook.com\/balkone\/","https:\/\/www.trustedshops.at\/bewertung\/info_X4587CCF5833E31AFE0B11F47D86999F2.html","https:\/\/www.trustedshops.de\/bewertung\/info_X7BA536A7A0BDC86D36C4718E4DCAEEEF.html","https:\/\/www.google.com\/maps\/place\/?q=place_id:ChIJ5-zH19-IcEcR9HonWRTllHI"]}]}},"_links":{"self":[{"href":"https:\/\/www.leeb-balkone.com\/at\/wp-json\/wp\/v2\/pages\/19577","targetHints":{"allow":["GET"]}}],"collection":[{"href":"https:\/\/www.leeb-balkone.com\/at\/wp-json\/wp\/v2\/pages"}],"about":[{"href":"https:\/\/www.leeb-balkone.com\/at\/wp-json\/wp\/v2\/types\/page"}],"author":[{"embeddable":true,"href":"https:\/\/www.leeb-balkone.com\/at\/wp-json\/wp\/v2\/users\/1"}],"replies":[{"embeddable":true,"href":"https:\/\/www.leeb-balkone.com\/at\/wp-json\/wp\/v2\/comments?post=19577"}],"version-history":[{"count":7,"href":"https:\/\/www.leeb-balkone.com\/at\/wp-json\/wp\/v2\/pages\/19577\/revisions"}],"predecessor-version":[{"id":161312,"href":"https:\/\/www.leeb-balkone.com\/at\/wp-json\/wp\/v2\/pages\/19577\/revisions\/161312"}],"wp:attachment":[{"href":"https:\/\/www.leeb-balkone.com\/at\/wp-json\/wp\/v2\/media?parent=19577"}],"wp:term":[{"taxonomy":"folder","embeddable":true,"href":"https:\/\/www.leeb-balkone.com\/at\/wp-json\/wp\/v2\/folder?post=19577"}],"curies":[{"name":"wp","href":"https:\/\/api.w.org\/{rel}","templated":true}]}}