{"id":19568,"date":"2020-08-26T20:10:22","date_gmt":"2020-08-26T20:10:22","guid":{"rendered":"https:\/\/www.leeb-balkone.com\/de\/hotellerie\/"},"modified":"2026-01-13T13:19:04","modified_gmt":"2026-01-13T13:19:04","slug":"hotellerie","status":"publish","type":"page","link":"https:\/\/www.leeb-balkone.com\/at\/hotellerie\/","title":{"rendered":"Hotellerie"},"content":{"rendered":"<header data-block_acf-block-6939f9042a6f5 class=\"c-fh  l-mh c-fh--hero c-grad-l2r c-fh--div none\">\n      <img loading=\"lazy\" decoding=\"async\" width=\"2560\" height=\"1801\" src=\"https:\/\/www.leeb-balkone.com\/app\/uploads\/2020\/07\/balkongelaender-wohnungswirtschaft-5-scaled.jpg\" class=\"no-lazy\" alt=\"balkongelaender hotellerie 22\" srcset=\"https:\/\/www.leeb-balkone.com\/app\/uploads\/2020\/07\/balkongelaender-wohnungswirtschaft-5-scaled.jpg 2560w, https:\/\/www.leeb-balkone.com\/app\/uploads\/2020\/07\/balkongelaender-wohnungswirtschaft-5-300x211.jpg 300w, https:\/\/www.leeb-balkone.com\/app\/uploads\/2020\/07\/balkongelaender-wohnungswirtschaft-5-1024x721.jpg 1024w, https:\/\/www.leeb-balkone.com\/app\/uploads\/2020\/07\/balkongelaender-wohnungswirtschaft-5-768x540.jpg 768w, https:\/\/www.leeb-balkone.com\/app\/uploads\/2020\/07\/balkongelaender-wohnungswirtschaft-5-1536x1081.jpg 1536w, https:\/\/www.leeb-balkone.com\/app\/uploads\/2020\/07\/balkongelaender-wohnungswirtschaft-5-2048x1441.jpg 2048w\" sizes=\"auto, (min-width: 1536px) 2048px, (min-width: 992px) 1536px, (min-width: 768px) 1024px, (min-width: 576px) 768px, 100vw\" \/>\n\n\n<div class=\"grid-container\">\n  <div class=\"grid-x\">\n    <div class=\"cell small-12 medium-6 medium-offset-1\">\n      <div class=\"c-fh__wrapper\">\n                              <p>Schenken Sie Ihren G\u00e4sten den besten Ausblick!<\/p>\n                        <\/div>\n    <\/div>\n  <\/div>\n<\/div>\n  \n    \n    <\/header>\n\n\n  \n  <section class=\"wp-block-group alignfull t3-header u-max-wide t3-header-text has-white-background-color has-background has-global-padding is-layout-constrained wp-block-group-is-layout-constrained\">\n    <div class=\"wp-block-group o-grid u-md-1 u-sm-1 is-layout-flow wp-block-group-is-layout-flow\">\n  <div class=\"wp-block-group u-g-10 u-g-s-2\">\n      <div class=\"yoast-breadcrumbs\"><span><span><a href=\"https:\/\/www.leeb-balkone.com\/at\/\">Home<\/a><\/span><\/span><\/div>\n      \n    <h1>Hotellerie<\/h1>\n  <\/div>\n<\/div>\n  <\/section>\n\n\n\n\n\n\n<section class=\"wp-block-cgb-t3-section-block alignfull b-pt-none b-pb-small is-style-bg-white\" style=\"display:inherit;min-height:inherit\">\n<div class=\"wp-block-cgb-t3-container-block none\" style=\"background-color:none\"><div class=\"grid-container\"><div class=\"grid-x\"><div class=\"cell small-12 medium-9 large-0 medium-offset-1 b-has-pt b-has-lsmb\">\n<p><span class=\"teaser\">Neben \u00fcber 150.000 Privatkunden haben sich auch namenhafte Tourismusbetriebe in \u00d6sterreich, Deutschland, Frankreich, Italien, Schweiz und Slowenien f\u00fcr Leeb entschieden. Aus gutem Grund.<\/span><\/p>\n<\/div><\/div><\/div><\/div>\n\n\n\n<div class=\"wp-block-cgb-t3-container-block none\" style=\"background-color:none\"><div class=\"grid-container\"><div class=\"grid-x\"><div class=\"cell small-12 medium-0 large-0 b-has-pt\"><div class=\"b-sps l-mbs\" id=\"\">\n    <div class=\"grid-container\">\n      <div class=\"grid-x\">\n              <div class=\"cell b-sps__bgimg lazyload bgx-center bgy-center small-12 medium-6 small-order-1 medium-order-1\">\n          \n            <img loading=\"lazy\" decoding=\"async\" width=\"1024\" height=\"768\" src=\"https:\/\/www.leeb-balkone.com\/app\/uploads\/2020\/11\/interalpen-hotel-balkongelaender-hotellerie-leeb-1-1024x768.jpg\" class=\"attachment-large size-large\" alt=\"5 Sterne Interalpenhotel in Telfs mit Leeb-Balkongel\u00e4nder\" srcset=\"https:\/\/www.leeb-balkone.com\/app\/uploads\/2020\/11\/interalpen-hotel-balkongelaender-hotellerie-leeb-1-1024x768.jpg 1024w, https:\/\/www.leeb-balkone.com\/app\/uploads\/2020\/11\/interalpen-hotel-balkongelaender-hotellerie-leeb-1-300x225.jpg 300w, https:\/\/www.leeb-balkone.com\/app\/uploads\/2020\/11\/interalpen-hotel-balkongelaender-hotellerie-leeb-1-768x576.jpg 768w, https:\/\/www.leeb-balkone.com\/app\/uploads\/2020\/11\/interalpen-hotel-balkongelaender-hotellerie-leeb-1-1536x1152.jpg 1536w, https:\/\/www.leeb-balkone.com\/app\/uploads\/2020\/11\/interalpen-hotel-balkongelaender-hotellerie-leeb-1-2048x1536.jpg 2048w\" sizes=\"auto, (min-width: 1200px) 1024px, (min-width: 1024px) 768px, (min-width: 640px) 768px, 768px\" \/>        <\/div>\n            <div class=\"cell b-sps__cont  small-12 medium-6 small-order-2 medium-order-2 offset\">\n        <div class=\"b-sps__inner-cont  bg--primary pdd\">\n          <p class=\"p1\"><i>\u201eDie neuen Balkone geben der Fassade des Interalpen-Hotel Tyrol eine neue Sprache. Sie lockern die Au\u00dfenansicht des Hauses auf und passen sich auch von innen betrachtet hervorragend dem neuen Zimmerdesign an. Eine gelungene Arbeit, die unsere G\u00e4ste und wir sehr zu sch\u00e4tzen wissen.&#8221; <\/i><\/p>\n<p class=\"p1\"><i><em><strong>Direktor Oliver Math\u00e9e, Interalpen-Hotel Tyrol, Telfs-Buchen\u00a0<\/strong><\/em><\/i><\/p>\n\n        <\/div>\n      <\/div>\n    <\/div>\n    <\/div>\n  <\/div>\n\n\n\n<div class=\"wp-block-cgb-t3-container-block none\" style=\"background-color:none\"><div class=\"grid-container\"><div class=\"grid-x\"><div class=\"cell small-12 medium-9 large-0 medium-offset-1 b-has-pt b-has-lsmb\">\n<h2 class=\"wp-block-heading\">Designbalkone von Leeb f\u00fcr den sch\u00f6nsten Urlaub unter der Sonne<\/h2>\n\n\n\n<p>Dieser Ausblick macht sich rasch bezahlt: Ihre G\u00e4ste verdienen einen unvergesslichen Urlaub! Dazu geh\u00f6rt neben einem komfortablen Hotelzimmer ein traumhafter Ausblick vom Balkon. Ob auf die Berge, den See oder den Wald \u2013 Entspannung, Inspiration und Freude sorgen bei Ihren Urlaubsg\u00e4sten f\u00fcr ein garantiertes Wiederkommen. Und f\u00fcr eine positive Rezension.<\/p>\n\n\n\n<h3 class=\"wp-block-heading\">Sie haben das Paradies, wir den Ausblick<\/h3>\n\n\n\n<p>Mit mehr als 200 Balkonmodellen aus extrem stabilem und nahezu wartungsfreiem Aluminium und Glas, verschiedensten Dekoren und Varianten und unz\u00e4hligen Kombinationsm\u00f6glichkeiten gilt das Modelluniversum von Leeb als konkurrenzlos einzigartig. W\u00e4hlen Sie aus 13 t\u00e4uschend echten Holzoptiken und nahezu allen RAL-Farben Ihren Favoriten und rechnen Sie schon mal mit vielen Urlaubsverl\u00e4ngerungen.<\/p>\n\n\n\n<h3 class=\"wp-block-heading\">F\u00fcr die Ewigkeit: unerreichte Lebenserwartung<\/h3>\n\n\n\n<p>Ihre hohen Anspr\u00fcche an partnerschaftlicher Begleitung und erstklassiger Umsetzung sind f\u00fcr uns das Credo der ersten Stunde. Als Europas Nr. 1 wissen wir, auf was es bei der Herstellung hochwertiger Balkone ankommt &#8211; schlie\u00dflich investieren Sie in Ihr Projekt. Dabei machen Sie und auch wir keine Kompromisse. Verlieren Sie also keine wertvolle Zeit und verleihen Sie schon bald Ihrem Objekt die verdiente Aufwertung. F\u00fcr Sie, f\u00fcr Ihre G\u00e4ste, f\u00fcr den sch\u00f6nsten Urlaubsplatz an der Sonne.<\/p>\n<\/div><\/div><\/div><\/div>\n<\/div><\/div><\/div><\/div>\n\n\n\n<div class=\"wp-block-cgb-t3-container-block none\" style=\"background-color:none\"><div class=\"grid-container\"><div class=\"grid-x\"><div class=\"cell small-12 medium-9 large-0 medium-offset-1 b-has-pt b-has-lsmb\">\n<p><\/p>\n\n\n\n<h2 class=\"wp-block-heading\">Projekt-Impressionen<\/h2>\n<\/div><\/div><\/div><\/div>\n\n\n\n<div class=\"wp-block-cgb-t3-container-block none\" style=\"background-color:none\"><div class=\"grid-container\"><div class=\"grid-x\"><div class=\"cell small-12 medium-0 large-0\"><div id=\"lightgallery-block_acf-block-6939f9042a755\" data-block_acf-block-6939f9042a755 class=\"has-37-imgs b-cards b-cards--gallery u-grid-temp has-3-cols u-md-2 u-sm-1 wp-block-group is-layout-grid wp-block-group-is-layout-grid gallery alignwide\">\n\n        <div class=\"b-cards__item\">\n\n        <a data-src=\"https:\/\/www.leeb-balkone.com\/app\/uploads\/2022\/06\/Siegmundshof-Saalbach-1536x1102.jpg\" data-thumb=\"https:\/\/www.leeb-balkone.com\/app\/uploads\/2022\/06\/Siegmundshof-Saalbach-300x215.jpg\" class=\"hasHover dark\">\n        \n      <figure>\n                 <img loading=\"lazy\" decoding=\"async\" width=\"1024\" height=\"735\" src=\"https:\/\/www.leeb-balkone.com\/app\/uploads\/2022\/06\/Siegmundshof-Saalbach-1024x735.jpg\" class=\"attachment-large size-large\" alt=\"Siegmundshof Saalbach\" srcset=\"https:\/\/www.leeb-balkone.com\/app\/uploads\/2022\/06\/Siegmundshof-Saalbach-1024x735.jpg 1024w, https:\/\/www.leeb-balkone.com\/app\/uploads\/2022\/06\/Siegmundshof-Saalbach-300x215.jpg 300w, https:\/\/www.leeb-balkone.com\/app\/uploads\/2022\/06\/Siegmundshof-Saalbach-768x551.jpg 768w, https:\/\/www.leeb-balkone.com\/app\/uploads\/2022\/06\/Siegmundshof-Saalbach-1536x1102.jpg 1536w, https:\/\/www.leeb-balkone.com\/app\/uploads\/2022\/06\/Siegmundshof-Saalbach-2048x1469.jpg 2048w\" sizes=\"auto, (min-width: 1200px) 1024px, (min-width: 1024px) 768px, (min-width: 640px) 768px, 768px\" \/>              <\/figure>\n\n                          <\/a>\n      \n        <div class=\"caption\">\n                          <p>Siegmundshof &#8211; Saalbach\n              <\/div>\n  \n<\/div>\n\n        <div class=\"b-cards__item\">\n\n        <a data-src=\"https:\/\/www.leeb-balkone.com\/app\/uploads\/2022\/06\/Siegmundshof-Saalbach2-1536x1151.jpg\" data-thumb=\"https:\/\/www.leeb-balkone.com\/app\/uploads\/2022\/06\/Siegmundshof-Saalbach2-300x225.jpg\" class=\"hasHover dark\">\n        \n      <figure>\n                 <img loading=\"lazy\" decoding=\"async\" width=\"1024\" height=\"767\" src=\"https:\/\/www.leeb-balkone.com\/app\/uploads\/2022\/06\/Siegmundshof-Saalbach2-1024x767.jpg\" class=\"attachment-large size-large\" alt=\"Siegmundshof Saalbach2\" srcset=\"https:\/\/www.leeb-balkone.com\/app\/uploads\/2022\/06\/Siegmundshof-Saalbach2-1024x767.jpg 1024w, https:\/\/www.leeb-balkone.com\/app\/uploads\/2022\/06\/Siegmundshof-Saalbach2-300x225.jpg 300w, https:\/\/www.leeb-balkone.com\/app\/uploads\/2022\/06\/Siegmundshof-Saalbach2-768x576.jpg 768w, https:\/\/www.leeb-balkone.com\/app\/uploads\/2022\/06\/Siegmundshof-Saalbach2-1536x1151.jpg 1536w, https:\/\/www.leeb-balkone.com\/app\/uploads\/2022\/06\/Siegmundshof-Saalbach2-2048x1535.jpg 2048w\" sizes=\"auto, (min-width: 1200px) 1024px, (min-width: 1024px) 768px, (min-width: 640px) 768px, 768px\" \/>              <\/figure>\n\n                          <\/a>\n      \n        <div class=\"caption\">\n                          <p>Siegmundshof &#8211; Saalbach\n              <\/div>\n  \n<\/div>\n\n        <div class=\"b-cards__item\">\n\n        <a data-src=\"https:\/\/www.leeb-balkone.com\/app\/uploads\/2020\/07\/solar-glas-alu-balkon-07-1536x1229.jpg\" data-thumb=\"https:\/\/www.leeb-balkone.com\/app\/uploads\/2020\/07\/solar-glas-alu-balkon-07-300x240.jpg\" class=\"hasHover dark\">\n        \n      <figure>\n                 <img loading=\"lazy\" decoding=\"async\" width=\"1024\" height=\"819\" src=\"https:\/\/www.leeb-balkone.com\/app\/uploads\/2020\/07\/solar-glas-alu-balkon-07-1024x819.jpg\" class=\"attachment-large size-large\" alt=\"Aparthotel Chesa Grischuna - Samnaun\" srcset=\"https:\/\/www.leeb-balkone.com\/app\/uploads\/2020\/07\/solar-glas-alu-balkon-07-1024x819.jpg 1024w, https:\/\/www.leeb-balkone.com\/app\/uploads\/2020\/07\/solar-glas-alu-balkon-07-300x240.jpg 300w, https:\/\/www.leeb-balkone.com\/app\/uploads\/2020\/07\/solar-glas-alu-balkon-07-768x614.jpg 768w, https:\/\/www.leeb-balkone.com\/app\/uploads\/2020\/07\/solar-glas-alu-balkon-07-1536x1229.jpg 1536w, https:\/\/www.leeb-balkone.com\/app\/uploads\/2020\/07\/solar-glas-alu-balkon-07-2048x1638.jpg 2048w\" sizes=\"auto, (min-width: 1200px) 1024px, (min-width: 1024px) 768px, (min-width: 640px) 768px, 768px\" \/>              <\/figure>\n\n                          <\/a>\n      \n        <div class=\"caption\">\n                          <p>Aparthotel Chesa Grischuna &#8211; Samnaun\n              <\/div>\n  \n<\/div>\n\n        <div class=\"b-cards__item\">\n\n        <a data-src=\"https:\/\/www.leeb-balkone.com\/app\/uploads\/2021\/06\/apart-michaela-tirol-alu-balkongelaender-holzoptik-1-1536x1023.jpg\" data-thumb=\"https:\/\/www.leeb-balkone.com\/app\/uploads\/2021\/06\/apart-michaela-tirol-alu-balkongelaender-holzoptik-1-300x200.jpg\" class=\"hasHover dark\">\n        \n      <figure>\n                 <img loading=\"lazy\" decoding=\"async\" width=\"1024\" height=\"682\" src=\"https:\/\/www.leeb-balkone.com\/app\/uploads\/2021\/06\/apart-michaela-tirol-alu-balkongelaender-holzoptik-1-1024x682.jpg\" class=\"attachment-large size-large\" alt=\"apart michaela tirol alu balkongelaender holzoptik 1\" srcset=\"https:\/\/www.leeb-balkone.com\/app\/uploads\/2021\/06\/apart-michaela-tirol-alu-balkongelaender-holzoptik-1-1024x682.jpg 1024w, https:\/\/www.leeb-balkone.com\/app\/uploads\/2021\/06\/apart-michaela-tirol-alu-balkongelaender-holzoptik-1-300x200.jpg 300w, https:\/\/www.leeb-balkone.com\/app\/uploads\/2021\/06\/apart-michaela-tirol-alu-balkongelaender-holzoptik-1-768x512.jpg 768w, https:\/\/www.leeb-balkone.com\/app\/uploads\/2021\/06\/apart-michaela-tirol-alu-balkongelaender-holzoptik-1-1536x1023.jpg 1536w, https:\/\/www.leeb-balkone.com\/app\/uploads\/2021\/06\/apart-michaela-tirol-alu-balkongelaender-holzoptik-1-2048x1364.jpg 2048w\" sizes=\"auto, (min-width: 1200px) 1024px, (min-width: 1024px) 768px, (min-width: 640px) 768px, 768px\" \/>              <\/figure>\n\n                          <\/a>\n      \n        <div class=\"caption\">\n                          <p>Aparthotel Michaela &#8211; Paznauntal\n              <\/div>\n  \n<\/div>\n\n        <div class=\"b-cards__item\">\n\n        <a data-src=\"https:\/\/www.leeb-balkone.com\/app\/uploads\/2021\/06\/tirol-alu-balkongelaender-holzoptik-2-1536x1023.jpg\" data-thumb=\"https:\/\/www.leeb-balkone.com\/app\/uploads\/2021\/06\/tirol-alu-balkongelaender-holzoptik-2-300x200.jpg\" class=\"hasHover dark\">\n        \n      <figure>\n                 <img loading=\"lazy\" decoding=\"async\" width=\"1024\" height=\"682\" src=\"https:\/\/www.leeb-balkone.com\/app\/uploads\/2021\/06\/tirol-alu-balkongelaender-holzoptik-2-1024x682.jpg\" class=\"attachment-large size-large\" alt=\"tirol alu balkongelaender holzoptik 2\" srcset=\"https:\/\/www.leeb-balkone.com\/app\/uploads\/2021\/06\/tirol-alu-balkongelaender-holzoptik-2-1024x682.jpg 1024w, https:\/\/www.leeb-balkone.com\/app\/uploads\/2021\/06\/tirol-alu-balkongelaender-holzoptik-2-300x200.jpg 300w, https:\/\/www.leeb-balkone.com\/app\/uploads\/2021\/06\/tirol-alu-balkongelaender-holzoptik-2-768x512.jpg 768w, https:\/\/www.leeb-balkone.com\/app\/uploads\/2021\/06\/tirol-alu-balkongelaender-holzoptik-2-1536x1023.jpg 1536w, https:\/\/www.leeb-balkone.com\/app\/uploads\/2021\/06\/tirol-alu-balkongelaender-holzoptik-2-2048x1364.jpg 2048w\" sizes=\"auto, (min-width: 1200px) 1024px, (min-width: 1024px) 768px, (min-width: 640px) 768px, 768px\" \/>              <\/figure>\n\n                          <\/a>\n      \n        <div class=\"caption\">\n                          <p>Aparthotel Michaela &#8211; Paznauntal\n              <\/div>\n  \n<\/div>\n\n        <div class=\"b-cards__item\">\n\n        <a data-src=\"https:\/\/www.leeb-balkone.com\/app\/uploads\/2021\/06\/tirol-alu-balkongelaender-holzoptik-3-1536x1023.jpg\" data-thumb=\"https:\/\/www.leeb-balkone.com\/app\/uploads\/2021\/06\/tirol-alu-balkongelaender-holzoptik-3-300x200.jpg\" class=\"hasHover dark\">\n        \n      <figure>\n                 <img loading=\"lazy\" decoding=\"async\" width=\"1024\" height=\"682\" src=\"https:\/\/www.leeb-balkone.com\/app\/uploads\/2021\/06\/tirol-alu-balkongelaender-holzoptik-3-1024x682.jpg\" class=\"attachment-large size-large\" alt=\"tirol alu balkongelaender holzoptik 3\" srcset=\"https:\/\/www.leeb-balkone.com\/app\/uploads\/2021\/06\/tirol-alu-balkongelaender-holzoptik-3-1024x682.jpg 1024w, https:\/\/www.leeb-balkone.com\/app\/uploads\/2021\/06\/tirol-alu-balkongelaender-holzoptik-3-300x200.jpg 300w, https:\/\/www.leeb-balkone.com\/app\/uploads\/2021\/06\/tirol-alu-balkongelaender-holzoptik-3-768x512.jpg 768w, https:\/\/www.leeb-balkone.com\/app\/uploads\/2021\/06\/tirol-alu-balkongelaender-holzoptik-3-1536x1023.jpg 1536w, https:\/\/www.leeb-balkone.com\/app\/uploads\/2021\/06\/tirol-alu-balkongelaender-holzoptik-3-2048x1364.jpg 2048w\" sizes=\"auto, (min-width: 1200px) 1024px, (min-width: 1024px) 768px, (min-width: 640px) 768px, 768px\" \/>              <\/figure>\n\n                          <\/a>\n      \n        <div class=\"caption\">\n                          <p>Aparthotel Michaela &#8211; Paznauntal\n              <\/div>\n  \n<\/div>\n\n        <div class=\"b-cards__item\">\n\n        <a data-src=\"https:\/\/www.leeb-balkone.com\/app\/uploads\/2025\/07\/Hotel-Palace-mit-Carports-aus-Aluminium-von-LeebBalkone-Copyright-Andreas-Tauber-Bearbeitung-Leeb-Balkone-1536x1024.jpg\" data-thumb=\"https:\/\/www.leeb-balkone.com\/app\/uploads\/2025\/07\/Hotel-Palace-mit-Carports-aus-Aluminium-von-LeebBalkone-Copyright-Andreas-Tauber-Bearbeitung-Leeb-Balkone-300x200.jpg\" class=\"hasHover dark\">\n        \n      <figure>\n                 <img loading=\"lazy\" decoding=\"async\" width=\"1024\" height=\"683\" src=\"https:\/\/www.leeb-balkone.com\/app\/uploads\/2025\/07\/Hotel-Palace-mit-Carports-aus-Aluminium-von-LeebBalkone-Copyright-Andreas-Tauber-Bearbeitung-Leeb-Balkone-1024x683.jpg\" class=\"attachment-large size-large\" alt=\"Hotel Palace mit Carports aus Aluminium von LeebBalkone Copyright Andreas Tauber Bearbeitung Leeb Balkone\" srcset=\"https:\/\/www.leeb-balkone.com\/app\/uploads\/2025\/07\/Hotel-Palace-mit-Carports-aus-Aluminium-von-LeebBalkone-Copyright-Andreas-Tauber-Bearbeitung-Leeb-Balkone-1024x683.jpg 1024w, https:\/\/www.leeb-balkone.com\/app\/uploads\/2025\/07\/Hotel-Palace-mit-Carports-aus-Aluminium-von-LeebBalkone-Copyright-Andreas-Tauber-Bearbeitung-Leeb-Balkone-300x200.jpg 300w, https:\/\/www.leeb-balkone.com\/app\/uploads\/2025\/07\/Hotel-Palace-mit-Carports-aus-Aluminium-von-LeebBalkone-Copyright-Andreas-Tauber-Bearbeitung-Leeb-Balkone-768x512.jpg 768w, https:\/\/www.leeb-balkone.com\/app\/uploads\/2025\/07\/Hotel-Palace-mit-Carports-aus-Aluminium-von-LeebBalkone-Copyright-Andreas-Tauber-Bearbeitung-Leeb-Balkone-1536x1024.jpg 1536w, https:\/\/www.leeb-balkone.com\/app\/uploads\/2025\/07\/Hotel-Palace-mit-Carports-aus-Aluminium-von-LeebBalkone-Copyright-Andreas-Tauber-Bearbeitung-Leeb-Balkone-2048x1366.jpg 2048w\" sizes=\"auto, (min-width: 1200px) 1024px, (min-width: 1024px) 768px, (min-width: 640px) 768px, 768px\" \/>              <\/figure>\n\n                          <\/a>\n      \n        <div class=\"caption\">\n                      <\/div>\n  \n<\/div>\n\n        <div class=\"b-cards__item\">\n\n        <a data-src=\"https:\/\/www.leeb-balkone.com\/app\/uploads\/2020\/07\/Carports-mit-blickdichter-Eindeckung-aus-Alu-Copyright-Andreas-Tauber-1536x1024.jpg\" data-thumb=\"https:\/\/www.leeb-balkone.com\/app\/uploads\/2020\/07\/Carports-mit-blickdichter-Eindeckung-aus-Alu-Copyright-Andreas-Tauber-300x200.jpg\" class=\"hasHover dark\">\n        \n      <figure>\n                 <img loading=\"lazy\" decoding=\"async\" width=\"1024\" height=\"683\" src=\"https:\/\/www.leeb-balkone.com\/app\/uploads\/2020\/07\/Carports-mit-blickdichter-Eindeckung-aus-Alu-Copyright-Andreas-Tauber-1024x683.jpg\" class=\"attachment-large size-large\" alt=\"Carports mit blickdichter Eindeckung aus Alu Copyright Andreas Tauber\" srcset=\"https:\/\/www.leeb-balkone.com\/app\/uploads\/2020\/07\/Carports-mit-blickdichter-Eindeckung-aus-Alu-Copyright-Andreas-Tauber-1024x683.jpg 1024w, https:\/\/www.leeb-balkone.com\/app\/uploads\/2020\/07\/Carports-mit-blickdichter-Eindeckung-aus-Alu-Copyright-Andreas-Tauber-300x200.jpg 300w, https:\/\/www.leeb-balkone.com\/app\/uploads\/2020\/07\/Carports-mit-blickdichter-Eindeckung-aus-Alu-Copyright-Andreas-Tauber-768x512.jpg 768w, https:\/\/www.leeb-balkone.com\/app\/uploads\/2020\/07\/Carports-mit-blickdichter-Eindeckung-aus-Alu-Copyright-Andreas-Tauber-1536x1024.jpg 1536w, https:\/\/www.leeb-balkone.com\/app\/uploads\/2020\/07\/Carports-mit-blickdichter-Eindeckung-aus-Alu-Copyright-Andreas-Tauber-2048x1366.jpg 2048w\" sizes=\"auto, (min-width: 1200px) 1024px, (min-width: 1024px) 768px, (min-width: 640px) 768px, 768px\" \/>              <\/figure>\n\n                          <\/a>\n      \n        <div class=\"caption\">\n                      <\/div>\n  \n<\/div>\n\n        <div class=\"b-cards__item\">\n\n        <a data-src=\"https:\/\/www.leeb-balkone.com\/app\/uploads\/2020\/07\/glas-balkongelaender-alu-design-vitro-62-1536x1152.jpg\" data-thumb=\"https:\/\/www.leeb-balkone.com\/app\/uploads\/2020\/07\/glas-balkongelaender-alu-design-vitro-62-300x225.jpg\" class=\"hasHover dark\">\n        \n      <figure>\n                 <img loading=\"lazy\" decoding=\"async\" width=\"1024\" height=\"768\" src=\"https:\/\/www.leeb-balkone.com\/app\/uploads\/2020\/07\/glas-balkongelaender-alu-design-vitro-62-1024x768.jpg\" class=\"attachment-large size-large\" alt=\"glas balkongelaender alu design vitro 62\" srcset=\"https:\/\/www.leeb-balkone.com\/app\/uploads\/2020\/07\/glas-balkongelaender-alu-design-vitro-62-1024x768.jpg 1024w, https:\/\/www.leeb-balkone.com\/app\/uploads\/2020\/07\/glas-balkongelaender-alu-design-vitro-62-300x225.jpg 300w, https:\/\/www.leeb-balkone.com\/app\/uploads\/2020\/07\/glas-balkongelaender-alu-design-vitro-62-768x576.jpg 768w, https:\/\/www.leeb-balkone.com\/app\/uploads\/2020\/07\/glas-balkongelaender-alu-design-vitro-62-1536x1152.jpg 1536w, https:\/\/www.leeb-balkone.com\/app\/uploads\/2020\/07\/glas-balkongelaender-alu-design-vitro-62-2048x1536.jpg 2048w\" sizes=\"auto, (min-width: 1200px) 1024px, (min-width: 1024px) 768px, (min-width: 640px) 768px, 768px\" \/>              <\/figure>\n\n                          <\/a>\n      \n        <div class=\"caption\">\n                          <p>Hotel Th\u00fcringer Hof &#8211; Floh-Seligenthal\n              <\/div>\n  \n<\/div>\n\n        <div class=\"b-cards__item\">\n\n        <a data-src=\"https:\/\/www.leeb-balkone.com\/app\/uploads\/2020\/11\/leonharderhof-leeb-balkongelaender-1536x1151.jpeg\" data-thumb=\"https:\/\/www.leeb-balkone.com\/app\/uploads\/2020\/11\/leonharderhof-leeb-balkongelaender-300x225.jpeg\" class=\"hasHover dark\">\n        \n      <figure>\n                 <img loading=\"lazy\" decoding=\"async\" width=\"1024\" height=\"767\" src=\"https:\/\/www.leeb-balkone.com\/app\/uploads\/2020\/11\/leonharderhof-leeb-balkongelaender-1024x767.jpeg\" class=\"attachment-large size-large\" alt=\"leonharderhof leeb balkongelaender\" srcset=\"https:\/\/www.leeb-balkone.com\/app\/uploads\/2020\/11\/leonharderhof-leeb-balkongelaender-1024x767.jpeg 1024w, https:\/\/www.leeb-balkone.com\/app\/uploads\/2020\/11\/leonharderhof-leeb-balkongelaender-300x225.jpeg 300w, https:\/\/www.leeb-balkone.com\/app\/uploads\/2020\/11\/leonharderhof-leeb-balkongelaender-768x575.jpeg 768w, https:\/\/www.leeb-balkone.com\/app\/uploads\/2020\/11\/leonharderhof-leeb-balkongelaender-1536x1151.jpeg 1536w, https:\/\/www.leeb-balkone.com\/app\/uploads\/2020\/11\/leonharderhof-leeb-balkongelaender-2048x1535.jpeg 2048w\" sizes=\"auto, (min-width: 1200px) 1024px, (min-width: 1024px) 768px, (min-width: 640px) 768px, 768px\" \/>              <\/figure>\n\n                          <\/a>\n      \n        <div class=\"caption\">\n                          <p>Leonharderhof &#8211;\u00a0Leogang\n              <\/div>\n  \n<\/div>\n\n        <div class=\"b-cards__item\">\n\n        <a data-src=\"https:\/\/www.leeb-balkone.com\/app\/uploads\/2020\/11\/hotel-eldorado-ischgl-leeb-balkongelaender-1536x1025.jpeg\" data-thumb=\"https:\/\/www.leeb-balkone.com\/app\/uploads\/2020\/11\/hotel-eldorado-ischgl-leeb-balkongelaender-300x200.jpeg\" class=\"hasHover dark\">\n        \n      <figure>\n                 <img loading=\"lazy\" decoding=\"async\" width=\"1024\" height=\"684\" src=\"https:\/\/www.leeb-balkone.com\/app\/uploads\/2020\/11\/hotel-eldorado-ischgl-leeb-balkongelaender-1024x684.jpeg\" class=\"attachment-large size-large\" alt=\"hotel eldorado ischgl leeb balkongelaender\" srcset=\"https:\/\/www.leeb-balkone.com\/app\/uploads\/2020\/11\/hotel-eldorado-ischgl-leeb-balkongelaender-1024x684.jpeg 1024w, https:\/\/www.leeb-balkone.com\/app\/uploads\/2020\/11\/hotel-eldorado-ischgl-leeb-balkongelaender-300x200.jpeg 300w, https:\/\/www.leeb-balkone.com\/app\/uploads\/2020\/11\/hotel-eldorado-ischgl-leeb-balkongelaender-768x513.jpeg 768w, https:\/\/www.leeb-balkone.com\/app\/uploads\/2020\/11\/hotel-eldorado-ischgl-leeb-balkongelaender-1536x1025.jpeg 1536w, https:\/\/www.leeb-balkone.com\/app\/uploads\/2020\/11\/hotel-eldorado-ischgl-leeb-balkongelaender-2048x1367.jpeg 2048w\" sizes=\"auto, (min-width: 1200px) 1024px, (min-width: 1024px) 768px, (min-width: 640px) 768px, 768px\" \/>              <\/figure>\n\n                          <\/a>\n      \n        <div class=\"caption\">\n                          <p>Hotel Eldorado &#8211;\u00a0Ischgl\n              <\/div>\n  \n<\/div>\n\n        <div class=\"b-cards__item\">\n\n        <a data-src=\"https:\/\/www.leeb-balkone.com\/app\/uploads\/2020\/07\/balkongelaender-alu-design-trento-16-1536x1147.jpg\" data-thumb=\"https:\/\/www.leeb-balkone.com\/app\/uploads\/2020\/07\/balkongelaender-alu-design-trento-16-300x224.jpg\" class=\"hasHover dark\">\n        \n      <figure>\n                 <img loading=\"lazy\" decoding=\"async\" width=\"1024\" height=\"764\" src=\"https:\/\/www.leeb-balkone.com\/app\/uploads\/2020\/07\/balkongelaender-alu-design-trento-16-1024x764.jpg\" class=\"attachment-large size-large\" alt=\"balkongelaender alu design trento 16\" srcset=\"https:\/\/www.leeb-balkone.com\/app\/uploads\/2020\/07\/balkongelaender-alu-design-trento-16-1024x764.jpg 1024w, https:\/\/www.leeb-balkone.com\/app\/uploads\/2020\/07\/balkongelaender-alu-design-trento-16-300x224.jpg 300w, https:\/\/www.leeb-balkone.com\/app\/uploads\/2020\/07\/balkongelaender-alu-design-trento-16-768x573.jpg 768w, https:\/\/www.leeb-balkone.com\/app\/uploads\/2020\/07\/balkongelaender-alu-design-trento-16-1536x1147.jpg 1536w, https:\/\/www.leeb-balkone.com\/app\/uploads\/2020\/07\/balkongelaender-alu-design-trento-16-2048x1529.jpg 2048w\" sizes=\"auto, (min-width: 1200px) 1024px, (min-width: 1024px) 768px, (min-width: 640px) 768px, 768px\" \/>              <\/figure>\n\n                          <\/a>\n      \n        <div class=\"caption\">\n                          <p>Hotel Panorama &#8211; Ischgl\n              <\/div>\n  \n<\/div>\n\n        <div class=\"b-cards__item\">\n\n        <a data-src=\"https:\/\/www.leeb-balkone.com\/app\/uploads\/2020\/07\/balkongelaender-wohnungswirtschaft-5-1536x1081.jpg\" data-thumb=\"https:\/\/www.leeb-balkone.com\/app\/uploads\/2020\/07\/balkongelaender-wohnungswirtschaft-5-300x211.jpg\" class=\"hasHover dark\">\n        \n      <figure>\n                 <img loading=\"lazy\" decoding=\"async\" width=\"1024\" height=\"721\" src=\"https:\/\/www.leeb-balkone.com\/app\/uploads\/2020\/07\/balkongelaender-wohnungswirtschaft-5-1024x721.jpg\" class=\"attachment-large size-large\" alt=\"Hotel mit Holzkacheln in den Tiroler Bergen mit Alubalkongel\u00e4nder\" srcset=\"https:\/\/www.leeb-balkone.com\/app\/uploads\/2020\/07\/balkongelaender-wohnungswirtschaft-5-1024x721.jpg 1024w, https:\/\/www.leeb-balkone.com\/app\/uploads\/2020\/07\/balkongelaender-wohnungswirtschaft-5-300x211.jpg 300w, https:\/\/www.leeb-balkone.com\/app\/uploads\/2020\/07\/balkongelaender-wohnungswirtschaft-5-768x540.jpg 768w, https:\/\/www.leeb-balkone.com\/app\/uploads\/2020\/07\/balkongelaender-wohnungswirtschaft-5-1536x1081.jpg 1536w, https:\/\/www.leeb-balkone.com\/app\/uploads\/2020\/07\/balkongelaender-wohnungswirtschaft-5-2048x1441.jpg 2048w\" sizes=\"auto, (min-width: 1200px) 1024px, (min-width: 1024px) 768px, (min-width: 640px) 768px, 768px\" \/>              <\/figure>\n\n                          <\/a>\n      \n        <div class=\"caption\">\n                          <p>Hotel Watles &#8211;\u00a0Vinschgau\n              <\/div>\n  \n<\/div>\n\n        <div class=\"b-cards__item\">\n\n        <a data-src=\"https:\/\/www.leeb-balkone.com\/app\/uploads\/2020\/11\/impuls-hotel-leeb-balkongelaender-2-1536x1151.jpeg\" data-thumb=\"https:\/\/www.leeb-balkone.com\/app\/uploads\/2020\/11\/impuls-hotel-leeb-balkongelaender-2-300x225.jpeg\" class=\"hasHover dark\">\n        \n      <figure>\n                 <img loading=\"lazy\" decoding=\"async\" width=\"1024\" height=\"767\" src=\"https:\/\/www.leeb-balkone.com\/app\/uploads\/2020\/11\/impuls-hotel-leeb-balkongelaender-2-1024x767.jpeg\" class=\"attachment-large size-large\" alt=\"impuls hotel leeb balkongelaender 2\" srcset=\"https:\/\/www.leeb-balkone.com\/app\/uploads\/2020\/11\/impuls-hotel-leeb-balkongelaender-2-1024x767.jpeg 1024w, https:\/\/www.leeb-balkone.com\/app\/uploads\/2020\/11\/impuls-hotel-leeb-balkongelaender-2-300x225.jpeg 300w, https:\/\/www.leeb-balkone.com\/app\/uploads\/2020\/11\/impuls-hotel-leeb-balkongelaender-2-768x575.jpeg 768w, https:\/\/www.leeb-balkone.com\/app\/uploads\/2020\/11\/impuls-hotel-leeb-balkongelaender-2-1536x1151.jpeg 1536w, https:\/\/www.leeb-balkone.com\/app\/uploads\/2020\/11\/impuls-hotel-leeb-balkongelaender-2-2048x1535.jpeg 2048w\" sizes=\"auto, (min-width: 1200px) 1024px, (min-width: 1024px) 768px, (min-width: 640px) 768px, 768px\" \/>              <\/figure>\n\n                          <\/a>\n      \n        <div class=\"caption\">\n                          <p>Impulshotel &#8211; Bad Hofgastein\n              <\/div>\n  \n<\/div>\n\n        <div class=\"b-cards__item\">\n\n        <a data-src=\"https:\/\/www.leeb-balkone.com\/app\/uploads\/2020\/11\/impuls-hotel-leeb-balkongelaender-1536x838.jpeg\" data-thumb=\"https:\/\/www.leeb-balkone.com\/app\/uploads\/2020\/11\/impuls-hotel-leeb-balkongelaender-300x164.jpeg\" class=\"hasHover dark\">\n        \n      <figure>\n                 <img loading=\"lazy\" decoding=\"async\" width=\"1024\" height=\"558\" src=\"https:\/\/www.leeb-balkone.com\/app\/uploads\/2020\/11\/impuls-hotel-leeb-balkongelaender-1024x558.jpeg\" class=\"attachment-large size-large\" alt=\"impuls hotel leeb balkongelaender\" srcset=\"https:\/\/www.leeb-balkone.com\/app\/uploads\/2020\/11\/impuls-hotel-leeb-balkongelaender-1024x558.jpeg 1024w, https:\/\/www.leeb-balkone.com\/app\/uploads\/2020\/11\/impuls-hotel-leeb-balkongelaender-300x164.jpeg 300w, https:\/\/www.leeb-balkone.com\/app\/uploads\/2020\/11\/impuls-hotel-leeb-balkongelaender-768x419.jpeg 768w, https:\/\/www.leeb-balkone.com\/app\/uploads\/2020\/11\/impuls-hotel-leeb-balkongelaender-1536x838.jpeg 1536w, https:\/\/www.leeb-balkone.com\/app\/uploads\/2020\/11\/impuls-hotel-leeb-balkongelaender-2048x1117.jpeg 2048w\" sizes=\"auto, (min-width: 1200px) 1024px, (min-width: 1024px) 768px, (min-width: 640px) 768px, 768px\" \/>              <\/figure>\n\n                          <\/a>\n      \n        <div class=\"caption\">\n                          <p>Impulshotel &#8211; Bad Hofgastein\n              <\/div>\n  \n<\/div>\n\n        <div class=\"b-cards__item\">\n\n        <a data-src=\"https:\/\/www.leeb-balkone.com\/app\/uploads\/2020\/11\/impuls-hotel-leeb-balkongelaender-1-1536x1151.jpeg\" data-thumb=\"https:\/\/www.leeb-balkone.com\/app\/uploads\/2020\/11\/impuls-hotel-leeb-balkongelaender-1-300x225.jpeg\" class=\"hasHover dark\">\n        \n      <figure>\n                 <img loading=\"lazy\" decoding=\"async\" width=\"1024\" height=\"767\" src=\"https:\/\/www.leeb-balkone.com\/app\/uploads\/2020\/11\/impuls-hotel-leeb-balkongelaender-1-1024x767.jpeg\" class=\"attachment-large size-large\" alt=\"impuls hotel leeb balkongelaender 1\" srcset=\"https:\/\/www.leeb-balkone.com\/app\/uploads\/2020\/11\/impuls-hotel-leeb-balkongelaender-1-1024x767.jpeg 1024w, https:\/\/www.leeb-balkone.com\/app\/uploads\/2020\/11\/impuls-hotel-leeb-balkongelaender-1-300x225.jpeg 300w, https:\/\/www.leeb-balkone.com\/app\/uploads\/2020\/11\/impuls-hotel-leeb-balkongelaender-1-768x575.jpeg 768w, https:\/\/www.leeb-balkone.com\/app\/uploads\/2020\/11\/impuls-hotel-leeb-balkongelaender-1-1536x1151.jpeg 1536w, https:\/\/www.leeb-balkone.com\/app\/uploads\/2020\/11\/impuls-hotel-leeb-balkongelaender-1-2048x1535.jpeg 2048w\" sizes=\"auto, (min-width: 1200px) 1024px, (min-width: 1024px) 768px, (min-width: 640px) 768px, 768px\" \/>              <\/figure>\n\n                          <\/a>\n      \n        <div class=\"caption\">\n                          <p>Impulshotel &#8211; Bad Hofgastein\n              <\/div>\n  \n<\/div>\n\n        <div class=\"b-cards__item\">\n\n        <a data-src=\"https:\/\/www.leeb-balkone.com\/app\/uploads\/2024\/09\/hotel-steirerhof-bad-waltersdorf-referenz-balkongelaender-aus-alu-und-holz-1536x1063.gif\" data-thumb=\"https:\/\/www.leeb-balkone.com\/app\/uploads\/2024\/09\/hotel-steirerhof-bad-waltersdorf-referenz-balkongelaender-aus-alu-und-holz-300x208.gif\" class=\"hasHover dark\">\n              <div class=\"badge-wrapper\">\n    \n      <figure>\n                 <img loading=\"lazy\" decoding=\"async\" width=\"1024\" height=\"709\" src=\"https:\/\/www.leeb-balkone.com\/app\/uploads\/2024\/09\/hotel-steirerhof-bad-waltersdorf-referenz-balkongelaender-aus-alu-und-holz-1024x709.gif\" class=\"attachment-large size-large\" alt=\"hotel steirerhof bad waltersdorf referenz balkongelaender aus alu und holz\" srcset=\"https:\/\/www.leeb-balkone.com\/app\/uploads\/2024\/09\/hotel-steirerhof-bad-waltersdorf-referenz-balkongelaender-aus-alu-und-holz-1024x709.gif 1024w, https:\/\/www.leeb-balkone.com\/app\/uploads\/2024\/09\/hotel-steirerhof-bad-waltersdorf-referenz-balkongelaender-aus-alu-und-holz-300x208.gif 300w, https:\/\/www.leeb-balkone.com\/app\/uploads\/2024\/09\/hotel-steirerhof-bad-waltersdorf-referenz-balkongelaender-aus-alu-und-holz-768x532.gif 768w, https:\/\/www.leeb-balkone.com\/app\/uploads\/2024\/09\/hotel-steirerhof-bad-waltersdorf-referenz-balkongelaender-aus-alu-und-holz-1536x1063.gif 1536w, https:\/\/www.leeb-balkone.com\/app\/uploads\/2024\/09\/hotel-steirerhof-bad-waltersdorf-referenz-balkongelaender-aus-alu-und-holz-2048x1418.gif 2048w\" sizes=\"auto, (min-width: 1200px) 1024px, (min-width: 1024px) 768px, (min-width: 640px) 768px, 768px\" \/>              <\/figure>\n\n              <div class=\"badge\">Individualanfertigung<\/div>\n                    <\/div>\n                    <\/a>\n      \n        <div class=\"caption\">\n                          <p>Hotel Steirerhof in Bad Waltersdorf\n              <\/div>\n  \n<\/div>\n\n        <div class=\"b-cards__item\">\n\n        <a data-src=\"https:\/\/www.leeb-balkone.com\/app\/uploads\/2024\/09\/hotel-steirerhof-bad-waltersdorf-referenz-balkongelaender-aus-alu-kombiniert-mit-holz-1536x1044.jpg\" data-thumb=\"https:\/\/www.leeb-balkone.com\/app\/uploads\/2024\/09\/hotel-steirerhof-bad-waltersdorf-referenz-balkongelaender-aus-alu-kombiniert-mit-holz-300x204.jpg\" class=\"hasHover dark\">\n              <div class=\"badge-wrapper\">\n    \n      <figure>\n                 <img loading=\"lazy\" decoding=\"async\" width=\"1024\" height=\"696\" src=\"https:\/\/www.leeb-balkone.com\/app\/uploads\/2024\/09\/hotel-steirerhof-bad-waltersdorf-referenz-balkongelaender-aus-alu-kombiniert-mit-holz-1024x696.jpg\" class=\"attachment-large size-large\" alt=\"hotel steirerhof bad waltersdorf referenz balkongelaender aus alu kombiniert mit holz\" srcset=\"https:\/\/www.leeb-balkone.com\/app\/uploads\/2024\/09\/hotel-steirerhof-bad-waltersdorf-referenz-balkongelaender-aus-alu-kombiniert-mit-holz-1024x696.jpg 1024w, https:\/\/www.leeb-balkone.com\/app\/uploads\/2024\/09\/hotel-steirerhof-bad-waltersdorf-referenz-balkongelaender-aus-alu-kombiniert-mit-holz-300x204.jpg 300w, https:\/\/www.leeb-balkone.com\/app\/uploads\/2024\/09\/hotel-steirerhof-bad-waltersdorf-referenz-balkongelaender-aus-alu-kombiniert-mit-holz-768x522.jpg 768w, https:\/\/www.leeb-balkone.com\/app\/uploads\/2024\/09\/hotel-steirerhof-bad-waltersdorf-referenz-balkongelaender-aus-alu-kombiniert-mit-holz-1536x1044.jpg 1536w, https:\/\/www.leeb-balkone.com\/app\/uploads\/2024\/09\/hotel-steirerhof-bad-waltersdorf-referenz-balkongelaender-aus-alu-kombiniert-mit-holz-2048x1393.jpg 2048w\" sizes=\"auto, (min-width: 1200px) 1024px, (min-width: 1024px) 768px, (min-width: 640px) 768px, 768px\" \/>              <\/figure>\n\n              <div class=\"badge\">Individualanfertigung<\/div>\n                    <\/div>\n                    <\/a>\n      \n        <div class=\"caption\">\n                          <p>Hotel Steirerhof in Bad Waltersdorf\n              <\/div>\n  \n<\/div>\n\n        <div class=\"b-cards__item\">\n\n        <a data-src=\"https:\/\/www.leeb-balkone.com\/app\/uploads\/2020\/07\/balkongelaender-wohnungswirtschaft-19-1536x876.jpg\" data-thumb=\"https:\/\/www.leeb-balkone.com\/app\/uploads\/2020\/07\/balkongelaender-wohnungswirtschaft-19-300x171.jpg\" class=\"hasHover dark\">\n        \n      <figure>\n                 <img loading=\"lazy\" decoding=\"async\" width=\"1024\" height=\"584\" src=\"https:\/\/www.leeb-balkone.com\/app\/uploads\/2020\/07\/balkongelaender-wohnungswirtschaft-19-1024x584.jpg\" class=\"attachment-large size-large\" alt=\"Modernes Hotel in den Bergen mit Leeb Alubalkon\" srcset=\"https:\/\/www.leeb-balkone.com\/app\/uploads\/2020\/07\/balkongelaender-wohnungswirtschaft-19-1024x584.jpg 1024w, https:\/\/www.leeb-balkone.com\/app\/uploads\/2020\/07\/balkongelaender-wohnungswirtschaft-19-300x171.jpg 300w, https:\/\/www.leeb-balkone.com\/app\/uploads\/2020\/07\/balkongelaender-wohnungswirtschaft-19-768x438.jpg 768w, https:\/\/www.leeb-balkone.com\/app\/uploads\/2020\/07\/balkongelaender-wohnungswirtschaft-19-1536x876.jpg 1536w, https:\/\/www.leeb-balkone.com\/app\/uploads\/2020\/07\/balkongelaender-wohnungswirtschaft-19-2048x1168.jpg 2048w\" sizes=\"auto, (min-width: 1200px) 1024px, (min-width: 1024px) 768px, (min-width: 640px) 768px, 768px\" \/>              <\/figure>\n\n                          <\/a>\n      \n        <div class=\"caption\">\n                          <p>Hotel Sonnbichl &#8211;\u00a0S\u00fcdtirol\n              <\/div>\n  \n<\/div>\n\n        <div class=\"b-cards__item\">\n\n        <a data-src=\"https:\/\/www.leeb-balkone.com\/app\/uploads\/2020\/07\/balkongelaender-wohnungswirtschaft-18-1536x1023.jpg\" data-thumb=\"https:\/\/www.leeb-balkone.com\/app\/uploads\/2020\/07\/balkongelaender-wohnungswirtschaft-18-300x200.jpg\" class=\"hasHover dark\">\n        \n      <figure>\n                 <img loading=\"lazy\" decoding=\"async\" width=\"1024\" height=\"682\" src=\"https:\/\/www.leeb-balkone.com\/app\/uploads\/2020\/07\/balkongelaender-wohnungswirtschaft-18-1024x682.jpg\" class=\"attachment-large size-large\" alt=\"Blumenwiese mit Blick in die Berge mit Leeb Alubalkon\" srcset=\"https:\/\/www.leeb-balkone.com\/app\/uploads\/2020\/07\/balkongelaender-wohnungswirtschaft-18-1024x682.jpg 1024w, https:\/\/www.leeb-balkone.com\/app\/uploads\/2020\/07\/balkongelaender-wohnungswirtschaft-18-300x200.jpg 300w, https:\/\/www.leeb-balkone.com\/app\/uploads\/2020\/07\/balkongelaender-wohnungswirtschaft-18-768x511.jpg 768w, https:\/\/www.leeb-balkone.com\/app\/uploads\/2020\/07\/balkongelaender-wohnungswirtschaft-18-1536x1023.jpg 1536w, https:\/\/www.leeb-balkone.com\/app\/uploads\/2020\/07\/balkongelaender-wohnungswirtschaft-18-2048x1363.jpg 2048w\" sizes=\"auto, (min-width: 1200px) 1024px, (min-width: 1024px) 768px, (min-width: 640px) 768px, 768px\" \/>              <\/figure>\n\n                          <\/a>\n      \n        <div class=\"caption\">\n                          <p>Hotel Sonnbichl &#8211;\u00a0S\u00fcdtirol\n              <\/div>\n  \n<\/div>\n\n        <div class=\"b-cards__item\">\n\n        <a data-src=\"https:\/\/www.leeb-balkone.com\/app\/uploads\/2020\/11\/hotel-sonnbichl-leeb-alu-balkongelaender-3-1536x886.jpg\" data-thumb=\"https:\/\/www.leeb-balkone.com\/app\/uploads\/2020\/11\/hotel-sonnbichl-leeb-alu-balkongelaender-3-300x173.jpg\" class=\"hasHover dark\">\n        \n      <figure>\n                 <img loading=\"lazy\" decoding=\"async\" width=\"1024\" height=\"591\" src=\"https:\/\/www.leeb-balkone.com\/app\/uploads\/2020\/11\/hotel-sonnbichl-leeb-alu-balkongelaender-3-1024x591.jpg\" class=\"attachment-large size-large\" alt=\"hotel sonnbichl leeb alu balkongelaender 3\" srcset=\"https:\/\/www.leeb-balkone.com\/app\/uploads\/2020\/11\/hotel-sonnbichl-leeb-alu-balkongelaender-3-1024x591.jpg 1024w, https:\/\/www.leeb-balkone.com\/app\/uploads\/2020\/11\/hotel-sonnbichl-leeb-alu-balkongelaender-3-300x173.jpg 300w, https:\/\/www.leeb-balkone.com\/app\/uploads\/2020\/11\/hotel-sonnbichl-leeb-alu-balkongelaender-3-768x443.jpg 768w, https:\/\/www.leeb-balkone.com\/app\/uploads\/2020\/11\/hotel-sonnbichl-leeb-alu-balkongelaender-3-1536x886.jpg 1536w, https:\/\/www.leeb-balkone.com\/app\/uploads\/2020\/11\/hotel-sonnbichl-leeb-alu-balkongelaender-3-2048x1182.jpg 2048w\" sizes=\"auto, (min-width: 1200px) 1024px, (min-width: 1024px) 768px, (min-width: 640px) 768px, 768px\" \/>              <\/figure>\n\n                          <\/a>\n      \n        <div class=\"caption\">\n                          <p>Hotel Sonnbichl &#8211;\u00a0S\u00fcdtirol\n              <\/div>\n  \n<\/div>\n\n        <div class=\"b-cards__item\">\n\n        <a data-src=\"https:\/\/www.leeb-balkone.com\/app\/uploads\/2021\/02\/glas-balkongelaender-hotel-eggerbraeu-imst-alu-select-padova-1536x1024.jpeg\" data-thumb=\"https:\/\/www.leeb-balkone.com\/app\/uploads\/2021\/02\/glas-balkongelaender-hotel-eggerbraeu-imst-alu-select-padova-300x200.jpeg\" class=\"hasHover dark\">\n        \n      <figure>\n                 <img loading=\"lazy\" decoding=\"async\" width=\"1024\" height=\"683\" src=\"https:\/\/www.leeb-balkone.com\/app\/uploads\/2021\/02\/glas-balkongelaender-hotel-eggerbraeu-imst-alu-select-padova-1024x683.jpeg\" class=\"attachment-large size-large\" alt=\"Hotel in Imst mit Alu Select Balkongelaender Padova\" srcset=\"https:\/\/www.leeb-balkone.com\/app\/uploads\/2021\/02\/glas-balkongelaender-hotel-eggerbraeu-imst-alu-select-padova-1024x683.jpeg 1024w, https:\/\/www.leeb-balkone.com\/app\/uploads\/2021\/02\/glas-balkongelaender-hotel-eggerbraeu-imst-alu-select-padova-300x200.jpeg 300w, https:\/\/www.leeb-balkone.com\/app\/uploads\/2021\/02\/glas-balkongelaender-hotel-eggerbraeu-imst-alu-select-padova-768x512.jpeg 768w, https:\/\/www.leeb-balkone.com\/app\/uploads\/2021\/02\/glas-balkongelaender-hotel-eggerbraeu-imst-alu-select-padova-1536x1024.jpeg 1536w, https:\/\/www.leeb-balkone.com\/app\/uploads\/2021\/02\/glas-balkongelaender-hotel-eggerbraeu-imst-alu-select-padova-2048x1366.jpeg 2048w\" sizes=\"auto, (min-width: 1200px) 1024px, (min-width: 1024px) 768px, (min-width: 640px) 768px, 768px\" \/>              <\/figure>\n\n                          <\/a>\n      \n        <div class=\"caption\">\n                          <p>Hotel Eggerbr\u00e4u &#8211;\u00a0Imst\n              <\/div>\n  \n<\/div>\n\n        <div class=\"b-cards__item\">\n\n        <a data-src=\"https:\/\/www.leeb-balkone.com\/app\/uploads\/2020\/11\/berghof-millstatt-leeb-alu-balkongelaender-3-1536x1025.jpeg\" data-thumb=\"https:\/\/www.leeb-balkone.com\/app\/uploads\/2020\/11\/berghof-millstatt-leeb-alu-balkongelaender-3-300x200.jpeg\" class=\"hasHover dark\">\n        \n      <figure>\n                 <img loading=\"lazy\" decoding=\"async\" width=\"1024\" height=\"684\" src=\"https:\/\/www.leeb-balkone.com\/app\/uploads\/2020\/11\/berghof-millstatt-leeb-alu-balkongelaender-3-1024x684.jpeg\" class=\"attachment-large size-large\" alt=\"berghof millstatt leeb alu balkongelaender 3\" srcset=\"https:\/\/www.leeb-balkone.com\/app\/uploads\/2020\/11\/berghof-millstatt-leeb-alu-balkongelaender-3-1024x684.jpeg 1024w, https:\/\/www.leeb-balkone.com\/app\/uploads\/2020\/11\/berghof-millstatt-leeb-alu-balkongelaender-3-300x200.jpeg 300w, https:\/\/www.leeb-balkone.com\/app\/uploads\/2020\/11\/berghof-millstatt-leeb-alu-balkongelaender-3-768x513.jpeg 768w, https:\/\/www.leeb-balkone.com\/app\/uploads\/2020\/11\/berghof-millstatt-leeb-alu-balkongelaender-3-1536x1025.jpeg 1536w, https:\/\/www.leeb-balkone.com\/app\/uploads\/2020\/11\/berghof-millstatt-leeb-alu-balkongelaender-3-2048x1367.jpeg 2048w\" sizes=\"auto, (min-width: 1200px) 1024px, (min-width: 1024px) 768px, (min-width: 640px) 768px, 768px\" \/>              <\/figure>\n\n                          <\/a>\n      \n        <div class=\"caption\">\n                          <p>Hotel Berghof &#8211;\u00a0Millst\u00e4tter See\n              <\/div>\n  \n<\/div>\n\n        <div class=\"b-cards__item\">\n\n        <a data-src=\"https:\/\/www.leeb-balkone.com\/app\/uploads\/2020\/07\/balkongelaender-wohnungswirtschaft-2-1536x1081.jpg\" data-thumb=\"https:\/\/www.leeb-balkone.com\/app\/uploads\/2020\/07\/balkongelaender-wohnungswirtschaft-2-300x211.jpg\" class=\"hasHover dark\">\n        \n      <figure>\n                 <img loading=\"lazy\" decoding=\"async\" width=\"1024\" height=\"721\" src=\"https:\/\/www.leeb-balkone.com\/app\/uploads\/2020\/07\/balkongelaender-wohnungswirtschaft-2-1024x721.jpg\" class=\"attachment-large size-large\" alt=\"Renoviertes Hotel mit Alubalkongel\u00e4nder\" srcset=\"https:\/\/www.leeb-balkone.com\/app\/uploads\/2020\/07\/balkongelaender-wohnungswirtschaft-2-1024x721.jpg 1024w, https:\/\/www.leeb-balkone.com\/app\/uploads\/2020\/07\/balkongelaender-wohnungswirtschaft-2-300x211.jpg 300w, https:\/\/www.leeb-balkone.com\/app\/uploads\/2020\/07\/balkongelaender-wohnungswirtschaft-2-768x540.jpg 768w, https:\/\/www.leeb-balkone.com\/app\/uploads\/2020\/07\/balkongelaender-wohnungswirtschaft-2-1536x1081.jpg 1536w, https:\/\/www.leeb-balkone.com\/app\/uploads\/2020\/07\/balkongelaender-wohnungswirtschaft-2-2048x1441.jpg 2048w\" sizes=\"auto, (min-width: 1200px) 1024px, (min-width: 1024px) 768px, (min-width: 640px) 768px, 768px\" \/>              <\/figure>\n\n                          <\/a>\n      \n        <div class=\"caption\">\n                          <p>Hotel Berghof &#8211;\u00a0Millst\u00e4tter See\n              <\/div>\n  \n<\/div>\n\n        <div class=\"b-cards__item\">\n\n        <a data-src=\"https:\/\/www.leeb-balkone.com\/app\/uploads\/2020\/11\/hotel-stuelzis-lech-arlberg-leeb-balkongelaender-1536x1021.jpeg\" data-thumb=\"https:\/\/www.leeb-balkone.com\/app\/uploads\/2020\/11\/hotel-stuelzis-lech-arlberg-leeb-balkongelaender-300x199.jpeg\" class=\"hasHover dark\">\n        \n      <figure>\n                 <img loading=\"lazy\" decoding=\"async\" width=\"1024\" height=\"681\" src=\"https:\/\/www.leeb-balkone.com\/app\/uploads\/2020\/11\/hotel-stuelzis-lech-arlberg-leeb-balkongelaender-1024x681.jpeg\" class=\"attachment-large size-large\" alt=\"hotel stuelzis lech arlberg leeb balkongelaender\" srcset=\"https:\/\/www.leeb-balkone.com\/app\/uploads\/2020\/11\/hotel-stuelzis-lech-arlberg-leeb-balkongelaender-1024x681.jpeg 1024w, https:\/\/www.leeb-balkone.com\/app\/uploads\/2020\/11\/hotel-stuelzis-lech-arlberg-leeb-balkongelaender-300x199.jpeg 300w, https:\/\/www.leeb-balkone.com\/app\/uploads\/2020\/11\/hotel-stuelzis-lech-arlberg-leeb-balkongelaender-768x510.jpeg 768w, https:\/\/www.leeb-balkone.com\/app\/uploads\/2020\/11\/hotel-stuelzis-lech-arlberg-leeb-balkongelaender-1536x1021.jpeg 1536w, https:\/\/www.leeb-balkone.com\/app\/uploads\/2020\/11\/hotel-stuelzis-lech-arlberg-leeb-balkongelaender-2048x1361.jpeg 2048w\" sizes=\"auto, (min-width: 1200px) 1024px, (min-width: 1024px) 768px, (min-width: 640px) 768px, 768px\" \/>              <\/figure>\n\n                          <\/a>\n      \n        <div class=\"caption\">\n                          <p>Hotel St\u00fclzis &#8211;\u00a0Lech am Arlberg\n              <\/div>\n  \n<\/div>\n\n        <div class=\"b-cards__item\">\n\n        <a data-src=\"https:\/\/www.leeb-balkone.com\/app\/uploads\/2021\/01\/alu-balkongelaender-les-airielles-courchevel-1536x1126.jpg\" data-thumb=\"https:\/\/www.leeb-balkone.com\/app\/uploads\/2021\/01\/alu-balkongelaender-les-airielles-courchevel-300x220.jpg\" class=\"hasHover dark\">\n        \n      <figure>\n                 <img loading=\"lazy\" decoding=\"async\" width=\"1024\" height=\"750\" src=\"https:\/\/www.leeb-balkone.com\/app\/uploads\/2021\/01\/alu-balkongelaender-les-airielles-courchevel-1024x750.jpg\" class=\"attachment-large size-large\" alt=\"Les Airielles | Courchevel\" srcset=\"https:\/\/www.leeb-balkone.com\/app\/uploads\/2021\/01\/alu-balkongelaender-les-airielles-courchevel-1024x750.jpg 1024w, https:\/\/www.leeb-balkone.com\/app\/uploads\/2021\/01\/alu-balkongelaender-les-airielles-courchevel-300x220.jpg 300w, https:\/\/www.leeb-balkone.com\/app\/uploads\/2021\/01\/alu-balkongelaender-les-airielles-courchevel-768x563.jpg 768w, https:\/\/www.leeb-balkone.com\/app\/uploads\/2021\/01\/alu-balkongelaender-les-airielles-courchevel-1536x1126.jpg 1536w, https:\/\/www.leeb-balkone.com\/app\/uploads\/2021\/01\/alu-balkongelaender-les-airielles-courchevel-2048x1501.jpg 2048w\" sizes=\"auto, (min-width: 1200px) 1024px, (min-width: 1024px) 768px, (min-width: 640px) 768px, 768px\" \/>              <\/figure>\n\n                          <\/a>\n      \n        <div class=\"caption\">\n                          <p>Les Airielles &#8211; Courchevel\n              <\/div>\n  \n<\/div>\n\n        <div class=\"b-cards__item\">\n\n        <a data-src=\"https:\/\/www.leeb-balkone.com\/app\/uploads\/2020\/11\/sonnenhof-ischgl-leeb-alu-balkongelaender-1536x1061.jpg\" data-thumb=\"https:\/\/www.leeb-balkone.com\/app\/uploads\/2020\/11\/sonnenhof-ischgl-leeb-alu-balkongelaender-300x207.jpg\" class=\"hasHover dark\">\n        \n      <figure>\n                 <img loading=\"lazy\" decoding=\"async\" width=\"1024\" height=\"707\" src=\"https:\/\/www.leeb-balkone.com\/app\/uploads\/2020\/11\/sonnenhof-ischgl-leeb-alu-balkongelaender-1024x707.jpg\" class=\"attachment-large size-large\" alt=\"sonnenhof ischgl leeb alu balkongelaender\" srcset=\"https:\/\/www.leeb-balkone.com\/app\/uploads\/2020\/11\/sonnenhof-ischgl-leeb-alu-balkongelaender-1024x707.jpg 1024w, https:\/\/www.leeb-balkone.com\/app\/uploads\/2020\/11\/sonnenhof-ischgl-leeb-alu-balkongelaender-300x207.jpg 300w, https:\/\/www.leeb-balkone.com\/app\/uploads\/2020\/11\/sonnenhof-ischgl-leeb-alu-balkongelaender-768x530.jpg 768w, https:\/\/www.leeb-balkone.com\/app\/uploads\/2020\/11\/sonnenhof-ischgl-leeb-alu-balkongelaender-1536x1061.jpg 1536w, https:\/\/www.leeb-balkone.com\/app\/uploads\/2020\/11\/sonnenhof-ischgl-leeb-alu-balkongelaender-2048x1415.jpg 2048w\" sizes=\"auto, (min-width: 1200px) 1024px, (min-width: 1024px) 768px, (min-width: 640px) 768px, 768px\" \/>              <\/figure>\n\n                          <\/a>\n      \n        <div class=\"caption\">\n                          <p>Hotel Sonnenhof &#8211;\u00a0Ischgl\n              <\/div>\n  \n<\/div>\n\n        <div class=\"b-cards__item\">\n\n        <a data-src=\"https:\/\/www.leeb-balkone.com\/app\/uploads\/2022\/06\/Alexanderhof-Personalhaus-Millstatt-1536x1102.jpg\" data-thumb=\"https:\/\/www.leeb-balkone.com\/app\/uploads\/2022\/06\/Alexanderhof-Personalhaus-Millstatt-300x215.jpg\" class=\"hasHover dark\">\n        \n      <figure>\n                 <img loading=\"lazy\" decoding=\"async\" width=\"1024\" height=\"735\" src=\"https:\/\/www.leeb-balkone.com\/app\/uploads\/2022\/06\/Alexanderhof-Personalhaus-Millstatt-1024x735.jpg\" class=\"attachment-large size-large\" alt=\"Alexanderhof Personalhaus Millstatt\" srcset=\"https:\/\/www.leeb-balkone.com\/app\/uploads\/2022\/06\/Alexanderhof-Personalhaus-Millstatt-1024x735.jpg 1024w, https:\/\/www.leeb-balkone.com\/app\/uploads\/2022\/06\/Alexanderhof-Personalhaus-Millstatt-300x215.jpg 300w, https:\/\/www.leeb-balkone.com\/app\/uploads\/2022\/06\/Alexanderhof-Personalhaus-Millstatt-768x551.jpg 768w, https:\/\/www.leeb-balkone.com\/app\/uploads\/2022\/06\/Alexanderhof-Personalhaus-Millstatt-1536x1102.jpg 1536w, https:\/\/www.leeb-balkone.com\/app\/uploads\/2022\/06\/Alexanderhof-Personalhaus-Millstatt-2048x1470.jpg 2048w\" sizes=\"auto, (min-width: 1200px) 1024px, (min-width: 1024px) 768px, (min-width: 640px) 768px, 768px\" \/>              <\/figure>\n\n                          <\/a>\n      \n        <div class=\"caption\">\n                          <p>Alexanderhof-Personalhaus-Millstatt\n              <\/div>\n  \n<\/div>\n\n        <div class=\"b-cards__item\">\n\n        <a data-src=\"https:\/\/www.leeb-balkone.com\/app\/uploads\/2022\/06\/Alexanderhof-Personalhaus-019-1536x1025.jpg\" data-thumb=\"https:\/\/www.leeb-balkone.com\/app\/uploads\/2022\/06\/Alexanderhof-Personalhaus-019-300x200.jpg\" class=\"hasHover dark\">\n        \n      <figure>\n                 <img loading=\"lazy\" decoding=\"async\" width=\"1024\" height=\"683\" src=\"https:\/\/www.leeb-balkone.com\/app\/uploads\/2022\/06\/Alexanderhof-Personalhaus-019-1024x683.jpg\" class=\"attachment-large size-large\" alt=\"Alexanderhof Personalhaus 019\" srcset=\"https:\/\/www.leeb-balkone.com\/app\/uploads\/2022\/06\/Alexanderhof-Personalhaus-019-1024x683.jpg 1024w, https:\/\/www.leeb-balkone.com\/app\/uploads\/2022\/06\/Alexanderhof-Personalhaus-019-300x200.jpg 300w, https:\/\/www.leeb-balkone.com\/app\/uploads\/2022\/06\/Alexanderhof-Personalhaus-019-768x513.jpg 768w, https:\/\/www.leeb-balkone.com\/app\/uploads\/2022\/06\/Alexanderhof-Personalhaus-019-1536x1025.jpg 1536w, https:\/\/www.leeb-balkone.com\/app\/uploads\/2022\/06\/Alexanderhof-Personalhaus-019-2048x1367.jpg 2048w\" sizes=\"auto, (min-width: 1200px) 1024px, (min-width: 1024px) 768px, (min-width: 640px) 768px, 768px\" \/>              <\/figure>\n\n                          <\/a>\n      \n        <div class=\"caption\">\n                          <p>Alexanderhof- Personalhaus &#8211; Millstatt\n              <\/div>\n  \n<\/div>\n\n        <div class=\"b-cards__item\">\n\n        <a data-src=\"https:\/\/www.leeb-balkone.com\/app\/uploads\/2022\/06\/Hotel-Alexanderhof009-1536x1025.jpg\" data-thumb=\"https:\/\/www.leeb-balkone.com\/app\/uploads\/2022\/06\/Hotel-Alexanderhof009-300x200.jpg\" class=\"hasHover dark\">\n        \n      <figure>\n                 <img loading=\"lazy\" decoding=\"async\" width=\"1024\" height=\"683\" src=\"https:\/\/www.leeb-balkone.com\/app\/uploads\/2022\/06\/Hotel-Alexanderhof009-1024x683.jpg\" class=\"attachment-large size-large\" alt=\"Hotel Alexanderhof009\" srcset=\"https:\/\/www.leeb-balkone.com\/app\/uploads\/2022\/06\/Hotel-Alexanderhof009-1024x683.jpg 1024w, https:\/\/www.leeb-balkone.com\/app\/uploads\/2022\/06\/Hotel-Alexanderhof009-300x200.jpg 300w, https:\/\/www.leeb-balkone.com\/app\/uploads\/2022\/06\/Hotel-Alexanderhof009-768x513.jpg 768w, https:\/\/www.leeb-balkone.com\/app\/uploads\/2022\/06\/Hotel-Alexanderhof009-1536x1025.jpg 1536w, https:\/\/www.leeb-balkone.com\/app\/uploads\/2022\/06\/Hotel-Alexanderhof009-2048x1367.jpg 2048w\" sizes=\"auto, (min-width: 1200px) 1024px, (min-width: 1024px) 768px, (min-width: 640px) 768px, 768px\" \/>              <\/figure>\n\n                          <\/a>\n      \n        <div class=\"caption\">\n                          <p>Alexanderhof &#8211; Millstatt\n              <\/div>\n  \n<\/div>\n\n        <div class=\"b-cards__item\">\n\n        <a data-src=\"https:\/\/www.leeb-balkone.com\/app\/uploads\/2022\/07\/Hotel-Alexanderhof028-1536x1090.jpg\" data-thumb=\"https:\/\/www.leeb-balkone.com\/app\/uploads\/2022\/07\/Hotel-Alexanderhof028-300x213.jpg\" class=\"hasHover dark\">\n        \n      <figure>\n                 <img loading=\"lazy\" decoding=\"async\" width=\"1024\" height=\"727\" src=\"https:\/\/www.leeb-balkone.com\/app\/uploads\/2022\/07\/Hotel-Alexanderhof028-1024x727.jpg\" class=\"attachment-large size-large\" alt=\"Hotel Alexanderhof028\" srcset=\"https:\/\/www.leeb-balkone.com\/app\/uploads\/2022\/07\/Hotel-Alexanderhof028-1024x727.jpg 1024w, https:\/\/www.leeb-balkone.com\/app\/uploads\/2022\/07\/Hotel-Alexanderhof028-300x213.jpg 300w, https:\/\/www.leeb-balkone.com\/app\/uploads\/2022\/07\/Hotel-Alexanderhof028-768x545.jpg 768w, https:\/\/www.leeb-balkone.com\/app\/uploads\/2022\/07\/Hotel-Alexanderhof028-1536x1090.jpg 1536w, https:\/\/www.leeb-balkone.com\/app\/uploads\/2022\/07\/Hotel-Alexanderhof028-2048x1453.jpg 2048w\" sizes=\"auto, (min-width: 1200px) 1024px, (min-width: 1024px) 768px, (min-width: 640px) 768px, 768px\" \/>              <\/figure>\n\n                          <\/a>\n      \n        <div class=\"caption\">\n                          <p>Hotel Alexanderhof &#8211; Millstatt\n              <\/div>\n  \n<\/div>\n\n        <div class=\"b-cards__item\">\n\n        <a data-src=\"https:\/\/www.leeb-balkone.com\/app\/uploads\/2023\/06\/APP-01-1536x1151.jpg\" data-thumb=\"https:\/\/www.leeb-balkone.com\/app\/uploads\/2023\/06\/APP-01-300x225.jpg\" class=\"hasHover dark\">\n        \n      <figure>\n                 <img loading=\"lazy\" decoding=\"async\" width=\"1024\" height=\"768\" src=\"https:\/\/www.leeb-balkone.com\/app\/uploads\/2023\/06\/APP-01-1024x768.jpg\" class=\"attachment-large size-large\" alt=\"APP 01\" srcset=\"https:\/\/www.leeb-balkone.com\/app\/uploads\/2023\/06\/APP-01-1024x768.jpg 1024w, https:\/\/www.leeb-balkone.com\/app\/uploads\/2023\/06\/APP-01-300x225.jpg 300w, https:\/\/www.leeb-balkone.com\/app\/uploads\/2023\/06\/APP-01-768x576.jpg 768w, https:\/\/www.leeb-balkone.com\/app\/uploads\/2023\/06\/APP-01-1536x1151.jpg 1536w, https:\/\/www.leeb-balkone.com\/app\/uploads\/2023\/06\/APP-01-2048x1535.jpg 2048w\" sizes=\"auto, (min-width: 1200px) 1024px, (min-width: 1024px) 768px, (min-width: 640px) 768px, 768px\" \/>              <\/figure>\n\n                          <\/a>\n      \n        <div class=\"caption\">\n                          <p>Hotel Sonnenhang &#8211; Kempten\n              <\/div>\n  \n<\/div>\n\n        <div class=\"b-cards__item\">\n\n        <a data-src=\"https:\/\/www.leeb-balkone.com\/app\/uploads\/2023\/06\/hotel-sonnenhang-kempten-1536x1025.jpg\" data-thumb=\"https:\/\/www.leeb-balkone.com\/app\/uploads\/2023\/06\/hotel-sonnenhang-kempten-300x200.jpg\" class=\"hasHover dark\">\n        \n      <figure>\n                 <img loading=\"lazy\" decoding=\"async\" width=\"1024\" height=\"683\" src=\"https:\/\/www.leeb-balkone.com\/app\/uploads\/2023\/06\/hotel-sonnenhang-kempten-1024x683.jpg\" class=\"attachment-large size-large\" alt=\"hotel sonnenhang kempten\" srcset=\"https:\/\/www.leeb-balkone.com\/app\/uploads\/2023\/06\/hotel-sonnenhang-kempten-1024x683.jpg 1024w, https:\/\/www.leeb-balkone.com\/app\/uploads\/2023\/06\/hotel-sonnenhang-kempten-300x200.jpg 300w, https:\/\/www.leeb-balkone.com\/app\/uploads\/2023\/06\/hotel-sonnenhang-kempten-768x512.jpg 768w, https:\/\/www.leeb-balkone.com\/app\/uploads\/2023\/06\/hotel-sonnenhang-kempten-1536x1025.jpg 1536w, https:\/\/www.leeb-balkone.com\/app\/uploads\/2023\/06\/hotel-sonnenhang-kempten-2048x1366.jpg 2048w\" sizes=\"auto, (min-width: 1200px) 1024px, (min-width: 1024px) 768px, (min-width: 640px) 768px, 768px\" \/>              <\/figure>\n\n                          <\/a>\n      \n        <div class=\"caption\">\n                          <p>Hotel Sonnenhang &#8211; Kempten\n              <\/div>\n  \n<\/div>\n\n        <div class=\"b-cards__item\">\n\n        <a data-src=\"https:\/\/www.leeb-balkone.com\/app\/uploads\/2023\/06\/VISION-Vitalhotel-Gosau-4-1536x1023.jpg\" data-thumb=\"https:\/\/www.leeb-balkone.com\/app\/uploads\/2023\/06\/VISION-Vitalhotel-Gosau-4-300x200.jpg\" class=\"hasHover dark\">\n        \n      <figure>\n                 <img loading=\"lazy\" decoding=\"async\" width=\"1024\" height=\"682\" src=\"https:\/\/www.leeb-balkone.com\/app\/uploads\/2023\/06\/VISION-Vitalhotel-Gosau-4-1024x682.jpg\" class=\"attachment-large size-large\" alt=\"VISION Vitalhotel Gosau 4\" srcset=\"https:\/\/www.leeb-balkone.com\/app\/uploads\/2023\/06\/VISION-Vitalhotel-Gosau-4-1024x682.jpg 1024w, https:\/\/www.leeb-balkone.com\/app\/uploads\/2023\/06\/VISION-Vitalhotel-Gosau-4-300x200.jpg 300w, https:\/\/www.leeb-balkone.com\/app\/uploads\/2023\/06\/VISION-Vitalhotel-Gosau-4-768x511.jpg 768w, https:\/\/www.leeb-balkone.com\/app\/uploads\/2023\/06\/VISION-Vitalhotel-Gosau-4-1536x1023.jpg 1536w, https:\/\/www.leeb-balkone.com\/app\/uploads\/2023\/06\/VISION-Vitalhotel-Gosau-4-2048x1364.jpg 2048w\" sizes=\"auto, (min-width: 1200px) 1024px, (min-width: 1024px) 768px, (min-width: 640px) 768px, 768px\" \/>              <\/figure>\n\n                          <\/a>\n      \n        <div class=\"caption\">\n                          <p>Vitalhotel &#8211; Gosau\n              <\/div>\n  \n<\/div>\n\n        <div class=\"b-cards__item\">\n\n        <a data-src=\"https:\/\/www.leeb-balkone.com\/app\/uploads\/2020\/07\/balkongelaender-alu-design-trento-18-1536x1150.jpg\" data-thumb=\"https:\/\/www.leeb-balkone.com\/app\/uploads\/2020\/07\/balkongelaender-alu-design-trento-18-300x225.jpg\" class=\"hasHover dark\">\n        \n      <figure>\n                 <img loading=\"lazy\" decoding=\"async\" width=\"1024\" height=\"767\" src=\"https:\/\/www.leeb-balkone.com\/app\/uploads\/2020\/07\/balkongelaender-alu-design-trento-18-1024x767.jpg\" class=\"attachment-large size-large\" alt=\"balkongelaender alu design trento 18\" srcset=\"https:\/\/www.leeb-balkone.com\/app\/uploads\/2020\/07\/balkongelaender-alu-design-trento-18-1024x767.jpg 1024w, https:\/\/www.leeb-balkone.com\/app\/uploads\/2020\/07\/balkongelaender-alu-design-trento-18-300x225.jpg 300w, https:\/\/www.leeb-balkone.com\/app\/uploads\/2020\/07\/balkongelaender-alu-design-trento-18-768x575.jpg 768w, https:\/\/www.leeb-balkone.com\/app\/uploads\/2020\/07\/balkongelaender-alu-design-trento-18-1536x1150.jpg 1536w, https:\/\/www.leeb-balkone.com\/app\/uploads\/2020\/07\/balkongelaender-alu-design-trento-18-2048x1534.jpg 2048w\" sizes=\"auto, (min-width: 1200px) 1024px, (min-width: 1024px) 768px, (min-width: 640px) 768px, 768px\" \/>              <\/figure>\n\n                          <\/a>\n      \n        <div class=\"caption\">\n                          <p>Hotel Panorama &#8211; Ischgl\n              <\/div>\n  \n<\/div>\n\n        <div class=\"b-cards__item\">\n\n        <a data-src=\"https:\/\/www.leeb-balkone.com\/app\/uploads\/2020\/07\/balkongelaender-aluminium-granada-mit-bergkulisse-1536x1024.jpg\" data-thumb=\"https:\/\/www.leeb-balkone.com\/app\/uploads\/2020\/07\/balkongelaender-aluminium-granada-mit-bergkulisse-300x200.jpg\" class=\"hasHover dark\">\n        \n      <figure>\n                 <img loading=\"lazy\" decoding=\"async\" width=\"1024\" height=\"682\" src=\"https:\/\/www.leeb-balkone.com\/app\/uploads\/2020\/07\/balkongelaender-aluminium-granada-mit-bergkulisse-1024x682.jpg\" class=\"attachment-large size-large\" alt=\"balkongelaender aluminium granada mit bergkulisse\" srcset=\"https:\/\/www.leeb-balkone.com\/app\/uploads\/2020\/07\/balkongelaender-aluminium-granada-mit-bergkulisse-1024x682.jpg 1024w, https:\/\/www.leeb-balkone.com\/app\/uploads\/2020\/07\/balkongelaender-aluminium-granada-mit-bergkulisse-300x200.jpg 300w, https:\/\/www.leeb-balkone.com\/app\/uploads\/2020\/07\/balkongelaender-aluminium-granada-mit-bergkulisse-768x512.jpg 768w, https:\/\/www.leeb-balkone.com\/app\/uploads\/2020\/07\/balkongelaender-aluminium-granada-mit-bergkulisse-1536x1024.jpg 1536w, https:\/\/www.leeb-balkone.com\/app\/uploads\/2020\/07\/balkongelaender-aluminium-granada-mit-bergkulisse-2048x1365.jpg 2048w\" sizes=\"auto, (min-width: 1200px) 1024px, (min-width: 1024px) 768px, (min-width: 640px) 768px, 768px\" \/>              <\/figure>\n\n                          <\/a>\n      \n        <div class=\"caption\">\n                      <\/div>\n  \n<\/div>\n\n        <div class=\"b-cards__item\">\n\n        <a data-src=\"https:\/\/www.leeb-balkone.com\/app\/uploads\/2020\/07\/balkongelaender-granada-aus-aluminium-1536x1025.jpg\" data-thumb=\"https:\/\/www.leeb-balkone.com\/app\/uploads\/2020\/07\/balkongelaender-granada-aus-aluminium-300x200.jpg\" class=\"hasHover dark\">\n        \n      <figure>\n                 <img loading=\"lazy\" decoding=\"async\" width=\"1024\" height=\"683\" src=\"https:\/\/www.leeb-balkone.com\/app\/uploads\/2020\/07\/balkongelaender-granada-aus-aluminium-1024x683.jpg\" class=\"attachment-large size-large\" alt=\"balkongelaender granada aus aluminium\" srcset=\"https:\/\/www.leeb-balkone.com\/app\/uploads\/2020\/07\/balkongelaender-granada-aus-aluminium-1024x683.jpg 1024w, https:\/\/www.leeb-balkone.com\/app\/uploads\/2020\/07\/balkongelaender-granada-aus-aluminium-300x200.jpg 300w, https:\/\/www.leeb-balkone.com\/app\/uploads\/2020\/07\/balkongelaender-granada-aus-aluminium-768x512.jpg 768w, https:\/\/www.leeb-balkone.com\/app\/uploads\/2020\/07\/balkongelaender-granada-aus-aluminium-1536x1025.jpg 1536w, https:\/\/www.leeb-balkone.com\/app\/uploads\/2020\/07\/balkongelaender-granada-aus-aluminium-2048x1366.jpg 2048w\" sizes=\"auto, (min-width: 1200px) 1024px, (min-width: 1024px) 768px, (min-width: 640px) 768px, 768px\" \/>              <\/figure>\n\n                          <\/a>\n      \n        <div class=\"caption\">\n                      <\/div>\n  \n<\/div>\n\n    <\/div>\n\n<\/div><\/div><\/div><\/div>\n<\/section>\n\n\n\n<section class=\"wp-block-group alignfull has-white-background-color has-background has-global-padding is-layout-constrained wp-container-core-group-is-layout-9fa1424c wp-block-group-is-layout-constrained\" style=\"padding-top:0\">\n<div class=\"wp-block-columns is-style-offset m-split is-layout-flex wp-container-core-columns-is-layout-28f84493 wp-block-columns-is-layout-flex\">\n<div class=\"wp-block-column is-layout-flow wp-block-column-is-layout-flow\"><div class=\"vp-map-wrapper vp-map-ratio-19-1\"><img decoding=\"async\" width=\"1900\" height=\"1024\" src=\"https:\/\/www.leeb-balkone.com\/app\/uploads\/2026\/03\/map-at-1.jpg\" class=\"attachment-full size-full\" alt=\"\u00d6sterreichische Map: Vertriebspartner (orange Pins) und Schaur\u00e4ume \/ Standorte (gr\u00fcne Pins) der Leeb Balkone GmbH in \u00d6sterreich\" style=\"width:100%;height:100%;object-fit:cover;display:block;\" loading=\"lazy\" srcset=\"https:\/\/www.leeb-balkone.com\/app\/uploads\/2026\/03\/map-at-1.jpg 1900w, https:\/\/www.leeb-balkone.com\/app\/uploads\/2026\/03\/map-at-1-300x162.jpg 300w, https:\/\/www.leeb-balkone.com\/app\/uploads\/2026\/03\/map-at-1-1024x552.jpg 1024w, https:\/\/www.leeb-balkone.com\/app\/uploads\/2026\/03\/map-at-1-768x414.jpg 768w, https:\/\/www.leeb-balkone.com\/app\/uploads\/2026\/03\/map-at-1-1536x828.jpg 1536w\" sizes=\"auto, (min-width: 1536px) 2048px, (min-width: 992px) 1536px, (min-width: 768px) 1024px, (min-width: 576px) 768px, 100vw\" \/><\/div>\n<\/div>\n\n\n\n<div class=\"wp-block-column is-vertically-aligned-center is-style-overlay-content is-layout-flow wp-block-column-is-layout-flow\">\n<div class=\"wp-block-group is-vertical is-layout-flex wp-container-core-group-is-layout-bd7877ba wp-block-group-is-layout-flex\">\n<h2 class=\"wp-block-heading has-step-2-font-size\">Vertriebspartner \u00d6sterreich<\/h2>\n\n\n\n<p>Kompetente LEEB Partner in Ihrer Region. Pers\u00f6nliche Beratung, pr\u00e4zise Planung und fachgerechte Montage \u2013 \u00f6sterreichweit.<\/p>\n\n\n\n<div class=\"wp-block-buttons is-layout-flex wp-block-buttons-is-layout-flex\" style=\"margin-top:var(--wp--preset--spacing--2-xs)\">\n<div class=\"wp-block-button is-style-cta\"><a class=\"wp-block-button__link has-transparent-background-color has-background wp-element-button\" href=\"https:\/\/www.leeb-balkone.com\/at\/vertriebspartner\/\">Vertriebspartner finden<span class=\"sr-only\">Vertriebspartner Leeb Balkone \u00d6sterreich<\/span><\/a><\/div>\n<\/div>\n<\/div>\n<\/div>\n<\/div>\n<\/section>\n\n\n\n<section class=\"wp-block-group alignfull has-light-gray-background-color has-background has-global-padding is-layout-constrained wp-container-core-group-is-layout-52f96efc wp-block-group-is-layout-constrained\" id=\"beratungstermin\">\n<div class=\"wp-block-group m-teaser o-grid u-md-1 is-layout-flow wp-block-group-is-layout-flow\">\n<div class=\"wp-block-group u-g-7 u-g-s-2 is-layout-flow wp-block-group-is-layout-flow\" style=\"margin-bottom:var(--wp--preset--spacing--s)\">\n<h2 class=\"wp-block-heading\">Kontaktieren Sie uns<\/h2>\n\n\n\n<p><strong><strong>Sie planen ein Projekt oder haben Fragen zu uns und unseren L\u00f6sungen? Schreiben Sie uns einfach &#8211; wir nehmen uns gerne Zeit f\u00fcr Ihr Anliegen!<\/strong><\/strong><\/p>\n<\/div>\n<\/div>\n\n\n\n<div class=\"wp-block-group m-teaser o-grid u-md-1 is-layout-flow wp-block-group-is-layout-flow\">\n<div class=\"wp-block-group u-g-7 u-g-s-2 is-layout-flow wp-block-group-is-layout-flow\" style=\"margin-bottom:var(--wp--preset--spacing--s)\"><form action=\"https:\/\/www.leeb-balkone.com\/at\/wp-json\/ws-form\/v1\/submit\" class=\"wsf-form wsf-form-canvas\" id=\"ws-form-1\" data-id=\"4\" data-instance-id=\"1\" method=\"POST\"><\/form>\n<\/div>\n\n\n\n<div class=\"wp-block-group u-g-3 u-g-s-9 is-layout-flow wp-block-group-is-layout-flow\"><div class=\"t3-sidebar-buttons wp-block-buttons is-layout-flex wp-block-buttons-is-layout-flex\"><div class=\"wp-block-button is-style-fill icon-book icon-left\">\n                        <a class=\"wp-block-button__link has-secondary-color has-white-background-color has-text-color has-background has-link-color wp-element-button\" href=\"https:\/\/www.leeb-balkone.com\/at\/kontakt\/katalog-anfordern\/\" style=\"box-shadow:var(--wp--preset--shadow--box-shadow)\">Katalog anfordern<\/a>\n                    <\/div><div class=\"wp-block-button is-style-fill icon-phone-new icon-left\">\n                        <a class=\"wp-block-button__link has-secondary-color has-white-background-color has-text-color has-background has-link-color wp-element-button\" href=\"tel:0800202013\">Hotline \u00d6sterreich <span class=\"sr-only\"> Hotline: 0800 202013 (\u00d6sterreichweit kostenlos)<\/span><\/a>\n                    <\/div><\/div>\n<\/div>\n<\/div>\n<\/section>\n","protected":false},"excerpt":{"rendered":"","protected":false},"author":1,"featured_media":5036,"parent":0,"menu_order":185,"comment_status":"closed","ping_status":"closed","template":"template-onepager.blade.php","meta":{"_acf_changed":false,"footnotes":"","_sage_theme_css":true,"_wp_block_core_css":false},"folder":[],"class_list":["post-19568","page","type-page","status-publish","has-post-thumbnail","hentry"],"acf":[],"yoast_head":"<!-- This site is optimized with the Yoast SEO plugin v27.2 - https:\/\/yoast.com\/product\/yoast-seo-wordpress\/ -->\n<title>Hotellerie: Balkone f\u00fcr Hotels - Leeb Balkone \u00d6sterreich<\/title>\n<meta name=\"description\" content=\"Exklusive Balkone f\u00fcr Hotels &amp; Gastronomie \u2713 \u00c4sthetisch &amp; pflegeleicht *** LEEB Balkone ist Europas Nr. 1 \u2013 Jetzt Hotel-Designs anfragen!\" \/>\n<meta name=\"robots\" content=\"index, follow, max-snippet:-1, max-image-preview:large, max-video-preview:-1\" \/>\n<meta property=\"og:locale\" content=\"de_DE\" \/>\n<meta property=\"og:type\" content=\"article\" \/>\n<meta property=\"og:title\" content=\"Hotellerie: Balkone f\u00fcr Hotels - Leeb Balkone\" \/>\n<meta property=\"og:description\" content=\"Exklusive Balkone f\u00fcr Hotels &amp; Gastronomie \u2713 \u00c4sthetisch &amp; pflegeleicht *** LEEB Balkone ist Europas Nr. 1 \u2013 Jetzt Hotel-Designs anfragen!\" \/>\n<meta property=\"og:url\" content=\"https:\/\/www.leeb-balkone.com\/at\/hotellerie\/\" \/>\n<meta property=\"og:site_name\" content=\"Leeb Balkone\" \/>\n<meta property=\"article:publisher\" content=\"https:\/\/www.facebook.com\/balkone\/\" \/>\n<meta property=\"article:modified_time\" content=\"2026-01-13T13:19:04+00:00\" \/>\n<meta property=\"og:image\" content=\"https:\/\/www.leeb-balkone.com\/app\/uploads\/2020\/07\/balkongelaender-wohnungswirtschaft-5-scaled.jpg\" \/>\n\t<meta property=\"og:image:width\" content=\"2560\" \/>\n\t<meta property=\"og:image:height\" content=\"1801\" \/>\n\t<meta property=\"og:image:type\" content=\"image\/jpeg\" \/>\n<meta name=\"twitter:card\" content=\"summary_large_image\" \/>\n<script type=\"application\/ld+json\" class=\"yoast-schema-graph\">{\"@context\":\"https:\/\/schema.org\",\"@graph\":[{\"@type\":\"WebPage\",\"@id\":\"https:\/\/www.leeb-balkone.com\/at\/hotellerie\/\",\"url\":\"https:\/\/www.leeb-balkone.com\/at\/hotellerie\/\",\"name\":\"Hotellerie: Balkone f\u00fcr Hotels - Leeb Balkone\",\"isPartOf\":{\"@id\":\"https:\/\/www.leeb-balkone.com\/at\/#website\"},\"primaryImageOfPage\":{\"@id\":\"https:\/\/www.leeb-balkone.com\/at\/hotellerie\/#primaryimage\"},\"image\":{\"@id\":\"https:\/\/www.leeb-balkone.com\/at\/hotellerie\/#primaryimage\"},\"thumbnailUrl\":\"https:\/\/www.leeb-balkone.com\/app\/uploads\/2020\/07\/balkongelaender-wohnungswirtschaft-5-scaled.jpg\",\"datePublished\":\"2020-08-26T20:10:22+00:00\",\"dateModified\":\"2026-01-13T13:19:04+00:00\",\"description\":\"Exklusive Balkone f\u00fcr Hotels & Gastronomie \u2713 \u00c4sthetisch & pflegeleicht *** LEEB Balkone ist Europas Nr. 1 \u2013 Jetzt Hotel-Designs anfragen!\",\"breadcrumb\":{\"@id\":\"https:\/\/www.leeb-balkone.com\/at\/hotellerie\/#breadcrumb\"},\"inLanguage\":\"de-AT\",\"potentialAction\":[{\"@type\":\"ReadAction\",\"target\":[\"https:\/\/www.leeb-balkone.com\/at\/hotellerie\/\"]}]},{\"@type\":\"ImageObject\",\"inLanguage\":\"de-AT\",\"@id\":\"https:\/\/www.leeb-balkone.com\/at\/hotellerie\/#primaryimage\",\"url\":\"https:\/\/www.leeb-balkone.com\/app\/uploads\/2020\/07\/balkongelaender-wohnungswirtschaft-5-scaled.jpg\",\"contentUrl\":\"https:\/\/www.leeb-balkone.com\/app\/uploads\/2020\/07\/balkongelaender-wohnungswirtschaft-5-scaled.jpg\",\"width\":2560,\"height\":1801,\"caption\":\"Hotel Watles -\u00a0Vinschgau\"},{\"@type\":\"BreadcrumbList\",\"@id\":\"https:\/\/www.leeb-balkone.com\/at\/hotellerie\/#breadcrumb\",\"itemListElement\":[{\"@type\":\"ListItem\",\"position\":1,\"name\":\"Home\",\"item\":\"https:\/\/www.leeb-balkone.com\/at\/\"},{\"@type\":\"ListItem\",\"position\":2,\"name\":\"Hotellerie\"}]},{\"@type\":\"WebSite\",\"@id\":\"https:\/\/www.leeb-balkone.com\/at\/#website\",\"url\":\"https:\/\/www.leeb-balkone.com\/at\/\",\"name\":\"Leeb Balkone\",\"description\":\"Balkone und Z\u00e4une\",\"publisher\":{\"@id\":\"https:\/\/www.leeb-balkone.com\/at\/#organization\"},\"potentialAction\":[{\"@type\":\"SearchAction\",\"target\":{\"@type\":\"EntryPoint\",\"urlTemplate\":\"https:\/\/www.leeb-balkone.com\/at\/?s={search_term_string}\"},\"query-input\":{\"@type\":\"PropertyValueSpecification\",\"valueRequired\":true,\"valueName\":\"search_term_string\"}}],\"inLanguage\":\"de-AT\"},{\"@type\":\"Organization\",\"@id\":\"https:\/\/www.leeb-balkone.com\/at\/#organization\",\"name\":\"Leeb Balkone Gmbh\",\"url\":\"https:\/\/www.leeb-balkone.com\/at\/\",\"logo\":{\"@type\":\"ImageObject\",\"inLanguage\":\"de-AT\",\"@id\":\"https:\/\/www.leeb-balkone.com\/at\/#\/schema\/logo\/image\/\",\"url\":\"https:\/\/www.leeb-balkone.com\/app\/uploads\/2020\/11\/leeb-logo.svg\",\"contentUrl\":\"https:\/\/www.leeb-balkone.com\/app\/uploads\/2020\/11\/leeb-logo.svg\",\"width\":741,\"height\":204,\"caption\":\"Leeb Balkone Gmbh\"},\"image\":{\"@id\":\"https:\/\/www.leeb-balkone.com\/at\/#\/schema\/logo\/image\/\"},\"sameAs\":[\"https:\/\/www.facebook.com\/balkone\/\",\"https:\/\/www.trustedshops.at\/bewertung\/info_X4587CCF5833E31AFE0B11F47D86999F2.html\",\"https:\/\/www.trustedshops.de\/bewertung\/info_X7BA536A7A0BDC86D36C4718E4DCAEEEF.html\",\"https:\/\/www.google.com\/maps\/place\/?q=place_id:ChIJ5-zH19-IcEcR9HonWRTllHI\"]}]}<\/script>\n<!-- \/ Yoast SEO plugin. -->","yoast_head_json":{"title":"Hotellerie: Balkone f\u00fcr Hotels - Leeb Balkone \u00d6sterreich","description":"Exklusive Balkone f\u00fcr Hotels & Gastronomie \u2713 \u00c4sthetisch & pflegeleicht *** LEEB Balkone ist Europas Nr. 1 \u2013 Jetzt Hotel-Designs anfragen!","robots":{"index":"index","follow":"follow","max-snippet":"max-snippet:-1","max-image-preview":"max-image-preview:large","max-video-preview":"max-video-preview:-1"},"og_locale":"de_DE","og_type":"article","og_title":"Hotellerie: Balkone f\u00fcr Hotels - Leeb Balkone","og_description":"Exklusive Balkone f\u00fcr Hotels & Gastronomie \u2713 \u00c4sthetisch & pflegeleicht *** LEEB Balkone ist Europas Nr. 1 \u2013 Jetzt Hotel-Designs anfragen!","og_url":"https:\/\/www.leeb-balkone.com\/at\/hotellerie\/","og_site_name":"Leeb Balkone","article_publisher":"https:\/\/www.facebook.com\/balkone\/","article_modified_time":"2026-01-13T13:19:04+00:00","og_image":[{"width":2560,"height":1801,"url":"https:\/\/www.leeb-balkone.com\/app\/uploads\/2020\/07\/balkongelaender-wohnungswirtschaft-5-scaled.jpg","type":"image\/jpeg"}],"twitter_card":"summary_large_image","schema":{"@context":"https:\/\/schema.org","@graph":[{"@type":"WebPage","@id":"https:\/\/www.leeb-balkone.com\/at\/hotellerie\/","url":"https:\/\/www.leeb-balkone.com\/at\/hotellerie\/","name":"Hotellerie: Balkone f\u00fcr Hotels - Leeb Balkone","isPartOf":{"@id":"https:\/\/www.leeb-balkone.com\/at\/#website"},"primaryImageOfPage":{"@id":"https:\/\/www.leeb-balkone.com\/at\/hotellerie\/#primaryimage"},"image":{"@id":"https:\/\/www.leeb-balkone.com\/at\/hotellerie\/#primaryimage"},"thumbnailUrl":"https:\/\/www.leeb-balkone.com\/app\/uploads\/2020\/07\/balkongelaender-wohnungswirtschaft-5-scaled.jpg","datePublished":"2020-08-26T20:10:22+00:00","dateModified":"2026-01-13T13:19:04+00:00","description":"Exklusive Balkone f\u00fcr Hotels & Gastronomie \u2713 \u00c4sthetisch & pflegeleicht *** LEEB Balkone ist Europas Nr. 1 \u2013 Jetzt Hotel-Designs anfragen!","breadcrumb":{"@id":"https:\/\/www.leeb-balkone.com\/at\/hotellerie\/#breadcrumb"},"inLanguage":"de-AT","potentialAction":[{"@type":"ReadAction","target":["https:\/\/www.leeb-balkone.com\/at\/hotellerie\/"]}]},{"@type":"ImageObject","inLanguage":"de-AT","@id":"https:\/\/www.leeb-balkone.com\/at\/hotellerie\/#primaryimage","url":"https:\/\/www.leeb-balkone.com\/app\/uploads\/2020\/07\/balkongelaender-wohnungswirtschaft-5-scaled.jpg","contentUrl":"https:\/\/www.leeb-balkone.com\/app\/uploads\/2020\/07\/balkongelaender-wohnungswirtschaft-5-scaled.jpg","width":2560,"height":1801,"caption":"Hotel Watles -\u00a0Vinschgau"},{"@type":"BreadcrumbList","@id":"https:\/\/www.leeb-balkone.com\/at\/hotellerie\/#breadcrumb","itemListElement":[{"@type":"ListItem","position":1,"name":"Home","item":"https:\/\/www.leeb-balkone.com\/at\/"},{"@type":"ListItem","position":2,"name":"Hotellerie"}]},{"@type":"WebSite","@id":"https:\/\/www.leeb-balkone.com\/at\/#website","url":"https:\/\/www.leeb-balkone.com\/at\/","name":"Leeb Balkone","description":"Balkone und Z\u00e4une","publisher":{"@id":"https:\/\/www.leeb-balkone.com\/at\/#organization"},"potentialAction":[{"@type":"SearchAction","target":{"@type":"EntryPoint","urlTemplate":"https:\/\/www.leeb-balkone.com\/at\/?s={search_term_string}"},"query-input":{"@type":"PropertyValueSpecification","valueRequired":true,"valueName":"search_term_string"}}],"inLanguage":"de-AT"},{"@type":"Organization","@id":"https:\/\/www.leeb-balkone.com\/at\/#organization","name":"Leeb Balkone Gmbh","url":"https:\/\/www.leeb-balkone.com\/at\/","logo":{"@type":"ImageObject","inLanguage":"de-AT","@id":"https:\/\/www.leeb-balkone.com\/at\/#\/schema\/logo\/image\/","url":"https:\/\/www.leeb-balkone.com\/app\/uploads\/2020\/11\/leeb-logo.svg","contentUrl":"https:\/\/www.leeb-balkone.com\/app\/uploads\/2020\/11\/leeb-logo.svg","width":741,"height":204,"caption":"Leeb Balkone Gmbh"},"image":{"@id":"https:\/\/www.leeb-balkone.com\/at\/#\/schema\/logo\/image\/"},"sameAs":["https:\/\/www.facebook.com\/balkone\/","https:\/\/www.trustedshops.at\/bewertung\/info_X4587CCF5833E31AFE0B11F47D86999F2.html","https:\/\/www.trustedshops.de\/bewertung\/info_X7BA536A7A0BDC86D36C4718E4DCAEEEF.html","https:\/\/www.google.com\/maps\/place\/?q=place_id:ChIJ5-zH19-IcEcR9HonWRTllHI"]}]}},"_links":{"self":[{"href":"https:\/\/www.leeb-balkone.com\/at\/wp-json\/wp\/v2\/pages\/19568","targetHints":{"allow":["GET"]}}],"collection":[{"href":"https:\/\/www.leeb-balkone.com\/at\/wp-json\/wp\/v2\/pages"}],"about":[{"href":"https:\/\/www.leeb-balkone.com\/at\/wp-json\/wp\/v2\/types\/page"}],"author":[{"embeddable":true,"href":"https:\/\/www.leeb-balkone.com\/at\/wp-json\/wp\/v2\/users\/1"}],"replies":[{"embeddable":true,"href":"https:\/\/www.leeb-balkone.com\/at\/wp-json\/wp\/v2\/comments?post=19568"}],"version-history":[{"count":7,"href":"https:\/\/www.leeb-balkone.com\/at\/wp-json\/wp\/v2\/pages\/19568\/revisions"}],"predecessor-version":[{"id":162018,"href":"https:\/\/www.leeb-balkone.com\/at\/wp-json\/wp\/v2\/pages\/19568\/revisions\/162018"}],"wp:featuredmedia":[{"embeddable":true,"href":"https:\/\/www.leeb-balkone.com\/at\/wp-json\/wp\/v2\/media\/5036"}],"wp:attachment":[{"href":"https:\/\/www.leeb-balkone.com\/at\/wp-json\/wp\/v2\/media?parent=19568"}],"wp:term":[{"taxonomy":"folder","embeddable":true,"href":"https:\/\/www.leeb-balkone.com\/at\/wp-json\/wp\/v2\/folder?post=19568"}],"curies":[{"name":"wp","href":"https:\/\/api.w.org\/{rel}","templated":true}]}}