{"id":17325,"date":"2020-06-02T15:44:00","date_gmt":"2020-06-02T15:44:00","guid":{"rendered":"https:\/\/www.leeb-balkone.com\/de\/service\/"},"modified":"2026-03-20T14:30:41","modified_gmt":"2026-03-20T14:30:41","slug":"service","status":"publish","type":"page","link":"https:\/\/www.leeb-balkone.com\/at\/service\/","title":{"rendered":"Service"},"content":{"rendered":"<header class=\"wp-block-group alignfull t3-header u-max-wide t3-header-text has-white-background-color has-background has-global-padding is-layout-constrained wp-block-group-is-layout-constrained\">\n    <div class=\"wp-block-group o-grid u-md-1 u-sm-1 is-layout-flow wp-block-group-is-layout-flow\">\n  <div class=\"wp-block-group u-g-10 u-g-s-2\">\n      <div class=\"yoast-breadcrumbs\"><span><span><a href=\"https:\/\/www.leeb-balkone.com\/at\/\">Home<\/a><\/span><\/span><\/div>\n      \n    <h1>Service<\/h1><h2 class=\"wp-block-heading is-style-subtitle\">Service und Vertrieb mit mehr als 100 Partnern<\/h2>\n  <\/div>\n<\/div>\n  <\/header>\n\n\n\n\n\n\n\n<section class=\"wp-block-cgb-t3-section-block alignfull b-pt-none b-pb-small is-style-bg-white\" style=\"display:inherit;min-height:inherit\">\n<div class=\"wp-block-cgb-t3-container-block none\" style=\"background-color:none\"><div class=\"grid-container\"><div class=\"grid-x\"><div class=\"cell small-12 medium-9 large-0 medium-offset-1 b-has-lsmb\">\n<p class=\"has-text-align-left\"><span class=\"teaser\">Ihr Leeb-Balkon- und Zaunberater steht Ihnen mit Rat und Tat vor Ort zur Seite. Lassen Sie sich beraten und entscheiden Sie zwischen folgenden Lieferformen: Vollst\u00e4ndige Montage von Balkongel\u00e4nder oder Zaun durch ein Montageteam von Leeb, Lieferung individuell millimetergenau vorgefertigter Teile zur Selbstmontage oder Lieferung als Bausatz f\u00fcr Heimwerker. Individuelle Balkone und Z\u00e4une, Sonderanfertigungen oder nachtr\u00e4glicher Balkonanbau sind auf Anfrage jederzeit m\u00f6glich.<\/span><\/p>\n<\/div><\/div><\/div><\/div>\n\n\n\n<div class=\"wp-block-cgb-t3-container-block none\" style=\"background-color:none\"><div class=\"grid-container\"><div class=\"grid-x\"><div class=\"cell small-12 medium-0 large-0 b-has-pt\">\n<div class=\"wp-block-group is-style-transparent-cards is-layout-grid wp-container-core-group-is-layout-df4581a5 wp-block-group-is-layout-grid\"><div class=\"wp-block-group m-card is-layout-flow wp-container-core-group-is-layout-8a368f38 wp-block-group-is-layout-flow is-linked\"><a class=\"wp-block-group__link\" href=\"https:\/\/www.leeb-balkone.com\/at\/service\/planungsservice\/\" target=\"_self\" rel=\"follow\" aria-hidden=\"true\" tabindex=\"-1\">&nbsp;<\/a>\n<figure class=\"wp-block-image size-large\"><img loading=\"lazy\" decoding=\"async\" width=\"1024\" height=\"680\" src=\"https:\/\/www.leeb-balkone.com\/app\/uploads\/2021\/01\/perfekter-planungsservice-leeb-balkone-1024x680.jpg\" alt=\"Balkon, Zaun, Terrassen\u00fcberdachung planen - Beratungsgespr\u00e4ch mit dem Balkonprofi von Leeb Balkone (Planungsservice)\" class=\"wp-image-22532\" srcset=\"https:\/\/www.leeb-balkone.com\/app\/uploads\/2021\/01\/perfekter-planungsservice-leeb-balkone-1024x680.jpg 1024w, https:\/\/www.leeb-balkone.com\/app\/uploads\/2021\/01\/perfekter-planungsservice-leeb-balkone-300x199.jpg 300w, https:\/\/www.leeb-balkone.com\/app\/uploads\/2021\/01\/perfekter-planungsservice-leeb-balkone-768x510.jpg 768w, https:\/\/www.leeb-balkone.com\/app\/uploads\/2021\/01\/perfekter-planungsservice-leeb-balkone-1536x1020.jpg 1536w, https:\/\/www.leeb-balkone.com\/app\/uploads\/2021\/01\/perfekter-planungsservice-leeb-balkone-2048x1360.jpg 2048w\" sizes=\"auto, (max-width: 1024px) 100vw, 1024px\" \/><figcaption class=\"wp-element-caption\">Planungsservice von Leeb<\/figcaption><\/figure>\n\n\n\n<div class=\"wp-block-group m-card-content is-vertical is-layout-flex wp-container-core-group-is-layout-5580f018 wp-block-group-is-layout-flex\">\n<h3 class=\"wp-block-heading\">Planungsservice<\/h3>\n\n\n\n<p>Ein Balkonberater in Ihrer N\u00e4he hilft Ihnen bei der Planung. Vor Ort werden die Ma\u00dfe aufgenommen und die Situation besprochen. Um den perfekten Balkon oder Zaun f\u00fcr Ihr Haus zu finden, gibt es den Leeb-Planungsservice.<\/p>\n\n\n\n<p class=\"more\">Mehr erfahren<\/p>\n<\/div>\n<\/div>\n\n\n<div class=\"wp-block-group m-card is-layout-flow wp-container-core-group-is-layout-8a368f38 wp-block-group-is-layout-flow is-linked\"><a class=\"wp-block-group__link\" href=\"https:\/\/www.leeb-balkone.com\/at\/service\/3d-konfigurator\/\" target=\"_self\" rel=\"follow\" aria-hidden=\"true\" tabindex=\"-1\">&nbsp;<\/a>\n<figure class=\"wp-block-image size-large\"><img loading=\"lazy\" decoding=\"async\" width=\"1024\" height=\"614\" src=\"https:\/\/www.leeb-balkone.com\/app\/uploads\/2020\/08\/leeb-balkone-planungsservice-1024x614.jpeg\" alt=\"leeb balkone planungsservice\" class=\"wp-image-6151\" srcset=\"https:\/\/www.leeb-balkone.com\/app\/uploads\/2020\/08\/leeb-balkone-planungsservice-1024x614.jpeg 1024w, https:\/\/www.leeb-balkone.com\/app\/uploads\/2020\/08\/leeb-balkone-planungsservice-300x180.jpeg 300w, https:\/\/www.leeb-balkone.com\/app\/uploads\/2020\/08\/leeb-balkone-planungsservice-768x461.jpeg 768w, https:\/\/www.leeb-balkone.com\/app\/uploads\/2020\/08\/leeb-balkone-planungsservice-1536x922.jpeg 1536w, https:\/\/www.leeb-balkone.com\/app\/uploads\/2020\/08\/leeb-balkone-planungsservice-2048x1229.jpeg 2048w\" sizes=\"auto, (max-width: 1024px) 100vw, 1024px\" \/><figcaption class=\"wp-element-caption\">Planungsservice von Leeb<\/figcaption><\/figure>\n\n\n\n<div class=\"wp-block-group m-card-content is-vertical is-layout-flex wp-container-core-group-is-layout-5580f018 wp-block-group-is-layout-flex\">\n<h3 class=\"wp-block-heading\">3D-Konfigurator<\/h3>\n\n\n\n<p>Mit dem 3D-Produkt-Konfigurator von Leeb Balkon und Zaun planen direkt mit Ihrem Berater vor Ort. Vergleichen Sie am Bildschirm unterschiedliche Modelle und Farbkombinationen und suchen Sie sich so Ihren Wunschbalkon aus.<\/p>\n\n\n\n<p class=\"more\">Mehr erfahren<\/p>\n<\/div>\n<\/div>\n\n\n<div class=\"wp-block-group m-card is-layout-flow wp-container-core-group-is-layout-8a368f38 wp-block-group-is-layout-flow is-linked\"><a class=\"wp-block-group__link\" href=\"https:\/\/www.leeb-balkone.com\/at\/service\/lieferung-und-montage\/\" target=\"_self\" rel=\"follow\" aria-hidden=\"true\" tabindex=\"-1\">&nbsp;<\/a>\n<figure class=\"wp-block-image size-large\"><img loading=\"lazy\" decoding=\"async\" width=\"1024\" height=\"767\" src=\"https:\/\/www.leeb-balkone.com\/app\/uploads\/2020\/08\/leeb-balkone-mitarbeiter-4-1024x767.jpeg\" alt=\"Montieren eines Leeb Alu-Balkongel\u00e4nders nach Ma\u00df\" class=\"wp-image-6083\" srcset=\"https:\/\/www.leeb-balkone.com\/app\/uploads\/2020\/08\/leeb-balkone-mitarbeiter-4-1024x767.jpeg 1024w, https:\/\/www.leeb-balkone.com\/app\/uploads\/2020\/08\/leeb-balkone-mitarbeiter-4-2048x1535.jpeg 2048w, https:\/\/www.leeb-balkone.com\/app\/uploads\/2020\/08\/leeb-balkone-mitarbeiter-4-300x225.jpeg 300w, https:\/\/www.leeb-balkone.com\/app\/uploads\/2020\/08\/leeb-balkone-mitarbeiter-4-768x575.jpeg 768w, https:\/\/www.leeb-balkone.com\/app\/uploads\/2020\/08\/leeb-balkone-mitarbeiter-4-1536x1151.jpeg 1536w\" sizes=\"auto, (max-width: 1024px) 100vw, 1024px\" \/><figcaption class=\"wp-element-caption\">Planungsservice von Leeb<\/figcaption><\/figure>\n\n\n\n<div class=\"wp-block-group m-card-content is-vertical is-layout-flex wp-container-core-group-is-layout-5580f018 wp-block-group-is-layout-flex\">\n<h3 class=\"wp-block-heading\">Lieferung und Montage<\/h3>\n\n\n\n<p>Die Profimontage Ihres Leeb-Balkons beinhaltet die Lieferung mit einem Spezial-LKW direkt vom Werk und die fachgerechte Montage vom Profi. Verringerte Montagezeit dank genau vorgefertigter Elemente.<\/p>\n\n\n\n<p class=\"more\">Mehr erfahren<\/p>\n<\/div>\n<\/div>\n\n\n<div class=\"wp-block-group m-card is-layout-flow wp-container-core-group-is-layout-8a368f38 wp-block-group-is-layout-flow is-linked\"><a class=\"wp-block-group__link\" href=\"https:\/\/www.leeb-balkone.com\/at\/vertriebspartner\/\" target=\"_self\" rel=\"follow\" aria-hidden=\"true\" tabindex=\"-1\">&nbsp;<\/a>\n<figure class=\"wp-block-image size-large\"><img loading=\"lazy\" decoding=\"async\" width=\"2361\" height=\"1817\" src=\"https:\/\/www.leeb-balkone.com\/app\/uploads\/2023\/07\/Emanuel-Hutter-1-scaled-e1689682721557.jpg\" alt=\"Emanuel Hutter 1 e1689682721557\" class=\"wp-image-131095\" srcset=\"https:\/\/www.leeb-balkone.com\/app\/uploads\/2023\/07\/Emanuel-Hutter-1-scaled-e1689682721557.jpg 2361w, https:\/\/www.leeb-balkone.com\/app\/uploads\/2023\/07\/Emanuel-Hutter-1-scaled-e1689682721557-300x231.jpg 300w, https:\/\/www.leeb-balkone.com\/app\/uploads\/2023\/07\/Emanuel-Hutter-1-scaled-e1689682721557-1024x788.jpg 1024w, https:\/\/www.leeb-balkone.com\/app\/uploads\/2023\/07\/Emanuel-Hutter-1-scaled-e1689682721557-768x591.jpg 768w, https:\/\/www.leeb-balkone.com\/app\/uploads\/2023\/07\/Emanuel-Hutter-1-scaled-e1689682721557-1536x1182.jpg 1536w, https:\/\/www.leeb-balkone.com\/app\/uploads\/2023\/07\/Emanuel-Hutter-1-scaled-e1689682721557-2048x1576.jpg 2048w\" sizes=\"auto, (max-width: 2361px) 100vw, 2361px\" \/><figcaption class=\"wp-element-caption\">Planungsservice von Leeb<\/figcaption><\/figure>\n\n\n\n<div class=\"wp-block-group m-card-content is-vertical is-layout-flex wp-container-core-group-is-layout-5580f018 wp-block-group-is-layout-flex\">\n<h3 class=\"wp-block-heading\">Vertriebspartner<\/h3>\n\n\n\n<p>Ein Leeb-Vertriebspartner ist immer in Ihrer N\u00e4he. Mit rund 100 Partnern erstreckt sich unser Vertriebsnetzt \u00fcber \u00d6sterreich, Deutschland, Schweiz und Italien.<\/p>\n\n\n\n<p class=\"more\">Mehr erfahren<\/p>\n<\/div>\n<\/div>\n\n\n<div class=\"wp-block-group m-card is-layout-flow wp-container-core-group-is-layout-8a368f38 wp-block-group-is-layout-flow is-linked\"><a class=\"wp-block-group__link\" href=\"https:\/\/www.leeb-balkone.com\/at\/service\/planungsservice\/\" target=\"_self\" rel=\"follow\" aria-hidden=\"true\" tabindex=\"-1\">&nbsp;<\/a>\n<figure class=\"wp-block-image size-large\"><a href=\"https:\/\/www.leeb-balkone.com\/at\/service\/messen\/\"><img loading=\"lazy\" decoding=\"async\" width=\"1024\" height=\"683\" src=\"https:\/\/www.leeb-balkone.com\/app\/uploads\/2025\/12\/Schauraum-Mils-Vertriebspartner-Manuel-Daum-36-1024x683.jpg\" alt=\"Schauraum Mils Vertriebspartner Manuel Daum\" class=\"wp-image-162229\" srcset=\"https:\/\/www.leeb-balkone.com\/app\/uploads\/2025\/12\/Schauraum-Mils-Vertriebspartner-Manuel-Daum-36-1024x683.jpg 1024w, https:\/\/www.leeb-balkone.com\/app\/uploads\/2025\/12\/Schauraum-Mils-Vertriebspartner-Manuel-Daum-36-300x200.jpg 300w, https:\/\/www.leeb-balkone.com\/app\/uploads\/2025\/12\/Schauraum-Mils-Vertriebspartner-Manuel-Daum-36-768x512.jpg 768w, https:\/\/www.leeb-balkone.com\/app\/uploads\/2025\/12\/Schauraum-Mils-Vertriebspartner-Manuel-Daum-36-1536x1024.jpg 1536w, https:\/\/www.leeb-balkone.com\/app\/uploads\/2025\/12\/Schauraum-Mils-Vertriebspartner-Manuel-Daum-36-2048x1366.jpg 2048w\" sizes=\"auto, (max-width: 1024px) 100vw, 1024px\" \/><\/a><figcaption class=\"wp-element-caption\">Planungsservice von Leeb<\/figcaption><\/figure>\n\n\n\n<div class=\"wp-block-group m-card-content is-vertical is-layout-flex wp-container-core-group-is-layout-5580f018 wp-block-group-is-layout-flex\">\n<h3 class=\"wp-block-heading\"><a href=\"https:\/\/www.leeb-balkone.com\/at\/service\/messen\/\">Messeplan<\/a><\/h3>\n\n\n\n<p>\u00dcberzeugen Sie sich von der Qualit\u00e4t unserer Produkte. Sie finden uns auf rund 200 Messen im mitteleurop\u00e4ischen Raum. Hier geht&#8217;s zum Messeplan.<\/p>\n\n\n\n<p class=\"more\"><a href=\"https:\/\/www.leeb-balkone.com\/at\/service\/messen\/\">Mehr erfahren<\/a><\/p>\n<\/div>\n<\/div>\n\n\n<div class=\"wp-block-group m-card is-layout-flow wp-container-core-group-is-layout-8a368f38 wp-block-group-is-layout-flow is-linked\"><a class=\"wp-block-group__link\" href=\"https:\/\/www.leeb-balkone.com\/at\/service\/farbwelten\/\" target=\"_self\" rel=\"follow\" aria-hidden=\"true\" tabindex=\"-1\">&nbsp;<\/a>\n<figure class=\"wp-block-image size-large\"><img loading=\"lazy\" decoding=\"async\" width=\"1024\" height=\"683\" src=\"https:\/\/www.leeb-balkone.com\/app\/uploads\/2021\/01\/leeb-farbwelten-4-1024x683.jpg\" alt=\"alu-balkongelaender-richtige-farbe\" class=\"wp-image-22048\" srcset=\"https:\/\/www.leeb-balkone.com\/app\/uploads\/2021\/01\/leeb-farbwelten-4-1024x683.jpg 1024w, https:\/\/www.leeb-balkone.com\/app\/uploads\/2021\/01\/leeb-farbwelten-4-300x200.jpg 300w, https:\/\/www.leeb-balkone.com\/app\/uploads\/2021\/01\/leeb-farbwelten-4-768x512.jpg 768w, https:\/\/www.leeb-balkone.com\/app\/uploads\/2021\/01\/leeb-farbwelten-4-1536x1024.jpg 1536w, https:\/\/www.leeb-balkone.com\/app\/uploads\/2021\/01\/leeb-farbwelten-4-2048x1366.jpg 2048w\" sizes=\"auto, (max-width: 1024px) 100vw, 1024px\" \/><figcaption class=\"wp-element-caption\">Planungsservice von Leeb<\/figcaption><\/figure>\n\n\n\n<div class=\"wp-block-group m-card-content is-vertical is-layout-flex wp-container-core-group-is-layout-5580f018 wp-block-group-is-layout-flex\">\n<h3 class=\"wp-block-heading\">Farbwelten<\/h3>\n\n\n\n<p>Erst der richtige Einsatz verschiedener Farbnuancen verleiht Ihrem Haus eine ganz besondere Note &#8211; perfekte Farbgestaltung mit Leeb Balkone.<\/p>\n\n\n\n<p class=\"more\">Mehr erfahren<\/p>\n<\/div>\n<\/div>\n<\/div>\n<\/div><\/div><\/div><\/div>\n\n\n\n<p><\/p>\n<\/section>\n\n\n\n<section class=\"wp-block-cgb-t3-section-block alignfull b-pt-none  is-style-bg-transparent\" style=\"display:inherit;min-height:inherit\">\n<div class=\"wp-block-cgb-t3-container-block b-has-offset-b\" style=\"background-color:#EE7203\"><div class=\"has-padding none grid-container-wrapper\"><div class=\"grid-container\"><div class=\"grid-x\"><div class=\"cell small-12 medium-10 large-0 medium-offset-1 b-has-lsmb\">\n<h2 class=\"wp-block-heading has-white-color has-text-color\"><span class=\"h2ash1\">Alles rund ums Thema <strong>Balkon, Zaun &amp; Co<\/strong><\/span><\/h2>\n\n\n\n<p class=\"has-white-color has-text-color\"><span class=\"teaser\"><strong>Mehr als 150.000 zufriedene Kunden vertrauen auf Europas f\u00fchrenden Hersteller von Balkongel\u00e4ndern, \u00fcber 50.000 Laufmeter pflegeleichte Gel\u00e4nder aus Holz, Alu, Glas und Edelstahl verlassen jedes Jahr das Werk in Gnesau und finden ihren Platz auf Balkonen in \u00d6sterreich, Deutschland, Italien, Frankreich oder der Schweiz.<\/strong><\/span><\/p>\n<\/div><\/div><\/div><\/div><\/div>\n\n\n\n<div class=\"wp-block-cgb-t3-container-block none\" style=\"background-color:none\"><div class=\"grid-container\"><div class=\"grid-x\"><div class=\"cell small-12 medium-12 large-0\"><div class=\"u-grid-temp has-2-cols u-md-2 u-sm-1 is-style-transparent-cards offset wp-block-group is-layout-grid wp-block-group-is-layout-grid\">\n\n\n  \n\n            <div class=\"wp-block-group m-card is-layout-flow wp-block-group-is-layout-flow\">\n      <figure data-imgid=\"4227\" class=\"wp-block-image size-large\">\n      <a href=\"https:\/\/www.leeb-balkone.com\/at\/technik\/alu-comfort-plus\/\" class=\"no-default-link\">\n        <img decoding=\"async\" width=\"768\" height=\"499\" src=\"https:\/\/www.leeb-balkone.com\/app\/uploads\/2020\/04\/shutterstock_4878571_red-768x499.jpg\" class=\"attachment-medium_large size-medium_large\" alt=\"Alu Comfort Plus - Patentierte Pulverbeschichtung mit Lotus Effekt von Leeb Balkone\" title=\"Alu Comfort Plus\u00ae\" loading=\"lazy\" srcset=\"https:\/\/www.leeb-balkone.com\/app\/uploads\/2020\/04\/shutterstock_4878571_red-768x499.jpg 768w, https:\/\/www.leeb-balkone.com\/app\/uploads\/2020\/04\/shutterstock_4878571_red-300x195.jpg 300w, https:\/\/www.leeb-balkone.com\/app\/uploads\/2020\/04\/shutterstock_4878571_red-1024x665.jpg 1024w, https:\/\/www.leeb-balkone.com\/app\/uploads\/2020\/04\/shutterstock_4878571_red-1536x997.jpg 1536w, https:\/\/www.leeb-balkone.com\/app\/uploads\/2020\/04\/shutterstock_4878571_red-2048x1330.jpg 2048w\" sizes=\"auto, (min-width: 1200px) 360px, (min-width: 1024px) 300px, (min-width: 640px) 768px, 768px\" \/>      <\/a>\n    <\/figure>\n  \n  <div class=\"wp-block-group m-card-content is-vertical is-layout-flex wp-block-group-is-layout-flex\">\n            <h3 class=\"wp-block-heading\">\n          <a href=\"https:\/\/www.leeb-balkone.com\/at\/technik\/alu-comfort-plus\/\" class=\"no-default-link\">Alu Comfort Plus\u00ae<\/a>\n        <\/h3>\n        <p>Die einzigartige und patentierte ALU COMFORT PLUS\u00ae-Oberfl\u00e4che mit hocheffektivem Lotuseffekt ist die Essenz st\u00e4ndiger Innovationen.<\/p>\n          <a href=\"https:\/\/www.leeb-balkone.com\/at\/technik\/alu-comfort-plus\/\" class=\"more\">mehr erfahren<\/a>\n      <\/div>\n<\/div>\n\n          <div class=\"wp-block-group m-card is-layout-flow wp-block-group-is-layout-flow\">\n      <figure data-imgid=\"44737\" class=\"wp-block-image size-large\">\n      <a href=\"https:\/\/www.leeb-balkone.com\/at\/vertriebspartner\/\" class=\"no-default-link\">\n        <img decoding=\"async\" width=\"768\" height=\"453\" src=\"https:\/\/www.leeb-balkone.com\/app\/uploads\/2020\/12\/firma-leeb-balkone-zentrale-gnesau-scaled-e1624345570124-768x453.jpg\" class=\"attachment-medium_large size-medium_large\" alt=\"Firmenzentrale Leeb Balkone GmbH in Gnesau\" title=\"Leeb-Standorte\" loading=\"lazy\" srcset=\"https:\/\/www.leeb-balkone.com\/app\/uploads\/2020\/12\/firma-leeb-balkone-zentrale-gnesau-scaled-e1624345570124-768x453.jpg 768w, https:\/\/www.leeb-balkone.com\/app\/uploads\/2020\/12\/firma-leeb-balkone-zentrale-gnesau-scaled-e1624345570124-300x177.jpg 300w, https:\/\/www.leeb-balkone.com\/app\/uploads\/2020\/12\/firma-leeb-balkone-zentrale-gnesau-scaled-e1624345570124-1024x604.jpg 1024w, https:\/\/www.leeb-balkone.com\/app\/uploads\/2020\/12\/firma-leeb-balkone-zentrale-gnesau-scaled-e1624345570124-1536x906.jpg 1536w, https:\/\/www.leeb-balkone.com\/app\/uploads\/2020\/12\/firma-leeb-balkone-zentrale-gnesau-scaled-e1624345570124-2048x1208.jpg 2048w\" sizes=\"auto, (min-width: 1200px) 360px, (min-width: 1024px) 300px, (min-width: 640px) 768px, 768px\" \/>      <\/a>\n    <\/figure>\n  \n  <div class=\"wp-block-group m-card-content is-vertical is-layout-flex wp-block-group-is-layout-flex\">\n            <h3 class=\"wp-block-heading\">\n          <a href=\"https:\/\/www.leeb-balkone.com\/at\/vertriebspartner\/\" class=\"no-default-link\">Leeb-Standorte<\/a>\n        <\/h3>\n        <p>Unser Vertriebsnetz umfasst rund 100 Leeb-Partner in \u00d6sterreich, Deutschland, Italien, der Schweiz, der Slowakei und Slowenien. Ein Leeb-Partner ist immer in Ihrer N\u00e4he!<\/p>\n          <a href=\"https:\/\/www.leeb-balkone.com\/at\/vertriebspartner\/\" class=\"more\">Vertriebspartner finden<\/a>\n      <\/div>\n<\/div>\n\n          <div class=\"wp-block-group m-card is-layout-flow wp-block-group-is-layout-flow\">\n      <figure data-imgid=\"6116\" class=\"wp-block-image size-large\">\n      <a href=\"https:\/\/www.leeb-balkone.com\/at\/service\/lieferung-und-montage\/\" class=\"no-default-link\">\n        <img decoding=\"async\" width=\"768\" height=\"575\" src=\"https:\/\/www.leeb-balkone.com\/app\/uploads\/2020\/08\/leeb-balkone-mitarbeiter-4-1-768x575.jpeg\" class=\"attachment-medium_large size-medium_large\" alt=\"Montieren eines Leeb Alu-Balkongel\u00e4nders nach Ma\u00df\" title=\"Mit uns sind Sie auf der sicheren Seite\" loading=\"lazy\" srcset=\"https:\/\/www.leeb-balkone.com\/app\/uploads\/2020\/08\/leeb-balkone-mitarbeiter-4-1-768x575.jpeg 768w, https:\/\/www.leeb-balkone.com\/app\/uploads\/2020\/08\/leeb-balkone-mitarbeiter-4-1-300x225.jpeg 300w, https:\/\/www.leeb-balkone.com\/app\/uploads\/2020\/08\/leeb-balkone-mitarbeiter-4-1-1024x767.jpeg 1024w, https:\/\/www.leeb-balkone.com\/app\/uploads\/2020\/08\/leeb-balkone-mitarbeiter-4-1-1536x1151.jpeg 1536w, https:\/\/www.leeb-balkone.com\/app\/uploads\/2020\/08\/leeb-balkone-mitarbeiter-4-1-2048x1534.jpeg 2048w\" sizes=\"auto, (min-width: 1200px) 360px, (min-width: 1024px) 300px, (min-width: 640px) 768px, 768px\" \/>      <\/a>\n    <\/figure>\n  \n  <div class=\"wp-block-group m-card-content is-vertical is-layout-flex wp-block-group-is-layout-flex\">\n            <h3 class=\"wp-block-heading\">\n          <a href=\"https:\/\/www.leeb-balkone.com\/at\/service\/lieferung-und-montage\/\" class=\"no-default-link\">Mit uns sind Sie auf der sicheren Seite<\/a>\n        <\/h3>\n        <p>Was genau beginnt, wird genau beendet. Frisch aus dem Werk werden unsere Balkone und Z\u00e4une mit Spezial-LKWs fachgerecht geliefert und vom Profi montiert. Rasch, unkompliziert und ganz ohne L\u00e4rm.<\/p>\n          <a href=\"https:\/\/www.leeb-balkone.com\/at\/service\/lieferung-und-montage\/\" class=\"more\">mehr erfahren<\/a>\n      <\/div>\n<\/div>\n\n          <div class=\"wp-block-group m-card is-layout-flow wp-block-group-is-layout-flow\">\n      <figure data-imgid=\"22534\" class=\"wp-block-image size-large\">\n      <a href=\"https:\/\/www.leeb-balkone.com\/at\/service\/planungsservice\/\" class=\"no-default-link\">\n        <img decoding=\"async\" width=\"768\" height=\"510\" src=\"https:\/\/www.leeb-balkone.com\/app\/uploads\/2021\/01\/perfekter-planungsservice-leeb-balkone-768x510.jpg\" class=\"attachment-medium_large size-medium_large\" alt=\"Balkon, Zaun, Terrassen\u00fcberdachung planen - Beratungsgespr\u00e4ch mit dem Balkonprofi von Leeb Balkone (Planungsservice)\" title=\"Planungsservice\" loading=\"lazy\" srcset=\"https:\/\/www.leeb-balkone.com\/app\/uploads\/2021\/01\/perfekter-planungsservice-leeb-balkone-768x510.jpg 768w, https:\/\/www.leeb-balkone.com\/app\/uploads\/2021\/01\/perfekter-planungsservice-leeb-balkone-300x199.jpg 300w, https:\/\/www.leeb-balkone.com\/app\/uploads\/2021\/01\/perfekter-planungsservice-leeb-balkone-1024x680.jpg 1024w, https:\/\/www.leeb-balkone.com\/app\/uploads\/2021\/01\/perfekter-planungsservice-leeb-balkone-1536x1020.jpg 1536w, https:\/\/www.leeb-balkone.com\/app\/uploads\/2021\/01\/perfekter-planungsservice-leeb-balkone-2048x1360.jpg 2048w\" sizes=\"auto, (min-width: 1200px) 360px, (min-width: 1024px) 300px, (min-width: 640px) 768px, 768px\" \/>      <\/a>\n    <\/figure>\n  \n  <div class=\"wp-block-group m-card-content is-vertical is-layout-flex wp-block-group-is-layout-flex\">\n            <h3 class=\"wp-block-heading\">\n          <a href=\"https:\/\/www.leeb-balkone.com\/at\/service\/planungsservice\/\" class=\"no-default-link\">Planungsservice<\/a>\n        <\/h3>\n        <p>Ihr pers\u00f6nlicher Leeb-Berater in Ihrer N\u00e4he unterst\u00fctzt Sie dabei, den richtigen Balkon, Zaun oder die richtige \u00dcberdachung auszuw\u00e4hlen \u2013 passgenau von der Planung bis zur Montage.<\/p>\n          <a href=\"https:\/\/www.leeb-balkone.com\/at\/service\/planungsservice\/\" class=\"more\">mehr erfahren<\/a>\n      <\/div>\n<\/div>\n\n      \n<\/div>\n\n\n\n<p><\/p>\n<\/div><\/div><\/div><\/div>\n<\/section>\n\n\n\n<section class=\"wp-block-group alignfull has-white-background-color has-background has-global-padding is-layout-constrained wp-container-core-group-is-layout-9fa1424c wp-block-group-is-layout-constrained\" style=\"padding-top:0\">\n<div class=\"wp-block-columns is-style-offset m-split is-layout-flex wp-container-core-columns-is-layout-28f84493 wp-block-columns-is-layout-flex\">\n<div class=\"wp-block-column is-layout-flow wp-block-column-is-layout-flow\"><div class=\"vp-map-wrapper vp-map-ratio-19-1\"><img decoding=\"async\" width=\"1900\" height=\"1024\" src=\"https:\/\/www.leeb-balkone.com\/app\/uploads\/2026\/03\/map-at-1.jpg\" class=\"attachment-full size-full\" alt=\"\u00d6sterreichische Map: Vertriebspartner (orange Pins) und Schaur\u00e4ume \/ Standorte (gr\u00fcne Pins) der Leeb Balkone GmbH in \u00d6sterreich\" style=\"width:100%;height:100%;object-fit:cover;display:block;\" loading=\"lazy\" srcset=\"https:\/\/www.leeb-balkone.com\/app\/uploads\/2026\/03\/map-at-1.jpg 1900w, https:\/\/www.leeb-balkone.com\/app\/uploads\/2026\/03\/map-at-1-300x162.jpg 300w, https:\/\/www.leeb-balkone.com\/app\/uploads\/2026\/03\/map-at-1-1024x552.jpg 1024w, https:\/\/www.leeb-balkone.com\/app\/uploads\/2026\/03\/map-at-1-768x414.jpg 768w, https:\/\/www.leeb-balkone.com\/app\/uploads\/2026\/03\/map-at-1-1536x828.jpg 1536w\" sizes=\"auto, (min-width: 1536px) 2048px, (min-width: 992px) 1536px, (min-width: 768px) 1024px, (min-width: 576px) 768px, 100vw\" \/><\/div>\n<\/div>\n\n\n\n<div class=\"wp-block-column is-vertically-aligned-center is-style-overlay-content is-layout-flow wp-block-column-is-layout-flow\">\n<div class=\"wp-block-group is-vertical is-layout-flex wp-container-core-group-is-layout-bd7877ba wp-block-group-is-layout-flex\">\n<h2 class=\"wp-block-heading has-step-2-font-size\">Vertriebspartner \u00d6sterreich<\/h2>\n\n\n\n<p>Kompetente LEEB Partner in Ihrer Region. Pers\u00f6nliche Beratung, pr\u00e4zise Planung und fachgerechte Montage \u2013 \u00f6sterreichweit.<\/p>\n\n\n\n<div class=\"wp-block-buttons is-layout-flex wp-block-buttons-is-layout-flex\" style=\"margin-top:var(--wp--preset--spacing--2-xs)\">\n<div class=\"wp-block-button is-style-cta\"><a class=\"wp-block-button__link has-transparent-background-color has-background wp-element-button\" href=\"https:\/\/www.leeb-balkone.com\/at\/vertriebspartner\/\">Vertriebspartner finden<span class=\"sr-only\">Vertriebspartner Leeb Balkone \u00d6sterreich<\/span><\/a><\/div>\n<\/div>\n<\/div>\n<\/div>\n<\/div>\n<\/section>\n\n\n\n<section class=\"wp-block-group alignfull has-light-gray-background-color has-background has-global-padding is-layout-constrained wp-container-core-group-is-layout-52f96efc wp-block-group-is-layout-constrained\" id=\"beratungstermin\">\n<div class=\"wp-block-group m-teaser o-grid u-md-1 is-layout-flow wp-block-group-is-layout-flow\">\n<div class=\"wp-block-group u-g-7 u-g-s-2 is-layout-flow wp-block-group-is-layout-flow\" style=\"margin-bottom:var(--wp--preset--spacing--s)\">\n<h2 class=\"wp-block-heading\">Kontaktieren Sie uns<\/h2>\n\n\n\n<p><strong><strong>Sie planen ein Projekt oder haben Fragen zu uns und unseren L\u00f6sungen? Schreiben Sie uns einfach &#8211; wir nehmen uns gerne Zeit f\u00fcr Ihr Anliegen!<\/strong><\/strong><\/p>\n<\/div>\n<\/div>\n\n\n\n<div class=\"wp-block-group m-teaser o-grid u-md-1 is-layout-flow wp-block-group-is-layout-flow\">\n<div class=\"wp-block-group u-g-7 u-g-s-2 is-layout-flow wp-block-group-is-layout-flow\" style=\"margin-bottom:var(--wp--preset--spacing--s)\"><form action=\"https:\/\/www.leeb-balkone.com\/at\/wp-json\/ws-form\/v1\/submit\" class=\"wsf-form wsf-form-canvas\" id=\"ws-form-1\" data-id=\"4\" data-instance-id=\"1\" method=\"POST\"><\/form>\n<\/div>\n\n\n\n<div class=\"wp-block-group u-g-3 u-g-s-9 is-layout-flow wp-block-group-is-layout-flow\"><div class=\"t3-sidebar-buttons wp-block-buttons is-layout-flex wp-block-buttons-is-layout-flex\"><div class=\"wp-block-button is-style-fill icon-book icon-left\">\n                        <a class=\"wp-block-button__link has-secondary-color has-white-background-color has-text-color has-background has-link-color wp-element-button\" href=\"https:\/\/www.leeb-balkone.com\/at\/kontakt\/katalog-anfordern\/\" style=\"box-shadow:var(--wp--preset--shadow--box-shadow)\">Katalog anfordern<\/a>\n                    <\/div><div class=\"wp-block-button is-style-fill icon-phone-new icon-left\">\n                        <a class=\"wp-block-button__link has-secondary-color has-white-background-color has-text-color has-background has-link-color wp-element-button\" href=\"tel:0800202013\">Hotline \u00d6sterreich <span class=\"sr-only\"> Hotline: 0800 202013 (\u00d6sterreichweit kostenlos)<\/span><\/a>\n                    <\/div><\/div>\n<\/div>\n<\/div>\n<\/section>\n","protected":false},"excerpt":{"rendered":"","protected":false},"author":1,"featured_media":0,"parent":0,"menu_order":2,"comment_status":"closed","ping_status":"closed","template":"template-onepager.blade.php","meta":{"_acf_changed":false,"footnotes":"","_sage_theme_css":true,"_wp_block_core_css":true},"folder":[257],"class_list":["post-17325","page","type-page","status-publish","hentry"],"acf":[],"yoast_head":"<!-- This site is optimized with the Yoast SEO plugin v27.2 - https:\/\/yoast.com\/product\/yoast-seo-wordpress\/ -->\n<title>Service und Vertrieb mit \u00fcber 80 Partnern - Leeb Balkone \u00d6sterreich<\/title>\n<meta name=\"description\" content=\"Planung, Sanierung, Montage \u2713 Ganzheitlicher Service \u2713 Individuelle L\u00f6sungen \u2713 Fachgerechte Umsetzung *** Alle Services von Leeb Balkone im \u00dcberblick!\" \/>\n<meta name=\"robots\" content=\"index, follow, max-snippet:-1, max-image-preview:large, max-video-preview:-1\" \/>\n<meta property=\"og:locale\" content=\"de_DE\" \/>\n<meta property=\"og:type\" content=\"article\" \/>\n<meta property=\"og:title\" content=\"Service und Vertrieb mit \u00fcber 80 Partnern - Leeb Balkone\" \/>\n<meta property=\"og:description\" content=\"Planung, Sanierung, Montage \u2713 Ganzheitlicher Service \u2713 Individuelle L\u00f6sungen \u2713 Fachgerechte Umsetzung *** Alle Services von Leeb Balkone im \u00dcberblick!\" \/>\n<meta property=\"og:url\" content=\"https:\/\/www.leeb-balkone.com\/at\/service\/\" \/>\n<meta property=\"og:site_name\" content=\"Leeb Balkone\" \/>\n<meta property=\"article:publisher\" content=\"https:\/\/www.facebook.com\/balkone\/\" \/>\n<meta property=\"article:modified_time\" content=\"2026-03-20T14:30:41+00:00\" \/>\n<meta property=\"og:image\" content=\"https:\/\/www.leeb-balkone.com\/app\/uploads\/2021\/01\/perfekter-planungsservice-leeb-balkone-scaled.jpg\" \/>\n\t<meta property=\"og:image:width\" content=\"2560\" \/>\n\t<meta property=\"og:image:height\" content=\"1701\" \/>\n\t<meta property=\"og:image:type\" content=\"image\/jpeg\" \/>\n<meta name=\"twitter:card\" content=\"summary_large_image\" \/>\n<script type=\"application\/ld+json\" class=\"yoast-schema-graph\">{\"@context\":\"https:\/\/schema.org\",\"@graph\":[{\"@type\":\"WebPage\",\"@id\":\"https:\/\/www.leeb-balkone.com\/at\/service\/\",\"url\":\"https:\/\/www.leeb-balkone.com\/at\/service\/\",\"name\":\"Service und Vertrieb mit \u00fcber 80 Partnern - Leeb Balkone\",\"isPartOf\":{\"@id\":\"https:\/\/www.leeb-balkone.com\/at\/#website\"},\"primaryImageOfPage\":{\"@id\":\"https:\/\/www.leeb-balkone.com\/at\/service\/#primaryimage\"},\"image\":{\"@id\":\"https:\/\/www.leeb-balkone.com\/at\/service\/#primaryimage\"},\"thumbnailUrl\":\"https:\/\/www.leeb-balkone.com\/app\/uploads\/2021\/01\/perfekter-planungsservice-leeb-balkone-1024x680.jpg\",\"datePublished\":\"2020-06-02T15:44:00+00:00\",\"dateModified\":\"2026-03-20T14:30:41+00:00\",\"description\":\"Planung, Sanierung, Montage \u2713 Ganzheitlicher Service \u2713 Individuelle L\u00f6sungen \u2713 Fachgerechte Umsetzung *** Alle Services von Leeb Balkone im \u00dcberblick!\",\"breadcrumb\":{\"@id\":\"https:\/\/www.leeb-balkone.com\/at\/service\/#breadcrumb\"},\"inLanguage\":\"de-AT\",\"potentialAction\":[{\"@type\":\"ReadAction\",\"target\":[\"https:\/\/www.leeb-balkone.com\/at\/service\/\"]}]},{\"@type\":\"ImageObject\",\"inLanguage\":\"de-AT\",\"@id\":\"https:\/\/www.leeb-balkone.com\/at\/service\/#primaryimage\",\"url\":\"https:\/\/www.leeb-balkone.com\/app\/uploads\/2021\/01\/perfekter-planungsservice-leeb-balkone-1024x680.jpg\",\"contentUrl\":\"https:\/\/www.leeb-balkone.com\/app\/uploads\/2021\/01\/perfekter-planungsservice-leeb-balkone-1024x680.jpg\"},{\"@type\":\"BreadcrumbList\",\"@id\":\"https:\/\/www.leeb-balkone.com\/at\/service\/#breadcrumb\",\"itemListElement\":[{\"@type\":\"ListItem\",\"position\":1,\"name\":\"Home\",\"item\":\"https:\/\/www.leeb-balkone.com\/at\/\"},{\"@type\":\"ListItem\",\"position\":2,\"name\":\"Service\"}]},{\"@type\":\"WebSite\",\"@id\":\"https:\/\/www.leeb-balkone.com\/at\/#website\",\"url\":\"https:\/\/www.leeb-balkone.com\/at\/\",\"name\":\"Leeb Balkone\",\"description\":\"Balkone und Z\u00e4une\",\"publisher\":{\"@id\":\"https:\/\/www.leeb-balkone.com\/at\/#organization\"},\"potentialAction\":[{\"@type\":\"SearchAction\",\"target\":{\"@type\":\"EntryPoint\",\"urlTemplate\":\"https:\/\/www.leeb-balkone.com\/at\/?s={search_term_string}\"},\"query-input\":{\"@type\":\"PropertyValueSpecification\",\"valueRequired\":true,\"valueName\":\"search_term_string\"}}],\"inLanguage\":\"de-AT\"},{\"@type\":\"Organization\",\"@id\":\"https:\/\/www.leeb-balkone.com\/at\/#organization\",\"name\":\"Leeb Balkone Gmbh\",\"url\":\"https:\/\/www.leeb-balkone.com\/at\/\",\"logo\":{\"@type\":\"ImageObject\",\"inLanguage\":\"de-AT\",\"@id\":\"https:\/\/www.leeb-balkone.com\/at\/#\/schema\/logo\/image\/\",\"url\":\"https:\/\/www.leeb-balkone.com\/app\/uploads\/2020\/11\/leeb-logo.svg\",\"contentUrl\":\"https:\/\/www.leeb-balkone.com\/app\/uploads\/2020\/11\/leeb-logo.svg\",\"width\":741,\"height\":204,\"caption\":\"Leeb Balkone Gmbh\"},\"image\":{\"@id\":\"https:\/\/www.leeb-balkone.com\/at\/#\/schema\/logo\/image\/\"},\"sameAs\":[\"https:\/\/www.facebook.com\/balkone\/\",\"https:\/\/www.trustedshops.at\/bewertung\/info_X4587CCF5833E31AFE0B11F47D86999F2.html\",\"https:\/\/www.trustedshops.de\/bewertung\/info_X7BA536A7A0BDC86D36C4718E4DCAEEEF.html\",\"https:\/\/www.google.com\/maps\/place\/?q=place_id:ChIJ5-zH19-IcEcR9HonWRTllHI\"]}]}<\/script>\n<!-- \/ Yoast SEO plugin. -->","yoast_head_json":{"title":"Service und Vertrieb mit \u00fcber 80 Partnern - Leeb Balkone \u00d6sterreich","description":"Planung, Sanierung, Montage \u2713 Ganzheitlicher Service \u2713 Individuelle L\u00f6sungen \u2713 Fachgerechte Umsetzung *** Alle Services von Leeb Balkone im \u00dcberblick!","robots":{"index":"index","follow":"follow","max-snippet":"max-snippet:-1","max-image-preview":"max-image-preview:large","max-video-preview":"max-video-preview:-1"},"og_locale":"de_DE","og_type":"article","og_title":"Service und Vertrieb mit \u00fcber 80 Partnern - Leeb Balkone","og_description":"Planung, Sanierung, Montage \u2713 Ganzheitlicher Service \u2713 Individuelle L\u00f6sungen \u2713 Fachgerechte Umsetzung *** Alle Services von Leeb Balkone im \u00dcberblick!","og_url":"https:\/\/www.leeb-balkone.com\/at\/service\/","og_site_name":"Leeb Balkone","article_publisher":"https:\/\/www.facebook.com\/balkone\/","article_modified_time":"2026-03-20T14:30:41+00:00","og_image":[{"width":2560,"height":1701,"url":"https:\/\/www.leeb-balkone.com\/app\/uploads\/2021\/01\/perfekter-planungsservice-leeb-balkone-scaled.jpg","type":"image\/jpeg"}],"twitter_card":"summary_large_image","schema":{"@context":"https:\/\/schema.org","@graph":[{"@type":"WebPage","@id":"https:\/\/www.leeb-balkone.com\/at\/service\/","url":"https:\/\/www.leeb-balkone.com\/at\/service\/","name":"Service und Vertrieb mit \u00fcber 80 Partnern - Leeb Balkone","isPartOf":{"@id":"https:\/\/www.leeb-balkone.com\/at\/#website"},"primaryImageOfPage":{"@id":"https:\/\/www.leeb-balkone.com\/at\/service\/#primaryimage"},"image":{"@id":"https:\/\/www.leeb-balkone.com\/at\/service\/#primaryimage"},"thumbnailUrl":"https:\/\/www.leeb-balkone.com\/app\/uploads\/2021\/01\/perfekter-planungsservice-leeb-balkone-1024x680.jpg","datePublished":"2020-06-02T15:44:00+00:00","dateModified":"2026-03-20T14:30:41+00:00","description":"Planung, Sanierung, Montage \u2713 Ganzheitlicher Service \u2713 Individuelle L\u00f6sungen \u2713 Fachgerechte Umsetzung *** Alle Services von Leeb Balkone im \u00dcberblick!","breadcrumb":{"@id":"https:\/\/www.leeb-balkone.com\/at\/service\/#breadcrumb"},"inLanguage":"de-AT","potentialAction":[{"@type":"ReadAction","target":["https:\/\/www.leeb-balkone.com\/at\/service\/"]}]},{"@type":"ImageObject","inLanguage":"de-AT","@id":"https:\/\/www.leeb-balkone.com\/at\/service\/#primaryimage","url":"https:\/\/www.leeb-balkone.com\/app\/uploads\/2021\/01\/perfekter-planungsservice-leeb-balkone-1024x680.jpg","contentUrl":"https:\/\/www.leeb-balkone.com\/app\/uploads\/2021\/01\/perfekter-planungsservice-leeb-balkone-1024x680.jpg"},{"@type":"BreadcrumbList","@id":"https:\/\/www.leeb-balkone.com\/at\/service\/#breadcrumb","itemListElement":[{"@type":"ListItem","position":1,"name":"Home","item":"https:\/\/www.leeb-balkone.com\/at\/"},{"@type":"ListItem","position":2,"name":"Service"}]},{"@type":"WebSite","@id":"https:\/\/www.leeb-balkone.com\/at\/#website","url":"https:\/\/www.leeb-balkone.com\/at\/","name":"Leeb Balkone","description":"Balkone und Z\u00e4une","publisher":{"@id":"https:\/\/www.leeb-balkone.com\/at\/#organization"},"potentialAction":[{"@type":"SearchAction","target":{"@type":"EntryPoint","urlTemplate":"https:\/\/www.leeb-balkone.com\/at\/?s={search_term_string}"},"query-input":{"@type":"PropertyValueSpecification","valueRequired":true,"valueName":"search_term_string"}}],"inLanguage":"de-AT"},{"@type":"Organization","@id":"https:\/\/www.leeb-balkone.com\/at\/#organization","name":"Leeb Balkone Gmbh","url":"https:\/\/www.leeb-balkone.com\/at\/","logo":{"@type":"ImageObject","inLanguage":"de-AT","@id":"https:\/\/www.leeb-balkone.com\/at\/#\/schema\/logo\/image\/","url":"https:\/\/www.leeb-balkone.com\/app\/uploads\/2020\/11\/leeb-logo.svg","contentUrl":"https:\/\/www.leeb-balkone.com\/app\/uploads\/2020\/11\/leeb-logo.svg","width":741,"height":204,"caption":"Leeb Balkone Gmbh"},"image":{"@id":"https:\/\/www.leeb-balkone.com\/at\/#\/schema\/logo\/image\/"},"sameAs":["https:\/\/www.facebook.com\/balkone\/","https:\/\/www.trustedshops.at\/bewertung\/info_X4587CCF5833E31AFE0B11F47D86999F2.html","https:\/\/www.trustedshops.de\/bewertung\/info_X7BA536A7A0BDC86D36C4718E4DCAEEEF.html","https:\/\/www.google.com\/maps\/place\/?q=place_id:ChIJ5-zH19-IcEcR9HonWRTllHI"]}]}},"_links":{"self":[{"href":"https:\/\/www.leeb-balkone.com\/at\/wp-json\/wp\/v2\/pages\/17325","targetHints":{"allow":["GET"]}}],"collection":[{"href":"https:\/\/www.leeb-balkone.com\/at\/wp-json\/wp\/v2\/pages"}],"about":[{"href":"https:\/\/www.leeb-balkone.com\/at\/wp-json\/wp\/v2\/types\/page"}],"author":[{"embeddable":true,"href":"https:\/\/www.leeb-balkone.com\/at\/wp-json\/wp\/v2\/users\/1"}],"replies":[{"embeddable":true,"href":"https:\/\/www.leeb-balkone.com\/at\/wp-json\/wp\/v2\/comments?post=17325"}],"version-history":[{"count":11,"href":"https:\/\/www.leeb-balkone.com\/at\/wp-json\/wp\/v2\/pages\/17325\/revisions"}],"predecessor-version":[{"id":166320,"href":"https:\/\/www.leeb-balkone.com\/at\/wp-json\/wp\/v2\/pages\/17325\/revisions\/166320"}],"wp:attachment":[{"href":"https:\/\/www.leeb-balkone.com\/at\/wp-json\/wp\/v2\/media?parent=17325"}],"wp:term":[{"taxonomy":"folder","embeddable":true,"href":"https:\/\/www.leeb-balkone.com\/at\/wp-json\/wp\/v2\/folder?post=17325"}],"curies":[{"name":"wp","href":"https:\/\/api.w.org\/{rel}","templated":true}]}}