{"id":168093,"date":"2026-04-17T10:54:59","date_gmt":"2026-04-17T10:54:59","guid":{"rendered":"https:\/\/www.leeb-balkone.com\/?page_id=168093"},"modified":"2026-04-20T13:05:43","modified_gmt":"2026-04-20T13:05:43","slug":"vertriebspartner-oesterreich","status":"publish","type":"page","link":"https:\/\/www.leeb-balkone.com\/at\/vertriebspartner-oesterreich\/","title":{"rendered":"Vertriebspartner \u00d6sterreich"},"content":{"rendered":"\n\n\n<section class=\"wp-block-group alignfull has-white-background-color has-background has-global-padding is-layout-constrained wp-container-core-group-is-layout-52f96efc wp-block-group-is-layout-constrained\" id=\"modelle\">\n<div class=\"wp-block-group m-teaser o-grid u-md-1 is-layout-flow wp-block-group-is-layout-flow\">\n<div class=\"wp-block-group u-g-9 u-g-s-2 is-layout-flow wp-block-group-is-layout-flow\" style=\"margin-bottom:var(--wp--preset--spacing--s)\">\n<h1 class=\"wp-block-heading\">Leeb Vertriebspartner \u00d6sterreich<\/h1>\n\n\n\n<p class=\"has-text-align-left is-style-teaser\">Leeb Vertriebspartner mit individueller Beratung und Fachkompetenz vor Ort! Partner Standorte in ganz \u00d6sterreich \u2013 von Reutte in Tirol \u00fcber den Salzburger Raum und das nieder\u00f6sterreichische Mostviertel \u00fcber die Steiermark bis nach Gnesau in K\u00e4rnten. Finden Sie Ihren pers\u00f6nlichen Ansprechpartner via PLZ-Eingabe (ganz unten).<\/p>\n<\/div>\n<\/div>\n\n\n<div id=\"loop-block-69f4f2a9e9db7\" class=\"wp-block-group wp-block-t3-loop-block__wrapper t3-block-cards u-grid-temp has-3-cols is-style-transparent-cards\" data-block-id=\"loop-block-69f4f2a9e9db7\" data-load-more=\"false\" data-load-more-enabled=\"false\" data-loaded=\"28\" data-total=\"28\" data-current-filter=\"all\" data-attributes=\"{&quot;postTypes&quot;:[&quot;partner&quot;],&quot;postsPerPage&quot;:-1,&quot;sortOption&quot;:&quot;alphabetical&quot;,&quot;orderOption&quot;:&quot;asc&quot;,&quot;visibleCount&quot;:40,&quot;enableAcfFields&quot;:true,&quot;acfImageField&quot;:&quot;vp_img&quot;,&quot;acfTextFields&quot;:&quot;{vp_zip} {vp_city}, {vp_address}&quot;,&quot;acfFieldsUseTemplate&quot;:true,&quot;className&quot;:&quot;is-style-transparent-cards&quot;,&quot;columns&quot;:3,&quot;categorySlugs&quot;:[],&quot;orderingField&quot;:&quot;&quot;,&quot;acfExcerptField&quot;:&quot;&quot;,&quot;showFilter&quot;:false,&quot;filterChildren&quot;:false,&quot;limitVisible&quot;:false,&quot;linkTitle&quot;:&quot;&quot;,&quot;showLinkStyle&quot;:false,&quot;enableSchema&quot;:false}\">\n<div id=\"post-160591\" class=\"loop-block-item wp-block-group m-card is-layout-flow wp-block-group-is-layout-flow optional-at\">\n    <a href=\"https:\/\/www.leeb-balkone.com\/at\/vertriebspartner\/albert-glaser\/\" class=\"no-default-link\" title=\"Albert Glaser\">\n        <figure data-imgid=\"156159\" class=\"wp-block-image size-large\">\n            <img loading=\"lazy\" decoding=\"async\" width=\"300\" height=\"300\" src=\"https:\/\/www.leeb-balkone.com\/app\/uploads\/2025\/07\/Glaser-Albert-300x300.jpg\" class=\"attachment-medium size-medium\" alt=\"Glaser Albert\" title=\"Glaser-Albert\" srcset=\"https:\/\/www.leeb-balkone.com\/app\/uploads\/2025\/07\/Glaser-Albert-300x300.jpg 300w, https:\/\/www.leeb-balkone.com\/app\/uploads\/2025\/07\/Glaser-Albert-1024x1024.jpg 1024w, https:\/\/www.leeb-balkone.com\/app\/uploads\/2025\/07\/Glaser-Albert-150x150.jpg 150w, https:\/\/www.leeb-balkone.com\/app\/uploads\/2025\/07\/Glaser-Albert-768x768.jpg 768w, https:\/\/www.leeb-balkone.com\/app\/uploads\/2025\/07\/Glaser-Albert-1536x1536.jpg 1536w, https:\/\/www.leeb-balkone.com\/app\/uploads\/2025\/07\/Glaser-Albert-2048x2048.jpg 2048w\" sizes=\"auto, (min-width: 1200px) 260px, (min-width: 1024px) 220px, (min-width: 640px) 465px, 768px\" \/>                    <\/figure>\n        <div class=\"wp-block-group m-card-content is-vertical is-layout-flex wp-block-group-is-layout-flex\">\n            <h3 class=\"wp-block-heading\">\n                Albert Glaser            <\/h3>\n            <p class=\"loop-item__acf-template\">2440 Neu-Mitterndorf, Rosengasse 5<\/p>                    <\/div>\n            <\/a>\n<\/div>\n<div id=\"post-160408\" class=\"loop-block-item wp-block-group m-card is-layout-flow wp-block-group-is-layout-flow optional-at\">\n    <a href=\"https:\/\/www.leeb-balkone.com\/at\/vertriebspartner\/alois-rudolf\/\" class=\"no-default-link\" title=\"Alois Rudolf\">\n        <figure data-imgid=\"156239\" class=\"wp-block-image size-large\">\n            <img loading=\"lazy\" decoding=\"async\" width=\"300\" height=\"300\" src=\"https:\/\/www.leeb-balkone.com\/app\/uploads\/2025\/07\/Rudolf-Alois-300x300.jpg\" class=\"attachment-medium size-medium\" alt=\"Rudolf Alois\" title=\"Rudolf-Alois\" srcset=\"https:\/\/www.leeb-balkone.com\/app\/uploads\/2025\/07\/Rudolf-Alois-300x300.jpg 300w, https:\/\/www.leeb-balkone.com\/app\/uploads\/2025\/07\/Rudolf-Alois-1024x1024.jpg 1024w, https:\/\/www.leeb-balkone.com\/app\/uploads\/2025\/07\/Rudolf-Alois-150x150.jpg 150w, https:\/\/www.leeb-balkone.com\/app\/uploads\/2025\/07\/Rudolf-Alois-768x768.jpg 768w, https:\/\/www.leeb-balkone.com\/app\/uploads\/2025\/07\/Rudolf-Alois-1536x1536.jpg 1536w, https:\/\/www.leeb-balkone.com\/app\/uploads\/2025\/07\/Rudolf-Alois-2048x2048.jpg 2048w\" sizes=\"auto, (min-width: 1200px) 260px, (min-width: 1024px) 220px, (min-width: 640px) 465px, 768px\" \/>                    <\/figure>\n        <div class=\"wp-block-group m-card-content is-vertical is-layout-flex wp-block-group-is-layout-flex\">\n            <h3 class=\"wp-block-heading\">\n                Alois Rudolf            <\/h3>\n            <p class=\"loop-item__acf-template\">4563 Micheldorf, Bader Moser Stra\u00dfe 26<\/p>                    <\/div>\n            <\/a>\n<\/div>\n<div id=\"post-160719\" class=\"loop-block-item wp-block-group m-card is-layout-flow wp-block-group-is-layout-flow optional-at\">\n    <a href=\"https:\/\/www.leeb-balkone.com\/at\/vertriebspartner\/franz-weissmann\/\" class=\"no-default-link\" title=\"Franz Wei\u00dfmann\">\n        <figure data-imgid=\"156289\" class=\"wp-block-image size-large\">\n            <img loading=\"lazy\" decoding=\"async\" width=\"300\" height=\"300\" src=\"https:\/\/www.leeb-balkone.com\/app\/uploads\/2025\/07\/Weissmann-Franz-Portrait-1-300x300.jpeg\" class=\"attachment-medium size-medium\" alt=\"Weissmann Franz Portrait\" title=\"Weissmann Franz Portrait\" srcset=\"https:\/\/www.leeb-balkone.com\/app\/uploads\/2025\/07\/Weissmann-Franz-Portrait-1-300x300.jpeg 300w, https:\/\/www.leeb-balkone.com\/app\/uploads\/2025\/07\/Weissmann-Franz-Portrait-1-1024x1024.jpeg 1024w, https:\/\/www.leeb-balkone.com\/app\/uploads\/2025\/07\/Weissmann-Franz-Portrait-1-150x150.jpeg 150w, https:\/\/www.leeb-balkone.com\/app\/uploads\/2025\/07\/Weissmann-Franz-Portrait-1-768x768.jpeg 768w, https:\/\/www.leeb-balkone.com\/app\/uploads\/2025\/07\/Weissmann-Franz-Portrait-1.jpeg 1280w\" sizes=\"auto, (min-width: 1200px) 260px, (min-width: 1024px) 220px, (min-width: 640px) 465px, 768px\" \/>                    <\/figure>\n        <div class=\"wp-block-group m-card-content is-vertical is-layout-flex wp-block-group-is-layout-flex\">\n            <h3 class=\"wp-block-heading\">\n                Franz Wei\u00dfmann            <\/h3>\n            <p class=\"loop-item__acf-template\">8502 Lannach, Doblerstra\u00dfe 2<\/p>                    <\/div>\n            <\/a>\n<\/div>\n<div id=\"post-160643\" class=\"loop-block-item wp-block-group m-card is-layout-flow wp-block-group-is-layout-flow optional-at\">\n    <a href=\"https:\/\/www.leeb-balkone.com\/at\/vertriebspartner\/georg-goertschacher\/\" class=\"no-default-link\" title=\"Georg G\u00f6rtschacher\">\n        <figure data-imgid=\"153143\" class=\"wp-block-image size-large\">\n            <img loading=\"lazy\" decoding=\"async\" width=\"300\" height=\"300\" src=\"https:\/\/www.leeb-balkone.com\/app\/uploads\/2025\/08\/Goertschacher-Georg-300x300.jpg\" class=\"attachment-medium size-medium\" alt=\"Goertschacher Georg\" title=\"Go\u0308rtschacher-Georg\" srcset=\"https:\/\/www.leeb-balkone.com\/app\/uploads\/2025\/08\/Goertschacher-Georg-300x300.jpg 300w, https:\/\/www.leeb-balkone.com\/app\/uploads\/2025\/08\/Goertschacher-Georg-1024x1024.jpg 1024w, https:\/\/www.leeb-balkone.com\/app\/uploads\/2025\/08\/Goertschacher-Georg-150x150.jpg 150w, https:\/\/www.leeb-balkone.com\/app\/uploads\/2025\/08\/Goertschacher-Georg-768x768.jpg 768w, https:\/\/www.leeb-balkone.com\/app\/uploads\/2025\/08\/Goertschacher-Georg-1536x1536.jpg 1536w, https:\/\/www.leeb-balkone.com\/app\/uploads\/2025\/08\/Goertschacher-Georg-2048x2048.jpg 2048w\" sizes=\"auto, (min-width: 1200px) 260px, (min-width: 1024px) 220px, (min-width: 640px) 465px, 768px\" \/>                    <\/figure>\n        <div class=\"wp-block-group m-card-content is-vertical is-layout-flex wp-block-group-is-layout-flex\">\n            <h3 class=\"wp-block-heading\">\n                Georg G\u00f6rtschacher            <\/h3>\n            <p class=\"loop-item__acf-template\">9563 Gnesau, Maitratten 25<\/p>                    <\/div>\n            <\/a>\n<\/div>\n<div id=\"post-160575\" class=\"loop-block-item wp-block-group m-card is-layout-flow wp-block-group-is-layout-flow optional-at\">\n    <a href=\"https:\/\/www.leeb-balkone.com\/at\/vertriebspartner\/hermann-gschaider\/\" class=\"no-default-link\" title=\"Hermann Gschaider\">\n        <figure data-imgid=\"153715\" class=\"wp-block-image size-large\">\n            <img loading=\"lazy\" decoding=\"async\" width=\"300\" height=\"300\" src=\"https:\/\/www.leeb-balkone.com\/app\/uploads\/2025\/07\/Gschaider-Hermann-300x300.jpg\" class=\"attachment-medium size-medium\" alt=\"Gschaider Hermann\" title=\"Gschaider-Hermann\" srcset=\"https:\/\/www.leeb-balkone.com\/app\/uploads\/2025\/07\/Gschaider-Hermann-300x300.jpg 300w, https:\/\/www.leeb-balkone.com\/app\/uploads\/2025\/07\/Gschaider-Hermann-1024x1024.jpg 1024w, https:\/\/www.leeb-balkone.com\/app\/uploads\/2025\/07\/Gschaider-Hermann-150x150.jpg 150w, https:\/\/www.leeb-balkone.com\/app\/uploads\/2025\/07\/Gschaider-Hermann-768x768.jpg 768w, https:\/\/www.leeb-balkone.com\/app\/uploads\/2025\/07\/Gschaider-Hermann-1536x1536.jpg 1536w, https:\/\/www.leeb-balkone.com\/app\/uploads\/2025\/07\/Gschaider-Hermann-2048x2048.jpg 2048w\" sizes=\"auto, (min-width: 1200px) 260px, (min-width: 1024px) 220px, (min-width: 640px) 465px, 768px\" \/>                    <\/figure>\n        <div class=\"wp-block-group m-card-content is-vertical is-layout-flex wp-block-group-is-layout-flex\">\n            <h3 class=\"wp-block-heading\">\n                Hermann Gschaider            <\/h3>\n            <p class=\"loop-item__acf-template\">5020 Salzburg, Linzer Bundesstrasse 41a<\/p>                    <\/div>\n            <\/a>\n<\/div>\n<div id=\"post-160038\" class=\"loop-block-item wp-block-group m-card is-layout-flow wp-block-group-is-layout-flow optional-at\">\n    <a href=\"https:\/\/www.leeb-balkone.com\/at\/vertriebspartner\/hubert-kitzmueller\/\" class=\"no-default-link\" title=\"Hubert Kitzm\u00fcller\">\n        <figure data-imgid=\"156194\" class=\"wp-block-image size-large\">\n            <img loading=\"lazy\" decoding=\"async\" width=\"300\" height=\"300\" src=\"https:\/\/www.leeb-balkone.com\/app\/uploads\/2025\/07\/Hubert-Kitzmueller-300x300.jpeg\" class=\"attachment-medium size-medium\" alt=\"Hubert Kitzmueller\" title=\"Hubert Kitzmueller\" srcset=\"https:\/\/www.leeb-balkone.com\/app\/uploads\/2025\/07\/Hubert-Kitzmueller-300x300.jpeg 300w, https:\/\/www.leeb-balkone.com\/app\/uploads\/2025\/07\/Hubert-Kitzmueller-1024x1024.jpeg 1024w, https:\/\/www.leeb-balkone.com\/app\/uploads\/2025\/07\/Hubert-Kitzmueller-150x150.jpeg 150w, https:\/\/www.leeb-balkone.com\/app\/uploads\/2025\/07\/Hubert-Kitzmueller-768x768.jpeg 768w, https:\/\/www.leeb-balkone.com\/app\/uploads\/2025\/07\/Hubert-Kitzmueller.jpeg 1280w\" sizes=\"auto, (min-width: 1200px) 260px, (min-width: 1024px) 220px, (min-width: 640px) 465px, 768px\" \/>                    <\/figure>\n        <div class=\"wp-block-group m-card-content is-vertical is-layout-flex wp-block-group-is-layout-flex\">\n            <h3 class=\"wp-block-heading\">\n                Hubert Kitzm\u00fcller            <\/h3>\n            <p class=\"loop-item__acf-template\">3382 Loosdorf, Europaplatz 11<\/p>                    <\/div>\n            <\/a>\n<\/div>\n<div id=\"post-160285\" class=\"loop-block-item wp-block-group m-card is-layout-flow wp-block-group-is-layout-flow optional-at\">\n    <a href=\"https:\/\/www.leeb-balkone.com\/at\/vertriebspartner\/zentrale\/\" class=\"no-default-link\" title=\"Ihr pers\u00f6nlicher Ansprechpartner\">\n        <figure data-imgid=\"44737\" class=\"wp-block-image size-large\">\n            <img loading=\"lazy\" decoding=\"async\" width=\"300\" height=\"177\" src=\"https:\/\/www.leeb-balkone.com\/app\/uploads\/2020\/12\/firma-leeb-balkone-zentrale-gnesau-scaled-e1624345570124-300x177.jpg\" class=\"attachment-medium size-medium\" alt=\"Firmenzentrale Leeb Balkone GmbH in Gnesau\" title=\"firma-leeb-balkone-zentrale-gnesau\" srcset=\"https:\/\/www.leeb-balkone.com\/app\/uploads\/2020\/12\/firma-leeb-balkone-zentrale-gnesau-scaled-e1624345570124-300x177.jpg 300w, https:\/\/www.leeb-balkone.com\/app\/uploads\/2020\/12\/firma-leeb-balkone-zentrale-gnesau-scaled-e1624345570124-1024x604.jpg 1024w, https:\/\/www.leeb-balkone.com\/app\/uploads\/2020\/12\/firma-leeb-balkone-zentrale-gnesau-scaled-e1624345570124-768x453.jpg 768w, https:\/\/www.leeb-balkone.com\/app\/uploads\/2020\/12\/firma-leeb-balkone-zentrale-gnesau-scaled-e1624345570124-1536x906.jpg 1536w, https:\/\/www.leeb-balkone.com\/app\/uploads\/2020\/12\/firma-leeb-balkone-zentrale-gnesau-scaled-e1624345570124-2048x1208.jpg 2048w\" sizes=\"auto, (min-width: 1200px) 260px, (min-width: 1024px) 220px, (min-width: 640px) 465px, 768px\" \/>                    <\/figure>\n        <div class=\"wp-block-group m-card-content is-vertical is-layout-flex wp-block-group-is-layout-flex\">\n            <h3 class=\"wp-block-heading\">\n                Ihr pers\u00f6nlicher Ansprechpartner            <\/h3>\n                                <\/div>\n            <\/a>\n<\/div>\n<div id=\"post-160675\" class=\"loop-block-item wp-block-group m-card is-layout-flow wp-block-group-is-layout-flow optional-at\">\n    <a href=\"https:\/\/www.leeb-balkone.com\/at\/vertriebspartner\/johannes-brunnhofer\/\" class=\"no-default-link\" title=\"Johannes Brunnhofer\">\n        <figure data-imgid=\"156149\" class=\"wp-block-image size-large\">\n            <img loading=\"lazy\" decoding=\"async\" width=\"300\" height=\"300\" src=\"https:\/\/www.leeb-balkone.com\/app\/uploads\/2025\/07\/Johannes-Brunnhofer-Portrait-300x300.jpeg\" class=\"attachment-medium size-medium\" alt=\"Johannes Brunnhofer Portrait\" title=\"Johannes Brunnhofer Portrait\" srcset=\"https:\/\/www.leeb-balkone.com\/app\/uploads\/2025\/07\/Johannes-Brunnhofer-Portrait-300x300.jpeg 300w, https:\/\/www.leeb-balkone.com\/app\/uploads\/2025\/07\/Johannes-Brunnhofer-Portrait-1024x1024.jpeg 1024w, https:\/\/www.leeb-balkone.com\/app\/uploads\/2025\/07\/Johannes-Brunnhofer-Portrait-150x150.jpeg 150w, https:\/\/www.leeb-balkone.com\/app\/uploads\/2025\/07\/Johannes-Brunnhofer-Portrait-768x768.jpeg 768w, https:\/\/www.leeb-balkone.com\/app\/uploads\/2025\/07\/Johannes-Brunnhofer-Portrait.jpeg 1280w\" sizes=\"auto, (min-width: 1200px) 260px, (min-width: 1024px) 220px, (min-width: 640px) 465px, 768px\" \/>                    <\/figure>\n        <div class=\"wp-block-group m-card-content is-vertical is-layout-flex wp-block-group-is-layout-flex\">\n            <h3 class=\"wp-block-heading\">\n                Johannes Brunnhofer            <\/h3>\n            <p class=\"loop-item__acf-template\">8654 Fischbach, Dorfstra\u00dfe 9<\/p>                    <\/div>\n            <\/a>\n<\/div>\n<div id=\"post-160213\" class=\"loop-block-item wp-block-group m-card is-layout-flow wp-block-group-is-layout-flow optional-at\">\n    <a href=\"https:\/\/www.leeb-balkone.com\/at\/vertriebspartner\/johannes-stromberger\/\" class=\"no-default-link\" title=\"Johannes Stromberger\">\n        <figure data-imgid=\"160204\" class=\"wp-block-image size-large\">\n            <img loading=\"lazy\" decoding=\"async\" width=\"300\" height=\"300\" src=\"https:\/\/www.leeb-balkone.com\/app\/uploads\/2021\/09\/Johannes-Stromberger-300x300.jpg\" class=\"attachment-medium size-medium\" alt=\"Johannes Stromberger\" title=\"Johannes-Stromberger\" srcset=\"https:\/\/www.leeb-balkone.com\/app\/uploads\/2021\/09\/Johannes-Stromberger-300x300.jpg 300w, https:\/\/www.leeb-balkone.com\/app\/uploads\/2021\/09\/Johannes-Stromberger-1024x1024.jpg 1024w, https:\/\/www.leeb-balkone.com\/app\/uploads\/2021\/09\/Johannes-Stromberger-150x150.jpg 150w, https:\/\/www.leeb-balkone.com\/app\/uploads\/2021\/09\/Johannes-Stromberger-768x768.jpg 768w, https:\/\/www.leeb-balkone.com\/app\/uploads\/2021\/09\/Johannes-Stromberger.jpg 1500w\" sizes=\"auto, (min-width: 1200px) 260px, (min-width: 1024px) 220px, (min-width: 640px) 465px, 768px\" \/>                    <\/figure>\n        <div class=\"wp-block-group m-card-content is-vertical is-layout-flex wp-block-group-is-layout-flex\">\n            <h3 class=\"wp-block-heading\">\n                Johannes Stromberger            <\/h3>\n            <p class=\"loop-item__acf-template\">85662 Hohenbrunn, Dorfstra\u00dfe 10<\/p>                    <\/div>\n            <\/a>\n<\/div>\n<div id=\"post-160585\" class=\"loop-block-item wp-block-group m-card is-layout-flow wp-block-group-is-layout-flow optional-at\">\n    <a href=\"https:\/\/www.leeb-balkone.com\/at\/vertriebspartner\/manuel-daum\/\" class=\"no-default-link\" title=\"Manuel Daum\">\n        <figure data-imgid=\"162181\" class=\"wp-block-image size-large\">\n            <img loading=\"lazy\" decoding=\"async\" width=\"300\" height=\"200\" src=\"https:\/\/www.leeb-balkone.com\/app\/uploads\/2025\/12\/Schauraum-Mils-Vertriebspartner-Manuel-Daum-3-300x200.jpg\" class=\"attachment-medium size-medium\" alt=\"Schauraum Mils Vertriebspartner Manuel Daum\" title=\"Schauraum Mils &#8211; Vertriebspartner Manuel Daum-3\" srcset=\"https:\/\/www.leeb-balkone.com\/app\/uploads\/2025\/12\/Schauraum-Mils-Vertriebspartner-Manuel-Daum-3-300x200.jpg 300w, https:\/\/www.leeb-balkone.com\/app\/uploads\/2025\/12\/Schauraum-Mils-Vertriebspartner-Manuel-Daum-3-1024x683.jpg 1024w, https:\/\/www.leeb-balkone.com\/app\/uploads\/2025\/12\/Schauraum-Mils-Vertriebspartner-Manuel-Daum-3-768x512.jpg 768w, https:\/\/www.leeb-balkone.com\/app\/uploads\/2025\/12\/Schauraum-Mils-Vertriebspartner-Manuel-Daum-3-1536x1024.jpg 1536w, https:\/\/www.leeb-balkone.com\/app\/uploads\/2025\/12\/Schauraum-Mils-Vertriebspartner-Manuel-Daum-3-2048x1366.jpg 2048w\" sizes=\"auto, (min-width: 1200px) 260px, (min-width: 1024px) 220px, (min-width: 640px) 465px, 768px\" \/>                    <\/figure>\n        <div class=\"wp-block-group m-card-content is-vertical is-layout-flex wp-block-group-is-layout-flex\">\n            <h3 class=\"wp-block-heading\">\n                Manuel Daum            <\/h3>\n            <p class=\"loop-item__acf-template\">6493 Mils bei Imst, Gewerbegebiet 3<\/p>                    <\/div>\n            <\/a>\n<\/div>\n<div id=\"post-160264\" class=\"loop-block-item wp-block-group m-card is-layout-flow wp-block-group-is-layout-flow optional-at\">\n    <a href=\"https:\/\/www.leeb-balkone.com\/at\/vertriebspartner\/marco-widder-tatschl\/\" class=\"no-default-link\" title=\"Marco Widder-Tatschl\">\n        <figure data-imgid=\"156279\" class=\"wp-block-image size-large\">\n            <img loading=\"lazy\" decoding=\"async\" width=\"300\" height=\"300\" src=\"https:\/\/www.leeb-balkone.com\/app\/uploads\/2025\/07\/Tatschl-Markus-300x300.jpg\" class=\"attachment-medium size-medium\" alt=\"Tatschl Markus\" title=\"Tatschl-Markus\" srcset=\"https:\/\/www.leeb-balkone.com\/app\/uploads\/2025\/07\/Tatschl-Markus-300x300.jpg 300w, https:\/\/www.leeb-balkone.com\/app\/uploads\/2025\/07\/Tatschl-Markus-1024x1024.jpg 1024w, https:\/\/www.leeb-balkone.com\/app\/uploads\/2025\/07\/Tatschl-Markus-150x150.jpg 150w, https:\/\/www.leeb-balkone.com\/app\/uploads\/2025\/07\/Tatschl-Markus-768x768.jpg 768w, https:\/\/www.leeb-balkone.com\/app\/uploads\/2025\/07\/Tatschl-Markus-1536x1536.jpg 1536w, https:\/\/www.leeb-balkone.com\/app\/uploads\/2025\/07\/Tatschl-Markus-2048x2048.jpg 2048w\" sizes=\"auto, (min-width: 1200px) 260px, (min-width: 1024px) 220px, (min-width: 640px) 465px, 768px\" \/>                    <\/figure>\n        <div class=\"wp-block-group m-card-content is-vertical is-layout-flex wp-block-group-is-layout-flex\">\n            <h3 class=\"wp-block-heading\">\n                Marco Widder-Tatschl            <\/h3>\n            <p class=\"loop-item__acf-template\">3160 Traisen, Kulmhofsiedlung 27<\/p>                    <\/div>\n            <\/a>\n<\/div>\n<div id=\"post-160188\" class=\"loop-block-item wp-block-group m-card is-layout-flow wp-block-group-is-layout-flow optional-at\">\n    <a href=\"https:\/\/www.leeb-balkone.com\/at\/vertriebspartner\/marcus-richter\/\" class=\"no-default-link\" title=\"Marcus Richter\">\n        <figure data-imgid=\"156234\" class=\"wp-block-image size-large\">\n            <img loading=\"lazy\" decoding=\"async\" width=\"300\" height=\"300\" src=\"https:\/\/www.leeb-balkone.com\/app\/uploads\/2025\/07\/Marcus-Richter--300x300.jpg\" class=\"attachment-medium size-medium\" alt=\"Marcus Richter \" title=\"Marcus-Richter-\" srcset=\"https:\/\/www.leeb-balkone.com\/app\/uploads\/2025\/07\/Marcus-Richter--300x300.jpg 300w, https:\/\/www.leeb-balkone.com\/app\/uploads\/2025\/07\/Marcus-Richter--1024x1024.jpg 1024w, https:\/\/www.leeb-balkone.com\/app\/uploads\/2025\/07\/Marcus-Richter--150x150.jpg 150w, https:\/\/www.leeb-balkone.com\/app\/uploads\/2025\/07\/Marcus-Richter--768x768.jpg 768w, https:\/\/www.leeb-balkone.com\/app\/uploads\/2025\/07\/Marcus-Richter-.jpg 1173w\" sizes=\"auto, (min-width: 1200px) 260px, (min-width: 1024px) 220px, (min-width: 640px) 465px, 768px\" \/>                    <\/figure>\n        <div class=\"wp-block-group m-card-content is-vertical is-layout-flex wp-block-group-is-layout-flex\">\n            <h3 class=\"wp-block-heading\">\n                Marcus Richter            <\/h3>\n            <p class=\"loop-item__acf-template\">3003 Gablitz, Kochgasse 4<\/p>                    <\/div>\n            <\/a>\n<\/div>\n<div id=\"post-160702\" class=\"loop-block-item wp-block-group m-card is-layout-flow wp-block-group-is-layout-flow optional-at\">\n    <a href=\"https:\/\/www.leeb-balkone.com\/at\/vertriebspartner\/martin-brunnhofer\/\" class=\"no-default-link\" title=\"Martin Brunnhofer\">\n        <figure data-imgid=\"151480\" class=\"wp-block-image size-large\">\n            <img loading=\"lazy\" decoding=\"async\" width=\"300\" height=\"300\" src=\"https:\/\/www.leeb-balkone.com\/app\/uploads\/2025\/07\/Brunnhofer-Martin-300x300.jpeg\" class=\"attachment-medium size-medium\" alt=\"Brunnhofer Martin\" title=\"Brunnhofer-Martin\" srcset=\"https:\/\/www.leeb-balkone.com\/app\/uploads\/2025\/07\/Brunnhofer-Martin-300x300.jpeg 300w, https:\/\/www.leeb-balkone.com\/app\/uploads\/2025\/07\/Brunnhofer-Martin-1024x1024.jpeg 1024w, https:\/\/www.leeb-balkone.com\/app\/uploads\/2025\/07\/Brunnhofer-Martin-150x150.jpeg 150w, https:\/\/www.leeb-balkone.com\/app\/uploads\/2025\/07\/Brunnhofer-Martin-768x768.jpeg 768w, https:\/\/www.leeb-balkone.com\/app\/uploads\/2025\/07\/Brunnhofer-Martin.jpeg 1280w\" sizes=\"auto, (min-width: 1200px) 260px, (min-width: 1024px) 220px, (min-width: 640px) 465px, 768px\" \/>                    <\/figure>\n        <div class=\"wp-block-group m-card-content is-vertical is-layout-flex wp-block-group-is-layout-flex\">\n            <h3 class=\"wp-block-heading\">\n                Martin Brunnhofer            <\/h3>\n            <p class=\"loop-item__acf-template\">8642 St. Lorenzen im M\u00fcrztal, M\u00fchlweg 13<\/p>                    <\/div>\n            <\/a>\n<\/div>\n<div id=\"post-160275\" class=\"loop-block-item wp-block-group m-card is-layout-flow wp-block-group-is-layout-flow optional-at\">\n    <a href=\"https:\/\/www.leeb-balkone.com\/at\/vertriebspartner\/martin-kitzmueller\/\" class=\"no-default-link\" title=\"Martin Kitzm\u00fcller\">\n        <figure data-imgid=\"156199\" class=\"wp-block-image size-large\">\n            <img loading=\"lazy\" decoding=\"async\" width=\"300\" height=\"300\" src=\"https:\/\/www.leeb-balkone.com\/app\/uploads\/2025\/07\/Martin-Kitzmueller-Portrait-300x300.jpg\" class=\"attachment-medium size-medium\" alt=\"Martin Kitzmueller Portrait\" title=\"Martin-Kitzmueller-Portrait\" srcset=\"https:\/\/www.leeb-balkone.com\/app\/uploads\/2025\/07\/Martin-Kitzmueller-Portrait-300x300.jpg 300w, https:\/\/www.leeb-balkone.com\/app\/uploads\/2025\/07\/Martin-Kitzmueller-Portrait-1024x1024.jpg 1024w, https:\/\/www.leeb-balkone.com\/app\/uploads\/2025\/07\/Martin-Kitzmueller-Portrait-150x150.jpg 150w, https:\/\/www.leeb-balkone.com\/app\/uploads\/2025\/07\/Martin-Kitzmueller-Portrait-768x768.jpg 768w, https:\/\/www.leeb-balkone.com\/app\/uploads\/2025\/07\/Martin-Kitzmueller-Portrait-1536x1536.jpg 1536w, https:\/\/www.leeb-balkone.com\/app\/uploads\/2025\/07\/Martin-Kitzmueller-Portrait-2048x2048.jpg 2048w\" sizes=\"auto, (min-width: 1200px) 260px, (min-width: 1024px) 220px, (min-width: 640px) 465px, 768px\" \/>                    <\/figure>\n        <div class=\"wp-block-group m-card-content is-vertical is-layout-flex wp-block-group-is-layout-flex\">\n            <h3 class=\"wp-block-heading\">\n                Martin Kitzm\u00fcller            <\/h3>\n            <p class=\"loop-item__acf-template\"> , Hauptstra\u00dfe 56, 9201 Krumpendorf<\/p>                    <\/div>\n            <\/a>\n<\/div>\n<div id=\"post-160227\" class=\"loop-block-item wp-block-group m-card is-layout-flow wp-block-group-is-layout-flow optional-at\">\n    <a href=\"https:\/\/www.leeb-balkone.com\/at\/vertriebspartner\/mathias-seebacher\/\" class=\"no-default-link\" title=\"Mathias Seebacher\">\n        <figure data-imgid=\"156269\" class=\"wp-block-image size-large\">\n            <img loading=\"lazy\" decoding=\"async\" width=\"300\" height=\"300\" src=\"https:\/\/www.leeb-balkone.com\/app\/uploads\/2025\/07\/Seebacher-Mathias-300x300.jpg\" class=\"attachment-medium size-medium\" alt=\"Seebacher Mathias\" title=\"Seebacher-Mathias\" srcset=\"https:\/\/www.leeb-balkone.com\/app\/uploads\/2025\/07\/Seebacher-Mathias-300x300.jpg 300w, https:\/\/www.leeb-balkone.com\/app\/uploads\/2025\/07\/Seebacher-Mathias-1024x1024.jpg 1024w, https:\/\/www.leeb-balkone.com\/app\/uploads\/2025\/07\/Seebacher-Mathias-150x150.jpg 150w, https:\/\/www.leeb-balkone.com\/app\/uploads\/2025\/07\/Seebacher-Mathias-768x768.jpg 768w, https:\/\/www.leeb-balkone.com\/app\/uploads\/2025\/07\/Seebacher-Mathias-1536x1536.jpg 1536w, https:\/\/www.leeb-balkone.com\/app\/uploads\/2025\/07\/Seebacher-Mathias-2048x2048.jpg 2048w\" sizes=\"auto, (min-width: 1200px) 260px, (min-width: 1024px) 220px, (min-width: 640px) 465px, 768px\" \/>                    <\/figure>\n        <div class=\"wp-block-group m-card-content is-vertical is-layout-flex wp-block-group-is-layout-flex\">\n            <h3 class=\"wp-block-heading\">\n                Mathias Seebacher            <\/h3>\n                                <\/div>\n            <\/a>\n<\/div>\n<div id=\"post-160525\" class=\"loop-block-item wp-block-group m-card is-layout-flow wp-block-group-is-layout-flow optional-at\">\n    <a href=\"https:\/\/www.leeb-balkone.com\/at\/vertriebspartner\/michael-haas-2\/\" class=\"no-default-link\" title=\"Michael Haas\">\n        <figure data-imgid=\"0\" class=\"wp-block-image size-large\">\n                                <\/figure>\n        <div class=\"wp-block-group m-card-content is-vertical is-layout-flex wp-block-group-is-layout-flex\">\n            <h3 class=\"wp-block-heading\">\n                Michael Haas            <\/h3>\n            <p class=\"loop-item__acf-template\">2123 Wolfpassing, Hauptstra\u00dfe 97<\/p>                    <\/div>\n            <\/a>\n<\/div>\n<div id=\"post-159790\" class=\"loop-block-item wp-block-group m-card is-layout-flow wp-block-group-is-layout-flow optional-at\">\n    <a href=\"https:\/\/www.leeb-balkone.com\/at\/vertriebspartner\/norbert-bartel\/\" class=\"no-default-link\" title=\"Norbert Bartel\">\n        <figure data-imgid=\"158400\" class=\"wp-block-image size-large\">\n            <img loading=\"lazy\" decoding=\"async\" width=\"300\" height=\"300\" src=\"https:\/\/www.leeb-balkone.com\/app\/uploads\/2025\/09\/Norbert-Bartel-300x300.jpg\" class=\"attachment-medium size-medium\" alt=\"Norbert Bartel\" title=\"Norbert-Bartel\" srcset=\"https:\/\/www.leeb-balkone.com\/app\/uploads\/2025\/09\/Norbert-Bartel-300x300.jpg 300w, https:\/\/www.leeb-balkone.com\/app\/uploads\/2025\/09\/Norbert-Bartel-1024x1024.jpg 1024w, https:\/\/www.leeb-balkone.com\/app\/uploads\/2025\/09\/Norbert-Bartel-150x150.jpg 150w, https:\/\/www.leeb-balkone.com\/app\/uploads\/2025\/09\/Norbert-Bartel-768x768.jpg 768w, https:\/\/www.leeb-balkone.com\/app\/uploads\/2025\/09\/Norbert-Bartel.jpg 1500w\" sizes=\"auto, (min-width: 1200px) 260px, (min-width: 1024px) 220px, (min-width: 640px) 465px, 768px\" \/>                    <\/figure>\n        <div class=\"wp-block-group m-card-content is-vertical is-layout-flex wp-block-group-is-layout-flex\">\n            <h3 class=\"wp-block-heading\">\n                Norbert Bartel            <\/h3>\n            <p class=\"loop-item__acf-template\">2521 Trumau, Schneewei\u00dfstra\u00dfe 3a<\/p>                    <\/div>\n            <\/a>\n<\/div>\n<div id=\"post-160103\" class=\"loop-block-item wp-block-group m-card is-layout-flow wp-block-group-is-layout-flow optional-at\">\n    <a href=\"https:\/\/www.leeb-balkone.com\/at\/vertriebspartner\/patrick-knapp\/\" class=\"no-default-link\" title=\"Patrick Knapp\">\n        <figure data-imgid=\"0\" class=\"wp-block-image size-large\">\n                                <\/figure>\n        <div class=\"wp-block-group m-card-content is-vertical is-layout-flex wp-block-group-is-layout-flex\">\n            <h3 class=\"wp-block-heading\">\n                Patrick Knapp            <\/h3>\n            <p class=\"loop-item__acf-template\">6210 Wiesing, Dorf 105<\/p>                    <\/div>\n            <\/a>\n<\/div>\n<div id=\"post-160470\" class=\"loop-block-item wp-block-group m-card is-layout-flow wp-block-group-is-layout-flow optional-at\">\n    <a href=\"https:\/\/www.leeb-balkone.com\/at\/vertriebspartner\/peter-schedler\/\" class=\"no-default-link\" title=\"Peter Schedler\">\n        <figure data-imgid=\"152047\" class=\"wp-block-image size-large\">\n            <img loading=\"lazy\" decoding=\"async\" width=\"300\" height=\"300\" src=\"https:\/\/www.leeb-balkone.com\/app\/uploads\/2025\/07\/Schedler-Peter-300x300.jpg\" class=\"attachment-medium size-medium\" alt=\"Schedler Peter\" title=\"Schedler-Peter\" srcset=\"https:\/\/www.leeb-balkone.com\/app\/uploads\/2025\/07\/Schedler-Peter-300x300.jpg 300w, https:\/\/www.leeb-balkone.com\/app\/uploads\/2025\/07\/Schedler-Peter-1024x1024.jpg 1024w, https:\/\/www.leeb-balkone.com\/app\/uploads\/2025\/07\/Schedler-Peter-150x150.jpg 150w, https:\/\/www.leeb-balkone.com\/app\/uploads\/2025\/07\/Schedler-Peter-768x767.jpg 768w, https:\/\/www.leeb-balkone.com\/app\/uploads\/2025\/07\/Schedler-Peter-1536x1536.jpg 1536w, https:\/\/www.leeb-balkone.com\/app\/uploads\/2025\/07\/Schedler-Peter-2048x2046.jpg 2048w\" sizes=\"auto, (min-width: 1200px) 260px, (min-width: 1024px) 220px, (min-width: 640px) 465px, 768px\" \/>                    <\/figure>\n        <div class=\"wp-block-group m-card-content is-vertical is-layout-flex wp-block-group-is-layout-flex\">\n            <h3 class=\"wp-block-heading\">\n                Peter Schedler            <\/h3>\n            <p class=\"loop-item__acf-template\">6020 Innsbruck, Haller Stra\u00dfe 33<\/p>                    <\/div>\n            <\/a>\n<\/div>\n<div id=\"post-160298\" class=\"loop-block-item wp-block-group m-card is-layout-flow wp-block-group-is-layout-flow optional-at\">\n    <a href=\"https:\/\/www.leeb-balkone.com\/at\/vertriebspartner\/reinhard-huber\/\" class=\"no-default-link\" title=\"Reinhard Huber\">\n        <figure data-imgid=\"153148\" class=\"wp-block-image size-large\">\n            <img loading=\"lazy\" decoding=\"async\" width=\"300\" height=\"300\" src=\"https:\/\/www.leeb-balkone.com\/app\/uploads\/2025\/08\/Reinhard-Huber-Portrait-300x300.jpeg\" class=\"attachment-medium size-medium\" alt=\"Reinhard Huber Portrait\" title=\"Reinhard Huber Portrait\" srcset=\"https:\/\/www.leeb-balkone.com\/app\/uploads\/2025\/08\/Reinhard-Huber-Portrait-300x300.jpeg 300w, https:\/\/www.leeb-balkone.com\/app\/uploads\/2025\/08\/Reinhard-Huber-Portrait-1024x1024.jpeg 1024w, https:\/\/www.leeb-balkone.com\/app\/uploads\/2025\/08\/Reinhard-Huber-Portrait-150x150.jpeg 150w, https:\/\/www.leeb-balkone.com\/app\/uploads\/2025\/08\/Reinhard-Huber-Portrait-768x768.jpeg 768w, https:\/\/www.leeb-balkone.com\/app\/uploads\/2025\/08\/Reinhard-Huber-Portrait.jpeg 1280w\" sizes=\"auto, (min-width: 1200px) 260px, (min-width: 1024px) 220px, (min-width: 640px) 465px, 768px\" \/>                    <\/figure>\n        <div class=\"wp-block-group m-card-content is-vertical is-layout-flex wp-block-group-is-layout-flex\">\n            <h3 class=\"wp-block-heading\">\n                Reinhard Huber            <\/h3>\n            <p class=\"loop-item__acf-template\">9563 Gnesau, Maitratten 25<\/p>                    <\/div>\n            <\/a>\n<\/div>\n<div id=\"post-160258\" class=\"loop-block-item wp-block-group m-card is-layout-flow wp-block-group-is-layout-flow optional-at\">\n    <a href=\"https:\/\/www.leeb-balkone.com\/at\/vertriebspartner\/rene-bittesnich\/\" class=\"no-default-link\" title=\"Rene Bittesnich\">\n        <figure data-imgid=\"148944\" class=\"wp-block-image size-large\">\n            <img loading=\"lazy\" decoding=\"async\" width=\"300\" height=\"300\" src=\"https:\/\/www.leeb-balkone.com\/app\/uploads\/2025\/07\/Bittesnich-Rene-Portrait-300x300.jpg\" class=\"attachment-medium size-medium\" alt=\"Bittesnich Rene Portrait\" title=\"Bittesnich-Rene-Portrait\" srcset=\"https:\/\/www.leeb-balkone.com\/app\/uploads\/2025\/07\/Bittesnich-Rene-Portrait-300x300.jpg 300w, https:\/\/www.leeb-balkone.com\/app\/uploads\/2025\/07\/Bittesnich-Rene-Portrait-1024x1024.jpg 1024w, https:\/\/www.leeb-balkone.com\/app\/uploads\/2025\/07\/Bittesnich-Rene-Portrait-150x150.jpg 150w, https:\/\/www.leeb-balkone.com\/app\/uploads\/2025\/07\/Bittesnich-Rene-Portrait-768x768.jpg 768w, https:\/\/www.leeb-balkone.com\/app\/uploads\/2025\/07\/Bittesnich-Rene-Portrait-1536x1536.jpg 1536w, https:\/\/www.leeb-balkone.com\/app\/uploads\/2025\/07\/Bittesnich-Rene-Portrait-2048x2048.jpg 2048w\" sizes=\"auto, (min-width: 1200px) 260px, (min-width: 1024px) 220px, (min-width: 640px) 465px, 768px\" \/>                    <\/figure>\n        <div class=\"wp-block-group m-card-content is-vertical is-layout-flex wp-block-group-is-layout-flex\">\n            <h3 class=\"wp-block-heading\">\n                Rene Bittesnich            <\/h3>\n            <p class=\"loop-item__acf-template\">5020 Salzburg, Linzer Bundesstrasse 41a<\/p>                    <\/div>\n            <\/a>\n<\/div>\n<div id=\"post-159822\" class=\"loop-block-item wp-block-group m-card is-layout-flow wp-block-group-is-layout-flow optional-at\">\n    <a href=\"https:\/\/www.leeb-balkone.com\/at\/vertriebspartner\/robert-heinisch\/\" class=\"no-default-link\" title=\"Robert Heinisch\">\n        <figure data-imgid=\"0\" class=\"wp-block-image size-large\">\n                                <\/figure>\n        <div class=\"wp-block-group m-card-content is-vertical is-layout-flex wp-block-group-is-layout-flex\">\n            <h3 class=\"wp-block-heading\">\n                Robert Heinisch            <\/h3>\n            <p class=\"loop-item__acf-template\">4551 Ried im Traunkreis, Am Saturnring 11<\/p>                    <\/div>\n            <\/a>\n<\/div>\n<div id=\"post-160079\" class=\"loop-block-item wp-block-group m-card is-layout-flow wp-block-group-is-layout-flow optional-at\">\n    <a href=\"https:\/\/www.leeb-balkone.com\/at\/vertriebspartner\/roland-kopplhuber\/\" class=\"no-default-link\" title=\"Roland Kopplhuber\">\n        <figure data-imgid=\"156209\" class=\"wp-block-image size-large\">\n            <img loading=\"lazy\" decoding=\"async\" width=\"300\" height=\"300\" src=\"https:\/\/www.leeb-balkone.com\/app\/uploads\/2025\/07\/Kopplhuber-Roland-300x300.jpg\" class=\"attachment-medium size-medium\" alt=\"Kopplhuber Roland\" title=\"Kopplhuber-Roland\" srcset=\"https:\/\/www.leeb-balkone.com\/app\/uploads\/2025\/07\/Kopplhuber-Roland-300x300.jpg 300w, https:\/\/www.leeb-balkone.com\/app\/uploads\/2025\/07\/Kopplhuber-Roland-1024x1024.jpg 1024w, https:\/\/www.leeb-balkone.com\/app\/uploads\/2025\/07\/Kopplhuber-Roland-150x150.jpg 150w, https:\/\/www.leeb-balkone.com\/app\/uploads\/2025\/07\/Kopplhuber-Roland-768x768.jpg 768w, https:\/\/www.leeb-balkone.com\/app\/uploads\/2025\/07\/Kopplhuber-Roland-1536x1536.jpg 1536w, https:\/\/www.leeb-balkone.com\/app\/uploads\/2025\/07\/Kopplhuber-Roland-2048x2048.jpg 2048w\" sizes=\"auto, (min-width: 1200px) 260px, (min-width: 1024px) 220px, (min-width: 640px) 465px, 768px\" \/>                    <\/figure>\n        <div class=\"wp-block-group m-card-content is-vertical is-layout-flex wp-block-group-is-layout-flex\">\n            <h3 class=\"wp-block-heading\">\n                Roland Kopplhuber            <\/h3>\n            <p class=\"loop-item__acf-template\">4540 Bad Hall, Gr\u00fcnburgerstra\u00dfe 94\/2<\/p>                    <\/div>\n            <\/a>\n<\/div>\n<div id=\"post-160443\" class=\"loop-block-item wp-block-group m-card is-layout-flow wp-block-group-is-layout-flow optional-at\">\n    <a href=\"https:\/\/www.leeb-balkone.com\/at\/vertriebspartner\/rupert-feichtinger\/\" class=\"no-default-link\" title=\"Rupert Feichtinger\">\n        <figure data-imgid=\"0\" class=\"wp-block-image size-large\">\n                                <\/figure>\n        <div class=\"wp-block-group m-card-content is-vertical is-layout-flex wp-block-group-is-layout-flex\">\n            <h3 class=\"wp-block-heading\">\n                Rupert Feichtinger            <\/h3>\n            <p class=\"loop-item__acf-template\">4845 Rutzenmoos, Hinterbuch 8<\/p>                    <\/div>\n            <\/a>\n<\/div>\n<div id=\"post-160696\" class=\"loop-block-item wp-block-group m-card is-layout-flow wp-block-group-is-layout-flow optional-at\">\n    <a href=\"https:\/\/www.leeb-balkone.com\/at\/vertriebspartner\/sepp-bichler\/\" class=\"no-default-link\" title=\"Sepp Bichler\">\n        <figure data-imgid=\"156144\" class=\"wp-block-image size-large\">\n            <img loading=\"lazy\" decoding=\"async\" width=\"300\" height=\"300\" src=\"https:\/\/www.leeb-balkone.com\/app\/uploads\/2025\/07\/Bichler-Sepp-300x300.jpg\" class=\"attachment-medium size-medium\" alt=\"Bichler Sepp\" title=\"Bichler-Sepp\" srcset=\"https:\/\/www.leeb-balkone.com\/app\/uploads\/2025\/07\/Bichler-Sepp-300x300.jpg 300w, https:\/\/www.leeb-balkone.com\/app\/uploads\/2025\/07\/Bichler-Sepp-1024x1024.jpg 1024w, https:\/\/www.leeb-balkone.com\/app\/uploads\/2025\/07\/Bichler-Sepp-150x150.jpg 150w, https:\/\/www.leeb-balkone.com\/app\/uploads\/2025\/07\/Bichler-Sepp-768x768.jpg 768w, https:\/\/www.leeb-balkone.com\/app\/uploads\/2025\/07\/Bichler-Sepp-1536x1536.jpg 1536w, https:\/\/www.leeb-balkone.com\/app\/uploads\/2025\/07\/Bichler-Sepp-2048x2048.jpg 2048w\" sizes=\"auto, (min-width: 1200px) 260px, (min-width: 1024px) 220px, (min-width: 640px) 465px, 768px\" \/>                    <\/figure>\n        <div class=\"wp-block-group m-card-content is-vertical is-layout-flex wp-block-group-is-layout-flex\">\n            <h3 class=\"wp-block-heading\">\n                Sepp Bichler            <\/h3>\n            <p class=\"loop-item__acf-template\">6382 Kirchdorf in Tirol, Innsbruckerstra\u00dfe 17<\/p>                    <\/div>\n            <\/a>\n<\/div>\n<div id=\"post-160626\" class=\"loop-block-item wp-block-group m-card is-layout-flow wp-block-group-is-layout-flow optional-at\">\n    <a href=\"https:\/\/www.leeb-balkone.com\/at\/vertriebspartner\/siegfried-auernig\/\" class=\"no-default-link\" title=\"Siegfried Auernig\">\n        <figure data-imgid=\"156124\" class=\"wp-block-image size-large\">\n            <img loading=\"lazy\" decoding=\"async\" width=\"300\" height=\"300\" src=\"https:\/\/www.leeb-balkone.com\/app\/uploads\/2025\/07\/Auernig-Siegfried-300x300.jpeg\" class=\"attachment-medium size-medium\" alt=\"Auernig Siegfried\" title=\"Auernig-Siegfried\" srcset=\"https:\/\/www.leeb-balkone.com\/app\/uploads\/2025\/07\/Auernig-Siegfried-300x300.jpeg 300w, https:\/\/www.leeb-balkone.com\/app\/uploads\/2025\/07\/Auernig-Siegfried-1024x1024.jpeg 1024w, https:\/\/www.leeb-balkone.com\/app\/uploads\/2025\/07\/Auernig-Siegfried-150x150.jpeg 150w, https:\/\/www.leeb-balkone.com\/app\/uploads\/2025\/07\/Auernig-Siegfried-768x768.jpeg 768w, https:\/\/www.leeb-balkone.com\/app\/uploads\/2025\/07\/Auernig-Siegfried-1536x1536.jpeg 1536w, https:\/\/www.leeb-balkone.com\/app\/uploads\/2025\/07\/Auernig-Siegfried-2048x2048.jpeg 2048w\" sizes=\"auto, (min-width: 1200px) 260px, (min-width: 1024px) 220px, (min-width: 640px) 465px, 768px\" \/>                    <\/figure>\n        <div class=\"wp-block-group m-card-content is-vertical is-layout-flex wp-block-group-is-layout-flex\">\n            <h3 class=\"wp-block-heading\">\n                Siegfried Auernig            <\/h3>\n                                <\/div>\n            <\/a>\n<\/div>\n<div id=\"post-160090\" class=\"loop-block-item wp-block-group m-card is-layout-flow wp-block-group-is-layout-flow optional-at\">\n    <a href=\"https:\/\/www.leeb-balkone.com\/at\/vertriebspartner\/stefan-jaeger\/\" class=\"no-default-link\" title=\"Stefan J\u00e4ger\">\n        <figure data-imgid=\"164295\" class=\"wp-block-image size-large\">\n            <img loading=\"lazy\" decoding=\"async\" width=\"300\" height=\"300\" src=\"https:\/\/www.leeb-balkone.com\/app\/uploads\/2023\/07\/Stefan-Jaeger-300x300.jpg\" class=\"attachment-medium size-medium\" alt=\"Stefan Jaeger\" title=\"Stefan Ja\u0308ger\" srcset=\"https:\/\/www.leeb-balkone.com\/app\/uploads\/2023\/07\/Stefan-Jaeger-300x300.jpg 300w, https:\/\/www.leeb-balkone.com\/app\/uploads\/2023\/07\/Stefan-Jaeger-1024x1024.jpg 1024w, https:\/\/www.leeb-balkone.com\/app\/uploads\/2023\/07\/Stefan-Jaeger-150x150.jpg 150w, https:\/\/www.leeb-balkone.com\/app\/uploads\/2023\/07\/Stefan-Jaeger-768x768.jpg 768w\" sizes=\"auto, (min-width: 1200px) 260px, (min-width: 1024px) 220px, (min-width: 640px) 465px, 768px\" \/>                    <\/figure>\n        <div class=\"wp-block-group m-card-content is-vertical is-layout-flex wp-block-group-is-layout-flex\">\n            <h3 class=\"wp-block-heading\">\n                Stefan J\u00e4ger            <\/h3>\n            <p class=\"loop-item__acf-template\">6600 Reutte, Planseestra\u00dfe 5<\/p>                    <\/div>\n            <\/a>\n<\/div>\n<div id=\"post-160252\" class=\"loop-block-item wp-block-group m-card is-layout-flow wp-block-group-is-layout-flow optional-at\">\n    <a href=\"https:\/\/www.leeb-balkone.com\/at\/vertriebspartner\/stromberger-lukas\/\" class=\"no-default-link\" title=\"Stromberger Lukas\">\n        <figure data-imgid=\"160209\" class=\"wp-block-image size-large\">\n            <img loading=\"lazy\" decoding=\"async\" width=\"300\" height=\"300\" src=\"https:\/\/www.leeb-balkone.com\/app\/uploads\/2021\/09\/Stromberger-Lukas-300x300.png\" class=\"attachment-medium size-medium\" alt=\"Stromberger Lukas\" title=\"Stromberger Lukas\" srcset=\"https:\/\/www.leeb-balkone.com\/app\/uploads\/2021\/09\/Stromberger-Lukas-300x300.png 300w, https:\/\/www.leeb-balkone.com\/app\/uploads\/2021\/09\/Stromberger-Lukas-1024x1024.png 1024w, https:\/\/www.leeb-balkone.com\/app\/uploads\/2021\/09\/Stromberger-Lukas-150x150.png 150w, https:\/\/www.leeb-balkone.com\/app\/uploads\/2021\/09\/Stromberger-Lukas-768x768.png 768w, https:\/\/www.leeb-balkone.com\/app\/uploads\/2021\/09\/Stromberger-Lukas.png 1080w\" sizes=\"auto, (min-width: 1200px) 260px, (min-width: 1024px) 220px, (min-width: 640px) 465px, 768px\" \/>                    <\/figure>\n        <div class=\"wp-block-group m-card-content is-vertical is-layout-flex wp-block-group-is-layout-flex\">\n            <h3 class=\"wp-block-heading\">\n                Stromberger Lukas            <\/h3>\n            <p class=\"loop-item__acf-template\">5020 Salzburg, Linzer Bundesstrasse 41a<\/p>                    <\/div>\n            <\/a>\n<\/div><\/div><\/section>\n\n\n\n<section class=\"wp-block-group alignfull has-white-background-color has-background has-global-padding is-layout-constrained wp-container-core-group-is-layout-9fa1424c wp-block-group-is-layout-constrained\" style=\"padding-top:0\">\n<div class=\"wp-block-columns is-style-offset m-split is-layout-flex wp-container-core-columns-is-layout-28f84493 wp-block-columns-is-layout-flex\">\n<div class=\"wp-block-column is-layout-flow wp-block-column-is-layout-flow\"><div class=\"vp-map-wrapper vp-map-ratio-19-1\"><img decoding=\"async\" width=\"1900\" height=\"1024\" src=\"https:\/\/www.leeb-balkone.com\/app\/uploads\/2026\/03\/map-at-1.jpg\" class=\"attachment-full size-full\" alt=\"\u00d6sterreichische Map: Vertriebspartner (orange Pins) und Schaur\u00e4ume \/ Standorte (gr\u00fcne Pins) der Leeb Balkone GmbH in \u00d6sterreich\" style=\"width:100%;height:100%;object-fit:cover;display:block;\" loading=\"lazy\" srcset=\"https:\/\/www.leeb-balkone.com\/app\/uploads\/2026\/03\/map-at-1.jpg 1900w, https:\/\/www.leeb-balkone.com\/app\/uploads\/2026\/03\/map-at-1-300x162.jpg 300w, https:\/\/www.leeb-balkone.com\/app\/uploads\/2026\/03\/map-at-1-1024x552.jpg 1024w, https:\/\/www.leeb-balkone.com\/app\/uploads\/2026\/03\/map-at-1-768x414.jpg 768w, https:\/\/www.leeb-balkone.com\/app\/uploads\/2026\/03\/map-at-1-1536x828.jpg 1536w\" sizes=\"auto, (min-width: 1536px) 2048px, (min-width: 992px) 1536px, (min-width: 768px) 1024px, (min-width: 576px) 768px, 100vw\" \/><\/div>\n<\/div>\n\n\n\n<div class=\"wp-block-column is-vertically-aligned-center is-style-overlay-content is-layout-flow wp-block-column-is-layout-flow\">\n<div class=\"wp-block-group is-vertical is-layout-flex wp-container-core-group-is-layout-bd7877ba wp-block-group-is-layout-flex\">\n<h2 class=\"wp-block-heading has-step-2-font-size\">Vertriebspartner \u00d6sterreich<\/h2>\n\n\n\n<p>Kompetente LEEB Partner in Ihrer Region. Pers\u00f6nliche Beratung, pr\u00e4zise Planung und fachgerechte Montage \u2013 \u00f6sterreichweit.<\/p>\n\n\n\n<div class=\"wp-block-buttons is-layout-flex wp-block-buttons-is-layout-flex\" style=\"margin-top:var(--wp--preset--spacing--2-xs)\">\n<div class=\"wp-block-button is-style-cta\"><a class=\"wp-block-button__link has-transparent-background-color has-background wp-element-button\" href=\"https:\/\/www.leeb-balkone.com\/at\/vertriebspartner\/\">Vertriebspartner finden<span class=\"sr-only\">Vertriebspartner Leeb Balkone \u00d6sterreich<\/span><\/a><\/div>\n<\/div>\n<\/div>\n<\/div>\n<\/div>\n<\/section>\n\n\n\n<section class=\"wp-block-group alignfull has-light-gray-background-color has-background has-global-padding is-layout-constrained wp-container-core-group-is-layout-52f96efc wp-block-group-is-layout-constrained\" id=\"beratungstermin\">\n<div class=\"wp-block-group m-teaser o-grid u-md-1 is-layout-flow wp-block-group-is-layout-flow\">\n<div class=\"wp-block-group u-g-7 u-g-s-2 is-layout-flow wp-block-group-is-layout-flow\" style=\"margin-bottom:var(--wp--preset--spacing--s)\">\n<h2 class=\"wp-block-heading\">Kontaktieren Sie uns<\/h2>\n\n\n\n<p><strong><strong>Sie planen ein Projekt oder haben Fragen zu uns und unseren L\u00f6sungen? Schreiben Sie uns einfach &#8211; wir nehmen uns gerne Zeit f\u00fcr Ihr Anliegen!<\/strong><\/strong><\/p>\n<\/div>\n<\/div>\n\n\n\n<div class=\"wp-block-group m-teaser o-grid u-md-1 is-layout-flow wp-block-group-is-layout-flow\">\n<div class=\"wp-block-group u-g-7 u-g-s-2 is-layout-flow wp-block-group-is-layout-flow\" style=\"margin-bottom:var(--wp--preset--spacing--s)\"><form action=\"https:\/\/www.leeb-balkone.com\/at\/wp-json\/ws-form\/v1\/submit\" class=\"wsf-form wsf-form-canvas\" id=\"ws-form-1\" data-id=\"4\" data-instance-id=\"1\" method=\"POST\"><\/form>\n<\/div>\n\n\n\n<div class=\"wp-block-group u-g-3 u-g-s-9 is-layout-flow wp-block-group-is-layout-flow\"><div class=\"t3-sidebar-buttons wp-block-buttons is-layout-flex wp-block-buttons-is-layout-flex\"><div class=\"wp-block-button is-style-fill icon-book icon-left\">\n                        <a class=\"wp-block-button__link has-secondary-color has-white-background-color has-text-color has-background has-link-color wp-element-button\" href=\"https:\/\/www.leeb-balkone.com\/at\/kontakt\/katalog-anfordern\/\" style=\"box-shadow:var(--wp--preset--shadow--box-shadow)\">Katalog anfordern<\/a>\n                    <\/div><div class=\"wp-block-button is-style-fill icon-phone-new icon-left\">\n                        <a class=\"wp-block-button__link has-secondary-color has-white-background-color has-text-color has-background has-link-color wp-element-button\" href=\"tel:0800202013\">Hotline \u00d6sterreich <span class=\"sr-only\"> Hotline: 0800 202013 (\u00d6sterreichweit kostenlos)<\/span><\/a>\n                    <\/div><\/div>\n<\/div>\n<\/div>\n<\/section>\n","protected":false},"excerpt":{"rendered":"","protected":false},"author":4,"featured_media":0,"parent":0,"menu_order":51,"comment_status":"closed","ping_status":"closed","template":"template-onepager.blade.php","meta":{"_acf_changed":false,"footnotes":"","_sage_theme_css":true,"_wp_block_core_css":true},"folder":[238],"class_list":["post-168093","page","type-page","status-publish","hentry"],"acf":[],"yoast_head":"<!-- This site is optimized with the Yoast SEO plugin v27.2 - https:\/\/yoast.com\/product\/yoast-seo-wordpress\/ -->\n<title>Vertriebspartner \u00d6sterreich - Leeb Balkone<\/title>\n<meta name=\"description\" content=\"Alle Leeb-Vertriebspartner in \u00d6sterreich \u2013 Leeb Partner in Tirol, Salzburg, Ober\u00f6sterreich, Steiermark, Nieder\u00f6sterreich, K\u00e4rnten u.m.\" \/>\n<meta name=\"robots\" content=\"noindex, follow\" \/>\n<meta property=\"og:locale\" content=\"de_DE\" \/>\n<meta property=\"og:type\" content=\"article\" \/>\n<meta property=\"og:title\" content=\"Vertriebspartner \u00d6sterreich - Leeb Balkone\" \/>\n<meta property=\"og:description\" content=\"Alle Leeb-Vertriebspartner in \u00d6sterreich \u2013 Leeb Partner in Tirol, Salzburg, Ober\u00f6sterreich, Steiermark, Nieder\u00f6sterreich, K\u00e4rnten u.m.\" \/>\n<meta property=\"og:url\" content=\"https:\/\/www.leeb-balkone.com\/at\/vertriebspartner-oesterreich\/\" \/>\n<meta property=\"og:site_name\" content=\"Leeb Balkone\" \/>\n<meta property=\"article:publisher\" content=\"https:\/\/www.facebook.com\/balkone\/\" \/>\n<meta property=\"article:modified_time\" content=\"2026-04-20T13:05:43+00:00\" \/>\n<meta property=\"og:image\" content=\"https:\/\/www.leeb-balkone.com\/app\/uploads\/2020\/07\/anbaubalkon-mit-stuetzen-50-scaled.jpg\" \/>\n\t<meta property=\"og:image:width\" content=\"2560\" \/>\n\t<meta property=\"og:image:height\" content=\"1707\" \/>\n\t<meta property=\"og:image:type\" content=\"image\/jpeg\" \/>\n<meta name=\"twitter:card\" content=\"summary_large_image\" \/>\n<script type=\"application\/ld+json\" class=\"yoast-schema-graph\">{\"@context\":\"https:\/\/schema.org\",\"@graph\":[{\"@type\":\"WebPage\",\"@id\":\"https:\/\/www.leeb-balkone.com\/at\/vertriebspartner-oesterreich\/\",\"url\":\"https:\/\/www.leeb-balkone.com\/at\/vertriebspartner-oesterreich\/\",\"name\":\"Vertriebspartner \u00d6sterreich - Leeb Balkone\",\"isPartOf\":{\"@id\":\"https:\/\/www.leeb-balkone.com\/at\/#website\"},\"primaryImageOfPage\":{\"@id\":\"https:\/\/www.leeb-balkone.com\/at\/vertriebspartner-oesterreich\/#primaryimage\"},\"image\":{\"@id\":\"https:\/\/www.leeb-balkone.com\/at\/vertriebspartner-oesterreich\/#primaryimage\"},\"thumbnailUrl\":\"https:\/\/www.leeb-balkone.com\/app\/uploads\/2020\/07\/anbaubalkon-mit-stuetzen-50-1024x683.jpg\",\"datePublished\":\"2026-04-17T10:54:59+00:00\",\"dateModified\":\"2026-04-20T13:05:43+00:00\",\"description\":\"Alle Leeb-Vertriebspartner in \u00d6sterreich \u2013 Leeb Partner in Tirol, Salzburg, Ober\u00f6sterreich, Steiermark, Nieder\u00f6sterreich, K\u00e4rnten u.m.\",\"breadcrumb\":{\"@id\":\"https:\/\/www.leeb-balkone.com\/at\/vertriebspartner-oesterreich\/#breadcrumb\"},\"inLanguage\":\"de-AT\",\"potentialAction\":[{\"@type\":\"ReadAction\",\"target\":[\"https:\/\/www.leeb-balkone.com\/at\/vertriebspartner-oesterreich\/\"]}]},{\"@type\":\"ImageObject\",\"inLanguage\":\"de-AT\",\"@id\":\"https:\/\/www.leeb-balkone.com\/at\/vertriebspartner-oesterreich\/#primaryimage\",\"url\":\"https:\/\/www.leeb-balkone.com\/app\/uploads\/2020\/07\/anbaubalkon-mit-stuetzen-50-1024x683.jpg\",\"contentUrl\":\"https:\/\/www.leeb-balkone.com\/app\/uploads\/2020\/07\/anbaubalkon-mit-stuetzen-50-1024x683.jpg\"},{\"@type\":\"BreadcrumbList\",\"@id\":\"https:\/\/www.leeb-balkone.com\/at\/vertriebspartner-oesterreich\/#breadcrumb\",\"itemListElement\":[{\"@type\":\"ListItem\",\"position\":1,\"name\":\"Home\",\"item\":\"https:\/\/www.leeb-balkone.com\/at\/\"},{\"@type\":\"ListItem\",\"position\":2,\"name\":\"Vertriebspartner \u00d6sterreich\"}]},{\"@type\":\"WebSite\",\"@id\":\"https:\/\/www.leeb-balkone.com\/at\/#website\",\"url\":\"https:\/\/www.leeb-balkone.com\/at\/\",\"name\":\"Leeb Balkone\",\"description\":\"Balkone und Z\u00e4une\",\"publisher\":{\"@id\":\"https:\/\/www.leeb-balkone.com\/at\/#organization\"},\"potentialAction\":[{\"@type\":\"SearchAction\",\"target\":{\"@type\":\"EntryPoint\",\"urlTemplate\":\"https:\/\/www.leeb-balkone.com\/at\/?s={search_term_string}\"},\"query-input\":{\"@type\":\"PropertyValueSpecification\",\"valueRequired\":true,\"valueName\":\"search_term_string\"}}],\"inLanguage\":\"de-AT\"},{\"@type\":\"Organization\",\"@id\":\"https:\/\/www.leeb-balkone.com\/at\/#organization\",\"name\":\"Leeb Balkone Gmbh\",\"url\":\"https:\/\/www.leeb-balkone.com\/at\/\",\"logo\":{\"@type\":\"ImageObject\",\"inLanguage\":\"de-AT\",\"@id\":\"https:\/\/www.leeb-balkone.com\/at\/#\/schema\/logo\/image\/\",\"url\":\"https:\/\/www.leeb-balkone.com\/app\/uploads\/2020\/11\/leeb-logo.svg\",\"contentUrl\":\"https:\/\/www.leeb-balkone.com\/app\/uploads\/2020\/11\/leeb-logo.svg\",\"width\":741,\"height\":204,\"caption\":\"Leeb Balkone Gmbh\"},\"image\":{\"@id\":\"https:\/\/www.leeb-balkone.com\/at\/#\/schema\/logo\/image\/\"},\"sameAs\":[\"https:\/\/www.facebook.com\/balkone\/\",\"https:\/\/www.trustedshops.at\/bewertung\/info_X4587CCF5833E31AFE0B11F47D86999F2.html\",\"https:\/\/www.trustedshops.de\/bewertung\/info_X7BA536A7A0BDC86D36C4718E4DCAEEEF.html\",\"https:\/\/www.google.com\/maps\/place\/?q=place_id:ChIJ5-zH19-IcEcR9HonWRTllHI\"]}]}<\/script>\n<!-- \/ Yoast SEO plugin. -->","yoast_head_json":{"title":"Vertriebspartner \u00d6sterreich - Leeb Balkone","description":"Alle Leeb-Vertriebspartner in \u00d6sterreich \u2013 Leeb Partner in Tirol, Salzburg, Ober\u00f6sterreich, Steiermark, Nieder\u00f6sterreich, K\u00e4rnten u.m.","robots":{"index":"noindex","follow":"follow"},"og_locale":"de_DE","og_type":"article","og_title":"Vertriebspartner \u00d6sterreich - Leeb Balkone","og_description":"Alle Leeb-Vertriebspartner in \u00d6sterreich \u2013 Leeb Partner in Tirol, Salzburg, Ober\u00f6sterreich, Steiermark, Nieder\u00f6sterreich, K\u00e4rnten u.m.","og_url":"https:\/\/www.leeb-balkone.com\/at\/vertriebspartner-oesterreich\/","og_site_name":"Leeb Balkone","article_publisher":"https:\/\/www.facebook.com\/balkone\/","article_modified_time":"2026-04-20T13:05:43+00:00","og_image":[{"width":2560,"height":1707,"url":"https:\/\/www.leeb-balkone.com\/app\/uploads\/2020\/07\/anbaubalkon-mit-stuetzen-50-scaled.jpg","type":"image\/jpeg"}],"twitter_card":"summary_large_image","schema":{"@context":"https:\/\/schema.org","@graph":[{"@type":"WebPage","@id":"https:\/\/www.leeb-balkone.com\/at\/vertriebspartner-oesterreich\/","url":"https:\/\/www.leeb-balkone.com\/at\/vertriebspartner-oesterreich\/","name":"Vertriebspartner \u00d6sterreich - Leeb Balkone","isPartOf":{"@id":"https:\/\/www.leeb-balkone.com\/at\/#website"},"primaryImageOfPage":{"@id":"https:\/\/www.leeb-balkone.com\/at\/vertriebspartner-oesterreich\/#primaryimage"},"image":{"@id":"https:\/\/www.leeb-balkone.com\/at\/vertriebspartner-oesterreich\/#primaryimage"},"thumbnailUrl":"https:\/\/www.leeb-balkone.com\/app\/uploads\/2020\/07\/anbaubalkon-mit-stuetzen-50-1024x683.jpg","datePublished":"2026-04-17T10:54:59+00:00","dateModified":"2026-04-20T13:05:43+00:00","description":"Alle Leeb-Vertriebspartner in \u00d6sterreich \u2013 Leeb Partner in Tirol, Salzburg, Ober\u00f6sterreich, Steiermark, Nieder\u00f6sterreich, K\u00e4rnten u.m.","breadcrumb":{"@id":"https:\/\/www.leeb-balkone.com\/at\/vertriebspartner-oesterreich\/#breadcrumb"},"inLanguage":"de-AT","potentialAction":[{"@type":"ReadAction","target":["https:\/\/www.leeb-balkone.com\/at\/vertriebspartner-oesterreich\/"]}]},{"@type":"ImageObject","inLanguage":"de-AT","@id":"https:\/\/www.leeb-balkone.com\/at\/vertriebspartner-oesterreich\/#primaryimage","url":"https:\/\/www.leeb-balkone.com\/app\/uploads\/2020\/07\/anbaubalkon-mit-stuetzen-50-1024x683.jpg","contentUrl":"https:\/\/www.leeb-balkone.com\/app\/uploads\/2020\/07\/anbaubalkon-mit-stuetzen-50-1024x683.jpg"},{"@type":"BreadcrumbList","@id":"https:\/\/www.leeb-balkone.com\/at\/vertriebspartner-oesterreich\/#breadcrumb","itemListElement":[{"@type":"ListItem","position":1,"name":"Home","item":"https:\/\/www.leeb-balkone.com\/at\/"},{"@type":"ListItem","position":2,"name":"Vertriebspartner \u00d6sterreich"}]},{"@type":"WebSite","@id":"https:\/\/www.leeb-balkone.com\/at\/#website","url":"https:\/\/www.leeb-balkone.com\/at\/","name":"Leeb Balkone","description":"Balkone und Z\u00e4une","publisher":{"@id":"https:\/\/www.leeb-balkone.com\/at\/#organization"},"potentialAction":[{"@type":"SearchAction","target":{"@type":"EntryPoint","urlTemplate":"https:\/\/www.leeb-balkone.com\/at\/?s={search_term_string}"},"query-input":{"@type":"PropertyValueSpecification","valueRequired":true,"valueName":"search_term_string"}}],"inLanguage":"de-AT"},{"@type":"Organization","@id":"https:\/\/www.leeb-balkone.com\/at\/#organization","name":"Leeb Balkone Gmbh","url":"https:\/\/www.leeb-balkone.com\/at\/","logo":{"@type":"ImageObject","inLanguage":"de-AT","@id":"https:\/\/www.leeb-balkone.com\/at\/#\/schema\/logo\/image\/","url":"https:\/\/www.leeb-balkone.com\/app\/uploads\/2020\/11\/leeb-logo.svg","contentUrl":"https:\/\/www.leeb-balkone.com\/app\/uploads\/2020\/11\/leeb-logo.svg","width":741,"height":204,"caption":"Leeb Balkone Gmbh"},"image":{"@id":"https:\/\/www.leeb-balkone.com\/at\/#\/schema\/logo\/image\/"},"sameAs":["https:\/\/www.facebook.com\/balkone\/","https:\/\/www.trustedshops.at\/bewertung\/info_X4587CCF5833E31AFE0B11F47D86999F2.html","https:\/\/www.trustedshops.de\/bewertung\/info_X7BA536A7A0BDC86D36C4718E4DCAEEEF.html","https:\/\/www.google.com\/maps\/place\/?q=place_id:ChIJ5-zH19-IcEcR9HonWRTllHI"]}]}},"_links":{"self":[{"href":"https:\/\/www.leeb-balkone.com\/at\/wp-json\/wp\/v2\/pages\/168093","targetHints":{"allow":["GET"]}}],"collection":[{"href":"https:\/\/www.leeb-balkone.com\/at\/wp-json\/wp\/v2\/pages"}],"about":[{"href":"https:\/\/www.leeb-balkone.com\/at\/wp-json\/wp\/v2\/types\/page"}],"author":[{"embeddable":true,"href":"https:\/\/www.leeb-balkone.com\/at\/wp-json\/wp\/v2\/users\/4"}],"replies":[{"embeddable":true,"href":"https:\/\/www.leeb-balkone.com\/at\/wp-json\/wp\/v2\/comments?post=168093"}],"version-history":[{"count":7,"href":"https:\/\/www.leeb-balkone.com\/at\/wp-json\/wp\/v2\/pages\/168093\/revisions"}],"predecessor-version":[{"id":168108,"href":"https:\/\/www.leeb-balkone.com\/at\/wp-json\/wp\/v2\/pages\/168093\/revisions\/168108"}],"wp:attachment":[{"href":"https:\/\/www.leeb-balkone.com\/at\/wp-json\/wp\/v2\/media?parent=168093"}],"wp:term":[{"taxonomy":"folder","embeddable":true,"href":"https:\/\/www.leeb-balkone.com\/at\/wp-json\/wp\/v2\/folder?post=168093"}],"curies":[{"name":"wp","href":"https:\/\/api.w.org\/{rel}","templated":true}]}}