{"id":154612,"date":"2025-09-12T19:53:07","date_gmt":"2025-09-12T19:53:07","guid":{"rendered":"https:\/\/www.leeb-balkone.com\/de\/produkte\/sichtschutz\/"},"modified":"2026-04-15T14:51:14","modified_gmt":"2026-04-15T14:51:14","slug":"sichtschutz","status":"publish","type":"page","link":"https:\/\/www.leeb-balkone.com\/at\/zaeune\/sichtschutz\/","title":{"rendered":"Sichtschutz"},"content":{"rendered":"\n<section class=\"wp-block-group alignfull t3-header t3-header-splitscreen t3-splitscreen-shadow h-zi-20 has-light-gray-background-color has-background has-global-padding is-layout-constrained wp-container-core-group-is-layout-f1ad4950 wp-block-group-is-layout-constrained\" style=\"padding-top:0;padding-bottom:0\">\n<div class=\"wp-block-columns h-flx-a-s m-split is-layout-flex wp-container-core-columns-is-layout-28f84493 wp-block-columns-is-layout-flex\">\n<div class=\"wp-block-column is-vertically-aligned-top h-flx-a-s m-split-col-content is-layout-flow wp-block-column-is-layout-flow\"><div class=\"yoast-breadcrumbs\"><span><span><a href=\"https:\/\/www.leeb-balkone.com\/at\/\">Home<\/a><\/span> \/ <span><a href=\"https:\/\/www.leeb-balkone.com\/at\/zaeune\/\">Z\u00e4une<\/a><\/span> \/ <span class=\"breadcrumb_last\" aria-current=\"page\">Sichtschutz<\/span><\/span><\/div>\n\n<h1 class=\"wp-block-post-title\">Sichtschutz<\/h1>\n\n\n<p class=\"has-step-0-font-size\" style=\"margin-bottom:0\">Leeb bietet hochwertige L\u00f6sungen f\u00fcr den Sichtschutz rund ums Haus, speziell mit Alu Sichtschutzz\u00e4unen und modularen Trennw\u00e4nden. Die Produkte sind auf Langlebigkeit, Designvielfalt und individuelle Anpassbarkeit ausgelegt.<\/p>\n\n\n\n<div class=\"wp-block-buttons is-layout-flex wp-block-buttons-is-layout-flex\" style=\"margin-top:var(--wp--preset--spacing--l)\">\n<div class=\"wp-block-button is-style-cta icon-book icon-left\"><a class=\"wp-block-button__link wp-element-button\" href=\"https:\/\/www.leeb-balkone.com\/at\/kontakt\/katalog-anfordern\/\">Katalog anfordern<\/a><\/div>\n\n\n\n<div class=\"wp-block-button is-style-cta icon-vp icon-left\"><a class=\"wp-block-button__link wp-element-button\" href=\"https:\/\/www.leeb-balkone.com\/at\/vertriebspartner\/\">Ansprechpartner finden<span class=\"sr-only\"> \u00d6sterreich<\/span><\/a><\/div>\n<\/div>\n<\/div>\n\n\n\n<div class=\"wp-block-column is-vertically-aligned-stretch h-hide-md-down is-style-image-cover is-layout-flow wp-block-column-is-layout-flow\">\n<figure class=\"wp-block-image size-large\"><img loading=\"lazy\" decoding=\"async\" width=\"1024\" height=\"678\" src=\"https:\/\/www.leeb-balkone.com\/app\/uploads\/2020\/07\/alu-sichtschutzzaun-1-1024x678.jpeg\" alt=\"alu sichtschutzzaun\" class=\"wp-image-4792\" srcset=\"https:\/\/www.leeb-balkone.com\/app\/uploads\/2020\/07\/alu-sichtschutzzaun-1-1024x678.jpeg 1024w, https:\/\/www.leeb-balkone.com\/app\/uploads\/2020\/07\/alu-sichtschutzzaun-1-300x199.jpeg 300w, https:\/\/www.leeb-balkone.com\/app\/uploads\/2020\/07\/alu-sichtschutzzaun-1-768x509.jpeg 768w, https:\/\/www.leeb-balkone.com\/app\/uploads\/2020\/07\/alu-sichtschutzzaun-1-1536x1018.jpeg 1536w, https:\/\/www.leeb-balkone.com\/app\/uploads\/2020\/07\/alu-sichtschutzzaun-1-2048x1357.jpeg 2048w\" sizes=\"auto, (max-width: 1024px) 100vw, 1024px\" \/><\/figure>\n<\/div>\n<\/div>\n<\/section>\n\n\n\n<section class=\"wp-block-group alignfull has-white-background-color has-background has-global-padding is-layout-constrained wp-container-core-group-is-layout-52f96efc wp-block-group-is-layout-constrained\" id=\"modelle\">\n<div class=\"wp-block-group m-teaser o-grid u-md-1 is-layout-flow wp-block-group-is-layout-flow\">\n<div class=\"wp-block-group u-g-9 u-g-s-2 is-layout-flow wp-block-group-is-layout-flow\" style=\"margin-bottom:var(--wp--preset--spacing--s)\">\n<p class=\"has-text-align-left\"><strong><strong><strong><strong><em>Leeb Sichtschutzl\u00f6sungen: Pr\u00e4zise gefertigt, robust konstruiert \u2013 f\u00fcr zuverl\u00e4ssigen Schutz und maximale Privatsph\u00e4re rund ums Haus.<\/em><\/strong><\/strong><\/strong><\/strong><\/p>\n<\/div>\n<\/div>\n\n\n\n<div class=\"wp-block-columns is-layout-flex wp-container-core-columns-is-layout-28f84493 wp-block-columns-is-layout-flex\">\n<div class=\"wp-block-column is-layout-flow wp-block-column-is-layout-flow\" style=\"flex-basis:66.66%\"><div class=\"tgs-gallery\" data-tablet-slides=\"4\" data-desktop-slides=\"5\"><div class=\"t3-tgs swiper mainSlider\">\n                <div class=\"has-icon icon-enlarge\"><\/div>\n                <div class=\"swiper-wrapper lg-swiper\"><div class=\"swiper-slide\"><a href=\"https:\/\/www.leeb-balkone.com\/app\/uploads\/2020\/07\/alu-sichtschutzzaun-24-scaled.jpg\"><img decoding=\"async\" src=\"https:\/\/www.leeb-balkone.com\/app\/uploads\/2020\/07\/alu-sichtschutzzaun-24-scaled.jpg\" alt=\"alu sichtschutzzaun\"><\/a><div class=\"tgs-desc\">Sichtschutzzaun aus Glas<\/div><\/div><div class=\"swiper-slide\"><a href=\"https:\/\/www.leeb-balkone.com\/app\/uploads\/2020\/07\/vorstellbalkon-mit-stuetzen-133-scaled.jpg\"><img decoding=\"async\" src=\"https:\/\/www.leeb-balkone.com\/app\/uploads\/2020\/07\/vorstellbalkon-mit-stuetzen-133-scaled.jpg\" alt=\"vorstellbalkon mit stuetzen\"><\/a><div class=\"tgs-desc\">Blickdichte Trennwand bei einem Anbaubalkon<\/div><\/div><div class=\"swiper-slide\"><a href=\"https:\/\/www.leeb-balkone.com\/app\/uploads\/2020\/07\/trennwand-bali-02-scaled.jpg\"><img decoding=\"async\" src=\"https:\/\/www.leeb-balkone.com\/app\/uploads\/2020\/07\/trennwand-bali-02-scaled.jpg\" alt=\"trennwand bali\"><\/a><div class=\"tgs-desc\">Balkontrennwand<\/div><\/div><\/div><div class=\"mainSliderPrev\"><\/div><div class=\"mainSliderNext\"><\/div><div class=\"main_slider_dots\"><\/div><\/div><div class=\"swiper thumbSlider\"><div class=\"swiper-wrapper wp-block-t3-carousel-wrapper\"><div class=\"swiper-slide\"><img decoding=\"async\" src=\"https:\/\/www.leeb-balkone.com\/app\/uploads\/2020\/07\/alu-sichtschutzzaun-24-1024x471.jpg\" alt=\"alu sichtschutzzaun\" \/><\/div><div class=\"swiper-slide\"><img decoding=\"async\" src=\"https:\/\/www.leeb-balkone.com\/app\/uploads\/2020\/07\/vorstellbalkon-mit-stuetzen-133-1024x806.jpg\" alt=\"vorstellbalkon mit stuetzen\" \/><\/div><div class=\"swiper-slide\"><img decoding=\"async\" src=\"https:\/\/www.leeb-balkone.com\/app\/uploads\/2020\/07\/trennwand-bali-02-1024x684.jpg\" alt=\"trennwand bali\" \/><\/div><\/div><div class=\"thumbSliderPrev swiper-button-prev\"><\/div><div class=\"thumbSliderNext swiper-button-next\"><\/div><\/div><\/div><\/div>\n\n\n\n<div class=\"wp-block-column is-layout-flow wp-block-column-is-layout-flow\" style=\"flex-basis:33.33%\">\n<h2 class=\"wp-block-heading has-step-2-font-size\">Sichtschutzzaun und Trennwand<\/h2>\n\n\n\n<p>Mit unseren Sichtschutzl\u00f6sungen schaffen Sie Privatsph\u00e4re und \u00c4sthetik in perfekter Harmonie \u2013 moderne Aluminiumprofile mit vielf\u00e4ltigen F\u00fcllungsvarianten, unter anderem Glas, f\u00fcr langlebige, pflegeleichte und individuelle Sichtschutzz\u00e4une, Sichtschutzelemente bzw. Trennw\u00e4nde Haus, Balkon und Garten.<\/p>\n\n\n\n<ul class=\"wp-block-list is-style-checkmark-2\">\n<li>Extrem witterungsbest\u00e4ndig und nahezu wartungsfrei<\/li>\n\n\n\n<li>Individuelle Ma\u00dfanfertigung, Sichtschutzzaun und Trennwand<\/li>\n\n\n\n<li>Hochwertige Komponenten f\u00fcr lange Lebensdauer<\/li>\n<\/ul>\n<\/div>\n<\/div>\n\n\n\n<div class=\"wp-block-group m-teaser o-grid u-md-1 is-layout-flow wp-block-group-is-layout-flow\" style=\"margin-top:0;padding-top:var(--wp--preset--spacing--xl-2-xl)\">\n<div class=\"wp-block-group u-g-10 u-g-s-2 is-layout-flow wp-block-group-is-layout-flow\" style=\"margin-top:0;margin-bottom:var(--wp--preset--spacing--s)\"><div class=\"wp-block-t3-tabs t3-tabs t3-tabs--centered\" data-uniqueid=\"tabs-8f57f258\" data-use-headings=\"false\" data-heading-level=\"h2\"><ul class=\"t3-tabs__list\" role=\"tablist\"><li role=\"presentation\"><button role=\"tab\" id=\"tabs-8f57f258-tab-0\" aria-controls=\"tabs-8f57f258-panel-0\" class=\"t3-tabs__tab-button t3-tabs__tab-button--active\" aria-selected=\"true\" tabindex=\"0\"><div class=\"t3-tabs__tab-button-inner\"><span class=\"t3-tabs__tab-title\">Sichtschutzzaun<\/span><\/div><\/button><\/li><li role=\"presentation\"><button role=\"tab\" id=\"tabs-8f57f258-tab-1\" aria-controls=\"tabs-8f57f258-panel-1\" class=\"t3-tabs__tab-button\" aria-selected=\"false\" tabindex=\"-1\"><div class=\"t3-tabs__tab-button-inner\"><span class=\"t3-tabs__tab-title\">Trennwand \/ Sichtschutzelement<\/span><\/div><\/button><\/li><li role=\"presentation\"><button role=\"tab\" id=\"tabs-8f57f258-tab-2\" aria-controls=\"tabs-8f57f258-panel-2\" class=\"t3-tabs__tab-button\" aria-selected=\"false\" tabindex=\"-1\"><div class=\"t3-tabs__tab-button-inner\"><span class=\"t3-tabs__tab-title\">Besondere Merkmale<\/span><\/div><\/button><\/li><\/ul><div class=\"t3-tabs__panels\"><div class=\"t3-tab__content t3-tabs__panel\" role=\"tabpanel\" id=\"tabs-8f57f258-panel-0\" aria-labelledby=\"tabs-8f57f258-tab-0\">\n<p>Leeb Sichtschutzz\u00e4une bieten Ihnen eine optimale Kombination aus Privatsph\u00e4re, Sicherheit und ansprechendem Design. Gefertigt aus hochwertigen Aluminiumprofilen zeichnen sich die Zaunsysteme durch Langlebigkeit, Witterungsbest\u00e4ndigkeit und minimalen Pflegeaufwand aus. Dank vielf\u00e4ltiger Modelle und individueller Anpassungsm\u00f6glichkeiten f\u00fcgt sich der Sichtschutzzaun harmonisch in jede Gartengestaltung ein.<\/p>\n\n\n\n<ul class=\"wp-block-list\">\n<li>Ma\u00dfgeschneiderte H\u00f6hen- und L\u00e4ngenoptionen<\/li>\n\n\n\n<li>Hochwertiges, korrosionsfreies Aluminium<\/li>\n\n\n\n<li>Verschiedene Designs von blickdicht bis teilweise transparent<\/li>\n\n\n\n<li>Kombinierbar mit Glaselementen f\u00fcr moderne Akzente<\/li>\n\n\n\n<li>Vorfertigung im Werk, schnelle Montage dank innovativer Stecktechnik<\/li>\n\n\n\n<li>Pflegeleicht und wartungsfrei<\/li>\n\n\n\n<li>Hohe Stabilit\u00e4t und Windlastbest\u00e4ndigkeit<\/li>\n\n\n\n<li>Geeignet f\u00fcr private G\u00e4rten, Terrassen und Grundst\u00fccksgrenzen<\/li>\n<\/ul>\n<\/div><div class=\"t3-tab__content t3-tabs__panel\" role=\"tabpanel\" id=\"tabs-8f57f258-panel-1\" aria-labelledby=\"tabs-8f57f258-tab-1\">\n<p>Die Leeb Trennw\u00e4nde sind flexible Sichtschutzelemente, die ideal f\u00fcr kleinere Bereiche, Balkone, Terrassen oder zur erg\u00e4nzenden Abgrenzung innerhalb des Gartens geeignet sind. Sie lassen sich einfach integrieren und individuell gestalten und sorgen so f\u00fcr mehr Privatsph\u00e4re, ohne den Raum optisch zu erdr\u00fccken.<\/p>\n\n\n\n<ul class=\"wp-block-list\">\n<li>Das variable System bietet individuelle H\u00f6hen-, Breiten- und Gestaltungsvarianten<\/li>\n\n\n\n<li>Perfekt f\u00fcr Balkone und kleine Freifl\u00e4chen<\/li>\n\n\n\n<li>Verschiedene F\u00fcllungen aus Aluminium und optional Glas<\/li>\n\n\n\n<li>Einfache Befestigungssysteme f\u00fcr schnelle Montage<\/li>\n\n\n\n<li>Harmoniert mit Leeb Sichtschutzz\u00e4unen und Zaunsystemen<\/li>\n\n\n\n<li>Pflegeleicht und wetterbest\u00e4ndig<\/li>\n\n\n\n<li>Individuelle Farb- und Designauswahl<\/li>\n\n\n\n<li>Optimal zur Schaffung privater R\u00fcckzugsbereiche<\/li>\n<\/ul>\n<\/div><div class=\"t3-tab__content t3-tabs__panel\" role=\"tabpanel\" id=\"tabs-8f57f258-panel-2\" aria-labelledby=\"tabs-8f57f258-tab-2\">\n<p>Leeb Sichtschutzl\u00f6sungen \u00fcberzeugen durch innovative Technik, hochwertige Materialien und modernes Design. Sie bieten vielf\u00e4ltige Vorteile, die sie zu einer langlebigen und zuverl\u00e4ssigen Investition in Ihre Privatsph\u00e4re machen.<\/p>\n\n\n\n<ul class=\"wp-block-list\">\n<li>Hochwertige Aluminiumprofile mit Pulverbeschichtung f\u00fcr optimalen Korrosionsschutz<\/li>\n\n\n\n<li>Kombination aus Aluminium und satiniertem oder klarem Glas f\u00fcr \u00e4sthetische Vielfalt<\/li>\n\n\n\n<li>Ma\u00dfgenaue Fertigung f\u00fcr perfekte Passform und einfache Montage<\/li>\n\n\n\n<li>Wartungsfreiheit: Kein Streichen, kein Korrodieren<\/li>\n\n\n\n<li>H\u00f6chste Stabilit\u00e4t auch bei starken Windverh\u00e4ltnissen<\/li>\n\n\n\n<li>Gro\u00dfe Modell- und Farbauswahl (RAL- und Sonderfarben sowie Holzoptik) <\/li>\n\n\n\n<li>Nachhaltige Produktion und Qualit\u00e4tskontrolle in \u00d6sterreich<\/li>\n\n\n\n<li>Innovatives Steck- und Verbindungssystem f\u00fcr Flexibilit\u00e4t und Stabilit\u00e4t<\/li>\n<\/ul>\n<\/div><\/div><\/div><\/div>\n<\/div>\n<\/section>\n\n\n\n<section class=\"wp-block-cover alignfull is-light katalog-cta\" style=\"margin-top:0;margin-bottom:0;padding-top:0;padding-right:0;padding-bottom:0;padding-left:0;min-height:100px;aspect-ratio:unset;\" id=\"preisanfrage\"><img loading=\"lazy\" decoding=\"async\" width=\"2560\" height=\"1707\" class=\"wp-block-cover__image-background wp-image-152954 size-full\" alt=\"Schauraum Leeb Tettnang Florian Keller\" src=\"https:\/\/www.leeb-balkone.com\/app\/uploads\/2025\/04\/Schauraum-Leeb-Tettnang-Florian-Keller-17-scaled.jpg\" style=\"object-position:54% 45%\" data-object-fit=\"cover\" data-object-position=\"54% 45%\" srcset=\"https:\/\/www.leeb-balkone.com\/app\/uploads\/2025\/04\/Schauraum-Leeb-Tettnang-Florian-Keller-17-scaled.jpg 2560w, https:\/\/www.leeb-balkone.com\/app\/uploads\/2025\/04\/Schauraum-Leeb-Tettnang-Florian-Keller-17-300x200.jpg 300w, https:\/\/www.leeb-balkone.com\/app\/uploads\/2025\/04\/Schauraum-Leeb-Tettnang-Florian-Keller-17-1024x683.jpg 1024w, https:\/\/www.leeb-balkone.com\/app\/uploads\/2025\/04\/Schauraum-Leeb-Tettnang-Florian-Keller-17-768x512.jpg 768w, https:\/\/www.leeb-balkone.com\/app\/uploads\/2025\/04\/Schauraum-Leeb-Tettnang-Florian-Keller-17-1536x1024.jpg 1536w, https:\/\/www.leeb-balkone.com\/app\/uploads\/2025\/04\/Schauraum-Leeb-Tettnang-Florian-Keller-17-2048x1366.jpg 2048w\" sizes=\"auto, (max-width: 2560px) 100vw, 2560px\" \/><span aria-hidden=\"true\" class=\"wp-block-cover__background has-primary-45-background-color has-background-dim-80 has-background-dim\"><\/span><div class=\"wp-block-cover__inner-container has-global-padding is-layout-constrained wp-container-core-cover-is-layout-f028c7bd wp-block-cover-is-layout-constrained\">\n<div class=\"wp-block-group is-layout-flow wp-block-group-is-layout-flow\" style=\"min-height:0px;margin-top:0;margin-bottom:0;padding-top:var(--wp--preset--spacing--2-xl);padding-bottom:var(--wp--preset--spacing--2-xl);padding-left:0\">\n<div class=\"wp-block-columns are-vertically-aligned-center is-layout-flex wp-container-core-columns-is-layout-0a4bbf16 wp-block-columns-is-layout-flex\" style=\"margin-top:0;margin-bottom:0\">\n<div class=\"wp-block-column is-vertically-aligned-center is-layout-flow wp-block-column-is-layout-flow\" style=\"flex-basis:66.66%\">\n<h2 class=\"wp-block-heading\">Preisanfrage senden<\/h2>\n\n\n\n<p class=\"is-style-teaser\">Um Ihnen ein ma\u00dfgeschneidertes Angebot f\u00fcr Ihre Zaunvariante unterbreiten zu k\u00f6nnen, ben\u00f6tigen wir noch einige erg\u00e4nzende Informationen zu Ihrem Vorhaben. Im Anschluss wird sich Ihr pers\u00f6nlicher Ansprechpartner mit Ihnen in Verbindung setzen.<\/p>\n<\/div>\n\n\n\n<div class=\"wp-block-column is-vertically-aligned-center is-layout-flow wp-block-column-is-layout-flow\" style=\"flex-basis:33.33%\">\n<div class=\"wp-block-group is-content-justification-right is-nowrap is-layout-flex wp-container-core-group-is-layout-17124a9a wp-block-group-is-layout-flex\"><div class=\"t3-preis-modal-button-block wp-block-button is-style-filled-white large\"><a href=\"#t3-preis-modal-b01014417b\" class=\"t3-preis-modal-open-btn wp-block-button__link\" data-modal-id=\"t3-preis-modal-b01014417b\" role=\"button\" aria-controls=\"t3-preis-modal-b01014417b\" aria-expanded=\"false\">Preisanfrage <span class=\"sr-only\"> Preisanfrage Leeb Balkone \u00d6sterreich<\/span><\/a><\/div><\/div>\n<\/div>\n<\/div>\n<\/div>\n<\/div><\/section>\n\n\n\n<section class=\"wp-block-group alignfull has-light-gray-background-color has-background has-global-padding is-layout-constrained wp-container-core-group-is-layout-52f96efc wp-block-group-is-layout-constrained\" id=\"service-qualitaet\">\n<div class=\"wp-block-group o-grid u-md-1 is-layout-flow wp-block-group-is-layout-flow\">\n<div class=\"wp-block-group u-g-9 u-g-s-2 is-layout-flow wp-block-group-is-layout-flow\" style=\"margin-bottom:var(--wp--preset--spacing--s)\">\n<h2 class=\"wp-block-heading\"><strong>Leeb Sichtschutz<\/strong><\/h2>\n\n\n\n<p><span class=\"teaser\">Die meisten Zaunmodelle von Leeb sind in entsprechender H\u00f6he verf\u00fcgbar und &#8211; unabh\u00e4ngig von der H\u00f6he &#8211; viele von vornherein als Sichtschutzzaun konzipiert. Die Trennw\u00e4nde basiere auf einem variablen System, das individuelle H\u00f6hen-, Breiten- und Gestaltungsvarianten bietet.<\/span><\/p>\n<\/div>\n<\/div>\n\n\n\n<div class=\"wp-block-group small is-style-white-cards sm-2-cols is-layout-grid wp-container-core-group-is-layout-7785d981 wp-block-group-is-layout-grid\">\n<div class=\"wp-block-group m-card is-layout-flow wp-container-core-group-is-layout-8a368f38 wp-block-group-is-layout-flow\">\n<figure class=\"wp-block-image size-large is-style-default\"><img loading=\"lazy\" decoding=\"async\" width=\"1024\" height=\"614\" src=\"https:\/\/www.leeb-balkone.com\/app\/uploads\/2022\/05\/Glashalle-Leeb-1024x614.jpg\" alt=\"Glashalle Leeb\" class=\"wp-image-83632\" srcset=\"https:\/\/www.leeb-balkone.com\/app\/uploads\/2022\/05\/Glashalle-Leeb-1024x614.jpg 1024w, https:\/\/www.leeb-balkone.com\/app\/uploads\/2022\/05\/Glashalle-Leeb-300x180.jpg 300w, https:\/\/www.leeb-balkone.com\/app\/uploads\/2022\/05\/Glashalle-Leeb-768x461.jpg 768w, https:\/\/www.leeb-balkone.com\/app\/uploads\/2022\/05\/Glashalle-Leeb-1536x922.jpg 1536w, https:\/\/www.leeb-balkone.com\/app\/uploads\/2022\/05\/Glashalle-Leeb-scaled.jpg 2048w\" sizes=\"auto, (max-width: 1024px) 100vw, 1024px\" \/><\/figure>\n\n\n\n<div class=\"wp-block-group m-card-content has-white-background-color has-background is-vertical is-layout-flex wp-container-core-group-is-layout-5580f018 wp-block-group-is-layout-flex\">\n<h3 class=\"wp-block-heading\">Balkon und Zaun von Europas Nr. 1<\/h3>\n\n\n\n<p>Mehr als 150.000 zufriedene Kunden vertrauen auf Europas f\u00fchrenden Hersteller.<\/p>\n<\/div>\n<\/div>\n\n\n\n<div class=\"wp-block-group m-card is-layout-flow wp-container-core-group-is-layout-8a368f38 wp-block-group-is-layout-flow\">\n<figure class=\"wp-block-image size-large is-style-default\"><img loading=\"lazy\" decoding=\"async\" width=\"1024\" height=\"767\" src=\"https:\/\/www.leeb-balkone.com\/app\/uploads\/2020\/08\/leeb-balkone-mitarbeiter-4-1024x767.jpeg\" alt=\"Montieren eines Leeb Alu-Balkongel\u00e4nders nach Ma\u00df\" class=\"wp-image-6083\" srcset=\"https:\/\/www.leeb-balkone.com\/app\/uploads\/2020\/08\/leeb-balkone-mitarbeiter-4-1024x767.jpeg 1024w, https:\/\/www.leeb-balkone.com\/app\/uploads\/2020\/08\/leeb-balkone-mitarbeiter-4-2048x1535.jpeg 2048w, https:\/\/www.leeb-balkone.com\/app\/uploads\/2020\/08\/leeb-balkone-mitarbeiter-4-300x225.jpeg 300w, https:\/\/www.leeb-balkone.com\/app\/uploads\/2020\/08\/leeb-balkone-mitarbeiter-4-768x575.jpeg 768w, https:\/\/www.leeb-balkone.com\/app\/uploads\/2020\/08\/leeb-balkone-mitarbeiter-4-1536x1151.jpeg 1536w\" sizes=\"auto, (max-width: 1024px) 100vw, 1024px\" \/><\/figure>\n\n\n\n<div class=\"wp-block-group m-card-content has-white-background-color has-background is-vertical is-layout-flex wp-container-core-group-is-layout-5580f018 wp-block-group-is-layout-flex\">\n<h3 class=\"wp-block-heading\">Rundum Service f\u00fcr sorglose Umsetzung<\/h3>\n\n\n\n<p>Beratungsservice vor Ort, 3D-Konfigurator, Werksfertigung, Lieferung und Montage.<\/p>\n<\/div>\n<\/div>\n\n\n\n<div class=\"wp-block-group m-card is-layout-flow wp-container-core-group-is-layout-8a368f38 wp-block-group-is-layout-flow\">\n<figure class=\"wp-block-image size-full\"><img loading=\"lazy\" decoding=\"async\" width=\"2048\" height=\"1366\" src=\"https:\/\/www.leeb-balkone.com\/app\/uploads\/2022\/05\/glas-bearbeitung-zuschnitt--scaled.jpg\" alt=\"glas bearbeitung zuschnitt \" class=\"wp-image-83644\" srcset=\"https:\/\/www.leeb-balkone.com\/app\/uploads\/2022\/05\/glas-bearbeitung-zuschnitt--scaled.jpg 2048w, https:\/\/www.leeb-balkone.com\/app\/uploads\/2022\/05\/glas-bearbeitung-zuschnitt--300x200.jpg 300w, https:\/\/www.leeb-balkone.com\/app\/uploads\/2022\/05\/glas-bearbeitung-zuschnitt--1024x683.jpg 1024w, https:\/\/www.leeb-balkone.com\/app\/uploads\/2022\/05\/glas-bearbeitung-zuschnitt--768x512.jpg 768w, https:\/\/www.leeb-balkone.com\/app\/uploads\/2022\/05\/glas-bearbeitung-zuschnitt--1536x1024.jpg 1536w\" sizes=\"auto, (max-width: 2048px) 100vw, 2048px\" \/><\/figure>\n\n\n\n<div class=\"wp-block-group m-card-content has-white-background-color has-background is-vertical is-layout-flex wp-container-core-group-is-layout-5580f018 wp-block-group-is-layout-flex\">\n<h3 class=\"wp-block-heading\"><strong>Verbundsicherheitsglas in Premium Qualit\u00e4t<\/strong><\/h3>\n\n\n\n<p>Gepr\u00fcfte Sicherheit, innovative Designs und langlebige Qualit\u00e4t nach Ma\u00df mit Leeb Glas.<\/p>\n<\/div>\n<\/div>\n\n\n\n<div class=\"wp-block-group m-card is-layout-flow wp-container-core-group-is-layout-8a368f38 wp-block-group-is-layout-flow\">\n<figure class=\"wp-block-image size-large\"><img loading=\"lazy\" decoding=\"async\" width=\"1024\" height=\"665\" src=\"https:\/\/www.leeb-balkone.com\/app\/uploads\/2020\/08\/alu-comfort-plus-1024x665.jpg\" alt=\"alu comfort plus\" class=\"wp-image-5082\" srcset=\"https:\/\/www.leeb-balkone.com\/app\/uploads\/2020\/08\/alu-comfort-plus-1024x665.jpg 1024w, https:\/\/www.leeb-balkone.com\/app\/uploads\/2020\/08\/alu-comfort-plus-300x195.jpg 300w, https:\/\/www.leeb-balkone.com\/app\/uploads\/2020\/08\/alu-comfort-plus-768x499.jpg 768w, https:\/\/www.leeb-balkone.com\/app\/uploads\/2020\/08\/alu-comfort-plus-1536x997.jpg 1536w, https:\/\/www.leeb-balkone.com\/app\/uploads\/2020\/08\/alu-comfort-plus-2048x1330.jpg 2048w\" sizes=\"auto, (max-width: 1024px) 100vw, 1024px\" \/><\/figure>\n\n\n\n<div class=\"wp-block-group m-card-content has-white-background-color has-background is-vertical is-layout-flex wp-container-core-group-is-layout-5580f018 wp-block-group-is-layout-flex\">\n<h3 class=\"wp-block-heading\">Langzeitschutz durch ALU Comfort Plus\u00ae<\/h3>\n\n\n\n<p>Patentierte Beschichtung und Verarbeitung von Aluminium auf h\u00f6chstem Niveau.<\/p>\n<\/div>\n<\/div>\n<\/div>\n\n\n\n<div class=\"wp-block-group o-grid u-md-1 is-layout-flow wp-block-group-is-layout-flow\" style=\"padding-top:var(--wp--preset--spacing--l)\">\n<div class=\"wp-block-group u-g-9 u-g-s-2 is-layout-flow wp-block-group-is-layout-flow\" style=\"margin-bottom:var(--wp--preset--spacing--s)\">\n<h3 class=\"wp-block-heading\">Vorteile im \u00dcberblick<\/h3>\n\n\n\n<p>F\u00fcr Leeb Sichtschutzl\u00f6sungen sprechen die gewohnten Qualit\u00e4tseigenschaften des Marktf\u00fchrers sowie durchdachte Extras.<\/p>\n\n\n\n<ul class=\"wp-block-list is-style-checkmark-2\">\n<li><strong>Langlebigkeit und Witterungsbest\u00e4ndigkeit<\/strong>&nbsp;dank hochwertiger Aluminiumlegierungen und patentierter ALU COMFORT\u00ae-Pulverbeschichtung.<\/li>\n\n\n\n<li><strong>Pflegeleicht &amp; nahezu wartungsfrei<\/strong>: Kein Streichen oder spezieller Schutzanstrich erforderlich, kratzfeste und wasserabweisende Oberfl\u00e4chen.<\/li>\n\n\n\n<li><strong>Individuelle Designvielfalt:<\/strong>&nbsp;Gro\u00dfe Auswahl an Modellen, Farben und Ausf\u00fchrungen \u2013 von klassisch-elegant bis modern, der Alu Sichtschutz ist auch Holzoptik m\u00f6glich.<\/li>\n\n\n\n<li><strong>Zertifizierte Qualit\u00e4t &amp; Service:<\/strong>&nbsp;Eigene Fertigung, strenge Qualit\u00e4tskontrollen, jahrzehntelange Erfahrung und Rundum-Service von Beratung bis Montage.<\/li>\n\n\n\n<li><strong>Europ\u00e4ischer Marktf\u00fchrer:<\/strong>&nbsp;\u00dcber 200.000 zufriedene Kunden, gro\u00dfe Modellvielfalt und l\u00fcckenloses Partnernetz f\u00fcr Beratung, Service und Nachbetreuung.<\/li>\n<\/ul>\n<\/div>\n<\/div>\n<\/section>\n\n\n\n<section class=\"wp-block-cover alignfull is-light katalog-cta\" style=\"margin-top:0;margin-bottom:0;padding-top:0;padding-right:0;padding-bottom:0;padding-left:0;min-height:100px;aspect-ratio:unset;\"><img loading=\"lazy\" decoding=\"async\" width=\"1920\" height=\"599\" class=\"wp-block-cover__image-background wp-image-7912 size-full\" alt=\"leeb balkone katalog anfordern\" src=\"https:\/\/www.leeb-balkone.com\/app\/uploads\/2020\/09\/leeb-balkone-katalog-anfordern-1.jpeg\" data-object-fit=\"cover\" srcset=\"https:\/\/www.leeb-balkone.com\/app\/uploads\/2020\/09\/leeb-balkone-katalog-anfordern-1-300x94.jpeg 300w, https:\/\/www.leeb-balkone.com\/app\/uploads\/2020\/09\/leeb-balkone-katalog-anfordern-1-1024x319.jpeg 1024w, https:\/\/www.leeb-balkone.com\/app\/uploads\/2020\/09\/leeb-balkone-katalog-anfordern-1-768x240.jpeg 768w, https:\/\/www.leeb-balkone.com\/app\/uploads\/2020\/09\/leeb-balkone-katalog-anfordern-1-1536x479.jpeg 1536w\" sizes=\"auto, (max-width: 1920px) 100vw, 1920px\" \/><span aria-hidden=\"true\" class=\"wp-block-cover__background has-primary-45-background-color has-background-dim-80 has-background-dim\"><\/span><div class=\"wp-block-cover__inner-container has-global-padding is-layout-constrained wp-container-core-cover-is-layout-fc5783d2 wp-block-cover-is-layout-constrained\">\n<div class=\"wp-block-group is-layout-flow wp-block-group-is-layout-flow\" style=\"min-height:0px;margin-top:0;margin-bottom:0;padding-top:var(--wp--preset--spacing--2-xl);padding-bottom:var(--wp--preset--spacing--2-xl);padding-left:0\">\n<div class=\"wp-block-columns are-vertically-aligned-center is-layout-flex wp-container-core-columns-is-layout-0a4bbf16 wp-block-columns-is-layout-flex\" style=\"margin-top:0;margin-bottom:0\">\n<div class=\"wp-block-column is-vertically-aligned-center is-layout-flow wp-block-column-is-layout-flow\" style=\"flex-basis:66.66%\">\n<h2 class=\"wp-block-heading\">Sichtschutz im Katalog<\/h2>\n\n\n\n<p class=\"is-style-teaser\"><span class=\"teaser\">Ihr pers\u00f6nlicher Katalog wartet auf Sie! Jetzt kostenlos bestellen und unser gesamtes <span class=\"teaser\">Zaun und Sichtschutz <\/span>Sortiment entdecken. Finden Sie die L\u00f6sung, die perfekt zu Ihnen passt.<\/span><\/p>\n<\/div>\n\n\n\n<div class=\"wp-block-column is-vertically-aligned-center is-layout-flow wp-block-column-is-layout-flow\" style=\"flex-basis:33.33%\">\n<div class=\"wp-block-buttons u-m-jc-left is-content-justification-right is-layout-flex wp-container-core-buttons-is-layout-c060c6c7 wp-block-buttons-is-layout-flex\">\n<div class=\"wp-block-button is-style-filled-white large\"><a class=\"wp-block-button__link wp-element-button\" href=\"https:\/\/www.leeb-balkone.com\/at\/kontakt\/katalog-anfordern\/\" style=\"box-shadow:var(--wp--preset--shadow--button-shadow)\">Katalog anfordern<\/a><\/div>\n<\/div>\n<\/div>\n<\/div>\n<\/div>\n<\/div><\/section>\n\n\n\n<section class=\"wp-block-group alignfull has-white-background-color has-background has-global-padding is-layout-constrained wp-container-core-group-is-layout-52f96efc wp-block-group-is-layout-constrained\">\n<div class=\"wp-block-group o-grid u-md-1 is-layout-flow wp-block-group-is-layout-flow\" style=\"padding-top:0\">\n<div class=\"wp-block-group u-g-9 u-g-s-2 is-layout-flow wp-block-group-is-layout-flow\" style=\"margin-bottom:var(--wp--preset--spacing--s)\">\n<h2 class=\"wp-block-heading\">Referenzen<\/h2>\n<\/div>\n<\/div>\n\n\n\n<div class=\"wp-block-t3-carousel-wrapper\" id=\"t3-carousel-c36b6a05-88a5-4dac-8d5a-43b9b72045d5\"><div class=\"wp-block-t3-carousel t3-carousel-block swiper\" data-swiper-options=\"{&quot;loop&quot;:false,&quot;preloadImages&quot;:false,&quot;lazy&quot;:{&quot;loadPrevNext&quot;:true},&quot;autoplay&quot;:{&quot;delay&quot;:3000,&quot;disableOnInteraction&quot;:false},&quot;navigation&quot;:{&quot;nextEl&quot;:&quot;#t3-carousel-c36b6a05-88a5-4dac-8d5a-43b9b72045d5 .t3-carousel-c36b6a05-88a5-4dac-8d5a-43b9b72045d5-next&quot;,&quot;prevEl&quot;:&quot;#t3-carousel-c36b6a05-88a5-4dac-8d5a-43b9b72045d5 .t3-carousel-c36b6a05-88a5-4dac-8d5a-43b9b72045d5-prev&quot;},&quot;pagination&quot;:{&quot;el&quot;:&quot;#t3-carousel-c36b6a05-88a5-4dac-8d5a-43b9b72045d5 .t3-carousel-c36b6a05-88a5-4dac-8d5a-43b9b72045d5-pagination&quot;,&quot;clickable&quot;:true},&quot;scrollbar&quot;:false,&quot;breakpoints&quot;:{&quot;0&quot;:{&quot;slidesPerView&quot;:1.15,&quot;spaceBetween&quot;:24},&quot;769&quot;:{&quot;slidesPerView&quot;:1,&quot;spaceBetween&quot;:30}}}\"><div class=\"swiper-wrapper\">\n<div class=\"wp-block-t3-carousel-slide t3-carousel-slide swiper-slide\">\n<div class=\"wp-block-columns testimonial m-split is-layout-flex wp-container-core-columns-is-layout-3331f5f7 wp-block-columns-is-layout-flex\" style=\"padding-bottom:0\">\n<div class=\"wp-block-column is-layout-flow wp-block-column-is-layout-flow\">\n<div class=\"wp-block-group is-layout-flow wp-block-group-is-layout-flow has-background\" style=\"min-height:100%;background-image:url(&#039;https:\/\/www.leeb-balkone.com\/app\/uploads\/2020\/08\/Helmuth-Borer-Grado-21.jpg&#039;);background-size:cover;\"><\/div>\n<\/div>\n\n\n\n<div class=\"wp-block-column is-vertically-aligned-top testimonial-text is-layout-flow wp-block-column-is-layout-flow\">\n<div class=\"wp-block-group has-light-gray-background-color has-background is-vertical is-layout-flex wp-container-core-group-is-layout-044273ab wp-block-group-is-layout-flex\" style=\"padding-top:var(--wp--preset--spacing--xl);padding-right:var(--wp--preset--spacing--xl);padding-bottom:var(--wp--preset--spacing--xl);padding-left:var(--wp--preset--spacing--l)\">\n<p class=\"has-step-1-font-size\"><em>&#8220;Wir bedanken uns bei Herrn Roland Schneider, Vertrieb &amp; Montagen f\u00fcr die professionelle Beratung und perfekte Montage unserer neuen Sichtschutzw\u00e4nde Grado in Solothurn.&#8221;<\/em><\/p>\n\n\n\n<p class=\"has-step-s-font-size\"><strong>Familie Borer<br><\/strong>4500 Solothurn (Schweiz)<\/p>\n<\/div>\n<\/div>\n<\/div>\n<\/div>\n\n\n\n<div class=\"wp-block-t3-carousel-slide t3-carousel-slide swiper-slide\">\n<div class=\"wp-block-columns testimonial m-split is-layout-flex wp-container-core-columns-is-layout-3331f5f7 wp-block-columns-is-layout-flex\" style=\"padding-bottom:0\">\n<div class=\"wp-block-column is-layout-flow wp-block-column-is-layout-flow\">\n<div class=\"wp-block-group is-layout-flow wp-block-group-is-layout-flow has-background\" style=\"min-height:100%;background-image:url(&#039;https:\/\/www.leeb-balkone.com\/app\/uploads\/2021\/07\/kundenreferenz-zaun-sichtschutz.jpg&#039;);background-size:cover;\"><\/div>\n<\/div>\n\n\n\n<div class=\"wp-block-column is-vertically-aligned-top testimonial-text is-layout-flow wp-block-column-is-layout-flow\">\n<div class=\"wp-block-group has-light-gray-background-color has-background is-vertical is-layout-flex wp-container-core-group-is-layout-044273ab wp-block-group-is-layout-flex\" style=\"padding-top:var(--wp--preset--spacing--xl);padding-right:var(--wp--preset--spacing--xl);padding-bottom:var(--wp--preset--spacing--xl);padding-left:var(--wp--preset--spacing--l)\">\n<p class=\"has-step-1-font-size\"><em>&#8220;Wir sind sehr gl\u00fccklich mit unserem Leeb-Sichtschutz Ambito!&#8221;<\/em><\/p>\n\n\n\n<p class=\"has-step-s-font-size\"><strong>Familie Kienzl<br><\/strong>6161 Natters<\/p>\n<\/div>\n<\/div>\n<\/div>\n<\/div>\n<\/div><div class=\"swiper-pagination t3-carousel-c36b6a05-88a5-4dac-8d5a-43b9b72045d5-pagination\"><\/div><\/div><div class=\"swiper-button-prev t3-carousel-c36b6a05-88a5-4dac-8d5a-43b9b72045d5-prev\"><\/div><div class=\"swiper-button-next t3-carousel-c36b6a05-88a5-4dac-8d5a-43b9b72045d5-next\"><\/div><\/div>\n<\/section>\n\n\n\n<section class=\"wp-block-group alignfull has-white-background-color has-background has-global-padding is-layout-constrained wp-container-core-group-is-layout-9fa1424c wp-block-group-is-layout-constrained\" style=\"padding-top:0\">\n<div class=\"wp-block-group o-grid u-md-1 is-layout-flow wp-block-group-is-layout-flow\" style=\"padding-top:0\">\n<div class=\"wp-block-group u-g-9 u-g-s-2 is-layout-flow wp-block-group-is-layout-flow\" style=\"margin-bottom:var(--wp--preset--spacing--s)\">\n<h2 class=\"wp-block-heading\">Warum Leeb Sichtschutz?<\/h2>\n\n\n\n<p class=\"is-style-teaser\"><span class=\"teaser\">F\u00fcr Leeb Sichtschutzl\u00f6sungen sprechen die perfekte Kombination aus moderner, langlebiger Aluminiumtechnik, individueller Gestaltungsfreiheit und zertifizierter Nachhaltigkeit<\/span>.<\/p>\n<\/div>\n<\/div>\n\n\n\n<div class=\"wp-block-group is-layout-flow wp-container-core-group-is-layout-d5075d26 wp-block-group-is-layout-flow\">\n<div class=\"wp-block-columns is-style-shadow m-split is-layout-flex wp-container-core-columns-is-layout-28f84493 wp-block-columns-is-layout-flex\">\n<div class=\"wp-block-column is-style-default is-layout-flow wp-block-column-is-layout-flow\">\n<figure class=\"wp-block-image size-large\"><img loading=\"lazy\" decoding=\"async\" width=\"1024\" height=\"683\" src=\"https:\/\/www.leeb-balkone.com\/app\/uploads\/2020\/07\/alu-sichtschutzzaun-5-1024x683.jpeg\" alt=\"Sichtschutz Alu und Glas - Pool im Garten ungest\u00f6rt genie\u00dfen\" class=\"wp-image-4800\" style=\"aspect-ratio:4\/3;object-fit:cover\" srcset=\"https:\/\/www.leeb-balkone.com\/app\/uploads\/2020\/07\/alu-sichtschutzzaun-5-1024x683.jpeg 1024w, https:\/\/www.leeb-balkone.com\/app\/uploads\/2020\/07\/alu-sichtschutzzaun-5-300x200.jpeg 300w, https:\/\/www.leeb-balkone.com\/app\/uploads\/2020\/07\/alu-sichtschutzzaun-5-768x512.jpeg 768w, https:\/\/www.leeb-balkone.com\/app\/uploads\/2020\/07\/alu-sichtschutzzaun-5-1536x1024.jpeg 1536w, https:\/\/www.leeb-balkone.com\/app\/uploads\/2020\/07\/alu-sichtschutzzaun-5-2048x1366.jpeg 2048w\" sizes=\"auto, (max-width: 1024px) 100vw, 1024px\" \/><\/figure>\n<\/div>\n\n\n\n<div class=\"wp-block-column is-vertically-aligned-center is-style-overlay-content is-layout-flow wp-block-column-is-layout-flow\">\n<div class=\"wp-block-group is-vertical is-layout-flex wp-container-core-group-is-layout-6aed0e10 wp-block-group-is-layout-flex\">\n<h3 class=\"wp-block-heading\">Sichtschutzzaun &#8211; Ruhe und Sicherheit<\/h3>\n\n\n\n<p>Ein Sichtschutzzaun von Leeb schenkt Ihrem Zuhause nicht nur Schutz \u2013 er schafft einen Ort, an dem Sie sich wirklich geborgen und frei f\u00fchlen. Hinter der robusten Eleganz des Zauns entsteht Ihre pers\u00f6nliche Wohlf\u00fchloase im Gr\u00fcnen, abgeschirmt von den Blicken der Welt und voller Ruhe zum Entspannen, Lachen und einfach \u201ebei sich sein\u201c. Hochwertige Materialien, durchdachte Designs und ma\u00dfgeschneiderte L\u00f6sungen machen Ihren Garten zu einem vertrauten R\u00fcckzugsort, der Tag f\u00fcr Tag Geborgenheit und Freude spendet.<\/p>\n\n\n\n<div class=\"wp-block-buttons is-layout-flex wp-block-buttons-is-layout-flex\" style=\"margin-top:var(--wp--preset--spacing--2-xs)\">\n<div class=\"wp-block-button is-style-outline-secondary\"><a class=\"wp-block-button__link has-transparent-background-color has-background wp-element-button\" href=\"https:\/\/www.leeb-balkone.com\/at\/zaeune\/aluzaun\/\">Zaunmodelle<\/a><\/div>\n<\/div>\n<\/div>\n<\/div>\n<\/div>\n\n\n\n<div class=\"wp-block-columns is-style-shadow m-split m-split-reverse is-layout-flex wp-container-core-columns-is-layout-28f84493 wp-block-columns-is-layout-flex\">\n<div class=\"wp-block-column is-style-default is-layout-flow wp-block-column-is-layout-flow\">\n<figure class=\"wp-block-image size-large\"><img loading=\"lazy\" decoding=\"async\" width=\"1024\" height=\"684\" src=\"https:\/\/www.leeb-balkone.com\/app\/uploads\/2020\/07\/trennwand-bali-02-1024x684.jpg\" alt=\"trennwand bali\" class=\"wp-image-132300\" style=\"aspect-ratio:4\/3;object-fit:cover\" srcset=\"https:\/\/www.leeb-balkone.com\/app\/uploads\/2020\/07\/trennwand-bali-02-1024x684.jpg 1024w, https:\/\/www.leeb-balkone.com\/app\/uploads\/2020\/07\/trennwand-bali-02-300x200.jpg 300w, https:\/\/www.leeb-balkone.com\/app\/uploads\/2020\/07\/trennwand-bali-02-768x513.jpg 768w, https:\/\/www.leeb-balkone.com\/app\/uploads\/2020\/07\/trennwand-bali-02-1536x1025.jpg 1536w, https:\/\/www.leeb-balkone.com\/app\/uploads\/2020\/07\/trennwand-bali-02-2048x1367.jpg 2048w\" sizes=\"auto, (max-width: 1024px) 100vw, 1024px\" \/><\/figure>\n<\/div>\n\n\n\n<div class=\"wp-block-column is-vertically-aligned-center is-style-overlay-content is-layout-flow wp-block-column-is-layout-flow\">\n<div class=\"wp-block-group is-vertical is-layout-flex wp-container-core-group-is-layout-6aed0e10 wp-block-group-is-layout-flex\">\n<h3 class=\"wp-block-heading\">Trennwand &#8211; vielseitiger Sichtschutz<\/h3>\n\n\n\n<p>Edle Optik, Stabilit\u00e4t und enorme Langlebigkeit &#8211; das sind die Qualit\u00e4tsmerkmale, die Leeb zum europ\u00e4ischen Marktf\u00fchrer bei Balkonen und Z\u00e4unen gemacht haben. Ein Know-how, das auch in unsere Trennw\u00e4nde einflie\u00dft. Ob Privatsph\u00e4re, Windschutz oder Abtrennung &#8211; unsere Trennw\u00e4nde sind vielseitig einsetzbar. Besonders f\u00fcr die Trennung zwischen zwei Parteien auf Balkonen, Terrassen oder in Hotels bieten sie mit ihrer beidseitig identischen Optik ein \u00e4sthetisches Gesamtbild.<\/p>\n<\/div>\n<\/div>\n<\/div>\n<\/div>\n<\/section>\n\n\n\n<section class=\"wp-block-group alignfull has-light-gray-background-color has-background has-global-padding is-layout-constrained wp-container-core-group-is-layout-52f96efc wp-block-group-is-layout-constrained\">\n<div class=\"wp-block-group o-grid u-md-1 is-layout-flow wp-block-group-is-layout-flow\" style=\"padding-top:0\">\n<div class=\"wp-block-group u-g-9 u-g-s-2 is-layout-flow wp-block-group-is-layout-flow\" style=\"margin-bottom:var(--wp--preset--spacing--s)\">\n<h2 class=\"wp-block-heading\">H\u00e4ufig gestellte Fragen<\/h2>\n\n\n\n\n\n<div class=\"wp-block-t3-acc-accordion is-style-light\"><button id=\"accordion-cc50aafa-ee03-478c-b9d8-836163ff6fd2-button\" class=\"accordion__button\" aria-expanded=\"false\" aria-controls=\"accordion-cc50aafa-ee03-478c-b9d8-836163ff6fd2-panel\"><h3 data-accordion-title=\"true\" style=\"font-size:var(--step-1)\"><strong><strong><strong>Warum sollte ich mich f\u00fcr einen Sichtschutzzaun entscheiden?<\/strong><\/strong><\/strong><\/h3><\/button><div id=\"accordion-cc50aafa-ee03-478c-b9d8-836163ff6fd2-panel\" class=\"accordion__panel\" role=\"region\" aria-labelledby=\"accordion-cc50aafa-ee03-478c-b9d8-836163ff6fd2-button\">\n<p>Ein Sichtschutzzaun bietet effektiven Schutz vor neugierigen Blicken, erh\u00f6ht die Privatsph\u00e4re und kann zus\u00e4tzlich Wind- und L\u00e4rmschutz bieten. Speziell die <strong>Leeb Sichtschutzz\u00e4une<\/strong> sind dabei eine hochwertige L\u00f6sung, da sie aus langlebigem Aluminium gefertigt und dank patentierter Pulverbeschichtung <strong>nahezu wartungsfrei<\/strong> sind. Die Modelle von Leeb sind individuell in der H\u00f6he anpassbar in vielen Designs verf\u00fcgbar. Auf Wunsch in Kombination mit Glaselementen oder besonderen F\u00fcllungen wie kreativen Alublech-Perforierungen.<\/p>\n<\/div><\/div>\n\n\n\n<div class=\"wp-block-t3-acc-accordion is-style-light\"><button id=\"accordion-ee32b952-0cd3-40aa-b11f-f6c5b6295f45-button\" class=\"accordion__button\" aria-expanded=\"false\" aria-controls=\"accordion-ee32b952-0cd3-40aa-b11f-f6c5b6295f45-panel\"><h3 data-accordion-title=\"true\" style=\"font-size:var(--step-1)\"><strong><strong><strong><strong><strong><strong>Was kann ein Sichtschutzzaun noch, au\u00dfer Sichtschutz zu bieten?<\/strong><\/strong><\/strong><\/strong><\/strong><\/strong><\/h3><\/button><div id=\"accordion-ee32b952-0cd3-40aa-b11f-f6c5b6295f45-panel\" class=\"accordion__panel\" role=\"region\" aria-labelledby=\"accordion-ee32b952-0cd3-40aa-b11f-f6c5b6295f45-button\">\n<p>Ein moderner Sichtschutzzaun erf\u00fcllt weit mehr Funktionen als nur das Abschirmen vor neugierigen Blicken.  Hier sind die wichtigsten zus\u00e4tzlichen Vorteile und Nutzungsm\u00f6glichkeiten:<\/p>\n\n\n\n<ul class=\"wp-block-list\">\n<li><strong>L\u00e4rmschutz<\/strong>: Ein Sichtschutzzaun kann dazu beitragen, die L\u00e4rmbelastung auf dem eigenen Grundst\u00fcck zu reduzieren \u2013 vor allem, wenn er besonders dicht und aus schallreflektierenden oder -absorbierenden Materialien gefertigt ist, wie es bei Aluminium in massiver Bauweise der Fall ist. Je h\u00f6her und dichter der Zaun, desto besser die akustische Barriere \u2013 ideal sind Modelle mit geschlossenen Aluminium-Paneelen und gegebenenfalls satiniertem Glas, wie sie Leeb anbietet.<\/li>\n\n\n\n<li><strong>Wind- und Wetterschutz<\/strong>: Ein hoher, dichter Sichtschutzzaun dient wirkungsvoll als Schutz gegen Winde, Regen und Wetterextreme. Leeb Sichtschutzz\u00e4une punkten hier mit robusten, korrosionsfreien Aluminium-Profilen, die auch st\u00fcrmischen Bedingungen dauerhaft standhalten.<\/li>\n\n\n\n<li><strong>Schutz f\u00fcr Haus und Garten<\/strong>: Ein stabiler, hoher Zaun erschwert das unbefugte Betreten und h\u00e4lt unerw\u00fcnschte G\u00e4ste zuverl\u00e4ssig fern. Die massiven Konstruktionen von Leeb sind widerstandsf\u00e4hig gegen mechanische Einwirkungen und bieten so eine dauerhafte Sicherung des Au\u00dfenbereichs.<\/li>\n\n\n\n<li><strong>Grundst\u00fccksgrenze &amp; Strukturierung<\/strong>: Die Grenze ist klar sichtbar und unterstreicht die Privatsph\u00e4re, ohne optisch zu erdr\u00fccken (daf\u00fcr sorgt unter anderem die immense Auswahl bei Leeb, wo f\u00fcr jede Situation das richtige Modell gefunden und sogar noch adaptiert werden kann). Hochwertige, gut installierte Z\u00e4une erh\u00f6hen den Grundst\u00fcckswert und sorgen f\u00fcr ein gepflegtes Erscheinungsbild<br><\/li>\n<\/ul>\n\n\n\n<p>Die Liste lie\u00dfe sich fortsetzen &#8211; ein Sichtschutzzaun ist ein echtes Multitalent f\u00fcr Haus und Garten. <\/p>\n<\/div><\/div>\n\n\n\n<div class=\"wp-block-t3-acc-accordion is-style-light\"><button id=\"accordion-96d75bfb-d46e-465e-b553-2baee7677631-button\" class=\"accordion__button\" aria-expanded=\"false\" aria-controls=\"accordion-96d75bfb-d46e-465e-b553-2baee7677631-panel\"><h3 data-accordion-title=\"true\" style=\"font-size:var(--step-1)\"><strong><strong><strong><strong><strong>Wie l\u00e4uft die Montage eines Sichtschutzzauns ab?<\/strong><\/strong><\/strong><\/strong><\/strong><\/h3><\/button><div id=\"accordion-96d75bfb-d46e-465e-b553-2baee7677631-panel\" class=\"accordion__panel\" role=\"region\" aria-labelledby=\"accordion-96d75bfb-d46e-465e-b553-2baee7677631-button\">\n<p>Perfekter Planungsservice seitens des Leeb Beraters in Ihrer N\u00e4he sowie pr\u00e4ziser Vorfertigung aller Teile im Werk erm\u00f6glichen eine letztlich schnelle und sorgenfreie Montage \u2013 f\u00fcr ein perfektes Ergebnis und langanhaltende Freude an Ihrem neuen Sichtschutzzaun. Die professionelle Montage garantiert, dass alle Komponenten korrekt zusammengef\u00fcgt werden, wasserdicht verschraubt sind und langfristig optimal funktionieren.<\/p>\n<\/div><\/div>\n\n\n\n<div class=\"wp-block-t3-acc-accordion is-style-light\"><button id=\"accordion-052dcfe8-ca41-4e0b-8600-471defe7bf65-button\" class=\"accordion__button\" aria-expanded=\"false\" aria-controls=\"accordion-052dcfe8-ca41-4e0b-8600-471defe7bf65-panel\"><h3 data-accordion-title=\"true\" style=\"font-size:var(--step-1)\"><strong><strong><strong><strong><strong><strong><strong>Wie finde ich den passenden Leeb-Partner?<\/strong><\/strong><\/strong><\/strong><\/strong><\/strong><\/strong><\/h3><\/button><div id=\"accordion-052dcfe8-ca41-4e0b-8600-471defe7bf65-panel\" class=\"accordion__panel\" role=\"region\" aria-labelledby=\"accordion-052dcfe8-ca41-4e0b-8600-471defe7bf65-button\">\n<p>Leeb verf\u00fcgt \u00fcber ein dichtes Partnernetz in \u00d6sterreich, Deutschland, Italien, Frankreich, der Schweiz und Slowenien. F\u00fcr alle Detail- oder Spezialfragen empfiehlt sich ein Gespr\u00e4ch mit einem Leeb-Berater &#8211; er unterst\u00fctzt bei Beratung, Planung und Montage. <\/p>\n<\/div><\/div>\n<\/div>\n<\/div>\n<\/section>\n\n\n\n<section class=\"wp-block-group alignfull has-white-background-color has-background has-global-padding is-layout-constrained wp-container-core-group-is-layout-52f96efc wp-block-group-is-layout-constrained\">\n<div class=\"wp-block-group o-grid u-md-1 is-layout-flow wp-block-group-is-layout-flow\" style=\"padding-top:0\">\n<div class=\"wp-block-group u-g-9 u-g-s-2 is-layout-flow wp-block-group-is-layout-flow\">\n<h2 class=\"wp-block-heading\">Sichtschutz Impressionen<\/h2>\n\n\n\n<p><span class=\"teaser\">Lassen Sie sich von den Gestaltungsm\u00f6glichkeiten unserer Sichtschutzz\u00e4une und Trennw\u00e4nde inspirieren.<\/span><\/p>\n<\/div>\n<\/div>\n\n\n    <div id=\"t3-lg-block-1\" class=\"wp-block-t3-lightgallery\" data-initial-count=\"9\">\n      <div class=\"lg-container u-grid-temp has-3-cols\">\n                  <div class=\"lg-item\" data-src=\"https:\/\/www.leeb-balkone.com\/app\/uploads\/2020\/07\/alu-sichtschutzzaun-20-scaled.jpeg\"\n              data-sub-html=\"&lt;p&gt;Sichtschutz&lt;\/p&gt;\">\n            <div class=\"img-wrapper\">\n                <figure>\n                    <img loading=\"lazy\" decoding=\"async\" width=\"300\" height=\"200\" src=\"https:\/\/www.leeb-balkone.com\/app\/uploads\/2020\/07\/alu-sichtschutzzaun-20-300x200.jpeg\" class=\"attachment-medium size-medium\" alt=\"alu sichtschutzzaun\" srcset=\"https:\/\/www.leeb-balkone.com\/app\/uploads\/2020\/07\/alu-sichtschutzzaun-20-300x200.jpeg 300w, https:\/\/www.leeb-balkone.com\/app\/uploads\/2020\/07\/alu-sichtschutzzaun-20-1024x684.jpeg 1024w, https:\/\/www.leeb-balkone.com\/app\/uploads\/2020\/07\/alu-sichtschutzzaun-20-768x513.jpeg 768w, https:\/\/www.leeb-balkone.com\/app\/uploads\/2020\/07\/alu-sichtschutzzaun-20-1536x1025.jpeg 1536w, https:\/\/www.leeb-balkone.com\/app\/uploads\/2020\/07\/alu-sichtschutzzaun-20-2048x1367.jpeg 2048w\" sizes=\"auto, (min-width: 1200px) 260px, (min-width: 1024px) 220px, (min-width: 640px) 465px, 768px\" \/>    \n                <\/figure>\n                        <\/div>\n            <p>Sichtschutz<\/p>        <\/div>\n                  <div class=\"lg-item\" data-src=\"https:\/\/www.leeb-balkone.com\/app\/uploads\/2020\/07\/alu-sichtschutzzaun-16-scaled.jpeg\"\n              data-sub-html=\"&lt;p&gt;Sichtschutzzaun Modell Ambito Glas&lt;\/p&gt;\">\n            <div class=\"img-wrapper\">\n                <figure>\n                    <img loading=\"lazy\" decoding=\"async\" width=\"300\" height=\"200\" src=\"https:\/\/www.leeb-balkone.com\/app\/uploads\/2020\/07\/alu-sichtschutzzaun-16-300x200.jpeg\" class=\"attachment-medium size-medium\" alt=\"alu sichtschutzzaun\" srcset=\"https:\/\/www.leeb-balkone.com\/app\/uploads\/2020\/07\/alu-sichtschutzzaun-16-300x200.jpeg 300w, https:\/\/www.leeb-balkone.com\/app\/uploads\/2020\/07\/alu-sichtschutzzaun-16-1024x684.jpeg 1024w, https:\/\/www.leeb-balkone.com\/app\/uploads\/2020\/07\/alu-sichtschutzzaun-16-768x513.jpeg 768w, https:\/\/www.leeb-balkone.com\/app\/uploads\/2020\/07\/alu-sichtschutzzaun-16-1536x1025.jpeg 1536w, https:\/\/www.leeb-balkone.com\/app\/uploads\/2020\/07\/alu-sichtschutzzaun-16-2048x1367.jpeg 2048w\" sizes=\"auto, (min-width: 1200px) 260px, (min-width: 1024px) 220px, (min-width: 640px) 465px, 768px\" \/>    \n                <\/figure>\n                        <\/div>\n            <p>Sichtschutzzaun Modell Ambito Glas<\/p>        <\/div>\n                  <div class=\"lg-item\" data-src=\"https:\/\/www.leeb-balkone.com\/app\/uploads\/2020\/07\/alu-sichtschutzzaun-15-scaled.jpeg\"\n              data-sub-html=\"&lt;p&gt;Leeb Sichtschutz Ambito Glas&lt;\/p&gt;\">\n            <div class=\"img-wrapper\">\n                <figure>\n                    <img loading=\"lazy\" decoding=\"async\" width=\"300\" height=\"200\" src=\"https:\/\/www.leeb-balkone.com\/app\/uploads\/2020\/07\/alu-sichtschutzzaun-15-300x200.jpeg\" class=\"attachment-medium size-medium\" alt=\"alu sichtschutzzaun\" srcset=\"https:\/\/www.leeb-balkone.com\/app\/uploads\/2020\/07\/alu-sichtschutzzaun-15-300x200.jpeg 300w, https:\/\/www.leeb-balkone.com\/app\/uploads\/2020\/07\/alu-sichtschutzzaun-15-1024x682.jpeg 1024w, https:\/\/www.leeb-balkone.com\/app\/uploads\/2020\/07\/alu-sichtschutzzaun-15-768x512.jpeg 768w, https:\/\/www.leeb-balkone.com\/app\/uploads\/2020\/07\/alu-sichtschutzzaun-15-1536x1024.jpeg 1536w, https:\/\/www.leeb-balkone.com\/app\/uploads\/2020\/07\/alu-sichtschutzzaun-15-2048x1365.jpeg 2048w\" sizes=\"auto, (min-width: 1200px) 260px, (min-width: 1024px) 220px, (min-width: 640px) 465px, 768px\" \/>    \n                <\/figure>\n                        <\/div>\n            <p>Leeb Sichtschutz Ambito Glas<\/p>        <\/div>\n                  <div class=\"lg-item\" data-src=\"https:\/\/www.leeb-balkone.com\/app\/uploads\/2020\/07\/alu-sichtschutzzaun-1-scaled.jpeg\"\n              data-sub-html=\"&lt;p&gt;Nahezu blickdichter Sichtschutzzaun mit dezenten Glaselementen &lt;\/p&gt;\">\n            <div class=\"img-wrapper\">\n                <figure>\n                    <img loading=\"lazy\" decoding=\"async\" width=\"300\" height=\"199\" src=\"https:\/\/www.leeb-balkone.com\/app\/uploads\/2020\/07\/alu-sichtschutzzaun-1-300x199.jpeg\" class=\"attachment-medium size-medium\" alt=\"alu sichtschutzzaun\" srcset=\"https:\/\/www.leeb-balkone.com\/app\/uploads\/2020\/07\/alu-sichtschutzzaun-1-300x199.jpeg 300w, https:\/\/www.leeb-balkone.com\/app\/uploads\/2020\/07\/alu-sichtschutzzaun-1-1024x678.jpeg 1024w, https:\/\/www.leeb-balkone.com\/app\/uploads\/2020\/07\/alu-sichtschutzzaun-1-768x509.jpeg 768w, https:\/\/www.leeb-balkone.com\/app\/uploads\/2020\/07\/alu-sichtschutzzaun-1-1536x1018.jpeg 1536w, https:\/\/www.leeb-balkone.com\/app\/uploads\/2020\/07\/alu-sichtschutzzaun-1-2048x1357.jpeg 2048w\" sizes=\"auto, (min-width: 1200px) 260px, (min-width: 1024px) 220px, (min-width: 640px) 465px, 768px\" \/>    \n                <\/figure>\n                        <\/div>\n            <p>Nahezu blickdichter Sichtschutzzaun mit dezenten Glaselementen <\/p>        <\/div>\n                  <div class=\"lg-item\" data-src=\"https:\/\/www.leeb-balkone.com\/app\/uploads\/2020\/07\/alu-sichtschutzzaun-5-scaled.jpeg\"\n              data-sub-html=\"&lt;p&gt;Sichtschutz Alu und Glas - Pool im Garten ungest\u00f6rt genie\u00dfen&lt;\/p&gt;\">\n            <div class=\"img-wrapper\">\n                <figure>\n                    <img loading=\"lazy\" decoding=\"async\" width=\"300\" height=\"200\" src=\"https:\/\/www.leeb-balkone.com\/app\/uploads\/2020\/07\/alu-sichtschutzzaun-5-300x200.jpeg\" class=\"attachment-medium size-medium\" alt=\"Sichtschutz Alu und Glas - Pool im Garten ungest\u00f6rt genie\u00dfen\" srcset=\"https:\/\/www.leeb-balkone.com\/app\/uploads\/2020\/07\/alu-sichtschutzzaun-5-300x200.jpeg 300w, https:\/\/www.leeb-balkone.com\/app\/uploads\/2020\/07\/alu-sichtschutzzaun-5-1024x683.jpeg 1024w, https:\/\/www.leeb-balkone.com\/app\/uploads\/2020\/07\/alu-sichtschutzzaun-5-768x512.jpeg 768w, https:\/\/www.leeb-balkone.com\/app\/uploads\/2020\/07\/alu-sichtschutzzaun-5-1536x1024.jpeg 1536w, https:\/\/www.leeb-balkone.com\/app\/uploads\/2020\/07\/alu-sichtschutzzaun-5-2048x1366.jpeg 2048w\" sizes=\"auto, (min-width: 1200px) 260px, (min-width: 1024px) 220px, (min-width: 640px) 465px, 768px\" \/>    \n                <\/figure>\n                        <\/div>\n            <p>Sichtschutz Alu und Glas &#8211; Pool im Garten ungest\u00f6rt genie\u00dfen<\/p>        <\/div>\n                  <div class=\"lg-item\" data-src=\"https:\/\/www.leeb-balkone.com\/app\/uploads\/2020\/07\/alu-sichtschutzzaun-7-scaled.jpeg\"\n              data-sub-html=\"&lt;p&gt;Sichtschutzzaun in allen RAL-Farben&lt;\/p&gt;\">\n            <div class=\"img-wrapper\">\n                <figure>\n                    <img loading=\"lazy\" decoding=\"async\" width=\"300\" height=\"200\" src=\"https:\/\/www.leeb-balkone.com\/app\/uploads\/2020\/07\/alu-sichtschutzzaun-7-300x200.jpeg\" class=\"attachment-medium size-medium\" alt=\"alu sichtschutzzaun\" srcset=\"https:\/\/www.leeb-balkone.com\/app\/uploads\/2020\/07\/alu-sichtschutzzaun-7-300x200.jpeg 300w, https:\/\/www.leeb-balkone.com\/app\/uploads\/2020\/07\/alu-sichtschutzzaun-7-1024x684.jpeg 1024w, https:\/\/www.leeb-balkone.com\/app\/uploads\/2020\/07\/alu-sichtschutzzaun-7-768x513.jpeg 768w, https:\/\/www.leeb-balkone.com\/app\/uploads\/2020\/07\/alu-sichtschutzzaun-7-1536x1025.jpeg 1536w, https:\/\/www.leeb-balkone.com\/app\/uploads\/2020\/07\/alu-sichtschutzzaun-7-2048x1367.jpeg 2048w\" sizes=\"auto, (min-width: 1200px) 260px, (min-width: 1024px) 220px, (min-width: 640px) 465px, 768px\" \/>    \n                <\/figure>\n                        <\/div>\n            <p>Sichtschutzzaun in allen RAL-Farben<\/p>        <\/div>\n                  <div class=\"lg-item\" data-src=\"https:\/\/www.leeb-balkone.com\/app\/uploads\/2020\/07\/alu-sichtschutzzaun-24-scaled.jpg\"\n              data-sub-html=\"&lt;p&gt;Sichtschutzzaun aus Glas&lt;\/p&gt;\">\n            <div class=\"img-wrapper\">\n                <figure>\n                    <img loading=\"lazy\" decoding=\"async\" width=\"300\" height=\"138\" src=\"https:\/\/www.leeb-balkone.com\/app\/uploads\/2020\/07\/alu-sichtschutzzaun-24-300x138.jpg\" class=\"attachment-medium size-medium\" alt=\"alu sichtschutzzaun\" srcset=\"https:\/\/www.leeb-balkone.com\/app\/uploads\/2020\/07\/alu-sichtschutzzaun-24-300x138.jpg 300w, https:\/\/www.leeb-balkone.com\/app\/uploads\/2020\/07\/alu-sichtschutzzaun-24-1024x471.jpg 1024w, https:\/\/www.leeb-balkone.com\/app\/uploads\/2020\/07\/alu-sichtschutzzaun-24-768x354.jpg 768w, https:\/\/www.leeb-balkone.com\/app\/uploads\/2020\/07\/alu-sichtschutzzaun-24-1536x707.jpg 1536w, https:\/\/www.leeb-balkone.com\/app\/uploads\/2020\/07\/alu-sichtschutzzaun-24-2048x943.jpg 2048w\" sizes=\"auto, (min-width: 1200px) 260px, (min-width: 1024px) 220px, (min-width: 640px) 465px, 768px\" \/>    \n                <\/figure>\n                        <\/div>\n            <p>Sichtschutzzaun aus Glas<\/p>        <\/div>\n                  <div class=\"lg-item\" data-src=\"https:\/\/www.leeb-balkone.com\/app\/uploads\/2020\/07\/trennwand-bali-02-scaled.jpg\"\n              data-sub-html=\"&lt;p&gt;Balkontrennwand&lt;\/p&gt;\">\n            <div class=\"img-wrapper\">\n                <figure>\n                    <img loading=\"lazy\" decoding=\"async\" width=\"300\" height=\"200\" src=\"https:\/\/www.leeb-balkone.com\/app\/uploads\/2020\/07\/trennwand-bali-02-300x200.jpg\" class=\"attachment-medium size-medium\" alt=\"trennwand bali\" srcset=\"https:\/\/www.leeb-balkone.com\/app\/uploads\/2020\/07\/trennwand-bali-02-300x200.jpg 300w, https:\/\/www.leeb-balkone.com\/app\/uploads\/2020\/07\/trennwand-bali-02-1024x684.jpg 1024w, https:\/\/www.leeb-balkone.com\/app\/uploads\/2020\/07\/trennwand-bali-02-768x513.jpg 768w, https:\/\/www.leeb-balkone.com\/app\/uploads\/2020\/07\/trennwand-bali-02-1536x1025.jpg 1536w, https:\/\/www.leeb-balkone.com\/app\/uploads\/2020\/07\/trennwand-bali-02-2048x1367.jpg 2048w\" sizes=\"auto, (min-width: 1200px) 260px, (min-width: 1024px) 220px, (min-width: 640px) 465px, 768px\" \/>    \n                <\/figure>\n                        <\/div>\n            <p>Balkontrennwand<\/p>        <\/div>\n                  <div class=\"lg-item\" data-src=\"https:\/\/www.leeb-balkone.com\/app\/uploads\/2020\/07\/vorstellbalkon-mit-stuetzen-133-scaled.jpg\"\n              data-sub-html=\"&lt;p&gt;Blickdichte Trennwand bei einem Anbaubalkon&lt;\/p&gt;\">\n            <div class=\"img-wrapper\">\n                <figure>\n                    <img loading=\"lazy\" decoding=\"async\" width=\"300\" height=\"236\" src=\"https:\/\/www.leeb-balkone.com\/app\/uploads\/2020\/07\/vorstellbalkon-mit-stuetzen-133-300x236.jpg\" class=\"attachment-medium size-medium\" alt=\"vorstellbalkon mit stuetzen\" srcset=\"https:\/\/www.leeb-balkone.com\/app\/uploads\/2020\/07\/vorstellbalkon-mit-stuetzen-133-300x236.jpg 300w, https:\/\/www.leeb-balkone.com\/app\/uploads\/2020\/07\/vorstellbalkon-mit-stuetzen-133-1024x806.jpg 1024w, https:\/\/www.leeb-balkone.com\/app\/uploads\/2020\/07\/vorstellbalkon-mit-stuetzen-133-768x605.jpg 768w, https:\/\/www.leeb-balkone.com\/app\/uploads\/2020\/07\/vorstellbalkon-mit-stuetzen-133-1536x1209.jpg 1536w, https:\/\/www.leeb-balkone.com\/app\/uploads\/2020\/07\/vorstellbalkon-mit-stuetzen-133-2048x1612.jpg 2048w\" sizes=\"auto, (min-width: 1200px) 260px, (min-width: 1024px) 220px, (min-width: 640px) 465px, 768px\" \/>    \n                <\/figure>\n                        <\/div>\n            <p>Blickdichte Trennwand bei einem Anbaubalkon<\/p>        <\/div>\n                  <div class=\"lg-item\" data-src=\"https:\/\/www.leeb-balkone.com\/app\/uploads\/2021\/11\/ueberdachung-terrasse-mit-gelaender-und-lamellen-sichtschutz-alu-in-holzoptik-detailansicht-scaled.jpg\"\n              data-sub-html=\"&lt;p&gt;Sichtschutz Element&lt;\/p&gt;\">\n            <div class=\"img-wrapper\">\n                <figure>\n                    <img loading=\"lazy\" decoding=\"async\" width=\"300\" height=\"200\" src=\"https:\/\/www.leeb-balkone.com\/app\/uploads\/2021\/11\/ueberdachung-terrasse-mit-gelaender-und-lamellen-sichtschutz-alu-in-holzoptik-detailansicht-300x200.jpg\" class=\"attachment-medium size-medium\" alt=\"ueberdachung terrasse mit gelaender und lamellen sichtschutz alu in holzoptik detailansicht\" srcset=\"https:\/\/www.leeb-balkone.com\/app\/uploads\/2021\/11\/ueberdachung-terrasse-mit-gelaender-und-lamellen-sichtschutz-alu-in-holzoptik-detailansicht-300x200.jpg 300w, https:\/\/www.leeb-balkone.com\/app\/uploads\/2021\/11\/ueberdachung-terrasse-mit-gelaender-und-lamellen-sichtschutz-alu-in-holzoptik-detailansicht-1024x684.jpg 1024w, https:\/\/www.leeb-balkone.com\/app\/uploads\/2021\/11\/ueberdachung-terrasse-mit-gelaender-und-lamellen-sichtschutz-alu-in-holzoptik-detailansicht-768x513.jpg 768w, https:\/\/www.leeb-balkone.com\/app\/uploads\/2021\/11\/ueberdachung-terrasse-mit-gelaender-und-lamellen-sichtschutz-alu-in-holzoptik-detailansicht-1536x1025.jpg 1536w, https:\/\/www.leeb-balkone.com\/app\/uploads\/2021\/11\/ueberdachung-terrasse-mit-gelaender-und-lamellen-sichtschutz-alu-in-holzoptik-detailansicht-scaled.jpg 2048w\" sizes=\"auto, (min-width: 1200px) 260px, (min-width: 1024px) 220px, (min-width: 640px) 465px, 768px\" \/>    \n                <\/figure>\n                        <\/div>\n            <p>Sichtschutz Element<\/p>        <\/div>\n                  <div class=\"lg-item\" data-src=\"https:\/\/www.leeb-balkone.com\/app\/uploads\/2020\/07\/alu-sichtschutzzaun-18-scaled.jpeg\"\n              data-sub-html=\"&lt;p&gt;Alu Sichtschutzzaun f\u00fcr maximale Privatsph\u00e4re&lt;\/p&gt;\">\n            <div class=\"img-wrapper\">\n                <figure>\n                    <img loading=\"lazy\" decoding=\"async\" width=\"300\" height=\"200\" src=\"https:\/\/www.leeb-balkone.com\/app\/uploads\/2020\/07\/alu-sichtschutzzaun-18-300x200.jpeg\" class=\"attachment-medium size-medium\" alt=\"alu sichtschutzzaun\" srcset=\"https:\/\/www.leeb-balkone.com\/app\/uploads\/2020\/07\/alu-sichtschutzzaun-18-300x200.jpeg 300w, https:\/\/www.leeb-balkone.com\/app\/uploads\/2020\/07\/alu-sichtschutzzaun-18-1024x683.jpeg 1024w, https:\/\/www.leeb-balkone.com\/app\/uploads\/2020\/07\/alu-sichtschutzzaun-18-768x512.jpeg 768w, https:\/\/www.leeb-balkone.com\/app\/uploads\/2020\/07\/alu-sichtschutzzaun-18-1536x1024.jpeg 1536w, https:\/\/www.leeb-balkone.com\/app\/uploads\/2020\/07\/alu-sichtschutzzaun-18-2048x1366.jpeg 2048w\" sizes=\"auto, (min-width: 1200px) 260px, (min-width: 1024px) 220px, (min-width: 640px) 465px, 768px\" \/>    \n                <\/figure>\n                        <\/div>\n            <p>Alu Sichtschutzzaun f\u00fcr maximale Privatsph\u00e4re<\/p>        <\/div>\n                  <div class=\"lg-item\" data-src=\"https:\/\/www.leeb-balkone.com\/app\/uploads\/2020\/07\/alu-sichtschutzzaun-17-scaled.jpeg\"\n              data-sub-html=\"&lt;p&gt;Blickdichter Sichtschutz mit Gartent\u00fcr&lt;\/p&gt;\">\n            <div class=\"img-wrapper\">\n                <figure>\n                    <img loading=\"lazy\" decoding=\"async\" width=\"300\" height=\"203\" src=\"https:\/\/www.leeb-balkone.com\/app\/uploads\/2020\/07\/alu-sichtschutzzaun-17-300x203.jpeg\" class=\"attachment-medium size-medium\" alt=\"alu sichtschutzzaun\" srcset=\"https:\/\/www.leeb-balkone.com\/app\/uploads\/2020\/07\/alu-sichtschutzzaun-17-300x203.jpeg 300w, https:\/\/www.leeb-balkone.com\/app\/uploads\/2020\/07\/alu-sichtschutzzaun-17-1024x693.jpeg 1024w, https:\/\/www.leeb-balkone.com\/app\/uploads\/2020\/07\/alu-sichtschutzzaun-17-768x520.jpeg 768w, https:\/\/www.leeb-balkone.com\/app\/uploads\/2020\/07\/alu-sichtschutzzaun-17-1536x1040.jpeg 1536w, https:\/\/www.leeb-balkone.com\/app\/uploads\/2020\/07\/alu-sichtschutzzaun-17-2048x1387.jpeg 2048w, https:\/\/www.leeb-balkone.com\/app\/uploads\/2020\/07\/alu-sichtschutzzaun-17-400x270.jpeg 400w\" sizes=\"auto, (min-width: 1200px) 260px, (min-width: 1024px) 220px, (min-width: 640px) 465px, 768px\" \/>    \n                <\/figure>\n                        <\/div>\n            <p>Blickdichter Sichtschutz mit Gartent\u00fcr<\/p>        <\/div>\n                  <div class=\"lg-item\" data-src=\"https:\/\/www.leeb-balkone.com\/app\/uploads\/2020\/07\/alu-sichtschutzzaun-13-scaled.jpg\"\n              data-sub-html=\"&lt;p&gt;Sichtschutz aus Aluminium mit schr\u00e4g angeordneten horizontalen Elementen&lt;\/p&gt;\">\n            <div class=\"img-wrapper\">\n                <figure>\n                    <img loading=\"lazy\" decoding=\"async\" width=\"300\" height=\"200\" src=\"https:\/\/www.leeb-balkone.com\/app\/uploads\/2020\/07\/alu-sichtschutzzaun-13-300x200.jpg\" class=\"attachment-medium size-medium\" alt=\"alu sichtschutzzaun\" srcset=\"https:\/\/www.leeb-balkone.com\/app\/uploads\/2020\/07\/alu-sichtschutzzaun-13-300x200.jpg 300w, https:\/\/www.leeb-balkone.com\/app\/uploads\/2020\/07\/alu-sichtschutzzaun-13-1024x683.jpg 1024w, https:\/\/www.leeb-balkone.com\/app\/uploads\/2020\/07\/alu-sichtschutzzaun-13-768x512.jpg 768w, https:\/\/www.leeb-balkone.com\/app\/uploads\/2020\/07\/alu-sichtschutzzaun-13-1536x1024.jpg 1536w, https:\/\/www.leeb-balkone.com\/app\/uploads\/2020\/07\/alu-sichtschutzzaun-13-2048x1366.jpg 2048w\" sizes=\"auto, (min-width: 1200px) 260px, (min-width: 1024px) 220px, (min-width: 640px) 465px, 768px\" \/>    \n                <\/figure>\n                        <\/div>\n            <p>Sichtschutz aus Aluminium mit schr\u00e4g angeordneten horizontalen Elementen<\/p>        <\/div>\n                  <div class=\"lg-item\" data-src=\"https:\/\/www.leeb-balkone.com\/app\/uploads\/2020\/07\/alu-sichtschutzzaun-22-scaled.jpeg\"\n              data-sub-html=\"&lt;p&gt;Alu Sichtschutzzaun mit Dekorelementen&lt;\/p&gt;\">\n            <div class=\"img-wrapper\">\n                <figure>\n                    <img loading=\"lazy\" decoding=\"async\" width=\"300\" height=\"199\" src=\"https:\/\/www.leeb-balkone.com\/app\/uploads\/2020\/07\/alu-sichtschutzzaun-22-300x199.jpeg\" class=\"attachment-medium size-medium\" alt=\"alu sichtschutzzaun\" srcset=\"https:\/\/www.leeb-balkone.com\/app\/uploads\/2020\/07\/alu-sichtschutzzaun-22-300x199.jpeg 300w, https:\/\/www.leeb-balkone.com\/app\/uploads\/2020\/07\/alu-sichtschutzzaun-22-1024x679.jpeg 1024w, https:\/\/www.leeb-balkone.com\/app\/uploads\/2020\/07\/alu-sichtschutzzaun-22-768x509.jpeg 768w, https:\/\/www.leeb-balkone.com\/app\/uploads\/2020\/07\/alu-sichtschutzzaun-22-1536x1019.jpeg 1536w, https:\/\/www.leeb-balkone.com\/app\/uploads\/2020\/07\/alu-sichtschutzzaun-22-2048x1358.jpeg 2048w\" sizes=\"auto, (min-width: 1200px) 260px, (min-width: 1024px) 220px, (min-width: 640px) 465px, 768px\" \/>    \n                <\/figure>\n                        <\/div>\n            <p>Alu Sichtschutzzaun mit Dekorelementen<\/p>        <\/div>\n                <\/div>\n\n              <div class=\"lg-load-more-wrapper\">\n            <div class=\"lg-load-more wp-block-button is-style-filled-secondary\">\n                <a href=\"#\" class=\"wp-block-button__link wp-element-button\" role=\"button\">\n                    Mehr laden                <\/a>\n            <\/div>\n        <\/div>\n          <\/div>\n    <\/section>\n\n\n\n<section class=\"wp-block-group alignfull has-white-background-color has-background has-global-padding is-layout-constrained wp-container-core-group-is-layout-9fa1424c wp-block-group-is-layout-constrained\" style=\"padding-top:0\">\n<div class=\"wp-block-columns is-style-offset m-split is-layout-flex wp-container-core-columns-is-layout-28f84493 wp-block-columns-is-layout-flex\">\n<div class=\"wp-block-column is-layout-flow wp-block-column-is-layout-flow\"><div class=\"vp-map-wrapper vp-map-ratio-19-1\"><img decoding=\"async\" width=\"1900\" height=\"1024\" src=\"https:\/\/www.leeb-balkone.com\/app\/uploads\/2026\/03\/map-at-1.jpg\" class=\"attachment-full size-full\" alt=\"\u00d6sterreichische Map: Vertriebspartner (orange Pins) und Schaur\u00e4ume \/ Standorte (gr\u00fcne Pins) der Leeb Balkone GmbH in \u00d6sterreich\" style=\"width:100%;height:100%;object-fit:cover;display:block;\" loading=\"lazy\" srcset=\"https:\/\/www.leeb-balkone.com\/app\/uploads\/2026\/03\/map-at-1.jpg 1900w, https:\/\/www.leeb-balkone.com\/app\/uploads\/2026\/03\/map-at-1-300x162.jpg 300w, https:\/\/www.leeb-balkone.com\/app\/uploads\/2026\/03\/map-at-1-1024x552.jpg 1024w, https:\/\/www.leeb-balkone.com\/app\/uploads\/2026\/03\/map-at-1-768x414.jpg 768w, https:\/\/www.leeb-balkone.com\/app\/uploads\/2026\/03\/map-at-1-1536x828.jpg 1536w\" sizes=\"auto, (min-width: 1536px) 2048px, (min-width: 992px) 1536px, (min-width: 768px) 1024px, (min-width: 576px) 768px, 100vw\" \/><\/div>\n<\/div>\n\n\n\n<div class=\"wp-block-column is-vertically-aligned-center is-style-overlay-content is-layout-flow wp-block-column-is-layout-flow\">\n<div class=\"wp-block-group is-vertical is-layout-flex wp-container-core-group-is-layout-bd7877ba wp-block-group-is-layout-flex\">\n<h2 class=\"wp-block-heading has-step-2-font-size\">Vertriebspartner \u00d6sterreich<\/h2>\n\n\n\n<p>Kompetente LEEB Partner in Ihrer Region. Pers\u00f6nliche Beratung, pr\u00e4zise Planung und fachgerechte Montage \u2013 \u00f6sterreichweit.<\/p>\n\n\n\n<div class=\"wp-block-buttons is-layout-flex wp-block-buttons-is-layout-flex\" style=\"margin-top:var(--wp--preset--spacing--2-xs)\">\n<div class=\"wp-block-button is-style-cta\"><a class=\"wp-block-button__link has-transparent-background-color has-background wp-element-button\" href=\"https:\/\/www.leeb-balkone.com\/at\/vertriebspartner\/\">Vertriebspartner finden<span class=\"sr-only\">Vertriebspartner Leeb Balkone \u00d6sterreich<\/span><\/a><\/div>\n<\/div>\n<\/div>\n<\/div>\n<\/div>\n<\/section>\n\n\n\n<section class=\"wp-block-group alignfull has-light-gray-background-color has-background has-global-padding is-layout-constrained wp-container-core-group-is-layout-52f96efc wp-block-group-is-layout-constrained\" id=\"beratungstermin\">\n<div class=\"wp-block-group m-teaser o-grid u-md-1 is-layout-flow wp-block-group-is-layout-flow\">\n<div class=\"wp-block-group u-g-7 u-g-s-2 is-layout-flow wp-block-group-is-layout-flow\" style=\"margin-bottom:var(--wp--preset--spacing--s)\">\n<h2 class=\"wp-block-heading\">Kontaktieren Sie uns<\/h2>\n\n\n\n<p><strong><strong>Sie planen ein Projekt oder haben Fragen zu uns und unseren L\u00f6sungen? Schreiben Sie uns einfach &#8211; wir nehmen uns gerne Zeit f\u00fcr Ihr Anliegen!<\/strong><\/strong><\/p>\n<\/div>\n<\/div>\n\n\n\n<div class=\"wp-block-group m-teaser o-grid u-md-1 is-layout-flow wp-block-group-is-layout-flow\">\n<div class=\"wp-block-group u-g-7 u-g-s-2 is-layout-flow wp-block-group-is-layout-flow\" style=\"margin-bottom:var(--wp--preset--spacing--s)\"><form action=\"https:\/\/www.leeb-balkone.com\/at\/wp-json\/ws-form\/v1\/submit\" class=\"wsf-form wsf-form-canvas\" id=\"ws-form-1\" data-id=\"4\" data-instance-id=\"1\" method=\"POST\"><\/form>\n<\/div>\n\n\n\n<div class=\"wp-block-group u-g-3 u-g-s-9 is-layout-flow wp-block-group-is-layout-flow\"><div class=\"t3-sidebar-buttons wp-block-buttons is-layout-flex wp-block-buttons-is-layout-flex\"><div class=\"wp-block-button is-style-fill icon-book icon-left\">\n                        <a class=\"wp-block-button__link has-secondary-color has-white-background-color has-text-color has-background has-link-color wp-element-button\" href=\"https:\/\/www.leeb-balkone.com\/at\/kontakt\/katalog-anfordern\/\" style=\"box-shadow:var(--wp--preset--shadow--box-shadow)\">Katalog anfordern<\/a>\n                    <\/div><div class=\"wp-block-button is-style-fill icon-phone-new icon-left\">\n                        <a class=\"wp-block-button__link has-secondary-color has-white-background-color has-text-color has-background has-link-color wp-element-button\" href=\"tel:0800202013\">Hotline \u00d6sterreich <span class=\"sr-only\"> Hotline: 0800 202013 (\u00d6sterreichweit kostenlos)<\/span><\/a>\n                    <\/div><\/div>\n<\/div>\n<\/div>\n<\/section>\n","protected":false},"excerpt":{"rendered":"","protected":false},"author":4,"featured_media":0,"parent":20012,"menu_order":0,"comment_status":"closed","ping_status":"closed","template":"template-onepager.blade.php","meta":{"_acf_changed":false,"footnotes":"","_sage_theme_css":true,"_wp_block_core_css":true},"folder":[238,246],"class_list":["post-154612","page","type-page","status-publish","hentry"],"acf":[],"yoast_head":"<!-- This site is optimized with the Yoast SEO plugin v27.2 - https:\/\/yoast.com\/product\/yoast-seo-wordpress\/ -->\n<title>Sichtschutz \u00bb Sichtschutzzaun &amp; Trennwand - Leeb Balkone \u00d6sterreich<\/title>\n<meta name=\"description\" content=\"Leeb bietet hochwertige L\u00f6sungen f\u00fcr den Sichtschutz rund ums Haus, speziell mit Alu Sichtschutzz\u00e4unen und modularen Trennw\u00e4nden. RAL-Farben und Holzoptik.\" \/>\n<meta name=\"robots\" content=\"index, follow, max-snippet:-1, max-image-preview:large, max-video-preview:-1\" \/>\n<meta property=\"og:locale\" content=\"de_DE\" \/>\n<meta property=\"og:type\" content=\"article\" \/>\n<meta property=\"og:title\" content=\"Sichtschutz \u00bb Sichtschutzzaun &amp; Trennwand - Leeb Balkone\" \/>\n<meta property=\"og:description\" content=\"Leeb bietet hochwertige L\u00f6sungen f\u00fcr den Sichtschutz rund ums Haus, speziell mit Alu Sichtschutzz\u00e4unen und modularen Trennw\u00e4nden. RAL-Farben und Holzoptik.\" \/>\n<meta property=\"og:url\" content=\"https:\/\/www.leeb-balkone.com\/at\/zaeune\/sichtschutz\/\" \/>\n<meta property=\"og:site_name\" content=\"Leeb Balkone\" \/>\n<meta property=\"article:publisher\" content=\"https:\/\/www.facebook.com\/balkone\/\" \/>\n<meta property=\"article:modified_time\" content=\"2026-04-15T14:51:14+00:00\" \/>\n<meta property=\"og:image\" content=\"https:\/\/www.leeb-balkone.com\/app\/uploads\/2020\/07\/alu-sichtschutzzaun-1-scaled.jpeg\" \/>\n\t<meta property=\"og:image:width\" content=\"2560\" \/>\n\t<meta property=\"og:image:height\" content=\"1696\" \/>\n\t<meta property=\"og:image:type\" content=\"image\/jpeg\" \/>\n<meta name=\"twitter:card\" content=\"summary_large_image\" \/>\n<script type=\"application\/ld+json\" class=\"yoast-schema-graph\">{\"@context\":\"https:\/\/schema.org\",\"@graph\":[{\"@type\":\"WebPage\",\"@id\":\"https:\/\/www.leeb-balkone.com\/at\/zaeune\/sichtschutz\/\",\"url\":\"https:\/\/www.leeb-balkone.com\/at\/zaeune\/sichtschutz\/\",\"name\":\"Sichtschutz \u00bb Sichtschutzzaun & Trennwand - Leeb Balkone\",\"isPartOf\":{\"@id\":\"https:\/\/www.leeb-balkone.com\/at\/#website\"},\"primaryImageOfPage\":{\"@id\":\"https:\/\/www.leeb-balkone.com\/at\/zaeune\/sichtschutz\/#primaryimage\"},\"image\":{\"@id\":\"https:\/\/www.leeb-balkone.com\/at\/zaeune\/sichtschutz\/#primaryimage\"},\"thumbnailUrl\":\"https:\/\/www.leeb-balkone.com\/app\/uploads\/2020\/07\/alu-sichtschutzzaun-1-1024x678.jpeg\",\"datePublished\":\"2025-09-12T19:53:07+00:00\",\"dateModified\":\"2026-04-15T14:51:14+00:00\",\"description\":\"Leeb bietet hochwertige L\u00f6sungen f\u00fcr den Sichtschutz rund ums Haus, speziell mit Alu Sichtschutzz\u00e4unen und modularen Trennw\u00e4nden. RAL-Farben und Holzoptik.\",\"breadcrumb\":{\"@id\":\"https:\/\/www.leeb-balkone.com\/at\/zaeune\/sichtschutz\/#breadcrumb\"},\"inLanguage\":\"de-AT\",\"potentialAction\":[{\"@type\":\"ReadAction\",\"target\":[\"https:\/\/www.leeb-balkone.com\/at\/zaeune\/sichtschutz\/\"]}]},{\"@type\":\"ImageObject\",\"inLanguage\":\"de-AT\",\"@id\":\"https:\/\/www.leeb-balkone.com\/at\/zaeune\/sichtschutz\/#primaryimage\",\"url\":\"https:\/\/www.leeb-balkone.com\/app\/uploads\/2020\/07\/alu-sichtschutzzaun-1-1024x678.jpeg\",\"contentUrl\":\"https:\/\/www.leeb-balkone.com\/app\/uploads\/2020\/07\/alu-sichtschutzzaun-1-1024x678.jpeg\"},{\"@type\":\"BreadcrumbList\",\"@id\":\"https:\/\/www.leeb-balkone.com\/at\/zaeune\/sichtschutz\/#breadcrumb\",\"itemListElement\":[{\"@type\":\"ListItem\",\"position\":1,\"name\":\"Home\",\"item\":\"https:\/\/www.leeb-balkone.com\/at\/\"},{\"@type\":\"ListItem\",\"position\":2,\"name\":\"Z\u00e4une\",\"item\":\"https:\/\/www.leeb-balkone.com\/at\/zaeune\/\"},{\"@type\":\"ListItem\",\"position\":3,\"name\":\"Sichtschutz\"}]},{\"@type\":\"WebSite\",\"@id\":\"https:\/\/www.leeb-balkone.com\/at\/#website\",\"url\":\"https:\/\/www.leeb-balkone.com\/at\/\",\"name\":\"Leeb Balkone\",\"description\":\"Balkone und Z\u00e4une\",\"publisher\":{\"@id\":\"https:\/\/www.leeb-balkone.com\/at\/#organization\"},\"potentialAction\":[{\"@type\":\"SearchAction\",\"target\":{\"@type\":\"EntryPoint\",\"urlTemplate\":\"https:\/\/www.leeb-balkone.com\/at\/?s={search_term_string}\"},\"query-input\":{\"@type\":\"PropertyValueSpecification\",\"valueRequired\":true,\"valueName\":\"search_term_string\"}}],\"inLanguage\":\"de-AT\"},{\"@type\":\"Organization\",\"@id\":\"https:\/\/www.leeb-balkone.com\/at\/#organization\",\"name\":\"Leeb Balkone Gmbh\",\"url\":\"https:\/\/www.leeb-balkone.com\/at\/\",\"logo\":{\"@type\":\"ImageObject\",\"inLanguage\":\"de-AT\",\"@id\":\"https:\/\/www.leeb-balkone.com\/at\/#\/schema\/logo\/image\/\",\"url\":\"https:\/\/www.leeb-balkone.com\/app\/uploads\/2020\/11\/leeb-logo.svg\",\"contentUrl\":\"https:\/\/www.leeb-balkone.com\/app\/uploads\/2020\/11\/leeb-logo.svg\",\"width\":741,\"height\":204,\"caption\":\"Leeb Balkone Gmbh\"},\"image\":{\"@id\":\"https:\/\/www.leeb-balkone.com\/at\/#\/schema\/logo\/image\/\"},\"sameAs\":[\"https:\/\/www.facebook.com\/balkone\/\",\"https:\/\/www.trustedshops.at\/bewertung\/info_X4587CCF5833E31AFE0B11F47D86999F2.html\",\"https:\/\/www.trustedshops.de\/bewertung\/info_X7BA536A7A0BDC86D36C4718E4DCAEEEF.html\",\"https:\/\/www.google.com\/maps\/place\/?q=place_id:ChIJ5-zH19-IcEcR9HonWRTllHI\"]}]}<\/script>\n<!-- \/ Yoast SEO plugin. -->","yoast_head_json":{"title":"Sichtschutz \u00bb Sichtschutzzaun & Trennwand - Leeb Balkone \u00d6sterreich","description":"Leeb bietet hochwertige L\u00f6sungen f\u00fcr den Sichtschutz rund ums Haus, speziell mit Alu Sichtschutzz\u00e4unen und modularen Trennw\u00e4nden. RAL-Farben und Holzoptik.","robots":{"index":"index","follow":"follow","max-snippet":"max-snippet:-1","max-image-preview":"max-image-preview:large","max-video-preview":"max-video-preview:-1"},"og_locale":"de_DE","og_type":"article","og_title":"Sichtschutz \u00bb Sichtschutzzaun & Trennwand - Leeb Balkone","og_description":"Leeb bietet hochwertige L\u00f6sungen f\u00fcr den Sichtschutz rund ums Haus, speziell mit Alu Sichtschutzz\u00e4unen und modularen Trennw\u00e4nden. RAL-Farben und Holzoptik.","og_url":"https:\/\/www.leeb-balkone.com\/at\/zaeune\/sichtschutz\/","og_site_name":"Leeb Balkone","article_publisher":"https:\/\/www.facebook.com\/balkone\/","article_modified_time":"2026-04-15T14:51:14+00:00","og_image":[{"width":2560,"height":1696,"url":"https:\/\/www.leeb-balkone.com\/app\/uploads\/2020\/07\/alu-sichtschutzzaun-1-scaled.jpeg","type":"image\/jpeg"}],"twitter_card":"summary_large_image","schema":{"@context":"https:\/\/schema.org","@graph":[{"@type":"WebPage","@id":"https:\/\/www.leeb-balkone.com\/at\/zaeune\/sichtschutz\/","url":"https:\/\/www.leeb-balkone.com\/at\/zaeune\/sichtschutz\/","name":"Sichtschutz \u00bb Sichtschutzzaun & Trennwand - Leeb Balkone","isPartOf":{"@id":"https:\/\/www.leeb-balkone.com\/at\/#website"},"primaryImageOfPage":{"@id":"https:\/\/www.leeb-balkone.com\/at\/zaeune\/sichtschutz\/#primaryimage"},"image":{"@id":"https:\/\/www.leeb-balkone.com\/at\/zaeune\/sichtschutz\/#primaryimage"},"thumbnailUrl":"https:\/\/www.leeb-balkone.com\/app\/uploads\/2020\/07\/alu-sichtschutzzaun-1-1024x678.jpeg","datePublished":"2025-09-12T19:53:07+00:00","dateModified":"2026-04-15T14:51:14+00:00","description":"Leeb bietet hochwertige L\u00f6sungen f\u00fcr den Sichtschutz rund ums Haus, speziell mit Alu Sichtschutzz\u00e4unen und modularen Trennw\u00e4nden. RAL-Farben und Holzoptik.","breadcrumb":{"@id":"https:\/\/www.leeb-balkone.com\/at\/zaeune\/sichtschutz\/#breadcrumb"},"inLanguage":"de-AT","potentialAction":[{"@type":"ReadAction","target":["https:\/\/www.leeb-balkone.com\/at\/zaeune\/sichtschutz\/"]}]},{"@type":"ImageObject","inLanguage":"de-AT","@id":"https:\/\/www.leeb-balkone.com\/at\/zaeune\/sichtschutz\/#primaryimage","url":"https:\/\/www.leeb-balkone.com\/app\/uploads\/2020\/07\/alu-sichtschutzzaun-1-1024x678.jpeg","contentUrl":"https:\/\/www.leeb-balkone.com\/app\/uploads\/2020\/07\/alu-sichtschutzzaun-1-1024x678.jpeg"},{"@type":"BreadcrumbList","@id":"https:\/\/www.leeb-balkone.com\/at\/zaeune\/sichtschutz\/#breadcrumb","itemListElement":[{"@type":"ListItem","position":1,"name":"Home","item":"https:\/\/www.leeb-balkone.com\/at\/"},{"@type":"ListItem","position":2,"name":"Z\u00e4une","item":"https:\/\/www.leeb-balkone.com\/at\/zaeune\/"},{"@type":"ListItem","position":3,"name":"Sichtschutz"}]},{"@type":"WebSite","@id":"https:\/\/www.leeb-balkone.com\/at\/#website","url":"https:\/\/www.leeb-balkone.com\/at\/","name":"Leeb Balkone","description":"Balkone und Z\u00e4une","publisher":{"@id":"https:\/\/www.leeb-balkone.com\/at\/#organization"},"potentialAction":[{"@type":"SearchAction","target":{"@type":"EntryPoint","urlTemplate":"https:\/\/www.leeb-balkone.com\/at\/?s={search_term_string}"},"query-input":{"@type":"PropertyValueSpecification","valueRequired":true,"valueName":"search_term_string"}}],"inLanguage":"de-AT"},{"@type":"Organization","@id":"https:\/\/www.leeb-balkone.com\/at\/#organization","name":"Leeb Balkone Gmbh","url":"https:\/\/www.leeb-balkone.com\/at\/","logo":{"@type":"ImageObject","inLanguage":"de-AT","@id":"https:\/\/www.leeb-balkone.com\/at\/#\/schema\/logo\/image\/","url":"https:\/\/www.leeb-balkone.com\/app\/uploads\/2020\/11\/leeb-logo.svg","contentUrl":"https:\/\/www.leeb-balkone.com\/app\/uploads\/2020\/11\/leeb-logo.svg","width":741,"height":204,"caption":"Leeb Balkone Gmbh"},"image":{"@id":"https:\/\/www.leeb-balkone.com\/at\/#\/schema\/logo\/image\/"},"sameAs":["https:\/\/www.facebook.com\/balkone\/","https:\/\/www.trustedshops.at\/bewertung\/info_X4587CCF5833E31AFE0B11F47D86999F2.html","https:\/\/www.trustedshops.de\/bewertung\/info_X7BA536A7A0BDC86D36C4718E4DCAEEEF.html","https:\/\/www.google.com\/maps\/place\/?q=place_id:ChIJ5-zH19-IcEcR9HonWRTllHI"]}]}},"_links":{"self":[{"href":"https:\/\/www.leeb-balkone.com\/at\/wp-json\/wp\/v2\/pages\/154612","targetHints":{"allow":["GET"]}}],"collection":[{"href":"https:\/\/www.leeb-balkone.com\/at\/wp-json\/wp\/v2\/pages"}],"about":[{"href":"https:\/\/www.leeb-balkone.com\/at\/wp-json\/wp\/v2\/types\/page"}],"author":[{"embeddable":true,"href":"https:\/\/www.leeb-balkone.com\/at\/wp-json\/wp\/v2\/users\/4"}],"replies":[{"embeddable":true,"href":"https:\/\/www.leeb-balkone.com\/at\/wp-json\/wp\/v2\/comments?post=154612"}],"version-history":[{"count":14,"href":"https:\/\/www.leeb-balkone.com\/at\/wp-json\/wp\/v2\/pages\/154612\/revisions"}],"predecessor-version":[{"id":167801,"href":"https:\/\/www.leeb-balkone.com\/at\/wp-json\/wp\/v2\/pages\/154612\/revisions\/167801"}],"up":[{"embeddable":true,"href":"https:\/\/www.leeb-balkone.com\/at\/wp-json\/wp\/v2\/pages\/20012"}],"wp:attachment":[{"href":"https:\/\/www.leeb-balkone.com\/at\/wp-json\/wp\/v2\/media?parent=154612"}],"wp:term":[{"taxonomy":"folder","embeddable":true,"href":"https:\/\/www.leeb-balkone.com\/at\/wp-json\/wp\/v2\/folder?post=154612"}],"curies":[{"name":"wp","href":"https:\/\/api.w.org\/{rel}","templated":true}]}}