{"id":137314,"date":"2020-09-23T11:41:40","date_gmt":"2020-09-23T11:41:40","guid":{"rendered":"https:\/\/www.leeb-balkone.com\/de\/ueber-leeb\/auszeichnungen\/"},"modified":"2026-04-16T12:31:05","modified_gmt":"2026-04-16T12:31:05","slug":"auszeichnungen","status":"publish","type":"page","link":"https:\/\/www.leeb-balkone.com\/at\/ueber-leeb\/auszeichnungen\/","title":{"rendered":"Auszeichnungen"},"content":{"rendered":"<header data-block_acf-block-69e0d677c41aa class=\"c-fh  l-mh-small c-fh--hero c-grad-l2r c-fh--div none\">\n      <img loading=\"lazy\" decoding=\"async\" width=\"1920\" height=\"1440\" src=\"https:\/\/www.leeb-balkone.com\/app\/uploads\/2024\/04\/Anbaubalkon-mit-Stuetzen-alu-design-vital-3.jpg\" class=\"no-lazy\" alt=\"Anbaubalkon mit Stuetzen alu design vital 3\" srcset=\"https:\/\/www.leeb-balkone.com\/app\/uploads\/2024\/04\/Anbaubalkon-mit-Stuetzen-alu-design-vital-3-300x225.jpg 300w, https:\/\/www.leeb-balkone.com\/app\/uploads\/2024\/04\/Anbaubalkon-mit-Stuetzen-alu-design-vital-3-1024x768.jpg 1024w, https:\/\/www.leeb-balkone.com\/app\/uploads\/2024\/04\/Anbaubalkon-mit-Stuetzen-alu-design-vital-3-768x576.jpg 768w, https:\/\/www.leeb-balkone.com\/app\/uploads\/2024\/04\/Anbaubalkon-mit-Stuetzen-alu-design-vital-3-1536x1152.jpg 1536w\" sizes=\"auto, (min-width: 1536px) 2048px, (min-width: 992px) 1536px, (min-width: 768px) 1024px, (min-width: 576px) 768px, 100vw\" \/>\n\n\n<div class=\"grid-container\">\n  <div class=\"grid-x\">\n    <div class=\"cell small-12 medium-6 medium-offset-1\">\n      <div class=\"c-fh__wrapper\">\n                              <p>Innovative Ideen, hochqualifizierte Mitarbeiter, sowie der Mut zur Ver\u00e4nderung <\/p>\n                        <\/div>\n    <\/div>\n  <\/div>\n<\/div>\n  \n    \n    <\/header>\n\n\n  \n  <section class=\"wp-block-group alignfull t3-header u-max-wide t3-header-text has-white-background-color has-background has-global-padding is-layout-constrained wp-block-group-is-layout-constrained\">\n    <div class=\"wp-block-group o-grid u-md-1 u-sm-1 is-layout-flow wp-block-group-is-layout-flow\">\n  <div class=\"wp-block-group u-g-10 u-g-s-2\">\n      <div class=\"yoast-breadcrumbs\"><span><span><a href=\"https:\/\/www.leeb-balkone.com\/at\/\">Home<\/a><\/span><\/span><\/div>\n      \n    <h1>Auszeichnungen<\/h1>\n  <\/div>\n<\/div>\n  <\/section>\n\n\n\n\n\n\n<section class=\"wp-block-cgb-t3-section-block alignfull b-pt-small  is-style-bg-white\" style=\"display:inherit;min-height:inherit\"><div class=\"b-sps l-mbl\" id=\"\">\n    <div class=\"grid-container\">\n      <div class=\"grid-x\">\n              <div class=\"cell b-sps__img  small-12 medium-6 small-order-1 medium-order-2 \">\n          \n            <img loading=\"lazy\" decoding=\"async\" width=\"1024\" height=\"617\" src=\"https:\/\/www.leeb-balkone.com\/app\/uploads\/2025\/11\/GDA26_HO_WINNER_MC_RGB-1024x617.png\" class=\"attachment-large size-large\" alt=\"German Design Award Winner 2026\" srcset=\"https:\/\/www.leeb-balkone.com\/app\/uploads\/2025\/11\/GDA26_HO_WINNER_MC_RGB-1024x617.png 1024w, https:\/\/www.leeb-balkone.com\/app\/uploads\/2025\/11\/GDA26_HO_WINNER_MC_RGB-300x181.png 300w, https:\/\/www.leeb-balkone.com\/app\/uploads\/2025\/11\/GDA26_HO_WINNER_MC_RGB-768x463.png 768w, https:\/\/www.leeb-balkone.com\/app\/uploads\/2025\/11\/GDA26_HO_WINNER_MC_RGB-1536x925.png 1536w, https:\/\/www.leeb-balkone.com\/app\/uploads\/2025\/11\/GDA26_HO_WINNER_MC_RGB-2048x1234.png 2048w\" sizes=\"auto, (min-width: 1200px) 1024px, (min-width: 1024px) 768px, (min-width: 640px) 768px, 768px\" \/>        <\/div>\n            <div class=\"cell b-sps__cont  small-12 medium-6 small-order-2 medium-order-1 bg--lightgray\">\n        <div class=\"b-sps__inner-cont  pdd\">\n          <h2>German Design Award Winner 2026<\/h2>\n<h3>Balkonmodell YAKU<\/h3>\n<p>Unser Modell YAKU wurde mit dem German Design Award 2026 in der Kategorie Excellent Product Design \u2013 Building and Elements ausgezeichnet.<br \/>\n&#8220;Die markante Langloch-Perforierung verleiht \u00bbYaku\u00ab einen unverwechselbaren, architektonischen Charakter. Die pr\u00e4zise Reduktion der Formensprache trifft auf ein wirkungsvoll ausbalanciertes Verh\u00e4ltnis von Sichtschutz und Leichtigkeit. Besonders beeindruckt die konsequent stilsichere Umsetzung aus pulverbeschichtetem Aluminium, die Langlebigkeit und Eleganz vereint. In dieser Disziplin \u00fcberzeugt \u00bbYaku\u00ab als kraftvolles Statement f\u00fcr zeitgen\u00f6ssische Architektur auf h\u00f6chstem gestalterischem Niveau.&#8221;, so die Jury.<\/p>\n\n        <\/div>\n      <\/div>\n    <\/div>\n    <\/div>\n  <\/div>\n\n\n<div class=\"b-sps l-mbl\" id=\"\">\n    <div class=\"grid-container\">\n      <div class=\"grid-x\">\n              <div class=\"cell b-sps__img  small-12 medium-6 small-order-1 medium-order-1 \">\n          \n            <img loading=\"lazy\" decoding=\"async\" width=\"1024\" height=\"600\" src=\"https:\/\/www.leeb-balkone.com\/app\/uploads\/2024\/04\/PD2024_RD-1024x600.png\" class=\"attachment-large size-large\" alt=\"PD2024_RD\" srcset=\"https:\/\/www.leeb-balkone.com\/app\/uploads\/2024\/04\/PD2024_RD-1024x600.png 1024w, https:\/\/www.leeb-balkone.com\/app\/uploads\/2024\/04\/PD2024_RD-300x176.png 300w, https:\/\/www.leeb-balkone.com\/app\/uploads\/2024\/04\/PD2024_RD-768x450.png 768w, https:\/\/www.leeb-balkone.com\/app\/uploads\/2024\/04\/PD2024_RD-1536x900.png 1536w, https:\/\/www.leeb-balkone.com\/app\/uploads\/2024\/04\/PD2024_RD.png 1613w\" sizes=\"auto, (min-width: 1200px) 1024px, (min-width: 1024px) 768px, (min-width: 640px) 768px, 768px\" \/>        <\/div>\n            <div class=\"cell b-sps__cont  small-12 medium-6 small-order-2 medium-order-2 bg--lightgray\">\n        <div class=\"b-sps__inner-cont  pdd\">\n          <h2>Red Dot Design Award 2024<\/h2>\n<h3>Leeb-Solarbalkon<\/h3>\n<p>In der Welt des Designs und der Innovation gilt der Gewinn eines Red Dot Awards als Meilenstein. Leeb Balkone ist stolz darauf, dass der innovative Solarbalkon im Red Dot Award: Produkt Design 2024 mit dieser prestigetra\u0308chtigen Auszeichnung pr\u00e4miert wurde. Dieses begehrte Qualit\u00e4tssiegel besta\u0308tigt die fu\u0308hrende Rolle in der Branche und das Engagement fu\u0308r nachhaltige und zukunftsweisende Designprodukte.Der Leeb-Solarbalkon kombiniert a\u0308sthetische Eleganz mit hocheffizienter Energieerzeugung durch moderne Photovoltaikmodule, die autarke Energielo\u0308sungen und umweltbewusstes Wohnen unterstu\u0308tzen, und setzt neue Standards im Bereich Balkonsysteme.<\/p>\n\n        <\/div>\n      <\/div>\n    <\/div>\n    <\/div>\n  <\/div>\n\n\n<div class=\"b-sps l-mbl\" id=\"\">\n    <div class=\"grid-container\">\n      <div class=\"grid-x\">\n              <div class=\"cell b-sps__img  small-12 medium-6 small-order-1 medium-order-2 \">\n          \n            <img loading=\"lazy\" decoding=\"async\" width=\"1024\" height=\"753\" src=\"https:\/\/www.leeb-balkone.com\/app\/uploads\/2022\/04\/2800pxl_DWP_3886-Kopie-1024x753.jpg\" class=\"attachment-large size-large\" alt=\"2800pxl_DWP_3886 Kopie\" srcset=\"https:\/\/www.leeb-balkone.com\/app\/uploads\/2022\/04\/2800pxl_DWP_3886-Kopie-1024x753.jpg 1024w, https:\/\/www.leeb-balkone.com\/app\/uploads\/2022\/04\/2800pxl_DWP_3886-Kopie-300x221.jpg 300w, https:\/\/www.leeb-balkone.com\/app\/uploads\/2022\/04\/2800pxl_DWP_3886-Kopie-768x564.jpg 768w, https:\/\/www.leeb-balkone.com\/app\/uploads\/2022\/04\/2800pxl_DWP_3886-Kopie-1536x1129.jpg 1536w, https:\/\/www.leeb-balkone.com\/app\/uploads\/2022\/04\/2800pxl_DWP_3886-Kopie.jpg 1868w\" sizes=\"auto, (min-width: 1200px) 1024px, (min-width: 1024px) 768px, (min-width: 640px) 768px, 768px\" \/>        <\/div>\n            <div class=\"cell b-sps__cont  small-12 medium-6 small-order-2 medium-order-1 bg--lightgray\">\n        <div class=\"b-sps__inner-cont  pdd\">\n          <h2>\u00d6sterreichs bestes Familienunternehmen<\/h2>\n<h3>Traditionsreiches Unternehmen gewinnt zum zweiten Mal den 1. Platz in K\u00e4rnten<\/h3>\n<p>Das Wirtschaftsblatt k\u00fcrt gemeinsam mit seinen Partnern BDO, Bankhaus Sp\u00e4ngler, der \u00d6sterreichischen Notariatskammer und VERO die besten Familienunternehmen \u00d6sterreichs. 2022 konnte die Firma Leeb den ersten Platz in K\u00e4rnten belegen, nachdem sie schon 2014 diese Anerkennung verliehen bekommen hat. Das traditionsreiche Unternehmen wird bereits in vierter Generation von Familie Leeb gef\u00fchrt und entwickelte sich in den letzten 110 Jahren vom kleinen S\u00e4gewerk zu Europa\u2019s gr\u00f6\u00dften Hersteller von Balkonen und Z\u00e4unen aus Aluminium.<\/p>\n\n        <\/div>\n      <\/div>\n    <\/div>\n    <\/div>\n  <\/div>\n\n\n<div class=\"b-sps l-mbxl\" id=\"\">\n    <div class=\"grid-container\">\n      <div class=\"grid-x\">\n              <div class=\"cell b-sps__img  small-12 medium-6 small-order-1 medium-order-1 \">\n          \n            <img loading=\"lazy\" decoding=\"async\" width=\"1024\" height=\"768\" src=\"https:\/\/www.leeb-balkone.com\/app\/uploads\/2022\/04\/neu_exportpreis-firma-leeb-balkone-1-1024x768.jpg\" class=\"attachment-large size-large\" alt=\"neu_exportpreis firma leeb balkone 1\" srcset=\"https:\/\/www.leeb-balkone.com\/app\/uploads\/2022\/04\/neu_exportpreis-firma-leeb-balkone-1-1024x768.jpg 1024w, https:\/\/www.leeb-balkone.com\/app\/uploads\/2022\/04\/neu_exportpreis-firma-leeb-balkone-1-300x225.jpg 300w, https:\/\/www.leeb-balkone.com\/app\/uploads\/2022\/04\/neu_exportpreis-firma-leeb-balkone-1-768x576.jpg 768w, https:\/\/www.leeb-balkone.com\/app\/uploads\/2022\/04\/neu_exportpreis-firma-leeb-balkone-1-1536x1152.jpg 1536w, https:\/\/www.leeb-balkone.com\/app\/uploads\/2022\/04\/neu_exportpreis-firma-leeb-balkone-1-2048x1536.jpg 2048w\" sizes=\"auto, (min-width: 1200px) 1024px, (min-width: 1024px) 768px, (min-width: 640px) 768px, 768px\" \/>        <\/div>\n            <div class=\"cell b-sps__cont  small-12 medium-6 small-order-2 medium-order-2 bg--lightgray\">\n        <div class=\"b-sps__inner-cont  pdd\">\n          <h2>Primus 2017<\/h2>\n<h3>1. Platz in der Kategorie \u201eGlobal\u201c<\/h3>\n<p>J\u00e4hrlich werden abwechselnd in K\u00e4rnten und der Steiermark die besten Unternehmer des Landes gek\u00fcrt. Die Kleine Zeitung, Falkensteiner, die BKS Bank, die Wirtschaftskammer K\u00e4rnten, Drei und das Land K\u00e4rnten zeichneten die hervorragenden Leistungen heimischer Unternehmer aus. Bei der Primus-Gala in Velden, am 20.04.2017, konnte die Firma Leeb Balkone den ersten Platz in der Kategorie \u201eGlobal\u201c abholen. Exportiert wird nach Deutschland, Italien und die Schweiz, wobei die gr\u00f6\u00dfte Absatzsteigerung 2016 am deutschen Markt erzielt werden konnte. Die Exportquote betr\u00e4gt konstant 60% und das, obwohl Balkone eine Anschaffung f\u00fcrs Leben sind und in der Regel nur einmal gekauft werden.<\/p>\n\n        <\/div>\n      <\/div>\n    <\/div>\n    <\/div>\n  <\/div>\n\n\n<div class=\"b-sps l-mbxl\" id=\"\">\n    <div class=\"grid-container\">\n      <div class=\"grid-x\">\n              <div class=\"cell b-sps__img  small-12 medium-6 small-order-1 medium-order-2 \">\n          \n            <img loading=\"lazy\" decoding=\"async\" width=\"1024\" height=\"681\" src=\"https:\/\/www.leeb-balkone.com\/app\/uploads\/2020\/09\/exportpreis-firma-leeb-balkone-1024x681.jpg\" class=\"attachment-large size-large\" alt=\"Exportpreis Firma Leeb Balkone\" srcset=\"https:\/\/www.leeb-balkone.com\/app\/uploads\/2020\/09\/exportpreis-firma-leeb-balkone-1024x681.jpg 1024w, https:\/\/www.leeb-balkone.com\/app\/uploads\/2020\/09\/exportpreis-firma-leeb-balkone-300x200.jpg 300w, https:\/\/www.leeb-balkone.com\/app\/uploads\/2020\/09\/exportpreis-firma-leeb-balkone-768x511.jpg 768w, https:\/\/www.leeb-balkone.com\/app\/uploads\/2020\/09\/exportpreis-firma-leeb-balkone-1536x1022.jpg 1536w, https:\/\/www.leeb-balkone.com\/app\/uploads\/2020\/09\/exportpreis-firma-leeb-balkone-2048x1363.jpg 2048w\" sizes=\"auto, (min-width: 1200px) 1024px, (min-width: 1024px) 768px, (min-width: 640px) 768px, 768px\" \/>        <\/div>\n            <div class=\"cell b-sps__cont  small-12 medium-6 small-order-2 medium-order-1 bg--lightgray\">\n        <div class=\"b-sps__inner-cont  pdd\">\n          <h2>K\u00e4rntner Exportpreis 2016<\/h2>\n<h3>Starke Leistung im Export \u2013 Gnesauer Unternehmen hat die Nase vorn<\/h3>\n<p>Bereits zum 14. Mal organisierte die Wirtschaftskammer K\u00e4rnten gemeinsam mit der Raiffeisenlandesbank und den K\u00e4rntner Raiffeisenbanken den Exporttag. H\u00f6hepunkt der Veranstaltung war die Export-Gala mit anschlie\u00dfender Verleihung des K\u00e4rntner Exportpreises. Die Firma Leeb Balkone konnte mit herausragenden Leistungen trumpfen und gewann in der Kategorie Mittelbetriebe den ersten Platz. J\u00e4hrlich werden 60% ins benachbarte Ausland exportiert. Besonders am deutschen Markt konnte sich der Balkonprofi etablieren. 90% aller exportieren Waren werden nach Deutschland geliefert.<\/p>\n\n        <\/div>\n      <\/div>\n    <\/div>\n    <\/div>\n  <\/div>\n\n\n<div class=\"b-sps l-mbxl\" id=\"\">\n    <div class=\"grid-container\">\n      <div class=\"grid-x\">\n              <div class=\"cell b-sps__img  small-12 medium-6 small-order-1 medium-order-1 \">\n          \n            <img loading=\"lazy\" decoding=\"async\" width=\"1024\" height=\"614\" src=\"https:\/\/www.leeb-balkone.com\/app\/uploads\/2020\/09\/alc-firma-leeb-balkone-1-1024x614.jpg\" class=\"attachment-large size-large\" alt=\"Austrias leading companies ausgezeichnet Firma Leeb Balkone\" srcset=\"https:\/\/www.leeb-balkone.com\/app\/uploads\/2020\/09\/alc-firma-leeb-balkone-1-1024x614.jpg 1024w, https:\/\/www.leeb-balkone.com\/app\/uploads\/2020\/09\/alc-firma-leeb-balkone-1-300x180.jpg 300w, https:\/\/www.leeb-balkone.com\/app\/uploads\/2020\/09\/alc-firma-leeb-balkone-1-768x461.jpg 768w, https:\/\/www.leeb-balkone.com\/app\/uploads\/2020\/09\/alc-firma-leeb-balkone-1-1536x922.jpg 1536w\" sizes=\"auto, (min-width: 1200px) 1024px, (min-width: 1024px) 768px, (min-width: 640px) 768px, 768px\" \/>        <\/div>\n            <div class=\"cell b-sps__cont  small-12 medium-6 small-order-2 medium-order-2 bg--lightgray\">\n        <div class=\"b-sps__inner-cont  pdd\">\n          <h2>Austria\u2019s Leading Company<\/h2>\n<h3>Leeb z\u00e4hlt zu den besten Unternehmen des Landes<\/h3>\n<p>\u201eAustrias Leading Companies\u201c, oder kurz ALC, ist ein \u00f6sterreichweiter Wirtschaftsbewerb, der vom Wirtschaftsblatt, Pricewaterhouse Coopers und dem Kreditschutzverband von 1870 ins Leben gerufen wurde. Beim Bewerb, der bereits seit 1997 allj\u00e4hrlich durchgef\u00fchrt wird, werden jeweils nur Landessieger gek\u00fcrt. Die Firma Leeb Balkone konnte sich den beliebten Preis in der Kategorie \u201eGoldener Mittelbau\u201c schon mehrmals sichern.<\/p>\n\n        <\/div>\n      <\/div>\n    <\/div>\n    <\/div>\n  <\/div>\n<\/section>\n\n\n\n\n\n\n\n<p><\/p>\n","protected":false},"excerpt":{"rendered":"","protected":false},"author":1,"featured_media":0,"parent":17329,"menu_order":4,"comment_status":"closed","ping_status":"closed","template":"template-onepager.blade.php","meta":{"_acf_changed":false,"footnotes":"","_sage_theme_css":true,"_wp_block_core_css":false},"folder":[],"class_list":["post-137314","page","type-page","status-publish","hentry"],"acf":[],"yoast_head":"<!-- This site is optimized with the Yoast SEO plugin v27.2 - https:\/\/yoast.com\/product\/yoast-seo-wordpress\/ -->\n<title>Auszeichnungen &amp; Preise \u00bb Unternehmen - Leeb Balkone \u00d6sterreich<\/title>\n<meta name=\"description\" content=\"Ausgezeichnete Leistungen Ein konsequenter Kurs, innovative Ideen, hochqualifizierte Mitarbeiter, sowie der Mut zur Ver\u00e4nderung \u2013 das ist der Schl\u00fcssel\" \/>\n<meta name=\"robots\" content=\"index, follow, max-snippet:-1, max-image-preview:large, max-video-preview:-1\" \/>\n<meta property=\"og:locale\" content=\"de_DE\" \/>\n<meta property=\"og:type\" content=\"article\" \/>\n<meta property=\"og:title\" content=\"Auszeichnungen &amp; Preise \u00bb Unternehmen - Leeb Balkone\" \/>\n<meta property=\"og:description\" content=\"Ausgezeichnete Leistungen Ein konsequenter Kurs, innovative Ideen, hochqualifizierte Mitarbeiter, sowie der Mut zur Ver\u00e4nderung \u2013 das ist der Schl\u00fcssel\" \/>\n<meta property=\"og:url\" content=\"https:\/\/www.leeb-balkone.com\/at\/ueber-leeb\/auszeichnungen\/\" \/>\n<meta property=\"og:site_name\" content=\"Leeb Balkone\" \/>\n<meta property=\"article:publisher\" content=\"https:\/\/www.facebook.com\/balkone\/\" \/>\n<meta property=\"article:modified_time\" content=\"2026-04-16T12:31:05+00:00\" \/>\n<meta property=\"og:image\" content=\"https:\/\/www.leeb-balkone.com\/app\/uploads\/2020\/09\/alu-balkongelaender-zufriedene-kunden-1.jpg\" \/>\n\t<meta property=\"og:image:width\" content=\"2560\" \/>\n\t<meta property=\"og:image:height\" content=\"1762\" \/>\n\t<meta property=\"og:image:type\" content=\"image\/jpeg\" \/>\n<meta name=\"twitter:card\" content=\"summary_large_image\" \/>\n<script type=\"application\/ld+json\" class=\"yoast-schema-graph\">{\"@context\":\"https:\/\/schema.org\",\"@graph\":[{\"@type\":\"WebPage\",\"@id\":\"https:\/\/www.leeb-balkone.com\/at\/ueber-leeb\/auszeichnungen\/\",\"url\":\"https:\/\/www.leeb-balkone.com\/at\/ueber-leeb\/auszeichnungen\/\",\"name\":\"Auszeichnungen & Preise \u00bb Unternehmen - Leeb Balkone\",\"isPartOf\":{\"@id\":\"https:\/\/www.leeb-balkone.com\/at\/#website\"},\"datePublished\":\"2020-09-23T11:41:40+00:00\",\"dateModified\":\"2026-04-16T12:31:05+00:00\",\"description\":\"Ausgezeichnete Leistungen Ein konsequenter Kurs, innovative Ideen, hochqualifizierte Mitarbeiter, sowie der Mut zur Ver\u00e4nderung \u2013 das ist der Schl\u00fcssel\",\"breadcrumb\":{\"@id\":\"https:\/\/www.leeb-balkone.com\/at\/ueber-leeb\/auszeichnungen\/#breadcrumb\"},\"inLanguage\":\"de-AT\",\"potentialAction\":[{\"@type\":\"ReadAction\",\"target\":[\"https:\/\/www.leeb-balkone.com\/at\/ueber-leeb\/auszeichnungen\/\"]}]},{\"@type\":\"BreadcrumbList\",\"@id\":\"https:\/\/www.leeb-balkone.com\/at\/ueber-leeb\/auszeichnungen\/#breadcrumb\",\"itemListElement\":[{\"@type\":\"ListItem\",\"position\":1,\"name\":\"Home\",\"item\":\"https:\/\/www.leeb-balkone.com\/at\/\"},{\"@type\":\"ListItem\",\"position\":2,\"name\":\"\u00dcber Leeb\",\"item\":\"https:\/\/www.leeb-balkone.com\/at\/ueber-leeb\/\"},{\"@type\":\"ListItem\",\"position\":3,\"name\":\"Auszeichnungen\"}]},{\"@type\":\"WebSite\",\"@id\":\"https:\/\/www.leeb-balkone.com\/at\/#website\",\"url\":\"https:\/\/www.leeb-balkone.com\/at\/\",\"name\":\"Leeb Balkone\",\"description\":\"Balkone und Z\u00e4une\",\"publisher\":{\"@id\":\"https:\/\/www.leeb-balkone.com\/at\/#organization\"},\"potentialAction\":[{\"@type\":\"SearchAction\",\"target\":{\"@type\":\"EntryPoint\",\"urlTemplate\":\"https:\/\/www.leeb-balkone.com\/at\/?s={search_term_string}\"},\"query-input\":{\"@type\":\"PropertyValueSpecification\",\"valueRequired\":true,\"valueName\":\"search_term_string\"}}],\"inLanguage\":\"de-AT\"},{\"@type\":\"Organization\",\"@id\":\"https:\/\/www.leeb-balkone.com\/at\/#organization\",\"name\":\"Leeb Balkone Gmbh\",\"url\":\"https:\/\/www.leeb-balkone.com\/at\/\",\"logo\":{\"@type\":\"ImageObject\",\"inLanguage\":\"de-AT\",\"@id\":\"https:\/\/www.leeb-balkone.com\/at\/#\/schema\/logo\/image\/\",\"url\":\"https:\/\/www.leeb-balkone.com\/app\/uploads\/2020\/11\/leeb-logo.svg\",\"contentUrl\":\"https:\/\/www.leeb-balkone.com\/app\/uploads\/2020\/11\/leeb-logo.svg\",\"width\":741,\"height\":204,\"caption\":\"Leeb Balkone Gmbh\"},\"image\":{\"@id\":\"https:\/\/www.leeb-balkone.com\/at\/#\/schema\/logo\/image\/\"},\"sameAs\":[\"https:\/\/www.facebook.com\/balkone\/\",\"https:\/\/www.trustedshops.at\/bewertung\/info_X4587CCF5833E31AFE0B11F47D86999F2.html\",\"https:\/\/www.trustedshops.de\/bewertung\/info_X7BA536A7A0BDC86D36C4718E4DCAEEEF.html\",\"https:\/\/www.google.com\/maps\/place\/?q=place_id:ChIJ5-zH19-IcEcR9HonWRTllHI\"]}]}<\/script>\n<!-- \/ Yoast SEO plugin. -->","yoast_head_json":{"title":"Auszeichnungen & Preise \u00bb Unternehmen - Leeb Balkone \u00d6sterreich","description":"Ausgezeichnete Leistungen Ein konsequenter Kurs, innovative Ideen, hochqualifizierte Mitarbeiter, sowie der Mut zur Ver\u00e4nderung \u2013 das ist der Schl\u00fcssel","robots":{"index":"index","follow":"follow","max-snippet":"max-snippet:-1","max-image-preview":"max-image-preview:large","max-video-preview":"max-video-preview:-1"},"og_locale":"de_DE","og_type":"article","og_title":"Auszeichnungen & Preise \u00bb Unternehmen - Leeb Balkone","og_description":"Ausgezeichnete Leistungen Ein konsequenter Kurs, innovative Ideen, hochqualifizierte Mitarbeiter, sowie der Mut zur Ver\u00e4nderung \u2013 das ist der Schl\u00fcssel","og_url":"https:\/\/www.leeb-balkone.com\/at\/ueber-leeb\/auszeichnungen\/","og_site_name":"Leeb Balkone","article_publisher":"https:\/\/www.facebook.com\/balkone\/","article_modified_time":"2026-04-16T12:31:05+00:00","og_image":[{"width":2560,"height":1762,"url":"https:\/\/www.leeb-balkone.com\/app\/uploads\/2020\/09\/alu-balkongelaender-zufriedene-kunden-1.jpg","type":"image\/jpeg"}],"twitter_card":"summary_large_image","schema":{"@context":"https:\/\/schema.org","@graph":[{"@type":"WebPage","@id":"https:\/\/www.leeb-balkone.com\/at\/ueber-leeb\/auszeichnungen\/","url":"https:\/\/www.leeb-balkone.com\/at\/ueber-leeb\/auszeichnungen\/","name":"Auszeichnungen & Preise \u00bb Unternehmen - Leeb Balkone","isPartOf":{"@id":"https:\/\/www.leeb-balkone.com\/at\/#website"},"datePublished":"2020-09-23T11:41:40+00:00","dateModified":"2026-04-16T12:31:05+00:00","description":"Ausgezeichnete Leistungen Ein konsequenter Kurs, innovative Ideen, hochqualifizierte Mitarbeiter, sowie der Mut zur Ver\u00e4nderung \u2013 das ist der Schl\u00fcssel","breadcrumb":{"@id":"https:\/\/www.leeb-balkone.com\/at\/ueber-leeb\/auszeichnungen\/#breadcrumb"},"inLanguage":"de-AT","potentialAction":[{"@type":"ReadAction","target":["https:\/\/www.leeb-balkone.com\/at\/ueber-leeb\/auszeichnungen\/"]}]},{"@type":"BreadcrumbList","@id":"https:\/\/www.leeb-balkone.com\/at\/ueber-leeb\/auszeichnungen\/#breadcrumb","itemListElement":[{"@type":"ListItem","position":1,"name":"Home","item":"https:\/\/www.leeb-balkone.com\/at\/"},{"@type":"ListItem","position":2,"name":"\u00dcber Leeb","item":"https:\/\/www.leeb-balkone.com\/at\/ueber-leeb\/"},{"@type":"ListItem","position":3,"name":"Auszeichnungen"}]},{"@type":"WebSite","@id":"https:\/\/www.leeb-balkone.com\/at\/#website","url":"https:\/\/www.leeb-balkone.com\/at\/","name":"Leeb Balkone","description":"Balkone und Z\u00e4une","publisher":{"@id":"https:\/\/www.leeb-balkone.com\/at\/#organization"},"potentialAction":[{"@type":"SearchAction","target":{"@type":"EntryPoint","urlTemplate":"https:\/\/www.leeb-balkone.com\/at\/?s={search_term_string}"},"query-input":{"@type":"PropertyValueSpecification","valueRequired":true,"valueName":"search_term_string"}}],"inLanguage":"de-AT"},{"@type":"Organization","@id":"https:\/\/www.leeb-balkone.com\/at\/#organization","name":"Leeb Balkone Gmbh","url":"https:\/\/www.leeb-balkone.com\/at\/","logo":{"@type":"ImageObject","inLanguage":"de-AT","@id":"https:\/\/www.leeb-balkone.com\/at\/#\/schema\/logo\/image\/","url":"https:\/\/www.leeb-balkone.com\/app\/uploads\/2020\/11\/leeb-logo.svg","contentUrl":"https:\/\/www.leeb-balkone.com\/app\/uploads\/2020\/11\/leeb-logo.svg","width":741,"height":204,"caption":"Leeb Balkone Gmbh"},"image":{"@id":"https:\/\/www.leeb-balkone.com\/at\/#\/schema\/logo\/image\/"},"sameAs":["https:\/\/www.facebook.com\/balkone\/","https:\/\/www.trustedshops.at\/bewertung\/info_X4587CCF5833E31AFE0B11F47D86999F2.html","https:\/\/www.trustedshops.de\/bewertung\/info_X7BA536A7A0BDC86D36C4718E4DCAEEEF.html","https:\/\/www.google.com\/maps\/place\/?q=place_id:ChIJ5-zH19-IcEcR9HonWRTllHI"]}]}},"_links":{"self":[{"href":"https:\/\/www.leeb-balkone.com\/at\/wp-json\/wp\/v2\/pages\/137314","targetHints":{"allow":["GET"]}}],"collection":[{"href":"https:\/\/www.leeb-balkone.com\/at\/wp-json\/wp\/v2\/pages"}],"about":[{"href":"https:\/\/www.leeb-balkone.com\/at\/wp-json\/wp\/v2\/types\/page"}],"author":[{"embeddable":true,"href":"https:\/\/www.leeb-balkone.com\/at\/wp-json\/wp\/v2\/users\/1"}],"replies":[{"embeddable":true,"href":"https:\/\/www.leeb-balkone.com\/at\/wp-json\/wp\/v2\/comments?post=137314"}],"version-history":[{"count":10,"href":"https:\/\/www.leeb-balkone.com\/at\/wp-json\/wp\/v2\/pages\/137314\/revisions"}],"predecessor-version":[{"id":167879,"href":"https:\/\/www.leeb-balkone.com\/at\/wp-json\/wp\/v2\/pages\/137314\/revisions\/167879"}],"up":[{"embeddable":true,"href":"https:\/\/www.leeb-balkone.com\/at\/wp-json\/wp\/v2\/pages\/17329"}],"wp:attachment":[{"href":"https:\/\/www.leeb-balkone.com\/at\/wp-json\/wp\/v2\/media?parent=137314"}],"wp:term":[{"taxonomy":"folder","embeddable":true,"href":"https:\/\/www.leeb-balkone.com\/at\/wp-json\/wp\/v2\/folder?post=137314"}],"curies":[{"name":"wp","href":"https:\/\/api.w.org\/{rel}","templated":true}]}}